{"id":142686,"date":"2025-12-29T11:54:34","date_gmt":"2025-12-29T10:54:34","guid":{"rendered":"https:\/\/www.hautes-alpes.net\/?page_id=142686"},"modified":"2026-01-05T15:28:30","modified_gmt":"2026-01-05T14:28:30","slug":"grand-tour-van-de-ecrins-2","status":"publish","type":"page","link":"https:\/\/www.hautes-alpes.net\/nl\/ontsnapt-aan\/grand-tour-van-de-ecrins-2\/","title":{"rendered":"Clar\u00e9e skitocht"},"content":{"rendered":"\n<div class=\"wp-block-group alignfull hero-banner-cover-float has-global-padding is-layout-constrained wp-block-group-is-layout-constrained\"><div class=\"yoast-breadcrumbs\"><span><span><a href=\"https:\/\/www.hautes-alpes.net\/nl\/hautes-alpes\/\">Accueil<\/a><\/span>  <span><a href=\"https:\/\/www.hautes-alpes.net\/nl\/ontsnapt-aan\/\">Ontsnapt aan<\/a><\/span>  <span><a href=\"https:\/\/www.hautes-alpes.net\/nl\/ontsnapt-aan\/\">Ontsnapt aan<\/a><\/span>  <span class=\"breadcrumb_last\" aria-current=\"page\">Clar\u00e9e skitocht<\/span><\/span><\/div>\n\n\n<h1 class=\"wp-block-ws-library-post-title\"><span class=\"text-highlight\">Clar\u00e9e<\/span> skitocht<\/h1>\n\n\n\n<p class=\"subtitle\">Een toerskireis<\/p>\n\n\n\n<p>Ontdek in het hart van de winter de wilde Clar\u00e9e-vallei met haar fauna, flora en prachtige landschappen. Onderweg verwelkomen berghutten je voor een warme en gezellige pauze. <\/p>\n\n\n\n<div class=\"wp-block-ws-library-media-embed ws-media-embed\"><img decoding=\"async\" src=\"https:\/\/www.hautes-alpes.net\/wp-content\/uploads\/2025\/12\/refuge-du-gole-on-et-pic-du-gole-on-42-1600x1000.jpg\" alt=\"\" class=\"ws-media-embed__image\" style=\"aspect-ratio:2000\/1000\"><\/div>\n<\/div>\n\n<div style=\"height:50px\" aria-hidden=\"true\" class=\"wp-block-spacer\"><\/div>\n\n<div class=\"wp-block-group alignfull step-by-step has-global-padding is-layout-constrained wp-block-group-is-layout-constrained\">\n<div class=\"wp-block-ws-library-ws-columns alignwide has-2-columns are-vertically-aligned-center layout-5050\">\n<div class=\"wp-block-ws-library-ws-column\"><div class=\"wrapper\">\n<h2 class=\"wp-block-heading\"><em>Dag 1<\/em><strong>N\u00e9vache \u2192 Refuge Buff\u00e8re<\/strong><\/h2>\n\n\n\n<p>Vanuit N\u00e9vache glijd je zachtjes over de nog slaperige vallei. De daken verdwijnen geleidelijk achter de met sneeuw bedekte lariksen. De klim is gestaag, ideaal om je ritme te vinden en de winterse sfeer op te snuiven. De vallei vervaagt, wit en stil. Bij aankomst steekt de refuge Buff\u00e8re af tegen de sneeuw, met uitzicht op de bergtoppen. Je eerste nacht op hoogte is rustig, onderbroken door de heldere kou en het licht van de zuivere hemel van de Hautes-Alpes.     <\/p>\n<\/div><\/div>\n\n\n\n<div class=\"wp-block-ws-library-ws-column\"><div class=\"wrapper\">\n<div class=\"wp-block-ws-library-ws-image\"><div class=\"wrapper\"><div class=\"group-media\"><img decoding=\"async\" src=\"https:\/\/www.hautes-alpes.net\/wp-content\/uploads\/2025\/12\/jour-1-refuge-buffere-cedric-tempier-23-1240x800.jpg\" alt=\"\" class=\"single_image ws-image-142769\"><div class=\"credits\">C. Tempier - AD05<\/div><\/div><p class=\"caption\"><\/p><\/div><\/div>\n<\/div><\/div>\n<\/div>\n\n\n\n<div class=\"wp-block-ws-library-ws-columns alignwide has-2-columns are-vertically-aligned-center layout-5050\">\n<div class=\"wp-block-ws-library-ws-column\"><div class=\"wrapper\">\n<h2 class=\"wp-block-heading\"><em>Dag 2<\/em><strong>Refuge Buff\u00e8re \u2192 Refuge du Chardonnet<\/strong><\/h2>\n\n\n\n<p>De route begint in een hooggebergte. De hellingen zijn wijd open, tussen smetteloze coombs en meer uitgesproken reli\u00ebf. De sneeuw geeft het landschap vorm en verzacht de vormen, terwijl de stilte bijna totaal wordt. De route loopt door wildernis, waar elk spoor telt. Uiteindelijk duikt het toevluchtsoord van Chardonnet op, aan de rand van het bos en de alpenweiden, aan de voet van de kalksteenrotsen van de Cerces.    <\/p>\n<\/div><\/div>\n\n\n\n<div class=\"wp-block-ws-library-ws-column\"><div class=\"wrapper\">\n<div class=\"wp-block-ws-library-ws-image\"><div class=\"wrapper\"><div class=\"group-media\"><img decoding=\"async\" src=\"https:\/\/www.hautes-alpes.net\/wp-content\/uploads\/2025\/12\/2s2a9774-1240x800.jpg\" alt=\"\" class=\"single_image ws-image-142790\"><div class=\"credits\">P. Domeyne - AD05<\/div><\/div><p class=\"caption\"><\/p><\/div><\/div>\n<\/div><\/div>\n<\/div>\n\n\n\n<div class=\"wp-block-ws-library-ws-columns alignwide has-2-columns are-vertically-aligned-center layout-5050\">\n<div class=\"wp-block-ws-library-ws-column\"><div class=\"wrapper\">\n<h2 class=\"wp-block-heading\"><em>Dag 3<\/em><strong>Refuge du Chardonnet \u2192<\/strong> <strong>Refuge Ricou<\/strong><\/h2>\n\n\n\n<p>Deze dag bestaat uit afwisselend lichte afdalingen en lichte beklimmingen. De ski&#8217;s glijden door open valleien, soms begrensd door besneeuwde rotsen. Het licht verandert met de uren en onthult witte en blauwe tinten. We dalen af naar de berghut Ricou met uitzicht op de Clar\u00e9e-vallei. De hellingen worden breder en de alpenweiden verschijnen weer onder de sneeuw.    <\/p>\n<\/div><\/div>\n\n\n\n<div class=\"wp-block-ws-library-ws-column\"><div class=\"wrapper\">\n<div class=\"wp-block-ws-library-ws-image\"><div class=\"wrapper\"><div class=\"group-media\"><img decoding=\"async\" src=\"https:\/\/www.hautes-alpes.net\/wp-content\/uploads\/2025\/12\/tblais-ski-rando-buffere-1240x800.jpg\" alt=\"\" class=\"single_image ws-image-142773\"><div class=\"credits\">T. Blais<\/div><\/div><p class=\"caption\"><\/p><\/div><\/div>\n<\/div><\/div>\n<\/div>\n\n\n\n<div class=\"wp-block-ws-library-ws-columns alignwide has-2-columns are-vertically-aligned-center layout-5050\">\n<div class=\"wp-block-ws-library-ws-column\"><div class=\"wrapper\">\n<h2 class=\"wp-block-heading\"><em>Dag 4<br\/><\/em><strong>Refuge Ricou \u2192 Refuge I Re Magi<\/strong><\/h2>\n\n\n\n<p>De route klimt geleidelijk naar de Italiaanse grens. De sfeer is weids en helder, met uitgestrekte open vlaktes die perfect zijn om te ski\u00ebn. Je kunt ver vooruit kijken, tussen afgeronde pieken en meer assertieve bergkammen. De overgang naar Itali\u00eb is natuurlijk en naadloos, eenvoudigweg geleid door het terrein en de sneeuw. Het I Re Magi toevluchtsoord, warm en gastvrij, markeert een verfrissende verandering van omgeving, waar de bergen centraal staan.    <\/p>\n<\/div><\/div>\n\n\n\n<div class=\"wp-block-ws-library-ws-column\"><div class=\"wrapper\">\n<div class=\"wp-block-ws-library-ws-image\"><div class=\"wrapper\"><div class=\"group-media\"><img decoding=\"async\" src=\"https:\/\/www.hautes-alpes.net\/wp-content\/uploads\/2025\/12\/randonne-e-col-des-beraudes-et-chardonnet-2-1240x800.jpg\" alt=\"\" class=\"single_image ws-image-142772\"><div class=\"credits\">T. Blais<\/div><\/div><p class=\"caption\"><\/p><\/div><\/div>\n<\/div><\/div>\n<\/div>\n\n\n\n<div class=\"wp-block-ws-library-ws-columns alignwide has-2-columns are-vertically-aligned-center layout-5050\">\n<div class=\"wp-block-ws-library-ws-column\"><div class=\"wrapper\">\n<h2 class=\"wp-block-heading\"><em>Dag 5<br\/><\/em><strong>Refuge I Re Magi \u2192 N\u00e9vache<\/strong><\/h2>\n\n\n\n<p>De laatste etappe is een rustige terugweg naar N\u00e9vache. De valleien bieden enkele mooie afdalingen, voordat we geleidelijk terugkeren naar de lariksbossen. De Clar\u00e9e-vallei nadert, zo vredig als altijd onder haar witte jas. We glijden nog een laatste keer naar beneden in deze ongerepte winterse omgeving. De finish in N\u00e9vache sluit de tocht af en laat je achter met de indruk van een eenvoudige maar diepgaande reis door de besneeuwde Hautes-Alpes.    <\/p>\n<\/div><\/div>\n\n\n\n<div class=\"wp-block-ws-library-ws-column\"><div class=\"wrapper\">\n<div class=\"wp-block-ws-library-ws-image\"><div class=\"wrapper\"><div class=\"group-media\"><img decoding=\"async\" src=\"https:\/\/www.hautes-alpes.net\/wp-content\/uploads\/2025\/12\/jour-1-refuge-buffere-cedric-tempier-2-2-1240x800.jpg\" alt=\"\" class=\"single_image ws-image-145387\"><div class=\"credits\">C. Tempier - AD05<\/div><\/div><p class=\"caption\"><\/p><\/div><\/div>\n<\/div><\/div>\n<\/div>\n<\/div>\n\n<div style=\"height:50px\" aria-hidden=\"true\" class=\"wp-block-spacer\"><\/div>\n<div class=\"wp-block-ws-library-ws-last-document\"><div class=\"card card-document ws-last-document\"><div class=\"group-content\"><div class=\"field-title\"><h3>Gids voor toevluchtsoorden<\/h3><\/div><div class=\"group-details\"><\/div><\/div><\/div><\/div>\n<h2 class=\"wp-block-heading is-style-title-1\"><strong>Praktisch<\/strong> notitieboek<\/h2>\n\n<div class=\"wp-block-ws-library-ws-tabs alignfull\"><ul class=\"tabs-titles\"><li class=\"tab-title is-active\" data-tab-index=\"0\">Voorbereiden<\/li><li class=\"tab-title\" data-tab-index=\"1\">Essenti\u00eble nummers<\/li><li class=\"tab-title\" data-tab-index=\"2\">Handige apps<\/li><\/ul><div class=\"tabs-list\">\n<div class=\"wp-block-ws-library-ws-tab\" style=\"display:none\"><p class=\"tab-title\">Voorbereiden<\/p><div class=\"tab-content\">\n<div class=\"wp-block-group tab-row is-nowrap is-layout-flex wp-container-core-group-is-layout-6c531013 wp-block-group-is-layout-flex\">\n<div class=\"wp-block-group tab-group-content is-layout-flow wp-block-group-is-layout-flow\">\n<p>Skitochten in de Hautes-Alpes vereisen een zorgvuldige voorbereiding. Het is essentieel om voor vertrek informatie in te winnen over de route, de weersomstandigheden en het lawinegevaar, en om de route aan te passen aan het niveau van de groep.   <\/p>\n\n\n\n<p>Elke deelnemer moet beschikken over de nodige veiligheidsuitrusting (lawinepieper, schep, sonde), weten hoe ze die moeten gebruiken en voortdurend waakzaam zijn in het veld. Inspanningsmanagement, het respecteren van tijdschema&#8217;s en het vermogen om op te geven of de route aan te passen in geval van ongunstige omstandigheden zijn essenti\u00eble regels voor een verantwoordelijke en serene bergsport. <\/p>\n<\/div>\n<\/div>\n<\/div><\/div>\n\n\n\n<div class=\"wp-block-ws-library-ws-tab\" style=\"display:none\"><p class=\"tab-title\">Essenti\u00eble nummers<\/p><div class=\"tab-content\">\n<div class=\"wp-block-group tab-row is-nowrap is-layout-flex wp-container-core-group-is-layout-6c531013 wp-block-group-is-layout-flex\">\n<div class=\"wp-block-group tab-group-content is-layout-flow wp-block-group-is-layout-flow\">\n<p class=\"is-style-highlighted\"><strong>112 <\/strong>: het magische nummer, geldig in heel Europa, voor noodgevallen.<br\/><strong>15: <\/strong> SAMU (voor ernstige medische noodgevallen).<br\/><strong>18<\/strong>: brandweer (voor branden en ongelukken).<br\/><strong>17<\/strong>: gendarmerie (voor veiligheidskwesties of vermiste personen).<br\/><strong>114<\/strong>: sms-noodnummer, als je niet kunt spreken.<\/p>\n<\/div>\n<\/div>\n<\/div><\/div>\n\n\n\n<div class=\"wp-block-ws-library-ws-tab\" style=\"display:none\"><p class=\"tab-title\">Handige apps<\/p><div class=\"tab-content\">\n<div class=\"wp-block-group tab-row is-nowrap is-layout-flex wp-container-core-group-is-layout-6c531013 wp-block-group-is-layout-flex\">\n<div class=\"wp-block-group tab-group-content is-layout-flow wp-block-group-is-layout-flow\">\n<ul class=\"wp-block-list\">\n<li><strong><a href=\"https:\/\/outdoorvision.fr\/\" target=\"_blank\" rel=\"noreferrer noopener\">Outdoorvision<\/a><\/strong><br\/>Het lijkt een beetje op een GPS voor sporters&#8230; maar het is handig voor iedereen. De gegevens van je uitstapjes (wandelingen, trails, mountainbiken) worden anoniem verzameld zodat we beter begrijpen wat je doet en onze routes kunnen verbeteren. Je rent. Ze analyseren. Het is een win-winsituatie.<\/li>\n\n\n\n<li><a href=\"https:\/\/sentinelles.sportsdenature.fr\/\" target=\"_blank\" rel=\"noreferrer noopener\">Suricate<\/a><br\/>Een nest oplossingen voor kleine problemen in het veld. Een ontbrekend bord, een geblokkeerd pad, onduidelijke bewegwijzering? E\u00e9n klik op de Suricate app en de informatie wordt direct naar de managers gestuurd. Minder gemopper, meer schone paden.<\/li>\n<\/ul>\n<\/div>\n<\/div>\n<\/div><\/div>\n<\/div><\/div>\n\n<div class=\"wp-block-ws-library-ws-share\"><span class=\"share-subtitle\">Vond je deze pagina leuk?<\/span><span class=\"share-title\">Deel het!<\/span><button class=\"ws-share-button wp-element-button\">Deel deze pagina<\/button><\/div>\n","protected":false},"excerpt":{"rendered":"<p>Een toerskireis Ontdek in het hart van de winter de wilde Clar\u00e9e-vallei met haar fauna, flora en prachtige landschappen. Onderweg [&hellip;]<\/p>\n","protected":false},"author":5,"featured_media":0,"parent":107911,"menu_order":0,"comment_status":"closed","ping_status":"closed","template":"","meta":{"is_dark_mode":false,"footnotes":""},"page_label":[],"class_list":["post-142686","page","type-page","status-publish","hentry"],"yoast_head":"<!-- This site is optimized with the Yoast SEO plugin v27.2 - https:\/\/yoast.com\/product\/yoast-seo-wordpress\/ -->\n<title>Clar\u00e9e skitocht - Hautes-Alpes<\/title>\n<meta name=\"description\" content=\"Clar\u00e9e skitocht Een toerskireis Ontdek in het hart van de winter de wilde Clar\u00e9e-vallei met haar fauna, flora en prachtige landschappen. Onderweg\" \/>\n<meta name=\"robots\" content=\"index, follow, max-snippet:-1, max-image-preview:large, max-video-preview:-1\" \/>\n<link rel=\"canonical\" href=\"https:\/\/www.hautes-alpes.net\/nl\/ontsnapt-aan\/grand-tour-van-de-ecrins-2\/\" \/>\n<meta property=\"og:locale\" content=\"nl_NL\" \/>\n<meta property=\"og:type\" content=\"article\" \/>\n<meta property=\"og:title\" content=\"Clar\u00e9e skitocht - Hautes-Alpes\" \/>\n<meta property=\"og:description\" content=\"Clar\u00e9e skitocht Een toerskireis Ontdek in het hart van de winter de wilde Clar\u00e9e-vallei met haar fauna, flora en prachtige landschappen. Onderweg\" \/>\n<meta property=\"og:url\" content=\"https:\/\/www.hautes-alpes.net\/nl\/ontsnapt-aan\/grand-tour-van-de-ecrins-2\/\" \/>\n<meta property=\"og:site_name\" content=\"Hautes-Alpes\" \/>\n<meta property=\"article:modified_time\" content=\"2026-01-05T14:28:30+00:00\" \/>\n<meta property=\"og:image\" content=\"https:\/\/www.hautes-alpes.net\/wp-content\/uploads\/2025\/12\/refuge-du-gole-on-et-pic-du-gole-on-42-1600x1000.jpg\" \/>\n<meta name=\"twitter:card\" content=\"summary_large_image\" \/>\n<meta name=\"twitter:label1\" content=\"Geschatte leestijd\" \/>\n\t<meta name=\"twitter:data1\" content=\"3 minuten\" \/>\n<script type=\"application\/ld+json\" class=\"yoast-schema-graph\">{\"@context\":\"https:\/\/schema.org\",\"@graph\":[{\"@type\":\"WebPage\",\"@id\":\"https:\/\/www.hautes-alpes.net\/nl\/ontsnapt-aan\/grand-tour-van-de-ecrins-2\/\",\"url\":\"https:\/\/www.hautes-alpes.net\/nl\/ontsnapt-aan\/grand-tour-van-de-ecrins-2\/\",\"name\":\"Clar\u00e9e skitocht - Hautes-Alpes\",\"isPartOf\":{\"@id\":\"https:\/\/www.hautes-alpes.net\/nl\/#website\"},\"primaryImageOfPage\":{\"@id\":\"https:\/\/www.hautes-alpes.net\/nl\/ontsnapt-aan\/grand-tour-van-de-ecrins-2\/#primaryimage\"},\"image\":{\"@id\":\"https:\/\/www.hautes-alpes.net\/nl\/ontsnapt-aan\/grand-tour-van-de-ecrins-2\/#primaryimage\"},\"thumbnailUrl\":\"https:\/\/www.hautes-alpes.net\/wp-content\/uploads\/2025\/12\/refuge-du-gole-on-et-pic-du-gole-on-42-1600x1000.jpg\",\"datePublished\":\"2025-12-29T10:54:34+00:00\",\"dateModified\":\"2026-01-05T14:28:30+00:00\",\"description\":\"Clar\u00e9e skitocht Een toerskireis Ontdek in het hart van de winter de wilde Clar\u00e9e-vallei met haar fauna, flora en prachtige landschappen. Onderweg\",\"breadcrumb\":{\"@id\":\"https:\/\/www.hautes-alpes.net\/nl\/ontsnapt-aan\/grand-tour-van-de-ecrins-2\/#breadcrumb\"},\"inLanguage\":\"nl-NL\",\"potentialAction\":[{\"@type\":\"ReadAction\",\"target\":[\"https:\/\/www.hautes-alpes.net\/nl\/ontsnapt-aan\/grand-tour-van-de-ecrins-2\/\"]}]},{\"@type\":\"ImageObject\",\"inLanguage\":\"nl-NL\",\"@id\":\"https:\/\/www.hautes-alpes.net\/nl\/ontsnapt-aan\/grand-tour-van-de-ecrins-2\/#primaryimage\",\"url\":\"https:\/\/www.hautes-alpes.net\/wp-content\/uploads\/2025\/12\/refuge-du-gole-on-et-pic-du-gole-on-42-1600x1000.jpg\",\"contentUrl\":\"https:\/\/www.hautes-alpes.net\/wp-content\/uploads\/2025\/12\/refuge-du-gole-on-et-pic-du-gole-on-42-1600x1000.jpg\"},{\"@type\":\"BreadcrumbList\",\"@id\":\"https:\/\/www.hautes-alpes.net\/nl\/ontsnapt-aan\/grand-tour-van-de-ecrins-2\/#breadcrumb\",\"itemListElement\":[{\"@type\":\"ListItem\",\"position\":1,\"name\":\"Accueil\",\"item\":\"https:\/\/www.hautes-alpes.net\/nl\/hautes-alpes\/\"},{\"@type\":\"ListItem\",\"position\":2,\"name\":\"Ontsnapt aan\",\"item\":\"https:\/\/www.hautes-alpes.net\/nl\/ontsnapt-aan\/\"},{\"@type\":\"ListItem\",\"position\":3,\"name\":\"Ontsnapt aan\",\"item\":\"https:\/\/www.hautes-alpes.net\/nl\/ontsnapt-aan\/\"},{\"@type\":\"ListItem\",\"position\":4,\"name\":\"Clar\u00e9e skitocht\"}]},{\"@type\":\"WebSite\",\"@id\":\"https:\/\/www.hautes-alpes.net\/nl\/#website\",\"url\":\"https:\/\/www.hautes-alpes.net\/nl\/\",\"name\":\"ADDET\",\"description\":\"\",\"publisher\":{\"@id\":\"https:\/\/www.hautes-alpes.net\/nl\/#organization\"},\"potentialAction\":[{\"@type\":\"SearchAction\",\"target\":{\"@type\":\"EntryPoint\",\"urlTemplate\":\"https:\/\/www.hautes-alpes.net\/nl\/?s={search_term_string}\"},\"query-input\":{\"@type\":\"PropertyValueSpecification\",\"valueRequired\":true,\"valueName\":\"search_term_string\"}}],\"inLanguage\":\"nl-NL\"},{\"@type\":\"Organization\",\"@id\":\"https:\/\/www.hautes-alpes.net\/nl\/#organization\",\"name\":\"Agence D\u00e9partementale de D\u00e9veloppement Economique et Touristique des Hautes-Alpes\",\"url\":\"https:\/\/www.hautes-alpes.net\/nl\/\",\"logo\":{\"@type\":\"ImageObject\",\"inLanguage\":\"nl-NL\",\"@id\":\"https:\/\/www.hautes-alpes.net\/nl\/#\/schema\/logo\/image\/\",\"url\":\"https:\/\/www.hautes-alpes.net\/wp-content\/uploads\/2026\/01\/black-logo-2.svg\",\"contentUrl\":\"https:\/\/www.hautes-alpes.net\/wp-content\/uploads\/2026\/01\/black-logo-2.svg\",\"caption\":\"Agence D\u00e9partementale de D\u00e9veloppement Economique et Touristique des Hautes-Alpes\"},\"image\":{\"@id\":\"https:\/\/www.hautes-alpes.net\/nl\/#\/schema\/logo\/image\/\"}}]}<\/script>\n<!-- \/ Yoast SEO plugin. -->","yoast_head_json":{"title":"Clar\u00e9e skitocht - Hautes-Alpes","description":"Clar\u00e9e skitocht Een toerskireis Ontdek in het hart van de winter de wilde Clar\u00e9e-vallei met haar fauna, flora en prachtige landschappen. Onderweg","robots":{"index":"index","follow":"follow","max-snippet":"max-snippet:-1","max-image-preview":"max-image-preview:large","max-video-preview":"max-video-preview:-1"},"canonical":"https:\/\/www.hautes-alpes.net\/nl\/ontsnapt-aan\/grand-tour-van-de-ecrins-2\/","og_locale":"nl_NL","og_type":"article","og_title":"Clar\u00e9e skitocht - Hautes-Alpes","og_description":"Clar\u00e9e skitocht Een toerskireis Ontdek in het hart van de winter de wilde Clar\u00e9e-vallei met haar fauna, flora en prachtige landschappen. Onderweg","og_url":"https:\/\/www.hautes-alpes.net\/nl\/ontsnapt-aan\/grand-tour-van-de-ecrins-2\/","og_site_name":"Hautes-Alpes","article_modified_time":"2026-01-05T14:28:30+00:00","og_image":[{"url":"https:\/\/www.hautes-alpes.net\/wp-content\/uploads\/2025\/12\/refuge-du-gole-on-et-pic-du-gole-on-42-1600x1000.jpg","type":"","width":"","height":""}],"twitter_card":"summary_large_image","twitter_misc":{"Geschatte leestijd":"3 minuten"},"schema":{"@context":"https:\/\/schema.org","@graph":[{"@type":"WebPage","@id":"https:\/\/www.hautes-alpes.net\/nl\/ontsnapt-aan\/grand-tour-van-de-ecrins-2\/","url":"https:\/\/www.hautes-alpes.net\/nl\/ontsnapt-aan\/grand-tour-van-de-ecrins-2\/","name":"Clar\u00e9e skitocht - Hautes-Alpes","isPartOf":{"@id":"https:\/\/www.hautes-alpes.net\/nl\/#website"},"primaryImageOfPage":{"@id":"https:\/\/www.hautes-alpes.net\/nl\/ontsnapt-aan\/grand-tour-van-de-ecrins-2\/#primaryimage"},"image":{"@id":"https:\/\/www.hautes-alpes.net\/nl\/ontsnapt-aan\/grand-tour-van-de-ecrins-2\/#primaryimage"},"thumbnailUrl":"https:\/\/www.hautes-alpes.net\/wp-content\/uploads\/2025\/12\/refuge-du-gole-on-et-pic-du-gole-on-42-1600x1000.jpg","datePublished":"2025-12-29T10:54:34+00:00","dateModified":"2026-01-05T14:28:30+00:00","description":"Clar\u00e9e skitocht Een toerskireis Ontdek in het hart van de winter de wilde Clar\u00e9e-vallei met haar fauna, flora en prachtige landschappen. Onderweg","breadcrumb":{"@id":"https:\/\/www.hautes-alpes.net\/nl\/ontsnapt-aan\/grand-tour-van-de-ecrins-2\/#breadcrumb"},"inLanguage":"nl-NL","potentialAction":[{"@type":"ReadAction","target":["https:\/\/www.hautes-alpes.net\/nl\/ontsnapt-aan\/grand-tour-van-de-ecrins-2\/"]}]},{"@type":"ImageObject","inLanguage":"nl-NL","@id":"https:\/\/www.hautes-alpes.net\/nl\/ontsnapt-aan\/grand-tour-van-de-ecrins-2\/#primaryimage","url":"https:\/\/www.hautes-alpes.net\/wp-content\/uploads\/2025\/12\/refuge-du-gole-on-et-pic-du-gole-on-42-1600x1000.jpg","contentUrl":"https:\/\/www.hautes-alpes.net\/wp-content\/uploads\/2025\/12\/refuge-du-gole-on-et-pic-du-gole-on-42-1600x1000.jpg"},{"@type":"BreadcrumbList","@id":"https:\/\/www.hautes-alpes.net\/nl\/ontsnapt-aan\/grand-tour-van-de-ecrins-2\/#breadcrumb","itemListElement":[{"@type":"ListItem","position":1,"name":"Accueil","item":"https:\/\/www.hautes-alpes.net\/nl\/hautes-alpes\/"},{"@type":"ListItem","position":2,"name":"Ontsnapt aan","item":"https:\/\/www.hautes-alpes.net\/nl\/ontsnapt-aan\/"},{"@type":"ListItem","position":3,"name":"Ontsnapt aan","item":"https:\/\/www.hautes-alpes.net\/nl\/ontsnapt-aan\/"},{"@type":"ListItem","position":4,"name":"Clar\u00e9e skitocht"}]},{"@type":"WebSite","@id":"https:\/\/www.hautes-alpes.net\/nl\/#website","url":"https:\/\/www.hautes-alpes.net\/nl\/","name":"ADDET","description":"","publisher":{"@id":"https:\/\/www.hautes-alpes.net\/nl\/#organization"},"potentialAction":[{"@type":"SearchAction","target":{"@type":"EntryPoint","urlTemplate":"https:\/\/www.hautes-alpes.net\/nl\/?s={search_term_string}"},"query-input":{"@type":"PropertyValueSpecification","valueRequired":true,"valueName":"search_term_string"}}],"inLanguage":"nl-NL"},{"@type":"Organization","@id":"https:\/\/www.hautes-alpes.net\/nl\/#organization","name":"Agence D\u00e9partementale de D\u00e9veloppement Economique et Touristique des Hautes-Alpes","url":"https:\/\/www.hautes-alpes.net\/nl\/","logo":{"@type":"ImageObject","inLanguage":"nl-NL","@id":"https:\/\/www.hautes-alpes.net\/nl\/#\/schema\/logo\/image\/","url":"https:\/\/www.hautes-alpes.net\/wp-content\/uploads\/2026\/01\/black-logo-2.svg","contentUrl":"https:\/\/www.hautes-alpes.net\/wp-content\/uploads\/2026\/01\/black-logo-2.svg","caption":"Agence D\u00e9partementale de D\u00e9veloppement Economique et Touristique des Hautes-Alpes"},"image":{"@id":"https:\/\/www.hautes-alpes.net\/nl\/#\/schema\/logo\/image\/"}}]}},"_links":{"self":[{"href":"https:\/\/www.hautes-alpes.net\/nl\/wp-json\/wp\/v2\/pages\/142686","targetHints":{"allow":["GET"]}}],"collection":[{"href":"https:\/\/www.hautes-alpes.net\/nl\/wp-json\/wp\/v2\/pages"}],"about":[{"href":"https:\/\/www.hautes-alpes.net\/nl\/wp-json\/wp\/v2\/types\/page"}],"author":[{"embeddable":true,"href":"https:\/\/www.hautes-alpes.net\/nl\/wp-json\/wp\/v2\/users\/5"}],"replies":[{"embeddable":true,"href":"https:\/\/www.hautes-alpes.net\/nl\/wp-json\/wp\/v2\/comments?post=142686"}],"version-history":[{"count":10,"href":"https:\/\/www.hautes-alpes.net\/nl\/wp-json\/wp\/v2\/pages\/142686\/revisions"}],"predecessor-version":[{"id":162876,"href":"https:\/\/www.hautes-alpes.net\/nl\/wp-json\/wp\/v2\/pages\/142686\/revisions\/162876"}],"up":[{"embeddable":true,"href":"https:\/\/www.hautes-alpes.net\/nl\/wp-json\/wp\/v2\/pages\/107911"}],"wp:attachment":[{"href":"https:\/\/www.hautes-alpes.net\/nl\/wp-json\/wp\/v2\/media?parent=142686"}],"wp:term":[{"taxonomy":"page_label","embeddable":true,"href":"https:\/\/www.hautes-alpes.net\/nl\/wp-json\/wp\/v2\/page_label?post=142686"}],"curies":[{"name":"wp","href":"https:\/\/api.w.org\/{rel}","templated":true}]}}