{"id":120019,"date":"2025-12-17T14:09:34","date_gmt":"2025-12-17T13:09:34","guid":{"rendered":"https:\/\/www.hautes-alpes.net\/organiseren\/alle-evenementen-in-de-hautes-alpes\/"},"modified":"2026-01-28T16:43:40","modified_gmt":"2026-01-28T15:43:40","slug":"alle-evenementen-in-de-hautes-alpes","status":"publish","type":"page","link":"https:\/\/www.hautes-alpes.net\/nl\/organiseren\/alle-evenementen-in-de-hautes-alpes\/","title":{"rendered":"Alle evenementen in de Hautes-Alpes"},"content":{"rendered":"\n<div class=\"wp-block-group alignfull hero-banner-simple has-global-padding is-layout-constrained wp-block-group-is-layout-constrained\"><div class=\"yoast-breadcrumbs\"><span><span><a href=\"https:\/\/www.hautes-alpes.net\/nl\/hautes-alpes\/\">Accueil<\/a><\/span>  <span><a href=\"https:\/\/www.hautes-alpes.net\/nl\/organiseren\/\">Organiseren<\/a><\/span>  <span><a href=\"https:\/\/www.hautes-alpes.net\/nl\/organiseren\/\">Organiseren<\/a><\/span>  <span class=\"breadcrumb_last\" aria-current=\"page\">Alle evenementen in de Hautes-Alpes<\/span><\/span><\/div>\n\n\n<h1 class=\"wp-block-ws-library-post-title\">Alle evenementen in de Hautes-Alpes<\/h1>\n\n\n\n<p class=\"subtitle wp-block-paragraph\"><\/p>\n\n\n\n<p class=\"wp-block-paragraph\"><\/p>\n<\/div>\n\n<p class=\"wp-block-paragraph\"><\/p>\n<div id=\"listing_302ac\" data-observer-wishlist class=\"ws-listing wp-block-ws-apidae-library-listing-agenda alignwide\"><div class=\"panel-fixe panel-facets\"><div class=\"panel-overlay toggle-facets\"><\/div><div class=\"panel-inner\"><div class=\"panel-header\"><div class=\"panel-title\">Filters<\/div><a href=\"#\" class=\"panel-close toggle-facets\">Sluiten<\/a><\/div><div class=\"panel-content\"><div class=\"group-summary\"><div class=\"facetwp-selections\"><\/div><a href=\"#\" class=\"link-reset\">Verwijderen<\/a><\/div><div class=\"facetwp-facet facetwp-facet-dates facetwp-type-date_range\" data-name=\"dates\" data-type=\"date_range\"><\/div><div class=\"facetwp-facet facetwp-facet-territoires facetwp-type-fselect\" data-name=\"territoires\" data-type=\"fselect\"><\/div><div class=\"facetwp-facet facetwp-facet-station facetwp-type-fselect\" data-name=\"station\" data-type=\"fselect\"><\/div><div class=\"facetwp-facet facetwp-facet-type_de_manifestations facetwp-type-checkboxes\" data-name=\"type_de_manifestations\" data-type=\"checkboxes\"><\/div><div class=\"facetwp-facet facetwp-facet-equipement facetwp-type-checkboxes\" data-name=\"equipement\" data-type=\"checkboxes\"><\/div><\/div><div class=\"panel-footer\"><div class=\"facet-buttons\"><button type=\"submit\" class=\"btn btn-1 toggle-facets facetwp-count-btn\">Alles bekijken <span class=\"results-count\"><\/span> resultaten<\/button><\/div><\/div><\/div><\/div><div class=\"listing-header\"><div class=\"toggle-container\"><button class=\"btn toggle-btn toggle-facets\" data-target=\"facets\">Filters<\/button><\/div><\/div><div class=\"facetwp-template\"><div class=\"list-container active\"><div class=\"list-items\"><div class=\"item\" ><div class=\"card card-apidae card-agenda post-type-apidae\"><div class=\"group-top\"><div class=\"field-fete-cat\">Bezoek met gids en\/of commentaar<\/div><\/div><div class=\"group-media\"><div class=\"field-image\"><img decoding=\"async\" src=\"https:\/\/images.weserv.nl\/?url=https:\/\/static.apidae-tourisme.com\/filestore\/objets-touristiques\/images\/154\/199\/8963994-diaporama.jpg&#038;w=550&#038;h=350&#038;fit=cover&#038;output=webp&#038;q=45\" alt=\"Visite d\u00e9couverte de la ferme les Jassines\"\/><\/div><\/div><div class=\"group-content\"><div class=\"field-commune\">Moydans<\/div><div class=\"group-dates\" role=\"group\" aria-label=\"Data van het evenement\"><div class=\"field-dates ws-apidae-date-coming\" role=\"group\" aria-label=\"Openingsdatum\"><time datetime=\"2026-09-02\" lang=\"nl\">Op <span class=\"day\">02<\/span><span class=\"month\"> sep.<\/span> van <span class=\"hour\">8h30<\/span> tot <span class=\"hour\">11h30<\/span><\/time><\/div><div class=\"field-moredates ws-apidae-moredates\" role=\"group\" aria-label=\"Komende data\"><div class=\"moredates\"><div class=\"inner-wrapper\"><span class=\"moredates-label\">Komende data :<\/span><ul class=\"moredates-list\"><li><time datetime=\"2026-09-09\" lang=\"nl\">Op <span class=\"day\">09<\/span><span class=\"month\"> september<\/span> van <span class=\"hour\">8h30<\/span> tot <span class=\"hour\">11h30<\/span><\/time><\/li><li><time datetime=\"2026-09-16\" lang=\"nl\">Op <span class=\"day\">16<\/span><span class=\"month\"> september<\/span> van <span class=\"hour\">8h30<\/span> tot <span class=\"hour\">11h30<\/span><\/time><\/li><li><time datetime=\"2026-09-23\" lang=\"nl\">Op <span class=\"day\">23<\/span><span class=\"month\"> september<\/span> van <span class=\"hour\">8h30<\/span> tot <span class=\"hour\">11h30<\/span><\/time><\/li><li><time datetime=\"2026-09-30\" lang=\"nl\">Op <span class=\"day\">30<\/span><span class=\"month\"> september<\/span> van <span class=\"hour\">8h30<\/span> tot <span class=\"hour\">11h30<\/span><\/time><\/li><li class=\"moredates-more\">en nog meer data\u2026<\/li><\/ul><\/div><\/div><\/div><\/div><div class=\"field-title\">Visite d\u00e9couverte de la ferme les Jassines<\/div><\/div><div class=\"field-link\"><a href=\"https:\/\/www.hautes-alpes.net\/nl\/fiche\/visite-decouverte-de-la-ferme-les-jassines-5\/\" class=\"cardlink\">Visite d\u00e9couverte de la ferme les Jassines<\/a><\/div><\/div><\/div><div class=\"item\" ><div class=\"card card-apidae card-agenda post-type-apidae\"><div class=\"group-top\"><div class=\"field-fete-cat\">Regelmatige markt<\/div><\/div><div class=\"group-media\"><div class=\"field-image\"><img decoding=\"async\" src=\"https:\/\/images.weserv.nl\/?url=https:\/\/static.apidae-tourisme.com\/filestore\/objets-touristiques\/images\/115\/82\/33510003-diaporama.jpg&#038;w=550&#038;h=350&#038;fit=cover&#038;output=webp&#038;q=45\" alt=\"March\u00e9 d&#8217;Embrun\"\/><\/div><\/div><div class=\"group-content\"><div class=\"field-commune\">Embrun<\/div><div class=\"group-dates\" role=\"group\" aria-label=\"Data van het evenement\"><div class=\"field-dates ws-apidae-date-coming\" role=\"group\" aria-label=\"Openingsdatum\"><time datetime=\"2026-09-02\" lang=\"nl\">Op <span class=\"day\">02<\/span><span class=\"month\"> sep.<\/span><\/time><\/div><div class=\"field-moredates ws-apidae-moredates\" role=\"group\" aria-label=\"Komende data\"><div class=\"moredates\"><div class=\"inner-wrapper\"><span class=\"moredates-label\">Komende data :<\/span><ul class=\"moredates-list\"><li><time datetime=\"2026-09-05\" lang=\"nl\">Op <span class=\"day\">05<\/span><span class=\"month\"> september<\/span><\/time><\/li><li><time datetime=\"2026-09-09\" lang=\"nl\">Op <span class=\"day\">09<\/span><span class=\"month\"> september<\/span><\/time><\/li><li><time datetime=\"2026-09-12\" lang=\"nl\">Op <span class=\"day\">12<\/span><span class=\"month\"> september<\/span><\/time><\/li><li><time datetime=\"2026-09-16\" lang=\"nl\">Op <span class=\"day\">16<\/span><span class=\"month\"> september<\/span><\/time><\/li><li class=\"moredates-more\">en nog meer data\u2026<\/li><\/ul><\/div><\/div><\/div><\/div><div class=\"field-title\">March\u00e9 d&#8217;Embrun<\/div><div class=\"field-description\">Markten voor voedingsmiddelen en non-food.<\/div><\/div><div class=\"field-link\"><a href=\"https:\/\/www.hautes-alpes.net\/nl\/fiche\/marche-dembrun-6\/\" class=\"cardlink\">March\u00e9 d&#8217;Embrun<\/a><\/div><\/div><\/div><div class=\"item\" ><div class=\"card card-apidae card-agenda post-type-apidae\"><div class=\"group-top\"><div class=\"field-fete-cat\">Regelmatige markt<\/div><\/div><div class=\"group-media\"><div class=\"field-image\"><img decoding=\"async\" src=\"https:\/\/images.weserv.nl\/?url=https:\/\/static.apidae-tourisme.com\/filestore\/objets-touristiques\/images\/25\/248\/18020377-diaporama.jpg&#038;w=550&#038;h=350&#038;fit=cover&#038;output=webp&#038;q=45\" alt=\"March\u00e9 hebdomadaire du mercredi\"\/><\/div><\/div><div class=\"group-content\"><div class=\"field-commune\">Gap<\/div><div class=\"group-dates\" role=\"group\" aria-label=\"Data van het evenement\"><div class=\"field-dates ws-apidae-date-coming\" role=\"group\" aria-label=\"Openingsdatum\"><time datetime=\"2026-09-02\" lang=\"nl\">Op <span class=\"day\">02<\/span><span class=\"month\"> sep.<\/span> van <span class=\"hour\">8h<\/span> tot <span class=\"hour\">12h<\/span><\/time><\/div><div class=\"field-moredates ws-apidae-moredates\" role=\"group\" aria-label=\"Komende data\"><div class=\"moredates\"><div class=\"inner-wrapper\"><span class=\"moredates-label\">Komende data :<\/span><ul class=\"moredates-list\"><li><time datetime=\"2026-09-09\" lang=\"nl\">Op <span class=\"day\">09<\/span><span class=\"month\"> september<\/span> van <span class=\"hour\">8h<\/span> tot <span class=\"hour\">12h<\/span><\/time><\/li><li><time datetime=\"2026-09-16\" lang=\"nl\">Op <span class=\"day\">16<\/span><span class=\"month\"> september<\/span> van <span class=\"hour\">8h<\/span> tot <span class=\"hour\">12h<\/span><\/time><\/li><li><time datetime=\"2026-09-23\" lang=\"nl\">Op <span class=\"day\">23<\/span><span class=\"month\"> september<\/span> van <span class=\"hour\">8h<\/span> tot <span class=\"hour\">12h<\/span><\/time><\/li><li><time datetime=\"2026-09-30\" lang=\"nl\">Op <span class=\"day\">30<\/span><span class=\"month\"> september<\/span> van <span class=\"hour\">8h<\/span> tot <span class=\"hour\">12h<\/span><\/time><\/li><li class=\"moredates-more\">en nog meer data\u2026<\/li><\/ul><\/div><\/div><\/div><\/div><div class=\"field-title\">March\u00e9 hebdomadaire du mercredi<\/div><\/div><div class=\"field-link\"><a href=\"https:\/\/www.hautes-alpes.net\/nl\/fiche\/marche-hebdomadaire-du-mercredi-6\/\" class=\"cardlink\">March\u00e9 hebdomadaire du mercredi<\/a><\/div><\/div><\/div><div class=\"item\" ><div class=\"card card-apidae card-agenda post-type-apidae\"><div class=\"group-top\"><div class=\"field-fete-cat\">Bezoek met gids en\/of commentaar<\/div><\/div><div class=\"group-media\"><div class=\"field-image\"><img decoding=\"async\" src=\"https:\/\/images.weserv.nl\/?url=https:\/\/static.apidae-tourisme.com\/filestore\/objets-touristiques\/images\/157\/98\/26174109-diaporama.jpg&#038;w=550&#038;h=350&#038;fit=cover&#038;output=webp&#038;q=45\" alt=\"Visite comment\u00e9e des fortifications\"\/><\/div><\/div><div class=\"group-content\"><div class=\"field-commune\">Mont-Dauphin<\/div><div class=\"group-dates\" role=\"group\" aria-label=\"Data van het evenement\"><div class=\"field-dates ws-apidae-date-coming\" role=\"group\" aria-label=\"Openingsdatum\"><time datetime=\"2026-09-02\" lang=\"nl\">Op <span class=\"day\">02<\/span><span class=\"month\"> sep.<\/span><\/time><\/div><div class=\"field-moredates ws-apidae-moredates\" role=\"group\" aria-label=\"Komende data\"><div class=\"moredates\"><div class=\"inner-wrapper\"><span class=\"moredates-label\">Komende data :<\/span><ul class=\"moredates-list\"><li><time datetime=\"2026-09-03\" lang=\"nl\">Op <span class=\"day\">03<\/span><span class=\"month\"> september<\/span><\/time><\/li><li><time datetime=\"2026-09-04\" lang=\"nl\">Op <span class=\"day\">04<\/span><span class=\"month\"> september<\/span><\/time><\/li><li><time datetime=\"2026-09-05\" lang=\"nl\">Op <span class=\"day\">05<\/span><span class=\"month\"> september<\/span><\/time><\/li><li><time datetime=\"2026-09-06\" lang=\"nl\">Op <span class=\"day\">06<\/span><span class=\"month\"> september<\/span><\/time><\/li><li class=\"moredates-more\">en nog meer data\u2026<\/li><\/ul><\/div><\/div><\/div><\/div><div class=\"field-title\">Visite comment\u00e9e des fortifications<\/div><\/div><div class=\"field-link\"><a href=\"https:\/\/www.hautes-alpes.net\/nl\/fiche\/visite-commentee-des-fortifications-5\/\" class=\"cardlink\">Visite comment\u00e9e des fortifications<\/a><\/div><\/div><\/div><div class=\"item\" ><div class=\"card card-apidae card-agenda post-type-apidae\"><div class=\"group-top\"><div class=\"field-fete-cat\">Bezoek met gids en\/of commentaar<\/div><\/div><div class=\"group-media\"><div class=\"field-image\"><img decoding=\"async\" src=\"https:\/\/images.weserv.nl\/?url=https:\/\/static.apidae-tourisme.com\/filestore\/objets-touristiques\/images\/176\/161\/8430000-diaporama.jpg&#038;w=550&#038;h=350&#038;fit=cover&#038;output=webp&#038;q=45\" alt=\"Visite guid\u00e9e de l&#8217;\u00e9glise Saint Louis de Saint-Genis\"\/><\/div><\/div><div class=\"group-content\"><div class=\"field-commune\">Garde-Colombe<\/div><div class=\"group-dates\" role=\"group\" aria-label=\"Data van het evenement\"><div class=\"field-dates ws-apidae-date-coming\" role=\"group\" aria-label=\"Openingsdatum\"><time datetime=\"2026-09-02\" lang=\"nl\">Op <span class=\"day\">02<\/span><span class=\"month\"> sep.<\/span><\/time><\/div><div class=\"field-moredates ws-apidae-moredates\" role=\"group\" aria-label=\"Komende data\"><div class=\"moredates\"><div class=\"inner-wrapper\"><span class=\"moredates-label\">Komende data :<\/span><ul class=\"moredates-list\"><li><time datetime=\"2026-09-03\" lang=\"nl\">Op <span class=\"day\">03<\/span><span class=\"month\"> september<\/span><\/time><\/li><li><time datetime=\"2026-09-04\" lang=\"nl\">Op <span class=\"day\">04<\/span><span class=\"month\"> september<\/span><\/time><\/li><li><time datetime=\"2026-09-05\" lang=\"nl\">Op <span class=\"day\">05<\/span><span class=\"month\"> september<\/span><\/time><\/li><li><time datetime=\"2026-09-06\" lang=\"nl\">Op <span class=\"day\">06<\/span><span class=\"month\"> september<\/span><\/time><\/li><li class=\"moredates-more\">en nog meer data\u2026<\/li><\/ul><\/div><\/div><\/div><\/div><div class=\"field-title\">Visite guid\u00e9e de l&#8217;\u00e9glise Saint Louis de Saint-Genis<\/div><\/div><div class=\"field-link\"><a href=\"https:\/\/www.hautes-alpes.net\/nl\/fiche\/visite-guidee-de-leglise-saint-louis-de-saint-genis-6\/\" class=\"cardlink\">Visite guid\u00e9e de l&#8217;\u00e9glise Saint Louis de Saint-Genis<\/a><\/div><\/div><\/div><div class=\"item\" ><div class=\"card card-apidae card-agenda post-type-apidae\"><div class=\"group-top\"><div class=\"field-fete-cat\">Lezing<\/div><\/div><div class=\"group-media\"><div class=\"field-image\"><img decoding=\"async\" src=\"https:\/\/images.weserv.nl\/?url=https:\/\/static.apidae-tourisme.com\/filestore\/objets-touristiques\/images\/95\/173\/30911839-diaporama.jpg&#038;w=550&#038;h=350&#038;fit=cover&#038;output=webp&#038;q=45\" alt=\"D\u00e9couverte du ciel \u00e9toil\u00e9 \u00e0 l&#8217;\u0153il nu\"\/><\/div><\/div><div class=\"group-content\"><div class=\"field-commune\">Ch\u00e2teau-Ville-Vieille<\/div><div class=\"group-dates\" role=\"group\" aria-label=\"Data van het evenement\"><div class=\"field-dates ws-apidae-date-coming\" role=\"group\" aria-label=\"Openingsdatum\"><time datetime=\"2026-09-02\" lang=\"nl\">Op <span class=\"day\">02<\/span><span class=\"month\"> sep.<\/span> om <span class=\"hour\">20h<\/span><\/time><\/div><\/div><div class=\"field-title\">D\u00e9couverte du ciel \u00e9toil\u00e9 \u00e0 l&#8217;\u0153il nu<\/div><\/div><div class=\"field-link\"><a href=\"https:\/\/www.hautes-alpes.net\/nl\/fiche\/decouverte-du-ciel-etoile-a-loeil-nu-6\/\" class=\"cardlink\">D\u00e9couverte du ciel \u00e9toil\u00e9 \u00e0 l&#8217;\u0153il nu<\/a><\/div><\/div><\/div><div class=\"item\" ><div class=\"card card-apidae card-agenda post-type-apidae\"><div class=\"group-top\"><div class=\"field-fete-cat\">Bezoek met een tablet<\/div><\/div><div class=\"group-media\"><div class=\"field-image\"><img decoding=\"async\" src=\"https:\/\/images.weserv.nl\/?url=https:\/\/static.apidae-tourisme.com\/filestore\/objets-touristiques\/images\/248\/17\/27267576-diaporama.png&#038;w=550&#038;h=350&#038;fit=cover&#038;output=webp&#038;q=45\" alt=\"Les enqu\u00eates d&#8217;Anne M\u00e9sia\"\/><\/div><\/div><div class=\"group-content\"><div class=\"field-commune\">Mont-Dauphin<\/div><div class=\"group-dates\" role=\"group\" aria-label=\"Data van het evenement\"><div class=\"field-dates ws-apidae-date-coming\" role=\"group\" aria-label=\"Openingsdatum\"><time datetime=\"2026-09-02\" lang=\"nl\">Op <span class=\"day\">02<\/span><span class=\"month\"> sep.<\/span><\/time><\/div><div class=\"field-moredates ws-apidae-moredates\" role=\"group\" aria-label=\"Komende data\"><div class=\"moredates\"><div class=\"inner-wrapper\"><span class=\"moredates-label\">Komende data :<\/span><ul class=\"moredates-list\"><li><time datetime=\"2026-09-03\" lang=\"nl\">Op <span class=\"day\">03<\/span><span class=\"month\"> september<\/span><\/time><\/li><li><time datetime=\"2026-09-04\" lang=\"nl\">Op <span class=\"day\">04<\/span><span class=\"month\"> september<\/span><\/time><\/li><li><time datetime=\"2026-09-05\" lang=\"nl\">Op <span class=\"day\">05<\/span><span class=\"month\"> september<\/span><\/time><\/li><li><time datetime=\"2026-09-06\" lang=\"nl\">Op <span class=\"day\">06<\/span><span class=\"month\"> september<\/span><\/time><\/li><li class=\"moredates-more\">en nog meer data\u2026<\/li><\/ul><\/div><\/div><\/div><\/div><div class=\"field-title\">Les enqu\u00eates d&#8217;Anne M\u00e9sia<\/div><\/div><div class=\"field-link\"><a href=\"https:\/\/www.hautes-alpes.net\/nl\/fiche\/les-enquetes-danne-mesia-5\/\" class=\"cardlink\">Les enqu\u00eates d&#8217;Anne M\u00e9sia<\/a><\/div><\/div><\/div><div class=\"item\" ><div class=\"card card-apidae card-agenda post-type-apidae\"><div class=\"group-top\"><div class=\"field-fete-cat\">Expositie<\/div><\/div><div class=\"group-media\"><div class=\"field-image\"><img decoding=\"async\" src=\"https:\/\/images.weserv.nl\/?url=https:\/\/static.apidae-tourisme.com\/filestore\/objets-touristiques\/images\/243\/44\/41037043-diaporama.jpg&#038;w=550&#038;h=350&#038;fit=cover&#038;output=webp&#038;q=45\" alt=\"Accrochage : Coup d&#8217;\u0153il sur le monde de Mauzan\"\/><\/div><\/div><div class=\"group-content\"><div class=\"field-commune\">Gap<\/div><div class=\"group-dates\"><div class=\"field-dates\">Van <span class=\"day\">19<\/span><span class=\"month\"> jun.<\/span> tot <span class=\"day\">23<\/span><span class=\"month\"> mei<\/span><\/div><\/div><div class=\"field-title\">Accrochage : Coup d&#8217;\u0153il sur le monde de Mauzan<\/div><\/div><div class=\"field-link\"><a href=\"https:\/\/www.hautes-alpes.net\/nl\/fiche\/accrochage-coup-doeil-sur-le-monde-de-mauzan-6\/\" class=\"cardlink\">Accrochage : Coup d&#8217;\u0153il sur le monde de Mauzan<\/a><\/div><\/div><\/div><div class=\"item\" ><div class=\"card card-apidae card-agenda post-type-apidae\"><div class=\"group-top\"><div class=\"field-fete-cat\">Expositie<\/div><\/div><div class=\"group-media\"><div class=\"field-image\"><img decoding=\"async\" src=\"https:\/\/images.weserv.nl\/?url=https:\/\/static.apidae-tourisme.com\/filestore\/objets-touristiques\/images\/158\/112\/41185438-diaporama.jpg&#038;w=550&#038;h=350&#038;fit=cover&#038;output=webp&#038;q=45\" alt=\"Les expositions de Fort Queyras\"\/><\/div><\/div><div class=\"group-content\"><div class=\"field-commune\">Ch\u00e2teau-Ville-Vieille<\/div><div class=\"group-dates\"><div class=\"field-dates\">Van <span class=\"day\">13<\/span><span class=\"month\"> jun.<\/span> van <span class=\"hour\">10h<\/span> tot <span class=\"day\">20<\/span><span class=\"month\"> sep.<\/span> om <span class=\"hour\">18h<\/span><\/div><\/div><div class=\"field-title\">Les expositions de Fort Queyras<\/div><\/div><div class=\"field-link\"><a href=\"https:\/\/www.hautes-alpes.net\/nl\/fiche\/les-expositions-de-fort-queyras-6\/\" class=\"cardlink\">Les expositions de Fort Queyras<\/a><\/div><\/div><\/div><div class=\"item\" ><div class=\"card card-apidae card-agenda post-type-apidae\"><div class=\"group-top\"><div class=\"field-fete-cat\">Speurtochten<\/div><\/div><div class=\"group-media\"><div class=\"field-image\"><img decoding=\"async\" src=\"https:\/\/images.weserv.nl\/?url=https:\/\/static.apidae-tourisme.com\/filestore\/objets-touristiques\/images\/215\/48\/41365719-diaporama.jpg&#038;w=550&#038;h=350&#038;fit=cover&#038;output=webp&#038;q=45\" alt=\"Faune\"\/><\/div><\/div><div class=\"group-content\"><div class=\"field-commune\">Gap<\/div><div class=\"group-dates\"><div class=\"field-dates\">Van <span class=\"day\">04<\/span><span class=\"month\"> jun.<\/span> tot <span class=\"day\">15<\/span><span class=\"month\"> sep.<\/span><\/div><\/div><div class=\"field-title\">Faune<\/div><\/div><div class=\"field-link\"><a href=\"https:\/\/www.hautes-alpes.net\/nl\/fiche\/faune-6\/\" class=\"cardlink\">Faune<\/a><\/div><\/div><\/div><div class=\"item\" ><div class=\"card card-apidae card-agenda post-type-apidae\"><div class=\"group-top\"><div class=\"field-fete-cat\">Expositie<\/div><\/div><div class=\"group-media\"><div class=\"field-image\"><img decoding=\"async\" src=\"https:\/\/images.weserv.nl\/?url=https:\/\/static.apidae-tourisme.com\/filestore\/objets-touristiques\/images\/158\/17\/41488798-diaporama.jpg&#038;w=550&#038;h=350&#038;fit=cover&#038;output=webp&#038;q=45\" alt=\"Coup d&#8217;\u0153il sur le monde de Mauzan\"\/><\/div><\/div><div class=\"group-content\"><div class=\"field-commune\">Gap<\/div><div class=\"group-dates\"><div class=\"field-dates\">Van <span class=\"day\">19<\/span><span class=\"month\"> jun.<\/span> tot <span class=\"day\">23<\/span><span class=\"month\"> mei<\/span><\/div><\/div><div class=\"field-title\">Coup d&#8217;\u0153il sur le monde de Mauzan<\/div><\/div><div class=\"field-link\"><a href=\"https:\/\/www.hautes-alpes.net\/nl\/fiche\/coup-doeil-sur-le-monde-de-mauzan-6\/\" class=\"cardlink\">Coup d&#8217;\u0153il sur le monde de Mauzan<\/a><\/div><\/div><\/div><div class=\"item\" ><div class=\"card card-apidae card-agenda post-type-apidae\"><div class=\"group-top\"><div class=\"field-fete-cat\">Expositie<\/div><\/div><div class=\"group-media\"><div class=\"field-image\"><img decoding=\"async\" src=\"https:\/\/images.weserv.nl\/?url=https:\/\/static.apidae-tourisme.com\/filestore\/objets-touristiques\/images\/141\/246\/41088653-diaporama.jpg&#038;w=550&#038;h=350&#038;fit=cover&#038;output=webp&#038;q=45\" alt=\"Exposition - Gabriel Lopp\u00e9\"\/><\/div><\/div><div class=\"group-content\"><div class=\"field-commune\">Embrun<\/div><div class=\"group-dates\" role=\"group\" aria-label=\"Data van het evenement\"><div class=\"field-dates ws-apidae-date-coming\" role=\"group\" aria-label=\"Openingsdatum\"><time datetime=\"2026-09-02\" lang=\"nl\">Op <span class=\"day\">02<\/span><span class=\"month\"> sep.<\/span> van <span class=\"hour\">16h<\/span> tot <span class=\"hour\">19h<\/span><\/time><\/div><div class=\"field-moredates ws-apidae-moredates\" role=\"group\" aria-label=\"Komende data\"><div class=\"moredates\"><div class=\"inner-wrapper\"><span class=\"moredates-label\">Komende data :<\/span><ul class=\"moredates-list\"><li><time datetime=\"2026-09-03\" lang=\"nl\">Op <span class=\"day\">03<\/span><span class=\"month\"> september<\/span> van <span class=\"hour\">16h<\/span> tot <span class=\"hour\">19h<\/span><\/time><\/li><li><time datetime=\"2026-09-04\" lang=\"nl\">Op <span class=\"day\">04<\/span><span class=\"month\"> september<\/span> van <span class=\"hour\">16h<\/span> tot <span class=\"hour\">19h<\/span><\/time><\/li><li><time datetime=\"2026-09-05\" lang=\"nl\">Op <span class=\"day\">05<\/span><span class=\"month\"> september<\/span> van <span class=\"hour\">16h<\/span> tot <span class=\"hour\">19h<\/span><\/time><\/li><li><time datetime=\"2026-09-06\" lang=\"nl\">Op <span class=\"day\">06<\/span><span class=\"month\"> september<\/span> van <span class=\"hour\">16h<\/span> tot <span class=\"hour\">19h<\/span><\/time><\/li><li class=\"moredates-more\">en nog meer data\u2026<\/li><\/ul><\/div><\/div><\/div><\/div><div class=\"field-title\">Exposition - Gabriel Lopp\u00e9<\/div><\/div><div class=\"field-link\"><a href=\"https:\/\/www.hautes-alpes.net\/nl\/fiche\/exposition-gabriel-loppe-6\/\" class=\"cardlink\">Exposition - Gabriel Lopp\u00e9<\/a><\/div><\/div><\/div><div class=\"item\" ><div class=\"card card-apidae card-agenda post-type-apidae\"><div class=\"group-top\"><div class=\"field-fete-cat\">Expositie<\/div><\/div><div class=\"group-media\"><div class=\"field-image\"><img decoding=\"async\" src=\"https:\/\/images.weserv.nl\/?url=https:\/\/static.apidae-tourisme.com\/filestore\/objets-touristiques\/images\/68\/15\/41881412-diaporama.jpg&#038;w=550&#038;h=350&#038;fit=cover&#038;output=webp&#038;q=45\" alt=\"Lesdigui\u00e8res, destin extraordinaire d\u2019un Champsaurin\"\/><\/div><\/div><div class=\"group-content\"><div class=\"field-commune\">Gap<\/div><div class=\"group-dates\"><div class=\"field-dates\">Van <span class=\"day\">01<\/span><span class=\"month\"> sep.<\/span> tot <span class=\"day\">04<\/span><span class=\"month\"> sep.<\/span><\/div><\/div><div class=\"field-title\">Lesdigui\u00e8res, destin extraordinaire d\u2019un Champsaurin<\/div><\/div><div class=\"field-link\"><a href=\"https:\/\/www.hautes-alpes.net\/nl\/fiche\/lesdiguieres-destin-extraordinaire-dun-champsaurin-6\/\" class=\"cardlink\">Lesdigui\u00e8res, destin extraordinaire d\u2019un Champsaurin<\/a><\/div><\/div><\/div><div class=\"item\" ><div class=\"card card-apidae card-agenda post-type-apidae\"><div class=\"group-top\"><div class=\"field-fete-cat\">Bezoek met gids en\/of commentaar<\/div><\/div><div class=\"group-media\"><div class=\"field-image\"><img decoding=\"async\" src=\"https:\/\/images.weserv.nl\/?url=https:\/\/static.apidae-tourisme.com\/filestore\/objets-touristiques\/images\/56\/254\/8388152-diaporama.jpg&#038;w=550&#038;h=350&#038;fit=cover&#038;output=webp&#038;q=45\" alt=\"Visites guid\u00e9es du Prieur\u00e9 et du village de Saint-Andr\u00e9-de-Rosans\"\/><\/div><\/div><div class=\"group-content\"><div class=\"field-commune\">Saint-Andr\u00e9-de-Rosans<\/div><div class=\"group-dates\" role=\"group\" aria-label=\"Data van het evenement\"><div class=\"field-dates ws-apidae-date-coming\" role=\"group\" aria-label=\"Openingsdatum\"><time datetime=\"2026-09-02\" lang=\"nl\">Op <span class=\"day\">02<\/span><span class=\"month\"> sep.<\/span><\/time><\/div><div class=\"field-moredates ws-apidae-moredates\" role=\"group\" aria-label=\"Komende data\"><div class=\"moredates\"><div class=\"inner-wrapper\"><span class=\"moredates-label\">Komende data :<\/span><ul class=\"moredates-list\"><li><time datetime=\"2026-09-03\" lang=\"nl\">Op <span class=\"day\">03<\/span><span class=\"month\"> september<\/span><\/time><\/li><li><time datetime=\"2026-09-04\" lang=\"nl\">Op <span class=\"day\">04<\/span><span class=\"month\"> september<\/span><\/time><\/li><li><time datetime=\"2026-09-05\" lang=\"nl\">Op <span class=\"day\">05<\/span><span class=\"month\"> september<\/span><\/time><\/li><li><time datetime=\"2026-09-06\" lang=\"nl\">Op <span class=\"day\">06<\/span><span class=\"month\"> september<\/span><\/time><\/li><li class=\"moredates-more\">en nog meer data\u2026<\/li><\/ul><\/div><\/div><\/div><\/div><div class=\"field-title\">Visites guid\u00e9es du Prieur\u00e9 et du village de Saint-Andr\u00e9-de-Rosans<\/div><\/div><div class=\"field-link\"><a href=\"https:\/\/www.hautes-alpes.net\/nl\/fiche\/visites-guidees-du-prieure-et-du-village-de-saint-andre-de-rosans-5\/\" class=\"cardlink\">Visites guid\u00e9es du Prieur\u00e9 et du village de Saint-Andr\u00e9-de-Rosans<\/a><\/div><\/div><\/div><div class=\"item\" ><div class=\"card card-apidae card-agenda post-type-apidae\"><div class=\"group-top\"><div class=\"field-fete-cat\">Expositie<\/div><\/div><div class=\"group-media\"><div class=\"field-image\"><img decoding=\"async\" src=\"https:\/\/images.weserv.nl\/?url=https:\/\/static.apidae-tourisme.com\/filestore\/objets-touristiques\/images\/92\/137\/41584988-diaporama.jpg&#038;w=550&#038;h=350&#038;fit=cover&#038;output=webp&#038;q=45\" alt=\"Exposition de dessins de montagne - Ga\u00eblle PRIVAT\"\/><\/div><\/div><div class=\"group-content\"><div class=\"field-commune\">Mont-Dauphin<\/div><div class=\"group-dates\"><div class=\"field-dates\">Van <span class=\"day\">01<\/span><span class=\"month\"> jul.<\/span> tot <span class=\"day\">20<\/span><span class=\"month\"> sep.<\/span><\/div><\/div><div class=\"field-title\">Exposition de dessins de montagne - Ga\u00eblle PRIVAT<\/div><\/div><div class=\"field-link\"><a href=\"https:\/\/www.hautes-alpes.net\/nl\/fiche\/exposition-de-dessins-de-montagne-gaelle-privat-6\/\" class=\"cardlink\">Exposition de dessins de montagne - Ga\u00eblle PRIVAT<\/a><\/div><\/div><\/div><div class=\"item\" ><div class=\"card card-apidae card-agenda post-type-apidae\"><div class=\"group-top\"><div class=\"field-fete-cat\">Expositie<\/div><\/div><div class=\"group-media\"><div class=\"field-image\"><img decoding=\"async\" src=\"https:\/\/images.weserv.nl\/?url=https:\/\/static.apidae-tourisme.com\/filestore\/objets-touristiques\/images\/97\/239\/42004321-diaporama.png&#038;w=550&#038;h=350&#038;fit=cover&#038;output=webp&#038;q=45\" alt=\"Exposition &#8221;l&#8217;\u00e9quilibre absolu&#8221; Philippe Marinig\"\/><\/div><\/div><div class=\"group-content\"><div class=\"field-commune\">Brian\u00e7on<\/div><div class=\"group-dates\" role=\"group\" aria-label=\"Data van het evenement\"><div class=\"field-dates ws-apidae-date-coming\" role=\"group\" aria-label=\"Openingsdatum\"><time datetime=\"2026-09-02\" lang=\"nl\">Op <span class=\"day\">02<\/span><span class=\"month\"> sep.<\/span> van <span class=\"hour\">14h<\/span> tot <span class=\"hour\">17h<\/span><\/time><\/div><div class=\"field-moredates ws-apidae-moredates\" role=\"group\" aria-label=\"Komende data\"><div class=\"moredates\"><div class=\"inner-wrapper\"><span class=\"moredates-label\">Komende data :<\/span><ul class=\"moredates-list\"><li><time datetime=\"2026-09-03\" lang=\"nl\">Op <span class=\"day\">03<\/span><span class=\"month\"> september<\/span> van <span class=\"hour\">14h<\/span> tot <span class=\"hour\">17h<\/span><\/time><\/li><li><time datetime=\"2026-09-04\" lang=\"nl\">Op <span class=\"day\">04<\/span><span class=\"month\"> september<\/span> van <span class=\"hour\">14h<\/span> tot <span class=\"hour\">17h<\/span><\/time><\/li><li><time datetime=\"2026-09-05\" lang=\"nl\">Op <span class=\"day\">05<\/span><span class=\"month\"> september<\/span> van <span class=\"hour\">14h<\/span> tot <span class=\"hour\">17h<\/span><\/time><\/li><li><time datetime=\"2026-09-08\" lang=\"nl\">Op <span class=\"day\">08<\/span><span class=\"month\"> september<\/span> van <span class=\"hour\">14h<\/span> tot <span class=\"hour\">17h<\/span><\/time><\/li><li class=\"moredates-more\">en nog meer data\u2026<\/li><\/ul><\/div><\/div><\/div><\/div><div class=\"field-title\">Exposition &#8221;l&#8217;\u00e9quilibre absolu&#8221; Philippe Marinig<\/div><\/div><div class=\"field-link\"><a href=\"https:\/\/www.hautes-alpes.net\/nl\/fiche\/exposition-lequilibre-absolu-philippe-marinig-6\/\" class=\"cardlink\">Exposition &#8221;l&#8217;\u00e9quilibre absolu&#8221; Philippe Marinig<\/a><\/div><\/div><\/div><div class=\"item\" ><div class=\"card card-apidae card-agenda post-type-apidae\"><div class=\"group-top\"><\/div><div class=\"group-media\"><div class=\"field-image\"><img decoding=\"async\" src=\"https:\/\/images.weserv.nl\/?url=https:\/\/static.apidae-tourisme.com\/filestore\/objets-touristiques\/images\/27\/185\/42121499-diaporama.jpg&#038;w=550&#038;h=350&#038;fit=cover&#038;output=webp&#038;q=45\" alt=\"VIVALTO Danse - Rentr\u00e9e 2026\/2027\"\/><\/div><\/div><div class=\"group-content\"><div class=\"field-commune\">La Roche-des-Arnauds<\/div><div class=\"group-dates\" role=\"group\" aria-label=\"Data van het evenement\"><div class=\"field-dates ws-apidae-date-coming\" role=\"group\" aria-label=\"Openingsdatum\"><time datetime=\"2026-09-02\" lang=\"nl\">Op <span class=\"day\">02<\/span><span class=\"month\"> sep.<\/span> van <span class=\"hour\">10h<\/span> tot <span class=\"hour\">19h<\/span><\/time><\/div><div class=\"field-moredates ws-apidae-moredates\" role=\"group\" aria-label=\"Komende data\"><div class=\"moredates\"><div class=\"inner-wrapper\"><span class=\"moredates-label\">Komende data :<\/span><ul class=\"moredates-list\"><li><time datetime=\"2026-09-04\" lang=\"nl\">Op <span class=\"day\">04<\/span><span class=\"month\"> september<\/span> van <span class=\"hour\">17h<\/span> tot <span class=\"hour\">19h<\/span><\/time><\/li><li><time datetime=\"2026-09-05\" lang=\"nl\">Op <span class=\"day\">05<\/span><span class=\"month\"> september<\/span> van <span class=\"hour\">10h<\/span> tot <span class=\"hour\">13h<\/span><\/time><\/li><\/ul><\/div><\/div><\/div><\/div><div class=\"field-title\">VIVALTO Danse - Rentr\u00e9e 2026\/2027<\/div><\/div><div class=\"field-link\"><a href=\"https:\/\/www.hautes-alpes.net\/nl\/fiche\/vivalto-danse-rentree-2026-2027-6\/\" class=\"cardlink\">VIVALTO Danse - Rentr\u00e9e 2026\/2027<\/a><\/div><\/div><\/div><div class=\"item\" ><div class=\"card card-apidae card-agenda post-type-apidae\"><div class=\"group-top\"><\/div><div class=\"group-media\"><div class=\"field-image\"><img decoding=\"async\" src=\"https:\/\/images.weserv.nl\/?url=https:\/\/static.apidae-tourisme.com\/filestore\/objets-touristiques\/images\/242\/184\/42121458-diaporama.jpg&#038;w=550&#038;h=350&#038;fit=cover&#038;output=webp&#038;q=45\" alt=\"VIVALTO - Rentr\u00e9e 2026\/2027\"\/><\/div><\/div><div class=\"group-content\"><div class=\"field-commune\">La Roche-des-Arnauds<\/div><div class=\"group-dates\" role=\"group\" aria-label=\"Data van het evenement\"><div class=\"field-dates ws-apidae-date-coming\" role=\"group\" aria-label=\"Openingsdatum\"><time datetime=\"2026-09-02\" lang=\"nl\">Op <span class=\"day\">02<\/span><span class=\"month\"> sep.<\/span> van <span class=\"hour\">10h<\/span> tot <span class=\"hour\">19h<\/span><\/time><\/div><div class=\"field-moredates ws-apidae-moredates\" role=\"group\" aria-label=\"Komende data\"><div class=\"moredates\"><div class=\"inner-wrapper\"><span class=\"moredates-label\">Komende data :<\/span><ul class=\"moredates-list\"><li><time datetime=\"2026-09-04\" lang=\"nl\">Op <span class=\"day\">04<\/span><span class=\"month\"> september<\/span> van <span class=\"hour\">17h<\/span> tot <span class=\"hour\">19h<\/span><\/time><\/li><li><time datetime=\"2026-09-05\" lang=\"nl\">Op <span class=\"day\">05<\/span><span class=\"month\"> september<\/span> van <span class=\"hour\">10h<\/span> tot <span class=\"hour\">13h<\/span><\/time><\/li><\/ul><\/div><\/div><\/div><\/div><div class=\"field-title\">VIVALTO - Rentr\u00e9e 2026\/2027<\/div><\/div><div class=\"field-link\"><a href=\"https:\/\/www.hautes-alpes.net\/nl\/fiche\/vivalto-rentree-2026-2027-6\/\" class=\"cardlink\">VIVALTO - Rentr\u00e9e 2026\/2027<\/a><\/div><\/div><\/div><div class=\"item\" ><div class=\"card card-apidae card-agenda post-type-apidae\"><div class=\"group-top\"><div class=\"field-fete-cat\">Bezoek met gids en\/of commentaar<\/div><\/div><div class=\"group-media\"><div class=\"field-image\"><img decoding=\"async\" src=\"https:\/\/images.weserv.nl\/?url=https:\/\/static.apidae-tourisme.com\/filestore\/objets-touristiques\/images\/28\/200\/32098332-diaporama.jpg&#038;w=550&#038;h=350&#038;fit=cover&#038;output=webp&#038;q=45\" alt=\"Les glaciers de la Meije comment\u00e9s - Bureau  Montagne Horizons\"\/><\/div><\/div><div class=\"group-content\"><div class=\"field-commune\">La Grave<\/div><div class=\"group-dates\"><div class=\"field-dates\">Van <span class=\"day\">06<\/span><span class=\"month\"> jun.<\/span> tot <span class=\"day\">13<\/span><span class=\"month\"> sep.<\/span><\/div><\/div><div class=\"field-title\">Les glaciers de la Meije comment\u00e9s - Bureau  Montagne Horizons<\/div><\/div><div class=\"field-link\"><a href=\"https:\/\/www.hautes-alpes.net\/nl\/fiche\/les-glaciers-de-la-meije-commentes-bureau-montagne-horizons-4\/\" class=\"cardlink\">Les glaciers de la Meije comment\u00e9s - Bureau  Montagne Horizons<\/a><\/div><\/div><\/div><div class=\"item\" ><div class=\"card card-apidae card-agenda post-type-apidae\"><div class=\"group-top\"><div class=\"field-fete-cat\">Bezoek met gids en\/of commentaar<\/div><\/div><div class=\"group-media\"><div class=\"field-image\"><img decoding=\"async\" src=\"https:\/\/images.weserv.nl\/?url=https:\/\/static.apidae-tourisme.com\/filestore\/objets-touristiques\/images\/52\/166\/29271604-diaporama.jpg&#038;w=550&#038;h=350&#038;fit=cover&#038;output=webp&#038;q=45\" alt=\"Visite de la Ferme des Moli\u00e8res\"\/><\/div><\/div><div class=\"group-content\"><div class=\"field-commune\">La Grave<\/div><div class=\"group-dates\"><div class=\"field-dates\">Van <span class=\"day\">01<\/span><span class=\"month\"> feb.<\/span> van <span class=\"hour\">17h<\/span> tot <span class=\"day\">18<\/span><span class=\"month\"> okt.<\/span> om <span class=\"hour\">18h30<\/span><\/div><\/div><div class=\"field-title\">Visite de la Ferme des Moli\u00e8res<\/div><\/div><div class=\"field-link\"><a href=\"https:\/\/www.hautes-alpes.net\/nl\/fiche\/visite-de-la-ferme-des-molieres-5\/\" class=\"cardlink\">Visite de la Ferme des Moli\u00e8res<\/a><\/div><\/div><\/div><div class=\"item\" ><div class=\"card card-apidae card-agenda post-type-apidae\"><div class=\"group-top\"><div class=\"field-fete-cat\">Expositie<\/div><\/div><div class=\"group-media\"><div class=\"field-image\"><img decoding=\"async\" src=\"https:\/\/images.weserv.nl\/?url=https:\/\/static.apidae-tourisme.com\/filestore\/objets-touristiques\/images\/181\/239\/42004405-diaporama.jpg&#038;w=550&#038;h=350&#038;fit=cover&#038;output=webp&#038;q=45\" alt=\"Exposition au Ch\u00e2teau de Montmaur \u2013 \u201cO\u00f9 passeras-tu l&#8217;\u00e9ternit\u00e9 ?\u201d\"\/><\/div><\/div><div class=\"group-content\"><div class=\"field-commune\">Montmaur<\/div><div class=\"group-dates\"><div class=\"field-dates\">Van <span class=\"day\">03<\/span><span class=\"month\"> jul.<\/span> van <span class=\"hour\">14h<\/span> tot <span class=\"day\">20<\/span><span class=\"month\"> sep.<\/span> om <span class=\"hour\">18h<\/span><\/div><\/div><div class=\"field-title\">Exposition au Ch\u00e2teau de Montmaur \u2013 \u201cO\u00f9 passeras-tu l&#8217;\u00e9ternit\u00e9 ?\u201d<\/div><\/div><div class=\"field-link\"><a href=\"https:\/\/www.hautes-alpes.net\/nl\/fiche\/exposition-au-chateau-de-montmaur-ou-passeras-tu-leternite-6\/\" class=\"cardlink\">Exposition au Ch\u00e2teau de Montmaur \u2013 \u201cO\u00f9 passeras-tu l&#8217;\u00e9ternit\u00e9 ?\u201d<\/a><\/div><\/div><\/div><div class=\"item\" ><div class=\"card card-apidae card-agenda post-type-apidae\"><div class=\"group-top\"><div class=\"field-fete-cat\">Voorstelling \/ Filmprojectie<\/div><\/div><div class=\"group-media\"><div class=\"field-image\"><img decoding=\"async\" src=\"https:\/\/images.weserv.nl\/?url=https:\/\/static.apidae-tourisme.com\/filestore\/objets-touristiques\/images\/98\/28\/42212450-diaporama.png&#038;w=550&#038;h=350&#038;fit=cover&#038;output=webp&#038;q=45\" alt=\"Cin\u00e9 Lautaret - Parc  National des Ecrins\"\/><\/div><\/div><div class=\"group-content\"><div class=\"field-commune\">Villar-d&#039;Ar\u00eane<\/div><div class=\"group-dates\" role=\"group\" aria-label=\"Data van het evenement\"><div class=\"field-dates ws-apidae-date-coming\" role=\"group\" aria-label=\"Openingsdatum\"><time datetime=\"2026-09-02\" lang=\"nl\">Op <span class=\"day\">02<\/span><span class=\"month\"> sep.<\/span><\/time><\/div><div class=\"field-moredates ws-apidae-moredates\" role=\"group\" aria-label=\"Komende data\"><div class=\"moredates\"><div class=\"inner-wrapper\"><span class=\"moredates-label\">Komende data :<\/span><ul class=\"moredates-list\"><li><time datetime=\"2026-09-03\" lang=\"nl\">Op <span class=\"day\">03<\/span><span class=\"month\"> september<\/span><\/time><\/li><li><time datetime=\"2026-09-04\" lang=\"nl\">Op <span class=\"day\">04<\/span><span class=\"month\"> september<\/span><\/time><\/li><li><time datetime=\"2026-09-05\" lang=\"nl\">Op <span class=\"day\">05<\/span><span class=\"month\"> september<\/span><\/time><\/li><\/ul><\/div><\/div><\/div><\/div><div class=\"field-title\">Cin\u00e9 Lautaret - Parc  National des Ecrins<\/div><\/div><div class=\"field-link\"><a href=\"https:\/\/www.hautes-alpes.net\/nl\/fiche\/cine-lautaret-parc-national-des-ecrins-6\/\" class=\"cardlink\">Cin\u00e9 Lautaret - Parc  National des Ecrins<\/a><\/div><\/div><\/div><div class=\"item\" ><div class=\"card card-apidae card-agenda post-type-apidae\"><div class=\"group-top\"><div class=\"field-fete-cat\">Bezoek met gids en\/of commentaar<\/div><\/div><div class=\"group-media\"><div class=\"field-image\"><img decoding=\"async\" src=\"https:\/\/images.weserv.nl\/?url=https:\/\/static.apidae-tourisme.com\/filestore\/objets-touristiques\/images\/0\/154\/31169024-diaporama.jpg&#038;w=550&#038;h=350&#038;fit=cover&#038;output=webp&#038;q=45\" alt=\"Visite de Fort-Queyras\"\/><\/div><\/div><div class=\"group-content\"><div class=\"field-commune\">Ch\u00e2teau-Ville-Vieille<\/div><div class=\"group-dates\"><div class=\"field-dates\">Van <span class=\"day\">13<\/span><span class=\"month\"> jun.<\/span> van <span class=\"hour\">10h<\/span> tot <span class=\"day\">20<\/span><span class=\"month\"> sep.<\/span> om <span class=\"hour\">18h<\/span><\/div><\/div><div class=\"field-title\">Visite de Fort-Queyras<\/div><\/div><div class=\"field-link\"><a href=\"https:\/\/www.hautes-alpes.net\/nl\/fiche\/visite-de-fort-queyras-6\/\" class=\"cardlink\">Visite de Fort-Queyras<\/a><\/div><\/div><\/div><div class=\"item\" ><div class=\"card card-apidae card-agenda post-type-apidae\"><div class=\"group-top\"><div class=\"field-fete-cat\">Bezoek met gids en\/of commentaar<\/div><\/div><div class=\"group-media\"><div class=\"field-image\"><img decoding=\"async\" src=\"https:\/\/images.weserv.nl\/?url=https:\/\/static.apidae-tourisme.com\/filestore\/objets-touristiques\/images\/152\/106\/41249432-diaporama.jpg&#038;w=550&#038;h=350&#038;fit=cover&#038;output=webp&#038;q=45\" alt=\"Visites du ch\u00e2teau de Tallard\"\/><\/div><\/div><div class=\"group-content\"><div class=\"field-commune\">Tallard<\/div><div class=\"group-dates\" role=\"group\" aria-label=\"Data van het evenement\"><div class=\"field-dates ws-apidae-date-coming\" role=\"group\" aria-label=\"Openingsdatum\"><time datetime=\"2026-09-02\" lang=\"nl\">Op <span class=\"day\">02<\/span><span class=\"month\"> sep.<\/span> van <span class=\"hour\">16h<\/span> tot <span class=\"hour\">18h<\/span><\/time><\/div><div class=\"field-moredates ws-apidae-moredates\" role=\"group\" aria-label=\"Komende data\"><div class=\"moredates\"><div class=\"inner-wrapper\"><span class=\"moredates-label\">Komende data :<\/span><ul class=\"moredates-list\"><li><time datetime=\"2026-09-09\" lang=\"nl\">Op <span class=\"day\">09<\/span><span class=\"month\"> september<\/span> van <span class=\"hour\">16h<\/span> tot <span class=\"hour\">18h<\/span><\/time><\/li><li><time datetime=\"2026-09-16\" lang=\"nl\">Op <span class=\"day\">16<\/span><span class=\"month\"> september<\/span> van <span class=\"hour\">16h<\/span> tot <span class=\"hour\">18h<\/span><\/time><\/li><li><time datetime=\"2026-09-23\" lang=\"nl\">Op <span class=\"day\">23<\/span><span class=\"month\"> september<\/span> van <span class=\"hour\">16h<\/span> tot <span class=\"hour\">18h<\/span><\/time><\/li><li><time datetime=\"2026-09-30\" lang=\"nl\">Op <span class=\"day\">30<\/span><span class=\"month\"> september<\/span> van <span class=\"hour\">16h<\/span> tot <span class=\"hour\">18h<\/span><\/time><\/li><li class=\"moredates-more\">en nog meer data\u2026<\/li><\/ul><\/div><\/div><\/div><\/div><div class=\"field-title\">Visites du ch\u00e2teau de Tallard<\/div><\/div><div class=\"field-link\"><a href=\"https:\/\/www.hautes-alpes.net\/nl\/fiche\/visites-du-chateau-de-tallard-7\/\" class=\"cardlink\">Visites du ch\u00e2teau de Tallard<\/a><\/div><\/div><\/div><div class=\"item\" ><div class=\"card card-apidae card-agenda post-type-apidae\"><div class=\"group-top\"><div class=\"field-fete-cat\">Expositie<\/div><\/div><div class=\"group-media\"><div class=\"field-image\"><img decoding=\"async\" src=\"https:\/\/images.weserv.nl\/?url=https:\/\/static.apidae-tourisme.com\/filestore\/objets-touristiques\/images\/53\/46\/41037365-diaporama.png&#038;w=550&#038;h=350&#038;fit=cover&#038;output=webp&#038;q=45\" alt=\"Exposition Mons Seleucus : carrefour divin. Deux si\u00e8cles de fouilles gallo-romaines au c\u0153ur des Alpes du Sud\"\/><\/div><\/div><div class=\"group-content\"><div class=\"field-commune\">Gap<\/div><div class=\"group-dates\" role=\"group\" aria-label=\"Data van het evenement\"><div class=\"field-dates ws-apidae-date-coming\" role=\"group\" aria-label=\"Openingsdatum\"><time datetime=\"2026-09-02\" lang=\"nl\">Op <span class=\"day\">02<\/span><span class=\"month\"> sep.<\/span><\/time><\/div><div class=\"field-moredates ws-apidae-moredates\" role=\"group\" aria-label=\"Komende data\"><div class=\"moredates\"><div class=\"inner-wrapper\"><span class=\"moredates-label\">Komende data :<\/span><ul class=\"moredates-list\"><li><time datetime=\"2026-09-03\" lang=\"nl\">Op <span class=\"day\">03<\/span><span class=\"month\"> september<\/span><\/time><\/li><li><time datetime=\"2026-09-04\" lang=\"nl\">Op <span class=\"day\">04<\/span><span class=\"month\"> september<\/span><\/time><\/li><li><time datetime=\"2026-09-05\" lang=\"nl\">Op <span class=\"day\">05<\/span><span class=\"month\"> september<\/span><\/time><\/li><li><time datetime=\"2026-09-06\" lang=\"nl\">Op <span class=\"day\">06<\/span><span class=\"month\"> september<\/span><\/time><\/li><li class=\"moredates-more\">en nog meer data\u2026<\/li><\/ul><\/div><\/div><\/div><\/div><div class=\"field-title\">Exposition Mons Seleucus : carrefour divin. Deux si\u00e8cles de fouilles gallo-romaines au c\u0153ur des Alpes du Sud<\/div><\/div><div class=\"field-link\"><a href=\"https:\/\/www.hautes-alpes.net\/nl\/fiche\/exposition-mons-seleucus-carrefour-divin-deux-siecles-de-fouilles-gallo-romaines-au-coeur-des-alpes-du-sud-6\/\" class=\"cardlink\">Exposition Mons Seleucus : carrefour divin. Deux si\u00e8cles de fouilles gallo-romaines au c\u0153ur des Alpes du Sud<\/a><\/div><\/div><\/div><div class=\"item\" ><div class=\"card card-apidae card-agenda post-type-apidae\"><div class=\"group-top\"><\/div><div class=\"group-media\"><div class=\"field-image\"><img decoding=\"async\" src=\"https:\/\/images.weserv.nl\/?url=https:\/\/static.apidae-tourisme.com\/filestore\/objets-touristiques\/images\/144\/172\/42380432-diaporama.jpg&#038;w=550&#038;h=350&#038;fit=cover&#038;output=webp&#038;q=45\" alt=\"Projection du film Le sabot montagnard\"\/><\/div><\/div><div class=\"group-content\"><div class=\"field-commune\">Gap<\/div><div class=\"group-dates\" role=\"group\" aria-label=\"Data van het evenement\"><div class=\"field-dates ws-apidae-date-coming\" role=\"group\" aria-label=\"Openingsdatum\"><time datetime=\"2026-09-02\" lang=\"nl\">Op <span class=\"day\">02<\/span><span class=\"month\"> sep.<\/span> van <span class=\"hour\">20h<\/span> tot <span class=\"hour\">21h<\/span><\/time><\/div><\/div><div class=\"field-title\">Projection du film Le sabot montagnard<\/div><\/div><div class=\"field-link\"><a href=\"https:\/\/www.hautes-alpes.net\/nl\/fiche\/projection-du-film-le-sabot-montagnard-8\/\" class=\"cardlink\">Projection du film Le sabot montagnard<\/a><\/div><\/div><\/div><div class=\"item\" ><div class=\"card card-apidae card-agenda post-type-apidae\"><div class=\"group-top\"><div class=\"field-fete-cat\">Bezoek met gids en\/of commentaar<\/div><\/div><div class=\"group-media\"><div class=\"field-image\"><img decoding=\"async\" src=\"https:\/\/images.weserv.nl\/?url=https:\/\/static.apidae-tourisme.com\/filestore\/objets-touristiques\/images\/121\/6\/38602361-diaporama.jpg&#038;w=550&#038;h=350&#038;fit=cover&#038;output=webp&#038;q=45\" alt=\"Rando curieuse : Carri\u00e8res et canaux de Guillestre\"\/><\/div><\/div><div class=\"group-content\"><div class=\"field-commune\">Guillestre<\/div><div class=\"group-dates\" role=\"group\" aria-label=\"Data van het evenement\"><div class=\"field-dates ws-apidae-date-coming\" role=\"group\" aria-label=\"Openingsdatum\"><time datetime=\"2026-09-02\" lang=\"nl\">Op <span class=\"day\">02<\/span><span class=\"month\"> sep.<\/span> van <span class=\"hour\">9h<\/span> tot <span class=\"hour\">12h30<\/span><\/time><\/div><div class=\"field-moredates ws-apidae-moredates\" role=\"group\" aria-label=\"Komende data\"><div class=\"moredates\"><div class=\"inner-wrapper\"><span class=\"moredates-label\">Komende data :<\/span><ul class=\"moredates-list\"><li><time datetime=\"2026-09-09\" lang=\"nl\">Op <span class=\"day\">09<\/span><span class=\"month\"> september<\/span> van <span class=\"hour\">9h<\/span> tot <span class=\"hour\">12h30<\/span><\/time><\/li><li><time datetime=\"2026-09-16\" lang=\"nl\">Op <span class=\"day\">16<\/span><span class=\"month\"> september<\/span> van <span class=\"hour\">9h<\/span> tot <span class=\"hour\">12h30<\/span><\/time><\/li><\/ul><\/div><\/div><\/div><\/div><div class=\"field-title\">Rando curieuse : Carri\u00e8res et canaux de Guillestre<\/div><div class=\"field-description\">Vanuit het oude stadscentrum en de met roze geklede monumenten voert deze panoramische lus langs de irrigatiekanalen langs de marmergroeven van Guillestrois, van de&#8230;<\/div><\/div><div class=\"field-link\"><a href=\"https:\/\/www.hautes-alpes.net\/nl\/fiche\/rando-curieuse-carrieres-et-canaux-de-guillestre-5\/\" class=\"cardlink\">Rando curieuse : Carri\u00e8res et canaux de Guillestre<\/a><\/div><\/div><\/div><div class=\"item\" ><div class=\"card card-apidae card-agenda post-type-apidae\"><div class=\"group-top\"><div class=\"field-fete-cat\">Bezoek met gids en\/of commentaar<\/div><\/div><div class=\"group-media\"><div class=\"field-image\"><img decoding=\"async\" src=\"https:\/\/images.weserv.nl\/?url=https:\/\/static.apidae-tourisme.com\/filestore\/objets-touristiques\/images\/47\/105\/34564399-diaporama.jpg&#038;w=550&#038;h=350&#038;fit=cover&#038;output=webp&#038;q=45\" alt=\"Little Big horn, par Ousmane Sow\"\/><\/div><\/div><div class=\"group-content\"><div class=\"field-commune\">Mont-Dauphin<\/div><div class=\"group-dates\" role=\"group\" aria-label=\"Data van het evenement\"><div class=\"field-dates ws-apidae-date-coming\" role=\"group\" aria-label=\"Openingsdatum\"><time datetime=\"2026-09-02\" lang=\"nl\">Op <span class=\"day\">02<\/span><span class=\"month\"> sep.<\/span><\/time><\/div><div class=\"field-moredates ws-apidae-moredates\" role=\"group\" aria-label=\"Komende data\"><div class=\"moredates\"><div class=\"inner-wrapper\"><span class=\"moredates-label\">Komende data :<\/span><ul class=\"moredates-list\"><li><time datetime=\"2026-09-03\" lang=\"nl\">Op <span class=\"day\">03<\/span><span class=\"month\"> september<\/span><\/time><\/li><li><time datetime=\"2026-09-04\" lang=\"nl\">Op <span class=\"day\">04<\/span><span class=\"month\"> september<\/span><\/time><\/li><li><time datetime=\"2026-09-05\" lang=\"nl\">Op <span class=\"day\">05<\/span><span class=\"month\"> september<\/span><\/time><\/li><li><time datetime=\"2026-09-06\" lang=\"nl\">Op <span class=\"day\">06<\/span><span class=\"month\"> september<\/span><\/time><\/li><li class=\"moredates-more\">en nog meer data\u2026<\/li><\/ul><\/div><\/div><\/div><\/div><div class=\"field-title\">Little Big horn, par Ousmane Sow<\/div><\/div><div class=\"field-link\"><a href=\"https:\/\/www.hautes-alpes.net\/nl\/fiche\/little-big-horn-par-ousmane-sow-6\/\" class=\"cardlink\">Little Big horn, par Ousmane Sow<\/a><\/div><\/div><\/div><div class=\"item\" ><div class=\"card card-apidae card-agenda post-type-apidae\"><div class=\"group-top\"><div class=\"field-fete-cat\">Bezoek met een tablet<\/div><\/div><div class=\"group-media\"><div class=\"field-image\"><img decoding=\"async\" src=\"https:\/\/images.weserv.nl\/?url=https:\/\/static.apidae-tourisme.com\/filestore\/objets-touristiques\/images\/88\/226\/23978584-diaporama.jpg&#038;w=550&#038;h=350&#038;fit=cover&#038;output=webp&#038;q=45\" alt=\"Balade sonore &#8221;Refuge des souffles&#8221; par Floriane Pochon\"\/><\/div><\/div><div class=\"group-content\"><div class=\"field-commune\">Mont-Dauphin<\/div><div class=\"group-dates\" role=\"group\" aria-label=\"Data van het evenement\"><div class=\"field-dates ws-apidae-date-coming\" role=\"group\" aria-label=\"Openingsdatum\"><time datetime=\"2026-09-02\" lang=\"nl\">Op <span class=\"day\">02<\/span><span class=\"month\"> sep.<\/span><\/time><\/div><div class=\"field-moredates ws-apidae-moredates\" role=\"group\" aria-label=\"Komende data\"><div class=\"moredates\"><div class=\"inner-wrapper\"><span class=\"moredates-label\">Komende data :<\/span><ul class=\"moredates-list\"><li><time datetime=\"2026-09-03\" lang=\"nl\">Op <span class=\"day\">03<\/span><span class=\"month\"> september<\/span><\/time><\/li><li><time datetime=\"2026-09-04\" lang=\"nl\">Op <span class=\"day\">04<\/span><span class=\"month\"> september<\/span><\/time><\/li><li><time datetime=\"2026-09-05\" lang=\"nl\">Op <span class=\"day\">05<\/span><span class=\"month\"> september<\/span><\/time><\/li><li><time datetime=\"2026-09-06\" lang=\"nl\">Op <span class=\"day\">06<\/span><span class=\"month\"> september<\/span><\/time><\/li><li class=\"moredates-more\">en nog meer data\u2026<\/li><\/ul><\/div><\/div><\/div><\/div><div class=\"field-title\">Balade sonore &#8221;Refuge des souffles&#8221; par Floriane Pochon<\/div><\/div><div class=\"field-link\"><a href=\"https:\/\/www.hautes-alpes.net\/nl\/fiche\/balade-sonore-refuge-des-souffles-par-floriane-pochon-6\/\" class=\"cardlink\">Balade sonore &#8221;Refuge des souffles&#8221; par Floriane Pochon<\/a><\/div><\/div><\/div><div class=\"item\" ><div class=\"card card-apidae card-agenda post-type-apidae\"><div class=\"group-top\"><div class=\"field-fete-cat\">Proeven<\/div><\/div><div class=\"group-media\"><div class=\"field-image\"><img decoding=\"async\" src=\"https:\/\/images.weserv.nl\/?url=https:\/\/static.apidae-tourisme.com\/filestore\/objets-touristiques\/images\/238\/81\/32592366-diaporama.jpg&#038;w=550&#038;h=350&#038;fit=cover&#038;output=webp&#038;q=45\" alt=\"Go\u00fbter \u00e0 la Ferme de la Clar\u00e9e\"\/><\/div><\/div><div class=\"group-content\"><div class=\"field-commune\">N\u00e9vache<\/div><div class=\"group-dates\"><div class=\"field-dates\">Van <span class=\"day\">20<\/span><span class=\"month\"> aug.<\/span> van <span class=\"hour\">16h<\/span> tot <span class=\"day\">31<\/span><span class=\"month\"> okt.<\/span> om <span class=\"hour\">18h<\/span><\/div><\/div><div class=\"field-title\">Go\u00fbter \u00e0 la Ferme de la Clar\u00e9e<\/div><\/div><div class=\"field-link\"><a href=\"https:\/\/www.hautes-alpes.net\/nl\/fiche\/gouter-a-la-ferme-de-la-claree-6\/\" class=\"cardlink\">Go\u00fbter \u00e0 la Ferme de la Clar\u00e9e<\/a><\/div><\/div><\/div><div class=\"item\" ><div class=\"card card-apidae card-agenda post-type-apidae\"><div class=\"group-top\"><div class=\"field-fete-cat\">Lezing<\/div><\/div><div class=\"group-media\"><div class=\"field-image\"><img decoding=\"async\" src=\"https:\/\/images.weserv.nl\/?url=https:\/\/static.apidae-tourisme.com\/filestore\/objets-touristiques\/images\/89\/251\/42400601-diaporama.jpg&#038;w=550&#038;h=350&#038;fit=cover&#038;output=webp&#038;q=45\" alt=\"C\u00e9\u00fcse : restrictions d&#8217;acc\u00e8s au massif\"\/><\/div><\/div><div class=\"group-content\"><div class=\"field-commune\">Manteyer<\/div><div class=\"group-dates\" role=\"group\" aria-label=\"Data van het evenement\"><div class=\"field-dates ws-apidae-date-coming\" role=\"group\" aria-label=\"Openingsdatum\"><time datetime=\"2026-09-02\" lang=\"nl\">Op <span class=\"day\">02<\/span><span class=\"month\"> sep.<\/span><\/time><\/div><div class=\"field-moredates ws-apidae-moredates\" role=\"group\" aria-label=\"Komende data\"><div class=\"moredates\"><div class=\"inner-wrapper\"><span class=\"moredates-label\">Komende data :<\/span><ul class=\"moredates-list\"><li><time datetime=\"2026-09-03\" lang=\"nl\">Op <span class=\"day\">03<\/span><span class=\"month\"> september<\/span><\/time><\/li><li><time datetime=\"2026-09-04\" lang=\"nl\">Op <span class=\"day\">04<\/span><span class=\"month\"> september<\/span><\/time><\/li><li><time datetime=\"2026-09-07\" lang=\"nl\">Op <span class=\"day\">07<\/span><span class=\"month\"> september<\/span><\/time><\/li><li><time datetime=\"2026-09-08\" lang=\"nl\">Op <span class=\"day\">08<\/span><span class=\"month\"> september<\/span><\/time><\/li><li class=\"moredates-more\">en nog meer data\u2026<\/li><\/ul><\/div><\/div><\/div><\/div><div class=\"field-title\">C\u00e9\u00fcse : restrictions d&#8217;acc\u00e8s au massif<\/div><\/div><div class=\"field-link\"><a href=\"https:\/\/www.hautes-alpes.net\/nl\/fiche\/ceuse-restrictions-dacces-au-massif-6\/\" class=\"cardlink\">C\u00e9\u00fcse : restrictions d&#8217;acc\u00e8s au massif<\/a><\/div><\/div><\/div><div class=\"item\" ><div class=\"card card-apidae card-agenda post-type-apidae\"><div class=\"group-top\"><div class=\"field-fete-cat\">Introductie binnen het kader van een evenement<\/div><\/div><div class=\"group-media\"><div class=\"field-image\"><img decoding=\"async\" src=\"https:\/\/images.weserv.nl\/?url=https:\/\/static.apidae-tourisme.com\/filestore\/objets-touristiques\/images\/193\/4\/42468545-diaporama.jpg&#038;w=550&#038;h=350&#038;fit=cover&#038;output=webp&#038;q=45\" alt=\"Les vendanges touristiques\"\/><\/div><\/div><div class=\"group-content\"><div class=\"field-commune\">Upaix<\/div><div class=\"group-dates\"><div class=\"field-dates\">Van <span class=\"day\">22<\/span><span class=\"month\"> aug.<\/span> tot <span class=\"day\">13<\/span><span class=\"month\"> okt.<\/span><\/div><\/div><div class=\"field-title\">Les vendanges touristiques<\/div><\/div><div class=\"field-link\"><a href=\"https:\/\/www.hautes-alpes.net\/nl\/fiche\/les-vendanges-touristiques-6\/\" class=\"cardlink\">Les vendanges touristiques<\/a><\/div><\/div><\/div><div class=\"item\" ><div class=\"card card-apidae card-agenda post-type-apidae\"><div class=\"group-top\"><div class=\"field-fete-cat\">Expositie<\/div><\/div><div class=\"group-media\"><div class=\"field-image\"><img decoding=\"async\" src=\"https:\/\/images.weserv.nl\/?url=https:\/\/static.apidae-tourisme.com\/filestore\/objets-touristiques\/images\/230\/31\/41033702-diaporama.jpg&#038;w=550&#038;h=350&#038;fit=cover&#038;output=webp&#038;q=45\" alt=\"Comar : trait naturel ?\"\/><\/div><\/div><div class=\"group-content\"><div class=\"field-commune\">Gap<\/div><div class=\"group-dates\" role=\"group\" aria-label=\"Data van het evenement\"><div class=\"field-dates ws-apidae-date-coming\" role=\"group\" aria-label=\"Openingsdatum\"><time datetime=\"2026-09-02\" lang=\"nl\">Op <span class=\"day\">02<\/span><span class=\"month\"> sep.<\/span><\/time><\/div><div class=\"field-moredates ws-apidae-moredates\" role=\"group\" aria-label=\"Komende data\"><div class=\"moredates\"><div class=\"inner-wrapper\"><span class=\"moredates-label\">Komende data :<\/span><ul class=\"moredates-list\"><li><time datetime=\"2026-09-03\" lang=\"nl\">Op <span class=\"day\">03<\/span><span class=\"month\"> september<\/span><\/time><\/li><li><time datetime=\"2026-09-04\" lang=\"nl\">Op <span class=\"day\">04<\/span><span class=\"month\"> september<\/span><\/time><\/li><li><time datetime=\"2026-09-05\" lang=\"nl\">Op <span class=\"day\">05<\/span><span class=\"month\"> september<\/span><\/time><\/li><li><time datetime=\"2026-09-06\" lang=\"nl\">Op <span class=\"day\">06<\/span><span class=\"month\"> september<\/span><\/time><\/li><li class=\"moredates-more\">en nog meer data\u2026<\/li><\/ul><\/div><\/div><\/div><\/div><div class=\"field-title\">Comar : trait naturel ?<\/div><\/div><div class=\"field-link\"><a href=\"https:\/\/www.hautes-alpes.net\/nl\/fiche\/comar-trait-naturel-6\/\" class=\"cardlink\">Comar : trait naturel ?<\/a><\/div><\/div><\/div><div class=\"item\" ><div class=\"card card-apidae card-agenda post-type-apidae\"><div class=\"group-top\"><div class=\"field-fete-cat\">Markt<\/div><\/div><div class=\"group-media\"><div class=\"field-image\"><img decoding=\"async\" src=\"https:\/\/images.weserv.nl\/?url=https:\/\/static.apidae-tourisme.com\/filestore\/objets-touristiques\/images\/119\/90\/41704055-diaporama.jpg&#038;w=550&#038;h=350&#038;fit=cover&#038;output=webp&#038;q=45\" alt=\"Exposition vente de produits locaux artisanaux\"\/><\/div><\/div><div class=\"group-content\"><div class=\"field-commune\">Rosans<\/div><div class=\"group-dates\"><div class=\"field-dates\">Van <span class=\"day\">30<\/span><span class=\"month\"> jun.<\/span> tot <span class=\"day\">06<\/span><span class=\"month\"> sep.<\/span><\/div><\/div><div class=\"field-title\">Exposition vente de produits locaux artisanaux<\/div><\/div><div class=\"field-link\"><a href=\"https:\/\/www.hautes-alpes.net\/nl\/fiche\/exposition-vente-de-produits-locaux-artisanaux-6\/\" class=\"cardlink\">Exposition vente de produits locaux artisanaux<\/a><\/div><\/div><\/div><div class=\"item\" ><div class=\"card card-apidae card-agenda post-type-apidae\"><div class=\"group-top\"><div class=\"field-fete-cat\">Bezoek met gids en\/of commentaar<\/div><\/div><div class=\"group-media\"><div class=\"field-image\"><img decoding=\"async\" src=\"https:\/\/images.weserv.nl\/?url=https:\/\/static.apidae-tourisme.com\/filestore\/objets-touristiques\/images\/40\/254\/12647976-diaporama.jpg&#038;w=550&#038;h=350&#038;fit=cover&#038;output=webp&#038;q=45\" alt=\"Visite de l&#8217;atelier  - Brasserie des Gorges de la M\u00e9ouge\"\/><\/div><\/div><div class=\"group-content\"><div class=\"field-commune\">Val Bu\u00ebch-M\u00e9ouge<\/div><div class=\"group-dates\" role=\"group\" aria-label=\"Data van het evenement\"><div class=\"field-dates ws-apidae-date-coming\" role=\"group\" aria-label=\"Openingsdatum\"><time datetime=\"2026-09-04\" lang=\"nl\">Op <span class=\"day\">04<\/span><span class=\"month\"> sep.<\/span><\/time><\/div><div class=\"field-moredates ws-apidae-moredates\" role=\"group\" aria-label=\"Komende data\"><div class=\"moredates\"><div class=\"inner-wrapper\"><span class=\"moredates-label\">Komende data :<\/span><ul class=\"moredates-list\"><li><time datetime=\"2026-09-05\" lang=\"nl\">Op <span class=\"day\">05<\/span><span class=\"month\"> september<\/span><\/time><\/li><li><time datetime=\"2026-09-11\" lang=\"nl\">Op <span class=\"day\">11<\/span><span class=\"month\"> september<\/span><\/time><\/li><li><time datetime=\"2026-09-12\" lang=\"nl\">Op <span class=\"day\">12<\/span><span class=\"month\"> september<\/span><\/time><\/li><li><time datetime=\"2026-09-18\" lang=\"nl\">Op <span class=\"day\">18<\/span><span class=\"month\"> september<\/span><\/time><\/li><li class=\"moredates-more\">en nog meer data\u2026<\/li><\/ul><\/div><\/div><\/div><\/div><div class=\"field-title\">Visite de l&#8217;atelier  - Brasserie des Gorges de la M\u00e9ouge<\/div><\/div><div class=\"field-link\"><a href=\"https:\/\/www.hautes-alpes.net\/nl\/fiche\/visite-de-latelier-brasserie-des-gorges-de-la-meouge-6\/\" class=\"cardlink\">Visite de l&#8217;atelier  - Brasserie des Gorges de la M\u00e9ouge<\/a><\/div><\/div><\/div><div class=\"item\" ><div class=\"card card-apidae card-agenda post-type-apidae\"><div class=\"group-top\"><div class=\"field-fete-cat\">Regelmatige markt<\/div><\/div><div class=\"group-media\"><div class=\"field-image\"><img decoding=\"async\" src=\"https:\/\/images.weserv.nl\/?url=https:\/\/static.apidae-tourisme.com\/filestore\/objets-touristiques\/images\/72\/248\/18020424-diaporama.jpg&#038;w=550&#038;h=350&#038;fit=cover&#038;output=webp&#038;q=45\" alt=\"March\u00e9 hebdomadaire\"\/><\/div><\/div><div class=\"group-content\"><div class=\"field-commune\">Tallard<\/div><div class=\"group-dates\" role=\"group\" aria-label=\"Data van het evenement\"><div class=\"field-dates ws-apidae-date-coming\" role=\"group\" aria-label=\"Openingsdatum\"><time datetime=\"2026-09-04\" lang=\"nl\">Op <span class=\"day\">04<\/span><span class=\"month\"> sep.<\/span><\/time><\/div><div class=\"field-moredates ws-apidae-moredates\" role=\"group\" aria-label=\"Komende data\"><div class=\"moredates\"><div class=\"inner-wrapper\"><span class=\"moredates-label\">Komende data :<\/span><ul class=\"moredates-list\"><li><time datetime=\"2026-09-08\" lang=\"nl\">Op <span class=\"day\">08<\/span><span class=\"month\"> september<\/span><\/time><\/li><li><time datetime=\"2026-09-11\" lang=\"nl\">Op <span class=\"day\">11<\/span><span class=\"month\"> september<\/span><\/time><\/li><li><time datetime=\"2026-09-15\" lang=\"nl\">Op <span class=\"day\">15<\/span><span class=\"month\"> september<\/span><\/time><\/li><li><time datetime=\"2026-09-18\" lang=\"nl\">Op <span class=\"day\">18<\/span><span class=\"month\"> september<\/span><\/time><\/li><li class=\"moredates-more\">en nog meer data\u2026<\/li><\/ul><\/div><\/div><\/div><\/div><div class=\"field-title\">March\u00e9 hebdomadaire<\/div><\/div><div class=\"field-link\"><a href=\"https:\/\/www.hautes-alpes.net\/nl\/fiche\/marche-hebdomadaire-6\/\" class=\"cardlink\">March\u00e9 hebdomadaire<\/a><\/div><\/div><\/div><div class=\"item\" ><div class=\"card card-apidae card-agenda post-type-apidae\"><div class=\"group-top\"><div class=\"field-fete-cat\">Markt<\/div><\/div><div class=\"group-media\"><div class=\"field-image\"><img decoding=\"async\" src=\"https:\/\/images.weserv.nl\/?url=https:\/\/static.apidae-tourisme.com\/filestore\/objets-touristiques\/images\/176\/40\/18098352-diaporama.jpg&#038;w=550&#038;h=350&#038;fit=cover&#038;output=webp&#038;q=45\" alt=\"March\u00e9 de La Roche des Arnauds\"\/><\/div><\/div><div class=\"group-content\"><div class=\"field-commune\">La Roche-des-Arnauds<\/div><div class=\"group-dates\" role=\"group\" aria-label=\"Data van het evenement\"><div class=\"field-dates ws-apidae-date-coming\" role=\"group\" aria-label=\"Openingsdatum\"><time datetime=\"2026-09-04\" lang=\"nl\">Op <span class=\"day\">04<\/span><span class=\"month\"> sep.<\/span><\/time><\/div><div class=\"field-moredates ws-apidae-moredates\" role=\"group\" aria-label=\"Komende data\"><div class=\"moredates\"><div class=\"inner-wrapper\"><span class=\"moredates-label\">Komende data :<\/span><ul class=\"moredates-list\"><li><time datetime=\"2026-09-11\" lang=\"nl\">Op <span class=\"day\">11<\/span><span class=\"month\"> september<\/span><\/time><\/li><li><time datetime=\"2026-09-18\" lang=\"nl\">Op <span class=\"day\">18<\/span><span class=\"month\"> september<\/span><\/time><\/li><li><time datetime=\"2026-09-25\" lang=\"nl\">Op <span class=\"day\">25<\/span><span class=\"month\"> september<\/span><\/time><\/li><li><time datetime=\"2026-10-02\" lang=\"nl\">Op <span class=\"day\">02<\/span><span class=\"month\"> oktober<\/span><\/time><\/li><li class=\"moredates-more\">en nog meer data\u2026<\/li><\/ul><\/div><\/div><\/div><\/div><div class=\"field-title\">March\u00e9 de La Roche des Arnauds<\/div><\/div><div class=\"field-link\"><a href=\"https:\/\/www.hautes-alpes.net\/nl\/fiche\/marche-de-la-roche-des-arnauds-6\/\" class=\"cardlink\">March\u00e9 de La Roche des Arnauds<\/a><\/div><\/div><\/div><div class=\"item\" ><div class=\"card card-apidae card-agenda post-type-apidae\"><div class=\"group-top\"><div class=\"field-fete-cat\">Bezoek met gids en\/of commentaar<\/div><\/div><div class=\"group-media\"><div class=\"field-image\"><img decoding=\"async\" src=\"https:\/\/images.weserv.nl\/?url=https:\/\/static.apidae-tourisme.com\/filestore\/objets-touristiques\/images\/237\/21\/41227757-diaporama.jpg&#038;w=550&#038;h=350&#038;fit=cover&#038;output=webp&#038;q=45\" alt=\"Complet - Visite de l&#8217;observatoire NOEMA\"\/><\/div><\/div><div class=\"group-content\"><div class=\"field-commune\">D\u00e9voluy<\/div><div class=\"group-dates\" role=\"group\" aria-label=\"Data van het evenement\"><div class=\"field-dates ws-apidae-date-coming\" role=\"group\" aria-label=\"Openingsdatum\"><time datetime=\"2026-09-04\" lang=\"nl\">Op <span class=\"day\">04<\/span><span class=\"month\"> sep.<\/span><\/time><\/div><div class=\"field-moredates ws-apidae-moredates\" role=\"group\" aria-label=\"Komende data\"><div class=\"moredates\"><div class=\"inner-wrapper\"><span class=\"moredates-label\">Komende data :<\/span><ul class=\"moredates-list\"><li><time datetime=\"2026-09-18\" lang=\"nl\">Op <span class=\"day\">18<\/span><span class=\"month\"> september<\/span><\/time><\/li><li><time datetime=\"2026-10-02\" lang=\"nl\">Op <span class=\"day\">02<\/span><span class=\"month\"> oktober<\/span><\/time><\/li><li><time datetime=\"2026-10-16\" lang=\"nl\">Op <span class=\"day\">16<\/span><span class=\"month\"> oktober<\/span><\/time><\/li><li><time datetime=\"2026-10-30\" lang=\"nl\">Op <span class=\"day\">30<\/span><span class=\"month\"> oktober<\/span><\/time><\/li><\/ul><\/div><\/div><\/div><\/div><div class=\"field-title\">Complet - Visite de l&#8217;observatoire NOEMA<\/div><\/div><div class=\"field-link\"><a href=\"https:\/\/www.hautes-alpes.net\/nl\/fiche\/complet-visite-de-lobservatoire-noema-6\/\" class=\"cardlink\">Complet - Visite de l&#8217;observatoire NOEMA<\/a><\/div><\/div><\/div><div class=\"item\" ><div class=\"card card-apidae card-agenda post-type-apidae\"><div class=\"group-top\"><div class=\"field-fete-cat\">Expositie<\/div><\/div><div class=\"group-media\"><div class=\"field-image\"><img decoding=\"async\" src=\"https:\/\/images.weserv.nl\/?url=https:\/\/static.apidae-tourisme.com\/filestore\/objets-touristiques\/images\/192\/247\/41088960-diaporama.jpg&#038;w=550&#038;h=350&#038;fit=cover&#038;output=webp&#038;q=45\" alt=\"Exposition - Les femmes au moyen-\u00e2ge\"\/><\/div><\/div><div class=\"group-content\"><div class=\"field-commune\">Embrun<\/div><div class=\"group-dates\" role=\"group\" aria-label=\"Data van het evenement\"><div class=\"field-dates ws-apidae-date-coming\" role=\"group\" aria-label=\"Openingsdatum\"><time datetime=\"2026-09-04\" lang=\"nl\">Op <span class=\"day\">04<\/span><span class=\"month\"> sep.<\/span> van <span class=\"hour\">15h<\/span> tot <span class=\"hour\">18h<\/span><\/time><\/div><div class=\"field-moredates ws-apidae-moredates\" role=\"group\" aria-label=\"Komende data\"><div class=\"moredates\"><div class=\"inner-wrapper\"><span class=\"moredates-label\">Komende data :<\/span><ul class=\"moredates-list\"><li><time datetime=\"2026-09-05\" lang=\"nl\">Op <span class=\"day\">05<\/span><span class=\"month\"> september<\/span> van <span class=\"hour\">15h<\/span> tot <span class=\"hour\">18h<\/span><\/time><\/li><li><time datetime=\"2026-09-09\" lang=\"nl\">Op <span class=\"day\">09<\/span><span class=\"month\"> september<\/span> van <span class=\"hour\">15h<\/span> tot <span class=\"hour\">18h<\/span><\/time><\/li><li><time datetime=\"2026-09-10\" lang=\"nl\">Op <span class=\"day\">10<\/span><span class=\"month\"> september<\/span> van <span class=\"hour\">15h<\/span> tot <span class=\"hour\">18h<\/span><\/time><\/li><li><time datetime=\"2026-09-11\" lang=\"nl\">Op <span class=\"day\">11<\/span><span class=\"month\"> september<\/span> van <span class=\"hour\">15h<\/span> tot <span class=\"hour\">18h<\/span><\/time><\/li><li class=\"moredates-more\">en nog meer data\u2026<\/li><\/ul><\/div><\/div><\/div><\/div><div class=\"field-title\">Exposition - Les femmes au moyen-\u00e2ge<\/div><\/div><div class=\"field-link\"><a href=\"https:\/\/www.hautes-alpes.net\/nl\/fiche\/exposition-les-femmes-au-moyen-age-6\/\" class=\"cardlink\">Exposition - Les femmes au moyen-\u00e2ge<\/a><\/div><\/div><\/div><div class=\"item\" ><div class=\"card card-apidae card-agenda post-type-apidae\"><div class=\"group-top\"><div class=\"field-fete-cat\">Bezoek met gids en\/of commentaar<\/div><\/div><div class=\"group-media\"><div class=\"field-image\"><img decoding=\"async\" src=\"https:\/\/images.weserv.nl\/?url=https:\/\/static.apidae-tourisme.com\/filestore\/objets-touristiques\/images\/14\/46\/13708814-diaporama.jpg&#038;w=550&#038;h=350&#038;fit=cover&#038;output=webp&#038;q=45\" alt=\"Visites du jardin historique de Mont-Dauphin\"\/><\/div><\/div><div class=\"group-content\"><div class=\"field-commune\">Mont-Dauphin<\/div><div class=\"group-dates\" role=\"group\" aria-label=\"Data van het evenement\"><div class=\"field-dates ws-apidae-date-coming\" role=\"group\" aria-label=\"Openingsdatum\"><time datetime=\"2026-09-04\" lang=\"nl\">Op <span class=\"day\">04<\/span><span class=\"month\"> sep.<\/span><\/time><\/div><div class=\"field-moredates ws-apidae-moredates\" role=\"group\" aria-label=\"Komende data\"><div class=\"moredates\"><div class=\"inner-wrapper\"><span class=\"moredates-label\">Komende data :<\/span><ul class=\"moredates-list\"><li><time datetime=\"2026-09-07\" lang=\"nl\">Op <span class=\"day\">07<\/span><span class=\"month\"> september<\/span><\/time><\/li><li><time datetime=\"2026-09-11\" lang=\"nl\">Op <span class=\"day\">11<\/span><span class=\"month\"> september<\/span><\/time><\/li><li><time datetime=\"2026-09-14\" lang=\"nl\">Op <span class=\"day\">14<\/span><span class=\"month\"> september<\/span><\/time><\/li><li><time datetime=\"2026-09-18\" lang=\"nl\">Op <span class=\"day\">18<\/span><span class=\"month\"> september<\/span><\/time><\/li><li class=\"moredates-more\">en nog meer data\u2026<\/li><\/ul><\/div><\/div><\/div><\/div><div class=\"field-title\">Visites du jardin historique de Mont-Dauphin<\/div><\/div><div class=\"field-link\"><a href=\"https:\/\/www.hautes-alpes.net\/nl\/fiche\/visites-du-jardin-historique-de-mont-dauphin-6\/\" class=\"cardlink\">Visites du jardin historique de Mont-Dauphin<\/a><\/div><\/div><\/div><div class=\"item\" ><div class=\"card card-apidae card-agenda post-type-apidae\"><div class=\"group-top\"><div class=\"field-fete-cat\">Introductie binnen het kader van een evenement<\/div><\/div><div class=\"group-media\"><div class=\"field-image\"><img decoding=\"async\" src=\"https:\/\/images.weserv.nl\/?url=https:\/\/static.apidae-tourisme.com\/filestore\/objets-touristiques\/images\/115\/102\/35939955-diaporama.jpg&#038;w=550&#038;h=350&#038;fit=cover&#038;output=webp&#038;q=45\" alt=\"Initiation aux \u00e9checs\"\/><\/div><\/div><div class=\"group-content\"><div class=\"field-commune\">Guillestre<\/div><div class=\"group-dates\" role=\"group\" aria-label=\"Data van het evenement\"><div class=\"field-dates ws-apidae-date-coming\" role=\"group\" aria-label=\"Openingsdatum\"><time datetime=\"2026-09-04\" lang=\"nl\">Op <span class=\"day\">04<\/span><span class=\"month\"> sep.<\/span> van <span class=\"hour\">16h30<\/span> tot <span class=\"hour\">17h30<\/span><\/time><\/div><div class=\"field-moredates ws-apidae-moredates\" role=\"group\" aria-label=\"Komende data\"><div class=\"moredates\"><div class=\"inner-wrapper\"><span class=\"moredates-label\">Komende data :<\/span><ul class=\"moredates-list\"><li><time datetime=\"2026-09-11\" lang=\"nl\">Op <span class=\"day\">11<\/span><span class=\"month\"> september<\/span> van <span class=\"hour\">16h30<\/span> tot <span class=\"hour\">17h30<\/span><\/time><\/li><li><time datetime=\"2026-09-18\" lang=\"nl\">Op <span class=\"day\">18<\/span><span class=\"month\"> september<\/span> van <span class=\"hour\">16h30<\/span> tot <span class=\"hour\">17h30<\/span><\/time><\/li><li><time datetime=\"2026-09-25\" lang=\"nl\">Op <span class=\"day\">25<\/span><span class=\"month\"> september<\/span> van <span class=\"hour\">16h30<\/span> tot <span class=\"hour\">17h30<\/span><\/time><\/li><li><time datetime=\"2026-10-02\" lang=\"nl\">Op <span class=\"day\">02<\/span><span class=\"month\"> oktober<\/span> van <span class=\"hour\">16h30<\/span> tot <span class=\"hour\">17h30<\/span><\/time><\/li><li class=\"moredates-more\">en nog meer data\u2026<\/li><\/ul><\/div><\/div><\/div><\/div><div class=\"field-title\">Initiation aux \u00e9checs<\/div><\/div><div class=\"field-link\"><a href=\"https:\/\/www.hautes-alpes.net\/nl\/fiche\/initiation-aux-echecs-6\/\" class=\"cardlink\">Initiation aux \u00e9checs<\/a><\/div><\/div><\/div><div class=\"item\" ><div class=\"card card-apidae card-agenda post-type-apidae\"><div class=\"group-top\"><div class=\"field-fete-cat\">Bezoek met gids en\/of commentaar<\/div><\/div><div class=\"group-media\"><div class=\"field-image\"><img decoding=\"async\" src=\"https:\/\/images.weserv.nl\/?url=https:\/\/static.apidae-tourisme.com\/filestore\/objets-touristiques\/images\/84\/36\/35464276-diaporama.jpg&#038;w=550&#038;h=350&#038;fit=cover&#038;output=webp&#038;q=45\" alt=\"Visite guid\u00e9e de la Miellerie du Paroy\"\/><\/div><\/div><div class=\"group-content\"><div class=\"field-commune\">Serres<\/div><div class=\"group-dates\" role=\"group\" aria-label=\"Data van het evenement\"><div class=\"field-dates ws-apidae-date-coming\" role=\"group\" aria-label=\"Openingsdatum\"><time datetime=\"2026-09-04\" lang=\"nl\">Op <span class=\"day\">04<\/span><span class=\"month\"> sep.<\/span> van <span class=\"hour\">18h<\/span> tot <span class=\"hour\">19h<\/span><\/time><\/div><div class=\"field-moredates ws-apidae-moredates\" role=\"group\" aria-label=\"Komende data\"><div class=\"moredates\"><div class=\"inner-wrapper\"><span class=\"moredates-label\">Komende data :<\/span><ul class=\"moredates-list\"><li><time datetime=\"2026-10-23\" lang=\"nl\">Op <span class=\"day\">23<\/span><span class=\"month\"> oktober<\/span> van <span class=\"hour\">18h<\/span> tot <span class=\"hour\">19h<\/span><\/time><\/li><\/ul><\/div><\/div><\/div><\/div><div class=\"field-title\">Visite guid\u00e9e de la Miellerie du Paroy<\/div><\/div><div class=\"field-link\"><a href=\"https:\/\/www.hautes-alpes.net\/nl\/fiche\/visite-guidee-de-la-miellerie-du-paroy-6\/\" class=\"cardlink\">Visite guid\u00e9e de la Miellerie du Paroy<\/a><\/div><\/div><\/div><div class=\"item\" ><div class=\"card card-apidae card-agenda post-type-apidae\"><div class=\"group-top\"><div class=\"field-fete-cat\">Bezoek met gids en\/of commentaar<\/div><\/div><div class=\"group-media\"><div class=\"field-image\"><img decoding=\"async\" src=\"https:\/\/images.weserv.nl\/?url=https:\/\/static.apidae-tourisme.com\/filestore\/objets-touristiques\/images\/86\/99\/39150422-diaporama.jpg&#038;w=550&#038;h=350&#038;fit=cover&#038;output=webp&#038;q=45\" alt=\"Visite guid\u00e9e : Saint-V\u00e9ran, un village dans les \u00e9toiles\"\/><\/div><\/div><div class=\"group-content\"><div class=\"field-commune\">Saint-V\u00e9ran<\/div><div class=\"group-dates\" role=\"group\" aria-label=\"Data van het evenement\"><div class=\"field-dates ws-apidae-date-coming\" role=\"group\" aria-label=\"Openingsdatum\"><time datetime=\"2026-09-04\" lang=\"nl\">Op <span class=\"day\">04<\/span><span class=\"month\"> sep.<\/span> van <span class=\"hour\">10h<\/span> tot <span class=\"hour\">11h30<\/span><\/time><\/div><div class=\"field-moredates ws-apidae-moredates\" role=\"group\" aria-label=\"Komende data\"><div class=\"moredates\"><div class=\"inner-wrapper\"><span class=\"moredates-label\">Komende data :<\/span><ul class=\"moredates-list\"><li><time datetime=\"2026-09-11\" lang=\"nl\">Op <span class=\"day\">11<\/span><span class=\"month\"> september<\/span> van <span class=\"hour\">10h<\/span> tot <span class=\"hour\">11h30<\/span><\/time><\/li><li><time datetime=\"2026-09-18\" lang=\"nl\">Op <span class=\"day\">18<\/span><span class=\"month\"> september<\/span> van <span class=\"hour\">10h<\/span> tot <span class=\"hour\">11h30<\/span><\/time><\/li><\/ul><\/div><\/div><\/div><\/div><div class=\"field-title\">Visite guid\u00e9e : Saint-V\u00e9ran, un village dans les \u00e9toiles<\/div><div class=\"field-description\">Bovenop de kruizen van de Passie pikken hanen naar de sterren aan de hemel van Queyrassin. Met zijn opmerkelijke architectuur, een van de hoogst&#8230;<\/div><\/div><div class=\"field-link\"><a href=\"https:\/\/www.hautes-alpes.net\/nl\/fiche\/visite-guidee-saint-veran-un-village-dans-les-etoiles-5\/\" class=\"cardlink\">Visite guid\u00e9e : Saint-V\u00e9ran, un village dans les \u00e9toiles<\/a><\/div><\/div><\/div><div class=\"item\" ><div class=\"card card-apidae card-agenda post-type-apidae\"><div class=\"group-top\"><\/div><div class=\"group-media\"><div class=\"field-image\"><img decoding=\"async\" src=\"https:\/\/images.weserv.nl\/?url=https:\/\/static.apidae-tourisme.com\/filestore\/objets-touristiques\/images\/198\/172\/42380486-diaporama.jpg&#038;w=550&#038;h=350&#038;fit=cover&#038;output=webp&#038;q=45\" alt=\"Projection du film Yukon, un r\u00eave blanc\"\/><\/div><\/div><div class=\"group-content\"><div class=\"field-commune\">Gap<\/div><div class=\"group-dates\" role=\"group\" aria-label=\"Data van het evenement\"><div class=\"field-dates ws-apidae-date-coming\" role=\"group\" aria-label=\"Openingsdatum\"><time datetime=\"2026-09-04\" lang=\"nl\">Op <span class=\"day\">04<\/span><span class=\"month\"> sep.<\/span> van <span class=\"hour\">18h<\/span> tot <span class=\"hour\">19h<\/span><\/time><\/div><\/div><div class=\"field-title\">Projection du film Yukon, un r\u00eave blanc<\/div><\/div><div class=\"field-link\"><a href=\"https:\/\/www.hautes-alpes.net\/nl\/fiche\/projection-du-film-yukon-un-reve-blanc-8\/\" class=\"cardlink\">Projection du film Yukon, un r\u00eave blanc<\/a><\/div><\/div><\/div><div class=\"item\" ><div class=\"card card-apidae card-agenda post-type-apidae\"><div class=\"group-top\"><div class=\"field-fete-cat\">Festival<\/div><\/div><div class=\"group-media\"><div class=\"field-image\"><img decoding=\"async\" src=\"https:\/\/images.weserv.nl\/?url=https:\/\/static.apidae-tourisme.com\/filestore\/objets-touristiques\/images\/91\/183\/42317659-diaporama.jpg&#038;w=550&#038;h=350&#038;fit=cover&#038;output=webp&#038;q=45\" alt=\"9\u00e8me Festival Cin\u00e9ma et Sant\u00e9\"\/><\/div><\/div><div class=\"group-content\"><div class=\"field-commune\">Rosans<\/div><div class=\"group-dates\"><div class=\"field-dates\">Van <span class=\"day\">04<\/span><span class=\"month\"> sep.<\/span> tot <span class=\"day\">06<\/span><span class=\"month\"> sep.<\/span><\/div><\/div><div class=\"field-title\">9\u00e8me Festival Cin\u00e9ma et Sant\u00e9<\/div><\/div><div class=\"field-link\"><a href=\"https:\/\/www.hautes-alpes.net\/nl\/fiche\/9eme-festival-cinema-et-sante-6\/\" class=\"cardlink\">9\u00e8me Festival Cin\u00e9ma et Sant\u00e9<\/a><\/div><\/div><\/div><div class=\"item\" ><div class=\"card card-apidae card-agenda post-type-apidae\"><div class=\"group-top\"><div class=\"field-fete-cat\">Regelmatige markt<\/div><\/div><div class=\"group-media\"><div class=\"field-image\"><img decoding=\"async\" src=\"https:\/\/images.weserv.nl\/?url=https:\/\/static.apidae-tourisme.com\/filestore\/objets-touristiques\/images\/39\/129\/40075559-diaporama.jpg&#038;w=550&#038;h=350&#038;fit=cover&#038;output=webp&#038;q=45\" alt=\"Mairie de Serres\"\/><\/div><\/div><div class=\"group-content\"><div class=\"field-commune\">Serres<\/div><div class=\"group-dates\" role=\"group\" aria-label=\"Data van het evenement\"><div class=\"field-dates ws-apidae-date-coming\" role=\"group\" aria-label=\"Openingsdatum\"><time datetime=\"2026-09-05\" lang=\"nl\">Op <span class=\"day\">05<\/span><span class=\"month\"> sep.<\/span><\/time><\/div><div class=\"field-moredates ws-apidae-moredates\" role=\"group\" aria-label=\"Komende data\"><div class=\"moredates\"><div class=\"inner-wrapper\"><span class=\"moredates-label\">Komende data :<\/span><ul class=\"moredates-list\"><li><time datetime=\"2026-09-12\" lang=\"nl\">Op <span class=\"day\">12<\/span><span class=\"month\"> september<\/span><\/time><\/li><li><time datetime=\"2026-09-19\" lang=\"nl\">Op <span class=\"day\">19<\/span><span class=\"month\"> september<\/span><\/time><\/li><li><time datetime=\"2026-09-26\" lang=\"nl\">Op <span class=\"day\">26<\/span><span class=\"month\"> september<\/span><\/time><\/li><li><time datetime=\"2026-10-03\" lang=\"nl\">Op <span class=\"day\">03<\/span><span class=\"month\"> oktober<\/span><\/time><\/li><li class=\"moredates-more\">en nog meer data\u2026<\/li><\/ul><\/div><\/div><\/div><\/div><div class=\"field-title\">Mairie de Serres<\/div><\/div><div class=\"field-link\"><a href=\"https:\/\/www.hautes-alpes.net\/nl\/fiche\/mairie-de-serres-4\/\" class=\"cardlink\">Mairie de Serres<\/a><\/div><\/div><\/div><div class=\"item\" ><div class=\"card card-apidae card-agenda post-type-apidae\"><div class=\"group-top\"><div class=\"field-fete-cat\">Regelmatige markt<\/div><\/div><div class=\"group-media\"><div class=\"field-image\"><img decoding=\"async\" src=\"https:\/\/images.weserv.nl\/?url=https:\/\/static.apidae-tourisme.com\/filestore\/objets-touristiques\/images\/41\/248\/18020393-diaporama.jpg&#038;w=550&#038;h=350&#038;fit=cover&#038;output=webp&#038;q=45\" alt=\"March\u00e9 hebdomadaire du samedi\"\/><\/div><\/div><div class=\"group-content\"><div class=\"field-commune\">Gap<\/div><div class=\"group-dates\" role=\"group\" aria-label=\"Data van het evenement\"><div class=\"field-dates ws-apidae-date-coming\" role=\"group\" aria-label=\"Openingsdatum\"><time datetime=\"2026-09-05\" lang=\"nl\">Op <span class=\"day\">05<\/span><span class=\"month\"> sep.<\/span> van <span class=\"hour\">8h<\/span> tot <span class=\"hour\">12h<\/span><\/time><\/div><div class=\"field-moredates ws-apidae-moredates\" role=\"group\" aria-label=\"Komende data\"><div class=\"moredates\"><div class=\"inner-wrapper\"><span class=\"moredates-label\">Komende data :<\/span><ul class=\"moredates-list\"><li><time datetime=\"2026-09-12\" lang=\"nl\">Op <span class=\"day\">12<\/span><span class=\"month\"> september<\/span> van <span class=\"hour\">8h<\/span> tot <span class=\"hour\">12h<\/span><\/time><\/li><li><time datetime=\"2026-09-19\" lang=\"nl\">Op <span class=\"day\">19<\/span><span class=\"month\"> september<\/span> van <span class=\"hour\">8h<\/span> tot <span class=\"hour\">12h<\/span><\/time><\/li><li><time datetime=\"2026-09-26\" lang=\"nl\">Op <span class=\"day\">26<\/span><span class=\"month\"> september<\/span> van <span class=\"hour\">8h<\/span> tot <span class=\"hour\">12h<\/span><\/time><\/li><li><time datetime=\"2026-10-03\" lang=\"nl\">Op <span class=\"day\">03<\/span><span class=\"month\"> oktober<\/span> van <span class=\"hour\">8h<\/span> tot <span class=\"hour\">12h<\/span><\/time><\/li><li class=\"moredates-more\">en nog meer data\u2026<\/li><\/ul><\/div><\/div><\/div><\/div><div class=\"field-title\">March\u00e9 hebdomadaire du samedi<\/div><\/div><div class=\"field-link\"><a href=\"https:\/\/www.hautes-alpes.net\/nl\/fiche\/marche-hebdomadaire-du-samedi-6\/\" class=\"cardlink\">March\u00e9 hebdomadaire du samedi<\/a><\/div><\/div><\/div><div class=\"item\" ><div class=\"card card-apidae card-agenda post-type-apidae\"><div class=\"group-top\"><div class=\"field-fete-cat\">Markt<\/div><\/div><div class=\"group-media\"><div class=\"field-image\"><img decoding=\"async\" src=\"https:\/\/images.weserv.nl\/?url=https:\/\/static.apidae-tourisme.com\/filestore\/objets-touristiques\/images\/79\/41\/18098511-diaporama.jpg&#038;w=550&#038;h=350&#038;fit=cover&#038;output=webp&#038;q=45\" alt=\"March\u00e9 d&#8217;Aspres sur Bu\u00ebch\"\/><\/div><\/div><div class=\"group-content\"><div class=\"field-commune\">Aspres-sur-Bu\u00ebch<\/div><div class=\"group-dates\" role=\"group\" aria-label=\"Data van het evenement\"><div class=\"field-dates ws-apidae-date-coming\" role=\"group\" aria-label=\"Openingsdatum\"><time datetime=\"2026-09-05\" lang=\"nl\">Op <span class=\"day\">05<\/span><span class=\"month\"> sep.<\/span><\/time><\/div><div class=\"field-moredates ws-apidae-moredates\" role=\"group\" aria-label=\"Komende data\"><div class=\"moredates\"><div class=\"inner-wrapper\"><span class=\"moredates-label\">Komende data :<\/span><ul class=\"moredates-list\"><li><time datetime=\"2026-09-12\" lang=\"nl\">Op <span class=\"day\">12<\/span><span class=\"month\"> september<\/span><\/time><\/li><li><time datetime=\"2026-09-19\" lang=\"nl\">Op <span class=\"day\">19<\/span><span class=\"month\"> september<\/span><\/time><\/li><li><time datetime=\"2026-09-26\" lang=\"nl\">Op <span class=\"day\">26<\/span><span class=\"month\"> september<\/span><\/time><\/li><li><time datetime=\"2026-10-03\" lang=\"nl\">Op <span class=\"day\">03<\/span><span class=\"month\"> oktober<\/span><\/time><\/li><li class=\"moredates-more\">en nog meer data\u2026<\/li><\/ul><\/div><\/div><\/div><\/div><div class=\"field-title\">March\u00e9 d&#8217;Aspres sur Bu\u00ebch<\/div><\/div><div class=\"field-link\"><a href=\"https:\/\/www.hautes-alpes.net\/nl\/fiche\/marche-daspres-sur-buech-6\/\" class=\"cardlink\">March\u00e9 d&#8217;Aspres sur Bu\u00ebch<\/a><\/div><\/div><\/div><div class=\"item\" ><div class=\"card card-apidae card-agenda post-type-apidae\"><div class=\"group-top\"><\/div><div class=\"group-media\"><div class=\"field-image\"><img decoding=\"async\" src=\"https:\/\/images.weserv.nl\/?url=https:\/\/static.apidae-tourisme.com\/filestore\/objets-touristiques\/images\/60\/232\/39315516-diaporama.jpg&#038;w=550&#038;h=350&#038;fit=cover&#038;output=webp&#038;q=45\" alt=\"Atelier &#8221;Arts Martiaux Historiques Europ\u00e9ens&#8221;\"\/><\/div><\/div><div class=\"group-content\"><div class=\"field-commune\">La Roche-des-Arnauds<\/div><div class=\"group-dates\" role=\"group\" aria-label=\"Data van het evenement\"><div class=\"field-dates ws-apidae-date-coming\" role=\"group\" aria-label=\"Openingsdatum\"><time datetime=\"2026-09-05\" lang=\"nl\">Op <span class=\"day\">05<\/span><span class=\"month\"> sep.<\/span> van <span class=\"hour\">16h30<\/span> tot <span class=\"hour\">18h30<\/span><\/time><\/div><div class=\"field-moredates ws-apidae-moredates\" role=\"group\" aria-label=\"Komende data\"><div class=\"moredates\"><div class=\"inner-wrapper\"><span class=\"moredates-label\">Komende data :<\/span><ul class=\"moredates-list\"><li><time datetime=\"2026-09-12\" lang=\"nl\">Op <span class=\"day\">12<\/span><span class=\"month\"> september<\/span> van <span class=\"hour\">16h30<\/span> tot <span class=\"hour\">18h30<\/span><\/time><\/li><li><time datetime=\"2026-09-19\" lang=\"nl\">Op <span class=\"day\">19<\/span><span class=\"month\"> september<\/span> van <span class=\"hour\">16h30<\/span> tot <span class=\"hour\">18h30<\/span><\/time><\/li><li><time datetime=\"2026-09-26\" lang=\"nl\">Op <span class=\"day\">26<\/span><span class=\"month\"> september<\/span> van <span class=\"hour\">16h30<\/span> tot <span class=\"hour\">18h30<\/span><\/time><\/li><li><time datetime=\"2026-10-03\" lang=\"nl\">Op <span class=\"day\">03<\/span><span class=\"month\"> oktober<\/span> van <span class=\"hour\">16h30<\/span> tot <span class=\"hour\">18h30<\/span><\/time><\/li><li class=\"moredates-more\">en nog meer data\u2026<\/li><\/ul><\/div><\/div><\/div><\/div><div class=\"field-title\">Atelier &#8221;Arts Martiaux Historiques Europ\u00e9ens&#8221;<\/div><\/div><div class=\"field-link\"><a href=\"https:\/\/www.hautes-alpes.net\/nl\/fiche\/atelier-arts-martiaux-historiques-europeens-6\/\" class=\"cardlink\">Atelier &#8221;Arts Martiaux Historiques Europ\u00e9ens&#8221;<\/a><\/div><\/div><\/div><div class=\"item\" ><div class=\"card card-apidae card-agenda post-type-apidae\"><div class=\"group-top\"><\/div><div class=\"group-media\"><div class=\"field-image\"><img decoding=\"async\" src=\"https:\/\/images.weserv.nl\/?url=https:\/\/static.apidae-tourisme.com\/filestore\/objets-touristiques\/images\/236\/30\/40378092-diaporama.jpg&#038;w=550&#038;h=350&#038;fit=cover&#038;output=webp&#038;q=45\" alt=\"Atelier  &#8221; Danse Renaissance &#8221;\"\/><\/div><\/div><div class=\"group-content\"><div class=\"field-commune\">La Roche-des-Arnauds<\/div><div class=\"group-dates\" role=\"group\" aria-label=\"Data van het evenement\"><div class=\"field-dates ws-apidae-date-coming\" role=\"group\" aria-label=\"Openingsdatum\"><time datetime=\"2026-09-05\" lang=\"nl\">Op <span class=\"day\">05<\/span><span class=\"month\"> sep.<\/span> van <span class=\"hour\">14h30<\/span> tot <span class=\"hour\">16h30<\/span><\/time><\/div><div class=\"field-moredates ws-apidae-moredates\" role=\"group\" aria-label=\"Komende data\"><div class=\"moredates\"><div class=\"inner-wrapper\"><span class=\"moredates-label\">Komende data :<\/span><ul class=\"moredates-list\"><li><time datetime=\"2026-09-12\" lang=\"nl\">Op <span class=\"day\">12<\/span><span class=\"month\"> september<\/span> van <span class=\"hour\">14h30<\/span> tot <span class=\"hour\">16h30<\/span><\/time><\/li><li><time datetime=\"2026-09-19\" lang=\"nl\">Op <span class=\"day\">19<\/span><span class=\"month\"> september<\/span> van <span class=\"hour\">14h30<\/span> tot <span class=\"hour\">16h30<\/span><\/time><\/li><li><time datetime=\"2026-09-26\" lang=\"nl\">Op <span class=\"day\">26<\/span><span class=\"month\"> september<\/span> van <span class=\"hour\">14h30<\/span> tot <span class=\"hour\">16h30<\/span><\/time><\/li><li><time datetime=\"2026-10-03\" lang=\"nl\">Op <span class=\"day\">03<\/span><span class=\"month\"> oktober<\/span> van <span class=\"hour\">14h30<\/span> tot <span class=\"hour\">16h30<\/span><\/time><\/li><li class=\"moredates-more\">en nog meer data\u2026<\/li><\/ul><\/div><\/div><\/div><\/div><div class=\"field-title\">Atelier  &#8221; Danse Renaissance &#8221;<\/div><\/div><div class=\"field-link\"><a href=\"https:\/\/www.hautes-alpes.net\/nl\/fiche\/atelier-danse-renaissance-6\/\" class=\"cardlink\">Atelier  &#8221; Danse Renaissance &#8221;<\/a><\/div><\/div><\/div><div class=\"item\" ><div class=\"card card-apidae card-agenda post-type-apidae\"><div class=\"group-top\"><div class=\"field-fete-cat\">Bijeenkomst<\/div><\/div><div class=\"group-media\"><div class=\"field-image\"><img decoding=\"async\" src=\"https:\/\/images.weserv.nl\/?url=https:\/\/static.apidae-tourisme.com\/filestore\/objets-touristiques\/images\/133\/89\/42031493-diaporama.jpg&#038;w=550&#038;h=350&#038;fit=cover&#038;output=webp&#038;q=45\" alt=\"Ronde des Baronnies Proven\u00e7ales\"\/><\/div><\/div><div class=\"group-content\"><div class=\"field-commune\">Laragne-Mont\u00e9glin<\/div><div class=\"group-dates\" role=\"group\" aria-label=\"Data van het evenement\"><div class=\"field-dates ws-apidae-date-coming\" role=\"group\" aria-label=\"Openingsdatum\"><time datetime=\"2026-09-05\" lang=\"nl\">Op <span class=\"day\">05<\/span><span class=\"month\"> sep.<\/span><\/time><\/div><\/div><div class=\"field-title\">Ronde des Baronnies Proven\u00e7ales<\/div><\/div><div class=\"field-link\"><a href=\"https:\/\/www.hautes-alpes.net\/nl\/fiche\/ronde-des-baronnies-provencales-6\/\" class=\"cardlink\">Ronde des Baronnies Proven\u00e7ales<\/a><\/div><\/div><\/div><div class=\"item\" ><div class=\"card card-apidae card-agenda post-type-apidae\"><div class=\"group-top\"><div class=\"field-fete-cat\">Sportwedstrijd<\/div><\/div><div class=\"group-media\"><div class=\"field-image\"><img decoding=\"async\" src=\"https:\/\/images.weserv.nl\/?url=https:\/\/static.apidae-tourisme.com\/filestore\/objets-touristiques\/images\/236\/97\/42099180-diaporama.png&#038;w=550&#038;h=350&#038;fit=cover&#038;output=webp&#038;q=45\" alt=\"Enduro de R\u00e9allon Serre-Pon\u00e7on | Troph\u00e9e Enduro des Alpes\"\/><\/div><\/div><div class=\"group-content\"><div class=\"field-commune\">R\u00e9allon<\/div><div class=\"group-dates\"><div class=\"field-dates\">Van <span class=\"day\">05<\/span><span class=\"month\"> sep.<\/span> van <span class=\"hour\">9h<\/span> tot <span class=\"day\">06<\/span><span class=\"month\"> sep.<\/span> om <span class=\"hour\">17h<\/span><\/div><\/div><div class=\"field-title\">Enduro de R\u00e9allon Serre-Pon\u00e7on | Troph\u00e9e Enduro des Alpes<\/div><\/div><div class=\"field-link\"><a href=\"https:\/\/www.hautes-alpes.net\/nl\/fiche\/enduro-de-reallon-serre-poncon-trophee-enduro-des-alpes-6\/\" class=\"cardlink\">Enduro de R\u00e9allon Serre-Pon\u00e7on | Troph\u00e9e Enduro des Alpes<\/a><\/div><\/div><\/div><div class=\"item\" ><div class=\"card card-apidae card-agenda post-type-apidae\"><div class=\"group-top\"><\/div><div class=\"group-media\"><div class=\"field-image\"><img decoding=\"async\" src=\"https:\/\/images.weserv.nl\/?url=https:\/\/static.apidae-tourisme.com\/filestore\/objets-touristiques\/images\/146\/188\/42384530-diaporama.jpg&#038;w=550&#038;h=350&#038;fit=cover&#038;output=webp&#038;q=45\" alt=\"Projection du film Flow\"\/><\/div><\/div><div class=\"group-content\"><div class=\"field-commune\">Gap<\/div><div class=\"group-dates\" role=\"group\" aria-label=\"Data van het evenement\"><div class=\"field-dates ws-apidae-date-coming\" role=\"group\" aria-label=\"Openingsdatum\"><time datetime=\"2026-09-05\" lang=\"nl\">Op <span class=\"day\">05<\/span><span class=\"month\"> sep.<\/span> van <span class=\"hour\">14h30<\/span> tot <span class=\"hour\">16h<\/span><\/time><\/div><\/div><div class=\"field-title\">Projection du film Flow<\/div><\/div><div class=\"field-link\"><a href=\"https:\/\/www.hautes-alpes.net\/nl\/fiche\/projection-du-film-flow-6\/\" class=\"cardlink\">Projection du film Flow<\/a><\/div><\/div><\/div><div class=\"item\" ><div class=\"card card-apidae card-agenda post-type-apidae\"><div class=\"group-top\"><div class=\"field-fete-cat\">Voorstelling<\/div><\/div><div class=\"group-media\"><div class=\"field-image\"><img decoding=\"async\" src=\"https:\/\/images.weserv.nl\/?url=https:\/\/static.apidae-tourisme.com\/filestore\/objets-touristiques\/images\/173\/241\/42398125-diaporama.jpg&#038;w=550&#038;h=350&#038;fit=cover&#038;output=webp&#038;q=45\" alt=\"A livres perch\u00e9s : spectacle Chaudun la montagne bless\u00e9e\"\/><\/div><\/div><div class=\"group-content\"><div class=\"field-commune\">Lardier-et-Valen\u00e7a<\/div><div class=\"group-dates\" role=\"group\" aria-label=\"Data van het evenement\"><div class=\"field-dates ws-apidae-date-coming\" role=\"group\" aria-label=\"Openingsdatum\"><time datetime=\"2026-09-05\" lang=\"nl\">Op <span class=\"day\">05<\/span><span class=\"month\"> sep.<\/span><\/time><\/div><\/div><div class=\"field-title\">A livres perch\u00e9s : spectacle Chaudun la montagne bless\u00e9e<\/div><\/div><div class=\"field-link\"><a href=\"https:\/\/www.hautes-alpes.net\/nl\/fiche\/a-livres-perches-spectacle-chaudun-la-montagne-blessee-6\/\" class=\"cardlink\">A livres perch\u00e9s : spectacle Chaudun la montagne bless\u00e9e<\/a><\/div><\/div><\/div><div class=\"item\" ><div class=\"card card-apidae card-agenda post-type-apidae\"><div class=\"group-top\"><div class=\"field-fete-cat\">Introductie binnen het kader van een evenement<\/div><\/div><div class=\"group-media\"><div class=\"field-image\"><img decoding=\"async\" src=\"https:\/\/images.weserv.nl\/?url=https:\/\/static.apidae-tourisme.com\/filestore\/objets-touristiques\/images\/151\/142\/42438295-diaporama.jpg&#038;w=550&#038;h=350&#038;fit=cover&#038;output=webp&#038;q=45\" alt=\"A livres perch\u00e9s : atelier d&#8217;\u00e9criture\"\/><\/div><\/div><div class=\"group-content\"><div class=\"field-commune\">Lardier-et-Valen\u00e7a<\/div><div class=\"group-dates\" role=\"group\" aria-label=\"Data van het evenement\"><div class=\"field-dates ws-apidae-date-coming\" role=\"group\" aria-label=\"Openingsdatum\"><time datetime=\"2026-09-05\" lang=\"nl\">Op <span class=\"day\">05<\/span><span class=\"month\"> sep.<\/span> van <span class=\"hour\">14h30<\/span> tot <span class=\"hour\">17h30<\/span><\/time><\/div><\/div><div class=\"field-title\">A livres perch\u00e9s : atelier d&#8217;\u00e9criture<\/div><\/div><div class=\"field-link\"><a href=\"https:\/\/www.hautes-alpes.net\/nl\/fiche\/a-livres-perches-atelier-decriture-6\/\" class=\"cardlink\">A livres perch\u00e9s : atelier d&#8217;\u00e9criture<\/a><\/div><\/div><\/div><div class=\"item\" ><div class=\"card card-apidae card-agenda post-type-apidae\"><div class=\"group-top\"><div class=\"field-fete-cat\">Artistieke uitvoering<\/div><\/div><div class=\"group-media\"><div class=\"field-image\"><img decoding=\"async\" src=\"https:\/\/images.weserv.nl\/?url=https:\/\/static.apidae-tourisme.com\/filestore\/objets-touristiques\/images\/40\/54\/42350120-diaporama.jpg&#038;w=550&#038;h=350&#038;fit=cover&#038;output=webp&#038;q=45\" alt=\"Welcome to the lake #4\"\/><\/div><\/div><div class=\"group-content\"><div class=\"field-commune\">Crots<\/div><div class=\"group-dates\"><div class=\"field-dates\">Van <span class=\"day\">05<\/span><span class=\"month\"> sep.<\/span> van <span class=\"hour\">18h<\/span> tot <span class=\"day\">06<\/span><span class=\"month\"> sep.<\/span> om <span class=\"hour\">2h<\/span><\/div><\/div><div class=\"field-title\">Welcome to the lake #4<\/div><\/div><div class=\"field-link\"><a href=\"https:\/\/www.hautes-alpes.net\/nl\/fiche\/welcome-to-the-lake-4-6\/\" class=\"cardlink\">Welcome to the lake #4<\/a><\/div><\/div><\/div><div class=\"item\" ><div class=\"card card-apidae card-agenda post-type-apidae\"><div class=\"group-top\"><div class=\"field-fete-cat\">Bezoek met gids en\/of commentaar<\/div><\/div><div class=\"group-media\"><div class=\"field-image\"><img decoding=\"async\" src=\"https:\/\/images.weserv.nl\/?url=https:\/\/static.apidae-tourisme.com\/filestore\/objets-touristiques\/images\/82\/65\/672082-diaporama.jpg&#038;w=550&#038;h=350&#038;fit=cover&#038;output=webp&#038;q=45\" alt=\"Visite guid\u00e9e de l&#8217;\u00e9glise romane de Saint-Cyrice\"\/><\/div><\/div><div class=\"group-content\"><div class=\"field-commune\">\u00c9toile-Saint-Cyrice<\/div><div class=\"group-dates\" role=\"group\" aria-label=\"Data van het evenement\"><div class=\"field-dates ws-apidae-date-coming\" role=\"group\" aria-label=\"Openingsdatum\"><time datetime=\"2026-09-06\" lang=\"nl\">Op <span class=\"day\">06<\/span><span class=\"month\"> sep.<\/span> van <span class=\"hour\">15h<\/span> tot <span class=\"hour\">18h30<\/span><\/time><\/div><div class=\"field-moredates ws-apidae-moredates\" role=\"group\" aria-label=\"Komende data\"><div class=\"moredates\"><div class=\"inner-wrapper\"><span class=\"moredates-label\">Komende data :<\/span><ul class=\"moredates-list\"><li><time datetime=\"2026-09-13\" lang=\"nl\">Op <span class=\"day\">13<\/span><span class=\"month\"> september<\/span> van <span class=\"hour\">15h<\/span> tot <span class=\"hour\">18h30<\/span><\/time><\/li><li><time datetime=\"2026-09-20\" lang=\"nl\">Op <span class=\"day\">20<\/span><span class=\"month\"> september<\/span> van <span class=\"hour\">15h<\/span> tot <span class=\"hour\">18h30<\/span><\/time><\/li><\/ul><\/div><\/div><\/div><\/div><div class=\"field-title\">Visite guid\u00e9e de l&#8217;\u00e9glise romane de Saint-Cyrice<\/div><\/div><div class=\"field-link\"><a href=\"https:\/\/www.hautes-alpes.net\/nl\/fiche\/visite-guidee-de-leglise-romane-de-saint-cyrice-6\/\" class=\"cardlink\">Visite guid\u00e9e de l&#8217;\u00e9glise romane de Saint-Cyrice<\/a><\/div><\/div><\/div><div class=\"item\" ><div class=\"card card-apidae card-agenda post-type-apidae\"><div class=\"group-top\"><div class=\"field-fete-cat\">Bijeenkomst<\/div><\/div><div class=\"group-media\"><div class=\"field-image\"><img decoding=\"async\" src=\"https:\/\/images.weserv.nl\/?url=https:\/\/static.apidae-tourisme.com\/filestore\/objets-touristiques\/images\/233\/45\/17313257-diaporama.jpg&#038;w=550&#038;h=350&#038;fit=cover&#038;output=webp&#038;q=45\" alt=\"Le Pilgrimage GRAVEL\"\/><\/div><\/div><div class=\"group-content\"><div class=\"field-commune\">Puy-Saint-Vincent<\/div><div class=\"group-dates\" role=\"group\" aria-label=\"Data van het evenement\"><div class=\"field-dates ws-apidae-date-coming\" role=\"group\" aria-label=\"Openingsdatum\"><time datetime=\"2026-09-06\" lang=\"nl\">Op <span class=\"day\">06<\/span><span class=\"month\"> sep.<\/span><\/time><\/div><div class=\"field-moredates ws-apidae-moredates\" role=\"group\" aria-label=\"Komende data\"><div class=\"moredates\"><div class=\"inner-wrapper\"><span class=\"moredates-label\">Komende data :<\/span><ul class=\"moredates-list\"><li><time datetime=\"2026-09-07\" lang=\"nl\">Op <span class=\"day\">07<\/span><span class=\"month\"> september<\/span><\/time><\/li><li><time datetime=\"2026-09-08\" lang=\"nl\">Op <span class=\"day\">08<\/span><span class=\"month\"> september<\/span><\/time><\/li><li><time datetime=\"2026-09-09\" lang=\"nl\">Op <span class=\"day\">09<\/span><span class=\"month\"> september<\/span><\/time><\/li><li><time datetime=\"2026-09-10\" lang=\"nl\">Op <span class=\"day\">10<\/span><span class=\"month\"> september<\/span><\/time><\/li><\/ul><\/div><\/div><\/div><\/div><div class=\"field-title\">Le Pilgrimage GRAVEL<\/div><\/div><div class=\"field-link\"><a href=\"https:\/\/www.hautes-alpes.net\/nl\/fiche\/le-pilgrimage-gravel-6\/\" class=\"cardlink\">Le Pilgrimage GRAVEL<\/a><\/div><\/div><\/div><div class=\"item\" ><div class=\"card card-apidae card-agenda post-type-apidae\"><div class=\"group-top\"><div class=\"field-fete-cat\">Regelmatige markt<\/div><\/div><div class=\"group-media\"><div class=\"field-image\"><img decoding=\"async\" src=\"https:\/\/images.weserv.nl\/?url=https:\/\/static.apidae-tourisme.com\/filestore\/objets-touristiques\/images\/124\/82\/33510012-diaporama.jpg&#038;w=550&#038;h=350&#038;fit=cover&#038;output=webp&#038;q=45\" alt=\"March\u00e9 hebdomadaire de Chorges\"\/><\/div><\/div><div class=\"group-content\"><div class=\"field-commune\">Chorges<\/div><div class=\"group-dates\" role=\"group\" aria-label=\"Data van het evenement\"><div class=\"field-dates ws-apidae-date-coming\" role=\"group\" aria-label=\"Openingsdatum\"><time datetime=\"2026-09-06\" lang=\"nl\">Op <span class=\"day\">06<\/span><span class=\"month\"> sep.<\/span><\/time><\/div><div class=\"field-moredates ws-apidae-moredates\" role=\"group\" aria-label=\"Komende data\"><div class=\"moredates\"><div class=\"inner-wrapper\"><span class=\"moredates-label\">Komende data :<\/span><ul class=\"moredates-list\"><li><time datetime=\"2026-09-13\" lang=\"nl\">Op <span class=\"day\">13<\/span><span class=\"month\"> september<\/span><\/time><\/li><li><time datetime=\"2026-09-20\" lang=\"nl\">Op <span class=\"day\">20<\/span><span class=\"month\"> september<\/span><\/time><\/li><li><time datetime=\"2026-09-27\" lang=\"nl\">Op <span class=\"day\">27<\/span><span class=\"month\"> september<\/span><\/time><\/li><li><time datetime=\"2026-10-04\" lang=\"nl\">Op <span class=\"day\">04<\/span><span class=\"month\"> oktober<\/span><\/time><\/li><li class=\"moredates-more\">en nog meer data\u2026<\/li><\/ul><\/div><\/div><\/div><\/div><div class=\"field-title\">March\u00e9 hebdomadaire de Chorges<\/div><div class=\"field-description\">Duik in het hart van het lokale leven door een bezoek te brengen aan onze wekelijkse markt, een niet te missen evenement!<\/div><\/div><div class=\"field-link\"><a href=\"https:\/\/www.hautes-alpes.net\/nl\/fiche\/marche-hebdomadaire-de-chorges-6\/\" class=\"cardlink\">March\u00e9 hebdomadaire de Chorges<\/a><\/div><\/div><\/div><div class=\"item\" ><div class=\"card card-apidae card-agenda post-type-apidae\"><div class=\"group-top\"><\/div><div class=\"group-media\"><div class=\"field-image\"><img decoding=\"async\" src=\"https:\/\/images.weserv.nl\/?url=https:\/\/static.apidae-tourisme.com\/filestore\/objets-touristiques\/images\/0\/34\/41361920-diaporama.png&#038;w=550&#038;h=350&#038;fit=cover&#038;output=webp&#038;q=45\" alt=\"Cols r\u00e9serv\u00e9s - Col Agnel\"\/><\/div><\/div><div class=\"group-content\"><div class=\"field-commune\">Molines-en-Queyras<\/div><div class=\"group-dates\" role=\"group\" aria-label=\"Data van het evenement\"><div class=\"field-dates ws-apidae-date-coming\" role=\"group\" aria-label=\"Openingsdatum\"><time datetime=\"2026-09-06\" lang=\"nl\">Op <span class=\"day\">06<\/span><span class=\"month\"> sep.<\/span> van <span class=\"hour\">9h<\/span> tot <span class=\"hour\">14h<\/span><\/time><\/div><\/div><div class=\"field-title\">Cols r\u00e9serv\u00e9s - Col Agnel<\/div><\/div><div class=\"field-link\"><a href=\"https:\/\/www.hautes-alpes.net\/nl\/fiche\/cols-reserves-col-agnel-5\/\" class=\"cardlink\">Cols r\u00e9serv\u00e9s - Col Agnel<\/a><\/div><\/div><\/div><div class=\"item\" ><div class=\"card card-apidae card-agenda post-type-apidae\"><div class=\"group-top\"><div class=\"field-fete-cat\">Bezoek met gids en\/of commentaar<\/div><\/div><div class=\"group-media\"><div class=\"field-image\"><img decoding=\"async\" src=\"https:\/\/images.weserv.nl\/?url=https:\/\/static.apidae-tourisme.com\/filestore\/objets-touristiques\/images\/132\/106\/41249412-diaporama.jpg&#038;w=550&#038;h=350&#038;fit=cover&#038;output=webp&#038;q=45\" alt=\"Visites du ch\u00e2teau de Tallard\"\/><\/div><\/div><div class=\"group-content\"><div class=\"field-commune\">Tallard<\/div><div class=\"group-dates\" role=\"group\" aria-label=\"Data van het evenement\"><div class=\"field-dates ws-apidae-date-coming\" role=\"group\" aria-label=\"Openingsdatum\"><time datetime=\"2026-09-06\" lang=\"nl\">Op <span class=\"day\">06<\/span><span class=\"month\"> sep.<\/span> van <span class=\"hour\">14h<\/span> tot <span class=\"hour\">18h<\/span><\/time><\/div><div class=\"field-moredates ws-apidae-moredates\" role=\"group\" aria-label=\"Komende data\"><div class=\"moredates\"><div class=\"inner-wrapper\"><span class=\"moredates-label\">Komende data :<\/span><ul class=\"moredates-list\"><li><time datetime=\"2026-09-13\" lang=\"nl\">Op <span class=\"day\">13<\/span><span class=\"month\"> september<\/span> van <span class=\"hour\">14h<\/span> tot <span class=\"hour\">18h<\/span><\/time><\/li><li><time datetime=\"2026-09-20\" lang=\"nl\">Op <span class=\"day\">20<\/span><span class=\"month\"> september<\/span> van <span class=\"hour\">14h<\/span> tot <span class=\"hour\">18h<\/span><\/time><\/li><li><time datetime=\"2026-09-27\" lang=\"nl\">Op <span class=\"day\">27<\/span><span class=\"month\"> september<\/span> van <span class=\"hour\">14h<\/span> tot <span class=\"hour\">18h<\/span><\/time><\/li><li><time datetime=\"2026-10-04\" lang=\"nl\">Op <span class=\"day\">04<\/span><span class=\"month\"> oktober<\/span> van <span class=\"hour\">14h<\/span> tot <span class=\"hour\">18h<\/span><\/time><\/li><li class=\"moredates-more\">en nog meer data\u2026<\/li><\/ul><\/div><\/div><\/div><\/div><div class=\"field-title\">Visites du ch\u00e2teau de Tallard<\/div><\/div><div class=\"field-link\"><a href=\"https:\/\/www.hautes-alpes.net\/nl\/fiche\/visites-du-chateau-de-tallard-7\/\" class=\"cardlink\">Visites du ch\u00e2teau de Tallard<\/a><\/div><\/div><\/div><div class=\"item\" ><div class=\"card card-apidae card-agenda post-type-apidae\"><div class=\"group-top\"><div class=\"field-fete-cat\">Expositie<\/div><\/div><div class=\"group-media\"><div class=\"field-image\"><img decoding=\"async\" src=\"https:\/\/images.weserv.nl\/?url=https:\/\/static.apidae-tourisme.com\/filestore\/objets-touristiques\/images\/32\/202\/42388000-diaporama.jpg&#038;w=550&#038;h=350&#038;fit=cover&#038;output=webp&#038;q=45\" alt=\"Exposition photos &#8221;L&#8217;infrarouge, entre illusion et surr\u00e9alisme&#8221;\"\/><\/div><\/div><div class=\"group-content\"><div class=\"field-commune\">Laragne-Mont\u00e9glin<\/div><div class=\"group-dates\"><div class=\"field-dates\">Van <span class=\"day\">06<\/span><span class=\"month\"> sep.<\/span> van <span class=\"hour\">10h<\/span> tot <span class=\"day\">19<\/span><span class=\"month\"> sep.<\/span> om <span class=\"hour\">17h<\/span><\/div><\/div><div class=\"field-title\">Exposition photos &#8221;L&#8217;infrarouge, entre illusion et surr\u00e9alisme&#8221;<\/div><\/div><div class=\"field-link\"><a href=\"https:\/\/www.hautes-alpes.net\/nl\/fiche\/exposition-photos-linfrarouge-entre-illusion-et-surrealisme-6\/\" class=\"cardlink\">Exposition photos &#8221;L&#8217;infrarouge, entre illusion et surr\u00e9alisme&#8221;<\/a><\/div><\/div><\/div><div class=\"item\" ><div class=\"card card-apidae card-agenda post-type-apidae\"><div class=\"group-top\"><div class=\"field-fete-cat\">Regelmatige markt<\/div><\/div><div class=\"group-media\"><div class=\"field-image\"><img decoding=\"async\" src=\"https:\/\/images.weserv.nl\/?url=https:\/\/static.apidae-tourisme.com\/filestore\/objets-touristiques\/images\/231\/161\/40083943-diaporama.jpg&#038;w=550&#038;h=350&#038;fit=cover&#038;output=webp&#038;q=45\" alt=\"March\u00e9 de Rosans\"\/><\/div><\/div><div class=\"group-content\"><div class=\"field-commune\">Rosans<\/div><div class=\"group-dates\" role=\"group\" aria-label=\"Data van het evenement\"><div class=\"field-dates ws-apidae-date-coming\" role=\"group\" aria-label=\"Openingsdatum\"><time datetime=\"2026-09-06\" lang=\"nl\">Op <span class=\"day\">06<\/span><span class=\"month\"> sep.<\/span><\/time><\/div><div class=\"field-moredates ws-apidae-moredates\" role=\"group\" aria-label=\"Komende data\"><div class=\"moredates\"><div class=\"inner-wrapper\"><span class=\"moredates-label\">Komende data :<\/span><ul class=\"moredates-list\"><li><time datetime=\"2026-09-13\" lang=\"nl\">Op <span class=\"day\">13<\/span><span class=\"month\"> september<\/span><\/time><\/li><li><time datetime=\"2026-09-20\" lang=\"nl\">Op <span class=\"day\">20<\/span><span class=\"month\"> september<\/span><\/time><\/li><li><time datetime=\"2026-09-27\" lang=\"nl\">Op <span class=\"day\">27<\/span><span class=\"month\"> september<\/span><\/time><\/li><li><time datetime=\"2026-10-04\" lang=\"nl\">Op <span class=\"day\">04<\/span><span class=\"month\"> oktober<\/span><\/time><\/li><li class=\"moredates-more\">en nog meer data\u2026<\/li><\/ul><\/div><\/div><\/div><\/div><div class=\"field-title\">March\u00e9 de Rosans<\/div><\/div><div class=\"field-link\"><a href=\"https:\/\/www.hautes-alpes.net\/nl\/fiche\/marche-de-rosans-6\/\" class=\"cardlink\">March\u00e9 de Rosans<\/a><\/div><\/div><\/div><div class=\"item\" ><div class=\"card card-apidae card-agenda post-type-apidae\"><div class=\"group-top\"><div class=\"field-fete-cat\">Expositie<\/div><\/div><div class=\"group-media\"><div class=\"field-image\"><img decoding=\"async\" src=\"https:\/\/images.weserv.nl\/?url=https:\/\/static.apidae-tourisme.com\/filestore\/objets-touristiques\/images\/75\/244\/42398795-diaporama.jpg&#038;w=550&#038;h=350&#038;fit=cover&#038;output=webp&#038;q=45\" alt=\"A livres perch\u00e9s : expo photo\"\/><\/div><\/div><div class=\"group-content\"><div class=\"field-commune\">Lardier-et-Valen\u00e7a<\/div><div class=\"group-dates\" role=\"group\" aria-label=\"Data van het evenement\"><div class=\"field-dates ws-apidae-date-coming\" role=\"group\" aria-label=\"Openingsdatum\"><time datetime=\"2026-09-06\" lang=\"nl\">Op <span class=\"day\">06<\/span><span class=\"month\"> sep.<\/span> van <span class=\"hour\">10h<\/span> tot <span class=\"hour\">18h<\/span><\/time><\/div><\/div><div class=\"field-title\">A livres perch\u00e9s : expo photo<\/div><\/div><div class=\"field-link\"><a href=\"https:\/\/www.hautes-alpes.net\/nl\/fiche\/a-livres-perches-expo-photo-6\/\" class=\"cardlink\">A livres perch\u00e9s : expo photo<\/a><\/div><\/div><\/div><div class=\"item\" ><div class=\"card card-apidae card-agenda post-type-apidae\"><div class=\"group-top\"><div class=\"field-fete-cat\">Lezing<\/div><\/div><div class=\"group-media\"><div class=\"field-image\"><img decoding=\"async\" src=\"https:\/\/images.weserv.nl\/?url=https:\/\/static.apidae-tourisme.com\/filestore\/objets-touristiques\/images\/8\/244\/42398728-diaporama.jpg&#038;w=550&#038;h=350&#038;fit=cover&#038;output=webp&#038;q=45\" alt=\"A livres perch\u00e9s : salon du livre\"\/><\/div><\/div><div class=\"group-content\"><div class=\"field-commune\">Lardier-et-Valen\u00e7a<\/div><div class=\"group-dates\" role=\"group\" aria-label=\"Data van het evenement\"><div class=\"field-dates ws-apidae-date-coming\" role=\"group\" aria-label=\"Openingsdatum\"><time datetime=\"2026-09-06\" lang=\"nl\">Op <span class=\"day\">06<\/span><span class=\"month\"> sep.<\/span> van <span class=\"hour\">10h<\/span> tot <span class=\"hour\">18h<\/span><\/time><\/div><\/div><div class=\"field-title\">A livres perch\u00e9s : salon du livre<\/div><\/div><div class=\"field-link\"><a href=\"https:\/\/www.hautes-alpes.net\/nl\/fiche\/a-livres-perches-salon-du-livre-6\/\" class=\"cardlink\">A livres perch\u00e9s : salon du livre<\/a><\/div><\/div><\/div><div class=\"item\" ><div class=\"card card-apidae card-agenda post-type-apidae\"><div class=\"group-top\"><div class=\"field-fete-cat\">Lezing<\/div><\/div><div class=\"group-media\"><div class=\"field-image\"><img decoding=\"async\" src=\"https:\/\/images.weserv.nl\/?url=https:\/\/static.apidae-tourisme.com\/filestore\/objets-touristiques\/images\/46\/243\/42398510-diaporama.jpg&#038;w=550&#038;h=350&#038;fit=cover&#038;output=webp&#038;q=45\" alt=\"A lilvres perch\u00e9s : rencontre avec Isis Labeau Caberia\"\/><\/div><\/div><div class=\"group-content\"><div class=\"field-commune\">Lardier-et-Valen\u00e7a<\/div><div class=\"group-dates\" role=\"group\" aria-label=\"Data van het evenement\"><div class=\"field-dates ws-apidae-date-coming\" role=\"group\" aria-label=\"Openingsdatum\"><time datetime=\"2026-09-06\" lang=\"nl\">Op <span class=\"day\">06<\/span><span class=\"month\"> sep.<\/span> van <span class=\"hour\">15h30<\/span> tot <span class=\"hour\">16h30<\/span><\/time><\/div><\/div><div class=\"field-title\">A lilvres perch\u00e9s : rencontre avec Isis Labeau Caberia<\/div><\/div><div class=\"field-link\"><a href=\"https:\/\/www.hautes-alpes.net\/nl\/fiche\/a-lilvres-perches-rencontre-avec-isis-labeau-caberia-6\/\" class=\"cardlink\">A lilvres perch\u00e9s : rencontre avec Isis Labeau Caberia<\/a><\/div><\/div><\/div><div class=\"item\" ><div class=\"card card-apidae card-agenda post-type-apidae\"><div class=\"group-top\"><div class=\"field-fete-cat\">Lezing<\/div><\/div><div class=\"group-media\"><div class=\"field-image\"><img decoding=\"async\" src=\"https:\/\/images.weserv.nl\/?url=https:\/\/static.apidae-tourisme.com\/filestore\/objets-touristiques\/images\/241\/242\/42398449-diaporama.jpg&#038;w=550&#038;h=350&#038;fit=cover&#038;output=webp&#038;q=45\" alt=\"A livres perch\u00e9s : rencontre avec St\u00e9phane Guinard\"\/><\/div><\/div><div class=\"group-content\"><div class=\"field-commune\">Lardier-et-Valen\u00e7a<\/div><div class=\"group-dates\" role=\"group\" aria-label=\"Data van het evenement\"><div class=\"field-dates ws-apidae-date-coming\" role=\"group\" aria-label=\"Openingsdatum\"><time datetime=\"2026-09-06\" lang=\"nl\">Op <span class=\"day\">06<\/span><span class=\"month\"> sep.<\/span> van <span class=\"hour\">14h30<\/span> tot <span class=\"hour\">15h30<\/span><\/time><\/div><\/div><div class=\"field-title\">A livres perch\u00e9s : rencontre avec St\u00e9phane Guinard<\/div><\/div><div class=\"field-link\"><a href=\"https:\/\/www.hautes-alpes.net\/nl\/fiche\/a-livres-perches-rencontre-avec-stephane-guinard-6\/\" class=\"cardlink\">A livres perch\u00e9s : rencontre avec St\u00e9phane Guinard<\/a><\/div><\/div><\/div><div class=\"item\" ><div class=\"card card-apidae card-agenda post-type-apidae\"><div class=\"group-top\"><div class=\"field-fete-cat\">Lezing<\/div><\/div><div class=\"group-media\"><div class=\"field-image\"><img decoding=\"async\" src=\"https:\/\/images.weserv.nl\/?url=https:\/\/static.apidae-tourisme.com\/filestore\/objets-touristiques\/images\/156\/242\/42398364-diaporama.png&#038;w=550&#038;h=350&#038;fit=cover&#038;output=webp&#038;q=45\" alt=\"A livres perch\u00e9s : rencontre avec C\u00e9dric Dentant\"\/><\/div><\/div><div class=\"group-content\"><div class=\"field-commune\">Lardier-et-Valen\u00e7a<\/div><div class=\"group-dates\" role=\"group\" aria-label=\"Data van het evenement\"><div class=\"field-dates ws-apidae-date-coming\" role=\"group\" aria-label=\"Openingsdatum\"><time datetime=\"2026-09-06\" lang=\"nl\">Op <span class=\"day\">06<\/span><span class=\"month\"> sep.<\/span> van <span class=\"hour\">10h45<\/span> tot <span class=\"hour\">12h<\/span><\/time><\/div><\/div><div class=\"field-title\">A livres perch\u00e9s : rencontre avec C\u00e9dric Dentant<\/div><\/div><div class=\"field-link\"><a href=\"https:\/\/www.hautes-alpes.net\/nl\/fiche\/a-livres-perches-rencontre-avec-cedric-dentant-6\/\" class=\"cardlink\">A livres perch\u00e9s : rencontre avec C\u00e9dric Dentant<\/a><\/div><\/div><\/div><div class=\"item\" ><div class=\"card card-apidae card-agenda post-type-apidae\"><div class=\"group-top\"><div class=\"field-fete-cat\">Lezing<\/div><\/div><div class=\"group-media\"><div class=\"field-image\"><img decoding=\"async\" src=\"https:\/\/images.weserv.nl\/?url=https:\/\/static.apidae-tourisme.com\/filestore\/objets-touristiques\/images\/205\/142\/42438349-diaporama.jpg&#038;w=550&#038;h=350&#038;fit=cover&#038;output=webp&#038;q=45\" alt=\"A livres perch\u00e9s : pr\u00e9sentation de la rentr\u00e9e litt\u00e9raire\"\/><\/div><\/div><div class=\"group-content\"><div class=\"field-commune\">Lardier-et-Valen\u00e7a<\/div><div class=\"group-dates\" role=\"group\" aria-label=\"Data van het evenement\"><div class=\"field-dates ws-apidae-date-coming\" role=\"group\" aria-label=\"Openingsdatum\"><time datetime=\"2026-09-06\" lang=\"nl\">Op <span class=\"day\">06<\/span><span class=\"month\"> sep.<\/span> van <span class=\"hour\">10h<\/span> tot <span class=\"hour\">10h40<\/span><\/time><\/div><\/div><div class=\"field-title\">A livres perch\u00e9s : pr\u00e9sentation de la rentr\u00e9e litt\u00e9raire<\/div><\/div><div class=\"field-link\"><a href=\"https:\/\/www.hautes-alpes.net\/nl\/fiche\/a-livres-perches-presentation-de-la-rentree-litteraire-6\/\" class=\"cardlink\">A livres perch\u00e9s : pr\u00e9sentation de la rentr\u00e9e litt\u00e9raire<\/a><\/div><\/div><\/div><div class=\"item\" ><div class=\"card card-apidae card-agenda post-type-apidae\"><div class=\"group-top\"><div class=\"field-fete-cat\">Sportwedstrijd<\/div><\/div><div class=\"group-media\"><div class=\"field-image\"><img decoding=\"async\" src=\"https:\/\/images.weserv.nl\/?url=https:\/\/static.apidae-tourisme.com\/filestore\/objets-touristiques\/images\/48\/194\/42451504-diaporama.jpg&#038;w=550&#038;h=350&#038;fit=cover&#038;output=webp&#038;q=45\" alt=\"Finale Coupe R\u00e9gion Sud VTT - XCO\"\/><\/div><\/div><div class=\"group-content\"><div class=\"field-commune\">Brian\u00e7on<\/div><div class=\"group-dates\" role=\"group\" aria-label=\"Data van het evenement\"><div class=\"field-dates ws-apidae-date-coming\" role=\"group\" aria-label=\"Openingsdatum\"><time datetime=\"2026-09-06\" lang=\"nl\">Op <span class=\"day\">06<\/span><span class=\"month\"> sep.<\/span> van <span class=\"hour\">8h45<\/span> tot <span class=\"hour\">16h30<\/span><\/time><\/div><\/div><div class=\"field-title\">Finale Coupe R\u00e9gion Sud VTT - XCO<\/div><\/div><div class=\"field-link\"><a href=\"https:\/\/www.hautes-alpes.net\/nl\/fiche\/finale-coupe-region-sud-vtt-xco-4\/\" class=\"cardlink\">Finale Coupe R\u00e9gion Sud VTT - XCO<\/a><\/div><\/div><\/div><div class=\"item\" ><div class=\"card card-apidae card-agenda post-type-apidae\"><div class=\"group-top\"><div class=\"field-fete-cat\">Regelmatige markt<\/div><\/div><div class=\"group-media\"><div class=\"field-image\"><img decoding=\"async\" src=\"https:\/\/images.weserv.nl\/?url=https:\/\/static.apidae-tourisme.com\/filestore\/objets-touristiques\/images\/199\/156\/8363207-diaporama.jpg&#038;w=550&#038;h=350&#038;fit=cover&#038;output=webp&#038;q=45\" alt=\"March\u00e9 de Guillestre\"\/><\/div><\/div><div class=\"group-content\"><div class=\"field-commune\">Guillestre<\/div><div class=\"group-dates\" role=\"group\" aria-label=\"Data van het evenement\"><div class=\"field-dates ws-apidae-date-coming\" role=\"group\" aria-label=\"Openingsdatum\"><time datetime=\"2026-09-07\" lang=\"nl\">Op <span class=\"day\">07<\/span><span class=\"month\"> sep.<\/span><\/time><\/div><div class=\"field-moredates ws-apidae-moredates\" role=\"group\" aria-label=\"Komende data\"><div class=\"moredates\"><div class=\"inner-wrapper\"><span class=\"moredates-label\">Komende data :<\/span><ul class=\"moredates-list\"><li><time datetime=\"2026-09-14\" lang=\"nl\">Op <span class=\"day\">14<\/span><span class=\"month\"> september<\/span><\/time><\/li><li><time datetime=\"2026-09-21\" lang=\"nl\">Op <span class=\"day\">21<\/span><span class=\"month\"> september<\/span><\/time><\/li><li><time datetime=\"2026-09-28\" lang=\"nl\">Op <span class=\"day\">28<\/span><span class=\"month\"> september<\/span><\/time><\/li><li><time datetime=\"2026-10-05\" lang=\"nl\">Op <span class=\"day\">05<\/span><span class=\"month\"> oktober<\/span><\/time><\/li><li class=\"moredates-more\">en nog meer data\u2026<\/li><\/ul><\/div><\/div><\/div><\/div><div class=\"field-title\">March\u00e9 de Guillestre<\/div><\/div><div class=\"field-link\"><a href=\"https:\/\/www.hautes-alpes.net\/nl\/fiche\/marche-de-guillestre-5\/\" class=\"cardlink\">March\u00e9 de Guillestre<\/a><\/div><\/div><\/div><div class=\"item\" ><div class=\"card card-apidae card-agenda post-type-apidae\"><div class=\"group-top\"><div class=\"field-fete-cat\">Bezoek met gids en\/of commentaar<\/div><\/div><div class=\"group-media\"><div class=\"field-image\"><img decoding=\"async\" src=\"https:\/\/images.weserv.nl\/?url=https:\/\/static.apidae-tourisme.com\/filestore\/objets-touristiques\/images\/213\/57\/40253909-diaporama.jpg&#038;w=550&#038;h=350&#038;fit=cover&#038;output=webp&#038;q=45\" alt=\"Villa Costebelle : visite de la cave et d\u00e9gustation\"\/><\/div><\/div><div class=\"group-content\"><div class=\"field-commune\">Upaix<\/div><div class=\"group-dates\" role=\"group\" aria-label=\"Data van het evenement\"><div class=\"field-dates ws-apidae-date-coming\" role=\"group\" aria-label=\"Openingsdatum\"><time datetime=\"2026-09-07\" lang=\"nl\">Op <span class=\"day\">07<\/span><span class=\"month\"> sep.<\/span><\/time><\/div><div class=\"field-moredates ws-apidae-moredates\" role=\"group\" aria-label=\"Komende data\"><div class=\"moredates\"><div class=\"inner-wrapper\"><span class=\"moredates-label\">Komende data :<\/span><ul class=\"moredates-list\"><li><time datetime=\"2026-09-14\" lang=\"nl\">Op <span class=\"day\">14<\/span><span class=\"month\"> september<\/span><\/time><\/li><li><time datetime=\"2026-09-21\" lang=\"nl\">Op <span class=\"day\">21<\/span><span class=\"month\"> september<\/span><\/time><\/li><li><time datetime=\"2026-09-28\" lang=\"nl\">Op <span class=\"day\">28<\/span><span class=\"month\"> september<\/span><\/time><\/li><li><time datetime=\"2026-10-05\" lang=\"nl\">Op <span class=\"day\">05<\/span><span class=\"month\"> oktober<\/span><\/time><\/li><li class=\"moredates-more\">en nog meer data\u2026<\/li><\/ul><\/div><\/div><\/div><\/div><div class=\"field-title\">Villa Costebelle : visite de la cave et d\u00e9gustation<\/div><\/div><div class=\"field-link\"><a href=\"https:\/\/www.hautes-alpes.net\/nl\/fiche\/villa-costebelle-visite-de-la-cave-et-degustation-5\/\" class=\"cardlink\">Villa Costebelle : visite de la cave et d\u00e9gustation<\/a><\/div><\/div><\/div><div class=\"item\" ><div class=\"card card-apidae card-agenda post-type-apidae\"><div class=\"group-top\"><div class=\"field-fete-cat\">Bezoek met gids en\/of commentaar<\/div><\/div><div class=\"group-media\"><div class=\"field-image\"><img decoding=\"async\" src=\"https:\/\/images.weserv.nl\/?url=https:\/\/static.apidae-tourisme.com\/filestore\/objets-touristiques\/images\/119\/64\/40255607-diaporama.jpg&#038;w=550&#038;h=350&#038;fit=cover&#038;output=webp&#038;q=45\" alt=\"Visite guid\u00e9e du Moulin du Paroy\"\/><\/div><\/div><div class=\"group-content\"><div class=\"field-commune\">Serres<\/div><div class=\"group-dates\" role=\"group\" aria-label=\"Data van het evenement\"><div class=\"field-dates ws-apidae-date-coming\" role=\"group\" aria-label=\"Openingsdatum\"><time datetime=\"2026-09-08\" lang=\"nl\">Op <span class=\"day\">08<\/span><span class=\"month\"> sep.<\/span> van <span class=\"hour\">10h<\/span> tot <span class=\"hour\">12h<\/span><\/time><\/div><div class=\"field-moredates ws-apidae-moredates\" role=\"group\" aria-label=\"Komende data\"><div class=\"moredates\"><div class=\"inner-wrapper\"><span class=\"moredates-label\">Komende data :<\/span><ul class=\"moredates-list\"><li><time datetime=\"2026-10-20\" lang=\"nl\">Op <span class=\"day\">20<\/span><span class=\"month\"> oktober<\/span> van <span class=\"hour\">10h<\/span> tot <span class=\"hour\">12h<\/span><\/time><\/li><\/ul><\/div><\/div><\/div><\/div><div class=\"field-title\">Visite guid\u00e9e du Moulin du Paroy<\/div><\/div><div class=\"field-link\"><a href=\"https:\/\/www.hautes-alpes.net\/nl\/fiche\/visite-guidee-du-moulin-du-paroy-5\/\" class=\"cardlink\">Visite guid\u00e9e du Moulin du Paroy<\/a><\/div><\/div><\/div><div class=\"item\" ><div class=\"card card-apidae card-agenda post-type-apidae\"><div class=\"group-top\"><div class=\"field-fete-cat\">Bezoek met gids en\/of commentaar<\/div><\/div><div class=\"group-media\"><div class=\"field-image\"><img decoding=\"async\" src=\"https:\/\/images.weserv.nl\/?url=https:\/\/static.apidae-tourisme.com\/filestore\/objets-touristiques\/images\/102\/110\/34565734-diaporama.jpg&#038;w=550&#038;h=350&#038;fit=cover&#038;output=webp&#038;q=45\" alt=\"Visite guid\u00e9e : Embrun, coeurs et \u00e2mes\"\/><\/div><\/div><div class=\"group-content\"><div class=\"field-commune\">Embrun<\/div><div class=\"group-dates\" role=\"group\" aria-label=\"Data van het evenement\"><div class=\"field-dates ws-apidae-date-coming\" role=\"group\" aria-label=\"Openingsdatum\"><time datetime=\"2026-09-08\" lang=\"nl\">Op <span class=\"day\">08<\/span><span class=\"month\"> sep.<\/span> van <span class=\"hour\">17h<\/span> tot <span class=\"hour\">18h30<\/span><\/time><\/div><div class=\"field-moredates ws-apidae-moredates\" role=\"group\" aria-label=\"Komende data\"><div class=\"moredates\"><div class=\"inner-wrapper\"><span class=\"moredates-label\">Komende data :<\/span><ul class=\"moredates-list\"><li><time datetime=\"2026-09-15\" lang=\"nl\">Op <span class=\"day\">15<\/span><span class=\"month\"> september<\/span> van <span class=\"hour\">17h<\/span> tot <span class=\"hour\">18h30<\/span><\/time><\/li><li><time datetime=\"2026-10-20\" lang=\"nl\">Op <span class=\"day\">20<\/span><span class=\"month\"> oktober<\/span> van <span class=\"hour\">14h30<\/span> tot <span class=\"hour\">16h<\/span><\/time><\/li><li><time datetime=\"2026-10-27\" lang=\"nl\">Op <span class=\"day\">27<\/span><span class=\"month\"> oktober<\/span> van <span class=\"hour\">14h30<\/span> tot <span class=\"hour\">16h<\/span><\/time><\/li><\/ul><\/div><\/div><\/div><\/div><div class=\"field-title\">Visite guid\u00e9e : Embrun, coeurs et \u00e2mes<\/div><div class=\"field-description\">Met haar overdekte gangen, smalle kronkelstraatjes en gebeeldhouwde deuropeningen was deze oude stad, trots neergestreken op haar rots, tot de Franse Revolutie ook een&#8230;<\/div><\/div><div class=\"field-link\"><a href=\"https:\/\/www.hautes-alpes.net\/nl\/fiche\/visite-guidee-embrun-coeurs-et-ames-5\/\" class=\"cardlink\">Visite guid\u00e9e : Embrun, coeurs et \u00e2mes<\/a><\/div><\/div><\/div><div class=\"item\" ><div class=\"card card-apidae card-agenda post-type-apidae\"><div class=\"group-top\"><div class=\"field-fete-cat\">Bezoek met gids en\/of commentaar<\/div><\/div><div class=\"group-media\"><div class=\"field-image\"><img decoding=\"async\" src=\"https:\/\/images.weserv.nl\/?url=https:\/\/static.apidae-tourisme.com\/filestore\/objets-touristiques\/images\/176\/113\/39154096-diaporama.jpg&#038;w=550&#038;h=350&#038;fit=cover&#038;output=webp&#038;q=45\" alt=\"Rando curieuse : Marche sur l&#8217;eau\"\/><\/div><\/div><div class=\"group-content\"><div class=\"field-commune\">Chorges<\/div><div class=\"group-dates\" role=\"group\" aria-label=\"Data van het evenement\"><div class=\"field-dates ws-apidae-date-coming\" role=\"group\" aria-label=\"Openingsdatum\"><time datetime=\"2026-09-08\" lang=\"nl\">Op <span class=\"day\">08<\/span><span class=\"month\"> sep.<\/span> van <span class=\"hour\">9h<\/span> tot <span class=\"hour\">12h<\/span><\/time><\/div><div class=\"field-moredates ws-apidae-moredates\" role=\"group\" aria-label=\"Komende data\"><div class=\"moredates\"><div class=\"inner-wrapper\"><span class=\"moredates-label\">Komende data :<\/span><ul class=\"moredates-list\"><li><time datetime=\"2026-09-15\" lang=\"nl\">Op <span class=\"day\">15<\/span><span class=\"month\"> september<\/span> van <span class=\"hour\">9h<\/span> tot <span class=\"hour\">12h<\/span><\/time><\/li><\/ul><\/div><\/div><\/div><\/div><div class=\"field-title\">Rando curieuse : Marche sur l&#8217;eau<\/div><div class=\"field-description\">Een unieke ervaring op het water om de geheimen van het Lac de Serre-Pon\u00e7on te ontdekken tijdens een kustwandeling die de mooiste mediterrane routes&#8230;<\/div><\/div><div class=\"field-link\"><a href=\"https:\/\/www.hautes-alpes.net\/nl\/fiche\/rando-curieuse-marche-sur-leau-6\/\" class=\"cardlink\">Rando curieuse : Marche sur l&#8217;eau<\/a><\/div><\/div><\/div><div class=\"item\" ><div class=\"card card-apidae card-agenda post-type-apidae\"><div class=\"group-top\"><div class=\"field-fete-cat\">Bezoek met gids en\/of commentaar<\/div><\/div><div class=\"group-media\"><div class=\"field-image\"><img decoding=\"async\" src=\"https:\/\/images.weserv.nl\/?url=https:\/\/static.apidae-tourisme.com\/filestore\/objets-touristiques\/images\/38\/67\/40256294-diaporama.jpg&#038;w=550&#038;h=350&#038;fit=cover&#038;output=webp&#038;q=45\" alt=\"Visites guid\u00e9es du village perch\u00e9 d&#8217;Upaix\"\/><\/div><\/div><div class=\"group-content\"><div class=\"field-commune\">Upaix<\/div><div class=\"group-dates\" role=\"group\" aria-label=\"Data van het evenement\"><div class=\"field-dates ws-apidae-date-coming\" role=\"group\" aria-label=\"Openingsdatum\"><time datetime=\"2026-09-08\" lang=\"nl\">Op <span class=\"day\">08<\/span><span class=\"month\"> sep.<\/span> van <span class=\"hour\">10h<\/span> tot <span class=\"hour\">12h<\/span><\/time><\/div><div class=\"field-moredates ws-apidae-moredates\" role=\"group\" aria-label=\"Komende data\"><div class=\"moredates\"><div class=\"inner-wrapper\"><span class=\"moredates-label\">Komende data :<\/span><ul class=\"moredates-list\"><li><time datetime=\"2026-09-15\" lang=\"nl\">Op <span class=\"day\">15<\/span><span class=\"month\"> september<\/span> van <span class=\"hour\">10h<\/span> tot <span class=\"hour\">12h<\/span><\/time><\/li><li><time datetime=\"2026-09-22\" lang=\"nl\">Op <span class=\"day\">22<\/span><span class=\"month\"> september<\/span> van <span class=\"hour\">10h<\/span> tot <span class=\"hour\">12h<\/span><\/time><\/li><\/ul><\/div><\/div><\/div><\/div><div class=\"field-title\">Visites guid\u00e9es du village perch\u00e9 d&#8217;Upaix<\/div><\/div><div class=\"field-link\"><a href=\"https:\/\/www.hautes-alpes.net\/nl\/fiche\/visites-guidees-du-village-perche-dupaix-6\/\" class=\"cardlink\">Visites guid\u00e9es du village perch\u00e9 d&#8217;Upaix<\/a><\/div><\/div><\/div><div class=\"item\" ><div class=\"card card-apidae card-agenda post-type-apidae\"><div class=\"group-top\"><\/div><div class=\"group-media\"><div class=\"field-image\"><img decoding=\"async\" src=\"https:\/\/images.weserv.nl\/?url=https:\/\/static.apidae-tourisme.com\/filestore\/objets-touristiques\/images\/206\/172\/42380494-diaporama.jpg&#038;w=550&#038;h=350&#038;fit=cover&#038;output=webp&#038;q=45\" alt=\"Projection du film Yukon, un r\u00eave blanc\"\/><\/div><\/div><div class=\"group-content\"><div class=\"field-commune\">Gap<\/div><div class=\"group-dates\" role=\"group\" aria-label=\"Data van het evenement\"><div class=\"field-dates ws-apidae-date-coming\" role=\"group\" aria-label=\"Openingsdatum\"><time datetime=\"2026-09-09\" lang=\"nl\">Op <span class=\"day\">09<\/span><span class=\"month\"> sep.<\/span> van <span class=\"hour\">20h<\/span> tot <span class=\"hour\">21h<\/span><\/time><\/div><\/div><div class=\"field-title\">Projection du film Yukon, un r\u00eave blanc<\/div><\/div><div class=\"field-link\"><a href=\"https:\/\/www.hautes-alpes.net\/nl\/fiche\/projection-du-film-yukon-un-reve-blanc-6\/\" class=\"cardlink\">Projection du film Yukon, un r\u00eave blanc<\/a><\/div><\/div><\/div><div class=\"item\" ><div class=\"card card-apidae card-agenda post-type-apidae\"><div class=\"group-top\"><div class=\"field-fete-cat\">Jaarmarkt of beurs<\/div><\/div><div class=\"group-media\"><div class=\"field-image\"><img decoding=\"async\" src=\"https:\/\/images.weserv.nl\/?url=https:\/\/static.apidae-tourisme.com\/filestore\/objets-touristiques\/images-principales\/156\/122\/359068-diaporama.jpg&#038;w=550&#038;h=350&#038;fit=cover&#038;output=webp&#038;q=45\" alt=\"798\u00e8me Foire aux dindes de Lagrand\"\/><\/div><\/div><div class=\"group-content\"><div class=\"field-commune\">Garde-Colombe<\/div><div class=\"group-dates\" role=\"group\" aria-label=\"Data van het evenement\"><div class=\"field-dates ws-apidae-date-coming\" role=\"group\" aria-label=\"Openingsdatum\"><time datetime=\"2026-09-09\" lang=\"nl\">Op <span class=\"day\">09<\/span><span class=\"month\"> sep.<\/span><\/time><\/div><div class=\"field-moredates ws-apidae-moredates\" role=\"group\" aria-label=\"Komende data\"><div class=\"moredates\"><div class=\"inner-wrapper\"><span class=\"moredates-label\">Komende data :<\/span><ul class=\"moredates-list\"><li><time datetime=\"2027-09-09\" lang=\"nl\">Op <span class=\"day\">09<\/span><span class=\"month\"> september<\/span><\/time><\/li><\/ul><\/div><\/div><\/div><\/div><div class=\"field-title\">798\u00e8me Foire aux dindes de Lagrand<\/div><\/div><div class=\"field-link\"><a href=\"https:\/\/www.hautes-alpes.net\/nl\/fiche\/798eme-foire-aux-dindes-de-lagrand-6\/\" class=\"cardlink\">798\u00e8me Foire aux dindes de Lagrand<\/a><\/div><\/div><\/div><div class=\"item\" ><div class=\"card card-apidae card-agenda post-type-apidae\"><div class=\"group-top\"><div class=\"field-fete-cat\">Maaltijd georganiseerd door een vereniging<\/div><\/div><div class=\"group-media\"><div class=\"field-image\"><img decoding=\"async\" src=\"https:\/\/images.weserv.nl\/?url=https:\/\/static.apidae-tourisme.com\/filestore\/objets-touristiques\/images\/252\/40\/42543356-diaporama.jpg&#038;w=550&#038;h=350&#038;fit=cover&#038;output=webp&#038;q=45\" alt=\"Foire aux Dindes : repas a\u00efoli\"\/><\/div><\/div><div class=\"group-content\"><div class=\"field-commune\">Garde-Colombe<\/div><div class=\"group-dates\" role=\"group\" aria-label=\"Data van het evenement\"><div class=\"field-dates ws-apidae-date-coming\" role=\"group\" aria-label=\"Openingsdatum\"><time datetime=\"2026-09-09\" lang=\"nl\">Op <span class=\"day\">09<\/span><span class=\"month\"> sep.<\/span> om <span class=\"hour\">12h30<\/span><\/time><\/div><div class=\"field-moredates ws-apidae-moredates\" role=\"group\" aria-label=\"Komende data\"><div class=\"moredates\"><div class=\"inner-wrapper\"><span class=\"moredates-label\">Komende data :<\/span><ul class=\"moredates-list\"><li><time datetime=\"2027-09-09\" lang=\"nl\">Op <span class=\"day\">09<\/span><span class=\"month\"> september<\/span><\/time><\/li><\/ul><\/div><\/div><\/div><\/div><div class=\"field-title\">Foire aux Dindes : repas a\u00efoli<\/div><\/div><div class=\"field-link\"><a href=\"https:\/\/www.hautes-alpes.net\/nl\/fiche\/foire-aux-dindes-repas-aioli-6\/\" class=\"cardlink\">Foire aux Dindes : repas a\u00efoli<\/a><\/div><\/div><\/div><div class=\"item\" ><div class=\"card card-apidae card-agenda post-type-apidae\"><div class=\"group-top\"><\/div><div class=\"group-media\"><div class=\"field-image\"><img decoding=\"async\" src=\"https:\/\/images.weserv.nl\/?url=https:\/\/static.apidae-tourisme.com\/filestore\/objets-touristiques\/images\/159\/188\/42384543-diaporama.jpg&#038;w=550&#038;h=350&#038;fit=cover&#038;output=webp&#038;q=45\" alt=\"Projection du film Flow\"\/><\/div><\/div><div class=\"group-content\"><div class=\"field-commune\">Gap<\/div><div class=\"group-dates\" role=\"group\" aria-label=\"Data van het evenement\"><div class=\"field-dates ws-apidae-date-coming\" role=\"group\" aria-label=\"Openingsdatum\"><time datetime=\"2026-09-11\" lang=\"nl\">Op <span class=\"day\">11<\/span><span class=\"month\"> sep.<\/span><\/time><\/div><\/div><div class=\"field-title\">Projection du film Flow<\/div><\/div><div class=\"field-link\"><a href=\"https:\/\/www.hautes-alpes.net\/nl\/fiche\/projection-du-film-flow-7\/\" class=\"cardlink\">Projection du film Flow<\/a><\/div><\/div><\/div><div class=\"item\" ><div class=\"card card-apidae card-agenda post-type-apidae\"><div class=\"group-top\"><div class=\"field-fete-cat\">Sportwedstrijd<\/div><\/div><div class=\"group-media\"><div class=\"field-image\"><img decoding=\"async\" src=\"https:\/\/images.weserv.nl\/?url=https:\/\/static.apidae-tourisme.com\/filestore\/objets-touristiques\/images\/21\/32\/12263445-diaporama.jpg&#038;w=550&#038;h=350&#038;fit=cover&#038;output=webp&#038;q=45\" alt=\"Alps Epic\"\/><\/div><\/div><div class=\"group-content\"><div class=\"field-commune\">Vars<\/div><div class=\"group-dates\"><div class=\"field-dates\">Van <span class=\"day\">11<\/span><span class=\"month\"> sep.<\/span> tot <span class=\"day\">12<\/span><span class=\"month\"> sep.<\/span><\/div><\/div><div class=\"field-title\">Alps Epic<\/div><\/div><div class=\"field-link\"><a href=\"https:\/\/www.hautes-alpes.net\/nl\/fiche\/alps-epic-6\/\" class=\"cardlink\">Alps Epic<\/a><\/div><\/div><\/div><div class=\"item\" ><div class=\"card card-apidae card-agenda post-type-apidae\"><div class=\"group-top\"><div class=\"field-fete-cat\">Sportwedstrijd<\/div><\/div><div class=\"group-media\"><div class=\"field-image\"><img decoding=\"async\" src=\"https:\/\/images.weserv.nl\/?url=https:\/\/static.apidae-tourisme.com\/filestore\/objets-touristiques\/images\/99\/138\/41847395-diaporama.jpg&#038;w=550&#038;h=350&#038;fit=cover&#038;output=webp&#038;q=45\" alt=\"Freeride Les Tourettes 2026\"\/><\/div><\/div><div class=\"group-content\"><div class=\"field-commune\">Valdoule<\/div><div class=\"group-dates\"><div class=\"field-dates\">Van <span class=\"day\">12<\/span><span class=\"month\"> sep.<\/span> tot <span class=\"day\">13<\/span><span class=\"month\"> sep.<\/span><\/div><\/div><div class=\"field-title\">Freeride Les Tourettes 2026<\/div><\/div><div class=\"field-link\"><a href=\"https:\/\/www.hautes-alpes.net\/nl\/fiche\/freeride-les-tourettes-2026-6\/\" class=\"cardlink\">Freeride Les Tourettes 2026<\/a><\/div><\/div><\/div><div class=\"item\" ><div class=\"card card-apidae card-agenda post-type-apidae\"><div class=\"group-top\"><div class=\"field-fete-cat\">Sportwedstrijd<\/div><\/div><div class=\"group-media\"><div class=\"field-image\"><img decoding=\"async\" src=\"https:\/\/images.weserv.nl\/?url=https:\/\/static.apidae-tourisme.com\/filestore\/objets-touristiques\/images\/214\/114\/28734166-diaporama.jpg&#038;w=550&#038;h=350&#038;fit=cover&#038;output=webp&#038;q=45\" alt=\"Ultra Raid de la Meije\"\/><\/div><\/div><div class=\"group-content\"><div class=\"field-commune\">La Grave<\/div><div class=\"group-dates\"><div class=\"field-dates\">Van <span class=\"day\">12<\/span><span class=\"month\"> sep.<\/span> tot <span class=\"day\">13<\/span><span class=\"month\"> sep.<\/span><\/div><\/div><div class=\"field-title\">Ultra Raid de la Meije<\/div><\/div><div class=\"field-link\"><a href=\"https:\/\/www.hautes-alpes.net\/nl\/fiche\/ultra-raid-de-la-meije-6\/\" class=\"cardlink\">Ultra Raid de la Meije<\/a><\/div><\/div><\/div><div class=\"item\" ><div class=\"card card-apidae card-agenda post-type-apidae\"><div class=\"group-top\"><div class=\"field-fete-cat\">Sportwedstrijd<\/div><\/div><div class=\"group-media\"><div class=\"field-image\"><img decoding=\"async\" src=\"https:\/\/images.weserv.nl\/?url=https:\/\/static.apidae-tourisme.com\/filestore\/objets-touristiques\/images\/194\/127\/41648066-diaporama.jpg&#038;w=550&#038;h=350&#038;fit=cover&#038;output=webp&#038;q=45\" alt=\"Serre Che Trail\"\/><\/div><\/div><div class=\"group-content\"><div class=\"field-commune\">Le Mon\u00eatier-les-Bains<\/div><div class=\"group-dates\"><div class=\"field-dates\">Van <span class=\"day\">12<\/span><span class=\"month\"> sep.<\/span> om <span class=\"hour\">10h<\/span> tot <span class=\"day\">13<\/span><span class=\"month\"> sep.<\/span><\/div><\/div><div class=\"field-title\">Serre Che Trail<\/div><\/div><div class=\"field-link\"><a href=\"https:\/\/www.hautes-alpes.net\/nl\/fiche\/serre-che-trail-6\/\" class=\"cardlink\">Serre Che Trail<\/a><\/div><\/div><\/div><div class=\"item\" ><div class=\"card card-apidae card-agenda post-type-apidae\"><div class=\"group-top\"><\/div><div class=\"group-media\"><div class=\"field-image\"><img decoding=\"async\" src=\"https:\/\/images.weserv.nl\/?url=https:\/\/static.apidae-tourisme.com\/filestore\/objets-touristiques\/images\/190\/94\/24403646-diaporama.png&#038;w=550&#038;h=350&#038;fit=cover&#038;output=webp&#038;q=45\" alt=\"Bike Park Closing : Descente chronom\u00e9tr\u00e9e\"\/><\/div><\/div><div class=\"group-content\"><div class=\"field-commune\">Les Orres<\/div><div class=\"group-dates\" role=\"group\" aria-label=\"Data van het evenement\"><div class=\"field-dates ws-apidae-date-coming\" role=\"group\" aria-label=\"Openingsdatum\"><time datetime=\"2026-09-12\" lang=\"nl\">Op <span class=\"day\">12<\/span><span class=\"month\"> sep.<\/span> van <span class=\"hour\">10h30<\/span> tot <span class=\"hour\">16h30<\/span><\/time><\/div><\/div><div class=\"field-title\">Bike Park Closing : Descente chronom\u00e9tr\u00e9e<\/div><\/div><div class=\"field-link\"><a href=\"https:\/\/www.hautes-alpes.net\/nl\/fiche\/bike-park-closing-descente-chronometree-5\/\" class=\"cardlink\">Bike Park Closing : Descente chronom\u00e9tr\u00e9e<\/a><\/div><\/div><\/div><div class=\"item\" ><div class=\"card card-apidae card-agenda post-type-apidae\"><div class=\"group-top\"><\/div><div class=\"group-media\"><div class=\"field-image\"><img decoding=\"async\" src=\"https:\/\/images.weserv.nl\/?url=https:\/\/static.apidae-tourisme.com\/filestore\/objets-touristiques\/images\/232\/94\/24403688-diaporama.png&#038;w=550&#038;h=350&#038;fit=cover&#038;output=webp&#038;q=45\" alt=\"Bike Park Closing : Big air bag\"\/><\/div><\/div><div class=\"group-content\"><div class=\"field-commune\">Les Orres<\/div><div class=\"group-dates\" role=\"group\" aria-label=\"Data van het evenement\"><div class=\"field-dates ws-apidae-date-coming\" role=\"group\" aria-label=\"Openingsdatum\"><time datetime=\"2026-09-12\" lang=\"nl\">Op <span class=\"day\">12<\/span><span class=\"month\"> sep.<\/span> van <span class=\"hour\">9h<\/span> tot <span class=\"hour\">17h<\/span><\/time><\/div><\/div><div class=\"field-title\">Bike Park Closing : Big air bag<\/div><\/div><div class=\"field-link\"><a href=\"https:\/\/www.hautes-alpes.net\/nl\/fiche\/bike-park-closing-big-air-bag-6\/\" class=\"cardlink\">Bike Park Closing : Big air bag<\/a><\/div><\/div><\/div><div class=\"item\" ><div class=\"card card-apidae card-agenda post-type-apidae\"><div class=\"group-top\"><\/div><div class=\"group-media\"><div class=\"field-image\"><img decoding=\"async\" src=\"https:\/\/images.weserv.nl\/?url=https:\/\/static.apidae-tourisme.com\/filestore\/objets-touristiques\/images\/203\/97\/24404427-diaporama.png&#038;w=550&#038;h=350&#038;fit=cover&#038;output=webp&#038;q=45\" alt=\"Bike Park Closing : Remise des prix Descente chronom\u00e9tr\u00e9e\"\/><\/div><\/div><div class=\"group-content\"><div class=\"field-commune\">Les Orres<\/div><div class=\"group-dates\" role=\"group\" aria-label=\"Data van het evenement\"><div class=\"field-dates ws-apidae-date-coming\" role=\"group\" aria-label=\"Openingsdatum\"><time datetime=\"2026-09-12\" lang=\"nl\">Op <span class=\"day\">12<\/span><span class=\"month\"> sep.<\/span> om <span class=\"hour\">16h45<\/span><\/time><\/div><\/div><div class=\"field-title\">Bike Park Closing : Remise des prix Descente chronom\u00e9tr\u00e9e<\/div><\/div><div class=\"field-link\"><a href=\"https:\/\/www.hautes-alpes.net\/nl\/fiche\/bike-park-closing-remise-des-prix-descente-chronometree-5\/\" class=\"cardlink\">Bike Park Closing : Remise des prix Descente chronom\u00e9tr\u00e9e<\/a><\/div><\/div><\/div><div class=\"item\" ><div class=\"card card-apidae card-agenda post-type-apidae\"><div class=\"group-top\"><div class=\"field-fete-cat\">Defil\u00e9 Optocht Parade<\/div><\/div><div class=\"group-media\"><div class=\"field-image\"><img decoding=\"async\" src=\"https:\/\/images.weserv.nl\/?url=https:\/\/static.apidae-tourisme.com\/filestore\/objets-touristiques\/images\/150\/97\/24404374-diaporama.png&#038;w=550&#038;h=350&#038;fit=cover&#038;output=webp&#038;q=45\" alt=\"Bike park Closing : la &#8221;der des der&#8221;\"\/><\/div><\/div><div class=\"group-content\"><div class=\"field-commune\">Les Orres<\/div><div class=\"group-dates\" role=\"group\" aria-label=\"Data van het evenement\"><div class=\"field-dates ws-apidae-date-coming\" role=\"group\" aria-label=\"Openingsdatum\"><time datetime=\"2026-09-12\" lang=\"nl\">Op <span class=\"day\">12<\/span><span class=\"month\"> sep.<\/span> om <span class=\"hour\">16h15<\/span><\/time><\/div><\/div><div class=\"field-title\">Bike park Closing : la &#8221;der des der&#8221;<\/div><\/div><div class=\"field-link\"><a href=\"https:\/\/www.hautes-alpes.net\/nl\/fiche\/bike-park-closing-la-der-des-der-6\/\" class=\"cardlink\">Bike park Closing : la &#8221;der des der&#8221;<\/a><\/div><\/div><\/div><div class=\"item\" ><div class=\"card card-apidae card-agenda post-type-apidae\"><div class=\"group-top\"><\/div><div class=\"group-media\"><div class=\"field-image\"><img decoding=\"async\" src=\"https:\/\/images.weserv.nl\/?url=https:\/\/static.apidae-tourisme.com\/filestore\/objets-touristiques\/images\/185\/71\/38422457-diaporama.png&#038;w=550&#038;h=350&#038;fit=cover&#038;output=webp&#038;q=45\" alt=\"Bike Park Closing : initiation Big Air Bag\"\/><\/div><\/div><div class=\"group-content\"><div class=\"field-commune\">Les Orres<\/div><div class=\"group-dates\" role=\"group\" aria-label=\"Data van het evenement\"><div class=\"field-dates ws-apidae-date-coming\" role=\"group\" aria-label=\"Openingsdatum\"><time datetime=\"2026-09-12\" lang=\"nl\">Op <span class=\"day\">12<\/span><span class=\"month\"> sep.<\/span><\/time><\/div><\/div><div class=\"field-title\">Bike Park Closing : initiation Big Air Bag<\/div><\/div><div class=\"field-link\"><a href=\"https:\/\/www.hautes-alpes.net\/nl\/fiche\/bike-park-closing-initiation-big-air-bag-5\/\" class=\"cardlink\">Bike Park Closing : initiation Big Air Bag<\/a><\/div><\/div><\/div><div class=\"item\" ><div class=\"card card-apidae card-agenda post-type-apidae\"><div class=\"group-top\"><div class=\"field-fete-cat\">Concert<\/div><\/div><div class=\"group-media\"><div class=\"field-image\"><img decoding=\"async\" src=\"https:\/\/images.weserv.nl\/?url=https:\/\/static.apidae-tourisme.com\/filestore\/objets-touristiques\/images\/101\/6\/42272357-diaporama.jpg&#038;w=550&#038;h=350&#038;fit=cover&#038;output=webp&#038;q=45\" alt=\"26\u00e8me Foire Bio G\u00e9n\u00e9pi\"\/><\/div><\/div><div class=\"group-content\"><div class=\"field-commune\">Embrun<\/div><div class=\"group-dates\"><div class=\"field-dates\">Van <span class=\"day\">12<\/span><span class=\"month\"> sep.<\/span> van <span class=\"hour\">10h<\/span> tot <span class=\"day\">13<\/span><span class=\"month\"> sep.<\/span> om <span class=\"hour\">18h<\/span><\/div><\/div><div class=\"field-title\">26\u00e8me Foire Bio G\u00e9n\u00e9pi<\/div><\/div><div class=\"field-link\"><a href=\"https:\/\/www.hautes-alpes.net\/nl\/fiche\/26eme-foire-bio-genepi-6\/\" class=\"cardlink\">26\u00e8me Foire Bio G\u00e9n\u00e9pi<\/a><\/div><\/div><\/div><div class=\"item\" ><div class=\"card card-apidae card-agenda post-type-apidae\"><div class=\"group-top\"><\/div><div class=\"group-media\"><div class=\"field-image\"><img decoding=\"async\" src=\"https:\/\/images.weserv.nl\/?url=https:\/\/static.apidae-tourisme.com\/filestore\/objets-touristiques\/images\/39\/223\/42327847-diaporama.jpg&#038;w=550&#038;h=350&#038;fit=cover&#038;output=webp&#038;q=45\" alt=\"Forum des Sports &amp; des Assos\"\/><\/div><\/div><div class=\"group-content\"><div class=\"field-commune\">Brian\u00e7on<\/div><div class=\"group-dates\" role=\"group\" aria-label=\"Data van het evenement\"><div class=\"field-dates ws-apidae-date-coming\" role=\"group\" aria-label=\"Openingsdatum\"><time datetime=\"2026-09-12\" lang=\"nl\">Op <span class=\"day\">12<\/span><span class=\"month\"> sep.<\/span> van <span class=\"hour\">14h<\/span> tot <span class=\"hour\">18h<\/span><\/time><\/div><\/div><div class=\"field-title\">Forum des Sports &amp; des Assos<\/div><\/div><div class=\"field-link\"><a href=\"https:\/\/www.hautes-alpes.net\/nl\/fiche\/forum-des-sports-des-assos-3\/\" class=\"cardlink\">Forum des Sports &amp; des Assos<\/a><\/div><\/div><\/div><div class=\"item\" ><div class=\"card card-apidae card-agenda post-type-apidae\"><div class=\"group-top\"><div class=\"field-fete-cat\">Speurtochten<\/div><\/div><div class=\"group-media\"><div class=\"field-image\"><img decoding=\"async\" src=\"https:\/\/images.weserv.nl\/?url=https:\/\/static.apidae-tourisme.com\/filestore\/objets-touristiques\/images\/39\/133\/39552295-diaporama.jpg&#038;w=550&#038;h=350&#038;fit=cover&#038;output=webp&#038;q=45\" alt=\"Bike Park Closing\"\/><\/div><\/div><div class=\"group-content\"><div class=\"field-commune\">Les Orres<\/div><div class=\"group-dates\"><div class=\"field-dates\">Van <span class=\"day\">12<\/span><span class=\"month\"> sep.<\/span> tot <span class=\"day\">13<\/span><span class=\"month\"> sep.<\/span><\/div><\/div><div class=\"field-title\">Bike Park Closing<\/div><div class=\"field-description\">Kom het laatste weekend van de opening van het bike park met ons vieren! Er is genoeg entertainment voor je in petto, waaronder een&#8230;<\/div><\/div><div class=\"field-link\"><a href=\"https:\/\/www.hautes-alpes.net\/nl\/fiche\/bike-park-closing-4\/\" class=\"cardlink\">Bike Park Closing<\/a><\/div><\/div><\/div><div class=\"item\" ><div class=\"card card-apidae card-agenda post-type-apidae\"><div class=\"group-top\"><\/div><div class=\"group-media\"><div class=\"field-image\"><img decoding=\"async\" src=\"https:\/\/images.weserv.nl\/?url=https:\/\/static.apidae-tourisme.com\/filestore\/objets-touristiques\/images\/170\/172\/42380458-diaporama.jpg&#038;w=550&#038;h=350&#038;fit=cover&#038;output=webp&#038;q=45\" alt=\"Projection du film Le sabot montagnard\"\/><\/div><\/div><div class=\"group-content\"><div class=\"field-commune\">Gap<\/div><div class=\"group-dates\" role=\"group\" aria-label=\"Data van het evenement\"><div class=\"field-dates ws-apidae-date-coming\" role=\"group\" aria-label=\"Openingsdatum\"><time datetime=\"2026-09-12\" lang=\"nl\">Op <span class=\"day\">12<\/span><span class=\"month\"> sep.<\/span><\/time><\/div><\/div><div class=\"field-title\">Projection du film Le sabot montagnard<\/div><\/div><div class=\"field-link\"><a href=\"https:\/\/www.hautes-alpes.net\/nl\/fiche\/projection-du-film-le-sabot-montagnard-7\/\" class=\"cardlink\">Projection du film Le sabot montagnard<\/a><\/div><\/div><\/div><div class=\"item\" ><div class=\"card card-apidae card-agenda post-type-apidae\"><div class=\"group-top\"><\/div><div class=\"group-media\"><div class=\"field-image\"><img decoding=\"async\" src=\"https:\/\/images.weserv.nl\/?url=https:\/\/static.apidae-tourisme.com\/filestore\/objets-touristiques\/images\/216\/188\/42384600-diaporama.jpg&#038;w=550&#038;h=350&#038;fit=cover&#038;output=webp&#038;q=45\" alt=\"Projection du film Jack et Nancy\"\/><\/div><\/div><div class=\"group-content\"><div class=\"field-commune\">Gap<\/div><div class=\"group-dates\" role=\"group\" aria-label=\"Data van het evenement\"><div class=\"field-dates ws-apidae-date-coming\" role=\"group\" aria-label=\"Openingsdatum\"><time datetime=\"2026-09-12\" lang=\"nl\">Op <span class=\"day\">12<\/span><span class=\"month\"> sep.<\/span> van <span class=\"hour\">17h<\/span> tot <span class=\"hour\">18h<\/span><\/time><\/div><\/div><div class=\"field-title\">Projection du film Jack et Nancy<\/div><\/div><div class=\"field-link\"><a href=\"https:\/\/www.hautes-alpes.net\/nl\/fiche\/projection-du-film-jack-et-nancy-7\/\" class=\"cardlink\">Projection du film Jack et Nancy<\/a><\/div><\/div><\/div><div class=\"item\" ><div class=\"card card-apidae card-agenda post-type-apidae\"><div class=\"group-top\"><div class=\"field-fete-cat\">Concert<\/div><\/div><div class=\"group-media\"><div class=\"field-image\"><img decoding=\"async\" src=\"https:\/\/images.weserv.nl\/?url=https:\/\/static.apidae-tourisme.com\/filestore\/objets-touristiques\/images\/59\/168\/42379323-diaporama.jpg&#038;w=550&#038;h=350&#038;fit=cover&#038;output=webp&#038;q=45\" alt=\"Spectacle &#8221;Failles&#8221; et concert &#8221;Queyras Factory&#8221;\"\/><\/div><\/div><div class=\"group-content\"><div class=\"field-commune\">Embrun<\/div><div class=\"group-dates\" role=\"group\" aria-label=\"Data van het evenement\"><div class=\"field-dates ws-apidae-date-coming\" role=\"group\" aria-label=\"Openingsdatum\"><time datetime=\"2026-09-12\" lang=\"nl\">Op <span class=\"day\">12<\/span><span class=\"month\"> sep.<\/span> om <span class=\"hour\">20h30<\/span><\/time><\/div><\/div><div class=\"field-title\">Spectacle &#8221;Failles&#8221; et concert &#8221;Queyras Factory&#8221;<\/div><\/div><div class=\"field-link\"><a href=\"https:\/\/www.hautes-alpes.net\/nl\/fiche\/spectacle-failles-et-concert-queyras-factory-6\/\" class=\"cardlink\">Spectacle &#8221;Failles&#8221; et concert &#8221;Queyras Factory&#8221;<\/a><\/div><\/div><\/div><div class=\"item\" ><div class=\"card card-apidae card-agenda post-type-apidae\"><div class=\"group-top\"><\/div><div class=\"group-media\"><div class=\"field-image\"><img decoding=\"async\" src=\"https:\/\/images.weserv.nl\/?url=https:\/\/static.apidae-tourisme.com\/filestore\/objets-touristiques\/images\/149\/240\/42463381-diaporama.jpg&#038;w=550&#038;h=350&#038;fit=cover&#038;output=webp&#038;q=45\" alt=\"Atelier - Cyanotypie\"\/><\/div><\/div><div class=\"group-content\"><div class=\"field-commune\">Chorges<\/div><div class=\"group-dates\" role=\"group\" aria-label=\"Data van het evenement\"><div class=\"field-dates ws-apidae-date-coming\" role=\"group\" aria-label=\"Openingsdatum\"><time datetime=\"2026-09-12\" lang=\"nl\">Op <span class=\"day\">12<\/span><span class=\"month\"> sep.<\/span> van <span class=\"hour\">14h<\/span> tot <span class=\"hour\">16h<\/span><\/time><\/div><\/div><div class=\"field-title\">Atelier - Cyanotypie<\/div><\/div><div class=\"field-link\"><a href=\"https:\/\/www.hautes-alpes.net\/nl\/fiche\/atelier-cyanotypie-6\/\" class=\"cardlink\">Atelier - Cyanotypie<\/a><\/div><\/div><\/div><div class=\"item\" ><div class=\"card card-apidae card-agenda post-type-apidae\"><div class=\"group-top\"><div class=\"field-fete-cat\">Sportwedstrijd<\/div><\/div><div class=\"group-media\"><div class=\"field-image\"><img decoding=\"async\" src=\"https:\/\/images.weserv.nl\/?url=https:\/\/static.apidae-tourisme.com\/filestore\/objets-touristiques\/images\/25\/115\/41317145-diaporama.jpg&#038;w=550&#038;h=350&#038;fit=cover&#038;output=webp&#038;q=45\" alt=\"Cyclosportive La Serre-Pon\u00e7on 2026\"\/><\/div><\/div><div class=\"group-content\"><div class=\"field-commune\">Savines-le-Lac<\/div><div class=\"group-dates\" role=\"group\" aria-label=\"Data van het evenement\"><div class=\"field-dates ws-apidae-date-coming\" role=\"group\" aria-label=\"Openingsdatum\"><time datetime=\"2026-09-13\" lang=\"nl\">Op <span class=\"day\">13<\/span><span class=\"month\"> sep.<\/span> van <span class=\"hour\">8h<\/span> tot <span class=\"hour\">18h<\/span><\/time><\/div><\/div><div class=\"field-title\">Cyclosportive La Serre-Pon\u00e7on 2026<\/div><\/div><div class=\"field-link\"><a href=\"https:\/\/www.hautes-alpes.net\/nl\/fiche\/cyclosportive-la-serre-poncon-2026-6\/\" class=\"cardlink\">Cyclosportive La Serre-Pon\u00e7on 2026<\/a><\/div><\/div><\/div><div class=\"item\" ><div class=\"card card-apidae card-agenda post-type-apidae\"><div class=\"group-top\"><\/div><div class=\"group-media\"><div class=\"field-image\"><img decoding=\"async\" src=\"https:\/\/images.weserv.nl\/?url=https:\/\/static.apidae-tourisme.com\/filestore\/objets-touristiques\/images\/214\/139\/24742870-diaporama.png&#038;w=550&#038;h=350&#038;fit=cover&#038;output=webp&#038;q=45\" alt=\"Bike Park Closing : Challenge draisienne Pitchouns Bike\"\/><\/div><\/div><div class=\"group-content\"><div class=\"field-commune\">Les Orres<\/div><div class=\"group-dates\" role=\"group\" aria-label=\"Data van het evenement\"><div class=\"field-dates ws-apidae-date-coming\" role=\"group\" aria-label=\"Openingsdatum\"><time datetime=\"2026-09-13\" lang=\"nl\">Op <span class=\"day\">13<\/span><span class=\"month\"> sep.<\/span> van <span class=\"hour\">9h<\/span> tot <span class=\"hour\">14h45<\/span><\/time><\/div><\/div><div class=\"field-title\">Bike Park Closing : Challenge draisienne Pitchouns Bike<\/div><\/div><div class=\"field-link\"><a href=\"https:\/\/www.hautes-alpes.net\/nl\/fiche\/bike-park-closing-challenge-draisienne-pitchouns-bike-6\/\" class=\"cardlink\">Bike Park Closing : Challenge draisienne Pitchouns Bike<\/a><\/div><\/div><\/div><div class=\"item\" ><div class=\"card card-apidae card-agenda post-type-apidae\"><div class=\"group-top\"><\/div><div class=\"group-media\"><div class=\"field-image\"><img decoding=\"async\" src=\"https:\/\/images.weserv.nl\/?url=https:\/\/static.apidae-tourisme.com\/filestore\/objets-touristiques\/images\/208\/181\/42317264-diaporama.jpg&#038;w=550&#038;h=350&#038;fit=cover&#038;output=webp&#038;q=45\" alt=\"R\u00e9cital de piano Ana Gabriela Fernandez\"\/><\/div><\/div><div class=\"group-content\"><div class=\"field-commune\">Gap<\/div><div class=\"group-dates\" role=\"group\" aria-label=\"Data van het evenement\"><div class=\"field-dates ws-apidae-date-coming\" role=\"group\" aria-label=\"Openingsdatum\"><time datetime=\"2026-09-13\" lang=\"nl\">Op <span class=\"day\">13<\/span><span class=\"month\"> sep.<\/span><\/time><\/div><\/div><div class=\"field-title\">R\u00e9cital de piano Ana Gabriela Fernandez<\/div><\/div><div class=\"field-link\"><a href=\"https:\/\/www.hautes-alpes.net\/nl\/fiche\/recital-de-piano-ana-gabriela-fernandez-6\/\" class=\"cardlink\">R\u00e9cital de piano Ana Gabriela Fernandez<\/a><\/div><\/div><\/div><div class=\"item\" ><div class=\"card card-apidae card-agenda post-type-apidae\"><div class=\"group-top\"><div class=\"field-fete-cat\">Introductie binnen het kader van een evenement<\/div><\/div><div class=\"group-media\"><div class=\"field-image\"><img decoding=\"async\" src=\"https:\/\/images.weserv.nl\/?url=https:\/\/static.apidae-tourisme.com\/filestore\/objets-touristiques\/images\/18\/146\/35885586-diaporama.jpg&#038;w=550&#038;h=350&#038;fit=cover&#038;output=webp&#038;q=45\" alt=\"Atelier tisane - Les cueillettes de Marielle\"\/><\/div><\/div><div class=\"group-content\"><div class=\"field-commune\">Ribeyret<\/div><div class=\"group-dates\" role=\"group\" aria-label=\"Data van het evenement\"><div class=\"field-dates ws-apidae-date-coming\" role=\"group\" aria-label=\"Openingsdatum\"><time datetime=\"2026-09-16\" lang=\"nl\">Op <span class=\"day\">16<\/span><span class=\"month\"> sep.<\/span> van <span class=\"hour\">14h<\/span> tot <span class=\"hour\">16h<\/span><\/time><\/div><\/div><div class=\"field-title\">Atelier tisane - Les cueillettes de Marielle<\/div><\/div><div class=\"field-link\"><a href=\"https:\/\/www.hautes-alpes.net\/nl\/fiche\/atelier-tisane-les-cueillettes-de-marielle-6\/\" class=\"cardlink\">Atelier tisane - Les cueillettes de Marielle<\/a><\/div><\/div><\/div><div class=\"item\" ><div class=\"card card-apidae card-agenda post-type-apidae\"><div class=\"group-top\"><\/div><div class=\"group-media\"><div class=\"field-image\"><img decoding=\"async\" src=\"https:\/\/images.weserv.nl\/?url=https:\/\/static.apidae-tourisme.com\/filestore\/objets-touristiques\/images\/166\/188\/42384550-diaporama.jpg&#038;w=550&#038;h=350&#038;fit=cover&#038;output=webp&#038;q=45\" alt=\"Projection du film Flow\"\/><\/div><\/div><div class=\"group-content\"><div class=\"field-commune\">Gap<\/div><div class=\"group-dates\" role=\"group\" aria-label=\"Data van het evenement\"><div class=\"field-dates ws-apidae-date-coming\" role=\"group\" aria-label=\"Openingsdatum\"><time datetime=\"2026-09-16\" lang=\"nl\">Op <span class=\"day\">16<\/span><span class=\"month\"> sep.<\/span> van <span class=\"hour\">20h<\/span> tot <span class=\"hour\">21h30<\/span><\/time><\/div><\/div><div class=\"field-title\">Projection du film Flow<\/div><\/div><div class=\"field-link\"><a href=\"https:\/\/www.hautes-alpes.net\/nl\/fiche\/projection-du-film-flow-8\/\" class=\"cardlink\">Projection du film Flow<\/a><\/div><\/div><\/div><div class=\"item\" ><div class=\"card card-apidae card-agenda post-type-apidae\"><div class=\"group-top\"><\/div><div class=\"group-media\"><div class=\"field-image\"><img decoding=\"async\" src=\"https:\/\/images.weserv.nl\/?url=https:\/\/static.apidae-tourisme.com\/filestore\/objets-touristiques\/images\/16\/234\/8251920-diaporama.jpg&#038;w=550&#038;h=350&#038;fit=cover&#038;output=webp&#038;q=45\" alt=\"Ateliers Marche Afghane avec &#8221;D\u00e9tours en Montagne&#8221;\"\/><\/div><\/div><div class=\"group-content\"><div class=\"field-commune\">La Roche-des-Arnauds<\/div><div class=\"group-dates\" role=\"group\" aria-label=\"Data van het evenement\"><div class=\"field-dates ws-apidae-date-coming\" role=\"group\" aria-label=\"Openingsdatum\"><time datetime=\"2026-09-17\" lang=\"nl\">Op <span class=\"day\">17<\/span><span class=\"month\"> sep.<\/span><\/time><\/div><div class=\"field-moredates ws-apidae-moredates\" role=\"group\" aria-label=\"Komende data\"><div class=\"moredates\"><div class=\"inner-wrapper\"><span class=\"moredates-label\">Komende data :<\/span><ul class=\"moredates-list\"><li><time datetime=\"2026-09-18\" lang=\"nl\">Op <span class=\"day\">18<\/span><span class=\"month\"> september<\/span><\/time><\/li><li><time datetime=\"2026-09-21\" lang=\"nl\">Op <span class=\"day\">21<\/span><span class=\"month\"> september<\/span><\/time><\/li><li><time datetime=\"2026-09-24\" lang=\"nl\">Op <span class=\"day\">24<\/span><span class=\"month\"> september<\/span><\/time><\/li><li><time datetime=\"2026-09-25\" lang=\"nl\">Op <span class=\"day\">25<\/span><span class=\"month\"> september<\/span><\/time><\/li><li class=\"moredates-more\">en nog meer data\u2026<\/li><\/ul><\/div><\/div><\/div><\/div><div class=\"field-title\">Ateliers Marche Afghane avec &#8221;D\u00e9tours en Montagne&#8221;<\/div><\/div><div class=\"field-link\"><a href=\"https:\/\/www.hautes-alpes.net\/nl\/fiche\/ateliers-marche-afghane-avec-detours-en-montagne-6\/\" class=\"cardlink\">Ateliers Marche Afghane avec &#8221;D\u00e9tours en Montagne&#8221;<\/a><\/div><\/div><\/div><div class=\"item\" ><div class=\"card card-apidae card-agenda post-type-apidae\"><div class=\"group-top\"><div class=\"field-fete-cat\">Artistieke uitvoering<\/div><\/div><div class=\"group-media\"><div class=\"field-image\"><img decoding=\"async\" src=\"https:\/\/images.weserv.nl\/?url=https:\/\/static.apidae-tourisme.com\/filestore\/objets-touristiques\/images\/1\/129\/41976065-diaporama.jpg&#038;w=550&#038;h=350&#038;fit=cover&#038;output=webp&#038;q=45\" alt=\"CARMEN (op\u00e9ra-paysage itin\u00e9rant)\"\/><\/div><\/div><div class=\"group-content\"><div class=\"field-commune\">Montmaur<\/div><div class=\"group-dates\" role=\"group\" aria-label=\"Data van het evenement\"><div class=\"field-dates ws-apidae-date-coming\" role=\"group\" aria-label=\"Openingsdatum\"><time datetime=\"2026-09-17\" lang=\"nl\">Op <span class=\"day\">17<\/span><span class=\"month\"> sep.<\/span> van <span class=\"hour\">19h<\/span> tot <span class=\"hour\">21h<\/span><\/time><\/div><div class=\"field-moredates ws-apidae-moredates\" role=\"group\" aria-label=\"Komende data\"><div class=\"moredates\"><div class=\"inner-wrapper\"><span class=\"moredates-label\">Komende data :<\/span><ul class=\"moredates-list\"><li><time datetime=\"2026-09-18\" lang=\"nl\">Op <span class=\"day\">18<\/span><span class=\"month\"> september<\/span> van <span class=\"hour\">19h<\/span> tot <span class=\"hour\">21h<\/span><\/time><\/li><\/ul><\/div><\/div><\/div><\/div><div class=\"field-title\">CARMEN (op\u00e9ra-paysage itin\u00e9rant)<\/div><\/div><div class=\"field-link\"><a href=\"https:\/\/www.hautes-alpes.net\/nl\/fiche\/carmen-opera-paysage-itinerant-6\/\" class=\"cardlink\">CARMEN (op\u00e9ra-paysage itin\u00e9rant)<\/a><\/div><\/div><\/div><div class=\"item\" ><div class=\"card card-apidae card-agenda post-type-apidae\"><div class=\"group-top\"><div class=\"field-fete-cat\">Lezing<\/div><\/div><div class=\"group-media\"><div class=\"field-image\"><img decoding=\"async\" src=\"https:\/\/images.weserv.nl\/?url=https:\/\/static.apidae-tourisme.com\/filestore\/objets-touristiques\/images\/209\/185\/42318289-diaporama.jpg&#038;w=550&#038;h=350&#038;fit=cover&#038;output=webp&#038;q=45\" alt=\"Bla bla livres\"\/><\/div><\/div><div class=\"group-content\"><div class=\"field-commune\">Barret-sur-M\u00e9ouge<\/div><div class=\"group-dates\" role=\"group\" aria-label=\"Data van het evenement\"><div class=\"field-dates ws-apidae-date-coming\" role=\"group\" aria-label=\"Openingsdatum\"><time datetime=\"2026-09-17\" lang=\"nl\">Op <span class=\"day\">17<\/span><span class=\"month\"> sep.<\/span> om <span class=\"hour\">18h30<\/span><\/time><\/div><\/div><div class=\"field-title\">Bla bla livres<\/div><\/div><div class=\"field-link\"><a href=\"https:\/\/www.hautes-alpes.net\/nl\/fiche\/bla-bla-livres-6\/\" class=\"cardlink\">Bla bla livres<\/a><\/div><\/div><\/div><div class=\"item\" ><div class=\"card card-apidae card-agenda post-type-apidae\"><div class=\"group-top\"><div class=\"field-fete-cat\">Concert<\/div><\/div><div class=\"group-media\"><div class=\"field-image\"><img decoding=\"async\" src=\"https:\/\/images.weserv.nl\/?url=https:\/\/static.apidae-tourisme.com\/filestore\/objets-touristiques\/images\/239\/49\/42480111-diaporama.jpg&#038;w=550&#038;h=350&#038;fit=cover&#038;output=webp&#038;q=45\" alt=\"R\u00e9p\u00e9titions publiques - European Jazz Companions\"\/><\/div><\/div><div class=\"group-content\"><div class=\"field-commune\">Mont-Dauphin<\/div><div class=\"group-dates\"><div class=\"field-dates\">Van <span class=\"day\">17<\/span><span class=\"month\"> sep.<\/span> van <span class=\"hour\">15h<\/span> tot <span class=\"day\">18<\/span><span class=\"month\"> sep.<\/span> om <span class=\"hour\">18h<\/span><\/div><\/div><div class=\"field-title\">R\u00e9p\u00e9titions publiques - European Jazz Companions<\/div><\/div><div class=\"field-link\"><a href=\"https:\/\/www.hautes-alpes.net\/nl\/fiche\/repetitions-publiques-european-jazz-companions-6\/\" class=\"cardlink\">R\u00e9p\u00e9titions publiques - European Jazz Companions<\/a><\/div><\/div><\/div><div class=\"item\" ><div class=\"card card-apidae card-agenda post-type-apidae\"><div class=\"group-top\"><div class=\"field-fete-cat\">Concert<\/div><\/div><div class=\"group-media\"><div class=\"field-image\"><img decoding=\"async\" src=\"https:\/\/images.weserv.nl\/?url=https:\/\/static.apidae-tourisme.com\/filestore\/objets-touristiques\/images\/78\/246\/41088590-diaporama.jpg&#038;w=550&#038;h=350&#038;fit=cover&#038;output=webp&#038;q=45\" alt=\"Mater Ecclesiae : Cantates de Bach et polyphonies de la renaissance espagnole\"\/><\/div><\/div><div class=\"group-content\"><div class=\"field-commune\">Embrun<\/div><div class=\"group-dates\" role=\"group\" aria-label=\"Data van het evenement\"><div class=\"field-dates ws-apidae-date-coming\" role=\"group\" aria-label=\"Openingsdatum\"><time datetime=\"2026-09-18\" lang=\"nl\">Op <span class=\"day\">18<\/span><span class=\"month\"> sep.<\/span> van <span class=\"hour\">20h<\/span> tot <span class=\"hour\">22h<\/span><\/time><\/div><\/div><div class=\"field-title\">Mater Ecclesiae : Cantates de Bach et polyphonies de la renaissance espagnole<\/div><\/div><div class=\"field-link\"><a href=\"https:\/\/www.hautes-alpes.net\/nl\/fiche\/mater-ecclesiae-cantates-de-bach-et-polyphonies-de-la-renaissance-espagnole-6\/\" class=\"cardlink\">Mater Ecclesiae : Cantates de Bach et polyphonies de la renaissance espagnole<\/a><\/div><\/div><\/div><div class=\"item\" ><div class=\"card card-apidae card-agenda post-type-apidae\"><div class=\"group-top\"><div class=\"field-fete-cat\">Demonstratie<\/div><\/div><div class=\"group-media\"><div class=\"field-image\"><img decoding=\"async\" src=\"https:\/\/images.weserv.nl\/?url=https:\/\/static.apidae-tourisme.com\/filestore\/objets-touristiques\/images\/91\/190\/42122843-diaporama.jpg&#038;w=550&#038;h=350&#038;fit=cover&#038;output=webp&#038;q=45\" alt=\"23\u00e8me \u00e9dition des Expositions Serres Lez&#8217;Arts\"\/><\/div><\/div><div class=\"group-content\"><div class=\"field-commune\">Serres<\/div><div class=\"group-dates\"><div class=\"field-dates\">Van <span class=\"day\">18<\/span><span class=\"month\"> sep.<\/span> van <span class=\"hour\">9h<\/span> tot <span class=\"day\">20<\/span><span class=\"month\"> sep.<\/span> om <span class=\"hour\">18h<\/span><\/div><\/div><div class=\"field-title\">23\u00e8me \u00e9dition des Expositions Serres Lez&#8217;Arts<\/div><\/div><div class=\"field-link\"><a href=\"https:\/\/www.hautes-alpes.net\/nl\/fiche\/23eme-edition-des-expositions-serres-lezarts-5\/\" class=\"cardlink\">23\u00e8me \u00e9dition des Expositions Serres Lez&#8217;Arts<\/a><\/div><\/div><\/div><div class=\"item\" ><div class=\"card card-apidae card-agenda post-type-apidae\"><div class=\"group-top\"><div class=\"field-fete-cat\">Bezoek met gids en\/of commentaar<\/div><\/div><div class=\"group-media\"><div class=\"field-image\"><img decoding=\"async\" src=\"https:\/\/images.weserv.nl\/?url=https:\/\/static.apidae-tourisme.com\/filestore\/objets-touristiques\/images\/234\/249\/33749482-diaporama.jpg&#038;w=550&#038;h=350&#038;fit=cover&#038;output=webp&#038;q=45\" alt=\"Serres Lez&#8217;Arts : visite des lieux d\u2019exposition en pr\u00e9sence des artistes\"\/><\/div><\/div><div class=\"group-content\"><div class=\"field-commune\">Serres<\/div><div class=\"group-dates\" role=\"group\" aria-label=\"Data van het evenement\"><div class=\"field-dates ws-apidae-date-coming\" role=\"group\" aria-label=\"Openingsdatum\"><time datetime=\"2026-09-18\" lang=\"nl\">Op <span class=\"day\">18<\/span><span class=\"month\"> sep.<\/span><\/time><\/div><div class=\"field-moredates ws-apidae-moredates\" role=\"group\" aria-label=\"Komende data\"><div class=\"moredates\"><div class=\"inner-wrapper\"><span class=\"moredates-label\">Komende data :<\/span><ul class=\"moredates-list\"><li><time datetime=\"2026-09-19\" lang=\"nl\">Op <span class=\"day\">19<\/span><span class=\"month\"> september<\/span> van <span class=\"hour\">10h<\/span> tot <span class=\"hour\">19h<\/span><\/time><\/li><li><time datetime=\"2026-09-20\" lang=\"nl\">Op <span class=\"day\">20<\/span><span class=\"month\"> september<\/span> van <span class=\"hour\">10h<\/span> tot <span class=\"hour\">19h<\/span><\/time><\/li><\/ul><\/div><\/div><\/div><\/div><div class=\"field-title\">Serres Lez&#8217;Arts : visite des lieux d\u2019exposition en pr\u00e9sence des artistes<\/div><\/div><div class=\"field-link\"><a href=\"https:\/\/www.hautes-alpes.net\/nl\/fiche\/serres-lezarts-visite-des-lieux-dexposition-en-presence-des-artistes-6\/\" class=\"cardlink\">Serres Lez&#8217;Arts : visite des lieux d\u2019exposition en pr\u00e9sence des artistes<\/a><\/div><\/div><\/div><div class=\"item\" ><div class=\"card card-apidae card-agenda post-type-apidae\"><div class=\"group-top\"><div class=\"field-fete-cat\">Vernissage\/Inauguratie<\/div><\/div><div class=\"group-media\"><div class=\"field-image\"><img decoding=\"async\" src=\"https:\/\/images.weserv.nl\/?url=https:\/\/static.apidae-tourisme.com\/filestore\/objets-touristiques\/images\/198\/11\/42208198-diaporama.jpg&#038;w=550&#038;h=350&#038;fit=cover&#038;output=webp&#038;q=45\" alt=\"Serres Lez&#8217;Arts : vernissage en d\u00e9ambulation\"\/><\/div><\/div><div class=\"group-content\"><div class=\"field-commune\">Serres<\/div><div class=\"group-dates\" role=\"group\" aria-label=\"Data van het evenement\"><div class=\"field-dates ws-apidae-date-coming\" role=\"group\" aria-label=\"Openingsdatum\"><time datetime=\"2026-09-18\" lang=\"nl\">Op <span class=\"day\">18<\/span><span class=\"month\"> sep.<\/span> om <span class=\"hour\">18h30<\/span><\/time><\/div><\/div><div class=\"field-title\">Serres Lez&#8217;Arts : vernissage en d\u00e9ambulation<\/div><\/div><div class=\"field-link\"><a href=\"https:\/\/www.hautes-alpes.net\/nl\/fiche\/serres-lezarts-vernissage-en-deambulation-6\/\" class=\"cardlink\">Serres Lez&#8217;Arts : vernissage en d\u00e9ambulation<\/a><\/div><\/div><\/div><div class=\"item\" ><div class=\"card card-apidae card-agenda post-type-apidae\"><div class=\"group-top\"><div class=\"field-fete-cat\">Bezoek met gids en\/of commentaar<\/div><\/div><div class=\"group-media\"><div class=\"field-image\"><img decoding=\"async\" src=\"https:\/\/images.weserv.nl\/?url=https:\/\/static.apidae-tourisme.com\/filestore\/objets-touristiques\/images\/80\/22\/42407504-diaporama.jpg&#038;w=550&#038;h=350&#038;fit=cover&#038;output=webp&#038;q=45\" alt=\"Journ\u00e9es Europ\u00e9ennes du Patrimoine : visites comment\u00e9es de la roche apr\u00e8s 1000 ans d&#8217;\u00e9xistence\"\/><\/div><\/div><div class=\"group-content\"><div class=\"field-commune\">La Roche-des-Arnauds<\/div><div class=\"group-dates\" role=\"group\" aria-label=\"Data van het evenement\"><div class=\"field-dates ws-apidae-date-coming\" role=\"group\" aria-label=\"Openingsdatum\"><time datetime=\"2026-09-18\" lang=\"nl\">Op <span class=\"day\">18<\/span><span class=\"month\"> sep.<\/span><\/time><\/div><\/div><div class=\"field-title\">Journ\u00e9es Europ\u00e9ennes du Patrimoine : visites comment\u00e9es de la roche apr\u00e8s 1000 ans d&#8217;\u00e9xistence<\/div><\/div><div class=\"field-link\"><a href=\"https:\/\/www.hautes-alpes.net\/nl\/fiche\/journees-europeennes-du-patrimoine-visites-commentees-de-la-roche-apres-1000-ans-dexistence-6\/\" class=\"cardlink\">Journ\u00e9es Europ\u00e9ennes du Patrimoine : visites comment\u00e9es de la roche apr\u00e8s 1000 ans d&#8217;\u00e9xistence<\/a><\/div><\/div><\/div><div class=\"item\" ><div class=\"card card-apidae card-agenda post-type-apidae\"><div class=\"group-top\"><div class=\"field-fete-cat\">Lezing<\/div><\/div><div class=\"group-media\"><div class=\"field-image\"><img decoding=\"async\" src=\"https:\/\/images.weserv.nl\/?url=https:\/\/static.apidae-tourisme.com\/filestore\/objets-touristiques\/images\/139\/195\/42451851-diaporama.png&#038;w=550&#038;h=350&#038;fit=cover&#038;output=webp&#038;q=45\" alt=\"Journ\u00e9es europ\u00e9enne du patrimoine - Conf\u00e9rence \u00e0 deux voix sur les traces des Mineurs\"\/><\/div><\/div><div class=\"group-content\"><div class=\"field-commune\">Puy-Saint-Andr\u00e9<\/div><div class=\"group-dates\" role=\"group\" aria-label=\"Data van het evenement\"><div class=\"field-dates ws-apidae-date-coming\" role=\"group\" aria-label=\"Openingsdatum\"><time datetime=\"2026-09-18\" lang=\"nl\">Op <span class=\"day\">18<\/span><span class=\"month\"> sep.<\/span> om <span class=\"hour\">18h<\/span><\/time><\/div><\/div><div class=\"field-title\">Journ\u00e9es europ\u00e9enne du patrimoine - Conf\u00e9rence \u00e0 deux voix sur les traces des Mineurs<\/div><\/div><div class=\"field-link\"><a href=\"https:\/\/www.hautes-alpes.net\/nl\/fiche\/journees-europeenne-du-patrimoine-conference-a-deux-voix-sur-les-traces-des-mineurs-6\/\" class=\"cardlink\">Journ\u00e9es europ\u00e9enne du patrimoine - Conf\u00e9rence \u00e0 deux voix sur les traces des Mineurs<\/a><\/div><\/div><\/div><div class=\"item\" ><div class=\"card card-apidae card-agenda post-type-apidae\"><div class=\"group-top\"><div class=\"field-fete-cat\">Sportwedstrijd<\/div><\/div><div class=\"group-media\"><div class=\"field-image\"><img decoding=\"async\" src=\"https:\/\/images.weserv.nl\/?url=https:\/\/static.apidae-tourisme.com\/filestore\/objets-touristiques\/images\/248\/224\/41017592-diaporama.jpg&#038;w=550&#038;h=350&#038;fit=cover&#038;output=webp&#038;q=45\" alt=\"Grand Trail de Serre-Pon\u00e7on\"\/><\/div><\/div><div class=\"group-content\"><div class=\"field-commune\">Embrun<\/div><div class=\"group-dates\"><div class=\"field-dates\">Van <span class=\"day\">18<\/span><span class=\"month\"> sep.<\/span> tot <span class=\"day\">20<\/span><span class=\"month\"> sep.<\/span><\/div><\/div><div class=\"field-title\">Grand Trail de Serre-Pon\u00e7on<\/div><div class=\"field-description\">5 wedstrijden op het programma: - 64km - 46km - 28km Golden Series - 30km RDV Trail Onbekend - 18km<\/div><\/div><div class=\"field-link\"><a href=\"https:\/\/www.hautes-alpes.net\/nl\/fiche\/grand-trail-de-serre-poncon-6\/\" class=\"cardlink\">Grand Trail de Serre-Pon\u00e7on<\/a><\/div><\/div><\/div><div class=\"item\" ><div class=\"card card-apidae card-agenda post-type-apidae\"><div class=\"group-top\"><div class=\"field-fete-cat\">Introductie binnen het kader van een evenement<\/div><\/div><div class=\"group-media\"><div class=\"field-image\"><img decoding=\"async\" src=\"https:\/\/images.weserv.nl\/?url=https:\/\/static.apidae-tourisme.com\/filestore\/objets-touristiques\/images\/81\/249\/33683793-diaporama.jpg&#038;w=550&#038;h=350&#038;fit=cover&#038;output=webp&#038;q=45\" alt=\"Journ\u00e9es Europ\u00e9ennes du Patrimoine : d\u00e9couverte de la Maison des Fruits Anciens et atelier pistoles\"\/><\/div><\/div><div class=\"group-content\"><div class=\"field-commune\">Trescl\u00e9oux<\/div><div class=\"group-dates\"><div class=\"field-dates\">Van <span class=\"day\">19<\/span><span class=\"month\"> sep.<\/span> om <span class=\"hour\">10h<\/span> tot <span class=\"day\">20<\/span><span class=\"month\"> sep.<\/span><\/div><\/div><div class=\"field-title\">Journ\u00e9es Europ\u00e9ennes du Patrimoine : d\u00e9couverte de la Maison des Fruits Anciens et atelier pistoles<\/div><\/div><div class=\"field-link\"><a href=\"https:\/\/www.hautes-alpes.net\/nl\/fiche\/journees-europeennes-du-patrimoine-decouverte-de-la-maison-des-fruits-anciens-et-atelier-pistoles-6\/\" class=\"cardlink\">Journ\u00e9es Europ\u00e9ennes du Patrimoine : d\u00e9couverte de la Maison des Fruits Anciens et atelier pistoles<\/a><\/div><\/div><\/div><div class=\"item\" ><div class=\"card card-apidae card-agenda post-type-apidae\"><div class=\"group-top\"><div class=\"field-fete-cat\">Bezoek met gids en\/of commentaar<\/div><\/div><div class=\"group-media\"><div class=\"field-image\"><img decoding=\"async\" src=\"https:\/\/images.weserv.nl\/?url=https:\/\/static.apidae-tourisme.com\/filestore\/objets-touristiques\/images\/110\/76\/40324206-diaporama.png&#038;w=550&#038;h=350&#038;fit=cover&#038;output=webp&#038;q=45\" alt=\"Journ\u00e9e Europ\u00e9ennes du Patrimoine\"\/><\/div><\/div><div class=\"group-content\"><div class=\"field-commune\">Tallard<\/div><div class=\"group-dates\" role=\"group\" aria-label=\"Data van het evenement\"><div class=\"field-dates ws-apidae-date-coming\" role=\"group\" aria-label=\"Openingsdatum\"><time datetime=\"2026-09-19\" lang=\"nl\">Op <span class=\"day\">19<\/span><span class=\"month\"> sep.<\/span> van <span class=\"hour\">14h<\/span> tot <span class=\"hour\">20h<\/span><\/time><\/div><div class=\"field-moredates ws-apidae-moredates\" role=\"group\" aria-label=\"Komende data\"><div class=\"moredates\"><div class=\"inner-wrapper\"><span class=\"moredates-label\">Komende data :<\/span><ul class=\"moredates-list\"><li><time datetime=\"2026-09-20\" lang=\"nl\">Op <span class=\"day\">20<\/span><span class=\"month\"> september<\/span> van <span class=\"hour\">10h<\/span> tot <span class=\"hour\">18h<\/span><\/time><\/li><\/ul><\/div><\/div><\/div><\/div><div class=\"field-title\">Journ\u00e9e Europ\u00e9ennes du Patrimoine<\/div><\/div><div class=\"field-link\"><a href=\"https:\/\/www.hautes-alpes.net\/nl\/fiche\/journee-europeennes-du-patrimoine-6\/\" class=\"cardlink\">Journ\u00e9e Europ\u00e9ennes du Patrimoine<\/a><\/div><\/div><\/div><div class=\"item\" ><div class=\"card card-apidae card-agenda post-type-apidae\"><div class=\"group-top\"><div class=\"field-fete-cat\">Bijeenkomst<\/div><\/div><div class=\"group-media\"><div class=\"field-image\"><img decoding=\"async\" src=\"https:\/\/images.weserv.nl\/?url=https:\/\/static.apidae-tourisme.com\/filestore\/objets-touristiques\/images\/103\/12\/40045671-diaporama.png&#038;w=550&#038;h=350&#038;fit=cover&#038;output=webp&#038;q=45\" alt=\"Altitude Gravel Champsaur Valgaudemar\"\/><\/div><\/div><div class=\"group-content\"><div class=\"field-commune\">Ancelle<\/div><div class=\"group-dates\" role=\"group\" aria-label=\"Data van het evenement\"><div class=\"field-dates ws-apidae-date-coming\" role=\"group\" aria-label=\"Openingsdatum\"><time datetime=\"2026-09-19\" lang=\"nl\">Op <span class=\"day\">19<\/span><span class=\"month\"> sep.<\/span> van <span class=\"hour\">5h<\/span> tot <span class=\"hour\">23h30<\/span><\/time><\/div><\/div><div class=\"field-title\">Altitude Gravel Champsaur Valgaudemar<\/div><\/div><div class=\"field-link\"><a href=\"https:\/\/www.hautes-alpes.net\/nl\/fiche\/altitude-gravel-champsaur-valgaudemar-6\/\" class=\"cardlink\">Altitude Gravel Champsaur Valgaudemar<\/a><\/div><\/div><\/div><div class=\"item\" ><div class=\"card card-apidae card-agenda post-type-apidae\"><div class=\"group-top\"><div class=\"field-fete-cat\">Uitstekende opening voor eenmalige evenementen<\/div><\/div><div class=\"group-media\"><div class=\"field-image\"><img decoding=\"async\" src=\"https:\/\/images.weserv.nl\/?url=https:\/\/static.apidae-tourisme.com\/filestore\/objets-touristiques\/images\/67\/36\/41624643-diaporama.jpg&#038;w=550&#038;h=350&#038;fit=cover&#038;output=webp&#038;q=45\" alt=\"Journ\u00e9es Europ\u00e9ennes du Patrimoine: Chapelle Saint Vincent\"\/><\/div><\/div><div class=\"group-content\"><div class=\"field-commune\">Puy-Saint-Vincent<\/div><div class=\"group-dates\"><div class=\"field-dates\">Van <span class=\"day\">19<\/span><span class=\"month\"> sep.<\/span> van <span class=\"hour\">14h30<\/span> tot <span class=\"day\">20<\/span><span class=\"month\"> sep.<\/span> om <span class=\"hour\">17h30<\/span><\/div><\/div><div class=\"field-title\">Journ\u00e9es Europ\u00e9ennes du Patrimoine: Chapelle Saint Vincent<\/div><\/div><div class=\"field-link\"><a href=\"https:\/\/www.hautes-alpes.net\/nl\/fiche\/journees-europeennes-du-patrimoine-chapelle-saint-vincent-6\/\" class=\"cardlink\">Journ\u00e9es Europ\u00e9ennes du Patrimoine: Chapelle Saint Vincent<\/a><\/div><\/div><\/div><div class=\"item\" ><div class=\"card card-apidae card-agenda post-type-apidae\"><div class=\"group-top\"><div class=\"field-fete-cat\">Expositie<\/div><\/div><div class=\"group-media\"><div class=\"field-image\"><img decoding=\"async\" src=\"https:\/\/images.weserv.nl\/?url=https:\/\/static.apidae-tourisme.com\/filestore\/objets-touristiques\/images\/131\/21\/41227651-diaporama.jpg&#038;w=550&#038;h=350&#038;fit=cover&#038;output=webp&#038;q=45\" alt=\"Journ\u00e9es Europ\u00e9ennes du Patrimoine : visites libres du Ch\u00e2teau de Montmaur\"\/><\/div><\/div><div class=\"group-content\"><div class=\"field-commune\">Montmaur<\/div><div class=\"group-dates\"><div class=\"field-dates\">Van <span class=\"day\">19<\/span><span class=\"month\"> sep.<\/span> van <span class=\"hour\">14h<\/span> tot <span class=\"day\">20<\/span><span class=\"month\"> sep.<\/span> om <span class=\"hour\">18h<\/span><\/div><\/div><div class=\"field-title\">Journ\u00e9es Europ\u00e9ennes du Patrimoine : visites libres du Ch\u00e2teau de Montmaur<\/div><\/div><div class=\"field-link\"><a href=\"https:\/\/www.hautes-alpes.net\/nl\/fiche\/journees-europeennes-du-patrimoine-visites-libres-du-chateau-de-montmaur-6\/\" class=\"cardlink\">Journ\u00e9es Europ\u00e9ennes du Patrimoine : visites libres du Ch\u00e2teau de Montmaur<\/a><\/div><\/div><\/div><div class=\"item\" ><div class=\"card card-apidae card-agenda post-type-apidae\"><div class=\"group-top\"><div class=\"field-fete-cat\">Expositie<\/div><\/div><div class=\"group-media\"><div class=\"field-image\"><img decoding=\"async\" src=\"https:\/\/images.weserv.nl\/?url=https:\/\/static.apidae-tourisme.com\/filestore\/objets-touristiques\/images\/116\/147\/41456500-diaporama.jpg&#038;w=550&#038;h=350&#038;fit=cover&#038;output=webp&#038;q=45\" alt=\"Journ\u00e9es Portes ouvertes \u00e0 l&#8217;\u00e9comus\u00e9e du cheminot veynois\"\/><\/div><\/div><div class=\"group-content\"><div class=\"field-commune\">Veynes<\/div><div class=\"group-dates\"><div class=\"field-dates\">Van <span class=\"day\">19<\/span><span class=\"month\"> sep.<\/span> van <span class=\"hour\">10h<\/span> tot <span class=\"day\">20<\/span><span class=\"month\"> sep.<\/span> om <span class=\"hour\">18h<\/span><\/div><\/div><div class=\"field-title\">Journ\u00e9es Portes ouvertes \u00e0 l&#8217;\u00e9comus\u00e9e du cheminot veynois<\/div><\/div><div class=\"field-link\"><a href=\"https:\/\/www.hautes-alpes.net\/nl\/fiche\/journees-portes-ouvertes-a-lecomusee-du-cheminot-veynois-6\/\" class=\"cardlink\">Journ\u00e9es Portes ouvertes \u00e0 l&#8217;\u00e9comus\u00e9e du cheminot veynois<\/a><\/div><\/div><\/div><div class=\"item\" ><div class=\"card card-apidae card-agenda post-type-apidae\"><div class=\"group-top\"><div class=\"field-fete-cat\">Bezoek met gids en\/of commentaar<\/div><\/div><div class=\"group-media\"><div class=\"field-image\"><img decoding=\"async\" src=\"https:\/\/images.weserv.nl\/?url=https:\/\/static.apidae-tourisme.com\/filestore\/objets-touristiques\/images\/116\/201\/42060148-diaporama.jpg&#038;w=550&#038;h=350&#038;fit=cover&#038;output=webp&#038;q=45\" alt=\"D\u00e9couverte du Veynes cheminot - Balade comment\u00e9e\"\/><\/div><\/div><div class=\"group-content\"><div class=\"field-commune\">Veynes<\/div><div class=\"group-dates\" role=\"group\" aria-label=\"Data van het evenement\"><div class=\"field-dates ws-apidae-date-coming\" role=\"group\" aria-label=\"Openingsdatum\"><time datetime=\"2026-09-19\" lang=\"nl\">Op <span class=\"day\">19<\/span><span class=\"month\"> sep.<\/span> van <span class=\"hour\">14h<\/span> tot <span class=\"hour\">16h<\/span><\/time><\/div><\/div><div class=\"field-title\">D\u00e9couverte du Veynes cheminot - Balade comment\u00e9e<\/div><\/div><div class=\"field-link\"><a href=\"https:\/\/www.hautes-alpes.net\/nl\/fiche\/decouverte-du-veynes-cheminot-balade-commentee-6\/\" class=\"cardlink\">D\u00e9couverte du Veynes cheminot - Balade comment\u00e9e<\/a><\/div><\/div><\/div><div class=\"item\" ><div class=\"card card-apidae card-agenda post-type-apidae\"><div class=\"group-top\"><div class=\"field-fete-cat\">Jaarmarkt of beurs<\/div><\/div><div class=\"group-media\"><div class=\"field-image\"><img decoding=\"async\" src=\"https:\/\/images.weserv.nl\/?url=https:\/\/static.apidae-tourisme.com\/filestore\/objets-touristiques\/images\/39\/109\/40070439-diaporama.jpg&#038;w=550&#038;h=350&#038;fit=cover&#038;output=webp&#038;q=45\" alt=\"Foire aux courges\"\/><\/div><\/div><div class=\"group-content\"><div class=\"field-commune\">L&#039;\u00c9pine<\/div><div class=\"group-dates\" role=\"group\" aria-label=\"Data van het evenement\"><div class=\"field-dates ws-apidae-date-coming\" role=\"group\" aria-label=\"Openingsdatum\"><time datetime=\"2026-09-19\" lang=\"nl\">Op <span class=\"day\">19<\/span><span class=\"month\"> sep.<\/span> van <span class=\"hour\">7h30<\/span> tot <span class=\"hour\">19h<\/span><\/time><\/div><\/div><div class=\"field-title\">Foire aux courges<\/div><\/div><div class=\"field-link\"><a href=\"https:\/\/www.hautes-alpes.net\/nl\/fiche\/foire-aux-courges-6\/\" class=\"cardlink\">Foire aux courges<\/a><\/div><\/div><\/div><div class=\"item\" ><div class=\"card card-apidae card-agenda post-type-apidae\"><div class=\"group-top\"><div class=\"field-fete-cat\">Expositie<\/div><\/div><div class=\"group-media\"><div class=\"field-image\"><img decoding=\"async\" src=\"https:\/\/images.weserv.nl\/?url=https:\/\/static.apidae-tourisme.com\/filestore\/objets-touristiques\/images\/89\/124\/41253977-diaporama.jpg&#038;w=550&#038;h=350&#038;fit=cover&#038;output=webp&#038;q=45\" alt=\"Exposition au Ch\u00e2teau de Montmaur - Vivian Maier\"\/><\/div><\/div><div class=\"group-content\"><div class=\"field-commune\">Montmaur<\/div><div class=\"group-dates\"><div class=\"field-dates\">Van <span class=\"day\">19<\/span><span class=\"month\"> sep.<\/span> van <span class=\"hour\">14h<\/span> tot <span class=\"day\">20<\/span><span class=\"month\"> sep.<\/span> om <span class=\"hour\">18h<\/span><\/div><\/div><div class=\"field-title\">Exposition au Ch\u00e2teau de Montmaur - Vivian Maier<\/div><\/div><div class=\"field-link\"><a href=\"https:\/\/www.hautes-alpes.net\/nl\/fiche\/exposition-au-chateau-de-montmaur-vivian-maier-6\/\" class=\"cardlink\">Exposition au Ch\u00e2teau de Montmaur - Vivian Maier<\/a><\/div><\/div><\/div><div class=\"item\" ><div class=\"card card-apidae card-agenda post-type-apidae\"><div class=\"group-top\"><div class=\"field-fete-cat\">Bezoek met gids en\/of commentaar<\/div><\/div><div class=\"group-media\"><div class=\"field-image\"><img decoding=\"async\" src=\"https:\/\/images.weserv.nl\/?url=https:\/\/static.apidae-tourisme.com\/filestore\/objets-touristiques\/images\/89\/226\/18801241-diaporama.jpg&#038;w=550&#038;h=350&#038;fit=cover&#038;output=webp&#038;q=45\" alt=\"Journ\u00e9es Europ\u00e9ennes du Patrimoine : visite du centre historique de Serres\"\/><\/div><\/div><div class=\"group-content\"><div class=\"field-commune\">Serres<\/div><div class=\"group-dates\" role=\"group\" aria-label=\"Data van het evenement\"><div class=\"field-dates ws-apidae-date-coming\" role=\"group\" aria-label=\"Openingsdatum\"><time datetime=\"2026-09-19\" lang=\"nl\">Op <span class=\"day\">19<\/span><span class=\"month\"> sep.<\/span> om <span class=\"hour\">17h<\/span><\/time><\/div><\/div><div class=\"field-title\">Journ\u00e9es Europ\u00e9ennes du Patrimoine : visite du centre historique de Serres<\/div><\/div><div class=\"field-link\"><a href=\"https:\/\/www.hautes-alpes.net\/nl\/fiche\/journees-europeennes-du-patrimoine-visite-du-centre-historique-de-serres-6\/\" class=\"cardlink\">Journ\u00e9es Europ\u00e9ennes du Patrimoine : visite du centre historique de Serres<\/a><\/div><\/div><\/div><div class=\"item\" ><div class=\"card card-apidae card-agenda post-type-apidae\"><div class=\"group-top\"><div class=\"field-fete-cat\">Artistieke uitvoering<\/div><\/div><div class=\"group-media\"><div class=\"field-image\"><img decoding=\"async\" src=\"https:\/\/images.weserv.nl\/?url=https:\/\/static.apidae-tourisme.com\/filestore\/objets-touristiques\/images\/199\/11\/42208199-diaporama.jpg&#038;w=550&#038;h=350&#038;fit=cover&#038;output=webp&#038;q=45\" alt=\"Serres Lez&#8217;Arts : performance musicale participative\"\/><\/div><\/div><div class=\"group-content\"><div class=\"field-commune\">Serres<\/div><div class=\"group-dates\" role=\"group\" aria-label=\"Data van het evenement\"><div class=\"field-dates ws-apidae-date-coming\" role=\"group\" aria-label=\"Openingsdatum\"><time datetime=\"2026-09-19\" lang=\"nl\">Op <span class=\"day\">19<\/span><span class=\"month\"> sep.<\/span><\/time><\/div><div class=\"field-moredates ws-apidae-moredates\" role=\"group\" aria-label=\"Komende data\"><div class=\"moredates\"><div class=\"inner-wrapper\"><span class=\"moredates-label\">Komende data :<\/span><ul class=\"moredates-list\"><li><time datetime=\"2026-09-20\" lang=\"nl\">Op <span class=\"day\">20<\/span><span class=\"month\"> september<\/span> om <span class=\"hour\">14h<\/span><\/time><\/li><\/ul><\/div><\/div><\/div><\/div><div class=\"field-title\">Serres Lez&#8217;Arts : performance musicale participative<\/div><\/div><div class=\"field-link\"><a href=\"https:\/\/www.hautes-alpes.net\/nl\/fiche\/serres-lezarts-performance-musicale-participative-6\/\" class=\"cardlink\">Serres Lez&#8217;Arts : performance musicale participative<\/a><\/div><\/div><\/div><div class=\"item\" ><div class=\"card card-apidae card-agenda post-type-apidae\"><div class=\"group-top\"><div class=\"field-fete-cat\">Lezing<\/div><\/div><div class=\"group-media\"><div class=\"field-image\"><img decoding=\"async\" src=\"https:\/\/images.weserv.nl\/?url=https:\/\/static.apidae-tourisme.com\/filestore\/objets-touristiques\/images\/196\/11\/42208196-diaporama.jpg&#038;w=550&#038;h=350&#038;fit=cover&#038;output=webp&#038;q=45\" alt=\"Serres Lez&#8217;Arts : table ronde-d\u00e9bat\"\/><\/div><\/div><div class=\"group-content\"><div class=\"field-commune\">Serres<\/div><div class=\"group-dates\" role=\"group\" aria-label=\"Data van het evenement\"><div class=\"field-dates ws-apidae-date-coming\" role=\"group\" aria-label=\"Openingsdatum\"><time datetime=\"2026-09-19\" lang=\"nl\">Op <span class=\"day\">19<\/span><span class=\"month\"> sep.<\/span> om <span class=\"hour\">14h<\/span><\/time><\/div><\/div><div class=\"field-title\">Serres Lez&#8217;Arts : table ronde-d\u00e9bat<\/div><\/div><div class=\"field-link\"><a href=\"https:\/\/www.hautes-alpes.net\/nl\/fiche\/serres-lezarts-table-ronde-debat-6\/\" class=\"cardlink\">Serres Lez&#8217;Arts : table ronde-d\u00e9bat<\/a><\/div><\/div><\/div><div class=\"item\" ><div class=\"card card-apidae card-agenda post-type-apidae\"><div class=\"group-top\"><div class=\"field-fete-cat\">Concert<\/div><\/div><div class=\"group-media\"><div class=\"field-image\"><img decoding=\"async\" src=\"https:\/\/images.weserv.nl\/?url=https:\/\/static.apidae-tourisme.com\/filestore\/objets-touristiques\/images\/53\/70\/42223157-diaporama.jpg&#038;w=550&#038;h=350&#038;fit=cover&#038;output=webp&#038;q=45\" alt=\"Serres Lez&#8217;Arts : repas-concert\"\/><\/div><\/div><div class=\"group-content\"><div class=\"field-commune\">Serres<\/div><div class=\"group-dates\" role=\"group\" aria-label=\"Data van het evenement\"><div class=\"field-dates ws-apidae-date-coming\" role=\"group\" aria-label=\"Openingsdatum\"><time datetime=\"2026-09-19\" lang=\"nl\">Op <span class=\"day\">19<\/span><span class=\"month\"> sep.<\/span> om <span class=\"hour\">19h30<\/span><\/time><\/div><\/div><div class=\"field-title\">Serres Lez&#8217;Arts : repas-concert<\/div><\/div><div class=\"field-link\"><a href=\"https:\/\/www.hautes-alpes.net\/nl\/fiche\/serres-lezarts-repas-concert-6\/\" class=\"cardlink\">Serres Lez&#8217;Arts : repas-concert<\/a><\/div><\/div><\/div><div class=\"item\" ><div class=\"card card-apidae card-agenda post-type-apidae\"><div class=\"group-top\"><div class=\"field-fete-cat\">Bezoek met gids en\/of commentaar<\/div><\/div><div class=\"group-media\"><div class=\"field-image\"><img decoding=\"async\" src=\"https:\/\/images.weserv.nl\/?url=https:\/\/static.apidae-tourisme.com\/filestore\/objets-touristiques\/images\/155\/214\/42260123-diaporama.png&#038;w=550&#038;h=350&#038;fit=cover&#038;output=webp&#038;q=45\" alt=\"Journ\u00e9es europ\u00e9ennes du patrimoine\"\/><\/div><\/div><div class=\"group-content\"><div class=\"field-commune\">Gap<\/div><div class=\"group-dates\"><div class=\"field-dates\">Van <span class=\"day\">19<\/span><span class=\"month\"> sep.<\/span> tot <span class=\"day\">20<\/span><span class=\"month\"> sep.<\/span><\/div><\/div><div class=\"field-title\">Journ\u00e9es europ\u00e9ennes du patrimoine<\/div><\/div><div class=\"field-link\"><a href=\"https:\/\/www.hautes-alpes.net\/nl\/fiche\/journees-europeennes-du-patrimoine-8\/\" class=\"cardlink\">Journ\u00e9es europ\u00e9ennes du patrimoine<\/a><\/div><\/div><\/div><div class=\"item\" ><div class=\"card card-apidae card-agenda post-type-apidae\"><div class=\"group-top\"><div class=\"field-fete-cat\">Open huis<\/div><\/div><div class=\"group-media\"><div class=\"field-image\"><img decoding=\"async\" src=\"https:\/\/images.weserv.nl\/?url=https:\/\/static.apidae-tourisme.com\/filestore\/objets-touristiques\/images\/21\/214\/42259989-diaporama.jpg&#038;w=550&#038;h=350&#038;fit=cover&#038;output=webp&#038;q=45\" alt=\"Journ\u00e9es Europ\u00e9ennes du Patrimoine : visite de l&#8217;atelier de Louis Brachet\"\/><\/div><\/div><div class=\"group-content\"><div class=\"field-commune\">Ventavon<\/div><div class=\"group-dates\"><div class=\"field-dates\">Van <span class=\"day\">19<\/span><span class=\"month\"> sep.<\/span> van <span class=\"hour\">14h<\/span> tot <span class=\"day\">20<\/span><span class=\"month\"> sep.<\/span> om <span class=\"hour\">18h<\/span><\/div><\/div><div class=\"field-title\">Journ\u00e9es Europ\u00e9ennes du Patrimoine : visite de l&#8217;atelier de Louis Brachet<\/div><\/div><div class=\"field-link\"><a href=\"https:\/\/www.hautes-alpes.net\/nl\/fiche\/journees-europeennes-du-patrimoine-visite-de-latelier-de-louis-brachet-6\/\" class=\"cardlink\">Journ\u00e9es Europ\u00e9ennes du Patrimoine : visite de l&#8217;atelier de Louis Brachet<\/a><\/div><\/div><\/div><div class=\"item\" ><div class=\"card card-apidae card-agenda post-type-apidae\"><div class=\"group-top\"><div class=\"field-fete-cat\">Bezoek met gids en\/of commentaar<\/div><\/div><div class=\"group-media\"><div class=\"field-image\"><img decoding=\"async\" src=\"https:\/\/images.weserv.nl\/?url=https:\/\/static.apidae-tourisme.com\/filestore\/objets-touristiques\/images\/234\/55\/42285034-diaporama.jpg&#038;w=550&#038;h=350&#038;fit=cover&#038;output=webp&#038;q=45\" alt=\"Journ\u00e9es Europ\u00e9ennes du Patrimoine : visite de la Lavanderaie des Hautes Baronnies\"\/><\/div><\/div><div class=\"group-content\"><div class=\"field-commune\">Nossage-et-B\u00e9n\u00e9vent<\/div><div class=\"group-dates\" role=\"group\" aria-label=\"Data van het evenement\"><div class=\"field-dates ws-apidae-date-coming\" role=\"group\" aria-label=\"Openingsdatum\"><time datetime=\"2026-09-19\" lang=\"nl\">Op <span class=\"day\">19<\/span><span class=\"month\"> sep.<\/span> om <span class=\"hour\">19h<\/span><\/time><\/div><\/div><div class=\"field-title\">Journ\u00e9es Europ\u00e9ennes du Patrimoine : visite de la Lavanderaie des Hautes Baronnies<\/div><\/div><div class=\"field-link\"><a href=\"https:\/\/www.hautes-alpes.net\/nl\/fiche\/journees-europeennes-du-patrimoine-visite-de-la-lavanderaie-des-hautes-baronnies-6\/\" class=\"cardlink\">Journ\u00e9es Europ\u00e9ennes du Patrimoine : visite de la Lavanderaie des Hautes Baronnies<\/a><\/div><\/div><\/div><div class=\"item\" ><div class=\"card card-apidae card-agenda post-type-apidae\"><div class=\"group-top\"><div class=\"field-fete-cat\">Introductie binnen het kader van een evenement<\/div><\/div><div class=\"group-media\"><div class=\"field-image\"><img decoding=\"async\" src=\"https:\/\/images.weserv.nl\/?url=https:\/\/static.apidae-tourisme.com\/filestore\/objets-touristiques\/images\/159\/213\/42259871-diaporama.jpg&#038;w=550&#038;h=350&#038;fit=cover&#038;output=webp&#038;q=45\" alt=\"Nettoyons la M\u00e9ouge\"\/><\/div><\/div><div class=\"group-content\"><div class=\"field-commune\">Val Bu\u00ebch-M\u00e9ouge<\/div><div class=\"group-dates\" role=\"group\" aria-label=\"Data van het evenement\"><div class=\"field-dates ws-apidae-date-coming\" role=\"group\" aria-label=\"Openingsdatum\"><time datetime=\"2026-09-19\" lang=\"nl\">Op <span class=\"day\">19<\/span><span class=\"month\"> sep.<\/span> van <span class=\"hour\">8h30<\/span> tot <span class=\"hour\">12h<\/span><\/time><\/div><\/div><div class=\"field-title\">Nettoyons la M\u00e9ouge<\/div><\/div><div class=\"field-link\"><a href=\"https:\/\/www.hautes-alpes.net\/nl\/fiche\/nettoyons-la-meouge-6\/\" class=\"cardlink\">Nettoyons la M\u00e9ouge<\/a><\/div><\/div><\/div><div class=\"item\" ><div class=\"card card-apidae card-agenda post-type-apidae\"><div class=\"group-top\"><div class=\"field-fete-cat\">Bezoek met gids en\/of commentaar<\/div><\/div><div class=\"group-media\"><div class=\"field-image\"><img decoding=\"async\" src=\"https:\/\/images.weserv.nl\/?url=https:\/\/static.apidae-tourisme.com\/filestore\/objets-touristiques\/images\/179\/92\/31546547-diaporama.jpg&#038;w=550&#038;h=350&#038;fit=cover&#038;output=webp&#038;q=45\" alt=\"Visite guid\u00e9e de M\u00e8re-\u00c9glise - Journ\u00e9es du patrimoine\"\/><\/div><\/div><div class=\"group-content\"><div class=\"field-commune\">D\u00e9voluy<\/div><div class=\"group-dates\" role=\"group\" aria-label=\"Data van het evenement\"><div class=\"field-dates ws-apidae-date-coming\" role=\"group\" aria-label=\"Openingsdatum\"><time datetime=\"2026-09-19\" lang=\"nl\">Op <span class=\"day\">19<\/span><span class=\"month\"> sep.<\/span> om <span class=\"hour\">15h<\/span><\/time><\/div><\/div><div class=\"field-title\">Visite guid\u00e9e de M\u00e8re-\u00c9glise - Journ\u00e9es du patrimoine<\/div><div class=\"field-description\">Ter gelegenheid van de Open Monumentendagen nodigt de vereniging Vrienden van de M\u00e8re \u00c9glise u uit voor een geleid bezoek aan deze parel van&#8230;<\/div><\/div><div class=\"field-link\"><a href=\"https:\/\/www.hautes-alpes.net\/nl\/fiche\/visite-guidee-de-mere-eglise-journees-du-patrimoine-6\/\" class=\"cardlink\">Visite guid\u00e9e de M\u00e8re-\u00c9glise - Journ\u00e9es du patrimoine<\/a><\/div><\/div><\/div><div class=\"item\" ><div class=\"card card-apidae card-agenda post-type-apidae\"><div class=\"group-top\"><div class=\"field-fete-cat\">Jaarmarkt of beurs<\/div><\/div><div class=\"group-media\"><div class=\"field-image\"><img decoding=\"async\" src=\"https:\/\/images.weserv.nl\/?url=https:\/\/static.apidae-tourisme.com\/filestore\/objets-touristiques\/images\/243\/200\/42387699-diaporama.jpg&#038;w=550&#038;h=350&#038;fit=cover&#038;output=webp&#038;q=45\" alt=\"Foire Agricole de la Saint Mathieu\"\/><\/div><\/div><div class=\"group-content\"><div class=\"field-commune\">Ch\u00e2teau-Ville-Vieille<\/div><div class=\"group-dates\" role=\"group\" aria-label=\"Data van het evenement\"><div class=\"field-dates ws-apidae-date-coming\" role=\"group\" aria-label=\"Openingsdatum\"><time datetime=\"2026-09-19\" lang=\"nl\">Op <span class=\"day\">19<\/span><span class=\"month\"> sep.<\/span><\/time><\/div><\/div><div class=\"field-title\">Foire Agricole de la Saint Mathieu<\/div><\/div><div class=\"field-link\"><a href=\"https:\/\/www.hautes-alpes.net\/nl\/fiche\/foire-agricole-de-la-saint-mathieu-4\/\" class=\"cardlink\">Foire Agricole de la Saint Mathieu<\/a><\/div><\/div><\/div><div class=\"item\" ><div class=\"card card-apidae card-agenda post-type-apidae\"><div class=\"group-top\"><div class=\"field-fete-cat\">Voorstelling \/ Filmprojectie<\/div><\/div><div class=\"group-media\"><div class=\"field-image\"><img decoding=\"async\" src=\"https:\/\/images.weserv.nl\/?url=https:\/\/static.apidae-tourisme.com\/filestore\/objets-touristiques\/images\/181\/189\/42384821-diaporama.jpg&#038;w=550&#038;h=350&#038;fit=cover&#038;output=webp&#038;q=45\" alt=\"Projection du film Nos m\u00e9moires englouties\"\/><\/div><\/div><div class=\"group-content\"><div class=\"field-commune\">Gap<\/div><div class=\"group-dates\" role=\"group\" aria-label=\"Data van het evenement\"><div class=\"field-dates ws-apidae-date-coming\" role=\"group\" aria-label=\"Openingsdatum\"><time datetime=\"2026-09-19\" lang=\"nl\">Op <span class=\"day\">19<\/span><span class=\"month\"> sep.<\/span> van <span class=\"hour\">14h30<\/span> tot <span class=\"hour\">15h30<\/span><\/time><\/div><\/div><div class=\"field-title\">Projection du film Nos m\u00e9moires englouties<\/div><\/div><div class=\"field-link\"><a href=\"https:\/\/www.hautes-alpes.net\/nl\/fiche\/projection-du-film-nos-memoires-englouties-8\/\" class=\"cardlink\">Projection du film Nos m\u00e9moires englouties<\/a><\/div><\/div><\/div><div class=\"item\" ><div class=\"card card-apidae card-agenda post-type-apidae\"><div class=\"group-top\"><div class=\"field-fete-cat\">Bezoek met gids en\/of commentaar<\/div><\/div><div class=\"group-media\"><div class=\"field-image\"><img decoding=\"async\" src=\"https:\/\/images.weserv.nl\/?url=https:\/\/static.apidae-tourisme.com\/filestore\/objets-touristiques\/images\/212\/198\/42387156-diaporama.jpg&#038;w=550&#038;h=350&#038;fit=cover&#038;output=webp&#038;q=45\" alt=\"Visite patrimoniale de l&#8217;ancienne usine Badin\"\/><\/div><\/div><div class=\"group-content\"><div class=\"field-commune\">Gap<\/div><div class=\"group-dates\" role=\"group\" aria-label=\"Data van het evenement\"><div class=\"field-dates ws-apidae-date-coming\" role=\"group\" aria-label=\"Openingsdatum\"><time datetime=\"2026-09-19\" lang=\"nl\">Op <span class=\"day\">19<\/span><span class=\"month\"> sep.<\/span> van <span class=\"hour\">10h30<\/span> tot <span class=\"hour\">11h30<\/span><\/time><\/div><\/div><div class=\"field-title\">Visite patrimoniale de l&#8217;ancienne usine Badin<\/div><\/div><div class=\"field-link\"><a href=\"https:\/\/www.hautes-alpes.net\/nl\/fiche\/visite-patrimoniale-de-lancienne-usine-badin-7\/\" class=\"cardlink\">Visite patrimoniale de l&#8217;ancienne usine Badin<\/a><\/div><\/div><\/div><div class=\"item\" ><div class=\"card card-apidae card-agenda post-type-apidae\"><div class=\"group-top\"><div class=\"field-fete-cat\">Sportwedstrijd<\/div><\/div><div class=\"group-media\"><div class=\"field-image\"><img decoding=\"async\" src=\"https:\/\/images.weserv.nl\/?url=https:\/\/static.apidae-tourisme.com\/filestore\/objets-touristiques\/images\/229\/216\/42391781-diaporama.jpg&#038;w=550&#038;h=350&#038;fit=cover&#038;output=webp&#038;q=45\" alt=\"Les Orres partenaires du Grand trail de Serre Pon\u00e7on\"\/><\/div><\/div><div class=\"group-content\"><div class=\"field-commune\">Les Orres<\/div><div class=\"group-dates\" role=\"group\" aria-label=\"Data van het evenement\"><div class=\"field-dates ws-apidae-date-coming\" role=\"group\" aria-label=\"Openingsdatum\"><time datetime=\"2026-09-19\" lang=\"nl\">Op <span class=\"day\">19<\/span><span class=\"month\"> sep.<\/span><\/time><\/div><\/div><div class=\"field-title\">Les Orres partenaires du Grand trail de Serre Pon\u00e7on<\/div><\/div><div class=\"field-link\"><a href=\"https:\/\/www.hautes-alpes.net\/nl\/fiche\/les-orres-partenaires-du-grand-trail-de-serre-poncon-5\/\" class=\"cardlink\">Les Orres partenaires du Grand trail de Serre Pon\u00e7on<\/a><\/div><\/div><\/div><div class=\"item\" ><div class=\"card card-apidae card-agenda post-type-apidae\"><div class=\"group-top\"><div class=\"field-fete-cat\">Lezing<\/div><\/div><div class=\"group-media\"><div class=\"field-image\"><img decoding=\"async\" src=\"https:\/\/images.weserv.nl\/?url=https:\/\/static.apidae-tourisme.com\/filestore\/objets-touristiques\/images\/136\/103\/24536968-diaporama.jpg&#038;w=550&#038;h=350&#038;fit=cover&#038;output=webp&#038;q=45\" alt=\"Journ\u00e9es Europ\u00e9ennes du Patrimoine - Visite comment\u00e9e des fortifications, souterrain et b\u00e2timents militaires XVII\u00e8me si\u00e8cle\"\/><\/div><\/div><div class=\"group-content\"><div class=\"field-commune\">Mont-Dauphin<\/div><div class=\"group-dates\"><div class=\"field-dates\">Van <span class=\"day\">19<\/span><span class=\"month\"> sep.<\/span> van <span class=\"hour\">14h30<\/span> tot <span class=\"day\">20<\/span><span class=\"month\"> sep.<\/span> om <span class=\"hour\">16h30<\/span><\/div><\/div><div class=\"field-title\">Journ\u00e9es Europ\u00e9ennes du Patrimoine - Visite comment\u00e9e des fortifications, souterrain et b\u00e2timents militaires XVII\u00e8me si\u00e8cle<\/div><\/div><div class=\"field-link\"><a href=\"https:\/\/www.hautes-alpes.net\/nl\/fiche\/journees-europeennes-du-patrimoine-visite-commentee-des-fortifications-souterrain-et-batiments-militaires-xviieme-siecle-6\/\" class=\"cardlink\">Journ\u00e9es Europ\u00e9ennes du Patrimoine - Visite comment\u00e9e des fortifications, souterrain et b\u00e2timents militaires XVII\u00e8me si\u00e8cle<\/a><\/div><\/div><\/div><div class=\"item\" ><div class=\"card card-apidae card-agenda post-type-apidae\"><div class=\"group-top\"><div class=\"field-fete-cat\">Lezing<\/div><\/div><div class=\"group-media\"><div class=\"field-image\"><img decoding=\"async\" src=\"https:\/\/images.weserv.nl\/?url=https:\/\/static.apidae-tourisme.com\/filestore\/objets-touristiques\/images\/163\/222\/40033955-diaporama.jpg&#038;w=550&#038;h=350&#038;fit=cover&#038;output=webp&#038;q=45\" alt=\"Journ\u00e9es Europ\u00e9ennes du Patrimoine -Visite d\u00e9couverte du syst\u00e8me d\u00e9fensif de Mont-Dauphin\"\/><\/div><\/div><div class=\"group-content\"><div class=\"field-commune\">Mont-Dauphin<\/div><div class=\"group-dates\"><div class=\"field-dates\">Van <span class=\"day\">19<\/span><span class=\"month\"> sep.<\/span> tot <span class=\"day\">20<\/span><span class=\"month\"> sep.<\/span><\/div><\/div><div class=\"field-title\">Journ\u00e9es Europ\u00e9ennes du Patrimoine -Visite d\u00e9couverte du syst\u00e8me d\u00e9fensif de Mont-Dauphin<\/div><\/div><div class=\"field-link\"><a href=\"https:\/\/www.hautes-alpes.net\/nl\/fiche\/journees-europeennes-du-patrimoine-visite-decouverte-du-systeme-defensif-de-mont-dauphin-5\/\" class=\"cardlink\">Journ\u00e9es Europ\u00e9ennes du Patrimoine -Visite d\u00e9couverte du syst\u00e8me d\u00e9fensif de Mont-Dauphin<\/a><\/div><\/div><\/div><div class=\"item\" ><div class=\"card card-apidae card-agenda post-type-apidae\"><div class=\"group-top\"><div class=\"field-fete-cat\">Expositie<\/div><\/div><div class=\"group-media\"><div class=\"field-image\"><img decoding=\"async\" src=\"https:\/\/images.weserv.nl\/?url=https:\/\/static.apidae-tourisme.com\/filestore\/objets-touristiques\/images\/133\/23\/42407813-diaporama.jpg&#038;w=550&#038;h=350&#038;fit=cover&#038;output=webp&#038;q=45\" alt=\"Journ\u00e9es Europ\u00e9ennes du Patrimoine : Exposition participative au Quai des Arts : Les Veynois ont la parole !\"\/><\/div><\/div><div class=\"group-content\"><div class=\"field-commune\">Veynes<\/div><div class=\"group-dates\" role=\"group\" aria-label=\"Data van het evenement\"><div class=\"field-dates ws-apidae-date-coming\" role=\"group\" aria-label=\"Openingsdatum\"><time datetime=\"2026-09-19\" lang=\"nl\">Op <span class=\"day\">19<\/span><span class=\"month\"> sep.<\/span><\/time><\/div><\/div><div class=\"field-title\">Journ\u00e9es Europ\u00e9ennes du Patrimoine : Exposition participative au Quai des Arts : Les Veynois ont la parole !<\/div><\/div><div class=\"field-link\"><a href=\"https:\/\/www.hautes-alpes.net\/nl\/fiche\/journees-europeennes-du-patrimoine-exposition-participative-au-quai-des-arts-les-veynois-ont-la-parole-6\/\" class=\"cardlink\">Journ\u00e9es Europ\u00e9ennes du Patrimoine : Exposition participative au Quai des Arts : Les Veynois ont la parole !<\/a><\/div><\/div><\/div><div class=\"item\" ><div class=\"card card-apidae card-agenda post-type-apidae\"><div class=\"group-top\"><div class=\"field-fete-cat\">Bezoek met gids en\/of commentaar<\/div><\/div><div class=\"group-media\"><div class=\"field-image\"><img decoding=\"async\" src=\"https:\/\/images.weserv.nl\/?url=https:\/\/static.apidae-tourisme.com\/filestore\/objets-touristiques\/images\/110\/21\/42407278-diaporama.jpg&#038;w=550&#038;h=350&#038;fit=cover&#038;output=webp&#038;q=45\" alt=\"Journ\u00e9es Europ\u00e9ennes du Patrimoine : visite du chantier de sauvegarde du ch\u00e2teau des Flotte\"\/><\/div><\/div><div class=\"group-content\"><div class=\"field-commune\">La Roche-des-Arnauds<\/div><div class=\"group-dates\"><div class=\"field-dates\">Van <span class=\"day\">19<\/span><span class=\"month\"> sep.<\/span> tot <span class=\"day\">20<\/span><span class=\"month\"> sep.<\/span><\/div><\/div><div class=\"field-title\">Journ\u00e9es Europ\u00e9ennes du Patrimoine : visite du chantier de sauvegarde du ch\u00e2teau des Flotte<\/div><\/div><div class=\"field-link\"><a href=\"https:\/\/www.hautes-alpes.net\/nl\/fiche\/journees-europeennes-du-patrimoine-visite-du-chantier-de-sauvegarde-du-chateau-des-flotte-6\/\" class=\"cardlink\">Journ\u00e9es Europ\u00e9ennes du Patrimoine : visite du chantier de sauvegarde du ch\u00e2teau des Flotte<\/a><\/div><\/div><\/div><div class=\"item\" ><div class=\"card card-apidae card-agenda post-type-apidae\"><div class=\"group-top\"><div class=\"field-fete-cat\">Voorstelling \/ Filmprojectie<\/div><\/div><div class=\"group-media\"><div class=\"field-image\"><img decoding=\"async\" src=\"https:\/\/images.weserv.nl\/?url=https:\/\/static.apidae-tourisme.com\/filestore\/objets-touristiques\/images\/243\/23\/42407923-diaporama.jpg&#038;w=550&#038;h=350&#038;fit=cover&#038;output=webp&#038;q=45\" alt=\"Journ\u00e9es Europ\u00e9ennes du Patrimoine : Film &#8221;150 ans pour une \u00e9toile&#8221;\"\/><\/div><\/div><div class=\"group-content\"><div class=\"field-commune\">Veynes<\/div><div class=\"group-dates\" role=\"group\" aria-label=\"Data van het evenement\"><div class=\"field-dates ws-apidae-date-coming\" role=\"group\" aria-label=\"Openingsdatum\"><time datetime=\"2026-09-19\" lang=\"nl\">Op <span class=\"day\">19<\/span><span class=\"month\"> sep.<\/span> van <span class=\"hour\">20h30<\/span> tot <span class=\"hour\">22h<\/span><\/time><\/div><\/div><div class=\"field-title\">Journ\u00e9es Europ\u00e9ennes du Patrimoine : Film &#8221;150 ans pour une \u00e9toile&#8221;<\/div><\/div><div class=\"field-link\"><a href=\"https:\/\/www.hautes-alpes.net\/nl\/fiche\/journees-europeennes-du-patrimoine-film-150-ans-pour-une-etoile-6\/\" class=\"cardlink\">Journ\u00e9es Europ\u00e9ennes du Patrimoine : Film &#8221;150 ans pour une \u00e9toile&#8221;<\/a><\/div><\/div><\/div><div class=\"item\" ><div class=\"card card-apidae card-agenda post-type-apidae\"><div class=\"group-top\"><div class=\"field-fete-cat\">Bezoek met gids en\/of commentaar<\/div><\/div><div class=\"group-media\"><div class=\"field-image\"><img decoding=\"async\" src=\"https:\/\/images.weserv.nl\/?url=https:\/\/static.apidae-tourisme.com\/filestore\/objets-touristiques\/images\/30\/188\/42449950-diaporama.jpg&#038;w=550&#038;h=350&#038;fit=cover&#038;output=webp&#038;q=45\" alt=\"Annul\u00e9 - Vergers ouverts 16\u00e8me \u00e9dition\"\/><\/div><\/div><div class=\"group-content\"><div class=\"field-commune\">Le Po\u00ebt<\/div><div class=\"group-dates\"><div class=\"field-dates\">Van <span class=\"day\">19<\/span><span class=\"month\"> sep.<\/span> van <span class=\"hour\">10h30<\/span> tot <span class=\"day\">20<\/span><span class=\"month\"> sep.<\/span> om <span class=\"hour\">17h<\/span><\/div><\/div><div class=\"field-title\">Annul\u00e9 - Vergers ouverts 16\u00e8me \u00e9dition<\/div><\/div><div class=\"field-link\"><a href=\"https:\/\/www.hautes-alpes.net\/nl\/fiche\/annule-vergers-ouverts-16eme-edition-6\/\" class=\"cardlink\">Annul\u00e9 - Vergers ouverts 16\u00e8me \u00e9dition<\/a><\/div><\/div><\/div><div class=\"item\" ><div class=\"card card-apidae card-agenda post-type-apidae\"><div class=\"group-top\"><div class=\"field-fete-cat\">Bezoek met gids en\/of commentaar<\/div><\/div><div class=\"group-media\"><div class=\"field-image\"><img decoding=\"async\" src=\"https:\/\/images.weserv.nl\/?url=https:\/\/static.apidae-tourisme.com\/filestore\/objets-touristiques\/images\/37\/93\/41966885-diaporama.jpg&#038;w=550&#038;h=350&#038;fit=cover&#038;output=webp&#038;q=45\" alt=\"Journ\u00e9es europ\u00e9ennes du patrimoine : visite guid\u00e9e du camp des Espagnols\"\/><\/div><\/div><div class=\"group-content\"><div class=\"field-commune\">Villar-Saint-Pancrace<\/div><div class=\"group-dates\" role=\"group\" aria-label=\"Data van het evenement\"><div class=\"field-dates ws-apidae-date-coming\" role=\"group\" aria-label=\"Openingsdatum\"><time datetime=\"2026-09-19\" lang=\"nl\">Op <span class=\"day\">19<\/span><span class=\"month\"> sep.<\/span><\/time><\/div><\/div><div class=\"field-title\">Journ\u00e9es europ\u00e9ennes du patrimoine : visite guid\u00e9e du camp des Espagnols<\/div><\/div><div class=\"field-link\"><a href=\"https:\/\/www.hautes-alpes.net\/nl\/fiche\/journees-europeennes-du-patrimoine-visite-guidee-du-camp-des-espagnols-6\/\" class=\"cardlink\">Journ\u00e9es europ\u00e9ennes du patrimoine : visite guid\u00e9e du camp des Espagnols<\/a><\/div><\/div><\/div><div class=\"item\" ><div class=\"card card-apidae card-agenda post-type-apidae\"><div class=\"group-top\"><div class=\"field-fete-cat\">Bezoek met gids en\/of commentaar<\/div><\/div><div class=\"group-media\"><div class=\"field-image\"><img decoding=\"async\" src=\"https:\/\/images.weserv.nl\/?url=https:\/\/static.apidae-tourisme.com\/filestore\/objets-touristiques\/images\/117\/189\/42450293-diaporama.png&#038;w=550&#038;h=350&#038;fit=cover&#038;output=webp&#038;q=45\" alt=\"Journ\u00e9e Europ\u00e9enne du patrimoine - Visite guid\u00e9e historique de la Boucle des Mines\"\/><\/div><\/div><div class=\"group-content\"><div class=\"field-commune\">Puy-Saint-Andr\u00e9<\/div><div class=\"group-dates\" role=\"group\" aria-label=\"Data van het evenement\"><div class=\"field-dates ws-apidae-date-coming\" role=\"group\" aria-label=\"Openingsdatum\"><time datetime=\"2026-09-19\" lang=\"nl\">Op <span class=\"day\">19<\/span><span class=\"month\"> sep.<\/span> van <span class=\"hour\">15h<\/span> tot <span class=\"hour\">17h<\/span><\/time><\/div><\/div><div class=\"field-title\">Journ\u00e9e Europ\u00e9enne du patrimoine - Visite guid\u00e9e historique de la Boucle des Mines<\/div><\/div><div class=\"field-link\"><a href=\"https:\/\/www.hautes-alpes.net\/nl\/fiche\/journee-europeenne-du-patrimoine-visite-guidee-historique-de-la-boucle-des-mines-5\/\" class=\"cardlink\">Journ\u00e9e Europ\u00e9enne du patrimoine - Visite guid\u00e9e historique de la Boucle des Mines<\/a><\/div><\/div><\/div><div class=\"item\" ><div class=\"card card-apidae card-agenda post-type-apidae\"><div class=\"group-top\"><div class=\"field-fete-cat\">Voorstelling \/ Filmprojectie<\/div><\/div><div class=\"group-media\"><div class=\"field-image\"><img decoding=\"async\" src=\"https:\/\/images.weserv.nl\/?url=https:\/\/static.apidae-tourisme.com\/filestore\/objets-touristiques\/images\/188\/185\/42449340-diaporama.png&#038;w=550&#038;h=350&#038;fit=cover&#038;output=webp&#038;q=45\" alt=\"Repas-cin\u00e9 : soir\u00e9e sp\u00e9ciale &#8221;La bataille De  Gaulle&#8221;\"\/><\/div><\/div><div class=\"group-content\"><div class=\"field-commune\">Laragne-Mont\u00e9glin<\/div><div class=\"group-dates\" role=\"group\" aria-label=\"Data van het evenement\"><div class=\"field-dates ws-apidae-date-coming\" role=\"group\" aria-label=\"Openingsdatum\"><time datetime=\"2026-09-19\" lang=\"nl\">Op <span class=\"day\">19<\/span><span class=\"month\"> sep.<\/span> om <span class=\"hour\">17h30<\/span><\/time><\/div><\/div><div class=\"field-title\">Repas-cin\u00e9 : soir\u00e9e sp\u00e9ciale &#8221;La bataille De  Gaulle&#8221;<\/div><\/div><div class=\"field-link\"><a href=\"https:\/\/www.hautes-alpes.net\/nl\/fiche\/repas-cine-soiree-speciale-la-bataille-de-gaulle-6\/\" class=\"cardlink\">Repas-cin\u00e9 : soir\u00e9e sp\u00e9ciale &#8221;La bataille De  Gaulle&#8221;<\/a><\/div><\/div><\/div><div class=\"item\" ><div class=\"card card-apidae card-agenda post-type-apidae\"><div class=\"group-top\"><div class=\"field-fete-cat\">Bezoek met gids en\/of commentaar<\/div><\/div><div class=\"group-media\"><div class=\"field-image\"><img decoding=\"async\" src=\"https:\/\/images.weserv.nl\/?url=https:\/\/static.apidae-tourisme.com\/filestore\/objets-touristiques\/images\/41\/189\/42450217-diaporama.jpg&#038;w=550&#038;h=350&#038;fit=cover&#038;output=webp&#038;q=45\" alt=\"JEP : d\u00e9ambulation comment\u00e9e du village de La Roche des Arnauds\"\/><\/div><\/div><div class=\"group-content\"><div class=\"field-commune\">La Roche-des-Arnauds<\/div><div class=\"group-dates\"><div class=\"field-dates\">Van <span class=\"day\">19<\/span><span class=\"month\"> sep.<\/span> tot <span class=\"day\">20<\/span><span class=\"month\"> sep.<\/span><\/div><\/div><div class=\"field-title\">JEP : d\u00e9ambulation comment\u00e9e du village de La Roche des Arnauds<\/div><\/div><div class=\"field-link\"><a href=\"https:\/\/www.hautes-alpes.net\/nl\/fiche\/jep-deambulation-commentee-du-village-de-la-roche-des-arnauds-6\/\" class=\"cardlink\">JEP : d\u00e9ambulation comment\u00e9e du village de La Roche des Arnauds<\/a><\/div><\/div><\/div><div class=\"item\" ><div class=\"card card-apidae card-agenda post-type-apidae\"><div class=\"group-top\"><div class=\"field-fete-cat\">Bezoek met gids en\/of commentaar<\/div><\/div><div class=\"group-media\"><div class=\"field-image\"><img decoding=\"async\" src=\"https:\/\/images.weserv.nl\/?url=https:\/\/static.apidae-tourisme.com\/filestore\/objets-touristiques\/images\/1\/91\/42425089-diaporama.png&#038;w=550&#038;h=350&#038;fit=cover&#038;output=webp&#038;q=45\" alt=\"Journ\u00e9es Europ\u00e9ennes du Patrimoine : Visite comment\u00e9 de l&#8217;\u00e9glise Saint-Martin\"\/><\/div><\/div><div class=\"group-content\"><div class=\"field-commune\">Villar-d&#039;Ar\u00eane<\/div><div class=\"group-dates\"><div class=\"field-dates\">Van <span class=\"day\">19<\/span><span class=\"month\"> sep.<\/span> tot <span class=\"day\">20<\/span><span class=\"month\"> sep.<\/span><\/div><\/div><div class=\"field-title\">Journ\u00e9es Europ\u00e9ennes du Patrimoine : Visite comment\u00e9 de l&#8217;\u00e9glise Saint-Martin<\/div><\/div><div class=\"field-link\"><a href=\"https:\/\/www.hautes-alpes.net\/nl\/fiche\/journees-europeennes-du-patrimoine-visite-commente-de-leglise-saint-martin-6\/\" class=\"cardlink\">Journ\u00e9es Europ\u00e9ennes du Patrimoine : Visite comment\u00e9 de l&#8217;\u00e9glise Saint-Martin<\/a><\/div><\/div><\/div><div class=\"item\" ><div class=\"card card-apidae card-agenda post-type-apidae\"><div class=\"group-top\"><div class=\"field-fete-cat\">Lezing<\/div><\/div><div class=\"group-media\"><div class=\"field-image\"><img decoding=\"async\" src=\"https:\/\/images.weserv.nl\/?url=https:\/\/static.apidae-tourisme.com\/filestore\/objets-touristiques\/images\/83\/23\/42407763-diaporama.jpg&#038;w=550&#038;h=350&#038;fit=cover&#038;output=webp&#038;q=45\" alt=\"JEP : Conf\u00e9rence \u00ab Le paysage de la commune de Veynes en 1819, d\u2019apr\u00e8s le cadastre Napol\u00e9onien \u00bb\"\/><\/div><\/div><div class=\"group-content\"><div class=\"field-commune\">Veynes<\/div><div class=\"group-dates\" role=\"group\" aria-label=\"Data van het evenement\"><div class=\"field-dates ws-apidae-date-coming\" role=\"group\" aria-label=\"Openingsdatum\"><time datetime=\"2026-09-19\" lang=\"nl\">Op <span class=\"day\">19<\/span><span class=\"month\"> sep.<\/span> van <span class=\"hour\">18h<\/span> tot <span class=\"hour\">19h30<\/span><\/time><\/div><\/div><div class=\"field-title\">JEP : Conf\u00e9rence \u00ab Le paysage de la commune de Veynes en 1819, d\u2019apr\u00e8s le cadastre Napol\u00e9onien \u00bb<\/div><\/div><div class=\"field-link\"><a href=\"https:\/\/www.hautes-alpes.net\/nl\/fiche\/jep-conference-le-paysage-de-la-commune-de-veynes-en-1819-dapres-le-cadastre-napoleonien-6\/\" class=\"cardlink\">JEP : Conf\u00e9rence \u00ab Le paysage de la commune de Veynes en 1819, d\u2019apr\u00e8s le cadastre Napol\u00e9onien \u00bb<\/a><\/div><\/div><\/div><div class=\"item\" ><div class=\"card card-apidae card-agenda post-type-apidae\"><div class=\"group-top\"><div class=\"field-fete-cat\">Bezoek met gids en\/of commentaar<\/div><\/div><div class=\"group-media\"><div class=\"field-image\"><img decoding=\"async\" src=\"https:\/\/images.weserv.nl\/?url=https:\/\/static.apidae-tourisme.com\/filestore\/objets-touristiques\/images\/63\/243\/42464063-diaporama.jpg&#038;w=550&#038;h=350&#038;fit=cover&#038;output=webp&#038;q=45\" alt=\"JEP :  Visite du chantier de sauvegarde du ch\u00e2teau des Flotte \u00e0 La Roche des Arnauds\"\/><\/div><\/div><div class=\"group-content\"><div class=\"field-commune\">La Roche-des-Arnauds<\/div><div class=\"group-dates\"><div class=\"field-dates\">Van <span class=\"day\">19<\/span><span class=\"month\"> sep.<\/span> van <span class=\"hour\">10h<\/span> tot <span class=\"day\">20<\/span><span class=\"month\"> sep.<\/span> om <span class=\"hour\">17h<\/span><\/div><\/div><div class=\"field-title\">JEP :  Visite du chantier de sauvegarde du ch\u00e2teau des Flotte \u00e0 La Roche des Arnauds<\/div><\/div><div class=\"field-link\"><a href=\"https:\/\/www.hautes-alpes.net\/nl\/fiche\/jep-visite-du-chantier-de-sauvegarde-du-chateau-des-flotte-a-la-roche-des-arnauds-6\/\" class=\"cardlink\">JEP :  Visite du chantier de sauvegarde du ch\u00e2teau des Flotte \u00e0 La Roche des Arnauds<\/a><\/div><\/div><\/div><div class=\"item\" ><div class=\"card card-apidae card-agenda post-type-apidae\"><div class=\"group-top\"><div class=\"field-fete-cat\">Bezoek met gids en\/of commentaar<\/div><\/div><div class=\"group-media\"><div class=\"field-image\"><img decoding=\"async\" src=\"https:\/\/images.weserv.nl\/?url=https:\/\/static.apidae-tourisme.com\/filestore\/objets-touristiques\/images\/205\/27\/42146765-diaporama.jpg&#038;w=550&#038;h=350&#038;fit=cover&#038;output=webp&#038;q=45\" alt=\"Journ\u00e9es Europ\u00e9ennes du Patrimoine : visite guid\u00e9e du Ch\u00e2teau de Rosans\"\/><\/div><\/div><div class=\"group-content\"><div class=\"field-commune\">Rosans<\/div><div class=\"group-dates\"><div class=\"field-dates\">Van <span class=\"day\">19<\/span><span class=\"month\"> sep.<\/span> tot <span class=\"day\">20<\/span><span class=\"month\"> sep.<\/span><\/div><\/div><div class=\"field-title\">Journ\u00e9es Europ\u00e9ennes du Patrimoine : visite guid\u00e9e du Ch\u00e2teau de Rosans<\/div><\/div><div class=\"field-link\"><a href=\"https:\/\/www.hautes-alpes.net\/nl\/fiche\/journees-europeennes-du-patrimoine-visite-guidee-du-chateau-de-rosans-6\/\" class=\"cardlink\">Journ\u00e9es Europ\u00e9ennes du Patrimoine : visite guid\u00e9e du Ch\u00e2teau de Rosans<\/a><\/div><\/div><\/div><div class=\"item\" ><div class=\"card card-apidae card-agenda post-type-apidae\"><div class=\"group-top\"><div class=\"field-fete-cat\">Bezoek met gids en\/of commentaar<\/div><\/div><div class=\"group-media\"><div class=\"field-image\"><img decoding=\"async\" src=\"https:\/\/images.weserv.nl\/?url=https:\/\/static.apidae-tourisme.com\/filestore\/objets-touristiques\/images\/2\/28\/42408962-diaporama.jpg&#038;w=550&#038;h=350&#038;fit=cover&#038;output=webp&#038;q=45\" alt=\"Journ\u00e9es Europ\u00e9ennes du patrimoine: Visite guid\u00e9e photographique de la ville de Gap\"\/><\/div><\/div><div class=\"group-content\"><div class=\"field-commune\">Gap<\/div><div class=\"group-dates\" role=\"group\" aria-label=\"Data van het evenement\"><div class=\"field-dates ws-apidae-date-coming\" role=\"group\" aria-label=\"Openingsdatum\"><time datetime=\"2026-09-19\" lang=\"nl\">Op <span class=\"day\">19<\/span><span class=\"month\"> sep.<\/span> van <span class=\"hour\">16h<\/span> tot <span class=\"hour\">17h30<\/span><\/time><\/div><\/div><div class=\"field-title\">Journ\u00e9es Europ\u00e9ennes du patrimoine: Visite guid\u00e9e photographique de la ville de Gap<\/div><\/div><div class=\"field-link\"><a href=\"https:\/\/www.hautes-alpes.net\/nl\/fiche\/journees-europeennes-du-patrimoine-visite-guidee-photographique-de-la-ville-de-gap-6\/\" class=\"cardlink\">Journ\u00e9es Europ\u00e9ennes du patrimoine: Visite guid\u00e9e photographique de la ville de Gap<\/a><\/div><\/div><\/div><div class=\"item\" ><div class=\"card card-apidae card-agenda post-type-apidae\"><div class=\"group-top\"><div class=\"field-fete-cat\">Bezoek met gids en\/of commentaar<\/div><\/div><div class=\"group-media\"><div class=\"field-image\"><img decoding=\"async\" src=\"https:\/\/images.weserv.nl\/?url=https:\/\/static.apidae-tourisme.com\/filestore\/objets-touristiques\/images\/109\/102\/7300717-diaporama.jpg&#038;w=550&#038;h=350&#038;fit=cover&#038;output=webp&#038;q=45\" alt=\"Journ\u00e9es Europ\u00e9ennes du Patrimoine : visite du village perch\u00e9 d&#8217;Upaix\"\/><\/div><\/div><div class=\"group-content\"><div class=\"field-commune\">Upaix<\/div><div class=\"group-dates\" role=\"group\" aria-label=\"Data van het evenement\"><div class=\"field-dates ws-apidae-date-coming\" role=\"group\" aria-label=\"Openingsdatum\"><time datetime=\"2026-09-19\" lang=\"nl\">Op <span class=\"day\">19<\/span><span class=\"month\"> sep.<\/span><\/time><\/div><div class=\"field-moredates ws-apidae-moredates\" role=\"group\" aria-label=\"Komende data\"><div class=\"moredates\"><div class=\"inner-wrapper\"><span class=\"moredates-label\">Komende data :<\/span><ul class=\"moredates-list\"><li><time datetime=\"2026-09-20\" lang=\"nl\">Op <span class=\"day\">20<\/span><span class=\"month\"> september<\/span> om <span class=\"hour\">10h<\/span><\/time><\/li><\/ul><\/div><\/div><\/div><\/div><div class=\"field-title\">Journ\u00e9es Europ\u00e9ennes du Patrimoine : visite du village perch\u00e9 d&#8217;Upaix<\/div><\/div><div class=\"field-link\"><a href=\"https:\/\/www.hautes-alpes.net\/nl\/fiche\/journees-europeennes-du-patrimoine-visite-du-village-perche-dupaix-6\/\" class=\"cardlink\">Journ\u00e9es Europ\u00e9ennes du Patrimoine : visite du village perch\u00e9 d&#8217;Upaix<\/a><\/div><\/div><\/div><div class=\"item\" ><div class=\"card card-apidae card-agenda post-type-apidae\"><div class=\"group-top\"><div class=\"field-fete-cat\">Concert<\/div><\/div><div class=\"group-media\"><div class=\"field-image\"><img decoding=\"async\" src=\"https:\/\/images.weserv.nl\/?url=https:\/\/static.apidae-tourisme.com\/filestore\/objets-touristiques\/images\/179\/55\/42481587-diaporama.jpg&#038;w=550&#038;h=350&#038;fit=cover&#038;output=webp&#038;q=45\" alt=\"Festival Bu\u00ebch-Durance 2026 : concertos baroques\"\/><\/div><\/div><div class=\"group-content\"><div class=\"field-commune\">Val Bu\u00ebch-M\u00e9ouge<\/div><div class=\"group-dates\" role=\"group\" aria-label=\"Data van het evenement\"><div class=\"field-dates ws-apidae-date-coming\" role=\"group\" aria-label=\"Openingsdatum\"><time datetime=\"2026-09-19\" lang=\"nl\">Op <span class=\"day\">19<\/span><span class=\"month\"> sep.<\/span> om <span class=\"hour\">20h<\/span><\/time><\/div><\/div><div class=\"field-title\">Festival Bu\u00ebch-Durance 2026 : concertos baroques<\/div><\/div><div class=\"field-link\"><a href=\"https:\/\/www.hautes-alpes.net\/nl\/fiche\/festival-buech-durance-2026-concertos-baroques-6\/\" class=\"cardlink\">Festival Bu\u00ebch-Durance 2026 : concertos baroques<\/a><\/div><\/div><\/div><div class=\"item\" ><div class=\"card card-apidae card-agenda post-type-apidae\"><div class=\"group-top\"><div class=\"field-fete-cat\">Bezoek met gids en\/of commentaar<\/div><\/div><div class=\"group-media\"><div class=\"field-image\"><img decoding=\"async\" src=\"https:\/\/images.weserv.nl\/?url=https:\/\/static.apidae-tourisme.com\/filestore\/objets-touristiques\/images\/20\/21\/34215188-diaporama.jpg&#038;w=550&#038;h=350&#038;fit=cover&#038;output=webp&#038;q=45\" alt=\"Journ\u00e9es europ\u00e9ennes du patrimoine -L&#8217;Auditoire du Roy\"\/><\/div><\/div><div class=\"group-content\"><div class=\"field-commune\">Brian\u00e7on<\/div><div class=\"group-dates\" role=\"group\" aria-label=\"Data van het evenement\"><div class=\"field-dates ws-apidae-date-coming\" role=\"group\" aria-label=\"Openingsdatum\"><time datetime=\"2026-09-19\" lang=\"nl\">Op <span class=\"day\">19<\/span><span class=\"month\"> sep.<\/span> van <span class=\"hour\">10h<\/span> tot <span class=\"hour\">12h30<\/span><\/time><\/div><div class=\"field-moredates ws-apidae-moredates\" role=\"group\" aria-label=\"Komende data\"><div class=\"moredates\"><div class=\"inner-wrapper\"><span class=\"moredates-label\">Komende data :<\/span><ul class=\"moredates-list\"><li><time datetime=\"2026-09-20\" lang=\"nl\">Op <span class=\"day\">20<\/span><span class=\"month\"> september<\/span> van <span class=\"hour\">14h<\/span> tot <span class=\"hour\">17h30<\/span><\/time><\/li><\/ul><\/div><\/div><\/div><\/div><div class=\"field-title\">Journ\u00e9es europ\u00e9ennes du patrimoine -L&#8217;Auditoire du Roy<\/div><\/div><div class=\"field-link\"><a href=\"https:\/\/www.hautes-alpes.net\/nl\/fiche\/journees-europeennes-du-patrimoine-lauditoire-du-roy-6\/\" class=\"cardlink\">Journ\u00e9es europ\u00e9ennes du patrimoine -L&#8217;Auditoire du Roy<\/a><\/div><\/div><\/div><div class=\"item\" ><div class=\"card card-apidae card-agenda post-type-apidae\"><div class=\"group-top\"><div class=\"field-fete-cat\">Bezoek met gids en\/of commentaar<\/div><\/div><div class=\"group-media\"><div class=\"field-image\"><img decoding=\"async\" src=\"https:\/\/images.weserv.nl\/?url=https:\/\/static.apidae-tourisme.com\/filestore\/objets-touristiques\/images\/188\/51\/42480572-diaporama.jpg&#038;w=550&#038;h=350&#038;fit=cover&#038;output=webp&#038;q=45\" alt=\"JEP : Visite comment\u00e9e Ancienne Chartreuse de Durbon et visite expo Ecomus\u00e9e\"\/><\/div><\/div><div class=\"group-content\"><div class=\"field-commune\">Saint-Julien-en-Beauch\u00eane<\/div><div class=\"group-dates\" role=\"group\" aria-label=\"Data van het evenement\"><div class=\"field-dates ws-apidae-date-coming\" role=\"group\" aria-label=\"Openingsdatum\"><time datetime=\"2026-09-19\" lang=\"nl\">Op <span class=\"day\">19<\/span><span class=\"month\"> sep.<\/span> van <span class=\"hour\">14h<\/span> tot <span class=\"hour\">17h30<\/span><\/time><\/div><\/div><div class=\"field-title\">JEP : Visite comment\u00e9e Ancienne Chartreuse de Durbon et visite expo Ecomus\u00e9e<\/div><\/div><div class=\"field-link\"><a href=\"https:\/\/www.hautes-alpes.net\/nl\/fiche\/jep-visite-commentee-ancienne-chartreuse-de-durbon-et-visite-expo-ecomusee-6\/\" class=\"cardlink\">JEP : Visite comment\u00e9e Ancienne Chartreuse de Durbon et visite expo Ecomus\u00e9e<\/a><\/div><\/div><\/div><div class=\"item\" ><div class=\"card card-apidae card-agenda post-type-apidae\"><div class=\"group-top\"><div class=\"field-fete-cat\">Lezing<\/div><\/div><div class=\"group-media\"><div class=\"field-image\"><img decoding=\"async\" src=\"https:\/\/images.weserv.nl\/?url=https:\/\/static.apidae-tourisme.com\/filestore\/objets-touristiques\/images\/222\/33\/42410462-diaporama.jpg&#038;w=550&#038;h=350&#038;fit=cover&#038;output=webp&#038;q=45\" alt=\"Conf\u00e9rence et m\u00e9diumnit\u00e9\"\/><\/div><\/div><div class=\"group-content\"><div class=\"field-commune\">Gap<\/div><div class=\"group-dates\" role=\"group\" aria-label=\"Data van het evenement\"><div class=\"field-dates ws-apidae-date-coming\" role=\"group\" aria-label=\"Openingsdatum\"><time datetime=\"2026-09-19\" lang=\"nl\">Op <span class=\"day\">19<\/span><span class=\"month\"> sep.<\/span> van <span class=\"hour\">13h30<\/span> tot <span class=\"hour\">18h<\/span><\/time><\/div><\/div><div class=\"field-title\">Conf\u00e9rence et m\u00e9diumnit\u00e9<\/div><\/div><div class=\"field-link\"><a href=\"https:\/\/www.hautes-alpes.net\/nl\/fiche\/conference-et-mediumnite-6\/\" class=\"cardlink\">Conf\u00e9rence et m\u00e9diumnit\u00e9<\/a><\/div><\/div><\/div><div class=\"item\" ><div class=\"card card-apidae card-agenda post-type-apidae\"><div class=\"group-top\"><div class=\"field-fete-cat\">Theater<\/div><\/div><div class=\"group-media\"><div class=\"field-image\"><img decoding=\"async\" src=\"https:\/\/images.weserv.nl\/?url=https:\/\/static.apidae-tourisme.com\/filestore\/objets-touristiques\/images\/196\/197\/42517956-diaporama.jpg&#038;w=550&#038;h=350&#038;fit=cover&#038;output=webp&#038;q=45\" alt=\"Journ\u00e9es Europ\u00e9ennes du Patrimoine - Lecture: &#8221;Capturer l&#8217;invisible&#8221;\"\/><\/div><\/div><div class=\"group-content\"><div class=\"field-commune\">Brian\u00e7on<\/div><div class=\"group-dates\" role=\"group\" aria-label=\"Data van het evenement\"><div class=\"field-dates ws-apidae-date-coming\" role=\"group\" aria-label=\"Openingsdatum\"><time datetime=\"2026-09-19\" lang=\"nl\">Op <span class=\"day\">19<\/span><span class=\"month\"> sep.<\/span> van <span class=\"hour\">18h<\/span> tot <span class=\"hour\">19h<\/span><\/time><\/div><\/div><div class=\"field-title\">Journ\u00e9es Europ\u00e9ennes du Patrimoine - Lecture: &#8221;Capturer l&#8217;invisible&#8221;<\/div><\/div><div class=\"field-link\"><a href=\"https:\/\/www.hautes-alpes.net\/nl\/fiche\/journees-europeennes-du-patrimoine-lecture-capturer-linvisible-6\/\" class=\"cardlink\">Journ\u00e9es Europ\u00e9ennes du Patrimoine - Lecture: &#8221;Capturer l&#8217;invisible&#8221;<\/a><\/div><\/div><\/div><div class=\"item\" ><div class=\"card card-apidae card-agenda post-type-apidae\"><div class=\"group-top\"><div class=\"field-fete-cat\">Bezoek met gids en\/of commentaar<\/div><\/div><div class=\"group-media\"><div class=\"field-image\"><img decoding=\"async\" src=\"https:\/\/images.weserv.nl\/?url=https:\/\/static.apidae-tourisme.com\/filestore\/objets-touristiques\/images\/29\/23\/34215709-diaporama.jpg&#038;w=550&#038;h=350&#038;fit=cover&#038;output=webp&#038;q=45\" alt=\"Journ\u00e9es europ\u00e9ennes du patrimoine - Eglise des Cordeliers\"\/><\/div><\/div><div class=\"group-content\"><div class=\"field-commune\">Brian\u00e7on<\/div><div class=\"group-dates\" role=\"group\" aria-label=\"Data van het evenement\"><div class=\"field-dates ws-apidae-date-coming\" role=\"group\" aria-label=\"Openingsdatum\"><time datetime=\"2026-09-19\" lang=\"nl\">Op <span class=\"day\">19<\/span><span class=\"month\"> sep.<\/span><\/time><\/div><div class=\"field-moredates ws-apidae-moredates\" role=\"group\" aria-label=\"Komende data\"><div class=\"moredates\"><div class=\"inner-wrapper\"><span class=\"moredates-label\">Komende data :<\/span><ul class=\"moredates-list\"><li><time datetime=\"2026-09-20\" lang=\"nl\">Op <span class=\"day\">20<\/span><span class=\"month\"> september<\/span><\/time><\/li><\/ul><\/div><\/div><\/div><\/div><div class=\"field-title\">Journ\u00e9es europ\u00e9ennes du patrimoine - Eglise des Cordeliers<\/div><\/div><div class=\"field-link\"><a href=\"https:\/\/www.hautes-alpes.net\/nl\/fiche\/journees-europeennes-du-patrimoine-eglise-des-cordeliers-6\/\" class=\"cardlink\">Journ\u00e9es europ\u00e9ennes du patrimoine - Eglise des Cordeliers<\/a><\/div><\/div><\/div><div class=\"item\" ><div class=\"card card-apidae card-agenda post-type-apidae\"><div class=\"group-top\"><div class=\"field-fete-cat\">Lezing<\/div><\/div><div class=\"group-media\"><div class=\"field-image\"><img decoding=\"async\" src=\"https:\/\/images.weserv.nl\/?url=https:\/\/static.apidae-tourisme.com\/filestore\/objets-touristiques\/images\/44\/41\/42543404-diaporama.jpg&#038;w=550&#038;h=350&#038;fit=cover&#038;output=webp&#038;q=45\" alt=\"Les Journ\u00e9es Europ\u00e9ennes du Patrimoine - Les premiers photographes du Queyras\"\/><\/div><\/div><div class=\"group-content\"><div class=\"field-commune\">Guillestre<\/div><div class=\"group-dates\" role=\"group\" aria-label=\"Data van het evenement\"><div class=\"field-dates ws-apidae-date-coming\" role=\"group\" aria-label=\"Openingsdatum\"><time datetime=\"2026-09-19\" lang=\"nl\">Op <span class=\"day\">19<\/span><span class=\"month\"> sep.<\/span> van <span class=\"hour\">18h<\/span> tot <span class=\"hour\">19h30<\/span><\/time><\/div><\/div><div class=\"field-title\">Les Journ\u00e9es Europ\u00e9ennes du Patrimoine - Les premiers photographes du Queyras<\/div><div class=\"field-description\">Dit is het kleurrijke verhaal van een stad gehuld in roze marmer.<\/div><\/div><div class=\"field-link\"><a href=\"https:\/\/www.hautes-alpes.net\/nl\/fiche\/les-journees-europeennes-du-patrimoine-les-premiers-photographes-du-queyras-6\/\" class=\"cardlink\">Les Journ\u00e9es Europ\u00e9ennes du Patrimoine - Les premiers photographes du Queyras<\/a><\/div><\/div><\/div><div class=\"item\" ><div class=\"card card-apidae card-agenda post-type-apidae\"><div class=\"group-top\"><div class=\"field-fete-cat\">Bezoek met gids en\/of commentaar<\/div><\/div><div class=\"group-media\"><div class=\"field-image\"><img decoding=\"async\" src=\"https:\/\/images.weserv.nl\/?url=https:\/\/static.apidae-tourisme.com\/filestore\/objets-touristiques\/images\/47\/41\/42543407-diaporama.jpg&#038;w=550&#038;h=350&#038;fit=cover&#038;output=webp&#038;q=45\" alt=\"Les Journ\u00e9es Europ\u00e9ennes du Patrimoine - Visite guid\u00e9e : la tour de Saint-Cl\u00e9ment sur Durance\"\/><\/div><\/div><div class=\"group-content\"><div class=\"field-commune\">Saint-Cl\u00e9ment-sur-Durance<\/div><div class=\"group-dates\" role=\"group\" aria-label=\"Data van het evenement\"><div class=\"field-dates ws-apidae-date-coming\" role=\"group\" aria-label=\"Openingsdatum\"><time datetime=\"2026-09-19\" lang=\"nl\">Op <span class=\"day\">19<\/span><span class=\"month\"> sep.<\/span><\/time><\/div><\/div><div class=\"field-title\">Les Journ\u00e9es Europ\u00e9ennes du Patrimoine - Visite guid\u00e9e : la tour de Saint-Cl\u00e9ment sur Durance<\/div><div class=\"field-description\">Dit is het kleurrijke verhaal van een stad gehuld in roze marmer.<\/div><\/div><div class=\"field-link\"><a href=\"https:\/\/www.hautes-alpes.net\/nl\/fiche\/les-journees-europeennes-du-patrimoine-visite-guidee-la-tour-de-saint-clement-sur-durance-6\/\" class=\"cardlink\">Les Journ\u00e9es Europ\u00e9ennes du Patrimoine - Visite guid\u00e9e : la tour de Saint-Cl\u00e9ment sur Durance<\/a><\/div><\/div><\/div><div class=\"item\" ><div class=\"card card-apidae card-agenda post-type-apidae\"><div class=\"group-top\"><div class=\"field-fete-cat\">Bezoek met gids en\/of commentaar<\/div><\/div><div class=\"group-media\"><div class=\"field-image\"><img decoding=\"async\" src=\"https:\/\/images.weserv.nl\/?url=https:\/\/static.apidae-tourisme.com\/filestore\/objets-touristiques\/images\/52\/41\/42543412-diaporama.jpg&#038;w=550&#038;h=350&#038;fit=cover&#038;output=webp&#038;q=45\" alt=\"Visite guid\u00e9e : Notre-Dame du R\u00e9al\"\/><\/div><\/div><div class=\"group-content\"><div class=\"field-commune\">Embrun<\/div><div class=\"group-dates\" role=\"group\" aria-label=\"Data van het evenement\"><div class=\"field-dates ws-apidae-date-coming\" role=\"group\" aria-label=\"Openingsdatum\"><time datetime=\"2026-09-19\" lang=\"nl\">Op <span class=\"day\">19<\/span><span class=\"month\"> sep.<\/span><\/time><\/div><\/div><div class=\"field-title\">Visite guid\u00e9e : Notre-Dame du R\u00e9al<\/div><div class=\"field-description\">In het kader van de Europese Erfgoeddagen 2026 opent de Sint-Anna-kapel, die normaal gesproken gesloten is, haar deuren.<\/div><\/div><div class=\"field-link\"><a href=\"https:\/\/www.hautes-alpes.net\/nl\/fiche\/visite-guidee-notre-dame-du-real-4\/\" class=\"cardlink\">Visite guid\u00e9e : Notre-Dame du R\u00e9al<\/a><\/div><\/div><\/div><div class=\"item\" ><div class=\"card card-apidae card-agenda post-type-apidae\"><div class=\"group-top\"><div class=\"field-fete-cat\">Expositie<\/div><\/div><div class=\"group-media\"><div class=\"field-image\"><img decoding=\"async\" src=\"https:\/\/images.weserv.nl\/?url=https:\/\/static.apidae-tourisme.com\/filestore\/objets-touristiques\/images\/59\/94\/25189947-diaporama.jpg&#038;w=550&#038;h=350&#038;fit=cover&#038;output=webp&#038;q=45\" alt=\"Journ\u00e9es Europ\u00e9ennes du patrimoine\"\/><\/div><\/div><div class=\"group-content\"><div class=\"field-commune\">Saint-L\u00e9ger-les-M\u00e9l\u00e8zes<\/div><div class=\"group-dates\" role=\"group\" aria-label=\"Data van het evenement\"><div class=\"field-dates ws-apidae-date-coming\" role=\"group\" aria-label=\"Openingsdatum\"><time datetime=\"2026-09-20\" lang=\"nl\">Op <span class=\"day\">20<\/span><span class=\"month\"> sep.<\/span> van <span class=\"hour\">14h<\/span> tot <span class=\"hour\">17h<\/span><\/time><\/div><\/div><div class=\"field-title\">Journ\u00e9es Europ\u00e9ennes du patrimoine<\/div><\/div><div class=\"field-link\"><a href=\"https:\/\/www.hautes-alpes.net\/nl\/fiche\/journees-europeennes-du-patrimoine-7\/\" class=\"cardlink\">Journ\u00e9es Europ\u00e9ennes du patrimoine<\/a><\/div><\/div><\/div><div class=\"item\" ><div class=\"card card-apidae card-agenda post-type-apidae\"><div class=\"group-top\"><div class=\"field-fete-cat\">Expositie<\/div><\/div><div class=\"group-media\"><div class=\"field-image\"><img decoding=\"async\" src=\"https:\/\/images.weserv.nl\/?url=https:\/\/static.apidae-tourisme.com\/filestore\/objets-touristiques\/images\/24\/248\/41089048-diaporama.jpg&#038;w=550&#038;h=350&#038;fit=cover&#038;output=webp&#038;q=45\" alt=\"Journ\u00e9es Europ\u00e9ennes du Patrimoine\"\/><\/div><\/div><div class=\"group-content\"><div class=\"field-commune\">Embrun<\/div><div class=\"group-dates\" role=\"group\" aria-label=\"Data van het evenement\"><div class=\"field-dates ws-apidae-date-coming\" role=\"group\" aria-label=\"Openingsdatum\"><time datetime=\"2026-09-20\" lang=\"nl\">Op <span class=\"day\">20<\/span><span class=\"month\"> sep.<\/span><\/time><\/div><\/div><div class=\"field-title\">Journ\u00e9es Europ\u00e9ennes du Patrimoine<\/div><\/div><div class=\"field-link\"><a href=\"https:\/\/www.hautes-alpes.net\/nl\/fiche\/journees-europeennes-du-patrimoine-7\/\" class=\"cardlink\">Journ\u00e9es Europ\u00e9ennes du Patrimoine<\/a><\/div><\/div><\/div><div class=\"item\" ><div class=\"card card-apidae card-agenda post-type-apidae\"><div class=\"group-top\"><div class=\"field-fete-cat\">Concert<\/div><\/div><div class=\"group-media\"><div class=\"field-image\"><img decoding=\"async\" src=\"https:\/\/images.weserv.nl\/?url=https:\/\/static.apidae-tourisme.com\/filestore\/objets-touristiques\/images\/165\/19\/41227173-diaporama.jpg&#038;w=550&#038;h=350&#038;fit=cover&#038;output=webp&#038;q=45\" alt=\"Journ\u00e9es Europ\u00e9ennes du Patrimoine au Ch\u00e2teau de Montmaur - Concert OPUS\"\/><\/div><\/div><div class=\"group-content\"><div class=\"field-commune\">Montmaur<\/div><div class=\"group-dates\" role=\"group\" aria-label=\"Data van het evenement\"><div class=\"field-dates ws-apidae-date-coming\" role=\"group\" aria-label=\"Openingsdatum\"><time datetime=\"2026-09-20\" lang=\"nl\">Op <span class=\"day\">20<\/span><span class=\"month\"> sep.<\/span> van <span class=\"hour\">18h30<\/span> tot <span class=\"hour\">19h45<\/span><\/time><\/div><\/div><div class=\"field-title\">Journ\u00e9es Europ\u00e9ennes du Patrimoine au Ch\u00e2teau de Montmaur - Concert OPUS<\/div><\/div><div class=\"field-link\"><a href=\"https:\/\/www.hautes-alpes.net\/nl\/fiche\/journees-europeennes-du-patrimoine-au-chateau-de-montmaur-concert-opus-6\/\" class=\"cardlink\">Journ\u00e9es Europ\u00e9ennes du Patrimoine au Ch\u00e2teau de Montmaur - Concert OPUS<\/a><\/div><\/div><\/div><div class=\"item\" ><div class=\"card card-apidae card-agenda post-type-apidae\"><div class=\"group-top\"><div class=\"field-fete-cat\">Introductie binnen het kader van een evenement<\/div><\/div><div class=\"group-media\"><div class=\"field-image\"><img decoding=\"async\" src=\"https:\/\/images.weserv.nl\/?url=https:\/\/static.apidae-tourisme.com\/filestore\/objets-touristiques\/images\/205\/0\/33751245-diaporama.jpg&#038;w=550&#038;h=350&#038;fit=cover&#038;output=webp&#038;q=45\" alt=\"Serres Lez&#8217;Arts : atelier correspondance cr\u00e9ative\"\/><\/div><\/div><div class=\"group-content\"><div class=\"field-commune\">Serres<\/div><div class=\"group-dates\" role=\"group\" aria-label=\"Data van het evenement\"><div class=\"field-dates ws-apidae-date-coming\" role=\"group\" aria-label=\"Openingsdatum\"><time datetime=\"2026-09-20\" lang=\"nl\">Op <span class=\"day\">20<\/span><span class=\"month\"> sep.<\/span> van <span class=\"hour\">13h<\/span> tot <span class=\"hour\">16h<\/span><\/time><\/div><\/div><div class=\"field-title\">Serres Lez&#8217;Arts : atelier correspondance cr\u00e9ative<\/div><\/div><div class=\"field-link\"><a href=\"https:\/\/www.hautes-alpes.net\/nl\/fiche\/serres-lezarts-atelier-correspondance-creative-6\/\" class=\"cardlink\">Serres Lez&#8217;Arts : atelier correspondance cr\u00e9ative<\/a><\/div><\/div><\/div><div class=\"item\" ><div class=\"card card-apidae card-agenda post-type-apidae\"><div class=\"group-top\"><div class=\"field-fete-cat\">Bezoek met gids en\/of commentaar<\/div><\/div><div class=\"group-media\"><div class=\"field-image\"><img decoding=\"async\" src=\"https:\/\/images.weserv.nl\/?url=https:\/\/static.apidae-tourisme.com\/filestore\/objets-touristiques\/images\/239\/58\/42285807-diaporama.jpg&#038;w=550&#038;h=350&#038;fit=cover&#038;output=webp&#038;q=45\" alt=\"Journ\u00e9es du Patrimoine - Visite du Ch\u00e2teau de Picomtal\"\/><\/div><\/div><div class=\"group-content\"><div class=\"field-commune\">Crots<\/div><div class=\"group-dates\" role=\"group\" aria-label=\"Data van het evenement\"><div class=\"field-dates ws-apidae-date-coming\" role=\"group\" aria-label=\"Openingsdatum\"><time datetime=\"2026-09-20\" lang=\"nl\">Op <span class=\"day\">20<\/span><span class=\"month\"> sep.<\/span><\/time><\/div><\/div><div class=\"field-title\">Journ\u00e9es du Patrimoine - Visite du Ch\u00e2teau de Picomtal<\/div><\/div><div class=\"field-link\"><a href=\"https:\/\/www.hautes-alpes.net\/nl\/fiche\/journees-du-patrimoine-visite-du-chateau-de-picomtal-6\/\" class=\"cardlink\">Journ\u00e9es du Patrimoine - Visite du Ch\u00e2teau de Picomtal<\/a><\/div><\/div><\/div><div class=\"item\" ><div class=\"card card-apidae card-agenda post-type-apidae\"><div class=\"group-top\"><div class=\"field-fete-cat\">Voorstelling \/ Filmprojectie<\/div><\/div><div class=\"group-media\"><div class=\"field-image\"><img decoding=\"async\" src=\"https:\/\/images.weserv.nl\/?url=https:\/\/static.apidae-tourisme.com\/filestore\/objets-touristiques\/images\/209\/189\/42384849-diaporama.jpg&#038;w=550&#038;h=350&#038;fit=cover&#038;output=webp&#038;q=45\" alt=\"Projection du film Nos m\u00e9moires englouties\"\/><\/div><\/div><div class=\"group-content\"><div class=\"field-commune\">Gap<\/div><div class=\"group-dates\" role=\"group\" aria-label=\"Data van het evenement\"><div class=\"field-dates ws-apidae-date-coming\" role=\"group\" aria-label=\"Openingsdatum\"><time datetime=\"2026-09-20\" lang=\"nl\">Op <span class=\"day\">20<\/span><span class=\"month\"> sep.<\/span> van <span class=\"hour\">16h<\/span> tot <span class=\"hour\">17h<\/span><\/time><\/div><\/div><div class=\"field-title\">Projection du film Nos m\u00e9moires englouties<\/div><\/div><div class=\"field-link\"><a href=\"https:\/\/www.hautes-alpes.net\/nl\/fiche\/projection-du-film-nos-memoires-englouties-7\/\" class=\"cardlink\">Projection du film Nos m\u00e9moires englouties<\/a><\/div><\/div><\/div><div class=\"item\" ><div class=\"card card-apidae card-agenda post-type-apidae\"><div class=\"group-top\"><div class=\"field-fete-cat\">Bezoek met gids en\/of commentaar<\/div><\/div><div class=\"group-media\"><div class=\"field-image\"><img decoding=\"async\" src=\"https:\/\/images.weserv.nl\/?url=https:\/\/static.apidae-tourisme.com\/filestore\/objets-touristiques\/images\/117\/199\/42387317-diaporama.jpg&#038;w=550&#038;h=350&#038;fit=cover&#038;output=webp&#038;q=45\" alt=\"Visite patrimoniale de l&#8217;ancienne usine Badin\"\/><\/div><\/div><div class=\"group-content\"><div class=\"field-commune\">Gap<\/div><div class=\"group-dates\" role=\"group\" aria-label=\"Data van het evenement\"><div class=\"field-dates ws-apidae-date-coming\" role=\"group\" aria-label=\"Openingsdatum\"><time datetime=\"2026-09-20\" lang=\"nl\">Op <span class=\"day\">20<\/span><span class=\"month\"> sep.<\/span> van <span class=\"hour\">10h30<\/span> tot <span class=\"hour\">11h30<\/span><\/time><\/div><\/div><div class=\"field-title\">Visite patrimoniale de l&#8217;ancienne usine Badin<\/div><\/div><div class=\"field-link\"><a href=\"https:\/\/www.hautes-alpes.net\/nl\/fiche\/visite-patrimoniale-de-lancienne-usine-badin-6\/\" class=\"cardlink\">Visite patrimoniale de l&#8217;ancienne usine Badin<\/a><\/div><\/div><\/div><div class=\"item\" ><div class=\"card card-apidae card-agenda post-type-apidae\"><div class=\"group-top\"><div class=\"field-fete-cat\">Lezing<\/div><\/div><div class=\"group-media\"><div class=\"field-image\"><img decoding=\"async\" src=\"https:\/\/images.weserv.nl\/?url=https:\/\/static.apidae-tourisme.com\/filestore\/objets-touristiques\/images\/135\/246\/42399367-diaporama.jpg&#038;w=550&#038;h=350&#038;fit=cover&#038;output=webp&#038;q=45\" alt=\"Journ\u00e9es Europ\u00e9ennes du Patrimoine - Une chapelle priv\u00e9e\"\/><\/div><\/div><div class=\"group-content\"><div class=\"field-commune\">Guillestre<\/div><div class=\"group-dates\" role=\"group\" aria-label=\"Data van het evenement\"><div class=\"field-dates ws-apidae-date-coming\" role=\"group\" aria-label=\"Openingsdatum\"><time datetime=\"2026-09-20\" lang=\"nl\">Op <span class=\"day\">20<\/span><span class=\"month\"> sep.<\/span> om <span class=\"hour\">15h<\/span><\/time><\/div><\/div><div class=\"field-title\">Journ\u00e9es Europ\u00e9ennes du Patrimoine - Une chapelle priv\u00e9e<\/div><\/div><div class=\"field-link\"><a href=\"https:\/\/www.hautes-alpes.net\/nl\/fiche\/journees-europeennes-du-patrimoine-une-chapelle-privee-6\/\" class=\"cardlink\">Journ\u00e9es Europ\u00e9ennes du Patrimoine - Une chapelle priv\u00e9e<\/a><\/div><\/div><\/div><div class=\"item\" ><div class=\"card card-apidae card-agenda post-type-apidae\"><div class=\"group-top\"><div class=\"field-fete-cat\">Bezoek met gids en\/of commentaar<\/div><\/div><div class=\"group-media\"><div class=\"field-image\"><img decoding=\"async\" src=\"https:\/\/images.weserv.nl\/?url=https:\/\/static.apidae-tourisme.com\/filestore\/objets-touristiques\/images\/180\/0\/42401972-diaporama.png&#038;w=550&#038;h=350&#038;fit=cover&#038;output=webp&#038;q=45\" alt=\"Journ\u00e9es du patrimoine : visite du Moulin de Sachas\"\/><\/div><\/div><div class=\"group-content\"><div class=\"field-commune\">Villar-Saint-Pancrace<\/div><div class=\"group-dates\" role=\"group\" aria-label=\"Data van het evenement\"><div class=\"field-dates ws-apidae-date-coming\" role=\"group\" aria-label=\"Openingsdatum\"><time datetime=\"2026-09-20\" lang=\"nl\">Op <span class=\"day\">20<\/span><span class=\"month\"> sep.<\/span><\/time><\/div><\/div><div class=\"field-title\">Journ\u00e9es du patrimoine : visite du Moulin de Sachas<\/div><\/div><div class=\"field-link\"><a href=\"https:\/\/www.hautes-alpes.net\/nl\/fiche\/journees-du-patrimoine-visite-du-moulin-de-sachas-6\/\" class=\"cardlink\">Journ\u00e9es du patrimoine : visite du Moulin de Sachas<\/a><\/div><\/div><\/div><div class=\"item\" ><div class=\"card card-apidae card-agenda post-type-apidae\"><div class=\"group-top\"><div class=\"field-fete-cat\">Bezoek met gids en\/of commentaar<\/div><\/div><div class=\"group-media\"><div class=\"field-image\"><img decoding=\"async\" src=\"https:\/\/images.weserv.nl\/?url=https:\/\/static.apidae-tourisme.com\/filestore\/objets-touristiques\/images\/139\/240\/17494155-diaporama.jpg&#038;w=550&#038;h=350&#038;fit=cover&#038;output=webp&#038;q=45\" alt=\"Journ\u00e9es Europ\u00e9ennes du Patrimoine : visite guid\u00e9e de Lagrand, petite Cit\u00e9 de Caract\u00e8re\u00ae\"\/><\/div><\/div><div class=\"group-content\"><div class=\"field-commune\">Garde-Colombe<\/div><div class=\"group-dates\" role=\"group\" aria-label=\"Data van het evenement\"><div class=\"field-dates ws-apidae-date-coming\" role=\"group\" aria-label=\"Openingsdatum\"><time datetime=\"2026-09-20\" lang=\"nl\">Op <span class=\"day\">20<\/span><span class=\"month\"> sep.<\/span> van <span class=\"hour\">9h30<\/span> tot <span class=\"hour\">11h30<\/span><\/time><\/div><\/div><div class=\"field-title\">Journ\u00e9es Europ\u00e9ennes du Patrimoine : visite guid\u00e9e de Lagrand, petite Cit\u00e9 de Caract\u00e8re\u00ae<\/div><\/div><div class=\"field-link\"><a href=\"https:\/\/www.hautes-alpes.net\/nl\/fiche\/journees-europeennes-du-patrimoine-visite-guidee-de-lagrand-petite-cite-de-caractere-6\/\" class=\"cardlink\">Journ\u00e9es Europ\u00e9ennes du Patrimoine : visite guid\u00e9e de Lagrand, petite Cit\u00e9 de Caract\u00e8re\u00ae<\/a><\/div><\/div><\/div><div class=\"item\" ><div class=\"card card-apidae card-agenda post-type-apidae\"><div class=\"group-top\"><div class=\"field-fete-cat\">Expositie<\/div><\/div><div class=\"group-media\"><div class=\"field-image\"><img decoding=\"async\" src=\"https:\/\/images.weserv.nl\/?url=https:\/\/static.apidae-tourisme.com\/filestore\/objets-touristiques\/images\/165\/3\/42468261-diaporama.jpg&#038;w=550&#038;h=350&#038;fit=cover&#038;output=webp&#038;q=45\" alt=\"Visite exposition Chartreuse de Durbon\"\/><\/div><\/div><div class=\"group-content\"><div class=\"field-commune\">Saint-Julien-en-Beauch\u00eane<\/div><div class=\"group-dates\" role=\"group\" aria-label=\"Data van het evenement\"><div class=\"field-dates ws-apidae-date-coming\" role=\"group\" aria-label=\"Openingsdatum\"><time datetime=\"2026-09-20\" lang=\"nl\">Op <span class=\"day\">20<\/span><span class=\"month\"> sep.<\/span> van <span class=\"hour\">10h<\/span> tot <span class=\"hour\">17h30<\/span><\/time><\/div><\/div><div class=\"field-title\">Visite exposition Chartreuse de Durbon<\/div><\/div><div class=\"field-link\"><a href=\"https:\/\/www.hautes-alpes.net\/nl\/fiche\/visite-exposition-chartreuse-de-durbon-6\/\" class=\"cardlink\">Visite exposition Chartreuse de Durbon<\/a><\/div><\/div><\/div><div class=\"item\" ><div class=\"card card-apidae card-agenda post-type-apidae\"><div class=\"group-top\"><div class=\"field-fete-cat\">Concert<\/div><\/div><div class=\"group-media\"><div class=\"field-image\"><img decoding=\"async\" src=\"https:\/\/images.weserv.nl\/?url=https:\/\/static.apidae-tourisme.com\/filestore\/objets-touristiques\/images\/48\/19\/41358128-diaporama.jpg&#038;w=550&#038;h=350&#038;fit=cover&#038;output=webp&#038;q=45\" alt=\"JEP : Concert au Ch\u00e2teau de Montmaur dans le cadre du Festival Bu\u00ebch-Durance 2026\"\/><\/div><\/div><div class=\"group-content\"><div class=\"field-commune\">Montmaur<\/div><div class=\"group-dates\" role=\"group\" aria-label=\"Data van het evenement\"><div class=\"field-dates ws-apidae-date-coming\" role=\"group\" aria-label=\"Openingsdatum\"><time datetime=\"2026-09-20\" lang=\"nl\">Op <span class=\"day\">20<\/span><span class=\"month\"> sep.<\/span> om <span class=\"hour\">18h30<\/span><\/time><\/div><\/div><div class=\"field-title\">JEP : Concert au Ch\u00e2teau de Montmaur dans le cadre du Festival Bu\u00ebch-Durance 2026<\/div><\/div><div class=\"field-link\"><a href=\"https:\/\/www.hautes-alpes.net\/nl\/fiche\/jep-concert-au-chateau-de-montmaur-dans-le-cadre-du-festival-buech-durance-2026-6\/\" class=\"cardlink\">JEP : Concert au Ch\u00e2teau de Montmaur dans le cadre du Festival Bu\u00ebch-Durance 2026<\/a><\/div><\/div><\/div><div class=\"item\" ><div class=\"card card-apidae card-agenda post-type-apidae\"><div class=\"group-top\"><div class=\"field-fete-cat\">Bezoek met gids en\/of commentaar<\/div><\/div><div class=\"group-media\"><div class=\"field-image\"><img decoding=\"async\" src=\"https:\/\/images.weserv.nl\/?url=https:\/\/static.apidae-tourisme.com\/filestore\/objets-touristiques\/images\/124\/51\/42480508-diaporama.jpg&#038;w=550&#038;h=350&#038;fit=cover&#038;output=webp&#038;q=45\" alt=\"JEP - D\u00e9couverte Tableau Philippe de Champaigne \u00e0 l&#8217;\u00e9glise Saint Blaise\"\/><\/div><\/div><div class=\"group-content\"><div class=\"field-commune\">Saint-Julien-en-Beauch\u00eane<\/div><div class=\"group-dates\" role=\"group\" aria-label=\"Data van het evenement\"><div class=\"field-dates ws-apidae-date-coming\" role=\"group\" aria-label=\"Openingsdatum\"><time datetime=\"2026-09-20\" lang=\"nl\">Op <span class=\"day\">20<\/span><span class=\"month\"> sep.<\/span><\/time><\/div><\/div><div class=\"field-title\">JEP - D\u00e9couverte Tableau Philippe de Champaigne \u00e0 l&#8217;\u00e9glise Saint Blaise<\/div><\/div><div class=\"field-link\"><a href=\"https:\/\/www.hautes-alpes.net\/nl\/fiche\/jep-decouverte-tableau-philippe-de-champaigne-a-leglise-saint-blaise-6\/\" class=\"cardlink\">JEP - D\u00e9couverte Tableau Philippe de Champaigne \u00e0 l&#8217;\u00e9glise Saint Blaise<\/a><\/div><\/div><\/div><div class=\"item\" ><div class=\"card card-apidae card-agenda post-type-apidae\"><div class=\"group-top\"><div class=\"field-fete-cat\">Concert<\/div><\/div><div class=\"group-media\"><div class=\"field-image\"><img decoding=\"async\" src=\"https:\/\/images.weserv.nl\/?url=https:\/\/static.apidae-tourisme.com\/filestore\/objets-touristiques\/images\/224\/50\/42480352-diaporama.jpg&#038;w=550&#038;h=350&#038;fit=cover&#038;output=webp&#038;q=45\" alt=\"Jam Session - European Jazz Companions\"\/><\/div><\/div><div class=\"group-content\"><div class=\"field-commune\">Mont-Dauphin<\/div><div class=\"group-dates\" role=\"group\" aria-label=\"Data van het evenement\"><div class=\"field-dates ws-apidae-date-coming\" role=\"group\" aria-label=\"Openingsdatum\"><time datetime=\"2026-09-20\" lang=\"nl\">Op <span class=\"day\">20<\/span><span class=\"month\"> sep.<\/span> om <span class=\"hour\">20h<\/span><\/time><\/div><\/div><div class=\"field-title\">Jam Session - European Jazz Companions<\/div><\/div><div class=\"field-link\"><a href=\"https:\/\/www.hautes-alpes.net\/nl\/fiche\/jam-session-european-jazz-companions-6\/\" class=\"cardlink\">Jam Session - European Jazz Companions<\/a><\/div><\/div><\/div><div class=\"item\" ><div class=\"card card-apidae card-agenda post-type-apidae\"><div class=\"group-top\"><div class=\"field-fete-cat\">Concert<\/div><\/div><div class=\"group-media\"><div class=\"field-image\"><img decoding=\"async\" src=\"https:\/\/images.weserv.nl\/?url=https:\/\/static.apidae-tourisme.com\/filestore\/objets-touristiques\/images\/6\/50\/42480134-diaporama.jpg&#038;w=550&#038;h=350&#038;fit=cover&#038;output=webp&#038;q=45\" alt=\"Apr\u00e8s-midi champ\u00eatre et concert - European Jazz Companions\"\/><\/div><\/div><div class=\"group-content\"><div class=\"field-commune\">Mont-Dauphin<\/div><div class=\"group-dates\" role=\"group\" aria-label=\"Data van het evenement\"><div class=\"field-dates ws-apidae-date-coming\" role=\"group\" aria-label=\"Openingsdatum\"><time datetime=\"2026-09-20\" lang=\"nl\">Op <span class=\"day\">20<\/span><span class=\"month\"> sep.<\/span> om <span class=\"hour\">15h<\/span><\/time><\/div><\/div><div class=\"field-title\">Apr\u00e8s-midi champ\u00eatre et concert - European Jazz Companions<\/div><\/div><div class=\"field-link\"><a href=\"https:\/\/www.hautes-alpes.net\/nl\/fiche\/apres-midi-champetre-et-concert-european-jazz-companions-6\/\" class=\"cardlink\">Apr\u00e8s-midi champ\u00eatre et concert - European Jazz Companions<\/a><\/div><\/div><\/div><div class=\"item\" ><div class=\"card card-apidae card-agenda post-type-apidae\"><div class=\"group-top\"><div class=\"field-fete-cat\">Theater<\/div><\/div><div class=\"group-media\"><div class=\"field-image\"><img decoding=\"async\" src=\"https:\/\/images.weserv.nl\/?url=https:\/\/static.apidae-tourisme.com\/filestore\/objets-touristiques\/images\/164\/211\/42521508-diaporama.jpg&#038;w=550&#038;h=350&#038;fit=cover&#038;output=webp&#038;q=45\" alt=\"Journ\u00e9es europ\u00e9ennes du patrimoine - Lecture:&#8221;Des territoires (nous sifflerons la Marseillaise&#8230;)&#8221;\"\/><\/div><\/div><div class=\"group-content\"><div class=\"field-commune\">Brian\u00e7on<\/div><div class=\"group-dates\" role=\"group\" aria-label=\"Data van het evenement\"><div class=\"field-dates ws-apidae-date-coming\" role=\"group\" aria-label=\"Openingsdatum\"><time datetime=\"2026-09-20\" lang=\"nl\">Op <span class=\"day\">20<\/span><span class=\"month\"> sep.<\/span> van <span class=\"hour\">17h30<\/span> tot <span class=\"hour\">18h30<\/span><\/time><\/div><\/div><div class=\"field-title\">Journ\u00e9es europ\u00e9ennes du patrimoine - Lecture:&#8221;Des territoires (nous sifflerons la Marseillaise&#8230;)&#8221;<\/div><\/div><div class=\"field-link\"><a href=\"https:\/\/www.hautes-alpes.net\/nl\/fiche\/journees-europeennes-du-patrimoine-lecturedes-territoires-nous-sifflerons-la-marseillaise-6\/\" class=\"cardlink\">Journ\u00e9es europ\u00e9ennes du patrimoine - Lecture:&#8221;Des territoires (nous sifflerons la Marseillaise&#8230;)&#8221;<\/a><\/div><\/div><\/div><div class=\"item\" ><div class=\"card card-apidae card-agenda post-type-apidae\"><div class=\"group-top\"><div class=\"field-fete-cat\">Bezoek met gids en\/of commentaar<\/div><\/div><div class=\"group-media\"><div class=\"field-image\"><img decoding=\"async\" src=\"https:\/\/images.weserv.nl\/?url=https:\/\/static.apidae-tourisme.com\/filestore\/objets-touristiques\/images\/228\/136\/33917156-diaporama.jpg&#038;w=550&#038;h=350&#038;fit=cover&#038;output=webp&#038;q=45\" alt=\"Visite comment\u00e9e &#8221;Ch\u00e2teau de Picomtal&#8221; - JEP 2025\"\/><\/div><\/div><div class=\"group-content\"><div class=\"field-commune\">Crots<\/div><div class=\"group-dates\" role=\"group\" aria-label=\"Data van het evenement\"><div class=\"field-dates ws-apidae-date-coming\" role=\"group\" aria-label=\"Openingsdatum\"><time datetime=\"2026-09-21\" lang=\"nl\">Op <span class=\"day\">21<\/span><span class=\"month\"> sep.<\/span><\/time><\/div><div class=\"field-moredates ws-apidae-moredates\" role=\"group\" aria-label=\"Komende data\"><div class=\"moredates\"><div class=\"inner-wrapper\"><span class=\"moredates-label\">Komende data :<\/span><ul class=\"moredates-list\"><li><time datetime=\"2027-09-21\" lang=\"nl\">Op <span class=\"day\">21<\/span><span class=\"month\"> september<\/span><\/time><\/li><\/ul><\/div><\/div><\/div><\/div><div class=\"field-title\">Visite comment\u00e9e &#8221;Ch\u00e2teau de Picomtal&#8221; - JEP 2025<\/div><\/div><div class=\"field-link\"><a href=\"https:\/\/www.hautes-alpes.net\/nl\/fiche\/visite-commentee-chateau-de-picomtal-jep-2025-6\/\" class=\"cardlink\">Visite comment\u00e9e &#8221;Ch\u00e2teau de Picomtal&#8221; - JEP 2025<\/a><\/div><\/div><\/div><div class=\"item\" ><div class=\"card card-apidae card-agenda post-type-apidae\"><div class=\"group-top\"><div class=\"field-fete-cat\">Sportwedstrijd<\/div><\/div><div class=\"group-media\"><div class=\"field-image\"><img decoding=\"async\" src=\"https:\/\/images.weserv.nl\/?url=https:\/\/static.apidae-tourisme.com\/filestore\/objets-touristiques\/images\/33\/239\/42331937-diaporama.jpg&#038;w=550&#038;h=350&#038;fit=cover&#038;output=webp&#038;q=45\" alt=\"72\u00e8me Crit\u00e9rium Bouliste de la ville de Laragne-Mont\u00e9glin\"\/><\/div><\/div><div class=\"group-content\"><div class=\"field-commune\">Laragne-Mont\u00e9glin<\/div><div class=\"group-dates\"><div class=\"field-dates\">Van <span class=\"day\">21<\/span><span class=\"month\"> sep.<\/span> tot <span class=\"day\">27<\/span><span class=\"month\"> sep.<\/span><\/div><\/div><div class=\"field-title\">72\u00e8me Crit\u00e9rium Bouliste de la ville de Laragne-Mont\u00e9glin<\/div><\/div><div class=\"field-link\"><a href=\"https:\/\/www.hautes-alpes.net\/nl\/fiche\/72eme-criterium-bouliste-de-la-ville-de-laragne-monteglin-6\/\" class=\"cardlink\">72\u00e8me Crit\u00e9rium Bouliste de la ville de Laragne-Mont\u00e9glin<\/a><\/div><\/div><\/div><div class=\"item\" ><div class=\"card card-apidae card-agenda post-type-apidae\"><div class=\"group-top\"><div class=\"field-fete-cat\">Concert<\/div><\/div><div class=\"group-media\"><div class=\"field-image\"><img decoding=\"async\" src=\"https:\/\/images.weserv.nl\/?url=https:\/\/static.apidae-tourisme.com\/filestore\/objets-touristiques\/images\/239\/50\/42480367-diaporama.jpg&#038;w=550&#038;h=350&#038;fit=cover&#038;output=webp&#038;q=45\" alt=\"Concert - European Jazz Companions\"\/><\/div><\/div><div class=\"group-content\"><div class=\"field-commune\">Saint-Cl\u00e9ment-sur-Durance<\/div><div class=\"group-dates\" role=\"group\" aria-label=\"Data van het evenement\"><div class=\"field-dates ws-apidae-date-coming\" role=\"group\" aria-label=\"Openingsdatum\"><time datetime=\"2026-09-21\" lang=\"nl\">Op <span class=\"day\">21<\/span><span class=\"month\"> sep.<\/span> om <span class=\"hour\">18h30<\/span><\/time><\/div><\/div><div class=\"field-title\">Concert - European Jazz Companions<\/div><\/div><div class=\"field-link\"><a href=\"https:\/\/www.hautes-alpes.net\/nl\/fiche\/concert-european-jazz-companions-6\/\" class=\"cardlink\">Concert - European Jazz Companions<\/a><\/div><\/div><\/div><div class=\"item\" ><div class=\"card card-apidae card-agenda post-type-apidae\"><div class=\"group-top\"><div class=\"field-fete-cat\">Introductie binnen het kader van een evenement<\/div><\/div><div class=\"group-media\"><div class=\"field-image\"><img decoding=\"async\" src=\"https:\/\/images.weserv.nl\/?url=https:\/\/static.apidae-tourisme.com\/filestore\/objets-touristiques\/images\/173\/240\/42463405-diaporama.jpg&#038;w=550&#038;h=350&#038;fit=cover&#038;output=webp&#038;q=45\" alt=\"Atelier - Intelligence Artificielle\"\/><\/div><\/div><div class=\"group-content\"><div class=\"field-commune\">Chorges<\/div><div class=\"group-dates\" role=\"group\" aria-label=\"Data van het evenement\"><div class=\"field-dates ws-apidae-date-coming\" role=\"group\" aria-label=\"Openingsdatum\"><time datetime=\"2026-09-22\" lang=\"nl\">Op <span class=\"day\">22<\/span><span class=\"month\"> sep.<\/span> van <span class=\"hour\">18h<\/span> tot <span class=\"hour\">20h<\/span><\/time><\/div><\/div><div class=\"field-title\">Atelier - Intelligence Artificielle<\/div><\/div><div class=\"field-link\"><a href=\"https:\/\/www.hautes-alpes.net\/nl\/fiche\/atelier-intelligence-artificielle-6\/\" class=\"cardlink\">Atelier - Intelligence Artificielle<\/a><\/div><\/div><\/div><div class=\"item\" ><div class=\"card card-apidae card-agenda post-type-apidae\"><div class=\"group-top\"><\/div><div class=\"group-media\"><div class=\"field-image\"><img decoding=\"async\" src=\"https:\/\/images.weserv.nl\/?url=https:\/\/static.apidae-tourisme.com\/filestore\/objets-touristiques\/images\/52\/189\/42384692-diaporama.jpg&#038;w=550&#038;h=350&#038;fit=cover&#038;output=webp&#038;q=45\" alt=\"Projection du film Nos m\u00e9moires englouties\"\/><\/div><\/div><div class=\"group-content\"><div class=\"field-commune\">Gap<\/div><div class=\"group-dates\" role=\"group\" aria-label=\"Data van het evenement\"><div class=\"field-dates ws-apidae-date-coming\" role=\"group\" aria-label=\"Openingsdatum\"><time datetime=\"2026-09-23\" lang=\"nl\">Op <span class=\"day\">23<\/span><span class=\"month\"> sep.<\/span> van <span class=\"hour\">14h30<\/span> tot <span class=\"hour\">15h30<\/span><\/time><\/div><\/div><div class=\"field-title\">Projection du film Nos m\u00e9moires englouties<\/div><\/div><div class=\"field-link\"><a href=\"https:\/\/www.hautes-alpes.net\/nl\/fiche\/projection-du-film-nos-memoires-englouties-6\/\" class=\"cardlink\">Projection du film Nos m\u00e9moires englouties<\/a><\/div><\/div><\/div><div class=\"item\" ><div class=\"card card-apidae card-agenda post-type-apidae\"><div class=\"group-top\"><div class=\"field-fete-cat\">Aperitief<\/div><\/div><div class=\"group-media\"><div class=\"field-image\"><img decoding=\"async\" src=\"https:\/\/images.weserv.nl\/?url=https:\/\/static.apidae-tourisme.com\/filestore\/objets-touristiques\/images\/58\/195\/37274426-diaporama.jpg&#038;w=550&#038;h=350&#038;fit=cover&#038;output=webp&#038;q=45\" alt=\"F\u00eate de la Patate\"\/><\/div><\/div><div class=\"group-content\"><div class=\"field-commune\">Embrun<\/div><div class=\"group-dates\" role=\"group\" aria-label=\"Data van het evenement\"><div class=\"field-dates ws-apidae-date-coming\" role=\"group\" aria-label=\"Openingsdatum\"><time datetime=\"2026-09-26\" lang=\"nl\">Op <span class=\"day\">26<\/span><span class=\"month\"> sep.<\/span> van <span class=\"hour\">11h<\/span> tot <span class=\"hour\">18h<\/span><\/time><\/div><\/div><div class=\"field-title\">F\u00eate de la Patate<\/div><\/div><div class=\"field-link\"><a href=\"https:\/\/www.hautes-alpes.net\/nl\/fiche\/fete-de-la-patate-6\/\" class=\"cardlink\">F\u00eate de la Patate<\/a><\/div><\/div><\/div><div class=\"item\" ><div class=\"card card-apidae card-agenda post-type-apidae\"><div class=\"group-top\"><\/div><div class=\"group-media\"><div class=\"field-image\"><img decoding=\"async\" src=\"https:\/\/images.weserv.nl\/?url=https:\/\/static.apidae-tourisme.com\/filestore\/objets-touristiques\/images\/246\/188\/42384630-diaporama.jpg&#038;w=550&#038;h=350&#038;fit=cover&#038;output=webp&#038;q=45\" alt=\"Projection du film Mercredi, c&#8217;est safari\"\/><\/div><\/div><div class=\"group-content\"><div class=\"field-commune\">Gap<\/div><div class=\"group-dates\" role=\"group\" aria-label=\"Data van het evenement\"><div class=\"field-dates ws-apidae-date-coming\" role=\"group\" aria-label=\"Openingsdatum\"><time datetime=\"2026-09-26\" lang=\"nl\">Op <span class=\"day\">26<\/span><span class=\"month\"> sep.<\/span> van <span class=\"hour\">14h30<\/span> tot <span class=\"hour\">15h30<\/span><\/time><\/div><\/div><div class=\"field-title\">Projection du film Mercredi, c&#8217;est safari<\/div><\/div><div class=\"field-link\"><a href=\"https:\/\/www.hautes-alpes.net\/nl\/fiche\/projection-du-film-mercredi-cest-safari-8\/\" class=\"cardlink\">Projection du film Mercredi, c&#8217;est safari<\/a><\/div><\/div><\/div><div class=\"item\" ><div class=\"card card-apidae card-agenda post-type-apidae\"><div class=\"group-top\"><\/div><div class=\"group-media\"><div class=\"field-image\"><img decoding=\"async\" src=\"https:\/\/images.weserv.nl\/?url=https:\/\/static.apidae-tourisme.com\/filestore\/objets-touristiques\/images\/182\/188\/42384566-diaporama.jpg&#038;w=550&#038;h=350&#038;fit=cover&#038;output=webp&#038;q=45\" alt=\"Projection du film Flow\"\/><\/div><\/div><div class=\"group-content\"><div class=\"field-commune\">Gap<\/div><div class=\"group-dates\" role=\"group\" aria-label=\"Data van het evenement\"><div class=\"field-dates ws-apidae-date-coming\" role=\"group\" aria-label=\"Openingsdatum\"><time datetime=\"2026-09-26\" lang=\"nl\">Op <span class=\"day\">26<\/span><span class=\"month\"> sep.<\/span> van <span class=\"hour\">17h<\/span> tot <span class=\"hour\">18h30<\/span><\/time><\/div><\/div><div class=\"field-title\">Projection du film Flow<\/div><\/div><div class=\"field-link\"><a href=\"https:\/\/www.hautes-alpes.net\/nl\/fiche\/projection-du-film-flow-9\/\" class=\"cardlink\">Projection du film Flow<\/a><\/div><\/div><\/div><div class=\"item\" ><div class=\"card card-apidae card-agenda post-type-apidae\"><div class=\"group-top\"><div class=\"field-fete-cat\">Traditioneel feest<\/div><\/div><div class=\"group-media\"><div class=\"field-image\"><img decoding=\"async\" src=\"https:\/\/images.weserv.nl\/?url=https:\/\/static.apidae-tourisme.com\/filestore\/objets-touristiques\/images\/235\/192\/42385643-diaporama.jpg&#038;w=550&#038;h=350&#038;fit=cover&#038;output=webp&#038;q=45\" alt=\"Rencontres Paysannes\"\/><\/div><\/div><div class=\"group-content\"><div class=\"field-commune\">Saint-L\u00e9ger-les-M\u00e9l\u00e8zes<\/div><div class=\"group-dates\"><div class=\"field-dates\">Van <span class=\"day\">26<\/span><span class=\"month\"> sep.<\/span> tot <span class=\"day\">27<\/span><span class=\"month\"> sep.<\/span><\/div><\/div><div class=\"field-title\">Rencontres Paysannes<\/div><\/div><div class=\"field-link\"><a href=\"https:\/\/www.hautes-alpes.net\/nl\/fiche\/rencontres-paysannes-6\/\" class=\"cardlink\">Rencontres Paysannes<\/a><\/div><\/div><\/div><div class=\"item\" ><div class=\"card card-apidae card-agenda post-type-apidae\"><div class=\"group-top\"><div class=\"field-fete-cat\">Concert<\/div><\/div><div class=\"group-media\"><div class=\"field-image\"><img decoding=\"async\" src=\"https:\/\/images.weserv.nl\/?url=https:\/\/static.apidae-tourisme.com\/filestore\/objets-touristiques\/images\/187\/22\/41359035-diaporama.jpg&#038;w=550&#038;h=350&#038;fit=cover&#038;output=webp&#038;q=45\" alt=\"Festival Bu\u00ebch-Durance 2026 : Concert &#8221; Destination Am\u00e9rique &#8221;\"\/><\/div><\/div><div class=\"group-content\"><div class=\"field-commune\">Veynes<\/div><div class=\"group-dates\" role=\"group\" aria-label=\"Data van het evenement\"><div class=\"field-dates ws-apidae-date-coming\" role=\"group\" aria-label=\"Openingsdatum\"><time datetime=\"2026-09-26\" lang=\"nl\">Op <span class=\"day\">26<\/span><span class=\"month\"> sep.<\/span> om <span class=\"hour\">20h<\/span><\/time><\/div><div class=\"field-moredates ws-apidae-moredates\" role=\"group\" aria-label=\"Komende data\"><div class=\"moredates\"><div class=\"inner-wrapper\"><span class=\"moredates-label\">Komende data :<\/span><ul class=\"moredates-list\"><li><time datetime=\"2026-09-27\" lang=\"nl\">Op <span class=\"day\">27<\/span><span class=\"month\"> september<\/span> om <span class=\"hour\">17h<\/span><\/time><\/li><\/ul><\/div><\/div><\/div><\/div><div class=\"field-title\">Festival Bu\u00ebch-Durance 2026 : Concert &#8221; Destination Am\u00e9rique &#8221;<\/div><\/div><div class=\"field-link\"><a href=\"https:\/\/www.hautes-alpes.net\/nl\/fiche\/festival-buech-durance-2026-concert-destination-amerique-6\/\" class=\"cardlink\">Festival Bu\u00ebch-Durance 2026 : Concert &#8221; Destination Am\u00e9rique &#8221;<\/a><\/div><\/div><\/div><div class=\"item\" ><div class=\"card card-apidae card-agenda post-type-apidae\"><div class=\"group-top\"><div class=\"field-fete-cat\">Concert<\/div><\/div><div class=\"group-media\"><div class=\"field-image\"><img decoding=\"async\" src=\"https:\/\/images.weserv.nl\/?url=https:\/\/static.apidae-tourisme.com\/filestore\/objets-touristiques\/images\/170\/42\/42543786-diaporama.jpg&#038;w=550&#038;h=350&#038;fit=cover&#038;output=webp&#038;q=45\" alt=\"Pachamama Festival #5\"\/><\/div><\/div><div class=\"group-content\"><div class=\"field-commune\">Valdoule<\/div><div class=\"group-dates\"><div class=\"field-dates\">Van <span class=\"day\">26<\/span><span class=\"month\"> sep.<\/span> tot <span class=\"day\">27<\/span><span class=\"month\"> sep.<\/span><\/div><\/div><div class=\"field-title\">Pachamama Festival #5<\/div><\/div><div class=\"field-link\"><a href=\"https:\/\/www.hautes-alpes.net\/nl\/fiche\/pachamama-festival-5-6\/\" class=\"cardlink\">Pachamama Festival #5<\/a><\/div><\/div><\/div><div class=\"item\" ><div class=\"card card-apidae card-agenda post-type-apidae\"><div class=\"group-top\"><div class=\"field-fete-cat\">Jaarmarkt of beurs<\/div><\/div><div class=\"group-media\"><div class=\"field-image\"><img decoding=\"async\" src=\"https:\/\/images.weserv.nl\/?url=https:\/\/static.apidae-tourisme.com\/filestore\/objets-touristiques\/images\/15\/195\/41927439-diaporama.jpg&#038;w=550&#038;h=350&#038;fit=cover&#038;output=webp&#038;q=45\" alt=\"La Folie Berg\u00e8re\"\/><\/div><\/div><div class=\"group-content\"><div class=\"field-commune\">Ceillac<\/div><div class=\"group-dates\" role=\"group\" aria-label=\"Data van het evenement\"><div class=\"field-dates ws-apidae-date-coming\" role=\"group\" aria-label=\"Openingsdatum\"><time datetime=\"2026-09-27\" lang=\"nl\">Op <span class=\"day\">27<\/span><span class=\"month\"> sep.<\/span><\/time><\/div><\/div><div class=\"field-title\">La Folie Berg\u00e8re<\/div><\/div><div class=\"field-link\"><a href=\"https:\/\/www.hautes-alpes.net\/nl\/fiche\/la-folie-bergere-6\/\" class=\"cardlink\">La Folie Berg\u00e8re<\/a><\/div><\/div><\/div><div class=\"item\" ><div class=\"card card-apidae card-agenda post-type-apidae\"><div class=\"group-top\"><div class=\"field-fete-cat\">Lezing<\/div><\/div><div class=\"group-media\"><div class=\"field-image\"><img decoding=\"async\" src=\"https:\/\/images.weserv.nl\/?url=https:\/\/static.apidae-tourisme.com\/filestore\/objets-touristiques\/images\/93\/189\/42384733-diaporama.jpg&#038;w=550&#038;h=350&#038;fit=cover&#038;output=webp&#038;q=45\" alt=\"Cin\u00e9 Rencontre\"\/><\/div><\/div><div class=\"group-content\"><div class=\"field-commune\">Gap<\/div><div class=\"group-dates\" role=\"group\" aria-label=\"Data van het evenement\"><div class=\"field-dates ws-apidae-date-coming\" role=\"group\" aria-label=\"Openingsdatum\"><time datetime=\"2026-09-30\" lang=\"nl\">Op <span class=\"day\">30<\/span><span class=\"month\"> sep.<\/span><\/time><\/div><\/div><div class=\"field-title\">Cin\u00e9 Rencontre<\/div><\/div><div class=\"field-link\"><a href=\"https:\/\/www.hautes-alpes.net\/nl\/fiche\/cine-rencontre-6\/\" class=\"cardlink\">Cin\u00e9 Rencontre<\/a><\/div><\/div><\/div><div class=\"item\" ><div class=\"card card-apidae card-agenda post-type-apidae\"><div class=\"group-top\"><div class=\"field-fete-cat\">Expositie<\/div><\/div><div class=\"group-media\"><div class=\"field-image\"><img decoding=\"async\" src=\"https:\/\/images.weserv.nl\/?url=https:\/\/static.apidae-tourisme.com\/filestore\/objets-touristiques\/images\/203\/69\/32327115-diaporama.png&#038;w=550&#038;h=350&#038;fit=cover&#038;output=webp&#038;q=45\" alt=\"Polyamide Commando\"\/><\/div><\/div><div class=\"group-content\"><div class=\"field-commune\">Gap<\/div><div class=\"group-dates\"><div class=\"field-dates\">Van <span class=\"day\">02<\/span><span class=\"month\"> okt.<\/span> van <span class=\"hour\">10h<\/span> tot <span class=\"day\">19<\/span><span class=\"month\"> dec.<\/span> om <span class=\"hour\">18h<\/span><\/div><\/div><div class=\"field-title\">Polyamide Commando<\/div><\/div><div class=\"field-link\"><a href=\"https:\/\/www.hautes-alpes.net\/nl\/fiche\/polyamide-commando-6\/\" class=\"cardlink\">Polyamide Commando<\/a><\/div><\/div><\/div><div class=\"item\" ><div class=\"card card-apidae card-agenda post-type-apidae\"><div class=\"group-top\"><div class=\"field-fete-cat\">Concert<\/div><\/div><div class=\"group-media\"><div class=\"field-image\"><img decoding=\"async\" src=\"https:\/\/images.weserv.nl\/?url=https:\/\/static.apidae-tourisme.com\/filestore\/objets-touristiques\/images\/244\/139\/38243316-diaporama.jpg&#038;w=550&#038;h=350&#038;fit=cover&#038;output=webp&#038;q=45\" alt=\"Julien Clerc\"\/><\/div><\/div><div class=\"group-content\"><div class=\"field-commune\">Gap<\/div><div class=\"group-dates\" role=\"group\" aria-label=\"Data van het evenement\"><div class=\"field-dates ws-apidae-date-coming\" role=\"group\" aria-label=\"Openingsdatum\"><time datetime=\"2026-10-02\" lang=\"nl\">Op <span class=\"day\">02<\/span><span class=\"month\"> okt.<\/span><\/time><\/div><\/div><div class=\"field-title\">Julien Clerc<\/div><\/div><div class=\"field-link\"><a href=\"https:\/\/www.hautes-alpes.net\/nl\/fiche\/julien-clerc-6\/\" class=\"cardlink\">Julien Clerc<\/a><\/div><\/div><\/div><div class=\"item\" ><div class=\"card card-apidae card-agenda post-type-apidae\"><div class=\"group-top\"><\/div><div class=\"group-media\"><div class=\"field-image\"><img decoding=\"async\" src=\"https:\/\/images.weserv.nl\/?url=https:\/\/static.apidae-tourisme.com\/filestore\/objets-touristiques\/images\/181\/172\/42380469-diaporama.jpg&#038;w=550&#038;h=350&#038;fit=cover&#038;output=webp&#038;q=45\" alt=\"Projection du film Le sabot montagnard\"\/><\/div><\/div><div class=\"group-content\"><div class=\"field-commune\">Gap<\/div><div class=\"group-dates\" role=\"group\" aria-label=\"Data van het evenement\"><div class=\"field-dates ws-apidae-date-coming\" role=\"group\" aria-label=\"Openingsdatum\"><time datetime=\"2026-10-02\" lang=\"nl\">Op <span class=\"day\">02<\/span><span class=\"month\"> okt.<\/span> van <span class=\"hour\">18h<\/span> tot <span class=\"hour\">19h<\/span><\/time><\/div><\/div><div class=\"field-title\">Projection du film Le sabot montagnard<\/div><\/div><div class=\"field-link\"><a href=\"https:\/\/www.hautes-alpes.net\/nl\/fiche\/projection-du-film-le-sabot-montagnard-9\/\" class=\"cardlink\">Projection du film Le sabot montagnard<\/a><\/div><\/div><\/div><div class=\"item\" ><div class=\"card card-apidae card-agenda post-type-apidae\"><div class=\"group-top\"><div class=\"field-fete-cat\">Voorstelling<\/div><\/div><div class=\"group-media\"><div class=\"field-image\"><img decoding=\"async\" src=\"https:\/\/images.weserv.nl\/?url=https:\/\/static.apidae-tourisme.com\/filestore\/objets-touristiques\/images\/38\/103\/21980966-diaporama.jpg&#038;w=550&#038;h=350&#038;fit=cover&#038;output=webp&#038;q=45\" alt=\"Animation th\u00e9\u00e2tralis\u00e9e : &#8221;Le mandat&#8221;\"\/><\/div><\/div><div class=\"group-content\"><div class=\"field-commune\">Garde-Colombe<\/div><div class=\"group-dates\" role=\"group\" aria-label=\"Data van het evenement\"><div class=\"field-dates ws-apidae-date-coming\" role=\"group\" aria-label=\"Openingsdatum\"><time datetime=\"2026-10-03\" lang=\"nl\">Op <span class=\"day\">03<\/span><span class=\"month\"> okt.<\/span> om <span class=\"hour\">16h<\/span><\/time><\/div><\/div><div class=\"field-title\">Animation th\u00e9\u00e2tralis\u00e9e : &#8221;Le mandat&#8221;<\/div><\/div><div class=\"field-link\"><a href=\"https:\/\/www.hautes-alpes.net\/nl\/fiche\/animation-theatralisee-le-mandat-6\/\" class=\"cardlink\">Animation th\u00e9\u00e2tralis\u00e9e : &#8221;Le mandat&#8221;<\/a><\/div><\/div><\/div><div class=\"item\" ><div class=\"card card-apidae card-agenda post-type-apidae\"><div class=\"group-top\"><div class=\"field-fete-cat\">Bal<\/div><\/div><div class=\"group-media\"><div class=\"field-image\"><img decoding=\"async\" src=\"https:\/\/images.weserv.nl\/?url=https:\/\/static.apidae-tourisme.com\/filestore\/objets-touristiques\/images\/17\/73\/38488337-diaporama.png&#038;w=550&#038;h=350&#038;fit=cover&#038;output=webp&#038;q=45\" alt=\"Bal d&#8217;Automne\"\/><\/div><\/div><div class=\"group-content\"><div class=\"field-commune\">Tallard<\/div><div class=\"group-dates\" role=\"group\" aria-label=\"Data van het evenement\"><div class=\"field-dates ws-apidae-date-coming\" role=\"group\" aria-label=\"Openingsdatum\"><time datetime=\"2026-10-03\" lang=\"nl\">Op <span class=\"day\">03<\/span><span class=\"month\"> okt.<\/span> van <span class=\"hour\">19h<\/span> tot <span class=\"hour\">1h<\/span><\/time><\/div><\/div><div class=\"field-title\">Bal d&#8217;Automne<\/div><\/div><div class=\"field-link\"><a href=\"https:\/\/www.hautes-alpes.net\/nl\/fiche\/bal-dautomne-6\/\" class=\"cardlink\">Bal d&#8217;Automne<\/a><\/div><\/div><\/div><div class=\"item\" ><div class=\"card card-apidae card-agenda post-type-apidae\"><div class=\"group-top\"><div class=\"field-fete-cat\">Sportwedstrijd<\/div><\/div><div class=\"group-media\"><div class=\"field-image\"><img decoding=\"async\" src=\"https:\/\/images.weserv.nl\/?url=https:\/\/static.apidae-tourisme.com\/filestore\/objets-touristiques\/images\/2\/25\/38476034-diaporama.png&#038;w=550&#038;h=350&#038;fit=cover&#038;output=webp&#038;q=45\" alt=\"Gapencimes 2026\"\/><\/div><\/div><div class=\"group-content\"><div class=\"field-commune\">Gap<\/div><div class=\"group-dates\"><div class=\"field-dates\">Van <span class=\"day\">03<\/span><span class=\"month\"> okt.<\/span> van <span class=\"hour\">8h<\/span> tot <span class=\"day\">04<\/span><span class=\"month\"> okt.<\/span> om <span class=\"hour\">18h<\/span><\/div><\/div><div class=\"field-title\">Gapencimes 2026<\/div><\/div><div class=\"field-link\"><a href=\"https:\/\/www.hautes-alpes.net\/nl\/fiche\/gapencimes-2026-6\/\" class=\"cardlink\">Gapencimes 2026<\/a><\/div><\/div><\/div><div class=\"item\" ><div class=\"card card-apidae card-agenda post-type-apidae\"><div class=\"group-top\"><div class=\"field-fete-cat\">Introductie binnen het kader van een evenement<\/div><\/div><div class=\"group-media\"><div class=\"field-image\"><img decoding=\"async\" src=\"https:\/\/images.weserv.nl\/?url=https:\/\/static.apidae-tourisme.com\/filestore\/objets-touristiques\/images\/116\/243\/41612148-diaporama.png&#038;w=550&#038;h=350&#038;fit=cover&#038;output=webp&#038;q=45\" alt=\"Week-end caritatif - bapt\u00eames de vol libre\"\/><\/div><\/div><div class=\"group-content\"><div class=\"field-commune\">Laragne-Mont\u00e9glin<\/div><div class=\"group-dates\"><div class=\"field-dates\">Van <span class=\"day\">03<\/span><span class=\"month\"> okt.<\/span> van <span class=\"hour\">9h<\/span> tot <span class=\"day\">04<\/span><span class=\"month\"> okt.<\/span> om <span class=\"hour\">18h<\/span><\/div><\/div><div class=\"field-title\">Week-end caritatif - bapt\u00eames de vol libre<\/div><\/div><div class=\"field-link\"><a href=\"https:\/\/www.hautes-alpes.net\/nl\/fiche\/week-end-caritatif-baptemes-de-vol-libre-6\/\" class=\"cardlink\">Week-end caritatif - bapt\u00eames de vol libre<\/a><\/div><\/div><\/div><div class=\"item\" ><div class=\"card card-apidae card-agenda post-type-apidae\"><div class=\"group-top\"><div class=\"field-fete-cat\">Concert<\/div><\/div><div class=\"group-media\"><div class=\"field-image\"><img decoding=\"async\" src=\"https:\/\/images.weserv.nl\/?url=https:\/\/static.apidae-tourisme.com\/filestore\/objets-touristiques\/images\/218\/110\/42102490-diaporama.png&#038;w=550&#038;h=350&#038;fit=cover&#038;output=webp&#038;q=45\" alt=\"Vaudou Game\"\/><\/div><\/div><div class=\"group-content\"><div class=\"field-commune\">Gap<\/div><div class=\"group-dates\" role=\"group\" aria-label=\"Data van het evenement\"><div class=\"field-dates ws-apidae-date-coming\" role=\"group\" aria-label=\"Openingsdatum\"><time datetime=\"2026-10-03\" lang=\"nl\">Op <span class=\"day\">03<\/span><span class=\"month\"> okt.<\/span> om <span class=\"hour\">20h30<\/span><\/time><\/div><\/div><div class=\"field-title\">Vaudou Game<\/div><\/div><div class=\"field-link\"><a href=\"https:\/\/www.hautes-alpes.net\/nl\/fiche\/vaudou-game-6\/\" class=\"cardlink\">Vaudou Game<\/a><\/div><\/div><\/div><div class=\"item\" ><div class=\"card card-apidae card-agenda post-type-apidae\"><div class=\"group-top\"><\/div><div class=\"group-media\"><div class=\"field-image\"><img decoding=\"async\" src=\"https:\/\/images.weserv.nl\/?url=https:\/\/static.apidae-tourisme.com\/filestore\/objets-touristiques\/images\/170\/195\/42320810-diaporama.png&#038;w=550&#038;h=350&#038;fit=cover&#038;output=webp&#038;q=45\" alt=\"Journ\u00e9es nationales &#8221;Bibli en folies&#8221;\"\/><\/div><\/div><div class=\"group-content\"><div class=\"field-commune\">Guillestre<\/div><div class=\"group-dates\" role=\"group\" aria-label=\"Data van het evenement\"><div class=\"field-dates ws-apidae-date-coming\" role=\"group\" aria-label=\"Openingsdatum\"><time datetime=\"2026-10-03\" lang=\"nl\">Op <span class=\"day\">03<\/span><span class=\"month\"> okt.<\/span> van <span class=\"hour\">10h<\/span> tot <span class=\"hour\">12h<\/span><\/time><\/div><\/div><div class=\"field-title\">Journ\u00e9es nationales &#8221;Bibli en folies&#8221;<\/div><\/div><div class=\"field-link\"><a href=\"https:\/\/www.hautes-alpes.net\/nl\/fiche\/journees-nationales-bibli-en-folies-6\/\" class=\"cardlink\">Journ\u00e9es nationales &#8221;Bibli en folies&#8221;<\/a><\/div><\/div><\/div><div class=\"item\" ><div class=\"card card-apidae card-agenda post-type-apidae\"><div class=\"group-top\"><\/div><div class=\"group-media\"><div class=\"field-image\"><img decoding=\"async\" src=\"https:\/\/images.weserv.nl\/?url=https:\/\/static.apidae-tourisme.com\/filestore\/objets-touristiques\/images\/8\/189\/42384648-diaporama.jpg&#038;w=550&#038;h=350&#038;fit=cover&#038;output=webp&#038;q=45\" alt=\"Projection du film Mercredi, c&#8217;est safari\"\/><\/div><\/div><div class=\"group-content\"><div class=\"field-commune\">Gap<\/div><div class=\"group-dates\" role=\"group\" aria-label=\"Data van het evenement\"><div class=\"field-dates ws-apidae-date-coming\" role=\"group\" aria-label=\"Openingsdatum\"><time datetime=\"2026-10-03\" lang=\"nl\">Op <span class=\"day\">03<\/span><span class=\"month\"> okt.<\/span> van <span class=\"hour\">17h<\/span> tot <span class=\"hour\">18h<\/span><\/time><\/div><\/div><div class=\"field-title\">Projection du film Mercredi, c&#8217;est safari<\/div><\/div><div class=\"field-link\"><a href=\"https:\/\/www.hautes-alpes.net\/nl\/fiche\/projection-du-film-mercredi-cest-safari-9\/\" class=\"cardlink\">Projection du film Mercredi, c&#8217;est safari<\/a><\/div><\/div><\/div><div class=\"item\" ><div class=\"card card-apidae card-agenda post-type-apidae\"><div class=\"group-top\"><\/div><div class=\"group-media\"><div class=\"field-image\"><img decoding=\"async\" src=\"https:\/\/images.weserv.nl\/?url=https:\/\/static.apidae-tourisme.com\/filestore\/objets-touristiques\/images\/234\/172\/42380522-diaporama.jpg&#038;w=550&#038;h=350&#038;fit=cover&#038;output=webp&#038;q=45\" alt=\"Projection du film Yukon, un r\u00eave blanc\"\/><\/div><\/div><div class=\"group-content\"><div class=\"field-commune\">Gap<\/div><div class=\"group-dates\" role=\"group\" aria-label=\"Data van het evenement\"><div class=\"field-dates ws-apidae-date-coming\" role=\"group\" aria-label=\"Openingsdatum\"><time datetime=\"2026-10-03\" lang=\"nl\">Op <span class=\"day\">03<\/span><span class=\"month\"> okt.<\/span> van <span class=\"hour\">14h30<\/span> tot <span class=\"hour\">15h30<\/span><\/time><\/div><\/div><div class=\"field-title\">Projection du film Yukon, un r\u00eave blanc<\/div><\/div><div class=\"field-link\"><a href=\"https:\/\/www.hautes-alpes.net\/nl\/fiche\/projection-du-film-yukon-un-reve-blanc-7\/\" class=\"cardlink\">Projection du film Yukon, un r\u00eave blanc<\/a><\/div><\/div><\/div><div class=\"item\" ><div class=\"card card-apidae card-agenda post-type-apidae\"><div class=\"group-top\"><div class=\"field-fete-cat\">Introductie binnen het kader van een evenement<\/div><\/div><div class=\"group-media\"><div class=\"field-image\"><img decoding=\"async\" src=\"https:\/\/images.weserv.nl\/?url=https:\/\/static.apidae-tourisme.com\/filestore\/objets-touristiques\/images\/38\/93\/38755622-diaporama.jpg&#038;w=550&#038;h=350&#038;fit=cover&#038;output=webp&#038;q=45\" alt=\"F\u00eate de la science \u00e0 l&#8217;\u00e9comus\u00e9e\"\/><\/div><\/div><div class=\"group-content\"><div class=\"field-commune\">Saint-L\u00e9ger-les-M\u00e9l\u00e8zes<\/div><div class=\"group-dates\" role=\"group\" aria-label=\"Data van het evenement\"><div class=\"field-dates ws-apidae-date-coming\" role=\"group\" aria-label=\"Openingsdatum\"><time datetime=\"2026-10-04\" lang=\"nl\">Op <span class=\"day\">04<\/span><span class=\"month\"> okt.<\/span> van <span class=\"hour\">14h<\/span> tot <span class=\"hour\">17h<\/span><\/time><\/div><\/div><div class=\"field-title\">F\u00eate de la science \u00e0 l&#8217;\u00e9comus\u00e9e<\/div><\/div><div class=\"field-link\"><a href=\"https:\/\/www.hautes-alpes.net\/nl\/fiche\/fete-de-la-science-a-lecomusee-6\/\" class=\"cardlink\">F\u00eate de la science \u00e0 l&#8217;\u00e9comus\u00e9e<\/a><\/div><\/div><\/div><div class=\"item\" ><div class=\"card card-apidae card-agenda post-type-apidae\"><div class=\"group-top\"><div class=\"field-fete-cat\">Markt<\/div><\/div><div class=\"group-media\"><div class=\"field-image\"><img decoding=\"async\" src=\"https:\/\/images.weserv.nl\/?url=https:\/\/static.apidae-tourisme.com\/filestore\/objets-touristiques\/images\/155\/99\/14115739-diaporama.jpg&#038;w=550&#038;h=350&#038;fit=cover&#038;output=webp&#038;q=45\" alt=\"Foire aux bestiaux et repas de la ch\u00e8vre\"\/><\/div><\/div><div class=\"group-content\"><div class=\"field-commune\">La Chapelle-en-Valgaud\u00e9mar<\/div><div class=\"group-dates\" role=\"group\" aria-label=\"Data van het evenement\"><div class=\"field-dates ws-apidae-date-coming\" role=\"group\" aria-label=\"Openingsdatum\"><time datetime=\"2026-10-04\" lang=\"nl\">Op <span class=\"day\">04<\/span><span class=\"month\"> okt.<\/span> van <span class=\"hour\">8h<\/span> tot <span class=\"hour\">14h<\/span><\/time><\/div><div class=\"field-moredates ws-apidae-moredates\" role=\"group\" aria-label=\"Komende data\"><div class=\"moredates\"><div class=\"inner-wrapper\"><span class=\"moredates-label\">Komende data :<\/span><ul class=\"moredates-list\"><li><time datetime=\"2027-10-04\" lang=\"nl\">Op <span class=\"day\">04<\/span><span class=\"month\"> oktober<\/span><\/time><\/li><\/ul><\/div><\/div><\/div><\/div><div class=\"field-title\">Foire aux bestiaux et repas de la ch\u00e8vre<\/div><\/div><div class=\"field-link\"><a href=\"https:\/\/www.hautes-alpes.net\/nl\/fiche\/foire-aux-bestiaux-et-repas-de-la-chevre-5\/\" class=\"cardlink\">Foire aux bestiaux et repas de la ch\u00e8vre<\/a><\/div><\/div><\/div><div class=\"item\" ><div class=\"card card-apidae card-agenda post-type-apidae\"><div class=\"group-top\"><div class=\"field-fete-cat\">Lezing<\/div><\/div><div class=\"group-media\"><div class=\"field-image\"><img decoding=\"async\" src=\"https:\/\/images.weserv.nl\/?url=https:\/\/static.apidae-tourisme.com\/filestore\/objets-touristiques\/images\/180\/122\/39025332-diaporama.jpg&#038;w=550&#038;h=350&#038;fit=cover&#038;output=webp&#038;q=45\" alt=\"Festival Lignes de Cr\u00eates - Qui \u00e9tait d&#8217;\u00d6tzi ?\"\/><\/div><\/div><div class=\"group-content\"><div class=\"field-commune\">Le Noyer<\/div><div class=\"group-dates\" role=\"group\" aria-label=\"Data van het evenement\"><div class=\"field-dates ws-apidae-date-coming\" role=\"group\" aria-label=\"Openingsdatum\"><time datetime=\"2026-10-06\" lang=\"nl\">Op <span class=\"day\">06<\/span><span class=\"month\"> okt.<\/span> om <span class=\"hour\">17h30<\/span><\/time><\/div><\/div><div class=\"field-title\">Festival Lignes de Cr\u00eates - Qui \u00e9tait d&#8217;\u00d6tzi ?<\/div><\/div><div class=\"field-link\"><a href=\"https:\/\/www.hautes-alpes.net\/nl\/fiche\/festival-lignes-de-cretes-qui-etait-dotzi-6\/\" class=\"cardlink\">Festival Lignes de Cr\u00eates - Qui \u00e9tait d&#8217;\u00d6tzi ?<\/a><\/div><\/div><\/div><div class=\"item\" ><div class=\"card card-apidae card-agenda post-type-apidae\"><div class=\"group-top\"><div class=\"field-fete-cat\">Animation sportive<\/div><\/div><div class=\"group-media\"><div class=\"field-image\"><img decoding=\"async\" src=\"https:\/\/images.weserv.nl\/?url=https:\/\/static.apidae-tourisme.com\/filestore\/objets-touristiques\/images\/202\/216\/42391754-diaporama.jpg&#038;w=550&#038;h=350&#038;fit=cover&#038;output=webp&#038;q=45\" alt=\"Les Orres Bike Park au Roc d&#8217;Azur\"\/><\/div><\/div><div class=\"group-content\"><div class=\"field-commune\">Les Orres<\/div><div class=\"group-dates\"><div class=\"field-dates\">Van <span class=\"day\">07<\/span><span class=\"month\"> okt.<\/span> tot <span class=\"day\">11<\/span><span class=\"month\"> okt.<\/span><\/div><\/div><div class=\"field-title\">Les Orres Bike Park au Roc d&#8217;Azur<\/div><\/div><div class=\"field-link\"><a href=\"https:\/\/www.hautes-alpes.net\/nl\/fiche\/les-orres-bike-park-au-roc-dazur-5\/\" class=\"cardlink\">Les Orres Bike Park au Roc d&#8217;Azur<\/a><\/div><\/div><\/div><div class=\"item\" ><div class=\"card card-apidae card-agenda post-type-apidae\"><div class=\"group-top\"><div class=\"field-fete-cat\">Bijeenkomst<\/div><\/div><div class=\"group-media\"><div class=\"field-image\"><img decoding=\"async\" src=\"https:\/\/images.weserv.nl\/?url=https:\/\/static.apidae-tourisme.com\/filestore\/objets-touristiques\/images\/6\/26\/40901126-diaporama.jpg&#038;w=550&#038;h=350&#038;fit=cover&#038;output=webp&#038;q=45\" alt=\"Madjacques Trek Queyras\"\/><\/div><\/div><div class=\"group-content\"><div class=\"field-commune\">Mont-Dauphin<\/div><div class=\"group-dates\"><div class=\"field-dates\">Van <span class=\"day\">09<\/span><span class=\"month\"> okt.<\/span> van <span class=\"hour\">8h<\/span> tot <span class=\"day\">11<\/span><span class=\"month\"> okt.<\/span> om <span class=\"hour\">0h<\/span><\/div><\/div><div class=\"field-title\">Madjacques Trek Queyras<\/div><\/div><div class=\"field-link\"><a href=\"https:\/\/www.hautes-alpes.net\/nl\/fiche\/madjacques-trek-queyras-6\/\" class=\"cardlink\">Madjacques Trek Queyras<\/a><\/div><\/div><\/div><div class=\"item\" ><div class=\"card card-apidae card-agenda post-type-apidae\"><div class=\"group-top\"><div class=\"field-fete-cat\">Expositie<\/div><\/div><div class=\"group-media\"><div class=\"field-image\"><img decoding=\"async\" src=\"https:\/\/images.weserv.nl\/?url=https:\/\/static.apidae-tourisme.com\/filestore\/objets-touristiques\/images\/213\/215\/38983637-diaporama.jpg&#038;w=550&#038;h=350&#038;fit=cover&#038;output=webp&#038;q=45\" alt=\"Automne photographique en Champsaur\"\/><\/div><\/div><div class=\"group-content\"><div class=\"field-commune\">Forest-Saint-Julien<\/div><div class=\"group-dates\"><div class=\"field-dates\">Van <span class=\"day\">10<\/span><span class=\"month\"> okt.<\/span> van <span class=\"hour\">10h<\/span> tot <span class=\"day\">11<\/span><span class=\"month\"> okt.<\/span> om <span class=\"hour\">18h<\/span><\/div><\/div><div class=\"field-title\">Automne photographique en Champsaur<\/div><\/div><div class=\"field-link\"><a href=\"https:\/\/www.hautes-alpes.net\/nl\/fiche\/automne-photographique-en-champsaur-6\/\" class=\"cardlink\">Automne photographique en Champsaur<\/a><\/div><\/div><\/div><div class=\"item\" ><div class=\"card card-apidae card-agenda post-type-apidae\"><div class=\"group-top\"><div class=\"field-fete-cat\">Circus<\/div><\/div><div class=\"group-media\"><div class=\"field-image\"><img decoding=\"async\" src=\"https:\/\/images.weserv.nl\/?url=https:\/\/static.apidae-tourisme.com\/filestore\/objets-touristiques\/images\/246\/10\/41880310-diaporama.jpg&#038;w=550&#038;h=350&#038;fit=cover&#038;output=webp&#038;q=45\" alt=\"Amours\"\/><\/div><\/div><div class=\"group-content\"><div class=\"field-commune\">Gap<\/div><div class=\"group-dates\" role=\"group\" aria-label=\"Data van het evenement\"><div class=\"field-dates ws-apidae-date-coming\" role=\"group\" aria-label=\"Openingsdatum\"><time datetime=\"2026-10-10\" lang=\"nl\">Op <span class=\"day\">10<\/span><span class=\"month\"> okt.<\/span> van <span class=\"hour\">16h<\/span> tot <span class=\"hour\">17h<\/span><\/time><\/div><\/div><div class=\"field-title\">Amours<\/div><\/div><div class=\"field-link\"><a href=\"https:\/\/www.hautes-alpes.net\/nl\/fiche\/amours-7\/\" class=\"cardlink\">Amours<\/a><\/div><\/div><\/div><div class=\"item\" ><div class=\"card card-apidae card-agenda post-type-apidae\"><div class=\"group-top\"><div class=\"field-fete-cat\">Introductie binnen het kader van een evenement<\/div><\/div><div class=\"group-media\"><div class=\"field-image\"><img decoding=\"async\" src=\"https:\/\/images.weserv.nl\/?url=https:\/\/static.apidae-tourisme.com\/filestore\/objets-touristiques\/images\/52\/198\/42321460-diaporama.png&#038;w=550&#038;h=350&#038;fit=cover&#038;output=webp&#038;q=45\" alt=\"Salon du bien-\u00eatre de Veynes\"\/><\/div><\/div><div class=\"group-content\"><div class=\"field-commune\">Veynes<\/div><div class=\"group-dates\" role=\"group\" aria-label=\"Data van het evenement\"><div class=\"field-dates ws-apidae-date-coming\" role=\"group\" aria-label=\"Openingsdatum\"><time datetime=\"2026-10-10\" lang=\"nl\">Op <span class=\"day\">10<\/span><span class=\"month\"> okt.<\/span> van <span class=\"hour\">14h<\/span> tot <span class=\"hour\">20h<\/span><\/time><\/div><div class=\"field-moredates ws-apidae-moredates\" role=\"group\" aria-label=\"Komende data\"><div class=\"moredates\"><div class=\"inner-wrapper\"><span class=\"moredates-label\">Komende data :<\/span><ul class=\"moredates-list\"><li><time datetime=\"2026-10-11\" lang=\"nl\">Op <span class=\"day\">11<\/span><span class=\"month\"> oktober<\/span> van <span class=\"hour\">10h<\/span> tot <span class=\"hour\">18h<\/span><\/time><\/li><\/ul><\/div><\/div><\/div><\/div><div class=\"field-title\">Salon du bien-\u00eatre de Veynes<\/div><\/div><div class=\"field-link\"><a href=\"https:\/\/www.hautes-alpes.net\/nl\/fiche\/salon-du-bien-etre-de-veynes-6\/\" class=\"cardlink\">Salon du bien-\u00eatre de Veynes<\/a><\/div><\/div><\/div><div class=\"item\" ><div class=\"card card-apidae card-agenda post-type-apidae\"><div class=\"group-top\"><div class=\"field-fete-cat\">Festival<\/div><\/div><div class=\"group-media\"><div class=\"field-image\"><img decoding=\"async\" src=\"https:\/\/images.weserv.nl\/?url=https:\/\/static.apidae-tourisme.com\/filestore\/objets-touristiques\/images\/148\/54\/40253076-diaporama.png&#038;w=550&#038;h=350&#038;fit=cover&#038;output=webp&#038;q=45\" alt=\"Festival lignes de Cr\u00eates - Rencontre conf\u00e9rence autour du nature writting avec l&#8217;auteur Pierre Chavagn\u00e9\"\/><\/div><\/div><div class=\"group-content\"><div class=\"field-commune\">Ancelle<\/div><div class=\"group-dates\" role=\"group\" aria-label=\"Data van het evenement\"><div class=\"field-dates ws-apidae-date-coming\" role=\"group\" aria-label=\"Openingsdatum\"><time datetime=\"2026-10-11\" lang=\"nl\">Op <span class=\"day\">11<\/span><span class=\"month\"> okt.<\/span> om <span class=\"hour\">10h<\/span><\/time><\/div><\/div><div class=\"field-title\">Festival lignes de Cr\u00eates - Rencontre conf\u00e9rence autour du nature writting avec l&#8217;auteur Pierre Chavagn\u00e9<\/div><\/div><div class=\"field-link\"><a href=\"https:\/\/www.hautes-alpes.net\/nl\/fiche\/festival-lignes-de-cretes-rencontre-conference-autour-du-nature-writting-avec-lauteur-pierre-chavagne-6\/\" class=\"cardlink\">Festival lignes de Cr\u00eates - Rencontre conf\u00e9rence autour du nature writting avec l&#8217;auteur Pierre Chavagn\u00e9<\/a><\/div><\/div><\/div><div class=\"item\" ><div class=\"card card-apidae card-agenda post-type-apidae\"><div class=\"group-top\"><div class=\"field-fete-cat\">Artistieke uitvoering<\/div><\/div><div class=\"group-media\"><div class=\"field-image\"><img decoding=\"async\" src=\"https:\/\/images.weserv.nl\/?url=https:\/\/static.apidae-tourisme.com\/filestore\/objets-touristiques\/images\/54\/11\/41880374-diaporama.jpg&#038;w=550&#038;h=350&#038;fit=cover&#038;output=webp&#038;q=45\" alt=\"Amours\"\/><\/div><\/div><div class=\"group-content\"><div class=\"field-commune\">Tallard<\/div><div class=\"group-dates\" role=\"group\" aria-label=\"Data van het evenement\"><div class=\"field-dates ws-apidae-date-coming\" role=\"group\" aria-label=\"Openingsdatum\"><time datetime=\"2026-10-11\" lang=\"nl\">Op <span class=\"day\">11<\/span><span class=\"month\"> okt.<\/span> van <span class=\"hour\">16h<\/span> tot <span class=\"hour\">17h<\/span><\/time><\/div><\/div><div class=\"field-title\">Amours<\/div><\/div><div class=\"field-link\"><a href=\"https:\/\/www.hautes-alpes.net\/nl\/fiche\/amours-7\/\" class=\"cardlink\">Amours<\/a><\/div><\/div><\/div><div class=\"item\" ><div class=\"card card-apidae card-agenda post-type-apidae\"><div class=\"group-top\"><div class=\"field-fete-cat\">Concert<\/div><\/div><div class=\"group-media\"><div class=\"field-image\"><img decoding=\"async\" src=\"https:\/\/images.weserv.nl\/?url=https:\/\/static.apidae-tourisme.com\/filestore\/objets-touristiques\/images\/56\/56\/42481720-diaporama.jpg&#038;w=550&#038;h=350&#038;fit=cover&#038;output=webp&#038;q=45\" alt=\"Concert XV\u00b0 F\u00eate du Gospel\"\/><\/div><\/div><div class=\"group-content\"><div class=\"field-commune\">Gap<\/div><div class=\"group-dates\" role=\"group\" aria-label=\"Data van het evenement\"><div class=\"field-dates ws-apidae-date-coming\" role=\"group\" aria-label=\"Openingsdatum\"><time datetime=\"2026-10-11\" lang=\"nl\">Op <span class=\"day\">11<\/span><span class=\"month\"> okt.<\/span> van <span class=\"hour\">18h<\/span> tot <span class=\"hour\">21h<\/span><\/time><\/div><\/div><div class=\"field-title\">Concert XV\u00b0 F\u00eate du Gospel<\/div><\/div><div class=\"field-link\"><a href=\"https:\/\/www.hautes-alpes.net\/nl\/fiche\/concert-xv-fete-du-gospel-6\/\" class=\"cardlink\">Concert XV\u00b0 F\u00eate du Gospel<\/a><\/div><\/div><\/div><div class=\"item\" ><div class=\"card card-apidae card-agenda post-type-apidae\"><div class=\"group-top\"><div class=\"field-fete-cat\">Artistieke uitvoering<\/div><\/div><div class=\"group-media\"><div class=\"field-image\"><img decoding=\"async\" src=\"https:\/\/images.weserv.nl\/?url=https:\/\/static.apidae-tourisme.com\/filestore\/objets-touristiques\/images\/176\/11\/41880496-diaporama.jpg&#038;w=550&#038;h=350&#038;fit=cover&#038;output=webp&#038;q=45\" alt=\"La Vie et la mort de J. Chirac, roi des Fran\u00e7ais\"\/><\/div><\/div><div class=\"group-content\"><div class=\"field-commune\">Gap<\/div><div class=\"group-dates\" role=\"group\" aria-label=\"Data van het evenement\"><div class=\"field-dates ws-apidae-date-coming\" role=\"group\" aria-label=\"Openingsdatum\"><time datetime=\"2026-10-13\" lang=\"nl\">Op <span class=\"day\">13<\/span><span class=\"month\"> okt.<\/span> van <span class=\"hour\">20h30<\/span> tot <span class=\"hour\">22h05<\/span><\/time><\/div><\/div><div class=\"field-title\">La Vie et la mort de J. Chirac, roi des Fran\u00e7ais<\/div><\/div><div class=\"field-link\"><a href=\"https:\/\/www.hautes-alpes.net\/nl\/fiche\/la-vie-et-la-mort-de-j-chirac-roi-des-francais-6\/\" class=\"cardlink\">La Vie et la mort de J. Chirac, roi des Fran\u00e7ais<\/a><\/div><\/div><\/div><div class=\"item\" ><div class=\"card card-apidae card-agenda post-type-apidae\"><div class=\"group-top\"><div class=\"field-fete-cat\">Voorstelling<\/div><\/div><div class=\"group-media\"><div class=\"field-image\"><img decoding=\"async\" src=\"https:\/\/images.weserv.nl\/?url=https:\/\/static.apidae-tourisme.com\/filestore\/objets-touristiques\/images\/83\/111\/42102611-diaporama.png&#038;w=550&#038;h=350&#038;fit=cover&#038;output=webp&#038;q=45\" alt=\"Au fond des mers\"\/><\/div><\/div><div class=\"group-content\"><div class=\"field-commune\">Gap<\/div><div class=\"group-dates\" role=\"group\" aria-label=\"Data van het evenement\"><div class=\"field-dates ws-apidae-date-coming\" role=\"group\" aria-label=\"Openingsdatum\"><time datetime=\"2026-10-14\" lang=\"nl\">Op <span class=\"day\">14<\/span><span class=\"month\"> okt.<\/span><\/time><\/div><\/div><div class=\"field-title\">Au fond des mers<\/div><\/div><div class=\"field-link\"><a href=\"https:\/\/www.hautes-alpes.net\/nl\/fiche\/au-fond-des-mers-6\/\" class=\"cardlink\">Au fond des mers<\/a><\/div><\/div><\/div><div class=\"item\" ><div class=\"card card-apidae card-agenda post-type-apidae\"><div class=\"group-top\"><div class=\"field-fete-cat\">Jaarmarkt of beurs<\/div><\/div><div class=\"group-media\"><div class=\"field-image\"><img decoding=\"async\" src=\"https:\/\/images.weserv.nl\/?url=https:\/\/static.apidae-tourisme.com\/filestore\/objets-touristiques\/images\/167\/41\/18819495-diaporama.jpg&#038;w=550&#038;h=350&#038;fit=cover&#038;output=webp&#038;q=45\" alt=\"Foire de la Saint-Luc\"\/><\/div><\/div><div class=\"group-content\"><div class=\"field-commune\">Guillestre<\/div><div class=\"group-dates\"><div class=\"field-dates\">Van <span class=\"day\">17<\/span><span class=\"month\"> okt.<\/span> om <span class=\"hour\">8h<\/span> tot <span class=\"day\">19<\/span><span class=\"month\"> okt.<\/span><\/div><\/div><div class=\"field-title\">Foire de la Saint-Luc<\/div><\/div><div class=\"field-link\"><a href=\"https:\/\/www.hautes-alpes.net\/nl\/fiche\/foire-de-la-saint-luc-6\/\" class=\"cardlink\">Foire de la Saint-Luc<\/a><\/div><\/div><\/div><div class=\"item\" ><div class=\"card card-apidae card-agenda post-type-apidae\"><div class=\"group-top\"><div class=\"field-fete-cat\">Maaltijd georganiseerd door een vereniging<\/div><\/div><div class=\"group-media\"><div class=\"field-image\"><img decoding=\"async\" src=\"https:\/\/images.weserv.nl\/?url=https:\/\/static.apidae-tourisme.com\/filestore\/objets-touristiques\/images\/85\/180\/35042389-diaporama.jpg&#038;w=550&#038;h=350&#038;fit=cover&#038;output=webp&#038;q=45\" alt=\"Soir\u00e9e polenta\"\/><\/div><\/div><div class=\"group-content\"><div class=\"field-commune\">Guillestre<\/div><div class=\"group-dates\" role=\"group\" aria-label=\"Data van het evenement\"><div class=\"field-dates ws-apidae-date-coming\" role=\"group\" aria-label=\"Openingsdatum\"><time datetime=\"2026-10-17\" lang=\"nl\">Op <span class=\"day\">17<\/span><span class=\"month\"> okt.<\/span> om <span class=\"hour\">20h<\/span><\/time><\/div><\/div><div class=\"field-title\">Soir\u00e9e polenta<\/div><\/div><div class=\"field-link\"><a href=\"https:\/\/www.hautes-alpes.net\/nl\/fiche\/soiree-polenta-6\/\" class=\"cardlink\">Soir\u00e9e polenta<\/a><\/div><\/div><\/div><div class=\"item\" ><div class=\"card card-apidae card-agenda post-type-apidae\"><div class=\"group-top\"><\/div><div class=\"group-media\"><div class=\"field-image\"><img decoding=\"async\" src=\"https:\/\/images.weserv.nl\/?url=https:\/\/static.apidae-tourisme.com\/filestore\/objets-touristiques\/images\/113\/249\/42400113-diaporama.jpg&#038;w=550&#038;h=350&#038;fit=cover&#038;output=webp&#038;q=45\" alt=\"Terreur in Le D\u00e9voluy\"\/><\/div><\/div><div class=\"group-content\"><div class=\"field-commune\">D\u00e9voluy<\/div><div class=\"group-dates\"><div class=\"field-dates\">Van <span class=\"day\">17<\/span><span class=\"month\"> okt.<\/span> tot <span class=\"day\">01<\/span><span class=\"month\"> nov.<\/span><\/div><\/div><div class=\"field-title\">Terreur in Le D\u00e9voluy<\/div><div class=\"field-description\">Ook dit jaar neemt Halloween weer bezit van Le D\u00e9voluy om je de stuipen op het lijf te jagen! Tijdens je vakantie kun je&#8230;<\/div><\/div><div class=\"field-link\"><a href=\"https:\/\/www.hautes-alpes.net\/nl\/fiche\/terreur-in-le-devoluy\/\" class=\"cardlink\">Terreur in Le D\u00e9voluy<\/a><\/div><\/div><\/div><div class=\"item\" ><div class=\"card card-apidae card-agenda post-type-apidae\"><div class=\"group-top\"><div class=\"field-fete-cat\">Bijeenkomst<\/div><\/div><div class=\"group-media\"><div class=\"field-image\"><img decoding=\"async\" src=\"https:\/\/images.weserv.nl\/?url=https:\/\/static.apidae-tourisme.com\/filestore\/objets-touristiques\/images\/9\/229\/19391753-diaporama.jpg&#038;w=550&#038;h=350&#038;fit=cover&#038;output=webp&#038;q=45\" alt=\"Sacr\u00e9e M\u00e9ouge, La M\u00e9ouge sans moteur - 18\u00e8me \u00e9dition\"\/><\/div><\/div><div class=\"group-content\"><div class=\"field-commune\">Val Bu\u00ebch-M\u00e9ouge<\/div><div class=\"group-dates\" role=\"group\" aria-label=\"Data van het evenement\"><div class=\"field-dates ws-apidae-date-coming\" role=\"group\" aria-label=\"Openingsdatum\"><time datetime=\"2026-10-18\" lang=\"nl\">Op <span class=\"day\">18<\/span><span class=\"month\"> okt.<\/span> van <span class=\"hour\">10h<\/span> tot <span class=\"hour\">20h<\/span><\/time><\/div><\/div><div class=\"field-title\">Sacr\u00e9e M\u00e9ouge, La M\u00e9ouge sans moteur - 18\u00e8me \u00e9dition<\/div><\/div><div class=\"field-link\"><a href=\"https:\/\/www.hautes-alpes.net\/nl\/fiche\/sacree-meouge-la-meouge-sans-moteur-18eme-edition-6\/\" class=\"cardlink\">Sacr\u00e9e M\u00e9ouge, La M\u00e9ouge sans moteur - 18\u00e8me \u00e9dition<\/a><\/div><\/div><\/div><div class=\"item\" ><div class=\"card card-apidae card-agenda post-type-apidae\"><div class=\"group-top\"><div class=\"field-fete-cat\">Sportwedstrijd<\/div><\/div><div class=\"group-media\"><div class=\"field-image\"><img decoding=\"async\" src=\"https:\/\/images.weserv.nl\/?url=https:\/\/static.apidae-tourisme.com\/filestore\/objets-touristiques\/images\/39\/238\/39972391-diaporama.jpg&#038;w=550&#038;h=350&#038;fit=cover&#038;output=webp&#038;q=45\" alt=\"10\u00e8me Trail du Fourchat\"\/><\/div><\/div><div class=\"group-content\"><div class=\"field-commune\">Rosans<\/div><div class=\"group-dates\" role=\"group\" aria-label=\"Data van het evenement\"><div class=\"field-dates ws-apidae-date-coming\" role=\"group\" aria-label=\"Openingsdatum\"><time datetime=\"2026-10-18\" lang=\"nl\">Op <span class=\"day\">18<\/span><span class=\"month\"> okt.<\/span><\/time><\/div><\/div><div class=\"field-title\">10\u00e8me Trail du Fourchat<\/div><\/div><div class=\"field-link\"><a href=\"https:\/\/www.hautes-alpes.net\/nl\/fiche\/10eme-trail-du-fourchat-6\/\" class=\"cardlink\">10\u00e8me Trail du Fourchat<\/a><\/div><\/div><\/div><div class=\"item\" ><div class=\"card card-apidae card-agenda post-type-apidae\"><div class=\"group-top\"><div class=\"field-fete-cat\">Bezoek met gids en\/of commentaar<\/div><\/div><div class=\"group-media\"><div class=\"field-image\"><img decoding=\"async\" src=\"https:\/\/images.weserv.nl\/?url=https:\/\/static.apidae-tourisme.com\/filestore\/objets-touristiques\/images\/6\/19\/40375046-diaporama.png&#038;w=550&#038;h=350&#038;fit=cover&#038;output=webp&#038;q=45\" alt=\"L&#8217;amour du risque ! Journ\u00e9e de la r\u00e9silience ( Les demoiselles coiff\u00e9es de Th\u00e9us )\"\/><\/div><\/div><div class=\"group-content\"><div class=\"field-commune\">Th\u00e9us<\/div><div class=\"group-dates\" role=\"group\" aria-label=\"Data van het evenement\"><div class=\"field-dates ws-apidae-date-coming\" role=\"group\" aria-label=\"Openingsdatum\"><time datetime=\"2026-10-18\" lang=\"nl\">Op <span class=\"day\">18<\/span><span class=\"month\"> okt.<\/span> van <span class=\"hour\">10h<\/span> tot <span class=\"hour\">15h<\/span><\/time><\/div><\/div><div class=\"field-title\">L&#8217;amour du risque ! Journ\u00e9e de la r\u00e9silience ( Les demoiselles coiff\u00e9es de Th\u00e9us )<\/div><\/div><div class=\"field-link\"><a href=\"https:\/\/www.hautes-alpes.net\/nl\/fiche\/lamour-du-risque-journee-de-la-resilience-les-demoiselles-coiffees-de-theus-5\/\" class=\"cardlink\">L&#8217;amour du risque ! Journ\u00e9e de la r\u00e9silience ( Les demoiselles coiff\u00e9es de Th\u00e9us )<\/a><\/div><\/div><\/div><div class=\"item\" ><div class=\"card card-apidae card-agenda post-type-apidae\"><div class=\"group-top\"><div class=\"field-fete-cat\">Traditioneel feest<\/div><\/div><div class=\"group-media\"><div class=\"field-image\"><img decoding=\"async\" src=\"https:\/\/images.weserv.nl\/?url=https:\/\/static.apidae-tourisme.com\/filestore\/objets-touristiques\/images\/79\/255\/42205007-diaporama.jpg&#038;w=550&#038;h=350&#038;fit=cover&#038;output=webp&#038;q=45\" alt=\"F\u00eate mycologique\"\/><\/div><\/div><div class=\"group-content\"><div class=\"field-commune\">Serres<\/div><div class=\"group-dates\" role=\"group\" aria-label=\"Data van het evenement\"><div class=\"field-dates ws-apidae-date-coming\" role=\"group\" aria-label=\"Openingsdatum\"><time datetime=\"2026-10-18\" lang=\"nl\">Op <span class=\"day\">18<\/span><span class=\"month\"> okt.<\/span><\/time><\/div><\/div><div class=\"field-title\">F\u00eate mycologique<\/div><\/div><div class=\"field-link\"><a href=\"https:\/\/www.hautes-alpes.net\/nl\/fiche\/fete-mycologique-6\/\" class=\"cardlink\">F\u00eate mycologique<\/a><\/div><\/div><\/div><div class=\"item\" ><div class=\"card card-apidae card-agenda post-type-apidae\"><div class=\"group-top\"><div class=\"field-fete-cat\">Concert<\/div><\/div><div class=\"group-media\"><div class=\"field-image\"><img decoding=\"async\" src=\"https:\/\/images.weserv.nl\/?url=https:\/\/static.apidae-tourisme.com\/filestore\/objets-touristiques\/images\/59\/140\/38243387-diaporama.jpg&#038;w=550&#038;h=350&#038;fit=cover&#038;output=webp&#038;q=45\" alt=\"Brel ! Le Spectacle\"\/><\/div><\/div><div class=\"group-content\"><div class=\"field-commune\">Gap<\/div><div class=\"group-dates\" role=\"group\" aria-label=\"Data van het evenement\"><div class=\"field-dates ws-apidae-date-coming\" role=\"group\" aria-label=\"Openingsdatum\"><time datetime=\"2026-10-20\" lang=\"nl\">Op <span class=\"day\">20<\/span><span class=\"month\"> okt.<\/span><\/time><\/div><\/div><div class=\"field-title\">Brel ! Le Spectacle<\/div><\/div><div class=\"field-link\"><a href=\"https:\/\/www.hautes-alpes.net\/nl\/fiche\/brel-le-spectacle-6\/\" class=\"cardlink\">Brel ! Le Spectacle<\/a><\/div><\/div><\/div><div class=\"item\" ><div class=\"card card-apidae card-agenda post-type-apidae\"><div class=\"group-top\"><div class=\"field-fete-cat\">Bezoek met gids en\/of commentaar<\/div><\/div><div class=\"group-media\"><div class=\"field-image\"><img decoding=\"async\" src=\"https:\/\/images.weserv.nl\/?url=https:\/\/static.apidae-tourisme.com\/filestore\/objets-touristiques\/images\/242\/162\/30384882-diaporama.jpg&#038;w=550&#038;h=350&#038;fit=cover&#038;output=webp&#038;q=45\" alt=\"Visite guid\u00e9e peintures murales de Plampinet\"\/><\/div><\/div><div class=\"group-content\"><div class=\"field-commune\">N\u00e9vache<\/div><div class=\"group-dates\" role=\"group\" aria-label=\"Data van het evenement\"><div class=\"field-dates ws-apidae-date-coming\" role=\"group\" aria-label=\"Openingsdatum\"><time datetime=\"2026-10-21\" lang=\"nl\">Op <span class=\"day\">21<\/span><span class=\"month\"> okt.<\/span> van <span class=\"hour\">17h<\/span> tot <span class=\"hour\">18h<\/span><\/time><\/div><div class=\"field-moredates ws-apidae-moredates\" role=\"group\" aria-label=\"Komende data\"><div class=\"moredates\"><div class=\"inner-wrapper\"><span class=\"moredates-label\">Komende data :<\/span><ul class=\"moredates-list\"><li><time datetime=\"2026-10-28\" lang=\"nl\">Op <span class=\"day\">28<\/span><span class=\"month\"> oktober<\/span> van <span class=\"hour\">17h<\/span> tot <span class=\"hour\">18h<\/span><\/time><\/li><\/ul><\/div><\/div><\/div><\/div><div class=\"field-title\">Visite guid\u00e9e peintures murales de Plampinet<\/div><\/div><div class=\"field-link\"><a href=\"https:\/\/www.hautes-alpes.net\/nl\/fiche\/visite-guidee-peintures-murales-de-plampinet-6\/\" class=\"cardlink\">Visite guid\u00e9e peintures murales de Plampinet<\/a><\/div><\/div><\/div><div class=\"item\" ><div class=\"card card-apidae card-agenda post-type-apidae\"><div class=\"group-top\"><div class=\"field-fete-cat\">Bezoek met gids en\/of commentaar<\/div><\/div><div class=\"group-media\"><div class=\"field-image\"><img decoding=\"async\" src=\"https:\/\/images.weserv.nl\/?url=https:\/\/static.apidae-tourisme.com\/filestore\/objets-touristiques\/images\/11\/176\/34975755-diaporama.jpg&#038;w=550&#038;h=350&#038;fit=cover&#038;output=webp&#038;q=45\" alt=\"Visite guid\u00e9e de l&#8217;architecture rurale de N\u00e9vache\"\/><\/div><\/div><div class=\"group-content\"><div class=\"field-commune\">N\u00e9vache<\/div><div class=\"group-dates\" role=\"group\" aria-label=\"Data van het evenement\"><div class=\"field-dates ws-apidae-date-coming\" role=\"group\" aria-label=\"Openingsdatum\"><time datetime=\"2026-10-21\" lang=\"nl\">Op <span class=\"day\">21<\/span><span class=\"month\"> okt.<\/span> van <span class=\"hour\">15h30<\/span> tot <span class=\"hour\">17h<\/span><\/time><\/div><div class=\"field-moredates ws-apidae-moredates\" role=\"group\" aria-label=\"Komende data\"><div class=\"moredates\"><div class=\"inner-wrapper\"><span class=\"moredates-label\">Komende data :<\/span><ul class=\"moredates-list\"><li><time datetime=\"2026-10-28\" lang=\"nl\">Op <span class=\"day\">28<\/span><span class=\"month\"> oktober<\/span> van <span class=\"hour\">15h30<\/span> tot <span class=\"hour\">17h<\/span><\/time><\/li><\/ul><\/div><\/div><\/div><\/div><div class=\"field-title\">Visite guid\u00e9e de l&#8217;architecture rurale de N\u00e9vache<\/div><\/div><div class=\"field-link\"><a href=\"https:\/\/www.hautes-alpes.net\/nl\/fiche\/visite-guidee-de-larchitecture-rurale-de-nevache-4\/\" class=\"cardlink\">Visite guid\u00e9e de l&#8217;architecture rurale de N\u00e9vache<\/a><\/div><\/div><\/div><div class=\"item\" ><div class=\"card card-apidae card-agenda post-type-apidae\"><div class=\"group-top\"><div class=\"field-fete-cat\">Bezoek met gids en\/of commentaar<\/div><\/div><div class=\"group-media\"><div class=\"field-image\"><img decoding=\"async\" src=\"https:\/\/images.weserv.nl\/?url=https:\/\/static.apidae-tourisme.com\/filestore\/objets-touristiques\/images\/64\/238\/30142016-diaporama.jpg&#038;w=550&#038;h=350&#038;fit=cover&#038;output=webp&#038;q=45\" alt=\"Visite guid\u00e9e : Villas et tombeaux d&#8217;Aiguilles\"\/><\/div><\/div><div class=\"group-content\"><div class=\"field-commune\">Aiguilles<\/div><div class=\"group-dates\" role=\"group\" aria-label=\"Data van het evenement\"><div class=\"field-dates ws-apidae-date-coming\" role=\"group\" aria-label=\"Openingsdatum\"><time datetime=\"2026-10-22\" lang=\"nl\">Op <span class=\"day\">22<\/span><span class=\"month\"> okt.<\/span> van <span class=\"hour\">14h30<\/span> tot <span class=\"hour\">16h<\/span><\/time><\/div><div class=\"field-moredates ws-apidae-moredates\" role=\"group\" aria-label=\"Komende data\"><div class=\"moredates\"><div class=\"inner-wrapper\"><span class=\"moredates-label\">Komende data :<\/span><ul class=\"moredates-list\"><li><time datetime=\"2026-10-29\" lang=\"nl\">Op <span class=\"day\">29<\/span><span class=\"month\"> oktober<\/span> van <span class=\"hour\">14h30<\/span> tot <span class=\"hour\">16h<\/span><\/time><\/li><\/ul><\/div><\/div><\/div><\/div><div class=\"field-title\">Visite guid\u00e9e : Villas et tombeaux d&#8217;Aiguilles<\/div><div class=\"field-description\">Monumentale graven, priv\u00e9kapellen en standbeelden&#8230; Deze mausolea op het kerkhof van de Aiguilles zijn die van de &#8221;Amerikanen&#8221;: de Aiguillons die ver weg fortuin&#8230;<\/div><\/div><div class=\"field-link\"><a href=\"https:\/\/www.hautes-alpes.net\/nl\/fiche\/visite-guidee-villas-et-tombeaux-daiguilles-5\/\" class=\"cardlink\">Visite guid\u00e9e : Villas et tombeaux d&#8217;Aiguilles<\/a><\/div><\/div><\/div><div class=\"item\" ><div class=\"card card-apidae card-agenda post-type-apidae\"><div class=\"group-top\"><\/div><div class=\"group-media\"><div class=\"field-image\"><img decoding=\"async\" src=\"https:\/\/images.weserv.nl\/?url=https:\/\/static.apidae-tourisme.com\/filestore\/objets-touristiques\/images\/255\/166\/41854719-diaporama.jpg&#038;w=550&#038;h=350&#038;fit=cover&#038;output=webp&#038;q=45\" alt=\"Cols r\u00e9serv\u00e9s aux cyclistes  - Col du Granon\"\/><\/div><\/div><div class=\"group-content\"><div class=\"field-commune\">Saint-Chaffrey<\/div><div class=\"group-dates\" role=\"group\" aria-label=\"Data van het evenement\"><div class=\"field-dates ws-apidae-date-coming\" role=\"group\" aria-label=\"Openingsdatum\"><time datetime=\"2026-10-22\" lang=\"nl\">Op <span class=\"day\">22<\/span><span class=\"month\"> okt.<\/span> van <span class=\"hour\">9h<\/span> tot <span class=\"hour\">12h<\/span><\/time><\/div><\/div><div class=\"field-title\">Cols r\u00e9serv\u00e9s aux cyclistes  - Col du Granon<\/div><\/div><div class=\"field-link\"><a href=\"https:\/\/www.hautes-alpes.net\/nl\/fiche\/cols-reserves-aux-cyclistes-col-du-granon-4\/\" class=\"cardlink\">Cols r\u00e9serv\u00e9s aux cyclistes  - Col du Granon<\/a><\/div><\/div><\/div><div class=\"item\" ><div class=\"card card-apidae card-agenda post-type-apidae\"><div class=\"group-top\"><div class=\"field-fete-cat\">Concert<\/div><\/div><div class=\"group-media\"><div class=\"field-image\"><img decoding=\"async\" src=\"https:\/\/images.weserv.nl\/?url=https:\/\/static.apidae-tourisme.com\/filestore\/objets-touristiques\/images\/44\/247\/41088812-diaporama.jpg&#038;w=550&#038;h=350&#038;fit=cover&#038;output=webp&#038;q=45\" alt=\"La dynastie \u00ab Bach \u00bb : Deux si\u00e8cles de musique\"\/><\/div><\/div><div class=\"group-content\"><div class=\"field-commune\">Embrun<\/div><div class=\"group-dates\" role=\"group\" aria-label=\"Data van het evenement\"><div class=\"field-dates ws-apidae-date-coming\" role=\"group\" aria-label=\"Openingsdatum\"><time datetime=\"2026-10-23\" lang=\"nl\">Op <span class=\"day\">23<\/span><span class=\"month\"> okt.<\/span> van <span class=\"hour\">18h<\/span> tot <span class=\"hour\">19h30<\/span><\/time><\/div><\/div><div class=\"field-title\">La dynastie \u00ab Bach \u00bb : Deux si\u00e8cles de musique<\/div><\/div><div class=\"field-link\"><a href=\"https:\/\/www.hautes-alpes.net\/nl\/fiche\/la-dynastie-bach-deux-siecles-de-musique-6\/\" class=\"cardlink\">La dynastie \u00ab Bach \u00bb : Deux si\u00e8cles de musique<\/a><\/div><\/div><\/div><div class=\"item\" ><div class=\"card card-apidae card-agenda post-type-apidae\"><div class=\"group-top\"><div class=\"field-fete-cat\">Bijeenkomst<\/div><\/div><div class=\"group-media\"><div class=\"field-image\"><img decoding=\"async\" src=\"https:\/\/images.weserv.nl\/?url=https:\/\/static.apidae-tourisme.com\/filestore\/objets-touristiques\/images\/2\/199\/37472002-diaporama.jpg&#038;w=550&#038;h=350&#038;fit=cover&#038;output=webp&#038;q=45\" alt=\"10\u00e8me f\u00eate des santons, artisanat et gourmandises\"\/><\/div><\/div><div class=\"group-content\"><div class=\"field-commune\">Serres<\/div><div class=\"group-dates\"><div class=\"field-dates\">Van <span class=\"day\">24<\/span><span class=\"month\"> okt.<\/span> tot <span class=\"day\">25<\/span><span class=\"month\"> okt.<\/span><\/div><\/div><div class=\"field-title\">10\u00e8me f\u00eate des santons, artisanat et gourmandises<\/div><\/div><div class=\"field-link\"><a href=\"https:\/\/www.hautes-alpes.net\/nl\/fiche\/10eme-fete-des-santons-artisanat-et-gourmandises-6\/\" class=\"cardlink\">10\u00e8me f\u00eate des santons, artisanat et gourmandises<\/a><\/div><\/div><\/div><div class=\"item\" ><div class=\"card card-apidae card-agenda post-type-apidae\"><div class=\"group-top\"><div class=\"field-fete-cat\">Traditioneel feest<\/div><\/div><div class=\"group-media\"><div class=\"field-image\"><img decoding=\"async\" src=\"https:\/\/images.weserv.nl\/?url=https:\/\/static.apidae-tourisme.com\/filestore\/objets-touristiques\/images\/33\/255\/8388385-diaporama.jpg&#038;w=550&#038;h=350&#038;fit=cover&#038;output=webp&#038;q=45\" alt=\"24\u00e8me March\u00e9 aux Fruits Anciens\"\/><\/div><\/div><div class=\"group-content\"><div class=\"field-commune\">Orpierre<\/div><div class=\"group-dates\" role=\"group\" aria-label=\"Data van het evenement\"><div class=\"field-dates ws-apidae-date-coming\" role=\"group\" aria-label=\"Openingsdatum\"><time datetime=\"2026-10-24\" lang=\"nl\">Op <span class=\"day\">24<\/span><span class=\"month\"> okt.<\/span> van <span class=\"hour\">9h<\/span> tot <span class=\"hour\">17h<\/span><\/time><\/div><\/div><div class=\"field-title\">24\u00e8me March\u00e9 aux Fruits Anciens<\/div><\/div><div class=\"field-link\"><a href=\"https:\/\/www.hautes-alpes.net\/nl\/fiche\/24eme-marche-aux-fruits-anciens-6\/\" class=\"cardlink\">24\u00e8me March\u00e9 aux Fruits Anciens<\/a><\/div><\/div><\/div><div class=\"item\" ><div class=\"card card-apidae card-agenda post-type-apidae\"><div class=\"group-top\"><div class=\"field-fete-cat\">Artistieke uitvoering<\/div><\/div><div class=\"group-media\"><div class=\"field-image\"><img decoding=\"async\" src=\"https:\/\/images.weserv.nl\/?url=https:\/\/static.apidae-tourisme.com\/filestore\/objets-touristiques\/images\/6\/29\/41884934-diaporama.jpg&#038;w=550&#038;h=350&#038;fit=cover&#038;output=webp&#038;q=45\" alt=\"Balade cont\u00e9e \u00e0 Puy-Saint-Pierre\"\/><\/div><\/div><div class=\"group-content\"><div class=\"field-commune\">Puy-Saint-Pierre<\/div><div class=\"group-dates\" role=\"group\" aria-label=\"Data van het evenement\"><div class=\"field-dates ws-apidae-date-coming\" role=\"group\" aria-label=\"Openingsdatum\"><time datetime=\"2026-10-27\" lang=\"nl\">Op <span class=\"day\">27<\/span><span class=\"month\"> okt.<\/span> van <span class=\"hour\">14h30<\/span> tot <span class=\"hour\">17h<\/span><\/time><\/div><div class=\"field-moredates ws-apidae-moredates\" role=\"group\" aria-label=\"Komende data\"><div class=\"moredates\"><div class=\"inner-wrapper\"><span class=\"moredates-label\">Komende data :<\/span><ul class=\"moredates-list\"><li><time datetime=\"2026-10-30\" lang=\"nl\">Op <span class=\"day\">30<\/span><span class=\"month\"> oktober<\/span> van <span class=\"hour\">14h30<\/span> tot <span class=\"hour\">17h<\/span><\/time><\/li><\/ul><\/div><\/div><\/div><\/div><div class=\"field-title\">Balade cont\u00e9e \u00e0 Puy-Saint-Pierre<\/div><\/div><div class=\"field-link\"><a href=\"https:\/\/www.hautes-alpes.net\/nl\/fiche\/balade-contee-a-puy-saint-pierre-6\/\" class=\"cardlink\">Balade cont\u00e9e \u00e0 Puy-Saint-Pierre<\/a><\/div><\/div><\/div><div class=\"item\" ><div class=\"card card-apidae card-agenda post-type-apidae\"><div class=\"group-top\"><div class=\"field-fete-cat\">Artistieke uitvoering<\/div><\/div><div class=\"group-media\"><div class=\"field-image\"><img decoding=\"async\" src=\"https:\/\/images.weserv.nl\/?url=https:\/\/static.apidae-tourisme.com\/filestore\/objets-touristiques\/images\/146\/124\/42106002-diaporama.jpg&#038;w=550&#038;h=350&#038;fit=cover&#038;output=webp&#038;q=45\" alt=\"&#8221;La toute petite&#8221; : Balade cont\u00e9e pour les enfants\"\/><\/div><\/div><div class=\"group-content\"><div class=\"field-commune\">Puy-Saint-Pierre<\/div><div class=\"group-dates\" role=\"group\" aria-label=\"Data van het evenement\"><div class=\"field-dates ws-apidae-date-coming\" role=\"group\" aria-label=\"Openingsdatum\"><time datetime=\"2026-10-28\" lang=\"nl\">Op <span class=\"day\">28<\/span><span class=\"month\"> okt.<\/span> van <span class=\"hour\">15h30<\/span> tot <span class=\"hour\">17h30<\/span><\/time><\/div><div class=\"field-moredates ws-apidae-moredates\" role=\"group\" aria-label=\"Komende data\"><div class=\"moredates\"><div class=\"inner-wrapper\"><span class=\"moredates-label\">Komende data :<\/span><ul class=\"moredates-list\"><li><time datetime=\"2026-11-01\" lang=\"nl\">Op <span class=\"day\">01<\/span><span class=\"month\"> november<\/span> van <span class=\"hour\">10h<\/span> tot <span class=\"hour\">12h<\/span><\/time><\/li><\/ul><\/div><\/div><\/div><\/div><div class=\"field-title\">&#8221;La toute petite&#8221; : Balade cont\u00e9e pour les enfants<\/div><\/div><div class=\"field-link\"><a href=\"https:\/\/www.hautes-alpes.net\/nl\/fiche\/la-toute-petite-balade-contee-pour-les-enfants-6\/\" class=\"cardlink\">&#8221;La toute petite&#8221; : Balade cont\u00e9e pour les enfants<\/a><\/div><\/div><\/div><div class=\"item\" ><div class=\"card card-apidae card-agenda post-type-apidae\"><div class=\"group-top\"><div class=\"field-fete-cat\">Concert<\/div><\/div><div class=\"group-media\"><div class=\"field-image\"><img decoding=\"async\" src=\"https:\/\/images.weserv.nl\/?url=https:\/\/static.apidae-tourisme.com\/filestore\/objets-touristiques\/images\/110\/140\/38243438-diaporama.jpg&#038;w=550&#038;h=350&#038;fit=cover&#038;output=webp&#038;q=45\" alt=\"Jean-Baptiste Guegan\"\/><\/div><\/div><div class=\"group-content\"><div class=\"field-commune\">Gap<\/div><div class=\"group-dates\" role=\"group\" aria-label=\"Data van het evenement\"><div class=\"field-dates ws-apidae-date-coming\" role=\"group\" aria-label=\"Openingsdatum\"><time datetime=\"2026-10-29\" lang=\"nl\">Op <span class=\"day\">29<\/span><span class=\"month\"> okt.<\/span><\/time><\/div><\/div><div class=\"field-title\">Jean-Baptiste Guegan<\/div><\/div><div class=\"field-link\"><a href=\"https:\/\/www.hautes-alpes.net\/nl\/fiche\/jean-baptiste-guegan-6\/\" class=\"cardlink\">Jean-Baptiste Guegan<\/a><\/div><\/div><\/div><div class=\"item\" ><div class=\"card card-apidae card-agenda post-type-apidae\"><div class=\"group-top\"><\/div><div class=\"group-media\"><div class=\"field-image\"><img decoding=\"async\" src=\"https:\/\/images.weserv.nl\/?url=https:\/\/static.apidae-tourisme.com\/filestore\/objets-touristiques\/images\/66\/32\/42410050-diaporama.jpg&#038;w=550&#038;h=350&#038;fit=cover&#038;output=webp&#038;q=45\" alt=\"Halloween Baln\u00e9o Party au centre O&#8217;dyc\u00e9a\"\/><\/div><\/div><div class=\"group-content\"><div class=\"field-commune\">La Joue du Loup<\/div><div class=\"group-dates\" role=\"group\" aria-label=\"Data van het evenement\"><div class=\"field-dates ws-apidae-date-coming\" role=\"group\" aria-label=\"Openingsdatum\"><time datetime=\"2026-10-29\" lang=\"nl\">Op <span class=\"day\">29<\/span><span class=\"month\"> okt.<\/span> van <span class=\"hour\">20h<\/span> tot <span class=\"hour\">23h<\/span><\/time><\/div><\/div><div class=\"field-title\">Halloween Baln\u00e9o Party au centre O&#8217;dyc\u00e9a<\/div><div class=\"field-description\">Voor deze editie organiseert O\u2019dyc\u00e9a een meeslepende en artistieke wellnessavond, waarbij de locatie drie uur lang een heel andere uitstraling krijgt. De gasten kunnen&#8230;<\/div><\/div><div class=\"field-link\"><a href=\"https:\/\/www.hautes-alpes.net\/nl\/fiche\/halloween-balneo-party-au-centre-odycea-6\/\" class=\"cardlink\">Halloween Baln\u00e9o Party au centre O&#8217;dyc\u00e9a<\/a><\/div><\/div><\/div><div class=\"item\" ><div class=\"card card-apidae card-agenda post-type-apidae\"><div class=\"group-top\"><\/div><div class=\"group-media\"><div class=\"field-image\"><img decoding=\"async\" src=\"https:\/\/images.weserv.nl\/?url=https:\/\/static.apidae-tourisme.com\/filestore\/objets-touristiques\/images\/244\/166\/41854708-diaporama.jpg&#038;w=550&#038;h=350&#038;fit=cover&#038;output=webp&#038;q=45\" alt=\"Cols r\u00e9serv\u00e9s aux cyclistes - Col du Granon\"\/><\/div><\/div><div class=\"group-content\"><div class=\"field-commune\">Saint-Chaffrey<\/div><div class=\"group-dates\" role=\"group\" aria-label=\"Data van het evenement\"><div class=\"field-dates ws-apidae-date-coming\" role=\"group\" aria-label=\"Openingsdatum\"><time datetime=\"2026-10-29\" lang=\"nl\">Op <span class=\"day\">29<\/span><span class=\"month\"> okt.<\/span> van <span class=\"hour\">9h<\/span> tot <span class=\"hour\">12h<\/span><\/time><\/div><\/div><div class=\"field-title\">Cols r\u00e9serv\u00e9s aux cyclistes - Col du Granon<\/div><\/div><div class=\"field-link\"><a href=\"https:\/\/www.hautes-alpes.net\/nl\/fiche\/cols-reserves-aux-cyclistes-col-du-granon-5\/\" class=\"cardlink\">Cols r\u00e9serv\u00e9s aux cyclistes - Col du Granon<\/a><\/div><\/div><\/div><div class=\"item\" ><div class=\"card card-apidae card-agenda post-type-apidae\"><div class=\"group-top\"><div class=\"field-fete-cat\">Voorstelling<\/div><\/div><div class=\"group-media\"><div class=\"field-image\"><img decoding=\"async\" src=\"https:\/\/images.weserv.nl\/?url=https:\/\/static.apidae-tourisme.com\/filestore\/objets-touristiques\/images\/153\/70\/40715929-diaporama.jpg&#038;w=550&#038;h=350&#038;fit=cover&#038;output=webp&#038;q=45\" alt=\"Conf\u00e9rence &#8221;M\u00e9moires de charbonniers&#8221;\"\/><\/div><\/div><div class=\"group-content\"><div class=\"field-commune\">Garde-Colombe<\/div><div class=\"group-dates\" role=\"group\" aria-label=\"Data van het evenement\"><div class=\"field-dates ws-apidae-date-coming\" role=\"group\" aria-label=\"Openingsdatum\"><time datetime=\"2026-10-30\" lang=\"nl\">Op <span class=\"day\">30<\/span><span class=\"month\"> okt.<\/span> om <span class=\"hour\">16h<\/span><\/time><\/div><\/div><div class=\"field-title\">Conf\u00e9rence &#8221;M\u00e9moires de charbonniers&#8221;<\/div><\/div><div class=\"field-link\"><a href=\"https:\/\/www.hautes-alpes.net\/nl\/fiche\/conference-memoires-de-charbonniers-6\/\" class=\"cardlink\">Conf\u00e9rence &#8221;M\u00e9moires de charbonniers&#8221;<\/a><\/div><\/div><\/div><div class=\"item\" ><div class=\"card card-apidae card-agenda post-type-apidae\"><div class=\"group-top\"><div class=\"field-fete-cat\">Artistieke uitvoering<\/div><\/div><div class=\"group-media\"><div class=\"field-image\"><img decoding=\"async\" src=\"https:\/\/images.weserv.nl\/?url=https:\/\/static.apidae-tourisme.com\/filestore\/objets-touristiques\/images\/235\/11\/41880555-diaporama.jpg&#038;w=550&#038;h=350&#038;fit=cover&#038;output=webp&#038;q=45\" alt=\"Makbeth\"\/><\/div><\/div><div class=\"group-content\"><div class=\"field-commune\">Gap<\/div><div class=\"group-dates\" role=\"group\" aria-label=\"Data van het evenement\"><div class=\"field-dates ws-apidae-date-coming\" role=\"group\" aria-label=\"Openingsdatum\"><time datetime=\"2026-11-03\" lang=\"nl\">Op <span class=\"day\">03<\/span><span class=\"month\"> nov.<\/span> van <span class=\"hour\">20h30<\/span> tot <span class=\"hour\">22h40<\/span><\/time><\/div><div class=\"field-moredates ws-apidae-moredates\" role=\"group\" aria-label=\"Komende data\"><div class=\"moredates\"><div class=\"inner-wrapper\"><span class=\"moredates-label\">Komende data :<\/span><ul class=\"moredates-list\"><li><time datetime=\"2026-11-04\" lang=\"nl\">Op <span class=\"day\">04<\/span><span class=\"month\"> november<\/span> van <span class=\"hour\">20h30<\/span> tot <span class=\"hour\">22h40<\/span><\/time><\/li><\/ul><\/div><\/div><\/div><\/div><div class=\"field-title\">Makbeth<\/div><\/div><div class=\"field-link\"><a href=\"https:\/\/www.hautes-alpes.net\/nl\/fiche\/makbeth-6\/\" class=\"cardlink\">Makbeth<\/a><\/div><\/div><\/div><div class=\"item\" ><div class=\"card card-apidae card-agenda post-type-apidae\"><div class=\"group-top\"><div class=\"field-fete-cat\">Artistieke uitvoering<\/div><\/div><div class=\"group-media\"><div class=\"field-image\"><img decoding=\"async\" src=\"https:\/\/images.weserv.nl\/?url=https:\/\/static.apidae-tourisme.com\/filestore\/objets-touristiques\/images\/78\/12\/41880654-diaporama.jpg&#038;w=550&#038;h=350&#038;fit=cover&#038;output=webp&#038;q=45\" alt=\"Lullaby shot\"\/><\/div><\/div><div class=\"group-content\"><div class=\"field-commune\">Gap<\/div><div class=\"group-dates\" role=\"group\" aria-label=\"Data van het evenement\"><div class=\"field-dates ws-apidae-date-coming\" role=\"group\" aria-label=\"Openingsdatum\"><time datetime=\"2026-11-13\" lang=\"nl\">Op <span class=\"day\">13<\/span><span class=\"month\"> nov.<\/span> van <span class=\"hour\">20h30<\/span> tot <span class=\"hour\">21h30<\/span><\/time><\/div><\/div><div class=\"field-title\">Lullaby shot<\/div><\/div><div class=\"field-link\"><a href=\"https:\/\/www.hautes-alpes.net\/nl\/fiche\/lullaby-shot-6\/\" class=\"cardlink\">Lullaby shot<\/a><\/div><\/div><\/div><div class=\"item\" ><div class=\"card card-apidae card-agenda post-type-apidae\"><div class=\"group-top\"><div class=\"field-fete-cat\">Jaarmarkt of beurs<\/div><\/div><div class=\"group-media\"><div class=\"field-image\"><img decoding=\"async\" src=\"https:\/\/images.weserv.nl\/?url=https:\/\/static.apidae-tourisme.com\/filestore\/objets-touristiques\/images\/99\/159\/42114915-diaporama.jpg&#038;w=550&#038;h=350&#038;fit=cover&#038;output=webp&#038;q=45\" alt=\"Salon du bien-\u00eatre\"\/><\/div><\/div><div class=\"group-content\"><div class=\"field-commune\">Laragne-Mont\u00e9glin<\/div><div class=\"group-dates\"><div class=\"field-dates\">Van <span class=\"day\">14<\/span><span class=\"month\"> nov.<\/span> tot <span class=\"day\">15<\/span><span class=\"month\"> nov.<\/span><\/div><\/div><div class=\"field-title\">Salon du bien-\u00eatre<\/div><\/div><div class=\"field-link\"><a href=\"https:\/\/www.hautes-alpes.net\/nl\/fiche\/salon-du-bien-etre-6\/\" class=\"cardlink\">Salon du bien-\u00eatre<\/a><\/div><\/div><\/div><div class=\"item\" ><div class=\"card card-apidae card-agenda post-type-apidae\"><div class=\"group-top\"><div class=\"field-fete-cat\">Jaarmarkt of beurs<\/div><\/div><div class=\"group-media\"><div class=\"field-image\"><img decoding=\"async\" src=\"https:\/\/images.weserv.nl\/?url=https:\/\/static.apidae-tourisme.com\/filestore\/objets-touristiques\/images\/98\/134\/35489378-diaporama.jpg&#038;w=550&#038;h=350&#038;fit=cover&#038;output=webp&#038;q=45\" alt=\"Foire aux vins et aux produits de pays\"\/><\/div><\/div><div class=\"group-content\"><div class=\"field-commune\">Forest-Saint-Julien<\/div><div class=\"group-dates\" role=\"group\" aria-label=\"Data van het evenement\"><div class=\"field-dates ws-apidae-date-coming\" role=\"group\" aria-label=\"Openingsdatum\"><time datetime=\"2026-11-15\" lang=\"nl\">Op <span class=\"day\">15<\/span><span class=\"month\"> nov.<\/span> van <span class=\"hour\">10h<\/span> tot <span class=\"hour\">18h<\/span><\/time><\/div><\/div><div class=\"field-title\">Foire aux vins et aux produits de pays<\/div><\/div><div class=\"field-link\"><a href=\"https:\/\/www.hautes-alpes.net\/nl\/fiche\/foire-aux-vins-et-aux-produits-de-pays-7\/\" class=\"cardlink\">Foire aux vins et aux produits de pays<\/a><\/div><\/div><\/div><div class=\"item\" ><div class=\"card card-apidae card-agenda post-type-apidae\"><div class=\"group-top\"><div class=\"field-fete-cat\">Artistieke uitvoering<\/div><\/div><div class=\"group-media\"><div class=\"field-image\"><img decoding=\"async\" src=\"https:\/\/images.weserv.nl\/?url=https:\/\/static.apidae-tourisme.com\/filestore\/objets-touristiques\/images\/128\/131\/41976704-diaporama.jpg&#038;w=550&#038;h=350&#038;fit=cover&#038;output=webp&#038;q=45\" alt=\"Bate Fado\"\/><\/div><\/div><div class=\"group-content\"><div class=\"field-commune\">Gap<\/div><div class=\"group-dates\" role=\"group\" aria-label=\"Data van het evenement\"><div class=\"field-dates ws-apidae-date-coming\" role=\"group\" aria-label=\"Openingsdatum\"><time datetime=\"2026-11-17\" lang=\"nl\">Op <span class=\"day\">17<\/span><span class=\"month\"> nov.<\/span> van <span class=\"hour\">20h30<\/span> tot <span class=\"hour\">22h15<\/span><\/time><\/div><\/div><div class=\"field-title\">Bate Fado<\/div><\/div><div class=\"field-link\"><a href=\"https:\/\/www.hautes-alpes.net\/nl\/fiche\/bate-fado-6\/\" class=\"cardlink\">Bate Fado<\/a><\/div><\/div><\/div><div class=\"item\" ><div class=\"card card-apidae card-agenda post-type-apidae\"><div class=\"group-top\"><div class=\"field-fete-cat\">Plaatselijke feesten<\/div><\/div><div class=\"group-media\"><div class=\"field-image\"><img decoding=\"async\" src=\"https:\/\/images.weserv.nl\/?url=https:\/\/static.apidae-tourisme.com\/filestore\/objets-touristiques\/images\/25\/200\/35768345-diaporama.jpg&#038;w=550&#038;h=350&#038;fit=cover&#038;output=webp&#038;q=45\" alt=\"F\u00eate du pain bouilli\"\/><\/div><\/div><div class=\"group-content\"><div class=\"field-commune\">Villar-d&#039;Ar\u00eane<\/div><div class=\"group-dates\"><div class=\"field-dates\">Van <span class=\"day\">20<\/span><span class=\"month\"> nov.<\/span> tot <span class=\"day\">22<\/span><span class=\"month\"> nov.<\/span><\/div><\/div><div class=\"field-title\">F\u00eate du pain bouilli<\/div><\/div><div class=\"field-link\"><a href=\"https:\/\/www.hautes-alpes.net\/nl\/fiche\/fete-du-pain-bouilli-4\/\" class=\"cardlink\">F\u00eate du pain bouilli<\/a><\/div><\/div><\/div><div class=\"item\" ><div class=\"card card-apidae card-agenda post-type-apidae\"><div class=\"group-top\"><\/div><div class=\"group-media\"><div class=\"field-image\"><img decoding=\"async\" src=\"https:\/\/images.weserv.nl\/?url=https:\/\/static.apidae-tourisme.com\/filestore\/objets-touristiques\/images\/67\/48\/42479683-diaporama.jpg&#038;w=550&#038;h=350&#038;fit=cover&#038;output=webp&#038;q=45\" alt=\"Salon des p\u00e9pites agricoles\"\/><\/div><\/div><div class=\"group-content\"><div class=\"field-commune\">La B\u00e2tie-Neuve<\/div><div class=\"group-dates\"><div class=\"field-dates\">Van <span class=\"day\">20<\/span><span class=\"month\"> nov.<\/span> tot <span class=\"day\">22<\/span><span class=\"month\"> nov.<\/span><\/div><\/div><div class=\"field-title\">Salon des p\u00e9pites agricoles<\/div><\/div><div class=\"field-link\"><a href=\"https:\/\/www.hautes-alpes.net\/nl\/fiche\/salon-des-pepites-agricoles-5\/\" class=\"cardlink\">Salon des p\u00e9pites agricoles<\/a><\/div><\/div><\/div><div class=\"item\" ><div class=\"card card-apidae card-agenda post-type-apidae\"><div class=\"group-top\"><div class=\"field-fete-cat\">Artistieke uitvoering<\/div><\/div><div class=\"group-media\"><div class=\"field-image\"><img decoding=\"async\" src=\"https:\/\/images.weserv.nl\/?url=https:\/\/static.apidae-tourisme.com\/filestore\/objets-touristiques\/images\/229\/137\/41912805-diaporama.jpg&#038;w=550&#038;h=350&#038;fit=cover&#038;output=webp&#038;q=45\" alt=\"Les Fleurs de Macchab\u00e9e\"\/><\/div><\/div><div class=\"group-content\"><div class=\"field-commune\">Gap<\/div><div class=\"group-dates\" role=\"group\" aria-label=\"Data van het evenement\"><div class=\"field-dates ws-apidae-date-coming\" role=\"group\" aria-label=\"Openingsdatum\"><time datetime=\"2026-11-21\" lang=\"nl\">Op <span class=\"day\">21<\/span><span class=\"month\"> nov.<\/span> van <span class=\"hour\">14h<\/span> tot <span class=\"hour\">23h<\/span><\/time><\/div><\/div><div class=\"field-title\">Les Fleurs de Macchab\u00e9e<\/div><\/div><div class=\"field-link\"><a href=\"https:\/\/www.hautes-alpes.net\/nl\/fiche\/les-fleurs-de-macchabee-6\/\" class=\"cardlink\">Les Fleurs de Macchab\u00e9e<\/a><\/div><\/div><\/div><div class=\"item\" ><div class=\"card card-apidae card-agenda post-type-apidae\"><div class=\"group-top\"><div class=\"field-fete-cat\">Concert<\/div><\/div><div class=\"group-media\"><div class=\"field-image\"><img decoding=\"async\" src=\"https:\/\/images.weserv.nl\/?url=https:\/\/static.apidae-tourisme.com\/filestore\/objets-touristiques\/images\/150\/111\/42102678-diaporama.png&#038;w=550&#038;h=350&#038;fit=cover&#038;output=webp&#038;q=45\" alt=\"Les Fr\u00e8res Smith\"\/><\/div><\/div><div class=\"group-content\"><div class=\"field-commune\">Gap<\/div><div class=\"group-dates\" role=\"group\" aria-label=\"Data van het evenement\"><div class=\"field-dates ws-apidae-date-coming\" role=\"group\" aria-label=\"Openingsdatum\"><time datetime=\"2026-11-21\" lang=\"nl\">Op <span class=\"day\">21<\/span><span class=\"month\"> nov.<\/span> om <span class=\"hour\">20h30<\/span><\/time><\/div><\/div><div class=\"field-title\">Les Fr\u00e8res Smith<\/div><\/div><div class=\"field-link\"><a href=\"https:\/\/www.hautes-alpes.net\/nl\/fiche\/les-freres-smith-6\/\" class=\"cardlink\">Les Fr\u00e8res Smith<\/a><\/div><\/div><\/div><div class=\"item\" ><div class=\"card card-apidae card-agenda post-type-apidae\"><div class=\"group-top\"><div class=\"field-fete-cat\">Voorstelling<\/div><\/div><div class=\"group-media\"><div class=\"field-image\"><img decoding=\"async\" src=\"https:\/\/images.weserv.nl\/?url=https:\/\/static.apidae-tourisme.com\/filestore\/objets-touristiques\/images\/43\/112\/42102827-diaporama.jpg&#038;w=550&#038;h=350&#038;fit=cover&#038;output=webp&#038;q=45\" alt=\"Secrets de Beatmaker\"\/><\/div><\/div><div class=\"group-content\"><div class=\"field-commune\">Gap<\/div><div class=\"group-dates\" role=\"group\" aria-label=\"Data van het evenement\"><div class=\"field-dates ws-apidae-date-coming\" role=\"group\" aria-label=\"Openingsdatum\"><time datetime=\"2026-11-25\" lang=\"nl\">Op <span class=\"day\">25<\/span><span class=\"month\"> nov.<\/span> van <span class=\"hour\">15h<\/span> tot <span class=\"hour\">15h50<\/span><\/time><\/div><\/div><div class=\"field-title\">Secrets de Beatmaker<\/div><\/div><div class=\"field-link\"><a href=\"https:\/\/www.hautes-alpes.net\/nl\/fiche\/secrets-de-beatmaker-6\/\" class=\"cardlink\">Secrets de Beatmaker<\/a><\/div><\/div><\/div><div class=\"item\" ><div class=\"card card-apidae card-agenda post-type-apidae\"><div class=\"group-top\"><div class=\"field-fete-cat\">Voorstelling \/ Filmprojectie<\/div><\/div><div class=\"group-media\"><div class=\"field-image\"><img decoding=\"async\" src=\"https:\/\/images.weserv.nl\/?url=https:\/\/static.apidae-tourisme.com\/filestore\/objets-touristiques\/images\/60\/222\/42393148-diaporama.jpg&#038;w=550&#038;h=350&#038;fit=cover&#038;output=webp&#038;q=45\" alt=\"18\u00e8mes Rencontres de la Cin\u00e9math\u00e8que de montagne\"\/><\/div><\/div><div class=\"group-content\"><div class=\"field-commune\">Les Orres<\/div><div class=\"group-dates\"><div class=\"field-dates\">Van <span class=\"day\">25<\/span><span class=\"month\"> nov.<\/span> tot <span class=\"day\">28<\/span><span class=\"month\"> nov.<\/span><\/div><\/div><div class=\"field-title\">18\u00e8mes Rencontres de la Cin\u00e9math\u00e8que de montagne<\/div><\/div><div class=\"field-link\"><a href=\"https:\/\/www.hautes-alpes.net\/nl\/fiche\/18emes-rencontres-de-la-cinematheque-de-montagne-5\/\" class=\"cardlink\">18\u00e8mes Rencontres de la Cin\u00e9math\u00e8que de montagne<\/a><\/div><\/div><\/div><div class=\"item\" ><div class=\"card card-apidae card-agenda post-type-apidae\"><div class=\"group-top\"><div class=\"field-fete-cat\">Artistieke uitvoering<\/div><\/div><div class=\"group-media\"><div class=\"field-image\"><img decoding=\"async\" src=\"https:\/\/images.weserv.nl\/?url=https:\/\/static.apidae-tourisme.com\/filestore\/objets-touristiques\/images\/41\/138\/41912873-diaporama.jpg&#038;w=550&#038;h=350&#038;fit=cover&#038;output=webp&#038;q=45\" alt=\"Cataphonie\"\/><\/div><\/div><div class=\"group-content\"><div class=\"field-commune\">Gap<\/div><div class=\"group-dates\" role=\"group\" aria-label=\"Data van het evenement\"><div class=\"field-dates ws-apidae-date-coming\" role=\"group\" aria-label=\"Openingsdatum\"><time datetime=\"2026-11-26\" lang=\"nl\">Op <span class=\"day\">26<\/span><span class=\"month\"> nov.<\/span> van <span class=\"hour\">19h<\/span> tot <span class=\"hour\">20h40<\/span><\/time><\/div><div class=\"field-moredates ws-apidae-moredates\" role=\"group\" aria-label=\"Komende data\"><div class=\"moredates\"><div class=\"inner-wrapper\"><span class=\"moredates-label\">Komende data :<\/span><ul class=\"moredates-list\"><li><time datetime=\"2026-11-27\" lang=\"nl\">Op <span class=\"day\">27<\/span><span class=\"month\"> november<\/span> van <span class=\"hour\">19h<\/span> tot <span class=\"hour\">20h40<\/span><\/time><\/li><\/ul><\/div><\/div><\/div><\/div><div class=\"field-title\">Cataphonie<\/div><\/div><div class=\"field-link\"><a href=\"https:\/\/www.hautes-alpes.net\/nl\/fiche\/cataphonie-6\/\" class=\"cardlink\">Cataphonie<\/a><\/div><\/div><\/div><div class=\"item\" ><div class=\"card card-apidae card-agenda post-type-apidae\"><div class=\"group-top\"><div class=\"field-fete-cat\">Artistieke uitvoering<\/div><\/div><div class=\"group-media\"><div class=\"field-image\"><img decoding=\"async\" src=\"https:\/\/images.weserv.nl\/?url=https:\/\/static.apidae-tourisme.com\/filestore\/objets-touristiques\/images\/98\/145\/41914722-diaporama.jpg&#038;w=550&#038;h=350&#038;fit=cover&#038;output=webp&#038;q=45\" alt=\"Mort d&#8217;une montagne\"\/><\/div><\/div><div class=\"group-content\"><div class=\"field-commune\">La Saulce<\/div><div class=\"group-dates\" role=\"group\" aria-label=\"Data van het evenement\"><div class=\"field-dates ws-apidae-date-coming\" role=\"group\" aria-label=\"Openingsdatum\"><time datetime=\"2026-12-02\" lang=\"nl\">Op <span class=\"day\">02<\/span><span class=\"month\"> dec.<\/span> van <span class=\"hour\">19h<\/span> tot <span class=\"hour\">20h55<\/span><\/time><\/div><\/div><div class=\"field-title\">Mort d&#8217;une montagne<\/div><\/div><div class=\"field-link\"><a href=\"https:\/\/www.hautes-alpes.net\/nl\/fiche\/mort-dune-montagne-6\/\" class=\"cardlink\">Mort d&#8217;une montagne<\/a><\/div><\/div><\/div><div class=\"item\" ><div class=\"card card-apidae card-agenda post-type-apidae\"><div class=\"group-top\"><div class=\"field-fete-cat\">Theater<\/div><\/div><div class=\"group-media\"><div class=\"field-image\"><img decoding=\"async\" src=\"https:\/\/images.weserv.nl\/?url=https:\/\/static.apidae-tourisme.com\/filestore\/objets-touristiques\/images\/157\/11\/42208157-diaporama.jpg&#038;w=550&#038;h=350&#038;fit=cover&#038;output=webp&#038;q=45\" alt=\"Les Excentr\u00e9s de la Passerelle : &#8221;Mort d&#8217;une montagne&#8221;\"\/><\/div><\/div><div class=\"group-content\"><div class=\"field-commune\">Serres<\/div><div class=\"group-dates\" role=\"group\" aria-label=\"Data van het evenement\"><div class=\"field-dates ws-apidae-date-coming\" role=\"group\" aria-label=\"Openingsdatum\"><time datetime=\"2026-12-03\" lang=\"nl\">Op <span class=\"day\">03<\/span><span class=\"month\"> dec.<\/span> om <span class=\"hour\">19h<\/span><\/time><\/div><\/div><div class=\"field-title\">Les Excentr\u00e9s de la Passerelle : &#8221;Mort d&#8217;une montagne&#8221;<\/div><\/div><div class=\"field-link\"><a href=\"https:\/\/www.hautes-alpes.net\/nl\/fiche\/les-excentres-de-la-passerelle-mort-dune-montagne-6\/\" class=\"cardlink\">Les Excentr\u00e9s de la Passerelle : &#8221;Mort d&#8217;une montagne&#8221;<\/a><\/div><\/div><\/div><div class=\"item\" ><div class=\"card card-apidae card-agenda post-type-apidae\"><div class=\"group-top\"><div class=\"field-fete-cat\">Artistieke uitvoering<\/div><\/div><div class=\"group-media\"><div class=\"field-image\"><img decoding=\"async\" src=\"https:\/\/images.weserv.nl\/?url=https:\/\/static.apidae-tourisme.com\/filestore\/objets-touristiques\/images\/206\/145\/41914830-diaporama.jpg&#038;w=550&#038;h=350&#038;fit=cover&#038;output=webp&#038;q=45\" alt=\"Encyclies\"\/><\/div><\/div><div class=\"group-content\"><div class=\"field-commune\">Gap<\/div><div class=\"group-dates\" role=\"group\" aria-label=\"Data van het evenement\"><div class=\"field-dates ws-apidae-date-coming\" role=\"group\" aria-label=\"Openingsdatum\"><time datetime=\"2026-12-04\" lang=\"nl\">Op <span class=\"day\">04<\/span><span class=\"month\"> dec.<\/span> van <span class=\"hour\">19h<\/span> tot <span class=\"hour\">20h<\/span><\/time><\/div><div class=\"field-moredates ws-apidae-moredates\" role=\"group\" aria-label=\"Komende data\"><div class=\"moredates\"><div class=\"inner-wrapper\"><span class=\"moredates-label\">Komende data :<\/span><ul class=\"moredates-list\"><li><time datetime=\"2026-12-05\" lang=\"nl\">Op <span class=\"day\">05<\/span><span class=\"month\"> december<\/span> van <span class=\"hour\">19h<\/span> tot <span class=\"hour\">20h<\/span><\/time><\/li><\/ul><\/div><\/div><\/div><\/div><div class=\"field-title\">Encyclies<\/div><\/div><div class=\"field-link\"><a href=\"https:\/\/www.hautes-alpes.net\/nl\/fiche\/encyclies-6\/\" class=\"cardlink\">Encyclies<\/a><\/div><\/div><\/div><div class=\"item\" ><div class=\"card card-apidae card-agenda post-type-apidae\"><div class=\"group-top\"><div class=\"field-fete-cat\">Sportwedstrijd<\/div><\/div><div class=\"group-media\"><div class=\"field-image\"><img decoding=\"async\" src=\"https:\/\/images.weserv.nl\/?url=https:\/\/static.apidae-tourisme.com\/filestore\/objets-touristiques\/images\/82\/76\/42093650-diaporama.jpg&#038;w=550&#038;h=350&#038;fit=cover&#038;output=webp&#038;q=45\" alt=\"11e winterrally van D\u00e9voluy\"\/><\/div><\/div><div class=\"group-content\"><div class=\"field-commune\">D\u00e9voluy<\/div><div class=\"group-dates\"><div class=\"field-dates\">Van <span class=\"day\">04<\/span><span class=\"month\"> dec.<\/span> tot <span class=\"day\">06<\/span><span class=\"month\"> dec.<\/span><\/div><\/div><div class=\"field-title\">11e winterrally van D\u00e9voluy<\/div><div class=\"field-description\">De winterrally van D\u00e9voluy keert in 2026 terug voor een 11e editie!<\/div><\/div><div class=\"field-link\"><a href=\"https:\/\/www.hautes-alpes.net\/nl\/fiche\/11e-winterrally-van-devoluy\/\" class=\"cardlink\">11e winterrally van D\u00e9voluy<\/a><\/div><\/div><\/div><div class=\"item\" ><div class=\"card card-apidae card-agenda post-type-apidae\"><div class=\"group-top\"><div class=\"field-fete-cat\">Introductie binnen het kader van een evenement<\/div><\/div><div class=\"group-media\"><div class=\"field-image\"><img decoding=\"async\" src=\"https:\/\/images.weserv.nl\/?url=https:\/\/static.apidae-tourisme.com\/filestore\/objets-touristiques\/images\/191\/162\/27894463-diaporama.jpg&#038;w=550&#038;h=350&#038;fit=cover&#038;output=webp&#038;q=45\" alt=\"Atelier Initiation \u00e0 la truffe en plantation !\"\/><\/div><\/div><div class=\"group-content\"><div class=\"field-commune\">Mon\u00eatier-Allemont<\/div><div class=\"group-dates\" role=\"group\" aria-label=\"Data van het evenement\"><div class=\"field-dates ws-apidae-date-coming\" role=\"group\" aria-label=\"Openingsdatum\"><time datetime=\"2026-12-05\" lang=\"nl\">Op <span class=\"day\">05<\/span><span class=\"month\"> dec.<\/span><\/time><\/div><div class=\"field-moredates ws-apidae-moredates\" role=\"group\" aria-label=\"Komende data\"><div class=\"moredates\"><div class=\"inner-wrapper\"><span class=\"moredates-label\">Komende data :<\/span><ul class=\"moredates-list\"><li><time datetime=\"2026-12-06\" lang=\"nl\">Op <span class=\"day\">06<\/span><span class=\"month\"> december<\/span><\/time><\/li><li><time datetime=\"2026-12-12\" lang=\"nl\">Op <span class=\"day\">12<\/span><span class=\"month\"> december<\/span><\/time><\/li><li><time datetime=\"2026-12-13\" lang=\"nl\">Op <span class=\"day\">13<\/span><span class=\"month\"> december<\/span><\/time><\/li><li><time datetime=\"2026-12-19\" lang=\"nl\">Op <span class=\"day\">19<\/span><span class=\"month\"> december<\/span><\/time><\/li><li class=\"moredates-more\">en nog meer data\u2026<\/li><\/ul><\/div><\/div><\/div><\/div><div class=\"field-title\">Atelier Initiation \u00e0 la truffe en plantation !<\/div><\/div><div class=\"field-link\"><a href=\"https:\/\/www.hautes-alpes.net\/nl\/fiche\/atelier-initiation-a-la-truffe-en-plantation-6\/\" class=\"cardlink\">Atelier Initiation \u00e0 la truffe en plantation !<\/a><\/div><\/div><\/div><div class=\"item\" ><div class=\"card card-apidae card-agenda post-type-apidae\"><div class=\"group-top\"><div class=\"field-fete-cat\">Sportwedstrijd<\/div><\/div><div class=\"group-media\"><div class=\"field-image\"><img decoding=\"async\" src=\"https:\/\/images.weserv.nl\/?url=https:\/\/static.apidae-tourisme.com\/filestore\/objets-touristiques\/images\/31\/154\/35559967-diaporama.jpg&#038;w=550&#038;h=350&#038;fit=cover&#038;output=webp&#038;q=45\" alt=\"Rallye hivernal du D\u00e9voluy : parc de regroupement \u00e0 Serres\"\/><\/div><\/div><div class=\"group-content\"><div class=\"field-commune\">Serres<\/div><div class=\"group-dates\" role=\"group\" aria-label=\"Data van het evenement\"><div class=\"field-dates ws-apidae-date-coming\" role=\"group\" aria-label=\"Openingsdatum\"><time datetime=\"2026-12-05\" lang=\"nl\">Op <span class=\"day\">05<\/span><span class=\"month\"> dec.<\/span> van <span class=\"hour\">11h<\/span> tot <span class=\"hour\">17h<\/span><\/time><\/div><\/div><div class=\"field-title\">Rallye hivernal du D\u00e9voluy : parc de regroupement \u00e0 Serres<\/div><\/div><div class=\"field-link\"><a href=\"https:\/\/www.hautes-alpes.net\/nl\/fiche\/rallye-hivernal-du-devoluy-parc-de-regroupement-a-serres-6\/\" class=\"cardlink\">Rallye hivernal du D\u00e9voluy : parc de regroupement \u00e0 Serres<\/a><\/div><\/div><\/div><div class=\"item\" ><div class=\"card card-apidae card-agenda post-type-apidae\"><div class=\"group-top\"><\/div><div class=\"group-media\"><div class=\"field-image\"><img decoding=\"async\" src=\"https:\/\/images.weserv.nl\/?url=https:\/\/static.apidae-tourisme.com\/filestore\/objets-touristiques\/images\/240\/48\/42348784-diaporama.jpg&#038;w=550&#038;h=350&#038;fit=cover&#038;output=webp&#038;q=45\" alt=\"Ouverture hiver : C&#8217;est parti mon Skiski !\"\/><\/div><\/div><div class=\"group-content\"><div class=\"field-commune\">Les Orres<\/div><div class=\"group-dates\"><div class=\"field-dates\">Van <span class=\"day\">05<\/span><span class=\"month\"> dec.<\/span> van <span class=\"hour\">9h<\/span> tot <span class=\"day\">06<\/span><span class=\"month\"> dec.<\/span> om <span class=\"hour\">16h45<\/span><\/div><\/div><div class=\"field-title\">Ouverture hiver : C&#8217;est parti mon Skiski !<\/div><\/div><div class=\"field-link\"><a href=\"https:\/\/www.hautes-alpes.net\/nl\/fiche\/ouverture-hiver-cest-parti-mon-skiski-4\/\" class=\"cardlink\">Ouverture hiver : C&#8217;est parti mon Skiski !<\/a><\/div><\/div><\/div><div class=\"item\" ><div class=\"card card-apidae card-agenda post-type-apidae\"><div class=\"group-top\"><div class=\"field-fete-cat\">Artistieke uitvoering<\/div><\/div><div class=\"group-media\"><div class=\"field-image\"><img decoding=\"async\" src=\"https:\/\/images.weserv.nl\/?url=https:\/\/static.apidae-tourisme.com\/filestore\/objets-touristiques\/images\/88\/146\/41914968-diaporama.jpg&#038;w=550&#038;h=350&#038;fit=cover&#038;output=webp&#038;q=45\" alt=\"La Man\u00e9kine\"\/><\/div><\/div><div class=\"group-content\"><div class=\"field-commune\">Gap<\/div><div class=\"group-dates\" role=\"group\" aria-label=\"Data van het evenement\"><div class=\"field-dates ws-apidae-date-coming\" role=\"group\" aria-label=\"Openingsdatum\"><time datetime=\"2026-12-08\" lang=\"nl\">Op <span class=\"day\">08<\/span><span class=\"month\"> dec.<\/span> van <span class=\"hour\">19h<\/span> tot <span class=\"hour\">20h05<\/span><\/time><\/div><div class=\"field-moredates ws-apidae-moredates\" role=\"group\" aria-label=\"Komende data\"><div class=\"moredates\"><div class=\"inner-wrapper\"><span class=\"moredates-label\">Komende data :<\/span><ul class=\"moredates-list\"><li><time datetime=\"2026-12-09\" lang=\"nl\">Op <span class=\"day\">09<\/span><span class=\"month\"> december<\/span> van <span class=\"hour\">19h<\/span> tot <span class=\"hour\">20h05<\/span><\/time><\/li><\/ul><\/div><\/div><\/div><\/div><div class=\"field-title\">La Man\u00e9kine<\/div><\/div><div class=\"field-link\"><a href=\"https:\/\/www.hautes-alpes.net\/nl\/fiche\/la-manekine-6\/\" class=\"cardlink\">La Man\u00e9kine<\/a><\/div><\/div><\/div><div class=\"item\" ><div class=\"card card-apidae card-agenda post-type-apidae\"><div class=\"group-top\"><div class=\"field-fete-cat\">Demonstratie<\/div><\/div><div class=\"group-media\"><div class=\"field-image\"><img decoding=\"async\" src=\"https:\/\/images.weserv.nl\/?url=https:\/\/static.apidae-tourisme.com\/filestore\/objets-touristiques\/images\/255\/213\/42325503-diaporama.jpg&#038;w=550&#038;h=350&#038;fit=cover&#038;output=webp&#038;q=45\" alt=\"Ski test &amp; party aux Orres\"\/><\/div><\/div><div class=\"group-content\"><div class=\"field-commune\">Les Orres<\/div><div class=\"group-dates\"><div class=\"field-dates\">Van <span class=\"day\">12<\/span><span class=\"month\"> dec.<\/span> van <span class=\"hour\">9h<\/span> tot <span class=\"day\">13<\/span><span class=\"month\"> dec.<\/span> om <span class=\"hour\">16h30<\/span><\/div><\/div><div class=\"field-title\">Ski test &amp; party aux Orres<\/div><\/div><div class=\"field-link\"><a href=\"https:\/\/www.hautes-alpes.net\/nl\/fiche\/ski-test-party-aux-orres-5\/\" class=\"cardlink\">Ski test &amp; party aux Orres<\/a><\/div><\/div><\/div><div class=\"item\" ><div class=\"card card-apidae card-agenda post-type-apidae\"><div class=\"group-top\"><div class=\"field-fete-cat\">Bijeenkomst<\/div><\/div><div class=\"group-media\"><div class=\"field-image\"><img decoding=\"async\" src=\"https:\/\/images.weserv.nl\/?url=https:\/\/static.apidae-tourisme.com\/filestore\/objets-touristiques\/images\/17\/26\/34544145-diaporama.png&#038;w=550&#038;h=350&#038;fit=cover&#038;output=webp&#038;q=45\" alt=\"Le Chemin des Cr\u00e8ches de Serres\"\/><\/div><\/div><div class=\"group-content\"><div class=\"field-commune\">Serres<\/div><div class=\"group-dates\"><div class=\"field-dates\">Van <span class=\"day\">12<\/span><span class=\"month\"> dec.<\/span> tot <span class=\"day\">10<\/span><span class=\"month\"> jan.<\/span><\/div><\/div><div class=\"field-title\">Le Chemin des Cr\u00e8ches de Serres<\/div><\/div><div class=\"field-link\"><a href=\"https:\/\/www.hautes-alpes.net\/nl\/fiche\/le-chemin-des-creches-de-serres-6\/\" class=\"cardlink\">Le Chemin des Cr\u00e8ches de Serres<\/a><\/div><\/div><\/div><div class=\"item\" ><div class=\"card card-apidae card-agenda post-type-apidae\"><div class=\"group-top\"><div class=\"field-fete-cat\">Artistieke uitvoering<\/div><\/div><div class=\"group-media\"><div class=\"field-image\"><img decoding=\"async\" src=\"https:\/\/images.weserv.nl\/?url=https:\/\/static.apidae-tourisme.com\/filestore\/objets-touristiques\/images\/183\/146\/41915063-diaporama.jpg&#038;w=550&#038;h=350&#038;fit=cover&#038;output=webp&#038;q=45\" alt=\"Ceramic Circus\"\/><\/div><\/div><div class=\"group-content\"><div class=\"field-commune\">Gap<\/div><div class=\"group-dates\" role=\"group\" aria-label=\"Data van het evenement\"><div class=\"field-dates ws-apidae-date-coming\" role=\"group\" aria-label=\"Openingsdatum\"><time datetime=\"2026-12-17\" lang=\"nl\">Op <span class=\"day\">17<\/span><span class=\"month\"> dec.<\/span> van <span class=\"hour\">19h<\/span> tot <span class=\"hour\">20h<\/span><\/time><\/div><div class=\"field-moredates ws-apidae-moredates\" role=\"group\" aria-label=\"Komende data\"><div class=\"moredates\"><div class=\"inner-wrapper\"><span class=\"moredates-label\">Komende data :<\/span><ul class=\"moredates-list\"><li><time datetime=\"2026-12-18\" lang=\"nl\">Op <span class=\"day\">18<\/span><span class=\"month\"> december<\/span> van <span class=\"hour\">14h<\/span> tot <span class=\"hour\">15h<\/span><\/time><\/li><li><time datetime=\"2026-12-19\" lang=\"nl\">Op <span class=\"day\">19<\/span><span class=\"month\"> december<\/span> van <span class=\"hour\">15h<\/span> tot <span class=\"hour\">16h<\/span><\/time><\/li><\/ul><\/div><\/div><\/div><\/div><div class=\"field-title\">Ceramic Circus<\/div><\/div><div class=\"field-link\"><a href=\"https:\/\/www.hautes-alpes.net\/nl\/fiche\/ceramic-circus-6\/\" class=\"cardlink\">Ceramic Circus<\/a><\/div><\/div><\/div><div class=\"item\" ><div class=\"card card-apidae card-agenda post-type-apidae\"><div class=\"group-top\"><div class=\"field-fete-cat\">Sportwedstrijd<\/div><\/div><div class=\"group-media\"><div class=\"field-image\"><img decoding=\"async\" src=\"https:\/\/images.weserv.nl\/?url=https:\/\/static.apidae-tourisme.com\/filestore\/objets-touristiques\/images\/14\/21\/30414094-diaporama.jpg&#038;w=550&#038;h=350&#038;fit=cover&#038;output=webp&#038;q=45\" alt=\"6e Tournoi Open de Snow Volley\"\/><\/div><\/div><div class=\"group-content\"><div class=\"field-commune\">Superd\u00e9voluy<\/div><div class=\"group-dates\"><div class=\"field-dates\">Van <span class=\"day\">29<\/span><span class=\"month\"> dec.<\/span> tot <span class=\"day\">31<\/span><span class=\"month\"> dec.<\/span><\/div><\/div><div class=\"field-title\">6e Tournoi Open de Snow Volley<\/div><div class=\"field-description\">3 dagen vol sport (sneeuwvolleybal en mobiele sport) en festiviteiten (spreker en DJ): gemengd 4&#215;4-toernooi open voor iedereen op 29\/12 en 3&#215;3-competitie en elitetoernooi&#8230;<\/div><\/div><div class=\"field-link\"><a href=\"https:\/\/www.hautes-alpes.net\/nl\/fiche\/6e-tournoi-open-de-snow-volley-6\/\" class=\"cardlink\">6e Tournoi Open de Snow Volley<\/a><\/div><\/div><\/div><div class=\"item\" ><div class=\"card card-apidae card-agenda post-type-apidae\"><div class=\"group-top\"><div class=\"field-fete-cat\">Sportwedstrijd<\/div><\/div><div class=\"group-media\"><div class=\"field-image\"><img decoding=\"async\" src=\"https:\/\/images.weserv.nl\/?url=https:\/\/static.apidae-tourisme.com\/filestore\/objets-touristiques\/images\/82\/220\/36953170-diaporama.jpg&#038;w=550&#038;h=350&#038;fit=cover&#038;output=webp&#038;q=45\" alt=\"D\u00e9vol&#8217;Ice Trail\"\/><\/div><\/div><div class=\"group-content\"><div class=\"field-commune\">Superd\u00e9voluy<\/div><div class=\"group-dates\" role=\"group\" aria-label=\"Data van het evenement\"><div class=\"field-dates ws-apidae-date-coming\" role=\"group\" aria-label=\"Openingsdatum\"><time datetime=\"2027-01-03\" lang=\"nl\">Op <span class=\"day\">03<\/span><span class=\"month\"> jan.<\/span><\/time><\/div><\/div><div class=\"field-title\">D\u00e9vol&#8217;Ice Trail<\/div><div class=\"field-description\">Begin aan een van de twee routes vanaf het sportcentrum van Superd\u00e9voluy en geniet bij aankomst van een heerlijke versnapering!<\/div><\/div><div class=\"field-link\"><a href=\"https:\/\/www.hautes-alpes.net\/nl\/fiche\/devolice-trail-6\/\" class=\"cardlink\">D\u00e9vol&#8217;Ice Trail<\/a><\/div><\/div><\/div><div class=\"item\" ><div class=\"card card-apidae card-agenda post-type-apidae\"><div class=\"group-top\"><div class=\"field-fete-cat\">Artistieke uitvoering<\/div><\/div><div class=\"group-media\"><div class=\"field-image\"><img decoding=\"async\" src=\"https:\/\/images.weserv.nl\/?url=https:\/\/static.apidae-tourisme.com\/filestore\/objets-touristiques\/images\/55\/147\/41915191-diaporama.jpg&#038;w=550&#038;h=350&#038;fit=cover&#038;output=webp&#038;q=45\" alt=\"Bient\u00f4t le jour\"\/><\/div><\/div><div class=\"group-content\"><div class=\"field-commune\">Gap<\/div><div class=\"group-dates\" role=\"group\" aria-label=\"Data van het evenement\"><div class=\"field-dates ws-apidae-date-coming\" role=\"group\" aria-label=\"Openingsdatum\"><time datetime=\"2027-01-08\" lang=\"nl\">Op <span class=\"day\">08<\/span><span class=\"month\"> jan.<\/span> van <span class=\"hour\">20h30<\/span> tot <span class=\"hour\">22h45<\/span><\/time><\/div><\/div><div class=\"field-title\">Bient\u00f4t le jour<\/div><\/div><div class=\"field-link\"><a href=\"https:\/\/www.hautes-alpes.net\/nl\/fiche\/bientot-le-jour-6\/\" class=\"cardlink\">Bient\u00f4t le jour<\/a><\/div><\/div><\/div><div class=\"item\" ><div class=\"card card-apidae card-agenda post-type-apidae\"><div class=\"group-top\"><div class=\"field-fete-cat\">Sportwedstrijd<\/div><\/div><div class=\"group-media\"><div class=\"field-image\"><img decoding=\"async\" src=\"https:\/\/images.weserv.nl\/?url=https:\/\/static.apidae-tourisme.com\/filestore\/objets-touristiques\/images\/186\/148\/35886266-diaporama.jpg&#038;w=550&#038;h=350&#038;fit=cover&#038;output=webp&#038;q=45\" alt=\"Alpi Serre Che\"\/><\/div><\/div><div class=\"group-content\"><div class=\"field-commune\">Le Mon\u00eatier-les-Bains<\/div><div class=\"group-dates\" role=\"group\" aria-label=\"Data van het evenement\"><div class=\"field-dates ws-apidae-date-coming\" role=\"group\" aria-label=\"Openingsdatum\"><time datetime=\"2027-01-10\" lang=\"nl\">Op <span class=\"day\">10<\/span><span class=\"month\"> jan.<\/span> om <span class=\"hour\">7h30<\/span><\/time><\/div><\/div><div class=\"field-title\">Alpi Serre Che<\/div><\/div><div class=\"field-link\"><a href=\"https:\/\/www.hautes-alpes.net\/nl\/fiche\/alpi-serre-che-6\/\" class=\"cardlink\">Alpi Serre Che<\/a><\/div><\/div><\/div><div class=\"item\" ><div class=\"card card-apidae card-agenda post-type-apidae\"><div class=\"group-top\"><div class=\"field-fete-cat\">Artistieke uitvoering<\/div><\/div><div class=\"group-media\"><div class=\"field-image\"><img decoding=\"async\" src=\"https:\/\/images.weserv.nl\/?url=https:\/\/static.apidae-tourisme.com\/filestore\/objets-touristiques\/images\/190\/147\/41915326-diaporama.jpg&#038;w=550&#038;h=350&#038;fit=cover&#038;output=webp&#038;q=45\" alt=\"Le Syndrome de Cassandre\"\/><\/div><\/div><div class=\"group-content\"><div class=\"field-commune\">Gap<\/div><div class=\"group-dates\" role=\"group\" aria-label=\"Data van het evenement\"><div class=\"field-dates ws-apidae-date-coming\" role=\"group\" aria-label=\"Openingsdatum\"><time datetime=\"2027-01-14\" lang=\"nl\">Op <span class=\"day\">14<\/span><span class=\"month\"> jan.<\/span> van <span class=\"hour\">20h30<\/span> tot <span class=\"hour\">21h40<\/span><\/time><\/div><div class=\"field-moredates ws-apidae-moredates\" role=\"group\" aria-label=\"Komende data\"><div class=\"moredates\"><div class=\"inner-wrapper\"><span class=\"moredates-label\">Komende data :<\/span><ul class=\"moredates-list\"><li><time datetime=\"2027-01-15\" lang=\"nl\">Op <span class=\"day\">15<\/span><span class=\"month\"> januari<\/span> van <span class=\"hour\">20h30<\/span> tot <span class=\"hour\">21h40<\/span><\/time><\/li><\/ul><\/div><\/div><\/div><\/div><div class=\"field-title\">Le Syndrome de Cassandre<\/div><\/div><div class=\"field-link\"><a href=\"https:\/\/www.hautes-alpes.net\/nl\/fiche\/le-syndrome-de-cassandre-6\/\" class=\"cardlink\">Le Syndrome de Cassandre<\/a><\/div><\/div><\/div><div class=\"item\" ><div class=\"card card-apidae card-agenda post-type-apidae\"><div class=\"group-top\"><div class=\"field-fete-cat\">Sportwedstrijd<\/div><\/div><div class=\"group-media\"><div class=\"field-image\"><img decoding=\"async\" src=\"https:\/\/images.weserv.nl\/?url=https:\/\/static.apidae-tourisme.com\/filestore\/objets-touristiques\/images\/22\/118\/42235414-diaporama.jpg&#038;w=550&#038;h=350&#038;fit=cover&#038;output=webp&#038;q=45\" alt=\"Serre Che Snow Trail\"\/><\/div><\/div><div class=\"group-content\"><div class=\"field-commune\">La Salle-les-Alpes<\/div><div class=\"group-dates\"><div class=\"field-dates\">Van <span class=\"day\">16<\/span><span class=\"month\"> jan.<\/span> om <span class=\"hour\">9h<\/span> tot <span class=\"day\">17<\/span><span class=\"month\"> jan.<\/span><\/div><\/div><div class=\"field-title\">Serre Che Snow Trail<\/div><\/div><div class=\"field-link\"><a href=\"https:\/\/www.hautes-alpes.net\/nl\/fiche\/serre-che-snow-trail-6\/\" class=\"cardlink\">Serre Che Snow Trail<\/a><\/div><\/div><\/div><div class=\"item\" ><div class=\"card card-apidae card-agenda post-type-apidae\"><div class=\"group-top\"><div class=\"field-fete-cat\">Sportwedstrijd<\/div><\/div><div class=\"group-media\"><div class=\"field-image\"><img decoding=\"async\" src=\"https:\/\/images.weserv.nl\/?url=https:\/\/static.apidae-tourisme.com\/filestore\/objets-touristiques\/images\/2\/35\/42345218-diaporama.jpg&#038;w=550&#038;h=350&#038;fit=cover&#038;output=webp&#038;q=45\" alt=\"Snowrugby 2026\"\/><\/div><\/div><div class=\"group-content\"><div class=\"field-commune\">Le Mon\u00eatier-les-Bains<\/div><div class=\"group-dates\" role=\"group\" aria-label=\"Data van het evenement\"><div class=\"field-dates ws-apidae-date-coming\" role=\"group\" aria-label=\"Openingsdatum\"><time datetime=\"2027-01-16\" lang=\"nl\">Op <span class=\"day\">16<\/span><span class=\"month\"> jan.<\/span> om <span class=\"hour\">9h<\/span><\/time><\/div><\/div><div class=\"field-title\">Snowrugby 2026<\/div><\/div><div class=\"field-link\"><a href=\"https:\/\/www.hautes-alpes.net\/nl\/fiche\/snowrugby-2026-2\/\" class=\"cardlink\">Snowrugby 2026<\/a><\/div><\/div><\/div><div class=\"item\" ><div class=\"card card-apidae card-agenda post-type-apidae\"><div class=\"group-top\"><div class=\"field-fete-cat\">Artistieke uitvoering<\/div><\/div><div class=\"group-media\"><div class=\"field-image\"><img decoding=\"async\" src=\"https:\/\/images.weserv.nl\/?url=https:\/\/static.apidae-tourisme.com\/filestore\/objets-touristiques\/images\/249\/147\/41915385-diaporama.jpg&#038;w=550&#038;h=350&#038;fit=cover&#038;output=webp&#038;q=45\" alt=\"Le Scarab\u00e9e et l&#8217;oc\u00e9an\"\/><\/div><\/div><div class=\"group-content\"><div class=\"field-commune\">Gap<\/div><div class=\"group-dates\" role=\"group\" aria-label=\"Data van het evenement\"><div class=\"field-dates ws-apidae-date-coming\" role=\"group\" aria-label=\"Openingsdatum\"><time datetime=\"2027-01-20\" lang=\"nl\">Op <span class=\"day\">20<\/span><span class=\"month\"> jan.<\/span> van <span class=\"hour\">18h30<\/span> tot <span class=\"hour\">19h50<\/span><\/time><\/div><\/div><div class=\"field-title\">Le Scarab\u00e9e et l&#8217;oc\u00e9an<\/div><\/div><div class=\"field-link\"><a href=\"https:\/\/www.hautes-alpes.net\/nl\/fiche\/le-scarabee-et-locean-6\/\" class=\"cardlink\">Le Scarab\u00e9e et l&#8217;oc\u00e9an<\/a><\/div><\/div><\/div><div class=\"item\" ><div class=\"card card-apidae card-agenda post-type-apidae\"><div class=\"group-top\"><div class=\"field-fete-cat\">Bijeenkomst<\/div><\/div><div class=\"group-media\"><div class=\"field-image\"><img decoding=\"async\" src=\"https:\/\/images.weserv.nl\/?url=https:\/\/static.apidae-tourisme.com\/filestore\/objets-touristiques\/images\/162\/114\/26112674-diaporama.png&#038;w=550&#038;h=350&#038;fit=cover&#038;output=webp&#038;q=45\" alt=\"Ice Climbing \u00c9crins\"\/><\/div><\/div><div class=\"group-content\"><div class=\"field-commune\">L&#039;Argenti\u00e8re-la-Bess\u00e9e<\/div><div class=\"group-dates\"><div class=\"field-dates\">Van <span class=\"day\">21<\/span><span class=\"month\"> jan.<\/span> tot <span class=\"day\">24<\/span><span class=\"month\"> jan.<\/span><\/div><\/div><div class=\"field-title\">Ice Climbing \u00c9crins<\/div><\/div><div class=\"field-link\"><a href=\"https:\/\/www.hautes-alpes.net\/nl\/fiche\/ice-climbing-ecrins-6\/\" class=\"cardlink\">Ice Climbing \u00c9crins<\/a><\/div><\/div><\/div><div class=\"item\" ><div class=\"card card-apidae card-agenda post-type-apidae\"><div class=\"group-top\"><div class=\"field-fete-cat\">Sportwedstrijd<\/div><\/div><div class=\"group-media\"><div class=\"field-image\"><img decoding=\"async\" src=\"https:\/\/images.weserv.nl\/?url=https:\/\/static.apidae-tourisme.com\/filestore\/objets-touristiques\/images\/28\/150\/24811036-diaporama.jpg&#038;w=550&#038;h=350&#038;fit=cover&#038;output=webp&#038;q=45\" alt=\"R\u00e9gion Sud European Cups - Heren (alpineski\u00ebn)\"\/><\/div><\/div><div class=\"group-content\"><div class=\"field-commune\">Orci\u00e8res<\/div><div class=\"group-dates\"><div class=\"field-dates\">Van <span class=\"day\">25<\/span><span class=\"month\"> jan.<\/span> tot <span class=\"day\">29<\/span><span class=\"month\"> jan.<\/span><\/div><\/div><div class=\"field-title\">R\u00e9gion Sud European Cups - Heren (alpineski\u00ebn)<\/div><\/div><div class=\"field-link\"><a href=\"https:\/\/www.hautes-alpes.net\/nl\/fiche\/region-sud-european-cups-heren-alpineskien\/\" class=\"cardlink\">R\u00e9gion Sud European Cups - Heren (alpineski\u00ebn)<\/a><\/div><\/div><\/div><div class=\"item\" ><div class=\"card card-apidae card-agenda post-type-apidae\"><div class=\"group-top\"><div class=\"field-fete-cat\">Artistieke uitvoering<\/div><\/div><div class=\"group-media\"><div class=\"field-image\"><img decoding=\"async\" src=\"https:\/\/images.weserv.nl\/?url=https:\/\/static.apidae-tourisme.com\/filestore\/objets-touristiques\/images\/41\/148\/41915433-diaporama.jpg&#038;w=550&#038;h=350&#038;fit=cover&#038;output=webp&#038;q=45\" alt=\"Wakan - Un souffle\"\/><\/div><\/div><div class=\"group-content\"><div class=\"field-commune\">Gap<\/div><div class=\"group-dates\" role=\"group\" aria-label=\"Data van het evenement\"><div class=\"field-dates ws-apidae-date-coming\" role=\"group\" aria-label=\"Openingsdatum\"><time datetime=\"2027-01-26\" lang=\"nl\">Op <span class=\"day\">26<\/span><span class=\"month\"> jan.<\/span> van <span class=\"hour\">20h30<\/span> tot <span class=\"hour\">21h30<\/span><\/time><\/div><\/div><div class=\"field-title\">Wakan - Un souffle<\/div><\/div><div class=\"field-link\"><a href=\"https:\/\/www.hautes-alpes.net\/nl\/fiche\/wakan-un-souffle-6\/\" class=\"cardlink\">Wakan - Un souffle<\/a><\/div><\/div><\/div><div class=\"item\" ><div class=\"card card-apidae card-agenda post-type-apidae\"><div class=\"group-top\"><div class=\"field-fete-cat\">Voorstelling<\/div><\/div><div class=\"group-media\"><div class=\"field-image\"><img decoding=\"async\" src=\"https:\/\/images.weserv.nl\/?url=https:\/\/static.apidae-tourisme.com\/filestore\/objets-touristiques\/images\/92\/112\/42102876-diaporama.png&#038;w=550&#038;h=350&#038;fit=cover&#038;output=webp&#038;q=45\" alt=\"Conciliabule\"\/><\/div><\/div><div class=\"group-content\"><div class=\"field-commune\">Gap<\/div><div class=\"group-dates\" role=\"group\" aria-label=\"Data van het evenement\"><div class=\"field-dates ws-apidae-date-coming\" role=\"group\" aria-label=\"Openingsdatum\"><time datetime=\"2027-01-27\" lang=\"nl\">Op <span class=\"day\">27<\/span><span class=\"month\"> jan.<\/span> van <span class=\"hour\">15h<\/span> tot <span class=\"hour\">15h35<\/span><\/time><\/div><\/div><div class=\"field-title\">Conciliabule<\/div><\/div><div class=\"field-link\"><a href=\"https:\/\/www.hautes-alpes.net\/nl\/fiche\/conciliabule-6\/\" class=\"cardlink\">Conciliabule<\/a><\/div><\/div><\/div><div class=\"item\" ><div class=\"card card-apidae card-agenda post-type-apidae\"><div class=\"group-top\"><div class=\"field-fete-cat\">Concert<\/div><\/div><div class=\"group-media\"><div class=\"field-image\"><img decoding=\"async\" src=\"https:\/\/images.weserv.nl\/?url=https:\/\/static.apidae-tourisme.com\/filestore\/objets-touristiques\/images\/201\/112\/42102985-diaporama.png&#038;w=550&#038;h=350&#038;fit=cover&#038;output=webp&#038;q=45\" alt=\"Ala.Ni\"\/><\/div><\/div><div class=\"group-content\"><div class=\"field-commune\">Gap<\/div><div class=\"group-dates\" role=\"group\" aria-label=\"Data van het evenement\"><div class=\"field-dates ws-apidae-date-coming\" role=\"group\" aria-label=\"Openingsdatum\"><time datetime=\"2027-01-29\" lang=\"nl\">Op <span class=\"day\">29<\/span><span class=\"month\"> jan.<\/span> om <span class=\"hour\">20h30<\/span><\/time><\/div><\/div><div class=\"field-title\">Ala.Ni<\/div><\/div><div class=\"field-link\"><a href=\"https:\/\/www.hautes-alpes.net\/nl\/fiche\/ala-ni-6\/\" class=\"cardlink\">Ala.Ni<\/a><\/div><\/div><\/div><div class=\"item\" ><div class=\"card card-apidae card-agenda post-type-apidae\"><div class=\"group-top\"><div class=\"field-fete-cat\">Artistieke uitvoering<\/div><\/div><div class=\"group-media\"><div class=\"field-image\"><img decoding=\"async\" src=\"https:\/\/images.weserv.nl\/?url=https:\/\/static.apidae-tourisme.com\/filestore\/objets-touristiques\/images\/110\/148\/41915502-diaporama.jpg&#038;w=550&#038;h=350&#038;fit=cover&#038;output=webp&#038;q=45\" alt=\"La vie de ma m\u00e8re\"\/><\/div><\/div><div class=\"group-content\"><div class=\"field-commune\">Gap<\/div><div class=\"group-dates\" role=\"group\" aria-label=\"Data van het evenement\"><div class=\"field-dates ws-apidae-date-coming\" role=\"group\" aria-label=\"Openingsdatum\"><time datetime=\"2027-02-02\" lang=\"nl\">Op <span class=\"day\">02<\/span><span class=\"month\"> feb.<\/span> van <span class=\"hour\">20h30<\/span> tot <span class=\"hour\">21h30<\/span><\/time><\/div><\/div><div class=\"field-title\">La vie de ma m\u00e8re<\/div><\/div><div class=\"field-link\"><a href=\"https:\/\/www.hautes-alpes.net\/nl\/fiche\/la-vie-de-ma-mere-6\/\" class=\"cardlink\">La vie de ma m\u00e8re<\/a><\/div><\/div><\/div><div class=\"item\" ><div class=\"card card-apidae card-agenda post-type-apidae\"><div class=\"group-top\"><div class=\"field-fete-cat\">Artistieke uitvoering<\/div><\/div><div class=\"group-media\"><div class=\"field-image\"><img decoding=\"async\" src=\"https:\/\/images.weserv.nl\/?url=https:\/\/static.apidae-tourisme.com\/filestore\/objets-touristiques\/images\/72\/201\/41929032-diaporama.jpg&#038;w=550&#038;h=350&#038;fit=cover&#038;output=webp&#038;q=45\" alt=\"Pelouse extended\"\/><\/div><\/div><div class=\"group-content\"><div class=\"field-commune\">Gap<\/div><div class=\"group-dates\" role=\"group\" aria-label=\"Data van het evenement\"><div class=\"field-dates ws-apidae-date-coming\" role=\"group\" aria-label=\"Openingsdatum\"><time datetime=\"2027-02-06\" lang=\"nl\">Op <span class=\"day\">06<\/span><span class=\"month\"> feb.<\/span> van <span class=\"hour\">19h30<\/span> tot <span class=\"hour\">21h<\/span><\/time><\/div><\/div><div class=\"field-title\">Pelouse extended<\/div><\/div><div class=\"field-link\"><a href=\"https:\/\/www.hautes-alpes.net\/nl\/fiche\/pelouse-extended-6\/\" class=\"cardlink\">Pelouse extended<\/a><\/div><\/div><\/div><div class=\"item\" ><div class=\"card card-apidae card-agenda post-type-apidae\"><div class=\"group-top\"><div class=\"field-fete-cat\">Artistieke uitvoering<\/div><\/div><div class=\"group-media\"><div class=\"field-image\"><img decoding=\"async\" src=\"https:\/\/images.weserv.nl\/?url=https:\/\/static.apidae-tourisme.com\/filestore\/objets-touristiques\/images\/123\/201\/41929083-diaporama.jpg&#038;w=550&#038;h=350&#038;fit=cover&#038;output=webp&#038;q=45\" alt=\"Richard III\"\/><\/div><\/div><div class=\"group-content\"><div class=\"field-commune\">Gap<\/div><div class=\"group-dates\" role=\"group\" aria-label=\"Data van het evenement\"><div class=\"field-dates ws-apidae-date-coming\" role=\"group\" aria-label=\"Openingsdatum\"><time datetime=\"2027-02-12\" lang=\"nl\">Op <span class=\"day\">12<\/span><span class=\"month\"> feb.<\/span><\/time><\/div><\/div><div class=\"field-title\">Richard III<\/div><\/div><div class=\"field-link\"><a href=\"https:\/\/www.hautes-alpes.net\/nl\/fiche\/richard-iii-6\/\" class=\"cardlink\">Richard III<\/a><\/div><\/div><\/div><div class=\"item\" ><div class=\"card card-apidae card-agenda post-type-apidae\"><div class=\"group-top\"><div class=\"field-fete-cat\">Expositie<\/div><\/div><div class=\"group-media\"><div class=\"field-image\"><img decoding=\"async\" src=\"https:\/\/images.weserv.nl\/?url=https:\/\/static.apidae-tourisme.com\/filestore\/objets-touristiques\/images\/49\/105\/14969137-diaporama.jpg&#038;w=550&#038;h=350&#038;fit=cover&#038;output=webp&#038;q=45\" alt=\"Les Givr\u00e9s de la BD\"\/><\/div><\/div><div class=\"group-content\"><div class=\"field-commune\">D\u00e9voluy<\/div><div class=\"group-dates\"><div class=\"field-dates\">Van <span class=\"day\">15<\/span><span class=\"month\"> feb.<\/span> tot <span class=\"day\">18<\/span><span class=\"month\"> feb.<\/span><\/div><\/div><div class=\"field-title\">Les Givr\u00e9s de la BD<\/div><div class=\"field-description\">Les Givr\u00e9s de la BD is bovenal een hoogtepunt dat cultuur, bergen en de 9e kunst combineert.<\/div><\/div><div class=\"field-link\"><a href=\"https:\/\/www.hautes-alpes.net\/nl\/fiche\/les-givres-de-la-bd-6\/\" class=\"cardlink\">Les Givr\u00e9s de la BD<\/a><\/div><\/div><\/div><div class=\"item\" ><div class=\"card card-apidae card-agenda post-type-apidae\"><div class=\"group-top\"><div class=\"field-fete-cat\">Artistieke uitvoering<\/div><\/div><div class=\"group-media\"><div class=\"field-image\"><img decoding=\"async\" src=\"https:\/\/images.weserv.nl\/?url=https:\/\/static.apidae-tourisme.com\/filestore\/objets-touristiques\/images\/236\/208\/41930988-diaporama.jpg&#038;w=550&#038;h=350&#038;fit=cover&#038;output=webp&#038;q=45\" alt=\"Acqua Alta\"\/><\/div><\/div><div class=\"group-content\"><div class=\"field-commune\">Gap<\/div><div class=\"group-dates\" role=\"group\" aria-label=\"Data van het evenement\"><div class=\"field-dates ws-apidae-date-coming\" role=\"group\" aria-label=\"Openingsdatum\"><time datetime=\"2027-02-17\" lang=\"nl\">Op <span class=\"day\">17<\/span><span class=\"month\"> feb.<\/span> van <span class=\"hour\">18h30<\/span> tot <span class=\"hour\">19h25<\/span><\/time><\/div><\/div><div class=\"field-title\">Acqua Alta<\/div><\/div><div class=\"field-link\"><a href=\"https:\/\/www.hautes-alpes.net\/nl\/fiche\/acqua-alta-6\/\" class=\"cardlink\">Acqua Alta<\/a><\/div><\/div><\/div><div class=\"item\" ><div class=\"card card-apidae card-agenda post-type-apidae\"><div class=\"group-top\"><div class=\"field-fete-cat\">Voorstelling<\/div><\/div><div class=\"group-media\"><div class=\"field-image\"><img decoding=\"async\" src=\"https:\/\/images.weserv.nl\/?url=https:\/\/static.apidae-tourisme.com\/filestore\/objets-touristiques\/images\/181\/113\/42103221-diaporama.png&#038;w=550&#038;h=350&#038;fit=cover&#038;output=webp&#038;q=45\" alt=\"Les yeux de Taqqi\"\/><\/div><\/div><div class=\"group-content\"><div class=\"field-commune\">Gap<\/div><div class=\"group-dates\" role=\"group\" aria-label=\"Data van het evenement\"><div class=\"field-dates ws-apidae-date-coming\" role=\"group\" aria-label=\"Openingsdatum\"><time datetime=\"2027-02-17\" lang=\"nl\">Op <span class=\"day\">17<\/span><span class=\"month\"> feb.<\/span> van <span class=\"hour\">15h<\/span> tot <span class=\"hour\">15h45<\/span><\/time><\/div><\/div><div class=\"field-title\">Les yeux de Taqqi<\/div><\/div><div class=\"field-link\"><a href=\"https:\/\/www.hautes-alpes.net\/nl\/fiche\/les-yeux-de-taqqi-6\/\" class=\"cardlink\">Les yeux de Taqqi<\/a><\/div><\/div><\/div><div class=\"item\" ><div class=\"card card-apidae card-agenda post-type-apidae\"><div class=\"group-top\"><div class=\"field-fete-cat\">Concert<\/div><\/div><div class=\"group-media\"><div class=\"field-image\"><img decoding=\"async\" src=\"https:\/\/images.weserv.nl\/?url=https:\/\/static.apidae-tourisme.com\/filestore\/objets-touristiques\/images\/57\/114\/42103353-diaporama.png&#038;w=550&#038;h=350&#038;fit=cover&#038;output=webp&#038;q=45\" alt=\"Blind Yeo\"\/><\/div><\/div><div class=\"group-content\"><div class=\"field-commune\">Gap<\/div><div class=\"group-dates\" role=\"group\" aria-label=\"Data van het evenement\"><div class=\"field-dates ws-apidae-date-coming\" role=\"group\" aria-label=\"Openingsdatum\"><time datetime=\"2027-02-19\" lang=\"nl\">Op <span class=\"day\">19<\/span><span class=\"month\"> feb.<\/span> om <span class=\"hour\">20h30<\/span><\/time><\/div><\/div><div class=\"field-title\">Blind Yeo<\/div><\/div><div class=\"field-link\"><a href=\"https:\/\/www.hautes-alpes.net\/nl\/fiche\/blind-yeo-6\/\" class=\"cardlink\">Blind Yeo<\/a><\/div><\/div><\/div><div class=\"item\" ><div class=\"card card-apidae card-agenda post-type-apidae\"><div class=\"group-top\"><div class=\"field-fete-cat\">Concert<\/div><\/div><div class=\"group-media\"><div class=\"field-image\"><img decoding=\"async\" src=\"https:\/\/images.weserv.nl\/?url=https:\/\/static.apidae-tourisme.com\/filestore\/objets-touristiques\/images\/115\/114\/42103411-diaporama.png&#038;w=550&#038;h=350&#038;fit=cover&#038;output=webp&#038;q=45\" alt=\"One Sentence. Supervisor\"\/><\/div><\/div><div class=\"group-content\"><div class=\"field-commune\">Gap<\/div><div class=\"group-dates\" role=\"group\" aria-label=\"Data van het evenement\"><div class=\"field-dates ws-apidae-date-coming\" role=\"group\" aria-label=\"Openingsdatum\"><time datetime=\"2027-02-24\" lang=\"nl\">Op <span class=\"day\">24<\/span><span class=\"month\"> feb.<\/span> om <span class=\"hour\">20h30<\/span><\/time><\/div><\/div><div class=\"field-title\">One Sentence. Supervisor<\/div><\/div><div class=\"field-link\"><a href=\"https:\/\/www.hautes-alpes.net\/nl\/fiche\/one-sentence-supervisor-6\/\" class=\"cardlink\">One Sentence. Supervisor<\/a><\/div><\/div><\/div><div class=\"item\" ><div class=\"card card-apidae card-agenda post-type-apidae\"><div class=\"group-top\"><\/div><div class=\"group-media\"><div class=\"field-image\"><img decoding=\"async\" src=\"https:\/\/images.weserv.nl\/?url=https:\/\/static.apidae-tourisme.com\/filestore\/objets-touristiques\/images\/61\/1\/28901693-diaporama.jpg&#038;w=550&#038;h=350&#038;fit=cover&#038;output=webp&#038;q=45\" alt=\"Le Testivol de Pelvoux\"\/><\/div><\/div><div class=\"group-content\"><div class=\"field-commune\">Vallouise-Pelvoux<\/div><div class=\"group-dates\"><div class=\"field-dates\">Van <span class=\"day\">06<\/span><span class=\"month\"> mrt.<\/span> van <span class=\"hour\">8h30<\/span> tot <span class=\"day\">07<\/span><span class=\"month\"> mrt.<\/span> om <span class=\"hour\">16h30<\/span><\/div><\/div><div class=\"field-title\">Le Testivol de Pelvoux<\/div><\/div><div class=\"field-link\"><a href=\"https:\/\/www.hautes-alpes.net\/nl\/fiche\/le-testivol-de-pelvoux-6\/\" class=\"cardlink\">Le Testivol de Pelvoux<\/a><\/div><\/div><\/div><div class=\"item\" ><div class=\"card card-apidae card-agenda post-type-apidae\"><div class=\"group-top\"><div class=\"field-fete-cat\">Artistieke uitvoering<\/div><\/div><div class=\"group-media\"><div class=\"field-image\"><img decoding=\"async\" src=\"https:\/\/images.weserv.nl\/?url=https:\/\/static.apidae-tourisme.com\/filestore\/objets-touristiques\/images\/1\/242\/41939457-diaporama.jpg&#038;w=550&#038;h=350&#038;fit=cover&#038;output=webp&#038;q=45\" alt=\"Le Birgit Kabarett #7\"\/><\/div><\/div><div class=\"group-content\"><div class=\"field-commune\">Gap<\/div><div class=\"group-dates\" role=\"group\" aria-label=\"Data van het evenement\"><div class=\"field-dates ws-apidae-date-coming\" role=\"group\" aria-label=\"Openingsdatum\"><time datetime=\"2027-03-09\" lang=\"nl\">Op <span class=\"day\">09<\/span><span class=\"month\"> mrt.<\/span> van <span class=\"hour\">20h30<\/span> tot <span class=\"hour\">22h15<\/span><\/time><\/div><\/div><div class=\"field-title\">Le Birgit Kabarett #7<\/div><\/div><div class=\"field-link\"><a href=\"https:\/\/www.hautes-alpes.net\/nl\/fiche\/le-birgit-kabarett-7-6\/\" class=\"cardlink\">Le Birgit Kabarett #7<\/a><\/div><\/div><\/div><div class=\"item\" ><div class=\"card card-apidae card-agenda post-type-apidae\"><div class=\"group-top\"><div class=\"field-fete-cat\">Voorstelling<\/div><\/div><div class=\"group-media\"><div class=\"field-image\"><img decoding=\"async\" src=\"https:\/\/images.weserv.nl\/?url=https:\/\/static.apidae-tourisme.com\/filestore\/objets-touristiques\/images\/151\/116\/42103959-diaporama.png&#038;w=550&#038;h=350&#038;fit=cover&#038;output=webp&#038;q=45\" alt=\"Dans tes yeux\"\/><\/div><\/div><div class=\"group-content\"><div class=\"field-commune\">Gap<\/div><div class=\"group-dates\" role=\"group\" aria-label=\"Data van het evenement\"><div class=\"field-dates ws-apidae-date-coming\" role=\"group\" aria-label=\"Openingsdatum\"><time datetime=\"2027-03-10\" lang=\"nl\">Op <span class=\"day\">10<\/span><span class=\"month\"> mrt.<\/span> van <span class=\"hour\">15h<\/span> tot <span class=\"hour\">15h30<\/span><\/time><\/div><\/div><div class=\"field-title\">Dans tes yeux<\/div><\/div><div class=\"field-link\"><a href=\"https:\/\/www.hautes-alpes.net\/nl\/fiche\/dans-tes-yeux-6\/\" class=\"cardlink\">Dans tes yeux<\/a><\/div><\/div><\/div><div class=\"item\" ><div class=\"card card-apidae card-agenda post-type-apidae\"><div class=\"group-top\"><div class=\"field-fete-cat\">Artistieke uitvoering<\/div><\/div><div class=\"group-media\"><div class=\"field-image\"><img decoding=\"async\" src=\"https:\/\/images.weserv.nl\/?url=https:\/\/static.apidae-tourisme.com\/filestore\/objets-touristiques\/images\/30\/242\/41939486-diaporama.jpg&#038;w=550&#038;h=350&#038;fit=cover&#038;output=webp&#038;q=45\" alt=\"G\u00e9n\u00e9ration Mitterand\"\/><\/div><\/div><div class=\"group-content\"><div class=\"field-commune\">Gap<\/div><div class=\"group-dates\" role=\"group\" aria-label=\"Data van het evenement\"><div class=\"field-dates ws-apidae-date-coming\" role=\"group\" aria-label=\"Openingsdatum\"><time datetime=\"2027-03-11\" lang=\"nl\">Op <span class=\"day\">11<\/span><span class=\"month\"> mrt.<\/span> van <span class=\"hour\">20h30<\/span> tot <span class=\"hour\">21h50<\/span><\/time><\/div><\/div><div class=\"field-title\">G\u00e9n\u00e9ration Mitterand<\/div><\/div><div class=\"field-link\"><a href=\"https:\/\/www.hautes-alpes.net\/nl\/fiche\/generation-mitterand-6\/\" class=\"cardlink\">G\u00e9n\u00e9ration Mitterand<\/a><\/div><\/div><\/div><div class=\"item\" ><div class=\"card card-apidae card-agenda post-type-apidae\"><div class=\"group-top\"><div class=\"field-fete-cat\">Concert<\/div><\/div><div class=\"group-media\"><div class=\"field-image\"><img decoding=\"async\" src=\"https:\/\/images.weserv.nl\/?url=https:\/\/static.apidae-tourisme.com\/filestore\/objets-touristiques\/images\/163\/116\/42103971-diaporama.png&#038;w=550&#038;h=350&#038;fit=cover&#038;output=webp&#038;q=45\" alt=\"Rumble + Bold\"\/><\/div><\/div><div class=\"group-content\"><div class=\"field-commune\">Gap<\/div><div class=\"group-dates\" role=\"group\" aria-label=\"Data van het evenement\"><div class=\"field-dates ws-apidae-date-coming\" role=\"group\" aria-label=\"Openingsdatum\"><time datetime=\"2027-03-12\" lang=\"nl\">Op <span class=\"day\">12<\/span><span class=\"month\"> mrt.<\/span> om <span class=\"hour\">20h30<\/span><\/time><\/div><\/div><div class=\"field-title\">Rumble + Bold<\/div><\/div><div class=\"field-link\"><a href=\"https:\/\/www.hautes-alpes.net\/nl\/fiche\/rumble-bold-6\/\" class=\"cardlink\">Rumble + Bold<\/a><\/div><\/div><\/div><div class=\"item\" ><div class=\"card card-apidae card-agenda post-type-apidae\"><div class=\"group-top\"><div class=\"field-fete-cat\">Animation sportive<\/div><\/div><div class=\"group-media\"><div class=\"field-image\"><img decoding=\"async\" src=\"https:\/\/images.weserv.nl\/?url=https:\/\/static.apidae-tourisme.com\/filestore\/objets-touristiques\/images\/68\/217\/42326340-diaporama.jpg&#038;w=550&#038;h=350&#038;fit=cover&#038;output=webp&#038;q=45\" alt=\"La D\u00e9vale des Orres\"\/><\/div><\/div><div class=\"group-content\"><div class=\"field-commune\">Les Orres<\/div><div class=\"group-dates\" role=\"group\" aria-label=\"Data van het evenement\"><div class=\"field-dates ws-apidae-date-coming\" role=\"group\" aria-label=\"Openingsdatum\"><time datetime=\"2027-03-13\" lang=\"nl\">Op <span class=\"day\">13<\/span><span class=\"month\"> mrt.<\/span><\/time><\/div><\/div><div class=\"field-title\">La D\u00e9vale des Orres<\/div><\/div><div class=\"field-link\"><a href=\"https:\/\/www.hautes-alpes.net\/nl\/fiche\/la-devale-des-orres-4\/\" class=\"cardlink\">La D\u00e9vale des Orres<\/a><\/div><\/div><\/div><div class=\"item\" ><div class=\"card card-apidae card-agenda post-type-apidae\"><div class=\"group-top\"><div class=\"field-fete-cat\">Artistieke uitvoering<\/div><\/div><div class=\"group-media\"><div class=\"field-image\"><img decoding=\"async\" src=\"https:\/\/images.weserv.nl\/?url=https:\/\/static.apidae-tourisme.com\/filestore\/objets-touristiques\/images\/102\/242\/41939558-diaporama.jpg&#038;w=550&#038;h=350&#038;fit=cover&#038;output=webp&#038;q=45\" alt=\"Fus\u00e9es\"\/><\/div><\/div><div class=\"group-content\"><div class=\"field-commune\">Gap<\/div><div class=\"group-dates\" role=\"group\" aria-label=\"Data van het evenement\"><div class=\"field-dates ws-apidae-date-coming\" role=\"group\" aria-label=\"Openingsdatum\"><time datetime=\"2027-03-16\" lang=\"nl\">Op <span class=\"day\">16<\/span><span class=\"month\"> mrt.<\/span> van <span class=\"hour\">19h<\/span> tot <span class=\"hour\">19h55<\/span><\/time><\/div><div class=\"field-moredates ws-apidae-moredates\" role=\"group\" aria-label=\"Komende data\"><div class=\"moredates\"><div class=\"inner-wrapper\"><span class=\"moredates-label\">Komende data :<\/span><ul class=\"moredates-list\"><li><time datetime=\"2027-03-17\" lang=\"nl\">Op <span class=\"day\">17<\/span><span class=\"month\"> maart<\/span> van <span class=\"hour\">18h30<\/span> tot <span class=\"hour\">19h25<\/span><\/time><\/li><\/ul><\/div><\/div><\/div><\/div><div class=\"field-title\">Fus\u00e9es<\/div><\/div><div class=\"field-link\"><a href=\"https:\/\/www.hautes-alpes.net\/nl\/fiche\/fusees-6\/\" class=\"cardlink\">Fus\u00e9es<\/a><\/div><\/div><\/div><div class=\"item\" ><div class=\"card card-apidae card-agenda post-type-apidae\"><div class=\"group-top\"><div class=\"field-fete-cat\">Afhaalmaaltijden<\/div><\/div><div class=\"group-media\"><div class=\"field-image\"><img decoding=\"async\" src=\"https:\/\/images.weserv.nl\/?url=https:\/\/static.apidae-tourisme.com\/filestore\/objets-touristiques\/images\/25\/12\/16452633-diaporama.jpg&#038;w=550&#038;h=350&#038;fit=cover&#038;output=webp&#038;q=45\" alt=\"Salon gastronomique des R\u00e9gions Alticiades\"\/><\/div><\/div><div class=\"group-content\"><div class=\"field-commune\">Les Orres<\/div><div class=\"group-dates\" role=\"group\" aria-label=\"Data van het evenement\"><div class=\"field-dates ws-apidae-date-coming\" role=\"group\" aria-label=\"Openingsdatum\"><time datetime=\"2027-03-16\" lang=\"nl\">Op <span class=\"day\">16<\/span><span class=\"month\"> mrt.<\/span> van <span class=\"hour\">16h<\/span> tot <span class=\"hour\">20h<\/span><\/time><\/div><\/div><div class=\"field-title\">Salon gastronomique des R\u00e9gions Alticiades<\/div><div class=\"field-description\">Ontdek, proef en koop specialiteiten van land en zee! Een gratis handelsbeurs, gerund door studenten van de departementen Marketing Technology in Frankrijk.<\/div><\/div><div class=\"field-link\"><a href=\"https:\/\/www.hautes-alpes.net\/nl\/fiche\/salon-gastronomique-des-regions-alticiades-5\/\" class=\"cardlink\">Salon gastronomique des R\u00e9gions Alticiades<\/a><\/div><\/div><\/div><div class=\"item\" ><div class=\"card card-apidae card-agenda post-type-apidae\"><div class=\"group-top\"><div class=\"field-fete-cat\">Concert<\/div><\/div><div class=\"group-media\"><div class=\"field-image\"><img decoding=\"async\" src=\"https:\/\/images.weserv.nl\/?url=https:\/\/static.apidae-tourisme.com\/filestore\/objets-touristiques\/images\/177\/116\/42103985-diaporama.png&#038;w=550&#038;h=350&#038;fit=cover&#038;output=webp&#038;q=45\" alt=\"Nicolas Jules en trio\"\/><\/div><\/div><div class=\"group-content\"><div class=\"field-commune\">Gap<\/div><div class=\"group-dates\" role=\"group\" aria-label=\"Data van het evenement\"><div class=\"field-dates ws-apidae-date-coming\" role=\"group\" aria-label=\"Openingsdatum\"><time datetime=\"2027-03-19\" lang=\"nl\">Op <span class=\"day\">19<\/span><span class=\"month\"> mrt.<\/span> om <span class=\"hour\">20h30<\/span><\/time><\/div><\/div><div class=\"field-title\">Nicolas Jules en trio<\/div><\/div><div class=\"field-link\"><a href=\"https:\/\/www.hautes-alpes.net\/nl\/fiche\/nicolas-jules-en-trio-6\/\" class=\"cardlink\">Nicolas Jules en trio<\/a><\/div><\/div><\/div><div class=\"item\" ><div class=\"card card-apidae card-agenda post-type-apidae\"><div class=\"group-top\"><div class=\"field-fete-cat\">Sportwedstrijd<\/div><\/div><div class=\"group-media\"><div class=\"field-image\"><img decoding=\"async\" src=\"https:\/\/images.weserv.nl\/?url=https:\/\/static.apidae-tourisme.com\/filestore\/objets-touristiques\/images\/12\/224\/18800652-diaporama.jpg&#038;w=550&#038;h=350&#038;fit=cover&#038;output=webp&#038;q=45\" alt=\"Ski Games Rossignol\"\/><\/div><\/div><div class=\"group-content\"><div class=\"field-commune\">Orci\u00e8res<\/div><div class=\"group-dates\"><div class=\"field-dates\">Van <span class=\"day\">20<\/span><span class=\"month\"> mrt.<\/span> van <span class=\"hour\">10h<\/span> tot <span class=\"day\">21<\/span><span class=\"month\"> mrt.<\/span> om <span class=\"hour\">0h<\/span><\/div><\/div><div class=\"field-title\">Ski Games Rossignol<\/div><\/div><div class=\"field-link\"><a href=\"https:\/\/www.hautes-alpes.net\/nl\/fiche\/ski-games-rossignol-6\/\" class=\"cardlink\">Ski Games Rossignol<\/a><\/div><\/div><\/div><div class=\"item\" ><div class=\"card card-apidae card-agenda post-type-apidae\"><div class=\"group-top\"><div class=\"field-fete-cat\">Sportwedstrijd<\/div><\/div><div class=\"group-media\"><div class=\"field-image\"><img decoding=\"async\" src=\"https:\/\/images.weserv.nl\/?url=https:\/\/static.apidae-tourisme.com\/filestore\/objets-touristiques\/images\/51\/143\/29069107-diaporama.jpg&#038;w=550&#038;h=350&#038;fit=cover&#038;output=webp&#038;q=45\" alt=\"Snow Bike Race\"\/><\/div><\/div><div class=\"group-content\"><div class=\"field-commune\">R\u00e9allon<\/div><div class=\"group-dates\"><div class=\"field-dates\">Van <span class=\"day\">20<\/span><span class=\"month\"> mrt.<\/span> van <span class=\"hour\">7h30<\/span> tot <span class=\"day\">21<\/span><span class=\"month\"> mrt.<\/span> om <span class=\"hour\">10h<\/span><\/div><\/div><div class=\"field-title\">Snow Bike Race<\/div><\/div><div class=\"field-link\"><a href=\"https:\/\/www.hautes-alpes.net\/nl\/fiche\/snow-bike-race-6\/\" class=\"cardlink\">Snow Bike Race<\/a><\/div><\/div><\/div><div class=\"item\" ><div class=\"card card-apidae card-agenda post-type-apidae\"><div class=\"group-top\"><div class=\"field-fete-cat\">Artistieke uitvoering<\/div><\/div><div class=\"group-media\"><div class=\"field-image\"><img decoding=\"async\" src=\"https:\/\/images.weserv.nl\/?url=https:\/\/static.apidae-tourisme.com\/filestore\/objets-touristiques\/images\/137\/242\/41939593-diaporama.jpg&#038;w=550&#038;h=350&#038;fit=cover&#038;output=webp&#038;q=45\" alt=\"Magistral\u00b7e\u00b7s\"\/><\/div><\/div><div class=\"group-content\"><div class=\"field-commune\">Gap<\/div><div class=\"group-dates\" role=\"group\" aria-label=\"Data van het evenement\"><div class=\"field-dates ws-apidae-date-coming\" role=\"group\" aria-label=\"Openingsdatum\"><time datetime=\"2027-03-23\" lang=\"nl\">Op <span class=\"day\">23<\/span><span class=\"month\"> mrt.<\/span> van <span class=\"hour\">20h30<\/span> tot <span class=\"hour\">22h45<\/span><\/time><\/div><\/div><div class=\"field-title\">Magistral\u00b7e\u00b7s<\/div><\/div><div class=\"field-link\"><a href=\"https:\/\/www.hautes-alpes.net\/nl\/fiche\/magistral%c2%b7e%c2%b7s-6\/\" class=\"cardlink\">Magistral\u00b7e\u00b7s<\/a><\/div><\/div><\/div><div class=\"item\" ><div class=\"card card-apidae card-agenda post-type-apidae\"><div class=\"group-top\"><div class=\"field-fete-cat\">Concert<\/div><\/div><div class=\"group-media\"><div class=\"field-image\"><img decoding=\"async\" src=\"https:\/\/images.weserv.nl\/?url=https:\/\/static.apidae-tourisme.com\/filestore\/objets-touristiques\/images\/10\/117\/42104074-diaporama.png&#038;w=550&#038;h=350&#038;fit=cover&#038;output=webp&#038;q=45\" alt=\"La Chica\"\/><\/div><\/div><div class=\"group-content\"><div class=\"field-commune\">Gap<\/div><div class=\"group-dates\" role=\"group\" aria-label=\"Data van het evenement\"><div class=\"field-dates ws-apidae-date-coming\" role=\"group\" aria-label=\"Openingsdatum\"><time datetime=\"2027-03-26\" lang=\"nl\">Op <span class=\"day\">26<\/span><span class=\"month\"> mrt.<\/span> om <span class=\"hour\">20h30<\/span><\/time><\/div><\/div><div class=\"field-title\">La Chica<\/div><\/div><div class=\"field-link\"><a href=\"https:\/\/www.hautes-alpes.net\/nl\/fiche\/la-chica-6\/\" class=\"cardlink\">La Chica<\/a><\/div><\/div><\/div><div class=\"item\" ><div class=\"card card-apidae card-agenda post-type-apidae\"><div class=\"group-top\"><div class=\"field-fete-cat\">Lezing<\/div><\/div><div class=\"group-media\"><div class=\"field-image\"><img decoding=\"async\" src=\"https:\/\/images.weserv.nl\/?url=https:\/\/static.apidae-tourisme.com\/filestore\/objets-touristiques\/images\/232\/225\/42394088-diaporama.jpg&#038;w=550&#038;h=350&#038;fit=cover&#038;output=webp&#038;q=45\" alt=\"Forum OCOVA - Montagne de demain\"\/><\/div><\/div><div class=\"group-content\"><div class=\"field-commune\">Les Orres<\/div><div class=\"group-dates\" role=\"group\" aria-label=\"Data van het evenement\"><div class=\"field-dates ws-apidae-date-coming\" role=\"group\" aria-label=\"Openingsdatum\"><time datetime=\"2027-03-30\" lang=\"nl\">Op <span class=\"day\">30<\/span><span class=\"month\"> mrt.<\/span> van <span class=\"hour\">9h<\/span> tot <span class=\"hour\">16h<\/span><\/time><\/div><\/div><div class=\"field-title\">Forum OCOVA - Montagne de demain<\/div><\/div><div class=\"field-link\"><a href=\"https:\/\/www.hautes-alpes.net\/nl\/fiche\/forum-ocova-montagne-de-demain-5\/\" class=\"cardlink\">Forum OCOVA - Montagne de demain<\/a><\/div><\/div><\/div><div class=\"item\" ><div class=\"card card-apidae card-agenda post-type-apidae\"><div class=\"group-top\"><div class=\"field-fete-cat\">Artistieke uitvoering<\/div><\/div><div class=\"group-media\"><div class=\"field-image\"><img decoding=\"async\" src=\"https:\/\/images.weserv.nl\/?url=https:\/\/static.apidae-tourisme.com\/filestore\/objets-touristiques\/images\/188\/242\/41939644-diaporama.jpg&#038;w=550&#038;h=350&#038;fit=cover&#038;output=webp&#038;q=45\" alt=\"Et puis\"\/><\/div><\/div><div class=\"group-content\"><div class=\"field-commune\">Gap<\/div><div class=\"group-dates\" role=\"group\" aria-label=\"Data van het evenement\"><div class=\"field-dates ws-apidae-date-coming\" role=\"group\" aria-label=\"Openingsdatum\"><time datetime=\"2027-03-31\" lang=\"nl\">Op <span class=\"day\">31<\/span><span class=\"month\"> mrt.<\/span><\/time><\/div><\/div><div class=\"field-title\">Et puis<\/div><\/div><div class=\"field-link\"><a href=\"https:\/\/www.hautes-alpes.net\/nl\/fiche\/et-puis-6\/\" class=\"cardlink\">Et puis<\/a><\/div><\/div><\/div><div class=\"item\" ><div class=\"card card-apidae card-agenda post-type-apidae\"><div class=\"group-top\"><div class=\"field-fete-cat\">Artistieke uitvoering<\/div><\/div><div class=\"group-media\"><div class=\"field-image\"><img decoding=\"async\" src=\"https:\/\/images.weserv.nl\/?url=https:\/\/static.apidae-tourisme.com\/filestore\/objets-touristiques\/images\/231\/242\/41939687-diaporama.jpg&#038;w=550&#038;h=350&#038;fit=cover&#038;output=webp&#038;q=45\" alt=\"J. C. + C\u00e9line\"\/><\/div><\/div><div class=\"group-content\"><div class=\"field-commune\">Gap<\/div><div class=\"group-dates\" role=\"group\" aria-label=\"Data van het evenement\"><div class=\"field-dates ws-apidae-date-coming\" role=\"group\" aria-label=\"Openingsdatum\"><time datetime=\"2027-04-01\" lang=\"nl\">Op <span class=\"day\">01<\/span><span class=\"month\"> apr.<\/span> van <span class=\"hour\">19h<\/span> tot <span class=\"hour\">22h20<\/span><\/time><\/div><\/div><div class=\"field-title\">J. C. + C\u00e9line<\/div><\/div><div class=\"field-link\"><a href=\"https:\/\/www.hautes-alpes.net\/nl\/fiche\/j-c-celine-6\/\" class=\"cardlink\">J. C. + C\u00e9line<\/a><\/div><\/div><\/div><div class=\"item\" ><div class=\"card card-apidae card-agenda post-type-apidae\"><div class=\"group-top\"><div class=\"field-fete-cat\">Artistieke uitvoering<\/div><\/div><div class=\"group-media\"><div class=\"field-image\"><img decoding=\"async\" src=\"https:\/\/images.weserv.nl\/?url=https:\/\/static.apidae-tourisme.com\/filestore\/objets-touristiques\/images\/172\/130\/41976492-diaporama.jpg&#038;w=550&#038;h=350&#038;fit=cover&#038;output=webp&#038;q=45\" alt=\"Pi\u00e8ce de th\u00e9atre : J. C. + C\u00e9line\"\/><\/div><\/div><div class=\"group-content\"><div class=\"field-commune\">Veynes<\/div><div class=\"group-dates\" role=\"group\" aria-label=\"Data van het evenement\"><div class=\"field-dates ws-apidae-date-coming\" role=\"group\" aria-label=\"Openingsdatum\"><time datetime=\"2027-04-01\" lang=\"nl\">Op <span class=\"day\">01<\/span><span class=\"month\"> apr.<\/span> van <span class=\"hour\">19h<\/span> tot <span class=\"hour\">22h20<\/span><\/time><\/div><\/div><div class=\"field-title\">Pi\u00e8ce de th\u00e9atre : J. C. + C\u00e9line<\/div><\/div><div class=\"field-link\"><a href=\"https:\/\/www.hautes-alpes.net\/nl\/fiche\/piece-de-theatre-j-c-celine-6\/\" class=\"cardlink\">Pi\u00e8ce de th\u00e9atre : J. C. + C\u00e9line<\/a><\/div><\/div><\/div><div class=\"item\" ><div class=\"card card-apidae card-agenda post-type-apidae\"><div class=\"group-top\"><div class=\"field-fete-cat\">Artistieke uitvoering<\/div><\/div><div class=\"group-media\"><div class=\"field-image\"><img decoding=\"async\" src=\"https:\/\/images.weserv.nl\/?url=https:\/\/static.apidae-tourisme.com\/filestore\/objets-touristiques\/images\/18\/131\/41976594-diaporama.jpg&#038;w=550&#038;h=350&#038;fit=cover&#038;output=webp&#038;q=45\" alt=\"Pi\u00e8ce de th\u00e9atre : Pedro\"\/><\/div><\/div><div class=\"group-content\"><div class=\"field-commune\">Veynes<\/div><div class=\"group-dates\" role=\"group\" aria-label=\"Data van het evenement\"><div class=\"field-dates ws-apidae-date-coming\" role=\"group\" aria-label=\"Openingsdatum\"><time datetime=\"2027-04-02\" lang=\"nl\">Op <span class=\"day\">02<\/span><span class=\"month\"> apr.<\/span> van <span class=\"hour\">19h<\/span> tot <span class=\"hour\">20h30<\/span><\/time><\/div><\/div><div class=\"field-title\">Pi\u00e8ce de th\u00e9atre : Pedro<\/div><\/div><div class=\"field-link\"><a href=\"https:\/\/www.hautes-alpes.net\/nl\/fiche\/piece-de-theatre-pedro-6\/\" class=\"cardlink\">Pi\u00e8ce de th\u00e9atre : Pedro<\/a><\/div><\/div><\/div><div class=\"item\" ><div class=\"card card-apidae card-agenda post-type-apidae\"><div class=\"group-top\"><div class=\"field-fete-cat\">Artistieke uitvoering<\/div><\/div><div class=\"group-media\"><div class=\"field-image\"><img decoding=\"async\" src=\"https:\/\/images.weserv.nl\/?url=https:\/\/static.apidae-tourisme.com\/filestore\/objets-touristiques\/images\/73\/131\/41976649-diaporama.jpg&#038;w=550&#038;h=350&#038;fit=cover&#038;output=webp&#038;q=45\" alt=\"Pi\u00e8ce de th\u00e9atre : J. C. + C\u00e9line + Pedro\"\/><\/div><\/div><div class=\"group-content\"><div class=\"field-commune\">Veynes<\/div><div class=\"group-dates\" role=\"group\" aria-label=\"Data van het evenement\"><div class=\"field-dates ws-apidae-date-coming\" role=\"group\" aria-label=\"Openingsdatum\"><time datetime=\"2027-04-03\" lang=\"nl\">Op <span class=\"day\">03<\/span><span class=\"month\"> apr.<\/span> van <span class=\"hour\">16h<\/span> tot <span class=\"hour\">22h<\/span><\/time><\/div><\/div><div class=\"field-title\">Pi\u00e8ce de th\u00e9atre : J. C. + C\u00e9line + Pedro<\/div><\/div><div class=\"field-link\"><a href=\"https:\/\/www.hautes-alpes.net\/nl\/fiche\/piece-de-theatre-j-c-celine-pedro-6\/\" class=\"cardlink\">Pi\u00e8ce de th\u00e9atre : J. C. + C\u00e9line + Pedro<\/a><\/div><\/div><\/div><div class=\"item\" ><div class=\"card card-apidae card-agenda post-type-apidae\"><div class=\"group-top\"><div class=\"field-fete-cat\">Sportwedstrijd<\/div><\/div><div class=\"group-media\"><div class=\"field-image\"><img decoding=\"async\" src=\"https:\/\/images.weserv.nl\/?url=https:\/\/static.apidae-tourisme.com\/filestore\/objets-touristiques\/images\/107\/143\/34901867-diaporama.jpg&#038;w=550&#038;h=350&#038;fit=cover&#038;output=webp&#038;q=45\" alt=\"Course de La 1000 Pattes\"\/><\/div><\/div><div class=\"group-content\"><div class=\"field-commune\">Montgen\u00e8vre<\/div><div class=\"group-dates\"><div class=\"field-dates\">Van <span class=\"day\">03<\/span><span class=\"month\"> apr.<\/span> van <span class=\"hour\">7h<\/span> tot <span class=\"day\">04<\/span><span class=\"month\"> apr.<\/span> om <span class=\"hour\">19h<\/span><\/div><\/div><div class=\"field-title\">Course de La 1000 Pattes<\/div><\/div><div class=\"field-link\"><a href=\"https:\/\/www.hautes-alpes.net\/nl\/fiche\/course-de-la-1000-pattes-6\/\" class=\"cardlink\">Course de La 1000 Pattes<\/a><\/div><\/div><\/div><div class=\"item\" ><div class=\"card card-apidae card-agenda post-type-apidae\"><div class=\"group-top\"><div class=\"field-fete-cat\">Theater<\/div><\/div><div class=\"group-media\"><div class=\"field-image\"><img decoding=\"async\" src=\"https:\/\/images.weserv.nl\/?url=https:\/\/static.apidae-tourisme.com\/filestore\/objets-touristiques\/images\/44\/243\/41939756-diaporama.jpg&#038;w=550&#038;h=350&#038;fit=cover&#038;output=webp&#038;q=45\" alt=\"La m\u00eame chose mais pas tout \u00e0 fait pareille\"\/><\/div><\/div><div class=\"group-content\"><div class=\"field-commune\">Gap<\/div><div class=\"group-dates\" role=\"group\" aria-label=\"Data van het evenement\"><div class=\"field-dates ws-apidae-date-coming\" role=\"group\" aria-label=\"Openingsdatum\"><time datetime=\"2027-04-05\" lang=\"nl\">Op <span class=\"day\">05<\/span><span class=\"month\"> apr.<\/span> van <span class=\"hour\">19h<\/span> tot <span class=\"hour\">20h40<\/span><\/time><\/div><div class=\"field-moredates ws-apidae-moredates\" role=\"group\" aria-label=\"Komende data\"><div class=\"moredates\"><div class=\"inner-wrapper\"><span class=\"moredates-label\">Komende data :<\/span><ul class=\"moredates-list\"><li><time datetime=\"2027-04-06\" lang=\"nl\">Op <span class=\"day\">06<\/span><span class=\"month\"> april<\/span><\/time><\/li><\/ul><\/div><\/div><\/div><\/div><div class=\"field-title\">La m\u00eame chose mais pas tout \u00e0 fait pareille<\/div><\/div><div class=\"field-link\"><a href=\"https:\/\/www.hautes-alpes.net\/nl\/fiche\/la-meme-chose-mais-pas-tout-a-fait-pareille-6\/\" class=\"cardlink\">La m\u00eame chose mais pas tout \u00e0 fait pareille<\/a><\/div><\/div><\/div><div class=\"item\" ><div class=\"card card-apidae card-agenda post-type-apidae\"><div class=\"group-top\"><div class=\"field-fete-cat\">Artistieke uitvoering<\/div><\/div><div class=\"group-media\"><div class=\"field-image\"><img decoding=\"async\" src=\"https:\/\/images.weserv.nl\/?url=https:\/\/static.apidae-tourisme.com\/filestore\/objets-touristiques\/images\/115\/243\/41939827-diaporama.jpg&#038;w=550&#038;h=350&#038;fit=cover&#038;output=webp&#038;q=45\" alt=\"Je suis une montagne\"\/><\/div><\/div><div class=\"group-content\"><div class=\"field-commune\">Gap<\/div><div class=\"group-dates\" role=\"group\" aria-label=\"Data van het evenement\"><div class=\"field-dates ws-apidae-date-coming\" role=\"group\" aria-label=\"Openingsdatum\"><time datetime=\"2027-04-09\" lang=\"nl\">Op <span class=\"day\">09<\/span><span class=\"month\"> apr.<\/span><\/time><\/div><div class=\"field-moredates ws-apidae-moredates\" role=\"group\" aria-label=\"Komende data\"><div class=\"moredates\"><div class=\"inner-wrapper\"><span class=\"moredates-label\">Komende data :<\/span><ul class=\"moredates-list\"><li><time datetime=\"2027-04-10\" lang=\"nl\">Op <span class=\"day\">10<\/span><span class=\"month\"> april<\/span><\/time><\/li><\/ul><\/div><\/div><\/div><\/div><div class=\"field-title\">Je suis une montagne<\/div><\/div><div class=\"field-link\"><a href=\"https:\/\/www.hautes-alpes.net\/nl\/fiche\/je-suis-une-montagne-6\/\" class=\"cardlink\">Je suis une montagne<\/a><\/div><\/div><\/div><div class=\"item\" ><div class=\"card card-apidae card-agenda post-type-apidae\"><div class=\"group-top\"><div class=\"field-fete-cat\">Animation sportive<\/div><\/div><div class=\"group-media\"><div class=\"field-image\"><img decoding=\"async\" src=\"https:\/\/images.weserv.nl\/?url=https:\/\/static.apidae-tourisme.com\/filestore\/objets-touristiques\/images\/214\/39\/42280918-diaporama.jpg&#038;w=550&#038;h=350&#038;fit=cover&#038;output=webp&#038;q=45\" alt=\"Demain on ferme !\"\/><\/div><\/div><div class=\"group-content\"><div class=\"field-commune\">D\u00e9voluy<\/div><div class=\"group-dates\" role=\"group\" aria-label=\"Data van het evenement\"><div class=\"field-dates ws-apidae-date-coming\" role=\"group\" aria-label=\"Openingsdatum\"><time datetime=\"2027-04-10\" lang=\"nl\">Op <span class=\"day\">10<\/span><span class=\"month\"> apr.<\/span> om <span class=\"hour\">10h<\/span><\/time><\/div><\/div><div class=\"field-title\">Demain on ferme !<\/div><div class=\"field-description\">Om de laatste afdalingen van de winter op de pistes en de komst van de lente te vieren, nodigt Le D\u00e9voluy u uit in&#8230;<\/div><\/div><div class=\"field-link\"><a href=\"https:\/\/www.hautes-alpes.net\/nl\/fiche\/demain-on-ferme-6\/\" class=\"cardlink\">Demain on ferme !<\/a><\/div><\/div><\/div><div class=\"item\" ><div class=\"card card-apidae card-agenda post-type-apidae\"><div class=\"group-top\"><div class=\"field-fete-cat\">Sportwedstrijd<\/div><\/div><div class=\"group-media\"><div class=\"field-image\"><img decoding=\"async\" src=\"https:\/\/images.weserv.nl\/?url=https:\/\/static.apidae-tourisme.com\/filestore\/objets-touristiques\/images\/17\/8\/37881873-diaporama.jpg&#038;w=550&#038;h=350&#038;fit=cover&#038;output=webp&#038;q=45\" alt=\"GRAND BEAL\"\/><\/div><\/div><div class=\"group-content\"><div class=\"field-commune\">Arvieux<\/div><div class=\"group-dates\" role=\"group\" aria-label=\"Data van het evenement\"><div class=\"field-dates ws-apidae-date-coming\" role=\"group\" aria-label=\"Openingsdatum\"><time datetime=\"2027-04-11\" lang=\"nl\">Op <span class=\"day\">11<\/span><span class=\"month\"> apr.<\/span><\/time><\/div><\/div><div class=\"field-title\">GRAND BEAL<\/div><\/div><div class=\"field-link\"><a href=\"https:\/\/www.hautes-alpes.net\/nl\/fiche\/grand-beal-5\/\" class=\"cardlink\">GRAND BEAL<\/a><\/div><\/div><\/div><div class=\"item\" ><div class=\"card card-apidae card-agenda post-type-apidae\"><div class=\"group-top\"><div class=\"field-fete-cat\">Artistieke uitvoering<\/div><\/div><div class=\"group-media\"><div class=\"field-image\"><img decoding=\"async\" src=\"https:\/\/images.weserv.nl\/?url=https:\/\/static.apidae-tourisme.com\/filestore\/objets-touristiques\/images\/145\/243\/41939857-diaporama.jpg&#038;w=550&#038;h=350&#038;fit=cover&#038;output=webp&#038;q=45\" alt=\"Opium Magie \u00e0 huis clos\"\/><\/div><\/div><div class=\"group-content\"><div class=\"field-commune\">Gap<\/div><div class=\"group-dates\" role=\"group\" aria-label=\"Data van het evenement\"><div class=\"field-dates ws-apidae-date-coming\" role=\"group\" aria-label=\"Openingsdatum\"><time datetime=\"2027-04-15\" lang=\"nl\">Op <span class=\"day\">15<\/span><span class=\"month\"> apr.<\/span><\/time><\/div><div class=\"field-moredates ws-apidae-moredates\" role=\"group\" aria-label=\"Komende data\"><div class=\"moredates\"><div class=\"inner-wrapper\"><span class=\"moredates-label\">Komende data :<\/span><ul class=\"moredates-list\"><li><time datetime=\"2027-04-16\" lang=\"nl\">Op <span class=\"day\">16<\/span><span class=\"month\"> april<\/span><\/time><\/li><\/ul><\/div><\/div><\/div><\/div><div class=\"field-title\">Opium Magie \u00e0 huis clos<\/div><\/div><div class=\"field-link\"><a href=\"https:\/\/www.hautes-alpes.net\/nl\/fiche\/opium-magie-a-huis-clos-6\/\" class=\"cardlink\">Opium Magie \u00e0 huis clos<\/a><\/div><\/div><\/div><div class=\"item\" ><div class=\"card card-apidae card-agenda post-type-apidae\"><div class=\"group-top\"><div class=\"field-fete-cat\">Bijeenkomst<\/div><\/div><div class=\"group-media\"><div class=\"field-image\"><img decoding=\"async\" src=\"https:\/\/images.weserv.nl\/?url=https:\/\/static.apidae-tourisme.com\/filestore\/objets-touristiques\/images\/248\/199\/4507640-diaporama.jpg&#038;w=550&#038;h=350&#038;fit=cover&#038;output=webp&#038;q=45\" alt=\"BFK\"\/><\/div><\/div><div class=\"group-content\"><div class=\"field-commune\">L&#039;Argenti\u00e8re-la-Bess\u00e9e<\/div><div class=\"group-dates\" role=\"group\" aria-label=\"Data van het evenement\"><div class=\"field-dates ws-apidae-date-coming\" role=\"group\" aria-label=\"Openingsdatum\"><time datetime=\"2027-05-14\" lang=\"nl\">Op <span class=\"day\">14<\/span><span class=\"month\"> mei<\/span><\/time><\/div><div class=\"field-moredates ws-apidae-moredates\" role=\"group\" aria-label=\"Komende data\"><div class=\"moredates\"><div class=\"inner-wrapper\"><span class=\"moredates-label\">Komende data :<\/span><ul class=\"moredates-list\"><li><time datetime=\"2027-05-15\" lang=\"nl\">Op <span class=\"day\">15<\/span><span class=\"month\"> mei<\/span><\/time><\/li><li><time datetime=\"2027-05-16\" lang=\"nl\">Op <span class=\"day\">16<\/span><span class=\"month\"> mei<\/span><\/time><\/li><\/ul><\/div><\/div><\/div><\/div><div class=\"field-title\">BFK<\/div><\/div><div class=\"field-link\"><a href=\"https:\/\/www.hautes-alpes.net\/nl\/fiche\/bfk-6\/\" class=\"cardlink\">BFK<\/a><\/div><\/div><\/div><div class=\"item\" ><div class=\"card card-apidae card-agenda post-type-apidae\"><div class=\"group-top\"><div class=\"field-fete-cat\">Concert<\/div><\/div><div class=\"group-media\"><div class=\"field-image\"><img decoding=\"async\" src=\"https:\/\/images.weserv.nl\/?url=https:\/\/static.apidae-tourisme.com\/filestore\/objets-touristiques\/images\/67\/117\/42104131-diaporama.png&#038;w=550&#038;h=350&#038;fit=cover&#038;output=webp&#038;q=45\" alt=\"La Yegros\"\/><\/div><\/div><div class=\"group-content\"><div class=\"field-commune\">Gap<\/div><div class=\"group-dates\" role=\"group\" aria-label=\"Data van het evenement\"><div class=\"field-dates ws-apidae-date-coming\" role=\"group\" aria-label=\"Openingsdatum\"><time datetime=\"2027-05-20\" lang=\"nl\">Op <span class=\"day\">20<\/span><span class=\"month\"> mei<\/span> om <span class=\"hour\">20h30<\/span><\/time><\/div><\/div><div class=\"field-title\">La Yegros<\/div><\/div><div class=\"field-link\"><a href=\"https:\/\/www.hautes-alpes.net\/nl\/fiche\/la-yegros-6\/\" class=\"cardlink\">La Yegros<\/a><\/div><\/div><\/div><div class=\"item\" ><div class=\"card card-apidae card-agenda post-type-apidae\"><div class=\"group-top\"><div class=\"field-fete-cat\">Demonstratie<\/div><\/div><div class=\"group-media\"><div class=\"field-image\"><img decoding=\"async\" src=\"https:\/\/images.weserv.nl\/?url=https:\/\/static.apidae-tourisme.com\/filestore\/objets-touristiques\/images\/74\/231\/7464778-diaporama.jpg&#038;w=550&#038;h=350&#038;fit=cover&#038;output=webp&#038;q=45\" alt=\"F\u00eate du plan d&#8217;eau d&#8217; Embrun\"\/><\/div><\/div><div class=\"group-content\"><div class=\"field-commune\">Embrun<\/div><div class=\"group-dates\" role=\"group\" aria-label=\"Data van het evenement\"><div class=\"field-dates ws-apidae-date-coming\" role=\"group\" aria-label=\"Openingsdatum\"><time datetime=\"2027-06-14\" lang=\"nl\">Op <span class=\"day\">14<\/span><span class=\"month\"> jun.<\/span> van <span class=\"hour\">9h<\/span> tot <span class=\"hour\">18h<\/span><\/time><\/div><div class=\"field-moredates ws-apidae-moredates\" role=\"group\" aria-label=\"Komende data\"><div class=\"moredates\"><div class=\"inner-wrapper\"><span class=\"moredates-label\">Komende data :<\/span><ul class=\"moredates-list\"><li><time datetime=\"2028-06-14\" lang=\"nl\">Op <span class=\"day\">14<\/span><span class=\"month\"> juni<\/span><\/time><\/li><\/ul><\/div><\/div><\/div><\/div><div class=\"field-title\">F\u00eate du plan d&#8217;eau d&#8217; Embrun<\/div><div class=\"field-description\">Het F\u00eate du plan d&#8217;eau is een ontmoetingsplaats voor sportieve en culturele verenigingen in de omgeving van Embrunais. Ze bieden gratis inleidingen en demonstraties&#8230;<\/div><\/div><div class=\"field-link\"><a href=\"https:\/\/www.hautes-alpes.net\/nl\/fiche\/fete-du-plan-deau-d-embrun-5\/\" class=\"cardlink\">F\u00eate du plan d&#8217;eau d&#8217; Embrun<\/a><\/div><\/div><\/div><div class=\"item\" ><div class=\"card card-apidae card-agenda post-type-apidae\"><div class=\"group-top\"><div class=\"field-fete-cat\">Regelmatige markt<\/div><\/div><div class=\"group-media\"><div class=\"field-image\"><img decoding=\"async\" src=\"https:\/\/images.weserv.nl\/?url=https:\/\/static.apidae-tourisme.com\/filestore\/objets-touristiques\/images\/215\/73\/8407511-diaporama.jpg&#038;w=550&#038;h=350&#038;fit=cover&#038;output=webp&#038;q=45\" alt=\"March\u00e9  hebdomadaire de Saint Etienne en D\u00e9voluy\"\/><\/div><\/div><div class=\"group-content\"><div class=\"field-commune\">D\u00e9voluy<\/div><div class=\"group-dates\" role=\"group\" aria-label=\"Data van het evenement\"><div class=\"field-dates ws-apidae-date-coming\" role=\"group\" aria-label=\"Openingsdatum\"><time datetime=\"2027-07-02\" lang=\"nl\">Op <span class=\"day\">02<\/span><span class=\"month\"> jul.<\/span><\/time><\/div><div class=\"field-moredates ws-apidae-moredates\" role=\"group\" aria-label=\"Komende data\"><div class=\"moredates\"><div class=\"inner-wrapper\"><span class=\"moredates-label\">Komende data :<\/span><ul class=\"moredates-list\"><li><time datetime=\"2027-07-09\" lang=\"nl\">Op <span class=\"day\">09<\/span><span class=\"month\"> juli<\/span><\/time><\/li><li><time datetime=\"2027-07-16\" lang=\"nl\">Op <span class=\"day\">16<\/span><span class=\"month\"> juli<\/span><\/time><\/li><li><time datetime=\"2027-07-23\" lang=\"nl\">Op <span class=\"day\">23<\/span><span class=\"month\"> juli<\/span><\/time><\/li><li><time datetime=\"2027-07-30\" lang=\"nl\">Op <span class=\"day\">30<\/span><span class=\"month\"> juli<\/span><\/time><\/li><li class=\"moredates-more\">en nog meer data\u2026<\/li><\/ul><\/div><\/div><\/div><\/div><div class=\"field-title\">March\u00e9  hebdomadaire de Saint Etienne en D\u00e9voluy<\/div><div class=\"field-description\">Elke vrijdagochtend in de zomer kunt u een wandeling maken over de markt van Saint Etienne en D\u00e9voluy!<\/div><\/div><div class=\"field-link\"><a href=\"https:\/\/www.hautes-alpes.net\/nl\/fiche\/marche-hebdomadaire-de-saint-etienne-en-devoluy-6\/\" class=\"cardlink\">March\u00e9  hebdomadaire de Saint Etienne en D\u00e9voluy<\/a><\/div><\/div><\/div><div class=\"item\" ><div class=\"card card-apidae card-agenda post-type-apidae\"><div class=\"group-top\"><div class=\"field-fete-cat\">Regelmatige markt<\/div><\/div><div class=\"group-media\"><div class=\"field-image\"><img decoding=\"async\" src=\"https:\/\/images.weserv.nl\/?url=https:\/\/static.apidae-tourisme.com\/filestore\/objets-touristiques\/images\/140\/211\/42259340-diaporama.jpg&#038;w=550&#038;h=350&#038;fit=cover&#038;output=webp&#038;q=45\" alt=\"March\u00e9 hebdomadaire de Superd\u00e9voluy\"\/><\/div><\/div><div class=\"group-content\"><div class=\"field-commune\">Superd\u00e9voluy<\/div><div class=\"group-dates\" role=\"group\" aria-label=\"Data van het evenement\"><div class=\"field-dates ws-apidae-date-coming\" role=\"group\" aria-label=\"Openingsdatum\"><time datetime=\"2027-07-05\" lang=\"nl\">Op <span class=\"day\">05<\/span><span class=\"month\"> jul.<\/span><\/time><\/div><div class=\"field-moredates ws-apidae-moredates\" role=\"group\" aria-label=\"Komende data\"><div class=\"moredates\"><div class=\"inner-wrapper\"><span class=\"moredates-label\">Komende data :<\/span><ul class=\"moredates-list\"><li><time datetime=\"2027-07-12\" lang=\"nl\">Op <span class=\"day\">12<\/span><span class=\"month\"> juli<\/span><\/time><\/li><li><time datetime=\"2027-07-19\" lang=\"nl\">Op <span class=\"day\">19<\/span><span class=\"month\"> juli<\/span><\/time><\/li><li><time datetime=\"2027-07-26\" lang=\"nl\">Op <span class=\"day\">26<\/span><span class=\"month\"> juli<\/span><\/time><\/li><li><time datetime=\"2027-08-02\" lang=\"nl\">Op <span class=\"day\">02<\/span><span class=\"month\"> augustus<\/span><\/time><\/li><li class=\"moredates-more\">en nog meer data\u2026<\/li><\/ul><\/div><\/div><\/div><\/div><div class=\"field-title\">March\u00e9 hebdomadaire de Superd\u00e9voluy<\/div><div class=\"field-description\">Kom in de zomer elke maandagochtend flaneren op de markt van Superd\u00e9voluy!<\/div><\/div><div class=\"field-link\"><a href=\"https:\/\/www.hautes-alpes.net\/nl\/fiche\/marche-hebdomadaire-de-superdevoluy-6\/\" class=\"cardlink\">March\u00e9 hebdomadaire de Superd\u00e9voluy<\/a><\/div><\/div><\/div><div class=\"item\" ><div class=\"card card-apidae card-agenda post-type-apidae\"><div class=\"group-top\"><div class=\"field-fete-cat\">Regelmatige markt<\/div><\/div><div class=\"group-media\"><div class=\"field-image\"><img decoding=\"async\" src=\"https:\/\/images.weserv.nl\/?url=https:\/\/static.apidae-tourisme.com\/filestore\/objets-touristiques\/images\/242\/236\/42265842-diaporama.jpg&#038;w=550&#038;h=350&#038;fit=cover&#038;output=webp&#038;q=45\" alt=\"March\u00e9 hebdomadaire de La Joue du Loup\"\/><\/div><\/div><div class=\"group-content\"><div class=\"field-commune\">La Joue du Loup<\/div><div class=\"group-dates\" role=\"group\" aria-label=\"Data van het evenement\"><div class=\"field-dates ws-apidae-date-coming\" role=\"group\" aria-label=\"Openingsdatum\"><time datetime=\"2027-07-06\" lang=\"nl\">Op <span class=\"day\">06<\/span><span class=\"month\"> jul.<\/span><\/time><\/div><div class=\"field-moredates ws-apidae-moredates\" role=\"group\" aria-label=\"Komende data\"><div class=\"moredates\"><div class=\"inner-wrapper\"><span class=\"moredates-label\">Komende data :<\/span><ul class=\"moredates-list\"><li><time datetime=\"2027-07-13\" lang=\"nl\">Op <span class=\"day\">13<\/span><span class=\"month\"> juli<\/span><\/time><\/li><li><time datetime=\"2027-07-20\" lang=\"nl\">Op <span class=\"day\">20<\/span><span class=\"month\"> juli<\/span><\/time><\/li><li><time datetime=\"2027-07-27\" lang=\"nl\">Op <span class=\"day\">27<\/span><span class=\"month\"> juli<\/span><\/time><\/li><li><time datetime=\"2027-08-03\" lang=\"nl\">Op <span class=\"day\">03<\/span><span class=\"month\"> augustus<\/span><\/time><\/li><li class=\"moredates-more\">en nog meer data\u2026<\/li><\/ul><\/div><\/div><\/div><\/div><div class=\"field-title\">March\u00e9 hebdomadaire de La Joue du Loup<\/div><div class=\"field-description\">Kom in de zomer elke dinsdagochtend een kijkje nemen op de markt in La Joue du Loup!<\/div><\/div><div class=\"field-link\"><a href=\"https:\/\/www.hautes-alpes.net\/nl\/fiche\/marche-hebdomadaire-de-la-joue-du-loup-6\/\" class=\"cardlink\">March\u00e9 hebdomadaire de La Joue du Loup<\/a><\/div><\/div><\/div><div class=\"item\" ><div class=\"card card-apidae card-agenda post-type-apidae\"><div class=\"group-top\"><div class=\"field-fete-cat\">Voorstelling \/ Filmprojectie<\/div><\/div><div class=\"group-media\"><div class=\"field-image\"><img decoding=\"async\" src=\"https:\/\/images.weserv.nl\/?url=https:\/\/static.apidae-tourisme.com\/filestore\/objets-touristiques\/images\/206\/45\/41758158-diaporama.jpg&#038;w=550&#038;h=350&#038;fit=cover&#038;output=webp&#038;q=45\" alt=\"Projection de courts-m\u00e9trages La petite fabrique de nuages\"\/><\/div><\/div><div class=\"group-content\"><div class=\"field-commune\">Gap<\/div><div class=\"group-dates\" role=\"group\" aria-label=\"Data van het evenement\"><div class=\"field-dates ws-apidae-date-coming\" role=\"group\" aria-label=\"Openingsdatum\"><time datetime=\"2027-07-31\" lang=\"nl\">Op <span class=\"day\">31<\/span><span class=\"month\"> jul.<\/span> om <span class=\"hour\">10h30<\/span><\/time><\/div><\/div><div class=\"field-title\">Projection de courts-m\u00e9trages La petite fabrique de nuages<\/div><\/div><div class=\"field-link\"><a href=\"https:\/\/www.hautes-alpes.net\/nl\/fiche\/projection-de-courts-metrages-la-petite-fabrique-de-nuages-6\/\" class=\"cardlink\">Projection de courts-m\u00e9trages La petite fabrique de nuages<\/a><\/div><\/div><\/div><div class=\"item\" ><div class=\"card card-apidae card-agenda post-type-apidae\"><div class=\"group-top\"><div class=\"field-fete-cat\">Sportwedstrijd<\/div><\/div><div class=\"group-media\"><div class=\"field-image\"><img decoding=\"async\" src=\"https:\/\/images.weserv.nl\/?url=https:\/\/static.apidae-tourisme.com\/filestore\/objets-touristiques\/images\/77\/202\/42388045-diaporama.jpg&#038;w=550&#038;h=350&#038;fit=cover&#038;output=webp&#038;q=45\" alt=\"Troph\u00e9e de France des Jeunes V\u00e9t\u00e9tistes\"\/><\/div><\/div><div class=\"group-content\"><div class=\"field-commune\">Superd\u00e9voluy<\/div><div class=\"group-dates\"><div class=\"field-dates\">Van <span class=\"day\">02<\/span><span class=\"month\"> aug.<\/span> tot <span class=\"day\">06<\/span><span class=\"month\"> aug.<\/span><\/div><\/div><div class=\"field-title\">Troph\u00e9e de France des Jeunes V\u00e9t\u00e9tistes<\/div><div class=\"field-description\">Le D\u00e9voluy verwelkomt de top van de jonge Franse mountainbikers ter gelegenheid van de Troph\u00e9e de France des Jeunes V\u00e9t\u00e9tistes!<\/div><\/div><div class=\"field-link\"><a href=\"https:\/\/www.hautes-alpes.net\/nl\/fiche\/trophee-de-france-des-jeunes-vetetistes-6\/\" class=\"cardlink\">Troph\u00e9e de France des Jeunes V\u00e9t\u00e9tistes<\/a><\/div><\/div><\/div><div class=\"item\" ><div class=\"card card-apidae card-agenda post-type-apidae\"><div class=\"group-top\"><div class=\"field-fete-cat\">Braderie<\/div><\/div><div class=\"group-media\"><div class=\"field-image\"><img decoding=\"async\" src=\"https:\/\/images.weserv.nl\/?url=https:\/\/static.apidae-tourisme.com\/filestore\/objets-touristiques\/images\/74\/224\/42328138-diaporama.jpg&#038;w=550&#038;h=350&#038;fit=cover&#038;output=webp&#038;q=45\" alt=\"Braderie des Livres\"\/><\/div><\/div><div class=\"group-content\"><div class=\"field-commune\">N\u00e9vache<\/div><div class=\"group-dates\" role=\"group\" aria-label=\"Data van het evenement\"><div class=\"field-dates ws-apidae-date-coming\" role=\"group\" aria-label=\"Openingsdatum\"><time datetime=\"2027-08-12\" lang=\"nl\">Op <span class=\"day\">12<\/span><span class=\"month\"> aug.<\/span><\/time><\/div><div class=\"field-moredates ws-apidae-moredates\" role=\"group\" aria-label=\"Komende data\"><div class=\"moredates\"><div class=\"inner-wrapper\"><span class=\"moredates-label\">Komende data :<\/span><ul class=\"moredates-list\"><li><time datetime=\"2027-08-13\" lang=\"nl\">Op <span class=\"day\">13<\/span><span class=\"month\"> augustus<\/span><\/time><\/li><li><time datetime=\"2027-08-14\" lang=\"nl\">Op <span class=\"day\">14<\/span><span class=\"month\"> augustus<\/span><\/time><\/li><li><time datetime=\"2027-08-15\" lang=\"nl\">Op <span class=\"day\">15<\/span><span class=\"month\"> augustus<\/span><\/time><\/li><li><time datetime=\"2027-08-16\" lang=\"nl\">Op <span class=\"day\">16<\/span><span class=\"month\"> augustus<\/span><\/time><\/li><\/ul><\/div><\/div><\/div><\/div><div class=\"field-title\">Braderie des Livres<\/div><\/div><div class=\"field-link\"><a href=\"https:\/\/www.hautes-alpes.net\/nl\/fiche\/braderie-des-livres-5\/\" class=\"cardlink\">Braderie des Livres<\/a><\/div><\/div><\/div><div id=\"locations-data_302ac\" style=\"display: none;\">{&quot;locations&quot;:[{&quot;lat&quot;:&quot;44.405228&quot;,&quot;lng&quot;:&quot;5.517261&quot;,&quot;title&quot;:&quot;Visite d\\u00e9couverte de la ferme les Jassines&quot;,&quot;permalink&quot;:&quot;https:\\\/\\\/www.hautes-alpes.net\\\/nl\\\/fiche\\\/visite-decouverte-de-la-ferme-les-jassines-5\\\/&quot;,&quot;type&quot;:&quot;fete_et_manifestation&quot;,&quot;commune&quot;:&quot;Moydans&quot;,&quot;type_commerce&quot;:&quot;&quot;,&quot;image&quot;:&quot;https:\\\/\\\/static.apidae-tourisme.com\\\/filestore\\\/objets-touristiques\\\/images\\\/154\\\/199\\\/8963994-diaporama.jpg&quot;,&quot;image_width&quot;:&quot;550&quot;,&quot;image_height&quot;:&quot;350&quot;,&quot;image_fit&quot;:&quot;cover&quot;},{&quot;lat&quot;:&quot;44.564157&quot;,&quot;lng&quot;:&quot;6.49585&quot;,&quot;title&quot;:&quot;March\\u00e9 d&#8217;Embrun&quot;,&quot;permalink&quot;:&quot;https:\\\/\\\/www.hautes-alpes.net\\\/nl\\\/fiche\\\/marche-dembrun-6\\\/&quot;,&quot;type&quot;:&quot;fete_et_manifestation&quot;,&quot;commune&quot;:&quot;Embrun&quot;,&quot;type_commerce&quot;:&quot;&quot;,&quot;image&quot;:&quot;https:\\\/\\\/static.apidae-tourisme.com\\\/filestore\\\/objets-touristiques\\\/images\\\/115\\\/82\\\/33510003-diaporama.jpg&quot;,&quot;image_width&quot;:&quot;550&quot;,&quot;image_height&quot;:&quot;350&quot;,&quot;image_fit&quot;:&quot;cover&quot;},{&quot;lat&quot;:&quot;44.559618&quot;,&quot;lng&quot;:&quot;6.080287&quot;,&quot;title&quot;:&quot;March\\u00e9 hebdomadaire du mercredi&quot;,&quot;permalink&quot;:&quot;https:\\\/\\\/www.hautes-alpes.net\\\/nl\\\/fiche\\\/marche-hebdomadaire-du-mercredi-6\\\/&quot;,&quot;type&quot;:&quot;fete_et_manifestation&quot;,&quot;commune&quot;:&quot;Gap&quot;,&quot;type_commerce&quot;:&quot;&quot;,&quot;image&quot;:&quot;https:\\\/\\\/static.apidae-tourisme.com\\\/filestore\\\/objets-touristiques\\\/images\\\/25\\\/248\\\/18020377-diaporama.jpg&quot;,&quot;image_width&quot;:&quot;550&quot;,&quot;image_height&quot;:&quot;350&quot;,&quot;image_fit&quot;:&quot;cover&quot;},{&quot;lat&quot;:&quot;44.670551&quot;,&quot;lng&quot;:&quot;6.624547&quot;,&quot;title&quot;:&quot;Visite comment\\u00e9e des fortifications&quot;,&quot;permalink&quot;:&quot;https:\\\/\\\/www.hautes-alpes.net\\\/nl\\\/fiche\\\/visite-commentee-des-fortifications-5\\\/&quot;,&quot;type&quot;:&quot;fete_et_manifestation&quot;,&quot;commune&quot;:&quot;Mont-Dauphin&quot;,&quot;type_commerce&quot;:&quot;&quot;,&quot;image&quot;:&quot;https:\\\/\\\/static.apidae-tourisme.com\\\/filestore\\\/objets-touristiques\\\/images\\\/157\\\/98\\\/26174109-diaporama.jpg&quot;,&quot;image_width&quot;:&quot;550&quot;,&quot;image_height&quot;:&quot;350&quot;,&quot;image_fit&quot;:&quot;cover&quot;},{&quot;lat&quot;:&quot;44.378344&quot;,&quot;lng&quot;:&quot;5.766895&quot;,&quot;title&quot;:&quot;Visite guid\\u00e9e de l&#8217;\\u00e9glise Saint Louis de Saint-Genis&quot;,&quot;permalink&quot;:&quot;https:\\\/\\\/www.hautes-alpes.net\\\/nl\\\/fiche\\\/visite-guidee-de-leglise-saint-louis-de-saint-genis-6\\\/&quot;,&quot;type&quot;:&quot;fete_et_manifestation&quot;,&quot;commune&quot;:&quot;Garde-Colombe&quot;,&quot;type_commerce&quot;:&quot;&quot;,&quot;image&quot;:&quot;https:\\\/\\\/static.apidae-tourisme.com\\\/filestore\\\/objets-touristiques\\\/images\\\/176\\\/161\\\/8430000-diaporama.jpg&quot;,&quot;image_width&quot;:&quot;550&quot;,&quot;image_height&quot;:&quot;350&quot;,&quot;image_fit&quot;:&quot;cover&quot;},{&quot;lat&quot;:&quot;44.755585&quot;,&quot;lng&quot;:&quot;6.789923&quot;,&quot;title&quot;:&quot;D\\u00e9couverte du ciel \\u00e9toil\\u00e9 \\u00e0 l&#8217;\\u0153il nu&quot;,&quot;permalink&quot;:&quot;https:\\\/\\\/www.hautes-alpes.net\\\/nl\\\/fiche\\\/decouverte-du-ciel-etoile-a-loeil-nu-6\\\/&quot;,&quot;type&quot;:&quot;fete_et_manifestation&quot;,&quot;commune&quot;:&quot;Ch\\u00e2teau-Ville-Vieille&quot;,&quot;type_commerce&quot;:&quot;&quot;,&quot;image&quot;:&quot;https:\\\/\\\/static.apidae-tourisme.com\\\/filestore\\\/objets-touristiques\\\/images\\\/95\\\/173\\\/30911839-diaporama.jpg&quot;,&quot;image_width&quot;:&quot;550&quot;,&quot;image_height&quot;:&quot;350&quot;,&quot;image_fit&quot;:&quot;cover&quot;},{&quot;lat&quot;:&quot;44.669636&quot;,&quot;lng&quot;:&quot;6.624348&quot;,&quot;title&quot;:&quot;Les enqu\\u00eates d&#8217;Anne M\\u00e9sia&quot;,&quot;permalink&quot;:&quot;https:\\\/\\\/www.hautes-alpes.net\\\/nl\\\/fiche\\\/les-enquetes-danne-mesia-5\\\/&quot;,&quot;type&quot;:&quot;fete_et_manifestation&quot;,&quot;commune&quot;:&quot;Mont-Dauphin&quot;,&quot;type_commerce&quot;:&quot;&quot;,&quot;image&quot;:&quot;https:\\\/\\\/static.apidae-tourisme.com\\\/filestore\\\/objets-touristiques\\\/images\\\/248\\\/17\\\/27267576-diaporama.png&quot;,&quot;image_width&quot;:&quot;550&quot;,&quot;image_height&quot;:&quot;350&quot;,&quot;image_fit&quot;:&quot;cover&quot;},{&quot;lat&quot;:&quot;44.562502&quot;,&quot;lng&quot;:&quot;6.085519&quot;,&quot;title&quot;:&quot;Accrochage : Coup d&#8217;\\u0153il sur le monde de Mauzan&quot;,&quot;permalink&quot;:&quot;https:\\\/\\\/www.hautes-alpes.net\\\/nl\\\/fiche\\\/accrochage-coup-doeil-sur-le-monde-de-mauzan-6\\\/&quot;,&quot;type&quot;:&quot;fete_et_manifestation&quot;,&quot;commune&quot;:&quot;Gap&quot;,&quot;type_commerce&quot;:&quot;&quot;,&quot;image&quot;:&quot;https:\\\/\\\/static.apidae-tourisme.com\\\/filestore\\\/objets-touristiques\\\/images\\\/243\\\/44\\\/41037043-diaporama.jpg&quot;,&quot;image_width&quot;:&quot;550&quot;,&quot;image_height&quot;:&quot;350&quot;,&quot;image_fit&quot;:&quot;cover&quot;},{&quot;lat&quot;:&quot;44.755605&quot;,&quot;lng&quot;:&quot;6.78955&quot;,&quot;title&quot;:&quot;Les expositions de Fort Queyras&quot;,&quot;permalink&quot;:&quot;https:\\\/\\\/www.hautes-alpes.net\\\/nl\\\/fiche\\\/les-expositions-de-fort-queyras-6\\\/&quot;,&quot;type&quot;:&quot;fete_et_manifestation&quot;,&quot;commune&quot;:&quot;Ch\\u00e2teau-Ville-Vieille&quot;,&quot;type_commerce&quot;:&quot;&quot;,&quot;image&quot;:&quot;https:\\\/\\\/static.apidae-tourisme.com\\\/filestore\\\/objets-touristiques\\\/images\\\/158\\\/112\\\/41185438-diaporama.jpg&quot;,&quot;image_width&quot;:&quot;550&quot;,&quot;image_height&quot;:&quot;350&quot;,&quot;image_fit&quot;:&quot;cover&quot;},{&quot;lat&quot;:&quot;44.559631&quot;,&quot;lng&quot;:&quot;6.08022&quot;,&quot;title&quot;:&quot;Faune&quot;,&quot;permalink&quot;:&quot;https:\\\/\\\/www.hautes-alpes.net\\\/nl\\\/fiche\\\/faune-6\\\/&quot;,&quot;type&quot;:&quot;fete_et_manifestation&quot;,&quot;commune&quot;:&quot;Gap&quot;,&quot;type_commerce&quot;:&quot;&quot;,&quot;image&quot;:&quot;https:\\\/\\\/static.apidae-tourisme.com\\\/filestore\\\/objets-touristiques\\\/images\\\/215\\\/48\\\/41365719-diaporama.jpg&quot;,&quot;image_width&quot;:&quot;550&quot;,&quot;image_height&quot;:&quot;350&quot;,&quot;image_fit&quot;:&quot;cover&quot;},{&quot;lat&quot;:&quot;44.562254&quot;,&quot;lng&quot;:&quot;6.08583&quot;,&quot;title&quot;:&quot;Coup d&#8217;\\u0153il sur le monde de Mauzan&quot;,&quot;permalink&quot;:&quot;https:\\\/\\\/www.hautes-alpes.net\\\/nl\\\/fiche\\\/coup-doeil-sur-le-monde-de-mauzan-6\\\/&quot;,&quot;type&quot;:&quot;fete_et_manifestation&quot;,&quot;commune&quot;:&quot;Gap&quot;,&quot;type_commerce&quot;:&quot;&quot;,&quot;image&quot;:&quot;https:\\\/\\\/static.apidae-tourisme.com\\\/filestore\\\/objets-touristiques\\\/images\\\/158\\\/17\\\/41488798-diaporama.jpg&quot;,&quot;image_width&quot;:&quot;550&quot;,&quot;image_height&quot;:&quot;350&quot;,&quot;image_fit&quot;:&quot;cover&quot;},{&quot;lat&quot;:&quot;44.563445&quot;,&quot;lng&quot;:&quot;6.49844&quot;,&quot;title&quot;:&quot;Exposition - Gabriel Lopp\\u00e9&quot;,&quot;permalink&quot;:&quot;https:\\\/\\\/www.hautes-alpes.net\\\/nl\\\/fiche\\\/exposition-gabriel-loppe-6\\\/&quot;,&quot;type&quot;:&quot;fete_et_manifestation&quot;,&quot;commune&quot;:&quot;Embrun&quot;,&quot;type_commerce&quot;:&quot;&quot;,&quot;image&quot;:&quot;https:\\\/\\\/static.apidae-tourisme.com\\\/filestore\\\/objets-touristiques\\\/images\\\/141\\\/246\\\/41088653-diaporama.jpg&quot;,&quot;image_width&quot;:&quot;550&quot;,&quot;image_height&quot;:&quot;350&quot;,&quot;image_fit&quot;:&quot;cover&quot;},{&quot;lat&quot;:&quot;44.561203&quot;,&quot;lng&quot;:&quot;6.095924&quot;,&quot;title&quot;:&quot;Lesdigui\\u00e8res, destin extraordinaire d\\u2019un Champsaurin&quot;,&quot;permalink&quot;:&quot;https:\\\/\\\/www.hautes-alpes.net\\\/nl\\\/fiche\\\/lesdiguieres-destin-extraordinaire-dun-champsaurin-6\\\/&quot;,&quot;type&quot;:&quot;fete_et_manifestation&quot;,&quot;commune&quot;:&quot;Gap&quot;,&quot;type_commerce&quot;:&quot;&quot;,&quot;image&quot;:&quot;https:\\\/\\\/static.apidae-tourisme.com\\\/filestore\\\/objets-touristiques\\\/images\\\/68\\\/15\\\/41881412-diaporama.jpg&quot;,&quot;image_width&quot;:&quot;550&quot;,&quot;image_height&quot;:&quot;350&quot;,&quot;image_fit&quot;:&quot;cover&quot;},{&quot;lat&quot;:&quot;44.377191&quot;,&quot;lng&quot;:&quot;5.514101&quot;,&quot;title&quot;:&quot;Visites guid\\u00e9es du Prieur\\u00e9 et du village de Saint-Andr\\u00e9-de-Rosans&quot;,&quot;permalink&quot;:&quot;https:\\\/\\\/www.hautes-alpes.net\\\/nl\\\/fiche\\\/visites-guidees-du-prieure-et-du-village-de-saint-andre-de-rosans-5\\\/&quot;,&quot;type&quot;:&quot;fete_et_manifestation&quot;,&quot;commune&quot;:&quot;Saint-Andr\\u00e9-de-Rosans&quot;,&quot;type_commerce&quot;:&quot;&quot;,&quot;image&quot;:&quot;https:\\\/\\\/static.apidae-tourisme.com\\\/filestore\\\/objets-touristiques\\\/images\\\/56\\\/254\\\/8388152-diaporama.jpg&quot;,&quot;image_width&quot;:&quot;550&quot;,&quot;image_height&quot;:&quot;350&quot;,&quot;image_fit&quot;:&quot;cover&quot;},{&quot;lat&quot;:&quot;44.670477&quot;,&quot;lng&quot;:&quot;6.623747&quot;,&quot;title&quot;:&quot;Exposition de dessins de montagne - Ga\\u00eblle PRIVAT&quot;,&quot;permalink&quot;:&quot;https:\\\/\\\/www.hautes-alpes.net\\\/nl\\\/fiche\\\/exposition-de-dessins-de-montagne-gaelle-privat-6\\\/&quot;,&quot;type&quot;:&quot;fete_et_manifestation&quot;,&quot;commune&quot;:&quot;Mont-Dauphin&quot;,&quot;type_commerce&quot;:&quot;&quot;,&quot;image&quot;:&quot;https:\\\/\\\/static.apidae-tourisme.com\\\/filestore\\\/objets-touristiques\\\/images\\\/92\\\/137\\\/41584988-diaporama.jpg&quot;,&quot;image_width&quot;:&quot;550&quot;,&quot;image_height&quot;:&quot;350&quot;,&quot;image_fit&quot;:&quot;cover&quot;},{&quot;lat&quot;:&quot;44.899019&quot;,&quot;lng&quot;:&quot;6.643022&quot;,&quot;title&quot;:&quot;Exposition &#8221;l&#8217;\\u00e9quilibre absolu&#8221; Philippe Marinig&quot;,&quot;permalink&quot;:&quot;https:\\\/\\\/www.hautes-alpes.net\\\/nl\\\/fiche\\\/exposition-lequilibre-absolu-philippe-marinig-6\\\/&quot;,&quot;type&quot;:&quot;fete_et_manifestation&quot;,&quot;commune&quot;:&quot;Brian\\u00e7on&quot;,&quot;type_commerce&quot;:&quot;&quot;,&quot;image&quot;:&quot;https:\\\/\\\/static.apidae-tourisme.com\\\/filestore\\\/objets-touristiques\\\/images\\\/97\\\/239\\\/42004321-diaporama.png&quot;,&quot;image_width&quot;:&quot;550&quot;,&quot;image_height&quot;:&quot;350&quot;,&quot;image_fit&quot;:&quot;cover&quot;},{&quot;lat&quot;:&quot;44.560379&quot;,&quot;lng&quot;:&quot;5.956945&quot;,&quot;title&quot;:&quot;VIVALTO Danse - Rentr\\u00e9e 2026\\\/2027&quot;,&quot;permalink&quot;:&quot;https:\\\/\\\/www.hautes-alpes.net\\\/nl\\\/fiche\\\/vivalto-danse-rentree-2026-2027-6\\\/&quot;,&quot;type&quot;:&quot;fete_et_manifestation&quot;,&quot;commune&quot;:&quot;La Roche-des-Arnauds&quot;,&quot;type_commerce&quot;:&quot;&quot;,&quot;image&quot;:&quot;https:\\\/\\\/static.apidae-tourisme.com\\\/filestore\\\/objets-touristiques\\\/images\\\/27\\\/185\\\/42121499-diaporama.jpg&quot;,&quot;image_width&quot;:&quot;550&quot;,&quot;image_height&quot;:&quot;350&quot;,&quot;image_fit&quot;:&quot;cover&quot;},{&quot;lat&quot;:&quot;44.560363&quot;,&quot;lng&quot;:&quot;5.956923&quot;,&quot;title&quot;:&quot;VIVALTO - Rentr\\u00e9e 2026\\\/2027&quot;,&quot;permalink&quot;:&quot;https:\\\/\\\/www.hautes-alpes.net\\\/nl\\\/fiche\\\/vivalto-rentree-2026-2027-6\\\/&quot;,&quot;type&quot;:&quot;fete_et_manifestation&quot;,&quot;commune&quot;:&quot;La Roche-des-Arnauds&quot;,&quot;type_commerce&quot;:&quot;&quot;,&quot;image&quot;:&quot;https:\\\/\\\/static.apidae-tourisme.com\\\/filestore\\\/objets-touristiques\\\/images\\\/242\\\/184\\\/42121458-diaporama.jpg&quot;,&quot;image_width&quot;:&quot;550&quot;,&quot;image_height&quot;:&quot;350&quot;,&quot;image_fit&quot;:&quot;cover&quot;},{&quot;lat&quot;:&quot;45.044364&quot;,&quot;lng&quot;:&quot;6.303109&quot;,&quot;title&quot;:&quot;Les glaciers de la Meije comment\\u00e9s - Bureau  Montagne Horizons&quot;,&quot;permalink&quot;:&quot;https:\\\/\\\/www.hautes-alpes.net\\\/nl\\\/fiche\\\/les-glaciers-de-la-meije-commentes-bureau-montagne-horizons-4\\\/&quot;,&quot;type&quot;:&quot;fete_et_manifestation&quot;,&quot;commune&quot;:&quot;La Grave&quot;,&quot;type_commerce&quot;:&quot;&quot;,&quot;image&quot;:&quot;https:\\\/\\\/static.apidae-tourisme.com\\\/filestore\\\/objets-touristiques\\\/images\\\/28\\\/200\\\/32098332-diaporama.jpg&quot;,&quot;image_width&quot;:&quot;550&quot;,&quot;image_height&quot;:&quot;350&quot;,&quot;image_fit&quot;:&quot;cover&quot;},{&quot;lat&quot;:&quot;45.047368&quot;,&quot;lng&quot;:&quot;6.3068&quot;,&quot;title&quot;:&quot;Visite de la Ferme des Moli\\u00e8res&quot;,&quot;permalink&quot;:&quot;https:\\\/\\\/www.hautes-alpes.net\\\/nl\\\/fiche\\\/visite-de-la-ferme-des-molieres-5\\\/&quot;,&quot;type&quot;:&quot;fete_et_manifestation&quot;,&quot;commune&quot;:&quot;La Grave&quot;,&quot;type_commerce&quot;:&quot;&quot;,&quot;image&quot;:&quot;https:\\\/\\\/static.apidae-tourisme.com\\\/filestore\\\/objets-touristiques\\\/images\\\/52\\\/166\\\/29271604-diaporama.jpg&quot;,&quot;image_width&quot;:&quot;550&quot;,&quot;image_height&quot;:&quot;350&quot;,&quot;image_fit&quot;:&quot;cover&quot;},{&quot;lat&quot;:&quot;44.570818&quot;,&quot;lng&quot;:&quot;5.872877&quot;,&quot;title&quot;:&quot;Exposition au Ch\\u00e2teau de Montmaur \\u2013 \\u201cO\\u00f9 passeras-tu l&#8217;\\u00e9ternit\\u00e9 ?\\u201d&quot;,&quot;permalink&quot;:&quot;https:\\\/\\\/www.hautes-alpes.net\\\/nl\\\/fiche\\\/exposition-au-chateau-de-montmaur-ou-passeras-tu-leternite-6\\\/&quot;,&quot;type&quot;:&quot;fete_et_manifestation&quot;,&quot;commune&quot;:&quot;Montmaur&quot;,&quot;type_commerce&quot;:&quot;&quot;,&quot;image&quot;:&quot;https:\\\/\\\/static.apidae-tourisme.com\\\/filestore\\\/objets-touristiques\\\/images\\\/181\\\/239\\\/42004405-diaporama.jpg&quot;,&quot;image_width&quot;:&quot;550&quot;,&quot;image_height&quot;:&quot;350&quot;,&quot;image_fit&quot;:&quot;cover&quot;},{&quot;lat&quot;:&quot;45.035191&quot;,&quot;lng&quot;:&quot;6.404823&quot;,&quot;title&quot;:&quot;Cin\\u00e9 Lautaret - Parc  National des Ecrins&quot;,&quot;permalink&quot;:&quot;https:\\\/\\\/www.hautes-alpes.net\\\/nl\\\/fiche\\\/cine-lautaret-parc-national-des-ecrins-6\\\/&quot;,&quot;type&quot;:&quot;fete_et_manifestation&quot;,&quot;commune&quot;:&quot;Villar-d&#039;Ar\\u00eane&quot;,&quot;type_commerce&quot;:&quot;&quot;,&quot;image&quot;:&quot;https:\\\/\\\/static.apidae-tourisme.com\\\/filestore\\\/objets-touristiques\\\/images\\\/98\\\/28\\\/42212450-diaporama.png&quot;,&quot;image_width&quot;:&quot;550&quot;,&quot;image_height&quot;:&quot;350&quot;,&quot;image_fit&quot;:&quot;cover&quot;},{&quot;lat&quot;:&quot;44.755605&quot;,&quot;lng&quot;:&quot;6.78955&quot;,&quot;title&quot;:&quot;Visite de Fort-Queyras&quot;,&quot;permalink&quot;:&quot;https:\\\/\\\/www.hautes-alpes.net\\\/nl\\\/fiche\\\/visite-de-fort-queyras-6\\\/&quot;,&quot;type&quot;:&quot;fete_et_manifestation&quot;,&quot;commune&quot;:&quot;Ch\\u00e2teau-Ville-Vieille&quot;,&quot;type_commerce&quot;:&quot;&quot;,&quot;image&quot;:&quot;https:\\\/\\\/static.apidae-tourisme.com\\\/filestore\\\/objets-touristiques\\\/images\\\/0\\\/154\\\/31169024-diaporama.jpg&quot;,&quot;image_width&quot;:&quot;550&quot;,&quot;image_height&quot;:&quot;350&quot;,&quot;image_fit&quot;:&quot;cover&quot;},{&quot;lat&quot;:&quot;44.459975&quot;,&quot;lng&quot;:&quot;6.056247&quot;,&quot;title&quot;:&quot;Visites du ch\\u00e2teau de Tallard&quot;,&quot;permalink&quot;:&quot;https:\\\/\\\/www.hautes-alpes.net\\\/nl\\\/fiche\\\/visites-du-chateau-de-tallard-7\\\/&quot;,&quot;type&quot;:&quot;fete_et_manifestation&quot;,&quot;commune&quot;:&quot;Tallard&quot;,&quot;type_commerce&quot;:&quot;&quot;,&quot;image&quot;:&quot;https:\\\/\\\/static.apidae-tourisme.com\\\/filestore\\\/objets-touristiques\\\/images\\\/152\\\/106\\\/41249432-diaporama.jpg&quot;,&quot;image_width&quot;:&quot;550&quot;,&quot;image_height&quot;:&quot;350&quot;,&quot;image_fit&quot;:&quot;cover&quot;},{&quot;lat&quot;:&quot;44.562502&quot;,&quot;lng&quot;:&quot;6.085519&quot;,&quot;title&quot;:&quot;Exposition Mons Seleucus : carrefour divin. Deux si\\u00e8cles de fouilles gallo-romaines au c\\u0153ur des Alpes du Sud&quot;,&quot;permalink&quot;:&quot;https:\\\/\\\/www.hautes-alpes.net\\\/nl\\\/fiche\\\/exposition-mons-seleucus-carrefour-divin-deux-siecles-de-fouilles-gallo-romaines-au-coeur-des-alpes-du-sud-6\\\/&quot;,&quot;type&quot;:&quot;fete_et_manifestation&quot;,&quot;commune&quot;:&quot;Gap&quot;,&quot;type_commerce&quot;:&quot;&quot;,&quot;image&quot;:&quot;https:\\\/\\\/static.apidae-tourisme.com\\\/filestore\\\/objets-touristiques\\\/images\\\/53\\\/46\\\/41037365-diaporama.png&quot;,&quot;image_width&quot;:&quot;550&quot;,&quot;image_height&quot;:&quot;350&quot;,&quot;image_fit&quot;:&quot;cover&quot;},{&quot;lat&quot;:&quot;44.569342&quot;,&quot;lng&quot;:&quot;6.090285&quot;,&quot;title&quot;:&quot;Projection du film Le sabot montagnard&quot;,&quot;permalink&quot;:&quot;https:\\\/\\\/www.hautes-alpes.net\\\/nl\\\/fiche\\\/projection-du-film-le-sabot-montagnard-8\\\/&quot;,&quot;type&quot;:&quot;fete_et_manifestation&quot;,&quot;commune&quot;:&quot;Gap&quot;,&quot;type_commerce&quot;:&quot;&quot;,&quot;image&quot;:&quot;https:\\\/\\\/static.apidae-tourisme.com\\\/filestore\\\/objets-touristiques\\\/images\\\/144\\\/172\\\/42380432-diaporama.jpg&quot;,&quot;image_width&quot;:&quot;550&quot;,&quot;image_height&quot;:&quot;350&quot;,&quot;image_fit&quot;:&quot;cover&quot;},{&quot;lat&quot;:&quot;44.660863&quot;,&quot;lng&quot;:&quot;6.649408&quot;,&quot;title&quot;:&quot;Rando curieuse : Carri\\u00e8res et canaux de Guillestre&quot;,&quot;permalink&quot;:&quot;https:\\\/\\\/www.hautes-alpes.net\\\/nl\\\/fiche\\\/rando-curieuse-carrieres-et-canaux-de-guillestre-5\\\/&quot;,&quot;type&quot;:&quot;fete_et_manifestation&quot;,&quot;commune&quot;:&quot;Guillestre&quot;,&quot;type_commerce&quot;:&quot;&quot;,&quot;image&quot;:&quot;https:\\\/\\\/static.apidae-tourisme.com\\\/filestore\\\/objets-touristiques\\\/images\\\/121\\\/6\\\/38602361-diaporama.jpg&quot;,&quot;image_width&quot;:&quot;550&quot;,&quot;image_height&quot;:&quot;350&quot;,&quot;image_fit&quot;:&quot;cover&quot;},{&quot;lat&quot;:&quot;44.666798&quot;,&quot;lng&quot;:&quot;6.623775&quot;,&quot;title&quot;:&quot;Little Big horn, par Ousmane Sow&quot;,&quot;permalink&quot;:&quot;https:\\\/\\\/www.hautes-alpes.net\\\/nl\\\/fiche\\\/little-big-horn-par-ousmane-sow-6\\\/&quot;,&quot;type&quot;:&quot;fete_et_manifestation&quot;,&quot;commune&quot;:&quot;Mont-Dauphin&quot;,&quot;type_commerce&quot;:&quot;&quot;,&quot;image&quot;:&quot;https:\\\/\\\/static.apidae-tourisme.com\\\/filestore\\\/objets-touristiques\\\/images\\\/47\\\/105\\\/34564399-diaporama.jpg&quot;,&quot;image_width&quot;:&quot;550&quot;,&quot;image_height&quot;:&quot;350&quot;,&quot;image_fit&quot;:&quot;cover&quot;},{&quot;lat&quot;:&quot;44.669636&quot;,&quot;lng&quot;:&quot;6.624348&quot;,&quot;title&quot;:&quot;Balade sonore &#8221;Refuge des souffles&#8221; par Floriane Pochon&quot;,&quot;permalink&quot;:&quot;https:\\\/\\\/www.hautes-alpes.net\\\/nl\\\/fiche\\\/balade-sonore-refuge-des-souffles-par-floriane-pochon-6\\\/&quot;,&quot;type&quot;:&quot;fete_et_manifestation&quot;,&quot;commune&quot;:&quot;Mont-Dauphin&quot;,&quot;type_commerce&quot;:&quot;&quot;,&quot;image&quot;:&quot;https:\\\/\\\/static.apidae-tourisme.com\\\/filestore\\\/objets-touristiques\\\/images\\\/88\\\/226\\\/23978584-diaporama.jpg&quot;,&quot;image_width&quot;:&quot;550&quot;,&quot;image_height&quot;:&quot;350&quot;,&quot;image_fit&quot;:&quot;cover&quot;},{&quot;lat&quot;:&quot;45.016827&quot;,&quot;lng&quot;:&quot;6.606141&quot;,&quot;title&quot;:&quot;Go\\u00fbter \\u00e0 la Ferme de la Clar\\u00e9e&quot;,&quot;permalink&quot;:&quot;https:\\\/\\\/www.hautes-alpes.net\\\/nl\\\/fiche\\\/gouter-a-la-ferme-de-la-claree-6\\\/&quot;,&quot;type&quot;:&quot;fete_et_manifestation&quot;,&quot;commune&quot;:&quot;N\\u00e9vache&quot;,&quot;type_commerce&quot;:&quot;&quot;,&quot;image&quot;:&quot;https:\\\/\\\/static.apidae-tourisme.com\\\/filestore\\\/objets-touristiques\\\/images\\\/238\\\/81\\\/32592366-diaporama.jpg&quot;,&quot;image_width&quot;:&quot;550&quot;,&quot;image_height&quot;:&quot;350&quot;,&quot;image_fit&quot;:&quot;cover&quot;},{&quot;lat&quot;:&quot;44.5184&quot;,&quot;lng&quot;:&quot;5.936927&quot;,&quot;title&quot;:&quot;C\\u00e9\\u00fcse : restrictions d&#8217;acc\\u00e8s au massif&quot;,&quot;permalink&quot;:&quot;https:\\\/\\\/www.hautes-alpes.net\\\/nl\\\/fiche\\\/ceuse-restrictions-dacces-au-massif-6\\\/&quot;,&quot;type&quot;:&quot;fete_et_manifestation&quot;,&quot;commune&quot;:&quot;Manteyer&quot;,&quot;type_commerce&quot;:&quot;&quot;,&quot;image&quot;:&quot;https:\\\/\\\/static.apidae-tourisme.com\\\/filestore\\\/objets-touristiques\\\/images\\\/89\\\/251\\\/42400601-diaporama.jpg&quot;,&quot;image_width&quot;:&quot;550&quot;,&quot;image_height&quot;:&quot;350&quot;,&quot;image_fit&quot;:&quot;cover&quot;},{&quot;lat&quot;:&quot;44.313599&quot;,&quot;lng&quot;:&quot;5.891307&quot;,&quot;title&quot;:&quot;Les vendanges touristiques&quot;,&quot;permalink&quot;:&quot;https:\\\/\\\/www.hautes-alpes.net\\\/nl\\\/fiche\\\/les-vendanges-touristiques-6\\\/&quot;,&quot;type&quot;:&quot;fete_et_manifestation&quot;,&quot;commune&quot;:&quot;Upaix&quot;,&quot;type_commerce&quot;:&quot;&quot;,&quot;image&quot;:&quot;https:\\\/\\\/static.apidae-tourisme.com\\\/filestore\\\/objets-touristiques\\\/images\\\/193\\\/4\\\/42468545-diaporama.jpg&quot;,&quot;image_width&quot;:&quot;550&quot;,&quot;image_height&quot;:&quot;350&quot;,&quot;image_fit&quot;:&quot;cover&quot;},{&quot;lat&quot;:&quot;44.562502&quot;,&quot;lng&quot;:&quot;6.085519&quot;,&quot;title&quot;:&quot;Comar : trait naturel ?&quot;,&quot;permalink&quot;:&quot;https:\\\/\\\/www.hautes-alpes.net\\\/nl\\\/fiche\\\/comar-trait-naturel-6\\\/&quot;,&quot;type&quot;:&quot;fete_et_manifestation&quot;,&quot;commune&quot;:&quot;Gap&quot;,&quot;type_commerce&quot;:&quot;&quot;,&quot;image&quot;:&quot;https:\\\/\\\/static.apidae-tourisme.com\\\/filestore\\\/objets-touristiques\\\/images\\\/230\\\/31\\\/41033702-diaporama.jpg&quot;,&quot;image_width&quot;:&quot;550&quot;,&quot;image_height&quot;:&quot;350&quot;,&quot;image_fit&quot;:&quot;cover&quot;},{&quot;lat&quot;:&quot;44.391499&quot;,&quot;lng&quot;:&quot;5.471054&quot;,&quot;title&quot;:&quot;Exposition vente de produits locaux artisanaux&quot;,&quot;permalink&quot;:&quot;https:\\\/\\\/www.hautes-alpes.net\\\/nl\\\/fiche\\\/exposition-vente-de-produits-locaux-artisanaux-6\\\/&quot;,&quot;type&quot;:&quot;fete_et_manifestation&quot;,&quot;commune&quot;:&quot;Rosans&quot;,&quot;type_commerce&quot;:&quot;&quot;,&quot;image&quot;:&quot;https:\\\/\\\/static.apidae-tourisme.com\\\/filestore\\\/objets-touristiques\\\/images\\\/119\\\/90\\\/41704055-diaporama.jpg&quot;,&quot;image_width&quot;:&quot;550&quot;,&quot;image_height&quot;:&quot;350&quot;,&quot;image_fit&quot;:&quot;cover&quot;},{&quot;lat&quot;:&quot;44.271373&quot;,&quot;lng&quot;:&quot;5.810041&quot;,&quot;title&quot;:&quot;Visite de l&#8217;atelier  - Brasserie des Gorges de la M\\u00e9ouge&quot;,&quot;permalink&quot;:&quot;https:\\\/\\\/www.hautes-alpes.net\\\/nl\\\/fiche\\\/visite-de-latelier-brasserie-des-gorges-de-la-meouge-6\\\/&quot;,&quot;type&quot;:&quot;fete_et_manifestation&quot;,&quot;commune&quot;:&quot;Val Bu\\u00ebch-M\\u00e9ouge&quot;,&quot;type_commerce&quot;:&quot;&quot;,&quot;image&quot;:&quot;https:\\\/\\\/static.apidae-tourisme.com\\\/filestore\\\/objets-touristiques\\\/images\\\/40\\\/254\\\/12647976-diaporama.jpg&quot;,&quot;image_width&quot;:&quot;550&quot;,&quot;image_height&quot;:&quot;350&quot;,&quot;image_fit&quot;:&quot;cover&quot;},{&quot;lat&quot;:&quot;44.463248&quot;,&quot;lng&quot;:&quot;6.05531&quot;,&quot;title&quot;:&quot;March\\u00e9 hebdomadaire&quot;,&quot;permalink&quot;:&quot;https:\\\/\\\/www.hautes-alpes.net\\\/nl\\\/fiche\\\/marche-hebdomadaire-6\\\/&quot;,&quot;type&quot;:&quot;fete_et_manifestation&quot;,&quot;commune&quot;:&quot;Tallard&quot;,&quot;type_commerce&quot;:&quot;&quot;,&quot;image&quot;:&quot;https:\\\/\\\/static.apidae-tourisme.com\\\/filestore\\\/objets-touristiques\\\/images\\\/72\\\/248\\\/18020424-diaporama.jpg&quot;,&quot;image_width&quot;:&quot;550&quot;,&quot;image_height&quot;:&quot;350&quot;,&quot;image_fit&quot;:&quot;cover&quot;},{&quot;lat&quot;:&quot;44.562413&quot;,&quot;lng&quot;:&quot;5.957068&quot;,&quot;title&quot;:&quot;March\\u00e9 de La Roche des Arnauds&quot;,&quot;permalink&quot;:&quot;https:\\\/\\\/www.hautes-alpes.net\\\/nl\\\/fiche\\\/marche-de-la-roche-des-arnauds-6\\\/&quot;,&quot;type&quot;:&quot;fete_et_manifestation&quot;,&quot;commune&quot;:&quot;La Roche-des-Arnauds&quot;,&quot;type_commerce&quot;:&quot;&quot;,&quot;image&quot;:&quot;https:\\\/\\\/static.apidae-tourisme.com\\\/filestore\\\/objets-touristiques\\\/images\\\/176\\\/40\\\/18098352-diaporama.jpg&quot;,&quot;image_width&quot;:&quot;550&quot;,&quot;image_height&quot;:&quot;350&quot;,&quot;image_fit&quot;:&quot;cover&quot;},{&quot;lat&quot;:&quot;44.634455&quot;,&quot;lng&quot;:&quot;5.907258&quot;,&quot;title&quot;:&quot;Complet - Visite de l&#8217;observatoire NOEMA&quot;,&quot;permalink&quot;:&quot;https:\\\/\\\/www.hautes-alpes.net\\\/nl\\\/fiche\\\/complet-visite-de-lobservatoire-noema-6\\\/&quot;,&quot;type&quot;:&quot;fete_et_manifestation&quot;,&quot;commune&quot;:&quot;D\\u00e9voluy&quot;,&quot;type_commerce&quot;:&quot;&quot;,&quot;image&quot;:&quot;https:\\\/\\\/static.apidae-tourisme.com\\\/filestore\\\/objets-touristiques\\\/images\\\/237\\\/21\\\/41227757-diaporama.jpg&quot;,&quot;image_width&quot;:&quot;550&quot;,&quot;image_height&quot;:&quot;350&quot;,&quot;image_fit&quot;:&quot;cover&quot;},{&quot;lat&quot;:&quot;44.562537&quot;,&quot;lng&quot;:&quot;6.494606&quot;,&quot;title&quot;:&quot;Exposition - Les femmes au moyen-\\u00e2ge&quot;,&quot;permalink&quot;:&quot;https:\\\/\\\/www.hautes-alpes.net\\\/nl\\\/fiche\\\/exposition-les-femmes-au-moyen-age-6\\\/&quot;,&quot;type&quot;:&quot;fete_et_manifestation&quot;,&quot;commune&quot;:&quot;Embrun&quot;,&quot;type_commerce&quot;:&quot;&quot;,&quot;image&quot;:&quot;https:\\\/\\\/static.apidae-tourisme.com\\\/filestore\\\/objets-touristiques\\\/images\\\/192\\\/247\\\/41088960-diaporama.jpg&quot;,&quot;image_width&quot;:&quot;550&quot;,&quot;image_height&quot;:&quot;350&quot;,&quot;image_fit&quot;:&quot;cover&quot;},{&quot;lat&quot;:&quot;44.669319&quot;,&quot;lng&quot;:&quot;6.622267&quot;,&quot;title&quot;:&quot;Visites du jardin historique de Mont-Dauphin&quot;,&quot;permalink&quot;:&quot;https:\\\/\\\/www.hautes-alpes.net\\\/nl\\\/fiche\\\/visites-du-jardin-historique-de-mont-dauphin-6\\\/&quot;,&quot;type&quot;:&quot;fete_et_manifestation&quot;,&quot;commune&quot;:&quot;Mont-Dauphin&quot;,&quot;type_commerce&quot;:&quot;&quot;,&quot;image&quot;:&quot;https:\\\/\\\/static.apidae-tourisme.com\\\/filestore\\\/objets-touristiques\\\/images\\\/14\\\/46\\\/13708814-diaporama.jpg&quot;,&quot;image_width&quot;:&quot;550&quot;,&quot;image_height&quot;:&quot;350&quot;,&quot;image_fit&quot;:&quot;cover&quot;},{&quot;lat&quot;:&quot;44.661507&quot;,&quot;lng&quot;:&quot;6.650309&quot;,&quot;title&quot;:&quot;Initiation aux \\u00e9checs&quot;,&quot;permalink&quot;:&quot;https:\\\/\\\/www.hautes-alpes.net\\\/nl\\\/fiche\\\/initiation-aux-echecs-6\\\/&quot;,&quot;type&quot;:&quot;fete_et_manifestation&quot;,&quot;commune&quot;:&quot;Guillestre&quot;,&quot;type_commerce&quot;:&quot;&quot;,&quot;image&quot;:&quot;https:\\\/\\\/static.apidae-tourisme.com\\\/filestore\\\/objets-touristiques\\\/images\\\/115\\\/102\\\/35939955-diaporama.jpg&quot;,&quot;image_width&quot;:&quot;550&quot;,&quot;image_height&quot;:&quot;350&quot;,&quot;image_fit&quot;:&quot;cover&quot;},{&quot;lat&quot;:&quot;44.434403&quot;,&quot;lng&quot;:&quot;5.711138&quot;,&quot;title&quot;:&quot;Visite guid\\u00e9e de la Miellerie du Paroy&quot;,&quot;permalink&quot;:&quot;https:\\\/\\\/www.hautes-alpes.net\\\/nl\\\/fiche\\\/visite-guidee-de-la-miellerie-du-paroy-6\\\/&quot;,&quot;type&quot;:&quot;fete_et_manifestation&quot;,&quot;commune&quot;:&quot;Serres&quot;,&quot;type_commerce&quot;:&quot;&quot;,&quot;image&quot;:&quot;https:\\\/\\\/static.apidae-tourisme.com\\\/filestore\\\/objets-touristiques\\\/images\\\/84\\\/36\\\/35464276-diaporama.jpg&quot;,&quot;image_width&quot;:&quot;550&quot;,&quot;image_height&quot;:&quot;350&quot;,&quot;image_fit&quot;:&quot;cover&quot;},{&quot;lat&quot;:&quot;44.699511&quot;,&quot;lng&quot;:&quot;6.869121&quot;,&quot;title&quot;:&quot;Visite guid\\u00e9e : Saint-V\\u00e9ran, un village dans les \\u00e9toiles&quot;,&quot;permalink&quot;:&quot;https:\\\/\\\/www.hautes-alpes.net\\\/nl\\\/fiche\\\/visite-guidee-saint-veran-un-village-dans-les-etoiles-5\\\/&quot;,&quot;type&quot;:&quot;fete_et_manifestation&quot;,&quot;commune&quot;:&quot;Saint-V\\u00e9ran&quot;,&quot;type_commerce&quot;:&quot;&quot;,&quot;image&quot;:&quot;https:\\\/\\\/static.apidae-tourisme.com\\\/filestore\\\/objets-touristiques\\\/images\\\/86\\\/99\\\/39150422-diaporama.jpg&quot;,&quot;image_width&quot;:&quot;550&quot;,&quot;image_height&quot;:&quot;350&quot;,&quot;image_fit&quot;:&quot;cover&quot;},{&quot;lat&quot;:&quot;44.569342&quot;,&quot;lng&quot;:&quot;6.090285&quot;,&quot;title&quot;:&quot;Projection du film Yukon, un r\\u00eave blanc&quot;,&quot;permalink&quot;:&quot;https:\\\/\\\/www.hautes-alpes.net\\\/nl\\\/fiche\\\/projection-du-film-yukon-un-reve-blanc-8\\\/&quot;,&quot;type&quot;:&quot;fete_et_manifestation&quot;,&quot;commune&quot;:&quot;Gap&quot;,&quot;type_commerce&quot;:&quot;&quot;,&quot;image&quot;:&quot;https:\\\/\\\/static.apidae-tourisme.com\\\/filestore\\\/objets-touristiques\\\/images\\\/198\\\/172\\\/42380486-diaporama.jpg&quot;,&quot;image_width&quot;:&quot;550&quot;,&quot;image_height&quot;:&quot;350&quot;,&quot;image_fit&quot;:&quot;cover&quot;},{&quot;lat&quot;:&quot;44.391882&quot;,&quot;lng&quot;:&quot;5.469992&quot;,&quot;title&quot;:&quot;9\\u00e8me Festival Cin\\u00e9ma et Sant\\u00e9&quot;,&quot;permalink&quot;:&quot;https:\\\/\\\/www.hautes-alpes.net\\\/nl\\\/fiche\\\/9eme-festival-cinema-et-sante-6\\\/&quot;,&quot;type&quot;:&quot;fete_et_manifestation&quot;,&quot;commune&quot;:&quot;Rosans&quot;,&quot;type_commerce&quot;:&quot;&quot;,&quot;image&quot;:&quot;https:\\\/\\\/static.apidae-tourisme.com\\\/filestore\\\/objets-touristiques\\\/images\\\/91\\\/183\\\/42317659-diaporama.jpg&quot;,&quot;image_width&quot;:&quot;550&quot;,&quot;image_height&quot;:&quot;350&quot;,&quot;image_fit&quot;:&quot;cover&quot;},{&quot;lat&quot;:&quot;44.428964&quot;,&quot;lng&quot;:&quot;5.716768&quot;,&quot;title&quot;:&quot;Mairie de Serres&quot;,&quot;permalink&quot;:&quot;https:\\\/\\\/www.hautes-alpes.net\\\/nl\\\/fiche\\\/mairie-de-serres-4\\\/&quot;,&quot;type&quot;:&quot;fete_et_manifestation&quot;,&quot;commune&quot;:&quot;Serres&quot;,&quot;type_commerce&quot;:&quot;&quot;,&quot;image&quot;:&quot;https:\\\/\\\/static.apidae-tourisme.com\\\/filestore\\\/objets-touristiques\\\/images\\\/39\\\/129\\\/40075559-diaporama.jpg&quot;,&quot;image_width&quot;:&quot;550&quot;,&quot;image_height&quot;:&quot;350&quot;,&quot;image_fit&quot;:&quot;cover&quot;},{&quot;lat&quot;:&quot;44.559618&quot;,&quot;lng&quot;:&quot;6.080287&quot;,&quot;title&quot;:&quot;March\\u00e9 hebdomadaire du samedi&quot;,&quot;permalink&quot;:&quot;https:\\\/\\\/www.hautes-alpes.net\\\/nl\\\/fiche\\\/marche-hebdomadaire-du-samedi-6\\\/&quot;,&quot;type&quot;:&quot;fete_et_manifestation&quot;,&quot;commune&quot;:&quot;Gap&quot;,&quot;type_commerce&quot;:&quot;&quot;,&quot;image&quot;:&quot;https:\\\/\\\/static.apidae-tourisme.com\\\/filestore\\\/objets-touristiques\\\/images\\\/41\\\/248\\\/18020393-diaporama.jpg&quot;,&quot;image_width&quot;:&quot;550&quot;,&quot;image_height&quot;:&quot;350&quot;,&quot;image_fit&quot;:&quot;cover&quot;},{&quot;lat&quot;:&quot;44.521898&quot;,&quot;lng&quot;:&quot;5.751592&quot;,&quot;title&quot;:&quot;March\\u00e9 d&#8217;Aspres sur Bu\\u00ebch&quot;,&quot;permalink&quot;:&quot;https:\\\/\\\/www.hautes-alpes.net\\\/nl\\\/fiche\\\/marche-daspres-sur-buech-6\\\/&quot;,&quot;type&quot;:&quot;fete_et_manifestation&quot;,&quot;commune&quot;:&quot;Aspres-sur-Bu\\u00ebch&quot;,&quot;type_commerce&quot;:&quot;&quot;,&quot;image&quot;:&quot;https:\\\/\\\/static.apidae-tourisme.com\\\/filestore\\\/objets-touristiques\\\/images\\\/79\\\/41\\\/18098511-diaporama.jpg&quot;,&quot;image_width&quot;:&quot;550&quot;,&quot;image_height&quot;:&quot;350&quot;,&quot;image_fit&quot;:&quot;cover&quot;},{&quot;lat&quot;:&quot;44.558094&quot;,&quot;lng&quot;:&quot;5.954826&quot;,&quot;title&quot;:&quot;Atelier &#8221;Arts Martiaux Historiques Europ\\u00e9ens&#8221;&quot;,&quot;permalink&quot;:&quot;https:\\\/\\\/www.hautes-alpes.net\\\/nl\\\/fiche\\\/atelier-arts-martiaux-historiques-europeens-6\\\/&quot;,&quot;type&quot;:&quot;fete_et_manifestation&quot;,&quot;commune&quot;:&quot;La Roche-des-Arnauds&quot;,&quot;type_commerce&quot;:&quot;&quot;,&quot;image&quot;:&quot;https:\\\/\\\/static.apidae-tourisme.com\\\/filestore\\\/objets-touristiques\\\/images\\\/60\\\/232\\\/39315516-diaporama.jpg&quot;,&quot;image_width&quot;:&quot;550&quot;,&quot;image_height&quot;:&quot;350&quot;,&quot;image_fit&quot;:&quot;cover&quot;},{&quot;lat&quot;:&quot;44.558094&quot;,&quot;lng&quot;:&quot;5.954826&quot;,&quot;title&quot;:&quot;Atelier  &#8221; Danse Renaissance &#8221;&quot;,&quot;permalink&quot;:&quot;https:\\\/\\\/www.hautes-alpes.net\\\/nl\\\/fiche\\\/atelier-danse-renaissance-6\\\/&quot;,&quot;type&quot;:&quot;fete_et_manifestation&quot;,&quot;commune&quot;:&quot;La Roche-des-Arnauds&quot;,&quot;type_commerce&quot;:&quot;&quot;,&quot;image&quot;:&quot;https:\\\/\\\/static.apidae-tourisme.com\\\/filestore\\\/objets-touristiques\\\/images\\\/236\\\/30\\\/40378092-diaporama.jpg&quot;,&quot;image_width&quot;:&quot;550&quot;,&quot;image_height&quot;:&quot;350&quot;,&quot;image_fit&quot;:&quot;cover&quot;},{&quot;lat&quot;:&quot;44.319426&quot;,&quot;lng&quot;:&quot;5.824046&quot;,&quot;title&quot;:&quot;Ronde des Baronnies Proven\\u00e7ales&quot;,&quot;permalink&quot;:&quot;https:\\\/\\\/www.hautes-alpes.net\\\/nl\\\/fiche\\\/ronde-des-baronnies-provencales-6\\\/&quot;,&quot;type&quot;:&quot;fete_et_manifestation&quot;,&quot;commune&quot;:&quot;Laragne-Mont\\u00e9glin&quot;,&quot;type_commerce&quot;:&quot;&quot;,&quot;image&quot;:&quot;https:\\\/\\\/static.apidae-tourisme.com\\\/filestore\\\/objets-touristiques\\\/images\\\/133\\\/89\\\/42031493-diaporama.jpg&quot;,&quot;image_width&quot;:&quot;550&quot;,&quot;image_height&quot;:&quot;350&quot;,&quot;image_fit&quot;:&quot;cover&quot;},{&quot;lat&quot;:&quot;44.576754&quot;,&quot;lng&quot;:&quot;6.362492&quot;,&quot;title&quot;:&quot;Enduro de R\\u00e9allon Serre-Pon\\u00e7on | Troph\\u00e9e Enduro des Alpes&quot;,&quot;permalink&quot;:&quot;https:\\\/\\\/www.hautes-alpes.net\\\/nl\\\/fiche\\\/enduro-de-reallon-serre-poncon-trophee-enduro-des-alpes-6\\\/&quot;,&quot;type&quot;:&quot;fete_et_manifestation&quot;,&quot;commune&quot;:&quot;R\\u00e9allon&quot;,&quot;type_commerce&quot;:&quot;&quot;,&quot;image&quot;:&quot;https:\\\/\\\/static.apidae-tourisme.com\\\/filestore\\\/objets-touristiques\\\/images\\\/236\\\/97\\\/42099180-diaporama.png&quot;,&quot;image_width&quot;:&quot;550&quot;,&quot;image_height&quot;:&quot;350&quot;,&quot;image_fit&quot;:&quot;cover&quot;},{&quot;lat&quot;:&quot;44.569342&quot;,&quot;lng&quot;:&quot;6.090285&quot;,&quot;title&quot;:&quot;Projection du film Flow&quot;,&quot;permalink&quot;:&quot;https:\\\/\\\/www.hautes-alpes.net\\\/nl\\\/fiche\\\/projection-du-film-flow-6\\\/&quot;,&quot;type&quot;:&quot;fete_et_manifestation&quot;,&quot;commune&quot;:&quot;Gap&quot;,&quot;type_commerce&quot;:&quot;&quot;,&quot;image&quot;:&quot;https:\\\/\\\/static.apidae-tourisme.com\\\/filestore\\\/objets-touristiques\\\/images\\\/146\\\/188\\\/42384530-diaporama.jpg&quot;,&quot;image_width&quot;:&quot;550&quot;,&quot;image_height&quot;:&quot;350&quot;,&quot;image_fit&quot;:&quot;cover&quot;},{&quot;lat&quot;:&quot;44.431105&quot;,&quot;lng&quot;:&quot;5.98128&quot;,&quot;title&quot;:&quot;A livres perch\\u00e9s : spectacle Chaudun la montagne bless\\u00e9e&quot;,&quot;permalink&quot;:&quot;https:\\\/\\\/www.hautes-alpes.net\\\/nl\\\/fiche\\\/a-livres-perches-spectacle-chaudun-la-montagne-blessee-6\\\/&quot;,&quot;type&quot;:&quot;fete_et_manifestation&quot;,&quot;commune&quot;:&quot;Lardier-et-Valen\\u00e7a&quot;,&quot;type_commerce&quot;:&quot;&quot;,&quot;image&quot;:&quot;https:\\\/\\\/static.apidae-tourisme.com\\\/filestore\\\/objets-touristiques\\\/images\\\/173\\\/241\\\/42398125-diaporama.jpg&quot;,&quot;image_width&quot;:&quot;550&quot;,&quot;image_height&quot;:&quot;350&quot;,&quot;image_fit&quot;:&quot;cover&quot;},{&quot;lat&quot;:&quot;44.431105&quot;,&quot;lng&quot;:&quot;5.98128&quot;,&quot;title&quot;:&quot;A livres perch\\u00e9s : atelier d&#8217;\\u00e9criture&quot;,&quot;permalink&quot;:&quot;https:\\\/\\\/www.hautes-alpes.net\\\/nl\\\/fiche\\\/a-livres-perches-atelier-decriture-6\\\/&quot;,&quot;type&quot;:&quot;fete_et_manifestation&quot;,&quot;commune&quot;:&quot;Lardier-et-Valen\\u00e7a&quot;,&quot;type_commerce&quot;:&quot;&quot;,&quot;image&quot;:&quot;https:\\\/\\\/static.apidae-tourisme.com\\\/filestore\\\/objets-touristiques\\\/images\\\/151\\\/142\\\/42438295-diaporama.jpg&quot;,&quot;image_width&quot;:&quot;550&quot;,&quot;image_height&quot;:&quot;350&quot;,&quot;image_fit&quot;:&quot;cover&quot;},{&quot;lat&quot;:&quot;44.532752&quot;,&quot;lng&quot;:&quot;6.431961&quot;,&quot;title&quot;:&quot;Welcome to the lake #4&quot;,&quot;permalink&quot;:&quot;https:\\\/\\\/www.hautes-alpes.net\\\/nl\\\/fiche\\\/welcome-to-the-lake-4-6\\\/&quot;,&quot;type&quot;:&quot;fete_et_manifestation&quot;,&quot;commune&quot;:&quot;Crots&quot;,&quot;type_commerce&quot;:&quot;&quot;,&quot;image&quot;:&quot;https:\\\/\\\/static.apidae-tourisme.com\\\/filestore\\\/objets-touristiques\\\/images\\\/40\\\/54\\\/42350120-diaporama.jpg&quot;,&quot;image_width&quot;:&quot;550&quot;,&quot;image_height&quot;:&quot;350&quot;,&quot;image_fit&quot;:&quot;cover&quot;},{&quot;lat&quot;:&quot;44.326685&quot;,&quot;lng&quot;:&quot;5.655146&quot;,&quot;title&quot;:&quot;Visite guid\\u00e9e de l&#8217;\\u00e9glise romane de Saint-Cyrice&quot;,&quot;permalink&quot;:&quot;https:\\\/\\\/www.hautes-alpes.net\\\/nl\\\/fiche\\\/visite-guidee-de-leglise-romane-de-saint-cyrice-6\\\/&quot;,&quot;type&quot;:&quot;fete_et_manifestation&quot;,&quot;commune&quot;:&quot;\\u00c9toile-Saint-Cyrice&quot;,&quot;type_commerce&quot;:&quot;&quot;,&quot;image&quot;:&quot;https:\\\/\\\/static.apidae-tourisme.com\\\/filestore\\\/objets-touristiques\\\/images\\\/82\\\/65\\\/672082-diaporama.jpg&quot;,&quot;image_width&quot;:&quot;550&quot;,&quot;image_height&quot;:&quot;350&quot;,&quot;image_fit&quot;:&quot;cover&quot;},{&quot;lat&quot;:&quot;44.827898&quot;,&quot;lng&quot;:&quot;6.493564&quot;,&quot;title&quot;:&quot;Le Pilgrimage GRAVEL&quot;,&quot;permalink&quot;:&quot;https:\\\/\\\/www.hautes-alpes.net\\\/nl\\\/fiche\\\/le-pilgrimage-gravel-6\\\/&quot;,&quot;type&quot;:&quot;fete_et_manifestation&quot;,&quot;commune&quot;:&quot;Puy-Saint-Vincent&quot;,&quot;type_commerce&quot;:&quot;&quot;,&quot;image&quot;:&quot;https:\\\/\\\/static.apidae-tourisme.com\\\/filestore\\\/objets-touristiques\\\/images\\\/233\\\/45\\\/17313257-diaporama.jpg&quot;,&quot;image_width&quot;:&quot;550&quot;,&quot;image_height&quot;:&quot;350&quot;,&quot;image_fit&quot;:&quot;cover&quot;},{&quot;lat&quot;:&quot;44.545716&quot;,&quot;lng&quot;:&quot;6.275548&quot;,&quot;title&quot;:&quot;March\\u00e9 hebdomadaire de Chorges&quot;,&quot;permalink&quot;:&quot;https:\\\/\\\/www.hautes-alpes.net\\\/nl\\\/fiche\\\/marche-hebdomadaire-de-chorges-6\\\/&quot;,&quot;type&quot;:&quot;fete_et_manifestation&quot;,&quot;commune&quot;:&quot;Chorges&quot;,&quot;type_commerce&quot;:&quot;&quot;,&quot;image&quot;:&quot;https:\\\/\\\/static.apidae-tourisme.com\\\/filestore\\\/objets-touristiques\\\/images\\\/124\\\/82\\\/33510012-diaporama.jpg&quot;,&quot;image_width&quot;:&quot;550&quot;,&quot;image_height&quot;:&quot;350&quot;,&quot;image_fit&quot;:&quot;cover&quot;},{&quot;lat&quot;:&quot;44.68396&quot;,&quot;lng&quot;:&quot;6.979926&quot;,&quot;title&quot;:&quot;Cols r\\u00e9serv\\u00e9s - Col Agnel&quot;,&quot;permalink&quot;:&quot;https:\\\/\\\/www.hautes-alpes.net\\\/nl\\\/fiche\\\/cols-reserves-col-agnel-5\\\/&quot;,&quot;type&quot;:&quot;fete_et_manifestation&quot;,&quot;commune&quot;:&quot;Molines-en-Queyras&quot;,&quot;type_commerce&quot;:&quot;&quot;,&quot;image&quot;:&quot;https:\\\/\\\/static.apidae-tourisme.com\\\/filestore\\\/objets-touristiques\\\/images\\\/0\\\/34\\\/41361920-diaporama.png&quot;,&quot;image_width&quot;:&quot;550&quot;,&quot;image_height&quot;:&quot;350&quot;,&quot;image_fit&quot;:&quot;cover&quot;},{&quot;lat&quot;:&quot;44.459975&quot;,&quot;lng&quot;:&quot;6.056247&quot;,&quot;title&quot;:&quot;Visites du ch\\u00e2teau de Tallard&quot;,&quot;permalink&quot;:&quot;https:\\\/\\\/www.hautes-alpes.net\\\/nl\\\/fiche\\\/visites-du-chateau-de-tallard-7\\\/&quot;,&quot;type&quot;:&quot;fete_et_manifestation&quot;,&quot;commune&quot;:&quot;Tallard&quot;,&quot;type_commerce&quot;:&quot;&quot;,&quot;image&quot;:&quot;https:\\\/\\\/static.apidae-tourisme.com\\\/filestore\\\/objets-touristiques\\\/images\\\/132\\\/106\\\/41249412-diaporama.jpg&quot;,&quot;image_width&quot;:&quot;550&quot;,&quot;image_height&quot;:&quot;350&quot;,&quot;image_fit&quot;:&quot;cover&quot;},{&quot;lat&quot;:&quot;44.314598&quot;,&quot;lng&quot;:&quot;5.82285&quot;,&quot;title&quot;:&quot;Exposition photos &#8221;L&#8217;infrarouge, entre illusion et surr\\u00e9alisme&#8221;&quot;,&quot;permalink&quot;:&quot;https:\\\/\\\/www.hautes-alpes.net\\\/nl\\\/fiche\\\/exposition-photos-linfrarouge-entre-illusion-et-surrealisme-6\\\/&quot;,&quot;type&quot;:&quot;fete_et_manifestation&quot;,&quot;commune&quot;:&quot;Laragne-Mont\\u00e9glin&quot;,&quot;type_commerce&quot;:&quot;&quot;,&quot;image&quot;:&quot;https:\\\/\\\/static.apidae-tourisme.com\\\/filestore\\\/objets-touristiques\\\/images\\\/32\\\/202\\\/42388000-diaporama.jpg&quot;,&quot;image_width&quot;:&quot;550&quot;,&quot;image_height&quot;:&quot;350&quot;,&quot;image_fit&quot;:&quot;cover&quot;},{&quot;lat&quot;:&quot;44.392574&quot;,&quot;lng&quot;:&quot;5.471151&quot;,&quot;title&quot;:&quot;March\\u00e9 de Rosans&quot;,&quot;permalink&quot;:&quot;https:\\\/\\\/www.hautes-alpes.net\\\/nl\\\/fiche\\\/marche-de-rosans-6\\\/&quot;,&quot;type&quot;:&quot;fete_et_manifestation&quot;,&quot;commune&quot;:&quot;Rosans&quot;,&quot;type_commerce&quot;:&quot;&quot;,&quot;image&quot;:&quot;https:\\\/\\\/static.apidae-tourisme.com\\\/filestore\\\/objets-touristiques\\\/images\\\/231\\\/161\\\/40083943-diaporama.jpg&quot;,&quot;image_width&quot;:&quot;550&quot;,&quot;image_height&quot;:&quot;350&quot;,&quot;image_fit&quot;:&quot;cover&quot;},{&quot;lat&quot;:&quot;44.434808&quot;,&quot;lng&quot;:&quot;5.980473&quot;,&quot;title&quot;:&quot;A livres perch\\u00e9s : expo photo&quot;,&quot;permalink&quot;:&quot;https:\\\/\\\/www.hautes-alpes.net\\\/nl\\\/fiche\\\/a-livres-perches-expo-photo-6\\\/&quot;,&quot;type&quot;:&quot;fete_et_manifestation&quot;,&quot;commune&quot;:&quot;Lardier-et-Valen\\u00e7a&quot;,&quot;type_commerce&quot;:&quot;&quot;,&quot;image&quot;:&quot;https:\\\/\\\/static.apidae-tourisme.com\\\/filestore\\\/objets-touristiques\\\/images\\\/75\\\/244\\\/42398795-diaporama.jpg&quot;,&quot;image_width&quot;:&quot;550&quot;,&quot;image_height&quot;:&quot;350&quot;,&quot;image_fit&quot;:&quot;cover&quot;},{&quot;lat&quot;:&quot;44.411842&quot;,&quot;lng&quot;:&quot;5.973532&quot;,&quot;title&quot;:&quot;A livres perch\\u00e9s : salon du livre&quot;,&quot;permalink&quot;:&quot;https:\\\/\\\/www.hautes-alpes.net\\\/nl\\\/fiche\\\/a-livres-perches-salon-du-livre-6\\\/&quot;,&quot;type&quot;:&quot;fete_et_manifestation&quot;,&quot;commune&quot;:&quot;Lardier-et-Valen\\u00e7a&quot;,&quot;type_commerce&quot;:&quot;&quot;,&quot;image&quot;:&quot;https:\\\/\\\/static.apidae-tourisme.com\\\/filestore\\\/objets-touristiques\\\/images\\\/8\\\/244\\\/42398728-diaporama.jpg&quot;,&quot;image_width&quot;:&quot;550&quot;,&quot;image_height&quot;:&quot;350&quot;,&quot;image_fit&quot;:&quot;cover&quot;},{&quot;lat&quot;:&quot;44.411842&quot;,&quot;lng&quot;:&quot;5.973532&quot;,&quot;title&quot;:&quot;A lilvres perch\\u00e9s : rencontre avec Isis Labeau Caberia&quot;,&quot;permalink&quot;:&quot;https:\\\/\\\/www.hautes-alpes.net\\\/nl\\\/fiche\\\/a-lilvres-perches-rencontre-avec-isis-labeau-caberia-6\\\/&quot;,&quot;type&quot;:&quot;fete_et_manifestation&quot;,&quot;commune&quot;:&quot;Lardier-et-Valen\\u00e7a&quot;,&quot;type_commerce&quot;:&quot;&quot;,&quot;image&quot;:&quot;https:\\\/\\\/static.apidae-tourisme.com\\\/filestore\\\/objets-touristiques\\\/images\\\/46\\\/243\\\/42398510-diaporama.jpg&quot;,&quot;image_width&quot;:&quot;550&quot;,&quot;image_height&quot;:&quot;350&quot;,&quot;image_fit&quot;:&quot;cover&quot;},{&quot;lat&quot;:&quot;44.411842&quot;,&quot;lng&quot;:&quot;5.973532&quot;,&quot;title&quot;:&quot;A livres perch\\u00e9s : rencontre avec St\\u00e9phane Guinard&quot;,&quot;permalink&quot;:&quot;https:\\\/\\\/www.hautes-alpes.net\\\/nl\\\/fiche\\\/a-livres-perches-rencontre-avec-stephane-guinard-6\\\/&quot;,&quot;type&quot;:&quot;fete_et_manifestation&quot;,&quot;commune&quot;:&quot;Lardier-et-Valen\\u00e7a&quot;,&quot;type_commerce&quot;:&quot;&quot;,&quot;image&quot;:&quot;https:\\\/\\\/static.apidae-tourisme.com\\\/filestore\\\/objets-touristiques\\\/images\\\/241\\\/242\\\/42398449-diaporama.jpg&quot;,&quot;image_width&quot;:&quot;550&quot;,&quot;image_height&quot;:&quot;350&quot;,&quot;image_fit&quot;:&quot;cover&quot;},{&quot;lat&quot;:&quot;44.411842&quot;,&quot;lng&quot;:&quot;5.973532&quot;,&quot;title&quot;:&quot;A livres perch\\u00e9s : rencontre avec C\\u00e9dric Dentant&quot;,&quot;permalink&quot;:&quot;https:\\\/\\\/www.hautes-alpes.net\\\/nl\\\/fiche\\\/a-livres-perches-rencontre-avec-cedric-dentant-6\\\/&quot;,&quot;type&quot;:&quot;fete_et_manifestation&quot;,&quot;commune&quot;:&quot;Lardier-et-Valen\\u00e7a&quot;,&quot;type_commerce&quot;:&quot;&quot;,&quot;image&quot;:&quot;https:\\\/\\\/static.apidae-tourisme.com\\\/filestore\\\/objets-touristiques\\\/images\\\/156\\\/242\\\/42398364-diaporama.png&quot;,&quot;image_width&quot;:&quot;550&quot;,&quot;image_height&quot;:&quot;350&quot;,&quot;image_fit&quot;:&quot;cover&quot;},{&quot;lat&quot;:&quot;44.411842&quot;,&quot;lng&quot;:&quot;5.973532&quot;,&quot;title&quot;:&quot;A livres perch\\u00e9s : pr\\u00e9sentation de la rentr\\u00e9e litt\\u00e9raire&quot;,&quot;permalink&quot;:&quot;https:\\\/\\\/www.hautes-alpes.net\\\/nl\\\/fiche\\\/a-livres-perches-presentation-de-la-rentree-litteraire-6\\\/&quot;,&quot;type&quot;:&quot;fete_et_manifestation&quot;,&quot;commune&quot;:&quot;Lardier-et-Valen\\u00e7a&quot;,&quot;type_commerce&quot;:&quot;&quot;,&quot;image&quot;:&quot;https:\\\/\\\/static.apidae-tourisme.com\\\/filestore\\\/objets-touristiques\\\/images\\\/205\\\/142\\\/42438349-diaporama.jpg&quot;,&quot;image_width&quot;:&quot;550&quot;,&quot;image_height&quot;:&quot;350&quot;,&quot;image_fit&quot;:&quot;cover&quot;},{&quot;lat&quot;:&quot;44.902528&quot;,&quot;lng&quot;:&quot;6.645724&quot;,&quot;title&quot;:&quot;Finale Coupe R\\u00e9gion Sud VTT - XCO&quot;,&quot;permalink&quot;:&quot;https:\\\/\\\/www.hautes-alpes.net\\\/nl\\\/fiche\\\/finale-coupe-region-sud-vtt-xco-4\\\/&quot;,&quot;type&quot;:&quot;fete_et_manifestation&quot;,&quot;commune&quot;:&quot;Brian\\u00e7on&quot;,&quot;type_commerce&quot;:&quot;&quot;,&quot;image&quot;:&quot;https:\\\/\\\/static.apidae-tourisme.com\\\/filestore\\\/objets-touristiques\\\/images\\\/48\\\/194\\\/42451504-diaporama.jpg&quot;,&quot;image_width&quot;:&quot;550&quot;,&quot;image_height&quot;:&quot;350&quot;,&quot;image_fit&quot;:&quot;cover&quot;},{&quot;lat&quot;:&quot;44.659703&quot;,&quot;lng&quot;:&quot;6.650449&quot;,&quot;title&quot;:&quot;March\\u00e9 de Guillestre&quot;,&quot;permalink&quot;:&quot;https:\\\/\\\/www.hautes-alpes.net\\\/nl\\\/fiche\\\/marche-de-guillestre-5\\\/&quot;,&quot;type&quot;:&quot;fete_et_manifestation&quot;,&quot;commune&quot;:&quot;Guillestre&quot;,&quot;type_commerce&quot;:&quot;&quot;,&quot;image&quot;:&quot;https:\\\/\\\/static.apidae-tourisme.com\\\/filestore\\\/objets-touristiques\\\/images\\\/199\\\/156\\\/8363207-diaporama.jpg&quot;,&quot;image_width&quot;:&quot;550&quot;,&quot;image_height&quot;:&quot;350&quot;,&quot;image_fit&quot;:&quot;cover&quot;},{&quot;lat&quot;:&quot;44.315017&quot;,&quot;lng&quot;:&quot;5.891273&quot;,&quot;title&quot;:&quot;Villa Costebelle : visite de la cave et d\\u00e9gustation&quot;,&quot;permalink&quot;:&quot;https:\\\/\\\/www.hautes-alpes.net\\\/nl\\\/fiche\\\/villa-costebelle-visite-de-la-cave-et-degustation-5\\\/&quot;,&quot;type&quot;:&quot;fete_et_manifestation&quot;,&quot;commune&quot;:&quot;Upaix&quot;,&quot;type_commerce&quot;:&quot;&quot;,&quot;image&quot;:&quot;https:\\\/\\\/static.apidae-tourisme.com\\\/filestore\\\/objets-touristiques\\\/images\\\/213\\\/57\\\/40253909-diaporama.jpg&quot;,&quot;image_width&quot;:&quot;550&quot;,&quot;image_height&quot;:&quot;350&quot;,&quot;image_fit&quot;:&quot;cover&quot;},{&quot;lat&quot;:&quot;44.435184&quot;,&quot;lng&quot;:&quot;5.710312&quot;,&quot;title&quot;:&quot;Visite guid\\u00e9e du Moulin du Paroy&quot;,&quot;permalink&quot;:&quot;https:\\\/\\\/www.hautes-alpes.net\\\/nl\\\/fiche\\\/visite-guidee-du-moulin-du-paroy-5\\\/&quot;,&quot;type&quot;:&quot;fete_et_manifestation&quot;,&quot;commune&quot;:&quot;Serres&quot;,&quot;type_commerce&quot;:&quot;&quot;,&quot;image&quot;:&quot;https:\\\/\\\/static.apidae-tourisme.com\\\/filestore\\\/objets-touristiques\\\/images\\\/119\\\/64\\\/40255607-diaporama.jpg&quot;,&quot;image_width&quot;:&quot;550&quot;,&quot;image_height&quot;:&quot;350&quot;,&quot;image_fit&quot;:&quot;cover&quot;},{&quot;lat&quot;:&quot;44.565051&quot;,&quot;lng&quot;:&quot;6.495704&quot;,&quot;title&quot;:&quot;Visite guid\\u00e9e : Embrun, coeurs et \\u00e2mes&quot;,&quot;permalink&quot;:&quot;https:\\\/\\\/www.hautes-alpes.net\\\/nl\\\/fiche\\\/visite-guidee-embrun-coeurs-et-ames-5\\\/&quot;,&quot;type&quot;:&quot;fete_et_manifestation&quot;,&quot;commune&quot;:&quot;Embrun&quot;,&quot;type_commerce&quot;:&quot;&quot;,&quot;image&quot;:&quot;https:\\\/\\\/static.apidae-tourisme.com\\\/filestore\\\/objets-touristiques\\\/images\\\/102\\\/110\\\/34565734-diaporama.jpg&quot;,&quot;image_width&quot;:&quot;550&quot;,&quot;image_height&quot;:&quot;350&quot;,&quot;image_fit&quot;:&quot;cover&quot;},{&quot;lat&quot;:&quot;44.5459&quot;,&quot;lng&quot;:&quot;6.272333&quot;,&quot;title&quot;:&quot;Rando curieuse : Marche sur l&#8217;eau&quot;,&quot;permalink&quot;:&quot;https:\\\/\\\/www.hautes-alpes.net\\\/nl\\\/fiche\\\/rando-curieuse-marche-sur-leau-6\\\/&quot;,&quot;type&quot;:&quot;fete_et_manifestation&quot;,&quot;commune&quot;:&quot;Chorges&quot;,&quot;type_commerce&quot;:&quot;&quot;,&quot;image&quot;:&quot;https:\\\/\\\/static.apidae-tourisme.com\\\/filestore\\\/objets-touristiques\\\/images\\\/176\\\/113\\\/39154096-diaporama.jpg&quot;,&quot;image_width&quot;:&quot;550&quot;,&quot;image_height&quot;:&quot;350&quot;,&quot;image_fit&quot;:&quot;cover&quot;},{&quot;lat&quot;:&quot;44.317725&quot;,&quot;lng&quot;:&quot;5.873687&quot;,&quot;title&quot;:&quot;Visites guid\\u00e9es du village perch\\u00e9 d&#8217;Upaix&quot;,&quot;permalink&quot;:&quot;https:\\\/\\\/www.hautes-alpes.net\\\/nl\\\/fiche\\\/visites-guidees-du-village-perche-dupaix-6\\\/&quot;,&quot;type&quot;:&quot;fete_et_manifestation&quot;,&quot;commune&quot;:&quot;Upaix&quot;,&quot;type_commerce&quot;:&quot;&quot;,&quot;image&quot;:&quot;https:\\\/\\\/static.apidae-tourisme.com\\\/filestore\\\/objets-touristiques\\\/images\\\/38\\\/67\\\/40256294-diaporama.jpg&quot;,&quot;image_width&quot;:&quot;550&quot;,&quot;image_height&quot;:&quot;350&quot;,&quot;image_fit&quot;:&quot;cover&quot;},{&quot;lat&quot;:&quot;44.569342&quot;,&quot;lng&quot;:&quot;6.090285&quot;,&quot;title&quot;:&quot;Projection du film Yukon, un r\\u00eave blanc&quot;,&quot;permalink&quot;:&quot;https:\\\/\\\/www.hautes-alpes.net\\\/nl\\\/fiche\\\/projection-du-film-yukon-un-reve-blanc-6\\\/&quot;,&quot;type&quot;:&quot;fete_et_manifestation&quot;,&quot;commune&quot;:&quot;Gap&quot;,&quot;type_commerce&quot;:&quot;&quot;,&quot;image&quot;:&quot;https:\\\/\\\/static.apidae-tourisme.com\\\/filestore\\\/objets-touristiques\\\/images\\\/206\\\/172\\\/42380494-diaporama.jpg&quot;,&quot;image_width&quot;:&quot;550&quot;,&quot;image_height&quot;:&quot;350&quot;,&quot;image_fit&quot;:&quot;cover&quot;},{&quot;lat&quot;:&quot;44.341235&quot;,&quot;lng&quot;:&quot;5.755859&quot;,&quot;title&quot;:&quot;798\\u00e8me Foire aux dindes de Lagrand&quot;,&quot;permalink&quot;:&quot;https:\\\/\\\/www.hautes-alpes.net\\\/nl\\\/fiche\\\/798eme-foire-aux-dindes-de-lagrand-6\\\/&quot;,&quot;type&quot;:&quot;fete_et_manifestation&quot;,&quot;commune&quot;:&quot;Garde-Colombe&quot;,&quot;type_commerce&quot;:&quot;&quot;,&quot;image&quot;:&quot;https:\\\/\\\/static.apidae-tourisme.com\\\/filestore\\\/objets-touristiques\\\/images-principales\\\/156\\\/122\\\/359068-diaporama.jpg&quot;,&quot;image_width&quot;:&quot;550&quot;,&quot;image_height&quot;:&quot;350&quot;,&quot;image_fit&quot;:&quot;cover&quot;},{&quot;lat&quot;:&quot;44.341235&quot;,&quot;lng&quot;:&quot;5.755859&quot;,&quot;title&quot;:&quot;Foire aux Dindes : repas a\\u00efoli&quot;,&quot;permalink&quot;:&quot;https:\\\/\\\/www.hautes-alpes.net\\\/nl\\\/fiche\\\/foire-aux-dindes-repas-aioli-6\\\/&quot;,&quot;type&quot;:&quot;fete_et_manifestation&quot;,&quot;commune&quot;:&quot;Garde-Colombe&quot;,&quot;type_commerce&quot;:&quot;&quot;,&quot;image&quot;:&quot;https:\\\/\\\/static.apidae-tourisme.com\\\/filestore\\\/objets-touristiques\\\/images\\\/252\\\/40\\\/42543356-diaporama.jpg&quot;,&quot;image_width&quot;:&quot;550&quot;,&quot;image_height&quot;:&quot;350&quot;,&quot;image_fit&quot;:&quot;cover&quot;},{&quot;lat&quot;:&quot;44.569342&quot;,&quot;lng&quot;:&quot;6.090285&quot;,&quot;title&quot;:&quot;Projection du film Flow&quot;,&quot;permalink&quot;:&quot;https:\\\/\\\/www.hautes-alpes.net\\\/nl\\\/fiche\\\/projection-du-film-flow-7\\\/&quot;,&quot;type&quot;:&quot;fete_et_manifestation&quot;,&quot;commune&quot;:&quot;Gap&quot;,&quot;type_commerce&quot;:&quot;&quot;,&quot;image&quot;:&quot;https:\\\/\\\/static.apidae-tourisme.com\\\/filestore\\\/objets-touristiques\\\/images\\\/159\\\/188\\\/42384543-diaporama.jpg&quot;,&quot;image_width&quot;:&quot;550&quot;,&quot;image_height&quot;:&quot;350&quot;,&quot;image_fit&quot;:&quot;cover&quot;},{&quot;lat&quot;:&quot;44.5725&quot;,&quot;lng&quot;:&quot;6.6795&quot;,&quot;title&quot;:&quot;Alps Epic&quot;,&quot;permalink&quot;:&quot;https:\\\/\\\/www.hautes-alpes.net\\\/nl\\\/fiche\\\/alps-epic-6\\\/&quot;,&quot;type&quot;:&quot;fete_et_manifestation&quot;,&quot;commune&quot;:&quot;Vars&quot;,&quot;type_commerce&quot;:&quot;&quot;,&quot;image&quot;:&quot;https:\\\/\\\/static.apidae-tourisme.com\\\/filestore\\\/objets-touristiques\\\/images\\\/21\\\/32\\\/12263445-diaporama.jpg&quot;,&quot;image_width&quot;:&quot;550&quot;,&quot;image_height&quot;:&quot;350&quot;,&quot;image_fit&quot;:&quot;cover&quot;},{&quot;lat&quot;:&quot;44.432015&quot;,&quot;lng&quot;:&quot;5.574098&quot;,&quot;title&quot;:&quot;Freeride Les Tourettes 2026&quot;,&quot;permalink&quot;:&quot;https:\\\/\\\/www.hautes-alpes.net\\\/nl\\\/fiche\\\/freeride-les-tourettes-2026-6\\\/&quot;,&quot;type&quot;:&quot;fete_et_manifestation&quot;,&quot;commune&quot;:&quot;Valdoule&quot;,&quot;type_commerce&quot;:&quot;&quot;,&quot;image&quot;:&quot;https:\\\/\\\/static.apidae-tourisme.com\\\/filestore\\\/objets-touristiques\\\/images\\\/99\\\/138\\\/41847395-diaporama.jpg&quot;,&quot;image_width&quot;:&quot;550&quot;,&quot;image_height&quot;:&quot;350&quot;,&quot;image_fit&quot;:&quot;cover&quot;},{&quot;lat&quot;:&quot;45.044236&quot;,&quot;lng&quot;:&quot;6.301249&quot;,&quot;title&quot;:&quot;Ultra Raid de la Meije&quot;,&quot;permalink&quot;:&quot;https:\\\/\\\/www.hautes-alpes.net\\\/nl\\\/fiche\\\/ultra-raid-de-la-meije-6\\\/&quot;,&quot;type&quot;:&quot;fete_et_manifestation&quot;,&quot;commune&quot;:&quot;La Grave&quot;,&quot;type_commerce&quot;:&quot;&quot;,&quot;image&quot;:&quot;https:\\\/\\\/static.apidae-tourisme.com\\\/filestore\\\/objets-touristiques\\\/images\\\/214\\\/114\\\/28734166-diaporama.jpg&quot;,&quot;image_width&quot;:&quot;550&quot;,&quot;image_height&quot;:&quot;350&quot;,&quot;image_fit&quot;:&quot;cover&quot;},{&quot;lat&quot;:&quot;44.971821&quot;,&quot;lng&quot;:&quot;6.507902&quot;,&quot;title&quot;:&quot;Serre Che Trail&quot;,&quot;permalink&quot;:&quot;https:\\\/\\\/www.hautes-alpes.net\\\/nl\\\/fiche\\\/serre-che-trail-6\\\/&quot;,&quot;type&quot;:&quot;fete_et_manifestation&quot;,&quot;commune&quot;:&quot;Le Mon\\u00eatier-les-Bains&quot;,&quot;type_commerce&quot;:&quot;&quot;,&quot;image&quot;:&quot;https:\\\/\\\/static.apidae-tourisme.com\\\/filestore\\\/objets-touristiques\\\/images\\\/194\\\/127\\\/41648066-diaporama.jpg&quot;,&quot;image_width&quot;:&quot;550&quot;,&quot;image_height&quot;:&quot;350&quot;,&quot;image_fit&quot;:&quot;cover&quot;},{&quot;lat&quot;:&quot;44.493101&quot;,&quot;lng&quot;:&quot;6.557599&quot;,&quot;title&quot;:&quot;Bike Park Closing : Descente chronom\\u00e9tr\\u00e9e&quot;,&quot;permalink&quot;:&quot;https:\\\/\\\/www.hautes-alpes.net\\\/nl\\\/fiche\\\/bike-park-closing-descente-chronometree-5\\\/&quot;,&quot;type&quot;:&quot;fete_et_manifestation&quot;,&quot;commune&quot;:&quot;Les Orres&quot;,&quot;type_commerce&quot;:&quot;&quot;,&quot;image&quot;:&quot;https:\\\/\\\/static.apidae-tourisme.com\\\/filestore\\\/objets-touristiques\\\/images\\\/190\\\/94\\\/24403646-diaporama.png&quot;,&quot;image_width&quot;:&quot;550&quot;,&quot;image_height&quot;:&quot;350&quot;,&quot;image_fit&quot;:&quot;cover&quot;},{&quot;lat&quot;:&quot;44.493101&quot;,&quot;lng&quot;:&quot;6.557599&quot;,&quot;title&quot;:&quot;Bike Park Closing : Big air bag&quot;,&quot;permalink&quot;:&quot;https:\\\/\\\/www.hautes-alpes.net\\\/nl\\\/fiche\\\/bike-park-closing-big-air-bag-6\\\/&quot;,&quot;type&quot;:&quot;fete_et_manifestation&quot;,&quot;commune&quot;:&quot;Les Orres&quot;,&quot;type_commerce&quot;:&quot;&quot;,&quot;image&quot;:&quot;https:\\\/\\\/static.apidae-tourisme.com\\\/filestore\\\/objets-touristiques\\\/images\\\/232\\\/94\\\/24403688-diaporama.png&quot;,&quot;image_width&quot;:&quot;550&quot;,&quot;image_height&quot;:&quot;350&quot;,&quot;image_fit&quot;:&quot;cover&quot;},{&quot;lat&quot;:&quot;44.493101&quot;,&quot;lng&quot;:&quot;6.557599&quot;,&quot;title&quot;:&quot;Bike Park Closing : Remise des prix Descente chronom\\u00e9tr\\u00e9e&quot;,&quot;permalink&quot;:&quot;https:\\\/\\\/www.hautes-alpes.net\\\/nl\\\/fiche\\\/bike-park-closing-remise-des-prix-descente-chronometree-5\\\/&quot;,&quot;type&quot;:&quot;fete_et_manifestation&quot;,&quot;commune&quot;:&quot;Les Orres&quot;,&quot;type_commerce&quot;:&quot;&quot;,&quot;image&quot;:&quot;https:\\\/\\\/static.apidae-tourisme.com\\\/filestore\\\/objets-touristiques\\\/images\\\/203\\\/97\\\/24404427-diaporama.png&quot;,&quot;image_width&quot;:&quot;550&quot;,&quot;image_height&quot;:&quot;350&quot;,&quot;image_fit&quot;:&quot;cover&quot;},{&quot;lat&quot;:&quot;44.493101&quot;,&quot;lng&quot;:&quot;6.557599&quot;,&quot;title&quot;:&quot;Bike park Closing : la &#8221;der des der&#8221;&quot;,&quot;permalink&quot;:&quot;https:\\\/\\\/www.hautes-alpes.net\\\/nl\\\/fiche\\\/bike-park-closing-la-der-des-der-6\\\/&quot;,&quot;type&quot;:&quot;fete_et_manifestation&quot;,&quot;commune&quot;:&quot;Les Orres&quot;,&quot;type_commerce&quot;:&quot;&quot;,&quot;image&quot;:&quot;https:\\\/\\\/static.apidae-tourisme.com\\\/filestore\\\/objets-touristiques\\\/images\\\/150\\\/97\\\/24404374-diaporama.png&quot;,&quot;image_width&quot;:&quot;550&quot;,&quot;image_height&quot;:&quot;350&quot;,&quot;image_fit&quot;:&quot;cover&quot;},{&quot;lat&quot;:&quot;44.493101&quot;,&quot;lng&quot;:&quot;6.557599&quot;,&quot;title&quot;:&quot;Bike Park Closing : initiation Big Air Bag&quot;,&quot;permalink&quot;:&quot;https:\\\/\\\/www.hautes-alpes.net\\\/nl\\\/fiche\\\/bike-park-closing-initiation-big-air-bag-5\\\/&quot;,&quot;type&quot;:&quot;fete_et_manifestation&quot;,&quot;commune&quot;:&quot;Les Orres&quot;,&quot;type_commerce&quot;:&quot;&quot;,&quot;image&quot;:&quot;https:\\\/\\\/static.apidae-tourisme.com\\\/filestore\\\/objets-touristiques\\\/images\\\/185\\\/71\\\/38422457-diaporama.png&quot;,&quot;image_width&quot;:&quot;550&quot;,&quot;image_height&quot;:&quot;350&quot;,&quot;image_fit&quot;:&quot;cover&quot;},{&quot;lat&quot;:&quot;44.55057&quot;,&quot;lng&quot;:&quot;6.48283&quot;,&quot;title&quot;:&quot;26\\u00e8me Foire Bio G\\u00e9n\\u00e9pi&quot;,&quot;permalink&quot;:&quot;https:\\\/\\\/www.hautes-alpes.net\\\/nl\\\/fiche\\\/26eme-foire-bio-genepi-6\\\/&quot;,&quot;type&quot;:&quot;fete_et_manifestation&quot;,&quot;commune&quot;:&quot;Embrun&quot;,&quot;type_commerce&quot;:&quot;&quot;,&quot;image&quot;:&quot;https:\\\/\\\/static.apidae-tourisme.com\\\/filestore\\\/objets-touristiques\\\/images\\\/101\\\/6\\\/42272357-diaporama.jpg&quot;,&quot;image_width&quot;:&quot;550&quot;,&quot;image_height&quot;:&quot;350&quot;,&quot;image_fit&quot;:&quot;cover&quot;},{&quot;lat&quot;:&quot;44.890473&quot;,&quot;lng&quot;:&quot;6.629389&quot;,&quot;title&quot;:&quot;Forum des Sports &amp; des Assos&quot;,&quot;permalink&quot;:&quot;https:\\\/\\\/www.hautes-alpes.net\\\/nl\\\/fiche\\\/forum-des-sports-des-assos-3\\\/&quot;,&quot;type&quot;:&quot;fete_et_manifestation&quot;,&quot;commune&quot;:&quot;Brian\\u00e7on&quot;,&quot;type_commerce&quot;:&quot;&quot;,&quot;image&quot;:&quot;https:\\\/\\\/static.apidae-tourisme.com\\\/filestore\\\/objets-touristiques\\\/images\\\/39\\\/223\\\/42327847-diaporama.jpg&quot;,&quot;image_width&quot;:&quot;550&quot;,&quot;image_height&quot;:&quot;350&quot;,&quot;image_fit&quot;:&quot;cover&quot;},{&quot;lat&quot;:&quot;44.493101&quot;,&quot;lng&quot;:&quot;6.557599&quot;,&quot;title&quot;:&quot;Bike Park Closing&quot;,&quot;permalink&quot;:&quot;https:\\\/\\\/www.hautes-alpes.net\\\/nl\\\/fiche\\\/bike-park-closing-4\\\/&quot;,&quot;type&quot;:&quot;fete_et_manifestation&quot;,&quot;commune&quot;:&quot;Les Orres&quot;,&quot;type_commerce&quot;:&quot;&quot;,&quot;image&quot;:&quot;https:\\\/\\\/static.apidae-tourisme.com\\\/filestore\\\/objets-touristiques\\\/images\\\/39\\\/133\\\/39552295-diaporama.jpg&quot;,&quot;image_width&quot;:&quot;550&quot;,&quot;image_height&quot;:&quot;350&quot;,&quot;image_fit&quot;:&quot;cover&quot;},{&quot;lat&quot;:&quot;44.569342&quot;,&quot;lng&quot;:&quot;6.090285&quot;,&quot;title&quot;:&quot;Projection du film Le sabot montagnard&quot;,&quot;permalink&quot;:&quot;https:\\\/\\\/www.hautes-alpes.net\\\/nl\\\/fiche\\\/projection-du-film-le-sabot-montagnard-7\\\/&quot;,&quot;type&quot;:&quot;fete_et_manifestation&quot;,&quot;commune&quot;:&quot;Gap&quot;,&quot;type_commerce&quot;:&quot;&quot;,&quot;image&quot;:&quot;https:\\\/\\\/static.apidae-tourisme.com\\\/filestore\\\/objets-touristiques\\\/images\\\/170\\\/172\\\/42380458-diaporama.jpg&quot;,&quot;image_width&quot;:&quot;550&quot;,&quot;image_height&quot;:&quot;350&quot;,&quot;image_fit&quot;:&quot;cover&quot;},{&quot;lat&quot;:&quot;44.569342&quot;,&quot;lng&quot;:&quot;6.090285&quot;,&quot;title&quot;:&quot;Projection du film Jack et Nancy&quot;,&quot;permalink&quot;:&quot;https:\\\/\\\/www.hautes-alpes.net\\\/nl\\\/fiche\\\/projection-du-film-jack-et-nancy-7\\\/&quot;,&quot;type&quot;:&quot;fete_et_manifestation&quot;,&quot;commune&quot;:&quot;Gap&quot;,&quot;type_commerce&quot;:&quot;&quot;,&quot;image&quot;:&quot;https:\\\/\\\/static.apidae-tourisme.com\\\/filestore\\\/objets-touristiques\\\/images\\\/216\\\/188\\\/42384600-diaporama.jpg&quot;,&quot;image_width&quot;:&quot;550&quot;,&quot;image_height&quot;:&quot;350&quot;,&quot;image_fit&quot;:&quot;cover&quot;},{&quot;lat&quot;:&quot;44.550582&quot;,&quot;lng&quot;:&quot;6.482808&quot;,&quot;title&quot;:&quot;Spectacle &#8221;Failles&#8221; et concert &#8221;Queyras Factory&#8221;&quot;,&quot;permalink&quot;:&quot;https:\\\/\\\/www.hautes-alpes.net\\\/nl\\\/fiche\\\/spectacle-failles-et-concert-queyras-factory-6\\\/&quot;,&quot;type&quot;:&quot;fete_et_manifestation&quot;,&quot;commune&quot;:&quot;Embrun&quot;,&quot;type_commerce&quot;:&quot;&quot;,&quot;image&quot;:&quot;https:\\\/\\\/static.apidae-tourisme.com\\\/filestore\\\/objets-touristiques\\\/images\\\/59\\\/168\\\/42379323-diaporama.jpg&quot;,&quot;image_width&quot;:&quot;550&quot;,&quot;image_height&quot;:&quot;350&quot;,&quot;image_fit&quot;:&quot;cover&quot;},{&quot;lat&quot;:&quot;44.544694&quot;,&quot;lng&quot;:&quot;6.277074&quot;,&quot;title&quot;:&quot;Atelier - Cyanotypie&quot;,&quot;permalink&quot;:&quot;https:\\\/\\\/www.hautes-alpes.net\\\/nl\\\/fiche\\\/atelier-cyanotypie-6\\\/&quot;,&quot;type&quot;:&quot;fete_et_manifestation&quot;,&quot;commune&quot;:&quot;Chorges&quot;,&quot;type_commerce&quot;:&quot;&quot;,&quot;image&quot;:&quot;https:\\\/\\\/static.apidae-tourisme.com\\\/filestore\\\/objets-touristiques\\\/images\\\/149\\\/240\\\/42463381-diaporama.jpg&quot;,&quot;image_width&quot;:&quot;550&quot;,&quot;image_height&quot;:&quot;350&quot;,&quot;image_fit&quot;:&quot;cover&quot;},{&quot;lat&quot;:&quot;44.527948&quot;,&quot;lng&quot;:&quot;6.40531&quot;,&quot;title&quot;:&quot;Cyclosportive La Serre-Pon\\u00e7on 2026&quot;,&quot;permalink&quot;:&quot;https:\\\/\\\/www.hautes-alpes.net\\\/nl\\\/fiche\\\/cyclosportive-la-serre-poncon-2026-6\\\/&quot;,&quot;type&quot;:&quot;fete_et_manifestation&quot;,&quot;commune&quot;:&quot;Savines-le-Lac&quot;,&quot;type_commerce&quot;:&quot;&quot;,&quot;image&quot;:&quot;https:\\\/\\\/static.apidae-tourisme.com\\\/filestore\\\/objets-touristiques\\\/images\\\/25\\\/115\\\/41317145-diaporama.jpg&quot;,&quot;image_width&quot;:&quot;550&quot;,&quot;image_height&quot;:&quot;350&quot;,&quot;image_fit&quot;:&quot;cover&quot;},{&quot;lat&quot;:&quot;44.493101&quot;,&quot;lng&quot;:&quot;6.557599&quot;,&quot;title&quot;:&quot;Bike Park Closing : Challenge draisienne Pitchouns Bike&quot;,&quot;permalink&quot;:&quot;https:\\\/\\\/www.hautes-alpes.net\\\/nl\\\/fiche\\\/bike-park-closing-challenge-draisienne-pitchouns-bike-6\\\/&quot;,&quot;type&quot;:&quot;fete_et_manifestation&quot;,&quot;commune&quot;:&quot;Les Orres&quot;,&quot;type_commerce&quot;:&quot;&quot;,&quot;image&quot;:&quot;https:\\\/\\\/static.apidae-tourisme.com\\\/filestore\\\/objets-touristiques\\\/images\\\/214\\\/139\\\/24742870-diaporama.png&quot;,&quot;image_width&quot;:&quot;550&quot;,&quot;image_height&quot;:&quot;350&quot;,&quot;image_fit&quot;:&quot;cover&quot;},{&quot;lat&quot;:&quot;44.555679&quot;,&quot;lng&quot;:&quot;6.077924&quot;,&quot;title&quot;:&quot;R\\u00e9cital de piano Ana Gabriela Fernandez&quot;,&quot;permalink&quot;:&quot;https:\\\/\\\/www.hautes-alpes.net\\\/nl\\\/fiche\\\/recital-de-piano-ana-gabriela-fernandez-6\\\/&quot;,&quot;type&quot;:&quot;fete_et_manifestation&quot;,&quot;commune&quot;:&quot;Gap&quot;,&quot;type_commerce&quot;:&quot;&quot;,&quot;image&quot;:&quot;https:\\\/\\\/static.apidae-tourisme.com\\\/filestore\\\/objets-touristiques\\\/images\\\/208\\\/181\\\/42317264-diaporama.jpg&quot;,&quot;image_width&quot;:&quot;550&quot;,&quot;image_height&quot;:&quot;350&quot;,&quot;image_fit&quot;:&quot;cover&quot;},{&quot;lat&quot;:&quot;44.411668&quot;,&quot;lng&quot;:&quot;5.545225&quot;,&quot;title&quot;:&quot;Atelier tisane - Les cueillettes de Marielle&quot;,&quot;permalink&quot;:&quot;https:\\\/\\\/www.hautes-alpes.net\\\/nl\\\/fiche\\\/atelier-tisane-les-cueillettes-de-marielle-6\\\/&quot;,&quot;type&quot;:&quot;fete_et_manifestation&quot;,&quot;commune&quot;:&quot;Ribeyret&quot;,&quot;type_commerce&quot;:&quot;&quot;,&quot;image&quot;:&quot;https:\\\/\\\/static.apidae-tourisme.com\\\/filestore\\\/objets-touristiques\\\/images\\\/18\\\/146\\\/35885586-diaporama.jpg&quot;,&quot;image_width&quot;:&quot;550&quot;,&quot;image_height&quot;:&quot;350&quot;,&quot;image_fit&quot;:&quot;cover&quot;},{&quot;lat&quot;:&quot;44.569342&quot;,&quot;lng&quot;:&quot;6.090285&quot;,&quot;title&quot;:&quot;Projection du film Flow&quot;,&quot;permalink&quot;:&quot;https:\\\/\\\/www.hautes-alpes.net\\\/nl\\\/fiche\\\/projection-du-film-flow-8\\\/&quot;,&quot;type&quot;:&quot;fete_et_manifestation&quot;,&quot;commune&quot;:&quot;Gap&quot;,&quot;type_commerce&quot;:&quot;&quot;,&quot;image&quot;:&quot;https:\\\/\\\/static.apidae-tourisme.com\\\/filestore\\\/objets-touristiques\\\/images\\\/166\\\/188\\\/42384550-diaporama.jpg&quot;,&quot;image_width&quot;:&quot;550&quot;,&quot;image_height&quot;:&quot;350&quot;,&quot;image_fit&quot;:&quot;cover&quot;},{&quot;lat&quot;:&quot;44.563438&quot;,&quot;lng&quot;:&quot;5.95829&quot;,&quot;title&quot;:&quot;Ateliers Marche Afghane avec &#8221;D\\u00e9tours en Montagne&#8221;&quot;,&quot;permalink&quot;:&quot;https:\\\/\\\/www.hautes-alpes.net\\\/nl\\\/fiche\\\/ateliers-marche-afghane-avec-detours-en-montagne-6\\\/&quot;,&quot;type&quot;:&quot;fete_et_manifestation&quot;,&quot;commune&quot;:&quot;La Roche-des-Arnauds&quot;,&quot;type_commerce&quot;:&quot;&quot;,&quot;image&quot;:&quot;https:\\\/\\\/static.apidae-tourisme.com\\\/filestore\\\/objets-touristiques\\\/images\\\/16\\\/234\\\/8251920-diaporama.jpg&quot;,&quot;image_width&quot;:&quot;550&quot;,&quot;image_height&quot;:&quot;350&quot;,&quot;image_fit&quot;:&quot;cover&quot;},{&quot;lat&quot;:&quot;44.570875&quot;,&quot;lng&quot;:&quot;5.872893&quot;,&quot;title&quot;:&quot;CARMEN (op\\u00e9ra-paysage itin\\u00e9rant)&quot;,&quot;permalink&quot;:&quot;https:\\\/\\\/www.hautes-alpes.net\\\/nl\\\/fiche\\\/carmen-opera-paysage-itinerant-6\\\/&quot;,&quot;type&quot;:&quot;fete_et_manifestation&quot;,&quot;commune&quot;:&quot;Montmaur&quot;,&quot;type_commerce&quot;:&quot;&quot;,&quot;image&quot;:&quot;https:\\\/\\\/static.apidae-tourisme.com\\\/filestore\\\/objets-touristiques\\\/images\\\/1\\\/129\\\/41976065-diaporama.jpg&quot;,&quot;image_width&quot;:&quot;550&quot;,&quot;image_height&quot;:&quot;350&quot;,&quot;image_fit&quot;:&quot;cover&quot;},{&quot;lat&quot;:&quot;44.26281&quot;,&quot;lng&quot;:&quot;5.733389&quot;,&quot;title&quot;:&quot;Bla bla livres&quot;,&quot;permalink&quot;:&quot;https:\\\/\\\/www.hautes-alpes.net\\\/nl\\\/fiche\\\/bla-bla-livres-6\\\/&quot;,&quot;type&quot;:&quot;fete_et_manifestation&quot;,&quot;commune&quot;:&quot;Barret-sur-M\\u00e9ouge&quot;,&quot;type_commerce&quot;:&quot;&quot;,&quot;image&quot;:&quot;https:\\\/\\\/static.apidae-tourisme.com\\\/filestore\\\/objets-touristiques\\\/images\\\/209\\\/185\\\/42318289-diaporama.jpg&quot;,&quot;image_width&quot;:&quot;550&quot;,&quot;image_height&quot;:&quot;350&quot;,&quot;image_fit&quot;:&quot;cover&quot;},{&quot;lat&quot;:&quot;44.669792&quot;,&quot;lng&quot;:&quot;6.622451&quot;,&quot;title&quot;:&quot;R\\u00e9p\\u00e9titions publiques - European Jazz Companions&quot;,&quot;permalink&quot;:&quot;https:\\\/\\\/www.hautes-alpes.net\\\/nl\\\/fiche\\\/repetitions-publiques-european-jazz-companions-6\\\/&quot;,&quot;type&quot;:&quot;fete_et_manifestation&quot;,&quot;commune&quot;:&quot;Mont-Dauphin&quot;,&quot;type_commerce&quot;:&quot;&quot;,&quot;image&quot;:&quot;https:\\\/\\\/static.apidae-tourisme.com\\\/filestore\\\/objets-touristiques\\\/images\\\/239\\\/49\\\/42480111-diaporama.jpg&quot;,&quot;image_width&quot;:&quot;550&quot;,&quot;image_height&quot;:&quot;350&quot;,&quot;image_fit&quot;:&quot;cover&quot;},{&quot;lat&quot;:&quot;44.561995&quot;,&quot;lng&quot;:&quot;6.494722&quot;,&quot;title&quot;:&quot;Mater Ecclesiae : Cantates de Bach et polyphonies de la renaissance espagnole&quot;,&quot;permalink&quot;:&quot;https:\\\/\\\/www.hautes-alpes.net\\\/nl\\\/fiche\\\/mater-ecclesiae-cantates-de-bach-et-polyphonies-de-la-renaissance-espagnole-6\\\/&quot;,&quot;type&quot;:&quot;fete_et_manifestation&quot;,&quot;commune&quot;:&quot;Embrun&quot;,&quot;type_commerce&quot;:&quot;&quot;,&quot;image&quot;:&quot;https:\\\/\\\/static.apidae-tourisme.com\\\/filestore\\\/objets-touristiques\\\/images\\\/78\\\/246\\\/41088590-diaporama.jpg&quot;,&quot;image_width&quot;:&quot;550&quot;,&quot;image_height&quot;:&quot;350&quot;,&quot;image_fit&quot;:&quot;cover&quot;},{&quot;lat&quot;:&quot;44.428635&quot;,&quot;lng&quot;:&quot;5.715029&quot;,&quot;title&quot;:&quot;23\\u00e8me \\u00e9dition des Expositions Serres Lez&#8217;Arts&quot;,&quot;permalink&quot;:&quot;https:\\\/\\\/www.hautes-alpes.net\\\/nl\\\/fiche\\\/23eme-edition-des-expositions-serres-lezarts-5\\\/&quot;,&quot;type&quot;:&quot;fete_et_manifestation&quot;,&quot;commune&quot;:&quot;Serres&quot;,&quot;type_commerce&quot;:&quot;&quot;,&quot;image&quot;:&quot;https:\\\/\\\/static.apidae-tourisme.com\\\/filestore\\\/objets-touristiques\\\/images\\\/91\\\/190\\\/42122843-diaporama.jpg&quot;,&quot;image_width&quot;:&quot;550&quot;,&quot;image_height&quot;:&quot;350&quot;,&quot;image_fit&quot;:&quot;cover&quot;},{&quot;lat&quot;:&quot;44.428635&quot;,&quot;lng&quot;:&quot;5.715029&quot;,&quot;title&quot;:&quot;Serres Lez&#8217;Arts : visite des lieux d\\u2019exposition en pr\\u00e9sence des artistes&quot;,&quot;permalink&quot;:&quot;https:\\\/\\\/www.hautes-alpes.net\\\/nl\\\/fiche\\\/serres-lezarts-visite-des-lieux-dexposition-en-presence-des-artistes-6\\\/&quot;,&quot;type&quot;:&quot;fete_et_manifestation&quot;,&quot;commune&quot;:&quot;Serres&quot;,&quot;type_commerce&quot;:&quot;&quot;,&quot;image&quot;:&quot;https:\\\/\\\/static.apidae-tourisme.com\\\/filestore\\\/objets-touristiques\\\/images\\\/234\\\/249\\\/33749482-diaporama.jpg&quot;,&quot;image_width&quot;:&quot;550&quot;,&quot;image_height&quot;:&quot;350&quot;,&quot;image_fit&quot;:&quot;cover&quot;},{&quot;lat&quot;:&quot;44.429203&quot;,&quot;lng&quot;:&quot;5.717527&quot;,&quot;title&quot;:&quot;Serres Lez&#8217;Arts : vernissage en d\\u00e9ambulation&quot;,&quot;permalink&quot;:&quot;https:\\\/\\\/www.hautes-alpes.net\\\/nl\\\/fiche\\\/serres-lezarts-vernissage-en-deambulation-6\\\/&quot;,&quot;type&quot;:&quot;fete_et_manifestation&quot;,&quot;commune&quot;:&quot;Serres&quot;,&quot;type_commerce&quot;:&quot;&quot;,&quot;image&quot;:&quot;https:\\\/\\\/static.apidae-tourisme.com\\\/filestore\\\/objets-touristiques\\\/images\\\/198\\\/11\\\/42208198-diaporama.jpg&quot;,&quot;image_width&quot;:&quot;550&quot;,&quot;image_height&quot;:&quot;350&quot;,&quot;image_fit&quot;:&quot;cover&quot;},{&quot;lat&quot;:&quot;44.562834&quot;,&quot;lng&quot;:&quot;5.957694&quot;,&quot;title&quot;:&quot;Journ\\u00e9es Europ\\u00e9ennes du Patrimoine : visites comment\\u00e9es de la roche apr\\u00e8s 1000 ans d&#8217;\\u00e9xistence&quot;,&quot;permalink&quot;:&quot;https:\\\/\\\/www.hautes-alpes.net\\\/nl\\\/fiche\\\/journees-europeennes-du-patrimoine-visites-commentees-de-la-roche-apres-1000-ans-dexistence-6\\\/&quot;,&quot;type&quot;:&quot;fete_et_manifestation&quot;,&quot;commune&quot;:&quot;La Roche-des-Arnauds&quot;,&quot;type_commerce&quot;:&quot;&quot;,&quot;image&quot;:&quot;https:\\\/\\\/static.apidae-tourisme.com\\\/filestore\\\/objets-touristiques\\\/images\\\/80\\\/22\\\/42407504-diaporama.jpg&quot;,&quot;image_width&quot;:&quot;550&quot;,&quot;image_height&quot;:&quot;350&quot;,&quot;image_fit&quot;:&quot;cover&quot;},{&quot;lat&quot;:&quot;44.878478&quot;,&quot;lng&quot;:&quot;6.59688&quot;,&quot;title&quot;:&quot;Journ\\u00e9es europ\\u00e9enne du patrimoine - Conf\\u00e9rence \\u00e0 deux voix sur les traces des Mineurs&quot;,&quot;permalink&quot;:&quot;https:\\\/\\\/www.hautes-alpes.net\\\/nl\\\/fiche\\\/journees-europeenne-du-patrimoine-conference-a-deux-voix-sur-les-traces-des-mineurs-6\\\/&quot;,&quot;type&quot;:&quot;fete_et_manifestation&quot;,&quot;commune&quot;:&quot;Puy-Saint-Andr\\u00e9&quot;,&quot;type_commerce&quot;:&quot;&quot;,&quot;image&quot;:&quot;https:\\\/\\\/static.apidae-tourisme.com\\\/filestore\\\/objets-touristiques\\\/images\\\/139\\\/195\\\/42451851-diaporama.png&quot;,&quot;image_width&quot;:&quot;550&quot;,&quot;image_height&quot;:&quot;350&quot;,&quot;image_fit&quot;:&quot;cover&quot;},{&quot;lat&quot;:&quot;44.550204&quot;,&quot;lng&quot;:&quot;6.478441&quot;,&quot;title&quot;:&quot;Grand Trail de Serre-Pon\\u00e7on&quot;,&quot;permalink&quot;:&quot;https:\\\/\\\/www.hautes-alpes.net\\\/nl\\\/fiche\\\/grand-trail-de-serre-poncon-6\\\/&quot;,&quot;type&quot;:&quot;fete_et_manifestation&quot;,&quot;commune&quot;:&quot;Embrun&quot;,&quot;type_commerce&quot;:&quot;&quot;,&quot;image&quot;:&quot;https:\\\/\\\/static.apidae-tourisme.com\\\/filestore\\\/objets-touristiques\\\/images\\\/248\\\/224\\\/41017592-diaporama.jpg&quot;,&quot;image_width&quot;:&quot;550&quot;,&quot;image_height&quot;:&quot;350&quot;,&quot;image_fit&quot;:&quot;cover&quot;},{&quot;lat&quot;:&quot;44.351353&quot;,&quot;lng&quot;:&quot;5.742148&quot;,&quot;title&quot;:&quot;Journ\\u00e9es Europ\\u00e9ennes du Patrimoine : d\\u00e9couverte de la Maison des Fruits Anciens et atelier pistoles&quot;,&quot;permalink&quot;:&quot;https:\\\/\\\/www.hautes-alpes.net\\\/nl\\\/fiche\\\/journees-europeennes-du-patrimoine-decouverte-de-la-maison-des-fruits-anciens-et-atelier-pistoles-6\\\/&quot;,&quot;type&quot;:&quot;fete_et_manifestation&quot;,&quot;commune&quot;:&quot;Trescl\\u00e9oux&quot;,&quot;type_commerce&quot;:&quot;&quot;,&quot;image&quot;:&quot;https:\\\/\\\/static.apidae-tourisme.com\\\/filestore\\\/objets-touristiques\\\/images\\\/81\\\/249\\\/33683793-diaporama.jpg&quot;,&quot;image_width&quot;:&quot;550&quot;,&quot;image_height&quot;:&quot;350&quot;,&quot;image_fit&quot;:&quot;cover&quot;},{&quot;lat&quot;:&quot;44.460192&quot;,&quot;lng&quot;:&quot;6.05446&quot;,&quot;title&quot;:&quot;Journ\\u00e9e Europ\\u00e9ennes du Patrimoine&quot;,&quot;permalink&quot;:&quot;https:\\\/\\\/www.hautes-alpes.net\\\/nl\\\/fiche\\\/journee-europeennes-du-patrimoine-6\\\/&quot;,&quot;type&quot;:&quot;fete_et_manifestation&quot;,&quot;commune&quot;:&quot;Tallard&quot;,&quot;type_commerce&quot;:&quot;&quot;,&quot;image&quot;:&quot;https:\\\/\\\/static.apidae-tourisme.com\\\/filestore\\\/objets-touristiques\\\/images\\\/110\\\/76\\\/40324206-diaporama.png&quot;,&quot;image_width&quot;:&quot;550&quot;,&quot;image_height&quot;:&quot;350&quot;,&quot;image_fit&quot;:&quot;cover&quot;},{&quot;lat&quot;:&quot;44.620134&quot;,&quot;lng&quot;:&quot;6.201469&quot;,&quot;title&quot;:&quot;Altitude Gravel Champsaur Valgaudemar&quot;,&quot;permalink&quot;:&quot;https:\\\/\\\/www.hautes-alpes.net\\\/nl\\\/fiche\\\/altitude-gravel-champsaur-valgaudemar-6\\\/&quot;,&quot;type&quot;:&quot;fete_et_manifestation&quot;,&quot;commune&quot;:&quot;Ancelle&quot;,&quot;type_commerce&quot;:&quot;&quot;,&quot;image&quot;:&quot;https:\\\/\\\/static.apidae-tourisme.com\\\/filestore\\\/objets-touristiques\\\/images\\\/103\\\/12\\\/40045671-diaporama.png&quot;,&quot;image_width&quot;:&quot;550&quot;,&quot;image_height&quot;:&quot;350&quot;,&quot;image_fit&quot;:&quot;cover&quot;},{&quot;lat&quot;:&quot;44.827883&quot;,&quot;lng&quot;:&quot;6.48313&quot;,&quot;title&quot;:&quot;Journ\\u00e9es Europ\\u00e9ennes du Patrimoine: Chapelle Saint Vincent&quot;,&quot;permalink&quot;:&quot;https:\\\/\\\/www.hautes-alpes.net\\\/nl\\\/fiche\\\/journees-europeennes-du-patrimoine-chapelle-saint-vincent-6\\\/&quot;,&quot;type&quot;:&quot;fete_et_manifestation&quot;,&quot;commune&quot;:&quot;Puy-Saint-Vincent&quot;,&quot;type_commerce&quot;:&quot;&quot;,&quot;image&quot;:&quot;https:\\\/\\\/static.apidae-tourisme.com\\\/filestore\\\/objets-touristiques\\\/images\\\/67\\\/36\\\/41624643-diaporama.jpg&quot;,&quot;image_width&quot;:&quot;550&quot;,&quot;image_height&quot;:&quot;350&quot;,&quot;image_fit&quot;:&quot;cover&quot;},{&quot;lat&quot;:&quot;44.570837&quot;,&quot;lng&quot;:&quot;5.872915&quot;,&quot;title&quot;:&quot;Journ\\u00e9es Europ\\u00e9ennes du Patrimoine : visites libres du Ch\\u00e2teau de Montmaur&quot;,&quot;permalink&quot;:&quot;https:\\\/\\\/www.hautes-alpes.net\\\/nl\\\/fiche\\\/journees-europeennes-du-patrimoine-visites-libres-du-chateau-de-montmaur-6\\\/&quot;,&quot;type&quot;:&quot;fete_et_manifestation&quot;,&quot;commune&quot;:&quot;Montmaur&quot;,&quot;type_commerce&quot;:&quot;&quot;,&quot;image&quot;:&quot;https:\\\/\\\/static.apidae-tourisme.com\\\/filestore\\\/objets-touristiques\\\/images\\\/131\\\/21\\\/41227651-diaporama.jpg&quot;,&quot;image_width&quot;:&quot;550&quot;,&quot;image_height&quot;:&quot;350&quot;,&quot;image_fit&quot;:&quot;cover&quot;},{&quot;lat&quot;:&quot;44.534643&quot;,&quot;lng&quot;:&quot;5.823558&quot;,&quot;title&quot;:&quot;Journ\\u00e9es Portes ouvertes \\u00e0 l&#8217;\\u00e9comus\\u00e9e du cheminot veynois&quot;,&quot;permalink&quot;:&quot;https:\\\/\\\/www.hautes-alpes.net\\\/nl\\\/fiche\\\/journees-portes-ouvertes-a-lecomusee-du-cheminot-veynois-6\\\/&quot;,&quot;type&quot;:&quot;fete_et_manifestation&quot;,&quot;commune&quot;:&quot;Veynes&quot;,&quot;type_commerce&quot;:&quot;&quot;,&quot;image&quot;:&quot;https:\\\/\\\/static.apidae-tourisme.com\\\/filestore\\\/objets-touristiques\\\/images\\\/116\\\/147\\\/41456500-diaporama.jpg&quot;,&quot;image_width&quot;:&quot;550&quot;,&quot;image_height&quot;:&quot;350&quot;,&quot;image_fit&quot;:&quot;cover&quot;},{&quot;lat&quot;:&quot;44.534721&quot;,&quot;lng&quot;:&quot;5.823507&quot;,&quot;title&quot;:&quot;D\\u00e9couverte du Veynes cheminot - Balade comment\\u00e9e&quot;,&quot;permalink&quot;:&quot;https:\\\/\\\/www.hautes-alpes.net\\\/nl\\\/fiche\\\/decouverte-du-veynes-cheminot-balade-commentee-6\\\/&quot;,&quot;type&quot;:&quot;fete_et_manifestation&quot;,&quot;commune&quot;:&quot;Veynes&quot;,&quot;type_commerce&quot;:&quot;&quot;,&quot;image&quot;:&quot;https:\\\/\\\/static.apidae-tourisme.com\\\/filestore\\\/objets-touristiques\\\/images\\\/116\\\/201\\\/42060148-diaporama.jpg&quot;,&quot;image_width&quot;:&quot;550&quot;,&quot;image_height&quot;:&quot;350&quot;,&quot;image_fit&quot;:&quot;cover&quot;},{&quot;lat&quot;:&quot;44.415521&quot;,&quot;lng&quot;:&quot;5.614225&quot;,&quot;title&quot;:&quot;Foire aux courges&quot;,&quot;permalink&quot;:&quot;https:\\\/\\\/www.hautes-alpes.net\\\/nl\\\/fiche\\\/foire-aux-courges-6\\\/&quot;,&quot;type&quot;:&quot;fete_et_manifestation&quot;,&quot;commune&quot;:&quot;L&#039;\\u00c9pine&quot;,&quot;type_commerce&quot;:&quot;&quot;,&quot;image&quot;:&quot;https:\\\/\\\/static.apidae-tourisme.com\\\/filestore\\\/objets-touristiques\\\/images\\\/39\\\/109\\\/40070439-diaporama.jpg&quot;,&quot;image_width&quot;:&quot;550&quot;,&quot;image_height&quot;:&quot;350&quot;,&quot;image_fit&quot;:&quot;cover&quot;},{&quot;lat&quot;:&quot;44.570853&quot;,&quot;lng&quot;:&quot;5.873105&quot;,&quot;title&quot;:&quot;Exposition au Ch\\u00e2teau de Montmaur - Vivian Maier&quot;,&quot;permalink&quot;:&quot;https:\\\/\\\/www.hautes-alpes.net\\\/nl\\\/fiche\\\/exposition-au-chateau-de-montmaur-vivian-maier-6\\\/&quot;,&quot;type&quot;:&quot;fete_et_manifestation&quot;,&quot;commune&quot;:&quot;Montmaur&quot;,&quot;type_commerce&quot;:&quot;&quot;,&quot;image&quot;:&quot;https:\\\/\\\/static.apidae-tourisme.com\\\/filestore\\\/objets-touristiques\\\/images\\\/89\\\/124\\\/41253977-diaporama.jpg&quot;,&quot;image_width&quot;:&quot;550&quot;,&quot;image_height&quot;:&quot;350&quot;,&quot;image_fit&quot;:&quot;cover&quot;},{&quot;lat&quot;:&quot;44.429306&quot;,&quot;lng&quot;:&quot;5.716173&quot;,&quot;title&quot;:&quot;Journ\\u00e9es Europ\\u00e9ennes du Patrimoine : visite du centre historique de Serres&quot;,&quot;permalink&quot;:&quot;https:\\\/\\\/www.hautes-alpes.net\\\/nl\\\/fiche\\\/journees-europeennes-du-patrimoine-visite-du-centre-historique-de-serres-6\\\/&quot;,&quot;type&quot;:&quot;fete_et_manifestation&quot;,&quot;commune&quot;:&quot;Serres&quot;,&quot;type_commerce&quot;:&quot;&quot;,&quot;image&quot;:&quot;https:\\\/\\\/static.apidae-tourisme.com\\\/filestore\\\/objets-touristiques\\\/images\\\/89\\\/226\\\/18801241-diaporama.jpg&quot;,&quot;image_width&quot;:&quot;550&quot;,&quot;image_height&quot;:&quot;350&quot;,&quot;image_fit&quot;:&quot;cover&quot;},{&quot;lat&quot;:&quot;44.429321&quot;,&quot;lng&quot;:&quot;5.716252&quot;,&quot;title&quot;:&quot;Serres Lez&#8217;Arts : performance musicale participative&quot;,&quot;permalink&quot;:&quot;https:\\\/\\\/www.hautes-alpes.net\\\/nl\\\/fiche\\\/serres-lezarts-performance-musicale-participative-6\\\/&quot;,&quot;type&quot;:&quot;fete_et_manifestation&quot;,&quot;commune&quot;:&quot;Serres&quot;,&quot;type_commerce&quot;:&quot;&quot;,&quot;image&quot;:&quot;https:\\\/\\\/static.apidae-tourisme.com\\\/filestore\\\/objets-touristiques\\\/images\\\/199\\\/11\\\/42208199-diaporama.jpg&quot;,&quot;image_width&quot;:&quot;550&quot;,&quot;image_height&quot;:&quot;350&quot;,&quot;image_fit&quot;:&quot;cover&quot;},{&quot;lat&quot;:&quot;44.428816&quot;,&quot;lng&quot;:&quot;5.716398&quot;,&quot;title&quot;:&quot;Serres Lez&#8217;Arts : table ronde-d\\u00e9bat&quot;,&quot;permalink&quot;:&quot;https:\\\/\\\/www.hautes-alpes.net\\\/nl\\\/fiche\\\/serres-lezarts-table-ronde-debat-6\\\/&quot;,&quot;type&quot;:&quot;fete_et_manifestation&quot;,&quot;commune&quot;:&quot;Serres&quot;,&quot;type_commerce&quot;:&quot;&quot;,&quot;image&quot;:&quot;https:\\\/\\\/static.apidae-tourisme.com\\\/filestore\\\/objets-touristiques\\\/images\\\/196\\\/11\\\/42208196-diaporama.jpg&quot;,&quot;image_width&quot;:&quot;550&quot;,&quot;image_height&quot;:&quot;350&quot;,&quot;image_fit&quot;:&quot;cover&quot;},{&quot;lat&quot;:&quot;44.428635&quot;,&quot;lng&quot;:&quot;5.715029&quot;,&quot;title&quot;:&quot;Serres Lez&#8217;Arts : repas-concert&quot;,&quot;permalink&quot;:&quot;https:\\\/\\\/www.hautes-alpes.net\\\/nl\\\/fiche\\\/serres-lezarts-repas-concert-6\\\/&quot;,&quot;type&quot;:&quot;fete_et_manifestation&quot;,&quot;commune&quot;:&quot;Serres&quot;,&quot;type_commerce&quot;:&quot;&quot;,&quot;image&quot;:&quot;https:\\\/\\\/static.apidae-tourisme.com\\\/filestore\\\/objets-touristiques\\\/images\\\/53\\\/70\\\/42223157-diaporama.jpg&quot;,&quot;image_width&quot;:&quot;550&quot;,&quot;image_height&quot;:&quot;350&quot;,&quot;image_fit&quot;:&quot;cover&quot;},{&quot;lat&quot;:&quot;44.557356&quot;,&quot;lng&quot;:&quot;6.075312&quot;,&quot;title&quot;:&quot;Journ\\u00e9es europ\\u00e9ennes du patrimoine&quot;,&quot;permalink&quot;:&quot;https:\\\/\\\/www.hautes-alpes.net\\\/nl\\\/fiche\\\/journees-europeennes-du-patrimoine-8\\\/&quot;,&quot;type&quot;:&quot;fete_et_manifestation&quot;,&quot;commune&quot;:&quot;Gap&quot;,&quot;type_commerce&quot;:&quot;&quot;,&quot;image&quot;:&quot;https:\\\/\\\/static.apidae-tourisme.com\\\/filestore\\\/objets-touristiques\\\/images\\\/155\\\/214\\\/42260123-diaporama.png&quot;,&quot;image_width&quot;:&quot;550&quot;,&quot;image_height&quot;:&quot;350&quot;,&quot;image_fit&quot;:&quot;cover&quot;},{&quot;lat&quot;:&quot;44.370757&quot;,&quot;lng&quot;:&quot;5.905728&quot;,&quot;title&quot;:&quot;Journ\\u00e9es Europ\\u00e9ennes du Patrimoine : visite de l&#8217;atelier de Louis Brachet&quot;,&quot;permalink&quot;:&quot;https:\\\/\\\/www.hautes-alpes.net\\\/nl\\\/fiche\\\/journees-europeennes-du-patrimoine-visite-de-latelier-de-louis-brachet-6\\\/&quot;,&quot;type&quot;:&quot;fete_et_manifestation&quot;,&quot;commune&quot;:&quot;Ventavon&quot;,&quot;type_commerce&quot;:&quot;&quot;,&quot;image&quot;:&quot;https:\\\/\\\/static.apidae-tourisme.com\\\/filestore\\\/objets-touristiques\\\/images\\\/21\\\/214\\\/42259989-diaporama.jpg&quot;,&quot;image_width&quot;:&quot;550&quot;,&quot;image_height&quot;:&quot;350&quot;,&quot;image_fit&quot;:&quot;cover&quot;},{&quot;lat&quot;:&quot;44.315145&quot;,&quot;lng&quot;:&quot;5.70984&quot;,&quot;title&quot;:&quot;Journ\\u00e9es Europ\\u00e9ennes du Patrimoine : visite de la Lavanderaie des Hautes Baronnies&quot;,&quot;permalink&quot;:&quot;https:\\\/\\\/www.hautes-alpes.net\\\/nl\\\/fiche\\\/journees-europeennes-du-patrimoine-visite-de-la-lavanderaie-des-hautes-baronnies-6\\\/&quot;,&quot;type&quot;:&quot;fete_et_manifestation&quot;,&quot;commune&quot;:&quot;Nossage-et-B\\u00e9n\\u00e9vent&quot;,&quot;type_commerce&quot;:&quot;&quot;,&quot;image&quot;:&quot;https:\\\/\\\/static.apidae-tourisme.com\\\/filestore\\\/objets-touristiques\\\/images\\\/234\\\/55\\\/42285034-diaporama.jpg&quot;,&quot;image_width&quot;:&quot;550&quot;,&quot;image_height&quot;:&quot;350&quot;,&quot;image_fit&quot;:&quot;cover&quot;},{&quot;lat&quot;:&quot;44.278183&quot;,&quot;lng&quot;:&quot;5.793289&quot;,&quot;title&quot;:&quot;Nettoyons la M\\u00e9ouge&quot;,&quot;permalink&quot;:&quot;https:\\\/\\\/www.hautes-alpes.net\\\/nl\\\/fiche\\\/nettoyons-la-meouge-6\\\/&quot;,&quot;type&quot;:&quot;fete_et_manifestation&quot;,&quot;commune&quot;:&quot;Val Bu\\u00ebch-M\\u00e9ouge&quot;,&quot;type_commerce&quot;:&quot;&quot;,&quot;image&quot;:&quot;https:\\\/\\\/static.apidae-tourisme.com\\\/filestore\\\/objets-touristiques\\\/images\\\/159\\\/213\\\/42259871-diaporama.jpg&quot;,&quot;image_width&quot;:&quot;550&quot;,&quot;image_height&quot;:&quot;350&quot;,&quot;image_fit&quot;:&quot;cover&quot;},{&quot;lat&quot;:&quot;44.735824&quot;,&quot;lng&quot;:&quot;5.89924&quot;,&quot;title&quot;:&quot;Visite guid\\u00e9e de M\\u00e8re-\\u00c9glise - Journ\\u00e9es du patrimoine&quot;,&quot;permalink&quot;:&quot;https:\\\/\\\/www.hautes-alpes.net\\\/nl\\\/fiche\\\/visite-guidee-de-mere-eglise-journees-du-patrimoine-6\\\/&quot;,&quot;type&quot;:&quot;fete_et_manifestation&quot;,&quot;commune&quot;:&quot;D\\u00e9voluy&quot;,&quot;type_commerce&quot;:&quot;&quot;,&quot;image&quot;:&quot;https:\\\/\\\/static.apidae-tourisme.com\\\/filestore\\\/objets-touristiques\\\/images\\\/179\\\/92\\\/31546547-diaporama.jpg&quot;,&quot;image_width&quot;:&quot;550&quot;,&quot;image_height&quot;:&quot;350&quot;,&quot;image_fit&quot;:&quot;cover&quot;},{&quot;lat&quot;:&quot;44.756564&quot;,&quot;lng&quot;:&quot;6.794024&quot;,&quot;title&quot;:&quot;Foire Agricole de la Saint Mathieu&quot;,&quot;permalink&quot;:&quot;https:\\\/\\\/www.hautes-alpes.net\\\/nl\\\/fiche\\\/foire-agricole-de-la-saint-mathieu-4\\\/&quot;,&quot;type&quot;:&quot;fete_et_manifestation&quot;,&quot;commune&quot;:&quot;Ch\\u00e2teau-Ville-Vieille&quot;,&quot;type_commerce&quot;:&quot;&quot;,&quot;image&quot;:&quot;https:\\\/\\\/static.apidae-tourisme.com\\\/filestore\\\/objets-touristiques\\\/images\\\/243\\\/200\\\/42387699-diaporama.jpg&quot;,&quot;image_width&quot;:&quot;550&quot;,&quot;image_height&quot;:&quot;350&quot;,&quot;image_fit&quot;:&quot;cover&quot;},{&quot;lat&quot;:&quot;44.569342&quot;,&quot;lng&quot;:&quot;6.090285&quot;,&quot;title&quot;:&quot;Projection du film Nos m\\u00e9moires englouties&quot;,&quot;permalink&quot;:&quot;https:\\\/\\\/www.hautes-alpes.net\\\/nl\\\/fiche\\\/projection-du-film-nos-memoires-englouties-8\\\/&quot;,&quot;type&quot;:&quot;fete_et_manifestation&quot;,&quot;commune&quot;:&quot;Gap&quot;,&quot;type_commerce&quot;:&quot;&quot;,&quot;image&quot;:&quot;https:\\\/\\\/static.apidae-tourisme.com\\\/filestore\\\/objets-touristiques\\\/images\\\/181\\\/189\\\/42384821-diaporama.jpg&quot;,&quot;image_width&quot;:&quot;550&quot;,&quot;image_height&quot;:&quot;350&quot;,&quot;image_fit&quot;:&quot;cover&quot;},{&quot;lat&quot;:&quot;44.569342&quot;,&quot;lng&quot;:&quot;6.090285&quot;,&quot;title&quot;:&quot;Visite patrimoniale de l&#8217;ancienne usine Badin&quot;,&quot;permalink&quot;:&quot;https:\\\/\\\/www.hautes-alpes.net\\\/nl\\\/fiche\\\/visite-patrimoniale-de-lancienne-usine-badin-7\\\/&quot;,&quot;type&quot;:&quot;fete_et_manifestation&quot;,&quot;commune&quot;:&quot;Gap&quot;,&quot;type_commerce&quot;:&quot;&quot;,&quot;image&quot;:&quot;https:\\\/\\\/static.apidae-tourisme.com\\\/filestore\\\/objets-touristiques\\\/images\\\/212\\\/198\\\/42387156-diaporama.jpg&quot;,&quot;image_width&quot;:&quot;550&quot;,&quot;image_height&quot;:&quot;350&quot;,&quot;image_fit&quot;:&quot;cover&quot;},{&quot;lat&quot;:&quot;44.494302&quot;,&quot;lng&quot;:&quot;6.556912&quot;,&quot;title&quot;:&quot;Les Orres partenaires du Grand trail de Serre Pon\\u00e7on&quot;,&quot;permalink&quot;:&quot;https:\\\/\\\/www.hautes-alpes.net\\\/nl\\\/fiche\\\/les-orres-partenaires-du-grand-trail-de-serre-poncon-5\\\/&quot;,&quot;type&quot;:&quot;fete_et_manifestation&quot;,&quot;commune&quot;:&quot;Les Orres&quot;,&quot;type_commerce&quot;:&quot;&quot;,&quot;image&quot;:&quot;https:\\\/\\\/static.apidae-tourisme.com\\\/filestore\\\/objets-touristiques\\\/images\\\/229\\\/216\\\/42391781-diaporama.jpg&quot;,&quot;image_width&quot;:&quot;550&quot;,&quot;image_height&quot;:&quot;350&quot;,&quot;image_fit&quot;:&quot;cover&quot;},{&quot;lat&quot;:&quot;44.670475&quot;,&quot;lng&quot;:&quot;6.624558&quot;,&quot;title&quot;:&quot;Journ\\u00e9es Europ\\u00e9ennes du Patrimoine - Visite comment\\u00e9e des fortifications, souterrain et b\\u00e2timents militaires XVII\\u00e8me si\\u00e8cle&quot;,&quot;permalink&quot;:&quot;https:\\\/\\\/www.hautes-alpes.net\\\/nl\\\/fiche\\\/journees-europeennes-du-patrimoine-visite-commentee-des-fortifications-souterrain-et-batiments-militaires-xviieme-siecle-6\\\/&quot;,&quot;type&quot;:&quot;fete_et_manifestation&quot;,&quot;commune&quot;:&quot;Mont-Dauphin&quot;,&quot;type_commerce&quot;:&quot;&quot;,&quot;image&quot;:&quot;https:\\\/\\\/static.apidae-tourisme.com\\\/filestore\\\/objets-touristiques\\\/images\\\/136\\\/103\\\/24536968-diaporama.jpg&quot;,&quot;image_width&quot;:&quot;550&quot;,&quot;image_height&quot;:&quot;350&quot;,&quot;image_fit&quot;:&quot;cover&quot;},{&quot;lat&quot;:&quot;44.670475&quot;,&quot;lng&quot;:&quot;6.624558&quot;,&quot;title&quot;:&quot;Journ\\u00e9es Europ\\u00e9ennes du Patrimoine -Visite d\\u00e9couverte du syst\\u00e8me d\\u00e9fensif de Mont-Dauphin&quot;,&quot;permalink&quot;:&quot;https:\\\/\\\/www.hautes-alpes.net\\\/nl\\\/fiche\\\/journees-europeennes-du-patrimoine-visite-decouverte-du-systeme-defensif-de-mont-dauphin-5\\\/&quot;,&quot;type&quot;:&quot;fete_et_manifestation&quot;,&quot;commune&quot;:&quot;Mont-Dauphin&quot;,&quot;type_commerce&quot;:&quot;&quot;,&quot;image&quot;:&quot;https:\\\/\\\/static.apidae-tourisme.com\\\/filestore\\\/objets-touristiques\\\/images\\\/163\\\/222\\\/40033955-diaporama.jpg&quot;,&quot;image_width&quot;:&quot;550&quot;,&quot;image_height&quot;:&quot;350&quot;,&quot;image_fit&quot;:&quot;cover&quot;},{&quot;lat&quot;:&quot;44.533626&quot;,&quot;lng&quot;:&quot;5.82029&quot;,&quot;title&quot;:&quot;Journ\\u00e9es Europ\\u00e9ennes du Patrimoine : Exposition participative au Quai des Arts : Les Veynois ont la parole !&quot;,&quot;permalink&quot;:&quot;https:\\\/\\\/www.hautes-alpes.net\\\/nl\\\/fiche\\\/journees-europeennes-du-patrimoine-exposition-participative-au-quai-des-arts-les-veynois-ont-la-parole-6\\\/&quot;,&quot;type&quot;:&quot;fete_et_manifestation&quot;,&quot;commune&quot;:&quot;Veynes&quot;,&quot;type_commerce&quot;:&quot;&quot;,&quot;image&quot;:&quot;https:\\\/\\\/static.apidae-tourisme.com\\\/filestore\\\/objets-touristiques\\\/images\\\/133\\\/23\\\/42407813-diaporama.jpg&quot;,&quot;image_width&quot;:&quot;550&quot;,&quot;image_height&quot;:&quot;350&quot;,&quot;image_fit&quot;:&quot;cover&quot;},{&quot;lat&quot;:&quot;44.564707&quot;,&quot;lng&quot;:&quot;5.958703&quot;,&quot;title&quot;:&quot;Journ\\u00e9es Europ\\u00e9ennes du Patrimoine : visite du chantier de sauvegarde du ch\\u00e2teau des Flotte&quot;,&quot;permalink&quot;:&quot;https:\\\/\\\/www.hautes-alpes.net\\\/nl\\\/fiche\\\/journees-europeennes-du-patrimoine-visite-du-chantier-de-sauvegarde-du-chateau-des-flotte-6\\\/&quot;,&quot;type&quot;:&quot;fete_et_manifestation&quot;,&quot;commune&quot;:&quot;La Roche-des-Arnauds&quot;,&quot;type_commerce&quot;:&quot;&quot;,&quot;image&quot;:&quot;https:\\\/\\\/static.apidae-tourisme.com\\\/filestore\\\/objets-touristiques\\\/images\\\/110\\\/21\\\/42407278-diaporama.jpg&quot;,&quot;image_width&quot;:&quot;550&quot;,&quot;image_height&quot;:&quot;350&quot;,&quot;image_fit&quot;:&quot;cover&quot;},{&quot;lat&quot;:&quot;44.533626&quot;,&quot;lng&quot;:&quot;5.82029&quot;,&quot;title&quot;:&quot;Journ\\u00e9es Europ\\u00e9ennes du Patrimoine : Film &#8221;150 ans pour une \\u00e9toile&#8221;&quot;,&quot;permalink&quot;:&quot;https:\\\/\\\/www.hautes-alpes.net\\\/nl\\\/fiche\\\/journees-europeennes-du-patrimoine-film-150-ans-pour-une-etoile-6\\\/&quot;,&quot;type&quot;:&quot;fete_et_manifestation&quot;,&quot;commune&quot;:&quot;Veynes&quot;,&quot;type_commerce&quot;:&quot;&quot;,&quot;image&quot;:&quot;https:\\\/\\\/static.apidae-tourisme.com\\\/filestore\\\/objets-touristiques\\\/images\\\/243\\\/23\\\/42407923-diaporama.jpg&quot;,&quot;image_width&quot;:&quot;550&quot;,&quot;image_height&quot;:&quot;350&quot;,&quot;image_fit&quot;:&quot;cover&quot;},{&quot;lat&quot;:&quot;44.28488&quot;,&quot;lng&quot;:&quot;5.890013&quot;,&quot;title&quot;:&quot;Annul\\u00e9 - Vergers ouverts 16\\u00e8me \\u00e9dition&quot;,&quot;permalink&quot;:&quot;https:\\\/\\\/www.hautes-alpes.net\\\/nl\\\/fiche\\\/annule-vergers-ouverts-16eme-edition-6\\\/&quot;,&quot;type&quot;:&quot;fete_et_manifestation&quot;,&quot;commune&quot;:&quot;Le Po\\u00ebt&quot;,&quot;type_commerce&quot;:&quot;&quot;,&quot;image&quot;:&quot;https:\\\/\\\/static.apidae-tourisme.com\\\/filestore\\\/objets-touristiques\\\/images\\\/30\\\/188\\\/42449950-diaporama.jpg&quot;,&quot;image_width&quot;:&quot;550&quot;,&quot;image_height&quot;:&quot;350&quot;,&quot;image_fit&quot;:&quot;cover&quot;},{&quot;lat&quot;:&quot;44.873463&quot;,&quot;lng&quot;:&quot;6.627621&quot;,&quot;title&quot;:&quot;Journ\\u00e9es europ\\u00e9ennes du patrimoine : visite guid\\u00e9e du camp des Espagnols&quot;,&quot;permalink&quot;:&quot;https:\\\/\\\/www.hautes-alpes.net\\\/nl\\\/fiche\\\/journees-europeennes-du-patrimoine-visite-guidee-du-camp-des-espagnols-6\\\/&quot;,&quot;type&quot;:&quot;fete_et_manifestation&quot;,&quot;commune&quot;:&quot;Villar-Saint-Pancrace&quot;,&quot;type_commerce&quot;:&quot;&quot;,&quot;image&quot;:&quot;https:\\\/\\\/static.apidae-tourisme.com\\\/filestore\\\/objets-touristiques\\\/images\\\/37\\\/93\\\/41966885-diaporama.jpg&quot;,&quot;image_width&quot;:&quot;550&quot;,&quot;image_height&quot;:&quot;350&quot;,&quot;image_fit&quot;:&quot;cover&quot;},{&quot;lat&quot;:&quot;44.879225&quot;,&quot;lng&quot;:&quot;6.599796&quot;,&quot;title&quot;:&quot;Journ\\u00e9e Europ\\u00e9enne du patrimoine - Visite guid\\u00e9e historique de la Boucle des Mines&quot;,&quot;permalink&quot;:&quot;https:\\\/\\\/www.hautes-alpes.net\\\/nl\\\/fiche\\\/journee-europeenne-du-patrimoine-visite-guidee-historique-de-la-boucle-des-mines-5\\\/&quot;,&quot;type&quot;:&quot;fete_et_manifestation&quot;,&quot;commune&quot;:&quot;Puy-Saint-Andr\\u00e9&quot;,&quot;type_commerce&quot;:&quot;&quot;,&quot;image&quot;:&quot;https:\\\/\\\/static.apidae-tourisme.com\\\/filestore\\\/objets-touristiques\\\/images\\\/117\\\/189\\\/42450293-diaporama.png&quot;,&quot;image_width&quot;:&quot;550&quot;,&quot;image_height&quot;:&quot;350&quot;,&quot;image_fit&quot;:&quot;cover&quot;},{&quot;lat&quot;:&quot;44.314801&quot;,&quot;lng&quot;:&quot;5.821823&quot;,&quot;title&quot;:&quot;Repas-cin\\u00e9 : soir\\u00e9e sp\\u00e9ciale &#8221;La bataille De  Gaulle&#8221;&quot;,&quot;permalink&quot;:&quot;https:\\\/\\\/www.hautes-alpes.net\\\/nl\\\/fiche\\\/repas-cine-soiree-speciale-la-bataille-de-gaulle-6\\\/&quot;,&quot;type&quot;:&quot;fete_et_manifestation&quot;,&quot;commune&quot;:&quot;Laragne-Mont\\u00e9glin&quot;,&quot;type_commerce&quot;:&quot;&quot;,&quot;image&quot;:&quot;https:\\\/\\\/static.apidae-tourisme.com\\\/filestore\\\/objets-touristiques\\\/images\\\/188\\\/185\\\/42449340-diaporama.png&quot;,&quot;image_width&quot;:&quot;550&quot;,&quot;image_height&quot;:&quot;350&quot;,&quot;image_fit&quot;:&quot;cover&quot;},{&quot;lat&quot;:&quot;44.563446&quot;,&quot;lng&quot;:&quot;5.95823&quot;,&quot;title&quot;:&quot;JEP : d\\u00e9ambulation comment\\u00e9e du village de La Roche des Arnauds&quot;,&quot;permalink&quot;:&quot;https:\\\/\\\/www.hautes-alpes.net\\\/nl\\\/fiche\\\/jep-deambulation-commentee-du-village-de-la-roche-des-arnauds-6\\\/&quot;,&quot;type&quot;:&quot;fete_et_manifestation&quot;,&quot;commune&quot;:&quot;La Roche-des-Arnauds&quot;,&quot;type_commerce&quot;:&quot;&quot;,&quot;image&quot;:&quot;https:\\\/\\\/static.apidae-tourisme.com\\\/filestore\\\/objets-touristiques\\\/images\\\/41\\\/189\\\/42450217-diaporama.jpg&quot;,&quot;image_width&quot;:&quot;550&quot;,&quot;image_height&quot;:&quot;350&quot;,&quot;image_fit&quot;:&quot;cover&quot;},{&quot;lat&quot;:&quot;45.042633&quot;,&quot;lng&quot;:&quot;6.335453&quot;,&quot;title&quot;:&quot;Journ\\u00e9es Europ\\u00e9ennes du Patrimoine : Visite comment\\u00e9 de l&#8217;\\u00e9glise Saint-Martin&quot;,&quot;permalink&quot;:&quot;https:\\\/\\\/www.hautes-alpes.net\\\/nl\\\/fiche\\\/journees-europeennes-du-patrimoine-visite-commente-de-leglise-saint-martin-6\\\/&quot;,&quot;type&quot;:&quot;fete_et_manifestation&quot;,&quot;commune&quot;:&quot;Villar-d&#039;Ar\\u00eane&quot;,&quot;type_commerce&quot;:&quot;&quot;,&quot;image&quot;:&quot;https:\\\/\\\/static.apidae-tourisme.com\\\/filestore\\\/objets-touristiques\\\/images\\\/1\\\/91\\\/42425089-diaporama.png&quot;,&quot;image_width&quot;:&quot;550&quot;,&quot;image_height&quot;:&quot;350&quot;,&quot;image_fit&quot;:&quot;cover&quot;},{&quot;lat&quot;:&quot;44.533626&quot;,&quot;lng&quot;:&quot;5.82029&quot;,&quot;title&quot;:&quot;JEP : Conf\\u00e9rence \\u00ab Le paysage de la commune de Veynes en 1819, d\\u2019apr\\u00e8s le cadastre Napol\\u00e9onien \\u00bb&quot;,&quot;permalink&quot;:&quot;https:\\\/\\\/www.hautes-alpes.net\\\/nl\\\/fiche\\\/jep-conference-le-paysage-de-la-commune-de-veynes-en-1819-dapres-le-cadastre-napoleonien-6\\\/&quot;,&quot;type&quot;:&quot;fete_et_manifestation&quot;,&quot;commune&quot;:&quot;Veynes&quot;,&quot;type_commerce&quot;:&quot;&quot;,&quot;image&quot;:&quot;https:\\\/\\\/static.apidae-tourisme.com\\\/filestore\\\/objets-touristiques\\\/images\\\/83\\\/23\\\/42407763-diaporama.jpg&quot;,&quot;image_width&quot;:&quot;550&quot;,&quot;image_height&quot;:&quot;350&quot;,&quot;image_fit&quot;:&quot;cover&quot;},{&quot;lat&quot;:&quot;44.563359&quot;,&quot;lng&quot;:&quot;5.958483&quot;,&quot;title&quot;:&quot;JEP :  Visite du chantier de sauvegarde du ch\\u00e2teau des Flotte \\u00e0 La Roche des Arnauds&quot;,&quot;permalink&quot;:&quot;https:\\\/\\\/www.hautes-alpes.net\\\/nl\\\/fiche\\\/jep-visite-du-chantier-de-sauvegarde-du-chateau-des-flotte-a-la-roche-des-arnauds-6\\\/&quot;,&quot;type&quot;:&quot;fete_et_manifestation&quot;,&quot;commune&quot;:&quot;La Roche-des-Arnauds&quot;,&quot;type_commerce&quot;:&quot;&quot;,&quot;image&quot;:&quot;https:\\\/\\\/static.apidae-tourisme.com\\\/filestore\\\/objets-touristiques\\\/images\\\/63\\\/243\\\/42464063-diaporama.jpg&quot;,&quot;image_width&quot;:&quot;550&quot;,&quot;image_height&quot;:&quot;350&quot;,&quot;image_fit&quot;:&quot;cover&quot;},{&quot;lat&quot;:&quot;44.392329&quot;,&quot;lng&quot;:&quot;5.470846&quot;,&quot;title&quot;:&quot;Journ\\u00e9es Europ\\u00e9ennes du Patrimoine : visite guid\\u00e9e du Ch\\u00e2teau de Rosans&quot;,&quot;permalink&quot;:&quot;https:\\\/\\\/www.hautes-alpes.net\\\/nl\\\/fiche\\\/journees-europeennes-du-patrimoine-visite-guidee-du-chateau-de-rosans-6\\\/&quot;,&quot;type&quot;:&quot;fete_et_manifestation&quot;,&quot;commune&quot;:&quot;Rosans&quot;,&quot;type_commerce&quot;:&quot;&quot;,&quot;image&quot;:&quot;https:\\\/\\\/static.apidae-tourisme.com\\\/filestore\\\/objets-touristiques\\\/images\\\/205\\\/27\\\/42146765-diaporama.jpg&quot;,&quot;image_width&quot;:&quot;550&quot;,&quot;image_height&quot;:&quot;350&quot;,&quot;image_fit&quot;:&quot;cover&quot;},{&quot;lat&quot;:&quot;44.559631&quot;,&quot;lng&quot;:&quot;6.08022&quot;,&quot;title&quot;:&quot;Journ\\u00e9es Europ\\u00e9ennes du patrimoine: Visite guid\\u00e9e photographique de la ville de Gap&quot;,&quot;permalink&quot;:&quot;https:\\\/\\\/www.hautes-alpes.net\\\/nl\\\/fiche\\\/journees-europeennes-du-patrimoine-visite-guidee-photographique-de-la-ville-de-gap-6\\\/&quot;,&quot;type&quot;:&quot;fete_et_manifestation&quot;,&quot;commune&quot;:&quot;Gap&quot;,&quot;type_commerce&quot;:&quot;&quot;,&quot;image&quot;:&quot;https:\\\/\\\/static.apidae-tourisme.com\\\/filestore\\\/objets-touristiques\\\/images\\\/2\\\/28\\\/42408962-diaporama.jpg&quot;,&quot;image_width&quot;:&quot;550&quot;,&quot;image_height&quot;:&quot;350&quot;,&quot;image_fit&quot;:&quot;cover&quot;},{&quot;lat&quot;:&quot;44.317725&quot;,&quot;lng&quot;:&quot;5.873687&quot;,&quot;title&quot;:&quot;Journ\\u00e9es Europ\\u00e9ennes du Patrimoine : visite du village perch\\u00e9 d&#8217;Upaix&quot;,&quot;permalink&quot;:&quot;https:\\\/\\\/www.hautes-alpes.net\\\/nl\\\/fiche\\\/journees-europeennes-du-patrimoine-visite-du-village-perche-dupaix-6\\\/&quot;,&quot;type&quot;:&quot;fete_et_manifestation&quot;,&quot;commune&quot;:&quot;Upaix&quot;,&quot;type_commerce&quot;:&quot;&quot;,&quot;image&quot;:&quot;https:\\\/\\\/static.apidae-tourisme.com\\\/filestore\\\/objets-touristiques\\\/images\\\/109\\\/102\\\/7300717-diaporama.jpg&quot;,&quot;image_width&quot;:&quot;550&quot;,&quot;image_height&quot;:&quot;350&quot;,&quot;image_fit&quot;:&quot;cover&quot;},{&quot;lat&quot;:&quot;44.230052&quot;,&quot;lng&quot;:&quot;5.857631&quot;,&quot;title&quot;:&quot;Festival Bu\\u00ebch-Durance 2026 : concertos baroques&quot;,&quot;permalink&quot;:&quot;https:\\\/\\\/www.hautes-alpes.net\\\/nl\\\/fiche\\\/festival-buech-durance-2026-concertos-baroques-6\\\/&quot;,&quot;type&quot;:&quot;fete_et_manifestation&quot;,&quot;commune&quot;:&quot;Val Bu\\u00ebch-M\\u00e9ouge&quot;,&quot;type_commerce&quot;:&quot;&quot;,&quot;image&quot;:&quot;https:\\\/\\\/static.apidae-tourisme.com\\\/filestore\\\/objets-touristiques\\\/images\\\/179\\\/55\\\/42481587-diaporama.jpg&quot;,&quot;image_width&quot;:&quot;550&quot;,&quot;image_height&quot;:&quot;350&quot;,&quot;image_fit&quot;:&quot;cover&quot;},{&quot;lat&quot;:&quot;44.899012&quot;,&quot;lng&quot;:&quot;6.643227&quot;,&quot;title&quot;:&quot;Journ\\u00e9es europ\\u00e9ennes du patrimoine -L&#8217;Auditoire du Roy&quot;,&quot;permalink&quot;:&quot;https:\\\/\\\/www.hautes-alpes.net\\\/nl\\\/fiche\\\/journees-europeennes-du-patrimoine-lauditoire-du-roy-6\\\/&quot;,&quot;type&quot;:&quot;fete_et_manifestation&quot;,&quot;commune&quot;:&quot;Brian\\u00e7on&quot;,&quot;type_commerce&quot;:&quot;&quot;,&quot;image&quot;:&quot;https:\\\/\\\/static.apidae-tourisme.com\\\/filestore\\\/objets-touristiques\\\/images\\\/20\\\/21\\\/34215188-diaporama.jpg&quot;,&quot;image_width&quot;:&quot;550&quot;,&quot;image_height&quot;:&quot;350&quot;,&quot;image_fit&quot;:&quot;cover&quot;},{&quot;lat&quot;:&quot;44.616917&quot;,&quot;lng&quot;:&quot;5.711183&quot;,&quot;title&quot;:&quot;JEP : Visite comment\\u00e9e Ancienne Chartreuse de Durbon et visite expo Ecomus\\u00e9e&quot;,&quot;permalink&quot;:&quot;https:\\\/\\\/www.hautes-alpes.net\\\/nl\\\/fiche\\\/jep-visite-commentee-ancienne-chartreuse-de-durbon-et-visite-expo-ecomusee-6\\\/&quot;,&quot;type&quot;:&quot;fete_et_manifestation&quot;,&quot;commune&quot;:&quot;Saint-Julien-en-Beauch\\u00eane&quot;,&quot;type_commerce&quot;:&quot;&quot;,&quot;image&quot;:&quot;https:\\\/\\\/static.apidae-tourisme.com\\\/filestore\\\/objets-touristiques\\\/images\\\/188\\\/51\\\/42480572-diaporama.jpg&quot;,&quot;image_width&quot;:&quot;550&quot;,&quot;image_height&quot;:&quot;350&quot;,&quot;image_fit&quot;:&quot;cover&quot;},{&quot;lat&quot;:&quot;44.565322&quot;,&quot;lng&quot;:&quot;6.092094&quot;,&quot;title&quot;:&quot;Conf\\u00e9rence et m\\u00e9diumnit\\u00e9&quot;,&quot;permalink&quot;:&quot;https:\\\/\\\/www.hautes-alpes.net\\\/nl\\\/fiche\\\/conference-et-mediumnite-6\\\/&quot;,&quot;type&quot;:&quot;fete_et_manifestation&quot;,&quot;commune&quot;:&quot;Gap&quot;,&quot;type_commerce&quot;:&quot;&quot;,&quot;image&quot;:&quot;https:\\\/\\\/static.apidae-tourisme.com\\\/filestore\\\/objets-touristiques\\\/images\\\/222\\\/33\\\/42410462-diaporama.jpg&quot;,&quot;image_width&quot;:&quot;550&quot;,&quot;image_height&quot;:&quot;350&quot;,&quot;image_fit&quot;:&quot;cover&quot;},{&quot;lat&quot;:&quot;44.897956&quot;,&quot;lng&quot;:&quot;6.642825&quot;,&quot;title&quot;:&quot;Journ\\u00e9es Europ\\u00e9ennes du Patrimoine - Lecture: &#8221;Capturer l&#8217;invisible&#8221;&quot;,&quot;permalink&quot;:&quot;https:\\\/\\\/www.hautes-alpes.net\\\/nl\\\/fiche\\\/journees-europeennes-du-patrimoine-lecture-capturer-linvisible-6\\\/&quot;,&quot;type&quot;:&quot;fete_et_manifestation&quot;,&quot;commune&quot;:&quot;Brian\\u00e7on&quot;,&quot;type_commerce&quot;:&quot;&quot;,&quot;image&quot;:&quot;https:\\\/\\\/static.apidae-tourisme.com\\\/filestore\\\/objets-touristiques\\\/images\\\/196\\\/197\\\/42517956-diaporama.jpg&quot;,&quot;image_width&quot;:&quot;550&quot;,&quot;image_height&quot;:&quot;350&quot;,&quot;image_fit&quot;:&quot;cover&quot;},{&quot;lat&quot;:&quot;44.898504&quot;,&quot;lng&quot;:&quot;6.643562&quot;,&quot;title&quot;:&quot;Journ\\u00e9es europ\\u00e9ennes du patrimoine - Eglise des Cordeliers&quot;,&quot;permalink&quot;:&quot;https:\\\/\\\/www.hautes-alpes.net\\\/nl\\\/fiche\\\/journees-europeennes-du-patrimoine-eglise-des-cordeliers-6\\\/&quot;,&quot;type&quot;:&quot;fete_et_manifestation&quot;,&quot;commune&quot;:&quot;Brian\\u00e7on&quot;,&quot;type_commerce&quot;:&quot;&quot;,&quot;image&quot;:&quot;https:\\\/\\\/static.apidae-tourisme.com\\\/filestore\\\/objets-touristiques\\\/images\\\/29\\\/23\\\/34215709-diaporama.jpg&quot;,&quot;image_width&quot;:&quot;550&quot;,&quot;image_height&quot;:&quot;350&quot;,&quot;image_fit&quot;:&quot;cover&quot;},{&quot;lat&quot;:&quot;44.661432&quot;,&quot;lng&quot;:&quot;6.651074&quot;,&quot;title&quot;:&quot;Les Journ\\u00e9es Europ\\u00e9ennes du Patrimoine - Les premiers photographes du Queyras&quot;,&quot;permalink&quot;:&quot;https:\\\/\\\/www.hautes-alpes.net\\\/nl\\\/fiche\\\/les-journees-europeennes-du-patrimoine-les-premiers-photographes-du-queyras-6\\\/&quot;,&quot;type&quot;:&quot;fete_et_manifestation&quot;,&quot;commune&quot;:&quot;Guillestre&quot;,&quot;type_commerce&quot;:&quot;&quot;,&quot;image&quot;:&quot;https:\\\/\\\/static.apidae-tourisme.com\\\/filestore\\\/objets-touristiques\\\/images\\\/44\\\/41\\\/42543404-diaporama.jpg&quot;,&quot;image_width&quot;:&quot;550&quot;,&quot;image_height&quot;:&quot;350&quot;,&quot;image_fit&quot;:&quot;cover&quot;},{&quot;lat&quot;:&quot;44.648954&quot;,&quot;lng&quot;:&quot;6.575951&quot;,&quot;title&quot;:&quot;Les Journ\\u00e9es Europ\\u00e9ennes du Patrimoine - Visite guid\\u00e9e : la tour de Saint-Cl\\u00e9ment sur Durance&quot;,&quot;permalink&quot;:&quot;https:\\\/\\\/www.hautes-alpes.net\\\/nl\\\/fiche\\\/les-journees-europeennes-du-patrimoine-visite-guidee-la-tour-de-saint-clement-sur-durance-6\\\/&quot;,&quot;type&quot;:&quot;fete_et_manifestation&quot;,&quot;commune&quot;:&quot;Saint-Cl\\u00e9ment-sur-Durance&quot;,&quot;type_commerce&quot;:&quot;&quot;,&quot;image&quot;:&quot;https:\\\/\\\/static.apidae-tourisme.com\\\/filestore\\\/objets-touristiques\\\/images\\\/47\\\/41\\\/42543407-diaporama.jpg&quot;,&quot;image_width&quot;:&quot;550&quot;,&quot;image_height&quot;:&quot;350&quot;,&quot;image_fit&quot;:&quot;cover&quot;},{&quot;lat&quot;:&quot;44.56246&quot;,&quot;lng&quot;:&quot;6.494845&quot;,&quot;title&quot;:&quot;Visite guid\\u00e9e : Notre-Dame du R\\u00e9al&quot;,&quot;permalink&quot;:&quot;https:\\\/\\\/www.hautes-alpes.net\\\/nl\\\/fiche\\\/visite-guidee-notre-dame-du-real-4\\\/&quot;,&quot;type&quot;:&quot;fete_et_manifestation&quot;,&quot;commune&quot;:&quot;Embrun&quot;,&quot;type_commerce&quot;:&quot;&quot;,&quot;image&quot;:&quot;https:\\\/\\\/static.apidae-tourisme.com\\\/filestore\\\/objets-touristiques\\\/images\\\/52\\\/41\\\/42543412-diaporama.jpg&quot;,&quot;image_width&quot;:&quot;550&quot;,&quot;image_height&quot;:&quot;350&quot;,&quot;image_fit&quot;:&quot;cover&quot;},{&quot;lat&quot;:&quot;44.643471&quot;,&quot;lng&quot;:&quot;6.199529&quot;,&quot;title&quot;:&quot;Journ\\u00e9es Europ\\u00e9ennes du patrimoine&quot;,&quot;permalink&quot;:&quot;https:\\\/\\\/www.hautes-alpes.net\\\/nl\\\/fiche\\\/journees-europeennes-du-patrimoine-7\\\/&quot;,&quot;type&quot;:&quot;fete_et_manifestation&quot;,&quot;commune&quot;:&quot;Saint-L\\u00e9ger-les-M\\u00e9l\\u00e8zes&quot;,&quot;type_commerce&quot;:&quot;&quot;,&quot;image&quot;:&quot;https:\\\/\\\/static.apidae-tourisme.com\\\/filestore\\\/objets-touristiques\\\/images\\\/59\\\/94\\\/25189947-diaporama.jpg&quot;,&quot;image_width&quot;:&quot;550&quot;,&quot;image_height&quot;:&quot;350&quot;,&quot;image_fit&quot;:&quot;cover&quot;},{&quot;lat&quot;:&quot;44.562537&quot;,&quot;lng&quot;:&quot;6.494606&quot;,&quot;title&quot;:&quot;Journ\\u00e9es Europ\\u00e9ennes du Patrimoine&quot;,&quot;permalink&quot;:&quot;https:\\\/\\\/www.hautes-alpes.net\\\/nl\\\/fiche\\\/journees-europeennes-du-patrimoine-7\\\/&quot;,&quot;type&quot;:&quot;fete_et_manifestation&quot;,&quot;commune&quot;:&quot;Embrun&quot;,&quot;type_commerce&quot;:&quot;&quot;,&quot;image&quot;:&quot;https:\\\/\\\/static.apidae-tourisme.com\\\/filestore\\\/objets-touristiques\\\/images\\\/24\\\/248\\\/41089048-diaporama.jpg&quot;,&quot;image_width&quot;:&quot;550&quot;,&quot;image_height&quot;:&quot;350&quot;,&quot;image_fit&quot;:&quot;cover&quot;},{&quot;lat&quot;:&quot;44.570845&quot;,&quot;lng&quot;:&quot;5.872926&quot;,&quot;title&quot;:&quot;Journ\\u00e9es Europ\\u00e9ennes du Patrimoine au Ch\\u00e2teau de Montmaur - Concert OPUS&quot;,&quot;permalink&quot;:&quot;https:\\\/\\\/www.hautes-alpes.net\\\/nl\\\/fiche\\\/journees-europeennes-du-patrimoine-au-chateau-de-montmaur-concert-opus-6\\\/&quot;,&quot;type&quot;:&quot;fete_et_manifestation&quot;,&quot;commune&quot;:&quot;Montmaur&quot;,&quot;type_commerce&quot;:&quot;&quot;,&quot;image&quot;:&quot;https:\\\/\\\/static.apidae-tourisme.com\\\/filestore\\\/objets-touristiques\\\/images\\\/165\\\/19\\\/41227173-diaporama.jpg&quot;,&quot;image_width&quot;:&quot;550&quot;,&quot;image_height&quot;:&quot;350&quot;,&quot;image_fit&quot;:&quot;cover&quot;},{&quot;lat&quot;:&quot;44.422751&quot;,&quot;lng&quot;:&quot;5.707884&quot;,&quot;title&quot;:&quot;Serres Lez&#8217;Arts : atelier correspondance cr\\u00e9ative&quot;,&quot;permalink&quot;:&quot;https:\\\/\\\/www.hautes-alpes.net\\\/nl\\\/fiche\\\/serres-lezarts-atelier-correspondance-creative-6\\\/&quot;,&quot;type&quot;:&quot;fete_et_manifestation&quot;,&quot;commune&quot;:&quot;Serres&quot;,&quot;type_commerce&quot;:&quot;&quot;,&quot;image&quot;:&quot;https:\\\/\\\/static.apidae-tourisme.com\\\/filestore\\\/objets-touristiques\\\/images\\\/205\\\/0\\\/33751245-diaporama.jpg&quot;,&quot;image_width&quot;:&quot;550&quot;,&quot;image_height&quot;:&quot;350&quot;,&quot;image_fit&quot;:&quot;cover&quot;},{&quot;lat&quot;:&quot;44.531664&quot;,&quot;lng&quot;:&quot;6.472829&quot;,&quot;title&quot;:&quot;Journ\\u00e9es du Patrimoine - Visite du Ch\\u00e2teau de Picomtal&quot;,&quot;permalink&quot;:&quot;https:\\\/\\\/www.hautes-alpes.net\\\/nl\\\/fiche\\\/journees-du-patrimoine-visite-du-chateau-de-picomtal-6\\\/&quot;,&quot;type&quot;:&quot;fete_et_manifestation&quot;,&quot;commune&quot;:&quot;Crots&quot;,&quot;type_commerce&quot;:&quot;&quot;,&quot;image&quot;:&quot;https:\\\/\\\/static.apidae-tourisme.com\\\/filestore\\\/objets-touristiques\\\/images\\\/239\\\/58\\\/42285807-diaporama.jpg&quot;,&quot;image_width&quot;:&quot;550&quot;,&quot;image_height&quot;:&quot;350&quot;,&quot;image_fit&quot;:&quot;cover&quot;},{&quot;lat&quot;:&quot;44.569342&quot;,&quot;lng&quot;:&quot;6.090285&quot;,&quot;title&quot;:&quot;Projection du film Nos m\\u00e9moires englouties&quot;,&quot;permalink&quot;:&quot;https:\\\/\\\/www.hautes-alpes.net\\\/nl\\\/fiche\\\/projection-du-film-nos-memoires-englouties-7\\\/&quot;,&quot;type&quot;:&quot;fete_et_manifestation&quot;,&quot;commune&quot;:&quot;Gap&quot;,&quot;type_commerce&quot;:&quot;&quot;,&quot;image&quot;:&quot;https:\\\/\\\/static.apidae-tourisme.com\\\/filestore\\\/objets-touristiques\\\/images\\\/209\\\/189\\\/42384849-diaporama.jpg&quot;,&quot;image_width&quot;:&quot;550&quot;,&quot;image_height&quot;:&quot;350&quot;,&quot;image_fit&quot;:&quot;cover&quot;},{&quot;lat&quot;:&quot;44.569342&quot;,&quot;lng&quot;:&quot;6.090285&quot;,&quot;title&quot;:&quot;Visite patrimoniale de l&#8217;ancienne usine Badin&quot;,&quot;permalink&quot;:&quot;https:\\\/\\\/www.hautes-alpes.net\\\/nl\\\/fiche\\\/visite-patrimoniale-de-lancienne-usine-badin-6\\\/&quot;,&quot;type&quot;:&quot;fete_et_manifestation&quot;,&quot;commune&quot;:&quot;Gap&quot;,&quot;type_commerce&quot;:&quot;&quot;,&quot;image&quot;:&quot;https:\\\/\\\/static.apidae-tourisme.com\\\/filestore\\\/objets-touristiques\\\/images\\\/117\\\/199\\\/42387317-diaporama.jpg&quot;,&quot;image_width&quot;:&quot;550&quot;,&quot;image_height&quot;:&quot;350&quot;,&quot;image_fit&quot;:&quot;cover&quot;},{&quot;lat&quot;:&quot;44.660613&quot;,&quot;lng&quot;:&quot;6.651114&quot;,&quot;title&quot;:&quot;Journ\\u00e9es Europ\\u00e9ennes du Patrimoine - Une chapelle priv\\u00e9e&quot;,&quot;permalink&quot;:&quot;https:\\\/\\\/www.hautes-alpes.net\\\/nl\\\/fiche\\\/journees-europeennes-du-patrimoine-une-chapelle-privee-6\\\/&quot;,&quot;type&quot;:&quot;fete_et_manifestation&quot;,&quot;commune&quot;:&quot;Guillestre&quot;,&quot;type_commerce&quot;:&quot;&quot;,&quot;image&quot;:&quot;https:\\\/\\\/static.apidae-tourisme.com\\\/filestore\\\/objets-touristiques\\\/images\\\/135\\\/246\\\/42399367-diaporama.jpg&quot;,&quot;image_width&quot;:&quot;550&quot;,&quot;image_height&quot;:&quot;350&quot;,&quot;image_fit&quot;:&quot;cover&quot;},{&quot;lat&quot;:&quot;44.874&quot;,&quot;lng&quot;:&quot;6.6343&quot;,&quot;title&quot;:&quot;Journ\\u00e9es du patrimoine : visite du Moulin de Sachas&quot;,&quot;permalink&quot;:&quot;https:\\\/\\\/www.hautes-alpes.net\\\/nl\\\/fiche\\\/journees-du-patrimoine-visite-du-moulin-de-sachas-6\\\/&quot;,&quot;type&quot;:&quot;fete_et_manifestation&quot;,&quot;commune&quot;:&quot;Villar-Saint-Pancrace&quot;,&quot;type_commerce&quot;:&quot;&quot;,&quot;image&quot;:&quot;https:\\\/\\\/static.apidae-tourisme.com\\\/filestore\\\/objets-touristiques\\\/images\\\/180\\\/0\\\/42401972-diaporama.png&quot;,&quot;image_width&quot;:&quot;550&quot;,&quot;image_height&quot;:&quot;350&quot;,&quot;image_fit&quot;:&quot;cover&quot;},{&quot;lat&quot;:&quot;44.341235&quot;,&quot;lng&quot;:&quot;5.755859&quot;,&quot;title&quot;:&quot;Journ\\u00e9es Europ\\u00e9ennes du Patrimoine : visite guid\\u00e9e de Lagrand, petite Cit\\u00e9 de Caract\\u00e8re\\u00ae&quot;,&quot;permalink&quot;:&quot;https:\\\/\\\/www.hautes-alpes.net\\\/nl\\\/fiche\\\/journees-europeennes-du-patrimoine-visite-guidee-de-lagrand-petite-cite-de-caractere-6\\\/&quot;,&quot;type&quot;:&quot;fete_et_manifestation&quot;,&quot;commune&quot;:&quot;Garde-Colombe&quot;,&quot;type_commerce&quot;:&quot;&quot;,&quot;image&quot;:&quot;https:\\\/\\\/static.apidae-tourisme.com\\\/filestore\\\/objets-touristiques\\\/images\\\/139\\\/240\\\/17494155-diaporama.jpg&quot;,&quot;image_width&quot;:&quot;550&quot;,&quot;image_height&quot;:&quot;350&quot;,&quot;image_fit&quot;:&quot;cover&quot;},{&quot;lat&quot;:&quot;44.616694&quot;,&quot;lng&quot;:&quot;5.709948&quot;,&quot;title&quot;:&quot;Visite exposition Chartreuse de Durbon&quot;,&quot;permalink&quot;:&quot;https:\\\/\\\/www.hautes-alpes.net\\\/nl\\\/fiche\\\/visite-exposition-chartreuse-de-durbon-6\\\/&quot;,&quot;type&quot;:&quot;fete_et_manifestation&quot;,&quot;commune&quot;:&quot;Saint-Julien-en-Beauch\\u00eane&quot;,&quot;type_commerce&quot;:&quot;&quot;,&quot;image&quot;:&quot;https:\\\/\\\/static.apidae-tourisme.com\\\/filestore\\\/objets-touristiques\\\/images\\\/165\\\/3\\\/42468261-diaporama.jpg&quot;,&quot;image_width&quot;:&quot;550&quot;,&quot;image_height&quot;:&quot;350&quot;,&quot;image_fit&quot;:&quot;cover&quot;},{&quot;lat&quot;:&quot;44.570756&quot;,&quot;lng&quot;:&quot;5.873261&quot;,&quot;title&quot;:&quot;JEP : Concert au Ch\\u00e2teau de Montmaur dans le cadre du Festival Bu\\u00ebch-Durance 2026&quot;,&quot;permalink&quot;:&quot;https:\\\/\\\/www.hautes-alpes.net\\\/nl\\\/fiche\\\/jep-concert-au-chateau-de-montmaur-dans-le-cadre-du-festival-buech-durance-2026-6\\\/&quot;,&quot;type&quot;:&quot;fete_et_manifestation&quot;,&quot;commune&quot;:&quot;Montmaur&quot;,&quot;type_commerce&quot;:&quot;&quot;,&quot;image&quot;:&quot;https:\\\/\\\/static.apidae-tourisme.com\\\/filestore\\\/objets-touristiques\\\/images\\\/48\\\/19\\\/41358128-diaporama.jpg&quot;,&quot;image_width&quot;:&quot;550&quot;,&quot;image_height&quot;:&quot;350&quot;,&quot;image_fit&quot;:&quot;cover&quot;},{&quot;lat&quot;:&quot;44.616663&quot;,&quot;lng&quot;:&quot;5.70991&quot;,&quot;title&quot;:&quot;JEP - D\\u00e9couverte Tableau Philippe de Champaigne \\u00e0 l&#8217;\\u00e9glise Saint Blaise&quot;,&quot;permalink&quot;:&quot;https:\\\/\\\/www.hautes-alpes.net\\\/nl\\\/fiche\\\/jep-decouverte-tableau-philippe-de-champaigne-a-leglise-saint-blaise-6\\\/&quot;,&quot;type&quot;:&quot;fete_et_manifestation&quot;,&quot;commune&quot;:&quot;Saint-Julien-en-Beauch\\u00eane&quot;,&quot;type_commerce&quot;:&quot;&quot;,&quot;image&quot;:&quot;https:\\\/\\\/static.apidae-tourisme.com\\\/filestore\\\/objets-touristiques\\\/images\\\/124\\\/51\\\/42480508-diaporama.jpg&quot;,&quot;image_width&quot;:&quot;550&quot;,&quot;image_height&quot;:&quot;350&quot;,&quot;image_fit&quot;:&quot;cover&quot;},{&quot;lat&quot;:&quot;44.669186&quot;,&quot;lng&quot;:&quot;6.623954&quot;,&quot;title&quot;:&quot;Jam Session - European Jazz Companions&quot;,&quot;permalink&quot;:&quot;https:\\\/\\\/www.hautes-alpes.net\\\/nl\\\/fiche\\\/jam-session-european-jazz-companions-6\\\/&quot;,&quot;type&quot;:&quot;fete_et_manifestation&quot;,&quot;commune&quot;:&quot;Mont-Dauphin&quot;,&quot;type_commerce&quot;:&quot;&quot;,&quot;image&quot;:&quot;https:\\\/\\\/static.apidae-tourisme.com\\\/filestore\\\/objets-touristiques\\\/images\\\/224\\\/50\\\/42480352-diaporama.jpg&quot;,&quot;image_width&quot;:&quot;550&quot;,&quot;image_height&quot;:&quot;350&quot;,&quot;image_fit&quot;:&quot;cover&quot;},{&quot;lat&quot;:&quot;44.669613&quot;,&quot;lng&quot;:&quot;6.622087&quot;,&quot;title&quot;:&quot;Apr\\u00e8s-midi champ\\u00eatre et concert - European Jazz Companions&quot;,&quot;permalink&quot;:&quot;https:\\\/\\\/www.hautes-alpes.net\\\/nl\\\/fiche\\\/apres-midi-champetre-et-concert-european-jazz-companions-6\\\/&quot;,&quot;type&quot;:&quot;fete_et_manifestation&quot;,&quot;commune&quot;:&quot;Mont-Dauphin&quot;,&quot;type_commerce&quot;:&quot;&quot;,&quot;image&quot;:&quot;https:\\\/\\\/static.apidae-tourisme.com\\\/filestore\\\/objets-touristiques\\\/images\\\/6\\\/50\\\/42480134-diaporama.jpg&quot;,&quot;image_width&quot;:&quot;550&quot;,&quot;image_height&quot;:&quot;350&quot;,&quot;image_fit&quot;:&quot;cover&quot;},{&quot;lat&quot;:&quot;44.89894&quot;,&quot;lng&quot;:&quot;6.643023&quot;,&quot;title&quot;:&quot;Journ\\u00e9es europ\\u00e9ennes du patrimoine - Lecture:&#8221;Des territoires (nous sifflerons la Marseillaise&#8230;)&#8221;&quot;,&quot;permalink&quot;:&quot;https:\\\/\\\/www.hautes-alpes.net\\\/nl\\\/fiche\\\/journees-europeennes-du-patrimoine-lecturedes-territoires-nous-sifflerons-la-marseillaise-6\\\/&quot;,&quot;type&quot;:&quot;fete_et_manifestation&quot;,&quot;commune&quot;:&quot;Brian\\u00e7on&quot;,&quot;type_commerce&quot;:&quot;&quot;,&quot;image&quot;:&quot;https:\\\/\\\/static.apidae-tourisme.com\\\/filestore\\\/objets-touristiques\\\/images\\\/164\\\/211\\\/42521508-diaporama.jpg&quot;,&quot;image_width&quot;:&quot;550&quot;,&quot;image_height&quot;:&quot;350&quot;,&quot;image_fit&quot;:&quot;cover&quot;},{&quot;lat&quot;:&quot;44.531779&quot;,&quot;lng&quot;:&quot;6.472717&quot;,&quot;title&quot;:&quot;Visite comment\\u00e9e &#8221;Ch\\u00e2teau de Picomtal&#8221; - JEP 2025&quot;,&quot;permalink&quot;:&quot;https:\\\/\\\/www.hautes-alpes.net\\\/nl\\\/fiche\\\/visite-commentee-chateau-de-picomtal-jep-2025-6\\\/&quot;,&quot;type&quot;:&quot;fete_et_manifestation&quot;,&quot;commune&quot;:&quot;Crots&quot;,&quot;type_commerce&quot;:&quot;&quot;,&quot;image&quot;:&quot;https:\\\/\\\/static.apidae-tourisme.com\\\/filestore\\\/objets-touristiques\\\/images\\\/228\\\/136\\\/33917156-diaporama.jpg&quot;,&quot;image_width&quot;:&quot;550&quot;,&quot;image_height&quot;:&quot;350&quot;,&quot;image_fit&quot;:&quot;cover&quot;},{&quot;lat&quot;:&quot;44.315518&quot;,&quot;lng&quot;:&quot;5.823316&quot;,&quot;title&quot;:&quot;72\\u00e8me Crit\\u00e9rium Bouliste de la ville de Laragne-Mont\\u00e9glin&quot;,&quot;permalink&quot;:&quot;https:\\\/\\\/www.hautes-alpes.net\\\/nl\\\/fiche\\\/72eme-criterium-bouliste-de-la-ville-de-laragne-monteglin-6\\\/&quot;,&quot;type&quot;:&quot;fete_et_manifestation&quot;,&quot;commune&quot;:&quot;Laragne-Mont\\u00e9glin&quot;,&quot;type_commerce&quot;:&quot;&quot;,&quot;image&quot;:&quot;https:\\\/\\\/static.apidae-tourisme.com\\\/filestore\\\/objets-touristiques\\\/images\\\/33\\\/239\\\/42331937-diaporama.jpg&quot;,&quot;image_width&quot;:&quot;550&quot;,&quot;image_height&quot;:&quot;350&quot;,&quot;image_fit&quot;:&quot;cover&quot;},{&quot;lat&quot;:&quot;44.649802&quot;,&quot;lng&quot;:&quot;6.578399&quot;,&quot;title&quot;:&quot;Concert - European Jazz Companions&quot;,&quot;permalink&quot;:&quot;https:\\\/\\\/www.hautes-alpes.net\\\/nl\\\/fiche\\\/concert-european-jazz-companions-6\\\/&quot;,&quot;type&quot;:&quot;fete_et_manifestation&quot;,&quot;commune&quot;:&quot;Saint-Cl\\u00e9ment-sur-Durance&quot;,&quot;type_commerce&quot;:&quot;&quot;,&quot;image&quot;:&quot;https:\\\/\\\/static.apidae-tourisme.com\\\/filestore\\\/objets-touristiques\\\/images\\\/239\\\/50\\\/42480367-diaporama.jpg&quot;,&quot;image_width&quot;:&quot;550&quot;,&quot;image_height&quot;:&quot;350&quot;,&quot;image_fit&quot;:&quot;cover&quot;},{&quot;lat&quot;:&quot;44.544694&quot;,&quot;lng&quot;:&quot;6.277074&quot;,&quot;title&quot;:&quot;Atelier - Intelligence Artificielle&quot;,&quot;permalink&quot;:&quot;https:\\\/\\\/www.hautes-alpes.net\\\/nl\\\/fiche\\\/atelier-intelligence-artificielle-6\\\/&quot;,&quot;type&quot;:&quot;fete_et_manifestation&quot;,&quot;commune&quot;:&quot;Chorges&quot;,&quot;type_commerce&quot;:&quot;&quot;,&quot;image&quot;:&quot;https:\\\/\\\/static.apidae-tourisme.com\\\/filestore\\\/objets-touristiques\\\/images\\\/173\\\/240\\\/42463405-diaporama.jpg&quot;,&quot;image_width&quot;:&quot;550&quot;,&quot;image_height&quot;:&quot;350&quot;,&quot;image_fit&quot;:&quot;cover&quot;},{&quot;lat&quot;:&quot;44.569342&quot;,&quot;lng&quot;:&quot;6.090285&quot;,&quot;title&quot;:&quot;Projection du film Nos m\\u00e9moires englouties&quot;,&quot;permalink&quot;:&quot;https:\\\/\\\/www.hautes-alpes.net\\\/nl\\\/fiche\\\/projection-du-film-nos-memoires-englouties-6\\\/&quot;,&quot;type&quot;:&quot;fete_et_manifestation&quot;,&quot;commune&quot;:&quot;Gap&quot;,&quot;type_commerce&quot;:&quot;&quot;,&quot;image&quot;:&quot;https:\\\/\\\/static.apidae-tourisme.com\\\/filestore\\\/objets-touristiques\\\/images\\\/52\\\/189\\\/42384692-diaporama.jpg&quot;,&quot;image_width&quot;:&quot;550&quot;,&quot;image_height&quot;:&quot;350&quot;,&quot;image_fit&quot;:&quot;cover&quot;},{&quot;lat&quot;:&quot;44.564966&quot;,&quot;lng&quot;:&quot;6.49587&quot;,&quot;title&quot;:&quot;F\\u00eate de la Patate&quot;,&quot;permalink&quot;:&quot;https:\\\/\\\/www.hautes-alpes.net\\\/nl\\\/fiche\\\/fete-de-la-patate-6\\\/&quot;,&quot;type&quot;:&quot;fete_et_manifestation&quot;,&quot;commune&quot;:&quot;Embrun&quot;,&quot;type_commerce&quot;:&quot;&quot;,&quot;image&quot;:&quot;https:\\\/\\\/static.apidae-tourisme.com\\\/filestore\\\/objets-touristiques\\\/images\\\/58\\\/195\\\/37274426-diaporama.jpg&quot;,&quot;image_width&quot;:&quot;550&quot;,&quot;image_height&quot;:&quot;350&quot;,&quot;image_fit&quot;:&quot;cover&quot;},{&quot;lat&quot;:&quot;44.569342&quot;,&quot;lng&quot;:&quot;6.090285&quot;,&quot;title&quot;:&quot;Projection du film Mercredi, c&#8217;est safari&quot;,&quot;permalink&quot;:&quot;https:\\\/\\\/www.hautes-alpes.net\\\/nl\\\/fiche\\\/projection-du-film-mercredi-cest-safari-8\\\/&quot;,&quot;type&quot;:&quot;fete_et_manifestation&quot;,&quot;commune&quot;:&quot;Gap&quot;,&quot;type_commerce&quot;:&quot;&quot;,&quot;image&quot;:&quot;https:\\\/\\\/static.apidae-tourisme.com\\\/filestore\\\/objets-touristiques\\\/images\\\/246\\\/188\\\/42384630-diaporama.jpg&quot;,&quot;image_width&quot;:&quot;550&quot;,&quot;image_height&quot;:&quot;350&quot;,&quot;image_fit&quot;:&quot;cover&quot;},{&quot;lat&quot;:&quot;44.569342&quot;,&quot;lng&quot;:&quot;6.090285&quot;,&quot;title&quot;:&quot;Projection du film Flow&quot;,&quot;permalink&quot;:&quot;https:\\\/\\\/www.hautes-alpes.net\\\/nl\\\/fiche\\\/projection-du-film-flow-9\\\/&quot;,&quot;type&quot;:&quot;fete_et_manifestation&quot;,&quot;commune&quot;:&quot;Gap&quot;,&quot;type_commerce&quot;:&quot;&quot;,&quot;image&quot;:&quot;https:\\\/\\\/static.apidae-tourisme.com\\\/filestore\\\/objets-touristiques\\\/images\\\/182\\\/188\\\/42384566-diaporama.jpg&quot;,&quot;image_width&quot;:&quot;550&quot;,&quot;image_height&quot;:&quot;350&quot;,&quot;image_fit&quot;:&quot;cover&quot;},{&quot;lat&quot;:&quot;44.643314&quot;,&quot;lng&quot;:&quot;6.200188&quot;,&quot;title&quot;:&quot;Rencontres Paysannes&quot;,&quot;permalink&quot;:&quot;https:\\\/\\\/www.hautes-alpes.net\\\/nl\\\/fiche\\\/rencontres-paysannes-6\\\/&quot;,&quot;type&quot;:&quot;fete_et_manifestation&quot;,&quot;commune&quot;:&quot;Saint-L\\u00e9ger-les-M\\u00e9l\\u00e8zes&quot;,&quot;type_commerce&quot;:&quot;&quot;,&quot;image&quot;:&quot;https:\\\/\\\/static.apidae-tourisme.com\\\/filestore\\\/objets-touristiques\\\/images\\\/235\\\/192\\\/42385643-diaporama.jpg&quot;,&quot;image_width&quot;:&quot;550&quot;,&quot;image_height&quot;:&quot;350&quot;,&quot;image_fit&quot;:&quot;cover&quot;},{&quot;lat&quot;:&quot;44.533557&quot;,&quot;lng&quot;:&quot;5.820351&quot;,&quot;title&quot;:&quot;Festival Bu\\u00ebch-Durance 2026 : Concert &#8221; Destination Am\\u00e9rique &#8221;&quot;,&quot;permalink&quot;:&quot;https:\\\/\\\/www.hautes-alpes.net\\\/nl\\\/fiche\\\/festival-buech-durance-2026-concert-destination-amerique-6\\\/&quot;,&quot;type&quot;:&quot;fete_et_manifestation&quot;,&quot;commune&quot;:&quot;Veynes&quot;,&quot;type_commerce&quot;:&quot;&quot;,&quot;image&quot;:&quot;https:\\\/\\\/static.apidae-tourisme.com\\\/filestore\\\/objets-touristiques\\\/images\\\/187\\\/22\\\/41359035-diaporama.jpg&quot;,&quot;image_width&quot;:&quot;550&quot;,&quot;image_height&quot;:&quot;350&quot;,&quot;image_fit&quot;:&quot;cover&quot;},{&quot;lat&quot;:&quot;44.469467&quot;,&quot;lng&quot;:&quot;5.468441&quot;,&quot;title&quot;:&quot;Pachamama Festival #5&quot;,&quot;permalink&quot;:&quot;https:\\\/\\\/www.hautes-alpes.net\\\/nl\\\/fiche\\\/pachamama-festival-5-6\\\/&quot;,&quot;type&quot;:&quot;fete_et_manifestation&quot;,&quot;commune&quot;:&quot;Valdoule&quot;,&quot;type_commerce&quot;:&quot;&quot;,&quot;image&quot;:&quot;https:\\\/\\\/static.apidae-tourisme.com\\\/filestore\\\/objets-touristiques\\\/images\\\/170\\\/42\\\/42543786-diaporama.jpg&quot;,&quot;image_width&quot;:&quot;550&quot;,&quot;image_height&quot;:&quot;350&quot;,&quot;image_fit&quot;:&quot;cover&quot;},{&quot;lat&quot;:&quot;44.668066&quot;,&quot;lng&quot;:&quot;6.777934&quot;,&quot;title&quot;:&quot;La Folie Berg\\u00e8re&quot;,&quot;permalink&quot;:&quot;https:\\\/\\\/www.hautes-alpes.net\\\/nl\\\/fiche\\\/la-folie-bergere-6\\\/&quot;,&quot;type&quot;:&quot;fete_et_manifestation&quot;,&quot;commune&quot;:&quot;Ceillac&quot;,&quot;type_commerce&quot;:&quot;&quot;,&quot;image&quot;:&quot;https:\\\/\\\/static.apidae-tourisme.com\\\/filestore\\\/objets-touristiques\\\/images\\\/15\\\/195\\\/41927439-diaporama.jpg&quot;,&quot;image_width&quot;:&quot;550&quot;,&quot;image_height&quot;:&quot;350&quot;,&quot;image_fit&quot;:&quot;cover&quot;},{&quot;lat&quot;:&quot;44.569342&quot;,&quot;lng&quot;:&quot;6.090285&quot;,&quot;title&quot;:&quot;Cin\\u00e9 Rencontre&quot;,&quot;permalink&quot;:&quot;https:\\\/\\\/www.hautes-alpes.net\\\/nl\\\/fiche\\\/cine-rencontre-6\\\/&quot;,&quot;type&quot;:&quot;fete_et_manifestation&quot;,&quot;commune&quot;:&quot;Gap&quot;,&quot;type_commerce&quot;:&quot;&quot;,&quot;image&quot;:&quot;https:\\\/\\\/static.apidae-tourisme.com\\\/filestore\\\/objets-touristiques\\\/images\\\/93\\\/189\\\/42384733-diaporama.jpg&quot;,&quot;image_width&quot;:&quot;550&quot;,&quot;image_height&quot;:&quot;350&quot;,&quot;image_fit&quot;:&quot;cover&quot;},{&quot;lat&quot;:&quot;44.555545&quot;,&quot;lng&quot;:&quot;6.078166&quot;,&quot;title&quot;:&quot;Polyamide Commando&quot;,&quot;permalink&quot;:&quot;https:\\\/\\\/www.hautes-alpes.net\\\/nl\\\/fiche\\\/polyamide-commando-6\\\/&quot;,&quot;type&quot;:&quot;fete_et_manifestation&quot;,&quot;commune&quot;:&quot;Gap&quot;,&quot;type_commerce&quot;:&quot;&quot;,&quot;image&quot;:&quot;https:\\\/\\\/static.apidae-tourisme.com\\\/filestore\\\/objets-touristiques\\\/images\\\/203\\\/69\\\/32327115-diaporama.png&quot;,&quot;image_width&quot;:&quot;550&quot;,&quot;image_height&quot;:&quot;350&quot;,&quot;image_fit&quot;:&quot;cover&quot;},{&quot;lat&quot;:&quot;44.565111&quot;,&quot;lng&quot;:&quot;6.095309&quot;,&quot;title&quot;:&quot;Julien Clerc&quot;,&quot;permalink&quot;:&quot;https:\\\/\\\/www.hautes-alpes.net\\\/nl\\\/fiche\\\/julien-clerc-6\\\/&quot;,&quot;type&quot;:&quot;fete_et_manifestation&quot;,&quot;commune&quot;:&quot;Gap&quot;,&quot;type_commerce&quot;:&quot;&quot;,&quot;image&quot;:&quot;https:\\\/\\\/static.apidae-tourisme.com\\\/filestore\\\/objets-touristiques\\\/images\\\/244\\\/139\\\/38243316-diaporama.jpg&quot;,&quot;image_width&quot;:&quot;550&quot;,&quot;image_height&quot;:&quot;350&quot;,&quot;image_fit&quot;:&quot;cover&quot;},{&quot;lat&quot;:&quot;44.569342&quot;,&quot;lng&quot;:&quot;6.090285&quot;,&quot;title&quot;:&quot;Projection du film Le sabot montagnard&quot;,&quot;permalink&quot;:&quot;https:\\\/\\\/www.hautes-alpes.net\\\/nl\\\/fiche\\\/projection-du-film-le-sabot-montagnard-9\\\/&quot;,&quot;type&quot;:&quot;fete_et_manifestation&quot;,&quot;commune&quot;:&quot;Gap&quot;,&quot;type_commerce&quot;:&quot;&quot;,&quot;image&quot;:&quot;https:\\\/\\\/static.apidae-tourisme.com\\\/filestore\\\/objets-touristiques\\\/images\\\/181\\\/172\\\/42380469-diaporama.jpg&quot;,&quot;image_width&quot;:&quot;550&quot;,&quot;image_height&quot;:&quot;350&quot;,&quot;image_fit&quot;:&quot;cover&quot;},{&quot;lat&quot;:&quot;44.341235&quot;,&quot;lng&quot;:&quot;5.755859&quot;,&quot;title&quot;:&quot;Animation th\\u00e9\\u00e2tralis\\u00e9e : &#8221;Le mandat&#8221;&quot;,&quot;permalink&quot;:&quot;https:\\\/\\\/www.hautes-alpes.net\\\/nl\\\/fiche\\\/animation-theatralisee-le-mandat-6\\\/&quot;,&quot;type&quot;:&quot;fete_et_manifestation&quot;,&quot;commune&quot;:&quot;Garde-Colombe&quot;,&quot;type_commerce&quot;:&quot;&quot;,&quot;image&quot;:&quot;https:\\\/\\\/static.apidae-tourisme.com\\\/filestore\\\/objets-touristiques\\\/images\\\/38\\\/103\\\/21980966-diaporama.jpg&quot;,&quot;image_width&quot;:&quot;550&quot;,&quot;image_height&quot;:&quot;350&quot;,&quot;image_fit&quot;:&quot;cover&quot;},{&quot;lat&quot;:&quot;44.460192&quot;,&quot;lng&quot;:&quot;6.05446&quot;,&quot;title&quot;:&quot;Bal d&#8217;Automne&quot;,&quot;permalink&quot;:&quot;https:\\\/\\\/www.hautes-alpes.net\\\/nl\\\/fiche\\\/bal-dautomne-6\\\/&quot;,&quot;type&quot;:&quot;fete_et_manifestation&quot;,&quot;commune&quot;:&quot;Tallard&quot;,&quot;type_commerce&quot;:&quot;&quot;,&quot;image&quot;:&quot;https:\\\/\\\/static.apidae-tourisme.com\\\/filestore\\\/objets-touristiques\\\/images\\\/17\\\/73\\\/38488337-diaporama.png&quot;,&quot;image_width&quot;:&quot;550&quot;,&quot;image_height&quot;:&quot;350&quot;,&quot;image_fit&quot;:&quot;cover&quot;},{&quot;lat&quot;:&quot;44.560861&quot;,&quot;lng&quot;:&quot;6.086704&quot;,&quot;title&quot;:&quot;Gapencimes 2026&quot;,&quot;permalink&quot;:&quot;https:\\\/\\\/www.hautes-alpes.net\\\/nl\\\/fiche\\\/gapencimes-2026-6\\\/&quot;,&quot;type&quot;:&quot;fete_et_manifestation&quot;,&quot;commune&quot;:&quot;Gap&quot;,&quot;type_commerce&quot;:&quot;&quot;,&quot;image&quot;:&quot;https:\\\/\\\/static.apidae-tourisme.com\\\/filestore\\\/objets-touristiques\\\/images\\\/2\\\/25\\\/38476034-diaporama.png&quot;,&quot;image_width&quot;:&quot;550&quot;,&quot;image_height&quot;:&quot;350&quot;,&quot;image_fit&quot;:&quot;cover&quot;},{&quot;lat&quot;:&quot;44.320208&quot;,&quot;lng&quot;:&quot;5.792984&quot;,&quot;title&quot;:&quot;Week-end caritatif - bapt\\u00eames de vol libre&quot;,&quot;permalink&quot;:&quot;https:\\\/\\\/www.hautes-alpes.net\\\/nl\\\/fiche\\\/week-end-caritatif-baptemes-de-vol-libre-6\\\/&quot;,&quot;type&quot;:&quot;fete_et_manifestation&quot;,&quot;commune&quot;:&quot;Laragne-Mont\\u00e9glin&quot;,&quot;type_commerce&quot;:&quot;&quot;,&quot;image&quot;:&quot;https:\\\/\\\/static.apidae-tourisme.com\\\/filestore\\\/objets-touristiques\\\/images\\\/116\\\/243\\\/41612148-diaporama.png&quot;,&quot;image_width&quot;:&quot;550&quot;,&quot;image_height&quot;:&quot;350&quot;,&quot;image_fit&quot;:&quot;cover&quot;},{&quot;lat&quot;:&quot;44.561459&quot;,&quot;lng&quot;:&quot;6.085175&quot;,&quot;title&quot;:&quot;Vaudou Game&quot;,&quot;permalink&quot;:&quot;https:\\\/\\\/www.hautes-alpes.net\\\/nl\\\/fiche\\\/vaudou-game-6\\\/&quot;,&quot;type&quot;:&quot;fete_et_manifestation&quot;,&quot;commune&quot;:&quot;Gap&quot;,&quot;type_commerce&quot;:&quot;&quot;,&quot;image&quot;:&quot;https:\\\/\\\/static.apidae-tourisme.com\\\/filestore\\\/objets-touristiques\\\/images\\\/218\\\/110\\\/42102490-diaporama.png&quot;,&quot;image_width&quot;:&quot;550&quot;,&quot;image_height&quot;:&quot;350&quot;,&quot;image_fit&quot;:&quot;cover&quot;},{&quot;lat&quot;:&quot;44.661582&quot;,&quot;lng&quot;:&quot;6.650406&quot;,&quot;title&quot;:&quot;Journ\\u00e9es nationales &#8221;Bibli en folies&#8221;&quot;,&quot;permalink&quot;:&quot;https:\\\/\\\/www.hautes-alpes.net\\\/nl\\\/fiche\\\/journees-nationales-bibli-en-folies-6\\\/&quot;,&quot;type&quot;:&quot;fete_et_manifestation&quot;,&quot;commune&quot;:&quot;Guillestre&quot;,&quot;type_commerce&quot;:&quot;&quot;,&quot;image&quot;:&quot;https:\\\/\\\/static.apidae-tourisme.com\\\/filestore\\\/objets-touristiques\\\/images\\\/170\\\/195\\\/42320810-diaporama.png&quot;,&quot;image_width&quot;:&quot;550&quot;,&quot;image_height&quot;:&quot;350&quot;,&quot;image_fit&quot;:&quot;cover&quot;},{&quot;lat&quot;:&quot;44.569342&quot;,&quot;lng&quot;:&quot;6.090285&quot;,&quot;title&quot;:&quot;Projection du film Mercredi, c&#8217;est safari&quot;,&quot;permalink&quot;:&quot;https:\\\/\\\/www.hautes-alpes.net\\\/nl\\\/fiche\\\/projection-du-film-mercredi-cest-safari-9\\\/&quot;,&quot;type&quot;:&quot;fete_et_manifestation&quot;,&quot;commune&quot;:&quot;Gap&quot;,&quot;type_commerce&quot;:&quot;&quot;,&quot;image&quot;:&quot;https:\\\/\\\/static.apidae-tourisme.com\\\/filestore\\\/objets-touristiques\\\/images\\\/8\\\/189\\\/42384648-diaporama.jpg&quot;,&quot;image_width&quot;:&quot;550&quot;,&quot;image_height&quot;:&quot;350&quot;,&quot;image_fit&quot;:&quot;cover&quot;},{&quot;lat&quot;:&quot;44.569342&quot;,&quot;lng&quot;:&quot;6.090285&quot;,&quot;title&quot;:&quot;Projection du film Yukon, un r\\u00eave blanc&quot;,&quot;permalink&quot;:&quot;https:\\\/\\\/www.hautes-alpes.net\\\/nl\\\/fiche\\\/projection-du-film-yukon-un-reve-blanc-7\\\/&quot;,&quot;type&quot;:&quot;fete_et_manifestation&quot;,&quot;commune&quot;:&quot;Gap&quot;,&quot;type_commerce&quot;:&quot;&quot;,&quot;image&quot;:&quot;https:\\\/\\\/static.apidae-tourisme.com\\\/filestore\\\/objets-touristiques\\\/images\\\/234\\\/172\\\/42380522-diaporama.jpg&quot;,&quot;image_width&quot;:&quot;550&quot;,&quot;image_height&quot;:&quot;350&quot;,&quot;image_fit&quot;:&quot;cover&quot;},{&quot;lat&quot;:&quot;44.643471&quot;,&quot;lng&quot;:&quot;6.199529&quot;,&quot;title&quot;:&quot;F\\u00eate de la science \\u00e0 l&#8217;\\u00e9comus\\u00e9e&quot;,&quot;permalink&quot;:&quot;https:\\\/\\\/www.hautes-alpes.net\\\/nl\\\/fiche\\\/fete-de-la-science-a-lecomusee-6\\\/&quot;,&quot;type&quot;:&quot;fete_et_manifestation&quot;,&quot;commune&quot;:&quot;Saint-L\\u00e9ger-les-M\\u00e9l\\u00e8zes&quot;,&quot;type_commerce&quot;:&quot;&quot;,&quot;image&quot;:&quot;https:\\\/\\\/static.apidae-tourisme.com\\\/filestore\\\/objets-touristiques\\\/images\\\/38\\\/93\\\/38755622-diaporama.jpg&quot;,&quot;image_width&quot;:&quot;550&quot;,&quot;image_height&quot;:&quot;350&quot;,&quot;image_fit&quot;:&quot;cover&quot;},{&quot;lat&quot;:&quot;44.816903&quot;,&quot;lng&quot;:&quot;6.195285&quot;,&quot;title&quot;:&quot;Foire aux bestiaux et repas de la ch\\u00e8vre&quot;,&quot;permalink&quot;:&quot;https:\\\/\\\/www.hautes-alpes.net\\\/nl\\\/fiche\\\/foire-aux-bestiaux-et-repas-de-la-chevre-5\\\/&quot;,&quot;type&quot;:&quot;fete_et_manifestation&quot;,&quot;commune&quot;:&quot;La Chapelle-en-Valgaud\\u00e9mar&quot;,&quot;type_commerce&quot;:&quot;&quot;,&quot;image&quot;:&quot;https:\\\/\\\/static.apidae-tourisme.com\\\/filestore\\\/objets-touristiques\\\/images\\\/155\\\/99\\\/14115739-diaporama.jpg&quot;,&quot;image_width&quot;:&quot;550&quot;,&quot;image_height&quot;:&quot;350&quot;,&quot;image_fit&quot;:&quot;cover&quot;},{&quot;lat&quot;:&quot;44.693935&quot;,&quot;lng&quot;:&quot;6.014468&quot;,&quot;title&quot;:&quot;Festival Lignes de Cr\\u00eates - Qui \\u00e9tait d&#8217;\\u00d6tzi ?&quot;,&quot;permalink&quot;:&quot;https:\\\/\\\/www.hautes-alpes.net\\\/nl\\\/fiche\\\/festival-lignes-de-cretes-qui-etait-dotzi-6\\\/&quot;,&quot;type&quot;:&quot;fete_et_manifestation&quot;,&quot;commune&quot;:&quot;Le Noyer&quot;,&quot;type_commerce&quot;:&quot;&quot;,&quot;image&quot;:&quot;https:\\\/\\\/static.apidae-tourisme.com\\\/filestore\\\/objets-touristiques\\\/images\\\/180\\\/122\\\/39025332-diaporama.jpg&quot;,&quot;image_width&quot;:&quot;550&quot;,&quot;image_height&quot;:&quot;350&quot;,&quot;image_fit&quot;:&quot;cover&quot;},{&quot;lat&quot;:&quot;43.4198&quot;,&quot;lng&quot;:&quot;6.741873&quot;,&quot;title&quot;:&quot;Les Orres Bike Park au Roc d&#8217;Azur&quot;,&quot;permalink&quot;:&quot;https:\\\/\\\/www.hautes-alpes.net\\\/nl\\\/fiche\\\/les-orres-bike-park-au-roc-dazur-5\\\/&quot;,&quot;type&quot;:&quot;fete_et_manifestation&quot;,&quot;commune&quot;:&quot;Les Orres&quot;,&quot;type_commerce&quot;:&quot;&quot;,&quot;image&quot;:&quot;https:\\\/\\\/static.apidae-tourisme.com\\\/filestore\\\/objets-touristiques\\\/images\\\/202\\\/216\\\/42391754-diaporama.jpg&quot;,&quot;image_width&quot;:&quot;550&quot;,&quot;image_height&quot;:&quot;350&quot;,&quot;image_fit&quot;:&quot;cover&quot;},{&quot;lat&quot;:&quot;44.670376&quot;,&quot;lng&quot;:&quot;6.624548&quot;,&quot;title&quot;:&quot;Madjacques Trek Queyras&quot;,&quot;permalink&quot;:&quot;https:\\\/\\\/www.hautes-alpes.net\\\/nl\\\/fiche\\\/madjacques-trek-queyras-6\\\/&quot;,&quot;type&quot;:&quot;fete_et_manifestation&quot;,&quot;commune&quot;:&quot;Mont-Dauphin&quot;,&quot;type_commerce&quot;:&quot;&quot;,&quot;image&quot;:&quot;https:\\\/\\\/static.apidae-tourisme.com\\\/filestore\\\/objets-touristiques\\\/images\\\/6\\\/26\\\/40901126-diaporama.jpg&quot;,&quot;image_width&quot;:&quot;550&quot;,&quot;image_height&quot;:&quot;350&quot;,&quot;image_fit&quot;:&quot;cover&quot;},{&quot;lat&quot;:&quot;44.63346&quot;,&quot;lng&quot;:&quot;6.135041&quot;,&quot;title&quot;:&quot;Automne photographique en Champsaur&quot;,&quot;permalink&quot;:&quot;https:\\\/\\\/www.hautes-alpes.net\\\/nl\\\/fiche\\\/automne-photographique-en-champsaur-6\\\/&quot;,&quot;type&quot;:&quot;fete_et_manifestation&quot;,&quot;commune&quot;:&quot;Forest-Saint-Julien&quot;,&quot;type_commerce&quot;:&quot;&quot;,&quot;image&quot;:&quot;https:\\\/\\\/static.apidae-tourisme.com\\\/filestore\\\/objets-touristiques\\\/images\\\/213\\\/215\\\/38983637-diaporama.jpg&quot;,&quot;image_width&quot;:&quot;550&quot;,&quot;image_height&quot;:&quot;350&quot;,&quot;image_fit&quot;:&quot;cover&quot;},{&quot;lat&quot;:&quot;44.563233&quot;,&quot;lng&quot;:&quot;6.076778&quot;,&quot;title&quot;:&quot;Amours&quot;,&quot;permalink&quot;:&quot;https:\\\/\\\/www.hautes-alpes.net\\\/nl\\\/fiche\\\/amours-7\\\/&quot;,&quot;type&quot;:&quot;fete_et_manifestation&quot;,&quot;commune&quot;:&quot;Gap&quot;,&quot;type_commerce&quot;:&quot;&quot;,&quot;image&quot;:&quot;https:\\\/\\\/static.apidae-tourisme.com\\\/filestore\\\/objets-touristiques\\\/images\\\/246\\\/10\\\/41880310-diaporama.jpg&quot;,&quot;image_width&quot;:&quot;550&quot;,&quot;image_height&quot;:&quot;350&quot;,&quot;image_fit&quot;:&quot;cover&quot;},{&quot;lat&quot;:&quot;44.53347&quot;,&quot;lng&quot;:&quot;5.82034&quot;,&quot;title&quot;:&quot;Salon du bien-\\u00eatre de Veynes&quot;,&quot;permalink&quot;:&quot;https:\\\/\\\/www.hautes-alpes.net\\\/nl\\\/fiche\\\/salon-du-bien-etre-de-veynes-6\\\/&quot;,&quot;type&quot;:&quot;fete_et_manifestation&quot;,&quot;commune&quot;:&quot;Veynes&quot;,&quot;type_commerce&quot;:&quot;&quot;,&quot;image&quot;:&quot;https:\\\/\\\/static.apidae-tourisme.com\\\/filestore\\\/objets-touristiques\\\/images\\\/52\\\/198\\\/42321460-diaporama.png&quot;,&quot;image_width&quot;:&quot;550&quot;,&quot;image_height&quot;:&quot;350&quot;,&quot;image_fit&quot;:&quot;cover&quot;},{&quot;lat&quot;:&quot;44.624506&quot;,&quot;lng&quot;:&quot;6.205964&quot;,&quot;title&quot;:&quot;Festival lignes de Cr\\u00eates - Rencontre conf\\u00e9rence autour du nature writting avec l&#8217;auteur Pierre Chavagn\\u00e9&quot;,&quot;permalink&quot;:&quot;https:\\\/\\\/www.hautes-alpes.net\\\/nl\\\/fiche\\\/festival-lignes-de-cretes-rencontre-conference-autour-du-nature-writting-avec-lauteur-pierre-chavagne-6\\\/&quot;,&quot;type&quot;:&quot;fete_et_manifestation&quot;,&quot;commune&quot;:&quot;Ancelle&quot;,&quot;type_commerce&quot;:&quot;&quot;,&quot;image&quot;:&quot;https:\\\/\\\/static.apidae-tourisme.com\\\/filestore\\\/objets-touristiques\\\/images\\\/148\\\/54\\\/40253076-diaporama.png&quot;,&quot;image_width&quot;:&quot;550&quot;,&quot;image_height&quot;:&quot;350&quot;,&quot;image_fit&quot;:&quot;cover&quot;},{&quot;lat&quot;:&quot;44.461193&quot;,&quot;lng&quot;:&quot;6.060194&quot;,&quot;title&quot;:&quot;Amours&quot;,&quot;permalink&quot;:&quot;https:\\\/\\\/www.hautes-alpes.net\\\/nl\\\/fiche\\\/amours-7\\\/&quot;,&quot;type&quot;:&quot;fete_et_manifestation&quot;,&quot;commune&quot;:&quot;Tallard&quot;,&quot;type_commerce&quot;:&quot;&quot;,&quot;image&quot;:&quot;https:\\\/\\\/static.apidae-tourisme.com\\\/filestore\\\/objets-touristiques\\\/images\\\/54\\\/11\\\/41880374-diaporama.jpg&quot;,&quot;image_width&quot;:&quot;550&quot;,&quot;image_height&quot;:&quot;350&quot;,&quot;image_fit&quot;:&quot;cover&quot;},{&quot;lat&quot;:&quot;44.555545&quot;,&quot;lng&quot;:&quot;6.078166&quot;,&quot;title&quot;:&quot;Concert XV\\u00b0 F\\u00eate du Gospel&quot;,&quot;permalink&quot;:&quot;https:\\\/\\\/www.hautes-alpes.net\\\/nl\\\/fiche\\\/concert-xv-fete-du-gospel-6\\\/&quot;,&quot;type&quot;:&quot;fete_et_manifestation&quot;,&quot;commune&quot;:&quot;Gap&quot;,&quot;type_commerce&quot;:&quot;&quot;,&quot;image&quot;:&quot;https:\\\/\\\/static.apidae-tourisme.com\\\/filestore\\\/objets-touristiques\\\/images\\\/56\\\/56\\\/42481720-diaporama.jpg&quot;,&quot;image_width&quot;:&quot;550&quot;,&quot;image_height&quot;:&quot;350&quot;,&quot;image_fit&quot;:&quot;cover&quot;},{&quot;lat&quot;:&quot;44.555545&quot;,&quot;lng&quot;:&quot;6.078166&quot;,&quot;title&quot;:&quot;La Vie et la mort de J. Chirac, roi des Fran\\u00e7ais&quot;,&quot;permalink&quot;:&quot;https:\\\/\\\/www.hautes-alpes.net\\\/nl\\\/fiche\\\/la-vie-et-la-mort-de-j-chirac-roi-des-francais-6\\\/&quot;,&quot;type&quot;:&quot;fete_et_manifestation&quot;,&quot;commune&quot;:&quot;Gap&quot;,&quot;type_commerce&quot;:&quot;&quot;,&quot;image&quot;:&quot;https:\\\/\\\/static.apidae-tourisme.com\\\/filestore\\\/objets-touristiques\\\/images\\\/176\\\/11\\\/41880496-diaporama.jpg&quot;,&quot;image_width&quot;:&quot;550&quot;,&quot;image_height&quot;:&quot;350&quot;,&quot;image_fit&quot;:&quot;cover&quot;},{&quot;lat&quot;:&quot;44.561459&quot;,&quot;lng&quot;:&quot;6.085175&quot;,&quot;title&quot;:&quot;Au fond des mers&quot;,&quot;permalink&quot;:&quot;https:\\\/\\\/www.hautes-alpes.net\\\/nl\\\/fiche\\\/au-fond-des-mers-6\\\/&quot;,&quot;type&quot;:&quot;fete_et_manifestation&quot;,&quot;commune&quot;:&quot;Gap&quot;,&quot;type_commerce&quot;:&quot;&quot;,&quot;image&quot;:&quot;https:\\\/\\\/static.apidae-tourisme.com\\\/filestore\\\/objets-touristiques\\\/images\\\/83\\\/111\\\/42102611-diaporama.png&quot;,&quot;image_width&quot;:&quot;550&quot;,&quot;image_height&quot;:&quot;350&quot;,&quot;image_fit&quot;:&quot;cover&quot;},{&quot;lat&quot;:&quot;44.660512&quot;,&quot;lng&quot;:&quot;6.650223&quot;,&quot;title&quot;:&quot;Foire de la Saint-Luc&quot;,&quot;permalink&quot;:&quot;https:\\\/\\\/www.hautes-alpes.net\\\/nl\\\/fiche\\\/foire-de-la-saint-luc-6\\\/&quot;,&quot;type&quot;:&quot;fete_et_manifestation&quot;,&quot;commune&quot;:&quot;Guillestre&quot;,&quot;type_commerce&quot;:&quot;&quot;,&quot;image&quot;:&quot;https:\\\/\\\/static.apidae-tourisme.com\\\/filestore\\\/objets-touristiques\\\/images\\\/167\\\/41\\\/18819495-diaporama.jpg&quot;,&quot;image_width&quot;:&quot;550&quot;,&quot;image_height&quot;:&quot;350&quot;,&quot;image_fit&quot;:&quot;cover&quot;},{&quot;lat&quot;:&quot;44.662656&quot;,&quot;lng&quot;:&quot;6.655845&quot;,&quot;title&quot;:&quot;Soir\\u00e9e polenta&quot;,&quot;permalink&quot;:&quot;https:\\\/\\\/www.hautes-alpes.net\\\/nl\\\/fiche\\\/soiree-polenta-6\\\/&quot;,&quot;type&quot;:&quot;fete_et_manifestation&quot;,&quot;commune&quot;:&quot;Guillestre&quot;,&quot;type_commerce&quot;:&quot;&quot;,&quot;image&quot;:&quot;https:\\\/\\\/static.apidae-tourisme.com\\\/filestore\\\/objets-touristiques\\\/images\\\/85\\\/180\\\/35042389-diaporama.jpg&quot;,&quot;image_width&quot;:&quot;550&quot;,&quot;image_height&quot;:&quot;350&quot;,&quot;image_fit&quot;:&quot;cover&quot;},{&quot;lat&quot;:&quot;44.687583&quot;,&quot;lng&quot;:&quot;5.945667&quot;,&quot;title&quot;:&quot;Terreur in Le D\\u00e9voluy&quot;,&quot;permalink&quot;:&quot;https:\\\/\\\/www.hautes-alpes.net\\\/nl\\\/fiche\\\/terreur-in-le-devoluy\\\/&quot;,&quot;type&quot;:&quot;fete_et_manifestation&quot;,&quot;commune&quot;:&quot;D\\u00e9voluy&quot;,&quot;type_commerce&quot;:&quot;&quot;,&quot;image&quot;:&quot;https:\\\/\\\/static.apidae-tourisme.com\\\/filestore\\\/objets-touristiques\\\/images\\\/113\\\/249\\\/42400113-diaporama.jpg&quot;,&quot;image_width&quot;:&quot;550&quot;,&quot;image_height&quot;:&quot;350&quot;,&quot;image_fit&quot;:&quot;cover&quot;},{&quot;lat&quot;:&quot;44.277677&quot;,&quot;lng&quot;:&quot;5.792818&quot;,&quot;title&quot;:&quot;Sacr\\u00e9e M\\u00e9ouge, La M\\u00e9ouge sans moteur - 18\\u00e8me \\u00e9dition&quot;,&quot;permalink&quot;:&quot;https:\\\/\\\/www.hautes-alpes.net\\\/nl\\\/fiche\\\/sacree-meouge-la-meouge-sans-moteur-18eme-edition-6\\\/&quot;,&quot;type&quot;:&quot;fete_et_manifestation&quot;,&quot;commune&quot;:&quot;Val Bu\\u00ebch-M\\u00e9ouge&quot;,&quot;type_commerce&quot;:&quot;&quot;,&quot;image&quot;:&quot;https:\\\/\\\/static.apidae-tourisme.com\\\/filestore\\\/objets-touristiques\\\/images\\\/9\\\/229\\\/19391753-diaporama.jpg&quot;,&quot;image_width&quot;:&quot;550&quot;,&quot;image_height&quot;:&quot;350&quot;,&quot;image_fit&quot;:&quot;cover&quot;},{&quot;lat&quot;:&quot;44.392473&quot;,&quot;lng&quot;:&quot;5.471108&quot;,&quot;title&quot;:&quot;10\\u00e8me Trail du Fourchat&quot;,&quot;permalink&quot;:&quot;https:\\\/\\\/www.hautes-alpes.net\\\/nl\\\/fiche\\\/10eme-trail-du-fourchat-6\\\/&quot;,&quot;type&quot;:&quot;fete_et_manifestation&quot;,&quot;commune&quot;:&quot;Rosans&quot;,&quot;type_commerce&quot;:&quot;&quot;,&quot;image&quot;:&quot;https:\\\/\\\/static.apidae-tourisme.com\\\/filestore\\\/objets-touristiques\\\/images\\\/39\\\/238\\\/39972391-diaporama.jpg&quot;,&quot;image_width&quot;:&quot;550&quot;,&quot;image_height&quot;:&quot;350&quot;,&quot;image_fit&quot;:&quot;cover&quot;},{&quot;lat&quot;:&quot;44.475286&quot;,&quot;lng&quot;:&quot;6.190942&quot;,&quot;title&quot;:&quot;L&#8217;amour du risque ! Journ\\u00e9e de la r\\u00e9silience ( Les demoiselles coiff\\u00e9es de Th\\u00e9us )&quot;,&quot;permalink&quot;:&quot;https:\\\/\\\/www.hautes-alpes.net\\\/nl\\\/fiche\\\/lamour-du-risque-journee-de-la-resilience-les-demoiselles-coiffees-de-theus-5\\\/&quot;,&quot;type&quot;:&quot;fete_et_manifestation&quot;,&quot;commune&quot;:&quot;Th\\u00e9us&quot;,&quot;type_commerce&quot;:&quot;&quot;,&quot;image&quot;:&quot;https:\\\/\\\/static.apidae-tourisme.com\\\/filestore\\\/objets-touristiques\\\/images\\\/6\\\/19\\\/40375046-diaporama.png&quot;,&quot;image_width&quot;:&quot;550&quot;,&quot;image_height&quot;:&quot;350&quot;,&quot;image_fit&quot;:&quot;cover&quot;},{&quot;lat&quot;:&quot;44.421872&quot;,&quot;lng&quot;:&quot;5.710152&quot;,&quot;title&quot;:&quot;F\\u00eate mycologique&quot;,&quot;permalink&quot;:&quot;https:\\\/\\\/www.hautes-alpes.net\\\/nl\\\/fiche\\\/fete-mycologique-6\\\/&quot;,&quot;type&quot;:&quot;fete_et_manifestation&quot;,&quot;commune&quot;:&quot;Serres&quot;,&quot;type_commerce&quot;:&quot;&quot;,&quot;image&quot;:&quot;https:\\\/\\\/static.apidae-tourisme.com\\\/filestore\\\/objets-touristiques\\\/images\\\/79\\\/255\\\/42205007-diaporama.jpg&quot;,&quot;image_width&quot;:&quot;550&quot;,&quot;image_height&quot;:&quot;350&quot;,&quot;image_fit&quot;:&quot;cover&quot;},{&quot;lat&quot;:&quot;44.565111&quot;,&quot;lng&quot;:&quot;6.095309&quot;,&quot;title&quot;:&quot;Brel ! Le Spectacle&quot;,&quot;permalink&quot;:&quot;https:\\\/\\\/www.hautes-alpes.net\\\/nl\\\/fiche\\\/brel-le-spectacle-6\\\/&quot;,&quot;type&quot;:&quot;fete_et_manifestation&quot;,&quot;commune&quot;:&quot;Gap&quot;,&quot;type_commerce&quot;:&quot;&quot;,&quot;image&quot;:&quot;https:\\\/\\\/static.apidae-tourisme.com\\\/filestore\\\/objets-touristiques\\\/images\\\/59\\\/140\\\/38243387-diaporama.jpg&quot;,&quot;image_width&quot;:&quot;550&quot;,&quot;image_height&quot;:&quot;350&quot;,&quot;image_fit&quot;:&quot;cover&quot;},{&quot;lat&quot;:&quot;45.002915&quot;,&quot;lng&quot;:&quot;6.662339&quot;,&quot;title&quot;:&quot;Visite guid\\u00e9e peintures murales de Plampinet&quot;,&quot;permalink&quot;:&quot;https:\\\/\\\/www.hautes-alpes.net\\\/nl\\\/fiche\\\/visite-guidee-peintures-murales-de-plampinet-6\\\/&quot;,&quot;type&quot;:&quot;fete_et_manifestation&quot;,&quot;commune&quot;:&quot;N\\u00e9vache&quot;,&quot;type_commerce&quot;:&quot;&quot;,&quot;image&quot;:&quot;https:\\\/\\\/static.apidae-tourisme.com\\\/filestore\\\/objets-touristiques\\\/images\\\/242\\\/162\\\/30384882-diaporama.jpg&quot;,&quot;image_width&quot;:&quot;550&quot;,&quot;image_height&quot;:&quot;350&quot;,&quot;image_fit&quot;:&quot;cover&quot;},{&quot;lat&quot;:&quot;45.019255&quot;,&quot;lng&quot;:&quot;6.607129&quot;,&quot;title&quot;:&quot;Visite guid\\u00e9e de l&#8217;architecture rurale de N\\u00e9vache&quot;,&quot;permalink&quot;:&quot;https:\\\/\\\/www.hautes-alpes.net\\\/nl\\\/fiche\\\/visite-guidee-de-larchitecture-rurale-de-nevache-4\\\/&quot;,&quot;type&quot;:&quot;fete_et_manifestation&quot;,&quot;commune&quot;:&quot;N\\u00e9vache&quot;,&quot;type_commerce&quot;:&quot;&quot;,&quot;image&quot;:&quot;https:\\\/\\\/static.apidae-tourisme.com\\\/filestore\\\/objets-touristiques\\\/images\\\/11\\\/176\\\/34975755-diaporama.jpg&quot;,&quot;image_width&quot;:&quot;550&quot;,&quot;image_height&quot;:&quot;350&quot;,&quot;image_fit&quot;:&quot;cover&quot;},{&quot;lat&quot;:&quot;44.781876&quot;,&quot;lng&quot;:&quot;6.869298&quot;,&quot;title&quot;:&quot;Visite guid\\u00e9e : Villas et tombeaux d&#8217;Aiguilles&quot;,&quot;permalink&quot;:&quot;https:\\\/\\\/www.hautes-alpes.net\\\/nl\\\/fiche\\\/visite-guidee-villas-et-tombeaux-daiguilles-5\\\/&quot;,&quot;type&quot;:&quot;fete_et_manifestation&quot;,&quot;commune&quot;:&quot;Aiguilles&quot;,&quot;type_commerce&quot;:&quot;&quot;,&quot;image&quot;:&quot;https:\\\/\\\/static.apidae-tourisme.com\\\/filestore\\\/objets-touristiques\\\/images\\\/64\\\/238\\\/30142016-diaporama.jpg&quot;,&quot;image_width&quot;:&quot;550&quot;,&quot;image_height&quot;:&quot;350&quot;,&quot;image_fit&quot;:&quot;cover&quot;},{&quot;lat&quot;:&quot;44.96331&quot;,&quot;lng&quot;:&quot;6.611013&quot;,&quot;title&quot;:&quot;Cols r\\u00e9serv\\u00e9s aux cyclistes  - Col du Granon&quot;,&quot;permalink&quot;:&quot;https:\\\/\\\/www.hautes-alpes.net\\\/nl\\\/fiche\\\/cols-reserves-aux-cyclistes-col-du-granon-4\\\/&quot;,&quot;type&quot;:&quot;fete_et_manifestation&quot;,&quot;commune&quot;:&quot;Saint-Chaffrey&quot;,&quot;type_commerce&quot;:&quot;&quot;,&quot;image&quot;:&quot;https:\\\/\\\/static.apidae-tourisme.com\\\/filestore\\\/objets-touristiques\\\/images\\\/255\\\/166\\\/41854719-diaporama.jpg&quot;,&quot;image_width&quot;:&quot;550&quot;,&quot;image_height&quot;:&quot;350&quot;,&quot;image_fit&quot;:&quot;cover&quot;},{&quot;lat&quot;:&quot;44.561995&quot;,&quot;lng&quot;:&quot;6.494722&quot;,&quot;title&quot;:&quot;La dynastie \\u00ab Bach \\u00bb : Deux si\\u00e8cles de musique&quot;,&quot;permalink&quot;:&quot;https:\\\/\\\/www.hautes-alpes.net\\\/nl\\\/fiche\\\/la-dynastie-bach-deux-siecles-de-musique-6\\\/&quot;,&quot;type&quot;:&quot;fete_et_manifestation&quot;,&quot;commune&quot;:&quot;Embrun&quot;,&quot;type_commerce&quot;:&quot;&quot;,&quot;image&quot;:&quot;https:\\\/\\\/static.apidae-tourisme.com\\\/filestore\\\/objets-touristiques\\\/images\\\/44\\\/247\\\/41088812-diaporama.jpg&quot;,&quot;image_width&quot;:&quot;550&quot;,&quot;image_height&quot;:&quot;350&quot;,&quot;image_fit&quot;:&quot;cover&quot;},{&quot;lat&quot;:&quot;44.421872&quot;,&quot;lng&quot;:&quot;5.710152&quot;,&quot;title&quot;:&quot;10\\u00e8me f\\u00eate des santons, artisanat et gourmandises&quot;,&quot;permalink&quot;:&quot;https:\\\/\\\/www.hautes-alpes.net\\\/nl\\\/fiche\\\/10eme-fete-des-santons-artisanat-et-gourmandises-6\\\/&quot;,&quot;type&quot;:&quot;fete_et_manifestation&quot;,&quot;commune&quot;:&quot;Serres&quot;,&quot;type_commerce&quot;:&quot;&quot;,&quot;image&quot;:&quot;https:\\\/\\\/static.apidae-tourisme.com\\\/filestore\\\/objets-touristiques\\\/images\\\/2\\\/199\\\/37472002-diaporama.jpg&quot;,&quot;image_width&quot;:&quot;550&quot;,&quot;image_height&quot;:&quot;350&quot;,&quot;image_fit&quot;:&quot;cover&quot;},{&quot;lat&quot;:&quot;44.314059&quot;,&quot;lng&quot;:&quot;5.693489&quot;,&quot;title&quot;:&quot;24\\u00e8me March\\u00e9 aux Fruits Anciens&quot;,&quot;permalink&quot;:&quot;https:\\\/\\\/www.hautes-alpes.net\\\/nl\\\/fiche\\\/24eme-marche-aux-fruits-anciens-6\\\/&quot;,&quot;type&quot;:&quot;fete_et_manifestation&quot;,&quot;commune&quot;:&quot;Orpierre&quot;,&quot;type_commerce&quot;:&quot;&quot;,&quot;image&quot;:&quot;https:\\\/\\\/static.apidae-tourisme.com\\\/filestore\\\/objets-touristiques\\\/images\\\/33\\\/255\\\/8388385-diaporama.jpg&quot;,&quot;image_width&quot;:&quot;550&quot;,&quot;image_height&quot;:&quot;350&quot;,&quot;image_fit&quot;:&quot;cover&quot;},{&quot;lat&quot;:&quot;44.892399&quot;,&quot;lng&quot;:&quot;6.618081&quot;,&quot;title&quot;:&quot;Balade cont\\u00e9e \\u00e0 Puy-Saint-Pierre&quot;,&quot;permalink&quot;:&quot;https:\\\/\\\/www.hautes-alpes.net\\\/nl\\\/fiche\\\/balade-contee-a-puy-saint-pierre-6\\\/&quot;,&quot;type&quot;:&quot;fete_et_manifestation&quot;,&quot;commune&quot;:&quot;Puy-Saint-Pierre&quot;,&quot;type_commerce&quot;:&quot;&quot;,&quot;image&quot;:&quot;https:\\\/\\\/static.apidae-tourisme.com\\\/filestore\\\/objets-touristiques\\\/images\\\/6\\\/29\\\/41884934-diaporama.jpg&quot;,&quot;image_width&quot;:&quot;550&quot;,&quot;image_height&quot;:&quot;350&quot;,&quot;image_fit&quot;:&quot;cover&quot;},{&quot;lat&quot;:&quot;44.892399&quot;,&quot;lng&quot;:&quot;6.618081&quot;,&quot;title&quot;:&quot;&#8221;La toute petite&#8221; : Balade cont\\u00e9e pour les enfants&quot;,&quot;permalink&quot;:&quot;https:\\\/\\\/www.hautes-alpes.net\\\/nl\\\/fiche\\\/la-toute-petite-balade-contee-pour-les-enfants-6\\\/&quot;,&quot;type&quot;:&quot;fete_et_manifestation&quot;,&quot;commune&quot;:&quot;Puy-Saint-Pierre&quot;,&quot;type_commerce&quot;:&quot;&quot;,&quot;image&quot;:&quot;https:\\\/\\\/static.apidae-tourisme.com\\\/filestore\\\/objets-touristiques\\\/images\\\/146\\\/124\\\/42106002-diaporama.jpg&quot;,&quot;image_width&quot;:&quot;550&quot;,&quot;image_height&quot;:&quot;350&quot;,&quot;image_fit&quot;:&quot;cover&quot;},{&quot;lat&quot;:&quot;44.565111&quot;,&quot;lng&quot;:&quot;6.095309&quot;,&quot;title&quot;:&quot;Jean-Baptiste Guegan&quot;,&quot;permalink&quot;:&quot;https:\\\/\\\/www.hautes-alpes.net\\\/nl\\\/fiche\\\/jean-baptiste-guegan-6\\\/&quot;,&quot;type&quot;:&quot;fete_et_manifestation&quot;,&quot;commune&quot;:&quot;Gap&quot;,&quot;type_commerce&quot;:&quot;&quot;,&quot;image&quot;:&quot;https:\\\/\\\/static.apidae-tourisme.com\\\/filestore\\\/objets-touristiques\\\/images\\\/110\\\/140\\\/38243438-diaporama.jpg&quot;,&quot;image_width&quot;:&quot;550&quot;,&quot;image_height&quot;:&quot;350&quot;,&quot;image_fit&quot;:&quot;cover&quot;},{&quot;lat&quot;:&quot;44.689882&quot;,&quot;lng&quot;:&quot;5.892739&quot;,&quot;title&quot;:&quot;Halloween Baln\\u00e9o Party au centre O&#8217;dyc\\u00e9a&quot;,&quot;permalink&quot;:&quot;https:\\\/\\\/www.hautes-alpes.net\\\/nl\\\/fiche\\\/halloween-balneo-party-au-centre-odycea-6\\\/&quot;,&quot;type&quot;:&quot;fete_et_manifestation&quot;,&quot;commune&quot;:&quot;La Joue du Loup&quot;,&quot;type_commerce&quot;:&quot;&quot;,&quot;image&quot;:&quot;https:\\\/\\\/static.apidae-tourisme.com\\\/filestore\\\/objets-touristiques\\\/images\\\/66\\\/32\\\/42410050-diaporama.jpg&quot;,&quot;image_width&quot;:&quot;550&quot;,&quot;image_height&quot;:&quot;350&quot;,&quot;image_fit&quot;:&quot;cover&quot;},{&quot;lat&quot;:&quot;44.96331&quot;,&quot;lng&quot;:&quot;6.611013&quot;,&quot;title&quot;:&quot;Cols r\\u00e9serv\\u00e9s aux cyclistes - Col du Granon&quot;,&quot;permalink&quot;:&quot;https:\\\/\\\/www.hautes-alpes.net\\\/nl\\\/fiche\\\/cols-reserves-aux-cyclistes-col-du-granon-5\\\/&quot;,&quot;type&quot;:&quot;fete_et_manifestation&quot;,&quot;commune&quot;:&quot;Saint-Chaffrey&quot;,&quot;type_commerce&quot;:&quot;&quot;,&quot;image&quot;:&quot;https:\\\/\\\/static.apidae-tourisme.com\\\/filestore\\\/objets-touristiques\\\/images\\\/244\\\/166\\\/41854708-diaporama.jpg&quot;,&quot;image_width&quot;:&quot;550&quot;,&quot;image_height&quot;:&quot;350&quot;,&quot;image_fit&quot;:&quot;cover&quot;},{&quot;lat&quot;:&quot;44.341181&quot;,&quot;lng&quot;:&quot;5.755687&quot;,&quot;title&quot;:&quot;Conf\\u00e9rence &#8221;M\\u00e9moires de charbonniers&#8221;&quot;,&quot;permalink&quot;:&quot;https:\\\/\\\/www.hautes-alpes.net\\\/nl\\\/fiche\\\/conference-memoires-de-charbonniers-6\\\/&quot;,&quot;type&quot;:&quot;fete_et_manifestation&quot;,&quot;commune&quot;:&quot;Garde-Colombe&quot;,&quot;type_commerce&quot;:&quot;&quot;,&quot;image&quot;:&quot;https:\\\/\\\/static.apidae-tourisme.com\\\/filestore\\\/objets-touristiques\\\/images\\\/153\\\/70\\\/40715929-diaporama.jpg&quot;,&quot;image_width&quot;:&quot;550&quot;,&quot;image_height&quot;:&quot;350&quot;,&quot;image_fit&quot;:&quot;cover&quot;},{&quot;lat&quot;:&quot;44.555545&quot;,&quot;lng&quot;:&quot;6.078166&quot;,&quot;title&quot;:&quot;Makbeth&quot;,&quot;permalink&quot;:&quot;https:\\\/\\\/www.hautes-alpes.net\\\/nl\\\/fiche\\\/makbeth-6\\\/&quot;,&quot;type&quot;:&quot;fete_et_manifestation&quot;,&quot;commune&quot;:&quot;Gap&quot;,&quot;type_commerce&quot;:&quot;&quot;,&quot;image&quot;:&quot;https:\\\/\\\/static.apidae-tourisme.com\\\/filestore\\\/objets-touristiques\\\/images\\\/235\\\/11\\\/41880555-diaporama.jpg&quot;,&quot;image_width&quot;:&quot;550&quot;,&quot;image_height&quot;:&quot;350&quot;,&quot;image_fit&quot;:&quot;cover&quot;},{&quot;lat&quot;:&quot;44.555545&quot;,&quot;lng&quot;:&quot;6.078166&quot;,&quot;title&quot;:&quot;Lullaby shot&quot;,&quot;permalink&quot;:&quot;https:\\\/\\\/www.hautes-alpes.net\\\/nl\\\/fiche\\\/lullaby-shot-6\\\/&quot;,&quot;type&quot;:&quot;fete_et_manifestation&quot;,&quot;commune&quot;:&quot;Gap&quot;,&quot;type_commerce&quot;:&quot;&quot;,&quot;image&quot;:&quot;https:\\\/\\\/static.apidae-tourisme.com\\\/filestore\\\/objets-touristiques\\\/images\\\/78\\\/12\\\/41880654-diaporama.jpg&quot;,&quot;image_width&quot;:&quot;550&quot;,&quot;image_height&quot;:&quot;350&quot;,&quot;image_fit&quot;:&quot;cover&quot;},{&quot;lat&quot;:&quot;44.31479&quot;,&quot;lng&quot;:&quot;5.822914&quot;,&quot;title&quot;:&quot;Salon du bien-\\u00eatre&quot;,&quot;permalink&quot;:&quot;https:\\\/\\\/www.hautes-alpes.net\\\/nl\\\/fiche\\\/salon-du-bien-etre-6\\\/&quot;,&quot;type&quot;:&quot;fete_et_manifestation&quot;,&quot;commune&quot;:&quot;Laragne-Mont\\u00e9glin&quot;,&quot;type_commerce&quot;:&quot;&quot;,&quot;image&quot;:&quot;https:\\\/\\\/static.apidae-tourisme.com\\\/filestore\\\/objets-touristiques\\\/images\\\/99\\\/159\\\/42114915-diaporama.jpg&quot;,&quot;image_width&quot;:&quot;550&quot;,&quot;image_height&quot;:&quot;350&quot;,&quot;image_fit&quot;:&quot;cover&quot;},{&quot;lat&quot;:&quot;44.633876&quot;,&quot;lng&quot;:&quot;6.137417&quot;,&quot;title&quot;:&quot;Foire aux vins et aux produits de pays&quot;,&quot;permalink&quot;:&quot;https:\\\/\\\/www.hautes-alpes.net\\\/nl\\\/fiche\\\/foire-aux-vins-et-aux-produits-de-pays-7\\\/&quot;,&quot;type&quot;:&quot;fete_et_manifestation&quot;,&quot;commune&quot;:&quot;Forest-Saint-Julien&quot;,&quot;type_commerce&quot;:&quot;&quot;,&quot;image&quot;:&quot;https:\\\/\\\/static.apidae-tourisme.com\\\/filestore\\\/objets-touristiques\\\/images\\\/98\\\/134\\\/35489378-diaporama.jpg&quot;,&quot;image_width&quot;:&quot;550&quot;,&quot;image_height&quot;:&quot;350&quot;,&quot;image_fit&quot;:&quot;cover&quot;},{&quot;lat&quot;:&quot;44.555545&quot;,&quot;lng&quot;:&quot;6.078166&quot;,&quot;title&quot;:&quot;Bate Fado&quot;,&quot;permalink&quot;:&quot;https:\\\/\\\/www.hautes-alpes.net\\\/nl\\\/fiche\\\/bate-fado-6\\\/&quot;,&quot;type&quot;:&quot;fete_et_manifestation&quot;,&quot;commune&quot;:&quot;Gap&quot;,&quot;type_commerce&quot;:&quot;&quot;,&quot;image&quot;:&quot;https:\\\/\\\/static.apidae-tourisme.com\\\/filestore\\\/objets-touristiques\\\/images\\\/128\\\/131\\\/41976704-diaporama.jpg&quot;,&quot;image_width&quot;:&quot;550&quot;,&quot;image_height&quot;:&quot;350&quot;,&quot;image_fit&quot;:&quot;cover&quot;},{&quot;lat&quot;:&quot;45.04341&quot;,&quot;lng&quot;:&quot;6.336193&quot;,&quot;title&quot;:&quot;F\\u00eate du pain bouilli&quot;,&quot;permalink&quot;:&quot;https:\\\/\\\/www.hautes-alpes.net\\\/nl\\\/fiche\\\/fete-du-pain-bouilli-4\\\/&quot;,&quot;type&quot;:&quot;fete_et_manifestation&quot;,&quot;commune&quot;:&quot;Villar-d&#039;Ar\\u00eane&quot;,&quot;type_commerce&quot;:&quot;&quot;,&quot;image&quot;:&quot;https:\\\/\\\/static.apidae-tourisme.com\\\/filestore\\\/objets-touristiques\\\/images\\\/25\\\/200\\\/35768345-diaporama.jpg&quot;,&quot;image_width&quot;:&quot;550&quot;,&quot;image_height&quot;:&quot;350&quot;,&quot;image_fit&quot;:&quot;cover&quot;},{&quot;lat&quot;:&quot;44.564265&quot;,&quot;lng&quot;:&quot;6.205568&quot;,&quot;title&quot;:&quot;Salon des p\\u00e9pites agricoles&quot;,&quot;permalink&quot;:&quot;https:\\\/\\\/www.hautes-alpes.net\\\/nl\\\/fiche\\\/salon-des-pepites-agricoles-5\\\/&quot;,&quot;type&quot;:&quot;fete_et_manifestation&quot;,&quot;commune&quot;:&quot;La B\\u00e2tie-Neuve&quot;,&quot;type_commerce&quot;:&quot;&quot;,&quot;image&quot;:&quot;https:\\\/\\\/static.apidae-tourisme.com\\\/filestore\\\/objets-touristiques\\\/images\\\/67\\\/48\\\/42479683-diaporama.jpg&quot;,&quot;image_width&quot;:&quot;550&quot;,&quot;image_height&quot;:&quot;350&quot;,&quot;image_fit&quot;:&quot;cover&quot;},{&quot;lat&quot;:&quot;44.555545&quot;,&quot;lng&quot;:&quot;6.078166&quot;,&quot;title&quot;:&quot;Les Fleurs de Macchab\\u00e9e&quot;,&quot;permalink&quot;:&quot;https:\\\/\\\/www.hautes-alpes.net\\\/nl\\\/fiche\\\/les-fleurs-de-macchabee-6\\\/&quot;,&quot;type&quot;:&quot;fete_et_manifestation&quot;,&quot;commune&quot;:&quot;Gap&quot;,&quot;type_commerce&quot;:&quot;&quot;,&quot;image&quot;:&quot;https:\\\/\\\/static.apidae-tourisme.com\\\/filestore\\\/objets-touristiques\\\/images\\\/229\\\/137\\\/41912805-diaporama.jpg&quot;,&quot;image_width&quot;:&quot;550&quot;,&quot;image_height&quot;:&quot;350&quot;,&quot;image_fit&quot;:&quot;cover&quot;},{&quot;lat&quot;:&quot;44.561459&quot;,&quot;lng&quot;:&quot;6.085175&quot;,&quot;title&quot;:&quot;Les Fr\\u00e8res Smith&quot;,&quot;permalink&quot;:&quot;https:\\\/\\\/www.hautes-alpes.net\\\/nl\\\/fiche\\\/les-freres-smith-6\\\/&quot;,&quot;type&quot;:&quot;fete_et_manifestation&quot;,&quot;commune&quot;:&quot;Gap&quot;,&quot;type_commerce&quot;:&quot;&quot;,&quot;image&quot;:&quot;https:\\\/\\\/static.apidae-tourisme.com\\\/filestore\\\/objets-touristiques\\\/images\\\/150\\\/111\\\/42102678-diaporama.png&quot;,&quot;image_width&quot;:&quot;550&quot;,&quot;image_height&quot;:&quot;350&quot;,&quot;image_fit&quot;:&quot;cover&quot;},{&quot;lat&quot;:&quot;44.561459&quot;,&quot;lng&quot;:&quot;6.085175&quot;,&quot;title&quot;:&quot;Secrets de Beatmaker&quot;,&quot;permalink&quot;:&quot;https:\\\/\\\/www.hautes-alpes.net\\\/nl\\\/fiche\\\/secrets-de-beatmaker-6\\\/&quot;,&quot;type&quot;:&quot;fete_et_manifestation&quot;,&quot;commune&quot;:&quot;Gap&quot;,&quot;type_commerce&quot;:&quot;&quot;,&quot;image&quot;:&quot;https:\\\/\\\/static.apidae-tourisme.com\\\/filestore\\\/objets-touristiques\\\/images\\\/43\\\/112\\\/42102827-diaporama.jpg&quot;,&quot;image_width&quot;:&quot;550&quot;,&quot;image_height&quot;:&quot;350&quot;,&quot;image_fit&quot;:&quot;cover&quot;},{&quot;lat&quot;:&quot;44.565155&quot;,&quot;lng&quot;:&quot;6.094785&quot;,&quot;title&quot;:&quot;18\\u00e8mes Rencontres de la Cin\\u00e9math\\u00e8que de montagne&quot;,&quot;permalink&quot;:&quot;https:\\\/\\\/www.hautes-alpes.net\\\/nl\\\/fiche\\\/18emes-rencontres-de-la-cinematheque-de-montagne-5\\\/&quot;,&quot;type&quot;:&quot;fete_et_manifestation&quot;,&quot;commune&quot;:&quot;Les Orres&quot;,&quot;type_commerce&quot;:&quot;&quot;,&quot;image&quot;:&quot;https:\\\/\\\/static.apidae-tourisme.com\\\/filestore\\\/objets-touristiques\\\/images\\\/60\\\/222\\\/42393148-diaporama.jpg&quot;,&quot;image_width&quot;:&quot;550&quot;,&quot;image_height&quot;:&quot;350&quot;,&quot;image_fit&quot;:&quot;cover&quot;},{&quot;lat&quot;:&quot;44.555545&quot;,&quot;lng&quot;:&quot;6.078166&quot;,&quot;title&quot;:&quot;Cataphonie&quot;,&quot;permalink&quot;:&quot;https:\\\/\\\/www.hautes-alpes.net\\\/nl\\\/fiche\\\/cataphonie-6\\\/&quot;,&quot;type&quot;:&quot;fete_et_manifestation&quot;,&quot;commune&quot;:&quot;Gap&quot;,&quot;type_commerce&quot;:&quot;&quot;,&quot;image&quot;:&quot;https:\\\/\\\/static.apidae-tourisme.com\\\/filestore\\\/objets-touristiques\\\/images\\\/41\\\/138\\\/41912873-diaporama.jpg&quot;,&quot;image_width&quot;:&quot;550&quot;,&quot;image_height&quot;:&quot;350&quot;,&quot;image_fit&quot;:&quot;cover&quot;},{&quot;lat&quot;:&quot;44.429744&quot;,&quot;lng&quot;:&quot;6.015656&quot;,&quot;title&quot;:&quot;Mort d&#8217;une montagne&quot;,&quot;permalink&quot;:&quot;https:\\\/\\\/www.hautes-alpes.net\\\/nl\\\/fiche\\\/mort-dune-montagne-6\\\/&quot;,&quot;type&quot;:&quot;fete_et_manifestation&quot;,&quot;commune&quot;:&quot;La Saulce&quot;,&quot;type_commerce&quot;:&quot;&quot;,&quot;image&quot;:&quot;https:\\\/\\\/static.apidae-tourisme.com\\\/filestore\\\/objets-touristiques\\\/images\\\/98\\\/145\\\/41914722-diaporama.jpg&quot;,&quot;image_width&quot;:&quot;550&quot;,&quot;image_height&quot;:&quot;350&quot;,&quot;image_fit&quot;:&quot;cover&quot;},{&quot;lat&quot;:&quot;44.421872&quot;,&quot;lng&quot;:&quot;5.710152&quot;,&quot;title&quot;:&quot;Les Excentr\\u00e9s de la Passerelle : &#8221;Mort d&#8217;une montagne&#8221;&quot;,&quot;permalink&quot;:&quot;https:\\\/\\\/www.hautes-alpes.net\\\/nl\\\/fiche\\\/les-excentres-de-la-passerelle-mort-dune-montagne-6\\\/&quot;,&quot;type&quot;:&quot;fete_et_manifestation&quot;,&quot;commune&quot;:&quot;Serres&quot;,&quot;type_commerce&quot;:&quot;&quot;,&quot;image&quot;:&quot;https:\\\/\\\/static.apidae-tourisme.com\\\/filestore\\\/objets-touristiques\\\/images\\\/157\\\/11\\\/42208157-diaporama.jpg&quot;,&quot;image_width&quot;:&quot;550&quot;,&quot;image_height&quot;:&quot;350&quot;,&quot;image_fit&quot;:&quot;cover&quot;},{&quot;lat&quot;:&quot;44.555545&quot;,&quot;lng&quot;:&quot;6.078166&quot;,&quot;title&quot;:&quot;Encyclies&quot;,&quot;permalink&quot;:&quot;https:\\\/\\\/www.hautes-alpes.net\\\/nl\\\/fiche\\\/encyclies-6\\\/&quot;,&quot;type&quot;:&quot;fete_et_manifestation&quot;,&quot;commune&quot;:&quot;Gap&quot;,&quot;type_commerce&quot;:&quot;&quot;,&quot;image&quot;:&quot;https:\\\/\\\/static.apidae-tourisme.com\\\/filestore\\\/objets-touristiques\\\/images\\\/206\\\/145\\\/41914830-diaporama.jpg&quot;,&quot;image_width&quot;:&quot;550&quot;,&quot;image_height&quot;:&quot;350&quot;,&quot;image_fit&quot;:&quot;cover&quot;},{&quot;lat&quot;:&quot;44.690583&quot;,&quot;lng&quot;:&quot;5.893973&quot;,&quot;title&quot;:&quot;11e winterrally van D\\u00e9voluy&quot;,&quot;permalink&quot;:&quot;https:\\\/\\\/www.hautes-alpes.net\\\/nl\\\/fiche\\\/11e-winterrally-van-devoluy\\\/&quot;,&quot;type&quot;:&quot;fete_et_manifestation&quot;,&quot;commune&quot;:&quot;D\\u00e9voluy&quot;,&quot;type_commerce&quot;:&quot;&quot;,&quot;image&quot;:&quot;https:\\\/\\\/static.apidae-tourisme.com\\\/filestore\\\/objets-touristiques\\\/images\\\/82\\\/76\\\/42093650-diaporama.jpg&quot;,&quot;image_width&quot;:&quot;550&quot;,&quot;image_height&quot;:&quot;350&quot;,&quot;image_fit&quot;:&quot;cover&quot;},{&quot;lat&quot;:&quot;44.385538&quot;,&quot;lng&quot;:&quot;5.943154&quot;,&quot;title&quot;:&quot;Atelier Initiation \\u00e0 la truffe en plantation !&quot;,&quot;permalink&quot;:&quot;https:\\\/\\\/www.hautes-alpes.net\\\/nl\\\/fiche\\\/atelier-initiation-a-la-truffe-en-plantation-6\\\/&quot;,&quot;type&quot;:&quot;fete_et_manifestation&quot;,&quot;commune&quot;:&quot;Mon\\u00eatier-Allemont&quot;,&quot;type_commerce&quot;:&quot;&quot;,&quot;image&quot;:&quot;https:\\\/\\\/static.apidae-tourisme.com\\\/filestore\\\/objets-touristiques\\\/images\\\/191\\\/162\\\/27894463-diaporama.jpg&quot;,&quot;image_width&quot;:&quot;550&quot;,&quot;image_height&quot;:&quot;350&quot;,&quot;image_fit&quot;:&quot;cover&quot;},{&quot;lat&quot;:&quot;44.429801&quot;,&quot;lng&quot;:&quot;5.717681&quot;,&quot;title&quot;:&quot;Rallye hivernal du D\\u00e9voluy : parc de regroupement \\u00e0 Serres&quot;,&quot;permalink&quot;:&quot;https:\\\/\\\/www.hautes-alpes.net\\\/nl\\\/fiche\\\/rallye-hivernal-du-devoluy-parc-de-regroupement-a-serres-6\\\/&quot;,&quot;type&quot;:&quot;fete_et_manifestation&quot;,&quot;commune&quot;:&quot;Serres&quot;,&quot;type_commerce&quot;:&quot;&quot;,&quot;image&quot;:&quot;https:\\\/\\\/static.apidae-tourisme.com\\\/filestore\\\/objets-touristiques\\\/images\\\/31\\\/154\\\/35559967-diaporama.jpg&quot;,&quot;image_width&quot;:&quot;550&quot;,&quot;image_height&quot;:&quot;350&quot;,&quot;image_fit&quot;:&quot;cover&quot;},{&quot;lat&quot;:&quot;44.493&quot;,&quot;lng&quot;:&quot;6.5567&quot;,&quot;title&quot;:&quot;Ouverture hiver : C&#8217;est parti mon Skiski !&quot;,&quot;permalink&quot;:&quot;https:\\\/\\\/www.hautes-alpes.net\\\/nl\\\/fiche\\\/ouverture-hiver-cest-parti-mon-skiski-4\\\/&quot;,&quot;type&quot;:&quot;fete_et_manifestation&quot;,&quot;commune&quot;:&quot;Les Orres&quot;,&quot;type_commerce&quot;:&quot;&quot;,&quot;image&quot;:&quot;https:\\\/\\\/static.apidae-tourisme.com\\\/filestore\\\/objets-touristiques\\\/images\\\/240\\\/48\\\/42348784-diaporama.jpg&quot;,&quot;image_width&quot;:&quot;550&quot;,&quot;image_height&quot;:&quot;350&quot;,&quot;image_fit&quot;:&quot;cover&quot;},{&quot;lat&quot;:&quot;44.555545&quot;,&quot;lng&quot;:&quot;6.078166&quot;,&quot;title&quot;:&quot;La Man\\u00e9kine&quot;,&quot;permalink&quot;:&quot;https:\\\/\\\/www.hautes-alpes.net\\\/nl\\\/fiche\\\/la-manekine-6\\\/&quot;,&quot;type&quot;:&quot;fete_et_manifestation&quot;,&quot;commune&quot;:&quot;Gap&quot;,&quot;type_commerce&quot;:&quot;&quot;,&quot;image&quot;:&quot;https:\\\/\\\/static.apidae-tourisme.com\\\/filestore\\\/objets-touristiques\\\/images\\\/88\\\/146\\\/41914968-diaporama.jpg&quot;,&quot;image_width&quot;:&quot;550&quot;,&quot;image_height&quot;:&quot;350&quot;,&quot;image_fit&quot;:&quot;cover&quot;},{&quot;lat&quot;:&quot;44.493253&quot;,&quot;lng&quot;:&quot;6.557419&quot;,&quot;title&quot;:&quot;Ski test &amp; party aux Orres&quot;,&quot;permalink&quot;:&quot;https:\\\/\\\/www.hautes-alpes.net\\\/nl\\\/fiche\\\/ski-test-party-aux-orres-5\\\/&quot;,&quot;type&quot;:&quot;fete_et_manifestation&quot;,&quot;commune&quot;:&quot;Les Orres&quot;,&quot;type_commerce&quot;:&quot;&quot;,&quot;image&quot;:&quot;https:\\\/\\\/static.apidae-tourisme.com\\\/filestore\\\/objets-touristiques\\\/images\\\/255\\\/213\\\/42325503-diaporama.jpg&quot;,&quot;image_width&quot;:&quot;550&quot;,&quot;image_height&quot;:&quot;350&quot;,&quot;image_fit&quot;:&quot;cover&quot;},{&quot;lat&quot;:&quot;44.429533&quot;,&quot;lng&quot;:&quot;5.717896&quot;,&quot;title&quot;:&quot;Le Chemin des Cr\\u00e8ches de Serres&quot;,&quot;permalink&quot;:&quot;https:\\\/\\\/www.hautes-alpes.net\\\/nl\\\/fiche\\\/le-chemin-des-creches-de-serres-6\\\/&quot;,&quot;type&quot;:&quot;fete_et_manifestation&quot;,&quot;commune&quot;:&quot;Serres&quot;,&quot;type_commerce&quot;:&quot;&quot;,&quot;image&quot;:&quot;https:\\\/\\\/static.apidae-tourisme.com\\\/filestore\\\/objets-touristiques\\\/images\\\/17\\\/26\\\/34544145-diaporama.png&quot;,&quot;image_width&quot;:&quot;550&quot;,&quot;image_height&quot;:&quot;350&quot;,&quot;image_fit&quot;:&quot;cover&quot;},{&quot;lat&quot;:&quot;44.555545&quot;,&quot;lng&quot;:&quot;6.078166&quot;,&quot;title&quot;:&quot;Ceramic Circus&quot;,&quot;permalink&quot;:&quot;https:\\\/\\\/www.hautes-alpes.net\\\/nl\\\/fiche\\\/ceramic-circus-6\\\/&quot;,&quot;type&quot;:&quot;fete_et_manifestation&quot;,&quot;commune&quot;:&quot;Gap&quot;,&quot;type_commerce&quot;:&quot;&quot;,&quot;image&quot;:&quot;https:\\\/\\\/static.apidae-tourisme.com\\\/filestore\\\/objets-touristiques\\\/images\\\/183\\\/146\\\/41915063-diaporama.jpg&quot;,&quot;image_width&quot;:&quot;550&quot;,&quot;image_height&quot;:&quot;350&quot;,&quot;image_fit&quot;:&quot;cover&quot;},{&quot;lat&quot;:&quot;44.67433&quot;,&quot;lng&quot;:&quot;5.930363&quot;,&quot;title&quot;:&quot;6e Tournoi Open de Snow Volley&quot;,&quot;permalink&quot;:&quot;https:\\\/\\\/www.hautes-alpes.net\\\/nl\\\/fiche\\\/6e-tournoi-open-de-snow-volley-6\\\/&quot;,&quot;type&quot;:&quot;fete_et_manifestation&quot;,&quot;commune&quot;:&quot;Superd\\u00e9voluy&quot;,&quot;type_commerce&quot;:&quot;&quot;,&quot;image&quot;:&quot;https:\\\/\\\/static.apidae-tourisme.com\\\/filestore\\\/objets-touristiques\\\/images\\\/14\\\/21\\\/30414094-diaporama.jpg&quot;,&quot;image_width&quot;:&quot;550&quot;,&quot;image_height&quot;:&quot;350&quot;,&quot;image_fit&quot;:&quot;cover&quot;},{&quot;lat&quot;:&quot;44.67926&quot;,&quot;lng&quot;:&quot;5.927227&quot;,&quot;title&quot;:&quot;D\\u00e9vol&#8217;Ice Trail&quot;,&quot;permalink&quot;:&quot;https:\\\/\\\/www.hautes-alpes.net\\\/nl\\\/fiche\\\/devolice-trail-6\\\/&quot;,&quot;type&quot;:&quot;fete_et_manifestation&quot;,&quot;commune&quot;:&quot;Superd\\u00e9voluy&quot;,&quot;type_commerce&quot;:&quot;&quot;,&quot;image&quot;:&quot;https:\\\/\\\/static.apidae-tourisme.com\\\/filestore\\\/objets-touristiques\\\/images\\\/82\\\/220\\\/36953170-diaporama.jpg&quot;,&quot;image_width&quot;:&quot;550&quot;,&quot;image_height&quot;:&quot;350&quot;,&quot;image_fit&quot;:&quot;cover&quot;},{&quot;lat&quot;:&quot;44.555545&quot;,&quot;lng&quot;:&quot;6.078166&quot;,&quot;title&quot;:&quot;Bient\\u00f4t le jour&quot;,&quot;permalink&quot;:&quot;https:\\\/\\\/www.hautes-alpes.net\\\/nl\\\/fiche\\\/bientot-le-jour-6\\\/&quot;,&quot;type&quot;:&quot;fete_et_manifestation&quot;,&quot;commune&quot;:&quot;Gap&quot;,&quot;type_commerce&quot;:&quot;&quot;,&quot;image&quot;:&quot;https:\\\/\\\/static.apidae-tourisme.com\\\/filestore\\\/objets-touristiques\\\/images\\\/55\\\/147\\\/41915191-diaporama.jpg&quot;,&quot;image_width&quot;:&quot;550&quot;,&quot;image_height&quot;:&quot;350&quot;,&quot;image_fit&quot;:&quot;cover&quot;},{&quot;lat&quot;:&quot;44.97195&quot;,&quot;lng&quot;:&quot;6.507659&quot;,&quot;title&quot;:&quot;Alpi Serre Che&quot;,&quot;permalink&quot;:&quot;https:\\\/\\\/www.hautes-alpes.net\\\/nl\\\/fiche\\\/alpi-serre-che-6\\\/&quot;,&quot;type&quot;:&quot;fete_et_manifestation&quot;,&quot;commune&quot;:&quot;Le Mon\\u00eatier-les-Bains&quot;,&quot;type_commerce&quot;:&quot;&quot;,&quot;image&quot;:&quot;https:\\\/\\\/static.apidae-tourisme.com\\\/filestore\\\/objets-touristiques\\\/images\\\/186\\\/148\\\/35886266-diaporama.jpg&quot;,&quot;image_width&quot;:&quot;550&quot;,&quot;image_height&quot;:&quot;350&quot;,&quot;image_fit&quot;:&quot;cover&quot;},{&quot;lat&quot;:&quot;44.555545&quot;,&quot;lng&quot;:&quot;6.078166&quot;,&quot;title&quot;:&quot;Le Syndrome de Cassandre&quot;,&quot;permalink&quot;:&quot;https:\\\/\\\/www.hautes-alpes.net\\\/nl\\\/fiche\\\/le-syndrome-de-cassandre-6\\\/&quot;,&quot;type&quot;:&quot;fete_et_manifestation&quot;,&quot;commune&quot;:&quot;Gap&quot;,&quot;type_commerce&quot;:&quot;&quot;,&quot;image&quot;:&quot;https:\\\/\\\/static.apidae-tourisme.com\\\/filestore\\\/objets-touristiques\\\/images\\\/190\\\/147\\\/41915326-diaporama.jpg&quot;,&quot;image_width&quot;:&quot;550&quot;,&quot;image_height&quot;:&quot;350&quot;,&quot;image_fit&quot;:&quot;cover&quot;},{&quot;lat&quot;:&quot;44.946448&quot;,&quot;lng&quot;:&quot;6.559257&quot;,&quot;title&quot;:&quot;Serre Che Snow Trail&quot;,&quot;permalink&quot;:&quot;https:\\\/\\\/www.hautes-alpes.net\\\/nl\\\/fiche\\\/serre-che-snow-trail-6\\\/&quot;,&quot;type&quot;:&quot;fete_et_manifestation&quot;,&quot;commune&quot;:&quot;La Salle-les-Alpes&quot;,&quot;type_commerce&quot;:&quot;&quot;,&quot;image&quot;:&quot;https:\\\/\\\/static.apidae-tourisme.com\\\/filestore\\\/objets-touristiques\\\/images\\\/22\\\/118\\\/42235414-diaporama.jpg&quot;,&quot;image_width&quot;:&quot;550&quot;,&quot;image_height&quot;:&quot;350&quot;,&quot;image_fit&quot;:&quot;cover&quot;},{&quot;lat&quot;:&quot;45.034467&quot;,&quot;lng&quot;:&quot;6.405606&quot;,&quot;title&quot;:&quot;Snowrugby 2026&quot;,&quot;permalink&quot;:&quot;https:\\\/\\\/www.hautes-alpes.net\\\/nl\\\/fiche\\\/snowrugby-2026-2\\\/&quot;,&quot;type&quot;:&quot;fete_et_manifestation&quot;,&quot;commune&quot;:&quot;Le Mon\\u00eatier-les-Bains&quot;,&quot;type_commerce&quot;:&quot;&quot;,&quot;image&quot;:&quot;https:\\\/\\\/static.apidae-tourisme.com\\\/filestore\\\/objets-touristiques\\\/images\\\/2\\\/35\\\/42345218-diaporama.jpg&quot;,&quot;image_width&quot;:&quot;550&quot;,&quot;image_height&quot;:&quot;350&quot;,&quot;image_fit&quot;:&quot;cover&quot;},{&quot;lat&quot;:&quot;44.555545&quot;,&quot;lng&quot;:&quot;6.078166&quot;,&quot;title&quot;:&quot;Le Scarab\\u00e9e et l&#8217;oc\\u00e9an&quot;,&quot;permalink&quot;:&quot;https:\\\/\\\/www.hautes-alpes.net\\\/nl\\\/fiche\\\/le-scarabee-et-locean-6\\\/&quot;,&quot;type&quot;:&quot;fete_et_manifestation&quot;,&quot;commune&quot;:&quot;Gap&quot;,&quot;type_commerce&quot;:&quot;&quot;,&quot;image&quot;:&quot;https:\\\/\\\/static.apidae-tourisme.com\\\/filestore\\\/objets-touristiques\\\/images\\\/249\\\/147\\\/41915385-diaporama.jpg&quot;,&quot;image_width&quot;:&quot;550&quot;,&quot;image_height&quot;:&quot;350&quot;,&quot;image_fit&quot;:&quot;cover&quot;},{&quot;lat&quot;:&quot;44.782692&quot;,&quot;lng&quot;:&quot;6.555767&quot;,&quot;title&quot;:&quot;Ice Climbing \\u00c9crins&quot;,&quot;permalink&quot;:&quot;https:\\\/\\\/www.hautes-alpes.net\\\/nl\\\/fiche\\\/ice-climbing-ecrins-6\\\/&quot;,&quot;type&quot;:&quot;fete_et_manifestation&quot;,&quot;commune&quot;:&quot;L&#039;Argenti\\u00e8re-la-Bess\\u00e9e&quot;,&quot;type_commerce&quot;:&quot;&quot;,&quot;image&quot;:&quot;https:\\\/\\\/static.apidae-tourisme.com\\\/filestore\\\/objets-touristiques\\\/images\\\/162\\\/114\\\/26112674-diaporama.png&quot;,&quot;image_width&quot;:&quot;550&quot;,&quot;image_height&quot;:&quot;350&quot;,&quot;image_fit&quot;:&quot;cover&quot;},{&quot;lat&quot;:&quot;44.697154&quot;,&quot;lng&quot;:&quot;6.321976&quot;,&quot;title&quot;:&quot;R\\u00e9gion Sud European Cups - Heren (alpineski\\u00ebn)&quot;,&quot;permalink&quot;:&quot;https:\\\/\\\/www.hautes-alpes.net\\\/nl\\\/fiche\\\/region-sud-european-cups-heren-alpineskien\\\/&quot;,&quot;type&quot;:&quot;fete_et_manifestation&quot;,&quot;commune&quot;:&quot;Orci\\u00e8res&quot;,&quot;type_commerce&quot;:&quot;&quot;,&quot;image&quot;:&quot;https:\\\/\\\/static.apidae-tourisme.com\\\/filestore\\\/objets-touristiques\\\/images\\\/28\\\/150\\\/24811036-diaporama.jpg&quot;,&quot;image_width&quot;:&quot;550&quot;,&quot;image_height&quot;:&quot;350&quot;,&quot;image_fit&quot;:&quot;cover&quot;},{&quot;lat&quot;:&quot;44.555545&quot;,&quot;lng&quot;:&quot;6.078166&quot;,&quot;title&quot;:&quot;Wakan - Un souffle&quot;,&quot;permalink&quot;:&quot;https:\\\/\\\/www.hautes-alpes.net\\\/nl\\\/fiche\\\/wakan-un-souffle-6\\\/&quot;,&quot;type&quot;:&quot;fete_et_manifestation&quot;,&quot;commune&quot;:&quot;Gap&quot;,&quot;type_commerce&quot;:&quot;&quot;,&quot;image&quot;:&quot;https:\\\/\\\/static.apidae-tourisme.com\\\/filestore\\\/objets-touristiques\\\/images\\\/41\\\/148\\\/41915433-diaporama.jpg&quot;,&quot;image_width&quot;:&quot;550&quot;,&quot;image_height&quot;:&quot;350&quot;,&quot;image_fit&quot;:&quot;cover&quot;},{&quot;lat&quot;:&quot;44.561459&quot;,&quot;lng&quot;:&quot;6.085175&quot;,&quot;title&quot;:&quot;Conciliabule&quot;,&quot;permalink&quot;:&quot;https:\\\/\\\/www.hautes-alpes.net\\\/nl\\\/fiche\\\/conciliabule-6\\\/&quot;,&quot;type&quot;:&quot;fete_et_manifestation&quot;,&quot;commune&quot;:&quot;Gap&quot;,&quot;type_commerce&quot;:&quot;&quot;,&quot;image&quot;:&quot;https:\\\/\\\/static.apidae-tourisme.com\\\/filestore\\\/objets-touristiques\\\/images\\\/92\\\/112\\\/42102876-diaporama.png&quot;,&quot;image_width&quot;:&quot;550&quot;,&quot;image_height&quot;:&quot;350&quot;,&quot;image_fit&quot;:&quot;cover&quot;},{&quot;lat&quot;:&quot;44.561459&quot;,&quot;lng&quot;:&quot;6.085175&quot;,&quot;title&quot;:&quot;Ala.Ni&quot;,&quot;permalink&quot;:&quot;https:\\\/\\\/www.hautes-alpes.net\\\/nl\\\/fiche\\\/ala-ni-6\\\/&quot;,&quot;type&quot;:&quot;fete_et_manifestation&quot;,&quot;commune&quot;:&quot;Gap&quot;,&quot;type_commerce&quot;:&quot;&quot;,&quot;image&quot;:&quot;https:\\\/\\\/static.apidae-tourisme.com\\\/filestore\\\/objets-touristiques\\\/images\\\/201\\\/112\\\/42102985-diaporama.png&quot;,&quot;image_width&quot;:&quot;550&quot;,&quot;image_height&quot;:&quot;350&quot;,&quot;image_fit&quot;:&quot;cover&quot;},{&quot;lat&quot;:&quot;44.555545&quot;,&quot;lng&quot;:&quot;6.078166&quot;,&quot;title&quot;:&quot;La vie de ma m\\u00e8re&quot;,&quot;permalink&quot;:&quot;https:\\\/\\\/www.hautes-alpes.net\\\/nl\\\/fiche\\\/la-vie-de-ma-mere-6\\\/&quot;,&quot;type&quot;:&quot;fete_et_manifestation&quot;,&quot;commune&quot;:&quot;Gap&quot;,&quot;type_commerce&quot;:&quot;&quot;,&quot;image&quot;:&quot;https:\\\/\\\/static.apidae-tourisme.com\\\/filestore\\\/objets-touristiques\\\/images\\\/110\\\/148\\\/41915502-diaporama.jpg&quot;,&quot;image_width&quot;:&quot;550&quot;,&quot;image_height&quot;:&quot;350&quot;,&quot;image_fit&quot;:&quot;cover&quot;},{&quot;lat&quot;:&quot;44.555545&quot;,&quot;lng&quot;:&quot;6.078166&quot;,&quot;title&quot;:&quot;Pelouse extended&quot;,&quot;permalink&quot;:&quot;https:\\\/\\\/www.hautes-alpes.net\\\/nl\\\/fiche\\\/pelouse-extended-6\\\/&quot;,&quot;type&quot;:&quot;fete_et_manifestation&quot;,&quot;commune&quot;:&quot;Gap&quot;,&quot;type_commerce&quot;:&quot;&quot;,&quot;image&quot;:&quot;https:\\\/\\\/static.apidae-tourisme.com\\\/filestore\\\/objets-touristiques\\\/images\\\/72\\\/201\\\/41929032-diaporama.jpg&quot;,&quot;image_width&quot;:&quot;550&quot;,&quot;image_height&quot;:&quot;350&quot;,&quot;image_fit&quot;:&quot;cover&quot;},{&quot;lat&quot;:&quot;44.555545&quot;,&quot;lng&quot;:&quot;6.078166&quot;,&quot;title&quot;:&quot;Richard III&quot;,&quot;permalink&quot;:&quot;https:\\\/\\\/www.hautes-alpes.net\\\/nl\\\/fiche\\\/richard-iii-6\\\/&quot;,&quot;type&quot;:&quot;fete_et_manifestation&quot;,&quot;commune&quot;:&quot;Gap&quot;,&quot;type_commerce&quot;:&quot;&quot;,&quot;image&quot;:&quot;https:\\\/\\\/static.apidae-tourisme.com\\\/filestore\\\/objets-touristiques\\\/images\\\/123\\\/201\\\/41929083-diaporama.jpg&quot;,&quot;image_width&quot;:&quot;550&quot;,&quot;image_height&quot;:&quot;350&quot;,&quot;image_fit&quot;:&quot;cover&quot;},{&quot;lat&quot;:&quot;44.675481&quot;,&quot;lng&quot;:&quot;5.928342&quot;,&quot;title&quot;:&quot;Les Givr\\u00e9s de la BD&quot;,&quot;permalink&quot;:&quot;https:\\\/\\\/www.hautes-alpes.net\\\/nl\\\/fiche\\\/les-givres-de-la-bd-6\\\/&quot;,&quot;type&quot;:&quot;fete_et_manifestation&quot;,&quot;commune&quot;:&quot;D\\u00e9voluy&quot;,&quot;type_commerce&quot;:&quot;&quot;,&quot;image&quot;:&quot;https:\\\/\\\/static.apidae-tourisme.com\\\/filestore\\\/objets-touristiques\\\/images\\\/49\\\/105\\\/14969137-diaporama.jpg&quot;,&quot;image_width&quot;:&quot;550&quot;,&quot;image_height&quot;:&quot;350&quot;,&quot;image_fit&quot;:&quot;cover&quot;},{&quot;lat&quot;:&quot;44.555545&quot;,&quot;lng&quot;:&quot;6.078166&quot;,&quot;title&quot;:&quot;Acqua Alta&quot;,&quot;permalink&quot;:&quot;https:\\\/\\\/www.hautes-alpes.net\\\/nl\\\/fiche\\\/acqua-alta-6\\\/&quot;,&quot;type&quot;:&quot;fete_et_manifestation&quot;,&quot;commune&quot;:&quot;Gap&quot;,&quot;type_commerce&quot;:&quot;&quot;,&quot;image&quot;:&quot;https:\\\/\\\/static.apidae-tourisme.com\\\/filestore\\\/objets-touristiques\\\/images\\\/236\\\/208\\\/41930988-diaporama.jpg&quot;,&quot;image_width&quot;:&quot;550&quot;,&quot;image_height&quot;:&quot;350&quot;,&quot;image_fit&quot;:&quot;cover&quot;},{&quot;lat&quot;:&quot;44.561459&quot;,&quot;lng&quot;:&quot;6.085175&quot;,&quot;title&quot;:&quot;Les yeux de Taqqi&quot;,&quot;permalink&quot;:&quot;https:\\\/\\\/www.hautes-alpes.net\\\/nl\\\/fiche\\\/les-yeux-de-taqqi-6\\\/&quot;,&quot;type&quot;:&quot;fete_et_manifestation&quot;,&quot;commune&quot;:&quot;Gap&quot;,&quot;type_commerce&quot;:&quot;&quot;,&quot;image&quot;:&quot;https:\\\/\\\/static.apidae-tourisme.com\\\/filestore\\\/objets-touristiques\\\/images\\\/181\\\/113\\\/42103221-diaporama.png&quot;,&quot;image_width&quot;:&quot;550&quot;,&quot;image_height&quot;:&quot;350&quot;,&quot;image_fit&quot;:&quot;cover&quot;},{&quot;lat&quot;:&quot;44.561459&quot;,&quot;lng&quot;:&quot;6.085175&quot;,&quot;title&quot;:&quot;Blind Yeo&quot;,&quot;permalink&quot;:&quot;https:\\\/\\\/www.hautes-alpes.net\\\/nl\\\/fiche\\\/blind-yeo-6\\\/&quot;,&quot;type&quot;:&quot;fete_et_manifestation&quot;,&quot;commune&quot;:&quot;Gap&quot;,&quot;type_commerce&quot;:&quot;&quot;,&quot;image&quot;:&quot;https:\\\/\\\/static.apidae-tourisme.com\\\/filestore\\\/objets-touristiques\\\/images\\\/57\\\/114\\\/42103353-diaporama.png&quot;,&quot;image_width&quot;:&quot;550&quot;,&quot;image_height&quot;:&quot;350&quot;,&quot;image_fit&quot;:&quot;cover&quot;},{&quot;lat&quot;:&quot;44.561459&quot;,&quot;lng&quot;:&quot;6.085175&quot;,&quot;title&quot;:&quot;One Sentence. Supervisor&quot;,&quot;permalink&quot;:&quot;https:\\\/\\\/www.hautes-alpes.net\\\/nl\\\/fiche\\\/one-sentence-supervisor-6\\\/&quot;,&quot;type&quot;:&quot;fete_et_manifestation&quot;,&quot;commune&quot;:&quot;Gap&quot;,&quot;type_commerce&quot;:&quot;&quot;,&quot;image&quot;:&quot;https:\\\/\\\/static.apidae-tourisme.com\\\/filestore\\\/objets-touristiques\\\/images\\\/115\\\/114\\\/42103411-diaporama.png&quot;,&quot;image_width&quot;:&quot;550&quot;,&quot;image_height&quot;:&quot;350&quot;,&quot;image_fit&quot;:&quot;cover&quot;},{&quot;lat&quot;:&quot;44.866&quot;,&quot;lng&quot;:&quot;6.485735&quot;,&quot;title&quot;:&quot;Le Testivol de Pelvoux&quot;,&quot;permalink&quot;:&quot;https:\\\/\\\/www.hautes-alpes.net\\\/nl\\\/fiche\\\/le-testivol-de-pelvoux-6\\\/&quot;,&quot;type&quot;:&quot;fete_et_manifestation&quot;,&quot;commune&quot;:&quot;Vallouise-Pelvoux&quot;,&quot;type_commerce&quot;:&quot;&quot;,&quot;image&quot;:&quot;https:\\\/\\\/static.apidae-tourisme.com\\\/filestore\\\/objets-touristiques\\\/images\\\/61\\\/1\\\/28901693-diaporama.jpg&quot;,&quot;image_width&quot;:&quot;550&quot;,&quot;image_height&quot;:&quot;350&quot;,&quot;image_fit&quot;:&quot;cover&quot;},{&quot;lat&quot;:&quot;44.555545&quot;,&quot;lng&quot;:&quot;6.078166&quot;,&quot;title&quot;:&quot;Le Birgit Kabarett #7&quot;,&quot;permalink&quot;:&quot;https:\\\/\\\/www.hautes-alpes.net\\\/nl\\\/fiche\\\/le-birgit-kabarett-7-6\\\/&quot;,&quot;type&quot;:&quot;fete_et_manifestation&quot;,&quot;commune&quot;:&quot;Gap&quot;,&quot;type_commerce&quot;:&quot;&quot;,&quot;image&quot;:&quot;https:\\\/\\\/static.apidae-tourisme.com\\\/filestore\\\/objets-touristiques\\\/images\\\/1\\\/242\\\/41939457-diaporama.jpg&quot;,&quot;image_width&quot;:&quot;550&quot;,&quot;image_height&quot;:&quot;350&quot;,&quot;image_fit&quot;:&quot;cover&quot;},{&quot;lat&quot;:&quot;44.561459&quot;,&quot;lng&quot;:&quot;6.085175&quot;,&quot;title&quot;:&quot;Dans tes yeux&quot;,&quot;permalink&quot;:&quot;https:\\\/\\\/www.hautes-alpes.net\\\/nl\\\/fiche\\\/dans-tes-yeux-6\\\/&quot;,&quot;type&quot;:&quot;fete_et_manifestation&quot;,&quot;commune&quot;:&quot;Gap&quot;,&quot;type_commerce&quot;:&quot;&quot;,&quot;image&quot;:&quot;https:\\\/\\\/static.apidae-tourisme.com\\\/filestore\\\/objets-touristiques\\\/images\\\/151\\\/116\\\/42103959-diaporama.png&quot;,&quot;image_width&quot;:&quot;550&quot;,&quot;image_height&quot;:&quot;350&quot;,&quot;image_fit&quot;:&quot;cover&quot;},{&quot;lat&quot;:&quot;44.555545&quot;,&quot;lng&quot;:&quot;6.078166&quot;,&quot;title&quot;:&quot;G\\u00e9n\\u00e9ration Mitterand&quot;,&quot;permalink&quot;:&quot;https:\\\/\\\/www.hautes-alpes.net\\\/nl\\\/fiche\\\/generation-mitterand-6\\\/&quot;,&quot;type&quot;:&quot;fete_et_manifestation&quot;,&quot;commune&quot;:&quot;Gap&quot;,&quot;type_commerce&quot;:&quot;&quot;,&quot;image&quot;:&quot;https:\\\/\\\/static.apidae-tourisme.com\\\/filestore\\\/objets-touristiques\\\/images\\\/30\\\/242\\\/41939486-diaporama.jpg&quot;,&quot;image_width&quot;:&quot;550&quot;,&quot;image_height&quot;:&quot;350&quot;,&quot;image_fit&quot;:&quot;cover&quot;},{&quot;lat&quot;:&quot;44.561459&quot;,&quot;lng&quot;:&quot;6.085175&quot;,&quot;title&quot;:&quot;Rumble + Bold&quot;,&quot;permalink&quot;:&quot;https:\\\/\\\/www.hautes-alpes.net\\\/nl\\\/fiche\\\/rumble-bold-6\\\/&quot;,&quot;type&quot;:&quot;fete_et_manifestation&quot;,&quot;commune&quot;:&quot;Gap&quot;,&quot;type_commerce&quot;:&quot;&quot;,&quot;image&quot;:&quot;https:\\\/\\\/static.apidae-tourisme.com\\\/filestore\\\/objets-touristiques\\\/images\\\/163\\\/116\\\/42103971-diaporama.png&quot;,&quot;image_width&quot;:&quot;550&quot;,&quot;image_height&quot;:&quot;350&quot;,&quot;image_fit&quot;:&quot;cover&quot;},{&quot;lat&quot;:&quot;44.493082&quot;,&quot;lng&quot;:&quot;6.55782&quot;,&quot;title&quot;:&quot;La D\\u00e9vale des Orres&quot;,&quot;permalink&quot;:&quot;https:\\\/\\\/www.hautes-alpes.net\\\/nl\\\/fiche\\\/la-devale-des-orres-4\\\/&quot;,&quot;type&quot;:&quot;fete_et_manifestation&quot;,&quot;commune&quot;:&quot;Les Orres&quot;,&quot;type_commerce&quot;:&quot;&quot;,&quot;image&quot;:&quot;https:\\\/\\\/static.apidae-tourisme.com\\\/filestore\\\/objets-touristiques\\\/images\\\/68\\\/217\\\/42326340-diaporama.jpg&quot;,&quot;image_width&quot;:&quot;550&quot;,&quot;image_height&quot;:&quot;350&quot;,&quot;image_fit&quot;:&quot;cover&quot;},{&quot;lat&quot;:&quot;44.555545&quot;,&quot;lng&quot;:&quot;6.078166&quot;,&quot;title&quot;:&quot;Fus\\u00e9es&quot;,&quot;permalink&quot;:&quot;https:\\\/\\\/www.hautes-alpes.net\\\/nl\\\/fiche\\\/fusees-6\\\/&quot;,&quot;type&quot;:&quot;fete_et_manifestation&quot;,&quot;commune&quot;:&quot;Gap&quot;,&quot;type_commerce&quot;:&quot;&quot;,&quot;image&quot;:&quot;https:\\\/\\\/static.apidae-tourisme.com\\\/filestore\\\/objets-touristiques\\\/images\\\/102\\\/242\\\/41939558-diaporama.jpg&quot;,&quot;image_width&quot;:&quot;550&quot;,&quot;image_height&quot;:&quot;350&quot;,&quot;image_fit&quot;:&quot;cover&quot;},{&quot;lat&quot;:&quot;44.491162&quot;,&quot;lng&quot;:&quot;6.556076&quot;,&quot;title&quot;:&quot;Salon gastronomique des R\\u00e9gions Alticiades&quot;,&quot;permalink&quot;:&quot;https:\\\/\\\/www.hautes-alpes.net\\\/nl\\\/fiche\\\/salon-gastronomique-des-regions-alticiades-5\\\/&quot;,&quot;type&quot;:&quot;fete_et_manifestation&quot;,&quot;commune&quot;:&quot;Les Orres&quot;,&quot;type_commerce&quot;:&quot;&quot;,&quot;image&quot;:&quot;https:\\\/\\\/static.apidae-tourisme.com\\\/filestore\\\/objets-touristiques\\\/images\\\/25\\\/12\\\/16452633-diaporama.jpg&quot;,&quot;image_width&quot;:&quot;550&quot;,&quot;image_height&quot;:&quot;350&quot;,&quot;image_fit&quot;:&quot;cover&quot;},{&quot;lat&quot;:&quot;44.561459&quot;,&quot;lng&quot;:&quot;6.085175&quot;,&quot;title&quot;:&quot;Nicolas Jules en trio&quot;,&quot;permalink&quot;:&quot;https:\\\/\\\/www.hautes-alpes.net\\\/nl\\\/fiche\\\/nicolas-jules-en-trio-6\\\/&quot;,&quot;type&quot;:&quot;fete_et_manifestation&quot;,&quot;commune&quot;:&quot;Gap&quot;,&quot;type_commerce&quot;:&quot;&quot;,&quot;image&quot;:&quot;https:\\\/\\\/static.apidae-tourisme.com\\\/filestore\\\/objets-touristiques\\\/images\\\/177\\\/116\\\/42103985-diaporama.png&quot;,&quot;image_width&quot;:&quot;550&quot;,&quot;image_height&quot;:&quot;350&quot;,&quot;image_fit&quot;:&quot;cover&quot;},{&quot;lat&quot;:&quot;44.696817&quot;,&quot;lng&quot;:&quot;6.321816&quot;,&quot;title&quot;:&quot;Ski Games Rossignol&quot;,&quot;permalink&quot;:&quot;https:\\\/\\\/www.hautes-alpes.net\\\/nl\\\/fiche\\\/ski-games-rossignol-6\\\/&quot;,&quot;type&quot;:&quot;fete_et_manifestation&quot;,&quot;commune&quot;:&quot;Orci\\u00e8res&quot;,&quot;type_commerce&quot;:&quot;&quot;,&quot;image&quot;:&quot;https:\\\/\\\/static.apidae-tourisme.com\\\/filestore\\\/objets-touristiques\\\/images\\\/12\\\/224\\\/18800652-diaporama.jpg&quot;,&quot;image_width&quot;:&quot;550&quot;,&quot;image_height&quot;:&quot;350&quot;,&quot;image_fit&quot;:&quot;cover&quot;},{&quot;lat&quot;:&quot;44.57659&quot;,&quot;lng&quot;:&quot;6.361039&quot;,&quot;title&quot;:&quot;Snow Bike Race&quot;,&quot;permalink&quot;:&quot;https:\\\/\\\/www.hautes-alpes.net\\\/nl\\\/fiche\\\/snow-bike-race-6\\\/&quot;,&quot;type&quot;:&quot;fete_et_manifestation&quot;,&quot;commune&quot;:&quot;R\\u00e9allon&quot;,&quot;type_commerce&quot;:&quot;&quot;,&quot;image&quot;:&quot;https:\\\/\\\/static.apidae-tourisme.com\\\/filestore\\\/objets-touristiques\\\/images\\\/51\\\/143\\\/29069107-diaporama.jpg&quot;,&quot;image_width&quot;:&quot;550&quot;,&quot;image_height&quot;:&quot;350&quot;,&quot;image_fit&quot;:&quot;cover&quot;},{&quot;lat&quot;:&quot;44.555545&quot;,&quot;lng&quot;:&quot;6.078166&quot;,&quot;title&quot;:&quot;Magistral\\u00b7e\\u00b7s&quot;,&quot;permalink&quot;:&quot;https:\\\/\\\/www.hautes-alpes.net\\\/nl\\\/fiche\\\/magistral%c2%b7e%c2%b7s-6\\\/&quot;,&quot;type&quot;:&quot;fete_et_manifestation&quot;,&quot;commune&quot;:&quot;Gap&quot;,&quot;type_commerce&quot;:&quot;&quot;,&quot;image&quot;:&quot;https:\\\/\\\/static.apidae-tourisme.com\\\/filestore\\\/objets-touristiques\\\/images\\\/137\\\/242\\\/41939593-diaporama.jpg&quot;,&quot;image_width&quot;:&quot;550&quot;,&quot;image_height&quot;:&quot;350&quot;,&quot;image_fit&quot;:&quot;cover&quot;},{&quot;lat&quot;:&quot;44.561459&quot;,&quot;lng&quot;:&quot;6.085175&quot;,&quot;title&quot;:&quot;La Chica&quot;,&quot;permalink&quot;:&quot;https:\\\/\\\/www.hautes-alpes.net\\\/nl\\\/fiche\\\/la-chica-6\\\/&quot;,&quot;type&quot;:&quot;fete_et_manifestation&quot;,&quot;commune&quot;:&quot;Gap&quot;,&quot;type_commerce&quot;:&quot;&quot;,&quot;image&quot;:&quot;https:\\\/\\\/static.apidae-tourisme.com\\\/filestore\\\/objets-touristiques\\\/images\\\/10\\\/117\\\/42104074-diaporama.png&quot;,&quot;image_width&quot;:&quot;550&quot;,&quot;image_height&quot;:&quot;350&quot;,&quot;image_fit&quot;:&quot;cover&quot;},{&quot;lat&quot;:&quot;44.491152&quot;,&quot;lng&quot;:&quot;6.556075&quot;,&quot;title&quot;:&quot;Forum OCOVA - Montagne de demain&quot;,&quot;permalink&quot;:&quot;https:\\\/\\\/www.hautes-alpes.net\\\/nl\\\/fiche\\\/forum-ocova-montagne-de-demain-5\\\/&quot;,&quot;type&quot;:&quot;fete_et_manifestation&quot;,&quot;commune&quot;:&quot;Les Orres&quot;,&quot;type_commerce&quot;:&quot;&quot;,&quot;image&quot;:&quot;https:\\\/\\\/static.apidae-tourisme.com\\\/filestore\\\/objets-touristiques\\\/images\\\/232\\\/225\\\/42394088-diaporama.jpg&quot;,&quot;image_width&quot;:&quot;550&quot;,&quot;image_height&quot;:&quot;350&quot;,&quot;image_fit&quot;:&quot;cover&quot;},{&quot;lat&quot;:&quot;44.555545&quot;,&quot;lng&quot;:&quot;6.078166&quot;,&quot;title&quot;:&quot;Et puis&quot;,&quot;permalink&quot;:&quot;https:\\\/\\\/www.hautes-alpes.net\\\/nl\\\/fiche\\\/et-puis-6\\\/&quot;,&quot;type&quot;:&quot;fete_et_manifestation&quot;,&quot;commune&quot;:&quot;Gap&quot;,&quot;type_commerce&quot;:&quot;&quot;,&quot;image&quot;:&quot;https:\\\/\\\/static.apidae-tourisme.com\\\/filestore\\\/objets-touristiques\\\/images\\\/188\\\/242\\\/41939644-diaporama.jpg&quot;,&quot;image_width&quot;:&quot;550&quot;,&quot;image_height&quot;:&quot;350&quot;,&quot;image_fit&quot;:&quot;cover&quot;},{&quot;lat&quot;:&quot;44.555545&quot;,&quot;lng&quot;:&quot;6.078166&quot;,&quot;title&quot;:&quot;J. C. + C\\u00e9line&quot;,&quot;permalink&quot;:&quot;https:\\\/\\\/www.hautes-alpes.net\\\/nl\\\/fiche\\\/j-c-celine-6\\\/&quot;,&quot;type&quot;:&quot;fete_et_manifestation&quot;,&quot;commune&quot;:&quot;Gap&quot;,&quot;type_commerce&quot;:&quot;&quot;,&quot;image&quot;:&quot;https:\\\/\\\/static.apidae-tourisme.com\\\/filestore\\\/objets-touristiques\\\/images\\\/231\\\/242\\\/41939687-diaporama.jpg&quot;,&quot;image_width&quot;:&quot;550&quot;,&quot;image_height&quot;:&quot;350&quot;,&quot;image_fit&quot;:&quot;cover&quot;},{&quot;lat&quot;:&quot;44.533451&quot;,&quot;lng&quot;:&quot;5.820243&quot;,&quot;title&quot;:&quot;Pi\\u00e8ce de th\\u00e9atre : J. C. + C\\u00e9line&quot;,&quot;permalink&quot;:&quot;https:\\\/\\\/www.hautes-alpes.net\\\/nl\\\/fiche\\\/piece-de-theatre-j-c-celine-6\\\/&quot;,&quot;type&quot;:&quot;fete_et_manifestation&quot;,&quot;commune&quot;:&quot;Veynes&quot;,&quot;type_commerce&quot;:&quot;&quot;,&quot;image&quot;:&quot;https:\\\/\\\/static.apidae-tourisme.com\\\/filestore\\\/objets-touristiques\\\/images\\\/172\\\/130\\\/41976492-diaporama.jpg&quot;,&quot;image_width&quot;:&quot;550&quot;,&quot;image_height&quot;:&quot;350&quot;,&quot;image_fit&quot;:&quot;cover&quot;},{&quot;lat&quot;:&quot;44.533436&quot;,&quot;lng&quot;:&quot;5.820281&quot;,&quot;title&quot;:&quot;Pi\\u00e8ce de th\\u00e9atre : Pedro&quot;,&quot;permalink&quot;:&quot;https:\\\/\\\/www.hautes-alpes.net\\\/nl\\\/fiche\\\/piece-de-theatre-pedro-6\\\/&quot;,&quot;type&quot;:&quot;fete_et_manifestation&quot;,&quot;commune&quot;:&quot;Veynes&quot;,&quot;type_commerce&quot;:&quot;&quot;,&quot;image&quot;:&quot;https:\\\/\\\/static.apidae-tourisme.com\\\/filestore\\\/objets-touristiques\\\/images\\\/18\\\/131\\\/41976594-diaporama.jpg&quot;,&quot;image_width&quot;:&quot;550&quot;,&quot;image_height&quot;:&quot;350&quot;,&quot;image_fit&quot;:&quot;cover&quot;},{&quot;lat&quot;:&quot;44.533455&quot;,&quot;lng&quot;:&quot;5.820276&quot;,&quot;title&quot;:&quot;Pi\\u00e8ce de th\\u00e9atre : J. C. + C\\u00e9line + Pedro&quot;,&quot;permalink&quot;:&quot;https:\\\/\\\/www.hautes-alpes.net\\\/nl\\\/fiche\\\/piece-de-theatre-j-c-celine-pedro-6\\\/&quot;,&quot;type&quot;:&quot;fete_et_manifestation&quot;,&quot;commune&quot;:&quot;Veynes&quot;,&quot;type_commerce&quot;:&quot;&quot;,&quot;image&quot;:&quot;https:\\\/\\\/static.apidae-tourisme.com\\\/filestore\\\/objets-touristiques\\\/images\\\/73\\\/131\\\/41976649-diaporama.jpg&quot;,&quot;image_width&quot;:&quot;550&quot;,&quot;image_height&quot;:&quot;350&quot;,&quot;image_fit&quot;:&quot;cover&quot;},{&quot;lat&quot;:&quot;44.930082&quot;,&quot;lng&quot;:&quot;6.722493&quot;,&quot;title&quot;:&quot;Course de La 1000 Pattes&quot;,&quot;permalink&quot;:&quot;https:\\\/\\\/www.hautes-alpes.net\\\/nl\\\/fiche\\\/course-de-la-1000-pattes-6\\\/&quot;,&quot;type&quot;:&quot;fete_et_manifestation&quot;,&quot;commune&quot;:&quot;Montgen\\u00e8vre&quot;,&quot;type_commerce&quot;:&quot;&quot;,&quot;image&quot;:&quot;https:\\\/\\\/static.apidae-tourisme.com\\\/filestore\\\/objets-touristiques\\\/images\\\/107\\\/143\\\/34901867-diaporama.jpg&quot;,&quot;image_width&quot;:&quot;550&quot;,&quot;image_height&quot;:&quot;350&quot;,&quot;image_fit&quot;:&quot;cover&quot;},{&quot;lat&quot;:&quot;44.555545&quot;,&quot;lng&quot;:&quot;6.078166&quot;,&quot;title&quot;:&quot;La m\\u00eame chose mais pas tout \\u00e0 fait pareille&quot;,&quot;permalink&quot;:&quot;https:\\\/\\\/www.hautes-alpes.net\\\/nl\\\/fiche\\\/la-meme-chose-mais-pas-tout-a-fait-pareille-6\\\/&quot;,&quot;type&quot;:&quot;fete_et_manifestation&quot;,&quot;commune&quot;:&quot;Gap&quot;,&quot;type_commerce&quot;:&quot;&quot;,&quot;image&quot;:&quot;https:\\\/\\\/static.apidae-tourisme.com\\\/filestore\\\/objets-touristiques\\\/images\\\/44\\\/243\\\/41939756-diaporama.jpg&quot;,&quot;image_width&quot;:&quot;550&quot;,&quot;image_height&quot;:&quot;350&quot;,&quot;image_fit&quot;:&quot;cover&quot;},{&quot;lat&quot;:&quot;44.555545&quot;,&quot;lng&quot;:&quot;6.078166&quot;,&quot;title&quot;:&quot;Je suis une montagne&quot;,&quot;permalink&quot;:&quot;https:\\\/\\\/www.hautes-alpes.net\\\/nl\\\/fiche\\\/je-suis-une-montagne-6\\\/&quot;,&quot;type&quot;:&quot;fete_et_manifestation&quot;,&quot;commune&quot;:&quot;Gap&quot;,&quot;type_commerce&quot;:&quot;&quot;,&quot;image&quot;:&quot;https:\\\/\\\/static.apidae-tourisme.com\\\/filestore\\\/objets-touristiques\\\/images\\\/115\\\/243\\\/41939827-diaporama.jpg&quot;,&quot;image_width&quot;:&quot;550&quot;,&quot;image_height&quot;:&quot;350&quot;,&quot;image_fit&quot;:&quot;cover&quot;},{&quot;lat&quot;:&quot;44.66548&quot;,&quot;lng&quot;:&quot;5.89989&quot;,&quot;title&quot;:&quot;Demain on ferme !&quot;,&quot;permalink&quot;:&quot;https:\\\/\\\/www.hautes-alpes.net\\\/nl\\\/fiche\\\/demain-on-ferme-6\\\/&quot;,&quot;type&quot;:&quot;fete_et_manifestation&quot;,&quot;commune&quot;:&quot;D\\u00e9voluy&quot;,&quot;type_commerce&quot;:&quot;&quot;,&quot;image&quot;:&quot;https:\\\/\\\/static.apidae-tourisme.com\\\/filestore\\\/objets-touristiques\\\/images\\\/214\\\/39\\\/42280918-diaporama.jpg&quot;,&quot;image_width&quot;:&quot;550&quot;,&quot;image_height&quot;:&quot;350&quot;,&quot;image_fit&quot;:&quot;cover&quot;},{&quot;lat&quot;:&quot;44.794832&quot;,&quot;lng&quot;:&quot;6.724701&quot;,&quot;title&quot;:&quot;GRAND BEAL&quot;,&quot;permalink&quot;:&quot;https:\\\/\\\/www.hautes-alpes.net\\\/nl\\\/fiche\\\/grand-beal-5\\\/&quot;,&quot;type&quot;:&quot;fete_et_manifestation&quot;,&quot;commune&quot;:&quot;Arvieux&quot;,&quot;type_commerce&quot;:&quot;&quot;,&quot;image&quot;:&quot;https:\\\/\\\/static.apidae-tourisme.com\\\/filestore\\\/objets-touristiques\\\/images\\\/17\\\/8\\\/37881873-diaporama.jpg&quot;,&quot;image_width&quot;:&quot;550&quot;,&quot;image_height&quot;:&quot;350&quot;,&quot;image_fit&quot;:&quot;cover&quot;},{&quot;lat&quot;:&quot;44.555545&quot;,&quot;lng&quot;:&quot;6.078166&quot;,&quot;title&quot;:&quot;Opium Magie \\u00e0 huis clos&quot;,&quot;permalink&quot;:&quot;https:\\\/\\\/www.hautes-alpes.net\\\/nl\\\/fiche\\\/opium-magie-a-huis-clos-6\\\/&quot;,&quot;type&quot;:&quot;fete_et_manifestation&quot;,&quot;commune&quot;:&quot;Gap&quot;,&quot;type_commerce&quot;:&quot;&quot;,&quot;image&quot;:&quot;https:\\\/\\\/static.apidae-tourisme.com\\\/filestore\\\/objets-touristiques\\\/images\\\/145\\\/243\\\/41939857-diaporama.jpg&quot;,&quot;image_width&quot;:&quot;550&quot;,&quot;image_height&quot;:&quot;350&quot;,&quot;image_fit&quot;:&quot;cover&quot;},{&quot;lat&quot;:&quot;44.781167&quot;,&quot;lng&quot;:&quot;6.559737&quot;,&quot;title&quot;:&quot;BFK&quot;,&quot;permalink&quot;:&quot;https:\\\/\\\/www.hautes-alpes.net\\\/nl\\\/fiche\\\/bfk-6\\\/&quot;,&quot;type&quot;:&quot;fete_et_manifestation&quot;,&quot;commune&quot;:&quot;L&#039;Argenti\\u00e8re-la-Bess\\u00e9e&quot;,&quot;type_commerce&quot;:&quot;&quot;,&quot;image&quot;:&quot;https:\\\/\\\/static.apidae-tourisme.com\\\/filestore\\\/objets-touristiques\\\/images\\\/248\\\/199\\\/4507640-diaporama.jpg&quot;,&quot;image_width&quot;:&quot;550&quot;,&quot;image_height&quot;:&quot;350&quot;,&quot;image_fit&quot;:&quot;cover&quot;},{&quot;lat&quot;:&quot;44.561459&quot;,&quot;lng&quot;:&quot;6.085175&quot;,&quot;title&quot;:&quot;La Yegros&quot;,&quot;permalink&quot;:&quot;https:\\\/\\\/www.hautes-alpes.net\\\/nl\\\/fiche\\\/la-yegros-6\\\/&quot;,&quot;type&quot;:&quot;fete_et_manifestation&quot;,&quot;commune&quot;:&quot;Gap&quot;,&quot;type_commerce&quot;:&quot;&quot;,&quot;image&quot;:&quot;https:\\\/\\\/static.apidae-tourisme.com\\\/filestore\\\/objets-touristiques\\\/images\\\/67\\\/117\\\/42104131-diaporama.png&quot;,&quot;image_width&quot;:&quot;550&quot;,&quot;image_height&quot;:&quot;350&quot;,&quot;image_fit&quot;:&quot;cover&quot;},{&quot;lat&quot;:&quot;44.55075&quot;,&quot;lng&quot;:&quot;6.475164&quot;,&quot;title&quot;:&quot;F\\u00eate du plan d&#8217;eau d&#8217; Embrun&quot;,&quot;permalink&quot;:&quot;https:\\\/\\\/www.hautes-alpes.net\\\/nl\\\/fiche\\\/fete-du-plan-deau-d-embrun-5\\\/&quot;,&quot;type&quot;:&quot;fete_et_manifestation&quot;,&quot;commune&quot;:&quot;Embrun&quot;,&quot;type_commerce&quot;:&quot;&quot;,&quot;image&quot;:&quot;https:\\\/\\\/static.apidae-tourisme.com\\\/filestore\\\/objets-touristiques\\\/images\\\/74\\\/231\\\/7464778-diaporama.jpg&quot;,&quot;image_width&quot;:&quot;550&quot;,&quot;image_height&quot;:&quot;350&quot;,&quot;image_fit&quot;:&quot;cover&quot;},{&quot;lat&quot;:&quot;44.69281&quot;,&quot;lng&quot;:&quot;5.941287&quot;,&quot;title&quot;:&quot;March\\u00e9  hebdomadaire de Saint Etienne en D\\u00e9voluy&quot;,&quot;permalink&quot;:&quot;https:\\\/\\\/www.hautes-alpes.net\\\/nl\\\/fiche\\\/marche-hebdomadaire-de-saint-etienne-en-devoluy-6\\\/&quot;,&quot;type&quot;:&quot;fete_et_manifestation&quot;,&quot;commune&quot;:&quot;D\\u00e9voluy&quot;,&quot;type_commerce&quot;:&quot;&quot;,&quot;image&quot;:&quot;https:\\\/\\\/static.apidae-tourisme.com\\\/filestore\\\/objets-touristiques\\\/images\\\/215\\\/73\\\/8407511-diaporama.jpg&quot;,&quot;image_width&quot;:&quot;550&quot;,&quot;image_height&quot;:&quot;350&quot;,&quot;image_fit&quot;:&quot;cover&quot;},{&quot;lat&quot;:&quot;44.676242&quot;,&quot;lng&quot;:&quot;5.927468&quot;,&quot;title&quot;:&quot;March\\u00e9 hebdomadaire de Superd\\u00e9voluy&quot;,&quot;permalink&quot;:&quot;https:\\\/\\\/www.hautes-alpes.net\\\/nl\\\/fiche\\\/marche-hebdomadaire-de-superdevoluy-6\\\/&quot;,&quot;type&quot;:&quot;fete_et_manifestation&quot;,&quot;commune&quot;:&quot;Superd\\u00e9voluy&quot;,&quot;type_commerce&quot;:&quot;&quot;,&quot;image&quot;:&quot;https:\\\/\\\/static.apidae-tourisme.com\\\/filestore\\\/objets-touristiques\\\/images\\\/140\\\/211\\\/42259340-diaporama.jpg&quot;,&quot;image_width&quot;:&quot;550&quot;,&quot;image_height&quot;:&quot;350&quot;,&quot;image_fit&quot;:&quot;cover&quot;},{&quot;lat&quot;:&quot;44.686922&quot;,&quot;lng&quot;:&quot;5.891462&quot;,&quot;title&quot;:&quot;March\\u00e9 hebdomadaire de La Joue du Loup&quot;,&quot;permalink&quot;:&quot;https:\\\/\\\/www.hautes-alpes.net\\\/nl\\\/fiche\\\/marche-hebdomadaire-de-la-joue-du-loup-6\\\/&quot;,&quot;type&quot;:&quot;fete_et_manifestation&quot;,&quot;commune&quot;:&quot;La Joue du Loup&quot;,&quot;type_commerce&quot;:&quot;&quot;,&quot;image&quot;:&quot;https:\\\/\\\/static.apidae-tourisme.com\\\/filestore\\\/objets-touristiques\\\/images\\\/242\\\/236\\\/42265842-diaporama.jpg&quot;,&quot;image_width&quot;:&quot;550&quot;,&quot;image_height&quot;:&quot;350&quot;,&quot;image_fit&quot;:&quot;cover&quot;},{&quot;lat&quot;:&quot;44.569243&quot;,&quot;lng&quot;:&quot;6.090201&quot;,&quot;title&quot;:&quot;Projection de courts-m\\u00e9trages La petite fabrique de nuages&quot;,&quot;permalink&quot;:&quot;https:\\\/\\\/www.hautes-alpes.net\\\/nl\\\/fiche\\\/projection-de-courts-metrages-la-petite-fabrique-de-nuages-6\\\/&quot;,&quot;type&quot;:&quot;fete_et_manifestation&quot;,&quot;commune&quot;:&quot;Gap&quot;,&quot;type_commerce&quot;:&quot;&quot;,&quot;image&quot;:&quot;https:\\\/\\\/static.apidae-tourisme.com\\\/filestore\\\/objets-touristiques\\\/images\\\/206\\\/45\\\/41758158-diaporama.jpg&quot;,&quot;image_width&quot;:&quot;550&quot;,&quot;image_height&quot;:&quot;350&quot;,&quot;image_fit&quot;:&quot;cover&quot;},{&quot;lat&quot;:&quot;44.674887&quot;,&quot;lng&quot;:&quot;5.930683&quot;,&quot;title&quot;:&quot;Troph\\u00e9e de France des Jeunes V\\u00e9t\\u00e9tistes&quot;,&quot;permalink&quot;:&quot;https:\\\/\\\/www.hautes-alpes.net\\\/nl\\\/fiche\\\/trophee-de-france-des-jeunes-vetetistes-6\\\/&quot;,&quot;type&quot;:&quot;fete_et_manifestation&quot;,&quot;commune&quot;:&quot;Superd\\u00e9voluy&quot;,&quot;type_commerce&quot;:&quot;&quot;,&quot;image&quot;:&quot;https:\\\/\\\/static.apidae-tourisme.com\\\/filestore\\\/objets-touristiques\\\/images\\\/77\\\/202\\\/42388045-diaporama.jpg&quot;,&quot;image_width&quot;:&quot;550&quot;,&quot;image_height&quot;:&quot;350&quot;,&quot;image_fit&quot;:&quot;cover&quot;},{&quot;lat&quot;:&quot;45.019185&quot;,&quot;lng&quot;:&quot;6.606743&quot;,&quot;title&quot;:&quot;Braderie des Livres&quot;,&quot;permalink&quot;:&quot;https:\\\/\\\/www.hautes-alpes.net\\\/nl\\\/fiche\\\/braderie-des-livres-5\\\/&quot;,&quot;type&quot;:&quot;fete_et_manifestation&quot;,&quot;commune&quot;:&quot;N\\u00e9vache&quot;,&quot;type_commerce&quot;:&quot;&quot;,&quot;image&quot;:&quot;https:\\\/\\\/static.apidae-tourisme.com\\\/filestore\\\/objets-touristiques\\\/images\\\/74\\\/224\\\/42328138-diaporama.jpg&quot;,&quot;image_width&quot;:&quot;550&quot;,&quot;image_height&quot;:&quot;350&quot;,&quot;image_fit&quot;:&quot;cover&quot;}],&quot;center_lat&quot;:&quot;44.405228&quot;,&quot;center_lng&quot;:&quot;5.517261&quot;}<\/div><\/div><\/div><\/div><\/div>\n<div class=\"wp-block-ws-library-ws-share\"><span class=\"share-subtitle\">Vond je deze pagina leuk?<\/span><span class=\"share-title\">Deel het!<\/span><button class=\"ws-share-button wp-element-button\">Deel deze pagina<\/button><\/div>\n","protected":false},"excerpt":{"rendered":"","protected":false},"author":7,"featured_media":0,"parent":106540,"menu_order":0,"comment_status":"closed","ping_status":"closed","template":"","meta":{"is_dark_mode":false,"footnotes":""},"page_label":[],"class_list":["post-120019","page","type-page","status-publish","hentry"],"yoast_head":"<!-- This site is optimized with the Yoast SEO plugin v28.3 - https:\/\/yoast.com\/product\/yoast-seo-wordpress\/ -->\n<title>Alle evenementen in de Hautes-Alpes - Hautes-Alpes<\/title>\n<meta name=\"description\" content=\"Alle evenementen in de Hautes-Alpes        Vond je deze pagina leuk?Deel het!Deel deze pagina\" \/>\n<meta name=\"robots\" content=\"index, follow, max-snippet:-1, max-image-preview:large, max-video-preview:-1\" \/>\n<link rel=\"canonical\" href=\"https:\/\/www.hautes-alpes.net\/nl\/organiseren\/alle-evenementen-in-de-hautes-alpes\/\" \/>\n<meta property=\"og:locale\" content=\"nl_NL\" \/>\n<meta property=\"og:type\" content=\"article\" \/>\n<meta property=\"og:title\" content=\"Alle evenementen in de Hautes-Alpes - Hautes-Alpes\" \/>\n<meta property=\"og:description\" content=\"Alle evenementen in de Hautes-Alpes        Vond je deze pagina leuk?Deel het!Deel deze pagina\" \/>\n<meta property=\"og:url\" content=\"https:\/\/www.hautes-alpes.net\/nl\/organiseren\/alle-evenementen-in-de-hautes-alpes\/\" \/>\n<meta property=\"og:site_name\" content=\"Hautes-Alpes\" \/>\n<meta property=\"article:modified_time\" content=\"2026-01-28T15:43:40+00:00\" \/>\n<meta name=\"twitter:card\" content=\"summary_large_image\" \/>\n<script type=\"application\/ld+json\" class=\"yoast-schema-graph\">{\"@context\":\"https:\\\/\\\/schema.org\",\"@graph\":[{\"@type\":\"WebPage\",\"@id\":\"https:\\\/\\\/www.hautes-alpes.net\\\/nl\\\/organiseren\\\/alle-evenementen-in-de-hautes-alpes\\\/\",\"url\":\"https:\\\/\\\/www.hautes-alpes.net\\\/nl\\\/organiseren\\\/alle-evenementen-in-de-hautes-alpes\\\/\",\"name\":\"Alle evenementen in de Hautes-Alpes - Hautes-Alpes\",\"isPartOf\":{\"@id\":\"https:\\\/\\\/www.hautes-alpes.net\\\/nl\\\/#website\"},\"datePublished\":\"2025-12-17T13:09:34+00:00\",\"dateModified\":\"2026-01-28T15:43:40+00:00\",\"description\":\"Alle evenementen in de Hautes-Alpes Vond je deze pagina leuk?Deel het!Deel deze pagina\",\"breadcrumb\":{\"@id\":\"https:\\\/\\\/www.hautes-alpes.net\\\/nl\\\/organiseren\\\/alle-evenementen-in-de-hautes-alpes\\\/#breadcrumb\"},\"inLanguage\":\"nl-NL\",\"potentialAction\":[{\"@type\":\"ReadAction\",\"target\":[\"https:\\\/\\\/www.hautes-alpes.net\\\/nl\\\/organiseren\\\/alle-evenementen-in-de-hautes-alpes\\\/\"]}]},{\"@type\":\"BreadcrumbList\",\"@id\":\"https:\\\/\\\/www.hautes-alpes.net\\\/nl\\\/organiseren\\\/alle-evenementen-in-de-hautes-alpes\\\/#breadcrumb\",\"itemListElement\":[{\"@type\":\"ListItem\",\"position\":1,\"name\":\"Accueil\",\"item\":\"https:\\\/\\\/www.hautes-alpes.net\\\/nl\\\/hautes-alpes\\\/\"},{\"@type\":\"ListItem\",\"position\":2,\"name\":\"Organiseren\",\"item\":\"https:\\\/\\\/www.hautes-alpes.net\\\/nl\\\/organiseren\\\/\"},{\"@type\":\"ListItem\",\"position\":3,\"name\":\"Organiseren\",\"item\":\"https:\\\/\\\/www.hautes-alpes.net\\\/nl\\\/organiseren\\\/\"},{\"@type\":\"ListItem\",\"position\":4,\"name\":\"Alle evenementen in de Hautes-Alpes\"}]},{\"@type\":\"WebSite\",\"@id\":\"https:\\\/\\\/www.hautes-alpes.net\\\/nl\\\/#website\",\"url\":\"https:\\\/\\\/www.hautes-alpes.net\\\/nl\\\/\",\"name\":\"ADDET\",\"description\":\"\",\"publisher\":{\"@id\":\"https:\\\/\\\/www.hautes-alpes.net\\\/nl\\\/#organization\"},\"potentialAction\":[{\"@type\":\"SearchAction\",\"target\":{\"@type\":\"EntryPoint\",\"urlTemplate\":\"https:\\\/\\\/www.hautes-alpes.net\\\/nl\\\/?s={search_term_string}\"},\"query-input\":{\"@type\":\"PropertyValueSpecification\",\"valueRequired\":true,\"valueName\":\"search_term_string\"}}],\"inLanguage\":\"nl-NL\"},{\"@type\":\"Organization\",\"@id\":\"https:\\\/\\\/www.hautes-alpes.net\\\/nl\\\/#organization\",\"name\":\"Agence D\u00e9partementale de D\u00e9veloppement Economique et Touristique des Hautes-Alpes\",\"url\":\"https:\\\/\\\/www.hautes-alpes.net\\\/nl\\\/\",\"logo\":{\"@type\":\"ImageObject\",\"inLanguage\":\"nl-NL\",\"@id\":\"https:\\\/\\\/www.hautes-alpes.net\\\/nl\\\/#\\\/schema\\\/logo\\\/image\\\/\",\"url\":\"https:\\\/\\\/www.hautes-alpes.net\\\/wp-content\\\/uploads\\\/2026\\\/01\\\/black-logo-2.svg\",\"contentUrl\":\"https:\\\/\\\/www.hautes-alpes.net\\\/wp-content\\\/uploads\\\/2026\\\/01\\\/black-logo-2.svg\",\"caption\":\"Agence D\u00e9partementale de D\u00e9veloppement Economique et Touristique des Hautes-Alpes\"},\"image\":{\"@id\":\"https:\\\/\\\/www.hautes-alpes.net\\\/nl\\\/#\\\/schema\\\/logo\\\/image\\\/\"}}]}<\/script>\n<!-- \/ Yoast SEO plugin. -->","yoast_head_json":{"title":"Alle evenementen in de Hautes-Alpes - Hautes-Alpes","description":"Alle evenementen in de Hautes-Alpes        Vond je deze pagina leuk?Deel het!Deel deze pagina","robots":{"index":"index","follow":"follow","max-snippet":"max-snippet:-1","max-image-preview":"max-image-preview:large","max-video-preview":"max-video-preview:-1"},"canonical":"https:\/\/www.hautes-alpes.net\/nl\/organiseren\/alle-evenementen-in-de-hautes-alpes\/","og_locale":"nl_NL","og_type":"article","og_title":"Alle evenementen in de Hautes-Alpes - Hautes-Alpes","og_description":"Alle evenementen in de Hautes-Alpes        Vond je deze pagina leuk?Deel het!Deel deze pagina","og_url":"https:\/\/www.hautes-alpes.net\/nl\/organiseren\/alle-evenementen-in-de-hautes-alpes\/","og_site_name":"Hautes-Alpes","article_modified_time":"2026-01-28T15:43:40+00:00","twitter_card":"summary_large_image","schema":{"@context":"https:\/\/schema.org","@graph":[{"@type":"WebPage","@id":"https:\/\/www.hautes-alpes.net\/nl\/organiseren\/alle-evenementen-in-de-hautes-alpes\/","url":"https:\/\/www.hautes-alpes.net\/nl\/organiseren\/alle-evenementen-in-de-hautes-alpes\/","name":"Alle evenementen in de Hautes-Alpes - Hautes-Alpes","isPartOf":{"@id":"https:\/\/www.hautes-alpes.net\/nl\/#website"},"datePublished":"2025-12-17T13:09:34+00:00","dateModified":"2026-01-28T15:43:40+00:00","description":"Alle evenementen in de Hautes-Alpes Vond je deze pagina leuk?Deel het!Deel deze pagina","breadcrumb":{"@id":"https:\/\/www.hautes-alpes.net\/nl\/organiseren\/alle-evenementen-in-de-hautes-alpes\/#breadcrumb"},"inLanguage":"nl-NL","potentialAction":[{"@type":"ReadAction","target":["https:\/\/www.hautes-alpes.net\/nl\/organiseren\/alle-evenementen-in-de-hautes-alpes\/"]}]},{"@type":"BreadcrumbList","@id":"https:\/\/www.hautes-alpes.net\/nl\/organiseren\/alle-evenementen-in-de-hautes-alpes\/#breadcrumb","itemListElement":[{"@type":"ListItem","position":1,"name":"Accueil","item":"https:\/\/www.hautes-alpes.net\/nl\/hautes-alpes\/"},{"@type":"ListItem","position":2,"name":"Organiseren","item":"https:\/\/www.hautes-alpes.net\/nl\/organiseren\/"},{"@type":"ListItem","position":3,"name":"Organiseren","item":"https:\/\/www.hautes-alpes.net\/nl\/organiseren\/"},{"@type":"ListItem","position":4,"name":"Alle evenementen in de Hautes-Alpes"}]},{"@type":"WebSite","@id":"https:\/\/www.hautes-alpes.net\/nl\/#website","url":"https:\/\/www.hautes-alpes.net\/nl\/","name":"ADDET","description":"","publisher":{"@id":"https:\/\/www.hautes-alpes.net\/nl\/#organization"},"potentialAction":[{"@type":"SearchAction","target":{"@type":"EntryPoint","urlTemplate":"https:\/\/www.hautes-alpes.net\/nl\/?s={search_term_string}"},"query-input":{"@type":"PropertyValueSpecification","valueRequired":true,"valueName":"search_term_string"}}],"inLanguage":"nl-NL"},{"@type":"Organization","@id":"https:\/\/www.hautes-alpes.net\/nl\/#organization","name":"Agence D\u00e9partementale de D\u00e9veloppement Economique et Touristique des Hautes-Alpes","url":"https:\/\/www.hautes-alpes.net\/nl\/","logo":{"@type":"ImageObject","inLanguage":"nl-NL","@id":"https:\/\/www.hautes-alpes.net\/nl\/#\/schema\/logo\/image\/","url":"https:\/\/www.hautes-alpes.net\/wp-content\/uploads\/2026\/01\/black-logo-2.svg","contentUrl":"https:\/\/www.hautes-alpes.net\/wp-content\/uploads\/2026\/01\/black-logo-2.svg","caption":"Agence D\u00e9partementale de D\u00e9veloppement Economique et Touristique des Hautes-Alpes"},"image":{"@id":"https:\/\/www.hautes-alpes.net\/nl\/#\/schema\/logo\/image\/"}}]}},"_links":{"self":[{"href":"https:\/\/www.hautes-alpes.net\/nl\/wp-json\/wp\/v2\/pages\/120019","targetHints":{"allow":["GET"]}}],"collection":[{"href":"https:\/\/www.hautes-alpes.net\/nl\/wp-json\/wp\/v2\/pages"}],"about":[{"href":"https:\/\/www.hautes-alpes.net\/nl\/wp-json\/wp\/v2\/types\/page"}],"author":[{"embeddable":true,"href":"https:\/\/www.hautes-alpes.net\/nl\/wp-json\/wp\/v2\/users\/7"}],"replies":[{"embeddable":true,"href":"https:\/\/www.hautes-alpes.net\/nl\/wp-json\/wp\/v2\/comments?post=120019"}],"version-history":[{"count":2,"href":"https:\/\/www.hautes-alpes.net\/nl\/wp-json\/wp\/v2\/pages\/120019\/revisions"}],"predecessor-version":[{"id":241322,"href":"https:\/\/www.hautes-alpes.net\/nl\/wp-json\/wp\/v2\/pages\/120019\/revisions\/241322"}],"up":[{"embeddable":true,"href":"https:\/\/www.hautes-alpes.net\/nl\/wp-json\/wp\/v2\/pages\/106540"}],"wp:attachment":[{"href":"https:\/\/www.hautes-alpes.net\/nl\/wp-json\/wp\/v2\/media?parent=120019"}],"wp:term":[{"taxonomy":"page_label","embeddable":true,"href":"https:\/\/www.hautes-alpes.net\/nl\/wp-json\/wp\/v2\/page_label?post=120019"}],"curies":[{"name":"wp","href":"https:\/\/api.w.org\/{rel}","templated":true}]}}