{"id":108420,"date":"2025-11-19T17:27:57","date_gmt":"2025-11-19T16:27:57","guid":{"rendered":"https:\/\/www.hautes-alpes.net\/bestemmingen-hautes-alpes\/vakantiedorpen-in-champsaur\/"},"modified":"2026-04-23T15:13:27","modified_gmt":"2026-04-23T13:13:27","slug":"vakantiedorpen-in-champsaur","status":"publish","type":"page","link":"https:\/\/www.hautes-alpes.net\/nl\/bestemmingen-hautes-alpes\/vakantiedorpen-in-champsaur\/","title":{"rendered":"Vakantiedorpen in Champsaur"},"content":{"rendered":"\n<div class=\"wp-block-group alignfull hero-banner-cover-wide has-global-padding is-layout-constrained wp-block-group-is-layout-constrained\"><div class=\"yoast-breadcrumbs\"><span><span><a href=\"https:\/\/www.hautes-alpes.net\/nl\/hautes-alpes\/\">Accueil<\/a><\/span>  <span><a href=\"https:\/\/www.hautes-alpes.net\/nl\/bestemmingen-hautes-alpes\/\">Bestemmingen - Hautes-Alpes<\/a><\/span>  <span><a href=\"https:\/\/www.hautes-alpes.net\/nl\/bestemmingen-hautes-alpes\/\">Bestemmingen - Hautes-Alpes<\/a><\/span>  <span class=\"breadcrumb_last\" aria-current=\"page\">Vakantiedorpen in Champsaur<\/span><\/span><\/div>\n\n\n<h1 class=\"wp-block-ws-library-post-title\">Vakantiedorpen in Champsaur<\/h1>\n\n\n\n<div class=\"wp-block-ws-library-media-embed ws-media-embed\"><img decoding=\"async\" src=\"https:\/\/www.hautes-alpes.net\/wp-content\/uploads\/2025\/11\/le-cucho-cedric-tempier-15-scaled-2000x1000.jpg\" alt=\"\" class=\"ws-media-embed__image\" style=\"aspect-ratio:2000\/1000\"><\/div>\n\n\n\n<p class=\"subtitle\">Vakantiedorpen in Champsaur<\/p>\n\n\n\n<p>Geen bling. <strong>In <a href=\"https:\/\/www.hautes-alpes.net\/nl\/bestemmingen-hautes-alpes\/champsaur-valgaudemar\/\">Champsaur<\/a><\/strong>, in het hart van de Hautes-Alpes, kun je aan de voet van de huizen je ski&#8217;s aantrekken, omhoog kijken naar de zachte bergtoppen en <strong>de meest authentieke aspecten van het ski\u00ebn herontdekken<\/strong>: een dorpsgevoel, een intieme bergomgeving en oprechte glimlachen.<\/p>\n<\/div>\n\n<div style=\"height:50px\" aria-hidden=\"true\" class=\"wp-block-spacer\"><\/div>\n\n<div class=\"wp-block-group alignfull step-by-step has-global-padding is-layout-constrained wp-block-group-is-layout-constrained\">\n<div class=\"wp-block-ws-library-ws-columns alignwide has-2-columns are-vertically-aligned-center layout-5050\">\n<div class=\"wp-block-ws-library-ws-column\"><div class=\"wrapper\">\n<h2 class=\"wp-block-heading\"><strong>Glooiende bergen,<\/strong>charmante dorpjes <strong><br\/><\/strong><\/h2>\n\n\n\n<p>Vijf dorpsplaatsen, vijf sferen, \u00e9\u00e9n rode draad: eenvoud. <strong>Saint-L\u00e9ger-les-M\u00e9l\u00e8zes, Chaillol, Ancelle, Laye en Serre-Eyraud<\/strong> cre\u00ebren een authentieke omgeving, zonder te overdrijven. De bergen zijn zacht en menselijk, en <a href=\"https:\/\/www.hautes-alpes.net\/nl\/ervaringen-hautes-alpes\/ski\/\">ski\u00ebn <\/a>wordt een tijd om te delen. <\/p>\n<\/div><\/div>\n\n\n\n<div class=\"wp-block-ws-library-ws-column\"><div class=\"wrapper\">\n<div class=\"wp-block-ws-library-ws-image\"><div class=\"wrapper\"><div class=\"group-media\"><img decoding=\"async\" src=\"https:\/\/www.hautes-alpes.net\/wp-content\/uploads\/2025\/11\/station-de-laye-hiver-anai-s-joly1222-21-1240x800.jpg\" alt=\"Het dorp Laye onder sneeuw en blauwe lucht\" class=\"single_image ws-image-56943\"><div class=\"credits\">A. Joly<\/div><\/div><p class=\"caption\"><\/p><\/div><\/div>\n<\/div><\/div>\n<\/div>\n\n\n\n<div class=\"wp-block-ws-library-ws-columns alignwide has-2-columns are-vertically-aligned-center layout-5050\">\n<div class=\"wp-block-ws-library-ws-column\"><div class=\"wrapper\">\n<h2 class=\"wp-block-heading\"><strong>Ski <br\/><\/strong>familieversie<\/h2>\n\n\n\n<p>Dit is misschien wel hun grootste kracht: <strong>deze resorts zijn ontworpen om<\/strong> samen <strong>te leren, vooruitgang te boeken<\/strong> en te lachen op de pistes. De liften zijn toegankelijk, de gebieden geruststellend en de instructeurs geduldig. De <a href=\"https:\/\/www.hautes-alpes.net\/nl\/bestemmingen-hautes-alpes\/champsaur-valgaudemar\/\">Champsaur<\/a> is het ideale speelterrein om de allerkleinsten kennis te laten maken met de sport, om het vertrouwen van oudere ski\u00ebrs die de moed hebben verloren te herstellen en om de meest ervaren ski\u00ebrs tevreden te stellen.  <\/p>\n<\/div><\/div>\n\n\n\n<div class=\"wp-block-ws-library-ws-column\"><div class=\"wrapper\">\n<div class=\"wp-block-ws-library-ws-image\"><div class=\"wrapper\"><div class=\"group-media\"><img decoding=\"async\" src=\"https:\/\/www.hautes-alpes.net\/wp-content\/uploads\/2025\/11\/dji-0902-1-1240x800.jpg\" alt=\"\" class=\"single_image ws-image-56948\"><div class=\"credits\">A. Joly<\/div><\/div><p class=\"caption\"><\/p><\/div><\/div>\n<\/div><\/div>\n<\/div>\n\n\n\n<div class=\"wp-block-ws-library-ws-columns alignwide has-2-columns are-vertically-aligned-center layout-5050\">\n<div class=\"wp-block-ws-library-ws-column\"><div class=\"wrapper\">\n<h2 class=\"wp-block-heading\"><strong>De zomeroproep <br\/><\/strong><\/h2>\n\n\n\n<p>Als de pistes kaal zijn, openen de valleien zich voor een hele nieuwe wereld van avontuur: <strong><a href=\"https:\/\/www.hautes-alpes.net\/nl\/ervaringen-hautes-alpes\/wandelingen\/\">wandelen<\/a>, <a href=\"https:\/\/www.hautes-alpes.net\/nl\/ervaringen-hautes-alpes\/mountainbike\/\">mountainbiken<\/a>, via ferrata, <a href=\"https:\/\/www.hautes-alpes.net\/nl\/ervaringen-hautes-alpes\/klimmen\/\">klimmen<\/a>, watersporten<\/strong>&#8230; De bergen van <a href=\"https:\/\/www.hautes-alpes.net\/nl\/bestemmingen-hautes-alpes\/champsaur-valgaudemar\/\">Champsaur <\/a>bieden een scala aan buitenactiviteiten die dezelfde authenticiteit uitstralen als in de winter. Elk seizoen heeft zijn eigen verhaal te vertellen, maar de enige constante is een nieuw gevonden vrijheid. <\/p>\n<\/div><\/div>\n\n\n\n<div class=\"wp-block-ws-library-ws-column\"><div class=\"wrapper\">\n<div class=\"wp-block-ws-library-ws-image\"><div class=\"wrapper\"><div class=\"group-media\"><img decoding=\"async\" src=\"https:\/\/www.hautes-alpes.net\/wp-content\/uploads\/2025\/11\/bivouac-au-vieux-chaillol-fabien-thibault-3-1240x800.jpg\" alt=\"\" class=\"single_image ws-image-56946\"><div class=\"credits\">F. Thibault<\/div><\/div><p class=\"caption\"><\/p><\/div><\/div>\n<\/div><\/div>\n<\/div>\n<\/div>\n\n<div style=\"height:50px\" aria-hidden=\"true\" class=\"wp-block-spacer\"><\/div>\n\n<div class=\"wp-block-ws-library-ws-gallery ws-gallery alignfull\"><div class=\"group-content\"><div class=\"field-title\">Op menselijke schaal<\/div><\/div><div class=\"list-images\"><div class=\"item item-media scroll-detect\" data-end-offset=\"30%\"><a href=\"https:\/\/www.hautes-alpes.net\/wp-content\/uploads\/2025\/12\/vttae-e-te-endhurobike-ot-champsaur-valgaudemar102025-5.jpg\" class=\"item-media__link init-lightbox\" data-glightbox=\"ws-gallery\" data-gallery=\"ws-gallery\" data-title=\"\"><img loading=\"lazy\" decoding=\"async\" width=\"1024\" height=\"683\" src=\"https:\/\/www.hautes-alpes.net\/wp-content\/uploads\/2025\/12\/vttae-e-te-endhurobike-ot-champsaur-valgaudemar102025-5-1024x683.jpg\" alt=\"\" class=\"ws-image wp-image-142618\" srcset=\"https:\/\/www.hautes-alpes.net\/wp-content\/uploads\/2025\/12\/vttae-e-te-endhurobike-ot-champsaur-valgaudemar102025-5-1024x683.jpg 1024w, https:\/\/www.hautes-alpes.net\/wp-content\/uploads\/2025\/12\/vttae-e-te-endhurobike-ot-champsaur-valgaudemar102025-5-300x200.jpg 300w, https:\/\/www.hautes-alpes.net\/wp-content\/uploads\/2025\/12\/vttae-e-te-endhurobike-ot-champsaur-valgaudemar102025-5-768x512.jpg 768w, https:\/\/www.hautes-alpes.net\/wp-content\/uploads\/2025\/12\/vttae-e-te-endhurobike-ot-champsaur-valgaudemar102025-5-1536x1024.jpg 1536w, https:\/\/www.hautes-alpes.net\/wp-content\/uploads\/2025\/12\/vttae-e-te-endhurobike-ot-champsaur-valgaudemar102025-5-480x320.jpg 480w, https:\/\/www.hautes-alpes.net\/wp-content\/uploads\/2025\/12\/vttae-e-te-endhurobike-ot-champsaur-valgaudemar102025-5-960x640.jpg 960w, https:\/\/www.hautes-alpes.net\/wp-content\/uploads\/2025\/12\/vttae-e-te-endhurobike-ot-champsaur-valgaudemar102025-5-660x440.jpg 660w, https:\/\/www.hautes-alpes.net\/wp-content\/uploads\/2025\/12\/vttae-e-te-endhurobike-ot-champsaur-valgaudemar102025-5-525x350.jpg 525w, https:\/\/www.hautes-alpes.net\/wp-content\/uploads\/2025\/12\/vttae-e-te-endhurobike-ot-champsaur-valgaudemar102025-5-930x620.jpg 930w, https:\/\/www.hautes-alpes.net\/wp-content\/uploads\/2025\/12\/vttae-e-te-endhurobike-ot-champsaur-valgaudemar102025-5.jpg 1600w\" sizes=\"auto, (max-width: 1024px) 100vw, 1024px\" \/><\/a><\/div><div class=\"item item-media scroll-detect\" data-end-offset=\"30%\"><a href=\"https:\/\/www.hautes-alpes.net\/wp-content\/uploads\/2025\/12\/plan-d-eau-du-champsaur-cedric-tempier-2.jpg\" class=\"item-media__link init-lightbox\" data-glightbox=\"ws-gallery\" data-gallery=\"ws-gallery\" data-title=\"\"><img loading=\"lazy\" decoding=\"async\" width=\"1024\" height=\"677\" src=\"https:\/\/www.hautes-alpes.net\/wp-content\/uploads\/2025\/12\/plan-d-eau-du-champsaur-cedric-tempier-2-1024x677.jpg\" alt=\"\" class=\"ws-image wp-image-142616\" srcset=\"https:\/\/www.hautes-alpes.net\/wp-content\/uploads\/2025\/12\/plan-d-eau-du-champsaur-cedric-tempier-2-1024x677.jpg 1024w, https:\/\/www.hautes-alpes.net\/wp-content\/uploads\/2025\/12\/plan-d-eau-du-champsaur-cedric-tempier-2-300x198.jpg 300w, https:\/\/www.hautes-alpes.net\/wp-content\/uploads\/2025\/12\/plan-d-eau-du-champsaur-cedric-tempier-2-768x508.jpg 768w, https:\/\/www.hautes-alpes.net\/wp-content\/uploads\/2025\/12\/plan-d-eau-du-champsaur-cedric-tempier-2-1536x1016.jpg 1536w, https:\/\/www.hautes-alpes.net\/wp-content\/uploads\/2025\/12\/plan-d-eau-du-champsaur-cedric-tempier-2-480x317.jpg 480w, https:\/\/www.hautes-alpes.net\/wp-content\/uploads\/2025\/12\/plan-d-eau-du-champsaur-cedric-tempier-2-960x635.jpg 960w, https:\/\/www.hautes-alpes.net\/wp-content\/uploads\/2025\/12\/plan-d-eau-du-champsaur-cedric-tempier-2-938x620.jpg 938w, https:\/\/www.hautes-alpes.net\/wp-content\/uploads\/2025\/12\/plan-d-eau-du-champsaur-cedric-tempier-2-968x640.jpg 968w, https:\/\/www.hautes-alpes.net\/wp-content\/uploads\/2025\/12\/plan-d-eau-du-champsaur-cedric-tempier-2.jpg 1600w\" sizes=\"auto, (max-width: 1024px) 100vw, 1024px\" \/><\/a><\/div><div class=\"item item-media scroll-detect\" data-end-offset=\"30%\"><a href=\"https:\/\/www.hautes-alpes.net\/wp-content\/uploads\/2025\/11\/saint-leger-les-melezes-hiver-anais-joly032025-3-1.jpg\" class=\"item-media__link init-lightbox\" data-glightbox=\"ws-gallery\" data-gallery=\"ws-gallery\" data-title=\"\"><img loading=\"lazy\" decoding=\"async\" width=\"1024\" height=\"768\" src=\"https:\/\/www.hautes-alpes.net\/wp-content\/uploads\/2025\/11\/saint-leger-les-melezes-hiver-anais-joly032025-3-1-1024x768.jpg\" alt=\"\" class=\"ws-image wp-image-57035\" srcset=\"https:\/\/www.hautes-alpes.net\/wp-content\/uploads\/2025\/11\/saint-leger-les-melezes-hiver-anais-joly032025-3-1-1024x768.jpg 1024w, https:\/\/www.hautes-alpes.net\/wp-content\/uploads\/2025\/11\/saint-leger-les-melezes-hiver-anais-joly032025-3-1-300x225.jpg 300w, https:\/\/www.hautes-alpes.net\/wp-content\/uploads\/2025\/11\/saint-leger-les-melezes-hiver-anais-joly032025-3-1-768x576.jpg 768w, https:\/\/www.hautes-alpes.net\/wp-content\/uploads\/2025\/11\/saint-leger-les-melezes-hiver-anais-joly032025-3-1-1536x1152.jpg 1536w, https:\/\/www.hautes-alpes.net\/wp-content\/uploads\/2025\/11\/saint-leger-les-melezes-hiver-anais-joly032025-3-1-2048x1536.jpg 2048w, https:\/\/www.hautes-alpes.net\/wp-content\/uploads\/2025\/11\/saint-leger-les-melezes-hiver-anais-joly032025-3-1-480x360.jpg 480w, https:\/\/www.hautes-alpes.net\/wp-content\/uploads\/2025\/11\/saint-leger-les-melezes-hiver-anais-joly032025-3-1-853x640.jpg 853w, https:\/\/www.hautes-alpes.net\/wp-content\/uploads\/2025\/11\/saint-leger-les-melezes-hiver-anais-joly032025-3-1-826x620.jpg 826w\" sizes=\"auto, (max-width: 1024px) 100vw, 1024px\" \/><\/a><\/div><div class=\"item item-media scroll-detect\" data-end-offset=\"30%\"><a href=\"https:\/\/www.hautes-alpes.net\/wp-content\/uploads\/2025\/12\/girls-trip-ancelle-e-te-anai-s-joly072024-1.jpg\" class=\"item-media__link init-lightbox\" data-glightbox=\"ws-gallery\" data-gallery=\"ws-gallery\" data-title=\"\"><img loading=\"lazy\" decoding=\"async\" width=\"768\" height=\"1024\" src=\"https:\/\/www.hautes-alpes.net\/wp-content\/uploads\/2025\/12\/girls-trip-ancelle-e-te-anai-s-joly072024-1-768x1024.jpg\" alt=\"\" class=\"ws-image wp-image-142617\" srcset=\"https:\/\/www.hautes-alpes.net\/wp-content\/uploads\/2025\/12\/girls-trip-ancelle-e-te-anai-s-joly072024-1-768x1024.jpg 768w, https:\/\/www.hautes-alpes.net\/wp-content\/uploads\/2025\/12\/girls-trip-ancelle-e-te-anai-s-joly072024-1-225x300.jpg 225w, https:\/\/www.hautes-alpes.net\/wp-content\/uploads\/2025\/12\/girls-trip-ancelle-e-te-anai-s-joly072024-1-1152x1536.jpg 1152w, https:\/\/www.hautes-alpes.net\/wp-content\/uploads\/2025\/12\/girls-trip-ancelle-e-te-anai-s-joly072024-1-480x640.jpg 480w, https:\/\/www.hautes-alpes.net\/wp-content\/uploads\/2025\/12\/girls-trip-ancelle-e-te-anai-s-joly072024-1-465x620.jpg 465w, https:\/\/www.hautes-alpes.net\/wp-content\/uploads\/2025\/12\/girls-trip-ancelle-e-te-anai-s-joly072024-1.jpg 1200w\" sizes=\"auto, (max-width: 768px) 100vw, 768px\" \/><\/a><\/div><div class=\"item item-media scroll-detect\" data-end-offset=\"30%\"><a href=\"https:\/\/www.hautes-alpes.net\/wp-content\/uploads\/2025\/12\/bouquetins-cedric-tempier-12.jpg\" class=\"item-media__link init-lightbox\" data-glightbox=\"ws-gallery\" data-gallery=\"ws-gallery\" data-title=\"\"><img loading=\"lazy\" decoding=\"async\" width=\"1024\" height=\"820\" src=\"https:\/\/www.hautes-alpes.net\/wp-content\/uploads\/2025\/12\/bouquetins-cedric-tempier-12-1024x820.jpg\" alt=\"\" class=\"ws-image wp-image-142615\" srcset=\"https:\/\/www.hautes-alpes.net\/wp-content\/uploads\/2025\/12\/bouquetins-cedric-tempier-12-1024x820.jpg 1024w, https:\/\/www.hautes-alpes.net\/wp-content\/uploads\/2025\/12\/bouquetins-cedric-tempier-12-300x240.jpg 300w, https:\/\/www.hautes-alpes.net\/wp-content\/uploads\/2025\/12\/bouquetins-cedric-tempier-12-768x615.jpg 768w, https:\/\/www.hautes-alpes.net\/wp-content\/uploads\/2025\/12\/bouquetins-cedric-tempier-12-1536x1231.jpg 1536w, https:\/\/www.hautes-alpes.net\/wp-content\/uploads\/2025\/12\/bouquetins-cedric-tempier-12-480x385.jpg 480w, https:\/\/www.hautes-alpes.net\/wp-content\/uploads\/2025\/12\/bouquetins-cedric-tempier-12-799x640.jpg 799w, https:\/\/www.hautes-alpes.net\/wp-content\/uploads\/2025\/12\/bouquetins-cedric-tempier-12-774x620.jpg 774w, https:\/\/www.hautes-alpes.net\/wp-content\/uploads\/2025\/12\/bouquetins-cedric-tempier-12.jpg 1600w\" sizes=\"auto, (max-width: 1024px) 100vw, 1024px\" \/><\/a><\/div><\/div><\/div>\n\n<div style=\"height:50px\" aria-hidden=\"true\" class=\"wp-block-spacer\"><\/div>\n\n<h2 class=\"wp-block-heading is-style-title-1\">Hoogtepunten van <strong>Champsaur<\/strong> <strong>Valgaudemar<\/strong><\/h2>\n\n<div class=\"wp-block-group alignwide list-nodetails is-content-justification-center is-layout-flex wp-container-core-group-is-layout-94ea2d6b wp-block-group-is-layout-flex\">\n<div class=\"wp-block-group has-global-padding is-layout-constrained wp-block-group-is-layout-constrained\">\n<div class=\"wp-block-ws-library-ws-image is-style-simple\"><div class=\"wrapper\"><div class=\"group-media\"><img decoding=\"async\" src=\"https:\/\/www.hautes-alpes.net\/wp-content\/uploads\/2026\/04\/sud-raid-adventure-race-a1-world-cup-2025-323-1240x800.jpg\" alt=\"\" class=\"single_image ws-image-492844\"><div class=\"credits\"><\/div><\/div><p class=\"caption\"><\/p><\/div><\/div>\n\n\n\n<h3 class=\"wp-block-heading\"><em>MTB<br\/><\/em>Sud Raid Beker<\/h3>\n\n\n\n<p>In het hart van de Champsaur, in Ancelle, zorgt de Sud Raid Cup voor een stroomversnelling in de Hautes-Alpes. Trail running, mountainbiken en ori\u00ebntatielopen vormen samen deze veeleisende maar vriendelijke natuurtocht, waar adrenalinejunkies en enthousiastelingen het tegen elkaar opnemen in alpenbossen, adembenemende panorama&#8217;s en teamgeest. <\/p>\n<\/div>\n\n\n\n<div class=\"wp-block-group has-global-padding is-layout-constrained wp-block-group-is-layout-constrained\">\n<div class=\"wp-block-ws-library-ws-image is-style-simple\"><div class=\"wrapper\"><div class=\"group-media\"><img decoding=\"async\" src=\"https:\/\/www.hautes-alpes.net\/wp-content\/uploads\/2026\/04\/sv-champsaur-festival-brasseurs-1240x800.jpg\" alt=\"\" class=\"single_image ws-image-492850\"><div class=\"credits\"><\/div><\/div><p class=\"caption\"><\/p><\/div><\/div>\n\n\n\n<h3 class=\"wp-block-heading\"><em>Lokale producten en gastronomieBrouwersfestival<\/em><\/h3>\n\n\n\n<p>In Ancelle, in de Hautes-Alpes, barst het Festival des Brasseurs van de energie: een handvol lokale en Alpine ambachtelijke brouwerijen, concerten en street food. Een gezellig evenement ter ere van hop, korte toeleveringsketens en de geest van de bergen. <\/p>\n<\/div>\n<\/div>\n\n<div style=\"height:50px\" aria-hidden=\"true\" class=\"wp-block-spacer\"><\/div>\n\n<div class=\"wp-block-group has-global-padding is-layout-constrained wp-block-group-is-layout-constrained\">\n<p>Advies nodig?<\/p>\n\n\n\n<h2 class=\"wp-block-heading\">Het toeristenbureau,<br\/><strong>uw plaatselijke bondgenoot<\/strong><\/h2>\n\n\n\n<p><strong>Goede tips, idee\u00ebn voor activiteiten, persoonlijk advies: <\/strong>aarzel niet om <strong>de teams<\/strong> van het Office du Tourisme te ontmoeten of contact met ze op te nemen om het beste uit je bestemming te halen.<\/p>\n\n\n\n<div class=\"wp-block-group has-global-padding is-layout-constrained wp-block-group-is-layout-constrained\">\n<h3 class=\"wp-block-heading\">Champsaur Valgaudemar<\/h3>\n\n\n\n<p>11 Rte de Grenoble, 05500 La Fare-en-Champsaur<\/p>\n<\/div>\n\n\n\n<div class=\"wp-block-group has-global-padding is-layout-constrained wp-block-group-is-layout-constrained\">\n<p><a href=\"tel:+33492490935\">04 92 49 09 35<\/a><\/p>\n\n\n\n<div class=\"wp-block-buttons is-layout-flex wp-block-buttons-is-layout-flex\">\n<div class=\"wp-block-button is-style-fill is-style-default\"><a class=\"wp-block-button__link wp-element-button\" href=\"http:\/\/www.champsaur-valgaudemar.com\">Kantoor website<\/a><\/div>\n<\/div>\n<\/div>\n<\/div>\n\n<div style=\"height:50px\" aria-hidden=\"true\" class=\"wp-block-spacer\"><\/div>\n\n<hr class=\"wp-block-separator has-alpha-channel-opacity is-style-default\"\/>\n\n<h2 class=\"wp-block-heading is-style-title-1\"><strong>Zie ook<\/strong><\/h2>\n\n<div class=\"wp-block-group alignwide list-nodetails is-content-justification-center is-layout-flex wp-container-core-group-is-layout-94ea2d6b wp-block-group-is-layout-flex\">\n<div class=\"wp-block-group has-global-padding is-layout-constrained wp-block-group-is-layout-constrained\">\n<div class=\"wp-block-ws-library-ws-image is-style-simple\"><div class=\"wrapper\"><div class=\"group-media\"><img decoding=\"async\" src=\"https:\/\/www.hautes-alpes.net\/wp-content\/uploads\/2025\/11\/lac-lauzon7-1240x800.jpg\" alt=\"\" class=\"single_image ws-image-52078\"><div class=\"credits\">T. Blais<\/div><\/div><p class=\"caption\">Meer Lauzon<\/p><\/div><\/div>\n\n\n\n<h3 class=\"wp-block-heading is-style-title-2\"><em>Bestemmingen<br\/><\/em>Champsaur Valgaudemar<\/h3>\n\n\n\n<div class=\"wp-block-buttons is-layout-flex wp-block-buttons-is-layout-flex\">\n<div class=\"wp-block-button\"><a class=\"wp-block-button__link wp-element-button\" href=\"https:\/\/www.hautes-alpes.net\/nl\/bestemmingen-hautes-alpes\/champsaur-valgaudemar\/\">Zie<\/a><\/div>\n<\/div>\n<\/div>\n\n\n\n<div class=\"wp-block-group has-global-padding is-layout-constrained wp-block-group-is-layout-constrained\">\n<div class=\"wp-block-ws-library-ws-image is-style-simple\"><div class=\"wrapper\"><div class=\"group-media\"><img decoding=\"async\" src=\"https:\/\/www.hautes-alpes.net\/wp-content\/uploads\/2025\/12\/refuge-du-clot-des-vaches-gontran-isnard-addet-05-42-1240x800.jpg\" alt=\"\" class=\"single_image ws-image-101468\"><div class=\"credits\">G. Isnard<\/div><\/div><p class=\"caption\"><\/p><\/div><\/div>\n\n\n\n<h3 class=\"wp-block-heading is-style-title-2\"><em>IconenDe<\/em>grote tafel<\/h3>\n\n\n\n<div class=\"wp-block-buttons is-layout-flex wp-block-buttons-is-layout-flex\">\n<div class=\"wp-block-button\"><a class=\"wp-block-button__link wp-element-button\" href=\"https:\/\/www.hautes-alpes.net\/nl\/iconisch\/de-grote-tafel\/\">Zie<\/a><\/div>\n<\/div>\n<\/div>\n<\/div>\n\n<div class=\"wp-block-ws-library-ws-share\"><span class=\"share-subtitle\">Vond je deze pagina leuk?<\/span><span class=\"share-title\">Deel het!<\/span><button class=\"ws-share-button wp-element-button\">Deel deze pagina<\/button><\/div>\n","protected":false},"excerpt":{"rendered":"<p>Vakantiedorpen in Champsaur Geen bling. In Champsaur, in het hart van de Hautes-Alpes, kun je aan de voet van de [&hellip;]<\/p>\n","protected":false},"author":5,"featured_media":0,"parent":107624,"menu_order":0,"comment_status":"closed","ping_status":"closed","template":"","meta":{"is_dark_mode":false,"footnotes":""},"page_label":[],"class_list":["post-108420","page","type-page","status-publish","hentry"],"yoast_head":"<!-- This site is optimized with the Yoast SEO plugin v27.2 - https:\/\/yoast.com\/product\/yoast-seo-wordpress\/ -->\n<title>Vakantiedorpen in Champsaur - Hautes-Alpes<\/title>\n<meta name=\"description\" content=\"Vakantiedorpen in Champsaur Vakantiedorpen in Champsaur Geen bling. In Champsaur, in het hart van de Hautes-Alpes, kun je aan de voet van de huizen je\" \/>\n<meta name=\"robots\" content=\"index, follow, max-snippet:-1, max-image-preview:large, max-video-preview:-1\" \/>\n<link rel=\"canonical\" href=\"https:\/\/www.hautes-alpes.net\/nl\/bestemmingen-hautes-alpes\/vakantiedorpen-in-champsaur\/\" \/>\n<meta property=\"og:locale\" content=\"nl_NL\" \/>\n<meta property=\"og:type\" content=\"article\" \/>\n<meta property=\"og:title\" content=\"Vakantiedorpen in Champsaur - Hautes-Alpes\" \/>\n<meta property=\"og:description\" content=\"Vakantiedorpen in Champsaur Vakantiedorpen in Champsaur Geen bling. In Champsaur, in het hart van de Hautes-Alpes, kun je aan de voet van de huizen je\" \/>\n<meta property=\"og:url\" content=\"https:\/\/www.hautes-alpes.net\/nl\/bestemmingen-hautes-alpes\/vakantiedorpen-in-champsaur\/\" \/>\n<meta property=\"og:site_name\" content=\"Hautes-Alpes\" \/>\n<meta property=\"article:modified_time\" content=\"2026-04-23T13:13:27+00:00\" \/>\n<meta property=\"og:image\" content=\"https:\/\/www.hautes-alpes.net\/wp-content\/uploads\/2025\/11\/le-cucho-cedric-tempier-15-scaled-2000x1000.jpg\" \/>\n<meta name=\"twitter:card\" content=\"summary_large_image\" \/>\n<meta name=\"twitter:label1\" content=\"Geschatte leestijd\" \/>\n\t<meta name=\"twitter:data1\" content=\"2 minuten\" \/>\n<script type=\"application\/ld+json\" class=\"yoast-schema-graph\">{\"@context\":\"https:\/\/schema.org\",\"@graph\":[{\"@type\":\"WebPage\",\"@id\":\"https:\/\/www.hautes-alpes.net\/nl\/bestemmingen-hautes-alpes\/vakantiedorpen-in-champsaur\/\",\"url\":\"https:\/\/www.hautes-alpes.net\/nl\/bestemmingen-hautes-alpes\/vakantiedorpen-in-champsaur\/\",\"name\":\"Vakantiedorpen in Champsaur - Hautes-Alpes\",\"isPartOf\":{\"@id\":\"https:\/\/www.hautes-alpes.net\/nl\/#website\"},\"primaryImageOfPage\":{\"@id\":\"https:\/\/www.hautes-alpes.net\/nl\/bestemmingen-hautes-alpes\/vakantiedorpen-in-champsaur\/#primaryimage\"},\"image\":{\"@id\":\"https:\/\/www.hautes-alpes.net\/nl\/bestemmingen-hautes-alpes\/vakantiedorpen-in-champsaur\/#primaryimage\"},\"thumbnailUrl\":\"https:\/\/www.hautes-alpes.net\/wp-content\/uploads\/2025\/11\/le-cucho-cedric-tempier-15-scaled-2000x1000.jpg\",\"datePublished\":\"2025-11-19T16:27:57+00:00\",\"dateModified\":\"2026-04-23T13:13:27+00:00\",\"description\":\"Vakantiedorpen in Champsaur Vakantiedorpen in Champsaur Geen bling. In Champsaur, in het hart van de Hautes-Alpes, kun je aan de voet van de huizen je\",\"breadcrumb\":{\"@id\":\"https:\/\/www.hautes-alpes.net\/nl\/bestemmingen-hautes-alpes\/vakantiedorpen-in-champsaur\/#breadcrumb\"},\"inLanguage\":\"nl-NL\",\"potentialAction\":[{\"@type\":\"ReadAction\",\"target\":[\"https:\/\/www.hautes-alpes.net\/nl\/bestemmingen-hautes-alpes\/vakantiedorpen-in-champsaur\/\"]}]},{\"@type\":\"ImageObject\",\"inLanguage\":\"nl-NL\",\"@id\":\"https:\/\/www.hautes-alpes.net\/nl\/bestemmingen-hautes-alpes\/vakantiedorpen-in-champsaur\/#primaryimage\",\"url\":\"https:\/\/www.hautes-alpes.net\/wp-content\/uploads\/2025\/11\/le-cucho-cedric-tempier-15-scaled-2000x1000.jpg\",\"contentUrl\":\"https:\/\/www.hautes-alpes.net\/wp-content\/uploads\/2025\/11\/le-cucho-cedric-tempier-15-scaled-2000x1000.jpg\"},{\"@type\":\"BreadcrumbList\",\"@id\":\"https:\/\/www.hautes-alpes.net\/nl\/bestemmingen-hautes-alpes\/vakantiedorpen-in-champsaur\/#breadcrumb\",\"itemListElement\":[{\"@type\":\"ListItem\",\"position\":1,\"name\":\"Accueil\",\"item\":\"https:\/\/www.hautes-alpes.net\/nl\/hautes-alpes\/\"},{\"@type\":\"ListItem\",\"position\":2,\"name\":\"Bestemmingen - Hautes-Alpes\",\"item\":\"https:\/\/www.hautes-alpes.net\/nl\/bestemmingen-hautes-alpes\/\"},{\"@type\":\"ListItem\",\"position\":3,\"name\":\"Bestemmingen - Hautes-Alpes\",\"item\":\"https:\/\/www.hautes-alpes.net\/nl\/bestemmingen-hautes-alpes\/\"},{\"@type\":\"ListItem\",\"position\":4,\"name\":\"Vakantiedorpen in Champsaur\"}]},{\"@type\":\"WebSite\",\"@id\":\"https:\/\/www.hautes-alpes.net\/nl\/#website\",\"url\":\"https:\/\/www.hautes-alpes.net\/nl\/\",\"name\":\"ADDET\",\"description\":\"\",\"publisher\":{\"@id\":\"https:\/\/www.hautes-alpes.net\/nl\/#organization\"},\"potentialAction\":[{\"@type\":\"SearchAction\",\"target\":{\"@type\":\"EntryPoint\",\"urlTemplate\":\"https:\/\/www.hautes-alpes.net\/nl\/?s={search_term_string}\"},\"query-input\":{\"@type\":\"PropertyValueSpecification\",\"valueRequired\":true,\"valueName\":\"search_term_string\"}}],\"inLanguage\":\"nl-NL\"},{\"@type\":\"Organization\",\"@id\":\"https:\/\/www.hautes-alpes.net\/nl\/#organization\",\"name\":\"Agence D\u00e9partementale de D\u00e9veloppement Economique et Touristique des Hautes-Alpes\",\"url\":\"https:\/\/www.hautes-alpes.net\/nl\/\",\"logo\":{\"@type\":\"ImageObject\",\"inLanguage\":\"nl-NL\",\"@id\":\"https:\/\/www.hautes-alpes.net\/nl\/#\/schema\/logo\/image\/\",\"url\":\"https:\/\/www.hautes-alpes.net\/wp-content\/uploads\/2026\/01\/black-logo-2.svg\",\"contentUrl\":\"https:\/\/www.hautes-alpes.net\/wp-content\/uploads\/2026\/01\/black-logo-2.svg\",\"caption\":\"Agence D\u00e9partementale de D\u00e9veloppement Economique et Touristique des Hautes-Alpes\"},\"image\":{\"@id\":\"https:\/\/www.hautes-alpes.net\/nl\/#\/schema\/logo\/image\/\"}}]}<\/script>\n<!-- \/ Yoast SEO plugin. -->","yoast_head_json":{"title":"Vakantiedorpen in Champsaur - Hautes-Alpes","description":"Vakantiedorpen in Champsaur Vakantiedorpen in Champsaur Geen bling. In Champsaur, in het hart van de Hautes-Alpes, kun je aan de voet van de huizen je","robots":{"index":"index","follow":"follow","max-snippet":"max-snippet:-1","max-image-preview":"max-image-preview:large","max-video-preview":"max-video-preview:-1"},"canonical":"https:\/\/www.hautes-alpes.net\/nl\/bestemmingen-hautes-alpes\/vakantiedorpen-in-champsaur\/","og_locale":"nl_NL","og_type":"article","og_title":"Vakantiedorpen in Champsaur - Hautes-Alpes","og_description":"Vakantiedorpen in Champsaur Vakantiedorpen in Champsaur Geen bling. In Champsaur, in het hart van de Hautes-Alpes, kun je aan de voet van de huizen je","og_url":"https:\/\/www.hautes-alpes.net\/nl\/bestemmingen-hautes-alpes\/vakantiedorpen-in-champsaur\/","og_site_name":"Hautes-Alpes","article_modified_time":"2026-04-23T13:13:27+00:00","og_image":[{"url":"https:\/\/www.hautes-alpes.net\/wp-content\/uploads\/2025\/11\/le-cucho-cedric-tempier-15-scaled-2000x1000.jpg","type":"","width":"","height":""}],"twitter_card":"summary_large_image","twitter_misc":{"Geschatte leestijd":"2 minuten"},"schema":{"@context":"https:\/\/schema.org","@graph":[{"@type":"WebPage","@id":"https:\/\/www.hautes-alpes.net\/nl\/bestemmingen-hautes-alpes\/vakantiedorpen-in-champsaur\/","url":"https:\/\/www.hautes-alpes.net\/nl\/bestemmingen-hautes-alpes\/vakantiedorpen-in-champsaur\/","name":"Vakantiedorpen in Champsaur - Hautes-Alpes","isPartOf":{"@id":"https:\/\/www.hautes-alpes.net\/nl\/#website"},"primaryImageOfPage":{"@id":"https:\/\/www.hautes-alpes.net\/nl\/bestemmingen-hautes-alpes\/vakantiedorpen-in-champsaur\/#primaryimage"},"image":{"@id":"https:\/\/www.hautes-alpes.net\/nl\/bestemmingen-hautes-alpes\/vakantiedorpen-in-champsaur\/#primaryimage"},"thumbnailUrl":"https:\/\/www.hautes-alpes.net\/wp-content\/uploads\/2025\/11\/le-cucho-cedric-tempier-15-scaled-2000x1000.jpg","datePublished":"2025-11-19T16:27:57+00:00","dateModified":"2026-04-23T13:13:27+00:00","description":"Vakantiedorpen in Champsaur Vakantiedorpen in Champsaur Geen bling. In Champsaur, in het hart van de Hautes-Alpes, kun je aan de voet van de huizen je","breadcrumb":{"@id":"https:\/\/www.hautes-alpes.net\/nl\/bestemmingen-hautes-alpes\/vakantiedorpen-in-champsaur\/#breadcrumb"},"inLanguage":"nl-NL","potentialAction":[{"@type":"ReadAction","target":["https:\/\/www.hautes-alpes.net\/nl\/bestemmingen-hautes-alpes\/vakantiedorpen-in-champsaur\/"]}]},{"@type":"ImageObject","inLanguage":"nl-NL","@id":"https:\/\/www.hautes-alpes.net\/nl\/bestemmingen-hautes-alpes\/vakantiedorpen-in-champsaur\/#primaryimage","url":"https:\/\/www.hautes-alpes.net\/wp-content\/uploads\/2025\/11\/le-cucho-cedric-tempier-15-scaled-2000x1000.jpg","contentUrl":"https:\/\/www.hautes-alpes.net\/wp-content\/uploads\/2025\/11\/le-cucho-cedric-tempier-15-scaled-2000x1000.jpg"},{"@type":"BreadcrumbList","@id":"https:\/\/www.hautes-alpes.net\/nl\/bestemmingen-hautes-alpes\/vakantiedorpen-in-champsaur\/#breadcrumb","itemListElement":[{"@type":"ListItem","position":1,"name":"Accueil","item":"https:\/\/www.hautes-alpes.net\/nl\/hautes-alpes\/"},{"@type":"ListItem","position":2,"name":"Bestemmingen - Hautes-Alpes","item":"https:\/\/www.hautes-alpes.net\/nl\/bestemmingen-hautes-alpes\/"},{"@type":"ListItem","position":3,"name":"Bestemmingen - Hautes-Alpes","item":"https:\/\/www.hautes-alpes.net\/nl\/bestemmingen-hautes-alpes\/"},{"@type":"ListItem","position":4,"name":"Vakantiedorpen in Champsaur"}]},{"@type":"WebSite","@id":"https:\/\/www.hautes-alpes.net\/nl\/#website","url":"https:\/\/www.hautes-alpes.net\/nl\/","name":"ADDET","description":"","publisher":{"@id":"https:\/\/www.hautes-alpes.net\/nl\/#organization"},"potentialAction":[{"@type":"SearchAction","target":{"@type":"EntryPoint","urlTemplate":"https:\/\/www.hautes-alpes.net\/nl\/?s={search_term_string}"},"query-input":{"@type":"PropertyValueSpecification","valueRequired":true,"valueName":"search_term_string"}}],"inLanguage":"nl-NL"},{"@type":"Organization","@id":"https:\/\/www.hautes-alpes.net\/nl\/#organization","name":"Agence D\u00e9partementale de D\u00e9veloppement Economique et Touristique des Hautes-Alpes","url":"https:\/\/www.hautes-alpes.net\/nl\/","logo":{"@type":"ImageObject","inLanguage":"nl-NL","@id":"https:\/\/www.hautes-alpes.net\/nl\/#\/schema\/logo\/image\/","url":"https:\/\/www.hautes-alpes.net\/wp-content\/uploads\/2026\/01\/black-logo-2.svg","contentUrl":"https:\/\/www.hautes-alpes.net\/wp-content\/uploads\/2026\/01\/black-logo-2.svg","caption":"Agence D\u00e9partementale de D\u00e9veloppement Economique et Touristique des Hautes-Alpes"},"image":{"@id":"https:\/\/www.hautes-alpes.net\/nl\/#\/schema\/logo\/image\/"}}]}},"_links":{"self":[{"href":"https:\/\/www.hautes-alpes.net\/nl\/wp-json\/wp\/v2\/pages\/108420","targetHints":{"allow":["GET"]}}],"collection":[{"href":"https:\/\/www.hautes-alpes.net\/nl\/wp-json\/wp\/v2\/pages"}],"about":[{"href":"https:\/\/www.hautes-alpes.net\/nl\/wp-json\/wp\/v2\/types\/page"}],"author":[{"embeddable":true,"href":"https:\/\/www.hautes-alpes.net\/nl\/wp-json\/wp\/v2\/users\/5"}],"replies":[{"embeddable":true,"href":"https:\/\/www.hautes-alpes.net\/nl\/wp-json\/wp\/v2\/comments?post=108420"}],"version-history":[{"count":10,"href":"https:\/\/www.hautes-alpes.net\/nl\/wp-json\/wp\/v2\/pages\/108420\/revisions"}],"predecessor-version":[{"id":492871,"href":"https:\/\/www.hautes-alpes.net\/nl\/wp-json\/wp\/v2\/pages\/108420\/revisions\/492871"}],"up":[{"embeddable":true,"href":"https:\/\/www.hautes-alpes.net\/nl\/wp-json\/wp\/v2\/pages\/107624"}],"wp:attachment":[{"href":"https:\/\/www.hautes-alpes.net\/nl\/wp-json\/wp\/v2\/media?parent=108420"}],"wp:term":[{"taxonomy":"page_label","embeddable":true,"href":"https:\/\/www.hautes-alpes.net\/nl\/wp-json\/wp\/v2\/page_label?post=108420"}],"curies":[{"name":"wp","href":"https:\/\/api.w.org\/{rel}","templated":true}]}}