{"id":108208,"date":"2025-10-02T11:35:28","date_gmt":"2025-10-02T09:35:28","guid":{"rendered":"https:\/\/www.hautes-alpes.net\/hautes-alpes\/"},"modified":"2026-04-28T16:02:53","modified_gmt":"2026-04-28T14:02:53","slug":"hautes-alpes","status":"publish","type":"page","link":"https:\/\/www.hautes-alpes.net\/nl\/","title":{"rendered":"Hautes-Alpes"},"content":{"rendered":"\n<div class=\"wp-block-ws-library-ws-header-principal alignfull\"><div class=\"header-container\"><div class=\"group-media has-video\"><video class=\"field-video\" autoplay muted loop playsinline><source src=\"https:\/\/www.hautes-alpes.net\/wp-content\/uploads\/2025\/12\/web-media-logo-pure-alpes-1-ligne.mp4\" type=\"video\/mp4\" media=\"(min-width: 768px)\"\/><source src=\"https:\/\/www.hautes-alpes.net\/wp-content\/uploads\/2025\/10\/logo-pure-alpes-2-lignes.mp4\" type=\"video\/mp4\" media=\"(max-width: 767px)\"\/><\/video><\/div><div class=\"group-content\"><div class=\"inner-content\"><h1 class=\"field-title\">Hautes-Alpes<\/h1><div class=\"field-list\">\n<ul class=\"wp-block-list\">\n<li>in de Alpenboog<\/li>\n\n\n\n<li>s werelds mooiste plekjes in de buitenlucht<\/li>\n\n\n\n<li>Frankrijks grootste biologische afdeling<\/li>\n\n\n\n<li>pioniers in hernieuwbare energie<\/li>\n\n\n\n<li>Olympische locatie in 2030<\/li>\n<\/ul>\n<\/div><\/div><\/div><div class=\"scroll\"><div class=\"link-godown\">Scroll<\/div><\/div><\/div><\/div>\n\n<h2 class=\"wp-block-heading alignwide is-style-title-1\">IN DE <span class=\"text-highlight\"><strong>HEADLINE<\/strong><\/span><\/h2>\n<div class=\"alignwide wp-block-ws-library-ws-current-date\"><span class=\"ws-current-date__day\">Donderdag<\/span><span class=\"ws-current-date__date\">30<\/span><span class=\"ws-current-date__month\">april<\/span><\/div>\n<div class=\"wp-block-ws-library-scrollable-section ws-section-scrollable alignfull\"><div class=\"scrollable-item\"><div class=\"group-content\"><div class=\"wrapper\"><h3 class=\"field-title\">Astronomie<\/h3><div class=\"field-intro\"><p>De Pic de Bure radioastronomie observatorium<br>opent voor het publiek<\/p><\/div><\/div><\/div><div class=\"group-innerblocks\"><div class=\"group-media\"><div class=\"field-image\"><img decoding=\"async\" src=\"https:\/\/www.hautes-alpes.net\/wp-content\/uploads\/2026\/04\/plateau-de-bure-gontran-isnard-gontranid-1-1140x620.jpg\" alt=\"\"\/><\/div><div class=\"credits\"><\/div><\/div>\n<div class=\"section-wrapper\"><div class=\"wp-block-ws-library-scrollable-section-item ws-section-scrollable-item\">\n<p>Deze zomer biedt het radioastronomisch observatorium Pic de Bure in D\u00e9voluy uitzonderlijke rondleidingen met kabelbaan. Een unieke ervaring op 2.552 meter hoogte, in het hart van een van de meest geavanceerde wetenschappelijke locaties ter wereld. <\/p>\n<\/div><\/div>\n\n\n\n<div class=\"section-wrapper\"><div class=\"wp-block-ws-library-scrollable-section-item ws-section-scrollable-item\">\n<div class=\"wp-block-ws-library-ws-image\"><div class=\"wrapper\"><div class=\"group-media\"><img decoding=\"async\" src=\"https:\/\/www.hautes-alpes.net\/wp-content\/uploads\/2026\/04\/plateau-de-bure-gontran-isnard-gontranid-6-1240x800.jpg\" alt=\"\" class=\"single_image ws-image-485543\"><div class=\"credits\"><\/div><\/div><p class=\"caption\"><\/p><\/div><\/div>\n<\/div><\/div>\n\n\n\n<div class=\"section-wrapper\"><div class=\"wp-block-ws-library-scrollable-section-item ws-section-scrollable-item is-style-bg-grey\">\n<p>Het<strong>NOEMA observatorium<\/strong> opent zijn deuren voor het publiek met meeslepende rondleidingen, waaronder een kabelbaanrit naar het observatorium, een rondleiding langs de <strong>10<\/strong> <strong>monumentale antennes<\/strong> en een ontmoeting met de bemiddelaars van<strong>IRAM<\/strong> (Institut de Radioastronomie Millim\u00e9trique). Deze rondleidingen, die tot eind oktober om de vrijdag worden gegeven, zijn voor kleine groepen en moeten van tevoren worden geboekt. <\/p>\n<\/div><\/div>\n\n\n\n<div class=\"section-wrapper\"><div class=\"wp-block-ws-library-scrollable-section-item ws-section-scrollable-item\">\n<div class=\"wp-block-ws-library-ws-image\"><div class=\"wrapper\"><div class=\"group-media\"><img decoding=\"async\" src=\"https:\/\/www.hautes-alpes.net\/wp-content\/uploads\/2026\/04\/20072020-th-5014-1240x800.jpg\" alt=\"\" class=\"single_image ws-image-485546\"><div class=\"credits\"><\/div><\/div><p class=\"caption\"><\/p><\/div><\/div>\n<\/div><\/div>\n<\/div><\/div><\/div>\n\n<div class=\"wp-block-ws-library-scrollable-section ws-section-scrollable alignfull\"><div class=\"scrollable-item\"><div class=\"group-content\"><div class=\"wrapper\"><h3 class=\"field-title\"><strong>Het veld van Ollivier <\/strong><br><strong>en de haan<\/strong><\/h3><div class=\"field-intro\"><p>Nieuw pluimveebedrijf<\/p><\/div><\/div><\/div><div class=\"group-innerblocks\"><div class=\"group-media\"><div class=\"field-image\"><img decoding=\"async\" src=\"https:\/\/www.hautes-alpes.net\/wp-content\/uploads\/2026\/04\/inauguration-cindy-ollivier-cedric-tempier-37-e1776687379213-1140x620.jpg\" alt=\"\"\/><\/div><div class=\"credits\"><\/div><\/div>\n<div class=\"section-wrapper\"><div class=\"wp-block-ws-library-scrollable-section-item ws-section-scrollable-item is-style-default\">\n<p>De GAEC <strong>Le Champ des Ollivier<\/strong> opent haar pluimveebedrijf en tilt haar activiteiten naar een hoger niveau. Het bedrijf is gespecialiseerd in de pluimveehouderij en beschikt over meer dan 300 ooien, waarvan een groot deel het label <strong>&#8221;Agneaux de Sisteron&#8221;<\/strong> draagt, een garantie voor kwaliteit en lokale wortels. De boerderij strekt zich uit over 62 hectare in Aubessagne.  <\/p>\n<\/div><\/div>\n\n\n\n<div class=\"section-wrapper\"><div class=\"wp-block-ws-library-scrollable-section-item ws-section-scrollable-item\">\n<div class=\"wp-block-ws-library-ws-image\"><div class=\"wrapper\"><div class=\"group-media\"><img decoding=\"async\" src=\"https:\/\/www.hautes-alpes.net\/wp-content\/uploads\/2026\/04\/inauguration-cindy-ollivier-cedric-tempier-3-960x640.jpg\" alt=\"\" class=\"single_image ws-image-486067\"><div class=\"credits\">C\u00e9dric TEMPIER<\/div><\/div><p class=\"caption\"><\/p><\/div><\/div>\n<\/div><\/div>\n\n\n\n<div class=\"section-wrapper\"><div class=\"wp-block-ws-library-scrollable-section-item ws-section-scrollable-item\">\n<p>Het hart van deze openingsdag was de vleeskuikenwerkplaats, met een jaarlijkse productie van 8.000 dieren verdeeld over vijf kippenhokken van 200 m\u00b2. Deze productie wordt ter plekke opgefokt, geslacht, versneden en bereid en wordt via korte distributiekanalen op de markt gebracht, met name aan schoolcateraars in de regio <strong>Champsaur<\/strong>. <\/p>\n<\/div><\/div>\n\n\n\n<div class=\"section-wrapper\"><div class=\"wp-block-ws-library-scrollable-section-item ws-section-scrollable-item\">\n<div class=\"wp-block-ws-library-ws-image\"><div class=\"wrapper\"><div class=\"group-media\"><img decoding=\"async\" src=\"https:\/\/www.hautes-alpes.net\/wp-content\/uploads\/2026\/04\/inauguration-cindy-ollivier-cedric-tempier-43-960x640.jpg\" alt=\"\" class=\"single_image ws-image-486100\"><div class=\"credits\">C\u00e9dric TEMPIER<\/div><\/div><p class=\"caption\"><\/p><\/div><\/div>\n<\/div><\/div>\n\n\n\n<div class=\"section-wrapper\"><div class=\"wp-block-ws-library-scrollable-section-item ws-section-scrollable-item\">\n<p>De GAEC is gebaseerd op een gediversifieerd en complementair systeem en onderscheidt zich door de controle over de hele productieketen, een model dat de veranderingen en ambities illustreert van de lokale landbouw die gericht is op kwaliteit en nabijheid.<\/p>\n<\/div><\/div>\n\n\n\n<div class=\"section-wrapper\"><div class=\"wp-block-ws-library-scrollable-section-item ws-section-scrollable-item\">\n<div class=\"wp-block-ws-library-ws-image\"><div class=\"wrapper\"><div class=\"group-media\"><img decoding=\"async\" src=\"https:\/\/www.hautes-alpes.net\/wp-content\/uploads\/2026\/04\/inauguration-cindy-ollivier-cedric-tempier-53-1240x800.jpg\" alt=\"\" class=\"single_image ws-image-486068\"><div class=\"credits\">C\u00e9dric TEMPIER<\/div><\/div><p class=\"caption\"><\/p><\/div><\/div>\n<\/div><\/div>\n<div class=\"field-link\"><a href=\"https:\/\/www.hautes-alpes.net\/filieres-economiques\/pat\/\" class=\"cardlink\">Voir la page<\/a><\/div><\/div><\/div><\/div>\n\n<div class=\"wp-block-ws-library-scrollable-section ws-section-scrollable alignfull\"><div class=\"scrollable-item\"><div class=\"group-content\"><div class=\"wrapper\"><h3 class=\"field-title\">De <strong>Montagnard van de Alpen<\/strong><\/h3><div class=\"field-intro\"><p>Inwijding van een nieuwe snijzaal in Gap<\/p><\/div><\/div><\/div><div class=\"group-innerblocks\"><div class=\"group-media\"><div class=\"field-image\"><img decoding=\"async\" src=\"https:\/\/www.hautes-alpes.net\/wp-content\/uploads\/2026\/04\/inauguration-le-montagnard-des-alpes-cedric-tempier-12-scaled-e1776348363424-1140x620.jpg\" alt=\"\"\/><\/div><div class=\"credits\"><\/div><\/div>\n<div class=\"section-wrapper\"><div class=\"wp-block-ws-library-scrollable-section-item ws-section-scrollable-item\">\n<p>SICA Le Montagnard des Alpes heeft in Gap een nieuwe uitsnijruimte in gebruik genomen, een beslissende stap voor de toekomst van de varkensvleesindustrie in de Hautes-Alpes. <strong>De nieuwe faciliteit<\/strong> bevindt zich in de onmiddellijke nabijheid van het slachthuis en zal <strong>de lokale capaciteit voor de verwerking en verkoop van varkensvlees<\/strong> aan slagers, delicatessenwinkels en vleeswarenproducenten in de Hautes-Alpes en de hele regio Provence-Alpes-C\u00f4te d&#8217;Azur vergroten. <\/p>\n<\/div><\/div>\n\n\n\n<div class=\"section-wrapper\"><div class=\"wp-block-ws-library-scrollable-section-item ws-section-scrollable-item is-style-default\">\n<p>Met deze strategische investering willen de kwekers de lokale, gestructureerde en duurzame productie consolideren en waarde cre\u00ebren voor de regio.<\/p>\n<\/div><\/div>\n\n\n\n<div class=\"section-wrapper\"><div class=\"wp-block-ws-library-scrollable-section-item ws-section-scrollable-item\">\n<div class=\"wp-block-ws-library-ws-image\"><div class=\"wrapper\"><div class=\"group-media\"><img decoding=\"async\" src=\"https:\/\/www.hautes-alpes.net\/wp-content\/uploads\/2026\/04\/inauguration-le-montagnard-des-alpes-cedric-tempier-16-1240x800.jpg\" alt=\"\" class=\"single_image ws-image-478447\"><div class=\"credits\">C\u00e9dric TEMPIER<\/div><\/div><p class=\"caption\"><\/p><\/div><\/div>\n<\/div><\/div>\n\n\n\n<div class=\"section-wrapper\"><div class=\"wp-block-ws-library-scrollable-section-item ws-section-scrollable-item is-style-bg-grey\">\n<p><strong>SICA Le Montagnard <\/strong>werd in <strong>1948 <\/strong>opgericht als reactie op naoorlogse tekorten en is uitgegroeid tot een belangrijke speler in de varkensvleesindustrie in de Alpen.<\/p>\n<\/div><\/div>\n\n\n\n<div class=\"section-wrapper\"><div class=\"wp-block-ws-library-scrollable-section-item ws-section-scrollable-item\">\n<div class=\"wp-block-ws-library-ws-image\"><div class=\"wrapper\"><div class=\"group-media\"><img decoding=\"async\" src=\"https:\/\/www.hautes-alpes.net\/wp-content\/uploads\/2026\/04\/inauguration-le-montagnard-des-alpes-cedric-tempier-44-980x640.jpg\" alt=\"\" class=\"single_image ws-image-478449\"><div class=\"credits\">C\u00e9dric TEMPIER<\/div><\/div><p class=\"caption\"><\/p><\/div><\/div>\n<\/div><\/div>\n\n\n\n<div class=\"section-wrapper\"><div class=\"wp-block-ws-library-scrollable-section-item ws-section-scrollable-item\">\n<p>Als pionier in de collectieve organisatie van productie, slacht en marketing is het nog steeds <strong>de enige organisatie van varkensvleesproducenten<\/strong> in de regio&#8217;s <strong>Hautes-Alpes<\/strong> en <strong>Provence-Alpes-C\u00f4te d&#8217;Azur<\/strong>.<\/p>\n<\/div><\/div>\n\n\n\n<div class=\"section-wrapper\"><div class=\"wp-block-ws-library-scrollable-section-item ws-section-scrollable-item\">\n<div class=\"wp-block-ws-library-ws-image\"><div class=\"wrapper\"><div class=\"group-media\"><img decoding=\"async\" src=\"https:\/\/www.hautes-alpes.net\/wp-content\/uploads\/2026\/04\/inauguration-le-montagnard-des-alpes-cedric-tempier-27-1240x800.jpg\" alt=\"\" class=\"single_image ws-image-478470\"><div class=\"credits\">C\u00e9dric TEMPIER<\/div><\/div><p class=\"caption\"><\/p><\/div><\/div>\n<\/div><\/div>\n<\/div><\/div><\/div>\n\n<div class=\"wp-block-ws-library-scrollable-section ws-section-scrollable alignfull\"><div class=\"scrollable-item\"><div class=\"group-content\"><div class=\"wrapper\"><h3 class=\"field-title\"><strong>CSR<\/strong><\/h3><div class=\"field-intro\"><p><strong>Bedrijven die zich inzetten.<\/strong><\/p><\/div><\/div><\/div><div class=\"group-innerblocks\"><div class=\"group-media\"><div class=\"field-image\"><img decoding=\"async\" src=\"https:\/\/www.hautes-alpes.net\/wp-content\/uploads\/2026\/04\/bertrand-et-francois-xavier-ranvier-cedric-tempier-2-1140x620.jpg\" alt=\"\"\/><\/div><div class=\"credits\"> C\u00e9dric TEMPIER<\/div><\/div>\n<div class=\"section-wrapper\"><div class=\"wp-block-ws-library-scrollable-section-item ws-section-scrollable-item\">\n<p>Fran\u00e7ois-Xavier en Bertrand Ranvier, bedrijfsdirecteuren van Les <strong>Tourtons du Champsaur<\/strong>, delen hun gedachten over MVO en presenteren concrete acties gericht op drie belangrijke onderwerpen: economische prestaties, kwaliteit van leven op de werkplek en het milieu.<\/p>\n<\/div><\/div>\n\n\n\n<div class=\"section-wrapper\"><div class=\"wp-block-ws-library-scrollable-section-item ws-section-scrollable-item is-style-bg-grey\">\n<p>Deze video is de eerste in een reeks die maandelijks de betrokkenheid van lokale bedrijven bij het <strong>MVO-initiatief van Hautes-Alpes<\/strong> laat zien.<\/p>\n<\/div><\/div>\n\n\n\n<div class=\"section-wrapper\"><div class=\"wp-block-ws-library-scrollable-section-item ws-section-scrollable-item\">\n<div class=\"wp-block-ws-library-ws-video\"><div class=\"wrapper\"><div class=\"group-media\">\n<figure class=\"wp-block-embed is-type-video is-provider-youtube wp-block-embed-youtube\"><div class=\"wp-block-embed__wrapper\">\n<iframe loading=\"lazy\" title=\"Tourtons du Champsaur engag\u00e9 dans la d\u00e9marche RSE\" width=\"500\" height=\"281\" src=\"https:\/\/www.youtube.com\/embed\/RSUfonD3BzI?feature=oembed\" frameborder=\"0\" allow=\"accelerometer; autoplay; clipboard-write; encrypted-media; gyroscope; picture-in-picture; web-share\" referrerpolicy=\"strict-origin-when-cross-origin\" allowfullscreen><\/iframe>\n<\/div><\/figure>\n<\/div><\/div><\/div>\n<\/div><\/div>\n<\/div><\/div><\/div>\n\n<div class=\"wp-block-buttons is-content-justification-center is-layout-flex wp-container-core-buttons-is-layout-a89b3969 wp-block-buttons-is-layout-flex\">\n<div class=\"wp-block-button\"><a class=\"wp-block-button__link wp-element-button\" href=\"https:\/\/www.hautes-alpes.net\/nl\/headlines\/\">Al het nieuws<\/a><\/div>\n<\/div>\n\n<div style=\"height:50px\" aria-hidden=\"true\" class=\"wp-block-spacer\"><\/div>\n\n<h2 class=\"wp-block-heading alignwide is-style-title-1\"><strong>FAVORIETEN<\/strong><\/h2>\n\n<div class=\"wp-block-ws-library-scrollable-section ws-section-scrollable alignfull\"><div class=\"scrollable-item\"><div class=\"group-content\"><div class=\"wrapper\"><h3 class=\"field-title\"><strong><strong><strong><strong><strong>De dompelbrug<\/strong><\/strong><\/strong><\/strong><\/strong><\/h3><div class=\"field-intro\"><p>Chanteloube, het verhaal van een onvoltooide spoorlijn.<\/p><\/div><\/div><\/div><div class=\"group-innerblocks\"><div class=\"group-media\"><div class=\"field-image\"><img decoding=\"async\" src=\"https:\/\/www.hautes-alpes.net\/wp-content\/uploads\/2026\/04\/drone-lac-cedric-tempier-5-1140x620.jpg\" alt=\"\"\/><\/div><div class=\"credits\">C\u00e9dric TEMPIER<\/div><\/div>\n<div class=\"section-wrapper\"><div class=\"wp-block-ws-library-scrollable-section-item ws-section-scrollable-item is-style-bg-grey\">\n<p>In 1910 werd begonnen met de aanleg van een spoorlijn tussen Grenoble en Barcelonnette, met het prachtige <strong>viaduct van Chanteloube<\/strong>. 1934, einde van de werken. De lijn werd opgeheven ten gunste van de lijn Veynes-Brian\u00e7on.  <\/p>\n<\/div><\/div>\n\n\n\n<div class=\"section-wrapper\"><div class=\"wp-block-ws-library-scrollable-section-item ws-section-scrollable-item is-style-default\">\n<p>Sinds de opening van het meer van Serre-Pon\u00e7on stort deze 230 m lange en 61 m hoge brug zich in het water van het grote meer van <strong><a href=\"https:\/\/www.hautes-alpes.net\/nl\/bestemmingen-hautes-alpes\/serre-poncon\/\">Serre-Pon\u00e7on<\/a><\/strong> zodra hij de 772 meter bereikt.<\/p>\n<\/div><\/div>\n\n\n\n<div class=\"section-wrapper\"><div class=\"wp-block-ws-library-scrollable-section-item ws-section-scrollable-item\">\n<div class=\"wp-block-ws-library-ws-image\"><div class=\"wrapper\"><div class=\"group-media\"><img decoding=\"async\" src=\"https:\/\/www.hautes-alpes.net\/wp-content\/uploads\/2026\/04\/drone-lac-cedric-tempier-12-853x640.jpg\" alt=\"\" class=\"single_image ws-image-485997\"><div class=\"credits\">C\u00e9dric TEMPIER<\/div><\/div><p class=\"caption\"><\/p><\/div><\/div>\n<\/div><\/div>\n\n\n\n<div class=\"section-wrapper\"><div class=\"wp-block-ws-library-scrollable-section-item ws-section-scrollable-item\">\n<p>In de winter kun je er met droge voeten overheen lopen. Vanaf de lente kunnen jong en oud zich vermaken onder het toeziend oog van de ski\u00ebrs. De peddelaars komen soms onderlangs en soms bovenlangs.  <\/p>\n<\/div><\/div>\n\n\n\n<div class=\"section-wrapper\"><div class=\"wp-block-ws-library-scrollable-section-item ws-section-scrollable-item\">\n<div class=\"wp-block-ws-library-ws-image\"><div class=\"wrapper\"><div class=\"group-media\"><img decoding=\"async\" src=\"https:\/\/www.hautes-alpes.net\/wp-content\/uploads\/2026\/04\/drone-lac-cedric-tempier-4-1-1240x800.jpg\" alt=\"\" class=\"single_image ws-image-486018\"><div class=\"credits\">C\u00e9dric TEMPIER<\/div><\/div><p class=\"caption\"><\/p><\/div><\/div>\n<\/div><\/div>\n\n\n\n<div class=\"section-wrapper\"><div class=\"wp-block-ws-library-scrollable-section-item ws-section-scrollable-item\">\n<div class=\"wp-block-ws-library-ws-image\"><div class=\"wrapper\"><div class=\"group-media\"><img decoding=\"async\" src=\"https:\/\/www.hautes-alpes.net\/wp-content\/uploads\/2026\/04\/drone-lac-cedric-tempier-8-1240x800.jpg\" alt=\"\" class=\"single_image ws-image-471308\"><div class=\"credits\">C\u00e9dric TEMPIER<\/div><\/div><p class=\"caption\"><\/p><\/div><\/div>\n<\/div><\/div>\n<div class=\"field-link\"><a href=\"https:\/\/www.hautes-alpes.net\/destinations\/serre-poncon\/\" class=\"cardlink\">Voir la page<\/a><\/div><\/div><\/div><\/div>\n\n<div class=\"wp-block-ws-library-scrollable-section ws-section-scrollable alignfull\"><div class=\"scrollable-item\"><div class=\"group-content\"><div class=\"wrapper\"><h3 class=\"field-title\"><strong><strong><strong>Kleine Champions Trofee<\/strong><\/strong><\/strong><\/h3><div class=\"field-intro\"><p>Hautes-Alpes verwelkomt jonge hockeyers uit heel Europa<\/p><\/div><\/div><\/div><div class=\"group-innerblocks\"><div class=\"group-media\"><div class=\"field-image\"><img decoding=\"async\" src=\"https:\/\/www.hautes-alpes.net\/wp-content\/uploads\/2026\/04\/image2-1140x620.webp\" alt=\"\"\/><\/div><div class=\"credits\">G Baron<\/div><\/div>\n<div class=\"section-wrapper\"><div class=\"wp-block-ws-library-scrollable-section-item ws-section-scrollable-item is-style-bg-grey\">\n<p>De 34e editie van de <strong>Troph\u00e9e Bauer des Petits Champions<\/strong>, Europa&#8217;s grootste hockeywedstrijd voor junioren, wordt gehouden van 17 tot en met 19 april 2026.<\/p>\n<\/div><\/div>\n\n\n\n<div class=\"section-wrapper\"><div class=\"wp-block-ws-library-scrollable-section-item ws-section-scrollable-item is-style-default\">\n<p>Gedurende 3 dagen is de <strong><a href=\"https:\/\/www.hautes-alpes.net\/nl\/bestemmingen-hautes-alpes\/brianconnais\/\">Brian\u00e7on<\/a><\/strong>, <strong><a href=\"https:\/\/www.hautes-alpes.net\/nl\/bestemmingen-hautes-alpes\/gapencais\/\">Gap<\/a><\/strong> en <strong><a href=\"https:\/\/www.hautes-alpes.net\/nl\/bestemmingen-hautes-alpes\/orcieres-merlette-1850\/\">Orci\u00e8res Merlette 1850<\/a><\/strong> zullen meer dan 400 hockeyers uit Slowakije, Tsjechi\u00eb, Zwitserland, Itali\u00eb, Spanje, Belgi\u00eb en natuurlijk Frankrijk samenkomen.<\/p>\n<\/div><\/div>\n\n\n\n<div class=\"section-wrapper\"><div class=\"wp-block-ws-library-scrollable-section-item ws-section-scrollable-item\">\n<p>Het 3 tegen 3 formaat op een derde van de ijsbaan stimuleert actie en technisch spel. Aarzel niet om bij zo&#8217;n spektakel door de deuren van de ijsbanen in de Hautes-Alpes te lopen om de grootste bijeenkomst van ijshockey in Europa bij te wonen. <\/p>\n<\/div><\/div>\n\n\n\n<div class=\"section-wrapper\"><div class=\"wp-block-ws-library-scrollable-section-item ws-section-scrollable-item\">\n<div class=\"wp-block-ws-library-ws-image\"><div class=\"wrapper\"><div class=\"group-media\"><img decoding=\"async\" src=\"https:\/\/www.hautes-alpes.net\/wp-content\/uploads\/2026\/04\/image4-960x640.webp\" alt=\"\" class=\"single_image ws-image-450459\"><div class=\"credits\">G Baron<\/div><\/div><p class=\"caption\"><\/p><\/div><\/div>\n<\/div><\/div>\n\n\n\n<div class=\"section-wrapper\"><div class=\"wp-block-ws-library-scrollable-section-item ws-section-scrollable-item\">\n<div class=\"wp-block-ws-library-ws-image\"><div class=\"wrapper\"><div class=\"group-media\"><img decoding=\"async\" src=\"https:\/\/www.hautes-alpes.net\/wp-content\/uploads\/2026\/04\/image-455x640.webp\" alt=\"\" class=\"single_image ws-image-450460\"><div class=\"credits\"><\/div><\/div><p class=\"caption\"><\/p><\/div><\/div>\n<\/div><\/div>\n<div class=\"field-link\"><a href=\"https:\/\/www.hautes-alpes.net\/fiche\/trophee-des-petits-champions\/\" class=\"cardlink\">Voir la page<\/a><\/div><\/div><\/div><\/div>\n\n<div class=\"wp-block-ws-library-scrollable-section ws-section-scrollable alignfull\"><div class=\"scrollable-item\"><div class=\"group-content\"><div class=\"wrapper\"><h3 class=\"field-title\"><strong>Le Grand B\u00e9al<\/strong><\/h3><div class=\"field-intro\"><p>100% natuurlijk ski\u00ebn  <\/p><\/div><\/div><\/div><div class=\"group-innerblocks\"><div class=\"group-media\"><div class=\"field-image\"><img decoding=\"async\" src=\"https:\/\/www.hautes-alpes.net\/wp-content\/uploads\/2026\/03\/le-queyras-grand-beal-adelin-bernard-otgq-1140x620.jpg\" alt=\"\"\/><\/div><div class=\"credits\"><\/div><\/div>\n<div class=\"section-wrapper\"><div class=\"wp-block-ws-library-scrollable-section-item ws-section-scrollable-item is-style-bg-grey\">\n<p>Aan het einde van elk winterseizoen biedt de <strong>Grand B\u00e9al <\/strong>een wilde race in een uitzonderlijke bergomgeving.<\/p>\n\n\n\n<p><strong>Tot ziens op 5 april in Arvieux in de Queyras!<\/strong><br\/><\/p>\n<\/div><\/div>\n\n\n\n<div class=\"section-wrapper\"><div class=\"wp-block-ws-library-scrollable-section-item ws-section-scrollable-item\">\n<p>Voor de <sup>34e<\/sup> editie is er een nieuwe cursus aan het programma toegevoegd: Cursus D, voor Discovery. Deze staat open voor iedereen met een dagelijks ontdekkingsrijbewijs en er is geen medisch attest nodig. Hoewel het nieuwe parcours een kleine helling heeft, wordt het nog steeds een gezellige en feestelijke aangelegenheid.  <\/p>\n<\/div><\/div>\n\n\n\n<div class=\"section-wrapper\"><div class=\"wp-block-ws-library-scrollable-section-item ws-section-scrollable-item\">\n<p>De traditionele routes blijven:<br\/>de C, een panoramische, veilige route voor gelegenheidsski\u00ebrs<br\/>de B, meer technisch en alpien<br\/>de A, met z&#8217;n twee\u00ebn, langer en technischer met manoeuvres en stijgijzers.<\/p>\n\n\n\n<p><\/p>\n<\/div><\/div>\n\n\n\n<div class=\"section-wrapper\"><div class=\"wp-block-ws-library-scrollable-section-item ws-section-scrollable-item\">\n<p>Na de inspanning, het comfort: aan het einde van de wedstrijden worden maaltijden met lokale producten aangeboden aan de deelnemers. Een geweldige manier om de gezelligheid van het parcours uit te breiden, vooral dankzij de zeer gemotiveerde teams van vrijwilligers. <\/p>\n<\/div><\/div>\n<\/div><\/div><\/div>\n\n<div class=\"wp-block-buttons is-content-justification-center is-layout-flex wp-container-core-buttons-is-layout-a89b3969 wp-block-buttons-is-layout-flex\">\n<div class=\"wp-block-button\"><a class=\"wp-block-button__link wp-element-button\" href=\"https:\/\/www.hautes-alpes.net\/nl\/favorieten\/\">Alle favorieten<\/a><\/div>\n<\/div>\n\n<div style=\"height:50px\" aria-hidden=\"true\" class=\"wp-block-spacer\"><\/div>\n\n<h2 class=\"wp-block-heading alignwide is-style-title-1\"><strong>(FR<span class=\"text-highlight\">) AGILES<\/span><\/strong><\/h2>\n\n<div class=\"wp-block-ws-library-scrollable-section ws-section-scrollable alignfull\"><div class=\"scrollable-item\"><div class=\"group-content\"><div class=\"wrapper\"><h3 class=\"field-title\"><strong><strong><strong><strong><strong><strong>Landbouw in de sneeuw<\/strong><\/strong><\/strong><\/strong><\/strong><\/strong><\/h3><div class=\"field-intro\"><p>sneeuw bewaren als voorbereiding op de winter<\/p><\/div><\/div><\/div><div class=\"group-innerblocks\"><div class=\"group-media\"><div class=\"field-image\"><img decoding=\"async\" src=\"https:\/\/www.hautes-alpes.net\/wp-content\/uploads\/2026\/04\/snowfarmpsv3-1140x620.jpg\" alt=\"\"\/><\/div><div class=\"credits\">puy saint vincent<\/div><\/div>\n<div class=\"section-wrapper\"><div class=\"wp-block-ws-library-scrollable-section-item ws-section-scrollable-item is-style-bg-grey\">\n<p>\u00c0 <strong><a href=\"https:\/\/www.hautes-alpes.net\/nl\/bestemmingen-hautes-alpes\/puy-saint-vincent\/\">Puy-Saint-Vincent<\/a><\/strong>verdwijnt de sneeuw niet helemaal met de lente. Het skioord maakt gebruik van &#8221;snow farming&#8221;, een innovatieve techniek waarbij bijna 14.000 m\u00b3 sneeuw wordt opgeslagen. Aan het einde van het seizoen wordt de sneeuw samengevoegd tot een indrukwekkende heuvel van ongeveer 72 meter lang en vervolgens bedekt met isolerende materialen zoals zaagsel en geotextiele dekzeilen om het smelten tijdens de zomer te beperken.  <\/p>\n<\/div><\/div>\n\n\n\n<div class=\"section-wrapper\"><div class=\"wp-block-ws-library-scrollable-section-item ws-section-scrollable-item is-style-default\">\n<p>Het systeem is gebaseerd op gepatenteerde technologie ontwikkeld door een Fins bedrijf en is al in zo&#8217;n zestig resorts over de hele wereld toegepast. <strong><a href=\"https:\/\/www.hautes-alpes.net\/nl\/bestemmingen-hautes-alpes\/puy-saint-vincent\/\">Puy-Saint-Vincent<\/a><\/strong> is een pionier en is het eerste Franse resort dat het systeem gebruikt.<\/p>\n<\/div><\/div>\n\n\n\n<div class=\"section-wrapper\"><div class=\"wp-block-ws-library-scrollable-section-item ws-section-scrollable-item\">\n<div class=\"wp-block-ws-library-ws-image\"><div class=\"wrapper\"><div class=\"group-media\"><img decoding=\"async\" src=\"https:\/\/www.hautes-alpes.net\/wp-content\/uploads\/2026\/04\/snowfarmpsv2-853x640.jpg\" alt=\"\" class=\"single_image ws-image-500253\"><div class=\"credits\">puy saint vincent<\/div><\/div><p class=\"caption\"><\/p><\/div><\/div>\n<\/div><\/div>\n\n\n\n<div class=\"section-wrapper\"><div class=\"wp-block-ws-library-scrollable-section-item ws-section-scrollable-item\">\n<p>In de herfst wordt de bewaarde sneeuw hergebruikt op strategische hellingen om de opening van het skigebied veiliger en sneller te maken. Het is een praktische aanpak die de behoefte aan kunstsneeuw aan het begin van het seizoen beperkt en tegelijkertijd het waterbeheer optimaliseert. Een mooie illustratie van het innovatieve vermogen <strong>van de skioorden in de Hautes-Alpes<\/strong> om de uitdagingen van de klimaatverandering aan te gaan.  <\/p>\n<\/div><\/div>\n<\/div><\/div><\/div>\n\n<div class=\"wp-block-ws-library-scrollable-section ws-section-scrollable alignfull\"><div class=\"scrollable-item\"><div class=\"group-content\"><div class=\"wrapper\"><h3 class=\"field-title\">Gekruiste perspectieven  <\/h3><div class=\"field-intro\"><p>OLYMPISCHE SPELEN 2030<\/p><\/div><\/div><\/div><div class=\"group-innerblocks\"><div class=\"group-media\"><div class=\"field-image\"><img decoding=\"async\" src=\"https:\/\/www.hautes-alpes.net\/wp-content\/uploads\/2026\/01\/maquette-image-flash-info5-1140x620.jpg\" alt=\"\"\/><\/div><div class=\"credits\"><\/div><\/div>\n<div class=\"section-wrapper\"><div class=\"wp-block-ws-library-scrollable-section-item ws-section-scrollable-item\">\n<p>In de marge van de laatste werksessie van het Uitvoerend Comit\u00e9 Hautes-Alpes 2030 deelden leidende figuren uit de sportwereld en lokale raadsleden hun visie op het Olympische project en de erfenis die moet worden opgebouwd.<\/p>\n\n\n\n<p>Ter herinnering: het <strong>Uitvoerend Comit\u00e9 Hautes-Alpes 2030, dat<\/strong> afgelopen juni is opgericht, verenigt alle belangrijke spelers in het departement en is georganiseerd rond vier operationele comit\u00e9s: Sport, Toegang en Mobiliteit, Ontwikkeling, Cultuur en Inclusie.<\/p>\n<\/div><\/div>\n\n\n\n<div class=\"section-wrapper\"><div class=\"wp-block-ws-library-scrollable-section-item ws-section-scrollable-item is-style-bg-grey\">\n<p><strong>De doelstellingen:<\/strong><\/p>\n\n\n\n<p>- informatie verspreiden<\/p>\n\n\n\n<p>- initiatieven co\u00f6rdineren<\/p>\n\n\n\n<p>- complete projecten<\/p>\n\n\n\n<p>- de bevolking van de Haut-Alpes mobiliseren<\/p>\n\n\n\n<p>- De Olympische Spelen tot een succes maken en een nalatenschap opbouwen<\/p>\n<\/div><\/div>\n\n\n\n<div class=\"section-wrapper\"><div class=\"wp-block-ws-library-scrollable-section-item ws-section-scrollable-item\">\n<div class=\"wp-block-ws-library-ws-video\"><div class=\"wrapper\"><div class=\"group-media\">\n<figure class=\"wp-block-embed is-type-video is-provider-youtube wp-block-embed-youtube\"><div class=\"wp-block-embed__wrapper\">\n<iframe loading=\"lazy\" title=\"Hautes Alpes, quel h\u00e9ritage pour les JOP 2030\" width=\"500\" height=\"281\" src=\"https:\/\/www.youtube.com\/embed\/qnnz6rfG7uw?feature=oembed\" frameborder=\"0\" allow=\"accelerometer; autoplay; clipboard-write; encrypted-media; gyroscope; picture-in-picture; web-share\" referrerpolicy=\"strict-origin-when-cross-origin\" allowfullscreen><\/iframe>\n<\/div><\/figure>\n<\/div><\/div><\/div>\n<\/div><\/div>\n<\/div><\/div><\/div>\n\n<div class=\"wp-block-buttons is-content-justification-center is-layout-flex wp-container-core-buttons-is-layout-a89b3969 wp-block-buttons-is-layout-flex\">\n<div class=\"wp-block-button\"><a class=\"wp-block-button__link wp-element-button\" href=\"https:\/\/www.hautes-alpes.net\/nl\/enbehendig\/\">Alle Kwetsbare \/ Wendbare artikelen<\/a><\/div>\n<\/div>\n\n<div style=\"height:50px\" aria-hidden=\"true\" class=\"wp-block-spacer\"><\/div>\n\n<h2 class=\"wp-block-heading alignwide is-style-title-1\"><strong>SCHAAL<\/strong><\/h2>\n\n<div class=\"wp-block-ws-library-scrollable-section ws-section-scrollable alignfull\"><div class=\"scrollable-item\"><div class=\"group-content\"><div class=\"wrapper\"><h3 class=\"field-title\">Clar\u00e9e skitocht<\/h3><div class=\"field-intro\"><p>Een zweefvliegroute<\/p><\/div><\/div><\/div><div class=\"group-innerblocks\"><div class=\"group-media\"><div class=\"field-image\"><img decoding=\"async\" src=\"https:\/\/www.hautes-alpes.net\/wp-content\/uploads\/2025\/12\/2s2a9774-1140x620.jpg\" alt=\"\"\/><\/div><div class=\"credits\">P. Domeyne - AD05<\/div><\/div>\n<div class=\"section-wrapper\"><div class=\"wp-block-ws-library-scrollable-section-item ws-section-scrollable-item\">\n<p>Ontdek in het hart van de winter de wilde Clar\u00e9e-vallei met haar fauna, flora en prachtige landschappen. Onderweg verwelkomen berghutten je voor een warme en gezellige pauze. <\/p>\n<\/div><\/div>\n\n\n\n<div class=\"section-wrapper\"><div class=\"wp-block-ws-library-scrollable-section-item ws-section-scrollable-item\">\n<ul class=\"wp-block-list\">\n<li>N\u00e9vache \u2192 Schuilplaats Buff\u00e8re<\/li>\n\n\n\n<li>Refuge Buff\u00e8re \u2192 Refuge du Chardonnet<\/li>\n\n\n\n<li>Refuge du Chardonnet \u2192 Refuge Ricou<\/li>\n\n\n\n<li>Refuge Ricou \u2192 Refuge I Re Magi<\/li>\n\n\n\n<li>Toevluchtsoord I Re Magi \u2192 N\u00e9vache<\/li>\n<\/ul>\n<\/div><\/div>\n\n\n\n<div class=\"section-wrapper\"><div class=\"wp-block-ws-library-scrollable-section-item ws-section-scrollable-item\">\n<div class=\"wp-block-ws-library-ws-image\"><div class=\"wrapper\"><div class=\"group-media\"><img decoding=\"async\" src=\"https:\/\/www.hautes-alpes.net\/wp-content\/uploads\/2025\/12\/jour-1-refuge-buffere-cedric-tempier-23-1240x800.jpg\" alt=\"\" class=\"single_image ws-image-142769\"><div class=\"credits\">C. Tempier - AD05<\/div><\/div><p class=\"caption\"><\/p><\/div><\/div>\n<\/div><\/div>\n\n\n\n<div class=\"section-wrapper\"><div class=\"wp-block-ws-library-scrollable-section-item ws-section-scrollable-item\">\n<div class=\"wp-block-ws-library-ws-image\"><div class=\"wrapper\"><div class=\"group-media\"><img decoding=\"async\" src=\"https:\/\/www.hautes-alpes.net\/wp-content\/uploads\/2025\/12\/randonne-e-col-des-beraudes-et-chardonnet-2-1240x800.jpg\" alt=\"\" class=\"single_image ws-image-142772\"><div class=\"credits\">T. Blais<\/div><\/div><p class=\"caption\"><\/p><\/div><\/div>\n<\/div><\/div>\n\n\n\n<div class=\"section-wrapper\"><div class=\"wp-block-ws-library-scrollable-section-item ws-section-scrollable-item\">\n<div class=\"wp-block-ws-library-ws-image\"><div class=\"wrapper\"><div class=\"group-media\"><img decoding=\"async\" src=\"https:\/\/www.hautes-alpes.net\/wp-content\/uploads\/2025\/12\/tblais-ski-rando-buffere-427x640.jpg\" alt=\"\" class=\"single_image ws-image-142773\"><div class=\"credits\">T. Blais<\/div><\/div><p class=\"caption\"><\/p><\/div><\/div>\n<\/div><\/div>\n<div class=\"field-link\"><a href=\"https:\/\/www.hautes-alpes.net\/echappees\/tour-ski-en-claree\/\" class=\"cardlink\">Voir la page<\/a><\/div><\/div><\/div><\/div>\n\n<div class=\"wp-block-ws-library-scrollable-section ws-section-scrollable alignfull\"><div class=\"scrollable-item\"><div class=\"group-content\"><div class=\"wrapper\"><h3 class=\"field-title\">Alpiene Terroir Roadtrip<\/h3><div class=\"field-intro\"><p>Vijf dagen de smaken van de Alpen ontdekken<\/p><\/div><\/div><\/div><div class=\"group-innerblocks\"><div class=\"group-media\"><div class=\"field-image\"><img decoding=\"async\" src=\"https:\/\/www.hautes-alpes.net\/wp-content\/uploads\/2025\/12\/bleu-du-queyras-1140x620.jpg\" alt=\"\"\/><\/div><div class=\"credits\"><\/div><\/div>\n<div class=\"section-wrapper\"><div class=\"wp-block-ws-library-scrollable-section-item ws-section-scrollable-item\">\n<p>Deze roadtrip neemt je mee van producent naar producent, van de boomgaarden van de <strong>Haute-Durance <\/strong>tot de wijngaarden van <strong>de Avance-vallei<\/strong>, van de bergweiden van de <a href=\"https:\/\/www.hautes-alpes.net\/nl\/bestemmingen-hautes-alpes\/devoluy\/\"><strong>D\u00e9voluy<\/strong> <\/a>en de <strong><a href=\"https:\/\/www.hautes-alpes.net\/nl\/bestemmingen-hautes-alpes\/guillestrois-queyras\/\">Queyras<\/a><\/strong>tot de omheinde landbouwgronden van <strong><a href=\"https:\/\/www.hautes-alpes.net\/nl\/bestemmingen-hautes-alpes\/champsaur-valgaudemar\/\">Champsaur<\/a><\/strong>. In een paar dagen kunt u alle rijkdommen van het Alpenterroir<strong> <\/strong> ontdekken: vlees, vleeswaren, tuinbouw, kazen, fruit, wijnen, bieren, likeuren&#8230; langs een route door betoverende landschappen. <\/p>\n<\/div><\/div>\n\n\n\n<div class=\"section-wrapper\"><div class=\"wp-block-ws-library-scrollable-section-item ws-section-scrollable-item\">\n<ul class=\"wp-block-list\">\n<li><strong>Zusteron <strong><strong>\u2192<\/strong><\/strong> Bu\u00ebch-vallei<\/strong><\/li>\n\n\n\n<li><strong>Bu\u00ebchdal \u2192 D\u00e9voluy<\/strong><\/li>\n\n\n\n<li><strong>D\u00e9voluy \u2192 Champsaur \u2192 Gapen\u00e7ais<\/strong><\/li>\n\n\n\n<li><strong>Gapen\u00e7ais \u2192 Vallei van Avance<\/strong><\/li>\n\n\n\n<li><strong>Avancevallei \u2192 Queyras<\/strong><\/li>\n<\/ul>\n<\/div><\/div>\n\n\n\n<div class=\"section-wrapper\"><div class=\"wp-block-ws-library-scrollable-section-item ws-section-scrollable-item\">\n<div class=\"wp-block-ws-library-ws-image\"><div class=\"wrapper\"><div class=\"group-media\"><img decoding=\"async\" src=\"https:\/\/www.hautes-alpes.net\/wp-content\/uploads\/2025\/11\/7b3a9680-1240x800.jpg\" alt=\"\" class=\"single_image ws-image-48213\"><div class=\"credits\">P. Domeyne - AD05<\/div><\/div><p class=\"caption\">Lavanderie des Hautes Baronnies<\/p><\/div><\/div>\n<\/div><\/div>\n\n\n\n<div class=\"section-wrapper\"><div class=\"wp-block-ws-library-scrollable-section-item ws-section-scrollable-item\">\n<div class=\"wp-block-ws-library-ws-image\"><div class=\"wrapper\"><div class=\"group-media\"><img decoding=\"async\" src=\"https:\/\/www.hautes-alpes.net\/wp-content\/uploads\/2025\/12\/belvedere-de-saint-apollinaire2-1240x800.jpg\" alt=\"\" class=\"single_image ws-image-95075\"><div class=\"credits\"><\/div><\/div><p class=\"caption\"><\/p><\/div><\/div>\n<\/div><\/div>\n\n\n\n<div class=\"section-wrapper\"><div class=\"wp-block-ws-library-scrollable-section-item ws-section-scrollable-item\">\n<div class=\"wp-block-ws-library-ws-image\"><div class=\"wrapper\"><div class=\"group-media\"><img decoding=\"async\" src=\"https:\/\/www.hautes-alpes.net\/wp-content\/uploads\/2025\/12\/traite-tarines-arvieux-patrick-domeyne-38-1-1240x800.jpg\" alt=\"\" class=\"single_image ws-image-97288\"><div class=\"credits\"><\/div><\/div><p class=\"caption\"><\/p><\/div><\/div>\n<\/div><\/div>\n<div class=\"field-link\"><a href=\"https:\/\/www.hautes-alpes.net\/echappees\/terroir-alpin\/\" class=\"cardlink\">Voir la page<\/a><\/div><\/div><\/div><\/div>\n\n<div class=\"wp-block-buttons is-content-justification-center is-layout-flex wp-container-core-buttons-is-layout-a89b3969 wp-block-buttons-is-layout-flex\">\n<div class=\"wp-block-button\"><a class=\"wp-block-button__link wp-element-button\" href=\"https:\/\/www.hautes-alpes.net\/nl\/ontsnapt-aan\/\">Alle ontsnappingen<\/a><\/div>\n<\/div>\n\n<div style=\"height:50px\" aria-hidden=\"true\" class=\"wp-block-spacer\"><\/div>\n\n<h2 class=\"wp-block-heading alignwide is-style-title-1\"><strong>ICONIE<\/strong><\/h2>\n\n<div class=\"wp-block-ws-library-scrollable-section ws-section-scrollable alignfull\"><div class=\"scrollable-item\"><div class=\"group-content\"><div class=\"wrapper\"><h3 class=\"field-title\"><strong>OLYMPISCHE SPELEN 2030<\/strong><\/h3><div class=\"field-intro\"><p>In de Franse Alpen bundelen de Zuidelijke en Noordelijke Alpen hun krachten om een origineel fresco te cre\u00ebren ter verwelkoming van de <strong>Olympische en Paralympische Winterspelen van 2030<\/strong>.<\/p><\/div><\/div><\/div><div class=\"group-innerblocks\"><div class=\"group-media\"><div class=\"field-image\"><img decoding=\"async\" src=\"https:\/\/www.hautes-alpes.net\/wp-content\/uploads\/2025\/11\/briancon-hd-alpesphotographiescom-1-1140x620.jpg\" alt=\"Prachtig licht boven Brian\u00e7on in de sneeuw\"\/><\/div><div class=\"credits\">Alpes Photographies<\/div><\/div>\n<div class=\"section-wrapper\"><div class=\"wp-block-ws-library-scrollable-section-item ws-section-scrollable-item\">\n<p>In het hart van deze alliantie vormen de <strong>Hautes-Alpes<\/strong> het toneel voor meer dan twintig freestyle ski- en snowboardwedstrijden. De locatie is <strong><a href=\"https:\/\/www.hautes-alpes.net\/nl\/bestemmingen-hautes-alpes\/serre-chevalier\/\">Serre Chevalier<\/a><\/strong>het grootste skigebied in de <strong>zuidelijke Alpen<\/strong>, en in <strong><a href=\"https:\/\/www.hautes-alpes.net\/nl\/bestemmingen-hautes-alpes\/montgenevre\/\">Montgen\u00e8vre<\/a><\/strong>de Doyenne van de Franse skioorden, zullen de rijders de lucht in gaan, hun trajecten kruisen tegen een achtergrond van majestueuze bergtoppen. <\/p>\n<\/div><\/div>\n\n\n\n<div class=\"section-wrapper\"><div class=\"wp-block-ws-library-scrollable-section-item ws-section-scrollable-item\">\n<p><strong><a href=\"https:\/\/www.hautes-alpes.net\/nl\/bestemmingen-hautes-alpes\/brianconnais\/\">Brian\u00e7on<\/a><\/strong>de stenen citadel, wordt het bruisende epicentrum. <strong>Het Fort des T\u00eates<\/strong>, dat <strong>op de Werelderfgoedlijst<\/strong><strong>van UNESCO<\/strong> staat, wordt omgetoverd tot een Olympisch dorp: een kruispunt van culturen, een logistiek knooppunt, een smederij van energie. <\/p>\n<\/div><\/div>\n\n\n\n<div class=\"section-wrapper\"><div class=\"wp-block-ws-library-scrollable-section-item ws-section-scrollable-item\">\n<div class=\"wp-block-ws-library-ws-image\"><div class=\"wrapper\"><div class=\"group-media\"><img decoding=\"async\" src=\"https:\/\/www.hautes-alpes.net\/wp-content\/uploads\/2025\/12\/gillesbaron1221-1816-1240x800.jpg\" alt=\"\" class=\"single_image ws-image-101365\"><div class=\"credits\">G. Baron<\/div><\/div><p class=\"caption\"><\/p><\/div><\/div>\n<\/div><\/div>\n\n\n\n<div class=\"section-wrapper\"><div class=\"wp-block-ws-library-scrollable-section-item ws-section-scrollable-item\">\n<p>Naast het licht dat de Spelen op het departement zullen werpen, is de erfenis immens. Ze zullen de <strong>Hautes-Alpes<\/strong> achterlaten met een concrete vooruitgang op het gebied van een betere bereikbaarheid en een heroverwogen mobiliteit, met name per spoor. De Olympische Spelen zullen niet alleen de bergen doorkruisen: ze zullen er wortel schieten en van de <strong>Hautes-Alpes<\/strong> niet alleen een theater maken, maar het centrum van de wereld.  <\/p>\n<\/div><\/div>\n\n\n\n<div class=\"section-wrapper\"><div class=\"wp-block-ws-library-scrollable-section-item ws-section-scrollable-item\">\n<div class=\"wp-block-ws-library-ws-image\"><div class=\"wrapper\"><div class=\"group-media\"><img decoding=\"async\" src=\"https:\/\/www.hautes-alpes.net\/wp-content\/uploads\/2025\/11\/arthur-bauchet-serre-chevalier-briancon-29-ot-serre-chevalier-vallee-briancon-3-427x640.jpg\" alt=\"\" class=\"single_image ws-image-78160\"><div class=\"credits\">Toeristenbureau Serre Chevalier<\/div><\/div><p class=\"caption\"><\/p><\/div><\/div>\n<\/div><\/div>\n\n\n\n<div class=\"section-wrapper\"><div class=\"wp-block-ws-library-scrollable-section-item ws-section-scrollable-item\">\n<div class=\"wp-block-ws-library-ws-image\"><div class=\"wrapper\"><div class=\"group-media\"><img decoding=\"async\" src=\"https:\/\/www.hautes-alpes.net\/wp-content\/uploads\/2025\/11\/briancon-croix-de-toulouse-nuit-credit-zoom-1240x800.jpg\" alt=\"\" class=\"single_image ws-image-78162\"><div class=\"credits\">Zoom<\/div><\/div><p class=\"caption\"><\/p><\/div><\/div>\n<\/div><\/div>\n<div class=\"field-link\"><a href=\"https:\/\/www.hautes-alpes.net\/iconiques\/jeux-dhiver-2030\/\" class=\"cardlink\">Voir la page<\/a><\/div><\/div><\/div><\/div>\n\n<div class=\"wp-block-ws-library-scrollable-section ws-section-scrollable alignfull\"><div class=\"scrollable-item\"><div class=\"group-content\"><div class=\"wrapper\"><h3 class=\"field-title\">Natuur schildwachten<\/h3><div class=\"field-intro\"><p>Het nationale park van <a href=\"https:\/\/www.hautes-alpes.net\/nl\/bestemmingen-hautes-alpes\/pays-des-ecrins\/\">\u00c9crins<\/a>, de regionale natuurparken van <a href=\"https:\/\/www.hautes-alpes.net\/nl\/bestemmingen-hautes-alpes\/guillestrois-queyras\/\">Queyras <\/a>en <a href=\"https:\/\/www.hautes-alpes.net\/nl\/bestemmingen-hautes-alpes\/buech\/\">Baronnies Proven\u00e7ales<\/a>, natuurreservaten en reservaten voor biodiversiteit, de <strong>Hautes-Alpes<\/strong> zijn als schildwachten van de natuur in een tijdperk van beroering.<\/p><\/div><\/div><\/div><div class=\"group-innerblocks\"><div class=\"group-media\"><div class=\"field-image\"><img decoding=\"async\" src=\"https:\/\/www.hautes-alpes.net\/wp-content\/uploads\/2025\/11\/leo-gayola-parc-national-des-ecrins-1-1-1140x620.jpg\" alt=\"\"\/><\/div><div class=\"credits\">L. Gayola<\/div><\/div>\n<div class=\"section-wrapper\"><div class=\"wp-block-ws-library-scrollable-section-item ws-section-scrollable-item\">\n<h2 class=\"wp-block-heading\">Parken <strong>als toevluchtsoorden<\/strong><\/h2>\n\n\n\n<p>Het Nationaal Park van de \u00c9crins (925 km\u00b2), het Regionaal Natuurpark van de Queyras (650 km\u00b2) en het Regionaal Natuurpark van de Baronnies proven\u00e7ales (1.560 km\u00b2) vormen een beschermende gordel rond uitzonderlijke landschappen.<\/p>\n<\/div><\/div>\n\n\n\n<div class=\"section-wrapper\"><div class=\"wp-block-ws-library-scrollable-section-item ws-section-scrollable-item\">\n<h2 class=\"wp-block-heading\">De adem van <strong>wilde dieren<\/strong><\/h2>\n\n\n\n<p>Steenbokken, gemzen, lammergieren, korhoenders en de forel van de \u00c9crins getuigen allemaal van een veerkrachtige maar kwetsbare fauna.<\/p>\n<\/div><\/div>\n\n\n\n<div class=\"section-wrapper\"><div class=\"wp-block-ws-library-scrollable-section-item ws-section-scrollable-item\">\n<div class=\"wp-block-group is-nowrap is-layout-flex wp-container-core-group-is-layout-6c531013 wp-block-group-is-layout-flex\">\n<div class=\"wp-block-ws-library-ws-image\"><div class=\"wrapper\"><div class=\"group-media\"><img decoding=\"async\" src=\"https:\/\/www.hautes-alpes.net\/wp-content\/uploads\/2025\/11\/16lgy11005-959x640.jpg\" alt=\"\" class=\"single_image ws-image-78275\"><div class=\"credits\">L. Gayola<\/div><\/div><p class=\"caption\"><\/p><\/div><\/div>\n<\/div>\n<\/div><\/div>\n\n\n\n<div class=\"section-wrapper\"><div class=\"wp-block-ws-library-scrollable-section-item ws-section-scrollable-item\">\n<h2 class=\"wp-block-heading\">De rijkdom<br\/>van <strong>bergbloemen<\/strong><\/h2>\n\n\n\n<p>De flora van de <strong>Hautes-Alpes<\/strong> is een reis tussen hoogte en de Middellandse Zee.  <\/p>\n<\/div><\/div>\n\n\n\n<div class=\"section-wrapper\"><div class=\"wp-block-ws-library-scrollable-section-item ws-section-scrollable-item\">\n<div class=\"wp-block-ws-library-ws-image\"><div class=\"wrapper\"><div class=\"group-media\"><img decoding=\"async\" src=\"https:\/\/www.hautes-alpes.net\/wp-content\/uploads\/2026\/01\/20-ans-de-recherches-jardin-alpin-du-lautaret-2025-patrick-domeyne-427x640.jpg\" alt=\"\" class=\"single_image ws-image-193578\"><div class=\"credits\">P. Domeyne - AD05<\/div><\/div><p class=\"caption\"><\/p><\/div><\/div>\n<\/div><\/div>\n\n\n\n<div class=\"section-wrapper\"><div class=\"wp-block-ws-library-scrollable-section-item ws-section-scrollable-item\">\n<h2 class=\"wp-block-heading\">Water,<br\/><strong>een gedeelde schat<\/strong><\/h2>\n\n\n\n<p>In de <strong>Hautes-Alpes<\/strong> betekent het volgen van de waterstroom het begrijpen van de intieme band tussen mensen en hun omgeving.<\/p>\n<\/div><\/div>\n\n\n\n<div class=\"section-wrapper\"><div class=\"wp-block-ws-library-scrollable-section-item ws-section-scrollable-item\">\n<div class=\"wp-block-ws-library-ws-image\"><div class=\"wrapper\"><div class=\"group-media\"><img decoding=\"async\" src=\"https:\/\/www.hautes-alpes.net\/wp-content\/uploads\/2025\/11\/remi-morel-office-de-tourisme-serre-poncon-1-855x640.jpg\" alt=\"\" class=\"single_image ws-image-53434\"><div class=\"credits\">R. Morel<\/div><\/div><p class=\"caption\"><\/p><\/div><\/div>\n<\/div><\/div>\n<div class=\"field-link\"><a href=\"https:\/\/www.hautes-alpes.net\/iconiques\/sentinelles-de-nature\/\" class=\"cardlink\">Voir la page<\/a><\/div><\/div><\/div><\/div>\n\n<div class=\"wp-block-buttons is-content-justification-center is-layout-flex wp-container-core-buttons-is-layout-a89b3969 wp-block-buttons-is-layout-flex\">\n<div class=\"wp-block-button\"><a class=\"wp-block-button__link wp-element-button\" href=\"https:\/\/www.hautes-alpes.net\/nl\/iconisch\/\">Alle pictogrammen<\/a><\/div>\n<\/div>\n\n<div class=\"wp-block-ws-library-ws-share\"><span class=\"share-subtitle\">Vond je deze pagina leuk?<\/span><span class=\"share-title\">Deel het!<\/span><button class=\"ws-share-button wp-element-button\">Deel deze pagina<\/button><\/div>\n","protected":false},"excerpt":{"rendered":"<p>IN DE HEADLINE FAVORIETEN (FR) AGILES SCHAAL ICONIE<\/p>\n","protected":false},"author":1,"featured_media":0,"parent":0,"menu_order":0,"comment_status":"closed","ping_status":"closed","template":"","meta":{"is_dark_mode":false,"footnotes":""},"page_label":[],"class_list":["post-108208","page","type-page","status-publish","hentry"],"yoast_head":"<!-- This site is optimized with the Yoast SEO plugin v27.2 - https:\/\/yoast.com\/product\/yoast-seo-wordpress\/ -->\n<title>Hautes-Alpes - De meest ongerepte in de Alpen<\/title>\n<meta name=\"description\" content=\"Hautes-Alpes in de Alpenboog s werelds mooiste plekjes in de buitenlucht Frankrijks grootste biologische afdeling pioniers in hernieuwbare energie\" \/>\n<meta name=\"robots\" content=\"index, follow, max-snippet:-1, max-image-preview:large, max-video-preview:-1\" \/>\n<link rel=\"canonical\" href=\"https:\/\/www.hautes-alpes.net\/nl\/\" \/>\n<meta property=\"og:locale\" content=\"nl_NL\" \/>\n<meta property=\"og:type\" content=\"article\" \/>\n<meta property=\"og:title\" content=\"Hautes-Alpes - De meest ongerepte in de Alpen\" \/>\n<meta property=\"og:description\" content=\"Hautes-Alpes in de Alpenboog s werelds mooiste plekjes in de buitenlucht Frankrijks grootste biologische afdeling pioniers in hernieuwbare energie\" \/>\n<meta property=\"og:url\" content=\"https:\/\/www.hautes-alpes.net\/nl\/\" \/>\n<meta property=\"og:site_name\" content=\"Hautes-Alpes\" \/>\n<meta property=\"article:modified_time\" content=\"2026-04-28T14:02:53+00:00\" \/>\n<meta property=\"og:image\" content=\"https:\/\/www.hautes-alpes.net\/wp-content\/uploads\/2026\/04\/plateau-de-bure-gontran-isnard-gontranid-1-1140x620.jpg\" \/>\n<meta name=\"twitter:card\" content=\"summary_large_image\" \/>\n<meta name=\"twitter:label1\" content=\"Geschatte leestijd\" \/>\n\t<meta name=\"twitter:data1\" content=\"13 minuten\" \/>\n<script type=\"application\/ld+json\" class=\"yoast-schema-graph\">{\"@context\":\"https:\/\/schema.org\",\"@graph\":[{\"@type\":\"WebPage\",\"@id\":\"https:\/\/www.hautes-alpes.net\/nl\/\",\"url\":\"https:\/\/www.hautes-alpes.net\/nl\/\",\"name\":\"Hautes-Alpes - De meest ongerepte in de Alpen\",\"isPartOf\":{\"@id\":\"https:\/\/www.hautes-alpes.net\/nl\/#website\"},\"primaryImageOfPage\":{\"@id\":\"https:\/\/www.hautes-alpes.net\/nl\/#primaryimage\"},\"image\":{\"@id\":\"https:\/\/www.hautes-alpes.net\/nl\/#primaryimage\"},\"thumbnailUrl\":\"https:\/\/www.hautes-alpes.net\/wp-content\/uploads\/2026\/04\/plateau-de-bure-gontran-isnard-gontranid-1-1140x620.jpg\",\"datePublished\":\"2025-10-02T09:35:28+00:00\",\"dateModified\":\"2026-04-28T14:02:53+00:00\",\"description\":\"Hautes-Alpes in de Alpenboog s werelds mooiste plekjes in de buitenlucht Frankrijks grootste biologische afdeling pioniers in hernieuwbare energie\",\"breadcrumb\":{\"@id\":\"https:\/\/www.hautes-alpes.net\/nl\/#breadcrumb\"},\"inLanguage\":\"nl-NL\",\"potentialAction\":[{\"@type\":\"ReadAction\",\"target\":[\"https:\/\/www.hautes-alpes.net\/nl\/\"]}]},{\"@type\":\"ImageObject\",\"inLanguage\":\"nl-NL\",\"@id\":\"https:\/\/www.hautes-alpes.net\/nl\/#primaryimage\",\"url\":\"https:\/\/www.hautes-alpes.net\/wp-content\/uploads\/2026\/04\/plateau-de-bure-gontran-isnard-gontranid-1-1140x620.jpg\",\"contentUrl\":\"https:\/\/www.hautes-alpes.net\/wp-content\/uploads\/2026\/04\/plateau-de-bure-gontran-isnard-gontranid-1-1140x620.jpg\"},{\"@type\":\"BreadcrumbList\",\"@id\":\"https:\/\/www.hautes-alpes.net\/nl\/#breadcrumb\",\"itemListElement\":[{\"@type\":\"ListItem\",\"position\":1,\"name\":\"Accueil\",\"item\":\"https:\/\/www.hautes-alpes.net\/nl\/hautes-alpes\/\"},{\"@type\":\"ListItem\",\"position\":2,\"name\":\"Hautes-Alpes\"}]},{\"@type\":\"WebSite\",\"@id\":\"https:\/\/www.hautes-alpes.net\/nl\/#website\",\"url\":\"https:\/\/www.hautes-alpes.net\/nl\/\",\"name\":\"ADDET\",\"description\":\"\",\"publisher\":{\"@id\":\"https:\/\/www.hautes-alpes.net\/nl\/#organization\"},\"potentialAction\":[{\"@type\":\"SearchAction\",\"target\":{\"@type\":\"EntryPoint\",\"urlTemplate\":\"https:\/\/www.hautes-alpes.net\/nl\/?s={search_term_string}\"},\"query-input\":{\"@type\":\"PropertyValueSpecification\",\"valueRequired\":true,\"valueName\":\"search_term_string\"}}],\"inLanguage\":\"nl-NL\"},{\"@type\":\"Organization\",\"@id\":\"https:\/\/www.hautes-alpes.net\/nl\/#organization\",\"name\":\"Agence D\u00e9partementale de D\u00e9veloppement Economique et Touristique des Hautes-Alpes\",\"url\":\"https:\/\/www.hautes-alpes.net\/nl\/\",\"logo\":{\"@type\":\"ImageObject\",\"inLanguage\":\"nl-NL\",\"@id\":\"https:\/\/www.hautes-alpes.net\/nl\/#\/schema\/logo\/image\/\",\"url\":\"https:\/\/www.hautes-alpes.net\/wp-content\/uploads\/2026\/01\/black-logo-2.svg\",\"contentUrl\":\"https:\/\/www.hautes-alpes.net\/wp-content\/uploads\/2026\/01\/black-logo-2.svg\",\"caption\":\"Agence D\u00e9partementale de D\u00e9veloppement Economique et Touristique des Hautes-Alpes\"},\"image\":{\"@id\":\"https:\/\/www.hautes-alpes.net\/nl\/#\/schema\/logo\/image\/\"}}]}<\/script>\n<!-- \/ Yoast SEO plugin. -->","yoast_head_json":{"title":"Hautes-Alpes - De meest ongerepte in de Alpen","description":"Hautes-Alpes in de Alpenboog s werelds mooiste plekjes in de buitenlucht Frankrijks grootste biologische afdeling pioniers in hernieuwbare energie","robots":{"index":"index","follow":"follow","max-snippet":"max-snippet:-1","max-image-preview":"max-image-preview:large","max-video-preview":"max-video-preview:-1"},"canonical":"https:\/\/www.hautes-alpes.net\/nl\/","og_locale":"nl_NL","og_type":"article","og_title":"Hautes-Alpes - De meest ongerepte in de Alpen","og_description":"Hautes-Alpes in de Alpenboog s werelds mooiste plekjes in de buitenlucht Frankrijks grootste biologische afdeling pioniers in hernieuwbare energie","og_url":"https:\/\/www.hautes-alpes.net\/nl\/","og_site_name":"Hautes-Alpes","article_modified_time":"2026-04-28T14:02:53+00:00","og_image":[{"url":"https:\/\/www.hautes-alpes.net\/wp-content\/uploads\/2026\/04\/plateau-de-bure-gontran-isnard-gontranid-1-1140x620.jpg","type":"","width":"","height":""}],"twitter_card":"summary_large_image","twitter_misc":{"Geschatte leestijd":"13 minuten"},"schema":{"@context":"https:\/\/schema.org","@graph":[{"@type":"WebPage","@id":"https:\/\/www.hautes-alpes.net\/nl\/","url":"https:\/\/www.hautes-alpes.net\/nl\/","name":"Hautes-Alpes - De meest ongerepte in de Alpen","isPartOf":{"@id":"https:\/\/www.hautes-alpes.net\/nl\/#website"},"primaryImageOfPage":{"@id":"https:\/\/www.hautes-alpes.net\/nl\/#primaryimage"},"image":{"@id":"https:\/\/www.hautes-alpes.net\/nl\/#primaryimage"},"thumbnailUrl":"https:\/\/www.hautes-alpes.net\/wp-content\/uploads\/2026\/04\/plateau-de-bure-gontran-isnard-gontranid-1-1140x620.jpg","datePublished":"2025-10-02T09:35:28+00:00","dateModified":"2026-04-28T14:02:53+00:00","description":"Hautes-Alpes in de Alpenboog s werelds mooiste plekjes in de buitenlucht Frankrijks grootste biologische afdeling pioniers in hernieuwbare energie","breadcrumb":{"@id":"https:\/\/www.hautes-alpes.net\/nl\/#breadcrumb"},"inLanguage":"nl-NL","potentialAction":[{"@type":"ReadAction","target":["https:\/\/www.hautes-alpes.net\/nl\/"]}]},{"@type":"ImageObject","inLanguage":"nl-NL","@id":"https:\/\/www.hautes-alpes.net\/nl\/#primaryimage","url":"https:\/\/www.hautes-alpes.net\/wp-content\/uploads\/2026\/04\/plateau-de-bure-gontran-isnard-gontranid-1-1140x620.jpg","contentUrl":"https:\/\/www.hautes-alpes.net\/wp-content\/uploads\/2026\/04\/plateau-de-bure-gontran-isnard-gontranid-1-1140x620.jpg"},{"@type":"BreadcrumbList","@id":"https:\/\/www.hautes-alpes.net\/nl\/#breadcrumb","itemListElement":[{"@type":"ListItem","position":1,"name":"Accueil","item":"https:\/\/www.hautes-alpes.net\/nl\/hautes-alpes\/"},{"@type":"ListItem","position":2,"name":"Hautes-Alpes"}]},{"@type":"WebSite","@id":"https:\/\/www.hautes-alpes.net\/nl\/#website","url":"https:\/\/www.hautes-alpes.net\/nl\/","name":"ADDET","description":"","publisher":{"@id":"https:\/\/www.hautes-alpes.net\/nl\/#organization"},"potentialAction":[{"@type":"SearchAction","target":{"@type":"EntryPoint","urlTemplate":"https:\/\/www.hautes-alpes.net\/nl\/?s={search_term_string}"},"query-input":{"@type":"PropertyValueSpecification","valueRequired":true,"valueName":"search_term_string"}}],"inLanguage":"nl-NL"},{"@type":"Organization","@id":"https:\/\/www.hautes-alpes.net\/nl\/#organization","name":"Agence D\u00e9partementale de D\u00e9veloppement Economique et Touristique des Hautes-Alpes","url":"https:\/\/www.hautes-alpes.net\/nl\/","logo":{"@type":"ImageObject","inLanguage":"nl-NL","@id":"https:\/\/www.hautes-alpes.net\/nl\/#\/schema\/logo\/image\/","url":"https:\/\/www.hautes-alpes.net\/wp-content\/uploads\/2026\/01\/black-logo-2.svg","contentUrl":"https:\/\/www.hautes-alpes.net\/wp-content\/uploads\/2026\/01\/black-logo-2.svg","caption":"Agence D\u00e9partementale de D\u00e9veloppement Economique et Touristique des Hautes-Alpes"},"image":{"@id":"https:\/\/www.hautes-alpes.net\/nl\/#\/schema\/logo\/image\/"}}]}},"_links":{"self":[{"href":"https:\/\/www.hautes-alpes.net\/nl\/wp-json\/wp\/v2\/pages\/108208","targetHints":{"allow":["GET"]}}],"collection":[{"href":"https:\/\/www.hautes-alpes.net\/nl\/wp-json\/wp\/v2\/pages"}],"about":[{"href":"https:\/\/www.hautes-alpes.net\/nl\/wp-json\/wp\/v2\/types\/page"}],"author":[{"embeddable":true,"href":"https:\/\/www.hautes-alpes.net\/nl\/wp-json\/wp\/v2\/users\/1"}],"replies":[{"embeddable":true,"href":"https:\/\/www.hautes-alpes.net\/nl\/wp-json\/wp\/v2\/comments?post=108208"}],"version-history":[{"count":10,"href":"https:\/\/www.hautes-alpes.net\/nl\/wp-json\/wp\/v2\/pages\/108208\/revisions"}],"predecessor-version":[{"id":500288,"href":"https:\/\/www.hautes-alpes.net\/nl\/wp-json\/wp\/v2\/pages\/108208\/revisions\/500288"}],"wp:attachment":[{"href":"https:\/\/www.hautes-alpes.net\/nl\/wp-json\/wp\/v2\/media?parent=108208"}],"wp:term":[{"taxonomy":"page_label","embeddable":true,"href":"https:\/\/www.hautes-alpes.net\/nl\/wp-json\/wp\/v2\/page_label?post=108208"}],"curies":[{"name":"wp","href":"https:\/\/api.w.org\/{rel}","templated":true}]}}