{"id":106652,"date":"2025-10-21T16:20:52","date_gmt":"2025-10-21T14:20:52","guid":{"rendered":"https:\/\/www.hautes-alpes.net\/de-durance-op-de-fiets\/"},"modified":"2026-04-14T14:05:53","modified_gmt":"2026-04-14T12:05:53","slug":"de-durance-op-de-fiets","status":"publish","type":"page","link":"https:\/\/www.hautes-alpes.net\/nl\/ontsnapt-aan\/de-durance-op-de-fiets\/","title":{"rendered":"Durance per fiets"},"content":{"rendered":"\n<div class=\"wp-block-group alignfull hero-banner-cover-float has-global-padding is-layout-constrained wp-block-group-is-layout-constrained\"><div class=\"yoast-breadcrumbs\"><span><span><a href=\"https:\/\/www.hautes-alpes.net\/nl\/hautes-alpes\/\">Accueil<\/a><\/span>  <span><a href=\"https:\/\/www.hautes-alpes.net\/nl\/ontsnapt-aan\/\">Ontsnapt aan<\/a><\/span>  <span><a href=\"https:\/\/www.hautes-alpes.net\/nl\/ontsnapt-aan\/\">Ontsnapt aan<\/a><\/span>  <span class=\"breadcrumb_last\" aria-current=\"page\">Durance per fiets<\/span><\/span><\/div>\n\n\n<h1 class=\"wp-block-ws-library-post-title\">Durance <span class=\"text-highlight\">per fiets<\/span><\/h1>\n\n\n\n<p class=\"subtitle\">Een route langs de rivier<\/p>\n\n\n\n<p>Volg de Durance <strong>van Brian\u00e7on tot Sisteron<\/strong> en laat je leiden door zijn landschappen, zijn dorpjes op heuveltoppen en zijn geheimen. Een fietstocht door bergen, boomgaarden en levend erfgoed. <\/p>\n\n\n\n<div class=\"wp-block-ws-library-media-embed ws-media-embed\"><img decoding=\"async\" src=\"https:\/\/www.hautes-alpes.net\/wp-content\/uploads\/2025\/11\/etape-2-2000x1000.jpg\" alt=\"\" class=\"ws-media-embed__image\" style=\"aspect-ratio:2000\/1000\"><\/div>\n<\/div>\n\n<div style=\"height:50px\" aria-hidden=\"true\" class=\"wp-block-spacer\"><\/div>\n\n<div class=\"wp-block-group alignfull block-etapes has-global-padding is-layout-constrained wp-block-group-is-layout-constrained\">\n<h2 class=\"wp-block-heading is-style-title-1\"><em>Je route5<\/em>belangrijke etappes <br\/><strong>langs de Durance<\/strong><\/h2>\n\n\n\n<p>La Durance \u00e0 v\u00e9lo loopt 438 km van Brian\u00e7on naar Avignon langs de rivier die vanaf de Montgen\u00e8vre-pas (2.390 m) naar beneden stroomt. Van de hoge valleien van de Alpen naar de boomgaarden van de Provence slingert de route zich door negen etappes: hooggelegen citadellen, balkons met uitzicht op het meer van Serre-Pon\u00e7on, de kloven van Sisteron en naar lavendel geurende vlaktes. Van de bergen tot de vlaktes wordt het landschap getransformeerd, waarbij erfgoed, biodiversiteit en de Proven\u00e7aalse manier van leven worden gecombineerd. En altijd, op het ritme van de pedalen, zijn er stations langs de route die haltes en tussenstops bieden op deze reis tussen de bergtoppen en de Middellandse Zee.   <\/p>\n<\/div>\n\n<div style=\"height:50px\" aria-hidden=\"true\" class=\"wp-block-spacer\"><\/div>\n\n<div class=\"wp-block-group alignfull step-by-step has-global-padding is-layout-constrained wp-block-group-is-layout-constrained\">\n<div class=\"wp-block-ws-library-ws-columns alignwide has-2-columns are-vertically-aligned-center layout-5050\">\n<div class=\"wp-block-ws-library-ws-column\"><div class=\"wrapper\">\n<h2 class=\"wp-block-heading\"><em>Dag 1<br\/><\/em><strong>Le Mon\u00eatier-les-Bains<\/strong> <strong>\u2192 L&#8217;Argenti\u00e8re-La Bess\u00e9e<\/strong><\/h2>\n\n\n\n<p>Aan de voet van de gletsjers slingert de weg zich door een vallei van licht. De bossen openen zich naar ruisende bergstromen, de bergtoppen houden de wacht en de Durance begeleidt de reiziger al naar de eerste dorpen van steen en hout. <\/p>\n<\/div><\/div>\n\n\n\n<div class=\"wp-block-ws-library-ws-column\"><div class=\"wrapper\">\n<div class=\"wp-block-ws-library-ws-image\"><div class=\"wrapper\"><div class=\"group-media\"><img decoding=\"async\" src=\"https:\/\/www.hautes-alpes.net\/wp-content\/uploads\/2025\/11\/etape-1-1240x800.jpg\" alt=\"\" class=\"single_image ws-image-78109\"><div class=\"credits\">P. Domeyne - AD05<\/div><\/div><p class=\"caption\"><\/p><\/div><\/div>\n<\/div><\/div>\n<\/div>\n\n\n\n<div class=\"wp-block-ws-library-ws-columns alignwide has-2-columns are-vertically-aligned-center layout-5050\">\n<div class=\"wp-block-ws-library-ws-column\"><div class=\"wrapper\">\n<h2 class=\"wp-block-heading\"><em>Dag 2<br\/><\/em><strong>L&#8217;Argenti\u00e8re-La Bess\u00e9e \u2192 Embrun<\/strong><\/h2>\n\n\n\n<p>De rivier krijgt zijn volle dimensie. De fietsroute slingert tussen steile kliffen en open hoogvlaktes en biedt adembenemende uitzichten op de alpiene groeven. De vestingwerken vertellen het verhaal, terwijl het water elke omleiding onderbreekt.  <\/p>\n<\/div><\/div>\n\n\n\n<div class=\"wp-block-ws-library-ws-column\"><div class=\"wrapper\">\n<div class=\"wp-block-ws-library-ws-image\"><div class=\"wrapper\"><div class=\"group-media\"><img decoding=\"async\" src=\"https:\/\/www.hautes-alpes.net\/wp-content\/uploads\/2025\/11\/mont-dauphin-bertrand-bodin-1-1240x800.jpg\" alt=\"\" class=\"single_image ws-image-78116\"><div class=\"credits\">B. Bodin<\/div><\/div><p class=\"caption\"><\/p><\/div><\/div>\n<\/div><\/div>\n<\/div>\n\n\n\n<div class=\"wp-block-ws-library-ws-columns alignwide has-2-columns are-vertically-aligned-center layout-5050\">\n<div class=\"wp-block-ws-library-ws-column\"><div class=\"wrapper\">\n<h2 class=\"wp-block-heading\"><em>Dag 3<br\/><\/em><strong>Embrun \u2192 Chorges<\/strong><\/h2>\n\n\n\n<p>De route slingert langs een balkon boven het majestueuze Lac de <a href=\"https:\/\/www.hautes-alpes.net\/nl\/bestemmingen-hautes-alpes\/serre-poncon\/\">Serre-Pon\u00e7on<\/a>. Geurende dennen en vredige baaien begeleiden de tocht. Het blauw van de lucht versmelt met dat van het water. De bergen, verderop, omlijsten dit vredige landschap.   <\/p>\n<\/div><\/div>\n\n\n\n<div class=\"wp-block-ws-library-ws-column\"><div class=\"wrapper\">\n<div class=\"wp-block-ws-library-ws-image\"><div class=\"wrapper\"><div class=\"group-media\"><img decoding=\"async\" src=\"https:\/\/www.hautes-alpes.net\/wp-content\/uploads\/2025\/11\/5d299778e318f8493212dc821d65e70815d18b1a-1240x800.jpg\" alt=\"\" class=\"single_image ws-image-33999\"><div class=\"credits\">Alpes Foto&#8217;s<\/div><\/div><p class=\"caption\"><\/p><\/div><\/div>\n<\/div><\/div>\n<\/div>\n\n\n\n<div class=\"wp-block-ws-library-ws-columns alignwide has-2-columns are-vertically-aligned-center layout-5050\">\n<div class=\"wp-block-ws-library-ws-column\"><div class=\"wrapper\">\n<h2 class=\"wp-block-heading\"><em>Dag 4<br\/><\/em><strong>Chorges \u2192 Tallard<\/strong><\/h2>\n\n\n\n<p>Het landschap wordt zachter. Boomgaarden, velden en dorpjes die zich vastklampen aan de heuvels markeren de toegang tot een zuidelijker landschap. Het licht verandert, zachter, bijna Proven\u00e7aals, en elke bocht onthult een nieuwe horizon.  <\/p>\n<\/div><\/div>\n\n\n\n<div class=\"wp-block-ws-library-ws-column\"><div class=\"wrapper\">\n<div class=\"wp-block-ws-library-ws-image\"><div class=\"wrapper\"><div class=\"group-media\"><img decoding=\"async\" src=\"https:\/\/www.hautes-alpes.net\/wp-content\/uploads\/2025\/11\/durance-a-velo-cedric-tempier-116-1240x800.jpg\" alt=\"\" class=\"single_image ws-image-78102\"><div class=\"credits\">C. Tempier - AD05<\/div><\/div><p class=\"caption\"><\/p><\/div><\/div>\n<\/div><\/div>\n<\/div>\n\n\n\n<div class=\"wp-block-ws-library-ws-columns alignwide has-2-columns are-vertically-aligned-center layout-5050\">\n<div class=\"wp-block-ws-library-ws-column\"><div class=\"wrapper\">\n<h2 class=\"wp-block-heading\"><em>Dag 5<br\/><\/em><strong>Tallard \u2192 Sisteron<\/strong><\/h2>\n\n\n\n<p>De Durance wordt breder, gevoed door kanalen en vruchtbare vlaktes. Lavendel en boomgaarden omzomen de route, voordat de kloven zich openen naar Sisteron, trots bewaakt door zijn citadel. Een etappe waar de bergen discreter worden en de Provence begint.  <\/p>\n<\/div><\/div>\n\n\n\n<div class=\"wp-block-ws-library-ws-column\"><div class=\"wrapper\">\n<div class=\"wp-block-ws-library-ws-image\"><div class=\"wrapper\"><div class=\"group-media\"><img decoding=\"async\" src=\"https:\/\/www.hautes-alpes.net\/wp-content\/uploads\/2025\/12\/sisteron-verneuil-1240x800.jpg\" alt=\"\" class=\"single_image ws-image-95009\"><div class=\"credits\">Verneuil<\/div><\/div><p class=\"caption\"><\/p><\/div><\/div>\n<\/div><\/div>\n<\/div>\n<\/div>\n\n<div style=\"height:50px\" aria-hidden=\"true\" class=\"wp-block-spacer\"><\/div>\n\n<div class=\"wp-block-ws-library-ws-gallery ws-gallery alignfull\"><div class=\"group-content\"><div class=\"field-title\">5 dagen, 5 landschappen<\/div><p class=\"field-text\">Ontdek de Hautes-Alpes langs de emblematische rivier de Durance<\/p><\/div><div class=\"list-images\"><div class=\"item item-media scroll-detect\" data-end-offset=\"30%\"><a href=\"https:\/\/www.hautes-alpes.net\/wp-content\/uploads\/2025\/11\/remi-morel-office-de-tourisme-serre-poncon-1-scaled.jpg\" class=\"item-media__link init-lightbox\" data-glightbox=\"ws-gallery\" data-gallery=\"ws-gallery\" data-title=\"\"><img loading=\"lazy\" decoding=\"async\" width=\"1024\" height=\"767\" src=\"https:\/\/www.hautes-alpes.net\/wp-content\/uploads\/2025\/11\/remi-morel-office-de-tourisme-serre-poncon-1-1024x767.jpg\" alt=\"\" class=\"ws-image wp-image-53434\" srcset=\"https:\/\/www.hautes-alpes.net\/wp-content\/uploads\/2025\/11\/remi-morel-office-de-tourisme-serre-poncon-1-1024x767.jpg 1024w, https:\/\/www.hautes-alpes.net\/wp-content\/uploads\/2025\/11\/remi-morel-office-de-tourisme-serre-poncon-1-300x225.jpg 300w, https:\/\/www.hautes-alpes.net\/wp-content\/uploads\/2025\/11\/remi-morel-office-de-tourisme-serre-poncon-1-768x575.jpg 768w, https:\/\/www.hautes-alpes.net\/wp-content\/uploads\/2025\/11\/remi-morel-office-de-tourisme-serre-poncon-1-1536x1150.jpg 1536w, https:\/\/www.hautes-alpes.net\/wp-content\/uploads\/2025\/11\/remi-morel-office-de-tourisme-serre-poncon-1-2048x1534.jpg 2048w, https:\/\/www.hautes-alpes.net\/wp-content\/uploads\/2025\/11\/remi-morel-office-de-tourisme-serre-poncon-1-480x359.jpg 480w, https:\/\/www.hautes-alpes.net\/wp-content\/uploads\/2025\/11\/remi-morel-office-de-tourisme-serre-poncon-1-855x640.jpg 855w, https:\/\/www.hautes-alpes.net\/wp-content\/uploads\/2025\/11\/remi-morel-office-de-tourisme-serre-poncon-1-828x620.jpg 828w\" sizes=\"auto, (max-width: 1024px) 100vw, 1024px\" \/><\/a><\/div><div class=\"item item-media scroll-detect\" data-end-offset=\"30%\"><a href=\"https:\/\/www.hautes-alpes.net\/wp-content\/uploads\/2025\/11\/serre-poncon-28-scaled.jpg\" class=\"item-media__link init-lightbox\" data-glightbox=\"ws-gallery\" data-gallery=\"ws-gallery\" data-title=\"\"><img loading=\"lazy\" decoding=\"async\" width=\"1024\" height=\"683\" src=\"https:\/\/www.hautes-alpes.net\/wp-content\/uploads\/2025\/11\/serre-poncon-28-1024x683.jpg\" alt=\"\" class=\"ws-image wp-image-53667\" srcset=\"https:\/\/www.hautes-alpes.net\/wp-content\/uploads\/2025\/11\/serre-poncon-28-1024x683.jpg 1024w, https:\/\/www.hautes-alpes.net\/wp-content\/uploads\/2025\/11\/serre-poncon-28-300x200.jpg 300w, https:\/\/www.hautes-alpes.net\/wp-content\/uploads\/2025\/11\/serre-poncon-28-768x512.jpg 768w, https:\/\/www.hautes-alpes.net\/wp-content\/uploads\/2025\/11\/serre-poncon-28-1536x1024.jpg 1536w, https:\/\/www.hautes-alpes.net\/wp-content\/uploads\/2025\/11\/serre-poncon-28-2048x1365.jpg 2048w, https:\/\/www.hautes-alpes.net\/wp-content\/uploads\/2025\/11\/serre-poncon-28-480x320.jpg 480w, https:\/\/www.hautes-alpes.net\/wp-content\/uploads\/2025\/11\/serre-poncon-28-960x640.jpg 960w, https:\/\/www.hautes-alpes.net\/wp-content\/uploads\/2025\/11\/serre-poncon-28-660x440.jpg 660w, https:\/\/www.hautes-alpes.net\/wp-content\/uploads\/2025\/11\/serre-poncon-28-525x350.jpg 525w, https:\/\/www.hautes-alpes.net\/wp-content\/uploads\/2025\/11\/serre-poncon-28-930x620.jpg 930w\" sizes=\"auto, (max-width: 1024px) 100vw, 1024px\" \/><\/a><\/div><div class=\"item item-media scroll-detect\" data-end-offset=\"30%\"><a href=\"https:\/\/www.hautes-alpes.net\/wp-content\/uploads\/2025\/11\/d771f147e7936a05660852790a32b19f23b5bba9-scaled.jpg\" class=\"item-media__link init-lightbox\" data-glightbox=\"ws-gallery\" data-gallery=\"ws-gallery\" data-title=\"\"><img loading=\"lazy\" decoding=\"async\" width=\"1024\" height=\"768\" src=\"https:\/\/www.hautes-alpes.net\/wp-content\/uploads\/2025\/11\/d771f147e7936a05660852790a32b19f23b5bba9-1024x768.jpg\" alt=\"\" class=\"ws-image wp-image-34020\" srcset=\"https:\/\/www.hautes-alpes.net\/wp-content\/uploads\/2025\/11\/d771f147e7936a05660852790a32b19f23b5bba9-1024x768.jpg 1024w, https:\/\/www.hautes-alpes.net\/wp-content\/uploads\/2025\/11\/d771f147e7936a05660852790a32b19f23b5bba9-300x225.jpg 300w, https:\/\/www.hautes-alpes.net\/wp-content\/uploads\/2025\/11\/d771f147e7936a05660852790a32b19f23b5bba9-768x576.jpg 768w, https:\/\/www.hautes-alpes.net\/wp-content\/uploads\/2025\/11\/d771f147e7936a05660852790a32b19f23b5bba9-1536x1152.jpg 1536w, https:\/\/www.hautes-alpes.net\/wp-content\/uploads\/2025\/11\/d771f147e7936a05660852790a32b19f23b5bba9-2048x1536.jpg 2048w, https:\/\/www.hautes-alpes.net\/wp-content\/uploads\/2025\/11\/d771f147e7936a05660852790a32b19f23b5bba9-480x360.jpg 480w, https:\/\/www.hautes-alpes.net\/wp-content\/uploads\/2025\/11\/d771f147e7936a05660852790a32b19f23b5bba9-853x640.jpg 853w, https:\/\/www.hautes-alpes.net\/wp-content\/uploads\/2025\/11\/d771f147e7936a05660852790a32b19f23b5bba9-827x620.jpg 827w\" sizes=\"auto, (max-width: 1024px) 100vw, 1024px\" \/><\/a><\/div><div class=\"item item-media scroll-detect\" data-end-offset=\"30%\"><a href=\"https:\/\/www.hautes-alpes.net\/wp-content\/uploads\/2025\/11\/simon-e1764842052609.jpg\" class=\"item-media__link init-lightbox\" data-glightbox=\"ws-gallery\" data-gallery=\"ws-gallery\" data-title=\"\"><img loading=\"lazy\" decoding=\"async\" width=\"1024\" height=\"696\" src=\"https:\/\/www.hautes-alpes.net\/wp-content\/uploads\/2025\/11\/simon-1024x696.jpg\" alt=\"\" class=\"ws-image wp-image-78119\"><\/a><\/div><\/div><\/div>\n\n<div style=\"height:50px\" aria-hidden=\"true\" class=\"wp-block-spacer\"><\/div>\n<div class=\"wp-block-ws-library-ws-last-document\"><div class=\"card card-document ws-last-document\"><div class=\"group-content\"><div class=\"field-title\"><h3>Brochure De Durance per fiets<\/h3><\/div><div class=\"group-details\"><\/div><\/div><\/div><\/div>\n<div class=\"wp-block-group block-podcast has-global-padding is-layout-constrained wp-block-group-is-layout-constrained\">\n<div class=\"wp-block-group inner-content has-global-padding is-layout-constrained wp-block-group-is-layout-constrained\">\n<div class=\"wp-block-group wrapper-blurry is-layout-flow wp-block-group-is-layout-flow\">\n<h2 class=\"wp-block-heading has-text-align-center\">De stemmen van de <strong>Durance<\/strong><\/h2>\n\n\n\n<p class=\"has-text-align-center\"><\/p>\n<\/div>\n\n\n\n<figure class=\"wp-block-audio\"><audio controls=\"\" src=\"https:\/\/www.hautes-alpes.net\/wp-content\/uploads\/2025\/11\/episode-1-court.mp3\"><\/audio><\/figure>\n<\/div>\n<\/div>\n\n<div class=\"wp-block-ws-library-ws-animated-quote\"><blockquote class=\"quote-container quote-align-undefined\" cite=\"https:\/\/www.websenso.com\"><div class=\"group-media\"><div class=\"field-image\"><img decoding=\"async\" class=\"quote-avatar ws-image-78119\" src=\"https:\/\/www.hautes-alpes.net\/wp-content\/uploads\/2025\/11\/simon-e1764842052609-160x160.jpg\" data-full-url=\"https:\/\/www.hautes-alpes.net\/wp-content\/uploads\/2025\/11\/simon-e1764842052609.jpg\" alt=\"\"><\/div><\/div><footer><cite class=\"quote-subcontent\"><strong>Simon,<\/strong> <br>fietser<\/cite><\/footer><p class=\"quote-content\">Ik heb een ander gezicht van de Hautes-Alpes ontdekt: langzamer, authentieker. De dorpjes, de pauzes, de ontmoetingen&#8230; puur plezier op twee wielen. Ik dacht dat ik de Durance kende, maar op de fiets vertelde het me een heel ander verhaal, een van wildernis en levend erfgoed.  <\/p><\/blockquote><\/div>\n\n<div style=\"height:50px\" aria-hidden=\"true\" class=\"wp-block-spacer\"><\/div>\n\n<h2 class=\"wp-block-heading is-style-title-1\"><strong>Praktisch<\/strong> notitieboek<\/h2>\n\n<div class=\"wp-block-ws-library-ws-tabs alignfull\"><ul class=\"tabs-titles\"><li class=\"tab-title is-active\" data-tab-index=\"0\">Aanbevolen uitrusting<\/li><li class=\"tab-title\" data-tab-index=\"1\">Altimetrisch profiel<\/li><li class=\"tab-title\" data-tab-index=\"2\">Tabel met afstanden<\/li><\/ul><div class=\"tabs-list\">\n<div class=\"wp-block-ws-library-ws-tab\" style=\"display:none\"><p class=\"tab-title\">Aanbevolen uitrusting<\/p><div class=\"tab-content\">\n<div class=\"wp-block-group tab-row is-nowrap is-layout-flex wp-container-core-group-is-layout-6c531013 wp-block-group-is-layout-flex\">\n<div class=\"wp-block-group tab-group-content is-layout-flow wp-block-group-is-layout-flow\">\n<p>In de Hautes-Alpes zijn we gewend aan wegen die klimmen als muren, afdalingen waar de remmen je beste vrienden worden en bochten die altijd verhalen blijven vertellen. Fietsen is een beetje zoals onze speeltuin&#8230; maar een gedeelde speeltuin, en dat verandert alles.<br\/>Een paar nuttige herinneringen:<\/p>\n\n\n\n<ul class=\"wp-block-list\">\n<li>De helm: hij heeft nog nooit iemand ervan weerhouden om stijl te hebben, maar hij heeft al heel wat onnodige hobbels voorkomen. We laten jou de kleur kiezen, maar draag hem om jezelf te beschermen. <\/li>\n\n\n\n<li>Zichtbaarheid: tussen een kudde schapen, een rij campers en een onweersbui kun je maar beter gezien worden. Draag fluorescerende kleding en draag een zaklamp om misverstanden te voorkomen. <\/li>\n\n\n\n<li>Bergaf: nee, de D234 is niet de Mario Kart-versie van Granon. Blijf aan de rechterkant, kijk uit voor blinde bochten en doe het rustig aan met je remblokken (ook zij hebben recht op een lang leven). <\/li>\n\n\n\n<li>Andere weggebruikers: ja, de weg is voor iedereen toegankelijk, zelfs voor de oude 205 die moeite heeft met bergop rijden. Een handgebaar, een bedankje en de sfeer blijft luchtig. <\/li>\n\n\n\n<li>De bergen: veranderlijk weer, soms hobbelige wegen en marmotten die oversteken zonder te kijken&#8230; Wees voorbereid op het onverwachte.<\/li>\n\n\n\n<li>VTC (V\u00e9lo Tout Chemin) voor meer veelzijdigheid, vooral als je minder gladde paden of tracks wilt nemen.<\/li>\n<\/ul>\n<\/div>\n<\/div>\n<\/div><\/div>\n\n\n\n<div class=\"wp-block-ws-library-ws-tab\" style=\"display:none\"><p class=\"tab-title\">Altimetrisch profiel<\/p><div class=\"tab-content\">\n<div class=\"wp-block-group tab-row is-nowrap is-layout-flex wp-container-core-group-is-layout-6c531013 wp-block-group-is-layout-flex\">\n<div class=\"wp-block-group tab-group-content is-layout-flow wp-block-group-is-layout-flow\">\n<p><br\/><\/p>\n\n\n\n<div class=\"wp-block-ws-library-ws-image tab-group-media\"><div class=\"wrapper\"><div class=\"group-media\"><img decoding=\"async\" src=\"https:\/\/www.hautes-alpes.net\/wp-content\/uploads\/2025\/12\/capture-decran-2025-12-04-1116024-1240x534.png\" alt=\"\" class=\"single_image ws-image-95019\"><div class=\"credits\"><\/div><\/div><p class=\"caption\"><\/p><\/div><\/div>\n<\/div>\n<\/div>\n<\/div><\/div>\n\n\n\n<div class=\"wp-block-ws-library-ws-tab\" style=\"display:none\"><p class=\"tab-title\">Tabel met afstanden<\/p><div class=\"tab-content\">\n<div class=\"wp-block-group tab-row is-nowrap is-layout-flex wp-container-core-group-is-layout-6c531013 wp-block-group-is-layout-flex\">\n<div class=\"wp-block-group tab-group-content is-layout-flow wp-block-group-is-layout-flow\">\n<div class=\"wp-block-ws-library-ws-image\"><div class=\"wrapper\"><div class=\"group-media\"><img decoding=\"async\" src=\"https:\/\/www.hautes-alpes.net\/wp-content\/uploads\/2025\/12\/capture-decran-2025-12-04-110514.png\" alt=\"\" class=\"single_image ws-image-95012\"><div class=\"credits\"><\/div><\/div><p class=\"caption\"><\/p><\/div><\/div>\n<\/div>\n<\/div>\n<\/div><\/div>\n<\/div><\/div>\n\n<div class=\"wp-block-ws-library-ws-share\"><span class=\"share-subtitle\">Vond je deze pagina leuk?<\/span><span class=\"share-title\">Deel het!<\/span><button class=\"ws-share-button wp-element-button\">Deel deze pagina<\/button><\/div>\n","protected":false},"excerpt":{"rendered":"<p>Een route langs de rivier Volg de Durance van Brian\u00e7on tot Sisteron en laat je leiden door zijn landschappen, zijn [&hellip;]<\/p>\n","protected":false},"author":1,"featured_media":0,"parent":107911,"menu_order":0,"comment_status":"closed","ping_status":"closed","template":"","meta":{"is_dark_mode":false,"footnotes":""},"page_label":[],"class_list":["post-106652","page","type-page","status-publish","hentry"],"yoast_head":"<!-- This site is optimized with the Yoast SEO plugin v27.2 - https:\/\/yoast.com\/product\/yoast-seo-wordpress\/ -->\n<title>Durance per fiets - Hautes-Alpes<\/title>\n<meta name=\"description\" content=\"Durance per fiets Een route langs de rivier Volg de Durance van Brian\u00e7on tot Sisteron en laat je leiden door zijn landschappen, zijn dorpjes op\" \/>\n<meta name=\"robots\" content=\"index, follow, max-snippet:-1, max-image-preview:large, max-video-preview:-1\" \/>\n<link rel=\"canonical\" href=\"https:\/\/www.hautes-alpes.net\/nl\/ontsnapt-aan\/de-durance-op-de-fiets\/\" \/>\n<meta property=\"og:locale\" content=\"nl_NL\" \/>\n<meta property=\"og:type\" content=\"article\" \/>\n<meta property=\"og:title\" content=\"Durance per fiets - Hautes-Alpes\" \/>\n<meta property=\"og:description\" content=\"Durance per fiets Een route langs de rivier Volg de Durance van Brian\u00e7on tot Sisteron en laat je leiden door zijn landschappen, zijn dorpjes op\" \/>\n<meta property=\"og:url\" content=\"https:\/\/www.hautes-alpes.net\/nl\/ontsnapt-aan\/de-durance-op-de-fiets\/\" \/>\n<meta property=\"og:site_name\" content=\"Hautes-Alpes\" \/>\n<meta property=\"article:modified_time\" content=\"2026-04-14T12:05:53+00:00\" \/>\n<meta property=\"og:image\" content=\"https:\/\/www.hautes-alpes.net\/wp-content\/uploads\/2025\/11\/etape-2-2000x1000.jpg\" \/>\n<meta name=\"twitter:card\" content=\"summary_large_image\" \/>\n<meta name=\"twitter:label1\" content=\"Geschatte leestijd\" \/>\n\t<meta name=\"twitter:data1\" content=\"3 minuten\" \/>\n<script type=\"application\/ld+json\" class=\"yoast-schema-graph\">{\"@context\":\"https:\/\/schema.org\",\"@graph\":[{\"@type\":\"WebPage\",\"@id\":\"https:\/\/www.hautes-alpes.net\/nl\/ontsnapt-aan\/de-durance-op-de-fiets\/\",\"url\":\"https:\/\/www.hautes-alpes.net\/nl\/ontsnapt-aan\/de-durance-op-de-fiets\/\",\"name\":\"Durance per fiets - Hautes-Alpes\",\"isPartOf\":{\"@id\":\"https:\/\/www.hautes-alpes.net\/nl\/#website\"},\"primaryImageOfPage\":{\"@id\":\"https:\/\/www.hautes-alpes.net\/nl\/ontsnapt-aan\/de-durance-op-de-fiets\/#primaryimage\"},\"image\":{\"@id\":\"https:\/\/www.hautes-alpes.net\/nl\/ontsnapt-aan\/de-durance-op-de-fiets\/#primaryimage\"},\"thumbnailUrl\":\"https:\/\/www.hautes-alpes.net\/wp-content\/uploads\/2025\/11\/etape-2-2000x1000.jpg\",\"datePublished\":\"2025-10-21T14:20:52+00:00\",\"dateModified\":\"2026-04-14T12:05:53+00:00\",\"description\":\"Durance per fiets Een route langs de rivier Volg de Durance van Brian\u00e7on tot Sisteron en laat je leiden door zijn landschappen, zijn dorpjes op\",\"breadcrumb\":{\"@id\":\"https:\/\/www.hautes-alpes.net\/nl\/ontsnapt-aan\/de-durance-op-de-fiets\/#breadcrumb\"},\"inLanguage\":\"nl-NL\",\"potentialAction\":[{\"@type\":\"ReadAction\",\"target\":[\"https:\/\/www.hautes-alpes.net\/nl\/ontsnapt-aan\/de-durance-op-de-fiets\/\"]}]},{\"@type\":\"ImageObject\",\"inLanguage\":\"nl-NL\",\"@id\":\"https:\/\/www.hautes-alpes.net\/nl\/ontsnapt-aan\/de-durance-op-de-fiets\/#primaryimage\",\"url\":\"https:\/\/www.hautes-alpes.net\/wp-content\/uploads\/2025\/11\/etape-2-2000x1000.jpg\",\"contentUrl\":\"https:\/\/www.hautes-alpes.net\/wp-content\/uploads\/2025\/11\/etape-2-2000x1000.jpg\"},{\"@type\":\"BreadcrumbList\",\"@id\":\"https:\/\/www.hautes-alpes.net\/nl\/ontsnapt-aan\/de-durance-op-de-fiets\/#breadcrumb\",\"itemListElement\":[{\"@type\":\"ListItem\",\"position\":1,\"name\":\"Accueil\",\"item\":\"https:\/\/www.hautes-alpes.net\/nl\/hautes-alpes\/\"},{\"@type\":\"ListItem\",\"position\":2,\"name\":\"Ontsnapt aan\",\"item\":\"https:\/\/www.hautes-alpes.net\/nl\/ontsnapt-aan\/\"},{\"@type\":\"ListItem\",\"position\":3,\"name\":\"Ontsnapt aan\",\"item\":\"https:\/\/www.hautes-alpes.net\/nl\/ontsnapt-aan\/\"},{\"@type\":\"ListItem\",\"position\":4,\"name\":\"Durance per fiets\"}]},{\"@type\":\"WebSite\",\"@id\":\"https:\/\/www.hautes-alpes.net\/nl\/#website\",\"url\":\"https:\/\/www.hautes-alpes.net\/nl\/\",\"name\":\"ADDET\",\"description\":\"\",\"publisher\":{\"@id\":\"https:\/\/www.hautes-alpes.net\/nl\/#organization\"},\"potentialAction\":[{\"@type\":\"SearchAction\",\"target\":{\"@type\":\"EntryPoint\",\"urlTemplate\":\"https:\/\/www.hautes-alpes.net\/nl\/?s={search_term_string}\"},\"query-input\":{\"@type\":\"PropertyValueSpecification\",\"valueRequired\":true,\"valueName\":\"search_term_string\"}}],\"inLanguage\":\"nl-NL\"},{\"@type\":\"Organization\",\"@id\":\"https:\/\/www.hautes-alpes.net\/nl\/#organization\",\"name\":\"Agence D\u00e9partementale de D\u00e9veloppement Economique et Touristique des Hautes-Alpes\",\"url\":\"https:\/\/www.hautes-alpes.net\/nl\/\",\"logo\":{\"@type\":\"ImageObject\",\"inLanguage\":\"nl-NL\",\"@id\":\"https:\/\/www.hautes-alpes.net\/nl\/#\/schema\/logo\/image\/\",\"url\":\"https:\/\/www.hautes-alpes.net\/wp-content\/uploads\/2026\/01\/black-logo-2.svg\",\"contentUrl\":\"https:\/\/www.hautes-alpes.net\/wp-content\/uploads\/2026\/01\/black-logo-2.svg\",\"caption\":\"Agence D\u00e9partementale de D\u00e9veloppement Economique et Touristique des Hautes-Alpes\"},\"image\":{\"@id\":\"https:\/\/www.hautes-alpes.net\/nl\/#\/schema\/logo\/image\/\"}}]}<\/script>\n<!-- \/ Yoast SEO plugin. -->","yoast_head_json":{"title":"Durance per fiets - Hautes-Alpes","description":"Durance per fiets Een route langs de rivier Volg de Durance van Brian\u00e7on tot Sisteron en laat je leiden door zijn landschappen, zijn dorpjes op","robots":{"index":"index","follow":"follow","max-snippet":"max-snippet:-1","max-image-preview":"max-image-preview:large","max-video-preview":"max-video-preview:-1"},"canonical":"https:\/\/www.hautes-alpes.net\/nl\/ontsnapt-aan\/de-durance-op-de-fiets\/","og_locale":"nl_NL","og_type":"article","og_title":"Durance per fiets - Hautes-Alpes","og_description":"Durance per fiets Een route langs de rivier Volg de Durance van Brian\u00e7on tot Sisteron en laat je leiden door zijn landschappen, zijn dorpjes op","og_url":"https:\/\/www.hautes-alpes.net\/nl\/ontsnapt-aan\/de-durance-op-de-fiets\/","og_site_name":"Hautes-Alpes","article_modified_time":"2026-04-14T12:05:53+00:00","og_image":[{"url":"https:\/\/www.hautes-alpes.net\/wp-content\/uploads\/2025\/11\/etape-2-2000x1000.jpg","type":"","width":"","height":""}],"twitter_card":"summary_large_image","twitter_misc":{"Geschatte leestijd":"3 minuten"},"schema":{"@context":"https:\/\/schema.org","@graph":[{"@type":"WebPage","@id":"https:\/\/www.hautes-alpes.net\/nl\/ontsnapt-aan\/de-durance-op-de-fiets\/","url":"https:\/\/www.hautes-alpes.net\/nl\/ontsnapt-aan\/de-durance-op-de-fiets\/","name":"Durance per fiets - Hautes-Alpes","isPartOf":{"@id":"https:\/\/www.hautes-alpes.net\/nl\/#website"},"primaryImageOfPage":{"@id":"https:\/\/www.hautes-alpes.net\/nl\/ontsnapt-aan\/de-durance-op-de-fiets\/#primaryimage"},"image":{"@id":"https:\/\/www.hautes-alpes.net\/nl\/ontsnapt-aan\/de-durance-op-de-fiets\/#primaryimage"},"thumbnailUrl":"https:\/\/www.hautes-alpes.net\/wp-content\/uploads\/2025\/11\/etape-2-2000x1000.jpg","datePublished":"2025-10-21T14:20:52+00:00","dateModified":"2026-04-14T12:05:53+00:00","description":"Durance per fiets Een route langs de rivier Volg de Durance van Brian\u00e7on tot Sisteron en laat je leiden door zijn landschappen, zijn dorpjes op","breadcrumb":{"@id":"https:\/\/www.hautes-alpes.net\/nl\/ontsnapt-aan\/de-durance-op-de-fiets\/#breadcrumb"},"inLanguage":"nl-NL","potentialAction":[{"@type":"ReadAction","target":["https:\/\/www.hautes-alpes.net\/nl\/ontsnapt-aan\/de-durance-op-de-fiets\/"]}]},{"@type":"ImageObject","inLanguage":"nl-NL","@id":"https:\/\/www.hautes-alpes.net\/nl\/ontsnapt-aan\/de-durance-op-de-fiets\/#primaryimage","url":"https:\/\/www.hautes-alpes.net\/wp-content\/uploads\/2025\/11\/etape-2-2000x1000.jpg","contentUrl":"https:\/\/www.hautes-alpes.net\/wp-content\/uploads\/2025\/11\/etape-2-2000x1000.jpg"},{"@type":"BreadcrumbList","@id":"https:\/\/www.hautes-alpes.net\/nl\/ontsnapt-aan\/de-durance-op-de-fiets\/#breadcrumb","itemListElement":[{"@type":"ListItem","position":1,"name":"Accueil","item":"https:\/\/www.hautes-alpes.net\/nl\/hautes-alpes\/"},{"@type":"ListItem","position":2,"name":"Ontsnapt aan","item":"https:\/\/www.hautes-alpes.net\/nl\/ontsnapt-aan\/"},{"@type":"ListItem","position":3,"name":"Ontsnapt aan","item":"https:\/\/www.hautes-alpes.net\/nl\/ontsnapt-aan\/"},{"@type":"ListItem","position":4,"name":"Durance per fiets"}]},{"@type":"WebSite","@id":"https:\/\/www.hautes-alpes.net\/nl\/#website","url":"https:\/\/www.hautes-alpes.net\/nl\/","name":"ADDET","description":"","publisher":{"@id":"https:\/\/www.hautes-alpes.net\/nl\/#organization"},"potentialAction":[{"@type":"SearchAction","target":{"@type":"EntryPoint","urlTemplate":"https:\/\/www.hautes-alpes.net\/nl\/?s={search_term_string}"},"query-input":{"@type":"PropertyValueSpecification","valueRequired":true,"valueName":"search_term_string"}}],"inLanguage":"nl-NL"},{"@type":"Organization","@id":"https:\/\/www.hautes-alpes.net\/nl\/#organization","name":"Agence D\u00e9partementale de D\u00e9veloppement Economique et Touristique des Hautes-Alpes","url":"https:\/\/www.hautes-alpes.net\/nl\/","logo":{"@type":"ImageObject","inLanguage":"nl-NL","@id":"https:\/\/www.hautes-alpes.net\/nl\/#\/schema\/logo\/image\/","url":"https:\/\/www.hautes-alpes.net\/wp-content\/uploads\/2026\/01\/black-logo-2.svg","contentUrl":"https:\/\/www.hautes-alpes.net\/wp-content\/uploads\/2026\/01\/black-logo-2.svg","caption":"Agence D\u00e9partementale de D\u00e9veloppement Economique et Touristique des Hautes-Alpes"},"image":{"@id":"https:\/\/www.hautes-alpes.net\/nl\/#\/schema\/logo\/image\/"}}]}},"_links":{"self":[{"href":"https:\/\/www.hautes-alpes.net\/nl\/wp-json\/wp\/v2\/pages\/106652","targetHints":{"allow":["GET"]}}],"collection":[{"href":"https:\/\/www.hautes-alpes.net\/nl\/wp-json\/wp\/v2\/pages"}],"about":[{"href":"https:\/\/www.hautes-alpes.net\/nl\/wp-json\/wp\/v2\/types\/page"}],"author":[{"embeddable":true,"href":"https:\/\/www.hautes-alpes.net\/nl\/wp-json\/wp\/v2\/users\/1"}],"replies":[{"embeddable":true,"href":"https:\/\/www.hautes-alpes.net\/nl\/wp-json\/wp\/v2\/comments?post=106652"}],"version-history":[{"count":10,"href":"https:\/\/www.hautes-alpes.net\/nl\/wp-json\/wp\/v2\/pages\/106652\/revisions"}],"predecessor-version":[{"id":473083,"href":"https:\/\/www.hautes-alpes.net\/nl\/wp-json\/wp\/v2\/pages\/106652\/revisions\/473083"}],"up":[{"embeddable":true,"href":"https:\/\/www.hautes-alpes.net\/nl\/wp-json\/wp\/v2\/pages\/107911"}],"wp:attachment":[{"href":"https:\/\/www.hautes-alpes.net\/nl\/wp-json\/wp\/v2\/media?parent=106652"}],"wp:term":[{"taxonomy":"page_label","embeddable":true,"href":"https:\/\/www.hautes-alpes.net\/nl\/wp-json\/wp\/v2\/page_label?post=106652"}],"curies":[{"name":"wp","href":"https:\/\/api.w.org\/{rel}","templated":true}]}}