{"id":104936,"date":"2025-12-05T08:38:51","date_gmt":"2025-12-05T07:38:51","guid":{"rendered":"https:\/\/www.hautes-alpes.net\/residences\/"},"modified":"2025-12-24T11:42:49","modified_gmt":"2025-12-24T10:42:49","slug":"residences","status":"publish","type":"page","link":"https:\/\/www.hautes-alpes.net\/nl\/organiseren\/residences\/","title":{"rendered":"Residences"},"content":{"rendered":"\n<div class=\"wp-block-group alignfull hero-banner-simple has-global-padding is-layout-constrained wp-block-group-is-layout-constrained\"><div class=\"yoast-breadcrumbs\"><span><span><a href=\"https:\/\/www.hautes-alpes.net\/nl\/hautes-alpes\/\">Accueil<\/a><\/span>  <span><a href=\"https:\/\/www.hautes-alpes.net\/nl\/organiseren\/\">Organiseren<\/a><\/span>  <span><a href=\"https:\/\/www.hautes-alpes.net\/nl\/organiseren\/\">Organiseren<\/a><\/span>  <span class=\"breadcrumb_last\" aria-current=\"page\">Residences<\/span><\/span><\/div>\n\n\n<h1 class=\"wp-block-ws-library-post-title\">Residences<\/h1>\n\n\n\n<p class=\"subtitle wp-block-paragraph\">Praktisch en comfort<\/p>\n\n\n\n<p class=\"wp-block-paragraph\"><\/p>\n<\/div>\n\n<div class=\"wp-block-ws-library-ws-banner alignfull\"><div class=\"wrapper\"><div class=\"group-media\"><img decoding=\"async\" width=\"1600\" height=\"480\" src=\"https:\/\/www.hautes-alpes.net\/wp-content\/uploads\/2025\/12\/bois-mean-les-orres-bbodin-1-1600x480.jpg\" alt=\"\" class=\"single_image wp-image-101372\"><div class=\"credits\">B. Bodin<\/div><\/div>\n<div class=\"group-content\"><p class=\"wp-block-paragraph\">Vakantiewoningen zijn ideaal om onafhankelijkheid te combineren met hotelservices. Geniet van volledig uitgeruste accommodatie, vaak gelegen aan de voet van de pistes of dicht bij voorzieningen. <\/p><\/div>\n<\/div><\/div>\n<div id=\"listing_4d285\" data-observer-wishlist class=\"ws-listing wp-block-ws-apidae-library-listing-avance alignwide\" data-map-id=\"map_4d285\" data-locations-id=\"locations-data_4d285\"><div class=\"panel-fixe panel-facets\"><div class=\"panel-overlay toggle-facets\"><\/div><div class=\"panel-inner\"><div class=\"panel-header\"><div class=\"panel-title\">Filters<\/div><a href=\"#\" class=\"panel-close toggle-facets\">Sluiten<\/a><\/div><div class=\"panel-content\"><div class=\"group-summary\"><div class=\"facetwp-selections\"><\/div><a href=\"#\" class=\"link-reset\">Verwijderen<\/a><\/div><div class=\"facetwp-facet facetwp-facet-classement facetwp-type-rating\" data-name=\"classement\" data-type=\"rating\"><\/div><div class=\"facetwp-facet facetwp-facet-territoires facetwp-type-fselect\" data-name=\"territoires\" data-type=\"fselect\"><\/div><div class=\"facetwp-facet facetwp-facet-station facetwp-type-fselect\" data-name=\"station\" data-type=\"fselect\"><\/div><div class=\"facetwp-facet facetwp-facet-commune facetwp-type-fselect\" data-name=\"commune\" data-type=\"fselect\"><\/div><\/div><div class=\"panel-footer\"><div class=\"facet-buttons\"><button type=\"submit\" class=\"btn btn-1 toggle-facets facetwp-count-btn\">Alles bekijken <span class=\"results-count\"><\/span> resultaten<\/button><\/div><\/div><\/div><\/div><div class=\"listing-header\"><div class=\"toggle-container\"><button class=\"btn toggle-btn toggle-facets\" data-target=\"facets\">Filters<\/button><\/div><\/div><div class=\"facetwp-template\"><div class=\"list-container active\"><div class=\"list-items\"><div class=\"item\" ><div class=\"card card-apidae card-avance post-type-apidae\"><div class=\"group-top\"><\/div><div class=\"group-media\"><div class=\"field-image\"><img decoding=\"async\" src=\"https:\/\/images.weserv.nl\/?url=https:\/\/static.apidae-tourisme.com\/filestore\/objets-touristiques\/images\/209\/105\/14641617-diaporama.jpg&#038;w=550&#038;h=350&#038;fit=cover&#038;output=webp&#038;q=45\" alt=\"La Recula\"\/><\/div><\/div><div class=\"group-content\"><div class=\"field-commune\">Saint-L\u00e9ger-les-M\u00e9l\u00e8zes<\/div><div class=\"field-title\">La Recula<\/div><div class=\"field-description\">Vakantiecentrum op de pistes, geschikt voor zomerkampen, sportgroepen met kinderen-volwassenen.<\/div><\/div><div class=\"field-link\"><a href=\"https:\/\/www.hautes-alpes.net\/nl\/fiche\/la-recula-3\/\" class=\"cardlink\">La Recula<\/a><\/div><\/div><\/div><div class=\"item\" ><div class=\"card card-apidae card-avance post-type-apidae\"><div class=\"group-top\"><\/div><div class=\"group-media\"><div class=\"field-image\"><img decoding=\"async\" src=\"https:\/\/images.weserv.nl\/?url=https:\/\/static.apidae-tourisme.com\/filestore\/objets-touristiques\/images\/44\/174\/26848812-diaporama.jpg&#038;w=550&#038;h=350&#038;fit=cover&#038;output=webp&#038;q=45\" alt=\"Le Pavillon des Officiers - ODCVL\"\/><\/div><\/div><div class=\"group-content\"><div class=\"field-commune\">Mont-Dauphin<\/div><div class=\"field-title\">Le Pavillon des Officiers - ODCVL<\/div><\/div><div class=\"field-link\"><a href=\"https:\/\/www.hautes-alpes.net\/nl\/fiche\/le-pavillon-des-officiers-odcvl-6\/\" class=\"cardlink\">Le Pavillon des Officiers - ODCVL<\/a><\/div><\/div><\/div><div class=\"item\" ><div class=\"card card-apidae card-avance post-type-apidae\"><div class=\"group-top\"><\/div><div class=\"group-media\"><div class=\"field-image\"><img decoding=\"async\" src=\"https:\/\/images.weserv.nl\/?url=https:\/\/static.apidae-tourisme.com\/filestore\/objets-touristiques\/images\/24\/144\/8491032-diaporama.jpg&#038;w=550&#038;h=350&#038;fit=cover&#038;output=webp&#038;q=45\" alt=\"H\u00f4tel Club Les Hyvans\"\/><\/div><\/div><div class=\"group-content\"><div class=\"field-commune\">Chorges<\/div><div class=\"field-title\">H\u00f4tel Club Les Hyvans<\/div><\/div><div class=\"field-link\"><a href=\"https:\/\/www.hautes-alpes.net\/nl\/fiche\/hotel-club-les-hyvans-6\/\" class=\"cardlink\">H\u00f4tel Club Les Hyvans<\/a><\/div><\/div><\/div><div class=\"item\" ><div class=\"card card-apidae card-avance post-type-apidae\"><div class=\"group-top\"><\/div><div class=\"group-media\"><div class=\"field-image\"><img decoding=\"async\" src=\"https:\/\/images.weserv.nl\/?url=https:\/\/static.apidae-tourisme.com\/filestore\/objets-touristiques\/images\/162\/215\/26007458-diaporama.jpg&#038;w=550&#038;h=350&#038;fit=cover&#038;output=webp&#038;q=45\" alt=\"La Fromenti\u00e8re\"\/><\/div><\/div><div class=\"group-content\"><div class=\"field-commune\">Saint-Michel-de-Chaillol<\/div><div class=\"field-title\">La Fromenti\u00e8re<\/div><div class=\"field-description\">La Fromenti\u00e8re is ideaal gelegen voor het beoefenen van wintersportactiviteiten en het ontdekken van de bergen tijdens alle seizoenen. Centrum erkend door departementale sport-&#8230;<\/div><\/div><div class=\"field-link\"><a href=\"https:\/\/www.hautes-alpes.net\/nl\/fiche\/la-fromentiere-6\/\" class=\"cardlink\">La Fromenti\u00e8re<\/a><\/div><\/div><\/div><div class=\"item\" ><div class=\"card card-apidae card-avance post-type-apidae\"><div class=\"group-top\"><\/div><div class=\"group-media\"><div class=\"field-image\"><img decoding=\"async\" src=\"https:\/\/images.weserv.nl\/?url=https:\/\/static.apidae-tourisme.com\/filestore\/objets-touristiques\/images\/221\/217\/7133661-diaporama.jpg&#038;w=550&#038;h=350&#038;fit=cover&#038;output=webp&#038;q=45\" alt=\"La Sainte Famille\"\/><\/div><\/div><div class=\"group-content\"><div class=\"field-commune\">Le Glaizil<\/div><div class=\"field-title\">La Sainte Famille<\/div><\/div><div class=\"field-link\"><a href=\"https:\/\/www.hautes-alpes.net\/nl\/fiche\/la-sainte-famille-6\/\" class=\"cardlink\">La Sainte Famille<\/a><\/div><\/div><\/div><div class=\"item\" ><div class=\"card card-apidae card-avance post-type-apidae\"><div class=\"group-top\"><\/div><div class=\"group-media\"><div class=\"field-image\"><img decoding=\"async\" src=\"https:\/\/images.weserv.nl\/?url=https:\/\/static.apidae-tourisme.com\/filestore\/objets-touristiques\/images\/8\/221\/32169224-diaporama.jpg&#038;w=550&#038;h=350&#038;fit=cover&#038;output=webp&#038;q=45\" alt=\"H\u00f4tel Club *** Le 1850 - Vacances Leo Lagrange\"\/><\/div><\/div><div class=\"group-content\"><div class=\"field-commune\">Risoul<\/div><div class=\"field-title\">H\u00f4tel Club *** Le 1850 - Vacances Leo Lagrange<\/div><\/div><div class=\"field-link\"><a href=\"https:\/\/www.hautes-alpes.net\/nl\/fiche\/hotel-club-le-1850-vacances-leo-lagrange-6\/\" class=\"cardlink\">H\u00f4tel Club *** Le 1850 - Vacances Leo Lagrange<\/a><\/div><\/div><\/div><div class=\"item\" ><div class=\"card card-apidae card-avance post-type-apidae\"><div class=\"group-top\"><\/div><div class=\"group-media\"><div class=\"field-image\"><img decoding=\"async\" src=\"https:\/\/images.weserv.nl\/?url=https:\/\/static.apidae-tourisme.com\/filestore\/objets-touristiques\/images\/62\/20\/26678334-diaporama.jpg&#038;w=550&#038;h=350&#038;fit=cover&#038;output=webp&#038;q=45\" alt=\"R\u00e9sidence Le Cristal Lodge \u2013 Terresens \u2013 H\u00f4tels &amp; R\u00e9sidences\"\/><\/div><\/div><div class=\"group-content\"><div class=\"field-commune\">Saint-Chaffrey<\/div><div class=\"field-title\">R\u00e9sidence Le Cristal Lodge \u2013 Terresens \u2013 H\u00f4tels &amp; R\u00e9sidences<\/div><\/div><div class=\"field-link\"><a href=\"https:\/\/www.hautes-alpes.net\/nl\/fiche\/residence-le-cristal-lodge-terresens-hotels-residences-7\/\" class=\"cardlink\">R\u00e9sidence Le Cristal Lodge \u2013 Terresens \u2013 H\u00f4tels &amp; R\u00e9sidences<\/a><\/div><\/div><\/div><div class=\"item\" ><div class=\"card card-apidae card-avance post-type-apidae\"><div class=\"group-top\"><\/div><div class=\"group-media\"><div class=\"field-image\"><img decoding=\"async\" src=\"https:\/\/images.weserv.nl\/?url=https:\/\/static.apidae-tourisme.com\/filestore\/objets-touristiques\/images\/94\/254\/14876254-diaporama.png&#038;w=550&#038;h=350&#038;fit=cover&#038;output=webp&#038;q=45\" alt=\"Les Flocons du Soleil\"\/><\/div><\/div><div class=\"group-content\"><div class=\"field-commune\">La Joue du Loup<\/div><div class=\"field-title\">Les Flocons du Soleil<\/div><div class=\"field-description\">De residentie ligt in de onmiddellijke nabijheid van het hart van het resort en biedt een adembenemend uitzicht op het Grand Ferrand-massief. Het bestaat&#8230;<\/div><\/div><div class=\"field-link\"><a href=\"https:\/\/www.hautes-alpes.net\/nl\/fiche\/les-flocons-du-soleil-6\/\" class=\"cardlink\">Les Flocons du Soleil<\/a><\/div><\/div><\/div><div class=\"item\" ><div class=\"card card-apidae card-avance post-type-apidae\"><div class=\"group-top\"><\/div><div class=\"group-media\"><div class=\"field-image\"><img decoding=\"async\" src=\"https:\/\/images.weserv.nl\/?url=https:\/\/static.apidae-tourisme.com\/filestore\/objets-touristiques\/images\/139\/145\/11112843-diaporama.jpg&#038;w=550&#038;h=350&#038;fit=cover&#038;output=webp&#038;q=45\" alt=\"Maison Alliey **** &amp; Spa Appart-H\u00f4tel\"\/><\/div><\/div><div class=\"group-content\"><div class=\"field-commune\">Le Mon\u00eatier-les-Bains<\/div><div class=\"field-title\">Maison Alliey **** &amp; Spa Appart-H\u00f4tel<\/div><\/div><div class=\"field-link\"><a href=\"https:\/\/www.hautes-alpes.net\/nl\/fiche\/maison-alliey-spa-appart-hotel-6\/\" class=\"cardlink\">Maison Alliey **** &amp; Spa Appart-H\u00f4tel<\/a><\/div><\/div><\/div><div class=\"item\" ><div class=\"card card-apidae card-avance post-type-apidae\"><div class=\"group-top\"><\/div><div class=\"group-media\"><div class=\"field-image\"><img decoding=\"async\" src=\"https:\/\/images.weserv.nl\/?url=https:\/\/static.apidae-tourisme.com\/filestore\/objets-touristiques\/images\/137\/231\/7006089-diaporama.jpg&#038;w=550&#038;h=350&#038;fit=cover&#038;output=webp&#038;q=45\" alt=\"L&#8217;Aventure\"\/><\/div><\/div><div class=\"group-content\"><div class=\"field-commune\">Saint-Bonnet-en-Champsaur<\/div><div class=\"field-title\">L&#8217;Aventure<\/div><div class=\"field-description\">In een klein landelijk dorpje, dicht bij de winkels en de skigebieden, ligt een volledig gerenoveerde boerderij, gezellig en comfortabel, voor een kwaliteitsvol verblijf&#8230;<\/div><\/div><div class=\"field-link\"><a href=\"https:\/\/www.hautes-alpes.net\/nl\/fiche\/laventure-7\/\" class=\"cardlink\">L&#8217;Aventure<\/a><\/div><\/div><\/div><div class=\"item\" ><div class=\"card card-apidae card-avance post-type-apidae\"><div class=\"group-top\"><\/div><div class=\"group-media\"><div class=\"field-image\"><img decoding=\"async\" src=\"https:\/\/images.weserv.nl\/?url=https:\/\/static.apidae-tourisme.com\/filestore\/objets-touristiques\/images\/166\/62\/32784038-diaporama.jpg&#038;w=550&#038;h=350&#038;fit=cover&#038;output=webp&#038;q=45\" alt=\"VVF Saint L\u00e9ger Les M\u00e9l\u00e8zes Les Ecrins\"\/><\/div><\/div><div class=\"group-content\"><div class=\"field-commune\">Saint-L\u00e9ger-les-M\u00e9l\u00e8zes<\/div><div class=\"field-title\">VVF Saint L\u00e9ger Les M\u00e9l\u00e8zes Les Ecrins<\/div><div class=\"field-description\">Het dorp ligt op 500 meter van het skigebied, in een rustige omgeving en aan de voet van de pistes en de skiliften. Het&#8230;<\/div><\/div><div class=\"field-link\"><a href=\"https:\/\/www.hautes-alpes.net\/nl\/fiche\/vvf-saint-leger-les-melezes-les-ecrins-6\/\" class=\"cardlink\">VVF Saint L\u00e9ger Les M\u00e9l\u00e8zes Les Ecrins<\/a><\/div><\/div><\/div><div class=\"item\" ><div class=\"card card-apidae card-avance post-type-apidae\"><div class=\"group-top\"><\/div><div class=\"group-media\"><div class=\"field-image\"><img decoding=\"async\" src=\"https:\/\/images.weserv.nl\/?url=https:\/\/static.apidae-tourisme.com\/filestore\/objets-touristiques\/images\/183\/204\/6474935-diaporama.jpg&#038;w=550&#038;h=350&#038;fit=cover&#038;output=webp&#038;q=45\" alt=\"L&#8217;Arche\"\/><\/div><\/div><div class=\"group-content\"><div class=\"field-commune\">Ancelle<\/div><div class=\"field-title\">L&#8217;Arche<\/div><div class=\"field-description\">De ligging aan de voet van de pistes is ideaal voor het beoefenen van wintersportactiviteiten en het ontdekken van de bergachtige omgeving tijdens alle&#8230;<\/div><\/div><div class=\"field-link\"><a href=\"https:\/\/www.hautes-alpes.net\/nl\/fiche\/larche-7\/\" class=\"cardlink\">L&#8217;Arche<\/a><\/div><\/div><\/div><div class=\"item\" ><div class=\"card card-apidae card-avance post-type-apidae\"><div class=\"group-top\"><\/div><div class=\"group-media\"><div class=\"field-image\"><img decoding=\"async\" src=\"https:\/\/images.weserv.nl\/?url=https:\/\/static.apidae-tourisme.com\/filestore\/objets-touristiques\/images\/208\/63\/1392592-diaporama.png&#038;w=550&#038;h=350&#038;fit=cover&#038;output=webp&#038;q=45\" alt=\"R\u00e9sidence Les Pr\u00e9s ronds\"\/><\/div><\/div><div class=\"group-content\"><div class=\"field-commune\">La Chapelle-en-Valgaud\u00e9mar<\/div><div class=\"field-title\">R\u00e9sidence Les Pr\u00e9s ronds<\/div><div class=\"field-description\">Residentie met appartementen verspreid over drie verdiepingen met drie kamers en houtkachel. Lakens voorzien.<\/div><\/div><div class=\"field-link\"><a href=\"https:\/\/www.hautes-alpes.net\/nl\/fiche\/residence-les-pres-ronds-6\/\" class=\"cardlink\">R\u00e9sidence Les Pr\u00e9s ronds<\/a><\/div><\/div><\/div><div class=\"item\" ><div class=\"card card-apidae card-avance post-type-apidae\"><div class=\"group-top\"><\/div><div class=\"group-media\"><div class=\"field-image\"><img decoding=\"async\" src=\"https:\/\/images.weserv.nl\/?url=https:\/\/static.apidae-tourisme.com\/filestore\/objets-touristiques\/images\/18\/158\/39362066-diaporama.jpg&#038;w=550&#038;h=350&#038;fit=cover&#038;output=webp&#038;q=45\" alt=\"Chalet de l&#8217;Estelle - Grande ourse\"\/><\/div><\/div><div class=\"group-content\"><div class=\"field-commune\">Ceillac<\/div><div class=\"field-title\">Chalet de l&#8217;Estelle - Grande ourse<\/div><\/div><div class=\"field-link\"><a href=\"https:\/\/www.hautes-alpes.net\/nl\/fiche\/chalet-de-lestelle-grande-ourse-6\/\" class=\"cardlink\">Chalet de l&#8217;Estelle - Grande ourse<\/a><\/div><\/div><\/div><div class=\"item\" ><div class=\"card card-apidae card-avance post-type-apidae\"><div class=\"group-top\"><\/div><div class=\"group-media\"><div class=\"field-image\"><img decoding=\"async\" src=\"https:\/\/images.weserv.nl\/?url=https:\/\/static.apidae-tourisme.com\/filestore\/objets-touristiques\/images\/223\/237\/31256031-diaporama.jpg&#038;w=550&#038;h=350&#038;fit=cover&#038;output=webp&#038;q=45\" alt=\"Le Fontenil - s\u00e9jour scolaire\"\/><\/div><\/div><div class=\"group-content\"><div class=\"field-commune\">Abri\u00e8s-Ristolas<\/div><div class=\"field-title\">Le Fontenil - s\u00e9jour scolaire<\/div><\/div><div class=\"field-link\"><a href=\"https:\/\/www.hautes-alpes.net\/nl\/fiche\/le-fontenil-sejour-scolaire-6\/\" class=\"cardlink\">Le Fontenil - s\u00e9jour scolaire<\/a><\/div><\/div><\/div><div id=\"locations-data_4d285\" style=\"display: none;\">{&quot;locations&quot;:[{&quot;lat&quot;:&quot;44.647445&quot;,&quot;lng&quot;:&quot;6.210161&quot;,&quot;title&quot;:&quot;La Recula&quot;,&quot;permalink&quot;:&quot;https:\\\/\\\/www.hautes-alpes.net\\\/nl\\\/fiche\\\/la-recula-3\\\/&quot;,&quot;type&quot;:&quot;hebergement_collectif&quot;,&quot;commune&quot;:&quot;Saint-L\\u00e9ger-les-M\\u00e9l\\u00e8zes&quot;,&quot;type_commerce&quot;:&quot;&quot;,&quot;image&quot;:&quot;https:\\\/\\\/static.apidae-tourisme.com\\\/filestore\\\/objets-touristiques\\\/images\\\/209\\\/105\\\/14641617-diaporama.jpg&quot;,&quot;image_width&quot;:&quot;550&quot;,&quot;image_height&quot;:&quot;350&quot;,&quot;image_fit&quot;:&quot;cover&quot;},{&quot;lat&quot;:&quot;44.668995&quot;,&quot;lng&quot;:&quot;6.624407&quot;,&quot;title&quot;:&quot;Le Pavillon des Officiers - ODCVL&quot;,&quot;permalink&quot;:&quot;https:\\\/\\\/www.hautes-alpes.net\\\/nl\\\/fiche\\\/le-pavillon-des-officiers-odcvl-6\\\/&quot;,&quot;type&quot;:&quot;hebergement_collectif&quot;,&quot;commune&quot;:&quot;Mont-Dauphin&quot;,&quot;type_commerce&quot;:&quot;&quot;,&quot;image&quot;:&quot;https:\\\/\\\/static.apidae-tourisme.com\\\/filestore\\\/objets-touristiques\\\/images\\\/44\\\/174\\\/26848812-diaporama.jpg&quot;,&quot;image_width&quot;:&quot;550&quot;,&quot;image_height&quot;:&quot;350&quot;,&quot;image_fit&quot;:&quot;cover&quot;},{&quot;lat&quot;:&quot;44.499383&quot;,&quot;lng&quot;:&quot;6.304436&quot;,&quot;title&quot;:&quot;H\\u00f4tel Club Les Hyvans&quot;,&quot;permalink&quot;:&quot;https:\\\/\\\/www.hautes-alpes.net\\\/nl\\\/fiche\\\/hotel-club-les-hyvans-6\\\/&quot;,&quot;type&quot;:&quot;hebergement_collectif&quot;,&quot;commune&quot;:&quot;Chorges&quot;,&quot;type_commerce&quot;:&quot;&quot;,&quot;image&quot;:&quot;https:\\\/\\\/static.apidae-tourisme.com\\\/filestore\\\/objets-touristiques\\\/images\\\/24\\\/144\\\/8491032-diaporama.jpg&quot;,&quot;image_width&quot;:&quot;550&quot;,&quot;image_height&quot;:&quot;350&quot;,&quot;image_fit&quot;:&quot;cover&quot;},{&quot;lat&quot;:&quot;44.682174&quot;,&quot;lng&quot;:&quot;6.164949&quot;,&quot;title&quot;:&quot;La Fromenti\\u00e8re&quot;,&quot;permalink&quot;:&quot;https:\\\/\\\/www.hautes-alpes.net\\\/nl\\\/fiche\\\/la-fromentiere-6\\\/&quot;,&quot;type&quot;:&quot;hebergement_collectif&quot;,&quot;commune&quot;:&quot;Saint-Michel-de-Chaillol&quot;,&quot;type_commerce&quot;:&quot;&quot;,&quot;image&quot;:&quot;https:\\\/\\\/static.apidae-tourisme.com\\\/filestore\\\/objets-touristiques\\\/images\\\/162\\\/215\\\/26007458-diaporama.jpg&quot;,&quot;image_width&quot;:&quot;550&quot;,&quot;image_height&quot;:&quot;350&quot;,&quot;image_fit&quot;:&quot;cover&quot;},{&quot;lat&quot;:&quot;44.751273&quot;,&quot;lng&quot;:&quot;5.986912&quot;,&quot;title&quot;:&quot;La Sainte Famille&quot;,&quot;permalink&quot;:&quot;https:\\\/\\\/www.hautes-alpes.net\\\/nl\\\/fiche\\\/la-sainte-famille-6\\\/&quot;,&quot;type&quot;:&quot;hebergement_collectif&quot;,&quot;commune&quot;:&quot;Le Glaizil&quot;,&quot;type_commerce&quot;:&quot;&quot;,&quot;image&quot;:&quot;https:\\\/\\\/static.apidae-tourisme.com\\\/filestore\\\/objets-touristiques\\\/images\\\/221\\\/217\\\/7133661-diaporama.jpg&quot;,&quot;image_width&quot;:&quot;550&quot;,&quot;image_height&quot;:&quot;350&quot;,&quot;image_fit&quot;:&quot;cover&quot;},{&quot;lat&quot;:&quot;44.621854&quot;,&quot;lng&quot;:&quot;6.631869&quot;,&quot;title&quot;:&quot;H\\u00f4tel Club *** Le 1850 - Vacances Leo Lagrange&quot;,&quot;permalink&quot;:&quot;https:\\\/\\\/www.hautes-alpes.net\\\/nl\\\/fiche\\\/hotel-club-le-1850-vacances-leo-lagrange-6\\\/&quot;,&quot;type&quot;:&quot;hebergement_collectif&quot;,&quot;commune&quot;:&quot;Risoul&quot;,&quot;type_commerce&quot;:&quot;&quot;,&quot;image&quot;:&quot;https:\\\/\\\/static.apidae-tourisme.com\\\/filestore\\\/objets-touristiques\\\/images\\\/8\\\/221\\\/32169224-diaporama.jpg&quot;,&quot;image_width&quot;:&quot;550&quot;,&quot;image_height&quot;:&quot;350&quot;,&quot;image_fit&quot;:&quot;cover&quot;},{&quot;lat&quot;:&quot;44.944944&quot;,&quot;lng&quot;:&quot;6.563598&quot;,&quot;title&quot;:&quot;R\\u00e9sidence Le Cristal Lodge \\u2013 Terresens \\u2013 H\\u00f4tels &amp; R\\u00e9sidences&quot;,&quot;permalink&quot;:&quot;https:\\\/\\\/www.hautes-alpes.net\\\/nl\\\/fiche\\\/residence-le-cristal-lodge-terresens-hotels-residences-7\\\/&quot;,&quot;type&quot;:&quot;hebergement_collectif&quot;,&quot;commune&quot;:&quot;Saint-Chaffrey&quot;,&quot;type_commerce&quot;:&quot;&quot;,&quot;image&quot;:&quot;https:\\\/\\\/static.apidae-tourisme.com\\\/filestore\\\/objets-touristiques\\\/images\\\/62\\\/20\\\/26678334-diaporama.jpg&quot;,&quot;image_width&quot;:&quot;550&quot;,&quot;image_height&quot;:&quot;350&quot;,&quot;image_fit&quot;:&quot;cover&quot;},{&quot;lat&quot;:&quot;44.688768&quot;,&quot;lng&quot;:&quot;5.889509&quot;,&quot;title&quot;:&quot;Les Flocons du Soleil&quot;,&quot;permalink&quot;:&quot;https:\\\/\\\/www.hautes-alpes.net\\\/nl\\\/fiche\\\/les-flocons-du-soleil-6\\\/&quot;,&quot;type&quot;:&quot;hebergement_collectif&quot;,&quot;commune&quot;:&quot;La Joue du Loup&quot;,&quot;type_commerce&quot;:&quot;&quot;,&quot;image&quot;:&quot;https:\\\/\\\/static.apidae-tourisme.com\\\/filestore\\\/objets-touristiques\\\/images\\\/94\\\/254\\\/14876254-diaporama.png&quot;,&quot;image_width&quot;:&quot;550&quot;,&quot;image_height&quot;:&quot;350&quot;,&quot;image_fit&quot;:&quot;cover&quot;},{&quot;lat&quot;:&quot;44.975632&quot;,&quot;lng&quot;:&quot;6.507605&quot;,&quot;title&quot;:&quot;Maison Alliey **** &amp; Spa Appart-H\\u00f4tel&quot;,&quot;permalink&quot;:&quot;https:\\\/\\\/www.hautes-alpes.net\\\/nl\\\/fiche\\\/maison-alliey-spa-appart-hotel-6\\\/&quot;,&quot;type&quot;:&quot;hebergement_collectif&quot;,&quot;commune&quot;:&quot;Le Mon\\u00eatier-les-Bains&quot;,&quot;type_commerce&quot;:&quot;&quot;,&quot;image&quot;:&quot;https:\\\/\\\/static.apidae-tourisme.com\\\/filestore\\\/objets-touristiques\\\/images\\\/139\\\/145\\\/11112843-diaporama.jpg&quot;,&quot;image_width&quot;:&quot;550&quot;,&quot;image_height&quot;:&quot;350&quot;,&quot;image_fit&quot;:&quot;cover&quot;},{&quot;lat&quot;:&quot;44.701607&quot;,&quot;lng&quot;:&quot;6.065523&quot;,&quot;title&quot;:&quot;L&#8217;Aventure&quot;,&quot;permalink&quot;:&quot;https:\\\/\\\/www.hautes-alpes.net\\\/nl\\\/fiche\\\/laventure-7\\\/&quot;,&quot;type&quot;:&quot;hebergement_collectif&quot;,&quot;commune&quot;:&quot;Saint-Bonnet-en-Champsaur&quot;,&quot;type_commerce&quot;:&quot;&quot;,&quot;image&quot;:&quot;https:\\\/\\\/static.apidae-tourisme.com\\\/filestore\\\/objets-touristiques\\\/images\\\/137\\\/231\\\/7006089-diaporama.jpg&quot;,&quot;image_width&quot;:&quot;550&quot;,&quot;image_height&quot;:&quot;350&quot;,&quot;image_fit&quot;:&quot;cover&quot;},{&quot;lat&quot;:&quot;44.64704&quot;,&quot;lng&quot;:&quot;6.210108&quot;,&quot;title&quot;:&quot;VVF Saint L\\u00e9ger Les M\\u00e9l\\u00e8zes Les Ecrins&quot;,&quot;permalink&quot;:&quot;https:\\\/\\\/www.hautes-alpes.net\\\/nl\\\/fiche\\\/vvf-saint-leger-les-melezes-les-ecrins-6\\\/&quot;,&quot;type&quot;:&quot;hebergement_collectif&quot;,&quot;commune&quot;:&quot;Saint-L\\u00e9ger-les-M\\u00e9l\\u00e8zes&quot;,&quot;type_commerce&quot;:&quot;&quot;,&quot;image&quot;:&quot;https:\\\/\\\/static.apidae-tourisme.com\\\/filestore\\\/objets-touristiques\\\/images\\\/166\\\/62\\\/32784038-diaporama.jpg&quot;,&quot;image_width&quot;:&quot;550&quot;,&quot;image_height&quot;:&quot;350&quot;,&quot;image_fit&quot;:&quot;cover&quot;},{&quot;lat&quot;:&quot;44.620563&quot;,&quot;lng&quot;:&quot;6.201653&quot;,&quot;title&quot;:&quot;L&#8217;Arche&quot;,&quot;permalink&quot;:&quot;https:\\\/\\\/www.hautes-alpes.net\\\/nl\\\/fiche\\\/larche-7\\\/&quot;,&quot;type&quot;:&quot;hebergement_collectif&quot;,&quot;commune&quot;:&quot;Ancelle&quot;,&quot;type_commerce&quot;:&quot;&quot;,&quot;image&quot;:&quot;https:\\\/\\\/static.apidae-tourisme.com\\\/filestore\\\/objets-touristiques\\\/images\\\/183\\\/204\\\/6474935-diaporama.jpg&quot;,&quot;image_width&quot;:&quot;550&quot;,&quot;image_height&quot;:&quot;350&quot;,&quot;image_fit&quot;:&quot;cover&quot;},{&quot;lat&quot;:&quot;44.816903&quot;,&quot;lng&quot;:&quot;6.195285&quot;,&quot;title&quot;:&quot;R\\u00e9sidence Les Pr\\u00e9s ronds&quot;,&quot;permalink&quot;:&quot;https:\\\/\\\/www.hautes-alpes.net\\\/nl\\\/fiche\\\/residence-les-pres-ronds-6\\\/&quot;,&quot;type&quot;:&quot;hebergement_collectif&quot;,&quot;commune&quot;:&quot;La Chapelle-en-Valgaud\\u00e9mar&quot;,&quot;type_commerce&quot;:&quot;&quot;,&quot;image&quot;:&quot;https:\\\/\\\/static.apidae-tourisme.com\\\/filestore\\\/objets-touristiques\\\/images\\\/208\\\/63\\\/1392592-diaporama.png&quot;,&quot;image_width&quot;:&quot;550&quot;,&quot;image_height&quot;:&quot;350&quot;,&quot;image_fit&quot;:&quot;cover&quot;},{&quot;lat&quot;:&quot;44.668066&quot;,&quot;lng&quot;:&quot;6.777934&quot;,&quot;title&quot;:&quot;Chalet de l&#8217;Estelle - Grande ourse&quot;,&quot;permalink&quot;:&quot;https:\\\/\\\/www.hautes-alpes.net\\\/nl\\\/fiche\\\/chalet-de-lestelle-grande-ourse-6\\\/&quot;,&quot;type&quot;:&quot;hebergement_collectif&quot;,&quot;commune&quot;:&quot;Ceillac&quot;,&quot;type_commerce&quot;:&quot;&quot;,&quot;image&quot;:&quot;https:\\\/\\\/static.apidae-tourisme.com\\\/filestore\\\/objets-touristiques\\\/images\\\/18\\\/158\\\/39362066-diaporama.jpg&quot;,&quot;image_width&quot;:&quot;550&quot;,&quot;image_height&quot;:&quot;350&quot;,&quot;image_fit&quot;:&quot;cover&quot;},{&quot;lat&quot;:&quot;44.773325&quot;,&quot;lng&quot;:&quot;6.958318&quot;,&quot;title&quot;:&quot;Le Fontenil - s\\u00e9jour scolaire&quot;,&quot;permalink&quot;:&quot;https:\\\/\\\/www.hautes-alpes.net\\\/nl\\\/fiche\\\/le-fontenil-sejour-scolaire-6\\\/&quot;,&quot;type&quot;:&quot;hebergement_collectif&quot;,&quot;commune&quot;:&quot;Abri\\u00e8s-Ristolas&quot;,&quot;type_commerce&quot;:&quot;&quot;,&quot;image&quot;:&quot;https:\\\/\\\/static.apidae-tourisme.com\\\/filestore\\\/objets-touristiques\\\/images\\\/223\\\/237\\\/31256031-diaporama.jpg&quot;,&quot;image_width&quot;:&quot;550&quot;,&quot;image_height&quot;:&quot;350&quot;,&quot;image_fit&quot;:&quot;cover&quot;}],&quot;center_lat&quot;:&quot;44.647445&quot;,&quot;center_lng&quot;:&quot;6.210161&quot;}<\/div><\/div><div class=\"ws-apidae-pager\" data-type=\"pager\"><div class=\"custom-pager\"><a class=\"facetwp-page first active\" data-page=\"1\" href=\"\/nl\/wp-json\/wp\/v2\/pages\/104936?paged_4d285=1#listing_4d285\">1<\/a><a class=\"facetwp-page \" data-page=\"2\" href=\"\/nl\/wp-json\/wp\/v2\/pages\/104936?paged_4d285=2#listing_4d285\">2<\/a><span class=\"facetwp-separator\">\u2026<\/span><a class=\"facetwp-page \" data-page=\"6\" href=\"\/nl\/wp-json\/wp\/v2\/pages\/104936?paged_4d285=6#listing_4d285\">6<\/a><a class=\"facetwp-page next\" data-page=\"2\" href=\"\/nl\/wp-json\/wp\/v2\/pages\/104936?paged_4d285=2#listing_4d285\">\u203a<\/a><\/div><\/div><\/div><\/div><\/div>\n<div class=\"wp-block-ws-library-ws-share\"><span class=\"share-subtitle\">Vond je deze pagina leuk?<\/span><span class=\"share-title\">Deel het!<\/span><button class=\"ws-share-button wp-element-button\">Deel deze pagina<\/button><\/div>\n","protected":false},"excerpt":{"rendered":"<p>Praktisch en comfort<\/p>\n","protected":false},"author":7,"featured_media":0,"parent":106540,"menu_order":0,"comment_status":"closed","ping_status":"closed","template":"","meta":{"is_dark_mode":false,"footnotes":""},"page_label":[],"class_list":["post-104936","page","type-page","status-publish","hentry"],"yoast_head":"<!-- This site is optimized with the Yoast SEO plugin v28.3 - https:\/\/yoast.com\/product\/yoast-seo-wordpress\/ -->\n<title>Residences - Hautes-Alpes<\/title>\n<meta name=\"description\" content=\"Residences Praktisch en comfort B. Bodin Vakantiewoningen zijn ideaal om onafhankelijkheid te combineren met hotelservices. Geniet van volledig uitgeruste\" \/>\n<meta name=\"robots\" content=\"index, follow, max-snippet:-1, max-image-preview:large, max-video-preview:-1\" \/>\n<link rel=\"canonical\" href=\"https:\/\/www.hautes-alpes.net\/nl\/organiseren\/residences\/\" \/>\n<meta property=\"og:locale\" content=\"nl_NL\" \/>\n<meta property=\"og:type\" content=\"article\" \/>\n<meta property=\"og:title\" content=\"Residences - Hautes-Alpes\" \/>\n<meta property=\"og:description\" content=\"Residences Praktisch en comfort B. Bodin Vakantiewoningen zijn ideaal om onafhankelijkheid te combineren met hotelservices. Geniet van volledig uitgeruste\" \/>\n<meta property=\"og:url\" content=\"https:\/\/www.hautes-alpes.net\/nl\/organiseren\/residences\/\" \/>\n<meta property=\"og:site_name\" content=\"Hautes-Alpes\" \/>\n<meta property=\"article:modified_time\" content=\"2025-12-24T10:42:49+00:00\" \/>\n<meta property=\"og:image\" content=\"https:\/\/www.hautes-alpes.net\/wp-content\/uploads\/2025\/12\/bois-mean-les-orres-bbodin-1.jpg\" \/>\n\t<meta property=\"og:image:width\" content=\"1600\" \/>\n\t<meta property=\"og:image:height\" content=\"1066\" \/>\n\t<meta property=\"og:image:type\" content=\"image\/jpeg\" \/>\n<meta name=\"twitter:card\" content=\"summary_large_image\" \/>\n<script type=\"application\/ld+json\" class=\"yoast-schema-graph\">{\"@context\":\"https:\\\/\\\/schema.org\",\"@graph\":[{\"@type\":\"WebPage\",\"@id\":\"https:\\\/\\\/www.hautes-alpes.net\\\/nl\\\/organiseren\\\/residences\\\/\",\"url\":\"https:\\\/\\\/www.hautes-alpes.net\\\/nl\\\/organiseren\\\/residences\\\/\",\"name\":\"Residences - Hautes-Alpes\",\"isPartOf\":{\"@id\":\"https:\\\/\\\/www.hautes-alpes.net\\\/nl\\\/#website\"},\"primaryImageOfPage\":{\"@id\":\"https:\\\/\\\/www.hautes-alpes.net\\\/nl\\\/organiseren\\\/residences\\\/#primaryimage\"},\"image\":{\"@id\":\"https:\\\/\\\/www.hautes-alpes.net\\\/nl\\\/organiseren\\\/residences\\\/#primaryimage\"},\"thumbnailUrl\":\"https:\\\/\\\/www.hautes-alpes.net\\\/wp-content\\\/uploads\\\/2025\\\/12\\\/bois-mean-les-orres-bbodin-1-1600x480.jpg\",\"datePublished\":\"2025-12-05T07:38:51+00:00\",\"dateModified\":\"2025-12-24T10:42:49+00:00\",\"description\":\"Residences Praktisch en comfort B. Bodin Vakantiewoningen zijn ideaal om onafhankelijkheid te combineren met hotelservices. Geniet van volledig uitgeruste\",\"breadcrumb\":{\"@id\":\"https:\\\/\\\/www.hautes-alpes.net\\\/nl\\\/organiseren\\\/residences\\\/#breadcrumb\"},\"inLanguage\":\"nl-NL\",\"potentialAction\":[{\"@type\":\"ReadAction\",\"target\":[\"https:\\\/\\\/www.hautes-alpes.net\\\/nl\\\/organiseren\\\/residences\\\/\"]}]},{\"@type\":\"ImageObject\",\"inLanguage\":\"nl-NL\",\"@id\":\"https:\\\/\\\/www.hautes-alpes.net\\\/nl\\\/organiseren\\\/residences\\\/#primaryimage\",\"url\":\"https:\\\/\\\/www.hautes-alpes.net\\\/wp-content\\\/uploads\\\/2025\\\/12\\\/bois-mean-les-orres-bbodin-1-1600x480.jpg\",\"contentUrl\":\"https:\\\/\\\/www.hautes-alpes.net\\\/wp-content\\\/uploads\\\/2025\\\/12\\\/bois-mean-les-orres-bbodin-1-1600x480.jpg\"},{\"@type\":\"BreadcrumbList\",\"@id\":\"https:\\\/\\\/www.hautes-alpes.net\\\/nl\\\/organiseren\\\/residences\\\/#breadcrumb\",\"itemListElement\":[{\"@type\":\"ListItem\",\"position\":1,\"name\":\"Accueil\",\"item\":\"https:\\\/\\\/www.hautes-alpes.net\\\/nl\\\/hautes-alpes\\\/\"},{\"@type\":\"ListItem\",\"position\":2,\"name\":\"Organiseren\",\"item\":\"https:\\\/\\\/www.hautes-alpes.net\\\/nl\\\/organiseren\\\/\"},{\"@type\":\"ListItem\",\"position\":3,\"name\":\"Organiseren\",\"item\":\"https:\\\/\\\/www.hautes-alpes.net\\\/nl\\\/organiseren\\\/\"},{\"@type\":\"ListItem\",\"position\":4,\"name\":\"Residences\"}]},{\"@type\":\"WebSite\",\"@id\":\"https:\\\/\\\/www.hautes-alpes.net\\\/nl\\\/#website\",\"url\":\"https:\\\/\\\/www.hautes-alpes.net\\\/nl\\\/\",\"name\":\"ADDET\",\"description\":\"\",\"publisher\":{\"@id\":\"https:\\\/\\\/www.hautes-alpes.net\\\/nl\\\/#organization\"},\"potentialAction\":[{\"@type\":\"SearchAction\",\"target\":{\"@type\":\"EntryPoint\",\"urlTemplate\":\"https:\\\/\\\/www.hautes-alpes.net\\\/nl\\\/?s={search_term_string}\"},\"query-input\":{\"@type\":\"PropertyValueSpecification\",\"valueRequired\":true,\"valueName\":\"search_term_string\"}}],\"inLanguage\":\"nl-NL\"},{\"@type\":\"Organization\",\"@id\":\"https:\\\/\\\/www.hautes-alpes.net\\\/nl\\\/#organization\",\"name\":\"Agence D\u00e9partementale de D\u00e9veloppement Economique et Touristique des Hautes-Alpes\",\"url\":\"https:\\\/\\\/www.hautes-alpes.net\\\/nl\\\/\",\"logo\":{\"@type\":\"ImageObject\",\"inLanguage\":\"nl-NL\",\"@id\":\"https:\\\/\\\/www.hautes-alpes.net\\\/nl\\\/#\\\/schema\\\/logo\\\/image\\\/\",\"url\":\"https:\\\/\\\/www.hautes-alpes.net\\\/wp-content\\\/uploads\\\/2026\\\/01\\\/black-logo-2.svg\",\"contentUrl\":\"https:\\\/\\\/www.hautes-alpes.net\\\/wp-content\\\/uploads\\\/2026\\\/01\\\/black-logo-2.svg\",\"caption\":\"Agence D\u00e9partementale de D\u00e9veloppement Economique et Touristique des Hautes-Alpes\"},\"image\":{\"@id\":\"https:\\\/\\\/www.hautes-alpes.net\\\/nl\\\/#\\\/schema\\\/logo\\\/image\\\/\"}}]}<\/script>\n<!-- \/ Yoast SEO plugin. -->","yoast_head_json":{"title":"Residences - Hautes-Alpes","description":"Residences Praktisch en comfort B. Bodin Vakantiewoningen zijn ideaal om onafhankelijkheid te combineren met hotelservices. Geniet van volledig uitgeruste","robots":{"index":"index","follow":"follow","max-snippet":"max-snippet:-1","max-image-preview":"max-image-preview:large","max-video-preview":"max-video-preview:-1"},"canonical":"https:\/\/www.hautes-alpes.net\/nl\/organiseren\/residences\/","og_locale":"nl_NL","og_type":"article","og_title":"Residences - Hautes-Alpes","og_description":"Residences Praktisch en comfort B. Bodin Vakantiewoningen zijn ideaal om onafhankelijkheid te combineren met hotelservices. Geniet van volledig uitgeruste","og_url":"https:\/\/www.hautes-alpes.net\/nl\/organiseren\/residences\/","og_site_name":"Hautes-Alpes","article_modified_time":"2025-12-24T10:42:49+00:00","og_image":[{"width":1600,"height":1066,"url":"https:\/\/www.hautes-alpes.net\/wp-content\/uploads\/2025\/12\/bois-mean-les-orres-bbodin-1.jpg","type":"image\/jpeg"}],"twitter_card":"summary_large_image","schema":{"@context":"https:\/\/schema.org","@graph":[{"@type":"WebPage","@id":"https:\/\/www.hautes-alpes.net\/nl\/organiseren\/residences\/","url":"https:\/\/www.hautes-alpes.net\/nl\/organiseren\/residences\/","name":"Residences - Hautes-Alpes","isPartOf":{"@id":"https:\/\/www.hautes-alpes.net\/nl\/#website"},"primaryImageOfPage":{"@id":"https:\/\/www.hautes-alpes.net\/nl\/organiseren\/residences\/#primaryimage"},"image":{"@id":"https:\/\/www.hautes-alpes.net\/nl\/organiseren\/residences\/#primaryimage"},"thumbnailUrl":"https:\/\/www.hautes-alpes.net\/wp-content\/uploads\/2025\/12\/bois-mean-les-orres-bbodin-1-1600x480.jpg","datePublished":"2025-12-05T07:38:51+00:00","dateModified":"2025-12-24T10:42:49+00:00","description":"Residences Praktisch en comfort B. Bodin Vakantiewoningen zijn ideaal om onafhankelijkheid te combineren met hotelservices. Geniet van volledig uitgeruste","breadcrumb":{"@id":"https:\/\/www.hautes-alpes.net\/nl\/organiseren\/residences\/#breadcrumb"},"inLanguage":"nl-NL","potentialAction":[{"@type":"ReadAction","target":["https:\/\/www.hautes-alpes.net\/nl\/organiseren\/residences\/"]}]},{"@type":"ImageObject","inLanguage":"nl-NL","@id":"https:\/\/www.hautes-alpes.net\/nl\/organiseren\/residences\/#primaryimage","url":"https:\/\/www.hautes-alpes.net\/wp-content\/uploads\/2025\/12\/bois-mean-les-orres-bbodin-1-1600x480.jpg","contentUrl":"https:\/\/www.hautes-alpes.net\/wp-content\/uploads\/2025\/12\/bois-mean-les-orres-bbodin-1-1600x480.jpg"},{"@type":"BreadcrumbList","@id":"https:\/\/www.hautes-alpes.net\/nl\/organiseren\/residences\/#breadcrumb","itemListElement":[{"@type":"ListItem","position":1,"name":"Accueil","item":"https:\/\/www.hautes-alpes.net\/nl\/hautes-alpes\/"},{"@type":"ListItem","position":2,"name":"Organiseren","item":"https:\/\/www.hautes-alpes.net\/nl\/organiseren\/"},{"@type":"ListItem","position":3,"name":"Organiseren","item":"https:\/\/www.hautes-alpes.net\/nl\/organiseren\/"},{"@type":"ListItem","position":4,"name":"Residences"}]},{"@type":"WebSite","@id":"https:\/\/www.hautes-alpes.net\/nl\/#website","url":"https:\/\/www.hautes-alpes.net\/nl\/","name":"ADDET","description":"","publisher":{"@id":"https:\/\/www.hautes-alpes.net\/nl\/#organization"},"potentialAction":[{"@type":"SearchAction","target":{"@type":"EntryPoint","urlTemplate":"https:\/\/www.hautes-alpes.net\/nl\/?s={search_term_string}"},"query-input":{"@type":"PropertyValueSpecification","valueRequired":true,"valueName":"search_term_string"}}],"inLanguage":"nl-NL"},{"@type":"Organization","@id":"https:\/\/www.hautes-alpes.net\/nl\/#organization","name":"Agence D\u00e9partementale de D\u00e9veloppement Economique et Touristique des Hautes-Alpes","url":"https:\/\/www.hautes-alpes.net\/nl\/","logo":{"@type":"ImageObject","inLanguage":"nl-NL","@id":"https:\/\/www.hautes-alpes.net\/nl\/#\/schema\/logo\/image\/","url":"https:\/\/www.hautes-alpes.net\/wp-content\/uploads\/2026\/01\/black-logo-2.svg","contentUrl":"https:\/\/www.hautes-alpes.net\/wp-content\/uploads\/2026\/01\/black-logo-2.svg","caption":"Agence D\u00e9partementale de D\u00e9veloppement Economique et Touristique des Hautes-Alpes"},"image":{"@id":"https:\/\/www.hautes-alpes.net\/nl\/#\/schema\/logo\/image\/"}}]}},"_links":{"self":[{"href":"https:\/\/www.hautes-alpes.net\/nl\/wp-json\/wp\/v2\/pages\/104936","targetHints":{"allow":["GET"]}}],"collection":[{"href":"https:\/\/www.hautes-alpes.net\/nl\/wp-json\/wp\/v2\/pages"}],"about":[{"href":"https:\/\/www.hautes-alpes.net\/nl\/wp-json\/wp\/v2\/types\/page"}],"author":[{"embeddable":true,"href":"https:\/\/www.hautes-alpes.net\/nl\/wp-json\/wp\/v2\/users\/7"}],"replies":[{"embeddable":true,"href":"https:\/\/www.hautes-alpes.net\/nl\/wp-json\/wp\/v2\/comments?post=104936"}],"version-history":[{"count":5,"href":"https:\/\/www.hautes-alpes.net\/nl\/wp-json\/wp\/v2\/pages\/104936\/revisions"}],"predecessor-version":[{"id":133296,"href":"https:\/\/www.hautes-alpes.net\/nl\/wp-json\/wp\/v2\/pages\/104936\/revisions\/133296"}],"up":[{"embeddable":true,"href":"https:\/\/www.hautes-alpes.net\/nl\/wp-json\/wp\/v2\/pages\/106540"}],"wp:attachment":[{"href":"https:\/\/www.hautes-alpes.net\/nl\/wp-json\/wp\/v2\/media?parent=104936"}],"wp:term":[{"taxonomy":"page_label","embeddable":true,"href":"https:\/\/www.hautes-alpes.net\/nl\/wp-json\/wp\/v2\/page_label?post=104936"}],"curies":[{"name":"wp","href":"https:\/\/api.w.org\/{rel}","templated":true}]}}