{"id":142685,"date":"2025-12-29T11:54:34","date_gmt":"2025-12-29T10:54:34","guid":{"rendered":"https:\/\/www.hautes-alpes.net\/?page_id=142685"},"modified":"2026-01-05T15:28:32","modified_gmt":"2026-01-05T14:28:32","slug":"grand-tour-degli-ecrins-2","status":"publish","type":"page","link":"https:\/\/www.hautes-alpes.net\/it\/fughe\/grand-tour-degli-ecrins-2\/","title":{"rendered":"Tour sciistico della Clar\u00e9e"},"content":{"rendered":"\n<div class=\"wp-block-group alignfull hero-banner-cover-float has-global-padding is-layout-constrained wp-block-group-is-layout-constrained\"><div class=\"yoast-breadcrumbs\"><span><span><a href=\"https:\/\/www.hautes-alpes.net\/it\/hautes-alpes\/\">Accueil<\/a><\/span>  <span><a href=\"https:\/\/www.hautes-alpes.net\/it\/fughe\/\">Fughe<\/a><\/span>  <span><a href=\"https:\/\/www.hautes-alpes.net\/it\/fughe\/\">Fughe<\/a><\/span>  <span class=\"breadcrumb_last\" aria-current=\"page\">Tour sciistico della Clar\u00e9e<\/span><\/span><\/div>\n\n\n<h1 class=\"wp-block-ws-library-post-title\">Tour sciistico <span class=\"text-highlight\">della Clar\u00e9e<\/span><\/h1>\n\n\n\n<p class=\"subtitle\">Un itinerario di sci alpinismo<\/p>\n\n\n\n<p>Nel cuore dell&#8217;inverno, parti alla scoperta della selvaggia valle della Clar\u00e9e, della sua fauna, della sua flora e dei suoi magnifici paesaggi. Lungo il percorso, i rifugi di montagna ti accoglieranno per una pausa calda e confortante. <\/p>\n\n\n\n<div class=\"wp-block-ws-library-media-embed ws-media-embed\"><img decoding=\"async\" src=\"https:\/\/www.hautes-alpes.net\/wp-content\/uploads\/2025\/12\/refuge-du-gole-on-et-pic-du-gole-on-42-1600x1000.jpg\" alt=\"\" class=\"ws-media-embed__image\" style=\"aspect-ratio:2000\/1000\"><\/div>\n<\/div>\n\n<div style=\"height:50px\" aria-hidden=\"true\" class=\"wp-block-spacer\"><\/div>\n\n<div class=\"wp-block-group alignfull step-by-step has-global-padding is-layout-constrained wp-block-group-is-layout-constrained\">\n<div class=\"wp-block-ws-library-ws-columns alignwide has-2-columns are-vertically-aligned-center layout-5050\">\n<div class=\"wp-block-ws-library-ws-column\"><div class=\"wrapper\">\n<h2 class=\"wp-block-heading\"><em>Giorno 1<\/em><strong>N\u00e9vache \u2192 Rifugio Buff\u00e8re<\/strong><\/h2>\n\n\n\n<p>Da N\u00e9vache, scivoli dolcemente sulla valle ancora addormentata. I tetti scompaiono gradualmente dietro i larici innevati. La salita \u00e8 costante, ideale per trovare il ritmo e assorbire l&#8217;atmosfera invernale. La valle svanisce, bianca e silenziosa. All&#8217;arrivo, il rifugio Buff\u00e8re si staglia contro la neve, di fronte alle cime. La tua prima notte in quota \u00e8 tranquilla, scandita dal freddo limpido e dalla luce del cielo puro delle Hautes-Alpes.     <\/p>\n<\/div><\/div>\n\n\n\n<div class=\"wp-block-ws-library-ws-column\"><div class=\"wrapper\">\n<div class=\"wp-block-ws-library-ws-image\"><div class=\"wrapper\"><div class=\"group-media\"><img decoding=\"async\" src=\"https:\/\/www.hautes-alpes.net\/wp-content\/uploads\/2025\/12\/jour-1-refuge-buffere-cedric-tempier-23-1240x800.jpg\" alt=\"\" class=\"single_image ws-image-142769\"><div class=\"credits\">C. Tempier - AD05<\/div><\/div><p class=\"caption\"><\/p><\/div><\/div>\n<\/div><\/div>\n<\/div>\n\n\n\n<div class=\"wp-block-ws-library-ws-columns alignwide has-2-columns are-vertically-aligned-center layout-5050\">\n<div class=\"wp-block-ws-library-ws-column\"><div class=\"wrapper\">\n<h2 class=\"wp-block-heading\"><em>Giorno 2<\/em><strong>Rifugio Buff\u00e8re \u2192 Rifugio du Chardonnet<\/strong><\/h2>\n\n\n\n<p>Il percorso inizia in un&#8217;atmosfera di alta montagna. I pendii sono molto aperti, tra covoni immacolati e rilievi pi\u00f9 marcati. La neve modella il paesaggio e ammorbidisce le forme, mentre il silenzio diventa quasi totale. Il percorso attraversa una natura selvaggia, dove ogni traccia \u00e8 importante. Alla fine appare il rifugio Chardonnet, ai margini della foresta e degli alpeggi, ai piedi delle rocce calcaree delle Cerces.    <\/p>\n<\/div><\/div>\n\n\n\n<div class=\"wp-block-ws-library-ws-column\"><div class=\"wrapper\">\n<div class=\"wp-block-ws-library-ws-image\"><div class=\"wrapper\"><div class=\"group-media\"><img decoding=\"async\" src=\"https:\/\/www.hautes-alpes.net\/wp-content\/uploads\/2025\/12\/2s2a9774-1240x800.jpg\" alt=\"\" class=\"single_image ws-image-142790\"><div class=\"credits\">P. Domeyne - AD05<\/div><\/div><p class=\"caption\"><\/p><\/div><\/div>\n<\/div><\/div>\n<\/div>\n\n\n\n<div class=\"wp-block-ws-library-ws-columns alignwide has-2-columns are-vertically-aligned-center layout-5050\">\n<div class=\"wp-block-ws-library-ws-column\"><div class=\"wrapper\">\n<h2 class=\"wp-block-heading\"><em>Giorno 3<\/em><strong>Rifugio di Chardonnet \u2192<\/strong> <strong>Rifugio Ricou<\/strong><\/h2>\n\n\n\n<p>Questa giornata alterna dolci discese e dolci salite. Gli sci scivolano attraverso valli aperte, a volte delimitate da barre rocciose coperte di neve. La luce cambia con il passare delle ore, rivelando sfumature di bianco e blu. Scendiamo verso il rifugio Ricou che domina la valle della Clar\u00e9e. I pendii si allargano e i pascoli di montagna riappaiono sotto la neve.    <\/p>\n<\/div><\/div>\n\n\n\n<div class=\"wp-block-ws-library-ws-column\"><div class=\"wrapper\">\n<div class=\"wp-block-ws-library-ws-image\"><div class=\"wrapper\"><div class=\"group-media\"><img decoding=\"async\" src=\"https:\/\/www.hautes-alpes.net\/wp-content\/uploads\/2025\/12\/tblais-ski-rando-buffere-1240x800.jpg\" alt=\"\" class=\"single_image ws-image-142773\"><div class=\"credits\">T. Blais<\/div><\/div><p class=\"caption\"><\/p><\/div><\/div>\n<\/div><\/div>\n<\/div>\n\n\n\n<div class=\"wp-block-ws-library-ws-columns alignwide has-2-columns are-vertically-aligned-center layout-5050\">\n<div class=\"wp-block-ws-library-ws-column\"><div class=\"wrapper\">\n<h2 class=\"wp-block-heading\"><em>Giorno 4<br\/><\/em><strong>Rifugio Ricou \u2192 Rifugio I Re Magi<\/strong><\/h2>\n\n\n\n<p>Il percorso sale gradualmente verso il confine italiano. L&#8217;atmosfera \u00e8 ampia e luminosa, con grandi spazi aperti perfetti per sciare. Puoi guardare lontano, tra cime arrotondate e creste pi\u00f9 decise. Il passaggio all&#8217;Italia \u00e8 naturale e senza soluzione di continuit\u00e0, guidato semplicemente dal terreno e dalla neve. Il rifugio I Re Magi, caldo e accogliente, \u00e8 un cambio di scenario rinfrescante, dove le montagne sono protagoniste.    <\/p>\n<\/div><\/div>\n\n\n\n<div class=\"wp-block-ws-library-ws-column\"><div class=\"wrapper\">\n<div class=\"wp-block-ws-library-ws-image\"><div class=\"wrapper\"><div class=\"group-media\"><img decoding=\"async\" src=\"https:\/\/www.hautes-alpes.net\/wp-content\/uploads\/2025\/12\/randonne-e-col-des-beraudes-et-chardonnet-2-1240x800.jpg\" alt=\"\" class=\"single_image ws-image-142772\"><div class=\"credits\">T. Blais<\/div><\/div><p class=\"caption\"><\/p><\/div><\/div>\n<\/div><\/div>\n<\/div>\n\n\n\n<div class=\"wp-block-ws-library-ws-columns alignwide has-2-columns are-vertically-aligned-center layout-5050\">\n<div class=\"wp-block-ws-library-ws-column\"><div class=\"wrapper\">\n<h2 class=\"wp-block-heading\"><em>Giorno 5<br\/><\/em><strong>Rifugio I Re Magi \u2192 N\u00e9vache<\/strong><\/h2>\n\n\n\n<p>Nell&#8217;ultima tappa, il ritorno a N\u00e9vache \u00e8 dolce. Le valli offrono alcune belle discese, prima di tornare gradualmente ai boschi di larici. La valle della Clar\u00e9e si avvicina, tranquilla come sempre sotto il suo manto bianco. Scendiamo un&#8217;ultima volta in questo scenario invernale incontaminato. L&#8217;arrivo a N\u00e9vache conclude il tour, lasciandoti l&#8217;impressione di un viaggio semplice ma profondo attraverso le Hautes-Alpes innevate.    <\/p>\n<\/div><\/div>\n\n\n\n<div class=\"wp-block-ws-library-ws-column\"><div class=\"wrapper\">\n<div class=\"wp-block-ws-library-ws-image\"><div class=\"wrapper\"><div class=\"group-media\"><img decoding=\"async\" src=\"https:\/\/www.hautes-alpes.net\/wp-content\/uploads\/2025\/12\/jour-1-refuge-buffere-cedric-tempier-2-2-1240x800.jpg\" alt=\"\" class=\"single_image ws-image-145387\"><div class=\"credits\">C. Tempier - AD05<\/div><\/div><p class=\"caption\"><\/p><\/div><\/div>\n<\/div><\/div>\n<\/div>\n<\/div>\n\n<div style=\"height:50px\" aria-hidden=\"true\" class=\"wp-block-spacer\"><\/div>\n<div class=\"wp-block-ws-library-ws-last-document\"><div class=\"card card-document ws-last-document\"><div class=\"group-content\"><div class=\"field-title\"><h3>Guida ai rifugi<\/h3><\/div><div class=\"group-details\"><\/div><\/div><\/div><\/div>\n<h2 class=\"wp-block-heading is-style-title-1\">Quaderno <strong>pratico<\/strong><\/h2>\n\n<div class=\"wp-block-ws-library-ws-tabs alignfull\"><ul class=\"tabs-titles\"><li class=\"tab-title is-active\" data-tab-index=\"0\">Prepararsi<\/li><li class=\"tab-title\" data-tab-index=\"1\">Numeri essenziali<\/li><li class=\"tab-title\" data-tab-index=\"2\">Applicazioni utili<\/li><\/ul><div class=\"tabs-list\">\n<div class=\"wp-block-ws-library-ws-tab\" style=\"display:none\"><p class=\"tab-title\">Prepararsi<\/p><div class=\"tab-content\">\n<div class=\"wp-block-group tab-row is-nowrap is-layout-flex wp-container-core-group-is-layout-6c531013 wp-block-group-is-layout-flex\">\n<div class=\"wp-block-group tab-group-content is-layout-flow wp-block-group-is-layout-flow\">\n<p>Lo sci alpinismo nelle Hautes-Alpes richiede un&#8217;attenta preparazione. \u00c8 fondamentale informarsi sull&#8217;itinerario, sulle condizioni meteorologiche e sul rischio valanghe prima di partire e adattare il percorso al livello del gruppo.   <\/p>\n\n\n\n<p>Ogni partecipante deve essere in possesso di tutta l&#8217;attrezzatura di sicurezza necessaria (apparecchio di ricerca in valanga, pala, sonda), deve saperla usare e deve essere costantemente vigile sul campo. La gestione dello sforzo, il rispetto degli orari e la capacit\u00e0 di rinunciare o cambiare percorso in caso di condizioni sfavorevoli sono regole essenziali per un alpinismo responsabile e sereno. <\/p>\n<\/div>\n<\/div>\n<\/div><\/div>\n\n\n\n<div class=\"wp-block-ws-library-ws-tab\" style=\"display:none\"><p class=\"tab-title\">Numeri essenziali<\/p><div class=\"tab-content\">\n<div class=\"wp-block-group tab-row is-nowrap is-layout-flex wp-container-core-group-is-layout-6c531013 wp-block-group-is-layout-flex\">\n<div class=\"wp-block-group tab-group-content is-layout-flow wp-block-group-is-layout-flow\">\n<p class=\"is-style-highlighted\"><strong>112 <\/strong>: il numero magico, valido in tutta Europa, per le emergenze.<br\/><strong>15: <\/strong> SAMU (per le emergenze mediche pi\u00f9 gravi).<br\/><strong>18<\/strong>: vigili del fuoco (incendi, incidenti).<br\/><strong>17<\/strong>: gendarmeria (per problemi di sicurezza o persone scomparse).<br\/><strong>114<\/strong>: numero di emergenza via SMS, se non puoi parlare.<\/p>\n<\/div>\n<\/div>\n<\/div><\/div>\n\n\n\n<div class=\"wp-block-ws-library-ws-tab\" style=\"display:none\"><p class=\"tab-title\">Applicazioni utili<\/p><div class=\"tab-content\">\n<div class=\"wp-block-group tab-row is-nowrap is-layout-flex wp-container-core-group-is-layout-6c531013 wp-block-group-is-layout-flex\">\n<div class=\"wp-block-group tab-group-content is-layout-flow wp-block-group-is-layout-flow\">\n<ul class=\"wp-block-list\">\n<li><strong><a href=\"https:\/\/outdoorvision.fr\/\" target=\"_blank\" rel=\"noreferrer noopener\">Outdoorvision<\/a><\/strong><br\/>\u00c8 un po&#8217; come un GPS per sportivi&#8230; ma \u00e8 utile per tutti. I dati delle tue uscite (escursioni, sentieri, mountain bike) vengono raccolti in forma anonima per aiutarci a capire meglio cosa fai e migliorare i nostri itinerari. Corri. Analizzano. \u00c8 una situazione vantaggiosa per tutti.<\/li>\n\n\n\n<li><a href=\"https:\/\/sentinelles.sportsdenature.fr\/\" target=\"_blank\" rel=\"noreferrer noopener\">Suricate<\/a><br\/>Un nido di soluzioni per piccoli problemi sul campo. Un cartello mancante, un percorso bloccato, una segnaletica poco chiara? Basta un clic sull&#8217;app Suricate e le informazioni vengono inviate direttamente ai manager. Meno brontolii, pi\u00f9 percorsi puliti.<\/li>\n<\/ul>\n<\/div>\n<\/div>\n<\/div><\/div>\n<\/div><\/div>\n\n<div class=\"wp-block-ws-library-ws-share\"><span class=\"share-subtitle\">Ti \u00e8 piaciuta questa pagina?<\/span><span class=\"share-title\">Condividilo!<\/span><button class=\"ws-share-button wp-element-button\">Condividi questa pagina<\/button><\/div>\n","protected":false},"excerpt":{"rendered":"<p>Un itinerario di sci alpinismo Nel cuore dell&#8217;inverno, parti alla scoperta della selvaggia valle della Clar\u00e9e, della sua fauna, della [&hellip;]<\/p>\n","protected":false},"author":5,"featured_media":0,"parent":107885,"menu_order":0,"comment_status":"closed","ping_status":"closed","template":"","meta":{"is_dark_mode":false,"footnotes":""},"page_label":[],"class_list":["post-142685","page","type-page","status-publish","hentry"],"yoast_head":"<!-- This site is optimized with the Yoast SEO plugin v27.2 - https:\/\/yoast.com\/product\/yoast-seo-wordpress\/ -->\n<title>Tour sciistico della Clar\u00e9e - Hautes-Alpes<\/title>\n<meta name=\"description\" content=\"Tour sciistico della Clar\u00e9e Un itinerario di sci alpinismo Nel cuore dell&#039;inverno, parti alla scoperta della selvaggia valle della Clar\u00e9e, della sua\" \/>\n<meta name=\"robots\" content=\"index, follow, max-snippet:-1, max-image-preview:large, max-video-preview:-1\" \/>\n<link rel=\"canonical\" href=\"https:\/\/www.hautes-alpes.net\/it\/fughe\/grand-tour-degli-ecrins-2\/\" \/>\n<meta property=\"og:locale\" content=\"it_IT\" \/>\n<meta property=\"og:type\" content=\"article\" \/>\n<meta property=\"og:title\" content=\"Tour sciistico della Clar\u00e9e - Hautes-Alpes\" \/>\n<meta property=\"og:description\" content=\"Tour sciistico della Clar\u00e9e Un itinerario di sci alpinismo Nel cuore dell&#039;inverno, parti alla scoperta della selvaggia valle della Clar\u00e9e, della sua\" \/>\n<meta property=\"og:url\" content=\"https:\/\/www.hautes-alpes.net\/it\/fughe\/grand-tour-degli-ecrins-2\/\" \/>\n<meta property=\"og:site_name\" content=\"Hautes-Alpes\" \/>\n<meta property=\"article:modified_time\" content=\"2026-01-05T14:28:32+00:00\" \/>\n<meta property=\"og:image\" content=\"https:\/\/www.hautes-alpes.net\/wp-content\/uploads\/2025\/12\/refuge-du-gole-on-et-pic-du-gole-on-42-1600x1000.jpg\" \/>\n<meta name=\"twitter:card\" content=\"summary_large_image\" \/>\n<meta name=\"twitter:label1\" content=\"Tempo di lettura stimato\" \/>\n\t<meta name=\"twitter:data1\" content=\"3 minuti\" \/>\n<script type=\"application\/ld+json\" class=\"yoast-schema-graph\">{\"@context\":\"https:\/\/schema.org\",\"@graph\":[{\"@type\":\"WebPage\",\"@id\":\"https:\/\/www.hautes-alpes.net\/it\/fughe\/grand-tour-degli-ecrins-2\/\",\"url\":\"https:\/\/www.hautes-alpes.net\/it\/fughe\/grand-tour-degli-ecrins-2\/\",\"name\":\"Tour sciistico della Clar\u00e9e - Hautes-Alpes\",\"isPartOf\":{\"@id\":\"https:\/\/www.hautes-alpes.net\/it\/#website\"},\"primaryImageOfPage\":{\"@id\":\"https:\/\/www.hautes-alpes.net\/it\/fughe\/grand-tour-degli-ecrins-2\/#primaryimage\"},\"image\":{\"@id\":\"https:\/\/www.hautes-alpes.net\/it\/fughe\/grand-tour-degli-ecrins-2\/#primaryimage\"},\"thumbnailUrl\":\"https:\/\/www.hautes-alpes.net\/wp-content\/uploads\/2025\/12\/refuge-du-gole-on-et-pic-du-gole-on-42-1600x1000.jpg\",\"datePublished\":\"2025-12-29T10:54:34+00:00\",\"dateModified\":\"2026-01-05T14:28:32+00:00\",\"description\":\"Tour sciistico della Clar\u00e9e Un itinerario di sci alpinismo Nel cuore dell'inverno, parti alla scoperta della selvaggia valle della Clar\u00e9e, della sua\",\"breadcrumb\":{\"@id\":\"https:\/\/www.hautes-alpes.net\/it\/fughe\/grand-tour-degli-ecrins-2\/#breadcrumb\"},\"inLanguage\":\"it-IT\",\"potentialAction\":[{\"@type\":\"ReadAction\",\"target\":[\"https:\/\/www.hautes-alpes.net\/it\/fughe\/grand-tour-degli-ecrins-2\/\"]}]},{\"@type\":\"ImageObject\",\"inLanguage\":\"it-IT\",\"@id\":\"https:\/\/www.hautes-alpes.net\/it\/fughe\/grand-tour-degli-ecrins-2\/#primaryimage\",\"url\":\"https:\/\/www.hautes-alpes.net\/wp-content\/uploads\/2025\/12\/refuge-du-gole-on-et-pic-du-gole-on-42-1600x1000.jpg\",\"contentUrl\":\"https:\/\/www.hautes-alpes.net\/wp-content\/uploads\/2025\/12\/refuge-du-gole-on-et-pic-du-gole-on-42-1600x1000.jpg\"},{\"@type\":\"BreadcrumbList\",\"@id\":\"https:\/\/www.hautes-alpes.net\/it\/fughe\/grand-tour-degli-ecrins-2\/#breadcrumb\",\"itemListElement\":[{\"@type\":\"ListItem\",\"position\":1,\"name\":\"Accueil\",\"item\":\"https:\/\/www.hautes-alpes.net\/it\/hautes-alpes\/\"},{\"@type\":\"ListItem\",\"position\":2,\"name\":\"Fughe\",\"item\":\"https:\/\/www.hautes-alpes.net\/it\/fughe\/\"},{\"@type\":\"ListItem\",\"position\":3,\"name\":\"Fughe\",\"item\":\"https:\/\/www.hautes-alpes.net\/it\/fughe\/\"},{\"@type\":\"ListItem\",\"position\":4,\"name\":\"Tour sciistico della Clar\u00e9e\"}]},{\"@type\":\"WebSite\",\"@id\":\"https:\/\/www.hautes-alpes.net\/it\/#website\",\"url\":\"https:\/\/www.hautes-alpes.net\/it\/\",\"name\":\"ADDET\",\"description\":\"\",\"publisher\":{\"@id\":\"https:\/\/www.hautes-alpes.net\/it\/#organization\"},\"potentialAction\":[{\"@type\":\"SearchAction\",\"target\":{\"@type\":\"EntryPoint\",\"urlTemplate\":\"https:\/\/www.hautes-alpes.net\/it\/?s={search_term_string}\"},\"query-input\":{\"@type\":\"PropertyValueSpecification\",\"valueRequired\":true,\"valueName\":\"search_term_string\"}}],\"inLanguage\":\"it-IT\"},{\"@type\":\"Organization\",\"@id\":\"https:\/\/www.hautes-alpes.net\/it\/#organization\",\"name\":\"Agence D\u00e9partementale de D\u00e9veloppement Economique et Touristique des Hautes-Alpes\",\"url\":\"https:\/\/www.hautes-alpes.net\/it\/\",\"logo\":{\"@type\":\"ImageObject\",\"inLanguage\":\"it-IT\",\"@id\":\"https:\/\/www.hautes-alpes.net\/it\/#\/schema\/logo\/image\/\",\"url\":\"https:\/\/www.hautes-alpes.net\/wp-content\/uploads\/2026\/01\/black-logo-2.svg\",\"contentUrl\":\"https:\/\/www.hautes-alpes.net\/wp-content\/uploads\/2026\/01\/black-logo-2.svg\",\"caption\":\"Agence D\u00e9partementale de D\u00e9veloppement Economique et Touristique des Hautes-Alpes\"},\"image\":{\"@id\":\"https:\/\/www.hautes-alpes.net\/it\/#\/schema\/logo\/image\/\"}}]}<\/script>\n<!-- \/ Yoast SEO plugin. -->","yoast_head_json":{"title":"Tour sciistico della Clar\u00e9e - Hautes-Alpes","description":"Tour sciistico della Clar\u00e9e Un itinerario di sci alpinismo Nel cuore dell'inverno, parti alla scoperta della selvaggia valle della Clar\u00e9e, della sua","robots":{"index":"index","follow":"follow","max-snippet":"max-snippet:-1","max-image-preview":"max-image-preview:large","max-video-preview":"max-video-preview:-1"},"canonical":"https:\/\/www.hautes-alpes.net\/it\/fughe\/grand-tour-degli-ecrins-2\/","og_locale":"it_IT","og_type":"article","og_title":"Tour sciistico della Clar\u00e9e - Hautes-Alpes","og_description":"Tour sciistico della Clar\u00e9e Un itinerario di sci alpinismo Nel cuore dell'inverno, parti alla scoperta della selvaggia valle della Clar\u00e9e, della sua","og_url":"https:\/\/www.hautes-alpes.net\/it\/fughe\/grand-tour-degli-ecrins-2\/","og_site_name":"Hautes-Alpes","article_modified_time":"2026-01-05T14:28:32+00:00","og_image":[{"url":"https:\/\/www.hautes-alpes.net\/wp-content\/uploads\/2025\/12\/refuge-du-gole-on-et-pic-du-gole-on-42-1600x1000.jpg","type":"","width":"","height":""}],"twitter_card":"summary_large_image","twitter_misc":{"Tempo di lettura stimato":"3 minuti"},"schema":{"@context":"https:\/\/schema.org","@graph":[{"@type":"WebPage","@id":"https:\/\/www.hautes-alpes.net\/it\/fughe\/grand-tour-degli-ecrins-2\/","url":"https:\/\/www.hautes-alpes.net\/it\/fughe\/grand-tour-degli-ecrins-2\/","name":"Tour sciistico della Clar\u00e9e - Hautes-Alpes","isPartOf":{"@id":"https:\/\/www.hautes-alpes.net\/it\/#website"},"primaryImageOfPage":{"@id":"https:\/\/www.hautes-alpes.net\/it\/fughe\/grand-tour-degli-ecrins-2\/#primaryimage"},"image":{"@id":"https:\/\/www.hautes-alpes.net\/it\/fughe\/grand-tour-degli-ecrins-2\/#primaryimage"},"thumbnailUrl":"https:\/\/www.hautes-alpes.net\/wp-content\/uploads\/2025\/12\/refuge-du-gole-on-et-pic-du-gole-on-42-1600x1000.jpg","datePublished":"2025-12-29T10:54:34+00:00","dateModified":"2026-01-05T14:28:32+00:00","description":"Tour sciistico della Clar\u00e9e Un itinerario di sci alpinismo Nel cuore dell'inverno, parti alla scoperta della selvaggia valle della Clar\u00e9e, della sua","breadcrumb":{"@id":"https:\/\/www.hautes-alpes.net\/it\/fughe\/grand-tour-degli-ecrins-2\/#breadcrumb"},"inLanguage":"it-IT","potentialAction":[{"@type":"ReadAction","target":["https:\/\/www.hautes-alpes.net\/it\/fughe\/grand-tour-degli-ecrins-2\/"]}]},{"@type":"ImageObject","inLanguage":"it-IT","@id":"https:\/\/www.hautes-alpes.net\/it\/fughe\/grand-tour-degli-ecrins-2\/#primaryimage","url":"https:\/\/www.hautes-alpes.net\/wp-content\/uploads\/2025\/12\/refuge-du-gole-on-et-pic-du-gole-on-42-1600x1000.jpg","contentUrl":"https:\/\/www.hautes-alpes.net\/wp-content\/uploads\/2025\/12\/refuge-du-gole-on-et-pic-du-gole-on-42-1600x1000.jpg"},{"@type":"BreadcrumbList","@id":"https:\/\/www.hautes-alpes.net\/it\/fughe\/grand-tour-degli-ecrins-2\/#breadcrumb","itemListElement":[{"@type":"ListItem","position":1,"name":"Accueil","item":"https:\/\/www.hautes-alpes.net\/it\/hautes-alpes\/"},{"@type":"ListItem","position":2,"name":"Fughe","item":"https:\/\/www.hautes-alpes.net\/it\/fughe\/"},{"@type":"ListItem","position":3,"name":"Fughe","item":"https:\/\/www.hautes-alpes.net\/it\/fughe\/"},{"@type":"ListItem","position":4,"name":"Tour sciistico della Clar\u00e9e"}]},{"@type":"WebSite","@id":"https:\/\/www.hautes-alpes.net\/it\/#website","url":"https:\/\/www.hautes-alpes.net\/it\/","name":"ADDET","description":"","publisher":{"@id":"https:\/\/www.hautes-alpes.net\/it\/#organization"},"potentialAction":[{"@type":"SearchAction","target":{"@type":"EntryPoint","urlTemplate":"https:\/\/www.hautes-alpes.net\/it\/?s={search_term_string}"},"query-input":{"@type":"PropertyValueSpecification","valueRequired":true,"valueName":"search_term_string"}}],"inLanguage":"it-IT"},{"@type":"Organization","@id":"https:\/\/www.hautes-alpes.net\/it\/#organization","name":"Agence D\u00e9partementale de D\u00e9veloppement Economique et Touristique des Hautes-Alpes","url":"https:\/\/www.hautes-alpes.net\/it\/","logo":{"@type":"ImageObject","inLanguage":"it-IT","@id":"https:\/\/www.hautes-alpes.net\/it\/#\/schema\/logo\/image\/","url":"https:\/\/www.hautes-alpes.net\/wp-content\/uploads\/2026\/01\/black-logo-2.svg","contentUrl":"https:\/\/www.hautes-alpes.net\/wp-content\/uploads\/2026\/01\/black-logo-2.svg","caption":"Agence D\u00e9partementale de D\u00e9veloppement Economique et Touristique des Hautes-Alpes"},"image":{"@id":"https:\/\/www.hautes-alpes.net\/it\/#\/schema\/logo\/image\/"}}]}},"_links":{"self":[{"href":"https:\/\/www.hautes-alpes.net\/it\/wp-json\/wp\/v2\/pages\/142685","targetHints":{"allow":["GET"]}}],"collection":[{"href":"https:\/\/www.hautes-alpes.net\/it\/wp-json\/wp\/v2\/pages"}],"about":[{"href":"https:\/\/www.hautes-alpes.net\/it\/wp-json\/wp\/v2\/types\/page"}],"author":[{"embeddable":true,"href":"https:\/\/www.hautes-alpes.net\/it\/wp-json\/wp\/v2\/users\/5"}],"replies":[{"embeddable":true,"href":"https:\/\/www.hautes-alpes.net\/it\/wp-json\/wp\/v2\/comments?post=142685"}],"version-history":[{"count":10,"href":"https:\/\/www.hautes-alpes.net\/it\/wp-json\/wp\/v2\/pages\/142685\/revisions"}],"predecessor-version":[{"id":162877,"href":"https:\/\/www.hautes-alpes.net\/it\/wp-json\/wp\/v2\/pages\/142685\/revisions\/162877"}],"up":[{"embeddable":true,"href":"https:\/\/www.hautes-alpes.net\/it\/wp-json\/wp\/v2\/pages\/107885"}],"wp:attachment":[{"href":"https:\/\/www.hautes-alpes.net\/it\/wp-json\/wp\/v2\/media?parent=142685"}],"wp:term":[{"taxonomy":"page_label","embeddable":true,"href":"https:\/\/www.hautes-alpes.net\/it\/wp-json\/wp\/v2\/page_label?post=142685"}],"curies":[{"name":"wp","href":"https:\/\/api.w.org\/{rel}","templated":true}]}}