{"id":109750,"date":"2025-11-20T15:01:40","date_gmt":"2025-11-20T14:01:40","guid":{"rendered":"https:\/\/www.hautes-alpes.net\/esperienze-hautes-alpes\/sci\/"},"modified":"2026-01-27T09:35:37","modified_gmt":"2026-01-27T08:35:37","slug":"sci","status":"publish","type":"page","link":"https:\/\/www.hautes-alpes.net\/it\/esperienze-hautes-alpes\/sci\/","title":{"rendered":"Sci"},"content":{"rendered":"\n<div class=\"wp-block-group alignfull hero-banner-gallery has-global-padding is-layout-constrained wp-block-group-is-layout-constrained\"><div class=\"yoast-breadcrumbs\"><span><span><a href=\"https:\/\/www.hautes-alpes.net\/it\/hautes-alpes\/\">Accueil<\/a><\/span>  <span><a href=\"https:\/\/www.hautes-alpes.net\/it\/esperienze-hautes-alpes\/\">Esperienze - Hautes-Alpes<\/a><\/span>  <span><a href=\"https:\/\/www.hautes-alpes.net\/it\/esperienze-hautes-alpes\/\">Esperienze - Hautes-Alpes<\/a><\/span>  <span class=\"breadcrumb_last\" aria-current=\"page\">Sci<\/span><\/span><\/div>\n\n\n<h1 class=\"wp-block-ws-library-post-title\">Sci<\/h1>\n\n\n\n<p class=\"subtitle is-style-default\"><\/p>\n\n\n\n<div class=\"wp-block-ws-library-ws-gallery-5-images alignfull\"><div class=\"list-items\"><div class=\"item-media item-media--small\"><div class=\"field-image\"><img loading=\"lazy\" decoding=\"async\" width=\"700\" height=\"840\" src=\"https:\/\/www.hautes-alpes.net\/wp-content\/uploads\/2025\/11\/230224093659-re-mi-morel-ot-serre-ponc-on-222-700x840.jpg\" alt=\"\" class=\"wp-image-85741\"><\/div><\/div><div class=\"item-media item-media--small\"><div class=\"field-image\"><img loading=\"lazy\" decoding=\"async\" width=\"700\" height=\"840\" src=\"https:\/\/www.hautes-alpes.net\/wp-content\/uploads\/2025\/11\/la-blanche-ski-de-randonnee-22-2-700x840.jpg\" alt=\"\" class=\"wp-image-85738\"><\/div><\/div><div class=\"item-media item-media--large\"><div class=\"field-image\"><img loading=\"lazy\" decoding=\"async\" width=\"2000\" height=\"1000\" src=\"https:\/\/www.hautes-alpes.net\/wp-content\/uploads\/2025\/11\/domaine-skiable-alpesphotographiescom-11-1-2000x1000.jpg\" alt=\"\" class=\"wp-image-60581\"><\/div><\/div><div class=\"item-media item-media--small\"><div class=\"field-image\"><img loading=\"lazy\" decoding=\"async\" width=\"700\" height=\"840\" src=\"https:\/\/www.hautes-alpes.net\/wp-content\/uploads\/2025\/11\/shooting-photos-reallon-2022-23-fabien-thibault-5-222-700x840.jpg\" alt=\"\" class=\"wp-image-85737\"><\/div><\/div><div class=\"item-media item-media--small\"><div class=\"field-image\"><img loading=\"lazy\" decoding=\"async\" width=\"700\" height=\"840\" src=\"https:\/\/www.hautes-alpes.net\/wp-content\/uploads\/2025\/11\/refuge-du-gole-on-et-pic-du-gole-on-1622-700x840.jpg\" alt=\"\" class=\"wp-image-85740\"><\/div><\/div><\/div><\/div>\n\n\n\n<p><\/p>\n<\/div>\n\n<div class=\"wp-block-group alignfull block-etapes has-global-padding is-layout-constrained wp-block-group-is-layout-constrained\">\n<h2 class=\"wp-block-heading is-style-title-1\"><em>SkiL&#8217;<\/em>hiver <strong style=\"display: inline !important;\">en grand<\/strong><\/h2>\n\n\n\n<p>Nella luce pura delle Hautes-Alpes, lo sci va oltre le curve e le piste. \u00c8 una sensazione cruda, una boccata d&#8217;aria frizzante nei polmoni, una scintilla negli occhi. Vieni per sciare, ma te ne vai trasformato.  <\/p>\n<\/div>\n\n<div style=\"height:50px\" aria-hidden=\"true\" class=\"wp-block-spacer\"><\/div>\n\n<div class=\"wp-block-ws-library-ws-video is-style-animated-content\"><div class=\"wrapper\"><div class=\"group-media\">\n<figure class=\"wp-block-video video-block\"><video playsinline height=\"1080\" style=\"aspect-ratio: 1920 \/ 1080;\" width=\"1920\" autoplay=\"\" loop=\"\" muted=\"\" src=\"https:\/\/www.hautes-alpes.net\/wp-content\/uploads\/2025\/12\/ski-ok.mp4\"><\/video><figcaption class=\"wp-element-caption\">Sci alpino, snowboard, telemark&#8230; lo sci in tutte le sue forme<\/figcaption><\/figure>\n<\/div><\/div><\/div>\n\n<div style=\"height:50px\" aria-hidden=\"true\" class=\"wp-block-spacer\"><\/div>\n\n<div class=\"wp-block-group alignfull step-by-step has-global-padding is-layout-constrained wp-block-group-is-layout-constrained\">\n<div class=\"wp-block-ws-library-ws-columns alignwide has-2-columns are-vertically-aligned-center layout-5050\">\n<div class=\"wp-block-ws-library-ws-column\"><div class=\"wrapper\">\n<h2 class=\"wp-block-heading\"><strong>Paesaggi <\/strong> mozzafiato<br\/><\/h2>\n\n\n\n<p>Immagina cime che si aggrappano al cielo, un manto bianco che scintilla come una manciata di diamanti, una neve rinomata per la sua leggerezza unica.  <strong>Nelle Hautes-Alpes, ogni discesa \u00e8 un tuffo nell&#8217;immensit\u00e0.<\/strong>  Sciare qui significa toccare l&#8217;essenza stessa delle montagne. Per ogni sciatore appassionato, le Hautes-Alpes sono un must, un incontro con la perfezione. <\/p>\n<\/div><\/div>\n\n\n\n<div class=\"wp-block-ws-library-ws-column\"><div class=\"wrapper\">\n<div class=\"wp-block-ws-library-ws-image\"><div class=\"wrapper\"><div class=\"group-media\"><img decoding=\"async\" src=\"https:\/\/www.hautes-alpes.net\/wp-content\/uploads\/2025\/11\/tblais-shooting-photo-la-grave-71-1240x800.jpg\" alt=\"\" class=\"single_image ws-image-60663\"><div class=\"credits\">T. Blais<\/div><\/div><p class=\"caption\"><\/p><\/div><\/div>\n<\/div><\/div>\n<\/div>\n\n\n\n<div class=\"wp-block-ws-library-ws-columns alignwide has-2-columns are-vertically-aligned-center layout-5050\">\n<div class=\"wp-block-ws-library-ws-column\"><div class=\"wrapper\">\n<h2 class=\"wp-block-heading\"><strong>Resort <\/strong><br\/>per soddisfare i tuoi sogni<\/h2>\n\n\n\n<p>Nel cuore della bellezza selvaggia delle <strong>Hautes-Alpes<\/strong>, i resort combinano modernit\u00e0 e autenticit\u00e0: strutture all&#8217;avanguardia, infrastrutture sostenibili e villaggi incontaminati. Progettati pensando al futuro, offrono terreni mitici per principianti e appassionati, dallo sci alpino al freeride e allo sci alpinismo. <\/p>\n<\/div><\/div>\n\n\n\n<div class=\"wp-block-ws-library-ws-column\"><div class=\"wrapper\">\n<div class=\"wp-block-ws-library-ws-image\"><div class=\"wrapper\"><div class=\"group-media\"><img decoding=\"async\" src=\"https:\/\/www.hautes-alpes.net\/wp-content\/uploads\/2025\/11\/christophe-pallot-zoom-1-1240x800.jpg\" alt=\"\" class=\"single_image ws-image-60577\"><div class=\"credits\">C. Pallot<\/div><\/div><p class=\"caption\"><\/p><\/div><\/div>\n<\/div><\/div>\n<\/div>\n\n\n\n<div class=\"wp-block-ws-library-ws-columns alignwide has-2-columns are-vertically-aligned-center layout-5050\">\n<div class=\"wp-block-ws-library-ws-column\"><div class=\"wrapper\">\n<h2 class=\"wp-block-heading\"><strong>Verso il 2030,<\/strong> <br\/>il rendez-vous planetario<\/h2>\n\n\n\n<p>Nel <strong>2030<\/strong>, le <strong>Hautes-Alpes<\/strong> saranno al centro delle <strong>Olimpiadi invernali<\/strong>. <strong>Serre Chevalier<\/strong> e <strong>Montgen\u00e8vre<\/strong> ospiteranno gli eventi di sci e snowboard freestyle, che rappresenteranno quasi un terzo delle medaglie. A <strong>Brian\u00e7on<\/strong>, il <strong>Fort des T\u00eates<\/strong> sar\u00e0 ristrutturato per ospitare quasi <strong>500 atleti<\/strong>. Questo storico evento lascer\u00e0 un&#8217;eredit\u00e0 sportiva ed economica duratura, affermando la regione come punto di riferimento mondiale per gli sport invernali.  <\/p>\n<\/div><\/div>\n\n\n\n<div class=\"wp-block-ws-library-ws-column\"><div class=\"wrapper\">\n<div class=\"wp-block-ws-library-ws-image\"><div class=\"wrapper\"><div class=\"group-media\"><img decoding=\"async\" src=\"https:\/\/www.hautes-alpes.net\/wp-content\/uploads\/2025\/11\/jo18-sb-mbx-ls-01-3406-scaled-1240x800.jpg\" alt=\"\" class=\"single_image ws-image-82832\"><div class=\"credits\">Agenzia ZOOM<\/div><\/div><p class=\"caption\"><\/p><\/div><\/div>\n<\/div><\/div>\n<\/div>\n<\/div>\n\n<div style=\"height:50px\" aria-hidden=\"true\" class=\"wp-block-spacer\"><\/div>\n\n<div class=\"wp-block-ws-library-ws-gallery ws-gallery alignfull\"><div class=\"list-images\"><div class=\"item item-media scroll-detect\" data-end-offset=\"30%\"><a href=\"https:\/\/www.hautes-alpes.net\/wp-content\/uploads\/2026\/01\/esf-portrait-scaled.jpg\" class=\"item-media__link init-lightbox\" data-glightbox=\"ws-gallery\" data-gallery=\"ws-gallery\" data-title=\"\"><img loading=\"lazy\" decoding=\"async\" width=\"1024\" height=\"870\" src=\"https:\/\/www.hautes-alpes.net\/wp-content\/uploads\/2026\/01\/esf-portrait-1024x870.jpg\" alt=\"\" class=\"ws-image wp-image-162412\" srcset=\"https:\/\/www.hautes-alpes.net\/wp-content\/uploads\/2026\/01\/esf-portrait-1024x870.jpg 1024w, https:\/\/www.hautes-alpes.net\/wp-content\/uploads\/2026\/01\/esf-portrait-300x255.jpg 300w, https:\/\/www.hautes-alpes.net\/wp-content\/uploads\/2026\/01\/esf-portrait-768x652.jpg 768w, https:\/\/www.hautes-alpes.net\/wp-content\/uploads\/2026\/01\/esf-portrait-1536x1305.jpg 1536w, https:\/\/www.hautes-alpes.net\/wp-content\/uploads\/2026\/01\/esf-portrait-2048x1740.jpg 2048w, https:\/\/www.hautes-alpes.net\/wp-content\/uploads\/2026\/01\/esf-portrait-480x408.jpg 480w, https:\/\/www.hautes-alpes.net\/wp-content\/uploads\/2026\/01\/esf-portrait-753x640.jpg 753w, https:\/\/www.hautes-alpes.net\/wp-content\/uploads\/2026\/01\/esf-portrait-730x620.jpg 730w\" sizes=\"auto, (max-width: 1024px) 100vw, 1024px\" \/><\/a><\/div><div class=\"item item-media scroll-detect\" data-end-offset=\"30%\"><a href=\"https:\/\/www.hautes-alpes.net\/wp-content\/uploads\/2026\/01\/johandesma-bigairsnow-hd-06-e1767622003176.jpg\" class=\"item-media__link init-lightbox\" data-glightbox=\"ws-gallery\" data-gallery=\"ws-gallery\" data-title=\"\"><img loading=\"lazy\" decoding=\"async\" width=\"1300\" height=\"992\" src=\"https:\/\/www.hautes-alpes.net\/wp-content\/uploads\/2026\/01\/johandesma-bigairsnow-hd-06-e1767622003176.jpg\" alt=\"\" class=\"ws-image wp-image-162831\" srcset=\"https:\/\/www.hautes-alpes.net\/wp-content\/uploads\/2026\/01\/johandesma-bigairsnow-hd-06-e1767622003176.jpg 1300w, https:\/\/www.hautes-alpes.net\/wp-content\/uploads\/2026\/01\/johandesma-bigairsnow-hd-06-e1767622003176-300x229.jpg 300w, https:\/\/www.hautes-alpes.net\/wp-content\/uploads\/2026\/01\/johandesma-bigairsnow-hd-06-e1767622003176-1024x781.jpg 1024w, https:\/\/www.hautes-alpes.net\/wp-content\/uploads\/2026\/01\/johandesma-bigairsnow-hd-06-e1767622003176-768x586.jpg 768w, https:\/\/www.hautes-alpes.net\/wp-content\/uploads\/2026\/01\/johandesma-bigairsnow-hd-06-e1767622003176-480x366.jpg 480w, https:\/\/www.hautes-alpes.net\/wp-content\/uploads\/2026\/01\/johandesma-bigairsnow-hd-06-e1767622003176-839x640.jpg 839w, https:\/\/www.hautes-alpes.net\/wp-content\/uploads\/2026\/01\/johandesma-bigairsnow-hd-06-e1767622003176-813x620.jpg 813w\" sizes=\"auto, (max-width: 1300px) 100vw, 1300px\" \/><\/a><\/div><div class=\"item item-media scroll-detect\" data-end-offset=\"30%\"><a href=\"https:\/\/www.hautes-alpes.net\/wp-content\/uploads\/2025\/11\/esf-scaled-e1764331667226.jpg\" class=\"item-media__link init-lightbox\" data-glightbox=\"ws-gallery\" data-gallery=\"ws-gallery\" data-title=\"\"><img loading=\"lazy\" decoding=\"async\" width=\"1024\" height=\"764\" src=\"https:\/\/www.hautes-alpes.net\/wp-content\/uploads\/2025\/11\/esf-scaled-e1764331667226-1024x764.jpg\" alt=\"\" class=\"ws-image wp-image-85649\" srcset=\"https:\/\/www.hautes-alpes.net\/wp-content\/uploads\/2025\/11\/esf-scaled-e1764331667226-1024x764.jpg 1024w, https:\/\/www.hautes-alpes.net\/wp-content\/uploads\/2025\/11\/esf-scaled-e1764331667226-300x224.jpg 300w, https:\/\/www.hautes-alpes.net\/wp-content\/uploads\/2025\/11\/esf-scaled-e1764331667226-768x573.jpg 768w, https:\/\/www.hautes-alpes.net\/wp-content\/uploads\/2025\/11\/esf-scaled-e1764331667226-1536x1146.jpg 1536w, https:\/\/www.hautes-alpes.net\/wp-content\/uploads\/2025\/11\/esf-scaled-e1764331667226-2048x1528.jpg 2048w, https:\/\/www.hautes-alpes.net\/wp-content\/uploads\/2025\/11\/esf-scaled-e1764331667226-480x358.jpg 480w, https:\/\/www.hautes-alpes.net\/wp-content\/uploads\/2025\/11\/esf-scaled-e1764331667226-858x640.jpg 858w, https:\/\/www.hautes-alpes.net\/wp-content\/uploads\/2025\/11\/esf-scaled-e1764331667226-831x620.jpg 831w\" sizes=\"auto, (max-width: 1024px) 100vw, 1024px\" \/><\/a><\/div><div class=\"item item-media scroll-detect\" data-end-offset=\"30%\"><a href=\"https:\/\/www.hautes-alpes.net\/wp-content\/uploads\/2026\/01\/refuge-du-gole-on-et-pic-du-gole-on-151-1.jpg\" class=\"item-media__link init-lightbox\" data-glightbox=\"ws-gallery\" data-gallery=\"ws-gallery\" data-title=\"\"><img loading=\"lazy\" decoding=\"async\" width=\"683\" height=\"1024\" src=\"https:\/\/www.hautes-alpes.net\/wp-content\/uploads\/2026\/01\/refuge-du-gole-on-et-pic-du-gole-on-151-1-683x1024.jpg\" alt=\"\" class=\"ws-image wp-image-162413\" srcset=\"https:\/\/www.hautes-alpes.net\/wp-content\/uploads\/2026\/01\/refuge-du-gole-on-et-pic-du-gole-on-151-1-683x1024.jpg 683w, https:\/\/www.hautes-alpes.net\/wp-content\/uploads\/2026\/01\/refuge-du-gole-on-et-pic-du-gole-on-151-1-200x300.jpg 200w, https:\/\/www.hautes-alpes.net\/wp-content\/uploads\/2026\/01\/refuge-du-gole-on-et-pic-du-gole-on-151-1-768x1152.jpg 768w, https:\/\/www.hautes-alpes.net\/wp-content\/uploads\/2026\/01\/refuge-du-gole-on-et-pic-du-gole-on-151-1-1024x1536.jpg 1024w, https:\/\/www.hautes-alpes.net\/wp-content\/uploads\/2026\/01\/refuge-du-gole-on-et-pic-du-gole-on-151-1-1366x2048.jpg 1366w, https:\/\/www.hautes-alpes.net\/wp-content\/uploads\/2026\/01\/refuge-du-gole-on-et-pic-du-gole-on-151-1-467x700.jpg 467w, https:\/\/www.hautes-alpes.net\/wp-content\/uploads\/2026\/01\/refuge-du-gole-on-et-pic-du-gole-on-151-1-427x640.jpg 427w, https:\/\/www.hautes-alpes.net\/wp-content\/uploads\/2026\/01\/refuge-du-gole-on-et-pic-du-gole-on-151-1-480x720.jpg 480w, https:\/\/www.hautes-alpes.net\/wp-content\/uploads\/2026\/01\/refuge-du-gole-on-et-pic-du-gole-on-151-1-414x620.jpg 414w, https:\/\/www.hautes-alpes.net\/wp-content\/uploads\/2026\/01\/refuge-du-gole-on-et-pic-du-gole-on-151-1.jpg 1600w\" sizes=\"auto, (max-width: 683px) 100vw, 683px\" \/><\/a><\/div><div class=\"item item-media scroll-detect\" data-end-offset=\"30%\"><a href=\"https:\/\/www.hautes-alpes.net\/wp-content\/uploads\/2025\/11\/la-blanche-ski-de-randonnee-1-scaled.jpg\" class=\"item-media__link init-lightbox\" data-glightbox=\"ws-gallery\" data-gallery=\"ws-gallery\" data-title=\"\"><img loading=\"lazy\" decoding=\"async\" width=\"1024\" height=\"683\" src=\"https:\/\/www.hautes-alpes.net\/wp-content\/uploads\/2025\/11\/la-blanche-ski-de-randonnee-1-1024x683.jpg\" alt=\"\" class=\"ws-image wp-image-60593\" srcset=\"https:\/\/www.hautes-alpes.net\/wp-content\/uploads\/2025\/11\/la-blanche-ski-de-randonnee-1-1024x683.jpg 1024w, https:\/\/www.hautes-alpes.net\/wp-content\/uploads\/2025\/11\/la-blanche-ski-de-randonnee-1-300x200.jpg 300w, https:\/\/www.hautes-alpes.net\/wp-content\/uploads\/2025\/11\/la-blanche-ski-de-randonnee-1-768x512.jpg 768w, https:\/\/www.hautes-alpes.net\/wp-content\/uploads\/2025\/11\/la-blanche-ski-de-randonnee-1-1536x1024.jpg 1536w, https:\/\/www.hautes-alpes.net\/wp-content\/uploads\/2025\/11\/la-blanche-ski-de-randonnee-1-2048x1365.jpg 2048w, https:\/\/www.hautes-alpes.net\/wp-content\/uploads\/2025\/11\/la-blanche-ski-de-randonnee-1-480x320.jpg 480w, https:\/\/www.hautes-alpes.net\/wp-content\/uploads\/2025\/11\/la-blanche-ski-de-randonnee-1-960x640.jpg 960w, https:\/\/www.hautes-alpes.net\/wp-content\/uploads\/2025\/11\/la-blanche-ski-de-randonnee-1-660x440.jpg 660w, https:\/\/www.hautes-alpes.net\/wp-content\/uploads\/2025\/11\/la-blanche-ski-de-randonnee-1-525x350.jpg 525w, https:\/\/www.hautes-alpes.net\/wp-content\/uploads\/2025\/11\/la-blanche-ski-de-randonnee-1-930x620.jpg 930w\" sizes=\"auto, (max-width: 1024px) 100vw, 1024px\" \/><\/a><\/div><\/div><\/div>\n\n<div style=\"height:50px\" aria-hidden=\"true\" class=\"wp-block-spacer\"><\/div>\n\n<h2 class=\"wp-block-heading is-style-title-1\">Le <strong>stazioni<\/strong><\/h2>\n\n<div class=\"wp-block-ws-library-scrollable-section ws-section-scrollable alignfull\"><div class=\"scrollable-item\"><div class=\"group-content\"><div class=\"wrapper\"><h3 class=\"field-title\">Le localit\u00e0 delle Hautes-Alpes <br><\/h3><div class=\"field-intro\"><p><\/p><p><\/p><\/div><\/div><\/div><div class=\"group-innerblocks\"><div class=\"group-media\"><div class=\"field-image\"><img decoding=\"async\" src=\"https:\/\/www.hautes-alpes.net\/wp-content\/uploads\/2025\/11\/pays-de-la-meije-alpesphotographiescom-2-1140x620.jpg\" alt=\"\"\/><\/div><div class=\"credits\">Alpes Photographies<\/div><\/div>\n<div class=\"section-wrapper\"><div class=\"wp-block-ws-library-scrollable-section-item ws-section-scrollable-item\">\n<h3 class=\"wp-block-heading is-style-title-1\"><em>La Mecca del freeride<br\/><\/em><strong>La Grave - La Meije<\/strong><\/h3>\n\n\n\n<p>La Grave-La Meije non \u00e8 un resort come gli altri. \u00c8 un ambiente crudo, un mito, dove la roccia, il ghiaccio e l&#8217;altitudine impongono la loro legge. <\/p>\n\n\n\n<div class=\"wp-block-buttons is-layout-flex wp-block-buttons-is-layout-flex\">\n<div class=\"wp-block-button\"><a class=\"wp-block-button__link wp-element-button\" href=\"https:\/\/www.hautes-alpes.net\/it\/destinazioni-hautes-alpes\/la-grave-la-meije\/\">Scoprire<\/a><\/div>\n<\/div>\n<\/div><\/div>\n\n\n\n<div class=\"section-wrapper\"><div class=\"wp-block-ws-library-scrollable-section-item ws-section-scrollable-item\">\n<div class=\"wp-block-ws-library-ws-image\"><div class=\"wrapper\"><div class=\"group-media\"><img decoding=\"async\" src=\"https:\/\/www.hautes-alpes.net\/wp-content\/uploads\/2025\/11\/arthur-bauchet-serre-chevalier-briancon-29-ot-serre-chevalier-vallee-briancon-2-scaled-e1763561739413-570x640.jpg\" alt=\"Arthur Bauchet posa, sorridente, con tutti questi premi sul logo di Serre Chevalier.\" class=\"single_image ws-image-73702\"><div class=\"credits\">Ufficio del Turismo di Serre Chevalier<\/div><\/div><p class=\"caption\">Arthur Bauchet, campione paralimpico<\/p><\/div><\/div>\n<\/div><\/div>\n\n\n\n<div class=\"section-wrapper\"><div class=\"wp-block-ws-library-scrollable-section-item ws-section-scrollable-item\">\n<h3 class=\"wp-block-heading is-style-title-1\"><em>Nel cuore dei giganti<\/em><strong>Serre Chevalier<\/strong><\/h3>\n\n\n\n<p>Tra Brian\u00e7on e le cime degli Ecrins, Serre Chevalier combina un&#8217;ampia area sciistica, emozioni e prestigio.<\/p>\n\n\n\n<div class=\"wp-block-buttons is-layout-flex wp-block-buttons-is-layout-flex\">\n<div class=\"wp-block-button\"><a class=\"wp-block-button__link wp-element-button\" href=\"https:\/\/www.hautes-alpes.net\/it\/destinazioni-hautes-alpes\/serre-chevalier\/\">Scoprire<\/a><\/div>\n<\/div>\n<\/div><\/div>\n\n\n\n<div class=\"section-wrapper\"><div class=\"wp-block-ws-library-scrollable-section-item ws-section-scrollable-item\">\n<div class=\"wp-block-ws-library-ws-image\"><div class=\"wrapper\"><div class=\"group-media\"><img decoding=\"async\" src=\"https:\/\/www.hautes-alpes.net\/wp-content\/uploads\/2025\/11\/montgenevre-alpesphotographiescom-23-scaled-1240x800.jpg\" alt=\"\" class=\"single_image ws-image-53756\"><div class=\"credits\">Fotografie delle Alpi<\/div><\/div><p class=\"caption\"><\/p><\/div><\/div>\n<\/div><\/div>\n\n\n\n<div class=\"section-wrapper\"><div class=\"wp-block-ws-library-scrollable-section-item ws-section-scrollable-item\">\n<h3 class=\"wp-block-heading is-style-title-1\"><em>La decana<br\/><\/em><strong>Monginevro<\/strong><\/h3>\n\n\n\n<p>Il Monginevro non \u00e8 solo un grande resort: \u00e8 il pi\u00f9 antico, un collegamento tra Francia e Italia.<\/p>\n\n\n\n<div class=\"wp-block-buttons is-layout-flex wp-block-buttons-is-layout-flex\">\n<div class=\"wp-block-button\"><a class=\"wp-block-button__link wp-element-button\" href=\"https:\/\/www.hautes-alpes.net\/it\/destinazioni-hautes-alpes\/monginevro\/\">Scoprire<\/a><\/div>\n<\/div>\n<\/div><\/div>\n\n\n\n<div class=\"section-wrapper\"><div class=\"wp-block-ws-library-scrollable-section-item ws-section-scrollable-item\">\n<div class=\"wp-block-ws-library-ws-image\"><div class=\"wrapper\"><div class=\"group-media\"><img decoding=\"async\" src=\"https:\/\/www.hautes-alpes.net\/wp-content\/uploads\/2025\/11\/col-de-bal-rogier-van-rijn-2-960x640.jpg\" alt=\"\" class=\"single_image ws-image-82804\"><div class=\"credits\">R. VanRijn<\/div><\/div><p class=\"caption\"><\/p><\/div><\/div>\n<\/div><\/div>\n\n\n\n<div class=\"section-wrapper\"><div class=\"wp-block-ws-library-scrollable-section-item ws-section-scrollable-item\">\n<h3 class=\"wp-block-heading is-style-title-1\"><em>La garanzia della neve<br\/><\/em><strong>Puy Saint Vincent<\/strong><\/h3>\n\n\n\n<p>All&#8217;ingresso del Parco Nazionale degli Ecrins, Puy Saint Vincent gioca una partita unica: un sottile equilibrio tra un resort per famiglie, un ambiente naturale eccezionale e una destinazione da brivido.<\/p>\n\n\n\n<div class=\"wp-block-buttons is-layout-flex wp-block-buttons-is-layout-flex\">\n<div class=\"wp-block-button\"><a class=\"wp-block-button__link wp-element-button\" href=\"https:\/\/www.hautes-alpes.net\/it\/destinazioni-hautes-alpes\/puy-saint-vincent\/\">Scoprire<\/a><\/div>\n<\/div>\n<\/div><\/div>\n\n\n\n<div class=\"section-wrapper\"><div class=\"wp-block-ws-library-scrollable-section-item ws-section-scrollable-item\">\n<div class=\"wp-block-ws-library-ws-image\"><div class=\"wrapper\"><div class=\"group-media\"><img decoding=\"async\" src=\"https:\/\/www.hautes-alpes.net\/wp-content\/uploads\/2025\/11\/ot-vars-remi-morel-1240x800.jpg\" alt=\"Vista dal cielo del resort di Vars\" class=\"single_image ws-image-54973\"><div class=\"credits\">R. Morel<\/div><\/div><p class=\"caption\"><\/p><\/div><\/div>\n<\/div><\/div>\n\n\n\n<div class=\"section-wrapper\"><div class=\"wp-block-ws-library-scrollable-section-item ws-section-scrollable-item\">\n<h3 class=\"wp-block-heading is-style-title-1\"><em>La Foresta Bianca<br\/><\/em><strong>Vars<\/strong><\/h3>\n\n\n\n<p>Vars, l&#8217;area sciistica della For\u00eat blanche, \u00e8 un parco giochi XXL dove si incontrano KL, sessioni di freeride e un&#8217;atmosfera solare, dove altitudine fa rima con adrenalina.<\/p>\n\n\n\n<div class=\"wp-block-buttons is-layout-flex wp-block-buttons-is-layout-flex\">\n<div class=\"wp-block-button\"><a class=\"wp-block-button__link wp-element-button\" href=\"https:\/\/www.hautes-alpes.net\/it\/destinazioni-hautes-alpes\/vars\/\">Scoprire<\/a><\/div>\n<\/div>\n<\/div><\/div>\n\n\n\n<div class=\"section-wrapper\"><div class=\"wp-block-ws-library-scrollable-section-item ws-section-scrollable-item\">\n<div class=\"wp-block-ws-library-ws-image\"><div class=\"wrapper\"><div class=\"group-media\"><img decoding=\"async\" src=\"https:\/\/www.hautes-alpes.net\/wp-content\/uploads\/2025\/11\/risoul3-1240x800.jpg\" alt=\"\" class=\"single_image ws-image-55021\"><div class=\"credits\">OT Risoul<\/div><\/div><p class=\"caption\"><\/p><\/div><\/div>\n<\/div><\/div>\n\n\n\n<div class=\"section-wrapper\"><div class=\"wp-block-ws-library-scrollable-section-item ws-section-scrollable-item\">\n<h3 class=\"wp-block-heading is-style-title-1\"><em>La Foresta Bianca<br\/><\/em><strong>Risoul<\/strong><\/h3>\n\n\n\n<p>Risoul \u00e8 la pi\u00f9 intima delle localit\u00e0 principali. Arroccata ad un&#8217;altitudine di 1.850 m, si trova nel cuore dell&#8217;area sciistica della For\u00eat Blanche. <\/p>\n\n\n\n<div class=\"wp-block-buttons is-layout-flex wp-block-buttons-is-layout-flex\">\n<div class=\"wp-block-button\"><a class=\"wp-block-button__link wp-element-button\" href=\"https:\/\/www.hautes-alpes.net\/it\/destinazioni-hautes-alpes\/risoul\/\">Scoprire<\/a><\/div>\n<\/div>\n<\/div><\/div>\n\n\n\n<div class=\"section-wrapper\"><div class=\"wp-block-ws-library-scrollable-section-item ws-section-scrollable-item\">\n<div class=\"wp-block-ws-library-ws-image\"><div class=\"wrapper\"><div class=\"group-media\"><img decoding=\"async\" src=\"https:\/\/www.hautes-alpes.net\/wp-content\/uploads\/2025\/11\/53221246321-0edf49c9d2-o-1240x800.jpg\" alt=\"\" class=\"single_image ws-image-55051\"><div class=\"credits\">Ufficio del Turismo di Les Orres<\/div><\/div><p class=\"caption\"><\/p><\/div><\/div>\n<\/div><\/div>\n\n\n\n<div class=\"section-wrapper\"><div class=\"wp-block-ws-library-scrollable-section-item ws-section-scrollable-item\">\n<h3 class=\"wp-block-heading is-style-title-1\"><em>La montagna di domani<br\/><\/em><strong>Les Orres<\/strong><\/h3>\n\n\n\n<p class=\"is-style-default\">Sul balcone del Lac de Serre-Pon\u00e7on, la localit\u00e0 di Les Orres \u00e8 un grande parco giochi per l&#8217;innovazione.<\/p>\n\n\n\n<div class=\"wp-block-buttons is-layout-flex wp-block-buttons-is-layout-flex\">\n<div class=\"wp-block-button\"><a class=\"wp-block-button__link wp-element-button\" href=\"https:\/\/www.hautes-alpes.net\/it\/destinazioni-hautes-alpes\/les-orres\/\">Scoprire<\/a><\/div>\n<\/div>\n<\/div><\/div>\n\n\n\n<div class=\"section-wrapper\"><div class=\"wp-block-ws-library-scrollable-section-item ws-section-scrollable-item\">\n<div class=\"wp-block-ws-library-ws-image\"><div class=\"wrapper\"><div class=\"group-media\"><img decoding=\"async\" src=\"https:\/\/www.hautes-alpes.net\/wp-content\/uploads\/2025\/11\/orcieres-463x640.jpg\" alt=\"\" class=\"single_image ws-image-82805\"><div class=\"credits\">DR<\/div><\/div><p class=\"caption\"><\/p><\/div><\/div>\n<\/div><\/div>\n\n\n\n<div class=\"section-wrapper\"><div class=\"wp-block-ws-library-scrollable-section-item ws-section-scrollable-item\">\n<h3 class=\"wp-block-heading is-style-title-1\"><em>E la planata prese la luce<br\/><\/em><strong>Orci\u00e8res Merlette 1850<\/strong><\/h3>\n\n\n\n<p>Sotto il cielo puro delle Hautes-Alpes, Orci\u00e8res Merlette 1850 si \u00e8 affermata come una localit\u00e0 soleggiata e sportiva, generosa e adatta alle famiglie.<\/p>\n\n\n\n<div class=\"wp-block-buttons is-layout-flex wp-block-buttons-is-layout-flex\">\n<div class=\"wp-block-button\"><a class=\"wp-block-button__link wp-element-button\" href=\"https:\/\/www.hautes-alpes.net\/it\/destinazioni-hautes-alpes\/orcieres-merlette-1850\/\">Scoprire<\/a><\/div>\n<\/div>\n<\/div><\/div>\n\n\n\n<div class=\"section-wrapper\"><div class=\"wp-block-ws-library-scrollable-section-item ws-section-scrollable-item\">\n<div class=\"wp-block-ws-library-ws-image\"><div class=\"wrapper\"><div class=\"group-media\"><img decoding=\"async\" src=\"https:\/\/www.hautes-alpes.net\/wp-content\/uploads\/2025\/11\/chourumolympique-thibaut-blais-427x640.jpg\" alt=\"\" class=\"single_image ws-image-54788\"><div class=\"credits\">T. Blais<\/div><\/div><p class=\"caption\"><\/p><\/div><\/div>\n<\/div><\/div>\n\n\n\n<div class=\"section-wrapper\"><div class=\"wp-block-ws-library-scrollable-section-item ws-section-scrollable-item\">\n<h3 class=\"wp-block-heading is-style-title-1\"><em>Due localit\u00e0, un unico massiccio<br\/><\/em><strong>SuperD\u00e9voluy e La Joue-du-Loup<\/strong><\/h3>\n\n\n\n<p>A D\u00e9voluy, due resort si dividono le luci della ribalta: SuperD\u00e9voluy, quello pi\u00f9 audace, e La Joue-du-Loup, quello pi\u00f9 intimo.<\/p>\n\n\n\n<div class=\"wp-block-buttons is-layout-flex wp-block-buttons-is-layout-flex\">\n<div class=\"wp-block-button\"><a class=\"wp-block-button__link wp-element-button\" href=\"https:\/\/www.hautes-alpes.net\/it\/destinazioni-hautes-alpes\/superdevoluy-la-joue-du-loup\/\">Scoprire<\/a><\/div>\n<\/div>\n<\/div><\/div>\n\n\n\n<div class=\"section-wrapper\"><div class=\"wp-block-ws-library-scrollable-section-item ws-section-scrollable-item\">\n<div class=\"wp-block-ws-library-ws-image\"><div class=\"wrapper\"><div class=\"group-media\"><img decoding=\"async\" src=\"https:\/\/www.hautes-alpes.net\/wp-content\/uploads\/2025\/11\/ski-de-rando-rogier-van-rijn-1-1-1-1240x800.jpg\" alt=\"\" class=\"single_image ws-image-74105\"><div class=\"credits\">R. VanRijn<\/div><\/div><p class=\"caption\"><\/p><\/div><\/div>\n<\/div><\/div>\n\n\n\n<div class=\"section-wrapper\"><div class=\"wp-block-ws-library-scrollable-section-item ws-section-scrollable-item\">\n<h3 class=\"wp-block-heading is-style-title-1\"><em>Villaggi turistici<br\/><\/em><strong>Pelvoux-Vallouise<\/strong><\/h3>\n\n\n\n<p>Il villaggio di Pelvoux-Vallouise (Pays des \u00c9crins) \u00e8 vicino al comprensorio sciistico di Puy Saint Vincent e vanta eccezionali viste panoramiche.<\/p>\n\n\n\n<div class=\"wp-block-buttons is-layout-flex wp-block-buttons-is-layout-flex\">\n<div class=\"wp-block-button\"><a class=\"wp-block-button__link wp-element-button\" href=\"https:\/\/www.hautes-alpes.net\/it\/destinazioni-hautes-alpes\/villaggi-turistici-nellarea-della-grande-briancon\/\">Scoprire<\/a><\/div>\n<\/div>\n<\/div><\/div>\n\n\n\n<div class=\"section-wrapper\"><div class=\"wp-block-ws-library-scrollable-section-item ws-section-scrollable-item\">\n<div class=\"wp-block-ws-library-ws-image\"><div class=\"wrapper\"><div class=\"group-media\"><img decoding=\"async\" src=\"https:\/\/www.hautes-alpes.net\/wp-content\/uploads\/2025\/11\/rogier-van-rijn-2-1-1240x800.jpg\" alt=\"\" class=\"single_image ws-image-53395\"><div class=\"credits\">R. VanRijn<\/div><\/div><p class=\"caption\"><\/p><\/div><\/div>\n<\/div><\/div>\n\n\n\n<div class=\"section-wrapper\"><div class=\"wp-block-ws-library-scrollable-section-item ws-section-scrollable-item\">\n<h3 class=\"wp-block-heading is-style-title-1\"><em>Villaggi turistici<br\/><\/em><strong>Queyras<\/strong><\/h3>\n\n\n\n<p>Arvieux, Ceillac, Abri\u00e8s, Molines-Saint-V\u00e9ran, quattro aree sciistiche come quattro facce della stessa passione per una montagna cruda, vivace e generosa.<\/p>\n\n\n\n<div class=\"wp-block-buttons is-layout-flex wp-block-buttons-is-layout-flex\">\n<div class=\"wp-block-button\"><a class=\"wp-block-button__link wp-element-button\" href=\"https:\/\/www.hautes-alpes.net\/it\/destinazioni-hautes-alpes\/villaggi-turistici-nel-queyras\/\">Scoprire<\/a><\/div>\n<\/div>\n<\/div><\/div>\n\n\n\n<div class=\"section-wrapper\"><div class=\"wp-block-ws-library-scrollable-section-item ws-section-scrollable-item\">\n<div class=\"wp-block-ws-library-ws-image\"><div class=\"wrapper\"><div class=\"group-media\"><img decoding=\"async\" src=\"https:\/\/www.hautes-alpes.net\/wp-content\/uploads\/2025\/11\/230224093623-re-mi-morel-ot-serre-ponc-on-1240x800.jpg\" alt=\"\" class=\"single_image ws-image-56606\"><div class=\"credits\">R. Morel<\/div><\/div><p class=\"caption\"><\/p><\/div><\/div>\n<\/div><\/div>\n\n\n\n<div class=\"section-wrapper\"><div class=\"wp-block-ws-library-scrollable-section-item ws-section-scrollable-item\">\n<h3 class=\"wp-block-heading is-style-title-1\"><em>Villaggi turistici<br\/><\/em><strong>R\u00e9allon e Cr\u00e9voux<\/strong><\/h3>\n\n\n\n<p>Ecco due gioielli discreti, due villaggi resort nella regione dell&#8217;Embrunais, a due passi dal Lac de Serre-Pon\u00e7on, che preferiscono l&#8217;autenticit\u00e0 allo sfarzo.<\/p>\n\n\n\n<div class=\"wp-block-buttons is-layout-flex wp-block-buttons-is-layout-flex\">\n<div class=\"wp-block-button\"><a class=\"wp-block-button__link wp-element-button\" href=\"https:\/\/www.hautes-alpes.net\/it\/destinazioni-hautes-alpes\/reallon-crevoux\/\">Scoprire<\/a><\/div>\n<\/div>\n<\/div><\/div>\n\n\n\n<div class=\"section-wrapper\"><div class=\"wp-block-ws-library-scrollable-section-item ws-section-scrollable-item\">\n<div class=\"wp-block-ws-library-ws-image\"><div class=\"wrapper\"><div class=\"group-media\"><img decoding=\"async\" src=\"https:\/\/www.hautes-alpes.net\/wp-content\/uploads\/2025\/11\/genepi-1-1240x800.jpg\" alt=\"\" class=\"single_image ws-image-82816\"><div class=\"credits\">P. Domeyne - AD05<\/div><\/div><p class=\"caption\"><\/p><\/div><\/div>\n<\/div><\/div>\n\n\n\n<div class=\"section-wrapper\"><div class=\"wp-block-ws-library-scrollable-section-item ws-section-scrollable-item\">\n<h3 class=\"wp-block-heading is-style-title-1\"><em>Villaggi turistici<br\/><\/em><strong>Champsaur<\/strong><\/h3>\n\n\n\n<p>Ad Ancelle, Laye, Chaillol, Saint-L\u00e9ger-les-M\u00e9l\u00e8zes e Serre-Eyraud, potrai indossare gli sci ai piedi delle case, guardare le cime addolcite e riscoprire gli aspetti pi\u00f9 autentici dello sci.<\/p>\n\n\n\n<div class=\"wp-block-buttons is-layout-flex wp-block-buttons-is-layout-flex\">\n<div class=\"wp-block-button\"><a class=\"wp-block-button__link wp-element-button\" href=\"https:\/\/www.hautes-alpes.net\/it\/destinazioni-hautes-alpes\/villaggi-turistici-a-champsaur\/\">Scoprire<\/a><\/div>\n<\/div>\n<\/div><\/div>\n<\/div><\/div><\/div>\n\n<div style=\"height:50px\" aria-hidden=\"true\" class=\"wp-block-spacer\"><\/div>\n\n<div class=\"wp-block-ws-library-ws-animated-quote\"><blockquote class=\"quote-container quote-align-undefined\"><div class=\"group-media\"><div class=\"field-image\"><img decoding=\"async\" class=\"quote-avatar ws-image-60571\" src=\"https:\/\/www.hautes-alpes.net\/wp-content\/uploads\/2025\/11\/arthur-bauchet-serre-chevalier-briancon-29-ot-serre-chevalier-vallee-briancon-1-160x160.jpg\" data-full-url=\"https:\/\/www.hautes-alpes.net\/wp-content\/uploads\/2025\/11\/arthur-bauchet-serre-chevalier-briancon-29-ot-serre-chevalier-vallee-briancon-1-scaled.jpg\" alt=\"\"><\/div><\/div><footer><cite class=\"quote-subcontent\">Arthur <strong>BAUCHET<\/strong><br>Prodigio dello sci paralimpico francese<\/cite><\/footer><p class=\"quote-content\">Quattro volte campione paralimpico a Pechino nel 2022, plurimedagliato mondiale con un globo di cristallo in tasca, domina le piste con una fluidit\u00e0 e una determinazione che spazzano via ogni limite. Esplosivo e preciso, ha trasformato la sua disabilit\u00e0 in forza e si \u00e8 affermato come uno dei volti principali dello sport disabile mondiale. A 23 anni, incarna gi\u00e0 l&#8217;eccellenza, l&#8217;ispirazione e il futuro dello sci che non conosce barriere.  <\/p><\/blockquote><\/div>\n\n<div style=\"height:50px\" aria-hidden=\"true\" class=\"wp-block-spacer\"><\/div>\n\n<h2 class=\"wp-block-heading is-style-title-1\">Punti di forza dello <strong>sci<\/strong><\/h2>\n\n<div class=\"wp-block-group alignwide list-nodetails is-content-justification-center is-layout-flex wp-container-core-group-is-layout-94ea2d6b wp-block-group-is-layout-flex\">\n<div class=\"wp-block-group has-global-padding is-layout-constrained wp-block-group-is-layout-constrained\">\n<div class=\"wp-block-ws-library-ws-image is-style-simple\"><div class=\"wrapper\"><div class=\"group-media\"><img decoding=\"async\" src=\"https:\/\/www.hautes-alpes.net\/wp-content\/uploads\/2025\/12\/492074664-1264188152380267-908416341916913860-n-e1766745122711.jpg\" alt=\"\" class=\"single_image ws-image-130380\"><div class=\"credits\">Derby de la Meije<\/div><\/div><p class=\"caption\"><\/p><\/div><\/div>\n\n\n\n<h3 class=\"wp-block-heading\"><em>Sport<br\/><\/em>Derby de la Meije<\/h3>\n\n\n\n<p>Una discesa leggendaria dai ghiacciai di La Grave fino al villaggio, dove si parte senza fari per tracciare la propria linea nella polvere. Sci, snowboard, telemark, monosci o aggeggi fatti in casa: tutto va bene, purch\u00e9 sia scorrevole e con una buona dose di audacia. <\/p>\n<\/div>\n\n\n\n<div class=\"wp-block-group has-global-padding is-layout-constrained wp-block-group-is-layout-constrained\">\n<div class=\"wp-block-ws-library-ws-image is-style-simple\"><div class=\"wrapper\"><div class=\"group-media\"><img decoding=\"async\" src=\"https:\/\/www.hautes-alpes.net\/wp-content\/uploads\/2025\/11\/franjo-von-allmen-gilles-baron-2-1240x800.jpg\" alt=\"\" class=\"single_image ws-image-52024\"><div class=\"credits\">G. Barone<\/div><\/div><p class=\"caption\">Coppa Europa di sci alpino a Orci\u00e8res Merlette<\/p><\/div><\/div>\n\n\n\n<h3 class=\"wp-block-heading\"><em>Sport<br\/><\/em>Coppe Europee Orci\u00e8res Merlette 1850<\/h3>\n\n\n\n<p>Questa tappa imperdibile del circuito continentale riunisce l&#8217;\u00e9lite mondiale dello sci, pronta a mettersi alla prova sull&#8217;impegnativa e spettacolare pista Camille Ricou.<\/p>\n<\/div>\n\n\n\n<div class=\"wp-block-group has-global-padding is-layout-constrained wp-block-group-is-layout-constrained\">\n<div class=\"wp-block-ws-library-ws-image is-style-simple\"><div class=\"wrapper\"><div class=\"group-media\"><img decoding=\"async\" src=\"https:\/\/www.hautes-alpes.net\/wp-content\/uploads\/2025\/12\/279-20230325-morel-mv-7865-web-grandprixserrechevalier2023-1240x800.jpg\" alt=\"\" class=\"single_image ws-image-130339\"><div class=\"credits\">Morel<\/div><\/div><p class=\"caption\"><\/p><\/div><\/div>\n\n\n\n<h3 class=\"wp-block-heading\"><em>Sport<br\/><\/em>Gran Premio di Serre Chevalier<\/h3>\n\n\n\n<p>Un&#8217;atmosfera amichevole, emozioni e un ambiente magnifico: un cocktail 100% montagna al suono delle corse dolci o folli delle migliaia di partecipanti al Grand Prix de Serre Che.<\/p>\n<\/div>\n<\/div>\n\n<div style=\"height:100px\" aria-hidden=\"true\" class=\"wp-block-spacer\"><\/div>\n\n<hr class=\"wp-block-separator has-alpha-channel-opacity is-style-default\"\/>\n\n<h2 class=\"wp-block-heading is-style-title-1\"><strong>Vedi anche<\/strong><\/h2>\n\n<div class=\"wp-block-group alignwide list-nodetails is-content-justification-center is-layout-flex wp-container-core-group-is-layout-94ea2d6b wp-block-group-is-layout-flex\">\n<div class=\"wp-block-group has-global-padding is-layout-constrained wp-block-group-is-layout-constrained\">\n<div class=\"wp-block-ws-library-ws-image is-style-simple\"><div class=\"wrapper\"><div class=\"group-media\"><img decoding=\"async\" src=\"https:\/\/www.hautes-alpes.net\/wp-content\/uploads\/2025\/12\/vars-chiens-de-traineaux-credit-photo-tim-arnold-4-1240x800.jpg\" alt=\"\" class=\"single_image ws-image-116925\"><div class=\"credits\">Ufficio del Turismo di Vars<\/div><\/div><p class=\"caption\"><\/p><\/div><\/div>\n\n\n\n<h3 class=\"wp-block-heading is-style-title-2\"><em>EsperienzeAttivit\u00e0 nordiche<\/em><\/h3>\n\n\n\n<div class=\"wp-block-buttons is-layout-flex wp-block-buttons-is-layout-flex\">\n<div class=\"wp-block-button\"><a class=\"wp-block-button__link wp-element-button\" href=\"https:\/\/www.hautes-alpes.net\/it\/esperienze-hautes-alpes\/attivita-nordiche\/\">Vedi<\/a><\/div>\n<\/div>\n<\/div>\n\n\n\n<div class=\"wp-block-group has-global-padding is-layout-constrained wp-block-group-is-layout-constrained\">\n<div class=\"wp-block-ws-library-ws-image is-style-simple\"><div class=\"wrapper\"><div class=\"group-media\"><img decoding=\"async\" src=\"https:\/\/www.hautes-alpes.net\/wp-content\/uploads\/2025\/11\/briancon-hd-alpesphotographiescom-1-1240x800.jpg\" alt=\"Una splendida luce su Brian\u00e7on sotto la neve\" class=\"single_image ws-image-47858\"><div class=\"credits\">Fotografie delle Alpi<\/div><\/div><p class=\"caption\"><\/p><\/div><\/div>\n\n\n\n<h3 class=\"wp-block-heading is-style-title-2\"><em>Iconico<br\/><\/em>2030 Olimpiadi invernali<\/h3>\n\n\n\n<div class=\"wp-block-buttons is-layout-flex wp-block-buttons-is-layout-flex\">\n<div class=\"wp-block-button\"><a class=\"wp-block-button__link wp-element-button\" href=\"https:\/\/www.hautes-alpes.net\/it\/iconico\/giochi-invernali-del-2030\/\">Vedi<\/a><\/div>\n<\/div>\n<\/div>\n<\/div>\n\n<div class=\"wp-block-ws-library-ws-share\"><span class=\"share-subtitle\">Ti \u00e8 piaciuta questa pagina?<\/span><span class=\"share-title\">Condividilo!<\/span><button class=\"ws-share-button wp-element-button\">Condividi questa pagina<\/button><\/div>\n","protected":false},"excerpt":{"rendered":"<p>SkiL&#8217;hiver en grand Nella luce pura delle Hautes-Alpes, lo sci va oltre le curve e le piste. \u00c8 una sensazione [&hellip;]<\/p>\n","protected":false},"author":6,"featured_media":0,"parent":104667,"menu_order":0,"comment_status":"closed","ping_status":"closed","template":"","meta":{"is_dark_mode":false,"footnotes":""},"page_label":[],"class_list":["post-109750","page","type-page","status-publish","hentry"],"yoast_head":"<!-- This site is optimized with the Yoast SEO plugin v27.2 - https:\/\/yoast.com\/product\/yoast-seo-wordpress\/ -->\n<title>Sci - Hautes-Alpes<\/title>\n<meta name=\"description\" content=\"Sci SkiL&#039;hiver en grand Nella luce pura delle Hautes-Alpes, lo sci va oltre le curve e le piste. \u00c8 una sensazione cruda, una boccata d&#039;aria frizzante nei\" \/>\n<meta name=\"robots\" content=\"index, follow, max-snippet:-1, max-image-preview:large, max-video-preview:-1\" \/>\n<link rel=\"canonical\" href=\"https:\/\/www.hautes-alpes.net\/it\/esperienze-hautes-alpes\/sci\/\" \/>\n<meta property=\"og:locale\" content=\"it_IT\" \/>\n<meta property=\"og:type\" content=\"article\" \/>\n<meta property=\"og:title\" content=\"Sci - Hautes-Alpes\" \/>\n<meta property=\"og:description\" content=\"Sci SkiL&#039;hiver en grand Nella luce pura delle Hautes-Alpes, lo sci va oltre le curve e le piste. \u00c8 una sensazione cruda, una boccata d&#039;aria frizzante nei\" \/>\n<meta property=\"og:url\" content=\"https:\/\/www.hautes-alpes.net\/it\/esperienze-hautes-alpes\/sci\/\" \/>\n<meta property=\"og:site_name\" content=\"Hautes-Alpes\" \/>\n<meta property=\"article:modified_time\" content=\"2026-01-27T08:35:37+00:00\" \/>\n<meta property=\"og:image\" content=\"https:\/\/www.hautes-alpes.net\/wp-content\/uploads\/2025\/11\/230224093659-re-mi-morel-ot-serre-ponc-on-222-scaled.jpg\" \/>\n\t<meta property=\"og:image:width\" content=\"2560\" \/>\n\t<meta property=\"og:image:height\" content=\"1707\" \/>\n\t<meta property=\"og:image:type\" content=\"image\/jpeg\" \/>\n<meta name=\"twitter:card\" content=\"summary_large_image\" \/>\n<meta name=\"twitter:label1\" content=\"Tempo di lettura stimato\" \/>\n\t<meta name=\"twitter:data1\" content=\"4 minuti\" \/>\n<script type=\"application\/ld+json\" class=\"yoast-schema-graph\">{\"@context\":\"https:\/\/schema.org\",\"@graph\":[{\"@type\":\"WebPage\",\"@id\":\"https:\/\/www.hautes-alpes.net\/it\/esperienze-hautes-alpes\/sci\/\",\"url\":\"https:\/\/www.hautes-alpes.net\/it\/esperienze-hautes-alpes\/sci\/\",\"name\":\"Sci - Hautes-Alpes\",\"isPartOf\":{\"@id\":\"https:\/\/www.hautes-alpes.net\/it\/#website\"},\"primaryImageOfPage\":{\"@id\":\"https:\/\/www.hautes-alpes.net\/it\/esperienze-hautes-alpes\/sci\/#primaryimage\"},\"image\":{\"@id\":\"https:\/\/www.hautes-alpes.net\/it\/esperienze-hautes-alpes\/sci\/#primaryimage\"},\"thumbnailUrl\":\"https:\/\/www.hautes-alpes.net\/wp-content\/uploads\/2025\/11\/230224093659-re-mi-morel-ot-serre-ponc-on-222-700x840.jpg\",\"datePublished\":\"2025-11-20T14:01:40+00:00\",\"dateModified\":\"2026-01-27T08:35:37+00:00\",\"description\":\"Sci SkiL'hiver en grand Nella luce pura delle Hautes-Alpes, lo sci va oltre le curve e le piste. \u00c8 una sensazione cruda, una boccata d'aria frizzante nei\",\"breadcrumb\":{\"@id\":\"https:\/\/www.hautes-alpes.net\/it\/esperienze-hautes-alpes\/sci\/#breadcrumb\"},\"inLanguage\":\"it-IT\",\"potentialAction\":[{\"@type\":\"ReadAction\",\"target\":[\"https:\/\/www.hautes-alpes.net\/it\/esperienze-hautes-alpes\/sci\/\"]}]},{\"@type\":\"ImageObject\",\"inLanguage\":\"it-IT\",\"@id\":\"https:\/\/www.hautes-alpes.net\/it\/esperienze-hautes-alpes\/sci\/#primaryimage\",\"url\":\"https:\/\/www.hautes-alpes.net\/wp-content\/uploads\/2025\/11\/230224093659-re-mi-morel-ot-serre-ponc-on-222-700x840.jpg\",\"contentUrl\":\"https:\/\/www.hautes-alpes.net\/wp-content\/uploads\/2025\/11\/230224093659-re-mi-morel-ot-serre-ponc-on-222-700x840.jpg\"},{\"@type\":\"BreadcrumbList\",\"@id\":\"https:\/\/www.hautes-alpes.net\/it\/esperienze-hautes-alpes\/sci\/#breadcrumb\",\"itemListElement\":[{\"@type\":\"ListItem\",\"position\":1,\"name\":\"Accueil\",\"item\":\"https:\/\/www.hautes-alpes.net\/it\/hautes-alpes\/\"},{\"@type\":\"ListItem\",\"position\":2,\"name\":\"Esperienze - Hautes-Alpes\",\"item\":\"https:\/\/www.hautes-alpes.net\/it\/esperienze-hautes-alpes\/\"},{\"@type\":\"ListItem\",\"position\":3,\"name\":\"Esperienze - Hautes-Alpes\",\"item\":\"https:\/\/www.hautes-alpes.net\/it\/esperienze-hautes-alpes\/\"},{\"@type\":\"ListItem\",\"position\":4,\"name\":\"Sci\"}]},{\"@type\":\"WebSite\",\"@id\":\"https:\/\/www.hautes-alpes.net\/it\/#website\",\"url\":\"https:\/\/www.hautes-alpes.net\/it\/\",\"name\":\"ADDET\",\"description\":\"\",\"publisher\":{\"@id\":\"https:\/\/www.hautes-alpes.net\/it\/#organization\"},\"potentialAction\":[{\"@type\":\"SearchAction\",\"target\":{\"@type\":\"EntryPoint\",\"urlTemplate\":\"https:\/\/www.hautes-alpes.net\/it\/?s={search_term_string}\"},\"query-input\":{\"@type\":\"PropertyValueSpecification\",\"valueRequired\":true,\"valueName\":\"search_term_string\"}}],\"inLanguage\":\"it-IT\"},{\"@type\":\"Organization\",\"@id\":\"https:\/\/www.hautes-alpes.net\/it\/#organization\",\"name\":\"Agence D\u00e9partementale de D\u00e9veloppement Economique et Touristique des Hautes-Alpes\",\"url\":\"https:\/\/www.hautes-alpes.net\/it\/\",\"logo\":{\"@type\":\"ImageObject\",\"inLanguage\":\"it-IT\",\"@id\":\"https:\/\/www.hautes-alpes.net\/it\/#\/schema\/logo\/image\/\",\"url\":\"https:\/\/www.hautes-alpes.net\/wp-content\/uploads\/2026\/01\/black-logo-2.svg\",\"contentUrl\":\"https:\/\/www.hautes-alpes.net\/wp-content\/uploads\/2026\/01\/black-logo-2.svg\",\"caption\":\"Agence D\u00e9partementale de D\u00e9veloppement Economique et Touristique des Hautes-Alpes\"},\"image\":{\"@id\":\"https:\/\/www.hautes-alpes.net\/it\/#\/schema\/logo\/image\/\"}}]}<\/script>\n<!-- \/ Yoast SEO plugin. -->","yoast_head_json":{"title":"Sci - Hautes-Alpes","description":"Sci SkiL'hiver en grand Nella luce pura delle Hautes-Alpes, lo sci va oltre le curve e le piste. \u00c8 una sensazione cruda, una boccata d'aria frizzante nei","robots":{"index":"index","follow":"follow","max-snippet":"max-snippet:-1","max-image-preview":"max-image-preview:large","max-video-preview":"max-video-preview:-1"},"canonical":"https:\/\/www.hautes-alpes.net\/it\/esperienze-hautes-alpes\/sci\/","og_locale":"it_IT","og_type":"article","og_title":"Sci - Hautes-Alpes","og_description":"Sci SkiL'hiver en grand Nella luce pura delle Hautes-Alpes, lo sci va oltre le curve e le piste. \u00c8 una sensazione cruda, una boccata d'aria frizzante nei","og_url":"https:\/\/www.hautes-alpes.net\/it\/esperienze-hautes-alpes\/sci\/","og_site_name":"Hautes-Alpes","article_modified_time":"2026-01-27T08:35:37+00:00","og_image":[{"width":2560,"height":1707,"url":"https:\/\/www.hautes-alpes.net\/wp-content\/uploads\/2025\/11\/230224093659-re-mi-morel-ot-serre-ponc-on-222-scaled.jpg","type":"image\/jpeg"}],"twitter_card":"summary_large_image","twitter_misc":{"Tempo di lettura stimato":"4 minuti"},"schema":{"@context":"https:\/\/schema.org","@graph":[{"@type":"WebPage","@id":"https:\/\/www.hautes-alpes.net\/it\/esperienze-hautes-alpes\/sci\/","url":"https:\/\/www.hautes-alpes.net\/it\/esperienze-hautes-alpes\/sci\/","name":"Sci - Hautes-Alpes","isPartOf":{"@id":"https:\/\/www.hautes-alpes.net\/it\/#website"},"primaryImageOfPage":{"@id":"https:\/\/www.hautes-alpes.net\/it\/esperienze-hautes-alpes\/sci\/#primaryimage"},"image":{"@id":"https:\/\/www.hautes-alpes.net\/it\/esperienze-hautes-alpes\/sci\/#primaryimage"},"thumbnailUrl":"https:\/\/www.hautes-alpes.net\/wp-content\/uploads\/2025\/11\/230224093659-re-mi-morel-ot-serre-ponc-on-222-700x840.jpg","datePublished":"2025-11-20T14:01:40+00:00","dateModified":"2026-01-27T08:35:37+00:00","description":"Sci SkiL'hiver en grand Nella luce pura delle Hautes-Alpes, lo sci va oltre le curve e le piste. \u00c8 una sensazione cruda, una boccata d'aria frizzante nei","breadcrumb":{"@id":"https:\/\/www.hautes-alpes.net\/it\/esperienze-hautes-alpes\/sci\/#breadcrumb"},"inLanguage":"it-IT","potentialAction":[{"@type":"ReadAction","target":["https:\/\/www.hautes-alpes.net\/it\/esperienze-hautes-alpes\/sci\/"]}]},{"@type":"ImageObject","inLanguage":"it-IT","@id":"https:\/\/www.hautes-alpes.net\/it\/esperienze-hautes-alpes\/sci\/#primaryimage","url":"https:\/\/www.hautes-alpes.net\/wp-content\/uploads\/2025\/11\/230224093659-re-mi-morel-ot-serre-ponc-on-222-700x840.jpg","contentUrl":"https:\/\/www.hautes-alpes.net\/wp-content\/uploads\/2025\/11\/230224093659-re-mi-morel-ot-serre-ponc-on-222-700x840.jpg"},{"@type":"BreadcrumbList","@id":"https:\/\/www.hautes-alpes.net\/it\/esperienze-hautes-alpes\/sci\/#breadcrumb","itemListElement":[{"@type":"ListItem","position":1,"name":"Accueil","item":"https:\/\/www.hautes-alpes.net\/it\/hautes-alpes\/"},{"@type":"ListItem","position":2,"name":"Esperienze - Hautes-Alpes","item":"https:\/\/www.hautes-alpes.net\/it\/esperienze-hautes-alpes\/"},{"@type":"ListItem","position":3,"name":"Esperienze - Hautes-Alpes","item":"https:\/\/www.hautes-alpes.net\/it\/esperienze-hautes-alpes\/"},{"@type":"ListItem","position":4,"name":"Sci"}]},{"@type":"WebSite","@id":"https:\/\/www.hautes-alpes.net\/it\/#website","url":"https:\/\/www.hautes-alpes.net\/it\/","name":"ADDET","description":"","publisher":{"@id":"https:\/\/www.hautes-alpes.net\/it\/#organization"},"potentialAction":[{"@type":"SearchAction","target":{"@type":"EntryPoint","urlTemplate":"https:\/\/www.hautes-alpes.net\/it\/?s={search_term_string}"},"query-input":{"@type":"PropertyValueSpecification","valueRequired":true,"valueName":"search_term_string"}}],"inLanguage":"it-IT"},{"@type":"Organization","@id":"https:\/\/www.hautes-alpes.net\/it\/#organization","name":"Agence D\u00e9partementale de D\u00e9veloppement Economique et Touristique des Hautes-Alpes","url":"https:\/\/www.hautes-alpes.net\/it\/","logo":{"@type":"ImageObject","inLanguage":"it-IT","@id":"https:\/\/www.hautes-alpes.net\/it\/#\/schema\/logo\/image\/","url":"https:\/\/www.hautes-alpes.net\/wp-content\/uploads\/2026\/01\/black-logo-2.svg","contentUrl":"https:\/\/www.hautes-alpes.net\/wp-content\/uploads\/2026\/01\/black-logo-2.svg","caption":"Agence D\u00e9partementale de D\u00e9veloppement Economique et Touristique des Hautes-Alpes"},"image":{"@id":"https:\/\/www.hautes-alpes.net\/it\/#\/schema\/logo\/image\/"}}]}},"_links":{"self":[{"href":"https:\/\/www.hautes-alpes.net\/it\/wp-json\/wp\/v2\/pages\/109750","targetHints":{"allow":["GET"]}}],"collection":[{"href":"https:\/\/www.hautes-alpes.net\/it\/wp-json\/wp\/v2\/pages"}],"about":[{"href":"https:\/\/www.hautes-alpes.net\/it\/wp-json\/wp\/v2\/types\/page"}],"author":[{"embeddable":true,"href":"https:\/\/www.hautes-alpes.net\/it\/wp-json\/wp\/v2\/users\/6"}],"replies":[{"embeddable":true,"href":"https:\/\/www.hautes-alpes.net\/it\/wp-json\/wp\/v2\/comments?post=109750"}],"version-history":[{"count":10,"href":"https:\/\/www.hautes-alpes.net\/it\/wp-json\/wp\/v2\/pages\/109750\/revisions"}],"predecessor-version":[{"id":235196,"href":"https:\/\/www.hautes-alpes.net\/it\/wp-json\/wp\/v2\/pages\/109750\/revisions\/235196"}],"up":[{"embeddable":true,"href":"https:\/\/www.hautes-alpes.net\/it\/wp-json\/wp\/v2\/pages\/104667"}],"wp:attachment":[{"href":"https:\/\/www.hautes-alpes.net\/it\/wp-json\/wp\/v2\/media?parent=109750"}],"wp:term":[{"taxonomy":"page_label","embeddable":true,"href":"https:\/\/www.hautes-alpes.net\/it\/wp-json\/wp\/v2\/page_label?post=109750"}],"curies":[{"name":"wp","href":"https:\/\/api.w.org\/{rel}","templated":true}]}}