{"id":109564,"date":"2025-11-21T14:31:41","date_gmt":"2025-11-21T13:31:41","guid":{"rendered":"https:\/\/www.hautes-alpes.net\/iconico\/sentinelle-della-natura\/"},"modified":"2026-01-05T11:59:48","modified_gmt":"2026-01-05T10:59:48","slug":"sentinelle-della-natura","status":"publish","type":"page","link":"https:\/\/www.hautes-alpes.net\/it\/iconico\/sentinelle-della-natura\/","title":{"rendered":"Sentinelle della natura"},"content":{"rendered":"\n<div class=\"wp-block-group alignfull hero-banner-cover-wide has-global-padding is-layout-constrained wp-block-group-is-layout-constrained\"><div class=\"yoast-breadcrumbs\"><span><span><a href=\"https:\/\/www.hautes-alpes.net\/it\/hautes-alpes\/\">Accueil<\/a><\/span>  <span><a href=\"https:\/\/www.hautes-alpes.net\/it\/iconico\/\">Iconico<\/a><\/span>  <span><a href=\"https:\/\/www.hautes-alpes.net\/it\/iconico\/\">Iconico<\/a><\/span>  <span class=\"breadcrumb_last\" aria-current=\"page\">Sentinelle della natura<\/span><\/span><\/div>\n\n\n<h1 class=\"wp-block-ws-library-post-title\">Sentinelle della natura<\/h1>\n\n\n\n<div class=\"wp-block-ws-library-media-embed ws-media-embed\"><img decoding=\"async\" src=\"https:\/\/www.hautes-alpes.net\/wp-content\/uploads\/2025\/11\/faune-leo-gayola-5-2000x1000.jpg\" alt=\"\" class=\"ws-media-embed__image\" style=\"aspect-ratio:2000\/1000\"><\/div>\n\n\n\n<p class=\"subtitle\"><br\/><strong>Hautes-Alpes, sentinelle della natura<\/strong><\/p>\n\n\n\n<p class=\"has-text-align-center\"><strong>Parco Nazionale <a href=\"https:\/\/www.hautes-alpes.net\/it\/destinazioni-hautes-alpes\/pays-des-ecrins\/\">degli Ecrins<\/a><\/strong>, <strong>Parchi Naturali Regionali del <\/strong><a href=\"https:\/\/www.hautes-alpes.net\/it\/destinazioni-hautes-alpes\/guillestrois-queyras\/\"><strong>Queyras<\/strong> <\/a>e le <strong><a href=\"https:\/\/www.hautes-alpes.net\/it\/destinazioni-hautes-alpes\/buech\/\">Baronnies proven\u00e7ales<\/a><\/strong>Le <strong>Hautes-Alpes<\/strong> sono come sentinelle della natura in un periodo di sconvolgimenti. L&#8217;aria pura e gli ampi spazi aperti sono pi\u00f9 di un semplice sfondo: diventano un&#8217;esperienza essenziale, quasi vitale, per chi viene qui a ricaricare le batterie. Questo \u00e8 uno dei grandi privilegi di un viaggio nelle <strong>Hautes-Alpes<\/strong>: respirare a pieni polmoni, meravigliarsi della sua bellezza e vedere che qui il mondo ha mantenuto la sua autenticit\u00e0. Una terra fragile e potente allo stesso tempo, dove ogni passo ci ricorda quanto siamo vicini agli esseri viventi.  <\/p>\n<\/div>\n\n<div style=\"height:100px\" aria-hidden=\"true\" class=\"wp-block-spacer\"><\/div>\n\n<div class=\"wp-block-ws-library-ws-video\"><div class=\"wrapper\"><div class=\"group-media\">\n<figure class=\"wp-block-embed is-type-video is-provider-youtube wp-block-embed-youtube\"><div class=\"wp-block-embed__wrapper\">\n<iframe loading=\"lazy\" title=\"Hautes-Alpes\" width=\"500\" height=\"281\" src=\"https:\/\/www.youtube.com\/embed\/yEEWFOXrdqs?feature=oembed\" frameborder=\"0\" allow=\"accelerometer; autoplay; clipboard-write; encrypted-media; gyroscope; picture-in-picture; web-share\" referrerpolicy=\"strict-origin-when-cross-origin\" allowfullscreen><\/iframe>\n<\/div><\/figure>\n<\/div><\/div><\/div>\n\n<div style=\"height:50px\" aria-hidden=\"true\" class=\"wp-block-spacer\"><\/div>\n\n<div class=\"wp-block-ws-library-ws-gallery ws-gallery alignfull\"><div class=\"group-content\"><div class=\"field-title\">Le Hautes-Alpes<\/div><p class=\"field-text\">la regione pi\u00f9 incontaminata delle Alpi<\/p><\/div><div class=\"list-images\"><div class=\"item item-media scroll-detect\" data-end-offset=\"30%\"><a href=\"https:\/\/www.hautes-alpes.net\/wp-content\/uploads\/2025\/11\/faune-leo-gayola-1-scaled.jpg\" class=\"item-media__link init-lightbox\" data-glightbox=\"ws-gallery\" data-gallery=\"ws-gallery\" data-title=\"\"><img loading=\"lazy\" decoding=\"async\" width=\"1024\" height=\"683\" src=\"https:\/\/www.hautes-alpes.net\/wp-content\/uploads\/2025\/11\/faune-leo-gayola-1-1024x683.jpg\" alt=\"\" class=\"ws-image wp-image-78297\" srcset=\"https:\/\/www.hautes-alpes.net\/wp-content\/uploads\/2025\/11\/faune-leo-gayola-1-1024x683.jpg 1024w, https:\/\/www.hautes-alpes.net\/wp-content\/uploads\/2025\/11\/faune-leo-gayola-1-300x200.jpg 300w, https:\/\/www.hautes-alpes.net\/wp-content\/uploads\/2025\/11\/faune-leo-gayola-1-768x512.jpg 768w, https:\/\/www.hautes-alpes.net\/wp-content\/uploads\/2025\/11\/faune-leo-gayola-1-1536x1024.jpg 1536w, https:\/\/www.hautes-alpes.net\/wp-content\/uploads\/2025\/11\/faune-leo-gayola-1-2048x1365.jpg 2048w, https:\/\/www.hautes-alpes.net\/wp-content\/uploads\/2025\/11\/faune-leo-gayola-1-480x320.jpg 480w, https:\/\/www.hautes-alpes.net\/wp-content\/uploads\/2025\/11\/faune-leo-gayola-1-960x640.jpg 960w, https:\/\/www.hautes-alpes.net\/wp-content\/uploads\/2025\/11\/faune-leo-gayola-1-660x440.jpg 660w, https:\/\/www.hautes-alpes.net\/wp-content\/uploads\/2025\/11\/faune-leo-gayola-1-525x350.jpg 525w, https:\/\/www.hautes-alpes.net\/wp-content\/uploads\/2025\/11\/faune-leo-gayola-1-930x620.jpg 930w\" sizes=\"auto, (max-width: 1024px) 100vw, 1024px\" \/><\/a><\/div><div class=\"item item-media scroll-detect\" data-end-offset=\"30%\"><a href=\"https:\/\/www.hautes-alpes.net\/wp-content\/uploads\/2025\/11\/faune-leo-gayola-2-2-scaled.jpg\" class=\"item-media__link init-lightbox\" data-glightbox=\"ws-gallery\" data-gallery=\"ws-gallery\" data-title=\"\"><img loading=\"lazy\" decoding=\"async\" width=\"1024\" height=\"699\" src=\"https:\/\/www.hautes-alpes.net\/wp-content\/uploads\/2025\/11\/faune-leo-gayola-2-2-1024x699.jpg\" alt=\"\" class=\"ws-image wp-image-78298\" srcset=\"https:\/\/www.hautes-alpes.net\/wp-content\/uploads\/2025\/11\/faune-leo-gayola-2-2-1024x699.jpg 1024w, https:\/\/www.hautes-alpes.net\/wp-content\/uploads\/2025\/11\/faune-leo-gayola-2-2-300x205.jpg 300w, https:\/\/www.hautes-alpes.net\/wp-content\/uploads\/2025\/11\/faune-leo-gayola-2-2-768x524.jpg 768w, https:\/\/www.hautes-alpes.net\/wp-content\/uploads\/2025\/11\/faune-leo-gayola-2-2-1536x1048.jpg 1536w, https:\/\/www.hautes-alpes.net\/wp-content\/uploads\/2025\/11\/faune-leo-gayola-2-2-2048x1398.jpg 2048w, https:\/\/www.hautes-alpes.net\/wp-content\/uploads\/2025\/11\/faune-leo-gayola-2-2-480x328.jpg 480w, https:\/\/www.hautes-alpes.net\/wp-content\/uploads\/2025\/11\/faune-leo-gayola-2-2-938x640.jpg 938w, https:\/\/www.hautes-alpes.net\/wp-content\/uploads\/2025\/11\/faune-leo-gayola-2-2-908x620.jpg 908w\" sizes=\"auto, (max-width: 1024px) 100vw, 1024px\" \/><\/a><\/div><div class=\"item item-media scroll-detect\" data-end-offset=\"30%\"><a href=\"https:\/\/www.hautes-alpes.net\/wp-content\/uploads\/2025\/12\/queryas-alpesphotographiescom-8.jpg\" class=\"item-media__link init-lightbox\" data-glightbox=\"ws-gallery\" data-gallery=\"ws-gallery\" data-title=\"\"><img loading=\"lazy\" decoding=\"async\" width=\"1024\" height=\"684\" src=\"https:\/\/www.hautes-alpes.net\/wp-content\/uploads\/2025\/12\/queryas-alpesphotographiescom-8-1024x684.jpg\" alt=\"\" class=\"ws-image wp-image-101374\" srcset=\"https:\/\/www.hautes-alpes.net\/wp-content\/uploads\/2025\/12\/queryas-alpesphotographiescom-8-1024x684.jpg 1024w, https:\/\/www.hautes-alpes.net\/wp-content\/uploads\/2025\/12\/queryas-alpesphotographiescom-8-300x200.jpg 300w, https:\/\/www.hautes-alpes.net\/wp-content\/uploads\/2025\/12\/queryas-alpesphotographiescom-8-768x513.jpg 768w, https:\/\/www.hautes-alpes.net\/wp-content\/uploads\/2025\/12\/queryas-alpesphotographiescom-8-1536x1025.jpg 1536w, https:\/\/www.hautes-alpes.net\/wp-content\/uploads\/2025\/12\/queryas-alpesphotographiescom-8-480x320.jpg 480w, https:\/\/www.hautes-alpes.net\/wp-content\/uploads\/2025\/12\/queryas-alpesphotographiescom-8-960x640.jpg 960w, https:\/\/www.hautes-alpes.net\/wp-content\/uploads\/2025\/12\/queryas-alpesphotographiescom-8-660x440.jpg 660w, https:\/\/www.hautes-alpes.net\/wp-content\/uploads\/2025\/12\/queryas-alpesphotographiescom-8-525x350.jpg 525w, https:\/\/www.hautes-alpes.net\/wp-content\/uploads\/2025\/12\/queryas-alpesphotographiescom-8-929x620.jpg 929w, https:\/\/www.hautes-alpes.net\/wp-content\/uploads\/2025\/12\/queryas-alpesphotographiescom-8-959x640.jpg 959w, https:\/\/www.hautes-alpes.net\/wp-content\/uploads\/2025\/12\/queryas-alpesphotographiescom-8.jpg 1600w\" sizes=\"auto, (max-width: 1024px) 100vw, 1024px\" \/><\/a><\/div><div class=\"item item-media scroll-detect\" data-end-offset=\"30%\"><a href=\"https:\/\/www.hautes-alpes.net\/wp-content\/uploads\/2025\/11\/img-7257-scaled.jpg\" class=\"item-media__link init-lightbox\" data-glightbox=\"ws-gallery\" data-gallery=\"ws-gallery\" data-title=\"\"><img loading=\"lazy\" decoding=\"async\" width=\"683\" height=\"1024\" src=\"https:\/\/www.hautes-alpes.net\/wp-content\/uploads\/2025\/11\/img-7257-683x1024.jpg\" alt=\"\" class=\"ws-image wp-image-78304\" srcset=\"https:\/\/www.hautes-alpes.net\/wp-content\/uploads\/2025\/11\/img-7257-683x1024.jpg 683w, https:\/\/www.hautes-alpes.net\/wp-content\/uploads\/2025\/11\/img-7257-200x300.jpg 200w, https:\/\/www.hautes-alpes.net\/wp-content\/uploads\/2025\/11\/img-7257-768x1152.jpg 768w, https:\/\/www.hautes-alpes.net\/wp-content\/uploads\/2025\/11\/img-7257-1024x1536.jpg 1024w, https:\/\/www.hautes-alpes.net\/wp-content\/uploads\/2025\/11\/img-7257-1365x2048.jpg 1365w, https:\/\/www.hautes-alpes.net\/wp-content\/uploads\/2025\/11\/img-7257-467x700.jpg 467w, https:\/\/www.hautes-alpes.net\/wp-content\/uploads\/2025\/11\/img-7257-427x640.jpg 427w, https:\/\/www.hautes-alpes.net\/wp-content\/uploads\/2025\/11\/img-7257-480x720.jpg 480w, https:\/\/www.hautes-alpes.net\/wp-content\/uploads\/2025\/11\/img-7257-413x620.jpg 413w, https:\/\/www.hautes-alpes.net\/wp-content\/uploads\/2025\/11\/img-7257-scaled.jpg 1707w\" sizes=\"auto, (max-width: 683px) 100vw, 683px\" \/><\/a><\/div><div class=\"item item-media scroll-detect\" data-end-offset=\"30%\"><a href=\"https:\/\/www.hautes-alpes.net\/wp-content\/uploads\/2025\/11\/faune-duncan-mac-arthur-jpg-4-scaled.jpg\" class=\"item-media__link init-lightbox\" data-glightbox=\"ws-gallery\" data-gallery=\"ws-gallery\" data-title=\"\"><img loading=\"lazy\" decoding=\"async\" width=\"1024\" height=\"683\" src=\"https:\/\/www.hautes-alpes.net\/wp-content\/uploads\/2025\/11\/faune-duncan-mac-arthur-jpg-4-1024x683.jpg\" alt=\"\" class=\"ws-image wp-image-78296\" srcset=\"https:\/\/www.hautes-alpes.net\/wp-content\/uploads\/2025\/11\/faune-duncan-mac-arthur-jpg-4-1024x683.jpg 1024w, https:\/\/www.hautes-alpes.net\/wp-content\/uploads\/2025\/11\/faune-duncan-mac-arthur-jpg-4-300x200.jpg 300w, https:\/\/www.hautes-alpes.net\/wp-content\/uploads\/2025\/11\/faune-duncan-mac-arthur-jpg-4-768x512.jpg 768w, https:\/\/www.hautes-alpes.net\/wp-content\/uploads\/2025\/11\/faune-duncan-mac-arthur-jpg-4-1536x1024.jpg 1536w, https:\/\/www.hautes-alpes.net\/wp-content\/uploads\/2025\/11\/faune-duncan-mac-arthur-jpg-4-2048x1365.jpg 2048w, https:\/\/www.hautes-alpes.net\/wp-content\/uploads\/2025\/11\/faune-duncan-mac-arthur-jpg-4-480x320.jpg 480w, https:\/\/www.hautes-alpes.net\/wp-content\/uploads\/2025\/11\/faune-duncan-mac-arthur-jpg-4-960x640.jpg 960w, https:\/\/www.hautes-alpes.net\/wp-content\/uploads\/2025\/11\/faune-duncan-mac-arthur-jpg-4-660x440.jpg 660w, https:\/\/www.hautes-alpes.net\/wp-content\/uploads\/2025\/11\/faune-duncan-mac-arthur-jpg-4-525x350.jpg 525w, https:\/\/www.hautes-alpes.net\/wp-content\/uploads\/2025\/11\/faune-duncan-mac-arthur-jpg-4-930x620.jpg 930w\" sizes=\"auto, (max-width: 1024px) 100vw, 1024px\" \/><\/a><\/div><\/div><\/div>\n\n<div class=\"wp-block-group alignfull step-by-step has-global-padding is-layout-constrained wp-block-group-is-layout-constrained\">\n<div class=\"wp-block-ws-library-ws-columns alignwide has-2-columns are-vertically-aligned-center layout-5050 is-style-default\">\n<div class=\"wp-block-ws-library-ws-column\"><div class=\"wrapper\">\n<h2 class=\"wp-block-heading\"><strong>Parchi<\/strong><br\/>come rifugi<\/h2>\n\n\n\n<p>Il <strong>Parco Nazionale degli \u00c9crins<\/strong> (925 km\u00b2), il <strong>Parco Naturale Regionale del Queyras<\/strong> (650 km\u00b2) e il Parco Naturale Regionale <strong>delle Baronnies proven\u00e7ales<\/strong> (1.560 km\u00b2) formano una cintura protettiva attorno a paesaggi eccezionali. A ci\u00f2 si aggiungono le aree <strong>Natura 2000<\/strong>, vere e proprie sentinelle silenziose della biodiversit\u00e0. Queste aree non sono statiche: sono territori abitati, dove l&#8217;uomo e la montagna trovano il loro equilibrio.  <\/p>\n<\/div><\/div>\n\n\n\n<div class=\"wp-block-ws-library-ws-column\"><div class=\"wrapper\">\n<div class=\"wp-block-ws-library-ws-image\"><div class=\"wrapper\"><div class=\"group-media\"><img decoding=\"async\" src=\"https:\/\/www.hautes-alpes.net\/wp-content\/uploads\/2025\/11\/are-te-du-pic-des-aupillous-24-2-1240x800.jpg\" alt=\"\" class=\"single_image ws-image-78278\"><div class=\"credits\">T. Blais<\/div><\/div><p class=\"caption\"><\/p><\/div><\/div>\n<\/div><\/div>\n<\/div>\n\n\n\n<div class=\"wp-block-ws-library-ws-columns alignwide has-2-columns are-vertically-aligned-center layout-5050\">\n<div class=\"wp-block-ws-library-ws-column\"><div class=\"wrapper\">\n<h2 class=\"wp-block-heading\"><strong>Il respiro<\/strong><br\/>degli animali selvatici<\/h2>\n\n\n\n<p>Nelle <strong>Hautes-Alpes<\/strong>, il silenzio \u00e8 spesso rotto dal volo dell&#8217;aquila reale o dal fischio della marmotta. Stambecchi, camosci, avvoltoi barbuti, galli forcelli e la trota degli Ecrins fanno parte di una fauna resistente ma fragile. Gli insetti, anch&#8217;essi instancabili bottinatori, fanno parte di questa discreta sinfonia montana. I loro incontri, fugaci o prolungati, <strong>promettono un&#8217;emozione cruda<\/strong>.   <\/p>\n<\/div><\/div>\n\n\n\n<div class=\"wp-block-ws-library-ws-column\"><div class=\"wrapper\">\n<div class=\"wp-block-ws-library-ws-image\"><div class=\"wrapper\"><div class=\"group-media\"><img decoding=\"async\" src=\"https:\/\/www.hautes-alpes.net\/wp-content\/uploads\/2025\/11\/leo-gayola-parc-national-des-ecrins-1-1-1240x800.jpg\" alt=\"\" class=\"single_image ws-image-78305\"><div class=\"credits\">L. Gayola<\/div><\/div><p class=\"caption\"><\/p><\/div><\/div>\n<\/div><\/div>\n<\/div>\n\n\n\n<div class=\"wp-block-ws-library-ws-columns alignwide has-2-columns are-vertically-aligned-center layout-5050\">\n<div class=\"wp-block-ws-library-ws-column\"><div class=\"wrapper\">\n<h2 class=\"wp-block-heading\"><strong>La ricchezza<\/strong><br\/><strong>dei<\/strong> fiori di montagna<\/h2>\n\n\n\n<p>Ogni stagione rivela un tappeto di piante inaspettato. Genziane azzurre, stelle alpine, gigli martagoni o lavanda delle <a href=\"https:\/\/www.hautes-alpes.net\/it\/destinazioni-hautes-alpes\/buech\/\"><strong>Baronnies<\/strong> <\/a>la flora delle <strong>Hautes-Alpes<\/strong> \u00e8 un viaggio tra l&#8217;altitudine e il Mediterraneo. Queste piante, spesso rare, hanno imparato ad aggrapparsi ai pendii, a resistere al freddo o a catturare la minima goccia d&#8217;acqua. E gli alberi, che siano larici luminosi o pini cembri nodosi, completano questo quadro vivente offrendo riparo e permanenza. La loro fragilit\u00e0 incute rispetto.    <\/p>\n<\/div><\/div>\n\n\n\n<div class=\"wp-block-ws-library-ws-column\"><div class=\"wrapper\">\n<div class=\"wp-block-ws-library-ws-image\"><div class=\"wrapper\"><div class=\"group-media\"><img decoding=\"async\" src=\"https:\/\/www.hautes-alpes.net\/wp-content\/uploads\/2025\/12\/img-7238-1240x800.jpg\" alt=\"\" class=\"single_image ws-image-96302\"><div class=\"credits\">P. Domeyne - AD05<\/div><\/div><p class=\"caption\"><\/p><\/div><\/div>\n<\/div><\/div>\n<\/div>\n\n\n\n<div class=\"wp-block-ws-library-ws-columns alignwide has-2-columns are-vertically-aligned-center layout-5050\">\n<div class=\"wp-block-ws-library-ws-column\"><div class=\"wrapper\">\n<h2 class=\"wp-block-heading\"><strong>Acqua,<\/strong><br\/>un tesoro condiviso<\/h2>\n\n\n\n<p>Dai ghiacciai degli <strong>\u00c9crins<\/strong> ai fiumi impetuosi della <strong>Durance<\/strong> e del <strong>Guil<\/strong>, l&#8217;acqua modella il volto del dipartimento. Irriga le valli, nutre i frutteti e bagna i villaggi. Una risorsa preziosa e minacciata, che ci ricorda ogni giorno che le montagne sono una torre d&#8217;acqua che deve essere preservata. Nelle <strong>Hautes-Alpes<\/strong>, seguire il flusso dell&#8217;acqua significa comprendere l&#8217;intimo legame tra le persone e il loro ambiente.   <\/p>\n<\/div><\/div>\n\n\n\n<div class=\"wp-block-ws-library-ws-column\"><div class=\"wrapper\">\n<div class=\"wp-block-ws-library-ws-image\"><div class=\"wrapper\"><div class=\"group-media\"><img decoding=\"async\" src=\"https:\/\/www.hautes-alpes.net\/wp-content\/uploads\/2025\/12\/tblais-lac-des-beraudes-1240x800.jpg\" alt=\"\" class=\"single_image ws-image-101402\"><div class=\"credits\">T. Blais<\/div><\/div><p class=\"caption\"><\/p><\/div><\/div>\n<\/div><\/div>\n<\/div>\n<\/div>\n\n<div style=\"height:50px\" aria-hidden=\"true\" class=\"wp-block-spacer\"><\/div>\n\n<div class=\"wp-block-ws-library-ws-animated-quote\"><blockquote class=\"quote-container quote-align-undefined\"><div class=\"group-media\"><div class=\"field-image\"><img decoding=\"async\" class=\"quote-avatar ws-image-101405\" src=\"https:\/\/www.hautes-alpes.net\/wp-content\/uploads\/2025\/12\/7b3a7745-160x160.jpg\" data-full-url=\"https:\/\/www.hautes-alpes.net\/wp-content\/uploads\/2025\/12\/7b3a7745.jpg\" alt=\"\"><\/div><\/div><footer><cite class=\"quote-subcontent\"><strong>Richard Bonnet, <br><\/strong>l&#8217;osservatore del picco<\/cite><\/footer><p class=\"quote-content\">Scienziato prima di tutto, Richard Bonnet vigila sul fragile equilibrio tra fauna, flora e attivit\u00e0 umane dal cuore del Parco Nazionale degli \u00c9crins. In qualit\u00e0 di capo del dipartimento scientifico, esamina i minimi segnali inviati dalle montagne: il ritiro dei ghiacciai, la migrazione delle specie, le nuove pressioni. Uomo di campo, incarna il rigore della ricerca al servizio di un patrimonio naturale che difende con incrollabile convinzione.  <\/p><\/blockquote><\/div>\n\n<div class=\"wp-block-ws-library-ws-share\"><span class=\"share-subtitle\">Ti \u00e8 piaciuta questa pagina?<\/span><span class=\"share-title\">Condividilo!<\/span><button class=\"ws-share-button wp-element-button\">Condividi questa pagina<\/button><\/div>\n","protected":false},"excerpt":{"rendered":"<p>Hautes-Alpes, sentinelle della natura Parco Nazionale degli Ecrins, Parchi Naturali Regionali del Queyras e le Baronnies proven\u00e7alesLe Hautes-Alpes sono come [&hellip;]<\/p>\n","protected":false},"author":8,"featured_media":0,"parent":107972,"menu_order":0,"comment_status":"closed","ping_status":"closed","template":"","meta":{"is_dark_mode":false,"footnotes":""},"page_label":[],"class_list":["post-109564","page","type-page","status-publish","hentry"],"yoast_head":"<!-- This site is optimized with the Yoast SEO plugin v27.2 - https:\/\/yoast.com\/product\/yoast-seo-wordpress\/ -->\n<title>Sentinelle della natura - Hautes-Alpes<\/title>\n<meta name=\"description\" content=\"Sentinelle della natura Hautes-Alpes, sentinelle della natura Parco Nazionale degli Ecrins, Parchi Naturali Regionali del Queyras e le Baronnies\" \/>\n<meta name=\"robots\" content=\"index, follow, max-snippet:-1, max-image-preview:large, max-video-preview:-1\" \/>\n<link rel=\"canonical\" href=\"https:\/\/www.hautes-alpes.net\/it\/iconico\/sentinelle-della-natura\/\" \/>\n<meta property=\"og:locale\" content=\"it_IT\" \/>\n<meta property=\"og:type\" content=\"article\" \/>\n<meta property=\"og:title\" content=\"Sentinelle della natura - Hautes-Alpes\" \/>\n<meta property=\"og:description\" content=\"Sentinelle della natura Hautes-Alpes, sentinelle della natura Parco Nazionale degli Ecrins, Parchi Naturali Regionali del Queyras e le Baronnies\" \/>\n<meta property=\"og:url\" content=\"https:\/\/www.hautes-alpes.net\/it\/iconico\/sentinelle-della-natura\/\" \/>\n<meta property=\"og:site_name\" content=\"Hautes-Alpes\" \/>\n<meta property=\"article:modified_time\" content=\"2026-01-05T10:59:48+00:00\" \/>\n<meta property=\"og:image\" content=\"https:\/\/www.hautes-alpes.net\/wp-content\/uploads\/2025\/11\/faune-leo-gayola-5-2000x1000.jpg\" \/>\n<meta name=\"twitter:card\" content=\"summary_large_image\" \/>\n<meta name=\"twitter:label1\" content=\"Tempo di lettura stimato\" \/>\n\t<meta name=\"twitter:data1\" content=\"2 minuti\" \/>\n<script type=\"application\/ld+json\" class=\"yoast-schema-graph\">{\"@context\":\"https:\/\/schema.org\",\"@graph\":[{\"@type\":\"WebPage\",\"@id\":\"https:\/\/www.hautes-alpes.net\/it\/iconico\/sentinelle-della-natura\/\",\"url\":\"https:\/\/www.hautes-alpes.net\/it\/iconico\/sentinelle-della-natura\/\",\"name\":\"Sentinelle della natura - Hautes-Alpes\",\"isPartOf\":{\"@id\":\"https:\/\/www.hautes-alpes.net\/it\/#website\"},\"primaryImageOfPage\":{\"@id\":\"https:\/\/www.hautes-alpes.net\/it\/iconico\/sentinelle-della-natura\/#primaryimage\"},\"image\":{\"@id\":\"https:\/\/www.hautes-alpes.net\/it\/iconico\/sentinelle-della-natura\/#primaryimage\"},\"thumbnailUrl\":\"https:\/\/www.hautes-alpes.net\/wp-content\/uploads\/2025\/11\/faune-leo-gayola-5-2000x1000.jpg\",\"datePublished\":\"2025-11-21T13:31:41+00:00\",\"dateModified\":\"2026-01-05T10:59:48+00:00\",\"description\":\"Sentinelle della natura Hautes-Alpes, sentinelle della natura Parco Nazionale degli Ecrins, Parchi Naturali Regionali del Queyras e le Baronnies\",\"breadcrumb\":{\"@id\":\"https:\/\/www.hautes-alpes.net\/it\/iconico\/sentinelle-della-natura\/#breadcrumb\"},\"inLanguage\":\"it-IT\",\"potentialAction\":[{\"@type\":\"ReadAction\",\"target\":[\"https:\/\/www.hautes-alpes.net\/it\/iconico\/sentinelle-della-natura\/\"]}]},{\"@type\":\"ImageObject\",\"inLanguage\":\"it-IT\",\"@id\":\"https:\/\/www.hautes-alpes.net\/it\/iconico\/sentinelle-della-natura\/#primaryimage\",\"url\":\"https:\/\/www.hautes-alpes.net\/wp-content\/uploads\/2025\/11\/faune-leo-gayola-5-2000x1000.jpg\",\"contentUrl\":\"https:\/\/www.hautes-alpes.net\/wp-content\/uploads\/2025\/11\/faune-leo-gayola-5-2000x1000.jpg\"},{\"@type\":\"BreadcrumbList\",\"@id\":\"https:\/\/www.hautes-alpes.net\/it\/iconico\/sentinelle-della-natura\/#breadcrumb\",\"itemListElement\":[{\"@type\":\"ListItem\",\"position\":1,\"name\":\"Accueil\",\"item\":\"https:\/\/www.hautes-alpes.net\/it\/hautes-alpes\/\"},{\"@type\":\"ListItem\",\"position\":2,\"name\":\"Iconico\",\"item\":\"https:\/\/www.hautes-alpes.net\/it\/iconico\/\"},{\"@type\":\"ListItem\",\"position\":3,\"name\":\"Iconico\",\"item\":\"https:\/\/www.hautes-alpes.net\/it\/iconico\/\"},{\"@type\":\"ListItem\",\"position\":4,\"name\":\"Sentinelle della natura\"}]},{\"@type\":\"WebSite\",\"@id\":\"https:\/\/www.hautes-alpes.net\/it\/#website\",\"url\":\"https:\/\/www.hautes-alpes.net\/it\/\",\"name\":\"ADDET\",\"description\":\"\",\"publisher\":{\"@id\":\"https:\/\/www.hautes-alpes.net\/it\/#organization\"},\"potentialAction\":[{\"@type\":\"SearchAction\",\"target\":{\"@type\":\"EntryPoint\",\"urlTemplate\":\"https:\/\/www.hautes-alpes.net\/it\/?s={search_term_string}\"},\"query-input\":{\"@type\":\"PropertyValueSpecification\",\"valueRequired\":true,\"valueName\":\"search_term_string\"}}],\"inLanguage\":\"it-IT\"},{\"@type\":\"Organization\",\"@id\":\"https:\/\/www.hautes-alpes.net\/it\/#organization\",\"name\":\"Agence D\u00e9partementale de D\u00e9veloppement Economique et Touristique des Hautes-Alpes\",\"url\":\"https:\/\/www.hautes-alpes.net\/it\/\",\"logo\":{\"@type\":\"ImageObject\",\"inLanguage\":\"it-IT\",\"@id\":\"https:\/\/www.hautes-alpes.net\/it\/#\/schema\/logo\/image\/\",\"url\":\"https:\/\/www.hautes-alpes.net\/wp-content\/uploads\/2026\/01\/black-logo-2.svg\",\"contentUrl\":\"https:\/\/www.hautes-alpes.net\/wp-content\/uploads\/2026\/01\/black-logo-2.svg\",\"caption\":\"Agence D\u00e9partementale de D\u00e9veloppement Economique et Touristique des Hautes-Alpes\"},\"image\":{\"@id\":\"https:\/\/www.hautes-alpes.net\/it\/#\/schema\/logo\/image\/\"}}]}<\/script>\n<!-- \/ Yoast SEO plugin. -->","yoast_head_json":{"title":"Sentinelle della natura - Hautes-Alpes","description":"Sentinelle della natura Hautes-Alpes, sentinelle della natura Parco Nazionale degli Ecrins, Parchi Naturali Regionali del Queyras e le Baronnies","robots":{"index":"index","follow":"follow","max-snippet":"max-snippet:-1","max-image-preview":"max-image-preview:large","max-video-preview":"max-video-preview:-1"},"canonical":"https:\/\/www.hautes-alpes.net\/it\/iconico\/sentinelle-della-natura\/","og_locale":"it_IT","og_type":"article","og_title":"Sentinelle della natura - Hautes-Alpes","og_description":"Sentinelle della natura Hautes-Alpes, sentinelle della natura Parco Nazionale degli Ecrins, Parchi Naturali Regionali del Queyras e le Baronnies","og_url":"https:\/\/www.hautes-alpes.net\/it\/iconico\/sentinelle-della-natura\/","og_site_name":"Hautes-Alpes","article_modified_time":"2026-01-05T10:59:48+00:00","og_image":[{"url":"https:\/\/www.hautes-alpes.net\/wp-content\/uploads\/2025\/11\/faune-leo-gayola-5-2000x1000.jpg","type":"","width":"","height":""}],"twitter_card":"summary_large_image","twitter_misc":{"Tempo di lettura stimato":"2 minuti"},"schema":{"@context":"https:\/\/schema.org","@graph":[{"@type":"WebPage","@id":"https:\/\/www.hautes-alpes.net\/it\/iconico\/sentinelle-della-natura\/","url":"https:\/\/www.hautes-alpes.net\/it\/iconico\/sentinelle-della-natura\/","name":"Sentinelle della natura - Hautes-Alpes","isPartOf":{"@id":"https:\/\/www.hautes-alpes.net\/it\/#website"},"primaryImageOfPage":{"@id":"https:\/\/www.hautes-alpes.net\/it\/iconico\/sentinelle-della-natura\/#primaryimage"},"image":{"@id":"https:\/\/www.hautes-alpes.net\/it\/iconico\/sentinelle-della-natura\/#primaryimage"},"thumbnailUrl":"https:\/\/www.hautes-alpes.net\/wp-content\/uploads\/2025\/11\/faune-leo-gayola-5-2000x1000.jpg","datePublished":"2025-11-21T13:31:41+00:00","dateModified":"2026-01-05T10:59:48+00:00","description":"Sentinelle della natura Hautes-Alpes, sentinelle della natura Parco Nazionale degli Ecrins, Parchi Naturali Regionali del Queyras e le Baronnies","breadcrumb":{"@id":"https:\/\/www.hautes-alpes.net\/it\/iconico\/sentinelle-della-natura\/#breadcrumb"},"inLanguage":"it-IT","potentialAction":[{"@type":"ReadAction","target":["https:\/\/www.hautes-alpes.net\/it\/iconico\/sentinelle-della-natura\/"]}]},{"@type":"ImageObject","inLanguage":"it-IT","@id":"https:\/\/www.hautes-alpes.net\/it\/iconico\/sentinelle-della-natura\/#primaryimage","url":"https:\/\/www.hautes-alpes.net\/wp-content\/uploads\/2025\/11\/faune-leo-gayola-5-2000x1000.jpg","contentUrl":"https:\/\/www.hautes-alpes.net\/wp-content\/uploads\/2025\/11\/faune-leo-gayola-5-2000x1000.jpg"},{"@type":"BreadcrumbList","@id":"https:\/\/www.hautes-alpes.net\/it\/iconico\/sentinelle-della-natura\/#breadcrumb","itemListElement":[{"@type":"ListItem","position":1,"name":"Accueil","item":"https:\/\/www.hautes-alpes.net\/it\/hautes-alpes\/"},{"@type":"ListItem","position":2,"name":"Iconico","item":"https:\/\/www.hautes-alpes.net\/it\/iconico\/"},{"@type":"ListItem","position":3,"name":"Iconico","item":"https:\/\/www.hautes-alpes.net\/it\/iconico\/"},{"@type":"ListItem","position":4,"name":"Sentinelle della natura"}]},{"@type":"WebSite","@id":"https:\/\/www.hautes-alpes.net\/it\/#website","url":"https:\/\/www.hautes-alpes.net\/it\/","name":"ADDET","description":"","publisher":{"@id":"https:\/\/www.hautes-alpes.net\/it\/#organization"},"potentialAction":[{"@type":"SearchAction","target":{"@type":"EntryPoint","urlTemplate":"https:\/\/www.hautes-alpes.net\/it\/?s={search_term_string}"},"query-input":{"@type":"PropertyValueSpecification","valueRequired":true,"valueName":"search_term_string"}}],"inLanguage":"it-IT"},{"@type":"Organization","@id":"https:\/\/www.hautes-alpes.net\/it\/#organization","name":"Agence D\u00e9partementale de D\u00e9veloppement Economique et Touristique des Hautes-Alpes","url":"https:\/\/www.hautes-alpes.net\/it\/","logo":{"@type":"ImageObject","inLanguage":"it-IT","@id":"https:\/\/www.hautes-alpes.net\/it\/#\/schema\/logo\/image\/","url":"https:\/\/www.hautes-alpes.net\/wp-content\/uploads\/2026\/01\/black-logo-2.svg","contentUrl":"https:\/\/www.hautes-alpes.net\/wp-content\/uploads\/2026\/01\/black-logo-2.svg","caption":"Agence D\u00e9partementale de D\u00e9veloppement Economique et Touristique des Hautes-Alpes"},"image":{"@id":"https:\/\/www.hautes-alpes.net\/it\/#\/schema\/logo\/image\/"}}]}},"_links":{"self":[{"href":"https:\/\/www.hautes-alpes.net\/it\/wp-json\/wp\/v2\/pages\/109564","targetHints":{"allow":["GET"]}}],"collection":[{"href":"https:\/\/www.hautes-alpes.net\/it\/wp-json\/wp\/v2\/pages"}],"about":[{"href":"https:\/\/www.hautes-alpes.net\/it\/wp-json\/wp\/v2\/types\/page"}],"author":[{"embeddable":true,"href":"https:\/\/www.hautes-alpes.net\/it\/wp-json\/wp\/v2\/users\/8"}],"replies":[{"embeddable":true,"href":"https:\/\/www.hautes-alpes.net\/it\/wp-json\/wp\/v2\/comments?post=109564"}],"version-history":[{"count":6,"href":"https:\/\/www.hautes-alpes.net\/it\/wp-json\/wp\/v2\/pages\/109564\/revisions"}],"predecessor-version":[{"id":162711,"href":"https:\/\/www.hautes-alpes.net\/it\/wp-json\/wp\/v2\/pages\/109564\/revisions\/162711"}],"up":[{"embeddable":true,"href":"https:\/\/www.hautes-alpes.net\/it\/wp-json\/wp\/v2\/pages\/107972"}],"wp:attachment":[{"href":"https:\/\/www.hautes-alpes.net\/it\/wp-json\/wp\/v2\/media?parent=109564"}],"wp:term":[{"taxonomy":"page_label","embeddable":true,"href":"https:\/\/www.hautes-alpes.net\/it\/wp-json\/wp\/v2\/page_label?post=109564"}],"curies":[{"name":"wp","href":"https:\/\/api.w.org\/{rel}","templated":true}]}}