{"id":109146,"date":"2025-11-21T14:49:02","date_gmt":"2025-11-21T13:49:02","guid":{"rendered":"https:\/\/www.hautes-alpes.net\/iconico\/giochi-invernali-del-2030\/"},"modified":"2026-01-27T22:37:17","modified_gmt":"2026-01-27T21:37:17","slug":"giochi-invernali-del-2030","status":"publish","type":"page","link":"https:\/\/www.hautes-alpes.net\/it\/iconico\/giochi-invernali-del-2030\/","title":{"rendered":"Giochi invernali del 2030"},"content":{"rendered":"\n<div class=\"wp-block-group alignfull hero-banner-cover-wide has-global-padding is-layout-constrained wp-block-group-is-layout-constrained\"><div class=\"yoast-breadcrumbs\"><span><span><a href=\"https:\/\/www.hautes-alpes.net\/it\/hautes-alpes\/\">Accueil<\/a><\/span>  <span><a href=\"https:\/\/www.hautes-alpes.net\/it\/iconico\/\">Iconico<\/a><\/span>  <span><a href=\"https:\/\/www.hautes-alpes.net\/it\/iconico\/\">Iconico<\/a><\/span>  <span class=\"breadcrumb_last\" aria-current=\"page\">Giochi invernali del 2030<\/span><\/span><\/div>\n\n\n<h1 class=\"wp-block-ws-library-post-title\">Giochi invernali del 2030<\/h1>\n\n\n\n<div class=\"wp-block-ws-library-media-embed ws-media-embed\"><img decoding=\"async\" src=\"https:\/\/www.hautes-alpes.net\/wp-content\/uploads\/2025\/11\/forts-briancon-hiver-serre-chevalier-briancon-3-1-2000x1000.jpg\" alt=\"\" class=\"ws-media-embed__image\" style=\"aspect-ratio:2000\/1000\"><\/div>\n\n\n\n<p class=\"subtitle\"><br\/><strong>Nel 2030, le Hautes-Alpes saranno pi\u00f9 freestyle che mai<\/strong><\/p>\n\n\n\n<p class=\"has-text-align-center\"><br\/>Nelle <strong>Alpi francesi<\/strong>, le <strong>Alpi del Sud<\/strong> e del <strong>Nord<\/strong> si uniscono per creare un affresco originale per dare il benvenuto ai <strong>Giochi Olimpici e Paralimpici<\/strong> <strong>Invernali del 2030<\/strong>.  <\/p>\n<\/div>\n\n<div class=\"wp-block-ws-library-ws-columns has-2-columns are-vertically-aligned-top layout-5050\">\n<div class=\"wp-block-ws-library-ws-column\"><div class=\"wrapper\">\n<p>Al centro di questa alleanza, le <strong>Hautes-Alpes<\/strong> fanno da palcoscenico: ventisei gare di sci e snowboard freestyle si svolgeranno qui, a <strong><a href=\"https:\/\/www.hautes-alpes.net\/it\/destinazioni-hautes-alpes\/serre-chevalier\/\">Serre Chevalier<\/a><\/strong>la pi\u00f9 grande localit\u00e0 delle Alpi meridionali, e <strong><a href=\"https:\/\/www.hautes-alpes.net\/it\/destinazioni-hautes-alpes\/monginevro\/\">Monginevro<\/a><\/strong>la localit\u00e0 pi\u00f9 antica della Francia. <strong><a href=\"https:\/\/www.hautes-alpes.net\/it\/destinazioni-hautes-alpes\/brianconnais\/\">Brian\u00e7on<\/a><\/strong> e il suo <strong>Fort des T\u00eates<\/strong>, patrimonio mondiale dell&#8217;UNESCO, saranno trasformati in un villaggio olimpico.<\/p>\n<\/div><\/div>\n\n\n\n<div class=\"wp-block-ws-library-ws-column\"><div class=\"wrapper\">\n<p>Al di l\u00e0 del bagliore dei Giochi, l&#8217;eredit\u00e0 sar\u00e0 immensa. Lasceranno le <strong>Hautes-Alpes<\/strong> con grandi progressi in termini di pianificazione regionale e di accesso. Le Olimpiadi non passeranno solo di qui, ma metteranno radici.  <\/p>\n<\/div><\/div>\n<\/div>\n\n<div class=\"wp-block-group alignfull step-by-step has-global-padding is-layout-constrained wp-block-group-is-layout-constrained\">\n<div class=\"wp-block-ws-library-ws-columns alignwide has-2-columns are-vertically-aligned-center layout-5050 is-style-default\">\n<div class=\"wp-block-ws-library-ws-column\"><div class=\"wrapper\">\n<h2 class=\"wp-block-heading\"><strong>2030<\/strong>,<br\/>si avvia verso proporzioni epiche<\/h2>\n\n\n\n<p><strong><a href=\"https:\/\/www.hautes-alpes.net\/it\/destinazioni-hautes-alpes\/serre-chevalier\/\" type=\"page\" id=\"73561\">Serre Chevalier<\/a><\/strong> e <strong><a href=\"https:\/\/www.hautes-alpes.net\/it\/destinazioni-hautes-alpes\/monginevro\/\" type=\"page\" id=\"73745\">Monginevro<\/a><\/strong> ospiteranno le discipline del freestyle e dello snowboard, mentre <strong><a href=\"https:\/\/www.hautes-alpes.net\/it\/destinazioni-hautes-alpes\/brianconnais\/\" type=\"page\" id=\"54195\">Brian\u00e7on<\/a><\/strong> \u00e8 al centro del programma olimpico. Al di l\u00e0 dei podi, i Giochi rappresentano un&#8217;opportunit\u00e0 storica: infrastrutture di prim&#8217;ordine, know-how locale e giovani alla ricerca di nuovi orizzonti. Le <strong>Hautes-Alpes<\/strong> non si limiteranno a ospitare i Giochi, ma li renderanno ancora migliori.  <\/p>\n<\/div><\/div>\n\n\n\n<div class=\"wp-block-ws-library-ws-column\"><div class=\"wrapper\">\n<div class=\"wp-block-ws-library-ws-image\"><div class=\"wrapper\"><div class=\"group-media\"><img decoding=\"async\" src=\"https:\/\/www.hautes-alpes.net\/wp-content\/uploads\/2025\/11\/briancon-croix-de-toulouse-nuit-credit-zoom-1240x800.jpg\" alt=\"\" class=\"single_image ws-image-78162\"><div class=\"credits\">Zoom<\/div><\/div><p class=\"caption\"><\/p><\/div><\/div>\n<\/div><\/div>\n<\/div>\n\n\n\n<div class=\"wp-block-ws-library-ws-columns alignwide has-2-columns are-vertically-aligned-center layout-5050\">\n<div class=\"wp-block-ws-library-ws-column\"><div class=\"wrapper\">\n<h2 class=\"wp-block-heading\"><strong>I grandi campioni delle<\/strong> Alpi<br\/><\/h2>\n\n\n\n<p>I campioni made in <strong>Hautes-Alpes<\/strong> hanno le spatole puntate verso il <strong>2030<\/strong>: <strong>Cyprien Sarrazin<\/strong>, con tutta la sua determinazione intatta nonostante la rottura, punta al grande evento sul suolo di casa, cos\u00ec come <strong>Nils All\u00e8gre<\/strong>, vincitore della Coppa del Mondo, <strong>Nils Alphand<\/strong>, <strong>Arthur Bauchet<\/strong>, triplo campione paralimpico e <strong>Flora Dolci<\/strong>, fondista e la nuova generazione in arrivo. \u00c8 una squadra in movimento, pronta e capace di trasformare l&#8217;opportunit\u00e0 olimpica in una messe di emozioni. <\/p>\n<\/div><\/div>\n\n\n\n<div class=\"wp-block-ws-library-ws-column\"><div class=\"wrapper\">\n<div class=\"wp-block-ws-library-ws-image\"><div class=\"wrapper\"><div class=\"group-media\"><img decoding=\"async\" src=\"https:\/\/www.hautes-alpes.net\/wp-content\/uploads\/2025\/11\/arthur-bauchet-serre-chevalier-briancon-29-ot-serre-chevalier-vallee-briancon-3-1240x800.jpg\" alt=\"\" class=\"single_image ws-image-78160\"><div class=\"credits\">Ufficio del Turismo di Serre Chevalier<\/div><\/div><p class=\"caption\"><\/p><\/div><\/div>\n<\/div><\/div>\n<\/div>\n\n\n\n<div class=\"wp-block-ws-library-ws-columns alignwide has-2-columns are-vertically-aligned-center layout-5050\">\n<div class=\"wp-block-ws-library-ws-column\"><div class=\"wrapper\">\n<h2 class=\"wp-block-heading\"><strong>Un&#8217;eredit\u00e0<\/strong> sportiva<br\/><\/h2>\n\n\n\n<p>Nelle <strong>Hautes-Alpes<\/strong>, l&#8217;eredit\u00e0 dei <strong>Giochi<\/strong> sta gi\u00e0 prendendo forma, con un boom dello sport di alto livello grazie a campi di gara modernizzati, eventi internazionali regolari e un maggiore sostegno ai club locali e al centro di formazione interregionale. L&#8217;influenza dei Giochi sta crescendo grazie a discipline decisamente orientate ai giovani (sci e snowboard freestyle), che sono tra le maggiori attrazioni delle Olimpiadi. <\/p>\n<\/div><\/div>\n\n\n\n<div class=\"wp-block-ws-library-ws-column\"><div class=\"wrapper\">\n<div class=\"wp-block-ws-library-ws-image\"><div class=\"wrapper\"><div class=\"group-media\"><img decoding=\"async\" src=\"https:\/\/www.hautes-alpes.net\/wp-content\/uploads\/2025\/12\/gillesbaron1221-1816-1240x800.jpg\" alt=\"\" class=\"single_image ws-image-101365\"><div class=\"credits\">G. Barone<\/div><\/div><p class=\"caption\"><\/p><\/div><\/div>\n<\/div><\/div>\n<\/div>\n\n\n\n<div class=\"wp-block-ws-library-ws-columns alignwide has-2-columns are-vertically-aligned-center layout-5050\">\n<div class=\"wp-block-ws-library-ws-column\"><div class=\"wrapper\">\n<h2 class=\"wp-block-heading\"><strong>Un&#8217;eredit\u00e0<\/strong><br\/>economica<\/h2>\n\n\n\n<p>Le ricadute economiche e gli effetti a catena stanno investendo le Hautes-Alpes e l&#8217;evento sta <strong>accelerando le trasformazioni<\/strong>, come il Villaggio Olimpico, che \u00e8 stato in parte convertito in alloggi stagionali e case di propriet\u00e0. L&#8217;eredit\u00e0 \u00e8 visibile anche nelle infrastrutture: progressi nei collegamenti stradali e ferroviari, senza dimenticare i percorsi morbidi e la mobilit\u00e0 quotidiana con, nel <strong><a href=\"https:\/\/www.hautes-alpes.net\/it\/destinazioni-hautes-alpes\/brianconnais\/\">Brian\u00e7onnais<\/a><\/strong>un servizio di autobus di alto livello. <\/p>\n<\/div><\/div>\n\n\n\n<div class=\"wp-block-ws-library-ws-column\"><div class=\"wrapper\">\n<div class=\"wp-block-ws-library-ws-image\"><div class=\"wrapper\"><div class=\"group-media\"><img decoding=\"async\" src=\"https:\/\/www.hautes-alpes.net\/wp-content\/uploads\/2025\/11\/briancon-hd-alpesphotographiescom-2-1240x800.jpg\" alt=\"\" class=\"single_image ws-image-78161\"><div class=\"credits\">Fotografie delle Alpi<\/div><\/div><p class=\"caption\"><\/p><\/div><\/div>\n<\/div><\/div>\n<\/div>\n\n\n\n<div class=\"wp-block-ws-library-ws-columns alignwide has-2-columns are-vertically-aligned-center layout-5050\">\n<div class=\"wp-block-ws-library-ws-column\"><div class=\"wrapper\">\n<h2 class=\"wp-block-heading\"><strong>Aspettative<\/strong><br\/>di discipline aggiuntive<\/h2>\n\n\n\n<p>Nelle <strong>Hautes-Alpes<\/strong>, l&#8217;ambizione va gi\u00e0 oltre le corde delle reti di sicurezza: oltre gli acrobati di <strong><a href=\"https:\/\/www.hautes-alpes.net\/it\/destinazioni-hautes-alpes\/serre-chevalier\/\">Serre Chevalier<\/a><\/strong> e <strong><a href=\"https:\/\/www.hautes-alpes.net\/it\/destinazioni-hautes-alpes\/monginevro\/\">Monginevro<\/a><\/strong>le Hautes-Alpes si candidano ad aprire le porte ad altri eventi olimpici. Immagina di fare sci alpinismo tracciando le sue creste all&#8217;alba sulle cime degli <strong><a href=\"https:\/\/www.hautes-alpes.net\/it\/destinazioni-hautes-alpes\/pays-des-ecrins\/\">\u00c9crins<\/a><\/strong>lo sci freeride su pendii ripidi e il <strong>KL a <a href=\"https:\/\/www.hautes-alpes.net\/it\/destinazioni-hautes-alpes\/vars\/\">Vars<\/a><\/strong>, un razzo umano che corre contro il tempo.<\/p>\n<\/div><\/div>\n\n\n\n<div class=\"wp-block-ws-library-ws-column\"><div class=\"wrapper\">\n<div class=\"wp-block-ws-library-ws-image\"><div class=\"wrapper\"><div class=\"group-media\"><img decoding=\"async\" src=\"https:\/\/www.hautes-alpes.net\/wp-content\/uploads\/2025\/11\/vars-simon-billy-credit-scalpfoto-4-1240x800.jpg\" alt=\"Simon Billy, sciatore di chilometri\" class=\"single_image ws-image-73776\"><div class=\"credits\">Scalpfoto - OT Vars<\/div><\/div><p class=\"caption\"><\/p><\/div><\/div>\n<\/div><\/div>\n<\/div>\n<\/div>\n\n<div style=\"height:50px\" aria-hidden=\"true\" class=\"wp-block-spacer\"><\/div>\n\n<div class=\"wp-block-ws-library-ws-video is-style-default\"><div class=\"wrapper\"><div class=\"group-media\">\n<figure class=\"wp-block-embed aligncenter is-type-video is-provider-youtube wp-block-embed-youtube\"><div class=\"wp-block-embed__wrapper\">\n<iframe loading=\"lazy\" title=\"Jeux Olympiques et Paralympiques d\u2019hiver 2030 : les Alpes fran\u00e7aises au sommet !\" width=\"500\" height=\"281\" src=\"https:\/\/www.youtube.com\/embed\/7Aj_Yrqat38?feature=oembed\" frameborder=\"0\" allow=\"accelerometer; autoplay; clipboard-write; encrypted-media; gyroscope; picture-in-picture; web-share\" referrerpolicy=\"strict-origin-when-cross-origin\" allowfullscreen><\/iframe>\n<\/div><\/figure>\n<\/div><\/div><\/div>\n\n<div class=\"wp-block-ws-library-ws-share\"><span class=\"share-subtitle\">Ti \u00e8 piaciuta questa pagina?<\/span><span class=\"share-title\">Condividilo!<\/span><button class=\"ws-share-button wp-element-button\">Condividi questa pagina<\/button><\/div>\n","protected":false},"excerpt":{"rendered":"<p>Nel 2030, le Hautes-Alpes saranno pi\u00f9 freestyle che mai Nelle Alpi francesi, le Alpi del Sud e del Nord si [&hellip;]<\/p>\n","protected":false},"author":8,"featured_media":0,"parent":107972,"menu_order":0,"comment_status":"closed","ping_status":"closed","template":"","meta":{"is_dark_mode":true,"footnotes":""},"page_label":[],"class_list":["post-109146","page","type-page","status-publish","hentry"],"yoast_head":"<!-- This site is optimized with the Yoast SEO plugin v27.2 - https:\/\/yoast.com\/product\/yoast-seo-wordpress\/ -->\n<title>Giochi invernali del 2030 - Hautes-Alpes<\/title>\n<meta name=\"description\" content=\"Giochi invernali del 2030 Nel 2030, le Hautes-Alpes saranno pi\u00f9 freestyle che mai Nelle Alpi francesi, le Alpi del Sud e del Nord si uniscono per creare\" \/>\n<meta name=\"robots\" content=\"index, follow, max-snippet:-1, max-image-preview:large, max-video-preview:-1\" \/>\n<link rel=\"canonical\" href=\"https:\/\/www.hautes-alpes.net\/it\/iconico\/giochi-invernali-del-2030\/\" \/>\n<meta property=\"og:locale\" content=\"it_IT\" \/>\n<meta property=\"og:type\" content=\"article\" \/>\n<meta property=\"og:title\" content=\"Giochi invernali del 2030 - Hautes-Alpes\" \/>\n<meta property=\"og:description\" content=\"Giochi invernali del 2030 Nel 2030, le Hautes-Alpes saranno pi\u00f9 freestyle che mai Nelle Alpi francesi, le Alpi del Sud e del Nord si uniscono per creare\" \/>\n<meta property=\"og:url\" content=\"https:\/\/www.hautes-alpes.net\/it\/iconico\/giochi-invernali-del-2030\/\" \/>\n<meta property=\"og:site_name\" content=\"Hautes-Alpes\" \/>\n<meta property=\"article:modified_time\" content=\"2026-01-27T21:37:17+00:00\" \/>\n<meta property=\"og:image\" content=\"https:\/\/www.hautes-alpes.net\/wp-content\/uploads\/2025\/11\/forts-briancon-hiver-serre-chevalier-briancon-3-1-2000x1000.jpg\" \/>\n<meta name=\"twitter:card\" content=\"summary_large_image\" \/>\n<meta name=\"twitter:label1\" content=\"Tempo di lettura stimato\" \/>\n\t<meta name=\"twitter:data1\" content=\"2 minuti\" \/>\n<script type=\"application\/ld+json\" class=\"yoast-schema-graph\">{\"@context\":\"https:\/\/schema.org\",\"@graph\":[{\"@type\":\"WebPage\",\"@id\":\"https:\/\/www.hautes-alpes.net\/it\/iconico\/giochi-invernali-del-2030\/\",\"url\":\"https:\/\/www.hautes-alpes.net\/it\/iconico\/giochi-invernali-del-2030\/\",\"name\":\"Giochi invernali del 2030 - Hautes-Alpes\",\"isPartOf\":{\"@id\":\"https:\/\/www.hautes-alpes.net\/it\/#website\"},\"primaryImageOfPage\":{\"@id\":\"https:\/\/www.hautes-alpes.net\/it\/iconico\/giochi-invernali-del-2030\/#primaryimage\"},\"image\":{\"@id\":\"https:\/\/www.hautes-alpes.net\/it\/iconico\/giochi-invernali-del-2030\/#primaryimage\"},\"thumbnailUrl\":\"https:\/\/www.hautes-alpes.net\/wp-content\/uploads\/2025\/11\/forts-briancon-hiver-serre-chevalier-briancon-3-1-2000x1000.jpg\",\"datePublished\":\"2025-11-21T13:49:02+00:00\",\"dateModified\":\"2026-01-27T21:37:17+00:00\",\"description\":\"Giochi invernali del 2030 Nel 2030, le Hautes-Alpes saranno pi\u00f9 freestyle che mai Nelle Alpi francesi, le Alpi del Sud e del Nord si uniscono per creare\",\"breadcrumb\":{\"@id\":\"https:\/\/www.hautes-alpes.net\/it\/iconico\/giochi-invernali-del-2030\/#breadcrumb\"},\"inLanguage\":\"it-IT\",\"potentialAction\":[{\"@type\":\"ReadAction\",\"target\":[\"https:\/\/www.hautes-alpes.net\/it\/iconico\/giochi-invernali-del-2030\/\"]}]},{\"@type\":\"ImageObject\",\"inLanguage\":\"it-IT\",\"@id\":\"https:\/\/www.hautes-alpes.net\/it\/iconico\/giochi-invernali-del-2030\/#primaryimage\",\"url\":\"https:\/\/www.hautes-alpes.net\/wp-content\/uploads\/2025\/11\/forts-briancon-hiver-serre-chevalier-briancon-3-1-2000x1000.jpg\",\"contentUrl\":\"https:\/\/www.hautes-alpes.net\/wp-content\/uploads\/2025\/11\/forts-briancon-hiver-serre-chevalier-briancon-3-1-2000x1000.jpg\"},{\"@type\":\"BreadcrumbList\",\"@id\":\"https:\/\/www.hautes-alpes.net\/it\/iconico\/giochi-invernali-del-2030\/#breadcrumb\",\"itemListElement\":[{\"@type\":\"ListItem\",\"position\":1,\"name\":\"Accueil\",\"item\":\"https:\/\/www.hautes-alpes.net\/it\/hautes-alpes\/\"},{\"@type\":\"ListItem\",\"position\":2,\"name\":\"Iconico\",\"item\":\"https:\/\/www.hautes-alpes.net\/it\/iconico\/\"},{\"@type\":\"ListItem\",\"position\":3,\"name\":\"Iconico\",\"item\":\"https:\/\/www.hautes-alpes.net\/it\/iconico\/\"},{\"@type\":\"ListItem\",\"position\":4,\"name\":\"Giochi invernali del 2030\"}]},{\"@type\":\"WebSite\",\"@id\":\"https:\/\/www.hautes-alpes.net\/it\/#website\",\"url\":\"https:\/\/www.hautes-alpes.net\/it\/\",\"name\":\"ADDET\",\"description\":\"\",\"publisher\":{\"@id\":\"https:\/\/www.hautes-alpes.net\/it\/#organization\"},\"potentialAction\":[{\"@type\":\"SearchAction\",\"target\":{\"@type\":\"EntryPoint\",\"urlTemplate\":\"https:\/\/www.hautes-alpes.net\/it\/?s={search_term_string}\"},\"query-input\":{\"@type\":\"PropertyValueSpecification\",\"valueRequired\":true,\"valueName\":\"search_term_string\"}}],\"inLanguage\":\"it-IT\"},{\"@type\":\"Organization\",\"@id\":\"https:\/\/www.hautes-alpes.net\/it\/#organization\",\"name\":\"Agence D\u00e9partementale de D\u00e9veloppement Economique et Touristique des Hautes-Alpes\",\"url\":\"https:\/\/www.hautes-alpes.net\/it\/\",\"logo\":{\"@type\":\"ImageObject\",\"inLanguage\":\"it-IT\",\"@id\":\"https:\/\/www.hautes-alpes.net\/it\/#\/schema\/logo\/image\/\",\"url\":\"https:\/\/www.hautes-alpes.net\/wp-content\/uploads\/2026\/01\/black-logo-2.svg\",\"contentUrl\":\"https:\/\/www.hautes-alpes.net\/wp-content\/uploads\/2026\/01\/black-logo-2.svg\",\"caption\":\"Agence D\u00e9partementale de D\u00e9veloppement Economique et Touristique des Hautes-Alpes\"},\"image\":{\"@id\":\"https:\/\/www.hautes-alpes.net\/it\/#\/schema\/logo\/image\/\"}}]}<\/script>\n<!-- \/ Yoast SEO plugin. -->","yoast_head_json":{"title":"Giochi invernali del 2030 - Hautes-Alpes","description":"Giochi invernali del 2030 Nel 2030, le Hautes-Alpes saranno pi\u00f9 freestyle che mai Nelle Alpi francesi, le Alpi del Sud e del Nord si uniscono per creare","robots":{"index":"index","follow":"follow","max-snippet":"max-snippet:-1","max-image-preview":"max-image-preview:large","max-video-preview":"max-video-preview:-1"},"canonical":"https:\/\/www.hautes-alpes.net\/it\/iconico\/giochi-invernali-del-2030\/","og_locale":"it_IT","og_type":"article","og_title":"Giochi invernali del 2030 - Hautes-Alpes","og_description":"Giochi invernali del 2030 Nel 2030, le Hautes-Alpes saranno pi\u00f9 freestyle che mai Nelle Alpi francesi, le Alpi del Sud e del Nord si uniscono per creare","og_url":"https:\/\/www.hautes-alpes.net\/it\/iconico\/giochi-invernali-del-2030\/","og_site_name":"Hautes-Alpes","article_modified_time":"2026-01-27T21:37:17+00:00","og_image":[{"url":"https:\/\/www.hautes-alpes.net\/wp-content\/uploads\/2025\/11\/forts-briancon-hiver-serre-chevalier-briancon-3-1-2000x1000.jpg","type":"","width":"","height":""}],"twitter_card":"summary_large_image","twitter_misc":{"Tempo di lettura stimato":"2 minuti"},"schema":{"@context":"https:\/\/schema.org","@graph":[{"@type":"WebPage","@id":"https:\/\/www.hautes-alpes.net\/it\/iconico\/giochi-invernali-del-2030\/","url":"https:\/\/www.hautes-alpes.net\/it\/iconico\/giochi-invernali-del-2030\/","name":"Giochi invernali del 2030 - Hautes-Alpes","isPartOf":{"@id":"https:\/\/www.hautes-alpes.net\/it\/#website"},"primaryImageOfPage":{"@id":"https:\/\/www.hautes-alpes.net\/it\/iconico\/giochi-invernali-del-2030\/#primaryimage"},"image":{"@id":"https:\/\/www.hautes-alpes.net\/it\/iconico\/giochi-invernali-del-2030\/#primaryimage"},"thumbnailUrl":"https:\/\/www.hautes-alpes.net\/wp-content\/uploads\/2025\/11\/forts-briancon-hiver-serre-chevalier-briancon-3-1-2000x1000.jpg","datePublished":"2025-11-21T13:49:02+00:00","dateModified":"2026-01-27T21:37:17+00:00","description":"Giochi invernali del 2030 Nel 2030, le Hautes-Alpes saranno pi\u00f9 freestyle che mai Nelle Alpi francesi, le Alpi del Sud e del Nord si uniscono per creare","breadcrumb":{"@id":"https:\/\/www.hautes-alpes.net\/it\/iconico\/giochi-invernali-del-2030\/#breadcrumb"},"inLanguage":"it-IT","potentialAction":[{"@type":"ReadAction","target":["https:\/\/www.hautes-alpes.net\/it\/iconico\/giochi-invernali-del-2030\/"]}]},{"@type":"ImageObject","inLanguage":"it-IT","@id":"https:\/\/www.hautes-alpes.net\/it\/iconico\/giochi-invernali-del-2030\/#primaryimage","url":"https:\/\/www.hautes-alpes.net\/wp-content\/uploads\/2025\/11\/forts-briancon-hiver-serre-chevalier-briancon-3-1-2000x1000.jpg","contentUrl":"https:\/\/www.hautes-alpes.net\/wp-content\/uploads\/2025\/11\/forts-briancon-hiver-serre-chevalier-briancon-3-1-2000x1000.jpg"},{"@type":"BreadcrumbList","@id":"https:\/\/www.hautes-alpes.net\/it\/iconico\/giochi-invernali-del-2030\/#breadcrumb","itemListElement":[{"@type":"ListItem","position":1,"name":"Accueil","item":"https:\/\/www.hautes-alpes.net\/it\/hautes-alpes\/"},{"@type":"ListItem","position":2,"name":"Iconico","item":"https:\/\/www.hautes-alpes.net\/it\/iconico\/"},{"@type":"ListItem","position":3,"name":"Iconico","item":"https:\/\/www.hautes-alpes.net\/it\/iconico\/"},{"@type":"ListItem","position":4,"name":"Giochi invernali del 2030"}]},{"@type":"WebSite","@id":"https:\/\/www.hautes-alpes.net\/it\/#website","url":"https:\/\/www.hautes-alpes.net\/it\/","name":"ADDET","description":"","publisher":{"@id":"https:\/\/www.hautes-alpes.net\/it\/#organization"},"potentialAction":[{"@type":"SearchAction","target":{"@type":"EntryPoint","urlTemplate":"https:\/\/www.hautes-alpes.net\/it\/?s={search_term_string}"},"query-input":{"@type":"PropertyValueSpecification","valueRequired":true,"valueName":"search_term_string"}}],"inLanguage":"it-IT"},{"@type":"Organization","@id":"https:\/\/www.hautes-alpes.net\/it\/#organization","name":"Agence D\u00e9partementale de D\u00e9veloppement Economique et Touristique des Hautes-Alpes","url":"https:\/\/www.hautes-alpes.net\/it\/","logo":{"@type":"ImageObject","inLanguage":"it-IT","@id":"https:\/\/www.hautes-alpes.net\/it\/#\/schema\/logo\/image\/","url":"https:\/\/www.hautes-alpes.net\/wp-content\/uploads\/2026\/01\/black-logo-2.svg","contentUrl":"https:\/\/www.hautes-alpes.net\/wp-content\/uploads\/2026\/01\/black-logo-2.svg","caption":"Agence D\u00e9partementale de D\u00e9veloppement Economique et Touristique des Hautes-Alpes"},"image":{"@id":"https:\/\/www.hautes-alpes.net\/it\/#\/schema\/logo\/image\/"}}]}},"_links":{"self":[{"href":"https:\/\/www.hautes-alpes.net\/it\/wp-json\/wp\/v2\/pages\/109146","targetHints":{"allow":["GET"]}}],"collection":[{"href":"https:\/\/www.hautes-alpes.net\/it\/wp-json\/wp\/v2\/pages"}],"about":[{"href":"https:\/\/www.hautes-alpes.net\/it\/wp-json\/wp\/v2\/types\/page"}],"author":[{"embeddable":true,"href":"https:\/\/www.hautes-alpes.net\/it\/wp-json\/wp\/v2\/users\/8"}],"replies":[{"embeddable":true,"href":"https:\/\/www.hautes-alpes.net\/it\/wp-json\/wp\/v2\/comments?post=109146"}],"version-history":[{"count":10,"href":"https:\/\/www.hautes-alpes.net\/it\/wp-json\/wp\/v2\/pages\/109146\/revisions"}],"predecessor-version":[{"id":236432,"href":"https:\/\/www.hautes-alpes.net\/it\/wp-json\/wp\/v2\/pages\/109146\/revisions\/236432"}],"up":[{"embeddable":true,"href":"https:\/\/www.hautes-alpes.net\/it\/wp-json\/wp\/v2\/pages\/107972"}],"wp:attachment":[{"href":"https:\/\/www.hautes-alpes.net\/it\/wp-json\/wp\/v2\/media?parent=109146"}],"wp:term":[{"taxonomy":"page_label","embeddable":true,"href":"https:\/\/www.hautes-alpes.net\/it\/wp-json\/wp\/v2\/page_label?post=109146"}],"curies":[{"name":"wp","href":"https:\/\/api.w.org\/{rel}","templated":true}]}}