{"id":109029,"date":"2025-11-25T17:50:08","date_gmt":"2025-11-25T16:50:08","guid":{"rendered":"https:\/\/www.hautes-alpes.net\/i-preferiti\/la-fame-non-fa-ridere\/"},"modified":"2025-12-12T12:20:13","modified_gmt":"2025-12-12T11:20:13","slug":"la-fame-non-fa-ridere","status":"publish","type":"page","link":"https:\/\/www.hautes-alpes.net\/it\/i-preferiti\/la-fame-non-fa-ridere\/","title":{"rendered":"La fame non fa ridere"},"content":{"rendered":"\n<div class=\"wp-block-group alignfull hero-banner-simple has-global-padding is-layout-constrained wp-block-group-is-layout-constrained\"><div class=\"yoast-breadcrumbs\"><span><span><a href=\"https:\/\/www.hautes-alpes.net\/it\/hautes-alpes\/\">Accueil<\/a><\/span>  <span><a href=\"https:\/\/www.hautes-alpes.net\/it\/i-preferiti\/\">I preferiti<\/a><\/span>  <span><a href=\"https:\/\/www.hautes-alpes.net\/it\/i-preferiti\/\">I preferiti<\/a><\/span>  <span class=\"breadcrumb_last\" aria-current=\"page\">La fame non fa ridere<\/span><\/span><\/div>\n\n\n<h1 class=\"wp-block-ws-library-post-title\">La fame non fa ridere<\/h1>\n\n\n\n<p class=\"subtitle\">La guida (per niente obiettiva) ai piatti che riscaldano meglio di un piumino<\/p>\n\n\n\n<p><\/p>\n<\/div>\n\n<p><\/p>\n\n<div class=\"wp-block-ws-library-ws-banner alignfull\"><div class=\"wrapper\"><div class=\"group-media\"><img loading=\"lazy\" decoding=\"async\" width=\"1600\" height=\"480\" src=\"https:\/\/www.hautes-alpes.net\/wp-content\/uploads\/2025\/11\/mont-dauphin-fort-rogier-van-rijn-18-2-1600x480.jpg\" alt=\"\" class=\"single_image wp-image-80718\"><\/div>\n<div class=\"group-content\"><p>C&#8217;\u00e8 una cosa che abbiamo notato nelle Hautes-Alpes: l <strong>&#8216;inverno va sempre meglio quando c&#8217;\u00e8 qualcosa di caldo nel piatto e nella pancia<\/strong>. Non c&#8217;\u00e8 bisogno di inventare ricette complicate, l&#8217;importante \u00e8 che ti tenga caldo e abbia un buon profumo. Ecco una selezione di piatti locali (o adottati) che rendono le serate fredde molto pi\u00f9 sopportabili.  <\/p><\/div>\n<\/div><\/div>\n\n<div class=\"wp-block-ws-library-ws-columns has-2-columns are-vertically-aligned-center layout-3565 is-style-fixed-col-left\">\n<div class=\"wp-block-ws-library-ws-column\"><div class=\"wrapper\">\n<h3 class=\"wp-block-heading\">La raclette all&#8217;aglio dell&#8217;orso - La stella che non delude mai<\/h3>\n\n\n\n<p>Per quanto si cerchi di variare, la <strong>raclette<\/strong> torna sempre a tavola. Forse perch\u00e9 trasforma qualsiasi pasto in un&#8217;occasione conviviale, forse perch\u00e9 fondere il formaggio rimane un atto profondamente soddisfacente. Nelle Hautes-Alpes viene preparata con <strong>formaggio locale al 100%<\/strong>, patate che hanno visto le montagne da vicino e salumi di carattere. Semplice, efficace, indiscutibile.   <\/p>\n<\/div><\/div>\n\n\n\n<div class=\"wp-block-ws-library-ws-column\"><div class=\"wrapper\">\n<div class=\"wp-block-ws-library-ws-image\"><div class=\"wrapper\"><div class=\"group-media\"><img decoding=\"async\" src=\"https:\/\/www.hautes-alpes.net\/wp-content\/uploads\/2025\/11\/7b3a3591-1240x800.jpg\" alt=\"\" class=\"single_image ws-image-80720\"><div class=\"credits\"><\/div><\/div><p class=\"caption\"><\/p><\/div><\/div>\n<\/div><\/div>\n<\/div>\n\n<h3 class=\"wp-block-heading is-style-default\">Fondue au fontu: il piatto che mette tutti d&#8217;accordo (anche gli indecisi)<\/h3>\n\n<p>La fonduta \u00e8 un po&#8217; come un fal\u00f2 invernale: le persone si riuniscono, condividono e negoziano l&#8217;ultimo pezzo di pane. Nelle Hautes-Alpes assume spesso un sapore locale, a seconda del formaggio e del vino utilizzati. Basta un morso e tutto diventa migliore: dita intorpidite, giornate sportive, freddo pungente&#8230; tutto scompare in una nuvola di calore al formaggio.  <\/p>\n\n<h3 class=\"wp-block-heading\">Orecchie d&#8217;asino gratinate: un segreto ben custodito<\/h3>\n\n<p>Nonostante il nome, nessuna spiga \u00e8 mai stata maltrattata nella storia: questo gratin \u00e8 in realt\u00e0 <strong>un piatto di pasta fresca<\/strong> (come una grande lasagna), <strong>stratificato con spinaci e un buon strato di panna<\/strong>. Viene servito dorato, fondente e sempre sorprendente per chi lo scopre. \u00c8 il tipico tipo di ricetta casalinga che si prova una volta e si adotta subito.  <\/p>\n\n<div class=\"wp-block-ws-library-ws-columns has-2-columns are-vertically-aligned-center layout-5050 is-style-fixed-col-left\">\n<div class=\"wp-block-ws-library-ws-column\"><div class=\"wrapper\">\n<div class=\"wp-block-ws-library-ws-image\"><div class=\"wrapper\"><div class=\"group-media\"><img decoding=\"async\" src=\"https:\/\/www.hautes-alpes.net\/wp-content\/uploads\/2025\/11\/221-01464-original-1240x800.jpg\" alt=\"\" class=\"single_image ws-image-80721\"><div class=\"credits\"><\/div><\/div><p class=\"caption\"><\/p><\/div><\/div>\n<\/div><\/div>\n\n\n\n<div class=\"wp-block-ws-library-ws-column\"><div class=\"wrapper\">\n<h2 class=\"wp-block-heading\">Tourtons da Champsaur: queste piccole bombe croccanti<\/h2>\n\n\n\n<p><br\/>Queste piccole ciambelle ripiene arrivano direttamente da Champsaur e hanno la rara dote di essere deliziose in qualsiasi momento: come aperitivo, come piatto principale, come dessert&#8230; Le versioni dolci (mela, prugna, lampone o cioccolato) fanno bene al morale, mentre quelle salate (patate, formaggio, spinaci, ecc.) sono altrettanto buone. A tavola o nello zaino per la giornata, sono una delle tradizioni pi\u00f9 gustose del reparto. <\/p>\n<\/div><\/div>\n<\/div>\n\n<div class=\"wp-block-ws-library-ws-share\"><span class=\"share-subtitle\">Ti \u00e8 piaciuta questa pagina?<\/span><span class=\"share-title\">Condividilo!<\/span><button class=\"ws-share-button wp-element-button\">Condividi questa pagina<\/button><\/div>\n","protected":false},"excerpt":{"rendered":"<p>La guida (per niente obiettiva) ai piatti che riscaldano meglio di un piumino Fondue au fontu: il piatto che mette [&hellip;]<\/p>\n","protected":false},"author":6,"featured_media":0,"parent":107984,"menu_order":0,"comment_status":"closed","ping_status":"closed","template":"","meta":{"is_dark_mode":false,"footnotes":""},"page_label":[],"class_list":["post-109029","page","type-page","status-publish","hentry"],"yoast_head":"<!-- This site is optimized with the Yoast SEO plugin v27.2 - https:\/\/yoast.com\/product\/yoast-seo-wordpress\/ -->\n<title>La fame non fa ridere - Hautes-Alpes<\/title>\n<meta name=\"description\" content=\"La fame non fa ridere La guida (per niente obiettiva) ai piatti che riscaldano meglio di un piumino C&#039;\u00e8 una cosa che abbiamo notato nelle Hautes-Alpes: l\" \/>\n<meta name=\"robots\" content=\"index, follow, max-snippet:-1, max-image-preview:large, max-video-preview:-1\" \/>\n<link rel=\"canonical\" href=\"https:\/\/www.hautes-alpes.net\/it\/i-preferiti\/la-fame-non-fa-ridere\/\" \/>\n<meta property=\"og:locale\" content=\"it_IT\" \/>\n<meta property=\"og:type\" content=\"article\" \/>\n<meta property=\"og:title\" content=\"La fame non fa ridere - Hautes-Alpes\" \/>\n<meta property=\"og:description\" content=\"La fame non fa ridere La guida (per niente obiettiva) ai piatti che riscaldano meglio di un piumino C&#039;\u00e8 una cosa che abbiamo notato nelle Hautes-Alpes: l\" \/>\n<meta property=\"og:url\" content=\"https:\/\/www.hautes-alpes.net\/it\/i-preferiti\/la-fame-non-fa-ridere\/\" \/>\n<meta property=\"og:site_name\" content=\"Hautes-Alpes\" \/>\n<meta property=\"article:modified_time\" content=\"2025-12-12T11:20:13+00:00\" \/>\n<meta property=\"og:image\" content=\"https:\/\/www.hautes-alpes.net\/wp-content\/uploads\/2025\/11\/mont-dauphin-fort-rogier-van-rijn-18-2.jpg\" \/>\n\t<meta property=\"og:image:width\" content=\"1600\" \/>\n\t<meta property=\"og:image:height\" content=\"1067\" \/>\n\t<meta property=\"og:image:type\" content=\"image\/jpeg\" \/>\n<meta name=\"twitter:card\" content=\"summary_large_image\" \/>\n<meta name=\"twitter:label1\" content=\"Tempo di lettura stimato\" \/>\n\t<meta name=\"twitter:data1\" content=\"2 minuti\" \/>\n<script type=\"application\/ld+json\" class=\"yoast-schema-graph\">{\"@context\":\"https:\/\/schema.org\",\"@graph\":[{\"@type\":\"WebPage\",\"@id\":\"https:\/\/www.hautes-alpes.net\/it\/i-preferiti\/la-fame-non-fa-ridere\/\",\"url\":\"https:\/\/www.hautes-alpes.net\/it\/i-preferiti\/la-fame-non-fa-ridere\/\",\"name\":\"La fame non fa ridere - Hautes-Alpes\",\"isPartOf\":{\"@id\":\"https:\/\/www.hautes-alpes.net\/it\/#website\"},\"primaryImageOfPage\":{\"@id\":\"https:\/\/www.hautes-alpes.net\/it\/i-preferiti\/la-fame-non-fa-ridere\/#primaryimage\"},\"image\":{\"@id\":\"https:\/\/www.hautes-alpes.net\/it\/i-preferiti\/la-fame-non-fa-ridere\/#primaryimage\"},\"thumbnailUrl\":\"https:\/\/www.hautes-alpes.net\/wp-content\/uploads\/2025\/11\/mont-dauphin-fort-rogier-van-rijn-18-2-1600x480.jpg\",\"datePublished\":\"2025-11-25T16:50:08+00:00\",\"dateModified\":\"2025-12-12T11:20:13+00:00\",\"description\":\"La fame non fa ridere La guida (per niente obiettiva) ai piatti che riscaldano meglio di un piumino C'\u00e8 una cosa che abbiamo notato nelle Hautes-Alpes: l\",\"breadcrumb\":{\"@id\":\"https:\/\/www.hautes-alpes.net\/it\/i-preferiti\/la-fame-non-fa-ridere\/#breadcrumb\"},\"inLanguage\":\"it-IT\",\"potentialAction\":[{\"@type\":\"ReadAction\",\"target\":[\"https:\/\/www.hautes-alpes.net\/it\/i-preferiti\/la-fame-non-fa-ridere\/\"]}]},{\"@type\":\"ImageObject\",\"inLanguage\":\"it-IT\",\"@id\":\"https:\/\/www.hautes-alpes.net\/it\/i-preferiti\/la-fame-non-fa-ridere\/#primaryimage\",\"url\":\"https:\/\/www.hautes-alpes.net\/wp-content\/uploads\/2025\/11\/mont-dauphin-fort-rogier-van-rijn-18-2-1600x480.jpg\",\"contentUrl\":\"https:\/\/www.hautes-alpes.net\/wp-content\/uploads\/2025\/11\/mont-dauphin-fort-rogier-van-rijn-18-2-1600x480.jpg\"},{\"@type\":\"BreadcrumbList\",\"@id\":\"https:\/\/www.hautes-alpes.net\/it\/i-preferiti\/la-fame-non-fa-ridere\/#breadcrumb\",\"itemListElement\":[{\"@type\":\"ListItem\",\"position\":1,\"name\":\"Accueil\",\"item\":\"https:\/\/www.hautes-alpes.net\/it\/hautes-alpes\/\"},{\"@type\":\"ListItem\",\"position\":2,\"name\":\"I preferiti\",\"item\":\"https:\/\/www.hautes-alpes.net\/it\/i-preferiti\/\"},{\"@type\":\"ListItem\",\"position\":3,\"name\":\"I preferiti\",\"item\":\"https:\/\/www.hautes-alpes.net\/it\/i-preferiti\/\"},{\"@type\":\"ListItem\",\"position\":4,\"name\":\"La fame non fa ridere\"}]},{\"@type\":\"WebSite\",\"@id\":\"https:\/\/www.hautes-alpes.net\/it\/#website\",\"url\":\"https:\/\/www.hautes-alpes.net\/it\/\",\"name\":\"ADDET\",\"description\":\"\",\"publisher\":{\"@id\":\"https:\/\/www.hautes-alpes.net\/it\/#organization\"},\"potentialAction\":[{\"@type\":\"SearchAction\",\"target\":{\"@type\":\"EntryPoint\",\"urlTemplate\":\"https:\/\/www.hautes-alpes.net\/it\/?s={search_term_string}\"},\"query-input\":{\"@type\":\"PropertyValueSpecification\",\"valueRequired\":true,\"valueName\":\"search_term_string\"}}],\"inLanguage\":\"it-IT\"},{\"@type\":\"Organization\",\"@id\":\"https:\/\/www.hautes-alpes.net\/it\/#organization\",\"name\":\"Agence D\u00e9partementale de D\u00e9veloppement Economique et Touristique des Hautes-Alpes\",\"url\":\"https:\/\/www.hautes-alpes.net\/it\/\",\"logo\":{\"@type\":\"ImageObject\",\"inLanguage\":\"it-IT\",\"@id\":\"https:\/\/www.hautes-alpes.net\/it\/#\/schema\/logo\/image\/\",\"url\":\"https:\/\/www.hautes-alpes.net\/wp-content\/uploads\/2026\/01\/black-logo-2.svg\",\"contentUrl\":\"https:\/\/www.hautes-alpes.net\/wp-content\/uploads\/2026\/01\/black-logo-2.svg\",\"caption\":\"Agence D\u00e9partementale de D\u00e9veloppement Economique et Touristique des Hautes-Alpes\"},\"image\":{\"@id\":\"https:\/\/www.hautes-alpes.net\/it\/#\/schema\/logo\/image\/\"}}]}<\/script>\n<!-- \/ Yoast SEO plugin. -->","yoast_head_json":{"title":"La fame non fa ridere - Hautes-Alpes","description":"La fame non fa ridere La guida (per niente obiettiva) ai piatti che riscaldano meglio di un piumino C'\u00e8 una cosa che abbiamo notato nelle Hautes-Alpes: l","robots":{"index":"index","follow":"follow","max-snippet":"max-snippet:-1","max-image-preview":"max-image-preview:large","max-video-preview":"max-video-preview:-1"},"canonical":"https:\/\/www.hautes-alpes.net\/it\/i-preferiti\/la-fame-non-fa-ridere\/","og_locale":"it_IT","og_type":"article","og_title":"La fame non fa ridere - Hautes-Alpes","og_description":"La fame non fa ridere La guida (per niente obiettiva) ai piatti che riscaldano meglio di un piumino C'\u00e8 una cosa che abbiamo notato nelle Hautes-Alpes: l","og_url":"https:\/\/www.hautes-alpes.net\/it\/i-preferiti\/la-fame-non-fa-ridere\/","og_site_name":"Hautes-Alpes","article_modified_time":"2025-12-12T11:20:13+00:00","og_image":[{"width":1600,"height":1067,"url":"https:\/\/www.hautes-alpes.net\/wp-content\/uploads\/2025\/11\/mont-dauphin-fort-rogier-van-rijn-18-2.jpg","type":"image\/jpeg"}],"twitter_card":"summary_large_image","twitter_misc":{"Tempo di lettura stimato":"2 minuti"},"schema":{"@context":"https:\/\/schema.org","@graph":[{"@type":"WebPage","@id":"https:\/\/www.hautes-alpes.net\/it\/i-preferiti\/la-fame-non-fa-ridere\/","url":"https:\/\/www.hautes-alpes.net\/it\/i-preferiti\/la-fame-non-fa-ridere\/","name":"La fame non fa ridere - Hautes-Alpes","isPartOf":{"@id":"https:\/\/www.hautes-alpes.net\/it\/#website"},"primaryImageOfPage":{"@id":"https:\/\/www.hautes-alpes.net\/it\/i-preferiti\/la-fame-non-fa-ridere\/#primaryimage"},"image":{"@id":"https:\/\/www.hautes-alpes.net\/it\/i-preferiti\/la-fame-non-fa-ridere\/#primaryimage"},"thumbnailUrl":"https:\/\/www.hautes-alpes.net\/wp-content\/uploads\/2025\/11\/mont-dauphin-fort-rogier-van-rijn-18-2-1600x480.jpg","datePublished":"2025-11-25T16:50:08+00:00","dateModified":"2025-12-12T11:20:13+00:00","description":"La fame non fa ridere La guida (per niente obiettiva) ai piatti che riscaldano meglio di un piumino C'\u00e8 una cosa che abbiamo notato nelle Hautes-Alpes: l","breadcrumb":{"@id":"https:\/\/www.hautes-alpes.net\/it\/i-preferiti\/la-fame-non-fa-ridere\/#breadcrumb"},"inLanguage":"it-IT","potentialAction":[{"@type":"ReadAction","target":["https:\/\/www.hautes-alpes.net\/it\/i-preferiti\/la-fame-non-fa-ridere\/"]}]},{"@type":"ImageObject","inLanguage":"it-IT","@id":"https:\/\/www.hautes-alpes.net\/it\/i-preferiti\/la-fame-non-fa-ridere\/#primaryimage","url":"https:\/\/www.hautes-alpes.net\/wp-content\/uploads\/2025\/11\/mont-dauphin-fort-rogier-van-rijn-18-2-1600x480.jpg","contentUrl":"https:\/\/www.hautes-alpes.net\/wp-content\/uploads\/2025\/11\/mont-dauphin-fort-rogier-van-rijn-18-2-1600x480.jpg"},{"@type":"BreadcrumbList","@id":"https:\/\/www.hautes-alpes.net\/it\/i-preferiti\/la-fame-non-fa-ridere\/#breadcrumb","itemListElement":[{"@type":"ListItem","position":1,"name":"Accueil","item":"https:\/\/www.hautes-alpes.net\/it\/hautes-alpes\/"},{"@type":"ListItem","position":2,"name":"I preferiti","item":"https:\/\/www.hautes-alpes.net\/it\/i-preferiti\/"},{"@type":"ListItem","position":3,"name":"I preferiti","item":"https:\/\/www.hautes-alpes.net\/it\/i-preferiti\/"},{"@type":"ListItem","position":4,"name":"La fame non fa ridere"}]},{"@type":"WebSite","@id":"https:\/\/www.hautes-alpes.net\/it\/#website","url":"https:\/\/www.hautes-alpes.net\/it\/","name":"ADDET","description":"","publisher":{"@id":"https:\/\/www.hautes-alpes.net\/it\/#organization"},"potentialAction":[{"@type":"SearchAction","target":{"@type":"EntryPoint","urlTemplate":"https:\/\/www.hautes-alpes.net\/it\/?s={search_term_string}"},"query-input":{"@type":"PropertyValueSpecification","valueRequired":true,"valueName":"search_term_string"}}],"inLanguage":"it-IT"},{"@type":"Organization","@id":"https:\/\/www.hautes-alpes.net\/it\/#organization","name":"Agence D\u00e9partementale de D\u00e9veloppement Economique et Touristique des Hautes-Alpes","url":"https:\/\/www.hautes-alpes.net\/it\/","logo":{"@type":"ImageObject","inLanguage":"it-IT","@id":"https:\/\/www.hautes-alpes.net\/it\/#\/schema\/logo\/image\/","url":"https:\/\/www.hautes-alpes.net\/wp-content\/uploads\/2026\/01\/black-logo-2.svg","contentUrl":"https:\/\/www.hautes-alpes.net\/wp-content\/uploads\/2026\/01\/black-logo-2.svg","caption":"Agence D\u00e9partementale de D\u00e9veloppement Economique et Touristique des Hautes-Alpes"},"image":{"@id":"https:\/\/www.hautes-alpes.net\/it\/#\/schema\/logo\/image\/"}}]}},"_links":{"self":[{"href":"https:\/\/www.hautes-alpes.net\/it\/wp-json\/wp\/v2\/pages\/109029","targetHints":{"allow":["GET"]}}],"collection":[{"href":"https:\/\/www.hautes-alpes.net\/it\/wp-json\/wp\/v2\/pages"}],"about":[{"href":"https:\/\/www.hautes-alpes.net\/it\/wp-json\/wp\/v2\/types\/page"}],"author":[{"embeddable":true,"href":"https:\/\/www.hautes-alpes.net\/it\/wp-json\/wp\/v2\/users\/6"}],"replies":[{"embeddable":true,"href":"https:\/\/www.hautes-alpes.net\/it\/wp-json\/wp\/v2\/comments?post=109029"}],"version-history":[{"count":1,"href":"https:\/\/www.hautes-alpes.net\/it\/wp-json\/wp\/v2\/pages\/109029\/revisions"}],"predecessor-version":[{"id":109031,"href":"https:\/\/www.hautes-alpes.net\/it\/wp-json\/wp\/v2\/pages\/109029\/revisions\/109031"}],"up":[{"embeddable":true,"href":"https:\/\/www.hautes-alpes.net\/it\/wp-json\/wp\/v2\/pages\/107984"}],"wp:attachment":[{"href":"https:\/\/www.hautes-alpes.net\/it\/wp-json\/wp\/v2\/media?parent=109029"}],"wp:term":[{"taxonomy":"page_label","embeddable":true,"href":"https:\/\/www.hautes-alpes.net\/it\/wp-json\/wp\/v2\/page_label?post=109029"}],"curies":[{"name":"wp","href":"https:\/\/api.w.org\/{rel}","templated":true}]}}