{"id":108888,"date":"2025-12-02T11:42:28","date_gmt":"2025-12-02T10:42:28","guid":{"rendered":"https:\/\/www.hautes-alpes.net\/come-organizzarsi\/hotel\/"},"modified":"2025-12-17T15:19:11","modified_gmt":"2025-12-17T14:19:11","slug":"hotel","status":"publish","type":"page","link":"https:\/\/www.hautes-alpes.net\/it\/come-organizzarsi\/hotel\/","title":{"rendered":"Hotel"},"content":{"rendered":"\n<div class=\"wp-block-group alignfull hero-banner-simple has-global-padding is-layout-constrained wp-block-group-is-layout-constrained\"><div class=\"yoast-breadcrumbs\"><span><span><a href=\"https:\/\/www.hautes-alpes.net\/it\/hautes-alpes\/\">Accueil<\/a><\/span>  <span><a href=\"https:\/\/www.hautes-alpes.net\/it\/come-organizzarsi\/\">Come organizzarsi<\/a><\/span>  <span><a href=\"https:\/\/www.hautes-alpes.net\/it\/come-organizzarsi\/\">Come organizzarsi<\/a><\/span>  <span class=\"breadcrumb_last\" aria-current=\"page\">Hotel<\/span><\/span><\/div>\n\n\n<h1 class=\"wp-block-ws-library-post-title\">Hotel<\/h1>\n\n\n\n<p class=\"subtitle wp-block-paragraph\">Fascino e comfort in vetta<\/p>\n\n\n\n<p class=\"wp-block-paragraph\"><\/p>\n<\/div>\n\n<div class=\"wp-block-ws-library-ws-banner alignfull\"><div class=\"wrapper\"><div class=\"group-media\"><img decoding=\"async\" width=\"1600\" height=\"480\" src=\"https:\/\/www.hautes-alpes.net\/wp-content\/uploads\/2025\/12\/serge-ramelli-le-grand-aigle-serre-chevalier-6-1600x480.jpg\" alt=\"\" class=\"single_image wp-image-103145\"><\/div>\n<div class=\"group-content\"><p class=\"wp-block-paragraph\">Scopri gli hotel delle Hautes-Alpes che combinano <strong>il fascino della montagna<\/strong> con il <strong>comfort moderno<\/strong>. Che tu preferisca un hotel per famiglie nella valle, uno chalet con vista sugli \u00c9crins o un residence in citt\u00e0, la sistemazione perfetta ti aspetta per rendere il tuo soggiorno indimenticabile. <\/p><\/div>\n<\/div><\/div>\n<div id=\"listing_44b1b\" data-observer-wishlist class=\"ws-listing wp-block-ws-apidae-library-listing-avance alignwide\" data-map-id=\"map_44b1b\" data-locations-id=\"locations-data_44b1b\"><div class=\"panel-fixe panel-facets\"><div class=\"panel-overlay toggle-facets\"><\/div><div class=\"panel-inner\"><div class=\"panel-header\"><div class=\"panel-title\">Filtri<\/div><a href=\"#\" class=\"panel-close toggle-facets\">Chiudi<\/a><\/div><div class=\"panel-content\"><div class=\"group-summary\"><div class=\"facetwp-selections\"><\/div><a href=\"#\" class=\"link-reset\">Elimina<\/a><\/div><div class=\"facetwp-facet facetwp-facet-territoires facetwp-type-fselect\" data-name=\"territoires\" data-type=\"fselect\"><\/div><div class=\"facetwp-facet facetwp-facet-station facetwp-type-fselect\" data-name=\"station\" data-type=\"fselect\"><\/div><div class=\"facetwp-facet facetwp-facet-commune facetwp-type-fselect\" data-name=\"commune\" data-type=\"fselect\"><\/div><div class=\"facetwp-facet facetwp-facet-capacit facetwp-type-slider\" data-name=\"capacit\" data-type=\"slider\"><\/div><div class=\"facetwp-facet facetwp-facet-classement facetwp-type-rating\" data-name=\"classement\" data-type=\"rating\"><\/div><\/div><div class=\"panel-footer\"><div class=\"facet-buttons\"><button type=\"submit\" class=\"btn btn-1 toggle-facets facetwp-count-btn\">Vedi tutto <span class=\"results-count\"><\/span> risultati<\/button><\/div><\/div><\/div><\/div><div class=\"listing-header\"><div class=\"toggle-container\"><button class=\"btn toggle-btn toggle-facets\" data-target=\"facets\">Filtri<\/button><\/div><\/div><div class=\"facetwp-template\"><div class=\"list-container active\"><div class=\"list-items\"><div class=\"item\" ><div class=\"card card-apidae card-avance post-type-apidae\"><div class=\"group-top\"><\/div><div class=\"group-media\"><div class=\"field-image\"><img decoding=\"async\" src=\"https:\/\/images.weserv.nl\/?url=https:\/\/static.apidae-tourisme.com\/filestore\/objets-touristiques\/images\/14\/118\/39220750-diaporama.jpg&#038;w=550&#038;h=350&#038;fit=cover&#038;output=webp&#038;q=45\" alt=\"L&#8217;\u00c9chaillon Hotel Spa e attivit\u00e0\"\/><\/div><\/div><div class=\"group-content\"><div class=\"field-commune\">N\u00e9vache<\/div><div class=\"field-title\">L&#8217;\u00c9chaillon Hotel Spa e attivit\u00e0<\/div><div class=\"field-description\">L&#8217;H\u00f4tel \u00c9chaillon 2** Spa et Activit\u00e9s vi accoglie in un ambiente caldo e familiare, una cucina conviviale e tradizionale nel cuore di una valle&#8230;<\/div><\/div><div class=\"field-link\"><a href=\"https:\/\/www.hautes-alpes.net\/it\/fiche\/lechaillon-hotel-spa-e-attivita\/\" class=\"cardlink\">L&#8217;\u00c9chaillon Hotel Spa e attivit\u00e0<\/a><\/div><\/div><\/div><div class=\"item\" ><div class=\"card card-apidae card-avance post-type-apidae\"><div class=\"group-top\"><\/div><div class=\"group-media\"><div class=\"field-image\"><img decoding=\"async\" src=\"https:\/\/images.weserv.nl\/?url=https:\/\/static.apidae-tourisme.com\/filestore\/objets-touristiques\/images-principales\/191\/34\/402111-diaporama.jpg&#038;w=550&#038;h=350&#038;fit=cover&#038;output=webp&#038;q=45\" alt=\"H\u00f4tel Le Carina\"\/><\/div><\/div><div class=\"group-content\"><div class=\"field-commune\">Gap<\/div><div class=\"field-title\">H\u00f4tel Le Carina<\/div><div class=\"field-description\">L&#8217;hotel CARINA, immerso in una vegetazione lussureggiante a 800 m di altitudine e a 2 km dal centro di Gap, dispone di 50 camere&#8230;<\/div><\/div><div class=\"field-link\"><a href=\"https:\/\/www.hautes-alpes.net\/it\/fiche\/hotel-le-carina-5\/\" class=\"cardlink\">H\u00f4tel Le Carina<\/a><\/div><\/div><\/div><div class=\"item\" ><div class=\"card card-apidae card-avance post-type-apidae\"><div class=\"group-top\"><\/div><div class=\"group-media\"><div class=\"field-image\"><img decoding=\"async\" src=\"https:\/\/images.weserv.nl\/?url=https:\/\/static.apidae-tourisme.com\/filestore\/objets-touristiques\/images\/16\/195\/37405456-diaporama.jpg&#038;w=550&#038;h=350&#038;fit=cover&#038;output=webp&#038;q=45\" alt=\"Le Christiania H\u00f4tel &amp; Spa ***\"\/><\/div><\/div><div class=\"group-content\"><div class=\"field-commune\">La Salle-les-Alpes<\/div><div class=\"field-title\">Le Christiania H\u00f4tel &amp; Spa ***<\/div><div class=\"field-description\">Il Christiania H\u00f4tel &amp; Spa*** di 3 generazioni, situato nel cuore della localit\u00e0 di Serre Chevalier, vi accoglie nelle sue 25 camere confortevoli in&#8230;<\/div><\/div><div class=\"field-link\"><a href=\"https:\/\/www.hautes-alpes.net\/it\/fiche\/le-christiania-hotel-spa-4\/\" class=\"cardlink\">Le Christiania H\u00f4tel &amp; Spa ***<\/a><\/div><\/div><\/div><div class=\"item\" ><div class=\"card card-apidae card-avance post-type-apidae\"><div class=\"group-top\"><\/div><div class=\"group-media\"><div class=\"field-image\"><img decoding=\"async\" src=\"https:\/\/images.weserv.nl\/?url=https:\/\/static.apidae-tourisme.com\/filestore\/objets-touristiques\/images\/55\/210\/23319095-diaporama.jpg&#038;w=550&#038;h=350&#038;fit=cover&#038;output=webp&#038;q=45\" alt=\"H\u00f4tel de la Gare\"\/><\/div><\/div><div class=\"group-content\"><div class=\"field-commune\">Garde-Colombe<\/div><div class=\"field-title\">H\u00f4tel de la Gare<\/div><div class=\"field-description\">Situato nel parco naturale regionale delle Baronnies proven\u00e7ales, questo hotel tradizionale offre un&#8217;accoglienza calorosa. \u00c8 vicino ai negozi e al lago Riou per una&#8230;<\/div><\/div><div class=\"field-link\"><a href=\"https:\/\/www.hautes-alpes.net\/it\/fiche\/hotel-de-la-gare-8\/\" class=\"cardlink\">H\u00f4tel de la Gare<\/a><\/div><\/div><\/div><div class=\"item\" ><div class=\"card card-apidae card-avance post-type-apidae\"><div class=\"group-top\"><\/div><div class=\"group-media\"><div class=\"field-image\"><img decoding=\"async\" src=\"https:\/\/images.weserv.nl\/?url=https:\/\/static.apidae-tourisme.com\/filestore\/objets-touristiques\/images\/137\/181\/38450569-diaporama.jpg&#038;w=550&#038;h=350&#038;fit=cover&#038;output=webp&#038;q=45\" alt=\"La Cr\u00e9maill\u00e8re\"\/><\/div><\/div><div class=\"group-content\"><div class=\"field-commune\">Saint-Bonnet-en-Champsaur<\/div><div class=\"field-title\">La Cr\u00e9maill\u00e8re<\/div><\/div><div class=\"field-link\"><a href=\"https:\/\/www.hautes-alpes.net\/it\/fiche\/la-cremaillere-6\/\" class=\"cardlink\">La Cr\u00e9maill\u00e8re<\/a><\/div><\/div><\/div><div class=\"item\" ><div class=\"card card-apidae card-avance post-type-apidae\"><div class=\"group-top\"><\/div><div class=\"group-media\"><div class=\"field-image\"><img decoding=\"async\" src=\"https:\/\/images.weserv.nl\/?url=https:\/\/static.apidae-tourisme.com\/filestore\/objets-touristiques\/images\/41\/115\/21656361-diaporama.jpg&#038;w=550&#038;h=350&#038;fit=cover&#038;output=webp&#038;q=45\" alt=\"H\u00f4tel Mon H\u00f4tel \u00e0 Gap\"\/><\/div><\/div><div class=\"group-content\"><div class=\"field-commune\">Gap<\/div><div class=\"field-title\">H\u00f4tel Mon H\u00f4tel \u00e0 Gap<\/div><div class=\"field-description\">Situato nel centro citt\u00e0, a solo una breve passeggiata dalla zona pedonale. Camere spaziose e confortevoli, suite. Posteggio gratuito per le moto.<\/div><\/div><div class=\"field-link\"><a href=\"https:\/\/www.hautes-alpes.net\/it\/fiche\/hotel-mon-hotel-a-gap-5\/\" class=\"cardlink\">H\u00f4tel Mon H\u00f4tel \u00e0 Gap<\/a><\/div><\/div><\/div><div class=\"item\" ><div class=\"card card-apidae card-avance post-type-apidae\"><div class=\"group-top\"><\/div><div class=\"group-media\"><div class=\"field-image\"><img decoding=\"async\" src=\"https:\/\/images.weserv.nl\/?url=https:\/\/static.apidae-tourisme.com\/filestore\/objets-touristiques\/images\/165\/10\/18221733-diaporama.jpg&#038;w=550&#038;h=350&#038;fit=cover&#038;output=webp&#038;q=45\" alt=\"Chalet-h\u00f4tel du Gioberney\"\/><\/div><\/div><div class=\"group-content\"><div class=\"field-commune\">La Chapelle-en-Valgaud\u00e9mar<\/div><div class=\"field-title\">Chalet-h\u00f4tel du Gioberney<\/div><\/div><div class=\"field-link\"><a href=\"https:\/\/www.hautes-alpes.net\/it\/fiche\/chalet-hotel-du-gioberney-6\/\" class=\"cardlink\">Chalet-h\u00f4tel du Gioberney<\/a><\/div><\/div><\/div><div class=\"item\" ><div class=\"card card-apidae card-avance post-type-apidae\"><div class=\"group-top\"><\/div><div class=\"group-media\"><div class=\"field-image\"><img decoding=\"async\" src=\"https:\/\/images.weserv.nl\/?url=https:\/\/static.apidae-tourisme.com\/filestore\/objets-touristiques\/images\/158\/44\/4861086-diaporama.jpg&#038;w=550&#038;h=350&#038;fit=cover&#038;output=webp&#038;q=45\" alt=\"H\u00f4tel Les Sources\"\/><\/div><\/div><div class=\"group-content\"><div class=\"field-commune\">Savines-le-Lac<\/div><div class=\"field-title\">H\u00f4tel Les Sources<\/div><div class=\"field-description\">L&#8217;hotel \u00e8 immerso in un ambiente verde, tranquillo e rilassante. Alcune camere sono dotate di angolo cottura. Offriamo inoltre un garage per moto e&#8230;<\/div><\/div><div class=\"field-link\"><a href=\"https:\/\/www.hautes-alpes.net\/it\/fiche\/hotel-les-sources-5\/\" class=\"cardlink\">H\u00f4tel Les Sources<\/a><\/div><\/div><\/div><div class=\"item\" ><div class=\"card card-apidae card-avance post-type-apidae\"><div class=\"group-top\"><\/div><div class=\"group-media\"><div class=\"field-image\"><img decoding=\"async\" src=\"https:\/\/images.weserv.nl\/?url=https:\/\/static.apidae-tourisme.com\/filestore\/objets-touristiques\/images\/125\/226\/12903037-diaporama.jpg&#038;w=550&#038;h=350&#038;fit=cover&#038;output=webp&#038;q=45\" alt=\"H\u00f4tel de la gare\"\/><\/div><\/div><div class=\"group-content\"><div class=\"field-commune\">Eygliers<\/div><div class=\"field-title\">H\u00f4tel de la gare<\/div><\/div><div class=\"field-link\"><a href=\"https:\/\/www.hautes-alpes.net\/it\/fiche\/hotel-de-la-gare-8\/\" class=\"cardlink\">H\u00f4tel de la gare<\/a><\/div><\/div><\/div><div class=\"item\" ><div class=\"card card-apidae card-avance post-type-apidae\"><div class=\"group-top\"><\/div><div class=\"group-media\"><div class=\"field-image\"><img decoding=\"async\" src=\"https:\/\/images.weserv.nl\/?url=https:\/\/static.apidae-tourisme.com\/filestore\/objets-touristiques\/images\/177\/31\/9183153-diaporama.jpg&#038;w=550&#038;h=350&#038;fit=cover&#038;output=webp&#038;q=45\" alt=\"H\u00f4tel &amp; Spa La Ferme de l&#8217;Izoard\"\/><\/div><\/div><div class=\"group-content\"><div class=\"field-commune\">Arvieux<\/div><div class=\"field-title\">H\u00f4tel &amp; Spa La Ferme de l&#8217;Izoard<\/div><\/div><div class=\"field-link\"><a href=\"https:\/\/www.hautes-alpes.net\/it\/fiche\/hotel-spa-la-ferme-de-lizoard-5\/\" class=\"cardlink\">H\u00f4tel &amp; Spa La Ferme de l&#8217;Izoard<\/a><\/div><\/div><\/div><div class=\"item\" ><div class=\"card card-apidae card-avance post-type-apidae\"><div class=\"group-top\"><\/div><div class=\"group-media\"><div class=\"field-image\"><img decoding=\"async\" src=\"https:\/\/images.weserv.nl\/?url=https:\/\/static.apidae-tourisme.com\/filestore\/objets-touristiques\/images\/85\/175\/20754261-diaporama.jpg&#038;w=550&#038;h=350&#038;fit=cover&#038;output=webp&#038;q=45\" alt=\"H\u00f4tel Le Castillan\"\/><\/div><\/div><div class=\"group-content\"><div class=\"field-commune\">La Grave<\/div><div class=\"field-title\">H\u00f4tel Le Castillan<\/div><div class=\"field-description\">Nel centro del villaggio di La Grave, alle porte del Parco Nazionale degli Ecrins, Le Castillan \u00e8 il luogo ideale per soggiorni di piacere&#8230;<\/div><\/div><div class=\"field-link\"><a href=\"https:\/\/www.hautes-alpes.net\/it\/fiche\/hotel-le-castillan-5\/\" class=\"cardlink\">H\u00f4tel Le Castillan<\/a><\/div><\/div><\/div><div class=\"item\" ><div class=\"card card-apidae card-avance post-type-apidae\"><div class=\"group-top\"><\/div><div class=\"group-media\"><div class=\"field-image\"><img decoding=\"async\" src=\"https:\/\/images.weserv.nl\/?url=https:\/\/static.apidae-tourisme.com\/filestore\/objets-touristiques\/images\/6\/247\/10680070-diaporama.jpg&#038;w=550&#038;h=350&#038;fit=cover&#038;output=webp&#038;q=45\" alt=\"L&#8217;\u00c9crin des neiges\"\/><\/div><\/div><div class=\"group-content\"><div class=\"field-commune\">La Joue du Loup<\/div><div class=\"field-title\">L&#8217;\u00c9crin des neiges<\/div><\/div><div class=\"field-link\"><a href=\"https:\/\/www.hautes-alpes.net\/it\/fiche\/lecrin-des-neiges-5\/\" class=\"cardlink\">L&#8217;\u00c9crin des neiges<\/a><\/div><\/div><\/div><div class=\"item\" ><div class=\"card card-apidae card-avance post-type-apidae\"><div class=\"group-top\"><\/div><div class=\"group-media\"><div class=\"field-image\"><img decoding=\"async\" src=\"https:\/\/images.weserv.nl\/?url=https:\/\/static.apidae-tourisme.com\/filestore\/objets-touristiques\/images-principales\/35\/243\/193315-diaporama.png&#038;w=550&#038;h=350&#038;fit=cover&#038;output=webp&#038;q=45\" alt=\"La Maison du Bez\"\/><\/div><\/div><div class=\"group-content\"><div class=\"field-commune\">La Salle-les-Alpes<\/div><div class=\"field-title\">La Maison du Bez<\/div><div class=\"field-description\">Il ristorante dell&#8217;hotel \u00e8 ai piedi delle piste e dei sentieri di Serre Chevalier, situato nell&#8217;antico villaggio di Le Bez, nel cuore della localit\u00e0&#8230;<\/div><\/div><div class=\"field-link\"><a href=\"https:\/\/www.hautes-alpes.net\/it\/fiche\/la-maison-du-bez-5\/\" class=\"cardlink\">La Maison du Bez<\/a><\/div><\/div><\/div><div class=\"item\" ><div class=\"card card-apidae card-avance post-type-apidae\"><div class=\"group-top\"><\/div><div class=\"group-media\"><div class=\"field-image\"><img decoding=\"async\" src=\"https:\/\/images.weserv.nl\/?url=https:\/\/static.apidae-tourisme.com\/filestore\/objets-touristiques\/images\/121\/238\/8515193-diaporama.jpg&#038;w=550&#038;h=350&#038;fit=cover&#038;output=webp&#038;q=45\" alt=\"Auberge des Ecrins\"\/><\/div><\/div><div class=\"group-content\"><div class=\"field-commune\">Champol\u00e9on<\/div><div class=\"field-title\">Auberge des Ecrins<\/div><\/div><div class=\"field-link\"><a href=\"https:\/\/www.hautes-alpes.net\/it\/fiche\/auberge-des-ecrins-5\/\" class=\"cardlink\">Auberge des Ecrins<\/a><\/div><\/div><\/div><div class=\"item\" ><div class=\"card card-apidae card-avance post-type-apidae\"><div class=\"group-top\"><\/div><div class=\"group-media\"><div class=\"field-image\"><img decoding=\"async\" src=\"https:\/\/images.weserv.nl\/?url=https:\/\/static.apidae-tourisme.com\/filestore\/objets-touristiques\/images\/4\/33\/9183492-diaporama.jpg&#038;w=550&#038;h=350&#038;fit=cover&#038;output=webp&#038;q=45\" alt=\"L&#8217;Alta Peyra - H\u00f4tel et SPA\"\/><\/div><\/div><div class=\"group-content\"><div class=\"field-commune\">Saint-V\u00e9ran<\/div><div class=\"field-title\">L&#8217;Alta Peyra - H\u00f4tel et SPA<\/div><div class=\"field-description\">Apertura a breve<\/div><\/div><div class=\"field-link\"><a href=\"https:\/\/www.hautes-alpes.net\/it\/fiche\/lalta-peyra-hotel-et-spa-5\/\" class=\"cardlink\">L&#8217;Alta Peyra - H\u00f4tel et SPA<\/a><\/div><\/div><\/div><div id=\"locations-data_44b1b\" style=\"display: none;\">{&quot;locations&quot;:[{&quot;lat&quot;:&quot;45.018468&quot;,&quot;lng&quot;:&quot;6.634755&quot;,&quot;title&quot;:&quot;L&#8217;\\u00c9chaillon Hotel Spa e attivit\\u00e0&quot;,&quot;permalink&quot;:&quot;https:\\\/\\\/www.hautes-alpes.net\\\/it\\\/fiche\\\/lechaillon-hotel-spa-e-attivita\\\/&quot;,&quot;type&quot;:&quot;hotellerie&quot;,&quot;commune&quot;:&quot;N\\u00e9vache&quot;,&quot;type_commerce&quot;:&quot;&quot;,&quot;image&quot;:&quot;https:\\\/\\\/static.apidae-tourisme.com\\\/filestore\\\/objets-touristiques\\\/images\\\/14\\\/118\\\/39220750-diaporama.jpg&quot;,&quot;image_width&quot;:&quot;550&quot;,&quot;image_height&quot;:&quot;350&quot;,&quot;image_fit&quot;:&quot;cover&quot;},{&quot;lat&quot;:&quot;44.561338&quot;,&quot;lng&quot;:&quot;6.065643&quot;,&quot;title&quot;:&quot;H\\u00f4tel Le Carina&quot;,&quot;permalink&quot;:&quot;https:\\\/\\\/www.hautes-alpes.net\\\/it\\\/fiche\\\/hotel-le-carina-5\\\/&quot;,&quot;type&quot;:&quot;hotellerie&quot;,&quot;commune&quot;:&quot;Gap&quot;,&quot;type_commerce&quot;:&quot;&quot;,&quot;image&quot;:&quot;https:\\\/\\\/static.apidae-tourisme.com\\\/filestore\\\/objets-touristiques\\\/images-principales\\\/191\\\/34\\\/402111-diaporama.jpg&quot;,&quot;image_width&quot;:&quot;550&quot;,&quot;image_height&quot;:&quot;350&quot;,&quot;image_fit&quot;:&quot;cover&quot;},{&quot;lat&quot;:&quot;44.945088&quot;,&quot;lng&quot;:&quot;6.5627&quot;,&quot;title&quot;:&quot;Le Christiania H\\u00f4tel &amp; Spa ***&quot;,&quot;permalink&quot;:&quot;https:\\\/\\\/www.hautes-alpes.net\\\/it\\\/fiche\\\/le-christiania-hotel-spa-4\\\/&quot;,&quot;type&quot;:&quot;hotellerie&quot;,&quot;commune&quot;:&quot;La Salle-les-Alpes&quot;,&quot;type_commerce&quot;:&quot;&quot;,&quot;image&quot;:&quot;https:\\\/\\\/static.apidae-tourisme.com\\\/filestore\\\/objets-touristiques\\\/images\\\/16\\\/195\\\/37405456-diaporama.jpg&quot;,&quot;image_width&quot;:&quot;550&quot;,&quot;image_height&quot;:&quot;350&quot;,&quot;image_fit&quot;:&quot;cover&quot;},{&quot;lat&quot;:&quot;44.34644&quot;,&quot;lng&quot;:&quot;5.770762&quot;,&quot;title&quot;:&quot;H\\u00f4tel de la Gare&quot;,&quot;permalink&quot;:&quot;https:\\\/\\\/www.hautes-alpes.net\\\/it\\\/fiche\\\/hotel-de-la-gare-8\\\/&quot;,&quot;type&quot;:&quot;hotellerie&quot;,&quot;commune&quot;:&quot;Garde-Colombe&quot;,&quot;type_commerce&quot;:&quot;&quot;,&quot;image&quot;:&quot;https:\\\/\\\/static.apidae-tourisme.com\\\/filestore\\\/objets-touristiques\\\/images\\\/55\\\/210\\\/23319095-diaporama.jpg&quot;,&quot;image_width&quot;:&quot;550&quot;,&quot;image_height&quot;:&quot;350&quot;,&quot;image_fit&quot;:&quot;cover&quot;},{&quot;lat&quot;:&quot;44.684975&quot;,&quot;lng&quot;:&quot;6.076117&quot;,&quot;title&quot;:&quot;La Cr\\u00e9maill\\u00e8re&quot;,&quot;permalink&quot;:&quot;https:\\\/\\\/www.hautes-alpes.net\\\/it\\\/fiche\\\/la-cremaillere-6\\\/&quot;,&quot;type&quot;:&quot;hotellerie&quot;,&quot;commune&quot;:&quot;Saint-Bonnet-en-Champsaur&quot;,&quot;type_commerce&quot;:&quot;&quot;,&quot;image&quot;:&quot;https:\\\/\\\/static.apidae-tourisme.com\\\/filestore\\\/objets-touristiques\\\/images\\\/137\\\/181\\\/38450569-diaporama.jpg&quot;,&quot;image_width&quot;:&quot;550&quot;,&quot;image_height&quot;:&quot;350&quot;,&quot;image_fit&quot;:&quot;cover&quot;},{&quot;lat&quot;:&quot;44.5564&quot;,&quot;lng&quot;:&quot;6.076959&quot;,&quot;title&quot;:&quot;H\\u00f4tel Mon H\\u00f4tel \\u00e0 Gap&quot;,&quot;permalink&quot;:&quot;https:\\\/\\\/www.hautes-alpes.net\\\/it\\\/fiche\\\/hotel-mon-hotel-a-gap-5\\\/&quot;,&quot;type&quot;:&quot;hotellerie&quot;,&quot;commune&quot;:&quot;Gap&quot;,&quot;type_commerce&quot;:&quot;&quot;,&quot;image&quot;:&quot;https:\\\/\\\/static.apidae-tourisme.com\\\/filestore\\\/objets-touristiques\\\/images\\\/41\\\/115\\\/21656361-diaporama.jpg&quot;,&quot;image_width&quot;:&quot;550&quot;,&quot;image_height&quot;:&quot;350&quot;,&quot;image_fit&quot;:&quot;cover&quot;},{&quot;lat&quot;:&quot;44.841196&quot;,&quot;lng&quot;:&quot;6.281015&quot;,&quot;title&quot;:&quot;Chalet-h\\u00f4tel du Gioberney&quot;,&quot;permalink&quot;:&quot;https:\\\/\\\/www.hautes-alpes.net\\\/it\\\/fiche\\\/chalet-hotel-du-gioberney-6\\\/&quot;,&quot;type&quot;:&quot;hotellerie&quot;,&quot;commune&quot;:&quot;La Chapelle-en-Valgaud\\u00e9mar&quot;,&quot;type_commerce&quot;:&quot;&quot;,&quot;image&quot;:&quot;https:\\\/\\\/static.apidae-tourisme.com\\\/filestore\\\/objets-touristiques\\\/images\\\/165\\\/10\\\/18221733-diaporama.jpg&quot;,&quot;image_width&quot;:&quot;550&quot;,&quot;image_height&quot;:&quot;350&quot;,&quot;image_fit&quot;:&quot;cover&quot;},{&quot;lat&quot;:&quot;44.523981&quot;,&quot;lng&quot;:&quot;6.401039&quot;,&quot;title&quot;:&quot;H\\u00f4tel Les Sources&quot;,&quot;permalink&quot;:&quot;https:\\\/\\\/www.hautes-alpes.net\\\/it\\\/fiche\\\/hotel-les-sources-5\\\/&quot;,&quot;type&quot;:&quot;hotellerie&quot;,&quot;commune&quot;:&quot;Savines-le-Lac&quot;,&quot;type_commerce&quot;:&quot;&quot;,&quot;image&quot;:&quot;https:\\\/\\\/static.apidae-tourisme.com\\\/filestore\\\/objets-touristiques\\\/images\\\/158\\\/44\\\/4861086-diaporama.jpg&quot;,&quot;image_width&quot;:&quot;550&quot;,&quot;image_height&quot;:&quot;350&quot;,&quot;image_fit&quot;:&quot;cover&quot;},{&quot;lat&quot;:&quot;44.674696&quot;,&quot;lng&quot;:&quot;6.616945&quot;,&quot;title&quot;:&quot;H\\u00f4tel de la gare&quot;,&quot;permalink&quot;:&quot;https:\\\/\\\/www.hautes-alpes.net\\\/it\\\/fiche\\\/hotel-de-la-gare-8\\\/&quot;,&quot;type&quot;:&quot;hotellerie&quot;,&quot;commune&quot;:&quot;Eygliers&quot;,&quot;type_commerce&quot;:&quot;&quot;,&quot;image&quot;:&quot;https:\\\/\\\/static.apidae-tourisme.com\\\/filestore\\\/objets-touristiques\\\/images\\\/125\\\/226\\\/12903037-diaporama.jpg&quot;,&quot;image_width&quot;:&quot;550&quot;,&quot;image_height&quot;:&quot;350&quot;,&quot;image_fit&quot;:&quot;cover&quot;},{&quot;lat&quot;:&quot;44.78134&quot;,&quot;lng&quot;:&quot;6.73531&quot;,&quot;title&quot;:&quot;H\\u00f4tel &amp; Spa La Ferme de l&#8217;Izoard&quot;,&quot;permalink&quot;:&quot;https:\\\/\\\/www.hautes-alpes.net\\\/it\\\/fiche\\\/hotel-spa-la-ferme-de-lizoard-5\\\/&quot;,&quot;type&quot;:&quot;hotellerie&quot;,&quot;commune&quot;:&quot;Arvieux&quot;,&quot;type_commerce&quot;:&quot;&quot;,&quot;image&quot;:&quot;https:\\\/\\\/static.apidae-tourisme.com\\\/filestore\\\/objets-touristiques\\\/images\\\/177\\\/31\\\/9183153-diaporama.jpg&quot;,&quot;image_width&quot;:&quot;550&quot;,&quot;image_height&quot;:&quot;350&quot;,&quot;image_fit&quot;:&quot;cover&quot;},{&quot;lat&quot;:&quot;45.045412&quot;,&quot;lng&quot;:&quot;6.303878&quot;,&quot;title&quot;:&quot;H\\u00f4tel Le Castillan&quot;,&quot;permalink&quot;:&quot;https:\\\/\\\/www.hautes-alpes.net\\\/it\\\/fiche\\\/hotel-le-castillan-5\\\/&quot;,&quot;type&quot;:&quot;hotellerie&quot;,&quot;commune&quot;:&quot;La Grave&quot;,&quot;type_commerce&quot;:&quot;&quot;,&quot;image&quot;:&quot;https:\\\/\\\/static.apidae-tourisme.com\\\/filestore\\\/objets-touristiques\\\/images\\\/85\\\/175\\\/20754261-diaporama.jpg&quot;,&quot;image_width&quot;:&quot;550&quot;,&quot;image_height&quot;:&quot;350&quot;,&quot;image_fit&quot;:&quot;cover&quot;},{&quot;lat&quot;:&quot;44.688132&quot;,&quot;lng&quot;:&quot;5.89561&quot;,&quot;title&quot;:&quot;L&#8217;\\u00c9crin des neiges&quot;,&quot;permalink&quot;:&quot;https:\\\/\\\/www.hautes-alpes.net\\\/it\\\/fiche\\\/lecrin-des-neiges-5\\\/&quot;,&quot;type&quot;:&quot;hotellerie&quot;,&quot;commune&quot;:&quot;La Joue du Loup&quot;,&quot;type_commerce&quot;:&quot;&quot;,&quot;image&quot;:&quot;https:\\\/\\\/static.apidae-tourisme.com\\\/filestore\\\/objets-touristiques\\\/images\\\/6\\\/247\\\/10680070-diaporama.jpg&quot;,&quot;image_width&quot;:&quot;550&quot;,&quot;image_height&quot;:&quot;350&quot;,&quot;image_fit&quot;:&quot;cover&quot;},{&quot;lat&quot;:&quot;44.944268&quot;,&quot;lng&quot;:&quot;6.552744&quot;,&quot;title&quot;:&quot;La Maison du Bez&quot;,&quot;permalink&quot;:&quot;https:\\\/\\\/www.hautes-alpes.net\\\/it\\\/fiche\\\/la-maison-du-bez-5\\\/&quot;,&quot;type&quot;:&quot;hotellerie&quot;,&quot;commune&quot;:&quot;La Salle-les-Alpes&quot;,&quot;type_commerce&quot;:&quot;&quot;,&quot;image&quot;:&quot;https:\\\/\\\/static.apidae-tourisme.com\\\/filestore\\\/objets-touristiques\\\/images-principales\\\/35\\\/243\\\/193315-diaporama.png&quot;,&quot;image_width&quot;:&quot;550&quot;,&quot;image_height&quot;:&quot;350&quot;,&quot;image_fit&quot;:&quot;cover&quot;},{&quot;lat&quot;:&quot;44.720107&quot;,&quot;lng&quot;:&quot;6.260008&quot;,&quot;title&quot;:&quot;Auberge des Ecrins&quot;,&quot;permalink&quot;:&quot;https:\\\/\\\/www.hautes-alpes.net\\\/it\\\/fiche\\\/auberge-des-ecrins-5\\\/&quot;,&quot;type&quot;:&quot;hotellerie&quot;,&quot;commune&quot;:&quot;Champol\\u00e9on&quot;,&quot;type_commerce&quot;:&quot;&quot;,&quot;image&quot;:&quot;https:\\\/\\\/static.apidae-tourisme.com\\\/filestore\\\/objets-touristiques\\\/images\\\/121\\\/238\\\/8515193-diaporama.jpg&quot;,&quot;image_width&quot;:&quot;550&quot;,&quot;image_height&quot;:&quot;350&quot;,&quot;image_fit&quot;:&quot;cover&quot;},{&quot;lat&quot;:&quot;44.700668&quot;,&quot;lng&quot;:&quot;6.868319&quot;,&quot;title&quot;:&quot;L&#8217;Alta Peyra - H\\u00f4tel et SPA&quot;,&quot;permalink&quot;:&quot;https:\\\/\\\/www.hautes-alpes.net\\\/it\\\/fiche\\\/lalta-peyra-hotel-et-spa-5\\\/&quot;,&quot;type&quot;:&quot;hotellerie&quot;,&quot;commune&quot;:&quot;Saint-V\\u00e9ran&quot;,&quot;type_commerce&quot;:&quot;&quot;,&quot;image&quot;:&quot;https:\\\/\\\/static.apidae-tourisme.com\\\/filestore\\\/objets-touristiques\\\/images\\\/4\\\/33\\\/9183492-diaporama.jpg&quot;,&quot;image_width&quot;:&quot;550&quot;,&quot;image_height&quot;:&quot;350&quot;,&quot;image_fit&quot;:&quot;cover&quot;}],&quot;center_lat&quot;:&quot;45.018468&quot;,&quot;center_lng&quot;:&quot;6.634755&quot;}<\/div><\/div><div class=\"ws-apidae-pager\" data-type=\"pager\"><div class=\"custom-pager\"><a class=\"facetwp-page first active\" data-page=\"1\" href=\"\/it\/wp-json\/wp\/v2\/pages\/108888?paged_44b1b=1#listing_44b1b\">1<\/a><a class=\"facetwp-page \" data-page=\"2\" href=\"\/it\/wp-json\/wp\/v2\/pages\/108888?paged_44b1b=2#listing_44b1b\">2<\/a><span class=\"facetwp-separator\">\u2026<\/span><a class=\"facetwp-page \" data-page=\"10\" href=\"\/it\/wp-json\/wp\/v2\/pages\/108888?paged_44b1b=10#listing_44b1b\">10<\/a><a class=\"facetwp-page next\" data-page=\"2\" href=\"\/it\/wp-json\/wp\/v2\/pages\/108888?paged_44b1b=2#listing_44b1b\">\u203a<\/a><\/div><\/div><\/div><\/div><\/div>\n<div class=\"wp-block-ws-library-ws-share\"><span class=\"share-subtitle\">Ti \u00e8 piaciuta questa pagina?<\/span><span class=\"share-title\">Condividilo!<\/span><button class=\"ws-share-button wp-element-button\">Condividi questa pagina<\/button><\/div>\n","protected":false},"excerpt":{"rendered":"<p>Fascino e comfort in vetta<\/p>\n","protected":false},"author":2,"featured_media":0,"parent":106522,"menu_order":0,"comment_status":"closed","ping_status":"closed","template":"","meta":{"is_dark_mode":false,"footnotes":""},"page_label":[],"class_list":["post-108888","page","type-page","status-publish","hentry"],"yoast_head":"<!-- This site is optimized with the Yoast SEO plugin v28.3 - https:\/\/yoast.com\/product\/yoast-seo-wordpress\/ -->\n<title>Hotel - Hautes-Alpes<\/title>\n<meta name=\"description\" content=\"Hotel Fascino e comfort in vetta Scopri gli hotel delle Hautes-Alpes che combinano il fascino della montagna con il comfort moderno. Che tu preferisca un\" \/>\n<meta name=\"robots\" content=\"index, follow, max-snippet:-1, max-image-preview:large, max-video-preview:-1\" \/>\n<link rel=\"canonical\" href=\"https:\/\/www.hautes-alpes.net\/it\/come-organizzarsi\/hotel\/\" \/>\n<meta property=\"og:locale\" content=\"it_IT\" \/>\n<meta property=\"og:type\" content=\"article\" \/>\n<meta property=\"og:title\" content=\"Hotel - Hautes-Alpes\" \/>\n<meta property=\"og:description\" content=\"Hotel Fascino e comfort in vetta Scopri gli hotel delle Hautes-Alpes che combinano il fascino della montagna con il comfort moderno. Che tu preferisca un\" \/>\n<meta property=\"og:url\" content=\"https:\/\/www.hautes-alpes.net\/it\/come-organizzarsi\/hotel\/\" \/>\n<meta property=\"og:site_name\" content=\"Hautes-Alpes\" \/>\n<meta property=\"article:modified_time\" content=\"2025-12-17T14:19:11+00:00\" \/>\n<meta property=\"og:image\" content=\"https:\/\/www.hautes-alpes.net\/wp-content\/uploads\/2025\/12\/serge-ramelli-le-grand-aigle-serre-chevalier-6.jpg\" \/>\n\t<meta property=\"og:image:width\" content=\"1600\" \/>\n\t<meta property=\"og:image:height\" content=\"1062\" \/>\n\t<meta property=\"og:image:type\" content=\"image\/jpeg\" \/>\n<meta name=\"twitter:card\" content=\"summary_large_image\" \/>\n<script type=\"application\/ld+json\" class=\"yoast-schema-graph\">{\"@context\":\"https:\\\/\\\/schema.org\",\"@graph\":[{\"@type\":\"WebPage\",\"@id\":\"https:\\\/\\\/www.hautes-alpes.net\\\/it\\\/come-organizzarsi\\\/hotel\\\/\",\"url\":\"https:\\\/\\\/www.hautes-alpes.net\\\/it\\\/come-organizzarsi\\\/hotel\\\/\",\"name\":\"Hotel - Hautes-Alpes\",\"isPartOf\":{\"@id\":\"https:\\\/\\\/www.hautes-alpes.net\\\/it\\\/#website\"},\"primaryImageOfPage\":{\"@id\":\"https:\\\/\\\/www.hautes-alpes.net\\\/it\\\/come-organizzarsi\\\/hotel\\\/#primaryimage\"},\"image\":{\"@id\":\"https:\\\/\\\/www.hautes-alpes.net\\\/it\\\/come-organizzarsi\\\/hotel\\\/#primaryimage\"},\"thumbnailUrl\":\"https:\\\/\\\/www.hautes-alpes.net\\\/wp-content\\\/uploads\\\/2025\\\/12\\\/serge-ramelli-le-grand-aigle-serre-chevalier-6-1600x480.jpg\",\"datePublished\":\"2025-12-02T10:42:28+00:00\",\"dateModified\":\"2025-12-17T14:19:11+00:00\",\"description\":\"Hotel Fascino e comfort in vetta Scopri gli hotel delle Hautes-Alpes che combinano il fascino della montagna con il comfort moderno. Che tu preferisca un\",\"breadcrumb\":{\"@id\":\"https:\\\/\\\/www.hautes-alpes.net\\\/it\\\/come-organizzarsi\\\/hotel\\\/#breadcrumb\"},\"inLanguage\":\"it-IT\",\"potentialAction\":[{\"@type\":\"ReadAction\",\"target\":[\"https:\\\/\\\/www.hautes-alpes.net\\\/it\\\/come-organizzarsi\\\/hotel\\\/\"]}]},{\"@type\":\"ImageObject\",\"inLanguage\":\"it-IT\",\"@id\":\"https:\\\/\\\/www.hautes-alpes.net\\\/it\\\/come-organizzarsi\\\/hotel\\\/#primaryimage\",\"url\":\"https:\\\/\\\/www.hautes-alpes.net\\\/wp-content\\\/uploads\\\/2025\\\/12\\\/serge-ramelli-le-grand-aigle-serre-chevalier-6-1600x480.jpg\",\"contentUrl\":\"https:\\\/\\\/www.hautes-alpes.net\\\/wp-content\\\/uploads\\\/2025\\\/12\\\/serge-ramelli-le-grand-aigle-serre-chevalier-6-1600x480.jpg\"},{\"@type\":\"BreadcrumbList\",\"@id\":\"https:\\\/\\\/www.hautes-alpes.net\\\/it\\\/come-organizzarsi\\\/hotel\\\/#breadcrumb\",\"itemListElement\":[{\"@type\":\"ListItem\",\"position\":1,\"name\":\"Accueil\",\"item\":\"https:\\\/\\\/www.hautes-alpes.net\\\/it\\\/hautes-alpes\\\/\"},{\"@type\":\"ListItem\",\"position\":2,\"name\":\"Come organizzarsi\",\"item\":\"https:\\\/\\\/www.hautes-alpes.net\\\/it\\\/come-organizzarsi\\\/\"},{\"@type\":\"ListItem\",\"position\":3,\"name\":\"Come organizzarsi\",\"item\":\"https:\\\/\\\/www.hautes-alpes.net\\\/it\\\/come-organizzarsi\\\/\"},{\"@type\":\"ListItem\",\"position\":4,\"name\":\"Hotel\"}]},{\"@type\":\"WebSite\",\"@id\":\"https:\\\/\\\/www.hautes-alpes.net\\\/it\\\/#website\",\"url\":\"https:\\\/\\\/www.hautes-alpes.net\\\/it\\\/\",\"name\":\"ADDET\",\"description\":\"\",\"publisher\":{\"@id\":\"https:\\\/\\\/www.hautes-alpes.net\\\/it\\\/#organization\"},\"potentialAction\":[{\"@type\":\"SearchAction\",\"target\":{\"@type\":\"EntryPoint\",\"urlTemplate\":\"https:\\\/\\\/www.hautes-alpes.net\\\/it\\\/?s={search_term_string}\"},\"query-input\":{\"@type\":\"PropertyValueSpecification\",\"valueRequired\":true,\"valueName\":\"search_term_string\"}}],\"inLanguage\":\"it-IT\"},{\"@type\":\"Organization\",\"@id\":\"https:\\\/\\\/www.hautes-alpes.net\\\/it\\\/#organization\",\"name\":\"Agence D\u00e9partementale de D\u00e9veloppement Economique et Touristique des Hautes-Alpes\",\"url\":\"https:\\\/\\\/www.hautes-alpes.net\\\/it\\\/\",\"logo\":{\"@type\":\"ImageObject\",\"inLanguage\":\"it-IT\",\"@id\":\"https:\\\/\\\/www.hautes-alpes.net\\\/it\\\/#\\\/schema\\\/logo\\\/image\\\/\",\"url\":\"https:\\\/\\\/www.hautes-alpes.net\\\/wp-content\\\/uploads\\\/2026\\\/01\\\/black-logo-2.svg\",\"contentUrl\":\"https:\\\/\\\/www.hautes-alpes.net\\\/wp-content\\\/uploads\\\/2026\\\/01\\\/black-logo-2.svg\",\"caption\":\"Agence D\u00e9partementale de D\u00e9veloppement Economique et Touristique des Hautes-Alpes\"},\"image\":{\"@id\":\"https:\\\/\\\/www.hautes-alpes.net\\\/it\\\/#\\\/schema\\\/logo\\\/image\\\/\"}}]}<\/script>\n<!-- \/ Yoast SEO plugin. -->","yoast_head_json":{"title":"Hotel - Hautes-Alpes","description":"Hotel Fascino e comfort in vetta Scopri gli hotel delle Hautes-Alpes che combinano il fascino della montagna con il comfort moderno. Che tu preferisca un","robots":{"index":"index","follow":"follow","max-snippet":"max-snippet:-1","max-image-preview":"max-image-preview:large","max-video-preview":"max-video-preview:-1"},"canonical":"https:\/\/www.hautes-alpes.net\/it\/come-organizzarsi\/hotel\/","og_locale":"it_IT","og_type":"article","og_title":"Hotel - Hautes-Alpes","og_description":"Hotel Fascino e comfort in vetta Scopri gli hotel delle Hautes-Alpes che combinano il fascino della montagna con il comfort moderno. Che tu preferisca un","og_url":"https:\/\/www.hautes-alpes.net\/it\/come-organizzarsi\/hotel\/","og_site_name":"Hautes-Alpes","article_modified_time":"2025-12-17T14:19:11+00:00","og_image":[{"width":1600,"height":1062,"url":"https:\/\/www.hautes-alpes.net\/wp-content\/uploads\/2025\/12\/serge-ramelli-le-grand-aigle-serre-chevalier-6.jpg","type":"image\/jpeg"}],"twitter_card":"summary_large_image","schema":{"@context":"https:\/\/schema.org","@graph":[{"@type":"WebPage","@id":"https:\/\/www.hautes-alpes.net\/it\/come-organizzarsi\/hotel\/","url":"https:\/\/www.hautes-alpes.net\/it\/come-organizzarsi\/hotel\/","name":"Hotel - Hautes-Alpes","isPartOf":{"@id":"https:\/\/www.hautes-alpes.net\/it\/#website"},"primaryImageOfPage":{"@id":"https:\/\/www.hautes-alpes.net\/it\/come-organizzarsi\/hotel\/#primaryimage"},"image":{"@id":"https:\/\/www.hautes-alpes.net\/it\/come-organizzarsi\/hotel\/#primaryimage"},"thumbnailUrl":"https:\/\/www.hautes-alpes.net\/wp-content\/uploads\/2025\/12\/serge-ramelli-le-grand-aigle-serre-chevalier-6-1600x480.jpg","datePublished":"2025-12-02T10:42:28+00:00","dateModified":"2025-12-17T14:19:11+00:00","description":"Hotel Fascino e comfort in vetta Scopri gli hotel delle Hautes-Alpes che combinano il fascino della montagna con il comfort moderno. Che tu preferisca un","breadcrumb":{"@id":"https:\/\/www.hautes-alpes.net\/it\/come-organizzarsi\/hotel\/#breadcrumb"},"inLanguage":"it-IT","potentialAction":[{"@type":"ReadAction","target":["https:\/\/www.hautes-alpes.net\/it\/come-organizzarsi\/hotel\/"]}]},{"@type":"ImageObject","inLanguage":"it-IT","@id":"https:\/\/www.hautes-alpes.net\/it\/come-organizzarsi\/hotel\/#primaryimage","url":"https:\/\/www.hautes-alpes.net\/wp-content\/uploads\/2025\/12\/serge-ramelli-le-grand-aigle-serre-chevalier-6-1600x480.jpg","contentUrl":"https:\/\/www.hautes-alpes.net\/wp-content\/uploads\/2025\/12\/serge-ramelli-le-grand-aigle-serre-chevalier-6-1600x480.jpg"},{"@type":"BreadcrumbList","@id":"https:\/\/www.hautes-alpes.net\/it\/come-organizzarsi\/hotel\/#breadcrumb","itemListElement":[{"@type":"ListItem","position":1,"name":"Accueil","item":"https:\/\/www.hautes-alpes.net\/it\/hautes-alpes\/"},{"@type":"ListItem","position":2,"name":"Come organizzarsi","item":"https:\/\/www.hautes-alpes.net\/it\/come-organizzarsi\/"},{"@type":"ListItem","position":3,"name":"Come organizzarsi","item":"https:\/\/www.hautes-alpes.net\/it\/come-organizzarsi\/"},{"@type":"ListItem","position":4,"name":"Hotel"}]},{"@type":"WebSite","@id":"https:\/\/www.hautes-alpes.net\/it\/#website","url":"https:\/\/www.hautes-alpes.net\/it\/","name":"ADDET","description":"","publisher":{"@id":"https:\/\/www.hautes-alpes.net\/it\/#organization"},"potentialAction":[{"@type":"SearchAction","target":{"@type":"EntryPoint","urlTemplate":"https:\/\/www.hautes-alpes.net\/it\/?s={search_term_string}"},"query-input":{"@type":"PropertyValueSpecification","valueRequired":true,"valueName":"search_term_string"}}],"inLanguage":"it-IT"},{"@type":"Organization","@id":"https:\/\/www.hautes-alpes.net\/it\/#organization","name":"Agence D\u00e9partementale de D\u00e9veloppement Economique et Touristique des Hautes-Alpes","url":"https:\/\/www.hautes-alpes.net\/it\/","logo":{"@type":"ImageObject","inLanguage":"it-IT","@id":"https:\/\/www.hautes-alpes.net\/it\/#\/schema\/logo\/image\/","url":"https:\/\/www.hautes-alpes.net\/wp-content\/uploads\/2026\/01\/black-logo-2.svg","contentUrl":"https:\/\/www.hautes-alpes.net\/wp-content\/uploads\/2026\/01\/black-logo-2.svg","caption":"Agence D\u00e9partementale de D\u00e9veloppement Economique et Touristique des Hautes-Alpes"},"image":{"@id":"https:\/\/www.hautes-alpes.net\/it\/#\/schema\/logo\/image\/"}}]}},"_links":{"self":[{"href":"https:\/\/www.hautes-alpes.net\/it\/wp-json\/wp\/v2\/pages\/108888","targetHints":{"allow":["GET"]}}],"collection":[{"href":"https:\/\/www.hautes-alpes.net\/it\/wp-json\/wp\/v2\/pages"}],"about":[{"href":"https:\/\/www.hautes-alpes.net\/it\/wp-json\/wp\/v2\/types\/page"}],"author":[{"embeddable":true,"href":"https:\/\/www.hautes-alpes.net\/it\/wp-json\/wp\/v2\/users\/2"}],"replies":[{"embeddable":true,"href":"https:\/\/www.hautes-alpes.net\/it\/wp-json\/wp\/v2\/comments?post=108888"}],"version-history":[{"count":2,"href":"https:\/\/www.hautes-alpes.net\/it\/wp-json\/wp\/v2\/pages\/108888\/revisions"}],"predecessor-version":[{"id":120035,"href":"https:\/\/www.hautes-alpes.net\/it\/wp-json\/wp\/v2\/pages\/108888\/revisions\/120035"}],"up":[{"embeddable":true,"href":"https:\/\/www.hautes-alpes.net\/it\/wp-json\/wp\/v2\/pages\/106522"}],"wp:attachment":[{"href":"https:\/\/www.hautes-alpes.net\/it\/wp-json\/wp\/v2\/media?parent=108888"}],"wp:term":[{"taxonomy":"page_label","embeddable":true,"href":"https:\/\/www.hautes-alpes.net\/it\/wp-json\/wp\/v2\/page_label?post=108888"}],"curies":[{"name":"wp","href":"https:\/\/api.w.org\/{rel}","templated":true}]}}