{"id":107998,"date":"2025-11-12T12:44:56","date_gmt":"2025-11-12T11:44:56","guid":{"rendered":"https:\/\/www.hautes-alpes.net\/enagile\/"},"modified":"2026-03-26T16:45:36","modified_gmt":"2026-03-26T15:45:36","slug":"enagile","status":"publish","type":"page","link":"https:\/\/www.hautes-alpes.net\/it\/enagile\/","title":{"rendered":"(Fr)agili"},"content":{"rendered":"\n<div class=\"wp-block-group alignfull hero-banner-simple has-global-padding is-layout-constrained wp-block-group-is-layout-constrained\"><div class=\"yoast-breadcrumbs\"><span><span><a href=\"https:\/\/www.hautes-alpes.net\/it\/hautes-alpes\/\">Accueil<\/a><\/span>  <span class=\"breadcrumb_last\" aria-current=\"page\">(Fr)agili<\/span><\/span><\/div>\n\n\n<h1 class=\"wp-block-ws-library-post-title\">(Fr)agili<\/h1>\n\n\n\n<p class=\"subtitle\"><strong>La fragilit\u00e0 e l&#8217;agilit\u00e0 delle Hautes-Alpes<\/strong><\/p>\n\n\n\n<p>Questa pagina racconta sia la vulnerabilit\u00e0 delle <strong>Hautes-Alpes<\/strong>, un dipartimento montuoso duramente colpito dai cambiamenti climatici, sia la mobilitazione della <strong>popolazione delle Hauts-Alpes<\/strong> sulla via della transizione ecologica.<\/p>\n<\/div>\n\n<div style=\"height:60px\" aria-hidden=\"true\" class=\"wp-block-spacer\"><\/div>\n\n<div class=\"wp-block-group alignfull block-etapes has-global-padding is-layout-constrained wp-block-group-is-layout-constrained\">\n<h4 class=\"wp-block-heading is-style-title-1\"><em>La nostra intenzione<\/em><\/h4>\n\n\n\n<p><strong>Sensibilizzare l&#8217;opinione pubblica <\/strong>sulla bellezza e la fragilit\u00e0 del nostro ambiente naturale, <strong>comprendere <\/strong>l&#8217;impatto del riscaldamento globale sulle attivit\u00e0 economiche, turistiche e agricole delle Hautes-Alpes, <strong>mettere in luce<\/strong> le iniziative pi\u00f9 notevoli, aprire un luogo di condivisione e scambio di idee che trascenda le convinzioni di ognuno e lavorare insieme per trovare un <strong>equilibrio<\/strong> tra la conservazione e la promozione di una natura eccezionale, il nostro bene pi\u00f9 grande, in modo da poter continuare a fare affari e a vivere qui.<\/p>\n<\/div>\n\n<div style=\"height:60px\" aria-hidden=\"true\" class=\"wp-block-spacer\"><\/div>\n\n<h2 class=\"wp-block-heading is-style-title-1\"><strong>Fragile<\/strong><\/h2>\n\n<div class=\"wp-block-ws-library-scrollable-section ws-section-scrollable alignfull\"><div class=\"scrollable-item\"><div class=\"group-content\"><div class=\"wrapper\"><h3 class=\"field-title\">Prospettive incrociate  <\/h3><div class=\"field-intro\"><p>GIOCHI OLIMPICI 2030<\/p><\/div><\/div><\/div><div class=\"group-innerblocks\"><div class=\"group-media\"><div class=\"field-image\"><img decoding=\"async\" src=\"https:\/\/www.hautes-alpes.net\/wp-content\/uploads\/2026\/01\/maquette-image-flash-info5-1140x620.jpg\" alt=\"\"\/><\/div><div class=\"credits\"><\/div><\/div>\n<div class=\"section-wrapper\"><div class=\"wp-block-ws-library-scrollable-section-item ws-section-scrollable-item\">\n<p>A margine dell&#8217;ultima sessione di lavoro del Comitato Esecutivo Hautes-Alpes 2030, figure di spicco del mondo dello sport e consiglieri locali hanno condiviso la loro visione del progetto olimpico e dell&#8217;eredit\u00e0 da costruire.<\/p>\n\n\n\n<p>Il <strong>Comitato Esecutivo Hautes-Alpes 2030,<\/strong> istituito lo scorso giugno, riunisce tutti gli attori chiave del dipartimento ed \u00e8 organizzato attorno a quattro comitati operativi: Sport, Accesso e Mobilit\u00e0, Sviluppo, Cultura e Inclusione.<\/p>\n<\/div><\/div>\n\n\n\n<div class=\"section-wrapper\"><div class=\"wp-block-ws-library-scrollable-section-item ws-section-scrollable-item is-style-bg-grey\">\n<p><strong>I suoi obiettivi:<\/strong><\/p>\n\n\n\n<p>- far circolare le informazioni<\/p>\n\n\n\n<p>- coordinare le iniziative<\/p>\n\n\n\n<p>- progetti completi<\/p>\n\n\n\n<p>- mobilitare i cittadini delle Haut-Alpes<\/p>\n\n\n\n<p>- Il successo dei Giochi Olimpici e la costruzione di un&#8217;eredit\u00e0<\/p>\n<\/div><\/div>\n\n\n\n<div class=\"section-wrapper\"><div class=\"wp-block-ws-library-scrollable-section-item ws-section-scrollable-item\">\n<div class=\"wp-block-ws-library-ws-video\"><div class=\"wrapper\"><div class=\"group-media\">\n<figure class=\"wp-block-embed is-type-video is-provider-youtube wp-block-embed-youtube\"><div class=\"wp-block-embed__wrapper\">\n<iframe loading=\"lazy\" title=\"Hautes Alpes, quel h\u00e9ritage pour les JOP 2030\" width=\"500\" height=\"281\" src=\"https:\/\/www.youtube.com\/embed\/qnnz6rfG7uw?feature=oembed\" frameborder=\"0\" allow=\"accelerometer; autoplay; clipboard-write; encrypted-media; gyroscope; picture-in-picture; web-share\" referrerpolicy=\"strict-origin-when-cross-origin\" allowfullscreen><\/iframe>\n<\/div><\/figure>\n<\/div><\/div><\/div>\n<\/div><\/div>\n<\/div><\/div><\/div>\n\n<div class=\"wp-block-ws-library-scrollable-section ws-section-scrollable alignfull\"><div class=\"scrollable-item\"><div class=\"group-content\"><div class=\"wrapper\"><h3 class=\"field-title\">Cambiamento climatico<\/h3><div class=\"field-intro\"><p>Cosa dice lo studio GREC-SUD<\/p><\/div><\/div><\/div><div class=\"group-innerblocks\"><div class=\"group-media\"><div class=\"field-image\"><img decoding=\"async\" src=\"https:\/\/www.hautes-alpes.net\/wp-content\/uploads\/2025\/11\/16lgy11005-1140x620.jpg\" alt=\"\"\/><\/div><div class=\"credits\">L. Gayola<\/div><\/div>\n<div class=\"section-wrapper\"><div class=\"wp-block-ws-library-scrollable-section-item ws-section-scrollable-item\">\n<p>Scomparsa dei ghiacciai, aumento delle temperature, crolli di rocce, degrado del permafrost: gli esperti <strong>del GREC-SUD<\/strong> decifrano gli impatti del cambiamento climatico nelle <strong>Alpi meridionali<\/strong>. Estratti dal rapporto speciale <strong>&#8221;Mountain&#8221;.<\/strong> <\/p>\n\n\n\n<div class=\"wp-block-buttons is-layout-flex wp-block-buttons-is-layout-flex\">\n<div class=\"wp-block-button\"><a class=\"wp-block-button__link wp-element-button\" href=\"https:\/\/www.grec-sud.fr\/publications\/montagne\/\">Scopri la sezione montagna<\/a><\/div>\n<\/div>\n<\/div><\/div>\n<\/div><\/div><\/div>\n\n<div class=\"wp-block-ws-library-scrollable-section ws-section-scrollable alignfull\"><div class=\"scrollable-item\"><div class=\"group-content\"><div class=\"wrapper\"><h3 class=\"field-title\">Acqua<\/h3><div class=\"field-intro\"><p>Dal bene comune ai conflitti d&#8217;uso<\/p><\/div><\/div><\/div><div class=\"group-innerblocks\"><div class=\"group-media\"><div class=\"field-image\"><img decoding=\"async\" src=\"https:\/\/www.hautes-alpes.net\/wp-content\/uploads\/2025\/11\/remi-morel-office-de-tourisme-serre-poncon-1-1140x620.jpg\" alt=\"\"\/><\/div><div class=\"credits\">R. Morel<\/div><\/div>\n<div class=\"section-wrapper\"><div class=\"wp-block-ws-library-scrollable-section-item ws-section-scrollable-item\">\n<p>Pi\u00f9 direttamente colpite dal riscaldamento globale, le aree montane sono particolarmente esposte ai cambiamenti del ciclo dell&#8217;acqua. Attraverso diverse testimonianze nel <a href=\"https:\/\/www.hautes-alpes.net\/it\/destinazioni-hautes-alpes\/devoluy\/\"><strong>D\u00e9voluy<\/strong> <\/a>e sulle rive del <a href=\"https:\/\/www.hautes-alpes.net\/it\/destinazioni-hautes-alpes\/serre-poncon\/\"><strong>lago di Serre-Pon\u00e7on<\/strong><\/a>, il giornalista <strong>Sabah Rahmani<\/strong> fa il punto su questa sfida ambientale, sociale ed economica. <\/p>\n\n\n\n<p><\/p>\n\n\n\n<div class=\"wp-block-buttons is-layout-flex wp-block-buttons-is-layout-flex\">\n<div class=\"wp-block-button\"><a class=\"wp-block-button__link wp-element-button\" href=\"https:\/\/www.kaizen-magazine.com\/2022\/11\/25\/eau-du-bien-commun-aux-conflits-dusages\/\">Leggi l&#8217;articolo<\/a><\/div>\n<\/div>\n<\/div><\/div>\n<\/div><\/div><\/div>\n\n<div class=\"wp-block-ws-library-scrollable-section ws-section-scrollable alignfull\"><div class=\"scrollable-item\"><div class=\"group-content\"><div class=\"wrapper\"><h3 class=\"field-title\">Biodiversit\u00e0<\/h3><div class=\"field-intro\"><p>L&#8217;accesso alla natura dovrebbe essere vietato per proteggerla meglio?<\/p><\/div><\/div><\/div><div class=\"group-innerblocks\"><div class=\"group-media\"><div class=\"field-image\"><img decoding=\"async\" src=\"https:\/\/www.hautes-alpes.net\/wp-content\/uploads\/2025\/11\/rogier-van-rijn-bivouac-aux-tetes-1-1-1140x620.jpg\" alt=\"La magie d'une nuit face aux \u00e9toiles\"\/><\/div><div class=\"credits\">R. Van Rijn<\/div><\/div>\n<div class=\"section-wrapper\"><div class=\"wp-block-ws-library-scrollable-section-item ws-section-scrollable-item\">\n<p><em>L&#8217;accesso alla natura dovrebbe essere vietato per proteggerla meglio?<\/em><\/p>\n\n\n\n<p>Dietro questa frase scioccante si nasconde un affascinante dibattito proposto dal giornalista <strong>Quentin Lafay<\/strong> della radio <strong>France Culture<\/strong>. <strong>Virginie Maris<\/strong>, filosofa e membro del consiglio scientifico del <strong>Parco Nazionale degli Ecrins<\/strong>, \u00e8 stata invitata a parlare dell&#8217;argomento.<\/p>\n\n\n\n<div class=\"wp-block-buttons is-layout-flex wp-block-buttons-is-layout-flex\">\n<div class=\"wp-block-button\"><a class=\"wp-block-button__link wp-element-button\" href=\"https:\/\/www.radiofrance.fr\/franceculture\/podcasts\/le-temps-du-debat-d-ete\/faut-il-interdire-l-acces-a-la-nature-pour-mieux-la-proteger-9626923\" target=\"_blank\" rel=\"noreferrer noopener\">Ascolta<\/a><\/div>\n<\/div>\n<\/div><\/div>\n<\/div><\/div><\/div>\n\n<div class=\"wp-block-ws-library-scrollable-section ws-section-scrollable alignfull\"><div class=\"scrollable-item\"><div class=\"group-content\"><div class=\"wrapper\"><h3 class=\"field-title\">Disastri naturali<\/h3><div class=\"field-intro\"><p>Intensit\u00e0 e frequenza crescenti<\/p><\/div><\/div><\/div><div class=\"group-innerblocks\"><div class=\"group-media\"><div class=\"field-image\"><img decoding=\"async\" src=\"https:\/\/www.hautes-alpes.net\/wp-content\/uploads\/2025\/12\/xxx2s2a7422-nb-1140x620.jpg\" alt=\"\"\/><\/div><div class=\"credits\">P. Domeyne - AD05<\/div><\/div>\n<div class=\"section-wrapper\"><div class=\"wp-block-ws-library-scrollable-section-item ws-section-scrollable-item\">\n<p>Il riscaldamento globale sta influenzando il nostro ambiente e le nostre attivit\u00e0. Negli ultimi dieci anni si \u00e8 registrato un aumento del numero e dell&#8217;intensit\u00e0 del <strong>maltempo<\/strong> e dei <strong>disastri<\/strong>: siccit\u00e0 nel 2022, frane a Le Chambon e Le Pas de l&#8217;Ours, inondazioni torrenziali a La Clar\u00e9e, La Vallouise e Le Guillestrois, gelate nere nei frutteti lungo la Durance, fuoco batterico. <\/p>\n\n\n\n<p>Una parola d&#8217;ordine: <strong>affrontare e adattarsi<\/strong>.<\/p>\n<\/div><\/div>\n\n\n\n<div class=\"section-wrapper\"><div class=\"wp-block-ws-library-scrollable-section-item ws-section-scrollable-item\">\n<div class=\"wp-block-ws-library-ws-image\"><div class=\"wrapper\"><div class=\"group-media\"><img decoding=\"async\" src=\"https:\/\/www.hautes-alpes.net\/wp-content\/uploads\/2025\/11\/fragiles-radio-glaces-t-blais-427x640.jpg\" alt=\"\" class=\"single_image ws-image-78686\"><div class=\"credits\">T. Blais<\/div><\/div><p class=\"caption\"><\/p><\/div><\/div>\n<\/div><\/div>\n\n\n\n<div class=\"section-wrapper\"><div class=\"wp-block-ws-library-scrollable-section-item ws-section-scrollable-item\">\n<div class=\"wp-block-ws-library-ws-image\"><div class=\"wrapper\"><div class=\"group-media\"><img decoding=\"async\" src=\"https:\/\/www.hautes-alpes.net\/wp-content\/uploads\/2025\/12\/utf-8img-0854-nb-480x640.jpg\" alt=\"\" class=\"single_image ws-image-146333\"><div class=\"credits\">DR<\/div><\/div><p class=\"caption\"><\/p><\/div><\/div>\n<\/div><\/div>\n<\/div><\/div><\/div>\n\n<div class=\"wp-block-ws-library-scrollable-section ws-section-scrollable alignfull\"><div class=\"scrollable-item\"><div class=\"group-content\"><div class=\"wrapper\"><h3 class=\"field-title\">Ghiacciai<\/h3><div class=\"field-intro\"><p>Ascolto a bordo ad un&#8217;altitudine di 3.200 metri, nel cuore della vita interna del ghiacciaio Girose<\/p><\/div><\/div><\/div><div class=\"group-innerblocks\"><div class=\"group-media\"><div class=\"field-image\"><img decoding=\"async\" src=\"https:\/\/www.hautes-alpes.net\/wp-content\/uploads\/2025\/11\/glacier-blanc-famille-thibaut-blais-48-1-1140x620.jpg\" alt=\"\"\/><\/div><div class=\"credits\">T. Blais<\/div><\/div>\n<div class=\"section-wrapper\"><div class=\"wp-block-ws-library-scrollable-section-item ws-section-scrollable-item\">\n<p>Questi uomini e donne, glaciologi, operatori di pronto soccorso e guide di alta montagna, raccontano la loro esperienza di questi luoghi e offrono alcune chiavi di lettura per comprendere le <strong>attuali trasformazioni del paesaggio<\/strong>, legate al riscaldamento globale. Le loro storie si intrecciano con suoni inediti catturati da microfoni, idrofoni e sensori sismici immersi nelle profondit\u00e0 di crepacci, torrenti glaciali e pieghe moreniche. <\/p>\n<\/div><\/div>\n\n\n\n<div class=\"section-wrapper\"><div class=\"wp-block-ws-library-scrollable-section-item ws-section-scrollable-item\">\n<div class=\"wp-block-group block-podcast has-global-padding is-layout-constrained wp-block-group-is-layout-constrained\">\n<div class=\"wp-block-group inner-content has-global-padding is-layout-constrained wp-block-group-is-layout-constrained\">\n<div class=\"wp-block-group wrapper-blurry has-global-padding is-layout-constrained wp-block-group-is-layout-constrained\">\n<h2 class=\"wp-block-heading has-text-align-center is-style-title-1\">Il ghiacciaio si sposta di <strong>35 metri all&#8217;anno<\/strong><\/h2>\n\n\n\n<p class=\"has-text-align-center\">con le voci di Lucas Davaze, glaciologo e Morgan Barbot, pattugliatore di La Grave.<\/p>\n<\/div>\n\n\n\n<figure class=\"wp-block-audio\"><audio controls=\"\" src=\"https:\/\/www.hautes-alpes.net\/wp-content\/uploads\/2025\/11\/4-01-le-glacier-bouge-de-35-mectres-par-an.mp3\"><\/audio><\/figure>\n<\/div>\n<\/div>\n<\/div><\/div>\n\n\n\n<div class=\"section-wrapper\"><div class=\"wp-block-ws-library-scrollable-section-item ws-section-scrollable-item\">\n<div class=\"wp-block-group block-podcast has-global-padding is-layout-constrained wp-block-group-is-layout-constrained\">\n<div class=\"wp-block-group inner-content has-global-padding is-layout-constrained wp-block-group-is-layout-constrained\">\n<div class=\"wp-block-group wrapper-blurry is-layout-flow wp-block-group-is-layout-flow\">\n<h2 class=\"wp-block-heading has-text-align-center is-style-title-1\">Volare sopra <strong>il ghiacciaio<\/strong><\/h2>\n\n\n\n<p class=\"has-text-align-center\">con la voce di David Le Guen, Responsabile Vendite e Comunicazioni della Funivia del Ghiacciaio Meije<\/p>\n<\/div>\n\n\n\n<figure class=\"wp-block-audio\"><audio controls=\"\" src=\"https:\/\/www.hautes-alpes.net\/wp-content\/uploads\/2025\/11\/4-02-survoler-le-glacier.mp3\"><\/audio><\/figure>\n<\/div>\n<\/div>\n<\/div><\/div>\n\n\n\n<div class=\"section-wrapper\"><div class=\"wp-block-ws-library-scrollable-section-item ws-section-scrollable-item\">\n<div class=\"wp-block-group block-podcast has-global-padding is-layout-constrained wp-block-group-is-layout-constrained\">\n<div class=\"wp-block-group inner-content has-global-padding is-layout-constrained wp-block-group-is-layout-constrained\">\n<div class=\"wp-block-group wrapper-blurry is-layout-flow wp-block-group-is-layout-flow\">\n<h2 class=\"wp-block-heading has-text-align-center is-style-title-1\">Non sappiamo <strong>quando cadr\u00e0<\/strong><\/h2>\n\n\n\n<p class=\"has-text-align-center\">con le voci di Erin Smart e Benjamin Ribeyre, guide d&#8217;alta montagna di La Grave.<\/p>\n<\/div>\n\n\n\n<figure class=\"wp-block-audio\"><audio controls=\"\" src=\"https:\/\/www.hautes-alpes.net\/wp-content\/uploads\/2025\/11\/4-03-on-ne-sait-pas-quand-coa-va-tomber.mp3\"><\/audio><\/figure>\n<\/div>\n<\/div>\n<\/div><\/div>\n<\/div><\/div><\/div>\n\n<div style=\"height:50px\" aria-hidden=\"true\" class=\"wp-block-spacer\"><\/div>\n\n<h2 class=\"wp-block-heading is-style-title-1\"><strong>Agile<\/strong><\/h2>\n\n<div class=\"wp-block-ws-library-scrollable-section ws-section-scrollable alignfull\"><div class=\"scrollable-item\"><div class=\"group-content\"><div class=\"wrapper\"><h3 class=\"field-title\"><strong>Montagna a rifiuti zero<\/strong><\/h3><div class=\"field-intro\"><p>Incontri sulle Alpi Meridionali<\/p><\/div><\/div><\/div><div class=\"group-innerblocks\"><div class=\"group-media\"><div class=\"field-image\"><img decoding=\"async\" src=\"https:\/\/www.hautes-alpes.net\/wp-content\/uploads\/2026\/03\/equestrioxmountainriders-ludovicfremondiere-46-1140x620.jpg\" alt=\"\"\/><\/div><div class=\"credits\">Ludovic Fremondiere<\/div><\/div>\n<div class=\"section-wrapper\"><div class=\"wp-block-ws-library-scrollable-section-item ws-section-scrollable-item is-style-default\">\n<p>Savines-le-Lac, gioved\u00ec 26 marzo 2026.<\/p>\n\n\n\n<p>L<strong>&#8216;incontro<\/strong> <strong>&#8221;Montagne Z\u00e9ro D\u00e9chet Sauvage&#8221; (Montagne Zero Rifiuti)<\/strong> <strong>nelle Alpi meridionali<\/strong> ha riunito operatori del settore pubblico, privato e volontario per lavorare verso un obiettivo comune: <strong>preservare gli ecosistemi di alta quota<\/strong>.<\/p>\n<\/div><\/div>\n\n\n\n<div class=\"section-wrapper\"><div class=\"wp-block-ws-library-scrollable-section-item ws-section-scrollable-item is-style-default\">\n<p><strong>L&#8217;Agenzia di Sviluppo delle Hautes-Alpes<\/strong>, co-organizzatrice dell&#8217;evento ideato e gestito dall&#8217;Associazione <strong>Mountain Riders<\/strong>, svolge il ruolo di leader della rete riunendo le aree firmatarie della carta.<\/p>\n<\/div><\/div>\n\n\n\n<div class=\"section-wrapper\"><div class=\"wp-block-ws-library-scrollable-section-item ws-section-scrollable-item\">\n<div class=\"wp-block-ws-library-ws-image is-style-default\"><div class=\"wrapper\"><div class=\"group-media\"><img decoding=\"async\" src=\"https:\/\/www.hautes-alpes.net\/wp-content\/uploads\/2026\/03\/pxl-20260326-0930313982-482x640.jpg\" alt=\"\" class=\"single_image ws-image-435101\"><div class=\"credits\">AD 05<\/div><\/div><p class=\"caption\"><\/p><\/div><\/div>\n<\/div><\/div>\n\n\n\n<div class=\"section-wrapper\"><div class=\"wp-block-ws-library-scrollable-section-item ws-section-scrollable-item\">\n<div class=\"wp-block-ws-library-ws-image\"><div class=\"wrapper\"><div class=\"group-media\"><img decoding=\"async\" src=\"https:\/\/www.hautes-alpes.net\/wp-content\/uploads\/2026\/03\/pxl-20260326-0929135162-1240x800.jpg\" alt=\"\" class=\"single_image ws-image-435104\"><div class=\"credits\">AD05<\/div><\/div><p class=\"caption\"><\/p><\/div><\/div>\n<\/div><\/div>\n\n\n\n<div class=\"section-wrapper\"><div class=\"wp-block-ws-library-scrollable-section-item ws-section-scrollable-item\">\n<p>Le <strong>operazioni di raccolta dei rifiuti in montagna<\/strong> ricordano una questione fondamentale: le montagne sono anche la fonte del ciclo dell&#8217;acqua. Preservare queste aree significa garantire acqua pulita fin dall&#8217;inizio. La Carta della Montagna a Rifiuti Zero \u00e8 l&#8217;incarnazione di questo impegno collettivo.  <\/p>\n<\/div><\/div>\n\n\n\n<div class=\"section-wrapper\"><div class=\"wp-block-ws-library-scrollable-section-item ws-section-scrollable-item\">\n<p>I risultati sono incoraggianti: nel 2025, nella regione Provence Alpes C\u00f4te d&#8217;Azur, sono state raccolte <strong>1,98 tonnellate di rifiuti<\/strong> durante <strong>13 operazioni<\/strong> che hanno coinvolto <strong>700 volontari<\/strong>.  <\/p>\n\n\n\n<p>Una nota positiva \u00e8 che l&#8217;<strong>inquinamento incontrollato \u00e8 diminuito del 7,6%<\/strong> in montagna.<\/p>\n<\/div><\/div>\n\n\n\n<div class=\"section-wrapper\"><div class=\"wp-block-ws-library-scrollable-section-item ws-section-scrollable-item\">\n<div class=\"wp-block-ws-library-ws-video\"><div class=\"wrapper\"><div class=\"group-media\">\n<figure class=\"wp-block-embed is-type-video is-provider-youtube wp-block-embed-youtube\"><div class=\"wp-block-embed__wrapper\">\n<iframe loading=\"lazy\" title=\"La Charte nationale Montagne Z\u00e9ro D\u00e9chet\" width=\"500\" height=\"281\" src=\"https:\/\/www.youtube.com\/embed\/3l9S-wdPIQs?feature=oembed\" frameborder=\"0\" allow=\"accelerometer; autoplay; clipboard-write; encrypted-media; gyroscope; picture-in-picture; web-share\" referrerpolicy=\"strict-origin-when-cross-origin\" allowfullscreen><\/iframe>\n<\/div><\/figure>\n<\/div><\/div><\/div>\n<\/div><\/div>\n<\/div><\/div><\/div>\n\n<div class=\"wp-block-ws-library-scrollable-section ws-section-scrollable alignfull\"><div class=\"scrollable-item\"><div class=\"group-content\"><div class=\"wrapper\"><h3 class=\"field-title\"><strong>Serre Chevalier<\/strong><\/h3><div class=\"field-intro\"><p>L&#8217;area per i principianti decolla<\/p><\/div><\/div><\/div><div class=\"group-innerblocks\"><div class=\"group-media\"><div class=\"field-image\"><img decoding=\"async\" src=\"https:\/\/www.hautes-alpes.net\/wp-content\/uploads\/2026\/03\/plateau-de-mea-5-1140x620.jpg\" alt=\"\"\/><\/div><div class=\"credits\">OT Serre Chevalier<\/div><\/div>\n<div class=\"section-wrapper\"><div class=\"wp-block-ws-library-scrollable-section-item ws-section-scrollable-item is-style-bg-grey\">\n<p>A <strong>Serre Chevalier<\/strong>, l&#8217;<strong>altopiano di M\u00e9a<\/strong> continua a svilupparsi, con un&#8217;area interamente dedicata agli sciatori principianti, a un&#8217;altitudine di 2.300 m. Quest&#8217;inverno un nuovo impianto di risalita di 450 m, il Pr\u00e9 de Jeanne, si \u00e8 aggiunto alle strutture esistenti. <\/p>\n<\/div><\/div>\n\n\n\n<div class=\"section-wrapper\"><div class=\"wp-block-ws-library-scrollable-section-item ws-section-scrollable-item is-style-default\">\n<p>Progettato in collaborazione con il fornitore francese Ficalp, questo sviluppo \u00e8 in linea con la strategia ambientale di <strong>Serre Chevalier<\/strong>.  <\/p>\n\n\n\n<p>Dando la priorit\u00e0 all&#8217;apprendimento dello sci in quota, <strong>il resort \u00e8 in grado di adattarsi alle sfide del clima<\/strong> garantendo le condizioni ottimali per scoprire e progredire sugli sci negli anni a venire.<\/p>\n<\/div><\/div>\n\n\n\n<div class=\"section-wrapper\"><div class=\"wp-block-ws-library-scrollable-section-item ws-section-scrollable-item\">\n<p>Protetti dalle intemperie, gli apprendisti sciatori possono esercitarsi in tutta tranquillit\u00e0 e accedere gradualmente alle piste verdi e blu della zona.  <\/p>\n\n\n\n<p>Questa nuova struttura aiuta anche a ridurre le code nella tenuta.<\/p>\n<\/div><\/div>\n\n\n\n<div class=\"section-wrapper\"><div class=\"wp-block-ws-library-scrollable-section-item ws-section-scrollable-item\">\n<div class=\"wp-block-ws-library-ws-image is-style-simple\"><div class=\"wrapper\"><div class=\"group-media\"><img decoding=\"async\" src=\"https:\/\/www.hautes-alpes.net\/wp-content\/uploads\/2026\/03\/plateau-de-mea-3-960x640.jpg\" alt=\"\" class=\"single_image ws-image-377675\"><div class=\"credits\">Ufficio del Turismo di Serre Chevalier<\/div><\/div><p class=\"caption\"><\/p><\/div><\/div>\n<\/div><\/div>\n<\/div><\/div><\/div>\n\n<div class=\"wp-block-ws-library-scrollable-section ws-section-scrollable alignfull\"><div class=\"scrollable-item\"><div class=\"group-content\"><div class=\"wrapper\"><h3 class=\"field-title\"><strong><strong>R\u00e9allon vince il premio Green Snowflake<\/strong><\/strong><\/h3><div class=\"field-intro\"><p><\/p><\/div><\/div><\/div><div class=\"group-innerblocks\"><div class=\"group-media\"><div class=\"field-image\"><img decoding=\"async\" src=\"https:\/\/www.hautes-alpes.net\/wp-content\/uploads\/2026\/01\/reallon-panorama-fabien-thibault-1140x620.jpg\" alt=\"\"\/><\/div><div class=\"credits\"><\/div><\/div>\n<div class=\"section-wrapper\"><div class=\"wp-block-ws-library-scrollable-section-item ws-section-scrollable-item\">\n<p>La localit\u00e0 di <a href=\"https:\/\/www.hautes-alpes.net\/it\/destinazioni-hautes-alpes\/reallon-crevoux\/\" type=\"page\" id=\"74196\">R\u00e9allon <\/a>ha ricevuto il <strong>Flocon Vert<\/strong><sup>(1\u00b0<\/sup> livello) dall&#8217;associazione Mountain Riders, che riconosce le destinazioni montane impegnate nella transizione ecologica. Situata alle porte del Parco Nazionale degli Ecrins e affacciata sul Lago di Serre-Pon\u00e7on, questa localit\u00e0 a misura d&#8217;uomo ha rafforzato la sua posizione come una delle <strong>aree<\/strong> pi\u00f9 <strong>sostenibili delle Alpi<\/strong>. <\/p>\n<\/div><\/div>\n\n\n\n<div class=\"section-wrapper\"><div class=\"wp-block-ws-library-scrollable-section-item ws-section-scrollable-item\">\n<p>R\u00e9allon sta attuando una serie di azioni strutturanti legate al marchio: ottimizzazione del consumo di acqua, installazione di <strong>pannelli solari<\/strong> e creazione di una societ\u00e0 di autoconsumo collettivo (25% di<strong>autoconsumo di energia<\/strong>).<\/p>\n<\/div><\/div>\n\n\n\n<div class=\"section-wrapper\"><div class=\"wp-block-ws-library-scrollable-section-item ws-section-scrollable-item\">\n<p>Inoltre, una <strong>carta responsabile<\/strong> riunisce gli host, i ristoratori e i fornitori di servizi per promuovere i circuiti brevi, la riduzione dei rifiuti e la mobilit\u00e0 dolce (car-sharing, navette).<\/p>\n<\/div><\/div>\n\n\n\n<div class=\"section-wrapper\"><div class=\"wp-block-ws-library-scrollable-section-item ws-section-scrollable-item\">\n<div class=\"wp-block-ws-library-ws-image\"><div class=\"wrapper\"><div class=\"group-media\"><img decoding=\"async\" src=\"https:\/\/www.hautes-alpes.net\/wp-content\/uploads\/2026\/01\/reallon-panorama-2-fabien-thibault-960x640.jpg\" alt=\"\" class=\"single_image ws-image-233001\"><div class=\"credits\">F. Thibault<\/div><\/div><p class=\"caption\"><\/p><\/div><\/div>\n<\/div><\/div>\n\n\n\n<div class=\"section-wrapper\"><div class=\"wp-block-ws-library-scrollable-section-item ws-section-scrollable-item\">\n<div class=\"wp-block-ws-library-ws-image\"><div class=\"wrapper\"><div class=\"group-media\"><img decoding=\"async\" src=\"https:\/\/www.hautes-alpes.net\/wp-content\/uploads\/2026\/01\/reallon-telesiege-cedric-tempier-addet05-1240x800.jpg\" alt=\"\" class=\"single_image ws-image-233002\"><div class=\"credits\">C. Tempier - AD05<\/div><\/div><p class=\"caption\"><\/p><\/div><\/div>\n<\/div><\/div>\n<\/div><\/div><\/div>\n\n<div class=\"wp-block-ws-library-scrollable-section ws-section-scrollable alignfull\"><div class=\"scrollable-item\"><div class=\"group-content\"><div class=\"wrapper\"><h3 class=\"field-title\">Cambiamento climatico<\/h3><div class=\"field-intro\"><p>La realt\u00e0 di un reparto che si adatta<\/p><\/div><\/div><\/div><div class=\"group-innerblocks\"><div class=\"group-media\"><div class=\"field-image\"><img decoding=\"async\" src=\"https:\/\/www.hautes-alpes.net\/wp-content\/uploads\/2025\/11\/bivouac-au-tuckett-65-thibautblais-1140x620.jpg\" alt=\"\"\/><\/div><div class=\"credits\">T. Blais<\/div><\/div>\n<div class=\"section-wrapper\"><div class=\"wp-block-ws-library-scrollable-section-item ws-section-scrollable-item\">\n<p>Le giornaliste <strong>Catherine P\u00e9tillon<\/strong> e <strong>V\u00e9ronique Rebeyrotte<\/strong> della radio <strong>France Culture<\/strong> viaggiano in lungo e in largo per le Hautes-Alpes.<\/p>\n\n\n\n<p>Dai frutteti della Haute-Durance ai ghiacciai della Haute-Romanche, queste sono le testimonianze avvincenti degli abitanti delle montagne che si trovano ad affrontare gli sconvolgimenti climatici.<\/p>\n\n\n\n<p><\/p>\n\n\n\n<div class=\"wp-block-buttons is-content-justification-left is-layout-flex wp-container-core-buttons-is-layout-fc4fd283 wp-block-buttons-is-layout-flex\">\n<div class=\"wp-block-button has-custom-width wp-block-button__width-50\"><a class=\"wp-block-button__link wp-element-button\" href=\"https:\/\/www.radiofrance.fr\/franceculture\/podcasts\/grand-reportage\/s-adapter-aux-changements-climatiques-deja-une-realite-dans-les-hautes-alpes-2769359\" target=\"_blank\" rel=\"noreferrer noopener\">Ascolta<\/a><\/div>\n<\/div>\n<\/div><\/div>\n<\/div><\/div><\/div>\n\n<div class=\"wp-block-ws-library-scrollable-section ws-section-scrollable alignfull\"><div class=\"scrollable-item\"><div class=\"group-content\"><div class=\"wrapper\"><h3 class=\"field-title\">Agricoltura<\/h3><div class=\"field-intro\"><p>Antichi vitigni in soccorso dei vigneti delle Haute-Alpes<\/p><\/div><\/div><\/div><div class=\"group-innerblocks\"><div class=\"group-media\"><div class=\"field-image\"><img decoding=\"async\" src=\"https:\/\/www.hautes-alpes.net\/wp-content\/uploads\/2026\/01\/bertheloot-puy-sanieres-patrick-domeyne-4-1-1140x620.jpg\" alt=\"\"\/><\/div><div class=\"credits\">P. Domeyne - AD05<\/div><\/div>\n<div class=\"section-wrapper\"><div class=\"wp-block-ws-library-scrollable-section-item ws-section-scrollable-item\">\n<p>Il riscaldamento globale tende a influenzare la qualit\u00e0 di alcuni vini. Le temperature pi\u00f9 elevate comportano un aumento dei livelli di zucchero nell&#8217;uva e, di conseguenza, un aumento dei livelli di alcol nella bottiglia. Per evitare di scomparire dal mercato, i vigneti interessati hanno dovuto adattarsi ripiantando vecchie variet\u00e0, alcune delle quali abbandonate da oltre un secolo.    <\/p>\n<\/div><\/div>\n\n\n\n<div class=\"section-wrapper\"><div class=\"wp-block-ws-library-scrollable-section-item ws-section-scrollable-item\">\n<p>Da diversi anni, senza aspettare che il riscaldamento globale abbia un impatto sulle viti e sul vino, la regione delle Hautes-Alpes si \u00e8 impegnata in questo approccio coraggioso, seguendo l&#8217;esempio del <strong>Domaine Allemand<\/strong> e del suo vitigno endemico Mollard.  <\/p>\n<\/div><\/div>\n\n\n\n<div class=\"section-wrapper\"><div class=\"wp-block-ws-library-scrollable-section-item ws-section-scrollable-item\">\n<p>Questi vitigni, abbandonati alla fine del <sup>XIX<\/sup> secolo durante l&#8217;epidemia di fillossera, sembrano ora in sintonia con il clima che cambia.<\/p>\n\n\n\n<p>  Questo apre nuove prospettive per l&#8217;<strong>IGP Vins des Hautes-Alpes<\/strong> e per l&#8217;intero settore.<\/p>\n<\/div><\/div>\n\n\n\n<div class=\"section-wrapper\"><div class=\"wp-block-ws-library-scrollable-section-item ws-section-scrollable-item\">\n<div class=\"wp-block-ws-library-ws-image\"><div class=\"wrapper\"><div class=\"group-media\"><img decoding=\"async\" src=\"https:\/\/www.hautes-alpes.net\/wp-content\/uploads\/2025\/12\/7b3a0868-2-1240x800.jpg\" alt=\"\" class=\"single_image ws-image-137107\"><div class=\"credits\">P.Domeyne<\/div><\/div><p class=\"caption\"><\/p><\/div><\/div>\n<\/div><\/div>\n\n\n\n<div class=\"section-wrapper\"><div class=\"wp-block-ws-library-scrollable-section-item ws-section-scrollable-item\">\n<div class=\"wp-block-ws-library-ws-image\"><div class=\"wrapper\"><div class=\"group-media\"><img decoding=\"async\" src=\"https:\/\/www.hautes-alpes.net\/wp-content\/uploads\/2025\/12\/la-clochere-allard-latour-remollon-3-1240x800.jpg\" alt=\"\" class=\"single_image ws-image-137104\"><div class=\"credits\">P.Domeyne<\/div><\/div><p class=\"caption\"><\/p><\/div><\/div>\n<\/div><\/div>\n<\/div><\/div><\/div>\n\n<div class=\"wp-block-ws-library-scrollable-section ws-section-scrollable alignfull\"><div class=\"scrollable-item\"><div class=\"group-content\"><div class=\"wrapper\"><h3 class=\"field-title\">Innovazione<\/h3><div class=\"field-intro\"><p>L&#8217;ambiente al centro delle preoccupazioni della regione<\/p><\/div><\/div><\/div><div class=\"group-innerblocks\"><div class=\"group-media\"><div class=\"field-image\"><img decoding=\"async\" src=\"https:\/\/www.hautes-alpes.net\/wp-content\/uploads\/2025\/11\/agiles-lenvironnement-au-coeur-des-preoccupations-des-stations-des-hautes-alpes-r-morel-1140x620.jpg\" alt=\"\"\/><\/div><div class=\"credits\">R. Morel<\/div><\/div>\n<div class=\"section-wrapper\"><div class=\"wp-block-ws-library-scrollable-section-item ws-section-scrollable-item\">\n<p>Sobriet\u00e0 e innovazione tecnologica, le aree sciistiche proseguono le loro azioni per promuovere uno sviluppo turistico pi\u00f9 sostenibile e rispettoso dell&#8217;ambiente.  <\/p>\n<\/div><\/div>\n\n\n\n<div class=\"section-wrapper\"><div class=\"wp-block-ws-library-scrollable-section-item ws-section-scrollable-item\">\n<p>Energia autoprodotta da fonti rinnovabili a <strong><a href=\"https:\/\/www.hautes-alpes.net\/it\/destinazioni-hautes-alpes\/serre-chevalier\/\">Serre Chevalier<\/a><\/strong>o la gestione dell&#8217;energia per regolare i consumi in tempo reale <strong>a Les <a href=\"https:\/\/www.hautes-alpes.net\/it\/destinazioni-hautes-alpes\/les-orres\/\">Orres<\/a><\/strong>, scopri tutte le iniziative eco-responsabili dei resort del dipartimento nelle cartelle stampa dei resort.<\/p>\n<\/div><\/div>\n<\/div><\/div><\/div>\n\n<div class=\"wp-block-ws-library-scrollable-section ws-section-scrollable alignfull\"><div class=\"scrollable-item\"><div class=\"group-content\"><div class=\"wrapper\"><h3 class=\"field-title\">Quattro stagioni<\/h3><div class=\"field-intro\"><p>L&#8217;esempio del comune di Mon\u00eatier-les-Bains a Serre Chevalier<\/p><\/div><\/div><\/div><div class=\"group-innerblocks\"><div class=\"group-media\"><div class=\"field-image\"><img decoding=\"async\" src=\"https:\/\/www.hautes-alpes.net\/wp-content\/uploads\/2025\/11\/agiles-decouverte-de-monetier-les-bains-alpes-photographies-1140x620.jpg\" alt=\"\"\/><\/div><div class=\"credits\">Alpes Photographies<\/div><\/div>\n<div class=\"section-wrapper\"><div class=\"wp-block-ws-library-scrollable-section-item ws-section-scrollable-item\">\n<p>Piccolo borgo di montagna nel <strong>Parco Nazionale degli Ecrins<\/strong>, <strong>Le<\/strong> <strong>Mon\u00eatier-les-Bains<\/strong> \u00e8 rinomato per l&#8217;alpinismo.  <\/p>\n\n\n\n<p>Recentemente \u00e8 stato introdotto anche il bouldering. Un servizio di <strong>France 3<\/strong>, a cura di <strong>Lucie Robert<\/strong> e <strong>Fabien Madigou<\/strong>. <\/p>\n\n\n\n<div class=\"wp-block-buttons is-layout-flex wp-block-buttons-is-layout-flex\">\n<div class=\"wp-block-button\"><a class=\"wp-block-button__link wp-element-button\" href=\"https:\/\/www.youtube.com\/watch?v=dc7zesZcFis\">Video<\/a><\/div>\n<\/div>\n<\/div><\/div>\n<\/div><\/div><\/div>\n\n<div class=\"wp-block-ws-library-scrollable-section ws-section-scrollable alignfull\"><div class=\"scrollable-item\"><div class=\"group-content\"><div class=\"wrapper\"><h3 class=\"field-title\">Alimentazione<\/h3><div class=\"field-intro\"><p>Un progetto alimentare dipartimentale<\/p><\/div><\/div><\/div><div class=\"group-innerblocks\"><div class=\"group-media\"><div class=\"field-image\"><img decoding=\"async\" src=\"https:\/\/www.hautes-alpes.net\/wp-content\/uploads\/2025\/12\/gaec-val-azur-traite-bleu-du-queyras-1-1-1140x620.jpg\" alt=\"\"\/><\/div><div class=\"credits\">P. Domeyne - AD05<\/div><\/div>\n<div class=\"section-wrapper\"><div class=\"wp-block-ws-library-scrollable-section-item ws-section-scrollable-item\">\n<p>Vista l&#8217;<strong>urgente necessit\u00e0 di affrontare<\/strong> le questioni <strong>climatiche<\/strong>, <strong>energetiche<\/strong> e <strong>ambientali<\/strong>, il governo ha presentato le principali linee guida derivanti dal processo di<strong> pianificazione ecologica<\/strong>, con l&#8217;obiettivo di pi\u00f9 che dimezzare le emissioni di gas serra della Francia, ridurre la pressione sulla biodiversit\u00e0 e gestire meglio le risorse essenziali.  <\/p>\n<\/div><\/div>\n\n\n\n<div class=\"section-wrapper\"><div class=\"wp-block-ws-library-scrollable-section-item ws-section-scrollable-item\">\n<p>Il TAP delle Hautes-Alpes conferisce una coerenza globale al sistema alimentare del dipartimento, con un unico obiettivo: <strong>puntare all&#8217;eccellenza e all&#8217;esemplarit\u00e0 alimentare<\/strong>. Una risposta all&#8217;attuale crisi ambientale, economica e sociale.   <\/p>\n<\/div><\/div>\n\n\n\n<div class=\"section-wrapper\"><div class=\"wp-block-ws-library-scrollable-section-item ws-section-scrollable-item\">\n<div class=\"wp-block-ws-library-ws-image\"><div class=\"wrapper\"><div class=\"group-media\"><img decoding=\"async\" src=\"https:\/\/www.hautes-alpes.net\/wp-content\/uploads\/2025\/12\/gaec-val-azur-2-427x640.jpg\" alt=\"\" class=\"single_image ws-image-146495\"><div class=\"credits\">P. Domeyne - AD05<\/div><\/div><p class=\"caption\"><\/p><\/div><\/div>\n<\/div><\/div>\n\n\n\n<div class=\"section-wrapper\"><div class=\"wp-block-ws-library-scrollable-section-item ws-section-scrollable-item\">\n<div class=\"wp-block-ws-library-ws-image\"><div class=\"wrapper\"><div class=\"group-media\"><img decoding=\"async\" src=\"https:\/\/www.hautes-alpes.net\/wp-content\/uploads\/2025\/12\/traite-tarines-arvieux-patrick-domeyne-2-960x640.jpg\" alt=\"\" class=\"single_image ws-image-146493\"><div class=\"credits\"><\/div><\/div><p class=\"caption\"><\/p><\/div><\/div>\n<\/div><\/div>\n\n\n\n<div class=\"section-wrapper\"><div class=\"wp-block-ws-library-scrollable-section-item ws-section-scrollable-item\">\n<div class=\"wp-block-ws-library-ws-image\"><div class=\"wrapper\"><div class=\"group-media\"><img decoding=\"async\" src=\"https:\/\/www.hautes-alpes.net\/wp-content\/uploads\/2025\/12\/traite-tarines-arvieux-patrick-domeyne-34-907x640.jpg\" alt=\"\" class=\"single_image ws-image-146492\"><div class=\"credits\">P. Domeyne - AD05<\/div><\/div><p class=\"caption\"><\/p><\/div><\/div>\n<\/div><\/div>\n\n\n\n<div class=\"section-wrapper\"><div class=\"wp-block-ws-library-scrollable-section-item ws-section-scrollable-item\">\n<div class=\"wp-block-ws-library-ws-image\"><div class=\"wrapper\"><div class=\"group-media\"><img decoding=\"async\" src=\"https:\/\/www.hautes-alpes.net\/wp-content\/uploads\/2025\/12\/la-grande-tableue-ac-la-place-des-pates-1240x800.jpg\" alt=\"\" class=\"single_image ws-image-92006\"><div class=\"credits\">P. Domeyne - AD05<\/div><\/div><p class=\"caption\"><\/p><\/div><\/div>\n<\/div><\/div>\n<div class=\"field-link\"><a href=\"https:\/\/www.hautes-alpes.net\/filieres-economiques\/pat\/\" class=\"cardlink\">Voir la page<\/a><\/div><\/div><\/div><\/div>\n\n<div class=\"wp-block-ws-library-scrollable-section ws-section-scrollable alignfull\"><div class=\"scrollable-item\"><div class=\"group-content\"><div class=\"wrapper\"><h3 class=\"field-title\">Responsabilit\u00e0 sociale d&#8217;impresa<\/h3><div class=\"field-intro\"><p>Una versione regionale della CSR<\/p><\/div><\/div><\/div><div class=\"group-innerblocks\"><div class=\"group-media\"><div class=\"field-image\"><img decoding=\"async\" src=\"https:\/\/www.hautes-alpes.net\/wp-content\/uploads\/2025\/12\/acanthis-inauguration-extension-patrick-domeyne-2024-6-1140x620.jpg\" alt=\"\"\/><\/div><div class=\"credits\">P. Domeyne - AD05<\/div><\/div>\n<div class=\"section-wrapper\"><div class=\"wp-block-ws-library-scrollable-section-item ws-section-scrollable-item\">\n<p>In vista dei Giochi Olimpici e Paraolimpici delle Alpi francesi del 2030, le Hautes-Alpes stanno intraprendendo un&#8217;ambiziosa iniziativa di CSR locale.<\/p>\n<\/div><\/div>\n\n\n\n<div class=\"section-wrapper\"><div class=\"wp-block-ws-library-scrollable-section-item ws-section-scrollable-item\">\n<p>L&#8217;8 gennaio 2026, una ventina di organizzazioni professionali del dipartimento (camere consolari, federazioni, sindacati, organismi di rappresentanza, ecc.) hanno firmato <strong>la Carta della RSI delle Hautes-Alpes<\/strong>.<\/p>\n<\/div><\/div>\n\n\n\n<div class=\"section-wrapper\"><div class=\"wp-block-ws-library-scrollable-section-item ws-section-scrollable-item\">\n<div class=\"wp-block-ws-library-ws-image\"><div class=\"wrapper\"><div class=\"group-media\"><img decoding=\"async\" src=\"https:\/\/www.hautes-alpes.net\/wp-content\/uploads\/2025\/12\/acanthis-inauguration-extension-patrick-domeyne-2024-11-960x640.jpg\" alt=\"\" class=\"single_image ws-image-145592\"><div class=\"credits\">P. Domeyne - AD05<\/div><\/div><p class=\"caption\"><\/p><\/div><\/div>\n<\/div><\/div>\n\n\n\n<div class=\"section-wrapper\"><div class=\"wp-block-ws-library-scrollable-section-item ws-section-scrollable-item\">\n<div class=\"wp-block-ws-library-ws-image\"><div class=\"wrapper\"><div class=\"group-media\"><img decoding=\"async\" src=\"https:\/\/www.hautes-alpes.net\/wp-content\/uploads\/2025\/12\/semaine-de-lindustrie-18-960x640.jpg\" alt=\"\" class=\"single_image ws-image-146282\"><div class=\"credits\">C. Tempier - AD05<\/div><\/div><p class=\"caption\"><\/p><\/div><\/div>\n<\/div><\/div>\n\n\n\n<div class=\"section-wrapper\"><div class=\"wp-block-ws-library-scrollable-section-item ws-section-scrollable-item\">\n<div class=\"wp-block-ws-library-ws-image\"><div class=\"wrapper\"><div class=\"group-media\"><img decoding=\"async\" src=\"https:\/\/www.hautes-alpes.net\/wp-content\/uploads\/2025\/12\/7b3a1716-1-427x640.jpg\" alt=\"\" class=\"single_image ws-image-146469\"><div class=\"credits\"><\/div><\/div><p class=\"caption\"><\/p><\/div><\/div>\n<\/div><\/div>\n\n\n\n<div class=\"section-wrapper\"><div class=\"wp-block-ws-library-scrollable-section-item ws-section-scrollable-item\">\n<div class=\"wp-block-ws-library-ws-image\"><div class=\"wrapper\"><div class=\"group-media\"><img decoding=\"async\" src=\"https:\/\/www.hautes-alpes.net\/wp-content\/uploads\/2025\/12\/semaine-de-lindustrie-11-960x640.jpg\" alt=\"\" class=\"single_image ws-image-146280\"><div class=\"credits\"><\/div><\/div><p class=\"caption\"><\/p><\/div><\/div>\n<\/div><\/div>\n\n\n\n<div class=\"section-wrapper\"><div class=\"wp-block-ws-library-scrollable-section-item ws-section-scrollable-item\">\n<div class=\"wp-block-ws-library-ws-image\"><div class=\"wrapper\"><div class=\"group-media\"><img decoding=\"async\" src=\"https:\/\/www.hautes-alpes.net\/wp-content\/uploads\/2025\/12\/7b3a1692-1-960x640.jpg\" alt=\"\" class=\"single_image ws-image-146468\"><div class=\"credits\"><\/div><\/div><p class=\"caption\"><\/p><\/div><\/div>\n<\/div><\/div>\n<div class=\"field-link\"><a href=\"https:\/\/www.hautes-alpes.net\/filieres-economiques\/rse\/\" class=\"cardlink\">Voir la page<\/a><\/div><\/div><\/div><\/div>\n\n<div class=\"wp-block-ws-library-scrollable-section ws-section-scrollable alignfull\"><div class=\"scrollable-item\"><div class=\"group-content\"><div class=\"wrapper\"><h3 class=\"field-title\">Punto di equilibrio<\/h3><div class=\"field-intro\"><p>Le Hautes-Alpes aprono la strada<\/p><\/div><\/div><\/div><div class=\"group-innerblocks\"><div class=\"group-media\"><div class=\"field-image\"><img decoding=\"async\" src=\"https:\/\/www.hautes-alpes.net\/wp-content\/uploads\/2025\/12\/vge-vallouise.jpg\" alt=\"\"\/><\/div><div class=\"credits\">Le Dauphin\u00e9 Lib\u00e9r\u00e9<\/div><\/div>\n<div class=\"section-wrapper\"><div class=\"wp-block-ws-library-scrollable-section-item ws-section-scrollable-item\">\n<p>Dal <strong>50\u00b0 anniversario del Parco Nazionale degli Ecrins<\/strong> (nel 2024) al <strong>discorso della Vallouise<\/strong> proclamato da Val\u00e9ry Giscard d&#8217;Estaing nel 1977, le Hautes-Alpes sono all&#8217;avanguardia.<\/p>\n\n\n\n<p>\u00c8 la storia di una regione montana consapevole delle proprie vulnerabilit\u00e0 e che cerca di trovare un equilibrio tra la conservazione e la promozione dell&#8217;eccezionale ambiente naturale che rappresenta la sua pi\u00f9 grande risorsa.<\/p>\n\n\n\n<div class=\"wp-block-buttons is-layout-flex wp-block-buttons-is-layout-flex\">\n<div class=\"wp-block-button\"><a class=\"wp-block-button__link wp-element-button\" href=\"https:\/\/youtu.be\/3oAj0D4SCHs\" target=\"_blank\" rel=\"noreferrer noopener\">Video<\/a><\/div>\n<\/div>\n<\/div><\/div>\n<\/div><\/div><\/div>\n\n<div class=\"wp-block-ws-library-ws-share\"><span class=\"share-subtitle\">Ti \u00e8 piaciuta questa pagina?<\/span><span class=\"share-title\">Condividilo!<\/span><button class=\"ws-share-button wp-element-button\">Condividi questa pagina<\/button><\/div>\n","protected":false},"excerpt":{"rendered":"<p>La fragilit\u00e0 e l&#8217;agilit\u00e0 delle Hautes-Alpes Questa pagina racconta sia la vulnerabilit\u00e0 delle Hautes-Alpes, un dipartimento montuoso duramente colpito dai [&hellip;]<\/p>\n","protected":false},"author":2,"featured_media":0,"parent":0,"menu_order":0,"comment_status":"closed","ping_status":"closed","template":"","meta":{"is_dark_mode":false,"footnotes":""},"page_label":[],"class_list":["post-107998","page","type-page","status-publish","hentry"],"yoast_head":"<!-- This site is optimized with the Yoast SEO plugin v27.2 - https:\/\/yoast.com\/product\/yoast-seo-wordpress\/ -->\n<title>(Fr)agili - Hautes-Alpes<\/title>\n<meta name=\"description\" content=\"(Fr)agili La fragilit\u00e0 e l&#039;agilit\u00e0 delle Hautes-Alpes Questa pagina racconta sia la vulnerabilit\u00e0 delle Hautes-Alpes, un dipartimento montuoso duramente\" \/>\n<meta name=\"robots\" content=\"index, follow, max-snippet:-1, max-image-preview:large, max-video-preview:-1\" \/>\n<link rel=\"canonical\" href=\"https:\/\/www.hautes-alpes.net\/it\/enagile\/\" \/>\n<meta property=\"og:locale\" content=\"it_IT\" \/>\n<meta property=\"og:type\" content=\"article\" \/>\n<meta property=\"og:title\" content=\"(Fr)agili - Hautes-Alpes\" \/>\n<meta property=\"og:description\" content=\"(Fr)agili La fragilit\u00e0 e l&#039;agilit\u00e0 delle Hautes-Alpes Questa pagina racconta sia la vulnerabilit\u00e0 delle Hautes-Alpes, un dipartimento montuoso duramente\" \/>\n<meta property=\"og:url\" content=\"https:\/\/www.hautes-alpes.net\/it\/enagile\/\" \/>\n<meta property=\"og:site_name\" content=\"Hautes-Alpes\" \/>\n<meta property=\"article:modified_time\" content=\"2026-03-26T15:45:36+00:00\" \/>\n<meta property=\"og:image\" content=\"https:\/\/www.hautes-alpes.net\/wp-content\/uploads\/2026\/01\/maquette-image-flash-info5-1140x620.jpg\" \/>\n<meta name=\"twitter:card\" content=\"summary_large_image\" \/>\n<meta name=\"twitter:label1\" content=\"Tempo di lettura stimato\" \/>\n\t<meta name=\"twitter:data1\" content=\"8 minuti\" \/>\n<script type=\"application\/ld+json\" class=\"yoast-schema-graph\">{\"@context\":\"https:\/\/schema.org\",\"@graph\":[{\"@type\":\"WebPage\",\"@id\":\"https:\/\/www.hautes-alpes.net\/it\/enagile\/\",\"url\":\"https:\/\/www.hautes-alpes.net\/it\/enagile\/\",\"name\":\"(Fr)agili - Hautes-Alpes\",\"isPartOf\":{\"@id\":\"https:\/\/www.hautes-alpes.net\/it\/#website\"},\"primaryImageOfPage\":{\"@id\":\"https:\/\/www.hautes-alpes.net\/it\/enagile\/#primaryimage\"},\"image\":{\"@id\":\"https:\/\/www.hautes-alpes.net\/it\/enagile\/#primaryimage\"},\"thumbnailUrl\":\"https:\/\/www.hautes-alpes.net\/wp-content\/uploads\/2026\/01\/maquette-image-flash-info5-1140x620.jpg\",\"datePublished\":\"2025-11-12T11:44:56+00:00\",\"dateModified\":\"2026-03-26T15:45:36+00:00\",\"description\":\"(Fr)agili La fragilit\u00e0 e l'agilit\u00e0 delle Hautes-Alpes Questa pagina racconta sia la vulnerabilit\u00e0 delle Hautes-Alpes, un dipartimento montuoso duramente\",\"breadcrumb\":{\"@id\":\"https:\/\/www.hautes-alpes.net\/it\/enagile\/#breadcrumb\"},\"inLanguage\":\"it-IT\",\"potentialAction\":[{\"@type\":\"ReadAction\",\"target\":[\"https:\/\/www.hautes-alpes.net\/it\/enagile\/\"]}]},{\"@type\":\"ImageObject\",\"inLanguage\":\"it-IT\",\"@id\":\"https:\/\/www.hautes-alpes.net\/it\/enagile\/#primaryimage\",\"url\":\"https:\/\/www.hautes-alpes.net\/wp-content\/uploads\/2026\/01\/maquette-image-flash-info5-1140x620.jpg\",\"contentUrl\":\"https:\/\/www.hautes-alpes.net\/wp-content\/uploads\/2026\/01\/maquette-image-flash-info5-1140x620.jpg\"},{\"@type\":\"BreadcrumbList\",\"@id\":\"https:\/\/www.hautes-alpes.net\/it\/enagile\/#breadcrumb\",\"itemListElement\":[{\"@type\":\"ListItem\",\"position\":1,\"name\":\"Accueil\",\"item\":\"https:\/\/www.hautes-alpes.net\/it\/hautes-alpes\/\"},{\"@type\":\"ListItem\",\"position\":2,\"name\":\"(Fr)agili\"}]},{\"@type\":\"WebSite\",\"@id\":\"https:\/\/www.hautes-alpes.net\/it\/#website\",\"url\":\"https:\/\/www.hautes-alpes.net\/it\/\",\"name\":\"ADDET\",\"description\":\"\",\"publisher\":{\"@id\":\"https:\/\/www.hautes-alpes.net\/it\/#organization\"},\"potentialAction\":[{\"@type\":\"SearchAction\",\"target\":{\"@type\":\"EntryPoint\",\"urlTemplate\":\"https:\/\/www.hautes-alpes.net\/it\/?s={search_term_string}\"},\"query-input\":{\"@type\":\"PropertyValueSpecification\",\"valueRequired\":true,\"valueName\":\"search_term_string\"}}],\"inLanguage\":\"it-IT\"},{\"@type\":\"Organization\",\"@id\":\"https:\/\/www.hautes-alpes.net\/it\/#organization\",\"name\":\"Agence D\u00e9partementale de D\u00e9veloppement Economique et Touristique des Hautes-Alpes\",\"url\":\"https:\/\/www.hautes-alpes.net\/it\/\",\"logo\":{\"@type\":\"ImageObject\",\"inLanguage\":\"it-IT\",\"@id\":\"https:\/\/www.hautes-alpes.net\/it\/#\/schema\/logo\/image\/\",\"url\":\"https:\/\/www.hautes-alpes.net\/wp-content\/uploads\/2026\/01\/black-logo-2.svg\",\"contentUrl\":\"https:\/\/www.hautes-alpes.net\/wp-content\/uploads\/2026\/01\/black-logo-2.svg\",\"caption\":\"Agence D\u00e9partementale de D\u00e9veloppement Economique et Touristique des Hautes-Alpes\"},\"image\":{\"@id\":\"https:\/\/www.hautes-alpes.net\/it\/#\/schema\/logo\/image\/\"}}]}<\/script>\n<!-- \/ Yoast SEO plugin. -->","yoast_head_json":{"title":"(Fr)agili - Hautes-Alpes","description":"(Fr)agili La fragilit\u00e0 e l'agilit\u00e0 delle Hautes-Alpes Questa pagina racconta sia la vulnerabilit\u00e0 delle Hautes-Alpes, un dipartimento montuoso duramente","robots":{"index":"index","follow":"follow","max-snippet":"max-snippet:-1","max-image-preview":"max-image-preview:large","max-video-preview":"max-video-preview:-1"},"canonical":"https:\/\/www.hautes-alpes.net\/it\/enagile\/","og_locale":"it_IT","og_type":"article","og_title":"(Fr)agili - Hautes-Alpes","og_description":"(Fr)agili La fragilit\u00e0 e l'agilit\u00e0 delle Hautes-Alpes Questa pagina racconta sia la vulnerabilit\u00e0 delle Hautes-Alpes, un dipartimento montuoso duramente","og_url":"https:\/\/www.hautes-alpes.net\/it\/enagile\/","og_site_name":"Hautes-Alpes","article_modified_time":"2026-03-26T15:45:36+00:00","og_image":[{"url":"https:\/\/www.hautes-alpes.net\/wp-content\/uploads\/2026\/01\/maquette-image-flash-info5-1140x620.jpg","type":"","width":"","height":""}],"twitter_card":"summary_large_image","twitter_misc":{"Tempo di lettura stimato":"8 minuti"},"schema":{"@context":"https:\/\/schema.org","@graph":[{"@type":"WebPage","@id":"https:\/\/www.hautes-alpes.net\/it\/enagile\/","url":"https:\/\/www.hautes-alpes.net\/it\/enagile\/","name":"(Fr)agili - Hautes-Alpes","isPartOf":{"@id":"https:\/\/www.hautes-alpes.net\/it\/#website"},"primaryImageOfPage":{"@id":"https:\/\/www.hautes-alpes.net\/it\/enagile\/#primaryimage"},"image":{"@id":"https:\/\/www.hautes-alpes.net\/it\/enagile\/#primaryimage"},"thumbnailUrl":"https:\/\/www.hautes-alpes.net\/wp-content\/uploads\/2026\/01\/maquette-image-flash-info5-1140x620.jpg","datePublished":"2025-11-12T11:44:56+00:00","dateModified":"2026-03-26T15:45:36+00:00","description":"(Fr)agili La fragilit\u00e0 e l'agilit\u00e0 delle Hautes-Alpes Questa pagina racconta sia la vulnerabilit\u00e0 delle Hautes-Alpes, un dipartimento montuoso duramente","breadcrumb":{"@id":"https:\/\/www.hautes-alpes.net\/it\/enagile\/#breadcrumb"},"inLanguage":"it-IT","potentialAction":[{"@type":"ReadAction","target":["https:\/\/www.hautes-alpes.net\/it\/enagile\/"]}]},{"@type":"ImageObject","inLanguage":"it-IT","@id":"https:\/\/www.hautes-alpes.net\/it\/enagile\/#primaryimage","url":"https:\/\/www.hautes-alpes.net\/wp-content\/uploads\/2026\/01\/maquette-image-flash-info5-1140x620.jpg","contentUrl":"https:\/\/www.hautes-alpes.net\/wp-content\/uploads\/2026\/01\/maquette-image-flash-info5-1140x620.jpg"},{"@type":"BreadcrumbList","@id":"https:\/\/www.hautes-alpes.net\/it\/enagile\/#breadcrumb","itemListElement":[{"@type":"ListItem","position":1,"name":"Accueil","item":"https:\/\/www.hautes-alpes.net\/it\/hautes-alpes\/"},{"@type":"ListItem","position":2,"name":"(Fr)agili"}]},{"@type":"WebSite","@id":"https:\/\/www.hautes-alpes.net\/it\/#website","url":"https:\/\/www.hautes-alpes.net\/it\/","name":"ADDET","description":"","publisher":{"@id":"https:\/\/www.hautes-alpes.net\/it\/#organization"},"potentialAction":[{"@type":"SearchAction","target":{"@type":"EntryPoint","urlTemplate":"https:\/\/www.hautes-alpes.net\/it\/?s={search_term_string}"},"query-input":{"@type":"PropertyValueSpecification","valueRequired":true,"valueName":"search_term_string"}}],"inLanguage":"it-IT"},{"@type":"Organization","@id":"https:\/\/www.hautes-alpes.net\/it\/#organization","name":"Agence D\u00e9partementale de D\u00e9veloppement Economique et Touristique des Hautes-Alpes","url":"https:\/\/www.hautes-alpes.net\/it\/","logo":{"@type":"ImageObject","inLanguage":"it-IT","@id":"https:\/\/www.hautes-alpes.net\/it\/#\/schema\/logo\/image\/","url":"https:\/\/www.hautes-alpes.net\/wp-content\/uploads\/2026\/01\/black-logo-2.svg","contentUrl":"https:\/\/www.hautes-alpes.net\/wp-content\/uploads\/2026\/01\/black-logo-2.svg","caption":"Agence D\u00e9partementale de D\u00e9veloppement Economique et Touristique des Hautes-Alpes"},"image":{"@id":"https:\/\/www.hautes-alpes.net\/it\/#\/schema\/logo\/image\/"}}]}},"_links":{"self":[{"href":"https:\/\/www.hautes-alpes.net\/it\/wp-json\/wp\/v2\/pages\/107998","targetHints":{"allow":["GET"]}}],"collection":[{"href":"https:\/\/www.hautes-alpes.net\/it\/wp-json\/wp\/v2\/pages"}],"about":[{"href":"https:\/\/www.hautes-alpes.net\/it\/wp-json\/wp\/v2\/types\/page"}],"author":[{"embeddable":true,"href":"https:\/\/www.hautes-alpes.net\/it\/wp-json\/wp\/v2\/users\/2"}],"replies":[{"embeddable":true,"href":"https:\/\/www.hautes-alpes.net\/it\/wp-json\/wp\/v2\/comments?post=107998"}],"version-history":[{"count":10,"href":"https:\/\/www.hautes-alpes.net\/it\/wp-json\/wp\/v2\/pages\/107998\/revisions"}],"predecessor-version":[{"id":435179,"href":"https:\/\/www.hautes-alpes.net\/it\/wp-json\/wp\/v2\/pages\/107998\/revisions\/435179"}],"wp:attachment":[{"href":"https:\/\/www.hautes-alpes.net\/it\/wp-json\/wp\/v2\/media?parent=107998"}],"wp:term":[{"taxonomy":"page_label","embeddable":true,"href":"https:\/\/www.hautes-alpes.net\/it\/wp-json\/wp\/v2\/page_label?post=107998"}],"curies":[{"name":"wp","href":"https:\/\/api.w.org\/{rel}","templated":true}]}}