{"id":107859,"date":"2025-11-19T10:18:09","date_gmt":"2025-11-19T09:18:09","guid":{"rendered":"https:\/\/www.hautes-alpes.net\/destinazioni-hautes-alpes\/la-grave-la-meije\/"},"modified":"2026-04-20T14:06:38","modified_gmt":"2026-04-20T12:06:38","slug":"la-grave-la-meije","status":"publish","type":"page","link":"https:\/\/www.hautes-alpes.net\/it\/destinazioni-hautes-alpes\/la-grave-la-meije\/","title":{"rendered":"La Grave - La Meije"},"content":{"rendered":"\n<div class=\"wp-block-group alignfull hero-banner-cover-wide has-global-padding is-layout-constrained wp-block-group-is-layout-constrained\"><div class=\"yoast-breadcrumbs\"><span><span><a href=\"https:\/\/www.hautes-alpes.net\/it\/hautes-alpes\/\">Accueil<\/a><\/span>  <span><a href=\"https:\/\/www.hautes-alpes.net\/it\/destinazioni-hautes-alpes\/\">Destinazioni - Hautes-Alpes<\/a><\/span>  <span><a href=\"https:\/\/www.hautes-alpes.net\/it\/destinazioni-hautes-alpes\/\">Destinazioni - Hautes-Alpes<\/a><\/span>  <span class=\"breadcrumb_last\" aria-current=\"page\">La Grave - La Meije<\/span><\/span><\/div>\n\n\n<h1 class=\"wp-block-ws-library-post-title\">La Grave - La Meije<\/h1>\n\n\n\n<div class=\"wp-block-ws-library-media-embed ws-media-embed\"><img decoding=\"async\" src=\"https:\/\/www.hautes-alpes.net\/wp-content\/uploads\/2025\/11\/la-meije-et-le-pic-gaspard-2000x1000.jpg\" alt=\"\" class=\"ws-media-embed__image\" style=\"aspect-ratio:2000\/1000\"><\/div>\n\n\n\n<p class=\"subtitle\">Il mito selvaggio delle Alpi<\/p>\n\n\n\n<p><strong>La Grave - La Meije<\/strong> \u00e8 diversa da qualsiasi altra localit\u00e0. \u00c8 un ambiente grezzo e maestoso, dove <strong>roccia, ghiaccio e altitudine la fanno da padrone<\/strong>. Qui c&#8217;\u00e8 sempre qualcosa da vedere: <strong>la cima di La Meije<\/strong> (3.983 m), il <strong>ghiacciaio Girose<\/strong> e le leggendarie funivie che trasportano gli appassionati nel mondo verticale dei grandi spazi aperti.  <\/p>\n<\/div>\n\n<div style=\"height:50px\" aria-hidden=\"true\" class=\"wp-block-spacer\"><\/div>\n\n<div class=\"wp-block-group alignfull step-by-step has-global-padding is-layout-constrained wp-block-group-is-layout-constrained\">\n<div class=\"wp-block-ws-library-ws-columns alignwide has-2-columns are-vertically-aligned-center layout-5050\">\n<div class=\"wp-block-ws-library-ws-column\"><div class=\"wrapper\">\n<h2 class=\"wp-block-heading\"><strong>Un&#8217;ambientazione<\/strong> pi\u00f9 grande della vita<br\/><\/h2>\n\n\n\n<p>Non c&#8217;\u00e8 bisogno di trucchi: <strong>La Meije regna sovrana<\/strong>, indomita e affascinante. Il <strong>Parco Nazionale <a href=\"https:\/\/www.hautes-alpes.net\/it\/destinazioni-hautes-alpes\/pays-des-ecrins\/\">degli Ecrins <\/a><\/strong>\u00e8 la cornice selvaggia di questo gioiello delle Hautes-Alpes. Dal villaggio di <strong>La Grave, che ha ottenuto il marchio &#8221; <a href=\"https:\/\/www.hautes-alpes.net\/it\/iconico\/villaggi-per-lalpinismo\/\">Village d&#8217;alpinisme des \u00c9crins<\/a>&#8221;<\/strong>, le funivie portano i visitatori su un panorama mozzafiato: ghiacciai scintillanti, imponenti seracchi, rifugi sospesi&#8230; La montagna \u00e8 cruda, senza fronzoli.  <\/p>\n<\/div><\/div>\n\n\n\n<div class=\"wp-block-ws-library-ws-column\"><div class=\"wrapper\">\n<div class=\"wp-block-ws-library-ws-image\"><div class=\"wrapper\"><div class=\"group-media\"><img decoding=\"async\" src=\"https:\/\/www.hautes-alpes.net\/wp-content\/uploads\/2025\/11\/la-grave-automne-alpesphotographiescom-1-1240x800.jpg\" alt=\"\" class=\"single_image ws-image-54684\"><div class=\"credits\">Fotografie delle Alpi<\/div><\/div><p class=\"caption\"><\/p><\/div><\/div>\n<\/div><\/div>\n<\/div>\n\n\n\n<div class=\"wp-block-ws-library-ws-columns alignwide has-2-columns are-vertically-aligned-center layout-5050\">\n<div class=\"wp-block-ws-library-ws-column\"><div class=\"wrapper\">\n<h2 class=\"wp-block-heading\"><strong>Il regno<\/strong> del freeride<br\/><\/h2>\n\n\n\n<p>Lass\u00f9 non ci sono piste battute. La Grave-La Meije \u00e8 <strong>100% <a href=\"https:\/\/www.hautes-alpes.net\/it\/esperienze-hautes-alpes\/sci\/\">freeride<\/a><\/strong>. Si scia sotto le leggendarie funivie, tra crepacci, canaloni e neve fresca. Non ci sono compromessi: questa \u00e8 l&#8217;esperienza pura che \u00e8 stata soprannominata la <strong>Mecca del freeride<\/strong>. Qui incontrerai alcuni dei migliori rider del pianeta, qui per confrontarsi con l&#8217;essenza stessa della montagna. Per domare questo terreno selvaggio, \u00e8 meglio circondarsi di guide esperte. A pochi passi di distanza, la localit\u00e0 di Le <strong>Chazelet<\/strong>, adatta alle famiglie, offre sci per tutti.      <\/p>\n<\/div><\/div>\n\n\n\n<div class=\"wp-block-ws-library-ws-column\"><div class=\"wrapper\">\n<div class=\"wp-block-ws-library-ws-image\"><div class=\"wrapper\"><div class=\"group-media\"><img decoding=\"async\" src=\"https:\/\/www.hautes-alpes.net\/wp-content\/uploads\/2025\/11\/tblais-shooting-photo-la-grave-71-1-1240x800.jpg\" alt=\"\" class=\"single_image ws-image-71661\"><div class=\"credits\">T. Blais<\/div><\/div><p class=\"caption\"><\/p><\/div><\/div>\n<\/div><\/div>\n<\/div>\n\n\n\n<div class=\"wp-block-ws-library-ws-columns alignwide has-2-columns are-vertically-aligned-center layout-5050\">\n<div class=\"wp-block-ws-library-ws-column\"><div class=\"wrapper\">\n<h2 class=\"wp-block-heading\"><strong>In estate,<\/strong><br\/>\u00e8 il parco giochi d&#8217;avventura per eccellenza<strong>.<\/strong><\/h2>\n\n\n\n<p>Quando la neve lascia il posto a prati alpini e ghiacciai, La Grave - La Meije diventa un <strong>paradiso dell&#8217;outdoor<\/strong>. <a href=\"https:\/\/www.hautes-alpes.net\/it\/esperienze-hautes-alpes\/bicicletta-da-montagna\/\">Mountain bike <\/a>su sentieri impegnativi, <a href=\"https:\/\/www.hautes-alpes.net\/it\/esperienze-hautes-alpes\/passeggiate-ed-escursioni\/\">escursioni <\/a>su itinerari d&#8217;alta quota, passeggiate sui ghiacciai nel cuore <strong>del Girose<\/strong>, <a href=\"https:\/\/www.hautes-alpes.net\/it\/esperienze-hautes-alpes\/arrampicata\/\">arrampicata<\/a>, <a href=\"https:\/\/www.hautes-alpes.net\/it\/esperienze-hautes-alpes\/alpinismo\/\">alpinismo<\/a>&#8230; Ogni curva \u00e8 una sfida, ogni cima una ricompensa. Alla fine della strada, <strong>i <\/strong><a href=\"https:\/\/www.hautes-alpes.net\/it\/iconico\/rifugi\/\"><strong>rifugi<\/strong> <\/a>accolgono gli appassionati in cerca di autenticit\u00e0 e silenzio. <\/p>\n<\/div><\/div>\n\n\n\n<div class=\"wp-block-ws-library-ws-column\"><div class=\"wrapper\">\n<div class=\"wp-block-ws-library-ws-image\"><div class=\"wrapper\"><div class=\"group-media\"><img decoding=\"async\" src=\"https:\/\/www.hautes-alpes.net\/wp-content\/uploads\/2025\/11\/thibaut-blais-16-1240x800.jpg\" alt=\"\" class=\"single_image ws-image-54702\"><div class=\"credits\">T. Blais<\/div><\/div><p class=\"caption\"><\/p><\/div><\/div>\n<\/div><\/div>\n<\/div>\n\n\n\n<div class=\"wp-block-ws-library-ws-columns alignwide has-2-columns are-vertically-aligned-center layout-5050\">\n<div class=\"wp-block-ws-library-ws-column\"><div class=\"wrapper\">\n<h2 class=\"wp-block-heading\"><strong>Un&#8217;atmosfera<\/strong> unica<br\/><\/h2>\n\n\n\n<p>Ogni arrivo alla funivia \u00e8 una scarica di adrenalina, ogni discesa una gioiosa sfida con gli elementi. <strong>Qui c&#8217;\u00e8 un&#8217;atmosfera amichevole<\/strong> e senza fronzoli, in cui gli appassionati condividono il gusto di fare le cose sul serio. Pi\u00f9 che un semplice resort, <strong>La Grave - La Meije \u00e8 un&#8217;esperienza<\/strong>: un&#8217;occasione per misurarsi con l&#8217;immensit\u00e0, per vibrare al ritmo delle alte montagne. <\/p>\n<\/div><\/div>\n\n\n\n<div class=\"wp-block-ws-library-ws-column\"><div class=\"wrapper\">\n<div class=\"wp-block-ws-library-ws-image\"><div class=\"wrapper\"><div class=\"group-media\"><img decoding=\"async\" src=\"https:\/\/www.hautes-alpes.net\/wp-content\/uploads\/2025\/11\/la-grave-alpesphotographiescom-91-2-scaled-e1764255427907-1240x800.jpg\" alt=\"\" class=\"single_image ws-image-54680\"><div class=\"credits\">Fotografie delle Alpi<\/div><\/div><p class=\"caption\"><\/p><\/div><\/div>\n<\/div><\/div>\n<\/div>\n<\/div>\n\n<div style=\"height:50px\" aria-hidden=\"true\" class=\"wp-block-spacer\"><\/div>\n\n<div class=\"wp-block-group block-chiffres has-global-padding is-layout-constrained wp-block-group-is-layout-constrained\">\n<h2 class=\"wp-block-heading is-style-title-2\">La Grave - La Meije <br\/><strong>in cifre<\/strong><\/h2>\n\n\n\n<figure class=\"wp-block-table is-style-stats\"><table class=\"has-fixed-layout\"><tbody><tr><td><strong>DOMINIO FREERIDE<\/strong><\/td><td>100 %<\/td><\/tr><tr><td><strong>KM DESCENT<\/strong><\/td><td>19<\/td><\/tr><tr><td><strong>SVILUPPO<\/strong><\/td><td>2 300<\/td><\/tr><\/tbody><\/table><\/figure>\n\n\n\n<p class=\"field-source\"><\/p>\n<\/div>\n\n<div class=\"wp-block-ws-library-ws-gallery ws-gallery alignfull\"><div class=\"group-content\"><div class=\"field-title\">Un dominio di riferimento<\/div><p class=\"field-text\">La Mecca del freeride<\/p><\/div><div class=\"list-images\"><div class=\"item item-media scroll-detect\" data-end-offset=\"30%\"><a href=\"https:\/\/www.hautes-alpes.net\/wp-content\/uploads\/2025\/11\/les-hameaux-la-grave-les-terrasses-les-hyeres-le-chazelet-alpesphotographiescom-7-scaled.jpg\" class=\"item-media__link init-lightbox\" data-glightbox=\"ws-gallery\" data-gallery=\"ws-gallery\" data-title=\"\"><img loading=\"lazy\" decoding=\"async\" width=\"1024\" height=\"683\" src=\"https:\/\/www.hautes-alpes.net\/wp-content\/uploads\/2025\/11\/les-hameaux-la-grave-les-terrasses-les-hyeres-le-chazelet-alpesphotographiescom-7-1024x683.jpg\" alt=\"\" class=\"ws-image wp-image-78591\" srcset=\"https:\/\/www.hautes-alpes.net\/wp-content\/uploads\/2025\/11\/les-hameaux-la-grave-les-terrasses-les-hyeres-le-chazelet-alpesphotographiescom-7-1024x683.jpg 1024w, https:\/\/www.hautes-alpes.net\/wp-content\/uploads\/2025\/11\/les-hameaux-la-grave-les-terrasses-les-hyeres-le-chazelet-alpesphotographiescom-7-300x200.jpg 300w, https:\/\/www.hautes-alpes.net\/wp-content\/uploads\/2025\/11\/les-hameaux-la-grave-les-terrasses-les-hyeres-le-chazelet-alpesphotographiescom-7-768x512.jpg 768w, https:\/\/www.hautes-alpes.net\/wp-content\/uploads\/2025\/11\/les-hameaux-la-grave-les-terrasses-les-hyeres-le-chazelet-alpesphotographiescom-7-1536x1025.jpg 1536w, https:\/\/www.hautes-alpes.net\/wp-content\/uploads\/2025\/11\/les-hameaux-la-grave-les-terrasses-les-hyeres-le-chazelet-alpesphotographiescom-7-2048x1366.jpg 2048w, https:\/\/www.hautes-alpes.net\/wp-content\/uploads\/2025\/11\/les-hameaux-la-grave-les-terrasses-les-hyeres-le-chazelet-alpesphotographiescom-7-480x320.jpg 480w, https:\/\/www.hautes-alpes.net\/wp-content\/uploads\/2025\/11\/les-hameaux-la-grave-les-terrasses-les-hyeres-le-chazelet-alpesphotographiescom-7-960x640.jpg 960w, https:\/\/www.hautes-alpes.net\/wp-content\/uploads\/2025\/11\/les-hameaux-la-grave-les-terrasses-les-hyeres-le-chazelet-alpesphotographiescom-7-660x440.jpg 660w, https:\/\/www.hautes-alpes.net\/wp-content\/uploads\/2025\/11\/les-hameaux-la-grave-les-terrasses-les-hyeres-le-chazelet-alpesphotographiescom-7-525x350.jpg 525w, https:\/\/www.hautes-alpes.net\/wp-content\/uploads\/2025\/11\/les-hameaux-la-grave-les-terrasses-les-hyeres-le-chazelet-alpesphotographiescom-7-929x620.jpg 929w, https:\/\/www.hautes-alpes.net\/wp-content\/uploads\/2025\/11\/les-hameaux-la-grave-les-terrasses-les-hyeres-le-chazelet-alpesphotographiescom-7-959x640.jpg 959w\" sizes=\"auto, (max-width: 1024px) 100vw, 1024px\" \/><\/a><\/div><div class=\"item item-media scroll-detect\" data-end-offset=\"30%\"><a href=\"https:\/\/www.hautes-alpes.net\/wp-content\/uploads\/2025\/11\/pays-de-la-meije-alpesphotographiescom-2.jpg\" class=\"item-media__link init-lightbox\" data-glightbox=\"ws-gallery\" data-gallery=\"ws-gallery\" data-title=\"\"><img loading=\"lazy\" decoding=\"async\" width=\"1024\" height=\"683\" src=\"https:\/\/www.hautes-alpes.net\/wp-content\/uploads\/2025\/11\/pays-de-la-meije-alpesphotographiescom-2-1024x683.jpg\" alt=\"\" class=\"ws-image wp-image-54697\" srcset=\"https:\/\/www.hautes-alpes.net\/wp-content\/uploads\/2025\/11\/pays-de-la-meije-alpesphotographiescom-2-1024x683.jpg 1024w, https:\/\/www.hautes-alpes.net\/wp-content\/uploads\/2025\/11\/pays-de-la-meije-alpesphotographiescom-2-300x200.jpg 300w, https:\/\/www.hautes-alpes.net\/wp-content\/uploads\/2025\/11\/pays-de-la-meije-alpesphotographiescom-2-768x512.jpg 768w, https:\/\/www.hautes-alpes.net\/wp-content\/uploads\/2025\/11\/pays-de-la-meije-alpesphotographiescom-2-1536x1025.jpg 1536w, https:\/\/www.hautes-alpes.net\/wp-content\/uploads\/2025\/11\/pays-de-la-meije-alpesphotographiescom-2-480x320.jpg 480w, https:\/\/www.hautes-alpes.net\/wp-content\/uploads\/2025\/11\/pays-de-la-meije-alpesphotographiescom-2-960x640.jpg 960w, https:\/\/www.hautes-alpes.net\/wp-content\/uploads\/2025\/11\/pays-de-la-meije-alpesphotographiescom-2-660x440.jpg 660w, https:\/\/www.hautes-alpes.net\/wp-content\/uploads\/2025\/11\/pays-de-la-meije-alpesphotographiescom-2-525x350.jpg 525w, https:\/\/www.hautes-alpes.net\/wp-content\/uploads\/2025\/11\/pays-de-la-meije-alpesphotographiescom-2-929x620.jpg 929w, https:\/\/www.hautes-alpes.net\/wp-content\/uploads\/2025\/11\/pays-de-la-meije-alpesphotographiescom-2-959x640.jpg 959w, https:\/\/www.hautes-alpes.net\/wp-content\/uploads\/2025\/11\/pays-de-la-meije-alpesphotographiescom-2.jpg 1920w\" sizes=\"auto, (max-width: 1024px) 100vw, 1024px\" \/><\/a><\/div><div class=\"item item-media scroll-detect\" data-end-offset=\"30%\"><a href=\"https:\/\/www.hautes-alpes.net\/wp-content\/uploads\/2025\/11\/plateau-d-emparis-23-scaled.jpg\" class=\"item-media__link init-lightbox\" data-glightbox=\"ws-gallery\" data-gallery=\"ws-gallery\" data-title=\"\"><img loading=\"lazy\" decoding=\"async\" width=\"1024\" height=\"383\" src=\"https:\/\/www.hautes-alpes.net\/wp-content\/uploads\/2025\/11\/plateau-d-emparis-23-1024x383.jpg\" alt=\"\" class=\"ws-image wp-image-54698\" srcset=\"https:\/\/www.hautes-alpes.net\/wp-content\/uploads\/2025\/11\/plateau-d-emparis-23-1024x383.jpg 1024w, https:\/\/www.hautes-alpes.net\/wp-content\/uploads\/2025\/11\/plateau-d-emparis-23-300x112.jpg 300w, https:\/\/www.hautes-alpes.net\/wp-content\/uploads\/2025\/11\/plateau-d-emparis-23-768x287.jpg 768w, https:\/\/www.hautes-alpes.net\/wp-content\/uploads\/2025\/11\/plateau-d-emparis-23-1536x575.jpg 1536w, https:\/\/www.hautes-alpes.net\/wp-content\/uploads\/2025\/11\/plateau-d-emparis-23-2048x766.jpg 2048w, https:\/\/www.hautes-alpes.net\/wp-content\/uploads\/2025\/11\/plateau-d-emparis-23-480x180.jpg 480w, https:\/\/www.hautes-alpes.net\/wp-content\/uploads\/2025\/11\/plateau-d-emparis-23-960x359.jpg 960w, https:\/\/www.hautes-alpes.net\/wp-content\/uploads\/2025\/11\/plateau-d-emparis-23-1120x419.jpg 1120w, https:\/\/www.hautes-alpes.net\/wp-content\/uploads\/2025\/11\/plateau-d-emparis-23-1240x464.jpg 1240w\" sizes=\"auto, (max-width: 1024px) 100vw, 1024px\" \/><\/a><\/div><div class=\"item item-media scroll-detect\" data-end-offset=\"30%\"><a href=\"https:\/\/www.hautes-alpes.net\/wp-content\/uploads\/2025\/11\/tblais-shooting-photo-la-grave-58-scaled.jpg\" class=\"item-media__link init-lightbox\" data-glightbox=\"ws-gallery\" data-gallery=\"ws-gallery\" data-title=\"\"><img loading=\"lazy\" decoding=\"async\" width=\"683\" height=\"1024\" src=\"https:\/\/www.hautes-alpes.net\/wp-content\/uploads\/2025\/11\/tblais-shooting-photo-la-grave-58-683x1024.jpg\" alt=\"\" class=\"ws-image wp-image-54700\" srcset=\"https:\/\/www.hautes-alpes.net\/wp-content\/uploads\/2025\/11\/tblais-shooting-photo-la-grave-58-683x1024.jpg 683w, https:\/\/www.hautes-alpes.net\/wp-content\/uploads\/2025\/11\/tblais-shooting-photo-la-grave-58-200x300.jpg 200w, https:\/\/www.hautes-alpes.net\/wp-content\/uploads\/2025\/11\/tblais-shooting-photo-la-grave-58-768x1152.jpg 768w, https:\/\/www.hautes-alpes.net\/wp-content\/uploads\/2025\/11\/tblais-shooting-photo-la-grave-58-1024x1536.jpg 1024w, https:\/\/www.hautes-alpes.net\/wp-content\/uploads\/2025\/11\/tblais-shooting-photo-la-grave-58-1366x2048.jpg 1366w, https:\/\/www.hautes-alpes.net\/wp-content\/uploads\/2025\/11\/tblais-shooting-photo-la-grave-58-467x700.jpg 467w, https:\/\/www.hautes-alpes.net\/wp-content\/uploads\/2025\/11\/tblais-shooting-photo-la-grave-58-427x640.jpg 427w, https:\/\/www.hautes-alpes.net\/wp-content\/uploads\/2025\/11\/tblais-shooting-photo-la-grave-58-480x720.jpg 480w, https:\/\/www.hautes-alpes.net\/wp-content\/uploads\/2025\/11\/tblais-shooting-photo-la-grave-58-413x620.jpg 413w, https:\/\/www.hautes-alpes.net\/wp-content\/uploads\/2025\/11\/tblais-shooting-photo-la-grave-58-scaled.jpg 1707w\" sizes=\"auto, (max-width: 683px) 100vw, 683px\" \/><\/a><\/div><div class=\"item item-media scroll-detect\" data-end-offset=\"30%\"><a href=\"https:\/\/www.hautes-alpes.net\/wp-content\/uploads\/2025\/11\/urlm-21-1011-1-scaled.jpg\" class=\"item-media__link init-lightbox\" data-glightbox=\"ws-gallery\" data-gallery=\"ws-gallery\" data-title=\"\"><img loading=\"lazy\" decoding=\"async\" width=\"1024\" height=\"683\" src=\"https:\/\/www.hautes-alpes.net\/wp-content\/uploads\/2025\/11\/urlm-21-1011-1-1024x683.jpg\" alt=\"\" class=\"ws-image wp-image-54704\" srcset=\"https:\/\/www.hautes-alpes.net\/wp-content\/uploads\/2025\/11\/urlm-21-1011-1-1024x683.jpg 1024w, https:\/\/www.hautes-alpes.net\/wp-content\/uploads\/2025\/11\/urlm-21-1011-1-300x200.jpg 300w, https:\/\/www.hautes-alpes.net\/wp-content\/uploads\/2025\/11\/urlm-21-1011-1-768x512.jpg 768w, https:\/\/www.hautes-alpes.net\/wp-content\/uploads\/2025\/11\/urlm-21-1011-1-1536x1024.jpg 1536w, https:\/\/www.hautes-alpes.net\/wp-content\/uploads\/2025\/11\/urlm-21-1011-1-2048x1365.jpg 2048w, https:\/\/www.hautes-alpes.net\/wp-content\/uploads\/2025\/11\/urlm-21-1011-1-480x320.jpg 480w, https:\/\/www.hautes-alpes.net\/wp-content\/uploads\/2025\/11\/urlm-21-1011-1-960x640.jpg 960w, https:\/\/www.hautes-alpes.net\/wp-content\/uploads\/2025\/11\/urlm-21-1011-1-660x440.jpg 660w, https:\/\/www.hautes-alpes.net\/wp-content\/uploads\/2025\/11\/urlm-21-1011-1-525x350.jpg 525w, https:\/\/www.hautes-alpes.net\/wp-content\/uploads\/2025\/11\/urlm-21-1011-1-930x620.jpg 930w\" sizes=\"auto, (max-width: 1024px) 100vw, 1024px\" \/><\/a><\/div><\/div><\/div>\n\n<div style=\"height:50px\" aria-hidden=\"true\" class=\"wp-block-spacer\"><\/div>\n\n<h2 class=\"wp-block-heading is-style-title-1\">Punti di forza di <strong>La Grave - La Meije<\/strong><\/h2>\n\n<div class=\"wp-block-group alignwide list-nodetails is-content-justification-center is-layout-flex wp-container-core-group-is-layout-94ea2d6b wp-block-group-is-layout-flex\">\n<div class=\"wp-block-group has-global-padding is-layout-constrained wp-block-group-is-layout-constrained\">\n<div class=\"wp-block-ws-library-ws-image is-style-simple\"><div class=\"wrapper\"><div class=\"group-media\"><img decoding=\"async\" src=\"https:\/\/www.hautes-alpes.net\/wp-content\/uploads\/2025\/11\/7b3a7219-1240x800.jpg\" alt=\"\" class=\"single_image ws-image-58044\"><div class=\"credits\">P. Domeyne - AD05<\/div><\/div><p class=\"caption\"><\/p><\/div><\/div>\n\n\n\n<h3 class=\"wp-block-heading\"><em>Alpinismo<br\/><\/em>Grave y cimes<\/h3>\n\n\n\n<p>A La Grave, Grave Y Cimes invita i novizi e gli appassionati a provare l&#8217;alpinismo a grandezza naturale: due giorni di workshop supervisionati sul ghiacciaio, a un&#8217;altitudine di 3.200 m, per imparare e progredire.<\/p>\n<\/div>\n\n\n\n<div class=\"wp-block-group has-global-padding is-layout-constrained wp-block-group-is-layout-constrained\">\n<div class=\"wp-block-ws-library-ws-image is-style-simple\"><div class=\"wrapper\"><div class=\"group-media\"><img decoding=\"async\" src=\"https:\/\/www.hautes-alpes.net\/wp-content\/uploads\/2025\/11\/la-grave-automne-alpesphotographiescom-1-1240x800.jpg\" alt=\"\" class=\"single_image ws-image-54684\"><div class=\"credits\">Fotografie delle Alpi<\/div><\/div><p class=\"caption\"><\/p><\/div><\/div>\n\n\n\n<h3 class=\"wp-block-heading\"><em>Alpinismo<br\/><\/em>Guida festival<\/h3>\n\n\n\n<p>La F\u00eate des Guides de La Grave celebra l&#8217;alta montagna in pompa magna: una sfilata, una benedizione e dimostrazioni rendono omaggio alle leggendarie guide dell&#8217;Oisans. Un autentico appuntamento estivo nel cuore di uno dei villaggi pi\u00f9 belli della Francia. <\/p>\n<\/div>\n\n\n\n<div class=\"wp-block-group has-global-padding is-layout-constrained wp-block-group-is-layout-constrained\">\n<div class=\"wp-block-ws-library-ws-image is-style-simple\"><div class=\"wrapper\"><div class=\"group-media\"><img decoding=\"async\" src=\"https:\/\/www.hautes-alpes.net\/wp-content\/uploads\/2026\/04\/la-grave-ultra-raid-1240x800.jpg\" alt=\"\" class=\"single_image ws-image-485995\"><div class=\"credits\"><\/div><\/div><p class=\"caption\"><\/p><\/div><\/div>\n\n\n\n<h3 class=\"wp-block-heading\"><em>Mountain bike<br\/><\/em>Ultra raid VTT de La Meije<\/h3>\n\n\n\n<p>L&#8217;Ultra Raid de la Meije \u00e8 una leggenda della mountain bike alpina: alti passi, oltre 5.000 metri di dislivello e panorami mozzafiato. Una sfida tanto spettacolare quanto impegnativa, fatta per gli amanti del brivido. <\/p>\n<\/div>\n<\/div>\n\n<div style=\"height:50px\" aria-hidden=\"true\" class=\"wp-block-spacer\"><\/div>\n\n<div class=\"wp-block-ws-library-ws-animated-quote\"><blockquote class=\"quote-container quote-align-undefined\"><footer><cite class=\"quote-subcontent\"><strong>Pierre-Louis Cret, <br><\/strong>appassionato di sci<\/cite><\/footer><p class=\"quote-content\">&#8221;Non \u00e8 la capitale, \u00e8 La Grave BB \ud83d\ude09 &#8221;<\/p><\/blockquote><\/div>\n\n<div style=\"height:50px\" aria-hidden=\"true\" class=\"wp-block-spacer\"><\/div>\n\n<h2 class=\"wp-block-heading is-style-title-1\">Quaderno <strong>pratico<\/strong><\/h2>\n\n<div class=\"wp-block-ws-library-ws-tabs alignfull\"><ul class=\"tabs-titles\"><li class=\"tab-title is-active\" data-tab-index=\"0\">Mappa del percorso<\/li><li class=\"tab-title\" data-tab-index=\"1\">Webcam<\/li><li class=\"tab-title\" data-tab-index=\"2\">Bollettino della neve<\/li><li class=\"tab-title\" data-tab-index=\"3\">Alloggio e servizi<\/li><\/ul><div class=\"tabs-list\">\n<div class=\"wp-block-ws-library-ws-tab\" style=\"display:none\"><p class=\"tab-title\">Mappa del percorso<\/p><div class=\"tab-content\">\n<div class=\"wp-block-group is-nowrap is-layout-flex wp-container-core-group-is-layout-6c531013 wp-block-group-is-layout-flex\">\n<div class=\"wp-block-ws-library-ws-image tab-group-media is-style-simple\"><div class=\"wrapper\"><div class=\"group-media\"><a href=\"https:\/\/www.hautes-alpes.net\/wp-content\/uploads\/2025\/11\/la-grave-la-meije-plan-des-pistes.webp\" data-glightbox=\"true\" class=\"lightbox-trigger\"><img decoding=\"async\" src=\"https:\/\/www.hautes-alpes.net\/wp-content\/uploads\/2025\/11\/la-grave-la-meije-plan-des-pistes-586x640.webp\" alt=\"\" class=\"single_image ws-image-82494\"><\/a><div class=\"credits\"><\/div><\/div><p class=\"caption\"><\/p><\/div><\/div>\n\n\n\n<div class=\"wp-block-group tab-row is-nowrap is-layout-flex wp-container-core-group-is-layout-6c531013 wp-block-group-is-layout-flex\">\n<div class=\"wp-block-buttons is-layout-flex wp-block-buttons-is-layout-flex\">\n<div class=\"wp-block-button is-style-default\"><a class=\"wp-block-button__link wp-element-button\" href=\"https:\/\/www.hautes-alpes.net\/wp-content\/uploads\/2025\/11\/la-grave-la-meije-plan-des-pistes-1.webp\">Scarica la mappa<\/a><\/div>\n<\/div>\n<\/div>\n<\/div>\n<\/div><\/div>\n\n\n\n<div class=\"wp-block-ws-library-ws-tab\" style=\"display:none\"><p class=\"tab-title\">Webcam<\/p><div class=\"tab-content\">\n<div class=\"wp-block-group tab-row is-nowrap is-layout-flex wp-container-core-group-is-layout-6c531013 wp-block-group-is-layout-flex\">\n<div class=\"wp-block-group tab-group-content is-layout-flow wp-block-group-is-layout-flow\">\n<p class=\"is-style-highlighted\">Segui il meteo, le condizioni della neve e l&#8217;attivit\u00e0 sulle piste per pianificare la tua giornata in montagna!<\/p>\n\n\n\n<div class=\"wp-block-buttons is-layout-flex wp-block-buttons-is-layout-flex\"><div class=\"wp-block-button is-style-webcam has-ws-lightbox\" aria-haspopup=\"dialog\" role=\"button\" aria-expanded=\"false\" aria-label=\"La grave \u2013 Col des Ruillans \u2013 3200m\" data-ws-lightbox=\"true\" data-ws-lightbox-webcam=\"77557\" href=\"#\"><a class=\"wp-block-button__link wp-element-button has-ws-lightbox\" href=\"#\" role=\"button\" aria-haspopup=\"dialog\" aria-expanded=\"false\" data-ws-lightbox=\"true\" data-ws-lightbox-webcam=\"77557\" data-ws-lightbox-snippet=\"PGlmcmFtZSBzcmM9Imh0dHBzOi8vd3d3LnNraWluZm8uaXQvbGFncmF2ZS8zMjAwbSIgd2lkdGg9IjEwMCUiIGhlaWdodD0iNDUwIiBmcmFtZWJvcmRlcj0iMCIgYWxsb3dmdWxsc2NyZWVuPjwvaWZyYW1lPg==\">Guarda la webcam<\/a><\/div>\n<\/div>\n<\/div>\n<\/div>\n<\/div><\/div>\n\n\n\n<div class=\"wp-block-ws-library-ws-tab\" style=\"display:none\"><p class=\"tab-title\">Bollettino della neve<\/p><div class=\"tab-content\">\n<div class=\"wp-block-group tab-row is-nowrap is-layout-flex wp-container-core-group-is-layout-6c531013 wp-block-group-is-layout-flex\">\n<div class=\"wp-block-group tab-group-content is-layout-flow wp-block-group-is-layout-flow\">\n<p class=\"is-style-highlighted\">Scopri le condizioni della neve nel resort:<\/p>\n\n\n\n<div class=\"wp-block-buttons is-layout-flex wp-block-buttons-is-layout-flex\"><div class=\"wp-block-button is-style-snow has-ws-lightbox\" aria-haspopup=\"dialog\" role=\"button\" aria-expanded=\"false\" aria-label=\"BULLETIN NEIGE \u2013 La Grave\" data-ws-lightbox=\"true\" data-ws-lightbox-webcam=\"82865\" href=\"#\"><a class=\"wp-block-button__link wp-element-button has-ws-lightbox\" href=\"#\" role=\"button\" aria-haspopup=\"dialog\" aria-expanded=\"false\" data-ws-lightbox=\"true\" data-ws-lightbox-webcam=\"82865\" data-ws-lightbox-snippet=\"PGlmcmFtZSBzcmM9Imh0dHBzOi8vd3d3LnNraWluZm8uaXQvd2lkZ2V0L3Nub3c\/cmVzb3J0PTE5MzEiIHdpZHRoPSIxMDAlIiBoZWlnaHQ9IjQ1MCIgZnJhbWVib3JkZXI9IjAiIGFsbG93ZnVsbHNjcmVlbj48L2lmcmFtZT4=\">Vedi il bollettino della neve<\/a><\/div>\n<\/div>\n<\/div>\n<\/div>\n<\/div><\/div>\n\n\n\n<div class=\"wp-block-ws-library-ws-tab\" style=\"display:none\"><p class=\"tab-title\">Alloggio e servizi<\/p><div class=\"tab-content\">\n<div class=\"wp-block-group tab-row is-nowrap is-layout-flex wp-container-core-group-is-layout-6c531013 wp-block-group-is-layout-flex\">\n<div class=\"wp-block-group tab-group-content is-layout-flow wp-block-group-is-layout-flow\">\n<p class=\"is-style-highlighted\">Stai cercando una vacanza a La Grave - La Meije? Trova il tuo alloggio e tutti i servizi di cui hai bisogno. <\/p>\n\n\n\n<p><\/p>\n<\/div>\n<\/div>\n\n\n\n<div class=\"wp-block-buttons is-layout-flex wp-block-buttons-is-layout-flex\">\n<div class=\"wp-block-button\"><a class=\"wp-block-button__link wp-element-button\" href=\"https:\/\/www.hautes-alpes.net\/it\/come-organizzarsi\/alloggi-ammobiliati-e-gites\/?_station=la-grave-la-meije\">Vedi alloggi e servizi<\/a><\/div>\n<\/div>\n<\/div><\/div>\n<\/div><\/div>\n\n<div style=\"height:100px\" aria-hidden=\"true\" class=\"wp-block-spacer\"><\/div>\n\n<div class=\"wp-block-group has-global-padding is-layout-constrained wp-block-group-is-layout-constrained\">\n<p>Hai bisogno di un consiglio?<\/p>\n\n\n\n<h2 class=\"wp-block-heading\">L&#8217;ufficio turistico,<br\/><strong>\u00e8 il tuo alleato locale<\/strong>.<\/h2>\n\n\n\n<p><strong>Buoni suggerimenti, idee per attivit\u00e0, consigli personalizzati: <\/strong>non esitare a venire a conoscere o a contattare <strong>i team<\/strong> dell&#8217;Ufficio del Turismo per sfruttare al meglio la tua destinazione.<\/p>\n\n\n\n<div class=\"wp-block-group has-global-padding is-layout-constrained wp-block-group-is-layout-constrained\">\n<h3 class=\"wp-block-heading\">Alte valli<\/h3>\n\n\n\n<p>38 route des grands cols RD 1091, 05320 La Grave<\/p>\n<\/div>\n\n\n\n<div class=\"wp-block-group has-global-padding is-layout-constrained wp-block-group-is-layout-constrained\">\n<p><a href=\"tel:+33476799005\">04 76 79 90 05<\/a><\/p>\n\n\n\n<div class=\"wp-block-buttons is-layout-flex wp-block-buttons-is-layout-flex\">\n<div class=\"wp-block-button is-style-fill is-style-default\"><a class=\"wp-block-button__link wp-element-button\" href=\"http:\/\/www.hautesvallees.com\">Sito web dell&#8217;ufficio<\/a><\/div>\n<\/div>\n<\/div>\n<\/div>\n\n<div style=\"height:100px\" aria-hidden=\"true\" class=\"wp-block-spacer\"><\/div>\n\n<hr class=\"wp-block-separator has-alpha-channel-opacity is-style-default\"\/>\n\n<h2 class=\"wp-block-heading is-style-title-1\"><strong>Vedi anche<\/strong><\/h2>\n\n<div class=\"wp-block-group alignwide list-nodetails is-content-justification-center is-layout-flex wp-container-core-group-is-layout-94ea2d6b wp-block-group-is-layout-flex\">\n<div class=\"wp-block-group has-global-padding is-layout-constrained wp-block-group-is-layout-constrained\">\n<div class=\"wp-block-ws-library-ws-image is-style-simple\"><div class=\"wrapper\"><div class=\"group-media\"><img decoding=\"async\" src=\"https:\/\/www.hautes-alpes.net\/wp-content\/uploads\/2025\/11\/bouquetin-hd-alpesphotographiescom-min-1-1240x800.jpg\" alt=\"Uno stambecco si riscalda al sole dopo un rigido inverno\" class=\"single_image ws-image-47847\"><div class=\"credits\">Fotografie delle Alpi<\/div><\/div><p class=\"caption\"><\/p><\/div><\/div>\n\n\n\n<h3 class=\"wp-block-heading is-style-title-2\"><em>Destinazioni<br\/><\/em>Brian\u00e7onnais<\/h3>\n\n\n\n<div class=\"wp-block-buttons is-layout-flex wp-block-buttons-is-layout-flex\">\n<div class=\"wp-block-button\"><a class=\"wp-block-button__link wp-element-button\" href=\"https:\/\/www.hautes-alpes.net\/it\/destinazioni-hautes-alpes\/brianconnais\/\">Vedi<\/a><\/div>\n<\/div>\n<\/div>\n\n\n\n<div class=\"wp-block-group has-global-padding is-layout-constrained wp-block-group-is-layout-constrained\">\n<div class=\"wp-block-ws-library-ws-image is-style-simple\"><div class=\"wrapper\"><div class=\"group-media\"><img decoding=\"async\" src=\"https:\/\/www.hautes-alpes.net\/wp-content\/uploads\/2025\/11\/glacier-blanc-famille-thibaut-blais-29-1240x800.jpg\" alt=\"\" class=\"single_image ws-image-58124\"><div class=\"credits\">T. Blais<\/div><\/div><p class=\"caption\"><\/p><\/div><\/div>\n\n\n\n<h3 class=\"wp-block-heading is-style-title-2\"><em>EsperienzeAlpinismo<\/em><\/h3>\n\n\n\n<div class=\"wp-block-buttons is-layout-flex wp-block-buttons-is-layout-flex\">\n<div class=\"wp-block-button\"><a class=\"wp-block-button__link wp-element-button\" href=\"https:\/\/www.hautes-alpes.net\/it\/esperienze-hautes-alpes\/alpinismo\/\">Vedi<\/a><\/div>\n<\/div>\n<\/div>\n<\/div>\n\n<div class=\"wp-block-ws-library-ws-share\"><span class=\"share-subtitle\">Ti \u00e8 piaciuta questa pagina?<\/span><span class=\"share-title\">Condividilo!<\/span><button class=\"ws-share-button wp-element-button\">Condividi questa pagina<\/button><\/div>\n","protected":false},"excerpt":{"rendered":"<p>Il mito selvaggio delle Alpi La Grave - La Meije \u00e8 diversa da qualsiasi altra localit\u00e0. \u00c8 un ambiente grezzo [&hellip;]<\/p>\n","protected":false},"author":5,"featured_media":0,"parent":107584,"menu_order":0,"comment_status":"closed","ping_status":"closed","template":"","meta":{"is_dark_mode":false,"footnotes":""},"page_label":[],"class_list":["post-107859","page","type-page","status-publish","hentry"],"yoast_head":"<!-- This site is optimized with the Yoast SEO plugin v27.2 - https:\/\/yoast.com\/product\/yoast-seo-wordpress\/ -->\n<title>La Grave - La Meije - Hautes-Alpes<\/title>\n<meta name=\"description\" content=\"La Grave - La Meije Il mito selvaggio delle Alpi La Grave - La Meije \u00e8 diversa da qualsiasi altra localit\u00e0. \u00c8 un ambiente grezzo e maestoso, dove roccia,\" \/>\n<meta name=\"robots\" content=\"index, follow, max-snippet:-1, max-image-preview:large, max-video-preview:-1\" \/>\n<link rel=\"canonical\" href=\"https:\/\/www.hautes-alpes.net\/it\/destinazioni-hautes-alpes\/la-grave-la-meije\/\" \/>\n<meta property=\"og:locale\" content=\"it_IT\" \/>\n<meta property=\"og:type\" content=\"article\" \/>\n<meta property=\"og:title\" content=\"La Grave - La Meije - Hautes-Alpes\" \/>\n<meta property=\"og:description\" content=\"La Grave - La Meije Il mito selvaggio delle Alpi La Grave - La Meije \u00e8 diversa da qualsiasi altra localit\u00e0. \u00c8 un ambiente grezzo e maestoso, dove roccia,\" \/>\n<meta property=\"og:url\" content=\"https:\/\/www.hautes-alpes.net\/it\/destinazioni-hautes-alpes\/la-grave-la-meije\/\" \/>\n<meta property=\"og:site_name\" content=\"Hautes-Alpes\" \/>\n<meta property=\"article:modified_time\" content=\"2026-04-20T12:06:38+00:00\" \/>\n<meta property=\"og:image\" content=\"https:\/\/www.hautes-alpes.net\/wp-content\/uploads\/2025\/11\/la-meije-et-le-pic-gaspard-2000x1000.jpg\" \/>\n<meta name=\"twitter:card\" content=\"summary_large_image\" \/>\n<meta name=\"twitter:label1\" content=\"Tempo di lettura stimato\" \/>\n\t<meta name=\"twitter:data1\" content=\"3 minuti\" \/>\n<script type=\"application\/ld+json\" class=\"yoast-schema-graph\">{\"@context\":\"https:\/\/schema.org\",\"@graph\":[{\"@type\":\"WebPage\",\"@id\":\"https:\/\/www.hautes-alpes.net\/it\/destinazioni-hautes-alpes\/la-grave-la-meije\/\",\"url\":\"https:\/\/www.hautes-alpes.net\/it\/destinazioni-hautes-alpes\/la-grave-la-meije\/\",\"name\":\"La Grave - La Meije - Hautes-Alpes\",\"isPartOf\":{\"@id\":\"https:\/\/www.hautes-alpes.net\/it\/#website\"},\"primaryImageOfPage\":{\"@id\":\"https:\/\/www.hautes-alpes.net\/it\/destinazioni-hautes-alpes\/la-grave-la-meije\/#primaryimage\"},\"image\":{\"@id\":\"https:\/\/www.hautes-alpes.net\/it\/destinazioni-hautes-alpes\/la-grave-la-meije\/#primaryimage\"},\"thumbnailUrl\":\"https:\/\/www.hautes-alpes.net\/wp-content\/uploads\/2025\/11\/la-meije-et-le-pic-gaspard-2000x1000.jpg\",\"datePublished\":\"2025-11-19T09:18:09+00:00\",\"dateModified\":\"2026-04-20T12:06:38+00:00\",\"description\":\"La Grave - La Meije Il mito selvaggio delle Alpi La Grave - La Meije \u00e8 diversa da qualsiasi altra localit\u00e0. \u00c8 un ambiente grezzo e maestoso, dove roccia,\",\"breadcrumb\":{\"@id\":\"https:\/\/www.hautes-alpes.net\/it\/destinazioni-hautes-alpes\/la-grave-la-meije\/#breadcrumb\"},\"inLanguage\":\"it-IT\",\"potentialAction\":[{\"@type\":\"ReadAction\",\"target\":[\"https:\/\/www.hautes-alpes.net\/it\/destinazioni-hautes-alpes\/la-grave-la-meije\/\"]}]},{\"@type\":\"ImageObject\",\"inLanguage\":\"it-IT\",\"@id\":\"https:\/\/www.hautes-alpes.net\/it\/destinazioni-hautes-alpes\/la-grave-la-meije\/#primaryimage\",\"url\":\"https:\/\/www.hautes-alpes.net\/wp-content\/uploads\/2025\/11\/la-meije-et-le-pic-gaspard-2000x1000.jpg\",\"contentUrl\":\"https:\/\/www.hautes-alpes.net\/wp-content\/uploads\/2025\/11\/la-meije-et-le-pic-gaspard-2000x1000.jpg\"},{\"@type\":\"BreadcrumbList\",\"@id\":\"https:\/\/www.hautes-alpes.net\/it\/destinazioni-hautes-alpes\/la-grave-la-meije\/#breadcrumb\",\"itemListElement\":[{\"@type\":\"ListItem\",\"position\":1,\"name\":\"Accueil\",\"item\":\"https:\/\/www.hautes-alpes.net\/it\/hautes-alpes\/\"},{\"@type\":\"ListItem\",\"position\":2,\"name\":\"Destinazioni - Hautes-Alpes\",\"item\":\"https:\/\/www.hautes-alpes.net\/it\/destinazioni-hautes-alpes\/\"},{\"@type\":\"ListItem\",\"position\":3,\"name\":\"Destinazioni - Hautes-Alpes\",\"item\":\"https:\/\/www.hautes-alpes.net\/it\/destinazioni-hautes-alpes\/\"},{\"@type\":\"ListItem\",\"position\":4,\"name\":\"La Grave - La Meije\"}]},{\"@type\":\"WebSite\",\"@id\":\"https:\/\/www.hautes-alpes.net\/it\/#website\",\"url\":\"https:\/\/www.hautes-alpes.net\/it\/\",\"name\":\"ADDET\",\"description\":\"\",\"publisher\":{\"@id\":\"https:\/\/www.hautes-alpes.net\/it\/#organization\"},\"potentialAction\":[{\"@type\":\"SearchAction\",\"target\":{\"@type\":\"EntryPoint\",\"urlTemplate\":\"https:\/\/www.hautes-alpes.net\/it\/?s={search_term_string}\"},\"query-input\":{\"@type\":\"PropertyValueSpecification\",\"valueRequired\":true,\"valueName\":\"search_term_string\"}}],\"inLanguage\":\"it-IT\"},{\"@type\":\"Organization\",\"@id\":\"https:\/\/www.hautes-alpes.net\/it\/#organization\",\"name\":\"Agence D\u00e9partementale de D\u00e9veloppement Economique et Touristique des Hautes-Alpes\",\"url\":\"https:\/\/www.hautes-alpes.net\/it\/\",\"logo\":{\"@type\":\"ImageObject\",\"inLanguage\":\"it-IT\",\"@id\":\"https:\/\/www.hautes-alpes.net\/it\/#\/schema\/logo\/image\/\",\"url\":\"https:\/\/www.hautes-alpes.net\/wp-content\/uploads\/2026\/01\/black-logo-2.svg\",\"contentUrl\":\"https:\/\/www.hautes-alpes.net\/wp-content\/uploads\/2026\/01\/black-logo-2.svg\",\"caption\":\"Agence D\u00e9partementale de D\u00e9veloppement Economique et Touristique des Hautes-Alpes\"},\"image\":{\"@id\":\"https:\/\/www.hautes-alpes.net\/it\/#\/schema\/logo\/image\/\"}}]}<\/script>\n<!-- \/ Yoast SEO plugin. -->","yoast_head_json":{"title":"La Grave - La Meije - Hautes-Alpes","description":"La Grave - La Meije Il mito selvaggio delle Alpi La Grave - La Meije \u00e8 diversa da qualsiasi altra localit\u00e0. \u00c8 un ambiente grezzo e maestoso, dove roccia,","robots":{"index":"index","follow":"follow","max-snippet":"max-snippet:-1","max-image-preview":"max-image-preview:large","max-video-preview":"max-video-preview:-1"},"canonical":"https:\/\/www.hautes-alpes.net\/it\/destinazioni-hautes-alpes\/la-grave-la-meije\/","og_locale":"it_IT","og_type":"article","og_title":"La Grave - La Meije - Hautes-Alpes","og_description":"La Grave - La Meije Il mito selvaggio delle Alpi La Grave - La Meije \u00e8 diversa da qualsiasi altra localit\u00e0. \u00c8 un ambiente grezzo e maestoso, dove roccia,","og_url":"https:\/\/www.hautes-alpes.net\/it\/destinazioni-hautes-alpes\/la-grave-la-meije\/","og_site_name":"Hautes-Alpes","article_modified_time":"2026-04-20T12:06:38+00:00","og_image":[{"url":"https:\/\/www.hautes-alpes.net\/wp-content\/uploads\/2025\/11\/la-meije-et-le-pic-gaspard-2000x1000.jpg","type":"","width":"","height":""}],"twitter_card":"summary_large_image","twitter_misc":{"Tempo di lettura stimato":"3 minuti"},"schema":{"@context":"https:\/\/schema.org","@graph":[{"@type":"WebPage","@id":"https:\/\/www.hautes-alpes.net\/it\/destinazioni-hautes-alpes\/la-grave-la-meije\/","url":"https:\/\/www.hautes-alpes.net\/it\/destinazioni-hautes-alpes\/la-grave-la-meije\/","name":"La Grave - La Meije - Hautes-Alpes","isPartOf":{"@id":"https:\/\/www.hautes-alpes.net\/it\/#website"},"primaryImageOfPage":{"@id":"https:\/\/www.hautes-alpes.net\/it\/destinazioni-hautes-alpes\/la-grave-la-meije\/#primaryimage"},"image":{"@id":"https:\/\/www.hautes-alpes.net\/it\/destinazioni-hautes-alpes\/la-grave-la-meije\/#primaryimage"},"thumbnailUrl":"https:\/\/www.hautes-alpes.net\/wp-content\/uploads\/2025\/11\/la-meije-et-le-pic-gaspard-2000x1000.jpg","datePublished":"2025-11-19T09:18:09+00:00","dateModified":"2026-04-20T12:06:38+00:00","description":"La Grave - La Meije Il mito selvaggio delle Alpi La Grave - La Meije \u00e8 diversa da qualsiasi altra localit\u00e0. \u00c8 un ambiente grezzo e maestoso, dove roccia,","breadcrumb":{"@id":"https:\/\/www.hautes-alpes.net\/it\/destinazioni-hautes-alpes\/la-grave-la-meije\/#breadcrumb"},"inLanguage":"it-IT","potentialAction":[{"@type":"ReadAction","target":["https:\/\/www.hautes-alpes.net\/it\/destinazioni-hautes-alpes\/la-grave-la-meije\/"]}]},{"@type":"ImageObject","inLanguage":"it-IT","@id":"https:\/\/www.hautes-alpes.net\/it\/destinazioni-hautes-alpes\/la-grave-la-meije\/#primaryimage","url":"https:\/\/www.hautes-alpes.net\/wp-content\/uploads\/2025\/11\/la-meije-et-le-pic-gaspard-2000x1000.jpg","contentUrl":"https:\/\/www.hautes-alpes.net\/wp-content\/uploads\/2025\/11\/la-meije-et-le-pic-gaspard-2000x1000.jpg"},{"@type":"BreadcrumbList","@id":"https:\/\/www.hautes-alpes.net\/it\/destinazioni-hautes-alpes\/la-grave-la-meije\/#breadcrumb","itemListElement":[{"@type":"ListItem","position":1,"name":"Accueil","item":"https:\/\/www.hautes-alpes.net\/it\/hautes-alpes\/"},{"@type":"ListItem","position":2,"name":"Destinazioni - Hautes-Alpes","item":"https:\/\/www.hautes-alpes.net\/it\/destinazioni-hautes-alpes\/"},{"@type":"ListItem","position":3,"name":"Destinazioni - Hautes-Alpes","item":"https:\/\/www.hautes-alpes.net\/it\/destinazioni-hautes-alpes\/"},{"@type":"ListItem","position":4,"name":"La Grave - La Meije"}]},{"@type":"WebSite","@id":"https:\/\/www.hautes-alpes.net\/it\/#website","url":"https:\/\/www.hautes-alpes.net\/it\/","name":"ADDET","description":"","publisher":{"@id":"https:\/\/www.hautes-alpes.net\/it\/#organization"},"potentialAction":[{"@type":"SearchAction","target":{"@type":"EntryPoint","urlTemplate":"https:\/\/www.hautes-alpes.net\/it\/?s={search_term_string}"},"query-input":{"@type":"PropertyValueSpecification","valueRequired":true,"valueName":"search_term_string"}}],"inLanguage":"it-IT"},{"@type":"Organization","@id":"https:\/\/www.hautes-alpes.net\/it\/#organization","name":"Agence D\u00e9partementale de D\u00e9veloppement Economique et Touristique des Hautes-Alpes","url":"https:\/\/www.hautes-alpes.net\/it\/","logo":{"@type":"ImageObject","inLanguage":"it-IT","@id":"https:\/\/www.hautes-alpes.net\/it\/#\/schema\/logo\/image\/","url":"https:\/\/www.hautes-alpes.net\/wp-content\/uploads\/2026\/01\/black-logo-2.svg","contentUrl":"https:\/\/www.hautes-alpes.net\/wp-content\/uploads\/2026\/01\/black-logo-2.svg","caption":"Agence D\u00e9partementale de D\u00e9veloppement Economique et Touristique des Hautes-Alpes"},"image":{"@id":"https:\/\/www.hautes-alpes.net\/it\/#\/schema\/logo\/image\/"}}]}},"_links":{"self":[{"href":"https:\/\/www.hautes-alpes.net\/it\/wp-json\/wp\/v2\/pages\/107859","targetHints":{"allow":["GET"]}}],"collection":[{"href":"https:\/\/www.hautes-alpes.net\/it\/wp-json\/wp\/v2\/pages"}],"about":[{"href":"https:\/\/www.hautes-alpes.net\/it\/wp-json\/wp\/v2\/types\/page"}],"author":[{"embeddable":true,"href":"https:\/\/www.hautes-alpes.net\/it\/wp-json\/wp\/v2\/users\/5"}],"replies":[{"embeddable":true,"href":"https:\/\/www.hautes-alpes.net\/it\/wp-json\/wp\/v2\/comments?post=107859"}],"version-history":[{"count":10,"href":"https:\/\/www.hautes-alpes.net\/it\/wp-json\/wp\/v2\/pages\/107859\/revisions"}],"predecessor-version":[{"id":486014,"href":"https:\/\/www.hautes-alpes.net\/it\/wp-json\/wp\/v2\/pages\/107859\/revisions\/486014"}],"up":[{"embeddable":true,"href":"https:\/\/www.hautes-alpes.net\/it\/wp-json\/wp\/v2\/pages\/107584"}],"wp:attachment":[{"href":"https:\/\/www.hautes-alpes.net\/it\/wp-json\/wp\/v2\/media?parent=107859"}],"wp:term":[{"taxonomy":"page_label","embeddable":true,"href":"https:\/\/www.hautes-alpes.net\/it\/wp-json\/wp\/v2\/page_label?post=107859"}],"curies":[{"name":"wp","href":"https:\/\/api.w.org\/{rel}","templated":true}]}}