{"id":106897,"date":"2025-11-21T11:20:44","date_gmt":"2025-11-21T10:20:44","guid":{"rendered":"https:\/\/www.hautes-alpes.net\/pays-des-ecrins\/"},"modified":"2026-04-20T10:40:14","modified_gmt":"2026-04-20T08:40:14","slug":"pays-des-ecrins","status":"publish","type":"page","link":"https:\/\/www.hautes-alpes.net\/it\/destinazioni-hautes-alpes\/pays-des-ecrins\/","title":{"rendered":"Pays des \u00c9crins"},"content":{"rendered":"\n<div class=\"wp-block-group alignfull hero-banner-cover-wide has-global-padding is-layout-constrained wp-block-group-is-layout-constrained\"><div class=\"yoast-breadcrumbs\"><span><span><a href=\"https:\/\/www.hautes-alpes.net\/it\/hautes-alpes\/\">Accueil<\/a><\/span>  <span><a href=\"https:\/\/www.hautes-alpes.net\/it\/destinazioni-hautes-alpes\/\">Destinazioni - Hautes-Alpes<\/a><\/span>  <span><a href=\"https:\/\/www.hautes-alpes.net\/it\/destinazioni-hautes-alpes\/\">Destinazioni - Hautes-Alpes<\/a><\/span>  <span class=\"breadcrumb_last\" aria-current=\"page\">Pays des \u00c9crins<\/span><\/span><\/div>\n\n\n<h1 class=\"wp-block-ws-library-post-title\">Pays des \u00c9crins<\/h1>\n\n\n\n<div class=\"wp-block-ws-library-media-embed ws-media-embed\"><img decoding=\"async\" src=\"https:\/\/www.hautes-alpes.net\/wp-content\/uploads\/2025\/12\/glacier-blanc-famille-thibaut-blais-38-1-2000x1000.jpg\" alt=\"\" class=\"ws-media-embed__image\" style=\"aspect-ratio:2000\/1000\"><\/div>\n\n\n\n<p class=\"subtitle\">Un mito di roccia e ghiaccio<\/p>\n\n\n\n<p class=\"has-text-align-center\">Per secoli, gli uomini hanno scritto la storia dell&#8217;<strong><a href=\"https:\/\/www.hautes-alpes.net\/it\/esperienze-hautes-alpes\/alpinismo\/\">alpinismo<\/a><\/strong> negli <strong>Ecrins <\/strong>, con la punta dei loro ramponi e il filo delle loro corde. Dallo scintillio dei <strong>ghiacciai<\/strong> alla fresca ombra dei torrenti, questo territorio unisce l&#8217;eredit\u00e0 dell&#8217;alta montagna, le tradizioni alpine e la forza cruda dei rilievi del <strong>Parco Nazionale degli Ecrins<\/strong>. <\/p>\n<\/div>\n\n<div style=\"height:50px\" aria-hidden=\"true\" class=\"wp-block-spacer\"><\/div>\n\n<div class=\"wp-block-ws-library-ws-video is-style-animated-content\"><div class=\"wrapper\"><div class=\"group-media\">\n<figure class=\"wp-block-video video-block\"><video playsinline height=\"1080\" style=\"aspect-ratio: 1920 \/ 1080;\" width=\"1920\" autoplay=\"\" loop=\"\" muted=\"\" src=\"https:\/\/www.hautes-alpes.net\/wp-content\/uploads\/2025\/11\/pays-des-ecrins-hiver-1.mp4\"><\/video><figcaption class=\"wp-element-caption\">Immergiti nella valle <strong>del Fournel<\/strong>, nel cuore del Pays des \u00c9crins.<\/figcaption><\/figure>\n<\/div><\/div><\/div>\n\n<div style=\"height:50px\" aria-hidden=\"true\" class=\"wp-block-spacer\"><\/div>\n\n<div class=\"wp-block-ws-library-ws-animated-quote\"><blockquote class=\"quote-container quote-align-undefined\"><div class=\"group-media\"><div class=\"field-image\"><img decoding=\"async\" class=\"quote-avatar ws-image-130809\" src=\"https:\/\/www.hautes-alpes.net\/wp-content\/uploads\/2025\/12\/9782203121935-e1766496273398-160x160.jpg\" data-full-url=\"https:\/\/www.hautes-alpes.net\/wp-content\/uploads\/2025\/12\/9782203121935-e1766496273398.jpg\" alt=\"\"><\/div><\/div><footer><cite class=\"quote-subcontent\">&#8221;Di fronte a noi c&#8217;\u00e8 la parete nord di Ailefroide. Un giorno la far\u00f2&#8221;.<\/cite><\/footer><p class=\"quote-content\">Rochette, Ailefroide, Casterman<\/p><\/blockquote><\/div>\n\n<div class=\"wp-block-ws-library-ws-gallery ws-gallery alignfull\"><div class=\"group-content\"><div class=\"field-title\">Un&#8217;altura nelle Alpi<\/div><p class=\"field-text\">E&#8217; qui, a Vallouise, che si scrive la storia dell&#8217;alpinismo.<\/p><\/div><div class=\"list-images\"><div class=\"item item-media scroll-detect\" data-end-offset=\"30%\"><a href=\"https:\/\/www.hautes-alpes.net\/wp-content\/uploads\/2025\/11\/are-te-du-pic-des-aupillous-24-1-scaled.jpg\" class=\"item-media__link init-lightbox\" data-glightbox=\"ws-gallery\" data-gallery=\"ws-gallery\" data-title=\"\"><img loading=\"lazy\" decoding=\"async\" width=\"1024\" height=\"683\" src=\"https:\/\/www.hautes-alpes.net\/wp-content\/uploads\/2025\/11\/are-te-du-pic-des-aupillous-24-1-1024x683.jpg\" alt=\"\" class=\"ws-image wp-image-52670\" srcset=\"https:\/\/www.hautes-alpes.net\/wp-content\/uploads\/2025\/11\/are-te-du-pic-des-aupillous-24-1-1024x683.jpg 1024w, https:\/\/www.hautes-alpes.net\/wp-content\/uploads\/2025\/11\/are-te-du-pic-des-aupillous-24-1-300x200.jpg 300w, https:\/\/www.hautes-alpes.net\/wp-content\/uploads\/2025\/11\/are-te-du-pic-des-aupillous-24-1-768x512.jpg 768w, https:\/\/www.hautes-alpes.net\/wp-content\/uploads\/2025\/11\/are-te-du-pic-des-aupillous-24-1-1536x1025.jpg 1536w, https:\/\/www.hautes-alpes.net\/wp-content\/uploads\/2025\/11\/are-te-du-pic-des-aupillous-24-1-2048x1366.jpg 2048w, https:\/\/www.hautes-alpes.net\/wp-content\/uploads\/2025\/11\/are-te-du-pic-des-aupillous-24-1-480x320.jpg 480w, https:\/\/www.hautes-alpes.net\/wp-content\/uploads\/2025\/11\/are-te-du-pic-des-aupillous-24-1-960x640.jpg 960w, https:\/\/www.hautes-alpes.net\/wp-content\/uploads\/2025\/11\/are-te-du-pic-des-aupillous-24-1-660x440.jpg 660w, https:\/\/www.hautes-alpes.net\/wp-content\/uploads\/2025\/11\/are-te-du-pic-des-aupillous-24-1-525x350.jpg 525w, https:\/\/www.hautes-alpes.net\/wp-content\/uploads\/2025\/11\/are-te-du-pic-des-aupillous-24-1-930x620.jpg 930w\" sizes=\"auto, (max-width: 1024px) 100vw, 1024px\" \/><\/a><\/div><div class=\"item item-media scroll-detect\" data-end-offset=\"30%\"><a href=\"https:\/\/www.hautes-alpes.net\/wp-content\/uploads\/2025\/11\/bivouac-au-tuckett-65-thibautblais-1-scaled.jpg\" class=\"item-media__link init-lightbox\" data-glightbox=\"ws-gallery\" data-gallery=\"ws-gallery\" data-title=\"\"><img loading=\"lazy\" decoding=\"async\" width=\"1024\" height=\"683\" src=\"https:\/\/www.hautes-alpes.net\/wp-content\/uploads\/2025\/11\/bivouac-au-tuckett-65-thibautblais-1-1024x683.jpg\" alt=\"\" class=\"ws-image wp-image-52671\" srcset=\"https:\/\/www.hautes-alpes.net\/wp-content\/uploads\/2025\/11\/bivouac-au-tuckett-65-thibautblais-1-1024x683.jpg 1024w, https:\/\/www.hautes-alpes.net\/wp-content\/uploads\/2025\/11\/bivouac-au-tuckett-65-thibautblais-1-300x200.jpg 300w, https:\/\/www.hautes-alpes.net\/wp-content\/uploads\/2025\/11\/bivouac-au-tuckett-65-thibautblais-1-768x512.jpg 768w, https:\/\/www.hautes-alpes.net\/wp-content\/uploads\/2025\/11\/bivouac-au-tuckett-65-thibautblais-1-1536x1025.jpg 1536w, https:\/\/www.hautes-alpes.net\/wp-content\/uploads\/2025\/11\/bivouac-au-tuckett-65-thibautblais-1-2048x1366.jpg 2048w, https:\/\/www.hautes-alpes.net\/wp-content\/uploads\/2025\/11\/bivouac-au-tuckett-65-thibautblais-1-480x320.jpg 480w, https:\/\/www.hautes-alpes.net\/wp-content\/uploads\/2025\/11\/bivouac-au-tuckett-65-thibautblais-1-960x640.jpg 960w, https:\/\/www.hautes-alpes.net\/wp-content\/uploads\/2025\/11\/bivouac-au-tuckett-65-thibautblais-1-660x440.jpg 660w, https:\/\/www.hautes-alpes.net\/wp-content\/uploads\/2025\/11\/bivouac-au-tuckett-65-thibautblais-1-525x350.jpg 525w, https:\/\/www.hautes-alpes.net\/wp-content\/uploads\/2025\/11\/bivouac-au-tuckett-65-thibautblais-1-930x620.jpg 930w\" sizes=\"auto, (max-width: 1024px) 100vw, 1024px\" \/><\/a><\/div><div class=\"item item-media scroll-detect\" data-end-offset=\"30%\"><a href=\"https:\/\/www.hautes-alpes.net\/wp-content\/uploads\/2025\/11\/alpage-du-clot-des-amandiers-depuis-ratie-re1-1-scaled.jpg\" class=\"item-media__link init-lightbox\" data-glightbox=\"ws-gallery\" data-gallery=\"ws-gallery\" data-title=\"\"><img loading=\"lazy\" decoding=\"async\" width=\"1024\" height=\"683\" src=\"https:\/\/www.hautes-alpes.net\/wp-content\/uploads\/2025\/11\/alpage-du-clot-des-amandiers-depuis-ratie-re1-1-1024x683.jpg\" alt=\"\" class=\"ws-image wp-image-52669\" srcset=\"https:\/\/www.hautes-alpes.net\/wp-content\/uploads\/2025\/11\/alpage-du-clot-des-amandiers-depuis-ratie-re1-1-1024x683.jpg 1024w, https:\/\/www.hautes-alpes.net\/wp-content\/uploads\/2025\/11\/alpage-du-clot-des-amandiers-depuis-ratie-re1-1-300x200.jpg 300w, https:\/\/www.hautes-alpes.net\/wp-content\/uploads\/2025\/11\/alpage-du-clot-des-amandiers-depuis-ratie-re1-1-768x512.jpg 768w, https:\/\/www.hautes-alpes.net\/wp-content\/uploads\/2025\/11\/alpage-du-clot-des-amandiers-depuis-ratie-re1-1-1536x1024.jpg 1536w, https:\/\/www.hautes-alpes.net\/wp-content\/uploads\/2025\/11\/alpage-du-clot-des-amandiers-depuis-ratie-re1-1-2048x1366.jpg 2048w, https:\/\/www.hautes-alpes.net\/wp-content\/uploads\/2025\/11\/alpage-du-clot-des-amandiers-depuis-ratie-re1-1-480x320.jpg 480w, https:\/\/www.hautes-alpes.net\/wp-content\/uploads\/2025\/11\/alpage-du-clot-des-amandiers-depuis-ratie-re1-1-960x640.jpg 960w, https:\/\/www.hautes-alpes.net\/wp-content\/uploads\/2025\/11\/alpage-du-clot-des-amandiers-depuis-ratie-re1-1-660x440.jpg 660w, https:\/\/www.hautes-alpes.net\/wp-content\/uploads\/2025\/11\/alpage-du-clot-des-amandiers-depuis-ratie-re1-1-525x350.jpg 525w, https:\/\/www.hautes-alpes.net\/wp-content\/uploads\/2025\/11\/alpage-du-clot-des-amandiers-depuis-ratie-re1-1-930x620.jpg 930w\" sizes=\"auto, (max-width: 1024px) 100vw, 1024px\" \/><\/a><\/div><div class=\"item item-media scroll-detect\" data-end-offset=\"30%\"><a href=\"https:\/\/www.hautes-alpes.net\/wp-content\/uploads\/2025\/11\/vallouise-johanna-marcoz-alpesphotographiescom-3-1-scaled.jpg\" class=\"item-media__link init-lightbox\" data-glightbox=\"ws-gallery\" data-gallery=\"ws-gallery\" data-title=\"Johanna Marcoz, l\u2019une des rares femmes \u00e0 exercer le m\u00e9tier de guide de haute montagne\"><img loading=\"lazy\" decoding=\"async\" width=\"683\" height=\"1024\" src=\"https:\/\/www.hautes-alpes.net\/wp-content\/uploads\/2025\/11\/vallouise-johanna-marcoz-alpesphotographiescom-3-1-683x1024.jpg\" alt=\"Johanna Marcoz, una delle poche donne che esercitano la professione di guida di alta montagna\" class=\"ws-image wp-image-52851\" srcset=\"https:\/\/www.hautes-alpes.net\/wp-content\/uploads\/2025\/11\/vallouise-johanna-marcoz-alpesphotographiescom-3-1-683x1024.jpg 683w, https:\/\/www.hautes-alpes.net\/wp-content\/uploads\/2025\/11\/vallouise-johanna-marcoz-alpesphotographiescom-3-1-200x300.jpg 200w, https:\/\/www.hautes-alpes.net\/wp-content\/uploads\/2025\/11\/vallouise-johanna-marcoz-alpesphotographiescom-3-1-768x1151.jpg 768w, https:\/\/www.hautes-alpes.net\/wp-content\/uploads\/2025\/11\/vallouise-johanna-marcoz-alpesphotographiescom-3-1-1025x1536.jpg 1025w, https:\/\/www.hautes-alpes.net\/wp-content\/uploads\/2025\/11\/vallouise-johanna-marcoz-alpesphotographiescom-3-1-1366x2048.jpg 1366w, https:\/\/www.hautes-alpes.net\/wp-content\/uploads\/2025\/11\/vallouise-johanna-marcoz-alpesphotographiescom-3-1-467x700.jpg 467w, https:\/\/www.hautes-alpes.net\/wp-content\/uploads\/2025\/11\/vallouise-johanna-marcoz-alpesphotographiescom-3-1-427x640.jpg 427w, https:\/\/www.hautes-alpes.net\/wp-content\/uploads\/2025\/11\/vallouise-johanna-marcoz-alpesphotographiescom-3-1-480x720.jpg 480w, https:\/\/www.hautes-alpes.net\/wp-content\/uploads\/2025\/11\/vallouise-johanna-marcoz-alpesphotographiescom-3-1-414x620.jpg 414w, https:\/\/www.hautes-alpes.net\/wp-content\/uploads\/2025\/11\/vallouise-johanna-marcoz-alpesphotographiescom-3-1-scaled.jpg 1708w\" sizes=\"auto, (max-width: 683px) 100vw, 683px\" \/><\/a><\/div><div class=\"item item-media scroll-detect\" data-end-offset=\"30%\"><a href=\"https:\/\/www.hautes-alpes.net\/wp-content\/uploads\/2025\/12\/chardons-de-la-vallee-du-fournel-rogier-van-rjn-4-1024x683.jpg\" class=\"item-media__link init-lightbox\" data-glightbox=\"ws-gallery\" data-gallery=\"ws-gallery\" data-title=\"\"><img loading=\"lazy\" decoding=\"async\" width=\"1024\" height=\"683\" src=\"https:\/\/www.hautes-alpes.net\/wp-content\/uploads\/2025\/12\/chardons-de-la-vallee-du-fournel-rogier-van-rjn-4-1024x683.jpg\" alt=\"\" class=\"ws-image wp-image-89218\" srcset=\"https:\/\/www.hautes-alpes.net\/wp-content\/uploads\/2025\/12\/chardons-de-la-vallee-du-fournel-rogier-van-rjn-4-1024x683.jpg 1024w, https:\/\/www.hautes-alpes.net\/wp-content\/uploads\/2025\/12\/chardons-de-la-vallee-du-fournel-rogier-van-rjn-4-300x200.jpg 300w, https:\/\/www.hautes-alpes.net\/wp-content\/uploads\/2025\/12\/chardons-de-la-vallee-du-fournel-rogier-van-rjn-4-768x512.jpg 768w, https:\/\/www.hautes-alpes.net\/wp-content\/uploads\/2025\/12\/chardons-de-la-vallee-du-fournel-rogier-van-rjn-4-1536x1024.jpg 1536w, https:\/\/www.hautes-alpes.net\/wp-content\/uploads\/2025\/12\/chardons-de-la-vallee-du-fournel-rogier-van-rjn-4-480x320.jpg 480w, https:\/\/www.hautes-alpes.net\/wp-content\/uploads\/2025\/12\/chardons-de-la-vallee-du-fournel-rogier-van-rjn-4-960x640.jpg 960w, https:\/\/www.hautes-alpes.net\/wp-content\/uploads\/2025\/12\/chardons-de-la-vallee-du-fournel-rogier-van-rjn-4-660x440.jpg 660w, https:\/\/www.hautes-alpes.net\/wp-content\/uploads\/2025\/12\/chardons-de-la-vallee-du-fournel-rogier-van-rjn-4-525x350.jpg 525w, https:\/\/www.hautes-alpes.net\/wp-content\/uploads\/2025\/12\/chardons-de-la-vallee-du-fournel-rogier-van-rjn-4-930x620.jpg 930w, https:\/\/www.hautes-alpes.net\/wp-content\/uploads\/2025\/12\/chardons-de-la-vallee-du-fournel-rogier-van-rjn-4.jpg 1600w\" sizes=\"auto, (max-width: 1024px) 100vw, 1024px\" \/><\/a><\/div><\/div><\/div>\n\n<div style=\"height:50px\" aria-hidden=\"true\" class=\"wp-block-spacer\"><\/div>\n\n<div class=\"wp-block-group alignfull step-by-step has-global-padding is-layout-constrained wp-block-group-is-layout-constrained\">\n<div class=\"wp-block-ws-library-ws-columns alignwide has-2-columns are-vertically-aligned-center layout-5050\">\n<div class=\"wp-block-ws-library-ws-column\"><div class=\"wrapper\">\n<h2 class=\"wp-block-heading\"><strong>La Barre des \u00c9crins<\/strong><br\/>guardiano delle alture<\/h2>\n\n\n\n<p>A <strong>4.102 metri di altitudine<\/strong>, la <strong>Barre des \u00c9crins<\/strong> domina le Hautes-Alpes come una sentinella minerale. Intorno ad essa, il sito di<strong>Ailefroide<\/strong> attira <a href=\"https:\/\/www.hautes-alpes.net\/it\/esperienze-hautes-alpes\/alpinismo\/\">alpinisti <\/a>da tutto il mondo, venuti a scrivere la loro pagina nell&#8217;epica storia dei <a href=\"https:\/\/www.hautes-alpes.net\/it\/iconico\/villaggi-per-lalpinismo\/\">villaggi alpinistici degli Ecrins<\/a> qui in <strong>Vallouise<\/strong>.  Nonostante il loro ritiro, i ghiacciai che si arricciano qui testimoniano il lento respiro delle montagne.  <\/p>\n<\/div><\/div>\n\n\n\n<div class=\"wp-block-ws-library-ws-column\"><div class=\"wrapper\">\n<div class=\"wp-block-ws-library-ws-image\"><div class=\"wrapper\"><div class=\"group-media\"><img decoding=\"async\" src=\"https:\/\/www.hautes-alpes.net\/wp-content\/uploads\/2025\/11\/refuge-des-ecrins-thibaut-blais-70-1-1240x800.jpg\" alt=\"Arroccato ad un'altitudine di oltre 3.000 metri, il rifugio \u00c9crins domina maestosamente il ghiacciaio del Blanc.\" class=\"single_image ws-image-52832\"><div class=\"credits\">T. Blais<\/div><\/div><p class=\"caption\">Arroccato ad un&#8217;altitudine di oltre 3.000 metri, il rifugio \u00c9crins domina maestosamente il ghiacciaio del Blanc.<\/p><\/div><\/div>\n<\/div><\/div>\n<\/div>\n\n\n\n<div class=\"wp-block-ws-library-ws-columns alignwide has-2-columns are-vertically-aligned-center layout-5050\">\n<div class=\"wp-block-ws-library-ws-column\"><div class=\"wrapper\">\n<h2 class=\"wp-block-heading\"><strong>Valli della storia<\/strong><br\/>e della fatica  <\/h2>\n\n\n\n<p>La valle di <strong>Fournel<\/strong>, oggi un santuario naturale, era un tempo teatro di un&#8217;intensa attivit\u00e0 mineraria. Le <strong>miniere d&#8217;argento<\/strong>, resti di un passato industriale, sono ancora impresse nella memoria delle persone.  Tra prati d&#8217;alta quota e foreste oscure, l&#8217;impronta umana dialoga con la forza degli elementi.  <\/p>\n<\/div><\/div>\n\n\n\n<div class=\"wp-block-ws-library-ws-column\"><div class=\"wrapper\">\n<div class=\"wp-block-ws-library-ws-image\"><div class=\"wrapper\"><div class=\"group-media\"><img decoding=\"async\" src=\"https:\/\/www.hautes-alpes.net\/wp-content\/uploads\/2025\/11\/micro-aventure-en-famille-rogier-van-rijn-1-1240x800.jpg\" alt=\"Aggrappati alle pareti vertiginose della valle dell'Ailefroide\" class=\"single_image ws-image-52761\"><div class=\"credits\">R. VanRijn<\/div><\/div><p class=\"caption\">Aggrappati alle pareti vertiginose della valle dell&#8217;Ailefroide<\/p><\/div><\/div>\n<\/div><\/div>\n<\/div>\n<\/div>\n\n<div class=\"wp-block-group alignfull step-by-step has-global-padding is-layout-constrained wp-block-group-is-layout-constrained\">\n<div class=\"wp-block-ws-library-ws-columns alignwide has-2-columns are-vertically-aligned-center layout-5050\">\n<div class=\"wp-block-ws-library-ws-column\"><div class=\"wrapper\">\n<h2 class=\"wp-block-heading\"><strong>Porta d&#8217;accesso<\/strong> alle alte montagne<br\/><\/h2>\n\n\n\n<p>Al <strong>Pr\u00e9 de Madame Carle<\/strong>, dove i sentieri salgono verso i ghiacciai Blanc e Noir, gli alpinisti compiono ogni estate il loro rito di avvicinamento. Non lontano, le localit\u00e0 di <strong><a href=\"https:\/\/www.hautes-alpes.net\/it\/destinazioni-hautes-alpes\/villaggi-turistici-nellarea-della-grande-briancon\/\">Pelvoux-Vallouise<\/a><\/strong> e <a href=\"https:\/\/www.hautes-alpes.net\/it\/destinazioni-hautes-alpes\/puy-saint-vincent\/\"><strong>Puy Saint Vincent<\/strong> <\/a>offrono ai viaggiatori un lato pi\u00f9 accessibile delle montagne, combinando il piacere della neve con viste mozzafiato sulle vette.   <\/p>\n<\/div><\/div>\n\n\n\n<div class=\"wp-block-ws-library-ws-column\"><div class=\"wrapper\">\n<div class=\"wp-block-ws-library-ws-image\"><div class=\"wrapper\"><div class=\"group-media\"><img decoding=\"async\" src=\"https:\/\/www.hautes-alpes.net\/wp-content\/uploads\/2025\/11\/les-agneaux-25-1-1240x800.jpg\" alt=\"Benjamin V\u00e9drines in cima a Les Agneaux\" class=\"single_image ws-image-52760\"><div class=\"credits\">T. Blais<\/div><\/div><p class=\"caption\">Cinque pareti, 6.000 metri di ascesa, 15 ore. Queste sono le cifre della nuova sfida di Benjamin V\u00e9drines e Nicolas Jean, che il 18 febbraio hanno scalato e sciato le cinque pareti di Les Agneaux (3.664 m) nel cuore del massiccio degli \u00c9crins. <\/p><\/div><\/div>\n<\/div><\/div>\n<\/div>\n\n\n\n<div class=\"wp-block-group alignfull step-by-step has-global-padding is-layout-constrained wp-block-group-is-layout-constrained\">\n<div class=\"wp-block-ws-library-ws-columns alignwide has-2-columns are-vertically-aligned-center layout-5050\">\n<div class=\"wp-block-ws-library-ws-column\"><div class=\"wrapper\">\n<h2 class=\"wp-block-heading\"><strong>Acqua viva,<\/strong><br\/>l&#8217;arteria delle valli<\/h2>\n\n\n\n<p>A <strong>L&#8217;Argenti\u00e8re-La-Bess\u00e9e<\/strong>, lo stadio<a href=\"https:\/\/www.hautes-alpes.net\/it\/esperienze-hautes-alpes\/acqua-viva\/\">delle acque bianche<\/a> trasforma il torrente in un campo di gioco sportivo, continuando la lunga tradizione alpina del rapporto con l&#8217;acqua. Fiumi e cascate, frutto dello scioglimento dei ghiacciai, irrigano prati e frutteti, ricordandoci che negli <strong>\u00c9crins<\/strong> la vita \u00e8 radicata tanto nella roccia quanto nella corrente.  <\/p>\n<\/div><\/div>\n\n\n\n<div class=\"wp-block-ws-library-ws-column\"><div class=\"wrapper\">\n<div class=\"wp-block-ws-library-ws-image\"><div class=\"wrapper\"><div class=\"group-media\"><img decoding=\"async\" src=\"https:\/\/www.hautes-alpes.net\/wp-content\/uploads\/2025\/11\/stade-eau-vive-l-argentiere-10-1-1240x800.jpg\" alt=\"Lo stadio delle acque bianche di Argenti\u00e8re-la-Bess\u00e9e \u00e8 un sito emblematico dedicato agli sport acquatici e alle emozioni forti.\" class=\"single_image ws-image-52848\"><div class=\"credits\">Ufficio del Turismo del Pays des \u00c9crins<\/div><\/div><p class=\"caption\">Lo stadio delle acque bianche di Argenti\u00e8re-la-Bess\u00e9e \u00e8 un sito emblematico dedicato agli sport acquatici e alle emozioni forti.<\/p><\/div><\/div>\n<\/div><\/div>\n<\/div>\n<\/div>\n<\/div>\n\n<div style=\"height:100px\" aria-hidden=\"true\" class=\"wp-block-spacer\"><\/div>\n\n<h2 class=\"wp-block-heading is-style-title-1\">I punti salienti del <strong>Pays des \u00c9crins<\/strong><\/h2>\n\n<div class=\"wp-block-group alignwide list-nodetails is-content-justification-center is-layout-flex wp-container-core-group-is-layout-94ea2d6b wp-block-group-is-layout-flex\">\n<div class=\"wp-block-group has-global-padding is-layout-constrained wp-block-group-is-layout-constrained\">\n<div class=\"wp-block-ws-library-ws-image is-style-simple\"><div class=\"wrapper\"><div class=\"group-media\"><img decoding=\"async\" src=\"https:\/\/www.hautes-alpes.net\/wp-content\/uploads\/2026\/04\/ecrins-radeliers-1240x800.jpg\" alt=\"\" class=\"single_image ws-image-485599\"><div class=\"credits\"><\/div><\/div><p class=\"caption\"><\/p><\/div><\/div>\n\n\n\n<h3 class=\"wp-block-heading\"><em>L&#8217;Argenti\u00e8re-la-Bess\u00e9e<br\/><\/em>Les Radeliers de la Durance<\/h3>\n\n\n\n<p>Figure emblematiche delle Alpi, i radeliers della Durance trasportarono tronchi di larice e pino a Marsiglia e Tolone dal XVII\u1d49 al XIX\u1d49 secolo. Un&#8217;epopea fluviale tanto pericolosa quanto essenziale per lo sviluppo navale e urbano del Mediterraneo, che pu\u00f2 essere rivissuta ogni estate da l&#8217;Argenti\u00e8re-La Bess\u00e9e. <\/p>\n<\/div>\n\n\n\n<div class=\"wp-block-group has-global-padding is-layout-constrained wp-block-group-is-layout-constrained\">\n<div class=\"wp-block-ws-library-ws-image is-style-simple\"><div class=\"wrapper\"><div class=\"group-media\"><img decoding=\"async\" src=\"https:\/\/www.hautes-alpes.net\/wp-content\/uploads\/2026\/04\/ecrins-tout-a-blocs-1148x640.jpg\" alt=\"\" class=\"single_image ws-image-485600\"><div class=\"credits\"><\/div><\/div><p class=\"caption\"><\/p><\/div><\/div>\n\n\n\n<h3 class=\"wp-block-heading\"><em>L&#8217;Argenti\u00e8re-La Bess\u00e9e<br\/><\/em>Tutto in un unico pezzo<\/h3>\n\n\n\n<p>Imperdibile festival del bouldering, il Tout \u00e0 Blocs si svolge ogni estate a L&#8217;Argenti\u00e8re-La Bess\u00e9e. In programma: centinaia di passaggi, competizioni internazionali e un&#8217;atmosfera super carica, tra una sfida sportiva e una festa verticale all&#8217;aperto. <\/p>\n<\/div>\n\n\n\n<div class=\"wp-block-group has-global-padding is-layout-constrained wp-block-group-is-layout-constrained\">\n<div class=\"wp-block-ws-library-ws-image is-style-simple\"><div class=\"wrapper\"><div class=\"group-media\"><img decoding=\"async\" src=\"https:\/\/www.hautes-alpes.net\/wp-content\/uploads\/2026\/04\/la-chapelle-en-valgaudemar-alpesphotographiescom-36-1240x800.jpg\" alt=\"\" class=\"single_image ws-image-485601\"><div class=\"credits\"><\/div><\/div><p class=\"caption\"><\/p><\/div><\/div>\n\n\n\n<h3 class=\"wp-block-heading\"><em>Villaggi di montagna<br\/><\/em><a href=\"https:\/\/www.hautes-alpes.net\/it\/iconico\/villaggi-per-lalpinismo\/\" type=\"page\" id=\"109123\">Eventi nei villaggi di montagna<\/a><\/h3>\n\n\n\n<p>Nei villaggi alpinistici degli \u00c9crins puoi arrampicare, imparare e capire: corsi introduttivi, proiezioni di film all&#8217;aperto, mostre e incontri danno vita a una montagna vibrante.<\/p>\n<\/div>\n<\/div>\n\n<div style=\"height:100px\" aria-hidden=\"true\" class=\"wp-block-spacer\"><\/div>\n\n<div class=\"wp-block-group alignfull has-global-padding is-layout-constrained wp-block-group-is-layout-constrained\">\n<div class=\"wp-block-ws-library-ws-columns alignfull has-2-columns are-vertically-aligned-top layout-3565 is-style-fixed-col-left\">\n<div class=\"wp-block-ws-library-ws-column\"><div class=\"wrapper\">\n<h2 class=\"wp-block-heading is-style-title-1\"><strong>Le stazioni<\/strong><\/h2>\n\n\n\n<p>Dal <strong>fascino dei villaggi<\/strong> all&#8217;<strong>energia dei grandi comprensori sciistici<\/strong>, le <strong>Hautes-Alpes<\/strong> offrono un&#8217;ampia scelta di localit\u00e0 per permetterti di vivere la montagna al tuo ritmo. <strong>Sci alpino, attivit\u00e0 nordiche, escursioni o avventure estive<\/strong>: ce n&#8217;\u00e8 per tutti i gusti nel cuore di una campagna incontaminata.<\/p>\n<\/div><\/div>\n\n\n\n<div class=\"wp-block-ws-library-ws-column\"><div class=\"wrapper\">\n<div class=\"wp-block-ws-library-ws-image\"><div class=\"wrapper\"><div class=\"group-media\"><img decoding=\"async\" src=\"https:\/\/www.hautes-alpes.net\/wp-content\/uploads\/2025\/11\/hiver-paysage-village-vallouise-neige-jannovakphotography-8509-1-1240x800.jpg\" alt=\"Svegliarsi nella neve\" class=\"single_image ws-image-52757\"><div class=\"credits\">J. Novak<\/div><\/div><p class=\"caption\">Svegliarsi nella neve  <\/p><\/div><\/div>\n\n\n\n<h3 class=\"wp-block-heading\"><em>Ai piedi dei giganti<\/em><strong>Pelvoux-Vallouise<\/strong><\/h3>\n\n\n\n<p>Nel cuore degli \u00c9crins, questa localit\u00e0 combina villaggi autentici e un&#8217;area sciistica variegata, ideale per godersi le montagne da ogni angolazione.<\/p>\n\n\n\n<div class=\"wp-block-buttons is-layout-flex wp-block-buttons-is-layout-flex\">\n<div class=\"wp-block-button is-style-plus\"><a class=\"wp-block-button__link wp-element-button\" href=\"https:\/\/www.hautes-alpes.net\/it\/destinazioni-hautes-alpes\/villaggi-turistici-nellarea-della-grande-briancon\/\">Maggiori informazioni<\/a><\/div>\n\n\n<div class=\"wp-block-button is-style-webcam has-ws-lightbox\" aria-haspopup=\"dialog\" role=\"button\" aria-expanded=\"false\" aria-label=\"Pelvoux vallouise\" data-ws-lightbox=\"true\" data-ws-lightbox-webcam=\"82667\" href=\"#\"><a class=\"wp-block-button__link wp-element-button has-ws-lightbox\" href=\"#\" role=\"button\" aria-haspopup=\"dialog\" aria-expanded=\"false\" data-ws-lightbox=\"true\" data-ws-lightbox-webcam=\"82667\" data-ws-lightbox-snippet=\"PGlmcmFtZSBzcmM9Imh0dHBzOi8vd3d3LnNraWluZm8uaXQvbGl2ZS9wbGF5ZXIvcGVsdm91eDIwLnBocCIgd2lkdGg9IjEwMCUiIGhlaWdodD0iNDUwIiBmcmFtZWJvcmRlcj0iMCIgYWxsb3dmdWxsc2NyZWVuPjwvaWZyYW1lPg==\">Guarda la webcam<\/a><\/div>\n\n\n<div class=\"wp-block-button is-style-snow has-ws-lightbox\" aria-haspopup=\"dialog\" role=\"button\" aria-expanded=\"false\" aria-label=\"BULLETIN NEIGE \u2013 Pelvoux\" data-ws-lightbox=\"true\" data-ws-lightbox-webcam=\"82876\" href=\"#\"><a class=\"wp-block-button__link wp-element-button has-ws-lightbox\" href=\"#\" role=\"button\" aria-haspopup=\"dialog\" aria-expanded=\"false\" data-ws-lightbox=\"true\" data-ws-lightbox-webcam=\"82876\" data-ws-lightbox-snippet=\"PGlmcmFtZSBzcmM9Imh0dHBzOi8vd3d3LnNraWluZm8uaXQvd2lkZ2V0L3Nub3c\/cmVzb3J0PTIyMDAiIHdpZHRoPSIxMDAlIiBoZWlnaHQ9IjQ1MCIgZnJhbWVib3JkZXI9IjAiIGFsbG93ZnVsbHNjcmVlbj48L2lmcmFtZT4=\">Vedi il bollettino della neve<\/a><\/div>\n<\/div>\n\n\n\n<div class=\"wp-block-ws-library-ws-image\"><div class=\"wrapper\"><div class=\"group-media\"><img decoding=\"async\" src=\"https:\/\/www.hautes-alpes.net\/wp-content\/uploads\/2025\/11\/puy-saint-vincent-2022-23-rogier-van-rijn-2-scaled-e1763563725589-1240x800.jpg\" alt=\"\" class=\"single_image ws-image-54887\"><div class=\"credits\">R. VanRijn<\/div><\/div><p class=\"caption\"><\/p><\/div><\/div>\n\n\n\n<h3 class=\"wp-block-heading\"><em>La perla degli \u00c9crins<\/em><strong>Puy Saint Vincent<\/strong><\/h3>\n\n\n\n<p>Distribuite su 3 altitudini, le piste di Puy Saint Vincent si snodano attraverso foreste di larici, di fronte alle iconiche vette del Pelvoux, della Barre des \u00c9crins e del Ghiacciaio Bianco.<\/p>\n\n\n\n<div class=\"wp-block-buttons is-layout-flex wp-block-buttons-is-layout-flex\">\n<div class=\"wp-block-button is-style-plus\"><a class=\"wp-block-button__link wp-element-button\" href=\"https:\/\/www.hautes-alpes.net\/it\/destinazioni-hautes-alpes\/puy-saint-vincent\/\">Maggiori informazioni<\/a><\/div>\n\n\n<div class=\"wp-block-button is-style-webcam has-ws-lightbox\" aria-haspopup=\"dialog\" role=\"button\" aria-expanded=\"false\" aria-label=\"Puy Saint Vincent\" data-ws-lightbox=\"true\" data-ws-lightbox-webcam=\"77837\" href=\"#\"><a class=\"wp-block-button__link wp-element-button has-ws-lightbox\" href=\"#\" role=\"button\" aria-haspopup=\"dialog\" aria-expanded=\"false\" data-ws-lightbox=\"true\" data-ws-lightbox-webcam=\"77837\" data-ws-lightbox-snippet=\"PGlmcmFtZSBzcmM9Imh0dHBzOi8vd3d3LnNraWluZm8uaXQvbGl2ZS9wbGF5ZXIvcHN2MC5waHAiIHdpZHRoPSIxMDAlIiBoZWlnaHQ9IjQ1MCIgZnJhbWVib3JkZXI9IjAiIGFsbG93ZnVsbHNjcmVlbj48L2lmcmFtZT4=\">Guarda la webcam<\/a><\/div>\n\n\n<div class=\"wp-block-button is-style-snow has-ws-lightbox\" aria-haspopup=\"dialog\" role=\"button\" aria-expanded=\"false\" aria-label=\"BULLETIN NEIGE \u2013 Puy St Vincent\" data-ws-lightbox=\"true\" data-ws-lightbox-webcam=\"82878\" href=\"#\"><a class=\"wp-block-button__link wp-element-button has-ws-lightbox\" href=\"#\" role=\"button\" aria-haspopup=\"dialog\" aria-expanded=\"false\" data-ws-lightbox=\"true\" data-ws-lightbox-webcam=\"82878\" data-ws-lightbox-snippet=\"PGlmcmFtZSBzcmM9Imh0dHBzOi8vd3d3LnNraWluZm8uaXQvd2lkZ2V0L3Nub3c\/cmVzb3J0PTIzMzAiIHdpZHRoPSIxMDAlIiBoZWlnaHQ9IjQ1MCIgZnJhbWVib3JkZXI9IjAiIGFsbG93ZnVsbHNjcmVlbj48L2lmcmFtZT4=\">Vedi il bollettino della neve<\/a><\/div>\n<\/div>\n<\/div><\/div>\n<\/div>\n<\/div>\n\n<div style=\"height:100px\" aria-hidden=\"true\" class=\"wp-block-spacer\"><\/div>\n\n<div class=\"wp-block-group block-chiffres has-global-padding is-layout-constrained wp-block-group-is-layout-constrained\">\n<h2 class=\"wp-block-heading is-style-title-2\">Gli \u00c9crins <strong>in poche figure<\/strong><\/h2>\n\n\n\n<div class=\"wp-block-ws-library-ws-image is-style-simple\"><div class=\"wrapper\"><div class=\"group-media\"><img decoding=\"async\" src=\"https:\/\/www.hautes-alpes.net\/wp-content\/uploads\/2025\/11\/p-ecrins.png\" alt=\"\" class=\"single_image ws-image-81547\"><div class=\"credits\"><\/div><\/div><p class=\"caption\"><\/p><\/div><\/div>\n\n\n\n<figure class=\"wp-block-table is-style-stats\"><table class=\"has-fixed-layout\"><tbody><tr><td><strong>AREA<\/strong><\/td><td>L&#8217;83% dei 5.549 km\u00b2 del dipartimento \u00e8 coperto da foreste e aree montuose.<\/td><td>462,8 m\u00b2<\/td><\/tr><tr><td><strong>RESIDENTI<\/strong><\/td><td>Uno dei dipartimenti pi\u00f9 scarsamente popolati della Francia, le Hautes-Alpes hanno una popolazione di 142.000 abitanti.<\/td><td>6 582  <\/td><\/tr><tr><td><strong>LETTI TURISTICI<\/strong><\/td><td>Ci sono 410.000 posti letto turistici in tutta la regione. Questi generano 22 milioni di pernottamenti all&#8217;anno. <\/td><td>  37 000  <\/td><\/tr><\/tbody><\/table><\/figure>\n<\/div>\n\n<div style=\"height:100px\" aria-hidden=\"true\" class=\"wp-block-spacer\"><\/div>\n\n<div class=\"wp-block-group has-global-padding is-layout-constrained wp-block-group-is-layout-constrained\">\n<p>Hai bisogno di un consiglio?<\/p>\n\n\n\n<h2 class=\"wp-block-heading\">L&#8217;ufficio turistico,<br\/><strong>\u00e8 il tuo alleato locale<\/strong>.<\/h2>\n\n\n\n<p><strong>Buoni suggerimenti, idee per attivit\u00e0, consigli personalizzati: <\/strong>non esitare a venire a conoscere o a contattare <strong>i team<\/strong> dell&#8217;Ufficio del Turismo per sfruttare al meglio la tua destinazione.<\/p>\n\n\n\n<div class=\"wp-block-group has-global-padding is-layout-constrained wp-block-group-is-layout-constrained\">\n<h3 class=\"wp-block-heading\">Pays des \u00c9crins<\/h3>\n\n\n\n<p>Place de l&#8217;\u00e9glise, 05290 Pelvoux<\/p>\n\n\n\n<p><a href=\"http:\/\/0492233612\">04 92 23 36 12<\/a><\/p>\n\n\n\n<div class=\"wp-block-buttons is-layout-flex wp-block-buttons-is-layout-flex\">\n<div class=\"wp-block-button\"><a class=\"wp-block-button__link wp-element-button\" href=\"http:\/\/www.paysdesecrins.com\" target=\"_blank\" rel=\"noreferrer noopener\">Sito web dell&#8217;ufficio<\/a><\/div>\n<\/div>\n<\/div>\n<\/div>\n\n<h3 class=\"wp-block-heading\">Puy Saint Vincent<\/h3>\n\n<p>Stazione 1600, 05290 Puy Saint Vincent  <\/p>\n\n<p><a href=\"http:\/\/04%2092%2023%2035%2080\">04 92 23 35 80<\/a> <\/p>\n\n<div class=\"wp-block-buttons is-layout-flex wp-block-buttons-is-layout-flex\">\n<div class=\"wp-block-button\"><a class=\"wp-block-button__link wp-element-button\" href=\"https:\/\/www.puysaintvincent.com\/\" target=\"_blank\" rel=\"noreferrer noopener\">Sito web dell&#8217;ufficio<\/a><\/div>\n<\/div>\n\n<div style=\"height:100px\" aria-hidden=\"true\" class=\"wp-block-spacer\"><\/div>\n\n<hr class=\"wp-block-separator has-alpha-channel-opacity is-style-default\"\/>\n\n<h2 class=\"wp-block-heading is-style-title-1\"><strong>Vedi anche<\/strong><\/h2>\n\n<div class=\"wp-block-group alignwide list-nodetails is-content-justification-center is-layout-flex wp-container-core-group-is-layout-94ea2d6b wp-block-group-is-layout-flex\">\n<div class=\"wp-block-group has-global-padding is-layout-constrained wp-block-group-is-layout-constrained\">\n<div class=\"wp-block-ws-library-ws-image is-style-simple\"><div class=\"wrapper\"><div class=\"group-media\"><img decoding=\"async\" src=\"https:\/\/www.hautes-alpes.net\/wp-content\/uploads\/2025\/11\/les-hameaux-la-grave-les-terrasses-les-hyeres-le-chazelet-alpesphotographiescom-32-1240x800.jpg\" alt=\"\" class=\"single_image ws-image-78593\"><div class=\"credits\">Fotografie delle Alpi<\/div><\/div><p class=\"caption\"><\/p><\/div><\/div>\n\n\n\n<h3 class=\"wp-block-heading is-style-title-2\"><em>Iconico<br\/><\/em>Villaggi per l&#8217;alpinismo negli \u00c9crins<\/h3>\n\n\n\n<div class=\"wp-block-buttons is-layout-flex wp-block-buttons-is-layout-flex\">\n<div class=\"wp-block-button\"><a class=\"wp-block-button__link wp-element-button\" href=\"https:\/\/www.hautes-alpes.net\/it\/iconico\/villaggi-per-lalpinismo\/\">Vedi<\/a><\/div>\n<\/div>\n<\/div>\n\n\n\n<div class=\"wp-block-group has-global-padding is-layout-constrained wp-block-group-is-layout-constrained\">\n<div class=\"wp-block-ws-library-ws-image is-style-simple\"><div class=\"wrapper\"><div class=\"group-media\"><img decoding=\"async\" src=\"https:\/\/www.hautes-alpes.net\/wp-content\/uploads\/2025\/12\/stade-eau-vive-l-argentiere-10-1240x800.jpg\" alt=\"\" class=\"single_image ws-image-88243\"><div class=\"credits\">P. Domeyne - AD05<\/div><\/div><p class=\"caption\"><\/p><\/div><\/div>\n\n\n\n<h3 class=\"wp-block-heading is-style-title-2\"><em>Esperienze<\/em><span style=\"background-color: rgb(255, 255, 255); font-family: \" americana=\"\" std=\"\" font-size:=\"\">Acqua viva<\/span><\/h3>\n\n\n\n<div class=\"wp-block-buttons is-layout-flex wp-block-buttons-is-layout-flex\">\n<div class=\"wp-block-button\"><a class=\"wp-block-button__link wp-element-button\" href=\"https:\/\/www.hautes-alpes.net\/it\/esperienze-hautes-alpes\/acqua-viva\/\">Vedi<\/a><\/div>\n<\/div>\n<\/div>\n<\/div>\n\n<div class=\"wp-block-ws-library-ws-share\"><span class=\"share-subtitle\">Ti \u00e8 piaciuta questa pagina?<\/span><span class=\"share-title\">Condividilo!<\/span><button class=\"ws-share-button wp-element-button\">Condividi questa pagina<\/button><\/div>\n","protected":false},"excerpt":{"rendered":"<p>Un mito di roccia e ghiaccio Per secoli, gli uomini hanno scritto la storia dell&#8217;alpinismo negli Ecrins , con la [&hellip;]<\/p>\n","protected":false},"author":8,"featured_media":0,"parent":107584,"menu_order":0,"comment_status":"closed","ping_status":"closed","template":"","meta":{"is_dark_mode":false,"footnotes":""},"page_label":[],"class_list":["post-106897","page","type-page","status-publish","hentry"],"yoast_head":"<!-- This site is optimized with the Yoast SEO plugin v27.2 - https:\/\/yoast.com\/product\/yoast-seo-wordpress\/ -->\n<title>Pays des \u00c9crins - Hautes-Alpes<\/title>\n<meta name=\"description\" content=\"Pays des \u00c9crins Un mito di roccia e ghiaccio Per secoli, gli uomini hanno scritto la storia dell&#039;alpinismo negli Ecrins , con la punta dei loro ramponi e\" \/>\n<meta name=\"robots\" content=\"index, follow, max-snippet:-1, max-image-preview:large, max-video-preview:-1\" \/>\n<link rel=\"canonical\" href=\"https:\/\/www.hautes-alpes.net\/it\/destinazioni-hautes-alpes\/pays-des-ecrins\/\" \/>\n<meta property=\"og:locale\" content=\"it_IT\" \/>\n<meta property=\"og:type\" content=\"article\" \/>\n<meta property=\"og:title\" content=\"Pays des \u00c9crins - Hautes-Alpes\" \/>\n<meta property=\"og:description\" content=\"Pays des \u00c9crins Un mito di roccia e ghiaccio Per secoli, gli uomini hanno scritto la storia dell&#039;alpinismo negli Ecrins , con la punta dei loro ramponi e\" \/>\n<meta property=\"og:url\" content=\"https:\/\/www.hautes-alpes.net\/it\/destinazioni-hautes-alpes\/pays-des-ecrins\/\" \/>\n<meta property=\"og:site_name\" content=\"Hautes-Alpes\" \/>\n<meta property=\"article:modified_time\" content=\"2026-04-20T08:40:14+00:00\" \/>\n<meta property=\"og:image\" content=\"https:\/\/www.hautes-alpes.net\/wp-content\/uploads\/2025\/12\/glacier-blanc-famille-thibaut-blais-38-1-2000x1000.jpg\" \/>\n<meta name=\"twitter:card\" content=\"summary_large_image\" \/>\n<meta name=\"twitter:label1\" content=\"Tempo di lettura stimato\" \/>\n\t<meta name=\"twitter:data1\" content=\"4 minuti\" \/>\n<script type=\"application\/ld+json\" class=\"yoast-schema-graph\">{\"@context\":\"https:\/\/schema.org\",\"@graph\":[{\"@type\":\"WebPage\",\"@id\":\"https:\/\/www.hautes-alpes.net\/it\/destinazioni-hautes-alpes\/pays-des-ecrins\/\",\"url\":\"https:\/\/www.hautes-alpes.net\/it\/destinazioni-hautes-alpes\/pays-des-ecrins\/\",\"name\":\"Pays des \u00c9crins - Hautes-Alpes\",\"isPartOf\":{\"@id\":\"https:\/\/www.hautes-alpes.net\/it\/#website\"},\"primaryImageOfPage\":{\"@id\":\"https:\/\/www.hautes-alpes.net\/it\/destinazioni-hautes-alpes\/pays-des-ecrins\/#primaryimage\"},\"image\":{\"@id\":\"https:\/\/www.hautes-alpes.net\/it\/destinazioni-hautes-alpes\/pays-des-ecrins\/#primaryimage\"},\"thumbnailUrl\":\"https:\/\/www.hautes-alpes.net\/wp-content\/uploads\/2025\/12\/glacier-blanc-famille-thibaut-blais-38-1-2000x1000.jpg\",\"datePublished\":\"2025-11-21T10:20:44+00:00\",\"dateModified\":\"2026-04-20T08:40:14+00:00\",\"description\":\"Pays des \u00c9crins Un mito di roccia e ghiaccio Per secoli, gli uomini hanno scritto la storia dell'alpinismo negli Ecrins , con la punta dei loro ramponi e\",\"breadcrumb\":{\"@id\":\"https:\/\/www.hautes-alpes.net\/it\/destinazioni-hautes-alpes\/pays-des-ecrins\/#breadcrumb\"},\"inLanguage\":\"it-IT\",\"potentialAction\":[{\"@type\":\"ReadAction\",\"target\":[\"https:\/\/www.hautes-alpes.net\/it\/destinazioni-hautes-alpes\/pays-des-ecrins\/\"]}]},{\"@type\":\"ImageObject\",\"inLanguage\":\"it-IT\",\"@id\":\"https:\/\/www.hautes-alpes.net\/it\/destinazioni-hautes-alpes\/pays-des-ecrins\/#primaryimage\",\"url\":\"https:\/\/www.hautes-alpes.net\/wp-content\/uploads\/2025\/12\/glacier-blanc-famille-thibaut-blais-38-1-2000x1000.jpg\",\"contentUrl\":\"https:\/\/www.hautes-alpes.net\/wp-content\/uploads\/2025\/12\/glacier-blanc-famille-thibaut-blais-38-1-2000x1000.jpg\"},{\"@type\":\"BreadcrumbList\",\"@id\":\"https:\/\/www.hautes-alpes.net\/it\/destinazioni-hautes-alpes\/pays-des-ecrins\/#breadcrumb\",\"itemListElement\":[{\"@type\":\"ListItem\",\"position\":1,\"name\":\"Accueil\",\"item\":\"https:\/\/www.hautes-alpes.net\/it\/hautes-alpes\/\"},{\"@type\":\"ListItem\",\"position\":2,\"name\":\"Destinazioni - Hautes-Alpes\",\"item\":\"https:\/\/www.hautes-alpes.net\/it\/destinazioni-hautes-alpes\/\"},{\"@type\":\"ListItem\",\"position\":3,\"name\":\"Destinazioni - Hautes-Alpes\",\"item\":\"https:\/\/www.hautes-alpes.net\/it\/destinazioni-hautes-alpes\/\"},{\"@type\":\"ListItem\",\"position\":4,\"name\":\"Pays des \u00c9crins\"}]},{\"@type\":\"WebSite\",\"@id\":\"https:\/\/www.hautes-alpes.net\/it\/#website\",\"url\":\"https:\/\/www.hautes-alpes.net\/it\/\",\"name\":\"ADDET\",\"description\":\"\",\"publisher\":{\"@id\":\"https:\/\/www.hautes-alpes.net\/it\/#organization\"},\"potentialAction\":[{\"@type\":\"SearchAction\",\"target\":{\"@type\":\"EntryPoint\",\"urlTemplate\":\"https:\/\/www.hautes-alpes.net\/it\/?s={search_term_string}\"},\"query-input\":{\"@type\":\"PropertyValueSpecification\",\"valueRequired\":true,\"valueName\":\"search_term_string\"}}],\"inLanguage\":\"it-IT\"},{\"@type\":\"Organization\",\"@id\":\"https:\/\/www.hautes-alpes.net\/it\/#organization\",\"name\":\"Agence D\u00e9partementale de D\u00e9veloppement Economique et Touristique des Hautes-Alpes\",\"url\":\"https:\/\/www.hautes-alpes.net\/it\/\",\"logo\":{\"@type\":\"ImageObject\",\"inLanguage\":\"it-IT\",\"@id\":\"https:\/\/www.hautes-alpes.net\/it\/#\/schema\/logo\/image\/\",\"url\":\"https:\/\/www.hautes-alpes.net\/wp-content\/uploads\/2026\/01\/black-logo-2.svg\",\"contentUrl\":\"https:\/\/www.hautes-alpes.net\/wp-content\/uploads\/2026\/01\/black-logo-2.svg\",\"caption\":\"Agence D\u00e9partementale de D\u00e9veloppement Economique et Touristique des Hautes-Alpes\"},\"image\":{\"@id\":\"https:\/\/www.hautes-alpes.net\/it\/#\/schema\/logo\/image\/\"}}]}<\/script>\n<!-- \/ Yoast SEO plugin. -->","yoast_head_json":{"title":"Pays des \u00c9crins - Hautes-Alpes","description":"Pays des \u00c9crins Un mito di roccia e ghiaccio Per secoli, gli uomini hanno scritto la storia dell'alpinismo negli Ecrins , con la punta dei loro ramponi e","robots":{"index":"index","follow":"follow","max-snippet":"max-snippet:-1","max-image-preview":"max-image-preview:large","max-video-preview":"max-video-preview:-1"},"canonical":"https:\/\/www.hautes-alpes.net\/it\/destinazioni-hautes-alpes\/pays-des-ecrins\/","og_locale":"it_IT","og_type":"article","og_title":"Pays des \u00c9crins - Hautes-Alpes","og_description":"Pays des \u00c9crins Un mito di roccia e ghiaccio Per secoli, gli uomini hanno scritto la storia dell'alpinismo negli Ecrins , con la punta dei loro ramponi e","og_url":"https:\/\/www.hautes-alpes.net\/it\/destinazioni-hautes-alpes\/pays-des-ecrins\/","og_site_name":"Hautes-Alpes","article_modified_time":"2026-04-20T08:40:14+00:00","og_image":[{"url":"https:\/\/www.hautes-alpes.net\/wp-content\/uploads\/2025\/12\/glacier-blanc-famille-thibaut-blais-38-1-2000x1000.jpg","type":"","width":"","height":""}],"twitter_card":"summary_large_image","twitter_misc":{"Tempo di lettura stimato":"4 minuti"},"schema":{"@context":"https:\/\/schema.org","@graph":[{"@type":"WebPage","@id":"https:\/\/www.hautes-alpes.net\/it\/destinazioni-hautes-alpes\/pays-des-ecrins\/","url":"https:\/\/www.hautes-alpes.net\/it\/destinazioni-hautes-alpes\/pays-des-ecrins\/","name":"Pays des \u00c9crins - Hautes-Alpes","isPartOf":{"@id":"https:\/\/www.hautes-alpes.net\/it\/#website"},"primaryImageOfPage":{"@id":"https:\/\/www.hautes-alpes.net\/it\/destinazioni-hautes-alpes\/pays-des-ecrins\/#primaryimage"},"image":{"@id":"https:\/\/www.hautes-alpes.net\/it\/destinazioni-hautes-alpes\/pays-des-ecrins\/#primaryimage"},"thumbnailUrl":"https:\/\/www.hautes-alpes.net\/wp-content\/uploads\/2025\/12\/glacier-blanc-famille-thibaut-blais-38-1-2000x1000.jpg","datePublished":"2025-11-21T10:20:44+00:00","dateModified":"2026-04-20T08:40:14+00:00","description":"Pays des \u00c9crins Un mito di roccia e ghiaccio Per secoli, gli uomini hanno scritto la storia dell'alpinismo negli Ecrins , con la punta dei loro ramponi e","breadcrumb":{"@id":"https:\/\/www.hautes-alpes.net\/it\/destinazioni-hautes-alpes\/pays-des-ecrins\/#breadcrumb"},"inLanguage":"it-IT","potentialAction":[{"@type":"ReadAction","target":["https:\/\/www.hautes-alpes.net\/it\/destinazioni-hautes-alpes\/pays-des-ecrins\/"]}]},{"@type":"ImageObject","inLanguage":"it-IT","@id":"https:\/\/www.hautes-alpes.net\/it\/destinazioni-hautes-alpes\/pays-des-ecrins\/#primaryimage","url":"https:\/\/www.hautes-alpes.net\/wp-content\/uploads\/2025\/12\/glacier-blanc-famille-thibaut-blais-38-1-2000x1000.jpg","contentUrl":"https:\/\/www.hautes-alpes.net\/wp-content\/uploads\/2025\/12\/glacier-blanc-famille-thibaut-blais-38-1-2000x1000.jpg"},{"@type":"BreadcrumbList","@id":"https:\/\/www.hautes-alpes.net\/it\/destinazioni-hautes-alpes\/pays-des-ecrins\/#breadcrumb","itemListElement":[{"@type":"ListItem","position":1,"name":"Accueil","item":"https:\/\/www.hautes-alpes.net\/it\/hautes-alpes\/"},{"@type":"ListItem","position":2,"name":"Destinazioni - Hautes-Alpes","item":"https:\/\/www.hautes-alpes.net\/it\/destinazioni-hautes-alpes\/"},{"@type":"ListItem","position":3,"name":"Destinazioni - Hautes-Alpes","item":"https:\/\/www.hautes-alpes.net\/it\/destinazioni-hautes-alpes\/"},{"@type":"ListItem","position":4,"name":"Pays des \u00c9crins"}]},{"@type":"WebSite","@id":"https:\/\/www.hautes-alpes.net\/it\/#website","url":"https:\/\/www.hautes-alpes.net\/it\/","name":"ADDET","description":"","publisher":{"@id":"https:\/\/www.hautes-alpes.net\/it\/#organization"},"potentialAction":[{"@type":"SearchAction","target":{"@type":"EntryPoint","urlTemplate":"https:\/\/www.hautes-alpes.net\/it\/?s={search_term_string}"},"query-input":{"@type":"PropertyValueSpecification","valueRequired":true,"valueName":"search_term_string"}}],"inLanguage":"it-IT"},{"@type":"Organization","@id":"https:\/\/www.hautes-alpes.net\/it\/#organization","name":"Agence D\u00e9partementale de D\u00e9veloppement Economique et Touristique des Hautes-Alpes","url":"https:\/\/www.hautes-alpes.net\/it\/","logo":{"@type":"ImageObject","inLanguage":"it-IT","@id":"https:\/\/www.hautes-alpes.net\/it\/#\/schema\/logo\/image\/","url":"https:\/\/www.hautes-alpes.net\/wp-content\/uploads\/2026\/01\/black-logo-2.svg","contentUrl":"https:\/\/www.hautes-alpes.net\/wp-content\/uploads\/2026\/01\/black-logo-2.svg","caption":"Agence D\u00e9partementale de D\u00e9veloppement Economique et Touristique des Hautes-Alpes"},"image":{"@id":"https:\/\/www.hautes-alpes.net\/it\/#\/schema\/logo\/image\/"}}]}},"_links":{"self":[{"href":"https:\/\/www.hautes-alpes.net\/it\/wp-json\/wp\/v2\/pages\/106897","targetHints":{"allow":["GET"]}}],"collection":[{"href":"https:\/\/www.hautes-alpes.net\/it\/wp-json\/wp\/v2\/pages"}],"about":[{"href":"https:\/\/www.hautes-alpes.net\/it\/wp-json\/wp\/v2\/types\/page"}],"author":[{"embeddable":true,"href":"https:\/\/www.hautes-alpes.net\/it\/wp-json\/wp\/v2\/users\/8"}],"replies":[{"embeddable":true,"href":"https:\/\/www.hautes-alpes.net\/it\/wp-json\/wp\/v2\/comments?post=106897"}],"version-history":[{"count":10,"href":"https:\/\/www.hautes-alpes.net\/it\/wp-json\/wp\/v2\/pages\/106897\/revisions"}],"predecessor-version":[{"id":485636,"href":"https:\/\/www.hautes-alpes.net\/it\/wp-json\/wp\/v2\/pages\/106897\/revisions\/485636"}],"up":[{"embeddable":true,"href":"https:\/\/www.hautes-alpes.net\/it\/wp-json\/wp\/v2\/pages\/107584"}],"wp:attachment":[{"href":"https:\/\/www.hautes-alpes.net\/it\/wp-json\/wp\/v2\/media?parent=106897"}],"wp:term":[{"taxonomy":"page_label","embeddable":true,"href":"https:\/\/www.hautes-alpes.net\/it\/wp-json\/wp\/v2\/page_label?post=106897"}],"curies":[{"name":"wp","href":"https:\/\/api.w.org\/{rel}","templated":true}]}}