{"id":106869,"date":"2025-12-05T08:33:13","date_gmt":"2025-12-05T07:33:13","guid":{"rendered":"https:\/\/www.hautes-alpes.net\/come-organizzarsi\/alloggi-ammobiliati-e-gites\/"},"modified":"2025-12-17T14:53:33","modified_gmt":"2025-12-17T13:53:33","slug":"alloggi-ammobiliati-e-gites","status":"publish","type":"page","link":"https:\/\/www.hautes-alpes.net\/it\/come-organizzarsi\/alloggi-ammobiliati-e-gites\/","title":{"rendered":"Alloggi ammobiliati e G\u00eetes"},"content":{"rendered":"\n<div class=\"wp-block-group alignfull hero-banner-simple has-global-padding is-layout-constrained wp-block-group-is-layout-constrained\"><div class=\"yoast-breadcrumbs\"><span><span><a href=\"https:\/\/www.hautes-alpes.net\/it\/hautes-alpes\/\">Accueil<\/a><\/span>  <span><a href=\"https:\/\/www.hautes-alpes.net\/it\/come-organizzarsi\/\">Come organizzarsi<\/a><\/span>  <span><a href=\"https:\/\/www.hautes-alpes.net\/it\/come-organizzarsi\/\">Come organizzarsi<\/a><\/span>  <span class=\"breadcrumb_last\" aria-current=\"page\">Alloggi ammobiliati e G\u00eetes<\/span><\/span><\/div>\n\n\n<h1 class=\"wp-block-ws-library-post-title\">Alloggi ammobiliati e G\u00eetes<\/h1>\n\n\n\n<p class=\"subtitle wp-block-paragraph\"><\/p>\n\n\n\n<p class=\"wp-block-paragraph\"><\/p>\n<\/div>\n\n<div class=\"wp-block-ws-library-ws-banner alignfull\"><div class=\"wrapper\"><div class=\"group-media\"><img decoding=\"async\" width=\"1600\" height=\"480\" src=\"https:\/\/www.hautes-alpes.net\/wp-content\/uploads\/2025\/12\/chalet-l-e-toile-alpesphotographiescom-8-1600x480.jpg\" alt=\"\" class=\"single_image wp-image-97970\"><div class=\"credits\">Alpesphotographie<\/div><\/div>\n<div class=\"group-content\"><p class=\"wp-block-paragraph\">Per una vacanza in self-catering al tuo ritmo, scegli le g\u00eetes e gli alloggi ammobiliati. Se viaggi con la famiglia o con gli amici, approfitta degli ampi spazi e di tutte le attrezzature necessarie per sentirti a casa. Dagli accoglienti appartamenti dei resort agli ampi chalet appartati, trova il luogo perfetto per pianificare le tue giornate di esplorazione e goderti i momenti di relax in completa indipendenza.  <\/p><\/div>\n<\/div><\/div>\n<div id=\"listing_0b942\" data-observer-wishlist class=\"ws-listing wp-block-ws-apidae-library-listing-avance\" data-map-id=\"map_0b942\" data-locations-id=\"locations-data_0b942\"><div class=\"panel-fixe panel-facets\"><div class=\"panel-overlay toggle-facets\"><\/div><div class=\"panel-inner\"><div class=\"panel-header\"><div class=\"panel-title\">Filtri<\/div><a href=\"#\" class=\"panel-close toggle-facets\">Chiudi<\/a><\/div><div class=\"panel-content\"><div class=\"group-summary\"><div class=\"facetwp-selections\"><\/div><a href=\"#\" class=\"link-reset\">Elimina<\/a><\/div><div class=\"facetwp-facet facetwp-facet-territoires facetwp-type-fselect\" data-name=\"territoires\" data-type=\"fselect\"><\/div><div class=\"facetwp-facet facetwp-facet-station facetwp-type-fselect\" data-name=\"station\" data-type=\"fselect\"><\/div><div class=\"facetwp-facet facetwp-facet-commune facetwp-type-fselect\" data-name=\"commune\" data-type=\"fselect\"><\/div><div class=\"facetwp-facet facetwp-facet-classement facetwp-type-rating\" data-name=\"classement\" data-type=\"rating\"><\/div><div class=\"facetwp-facet facetwp-facet-capacit facetwp-type-slider\" data-name=\"capacit\" data-type=\"slider\"><\/div><div class=\"facetwp-facet facetwp-facet-services facetwp-type-checkboxes\" data-name=\"services\" data-type=\"checkboxes\"><\/div><div class=\"facetwp-facet facetwp-facet-equipement facetwp-type-checkboxes\" data-name=\"equipement\" data-type=\"checkboxes\"><\/div><\/div><div class=\"panel-footer\"><div class=\"facet-buttons\"><button type=\"submit\" class=\"btn btn-1 toggle-facets facetwp-count-btn\">Vedi tutto <span class=\"results-count\"><\/span> risultati<\/button><\/div><\/div><\/div><\/div><div class=\"listing-header\"><div class=\"toggle-container\"><button class=\"btn toggle-btn toggle-facets\" data-target=\"facets\">Filtri<\/button><\/div><\/div><div class=\"facetwp-template\"><div class=\"list-container active\"><div class=\"list-items\"><div class=\"item\" ><div class=\"card card-apidae card-avance post-type-apidae\"><div class=\"group-top\"><\/div><div class=\"group-media\"><div class=\"field-image\"><img decoding=\"async\" src=\"https:\/\/images.weserv.nl\/?url=https:\/\/static.apidae-tourisme.com\/filestore\/objets-touristiques\/images\/93\/217\/41474397-diaporama.jpg&#038;w=550&#038;h=350&#038;fit=cover&#038;output=webp&#038;q=45\" alt=\"Location Chardons Bleus n\u00b0 66\"\/><\/div><\/div><div class=\"group-content\"><div class=\"field-commune\">Saint-Michel-de-Chaillol<\/div><div class=\"field-title\">Location Chardons Bleus n\u00b0 66<\/div><\/div><div class=\"field-link\"><a href=\"https:\/\/www.hautes-alpes.net\/it\/fiche\/location-chardons-bleus-n-66-5\/\" class=\"cardlink\">Location Chardons Bleus n\u00b0 66<\/a><\/div><\/div><\/div><div class=\"item\" ><div class=\"card card-apidae card-avance post-type-apidae\"><div class=\"group-top\"><\/div><div class=\"group-media\"><div class=\"field-image\"><img decoding=\"async\" src=\"https:\/\/images.weserv.nl\/?url=https:\/\/static.apidae-tourisme.com\/filestore\/objets-touristiques\/images\/49\/69\/1721649-diaporama.jpg&#038;w=550&#038;h=350&#038;fit=cover&#038;output=webp&#038;q=45\" alt=\"Hedon S.C.I\"\/><\/div><\/div><div class=\"group-content\"><div class=\"field-commune\">Le Mon\u00eatier-les-Bains<\/div><div class=\"field-title\">Hedon S.C.I<\/div><div class=\"field-description\">Grande chalet per famiglie che pu\u00f2 ospitare fino a 26 persone in 7 camere, tra cui 4 camere per coppie e 3 dormitori che&#8230;<\/div><\/div><div class=\"field-link\"><a href=\"https:\/\/www.hautes-alpes.net\/it\/fiche\/hedon-s-c-i-5\/\" class=\"cardlink\">Hedon S.C.I<\/a><\/div><\/div><\/div><div class=\"item\" ><div class=\"card card-apidae card-avance post-type-apidae\"><div class=\"group-top\"><\/div><div class=\"group-media\"><div class=\"field-image\"><img decoding=\"async\" src=\"https:\/\/images.weserv.nl\/?url=https:\/\/static.apidae-tourisme.com\/filestore\/objets-touristiques\/images-principales\/217\/83\/349145-diaporama.jpg&#038;w=550&#038;h=350&#038;fit=cover&#038;output=webp&#038;q=45\" alt=\"La Pastarelle  &#8221;Geni\u00e8vre&#8221;\"\/><\/div><\/div><div class=\"group-content\"><div class=\"field-commune\">Orpierre<\/div><div class=\"field-title\">La Pastarelle  &#8221;Geni\u00e8vre&#8221;<\/div><div class=\"field-description\">Nel cuore del villaggio di Orpierre, a 10 minuti a piedi delle falesie, appartamento tutto allo stesso livell, molto luminoso, per 4 persone.<\/div><\/div><div class=\"field-link\"><a href=\"https:\/\/www.hautes-alpes.net\/it\/fiche\/la-pastarelle-genievre-5\/\" class=\"cardlink\">La Pastarelle  &#8221;Geni\u00e8vre&#8221;<\/a><\/div><\/div><\/div><div class=\"item\" ><div class=\"card card-apidae card-avance post-type-apidae\"><div class=\"group-top\"><\/div><div class=\"group-media\"><div class=\"field-image\"><img decoding=\"async\" src=\"https:\/\/images.weserv.nl\/?url=https:\/\/static.apidae-tourisme.com\/filestore\/objets-touristiques\/images\/55\/132\/26117175-diaporama.jpg&#038;w=550&#038;h=350&#038;fit=cover&#038;output=webp&#038;q=45\" alt=\"Moulini\u00e8re 1 - Roubion - Boulay G\u00e9rard\"\/><\/div><\/div><div class=\"group-content\"><div class=\"field-commune\">N\u00e9vache<\/div><div class=\"field-title\">Moulini\u00e8re 1 - Roubion - Boulay G\u00e9rard<\/div><div class=\"field-description\">Monolocale 3\/4 persone, 23 m\u00b2, completamente attrezzato. wc separato, In un residence di montagna a livello del giardino, non affacciato, esposto a sud, con&#8230;<\/div><\/div><div class=\"field-link\"><a href=\"https:\/\/www.hautes-alpes.net\/it\/fiche\/mouliniere-1-roubion-boulay-gerard-5\/\" class=\"cardlink\">Moulini\u00e8re 1 - Roubion - Boulay G\u00e9rard<\/a><\/div><\/div><\/div><div class=\"item\" ><div class=\"card card-apidae card-avance post-type-apidae\"><div class=\"group-top\"><\/div><div class=\"group-media\"><div class=\"field-image\"><img decoding=\"async\" src=\"https:\/\/images.weserv.nl\/?url=https:\/\/static.apidae-tourisme.com\/filestore\/objets-touristiques\/images\/216\/11\/19925976-diaporama.jpg&#038;w=550&#038;h=350&#038;fit=cover&#038;output=webp&#038;q=45\" alt=\"Le Cocoon des neiges\"\/><\/div><\/div><div class=\"group-content\"><div class=\"field-commune\">Montgen\u00e8vre<\/div><div class=\"field-title\">Le Cocoon des neiges<\/div><\/div><div class=\"field-link\"><a href=\"https:\/\/www.hautes-alpes.net\/it\/fiche\/le-cocoon-des-neiges-5\/\" class=\"cardlink\">Le Cocoon des neiges<\/a><\/div><\/div><\/div><div class=\"item\" ><div class=\"card card-apidae card-avance post-type-apidae\"><div class=\"group-top\"><\/div><div class=\"group-media\"><div class=\"field-image\"><img decoding=\"async\" src=\"https:\/\/images.weserv.nl\/?url=https:\/\/static.apidae-tourisme.com\/filestore\/objets-touristiques\/images\/45\/147\/10654509-diaporama.jpg&#038;w=550&#038;h=350&#038;fit=cover&#038;output=webp&#038;q=45\" alt=\"Appartement 8 personnes - Les Aiguillettes\"\/><\/div><\/div><div class=\"group-content\"><div class=\"field-commune\">Ceillac<\/div><div class=\"field-title\">Appartement 8 personnes - Les Aiguillettes<\/div><\/div><div class=\"field-link\"><a href=\"https:\/\/www.hautes-alpes.net\/it\/fiche\/appartement-8-personnes-les-aiguillettes-5\/\" class=\"cardlink\">Appartement 8 personnes - Les Aiguillettes<\/a><\/div><\/div><\/div><div class=\"item\" ><div class=\"card card-apidae card-avance post-type-apidae\"><div class=\"group-top\"><\/div><div class=\"group-media\"><div class=\"field-image\"><img decoding=\"async\" src=\"https:\/\/images.weserv.nl\/?url=https:\/\/static.apidae-tourisme.com\/filestore\/objets-touristiques\/images\/216\/139\/30706648-diaporama.jpg&#038;w=550&#038;h=350&#038;fit=cover&#038;output=webp&#038;q=45\" alt=\"L&#8217;\u00e9crin\"\/><\/div><\/div><div class=\"group-content\"><div class=\"field-commune\">La B\u00e2tie-Neuve<\/div><div class=\"field-title\">L&#8217;\u00e9crin<\/div><\/div><div class=\"field-link\"><a href=\"https:\/\/www.hautes-alpes.net\/it\/fiche\/lecrin-5\/\" class=\"cardlink\">L&#8217;\u00e9crin<\/a><\/div><\/div><\/div><div class=\"item\" ><div class=\"card card-apidae card-avance post-type-apidae\"><div class=\"group-top\"><\/div><div class=\"group-media\"><div class=\"field-image\"><img decoding=\"async\" src=\"https:\/\/images.weserv.nl\/?url=https:\/\/static.apidae-tourisme.com\/filestore\/objets-touristiques\/images\/86\/78\/8932950-diaporama.jpg&#038;w=550&#038;h=350&#038;fit=cover&#038;output=webp&#038;q=45\" alt=\"Petit chalet typique de montagne  - Herv\u00e9 Mari\u00e9\"\/><\/div><\/div><div class=\"group-content\"><div class=\"field-commune\">Vallouise-Pelvoux<\/div><div class=\"field-title\">Petit chalet typique de montagne  - Herv\u00e9 Mari\u00e9<\/div><\/div><div class=\"field-link\"><a href=\"https:\/\/www.hautes-alpes.net\/it\/fiche\/petit-chalet-typique-de-montagne-herve-marie-5\/\" class=\"cardlink\">Petit chalet typique de montagne  - Herv\u00e9 Mari\u00e9<\/a><\/div><\/div><\/div><div class=\"item\" ><div class=\"card card-apidae card-avance post-type-apidae\"><div class=\"group-top\"><\/div><div class=\"group-media\"><div class=\"field-image\"><img decoding=\"async\" src=\"https:\/\/images.weserv.nl\/?url=https:\/\/static.apidae-tourisme.com\/filestore\/objets-touristiques\/images-principales\/213\/165\/370133-diaporama.jpg&#038;w=550&#038;h=350&#038;fit=cover&#038;output=webp&#038;q=45\" alt=\"Lefort Christophe\"\/><\/div><\/div><div class=\"group-content\"><div class=\"field-commune\">Brian\u00e7on<\/div><div class=\"field-title\">Lefort Christophe<\/div><div class=\"field-description\">Appartamento al secondo piano di uno chalet nella frazione di Fontchristianne. Piano sotto il tetto.<\/div><\/div><div class=\"field-link\"><a href=\"https:\/\/www.hautes-alpes.net\/it\/fiche\/lefort-christophe-5\/\" class=\"cardlink\">Lefort Christophe<\/a><\/div><\/div><\/div><div class=\"item\" ><div class=\"card card-apidae card-avance post-type-apidae\"><div class=\"group-top\"><\/div><div class=\"group-media\"><div class=\"field-image\"><img decoding=\"async\" src=\"https:\/\/images.weserv.nl\/?url=https:\/\/static.apidae-tourisme.com\/filestore\/objets-touristiques\/images\/195\/233\/36563395-diaporama.jpg&#038;w=550&#038;h=350&#038;fit=cover&#038;output=webp&#038;q=45\" alt=\"Balcons des \u00e9cureuils\"\/><\/div><\/div><div class=\"group-content\"><div class=\"field-commune\">Superd\u00e9voluy<\/div><div class=\"field-title\">Balcons des \u00e9cureuils<\/div><\/div><div class=\"field-link\"><a href=\"https:\/\/www.hautes-alpes.net\/it\/fiche\/balcons-des-ecureuils-5\/\" class=\"cardlink\">Balcons des \u00e9cureuils<\/a><\/div><\/div><\/div><div class=\"item\" ><div class=\"card card-apidae card-avance post-type-apidae\"><div class=\"group-top\"><\/div><div class=\"group-media\"><div class=\"field-image\"><img decoding=\"async\" src=\"https:\/\/images.weserv.nl\/?url=https:\/\/static.apidae-tourisme.com\/filestore\/objets-touristiques\/images\/17\/73\/26626321-diaporama.jpg&#038;w=550&#038;h=350&#038;fit=cover&#038;output=webp&#038;q=45\" alt=\"Roulotte de la Ferme des \u00c9glantiers\"\/><\/div><\/div><div class=\"group-content\"><div class=\"field-commune\">Ribeyret<\/div><div class=\"field-title\">Roulotte de la Ferme des \u00c9glantiers<\/div><\/div><div class=\"field-link\"><a href=\"https:\/\/www.hautes-alpes.net\/it\/fiche\/roulotte-de-la-ferme-des-eglantiers-5\/\" class=\"cardlink\">Roulotte de la Ferme des \u00c9glantiers<\/a><\/div><\/div><\/div><div class=\"item\" ><div class=\"card card-apidae card-avance post-type-apidae\"><div class=\"group-top\"><\/div><div class=\"group-media\"><div class=\"field-image\"><img decoding=\"async\" src=\"https:\/\/images.weserv.nl\/?url=https:\/\/static.apidae-tourisme.com\/filestore\/objets-touristiques\/images\/22\/234\/10414614-diaporama.jpg&#038;w=550&#038;h=350&#038;fit=cover&#038;output=webp&#038;q=45\" alt=\"Location Mme PACCOU Fabienne - L&#8217;oursi\u00e8re\"\/><\/div><\/div><div class=\"group-content\"><div class=\"field-commune\">Chabottes<\/div><div class=\"field-title\">Location Mme PACCOU Fabienne - L&#8217;oursi\u00e8re<\/div><\/div><div class=\"field-link\"><a href=\"https:\/\/www.hautes-alpes.net\/it\/fiche\/location-mme-paccou-fabienne-loursiere-5\/\" class=\"cardlink\">Location Mme PACCOU Fabienne - L&#8217;oursi\u00e8re<\/a><\/div><\/div><\/div><div class=\"item\" ><div class=\"card card-apidae card-avance post-type-apidae\"><div class=\"group-top\"><\/div><div class=\"group-media\"><div class=\"field-image\"><img decoding=\"async\" src=\"https:\/\/images.weserv.nl\/?url=https:\/\/static.apidae-tourisme.com\/filestore\/objets-touristiques\/images\/206\/216\/39311566-diaporama.jpg&#038;w=550&#038;h=350&#038;fit=cover&#038;output=webp&#038;q=45\" alt=\"2 STANZE LE BALCON (GAD)\"\/><\/div><\/div><div class=\"group-content\"><div class=\"field-commune\">La Salle-les-Alpes<\/div><div class=\"field-title\">2 STANZE LE BALCON (GAD)<\/div><div class=\"field-description\">Appartamento con una camera da letto in una casa in pietra del XVIII secolo, nel cuore di un tipico borgo antico. Finiture di alta&#8230;<\/div><\/div><div class=\"field-link\"><a href=\"https:\/\/www.hautes-alpes.net\/it\/fiche\/2-stanze-le-balcon-gad\/\" class=\"cardlink\">2 STANZE LE BALCON (GAD)<\/a><\/div><\/div><\/div><div class=\"item\" ><div class=\"card card-apidae card-avance post-type-apidae\"><div class=\"group-top\"><\/div><div class=\"group-media\"><div class=\"field-image\"><img decoding=\"async\" src=\"https:\/\/images.weserv.nl\/?url=https:\/\/static.apidae-tourisme.com\/filestore\/objets-touristiques\/images\/101\/45\/39726437-diaporama.jpg&#038;w=550&#038;h=350&#038;fit=cover&#038;output=webp&#038;q=45\" alt=\"Le Pavec Mireille Appartement 210 Pendine 1\"\/><\/div><\/div><div class=\"group-content\"><div class=\"field-commune\">Puy-Saint-Vincent<\/div><div class=\"field-title\">Le Pavec Mireille Appartement 210 Pendine 1<\/div><\/div><div class=\"field-link\"><a href=\"https:\/\/www.hautes-alpes.net\/it\/fiche\/le-pavec-mireille-appartement-210-pendine-1-5\/\" class=\"cardlink\">Le Pavec Mireille Appartement 210 Pendine 1<\/a><\/div><\/div><\/div><div class=\"item\" ><div class=\"card card-apidae card-avance post-type-apidae\"><div class=\"group-top\"><\/div><div class=\"group-media\"><div class=\"field-image\"><img decoding=\"async\" src=\"https:\/\/images.weserv.nl\/?url=https:\/\/static.apidae-tourisme.com\/filestore\/objets-touristiques\/images\/135\/40\/30419079-diaporama.jpg&#038;w=550&#038;h=350&#038;fit=cover&#038;output=webp&#038;q=45\" alt=\"G\u00eete de la Combe\"\/><\/div><\/div><div class=\"group-content\"><div class=\"field-commune\">Sal\u00e9on<\/div><div class=\"field-title\">G\u00eete de la Combe<\/div><\/div><div class=\"field-link\"><a href=\"https:\/\/www.hautes-alpes.net\/it\/fiche\/gite-de-la-combe-5\/\" class=\"cardlink\">G\u00eete de la Combe<\/a><\/div><\/div><\/div><div id=\"locations-data_0b942\" style=\"display: none;\">{&quot;locations&quot;:[{&quot;lat&quot;:&quot;44.687542&quot;,&quot;lng&quot;:&quot;6.166202&quot;,&quot;title&quot;:&quot;Location Chardons Bleus n\\u00b0 66&quot;,&quot;permalink&quot;:&quot;https:\\\/\\\/www.hautes-alpes.net\\\/it\\\/fiche\\\/location-chardons-bleus-n-66-5\\\/&quot;,&quot;type&quot;:&quot;hebergement_locatif&quot;,&quot;commune&quot;:&quot;Saint-Michel-de-Chaillol&quot;,&quot;type_commerce&quot;:&quot;&quot;,&quot;image&quot;:&quot;https:\\\/\\\/static.apidae-tourisme.com\\\/filestore\\\/objets-touristiques\\\/images\\\/93\\\/217\\\/41474397-diaporama.jpg&quot;,&quot;image_width&quot;:&quot;550&quot;,&quot;image_height&quot;:&quot;350&quot;,&quot;image_fit&quot;:&quot;cover&quot;},{&quot;lat&quot;:&quot;44.964941&quot;,&quot;lng&quot;:&quot;6.53159&quot;,&quot;title&quot;:&quot;Hedon S.C.I&quot;,&quot;permalink&quot;:&quot;https:\\\/\\\/www.hautes-alpes.net\\\/it\\\/fiche\\\/hedon-s-c-i-5\\\/&quot;,&quot;type&quot;:&quot;hebergement_locatif&quot;,&quot;commune&quot;:&quot;Le Mon\\u00eatier-les-Bains&quot;,&quot;type_commerce&quot;:&quot;&quot;,&quot;image&quot;:&quot;https:\\\/\\\/static.apidae-tourisme.com\\\/filestore\\\/objets-touristiques\\\/images\\\/49\\\/69\\\/1721649-diaporama.jpg&quot;,&quot;image_width&quot;:&quot;550&quot;,&quot;image_height&quot;:&quot;350&quot;,&quot;image_fit&quot;:&quot;cover&quot;},{&quot;lat&quot;:&quot;44.313201&quot;,&quot;lng&quot;:&quot;5.692163&quot;,&quot;title&quot;:&quot;La Pastarelle  &#8221;Geni\\u00e8vre&#8221;&quot;,&quot;permalink&quot;:&quot;https:\\\/\\\/www.hautes-alpes.net\\\/it\\\/fiche\\\/la-pastarelle-genievre-5\\\/&quot;,&quot;type&quot;:&quot;hebergement_locatif&quot;,&quot;commune&quot;:&quot;Orpierre&quot;,&quot;type_commerce&quot;:&quot;&quot;,&quot;image&quot;:&quot;https:\\\/\\\/static.apidae-tourisme.com\\\/filestore\\\/objets-touristiques\\\/images-principales\\\/217\\\/83\\\/349145-diaporama.jpg&quot;,&quot;image_width&quot;:&quot;550&quot;,&quot;image_height&quot;:&quot;350&quot;,&quot;image_fit&quot;:&quot;cover&quot;},{&quot;lat&quot;:&quot;45.017979&quot;,&quot;lng&quot;:&quot;6.633773&quot;,&quot;title&quot;:&quot;Moulini\\u00e8re 1 - Roubion - Boulay G\\u00e9rard&quot;,&quot;permalink&quot;:&quot;https:\\\/\\\/www.hautes-alpes.net\\\/it\\\/fiche\\\/mouliniere-1-roubion-boulay-gerard-5\\\/&quot;,&quot;type&quot;:&quot;hebergement_locatif&quot;,&quot;commune&quot;:&quot;N\\u00e9vache&quot;,&quot;type_commerce&quot;:&quot;&quot;,&quot;image&quot;:&quot;https:\\\/\\\/static.apidae-tourisme.com\\\/filestore\\\/objets-touristiques\\\/images\\\/55\\\/132\\\/26117175-diaporama.jpg&quot;,&quot;image_width&quot;:&quot;550&quot;,&quot;image_height&quot;:&quot;350&quot;,&quot;image_fit&quot;:&quot;cover&quot;},{&quot;lat&quot;:&quot;44.93194&quot;,&quot;lng&quot;:&quot;6.715894&quot;,&quot;title&quot;:&quot;Le Cocoon des neiges&quot;,&quot;permalink&quot;:&quot;https:\\\/\\\/www.hautes-alpes.net\\\/it\\\/fiche\\\/le-cocoon-des-neiges-5\\\/&quot;,&quot;type&quot;:&quot;hebergement_locatif&quot;,&quot;commune&quot;:&quot;Montgen\\u00e8vre&quot;,&quot;type_commerce&quot;:&quot;&quot;,&quot;image&quot;:&quot;https:\\\/\\\/static.apidae-tourisme.com\\\/filestore\\\/objets-touristiques\\\/images\\\/216\\\/11\\\/19925976-diaporama.jpg&quot;,&quot;image_width&quot;:&quot;550&quot;,&quot;image_height&quot;:&quot;350&quot;,&quot;image_fit&quot;:&quot;cover&quot;},{&quot;lat&quot;:&quot;44.665313&quot;,&quot;lng&quot;:&quot;6.775479&quot;,&quot;title&quot;:&quot;Appartement 8 personnes - Les Aiguillettes&quot;,&quot;permalink&quot;:&quot;https:\\\/\\\/www.hautes-alpes.net\\\/it\\\/fiche\\\/appartement-8-personnes-les-aiguillettes-5\\\/&quot;,&quot;type&quot;:&quot;hebergement_locatif&quot;,&quot;commune&quot;:&quot;Ceillac&quot;,&quot;type_commerce&quot;:&quot;&quot;,&quot;image&quot;:&quot;https:\\\/\\\/static.apidae-tourisme.com\\\/filestore\\\/objets-touristiques\\\/images\\\/45\\\/147\\\/10654509-diaporama.jpg&quot;,&quot;image_width&quot;:&quot;550&quot;,&quot;image_height&quot;:&quot;350&quot;,&quot;image_fit&quot;:&quot;cover&quot;},{&quot;lat&quot;:&quot;44.563292&quot;,&quot;lng&quot;:&quot;6.20792&quot;,&quot;title&quot;:&quot;L&#8217;\\u00e9crin&quot;,&quot;permalink&quot;:&quot;https:\\\/\\\/www.hautes-alpes.net\\\/it\\\/fiche\\\/lecrin-5\\\/&quot;,&quot;type&quot;:&quot;hebergement_locatif&quot;,&quot;commune&quot;:&quot;La B\\u00e2tie-Neuve&quot;,&quot;type_commerce&quot;:&quot;&quot;,&quot;image&quot;:&quot;https:\\\/\\\/static.apidae-tourisme.com\\\/filestore\\\/objets-touristiques\\\/images\\\/216\\\/139\\\/30706648-diaporama.jpg&quot;,&quot;image_width&quot;:&quot;550&quot;,&quot;image_height&quot;:&quot;350&quot;,&quot;image_fit&quot;:&quot;cover&quot;},{&quot;lat&quot;:&quot;44.847&quot;,&quot;lng&quot;:&quot;6.4772&quot;,&quot;title&quot;:&quot;Petit chalet typique de montagne  - Herv\\u00e9 Mari\\u00e9&quot;,&quot;permalink&quot;:&quot;https:\\\/\\\/www.hautes-alpes.net\\\/it\\\/fiche\\\/petit-chalet-typique-de-montagne-herve-marie-5\\\/&quot;,&quot;type&quot;:&quot;hebergement_locatif&quot;,&quot;commune&quot;:&quot;Vallouise-Pelvoux&quot;,&quot;type_commerce&quot;:&quot;&quot;,&quot;image&quot;:&quot;https:\\\/\\\/static.apidae-tourisme.com\\\/filestore\\\/objets-touristiques\\\/images\\\/86\\\/78\\\/8932950-diaporama.jpg&quot;,&quot;image_width&quot;:&quot;550&quot;,&quot;image_height&quot;:&quot;350&quot;,&quot;image_fit&quot;:&quot;cover&quot;},{&quot;lat&quot;:&quot;44.89129&quot;,&quot;lng&quot;:&quot;6.643555&quot;,&quot;title&quot;:&quot;Lefort Christophe&quot;,&quot;permalink&quot;:&quot;https:\\\/\\\/www.hautes-alpes.net\\\/it\\\/fiche\\\/lefort-christophe-5\\\/&quot;,&quot;type&quot;:&quot;hebergement_locatif&quot;,&quot;commune&quot;:&quot;Brian\\u00e7on&quot;,&quot;type_commerce&quot;:&quot;&quot;,&quot;image&quot;:&quot;https:\\\/\\\/static.apidae-tourisme.com\\\/filestore\\\/objets-touristiques\\\/images-principales\\\/213\\\/165\\\/370133-diaporama.jpg&quot;,&quot;image_width&quot;:&quot;550&quot;,&quot;image_height&quot;:&quot;350&quot;,&quot;image_fit&quot;:&quot;cover&quot;},{&quot;lat&quot;:&quot;44.676572&quot;,&quot;lng&quot;:&quot;5.927596&quot;,&quot;title&quot;:&quot;Balcons des \\u00e9cureuils&quot;,&quot;permalink&quot;:&quot;https:\\\/\\\/www.hautes-alpes.net\\\/it\\\/fiche\\\/balcons-des-ecureuils-5\\\/&quot;,&quot;type&quot;:&quot;hebergement_locatif&quot;,&quot;commune&quot;:&quot;Superd\\u00e9voluy&quot;,&quot;type_commerce&quot;:&quot;&quot;,&quot;image&quot;:&quot;https:\\\/\\\/static.apidae-tourisme.com\\\/filestore\\\/objets-touristiques\\\/images\\\/195\\\/233\\\/36563395-diaporama.jpg&quot;,&quot;image_width&quot;:&quot;550&quot;,&quot;image_height&quot;:&quot;350&quot;,&quot;image_fit&quot;:&quot;cover&quot;},{&quot;lat&quot;:&quot;44.411668&quot;,&quot;lng&quot;:&quot;5.545225&quot;,&quot;title&quot;:&quot;Roulotte de la Ferme des \\u00c9glantiers&quot;,&quot;permalink&quot;:&quot;https:\\\/\\\/www.hautes-alpes.net\\\/it\\\/fiche\\\/roulotte-de-la-ferme-des-eglantiers-5\\\/&quot;,&quot;type&quot;:&quot;hebergement_locatif&quot;,&quot;commune&quot;:&quot;Ribeyret&quot;,&quot;type_commerce&quot;:&quot;&quot;,&quot;image&quot;:&quot;https:\\\/\\\/static.apidae-tourisme.com\\\/filestore\\\/objets-touristiques\\\/images\\\/17\\\/73\\\/26626321-diaporama.jpg&quot;,&quot;image_width&quot;:&quot;550&quot;,&quot;image_height&quot;:&quot;350&quot;,&quot;image_fit&quot;:&quot;cover&quot;},{&quot;lat&quot;:&quot;44.639893&quot;,&quot;lng&quot;:&quot;6.158014&quot;,&quot;title&quot;:&quot;Location Mme PACCOU Fabienne - L&#8217;oursi\\u00e8re&quot;,&quot;permalink&quot;:&quot;https:\\\/\\\/www.hautes-alpes.net\\\/it\\\/fiche\\\/location-mme-paccou-fabienne-loursiere-5\\\/&quot;,&quot;type&quot;:&quot;hebergement_locatif&quot;,&quot;commune&quot;:&quot;Chabottes&quot;,&quot;type_commerce&quot;:&quot;&quot;,&quot;image&quot;:&quot;https:\\\/\\\/static.apidae-tourisme.com\\\/filestore\\\/objets-touristiques\\\/images\\\/22\\\/234\\\/10414614-diaporama.jpg&quot;,&quot;image_width&quot;:&quot;550&quot;,&quot;image_height&quot;:&quot;350&quot;,&quot;image_fit&quot;:&quot;cover&quot;},{&quot;lat&quot;:&quot;44.94347&quot;,&quot;lng&quot;:&quot;6.55404&quot;,&quot;title&quot;:&quot;2 STANZE LE BALCON (GAD)&quot;,&quot;permalink&quot;:&quot;https:\\\/\\\/www.hautes-alpes.net\\\/it\\\/fiche\\\/2-stanze-le-balcon-gad\\\/&quot;,&quot;type&quot;:&quot;hebergement_locatif&quot;,&quot;commune&quot;:&quot;La Salle-les-Alpes&quot;,&quot;type_commerce&quot;:&quot;&quot;,&quot;image&quot;:&quot;https:\\\/\\\/static.apidae-tourisme.com\\\/filestore\\\/objets-touristiques\\\/images\\\/206\\\/216\\\/39311566-diaporama.jpg&quot;,&quot;image_width&quot;:&quot;550&quot;,&quot;image_height&quot;:&quot;350&quot;,&quot;image_fit&quot;:&quot;cover&quot;},{&quot;lat&quot;:&quot;44.817387&quot;,&quot;lng&quot;:&quot;6.483859&quot;,&quot;title&quot;:&quot;Le Pavec Mireille Appartement 210 Pendine 1&quot;,&quot;permalink&quot;:&quot;https:\\\/\\\/www.hautes-alpes.net\\\/it\\\/fiche\\\/le-pavec-mireille-appartement-210-pendine-1-5\\\/&quot;,&quot;type&quot;:&quot;hebergement_locatif&quot;,&quot;commune&quot;:&quot;Puy-Saint-Vincent&quot;,&quot;type_commerce&quot;:&quot;&quot;,&quot;image&quot;:&quot;https:\\\/\\\/static.apidae-tourisme.com\\\/filestore\\\/objets-touristiques\\\/images\\\/101\\\/45\\\/39726437-diaporama.jpg&quot;,&quot;image_width&quot;:&quot;550&quot;,&quot;image_height&quot;:&quot;350&quot;,&quot;image_fit&quot;:&quot;cover&quot;},{&quot;lat&quot;:&quot;44.331494&quot;,&quot;lng&quot;:&quot;5.774501&quot;,&quot;title&quot;:&quot;G\\u00eete de la Combe&quot;,&quot;permalink&quot;:&quot;https:\\\/\\\/www.hautes-alpes.net\\\/it\\\/fiche\\\/gite-de-la-combe-5\\\/&quot;,&quot;type&quot;:&quot;hebergement_locatif&quot;,&quot;commune&quot;:&quot;Sal\\u00e9on&quot;,&quot;type_commerce&quot;:&quot;&quot;,&quot;image&quot;:&quot;https:\\\/\\\/static.apidae-tourisme.com\\\/filestore\\\/objets-touristiques\\\/images\\\/135\\\/40\\\/30419079-diaporama.jpg&quot;,&quot;image_width&quot;:&quot;550&quot;,&quot;image_height&quot;:&quot;350&quot;,&quot;image_fit&quot;:&quot;cover&quot;}],&quot;center_lat&quot;:&quot;44.687542&quot;,&quot;center_lng&quot;:&quot;6.166202&quot;}<\/div><\/div><div class=\"ws-apidae-pager\" data-type=\"pager\"><div class=\"custom-pager\"><a class=\"facetwp-page first active\" data-page=\"1\" href=\"\/it\/wp-json\/wp\/v2\/pages\/106869?paged_0b942=1#listing_0b942\">1<\/a><a class=\"facetwp-page \" data-page=\"2\" href=\"\/it\/wp-json\/wp\/v2\/pages\/106869?paged_0b942=2#listing_0b942\">2<\/a><span class=\"facetwp-separator\">\u2026<\/span><a class=\"facetwp-page \" data-page=\"111\" href=\"\/it\/wp-json\/wp\/v2\/pages\/106869?paged_0b942=111#listing_0b942\">111<\/a><a class=\"facetwp-page next\" data-page=\"2\" href=\"\/it\/wp-json\/wp\/v2\/pages\/106869?paged_0b942=2#listing_0b942\">\u203a<\/a><\/div><\/div><\/div><\/div><\/div>\n<div class=\"wp-block-ws-library-ws-share\"><span class=\"share-subtitle\">Ti \u00e8 piaciuta questa pagina?<\/span><span class=\"share-title\">Condividilo!<\/span><button class=\"ws-share-button wp-element-button\">Condividi questa pagina<\/button><\/div>\n","protected":false},"excerpt":{"rendered":"","protected":false},"author":7,"featured_media":0,"parent":106522,"menu_order":0,"comment_status":"closed","ping_status":"closed","template":"","meta":{"is_dark_mode":false,"footnotes":""},"page_label":[],"class_list":["post-106869","page","type-page","status-publish","hentry"],"yoast_head":"<!-- This site is optimized with the Yoast SEO plugin v28.3 - https:\/\/yoast.com\/product\/yoast-seo-wordpress\/ -->\n<title>Alloggi ammobiliati e G\u00eetes - Hautes-Alpes<\/title>\n<meta name=\"description\" content=\"Alloggi ammobiliati e G\u00eetes Alpesphotographie Per una vacanza in self-catering al tuo ritmo, scegli le g\u00eetes e gli alloggi ammobiliati. Se viaggi con la\" \/>\n<meta name=\"robots\" content=\"index, follow, max-snippet:-1, max-image-preview:large, max-video-preview:-1\" \/>\n<link rel=\"canonical\" href=\"https:\/\/www.hautes-alpes.net\/it\/come-organizzarsi\/alloggi-ammobiliati-e-gites\/\" \/>\n<meta property=\"og:locale\" content=\"it_IT\" \/>\n<meta property=\"og:type\" content=\"article\" \/>\n<meta property=\"og:title\" content=\"Alloggi ammobiliati e G\u00eetes - Hautes-Alpes\" \/>\n<meta property=\"og:description\" content=\"Alloggi ammobiliati e G\u00eetes Alpesphotographie Per una vacanza in self-catering al tuo ritmo, scegli le g\u00eetes e gli alloggi ammobiliati. Se viaggi con la\" \/>\n<meta property=\"og:url\" content=\"https:\/\/www.hautes-alpes.net\/it\/come-organizzarsi\/alloggi-ammobiliati-e-gites\/\" \/>\n<meta property=\"og:site_name\" content=\"Hautes-Alpes\" \/>\n<meta property=\"article:modified_time\" content=\"2025-12-17T13:53:33+00:00\" \/>\n<meta property=\"og:image\" content=\"https:\/\/www.hautes-alpes.net\/wp-content\/uploads\/2025\/12\/chalet-l-e-toile-alpesphotographiescom-8.jpg\" \/>\n\t<meta property=\"og:image:width\" content=\"1600\" \/>\n\t<meta property=\"og:image:height\" content=\"1200\" \/>\n\t<meta property=\"og:image:type\" content=\"image\/jpeg\" \/>\n<meta name=\"twitter:card\" content=\"summary_large_image\" \/>\n<script type=\"application\/ld+json\" class=\"yoast-schema-graph\">{\"@context\":\"https:\\\/\\\/schema.org\",\"@graph\":[{\"@type\":\"WebPage\",\"@id\":\"https:\\\/\\\/www.hautes-alpes.net\\\/it\\\/come-organizzarsi\\\/alloggi-ammobiliati-e-gites\\\/\",\"url\":\"https:\\\/\\\/www.hautes-alpes.net\\\/it\\\/come-organizzarsi\\\/alloggi-ammobiliati-e-gites\\\/\",\"name\":\"Alloggi ammobiliati e G\u00eetes - Hautes-Alpes\",\"isPartOf\":{\"@id\":\"https:\\\/\\\/www.hautes-alpes.net\\\/it\\\/#website\"},\"primaryImageOfPage\":{\"@id\":\"https:\\\/\\\/www.hautes-alpes.net\\\/it\\\/come-organizzarsi\\\/alloggi-ammobiliati-e-gites\\\/#primaryimage\"},\"image\":{\"@id\":\"https:\\\/\\\/www.hautes-alpes.net\\\/it\\\/come-organizzarsi\\\/alloggi-ammobiliati-e-gites\\\/#primaryimage\"},\"thumbnailUrl\":\"https:\\\/\\\/www.hautes-alpes.net\\\/wp-content\\\/uploads\\\/2025\\\/12\\\/chalet-l-e-toile-alpesphotographiescom-8-1600x480.jpg\",\"datePublished\":\"2025-12-05T07:33:13+00:00\",\"dateModified\":\"2025-12-17T13:53:33+00:00\",\"description\":\"Alloggi ammobiliati e G\u00eetes Alpesphotographie Per una vacanza in self-catering al tuo ritmo, scegli le g\u00eetes e gli alloggi ammobiliati. Se viaggi con la\",\"breadcrumb\":{\"@id\":\"https:\\\/\\\/www.hautes-alpes.net\\\/it\\\/come-organizzarsi\\\/alloggi-ammobiliati-e-gites\\\/#breadcrumb\"},\"inLanguage\":\"it-IT\",\"potentialAction\":[{\"@type\":\"ReadAction\",\"target\":[\"https:\\\/\\\/www.hautes-alpes.net\\\/it\\\/come-organizzarsi\\\/alloggi-ammobiliati-e-gites\\\/\"]}]},{\"@type\":\"ImageObject\",\"inLanguage\":\"it-IT\",\"@id\":\"https:\\\/\\\/www.hautes-alpes.net\\\/it\\\/come-organizzarsi\\\/alloggi-ammobiliati-e-gites\\\/#primaryimage\",\"url\":\"https:\\\/\\\/www.hautes-alpes.net\\\/wp-content\\\/uploads\\\/2025\\\/12\\\/chalet-l-e-toile-alpesphotographiescom-8-1600x480.jpg\",\"contentUrl\":\"https:\\\/\\\/www.hautes-alpes.net\\\/wp-content\\\/uploads\\\/2025\\\/12\\\/chalet-l-e-toile-alpesphotographiescom-8-1600x480.jpg\"},{\"@type\":\"BreadcrumbList\",\"@id\":\"https:\\\/\\\/www.hautes-alpes.net\\\/it\\\/come-organizzarsi\\\/alloggi-ammobiliati-e-gites\\\/#breadcrumb\",\"itemListElement\":[{\"@type\":\"ListItem\",\"position\":1,\"name\":\"Accueil\",\"item\":\"https:\\\/\\\/www.hautes-alpes.net\\\/it\\\/hautes-alpes\\\/\"},{\"@type\":\"ListItem\",\"position\":2,\"name\":\"Come organizzarsi\",\"item\":\"https:\\\/\\\/www.hautes-alpes.net\\\/it\\\/come-organizzarsi\\\/\"},{\"@type\":\"ListItem\",\"position\":3,\"name\":\"Come organizzarsi\",\"item\":\"https:\\\/\\\/www.hautes-alpes.net\\\/it\\\/come-organizzarsi\\\/\"},{\"@type\":\"ListItem\",\"position\":4,\"name\":\"Alloggi ammobiliati e G\u00eetes\"}]},{\"@type\":\"WebSite\",\"@id\":\"https:\\\/\\\/www.hautes-alpes.net\\\/it\\\/#website\",\"url\":\"https:\\\/\\\/www.hautes-alpes.net\\\/it\\\/\",\"name\":\"ADDET\",\"description\":\"\",\"publisher\":{\"@id\":\"https:\\\/\\\/www.hautes-alpes.net\\\/it\\\/#organization\"},\"potentialAction\":[{\"@type\":\"SearchAction\",\"target\":{\"@type\":\"EntryPoint\",\"urlTemplate\":\"https:\\\/\\\/www.hautes-alpes.net\\\/it\\\/?s={search_term_string}\"},\"query-input\":{\"@type\":\"PropertyValueSpecification\",\"valueRequired\":true,\"valueName\":\"search_term_string\"}}],\"inLanguage\":\"it-IT\"},{\"@type\":\"Organization\",\"@id\":\"https:\\\/\\\/www.hautes-alpes.net\\\/it\\\/#organization\",\"name\":\"Agence D\u00e9partementale de D\u00e9veloppement Economique et Touristique des Hautes-Alpes\",\"url\":\"https:\\\/\\\/www.hautes-alpes.net\\\/it\\\/\",\"logo\":{\"@type\":\"ImageObject\",\"inLanguage\":\"it-IT\",\"@id\":\"https:\\\/\\\/www.hautes-alpes.net\\\/it\\\/#\\\/schema\\\/logo\\\/image\\\/\",\"url\":\"https:\\\/\\\/www.hautes-alpes.net\\\/wp-content\\\/uploads\\\/2026\\\/01\\\/black-logo-2.svg\",\"contentUrl\":\"https:\\\/\\\/www.hautes-alpes.net\\\/wp-content\\\/uploads\\\/2026\\\/01\\\/black-logo-2.svg\",\"caption\":\"Agence D\u00e9partementale de D\u00e9veloppement Economique et Touristique des Hautes-Alpes\"},\"image\":{\"@id\":\"https:\\\/\\\/www.hautes-alpes.net\\\/it\\\/#\\\/schema\\\/logo\\\/image\\\/\"}}]}<\/script>\n<!-- \/ Yoast SEO plugin. -->","yoast_head_json":{"title":"Alloggi ammobiliati e G\u00eetes - Hautes-Alpes","description":"Alloggi ammobiliati e G\u00eetes Alpesphotographie Per una vacanza in self-catering al tuo ritmo, scegli le g\u00eetes e gli alloggi ammobiliati. Se viaggi con la","robots":{"index":"index","follow":"follow","max-snippet":"max-snippet:-1","max-image-preview":"max-image-preview:large","max-video-preview":"max-video-preview:-1"},"canonical":"https:\/\/www.hautes-alpes.net\/it\/come-organizzarsi\/alloggi-ammobiliati-e-gites\/","og_locale":"it_IT","og_type":"article","og_title":"Alloggi ammobiliati e G\u00eetes - Hautes-Alpes","og_description":"Alloggi ammobiliati e G\u00eetes Alpesphotographie Per una vacanza in self-catering al tuo ritmo, scegli le g\u00eetes e gli alloggi ammobiliati. Se viaggi con la","og_url":"https:\/\/www.hautes-alpes.net\/it\/come-organizzarsi\/alloggi-ammobiliati-e-gites\/","og_site_name":"Hautes-Alpes","article_modified_time":"2025-12-17T13:53:33+00:00","og_image":[{"width":1600,"height":1200,"url":"https:\/\/www.hautes-alpes.net\/wp-content\/uploads\/2025\/12\/chalet-l-e-toile-alpesphotographiescom-8.jpg","type":"image\/jpeg"}],"twitter_card":"summary_large_image","schema":{"@context":"https:\/\/schema.org","@graph":[{"@type":"WebPage","@id":"https:\/\/www.hautes-alpes.net\/it\/come-organizzarsi\/alloggi-ammobiliati-e-gites\/","url":"https:\/\/www.hautes-alpes.net\/it\/come-organizzarsi\/alloggi-ammobiliati-e-gites\/","name":"Alloggi ammobiliati e G\u00eetes - Hautes-Alpes","isPartOf":{"@id":"https:\/\/www.hautes-alpes.net\/it\/#website"},"primaryImageOfPage":{"@id":"https:\/\/www.hautes-alpes.net\/it\/come-organizzarsi\/alloggi-ammobiliati-e-gites\/#primaryimage"},"image":{"@id":"https:\/\/www.hautes-alpes.net\/it\/come-organizzarsi\/alloggi-ammobiliati-e-gites\/#primaryimage"},"thumbnailUrl":"https:\/\/www.hautes-alpes.net\/wp-content\/uploads\/2025\/12\/chalet-l-e-toile-alpesphotographiescom-8-1600x480.jpg","datePublished":"2025-12-05T07:33:13+00:00","dateModified":"2025-12-17T13:53:33+00:00","description":"Alloggi ammobiliati e G\u00eetes Alpesphotographie Per una vacanza in self-catering al tuo ritmo, scegli le g\u00eetes e gli alloggi ammobiliati. Se viaggi con la","breadcrumb":{"@id":"https:\/\/www.hautes-alpes.net\/it\/come-organizzarsi\/alloggi-ammobiliati-e-gites\/#breadcrumb"},"inLanguage":"it-IT","potentialAction":[{"@type":"ReadAction","target":["https:\/\/www.hautes-alpes.net\/it\/come-organizzarsi\/alloggi-ammobiliati-e-gites\/"]}]},{"@type":"ImageObject","inLanguage":"it-IT","@id":"https:\/\/www.hautes-alpes.net\/it\/come-organizzarsi\/alloggi-ammobiliati-e-gites\/#primaryimage","url":"https:\/\/www.hautes-alpes.net\/wp-content\/uploads\/2025\/12\/chalet-l-e-toile-alpesphotographiescom-8-1600x480.jpg","contentUrl":"https:\/\/www.hautes-alpes.net\/wp-content\/uploads\/2025\/12\/chalet-l-e-toile-alpesphotographiescom-8-1600x480.jpg"},{"@type":"BreadcrumbList","@id":"https:\/\/www.hautes-alpes.net\/it\/come-organizzarsi\/alloggi-ammobiliati-e-gites\/#breadcrumb","itemListElement":[{"@type":"ListItem","position":1,"name":"Accueil","item":"https:\/\/www.hautes-alpes.net\/it\/hautes-alpes\/"},{"@type":"ListItem","position":2,"name":"Come organizzarsi","item":"https:\/\/www.hautes-alpes.net\/it\/come-organizzarsi\/"},{"@type":"ListItem","position":3,"name":"Come organizzarsi","item":"https:\/\/www.hautes-alpes.net\/it\/come-organizzarsi\/"},{"@type":"ListItem","position":4,"name":"Alloggi ammobiliati e G\u00eetes"}]},{"@type":"WebSite","@id":"https:\/\/www.hautes-alpes.net\/it\/#website","url":"https:\/\/www.hautes-alpes.net\/it\/","name":"ADDET","description":"","publisher":{"@id":"https:\/\/www.hautes-alpes.net\/it\/#organization"},"potentialAction":[{"@type":"SearchAction","target":{"@type":"EntryPoint","urlTemplate":"https:\/\/www.hautes-alpes.net\/it\/?s={search_term_string}"},"query-input":{"@type":"PropertyValueSpecification","valueRequired":true,"valueName":"search_term_string"}}],"inLanguage":"it-IT"},{"@type":"Organization","@id":"https:\/\/www.hautes-alpes.net\/it\/#organization","name":"Agence D\u00e9partementale de D\u00e9veloppement Economique et Touristique des Hautes-Alpes","url":"https:\/\/www.hautes-alpes.net\/it\/","logo":{"@type":"ImageObject","inLanguage":"it-IT","@id":"https:\/\/www.hautes-alpes.net\/it\/#\/schema\/logo\/image\/","url":"https:\/\/www.hautes-alpes.net\/wp-content\/uploads\/2026\/01\/black-logo-2.svg","contentUrl":"https:\/\/www.hautes-alpes.net\/wp-content\/uploads\/2026\/01\/black-logo-2.svg","caption":"Agence D\u00e9partementale de D\u00e9veloppement Economique et Touristique des Hautes-Alpes"},"image":{"@id":"https:\/\/www.hautes-alpes.net\/it\/#\/schema\/logo\/image\/"}}]}},"_links":{"self":[{"href":"https:\/\/www.hautes-alpes.net\/it\/wp-json\/wp\/v2\/pages\/106869","targetHints":{"allow":["GET"]}}],"collection":[{"href":"https:\/\/www.hautes-alpes.net\/it\/wp-json\/wp\/v2\/pages"}],"about":[{"href":"https:\/\/www.hautes-alpes.net\/it\/wp-json\/wp\/v2\/types\/page"}],"author":[{"embeddable":true,"href":"https:\/\/www.hautes-alpes.net\/it\/wp-json\/wp\/v2\/users\/7"}],"replies":[{"embeddable":true,"href":"https:\/\/www.hautes-alpes.net\/it\/wp-json\/wp\/v2\/comments?post=106869"}],"version-history":[{"count":4,"href":"https:\/\/www.hautes-alpes.net\/it\/wp-json\/wp\/v2\/pages\/106869\/revisions"}],"predecessor-version":[{"id":119776,"href":"https:\/\/www.hautes-alpes.net\/it\/wp-json\/wp\/v2\/pages\/106869\/revisions\/119776"}],"up":[{"embeddable":true,"href":"https:\/\/www.hautes-alpes.net\/it\/wp-json\/wp\/v2\/pages\/106522"}],"wp:attachment":[{"href":"https:\/\/www.hautes-alpes.net\/it\/wp-json\/wp\/v2\/media?parent=106869"}],"wp:term":[{"taxonomy":"page_label","embeddable":true,"href":"https:\/\/www.hautes-alpes.net\/it\/wp-json\/wp\/v2\/page_label?post=106869"}],"curies":[{"name":"wp","href":"https:\/\/api.w.org\/{rel}","templated":true}]}}