{"id":106690,"date":"2025-11-17T11:43:33","date_gmt":"2025-11-17T10:43:33","guid":{"rendered":"https:\/\/www.hautes-alpes.net\/diventa-un-ambasciatore\/"},"modified":"2026-03-31T10:42:14","modified_gmt":"2026-03-31T08:42:14","slug":"diventa-un-ambasciatore","status":"publish","type":"page","link":"https:\/\/www.hautes-alpes.net\/it\/diventa-un-ambasciatore\/","title":{"rendered":"Diventa un ambasciatore"},"content":{"rendered":"\n<div class=\"wp-block-group alignfull hero-banner-simple has-global-padding is-layout-constrained wp-block-group-is-layout-constrained\"><div class=\"yoast-breadcrumbs\"><span><span><a href=\"https:\/\/www.hautes-alpes.net\/it\/hautes-alpes\/\">Accueil<\/a><\/span>  <span class=\"breadcrumb_last\" aria-current=\"page\">Diventa un ambasciatore<\/span><\/span><\/div>\n\n\n<h1 class=\"wp-block-ws-library-post-title\">Diventa un ambasciatore<\/h1>\n\n\n\n<p class=\"subtitle\">Club My Hautes-Alpes<\/p>\n\n\n\n<p>Il meglio del dipartimento Hautes-Alpes raccontato da chi lo ama<\/p>\n<\/div>\n\n<p>Il <strong>Club My Hautes-Alpes<\/strong> riunisce persone che condividono l&#8217;amore per questa terra di luce e vette. Da vicino e da lontano, <strong>raccontano la storia delle Hautes-Alpes e ne fanno rivivere la bellezza<\/strong>, uniti dalla passione per un luogo dove natura, autenticit\u00e0, innovazione ed emozione si fondono. <\/p>\n\n<div class=\"wp-block-ws-library-ws-image is-style-animated-content\"><div class=\"wrapper\"><div class=\"group-media\"><img decoding=\"async\" src=\"https:\/\/www.hautes-alpes.net\/wp-content\/uploads\/2025\/11\/gonnet-louis-fleur-de-meleze-au-col-de-gleize-1240x800.jpg\" alt=\"Fiori di larice al Col de Gleize - Louis Gonnet, vincitore del concorso fotografico 2025\" class=\"single_image ws-image-83836\"><div class=\"credits\">Louis Gonnet<\/div><\/div><p class=\"caption\">Fiori di larice sul Col de Gleize<br>Louis Gonnet, vincitore del concorso fotografico 2025<\/p><\/div><\/div>\n\n<p>Il <strong>Club My Hautes-Alpes<\/strong> \u00e8 nato dall&#8217;idea di <strong>riunire una comunit\u00e0<\/strong> intorno all&#8217;identit\u00e0 e ai beni del dipartimento. \u00c8 stato creato in risposta all&#8217;esigenza di evidenziare, in modo collettivo e moderno, la diversit\u00e0 dei paesaggi, la ricchezza delle competenze e la qualit\u00e0 della vita che caratterizzano le Hautes-Alpes. Poich\u00e9 insieme siamo pi\u00f9 forti, il Club My Hautes-Alpes offre a tutti la possibilit\u00e0 di fare la propria parte per promuovere e valorizzare la regione.  <\/p>\n\n<h2 class=\"wp-block-heading\">Il ruolo di <strong>ambasciatore<\/strong><\/h2>\n\n<p>Entrare a far parte del Club My Hautes-Alpes significa assumere il ruolo di ambasciatore: una missione volontaria e gratificante. L&#8217;ambasciatore \u00e8 la persona che trasmette, ispira e fa scoprire il meglio delle Hautes-Alpes attraverso i propri occhi. Illustra il proprio attaccamento alla regione mettendo in luce le proprie esperienze e scoperte, trasmettendo immagini di grande impatto, raccontando la propria vita quotidiana e condividendo i propri progetti.  <\/p>\n\n<h2 class=\"wp-block-heading\"><strong>Azioni <\/strong> <\/h2>\n\n<div class=\"wp-block-group is-nowrap is-layout-flex wp-container-core-group-is-layout-6c531013 wp-block-group-is-layout-flex\">\n<div class=\"wp-block-ws-library-ws-columns has-2-columns are-vertically-aligned-center layout-6535\">\n<div class=\"wp-block-ws-library-ws-column\"><div class=\"wrapper\">\n<p>Un segno di fedelt\u00e0 incrollabile,<\/p>\n\n\n\n<ul class=\"wp-block-list\">\n<li>usa e abusa di #MyHautesAlpes per accompagnare le tue pubblicazioni;<\/li>\n\n\n\n<li>indossare i colori delle Hautes-Alpes durante gli eventi sportivi;<\/li>\n\n\n\n<li>trasmettendo le notizie locali e i preferiti;<\/li>\n\n\n\n<li>partecipare a campagne promozionali.<\/li>\n<\/ul>\n\n\n\n<p>Tutte queste iniziative, sommate tra loro, contribuiscono ad aumentare il profilo delle Hautes-Alpes.<\/p>\n<\/div><\/div>\n\n\n\n<div class=\"wp-block-ws-library-ws-column\"><div class=\"wrapper\">\n<div class=\"wp-block-ws-library-ws-image\"><div class=\"wrapper\"><div class=\"group-media\"><img decoding=\"async\" src=\"https:\/\/www.hautes-alpes.net\/wp-content\/uploads\/2025\/11\/club-my-hautes-alpes-vert-e1767623957233.png\" alt=\"\" class=\"single_image ws-image-83840\"><div class=\"credits\"><\/div><\/div><p class=\"caption\"><\/p><\/div><\/div>\n<\/div><\/div>\n<\/div>\n\n\n\n<p><\/p>\n<\/div>\n\n<h2 class=\"wp-block-heading is-style-default\"><strong>I vincitori della<\/strong> mostra fotografica 2025<\/h2>\n\n<p>Il tema di quest&#8217;anno: re e regine della foresta<\/p>\n\n<div class=\"wp-block-ws-library-ws-slider alignfull\"><div class=\"splide\" data-splide=\"{&quot;type&quot;:&quot;loop&quot;,&quot;start&quot;:0,&quot;autoWidth&quot;:1,&quot;drag&quot;:&quot;free&quot;,&quot;snap&quot;:true,&quot;pagination&quot;:false,&quot;gap&quot;:&quot;45px&quot;,&quot;trimSpace&quot;:&quot;move&quot;,&quot;arrows&quot;:false,&quot;breakpoints&quot;:{&quot;1200&quot;:{&quot;gap&quot;:&quot;15px&quot;}},&quot;classes&quot;:{}}\"><div class=\"splide__track\"><div class=\"splide__list\"><div class=\"splide__slide\"><a href=\"https:\/\/www.hautes-alpes.net\/wp-content\/uploads\/2025\/11\/privat-lisa-meleze-dans-son-royaume-lac-du-lauzet-st-crepin-scaled.jpeg\" data-glightbox=\"true\" class=\"lightbox-trigger\"><img decoding=\"async\" src=\"https:\/\/www.hautes-alpes.net\/wp-content\/uploads\/2025\/11\/privat-lisa-meleze-dans-son-royaume-lac-du-lauzet-st-crepin-413x620.jpeg\" alt=\"\"\/><\/a><\/div><div class=\"splide__slide\"><a href=\"https:\/\/www.hautes-alpes.net\/wp-content\/uploads\/2025\/11\/gonnet-louis-fleur-de-meleze-au-col-de-gleize-scaled.jpg\" data-glightbox=\"true\" class=\"lightbox-trigger\"><img decoding=\"async\" src=\"https:\/\/www.hautes-alpes.net\/wp-content\/uploads\/2025\/11\/gonnet-louis-fleur-de-meleze-au-col-de-gleize-1102x620.jpg\" alt=\"Fleur de m\u00e9l\u00e8ze au col de Gleize - Louis Gonnet, gagnant du concours photos 2025\"\/><\/a><\/div><div class=\"splide__slide\"><a href=\"https:\/\/www.hautes-alpes.net\/wp-content\/uploads\/2025\/11\/merentier-christian-premiers-souffles-dhiver-mont-guillaume.jpg\" data-glightbox=\"true\" class=\"lightbox-trigger\"><img decoding=\"async\" src=\"https:\/\/www.hautes-alpes.net\/wp-content\/uploads\/2025\/11\/merentier-christian-premiers-souffles-dhiver-mont-guillaume-930x620.jpg\" alt=\"\"\/><\/a><\/div><div class=\"splide__slide\"><a href=\"https:\/\/www.hautes-alpes.net\/wp-content\/uploads\/2025\/11\/tourillon-olivier-souverain-ailes-emeraudes-scaled.jpg\" data-glightbox=\"true\" class=\"lightbox-trigger\"><img decoding=\"async\" src=\"https:\/\/www.hautes-alpes.net\/wp-content\/uploads\/2025\/11\/tourillon-olivier-souverain-ailes-emeraudes-929x620.jpg\" alt=\"\"\/><\/a><\/div><div class=\"splide__slide\"><a href=\"https:\/\/www.hautes-alpes.net\/wp-content\/uploads\/2025\/11\/parisot-katia-souverains-du-silence-scaled.jpg\" data-glightbox=\"true\" class=\"lightbox-trigger\"><img decoding=\"async\" src=\"https:\/\/www.hautes-alpes.net\/wp-content\/uploads\/2025\/11\/parisot-katia-souverains-du-silence-930x620.jpg\" alt=\"\"\/><\/a><\/div><div class=\"splide__slide\"><a href=\"https:\/\/www.hautes-alpes.net\/wp-content\/uploads\/2025\/11\/eymery-amandine-la-discrete-reine-astrance-scaled.jpg\" data-glightbox=\"true\" class=\"lightbox-trigger\"><img decoding=\"async\" src=\"https:\/\/www.hautes-alpes.net\/wp-content\/uploads\/2025\/11\/eymery-amandine-la-discrete-reine-astrance-803x620.jpg\" alt=\"\"\/><\/a><\/div><div class=\"splide__slide\"><a href=\"https:\/\/www.hautes-alpes.net\/wp-content\/uploads\/2025\/11\/laporte-nadine-rencontre-scaled.jpg\" data-glightbox=\"true\" class=\"lightbox-trigger\"><img decoding=\"async\" src=\"https:\/\/www.hautes-alpes.net\/wp-content\/uploads\/2025\/11\/laporte-nadine-rencontre-827x620.jpg\" alt=\"\"\/><\/a><\/div><div class=\"splide__slide\"><a href=\"https:\/\/www.hautes-alpes.net\/wp-content\/uploads\/2025\/11\/lanoue-didier-ilot-aux-couleurs-mordorees-soleil-declinantvallon-du-cristillan-scaled.jpg\" data-glightbox=\"true\" class=\"lightbox-trigger\"><img decoding=\"async\" src=\"https:\/\/www.hautes-alpes.net\/wp-content\/uploads\/2025\/11\/lanoue-didier-ilot-aux-couleurs-mordorees-soleil-declinantvallon-du-cristillan-930x620.jpg\" alt=\"\"\/><\/a><\/div><div class=\"splide__slide\"><a href=\"https:\/\/www.hautes-alpes.net\/wp-content\/uploads\/2025\/11\/eyraud-yannick-les-racines-du-temps-scaled.jpg\" data-glightbox=\"true\" class=\"lightbox-trigger\"><img decoding=\"async\" src=\"https:\/\/www.hautes-alpes.net\/wp-content\/uploads\/2025\/11\/eyraud-yannick-les-racines-du-temps-938x620.jpg\" alt=\"\"\/><\/a><\/div><div class=\"splide__slide\"><a href=\"https:\/\/www.hautes-alpes.net\/wp-content\/uploads\/2025\/11\/blais-marc-la-fleur-de-meleze-etre-la-fleur-du-roi-cest-tisser-sa-toile-pur-attirer-la-lumiere-scaled.jpg\" data-glightbox=\"true\" class=\"lightbox-trigger\"><img decoding=\"async\" src=\"https:\/\/www.hautes-alpes.net\/wp-content\/uploads\/2025\/11\/blais-marc-la-fleur-de-meleze-etre-la-fleur-du-roi-cest-tisser-sa-toile-pur-attirer-la-lumiere-930x620.jpg\" alt=\"\"\/><\/a><\/div><div class=\"splide__slide\"><a href=\"https:\/\/www.hautes-alpes.net\/wp-content\/uploads\/2025\/11\/coubert-benjamin-la-reine-fontcouverte-scaled.jpg\" data-glightbox=\"true\" class=\"lightbox-trigger\"><img decoding=\"async\" src=\"https:\/\/www.hautes-alpes.net\/wp-content\/uploads\/2025\/11\/coubert-benjamin-la-reine-fontcouverte-425x620.jpg\" alt=\"\"\/><\/a><\/div><div class=\"splide__slide\"><a href=\"https:\/\/www.hautes-alpes.net\/wp-content\/uploads\/2025\/11\/garriga-pasqual-mon-petit-roi-des-forets-la-claree-scaled.jpg\" data-glightbox=\"true\" class=\"lightbox-trigger\"><img decoding=\"async\" src=\"https:\/\/www.hautes-alpes.net\/wp-content\/uploads\/2025\/11\/garriga-pasqual-mon-petit-roi-des-forets-la-claree-927x620.jpg\" alt=\"\"\/><\/a><\/div><div class=\"splide__slide\"><a href=\"https:\/\/www.hautes-alpes.net\/wp-content\/uploads\/2025\/11\/faure-brac-sylvie-lorceyrette-scaled.jpg\" data-glightbox=\"true\" class=\"lightbox-trigger\"><img decoding=\"async\" src=\"https:\/\/www.hautes-alpes.net\/wp-content\/uploads\/2025\/11\/faure-brac-sylvie-lorceyrette-349x620.jpg\" alt=\"\"\/><\/a><\/div><div class=\"splide__slide\"><a href=\"https:\/\/www.hautes-alpes.net\/wp-content\/uploads\/2025\/11\/vigno-docchio-christel-scaled.jpg\" data-glightbox=\"true\" class=\"lightbox-trigger\"><img decoding=\"async\" src=\"https:\/\/www.hautes-alpes.net\/wp-content\/uploads\/2025\/11\/vigno-docchio-christel-1120x504.jpg\" alt=\"\"\/><\/a><\/div><div class=\"splide__slide\"><a href=\"https:\/\/www.hautes-alpes.net\/wp-content\/uploads\/2025\/11\/miollan-daniel-le-bonheur-est-dans-la-foret-champsaur-valgaudemar-scaled.jpg\" data-glightbox=\"true\" class=\"lightbox-trigger\"><img decoding=\"async\" src=\"https:\/\/www.hautes-alpes.net\/wp-content\/uploads\/2025\/11\/miollan-daniel-le-bonheur-est-dans-la-foret-champsaur-valgaudemar-1105x620.jpg\" alt=\"\"\/><\/a><\/div><\/div><\/div><\/div><\/div>\n\n<div class=\"wp-block-ws-library-ws-animated-quote\"><blockquote class=\"quote-container quote-align-undefined\"><div class=\"group-media\"><div class=\"field-image\"><img decoding=\"async\" class=\"quote-avatar ws-image-83832\" src=\"https:\/\/www.hautes-alpes.net\/wp-content\/uploads\/2025\/11\/nathalie-faure-brac-2025-patrick-domeyne-addet05-scaled-e1764237527699-400x400.jpg\" data-full-url=\"https:\/\/www.hautes-alpes.net\/wp-content\/uploads\/2025\/11\/nathalie-faure-brac-2025-patrick-domeyne-addet05-scaled-e1764237527699.jpg\" alt=\"\"><\/div><\/div><footer><cite class=\"quote-subcontent\"><strong>Nathalie Faure-Brac<\/strong>, moderatrice del club<\/cite><\/footer><p class=\"quote-content\">Sono nata a Gap, cresciuta nel Queyras e ho studiato a Marsiglia. Ho lavorato e vissuto a Brian\u00e7on, Vallouise, Embrun e Gap. Le Hautes-Alpes fanno parte di me e io faccio parte delle Hautes-Alpes. Nutro un profondo rispetto per la dolcezza e l&#8217;asprezza di una natura generosa e allo stesso tempo capace di ricordarti, a volte in modo violento, la tua condizione umana.<br>Ammiro il desiderio di superare se stessi, la curiosit\u00e0, l&#8217;ingegno e il senso di condivisione che animano coloro che li amano.<br>Mi meraviglio della diversit\u00e0, dell&#8217;affidabilit\u00e0, della forza e della sensibilit\u00e0 della natura e degli uomini e delle donne che la abitano.<br>Mio marito \u00e8 un &#8221;Ch&#8217;ti&#8221; ma ci\u00f2 che le Hautes-Alpes irradiano in noi rende il nostro legame indissolubile.   <\/p><\/blockquote><\/div>\n<p><a id=\"newsletter-club\"><\/a><\/p>\n\n<h2 class=\"wp-block-heading is-style-title-1\">Quaderno <strong>pratico<\/strong><\/h2>\n\n<div class=\"wp-block-ws-library-ws-tabs alignfull\"><ul class=\"tabs-titles\"><li class=\"tab-title is-active\" data-tab-index=\"0\">Come posso iscrivermi al Club My Hautes-Alpes?<\/li><li class=\"tab-title\" data-tab-index=\"1\">Calendario del Club 2026<\/li><li class=\"tab-title\" data-tab-index=\"2\">Prossimamente<\/li><\/ul><div class=\"tabs-list\">\n<div class=\"wp-block-ws-library-ws-tab\" style=\"display:none\"><p class=\"tab-title\">Come posso iscrivermi al Club My Hautes-Alpes?<\/p><div class=\"tab-content\">\n<div class=\"wp-block-group tab-row is-nowrap is-layout-flex wp-container-core-group-is-layout-6c531013 wp-block-group-is-layout-flex\">\n<div class=\"wp-block-group tab-group-content is-layout-flow wp-block-group-is-layout-flow\">\n<p class=\"is-style-highlighted\">Iscriversi non potrebbe essere pi\u00f9 facile.<br\/>Compila questo modulo o iscriviti direttamente al club su <a href=\"https:\/\/www.facebook.com\/groups\/club.myhautesalpes\/?locale=fr_FR\" target=\"_blank\" rel=\"noreferrer noopener\">Facebook<\/a>.<\/p>\n\n\n\n<div class=\"wp-block-group has-global-padding is-layout-constrained wp-block-group-is-layout-constrained\">\n<iframe data-w-type=\"embedded\" frameborder=\"0\" scrolling=\"no\" marginheight=\"0\" marginwidth=\"0\" src=\"https:\/\/xkj5.mj.am\/wgt\/xkj5\/0u8k\/form?c=5453196f\" width=\"100%\" style=\"height: 0;\"><\/iframe>\n<script type=\"text\/javascript\" src=\"https:\/\/app.mailjet.com\/pas-nc-embedded-v1.js\"><\/script>\n<\/div>\n\n\n\n<p><\/p>\n<\/div>\n<\/div>\n<\/div><\/div>\n\n\n\n<div class=\"wp-block-ws-library-ws-tab\" style=\"display:none\"><p class=\"tab-title\">Calendario del Club 2026<\/p><div class=\"tab-content\">\n<div class=\"wp-block-group tab-row is-nowrap is-layout-flex wp-container-core-group-is-layout-6c531013 wp-block-group-is-layout-flex\">\n<div class=\"wp-block-group tab-group-content is-layout-flow wp-block-group-is-layout-flow\"><div class=\"wp-block-ws-library-ws-last-document\"><div class=\"card card-document ws-last-document\"><div class=\"group-media\"><img loading=\"lazy\" decoding=\"async\" width=\"480\" height=\"336\" src=\"https:\/\/www.hautes-alpes.net\/wp-content\/uploads\/2026\/01\/calendrier-club-my-ha-2026-web-pdf-480x336.jpg\" class=\"pdf-preview size-480x700\" alt=\"\" \/><\/div><div class=\"group-content\"><div class=\"field-title\"><h3>Calendario del Club My Hautes-Alpes 2026<\/h3><\/div><div class=\"group-details\"><div class=\"field-preview\"><div class=\"wp-block-button is-style-view\"><a href=\"https:\/\/www.hautes-alpes.net\/wp-content\/uploads\/2026\/01\/calendrier-club-my-ha-2026-web.pdf\" target=\"_blank\" rel=\"noopener noreferrer\" class=\"wp-block-button__link wp-element-button\">Consulente<\/a><\/div><\/div><div class=\"field-download\"><div class=\"wp-block-button is-style-download\"><a href=\"https:\/\/www.hautes-alpes.net\/wp-content\/uploads\/2026\/01\/calendrier-club-my-ha-2026-web.pdf\" download target=\"_blank\" rel=\"noopener noreferrer\" class=\"wp-block-button__link wp-element-button\">Scarica<\/a><\/div><\/div><\/div><\/div><\/div><\/div><\/div>\n<\/div>\n<\/div><\/div>\n\n\n\n<div class=\"wp-block-ws-library-ws-tab\" style=\"display:none\"><p class=\"tab-title\">Prossimamente<\/p><div class=\"tab-content\">\n<div class=\"wp-block-group tab-row is-nowrap is-layout-flex wp-container-core-group-is-layout-6c531013 wp-block-group-is-layout-flex\">\n<div class=\"wp-block-group tab-group-content is-layout-flow wp-block-group-is-layout-flow\">\n<ul class=\"wp-block-list\">\n<li>Concorsi<\/li>\n<\/ul>\n\n\n\n<p><\/p>\n<\/div>\n<\/div>\n<\/div><\/div>\n<\/div><\/div>\n\n<div class=\"wp-block-ws-library-ws-share\"><span class=\"share-subtitle\">Ti \u00e8 piaciuta questa pagina?<\/span><span class=\"share-title\">Condividilo!<\/span><button class=\"ws-share-button wp-element-button\">Condividi questa pagina<\/button><\/div>\n","protected":false},"excerpt":{"rendered":"<p>Club My Hautes-Alpes Il meglio del dipartimento Hautes-Alpes raccontato da chi lo ama Il Club My Hautes-Alpes riunisce persone che [&hellip;]<\/p>\n","protected":false},"author":1,"featured_media":0,"parent":0,"menu_order":0,"comment_status":"closed","ping_status":"closed","template":"","meta":{"is_dark_mode":false,"footnotes":""},"page_label":[],"class_list":["post-106690","page","type-page","status-publish","hentry"],"yoast_head":"<!-- This site is optimized with the Yoast SEO plugin v27.2 - https:\/\/yoast.com\/product\/yoast-seo-wordpress\/ -->\n<title>Diventa un ambasciatore - Hautes-Alpes<\/title>\n<meta name=\"description\" content=\"Diventa un ambasciatore Club My Hautes-Alpes Il meglio del dipartimento Hautes-Alpes raccontato da chi lo ama Il Club My Hautes-Alpes riunisce persone che\" \/>\n<meta name=\"robots\" content=\"index, follow, max-snippet:-1, max-image-preview:large, max-video-preview:-1\" \/>\n<link rel=\"canonical\" href=\"https:\/\/www.hautes-alpes.net\/it\/diventa-un-ambasciatore\/\" \/>\n<meta property=\"og:locale\" content=\"it_IT\" \/>\n<meta property=\"og:type\" content=\"article\" \/>\n<meta property=\"og:title\" content=\"Diventa un ambasciatore - Hautes-Alpes\" \/>\n<meta property=\"og:description\" content=\"Diventa un ambasciatore Club My Hautes-Alpes Il meglio del dipartimento Hautes-Alpes raccontato da chi lo ama Il Club My Hautes-Alpes riunisce persone che\" \/>\n<meta property=\"og:url\" content=\"https:\/\/www.hautes-alpes.net\/it\/diventa-un-ambasciatore\/\" \/>\n<meta property=\"og:site_name\" content=\"Hautes-Alpes\" \/>\n<meta property=\"article:modified_time\" content=\"2026-03-31T08:42:14+00:00\" \/>\n<meta property=\"og:image\" content=\"https:\/\/www.hautes-alpes.net\/wp-content\/uploads\/2025\/11\/gonnet-louis-fleur-de-meleze-au-col-de-gleize-1240x800.jpg\" \/>\n<meta name=\"twitter:card\" content=\"summary_large_image\" \/>\n<meta name=\"twitter:label1\" content=\"Tempo di lettura stimato\" \/>\n\t<meta name=\"twitter:data1\" content=\"2 minuti\" \/>\n<script type=\"application\/ld+json\" class=\"yoast-schema-graph\">{\"@context\":\"https:\/\/schema.org\",\"@graph\":[{\"@type\":\"WebPage\",\"@id\":\"https:\/\/www.hautes-alpes.net\/it\/diventa-un-ambasciatore\/\",\"url\":\"https:\/\/www.hautes-alpes.net\/it\/diventa-un-ambasciatore\/\",\"name\":\"Diventa un ambasciatore - Hautes-Alpes\",\"isPartOf\":{\"@id\":\"https:\/\/www.hautes-alpes.net\/it\/#website\"},\"primaryImageOfPage\":{\"@id\":\"https:\/\/www.hautes-alpes.net\/it\/diventa-un-ambasciatore\/#primaryimage\"},\"image\":{\"@id\":\"https:\/\/www.hautes-alpes.net\/it\/diventa-un-ambasciatore\/#primaryimage\"},\"thumbnailUrl\":\"https:\/\/www.hautes-alpes.net\/wp-content\/uploads\/2025\/11\/gonnet-louis-fleur-de-meleze-au-col-de-gleize-1240x800.jpg\",\"datePublished\":\"2025-11-17T10:43:33+00:00\",\"dateModified\":\"2026-03-31T08:42:14+00:00\",\"description\":\"Diventa un ambasciatore Club My Hautes-Alpes Il meglio del dipartimento Hautes-Alpes raccontato da chi lo ama Il Club My Hautes-Alpes riunisce persone che\",\"breadcrumb\":{\"@id\":\"https:\/\/www.hautes-alpes.net\/it\/diventa-un-ambasciatore\/#breadcrumb\"},\"inLanguage\":\"it-IT\",\"potentialAction\":[{\"@type\":\"ReadAction\",\"target\":[\"https:\/\/www.hautes-alpes.net\/it\/diventa-un-ambasciatore\/\"]}]},{\"@type\":\"ImageObject\",\"inLanguage\":\"it-IT\",\"@id\":\"https:\/\/www.hautes-alpes.net\/it\/diventa-un-ambasciatore\/#primaryimage\",\"url\":\"https:\/\/www.hautes-alpes.net\/wp-content\/uploads\/2025\/11\/gonnet-louis-fleur-de-meleze-au-col-de-gleize-1240x800.jpg\",\"contentUrl\":\"https:\/\/www.hautes-alpes.net\/wp-content\/uploads\/2025\/11\/gonnet-louis-fleur-de-meleze-au-col-de-gleize-1240x800.jpg\"},{\"@type\":\"BreadcrumbList\",\"@id\":\"https:\/\/www.hautes-alpes.net\/it\/diventa-un-ambasciatore\/#breadcrumb\",\"itemListElement\":[{\"@type\":\"ListItem\",\"position\":1,\"name\":\"Accueil\",\"item\":\"https:\/\/www.hautes-alpes.net\/it\/hautes-alpes\/\"},{\"@type\":\"ListItem\",\"position\":2,\"name\":\"Diventa un ambasciatore\"}]},{\"@type\":\"WebSite\",\"@id\":\"https:\/\/www.hautes-alpes.net\/it\/#website\",\"url\":\"https:\/\/www.hautes-alpes.net\/it\/\",\"name\":\"ADDET\",\"description\":\"\",\"publisher\":{\"@id\":\"https:\/\/www.hautes-alpes.net\/it\/#organization\"},\"potentialAction\":[{\"@type\":\"SearchAction\",\"target\":{\"@type\":\"EntryPoint\",\"urlTemplate\":\"https:\/\/www.hautes-alpes.net\/it\/?s={search_term_string}\"},\"query-input\":{\"@type\":\"PropertyValueSpecification\",\"valueRequired\":true,\"valueName\":\"search_term_string\"}}],\"inLanguage\":\"it-IT\"},{\"@type\":\"Organization\",\"@id\":\"https:\/\/www.hautes-alpes.net\/it\/#organization\",\"name\":\"Agence D\u00e9partementale de D\u00e9veloppement Economique et Touristique des Hautes-Alpes\",\"url\":\"https:\/\/www.hautes-alpes.net\/it\/\",\"logo\":{\"@type\":\"ImageObject\",\"inLanguage\":\"it-IT\",\"@id\":\"https:\/\/www.hautes-alpes.net\/it\/#\/schema\/logo\/image\/\",\"url\":\"https:\/\/www.hautes-alpes.net\/wp-content\/uploads\/2026\/01\/black-logo-2.svg\",\"contentUrl\":\"https:\/\/www.hautes-alpes.net\/wp-content\/uploads\/2026\/01\/black-logo-2.svg\",\"caption\":\"Agence D\u00e9partementale de D\u00e9veloppement Economique et Touristique des Hautes-Alpes\"},\"image\":{\"@id\":\"https:\/\/www.hautes-alpes.net\/it\/#\/schema\/logo\/image\/\"}}]}<\/script>\n<!-- \/ Yoast SEO plugin. -->","yoast_head_json":{"title":"Diventa un ambasciatore - Hautes-Alpes","description":"Diventa un ambasciatore Club My Hautes-Alpes Il meglio del dipartimento Hautes-Alpes raccontato da chi lo ama Il Club My Hautes-Alpes riunisce persone che","robots":{"index":"index","follow":"follow","max-snippet":"max-snippet:-1","max-image-preview":"max-image-preview:large","max-video-preview":"max-video-preview:-1"},"canonical":"https:\/\/www.hautes-alpes.net\/it\/diventa-un-ambasciatore\/","og_locale":"it_IT","og_type":"article","og_title":"Diventa un ambasciatore - Hautes-Alpes","og_description":"Diventa un ambasciatore Club My Hautes-Alpes Il meglio del dipartimento Hautes-Alpes raccontato da chi lo ama Il Club My Hautes-Alpes riunisce persone che","og_url":"https:\/\/www.hautes-alpes.net\/it\/diventa-un-ambasciatore\/","og_site_name":"Hautes-Alpes","article_modified_time":"2026-03-31T08:42:14+00:00","og_image":[{"url":"https:\/\/www.hautes-alpes.net\/wp-content\/uploads\/2025\/11\/gonnet-louis-fleur-de-meleze-au-col-de-gleize-1240x800.jpg","type":"","width":"","height":""}],"twitter_card":"summary_large_image","twitter_misc":{"Tempo di lettura stimato":"2 minuti"},"schema":{"@context":"https:\/\/schema.org","@graph":[{"@type":"WebPage","@id":"https:\/\/www.hautes-alpes.net\/it\/diventa-un-ambasciatore\/","url":"https:\/\/www.hautes-alpes.net\/it\/diventa-un-ambasciatore\/","name":"Diventa un ambasciatore - Hautes-Alpes","isPartOf":{"@id":"https:\/\/www.hautes-alpes.net\/it\/#website"},"primaryImageOfPage":{"@id":"https:\/\/www.hautes-alpes.net\/it\/diventa-un-ambasciatore\/#primaryimage"},"image":{"@id":"https:\/\/www.hautes-alpes.net\/it\/diventa-un-ambasciatore\/#primaryimage"},"thumbnailUrl":"https:\/\/www.hautes-alpes.net\/wp-content\/uploads\/2025\/11\/gonnet-louis-fleur-de-meleze-au-col-de-gleize-1240x800.jpg","datePublished":"2025-11-17T10:43:33+00:00","dateModified":"2026-03-31T08:42:14+00:00","description":"Diventa un ambasciatore Club My Hautes-Alpes Il meglio del dipartimento Hautes-Alpes raccontato da chi lo ama Il Club My Hautes-Alpes riunisce persone che","breadcrumb":{"@id":"https:\/\/www.hautes-alpes.net\/it\/diventa-un-ambasciatore\/#breadcrumb"},"inLanguage":"it-IT","potentialAction":[{"@type":"ReadAction","target":["https:\/\/www.hautes-alpes.net\/it\/diventa-un-ambasciatore\/"]}]},{"@type":"ImageObject","inLanguage":"it-IT","@id":"https:\/\/www.hautes-alpes.net\/it\/diventa-un-ambasciatore\/#primaryimage","url":"https:\/\/www.hautes-alpes.net\/wp-content\/uploads\/2025\/11\/gonnet-louis-fleur-de-meleze-au-col-de-gleize-1240x800.jpg","contentUrl":"https:\/\/www.hautes-alpes.net\/wp-content\/uploads\/2025\/11\/gonnet-louis-fleur-de-meleze-au-col-de-gleize-1240x800.jpg"},{"@type":"BreadcrumbList","@id":"https:\/\/www.hautes-alpes.net\/it\/diventa-un-ambasciatore\/#breadcrumb","itemListElement":[{"@type":"ListItem","position":1,"name":"Accueil","item":"https:\/\/www.hautes-alpes.net\/it\/hautes-alpes\/"},{"@type":"ListItem","position":2,"name":"Diventa un ambasciatore"}]},{"@type":"WebSite","@id":"https:\/\/www.hautes-alpes.net\/it\/#website","url":"https:\/\/www.hautes-alpes.net\/it\/","name":"ADDET","description":"","publisher":{"@id":"https:\/\/www.hautes-alpes.net\/it\/#organization"},"potentialAction":[{"@type":"SearchAction","target":{"@type":"EntryPoint","urlTemplate":"https:\/\/www.hautes-alpes.net\/it\/?s={search_term_string}"},"query-input":{"@type":"PropertyValueSpecification","valueRequired":true,"valueName":"search_term_string"}}],"inLanguage":"it-IT"},{"@type":"Organization","@id":"https:\/\/www.hautes-alpes.net\/it\/#organization","name":"Agence D\u00e9partementale de D\u00e9veloppement Economique et Touristique des Hautes-Alpes","url":"https:\/\/www.hautes-alpes.net\/it\/","logo":{"@type":"ImageObject","inLanguage":"it-IT","@id":"https:\/\/www.hautes-alpes.net\/it\/#\/schema\/logo\/image\/","url":"https:\/\/www.hautes-alpes.net\/wp-content\/uploads\/2026\/01\/black-logo-2.svg","contentUrl":"https:\/\/www.hautes-alpes.net\/wp-content\/uploads\/2026\/01\/black-logo-2.svg","caption":"Agence D\u00e9partementale de D\u00e9veloppement Economique et Touristique des Hautes-Alpes"},"image":{"@id":"https:\/\/www.hautes-alpes.net\/it\/#\/schema\/logo\/image\/"}}]}},"_links":{"self":[{"href":"https:\/\/www.hautes-alpes.net\/it\/wp-json\/wp\/v2\/pages\/106690","targetHints":{"allow":["GET"]}}],"collection":[{"href":"https:\/\/www.hautes-alpes.net\/it\/wp-json\/wp\/v2\/pages"}],"about":[{"href":"https:\/\/www.hautes-alpes.net\/it\/wp-json\/wp\/v2\/types\/page"}],"author":[{"embeddable":true,"href":"https:\/\/www.hautes-alpes.net\/it\/wp-json\/wp\/v2\/users\/1"}],"replies":[{"embeddable":true,"href":"https:\/\/www.hautes-alpes.net\/it\/wp-json\/wp\/v2\/comments?post=106690"}],"version-history":[{"count":10,"href":"https:\/\/www.hautes-alpes.net\/it\/wp-json\/wp\/v2\/pages\/106690\/revisions"}],"predecessor-version":[{"id":444382,"href":"https:\/\/www.hautes-alpes.net\/it\/wp-json\/wp\/v2\/pages\/106690\/revisions\/444382"}],"wp:attachment":[{"href":"https:\/\/www.hautes-alpes.net\/it\/wp-json\/wp\/v2\/media?parent=106690"}],"wp:term":[{"taxonomy":"page_label","embeddable":true,"href":"https:\/\/www.hautes-alpes.net\/it\/wp-json\/wp\/v2\/page_label?post=106690"}],"curies":[{"name":"wp","href":"https:\/\/api.w.org\/{rel}","templated":true}]}}