{"id":106575,"date":"2025-10-10T15:18:22","date_gmt":"2025-10-10T13:18:22","guid":{"rendered":"https:\/\/www.hautes-alpes.net\/informazioni-legali-e-crediti\/"},"modified":"2025-12-19T15:16:05","modified_gmt":"2025-12-19T14:16:05","slug":"informazioni-legali-e-crediti","status":"publish","type":"page","link":"https:\/\/www.hautes-alpes.net\/it\/informazioni-legali-e-crediti\/","title":{"rendered":"Informazioni legali e crediti"},"content":{"rendered":"\n<div class=\"wp-block-group alignfull hero-banner-simple has-global-padding is-layout-constrained wp-block-group-is-layout-constrained\"><div class=\"yoast-breadcrumbs\"><span><span><a href=\"https:\/\/www.hautes-alpes.net\/it\/hautes-alpes\/\">Accueil<\/a><\/span>  <span class=\"breadcrumb_last\" aria-current=\"page\">Informazioni legali e crediti<\/span><\/span><\/div>\n\n\n<h1 class=\"wp-block-ws-library-post-title\">Informazioni legali e crediti<\/h1>\n\n\n\n<p class=\"subtitle\"><\/p>\n\n\n\n<p><\/p>\n<\/div>\n\n<div class=\"wp-block-columns is-layout-flex wp-container-core-columns-is-layout-6c531013 wp-block-columns-is-layout-flex\">\n<div class=\"wp-block-column is-layout-flow wp-block-column-is-layout-flow\">\n<p>Il sito web hautes-alpes.net \u00e8 di propriet\u00e0 di : <strong>L&#8217;Agenzia di Sviluppo delle Hautes-Alpes<\/strong> <br\/> <br\/>13, avenue Mar\u00e9chal Foch <br\/><span class=\"postal-code\">05000<\/span> <span class=\"locality\">Gap<\/span>, <span class=\"country-name sr-only\">Francia<\/span> <br\/><a href=\"tel:+33492536200\">04 92 53 62 00<\/a><a class=\"email\" href=\"mailto:%5BEMAIL%5D\"> <\/a><a href=\"mailto:info@hautes-alpes.net\">info@hautes-alpes.net<\/a> <br\/><br\/>Status giuridico della societ\u00e0: gruppo di interesse pubblico<br\/>SIRET: 130 020 753 00013  <br\/><\/p>\n<\/div>\n\n\n\n<div class=\"wp-block-column is-layout-flow wp-block-column-is-layout-flow\">\n<h2 class=\"wp-block-heading\">Responsabile editoriale<\/h2>\n\n\n\n<p>Yvan CHAIX, Direttore<\/p>\n\n\n\n<h2 class=\"wp-block-heading\">Responsabile della pubblicazione<\/h2>\n\n\n\n<p>Yvan CHAIX, Direttore<\/p>\n<\/div>\n<\/div>\n\n<div class=\"wp-block-group has-global-padding is-layout-constrained wp-block-group-is-layout-constrained\">\n<div class=\"wp-block-columns is-layout-flex wp-container-core-columns-is-layout-6c531013 wp-block-columns-is-layout-flex\">\n<div class=\"wp-block-column is-layout-flow wp-block-column-is-layout-flow\">\n<h2 class=\"wp-block-heading\">WebDesign<\/h2>\n\n\n\n<p>L&#8217;UI\/UX Design e l&#8217;integrazione del CSS sono stati realizzati dall&#8217;<a title=\"Agence WebSenso - UX design webdesign\" href=\"https:\/\/www.websenso.com\/expertises\/ux-design\" target=\"_blank\" rel=\"noopener\">agenzia WebSenso<\/a> sulla base degli elementi forniti (logo, carta grafica, ecc.).<\/p>\n<\/div>\n\n\n\n<div class=\"wp-block-column is-layout-flow wp-block-column-is-layout-flow\">\n<h2 class=\"wp-block-heading\">Sviluppo<\/h2>\n\n\n\n<p>Questo progetto web \u00e8 stato realizzato dall&#8217;<a title=\"WebSenso Agency - Sviluppo di applicazioni WordPress\" href=\"https:\/\/www.websenso.com\" target=\"_blank\" rel=\"noopener\">agenzia WebSenso<\/a> sul CMS WordPress: configurazione, plugin, tema, ecc.<\/p>\n<\/div>\n<\/div>\n\n\n\n<div class=\"wp-block-group has-global-padding is-layout-constrained wp-block-group-is-layout-constrained\">\n<div class=\"wp-block-column is-layout-flow wp-block-column-is-layout-flow\">\n<div class=\"wp-block-columns is-layout-flex wp-container-core-columns-is-layout-6c531013 wp-block-columns-is-layout-flex\">\n<div class=\"wp-block-column is-layout-flow wp-block-column-is-layout-flow\">\n<h2 class=\"wp-block-heading\">Manutenzione<\/h2>\n\n\n\n<p><a href=\"https:\/\/www.websenso.com\/expertises\/wordpress\" target=\"_blank\" rel=\"noopener\">WordPress TMA<\/a> (Third Party Application Maintenance) \u00e8 gestito dall&#8217;<a href=\"https:\/\/www.websenso.com\" target=\"_blank\" rel=\"noopener\">agenzia WebSenso<\/a>.<\/p>\n<\/div>\n\n\n\n<div class=\"wp-block-column is-layout-flow wp-block-column-is-layout-flow\">\n<h2 class=\"wp-block-heading\">Hosting<\/h2>\n\n\n\n<p>Questo servizio \u00e8 fisicamente ospitato in Francia in un data center OVHCloud.<\/p>\n<\/div>\n<\/div>\n<\/div>\n<\/div>\n\n\n\n<h2 class=\"wp-block-heading\">Propriet\u00e0 intellettuale<\/h2>\n\n\n\n<p>La nostra entit\u00e0 \u00e8 proprietaria dei diritti di propriet\u00e0 intellettuale o detiene i diritti di utilizzo di tutti gli elementi accessibili sul sito, in particolare testi, immagini, grafici, logo, ecc. Prima di copiare, adattare o citare questi contenuti, ti preghiamo di ottenere un&#8217;autorizzazione scritta. <\/p>\n\n\n\n<h2 class=\"wp-block-heading\">Collegamenti ipertestuali<\/h2>\n\n\n\n<p>Durante la tua navigazione, ti imbatterai in diversi collegamenti ipertestuali ad altri siti web. Il nostro ente non ha la possibilit\u00e0 di controllare il contenuto di questi siti e di conseguenza non si assume alcuna responsabilit\u00e0 al riguardo. <\/p>\n\n\n\n<h2 class=\"wp-block-heading\">Biscotti<\/h2>\n\n\n\n<p>La navigazione in questo sito provoca l&#8217;installazione di piccoli file chiamati <a href=\"https:\/\/fr.wikipedia.org\/wiki\/Cookie_(informatique)\" target=\"_blank\" rel=\"nofollow noopener external\">cookie<\/a> sul browser dell&#8217;utente. Sono amichevoli e non occupano molto spazio. D&#8217;altro canto, il rifiuto di installare un cookie pu\u00f2 tecnicamente bloccare l&#8217;accesso a determinati servizi e ridurre la nostra capacit\u00e0 di migliorare l&#8217;esperienza di navigazione. Di seguito l&#8217;elenco dei cookie utilizzati.<\/p>\n\n\n\n        \n        <div class=\"table-responsive\">\n            <table class=\"table cookie-tracker-table\">\n                <thead>\n                    <tr>\n                        <th>Outil<\/th>\n                        <th>Fonctionnalit\u00e9<\/th>\n                        <th>Fichier(s)<\/th>\n                        <th>Dur\u00e9e de vie<\/th>\n                        <th>IP collect\u00e9e<\/th>\n                        <th><a href=\"https:\/\/www.eff.org\/issues\/do-not-track\" target=\"_blank\">DNT<\/a> respect\u00e9<\/th>\n                    <\/tr>\n                <\/thead>\n                <tbody>\n                    <tr>\n                        <td><strong>Ce site uniquement<\/strong> <br \/>CMS WordPress<\/td>\n                        <td>G\u00e8re les sessions utilisateur, la d\u00e9tection de JavaScript, et la persistance de la connexion.<\/td>\n                        <td>has_js<br \/>wordpress_logged_in_*<\/td>\n                        <td>Expire \u00e0 la fermeture du navigateur.<\/td>\n                        <td>-<\/td>\n                        <td>-<\/td>\n                    <\/tr>\n\n                                            <tr>\n                            <td><strong>Matomo<\/strong> <br \/>H\u00e9berg\u00e9 en France<\/td>\n                            <td>Votre navigation est mesur\u00e9e par la solution Matomo. H\u00e9berg\u00e9e sur des serveurs en France (<a href=\"https:\/\/www.websenso.com\/analytics\" target=\"_blank\">https:\/\/www.websenso.com\/analytics<\/a>), ce logiciel est configur\u00e9 avec les param\u00e8tres stricts du respect de la vie priv\u00e9.<\/td>\n                            <td> Aucun<\/td>\n                            <td>-<\/td>\n                            <td>\n                                <div style=\"color: green;\">\ud83d\ude0e R\u00e9duite<\/div>\n                                <small>IP (2 octets masqu\u00e9s)\u00a0: 216.73.xxx.xxx<\/small>\n                            <\/td>\n                            <td>\n                                -                            <\/td>\n                        <\/tr>\n                    \n                                    <\/tbody>\n            <\/table>\n        <\/div>\n\n\n\n\n\n<h2 class=\"wp-block-heading\">Gestione dei dati personali<\/h2>\n\n\n\n<p>Quando navighi su questo sito, possono essere raccolte informazioni: origine, fornitore di accesso, indirizzo IP, ecc. Il sito raccoglie informazioni personali ai fini di alcuni servizi offerti da questo sito, vedi sopra. I visitatori hanno il diritto di accedere, rettificare e opporsi ai propri dati personali inviando una richiesta scritta all&#8217;indirizzo sopra indicato.  <\/p>\n\n\n\n<h2 class=\"wp-block-heading\">Legge applicabile e giurisdizione<\/h2>\n\n\n\n<p>Qualsiasi controversia relativa all&#8217;utilizzo di questo sito \u00e8 soggetta alla legge francese e alla lingua di Moli\u00e8re. Cocorico! <\/p>\n\n\n\n<h2 class=\"wp-block-heading\">Sei ancora qui?<\/h2>\n\n\n\n<p>Congratulazioni! Perch\u00e9 questa pagina \u00e8 sicuramente la meno interessante di questo sito \ud83d\ude09 <\/p>\n<\/div>\n","protected":false},"excerpt":{"rendered":"<p>Il sito web hautes-alpes.net \u00e8 di propriet\u00e0 di : L&#8217;Agenzia di Sviluppo delle Hautes-Alpes 13, avenue Mar\u00e9chal Foch 05000 Gap, [&hellip;]<\/p>\n","protected":false},"author":1,"featured_media":0,"parent":0,"menu_order":0,"comment_status":"closed","ping_status":"closed","template":"","meta":{"is_dark_mode":false,"footnotes":""},"page_label":[],"class_list":["post-106575","page","type-page","status-publish","hentry"],"yoast_head":"<!-- This site is optimized with the Yoast SEO plugin v27.2 - https:\/\/yoast.com\/product\/yoast-seo-wordpress\/ -->\n<title>Informazioni legali e crediti - Hautes-Alpes<\/title>\n<meta name=\"description\" content=\"Informazioni legali e crediti Il sito web hautes-alpes.net \u00e8 di propriet\u00e0 di : L&#039;Agenzia di Sviluppo delle Hautes-Alpes 13, avenue Mar\u00e9chal Foch 05000\" \/>\n<meta name=\"robots\" content=\"index, follow, max-snippet:-1, max-image-preview:large, max-video-preview:-1\" \/>\n<link rel=\"canonical\" href=\"https:\/\/www.hautes-alpes.net\/it\/informazioni-legali-e-crediti\/\" \/>\n<meta property=\"og:locale\" content=\"it_IT\" \/>\n<meta property=\"og:type\" content=\"article\" \/>\n<meta property=\"og:title\" content=\"Informazioni legali e crediti - Hautes-Alpes\" \/>\n<meta property=\"og:description\" content=\"Informazioni legali e crediti Il sito web hautes-alpes.net \u00e8 di propriet\u00e0 di : L&#039;Agenzia di Sviluppo delle Hautes-Alpes 13, avenue Mar\u00e9chal Foch 05000\" \/>\n<meta property=\"og:url\" content=\"https:\/\/www.hautes-alpes.net\/it\/informazioni-legali-e-crediti\/\" \/>\n<meta property=\"og:site_name\" content=\"Hautes-Alpes\" \/>\n<meta property=\"article:modified_time\" content=\"2025-12-19T14:16:05+00:00\" \/>\n<meta name=\"twitter:card\" content=\"summary_large_image\" \/>\n<meta name=\"twitter:label1\" content=\"Tempo di lettura stimato\" \/>\n\t<meta name=\"twitter:data1\" content=\"2 minuti\" \/>\n<script type=\"application\/ld+json\" class=\"yoast-schema-graph\">{\"@context\":\"https:\/\/schema.org\",\"@graph\":[{\"@type\":\"WebPage\",\"@id\":\"https:\/\/www.hautes-alpes.net\/it\/informazioni-legali-e-crediti\/\",\"url\":\"https:\/\/www.hautes-alpes.net\/it\/informazioni-legali-e-crediti\/\",\"name\":\"Informazioni legali e crediti - Hautes-Alpes\",\"isPartOf\":{\"@id\":\"https:\/\/www.hautes-alpes.net\/it\/#website\"},\"datePublished\":\"2025-10-10T13:18:22+00:00\",\"dateModified\":\"2025-12-19T14:16:05+00:00\",\"description\":\"Informazioni legali e crediti Il sito web hautes-alpes.net \u00e8 di propriet\u00e0 di : L'Agenzia di Sviluppo delle Hautes-Alpes 13, avenue Mar\u00e9chal Foch 05000\",\"breadcrumb\":{\"@id\":\"https:\/\/www.hautes-alpes.net\/it\/informazioni-legali-e-crediti\/#breadcrumb\"},\"inLanguage\":\"it-IT\",\"potentialAction\":[{\"@type\":\"ReadAction\",\"target\":[\"https:\/\/www.hautes-alpes.net\/it\/informazioni-legali-e-crediti\/\"]}]},{\"@type\":\"BreadcrumbList\",\"@id\":\"https:\/\/www.hautes-alpes.net\/it\/informazioni-legali-e-crediti\/#breadcrumb\",\"itemListElement\":[{\"@type\":\"ListItem\",\"position\":1,\"name\":\"Accueil\",\"item\":\"https:\/\/www.hautes-alpes.net\/it\/hautes-alpes\/\"},{\"@type\":\"ListItem\",\"position\":2,\"name\":\"Informazioni legali e crediti\"}]},{\"@type\":\"WebSite\",\"@id\":\"https:\/\/www.hautes-alpes.net\/it\/#website\",\"url\":\"https:\/\/www.hautes-alpes.net\/it\/\",\"name\":\"ADDET\",\"description\":\"\",\"publisher\":{\"@id\":\"https:\/\/www.hautes-alpes.net\/it\/#organization\"},\"potentialAction\":[{\"@type\":\"SearchAction\",\"target\":{\"@type\":\"EntryPoint\",\"urlTemplate\":\"https:\/\/www.hautes-alpes.net\/it\/?s={search_term_string}\"},\"query-input\":{\"@type\":\"PropertyValueSpecification\",\"valueRequired\":true,\"valueName\":\"search_term_string\"}}],\"inLanguage\":\"it-IT\"},{\"@type\":\"Organization\",\"@id\":\"https:\/\/www.hautes-alpes.net\/it\/#organization\",\"name\":\"Agence D\u00e9partementale de D\u00e9veloppement Economique et Touristique des Hautes-Alpes\",\"url\":\"https:\/\/www.hautes-alpes.net\/it\/\",\"logo\":{\"@type\":\"ImageObject\",\"inLanguage\":\"it-IT\",\"@id\":\"https:\/\/www.hautes-alpes.net\/it\/#\/schema\/logo\/image\/\",\"url\":\"https:\/\/www.hautes-alpes.net\/wp-content\/uploads\/2026\/01\/black-logo-2.svg\",\"contentUrl\":\"https:\/\/www.hautes-alpes.net\/wp-content\/uploads\/2026\/01\/black-logo-2.svg\",\"caption\":\"Agence D\u00e9partementale de D\u00e9veloppement Economique et Touristique des Hautes-Alpes\"},\"image\":{\"@id\":\"https:\/\/www.hautes-alpes.net\/it\/#\/schema\/logo\/image\/\"}}]}<\/script>\n<!-- \/ Yoast SEO plugin. -->","yoast_head_json":{"title":"Informazioni legali e crediti - Hautes-Alpes","description":"Informazioni legali e crediti Il sito web hautes-alpes.net \u00e8 di propriet\u00e0 di : L'Agenzia di Sviluppo delle Hautes-Alpes 13, avenue Mar\u00e9chal Foch 05000","robots":{"index":"index","follow":"follow","max-snippet":"max-snippet:-1","max-image-preview":"max-image-preview:large","max-video-preview":"max-video-preview:-1"},"canonical":"https:\/\/www.hautes-alpes.net\/it\/informazioni-legali-e-crediti\/","og_locale":"it_IT","og_type":"article","og_title":"Informazioni legali e crediti - Hautes-Alpes","og_description":"Informazioni legali e crediti Il sito web hautes-alpes.net \u00e8 di propriet\u00e0 di : L'Agenzia di Sviluppo delle Hautes-Alpes 13, avenue Mar\u00e9chal Foch 05000","og_url":"https:\/\/www.hautes-alpes.net\/it\/informazioni-legali-e-crediti\/","og_site_name":"Hautes-Alpes","article_modified_time":"2025-12-19T14:16:05+00:00","twitter_card":"summary_large_image","twitter_misc":{"Tempo di lettura stimato":"2 minuti"},"schema":{"@context":"https:\/\/schema.org","@graph":[{"@type":"WebPage","@id":"https:\/\/www.hautes-alpes.net\/it\/informazioni-legali-e-crediti\/","url":"https:\/\/www.hautes-alpes.net\/it\/informazioni-legali-e-crediti\/","name":"Informazioni legali e crediti - Hautes-Alpes","isPartOf":{"@id":"https:\/\/www.hautes-alpes.net\/it\/#website"},"datePublished":"2025-10-10T13:18:22+00:00","dateModified":"2025-12-19T14:16:05+00:00","description":"Informazioni legali e crediti Il sito web hautes-alpes.net \u00e8 di propriet\u00e0 di : L'Agenzia di Sviluppo delle Hautes-Alpes 13, avenue Mar\u00e9chal Foch 05000","breadcrumb":{"@id":"https:\/\/www.hautes-alpes.net\/it\/informazioni-legali-e-crediti\/#breadcrumb"},"inLanguage":"it-IT","potentialAction":[{"@type":"ReadAction","target":["https:\/\/www.hautes-alpes.net\/it\/informazioni-legali-e-crediti\/"]}]},{"@type":"BreadcrumbList","@id":"https:\/\/www.hautes-alpes.net\/it\/informazioni-legali-e-crediti\/#breadcrumb","itemListElement":[{"@type":"ListItem","position":1,"name":"Accueil","item":"https:\/\/www.hautes-alpes.net\/it\/hautes-alpes\/"},{"@type":"ListItem","position":2,"name":"Informazioni legali e crediti"}]},{"@type":"WebSite","@id":"https:\/\/www.hautes-alpes.net\/it\/#website","url":"https:\/\/www.hautes-alpes.net\/it\/","name":"ADDET","description":"","publisher":{"@id":"https:\/\/www.hautes-alpes.net\/it\/#organization"},"potentialAction":[{"@type":"SearchAction","target":{"@type":"EntryPoint","urlTemplate":"https:\/\/www.hautes-alpes.net\/it\/?s={search_term_string}"},"query-input":{"@type":"PropertyValueSpecification","valueRequired":true,"valueName":"search_term_string"}}],"inLanguage":"it-IT"},{"@type":"Organization","@id":"https:\/\/www.hautes-alpes.net\/it\/#organization","name":"Agence D\u00e9partementale de D\u00e9veloppement Economique et Touristique des Hautes-Alpes","url":"https:\/\/www.hautes-alpes.net\/it\/","logo":{"@type":"ImageObject","inLanguage":"it-IT","@id":"https:\/\/www.hautes-alpes.net\/it\/#\/schema\/logo\/image\/","url":"https:\/\/www.hautes-alpes.net\/wp-content\/uploads\/2026\/01\/black-logo-2.svg","contentUrl":"https:\/\/www.hautes-alpes.net\/wp-content\/uploads\/2026\/01\/black-logo-2.svg","caption":"Agence D\u00e9partementale de D\u00e9veloppement Economique et Touristique des Hautes-Alpes"},"image":{"@id":"https:\/\/www.hautes-alpes.net\/it\/#\/schema\/logo\/image\/"}}]}},"_links":{"self":[{"href":"https:\/\/www.hautes-alpes.net\/it\/wp-json\/wp\/v2\/pages\/106575","targetHints":{"allow":["GET"]}}],"collection":[{"href":"https:\/\/www.hautes-alpes.net\/it\/wp-json\/wp\/v2\/pages"}],"about":[{"href":"https:\/\/www.hautes-alpes.net\/it\/wp-json\/wp\/v2\/types\/page"}],"author":[{"embeddable":true,"href":"https:\/\/www.hautes-alpes.net\/it\/wp-json\/wp\/v2\/users\/1"}],"replies":[{"embeddable":true,"href":"https:\/\/www.hautes-alpes.net\/it\/wp-json\/wp\/v2\/comments?post=106575"}],"version-history":[{"count":2,"href":"https:\/\/www.hautes-alpes.net\/it\/wp-json\/wp\/v2\/pages\/106575\/revisions"}],"predecessor-version":[{"id":124461,"href":"https:\/\/www.hautes-alpes.net\/it\/wp-json\/wp\/v2\/pages\/106575\/revisions\/124461"}],"wp:attachment":[{"href":"https:\/\/www.hautes-alpes.net\/it\/wp-json\/wp\/v2\/media?parent=106575"}],"wp:term":[{"taxonomy":"page_label","embeddable":true,"href":"https:\/\/www.hautes-alpes.net\/it\/wp-json\/wp\/v2\/page_label?post=106575"}],"curies":[{"name":"wp","href":"https:\/\/api.w.org\/{rel}","templated":true}]}}