{"id":104812,"date":"2025-11-25T17:35:04","date_gmt":"2025-11-25T16:35:04","guid":{"rendered":"https:\/\/www.hautes-alpes.net\/alza-il-volume\/"},"modified":"2025-12-12T11:36:28","modified_gmt":"2025-12-12T10:36:28","slug":"alza-il-volume","status":"publish","type":"page","link":"https:\/\/www.hautes-alpes.net\/it\/i-preferiti\/alza-il-volume\/","title":{"rendered":"Alza il volume"},"content":{"rendered":"\n<div class=\"wp-block-group alignfull hero-banner-simple has-global-padding is-layout-constrained wp-block-group-is-layout-constrained\"><div class=\"yoast-breadcrumbs\"><span><span><a href=\"https:\/\/www.hautes-alpes.net\/it\/hautes-alpes\/\">Accueil<\/a><\/span>  <span><a href=\"https:\/\/www.hautes-alpes.net\/it\/i-preferiti\/\">I preferiti<\/a><\/span>  <span><a href=\"https:\/\/www.hautes-alpes.net\/it\/i-preferiti\/\">I preferiti<\/a><\/span>  <span class=\"breadcrumb_last\" aria-current=\"page\">Alza il volume<\/span><\/span><\/div>\n\n\n<h1 class=\"wp-block-ws-library-post-title\">Alza il volume<\/h1>\n\n\n\n<p class=\"subtitle\">Tre concerti da un capo all&#8217;altro dell&#8217;inverno<\/p>\n\n\n\n<p><\/p>\n<\/div>\n\n<p><\/p>\n\n<div class=\"wp-block-ws-library-ws-banner alignfull\"><div class=\"wrapper\"><div class=\"group-media\"><img loading=\"lazy\" decoding=\"async\" width=\"1600\" height=\"480\" src=\"https:\/\/www.hautes-alpes.net\/wp-content\/uploads\/2025\/11\/concerts-richardbord-170524-235554-bd-1600x480.jpg\" alt=\"\" class=\"single_image wp-image-80710\"><\/div>\n<div class=\"group-content\"><p>Nelle Hautes-Alpes abbiamo una teoria: <strong>il freddo non fa male quando la musica riscalda l&#8217;umore<\/strong>. Per questo abbiamo preso l&#8217;abitudine di inserire alcuni eventi nel bel mezzo dell&#8217;inverno per scuotere i sensi e metterti di buon umore. <\/p><\/div>\n<\/div><\/div>\n\n<div class=\"wp-block-ws-library-ws-columns has-2-columns are-vertically-aligned-center layout-5050 is-style-fixed-col-left\">\n<div class=\"wp-block-ws-library-ws-column\"><div class=\"wrapper\">\n<h3 class=\"wp-block-heading\">VARI SUL PALCO<\/h3>\n\n\n\n<p>Il <strong>13 dicembre<\/strong>, <strong>Vars<\/strong> cambier\u00e0 le piste per un palco all&#8217;aperto. Il fronte della neve diventer\u00e0 un vero e proprio piazzale musicale dove <strong>Ben Harper &amp; The Innocent Criminals<\/strong> daranno il via alla stagione invernale. Nessun allestimento superfluo: solo le montagne, le chitarre e tu, tutti vicini agli artisti, ai piedi delle piste. Un <strong>concerto gratuito<\/strong> che ha il raro sapore di un momento sospeso.   <\/p>\n<\/div><\/div>\n\n\n\n<div class=\"wp-block-ws-library-ws-column\"><div class=\"wrapper\">\n<div class=\"wp-block-ws-library-ws-image\"><div class=\"wrapper\"><div class=\"group-media\"><img decoding=\"async\" src=\"https:\/\/www.hautes-alpes.net\/wp-content\/uploads\/2025\/11\/remi-morel-vars-en-scene-2019-ub40-11-1-1240x800.jpg\" alt=\"\" class=\"single_image ws-image-78365\"><div class=\"credits\"><\/div><\/div><p class=\"caption\"><\/p><\/div><\/div>\n<\/div><\/div>\n<\/div>\n\n<div class=\"wp-block-ws-library-ws-columns has-2-columns are-vertically-aligned-center layout-5050 is-style-fixed-col-left\">\n<div class=\"wp-block-ws-library-ws-column\"><div class=\"wrapper\">\n<div class=\"wp-block-ws-library-ws-image\"><div class=\"wrapper\"><div class=\"group-media\"><img decoding=\"async\" src=\"https:\/\/www.hautes-alpes.net\/wp-content\/uploads\/2025\/11\/big-flo-et-oli-vars-credit-cedric-tempier-14-1-1240x800.jpg\" alt=\"\" class=\"single_image ws-image-80711\"><div class=\"credits\"><\/div><\/div><p class=\"caption\"><\/p><\/div><\/div>\n<\/div><\/div>\n\n\n\n<div class=\"wp-block-ws-library-ws-column\"><div class=\"wrapper\">\n<h3 class=\"wp-block-heading\">FESTIVAL JAZZ DI ALTITUDINE<\/h3>\n\n\n\n<p>Nel <strong>Brian\u00e7onnais<\/strong>, il jazz non ha un posto assegnato. Passa da un&#8217;intima sala da concerto a un forte di Vauban, per poi ridiscendere sul fronte della neve. Questo \u00e8 il senso dell&#8217;Altitude Jazz Festival: un programma che si adatta alla zona e non il contrario. Per tutto l&#8217;inverno, segui i musicisti da un locale all&#8217;altro, scopri nuovi artisti, ti fermi a bere qualcosa e finisci sempre per dire a te stesso: <strong>&#8221;Non ho mai visto questa zona cos\u00ec&#8221;.<\/strong>   <\/p>\n<\/div><\/div>\n<\/div>\n\n<div class=\"wp-block-ws-library-ws-columns has-2-columns are-vertically-aligned-center layout-5050 is-style-fixed-col-left\">\n<div class=\"wp-block-ws-library-ws-column\"><div class=\"wrapper\">\n<h3 class=\"wp-block-heading\">DEVOLUY MIX FESTIVAL<\/h3>\n\n\n\n<p>Il<strong> 4 e il 5 aprile 2026<\/strong>, quando molti stanno gi\u00e0 mettendo via gli sci, D\u00e9voluy ha scelto di fare l&#8217;esatto contrario: riaccendere le pedane. Il D\u00e9voluy Mix Festival ha programmato <strong>due giorni di electro<\/strong> in un ambiente ancora coperto di neve, con un set dopo l&#8217;altro come a dire che la stagione non ha detto la sua ultima parola. Si balla, si ride e ci si gode l&#8217;ultima luce dell&#8217;inverno. Un vero finale, senza clamore, solo con la voglia di prolungare il piacere ancora un po&#8217;.   <\/p>\n<\/div><\/div>\n\n\n\n<div class=\"wp-block-ws-library-ws-column\"><div class=\"wrapper\">\n<div class=\"wp-block-ws-library-ws-image\"><div class=\"wrapper\"><div class=\"group-media\"><img decoding=\"async\" src=\"https:\/\/www.hautes-alpes.net\/wp-content\/uploads\/2025\/11\/big-flo-et-oli-vars-credit-cedric-tempier-17-1240x800.jpg\" alt=\"\" class=\"single_image ws-image-80712\"><div class=\"credits\"><\/div><\/div><p class=\"caption\"><\/p><\/div><\/div>\n<\/div><\/div>\n<\/div>\n\n<div class=\"wp-block-ws-library-ws-share\"><span class=\"share-subtitle\">Ti \u00e8 piaciuta questa pagina?<\/span><span class=\"share-title\">Condividilo!<\/span><button class=\"ws-share-button wp-element-button\">Condividi questa pagina<\/button><\/div>\n","protected":false},"excerpt":{"rendered":"<p>Tre concerti da un capo all&#8217;altro dell&#8217;inverno<\/p>\n","protected":false},"author":6,"featured_media":0,"parent":107984,"menu_order":0,"comment_status":"closed","ping_status":"closed","template":"","meta":{"is_dark_mode":false,"footnotes":""},"page_label":[],"class_list":["post-104812","page","type-page","status-publish","hentry"],"yoast_head":"<!-- This site is optimized with the Yoast SEO plugin v27.2 - https:\/\/yoast.com\/product\/yoast-seo-wordpress\/ -->\n<title>Alza il volume - Hautes-Alpes<\/title>\n<meta name=\"description\" content=\"Alza il volume Tre concerti da un capo all&#039;altro dell&#039;inverno Nelle Hautes-Alpes abbiamo una teoria: il freddo non fa male quando la musica riscalda\" \/>\n<meta name=\"robots\" content=\"index, follow, max-snippet:-1, max-image-preview:large, max-video-preview:-1\" \/>\n<link rel=\"canonical\" href=\"https:\/\/www.hautes-alpes.net\/it\/i-preferiti\/alza-il-volume\/\" \/>\n<meta property=\"og:locale\" content=\"it_IT\" \/>\n<meta property=\"og:type\" content=\"article\" \/>\n<meta property=\"og:title\" content=\"Alza il volume - Hautes-Alpes\" \/>\n<meta property=\"og:description\" content=\"Alza il volume Tre concerti da un capo all&#039;altro dell&#039;inverno Nelle Hautes-Alpes abbiamo una teoria: il freddo non fa male quando la musica riscalda\" \/>\n<meta property=\"og:url\" content=\"https:\/\/www.hautes-alpes.net\/it\/i-preferiti\/alza-il-volume\/\" \/>\n<meta property=\"og:site_name\" content=\"Hautes-Alpes\" \/>\n<meta property=\"article:modified_time\" content=\"2025-12-12T10:36:28+00:00\" \/>\n<meta property=\"og:image\" content=\"https:\/\/www.hautes-alpes.net\/wp-content\/uploads\/2025\/11\/concerts-richardbord-170524-235554-bd.jpg\" \/>\n\t<meta property=\"og:image:width\" content=\"1600\" \/>\n\t<meta property=\"og:image:height\" content=\"1067\" \/>\n\t<meta property=\"og:image:type\" content=\"image\/jpeg\" \/>\n<meta name=\"twitter:card\" content=\"summary_large_image\" \/>\n<meta name=\"twitter:label1\" content=\"Tempo di lettura stimato\" \/>\n\t<meta name=\"twitter:data1\" content=\"1 minuto\" \/>\n<script type=\"application\/ld+json\" class=\"yoast-schema-graph\">{\"@context\":\"https:\/\/schema.org\",\"@graph\":[{\"@type\":\"WebPage\",\"@id\":\"https:\/\/www.hautes-alpes.net\/it\/i-preferiti\/alza-il-volume\/\",\"url\":\"https:\/\/www.hautes-alpes.net\/it\/i-preferiti\/alza-il-volume\/\",\"name\":\"Alza il volume - Hautes-Alpes\",\"isPartOf\":{\"@id\":\"https:\/\/www.hautes-alpes.net\/it\/#website\"},\"primaryImageOfPage\":{\"@id\":\"https:\/\/www.hautes-alpes.net\/it\/i-preferiti\/alza-il-volume\/#primaryimage\"},\"image\":{\"@id\":\"https:\/\/www.hautes-alpes.net\/it\/i-preferiti\/alza-il-volume\/#primaryimage\"},\"thumbnailUrl\":\"https:\/\/www.hautes-alpes.net\/wp-content\/uploads\/2025\/11\/concerts-richardbord-170524-235554-bd-1600x480.jpg\",\"datePublished\":\"2025-11-25T16:35:04+00:00\",\"dateModified\":\"2025-12-12T10:36:28+00:00\",\"description\":\"Alza il volume Tre concerti da un capo all'altro dell'inverno Nelle Hautes-Alpes abbiamo una teoria: il freddo non fa male quando la musica riscalda\",\"breadcrumb\":{\"@id\":\"https:\/\/www.hautes-alpes.net\/it\/i-preferiti\/alza-il-volume\/#breadcrumb\"},\"inLanguage\":\"it-IT\",\"potentialAction\":[{\"@type\":\"ReadAction\",\"target\":[\"https:\/\/www.hautes-alpes.net\/it\/i-preferiti\/alza-il-volume\/\"]}]},{\"@type\":\"ImageObject\",\"inLanguage\":\"it-IT\",\"@id\":\"https:\/\/www.hautes-alpes.net\/it\/i-preferiti\/alza-il-volume\/#primaryimage\",\"url\":\"https:\/\/www.hautes-alpes.net\/wp-content\/uploads\/2025\/11\/concerts-richardbord-170524-235554-bd-1600x480.jpg\",\"contentUrl\":\"https:\/\/www.hautes-alpes.net\/wp-content\/uploads\/2025\/11\/concerts-richardbord-170524-235554-bd-1600x480.jpg\"},{\"@type\":\"BreadcrumbList\",\"@id\":\"https:\/\/www.hautes-alpes.net\/it\/i-preferiti\/alza-il-volume\/#breadcrumb\",\"itemListElement\":[{\"@type\":\"ListItem\",\"position\":1,\"name\":\"Accueil\",\"item\":\"https:\/\/www.hautes-alpes.net\/it\/hautes-alpes\/\"},{\"@type\":\"ListItem\",\"position\":2,\"name\":\"I preferiti\",\"item\":\"https:\/\/www.hautes-alpes.net\/it\/i-preferiti\/\"},{\"@type\":\"ListItem\",\"position\":3,\"name\":\"I preferiti\",\"item\":\"https:\/\/www.hautes-alpes.net\/it\/i-preferiti\/\"},{\"@type\":\"ListItem\",\"position\":4,\"name\":\"Alza il volume\"}]},{\"@type\":\"WebSite\",\"@id\":\"https:\/\/www.hautes-alpes.net\/it\/#website\",\"url\":\"https:\/\/www.hautes-alpes.net\/it\/\",\"name\":\"ADDET\",\"description\":\"\",\"publisher\":{\"@id\":\"https:\/\/www.hautes-alpes.net\/it\/#organization\"},\"potentialAction\":[{\"@type\":\"SearchAction\",\"target\":{\"@type\":\"EntryPoint\",\"urlTemplate\":\"https:\/\/www.hautes-alpes.net\/it\/?s={search_term_string}\"},\"query-input\":{\"@type\":\"PropertyValueSpecification\",\"valueRequired\":true,\"valueName\":\"search_term_string\"}}],\"inLanguage\":\"it-IT\"},{\"@type\":\"Organization\",\"@id\":\"https:\/\/www.hautes-alpes.net\/it\/#organization\",\"name\":\"Agence D\u00e9partementale de D\u00e9veloppement Economique et Touristique des Hautes-Alpes\",\"url\":\"https:\/\/www.hautes-alpes.net\/it\/\",\"logo\":{\"@type\":\"ImageObject\",\"inLanguage\":\"it-IT\",\"@id\":\"https:\/\/www.hautes-alpes.net\/it\/#\/schema\/logo\/image\/\",\"url\":\"https:\/\/www.hautes-alpes.net\/wp-content\/uploads\/2026\/01\/black-logo-2.svg\",\"contentUrl\":\"https:\/\/www.hautes-alpes.net\/wp-content\/uploads\/2026\/01\/black-logo-2.svg\",\"caption\":\"Agence D\u00e9partementale de D\u00e9veloppement Economique et Touristique des Hautes-Alpes\"},\"image\":{\"@id\":\"https:\/\/www.hautes-alpes.net\/it\/#\/schema\/logo\/image\/\"}}]}<\/script>\n<!-- \/ Yoast SEO plugin. -->","yoast_head_json":{"title":"Alza il volume - Hautes-Alpes","description":"Alza il volume Tre concerti da un capo all'altro dell'inverno Nelle Hautes-Alpes abbiamo una teoria: il freddo non fa male quando la musica riscalda","robots":{"index":"index","follow":"follow","max-snippet":"max-snippet:-1","max-image-preview":"max-image-preview:large","max-video-preview":"max-video-preview:-1"},"canonical":"https:\/\/www.hautes-alpes.net\/it\/i-preferiti\/alza-il-volume\/","og_locale":"it_IT","og_type":"article","og_title":"Alza il volume - Hautes-Alpes","og_description":"Alza il volume Tre concerti da un capo all'altro dell'inverno Nelle Hautes-Alpes abbiamo una teoria: il freddo non fa male quando la musica riscalda","og_url":"https:\/\/www.hautes-alpes.net\/it\/i-preferiti\/alza-il-volume\/","og_site_name":"Hautes-Alpes","article_modified_time":"2025-12-12T10:36:28+00:00","og_image":[{"width":1600,"height":1067,"url":"https:\/\/www.hautes-alpes.net\/wp-content\/uploads\/2025\/11\/concerts-richardbord-170524-235554-bd.jpg","type":"image\/jpeg"}],"twitter_card":"summary_large_image","twitter_misc":{"Tempo di lettura stimato":"1 minuto"},"schema":{"@context":"https:\/\/schema.org","@graph":[{"@type":"WebPage","@id":"https:\/\/www.hautes-alpes.net\/it\/i-preferiti\/alza-il-volume\/","url":"https:\/\/www.hautes-alpes.net\/it\/i-preferiti\/alza-il-volume\/","name":"Alza il volume - Hautes-Alpes","isPartOf":{"@id":"https:\/\/www.hautes-alpes.net\/it\/#website"},"primaryImageOfPage":{"@id":"https:\/\/www.hautes-alpes.net\/it\/i-preferiti\/alza-il-volume\/#primaryimage"},"image":{"@id":"https:\/\/www.hautes-alpes.net\/it\/i-preferiti\/alza-il-volume\/#primaryimage"},"thumbnailUrl":"https:\/\/www.hautes-alpes.net\/wp-content\/uploads\/2025\/11\/concerts-richardbord-170524-235554-bd-1600x480.jpg","datePublished":"2025-11-25T16:35:04+00:00","dateModified":"2025-12-12T10:36:28+00:00","description":"Alza il volume Tre concerti da un capo all'altro dell'inverno Nelle Hautes-Alpes abbiamo una teoria: il freddo non fa male quando la musica riscalda","breadcrumb":{"@id":"https:\/\/www.hautes-alpes.net\/it\/i-preferiti\/alza-il-volume\/#breadcrumb"},"inLanguage":"it-IT","potentialAction":[{"@type":"ReadAction","target":["https:\/\/www.hautes-alpes.net\/it\/i-preferiti\/alza-il-volume\/"]}]},{"@type":"ImageObject","inLanguage":"it-IT","@id":"https:\/\/www.hautes-alpes.net\/it\/i-preferiti\/alza-il-volume\/#primaryimage","url":"https:\/\/www.hautes-alpes.net\/wp-content\/uploads\/2025\/11\/concerts-richardbord-170524-235554-bd-1600x480.jpg","contentUrl":"https:\/\/www.hautes-alpes.net\/wp-content\/uploads\/2025\/11\/concerts-richardbord-170524-235554-bd-1600x480.jpg"},{"@type":"BreadcrumbList","@id":"https:\/\/www.hautes-alpes.net\/it\/i-preferiti\/alza-il-volume\/#breadcrumb","itemListElement":[{"@type":"ListItem","position":1,"name":"Accueil","item":"https:\/\/www.hautes-alpes.net\/it\/hautes-alpes\/"},{"@type":"ListItem","position":2,"name":"I preferiti","item":"https:\/\/www.hautes-alpes.net\/it\/i-preferiti\/"},{"@type":"ListItem","position":3,"name":"I preferiti","item":"https:\/\/www.hautes-alpes.net\/it\/i-preferiti\/"},{"@type":"ListItem","position":4,"name":"Alza il volume"}]},{"@type":"WebSite","@id":"https:\/\/www.hautes-alpes.net\/it\/#website","url":"https:\/\/www.hautes-alpes.net\/it\/","name":"ADDET","description":"","publisher":{"@id":"https:\/\/www.hautes-alpes.net\/it\/#organization"},"potentialAction":[{"@type":"SearchAction","target":{"@type":"EntryPoint","urlTemplate":"https:\/\/www.hautes-alpes.net\/it\/?s={search_term_string}"},"query-input":{"@type":"PropertyValueSpecification","valueRequired":true,"valueName":"search_term_string"}}],"inLanguage":"it-IT"},{"@type":"Organization","@id":"https:\/\/www.hautes-alpes.net\/it\/#organization","name":"Agence D\u00e9partementale de D\u00e9veloppement Economique et Touristique des Hautes-Alpes","url":"https:\/\/www.hautes-alpes.net\/it\/","logo":{"@type":"ImageObject","inLanguage":"it-IT","@id":"https:\/\/www.hautes-alpes.net\/it\/#\/schema\/logo\/image\/","url":"https:\/\/www.hautes-alpes.net\/wp-content\/uploads\/2026\/01\/black-logo-2.svg","contentUrl":"https:\/\/www.hautes-alpes.net\/wp-content\/uploads\/2026\/01\/black-logo-2.svg","caption":"Agence D\u00e9partementale de D\u00e9veloppement Economique et Touristique des Hautes-Alpes"},"image":{"@id":"https:\/\/www.hautes-alpes.net\/it\/#\/schema\/logo\/image\/"}}]}},"_links":{"self":[{"href":"https:\/\/www.hautes-alpes.net\/it\/wp-json\/wp\/v2\/pages\/104812","targetHints":{"allow":["GET"]}}],"collection":[{"href":"https:\/\/www.hautes-alpes.net\/it\/wp-json\/wp\/v2\/pages"}],"about":[{"href":"https:\/\/www.hautes-alpes.net\/it\/wp-json\/wp\/v2\/types\/page"}],"author":[{"embeddable":true,"href":"https:\/\/www.hautes-alpes.net\/it\/wp-json\/wp\/v2\/users\/6"}],"replies":[{"embeddable":true,"href":"https:\/\/www.hautes-alpes.net\/it\/wp-json\/wp\/v2\/comments?post=104812"}],"version-history":[{"count":1,"href":"https:\/\/www.hautes-alpes.net\/it\/wp-json\/wp\/v2\/pages\/104812\/revisions"}],"predecessor-version":[{"id":104813,"href":"https:\/\/www.hautes-alpes.net\/it\/wp-json\/wp\/v2\/pages\/104812\/revisions\/104813"}],"up":[{"embeddable":true,"href":"https:\/\/www.hautes-alpes.net\/it\/wp-json\/wp\/v2\/pages\/107984"}],"wp:attachment":[{"href":"https:\/\/www.hautes-alpes.net\/it\/wp-json\/wp\/v2\/media?parent=104812"}],"wp:term":[{"taxonomy":"page_label","embeddable":true,"href":"https:\/\/www.hautes-alpes.net\/it\/wp-json\/wp\/v2\/page_label?post=104812"}],"curies":[{"name":"wp","href":"https:\/\/api.w.org\/{rel}","templated":true}]}}