{"id":104650,"date":"2025-10-02T11:35:28","date_gmt":"2025-10-02T09:35:28","guid":{"rendered":"https:\/\/www.hautes-alpes.net\/hautes-alpes\/"},"modified":"2026-04-22T18:01:29","modified_gmt":"2026-04-22T16:01:29","slug":"hautes-alpes","status":"publish","type":"page","link":"https:\/\/www.hautes-alpes.net\/it\/","title":{"rendered":"Hautes-Alpes"},"content":{"rendered":"\n<div class=\"wp-block-ws-library-ws-header-principal alignfull\"><div class=\"header-container\"><div class=\"group-media has-video\"><video class=\"field-video\" autoplay muted loop playsinline><source src=\"https:\/\/www.hautes-alpes.net\/wp-content\/uploads\/2025\/12\/web-media-logo-pure-alpes-1-ligne.mp4\" type=\"video\/mp4\" media=\"(min-width: 768px)\"\/><source src=\"https:\/\/www.hautes-alpes.net\/wp-content\/uploads\/2025\/10\/logo-pure-alpes-2-lignes.mp4\" type=\"video\/mp4\" media=\"(max-width: 767px)\"\/><\/video><\/div><div class=\"group-content\"><div class=\"inner-content\"><h1 class=\"field-title\">Hautes-Alpes<\/h1><div class=\"field-list\">\n<ul class=\"wp-block-list\">\n<li>nell&#8217;arco alpino<\/li>\n\n\n\n<li>i luoghi all&#8217;aperto pi\u00f9 belli del mondo<\/li>\n\n\n\n<li>Il dipartimento biologico leader in Francia<\/li>\n\n\n\n<li>pionieri dell&#8217;energia rinnovabile<\/li>\n\n\n\n<li>Sito olimpico nel 2030<\/li>\n<\/ul>\n<\/div><\/div><\/div><div class=\"scroll\"><div class=\"link-godown\">Scroll<\/div><\/div><\/div><\/div>\n\n<h2 class=\"wp-block-heading alignwide is-style-title-1\">NEL <span class=\"text-highlight\"><strong>TESTATA<\/strong><\/span><\/h2>\n<div class=\"alignwide wp-block-ws-library-ws-current-date\"><span class=\"ws-current-date__day\">Luned\u00ec<\/span><span class=\"ws-current-date__date\">27<\/span><span class=\"ws-current-date__month\">aprile<\/span><\/div>\n<div class=\"wp-block-ws-library-scrollable-section ws-section-scrollable alignfull\"><div class=\"scrollable-item\"><div class=\"group-content\"><div class=\"wrapper\"><h3 class=\"field-title\">Astronomia<\/h3><div class=\"field-intro\"><p>L&#8217;osservatorio radioastronomico di Pic de Bure<br>apre al pubblico<\/p><\/div><\/div><\/div><div class=\"group-innerblocks\"><div class=\"group-media\"><div class=\"field-image\"><img decoding=\"async\" src=\"https:\/\/www.hautes-alpes.net\/wp-content\/uploads\/2026\/04\/plateau-de-bure-gontran-isnard-gontranid-1-1140x620.jpg\" alt=\"\"\/><\/div><div class=\"credits\"><\/div><\/div>\n<div class=\"section-wrapper\"><div class=\"wp-block-ws-library-scrollable-section-item ws-section-scrollable-item\">\n<p>Quest&#8217;estate, l&#8217;osservatorio radioastronomico di Pic de Bure a D\u00e9voluy offrir\u00e0 eccezionali visite guidate con accesso alla funivia. Un&#8217;esperienza unica a 2.552 metri di altitudine, nel cuore di uno dei siti scientifici pi\u00f9 avanzati al mondo. <\/p>\n<\/div><\/div>\n\n\n\n<div class=\"section-wrapper\"><div class=\"wp-block-ws-library-scrollable-section-item ws-section-scrollable-item\">\n<div class=\"wp-block-ws-library-ws-image\"><div class=\"wrapper\"><div class=\"group-media\"><img decoding=\"async\" src=\"https:\/\/www.hautes-alpes.net\/wp-content\/uploads\/2026\/04\/plateau-de-bure-gontran-isnard-gontranid-6-1240x800.jpg\" alt=\"\" class=\"single_image ws-image-485543\"><div class=\"credits\"><\/div><\/div><p class=\"caption\"><\/p><\/div><\/div>\n<\/div><\/div>\n\n\n\n<div class=\"section-wrapper\"><div class=\"wp-block-ws-library-scrollable-section-item ws-section-scrollable-item is-style-bg-grey\">\n<p>L&#8217;<strong>osservatorio NOEMA<\/strong> apre le sue porte al pubblico con visite guidate coinvolgenti, che includono un viaggio in funivia fino all&#8217;osservatorio, un tour delle <strong>10<\/strong> <strong>antenne monumentali<\/strong> e un incontro con i mediatori dell&#8217;<strong>IRAM<\/strong> (Institut de Radioastronomie Millim\u00e9trique). Questi tour, offerti ogni due venerd\u00ec fino alla fine di ottobre, sono riservati a piccoli gruppi e devono essere prenotati in anticipo. <\/p>\n<\/div><\/div>\n\n\n\n<div class=\"section-wrapper\"><div class=\"wp-block-ws-library-scrollable-section-item ws-section-scrollable-item\">\n<div class=\"wp-block-ws-library-ws-image\"><div class=\"wrapper\"><div class=\"group-media\"><img decoding=\"async\" src=\"https:\/\/www.hautes-alpes.net\/wp-content\/uploads\/2026\/04\/20072020-th-5014-1240x800.jpg\" alt=\"\" class=\"single_image ws-image-485546\"><div class=\"credits\"><\/div><\/div><p class=\"caption\"><\/p><\/div><\/div>\n<\/div><\/div>\n<\/div><\/div><\/div>\n\n<div class=\"wp-block-ws-library-scrollable-section ws-section-scrollable alignfull\"><div class=\"scrollable-item\"><div class=\"group-content\"><div class=\"wrapper\"><h3 class=\"field-title\"><strong>Il campo di Ollivier <\/strong><br><strong>e il galletto<\/strong><\/h3><div class=\"field-intro\"><p>Nuovo allevamento di pollame<\/p><\/div><\/div><\/div><div class=\"group-innerblocks\"><div class=\"group-media\"><div class=\"field-image\"><img decoding=\"async\" src=\"https:\/\/www.hautes-alpes.net\/wp-content\/uploads\/2026\/04\/inauguration-cindy-ollivier-cedric-tempier-37-e1776687379213-1140x620.jpg\" alt=\"\"\/><\/div><div class=\"credits\"><\/div><\/div>\n<div class=\"section-wrapper\"><div class=\"wp-block-ws-library-scrollable-section-item ws-section-scrollable-item is-style-default\">\n<p>Il GAEC <strong>Le Champ des Ollivier<\/strong> inaugura il suo allevamento di pollame e porta la sua attivit\u00e0 a un nuovo livello. Specializzata nell&#8217;allevamento di pollame, dispone anche di pi\u00f9 di 300 pecore, di cui una buona parte sono marchiate <strong>Agneaux de Sisteron<\/strong>, una garanzia di qualit\u00e0 e di radicamento locale. L&#8217;azienda si estende su 62 ettari ad Aubessagne.  <\/p>\n<\/div><\/div>\n\n\n\n<div class=\"section-wrapper\"><div class=\"wp-block-ws-library-scrollable-section-item ws-section-scrollable-item\">\n<div class=\"wp-block-ws-library-ws-image\"><div class=\"wrapper\"><div class=\"group-media\"><img decoding=\"async\" src=\"https:\/\/www.hautes-alpes.net\/wp-content\/uploads\/2026\/04\/inauguration-cindy-ollivier-cedric-tempier-3-960x640.jpg\" alt=\"\" class=\"single_image ws-image-486067\"><div class=\"credits\">C\u00e9dric TEMPIER<\/div><\/div><p class=\"caption\"><\/p><\/div><\/div>\n<\/div><\/div>\n\n\n\n<div class=\"section-wrapper\"><div class=\"wp-block-ws-library-scrollable-section-item ws-section-scrollable-item\">\n<p>Il cuore di questa giornata inaugurale \u00e8 stato il laboratorio di pollame da carne, con una produzione annuale di 8.000 volatili distribuiti in cinque pollai di 200 m\u00b2. Allevata, macellata, sezionata e preparata in loco, questa produzione viene commercializzata attraverso canali di distribuzione brevi, in particolare alle mense scolastiche della regione <strong>di Champsaur<\/strong>. <\/p>\n<\/div><\/div>\n\n\n\n<div class=\"section-wrapper\"><div class=\"wp-block-ws-library-scrollable-section-item ws-section-scrollable-item\">\n<div class=\"wp-block-ws-library-ws-image\"><div class=\"wrapper\"><div class=\"group-media\"><img decoding=\"async\" src=\"https:\/\/www.hautes-alpes.net\/wp-content\/uploads\/2026\/04\/inauguration-cindy-ollivier-cedric-tempier-43-960x640.jpg\" alt=\"\" class=\"single_image ws-image-486100\"><div class=\"credits\">C\u00e9dric TEMPIER<\/div><\/div><p class=\"caption\"><\/p><\/div><\/div>\n<\/div><\/div>\n\n\n\n<div class=\"section-wrapper\"><div class=\"wp-block-ws-library-scrollable-section-item ws-section-scrollable-item\">\n<p>Basato su un sistema diversificato e complementare, il BCAA si distingue per il controllo dell&#8217;intera catena di produzione, un modello che illustra i cambiamenti e le ambizioni dell&#8217;agricoltura locale incentrata sulla qualit\u00e0 e sulla prossimit\u00e0.<\/p>\n<\/div><\/div>\n\n\n\n<div class=\"section-wrapper\"><div class=\"wp-block-ws-library-scrollable-section-item ws-section-scrollable-item\">\n<div class=\"wp-block-ws-library-ws-image\"><div class=\"wrapper\"><div class=\"group-media\"><img decoding=\"async\" src=\"https:\/\/www.hautes-alpes.net\/wp-content\/uploads\/2026\/04\/inauguration-cindy-ollivier-cedric-tempier-53-1240x800.jpg\" alt=\"\" class=\"single_image ws-image-486068\"><div class=\"credits\">C\u00e9dric TEMPIER<\/div><\/div><p class=\"caption\"><\/p><\/div><\/div>\n<\/div><\/div>\n<div class=\"field-link\"><a href=\"https:\/\/www.hautes-alpes.net\/filieres-economiques\/pat\/\" class=\"cardlink\">Voir la page<\/a><\/div><\/div><\/div><\/div>\n\n<div class=\"wp-block-ws-library-scrollable-section ws-section-scrollable alignfull\"><div class=\"scrollable-item\"><div class=\"group-content\"><div class=\"wrapper\"><h3 class=\"field-title\">Le <strong>Montagnard des Alpes<\/strong><\/h3><div class=\"field-intro\"><p>Inaugurazione di una nuova sala taglio a Gap<\/p><\/div><\/div><\/div><div class=\"group-innerblocks\"><div class=\"group-media\"><div class=\"field-image\"><img decoding=\"async\" src=\"https:\/\/www.hautes-alpes.net\/wp-content\/uploads\/2026\/04\/inauguration-le-montagnard-des-alpes-cedric-tempier-12-scaled-e1776348363424-1140x620.jpg\" alt=\"\"\/><\/div><div class=\"credits\"><\/div><\/div>\n<div class=\"section-wrapper\"><div class=\"wp-block-ws-library-scrollable-section-item ws-section-scrollable-item\">\n<p>La SICA Le Montagnard des Alpes ha inaugurato una nuova sala di taglio a Gap, segnando un passo decisivo per il futuro dell&#8217;industria suinicola delle Hautes-Alpes. Situata nelle immediate vicinanze del macello, <strong>la nuova struttura potenzier\u00e0 la capacit\u00e0 locale di lavorazione e commercializzazione della carne suina<\/strong> per macellerie, gastronomie e salumifici delle Hautes-Alpes e di tutta la regione Provenza-Alpi-Costa Azzurra. <\/p>\n<\/div><\/div>\n\n\n\n<div class=\"section-wrapper\"><div class=\"wp-block-ws-library-scrollable-section-item ws-section-scrollable-item is-style-default\">\n<p>Attraverso questo investimento strategico, gli allevatori mirano a consolidare una produzione locale, strutturata e sostenibile, creando valore per la regione.<\/p>\n<\/div><\/div>\n\n\n\n<div class=\"section-wrapper\"><div class=\"wp-block-ws-library-scrollable-section-item ws-section-scrollable-item\">\n<div class=\"wp-block-ws-library-ws-image\"><div class=\"wrapper\"><div class=\"group-media\"><img decoding=\"async\" src=\"https:\/\/www.hautes-alpes.net\/wp-content\/uploads\/2026\/04\/inauguration-le-montagnard-des-alpes-cedric-tempier-16-1240x800.jpg\" alt=\"\" class=\"single_image ws-image-478447\"><div class=\"credits\">C\u00e9dric TEMPIER<\/div><\/div><p class=\"caption\"><\/p><\/div><\/div>\n<\/div><\/div>\n\n\n\n<div class=\"section-wrapper\"><div class=\"wp-block-ws-library-scrollable-section-item ws-section-scrollable-item is-style-bg-grey\">\n<p>Fondata nel <strong>1948 <\/strong>in risposta alle carenze del dopoguerra, la <strong>SICA Le Montagnard <\/strong>\u00e8 diventata un attore chiave dell&#8217;industria suinicola alpina.<\/p>\n<\/div><\/div>\n\n\n\n<div class=\"section-wrapper\"><div class=\"wp-block-ws-library-scrollable-section-item ws-section-scrollable-item\">\n<div class=\"wp-block-ws-library-ws-image\"><div class=\"wrapper\"><div class=\"group-media\"><img decoding=\"async\" src=\"https:\/\/www.hautes-alpes.net\/wp-content\/uploads\/2026\/04\/inauguration-le-montagnard-des-alpes-cedric-tempier-44-980x640.jpg\" alt=\"\" class=\"single_image ws-image-478449\"><div class=\"credits\">C\u00e9dric TEMPIER<\/div><\/div><p class=\"caption\"><\/p><\/div><\/div>\n<\/div><\/div>\n\n\n\n<div class=\"section-wrapper\"><div class=\"wp-block-ws-library-scrollable-section-item ws-section-scrollable-item\">\n<p>Pioniera nell&#8217;organizzazione collettiva della produzione, della macellazione e della commercializzazione, \u00e8 tuttora <strong>l&#8217;unica organizzazione di produttori di carne suina<\/strong> delle <strong>Hautes-Alpes<\/strong> e della <strong>Provenza-Alpi-Costa Azzurra<\/strong>.<\/p>\n<\/div><\/div>\n\n\n\n<div class=\"section-wrapper\"><div class=\"wp-block-ws-library-scrollable-section-item ws-section-scrollable-item\">\n<div class=\"wp-block-ws-library-ws-image\"><div class=\"wrapper\"><div class=\"group-media\"><img decoding=\"async\" src=\"https:\/\/www.hautes-alpes.net\/wp-content\/uploads\/2026\/04\/inauguration-le-montagnard-des-alpes-cedric-tempier-27-1240x800.jpg\" alt=\"\" class=\"single_image ws-image-478470\"><div class=\"credits\">C\u00e9dric TEMPIER<\/div><\/div><p class=\"caption\"><\/p><\/div><\/div>\n<\/div><\/div>\n<\/div><\/div><\/div>\n\n<div class=\"wp-block-ws-library-scrollable-section ws-section-scrollable alignfull\"><div class=\"scrollable-item\"><div class=\"group-content\"><div class=\"wrapper\"><h3 class=\"field-title\"><strong>CSR<\/strong><\/h3><div class=\"field-intro\"><p><strong>Aziende che si impegnano.<\/strong><\/p><\/div><\/div><\/div><div class=\"group-innerblocks\"><div class=\"group-media\"><div class=\"field-image\"><img decoding=\"async\" src=\"https:\/\/www.hautes-alpes.net\/wp-content\/uploads\/2026\/04\/bertrand-et-francois-xavier-ranvier-cedric-tempier-2-1140x620.jpg\" alt=\"\"\/><\/div><div class=\"credits\"> C\u00e9dric TEMPIER<\/div><\/div>\n<div class=\"section-wrapper\"><div class=\"wp-block-ws-library-scrollable-section-item ws-section-scrollable-item\">\n<p>Fran\u00e7ois-Xavier e Bertrand Ranvier, direttori dell&#8217;azienda Les <strong>Tourtons du Champsaur<\/strong>, condividono le loro riflessioni sulla CSR e presentano azioni concrete incentrate su tre temi chiave: performance economica, qualit\u00e0 della vita sul posto di lavoro e ambiente.<\/p>\n<\/div><\/div>\n\n\n\n<div class=\"section-wrapper\"><div class=\"wp-block-ws-library-scrollable-section-item ws-section-scrollable-item is-style-bg-grey\">\n<p>Questo video \u00e8 il primo di una serie che presenter\u00e0 mensilmente il coinvolgimento delle imprese locali nell&#8217;iniziativa <strong>CSR delle Hautes-Alpes<\/strong>.<\/p>\n<\/div><\/div>\n\n\n\n<div class=\"section-wrapper\"><div class=\"wp-block-ws-library-scrollable-section-item ws-section-scrollable-item\">\n<div class=\"wp-block-ws-library-ws-video\"><div class=\"wrapper\"><div class=\"group-media\">\n<figure class=\"wp-block-embed is-type-video is-provider-youtube wp-block-embed-youtube\"><div class=\"wp-block-embed__wrapper\">\n<iframe loading=\"lazy\" title=\"Tourtons du Champsaur engag\u00e9 dans la d\u00e9marche RSE\" width=\"500\" height=\"281\" src=\"https:\/\/www.youtube.com\/embed\/RSUfonD3BzI?feature=oembed\" frameborder=\"0\" allow=\"accelerometer; autoplay; clipboard-write; encrypted-media; gyroscope; picture-in-picture; web-share\" referrerpolicy=\"strict-origin-when-cross-origin\" allowfullscreen><\/iframe>\n<\/div><\/figure>\n<\/div><\/div><\/div>\n<\/div><\/div>\n<\/div><\/div><\/div>\n\n<div class=\"wp-block-buttons is-content-justification-center is-layout-flex wp-container-core-buttons-is-layout-a89b3969 wp-block-buttons-is-layout-flex\">\n<div class=\"wp-block-button\"><a class=\"wp-block-button__link wp-element-button\" href=\"https:\/\/www.hautes-alpes.net\/it\/titoli-di-giornale\/\">Tutte le notizie<\/a><\/div>\n<\/div>\n\n<div style=\"height:50px\" aria-hidden=\"true\" class=\"wp-block-spacer\"><\/div>\n\n<h2 class=\"wp-block-heading alignwide is-style-title-1\"><strong>I PREFERITI<\/strong><\/h2>\n\n<div class=\"wp-block-ws-library-scrollable-section ws-section-scrollable alignfull\"><div class=\"scrollable-item\"><div class=\"group-content\"><div class=\"wrapper\"><h3 class=\"field-title\"><strong><strong><strong><strong><strong>Il ponte sommergibile<\/strong><\/strong><\/strong><\/strong><\/strong><\/h3><div class=\"field-intro\"><p>Chanteloube, la storia di una linea ferroviaria incompiuta.<\/p><\/div><\/div><\/div><div class=\"group-innerblocks\"><div class=\"group-media\"><div class=\"field-image\"><img decoding=\"async\" src=\"https:\/\/www.hautes-alpes.net\/wp-content\/uploads\/2026\/04\/drone-lac-cedric-tempier-5-1140x620.jpg\" alt=\"\"\/><\/div><div class=\"credits\">C\u00e9dric TEMPIER<\/div><\/div>\n<div class=\"section-wrapper\"><div class=\"wp-block-ws-library-scrollable-section-item ws-section-scrollable-item is-style-bg-grey\">\n<p>Nel 1910 inizi\u00f2 la costruzione della linea ferroviaria che collegava Grenoble a Barcelonnette, incorporando il magnifico <strong>viadotto Chanteloube<\/strong>. 1934, fine dei lavori. La linea fu abbandonata in favore della linea Veynes-Brian\u00e7on.  <\/p>\n<\/div><\/div>\n\n\n\n<div class=\"section-wrapper\"><div class=\"wp-block-ws-library-scrollable-section-item ws-section-scrollable-item is-style-default\">\n<p>Dall&#8217;apertura del lago di Serre-Pon\u00e7on, questo ponte lungo 230 m e alto 61 m si tuffa nelle acque del grande lago di <strong><a href=\"https:\/\/www.hautes-alpes.net\/it\/destinazioni-hautes-alpes\/serre-poncon\/\">Serre-Pon\u00e7on<\/a><\/strong> una volta raggiunta la quota di 772 metri.<\/p>\n<\/div><\/div>\n\n\n\n<div class=\"section-wrapper\"><div class=\"wp-block-ws-library-scrollable-section-item ws-section-scrollable-item\">\n<div class=\"wp-block-ws-library-ws-image\"><div class=\"wrapper\"><div class=\"group-media\"><img decoding=\"async\" src=\"https:\/\/www.hautes-alpes.net\/wp-content\/uploads\/2026\/04\/drone-lac-cedric-tempier-12-853x640.jpg\" alt=\"\" class=\"single_image ws-image-485997\"><div class=\"credits\">C\u00e9dric TEMPIER<\/div><\/div><p class=\"caption\"><\/p><\/div><\/div>\n<\/div><\/div>\n\n\n\n<div class=\"section-wrapper\"><div class=\"wp-block-ws-library-scrollable-section-item ws-section-scrollable-item\">\n<p>In inverno, puoi attraversarlo a piedi asciutti. Dalla primavera in poi, grandi e piccini possono divertirsi sotto gli occhi attenti degli sciatori. Per quanto riguarda i canoisti, a volte passano sotto e a volte sopra.  <\/p>\n<\/div><\/div>\n\n\n\n<div class=\"section-wrapper\"><div class=\"wp-block-ws-library-scrollable-section-item ws-section-scrollable-item\">\n<div class=\"wp-block-ws-library-ws-image\"><div class=\"wrapper\"><div class=\"group-media\"><img decoding=\"async\" src=\"https:\/\/www.hautes-alpes.net\/wp-content\/uploads\/2026\/04\/drone-lac-cedric-tempier-4-1-1240x800.jpg\" alt=\"\" class=\"single_image ws-image-486018\"><div class=\"credits\">C\u00e9dric TEMPIER<\/div><\/div><p class=\"caption\"><\/p><\/div><\/div>\n<\/div><\/div>\n\n\n\n<div class=\"section-wrapper\"><div class=\"wp-block-ws-library-scrollable-section-item ws-section-scrollable-item\">\n<div class=\"wp-block-ws-library-ws-image\"><div class=\"wrapper\"><div class=\"group-media\"><img decoding=\"async\" src=\"https:\/\/www.hautes-alpes.net\/wp-content\/uploads\/2026\/04\/drone-lac-cedric-tempier-8-1240x800.jpg\" alt=\"\" class=\"single_image ws-image-471308\"><div class=\"credits\">C\u00e9dric TEMPIER<\/div><\/div><p class=\"caption\"><\/p><\/div><\/div>\n<\/div><\/div>\n<div class=\"field-link\"><a href=\"https:\/\/www.hautes-alpes.net\/destinations\/serre-poncon\/\" class=\"cardlink\">Voir la page<\/a><\/div><\/div><\/div><\/div>\n\n<div class=\"wp-block-ws-library-scrollable-section ws-section-scrollable alignfull\"><div class=\"scrollable-item\"><div class=\"group-content\"><div class=\"wrapper\"><h3 class=\"field-title\"><strong><strong><strong>Piccolo Trofeo dei Campioni<\/strong><\/strong><\/strong><\/h3><div class=\"field-intro\"><p>Le Hautes-Alpes accolgono giovani giocatori di hockey provenienti da tutta Europa<\/p><\/div><\/div><\/div><div class=\"group-innerblocks\"><div class=\"group-media\"><div class=\"field-image\"><img decoding=\"async\" src=\"https:\/\/www.hautes-alpes.net\/wp-content\/uploads\/2026\/04\/image2-1140x620.webp\" alt=\"\"\/><\/div><div class=\"credits\">G Baron<\/div><\/div>\n<div class=\"section-wrapper\"><div class=\"wp-block-ws-library-scrollable-section-item ws-section-scrollable-item is-style-bg-grey\">\n<p>La 34\u00aa edizione del <strong>Troph\u00e9e Bauer des Petits Champions<\/strong>, il pi\u00f9 grande evento europeo di hockey minore, si terr\u00e0 dal 17 al 19 aprile 2026.<\/p>\n<\/div><\/div>\n\n\n\n<div class=\"section-wrapper\"><div class=\"wp-block-ws-library-scrollable-section-item ws-section-scrollable-item is-style-default\">\n<p>Per 3 giorni, il <strong><a href=\"https:\/\/www.hautes-alpes.net\/it\/destinazioni-hautes-alpes\/brianconnais\/\">Brian\u00e7on<\/a><\/strong>, <strong><a href=\"https:\/\/www.hautes-alpes.net\/it\/destinazioni-hautes-alpes\/gapencais\/\">Gap<\/a><\/strong> e <strong><a href=\"https:\/\/www.hautes-alpes.net\/it\/destinazioni-hautes-alpes\/orcieres-merlette-1850\/\">Orci\u00e8res Merlette 1850<\/a><\/strong> riunir\u00e0 pi\u00f9 di 400 giocatori di hockey provenienti da Slovacchia, Repubblica Ceca, Svizzera, Italia, Spagna, Belgio e, naturalmente, Francia.<\/p>\n<\/div><\/div>\n\n\n\n<div class=\"section-wrapper\"><div class=\"wp-block-ws-library-scrollable-section-item ws-section-scrollable-item\">\n<p>Il formato 3 contro 3 su un terzo della pista incoraggia l&#8217;azione e il gioco tecnico. Di fronte a questo spettacolo, non esitare a varcare le porte delle piste di ghiaccio delle Hautes-Alpes per assistere al pi\u00f9 grande raduno di hockey minore d&#8217;Europa. <\/p>\n<\/div><\/div>\n\n\n\n<div class=\"section-wrapper\"><div class=\"wp-block-ws-library-scrollable-section-item ws-section-scrollable-item\">\n<div class=\"wp-block-ws-library-ws-image\"><div class=\"wrapper\"><div class=\"group-media\"><img decoding=\"async\" src=\"https:\/\/www.hautes-alpes.net\/wp-content\/uploads\/2026\/04\/image4-960x640.webp\" alt=\"\" class=\"single_image ws-image-450459\"><div class=\"credits\">G Barone<\/div><\/div><p class=\"caption\"><\/p><\/div><\/div>\n<\/div><\/div>\n\n\n\n<div class=\"section-wrapper\"><div class=\"wp-block-ws-library-scrollable-section-item ws-section-scrollable-item\">\n<div class=\"wp-block-ws-library-ws-image\"><div class=\"wrapper\"><div class=\"group-media\"><img decoding=\"async\" src=\"https:\/\/www.hautes-alpes.net\/wp-content\/uploads\/2026\/04\/image-455x640.webp\" alt=\"\" class=\"single_image ws-image-450460\"><div class=\"credits\"><\/div><\/div><p class=\"caption\"><\/p><\/div><\/div>\n<\/div><\/div>\n<div class=\"field-link\"><a href=\"https:\/\/www.hautes-alpes.net\/fiche\/trophee-des-petits-champions\/\" class=\"cardlink\">Voir la page<\/a><\/div><\/div><\/div><\/div>\n\n<div class=\"wp-block-ws-library-scrollable-section ws-section-scrollable alignfull\"><div class=\"scrollable-item\"><div class=\"group-content\"><div class=\"wrapper\"><h3 class=\"field-title\"><strong>Le Grand B\u00e9al<\/strong><\/h3><div class=\"field-intro\"><p>Sci alpinismo 100% naturale  <\/p><\/div><\/div><\/div><div class=\"group-innerblocks\"><div class=\"group-media\"><div class=\"field-image\"><img decoding=\"async\" src=\"https:\/\/www.hautes-alpes.net\/wp-content\/uploads\/2026\/03\/le-queyras-grand-beal-adelin-bernard-otgq-1140x620.jpg\" alt=\"\"\/><\/div><div class=\"credits\"><\/div><\/div>\n<div class=\"section-wrapper\"><div class=\"wp-block-ws-library-scrollable-section-item ws-section-scrollable-item is-style-bg-grey\">\n<p>Alla fine di ogni stagione invernale, il <strong>Grand B\u00e9al <\/strong>offre una gara selvaggia in un ambiente montano eccezionale.<\/p>\n\n\n\n<p><strong>Ci vediamo il 5 aprile ad Arvieux nel Queyras!<\/strong><br\/><\/p>\n<\/div><\/div>\n\n\n\n<div class=\"section-wrapper\"><div class=\"wp-block-ws-library-scrollable-section-item ws-section-scrollable-item\">\n<p>Per la sua <sup>34\u00aa<\/sup> edizione, \u00e8 stato aggiunto un nuovo corso al programma: il Corso D, per Scoperta. \u00c8 aperto a tutti coloro che possiedono una licenza giornaliera di scoperta e non \u00e8 richiesto alcun certificato medico. Sebbene il nuovo percorso abbia una pendenza ridotta, sar\u00e0 comunque un evento conviviale e festoso.  <\/p>\n<\/div><\/div>\n\n\n\n<div class=\"section-wrapper\"><div class=\"wp-block-ws-library-scrollable-section-item ws-section-scrollable-item\">\n<p>Rimangono i percorsi tradizionali:<br\/>il C, panoramico e sicuro per gli sciatori occasionali<br\/>il B, pi\u00f9 tecnico e alpino<br\/>l&#8217;A, a coppie, pi\u00f9 lungo e tecnico con manovre e ramponi.<\/p>\n\n\n\n<p><\/p>\n<\/div><\/div>\n\n\n\n<div class=\"section-wrapper\"><div class=\"wp-block-ws-library-scrollable-section-item ws-section-scrollable-item\">\n<p>Dopo la fatica, il comfort: al termine delle gare, vengono offerti ai partecipanti pasti a base di prodotti locali. Un ottimo modo per prolungare la convivialit\u00e0 del percorso, grazie soprattutto ai team di volontari altamente motivati. <\/p>\n<\/div><\/div>\n<\/div><\/div><\/div>\n\n<div class=\"wp-block-buttons is-content-justification-center is-layout-flex wp-container-core-buttons-is-layout-a89b3969 wp-block-buttons-is-layout-flex\">\n<div class=\"wp-block-button\"><a class=\"wp-block-button__link wp-element-button\" href=\"https:\/\/www.hautes-alpes.net\/it\/i-preferiti\/\">Tutti i preferiti<\/a><\/div>\n<\/div>\n\n<div style=\"height:50px\" aria-hidden=\"true\" class=\"wp-block-spacer\"><\/div>\n\n<h2 class=\"wp-block-heading alignwide is-style-title-1\"><strong>(FR<span class=\"text-highlight\">)AGILES<\/span><\/strong><\/h2>\n\n<div class=\"wp-block-ws-library-scrollable-section ws-section-scrollable alignfull\"><div class=\"scrollable-item\"><div class=\"group-content\"><div class=\"wrapper\"><h3 class=\"field-title\">Prospettive incrociate  <\/h3><div class=\"field-intro\"><p>GIOCHI OLIMPICI 2030<\/p><\/div><\/div><\/div><div class=\"group-innerblocks\"><div class=\"group-media\"><div class=\"field-image\"><img decoding=\"async\" src=\"https:\/\/www.hautes-alpes.net\/wp-content\/uploads\/2026\/01\/maquette-image-flash-info5-1140x620.jpg\" alt=\"\"\/><\/div><div class=\"credits\"><\/div><\/div>\n<div class=\"section-wrapper\"><div class=\"wp-block-ws-library-scrollable-section-item ws-section-scrollable-item\">\n<p>A margine dell&#8217;ultima sessione di lavoro del Comitato Esecutivo Hautes-Alpes 2030, figure di spicco del mondo dello sport e consiglieri locali hanno condiviso la loro visione del progetto olimpico e dell&#8217;eredit\u00e0 da costruire.<\/p>\n\n\n\n<p>Il <strong>Comitato Esecutivo Hautes-Alpes 2030,<\/strong> istituito lo scorso giugno, riunisce tutti gli attori chiave del dipartimento ed \u00e8 organizzato attorno a quattro comitati operativi: Sport, Accesso e Mobilit\u00e0, Sviluppo, Cultura e Inclusione.<\/p>\n<\/div><\/div>\n\n\n\n<div class=\"section-wrapper\"><div class=\"wp-block-ws-library-scrollable-section-item ws-section-scrollable-item is-style-bg-grey\">\n<p><strong>I suoi obiettivi:<\/strong><\/p>\n\n\n\n<p>- far circolare le informazioni<\/p>\n\n\n\n<p>- coordinare le iniziative<\/p>\n\n\n\n<p>- progetti completi<\/p>\n\n\n\n<p>- mobilitare i cittadini delle Haut-Alpes<\/p>\n\n\n\n<p>- Il successo dei Giochi Olimpici e la costruzione di un&#8217;eredit\u00e0<\/p>\n<\/div><\/div>\n\n\n\n<div class=\"section-wrapper\"><div class=\"wp-block-ws-library-scrollable-section-item ws-section-scrollable-item\">\n<div class=\"wp-block-ws-library-ws-video\"><div class=\"wrapper\"><div class=\"group-media\">\n<figure class=\"wp-block-embed is-type-video is-provider-youtube wp-block-embed-youtube\"><div class=\"wp-block-embed__wrapper\">\n<iframe loading=\"lazy\" title=\"Hautes Alpes, quel h\u00e9ritage pour les JOP 2030\" width=\"500\" height=\"281\" src=\"https:\/\/www.youtube.com\/embed\/qnnz6rfG7uw?feature=oembed\" frameborder=\"0\" allow=\"accelerometer; autoplay; clipboard-write; encrypted-media; gyroscope; picture-in-picture; web-share\" referrerpolicy=\"strict-origin-when-cross-origin\" allowfullscreen><\/iframe>\n<\/div><\/figure>\n<\/div><\/div><\/div>\n<\/div><\/div>\n<\/div><\/div><\/div>\n\n<div class=\"wp-block-ws-library-scrollable-section ws-section-scrollable alignfull\"><div class=\"scrollable-item\"><div class=\"group-content\"><div class=\"wrapper\"><h3 class=\"field-title\"><strong><strong>R\u00e9allon vince il premio Green Snowflake<\/strong><\/strong><\/h3><div class=\"field-intro\"><p><\/p><\/div><\/div><\/div><div class=\"group-innerblocks\"><div class=\"group-media\"><div class=\"field-image\"><img decoding=\"async\" src=\"https:\/\/www.hautes-alpes.net\/wp-content\/uploads\/2026\/01\/reallon-panorama-fabien-thibault-1140x620.jpg\" alt=\"\"\/><\/div><div class=\"credits\"><\/div><\/div>\n<div class=\"section-wrapper\"><div class=\"wp-block-ws-library-scrollable-section-item ws-section-scrollable-item\">\n<p>La localit\u00e0 di <a href=\"https:\/\/www.hautes-alpes.net\/it\/destinazioni-hautes-alpes\/reallon-crevoux\/\" type=\"page\" id=\"74196\">R\u00e9allon <\/a>ha ricevuto il <strong>Flocon Vert<\/strong><sup>(1\u00b0<\/sup> livello) dall&#8217;associazione Mountain Riders, che riconosce le destinazioni montane impegnate nella transizione ecologica. Situata alle porte del Parco Nazionale degli Ecrins e affacciata sul Lago di Serre-Pon\u00e7on, questa localit\u00e0 a misura d&#8217;uomo ha rafforzato la sua posizione come una delle <strong>aree<\/strong> pi\u00f9 <strong>sostenibili delle Alpi<\/strong>. <\/p>\n<\/div><\/div>\n\n\n\n<div class=\"section-wrapper\"><div class=\"wp-block-ws-library-scrollable-section-item ws-section-scrollable-item\">\n<p>R\u00e9allon sta attuando una serie di azioni strutturanti legate al marchio: ottimizzazione del consumo di acqua, installazione di <strong>pannelli solari<\/strong> e creazione di una societ\u00e0 di autoconsumo collettivo (25% di<strong>autoconsumo di energia<\/strong>).<\/p>\n<\/div><\/div>\n\n\n\n<div class=\"section-wrapper\"><div class=\"wp-block-ws-library-scrollable-section-item ws-section-scrollable-item\">\n<p>Inoltre, una <strong>carta responsabile<\/strong> riunisce gli host, i ristoratori e i fornitori di servizi per promuovere i circuiti brevi, la riduzione dei rifiuti e la mobilit\u00e0 dolce (car-sharing, navette).<\/p>\n<\/div><\/div>\n\n\n\n<div class=\"section-wrapper\"><div class=\"wp-block-ws-library-scrollable-section-item ws-section-scrollable-item\">\n<div class=\"wp-block-ws-library-ws-image\"><div class=\"wrapper\"><div class=\"group-media\"><img decoding=\"async\" src=\"https:\/\/www.hautes-alpes.net\/wp-content\/uploads\/2026\/01\/reallon-panorama-2-fabien-thibault-960x640.jpg\" alt=\"\" class=\"single_image ws-image-233001\"><div class=\"credits\">F. Thibault<\/div><\/div><p class=\"caption\"><\/p><\/div><\/div>\n<\/div><\/div>\n\n\n\n<div class=\"section-wrapper\"><div class=\"wp-block-ws-library-scrollable-section-item ws-section-scrollable-item\">\n<div class=\"wp-block-ws-library-ws-image\"><div class=\"wrapper\"><div class=\"group-media\"><img decoding=\"async\" src=\"https:\/\/www.hautes-alpes.net\/wp-content\/uploads\/2026\/01\/reallon-telesiege-cedric-tempier-addet05-1240x800.jpg\" alt=\"\" class=\"single_image ws-image-233002\"><div class=\"credits\">C. Tempier - AD05<\/div><\/div><p class=\"caption\"><\/p><\/div><\/div>\n<\/div><\/div>\n<\/div><\/div><\/div>\n\n<div class=\"wp-block-buttons is-content-justification-center is-layout-flex wp-container-core-buttons-is-layout-a89b3969 wp-block-buttons-is-layout-flex\">\n<div class=\"wp-block-button\"><a class=\"wp-block-button__link wp-element-button\" href=\"https:\/\/www.hautes-alpes.net\/it\/enagile\/\">Tutti gli articoli (Fr)agili<\/a><\/div>\n<\/div>\n\n<div style=\"height:50px\" aria-hidden=\"true\" class=\"wp-block-spacer\"><\/div>\n\n<h2 class=\"wp-block-heading alignwide is-style-title-1\"><strong>SCALE<\/strong><\/h2>\n\n<div class=\"wp-block-ws-library-scrollable-section ws-section-scrollable alignfull\"><div class=\"scrollable-item\"><div class=\"group-content\"><div class=\"wrapper\"><h3 class=\"field-title\">Tour sciistico della Clar\u00e9e<\/h3><div class=\"field-intro\"><p>Un itinerario di volo a vela<\/p><\/div><\/div><\/div><div class=\"group-innerblocks\"><div class=\"group-media\"><div class=\"field-image\"><img decoding=\"async\" src=\"https:\/\/www.hautes-alpes.net\/wp-content\/uploads\/2025\/12\/2s2a9774-1140x620.jpg\" alt=\"\"\/><\/div><div class=\"credits\">P. Domeyne - AD05<\/div><\/div>\n<div class=\"section-wrapper\"><div class=\"wp-block-ws-library-scrollable-section-item ws-section-scrollable-item\">\n<p>Nel cuore dell&#8217;inverno, parti alla scoperta della selvaggia valle della Clar\u00e9e, della sua fauna, della sua flora e dei suoi magnifici paesaggi. Lungo il percorso, i rifugi di montagna ti accoglieranno per una pausa calda e confortante. <\/p>\n<\/div><\/div>\n\n\n\n<div class=\"section-wrapper\"><div class=\"wp-block-ws-library-scrollable-section-item ws-section-scrollable-item\">\n<ul class=\"wp-block-list\">\n<li>N\u00e9vache \u2192 Rifugio Buff\u00e8re<\/li>\n\n\n\n<li>Rifugio Buff\u00e8re \u2192 Rifugio du Chardonnet<\/li>\n\n\n\n<li>Rifugio dello Chardonnet \u2192 Rifugio Ricou<\/li>\n\n\n\n<li>Rifugio Ricou \u2192 Rifugio I Re Magi<\/li>\n\n\n\n<li>Rifugio I Re Magi \u2192 N\u00e9vache<\/li>\n<\/ul>\n<\/div><\/div>\n\n\n\n<div class=\"section-wrapper\"><div class=\"wp-block-ws-library-scrollable-section-item ws-section-scrollable-item\">\n<div class=\"wp-block-ws-library-ws-image\"><div class=\"wrapper\"><div class=\"group-media\"><img decoding=\"async\" src=\"https:\/\/www.hautes-alpes.net\/wp-content\/uploads\/2025\/12\/jour-1-refuge-buffere-cedric-tempier-23-1240x800.jpg\" alt=\"\" class=\"single_image ws-image-142769\"><div class=\"credits\">C. Tempier - AD05<\/div><\/div><p class=\"caption\"><\/p><\/div><\/div>\n<\/div><\/div>\n\n\n\n<div class=\"section-wrapper\"><div class=\"wp-block-ws-library-scrollable-section-item ws-section-scrollable-item\">\n<div class=\"wp-block-ws-library-ws-image\"><div class=\"wrapper\"><div class=\"group-media\"><img decoding=\"async\" src=\"https:\/\/www.hautes-alpes.net\/wp-content\/uploads\/2025\/12\/randonne-e-col-des-beraudes-et-chardonnet-2-1240x800.jpg\" alt=\"\" class=\"single_image ws-image-142772\"><div class=\"credits\">T. Blais<\/div><\/div><p class=\"caption\"><\/p><\/div><\/div>\n<\/div><\/div>\n\n\n\n<div class=\"section-wrapper\"><div class=\"wp-block-ws-library-scrollable-section-item ws-section-scrollable-item\">\n<div class=\"wp-block-ws-library-ws-image\"><div class=\"wrapper\"><div class=\"group-media\"><img decoding=\"async\" src=\"https:\/\/www.hautes-alpes.net\/wp-content\/uploads\/2025\/12\/tblais-ski-rando-buffere-427x640.jpg\" alt=\"\" class=\"single_image ws-image-142773\"><div class=\"credits\">T. Blais<\/div><\/div><p class=\"caption\"><\/p><\/div><\/div>\n<\/div><\/div>\n<div class=\"field-link\"><a href=\"https:\/\/www.hautes-alpes.net\/echappees\/tour-ski-en-claree\/\" class=\"cardlink\">Voir la page<\/a><\/div><\/div><\/div><\/div>\n\n<div class=\"wp-block-ws-library-scrollable-section ws-section-scrollable alignfull\"><div class=\"scrollable-item\"><div class=\"group-content\"><div class=\"wrapper\"><h3 class=\"field-title\">Viaggio nel terroir alpino<\/h3><div class=\"field-intro\"><p>Cinque giorni alla scoperta dei sapori delle Alpi<\/p><\/div><\/div><\/div><div class=\"group-innerblocks\"><div class=\"group-media\"><div class=\"field-image\"><img decoding=\"async\" src=\"https:\/\/www.hautes-alpes.net\/wp-content\/uploads\/2025\/12\/bleu-du-queyras-1140x620.jpg\" alt=\"\"\/><\/div><div class=\"credits\"><\/div><\/div>\n<div class=\"section-wrapper\"><div class=\"wp-block-ws-library-scrollable-section-item ws-section-scrollable-item\">\n<p>Questo roadtrip ti porta da un produttore all&#8217;altro, dai frutteti dell&#8217;<strong>Haute-Durance <\/strong>ai vigneti <strong>della valle dell&#8217;Avance<\/strong>, dai pascoli di montagna del <a href=\"https:\/\/www.hautes-alpes.net\/it\/destinazioni-hautes-alpes\/devoluy\/\"><strong>D\u00e9voluy<\/strong> <\/a>e del <strong><a href=\"https:\/\/www.hautes-alpes.net\/it\/destinazioni-hautes-alpes\/guillestrois-queyras\/\">Queyras<\/a><\/strong>ai campi coltivati a siepe di <strong><a href=\"https:\/\/www.hautes-alpes.net\/it\/destinazioni-hautes-alpes\/champsaur-valgaudemar\/\">Champsaur<\/a><\/strong>. In pochi giorni, potrai scoprire tutte le ricchezze del terroir alpino<strong> <\/strong>: carne, salumi, ortaggi, formaggi, frutta, vini, birre, liquori&#8230; lungo un itinerario che attraversa paesaggi incantevoli. <\/p>\n<\/div><\/div>\n\n\n\n<div class=\"section-wrapper\"><div class=\"wp-block-ws-library-scrollable-section-item ws-section-scrollable-item\">\n<ul class=\"wp-block-list\">\n<li><strong>Sisteron <strong><strong>\u2192<\/strong><\/strong> Valle del Bu\u00ebch<\/strong><\/li>\n\n\n\n<li><strong>Valle del Bu\u00ebch \u2192 D\u00e9voluy<\/strong><\/li>\n\n\n\n<li><strong>D\u00e9voluy \u2192 Champsaur \u2192 Gapen\u00e7ais<\/strong><\/li>\n\n\n\n<li><strong>Gapen\u00e7ais \u2192 Valle dell&#8217;Avance<\/strong><\/li>\n\n\n\n<li><strong>Valle dell&#8217;Avance \u2192 Queyras<\/strong><\/li>\n<\/ul>\n<\/div><\/div>\n\n\n\n<div class=\"section-wrapper\"><div class=\"wp-block-ws-library-scrollable-section-item ws-section-scrollable-item\">\n<div class=\"wp-block-ws-library-ws-image\"><div class=\"wrapper\"><div class=\"group-media\"><img decoding=\"async\" src=\"https:\/\/www.hautes-alpes.net\/wp-content\/uploads\/2025\/11\/7b3a9680-1240x800.jpg\" alt=\"\" class=\"single_image ws-image-48213\"><div class=\"credits\">P. Domeyne - AD05<\/div><\/div><p class=\"caption\">Lavanderia delle Hautes Baronnies<\/p><\/div><\/div>\n<\/div><\/div>\n\n\n\n<div class=\"section-wrapper\"><div class=\"wp-block-ws-library-scrollable-section-item ws-section-scrollable-item\">\n<div class=\"wp-block-ws-library-ws-image\"><div class=\"wrapper\"><div class=\"group-media\"><img decoding=\"async\" src=\"https:\/\/www.hautes-alpes.net\/wp-content\/uploads\/2025\/12\/belvedere-de-saint-apollinaire2-1240x800.jpg\" alt=\"\" class=\"single_image ws-image-95075\"><div class=\"credits\"><\/div><\/div><p class=\"caption\"><\/p><\/div><\/div>\n<\/div><\/div>\n\n\n\n<div class=\"section-wrapper\"><div class=\"wp-block-ws-library-scrollable-section-item ws-section-scrollable-item\">\n<div class=\"wp-block-ws-library-ws-image\"><div class=\"wrapper\"><div class=\"group-media\"><img decoding=\"async\" src=\"https:\/\/www.hautes-alpes.net\/wp-content\/uploads\/2025\/12\/traite-tarines-arvieux-patrick-domeyne-38-1-1240x800.jpg\" alt=\"\" class=\"single_image ws-image-97288\"><div class=\"credits\"><\/div><\/div><p class=\"caption\"><\/p><\/div><\/div>\n<\/div><\/div>\n<div class=\"field-link\"><a href=\"https:\/\/www.hautes-alpes.net\/echappees\/terroir-alpin\/\" class=\"cardlink\">Voir la page<\/a><\/div><\/div><\/div><\/div>\n\n<div class=\"wp-block-buttons is-content-justification-center is-layout-flex wp-container-core-buttons-is-layout-a89b3969 wp-block-buttons-is-layout-flex\">\n<div class=\"wp-block-button\"><a class=\"wp-block-button__link wp-element-button\" href=\"https:\/\/www.hautes-alpes.net\/it\/fughe\/\">Tutte le fughe<\/a><\/div>\n<\/div>\n\n<div style=\"height:50px\" aria-hidden=\"true\" class=\"wp-block-spacer\"><\/div>\n\n<h2 class=\"wp-block-heading alignwide is-style-title-1\"><strong>ICONICHE<\/strong><\/h2>\n\n<div class=\"wp-block-ws-library-scrollable-section ws-section-scrollable alignfull\"><div class=\"scrollable-item\"><div class=\"group-content\"><div class=\"wrapper\"><h3 class=\"field-title\"><strong>GIOCHI OLIMPICI 2030<\/strong><\/h3><div class=\"field-intro\"><p>Nelle Alpi francesi, le Alpi del Sud e del Nord si uniscono per creare un affresco originale per dare il benvenuto ai <strong>Giochi Olimpici e Paralimpici Invernali del 2030<\/strong>.<\/p><\/div><\/div><\/div><div class=\"group-innerblocks\"><div class=\"group-media\"><div class=\"field-image\"><img decoding=\"async\" src=\"https:\/\/www.hautes-alpes.net\/wp-content\/uploads\/2025\/11\/briancon-hd-alpesphotographiescom-1-1140x620.jpg\" alt=\"Una splendida luce su Brian\u00e7on sotto la neve\"\/><\/div><div class=\"credits\">Alpes Photographies<\/div><\/div>\n<div class=\"section-wrapper\"><div class=\"wp-block-ws-library-scrollable-section-item ws-section-scrollable-item\">\n<p>Al centro di questa alleanza, le <strong>Hautes-Alpes<\/strong> fanno da palcoscenico a pi\u00f9 di venti competizioni di sci e snowboard freestyle. La sede \u00e8 <strong><a href=\"https:\/\/www.hautes-alpes.net\/it\/destinazioni-hautes-alpes\/serre-chevalier\/\">Serre Chevalier<\/a><\/strong>il pi\u00f9 grande resort delle <strong>Alpi meridionali<\/strong>, e a <strong><a href=\"https:\/\/www.hautes-alpes.net\/it\/destinazioni-hautes-alpes\/monginevro\/\">Monginevro<\/a><\/strong>la decana delle localit\u00e0 francesi, che i rider prenderanno il volo, le loro traiettorie si intersecheranno sullo sfondo di cime maestose. <\/p>\n<\/div><\/div>\n\n\n\n<div class=\"section-wrapper\"><div class=\"wp-block-ws-library-scrollable-section-item ws-section-scrollable-item\">\n<p><strong><a href=\"https:\/\/www.hautes-alpes.net\/it\/destinazioni-hautes-alpes\/brianconnais\/\">Brian\u00e7on<\/a><\/strong>la cittadella di pietra, sar\u00e0 l&#8217;epicentro vibrante. Il suo <strong>Fort des T\u00eates<\/strong>, <strong>Patrimonio dell&#8217;Umanit\u00e0<\/strong><strong>dell&#8217;UNESCO<\/strong>, sar\u00e0 trasformato in un villaggio olimpico: un crocevia di culture, un centro logistico, una fucina di energia. <\/p>\n<\/div><\/div>\n\n\n\n<div class=\"section-wrapper\"><div class=\"wp-block-ws-library-scrollable-section-item ws-section-scrollable-item\">\n<div class=\"wp-block-ws-library-ws-image\"><div class=\"wrapper\"><div class=\"group-media\"><img decoding=\"async\" src=\"https:\/\/www.hautes-alpes.net\/wp-content\/uploads\/2025\/12\/gillesbaron1221-1816-1240x800.jpg\" alt=\"\" class=\"single_image ws-image-101365\"><div class=\"credits\">G. Barone<\/div><\/div><p class=\"caption\"><\/p><\/div><\/div>\n<\/div><\/div>\n\n\n\n<div class=\"section-wrapper\"><div class=\"wp-block-ws-library-scrollable-section-item ws-section-scrollable-item\">\n<p>Al di l\u00e0 della luce che i Giochi getteranno sul dipartimento, l&#8217;eredit\u00e0 \u00e8 immensa. Lasceranno alle <strong>Hautes-Alpes<\/strong> progressi concreti in termini di accesso facilitato e di ripensamento della mobilit\u00e0, in particolare quella ferroviaria. Le Olimpiadi non si limiteranno ad attraversare le montagne: vi metteranno radici, rendendo le <strong>Hautes-Alpes<\/strong> non solo un teatro, ma il centro del mondo.  <\/p>\n<\/div><\/div>\n\n\n\n<div class=\"section-wrapper\"><div class=\"wp-block-ws-library-scrollable-section-item ws-section-scrollable-item\">\n<div class=\"wp-block-ws-library-ws-image\"><div class=\"wrapper\"><div class=\"group-media\"><img decoding=\"async\" src=\"https:\/\/www.hautes-alpes.net\/wp-content\/uploads\/2025\/11\/arthur-bauchet-serre-chevalier-briancon-29-ot-serre-chevalier-vallee-briancon-3-427x640.jpg\" alt=\"\" class=\"single_image ws-image-78160\"><div class=\"credits\">Ufficio del Turismo di Serre Chevalier<\/div><\/div><p class=\"caption\"><\/p><\/div><\/div>\n<\/div><\/div>\n\n\n\n<div class=\"section-wrapper\"><div class=\"wp-block-ws-library-scrollable-section-item ws-section-scrollable-item\">\n<div class=\"wp-block-ws-library-ws-image\"><div class=\"wrapper\"><div class=\"group-media\"><img decoding=\"async\" src=\"https:\/\/www.hautes-alpes.net\/wp-content\/uploads\/2025\/11\/briancon-croix-de-toulouse-nuit-credit-zoom-1240x800.jpg\" alt=\"\" class=\"single_image ws-image-78162\"><div class=\"credits\">Zoom<\/div><\/div><p class=\"caption\"><\/p><\/div><\/div>\n<\/div><\/div>\n<div class=\"field-link\"><a href=\"https:\/\/www.hautes-alpes.net\/iconiques\/jeux-dhiver-2030\/\" class=\"cardlink\">Voir la page<\/a><\/div><\/div><\/div><\/div>\n\n<div class=\"wp-block-ws-library-scrollable-section ws-section-scrollable alignfull\"><div class=\"scrollable-item\"><div class=\"group-content\"><div class=\"wrapper\"><h3 class=\"field-title\">Sentinelle della natura<\/h3><div class=\"field-intro\"><p>Il Parco Nazionale <a href=\"https:\/\/www.hautes-alpes.net\/it\/destinazioni-hautes-alpes\/pays-des-ecrins\/\">degli \u00c9crins<\/a>, i Parchi Naturali Regionali <a href=\"https:\/\/www.hautes-alpes.net\/it\/destinazioni-hautes-alpes\/guillestrois-queyras\/\">del Queyras <\/a>e delle <a href=\"https:\/\/www.hautes-alpes.net\/it\/destinazioni-hautes-alpes\/buech\/\">Baronnies Proven\u00e7ales<\/a>, le riserve naturali e i santuari della biodiversit\u00e0, le <strong>Hautes-Alpes<\/strong> sono come sentinelle della natura in un&#8217;epoca di sconvolgimenti.<\/p><\/div><\/div><\/div><div class=\"group-innerblocks\"><div class=\"group-media\"><div class=\"field-image\"><img decoding=\"async\" src=\"https:\/\/www.hautes-alpes.net\/wp-content\/uploads\/2025\/11\/leo-gayola-parc-national-des-ecrins-1-1-1140x620.jpg\" alt=\"\"\/><\/div><div class=\"credits\">L. Gayola<\/div><\/div>\n<div class=\"section-wrapper\"><div class=\"wp-block-ws-library-scrollable-section-item ws-section-scrollable-item\">\n<h2 class=\"wp-block-heading\">Parchi <strong>come rifugi<\/strong><\/h2>\n\n\n\n<p>Il Parco Nazionale degli \u00c9crins (925 km\u00b2), il Parco Naturale Regionale del Queyras (650 km\u00b2) e il Parco Naturale Regionale delle Baronnies proven\u00e7ales (1.560 km\u00b2) formano una cintura protettiva attorno a paesaggi eccezionali.<\/p>\n<\/div><\/div>\n\n\n\n<div class=\"section-wrapper\"><div class=\"wp-block-ws-library-scrollable-section-item ws-section-scrollable-item\">\n<h2 class=\"wp-block-heading\">Il respiro degli <strong>animali selvatici<\/strong><\/h2>\n\n\n\n<p>Stambecchi, camosci, avvoltoi barbuti, galli forcelli e le trote degli \u00c9crins sono tutti testimoni di una fauna resistente ma fragile.<\/p>\n<\/div><\/div>\n\n\n\n<div class=\"section-wrapper\"><div class=\"wp-block-ws-library-scrollable-section-item ws-section-scrollable-item\">\n<div class=\"wp-block-group is-nowrap is-layout-flex wp-container-core-group-is-layout-6c531013 wp-block-group-is-layout-flex\">\n<div class=\"wp-block-ws-library-ws-image\"><div class=\"wrapper\"><div class=\"group-media\"><img decoding=\"async\" src=\"https:\/\/www.hautes-alpes.net\/wp-content\/uploads\/2025\/11\/16lgy11005-959x640.jpg\" alt=\"\" class=\"single_image ws-image-78275\"><div class=\"credits\">L. Gayola<\/div><\/div><p class=\"caption\"><\/p><\/div><\/div>\n<\/div>\n<\/div><\/div>\n\n\n\n<div class=\"section-wrapper\"><div class=\"wp-block-ws-library-scrollable-section-item ws-section-scrollable-item\">\n<h2 class=\"wp-block-heading\">La ricchezza<br\/>dei <strong>fiori di montagna<\/strong><\/h2>\n\n\n\n<p>La flora delle <strong>Hautes-Alpes<\/strong> \u00e8 un viaggio tra l&#8217;altitudine e il Mediterraneo.  <\/p>\n<\/div><\/div>\n\n\n\n<div class=\"section-wrapper\"><div class=\"wp-block-ws-library-scrollable-section-item ws-section-scrollable-item\">\n<div class=\"wp-block-ws-library-ws-image\"><div class=\"wrapper\"><div class=\"group-media\"><img decoding=\"async\" src=\"https:\/\/www.hautes-alpes.net\/wp-content\/uploads\/2026\/01\/20-ans-de-recherches-jardin-alpin-du-lautaret-2025-patrick-domeyne-427x640.jpg\" alt=\"\" class=\"single_image ws-image-193578\"><div class=\"credits\">P. Domeyne - AD05<\/div><\/div><p class=\"caption\"><\/p><\/div><\/div>\n<\/div><\/div>\n\n\n\n<div class=\"section-wrapper\"><div class=\"wp-block-ws-library-scrollable-section-item ws-section-scrollable-item\">\n<h2 class=\"wp-block-heading\">Acqua,<br\/><strong>un tesoro condiviso<\/strong><\/h2>\n\n\n\n<p>Nelle <strong>Hautes-Alpes<\/strong>, seguire il flusso dell&#8217;acqua significa comprendere l&#8217;intimo legame tra le persone e il loro ambiente.<\/p>\n<\/div><\/div>\n\n\n\n<div class=\"section-wrapper\"><div class=\"wp-block-ws-library-scrollable-section-item ws-section-scrollable-item\">\n<div class=\"wp-block-ws-library-ws-image\"><div class=\"wrapper\"><div class=\"group-media\"><img decoding=\"async\" src=\"https:\/\/www.hautes-alpes.net\/wp-content\/uploads\/2025\/11\/remi-morel-office-de-tourisme-serre-poncon-1-855x640.jpg\" alt=\"\" class=\"single_image ws-image-53434\"><div class=\"credits\">R. Morel<\/div><\/div><p class=\"caption\"><\/p><\/div><\/div>\n<\/div><\/div>\n<div class=\"field-link\"><a href=\"https:\/\/www.hautes-alpes.net\/iconiques\/sentinelles-de-nature\/\" class=\"cardlink\">Voir la page<\/a><\/div><\/div><\/div><\/div>\n\n<div class=\"wp-block-buttons is-content-justification-center is-layout-flex wp-container-core-buttons-is-layout-a89b3969 wp-block-buttons-is-layout-flex\">\n<div class=\"wp-block-button\"><a class=\"wp-block-button__link wp-element-button\" href=\"https:\/\/www.hautes-alpes.net\/it\/iconico\/\">Tutte le icone<\/a><\/div>\n<\/div>\n\n<div class=\"wp-block-ws-library-ws-share\"><span class=\"share-subtitle\">Ti \u00e8 piaciuta questa pagina?<\/span><span class=\"share-title\">Condividilo!<\/span><button class=\"ws-share-button wp-element-button\">Condividi questa pagina<\/button><\/div>\n","protected":false},"excerpt":{"rendered":"<p>NEL TESTATA I PREFERITI (FR)AGILES SCALE ICONICHE<\/p>\n","protected":false},"author":1,"featured_media":0,"parent":0,"menu_order":0,"comment_status":"closed","ping_status":"closed","template":"","meta":{"is_dark_mode":false,"footnotes":""},"page_label":[],"class_list":["post-104650","page","type-page","status-publish","hentry"],"yoast_head":"<!-- This site is optimized with the Yoast SEO plugin v27.2 - https:\/\/yoast.com\/product\/yoast-seo-wordpress\/ -->\n<title>Hautes-Alpes - Le pi\u00f9 incontaminate delle Alpi<\/title>\n<meta name=\"description\" content=\"Hautes-Alpes nell&#039;arco alpino i luoghi all&#039;aperto pi\u00f9 belli del mondo Il dipartimento biologico leader in Francia pionieri dell&#039;energia rinnovabile Sito\" \/>\n<meta name=\"robots\" content=\"index, follow, max-snippet:-1, max-image-preview:large, max-video-preview:-1\" \/>\n<link rel=\"canonical\" href=\"https:\/\/www.hautes-alpes.net\/it\/\" \/>\n<meta property=\"og:locale\" content=\"it_IT\" \/>\n<meta property=\"og:type\" content=\"article\" \/>\n<meta property=\"og:title\" content=\"Hautes-Alpes - Le pi\u00f9 incontaminate delle Alpi\" \/>\n<meta property=\"og:description\" content=\"Hautes-Alpes nell&#039;arco alpino i luoghi all&#039;aperto pi\u00f9 belli del mondo Il dipartimento biologico leader in Francia pionieri dell&#039;energia rinnovabile Sito\" \/>\n<meta property=\"og:url\" content=\"https:\/\/www.hautes-alpes.net\/it\/\" \/>\n<meta property=\"og:site_name\" content=\"Hautes-Alpes\" \/>\n<meta property=\"article:modified_time\" content=\"2026-04-22T16:01:29+00:00\" \/>\n<meta property=\"og:image\" content=\"https:\/\/www.hautes-alpes.net\/wp-content\/uploads\/2026\/04\/plateau-de-bure-gontran-isnard-gontranid-1-1140x620.jpg\" \/>\n<meta name=\"twitter:card\" content=\"summary_large_image\" \/>\n<meta name=\"twitter:label1\" content=\"Tempo di lettura stimato\" \/>\n\t<meta name=\"twitter:data1\" content=\"8 minuti\" \/>\n<script type=\"application\/ld+json\" class=\"yoast-schema-graph\">{\"@context\":\"https:\/\/schema.org\",\"@graph\":[{\"@type\":\"WebPage\",\"@id\":\"https:\/\/www.hautes-alpes.net\/it\/\",\"url\":\"https:\/\/www.hautes-alpes.net\/it\/\",\"name\":\"Hautes-Alpes - Le pi\u00f9 incontaminate delle Alpi\",\"isPartOf\":{\"@id\":\"https:\/\/www.hautes-alpes.net\/it\/#website\"},\"primaryImageOfPage\":{\"@id\":\"https:\/\/www.hautes-alpes.net\/it\/#primaryimage\"},\"image\":{\"@id\":\"https:\/\/www.hautes-alpes.net\/it\/#primaryimage\"},\"thumbnailUrl\":\"https:\/\/www.hautes-alpes.net\/wp-content\/uploads\/2026\/04\/plateau-de-bure-gontran-isnard-gontranid-1-1140x620.jpg\",\"datePublished\":\"2025-10-02T09:35:28+00:00\",\"dateModified\":\"2026-04-22T16:01:29+00:00\",\"description\":\"Hautes-Alpes nell'arco alpino i luoghi all'aperto pi\u00f9 belli del mondo Il dipartimento biologico leader in Francia pionieri dell'energia rinnovabile Sito\",\"breadcrumb\":{\"@id\":\"https:\/\/www.hautes-alpes.net\/it\/#breadcrumb\"},\"inLanguage\":\"it-IT\",\"potentialAction\":[{\"@type\":\"ReadAction\",\"target\":[\"https:\/\/www.hautes-alpes.net\/it\/\"]}]},{\"@type\":\"ImageObject\",\"inLanguage\":\"it-IT\",\"@id\":\"https:\/\/www.hautes-alpes.net\/it\/#primaryimage\",\"url\":\"https:\/\/www.hautes-alpes.net\/wp-content\/uploads\/2026\/04\/plateau-de-bure-gontran-isnard-gontranid-1-1140x620.jpg\",\"contentUrl\":\"https:\/\/www.hautes-alpes.net\/wp-content\/uploads\/2026\/04\/plateau-de-bure-gontran-isnard-gontranid-1-1140x620.jpg\"},{\"@type\":\"BreadcrumbList\",\"@id\":\"https:\/\/www.hautes-alpes.net\/it\/#breadcrumb\",\"itemListElement\":[{\"@type\":\"ListItem\",\"position\":1,\"name\":\"Accueil\",\"item\":\"https:\/\/www.hautes-alpes.net\/it\/hautes-alpes\/\"},{\"@type\":\"ListItem\",\"position\":2,\"name\":\"Hautes-Alpes\"}]},{\"@type\":\"WebSite\",\"@id\":\"https:\/\/www.hautes-alpes.net\/it\/#website\",\"url\":\"https:\/\/www.hautes-alpes.net\/it\/\",\"name\":\"ADDET\",\"description\":\"\",\"publisher\":{\"@id\":\"https:\/\/www.hautes-alpes.net\/it\/#organization\"},\"potentialAction\":[{\"@type\":\"SearchAction\",\"target\":{\"@type\":\"EntryPoint\",\"urlTemplate\":\"https:\/\/www.hautes-alpes.net\/it\/?s={search_term_string}\"},\"query-input\":{\"@type\":\"PropertyValueSpecification\",\"valueRequired\":true,\"valueName\":\"search_term_string\"}}],\"inLanguage\":\"it-IT\"},{\"@type\":\"Organization\",\"@id\":\"https:\/\/www.hautes-alpes.net\/it\/#organization\",\"name\":\"Agence D\u00e9partementale de D\u00e9veloppement Economique et Touristique des Hautes-Alpes\",\"url\":\"https:\/\/www.hautes-alpes.net\/it\/\",\"logo\":{\"@type\":\"ImageObject\",\"inLanguage\":\"it-IT\",\"@id\":\"https:\/\/www.hautes-alpes.net\/it\/#\/schema\/logo\/image\/\",\"url\":\"https:\/\/www.hautes-alpes.net\/wp-content\/uploads\/2026\/01\/black-logo-2.svg\",\"contentUrl\":\"https:\/\/www.hautes-alpes.net\/wp-content\/uploads\/2026\/01\/black-logo-2.svg\",\"caption\":\"Agence D\u00e9partementale de D\u00e9veloppement Economique et Touristique des Hautes-Alpes\"},\"image\":{\"@id\":\"https:\/\/www.hautes-alpes.net\/it\/#\/schema\/logo\/image\/\"}}]}<\/script>\n<!-- \/ Yoast SEO plugin. -->","yoast_head_json":{"title":"Hautes-Alpes - Le pi\u00f9 incontaminate delle Alpi","description":"Hautes-Alpes nell'arco alpino i luoghi all'aperto pi\u00f9 belli del mondo Il dipartimento biologico leader in Francia pionieri dell'energia rinnovabile Sito","robots":{"index":"index","follow":"follow","max-snippet":"max-snippet:-1","max-image-preview":"max-image-preview:large","max-video-preview":"max-video-preview:-1"},"canonical":"https:\/\/www.hautes-alpes.net\/it\/","og_locale":"it_IT","og_type":"article","og_title":"Hautes-Alpes - Le pi\u00f9 incontaminate delle Alpi","og_description":"Hautes-Alpes nell'arco alpino i luoghi all'aperto pi\u00f9 belli del mondo Il dipartimento biologico leader in Francia pionieri dell'energia rinnovabile Sito","og_url":"https:\/\/www.hautes-alpes.net\/it\/","og_site_name":"Hautes-Alpes","article_modified_time":"2026-04-22T16:01:29+00:00","og_image":[{"url":"https:\/\/www.hautes-alpes.net\/wp-content\/uploads\/2026\/04\/plateau-de-bure-gontran-isnard-gontranid-1-1140x620.jpg","type":"","width":"","height":""}],"twitter_card":"summary_large_image","twitter_misc":{"Tempo di lettura stimato":"8 minuti"},"schema":{"@context":"https:\/\/schema.org","@graph":[{"@type":"WebPage","@id":"https:\/\/www.hautes-alpes.net\/it\/","url":"https:\/\/www.hautes-alpes.net\/it\/","name":"Hautes-Alpes - Le pi\u00f9 incontaminate delle Alpi","isPartOf":{"@id":"https:\/\/www.hautes-alpes.net\/it\/#website"},"primaryImageOfPage":{"@id":"https:\/\/www.hautes-alpes.net\/it\/#primaryimage"},"image":{"@id":"https:\/\/www.hautes-alpes.net\/it\/#primaryimage"},"thumbnailUrl":"https:\/\/www.hautes-alpes.net\/wp-content\/uploads\/2026\/04\/plateau-de-bure-gontran-isnard-gontranid-1-1140x620.jpg","datePublished":"2025-10-02T09:35:28+00:00","dateModified":"2026-04-22T16:01:29+00:00","description":"Hautes-Alpes nell'arco alpino i luoghi all'aperto pi\u00f9 belli del mondo Il dipartimento biologico leader in Francia pionieri dell'energia rinnovabile Sito","breadcrumb":{"@id":"https:\/\/www.hautes-alpes.net\/it\/#breadcrumb"},"inLanguage":"it-IT","potentialAction":[{"@type":"ReadAction","target":["https:\/\/www.hautes-alpes.net\/it\/"]}]},{"@type":"ImageObject","inLanguage":"it-IT","@id":"https:\/\/www.hautes-alpes.net\/it\/#primaryimage","url":"https:\/\/www.hautes-alpes.net\/wp-content\/uploads\/2026\/04\/plateau-de-bure-gontran-isnard-gontranid-1-1140x620.jpg","contentUrl":"https:\/\/www.hautes-alpes.net\/wp-content\/uploads\/2026\/04\/plateau-de-bure-gontran-isnard-gontranid-1-1140x620.jpg"},{"@type":"BreadcrumbList","@id":"https:\/\/www.hautes-alpes.net\/it\/#breadcrumb","itemListElement":[{"@type":"ListItem","position":1,"name":"Accueil","item":"https:\/\/www.hautes-alpes.net\/it\/hautes-alpes\/"},{"@type":"ListItem","position":2,"name":"Hautes-Alpes"}]},{"@type":"WebSite","@id":"https:\/\/www.hautes-alpes.net\/it\/#website","url":"https:\/\/www.hautes-alpes.net\/it\/","name":"ADDET","description":"","publisher":{"@id":"https:\/\/www.hautes-alpes.net\/it\/#organization"},"potentialAction":[{"@type":"SearchAction","target":{"@type":"EntryPoint","urlTemplate":"https:\/\/www.hautes-alpes.net\/it\/?s={search_term_string}"},"query-input":{"@type":"PropertyValueSpecification","valueRequired":true,"valueName":"search_term_string"}}],"inLanguage":"it-IT"},{"@type":"Organization","@id":"https:\/\/www.hautes-alpes.net\/it\/#organization","name":"Agence D\u00e9partementale de D\u00e9veloppement Economique et Touristique des Hautes-Alpes","url":"https:\/\/www.hautes-alpes.net\/it\/","logo":{"@type":"ImageObject","inLanguage":"it-IT","@id":"https:\/\/www.hautes-alpes.net\/it\/#\/schema\/logo\/image\/","url":"https:\/\/www.hautes-alpes.net\/wp-content\/uploads\/2026\/01\/black-logo-2.svg","contentUrl":"https:\/\/www.hautes-alpes.net\/wp-content\/uploads\/2026\/01\/black-logo-2.svg","caption":"Agence D\u00e9partementale de D\u00e9veloppement Economique et Touristique des Hautes-Alpes"},"image":{"@id":"https:\/\/www.hautes-alpes.net\/it\/#\/schema\/logo\/image\/"}}]}},"_links":{"self":[{"href":"https:\/\/www.hautes-alpes.net\/it\/wp-json\/wp\/v2\/pages\/104650","targetHints":{"allow":["GET"]}}],"collection":[{"href":"https:\/\/www.hautes-alpes.net\/it\/wp-json\/wp\/v2\/pages"}],"about":[{"href":"https:\/\/www.hautes-alpes.net\/it\/wp-json\/wp\/v2\/types\/page"}],"author":[{"embeddable":true,"href":"https:\/\/www.hautes-alpes.net\/it\/wp-json\/wp\/v2\/users\/1"}],"replies":[{"embeddable":true,"href":"https:\/\/www.hautes-alpes.net\/it\/wp-json\/wp\/v2\/comments?post=104650"}],"version-history":[{"count":10,"href":"https:\/\/www.hautes-alpes.net\/it\/wp-json\/wp\/v2\/pages\/104650\/revisions"}],"predecessor-version":[{"id":491101,"href":"https:\/\/www.hautes-alpes.net\/it\/wp-json\/wp\/v2\/pages\/104650\/revisions\/491101"}],"wp:attachment":[{"href":"https:\/\/www.hautes-alpes.net\/it\/wp-json\/wp\/v2\/media?parent=104650"}],"wp:term":[{"taxonomy":"page_label","embeddable":true,"href":"https:\/\/www.hautes-alpes.net\/it\/wp-json\/wp\/v2\/page_label?post=104650"}],"curies":[{"name":"wp","href":"https:\/\/api.w.org\/{rel}","templated":true}]}}