{"id":563441,"date":"2025-12-05T08:38:51","date_gmt":"2025-12-05T07:38:51","guid":{"rendered":"https:\/\/www.hautes-alpes.net\/organizarse\/residencias\/"},"modified":"2026-06-02T10:51:05","modified_gmt":"2026-06-02T08:51:05","slug":"residencias","status":"publish","type":"page","link":"https:\/\/www.hautes-alpes.net\/es\/organizarse\/residencias\/","title":{"rendered":"Residencias"},"content":{"rendered":"\n<div class=\"wp-block-group alignfull hero-banner-simple has-global-padding is-layout-constrained wp-block-group-is-layout-constrained\"><div class=\"yoast-breadcrumbs\"><span><span><a href=\"https:\/\/www.hautes-alpes.net\/es\/altos-alpes\/\">Accueil<\/a><\/span>  <span><a href=\"https:\/\/www.hautes-alpes.net\/es\/organizarse\/\">Organizarse<\/a><\/span>  <span><a href=\"https:\/\/www.hautes-alpes.net\/es\/sorganiser\/\">Organizarse<\/a><\/span>  <span class=\"breadcrumb_last\" aria-current=\"page\">Residencias<\/span><\/span><\/div>\n\n\n<h1 class=\"wp-block-ws-library-post-title\">Residencias<\/h1>\n\n\n\n<p class=\"subtitle wp-block-paragraph\">Practicidad y comodidad<\/p>\n\n\n\n<p class=\"wp-block-paragraph\"><\/p>\n<\/div>\n\n<div class=\"wp-block-ws-library-ws-banner alignfull\"><div class=\"wrapper\"><div class=\"group-media\"><img decoding=\"async\" width=\"1600\" height=\"480\" src=\"https:\/\/www.hautes-alpes.net\/wp-content\/uploads\/2025\/12\/bois-mean-les-orres-bbodin-1-1600x480.jpg\" alt=\"\" class=\"single_image wp-image-101372\"><div class=\"credits\">B. Bodin<\/div><\/div>\n<div class=\"group-content\"><p class=\"wp-block-paragraph\">Las residencias de vacaciones son ideales para combinar la independencia con los servicios de un hotel. Disfruta de un alojamiento totalmente equipado, a menudo situado a pie de pista o cerca de los servicios. <\/p><\/div>\n<\/div><\/div>\n<div id=\"listing_4d285\" data-observer-wishlist class=\"ws-listing wp-block-ws-apidae-library-listing-avance alignwide\" data-map-id=\"map_4d285\" data-locations-id=\"locations-data_4d285\"><div class=\"panel-fixe panel-facets\"><div class=\"panel-overlay toggle-facets\"><\/div><div class=\"panel-inner\"><div class=\"panel-header\"><div class=\"panel-title\">Filtros<\/div><a href=\"#\" class=\"panel-close toggle-facets\">Cerrar<\/a><\/div><div class=\"panel-content\"><div class=\"group-summary\"><div class=\"facetwp-selections\"><\/div><a href=\"#\" class=\"link-reset\">Eliminar<\/a><\/div><div class=\"facetwp-facet facetwp-facet-classement facetwp-type-rating\" data-name=\"classement\" data-type=\"rating\"><\/div><div class=\"facetwp-facet facetwp-facet-territoires facetwp-type-fselect\" data-name=\"territoires\" data-type=\"fselect\"><\/div><div class=\"facetwp-facet facetwp-facet-station facetwp-type-fselect\" data-name=\"station\" data-type=\"fselect\"><\/div><div class=\"facetwp-facet facetwp-facet-commune facetwp-type-fselect\" data-name=\"commune\" data-type=\"fselect\"><\/div><\/div><div class=\"panel-footer\"><div class=\"facet-buttons\"><button type=\"submit\" class=\"btn btn-1 toggle-facets facetwp-count-btn\">Ver todo <span class=\"results-count\"><\/span> resultados<\/button><\/div><\/div><\/div><\/div><div class=\"listing-header\"><div class=\"toggle-container\"><button class=\"btn toggle-btn toggle-facets\" data-target=\"facets\">Filtros<\/button><\/div><\/div><div class=\"facetwp-template\"><div class=\"list-container active\"><div class=\"list-items\"><div class=\"item\" ><div class=\"card card-apidae card-avance post-type-apidae\"><div class=\"group-top\"><\/div><div class=\"group-media\"><div class=\"field-image\"><img decoding=\"async\" src=\"https:\/\/images.weserv.nl\/?url=https:\/\/static.apidae-tourisme.com\/filestore\/objets-touristiques\/images\/101\/59\/1129317-diaporama.jpg&#038;w=550&#038;h=350&#038;fit=cover&#038;output=webp&#038;q=45\" alt=\"VVF Villages\"\/><\/div><\/div><div class=\"group-content\"><div class=\"field-commune\">Chorges<\/div><div class=\"field-title\">VVF Villages<\/div><\/div><div class=\"field-link\"><a href=\"https:\/\/www.hautes-alpes.net\/es\/fiche\/vvf-villages-4\/\" class=\"cardlink\">VVF Villages<\/a><\/div><\/div><\/div><div class=\"item\" ><div class=\"card card-apidae card-avance post-type-apidae\"><div class=\"group-top\"><\/div><div class=\"group-media\"><div class=\"field-image\"><img decoding=\"async\" src=\"https:\/\/images.weserv.nl\/?url=https:\/\/static.apidae-tourisme.com\/filestore\/objets-touristiques\/images\/105\/72\/17451113-diaporama.png&#038;w=550&#038;h=350&#038;fit=cover&#038;output=webp&#038;q=45\" alt=\"Le Hameau du Puy\"\/><\/div><\/div><div class=\"group-content\"><div class=\"field-commune\">Superd\u00e9voluy<\/div><div class=\"field-title\">Le Hameau du Puy<\/div><\/div><div class=\"field-link\"><a href=\"https:\/\/www.hautes-alpes.net\/es\/fiche\/le-hameau-du-puy-4\/\" class=\"cardlink\">Le Hameau du Puy<\/a><\/div><\/div><\/div><div class=\"item\" ><div class=\"card card-apidae card-avance post-type-apidae\"><div class=\"group-top\"><\/div><div class=\"group-media\"><div class=\"field-image\"><img decoding=\"async\" src=\"https:\/\/images.weserv.nl\/?url=https:\/\/static.apidae-tourisme.com\/filestore\/objets-touristiques\/images\/166\/203\/8375206-diaporama.jpg&#038;w=550&#038;h=350&#038;fit=cover&#038;output=webp&#038;q=45\" alt=\"La Pousterle\"\/><\/div><\/div><div class=\"group-content\"><div class=\"field-commune\">Saint-Jean-Saint-Nicolas<\/div><div class=\"field-title\">La Pousterle<\/div><\/div><div class=\"field-link\"><a href=\"https:\/\/www.hautes-alpes.net\/es\/fiche\/la-pousterle-4\/\" class=\"cardlink\">La Pousterle<\/a><\/div><\/div><\/div><div class=\"item\" ><div class=\"card card-apidae card-avance post-type-apidae\"><div class=\"group-top\"><\/div><div class=\"group-media\"><div class=\"field-image\"><img decoding=\"async\" src=\"https:\/\/images.weserv.nl\/?url=https:\/\/static.apidae-tourisme.com\/filestore\/objets-touristiques\/images\/148\/242\/14021268-diaporama.png&#038;w=550&#038;h=350&#038;fit=cover&#038;output=webp&#038;q=45\" alt=\"Centre Sportif d&#8217;altitude\"\/><\/div><\/div><div class=\"group-content\"><div class=\"field-commune\">Brian\u00e7on<\/div><div class=\"field-title\">Centre Sportif d&#8217;altitude<\/div><\/div><div class=\"field-link\"><a href=\"https:\/\/www.hautes-alpes.net\/es\/fiche\/centre-sportif-daltitude-3\/\" class=\"cardlink\">Centre Sportif d&#8217;altitude<\/a><\/div><\/div><\/div><div class=\"item\" ><div class=\"card card-apidae card-avance post-type-apidae\"><div class=\"group-top\"><\/div><div class=\"group-media\"><div class=\"field-image\"><img decoding=\"async\" src=\"https:\/\/images.weserv.nl\/?url=https:\/\/static.apidae-tourisme.com\/filestore\/objets-touristiques\/images\/211\/24\/923859-diaporama.jpg&#038;w=550&#038;h=350&#038;fit=cover&#038;output=webp&#038;q=45\" alt=\"R\u00e9sidence de Tourisme Le Hameau des \u00c9crins\"\/><\/div><\/div><div class=\"group-content\"><div class=\"field-commune\">Puy-Saint-Vincent<\/div><div class=\"field-title\">R\u00e9sidence de Tourisme Le Hameau des \u00c9crins<\/div><\/div><div class=\"field-link\"><a href=\"https:\/\/www.hautes-alpes.net\/es\/fiche\/residence-de-tourisme-le-hameau-des-ecrins-4\/\" class=\"cardlink\">R\u00e9sidence de Tourisme Le Hameau des \u00c9crins<\/a><\/div><\/div><\/div><div class=\"item\" ><div class=\"card card-apidae card-avance post-type-apidae\"><div class=\"group-top\"><\/div><div class=\"group-media\"><div class=\"field-image\"><img decoding=\"async\" src=\"https:\/\/images.weserv.nl\/?url=https:\/\/static.apidae-tourisme.com\/filestore\/objets-touristiques\/images\/97\/142\/21794401-diaporama.jpg&#038;w=550&#038;h=350&#038;fit=cover&#038;output=webp&#038;q=45\" alt=\"Vacanc\u00e9ole\"\/><\/div><\/div><div class=\"group-content\"><div class=\"field-commune\">Risoul<\/div><div class=\"field-title\">Vacanc\u00e9ole<\/div><\/div><div class=\"field-link\"><a href=\"https:\/\/www.hautes-alpes.net\/es\/fiche\/vacanceole-4\/\" class=\"cardlink\">Vacanc\u00e9ole<\/a><\/div><\/div><\/div><div class=\"item\" ><div class=\"card card-apidae card-avance post-type-apidae\"><div class=\"group-top\"><\/div><div class=\"group-media\"><div class=\"field-image\"><img decoding=\"async\" src=\"https:\/\/images.weserv.nl\/?url=https:\/\/static.apidae-tourisme.com\/filestore\/objets-touristiques\/images\/103\/189\/6733159-diaporama.jpg&#038;w=550&#038;h=350&#038;fit=cover&#038;output=webp&#038;q=45\" alt=\"L&#8217;Aiguille\"\/><\/div><\/div><div class=\"group-content\"><div class=\"field-commune\">Orci\u00e8res<\/div><div class=\"field-title\">L&#8217;Aiguille<\/div><div class=\"field-description\">Centro de vacaciones de 17 habitaciones con ba\u00f1o privado, situado en el pueblo de Orci\u00e8res. Se puede llegar a la estaci\u00f3n en autob\u00fas; hay&#8230;<\/div><\/div><div class=\"field-link\"><a href=\"https:\/\/www.hautes-alpes.net\/es\/fiche\/laiguille-4\/\" class=\"cardlink\">L&#8217;Aiguille<\/a><\/div><\/div><\/div><div class=\"item\" ><div class=\"card card-apidae card-avance post-type-apidae\"><div class=\"group-top\"><\/div><div class=\"group-media\"><div class=\"field-image\"><img decoding=\"async\" src=\"https:\/\/images.weserv.nl\/?url=https:\/\/static.apidae-tourisme.com\/filestore\/objets-touristiques\/images\/221\/217\/7133661-diaporama.jpg&#038;w=550&#038;h=350&#038;fit=cover&#038;output=webp&#038;q=45\" alt=\"La Sainte Famille\"\/><\/div><\/div><div class=\"group-content\"><div class=\"field-commune\">Le Glaizil<\/div><div class=\"field-title\">La Sainte Famille<\/div><\/div><div class=\"field-link\"><a href=\"https:\/\/www.hautes-alpes.net\/es\/fiche\/la-sainte-famille-4\/\" class=\"cardlink\">La Sainte Famille<\/a><\/div><\/div><\/div><div class=\"item\" ><div class=\"card card-apidae card-avance post-type-apidae\"><div class=\"group-top\"><\/div><div class=\"group-media\"><div class=\"field-image\"><img decoding=\"async\" src=\"https:\/\/images.weserv.nl\/?url=https:\/\/static.apidae-tourisme.com\/filestore\/objets-touristiques\/images\/93\/42\/28912221-diaporama.jpg&#038;w=550&#038;h=350&#038;fit=cover&#038;output=webp&#038;q=45\" alt=\"Club *** Vacances Bleues les Horizons du lac\"\/><\/div><\/div><div class=\"group-content\"><div class=\"field-commune\">Chorges<\/div><div class=\"field-title\">Club *** Vacances Bleues les Horizons du lac<\/div><\/div><div class=\"field-link\"><a href=\"https:\/\/www.hautes-alpes.net\/es\/fiche\/club-vacances-bleues-les-horizons-du-lac-4\/\" class=\"cardlink\">Club *** Vacances Bleues les Horizons du lac<\/a><\/div><\/div><\/div><div class=\"item\" ><div class=\"card card-apidae card-avance post-type-apidae\"><div class=\"group-top\"><\/div><div class=\"group-media\"><div class=\"field-image\"><img decoding=\"async\" src=\"https:\/\/images.weserv.nl\/?url=https:\/\/static.apidae-tourisme.com\/filestore\/objets-touristiques\/images\/222\/203\/8375262-diaporama.jpg&#038;w=550&#038;h=350&#038;fit=cover&#038;output=webp&#038;q=45\" alt=\"Le Bonhomme de neige\"\/><\/div><\/div><div class=\"group-content\"><div class=\"field-commune\">Saint-Jean-Saint-Nicolas<\/div><div class=\"field-title\">Le Bonhomme de neige<\/div><\/div><div class=\"field-link\"><a href=\"https:\/\/www.hautes-alpes.net\/es\/fiche\/le-bonhomme-de-neige-4\/\" class=\"cardlink\">Le Bonhomme de neige<\/a><\/div><\/div><\/div><div class=\"item\" ><div class=\"card card-apidae card-avance post-type-apidae\"><div class=\"group-top\"><\/div><div class=\"group-media\"><div class=\"field-image\"><img decoding=\"async\" src=\"https:\/\/images.weserv.nl\/?url=https:\/\/static.apidae-tourisme.com\/filestore\/objets-touristiques\/images\/223\/237\/31256031-diaporama.jpg&#038;w=550&#038;h=350&#038;fit=cover&#038;output=webp&#038;q=45\" alt=\"Le Fontenil \u2013 s\u00e9jour scolaire\"\/><\/div><\/div><div class=\"group-content\"><div class=\"field-commune\">Abri\u00e8s-Ristolas<\/div><div class=\"field-title\">Le Fontenil \u2013 s\u00e9jour scolaire<\/div><\/div><div class=\"field-link\"><a href=\"https:\/\/www.hautes-alpes.net\/es\/fiche\/le-fontenil-sejour-scolaire-4\/\" class=\"cardlink\">Le Fontenil \u2013 s\u00e9jour scolaire<\/a><\/div><\/div><\/div><div class=\"item\" ><div class=\"card card-apidae card-avance post-type-apidae\"><div class=\"group-top\"><\/div><div class=\"group-media\"><div class=\"field-image\"><img decoding=\"async\" src=\"https:\/\/images.weserv.nl\/?url=https:\/\/static.apidae-tourisme.com\/filestore\/objets-touristiques\/images\/139\/145\/11112843-diaporama.jpg&#038;w=550&#038;h=350&#038;fit=cover&#038;output=webp&#038;q=45\" alt=\"Maison Alliey **** &amp; Spa Appart-H\u00f4tel\"\/><\/div><\/div><div class=\"group-content\"><div class=\"field-commune\">Le Mon\u00eatier-les-Bains<\/div><div class=\"field-title\">Maison Alliey **** &amp; Spa Appart-H\u00f4tel<\/div><\/div><div class=\"field-link\"><a href=\"https:\/\/www.hautes-alpes.net\/es\/fiche\/maison-alliey-spa-appart-hotel-4\/\" class=\"cardlink\">Maison Alliey **** &amp; Spa Appart-H\u00f4tel<\/a><\/div><\/div><\/div><div class=\"item\" ><div class=\"card card-apidae card-avance post-type-apidae\"><div class=\"group-top\"><\/div><div class=\"group-media\"><div class=\"field-image\"><img decoding=\"async\" src=\"https:\/\/images.weserv.nl\/?url=https:\/\/static.apidae-tourisme.com\/filestore\/objets-touristiques\/images\/219\/140\/8817883-diaporama.jpg&#038;w=550&#038;h=350&#038;fit=cover&#038;output=webp&#038;q=45\" alt=\"Chalets et r\u00e9sidence Margot\"\/><\/div><\/div><div class=\"group-content\"><div class=\"field-commune\">Superd\u00e9voluy<\/div><div class=\"field-title\">Chalets et r\u00e9sidence Margot<\/div><\/div><div class=\"field-link\"><a href=\"https:\/\/www.hautes-alpes.net\/es\/fiche\/chalets-et-residence-margot-4\/\" class=\"cardlink\">Chalets et r\u00e9sidence Margot<\/a><\/div><\/div><\/div><div class=\"item\" ><div class=\"card card-apidae card-avance post-type-apidae\"><div class=\"group-top\"><\/div><div class=\"group-media\"><div class=\"field-image\"><img decoding=\"async\" src=\"https:\/\/images.weserv.nl\/?url=https:\/\/static.apidae-tourisme.com\/filestore\/objets-touristiques\/images\/229\/70\/37177061-diaporama.jpg&#038;w=550&#038;h=350&#038;fit=cover&#038;output=webp&#038;q=45\" alt=\"Nemea l&#8217;Aigle Bleu\"\/><\/div><\/div><div class=\"group-content\"><div class=\"field-commune\">Brian\u00e7on<\/div><div class=\"field-title\">Nemea l&#8217;Aigle Bleu<\/div><\/div><div class=\"field-link\"><a href=\"https:\/\/www.hautes-alpes.net\/es\/fiche\/nemea-laigle-bleu-3\/\" class=\"cardlink\">Nemea l&#8217;Aigle Bleu<\/a><\/div><\/div><\/div><div class=\"item\" ><div class=\"card card-apidae card-avance post-type-apidae\"><div class=\"group-top\"><\/div><div class=\"group-media\"><div class=\"field-image\"><img decoding=\"async\" src=\"https:\/\/images.weserv.nl\/?url=https:\/\/static.apidae-tourisme.com\/filestore\/objets-touristiques\/images\/139\/131\/9536395-diaporama.jpg&#038;w=550&#038;h=350&#038;fit=cover&#038;output=webp&#038;q=45\" alt=\"Sowell H\u00f4tels Le Parc &amp; Spa\"\/><\/div><\/div><div class=\"group-content\"><div class=\"field-commune\">Brian\u00e7on<\/div><div class=\"field-title\">Sowell H\u00f4tels Le Parc &amp; Spa<\/div><\/div><div class=\"field-link\"><a href=\"https:\/\/www.hautes-alpes.net\/es\/fiche\/sowell-hotels-le-parc-spa-4\/\" class=\"cardlink\">Sowell H\u00f4tels Le Parc &amp; Spa<\/a><\/div><\/div><\/div><div id=\"locations-data_4d285\" style=\"display: none;\">{&quot;locations&quot;:[{&quot;lat&quot;:&quot;44.525587&quot;,&quot;lng&quot;:&quot;6.32151&quot;,&quot;title&quot;:&quot;VVF Villages&quot;,&quot;permalink&quot;:&quot;https:\\\/\\\/www.hautes-alpes.net\\\/es\\\/fiche\\\/vvf-villages-4\\\/&quot;,&quot;type&quot;:&quot;hebergement_collectif&quot;,&quot;commune&quot;:&quot;Chorges&quot;,&quot;type_commerce&quot;:&quot;&quot;,&quot;image&quot;:&quot;https:\\\/\\\/static.apidae-tourisme.com\\\/filestore\\\/objets-touristiques\\\/images\\\/101\\\/59\\\/1129317-diaporama.jpg&quot;,&quot;image_width&quot;:&quot;550&quot;,&quot;image_height&quot;:&quot;350&quot;,&quot;image_fit&quot;:&quot;cover&quot;},{&quot;lat&quot;:&quot;44.679708&quot;,&quot;lng&quot;:&quot;5.928487&quot;,&quot;title&quot;:&quot;Le Hameau du Puy&quot;,&quot;permalink&quot;:&quot;https:\\\/\\\/www.hautes-alpes.net\\\/es\\\/fiche\\\/le-hameau-du-puy-4\\\/&quot;,&quot;type&quot;:&quot;hebergement_collectif&quot;,&quot;commune&quot;:&quot;Superd\\u00e9voluy&quot;,&quot;type_commerce&quot;:&quot;&quot;,&quot;image&quot;:&quot;https:\\\/\\\/static.apidae-tourisme.com\\\/filestore\\\/objets-touristiques\\\/images\\\/105\\\/72\\\/17451113-diaporama.png&quot;,&quot;image_width&quot;:&quot;550&quot;,&quot;image_height&quot;:&quot;350&quot;,&quot;image_fit&quot;:&quot;cover&quot;},{&quot;lat&quot;:&quot;44.671391&quot;,&quot;lng&quot;:&quot;6.240775&quot;,&quot;title&quot;:&quot;La Pousterle&quot;,&quot;permalink&quot;:&quot;https:\\\/\\\/www.hautes-alpes.net\\\/es\\\/fiche\\\/la-pousterle-4\\\/&quot;,&quot;type&quot;:&quot;hebergement_collectif&quot;,&quot;commune&quot;:&quot;Saint-Jean-Saint-Nicolas&quot;,&quot;type_commerce&quot;:&quot;&quot;,&quot;image&quot;:&quot;https:\\\/\\\/static.apidae-tourisme.com\\\/filestore\\\/objets-touristiques\\\/images\\\/166\\\/203\\\/8375206-diaporama.jpg&quot;,&quot;image_width&quot;:&quot;550&quot;,&quot;image_height&quot;:&quot;350&quot;,&quot;image_fit&quot;:&quot;cover&quot;},{&quot;lat&quot;:&quot;44.887575&quot;,&quot;lng&quot;:&quot;6.62746&quot;,&quot;title&quot;:&quot;Centre Sportif d&#8217;altitude&quot;,&quot;permalink&quot;:&quot;https:\\\/\\\/www.hautes-alpes.net\\\/es\\\/fiche\\\/centre-sportif-daltitude-3\\\/&quot;,&quot;type&quot;:&quot;hebergement_collectif&quot;,&quot;commune&quot;:&quot;Brian\\u00e7on&quot;,&quot;type_commerce&quot;:&quot;&quot;,&quot;image&quot;:&quot;https:\\\/\\\/static.apidae-tourisme.com\\\/filestore\\\/objets-touristiques\\\/images\\\/148\\\/242\\\/14021268-diaporama.png&quot;,&quot;image_width&quot;:&quot;550&quot;,&quot;image_height&quot;:&quot;350&quot;,&quot;image_fit&quot;:&quot;cover&quot;},{&quot;lat&quot;:&quot;44.818146&quot;,&quot;lng&quot;:&quot;6.482172&quot;,&quot;title&quot;:&quot;R\\u00e9sidence de Tourisme Le Hameau des \\u00c9crins&quot;,&quot;permalink&quot;:&quot;https:\\\/\\\/www.hautes-alpes.net\\\/es\\\/fiche\\\/residence-de-tourisme-le-hameau-des-ecrins-4\\\/&quot;,&quot;type&quot;:&quot;hebergement_collectif&quot;,&quot;commune&quot;:&quot;Puy-Saint-Vincent&quot;,&quot;type_commerce&quot;:&quot;&quot;,&quot;image&quot;:&quot;https:\\\/\\\/static.apidae-tourisme.com\\\/filestore\\\/objets-touristiques\\\/images\\\/211\\\/24\\\/923859-diaporama.jpg&quot;,&quot;image_width&quot;:&quot;550&quot;,&quot;image_height&quot;:&quot;350&quot;,&quot;image_fit&quot;:&quot;cover&quot;},{&quot;lat&quot;:&quot;44.621826&quot;,&quot;lng&quot;:&quot;6.630386&quot;,&quot;title&quot;:&quot;Vacanc\\u00e9ole&quot;,&quot;permalink&quot;:&quot;https:\\\/\\\/www.hautes-alpes.net\\\/es\\\/fiche\\\/vacanceole-4\\\/&quot;,&quot;type&quot;:&quot;hebergement_collectif&quot;,&quot;commune&quot;:&quot;Risoul&quot;,&quot;type_commerce&quot;:&quot;&quot;,&quot;image&quot;:&quot;https:\\\/\\\/static.apidae-tourisme.com\\\/filestore\\\/objets-touristiques\\\/images\\\/97\\\/142\\\/21794401-diaporama.jpg&quot;,&quot;image_width&quot;:&quot;550&quot;,&quot;image_height&quot;:&quot;350&quot;,&quot;image_fit&quot;:&quot;cover&quot;},{&quot;lat&quot;:&quot;44.685124&quot;,&quot;lng&quot;:&quot;6.324839&quot;,&quot;title&quot;:&quot;L&#8217;Aiguille&quot;,&quot;permalink&quot;:&quot;https:\\\/\\\/www.hautes-alpes.net\\\/es\\\/fiche\\\/laiguille-4\\\/&quot;,&quot;type&quot;:&quot;hebergement_collectif&quot;,&quot;commune&quot;:&quot;Orci\\u00e8res&quot;,&quot;type_commerce&quot;:&quot;&quot;,&quot;image&quot;:&quot;https:\\\/\\\/static.apidae-tourisme.com\\\/filestore\\\/objets-touristiques\\\/images\\\/103\\\/189\\\/6733159-diaporama.jpg&quot;,&quot;image_width&quot;:&quot;550&quot;,&quot;image_height&quot;:&quot;350&quot;,&quot;image_fit&quot;:&quot;cover&quot;},{&quot;lat&quot;:&quot;44.751273&quot;,&quot;lng&quot;:&quot;5.986912&quot;,&quot;title&quot;:&quot;La Sainte Famille&quot;,&quot;permalink&quot;:&quot;https:\\\/\\\/www.hautes-alpes.net\\\/es\\\/fiche\\\/la-sainte-famille-4\\\/&quot;,&quot;type&quot;:&quot;hebergement_collectif&quot;,&quot;commune&quot;:&quot;Le Glaizil&quot;,&quot;type_commerce&quot;:&quot;&quot;,&quot;image&quot;:&quot;https:\\\/\\\/static.apidae-tourisme.com\\\/filestore\\\/objets-touristiques\\\/images\\\/221\\\/217\\\/7133661-diaporama.jpg&quot;,&quot;image_width&quot;:&quot;550&quot;,&quot;image_height&quot;:&quot;350&quot;,&quot;image_fit&quot;:&quot;cover&quot;},{&quot;lat&quot;:&quot;44.527607&quot;,&quot;lng&quot;:&quot;6.287929&quot;,&quot;title&quot;:&quot;Club *** Vacances Bleues les Horizons du lac&quot;,&quot;permalink&quot;:&quot;https:\\\/\\\/www.hautes-alpes.net\\\/es\\\/fiche\\\/club-vacances-bleues-les-horizons-du-lac-4\\\/&quot;,&quot;type&quot;:&quot;hebergement_collectif&quot;,&quot;commune&quot;:&quot;Chorges&quot;,&quot;type_commerce&quot;:&quot;&quot;,&quot;image&quot;:&quot;https:\\\/\\\/static.apidae-tourisme.com\\\/filestore\\\/objets-touristiques\\\/images\\\/93\\\/42\\\/28912221-diaporama.jpg&quot;,&quot;image_width&quot;:&quot;550&quot;,&quot;image_height&quot;:&quot;350&quot;,&quot;image_fit&quot;:&quot;cover&quot;},{&quot;lat&quot;:&quot;44.667371&quot;,&quot;lng&quot;:&quot;6.209679&quot;,&quot;title&quot;:&quot;Le Bonhomme de neige&quot;,&quot;permalink&quot;:&quot;https:\\\/\\\/www.hautes-alpes.net\\\/es\\\/fiche\\\/le-bonhomme-de-neige-4\\\/&quot;,&quot;type&quot;:&quot;hebergement_collectif&quot;,&quot;commune&quot;:&quot;Saint-Jean-Saint-Nicolas&quot;,&quot;type_commerce&quot;:&quot;&quot;,&quot;image&quot;:&quot;https:\\\/\\\/static.apidae-tourisme.com\\\/filestore\\\/objets-touristiques\\\/images\\\/222\\\/203\\\/8375262-diaporama.jpg&quot;,&quot;image_width&quot;:&quot;550&quot;,&quot;image_height&quot;:&quot;350&quot;,&quot;image_fit&quot;:&quot;cover&quot;},{&quot;lat&quot;:&quot;44.773325&quot;,&quot;lng&quot;:&quot;6.958318&quot;,&quot;title&quot;:&quot;Le Fontenil \\u2013 s\\u00e9jour scolaire&quot;,&quot;permalink&quot;:&quot;https:\\\/\\\/www.hautes-alpes.net\\\/es\\\/fiche\\\/le-fontenil-sejour-scolaire-4\\\/&quot;,&quot;type&quot;:&quot;hebergement_collectif&quot;,&quot;commune&quot;:&quot;Abri\\u00e8s-Ristolas&quot;,&quot;type_commerce&quot;:&quot;&quot;,&quot;image&quot;:&quot;https:\\\/\\\/static.apidae-tourisme.com\\\/filestore\\\/objets-touristiques\\\/images\\\/223\\\/237\\\/31256031-diaporama.jpg&quot;,&quot;image_width&quot;:&quot;550&quot;,&quot;image_height&quot;:&quot;350&quot;,&quot;image_fit&quot;:&quot;cover&quot;},{&quot;lat&quot;:&quot;44.975632&quot;,&quot;lng&quot;:&quot;6.507605&quot;,&quot;title&quot;:&quot;Maison Alliey **** &amp; Spa Appart-H\\u00f4tel&quot;,&quot;permalink&quot;:&quot;https:\\\/\\\/www.hautes-alpes.net\\\/es\\\/fiche\\\/maison-alliey-spa-appart-hotel-4\\\/&quot;,&quot;type&quot;:&quot;hebergement_collectif&quot;,&quot;commune&quot;:&quot;Le Mon\\u00eatier-les-Bains&quot;,&quot;type_commerce&quot;:&quot;&quot;,&quot;image&quot;:&quot;https:\\\/\\\/static.apidae-tourisme.com\\\/filestore\\\/objets-touristiques\\\/images\\\/139\\\/145\\\/11112843-diaporama.jpg&quot;,&quot;image_width&quot;:&quot;550&quot;,&quot;image_height&quot;:&quot;350&quot;,&quot;image_fit&quot;:&quot;cover&quot;},{&quot;lat&quot;:&quot;44.674612&quot;,&quot;lng&quot;:&quot;5.932145&quot;,&quot;title&quot;:&quot;Chalets et r\\u00e9sidence Margot&quot;,&quot;permalink&quot;:&quot;https:\\\/\\\/www.hautes-alpes.net\\\/es\\\/fiche\\\/chalets-et-residence-margot-4\\\/&quot;,&quot;type&quot;:&quot;hebergement_collectif&quot;,&quot;commune&quot;:&quot;Superd\\u00e9voluy&quot;,&quot;type_commerce&quot;:&quot;&quot;,&quot;image&quot;:&quot;https:\\\/\\\/static.apidae-tourisme.com\\\/filestore\\\/objets-touristiques\\\/images\\\/219\\\/140\\\/8817883-diaporama.jpg&quot;,&quot;image_width&quot;:&quot;550&quot;,&quot;image_height&quot;:&quot;350&quot;,&quot;image_fit&quot;:&quot;cover&quot;},{&quot;lat&quot;:&quot;44.896012&quot;,&quot;lng&quot;:&quot;6.631&quot;,&quot;title&quot;:&quot;Nemea l&#8217;Aigle Bleu&quot;,&quot;permalink&quot;:&quot;https:\\\/\\\/www.hautes-alpes.net\\\/es\\\/fiche\\\/nemea-laigle-bleu-3\\\/&quot;,&quot;type&quot;:&quot;hebergement_collectif&quot;,&quot;commune&quot;:&quot;Brian\\u00e7on&quot;,&quot;type_commerce&quot;:&quot;&quot;,&quot;image&quot;:&quot;https:\\\/\\\/static.apidae-tourisme.com\\\/filestore\\\/objets-touristiques\\\/images\\\/229\\\/70\\\/37177061-diaporama.jpg&quot;,&quot;image_width&quot;:&quot;550&quot;,&quot;image_height&quot;:&quot;350&quot;,&quot;image_fit&quot;:&quot;cover&quot;},{&quot;lat&quot;:&quot;44.896795&quot;,&quot;lng&quot;:&quot;6.634219&quot;,&quot;title&quot;:&quot;Sowell H\\u00f4tels Le Parc &amp; Spa&quot;,&quot;permalink&quot;:&quot;https:\\\/\\\/www.hautes-alpes.net\\\/es\\\/fiche\\\/sowell-hotels-le-parc-spa-4\\\/&quot;,&quot;type&quot;:&quot;hebergement_collectif&quot;,&quot;commune&quot;:&quot;Brian\\u00e7on&quot;,&quot;type_commerce&quot;:&quot;&quot;,&quot;image&quot;:&quot;https:\\\/\\\/static.apidae-tourisme.com\\\/filestore\\\/objets-touristiques\\\/images\\\/139\\\/131\\\/9536395-diaporama.jpg&quot;,&quot;image_width&quot;:&quot;550&quot;,&quot;image_height&quot;:&quot;350&quot;,&quot;image_fit&quot;:&quot;cover&quot;}],&quot;center_lat&quot;:&quot;44.525587&quot;,&quot;center_lng&quot;:&quot;6.32151&quot;}<\/div><\/div><div class=\"ws-apidae-pager\" data-type=\"pager\"><div class=\"custom-pager\"><a class=\"facetwp-page first active\" data-page=\"1\" href=\"\/es\/wp-json\/wp\/v2\/pages\/563441?paged_4d285=1#listing_4d285\">1<\/a><a class=\"facetwp-page \" data-page=\"2\" href=\"\/es\/wp-json\/wp\/v2\/pages\/563441?paged_4d285=2#listing_4d285\">2<\/a><span class=\"facetwp-separator\">\u2026<\/span><a class=\"facetwp-page \" data-page=\"7\" href=\"\/es\/wp-json\/wp\/v2\/pages\/563441?paged_4d285=7#listing_4d285\">7<\/a><a class=\"facetwp-page next\" data-page=\"2\" href=\"\/es\/wp-json\/wp\/v2\/pages\/563441?paged_4d285=2#listing_4d285\">\u203a<\/a><\/div><\/div><\/div><\/div><\/div>\n<div class=\"wp-block-ws-library-ws-share\"><span class=\"share-subtitle\">\u00bfTe ha gustado esta p\u00e1gina?<\/span><span class=\"share-title\">\u00a1Comp\u00e1rtelo!<\/span><button class=\"ws-share-button wp-element-button\">Comparte esta p\u00e1gina<\/button><\/div>\n","protected":false},"excerpt":{"rendered":"<p>Practicidad y comodidad<\/p>\n","protected":false},"author":7,"featured_media":0,"parent":554967,"menu_order":0,"comment_status":"closed","ping_status":"closed","template":"","meta":{"is_dark_mode":false,"footnotes":""},"page_label":[],"class_list":["post-563441","page","type-page","status-publish","hentry"],"yoast_head":"<!-- This site is optimized with the Yoast SEO plugin v28.3 - https:\/\/yoast.com\/product\/yoast-seo-wordpress\/ -->\n<title>Residencias - Hautes-Alpes<\/title>\n<meta name=\"description\" content=\"Residencias Practicidad y comodidad B. Bodin Las residencias de vacaciones son ideales para combinar la independencia con los servicios de un hotel.\" \/>\n<meta name=\"robots\" content=\"index, follow, max-snippet:-1, max-image-preview:large, max-video-preview:-1\" \/>\n<link rel=\"canonical\" href=\"https:\/\/www.hautes-alpes.net\/es\/organizarse\/residencias\/\" \/>\n<meta property=\"og:locale\" content=\"es_ES\" \/>\n<meta property=\"og:type\" content=\"article\" \/>\n<meta property=\"og:title\" content=\"Residencias - Hautes-Alpes\" \/>\n<meta property=\"og:description\" content=\"Residencias Practicidad y comodidad B. Bodin Las residencias de vacaciones son ideales para combinar la independencia con los servicios de un hotel.\" \/>\n<meta property=\"og:url\" content=\"https:\/\/www.hautes-alpes.net\/es\/organizarse\/residencias\/\" \/>\n<meta property=\"og:site_name\" content=\"Hautes-Alpes\" \/>\n<meta property=\"article:modified_time\" content=\"2026-06-02T08:51:05+00:00\" \/>\n<meta property=\"og:image\" content=\"https:\/\/www.hautes-alpes.net\/wp-content\/uploads\/2025\/12\/bois-mean-les-orres-bbodin-1.jpg\" \/>\n\t<meta property=\"og:image:width\" content=\"1600\" \/>\n\t<meta property=\"og:image:height\" content=\"1066\" \/>\n\t<meta property=\"og:image:type\" content=\"image\/jpeg\" \/>\n<meta name=\"twitter:card\" content=\"summary_large_image\" \/>\n<script type=\"application\/ld+json\" class=\"yoast-schema-graph\">{\"@context\":\"https:\\\/\\\/schema.org\",\"@graph\":[{\"@type\":\"WebPage\",\"@id\":\"https:\\\/\\\/www.hautes-alpes.net\\\/es\\\/organizarse\\\/residencias\\\/\",\"url\":\"https:\\\/\\\/www.hautes-alpes.net\\\/es\\\/organizarse\\\/residencias\\\/\",\"name\":\"Residencias - Hautes-Alpes\",\"isPartOf\":{\"@id\":\"https:\\\/\\\/www.hautes-alpes.net\\\/es\\\/#website\"},\"primaryImageOfPage\":{\"@id\":\"https:\\\/\\\/www.hautes-alpes.net\\\/es\\\/organizarse\\\/residencias\\\/#primaryimage\"},\"image\":{\"@id\":\"https:\\\/\\\/www.hautes-alpes.net\\\/es\\\/organizarse\\\/residencias\\\/#primaryimage\"},\"thumbnailUrl\":\"https:\\\/\\\/www.hautes-alpes.net\\\/wp-content\\\/uploads\\\/2025\\\/12\\\/bois-mean-les-orres-bbodin-1-1600x480.jpg\",\"datePublished\":\"2025-12-05T07:38:51+00:00\",\"dateModified\":\"2026-06-02T08:51:05+00:00\",\"description\":\"Residencias Practicidad y comodidad B. Bodin Las residencias de vacaciones son ideales para combinar la independencia con los servicios de un hotel.\",\"breadcrumb\":{\"@id\":\"https:\\\/\\\/www.hautes-alpes.net\\\/es\\\/organizarse\\\/residencias\\\/#breadcrumb\"},\"inLanguage\":\"es\",\"potentialAction\":[{\"@type\":\"ReadAction\",\"target\":[\"https:\\\/\\\/www.hautes-alpes.net\\\/es\\\/organizarse\\\/residencias\\\/\"]}]},{\"@type\":\"ImageObject\",\"inLanguage\":\"es\",\"@id\":\"https:\\\/\\\/www.hautes-alpes.net\\\/es\\\/organizarse\\\/residencias\\\/#primaryimage\",\"url\":\"https:\\\/\\\/www.hautes-alpes.net\\\/wp-content\\\/uploads\\\/2025\\\/12\\\/bois-mean-les-orres-bbodin-1-1600x480.jpg\",\"contentUrl\":\"https:\\\/\\\/www.hautes-alpes.net\\\/wp-content\\\/uploads\\\/2025\\\/12\\\/bois-mean-les-orres-bbodin-1-1600x480.jpg\"},{\"@type\":\"BreadcrumbList\",\"@id\":\"https:\\\/\\\/www.hautes-alpes.net\\\/es\\\/organizarse\\\/residencias\\\/#breadcrumb\",\"itemListElement\":[{\"@type\":\"ListItem\",\"position\":1,\"name\":\"Accueil\",\"item\":\"https:\\\/\\\/www.hautes-alpes.net\\\/es\\\/altos-alpes\\\/\"},{\"@type\":\"ListItem\",\"position\":2,\"name\":\"Organizarse\",\"item\":\"https:\\\/\\\/www.hautes-alpes.net\\\/es\\\/organizarse\\\/\"},{\"@type\":\"ListItem\",\"position\":3,\"name\":\"Organizarse\",\"item\":\"https:\\\/\\\/www.hautes-alpes.net\\\/es\\\/sorganiser\\\/\"},{\"@type\":\"ListItem\",\"position\":4,\"name\":\"Residencias\"}]},{\"@type\":\"WebSite\",\"@id\":\"https:\\\/\\\/www.hautes-alpes.net\\\/es\\\/#website\",\"url\":\"https:\\\/\\\/www.hautes-alpes.net\\\/es\\\/\",\"name\":\"ADDET\",\"description\":\"\",\"publisher\":{\"@id\":\"https:\\\/\\\/www.hautes-alpes.net\\\/es\\\/#organization\"},\"potentialAction\":[{\"@type\":\"SearchAction\",\"target\":{\"@type\":\"EntryPoint\",\"urlTemplate\":\"https:\\\/\\\/www.hautes-alpes.net\\\/es\\\/?s={search_term_string}\"},\"query-input\":{\"@type\":\"PropertyValueSpecification\",\"valueRequired\":true,\"valueName\":\"search_term_string\"}}],\"inLanguage\":\"es\"},{\"@type\":\"Organization\",\"@id\":\"https:\\\/\\\/www.hautes-alpes.net\\\/es\\\/#organization\",\"name\":\"Agence D\u00e9partementale de D\u00e9veloppement Economique et Touristique des Hautes-Alpes\",\"url\":\"https:\\\/\\\/www.hautes-alpes.net\\\/es\\\/\",\"logo\":{\"@type\":\"ImageObject\",\"inLanguage\":\"es\",\"@id\":\"https:\\\/\\\/www.hautes-alpes.net\\\/es\\\/#\\\/schema\\\/logo\\\/image\\\/\",\"url\":\"https:\\\/\\\/www.hautes-alpes.net\\\/wp-content\\\/uploads\\\/2026\\\/01\\\/black-logo-2.svg\",\"contentUrl\":\"https:\\\/\\\/www.hautes-alpes.net\\\/wp-content\\\/uploads\\\/2026\\\/01\\\/black-logo-2.svg\",\"caption\":\"Agence D\u00e9partementale de D\u00e9veloppement Economique et Touristique des Hautes-Alpes\"},\"image\":{\"@id\":\"https:\\\/\\\/www.hautes-alpes.net\\\/es\\\/#\\\/schema\\\/logo\\\/image\\\/\"}}]}<\/script>\n<!-- \/ Yoast SEO plugin. -->","yoast_head_json":{"title":"Residencias - Hautes-Alpes","description":"Residencias Practicidad y comodidad B. Bodin Las residencias de vacaciones son ideales para combinar la independencia con los servicios de un hotel.","robots":{"index":"index","follow":"follow","max-snippet":"max-snippet:-1","max-image-preview":"max-image-preview:large","max-video-preview":"max-video-preview:-1"},"canonical":"https:\/\/www.hautes-alpes.net\/es\/organizarse\/residencias\/","og_locale":"es_ES","og_type":"article","og_title":"Residencias - Hautes-Alpes","og_description":"Residencias Practicidad y comodidad B. Bodin Las residencias de vacaciones son ideales para combinar la independencia con los servicios de un hotel.","og_url":"https:\/\/www.hautes-alpes.net\/es\/organizarse\/residencias\/","og_site_name":"Hautes-Alpes","article_modified_time":"2026-06-02T08:51:05+00:00","og_image":[{"width":1600,"height":1066,"url":"https:\/\/www.hautes-alpes.net\/wp-content\/uploads\/2025\/12\/bois-mean-les-orres-bbodin-1.jpg","type":"image\/jpeg"}],"twitter_card":"summary_large_image","schema":{"@context":"https:\/\/schema.org","@graph":[{"@type":"WebPage","@id":"https:\/\/www.hautes-alpes.net\/es\/organizarse\/residencias\/","url":"https:\/\/www.hautes-alpes.net\/es\/organizarse\/residencias\/","name":"Residencias - Hautes-Alpes","isPartOf":{"@id":"https:\/\/www.hautes-alpes.net\/es\/#website"},"primaryImageOfPage":{"@id":"https:\/\/www.hautes-alpes.net\/es\/organizarse\/residencias\/#primaryimage"},"image":{"@id":"https:\/\/www.hautes-alpes.net\/es\/organizarse\/residencias\/#primaryimage"},"thumbnailUrl":"https:\/\/www.hautes-alpes.net\/wp-content\/uploads\/2025\/12\/bois-mean-les-orres-bbodin-1-1600x480.jpg","datePublished":"2025-12-05T07:38:51+00:00","dateModified":"2026-06-02T08:51:05+00:00","description":"Residencias Practicidad y comodidad B. Bodin Las residencias de vacaciones son ideales para combinar la independencia con los servicios de un hotel.","breadcrumb":{"@id":"https:\/\/www.hautes-alpes.net\/es\/organizarse\/residencias\/#breadcrumb"},"inLanguage":"es","potentialAction":[{"@type":"ReadAction","target":["https:\/\/www.hautes-alpes.net\/es\/organizarse\/residencias\/"]}]},{"@type":"ImageObject","inLanguage":"es","@id":"https:\/\/www.hautes-alpes.net\/es\/organizarse\/residencias\/#primaryimage","url":"https:\/\/www.hautes-alpes.net\/wp-content\/uploads\/2025\/12\/bois-mean-les-orres-bbodin-1-1600x480.jpg","contentUrl":"https:\/\/www.hautes-alpes.net\/wp-content\/uploads\/2025\/12\/bois-mean-les-orres-bbodin-1-1600x480.jpg"},{"@type":"BreadcrumbList","@id":"https:\/\/www.hautes-alpes.net\/es\/organizarse\/residencias\/#breadcrumb","itemListElement":[{"@type":"ListItem","position":1,"name":"Accueil","item":"https:\/\/www.hautes-alpes.net\/es\/altos-alpes\/"},{"@type":"ListItem","position":2,"name":"Organizarse","item":"https:\/\/www.hautes-alpes.net\/es\/organizarse\/"},{"@type":"ListItem","position":3,"name":"Organizarse","item":"https:\/\/www.hautes-alpes.net\/es\/sorganiser\/"},{"@type":"ListItem","position":4,"name":"Residencias"}]},{"@type":"WebSite","@id":"https:\/\/www.hautes-alpes.net\/es\/#website","url":"https:\/\/www.hautes-alpes.net\/es\/","name":"ADDET","description":"","publisher":{"@id":"https:\/\/www.hautes-alpes.net\/es\/#organization"},"potentialAction":[{"@type":"SearchAction","target":{"@type":"EntryPoint","urlTemplate":"https:\/\/www.hautes-alpes.net\/es\/?s={search_term_string}"},"query-input":{"@type":"PropertyValueSpecification","valueRequired":true,"valueName":"search_term_string"}}],"inLanguage":"es"},{"@type":"Organization","@id":"https:\/\/www.hautes-alpes.net\/es\/#organization","name":"Agence D\u00e9partementale de D\u00e9veloppement Economique et Touristique des Hautes-Alpes","url":"https:\/\/www.hautes-alpes.net\/es\/","logo":{"@type":"ImageObject","inLanguage":"es","@id":"https:\/\/www.hautes-alpes.net\/es\/#\/schema\/logo\/image\/","url":"https:\/\/www.hautes-alpes.net\/wp-content\/uploads\/2026\/01\/black-logo-2.svg","contentUrl":"https:\/\/www.hautes-alpes.net\/wp-content\/uploads\/2026\/01\/black-logo-2.svg","caption":"Agence D\u00e9partementale de D\u00e9veloppement Economique et Touristique des Hautes-Alpes"},"image":{"@id":"https:\/\/www.hautes-alpes.net\/es\/#\/schema\/logo\/image\/"}}]}},"_links":{"self":[{"href":"https:\/\/www.hautes-alpes.net\/es\/wp-json\/wp\/v2\/pages\/563441","targetHints":{"allow":["GET"]}}],"collection":[{"href":"https:\/\/www.hautes-alpes.net\/es\/wp-json\/wp\/v2\/pages"}],"about":[{"href":"https:\/\/www.hautes-alpes.net\/es\/wp-json\/wp\/v2\/types\/page"}],"author":[{"embeddable":true,"href":"https:\/\/www.hautes-alpes.net\/es\/wp-json\/wp\/v2\/users\/7"}],"replies":[{"embeddable":true,"href":"https:\/\/www.hautes-alpes.net\/es\/wp-json\/wp\/v2\/comments?post=563441"}],"version-history":[{"count":1,"href":"https:\/\/www.hautes-alpes.net\/es\/wp-json\/wp\/v2\/pages\/563441\/revisions"}],"predecessor-version":[{"id":563466,"href":"https:\/\/www.hautes-alpes.net\/es\/wp-json\/wp\/v2\/pages\/563441\/revisions\/563466"}],"up":[{"embeddable":true,"href":"https:\/\/www.hautes-alpes.net\/es\/wp-json\/wp\/v2\/pages\/554967"}],"wp:attachment":[{"href":"https:\/\/www.hautes-alpes.net\/es\/wp-json\/wp\/v2\/media?parent=563441"}],"wp:term":[{"taxonomy":"page_label","embeddable":true,"href":"https:\/\/www.hautes-alpes.net\/es\/wp-json\/wp\/v2\/page_label?post=563441"}],"curies":[{"name":"wp","href":"https:\/\/api.w.org\/{rel}","templated":true}]}}