{"id":563421,"date":"2025-12-05T10:17:53","date_gmt":"2025-12-05T09:17:53","guid":{"rendered":"https:\/\/www.hautes-alpes.net\/organizarse\/mesas-y-aperitivos\/"},"modified":"2026-06-02T10:50:49","modified_gmt":"2026-06-02T08:50:49","slug":"mesas-y-aperitivos","status":"publish","type":"page","link":"https:\/\/www.hautes-alpes.net\/es\/organizarse\/mesas-y-aperitivos\/","title":{"rendered":"Mesas y aperitivos"},"content":{"rendered":"\n<div class=\"wp-block-group alignfull hero-banner-simple has-global-padding is-layout-constrained wp-block-group-is-layout-constrained\"><div class=\"yoast-breadcrumbs\"><span><span><a href=\"https:\/\/www.hautes-alpes.net\/es\/altos-alpes\/\">Accueil<\/a><\/span>  <span><a href=\"https:\/\/www.hautes-alpes.net\/es\/organizarse\/\">Organizarse<\/a><\/span>  <span><a href=\"https:\/\/www.hautes-alpes.net\/es\/sorganiser\/\">Organizarse<\/a><\/span>  <span class=\"breadcrumb_last\" aria-current=\"page\">Mesas y aperitivos<\/span><\/span><\/div>\n\n\n<h1 class=\"wp-block-ws-library-post-title\">Mesas y aperitivos<\/h1>\n\n\n\n<p class=\"subtitle wp-block-paragraph\">Plena energ\u00eda en un abrir y cerrar de ojos<\/p>\n\n\n\n<p class=\"wp-block-paragraph\"><\/p>\n<\/div>\n\n<div class=\"wp-block-ws-library-ws-banner alignfull\"><div class=\"wrapper\"><div class=\"group-media\"><img decoding=\"async\" width=\"1600\" height=\"480\" src=\"https:\/\/www.hautes-alpes.net\/wp-content\/uploads\/2025\/12\/escalade-et-pique-nique-aux-ayes-99-1600x480.jpg\" alt=\"\" class=\"single_image wp-image-104450\"><\/div>\n<div class=\"group-content\"><p class=\"wp-block-paragraph\">Entre una actividad deportiva y otra, sobre la marcha durante una excursi\u00f3n, o simplemente para picar algo, las opciones de tentempi\u00e9s de los Altos Alpes est\u00e1n ah\u00ed para ti. Desde bocadillos frescos y creper\u00edas hasta hamburguesas locales y comida para llevar, encontrar\u00e1s r\u00e1pidamente algo para recargar las pilas. <\/p><\/div>\n<\/div><\/div>\n<div id=\"listing_3b683\" data-observer-wishlist class=\"ws-listing wp-block-ws-apidae-library-listing-avance alignwide\" data-map-id=\"map_3b683\" data-locations-id=\"locations-data_3b683\"><div class=\"panel-fixe panel-facets\"><div class=\"panel-overlay toggle-facets\"><\/div><div class=\"panel-inner\"><div class=\"panel-header\"><div class=\"panel-title\">Filtros<\/div><a href=\"#\" class=\"panel-close toggle-facets\">Cerrar<\/a><\/div><div class=\"panel-content\"><div class=\"group-summary\"><div class=\"facetwp-selections\"><\/div><a href=\"#\" class=\"link-reset\">Eliminar<\/a><\/div><div class=\"facetwp-facet facetwp-facet-territoires facetwp-type-fselect\" data-name=\"territoires\" data-type=\"fselect\"><\/div><div class=\"facetwp-facet facetwp-facet-station facetwp-type-fselect\" data-name=\"station\" data-type=\"fselect\"><\/div><div class=\"facetwp-facet facetwp-facet-commune facetwp-type-fselect\" data-name=\"commune\" data-type=\"fselect\"><\/div><\/div><div class=\"panel-footer\"><div class=\"facet-buttons\"><button type=\"submit\" class=\"btn btn-1 toggle-facets facetwp-count-btn\">Ver todo <span class=\"results-count\"><\/span> resultados<\/button><\/div><\/div><\/div><\/div><div class=\"listing-header\"><div class=\"toggle-container\"><button class=\"btn toggle-btn toggle-facets\" data-target=\"facets\">Filtros<\/button><\/div><\/div><div class=\"facetwp-template\"><div class=\"list-container active\"><div class=\"list-items\"><div class=\"item\" ><div class=\"card card-apidae card-avance post-type-apidae\"><div class=\"group-top\"><\/div><div class=\"group-media\"><div class=\"field-image\"><img decoding=\"async\" src=\"https:\/\/images.weserv.nl\/?url=https:\/\/static.apidae-tourisme.com\/filestore\/objets-touristiques\/images\/91\/202\/5687899-diaporama.jpg&#038;w=350&#038;h=550&#038;fit=cover&#038;output=webp&#038;q=45\" alt=\"Caf\u00e9-Commerce Le Relais de l&#8217;Avance\"\/><\/div><\/div><div class=\"group-content\"><div class=\"field-commune\">Saint-\u00c9tienne-le-Laus<\/div><div class=\"field-title\">Caf\u00e9-Commerce Le Relais de l&#8217;Avance<\/div><\/div><div class=\"field-link\"><a href=\"https:\/\/www.hautes-alpes.net\/es\/fiche\/cafe-commerce-le-relais-de-lavance-4\/\" class=\"cardlink\">Caf\u00e9-Commerce Le Relais de l&#8217;Avance<\/a><\/div><\/div><\/div><div class=\"item\" ><div class=\"card card-apidae card-avance post-type-apidae\"><div class=\"group-top\"><\/div><div class=\"group-media\"><div class=\"field-image\"><img decoding=\"async\" src=\"https:\/\/images.weserv.nl\/?url=https:\/\/static.apidae-tourisme.com\/filestore\/objets-touristiques\/images\/183\/206\/17026743-diaporama.jpg&#038;w=350&#038;h=550&#038;fit=cover&#038;output=webp&#038;q=45\" alt=\"Falafel\"\/><\/div><\/div><div class=\"group-content\"><div class=\"field-commune\">Guillestre<\/div><div class=\"field-title\">Falafel<\/div><\/div><div class=\"field-link\"><a href=\"https:\/\/www.hautes-alpes.net\/es\/fiche\/falafel-4\/\" class=\"cardlink\">Falafel<\/a><\/div><\/div><\/div><div class=\"item\" ><div class=\"card card-apidae card-avance post-type-apidae\"><div class=\"group-top\"><\/div><div class=\"group-media\"><div class=\"field-image\"><img decoding=\"async\" src=\"https:\/\/images.weserv.nl\/?url=https:\/\/static.apidae-tourisme.com\/filestore\/objets-touristiques\/images\/4\/197\/2082052-diaporama.jpg&#038;w=350&#038;h=550&#038;fit=cover&#038;output=webp&#038;q=45\" alt=\"Casa Antica Pizzeria\"\/><\/div><\/div><div class=\"group-content\"><div class=\"field-commune\">L&#039;Argenti\u00e8re-la-Bess\u00e9e<\/div><div class=\"field-title\">Casa Antica Pizzeria<\/div><\/div><div class=\"field-link\"><a href=\"https:\/\/www.hautes-alpes.net\/es\/fiche\/casa-antica-pizzeria-4\/\" class=\"cardlink\">Casa Antica Pizzeria<\/a><\/div><\/div><\/div><div class=\"item\" ><div class=\"card card-apidae card-avance post-type-apidae\"><div class=\"group-top\"><\/div><div class=\"group-media\"><div class=\"field-image\"><img decoding=\"async\" src=\"https:\/\/images.weserv.nl\/?url=https:\/\/static.apidae-tourisme.com\/filestore\/objets-touristiques\/images\/184\/167\/41199544-diaporama.png&#038;w=350&#038;h=550&#038;fit=cover&#038;output=webp&#038;q=45\" alt=\"Salon de Th\u00e9 La Roche\"\/><\/div><\/div><div class=\"group-content\"><div class=\"field-commune\">Arvieux<\/div><div class=\"field-title\">Salon de Th\u00e9 La Roche<\/div><\/div><div class=\"field-link\"><a href=\"https:\/\/www.hautes-alpes.net\/es\/fiche\/salon-de-the-la-roche-4\/\" class=\"cardlink\">Salon de Th\u00e9 La Roche<\/a><\/div><\/div><\/div><div class=\"item\" ><div class=\"card card-apidae card-avance post-type-apidae\"><div class=\"group-top\"><\/div><div class=\"group-media\"><div class=\"field-image\"><img decoding=\"async\" src=\"https:\/\/images.weserv.nl\/?url=https:\/\/static.apidae-tourisme.com\/filestore\/objets-touristiques\/images\/170\/31\/4530090-diaporama.jpg&#038;w=350&#038;h=550&#038;fit=cover&#038;output=webp&#038;q=45\" alt=\"Brasserie des Alpes\"\/><\/div><\/div><div class=\"group-content\"><div class=\"field-commune\">Chorges<\/div><div class=\"field-title\">Brasserie des Alpes<\/div><\/div><div class=\"field-link\"><a href=\"https:\/\/www.hautes-alpes.net\/es\/fiche\/brasserie-des-alpes-4\/\" class=\"cardlink\">Brasserie des Alpes<\/a><\/div><\/div><\/div><div class=\"item\" ><div class=\"card card-apidae card-avance post-type-apidae\"><div class=\"group-top\"><\/div><div class=\"group-media\"><div class=\"field-image\"><img decoding=\"async\" src=\"https:\/\/images.weserv.nl\/?url=https:\/\/static.apidae-tourisme.com\/filestore\/objets-touristiques\/images\/114\/160\/40083570-diaporama.jpg&#038;w=350&#038;h=550&#038;fit=cover&#038;output=webp&#038;q=45\" alt=\"L&#8217;Estaminet\"\/><\/div><\/div><div class=\"group-content\"><div class=\"field-commune\">Serres<\/div><div class=\"field-title\">L&#8217;Estaminet<\/div><\/div><div class=\"field-link\"><a href=\"https:\/\/www.hautes-alpes.net\/es\/fiche\/lestaminet-4\/\" class=\"cardlink\">L&#8217;Estaminet<\/a><\/div><\/div><\/div><div class=\"item\" ><div class=\"card card-apidae card-avance post-type-apidae\"><div class=\"group-top\"><\/div><div class=\"group-media\"><div class=\"field-image\"><img decoding=\"async\" src=\"https:\/\/images.weserv.nl\/?url=https:\/\/static.apidae-tourisme.com\/filestore\/objets-touristiques\/images\/171\/232\/845995-diaporama.jpg&#038;w=350&#038;h=550&#038;fit=cover&#038;output=webp&#038;q=45\" alt=\"Uni Wok\"\/><\/div><\/div><div class=\"group-content\"><div class=\"field-commune\">Gap<\/div><div class=\"field-title\">Uni Wok<\/div><\/div><div class=\"field-link\"><a href=\"https:\/\/www.hautes-alpes.net\/es\/fiche\/uni-wok-4\/\" class=\"cardlink\">Uni Wok<\/a><\/div><\/div><\/div><div class=\"item\" ><div class=\"card card-apidae card-avance post-type-apidae\"><div class=\"group-top\"><\/div><div class=\"group-media\"><div class=\"field-image\"><img decoding=\"async\" src=\"https:\/\/images.weserv.nl\/?url=https:\/\/static.apidae-tourisme.com\/filestore\/objets-touristiques\/images\/248\/217\/23452152-diaporama.png&#038;w=350&#038;h=550&#038;fit=cover&#038;output=webp&#038;q=45\" alt=\"Le Relais Ratier\"\/><\/div><\/div><div class=\"group-content\"><div class=\"field-commune\">Saint-Chaffrey<\/div><div class=\"field-title\">Le Relais Ratier<\/div><\/div><div class=\"field-link\"><a href=\"https:\/\/www.hautes-alpes.net\/es\/fiche\/le-relais-ratier-4\/\" class=\"cardlink\">Le Relais Ratier<\/a><\/div><\/div><\/div><div class=\"item\" ><div class=\"card card-apidae card-avance post-type-apidae\"><div class=\"group-top\"><\/div><div class=\"group-media\"><div class=\"field-image\"><img decoding=\"async\" src=\"https:\/\/images.weserv.nl\/?url=https:\/\/static.apidae-tourisme.com\/filestore\/objets-touristiques\/images\/193\/53\/42415553-diaporama.jpg&#038;w=350&#038;h=550&#038;fit=cover&#038;output=webp&#038;q=45\" alt=\"La petite fabrique\"\/><\/div><\/div><div class=\"group-content\"><div class=\"field-commune\">Chabottes<\/div><div class=\"field-title\">La petite fabrique<\/div><\/div><div class=\"field-link\"><a href=\"https:\/\/www.hautes-alpes.net\/es\/fiche\/la-petite-fabrique-4\/\" class=\"cardlink\">La petite fabrique<\/a><\/div><\/div><\/div><div class=\"item\" ><div class=\"card card-apidae card-avance post-type-apidae\"><div class=\"group-top\"><\/div><div class=\"group-media\"><div class=\"field-image\"><img decoding=\"async\" src=\"https:\/\/images.weserv.nl\/?url=https:\/\/static.apidae-tourisme.com\/filestore\/objets-touristiques\/images\/94\/166\/17475166-diaporama.jpg&#038;w=350&#038;h=550&#038;fit=cover&#038;output=webp&#038;q=45\" alt=\"Truck de N\u00e9nette\"\/><\/div><\/div><div class=\"group-content\"><div class=\"field-commune\">Aubessagne<\/div><div class=\"field-title\">Truck de N\u00e9nette<\/div><\/div><div class=\"field-link\"><a href=\"https:\/\/www.hautes-alpes.net\/es\/fiche\/truck-de-nenette-6\/\" class=\"cardlink\">Truck de N\u00e9nette<\/a><\/div><\/div><\/div><div class=\"item\" ><div class=\"card card-apidae card-avance post-type-apidae\"><div class=\"group-top\"><\/div><div class=\"group-media\"><div class=\"field-image\"><img decoding=\"async\" src=\"https:\/\/images.weserv.nl\/?url=https:\/\/static.apidae-tourisme.com\/filestore\/objets-touristiques\/images\/1\/188\/41401345-diaporama.jpg&#038;w=350&#038;h=550&#038;fit=cover&#038;output=webp&#038;q=45\" alt=\"La Tuque\"\/><\/div><\/div><div class=\"group-content\"><div class=\"field-commune\">Guillestre<\/div><div class=\"field-title\">La Tuque<\/div><\/div><div class=\"field-link\"><a href=\"https:\/\/www.hautes-alpes.net\/es\/fiche\/la-tuque-4\/\" class=\"cardlink\">La Tuque<\/a><\/div><\/div><\/div><div class=\"item\" ><div class=\"card card-apidae card-avance post-type-apidae\"><div class=\"group-top\"><\/div><div class=\"group-media\"><div class=\"field-image\"><img decoding=\"async\" src=\"https:\/\/images.weserv.nl\/?url=https:\/\/static.apidae-tourisme.com\/filestore\/objets-touristiques\/images\/180\/150\/41916084-diaporama.jpg&#038;w=350&#038;h=550&#038;fit=cover&#038;output=webp&#038;q=45\" alt=\"Chez Mem&#8217;s\"\/><\/div><\/div><div class=\"group-content\"><div class=\"field-commune\">Molines-en-Queyras<\/div><div class=\"field-title\">Chez Mem&#8217;s<\/div><\/div><div class=\"field-link\"><a href=\"https:\/\/www.hautes-alpes.net\/es\/fiche\/chez-mems-4\/\" class=\"cardlink\">Chez Mem&#8217;s<\/a><\/div><\/div><\/div><div class=\"item\" ><div class=\"card card-apidae card-avance post-type-apidae\"><div class=\"group-top\"><\/div><div class=\"group-media\"><div class=\"field-image\"><img decoding=\"async\" src=\"https:\/\/images.weserv.nl\/?url=https:\/\/static.apidae-tourisme.com\/filestore\/objets-touristiques\/images\/119\/247\/13236087-diaporama.jpg&#038;w=350&#038;h=550&#038;fit=cover&#038;output=webp&#038;q=45\" alt=\"Le Big Food\"\/><\/div><\/div><div class=\"group-content\"><div class=\"field-commune\">Risoul<\/div><div class=\"field-title\">Le Big Food<\/div><\/div><div class=\"field-link\"><a href=\"https:\/\/www.hautes-alpes.net\/es\/fiche\/le-big-food-3\/\" class=\"cardlink\">Le Big Food<\/a><\/div><\/div><\/div><div class=\"item\" ><div class=\"card card-apidae card-avance post-type-apidae\"><div class=\"group-top\"><\/div><div class=\"group-media\"><div class=\"field-image\"><img decoding=\"async\" src=\"https:\/\/images.weserv.nl\/?url=https:\/\/static.apidae-tourisme.com\/filestore\/objets-touristiques\/images\/208\/124\/818384-diaporama.jpg&#038;w=350&#038;h=550&#038;fit=cover&#038;output=webp&#038;q=45\" alt=\"Tom Rider\"\/><\/div><\/div><div class=\"group-content\"><div class=\"field-commune\">Puy-Saint-Vincent<\/div><div class=\"field-title\">Tom Rider<\/div><\/div><div class=\"field-link\"><a href=\"https:\/\/www.hautes-alpes.net\/es\/fiche\/tom-rider-4\/\" class=\"cardlink\">Tom Rider<\/a><\/div><\/div><\/div><div class=\"item\" ><div class=\"card card-apidae card-avance post-type-apidae\"><div class=\"group-top\"><\/div><div class=\"group-media\"><div class=\"field-image\"><img decoding=\"async\" src=\"https:\/\/images.weserv.nl\/?url=https:\/\/static.apidae-tourisme.com\/filestore\/objets-touristiques\/images\/124\/66\/868988-diaporama.jpg&#038;w=350&#038;h=550&#038;fit=cover&#038;output=webp&#038;q=45\" alt=\"Cafet&#8217;U et Le Champerus\"\/><\/div><\/div><div class=\"group-content\"><div class=\"field-commune\">Veynes<\/div><div class=\"field-title\">Cafet&#8217;U et Le Champerus<\/div><\/div><div class=\"field-link\"><a href=\"https:\/\/www.hautes-alpes.net\/es\/fiche\/cafetu-et-le-champerus-3\/\" class=\"cardlink\">Cafet&#8217;U et Le Champerus<\/a><\/div><\/div><\/div><div id=\"locations-data_3b683\" style=\"display: none;\">{&quot;locations&quot;:[{&quot;lat&quot;:&quot;44.501535&quot;,&quot;lng&quot;:&quot;6.162934&quot;,&quot;title&quot;:&quot;Caf\\u00e9-Commerce Le Relais de l&#8217;Avance&quot;,&quot;permalink&quot;:&quot;https:\\\/\\\/www.hautes-alpes.net\\\/es\\\/fiche\\\/cafe-commerce-le-relais-de-lavance-4\\\/&quot;,&quot;type&quot;:&quot;restauration&quot;,&quot;commune&quot;:&quot;Saint-\\u00c9tienne-le-Laus&quot;,&quot;type_commerce&quot;:&quot;&quot;,&quot;image&quot;:&quot;https:\\\/\\\/static.apidae-tourisme.com\\\/filestore\\\/objets-touristiques\\\/images\\\/91\\\/202\\\/5687899-diaporama.jpg&quot;,&quot;image_width&quot;:&quot;350&quot;,&quot;image_height&quot;:&quot;550&quot;,&quot;image_fit&quot;:&quot;cover&quot;},{&quot;lat&quot;:&quot;44.659933&quot;,&quot;lng&quot;:&quot;6.650308&quot;,&quot;title&quot;:&quot;Falafel&quot;,&quot;permalink&quot;:&quot;https:\\\/\\\/www.hautes-alpes.net\\\/es\\\/fiche\\\/falafel-4\\\/&quot;,&quot;type&quot;:&quot;restauration&quot;,&quot;commune&quot;:&quot;Guillestre&quot;,&quot;type_commerce&quot;:&quot;&quot;,&quot;image&quot;:&quot;https:\\\/\\\/static.apidae-tourisme.com\\\/filestore\\\/objets-touristiques\\\/images\\\/183\\\/206\\\/17026743-diaporama.jpg&quot;,&quot;image_width&quot;:&quot;350&quot;,&quot;image_height&quot;:&quot;550&quot;,&quot;image_fit&quot;:&quot;cover&quot;},{&quot;lat&quot;:&quot;44.790244&quot;,&quot;lng&quot;:&quot;6.558068&quot;,&quot;title&quot;:&quot;Casa Antica Pizzeria&quot;,&quot;permalink&quot;:&quot;https:\\\/\\\/www.hautes-alpes.net\\\/es\\\/fiche\\\/casa-antica-pizzeria-4\\\/&quot;,&quot;type&quot;:&quot;restauration&quot;,&quot;commune&quot;:&quot;L&#039;Argenti\\u00e8re-la-Bess\\u00e9e&quot;,&quot;type_commerce&quot;:&quot;&quot;,&quot;image&quot;:&quot;https:\\\/\\\/static.apidae-tourisme.com\\\/filestore\\\/objets-touristiques\\\/images\\\/4\\\/197\\\/2082052-diaporama.jpg&quot;,&quot;image_width&quot;:&quot;350&quot;,&quot;image_height&quot;:&quot;550&quot;,&quot;image_fit&quot;:&quot;cover&quot;},{&quot;lat&quot;:&quot;44.76634&quot;,&quot;lng&quot;:&quot;6.73903&quot;,&quot;title&quot;:&quot;Salon de Th\\u00e9 La Roche&quot;,&quot;permalink&quot;:&quot;https:\\\/\\\/www.hautes-alpes.net\\\/es\\\/fiche\\\/salon-de-the-la-roche-4\\\/&quot;,&quot;type&quot;:&quot;restauration&quot;,&quot;commune&quot;:&quot;Arvieux&quot;,&quot;type_commerce&quot;:&quot;&quot;,&quot;image&quot;:&quot;https:\\\/\\\/static.apidae-tourisme.com\\\/filestore\\\/objets-touristiques\\\/images\\\/184\\\/167\\\/41199544-diaporama.png&quot;,&quot;image_width&quot;:&quot;350&quot;,&quot;image_height&quot;:&quot;550&quot;,&quot;image_fit&quot;:&quot;cover&quot;},{&quot;lat&quot;:&quot;44.545924&quot;,&quot;lng&quot;:&quot;6.274371&quot;,&quot;title&quot;:&quot;Brasserie des Alpes&quot;,&quot;permalink&quot;:&quot;https:\\\/\\\/www.hautes-alpes.net\\\/es\\\/fiche\\\/brasserie-des-alpes-4\\\/&quot;,&quot;type&quot;:&quot;restauration&quot;,&quot;commune&quot;:&quot;Chorges&quot;,&quot;type_commerce&quot;:&quot;&quot;,&quot;image&quot;:&quot;https:\\\/\\\/static.apidae-tourisme.com\\\/filestore\\\/objets-touristiques\\\/images\\\/170\\\/31\\\/4530090-diaporama.jpg&quot;,&quot;image_width&quot;:&quot;350&quot;,&quot;image_height&quot;:&quot;550&quot;,&quot;image_fit&quot;:&quot;cover&quot;},{&quot;lat&quot;:&quot;44.429304&quot;,&quot;lng&quot;:&quot;5.717012&quot;,&quot;title&quot;:&quot;L&#8217;Estaminet&quot;,&quot;permalink&quot;:&quot;https:\\\/\\\/www.hautes-alpes.net\\\/es\\\/fiche\\\/lestaminet-4\\\/&quot;,&quot;type&quot;:&quot;restauration&quot;,&quot;commune&quot;:&quot;Serres&quot;,&quot;type_commerce&quot;:&quot;&quot;,&quot;image&quot;:&quot;https:\\\/\\\/static.apidae-tourisme.com\\\/filestore\\\/objets-touristiques\\\/images\\\/114\\\/160\\\/40083570-diaporama.jpg&quot;,&quot;image_width&quot;:&quot;350&quot;,&quot;image_height&quot;:&quot;550&quot;,&quot;image_fit&quot;:&quot;cover&quot;},{&quot;lat&quot;:&quot;44.536044&quot;,&quot;lng&quot;:&quot;6.051673&quot;,&quot;title&quot;:&quot;Uni Wok&quot;,&quot;permalink&quot;:&quot;https:\\\/\\\/www.hautes-alpes.net\\\/es\\\/fiche\\\/uni-wok-4\\\/&quot;,&quot;type&quot;:&quot;restauration&quot;,&quot;commune&quot;:&quot;Gap&quot;,&quot;type_commerce&quot;:&quot;&quot;,&quot;image&quot;:&quot;https:\\\/\\\/static.apidae-tourisme.com\\\/filestore\\\/objets-touristiques\\\/images\\\/171\\\/232\\\/845995-diaporama.jpg&quot;,&quot;image_width&quot;:&quot;350&quot;,&quot;image_height&quot;:&quot;550&quot;,&quot;image_fit&quot;:&quot;cover&quot;},{&quot;lat&quot;:&quot;44.924323&quot;,&quot;lng&quot;:&quot;6.571348&quot;,&quot;title&quot;:&quot;Le Relais Ratier&quot;,&quot;permalink&quot;:&quot;https:\\\/\\\/www.hautes-alpes.net\\\/es\\\/fiche\\\/le-relais-ratier-4\\\/&quot;,&quot;type&quot;:&quot;restauration&quot;,&quot;commune&quot;:&quot;Saint-Chaffrey&quot;,&quot;type_commerce&quot;:&quot;&quot;,&quot;image&quot;:&quot;https:\\\/\\\/static.apidae-tourisme.com\\\/filestore\\\/objets-touristiques\\\/images\\\/248\\\/217\\\/23452152-diaporama.png&quot;,&quot;image_width&quot;:&quot;350&quot;,&quot;image_height&quot;:&quot;550&quot;,&quot;image_fit&quot;:&quot;cover&quot;},{&quot;lat&quot;:&quot;44.643159&quot;,&quot;lng&quot;:&quot;6.170809&quot;,&quot;title&quot;:&quot;La petite fabrique&quot;,&quot;permalink&quot;:&quot;https:\\\/\\\/www.hautes-alpes.net\\\/es\\\/fiche\\\/la-petite-fabrique-4\\\/&quot;,&quot;type&quot;:&quot;restauration&quot;,&quot;commune&quot;:&quot;Chabottes&quot;,&quot;type_commerce&quot;:&quot;&quot;,&quot;image&quot;:&quot;https:\\\/\\\/static.apidae-tourisme.com\\\/filestore\\\/objets-touristiques\\\/images\\\/193\\\/53\\\/42415553-diaporama.jpg&quot;,&quot;image_width&quot;:&quot;350&quot;,&quot;image_height&quot;:&quot;550&quot;,&quot;image_fit&quot;:&quot;cover&quot;},{&quot;lat&quot;:&quot;44.752486&quot;,&quot;lng&quot;:&quot;6.008657&quot;,&quot;title&quot;:&quot;Truck de N\\u00e9nette&quot;,&quot;permalink&quot;:&quot;https:\\\/\\\/www.hautes-alpes.net\\\/es\\\/fiche\\\/truck-de-nenette-6\\\/&quot;,&quot;type&quot;:&quot;restauration&quot;,&quot;commune&quot;:&quot;Aubessagne&quot;,&quot;type_commerce&quot;:&quot;&quot;,&quot;image&quot;:&quot;https:\\\/\\\/static.apidae-tourisme.com\\\/filestore\\\/objets-touristiques\\\/images\\\/94\\\/166\\\/17475166-diaporama.jpg&quot;,&quot;image_width&quot;:&quot;350&quot;,&quot;image_height&quot;:&quot;550&quot;,&quot;image_fit&quot;:&quot;cover&quot;},{&quot;lat&quot;:&quot;44.661052&quot;,&quot;lng&quot;:&quot;6.61871&quot;,&quot;title&quot;:&quot;La Tuque&quot;,&quot;permalink&quot;:&quot;https:\\\/\\\/www.hautes-alpes.net\\\/es\\\/fiche\\\/la-tuque-4\\\/&quot;,&quot;type&quot;:&quot;restauration&quot;,&quot;commune&quot;:&quot;Guillestre&quot;,&quot;type_commerce&quot;:&quot;&quot;,&quot;image&quot;:&quot;https:\\\/\\\/static.apidae-tourisme.com\\\/filestore\\\/objets-touristiques\\\/images\\\/1\\\/188\\\/41401345-diaporama.jpg&quot;,&quot;image_width&quot;:&quot;350&quot;,&quot;image_height&quot;:&quot;550&quot;,&quot;image_fit&quot;:&quot;cover&quot;},{&quot;lat&quot;:&quot;44.7192&quot;,&quot;lng&quot;:&quot;6.904492&quot;,&quot;title&quot;:&quot;Chez Mem&#8217;s&quot;,&quot;permalink&quot;:&quot;https:\\\/\\\/www.hautes-alpes.net\\\/es\\\/fiche\\\/chez-mems-4\\\/&quot;,&quot;type&quot;:&quot;restauration&quot;,&quot;commune&quot;:&quot;Molines-en-Queyras&quot;,&quot;type_commerce&quot;:&quot;&quot;,&quot;image&quot;:&quot;https:\\\/\\\/static.apidae-tourisme.com\\\/filestore\\\/objets-touristiques\\\/images\\\/180\\\/150\\\/41916084-diaporama.jpg&quot;,&quot;image_width&quot;:&quot;350&quot;,&quot;image_height&quot;:&quot;550&quot;,&quot;image_fit&quot;:&quot;cover&quot;},{&quot;lat&quot;:&quot;44.621345&quot;,&quot;lng&quot;:&quot;6.631014&quot;,&quot;title&quot;:&quot;Le Big Food&quot;,&quot;permalink&quot;:&quot;https:\\\/\\\/www.hautes-alpes.net\\\/es\\\/fiche\\\/le-big-food-3\\\/&quot;,&quot;type&quot;:&quot;restauration&quot;,&quot;commune&quot;:&quot;Risoul&quot;,&quot;type_commerce&quot;:&quot;&quot;,&quot;image&quot;:&quot;https:\\\/\\\/static.apidae-tourisme.com\\\/filestore\\\/objets-touristiques\\\/images\\\/119\\\/247\\\/13236087-diaporama.jpg&quot;,&quot;image_width&quot;:&quot;350&quot;,&quot;image_height&quot;:&quot;550&quot;,&quot;image_fit&quot;:&quot;cover&quot;},{&quot;lat&quot;:&quot;44.816681&quot;,&quot;lng&quot;:&quot;6.482977&quot;,&quot;title&quot;:&quot;Tom Rider&quot;,&quot;permalink&quot;:&quot;https:\\\/\\\/www.hautes-alpes.net\\\/es\\\/fiche\\\/tom-rider-4\\\/&quot;,&quot;type&quot;:&quot;restauration&quot;,&quot;commune&quot;:&quot;Puy-Saint-Vincent&quot;,&quot;type_commerce&quot;:&quot;&quot;,&quot;image&quot;:&quot;https:\\\/\\\/static.apidae-tourisme.com\\\/filestore\\\/objets-touristiques\\\/images\\\/208\\\/124\\\/818384-diaporama.jpg&quot;,&quot;image_width&quot;:&quot;350&quot;,&quot;image_height&quot;:&quot;550&quot;,&quot;image_fit&quot;:&quot;cover&quot;},{&quot;lat&quot;:&quot;44.53961&quot;,&quot;lng&quot;:&quot;5.839023&quot;,&quot;title&quot;:&quot;Cafet&#8217;U et Le Champerus&quot;,&quot;permalink&quot;:&quot;https:\\\/\\\/www.hautes-alpes.net\\\/es\\\/fiche\\\/cafetu-et-le-champerus-3\\\/&quot;,&quot;type&quot;:&quot;restauration&quot;,&quot;commune&quot;:&quot;Veynes&quot;,&quot;type_commerce&quot;:&quot;&quot;,&quot;image&quot;:&quot;https:\\\/\\\/static.apidae-tourisme.com\\\/filestore\\\/objets-touristiques\\\/images\\\/124\\\/66\\\/868988-diaporama.jpg&quot;,&quot;image_width&quot;:&quot;350&quot;,&quot;image_height&quot;:&quot;550&quot;,&quot;image_fit&quot;:&quot;cover&quot;}],&quot;center_lat&quot;:&quot;44.501535&quot;,&quot;center_lng&quot;:&quot;6.162934&quot;}<\/div><\/div><div class=\"ws-apidae-pager\" data-type=\"pager\"><div class=\"custom-pager\"><a class=\"facetwp-page first active\" data-page=\"1\" href=\"\/es\/wp-json\/wp\/v2\/pages\/563421?paged_3b683=1#listing_3b683\">1<\/a><a class=\"facetwp-page \" data-page=\"2\" href=\"\/es\/wp-json\/wp\/v2\/pages\/563421?paged_3b683=2#listing_3b683\">2<\/a><span class=\"facetwp-separator\">\u2026<\/span><a class=\"facetwp-page \" data-page=\"13\" href=\"\/es\/wp-json\/wp\/v2\/pages\/563421?paged_3b683=13#listing_3b683\">13<\/a><a class=\"facetwp-page next\" data-page=\"2\" href=\"\/es\/wp-json\/wp\/v2\/pages\/563421?paged_3b683=2#listing_3b683\">\u203a<\/a><\/div><\/div><\/div><\/div><\/div>\n<div class=\"wp-block-ws-library-ws-share\"><span class=\"share-subtitle\">\u00bfTe ha gustado esta p\u00e1gina?<\/span><span class=\"share-title\">\u00a1Comp\u00e1rtelo!<\/span><button class=\"ws-share-button wp-element-button\">Comparte esta p\u00e1gina<\/button><\/div>\n","protected":false},"excerpt":{"rendered":"<p>Plena energ\u00eda en un abrir y cerrar de ojos<\/p>\n","protected":false},"author":7,"featured_media":0,"parent":554967,"menu_order":0,"comment_status":"closed","ping_status":"closed","template":"","meta":{"is_dark_mode":false,"footnotes":""},"page_label":[],"class_list":["post-563421","page","type-page","status-publish","hentry"],"yoast_head":"<!-- This site is optimized with the Yoast SEO plugin v28.3 - https:\/\/yoast.com\/product\/yoast-seo-wordpress\/ -->\n<title>Mesas y aperitivos - Hautes-Alpes<\/title>\n<meta name=\"description\" content=\"Mesas y aperitivos Plena energ\u00eda en un abrir y cerrar de ojos Entre una actividad deportiva y otra, sobre la marcha durante una excursi\u00f3n, o simplemente\" \/>\n<meta name=\"robots\" content=\"index, follow, max-snippet:-1, max-image-preview:large, max-video-preview:-1\" \/>\n<link rel=\"canonical\" href=\"https:\/\/www.hautes-alpes.net\/es\/organizarse\/mesas-y-aperitivos\/\" \/>\n<meta property=\"og:locale\" content=\"es_ES\" \/>\n<meta property=\"og:type\" content=\"article\" \/>\n<meta property=\"og:title\" content=\"Mesas y aperitivos - Hautes-Alpes\" \/>\n<meta property=\"og:description\" content=\"Mesas y aperitivos Plena energ\u00eda en un abrir y cerrar de ojos Entre una actividad deportiva y otra, sobre la marcha durante una excursi\u00f3n, o simplemente\" \/>\n<meta property=\"og:url\" content=\"https:\/\/www.hautes-alpes.net\/es\/organizarse\/mesas-y-aperitivos\/\" \/>\n<meta property=\"og:site_name\" content=\"Hautes-Alpes\" \/>\n<meta property=\"article:modified_time\" content=\"2026-06-02T08:50:49+00:00\" \/>\n<meta property=\"og:image\" content=\"https:\/\/www.hautes-alpes.net\/wp-content\/uploads\/2025\/12\/escalade-et-pique-nique-aux-ayes-99.jpg\" \/>\n\t<meta property=\"og:image:width\" content=\"1600\" \/>\n\t<meta property=\"og:image:height\" content=\"2133\" \/>\n\t<meta property=\"og:image:type\" content=\"image\/jpeg\" \/>\n<meta name=\"twitter:card\" content=\"summary_large_image\" \/>\n<script type=\"application\/ld+json\" class=\"yoast-schema-graph\">{\"@context\":\"https:\\\/\\\/schema.org\",\"@graph\":[{\"@type\":\"WebPage\",\"@id\":\"https:\\\/\\\/www.hautes-alpes.net\\\/es\\\/organizarse\\\/mesas-y-aperitivos\\\/\",\"url\":\"https:\\\/\\\/www.hautes-alpes.net\\\/es\\\/organizarse\\\/mesas-y-aperitivos\\\/\",\"name\":\"Mesas y aperitivos - Hautes-Alpes\",\"isPartOf\":{\"@id\":\"https:\\\/\\\/www.hautes-alpes.net\\\/es\\\/#website\"},\"primaryImageOfPage\":{\"@id\":\"https:\\\/\\\/www.hautes-alpes.net\\\/es\\\/organizarse\\\/mesas-y-aperitivos\\\/#primaryimage\"},\"image\":{\"@id\":\"https:\\\/\\\/www.hautes-alpes.net\\\/es\\\/organizarse\\\/mesas-y-aperitivos\\\/#primaryimage\"},\"thumbnailUrl\":\"https:\\\/\\\/www.hautes-alpes.net\\\/wp-content\\\/uploads\\\/2025\\\/12\\\/escalade-et-pique-nique-aux-ayes-99-1600x480.jpg\",\"datePublished\":\"2025-12-05T09:17:53+00:00\",\"dateModified\":\"2026-06-02T08:50:49+00:00\",\"description\":\"Mesas y aperitivos Plena energ\u00eda en un abrir y cerrar de ojos Entre una actividad deportiva y otra, sobre la marcha durante una excursi\u00f3n, o simplemente\",\"breadcrumb\":{\"@id\":\"https:\\\/\\\/www.hautes-alpes.net\\\/es\\\/organizarse\\\/mesas-y-aperitivos\\\/#breadcrumb\"},\"inLanguage\":\"es\",\"potentialAction\":[{\"@type\":\"ReadAction\",\"target\":[\"https:\\\/\\\/www.hautes-alpes.net\\\/es\\\/organizarse\\\/mesas-y-aperitivos\\\/\"]}]},{\"@type\":\"ImageObject\",\"inLanguage\":\"es\",\"@id\":\"https:\\\/\\\/www.hautes-alpes.net\\\/es\\\/organizarse\\\/mesas-y-aperitivos\\\/#primaryimage\",\"url\":\"https:\\\/\\\/www.hautes-alpes.net\\\/wp-content\\\/uploads\\\/2025\\\/12\\\/escalade-et-pique-nique-aux-ayes-99-1600x480.jpg\",\"contentUrl\":\"https:\\\/\\\/www.hautes-alpes.net\\\/wp-content\\\/uploads\\\/2025\\\/12\\\/escalade-et-pique-nique-aux-ayes-99-1600x480.jpg\"},{\"@type\":\"BreadcrumbList\",\"@id\":\"https:\\\/\\\/www.hautes-alpes.net\\\/es\\\/organizarse\\\/mesas-y-aperitivos\\\/#breadcrumb\",\"itemListElement\":[{\"@type\":\"ListItem\",\"position\":1,\"name\":\"Accueil\",\"item\":\"https:\\\/\\\/www.hautes-alpes.net\\\/es\\\/altos-alpes\\\/\"},{\"@type\":\"ListItem\",\"position\":2,\"name\":\"Organizarse\",\"item\":\"https:\\\/\\\/www.hautes-alpes.net\\\/es\\\/organizarse\\\/\"},{\"@type\":\"ListItem\",\"position\":3,\"name\":\"Organizarse\",\"item\":\"https:\\\/\\\/www.hautes-alpes.net\\\/es\\\/sorganiser\\\/\"},{\"@type\":\"ListItem\",\"position\":4,\"name\":\"Mesas y aperitivos\"}]},{\"@type\":\"WebSite\",\"@id\":\"https:\\\/\\\/www.hautes-alpes.net\\\/es\\\/#website\",\"url\":\"https:\\\/\\\/www.hautes-alpes.net\\\/es\\\/\",\"name\":\"ADDET\",\"description\":\"\",\"publisher\":{\"@id\":\"https:\\\/\\\/www.hautes-alpes.net\\\/es\\\/#organization\"},\"potentialAction\":[{\"@type\":\"SearchAction\",\"target\":{\"@type\":\"EntryPoint\",\"urlTemplate\":\"https:\\\/\\\/www.hautes-alpes.net\\\/es\\\/?s={search_term_string}\"},\"query-input\":{\"@type\":\"PropertyValueSpecification\",\"valueRequired\":true,\"valueName\":\"search_term_string\"}}],\"inLanguage\":\"es\"},{\"@type\":\"Organization\",\"@id\":\"https:\\\/\\\/www.hautes-alpes.net\\\/es\\\/#organization\",\"name\":\"Agence D\u00e9partementale de D\u00e9veloppement Economique et Touristique des Hautes-Alpes\",\"url\":\"https:\\\/\\\/www.hautes-alpes.net\\\/es\\\/\",\"logo\":{\"@type\":\"ImageObject\",\"inLanguage\":\"es\",\"@id\":\"https:\\\/\\\/www.hautes-alpes.net\\\/es\\\/#\\\/schema\\\/logo\\\/image\\\/\",\"url\":\"https:\\\/\\\/www.hautes-alpes.net\\\/wp-content\\\/uploads\\\/2026\\\/01\\\/black-logo-2.svg\",\"contentUrl\":\"https:\\\/\\\/www.hautes-alpes.net\\\/wp-content\\\/uploads\\\/2026\\\/01\\\/black-logo-2.svg\",\"caption\":\"Agence D\u00e9partementale de D\u00e9veloppement Economique et Touristique des Hautes-Alpes\"},\"image\":{\"@id\":\"https:\\\/\\\/www.hautes-alpes.net\\\/es\\\/#\\\/schema\\\/logo\\\/image\\\/\"}}]}<\/script>\n<!-- \/ Yoast SEO plugin. -->","yoast_head_json":{"title":"Mesas y aperitivos - Hautes-Alpes","description":"Mesas y aperitivos Plena energ\u00eda en un abrir y cerrar de ojos Entre una actividad deportiva y otra, sobre la marcha durante una excursi\u00f3n, o simplemente","robots":{"index":"index","follow":"follow","max-snippet":"max-snippet:-1","max-image-preview":"max-image-preview:large","max-video-preview":"max-video-preview:-1"},"canonical":"https:\/\/www.hautes-alpes.net\/es\/organizarse\/mesas-y-aperitivos\/","og_locale":"es_ES","og_type":"article","og_title":"Mesas y aperitivos - Hautes-Alpes","og_description":"Mesas y aperitivos Plena energ\u00eda en un abrir y cerrar de ojos Entre una actividad deportiva y otra, sobre la marcha durante una excursi\u00f3n, o simplemente","og_url":"https:\/\/www.hautes-alpes.net\/es\/organizarse\/mesas-y-aperitivos\/","og_site_name":"Hautes-Alpes","article_modified_time":"2026-06-02T08:50:49+00:00","og_image":[{"width":1600,"height":2133,"url":"https:\/\/www.hautes-alpes.net\/wp-content\/uploads\/2025\/12\/escalade-et-pique-nique-aux-ayes-99.jpg","type":"image\/jpeg"}],"twitter_card":"summary_large_image","schema":{"@context":"https:\/\/schema.org","@graph":[{"@type":"WebPage","@id":"https:\/\/www.hautes-alpes.net\/es\/organizarse\/mesas-y-aperitivos\/","url":"https:\/\/www.hautes-alpes.net\/es\/organizarse\/mesas-y-aperitivos\/","name":"Mesas y aperitivos - Hautes-Alpes","isPartOf":{"@id":"https:\/\/www.hautes-alpes.net\/es\/#website"},"primaryImageOfPage":{"@id":"https:\/\/www.hautes-alpes.net\/es\/organizarse\/mesas-y-aperitivos\/#primaryimage"},"image":{"@id":"https:\/\/www.hautes-alpes.net\/es\/organizarse\/mesas-y-aperitivos\/#primaryimage"},"thumbnailUrl":"https:\/\/www.hautes-alpes.net\/wp-content\/uploads\/2025\/12\/escalade-et-pique-nique-aux-ayes-99-1600x480.jpg","datePublished":"2025-12-05T09:17:53+00:00","dateModified":"2026-06-02T08:50:49+00:00","description":"Mesas y aperitivos Plena energ\u00eda en un abrir y cerrar de ojos Entre una actividad deportiva y otra, sobre la marcha durante una excursi\u00f3n, o simplemente","breadcrumb":{"@id":"https:\/\/www.hautes-alpes.net\/es\/organizarse\/mesas-y-aperitivos\/#breadcrumb"},"inLanguage":"es","potentialAction":[{"@type":"ReadAction","target":["https:\/\/www.hautes-alpes.net\/es\/organizarse\/mesas-y-aperitivos\/"]}]},{"@type":"ImageObject","inLanguage":"es","@id":"https:\/\/www.hautes-alpes.net\/es\/organizarse\/mesas-y-aperitivos\/#primaryimage","url":"https:\/\/www.hautes-alpes.net\/wp-content\/uploads\/2025\/12\/escalade-et-pique-nique-aux-ayes-99-1600x480.jpg","contentUrl":"https:\/\/www.hautes-alpes.net\/wp-content\/uploads\/2025\/12\/escalade-et-pique-nique-aux-ayes-99-1600x480.jpg"},{"@type":"BreadcrumbList","@id":"https:\/\/www.hautes-alpes.net\/es\/organizarse\/mesas-y-aperitivos\/#breadcrumb","itemListElement":[{"@type":"ListItem","position":1,"name":"Accueil","item":"https:\/\/www.hautes-alpes.net\/es\/altos-alpes\/"},{"@type":"ListItem","position":2,"name":"Organizarse","item":"https:\/\/www.hautes-alpes.net\/es\/organizarse\/"},{"@type":"ListItem","position":3,"name":"Organizarse","item":"https:\/\/www.hautes-alpes.net\/es\/sorganiser\/"},{"@type":"ListItem","position":4,"name":"Mesas y aperitivos"}]},{"@type":"WebSite","@id":"https:\/\/www.hautes-alpes.net\/es\/#website","url":"https:\/\/www.hautes-alpes.net\/es\/","name":"ADDET","description":"","publisher":{"@id":"https:\/\/www.hautes-alpes.net\/es\/#organization"},"potentialAction":[{"@type":"SearchAction","target":{"@type":"EntryPoint","urlTemplate":"https:\/\/www.hautes-alpes.net\/es\/?s={search_term_string}"},"query-input":{"@type":"PropertyValueSpecification","valueRequired":true,"valueName":"search_term_string"}}],"inLanguage":"es"},{"@type":"Organization","@id":"https:\/\/www.hautes-alpes.net\/es\/#organization","name":"Agence D\u00e9partementale de D\u00e9veloppement Economique et Touristique des Hautes-Alpes","url":"https:\/\/www.hautes-alpes.net\/es\/","logo":{"@type":"ImageObject","inLanguage":"es","@id":"https:\/\/www.hautes-alpes.net\/es\/#\/schema\/logo\/image\/","url":"https:\/\/www.hautes-alpes.net\/wp-content\/uploads\/2026\/01\/black-logo-2.svg","contentUrl":"https:\/\/www.hautes-alpes.net\/wp-content\/uploads\/2026\/01\/black-logo-2.svg","caption":"Agence D\u00e9partementale de D\u00e9veloppement Economique et Touristique des Hautes-Alpes"},"image":{"@id":"https:\/\/www.hautes-alpes.net\/es\/#\/schema\/logo\/image\/"}}]}},"_links":{"self":[{"href":"https:\/\/www.hautes-alpes.net\/es\/wp-json\/wp\/v2\/pages\/563421","targetHints":{"allow":["GET"]}}],"collection":[{"href":"https:\/\/www.hautes-alpes.net\/es\/wp-json\/wp\/v2\/pages"}],"about":[{"href":"https:\/\/www.hautes-alpes.net\/es\/wp-json\/wp\/v2\/types\/page"}],"author":[{"embeddable":true,"href":"https:\/\/www.hautes-alpes.net\/es\/wp-json\/wp\/v2\/users\/7"}],"replies":[{"embeddable":true,"href":"https:\/\/www.hautes-alpes.net\/es\/wp-json\/wp\/v2\/comments?post=563421"}],"version-history":[{"count":2,"href":"https:\/\/www.hautes-alpes.net\/es\/wp-json\/wp\/v2\/pages\/563421\/revisions"}],"predecessor-version":[{"id":563448,"href":"https:\/\/www.hautes-alpes.net\/es\/wp-json\/wp\/v2\/pages\/563421\/revisions\/563448"}],"up":[{"embeddable":true,"href":"https:\/\/www.hautes-alpes.net\/es\/wp-json\/wp\/v2\/pages\/554967"}],"wp:attachment":[{"href":"https:\/\/www.hautes-alpes.net\/es\/wp-json\/wp\/v2\/media?parent=563421"}],"wp:term":[{"taxonomy":"page_label","embeddable":true,"href":"https:\/\/www.hautes-alpes.net\/es\/wp-json\/wp\/v2\/page_label?post=563421"}],"curies":[{"name":"wp","href":"https:\/\/api.w.org\/{rel}","templated":true}]}}