{"id":563407,"date":"2025-12-05T10:03:48","date_gmt":"2025-12-05T09:03:48","guid":{"rendered":"https:\/\/www.hautes-alpes.net\/organizarse\/brasserie-y-tradicion\/"},"modified":"2026-06-22T10:23:21","modified_gmt":"2026-06-22T08:23:21","slug":"brasserie-y-tradicion","status":"publish","type":"page","link":"https:\/\/www.hautes-alpes.net\/es\/organizarse\/brasserie-y-tradicion\/","title":{"rendered":"Brasserie y tradici\u00f3n"},"content":{"rendered":"\n<div class=\"wp-block-group alignfull hero-banner-simple has-global-padding is-layout-constrained wp-block-group-is-layout-constrained\"><div class=\"yoast-breadcrumbs\"><span><span><a href=\"https:\/\/www.hautes-alpes.net\/es\/altos-alpes\/\">Accueil<\/a><\/span>  <span><a href=\"https:\/\/www.hautes-alpes.net\/es\/organizarse\/\">Organizarse<\/a><\/span>  <span><a href=\"https:\/\/www.hautes-alpes.net\/es\/sorganiser\/\">Organizarse<\/a><\/span>  <span class=\"breadcrumb_last\" aria-current=\"page\">Brasserie y tradici\u00f3n<\/span><\/span><\/div>\n\n\n<h1 class=\"wp-block-ws-library-post-title\">Brasserie y tradici\u00f3n<\/h1>\n\n\n\n<p class=\"subtitle wp-block-paragraph\">La aut\u00e9ntica gastronom\u00eda de los Hautes-Alpes<\/p>\n\n\n\n<p class=\"wp-block-paragraph\"><\/p>\n<\/div>\n\n<div class=\"wp-block-ws-library-ws-banner alignfull\"><div class=\"wrapper\"><div class=\"group-media\"><img decoding=\"async\" width=\"1800\" height=\"480\" src=\"https:\/\/www.hautes-alpes.net\/wp-content\/uploads\/2025\/12\/hotel-le-rock-noir-monetier-les-bains-19-1800x480.jpg\" alt=\"\" class=\"single_image wp-image-133320\"><div class=\"credits\">H\u00f4tel le Rock Noir Le Mon\u00eatier les Bains<\/div><\/div>\n<div class=\"group-content\"><p class=\"wp-block-paragraph\">Para una escapada gastron\u00f3mica c\u00e1lida y sencilla, explora las brasseries y restaurantes tradicionales de los Altos Alpes. Los generosos platos, preparados con pasi\u00f3n, celebran las recetas de anta\u00f1o y los productos locales. Toma asiento, comparte un momento de convivencia y descubre los reconfortantes sabores que hacen tan rica nuestra regi\u00f3n.  <\/p><\/div>\n<\/div><\/div>\n<div id=\"listing_f05f0\" data-observer-wishlist class=\"ws-listing wp-block-ws-apidae-library-listing-avance alignwide\" data-map-id=\"map_f05f0\" data-locations-id=\"locations-data_f05f0\"><div class=\"panel-fixe panel-facets\"><div class=\"panel-overlay toggle-facets\"><\/div><div class=\"panel-inner\"><div class=\"panel-header\"><div class=\"panel-title\">Filtros<\/div><a href=\"#\" class=\"panel-close toggle-facets\">Cerrar<\/a><\/div><div class=\"panel-content\"><div class=\"group-summary\"><div class=\"facetwp-selections\"><\/div><a href=\"#\" class=\"link-reset\">Eliminar<\/a><\/div><div class=\"facetwp-facet facetwp-facet-territoires facetwp-type-fselect\" data-name=\"territoires\" data-type=\"fselect\"><\/div><div class=\"facetwp-facet facetwp-facet-station facetwp-type-fselect\" data-name=\"station\" data-type=\"fselect\"><\/div><div class=\"facetwp-facet facetwp-facet-commune facetwp-type-fselect\" data-name=\"commune\" data-type=\"fselect\"><\/div><\/div><div class=\"panel-footer\"><div class=\"facet-buttons\"><button type=\"submit\" class=\"btn btn-1 toggle-facets facetwp-count-btn\">Ver todo <span class=\"results-count\"><\/span> resultados<\/button><\/div><\/div><\/div><\/div><div class=\"listing-header\"><div class=\"toggle-container\"><button class=\"btn toggle-btn toggle-facets\" data-target=\"facets\">Filtros<\/button><\/div><\/div><div class=\"facetwp-template\"><div class=\"list-container active\"><div class=\"list-items\"><div class=\"item\" ><div class=\"card card-apidae card-avance post-type-apidae\"><div class=\"group-top\"><\/div><div class=\"group-media\"><div class=\"field-image\"><img decoding=\"async\" src=\"https:\/\/images.weserv.nl\/?url=https:\/\/static.apidae-tourisme.com\/filestore\/objets-touristiques\/images\/38\/149\/19764518-diaporama.jpg&#038;w=350&#038;h=550&#038;fit=cover&#038;output=webp&#038;q=45\" alt=\"L&#8217;Annexe \u2013  Grand H\u00f4tel &amp; Spa Nuxe\"\/><\/div><\/div><div class=\"group-content\"><div class=\"field-commune\">Saint-Chaffrey<\/div><div class=\"field-title\">L&#8217;Annexe \u2013  Grand H\u00f4tel &amp; Spa Nuxe<\/div><\/div><div class=\"field-link\"><a href=\"https:\/\/www.hautes-alpes.net\/es\/fiche\/lannexe-grand-hotel-spa-nuxe-4\/\" class=\"cardlink\">L&#8217;Annexe \u2013  Grand H\u00f4tel &amp; Spa Nuxe<\/a><\/div><\/div><\/div><div class=\"item\" ><div class=\"card card-apidae card-avance post-type-apidae\"><div class=\"group-top\"><\/div><div class=\"group-media\"><div class=\"field-image\"><img decoding=\"async\" src=\"https:\/\/images.weserv.nl\/?url=https:\/\/static.apidae-tourisme.com\/filestore\/objets-touristiques\/images\/119\/247\/13236087-diaporama.jpg&#038;w=350&#038;h=550&#038;fit=cover&#038;output=webp&#038;q=45\" alt=\"Le Big Food\"\/><\/div><\/div><div class=\"group-content\"><div class=\"field-commune\">Risoul<\/div><div class=\"field-title\">Le Big Food<\/div><\/div><div class=\"field-link\"><a href=\"https:\/\/www.hautes-alpes.net\/es\/fiche\/le-big-food-3\/\" class=\"cardlink\">Le Big Food<\/a><\/div><\/div><\/div><div class=\"item\" ><div class=\"card card-apidae card-avance post-type-apidae\"><div class=\"group-top\"><\/div><div class=\"group-media\"><div class=\"field-image\"><img decoding=\"async\" src=\"https:\/\/images.weserv.nl\/?url=https:\/\/static.apidae-tourisme.com\/filestore\/objets-touristiques\/images\/80\/102\/37054032-diaporama.jpg&#038;w=350&#038;h=550&#038;fit=cover&#038;output=webp&#038;q=45\" alt=\"La Bergerie des Baniols\"\/><\/div><\/div><div class=\"group-content\"><div class=\"field-commune\">Orci\u00e8res<\/div><div class=\"field-title\">La Bergerie des Baniols<\/div><div class=\"field-description\">Restaurante, bar, pizzas, crepes y gofres dulces a 2000 m de altitud. Hay para todos los gustos: sopas, tablas para compartir, pizzas, hamburguesas, platos&#8230;<\/div><\/div><div class=\"field-link\"><a href=\"https:\/\/www.hautes-alpes.net\/es\/fiche\/la-bergerie-des-baniols-4\/\" class=\"cardlink\">La Bergerie des Baniols<\/a><\/div><\/div><\/div><div class=\"item\" ><div class=\"card card-apidae card-avance post-type-apidae\"><div class=\"group-top\"><\/div><div class=\"group-media\"><div class=\"field-image\"><img decoding=\"async\" src=\"https:\/\/images.weserv.nl\/?url=https:\/\/static.apidae-tourisme.com\/filestore\/objets-touristiques\/images\/205\/233\/19720653-diaporama.jpg&#038;w=350&#038;h=550&#038;fit=cover&#038;output=webp&#038;q=45\" alt=\"Le Rustique\"\/><\/div><\/div><div class=\"group-content\"><div class=\"field-commune\">Brian\u00e7on<\/div><div class=\"field-title\">Le Rustique<\/div><\/div><div class=\"field-link\"><a href=\"https:\/\/www.hautes-alpes.net\/es\/fiche\/le-rustique-4\/\" class=\"cardlink\">Le Rustique<\/a><\/div><\/div><\/div><div class=\"item\" ><div class=\"card card-apidae card-avance post-type-apidae\"><div class=\"group-top\"><\/div><div class=\"group-media\"><div class=\"field-image\"><img decoding=\"async\" src=\"https:\/\/images.weserv.nl\/?url=https:\/\/static.apidae-tourisme.com\/filestore\/objets-touristiques\/images-principales\/151\/49\/471447-diaporama.jpg&#038;w=350&#038;h=550&#038;fit=cover&#038;output=webp&#038;q=45\" alt=\"La Bol\u00e9e\"\/><\/div><\/div><div class=\"group-content\"><div class=\"field-commune\">Guillestre<\/div><div class=\"field-title\">La Bol\u00e9e<\/div><\/div><div class=\"field-link\"><a href=\"https:\/\/www.hautes-alpes.net\/es\/fiche\/la-bolee-4\/\" class=\"cardlink\">La Bol\u00e9e<\/a><\/div><\/div><\/div><div class=\"item\" ><div class=\"card card-apidae card-avance post-type-apidae\"><div class=\"group-top\"><\/div><div class=\"group-media\"><div class=\"field-image\"><img decoding=\"async\" src=\"https:\/\/images.weserv.nl\/?url=https:\/\/static.apidae-tourisme.com\/filestore\/objets-touristiques\/images\/126\/59\/26753918-diaporama.jpg&#038;w=350&#038;h=550&#038;fit=cover&#038;output=webp&#038;q=45\" alt=\"Auberge du Prieur\u00e9\"\/><\/div><\/div><div class=\"group-content\"><div class=\"field-commune\">Ventavon<\/div><div class=\"field-title\">Auberge du Prieur\u00e9<\/div><\/div><div class=\"field-link\"><a href=\"https:\/\/www.hautes-alpes.net\/es\/fiche\/auberge-du-prieure-4\/\" class=\"cardlink\">Auberge du Prieur\u00e9<\/a><\/div><\/div><\/div><div class=\"item\" ><div class=\"card card-apidae card-avance post-type-apidae\"><div class=\"group-top\"><\/div><div class=\"group-media\"><div class=\"field-image\"><img decoding=\"async\" src=\"https:\/\/images.weserv.nl\/?url=https:\/\/static.apidae-tourisme.com\/filestore\/objets-touristiques\/images\/98\/23\/23795554-diaporama.jpg&#038;w=350&#038;h=550&#038;fit=cover&#038;output=webp&#038;q=45\" alt=\"La Casa des burgers\"\/><\/div><\/div><div class=\"group-content\"><div class=\"field-commune\">Saint-Chaffrey<\/div><div class=\"field-title\">La Casa des burgers<\/div><\/div><div class=\"field-link\"><a href=\"https:\/\/www.hautes-alpes.net\/es\/fiche\/la-casa-des-burgers-4\/\" class=\"cardlink\">La Casa des burgers<\/a><\/div><\/div><\/div><div class=\"item\" ><div class=\"card card-apidae card-avance post-type-apidae\"><div class=\"group-top\"><\/div><div class=\"group-media\"><div class=\"field-image\"><img decoding=\"async\" src=\"https:\/\/images.weserv.nl\/?url=https:\/\/static.apidae-tourisme.com\/filestore\/objets-touristiques\/images\/217\/49\/13709785-diaporama.jpg&#038;w=350&#038;h=550&#038;fit=cover&#038;output=webp&#038;q=45\" alt=\"Restaurant de la Gare\"\/><\/div><\/div><div class=\"group-content\"><div class=\"field-commune\">Garde-Colombe<\/div><div class=\"field-title\">Restaurant de la Gare<\/div><\/div><div class=\"field-link\"><a href=\"https:\/\/www.hautes-alpes.net\/es\/fiche\/restaurant-de-la-gare-4\/\" class=\"cardlink\">Restaurant de la Gare<\/a><\/div><\/div><\/div><div class=\"item\" ><div class=\"card card-apidae card-avance post-type-apidae\"><div class=\"group-top\"><\/div><div class=\"group-media\"><div class=\"field-image\"><img decoding=\"async\" src=\"https:\/\/images.weserv.nl\/?url=https:\/\/static.apidae-tourisme.com\/filestore\/objets-touristiques\/images\/48\/98\/37904944-diaporama.jpg&#038;w=350&#038;h=550&#038;fit=cover&#038;output=webp&#038;q=45\" alt=\"\u00abO\u00bb Ptit Creu Laragn\u00e9\"\/><\/div><\/div><div class=\"group-content\"><div class=\"field-commune\">Laragne-Mont\u00e9glin<\/div><div class=\"field-title\">\u00abO\u00bb Ptit Creu Laragn\u00e9<\/div><\/div><div class=\"field-link\"><a href=\"https:\/\/www.hautes-alpes.net\/es\/fiche\/o-ptit-creu-laragne-4\/\" class=\"cardlink\">\u00abO\u00bb Ptit Creu Laragn\u00e9<\/a><\/div><\/div><\/div><div class=\"item\" ><div class=\"card card-apidae card-avance post-type-apidae\"><div class=\"group-top\"><\/div><div class=\"group-media\"><div class=\"field-image\"><img decoding=\"async\" src=\"https:\/\/images.weserv.nl\/?url=https:\/\/static.apidae-tourisme.com\/filestore\/objets-touristiques\/images\/89\/16\/8327257-diaporama.jpg&#038;w=350&#038;h=550&#038;fit=cover&#038;output=webp&#038;q=45\" alt=\"Auberge Le Vieux Chaillol\"\/><\/div><\/div><div class=\"group-content\"><div class=\"field-commune\">Saint-Michel-de-Chaillol<\/div><div class=\"field-title\">Auberge Le Vieux Chaillol<\/div><\/div><div class=\"field-link\"><a href=\"https:\/\/www.hautes-alpes.net\/es\/fiche\/auberge-le-vieux-chaillol-5\/\" class=\"cardlink\">Auberge Le Vieux Chaillol<\/a><\/div><\/div><\/div><div class=\"item\" ><div class=\"card card-apidae card-avance post-type-apidae\"><div class=\"group-top\"><\/div><div class=\"group-media\"><div class=\"field-image\"><img decoding=\"async\" src=\"https:\/\/images.weserv.nl\/?url=https:\/\/static.apidae-tourisme.com\/filestore\/objets-touristiques\/images\/243\/130\/35816179-diaporama.jpg&#038;w=350&#038;h=550&#038;fit=cover&#038;output=webp&#038;q=45\" alt=\"Le Chamois\"\/><\/div><\/div><div class=\"group-content\"><div class=\"field-commune\">Molines-en-Queyras<\/div><div class=\"field-title\">Le Chamois<\/div><\/div><div class=\"field-link\"><a href=\"https:\/\/www.hautes-alpes.net\/es\/fiche\/le-chamois-7\/\" class=\"cardlink\">Le Chamois<\/a><\/div><\/div><\/div><div class=\"item\" ><div class=\"card card-apidae card-avance post-type-apidae\"><div class=\"group-top\"><\/div><div class=\"group-media\"><div class=\"field-image\"><img decoding=\"async\" src=\"https:\/\/images.weserv.nl\/?url=https:\/\/static.apidae-tourisme.com\/filestore\/objets-touristiques\/images\/255\/230\/911103-diaporama.jpg&#038;w=350&#038;h=550&#038;fit=cover&#038;output=webp&#038;q=45\" alt=\"H\u00f4tel-restaurant La Bagatelle\"\/><\/div><\/div><div class=\"group-content\"><div class=\"field-commune\">Saint-Michel-de-Chaillol<\/div><div class=\"field-title\">H\u00f4tel-restaurant La Bagatelle<\/div><\/div><div class=\"field-link\"><a href=\"https:\/\/www.hautes-alpes.net\/es\/fiche\/hotel-restaurant-la-bagatelle-3\/\" class=\"cardlink\">H\u00f4tel-restaurant La Bagatelle<\/a><\/div><\/div><\/div><div class=\"item\" ><div class=\"card card-apidae card-avance post-type-apidae\"><div class=\"group-top\"><\/div><div class=\"group-media\"><div class=\"field-image\"><img decoding=\"async\" src=\"https:\/\/images.weserv.nl\/?url=https:\/\/static.apidae-tourisme.com\/filestore\/objets-touristiques\/images\/25\/94\/30039577-diaporama.jpg&#038;w=350&#038;h=550&#038;fit=cover&#038;output=webp&#038;q=45\" alt=\"L&#8217;Epicerie\"\/><\/div><\/div><div class=\"group-content\"><div class=\"field-commune\">Embrun<\/div><div class=\"field-title\">L&#8217;Epicerie<\/div><\/div><div class=\"field-link\"><a href=\"https:\/\/www.hautes-alpes.net\/es\/fiche\/lepicerie-4\/\" class=\"cardlink\">L&#8217;Epicerie<\/a><\/div><\/div><\/div><div class=\"item\" ><div class=\"card card-apidae card-avance post-type-apidae\"><div class=\"group-top\"><\/div><div class=\"group-media\"><div class=\"field-image\"><img decoding=\"async\" src=\"https:\/\/images.weserv.nl\/?url=https:\/\/static.apidae-tourisme.com\/filestore\/objets-touristiques\/images\/198\/94\/26173126-diaporama.jpg&#038;w=350&#038;h=550&#038;fit=cover&#038;output=webp&#038;q=45\" alt=\"Restaurant Logis H\u00f4tels  Le C\u00e9ans\"\/><\/div><\/div><div class=\"group-content\"><div class=\"field-commune\">Sainte-Colombe<\/div><div class=\"field-title\">Restaurant Logis H\u00f4tels  Le C\u00e9ans<\/div><\/div><div class=\"field-link\"><a href=\"https:\/\/www.hautes-alpes.net\/es\/fiche\/restaurant-logis-hotels-le-ceans-4\/\" class=\"cardlink\">Restaurant Logis H\u00f4tels  Le C\u00e9ans<\/a><\/div><\/div><\/div><div class=\"item\" ><div class=\"card card-apidae card-avance post-type-apidae\"><div class=\"group-top\"><\/div><div class=\"group-media\"><div class=\"field-image\"><img decoding=\"async\" src=\"https:\/\/images.weserv.nl\/?url=https:\/\/static.apidae-tourisme.com\/filestore\/objets-touristiques\/images\/135\/235\/10546055-diaporama.jpg&#038;w=350&#038;h=550&#038;fit=cover&#038;output=webp&#038;q=45\" alt=\"Le Pi Ma\u00ef\"\/><\/div><\/div><div class=\"group-content\"><div class=\"field-commune\">La Salle-les-Alpes<\/div><div class=\"field-title\">Le Pi Ma\u00ef<\/div><\/div><div class=\"field-link\"><a href=\"https:\/\/www.hautes-alpes.net\/es\/fiche\/le-pi-mai-4\/\" class=\"cardlink\">Le Pi Ma\u00ef<\/a><\/div><\/div><\/div><div id=\"locations-data_f05f0\" style=\"display: none;\">{&quot;locations&quot;:[{&quot;lat&quot;:&quot;44.933681&quot;,&quot;lng&quot;:&quot;6.587226&quot;,&quot;title&quot;:&quot;L&#8217;Annexe \\u2013  Grand H\\u00f4tel &amp; Spa Nuxe&quot;,&quot;permalink&quot;:&quot;https:\\\/\\\/www.hautes-alpes.net\\\/es\\\/fiche\\\/lannexe-grand-hotel-spa-nuxe-4\\\/&quot;,&quot;type&quot;:&quot;restauration&quot;,&quot;commune&quot;:&quot;Saint-Chaffrey&quot;,&quot;type_commerce&quot;:&quot;&quot;,&quot;image&quot;:&quot;https:\\\/\\\/static.apidae-tourisme.com\\\/filestore\\\/objets-touristiques\\\/images\\\/38\\\/149\\\/19764518-diaporama.jpg&quot;,&quot;image_width&quot;:&quot;350&quot;,&quot;image_height&quot;:&quot;550&quot;,&quot;image_fit&quot;:&quot;cover&quot;},{&quot;lat&quot;:&quot;44.621345&quot;,&quot;lng&quot;:&quot;6.631014&quot;,&quot;title&quot;:&quot;Le Big Food&quot;,&quot;permalink&quot;:&quot;https:\\\/\\\/www.hautes-alpes.net\\\/es\\\/fiche\\\/le-big-food-3\\\/&quot;,&quot;type&quot;:&quot;restauration&quot;,&quot;commune&quot;:&quot;Risoul&quot;,&quot;type_commerce&quot;:&quot;&quot;,&quot;image&quot;:&quot;https:\\\/\\\/static.apidae-tourisme.com\\\/filestore\\\/objets-touristiques\\\/images\\\/119\\\/247\\\/13236087-diaporama.jpg&quot;,&quot;image_width&quot;:&quot;350&quot;,&quot;image_height&quot;:&quot;550&quot;,&quot;image_fit&quot;:&quot;cover&quot;},{&quot;lat&quot;:&quot;44.702178&quot;,&quot;lng&quot;:&quot;6.323158&quot;,&quot;title&quot;:&quot;La Bergerie des Baniols&quot;,&quot;permalink&quot;:&quot;https:\\\/\\\/www.hautes-alpes.net\\\/es\\\/fiche\\\/la-bergerie-des-baniols-4\\\/&quot;,&quot;type&quot;:&quot;restauration&quot;,&quot;commune&quot;:&quot;Orci\\u00e8res&quot;,&quot;type_commerce&quot;:&quot;&quot;,&quot;image&quot;:&quot;https:\\\/\\\/static.apidae-tourisme.com\\\/filestore\\\/objets-touristiques\\\/images\\\/80\\\/102\\\/37054032-diaporama.jpg&quot;,&quot;image_width&quot;:&quot;350&quot;,&quot;image_height&quot;:&quot;550&quot;,&quot;image_fit&quot;:&quot;cover&quot;},{&quot;lat&quot;:&quot;44.899111&quot;,&quot;lng&quot;:&quot;6.643909&quot;,&quot;title&quot;:&quot;Le Rustique&quot;,&quot;permalink&quot;:&quot;https:\\\/\\\/www.hautes-alpes.net\\\/es\\\/fiche\\\/le-rustique-4\\\/&quot;,&quot;type&quot;:&quot;restauration&quot;,&quot;commune&quot;:&quot;Brian\\u00e7on&quot;,&quot;type_commerce&quot;:&quot;&quot;,&quot;image&quot;:&quot;https:\\\/\\\/static.apidae-tourisme.com\\\/filestore\\\/objets-touristiques\\\/images\\\/205\\\/233\\\/19720653-diaporama.jpg&quot;,&quot;image_width&quot;:&quot;350&quot;,&quot;image_height&quot;:&quot;550&quot;,&quot;image_fit&quot;:&quot;cover&quot;},{&quot;lat&quot;:&quot;44.660612&quot;,&quot;lng&quot;:&quot;6.650169&quot;,&quot;title&quot;:&quot;La Bol\\u00e9e&quot;,&quot;permalink&quot;:&quot;https:\\\/\\\/www.hautes-alpes.net\\\/es\\\/fiche\\\/la-bolee-4\\\/&quot;,&quot;type&quot;:&quot;restauration&quot;,&quot;commune&quot;:&quot;Guillestre&quot;,&quot;type_commerce&quot;:&quot;&quot;,&quot;image&quot;:&quot;https:\\\/\\\/static.apidae-tourisme.com\\\/filestore\\\/objets-touristiques\\\/images-principales\\\/151\\\/49\\\/471447-diaporama.jpg&quot;,&quot;image_width&quot;:&quot;350&quot;,&quot;image_height&quot;:&quot;550&quot;,&quot;image_fit&quot;:&quot;cover&quot;},{&quot;lat&quot;:&quot;44.370757&quot;,&quot;lng&quot;:&quot;5.905728&quot;,&quot;title&quot;:&quot;Auberge du Prieur\\u00e9&quot;,&quot;permalink&quot;:&quot;https:\\\/\\\/www.hautes-alpes.net\\\/es\\\/fiche\\\/auberge-du-prieure-4\\\/&quot;,&quot;type&quot;:&quot;restauration&quot;,&quot;commune&quot;:&quot;Ventavon&quot;,&quot;type_commerce&quot;:&quot;&quot;,&quot;image&quot;:&quot;https:\\\/\\\/static.apidae-tourisme.com\\\/filestore\\\/objets-touristiques\\\/images\\\/126\\\/59\\\/26753918-diaporama.jpg&quot;,&quot;image_width&quot;:&quot;350&quot;,&quot;image_height&quot;:&quot;550&quot;,&quot;image_fit&quot;:&quot;cover&quot;},{&quot;lat&quot;:&quot;44.93345&quot;,&quot;lng&quot;:&quot;6.586976&quot;,&quot;title&quot;:&quot;La Casa des burgers&quot;,&quot;permalink&quot;:&quot;https:\\\/\\\/www.hautes-alpes.net\\\/es\\\/fiche\\\/la-casa-des-burgers-4\\\/&quot;,&quot;type&quot;:&quot;restauration&quot;,&quot;commune&quot;:&quot;Saint-Chaffrey&quot;,&quot;type_commerce&quot;:&quot;&quot;,&quot;image&quot;:&quot;https:\\\/\\\/static.apidae-tourisme.com\\\/filestore\\\/objets-touristiques\\\/images\\\/98\\\/23\\\/23795554-diaporama.jpg&quot;,&quot;image_width&quot;:&quot;350&quot;,&quot;image_height&quot;:&quot;550&quot;,&quot;image_fit&quot;:&quot;cover&quot;},{&quot;lat&quot;:&quot;44.346433&quot;,&quot;lng&quot;:&quot;5.770826&quot;,&quot;title&quot;:&quot;Restaurant de la Gare&quot;,&quot;permalink&quot;:&quot;https:\\\/\\\/www.hautes-alpes.net\\\/es\\\/fiche\\\/restaurant-de-la-gare-4\\\/&quot;,&quot;type&quot;:&quot;restauration&quot;,&quot;commune&quot;:&quot;Garde-Colombe&quot;,&quot;type_commerce&quot;:&quot;&quot;,&quot;image&quot;:&quot;https:\\\/\\\/static.apidae-tourisme.com\\\/filestore\\\/objets-touristiques\\\/images\\\/217\\\/49\\\/13709785-diaporama.jpg&quot;,&quot;image_width&quot;:&quot;350&quot;,&quot;image_height&quot;:&quot;550&quot;,&quot;image_fit&quot;:&quot;cover&quot;},{&quot;lat&quot;:&quot;44.314372&quot;,&quot;lng&quot;:&quot;5.825002&quot;,&quot;title&quot;:&quot;\\u00abO\\u00bb Ptit Creu Laragn\\u00e9&quot;,&quot;permalink&quot;:&quot;https:\\\/\\\/www.hautes-alpes.net\\\/es\\\/fiche\\\/o-ptit-creu-laragne-4\\\/&quot;,&quot;type&quot;:&quot;restauration&quot;,&quot;commune&quot;:&quot;Laragne-Mont\\u00e9glin&quot;,&quot;type_commerce&quot;:&quot;&quot;,&quot;image&quot;:&quot;https:\\\/\\\/static.apidae-tourisme.com\\\/filestore\\\/objets-touristiques\\\/images\\\/48\\\/98\\\/37904944-diaporama.jpg&quot;,&quot;image_width&quot;:&quot;350&quot;,&quot;image_height&quot;:&quot;550&quot;,&quot;image_fit&quot;:&quot;cover&quot;},{&quot;lat&quot;:&quot;44.682042&quot;,&quot;lng&quot;:&quot;6.167632&quot;,&quot;title&quot;:&quot;Auberge Le Vieux Chaillol&quot;,&quot;permalink&quot;:&quot;https:\\\/\\\/www.hautes-alpes.net\\\/es\\\/fiche\\\/auberge-le-vieux-chaillol-5\\\/&quot;,&quot;type&quot;:&quot;restauration&quot;,&quot;commune&quot;:&quot;Saint-Michel-de-Chaillol&quot;,&quot;type_commerce&quot;:&quot;&quot;,&quot;image&quot;:&quot;https:\\\/\\\/static.apidae-tourisme.com\\\/filestore\\\/objets-touristiques\\\/images\\\/89\\\/16\\\/8327257-diaporama.jpg&quot;,&quot;image_width&quot;:&quot;350&quot;,&quot;image_height&quot;:&quot;550&quot;,&quot;image_fit&quot;:&quot;cover&quot;},{&quot;lat&quot;:&quot;44.730375&quot;,&quot;lng&quot;:&quot;6.842726&quot;,&quot;title&quot;:&quot;Le Chamois&quot;,&quot;permalink&quot;:&quot;https:\\\/\\\/www.hautes-alpes.net\\\/es\\\/fiche\\\/le-chamois-7\\\/&quot;,&quot;type&quot;:&quot;restauration&quot;,&quot;commune&quot;:&quot;Molines-en-Queyras&quot;,&quot;type_commerce&quot;:&quot;&quot;,&quot;image&quot;:&quot;https:\\\/\\\/static.apidae-tourisme.com\\\/filestore\\\/objets-touristiques\\\/images\\\/243\\\/130\\\/35816179-diaporama.jpg&quot;,&quot;image_width&quot;:&quot;350&quot;,&quot;image_height&quot;:&quot;550&quot;,&quot;image_fit&quot;:&quot;cover&quot;},{&quot;lat&quot;:&quot;44.689152&quot;,&quot;lng&quot;:&quot;6.167448&quot;,&quot;title&quot;:&quot;H\\u00f4tel-restaurant La Bagatelle&quot;,&quot;permalink&quot;:&quot;https:\\\/\\\/www.hautes-alpes.net\\\/es\\\/fiche\\\/hotel-restaurant-la-bagatelle-3\\\/&quot;,&quot;type&quot;:&quot;restauration&quot;,&quot;commune&quot;:&quot;Saint-Michel-de-Chaillol&quot;,&quot;type_commerce&quot;:&quot;&quot;,&quot;image&quot;:&quot;https:\\\/\\\/static.apidae-tourisme.com\\\/filestore\\\/objets-touristiques\\\/images\\\/255\\\/230\\\/911103-diaporama.jpg&quot;,&quot;image_width&quot;:&quot;350&quot;,&quot;image_height&quot;:&quot;550&quot;,&quot;image_fit&quot;:&quot;cover&quot;},{&quot;lat&quot;:&quot;44.564128&quot;,&quot;lng&quot;:&quot;6.495956&quot;,&quot;title&quot;:&quot;L&#8217;Epicerie&quot;,&quot;permalink&quot;:&quot;https:\\\/\\\/www.hautes-alpes.net\\\/es\\\/fiche\\\/lepicerie-4\\\/&quot;,&quot;type&quot;:&quot;restauration&quot;,&quot;commune&quot;:&quot;Embrun&quot;,&quot;type_commerce&quot;:&quot;&quot;,&quot;image&quot;:&quot;https:\\\/\\\/static.apidae-tourisme.com\\\/filestore\\\/objets-touristiques\\\/images\\\/25\\\/94\\\/30039577-diaporama.jpg&quot;,&quot;image_width&quot;:&quot;350&quot;,&quot;image_height&quot;:&quot;550&quot;,&quot;image_fit&quot;:&quot;cover&quot;},{&quot;lat&quot;:&quot;44.296658&quot;,&quot;lng&quot;:&quot;5.646908&quot;,&quot;title&quot;:&quot;Restaurant Logis H\\u00f4tels  Le C\\u00e9ans&quot;,&quot;permalink&quot;:&quot;https:\\\/\\\/www.hautes-alpes.net\\\/es\\\/fiche\\\/restaurant-logis-hotels-le-ceans-4\\\/&quot;,&quot;type&quot;:&quot;restauration&quot;,&quot;commune&quot;:&quot;Sainte-Colombe&quot;,&quot;type_commerce&quot;:&quot;&quot;,&quot;image&quot;:&quot;https:\\\/\\\/static.apidae-tourisme.com\\\/filestore\\\/objets-touristiques\\\/images\\\/198\\\/94\\\/26173126-diaporama.jpg&quot;,&quot;image_width&quot;:&quot;350&quot;,&quot;image_height&quot;:&quot;550&quot;,&quot;image_fit&quot;:&quot;cover&quot;},{&quot;lat&quot;:&quot;44.932552&quot;,&quot;lng&quot;:&quot;6.536793&quot;,&quot;title&quot;:&quot;Le Pi Ma\\u00ef&quot;,&quot;permalink&quot;:&quot;https:\\\/\\\/www.hautes-alpes.net\\\/es\\\/fiche\\\/le-pi-mai-4\\\/&quot;,&quot;type&quot;:&quot;restauration&quot;,&quot;commune&quot;:&quot;La Salle-les-Alpes&quot;,&quot;type_commerce&quot;:&quot;&quot;,&quot;image&quot;:&quot;https:\\\/\\\/static.apidae-tourisme.com\\\/filestore\\\/objets-touristiques\\\/images\\\/135\\\/235\\\/10546055-diaporama.jpg&quot;,&quot;image_width&quot;:&quot;350&quot;,&quot;image_height&quot;:&quot;550&quot;,&quot;image_fit&quot;:&quot;cover&quot;}],&quot;center_lat&quot;:&quot;44.933681&quot;,&quot;center_lng&quot;:&quot;6.587226&quot;}<\/div><\/div><div class=\"ws-apidae-pager\" data-type=\"pager\"><div class=\"custom-pager\"><a class=\"facetwp-page first active\" data-page=\"1\" href=\"\/es\/wp-json\/wp\/v2\/pages\/563407?paged_f05f0=1#listing_f05f0\">1<\/a><a class=\"facetwp-page \" data-page=\"2\" href=\"\/es\/wp-json\/wp\/v2\/pages\/563407?paged_f05f0=2#listing_f05f0\">2<\/a><span class=\"facetwp-separator\">\u2026<\/span><a class=\"facetwp-page \" data-page=\"20\" href=\"\/es\/wp-json\/wp\/v2\/pages\/563407?paged_f05f0=20#listing_f05f0\">20<\/a><a class=\"facetwp-page next\" data-page=\"2\" href=\"\/es\/wp-json\/wp\/v2\/pages\/563407?paged_f05f0=2#listing_f05f0\">\u203a<\/a><\/div><\/div><\/div><\/div><\/div>\n<div class=\"wp-block-ws-library-ws-share\"><span class=\"share-subtitle\">\u00bfTe ha gustado esta p\u00e1gina?<\/span><span class=\"share-title\">\u00a1Comp\u00e1rtelo!<\/span><button class=\"ws-share-button wp-element-button\">Comparte esta p\u00e1gina<\/button><\/div>\n","protected":false},"excerpt":{"rendered":"<p>La aut\u00e9ntica gastronom\u00eda de los Hautes-Alpes<\/p>\n","protected":false},"author":7,"featured_media":0,"parent":554967,"menu_order":0,"comment_status":"closed","ping_status":"closed","template":"","meta":{"is_dark_mode":false,"footnotes":""},"page_label":[],"class_list":["post-563407","page","type-page","status-publish","hentry"],"yoast_head":"<!-- This site is optimized with the Yoast SEO plugin v28.3 - https:\/\/yoast.com\/product\/yoast-seo-wordpress\/ -->\n<title>Brasserie y tradici\u00f3n - Hautes-Alpes<\/title>\n<meta name=\"description\" content=\"Brasserie y tradici\u00f3n La aut\u00e9ntica gastronom\u00eda de los Hautes-Alpes H\u00f4tel le Rock Noir Le Mon\u00eatier les Bains Para una escapada gastron\u00f3mica c\u00e1lida y\" \/>\n<meta name=\"robots\" content=\"index, follow, max-snippet:-1, max-image-preview:large, max-video-preview:-1\" \/>\n<link rel=\"canonical\" href=\"https:\/\/www.hautes-alpes.net\/es\/organizarse\/brasserie-y-tradicion\/\" \/>\n<meta property=\"og:locale\" content=\"es_ES\" \/>\n<meta property=\"og:type\" content=\"article\" \/>\n<meta property=\"og:title\" content=\"Brasserie y tradici\u00f3n - Hautes-Alpes\" \/>\n<meta property=\"og:description\" content=\"Brasserie y tradici\u00f3n La aut\u00e9ntica gastronom\u00eda de los Hautes-Alpes H\u00f4tel le Rock Noir Le Mon\u00eatier les Bains Para una escapada gastron\u00f3mica c\u00e1lida y\" \/>\n<meta property=\"og:url\" content=\"https:\/\/www.hautes-alpes.net\/es\/organizarse\/brasserie-y-tradicion\/\" \/>\n<meta property=\"og:site_name\" content=\"Hautes-Alpes\" \/>\n<meta property=\"article:modified_time\" content=\"2026-06-22T08:23:21+00:00\" \/>\n<meta property=\"og:image\" content=\"https:\/\/www.hautes-alpes.net\/wp-content\/uploads\/2025\/12\/hotel-le-rock-noir-monetier-les-bains-19.jpg\" \/>\n\t<meta property=\"og:image:width\" content=\"1800\" \/>\n\t<meta property=\"og:image:height\" content=\"1200\" \/>\n\t<meta property=\"og:image:type\" content=\"image\/jpeg\" \/>\n<meta name=\"twitter:card\" content=\"summary_large_image\" \/>\n<script type=\"application\/ld+json\" class=\"yoast-schema-graph\">{\"@context\":\"https:\\\/\\\/schema.org\",\"@graph\":[{\"@type\":\"WebPage\",\"@id\":\"https:\\\/\\\/www.hautes-alpes.net\\\/es\\\/organizarse\\\/brasserie-y-tradicion\\\/\",\"url\":\"https:\\\/\\\/www.hautes-alpes.net\\\/es\\\/organizarse\\\/brasserie-y-tradicion\\\/\",\"name\":\"Brasserie y tradici\u00f3n - Hautes-Alpes\",\"isPartOf\":{\"@id\":\"https:\\\/\\\/www.hautes-alpes.net\\\/es\\\/#website\"},\"primaryImageOfPage\":{\"@id\":\"https:\\\/\\\/www.hautes-alpes.net\\\/es\\\/organizarse\\\/brasserie-y-tradicion\\\/#primaryimage\"},\"image\":{\"@id\":\"https:\\\/\\\/www.hautes-alpes.net\\\/es\\\/organizarse\\\/brasserie-y-tradicion\\\/#primaryimage\"},\"thumbnailUrl\":\"https:\\\/\\\/www.hautes-alpes.net\\\/wp-content\\\/uploads\\\/2025\\\/12\\\/hotel-le-rock-noir-monetier-les-bains-19-1800x480.jpg\",\"datePublished\":\"2025-12-05T09:03:48+00:00\",\"dateModified\":\"2026-06-22T08:23:21+00:00\",\"description\":\"Brasserie y tradici\u00f3n La aut\u00e9ntica gastronom\u00eda de los Hautes-Alpes H\u00f4tel le Rock Noir Le Mon\u00eatier les Bains Para una escapada gastron\u00f3mica c\u00e1lida y\",\"breadcrumb\":{\"@id\":\"https:\\\/\\\/www.hautes-alpes.net\\\/es\\\/organizarse\\\/brasserie-y-tradicion\\\/#breadcrumb\"},\"inLanguage\":\"es\",\"potentialAction\":[{\"@type\":\"ReadAction\",\"target\":[\"https:\\\/\\\/www.hautes-alpes.net\\\/es\\\/organizarse\\\/brasserie-y-tradicion\\\/\"]}]},{\"@type\":\"ImageObject\",\"inLanguage\":\"es\",\"@id\":\"https:\\\/\\\/www.hautes-alpes.net\\\/es\\\/organizarse\\\/brasserie-y-tradicion\\\/#primaryimage\",\"url\":\"https:\\\/\\\/www.hautes-alpes.net\\\/wp-content\\\/uploads\\\/2025\\\/12\\\/hotel-le-rock-noir-monetier-les-bains-19-1800x480.jpg\",\"contentUrl\":\"https:\\\/\\\/www.hautes-alpes.net\\\/wp-content\\\/uploads\\\/2025\\\/12\\\/hotel-le-rock-noir-monetier-les-bains-19-1800x480.jpg\"},{\"@type\":\"BreadcrumbList\",\"@id\":\"https:\\\/\\\/www.hautes-alpes.net\\\/es\\\/organizarse\\\/brasserie-y-tradicion\\\/#breadcrumb\",\"itemListElement\":[{\"@type\":\"ListItem\",\"position\":1,\"name\":\"Accueil\",\"item\":\"https:\\\/\\\/www.hautes-alpes.net\\\/es\\\/altos-alpes\\\/\"},{\"@type\":\"ListItem\",\"position\":2,\"name\":\"Organizarse\",\"item\":\"https:\\\/\\\/www.hautes-alpes.net\\\/es\\\/organizarse\\\/\"},{\"@type\":\"ListItem\",\"position\":3,\"name\":\"Organizarse\",\"item\":\"https:\\\/\\\/www.hautes-alpes.net\\\/es\\\/sorganiser\\\/\"},{\"@type\":\"ListItem\",\"position\":4,\"name\":\"Brasserie y tradici\u00f3n\"}]},{\"@type\":\"WebSite\",\"@id\":\"https:\\\/\\\/www.hautes-alpes.net\\\/es\\\/#website\",\"url\":\"https:\\\/\\\/www.hautes-alpes.net\\\/es\\\/\",\"name\":\"ADDET\",\"description\":\"\",\"publisher\":{\"@id\":\"https:\\\/\\\/www.hautes-alpes.net\\\/es\\\/#organization\"},\"potentialAction\":[{\"@type\":\"SearchAction\",\"target\":{\"@type\":\"EntryPoint\",\"urlTemplate\":\"https:\\\/\\\/www.hautes-alpes.net\\\/es\\\/?s={search_term_string}\"},\"query-input\":{\"@type\":\"PropertyValueSpecification\",\"valueRequired\":true,\"valueName\":\"search_term_string\"}}],\"inLanguage\":\"es\"},{\"@type\":\"Organization\",\"@id\":\"https:\\\/\\\/www.hautes-alpes.net\\\/es\\\/#organization\",\"name\":\"Agence D\u00e9partementale de D\u00e9veloppement Economique et Touristique des Hautes-Alpes\",\"url\":\"https:\\\/\\\/www.hautes-alpes.net\\\/es\\\/\",\"logo\":{\"@type\":\"ImageObject\",\"inLanguage\":\"es\",\"@id\":\"https:\\\/\\\/www.hautes-alpes.net\\\/es\\\/#\\\/schema\\\/logo\\\/image\\\/\",\"url\":\"https:\\\/\\\/www.hautes-alpes.net\\\/wp-content\\\/uploads\\\/2026\\\/01\\\/black-logo-2.svg\",\"contentUrl\":\"https:\\\/\\\/www.hautes-alpes.net\\\/wp-content\\\/uploads\\\/2026\\\/01\\\/black-logo-2.svg\",\"caption\":\"Agence D\u00e9partementale de D\u00e9veloppement Economique et Touristique des Hautes-Alpes\"},\"image\":{\"@id\":\"https:\\\/\\\/www.hautes-alpes.net\\\/es\\\/#\\\/schema\\\/logo\\\/image\\\/\"}}]}<\/script>\n<!-- \/ Yoast SEO plugin. -->","yoast_head_json":{"title":"Brasserie y tradici\u00f3n - Hautes-Alpes","description":"Brasserie y tradici\u00f3n La aut\u00e9ntica gastronom\u00eda de los Hautes-Alpes H\u00f4tel le Rock Noir Le Mon\u00eatier les Bains Para una escapada gastron\u00f3mica c\u00e1lida y","robots":{"index":"index","follow":"follow","max-snippet":"max-snippet:-1","max-image-preview":"max-image-preview:large","max-video-preview":"max-video-preview:-1"},"canonical":"https:\/\/www.hautes-alpes.net\/es\/organizarse\/brasserie-y-tradicion\/","og_locale":"es_ES","og_type":"article","og_title":"Brasserie y tradici\u00f3n - Hautes-Alpes","og_description":"Brasserie y tradici\u00f3n La aut\u00e9ntica gastronom\u00eda de los Hautes-Alpes H\u00f4tel le Rock Noir Le Mon\u00eatier les Bains Para una escapada gastron\u00f3mica c\u00e1lida y","og_url":"https:\/\/www.hautes-alpes.net\/es\/organizarse\/brasserie-y-tradicion\/","og_site_name":"Hautes-Alpes","article_modified_time":"2026-06-22T08:23:21+00:00","og_image":[{"width":1800,"height":1200,"url":"https:\/\/www.hautes-alpes.net\/wp-content\/uploads\/2025\/12\/hotel-le-rock-noir-monetier-les-bains-19.jpg","type":"image\/jpeg"}],"twitter_card":"summary_large_image","schema":{"@context":"https:\/\/schema.org","@graph":[{"@type":"WebPage","@id":"https:\/\/www.hautes-alpes.net\/es\/organizarse\/brasserie-y-tradicion\/","url":"https:\/\/www.hautes-alpes.net\/es\/organizarse\/brasserie-y-tradicion\/","name":"Brasserie y tradici\u00f3n - Hautes-Alpes","isPartOf":{"@id":"https:\/\/www.hautes-alpes.net\/es\/#website"},"primaryImageOfPage":{"@id":"https:\/\/www.hautes-alpes.net\/es\/organizarse\/brasserie-y-tradicion\/#primaryimage"},"image":{"@id":"https:\/\/www.hautes-alpes.net\/es\/organizarse\/brasserie-y-tradicion\/#primaryimage"},"thumbnailUrl":"https:\/\/www.hautes-alpes.net\/wp-content\/uploads\/2025\/12\/hotel-le-rock-noir-monetier-les-bains-19-1800x480.jpg","datePublished":"2025-12-05T09:03:48+00:00","dateModified":"2026-06-22T08:23:21+00:00","description":"Brasserie y tradici\u00f3n La aut\u00e9ntica gastronom\u00eda de los Hautes-Alpes H\u00f4tel le Rock Noir Le Mon\u00eatier les Bains Para una escapada gastron\u00f3mica c\u00e1lida y","breadcrumb":{"@id":"https:\/\/www.hautes-alpes.net\/es\/organizarse\/brasserie-y-tradicion\/#breadcrumb"},"inLanguage":"es","potentialAction":[{"@type":"ReadAction","target":["https:\/\/www.hautes-alpes.net\/es\/organizarse\/brasserie-y-tradicion\/"]}]},{"@type":"ImageObject","inLanguage":"es","@id":"https:\/\/www.hautes-alpes.net\/es\/organizarse\/brasserie-y-tradicion\/#primaryimage","url":"https:\/\/www.hautes-alpes.net\/wp-content\/uploads\/2025\/12\/hotel-le-rock-noir-monetier-les-bains-19-1800x480.jpg","contentUrl":"https:\/\/www.hautes-alpes.net\/wp-content\/uploads\/2025\/12\/hotel-le-rock-noir-monetier-les-bains-19-1800x480.jpg"},{"@type":"BreadcrumbList","@id":"https:\/\/www.hautes-alpes.net\/es\/organizarse\/brasserie-y-tradicion\/#breadcrumb","itemListElement":[{"@type":"ListItem","position":1,"name":"Accueil","item":"https:\/\/www.hautes-alpes.net\/es\/altos-alpes\/"},{"@type":"ListItem","position":2,"name":"Organizarse","item":"https:\/\/www.hautes-alpes.net\/es\/organizarse\/"},{"@type":"ListItem","position":3,"name":"Organizarse","item":"https:\/\/www.hautes-alpes.net\/es\/sorganiser\/"},{"@type":"ListItem","position":4,"name":"Brasserie y tradici\u00f3n"}]},{"@type":"WebSite","@id":"https:\/\/www.hautes-alpes.net\/es\/#website","url":"https:\/\/www.hautes-alpes.net\/es\/","name":"ADDET","description":"","publisher":{"@id":"https:\/\/www.hautes-alpes.net\/es\/#organization"},"potentialAction":[{"@type":"SearchAction","target":{"@type":"EntryPoint","urlTemplate":"https:\/\/www.hautes-alpes.net\/es\/?s={search_term_string}"},"query-input":{"@type":"PropertyValueSpecification","valueRequired":true,"valueName":"search_term_string"}}],"inLanguage":"es"},{"@type":"Organization","@id":"https:\/\/www.hautes-alpes.net\/es\/#organization","name":"Agence D\u00e9partementale de D\u00e9veloppement Economique et Touristique des Hautes-Alpes","url":"https:\/\/www.hautes-alpes.net\/es\/","logo":{"@type":"ImageObject","inLanguage":"es","@id":"https:\/\/www.hautes-alpes.net\/es\/#\/schema\/logo\/image\/","url":"https:\/\/www.hautes-alpes.net\/wp-content\/uploads\/2026\/01\/black-logo-2.svg","contentUrl":"https:\/\/www.hautes-alpes.net\/wp-content\/uploads\/2026\/01\/black-logo-2.svg","caption":"Agence D\u00e9partementale de D\u00e9veloppement Economique et Touristique des Hautes-Alpes"},"image":{"@id":"https:\/\/www.hautes-alpes.net\/es\/#\/schema\/logo\/image\/"}}]}},"_links":{"self":[{"href":"https:\/\/www.hautes-alpes.net\/es\/wp-json\/wp\/v2\/pages\/563407","targetHints":{"allow":["GET"]}}],"collection":[{"href":"https:\/\/www.hautes-alpes.net\/es\/wp-json\/wp\/v2\/pages"}],"about":[{"href":"https:\/\/www.hautes-alpes.net\/es\/wp-json\/wp\/v2\/types\/page"}],"author":[{"embeddable":true,"href":"https:\/\/www.hautes-alpes.net\/es\/wp-json\/wp\/v2\/users\/7"}],"replies":[{"embeddable":true,"href":"https:\/\/www.hautes-alpes.net\/es\/wp-json\/wp\/v2\/comments?post=563407"}],"version-history":[{"count":5,"href":"https:\/\/www.hautes-alpes.net\/es\/wp-json\/wp\/v2\/pages\/563407\/revisions"}],"predecessor-version":[{"id":620484,"href":"https:\/\/www.hautes-alpes.net\/es\/wp-json\/wp\/v2\/pages\/563407\/revisions\/620484"}],"up":[{"embeddable":true,"href":"https:\/\/www.hautes-alpes.net\/es\/wp-json\/wp\/v2\/pages\/554967"}],"wp:attachment":[{"href":"https:\/\/www.hautes-alpes.net\/es\/wp-json\/wp\/v2\/media?parent=563407"}],"wp:term":[{"taxonomy":"page_label","embeddable":true,"href":"https:\/\/www.hautes-alpes.net\/es\/wp-json\/wp\/v2\/page_label?post=563407"}],"curies":[{"name":"wp","href":"https:\/\/api.w.org\/{rel}","templated":true}]}}