{"id":563374,"date":"2025-12-05T08:26:39","date_gmt":"2025-12-05T07:26:39","guid":{"rendered":"https:\/\/www.hautes-alpes.net\/organizarse\/campings\/"},"modified":"2026-06-02T10:50:32","modified_gmt":"2026-06-02T08:50:32","slug":"campings","status":"publish","type":"page","link":"https:\/\/www.hautes-alpes.net\/es\/organizarse\/campings\/","title":{"rendered":"Campings"},"content":{"rendered":"\n<div class=\"wp-block-group alignfull hero-banner-simple has-global-padding is-layout-constrained wp-block-group-is-layout-constrained\"><div class=\"yoast-breadcrumbs\"><span><span><a href=\"https:\/\/www.hautes-alpes.net\/es\/altos-alpes\/\">Accueil<\/a><\/span>  <span><a href=\"https:\/\/www.hautes-alpes.net\/es\/organizarse\/\">Organizarse<\/a><\/span>  <span><a href=\"https:\/\/www.hautes-alpes.net\/es\/sorganiser\/\">Organizarse<\/a><\/span>  <span class=\"breadcrumb_last\" aria-current=\"page\">Campings<\/span><\/span><\/div>\n\n\n<h1 class=\"wp-block-ws-library-post-title\">Campings<\/h1>\n\n\n\n<p class=\"subtitle wp-block-paragraph\">Noches estrelladas y amplios espacios abiertos<\/p>\n\n\n\n<p class=\"wp-block-paragraph\"><\/p>\n<\/div>\n\n<div class=\"wp-block-ws-library-ws-banner alignfull\"><div class=\"wrapper\"><div class=\"group-media\"><img decoding=\"async\" width=\"1600\" height=\"480\" src=\"https:\/\/www.hautes-alpes.net\/wp-content\/uploads\/2025\/12\/23671d-1-1600x480.jpg\" alt=\"\" class=\"single_image wp-image-103159\"><\/div>\n<div class=\"group-content\"><p class=\"wp-block-paragraph\">Tanto si est\u00e1s en una tienda de campa\u00f1a, una caravana o una casa m\u00f3vil totalmente equipada, encuentra tu <strong>parcela ideal<\/strong> y despierta en las monta\u00f1as. Respira aire puro y disfruta de acceso directo a actividades al aire libre. <\/p><\/div>\n<\/div><\/div>\n<div id=\"listing_deee2\" data-observer-wishlist class=\"ws-listing wp-block-ws-apidae-library-listing-avance alignwide\" data-map-id=\"map_deee2\" data-locations-id=\"locations-data_deee2\"><div class=\"panel-fixe panel-facets\"><div class=\"panel-overlay toggle-facets\"><\/div><div class=\"panel-inner\"><div class=\"panel-header\"><div class=\"panel-title\">Filtros<\/div><a href=\"#\" class=\"panel-close toggle-facets\">Cerrar<\/a><\/div><div class=\"panel-content\"><div class=\"group-summary\"><div class=\"facetwp-selections\"><\/div><a href=\"#\" class=\"link-reset\">Eliminar<\/a><\/div><div class=\"facetwp-facet facetwp-facet-territoires facetwp-type-fselect\" data-name=\"territoires\" data-type=\"fselect\"><\/div><div class=\"facetwp-facet facetwp-facet-station facetwp-type-fselect\" data-name=\"station\" data-type=\"fselect\"><\/div><div class=\"facetwp-facet facetwp-facet-commune facetwp-type-fselect\" data-name=\"commune\" data-type=\"fselect\"><\/div><div class=\"facetwp-facet facetwp-facet-classement facetwp-type-rating\" data-name=\"classement\" data-type=\"rating\"><\/div><div class=\"facetwp-facet facetwp-facet-equipement facetwp-type-checkboxes\" data-name=\"equipement\" data-type=\"checkboxes\"><\/div><div class=\"facetwp-facet facetwp-facet-services facetwp-type-checkboxes\" data-name=\"services\" data-type=\"checkboxes\"><\/div><\/div><div class=\"panel-footer\"><div class=\"facet-buttons\"><button type=\"submit\" class=\"btn btn-1 toggle-facets facetwp-count-btn\">Ver todo <span class=\"results-count\"><\/span> resultados<\/button><\/div><\/div><\/div><\/div><div class=\"listing-header\"><div class=\"toggle-container\"><button class=\"btn toggle-btn toggle-facets\" data-target=\"facets\">Filtros<\/button><\/div><\/div><div class=\"facetwp-template\"><div class=\"list-container active\"><div class=\"list-items\"><div class=\"item\" ><div class=\"card card-apidae card-avance post-type-apidae\"><div class=\"group-top\"><\/div><div class=\"group-media\"><div class=\"field-image\"><img decoding=\"async\" src=\"https:\/\/images.weserv.nl\/?url=https:\/\/static.apidae-tourisme.com\/filestore\/objets-touristiques\/images\/168\/160\/25731240-diaporama.jpg&#038;w=550&#038;h=350&#038;fit=cover&#038;output=webp&#038;q=45\" alt=\"Camping du Bout du Monde\"\/><\/div><\/div><div class=\"group-content\"><div class=\"field-commune\">\u00c9ourres<\/div><div class=\"field-title\">Camping du Bout du Monde<\/div><\/div><div class=\"field-link\"><a href=\"https:\/\/www.hautes-alpes.net\/es\/fiche\/camping-du-bout-du-monde-4\/\" class=\"cardlink\">Camping du Bout du Monde<\/a><\/div><\/div><\/div><div class=\"item\" ><div class=\"card card-apidae card-avance post-type-apidae\"><div class=\"group-top\"><\/div><div class=\"group-media\"><div class=\"field-image\"><img decoding=\"async\" src=\"https:\/\/images.weserv.nl\/?url=https:\/\/static.apidae-tourisme.com\/filestore\/objets-touristiques\/images\/140\/83\/9196428-diaporama.jpg&#038;w=550&#038;h=350&#038;fit=cover&#038;output=webp&#038;q=45\" alt=\"Camping La Ribi\u00e8re\"\/><\/div><\/div><div class=\"group-content\"><div class=\"field-commune\">Guillestre<\/div><div class=\"field-title\">Camping La Ribi\u00e8re<\/div><\/div><div class=\"field-link\"><a href=\"https:\/\/www.hautes-alpes.net\/es\/fiche\/camping-la-ribiere-4\/\" class=\"cardlink\">Camping La Ribi\u00e8re<\/a><\/div><\/div><\/div><div class=\"item\" ><div class=\"card card-apidae card-avance post-type-apidae\"><div class=\"group-top\"><\/div><div class=\"group-media\"><div class=\"field-image\"><img decoding=\"async\" src=\"https:\/\/images.weserv.nl\/?url=https:\/\/static.apidae-tourisme.com\/filestore\/objets-touristiques\/images\/119\/237\/29093239-diaporama.jpg&#038;w=550&#038;h=350&#038;fit=cover&#038;output=webp&#038;q=45\" alt=\"Camping Le Grand Pr\u00e9\"\/><\/div><\/div><div class=\"group-content\"><div class=\"field-commune\">Chorges<\/div><div class=\"field-title\">Camping Le Grand Pr\u00e9<\/div><\/div><div class=\"field-link\"><a href=\"https:\/\/www.hautes-alpes.net\/es\/fiche\/camping-le-grand-pre-4\/\" class=\"cardlink\">Camping Le Grand Pr\u00e9<\/a><\/div><\/div><\/div><div class=\"item\" ><div class=\"card card-apidae card-avance post-type-apidae\"><div class=\"group-top\"><\/div><div class=\"group-media\"><div class=\"field-image\"><img decoding=\"async\" src=\"https:\/\/images.weserv.nl\/?url=https:\/\/static.apidae-tourisme.com\/filestore\/objets-touristiques\/images\/5\/165\/38905093-diaporama.jpg&#038;w=550&#038;h=350&#038;fit=cover&#038;output=webp&#038;q=45\" alt=\"Camping Municipal des 2 Glaciers\"\/><\/div><\/div><div class=\"group-content\"><div class=\"field-commune\">Le Mon\u00eatier-les-Bains<\/div><div class=\"field-title\">Camping Municipal des 2 Glaciers<\/div><\/div><div class=\"field-link\"><a href=\"https:\/\/www.hautes-alpes.net\/es\/fiche\/camping-municipal-des-2-glaciers-4\/\" class=\"cardlink\">Camping Municipal des 2 Glaciers<\/a><\/div><\/div><\/div><div class=\"item\" ><div class=\"card card-apidae card-avance post-type-apidae\"><div class=\"group-top\"><\/div><div class=\"group-media\"><div class=\"field-image\"><img decoding=\"async\" src=\"https:\/\/images.weserv.nl\/?url=https:\/\/static.apidae-tourisme.com\/filestore\/objets-touristiques\/images\/120\/184\/21280888-diaporama.jpg&#038;w=550&#038;h=350&#038;fit=cover&#038;output=webp&#038;q=45\" alt=\"Camping \u00e0 la ferme Bamboul&#8217;\u00e2ne\"\/><\/div><\/div><div class=\"group-content\"><div class=\"field-commune\">\u00c9ourres<\/div><div class=\"field-title\">Camping \u00e0 la ferme Bamboul&#8217;\u00e2ne<\/div><\/div><div class=\"field-link\"><a href=\"https:\/\/www.hautes-alpes.net\/es\/fiche\/camping-a-la-ferme-bamboulane-3\/\" class=\"cardlink\">Camping \u00e0 la ferme Bamboul&#8217;\u00e2ne<\/a><\/div><\/div><\/div><div class=\"item\" ><div class=\"card card-apidae card-avance post-type-apidae\"><div class=\"group-top\"><\/div><div class=\"group-media\"><div class=\"field-image\"><img decoding=\"async\" src=\"https:\/\/images.weserv.nl\/?url=https:\/\/static.apidae-tourisme.com\/filestore\/objets-touristiques\/images\/189\/83\/9196477-diaporama.jpg&#038;w=550&#038;h=350&#038;fit=cover&#038;output=webp&#038;q=45\" alt=\"Camping Le Villard\"\/><\/div><\/div><div class=\"group-content\"><div class=\"field-commune\">Guillestre<\/div><div class=\"field-title\">Camping Le Villard<\/div><\/div><div class=\"field-link\"><a href=\"https:\/\/www.hautes-alpes.net\/es\/fiche\/camping-le-villard-4\/\" class=\"cardlink\">Camping Le Villard<\/a><\/div><\/div><\/div><div class=\"item\" ><div class=\"card card-apidae card-avance post-type-apidae\"><div class=\"group-top\"><\/div><div class=\"group-media\"><div class=\"field-image\"><img decoding=\"async\" src=\"https:\/\/images.weserv.nl\/?url=https:\/\/static.apidae-tourisme.com\/filestore\/objets-touristiques\/images\/136\/23\/40048520-diaporama.jpg&#038;w=550&#038;h=350&#038;fit=cover&#038;output=webp&#038;q=45\" alt=\"Camping Alpes Dauphin\u00e9\"\/><\/div><\/div><div class=\"group-content\"><div class=\"field-commune\">Gap<\/div><div class=\"field-title\">Camping Alpes Dauphin\u00e9<\/div><\/div><div class=\"field-link\"><a href=\"https:\/\/www.hautes-alpes.net\/es\/fiche\/camping-alpes-dauphine-4\/\" class=\"cardlink\">Camping Alpes Dauphin\u00e9<\/a><\/div><\/div><\/div><div class=\"item\" ><div class=\"card card-apidae card-avance post-type-apidae\"><div class=\"group-top\"><\/div><div class=\"group-media\"><div class=\"field-image\"><img decoding=\"async\" src=\"https:\/\/images.weserv.nl\/?url=https:\/\/static.apidae-tourisme.com\/filestore\/objets-touristiques\/images\/218\/86\/9197274-diaporama.png&#038;w=550&#038;h=350&#038;fit=cover&#038;output=webp&#038;q=45\" alt=\"Les Mille Vents\"\/><\/div><\/div><div class=\"group-content\"><div class=\"field-commune\">Saint-Cl\u00e9ment-sur-Durance<\/div><div class=\"field-title\">Les Mille Vents<\/div><\/div><div class=\"field-link\"><a href=\"https:\/\/www.hautes-alpes.net\/es\/fiche\/les-mille-vents-3\/\" class=\"cardlink\">Les Mille Vents<\/a><\/div><\/div><\/div><div class=\"item\" ><div class=\"card card-apidae card-avance post-type-apidae\"><div class=\"group-top\"><\/div><div class=\"group-media\"><div class=\"field-image\"><img decoding=\"async\" src=\"https:\/\/images.weserv.nl\/?url=https:\/\/static.apidae-tourisme.com\/filestore\/objets-touristiques\/images\/225\/60\/2178273-diaporama.jpg&#038;w=550&#038;h=350&#038;fit=cover&#038;output=webp&#038;q=45\" alt=\"Camping Les Grillons\"\/><\/div><\/div><div class=\"group-content\"><div class=\"field-commune\">Embrun<\/div><div class=\"field-title\">Camping Les Grillons<\/div><\/div><div class=\"field-link\"><a href=\"https:\/\/www.hautes-alpes.net\/es\/fiche\/camping-les-grillons-4\/\" class=\"cardlink\">Camping Les Grillons<\/a><\/div><\/div><\/div><div class=\"item\" ><div class=\"card card-apidae card-avance post-type-apidae\"><div class=\"group-top\"><\/div><div class=\"group-media\"><div class=\"field-image\"><img decoding=\"async\" src=\"https:\/\/images.weserv.nl\/?url=https:\/\/static.apidae-tourisme.com\/filestore\/objets-touristiques\/images\/3\/23\/14751491-diaporama.jpg&#038;w=550&#038;h=350&#038;fit=cover&#038;output=webp&#038;q=45\" alt=\"Flower Camping Le Montana\"\/><\/div><\/div><div class=\"group-content\"><div class=\"field-commune\">Val-des-Pr\u00e9s<\/div><div class=\"field-title\">Flower Camping Le Montana<\/div><\/div><div class=\"field-link\"><a href=\"https:\/\/www.hautes-alpes.net\/es\/fiche\/flower-camping-le-montana-4\/\" class=\"cardlink\">Flower Camping Le Montana<\/a><\/div><\/div><\/div><div class=\"item\" ><div class=\"card card-apidae card-avance post-type-apidae\"><div class=\"group-top\"><\/div><div class=\"group-media\"><div class=\"field-image\"><img decoding=\"async\" src=\"https:\/\/images.weserv.nl\/?url=https:\/\/static.apidae-tourisme.com\/filestore\/objets-touristiques\/images\/127\/91\/38034303-diaporama.jpg&#038;w=550&#038;h=350&#038;fit=cover&#038;output=webp&#038;q=45\" alt=\"Camping Domaine des 2 Soleils \u2013 Ciela Village\"\/><\/div><\/div><div class=\"group-content\"><div class=\"field-commune\">Serres<\/div><div class=\"field-title\">Camping Domaine des 2 Soleils \u2013 Ciela Village<\/div><\/div><div class=\"field-link\"><a href=\"https:\/\/www.hautes-alpes.net\/es\/fiche\/camping-domaine-des-2-soleils-ciela-village-4\/\" class=\"cardlink\">Camping Domaine des 2 Soleils \u2013 Ciela Village<\/a><\/div><\/div><\/div><div class=\"item\" ><div class=\"card card-apidae card-avance post-type-apidae\"><div class=\"group-top\"><\/div><div class=\"group-media\"><div class=\"field-image\"><img decoding=\"async\" src=\"https:\/\/images.weserv.nl\/?url=https:\/\/static.apidae-tourisme.com\/filestore\/objets-touristiques\/images\/80\/87\/9197392-diaporama.jpg&#038;w=550&#038;h=350&#038;fit=cover&#038;output=webp&#038;q=45\" alt=\"Pendolas perch\u00e9es du camping la Cabane\"\/><\/div><\/div><div class=\"group-content\"><div class=\"field-commune\">Saint-Cr\u00e9pin<\/div><div class=\"field-title\">Pendolas perch\u00e9es du camping la Cabane<\/div><\/div><div class=\"field-link\"><a href=\"https:\/\/www.hautes-alpes.net\/es\/fiche\/pendolas-perchees-du-camping-la-cabane-4\/\" class=\"cardlink\">Pendolas perch\u00e9es du camping la Cabane<\/a><\/div><\/div><\/div><div class=\"item\" ><div class=\"card card-apidae card-avance post-type-apidae\"><div class=\"group-top\"><\/div><div class=\"group-media\"><div class=\"field-image\"><img decoding=\"async\" src=\"https:\/\/images.weserv.nl\/?url=https:\/\/static.apidae-tourisme.com\/filestore\/objets-touristiques\/images\/176\/98\/41837232-diaporama.jpg&#038;w=550&#038;h=350&#038;fit=cover&#038;output=webp&#038;q=45\" alt=\"Camping de R\u00e9allon \u2013 Base de loisirs de l\u2019Iscle\"\/><\/div><\/div><div class=\"group-content\"><div class=\"field-commune\">R\u00e9allon<\/div><div class=\"field-title\">Camping de R\u00e9allon \u2013 Base de loisirs de l\u2019Iscle<\/div><\/div><div class=\"field-link\"><a href=\"https:\/\/www.hautes-alpes.net\/es\/fiche\/camping-de-reallon-base-de-loisirs-de-liscle-4\/\" class=\"cardlink\">Camping de R\u00e9allon \u2013 Base de loisirs de l\u2019Iscle<\/a><\/div><\/div><\/div><div class=\"item\" ><div class=\"card card-apidae card-avance post-type-apidae\"><div class=\"group-top\"><\/div><div class=\"group-media\"><div class=\"field-image\"><img decoding=\"async\" src=\"https:\/\/images.weserv.nl\/?url=https:\/\/static.apidae-tourisme.com\/filestore\/objets-touristiques\/images\/216\/164\/6857944-diaporama.jpg&#038;w=550&#038;h=350&#038;fit=cover&#038;output=webp&#038;q=45\" alt=\"Camping Municipal Le Bois des Alberts\"\/><\/div><\/div><div class=\"group-content\"><div class=\"field-commune\">Montgen\u00e8vre<\/div><div class=\"field-title\">Camping Municipal Le Bois des Alberts<\/div><\/div><div class=\"field-link\"><a href=\"https:\/\/www.hautes-alpes.net\/es\/fiche\/camping-municipal-le-bois-des-alberts-4\/\" class=\"cardlink\">Camping Municipal Le Bois des Alberts<\/a><\/div><\/div><\/div><div class=\"item\" ><div class=\"card card-apidae card-avance post-type-apidae\"><div class=\"group-top\"><\/div><div class=\"group-media\"><div class=\"field-image\"><img decoding=\"async\" src=\"https:\/\/images.weserv.nl\/?url=https:\/\/static.apidae-tourisme.com\/filestore\/objets-touristiques\/images\/254\/82\/9196286-diaporama.jpg&#038;w=550&#038;h=350&#038;fit=cover&#038;output=webp&#038;q=45\" alt=\"Camping de l&#8217;Izoard\"\/><\/div><\/div><div class=\"group-content\"><div class=\"field-commune\">Arvieux<\/div><div class=\"field-title\">Camping de l&#8217;Izoard<\/div><\/div><div class=\"field-link\"><a href=\"https:\/\/www.hautes-alpes.net\/es\/fiche\/camping-de-lizoard-4\/\" class=\"cardlink\">Camping de l&#8217;Izoard<\/a><\/div><\/div><\/div><div id=\"locations-data_deee2\" style=\"display: none;\">{&quot;locations&quot;:[{&quot;lat&quot;:&quot;44.215525&quot;,&quot;lng&quot;:&quot;5.721782&quot;,&quot;title&quot;:&quot;Camping du Bout du Monde&quot;,&quot;permalink&quot;:&quot;https:\\\/\\\/www.hautes-alpes.net\\\/es\\\/fiche\\\/camping-du-bout-du-monde-4\\\/&quot;,&quot;type&quot;:&quot;hotellerie_plein_air&quot;,&quot;commune&quot;:&quot;\\u00c9ourres&quot;,&quot;type_commerce&quot;:&quot;&quot;,&quot;image&quot;:&quot;https:\\\/\\\/static.apidae-tourisme.com\\\/filestore\\\/objets-touristiques\\\/images\\\/168\\\/160\\\/25731240-diaporama.jpg&quot;,&quot;image_width&quot;:&quot;550&quot;,&quot;image_height&quot;:&quot;350&quot;,&quot;image_fit&quot;:&quot;cover&quot;},{&quot;lat&quot;:&quot;44.656683&quot;,&quot;lng&quot;:&quot;6.646653&quot;,&quot;title&quot;:&quot;Camping La Ribi\\u00e8re&quot;,&quot;permalink&quot;:&quot;https:\\\/\\\/www.hautes-alpes.net\\\/es\\\/fiche\\\/camping-la-ribiere-4\\\/&quot;,&quot;type&quot;:&quot;hotellerie_plein_air&quot;,&quot;commune&quot;:&quot;Guillestre&quot;,&quot;type_commerce&quot;:&quot;&quot;,&quot;image&quot;:&quot;https:\\\/\\\/static.apidae-tourisme.com\\\/filestore\\\/objets-touristiques\\\/images\\\/140\\\/83\\\/9196428-diaporama.jpg&quot;,&quot;image_width&quot;:&quot;550&quot;,&quot;image_height&quot;:&quot;350&quot;,&quot;image_fit&quot;:&quot;cover&quot;},{&quot;lat&quot;:&quot;44.543626&quot;,&quot;lng&quot;:&quot;6.308275&quot;,&quot;title&quot;:&quot;Camping Le Grand Pr\\u00e9&quot;,&quot;permalink&quot;:&quot;https:\\\/\\\/www.hautes-alpes.net\\\/es\\\/fiche\\\/camping-le-grand-pre-4\\\/&quot;,&quot;type&quot;:&quot;hotellerie_plein_air&quot;,&quot;commune&quot;:&quot;Chorges&quot;,&quot;type_commerce&quot;:&quot;&quot;,&quot;image&quot;:&quot;https:\\\/\\\/static.apidae-tourisme.com\\\/filestore\\\/objets-touristiques\\\/images\\\/119\\\/237\\\/29093239-diaporama.jpg&quot;,&quot;image_width&quot;:&quot;550&quot;,&quot;image_height&quot;:&quot;350&quot;,&quot;image_fit&quot;:&quot;cover&quot;},{&quot;lat&quot;:&quot;44.9806&quot;,&quot;lng&quot;:&quot;6.494915&quot;,&quot;title&quot;:&quot;Camping Municipal des 2 Glaciers&quot;,&quot;permalink&quot;:&quot;https:\\\/\\\/www.hautes-alpes.net\\\/es\\\/fiche\\\/camping-municipal-des-2-glaciers-4\\\/&quot;,&quot;type&quot;:&quot;hotellerie_plein_air&quot;,&quot;commune&quot;:&quot;Le Mon\\u00eatier-les-Bains&quot;,&quot;type_commerce&quot;:&quot;&quot;,&quot;image&quot;:&quot;https:\\\/\\\/static.apidae-tourisme.com\\\/filestore\\\/objets-touristiques\\\/images\\\/5\\\/165\\\/38905093-diaporama.jpg&quot;,&quot;image_width&quot;:&quot;550&quot;,&quot;image_height&quot;:&quot;350&quot;,&quot;image_fit&quot;:&quot;cover&quot;},{&quot;lat&quot;:&quot;44.211332&quot;,&quot;lng&quot;:&quot;5.701064&quot;,&quot;title&quot;:&quot;Camping \\u00e0 la ferme Bamboul&#8217;\\u00e2ne&quot;,&quot;permalink&quot;:&quot;https:\\\/\\\/www.hautes-alpes.net\\\/es\\\/fiche\\\/camping-a-la-ferme-bamboulane-3\\\/&quot;,&quot;type&quot;:&quot;hotellerie_plein_air&quot;,&quot;commune&quot;:&quot;\\u00c9ourres&quot;,&quot;type_commerce&quot;:&quot;&quot;,&quot;image&quot;:&quot;https:\\\/\\\/static.apidae-tourisme.com\\\/filestore\\\/objets-touristiques\\\/images\\\/120\\\/184\\\/21280888-diaporama.jpg&quot;,&quot;image_width&quot;:&quot;550&quot;,&quot;image_height&quot;:&quot;350&quot;,&quot;image_fit&quot;:&quot;cover&quot;},{&quot;lat&quot;:&quot;44.659152&quot;,&quot;lng&quot;:&quot;6.626633&quot;,&quot;title&quot;:&quot;Camping Le Villard&quot;,&quot;permalink&quot;:&quot;https:\\\/\\\/www.hautes-alpes.net\\\/es\\\/fiche\\\/camping-le-villard-4\\\/&quot;,&quot;type&quot;:&quot;hotellerie_plein_air&quot;,&quot;commune&quot;:&quot;Guillestre&quot;,&quot;type_commerce&quot;:&quot;&quot;,&quot;image&quot;:&quot;https:\\\/\\\/static.apidae-tourisme.com\\\/filestore\\\/objets-touristiques\\\/images\\\/189\\\/83\\\/9196477-diaporama.jpg&quot;,&quot;image_width&quot;:&quot;550&quot;,&quot;image_height&quot;:&quot;350&quot;,&quot;image_fit&quot;:&quot;cover&quot;},{&quot;lat&quot;:&quot;44.58013&quot;,&quot;lng&quot;:&quot;6.082401&quot;,&quot;title&quot;:&quot;Camping Alpes Dauphin\\u00e9&quot;,&quot;permalink&quot;:&quot;https:\\\/\\\/www.hautes-alpes.net\\\/es\\\/fiche\\\/camping-alpes-dauphine-4\\\/&quot;,&quot;type&quot;:&quot;hotellerie_plein_air&quot;,&quot;commune&quot;:&quot;Gap&quot;,&quot;type_commerce&quot;:&quot;&quot;,&quot;image&quot;:&quot;https:\\\/\\\/static.apidae-tourisme.com\\\/filestore\\\/objets-touristiques\\\/images\\\/136\\\/23\\\/40048520-diaporama.jpg&quot;,&quot;image_width&quot;:&quot;550&quot;,&quot;image_height&quot;:&quot;350&quot;,&quot;image_fit&quot;:&quot;cover&quot;},{&quot;lat&quot;:&quot;44.646499&quot;,&quot;lng&quot;:&quot;6.583191&quot;,&quot;title&quot;:&quot;Les Mille Vents&quot;,&quot;permalink&quot;:&quot;https:\\\/\\\/www.hautes-alpes.net\\\/es\\\/fiche\\\/les-mille-vents-3\\\/&quot;,&quot;type&quot;:&quot;hotellerie_plein_air&quot;,&quot;commune&quot;:&quot;Saint-Cl\\u00e9ment-sur-Durance&quot;,&quot;type_commerce&quot;:&quot;&quot;,&quot;image&quot;:&quot;https:\\\/\\\/static.apidae-tourisme.com\\\/filestore\\\/objets-touristiques\\\/images\\\/218\\\/86\\\/9197274-diaporama.png&quot;,&quot;image_width&quot;:&quot;550&quot;,&quot;image_height&quot;:&quot;350&quot;,&quot;image_fit&quot;:&quot;cover&quot;},{&quot;lat&quot;:&quot;44.548293&quot;,&quot;lng&quot;:&quot;6.49653&quot;,&quot;title&quot;:&quot;Camping Les Grillons&quot;,&quot;permalink&quot;:&quot;https:\\\/\\\/www.hautes-alpes.net\\\/es\\\/fiche\\\/camping-les-grillons-4\\\/&quot;,&quot;type&quot;:&quot;hotellerie_plein_air&quot;,&quot;commune&quot;:&quot;Embrun&quot;,&quot;type_commerce&quot;:&quot;&quot;,&quot;image&quot;:&quot;https:\\\/\\\/static.apidae-tourisme.com\\\/filestore\\\/objets-touristiques\\\/images\\\/225\\\/60\\\/2178273-diaporama.jpg&quot;,&quot;image_width&quot;:&quot;550&quot;,&quot;image_height&quot;:&quot;350&quot;,&quot;image_fit&quot;:&quot;cover&quot;},{&quot;lat&quot;:&quot;44.918059&quot;,&quot;lng&quot;:&quot;6.675144&quot;,&quot;title&quot;:&quot;Flower Camping Le Montana&quot;,&quot;permalink&quot;:&quot;https:\\\/\\\/www.hautes-alpes.net\\\/es\\\/fiche\\\/flower-camping-le-montana-4\\\/&quot;,&quot;type&quot;:&quot;hotellerie_plein_air&quot;,&quot;commune&quot;:&quot;Val-des-Pr\\u00e9s&quot;,&quot;type_commerce&quot;:&quot;&quot;,&quot;image&quot;:&quot;https:\\\/\\\/static.apidae-tourisme.com\\\/filestore\\\/objets-touristiques\\\/images\\\/3\\\/23\\\/14751491-diaporama.jpg&quot;,&quot;image_width&quot;:&quot;550&quot;,&quot;image_height&quot;:&quot;350&quot;,&quot;image_fit&quot;:&quot;cover&quot;},{&quot;lat&quot;:&quot;44.421126&quot;,&quot;lng&quot;:&quot;5.722574&quot;,&quot;title&quot;:&quot;Camping Domaine des 2 Soleils \\u2013 Ciela Village&quot;,&quot;permalink&quot;:&quot;https:\\\/\\\/www.hautes-alpes.net\\\/es\\\/fiche\\\/camping-domaine-des-2-soleils-ciela-village-4\\\/&quot;,&quot;type&quot;:&quot;hotellerie_plein_air&quot;,&quot;commune&quot;:&quot;Serres&quot;,&quot;type_commerce&quot;:&quot;&quot;,&quot;image&quot;:&quot;https:\\\/\\\/static.apidae-tourisme.com\\\/filestore\\\/objets-touristiques\\\/images\\\/127\\\/91\\\/38034303-diaporama.jpg&quot;,&quot;image_width&quot;:&quot;550&quot;,&quot;image_height&quot;:&quot;350&quot;,&quot;image_fit&quot;:&quot;cover&quot;},{&quot;lat&quot;:&quot;44.710898&quot;,&quot;lng&quot;:&quot;6.595397&quot;,&quot;title&quot;:&quot;Pendolas perch\\u00e9es du camping la Cabane&quot;,&quot;permalink&quot;:&quot;https:\\\/\\\/www.hautes-alpes.net\\\/es\\\/fiche\\\/pendolas-perchees-du-camping-la-cabane-4\\\/&quot;,&quot;type&quot;:&quot;hotellerie_plein_air&quot;,&quot;commune&quot;:&quot;Saint-Cr\\u00e9pin&quot;,&quot;type_commerce&quot;:&quot;&quot;,&quot;image&quot;:&quot;https:\\\/\\\/static.apidae-tourisme.com\\\/filestore\\\/objets-touristiques\\\/images\\\/80\\\/87\\\/9197392-diaporama.jpg&quot;,&quot;image_width&quot;:&quot;550&quot;,&quot;image_height&quot;:&quot;350&quot;,&quot;image_fit&quot;:&quot;cover&quot;},{&quot;lat&quot;:&quot;44.607102&quot;,&quot;lng&quot;:&quot;6.337408&quot;,&quot;title&quot;:&quot;Camping de R\\u00e9allon \\u2013 Base de loisirs de l\\u2019Iscle&quot;,&quot;permalink&quot;:&quot;https:\\\/\\\/www.hautes-alpes.net\\\/es\\\/fiche\\\/camping-de-reallon-base-de-loisirs-de-liscle-4\\\/&quot;,&quot;type&quot;:&quot;hotellerie_plein_air&quot;,&quot;commune&quot;:&quot;R\\u00e9allon&quot;,&quot;type_commerce&quot;:&quot;&quot;,&quot;image&quot;:&quot;https:\\\/\\\/static.apidae-tourisme.com\\\/filestore\\\/objets-touristiques\\\/images\\\/176\\\/98\\\/41837232-diaporama.jpg&quot;,&quot;image_width&quot;:&quot;550&quot;,&quot;image_height&quot;:&quot;350&quot;,&quot;image_fit&quot;:&quot;cover&quot;},{&quot;lat&quot;:&quot;44.930165&quot;,&quot;lng&quot;:&quot;6.682826&quot;,&quot;title&quot;:&quot;Camping Municipal Le Bois des Alberts&quot;,&quot;permalink&quot;:&quot;https:\\\/\\\/www.hautes-alpes.net\\\/es\\\/fiche\\\/camping-municipal-le-bois-des-alberts-4\\\/&quot;,&quot;type&quot;:&quot;hotellerie_plein_air&quot;,&quot;commune&quot;:&quot;Montgen\\u00e8vre&quot;,&quot;type_commerce&quot;:&quot;&quot;,&quot;image&quot;:&quot;https:\\\/\\\/static.apidae-tourisme.com\\\/filestore\\\/objets-touristiques\\\/images\\\/216\\\/164\\\/6857944-diaporama.jpg&quot;,&quot;image_width&quot;:&quot;550&quot;,&quot;image_height&quot;:&quot;350&quot;,&quot;image_fit&quot;:&quot;cover&quot;},{&quot;lat&quot;:&quot;44.799711&quot;,&quot;lng&quot;:&quot;6.716666&quot;,&quot;title&quot;:&quot;Camping de l&#8217;Izoard&quot;,&quot;permalink&quot;:&quot;https:\\\/\\\/www.hautes-alpes.net\\\/es\\\/fiche\\\/camping-de-lizoard-4\\\/&quot;,&quot;type&quot;:&quot;hotellerie_plein_air&quot;,&quot;commune&quot;:&quot;Arvieux&quot;,&quot;type_commerce&quot;:&quot;&quot;,&quot;image&quot;:&quot;https:\\\/\\\/static.apidae-tourisme.com\\\/filestore\\\/objets-touristiques\\\/images\\\/254\\\/82\\\/9196286-diaporama.jpg&quot;,&quot;image_width&quot;:&quot;550&quot;,&quot;image_height&quot;:&quot;350&quot;,&quot;image_fit&quot;:&quot;cover&quot;}],&quot;center_lat&quot;:&quot;44.215525&quot;,&quot;center_lng&quot;:&quot;5.721782&quot;}<\/div><\/div><div class=\"ws-apidae-pager\" data-type=\"pager\"><div class=\"custom-pager\"><a class=\"facetwp-page first active\" data-page=\"1\" href=\"\/es\/wp-json\/wp\/v2\/pages\/563374?paged_deee2=1#listing_deee2\">1<\/a><a class=\"facetwp-page \" data-page=\"2\" href=\"\/es\/wp-json\/wp\/v2\/pages\/563374?paged_deee2=2#listing_deee2\">2<\/a><span class=\"facetwp-separator\">\u2026<\/span><a class=\"facetwp-page \" data-page=\"9\" href=\"\/es\/wp-json\/wp\/v2\/pages\/563374?paged_deee2=9#listing_deee2\">9<\/a><a class=\"facetwp-page next\" data-page=\"2\" href=\"\/es\/wp-json\/wp\/v2\/pages\/563374?paged_deee2=2#listing_deee2\">\u203a<\/a><\/div><\/div><\/div><\/div><\/div>\n<div class=\"wp-block-ws-library-ws-share\"><span class=\"share-subtitle\">\u00bfTe ha gustado esta p\u00e1gina?<\/span><span class=\"share-title\">\u00a1Comp\u00e1rtelo!<\/span><button class=\"ws-share-button wp-element-button\">Comparte esta p\u00e1gina<\/button><\/div>\n","protected":false},"excerpt":{"rendered":"<p>Noches estrelladas y amplios espacios abiertos<\/p>\n","protected":false},"author":7,"featured_media":0,"parent":554967,"menu_order":0,"comment_status":"closed","ping_status":"closed","template":"","meta":{"is_dark_mode":false,"footnotes":""},"page_label":[],"class_list":["post-563374","page","type-page","status-publish","hentry"],"yoast_head":"<!-- This site is optimized with the Yoast SEO plugin v28.3 - https:\/\/yoast.com\/product\/yoast-seo-wordpress\/ -->\n<title>Campings - Hautes-Alpes<\/title>\n<meta name=\"description\" content=\"Campings Noches estrelladas y amplios espacios abiertos Tanto si est\u00e1s en una tienda de campa\u00f1a, una caravana o una casa m\u00f3vil totalmente equipada,\" \/>\n<meta name=\"robots\" content=\"index, follow, max-snippet:-1, max-image-preview:large, max-video-preview:-1\" \/>\n<link rel=\"canonical\" href=\"https:\/\/www.hautes-alpes.net\/es\/organizarse\/campings\/\" \/>\n<meta property=\"og:locale\" content=\"es_ES\" \/>\n<meta property=\"og:type\" content=\"article\" \/>\n<meta property=\"og:title\" content=\"Campings - Hautes-Alpes\" \/>\n<meta property=\"og:description\" content=\"Campings Noches estrelladas y amplios espacios abiertos Tanto si est\u00e1s en una tienda de campa\u00f1a, una caravana o una casa m\u00f3vil totalmente equipada,\" \/>\n<meta property=\"og:url\" content=\"https:\/\/www.hautes-alpes.net\/es\/organizarse\/campings\/\" \/>\n<meta property=\"og:site_name\" content=\"Hautes-Alpes\" \/>\n<meta property=\"article:modified_time\" content=\"2026-06-02T08:50:32+00:00\" \/>\n<meta property=\"og:image\" content=\"https:\/\/www.hautes-alpes.net\/wp-content\/uploads\/2025\/12\/23671d-1.jpg\" \/>\n\t<meta property=\"og:image:width\" content=\"1600\" \/>\n\t<meta property=\"og:image:height\" content=\"1067\" \/>\n\t<meta property=\"og:image:type\" content=\"image\/jpeg\" \/>\n<meta name=\"twitter:card\" content=\"summary_large_image\" \/>\n<script type=\"application\/ld+json\" class=\"yoast-schema-graph\">{\"@context\":\"https:\\\/\\\/schema.org\",\"@graph\":[{\"@type\":\"WebPage\",\"@id\":\"https:\\\/\\\/www.hautes-alpes.net\\\/es\\\/organizarse\\\/campings\\\/\",\"url\":\"https:\\\/\\\/www.hautes-alpes.net\\\/es\\\/organizarse\\\/campings\\\/\",\"name\":\"Campings - Hautes-Alpes\",\"isPartOf\":{\"@id\":\"https:\\\/\\\/www.hautes-alpes.net\\\/es\\\/#website\"},\"primaryImageOfPage\":{\"@id\":\"https:\\\/\\\/www.hautes-alpes.net\\\/es\\\/organizarse\\\/campings\\\/#primaryimage\"},\"image\":{\"@id\":\"https:\\\/\\\/www.hautes-alpes.net\\\/es\\\/organizarse\\\/campings\\\/#primaryimage\"},\"thumbnailUrl\":\"https:\\\/\\\/www.hautes-alpes.net\\\/wp-content\\\/uploads\\\/2025\\\/12\\\/23671d-1-1600x480.jpg\",\"datePublished\":\"2025-12-05T07:26:39+00:00\",\"dateModified\":\"2026-06-02T08:50:32+00:00\",\"description\":\"Campings Noches estrelladas y amplios espacios abiertos Tanto si est\u00e1s en una tienda de campa\u00f1a, una caravana o una casa m\u00f3vil totalmente equipada,\",\"breadcrumb\":{\"@id\":\"https:\\\/\\\/www.hautes-alpes.net\\\/es\\\/organizarse\\\/campings\\\/#breadcrumb\"},\"inLanguage\":\"es\",\"potentialAction\":[{\"@type\":\"ReadAction\",\"target\":[\"https:\\\/\\\/www.hautes-alpes.net\\\/es\\\/organizarse\\\/campings\\\/\"]}]},{\"@type\":\"ImageObject\",\"inLanguage\":\"es\",\"@id\":\"https:\\\/\\\/www.hautes-alpes.net\\\/es\\\/organizarse\\\/campings\\\/#primaryimage\",\"url\":\"https:\\\/\\\/www.hautes-alpes.net\\\/wp-content\\\/uploads\\\/2025\\\/12\\\/23671d-1-1600x480.jpg\",\"contentUrl\":\"https:\\\/\\\/www.hautes-alpes.net\\\/wp-content\\\/uploads\\\/2025\\\/12\\\/23671d-1-1600x480.jpg\"},{\"@type\":\"BreadcrumbList\",\"@id\":\"https:\\\/\\\/www.hautes-alpes.net\\\/es\\\/organizarse\\\/campings\\\/#breadcrumb\",\"itemListElement\":[{\"@type\":\"ListItem\",\"position\":1,\"name\":\"Accueil\",\"item\":\"https:\\\/\\\/www.hautes-alpes.net\\\/es\\\/altos-alpes\\\/\"},{\"@type\":\"ListItem\",\"position\":2,\"name\":\"Organizarse\",\"item\":\"https:\\\/\\\/www.hautes-alpes.net\\\/es\\\/organizarse\\\/\"},{\"@type\":\"ListItem\",\"position\":3,\"name\":\"Organizarse\",\"item\":\"https:\\\/\\\/www.hautes-alpes.net\\\/es\\\/sorganiser\\\/\"},{\"@type\":\"ListItem\",\"position\":4,\"name\":\"Campings\"}]},{\"@type\":\"WebSite\",\"@id\":\"https:\\\/\\\/www.hautes-alpes.net\\\/es\\\/#website\",\"url\":\"https:\\\/\\\/www.hautes-alpes.net\\\/es\\\/\",\"name\":\"ADDET\",\"description\":\"\",\"publisher\":{\"@id\":\"https:\\\/\\\/www.hautes-alpes.net\\\/es\\\/#organization\"},\"potentialAction\":[{\"@type\":\"SearchAction\",\"target\":{\"@type\":\"EntryPoint\",\"urlTemplate\":\"https:\\\/\\\/www.hautes-alpes.net\\\/es\\\/?s={search_term_string}\"},\"query-input\":{\"@type\":\"PropertyValueSpecification\",\"valueRequired\":true,\"valueName\":\"search_term_string\"}}],\"inLanguage\":\"es\"},{\"@type\":\"Organization\",\"@id\":\"https:\\\/\\\/www.hautes-alpes.net\\\/es\\\/#organization\",\"name\":\"Agence D\u00e9partementale de D\u00e9veloppement Economique et Touristique des Hautes-Alpes\",\"url\":\"https:\\\/\\\/www.hautes-alpes.net\\\/es\\\/\",\"logo\":{\"@type\":\"ImageObject\",\"inLanguage\":\"es\",\"@id\":\"https:\\\/\\\/www.hautes-alpes.net\\\/es\\\/#\\\/schema\\\/logo\\\/image\\\/\",\"url\":\"https:\\\/\\\/www.hautes-alpes.net\\\/wp-content\\\/uploads\\\/2026\\\/01\\\/black-logo-2.svg\",\"contentUrl\":\"https:\\\/\\\/www.hautes-alpes.net\\\/wp-content\\\/uploads\\\/2026\\\/01\\\/black-logo-2.svg\",\"caption\":\"Agence D\u00e9partementale de D\u00e9veloppement Economique et Touristique des Hautes-Alpes\"},\"image\":{\"@id\":\"https:\\\/\\\/www.hautes-alpes.net\\\/es\\\/#\\\/schema\\\/logo\\\/image\\\/\"}}]}<\/script>\n<!-- \/ Yoast SEO plugin. -->","yoast_head_json":{"title":"Campings - Hautes-Alpes","description":"Campings Noches estrelladas y amplios espacios abiertos Tanto si est\u00e1s en una tienda de campa\u00f1a, una caravana o una casa m\u00f3vil totalmente equipada,","robots":{"index":"index","follow":"follow","max-snippet":"max-snippet:-1","max-image-preview":"max-image-preview:large","max-video-preview":"max-video-preview:-1"},"canonical":"https:\/\/www.hautes-alpes.net\/es\/organizarse\/campings\/","og_locale":"es_ES","og_type":"article","og_title":"Campings - Hautes-Alpes","og_description":"Campings Noches estrelladas y amplios espacios abiertos Tanto si est\u00e1s en una tienda de campa\u00f1a, una caravana o una casa m\u00f3vil totalmente equipada,","og_url":"https:\/\/www.hautes-alpes.net\/es\/organizarse\/campings\/","og_site_name":"Hautes-Alpes","article_modified_time":"2026-06-02T08:50:32+00:00","og_image":[{"width":1600,"height":1067,"url":"https:\/\/www.hautes-alpes.net\/wp-content\/uploads\/2025\/12\/23671d-1.jpg","type":"image\/jpeg"}],"twitter_card":"summary_large_image","schema":{"@context":"https:\/\/schema.org","@graph":[{"@type":"WebPage","@id":"https:\/\/www.hautes-alpes.net\/es\/organizarse\/campings\/","url":"https:\/\/www.hautes-alpes.net\/es\/organizarse\/campings\/","name":"Campings - Hautes-Alpes","isPartOf":{"@id":"https:\/\/www.hautes-alpes.net\/es\/#website"},"primaryImageOfPage":{"@id":"https:\/\/www.hautes-alpes.net\/es\/organizarse\/campings\/#primaryimage"},"image":{"@id":"https:\/\/www.hautes-alpes.net\/es\/organizarse\/campings\/#primaryimage"},"thumbnailUrl":"https:\/\/www.hautes-alpes.net\/wp-content\/uploads\/2025\/12\/23671d-1-1600x480.jpg","datePublished":"2025-12-05T07:26:39+00:00","dateModified":"2026-06-02T08:50:32+00:00","description":"Campings Noches estrelladas y amplios espacios abiertos Tanto si est\u00e1s en una tienda de campa\u00f1a, una caravana o una casa m\u00f3vil totalmente equipada,","breadcrumb":{"@id":"https:\/\/www.hautes-alpes.net\/es\/organizarse\/campings\/#breadcrumb"},"inLanguage":"es","potentialAction":[{"@type":"ReadAction","target":["https:\/\/www.hautes-alpes.net\/es\/organizarse\/campings\/"]}]},{"@type":"ImageObject","inLanguage":"es","@id":"https:\/\/www.hautes-alpes.net\/es\/organizarse\/campings\/#primaryimage","url":"https:\/\/www.hautes-alpes.net\/wp-content\/uploads\/2025\/12\/23671d-1-1600x480.jpg","contentUrl":"https:\/\/www.hautes-alpes.net\/wp-content\/uploads\/2025\/12\/23671d-1-1600x480.jpg"},{"@type":"BreadcrumbList","@id":"https:\/\/www.hautes-alpes.net\/es\/organizarse\/campings\/#breadcrumb","itemListElement":[{"@type":"ListItem","position":1,"name":"Accueil","item":"https:\/\/www.hautes-alpes.net\/es\/altos-alpes\/"},{"@type":"ListItem","position":2,"name":"Organizarse","item":"https:\/\/www.hautes-alpes.net\/es\/organizarse\/"},{"@type":"ListItem","position":3,"name":"Organizarse","item":"https:\/\/www.hautes-alpes.net\/es\/sorganiser\/"},{"@type":"ListItem","position":4,"name":"Campings"}]},{"@type":"WebSite","@id":"https:\/\/www.hautes-alpes.net\/es\/#website","url":"https:\/\/www.hautes-alpes.net\/es\/","name":"ADDET","description":"","publisher":{"@id":"https:\/\/www.hautes-alpes.net\/es\/#organization"},"potentialAction":[{"@type":"SearchAction","target":{"@type":"EntryPoint","urlTemplate":"https:\/\/www.hautes-alpes.net\/es\/?s={search_term_string}"},"query-input":{"@type":"PropertyValueSpecification","valueRequired":true,"valueName":"search_term_string"}}],"inLanguage":"es"},{"@type":"Organization","@id":"https:\/\/www.hautes-alpes.net\/es\/#organization","name":"Agence D\u00e9partementale de D\u00e9veloppement Economique et Touristique des Hautes-Alpes","url":"https:\/\/www.hautes-alpes.net\/es\/","logo":{"@type":"ImageObject","inLanguage":"es","@id":"https:\/\/www.hautes-alpes.net\/es\/#\/schema\/logo\/image\/","url":"https:\/\/www.hautes-alpes.net\/wp-content\/uploads\/2026\/01\/black-logo-2.svg","contentUrl":"https:\/\/www.hautes-alpes.net\/wp-content\/uploads\/2026\/01\/black-logo-2.svg","caption":"Agence D\u00e9partementale de D\u00e9veloppement Economique et Touristique des Hautes-Alpes"},"image":{"@id":"https:\/\/www.hautes-alpes.net\/es\/#\/schema\/logo\/image\/"}}]}},"_links":{"self":[{"href":"https:\/\/www.hautes-alpes.net\/es\/wp-json\/wp\/v2\/pages\/563374","targetHints":{"allow":["GET"]}}],"collection":[{"href":"https:\/\/www.hautes-alpes.net\/es\/wp-json\/wp\/v2\/pages"}],"about":[{"href":"https:\/\/www.hautes-alpes.net\/es\/wp-json\/wp\/v2\/types\/page"}],"author":[{"embeddable":true,"href":"https:\/\/www.hautes-alpes.net\/es\/wp-json\/wp\/v2\/users\/7"}],"replies":[{"embeddable":true,"href":"https:\/\/www.hautes-alpes.net\/es\/wp-json\/wp\/v2\/comments?post=563374"}],"version-history":[{"count":2,"href":"https:\/\/www.hautes-alpes.net\/es\/wp-json\/wp\/v2\/pages\/563374\/revisions"}],"predecessor-version":[{"id":563402,"href":"https:\/\/www.hautes-alpes.net\/es\/wp-json\/wp\/v2\/pages\/563374\/revisions\/563402"}],"up":[{"embeddable":true,"href":"https:\/\/www.hautes-alpes.net\/es\/wp-json\/wp\/v2\/pages\/554967"}],"wp:attachment":[{"href":"https:\/\/www.hautes-alpes.net\/es\/wp-json\/wp\/v2\/media?parent=563374"}],"wp:term":[{"taxonomy":"page_label","embeddable":true,"href":"https:\/\/www.hautes-alpes.net\/es\/wp-json\/wp\/v2\/page_label?post=563374"}],"curies":[{"name":"wp","href":"https:\/\/api.w.org\/{rel}","templated":true}]}}