{"id":563358,"date":"2025-12-03T14:16:03","date_gmt":"2025-12-03T13:16:03","guid":{"rendered":"https:\/\/www.hautes-alpes.net\/organizarse\/cultura-y-terruno\/"},"modified":"2026-06-02T10:50:32","modified_gmt":"2026-06-02T08:50:32","slug":"cultura-y-terruno","status":"publish","type":"page","link":"https:\/\/www.hautes-alpes.net\/es\/organizarse\/cultura-y-terruno\/","title":{"rendered":"Cultura y terru\u00f1o"},"content":{"rendered":"\n<div class=\"wp-block-group alignfull hero-banner-simple has-global-padding is-layout-constrained wp-block-group-is-layout-constrained\"><div class=\"yoast-breadcrumbs\"><span><span><a href=\"https:\/\/www.hautes-alpes.net\/es\/altos-alpes\/\">Accueil<\/a><\/span>  <span><a href=\"https:\/\/www.hautes-alpes.net\/es\/organizarse\/\">Organizarse<\/a><\/span>  <span><a href=\"https:\/\/www.hautes-alpes.net\/es\/sorganiser\/\">Organizarse<\/a><\/span>  <span class=\"breadcrumb_last\" aria-current=\"page\">Cultura y terru\u00f1o<\/span><\/span><\/div>\n\n\n<h1 class=\"wp-block-ws-library-post-title\">Cultura y terru\u00f1o<\/h1>\n\n\n\n<p class=\"subtitle wp-block-paragraph\">Guardi\u00e1n de la identidad<\/p>\n\n\n\n<p class=\"wp-block-paragraph\"><\/p>\n<\/div>\n\n<div class=\"wp-block-ws-library-ws-banner alignfull\"><div class=\"wrapper\"><div class=\"group-media\"><img decoding=\"async\" width=\"1600\" height=\"480\" src=\"https:\/\/www.hautes-alpes.net\/wp-content\/uploads\/2025\/12\/7b3a9696-1600x480.jpg\" alt=\"\" class=\"single_image wp-image-103147\"><\/div>\n<div class=\"group-content\"><p class=\"wp-block-paragraph\">Conoce a los apasionados <strong>artesanos <\/strong>y <strong>productores <\/strong>de los Altos Alpes que han conservado sus <strong>habilidades ancestrales<\/strong>. Desde <strong>coloridos mercados<\/strong> a <strong>museos cargados de historia<\/strong>, saborea y explora un terru\u00f1o \u00fanico. <\/p><\/div>\n<\/div><\/div>\n<div id=\"listing_f0a37\" data-observer-wishlist class=\"ws-listing wp-block-ws-apidae-library-listing-avance alignwide\" data-map-id=\"map_f0a37\" data-locations-id=\"locations-data_f0a37\"><div class=\"panel-fixe panel-facets\"><div class=\"panel-overlay toggle-facets\"><\/div><div class=\"panel-inner\"><div class=\"panel-header\"><div class=\"panel-title\">Filtros<\/div><a href=\"#\" class=\"panel-close toggle-facets\">Cerrar<\/a><\/div><div class=\"panel-content\"><div class=\"group-summary\"><div class=\"facetwp-selections\"><\/div><a href=\"#\" class=\"link-reset\">Eliminar<\/a><\/div><div class=\"facetwp-facet facetwp-facet-territoires facetwp-type-fselect\" data-name=\"territoires\" data-type=\"fselect\"><\/div><div class=\"facetwp-facet facetwp-facet-commune facetwp-type-fselect\" data-name=\"commune\" data-type=\"fselect\"><\/div><div class=\"facetwp-facet facetwp-facet-station facetwp-type-fselect\" data-name=\"station\" data-type=\"fselect\"><\/div><div class=\"facetwp-facet facetwp-facet-types_dtaills facetwp-type-checkboxes\" data-name=\"types_dtaills\" data-type=\"checkboxes\"><\/div><\/div><div class=\"panel-footer\"><div class=\"facet-buttons\"><button type=\"submit\" class=\"btn btn-1 toggle-facets facetwp-count-btn\">Ver todo <span class=\"results-count\"><\/span> resultados<\/button><\/div><\/div><\/div><\/div><div class=\"listing-header\"><div class=\"toggle-container\"><button class=\"btn toggle-btn toggle-facets\" data-target=\"facets\">Filtros<\/button><\/div><\/div><div class=\"facetwp-template\"><div class=\"list-container active\"><div class=\"list-items\"><div class=\"item\" ><div class=\"card card-apidae card-avance post-type-apidae\"><div class=\"group-top\"><\/div><div class=\"group-media\"><div class=\"field-image\"><img decoding=\"async\" src=\"https:\/\/images.weserv.nl\/?url=https:\/\/static.apidae-tourisme.com\/filestore\/objets-touristiques\/images\/107\/149\/20092267-diaporama.jpg&#038;w=350&#038;h=550&#038;fit=cover&#038;output=webp&#038;q=45\" alt=\"Rafiki Rafting\"\/><\/div><\/div><div class=\"group-content\"><div class=\"field-commune\">Saint-Martin-de-Queyri\u00e8res<\/div><div class=\"field-title\">Rafiki Rafting<\/div><\/div><div class=\"field-link\"><a href=\"https:\/\/www.hautes-alpes.net\/es\/fiche\/rafiki-rafting-4\/\" class=\"cardlink\">Rafiki Rafting<\/a><\/div><\/div><\/div><div class=\"item\" ><div class=\"card card-apidae card-avance post-type-apidae\"><div class=\"group-top\"><\/div><div class=\"group-media\"><div class=\"field-image\"><img decoding=\"async\" src=\"https:\/\/images.weserv.nl\/?url=https:\/\/static.apidae-tourisme.com\/filestore\/objets-touristiques\/images\/109\/57\/16398701-diaporama.jpg&#038;w=350&#038;h=550&#038;fit=cover&#038;output=webp&#038;q=45\" alt=\"Claire Giraud\"\/><\/div><\/div><div class=\"group-content\"><div class=\"field-commune\">Manteyer<\/div><div class=\"field-title\">Claire Giraud<\/div><\/div><div class=\"field-link\"><a href=\"https:\/\/www.hautes-alpes.net\/es\/fiche\/claire-giraud-4\/\" class=\"cardlink\">Claire Giraud<\/a><\/div><\/div><\/div><div class=\"item\" ><div class=\"card card-apidae card-avance post-type-apidae\"><div class=\"group-top\"><\/div><div class=\"group-media\"><div class=\"field-image\"><img decoding=\"async\" src=\"https:\/\/images.weserv.nl\/?url=https:\/\/static.apidae-tourisme.com\/filestore\/objets-touristiques\/images\/204\/239\/782284-diaporama.jpg&#038;w=350&#038;h=550&#038;fit=cover&#038;output=webp&#038;q=45\" alt=\"L&#8217;Art du Ta\u00ef Chi Quan\"\/><\/div><\/div><div class=\"group-content\"><div class=\"field-commune\">La Freissinouse<\/div><div class=\"field-title\">L&#8217;Art du Ta\u00ef Chi Quan<\/div><\/div><div class=\"field-link\"><a href=\"https:\/\/www.hautes-alpes.net\/es\/fiche\/lart-du-tai-chi-quan-4\/\" class=\"cardlink\">L&#8217;Art du Ta\u00ef Chi Quan<\/a><\/div><\/div><\/div><div class=\"item\" ><div class=\"card card-apidae card-avance post-type-apidae\"><div class=\"group-top\"><\/div><div class=\"group-media\"><div class=\"field-image\"><img decoding=\"async\" src=\"https:\/\/images.weserv.nl\/?url=https:\/\/static.apidae-tourisme.com\/filestore\/objets-touristiques\/images\/211\/67\/9389011-diaporama.jpg&#038;w=350&#038;h=550&#038;fit=cover&#038;output=webp&#038;q=45\" alt=\"Nuit \u00e0 l&#8217;Observatoire de Saint-V\u00e9ran\"\/><\/div><\/div><div class=\"group-content\"><div class=\"field-commune\">Saint-V\u00e9ran<\/div><div class=\"field-title\">Nuit \u00e0 l&#8217;Observatoire de Saint-V\u00e9ran<\/div><\/div><div class=\"field-link\"><a href=\"https:\/\/www.hautes-alpes.net\/es\/fiche\/nuit-a-lobservatoire-de-saint-veran-3\/\" class=\"cardlink\">Nuit \u00e0 l&#8217;Observatoire de Saint-V\u00e9ran<\/a><\/div><\/div><\/div><div class=\"item\" ><div class=\"card card-apidae card-avance post-type-apidae\"><div class=\"group-top\"><\/div><div class=\"group-media\"><div class=\"field-image\"><img decoding=\"async\" src=\"https:\/\/images.weserv.nl\/?url=https:\/\/static.apidae-tourisme.com\/filestore\/objets-touristiques\/images\/135\/23\/37099399-diaporama.jpg&#038;w=350&#038;h=550&#038;fit=cover&#038;output=webp&#038;q=45\" alt=\"Espace Culturel de Chaillol \u2013 Le Bocage\"\/><\/div><\/div><div class=\"group-content\"><div class=\"field-commune\">Saint-Michel-de-Chaillol<\/div><div class=\"field-title\">Espace Culturel de Chaillol \u2013 Le Bocage<\/div><\/div><div class=\"field-link\"><a href=\"https:\/\/www.hautes-alpes.net\/es\/fiche\/espace-culturel-de-chaillol-le-bocage-3\/\" class=\"cardlink\">Espace Culturel de Chaillol \u2013 Le Bocage<\/a><\/div><\/div><\/div><div class=\"item\" ><div class=\"card card-apidae card-avance post-type-apidae\"><div class=\"group-top\"><\/div><div class=\"group-media\"><div class=\"field-image\"><img decoding=\"async\" src=\"https:\/\/images.weserv.nl\/?url=https:\/\/static.apidae-tourisme.com\/filestore\/objets-touristiques\/images\/48\/155\/21404464-diaporama.jpg&#038;w=350&#038;h=550&#038;fit=cover&#038;output=webp&#038;q=45\" alt=\"La ferme des Moulins\"\/><\/div><\/div><div class=\"group-content\"><div class=\"field-commune\">Arvieux<\/div><div class=\"field-title\">La ferme des Moulins<\/div><\/div><div class=\"field-link\"><a href=\"https:\/\/www.hautes-alpes.net\/es\/fiche\/la-ferme-des-moulins-4\/\" class=\"cardlink\">La ferme des Moulins<\/a><\/div><\/div><\/div><div class=\"item\" ><div class=\"card card-apidae card-avance post-type-apidae\"><div class=\"group-top\"><\/div><div class=\"group-media\"><div class=\"field-image\"><img decoding=\"async\" src=\"https:\/\/images.weserv.nl\/?url=https:\/\/static.apidae-tourisme.com\/filestore\/objets-touristiques\/images\/217\/125\/1146329-diaporama.jpg&#038;w=350&#038;h=550&#038;fit=cover&#038;output=webp&#038;q=45\" alt=\"Cyril Mahout, Accompagnateur en Montagne\"\/><\/div><\/div><div class=\"group-content\"><div class=\"field-commune\">Puy-Saint-Vincent<\/div><div class=\"field-title\">Cyril Mahout, Accompagnateur en Montagne<\/div><\/div><div class=\"field-link\"><a href=\"https:\/\/www.hautes-alpes.net\/es\/fiche\/cyril-mahout-accompagnateur-en-montagne-2\/\" class=\"cardlink\">Cyril Mahout, Accompagnateur en Montagne<\/a><\/div><\/div><\/div><div class=\"item\" ><div class=\"card card-apidae card-avance post-type-apidae\"><div class=\"group-top\"><\/div><div class=\"group-media\"><div class=\"field-image\"><img decoding=\"async\" src=\"https:\/\/images.weserv.nl\/?url=https:\/\/static.apidae-tourisme.com\/filestore\/objets-touristiques\/images\/233\/185\/702953-diaporama.jpg&#038;w=350&#038;h=550&#038;fit=cover&#038;output=webp&#038;q=45\" alt=\"Mireille la dentelli\u00e8re\"\/><\/div><\/div><div class=\"group-content\"><div class=\"field-commune\">Arvieux<\/div><div class=\"field-title\">Mireille la dentelli\u00e8re<\/div><\/div><div class=\"field-link\"><a href=\"https:\/\/www.hautes-alpes.net\/es\/fiche\/mireille-la-dentelliere-4\/\" class=\"cardlink\">Mireille la dentelli\u00e8re<\/a><\/div><\/div><\/div><div class=\"item\" ><div class=\"card card-apidae card-avance post-type-apidae\"><div class=\"group-top\"><\/div><div class=\"group-media\"><div class=\"field-image\"><img decoding=\"async\" src=\"https:\/\/images.weserv.nl\/?url=https:\/\/static.apidae-tourisme.com\/filestore\/objets-touristiques\/images\/203\/128\/29458635-diaporama.jpg&#038;w=350&#038;h=550&#038;fit=cover&#038;output=webp&#038;q=45\" alt=\"Aqua D\u00e9tente Pros : Bateau Ap\u00e9ro\"\/><\/div><\/div><div class=\"group-content\"><div class=\"field-commune\">Savines-le-Lac<\/div><div class=\"field-title\">Aqua D\u00e9tente Pros : Bateau Ap\u00e9ro<\/div><\/div><div class=\"field-link\"><a href=\"https:\/\/www.hautes-alpes.net\/es\/fiche\/aqua-detente-pros-bateau-apero-4\/\" class=\"cardlink\">Aqua D\u00e9tente Pros : Bateau Ap\u00e9ro<\/a><\/div><\/div><\/div><div class=\"item\" ><div class=\"card card-apidae card-avance post-type-apidae\"><div class=\"group-top\"><\/div><div class=\"group-media\"><div class=\"field-image\"><img decoding=\"async\" src=\"https:\/\/images.weserv.nl\/?url=https:\/\/static.apidae-tourisme.com\/filestore\/objets-touristiques\/images-principales\/230\/228\/386278-diaporama.jpg&#038;w=350&#038;h=550&#038;fit=cover&#038;output=webp&#038;q=45\" alt=\"Kh\u00e9per\"\/><\/div><\/div><div class=\"group-content\"><div class=\"field-commune\">Trescl\u00e9oux<\/div><div class=\"field-title\">Kh\u00e9per<\/div><\/div><div class=\"field-link\"><a href=\"https:\/\/www.hautes-alpes.net\/es\/fiche\/kheper-3\/\" class=\"cardlink\">Kh\u00e9per<\/a><\/div><\/div><\/div><div class=\"item\" ><div class=\"card card-apidae card-avance post-type-apidae\"><div class=\"group-top\"><\/div><div class=\"group-media\"><div class=\"field-image\"><img decoding=\"async\" src=\"https:\/\/images.weserv.nl\/?url=https:\/\/static.apidae-tourisme.com\/filestore\/objets-touristiques\/images\/98\/64\/31866978-diaporama.jpg&#038;w=350&#038;h=550&#038;fit=cover&#038;output=webp&#038;q=45\" alt=\"Maison du Parc national des Ecrins \u2013 Embrunais\"\/><\/div><\/div><div class=\"group-content\"><div class=\"field-commune\">Ch\u00e2teauroux-les-Alpes<\/div><div class=\"field-title\">Maison du Parc national des Ecrins \u2013 Embrunais<\/div><\/div><div class=\"field-link\"><a href=\"https:\/\/www.hautes-alpes.net\/es\/fiche\/maison-du-parc-national-des-ecrins-embrunais-4\/\" class=\"cardlink\">Maison du Parc national des Ecrins \u2013 Embrunais<\/a><\/div><\/div><\/div><div class=\"item\" ><div class=\"card card-apidae card-avance post-type-apidae\"><div class=\"group-top\"><\/div><div class=\"group-media\"><div class=\"field-image\"><img decoding=\"async\" src=\"https:\/\/images.weserv.nl\/?url=https:\/\/static.apidae-tourisme.com\/filestore\/objets-touristiques\/images\/214\/192\/19775702-diaporama.jpg&#038;w=350&#038;h=550&#038;fit=cover&#038;output=webp&#038;q=45\" alt=\"Atelier Amarine\"\/><\/div><\/div><div class=\"group-content\"><div class=\"field-commune\">Saint-Julien-en-Champsaur<\/div><div class=\"field-title\">Atelier Amarine<\/div><\/div><div class=\"field-link\"><a href=\"https:\/\/www.hautes-alpes.net\/es\/fiche\/atelier-amarine-4\/\" class=\"cardlink\">Atelier Amarine<\/a><\/div><\/div><\/div><div class=\"item\" ><div class=\"card card-apidae card-avance post-type-apidae\"><div class=\"group-top\"><\/div><div class=\"group-media\"><div class=\"field-image\"><img decoding=\"async\" src=\"https:\/\/images.weserv.nl\/?url=https:\/\/static.apidae-tourisme.com\/filestore\/objets-touristiques\/images\/156\/233\/18868636-diaporama.jpg&#038;w=350&#038;h=550&#038;fit=cover&#038;output=webp&#038;q=45\" alt=\"Club de Scrabble\"\/><\/div><\/div><div class=\"group-content\"><div class=\"field-commune\">Laragne-Mont\u00e9glin<\/div><div class=\"field-title\">Club de Scrabble<\/div><\/div><div class=\"field-link\"><a href=\"https:\/\/www.hautes-alpes.net\/es\/fiche\/club-de-scrabble-4\/\" class=\"cardlink\">Club de Scrabble<\/a><\/div><\/div><\/div><div class=\"item\" ><div class=\"card card-apidae card-avance post-type-apidae\"><div class=\"group-top\"><\/div><div class=\"group-media\"><div class=\"field-image\"><img decoding=\"async\" src=\"https:\/\/images.weserv.nl\/?url=https:\/\/static.apidae-tourisme.com\/filestore\/objets-touristiques\/images\/9\/157\/23698697-diaporama.jpg&#038;w=350&#038;h=550&#038;fit=cover&#038;output=webp&#038;q=45\" alt=\"Soir\u00e9e Rando-Astro\"\/><\/div><\/div><div class=\"group-content\"><div class=\"field-commune\">Vallouise-Pelvoux<\/div><div class=\"field-title\">Soir\u00e9e Rando-Astro<\/div><\/div><div class=\"field-link\"><a href=\"https:\/\/www.hautes-alpes.net\/es\/fiche\/soiree-rando-astro-4\/\" class=\"cardlink\">Soir\u00e9e Rando-Astro<\/a><\/div><\/div><\/div><div class=\"item\" ><div class=\"card card-apidae card-avance post-type-apidae\"><div class=\"group-top\"><\/div><div class=\"group-media\"><div class=\"field-image\"><img decoding=\"async\" src=\"https:\/\/images.weserv.nl\/?url=https:\/\/static.apidae-tourisme.com\/filestore\/objets-touristiques\/images\/233\/57\/42482153-diaporama.jpg&#038;w=350&#038;h=550&#038;fit=cover&#038;output=webp&#038;q=45\" alt=\"Audrey Montagne musique\"\/><\/div><\/div><div class=\"group-content\"><div class=\"field-commune\">Laye<\/div><div class=\"field-title\">Audrey Montagne musique<\/div><\/div><div class=\"field-link\"><a href=\"https:\/\/www.hautes-alpes.net\/es\/fiche\/audrey-montagne-musique-4\/\" class=\"cardlink\">Audrey Montagne musique<\/a><\/div><\/div><\/div><div id=\"locations-data_f0a37\" style=\"display: none;\">{&quot;locations&quot;:[{&quot;lat&quot;:&quot;44.856451&quot;,&quot;lng&quot;:&quot;6.589654&quot;,&quot;title&quot;:&quot;Rafiki Rafting&quot;,&quot;permalink&quot;:&quot;https:\\\/\\\/www.hautes-alpes.net\\\/es\\\/fiche\\\/rafiki-rafting-4\\\/&quot;,&quot;type&quot;:&quot;commerce_et_service&quot;,&quot;commune&quot;:&quot;Saint-Martin-de-Queyri\\u00e8res&quot;,&quot;type_commerce&quot;:&quot;&quot;,&quot;image&quot;:&quot;https:\\\/\\\/static.apidae-tourisme.com\\\/filestore\\\/objets-touristiques\\\/images\\\/107\\\/149\\\/20092267-diaporama.jpg&quot;,&quot;image_width&quot;:&quot;350&quot;,&quot;image_height&quot;:&quot;550&quot;,&quot;image_fit&quot;:&quot;cover&quot;},{&quot;lat&quot;:&quot;44.530195&quot;,&quot;lng&quot;:&quot;5.800656&quot;,&quot;title&quot;:&quot;Claire Giraud&quot;,&quot;permalink&quot;:&quot;https:\\\/\\\/www.hautes-alpes.net\\\/es\\\/fiche\\\/claire-giraud-4\\\/&quot;,&quot;type&quot;:&quot;commerce_et_service&quot;,&quot;commune&quot;:&quot;Manteyer&quot;,&quot;type_commerce&quot;:&quot;&quot;,&quot;image&quot;:&quot;https:\\\/\\\/static.apidae-tourisme.com\\\/filestore\\\/objets-touristiques\\\/images\\\/109\\\/57\\\/16398701-diaporama.jpg&quot;,&quot;image_width&quot;:&quot;350&quot;,&quot;image_height&quot;:&quot;550&quot;,&quot;image_fit&quot;:&quot;cover&quot;},{&quot;lat&quot;:&quot;44.52182&quot;,&quot;lng&quot;:&quot;6.001658&quot;,&quot;title&quot;:&quot;L&#8217;Art du Ta\\u00ef Chi Quan&quot;,&quot;permalink&quot;:&quot;https:\\\/\\\/www.hautes-alpes.net\\\/es\\\/fiche\\\/lart-du-tai-chi-quan-4\\\/&quot;,&quot;type&quot;:&quot;commerce_et_service&quot;,&quot;commune&quot;:&quot;La Freissinouse&quot;,&quot;type_commerce&quot;:&quot;&quot;,&quot;image&quot;:&quot;https:\\\/\\\/static.apidae-tourisme.com\\\/filestore\\\/objets-touristiques\\\/images\\\/204\\\/239\\\/782284-diaporama.jpg&quot;,&quot;image_width&quot;:&quot;350&quot;,&quot;image_height&quot;:&quot;550&quot;,&quot;image_fit&quot;:&quot;cover&quot;},{&quot;lat&quot;:&quot;44.698154&quot;,&quot;lng&quot;:&quot;6.906112&quot;,&quot;title&quot;:&quot;Nuit \\u00e0 l&#8217;Observatoire de Saint-V\\u00e9ran&quot;,&quot;permalink&quot;:&quot;https:\\\/\\\/www.hautes-alpes.net\\\/es\\\/fiche\\\/nuit-a-lobservatoire-de-saint-veran-3\\\/&quot;,&quot;type&quot;:&quot;activite&quot;,&quot;commune&quot;:&quot;Saint-V\\u00e9ran&quot;,&quot;type_commerce&quot;:&quot;&quot;,&quot;image&quot;:&quot;https:\\\/\\\/static.apidae-tourisme.com\\\/filestore\\\/objets-touristiques\\\/images\\\/211\\\/67\\\/9389011-diaporama.jpg&quot;,&quot;image_width&quot;:&quot;350&quot;,&quot;image_height&quot;:&quot;550&quot;,&quot;image_fit&quot;:&quot;cover&quot;},{&quot;lat&quot;:&quot;44.689754&quot;,&quot;lng&quot;:&quot;6.164677&quot;,&quot;title&quot;:&quot;Espace Culturel de Chaillol \\u2013 Le Bocage&quot;,&quot;permalink&quot;:&quot;https:\\\/\\\/www.hautes-alpes.net\\\/es\\\/fiche\\\/espace-culturel-de-chaillol-le-bocage-3\\\/&quot;,&quot;type&quot;:&quot;commerce_et_service&quot;,&quot;commune&quot;:&quot;Saint-Michel-de-Chaillol&quot;,&quot;type_commerce&quot;:&quot;&quot;,&quot;image&quot;:&quot;https:\\\/\\\/static.apidae-tourisme.com\\\/filestore\\\/objets-touristiques\\\/images\\\/135\\\/23\\\/37099399-diaporama.jpg&quot;,&quot;image_width&quot;:&quot;350&quot;,&quot;image_height&quot;:&quot;550&quot;,&quot;image_fit&quot;:&quot;cover&quot;},{&quot;lat&quot;:&quot;44.753066&quot;,&quot;lng&quot;:&quot;6.757015&quot;,&quot;title&quot;:&quot;La ferme des Moulins&quot;,&quot;permalink&quot;:&quot;https:\\\/\\\/www.hautes-alpes.net\\\/es\\\/fiche\\\/la-ferme-des-moulins-4\\\/&quot;,&quot;type&quot;:&quot;commerce_et_service&quot;,&quot;commune&quot;:&quot;Arvieux&quot;,&quot;type_commerce&quot;:&quot;&quot;,&quot;image&quot;:&quot;https:\\\/\\\/static.apidae-tourisme.com\\\/filestore\\\/objets-touristiques\\\/images\\\/48\\\/155\\\/21404464-diaporama.jpg&quot;,&quot;image_width&quot;:&quot;350&quot;,&quot;image_height&quot;:&quot;550&quot;,&quot;image_fit&quot;:&quot;cover&quot;},{&quot;lat&quot;:&quot;44.818792&quot;,&quot;lng&quot;:&quot;6.486524&quot;,&quot;title&quot;:&quot;Cyril Mahout, Accompagnateur en Montagne&quot;,&quot;permalink&quot;:&quot;https:\\\/\\\/www.hautes-alpes.net\\\/es\\\/fiche\\\/cyril-mahout-accompagnateur-en-montagne-2\\\/&quot;,&quot;type&quot;:&quot;commerce_et_service&quot;,&quot;commune&quot;:&quot;Puy-Saint-Vincent&quot;,&quot;type_commerce&quot;:&quot;&quot;,&quot;image&quot;:&quot;https:\\\/\\\/static.apidae-tourisme.com\\\/filestore\\\/objets-touristiques\\\/images\\\/217\\\/125\\\/1146329-diaporama.jpg&quot;,&quot;image_width&quot;:&quot;350&quot;,&quot;image_height&quot;:&quot;550&quot;,&quot;image_fit&quot;:&quot;cover&quot;},{&quot;lat&quot;:&quot;44.792246&quot;,&quot;lng&quot;:&quot;6.730728&quot;,&quot;title&quot;:&quot;Mireille la dentelli\\u00e8re&quot;,&quot;permalink&quot;:&quot;https:\\\/\\\/www.hautes-alpes.net\\\/es\\\/fiche\\\/mireille-la-dentelliere-4\\\/&quot;,&quot;type&quot;:&quot;commerce_et_service&quot;,&quot;commune&quot;:&quot;Arvieux&quot;,&quot;type_commerce&quot;:&quot;&quot;,&quot;image&quot;:&quot;https:\\\/\\\/static.apidae-tourisme.com\\\/filestore\\\/objets-touristiques\\\/images\\\/233\\\/185\\\/702953-diaporama.jpg&quot;,&quot;image_width&quot;:&quot;350&quot;,&quot;image_height&quot;:&quot;550&quot;,&quot;image_fit&quot;:&quot;cover&quot;},{&quot;lat&quot;:&quot;44.527316&quot;,&quot;lng&quot;:&quot;6.400867&quot;,&quot;title&quot;:&quot;Aqua D\\u00e9tente Pros : Bateau Ap\\u00e9ro&quot;,&quot;permalink&quot;:&quot;https:\\\/\\\/www.hautes-alpes.net\\\/es\\\/fiche\\\/aqua-detente-pros-bateau-apero-4\\\/&quot;,&quot;type&quot;:&quot;commerce_et_service&quot;,&quot;commune&quot;:&quot;Savines-le-Lac&quot;,&quot;type_commerce&quot;:&quot;&quot;,&quot;image&quot;:&quot;https:\\\/\\\/static.apidae-tourisme.com\\\/filestore\\\/objets-touristiques\\\/images\\\/203\\\/128\\\/29458635-diaporama.jpg&quot;,&quot;image_width&quot;:&quot;350&quot;,&quot;image_height&quot;:&quot;550&quot;,&quot;image_fit&quot;:&quot;cover&quot;},{&quot;lat&quot;:&quot;44.354752&quot;,&quot;lng&quot;:&quot;5.708368&quot;,&quot;title&quot;:&quot;Kh\\u00e9per&quot;,&quot;permalink&quot;:&quot;https:\\\/\\\/www.hautes-alpes.net\\\/es\\\/fiche\\\/kheper-3\\\/&quot;,&quot;type&quot;:&quot;commerce_et_service&quot;,&quot;commune&quot;:&quot;Trescl\\u00e9oux&quot;,&quot;type_commerce&quot;:&quot;&quot;,&quot;image&quot;:&quot;https:\\\/\\\/static.apidae-tourisme.com\\\/filestore\\\/objets-touristiques\\\/images-principales\\\/230\\\/228\\\/386278-diaporama.jpg&quot;,&quot;image_width&quot;:&quot;350&quot;,&quot;image_height&quot;:&quot;550&quot;,&quot;image_fit&quot;:&quot;cover&quot;},{&quot;lat&quot;:&quot;44.614918&quot;,&quot;lng&quot;:&quot;6.5207&quot;,&quot;title&quot;:&quot;Maison du Parc national des Ecrins \\u2013 Embrunais&quot;,&quot;permalink&quot;:&quot;https:\\\/\\\/www.hautes-alpes.net\\\/es\\\/fiche\\\/maison-du-parc-national-des-ecrins-embrunais-4\\\/&quot;,&quot;type&quot;:&quot;commerce_et_service&quot;,&quot;commune&quot;:&quot;Ch\\u00e2teauroux-les-Alpes&quot;,&quot;type_commerce&quot;:&quot;&quot;,&quot;image&quot;:&quot;https:\\\/\\\/static.apidae-tourisme.com\\\/filestore\\\/objets-touristiques\\\/images\\\/98\\\/64\\\/31866978-diaporama.jpg&quot;,&quot;image_width&quot;:&quot;350&quot;,&quot;image_height&quot;:&quot;550&quot;,&quot;image_fit&quot;:&quot;cover&quot;},{&quot;lat&quot;:&quot;44.660066&quot;,&quot;lng&quot;:&quot;6.129059&quot;,&quot;title&quot;:&quot;Atelier Amarine&quot;,&quot;permalink&quot;:&quot;https:\\\/\\\/www.hautes-alpes.net\\\/es\\\/fiche\\\/atelier-amarine-4\\\/&quot;,&quot;type&quot;:&quot;commerce_et_service&quot;,&quot;commune&quot;:&quot;Saint-Julien-en-Champsaur&quot;,&quot;type_commerce&quot;:&quot;&quot;,&quot;image&quot;:&quot;https:\\\/\\\/static.apidae-tourisme.com\\\/filestore\\\/objets-touristiques\\\/images\\\/214\\\/192\\\/19775702-diaporama.jpg&quot;,&quot;image_width&quot;:&quot;350&quot;,&quot;image_height&quot;:&quot;550&quot;,&quot;image_fit&quot;:&quot;cover&quot;},{&quot;lat&quot;:&quot;44.317575&quot;,&quot;lng&quot;:&quot;5.823058&quot;,&quot;title&quot;:&quot;Club de Scrabble&quot;,&quot;permalink&quot;:&quot;https:\\\/\\\/www.hautes-alpes.net\\\/es\\\/fiche\\\/club-de-scrabble-4\\\/&quot;,&quot;type&quot;:&quot;commerce_et_service&quot;,&quot;commune&quot;:&quot;Laragne-Mont\\u00e9glin&quot;,&quot;type_commerce&quot;:&quot;&quot;,&quot;image&quot;:&quot;https:\\\/\\\/static.apidae-tourisme.com\\\/filestore\\\/objets-touristiques\\\/images\\\/156\\\/233\\\/18868636-diaporama.jpg&quot;,&quot;image_width&quot;:&quot;350&quot;,&quot;image_height&quot;:&quot;550&quot;,&quot;image_fit&quot;:&quot;cover&quot;},{&quot;lat&quot;:&quot;44.838884&quot;,&quot;lng&quot;:&quot;6.492237&quot;,&quot;title&quot;:&quot;Soir\\u00e9e Rando-Astro&quot;,&quot;permalink&quot;:&quot;https:\\\/\\\/www.hautes-alpes.net\\\/es\\\/fiche\\\/soiree-rando-astro-4\\\/&quot;,&quot;type&quot;:&quot;activite&quot;,&quot;commune&quot;:&quot;Vallouise-Pelvoux&quot;,&quot;type_commerce&quot;:&quot;&quot;,&quot;image&quot;:&quot;https:\\\/\\\/static.apidae-tourisme.com\\\/filestore\\\/objets-touristiques\\\/images\\\/9\\\/157\\\/23698697-diaporama.jpg&quot;,&quot;image_width&quot;:&quot;350&quot;,&quot;image_height&quot;:&quot;550&quot;,&quot;image_fit&quot;:&quot;cover&quot;},{&quot;lat&quot;:&quot;44.651249&quot;,&quot;lng&quot;:&quot;6.076024&quot;,&quot;title&quot;:&quot;Audrey Montagne musique&quot;,&quot;permalink&quot;:&quot;https:\\\/\\\/www.hautes-alpes.net\\\/es\\\/fiche\\\/audrey-montagne-musique-4\\\/&quot;,&quot;type&quot;:&quot;commerce_et_service&quot;,&quot;commune&quot;:&quot;Laye&quot;,&quot;type_commerce&quot;:&quot;&quot;,&quot;image&quot;:&quot;https:\\\/\\\/static.apidae-tourisme.com\\\/filestore\\\/objets-touristiques\\\/images\\\/233\\\/57\\\/42482153-diaporama.jpg&quot;,&quot;image_width&quot;:&quot;350&quot;,&quot;image_height&quot;:&quot;550&quot;,&quot;image_fit&quot;:&quot;cover&quot;}],&quot;center_lat&quot;:&quot;44.856451&quot;,&quot;center_lng&quot;:&quot;6.589654&quot;}<\/div><\/div><div class=\"ws-apidae-pager\" data-type=\"pager\"><div class=\"custom-pager\"><a class=\"facetwp-page first active\" data-page=\"1\" href=\"\/es\/wp-json\/wp\/v2\/pages\/563358?paged_f0a37=1#listing_f0a37\">1<\/a><a class=\"facetwp-page \" data-page=\"2\" href=\"\/es\/wp-json\/wp\/v2\/pages\/563358?paged_f0a37=2#listing_f0a37\">2<\/a><span class=\"facetwp-separator\">\u2026<\/span><a class=\"facetwp-page \" data-page=\"12\" href=\"\/es\/wp-json\/wp\/v2\/pages\/563358?paged_f0a37=12#listing_f0a37\">12<\/a><a class=\"facetwp-page next\" data-page=\"2\" href=\"\/es\/wp-json\/wp\/v2\/pages\/563358?paged_f0a37=2#listing_f0a37\">\u203a<\/a><\/div><\/div><\/div><\/div><\/div>\n<div class=\"wp-block-ws-library-ws-share\"><span class=\"share-subtitle\">\u00bfTe ha gustado esta p\u00e1gina?<\/span><span class=\"share-title\">\u00a1Comp\u00e1rtelo!<\/span><button class=\"ws-share-button wp-element-button\">Comparte esta p\u00e1gina<\/button><\/div>\n","protected":false},"excerpt":{"rendered":"<p>Guardi\u00e1n de la identidad<\/p>\n","protected":false},"author":7,"featured_media":0,"parent":554967,"menu_order":0,"comment_status":"closed","ping_status":"closed","template":"","meta":{"is_dark_mode":false,"footnotes":""},"page_label":[],"class_list":["post-563358","page","type-page","status-publish","hentry"],"yoast_head":"<!-- This site is optimized with the Yoast SEO plugin v28.3 - https:\/\/yoast.com\/product\/yoast-seo-wordpress\/ -->\n<title>Cultura y terru\u00f1o - Hautes-Alpes<\/title>\n<meta name=\"description\" content=\"Cultura y terru\u00f1o Guardi\u00e1n de la identidad Conoce a los apasionados artesanos y productores de los Altos Alpes que han conservado sus habilidades\" \/>\n<meta name=\"robots\" content=\"index, follow, max-snippet:-1, max-image-preview:large, max-video-preview:-1\" \/>\n<link rel=\"canonical\" href=\"https:\/\/www.hautes-alpes.net\/es\/organizarse\/cultura-y-terruno\/\" \/>\n<meta property=\"og:locale\" content=\"es_ES\" \/>\n<meta property=\"og:type\" content=\"article\" \/>\n<meta property=\"og:title\" content=\"Cultura y terru\u00f1o - Hautes-Alpes\" \/>\n<meta property=\"og:description\" content=\"Cultura y terru\u00f1o Guardi\u00e1n de la identidad Conoce a los apasionados artesanos y productores de los Altos Alpes que han conservado sus habilidades\" \/>\n<meta property=\"og:url\" content=\"https:\/\/www.hautes-alpes.net\/es\/organizarse\/cultura-y-terruno\/\" \/>\n<meta property=\"og:site_name\" content=\"Hautes-Alpes\" \/>\n<meta property=\"article:modified_time\" content=\"2026-06-02T08:50:32+00:00\" \/>\n<meta property=\"og:image\" content=\"https:\/\/www.hautes-alpes.net\/wp-content\/uploads\/2025\/12\/7b3a9696.jpg\" \/>\n\t<meta property=\"og:image:width\" content=\"1600\" \/>\n\t<meta property=\"og:image:height\" content=\"1067\" \/>\n\t<meta property=\"og:image:type\" content=\"image\/jpeg\" \/>\n<meta name=\"twitter:card\" content=\"summary_large_image\" \/>\n<script type=\"application\/ld+json\" class=\"yoast-schema-graph\">{\"@context\":\"https:\\\/\\\/schema.org\",\"@graph\":[{\"@type\":\"WebPage\",\"@id\":\"https:\\\/\\\/www.hautes-alpes.net\\\/es\\\/organizarse\\\/cultura-y-terruno\\\/\",\"url\":\"https:\\\/\\\/www.hautes-alpes.net\\\/es\\\/organizarse\\\/cultura-y-terruno\\\/\",\"name\":\"Cultura y terru\u00f1o - Hautes-Alpes\",\"isPartOf\":{\"@id\":\"https:\\\/\\\/www.hautes-alpes.net\\\/es\\\/#website\"},\"primaryImageOfPage\":{\"@id\":\"https:\\\/\\\/www.hautes-alpes.net\\\/es\\\/organizarse\\\/cultura-y-terruno\\\/#primaryimage\"},\"image\":{\"@id\":\"https:\\\/\\\/www.hautes-alpes.net\\\/es\\\/organizarse\\\/cultura-y-terruno\\\/#primaryimage\"},\"thumbnailUrl\":\"https:\\\/\\\/www.hautes-alpes.net\\\/wp-content\\\/uploads\\\/2025\\\/12\\\/7b3a9696-1600x480.jpg\",\"datePublished\":\"2025-12-03T13:16:03+00:00\",\"dateModified\":\"2026-06-02T08:50:32+00:00\",\"description\":\"Cultura y terru\u00f1o Guardi\u00e1n de la identidad Conoce a los apasionados artesanos y productores de los Altos Alpes que han conservado sus habilidades\",\"breadcrumb\":{\"@id\":\"https:\\\/\\\/www.hautes-alpes.net\\\/es\\\/organizarse\\\/cultura-y-terruno\\\/#breadcrumb\"},\"inLanguage\":\"es\",\"potentialAction\":[{\"@type\":\"ReadAction\",\"target\":[\"https:\\\/\\\/www.hautes-alpes.net\\\/es\\\/organizarse\\\/cultura-y-terruno\\\/\"]}]},{\"@type\":\"ImageObject\",\"inLanguage\":\"es\",\"@id\":\"https:\\\/\\\/www.hautes-alpes.net\\\/es\\\/organizarse\\\/cultura-y-terruno\\\/#primaryimage\",\"url\":\"https:\\\/\\\/www.hautes-alpes.net\\\/wp-content\\\/uploads\\\/2025\\\/12\\\/7b3a9696-1600x480.jpg\",\"contentUrl\":\"https:\\\/\\\/www.hautes-alpes.net\\\/wp-content\\\/uploads\\\/2025\\\/12\\\/7b3a9696-1600x480.jpg\"},{\"@type\":\"BreadcrumbList\",\"@id\":\"https:\\\/\\\/www.hautes-alpes.net\\\/es\\\/organizarse\\\/cultura-y-terruno\\\/#breadcrumb\",\"itemListElement\":[{\"@type\":\"ListItem\",\"position\":1,\"name\":\"Accueil\",\"item\":\"https:\\\/\\\/www.hautes-alpes.net\\\/es\\\/altos-alpes\\\/\"},{\"@type\":\"ListItem\",\"position\":2,\"name\":\"Organizarse\",\"item\":\"https:\\\/\\\/www.hautes-alpes.net\\\/es\\\/organizarse\\\/\"},{\"@type\":\"ListItem\",\"position\":3,\"name\":\"Organizarse\",\"item\":\"https:\\\/\\\/www.hautes-alpes.net\\\/es\\\/sorganiser\\\/\"},{\"@type\":\"ListItem\",\"position\":4,\"name\":\"Cultura y terru\u00f1o\"}]},{\"@type\":\"WebSite\",\"@id\":\"https:\\\/\\\/www.hautes-alpes.net\\\/es\\\/#website\",\"url\":\"https:\\\/\\\/www.hautes-alpes.net\\\/es\\\/\",\"name\":\"ADDET\",\"description\":\"\",\"publisher\":{\"@id\":\"https:\\\/\\\/www.hautes-alpes.net\\\/es\\\/#organization\"},\"potentialAction\":[{\"@type\":\"SearchAction\",\"target\":{\"@type\":\"EntryPoint\",\"urlTemplate\":\"https:\\\/\\\/www.hautes-alpes.net\\\/es\\\/?s={search_term_string}\"},\"query-input\":{\"@type\":\"PropertyValueSpecification\",\"valueRequired\":true,\"valueName\":\"search_term_string\"}}],\"inLanguage\":\"es\"},{\"@type\":\"Organization\",\"@id\":\"https:\\\/\\\/www.hautes-alpes.net\\\/es\\\/#organization\",\"name\":\"Agence D\u00e9partementale de D\u00e9veloppement Economique et Touristique des Hautes-Alpes\",\"url\":\"https:\\\/\\\/www.hautes-alpes.net\\\/es\\\/\",\"logo\":{\"@type\":\"ImageObject\",\"inLanguage\":\"es\",\"@id\":\"https:\\\/\\\/www.hautes-alpes.net\\\/es\\\/#\\\/schema\\\/logo\\\/image\\\/\",\"url\":\"https:\\\/\\\/www.hautes-alpes.net\\\/wp-content\\\/uploads\\\/2026\\\/01\\\/black-logo-2.svg\",\"contentUrl\":\"https:\\\/\\\/www.hautes-alpes.net\\\/wp-content\\\/uploads\\\/2026\\\/01\\\/black-logo-2.svg\",\"caption\":\"Agence D\u00e9partementale de D\u00e9veloppement Economique et Touristique des Hautes-Alpes\"},\"image\":{\"@id\":\"https:\\\/\\\/www.hautes-alpes.net\\\/es\\\/#\\\/schema\\\/logo\\\/image\\\/\"}}]}<\/script>\n<!-- \/ Yoast SEO plugin. -->","yoast_head_json":{"title":"Cultura y terru\u00f1o - Hautes-Alpes","description":"Cultura y terru\u00f1o Guardi\u00e1n de la identidad Conoce a los apasionados artesanos y productores de los Altos Alpes que han conservado sus habilidades","robots":{"index":"index","follow":"follow","max-snippet":"max-snippet:-1","max-image-preview":"max-image-preview:large","max-video-preview":"max-video-preview:-1"},"canonical":"https:\/\/www.hautes-alpes.net\/es\/organizarse\/cultura-y-terruno\/","og_locale":"es_ES","og_type":"article","og_title":"Cultura y terru\u00f1o - Hautes-Alpes","og_description":"Cultura y terru\u00f1o Guardi\u00e1n de la identidad Conoce a los apasionados artesanos y productores de los Altos Alpes que han conservado sus habilidades","og_url":"https:\/\/www.hautes-alpes.net\/es\/organizarse\/cultura-y-terruno\/","og_site_name":"Hautes-Alpes","article_modified_time":"2026-06-02T08:50:32+00:00","og_image":[{"width":1600,"height":1067,"url":"https:\/\/www.hautes-alpes.net\/wp-content\/uploads\/2025\/12\/7b3a9696.jpg","type":"image\/jpeg"}],"twitter_card":"summary_large_image","schema":{"@context":"https:\/\/schema.org","@graph":[{"@type":"WebPage","@id":"https:\/\/www.hautes-alpes.net\/es\/organizarse\/cultura-y-terruno\/","url":"https:\/\/www.hautes-alpes.net\/es\/organizarse\/cultura-y-terruno\/","name":"Cultura y terru\u00f1o - Hautes-Alpes","isPartOf":{"@id":"https:\/\/www.hautes-alpes.net\/es\/#website"},"primaryImageOfPage":{"@id":"https:\/\/www.hautes-alpes.net\/es\/organizarse\/cultura-y-terruno\/#primaryimage"},"image":{"@id":"https:\/\/www.hautes-alpes.net\/es\/organizarse\/cultura-y-terruno\/#primaryimage"},"thumbnailUrl":"https:\/\/www.hautes-alpes.net\/wp-content\/uploads\/2025\/12\/7b3a9696-1600x480.jpg","datePublished":"2025-12-03T13:16:03+00:00","dateModified":"2026-06-02T08:50:32+00:00","description":"Cultura y terru\u00f1o Guardi\u00e1n de la identidad Conoce a los apasionados artesanos y productores de los Altos Alpes que han conservado sus habilidades","breadcrumb":{"@id":"https:\/\/www.hautes-alpes.net\/es\/organizarse\/cultura-y-terruno\/#breadcrumb"},"inLanguage":"es","potentialAction":[{"@type":"ReadAction","target":["https:\/\/www.hautes-alpes.net\/es\/organizarse\/cultura-y-terruno\/"]}]},{"@type":"ImageObject","inLanguage":"es","@id":"https:\/\/www.hautes-alpes.net\/es\/organizarse\/cultura-y-terruno\/#primaryimage","url":"https:\/\/www.hautes-alpes.net\/wp-content\/uploads\/2025\/12\/7b3a9696-1600x480.jpg","contentUrl":"https:\/\/www.hautes-alpes.net\/wp-content\/uploads\/2025\/12\/7b3a9696-1600x480.jpg"},{"@type":"BreadcrumbList","@id":"https:\/\/www.hautes-alpes.net\/es\/organizarse\/cultura-y-terruno\/#breadcrumb","itemListElement":[{"@type":"ListItem","position":1,"name":"Accueil","item":"https:\/\/www.hautes-alpes.net\/es\/altos-alpes\/"},{"@type":"ListItem","position":2,"name":"Organizarse","item":"https:\/\/www.hautes-alpes.net\/es\/organizarse\/"},{"@type":"ListItem","position":3,"name":"Organizarse","item":"https:\/\/www.hautes-alpes.net\/es\/sorganiser\/"},{"@type":"ListItem","position":4,"name":"Cultura y terru\u00f1o"}]},{"@type":"WebSite","@id":"https:\/\/www.hautes-alpes.net\/es\/#website","url":"https:\/\/www.hautes-alpes.net\/es\/","name":"ADDET","description":"","publisher":{"@id":"https:\/\/www.hautes-alpes.net\/es\/#organization"},"potentialAction":[{"@type":"SearchAction","target":{"@type":"EntryPoint","urlTemplate":"https:\/\/www.hautes-alpes.net\/es\/?s={search_term_string}"},"query-input":{"@type":"PropertyValueSpecification","valueRequired":true,"valueName":"search_term_string"}}],"inLanguage":"es"},{"@type":"Organization","@id":"https:\/\/www.hautes-alpes.net\/es\/#organization","name":"Agence D\u00e9partementale de D\u00e9veloppement Economique et Touristique des Hautes-Alpes","url":"https:\/\/www.hautes-alpes.net\/es\/","logo":{"@type":"ImageObject","inLanguage":"es","@id":"https:\/\/www.hautes-alpes.net\/es\/#\/schema\/logo\/image\/","url":"https:\/\/www.hautes-alpes.net\/wp-content\/uploads\/2026\/01\/black-logo-2.svg","contentUrl":"https:\/\/www.hautes-alpes.net\/wp-content\/uploads\/2026\/01\/black-logo-2.svg","caption":"Agence D\u00e9partementale de D\u00e9veloppement Economique et Touristique des Hautes-Alpes"},"image":{"@id":"https:\/\/www.hautes-alpes.net\/es\/#\/schema\/logo\/image\/"}}]}},"_links":{"self":[{"href":"https:\/\/www.hautes-alpes.net\/es\/wp-json\/wp\/v2\/pages\/563358","targetHints":{"allow":["GET"]}}],"collection":[{"href":"https:\/\/www.hautes-alpes.net\/es\/wp-json\/wp\/v2\/pages"}],"about":[{"href":"https:\/\/www.hautes-alpes.net\/es\/wp-json\/wp\/v2\/types\/page"}],"author":[{"embeddable":true,"href":"https:\/\/www.hautes-alpes.net\/es\/wp-json\/wp\/v2\/users\/7"}],"replies":[{"embeddable":true,"href":"https:\/\/www.hautes-alpes.net\/es\/wp-json\/wp\/v2\/comments?post=563358"}],"version-history":[{"count":2,"href":"https:\/\/www.hautes-alpes.net\/es\/wp-json\/wp\/v2\/pages\/563358\/revisions"}],"predecessor-version":[{"id":563400,"href":"https:\/\/www.hautes-alpes.net\/es\/wp-json\/wp\/v2\/pages\/563358\/revisions\/563400"}],"up":[{"embeddable":true,"href":"https:\/\/www.hautes-alpes.net\/es\/wp-json\/wp\/v2\/pages\/554967"}],"wp:attachment":[{"href":"https:\/\/www.hautes-alpes.net\/es\/wp-json\/wp\/v2\/media?parent=563358"}],"wp:term":[{"taxonomy":"page_label","embeddable":true,"href":"https:\/\/www.hautes-alpes.net\/es\/wp-json\/wp\/v2\/page_label?post=563358"}],"curies":[{"name":"wp","href":"https:\/\/api.w.org\/{rel}","templated":true}]}}