{"id":554994,"date":"2025-10-02T11:35:28","date_gmt":"2025-10-02T09:35:28","guid":{"rendered":"https:\/\/www.hautes-alpes.net\/altos-alpes\/"},"modified":"2026-09-04T09:19:26","modified_gmt":"2026-09-04T07:19:26","slug":"altos-alpes","status":"publish","type":"page","link":"https:\/\/www.hautes-alpes.net\/es\/","title":{"rendered":"Hautes-Alpes"},"content":{"rendered":"\n<div class=\"wp-block-ws-library-ws-header-principal alignfull\"><div class=\"header-container\"><div class=\"group-media has-video\"><video class=\"field-video\" autoplay muted loop playsinline><source src=\"https:\/\/www.hautes-alpes.net\/wp-content\/uploads\/2025\/12\/web-media-logo-pure-alpes-1-ligne.mp4\" type=\"video\/mp4\" media=\"(min-width: 768px)\"\/><source src=\"https:\/\/www.hautes-alpes.net\/wp-content\/uploads\/2025\/10\/logo-pure-alpes-2-lignes.mp4\" type=\"video\/mp4\" media=\"(max-width: 767px)\"\/><\/video><\/div><div class=\"group-content\"><div class=\"inner-content\"><h1 class=\"field-title\">Hautes-Alpes<\/h1><div class=\"field-list\">\n<ul class=\"wp-block-list\">\n<li>en el arco alpino<\/li>\n\n\n\n<li>los lugares al aire libre m\u00e1s bellos del mundo<\/li>\n\n\n\n<li>Departamento ecol\u00f3gico l\u00edder en Francia<\/li>\n\n\n\n<li>pioneros en energ\u00edas renovables<\/li>\n\n\n\n<li>Sede ol\u00edmpica en 2030<\/li>\n<\/ul>\n<\/div><\/div><\/div><div class=\"scroll\"><div class=\"link-godown\">Scroll<\/div><\/div><\/div><\/div>\n\n<h2 class=\"wp-block-heading alignwide is-style-title-1\">EN EL <span class=\"text-highlight\"><strong>TITULAR<\/strong><\/span><\/h2>\n<div class=\"alignwide wp-block-ws-library-ws-current-date\"><span class=\"ws-current-date__day\">S\u00e1bado<\/span><span class=\"ws-current-date__date\">05<\/span><span class=\"ws-current-date__month\">septiembre<\/span><\/div>\n<div class=\"wp-block-ws-library-scrollable-section ws-section-scrollable alignfull\"><div class=\"scrollable-item\"><div class=\"group-content\"><div class=\"wrapper\"><h3 class=\"field-title\"><strong><strong><strong><strong>Ultra Raid de la Meije<\/strong><\/strong><\/strong><\/strong><\/h3><div class=\"field-intro\"><p>A la conquista de las cimas<\/p><\/div><\/div><\/div><div class=\"group-innerblocks\"><div class=\"group-media\"><div class=\"field-image\"><img decoding=\"async\" src=\"https:\/\/www.hautes-alpes.net\/wp-content\/uploads\/2026\/09\/urlm-7-laurent-salino-1140x620.jpg\" alt=\"\"\/><\/div><div class=\"credits\">Laurent Salino<\/div><\/div>\n<div class=\"section-wrapper\"><div class=\"wp-block-ws-library-scrollable-section-item ws-section-scrollable-item is-style-bg-grey\">\n<p class=\"wp-block-paragraph\"><strong>Los d\u00edas 12 y 13 de septiembre de 2026, la Ultra Raid de la Meije en bicicleta de monta\u00f1a celebrar\u00e1 su 15.\u00aa edici\u00f3n<\/strong> por los senderos de La Grave, Villar-d\u2019Ar\u00eane y el Pays de la Meije.<\/p>\n<\/div><\/div>\n\n\n\n<div class=\"section-wrapper\"><div class=\"wp-block-ws-library-scrollable-section-item ws-section-scrollable-item\">\n<p class=\"wp-block-paragraph\">Durante dos d\u00edas, se espera que acudan <strong>550 participantes<\/strong> a <strong>5 carreras cronometradas de BTT, 2 carreras de BTT el\u00e9ctrica y 7 rutas sin cronometrar<\/strong>, en uno de los escenarios m\u00e1s espectaculares de los Hautes-Alpes.<\/p>\n<\/div><\/div>\n\n\n\n<div class=\"section-wrapper\"><div class=\"wp-block-ws-library-scrollable-section-item ws-section-scrollable-item\">\n<div class=\"wp-block-ws-library-ws-image\"><div class=\"wrapper\"><div class=\"group-media\"><img decoding=\"async\" src=\"https:\/\/www.hautes-alpes.net\/wp-content\/uploads\/2026\/09\/urlm-5-laurent-salino-960x640.jpg\" alt=\"\" class=\"single_image ws-image-862227\"><div class=\"credits\">Laurent Salino<\/div><\/div><p class=\"caption\"><\/p><\/div><\/div>\n<\/div><\/div>\n\n\n\n<div class=\"section-wrapper\"><div class=\"wp-block-ws-library-scrollable-section-item ws-section-scrollable-item\">\n<p class=\"wp-block-paragraph\"><strong>Gran novedad para 2026<\/strong>: la bicicleta de monta\u00f1a el\u00e9ctrica (VTTAE) da un paso m\u00e1s con <strong>la creaci\u00f3n del E-Raid de 2 d\u00edas<\/strong>. En el programa: 120 km y 5 300 m de desnivel positivo acumulado durante el fin de semana, con 67 km el s\u00e1bado y 53 km el domingo. Un nuevo formato de larga distancia que abre el reto de la Meije a nuevos perfiles de ciclistas de monta\u00f1a.  <\/p>\n<\/div><\/div>\n\n\n\n<div class=\"section-wrapper\"><div class=\"wp-block-ws-library-scrollable-section-item ws-section-scrollable-item\">\n<p class=\"wp-block-paragraph\">Pero en La Meije, la Ultra sigue siendo la reina. <strong>La prueba estrella, la Elite Ultra 113<\/strong>, cuenta con 117 km y 5.300 m de desnivel positivo por rutas de alta monta\u00f1a donde la distancia, la dificultad t\u00e9cnica y el desnivel han forjado la reputaci\u00f3n del evento.<\/p>\n<\/div><\/div>\n\n\n\n<div class=\"section-wrapper\"><div class=\"wp-block-ws-library-scrollable-section-item ws-section-scrollable-item\">\n<div class=\"wp-block-ws-library-ws-image\"><div class=\"wrapper\"><div class=\"group-media\"><img decoding=\"async\" src=\"https:\/\/www.hautes-alpes.net\/wp-content\/uploads\/2026\/09\/urlm-2-laurent-salino-1240x800.jpg\" alt=\"\" class=\"single_image ws-image-862229\"><div class=\"credits\">Laurent Salino<\/div><\/div><p class=\"caption\"><\/p><\/div><\/div>\n<\/div><\/div>\n\n\n\n<div class=\"section-wrapper\"><div class=\"wp-block-ws-library-scrollable-section-item ws-section-scrollable-item\">\n<p class=\"wp-block-paragraph\">Esta 15.\u00aa edici\u00f3n tambi\u00e9n ser\u00e1 la ocasi\u00f3n para <strong>entregar los trofeos L\u2019\u00c9terlou \u2013 La Meije<\/strong>, un desaf\u00edo 100 % del Alto Alpes que se puso en marcha en 2025 y que combina pruebas del raid L\u2019\u00c9terlou en el D\u00e9voluy con algunas del Ultra Raid de la Meije. <strong>La entrega de premios ser\u00e1 el domingo 13 de septiembre.<\/strong><\/p>\n<\/div><\/div>\n<\/div><\/div><\/div>\n\n<div class=\"wp-block-ws-library-scrollable-section ws-section-scrollable alignfull\"><div class=\"scrollable-item\"><div class=\"group-content\"><div class=\"wrapper\"><h3 class=\"field-title\">Balance del verano de 2026<\/h3><div class=\"field-intro\"><p><\/p><\/div><\/div><\/div><div class=\"group-innerblocks\"><div class=\"group-media\"><div class=\"field-image\"><img decoding=\"async\" src=\"https:\/\/www.hautes-alpes.net\/wp-content\/uploads\/2026\/01\/maquette-image-flash-info-scaled-1140x620.jpg\" alt=\"\"\/><\/div><div class=\"credits\"><\/div><\/div>\n<div class=\"section-wrapper\"><div class=\"wp-block-ws-library-scrollable-section-item ws-section-scrollable-item is-style-bg-grey\">\n<p class=\"wp-block-paragraph\">Aunque la afluencia <strong>de visitantes<\/strong> se mantiene en general s\u00f3lida, con casi <strong>2 millones de visitantes<\/strong>, la tasa de ocupaci\u00f3n de los alojamientos tur\u00edsticos ha bajado un poco (-1 % respecto a la temporada de verano anterior), algo que no pasaba desde 2015<\/p>\n<\/div><\/div>\n\n\n\n<div class=\"section-wrapper\"><div class=\"wp-block-ws-library-scrollable-section-item ws-section-scrollable-item\">\n<p class=\"wp-block-paragraph\">\u00cdndice de ocupaci\u00f3n de los alojamientos tur\u00edsticos y variaci\u00f3n respecto al verano de 2025 por periodo  (Fuente: ADDET05\/G2A)<\/p>\n\n\n\n<ul class=\"wp-block-list\">\n<li>Junio: 26,7 % (-1 punto)<\/li>\n\n\n\n<li>Julio: 59,2 % (+1 punto)<\/li>\n\n\n\n<li>Agosto: 71,4 % (sin cambios)<\/li>\n\n\n\n<li>Septiembre (previsiones): 18,5 % (+0,1 puntos)<\/li>\n\n\n\n<li>Verano de 2026: 40,2 % (-0,4 puntos)<\/li>\n<\/ul>\n\n\n\n<p class=\"wp-block-paragraph\"><em>\u2002\u2002<\/em><\/p>\n<\/div><\/div>\n\n\n\n<div class=\"section-wrapper\"><div class=\"wp-block-ws-library-scrollable-section-item ws-section-scrollable-item\">\n<p class=\"wp-block-paragraph\">M\u00e1s all\u00e1 de la afluencia de p\u00fablico, <strong>lo que hay que tener m\u00e1s en cuenta este verano de 2026 es el consumo<\/strong><\/p>\n\n\n\n<p class=\"wp-block-paragraph\">Los profesionales del turismo de los Altos Alpes se\u00f1alan en gran medida una ca\u00edda del gasto en la mayor\u00eda de las partidas: ocio, restauraci\u00f3n, alimentaci\u00f3n o incluso tiendas.<\/p>\n<\/div><\/div>\n\n\n\n<div class=\"section-wrapper\"><div class=\"wp-block-ws-library-scrollable-section-item ws-section-scrollable-item\">\n<div class=\"wp-block-ws-library-ws-animated-quote\"><blockquote class=\"quote-container quote-align-undefined\"><div class=\"group-media\"><div class=\"field-image\"><img decoding=\"async\" class=\"quote-avatar ws-image-624273\" src=\"https:\/\/www.hautes-alpes.net\/wp-content\/uploads\/2026\/06\/seminaire-schema-tourisme-cedric-tempier-5-400x400.jpg\" data-full-url=\"https:\/\/www.hautes-alpes.net\/wp-content\/uploads\/2026\/06\/seminaire-schema-tourisme-cedric-tempier-5.jpg\" alt=\"\"><\/div><\/div><footer><cite class=\"quote-subcontent\">Yvan Chaix<\/cite><\/footer><p class=\"quote-content\">El verano de 2026 nos recuerda con fuerza que nada est\u00e1 garantizado para siempre. Tenemos que seguir esforz\u00e1ndonos por promocionar nuestros destinos, adaptar nuestras instalaciones y servicios, cuidar nuestro entorno natural y velar por la calidad de la acogida que damos a nuestros hu\u00e9spedes. <\/p><\/blockquote><\/div>\n<\/div><\/div>\n<\/div><\/div><\/div>\n\n<div class=\"wp-block-ws-library-scrollable-section ws-section-scrollable alignfull\"><div class=\"scrollable-item\"><div class=\"group-content\"><div class=\"wrapper\"><h3 class=\"field-title\"><strong><strong>Feria ecol\u00f3gica de G\u00e9n\u00e9pi<\/strong><\/strong><\/h3><div class=\"field-intro\"><p>El mar empieza aqu\u00ed<\/p><\/div><\/div><\/div><div class=\"group-innerblocks\"><div class=\"group-media\"><div class=\"field-image\"><img decoding=\"async\" src=\"https:\/\/www.hautes-alpes.net\/wp-content\/uploads\/2026\/08\/gap-juillet-aout-2025-patrick-domeyne-130-1140x620.jpg\" alt=\"\"\/><\/div><div class=\"credits\">AD05 \u2013 P. Domeyne<\/div><\/div>\n<div class=\"section-wrapper\"><div class=\"wp-block-ws-library-scrollable-section-item ws-section-scrollable-item is-style-bg-grey\">\n<p class=\"wp-block-paragraph\"><strong>Los d\u00edas 12 y 13 de septiembre, Embrun acoger\u00e1 la 26.<sup>\u00aa<\/sup> edici\u00f3n de la Feria Ecol\u00f3gica.<\/strong> <strong>Este a\u00f1o, la atenci\u00f3n se centrar\u00e1 en las emergencias clim\u00e1ticas y sociales.<\/strong><\/p>\n<\/div><\/div>\n\n\n\n<div class=\"section-wrapper\"><div class=\"wp-block-ws-library-scrollable-section-item ws-section-scrollable-item\">\n<p class=\"wp-block-paragraph\">Se har\u00e1 hincapi\u00e9 en nuestra relaci\u00f3n con el mar (contaminaci\u00f3n por pl\u00e1sticos, protecci\u00f3n de las especies y las reservas marinas, alimentaci\u00f3n y el entorno pesquero).<\/p>\n<\/div><\/div>\n\n\n\n<div class=\"section-wrapper\"><div class=\"wp-block-ws-library-scrollable-section-item ws-section-scrollable-item\">\n<div class=\"wp-block-ws-library-ws-image\"><div class=\"wrapper\"><div class=\"group-media\"><img decoding=\"async\" src=\"https:\/\/www.hautes-alpes.net\/wp-content\/uploads\/2026\/08\/genepi-guillaumette-plantations-patrick-domeyne-2021-79-1240x800.jpg\" alt=\"\" class=\"single_image ws-image-828785\"><div class=\"credits\">Patrick DOMEYNE<\/div><\/div><p class=\"caption\"><\/p><\/div><\/div>\n<\/div><\/div>\n\n\n\n<div class=\"section-wrapper\"><div class=\"wp-block-ws-library-scrollable-section-item ws-section-scrollable-item\">\n<p class=\"wp-block-paragraph\">En la feria BIO, los ni\u00f1os y los padres pueden aprender sobre ecolog\u00eda mientras se divierten gracias a las actividades ecol\u00f3gicas y l\u00fadicas del espacio educativo. Los mayores tambi\u00e9n pueden aprender o compartir sus experiencias en las conferencias y mesas redondas que se organizan. Los platos elaborados por restauradores ecol\u00f3gicos despiertan el apetito de grandes y peque\u00f1os.  <\/p>\n<\/div><\/div>\n<\/div><\/div><\/div>\n\n<div class=\"wp-block-buttons is-content-justification-center is-layout-flex wp-container-core-buttons-is-layout-fe29434c wp-block-buttons-is-layout-flex\">\n<div class=\"wp-block-button\"><a class=\"wp-block-button__link wp-element-button\" href=\"https:\/\/www.hautes-alpes.net\/es\/titulares\/\">Todas las noticias<\/a><\/div>\n<\/div>\n\n<div style=\"height:50px\" aria-hidden=\"true\" class=\"wp-block-spacer\"><\/div>\n\n<h2 class=\"wp-block-heading alignwide is-style-title-1\"><strong>FAVORITOS<\/strong><\/h2>\n\n<div class=\"wp-block-ws-library-scrollable-section ws-section-scrollable alignfull\"><div class=\"scrollable-item\"><div class=\"group-content\"><div class=\"wrapper\"><h3 class=\"field-title\"><strong><strong><strong>Feria de los pavos de Lagrand<\/strong><\/strong><\/strong><\/h3><div class=\"field-intro\"><p>La feria m\u00e1s antigua de los Hautes-Alpes<\/p><\/div><\/div><\/div><div class=\"group-innerblocks\"><div class=\"group-media\"><div class=\"field-image\"><img decoding=\"async\" src=\"https:\/\/www.hautes-alpes.net\/wp-content\/uploads\/2026\/09\/img-0258-1140x620.jpg\" alt=\"\"\/><\/div><div class=\"credits\">P. Domeyne<\/div><\/div>\n<div class=\"section-wrapper\"><div class=\"wp-block-ws-library-scrollable-section-item ws-section-scrollable-item is-style-bg-grey\">\n<p class=\"wp-block-paragraph\"><strong>Desde hace casi ocho siglos, los vecinos de Bu\u00ebch se re\u00fanen el 9 de septiembre para la feria del pavo.<\/strong>  Al principio, all\u00ed se compraba aves de corral para las fiestas de fin de a\u00f1o.<\/p>\n<\/div><\/div>\n\n\n\n<div class=\"section-wrapper\"><div class=\"wp-block-ws-library-scrollable-section-item ws-section-scrollable-item\">\n<p class=\"wp-block-paragraph\">Hoy en d\u00eda tambi\u00e9n se ha convertido en una cita dedicada a la artesan\u00eda y a los productos locales y regionales que se exponen. Por la tarde, visita guiada por el pueblo a cargo de los \u00abAmigos del Patrimonio de Lagrand\u00bb y un viaje al pasado con un pan horneado en el horno comunitario del pueblo. <\/p>\n<\/div><\/div>\n\n\n\n<div class=\"section-wrapper\"><div class=\"wp-block-ws-library-scrollable-section-item ws-section-scrollable-item\">\n<div class=\"wp-block-ws-library-ws-image\"><div class=\"wrapper\"><div class=\"group-media\"><img decoding=\"async\" src=\"https:\/\/www.hautes-alpes.net\/wp-content\/uploads\/2026\/09\/p1090055x-1240x800.jpg\" alt=\"\" class=\"single_image ws-image-852276\"><div class=\"credits\">P. Domeyne<\/div><\/div><p class=\"caption\"><\/p><\/div><\/div>\n<\/div><\/div>\n\n\n\n<div class=\"section-wrapper\"><div class=\"wp-block-ws-library-scrollable-section-item ws-section-scrollable-item\">\n<p class=\"wp-block-paragraph\">La feria de pavos de Lagrand marca as\u00ed el inicio de la temporada de ferias y mercados de oto\u00f1o en los Hautes-Alpes. Es la ocasi\u00f3n perfecta para sumergirte en esta nueva estaci\u00f3n que se abre ante nosotros, con sus colores, sus aromas y su frescura tan caracter\u00edsticos. <\/p>\n<\/div><\/div>\n<\/div><\/div><\/div>\n\n<div class=\"wp-block-ws-library-scrollable-section ws-section-scrollable alignfull\"><div class=\"scrollable-item\"><div class=\"group-content\"><div class=\"wrapper\"><h3 class=\"field-title\"><strong><strong>La Aiguillette del Lauzet<\/strong><\/strong><\/h3><div class=\"field-intro\"><p>Un camino hacia las cimas<\/p><\/div><\/div><\/div><div class=\"group-innerblocks\"><div class=\"group-media\"><div class=\"field-image\"><img decoding=\"async\" src=\"https:\/\/www.hautes-alpes.net\/wp-content\/uploads\/2026\/08\/via-ferrata-aiguillette-du-lauzet-58-matthias-kroll-altituderando-1140x620.jpg\" alt=\"\"\/><\/div><div class=\"credits\">Matthias Kr\u00f6ll \u2013 Altituderando<\/div><\/div>\n<div class=\"section-wrapper\"><div class=\"wp-block-ws-library-scrollable-section-item ws-section-scrollable-item\">\n<p class=\"wp-block-paragraph\">Aferrada a las paredes de la Aiguillette du Lauzet, entre el puerto de Lautaret y Le Mon\u00eatier-les-Bains, esta <strong>v\u00eda ferrata<\/strong> te ofrece uno de los miradores m\u00e1s bonitos de los Hautes-Alpes. A lo largo de las cornisas y los tramos verticales, el paisaje rocoso, que recuerda a las Dolomitas, se abre hacia las cumbres y los glaciares del macizo de \u00c9crins. <\/p>\n<\/div><\/div>\n\n\n\n<div class=\"section-wrapper\"><div class=\"wp-block-ws-library-scrollable-section-item ws-section-scrollable-item\">\n<p class=\"wp-block-paragraph\"><strong>Con una dificultad de PD (poco dif\u00edcil)<\/strong>, la v\u00eda ferrata no presenta grandes dificultades t\u00e9cnicas, pero su extensi\u00f3n la convierte en una aut\u00e9ntica excursi\u00f3n de monta\u00f1a: <strong>900 m de desnivel positivo y entre 6 y 7 horas en total<\/strong>, incluyendo el trayecto de ida y vuelta. El recorrido equipado en s\u00ed mismo dura unas 2 o 3 horas y no tiene salida de emergencia. <\/p>\n<\/div><\/div>\n\n\n\n<div class=\"section-wrapper\"><div class=\"wp-block-ws-library-scrollable-section-item ws-section-scrollable-item\">\n<div class=\"wp-block-ws-library-ws-image\"><div class=\"wrapper\"><div class=\"group-media\"><img decoding=\"async\" src=\"https:\/\/www.hautes-alpes.net\/wp-content\/uploads\/2026\/08\/via-ferrata-aiguillette-du-lauzet-75-matthias-kroll-altituderando-427x640.jpg\" alt=\"\" class=\"single_image ws-image-828606\"><div class=\"credits\">Matthias Kr\u00f6ll \u2013 Altituderando<\/div><\/div><p class=\"caption\"><\/p><\/div><\/div>\n<\/div><\/div>\n\n\n\n<div class=\"section-wrapper\"><div class=\"wp-block-ws-library-scrollable-section-item ws-section-scrollable-item\">\n<p class=\"wp-block-paragraph\">En la cima, <strong>a 2.611 m de altitud<\/strong>, las vistas merecen todo el esfuerzo: los Agneaux, la Barre des \u00c9crins y el Ailefroide se adivinan en el horizonte. Para alargar la experiencia, el camino de vuelta se puede hacer por el puerto de l\u2019Aiguillette y el valle de l\u2019Alpe du Lauzet, con los Cerces y el Grand Galibier como tel\u00f3n de fondo. <\/p>\n<\/div><\/div>\n\n\n\n<div class=\"section-wrapper\"><div class=\"wp-block-ws-library-scrollable-section-item ws-section-scrollable-item\">\n<div class=\"wp-block-ws-library-ws-video\"><div class=\"wrapper\"><div class=\"group-media\">\n<figure class=\"wp-block-embed is-type-video is-provider-youtube wp-block-embed-youtube\"><div class=\"wp-block-embed__wrapper\">\n<iframe title=\"Via Ferrata Aiguillette du Lauzet Hautes-Alpes \/\/ Un air de Dolomites !\" width=\"500\" height=\"281\" src=\"https:\/\/www.youtube.com\/embed\/CKWLSra7MYI?feature=oembed\" frameborder=\"0\" allow=\"accelerometer; autoplay; clipboard-write; encrypted-media; gyroscope; picture-in-picture; web-share\" referrerpolicy=\"strict-origin-when-cross-origin\" allowfullscreen><\/iframe>\n \n<\/div><\/figure>\n<\/div><\/div><\/div>\n<\/div><\/div>\n\n\n\n<div class=\"section-wrapper\"><div class=\"wp-block-ws-library-scrollable-section-item ws-section-scrollable-item\">\n<p class=\"wp-block-paragraph\">Salida: Pont de l\u2019Alpe, en la D1091<br\/>\u00c9poca recomendada: desde finales de junio hasta finales de septiembre<br\/>Nivel: PD (poco dif\u00edcil), se recomienda estar en buena forma f\u00edsica<\/p>\n<\/div><\/div>\n\n\n\n<div class=\"section-wrapper\"><div class=\"wp-block-ws-library-scrollable-section-item ws-section-scrollable-item\">\n<div class=\"wp-block-ws-library-ws-image\"><div class=\"wrapper\"><div class=\"group-media\"><img decoding=\"async\" src=\"https:\/\/www.hautes-alpes.net\/wp-content\/uploads\/2026\/08\/via-ferrata-aiguillette-du-lauzet-79-matthias-kroll-altituderando-427x640.jpg\" alt=\"\" class=\"single_image ws-image-828607\"><div class=\"credits\">Matthias Kr\u00f6ll \u2013 Altituderando<\/div><\/div><p class=\"caption\"><\/p><\/div><\/div>\n<\/div><\/div>\n<div class=\"field-link\"><a href=\"https:\/\/www.hautes-alpes.net\/iconiques\/jeux-dhiver-2030\/\" class=\"cardlink\">Voir la page<\/a><\/div><\/div><\/div><\/div>\n\n<div class=\"wp-block-buttons is-content-justification-center is-layout-flex wp-container-core-buttons-is-layout-fe29434c wp-block-buttons-is-layout-flex\">\n<div class=\"wp-block-button\"><a class=\"wp-block-button__link wp-element-button\" href=\"https:\/\/www.hautes-alpes.net\/es\/favoritos\/\">Todos los favoritos<\/a><\/div>\n<\/div>\n\n<div style=\"height:50px\" aria-hidden=\"true\" class=\"wp-block-spacer\"><\/div>\n\n<h2 class=\"wp-block-heading alignwide is-style-title-1\"><strong>(FR<span class=\"text-highlight\">)\u00c1GIL<\/span><\/strong><\/h2>\n\n<div class=\"wp-block-ws-library-scrollable-section ws-section-scrollable alignfull\"><div class=\"scrollable-item\"><div class=\"group-content\"><div class=\"wrapper\"><h3 class=\"field-title\"><strong><strong><strong><strong>Cultivar el futuro<\/strong><\/strong><\/strong><\/strong><\/h3><div class=\"field-intro\"><p><\/p><\/div><\/div><\/div><div class=\"group-innerblocks\"><div class=\"group-media\"><div class=\"field-image\"><img decoding=\"async\" src=\"https:\/\/www.hautes-alpes.net\/wp-content\/uploads\/2026\/07\/vigne-illustration-4-patrick-domeyne-1140x620.jpg\" alt=\"\"\/><\/div><div class=\"credits\">Patrick Domeyne<\/div><\/div>\n<div class=\"section-wrapper\"><div class=\"wp-block-ws-library-scrollable-section-item ws-section-scrollable-item is-style-bg-grey\">\n<p class=\"wp-block-paragraph\">En los <strong>Hautes-Alpes<\/strong>, la viticultura se adapta a los cambios clim\u00e1ticos sin por ello renunciar a su identidad.<\/p>\n<\/div><\/div>\n\n\n\n<div class=\"section-wrapper\"><div class=\"wp-block-ws-library-scrollable-section-item ws-section-scrollable-item is-style-default\">\n<p class=\"wp-block-paragraph\">En <strong>Th\u00e9us<\/strong>, La\u00ebtitia Allemand (<strong>Domaine Allemand<\/strong>) sigue cultivando la variedad \u00abmollard\u00bb, una uva emblem\u00e1tica de los Hautes-Alpes, de la que defiende tanto sus cualidades agron\u00f3micas como su singularidad.<\/p>\n<\/div><\/div>\n\n\n\n<div class=\"section-wrapper\"><div class=\"wp-block-ws-library-scrollable-section-item ws-section-scrollable-item is-style-default\">\n<p class=\"wp-block-paragraph\">En <strong>Embrun<\/strong>, Emmanuel Berteloot (<strong>Domaine du Mont Guillaume<\/strong>) apuesta por variedades de uva adaptadas a la monta\u00f1a y por vi\u00f1edos cultivados entre los 850 y los 1 000 metros de altitud.<\/p>\n<\/div><\/div>\n\n\n\n<div class=\"section-wrapper\"><div class=\"wp-block-ws-library-scrollable-section-item ws-section-scrollable-item\">\n<div class=\"wp-block-ws-library-ws-image\"><div class=\"wrapper\"><div class=\"group-media\"><img decoding=\"async\" src=\"https:\/\/www.hautes-alpes.net\/wp-content\/uploads\/2026\/07\/domaine-du-mont-guillaume-1-patrick-domeyne-960x640.jpg\" alt=\"\" class=\"single_image ws-image-669874\"><div class=\"credits\">Patrick Domeyne<\/div><\/div><p class=\"caption\"><\/p><\/div><\/div>\n<\/div><\/div>\n\n\n\n<div class=\"section-wrapper\"><div class=\"wp-block-ws-library-scrollable-section-item ws-section-scrollable-item\">\n<p class=\"wp-block-paragraph\">En <strong>Sigoyer<\/strong>, Guillaume Yvetot (<strong>Le Chai Perch\u00e9<\/strong>) busca la frescura de las parcelas situadas a m\u00e1s de 1 000 metros de altitud para mantener el equilibrio de sus vinos.<\/p>\n<\/div><\/div>\n\n\n\n<div class=\"section-wrapper\"><div class=\"wp-block-ws-library-scrollable-section-item ws-section-scrollable-item\">\n<p class=\"wp-block-paragraph\">En <strong>Jarjayes<\/strong>, \u00c9ric Guiramand se suma a esta tendencia plantando pistacheros, una diversificaci\u00f3n pensada para asegurar el futuro de su explotaci\u00f3n.<\/p>\n<\/div><\/div>\n\n\n\n<div class=\"section-wrapper\"><div class=\"wp-block-ws-library-scrollable-section-item ws-section-scrollable-item\">\n<div class=\"wp-block-ws-library-ws-image\"><div class=\"wrapper\"><div class=\"group-media\"><img decoding=\"async\" src=\"https:\/\/www.hautes-alpes.net\/wp-content\/uploads\/2026\/07\/vigne-illustration-2-patrick-domeyne-1240x800.jpg\" alt=\"\" class=\"single_image ws-image-669875\"><div class=\"credits\">Patrick Domeyne<\/div><\/div><p class=\"caption\"><\/p><\/div><\/div>\n<\/div><\/div>\n\n\n\n<div class=\"section-wrapper\"><div class=\"wp-block-ws-library-scrollable-section-item ws-section-scrollable-item\">\n<p class=\"wp-block-paragraph\">Todas estas iniciativas demuestran que el futuro de la viticultura en los Altos Alpes pasa por la conservaci\u00f3n de las variedades de uva adecuadas, la innovaci\u00f3n en las pr\u00e1cticas de cultivo y una diversificaci\u00f3n razonada de la producci\u00f3n.<\/p>\n<\/div><\/div>\n<div class=\"field-link\"><a href=\"https:\/\/www.hautes-alpes.net\/filieres-economiques\/pat\/\" class=\"cardlink\">Voir la page<\/a><\/div><\/div><\/div><\/div>\n\n<div class=\"wp-block-ws-library-scrollable-section ws-section-scrollable alignfull\"><div class=\"scrollable-item\"><div class=\"group-content\"><div class=\"wrapper\"><h3 class=\"field-title\"><strong><strong><strong>Serre-Pon\u00e7on<\/strong><\/strong><\/strong><\/h3><div class=\"field-intro\"><p>Un plan de resiliencia ambicioso<\/p><\/div><\/div><\/div><div class=\"group-innerblocks\"><div class=\"group-media\"><div class=\"field-image\"><img decoding=\"async\" src=\"https:\/\/www.hautes-alpes.net\/wp-content\/uploads\/2026\/06\/serre-poncon-ot-serre-poncon-1140x620.jpg\" alt=\"\"\/><\/div><div class=\"credits\">OT Serre-Pon\u00e7on,<\/div><\/div>\n<div class=\"section-wrapper\"><div class=\"wp-block-ws-library-scrollable-section-item ws-section-scrollable-item is-style-bg-grey\">\n<p class=\"wp-block-paragraph\"><strong>El lago de <a href=\"https:\/\/www.hautes-alpes.net\/es\/destinos-hautes-alpes\/serre-poncon\/\">Serre-Pon\u00e7on<\/a><\/strong> se enfrenta hoy en d\u00eda a un gran reto: adaptarse a los efectos del cambio clim\u00e1tico y a la progresiva escasez de recursos h\u00eddricos.<\/p>\n<\/div><\/div>\n\n\n\n<div class=\"section-wrapper\"><div class=\"wp-block-ws-library-scrollable-section-item ws-section-scrollable-item is-style-default\">\n<p class=\"wp-block-paragraph\">Para hacer frente a este reto, el Sindicato Mixto de Ordenaci\u00f3n y Desarrollo de Serre-Pon\u00e7on (SMADESEP), junto con EDF Hydro M\u00e9diterran\u00e9e y todos los actores de la zona, est\u00e1 poniendo en marcha un <strong>plan de resiliencia<\/strong> para garantizar de forma sostenible el futuro del lago y de las actividades que este sustenta.<\/p>\n<\/div><\/div>\n\n\n\n<div class=\"section-wrapper\"><div class=\"wp-block-ws-library-scrollable-section-item ws-section-scrollable-item is-style-default\">\n<p class=\"wp-block-paragraph\">La sequ\u00eda excepcional de 2022 ha servido para poner las cosas en claro. La marcada bajada del nivel del lago ha afectado <a href=\"https:\/\/www.hautes-alpes.net\/es\/experiencias-hautes-alpes\/nautica\/\" type=\"page\" id=\"75977\">a las actividades n\u00e1uticas<\/a>, que representan el 16,3 % de las actividades al aire libre que se practican en verano, al tiempo que ha puesto de manifiesto las crecientes tensiones entre los distintos usos del agua: producci\u00f3n hidroel\u00e9ctrica, riego agr\u00edcola, suministro de agua potable, el ocio y la conservaci\u00f3n de los ecosistemas. <\/p>\n<\/div><\/div>\n\n\n\n<div class=\"section-wrapper\"><div class=\"wp-block-ws-library-scrollable-section-item ws-section-scrollable-item\">\n<div class=\"wp-block-ws-library-ws-image\"><div class=\"wrapper\"><div class=\"group-media\"><img decoding=\"async\" src=\"https:\/\/www.hautes-alpes.net\/wp-content\/uploads\/2026\/06\/serre-poncon-c-tempier-addet05-e1781698133237-415x640.jpg\" alt=\"\" class=\"single_image ws-image-610447\"><div class=\"credits\">C. Tempier AD05<\/div><\/div><p class=\"caption\"><\/p><\/div><\/div>\n<\/div><\/div>\n\n\n\n<div class=\"section-wrapper\"><div class=\"wp-block-ws-library-scrollable-section-item ws-section-scrollable-item is-style-default\">\n<p class=\"wp-block-paragraph\">En este contexto, el objetivo del plan de resiliencia es anticiparse mejor a las fluctuaciones del nivel del lago y adaptar las infraestructuras para <strong>mantener el atractivo de<\/strong> <strong><a href=\"https:\/\/www.hautes-alpes.net\/es\/destinos-hautes-alpes\/serre-poncon\/\">Serre-Pon\u00e7on<\/a><\/strong>.<\/p>\n<\/div><\/div>\n\n\n\n<div class=\"section-wrapper\"><div class=\"wp-block-ws-library-scrollable-section-item ws-section-scrollable-item is-style-default\">\n<p class=\"wp-block-paragraph\"><strong>En concreto, este plan se basa en varios ejes de actuaci\u00f3n.<\/strong> <br\/>En primer lugar, prev\u00e9 la adaptaci\u00f3n de las instalaciones n\u00e1uticas y portuarias para garantizar el acceso al lago incluso durante los periodos de estiaje, sobre todo con la creaci\u00f3n de nuevas rampas de botadura y la construcci\u00f3n de infraestructuras m\u00e1s flexibles.<\/p>\n<\/div><\/div>\n\n\n\n<div class=\"section-wrapper\"><div class=\"wp-block-ws-library-scrollable-section-item ws-section-scrollable-item is-style-default\">\n<p class=\"wp-block-paragraph\">Tambi\u00e9n tiene como objetivo reforzar la colaboraci\u00f3n entre todos los usuarios del lago para fomentar una gesti\u00f3n m\u00e1s equilibrada y compartida del recurso.<\/p>\n<\/div><\/div>\n\n\n\n<div class=\"section-wrapper\"><div class=\"wp-block-ws-library-scrollable-section-item ws-section-scrollable-item\">\n<div class=\"wp-block-ws-library-ws-image\"><div class=\"wrapper\"><div class=\"group-media\"><img decoding=\"async\" src=\"https:\/\/www.hautes-alpes.net\/wp-content\/uploads\/2026\/06\/serre-poncon-3-ot-serre-poncon-960x640.jpg\" alt=\"\" class=\"single_image ws-image-610450\"><div class=\"credits\">Oficina de Turismo de Serre-Pon\u00e7on<\/div><\/div><p class=\"caption\"><\/p><\/div><\/div>\n<\/div><\/div>\n<div class=\"field-link\"><a href=\"https:\/\/www.smadesep.com\/smadesep\/actions-resultats\/projets-cours\/plan-resilience-lac-serre-poncon#:~:text=Le%20plan%20de%20r%C3%A9silience%20est,les%20incidences%20du%20r%C3%A9chauffement%20climatique.\" target=\"_blank\" rel=\"noopener noreferrer\" class=\"cardlink\">Voir la page<\/a><\/div><\/div><\/div><\/div>\n\n<div class=\"wp-block-buttons is-content-justification-center is-layout-flex wp-container-core-buttons-is-layout-fe29434c wp-block-buttons-is-layout-flex\">\n<div class=\"wp-block-button\"><a class=\"wp-block-button__link wp-element-button\" href=\"https:\/\/www.hautes-alpes.net\/es\/fragil\/\">Todos los art\u00edculos (Fr)\u00e1giles<\/a><\/div>\n<\/div>\n\n<div style=\"height:50px\" aria-hidden=\"true\" class=\"wp-block-spacer\"><\/div>\n\n<h2 class=\"wp-block-heading alignwide is-style-title-1\"><strong>ESCALAS<\/strong><\/h2>\n\n<div class=\"wp-block-ws-library-scrollable-section ws-section-scrollable alignfull\"><div class=\"scrollable-item\"><div class=\"group-content\"><div class=\"wrapper\"><h3 class=\"field-title\">Tour de l&#8217;Obiou<\/h3><div class=\"field-intro\"><p>Un bucle impresionante por el coraz\u00f3n de D\u00e9voluy<\/p><\/div><\/div><\/div><div class=\"group-innerblocks\"><div class=\"group-media\"><div class=\"field-image\"><img decoding=\"async\" src=\"https:\/\/www.hautes-alpes.net\/wp-content\/uploads\/2026\/04\/tour-de-lobiou-gontran-isnard-67-1140x620.jpg\" alt=\"\"\/><\/div><div class=\"credits\">G.Isnard<\/div><\/div>\n<div class=\"section-wrapper\"><div class=\"wp-block-ws-library-scrollable-section-item ws-section-scrollable-item\">\n<p class=\"wp-block-paragraph\">Entre Tri\u00e8ves, D\u00e9voluy y Matheysine, el <strong><a href=\"https:\/\/www.hautes-alpes.net\/es\/escapa\/tour-de-lobiou\/\" type=\"page\" id=\"471358\">Vuelta al Obiou<\/a><\/strong> es una ruta exigente de 4 d\u00edas, con la certificaci\u00f3n GRP\u00ae. M\u00e1s que una simple excursi\u00f3n, este recorrido salvaje y lleno de contrastes te invita a sumergirte de verdad en plena naturaleza, sin dejar de lado el respeto por el medio ambiente como m\u00e1xima prioridad. <\/p>\n<\/div><\/div>\n\n\n\n<div class=\"section-wrapper\"><div class=\"wp-block-ws-library-scrollable-section-item ws-section-scrollable-item\">\n<ul class=\"wp-block-list\">\n<li>Pellafol \u2192 Chalet de Bachilianne<\/li>\n\n\n\n<li>Chalet de Bachilianne \u2192 Tr\u00e9minis<\/li>\n\n\n\n<li>Tr\u00e9minis \u2192 Lachaup<\/li>\n\n\n\n<li>Lachaup \u2192 Pellafol<\/li>\n<\/ul>\n<\/div><\/div>\n\n\n\n<div class=\"section-wrapper\"><div class=\"wp-block-ws-library-scrollable-section-item ws-section-scrollable-item\">\n<div class=\"wp-block-ws-library-ws-image\"><div class=\"wrapper\"><div class=\"group-media\"><img decoding=\"async\" src=\"https:\/\/www.hautes-alpes.net\/wp-content\/uploads\/2026\/04\/tour-de-lobiou-gontran-isnard-45-960x640.jpg\" alt=\"\" class=\"single_image ws-image-473491\"><div class=\"credits\">G.Isnard<\/div><\/div><p class=\"caption\"><\/p><\/div><\/div>\n<\/div><\/div>\n\n\n\n<div class=\"section-wrapper\"><div class=\"wp-block-ws-library-scrollable-section-item ws-section-scrollable-item\">\n<div class=\"wp-block-ws-library-ws-image\"><div class=\"wrapper\"><div class=\"group-media\"><img decoding=\"async\" src=\"https:\/\/www.hautes-alpes.net\/wp-content\/uploads\/2026\/04\/tour-de-lobiou-gontran-isnard-80-960x640.jpg\" alt=\"\" class=\"single_image ws-image-473515\"><div class=\"credits\">G.Isnard<\/div><\/div><p class=\"caption\"><\/p><\/div><\/div>\n<\/div><\/div>\n\n\n\n<div class=\"section-wrapper\"><div class=\"wp-block-ws-library-scrollable-section-item ws-section-scrollable-item\">\n<div class=\"wp-block-ws-library-ws-image\"><div class=\"wrapper\"><div class=\"group-media\"><img decoding=\"async\" src=\"https:\/\/www.hautes-alpes.net\/wp-content\/uploads\/2026\/04\/tour-de-lobiou-gontran-isnard-23-427x640.jpg\" alt=\"\" class=\"single_image ws-image-473484\"><div class=\"credits\">G.Isnard<\/div><\/div><p class=\"caption\"><\/p><\/div><\/div>\n<\/div><\/div>\n<div class=\"field-link\"><a href=\"https:\/\/www.hautes-alpes.net\/echappees\/tour-de-lobiou\/\" class=\"cardlink\">Voir la page<\/a><\/div><\/div><\/div><\/div>\n\n<div class=\"wp-block-ws-library-scrollable-section ws-section-scrollable alignfull\"><div class=\"scrollable-item\"><div class=\"group-content\"><div class=\"wrapper\"><h3 class=\"field-title\">Gran Recorrido por los Ecrins<\/h3><div class=\"field-intro\"><p>La ruta m\u00edtica del Parque Nacional<\/p><\/div><\/div><\/div><div class=\"group-innerblocks\"><div class=\"group-media\"><div class=\"field-image\"><img decoding=\"async\" src=\"https:\/\/www.hautes-alpes.net\/wp-content\/uploads\/2025\/11\/alexandra-debas-2-1140x620.jpg\" alt=\"\"\/><\/div><div class=\"credits\">A. Debas<\/div><\/div>\n<div class=\"section-wrapper\"><div class=\"wp-block-ws-library-scrollable-section-item ws-section-scrollable-item\">\n<p class=\"wp-block-paragraph\">M\u00e1s que una ruta de senderismo, es una inmersi\u00f3n en el alma de <strong>los Hautes-Alpes<\/strong>, un recorrido de <strong>13 d\u00edas<\/strong> que combina la grandeza de la naturaleza, el legado monta\u00f1\u00e9s, la b\u00fasqueda de aventuras y unos <strong>194 km<\/strong>.<\/p>\n<\/div><\/div>\n\n\n\n<div class=\"section-wrapper\"><div class=\"wp-block-ws-library-scrollable-section-item ws-section-scrollable-item\">\n<ul class=\"wp-block-list\">\n<li>Le Bourg d\u2019Oisans \u2192 Paso de Souchet<\/li>\n\n\n\n<li>La Grave \u2192 Le Mon\u00eatier-les-Bains<\/li>\n\n\n\n<li>Paso de Eychauda \u2192 Pr\u00e9 de la Chaumette<\/li>\n\n\n\n<li>La traves\u00eda por Valgaudemar<\/li>\n\n\n\n<li>Valjouffrey \u2192 Lauvitel<\/li>\n<\/ul>\n<\/div><\/div>\n\n\n\n<div class=\"section-wrapper\"><div class=\"wp-block-ws-library-scrollable-section-item ws-section-scrollable-item\">\n<div class=\"wp-block-ws-library-ws-image\"><div class=\"wrapper\"><div class=\"group-media\"><img decoding=\"async\" src=\"https:\/\/www.hautes-alpes.net\/wp-content\/uploads\/2025\/11\/plateau-d-emparis-en-automne-15-960x640.jpg\" alt=\"\" class=\"single_image ws-image-77856\"><div class=\"credits\">T. Blais<\/div><\/div><p class=\"caption\"><\/p><\/div><\/div>\n<\/div><\/div>\n\n\n\n<div class=\"section-wrapper\"><div class=\"wp-block-ws-library-scrollable-section-item ws-section-scrollable-item\">\n<div class=\"wp-block-ws-library-ws-image\"><div class=\"wrapper\"><div class=\"group-media\"><img decoding=\"async\" src=\"https:\/\/www.hautes-alpes.net\/wp-content\/uploads\/2025\/12\/tblais-la-meije-960x640.jpg\" alt=\"\" class=\"single_image ws-image-94895\"><div class=\"credits\">T. Blais<\/div><\/div><p class=\"caption\"><\/p><\/div><\/div>\n<\/div><\/div>\n\n\n\n<div class=\"section-wrapper\"><div class=\"wp-block-ws-library-scrollable-section-item ws-section-scrollable-item\">\n<div class=\"wp-block-ws-library-ws-image\"><div class=\"wrapper\"><div class=\"group-media\"><img decoding=\"async\" src=\"https:\/\/www.hautes-alpes.net\/wp-content\/uploads\/2025\/11\/vallonpierre-5-427x640.jpg\" alt=\"\" class=\"single_image ws-image-77865\"><div class=\"credits\"><\/div><\/div><p class=\"caption\"><\/p><\/div><\/div>\n<\/div><\/div>\n<div class=\"field-link\"><a href=\"https:\/\/www.hautes-alpes.net\/echappees\/grand-tour-des-ecrins\/\" class=\"cardlink\">Voir la page<\/a><\/div><\/div><\/div><\/div>\n\n<div class=\"wp-block-buttons is-content-justification-center is-layout-flex wp-container-core-buttons-is-layout-fe29434c wp-block-buttons-is-layout-flex\">\n<div class=\"wp-block-button\"><a class=\"wp-block-button__link wp-element-button\" href=\"https:\/\/www.hautes-alpes.net\/es\/escapa\/\">Todas las escapadas<\/a><\/div>\n<\/div>\n\n<div style=\"height:50px\" aria-hidden=\"true\" class=\"wp-block-spacer\"><\/div>\n\n<h2 class=\"wp-block-heading alignwide is-style-title-1\"><strong>ICONICS<\/strong><\/h2>\n\n<div class=\"wp-block-ws-library-scrollable-section ws-section-scrollable alignfull\"><div class=\"scrollable-item\"><div class=\"group-content\"><div class=\"wrapper\"><h3 class=\"field-title\"><strong>Tour de Francia<\/strong><\/h3><div class=\"field-intro\"><p>Los Hautes-Alpes<br\/>, parte inseparable de la historia del Tour<\/p><\/div><\/div><\/div><div class=\"group-innerblocks\"><div class=\"group-media\"><div class=\"field-image\"><img decoding=\"async\" src=\"https:\/\/www.hautes-alpes.net\/wp-content\/uploads\/2025\/11\/tour-de-france-2017-col-de-lizoard-victoire-de-warren-barguil-patrick-domeyne-1140x620.jpg\" alt=\"\"\/><\/div><div class=\"credits\">P. Domeyne \u2013 AD05<\/div><\/div>\n<div class=\"section-wrapper\"><div class=\"wp-block-ws-library-scrollable-section-item ws-section-scrollable-item is-style-bg-grey\">\n<p class=\"wp-block-paragraph\">Las <strong>Hautes-Alpes est\u00e1n \u00edntimamente ligadas a la historia y la grandeza del <a href=\"https:\/\/www.hautes-alpes.net\/es\/iconico\/tour-de-francia\/\" type=\"page\" id=\"83831\">Tour de Francia<\/a><\/strong>, tanto por la belleza de sus paisajes como por las haza\u00f1as memorables de los ciclistas que han dejado huella en los puertos de monta\u00f1a.<\/p>\n<\/div><\/div>\n\n\n\n<div class=\"section-wrapper\"><div class=\"wp-block-ws-library-scrollable-section-item ws-section-scrollable-item\">\n<p class=\"wp-block-paragraph\">Desde 1922, el Tour de Francia ha visitado <strong>los Altos Alpes en 91 ocasiones<\/strong>, lo que convierte a esta regi\u00f3n alpina <strong>en \u00abuna de las m\u00e1s visitadas de la Grande Boucle<\/strong> \u00ab. Los nombres de los legendarios collados resuenan como ecos: Izoard, Granon, Galibier&#8230; <\/p>\n<\/div><\/div>\n\n\n\n<div class=\"section-wrapper\"><div class=\"wp-block-ws-library-scrollable-section-item ws-section-scrollable-item\">\n<div class=\"wp-block-ws-library-ws-image\"><div class=\"wrapper\"><div class=\"group-media\"><img decoding=\"async\" src=\"https:\/\/www.hautes-alpes.net\/wp-content\/uploads\/2025\/11\/tour-de-france-vars-credit-remi-morel-4-1240x800.jpg\" alt=\"\" class=\"single_image ws-image-78364\"><div class=\"credits\">R. Morel<\/div><\/div><p class=\"caption\"><\/p><\/div><\/div>\n<\/div><\/div>\n\n\n\n<div class=\"section-wrapper\"><div class=\"wp-block-ws-library-scrollable-section-item ws-section-scrollable-item\">\n<p class=\"wp-block-paragraph\">En 2026, el Tour vuelve a los Hautes-Alpes con una primera etapa alpina el 23 de julio entre Voiron y <a href=\"https:\/\/www.hautes-alpes.net\/es\/destinos-hautes-alpes\/orcieres-merlette-1850\/\" type=\"page\" id=\"73881\">Orci\u00e8res-Merlette<\/a> (185,5 km), una segunda el 24 entre <a href=\"https:\/\/www.hautes-alpes.net\/es\/destinos-hautes-alpes\/gapencais\/\" type=\"page\" id=\"55046\">Gap y <\/a>Alpe d\u2019Huez, pasando por el puerto del Noyer, y el 25 de julio con un final \u00abde locura\u00bb entre Le Bourg d&#8217;Oisans y Alpe d\u2019Huez (171,5 km) pasando por los puertos del <strong>Galibier<\/strong>, el \u00abTecho del Tour\u00bb de 2026, y del <strong>Lautaret<\/strong>, la v\u00edspera de la llegada a los Campos El\u00edseos.<\/p>\n<\/div><\/div>\n\n\n\n<div class=\"section-wrapper\"><div class=\"wp-block-ws-library-scrollable-section-item ws-section-scrollable-item\">\n<p class=\"wp-block-paragraph\">El Tour de Francia femenino tambi\u00e9n estar\u00e1 presente, con una etapa en la regi\u00f3n de <a href=\"https:\/\/www.hautes-alpes.net\/es\/destinos-hautes-alpes\/buech\/\" type=\"page\" id=\"47415\">Sisteronais-Bu\u00ebch<\/a>.<\/p>\n\n\n\n<p class=\"wp-block-paragraph\">Aqu\u00ed encontrar\u00e1s toda la informaci\u00f3n sobre el paso del <a href=\"https:\/\/www.hautes-alpes.net\/es\/tour-de-francia-2026\/\" type=\"page\" id=\"248389\">Tour de Francia 2026<\/a> por los Hautes-Alpes:  <\/p>\n\n\n\n<div class=\"wp-block-buttons is-layout-flex wp-block-buttons-is-layout-flex\">\n<div class=\"wp-block-button\"><a class=\"wp-block-button__link wp-element-button\" href=\"https:\/\/www.hautes-alpes.net\/es\/tour-de-francia-2026\/\">Tour de Francia 2026<\/a><\/div>\n<\/div>\n<\/div><\/div>\n\n\n\n<div class=\"section-wrapper\"><div class=\"wp-block-ws-library-scrollable-section-item ws-section-scrollable-item\">\n<div class=\"wp-block-ws-library-ws-image\"><div class=\"wrapper\"><div class=\"group-media\"><img decoding=\"async\" src=\"https:\/\/www.hautes-alpes.net\/wp-content\/uploads\/2025\/11\/7b3a5554-960x640.jpg\" alt=\"\" class=\"single_image ws-image-78312\"><div class=\"credits\">P. Domeyne \u2013 AD05<\/div><\/div><p class=\"caption\"><\/p><\/div><\/div>\n<\/div><\/div>\n\n\n\n<div class=\"section-wrapper\"><div class=\"wp-block-ws-library-scrollable-section-item ws-section-scrollable-item\">\n<div class=\"wp-block-ws-library-ws-image\"><div class=\"wrapper\"><div class=\"group-media\"><img decoding=\"async\" src=\"https:\/\/www.hautes-alpes.net\/wp-content\/uploads\/2025\/11\/caravane-cedric-tempier-8-1240x800.jpg\" alt=\"\" class=\"single_image ws-image-78351\"><div class=\"credits\">C. Tempier \u2013 AD05<\/div><\/div><p class=\"caption\"><\/p><\/div><\/div>\n<\/div><\/div>\n<div class=\"field-link\"><a href=\"https:\/\/www.hautes-alpes.net\/iconiques\/tour-de-france\/\" class=\"cardlink\">Voir la page<\/a><\/div><\/div><\/div><\/div>\n\n<div class=\"wp-block-ws-library-scrollable-section ws-section-scrollable alignfull\"><div class=\"scrollable-item\"><div class=\"group-content\"><div class=\"wrapper\"><h3 class=\"field-title\"><strong>JUEGOS OL\u00cdMPICOS 2030<\/strong><\/h3><div class=\"field-intro\"><p>En los Alpes franceses, los Alpes del Sur y del Norte se unen para crear un original fresco de bienvenida a los <strong>Juegos Ol\u00edmpicos y Paral\u00edmpicos de Invierno de 2030<\/strong>.<\/p><\/div><\/div><\/div><div class=\"group-innerblocks\"><div class=\"group-media\"><div class=\"field-image\"><img decoding=\"async\" src=\"https:\/\/www.hautes-alpes.net\/wp-content\/uploads\/2025\/11\/briancon-hd-alpesphotographiescom-1-1140x620.jpg\" alt=\"Hermosa luz sobre Brian\u00e7on en la nieve\"\/><\/div><div class=\"credits\">Alpes Photographies<\/div><\/div>\n<div class=\"section-wrapper\"><div class=\"wp-block-ws-library-scrollable-section-item ws-section-scrollable-item\">\n<p class=\"wp-block-paragraph\">En el coraz\u00f3n de esta alianza, <strong>los Hautes-Alpes<\/strong> son el escenario de m\u00e1s de veinte competiciones de esqu\u00ed y snowboard de estilo libre. La sede es <strong><a href=\"https:\/\/www.hautes-alpes.net\/es\/destinos-hautes-alpes\/serre-chevalier\/\">Serre Chevalier<\/a><\/strong>la estaci\u00f3n m\u00e1s grande de <strong>los Alpes del Sur<\/strong>, y en <strong><a href=\"https:\/\/www.hautes-alpes.net\/es\/destinos-hautes-alpes\/montgenevre\/\">Montgen\u00e8vre<\/a><\/strong>la decana de las estaciones francesas, los riders surcar\u00e1n los cielos, sus trayectorias se cruzar\u00e1n con un tel\u00f3n de fondo de majestuosos picos. <\/p>\n<\/div><\/div>\n\n\n\n<div class=\"section-wrapper\"><div class=\"wp-block-ws-library-scrollable-section-item ws-section-scrollable-item\">\n<p class=\"wp-block-paragraph\"><strong><a href=\"https:\/\/www.hautes-alpes.net\/es\/destinos-hautes-alpes\/brianconnais\/\">Brian\u00e7on<\/a><\/strong>la ciudadela de piedra, ser\u00e1 el epicentro vibrante. Su <strong>Fort des T\u00eates<\/strong>, <strong>Patrimonio Mundial de<\/strong><strong>la UNESCO<\/strong>, se transformar\u00e1 en una villa ol\u00edmpica: una encrucijada de culturas, un centro log\u00edstico, una fragua de energ\u00eda. <\/p>\n<\/div><\/div>\n\n\n\n<div class=\"section-wrapper\"><div class=\"wp-block-ws-library-scrollable-section-item ws-section-scrollable-item\">\n<div class=\"wp-block-ws-library-ws-image\"><div class=\"wrapper\"><div class=\"group-media\"><img decoding=\"async\" src=\"https:\/\/www.hautes-alpes.net\/wp-content\/uploads\/2025\/12\/gillesbaron1221-1816-1240x800.jpg\" alt=\"\" class=\"single_image ws-image-101365\"><div class=\"credits\">G. Bar\u00f3n<\/div><\/div><p class=\"caption\"><\/p><\/div><\/div>\n<\/div><\/div>\n\n\n\n<div class=\"section-wrapper\"><div class=\"wp-block-ws-library-scrollable-section-item ws-section-scrollable-item\">\n<p class=\"wp-block-paragraph\">M\u00e1s all\u00e1 de la visibilidad que los Juegos han dado al departamento, el legado es enorme. Dejar\u00e1n en <strong>los Hautes-Alpes<\/strong> avances concretos, con accesos m\u00e1s fluidos y una movilidad redise\u00f1ada, sobre todo en el \u00e1mbito ferroviario. El esp\u00edritu ol\u00edmpico no se limitar\u00e1 a atravesar las monta\u00f1as: echar\u00e1 ra\u00edces all\u00ed, para convertir a los <strong>Hautes-Alpes<\/strong> no solo en un escenario, sino en el centro del mundo.  <\/p>\n<\/div><\/div>\n\n\n\n<div class=\"section-wrapper\"><div class=\"wp-block-ws-library-scrollable-section-item ws-section-scrollable-item\">\n<div class=\"wp-block-ws-library-ws-image\"><div class=\"wrapper\"><div class=\"group-media\"><img decoding=\"async\" src=\"https:\/\/www.hautes-alpes.net\/wp-content\/uploads\/2025\/11\/arthur-bauchet-serre-chevalier-briancon-29-ot-serre-chevalier-vallee-briancon-3-427x640.jpg\" alt=\"\" class=\"single_image ws-image-78160\"><div class=\"credits\">Oficina de Turismo de Serre Chevalier<\/div><\/div><p class=\"caption\"><\/p><\/div><\/div>\n<\/div><\/div>\n\n\n\n<div class=\"section-wrapper\"><div class=\"wp-block-ws-library-scrollable-section-item ws-section-scrollable-item\">\n<div class=\"wp-block-ws-library-ws-image\"><div class=\"wrapper\"><div class=\"group-media\"><img decoding=\"async\" src=\"https:\/\/www.hautes-alpes.net\/wp-content\/uploads\/2025\/11\/briancon-croix-de-toulouse-nuit-credit-zoom-1240x800.jpg\" alt=\"\" class=\"single_image ws-image-78162\"><div class=\"credits\">Zoom<\/div><\/div><p class=\"caption\"><\/p><\/div><\/div>\n<\/div><\/div>\n<div class=\"field-link\"><a href=\"https:\/\/www.hautes-alpes.net\/iconiques\/jeux-dhiver-2030\/\" class=\"cardlink\">Voir la page<\/a><\/div><\/div><\/div><\/div>\n\n<div class=\"wp-block-buttons is-content-justification-center is-layout-flex wp-container-core-buttons-is-layout-fe29434c wp-block-buttons-is-layout-flex\">\n<div class=\"wp-block-button\"><a class=\"wp-block-button__link wp-element-button\" href=\"https:\/\/www.hautes-alpes.net\/es\/iconico\/\">Todos los iconos<\/a><\/div>\n<\/div>\n\n<div class=\"wp-block-ws-library-ws-share\"><span class=\"share-subtitle\">\u00bfTe ha gustado esta p\u00e1gina?<\/span><span class=\"share-title\">\u00a1Comp\u00e1rtelo!<\/span><button class=\"ws-share-button wp-element-button\">Comparte esta p\u00e1gina<\/button><\/div>\n","protected":false},"excerpt":{"rendered":"<p>EN EL TITULAR FAVORITOS (FR)\u00c1GIL ESCALAS ICONICS<\/p>\n","protected":false},"author":1,"featured_media":654506,"parent":0,"menu_order":0,"comment_status":"closed","ping_status":"closed","template":"","meta":{"is_dark_mode":false,"footnotes":""},"page_label":[],"class_list":["post-554994","page","type-page","status-publish","has-post-thumbnail","hentry"],"yoast_head":"<!-- This site is optimized with the Yoast SEO plugin v28.3 - https:\/\/yoast.com\/product\/yoast-seo-wordpress\/ -->\n<title>Hautes-Alpes: las m\u00e1s bien conservadas del arco alpino<\/title>\n<meta name=\"description\" content=\"Hautes-Alpes en el arco alpino los lugares al aire libre m\u00e1s bellos del mundo Departamento ecol\u00f3gico l\u00edder en Francia pioneros en energ\u00edas renovables Sede\" \/>\n<meta name=\"robots\" content=\"index, follow, max-snippet:-1, max-image-preview:large, max-video-preview:-1\" \/>\n<link rel=\"canonical\" href=\"https:\/\/www.hautes-alpes.net\/es\/\" \/>\n<meta property=\"og:locale\" content=\"es_ES\" \/>\n<meta property=\"og:type\" content=\"article\" \/>\n<meta property=\"og:title\" content=\"Hautes-Alpes: las m\u00e1s bien conservadas del arco alpino\" \/>\n<meta property=\"og:description\" content=\"Hautes-Alpes en el arco alpino los lugares al aire libre m\u00e1s bellos del mundo Departamento ecol\u00f3gico l\u00edder en Francia pioneros en energ\u00edas renovables Sede\" \/>\n<meta property=\"og:url\" content=\"https:\/\/www.hautes-alpes.net\/es\/\" \/>\n<meta property=\"og:site_name\" content=\"Hautes-Alpes\" \/>\n<meta property=\"article:modified_time\" content=\"2026-09-04T07:19:26+00:00\" \/>\n<meta property=\"og:image\" content=\"https:\/\/www.hautes-alpes.net\/wp-content\/uploads\/2025\/11\/leo-gayola-parc-national-des-ecrins-1-1-scaled.jpg\" \/>\n\t<meta property=\"og:image:width\" content=\"2560\" \/>\n\t<meta property=\"og:image:height\" content=\"1707\" \/>\n\t<meta property=\"og:image:type\" content=\"image\/jpeg\" \/>\n<meta name=\"twitter:card\" content=\"summary_large_image\" \/>\n<meta name=\"twitter:label1\" content=\"Tiempo de lectura\" \/>\n\t<meta name=\"twitter:data1\" content=\"11 minutos\" \/>\n<script type=\"application\/ld+json\" class=\"yoast-schema-graph\">{\"@context\":\"https:\\\/\\\/schema.org\",\"@graph\":[{\"@type\":\"WebPage\",\"@id\":\"https:\\\/\\\/www.hautes-alpes.net\\\/es\\\/\",\"url\":\"https:\\\/\\\/www.hautes-alpes.net\\\/es\\\/\",\"name\":\"Hautes-Alpes: las m\u00e1s bien conservadas del arco alpino\",\"isPartOf\":{\"@id\":\"https:\\\/\\\/www.hautes-alpes.net\\\/es\\\/#website\"},\"primaryImageOfPage\":{\"@id\":\"https:\\\/\\\/www.hautes-alpes.net\\\/es\\\/#primaryimage\"},\"image\":{\"@id\":\"https:\\\/\\\/www.hautes-alpes.net\\\/es\\\/#primaryimage\"},\"thumbnailUrl\":\"https:\\\/\\\/www.hautes-alpes.net\\\/wp-content\\\/uploads\\\/2025\\\/11\\\/leo-gayola-parc-national-des-ecrins-1-1-scaled.jpg\",\"datePublished\":\"2025-10-02T09:35:28+00:00\",\"dateModified\":\"2026-09-04T07:19:26+00:00\",\"description\":\"Hautes-Alpes en el arco alpino los lugares al aire libre m\u00e1s bellos del mundo Departamento ecol\u00f3gico l\u00edder en Francia pioneros en energ\u00edas renovables Sede\",\"breadcrumb\":{\"@id\":\"https:\\\/\\\/www.hautes-alpes.net\\\/es\\\/#breadcrumb\"},\"inLanguage\":\"es\",\"potentialAction\":[{\"@type\":\"ReadAction\",\"target\":[\"https:\\\/\\\/www.hautes-alpes.net\\\/es\\\/\"]}]},{\"@type\":\"ImageObject\",\"inLanguage\":\"es\",\"@id\":\"https:\\\/\\\/www.hautes-alpes.net\\\/es\\\/#primaryimage\",\"url\":\"https:\\\/\\\/www.hautes-alpes.net\\\/wp-content\\\/uploads\\\/2025\\\/11\\\/leo-gayola-parc-national-des-ecrins-1-1-scaled.jpg\",\"contentUrl\":\"https:\\\/\\\/www.hautes-alpes.net\\\/wp-content\\\/uploads\\\/2025\\\/11\\\/leo-gayola-parc-national-des-ecrins-1-1-scaled.jpg\",\"width\":2560,\"height\":1707,\"caption\":\"L. Gayola\"},{\"@type\":\"BreadcrumbList\",\"@id\":\"https:\\\/\\\/www.hautes-alpes.net\\\/es\\\/#breadcrumb\",\"itemListElement\":[{\"@type\":\"ListItem\",\"position\":1,\"name\":\"Accueil\",\"item\":\"https:\\\/\\\/www.hautes-alpes.net\\\/es\\\/altos-alpes\\\/\"},{\"@type\":\"ListItem\",\"position\":2,\"name\":\"Hautes-Alpes\"}]},{\"@type\":\"WebSite\",\"@id\":\"https:\\\/\\\/www.hautes-alpes.net\\\/es\\\/#website\",\"url\":\"https:\\\/\\\/www.hautes-alpes.net\\\/es\\\/\",\"name\":\"ADDET\",\"description\":\"\",\"publisher\":{\"@id\":\"https:\\\/\\\/www.hautes-alpes.net\\\/es\\\/#organization\"},\"potentialAction\":[{\"@type\":\"SearchAction\",\"target\":{\"@type\":\"EntryPoint\",\"urlTemplate\":\"https:\\\/\\\/www.hautes-alpes.net\\\/es\\\/?s={search_term_string}\"},\"query-input\":{\"@type\":\"PropertyValueSpecification\",\"valueRequired\":true,\"valueName\":\"search_term_string\"}}],\"inLanguage\":\"es\"},{\"@type\":\"Organization\",\"@id\":\"https:\\\/\\\/www.hautes-alpes.net\\\/es\\\/#organization\",\"name\":\"Agence D\u00e9partementale de D\u00e9veloppement Economique et Touristique des Hautes-Alpes\",\"url\":\"https:\\\/\\\/www.hautes-alpes.net\\\/es\\\/\",\"logo\":{\"@type\":\"ImageObject\",\"inLanguage\":\"es\",\"@id\":\"https:\\\/\\\/www.hautes-alpes.net\\\/es\\\/#\\\/schema\\\/logo\\\/image\\\/\",\"url\":\"https:\\\/\\\/www.hautes-alpes.net\\\/wp-content\\\/uploads\\\/2026\\\/01\\\/black-logo-2.svg\",\"contentUrl\":\"https:\\\/\\\/www.hautes-alpes.net\\\/wp-content\\\/uploads\\\/2026\\\/01\\\/black-logo-2.svg\",\"caption\":\"Agence D\u00e9partementale de D\u00e9veloppement Economique et Touristique des Hautes-Alpes\"},\"image\":{\"@id\":\"https:\\\/\\\/www.hautes-alpes.net\\\/es\\\/#\\\/schema\\\/logo\\\/image\\\/\"}}]}<\/script>\n<!-- \/ Yoast SEO plugin. -->","yoast_head_json":{"title":"Hautes-Alpes: las m\u00e1s bien conservadas del arco alpino","description":"Hautes-Alpes en el arco alpino los lugares al aire libre m\u00e1s bellos del mundo Departamento ecol\u00f3gico l\u00edder en Francia pioneros en energ\u00edas renovables Sede","robots":{"index":"index","follow":"follow","max-snippet":"max-snippet:-1","max-image-preview":"max-image-preview:large","max-video-preview":"max-video-preview:-1"},"canonical":"https:\/\/www.hautes-alpes.net\/es\/","og_locale":"es_ES","og_type":"article","og_title":"Hautes-Alpes: las m\u00e1s bien conservadas del arco alpino","og_description":"Hautes-Alpes en el arco alpino los lugares al aire libre m\u00e1s bellos del mundo Departamento ecol\u00f3gico l\u00edder en Francia pioneros en energ\u00edas renovables Sede","og_url":"https:\/\/www.hautes-alpes.net\/es\/","og_site_name":"Hautes-Alpes","article_modified_time":"2026-09-04T07:19:26+00:00","og_image":[{"width":2560,"height":1707,"url":"https:\/\/www.hautes-alpes.net\/wp-content\/uploads\/2025\/11\/leo-gayola-parc-national-des-ecrins-1-1-scaled.jpg","type":"image\/jpeg"}],"twitter_card":"summary_large_image","twitter_misc":{"Tiempo de lectura":"11 minutos"},"schema":{"@context":"https:\/\/schema.org","@graph":[{"@type":"WebPage","@id":"https:\/\/www.hautes-alpes.net\/es\/","url":"https:\/\/www.hautes-alpes.net\/es\/","name":"Hautes-Alpes: las m\u00e1s bien conservadas del arco alpino","isPartOf":{"@id":"https:\/\/www.hautes-alpes.net\/es\/#website"},"primaryImageOfPage":{"@id":"https:\/\/www.hautes-alpes.net\/es\/#primaryimage"},"image":{"@id":"https:\/\/www.hautes-alpes.net\/es\/#primaryimage"},"thumbnailUrl":"https:\/\/www.hautes-alpes.net\/wp-content\/uploads\/2025\/11\/leo-gayola-parc-national-des-ecrins-1-1-scaled.jpg","datePublished":"2025-10-02T09:35:28+00:00","dateModified":"2026-09-04T07:19:26+00:00","description":"Hautes-Alpes en el arco alpino los lugares al aire libre m\u00e1s bellos del mundo Departamento ecol\u00f3gico l\u00edder en Francia pioneros en energ\u00edas renovables Sede","breadcrumb":{"@id":"https:\/\/www.hautes-alpes.net\/es\/#breadcrumb"},"inLanguage":"es","potentialAction":[{"@type":"ReadAction","target":["https:\/\/www.hautes-alpes.net\/es\/"]}]},{"@type":"ImageObject","inLanguage":"es","@id":"https:\/\/www.hautes-alpes.net\/es\/#primaryimage","url":"https:\/\/www.hautes-alpes.net\/wp-content\/uploads\/2025\/11\/leo-gayola-parc-national-des-ecrins-1-1-scaled.jpg","contentUrl":"https:\/\/www.hautes-alpes.net\/wp-content\/uploads\/2025\/11\/leo-gayola-parc-national-des-ecrins-1-1-scaled.jpg","width":2560,"height":1707,"caption":"L. Gayola"},{"@type":"BreadcrumbList","@id":"https:\/\/www.hautes-alpes.net\/es\/#breadcrumb","itemListElement":[{"@type":"ListItem","position":1,"name":"Accueil","item":"https:\/\/www.hautes-alpes.net\/es\/altos-alpes\/"},{"@type":"ListItem","position":2,"name":"Hautes-Alpes"}]},{"@type":"WebSite","@id":"https:\/\/www.hautes-alpes.net\/es\/#website","url":"https:\/\/www.hautes-alpes.net\/es\/","name":"ADDET","description":"","publisher":{"@id":"https:\/\/www.hautes-alpes.net\/es\/#organization"},"potentialAction":[{"@type":"SearchAction","target":{"@type":"EntryPoint","urlTemplate":"https:\/\/www.hautes-alpes.net\/es\/?s={search_term_string}"},"query-input":{"@type":"PropertyValueSpecification","valueRequired":true,"valueName":"search_term_string"}}],"inLanguage":"es"},{"@type":"Organization","@id":"https:\/\/www.hautes-alpes.net\/es\/#organization","name":"Agence D\u00e9partementale de D\u00e9veloppement Economique et Touristique des Hautes-Alpes","url":"https:\/\/www.hautes-alpes.net\/es\/","logo":{"@type":"ImageObject","inLanguage":"es","@id":"https:\/\/www.hautes-alpes.net\/es\/#\/schema\/logo\/image\/","url":"https:\/\/www.hautes-alpes.net\/wp-content\/uploads\/2026\/01\/black-logo-2.svg","contentUrl":"https:\/\/www.hautes-alpes.net\/wp-content\/uploads\/2026\/01\/black-logo-2.svg","caption":"Agence D\u00e9partementale de D\u00e9veloppement Economique et Touristique des Hautes-Alpes"},"image":{"@id":"https:\/\/www.hautes-alpes.net\/es\/#\/schema\/logo\/image\/"}}]}},"_links":{"self":[{"href":"https:\/\/www.hautes-alpes.net\/es\/wp-json\/wp\/v2\/pages\/554994","targetHints":{"allow":["GET"]}}],"collection":[{"href":"https:\/\/www.hautes-alpes.net\/es\/wp-json\/wp\/v2\/pages"}],"about":[{"href":"https:\/\/www.hautes-alpes.net\/es\/wp-json\/wp\/v2\/types\/page"}],"author":[{"embeddable":true,"href":"https:\/\/www.hautes-alpes.net\/es\/wp-json\/wp\/v2\/users\/1"}],"replies":[{"embeddable":true,"href":"https:\/\/www.hautes-alpes.net\/es\/wp-json\/wp\/v2\/comments?post=554994"}],"version-history":[{"count":10,"href":"https:\/\/www.hautes-alpes.net\/es\/wp-json\/wp\/v2\/pages\/554994\/revisions"}],"predecessor-version":[{"id":865529,"href":"https:\/\/www.hautes-alpes.net\/es\/wp-json\/wp\/v2\/pages\/554994\/revisions\/865529"}],"wp:featuredmedia":[{"embeddable":true,"href":"https:\/\/www.hautes-alpes.net\/es\/wp-json\/wp\/v2\/media\/654506"}],"wp:attachment":[{"href":"https:\/\/www.hautes-alpes.net\/es\/wp-json\/wp\/v2\/media?parent=554994"}],"wp:term":[{"taxonomy":"page_label","embeddable":true,"href":"https:\/\/www.hautes-alpes.net\/es\/wp-json\/wp\/v2\/page_label?post=554994"}],"curies":[{"name":"wp","href":"https:\/\/api.w.org\/{rel}","templated":true}]}}