{"id":109779,"date":"2025-11-20T15:01:40","date_gmt":"2025-11-20T14:01:40","guid":{"rendered":"https:\/\/www.hautes-alpes.net\/experiences-hautes-alpes\/ski\/"},"modified":"2026-01-27T09:35:27","modified_gmt":"2026-01-27T08:35:27","slug":"ski","status":"publish","type":"page","link":"https:\/\/www.hautes-alpes.net\/en\/experiences-hautes-alpes\/ski\/","title":{"rendered":"Ski"},"content":{"rendered":"\n<div class=\"wp-block-group alignfull hero-banner-gallery has-global-padding is-layout-constrained wp-block-group-is-layout-constrained\"><div class=\"yoast-breadcrumbs\"><span><span><a href=\"https:\/\/www.hautes-alpes.net\/en\/hautes-alpes\/\">Home<\/a><\/span>  <span><a href=\"https:\/\/www.hautes-alpes.net\/en\/experiences-hautes-alpes\/\">Experiences &#8211; Hautes-Alpes<\/a><\/span>  <span><a href=\"https:\/\/www.hautes-alpes.net\/en\/experiences-hautes-alpes\/\">Experiences &#8211; Hautes-Alpes<\/a><\/span>  <span class=\"breadcrumb_last\" aria-current=\"page\">Ski<\/span><\/span><\/div>\n\n\n<h1 class=\"wp-block-ws-library-post-title\">Ski<\/h1>\n\n\n\n<p class=\"subtitle is-style-default\"><\/p>\n\n\n\n<div class=\"wp-block-ws-library-ws-gallery-5-images alignfull\"><div class=\"list-items\"><div class=\"item-media item-media--small\"><div class=\"field-image\"><img loading=\"lazy\" decoding=\"async\" width=\"700\" height=\"840\" src=\"https:\/\/www.hautes-alpes.net\/wp-content\/uploads\/2025\/11\/230224093659-re-mi-morel-ot-serre-ponc-on-222-700x840.jpg\" alt=\"\" class=\"wp-image-85741\"><\/div><\/div><div class=\"item-media item-media--small\"><div class=\"field-image\"><img loading=\"lazy\" decoding=\"async\" width=\"700\" height=\"840\" src=\"https:\/\/www.hautes-alpes.net\/wp-content\/uploads\/2025\/11\/la-blanche-ski-de-randonnee-22-2-700x840.jpg\" alt=\"\" class=\"wp-image-85738\"><\/div><\/div><div class=\"item-media item-media--large\"><div class=\"field-image\"><img loading=\"lazy\" decoding=\"async\" width=\"2000\" height=\"1000\" src=\"https:\/\/www.hautes-alpes.net\/wp-content\/uploads\/2025\/11\/domaine-skiable-alpesphotographiescom-11-1-2000x1000.jpg\" alt=\"\" class=\"wp-image-60581\"><\/div><\/div><div class=\"item-media item-media--small\"><div class=\"field-image\"><img loading=\"lazy\" decoding=\"async\" width=\"700\" height=\"840\" src=\"https:\/\/www.hautes-alpes.net\/wp-content\/uploads\/2025\/11\/shooting-photos-reallon-2022-23-fabien-thibault-5-222-700x840.jpg\" alt=\"\" class=\"wp-image-85737\"><\/div><\/div><div class=\"item-media item-media--small\"><div class=\"field-image\"><img loading=\"lazy\" decoding=\"async\" width=\"700\" height=\"840\" src=\"https:\/\/www.hautes-alpes.net\/wp-content\/uploads\/2025\/11\/refuge-du-gole-on-et-pic-du-gole-on-1622-700x840.jpg\" alt=\"\" class=\"wp-image-85740\"><\/div><\/div><\/div><\/div>\n\n\n\n<p><\/p>\n<\/div>\n\n<div class=\"wp-block-group alignfull block-etapes has-global-padding is-layout-constrained wp-block-group-is-layout-constrained\">\n<h2 class=\"wp-block-heading is-style-title-1\"><em>SkiL&#8217;<\/em>hiver <strong style=\"display: inline !important;\">en grand<\/strong><\/h2>\n\n\n\n<p>In the pure light of the Hautes-Alpes, skiing goes beyond turns and slopes. It&#8217;s a raw sensation, a breath of crisp air in the lungs, a sparkle in the eye. You come to ski, but you leave transformed.  <\/p>\n<\/div>\n\n<div style=\"height:50px\" aria-hidden=\"true\" class=\"wp-block-spacer\"><\/div>\n\n<div class=\"wp-block-ws-library-ws-video is-style-animated-content\"><div class=\"wrapper\"><div class=\"group-media\">\n<figure class=\"wp-block-video video-block\"><video playsinline height=\"1080\" style=\"aspect-ratio: 1920 \/ 1080;\" width=\"1920\" autoplay=\"\" loop=\"\" muted=\"\" src=\"https:\/\/www.hautes-alpes.net\/wp-content\/uploads\/2025\/12\/ski-ok.mp4\"><\/video><figcaption class=\"wp-element-caption\">Downhill skiing, snowboarding, telemark skiing&#8230; skiing in all its forms<\/figcaption><\/figure>\n<\/div><\/div><\/div>\n\n<div style=\"height:50px\" aria-hidden=\"true\" class=\"wp-block-spacer\"><\/div>\n\n<div class=\"wp-block-group alignfull step-by-step has-global-padding is-layout-constrained wp-block-group-is-layout-constrained\">\n<div class=\"wp-block-ws-library-ws-columns alignwide has-2-columns are-vertically-aligned-center layout-5050\">\n<div class=\"wp-block-ws-library-ws-column\"><div class=\"wrapper\">\n<h2 class=\"wp-block-heading\"><strong>Landscapes <\/strong><br\/>that move you<\/h2>\n\n\n\n<p>Imagine peaks that claw at the sky, a white coat that sparkles like a handful of diamonds, snow renowned for its unique lightness.  <strong>In the Hautes-Alpes, every descent is a plunge into immensity.<\/strong>  To ski here is to touch the very essence of the mountains. For any passionate skier, the Hautes-Alpes is a must, an encounter with perfection. <\/p>\n<\/div><\/div>\n\n\n\n<div class=\"wp-block-ws-library-ws-column\"><div class=\"wrapper\">\n<div class=\"wp-block-ws-library-ws-image\"><div class=\"wrapper\"><div class=\"group-media\"><img decoding=\"async\" src=\"https:\/\/www.hautes-alpes.net\/wp-content\/uploads\/2025\/11\/tblais-shooting-photo-la-grave-71-1240x800.jpg\" alt=\"\" class=\"single_image ws-image-60663\"><div class=\"credits\">T. Blais<\/div><\/div><p class=\"caption\"><\/p><\/div><\/div>\n<\/div><\/div>\n<\/div>\n\n\n\n<div class=\"wp-block-ws-library-ws-columns alignwide has-2-columns are-vertically-aligned-center layout-5050\">\n<div class=\"wp-block-ws-library-ws-column\"><div class=\"wrapper\">\n<h2 class=\"wp-block-heading\"><strong>Resorts <\/strong><br\/>to match your dreams<\/h2>\n\n\n\n<p>In the heart of the raw beauty of the <strong>Hautes-Alpes<\/strong>, our resorts combine modernity and authenticity: state-of-the-art facilities, sustainable infrastructures and unspoilt villages. Designed with the future in mind, they offer mythical terrain for beginners and enthusiasts alike, from alpine skiing to freeride and ski touring. <\/p>\n<\/div><\/div>\n\n\n\n<div class=\"wp-block-ws-library-ws-column\"><div class=\"wrapper\">\n<div class=\"wp-block-ws-library-ws-image\"><div class=\"wrapper\"><div class=\"group-media\"><img decoding=\"async\" src=\"https:\/\/www.hautes-alpes.net\/wp-content\/uploads\/2025\/11\/christophe-pallot-zoom-1-1240x800.jpg\" alt=\"\" class=\"single_image ws-image-60577\"><div class=\"credits\">C. Pallot<\/div><\/div><p class=\"caption\"><\/p><\/div><\/div>\n<\/div><\/div>\n<\/div>\n\n\n\n<div class=\"wp-block-ws-library-ws-columns alignwide has-2-columns are-vertically-aligned-center layout-5050\">\n<div class=\"wp-block-ws-library-ws-column\"><div class=\"wrapper\">\n<h2 class=\"wp-block-heading\"><strong>Heading for 2030,<\/strong> <br\/>the planetary rendezvous<\/h2>\n\n\n\n<p>In <strong>2030<\/strong>, the <strong>Hautes-Alpes<\/strong> will be at the heart of the <strong>Winter Olympics<\/strong>. <strong>Serre Chevalier<\/strong> and <strong>Montgen\u00e8vre<\/strong> will host the freestyle skiing and snowboarding events, accounting for almost a third of the medals. In <strong>Brian\u00e7on<\/strong>, the <strong>Fort des T\u00eates<\/strong> will be refurbished to house nearly <strong>500 athletes<\/strong>. This historic event, which will leave a lasting sporting and economic legacy, will establish the region as a global benchmark for winter sports.  <\/p>\n<\/div><\/div>\n\n\n\n<div class=\"wp-block-ws-library-ws-column\"><div class=\"wrapper\">\n<div class=\"wp-block-ws-library-ws-image\"><div class=\"wrapper\"><div class=\"group-media\"><img decoding=\"async\" src=\"https:\/\/www.hautes-alpes.net\/wp-content\/uploads\/2025\/11\/jo18-sb-mbx-ls-01-3406-scaled-1240x800.jpg\" alt=\"\" class=\"single_image ws-image-82832\"><div class=\"credits\">Agence ZOOM<\/div><\/div><p class=\"caption\"><\/p><\/div><\/div>\n<\/div><\/div>\n<\/div>\n<\/div>\n\n<div style=\"height:50px\" aria-hidden=\"true\" class=\"wp-block-spacer\"><\/div>\n\n<div class=\"wp-block-ws-library-ws-gallery ws-gallery alignfull\"><div class=\"list-images\"><div class=\"item item-media scroll-detect\" data-end-offset=\"30%\"><a href=\"https:\/\/www.hautes-alpes.net\/wp-content\/uploads\/2026\/01\/esf-portrait-scaled.jpg\" class=\"item-media__link init-lightbox\" data-glightbox=\"ws-gallery\" data-gallery=\"ws-gallery\" data-title=\"\"><img loading=\"lazy\" decoding=\"async\" width=\"1024\" height=\"870\" src=\"https:\/\/www.hautes-alpes.net\/wp-content\/uploads\/2026\/01\/esf-portrait-1024x870.jpg\" alt=\"\" class=\"ws-image wp-image-162412\" srcset=\"https:\/\/www.hautes-alpes.net\/wp-content\/uploads\/2026\/01\/esf-portrait-1024x870.jpg 1024w, https:\/\/www.hautes-alpes.net\/wp-content\/uploads\/2026\/01\/esf-portrait-300x255.jpg 300w, https:\/\/www.hautes-alpes.net\/wp-content\/uploads\/2026\/01\/esf-portrait-768x652.jpg 768w, https:\/\/www.hautes-alpes.net\/wp-content\/uploads\/2026\/01\/esf-portrait-1536x1305.jpg 1536w, https:\/\/www.hautes-alpes.net\/wp-content\/uploads\/2026\/01\/esf-portrait-2048x1740.jpg 2048w, https:\/\/www.hautes-alpes.net\/wp-content\/uploads\/2026\/01\/esf-portrait-480x408.jpg 480w, https:\/\/www.hautes-alpes.net\/wp-content\/uploads\/2026\/01\/esf-portrait-753x640.jpg 753w, https:\/\/www.hautes-alpes.net\/wp-content\/uploads\/2026\/01\/esf-portrait-730x620.jpg 730w\" sizes=\"auto, (max-width: 1024px) 100vw, 1024px\" \/><\/a><\/div><div class=\"item item-media scroll-detect\" data-end-offset=\"30%\"><a href=\"https:\/\/www.hautes-alpes.net\/wp-content\/uploads\/2026\/01\/johandesma-bigairsnow-hd-06-e1767622003176.jpg\" class=\"item-media__link init-lightbox\" data-glightbox=\"ws-gallery\" data-gallery=\"ws-gallery\" data-title=\"\"><img loading=\"lazy\" decoding=\"async\" width=\"1300\" height=\"992\" src=\"https:\/\/www.hautes-alpes.net\/wp-content\/uploads\/2026\/01\/johandesma-bigairsnow-hd-06-e1767622003176.jpg\" alt=\"\" class=\"ws-image wp-image-162831\" srcset=\"https:\/\/www.hautes-alpes.net\/wp-content\/uploads\/2026\/01\/johandesma-bigairsnow-hd-06-e1767622003176.jpg 1300w, https:\/\/www.hautes-alpes.net\/wp-content\/uploads\/2026\/01\/johandesma-bigairsnow-hd-06-e1767622003176-300x229.jpg 300w, https:\/\/www.hautes-alpes.net\/wp-content\/uploads\/2026\/01\/johandesma-bigairsnow-hd-06-e1767622003176-1024x781.jpg 1024w, https:\/\/www.hautes-alpes.net\/wp-content\/uploads\/2026\/01\/johandesma-bigairsnow-hd-06-e1767622003176-768x586.jpg 768w, https:\/\/www.hautes-alpes.net\/wp-content\/uploads\/2026\/01\/johandesma-bigairsnow-hd-06-e1767622003176-480x366.jpg 480w, https:\/\/www.hautes-alpes.net\/wp-content\/uploads\/2026\/01\/johandesma-bigairsnow-hd-06-e1767622003176-839x640.jpg 839w, https:\/\/www.hautes-alpes.net\/wp-content\/uploads\/2026\/01\/johandesma-bigairsnow-hd-06-e1767622003176-813x620.jpg 813w\" sizes=\"auto, (max-width: 1300px) 100vw, 1300px\" \/><\/a><\/div><div class=\"item item-media scroll-detect\" data-end-offset=\"30%\"><a href=\"https:\/\/www.hautes-alpes.net\/wp-content\/uploads\/2025\/11\/esf-scaled-e1764331667226.jpg\" class=\"item-media__link init-lightbox\" data-glightbox=\"ws-gallery\" data-gallery=\"ws-gallery\" data-title=\"\"><img loading=\"lazy\" decoding=\"async\" width=\"1024\" height=\"764\" src=\"https:\/\/www.hautes-alpes.net\/wp-content\/uploads\/2025\/11\/esf-scaled-e1764331667226-1024x764.jpg\" alt=\"\" class=\"ws-image wp-image-85649\" srcset=\"https:\/\/www.hautes-alpes.net\/wp-content\/uploads\/2025\/11\/esf-scaled-e1764331667226-1024x764.jpg 1024w, https:\/\/www.hautes-alpes.net\/wp-content\/uploads\/2025\/11\/esf-scaled-e1764331667226-300x224.jpg 300w, https:\/\/www.hautes-alpes.net\/wp-content\/uploads\/2025\/11\/esf-scaled-e1764331667226-768x573.jpg 768w, https:\/\/www.hautes-alpes.net\/wp-content\/uploads\/2025\/11\/esf-scaled-e1764331667226-1536x1146.jpg 1536w, https:\/\/www.hautes-alpes.net\/wp-content\/uploads\/2025\/11\/esf-scaled-e1764331667226-2048x1528.jpg 2048w, https:\/\/www.hautes-alpes.net\/wp-content\/uploads\/2025\/11\/esf-scaled-e1764331667226-480x358.jpg 480w, https:\/\/www.hautes-alpes.net\/wp-content\/uploads\/2025\/11\/esf-scaled-e1764331667226-858x640.jpg 858w, https:\/\/www.hautes-alpes.net\/wp-content\/uploads\/2025\/11\/esf-scaled-e1764331667226-831x620.jpg 831w\" sizes=\"auto, (max-width: 1024px) 100vw, 1024px\" \/><\/a><\/div><div class=\"item item-media scroll-detect\" data-end-offset=\"30%\"><a href=\"https:\/\/www.hautes-alpes.net\/wp-content\/uploads\/2026\/01\/refuge-du-gole-on-et-pic-du-gole-on-151-1.jpg\" class=\"item-media__link init-lightbox\" data-glightbox=\"ws-gallery\" data-gallery=\"ws-gallery\" data-title=\"\"><img loading=\"lazy\" decoding=\"async\" width=\"683\" height=\"1024\" src=\"https:\/\/www.hautes-alpes.net\/wp-content\/uploads\/2026\/01\/refuge-du-gole-on-et-pic-du-gole-on-151-1-683x1024.jpg\" alt=\"\" class=\"ws-image wp-image-162413\" srcset=\"https:\/\/www.hautes-alpes.net\/wp-content\/uploads\/2026\/01\/refuge-du-gole-on-et-pic-du-gole-on-151-1-683x1024.jpg 683w, https:\/\/www.hautes-alpes.net\/wp-content\/uploads\/2026\/01\/refuge-du-gole-on-et-pic-du-gole-on-151-1-200x300.jpg 200w, https:\/\/www.hautes-alpes.net\/wp-content\/uploads\/2026\/01\/refuge-du-gole-on-et-pic-du-gole-on-151-1-768x1152.jpg 768w, https:\/\/www.hautes-alpes.net\/wp-content\/uploads\/2026\/01\/refuge-du-gole-on-et-pic-du-gole-on-151-1-1024x1536.jpg 1024w, https:\/\/www.hautes-alpes.net\/wp-content\/uploads\/2026\/01\/refuge-du-gole-on-et-pic-du-gole-on-151-1-1366x2048.jpg 1366w, https:\/\/www.hautes-alpes.net\/wp-content\/uploads\/2026\/01\/refuge-du-gole-on-et-pic-du-gole-on-151-1-467x700.jpg 467w, https:\/\/www.hautes-alpes.net\/wp-content\/uploads\/2026\/01\/refuge-du-gole-on-et-pic-du-gole-on-151-1-427x640.jpg 427w, https:\/\/www.hautes-alpes.net\/wp-content\/uploads\/2026\/01\/refuge-du-gole-on-et-pic-du-gole-on-151-1-480x720.jpg 480w, https:\/\/www.hautes-alpes.net\/wp-content\/uploads\/2026\/01\/refuge-du-gole-on-et-pic-du-gole-on-151-1-414x620.jpg 414w, https:\/\/www.hautes-alpes.net\/wp-content\/uploads\/2026\/01\/refuge-du-gole-on-et-pic-du-gole-on-151-1.jpg 1600w\" sizes=\"auto, (max-width: 683px) 100vw, 683px\" \/><\/a><\/div><div class=\"item item-media scroll-detect\" data-end-offset=\"30%\"><a href=\"https:\/\/www.hautes-alpes.net\/wp-content\/uploads\/2025\/11\/la-blanche-ski-de-randonnee-1-scaled.jpg\" class=\"item-media__link init-lightbox\" data-glightbox=\"ws-gallery\" data-gallery=\"ws-gallery\" data-title=\"\"><img loading=\"lazy\" decoding=\"async\" width=\"1024\" height=\"683\" src=\"https:\/\/www.hautes-alpes.net\/wp-content\/uploads\/2025\/11\/la-blanche-ski-de-randonnee-1-1024x683.jpg\" alt=\"\" class=\"ws-image wp-image-60593\" srcset=\"https:\/\/www.hautes-alpes.net\/wp-content\/uploads\/2025\/11\/la-blanche-ski-de-randonnee-1-1024x683.jpg 1024w, https:\/\/www.hautes-alpes.net\/wp-content\/uploads\/2025\/11\/la-blanche-ski-de-randonnee-1-300x200.jpg 300w, https:\/\/www.hautes-alpes.net\/wp-content\/uploads\/2025\/11\/la-blanche-ski-de-randonnee-1-768x512.jpg 768w, https:\/\/www.hautes-alpes.net\/wp-content\/uploads\/2025\/11\/la-blanche-ski-de-randonnee-1-1536x1024.jpg 1536w, https:\/\/www.hautes-alpes.net\/wp-content\/uploads\/2025\/11\/la-blanche-ski-de-randonnee-1-2048x1365.jpg 2048w, https:\/\/www.hautes-alpes.net\/wp-content\/uploads\/2025\/11\/la-blanche-ski-de-randonnee-1-480x320.jpg 480w, https:\/\/www.hautes-alpes.net\/wp-content\/uploads\/2025\/11\/la-blanche-ski-de-randonnee-1-960x640.jpg 960w, https:\/\/www.hautes-alpes.net\/wp-content\/uploads\/2025\/11\/la-blanche-ski-de-randonnee-1-660x440.jpg 660w, https:\/\/www.hautes-alpes.net\/wp-content\/uploads\/2025\/11\/la-blanche-ski-de-randonnee-1-525x350.jpg 525w, https:\/\/www.hautes-alpes.net\/wp-content\/uploads\/2025\/11\/la-blanche-ski-de-randonnee-1-930x620.jpg 930w\" sizes=\"auto, (max-width: 1024px) 100vw, 1024px\" \/><\/a><\/div><\/div><\/div>\n\n<div style=\"height:50px\" aria-hidden=\"true\" class=\"wp-block-spacer\"><\/div>\n\n<h2 class=\"wp-block-heading is-style-title-1\">The <strong>stations<\/strong><\/h2>\n\n<div class=\"wp-block-ws-library-scrollable-section ws-section-scrollable alignfull\"><div class=\"scrollable-item\"><div class=\"group-content\"><div class=\"wrapper\"><h3 class=\"field-title\">Hautes-Alpes resorts <br><\/h3><div class=\"field-intro\"><p><\/p><p><\/p><\/div><\/div><\/div><div class=\"group-innerblocks\"><div class=\"group-media\"><div class=\"field-image\"><img decoding=\"async\" src=\"https:\/\/www.hautes-alpes.net\/wp-content\/uploads\/2025\/11\/pays-de-la-meije-alpesphotographiescom-2-1140x620.jpg\" alt=\"\"\/><\/div><div class=\"credits\">Alpes Photographies<\/div><\/div>\n<div class=\"section-wrapper\"><div class=\"wp-block-ws-library-scrollable-section-item ws-section-scrollable-item\">\n<h3 class=\"wp-block-heading is-style-title-1\"><em>The freeride Mecca<br\/><\/em><strong>La Grave &#8211; La Meije<\/strong><\/h3>\n\n\n\n<p>La Grave-La Meije is no ordinary resort. It&#8217;s a raw, mythical setting, where rock, ice and altitude rule. <\/p>\n\n\n\n<div class=\"wp-block-buttons is-layout-flex wp-block-buttons-is-layout-flex\">\n<div class=\"wp-block-button\"><a class=\"wp-block-button__link wp-element-button\" href=\"https:\/\/www.hautes-alpes.net\/en\/destinations-hautes-alpes\/la-grave-la-meije\/\">Discover<\/a><\/div>\n<\/div>\n<\/div><\/div>\n\n\n\n<div class=\"section-wrapper\"><div class=\"wp-block-ws-library-scrollable-section-item ws-section-scrollable-item\">\n<div class=\"wp-block-ws-library-ws-image\"><div class=\"wrapper\"><div class=\"group-media\"><img decoding=\"async\" src=\"https:\/\/www.hautes-alpes.net\/wp-content\/uploads\/2025\/11\/arthur-bauchet-serre-chevalier-briancon-29-ot-serre-chevalier-vallee-briancon-2-scaled-e1763561739413-570x640.jpg\" alt=\"Arthur Bauchet poses, smiling, with all these awards on the Serre Chevalier logo.\" class=\"single_image ws-image-73702\"><div class=\"credits\">OT Serre Chevalier<\/div><\/div><p class=\"caption\">Arthur Bauchet, Paralympic champion<\/p><\/div><\/div>\n<\/div><\/div>\n\n\n\n<div class=\"section-wrapper\"><div class=\"wp-block-ws-library-scrollable-section-item ws-section-scrollable-item\">\n<h3 class=\"wp-block-heading is-style-title-1\"><em>In the heart of the giants<\/em><strong>Serre Chevalier<\/strong><\/h3>\n\n\n\n<p>Between Brian\u00e7on and the peaks of the \u00c9crins, Serre Chevalier combines a large ski area, thrills and prestige.<\/p>\n\n\n\n<div class=\"wp-block-buttons is-layout-flex wp-block-buttons-is-layout-flex\">\n<div class=\"wp-block-button\"><a class=\"wp-block-button__link wp-element-button\" href=\"https:\/\/www.hautes-alpes.net\/en\/destinations-hautes-alpes\/serre-chevalier\/\">Discover<\/a><\/div>\n<\/div>\n<\/div><\/div>\n\n\n\n<div class=\"section-wrapper\"><div class=\"wp-block-ws-library-scrollable-section-item ws-section-scrollable-item\">\n<div class=\"wp-block-ws-library-ws-image\"><div class=\"wrapper\"><div class=\"group-media\"><img decoding=\"async\" src=\"https:\/\/www.hautes-alpes.net\/wp-content\/uploads\/2025\/11\/montgenevre-alpesphotographiescom-23-scaled-1240x800.jpg\" alt=\"\" class=\"single_image ws-image-53756\"><div class=\"credits\">Alpes Photographies<\/div><\/div><p class=\"caption\"><\/p><\/div><\/div>\n<\/div><\/div>\n\n\n\n<div class=\"section-wrapper\"><div class=\"wp-block-ws-library-scrollable-section-item ws-section-scrollable-item\">\n<h3 class=\"wp-block-heading is-style-title-1\"><em>The dean<br\/><\/em><strong>Montgen\u00e8vre<\/strong><\/h3>\n\n\n\n<p>Montgen\u00e8vre is more than just a great resort: it&#8217;s the doyenne, a link between France and Italy.<\/p>\n\n\n\n<div class=\"wp-block-buttons is-layout-flex wp-block-buttons-is-layout-flex\">\n<div class=\"wp-block-button\"><a class=\"wp-block-button__link wp-element-button\" href=\"https:\/\/www.hautes-alpes.net\/en\/destinations-hautes-alpes\/montgenevre\/\">Discover<\/a><\/div>\n<\/div>\n<\/div><\/div>\n\n\n\n<div class=\"section-wrapper\"><div class=\"wp-block-ws-library-scrollable-section-item ws-section-scrollable-item\">\n<div class=\"wp-block-ws-library-ws-image\"><div class=\"wrapper\"><div class=\"group-media\"><img decoding=\"async\" src=\"https:\/\/www.hautes-alpes.net\/wp-content\/uploads\/2025\/11\/col-de-bal-rogier-van-rijn-2-960x640.jpg\" alt=\"\" class=\"single_image ws-image-82804\"><div class=\"credits\">R. VanRijn<\/div><\/div><p class=\"caption\"><\/p><\/div><\/div>\n<\/div><\/div>\n\n\n\n<div class=\"section-wrapper\"><div class=\"wp-block-ws-library-scrollable-section-item ws-section-scrollable-item\">\n<h3 class=\"wp-block-heading is-style-title-1\"><em>Snow guarantee<br\/><\/em><strong>Puy Saint Vincent<\/strong><\/h3>\n\n\n\n<p>At the entrance to the Parc national des \u00c9crins, Puy Saint Vincent plays its own part: a subtle balance between a family resort, exceptional nature and a mecca for sensations.<\/p>\n\n\n\n<div class=\"wp-block-buttons is-layout-flex wp-block-buttons-is-layout-flex\">\n<div class=\"wp-block-button\"><a class=\"wp-block-button__link wp-element-button\" href=\"https:\/\/www.hautes-alpes.net\/en\/destinations-hautes-alpes\/puy-saint-vincent\/\">Discover<\/a><\/div>\n<\/div>\n<\/div><\/div>\n\n\n\n<div class=\"section-wrapper\"><div class=\"wp-block-ws-library-scrollable-section-item ws-section-scrollable-item\">\n<div class=\"wp-block-ws-library-ws-image\"><div class=\"wrapper\"><div class=\"group-media\"><img decoding=\"async\" src=\"https:\/\/www.hautes-alpes.net\/wp-content\/uploads\/2025\/11\/ot-vars-remi-morel-1240x800.jpg\" alt=\"Sky view of the vars resort\" class=\"single_image ws-image-54973\"><div class=\"credits\">R. Morel<\/div><\/div><p class=\"caption\"><\/p><\/div><\/div>\n<\/div><\/div>\n\n\n\n<div class=\"section-wrapper\"><div class=\"wp-block-ws-library-scrollable-section-item ws-section-scrollable-item\">\n<h3 class=\"wp-block-heading is-style-title-1\"><em>The White Forest<br\/><\/em><strong>Vars<\/strong><\/h3>\n\n\n\n<p>Vars, the For\u00eat blanche ski area, is an XXL playground where KL, freeride sessions and a sunny atmosphere meet, where altitude rhymes with adrenalin.<\/p>\n\n\n\n<div class=\"wp-block-buttons is-layout-flex wp-block-buttons-is-layout-flex\">\n<div class=\"wp-block-button\"><a class=\"wp-block-button__link wp-element-button\" href=\"https:\/\/www.hautes-alpes.net\/en\/destinations-hautes-alpes\/vars\/\">Discover<\/a><\/div>\n<\/div>\n<\/div><\/div>\n\n\n\n<div class=\"section-wrapper\"><div class=\"wp-block-ws-library-scrollable-section-item ws-section-scrollable-item\">\n<div class=\"wp-block-ws-library-ws-image\"><div class=\"wrapper\"><div class=\"group-media\"><img decoding=\"async\" src=\"https:\/\/www.hautes-alpes.net\/wp-content\/uploads\/2025\/11\/risoul3-1240x800.jpg\" alt=\"\" class=\"single_image ws-image-55021\"><div class=\"credits\">OT Risoul<\/div><\/div><p class=\"caption\"><\/p><\/div><\/div>\n<\/div><\/div>\n\n\n\n<div class=\"section-wrapper\"><div class=\"wp-block-ws-library-scrollable-section-item ws-section-scrollable-item\">\n<h3 class=\"wp-block-heading is-style-title-1\"><em>The White Forest<br\/><\/em><strong>Risoul<\/strong><\/h3>\n\n\n\n<p>Risoul is the most intimate of the big resorts. Perched at an altitude of 1,850 m, it lies at the heart of the For\u00eat Blanche ski area. <\/p>\n\n\n\n<div class=\"wp-block-buttons is-layout-flex wp-block-buttons-is-layout-flex\">\n<div class=\"wp-block-button\"><a class=\"wp-block-button__link wp-element-button\" href=\"https:\/\/www.hautes-alpes.net\/en\/destinations-hautes-alpes\/risoul\/\">Discover<\/a><\/div>\n<\/div>\n<\/div><\/div>\n\n\n\n<div class=\"section-wrapper\"><div class=\"wp-block-ws-library-scrollable-section-item ws-section-scrollable-item\">\n<div class=\"wp-block-ws-library-ws-image\"><div class=\"wrapper\"><div class=\"group-media\"><img decoding=\"async\" src=\"https:\/\/www.hautes-alpes.net\/wp-content\/uploads\/2025\/11\/53221246321-0edf49c9d2-o-1240x800.jpg\" alt=\"\" class=\"single_image ws-image-55051\"><div class=\"credits\">OT Les Orres<\/div><\/div><p class=\"caption\"><\/p><\/div><\/div>\n<\/div><\/div>\n\n\n\n<div class=\"section-wrapper\"><div class=\"wp-block-ws-library-scrollable-section-item ws-section-scrollable-item\">\n<h3 class=\"wp-block-heading is-style-title-1\"><em>The mountain of tomorrow<br\/><\/em><strong>Les Orres<\/strong><\/h3>\n\n\n\n<p class=\"is-style-default\">On the balcony of Lac de Serre-Pon\u00e7on, the resort of Les Orres is a great playground for innovation.<\/p>\n\n\n\n<div class=\"wp-block-buttons is-layout-flex wp-block-buttons-is-layout-flex\">\n<div class=\"wp-block-button\"><a class=\"wp-block-button__link wp-element-button\" href=\"https:\/\/www.hautes-alpes.net\/en\/destinations-hautes-alpes\/les-orres\/\">Discover<\/a><\/div>\n<\/div>\n<\/div><\/div>\n\n\n\n<div class=\"section-wrapper\"><div class=\"wp-block-ws-library-scrollable-section-item ws-section-scrollable-item\">\n<div class=\"wp-block-ws-library-ws-image\"><div class=\"wrapper\"><div class=\"group-media\"><img decoding=\"async\" src=\"https:\/\/www.hautes-alpes.net\/wp-content\/uploads\/2025\/11\/orcieres-463x640.jpg\" alt=\"\" class=\"single_image ws-image-82805\"><div class=\"credits\">DR<\/div><\/div><p class=\"caption\"><\/p><\/div><\/div>\n<\/div><\/div>\n\n\n\n<div class=\"section-wrapper\"><div class=\"wp-block-ws-library-scrollable-section-item ws-section-scrollable-item\">\n<h3 class=\"wp-block-heading is-style-title-1\"><em>And the glide took the light<br\/><\/em><strong>Orci\u00e8res Merlette 1850<\/strong><\/h3>\n\n\n\n<p>Under the pure skies of the Hautes-Alpes, Orci\u00e8res Merlette 1850 is a sunny, sporty resort that&#8217;s both generous and family-friendly.<\/p>\n\n\n\n<div class=\"wp-block-buttons is-layout-flex wp-block-buttons-is-layout-flex\">\n<div class=\"wp-block-button\"><a class=\"wp-block-button__link wp-element-button\" href=\"https:\/\/www.hautes-alpes.net\/en\/destinations-hautes-alpes\/orcieres-merlette-1850\/\">Discover<\/a><\/div>\n<\/div>\n<\/div><\/div>\n\n\n\n<div class=\"section-wrapper\"><div class=\"wp-block-ws-library-scrollable-section-item ws-section-scrollable-item\">\n<div class=\"wp-block-ws-library-ws-image\"><div class=\"wrapper\"><div class=\"group-media\"><img decoding=\"async\" src=\"https:\/\/www.hautes-alpes.net\/wp-content\/uploads\/2025\/11\/chourumolympique-thibaut-blais-427x640.jpg\" alt=\"\" class=\"single_image ws-image-54788\"><div class=\"credits\">T. Blais<\/div><\/div><p class=\"caption\"><\/p><\/div><\/div>\n<\/div><\/div>\n\n\n\n<div class=\"section-wrapper\"><div class=\"wp-block-ws-library-scrollable-section-item ws-section-scrollable-item\">\n<h3 class=\"wp-block-heading is-style-title-1\"><em>Two resorts, one massif<br\/><\/em><strong>SuperD\u00e9voluy and La Joue-du-Loup<\/strong><\/h3>\n\n\n\n<p>In D\u00e9voluy, two resorts share the limelight: the bold SuperD\u00e9voluy and the intimate La Joue-du-Loup.<\/p>\n\n\n\n<div class=\"wp-block-buttons is-layout-flex wp-block-buttons-is-layout-flex\">\n<div class=\"wp-block-button\"><a class=\"wp-block-button__link wp-element-button\" href=\"https:\/\/www.hautes-alpes.net\/en\/destinations-hautes-alpes\/superdevoluy-la-joue-du-loup\/\">Discover<\/a><\/div>\n<\/div>\n<\/div><\/div>\n\n\n\n<div class=\"section-wrapper\"><div class=\"wp-block-ws-library-scrollable-section-item ws-section-scrollable-item\">\n<div class=\"wp-block-ws-library-ws-image\"><div class=\"wrapper\"><div class=\"group-media\"><img decoding=\"async\" src=\"https:\/\/www.hautes-alpes.net\/wp-content\/uploads\/2025\/11\/ski-de-rando-rogier-van-rijn-1-1-1-1240x800.jpg\" alt=\"\" class=\"single_image ws-image-74105\"><div class=\"credits\">R. VanRijn<\/div><\/div><p class=\"caption\"><\/p><\/div><\/div>\n<\/div><\/div>\n\n\n\n<div class=\"section-wrapper\"><div class=\"wp-block-ws-library-scrollable-section-item ws-section-scrollable-item\">\n<h3 class=\"wp-block-heading is-style-title-1\"><em>Village resorts<br\/><\/em><strong>Pelvoux-Vallouise<\/strong><\/h3>\n\n\n\n<p>The village resort of Pelvoux-Vallouise (Pays des \u00c9crins) plays the proximity card with the Puy Saint Vincent ski area and its exceptional panoramas.<\/p>\n\n\n\n<div class=\"wp-block-buttons is-layout-flex wp-block-buttons-is-layout-flex\">\n<div class=\"wp-block-button\"><a class=\"wp-block-button__link wp-element-button\" href=\"https:\/\/www.hautes-alpes.net\/en\/destinations-hautes-alpes\/village-resorts-of-the-grand-brianconnais\/\">Discover<\/a><\/div>\n<\/div>\n<\/div><\/div>\n\n\n\n<div class=\"section-wrapper\"><div class=\"wp-block-ws-library-scrollable-section-item ws-section-scrollable-item\">\n<div class=\"wp-block-ws-library-ws-image\"><div class=\"wrapper\"><div class=\"group-media\"><img decoding=\"async\" src=\"https:\/\/www.hautes-alpes.net\/wp-content\/uploads\/2025\/11\/rogier-van-rijn-2-1-1240x800.jpg\" alt=\"\" class=\"single_image ws-image-53395\"><div class=\"credits\">R. VanRijn<\/div><\/div><p class=\"caption\"><\/p><\/div><\/div>\n<\/div><\/div>\n\n\n\n<div class=\"section-wrapper\"><div class=\"wp-block-ws-library-scrollable-section-item ws-section-scrollable-item\">\n<h3 class=\"wp-block-heading is-style-title-1\"><em>Village resorts<br\/><\/em><strong>Queyras<\/strong><\/h3>\n\n\n\n<p>Arvieux, Ceillac, Abri\u00e8s, Molines-Saint-V\u00e9ran, four ski areas like four faces of the same passion for a raw, living, generous mountain.<\/p>\n\n\n\n<div class=\"wp-block-buttons is-layout-flex wp-block-buttons-is-layout-flex\">\n<div class=\"wp-block-button\"><a class=\"wp-block-button__link wp-element-button\" href=\"https:\/\/www.hautes-alpes.net\/en\/destinations-hautes-alpes\/queyras-village-resorts\/\">Discover<\/a><\/div>\n<\/div>\n<\/div><\/div>\n\n\n\n<div class=\"section-wrapper\"><div class=\"wp-block-ws-library-scrollable-section-item ws-section-scrollable-item\">\n<div class=\"wp-block-ws-library-ws-image\"><div class=\"wrapper\"><div class=\"group-media\"><img decoding=\"async\" src=\"https:\/\/www.hautes-alpes.net\/wp-content\/uploads\/2025\/11\/230224093623-re-mi-morel-ot-serre-ponc-on-1240x800.jpg\" alt=\"\" class=\"single_image ws-image-56606\"><div class=\"credits\">R. Morel<\/div><\/div><p class=\"caption\"><\/p><\/div><\/div>\n<\/div><\/div>\n\n\n\n<div class=\"section-wrapper\"><div class=\"wp-block-ws-library-scrollable-section-item ws-section-scrollable-item\">\n<h3 class=\"wp-block-heading is-style-title-1\"><em>Village resorts<br\/><\/em><strong>R\u00e9allon and Cr\u00e9voux<\/strong><\/h3>\n\n\n\n<p>Here are two discreet jewels, two resort villages in the Embrunais region, a stone&#8217;s throw from Lac de Serre-Pon\u00e7on, that prefer authenticity to glitz.<\/p>\n\n\n\n<div class=\"wp-block-buttons is-layout-flex wp-block-buttons-is-layout-flex\">\n<div class=\"wp-block-button\"><a class=\"wp-block-button__link wp-element-button\" href=\"https:\/\/www.hautes-alpes.net\/en\/destinations-hautes-alpes\/reallon-crevoux\/\">Discover<\/a><\/div>\n<\/div>\n<\/div><\/div>\n\n\n\n<div class=\"section-wrapper\"><div class=\"wp-block-ws-library-scrollable-section-item ws-section-scrollable-item\">\n<div class=\"wp-block-ws-library-ws-image\"><div class=\"wrapper\"><div class=\"group-media\"><img decoding=\"async\" src=\"https:\/\/www.hautes-alpes.net\/wp-content\/uploads\/2025\/11\/genepi-1-1240x800.jpg\" alt=\"\" class=\"single_image ws-image-82816\"><div class=\"credits\">P. Domeyne &#8211; AD05<\/div><\/div><p class=\"caption\"><\/p><\/div><\/div>\n<\/div><\/div>\n\n\n\n<div class=\"section-wrapper\"><div class=\"wp-block-ws-library-scrollable-section-item ws-section-scrollable-item\">\n<h3 class=\"wp-block-heading is-style-title-1\"><em>Village resorts<br\/><\/em><strong>Champsaur<\/strong><\/h3>\n\n\n\n<p>At Ancelle, Laye, Chaillol, Saint-L\u00e9ger-les-M\u00e9l\u00e8zes and Serre-Eyraud, we strap on our skis at the foot of the houses, look up at the softened peaks, and rediscover the authenticity of skiing.<\/p>\n\n\n\n<div class=\"wp-block-buttons is-layout-flex wp-block-buttons-is-layout-flex\">\n<div class=\"wp-block-button\"><a class=\"wp-block-button__link wp-element-button\" href=\"https:\/\/www.hautes-alpes.net\/en\/destinations-hautes-alpes\/village-resorts-in-champsaur\/\">Discover<\/a><\/div>\n<\/div>\n<\/div><\/div>\n<\/div><\/div><\/div>\n\n<div style=\"height:50px\" aria-hidden=\"true\" class=\"wp-block-spacer\"><\/div>\n\n<div class=\"wp-block-ws-library-ws-animated-quote\"><blockquote class=\"quote-container quote-align-undefined\"><div class=\"group-media\"><div class=\"field-image\"><img decoding=\"async\" class=\"quote-avatar ws-image-60571\" src=\"https:\/\/www.hautes-alpes.net\/wp-content\/uploads\/2025\/11\/arthur-bauchet-serre-chevalier-briancon-29-ot-serre-chevalier-vallee-briancon-1-160x160.jpg\" data-full-url=\"https:\/\/www.hautes-alpes.net\/wp-content\/uploads\/2025\/11\/arthur-bauchet-serre-chevalier-briancon-29-ot-serre-chevalier-vallee-briancon-1-scaled.jpg\" alt=\"\"><\/div><\/div><footer><cite class=\"quote-subcontent\">Arthur <strong>BAUCHET<\/strong><br>French Paralympic skiing prodigy<\/cite><\/footer><p class=\"quote-content\">Quadruple Paralympic champion in Beijing in 2022, multi-world medallist with a crystal globe in his pocket, he dominates the slopes with a fluidity and determination that sweep away all limits. Explosive and precise, he has transformed his disability into strength and established himself as one of the major faces of world handisport. At 23, he already embodies excellence, inspiration and the future of skiing that knows no barriers.  <\/p><\/blockquote><\/div>\n\n<div style=\"height:50px\" aria-hidden=\"true\" class=\"wp-block-spacer\"><\/div>\n\n<h2 class=\"wp-block-heading is-style-title-1\"><strong>Skiing<\/strong> highlights<\/h2>\n\n<div class=\"wp-block-group alignwide list-nodetails is-content-justification-center is-layout-flex wp-container-core-group-is-layout-94ea2d6b wp-block-group-is-layout-flex\">\n<div class=\"wp-block-group has-global-padding is-layout-constrained wp-block-group-is-layout-constrained\">\n<div class=\"wp-block-ws-library-ws-image is-style-simple\"><div class=\"wrapper\"><div class=\"group-media\"><img decoding=\"async\" src=\"https:\/\/www.hautes-alpes.net\/wp-content\/uploads\/2025\/12\/492074664-1264188152380267-908416341916913860-n-e1766745122711.jpg\" alt=\"\" class=\"single_image ws-image-130380\"><div class=\"credits\">Derby de la Meije<\/div><\/div><p class=\"caption\"><\/p><\/div><\/div>\n\n\n\n<h3 class=\"wp-block-heading\"><em>Sport<br\/><\/em>Derby de la Meije<\/h3>\n\n\n\n<p>A mythical descent from the glaciers of La Grave to the village, where you set off without beacons to draw your own line in the powder. Skis, snowboards, telemark skis, monoskis or homemade contraptions: anything goes, as long as it&#8217;s gliding and a good dose of daring. <\/p>\n<\/div>\n\n\n\n<div class=\"wp-block-group has-global-padding is-layout-constrained wp-block-group-is-layout-constrained\">\n<div class=\"wp-block-ws-library-ws-image is-style-simple\"><div class=\"wrapper\"><div class=\"group-media\"><img decoding=\"async\" src=\"https:\/\/www.hautes-alpes.net\/wp-content\/uploads\/2025\/11\/franjo-von-allmen-gilles-baron-2-1240x800.jpg\" alt=\"\" class=\"single_image ws-image-52024\"><div class=\"credits\">G. Baron<\/div><\/div><p class=\"caption\">European Alpine Skiing Cup at Orci\u00e8res Merlette<\/p><\/div><\/div>\n\n\n\n<h3 class=\"wp-block-heading\"><em>Sport<br\/><\/em>European Cups Orci\u00e8res Merlette 1850<\/h3>\n\n\n\n<p>This must-see stop on the continental circuit brings together the rising elite of world skiing, ready to test themselves on the demanding and spectacular Camille Ricou piste.<\/p>\n<\/div>\n\n\n\n<div class=\"wp-block-group has-global-padding is-layout-constrained wp-block-group-is-layout-constrained\">\n<div class=\"wp-block-ws-library-ws-image is-style-simple\"><div class=\"wrapper\"><div class=\"group-media\"><img decoding=\"async\" src=\"https:\/\/www.hautes-alpes.net\/wp-content\/uploads\/2025\/12\/279-20230325-morel-mv-7865-web-grandprixserrechevalier2023-1240x800.jpg\" alt=\"\" class=\"single_image ws-image-130339\"><div class=\"credits\">Morel<\/div><\/div><p class=\"caption\"><\/p><\/div><\/div>\n\n\n\n<h3 class=\"wp-block-heading\"><em>Sport<br\/><\/em>Grand prix de Serre Chevalier<\/h3>\n\n\n\n<p>A friendly atmosphere, thrills and a grandiose setting: a 100% mountain cocktail to the sound of the gentle or crazy rides of the thousands of participants in the Grand Prix de Serre Che.<\/p>\n<\/div>\n<\/div>\n\n<div style=\"height:100px\" aria-hidden=\"true\" class=\"wp-block-spacer\"><\/div>\n\n<hr class=\"wp-block-separator has-alpha-channel-opacity is-style-default\"\/>\n\n<h2 class=\"wp-block-heading is-style-title-1\"><strong>See also<\/strong><\/h2>\n\n<div class=\"wp-block-group alignwide list-nodetails is-content-justification-center is-layout-flex wp-container-core-group-is-layout-94ea2d6b wp-block-group-is-layout-flex\">\n<div class=\"wp-block-group has-global-padding is-layout-constrained wp-block-group-is-layout-constrained\">\n<div class=\"wp-block-ws-library-ws-image is-style-simple\"><div class=\"wrapper\"><div class=\"group-media\"><img decoding=\"async\" src=\"https:\/\/www.hautes-alpes.net\/wp-content\/uploads\/2025\/12\/vars-chiens-de-traineaux-credit-photo-tim-arnold-4-1240x800.jpg\" alt=\"\" class=\"single_image ws-image-116925\"><div class=\"credits\">OT Vars<\/div><\/div><p class=\"caption\"><\/p><\/div><\/div>\n\n\n\n<h3 class=\"wp-block-heading is-style-title-2\"><em>ExperiencesNordic activities<\/em><\/h3>\n\n\n\n<div class=\"wp-block-buttons is-layout-flex wp-block-buttons-is-layout-flex\">\n<div class=\"wp-block-button\"><a class=\"wp-block-button__link wp-element-button\" href=\"https:\/\/www.hautes-alpes.net\/en\/experiences-hautes-alpes\/nordic-activities\/\">See<\/a><\/div>\n<\/div>\n<\/div>\n\n\n\n<div class=\"wp-block-group has-global-padding is-layout-constrained wp-block-group-is-layout-constrained\">\n<div class=\"wp-block-ws-library-ws-image is-style-simple\"><div class=\"wrapper\"><div class=\"group-media\"><img decoding=\"async\" src=\"https:\/\/www.hautes-alpes.net\/wp-content\/uploads\/2025\/11\/briancon-hd-alpesphotographiescom-1-1240x800.jpg\" alt=\"Beautiful light on Brian\u00e7on under the snow\" class=\"single_image ws-image-47858\"><div class=\"credits\">Alpes Photographies<\/div><\/div><p class=\"caption\"><\/p><\/div><\/div>\n\n\n\n<h3 class=\"wp-block-heading is-style-title-2\"><em>Iconic<br\/><\/em>Winter Olympics 2030<\/h3>\n\n\n\n<div class=\"wp-block-buttons is-layout-flex wp-block-buttons-is-layout-flex\">\n<div class=\"wp-block-button\"><a class=\"wp-block-button__link wp-element-button\" href=\"https:\/\/www.hautes-alpes.net\/en\/iconic\/winter-games-2030\/\">See<\/a><\/div>\n<\/div>\n<\/div>\n<\/div>\n\n<div class=\"wp-block-ws-library-ws-share\"><span class=\"share-subtitle\">Did you like this page?<\/span><span class=\"share-title\">Share it!<\/span><button class=\"ws-share-button wp-element-button\">Share this page<\/button><\/div>\n","protected":false},"excerpt":{"rendered":"<p>SkiL&#8217;hiver en grand In the pure light of the Hautes-Alpes, skiing goes beyond turns and slopes. It&#8217;s a raw sensation, [&hellip;]<\/p>\n","protected":false},"author":6,"featured_media":0,"parent":108204,"menu_order":0,"comment_status":"closed","ping_status":"closed","template":"","meta":{"is_dark_mode":false,"footnotes":""},"page_label":[],"class_list":["post-109779","page","type-page","status-publish","hentry"],"yoast_head":"<!-- This site is optimized with the Yoast SEO plugin v27.2 - https:\/\/yoast.com\/product\/yoast-seo-wordpress\/ -->\n<title>Ski - Hautes-Alpes<\/title>\n<meta name=\"description\" content=\"Ski SkiL&#039;hiver en grand In the pure light of the Hautes-Alpes, skiing goes beyond turns and slopes. It&#039;s a raw sensation, a breath of crisp air in the\" \/>\n<meta name=\"robots\" content=\"index, follow, max-snippet:-1, max-image-preview:large, max-video-preview:-1\" \/>\n<link rel=\"canonical\" href=\"https:\/\/www.hautes-alpes.net\/en\/experiences-hautes-alpes\/ski\/\" \/>\n<meta property=\"og:locale\" content=\"en_US\" \/>\n<meta property=\"og:type\" content=\"article\" \/>\n<meta property=\"og:title\" content=\"Ski - Hautes-Alpes\" \/>\n<meta property=\"og:description\" content=\"Ski SkiL&#039;hiver en grand In the pure light of the Hautes-Alpes, skiing goes beyond turns and slopes. It&#039;s a raw sensation, a breath of crisp air in the\" \/>\n<meta property=\"og:url\" content=\"https:\/\/www.hautes-alpes.net\/en\/experiences-hautes-alpes\/ski\/\" \/>\n<meta property=\"og:site_name\" content=\"Hautes-Alpes\" \/>\n<meta property=\"article:modified_time\" content=\"2026-01-27T08:35:27+00:00\" \/>\n<meta property=\"og:image\" content=\"https:\/\/www.hautes-alpes.net\/wp-content\/uploads\/2025\/11\/230224093659-re-mi-morel-ot-serre-ponc-on-222-scaled.jpg\" \/>\n\t<meta property=\"og:image:width\" content=\"2560\" \/>\n\t<meta property=\"og:image:height\" content=\"1707\" \/>\n\t<meta property=\"og:image:type\" content=\"image\/jpeg\" \/>\n<meta name=\"twitter:card\" content=\"summary_large_image\" \/>\n<meta name=\"twitter:label1\" content=\"Est. reading time\" \/>\n\t<meta name=\"twitter:data1\" content=\"4 minutes\" \/>\n<script type=\"application\/ld+json\" class=\"yoast-schema-graph\">{\"@context\":\"https:\/\/schema.org\",\"@graph\":[{\"@type\":\"WebPage\",\"@id\":\"https:\/\/www.hautes-alpes.net\/en\/experiences-hautes-alpes\/ski\/\",\"url\":\"https:\/\/www.hautes-alpes.net\/en\/experiences-hautes-alpes\/ski\/\",\"name\":\"Ski - Hautes-Alpes\",\"isPartOf\":{\"@id\":\"https:\/\/www.hautes-alpes.net\/en\/#website\"},\"primaryImageOfPage\":{\"@id\":\"https:\/\/www.hautes-alpes.net\/en\/experiences-hautes-alpes\/ski\/#primaryimage\"},\"image\":{\"@id\":\"https:\/\/www.hautes-alpes.net\/en\/experiences-hautes-alpes\/ski\/#primaryimage\"},\"thumbnailUrl\":\"https:\/\/www.hautes-alpes.net\/wp-content\/uploads\/2025\/11\/230224093659-re-mi-morel-ot-serre-ponc-on-222-700x840.jpg\",\"datePublished\":\"2025-11-20T14:01:40+00:00\",\"dateModified\":\"2026-01-27T08:35:27+00:00\",\"description\":\"Ski SkiL'hiver en grand In the pure light of the Hautes-Alpes, skiing goes beyond turns and slopes. It's a raw sensation, a breath of crisp air in the\",\"breadcrumb\":{\"@id\":\"https:\/\/www.hautes-alpes.net\/en\/experiences-hautes-alpes\/ski\/#breadcrumb\"},\"inLanguage\":\"en-US\",\"potentialAction\":[{\"@type\":\"ReadAction\",\"target\":[\"https:\/\/www.hautes-alpes.net\/en\/experiences-hautes-alpes\/ski\/\"]}]},{\"@type\":\"ImageObject\",\"inLanguage\":\"en-US\",\"@id\":\"https:\/\/www.hautes-alpes.net\/en\/experiences-hautes-alpes\/ski\/#primaryimage\",\"url\":\"https:\/\/www.hautes-alpes.net\/wp-content\/uploads\/2025\/11\/230224093659-re-mi-morel-ot-serre-ponc-on-222-700x840.jpg\",\"contentUrl\":\"https:\/\/www.hautes-alpes.net\/wp-content\/uploads\/2025\/11\/230224093659-re-mi-morel-ot-serre-ponc-on-222-700x840.jpg\"},{\"@type\":\"BreadcrumbList\",\"@id\":\"https:\/\/www.hautes-alpes.net\/en\/experiences-hautes-alpes\/ski\/#breadcrumb\",\"itemListElement\":[{\"@type\":\"ListItem\",\"position\":1,\"name\":\"Home\",\"item\":\"https:\/\/www.hautes-alpes.net\/en\/hautes-alpes\/\"},{\"@type\":\"ListItem\",\"position\":2,\"name\":\"Experiences &#8211; Hautes-Alpes\",\"item\":\"https:\/\/www.hautes-alpes.net\/en\/experiences-hautes-alpes\/\"},{\"@type\":\"ListItem\",\"position\":3,\"name\":\"Experiences - Hautes-Alpes\",\"item\":\"https:\/\/www.hautes-alpes.net\/en\/experiences-hautes-alpes\/\"},{\"@type\":\"ListItem\",\"position\":4,\"name\":\"Ski\"}]},{\"@type\":\"WebSite\",\"@id\":\"https:\/\/www.hautes-alpes.net\/en\/#website\",\"url\":\"https:\/\/www.hautes-alpes.net\/en\/\",\"name\":\"ADDET\",\"description\":\"\",\"publisher\":{\"@id\":\"https:\/\/www.hautes-alpes.net\/en\/#organization\"},\"potentialAction\":[{\"@type\":\"SearchAction\",\"target\":{\"@type\":\"EntryPoint\",\"urlTemplate\":\"https:\/\/www.hautes-alpes.net\/en\/?s={search_term_string}\"},\"query-input\":{\"@type\":\"PropertyValueSpecification\",\"valueRequired\":true,\"valueName\":\"search_term_string\"}}],\"inLanguage\":\"en-US\"},{\"@type\":\"Organization\",\"@id\":\"https:\/\/www.hautes-alpes.net\/en\/#organization\",\"name\":\"Agence D\u00e9partementale de D\u00e9veloppement Economique et Touristique des Hautes-Alpes\",\"url\":\"https:\/\/www.hautes-alpes.net\/en\/\",\"logo\":{\"@type\":\"ImageObject\",\"inLanguage\":\"en-US\",\"@id\":\"https:\/\/www.hautes-alpes.net\/en\/#\/schema\/logo\/image\/\",\"url\":\"https:\/\/www.hautes-alpes.net\/wp-content\/uploads\/2026\/01\/black-logo-2.svg\",\"contentUrl\":\"https:\/\/www.hautes-alpes.net\/wp-content\/uploads\/2026\/01\/black-logo-2.svg\",\"caption\":\"Agence D\u00e9partementale de D\u00e9veloppement Economique et Touristique des Hautes-Alpes\"},\"image\":{\"@id\":\"https:\/\/www.hautes-alpes.net\/en\/#\/schema\/logo\/image\/\"}}]}<\/script>\n<!-- \/ Yoast SEO plugin. -->","yoast_head_json":{"title":"Ski - Hautes-Alpes","description":"Ski SkiL'hiver en grand In the pure light of the Hautes-Alpes, skiing goes beyond turns and slopes. It's a raw sensation, a breath of crisp air in the","robots":{"index":"index","follow":"follow","max-snippet":"max-snippet:-1","max-image-preview":"max-image-preview:large","max-video-preview":"max-video-preview:-1"},"canonical":"https:\/\/www.hautes-alpes.net\/en\/experiences-hautes-alpes\/ski\/","og_locale":"en_US","og_type":"article","og_title":"Ski - Hautes-Alpes","og_description":"Ski SkiL'hiver en grand In the pure light of the Hautes-Alpes, skiing goes beyond turns and slopes. It's a raw sensation, a breath of crisp air in the","og_url":"https:\/\/www.hautes-alpes.net\/en\/experiences-hautes-alpes\/ski\/","og_site_name":"Hautes-Alpes","article_modified_time":"2026-01-27T08:35:27+00:00","og_image":[{"width":2560,"height":1707,"url":"https:\/\/www.hautes-alpes.net\/wp-content\/uploads\/2025\/11\/230224093659-re-mi-morel-ot-serre-ponc-on-222-scaled.jpg","type":"image\/jpeg"}],"twitter_card":"summary_large_image","twitter_misc":{"Est. reading time":"4 minutes"},"schema":{"@context":"https:\/\/schema.org","@graph":[{"@type":"WebPage","@id":"https:\/\/www.hautes-alpes.net\/en\/experiences-hautes-alpes\/ski\/","url":"https:\/\/www.hautes-alpes.net\/en\/experiences-hautes-alpes\/ski\/","name":"Ski - Hautes-Alpes","isPartOf":{"@id":"https:\/\/www.hautes-alpes.net\/en\/#website"},"primaryImageOfPage":{"@id":"https:\/\/www.hautes-alpes.net\/en\/experiences-hautes-alpes\/ski\/#primaryimage"},"image":{"@id":"https:\/\/www.hautes-alpes.net\/en\/experiences-hautes-alpes\/ski\/#primaryimage"},"thumbnailUrl":"https:\/\/www.hautes-alpes.net\/wp-content\/uploads\/2025\/11\/230224093659-re-mi-morel-ot-serre-ponc-on-222-700x840.jpg","datePublished":"2025-11-20T14:01:40+00:00","dateModified":"2026-01-27T08:35:27+00:00","description":"Ski SkiL'hiver en grand In the pure light of the Hautes-Alpes, skiing goes beyond turns and slopes. It's a raw sensation, a breath of crisp air in the","breadcrumb":{"@id":"https:\/\/www.hautes-alpes.net\/en\/experiences-hautes-alpes\/ski\/#breadcrumb"},"inLanguage":"en-US","potentialAction":[{"@type":"ReadAction","target":["https:\/\/www.hautes-alpes.net\/en\/experiences-hautes-alpes\/ski\/"]}]},{"@type":"ImageObject","inLanguage":"en-US","@id":"https:\/\/www.hautes-alpes.net\/en\/experiences-hautes-alpes\/ski\/#primaryimage","url":"https:\/\/www.hautes-alpes.net\/wp-content\/uploads\/2025\/11\/230224093659-re-mi-morel-ot-serre-ponc-on-222-700x840.jpg","contentUrl":"https:\/\/www.hautes-alpes.net\/wp-content\/uploads\/2025\/11\/230224093659-re-mi-morel-ot-serre-ponc-on-222-700x840.jpg"},{"@type":"BreadcrumbList","@id":"https:\/\/www.hautes-alpes.net\/en\/experiences-hautes-alpes\/ski\/#breadcrumb","itemListElement":[{"@type":"ListItem","position":1,"name":"Home","item":"https:\/\/www.hautes-alpes.net\/en\/hautes-alpes\/"},{"@type":"ListItem","position":2,"name":"Experiences &#8211; Hautes-Alpes","item":"https:\/\/www.hautes-alpes.net\/en\/experiences-hautes-alpes\/"},{"@type":"ListItem","position":3,"name":"Experiences - Hautes-Alpes","item":"https:\/\/www.hautes-alpes.net\/en\/experiences-hautes-alpes\/"},{"@type":"ListItem","position":4,"name":"Ski"}]},{"@type":"WebSite","@id":"https:\/\/www.hautes-alpes.net\/en\/#website","url":"https:\/\/www.hautes-alpes.net\/en\/","name":"ADDET","description":"","publisher":{"@id":"https:\/\/www.hautes-alpes.net\/en\/#organization"},"potentialAction":[{"@type":"SearchAction","target":{"@type":"EntryPoint","urlTemplate":"https:\/\/www.hautes-alpes.net\/en\/?s={search_term_string}"},"query-input":{"@type":"PropertyValueSpecification","valueRequired":true,"valueName":"search_term_string"}}],"inLanguage":"en-US"},{"@type":"Organization","@id":"https:\/\/www.hautes-alpes.net\/en\/#organization","name":"Agence D\u00e9partementale de D\u00e9veloppement Economique et Touristique des Hautes-Alpes","url":"https:\/\/www.hautes-alpes.net\/en\/","logo":{"@type":"ImageObject","inLanguage":"en-US","@id":"https:\/\/www.hautes-alpes.net\/en\/#\/schema\/logo\/image\/","url":"https:\/\/www.hautes-alpes.net\/wp-content\/uploads\/2026\/01\/black-logo-2.svg","contentUrl":"https:\/\/www.hautes-alpes.net\/wp-content\/uploads\/2026\/01\/black-logo-2.svg","caption":"Agence D\u00e9partementale de D\u00e9veloppement Economique et Touristique des Hautes-Alpes"},"image":{"@id":"https:\/\/www.hautes-alpes.net\/en\/#\/schema\/logo\/image\/"}}]}},"_links":{"self":[{"href":"https:\/\/www.hautes-alpes.net\/en\/wp-json\/wp\/v2\/pages\/109779","targetHints":{"allow":["GET"]}}],"collection":[{"href":"https:\/\/www.hautes-alpes.net\/en\/wp-json\/wp\/v2\/pages"}],"about":[{"href":"https:\/\/www.hautes-alpes.net\/en\/wp-json\/wp\/v2\/types\/page"}],"author":[{"embeddable":true,"href":"https:\/\/www.hautes-alpes.net\/en\/wp-json\/wp\/v2\/users\/6"}],"replies":[{"embeddable":true,"href":"https:\/\/www.hautes-alpes.net\/en\/wp-json\/wp\/v2\/comments?post=109779"}],"version-history":[{"count":10,"href":"https:\/\/www.hautes-alpes.net\/en\/wp-json\/wp\/v2\/pages\/109779\/revisions"}],"predecessor-version":[{"id":235192,"href":"https:\/\/www.hautes-alpes.net\/en\/wp-json\/wp\/v2\/pages\/109779\/revisions\/235192"}],"up":[{"embeddable":true,"href":"https:\/\/www.hautes-alpes.net\/en\/wp-json\/wp\/v2\/pages\/108204"}],"wp:attachment":[{"href":"https:\/\/www.hautes-alpes.net\/en\/wp-json\/wp\/v2\/media?parent=109779"}],"wp:term":[{"taxonomy":"page_label","embeddable":true,"href":"https:\/\/www.hautes-alpes.net\/en\/wp-json\/wp\/v2\/page_label?post=109779"}],"curies":[{"name":"wp","href":"https:\/\/api.w.org\/{rel}","templated":true}]}}