{"id":268703,"date":"2026-02-05T21:56:04","date_gmt":"2026-02-05T20:56:04","guid":{"rendered":"https:\/\/www.hautes-alpes.net\/fiche\/the-balcony-of-theus\/"},"modified":"2026-02-05T22:03:34","modified_gmt":"2026-02-05T21:03:34","slug":"the-balcony-of-theus-2","status":"publish","type":"apidae","link":"https:\/\/www.hautes-alpes.net\/en\/fiche\/the-balcony-of-theus-2\/","title":{"rendered":"Le Balcon de Th\u00e9us"},"content":{"rendered":"","protected":false},"featured_media":0,"template":"","meta":{"is_dark_mode":false,"idApidae":"5267728"},"apidae-selections":[7778],"apidae-environnements":[348,340,336,4057,344],"apidae-chaines":[],"apidae-communes":[3991],"apidae-modes_paiement":[],"apidae-services":[2121,3318,2131,258,278],"apidae-natures_terrain":[],"apidae-distinctions":[],"apidae-langues_parlees":[203],"apidae-equipements":[470,3244,1060,722,2456,3229,3234,215],"apidae-equipements_activite":[],"apidae-conforts":[3204,547,2156,888,3348,755,2160,2151,883,3164,3169,763,561,3294,546],"apidae-activites":[3427],"apidae-tourismes_adaptes":[],"apidae-typologies_promo_sitra":[],"apidae-types_clientele":[],"apidae-types_patrimoine_culturel":[],"apidae-types_commerce_service":[],"apidae-activites_sportives":[],"apidae-activites_culturelles":[],"apidae-commerce_type_detaille":[],"apidae-fete_manifestation_cat":[],"apidae-criteres_internes":[],"apidae-territoires":[421,417,405,409,2346,2581],"apidae-salles_equipees_pour":[],"apidae-salles_equipement":[],"apidae-salles_hebergement":[],"apidae-salles_restauration":[],"apidae-categories":[],"apidae-specialites":[],"apidae-indications_periode":[369,381,373,377],"apidae-types_label":[],"apidae-hotel_classement":[],"apidae-types_hebergement":[2170],"apidae-tourisme_affaire":[457],"class_list":["post-268703","apidae","type-apidae","status-publish","hentry"],"yoast_head":"<!-- This site is optimized with the Yoast SEO plugin v27.2 - https:\/\/yoast.com\/product\/yoast-seo-wordpress\/ -->\n<title>Le Balcon de Th\u00e9us - Hautes-Alpes<\/title>\n<meta name=\"description\" content=\"The &quot;Le Balcon de Th\u00e9us&quot; g\u00eetes adjoin our Bistrot de Pays terrace restaurant between Mont Colombis and the Durance, next to the Chemin\u00e9e de F\u00e9es. Our two g\u00eetes are bright, cosy and comfortable.\" \/>\n<meta name=\"robots\" content=\"index, follow, max-snippet:-1, max-image-preview:large, max-video-preview:-1\" \/>\n<link rel=\"canonical\" href=\"https:\/\/www.hautes-alpes.net\/en\/fiche\/the-balcony-of-theus-2\/\" \/>\n<meta property=\"og:locale\" content=\"en_US\" \/>\n<meta property=\"og:type\" content=\"article\" \/>\n<meta property=\"og:title\" content=\"Le Balcon de Th\u00e9us - Hautes-Alpes\" \/>\n<meta property=\"og:description\" content=\"The &quot;Le Balcon de Th\u00e9us&quot; g\u00eetes adjoin our Bistrot de Pays terrace restaurant between Mont Colombis and the Durance, next to the Chemin\u00e9e de F\u00e9es. Our two g\u00eetes are bright, cosy and comfortable.\" \/>\n<meta property=\"og:url\" content=\"https:\/\/www.hautes-alpes.net\/en\/fiche\/the-balcony-of-theus-2\/\" \/>\n<meta property=\"og:site_name\" content=\"Hautes-Alpes\" \/>\n<meta property=\"article:modified_time\" content=\"2026-02-05T21:03:34+00:00\" \/>\n<meta name=\"twitter:card\" content=\"summary_large_image\" \/>\n<script type=\"application\/ld+json\" class=\"yoast-schema-graph\">{\"@context\":\"https:\/\/schema.org\",\"@graph\":[{\"@type\":\"WebPage\",\"@id\":\"https:\/\/www.hautes-alpes.net\/en\/fiche\/the-balcony-of-theus-2\/\",\"url\":\"https:\/\/www.hautes-alpes.net\/en\/fiche\/the-balcony-of-theus-2\/\",\"name\":\"Le Balcon de Th\u00e9us - Hautes-Alpes\",\"isPartOf\":{\"@id\":\"https:\/\/www.hautes-alpes.net\/en\/#website\"},\"datePublished\":\"2026-02-05T20:56:04+00:00\",\"dateModified\":\"2026-02-05T21:03:34+00:00\",\"description\":\"The \\\"Le Balcon de Th\u00e9us\\\" g\u00eetes adjoin our Bistrot de Pays terrace restaurant between Mont Colombis and the Durance, next to the Chemin\u00e9e de F\u00e9es. Our two g\u00eetes are bright, cosy and comfortable.\",\"breadcrumb\":{\"@id\":\"https:\/\/www.hautes-alpes.net\/en\/fiche\/the-balcony-of-theus-2\/#breadcrumb\"},\"inLanguage\":\"en-US\",\"potentialAction\":[{\"@type\":\"ReadAction\",\"target\":[\"https:\/\/www.hautes-alpes.net\/en\/fiche\/the-balcony-of-theus-2\/\"]}]},{\"@type\":\"BreadcrumbList\",\"@id\":\"https:\/\/www.hautes-alpes.net\/en\/fiche\/the-balcony-of-theus-2\/#breadcrumb\",\"itemListElement\":[{\"@type\":\"ListItem\",\"position\":1,\"name\":\"Home\",\"item\":\"https:\/\/www.hautes-alpes.net\/en\/hautes-alpes\/\"},{\"@type\":\"ListItem\",\"position\":2,\"name\":\"Le Balcon de Th\u00e9us\"}]},{\"@type\":\"WebSite\",\"@id\":\"https:\/\/www.hautes-alpes.net\/en\/#website\",\"url\":\"https:\/\/www.hautes-alpes.net\/en\/\",\"name\":\"ADDET\",\"description\":\"\",\"publisher\":{\"@id\":\"https:\/\/www.hautes-alpes.net\/en\/#organization\"},\"potentialAction\":[{\"@type\":\"SearchAction\",\"target\":{\"@type\":\"EntryPoint\",\"urlTemplate\":\"https:\/\/www.hautes-alpes.net\/en\/?s={search_term_string}\"},\"query-input\":{\"@type\":\"PropertyValueSpecification\",\"valueRequired\":true,\"valueName\":\"search_term_string\"}}],\"inLanguage\":\"en-US\"},{\"@type\":\"Organization\",\"@id\":\"https:\/\/www.hautes-alpes.net\/en\/#organization\",\"name\":\"Agence D\u00e9partementale de D\u00e9veloppement Economique et Touristique des Hautes-Alpes\",\"url\":\"https:\/\/www.hautes-alpes.net\/en\/\",\"logo\":{\"@type\":\"ImageObject\",\"inLanguage\":\"en-US\",\"@id\":\"https:\/\/www.hautes-alpes.net\/en\/#\/schema\/logo\/image\/\",\"url\":\"https:\/\/www.hautes-alpes.net\/wp-content\/uploads\/2026\/01\/black-logo-2.svg\",\"contentUrl\":\"https:\/\/www.hautes-alpes.net\/wp-content\/uploads\/2026\/01\/black-logo-2.svg\",\"caption\":\"Agence D\u00e9partementale de D\u00e9veloppement Economique et Touristique des Hautes-Alpes\"},\"image\":{\"@id\":\"https:\/\/www.hautes-alpes.net\/en\/#\/schema\/logo\/image\/\"}}]}<\/script>\n<!-- \/ Yoast SEO plugin. -->","yoast_head_json":{"title":"Le Balcon de Th\u00e9us - Hautes-Alpes","description":"The \"Le Balcon de Th\u00e9us\" g\u00eetes adjoin our Bistrot de Pays terrace restaurant between Mont Colombis and the Durance, next to the Chemin\u00e9e de F\u00e9es. Our two g\u00eetes are bright, cosy and comfortable.","robots":{"index":"index","follow":"follow","max-snippet":"max-snippet:-1","max-image-preview":"max-image-preview:large","max-video-preview":"max-video-preview:-1"},"canonical":"https:\/\/www.hautes-alpes.net\/en\/fiche\/the-balcony-of-theus-2\/","og_locale":"en_US","og_type":"article","og_title":"Le Balcon de Th\u00e9us - Hautes-Alpes","og_description":"The \"Le Balcon de Th\u00e9us\" g\u00eetes adjoin our Bistrot de Pays terrace restaurant between Mont Colombis and the Durance, next to the Chemin\u00e9e de F\u00e9es. Our two g\u00eetes are bright, cosy and comfortable.","og_url":"https:\/\/www.hautes-alpes.net\/en\/fiche\/the-balcony-of-theus-2\/","og_site_name":"Hautes-Alpes","article_modified_time":"2026-02-05T21:03:34+00:00","twitter_card":"summary_large_image","schema":{"@context":"https:\/\/schema.org","@graph":[{"@type":"WebPage","@id":"https:\/\/www.hautes-alpes.net\/en\/fiche\/the-balcony-of-theus-2\/","url":"https:\/\/www.hautes-alpes.net\/en\/fiche\/the-balcony-of-theus-2\/","name":"Le Balcon de Th\u00e9us - Hautes-Alpes","isPartOf":{"@id":"https:\/\/www.hautes-alpes.net\/en\/#website"},"datePublished":"2026-02-05T20:56:04+00:00","dateModified":"2026-02-05T21:03:34+00:00","description":"The \"Le Balcon de Th\u00e9us\" g\u00eetes adjoin our Bistrot de Pays terrace restaurant between Mont Colombis and the Durance, next to the Chemin\u00e9e de F\u00e9es. Our two g\u00eetes are bright, cosy and comfortable.","breadcrumb":{"@id":"https:\/\/www.hautes-alpes.net\/en\/fiche\/the-balcony-of-theus-2\/#breadcrumb"},"inLanguage":"en-US","potentialAction":[{"@type":"ReadAction","target":["https:\/\/www.hautes-alpes.net\/en\/fiche\/the-balcony-of-theus-2\/"]}]},{"@type":"BreadcrumbList","@id":"https:\/\/www.hautes-alpes.net\/en\/fiche\/the-balcony-of-theus-2\/#breadcrumb","itemListElement":[{"@type":"ListItem","position":1,"name":"Home","item":"https:\/\/www.hautes-alpes.net\/en\/hautes-alpes\/"},{"@type":"ListItem","position":2,"name":"Le Balcon de Th\u00e9us"}]},{"@type":"WebSite","@id":"https:\/\/www.hautes-alpes.net\/en\/#website","url":"https:\/\/www.hautes-alpes.net\/en\/","name":"ADDET","description":"","publisher":{"@id":"https:\/\/www.hautes-alpes.net\/en\/#organization"},"potentialAction":[{"@type":"SearchAction","target":{"@type":"EntryPoint","urlTemplate":"https:\/\/www.hautes-alpes.net\/en\/?s={search_term_string}"},"query-input":{"@type":"PropertyValueSpecification","valueRequired":true,"valueName":"search_term_string"}}],"inLanguage":"en-US"},{"@type":"Organization","@id":"https:\/\/www.hautes-alpes.net\/en\/#organization","name":"Agence D\u00e9partementale de D\u00e9veloppement Economique et Touristique des Hautes-Alpes","url":"https:\/\/www.hautes-alpes.net\/en\/","logo":{"@type":"ImageObject","inLanguage":"en-US","@id":"https:\/\/www.hautes-alpes.net\/en\/#\/schema\/logo\/image\/","url":"https:\/\/www.hautes-alpes.net\/wp-content\/uploads\/2026\/01\/black-logo-2.svg","contentUrl":"https:\/\/www.hautes-alpes.net\/wp-content\/uploads\/2026\/01\/black-logo-2.svg","caption":"Agence D\u00e9partementale de D\u00e9veloppement Economique et Touristique des Hautes-Alpes"},"image":{"@id":"https:\/\/www.hautes-alpes.net\/en\/#\/schema\/logo\/image\/"}}]}},"_links":{"self":[{"href":"https:\/\/www.hautes-alpes.net\/en\/wp-json\/wp\/v2\/apidae\/268703","targetHints":{"allow":["GET"]}}],"collection":[{"href":"https:\/\/www.hautes-alpes.net\/en\/wp-json\/wp\/v2\/apidae"}],"about":[{"href":"https:\/\/www.hautes-alpes.net\/en\/wp-json\/wp\/v2\/types\/apidae"}],"wp:attachment":[{"href":"https:\/\/www.hautes-alpes.net\/en\/wp-json\/wp\/v2\/media?parent=268703"}],"wp:term":[{"taxonomy":"apidae-selections","embeddable":true,"href":"https:\/\/www.hautes-alpes.net\/en\/wp-json\/wp\/v2\/apidae-selections?post=268703"},{"taxonomy":"apidae-environnements","embeddable":true,"href":"https:\/\/www.hautes-alpes.net\/en\/wp-json\/wp\/v2\/apidae-environnements?post=268703"},{"taxonomy":"apidae-chaines","embeddable":true,"href":"https:\/\/www.hautes-alpes.net\/en\/wp-json\/wp\/v2\/apidae-chaines?post=268703"},{"taxonomy":"apidae-communes","embeddable":true,"href":"https:\/\/www.hautes-alpes.net\/en\/wp-json\/wp\/v2\/apidae-communes?post=268703"},{"taxonomy":"apidae-modes_paiement","embeddable":true,"href":"https:\/\/www.hautes-alpes.net\/en\/wp-json\/wp\/v2\/apidae-modes_paiement?post=268703"},{"taxonomy":"apidae-services","embeddable":true,"href":"https:\/\/www.hautes-alpes.net\/en\/wp-json\/wp\/v2\/apidae-services?post=268703"},{"taxonomy":"apidae-natures_terrain","embeddable":true,"href":"https:\/\/www.hautes-alpes.net\/en\/wp-json\/wp\/v2\/apidae-natures_terrain?post=268703"},{"taxonomy":"apidae-distinctions","embeddable":true,"href":"https:\/\/www.hautes-alpes.net\/en\/wp-json\/wp\/v2\/apidae-distinctions?post=268703"},{"taxonomy":"apidae-langues_parlees","embeddable":true,"href":"https:\/\/www.hautes-alpes.net\/en\/wp-json\/wp\/v2\/apidae-langues_parlees?post=268703"},{"taxonomy":"apidae-equipements","embeddable":true,"href":"https:\/\/www.hautes-alpes.net\/en\/wp-json\/wp\/v2\/apidae-equipements?post=268703"},{"taxonomy":"apidae-equipements_activite","embeddable":true,"href":"https:\/\/www.hautes-alpes.net\/en\/wp-json\/wp\/v2\/apidae-equipements_activite?post=268703"},{"taxonomy":"apidae-conforts","embeddable":true,"href":"https:\/\/www.hautes-alpes.net\/en\/wp-json\/wp\/v2\/apidae-conforts?post=268703"},{"taxonomy":"apidae-activites","embeddable":true,"href":"https:\/\/www.hautes-alpes.net\/en\/wp-json\/wp\/v2\/apidae-activites?post=268703"},{"taxonomy":"apidae-tourismes_adaptes","embeddable":true,"href":"https:\/\/www.hautes-alpes.net\/en\/wp-json\/wp\/v2\/apidae-tourismes_adaptes?post=268703"},{"taxonomy":"apidae-typologies_promo_sitra","embeddable":true,"href":"https:\/\/www.hautes-alpes.net\/en\/wp-json\/wp\/v2\/apidae-typologies_promo_sitra?post=268703"},{"taxonomy":"apidae-types_clientele","embeddable":true,"href":"https:\/\/www.hautes-alpes.net\/en\/wp-json\/wp\/v2\/apidae-types_clientele?post=268703"},{"taxonomy":"apidae-types_patrimoine_culturel","embeddable":true,"href":"https:\/\/www.hautes-alpes.net\/en\/wp-json\/wp\/v2\/apidae-types_patrimoine_culturel?post=268703"},{"taxonomy":"apidae-types_commerce_service","embeddable":true,"href":"https:\/\/www.hautes-alpes.net\/en\/wp-json\/wp\/v2\/apidae-types_commerce_service?post=268703"},{"taxonomy":"apidae-activites_sportives","embeddable":true,"href":"https:\/\/www.hautes-alpes.net\/en\/wp-json\/wp\/v2\/apidae-activites_sportives?post=268703"},{"taxonomy":"apidae-activites_culturelles","embeddable":true,"href":"https:\/\/www.hautes-alpes.net\/en\/wp-json\/wp\/v2\/apidae-activites_culturelles?post=268703"},{"taxonomy":"apidae-commerce_type_detaille","embeddable":true,"href":"https:\/\/www.hautes-alpes.net\/en\/wp-json\/wp\/v2\/apidae-commerce_type_detaille?post=268703"},{"taxonomy":"apidae-fete_manifestation_cat","embeddable":true,"href":"https:\/\/www.hautes-alpes.net\/en\/wp-json\/wp\/v2\/apidae-fete_manifestation_cat?post=268703"},{"taxonomy":"apidae-criteres_internes","embeddable":true,"href":"https:\/\/www.hautes-alpes.net\/en\/wp-json\/wp\/v2\/apidae-criteres_internes?post=268703"},{"taxonomy":"apidae-territoires","embeddable":true,"href":"https:\/\/www.hautes-alpes.net\/en\/wp-json\/wp\/v2\/apidae-territoires?post=268703"},{"taxonomy":"apidae-salles_equipees_pour","embeddable":true,"href":"https:\/\/www.hautes-alpes.net\/en\/wp-json\/wp\/v2\/apidae-salles_equipees_pour?post=268703"},{"taxonomy":"apidae-salles_equipement","embeddable":true,"href":"https:\/\/www.hautes-alpes.net\/en\/wp-json\/wp\/v2\/apidae-salles_equipement?post=268703"},{"taxonomy":"apidae-salles_hebergement","embeddable":true,"href":"https:\/\/www.hautes-alpes.net\/en\/wp-json\/wp\/v2\/apidae-salles_hebergement?post=268703"},{"taxonomy":"apidae-salles_restauration","embeddable":true,"href":"https:\/\/www.hautes-alpes.net\/en\/wp-json\/wp\/v2\/apidae-salles_restauration?post=268703"},{"taxonomy":"apidae-categories","embeddable":true,"href":"https:\/\/www.hautes-alpes.net\/en\/wp-json\/wp\/v2\/apidae-categories?post=268703"},{"taxonomy":"apidae-specialites","embeddable":true,"href":"https:\/\/www.hautes-alpes.net\/en\/wp-json\/wp\/v2\/apidae-specialites?post=268703"},{"taxonomy":"apidae-indications_periode","embeddable":true,"href":"https:\/\/www.hautes-alpes.net\/en\/wp-json\/wp\/v2\/apidae-indications_periode?post=268703"},{"taxonomy":"apidae-types_label","embeddable":true,"href":"https:\/\/www.hautes-alpes.net\/en\/wp-json\/wp\/v2\/apidae-types_label?post=268703"},{"taxonomy":"apidae-hotel_classement","embeddable":true,"href":"https:\/\/www.hautes-alpes.net\/en\/wp-json\/wp\/v2\/apidae-hotel_classement?post=268703"},{"taxonomy":"apidae-types_hebergement","embeddable":true,"href":"https:\/\/www.hautes-alpes.net\/en\/wp-json\/wp\/v2\/apidae-types_hebergement?post=268703"},{"taxonomy":"apidae-tourisme_affaire","embeddable":true,"href":"https:\/\/www.hautes-alpes.net\/en\/wp-json\/wp\/v2\/apidae-tourisme_affaire?post=268703"}],"curies":[{"name":"wp","href":"https:\/\/api.w.org\/{rel}","templated":true}]}}