{"id":142683,"date":"2025-12-29T11:54:34","date_gmt":"2025-12-29T10:54:34","guid":{"rendered":"https:\/\/www.hautes-alpes.net\/?page_id=142683"},"modified":"2026-01-05T15:28:29","modified_gmt":"2026-01-05T14:28:29","slug":"grand-tour-des-ecrins-2","status":"publish","type":"page","link":"https:\/\/www.hautes-alpes.net\/de\/ausbrueche\/grand-tour-des-ecrins-2\/","title":{"rendered":"Skitour in Clar\u00e9e"},"content":{"rendered":"\n<div class=\"wp-block-group alignfull hero-banner-cover-float has-global-padding is-layout-constrained wp-block-group-is-layout-constrained\"><div class=\"yoast-breadcrumbs\"><span><span><a href=\"https:\/\/www.hautes-alpes.net\/de\/hautes-alpes\/\">Accueil<\/a><\/span>  <span><a href=\"https:\/\/www.hautes-alpes.net\/de\/ausbrueche\/\">Ausbr\u00fcche<\/a><\/span>  <span><a href=\"https:\/\/www.hautes-alpes.net\/de\/ausbrueche\/\">Ausbr\u00fcche<\/a><\/span>  <span class=\"breadcrumb_last\" aria-current=\"page\">Skitour in Clar\u00e9e<\/span><\/span><\/div>\n\n\n<h1 class=\"wp-block-ws-library-post-title\">Skitour <span class=\"text-highlight\">in Clar\u00e9e<\/span><\/h1>\n\n\n\n<p class=\"subtitle\">Eine Skitourenroute<\/p>\n\n\n\n<p>Entdecken Sie mitten im Winter das wilde Clar\u00e9e-Tal mit seiner Fauna, Flora und seinen gro\u00dfartigen Landschaften. Unterwegs gibt es Bergh\u00fctten, in denen Sie eine warme und erholsame Pause einlegen k\u00f6nnen. <\/p>\n\n\n\n<div class=\"wp-block-ws-library-media-embed ws-media-embed\"><img decoding=\"async\" src=\"https:\/\/www.hautes-alpes.net\/wp-content\/uploads\/2025\/12\/refuge-du-gole-on-et-pic-du-gole-on-42-1600x1000.jpg\" alt=\"\" class=\"ws-media-embed__image\" style=\"aspect-ratio:2000\/1000\"><\/div>\n<\/div>\n\n<div style=\"height:50px\" aria-hidden=\"true\" class=\"wp-block-spacer\"><\/div>\n\n<div class=\"wp-block-group alignfull step-by-step has-global-padding is-layout-constrained wp-block-group-is-layout-constrained\">\n<div class=\"wp-block-ws-library-ws-columns alignwide has-2-columns are-vertically-aligned-center layout-5050\">\n<div class=\"wp-block-ws-library-ws-column\"><div class=\"wrapper\">\n<h2 class=\"wp-block-heading\"><em>Tag 1<\/em><strong>Nevache \u2192 Refuge Buff\u00e8re<\/strong><\/h2>\n\n\n\n<p>Von N\u00e9vache aus gleiten Sie sanft \u00fcber das noch schlafende Tal. Die D\u00e4cher verschwinden nach und nach hinter den schneebedeckten L\u00e4rchen. Der Anstieg ist gleichm\u00e4\u00dfig, ideal um seinen Rhythmus zu finden und die winterliche Atmosph\u00e4re auf sich wirken zu lassen. Das Tal entfernt sich, wei\u00df und still. Bei der Ankunft hebt sich die Buff\u00e8re-H\u00fctte aus dem Schnee hervor, gegen\u00fcber den Gipfeln. Die erste Nacht in der H\u00f6he verl\u00e4uft ruhig, gepr\u00e4gt von der klaren K\u00e4lte und dem Licht des klaren Himmels der Hautes-Alpes.     <\/p>\n<\/div><\/div>\n\n\n\n<div class=\"wp-block-ws-library-ws-column\"><div class=\"wrapper\">\n<div class=\"wp-block-ws-library-ws-image\"><div class=\"wrapper\"><div class=\"group-media\"><img decoding=\"async\" src=\"https:\/\/www.hautes-alpes.net\/wp-content\/uploads\/2025\/12\/jour-1-refuge-buffere-cedric-tempier-23-1240x800.jpg\" alt=\"\" class=\"single_image ws-image-142769\"><div class=\"credits\">C. Tempier - AD05<\/div><\/div><p class=\"caption\"><\/p><\/div><\/div>\n<\/div><\/div>\n<\/div>\n\n\n\n<div class=\"wp-block-ws-library-ws-columns alignwide has-2-columns are-vertically-aligned-center layout-5050\">\n<div class=\"wp-block-ws-library-ws-column\"><div class=\"wrapper\">\n<h2 class=\"wp-block-heading\"><em>Tag 2<\/em><strong>Refuge Buff\u00e8re \u2192 Refuge du Chardonnet<\/strong><\/h2>\n\n\n\n<p>Der Start erfolgt in einer Hochgebirgsatmosph\u00e4re. Die H\u00e4nge \u00f6ffnen sich weit, zwischen unber\u00fchrten Gr\u00e4ben und ausgepr\u00e4gteren Reliefs. Der Schnee modelliert die Landschaft und mildert die Formen, w\u00e4hrend die Stille fast vollkommen wird. Der Weg f\u00fchrt durch wilde Gebiete, in denen jede Spur z\u00e4hlt. Die Chardonnet-H\u00fctte erscheint schlie\u00dflich an der Grenze zwischen Wald und Almen, am Fu\u00dfe der Kalksteinfelsen von Cerces.    <\/p>\n<\/div><\/div>\n\n\n\n<div class=\"wp-block-ws-library-ws-column\"><div class=\"wrapper\">\n<div class=\"wp-block-ws-library-ws-image\"><div class=\"wrapper\"><div class=\"group-media\"><img decoding=\"async\" src=\"https:\/\/www.hautes-alpes.net\/wp-content\/uploads\/2025\/12\/2s2a9774-1240x800.jpg\" alt=\"\" class=\"single_image ws-image-142790\"><div class=\"credits\">P. Domeyne - AD05<\/div><\/div><p class=\"caption\"><\/p><\/div><\/div>\n<\/div><\/div>\n<\/div>\n\n\n\n<div class=\"wp-block-ws-library-ws-columns alignwide has-2-columns are-vertically-aligned-center layout-5050\">\n<div class=\"wp-block-ws-library-ws-column\"><div class=\"wrapper\">\n<h2 class=\"wp-block-heading\"><em>Tag 3<\/em><strong>Refuge du Chardonnet \u2192.<\/strong> <strong>Ricou-Refugium<\/strong><\/h2>\n\n\n\n<p>Dieser Tag wechselt zwischen sanften Abfahrten und ruhigen Aufstiegen. Die Skier gleiten durch offene T\u00e4ler, die manchmal von schneebedeckten Felsbarren ges\u00e4umt werden. Das Licht \u00e4ndert sich im Laufe der Stunden und zeigt wei\u00dfe und blaue Nuancen. Wir steigen zur Ricou-H\u00fctte hinab, die das Clar\u00e9e-Tal \u00fcberragt. Die H\u00e4nge werden breiter, die Almen tauchen wieder unter dem Schnee auf.    <\/p>\n<\/div><\/div>\n\n\n\n<div class=\"wp-block-ws-library-ws-column\"><div class=\"wrapper\">\n<div class=\"wp-block-ws-library-ws-image\"><div class=\"wrapper\"><div class=\"group-media\"><img decoding=\"async\" src=\"https:\/\/www.hautes-alpes.net\/wp-content\/uploads\/2025\/12\/tblais-ski-rando-buffere-1240x800.jpg\" alt=\"\" class=\"single_image ws-image-142773\"><div class=\"credits\">T. Blais<\/div><\/div><p class=\"caption\"><\/p><\/div><\/div>\n<\/div><\/div>\n<\/div>\n\n\n\n<div class=\"wp-block-ws-library-ws-columns alignwide has-2-columns are-vertically-aligned-center layout-5050\">\n<div class=\"wp-block-ws-library-ws-column\"><div class=\"wrapper\">\n<h2 class=\"wp-block-heading\"><em>Tag 4<br\/><\/em><strong>Ricou Refuge \u2192 I Re Magi Refuge<\/strong><\/h2>\n\n\n\n<p>Die Route steigt allm\u00e4hlich zur italienischen Grenze hin an. Die Atmosph\u00e4re ist weit und hell, mit weiten Fl\u00e4chen, die zum Skifahren geeignet sind. Der Blick schweift weit, zwischen runden Gipfeln und ausgepr\u00e4gteren K\u00e4mmen. Der \u00dcbergang nach Italien erfolgt auf nat\u00fcrliche Weise, ohne Unterbrechung, nur durch das Relief und den Schnee geleitet. Die H\u00fctte I Re Magi, warm und einladend, markiert eine abwechslungsreiche Etappe, in der die Berge ihren Platz haben.    <\/p>\n<\/div><\/div>\n\n\n\n<div class=\"wp-block-ws-library-ws-column\"><div class=\"wrapper\">\n<div class=\"wp-block-ws-library-ws-image\"><div class=\"wrapper\"><div class=\"group-media\"><img decoding=\"async\" src=\"https:\/\/www.hautes-alpes.net\/wp-content\/uploads\/2025\/12\/randonne-e-col-des-beraudes-et-chardonnet-2-1240x800.jpg\" alt=\"\" class=\"single_image ws-image-142772\"><div class=\"credits\">T. Blais<\/div><\/div><p class=\"caption\"><\/p><\/div><\/div>\n<\/div><\/div>\n<\/div>\n\n\n\n<div class=\"wp-block-ws-library-ws-columns alignwide has-2-columns are-vertically-aligned-center layout-5050\">\n<div class=\"wp-block-ws-library-ws-column\"><div class=\"wrapper\">\n<h2 class=\"wp-block-heading\"><em>Tag 5<br\/><\/em><strong>Refuge I Re Magi \u2192 N\u00e9vache<\/strong><\/h2>\n\n\n\n<p>Auf der letzten Etappe geht es sanft zur\u00fcck nach N\u00e9vache. Die Gr\u00e4ben bieten sch\u00f6ne Abfahrten, bevor Sie allm\u00e4hlich wieder die L\u00e4rchenw\u00e4lder erreichen. Das Clar\u00e9e-Tal kommt n\u00e4her, immer noch so friedlich unter seinem wei\u00dfen Mantel. Man gleitet ein letztes Mal in dieser gesch\u00fctzten Winterlandschaft. Die Ankunft in N\u00e9vache schlie\u00dft diese Tour ab und hinterl\u00e4sst den Eindruck einer einfachen und tiefen Reise im Herzen der verschneiten Hautes-Alpes.    <\/p>\n<\/div><\/div>\n\n\n\n<div class=\"wp-block-ws-library-ws-column\"><div class=\"wrapper\">\n<div class=\"wp-block-ws-library-ws-image\"><div class=\"wrapper\"><div class=\"group-media\"><img decoding=\"async\" src=\"https:\/\/www.hautes-alpes.net\/wp-content\/uploads\/2025\/12\/jour-1-refuge-buffere-cedric-tempier-2-2-1240x800.jpg\" alt=\"\" class=\"single_image ws-image-145387\"><div class=\"credits\">C. Tempier - AD05<\/div><\/div><p class=\"caption\"><\/p><\/div><\/div>\n<\/div><\/div>\n<\/div>\n<\/div>\n\n<div style=\"height:50px\" aria-hidden=\"true\" class=\"wp-block-spacer\"><\/div>\n<div class=\"wp-block-ws-library-ws-last-document\"><div class=\"card card-document ws-last-document\"><div class=\"group-content\"><div class=\"field-title\"><h3>F\u00fchrer zu den Bergh\u00fctten<\/h3><\/div><div class=\"group-details\"><\/div><\/div><\/div><\/div>\n<h2 class=\"wp-block-heading is-style-title-1\"><strong>Praktisches<\/strong> Notizbuch<\/h2>\n\n<div class=\"wp-block-ws-library-ws-tabs alignfull\"><ul class=\"tabs-titles\"><li class=\"tab-title is-active\" data-tab-index=\"0\">Vorbereiten<\/li><li class=\"tab-title\" data-tab-index=\"1\">Wichtige Nummern<\/li><li class=\"tab-title\" data-tab-index=\"2\">N\u00fctzliche Anwendungen<\/li><\/ul><div class=\"tabs-list\">\n<div class=\"wp-block-ws-library-ws-tab\" style=\"display:none\"><p class=\"tab-title\">Vorbereiten<\/p><div class=\"tab-content\">\n<div class=\"wp-block-group tab-row is-nowrap is-layout-flex wp-container-core-group-is-layout-6c531013 wp-block-group-is-layout-flex\">\n<div class=\"wp-block-group tab-group-content is-layout-flow wp-block-group-is-layout-flow\">\n<p>Eine Skitour in den Hautes-Alpes erfordert eine gr\u00fcndliche Vorbereitung. Es ist unerl\u00e4sslich, sich vor der Abreise \u00fcber die Route, die Wetterbedingungen und die Lawinengefahr zu informieren und die Route an das Niveau der Gruppe anzupassen.   <\/p>\n\n\n\n<p>Jeder Teilnehmer muss \u00fcber eine vollst\u00e4ndige Sicherheitsausr\u00fcstung (LVS, Schaufel, Sonde) verf\u00fcgen, diese benutzen k\u00f6nnen und im Gel\u00e4nde st\u00e4ndig wachsam sein. Das Management der Anstrengung, die Einhaltung der Zeitpl\u00e4ne sowie die F\u00e4higkeit, bei ung\u00fcnstigen Bedingungen auf die Route zu verzichten oder sie zu \u00e4ndern, sind wesentliche Regeln, um sich in den Bergen auf verantwortungsvolle und ruhige Weise zu bewegen. <\/p>\n<\/div>\n<\/div>\n<\/div><\/div>\n\n\n\n<div class=\"wp-block-ws-library-ws-tab\" style=\"display:none\"><p class=\"tab-title\">Wichtige Nummern<\/p><div class=\"tab-content\">\n<div class=\"wp-block-group tab-row is-nowrap is-layout-flex wp-container-core-group-is-layout-6c531013 wp-block-group-is-layout-flex\">\n<div class=\"wp-block-group tab-group-content is-layout-flow wp-block-group-is-layout-flow\">\n<p class=\"is-style-highlighted\"><strong>112 <\/strong>: Die magische, europaweit g\u00fcltige Nummer f\u00fcr Notf\u00e4lle.<br\/><strong>15: <\/strong> SAMU (bei gro\u00dfen medizinischen Problemen).<br\/><strong>18<\/strong>: Feuerwehr (Feuer, Unf\u00e4lle).<br\/><strong>17<\/strong>: Gendarmerie (bei Sicherheitsbedenken oder Verschwinden).<br\/><strong>114<\/strong>: Notrufnummer per SMS, wenn keine M\u00f6glichkeit zum Sprechen besteht.<\/p>\n<\/div>\n<\/div>\n<\/div><\/div>\n\n\n\n<div class=\"wp-block-ws-library-ws-tab\" style=\"display:none\"><p class=\"tab-title\">N\u00fctzliche Anwendungen<\/p><div class=\"tab-content\">\n<div class=\"wp-block-group tab-row is-nowrap is-layout-flex wp-container-core-group-is-layout-6c531013 wp-block-group-is-layout-flex\">\n<div class=\"wp-block-group tab-group-content is-layout-flow wp-block-group-is-layout-flow\">\n<ul class=\"wp-block-list\">\n<li><strong><a href=\"https:\/\/outdoorvision.fr\/\" target=\"_blank\" rel=\"noreferrer noopener\">Outdoorvision<\/a><\/strong><br\/>Das ist sozusagen das GPS f\u00fcr Sportler&#8230; aber es ist f\u00fcr alle da. Die Daten Ihrer Ausfl\u00fcge (Wanderungen, Trails, Mountainbikes) werden anonym gesammelt, um die Praktiken besser zu verstehen und die Routen zu verbessern. Sie laufen. Sie analysieren. Jeder gewinnt.<\/li>\n\n\n\n<li><a href=\"https:\/\/sentinelles.sportsdenature.fr\/\" target=\"_blank\" rel=\"noreferrer noopener\">Erdm\u00e4nnchen<\/a><br\/>Ein Nest von L\u00f6sungen f\u00fcr kleine Probleme auf dem Feld. Ein fehlendes Schild, ein gesperrter Weg, eine unklare Beschilderung? Hop, ein Klick in die Suricate App und die Information wird direkt an die Manager weitergeleitet. Weniger N\u00f6rgelei, mehr Nickelpfade.<\/li>\n<\/ul>\n<\/div>\n<\/div>\n<\/div><\/div>\n<\/div><\/div>\n\n<div class=\"wp-block-ws-library-ws-share\"><span class=\"share-subtitle\">Hat Ihnen diese Seite gefallen?<\/span><span class=\"share-title\">Teilen Sie es mit anderen!<\/span><button class=\"ws-share-button wp-element-button\">Diese Seite teilen<\/button><\/div>\n","protected":false},"excerpt":{"rendered":"<p>Eine Skitourenroute Entdecken Sie mitten im Winter das wilde Clar\u00e9e-Tal mit seiner Fauna, Flora und seinen gro\u00dfartigen Landschaften. Unterwegs gibt [&hellip;]<\/p>\n","protected":false},"author":5,"featured_media":0,"parent":107806,"menu_order":0,"comment_status":"closed","ping_status":"closed","template":"","meta":{"is_dark_mode":false,"footnotes":""},"page_label":[],"class_list":["post-142683","page","type-page","status-publish","hentry"],"yoast_head":"<!-- This site is optimized with the Yoast SEO plugin v27.2 - https:\/\/yoast.com\/product\/yoast-seo-wordpress\/ -->\n<title>Skitour in Clar\u00e9e - Hautes-Alpes<\/title>\n<meta name=\"description\" content=\"Skitour in Clar\u00e9e Eine Skitourenroute Entdecken Sie mitten im Winter das wilde Clar\u00e9e-Tal mit seiner Fauna, Flora und seinen gro\u00dfartigen Landschaften.\" \/>\n<meta name=\"robots\" content=\"index, follow, max-snippet:-1, max-image-preview:large, max-video-preview:-1\" \/>\n<link rel=\"canonical\" href=\"https:\/\/www.hautes-alpes.net\/de\/ausbrueche\/grand-tour-des-ecrins-2\/\" \/>\n<meta property=\"og:locale\" content=\"de_DE\" \/>\n<meta property=\"og:type\" content=\"article\" \/>\n<meta property=\"og:title\" content=\"Skitour in Clar\u00e9e - Hautes-Alpes\" \/>\n<meta property=\"og:description\" content=\"Skitour in Clar\u00e9e Eine Skitourenroute Entdecken Sie mitten im Winter das wilde Clar\u00e9e-Tal mit seiner Fauna, Flora und seinen gro\u00dfartigen Landschaften.\" \/>\n<meta property=\"og:url\" content=\"https:\/\/www.hautes-alpes.net\/de\/ausbrueche\/grand-tour-des-ecrins-2\/\" \/>\n<meta property=\"og:site_name\" content=\"Hautes-Alpes\" \/>\n<meta property=\"article:modified_time\" content=\"2026-01-05T14:28:29+00:00\" \/>\n<meta property=\"og:image\" content=\"https:\/\/www.hautes-alpes.net\/wp-content\/uploads\/2025\/12\/refuge-du-gole-on-et-pic-du-gole-on-42-1600x1000.jpg\" \/>\n<meta name=\"twitter:card\" content=\"summary_large_image\" \/>\n<meta name=\"twitter:label1\" content=\"Gesch\u00e4tzte Lesezeit\" \/>\n\t<meta name=\"twitter:data1\" content=\"4 Minuten\" \/>\n<script type=\"application\/ld+json\" class=\"yoast-schema-graph\">{\"@context\":\"https:\/\/schema.org\",\"@graph\":[{\"@type\":\"WebPage\",\"@id\":\"https:\/\/www.hautes-alpes.net\/de\/ausbrueche\/grand-tour-des-ecrins-2\/\",\"url\":\"https:\/\/www.hautes-alpes.net\/de\/ausbrueche\/grand-tour-des-ecrins-2\/\",\"name\":\"Skitour in Clar\u00e9e - Hautes-Alpes\",\"isPartOf\":{\"@id\":\"https:\/\/www.hautes-alpes.net\/de\/#website\"},\"primaryImageOfPage\":{\"@id\":\"https:\/\/www.hautes-alpes.net\/de\/ausbrueche\/grand-tour-des-ecrins-2\/#primaryimage\"},\"image\":{\"@id\":\"https:\/\/www.hautes-alpes.net\/de\/ausbrueche\/grand-tour-des-ecrins-2\/#primaryimage\"},\"thumbnailUrl\":\"https:\/\/www.hautes-alpes.net\/wp-content\/uploads\/2025\/12\/refuge-du-gole-on-et-pic-du-gole-on-42-1600x1000.jpg\",\"datePublished\":\"2025-12-29T10:54:34+00:00\",\"dateModified\":\"2026-01-05T14:28:29+00:00\",\"description\":\"Skitour in Clar\u00e9e Eine Skitourenroute Entdecken Sie mitten im Winter das wilde Clar\u00e9e-Tal mit seiner Fauna, Flora und seinen gro\u00dfartigen Landschaften.\",\"breadcrumb\":{\"@id\":\"https:\/\/www.hautes-alpes.net\/de\/ausbrueche\/grand-tour-des-ecrins-2\/#breadcrumb\"},\"inLanguage\":\"de\",\"potentialAction\":[{\"@type\":\"ReadAction\",\"target\":[\"https:\/\/www.hautes-alpes.net\/de\/ausbrueche\/grand-tour-des-ecrins-2\/\"]}]},{\"@type\":\"ImageObject\",\"inLanguage\":\"de\",\"@id\":\"https:\/\/www.hautes-alpes.net\/de\/ausbrueche\/grand-tour-des-ecrins-2\/#primaryimage\",\"url\":\"https:\/\/www.hautes-alpes.net\/wp-content\/uploads\/2025\/12\/refuge-du-gole-on-et-pic-du-gole-on-42-1600x1000.jpg\",\"contentUrl\":\"https:\/\/www.hautes-alpes.net\/wp-content\/uploads\/2025\/12\/refuge-du-gole-on-et-pic-du-gole-on-42-1600x1000.jpg\"},{\"@type\":\"BreadcrumbList\",\"@id\":\"https:\/\/www.hautes-alpes.net\/de\/ausbrueche\/grand-tour-des-ecrins-2\/#breadcrumb\",\"itemListElement\":[{\"@type\":\"ListItem\",\"position\":1,\"name\":\"Accueil\",\"item\":\"https:\/\/www.hautes-alpes.net\/de\/hautes-alpes\/\"},{\"@type\":\"ListItem\",\"position\":2,\"name\":\"Ausbr\u00fcche\",\"item\":\"https:\/\/www.hautes-alpes.net\/de\/ausbrueche\/\"},{\"@type\":\"ListItem\",\"position\":3,\"name\":\"Ausbr\u00fcche\",\"item\":\"https:\/\/www.hautes-alpes.net\/de\/ausbrueche\/\"},{\"@type\":\"ListItem\",\"position\":4,\"name\":\"Skitour in Clar\u00e9e\"}]},{\"@type\":\"WebSite\",\"@id\":\"https:\/\/www.hautes-alpes.net\/de\/#website\",\"url\":\"https:\/\/www.hautes-alpes.net\/de\/\",\"name\":\"ADDET\",\"description\":\"\",\"publisher\":{\"@id\":\"https:\/\/www.hautes-alpes.net\/de\/#organization\"},\"potentialAction\":[{\"@type\":\"SearchAction\",\"target\":{\"@type\":\"EntryPoint\",\"urlTemplate\":\"https:\/\/www.hautes-alpes.net\/de\/?s={search_term_string}\"},\"query-input\":{\"@type\":\"PropertyValueSpecification\",\"valueRequired\":true,\"valueName\":\"search_term_string\"}}],\"inLanguage\":\"de\"},{\"@type\":\"Organization\",\"@id\":\"https:\/\/www.hautes-alpes.net\/de\/#organization\",\"name\":\"Agence D\u00e9partementale de D\u00e9veloppement Economique et Touristique des Hautes-Alpes\",\"url\":\"https:\/\/www.hautes-alpes.net\/de\/\",\"logo\":{\"@type\":\"ImageObject\",\"inLanguage\":\"de\",\"@id\":\"https:\/\/www.hautes-alpes.net\/de\/#\/schema\/logo\/image\/\",\"url\":\"https:\/\/www.hautes-alpes.net\/wp-content\/uploads\/2026\/01\/black-logo-2.svg\",\"contentUrl\":\"https:\/\/www.hautes-alpes.net\/wp-content\/uploads\/2026\/01\/black-logo-2.svg\",\"caption\":\"Agence D\u00e9partementale de D\u00e9veloppement Economique et Touristique des Hautes-Alpes\"},\"image\":{\"@id\":\"https:\/\/www.hautes-alpes.net\/de\/#\/schema\/logo\/image\/\"}}]}<\/script>\n<!-- \/ Yoast SEO plugin. -->","yoast_head_json":{"title":"Skitour in Clar\u00e9e - Hautes-Alpes","description":"Skitour in Clar\u00e9e Eine Skitourenroute Entdecken Sie mitten im Winter das wilde Clar\u00e9e-Tal mit seiner Fauna, Flora und seinen gro\u00dfartigen Landschaften.","robots":{"index":"index","follow":"follow","max-snippet":"max-snippet:-1","max-image-preview":"max-image-preview:large","max-video-preview":"max-video-preview:-1"},"canonical":"https:\/\/www.hautes-alpes.net\/de\/ausbrueche\/grand-tour-des-ecrins-2\/","og_locale":"de_DE","og_type":"article","og_title":"Skitour in Clar\u00e9e - Hautes-Alpes","og_description":"Skitour in Clar\u00e9e Eine Skitourenroute Entdecken Sie mitten im Winter das wilde Clar\u00e9e-Tal mit seiner Fauna, Flora und seinen gro\u00dfartigen Landschaften.","og_url":"https:\/\/www.hautes-alpes.net\/de\/ausbrueche\/grand-tour-des-ecrins-2\/","og_site_name":"Hautes-Alpes","article_modified_time":"2026-01-05T14:28:29+00:00","og_image":[{"url":"https:\/\/www.hautes-alpes.net\/wp-content\/uploads\/2025\/12\/refuge-du-gole-on-et-pic-du-gole-on-42-1600x1000.jpg","type":"","width":"","height":""}],"twitter_card":"summary_large_image","twitter_misc":{"Gesch\u00e4tzte Lesezeit":"4 Minuten"},"schema":{"@context":"https:\/\/schema.org","@graph":[{"@type":"WebPage","@id":"https:\/\/www.hautes-alpes.net\/de\/ausbrueche\/grand-tour-des-ecrins-2\/","url":"https:\/\/www.hautes-alpes.net\/de\/ausbrueche\/grand-tour-des-ecrins-2\/","name":"Skitour in Clar\u00e9e - Hautes-Alpes","isPartOf":{"@id":"https:\/\/www.hautes-alpes.net\/de\/#website"},"primaryImageOfPage":{"@id":"https:\/\/www.hautes-alpes.net\/de\/ausbrueche\/grand-tour-des-ecrins-2\/#primaryimage"},"image":{"@id":"https:\/\/www.hautes-alpes.net\/de\/ausbrueche\/grand-tour-des-ecrins-2\/#primaryimage"},"thumbnailUrl":"https:\/\/www.hautes-alpes.net\/wp-content\/uploads\/2025\/12\/refuge-du-gole-on-et-pic-du-gole-on-42-1600x1000.jpg","datePublished":"2025-12-29T10:54:34+00:00","dateModified":"2026-01-05T14:28:29+00:00","description":"Skitour in Clar\u00e9e Eine Skitourenroute Entdecken Sie mitten im Winter das wilde Clar\u00e9e-Tal mit seiner Fauna, Flora und seinen gro\u00dfartigen Landschaften.","breadcrumb":{"@id":"https:\/\/www.hautes-alpes.net\/de\/ausbrueche\/grand-tour-des-ecrins-2\/#breadcrumb"},"inLanguage":"de","potentialAction":[{"@type":"ReadAction","target":["https:\/\/www.hautes-alpes.net\/de\/ausbrueche\/grand-tour-des-ecrins-2\/"]}]},{"@type":"ImageObject","inLanguage":"de","@id":"https:\/\/www.hautes-alpes.net\/de\/ausbrueche\/grand-tour-des-ecrins-2\/#primaryimage","url":"https:\/\/www.hautes-alpes.net\/wp-content\/uploads\/2025\/12\/refuge-du-gole-on-et-pic-du-gole-on-42-1600x1000.jpg","contentUrl":"https:\/\/www.hautes-alpes.net\/wp-content\/uploads\/2025\/12\/refuge-du-gole-on-et-pic-du-gole-on-42-1600x1000.jpg"},{"@type":"BreadcrumbList","@id":"https:\/\/www.hautes-alpes.net\/de\/ausbrueche\/grand-tour-des-ecrins-2\/#breadcrumb","itemListElement":[{"@type":"ListItem","position":1,"name":"Accueil","item":"https:\/\/www.hautes-alpes.net\/de\/hautes-alpes\/"},{"@type":"ListItem","position":2,"name":"Ausbr\u00fcche","item":"https:\/\/www.hautes-alpes.net\/de\/ausbrueche\/"},{"@type":"ListItem","position":3,"name":"Ausbr\u00fcche","item":"https:\/\/www.hautes-alpes.net\/de\/ausbrueche\/"},{"@type":"ListItem","position":4,"name":"Skitour in Clar\u00e9e"}]},{"@type":"WebSite","@id":"https:\/\/www.hautes-alpes.net\/de\/#website","url":"https:\/\/www.hautes-alpes.net\/de\/","name":"ADDET","description":"","publisher":{"@id":"https:\/\/www.hautes-alpes.net\/de\/#organization"},"potentialAction":[{"@type":"SearchAction","target":{"@type":"EntryPoint","urlTemplate":"https:\/\/www.hautes-alpes.net\/de\/?s={search_term_string}"},"query-input":{"@type":"PropertyValueSpecification","valueRequired":true,"valueName":"search_term_string"}}],"inLanguage":"de"},{"@type":"Organization","@id":"https:\/\/www.hautes-alpes.net\/de\/#organization","name":"Agence D\u00e9partementale de D\u00e9veloppement Economique et Touristique des Hautes-Alpes","url":"https:\/\/www.hautes-alpes.net\/de\/","logo":{"@type":"ImageObject","inLanguage":"de","@id":"https:\/\/www.hautes-alpes.net\/de\/#\/schema\/logo\/image\/","url":"https:\/\/www.hautes-alpes.net\/wp-content\/uploads\/2026\/01\/black-logo-2.svg","contentUrl":"https:\/\/www.hautes-alpes.net\/wp-content\/uploads\/2026\/01\/black-logo-2.svg","caption":"Agence D\u00e9partementale de D\u00e9veloppement Economique et Touristique des Hautes-Alpes"},"image":{"@id":"https:\/\/www.hautes-alpes.net\/de\/#\/schema\/logo\/image\/"}}]}},"_links":{"self":[{"href":"https:\/\/www.hautes-alpes.net\/de\/wp-json\/wp\/v2\/pages\/142683","targetHints":{"allow":["GET"]}}],"collection":[{"href":"https:\/\/www.hautes-alpes.net\/de\/wp-json\/wp\/v2\/pages"}],"about":[{"href":"https:\/\/www.hautes-alpes.net\/de\/wp-json\/wp\/v2\/types\/page"}],"author":[{"embeddable":true,"href":"https:\/\/www.hautes-alpes.net\/de\/wp-json\/wp\/v2\/users\/5"}],"replies":[{"embeddable":true,"href":"https:\/\/www.hautes-alpes.net\/de\/wp-json\/wp\/v2\/comments?post=142683"}],"version-history":[{"count":10,"href":"https:\/\/www.hautes-alpes.net\/de\/wp-json\/wp\/v2\/pages\/142683\/revisions"}],"predecessor-version":[{"id":162874,"href":"https:\/\/www.hautes-alpes.net\/de\/wp-json\/wp\/v2\/pages\/142683\/revisions\/162874"}],"up":[{"embeddable":true,"href":"https:\/\/www.hautes-alpes.net\/de\/wp-json\/wp\/v2\/pages\/107806"}],"wp:attachment":[{"href":"https:\/\/www.hautes-alpes.net\/de\/wp-json\/wp\/v2\/media?parent=142683"}],"wp:term":[{"taxonomy":"page_label","embeddable":true,"href":"https:\/\/www.hautes-alpes.net\/de\/wp-json\/wp\/v2\/page_label?post=142683"}],"curies":[{"name":"wp","href":"https:\/\/api.w.org\/{rel}","templated":true}]}}