{"id":132889,"date":"2025-12-24T10:31:45","date_gmt":"2025-12-24T09:31:45","guid":{"rendered":"https:\/\/www.hautes-alpes.net\/?page_id=132889"},"modified":"2025-12-24T10:40:44","modified_gmt":"2025-12-24T09:40:44","slug":"alm-gauler","status":"publish","type":"page","link":"https:\/\/www.hautes-alpes.net\/de\/wirtschaftszweige\/alm-gauler\/","title":{"rendered":"PAT"},"content":{"rendered":"\n<div class=\"wp-block-group alignfull hero-banner-simple has-global-padding is-layout-constrained wp-block-group-is-layout-constrained\"><div class=\"yoast-breadcrumbs\"><span><span><a href=\"https:\/\/www.hautes-alpes.net\/de\/hautes-alpes\/\">Accueil<\/a><\/span>  <span><a href=\"https:\/\/www.hautes-alpes.net\/de\/wirtschaftszweige\/\">Wirtschaftszweige<\/a><\/span>  <span><a href=\"https:\/\/www.hautes-alpes.net\/de\/wirtschaftszweige\/\">Wirtschaftszweige<\/a><\/span>  <span class=\"breadcrumb_last\" aria-current=\"page\">PAT<\/span><\/span><\/div>\n\n\n<h1 class=\"wp-block-ws-library-post-title\">PAT<\/h1>\n\n\n\n<p class=\"subtitle\">Territoriales Ern\u00e4hrungsprojekt<\/p>\n\n\n\n<p class=\"has-text-align-center\">Angesichts der <strong>Dringlichkeit von Klima-<\/strong>, <strong>Energie-<\/strong> und <strong>Umweltfragen<\/strong> stellte die Regierung die aus der<strong> \u00f6kologischen Planung<\/strong> hervorgegangenen Leitlinien vor, um die franz\u00f6sischen Treibhausgasemissionen um mehr als die H\u00e4lfte zu senken, den Druck auf die Biodiversit\u00e4t zu verringern und die wichtigsten Ressourcen besser zu verwalten.  <br\/><\/p>\n<\/div>\n\n<div class=\"wp-block-ws-library-ws-image is-style-simple\"><div class=\"wrapper\"><div class=\"group-media\"><img decoding=\"async\" src=\"https:\/\/www.hautes-alpes.net\/wp-content\/uploads\/2025\/12\/7b3a4174-1240x800.jpg\" alt=\"\" class=\"single_image ws-image-133051\"><div class=\"credits\">AD05 - P.Domeyne<\/div><\/div><p class=\"caption\"><\/p><\/div><\/div>\n\n<h3 class=\"wp-block-heading is-style-title-1\">Was ist <strong>PAT?<\/strong><\/h3>\n\n<p>Die Landwirtschaft und die Lebensmittelindustrie sind dazu berufen, ihren Teil zu diesem \u00dcbergang beizutragen, mit den ihnen eigenen Herausforderungen, die bedeuten, dass die Anpassung unseres Produktionsmodells mit der Erhaltung unserer Nahrungsmittelsouver\u00e4nit\u00e4t einhergehen muss.  <\/p>\n\n<div class=\"wp-block-ws-library-ws-columns has-2-columns are-vertically-aligned-center layout-6535\">\n<div class=\"wp-block-ws-library-ws-column\"><div class=\"wrapper\">\n<p>Unter den Ma\u00dfnahmen zielt eine auf die Unterst\u00fctzung von <strong>territorialen Ern\u00e4hrungsprojekten<\/strong> (PAT) ab, die es erm\u00f6glichen, die verschiedenen Akteure eines Gebiets um die Frage der Ern\u00e4hrung herum zu vereinen und zur Ber\u00fccksichtigung der sozialen, \u00f6kologischen, wirtschaftlichen und gesundheitlichen Dimensionen dieses Gebiets beizutragen.  <\/p>\n\n\n\n<p><strong>Die Hautes-Alpes sind als PAT Level 2 eingestuft<\/strong>.<\/p>\n<\/div><\/div>\n\n\n\n<div class=\"wp-block-ws-library-ws-column\"><div class=\"wrapper\">\n<div class=\"wp-block-ws-library-ws-image is-style-simple\"><div class=\"wrapper\"><div class=\"group-media\"><img decoding=\"async\" src=\"https:\/\/www.hautes-alpes.net\/wp-content\/uploads\/2025\/12\/mea-patse.webp\" alt=\"\" class=\"single_image ws-image-133067\"><div class=\"credits\"><\/div><\/div><p class=\"caption\"><\/p><\/div><\/div>\n<\/div><\/div>\n<\/div>\n\n<h3 class=\"wp-block-heading is-style-title-1\">Die Ziele des <strong>PAT Hautes-Alpes<\/strong><\/h3>\n\n<p>Der PAT des Departements Hautes-Alpes verleiht dem Nahrungsmittelsystem des Departements eine Gesamtkoh\u00e4renz mit einem einzigen Ziel: eine <strong>hervorragende und beispielhafte Ern\u00e4hrung anzustreben<\/strong>. Dies ist eine Antwort auf die derzeitige \u00f6kologische, wirtschaftliche und soziale Krise.   <\/p>\n\n<p>Vom Upstream bis zum Downstream zielt das Projekt auf Produzenten, Zwischenh\u00e4ndler (Verarbeitung), die ans\u00e4ssige Bev\u00f6lkerung (insbesondere Schulkinder und Menschen in prek\u00e4ren Situationen) und die Touristen ab.<\/p>\n\n<div class=\"wp-block-ws-library-ws-columns has-2-columns are-vertically-aligned-center layout-3565\">\n<div class=\"wp-block-ws-library-ws-column\"><div class=\"wrapper\">\n<div class=\"wp-block-ws-library-ws-image is-style-simple\"><div class=\"wrapper\"><div class=\"group-media\"><img decoding=\"async\" src=\"https:\/\/www.hautes-alpes.net\/wp-content\/uploads\/2025\/12\/2s2a7120-960x640.jpg\" alt=\"\" class=\"single_image ws-image-133053\"><div class=\"credits\">AD05 - P.Domeyne<\/div><\/div><p class=\"caption\"><\/p><\/div><\/div>\n<\/div><\/div>\n\n\n\n<div class=\"wp-block-ws-library-ws-column\"><div class=\"wrapper\">\n<div class=\"wp-block-ws-library-ws-image\"><div class=\"wrapper\"><div class=\"group-media\"><img decoding=\"async\" src=\"https:\/\/www.hautes-alpes.net\/wp-content\/uploads\/2025\/12\/2s2a0107-1240x800.jpg\" alt=\"\" class=\"single_image ws-image-133052\"><div class=\"credits\">AD05 - P.Domeyne<\/div><\/div><p class=\"caption\"><\/p><\/div><\/div>\n<\/div><\/div>\n<\/div>\n\n<div class=\"wp-block-ws-library-ws-image is-style-simple\"><div class=\"wrapper\"><div class=\"group-media\"><img decoding=\"async\" src=\"https:\/\/www.hautes-alpes.net\/wp-content\/uploads\/2025\/12\/thym-thujanol-baronnies-65-1240x800.jpg\" alt=\"\" class=\"single_image ws-image-133050\"><div class=\"credits\">AD05 - P.Domeyne<\/div><\/div><p class=\"caption\"><\/p><\/div><\/div>\n\n<h3 class=\"wp-block-heading is-style-title-1\">Die 5 strategischen Achsen <strong>des PAT Hautes-Alpes<\/strong><\/h3>\n\n<ol class=\"wp-block-list\">\n<li>Strukturierung einer Governance f\u00fcr Lebensmittel auf Departementsebene und Vervollst\u00e4ndigung der territorialen Diagnose<\/li>\n\n\n\n<li>Schutz der nat\u00fcrlichen Umwelt (Boden, Wasser, Biodiversit\u00e4t) und F\u00f6rderung nachhaltigerer Produktionsmethoden<\/li>\n\n\n\n<li>St\u00e4rkung der Widerstandsf\u00e4higkeit und Anpassung des Wirtschaftsgef\u00fcges im Agrar- und Ern\u00e4hrungssektor<\/li>\n\n\n\n<li>St\u00e4rkung der lokalen Produkte in den Nahversorgungskreisl\u00e4ufen und Entwicklung der kurzen Wege<\/li>\n\n\n\n<li>F\u00f6rderung nachhaltiger Lebensmittelentscheidungen (insbesondere in der Gemeinschaftsverpflegung), Aufkl\u00e4rung der Verbraucher, Verringerung von Ungleichheiten beim Zugang zu hochwertigen und nachhaltigen Lebensmitteln<\/li>\n<\/ol>\n\n<div style=\"height:50px\" aria-hidden=\"true\" class=\"wp-block-spacer\"><\/div>\n\n<div class=\"wp-block-ws-library-ws-image is-style-simple\"><div class=\"wrapper\"><div class=\"group-media\"><img decoding=\"async\" src=\"https:\/\/www.hautes-alpes.net\/wp-content\/uploads\/2025\/12\/participants-et-laureats-concours-agricoles-2025-patrick-domeyne-addet05-2025-1-1034x640.jpg\" alt=\"\" class=\"single_image ws-image-133055\"><div class=\"credits\">AD05 - P.Domeyne<\/div><\/div><p class=\"caption\"><\/p><\/div><\/div>\n\n<div class=\"wp-block-ws-library-ws-share\"><span class=\"share-subtitle\">Hat Ihnen diese Seite gefallen?<\/span><span class=\"share-title\">Teilen Sie es mit anderen!<\/span><button class=\"ws-share-button wp-element-button\">Diese Seite teilen<\/button><\/div>\n","protected":false},"excerpt":{"rendered":"<p>Territoriales Ern\u00e4hrungsprojekt Angesichts der Dringlichkeit von Klima-, Energie- und Umweltfragen stellte die Regierung die aus der \u00f6kologischen Planung hervorgegangenen Leitlinien [&hellip;]<\/p>\n","protected":false},"author":6,"featured_media":0,"parent":108805,"menu_order":0,"comment_status":"closed","ping_status":"closed","template":"","meta":{"is_dark_mode":false,"footnotes":""},"page_label":[],"class_list":["post-132889","page","type-page","status-publish","hentry"],"yoast_head":"<!-- This site is optimized with the Yoast SEO plugin v27.2 - https:\/\/yoast.com\/product\/yoast-seo-wordpress\/ -->\n<title>PAT - Hautes-Alpes<\/title>\n<meta name=\"description\" content=\"PAT Territoriales Ern\u00e4hrungsprojekt Angesichts der Dringlichkeit von Klima-, Energie- und Umweltfragen stellte die Regierung die aus der \u00f6kologischen\" \/>\n<meta name=\"robots\" content=\"index, follow, max-snippet:-1, max-image-preview:large, max-video-preview:-1\" \/>\n<link rel=\"canonical\" href=\"https:\/\/www.hautes-alpes.net\/de\/wirtschaftszweige\/alm-gauler\/\" \/>\n<meta property=\"og:locale\" content=\"de_DE\" \/>\n<meta property=\"og:type\" content=\"article\" \/>\n<meta property=\"og:title\" content=\"PAT - Hautes-Alpes\" \/>\n<meta property=\"og:description\" content=\"PAT Territoriales Ern\u00e4hrungsprojekt Angesichts der Dringlichkeit von Klima-, Energie- und Umweltfragen stellte die Regierung die aus der \u00f6kologischen\" \/>\n<meta property=\"og:url\" content=\"https:\/\/www.hautes-alpes.net\/de\/wirtschaftszweige\/alm-gauler\/\" \/>\n<meta property=\"og:site_name\" content=\"Hautes-Alpes\" \/>\n<meta property=\"article:modified_time\" content=\"2025-12-24T09:40:44+00:00\" \/>\n<meta property=\"og:image\" content=\"https:\/\/www.hautes-alpes.net\/wp-content\/uploads\/2025\/12\/7b3a4174-1240x800.jpg\" \/>\n<meta name=\"twitter:card\" content=\"summary_large_image\" \/>\n<meta name=\"twitter:label1\" content=\"Gesch\u00e4tzte Lesezeit\" \/>\n\t<meta name=\"twitter:data1\" content=\"2 Minuten\" \/>\n<script type=\"application\/ld+json\" class=\"yoast-schema-graph\">{\"@context\":\"https:\/\/schema.org\",\"@graph\":[{\"@type\":\"WebPage\",\"@id\":\"https:\/\/www.hautes-alpes.net\/de\/wirtschaftszweige\/alm-gauler\/\",\"url\":\"https:\/\/www.hautes-alpes.net\/de\/wirtschaftszweige\/alm-gauler\/\",\"name\":\"PAT - Hautes-Alpes\",\"isPartOf\":{\"@id\":\"https:\/\/www.hautes-alpes.net\/de\/#website\"},\"primaryImageOfPage\":{\"@id\":\"https:\/\/www.hautes-alpes.net\/de\/wirtschaftszweige\/alm-gauler\/#primaryimage\"},\"image\":{\"@id\":\"https:\/\/www.hautes-alpes.net\/de\/wirtschaftszweige\/alm-gauler\/#primaryimage\"},\"thumbnailUrl\":\"https:\/\/www.hautes-alpes.net\/wp-content\/uploads\/2025\/12\/7b3a4174-1240x800.jpg\",\"datePublished\":\"2025-12-24T09:31:45+00:00\",\"dateModified\":\"2025-12-24T09:40:44+00:00\",\"description\":\"PAT Territoriales Ern\u00e4hrungsprojekt Angesichts der Dringlichkeit von Klima-, Energie- und Umweltfragen stellte die Regierung die aus der \u00f6kologischen\",\"breadcrumb\":{\"@id\":\"https:\/\/www.hautes-alpes.net\/de\/wirtschaftszweige\/alm-gauler\/#breadcrumb\"},\"inLanguage\":\"de\",\"potentialAction\":[{\"@type\":\"ReadAction\",\"target\":[\"https:\/\/www.hautes-alpes.net\/de\/wirtschaftszweige\/alm-gauler\/\"]}]},{\"@type\":\"ImageObject\",\"inLanguage\":\"de\",\"@id\":\"https:\/\/www.hautes-alpes.net\/de\/wirtschaftszweige\/alm-gauler\/#primaryimage\",\"url\":\"https:\/\/www.hautes-alpes.net\/wp-content\/uploads\/2025\/12\/7b3a4174-1240x800.jpg\",\"contentUrl\":\"https:\/\/www.hautes-alpes.net\/wp-content\/uploads\/2025\/12\/7b3a4174-1240x800.jpg\"},{\"@type\":\"BreadcrumbList\",\"@id\":\"https:\/\/www.hautes-alpes.net\/de\/wirtschaftszweige\/alm-gauler\/#breadcrumb\",\"itemListElement\":[{\"@type\":\"ListItem\",\"position\":1,\"name\":\"Accueil\",\"item\":\"https:\/\/www.hautes-alpes.net\/de\/hautes-alpes\/\"},{\"@type\":\"ListItem\",\"position\":2,\"name\":\"Wirtschaftszweige\",\"item\":\"https:\/\/www.hautes-alpes.net\/de\/wirtschaftszweige\/\"},{\"@type\":\"ListItem\",\"position\":3,\"name\":\"Wirtschaftszweige\",\"item\":\"https:\/\/www.hautes-alpes.net\/de\/wirtschaftszweige\/\"},{\"@type\":\"ListItem\",\"position\":4,\"name\":\"PAT\"}]},{\"@type\":\"WebSite\",\"@id\":\"https:\/\/www.hautes-alpes.net\/de\/#website\",\"url\":\"https:\/\/www.hautes-alpes.net\/de\/\",\"name\":\"ADDET\",\"description\":\"\",\"publisher\":{\"@id\":\"https:\/\/www.hautes-alpes.net\/de\/#organization\"},\"potentialAction\":[{\"@type\":\"SearchAction\",\"target\":{\"@type\":\"EntryPoint\",\"urlTemplate\":\"https:\/\/www.hautes-alpes.net\/de\/?s={search_term_string}\"},\"query-input\":{\"@type\":\"PropertyValueSpecification\",\"valueRequired\":true,\"valueName\":\"search_term_string\"}}],\"inLanguage\":\"de\"},{\"@type\":\"Organization\",\"@id\":\"https:\/\/www.hautes-alpes.net\/de\/#organization\",\"name\":\"Agence D\u00e9partementale de D\u00e9veloppement Economique et Touristique des Hautes-Alpes\",\"url\":\"https:\/\/www.hautes-alpes.net\/de\/\",\"logo\":{\"@type\":\"ImageObject\",\"inLanguage\":\"de\",\"@id\":\"https:\/\/www.hautes-alpes.net\/de\/#\/schema\/logo\/image\/\",\"url\":\"https:\/\/www.hautes-alpes.net\/wp-content\/uploads\/2026\/01\/black-logo-2.svg\",\"contentUrl\":\"https:\/\/www.hautes-alpes.net\/wp-content\/uploads\/2026\/01\/black-logo-2.svg\",\"caption\":\"Agence D\u00e9partementale de D\u00e9veloppement Economique et Touristique des Hautes-Alpes\"},\"image\":{\"@id\":\"https:\/\/www.hautes-alpes.net\/de\/#\/schema\/logo\/image\/\"}}]}<\/script>\n<!-- \/ Yoast SEO plugin. -->","yoast_head_json":{"title":"PAT - Hautes-Alpes","description":"PAT Territoriales Ern\u00e4hrungsprojekt Angesichts der Dringlichkeit von Klima-, Energie- und Umweltfragen stellte die Regierung die aus der \u00f6kologischen","robots":{"index":"index","follow":"follow","max-snippet":"max-snippet:-1","max-image-preview":"max-image-preview:large","max-video-preview":"max-video-preview:-1"},"canonical":"https:\/\/www.hautes-alpes.net\/de\/wirtschaftszweige\/alm-gauler\/","og_locale":"de_DE","og_type":"article","og_title":"PAT - Hautes-Alpes","og_description":"PAT Territoriales Ern\u00e4hrungsprojekt Angesichts der Dringlichkeit von Klima-, Energie- und Umweltfragen stellte die Regierung die aus der \u00f6kologischen","og_url":"https:\/\/www.hautes-alpes.net\/de\/wirtschaftszweige\/alm-gauler\/","og_site_name":"Hautes-Alpes","article_modified_time":"2025-12-24T09:40:44+00:00","og_image":[{"url":"https:\/\/www.hautes-alpes.net\/wp-content\/uploads\/2025\/12\/7b3a4174-1240x800.jpg","type":"","width":"","height":""}],"twitter_card":"summary_large_image","twitter_misc":{"Gesch\u00e4tzte Lesezeit":"2 Minuten"},"schema":{"@context":"https:\/\/schema.org","@graph":[{"@type":"WebPage","@id":"https:\/\/www.hautes-alpes.net\/de\/wirtschaftszweige\/alm-gauler\/","url":"https:\/\/www.hautes-alpes.net\/de\/wirtschaftszweige\/alm-gauler\/","name":"PAT - Hautes-Alpes","isPartOf":{"@id":"https:\/\/www.hautes-alpes.net\/de\/#website"},"primaryImageOfPage":{"@id":"https:\/\/www.hautes-alpes.net\/de\/wirtschaftszweige\/alm-gauler\/#primaryimage"},"image":{"@id":"https:\/\/www.hautes-alpes.net\/de\/wirtschaftszweige\/alm-gauler\/#primaryimage"},"thumbnailUrl":"https:\/\/www.hautes-alpes.net\/wp-content\/uploads\/2025\/12\/7b3a4174-1240x800.jpg","datePublished":"2025-12-24T09:31:45+00:00","dateModified":"2025-12-24T09:40:44+00:00","description":"PAT Territoriales Ern\u00e4hrungsprojekt Angesichts der Dringlichkeit von Klima-, Energie- und Umweltfragen stellte die Regierung die aus der \u00f6kologischen","breadcrumb":{"@id":"https:\/\/www.hautes-alpes.net\/de\/wirtschaftszweige\/alm-gauler\/#breadcrumb"},"inLanguage":"de","potentialAction":[{"@type":"ReadAction","target":["https:\/\/www.hautes-alpes.net\/de\/wirtschaftszweige\/alm-gauler\/"]}]},{"@type":"ImageObject","inLanguage":"de","@id":"https:\/\/www.hautes-alpes.net\/de\/wirtschaftszweige\/alm-gauler\/#primaryimage","url":"https:\/\/www.hautes-alpes.net\/wp-content\/uploads\/2025\/12\/7b3a4174-1240x800.jpg","contentUrl":"https:\/\/www.hautes-alpes.net\/wp-content\/uploads\/2025\/12\/7b3a4174-1240x800.jpg"},{"@type":"BreadcrumbList","@id":"https:\/\/www.hautes-alpes.net\/de\/wirtschaftszweige\/alm-gauler\/#breadcrumb","itemListElement":[{"@type":"ListItem","position":1,"name":"Accueil","item":"https:\/\/www.hautes-alpes.net\/de\/hautes-alpes\/"},{"@type":"ListItem","position":2,"name":"Wirtschaftszweige","item":"https:\/\/www.hautes-alpes.net\/de\/wirtschaftszweige\/"},{"@type":"ListItem","position":3,"name":"Wirtschaftszweige","item":"https:\/\/www.hautes-alpes.net\/de\/wirtschaftszweige\/"},{"@type":"ListItem","position":4,"name":"PAT"}]},{"@type":"WebSite","@id":"https:\/\/www.hautes-alpes.net\/de\/#website","url":"https:\/\/www.hautes-alpes.net\/de\/","name":"ADDET","description":"","publisher":{"@id":"https:\/\/www.hautes-alpes.net\/de\/#organization"},"potentialAction":[{"@type":"SearchAction","target":{"@type":"EntryPoint","urlTemplate":"https:\/\/www.hautes-alpes.net\/de\/?s={search_term_string}"},"query-input":{"@type":"PropertyValueSpecification","valueRequired":true,"valueName":"search_term_string"}}],"inLanguage":"de"},{"@type":"Organization","@id":"https:\/\/www.hautes-alpes.net\/de\/#organization","name":"Agence D\u00e9partementale de D\u00e9veloppement Economique et Touristique des Hautes-Alpes","url":"https:\/\/www.hautes-alpes.net\/de\/","logo":{"@type":"ImageObject","inLanguage":"de","@id":"https:\/\/www.hautes-alpes.net\/de\/#\/schema\/logo\/image\/","url":"https:\/\/www.hautes-alpes.net\/wp-content\/uploads\/2026\/01\/black-logo-2.svg","contentUrl":"https:\/\/www.hautes-alpes.net\/wp-content\/uploads\/2026\/01\/black-logo-2.svg","caption":"Agence D\u00e9partementale de D\u00e9veloppement Economique et Touristique des Hautes-Alpes"},"image":{"@id":"https:\/\/www.hautes-alpes.net\/de\/#\/schema\/logo\/image\/"}}]}},"_links":{"self":[{"href":"https:\/\/www.hautes-alpes.net\/de\/wp-json\/wp\/v2\/pages\/132889","targetHints":{"allow":["GET"]}}],"collection":[{"href":"https:\/\/www.hautes-alpes.net\/de\/wp-json\/wp\/v2\/pages"}],"about":[{"href":"https:\/\/www.hautes-alpes.net\/de\/wp-json\/wp\/v2\/types\/page"}],"author":[{"embeddable":true,"href":"https:\/\/www.hautes-alpes.net\/de\/wp-json\/wp\/v2\/users\/6"}],"replies":[{"embeddable":true,"href":"https:\/\/www.hautes-alpes.net\/de\/wp-json\/wp\/v2\/comments?post=132889"}],"version-history":[{"count":6,"href":"https:\/\/www.hautes-alpes.net\/de\/wp-json\/wp\/v2\/pages\/132889\/revisions"}],"predecessor-version":[{"id":133102,"href":"https:\/\/www.hautes-alpes.net\/de\/wp-json\/wp\/v2\/pages\/132889\/revisions\/133102"}],"up":[{"embeddable":true,"href":"https:\/\/www.hautes-alpes.net\/de\/wp-json\/wp\/v2\/pages\/108805"}],"wp:attachment":[{"href":"https:\/\/www.hautes-alpes.net\/de\/wp-json\/wp\/v2\/media?parent=132889"}],"wp:term":[{"taxonomy":"page_label","embeddable":true,"href":"https:\/\/www.hautes-alpes.net\/de\/wp-json\/wp\/v2\/page_label?post=132889"}],"curies":[{"name":"wp","href":"https:\/\/api.w.org\/{rel}","templated":true}]}}