{"id":109788,"date":"2025-11-20T15:01:40","date_gmt":"2025-11-20T14:01:40","guid":{"rendered":"https:\/\/www.hautes-alpes.net\/erfahrungen-hautes-alpes\/ski\/"},"modified":"2026-01-27T09:35:29","modified_gmt":"2026-01-27T08:35:29","slug":"ski","status":"publish","type":"page","link":"https:\/\/www.hautes-alpes.net\/de\/erfahrungen-hautes-alpes\/ski\/","title":{"rendered":"Ski"},"content":{"rendered":"\n<div class=\"wp-block-group alignfull hero-banner-gallery has-global-padding is-layout-constrained wp-block-group-is-layout-constrained\"><div class=\"yoast-breadcrumbs\"><span><span><a href=\"https:\/\/www.hautes-alpes.net\/de\/hautes-alpes\/\">Accueil<\/a><\/span>  <span><a href=\"https:\/\/www.hautes-alpes.net\/de\/erfahrungen-hautes-alpes\/\">Erfahrungen - Hautes-Alpes<\/a><\/span>  <span><a href=\"https:\/\/www.hautes-alpes.net\/de\/erfahrungen-hautes-alpes\/\">Erfahrungen - Hautes-Alpes<\/a><\/span>  <span class=\"breadcrumb_last\" aria-current=\"page\">Ski<\/span><\/span><\/div>\n\n\n<h1 class=\"wp-block-ws-library-post-title\">Ski<\/h1>\n\n\n\n<p class=\"subtitle is-style-default\"><\/p>\n\n\n\n<div class=\"wp-block-ws-library-ws-gallery-5-images alignfull\"><div class=\"list-items\"><div class=\"item-media item-media--small\"><div class=\"field-image\"><img loading=\"lazy\" decoding=\"async\" width=\"700\" height=\"840\" src=\"https:\/\/www.hautes-alpes.net\/wp-content\/uploads\/2025\/11\/230224093659-re-mi-morel-ot-serre-ponc-on-222-700x840.jpg\" alt=\"\" class=\"wp-image-85741\"><\/div><\/div><div class=\"item-media item-media--small\"><div class=\"field-image\"><img loading=\"lazy\" decoding=\"async\" width=\"700\" height=\"840\" src=\"https:\/\/www.hautes-alpes.net\/wp-content\/uploads\/2025\/11\/la-blanche-ski-de-randonnee-22-2-700x840.jpg\" alt=\"\" class=\"wp-image-85738\"><\/div><\/div><div class=\"item-media item-media--large\"><div class=\"field-image\"><img loading=\"lazy\" decoding=\"async\" width=\"2000\" height=\"1000\" src=\"https:\/\/www.hautes-alpes.net\/wp-content\/uploads\/2025\/11\/domaine-skiable-alpesphotographiescom-11-1-2000x1000.jpg\" alt=\"\" class=\"wp-image-60581\"><\/div><\/div><div class=\"item-media item-media--small\"><div class=\"field-image\"><img loading=\"lazy\" decoding=\"async\" width=\"700\" height=\"840\" src=\"https:\/\/www.hautes-alpes.net\/wp-content\/uploads\/2025\/11\/shooting-photos-reallon-2022-23-fabien-thibault-5-222-700x840.jpg\" alt=\"\" class=\"wp-image-85737\"><\/div><\/div><div class=\"item-media item-media--small\"><div class=\"field-image\"><img loading=\"lazy\" decoding=\"async\" width=\"700\" height=\"840\" src=\"https:\/\/www.hautes-alpes.net\/wp-content\/uploads\/2025\/11\/refuge-du-gole-on-et-pic-du-gole-on-1622-700x840.jpg\" alt=\"\" class=\"wp-image-85740\"><\/div><\/div><\/div><\/div>\n\n\n\n<p><\/p>\n<\/div>\n\n<div class=\"wp-block-group alignfull block-etapes has-global-padding is-layout-constrained wp-block-group-is-layout-constrained\">\n<h2 class=\"wp-block-heading is-style-title-1\"><em>SkiWinter<\/em> <strong style=\"display: inline !important;\">in gro\u00dfem<\/strong><em>Stil<\/em><\/h2>\n\n\n\n<p>Im reinen Licht der Hautes-Alpes geht das Skifahren \u00fcber die Kurven und Pisten hinaus. Es ist eine rohe Sensation, ein Hauch von frischer Luft in den Lungen, ein Funkeln in den Augen. Man kommt, um zu gleiten, aber man geht wie verwandelt.  <\/p>\n<\/div>\n\n<div style=\"height:50px\" aria-hidden=\"true\" class=\"wp-block-spacer\"><\/div>\n\n<div class=\"wp-block-ws-library-ws-video is-style-animated-content\"><div class=\"wrapper\"><div class=\"group-media\">\n<figure class=\"wp-block-video video-block\"><video playsinline height=\"1080\" style=\"aspect-ratio: 1920 \/ 1080;\" width=\"1920\" autoplay=\"\" loop=\"\" muted=\"\" src=\"https:\/\/www.hautes-alpes.net\/wp-content\/uploads\/2025\/12\/ski-ok.mp4\"><\/video><figcaption class=\"wp-element-caption\">Pistenskifahren, Snowboarden, Telemark&#8230; Skifahren in all seinen Formen<\/figcaption><\/figure>\n<\/div><\/div><\/div>\n\n<div style=\"height:50px\" aria-hidden=\"true\" class=\"wp-block-spacer\"><\/div>\n\n<div class=\"wp-block-group alignfull step-by-step has-global-padding is-layout-constrained wp-block-group-is-layout-constrained\">\n<div class=\"wp-block-ws-library-ws-columns alignwide has-2-columns are-vertically-aligned-center layout-5050\">\n<div class=\"wp-block-ws-library-ws-column\"><div class=\"wrapper\">\n<h2 class=\"wp-block-heading\"><strong>Landschaften <\/strong><br\/>, die ersch\u00fctternd sind<\/h2>\n\n\n\n<p>Stellen Sie sich Gipfel vor, die den Himmel kratzen, einen wei\u00dfen Mantel, der wie eine Handvoll Diamanten glitzert, einen Schnee, der f\u00fcr seine einzigartige Leichtigkeit bekannt ist.  <strong>In den Hautes-Alpes ist jede Abfahrt ein Eintauchen in die Unendlichkeit.<\/strong>  Hier Ski zu fahren, bedeutet, das Wesen der Berge zu ber\u00fchren. F\u00fcr jeden begeisterten Skifahrer sind die Hautes-Alpes ein Muss, eine Begegnung mit der Perfektion. <\/p>\n<\/div><\/div>\n\n\n\n<div class=\"wp-block-ws-library-ws-column\"><div class=\"wrapper\">\n<div class=\"wp-block-ws-library-ws-image\"><div class=\"wrapper\"><div class=\"group-media\"><img decoding=\"async\" src=\"https:\/\/www.hautes-alpes.net\/wp-content\/uploads\/2025\/11\/tblais-shooting-photo-la-grave-71-1240x800.jpg\" alt=\"\" class=\"single_image ws-image-60663\"><div class=\"credits\">T. Blais<\/div><\/div><p class=\"caption\"><\/p><\/div><\/div>\n<\/div><\/div>\n<\/div>\n\n\n\n<div class=\"wp-block-ws-library-ws-columns alignwide has-2-columns are-vertically-aligned-center layout-5050\">\n<div class=\"wp-block-ws-library-ws-column\"><div class=\"wrapper\">\n<h2 class=\"wp-block-heading\"><strong>Resorts <\/strong><br\/>, die Ihren Tr\u00e4umen entsprechen<\/h2>\n\n\n\n<p>Im Herzen der rauen Sch\u00f6nheit der <strong>Hautes-Alpes<\/strong> vereinen die Skiorte Modernit\u00e4t und Authentizit\u00e4t: modernste Einrichtungen, nachhaltige Infrastrukturen und gesch\u00fctzte D\u00f6rfer. Sie sind f\u00fcr die Zukunft gedacht und bieten allen, Anf\u00e4ngern wie auch begeisterten Skifahrern, legend\u00e4res Terrain, vom alpinen Skifahren \u00fcber Freeride bis hin zum Skitourengehen. <\/p>\n<\/div><\/div>\n\n\n\n<div class=\"wp-block-ws-library-ws-column\"><div class=\"wrapper\">\n<div class=\"wp-block-ws-library-ws-image\"><div class=\"wrapper\"><div class=\"group-media\"><img decoding=\"async\" src=\"https:\/\/www.hautes-alpes.net\/wp-content\/uploads\/2025\/11\/christophe-pallot-zoom-1-1240x800.jpg\" alt=\"\" class=\"single_image ws-image-60577\"><div class=\"credits\">C. Pallot<\/div><\/div><p class=\"caption\"><\/p><\/div><\/div>\n<\/div><\/div>\n<\/div>\n\n\n\n<div class=\"wp-block-ws-library-ws-columns alignwide has-2-columns are-vertically-aligned-center layout-5050\">\n<div class=\"wp-block-ws-library-ws-column\"><div class=\"wrapper\">\n<h2 class=\"wp-block-heading\"><strong>Kurs auf 2030,<\/strong> <br\/>das globale Treffen<\/h2>\n\n\n\n<p>Im Jahr <strong>2030<\/strong> werden die <strong>Hautes-Alpes<\/strong> im Mittelpunkt der <strong>Olympischen Winterspiele<\/strong> stehen. <strong>Serre Chevalier<\/strong> und <strong>Montgen\u00e8vre<\/strong> werden die Freestyle-Ski- und Snowboard-Wettbewerbe austragen und fast ein Drittel der Medaillen gewinnen. In <strong>Brian\u00e7on<\/strong> wird das <strong>Fort des T\u00eates<\/strong> neu gestaltet, um fast <strong>500 Athleten<\/strong> zu beherbergen. Ein historisches Ereignis, das ein nachhaltiges sportliches und wirtschaftliches Erbe mit sich bringt und das Gebiet als weltweite Referenz f\u00fcr den Skisport etablieren wird.  <\/p>\n<\/div><\/div>\n\n\n\n<div class=\"wp-block-ws-library-ws-column\"><div class=\"wrapper\">\n<div class=\"wp-block-ws-library-ws-image\"><div class=\"wrapper\"><div class=\"group-media\"><img decoding=\"async\" src=\"https:\/\/www.hautes-alpes.net\/wp-content\/uploads\/2025\/11\/jo18-sb-mbx-ls-01-3406-scaled-1240x800.jpg\" alt=\"\" class=\"single_image ws-image-82832\"><div class=\"credits\">Agentur ZOOM<\/div><\/div><p class=\"caption\"><\/p><\/div><\/div>\n<\/div><\/div>\n<\/div>\n<\/div>\n\n<div style=\"height:50px\" aria-hidden=\"true\" class=\"wp-block-spacer\"><\/div>\n\n<div class=\"wp-block-ws-library-ws-gallery ws-gallery alignfull\"><div class=\"list-images\"><div class=\"item item-media scroll-detect\" data-end-offset=\"30%\"><a href=\"https:\/\/www.hautes-alpes.net\/wp-content\/uploads\/2026\/01\/esf-portrait-scaled.jpg\" class=\"item-media__link init-lightbox\" data-glightbox=\"ws-gallery\" data-gallery=\"ws-gallery\" data-title=\"\"><img loading=\"lazy\" decoding=\"async\" width=\"1024\" height=\"870\" src=\"https:\/\/www.hautes-alpes.net\/wp-content\/uploads\/2026\/01\/esf-portrait-1024x870.jpg\" alt=\"\" class=\"ws-image wp-image-162412\" srcset=\"https:\/\/www.hautes-alpes.net\/wp-content\/uploads\/2026\/01\/esf-portrait-1024x870.jpg 1024w, https:\/\/www.hautes-alpes.net\/wp-content\/uploads\/2026\/01\/esf-portrait-300x255.jpg 300w, https:\/\/www.hautes-alpes.net\/wp-content\/uploads\/2026\/01\/esf-portrait-768x652.jpg 768w, https:\/\/www.hautes-alpes.net\/wp-content\/uploads\/2026\/01\/esf-portrait-1536x1305.jpg 1536w, https:\/\/www.hautes-alpes.net\/wp-content\/uploads\/2026\/01\/esf-portrait-2048x1740.jpg 2048w, https:\/\/www.hautes-alpes.net\/wp-content\/uploads\/2026\/01\/esf-portrait-480x408.jpg 480w, https:\/\/www.hautes-alpes.net\/wp-content\/uploads\/2026\/01\/esf-portrait-753x640.jpg 753w, https:\/\/www.hautes-alpes.net\/wp-content\/uploads\/2026\/01\/esf-portrait-730x620.jpg 730w\" sizes=\"auto, (max-width: 1024px) 100vw, 1024px\" \/><\/a><\/div><div class=\"item item-media scroll-detect\" data-end-offset=\"30%\"><a href=\"https:\/\/www.hautes-alpes.net\/wp-content\/uploads\/2026\/01\/johandesma-bigairsnow-hd-06-e1767622003176.jpg\" class=\"item-media__link init-lightbox\" data-glightbox=\"ws-gallery\" data-gallery=\"ws-gallery\" data-title=\"\"><img loading=\"lazy\" decoding=\"async\" width=\"1300\" height=\"992\" src=\"https:\/\/www.hautes-alpes.net\/wp-content\/uploads\/2026\/01\/johandesma-bigairsnow-hd-06-e1767622003176.jpg\" alt=\"\" class=\"ws-image wp-image-162831\" srcset=\"https:\/\/www.hautes-alpes.net\/wp-content\/uploads\/2026\/01\/johandesma-bigairsnow-hd-06-e1767622003176.jpg 1300w, https:\/\/www.hautes-alpes.net\/wp-content\/uploads\/2026\/01\/johandesma-bigairsnow-hd-06-e1767622003176-300x229.jpg 300w, https:\/\/www.hautes-alpes.net\/wp-content\/uploads\/2026\/01\/johandesma-bigairsnow-hd-06-e1767622003176-1024x781.jpg 1024w, https:\/\/www.hautes-alpes.net\/wp-content\/uploads\/2026\/01\/johandesma-bigairsnow-hd-06-e1767622003176-768x586.jpg 768w, https:\/\/www.hautes-alpes.net\/wp-content\/uploads\/2026\/01\/johandesma-bigairsnow-hd-06-e1767622003176-480x366.jpg 480w, https:\/\/www.hautes-alpes.net\/wp-content\/uploads\/2026\/01\/johandesma-bigairsnow-hd-06-e1767622003176-839x640.jpg 839w, https:\/\/www.hautes-alpes.net\/wp-content\/uploads\/2026\/01\/johandesma-bigairsnow-hd-06-e1767622003176-813x620.jpg 813w\" sizes=\"auto, (max-width: 1300px) 100vw, 1300px\" \/><\/a><\/div><div class=\"item item-media scroll-detect\" data-end-offset=\"30%\"><a href=\"https:\/\/www.hautes-alpes.net\/wp-content\/uploads\/2025\/11\/esf-scaled-e1764331667226.jpg\" class=\"item-media__link init-lightbox\" data-glightbox=\"ws-gallery\" data-gallery=\"ws-gallery\" data-title=\"\"><img loading=\"lazy\" decoding=\"async\" width=\"1024\" height=\"764\" src=\"https:\/\/www.hautes-alpes.net\/wp-content\/uploads\/2025\/11\/esf-scaled-e1764331667226-1024x764.jpg\" alt=\"\" class=\"ws-image wp-image-85649\" srcset=\"https:\/\/www.hautes-alpes.net\/wp-content\/uploads\/2025\/11\/esf-scaled-e1764331667226-1024x764.jpg 1024w, https:\/\/www.hautes-alpes.net\/wp-content\/uploads\/2025\/11\/esf-scaled-e1764331667226-300x224.jpg 300w, https:\/\/www.hautes-alpes.net\/wp-content\/uploads\/2025\/11\/esf-scaled-e1764331667226-768x573.jpg 768w, https:\/\/www.hautes-alpes.net\/wp-content\/uploads\/2025\/11\/esf-scaled-e1764331667226-1536x1146.jpg 1536w, https:\/\/www.hautes-alpes.net\/wp-content\/uploads\/2025\/11\/esf-scaled-e1764331667226-2048x1528.jpg 2048w, https:\/\/www.hautes-alpes.net\/wp-content\/uploads\/2025\/11\/esf-scaled-e1764331667226-480x358.jpg 480w, https:\/\/www.hautes-alpes.net\/wp-content\/uploads\/2025\/11\/esf-scaled-e1764331667226-858x640.jpg 858w, https:\/\/www.hautes-alpes.net\/wp-content\/uploads\/2025\/11\/esf-scaled-e1764331667226-831x620.jpg 831w\" sizes=\"auto, (max-width: 1024px) 100vw, 1024px\" \/><\/a><\/div><div class=\"item item-media scroll-detect\" data-end-offset=\"30%\"><a href=\"https:\/\/www.hautes-alpes.net\/wp-content\/uploads\/2026\/01\/refuge-du-gole-on-et-pic-du-gole-on-151-1.jpg\" class=\"item-media__link init-lightbox\" data-glightbox=\"ws-gallery\" data-gallery=\"ws-gallery\" data-title=\"\"><img loading=\"lazy\" decoding=\"async\" width=\"683\" height=\"1024\" src=\"https:\/\/www.hautes-alpes.net\/wp-content\/uploads\/2026\/01\/refuge-du-gole-on-et-pic-du-gole-on-151-1-683x1024.jpg\" alt=\"\" class=\"ws-image wp-image-162413\" srcset=\"https:\/\/www.hautes-alpes.net\/wp-content\/uploads\/2026\/01\/refuge-du-gole-on-et-pic-du-gole-on-151-1-683x1024.jpg 683w, https:\/\/www.hautes-alpes.net\/wp-content\/uploads\/2026\/01\/refuge-du-gole-on-et-pic-du-gole-on-151-1-200x300.jpg 200w, https:\/\/www.hautes-alpes.net\/wp-content\/uploads\/2026\/01\/refuge-du-gole-on-et-pic-du-gole-on-151-1-768x1152.jpg 768w, https:\/\/www.hautes-alpes.net\/wp-content\/uploads\/2026\/01\/refuge-du-gole-on-et-pic-du-gole-on-151-1-1024x1536.jpg 1024w, https:\/\/www.hautes-alpes.net\/wp-content\/uploads\/2026\/01\/refuge-du-gole-on-et-pic-du-gole-on-151-1-1366x2048.jpg 1366w, https:\/\/www.hautes-alpes.net\/wp-content\/uploads\/2026\/01\/refuge-du-gole-on-et-pic-du-gole-on-151-1-467x700.jpg 467w, https:\/\/www.hautes-alpes.net\/wp-content\/uploads\/2026\/01\/refuge-du-gole-on-et-pic-du-gole-on-151-1-427x640.jpg 427w, https:\/\/www.hautes-alpes.net\/wp-content\/uploads\/2026\/01\/refuge-du-gole-on-et-pic-du-gole-on-151-1-480x720.jpg 480w, https:\/\/www.hautes-alpes.net\/wp-content\/uploads\/2026\/01\/refuge-du-gole-on-et-pic-du-gole-on-151-1-414x620.jpg 414w, https:\/\/www.hautes-alpes.net\/wp-content\/uploads\/2026\/01\/refuge-du-gole-on-et-pic-du-gole-on-151-1.jpg 1600w\" sizes=\"auto, (max-width: 683px) 100vw, 683px\" \/><\/a><\/div><div class=\"item item-media scroll-detect\" data-end-offset=\"30%\"><a href=\"https:\/\/www.hautes-alpes.net\/wp-content\/uploads\/2025\/11\/la-blanche-ski-de-randonnee-1-scaled.jpg\" class=\"item-media__link init-lightbox\" data-glightbox=\"ws-gallery\" data-gallery=\"ws-gallery\" data-title=\"\"><img loading=\"lazy\" decoding=\"async\" width=\"1024\" height=\"683\" src=\"https:\/\/www.hautes-alpes.net\/wp-content\/uploads\/2025\/11\/la-blanche-ski-de-randonnee-1-1024x683.jpg\" alt=\"\" class=\"ws-image wp-image-60593\" srcset=\"https:\/\/www.hautes-alpes.net\/wp-content\/uploads\/2025\/11\/la-blanche-ski-de-randonnee-1-1024x683.jpg 1024w, https:\/\/www.hautes-alpes.net\/wp-content\/uploads\/2025\/11\/la-blanche-ski-de-randonnee-1-300x200.jpg 300w, https:\/\/www.hautes-alpes.net\/wp-content\/uploads\/2025\/11\/la-blanche-ski-de-randonnee-1-768x512.jpg 768w, https:\/\/www.hautes-alpes.net\/wp-content\/uploads\/2025\/11\/la-blanche-ski-de-randonnee-1-1536x1024.jpg 1536w, https:\/\/www.hautes-alpes.net\/wp-content\/uploads\/2025\/11\/la-blanche-ski-de-randonnee-1-2048x1365.jpg 2048w, https:\/\/www.hautes-alpes.net\/wp-content\/uploads\/2025\/11\/la-blanche-ski-de-randonnee-1-480x320.jpg 480w, https:\/\/www.hautes-alpes.net\/wp-content\/uploads\/2025\/11\/la-blanche-ski-de-randonnee-1-960x640.jpg 960w, https:\/\/www.hautes-alpes.net\/wp-content\/uploads\/2025\/11\/la-blanche-ski-de-randonnee-1-660x440.jpg 660w, https:\/\/www.hautes-alpes.net\/wp-content\/uploads\/2025\/11\/la-blanche-ski-de-randonnee-1-525x350.jpg 525w, https:\/\/www.hautes-alpes.net\/wp-content\/uploads\/2025\/11\/la-blanche-ski-de-randonnee-1-930x620.jpg 930w\" sizes=\"auto, (max-width: 1024px) 100vw, 1024px\" \/><\/a><\/div><\/div><\/div>\n\n<div style=\"height:50px\" aria-hidden=\"true\" class=\"wp-block-spacer\"><\/div>\n\n<h2 class=\"wp-block-heading is-style-title-1\">Die <strong>Urlaubsorte<\/strong><\/h2>\n\n<div class=\"wp-block-ws-library-scrollable-section ws-section-scrollable alignfull\"><div class=\"scrollable-item\"><div class=\"group-content\"><div class=\"wrapper\"><h3 class=\"field-title\">Die Ferienorte <br>in den Hautes-Alpes<\/h3><div class=\"field-intro\"><p><\/p><p><\/p><\/div><\/div><\/div><div class=\"group-innerblocks\"><div class=\"group-media\"><div class=\"field-image\"><img decoding=\"async\" src=\"https:\/\/www.hautes-alpes.net\/wp-content\/uploads\/2025\/11\/pays-de-la-meije-alpesphotographiescom-2-1140x620.jpg\" alt=\"\"\/><\/div><div class=\"credits\">Alpes Photographies<\/div><\/div>\n<div class=\"section-wrapper\"><div class=\"wp-block-ws-library-scrollable-section-item ws-section-scrollable-item\">\n<h3 class=\"wp-block-heading is-style-title-1\"><em>Das Mekka der Freerider<br\/><\/em><strong>La Grave - La Meije<\/strong><\/h3>\n\n\n\n<p>La Grave-La Meije ist kein Skiort wie jeder andere. Es ist eine raue Kulisse, ein Mythos, in dem der Fels, das Eis und die H\u00f6he ihre Gesetze auferlegen. <\/p>\n\n\n\n<div class=\"wp-block-buttons is-layout-flex wp-block-buttons-is-layout-flex\">\n<div class=\"wp-block-button\"><a class=\"wp-block-button__link wp-element-button\" href=\"https:\/\/www.hautes-alpes.net\/de\/reiseziele-hautes-alpes\/la-grave-la-meije\/\">Entdecken Sie<\/a><\/div>\n<\/div>\n<\/div><\/div>\n\n\n\n<div class=\"section-wrapper\"><div class=\"wp-block-ws-library-scrollable-section-item ws-section-scrollable-item\">\n<div class=\"wp-block-ws-library-ws-image\"><div class=\"wrapper\"><div class=\"group-media\"><img decoding=\"async\" src=\"https:\/\/www.hautes-alpes.net\/wp-content\/uploads\/2025\/11\/arthur-bauchet-serre-chevalier-briancon-29-ot-serre-chevalier-vallee-briancon-2-scaled-e1763561739413-570x640.jpg\" alt=\"Arthur Bauchet posiert l\u00e4chelnd mit all seinen Auszeichnungen auf dem Logo von Serre Chevalier.\" class=\"single_image ws-image-73702\"><div class=\"credits\">OT Serre Chevalier<\/div><\/div><p class=\"caption\">Arthur Bauchet, Paralympischer Champion<\/p><\/div><\/div>\n<\/div><\/div>\n\n\n\n<div class=\"section-wrapper\"><div class=\"wp-block-ws-library-scrollable-section-item ws-section-scrollable-item\">\n<h3 class=\"wp-block-heading is-style-title-1\"><em>Im Herzen der Riesen<\/em><strong>Serre Chevalier<\/strong><\/h3>\n\n\n\n<p>Zwischen Brian\u00e7on und den Gipfeln des \u00c9crins-Gebirges liegt Serre Chevalier, das ein gro\u00dfes Gebiet, Nervenkitzel und Prestige miteinander verbindet.<\/p>\n\n\n\n<div class=\"wp-block-buttons is-layout-flex wp-block-buttons-is-layout-flex\">\n<div class=\"wp-block-button\"><a class=\"wp-block-button__link wp-element-button\" href=\"https:\/\/www.hautes-alpes.net\/de\/reiseziele-hautes-alpes\/serre-chevalier\/\">Entdecken Sie<\/a><\/div>\n<\/div>\n<\/div><\/div>\n\n\n\n<div class=\"section-wrapper\"><div class=\"wp-block-ws-library-scrollable-section-item ws-section-scrollable-item\">\n<div class=\"wp-block-ws-library-ws-image\"><div class=\"wrapper\"><div class=\"group-media\"><img decoding=\"async\" src=\"https:\/\/www.hautes-alpes.net\/wp-content\/uploads\/2025\/11\/montgenevre-alpesphotographiescom-23-scaled-1240x800.jpg\" alt=\"\" class=\"single_image ws-image-53756\"><div class=\"credits\">Alpen Fotografien<\/div><\/div><p class=\"caption\"><\/p><\/div><\/div>\n<\/div><\/div>\n\n\n\n<div class=\"section-wrapper\"><div class=\"wp-block-ws-library-scrollable-section-item ws-section-scrollable-item\">\n<h3 class=\"wp-block-heading is-style-title-1\"><em>Die \u00c4lteste<br\/><\/em><strong>Montgen\u00e8vre<\/strong><\/h3>\n\n\n\n<p>Montgen\u00e8vre ist nicht nur ein gro\u00dfer Skiort, sondern auch der \u00e4lteste, ein Bindeglied zwischen Frankreich und Italien.<\/p>\n\n\n\n<div class=\"wp-block-buttons is-layout-flex wp-block-buttons-is-layout-flex\">\n<div class=\"wp-block-button\"><a class=\"wp-block-button__link wp-element-button\" href=\"https:\/\/www.hautes-alpes.net\/de\/reiseziele-hautes-alpes\/montgenevre\/\">Entdecken Sie<\/a><\/div>\n<\/div>\n<\/div><\/div>\n\n\n\n<div class=\"section-wrapper\"><div class=\"wp-block-ws-library-scrollable-section-item ws-section-scrollable-item\">\n<div class=\"wp-block-ws-library-ws-image\"><div class=\"wrapper\"><div class=\"group-media\"><img decoding=\"async\" src=\"https:\/\/www.hautes-alpes.net\/wp-content\/uploads\/2025\/11\/col-de-bal-rogier-van-rijn-2-960x640.jpg\" alt=\"\" class=\"single_image ws-image-82804\"><div class=\"credits\">R. VanRijn<\/div><\/div><p class=\"caption\"><\/p><\/div><\/div>\n<\/div><\/div>\n\n\n\n<div class=\"section-wrapper\"><div class=\"wp-block-ws-library-scrollable-section-item ws-section-scrollable-item\">\n<h3 class=\"wp-block-heading is-style-title-1\"><em>Die Schneegarantie<br\/><\/em><strong>Puy Saint Vincent<\/strong><\/h3>\n\n\n\n<p>Am Eingang des \u00c9crins-Nationalparks spielt Puy Saint Vincent seine eigene Partitur: ein feines Gleichgewicht zwischen Familienort, au\u00dfergew\u00f6hnlicher Natur und einem Ort der Sensationen.<\/p>\n\n\n\n<div class=\"wp-block-buttons is-layout-flex wp-block-buttons-is-layout-flex\">\n<div class=\"wp-block-button\"><a class=\"wp-block-button__link wp-element-button\" href=\"https:\/\/www.hautes-alpes.net\/de\/reiseziele-hautes-alpes\/puy-saint-vincent\/\">Entdecken Sie<\/a><\/div>\n<\/div>\n<\/div><\/div>\n\n\n\n<div class=\"section-wrapper\"><div class=\"wp-block-ws-library-scrollable-section-item ws-section-scrollable-item\">\n<div class=\"wp-block-ws-library-ws-image\"><div class=\"wrapper\"><div class=\"group-media\"><img decoding=\"async\" src=\"https:\/\/www.hautes-alpes.net\/wp-content\/uploads\/2025\/11\/ot-vars-remi-morel-1240x800.jpg\" alt=\"Blick auf den Himmel \u00fcber dem Ferienort Vars\" class=\"single_image ws-image-54973\"><div class=\"credits\">R. Morel<\/div><\/div><p class=\"caption\"><\/p><\/div><\/div>\n<\/div><\/div>\n\n\n\n<div class=\"section-wrapper\"><div class=\"wp-block-ws-library-scrollable-section-item ws-section-scrollable-item\">\n<h3 class=\"wp-block-heading is-style-title-1\"><em>La For\u00eat blanche (Der wei\u00dfe Wald)<br\/><\/em><strong>Vars<\/strong><\/h3>\n\n\n\n<p>Vars, das Gebiet des wei\u00dfen Waldes, ist ein XXL-Spielplatz, wo sich KL, Freeride-Sessions und sonnige Atmosph\u00e4re treffen, wo sich H\u00f6he auf Adrenalin reimt.<\/p>\n\n\n\n<div class=\"wp-block-buttons is-layout-flex wp-block-buttons-is-layout-flex\">\n<div class=\"wp-block-button\"><a class=\"wp-block-button__link wp-element-button\" href=\"https:\/\/www.hautes-alpes.net\/de\/reiseziele-hautes-alpes\/vars\/\">Entdecken Sie<\/a><\/div>\n<\/div>\n<\/div><\/div>\n\n\n\n<div class=\"section-wrapper\"><div class=\"wp-block-ws-library-scrollable-section-item ws-section-scrollable-item\">\n<div class=\"wp-block-ws-library-ws-image\"><div class=\"wrapper\"><div class=\"group-media\"><img decoding=\"async\" src=\"https:\/\/www.hautes-alpes.net\/wp-content\/uploads\/2025\/11\/risoul3-1240x800.jpg\" alt=\"\" class=\"single_image ws-image-55021\"><div class=\"credits\">OT Risoul<\/div><\/div><p class=\"caption\"><\/p><\/div><\/div>\n<\/div><\/div>\n\n\n\n<div class=\"section-wrapper\"><div class=\"wp-block-ws-library-scrollable-section-item ws-section-scrollable-item\">\n<h3 class=\"wp-block-heading is-style-title-1\"><em>La For\u00eat blanche (Der wei\u00dfe Wald)<br\/><\/em><strong>Risoul<\/strong><\/h3>\n\n\n\n<p>Risoul ist der intimste der gro\u00dfen Skiorte. Risoul liegt auf 1.850 m H\u00f6he im Herzen des Gebiets For\u00eat blanche. <\/p>\n\n\n\n<div class=\"wp-block-buttons is-layout-flex wp-block-buttons-is-layout-flex\">\n<div class=\"wp-block-button\"><a class=\"wp-block-button__link wp-element-button\" href=\"https:\/\/www.hautes-alpes.net\/de\/reiseziele-hautes-alpes\/risoul\/\">Entdecken Sie<\/a><\/div>\n<\/div>\n<\/div><\/div>\n\n\n\n<div class=\"section-wrapper\"><div class=\"wp-block-ws-library-scrollable-section-item ws-section-scrollable-item\">\n<div class=\"wp-block-ws-library-ws-image\"><div class=\"wrapper\"><div class=\"group-media\"><img decoding=\"async\" src=\"https:\/\/www.hautes-alpes.net\/wp-content\/uploads\/2025\/11\/53221246321-0edf49c9d2-o-1240x800.jpg\" alt=\"\" class=\"single_image ws-image-55051\"><div class=\"credits\">OT Les Orres<\/div><\/div><p class=\"caption\"><\/p><\/div><\/div>\n<\/div><\/div>\n\n\n\n<div class=\"section-wrapper\"><div class=\"wp-block-ws-library-scrollable-section-item ws-section-scrollable-item\">\n<h3 class=\"wp-block-heading is-style-title-1\"><em>Die Berge von morgen<br\/><\/em><strong>Les Orres<\/strong><\/h3>\n\n\n\n<p class=\"is-style-default\">Der Ort Les Orres liegt auf dem Balkon des Serre-Pon\u00e7on-Sees und ist ein gro\u00dfer Spielplatz f\u00fcr Innovationen.<\/p>\n\n\n\n<div class=\"wp-block-buttons is-layout-flex wp-block-buttons-is-layout-flex\">\n<div class=\"wp-block-button\"><a class=\"wp-block-button__link wp-element-button\" href=\"https:\/\/www.hautes-alpes.net\/de\/reiseziele-hautes-alpes\/les-orres\/\">Entdecken Sie<\/a><\/div>\n<\/div>\n<\/div><\/div>\n\n\n\n<div class=\"section-wrapper\"><div class=\"wp-block-ws-library-scrollable-section-item ws-section-scrollable-item\">\n<div class=\"wp-block-ws-library-ws-image\"><div class=\"wrapper\"><div class=\"group-media\"><img decoding=\"async\" src=\"https:\/\/www.hautes-alpes.net\/wp-content\/uploads\/2025\/11\/orcieres-463x640.jpg\" alt=\"\" class=\"single_image ws-image-82805\"><div class=\"credits\">DR<\/div><\/div><p class=\"caption\"><\/p><\/div><\/div>\n<\/div><\/div>\n\n\n\n<div class=\"section-wrapper\"><div class=\"wp-block-ws-library-scrollable-section-item ws-section-scrollable-item\">\n<h3 class=\"wp-block-heading is-style-title-1\"><em>Und das Gleiten nahm das Licht.<br\/><\/em><strong>Orci\u00e8res Merlette 1850<\/strong><\/h3>\n\n\n\n<p>Unter dem klaren Himmel der Hautes-Alpes ist Orci\u00e8res Merlette 1850 ein sonniger und sportlicher Ort, der gleichzeitig gro\u00dfz\u00fcgig und familienfreundlich ist.<\/p>\n\n\n\n<div class=\"wp-block-buttons is-layout-flex wp-block-buttons-is-layout-flex\">\n<div class=\"wp-block-button\"><a class=\"wp-block-button__link wp-element-button\" href=\"https:\/\/www.hautes-alpes.net\/de\/reiseziele-hautes-alpes\/orcieres-merlette-1850\/\">Entdecken Sie<\/a><\/div>\n<\/div>\n<\/div><\/div>\n\n\n\n<div class=\"section-wrapper\"><div class=\"wp-block-ws-library-scrollable-section-item ws-section-scrollable-item\">\n<div class=\"wp-block-ws-library-ws-image\"><div class=\"wrapper\"><div class=\"group-media\"><img decoding=\"async\" src=\"https:\/\/www.hautes-alpes.net\/wp-content\/uploads\/2025\/11\/chourumolympique-thibaut-blais-427x640.jpg\" alt=\"\" class=\"single_image ws-image-54788\"><div class=\"credits\">T. Blais<\/div><\/div><p class=\"caption\"><\/p><\/div><\/div>\n<\/div><\/div>\n\n\n\n<div class=\"section-wrapper\"><div class=\"wp-block-ws-library-scrollable-section-item ws-section-scrollable-item\">\n<h3 class=\"wp-block-heading is-style-title-1\"><em>Zwei Stationen, ein Massiv<br\/><\/em><strong>SuperD\u00e9voluy und La Joue-du-Loup<\/strong><\/h3>\n\n\n\n<p>In D\u00e9voluy teilen sich zwei Skiorte die Ehre: SuperD\u00e9voluy, der gewagte, und La Joue-du-Loup, der intime.<\/p>\n\n\n\n<div class=\"wp-block-buttons is-layout-flex wp-block-buttons-is-layout-flex\">\n<div class=\"wp-block-button\"><a class=\"wp-block-button__link wp-element-button\" href=\"https:\/\/www.hautes-alpes.net\/de\/reiseziele-hautes-alpes\/superdevoluy-la-joue-du-loup\/\">Entdecken Sie<\/a><\/div>\n<\/div>\n<\/div><\/div>\n\n\n\n<div class=\"section-wrapper\"><div class=\"wp-block-ws-library-scrollable-section-item ws-section-scrollable-item\">\n<div class=\"wp-block-ws-library-ws-image\"><div class=\"wrapper\"><div class=\"group-media\"><img decoding=\"async\" src=\"https:\/\/www.hautes-alpes.net\/wp-content\/uploads\/2025\/11\/ski-de-rando-rogier-van-rijn-1-1-1-1240x800.jpg\" alt=\"\" class=\"single_image ws-image-74105\"><div class=\"credits\">R. VanRijn<\/div><\/div><p class=\"caption\"><\/p><\/div><\/div>\n<\/div><\/div>\n\n\n\n<div class=\"section-wrapper\"><div class=\"wp-block-ws-library-scrollable-section-item ws-section-scrollable-item\">\n<h3 class=\"wp-block-heading is-style-title-1\"><em>Ferienorte in den D\u00f6rfern<br\/><\/em><strong>Pelvoux-Vallouise<\/strong><\/h3>\n\n\n\n<p>Der Dorfort Pelvoux-Vallouise (Pays des \u00c9crins) spielt die Karte der N\u00e4he zum gro\u00dfen Skigebiet Puy Saint Vincent und au\u00dfergew\u00f6hnlichen Panoramen.<\/p>\n\n\n\n<div class=\"wp-block-buttons is-layout-flex wp-block-buttons-is-layout-flex\">\n<div class=\"wp-block-button\"><a class=\"wp-block-button__link wp-element-button\" href=\"https:\/\/www.hautes-alpes.net\/de\/reiseziele-hautes-alpes\/ferienorte-in-den-doerfern-des-grand-brianconnais\/\">Entdecken Sie<\/a><\/div>\n<\/div>\n<\/div><\/div>\n\n\n\n<div class=\"section-wrapper\"><div class=\"wp-block-ws-library-scrollable-section-item ws-section-scrollable-item\">\n<div class=\"wp-block-ws-library-ws-image\"><div class=\"wrapper\"><div class=\"group-media\"><img decoding=\"async\" src=\"https:\/\/www.hautes-alpes.net\/wp-content\/uploads\/2025\/11\/rogier-van-rijn-2-1-1240x800.jpg\" alt=\"\" class=\"single_image ws-image-53395\"><div class=\"credits\">R. VanRijn<\/div><\/div><p class=\"caption\"><\/p><\/div><\/div>\n<\/div><\/div>\n\n\n\n<div class=\"section-wrapper\"><div class=\"wp-block-ws-library-scrollable-section-item ws-section-scrollable-item\">\n<h3 class=\"wp-block-heading is-style-title-1\"><em>Ferienorte D\u00f6rfer<br\/><\/em><strong>Queyras<\/strong><\/h3>\n\n\n\n<p>Arvieux, Ceillac, Abri\u00e8s, Molines-Saint-V\u00e9ran, vier Skigebiete als vier Gesichter einer gemeinsamen Leidenschaft f\u00fcr eine raue, lebendige und gro\u00dfz\u00fcgige Bergwelt.<\/p>\n\n\n\n<div class=\"wp-block-buttons is-layout-flex wp-block-buttons-is-layout-flex\">\n<div class=\"wp-block-button\"><a class=\"wp-block-button__link wp-element-button\" href=\"https:\/\/www.hautes-alpes.net\/de\/reiseziele-hautes-alpes\/ferienorte-in-den-doerfern-von-queyras\/\">Entdecken Sie<\/a><\/div>\n<\/div>\n<\/div><\/div>\n\n\n\n<div class=\"section-wrapper\"><div class=\"wp-block-ws-library-scrollable-section-item ws-section-scrollable-item\">\n<div class=\"wp-block-ws-library-ws-image\"><div class=\"wrapper\"><div class=\"group-media\"><img decoding=\"async\" src=\"https:\/\/www.hautes-alpes.net\/wp-content\/uploads\/2025\/11\/230224093623-re-mi-morel-ot-serre-ponc-on-1240x800.jpg\" alt=\"\" class=\"single_image ws-image-56606\"><div class=\"credits\">R. Morel<\/div><\/div><p class=\"caption\"><\/p><\/div><\/div>\n<\/div><\/div>\n\n\n\n<div class=\"section-wrapper\"><div class=\"wp-block-ws-library-scrollable-section-item ws-section-scrollable-item\">\n<h3 class=\"wp-block-heading is-style-title-1\"><em>Dorfstationen<br\/><\/em><strong>R\u00e9allon und Cr\u00e9voux<\/strong><\/h3>\n\n\n\n<p>Zwei diskrete Juwelen, zwei Feriend\u00f6rfer im Embrunais, nur wenige Schritte vom See von Serre-Pon\u00e7on entfernt, die Authentizit\u00e4t dem Glanz vorziehen.<\/p>\n\n\n\n<div class=\"wp-block-buttons is-layout-flex wp-block-buttons-is-layout-flex\">\n<div class=\"wp-block-button\"><a class=\"wp-block-button__link wp-element-button\" href=\"https:\/\/www.hautes-alpes.net\/de\/reiseziele-hautes-alpes\/reallon-crevoux\/\">Entdecken Sie<\/a><\/div>\n<\/div>\n<\/div><\/div>\n\n\n\n<div class=\"section-wrapper\"><div class=\"wp-block-ws-library-scrollable-section-item ws-section-scrollable-item\">\n<div class=\"wp-block-ws-library-ws-image\"><div class=\"wrapper\"><div class=\"group-media\"><img decoding=\"async\" src=\"https:\/\/www.hautes-alpes.net\/wp-content\/uploads\/2025\/11\/genepi-1-1240x800.jpg\" alt=\"\" class=\"single_image ws-image-82816\"><div class=\"credits\">P. Domeyne - AD05<\/div><\/div><p class=\"caption\"><\/p><\/div><\/div>\n<\/div><\/div>\n\n\n\n<div class=\"section-wrapper\"><div class=\"wp-block-ws-library-scrollable-section-item ws-section-scrollable-item\">\n<h3 class=\"wp-block-heading is-style-title-1\"><em>Ferienorte D\u00f6rfer<br\/><\/em><strong>Champsaur<\/strong><\/h3>\n\n\n\n<p>In Ancelle, Laye, Chaillol, Saint-L\u00e9ger-les-M\u00e9l\u00e8zes und Serre-Eyraud schnallen Sie die Skier am Fu\u00dfe der H\u00e4user an, blicken auf sanft geschwungene Gipfel und erleben das Skifahren in seiner urspr\u00fcnglichsten Form.<\/p>\n\n\n\n<div class=\"wp-block-buttons is-layout-flex wp-block-buttons-is-layout-flex\">\n<div class=\"wp-block-button\"><a class=\"wp-block-button__link wp-element-button\" href=\"https:\/\/www.hautes-alpes.net\/de\/reiseziele-hautes-alpes\/ferienorte-in-den-doerfern-der-champsaur\/\">Entdecken Sie<\/a><\/div>\n<\/div>\n<\/div><\/div>\n<\/div><\/div><\/div>\n\n<div style=\"height:50px\" aria-hidden=\"true\" class=\"wp-block-spacer\"><\/div>\n\n<div class=\"wp-block-ws-library-ws-animated-quote\"><blockquote class=\"quote-container quote-align-undefined\"><div class=\"group-media\"><div class=\"field-image\"><img decoding=\"async\" class=\"quote-avatar ws-image-60571\" src=\"https:\/\/www.hautes-alpes.net\/wp-content\/uploads\/2025\/11\/arthur-bauchet-serre-chevalier-briancon-29-ot-serre-chevalier-vallee-briancon-1-160x160.jpg\" data-full-url=\"https:\/\/www.hautes-alpes.net\/wp-content\/uploads\/2025\/11\/arthur-bauchet-serre-chevalier-briancon-29-ot-serre-chevalier-vallee-briancon-1-scaled.jpg\" alt=\"\"><\/div><\/div><footer><cite class=\"quote-subcontent\">Arthur <strong>BAUCHET<\/strong><br>Paralympisches Ski-Wunderkind aus Frankreich<\/cite><\/footer><p class=\"quote-content\">Er ist vierfacher Paralympicssieger in Peking 2022, mehrfacher Weltmeister und hat eine Kristallkugel in der Tasche. Er beherrscht die H\u00e4nge mit einer Fl\u00fcssigkeit und einem Eifer, die alle Grenzen aufheben. Er ist explosiv, pr\u00e4zise, hat seine Behinderung in eine St\u00e4rke verwandelt und sich als eines der wichtigsten Gesichter des weltweiten Behindertensports durchgesetzt. Mit seinen 23 Jahren verk\u00f6rpert er bereits die Exzellenz, die Inspiration und die Zukunft des Skisports, der keine Barrieren kennt.  <\/p><\/blockquote><\/div>\n\n<div style=\"height:50px\" aria-hidden=\"true\" class=\"wp-block-spacer\"><\/div>\n\n<h2 class=\"wp-block-heading is-style-title-1\">Die Highlights <strong>des Skifahrens<\/strong><\/h2>\n\n<div class=\"wp-block-group alignwide list-nodetails is-content-justification-center is-layout-flex wp-container-core-group-is-layout-94ea2d6b wp-block-group-is-layout-flex\">\n<div class=\"wp-block-group has-global-padding is-layout-constrained wp-block-group-is-layout-constrained\">\n<div class=\"wp-block-ws-library-ws-image is-style-simple\"><div class=\"wrapper\"><div class=\"group-media\"><img decoding=\"async\" src=\"https:\/\/www.hautes-alpes.net\/wp-content\/uploads\/2025\/12\/492074664-1264188152380267-908416341916913860-n-e1766745122711.jpg\" alt=\"\" class=\"single_image ws-image-130380\"><div class=\"credits\">Derby de la Meije<\/div><\/div><p class=\"caption\"><\/p><\/div><\/div>\n\n\n\n<h3 class=\"wp-block-heading\"><em>Sport<br\/><\/em>Derby de la Meije<\/h3>\n\n\n\n<p>Eine mythische Abfahrt von den Gletschern von La Grave bis zum Dorf, wo man ohne Markierungen losf\u00e4hrt, um seine eigene Linie durch den Pulverschnee zu ziehen. Skier, Snowboard, Telemark, Monoski oder selbstgebastelte Ger\u00e4te: alles ist erlaubt, solange es sich um eine Gleitfahrt und eine gute Portion Wagemut handelt. <\/p>\n<\/div>\n\n\n\n<div class=\"wp-block-group has-global-padding is-layout-constrained wp-block-group-is-layout-constrained\">\n<div class=\"wp-block-ws-library-ws-image is-style-simple\"><div class=\"wrapper\"><div class=\"group-media\"><img decoding=\"async\" src=\"https:\/\/www.hautes-alpes.net\/wp-content\/uploads\/2025\/11\/franjo-von-allmen-gilles-baron-2-1240x800.jpg\" alt=\"\" class=\"single_image ws-image-52024\"><div class=\"credits\">G. Baron<\/div><\/div><p class=\"caption\">Alpiner Ski-Europacup in Orci\u00e8res Merlette<\/p><\/div><\/div>\n\n\n\n<h3 class=\"wp-block-heading\"><em>Sport<br\/><\/em>Europacups Orci\u00e8res Merlette 1850<\/h3>\n\n\n\n<p>Diese unumg\u00e4ngliche Etappe der kontinentalen Tour bringt die aufstrebende Elite des weltweiten Skisports zusammen, die sich auf den anspruchsvollen und spektakul\u00e4ren Strecken der Camille Ricou-Piste messen will.<\/p>\n<\/div>\n\n\n\n<div class=\"wp-block-group has-global-padding is-layout-constrained wp-block-group-is-layout-constrained\">\n<div class=\"wp-block-ws-library-ws-image is-style-simple\"><div class=\"wrapper\"><div class=\"group-media\"><img decoding=\"async\" src=\"https:\/\/www.hautes-alpes.net\/wp-content\/uploads\/2025\/12\/279-20230325-morel-mv-7865-web-grandprixserrechevalier2023-1240x800.jpg\" alt=\"\" class=\"single_image ws-image-130339\"><div class=\"credits\">Morel<\/div><\/div><p class=\"caption\"><\/p><\/div><\/div>\n\n\n\n<h3 class=\"wp-block-heading\"><em>Sport<br\/><\/em>Gro\u00dfer Preis von Serre Chevalier<\/h3>\n\n\n\n<p>Gesellige Atmosph\u00e4re, Nervenkitzel und ein grandioser Rahmen: ein Cocktail aus 100 % Bergen zum Klang der sanften oder verr\u00fcckten Fahrten der Tausenden von Teilnehmern des Grand Prix de Serre Che.<\/p>\n<\/div>\n<\/div>\n\n<div style=\"height:100px\" aria-hidden=\"true\" class=\"wp-block-spacer\"><\/div>\n\n<hr class=\"wp-block-separator has-alpha-channel-opacity is-style-default\"\/>\n\n<h2 class=\"wp-block-heading is-style-title-1\"><strong>Siehe auch<\/strong><\/h2>\n\n<div class=\"wp-block-group alignwide list-nodetails is-content-justification-center is-layout-flex wp-container-core-group-is-layout-94ea2d6b wp-block-group-is-layout-flex\">\n<div class=\"wp-block-group has-global-padding is-layout-constrained wp-block-group-is-layout-constrained\">\n<div class=\"wp-block-ws-library-ws-image is-style-simple\"><div class=\"wrapper\"><div class=\"group-media\"><img decoding=\"async\" src=\"https:\/\/www.hautes-alpes.net\/wp-content\/uploads\/2025\/12\/vars-chiens-de-traineaux-credit-photo-tim-arnold-4-1240x800.jpg\" alt=\"\" class=\"single_image ws-image-116925\"><div class=\"credits\">OT Vars<\/div><\/div><p class=\"caption\"><\/p><\/div><\/div>\n\n\n\n<h3 class=\"wp-block-heading is-style-title-2\"><em>ErlebnisseNordische Aktivit\u00e4ten<\/em><\/h3>\n\n\n\n<div class=\"wp-block-buttons is-layout-flex wp-block-buttons-is-layout-flex\">\n<div class=\"wp-block-button\"><a class=\"wp-block-button__link wp-element-button\" href=\"https:\/\/www.hautes-alpes.net\/de\/erfahrungen-hautes-alpes\/nordische-aktivitaeten\/\">Siehe<\/a><\/div>\n<\/div>\n<\/div>\n\n\n\n<div class=\"wp-block-group has-global-padding is-layout-constrained wp-block-group-is-layout-constrained\">\n<div class=\"wp-block-ws-library-ws-image is-style-simple\"><div class=\"wrapper\"><div class=\"group-media\"><img decoding=\"async\" src=\"https:\/\/www.hautes-alpes.net\/wp-content\/uploads\/2025\/11\/briancon-hd-alpesphotographiescom-1-1240x800.jpg\" alt=\"Sch\u00f6ne Lichter auf Brian\u00e7on im Schnee\" class=\"single_image ws-image-47858\"><div class=\"credits\">Alpen Fotografien<\/div><\/div><p class=\"caption\"><\/p><\/div><\/div>\n\n\n\n<h3 class=\"wp-block-heading is-style-title-2\"><em>Ikonische<br\/><\/em>Olympische Winterspiele 2030<\/h3>\n\n\n\n<div class=\"wp-block-buttons is-layout-flex wp-block-buttons-is-layout-flex\">\n<div class=\"wp-block-button\"><a class=\"wp-block-button__link wp-element-button\" href=\"https:\/\/www.hautes-alpes.net\/de\/ikonische\/winterspiele-2030\/\">Siehe<\/a><\/div>\n<\/div>\n<\/div>\n<\/div>\n\n<div class=\"wp-block-ws-library-ws-share\"><span class=\"share-subtitle\">Hat Ihnen diese Seite gefallen?<\/span><span class=\"share-title\">Teilen Sie es mit anderen!<\/span><button class=\"ws-share-button wp-element-button\">Diese Seite teilen<\/button><\/div>\n","protected":false},"excerpt":{"rendered":"<p>SkiWinter in gro\u00dfemStil Im reinen Licht der Hautes-Alpes geht das Skifahren \u00fcber die Kurven und Pisten hinaus. Es ist eine [&hellip;]<\/p>\n","protected":false},"author":6,"featured_media":0,"parent":108206,"menu_order":0,"comment_status":"closed","ping_status":"closed","template":"","meta":{"is_dark_mode":false,"footnotes":""},"page_label":[],"class_list":["post-109788","page","type-page","status-publish","hentry"],"yoast_head":"<!-- This site is optimized with the Yoast SEO plugin v27.2 - https:\/\/yoast.com\/product\/yoast-seo-wordpress\/ -->\n<title>Ski - Hautes-Alpes<\/title>\n<meta name=\"description\" content=\"Ski SkiWinter in gro\u00dfemStil Im reinen Licht der Hautes-Alpes geht das Skifahren \u00fcber die Kurven und Pisten hinaus. Es ist eine rohe Sensation, ein Hauch\" \/>\n<meta name=\"robots\" content=\"index, follow, max-snippet:-1, max-image-preview:large, max-video-preview:-1\" \/>\n<link rel=\"canonical\" href=\"https:\/\/www.hautes-alpes.net\/de\/erfahrungen-hautes-alpes\/ski\/\" \/>\n<meta property=\"og:locale\" content=\"de_DE\" \/>\n<meta property=\"og:type\" content=\"article\" \/>\n<meta property=\"og:title\" content=\"Ski - Hautes-Alpes\" \/>\n<meta property=\"og:description\" content=\"Ski SkiWinter in gro\u00dfemStil Im reinen Licht der Hautes-Alpes geht das Skifahren \u00fcber die Kurven und Pisten hinaus. Es ist eine rohe Sensation, ein Hauch\" \/>\n<meta property=\"og:url\" content=\"https:\/\/www.hautes-alpes.net\/de\/erfahrungen-hautes-alpes\/ski\/\" \/>\n<meta property=\"og:site_name\" content=\"Hautes-Alpes\" \/>\n<meta property=\"article:modified_time\" content=\"2026-01-27T08:35:29+00:00\" \/>\n<meta property=\"og:image\" content=\"https:\/\/www.hautes-alpes.net\/wp-content\/uploads\/2025\/11\/230224093659-re-mi-morel-ot-serre-ponc-on-222-scaled.jpg\" \/>\n\t<meta property=\"og:image:width\" content=\"2560\" \/>\n\t<meta property=\"og:image:height\" content=\"1707\" \/>\n\t<meta property=\"og:image:type\" content=\"image\/jpeg\" \/>\n<meta name=\"twitter:card\" content=\"summary_large_image\" \/>\n<meta name=\"twitter:label1\" content=\"Gesch\u00e4tzte Lesezeit\" \/>\n\t<meta name=\"twitter:data1\" content=\"5 Minuten\" \/>\n<script type=\"application\/ld+json\" class=\"yoast-schema-graph\">{\"@context\":\"https:\/\/schema.org\",\"@graph\":[{\"@type\":\"WebPage\",\"@id\":\"https:\/\/www.hautes-alpes.net\/de\/erfahrungen-hautes-alpes\/ski\/\",\"url\":\"https:\/\/www.hautes-alpes.net\/de\/erfahrungen-hautes-alpes\/ski\/\",\"name\":\"Ski - Hautes-Alpes\",\"isPartOf\":{\"@id\":\"https:\/\/www.hautes-alpes.net\/de\/#website\"},\"primaryImageOfPage\":{\"@id\":\"https:\/\/www.hautes-alpes.net\/de\/erfahrungen-hautes-alpes\/ski\/#primaryimage\"},\"image\":{\"@id\":\"https:\/\/www.hautes-alpes.net\/de\/erfahrungen-hautes-alpes\/ski\/#primaryimage\"},\"thumbnailUrl\":\"https:\/\/www.hautes-alpes.net\/wp-content\/uploads\/2025\/11\/230224093659-re-mi-morel-ot-serre-ponc-on-222-700x840.jpg\",\"datePublished\":\"2025-11-20T14:01:40+00:00\",\"dateModified\":\"2026-01-27T08:35:29+00:00\",\"description\":\"Ski SkiWinter in gro\u00dfemStil Im reinen Licht der Hautes-Alpes geht das Skifahren \u00fcber die Kurven und Pisten hinaus. Es ist eine rohe Sensation, ein Hauch\",\"breadcrumb\":{\"@id\":\"https:\/\/www.hautes-alpes.net\/de\/erfahrungen-hautes-alpes\/ski\/#breadcrumb\"},\"inLanguage\":\"de\",\"potentialAction\":[{\"@type\":\"ReadAction\",\"target\":[\"https:\/\/www.hautes-alpes.net\/de\/erfahrungen-hautes-alpes\/ski\/\"]}]},{\"@type\":\"ImageObject\",\"inLanguage\":\"de\",\"@id\":\"https:\/\/www.hautes-alpes.net\/de\/erfahrungen-hautes-alpes\/ski\/#primaryimage\",\"url\":\"https:\/\/www.hautes-alpes.net\/wp-content\/uploads\/2025\/11\/230224093659-re-mi-morel-ot-serre-ponc-on-222-700x840.jpg\",\"contentUrl\":\"https:\/\/www.hautes-alpes.net\/wp-content\/uploads\/2025\/11\/230224093659-re-mi-morel-ot-serre-ponc-on-222-700x840.jpg\"},{\"@type\":\"BreadcrumbList\",\"@id\":\"https:\/\/www.hautes-alpes.net\/de\/erfahrungen-hautes-alpes\/ski\/#breadcrumb\",\"itemListElement\":[{\"@type\":\"ListItem\",\"position\":1,\"name\":\"Accueil\",\"item\":\"https:\/\/www.hautes-alpes.net\/de\/hautes-alpes\/\"},{\"@type\":\"ListItem\",\"position\":2,\"name\":\"Erfahrungen - Hautes-Alpes\",\"item\":\"https:\/\/www.hautes-alpes.net\/de\/erfahrungen-hautes-alpes\/\"},{\"@type\":\"ListItem\",\"position\":3,\"name\":\"Erfahrungen - Hautes-Alpes\",\"item\":\"https:\/\/www.hautes-alpes.net\/de\/erfahrungen-hautes-alpes\/\"},{\"@type\":\"ListItem\",\"position\":4,\"name\":\"Ski\"}]},{\"@type\":\"WebSite\",\"@id\":\"https:\/\/www.hautes-alpes.net\/de\/#website\",\"url\":\"https:\/\/www.hautes-alpes.net\/de\/\",\"name\":\"ADDET\",\"description\":\"\",\"publisher\":{\"@id\":\"https:\/\/www.hautes-alpes.net\/de\/#organization\"},\"potentialAction\":[{\"@type\":\"SearchAction\",\"target\":{\"@type\":\"EntryPoint\",\"urlTemplate\":\"https:\/\/www.hautes-alpes.net\/de\/?s={search_term_string}\"},\"query-input\":{\"@type\":\"PropertyValueSpecification\",\"valueRequired\":true,\"valueName\":\"search_term_string\"}}],\"inLanguage\":\"de\"},{\"@type\":\"Organization\",\"@id\":\"https:\/\/www.hautes-alpes.net\/de\/#organization\",\"name\":\"Agence D\u00e9partementale de D\u00e9veloppement Economique et Touristique des Hautes-Alpes\",\"url\":\"https:\/\/www.hautes-alpes.net\/de\/\",\"logo\":{\"@type\":\"ImageObject\",\"inLanguage\":\"de\",\"@id\":\"https:\/\/www.hautes-alpes.net\/de\/#\/schema\/logo\/image\/\",\"url\":\"https:\/\/www.hautes-alpes.net\/wp-content\/uploads\/2026\/01\/black-logo-2.svg\",\"contentUrl\":\"https:\/\/www.hautes-alpes.net\/wp-content\/uploads\/2026\/01\/black-logo-2.svg\",\"caption\":\"Agence D\u00e9partementale de D\u00e9veloppement Economique et Touristique des Hautes-Alpes\"},\"image\":{\"@id\":\"https:\/\/www.hautes-alpes.net\/de\/#\/schema\/logo\/image\/\"}}]}<\/script>\n<!-- \/ Yoast SEO plugin. -->","yoast_head_json":{"title":"Ski - Hautes-Alpes","description":"Ski SkiWinter in gro\u00dfemStil Im reinen Licht der Hautes-Alpes geht das Skifahren \u00fcber die Kurven und Pisten hinaus. Es ist eine rohe Sensation, ein Hauch","robots":{"index":"index","follow":"follow","max-snippet":"max-snippet:-1","max-image-preview":"max-image-preview:large","max-video-preview":"max-video-preview:-1"},"canonical":"https:\/\/www.hautes-alpes.net\/de\/erfahrungen-hautes-alpes\/ski\/","og_locale":"de_DE","og_type":"article","og_title":"Ski - Hautes-Alpes","og_description":"Ski SkiWinter in gro\u00dfemStil Im reinen Licht der Hautes-Alpes geht das Skifahren \u00fcber die Kurven und Pisten hinaus. Es ist eine rohe Sensation, ein Hauch","og_url":"https:\/\/www.hautes-alpes.net\/de\/erfahrungen-hautes-alpes\/ski\/","og_site_name":"Hautes-Alpes","article_modified_time":"2026-01-27T08:35:29+00:00","og_image":[{"width":2560,"height":1707,"url":"https:\/\/www.hautes-alpes.net\/wp-content\/uploads\/2025\/11\/230224093659-re-mi-morel-ot-serre-ponc-on-222-scaled.jpg","type":"image\/jpeg"}],"twitter_card":"summary_large_image","twitter_misc":{"Gesch\u00e4tzte Lesezeit":"5 Minuten"},"schema":{"@context":"https:\/\/schema.org","@graph":[{"@type":"WebPage","@id":"https:\/\/www.hautes-alpes.net\/de\/erfahrungen-hautes-alpes\/ski\/","url":"https:\/\/www.hautes-alpes.net\/de\/erfahrungen-hautes-alpes\/ski\/","name":"Ski - Hautes-Alpes","isPartOf":{"@id":"https:\/\/www.hautes-alpes.net\/de\/#website"},"primaryImageOfPage":{"@id":"https:\/\/www.hautes-alpes.net\/de\/erfahrungen-hautes-alpes\/ski\/#primaryimage"},"image":{"@id":"https:\/\/www.hautes-alpes.net\/de\/erfahrungen-hautes-alpes\/ski\/#primaryimage"},"thumbnailUrl":"https:\/\/www.hautes-alpes.net\/wp-content\/uploads\/2025\/11\/230224093659-re-mi-morel-ot-serre-ponc-on-222-700x840.jpg","datePublished":"2025-11-20T14:01:40+00:00","dateModified":"2026-01-27T08:35:29+00:00","description":"Ski SkiWinter in gro\u00dfemStil Im reinen Licht der Hautes-Alpes geht das Skifahren \u00fcber die Kurven und Pisten hinaus. Es ist eine rohe Sensation, ein Hauch","breadcrumb":{"@id":"https:\/\/www.hautes-alpes.net\/de\/erfahrungen-hautes-alpes\/ski\/#breadcrumb"},"inLanguage":"de","potentialAction":[{"@type":"ReadAction","target":["https:\/\/www.hautes-alpes.net\/de\/erfahrungen-hautes-alpes\/ski\/"]}]},{"@type":"ImageObject","inLanguage":"de","@id":"https:\/\/www.hautes-alpes.net\/de\/erfahrungen-hautes-alpes\/ski\/#primaryimage","url":"https:\/\/www.hautes-alpes.net\/wp-content\/uploads\/2025\/11\/230224093659-re-mi-morel-ot-serre-ponc-on-222-700x840.jpg","contentUrl":"https:\/\/www.hautes-alpes.net\/wp-content\/uploads\/2025\/11\/230224093659-re-mi-morel-ot-serre-ponc-on-222-700x840.jpg"},{"@type":"BreadcrumbList","@id":"https:\/\/www.hautes-alpes.net\/de\/erfahrungen-hautes-alpes\/ski\/#breadcrumb","itemListElement":[{"@type":"ListItem","position":1,"name":"Accueil","item":"https:\/\/www.hautes-alpes.net\/de\/hautes-alpes\/"},{"@type":"ListItem","position":2,"name":"Erfahrungen - Hautes-Alpes","item":"https:\/\/www.hautes-alpes.net\/de\/erfahrungen-hautes-alpes\/"},{"@type":"ListItem","position":3,"name":"Erfahrungen - Hautes-Alpes","item":"https:\/\/www.hautes-alpes.net\/de\/erfahrungen-hautes-alpes\/"},{"@type":"ListItem","position":4,"name":"Ski"}]},{"@type":"WebSite","@id":"https:\/\/www.hautes-alpes.net\/de\/#website","url":"https:\/\/www.hautes-alpes.net\/de\/","name":"ADDET","description":"","publisher":{"@id":"https:\/\/www.hautes-alpes.net\/de\/#organization"},"potentialAction":[{"@type":"SearchAction","target":{"@type":"EntryPoint","urlTemplate":"https:\/\/www.hautes-alpes.net\/de\/?s={search_term_string}"},"query-input":{"@type":"PropertyValueSpecification","valueRequired":true,"valueName":"search_term_string"}}],"inLanguage":"de"},{"@type":"Organization","@id":"https:\/\/www.hautes-alpes.net\/de\/#organization","name":"Agence D\u00e9partementale de D\u00e9veloppement Economique et Touristique des Hautes-Alpes","url":"https:\/\/www.hautes-alpes.net\/de\/","logo":{"@type":"ImageObject","inLanguage":"de","@id":"https:\/\/www.hautes-alpes.net\/de\/#\/schema\/logo\/image\/","url":"https:\/\/www.hautes-alpes.net\/wp-content\/uploads\/2026\/01\/black-logo-2.svg","contentUrl":"https:\/\/www.hautes-alpes.net\/wp-content\/uploads\/2026\/01\/black-logo-2.svg","caption":"Agence D\u00e9partementale de D\u00e9veloppement Economique et Touristique des Hautes-Alpes"},"image":{"@id":"https:\/\/www.hautes-alpes.net\/de\/#\/schema\/logo\/image\/"}}]}},"_links":{"self":[{"href":"https:\/\/www.hautes-alpes.net\/de\/wp-json\/wp\/v2\/pages\/109788","targetHints":{"allow":["GET"]}}],"collection":[{"href":"https:\/\/www.hautes-alpes.net\/de\/wp-json\/wp\/v2\/pages"}],"about":[{"href":"https:\/\/www.hautes-alpes.net\/de\/wp-json\/wp\/v2\/types\/page"}],"author":[{"embeddable":true,"href":"https:\/\/www.hautes-alpes.net\/de\/wp-json\/wp\/v2\/users\/6"}],"replies":[{"embeddable":true,"href":"https:\/\/www.hautes-alpes.net\/de\/wp-json\/wp\/v2\/comments?post=109788"}],"version-history":[{"count":10,"href":"https:\/\/www.hautes-alpes.net\/de\/wp-json\/wp\/v2\/pages\/109788\/revisions"}],"predecessor-version":[{"id":235194,"href":"https:\/\/www.hautes-alpes.net\/de\/wp-json\/wp\/v2\/pages\/109788\/revisions\/235194"}],"up":[{"embeddable":true,"href":"https:\/\/www.hautes-alpes.net\/de\/wp-json\/wp\/v2\/pages\/108206"}],"wp:attachment":[{"href":"https:\/\/www.hautes-alpes.net\/de\/wp-json\/wp\/v2\/media?parent=109788"}],"wp:term":[{"taxonomy":"page_label","embeddable":true,"href":"https:\/\/www.hautes-alpes.net\/de\/wp-json\/wp\/v2\/page_label?post=109788"}],"curies":[{"name":"wp","href":"https:\/\/api.w.org\/{rel}","templated":true}]}}