{"id":109751,"date":"2025-11-20T15:02:20","date_gmt":"2025-11-20T14:02:20","guid":{"rendered":"https:\/\/www.hautes-alpes.net\/erfahrungen-hautes-alpes\/freizeitaktivitaeten-in-der-luft\/"},"modified":"2026-02-23T11:10:45","modified_gmt":"2026-02-23T10:10:45","slug":"freizeitaktivitaeten-in-der-luft","status":"publish","type":"page","link":"https:\/\/www.hautes-alpes.net\/de\/erfahrungen-hautes-alpes\/freizeitaktivitaeten-in-der-luft\/","title":{"rendered":"Freizeitaktivit\u00e4ten in der Luft"},"content":{"rendered":"\n<div class=\"wp-block-group alignfull hero-banner-cover-wide has-global-padding is-layout-constrained wp-block-group-is-layout-constrained\"><div class=\"yoast-breadcrumbs\"><span><span><a href=\"https:\/\/www.hautes-alpes.net\/de\/hautes-alpes\/\">Accueil<\/a><\/span>  <span><a href=\"https:\/\/www.hautes-alpes.net\/de\/erfahrungen-hautes-alpes\/\">Erfahrungen - Hautes-Alpes<\/a><\/span>  <span><a href=\"https:\/\/www.hautes-alpes.net\/de\/erfahrungen-hautes-alpes\/\">Erfahrungen - Hautes-Alpes<\/a><\/span>  <span class=\"breadcrumb_last\" aria-current=\"page\">Freizeitaktivit\u00e4ten in der Luft<\/span><\/span><\/div>\n\n\n<h1 class=\"wp-block-ws-library-post-title\">Freizeitaktivit\u00e4ten in der Luft<\/h1>\n\n\n\n<div class=\"wp-block-ws-library-media-embed ws-media-embed\"><img decoding=\"async\" src=\"https:\/\/www.hautes-alpes.net\/wp-content\/uploads\/2025\/12\/gbaron-parapente-1600x1000.jpg\" alt=\"\" class=\"ws-media-embed__image\" style=\"aspect-ratio:2000\/1000\"><\/div>\n\n\n\n<p class=\"subtitle\">In Reichweite des Himmels<\/p>\n\n\n\n<p>In den <strong>Hautes-Alpes<\/strong> ist der Wind nicht nur ein dekoratives Element. Er ist Partner, Motor und manchmal auch Gegner. Der Himmel der Hochalpen ist der Spielplatz f\u00fcr M\u00e4nner und Frauen, die von H\u00f6henfl\u00fcgen tr\u00e4umen, die die Schwerkraft \u00fcberwinden wollen, wie man eine Gratlinie sucht. Ob es sich nun darum handelt, aus <strong>4.000 Metern H\u00f6he<\/strong> zur Erde zu tauchen oder den Aufwind eines Passes zu genie\u00dfen, Fliegen ist hier mehr als nur ein Hobby: Es ist eine Erfahrung, die jede Faser des K\u00f6rpers weckt.   <\/p>\n<\/div>\n\n<div style=\"height:50px\" aria-hidden=\"true\" class=\"wp-block-spacer\"><\/div>\n\n<div class=\"wp-block-ws-library-ws-video is-style-animated-content\"><div class=\"wrapper\"><div class=\"group-media\">\n<figure class=\"wp-block-video video-block\"><video playsinline height=\"1080\" style=\"aspect-ratio: 1920 \/ 1080;\" width=\"1920\" autoplay=\"\" loop=\"\" muted=\"\" src=\"https:\/\/www.hautes-alpes.net\/wp-content\/uploads\/2025\/12\/loisirs-aeriens-ok.mp4\"><\/video><figcaption class=\"wp-element-caption\"><strong>Traum von der H\u00f6he<\/strong><\/figcaption><\/figure>\n<\/div><\/div><\/div>\n\n<div style=\"height:50px\" aria-hidden=\"true\" class=\"wp-block-spacer\"><\/div>\n\n<div class=\"wp-block-group alignfull step-by-step has-global-padding is-layout-constrained wp-block-group-is-layout-constrained\">\n<div class=\"wp-block-ws-library-ws-columns alignwide has-2-columns are-vertically-aligned-center layout-5050\">\n<div class=\"wp-block-ws-library-ws-column\"><div class=\"wrapper\">\n<h2 class=\"wp-block-heading\"><strong>Tallard <\/strong><br\/>Hauptstadt des Adrenalins<\/h2>\n\n\n\n<p>In <strong>Tallard<\/strong> wird Fallschirmspringen auf Weltniveau gelebt. Anf\u00e4nger und Spitzenteams erleben den gleichen Adrenalinschub, wenn sich die T\u00fcr zum Tal \u00f6ffnet. Dank der au\u00dfergew\u00f6hnlichen aerologischen Bedingungen wird der Himmel \u00fcber den Alpen zu einer wahren Arena. Auch am Boden ist <strong>Tallard<\/strong> ein Exzellenzzentrum f\u00fcr die Luftfahrt, in dem Unternehmen der Branche und das Ausbildungszentrum <strong>Polyaero<\/strong> angesiedelt sind.   <\/p>\n<\/div><\/div>\n\n\n\n<div class=\"wp-block-ws-library-ws-column\"><div class=\"wrapper\">\n<div class=\"wp-block-ws-library-ws-image\"><div class=\"wrapper\"><div class=\"group-media\"><img decoding=\"async\" src=\"https:\/\/www.hautes-alpes.net\/wp-content\/uploads\/2025\/11\/hautes-alpes-spirit-jean-marie-urlacher-34-1240x800.jpg\" alt=\"\" class=\"single_image ws-image-59790\"><div class=\"credits\">JM. Urlacher <\/div><\/div><p class=\"caption\"><\/p><\/div><\/div>\n<\/div><\/div>\n<\/div>\n\n\n\n<div class=\"wp-block-ws-library-ws-columns alignwide has-2-columns are-vertically-aligned-center layout-5050\">\n<div class=\"wp-block-ws-library-ws-column\"><div class=\"wrapper\">\n<h2 class=\"wp-block-heading\"><strong>Drachenfliegen,<\/strong> <br\/>wenn der Berg zum Sprungbrett wird<\/h2>\n\n\n\n<p>Auf den <strong>Bergen von Chabre<\/strong> oder <strong>Saint-Andr\u00e9-les-Alpes<\/strong> haben Paragliding und Drachenfliegen ihre Kathedralen. Es ist das Reich des Aufwindes, der Segel, die sich wie die Fl\u00fcgel eines Riesen ausbreiten, und der Stille, die sich einstellt, wenn man den Boden verl\u00e4sst. Freiflug in den Hautes-Alpes bedeutet, in eine Dimension einzutreten, in der der K\u00f6rper zur\u00fccktritt und nur das reine Gef\u00fchl bleibt: das Gef\u00fchl, zu schweben, getragen von den Bergen.  <\/p>\n<\/div><\/div>\n\n\n\n<div class=\"wp-block-ws-library-ws-column\"><div class=\"wrapper\">\n<div class=\"wp-block-ws-library-ws-image\"><div class=\"wrapper\"><div class=\"group-media\"><img decoding=\"async\" src=\"https:\/\/www.hautes-alpes.net\/wp-content\/uploads\/2025\/12\/66840-960x640.jpg\" alt=\"\" class=\"single_image ws-image-89756\"><div class=\"credits\">DR<\/div><\/div><p class=\"caption\"><\/p><\/div><\/div>\n<\/div><\/div>\n<\/div>\n\n\n\n<div class=\"wp-block-ws-library-ws-columns alignwide has-2-columns are-vertically-aligned-center layout-5050\">\n<div class=\"wp-block-ws-library-ws-column\"><div class=\"wrapper\">\n<h2 class=\"wp-block-heading\"><strong>Flugpl\u00e4tze, <\/strong><br\/>Tore in die Unendlichkeit<\/h2>\n\n\n\n<p>Hinter Tallard, in <strong>La B\u00e2tie-Montsal\u00e9on<\/strong>, <strong>Saint-Cr\u00e9pin<\/strong> oder Le <strong>Chevalet<\/strong> geht es nicht nur um die Fliegerei, sondern auch um lange Abenteuer. Segelflugzeuge, Kleinflugzeuge, Einf\u00fchrungsfl\u00fcge: diese Flugpl\u00e4tze sind die Kulissen einer diskreten und leidenschaftlichen Kunst. Jeder Start erz\u00e4hlt eine Geschichte von Menschen und Maschinen, jede Landung bringt ein L\u00e4cheln zur\u00fcck, das durch die Freiheit erweitert wurde.  <\/p>\n<\/div><\/div>\n\n\n\n<div class=\"wp-block-ws-library-ws-column\"><div class=\"wrapper\">\n<div class=\"wp-block-ws-library-ws-image\"><div class=\"wrapper\"><div class=\"group-media\"><img decoding=\"async\" src=\"https:\/\/www.hautes-alpes.net\/wp-content\/uploads\/2025\/11\/hautes-alpes-spirit-jean-marie-urlacher-19-1240x800.jpg\" alt=\"\" class=\"single_image ws-image-59775\"><div class=\"credits\">JM. Urlacher <\/div><\/div><p class=\"caption\"><\/p><\/div><\/div>\n<\/div><\/div>\n<\/div>\n<\/div>\n\n<div style=\"height:50px\" aria-hidden=\"true\" class=\"wp-block-spacer\"><\/div>\n\n<div class=\"wp-block-ws-library-ws-gallery ws-gallery alignfull\"><div class=\"group-content\"><div class=\"field-title\">Immer h\u00f6her<\/div><p class=\"field-text\">Immer freier<\/p><\/div><div class=\"list-images\"><div class=\"item item-media scroll-detect\" data-end-offset=\"30%\"><a href=\"https:\/\/www.hautes-alpes.net\/wp-content\/uploads\/2025\/12\/g1-cedric-tempier-10-scaled.jpg\" class=\"item-media__link init-lightbox\" data-glightbox=\"ws-gallery\" data-gallery=\"ws-gallery\" data-title=\"\"><img loading=\"lazy\" decoding=\"async\" width=\"1024\" height=\"683\" src=\"https:\/\/www.hautes-alpes.net\/wp-content\/uploads\/2025\/12\/g1-cedric-tempier-10-1024x683.jpg\" alt=\"\" class=\"ws-image wp-image-88431\" srcset=\"https:\/\/www.hautes-alpes.net\/wp-content\/uploads\/2025\/12\/g1-cedric-tempier-10-1024x683.jpg 1024w, https:\/\/www.hautes-alpes.net\/wp-content\/uploads\/2025\/12\/g1-cedric-tempier-10-300x200.jpg 300w, https:\/\/www.hautes-alpes.net\/wp-content\/uploads\/2025\/12\/g1-cedric-tempier-10-768x512.jpg 768w, https:\/\/www.hautes-alpes.net\/wp-content\/uploads\/2025\/12\/g1-cedric-tempier-10-1536x1024.jpg 1536w, https:\/\/www.hautes-alpes.net\/wp-content\/uploads\/2025\/12\/g1-cedric-tempier-10-2048x1365.jpg 2048w, https:\/\/www.hautes-alpes.net\/wp-content\/uploads\/2025\/12\/g1-cedric-tempier-10-480x320.jpg 480w, https:\/\/www.hautes-alpes.net\/wp-content\/uploads\/2025\/12\/g1-cedric-tempier-10-960x640.jpg 960w, https:\/\/www.hautes-alpes.net\/wp-content\/uploads\/2025\/12\/g1-cedric-tempier-10-660x440.jpg 660w, https:\/\/www.hautes-alpes.net\/wp-content\/uploads\/2025\/12\/g1-cedric-tempier-10-525x350.jpg 525w, https:\/\/www.hautes-alpes.net\/wp-content\/uploads\/2025\/12\/g1-cedric-tempier-10-930x620.jpg 930w\" sizes=\"auto, (max-width: 1024px) 100vw, 1024px\" \/><\/a><\/div><div class=\"item item-media scroll-detect\" data-end-offset=\"30%\"><a href=\"https:\/\/www.hautes-alpes.net\/wp-content\/uploads\/2025\/11\/faune-leo-gayola-11-scaled.jpg\" class=\"item-media__link init-lightbox\" data-glightbox=\"ws-gallery\" data-gallery=\"ws-gallery\" data-title=\"\"><img loading=\"lazy\" decoding=\"async\" width=\"1024\" height=\"637\" src=\"https:\/\/www.hautes-alpes.net\/wp-content\/uploads\/2025\/11\/faune-leo-gayola-11-1024x637.jpg\" alt=\"\" class=\"ws-image wp-image-78302\" srcset=\"https:\/\/www.hautes-alpes.net\/wp-content\/uploads\/2025\/11\/faune-leo-gayola-11-1024x637.jpg 1024w, https:\/\/www.hautes-alpes.net\/wp-content\/uploads\/2025\/11\/faune-leo-gayola-11-300x187.jpg 300w, https:\/\/www.hautes-alpes.net\/wp-content\/uploads\/2025\/11\/faune-leo-gayola-11-768x478.jpg 768w, https:\/\/www.hautes-alpes.net\/wp-content\/uploads\/2025\/11\/faune-leo-gayola-11-1536x956.jpg 1536w, https:\/\/www.hautes-alpes.net\/wp-content\/uploads\/2025\/11\/faune-leo-gayola-11-2048x1274.jpg 2048w, https:\/\/www.hautes-alpes.net\/wp-content\/uploads\/2025\/11\/faune-leo-gayola-11-480x299.jpg 480w, https:\/\/www.hautes-alpes.net\/wp-content\/uploads\/2025\/11\/faune-leo-gayola-11-960x597.jpg 960w, https:\/\/www.hautes-alpes.net\/wp-content\/uploads\/2025\/11\/faune-leo-gayola-11-996x620.jpg 996w, https:\/\/www.hautes-alpes.net\/wp-content\/uploads\/2025\/11\/faune-leo-gayola-11-1029x640.jpg 1029w\" sizes=\"auto, (max-width: 1024px) 100vw, 1024px\" \/><\/a><\/div><div class=\"item item-media scroll-detect\" data-end-offset=\"30%\"><a href=\"https:\/\/www.hautes-alpes.net\/wp-content\/uploads\/2025\/12\/meeting-ae-rien-de-gap-tallard-mai-2024-26052024-th-1858.jpg\" class=\"item-media__link init-lightbox\" data-glightbox=\"ws-gallery\" data-gallery=\"ws-gallery\" data-title=\"\"><img loading=\"lazy\" decoding=\"async\" width=\"1024\" height=\"439\" src=\"https:\/\/www.hautes-alpes.net\/wp-content\/uploads\/2025\/12\/meeting-ae-rien-de-gap-tallard-mai-2024-26052024-th-1858-1024x439.jpg\" alt=\"\" class=\"ws-image wp-image-90878\" srcset=\"https:\/\/www.hautes-alpes.net\/wp-content\/uploads\/2025\/12\/meeting-ae-rien-de-gap-tallard-mai-2024-26052024-th-1858-1024x439.jpg 1024w, https:\/\/www.hautes-alpes.net\/wp-content\/uploads\/2025\/12\/meeting-ae-rien-de-gap-tallard-mai-2024-26052024-th-1858-300x129.jpg 300w, https:\/\/www.hautes-alpes.net\/wp-content\/uploads\/2025\/12\/meeting-ae-rien-de-gap-tallard-mai-2024-26052024-th-1858-768x329.jpg 768w, https:\/\/www.hautes-alpes.net\/wp-content\/uploads\/2025\/12\/meeting-ae-rien-de-gap-tallard-mai-2024-26052024-th-1858-1536x659.jpg 1536w, https:\/\/www.hautes-alpes.net\/wp-content\/uploads\/2025\/12\/meeting-ae-rien-de-gap-tallard-mai-2024-26052024-th-1858-480x206.jpg 480w, https:\/\/www.hautes-alpes.net\/wp-content\/uploads\/2025\/12\/meeting-ae-rien-de-gap-tallard-mai-2024-26052024-th-1858-960x412.jpg 960w, https:\/\/www.hautes-alpes.net\/wp-content\/uploads\/2025\/12\/meeting-ae-rien-de-gap-tallard-mai-2024-26052024-th-1858-1120x480.jpg 1120w, https:\/\/www.hautes-alpes.net\/wp-content\/uploads\/2025\/12\/meeting-ae-rien-de-gap-tallard-mai-2024-26052024-th-1858-1240x532.jpg 1240w, https:\/\/www.hautes-alpes.net\/wp-content\/uploads\/2025\/12\/meeting-ae-rien-de-gap-tallard-mai-2024-26052024-th-1858.jpg 1600w\" sizes=\"auto, (max-width: 1024px) 100vw, 1024px\" \/><\/a><\/div><div class=\"item item-media scroll-detect\" data-end-offset=\"30%\"><a href=\"https:\/\/www.hautes-alpes.net\/wp-content\/uploads\/2025\/12\/aiguille-d-orcie-res-gilles-baron.jpg\" class=\"item-media__link init-lightbox\" data-glightbox=\"ws-gallery\" data-gallery=\"ws-gallery\" data-title=\"\"><img loading=\"lazy\" decoding=\"async\" width=\"682\" height=\"1024\" src=\"https:\/\/www.hautes-alpes.net\/wp-content\/uploads\/2025\/12\/aiguille-d-orcie-res-gilles-baron-682x1024.jpg\" alt=\"\" class=\"ws-image wp-image-89557\" srcset=\"https:\/\/www.hautes-alpes.net\/wp-content\/uploads\/2025\/12\/aiguille-d-orcie-res-gilles-baron-682x1024.jpg 682w, https:\/\/www.hautes-alpes.net\/wp-content\/uploads\/2025\/12\/aiguille-d-orcie-res-gilles-baron-200x300.jpg 200w, https:\/\/www.hautes-alpes.net\/wp-content\/uploads\/2025\/12\/aiguille-d-orcie-res-gilles-baron-768x1154.jpg 768w, https:\/\/www.hautes-alpes.net\/wp-content\/uploads\/2025\/12\/aiguille-d-orcie-res-gilles-baron-1022x1536.jpg 1022w, https:\/\/www.hautes-alpes.net\/wp-content\/uploads\/2025\/12\/aiguille-d-orcie-res-gilles-baron-466x700.jpg 466w, https:\/\/www.hautes-alpes.net\/wp-content\/uploads\/2025\/12\/aiguille-d-orcie-res-gilles-baron-426x640.jpg 426w, https:\/\/www.hautes-alpes.net\/wp-content\/uploads\/2025\/12\/aiguille-d-orcie-res-gilles-baron-480x721.jpg 480w, https:\/\/www.hautes-alpes.net\/wp-content\/uploads\/2025\/12\/aiguille-d-orcie-res-gilles-baron-413x620.jpg 413w, https:\/\/www.hautes-alpes.net\/wp-content\/uploads\/2025\/12\/aiguille-d-orcie-res-gilles-baron.jpg 1363w\" sizes=\"auto, (max-width: 682px) 100vw, 682px\" \/><\/a><\/div><div class=\"item item-media scroll-detect\" data-end-offset=\"30%\"><a href=\"https:\/\/www.hautes-alpes.net\/wp-content\/uploads\/2025\/11\/7b3a4896-1-scaled.jpg\" class=\"item-media__link init-lightbox\" data-glightbox=\"ws-gallery\" data-gallery=\"ws-gallery\" data-title=\"\"><img loading=\"lazy\" decoding=\"async\" width=\"1024\" height=\"683\" src=\"https:\/\/www.hautes-alpes.net\/wp-content\/uploads\/2025\/11\/7b3a4896-1-1024x683.jpg\" alt=\"\" class=\"ws-image wp-image-59701\" srcset=\"https:\/\/www.hautes-alpes.net\/wp-content\/uploads\/2025\/11\/7b3a4896-1-1024x683.jpg 1024w, https:\/\/www.hautes-alpes.net\/wp-content\/uploads\/2025\/11\/7b3a4896-1-300x200.jpg 300w, https:\/\/www.hautes-alpes.net\/wp-content\/uploads\/2025\/11\/7b3a4896-1-768x512.jpg 768w, https:\/\/www.hautes-alpes.net\/wp-content\/uploads\/2025\/11\/7b3a4896-1-1536x1024.jpg 1536w, https:\/\/www.hautes-alpes.net\/wp-content\/uploads\/2025\/11\/7b3a4896-1-2048x1365.jpg 2048w, https:\/\/www.hautes-alpes.net\/wp-content\/uploads\/2025\/11\/7b3a4896-1-480x320.jpg 480w, https:\/\/www.hautes-alpes.net\/wp-content\/uploads\/2025\/11\/7b3a4896-1-960x640.jpg 960w, https:\/\/www.hautes-alpes.net\/wp-content\/uploads\/2025\/11\/7b3a4896-1-660x440.jpg 660w, https:\/\/www.hautes-alpes.net\/wp-content\/uploads\/2025\/11\/7b3a4896-1-525x350.jpg 525w, https:\/\/www.hautes-alpes.net\/wp-content\/uploads\/2025\/11\/7b3a4896-1-930x620.jpg 930w\" sizes=\"auto, (max-width: 1024px) 100vw, 1024px\" \/><\/a><\/div><\/div><\/div>\n\n<div style=\"height:50px\" aria-hidden=\"true\" class=\"wp-block-spacer\"><\/div>\n\n<h2 class=\"wp-block-heading is-style-title-1\">Highlights aus <strong>der Luft<\/strong><\/h2>\n\n<div class=\"wp-block-group alignwide list-nodetails is-content-justification-center is-layout-flex wp-container-core-group-is-layout-94ea2d6b wp-block-group-is-layout-flex\">\n<div class=\"wp-block-group has-global-padding is-layout-constrained wp-block-group-is-layout-constrained\">\n<div class=\"wp-block-ws-library-ws-image is-style-simple\"><div class=\"wrapper\"><div class=\"group-media\"><img decoding=\"async\" src=\"https:\/\/www.hautes-alpes.net\/wp-content\/uploads\/2025\/11\/mer-de-nuage-pic-de-gleize-6-scaled-1240x800.jpg\" alt=\"Luftaufnahme vom Pic de Gleize\" class=\"single_image ws-image-53122\"><div class=\"credits\">C. Tempier - AD05<\/div><\/div><p class=\"caption\"><\/p><\/div><\/div>\n\n\n\n<h2 class=\"wp-block-heading\"><em>Laragne<\/em><\/h2>\n\n\n\n<h3 class=\"wp-block-heading\">Ozone <strong>Chabre Open<\/strong><\/h3>\n\n\n\n<p>Jeden Sommer vereint das Ozone Chabre Open, ein freundschaftlicher Wettbewerb an den H\u00e4ngen des Berges Chabre, Anf\u00e4nger und erfahrene Piloten mit derselben Leidenschaft: gemeinsam fliegen, Fortschritte machen und gro\u00dfe Momente in der Luft und am Boden teilen.<\/p>\n<\/div>\n\n\n\n<div class=\"wp-block-group has-global-padding is-layout-constrained wp-block-group-is-layout-constrained\">\n<div class=\"wp-block-ws-library-ws-image is-style-simple\"><div class=\"wrapper\"><div class=\"group-media\"><img decoding=\"async\" src=\"https:\/\/www.hautes-alpes.net\/wp-content\/uploads\/2025\/12\/meeting-ae-rien-de-gap-tallard-mai-2024-26052024-th-2157-1-1240x800.jpg\" alt=\"\" class=\"single_image ws-image-90889\"><div class=\"credits\">F. Thibault<\/div><\/div><p class=\"caption\"><\/p><\/div><\/div>\n\n\n\n<h2 class=\"wp-block-heading\"><em>Tallard<\/em><\/h2>\n\n\n\n<h3 class=\"wp-block-heading\"><strong>Flugmeeting<\/strong><\/h3>\n\n\n\n<p>Auf dem Flugplatz von Tallard, dem europ\u00e4ischen Tempel der Leichtfliegerei und des Fallschirmspringens, zeichnen die Kunstflieger Arabesken in den azurblauen Himmel, die Patrouillen kreuzen sich auf wenige Meter genau und die Motoren dr\u00f6hnen wie ein Hollywood-Soundtrack.<\/p>\n<\/div>\n<\/div>\n\n<div style=\"height:50px\" aria-hidden=\"true\" class=\"wp-block-spacer\"><\/div>\n\n<div class=\"wp-block-ws-library-ws-animated-quote\"><blockquote class=\"quote-container quote-align-undefined\"><div class=\"group-media\"><div class=\"field-image\"><img decoding=\"async\" class=\"quote-avatar ws-image-76304\" src=\"https:\/\/www.hautes-alpes.net\/wp-content\/uploads\/2025\/11\/p1044306-2r-1080x675-1-160x160.jpg\" data-full-url=\"https:\/\/www.hautes-alpes.net\/wp-content\/uploads\/2025\/11\/p1044306-2r-1080x675-1.jpg\" alt=\"\"><\/div><\/div><footer><cite class=\"quote-subcontent\">Jean-Baptiste <strong>CHANDELIER<\/strong><br>Seilt\u00e4nzer der L\u00fcfte<\/cite><\/footer><p class=\"quote-content\">F\u00fcr ihn ist das Paragliding kein Sport, sondern eine Sprache. Jean-Baptiste Chandelier tanzt buchst\u00e4blich mit der Leere und gleitet durch die Str\u00f6mungen wie andere \u00fcber eine B\u00fchne. Als au\u00dfergew\u00f6hnlicher Pilot und \u00c4sthet der Flugbahn hat er den Schirm in einen Pinsel und den Himmel in eine Leinwand verwandelt. Seine Videos, in denen er W\u00e4nde, Klippen und Wellen streift, sagen alles: chirurgische Pr\u00e4zision, visuelle Poesie und diese seltene Mischung aus Anmut und K\u00fchnheit, die Respekt einfordert.   <\/p><\/blockquote><\/div>\n\n<div style=\"height:100px\" aria-hidden=\"true\" class=\"wp-block-spacer\"><\/div>\n\n<hr class=\"wp-block-separator has-alpha-channel-opacity is-style-default\"\/>\n\n<h2 class=\"wp-block-heading is-style-title-1\"><strong>Siehe auch<\/strong><\/h2>\n\n<div class=\"wp-block-group alignwide list-nodetails is-content-justification-center is-layout-flex wp-container-core-group-is-layout-94ea2d6b wp-block-group-is-layout-flex\">\n<div class=\"wp-block-group has-global-padding is-layout-constrained wp-block-group-is-layout-constrained\">\n<div class=\"wp-block-ws-library-ws-image is-style-simple\"><div class=\"wrapper\"><div class=\"group-media\"><img decoding=\"async\" src=\"https:\/\/www.hautes-alpes.net\/wp-content\/uploads\/2025\/11\/gap-bertrand-bodin-2-1240x800.jpg\" alt=\"\" class=\"single_image ws-image-53035\"><div class=\"credits\">B. Bodin<\/div><\/div><p class=\"caption\">Kathedrale Notre-Dame-et-Saint-Arnoux von Gap<\/p><\/div><\/div>\n\n\n\n<h3 class=\"wp-block-heading is-style-title-2\"><em>Reiseziele<br\/><\/em>Gapen\u00e7ais<\/h3>\n\n\n\n<div class=\"wp-block-buttons is-layout-flex wp-block-buttons-is-layout-flex\">\n<div class=\"wp-block-button\"><a class=\"wp-block-button__link wp-element-button\" href=\"https:\/\/www.hautes-alpes.net\/de\/reiseziele-hautes-alpes\/gapencais\/\">Siehe<\/a><\/div>\n<\/div>\n<\/div>\n\n\n\n<div class=\"wp-block-group has-global-padding is-layout-constrained wp-block-group-is-layout-constrained\">\n<div class=\"wp-block-ws-library-ws-image is-style-simple\"><div class=\"wrapper\"><div class=\"group-media\"><img decoding=\"async\" src=\"https:\/\/www.hautes-alpes.net\/wp-content\/uploads\/2025\/12\/jeux-deuteu-jeux-dhiver-ceuagencekros-remifabregue-17-scaled-e1764766368219-1240x800.jpg\" alt=\"\" class=\"single_image ws-image-91994\"><div class=\"credits\">R. Fabregue<\/div><\/div><p class=\"caption\"><\/p><\/div><\/div>\n\n\n\n<h3 class=\"wp-block-heading is-style-title-2\"><em>Ikonische <\/em><span style=\"font-family: \" americana=\"\" std=\"\" font-size:=\"\" background-color:=\"\" rgb=\"\">Winterspiele, Sommerspiele<\/span><\/h3>\n\n\n\n<div class=\"wp-block-buttons is-layout-flex wp-block-buttons-is-layout-flex\">\n<div class=\"wp-block-button\"><a class=\"wp-block-button__link wp-element-button\" href=\"https:\/\/www.hautes-alpes.net\/de\/ikonische\/winterspiele-sommerspiele\/\">Siehe<\/a><\/div>\n<\/div>\n<\/div>\n<\/div>\n\n<div class=\"wp-block-ws-library-ws-share\"><span class=\"share-subtitle\">Hat Ihnen diese Seite gefallen?<\/span><span class=\"share-title\">Teilen Sie es mit anderen!<\/span><button class=\"ws-share-button wp-element-button\">Diese Seite teilen<\/button><\/div>\n","protected":false},"excerpt":{"rendered":"<p>In Reichweite des Himmels In den Hautes-Alpes ist der Wind nicht nur ein dekoratives Element. Er ist Partner, Motor und [&hellip;]<\/p>\n","protected":false},"author":6,"featured_media":0,"parent":108206,"menu_order":0,"comment_status":"closed","ping_status":"closed","template":"","meta":{"is_dark_mode":false,"footnotes":""},"page_label":[],"class_list":["post-109751","page","type-page","status-publish","hentry"],"yoast_head":"<!-- This site is optimized with the Yoast SEO plugin v27.2 - https:\/\/yoast.com\/product\/yoast-seo-wordpress\/ -->\n<title>Freizeitaktivit\u00e4ten in der Luft - Hautes-Alpes<\/title>\n<meta name=\"description\" content=\"Freizeitaktivit\u00e4ten in der Luft In Reichweite des Himmels In den Hautes-Alpes ist der Wind nicht nur ein dekoratives Element. Er ist Partner, Motor und\" \/>\n<meta name=\"robots\" content=\"index, follow, max-snippet:-1, max-image-preview:large, max-video-preview:-1\" \/>\n<link rel=\"canonical\" href=\"https:\/\/www.hautes-alpes.net\/de\/erfahrungen-hautes-alpes\/freizeitaktivitaeten-in-der-luft\/\" \/>\n<meta property=\"og:locale\" content=\"de_DE\" \/>\n<meta property=\"og:type\" content=\"article\" \/>\n<meta property=\"og:title\" content=\"Freizeitaktivit\u00e4ten in der Luft - Hautes-Alpes\" \/>\n<meta property=\"og:description\" content=\"Freizeitaktivit\u00e4ten in der Luft In Reichweite des Himmels In den Hautes-Alpes ist der Wind nicht nur ein dekoratives Element. Er ist Partner, Motor und\" \/>\n<meta property=\"og:url\" content=\"https:\/\/www.hautes-alpes.net\/de\/erfahrungen-hautes-alpes\/freizeitaktivitaeten-in-der-luft\/\" \/>\n<meta property=\"og:site_name\" content=\"Hautes-Alpes\" \/>\n<meta property=\"article:modified_time\" content=\"2026-02-23T10:10:45+00:00\" \/>\n<meta property=\"og:image\" content=\"https:\/\/www.hautes-alpes.net\/wp-content\/uploads\/2025\/12\/gbaron-parapente-1600x1000.jpg\" \/>\n<meta name=\"twitter:card\" content=\"summary_large_image\" \/>\n<meta name=\"twitter:label1\" content=\"Gesch\u00e4tzte Lesezeit\" \/>\n\t<meta name=\"twitter:data1\" content=\"3 Minuten\" \/>\n<script type=\"application\/ld+json\" class=\"yoast-schema-graph\">{\"@context\":\"https:\/\/schema.org\",\"@graph\":[{\"@type\":\"WebPage\",\"@id\":\"https:\/\/www.hautes-alpes.net\/de\/erfahrungen-hautes-alpes\/freizeitaktivitaeten-in-der-luft\/\",\"url\":\"https:\/\/www.hautes-alpes.net\/de\/erfahrungen-hautes-alpes\/freizeitaktivitaeten-in-der-luft\/\",\"name\":\"Freizeitaktivit\u00e4ten in der Luft - Hautes-Alpes\",\"isPartOf\":{\"@id\":\"https:\/\/www.hautes-alpes.net\/de\/#website\"},\"primaryImageOfPage\":{\"@id\":\"https:\/\/www.hautes-alpes.net\/de\/erfahrungen-hautes-alpes\/freizeitaktivitaeten-in-der-luft\/#primaryimage\"},\"image\":{\"@id\":\"https:\/\/www.hautes-alpes.net\/de\/erfahrungen-hautes-alpes\/freizeitaktivitaeten-in-der-luft\/#primaryimage\"},\"thumbnailUrl\":\"https:\/\/www.hautes-alpes.net\/wp-content\/uploads\/2025\/12\/gbaron-parapente-1600x1000.jpg\",\"datePublished\":\"2025-11-20T14:02:20+00:00\",\"dateModified\":\"2026-02-23T10:10:45+00:00\",\"description\":\"Freizeitaktivit\u00e4ten in der Luft In Reichweite des Himmels In den Hautes-Alpes ist der Wind nicht nur ein dekoratives Element. Er ist Partner, Motor und\",\"breadcrumb\":{\"@id\":\"https:\/\/www.hautes-alpes.net\/de\/erfahrungen-hautes-alpes\/freizeitaktivitaeten-in-der-luft\/#breadcrumb\"},\"inLanguage\":\"de\",\"potentialAction\":[{\"@type\":\"ReadAction\",\"target\":[\"https:\/\/www.hautes-alpes.net\/de\/erfahrungen-hautes-alpes\/freizeitaktivitaeten-in-der-luft\/\"]}]},{\"@type\":\"ImageObject\",\"inLanguage\":\"de\",\"@id\":\"https:\/\/www.hautes-alpes.net\/de\/erfahrungen-hautes-alpes\/freizeitaktivitaeten-in-der-luft\/#primaryimage\",\"url\":\"https:\/\/www.hautes-alpes.net\/wp-content\/uploads\/2025\/12\/gbaron-parapente-1600x1000.jpg\",\"contentUrl\":\"https:\/\/www.hautes-alpes.net\/wp-content\/uploads\/2025\/12\/gbaron-parapente-1600x1000.jpg\"},{\"@type\":\"BreadcrumbList\",\"@id\":\"https:\/\/www.hautes-alpes.net\/de\/erfahrungen-hautes-alpes\/freizeitaktivitaeten-in-der-luft\/#breadcrumb\",\"itemListElement\":[{\"@type\":\"ListItem\",\"position\":1,\"name\":\"Accueil\",\"item\":\"https:\/\/www.hautes-alpes.net\/de\/hautes-alpes\/\"},{\"@type\":\"ListItem\",\"position\":2,\"name\":\"Erfahrungen - Hautes-Alpes\",\"item\":\"https:\/\/www.hautes-alpes.net\/de\/erfahrungen-hautes-alpes\/\"},{\"@type\":\"ListItem\",\"position\":3,\"name\":\"Erfahrungen - Hautes-Alpes\",\"item\":\"https:\/\/www.hautes-alpes.net\/de\/erfahrungen-hautes-alpes\/\"},{\"@type\":\"ListItem\",\"position\":4,\"name\":\"Freizeitaktivit\u00e4ten in der Luft\"}]},{\"@type\":\"WebSite\",\"@id\":\"https:\/\/www.hautes-alpes.net\/de\/#website\",\"url\":\"https:\/\/www.hautes-alpes.net\/de\/\",\"name\":\"ADDET\",\"description\":\"\",\"publisher\":{\"@id\":\"https:\/\/www.hautes-alpes.net\/de\/#organization\"},\"potentialAction\":[{\"@type\":\"SearchAction\",\"target\":{\"@type\":\"EntryPoint\",\"urlTemplate\":\"https:\/\/www.hautes-alpes.net\/de\/?s={search_term_string}\"},\"query-input\":{\"@type\":\"PropertyValueSpecification\",\"valueRequired\":true,\"valueName\":\"search_term_string\"}}],\"inLanguage\":\"de\"},{\"@type\":\"Organization\",\"@id\":\"https:\/\/www.hautes-alpes.net\/de\/#organization\",\"name\":\"Agence D\u00e9partementale de D\u00e9veloppement Economique et Touristique des Hautes-Alpes\",\"url\":\"https:\/\/www.hautes-alpes.net\/de\/\",\"logo\":{\"@type\":\"ImageObject\",\"inLanguage\":\"de\",\"@id\":\"https:\/\/www.hautes-alpes.net\/de\/#\/schema\/logo\/image\/\",\"url\":\"https:\/\/www.hautes-alpes.net\/wp-content\/uploads\/2026\/01\/black-logo-2.svg\",\"contentUrl\":\"https:\/\/www.hautes-alpes.net\/wp-content\/uploads\/2026\/01\/black-logo-2.svg\",\"caption\":\"Agence D\u00e9partementale de D\u00e9veloppement Economique et Touristique des Hautes-Alpes\"},\"image\":{\"@id\":\"https:\/\/www.hautes-alpes.net\/de\/#\/schema\/logo\/image\/\"}}]}<\/script>\n<!-- \/ Yoast SEO plugin. -->","yoast_head_json":{"title":"Freizeitaktivit\u00e4ten in der Luft - Hautes-Alpes","description":"Freizeitaktivit\u00e4ten in der Luft In Reichweite des Himmels In den Hautes-Alpes ist der Wind nicht nur ein dekoratives Element. Er ist Partner, Motor und","robots":{"index":"index","follow":"follow","max-snippet":"max-snippet:-1","max-image-preview":"max-image-preview:large","max-video-preview":"max-video-preview:-1"},"canonical":"https:\/\/www.hautes-alpes.net\/de\/erfahrungen-hautes-alpes\/freizeitaktivitaeten-in-der-luft\/","og_locale":"de_DE","og_type":"article","og_title":"Freizeitaktivit\u00e4ten in der Luft - Hautes-Alpes","og_description":"Freizeitaktivit\u00e4ten in der Luft In Reichweite des Himmels In den Hautes-Alpes ist der Wind nicht nur ein dekoratives Element. Er ist Partner, Motor und","og_url":"https:\/\/www.hautes-alpes.net\/de\/erfahrungen-hautes-alpes\/freizeitaktivitaeten-in-der-luft\/","og_site_name":"Hautes-Alpes","article_modified_time":"2026-02-23T10:10:45+00:00","og_image":[{"url":"https:\/\/www.hautes-alpes.net\/wp-content\/uploads\/2025\/12\/gbaron-parapente-1600x1000.jpg","type":"","width":"","height":""}],"twitter_card":"summary_large_image","twitter_misc":{"Gesch\u00e4tzte Lesezeit":"3 Minuten"},"schema":{"@context":"https:\/\/schema.org","@graph":[{"@type":"WebPage","@id":"https:\/\/www.hautes-alpes.net\/de\/erfahrungen-hautes-alpes\/freizeitaktivitaeten-in-der-luft\/","url":"https:\/\/www.hautes-alpes.net\/de\/erfahrungen-hautes-alpes\/freizeitaktivitaeten-in-der-luft\/","name":"Freizeitaktivit\u00e4ten in der Luft - Hautes-Alpes","isPartOf":{"@id":"https:\/\/www.hautes-alpes.net\/de\/#website"},"primaryImageOfPage":{"@id":"https:\/\/www.hautes-alpes.net\/de\/erfahrungen-hautes-alpes\/freizeitaktivitaeten-in-der-luft\/#primaryimage"},"image":{"@id":"https:\/\/www.hautes-alpes.net\/de\/erfahrungen-hautes-alpes\/freizeitaktivitaeten-in-der-luft\/#primaryimage"},"thumbnailUrl":"https:\/\/www.hautes-alpes.net\/wp-content\/uploads\/2025\/12\/gbaron-parapente-1600x1000.jpg","datePublished":"2025-11-20T14:02:20+00:00","dateModified":"2026-02-23T10:10:45+00:00","description":"Freizeitaktivit\u00e4ten in der Luft In Reichweite des Himmels In den Hautes-Alpes ist der Wind nicht nur ein dekoratives Element. Er ist Partner, Motor und","breadcrumb":{"@id":"https:\/\/www.hautes-alpes.net\/de\/erfahrungen-hautes-alpes\/freizeitaktivitaeten-in-der-luft\/#breadcrumb"},"inLanguage":"de","potentialAction":[{"@type":"ReadAction","target":["https:\/\/www.hautes-alpes.net\/de\/erfahrungen-hautes-alpes\/freizeitaktivitaeten-in-der-luft\/"]}]},{"@type":"ImageObject","inLanguage":"de","@id":"https:\/\/www.hautes-alpes.net\/de\/erfahrungen-hautes-alpes\/freizeitaktivitaeten-in-der-luft\/#primaryimage","url":"https:\/\/www.hautes-alpes.net\/wp-content\/uploads\/2025\/12\/gbaron-parapente-1600x1000.jpg","contentUrl":"https:\/\/www.hautes-alpes.net\/wp-content\/uploads\/2025\/12\/gbaron-parapente-1600x1000.jpg"},{"@type":"BreadcrumbList","@id":"https:\/\/www.hautes-alpes.net\/de\/erfahrungen-hautes-alpes\/freizeitaktivitaeten-in-der-luft\/#breadcrumb","itemListElement":[{"@type":"ListItem","position":1,"name":"Accueil","item":"https:\/\/www.hautes-alpes.net\/de\/hautes-alpes\/"},{"@type":"ListItem","position":2,"name":"Erfahrungen - Hautes-Alpes","item":"https:\/\/www.hautes-alpes.net\/de\/erfahrungen-hautes-alpes\/"},{"@type":"ListItem","position":3,"name":"Erfahrungen - Hautes-Alpes","item":"https:\/\/www.hautes-alpes.net\/de\/erfahrungen-hautes-alpes\/"},{"@type":"ListItem","position":4,"name":"Freizeitaktivit\u00e4ten in der Luft"}]},{"@type":"WebSite","@id":"https:\/\/www.hautes-alpes.net\/de\/#website","url":"https:\/\/www.hautes-alpes.net\/de\/","name":"ADDET","description":"","publisher":{"@id":"https:\/\/www.hautes-alpes.net\/de\/#organization"},"potentialAction":[{"@type":"SearchAction","target":{"@type":"EntryPoint","urlTemplate":"https:\/\/www.hautes-alpes.net\/de\/?s={search_term_string}"},"query-input":{"@type":"PropertyValueSpecification","valueRequired":true,"valueName":"search_term_string"}}],"inLanguage":"de"},{"@type":"Organization","@id":"https:\/\/www.hautes-alpes.net\/de\/#organization","name":"Agence D\u00e9partementale de D\u00e9veloppement Economique et Touristique des Hautes-Alpes","url":"https:\/\/www.hautes-alpes.net\/de\/","logo":{"@type":"ImageObject","inLanguage":"de","@id":"https:\/\/www.hautes-alpes.net\/de\/#\/schema\/logo\/image\/","url":"https:\/\/www.hautes-alpes.net\/wp-content\/uploads\/2026\/01\/black-logo-2.svg","contentUrl":"https:\/\/www.hautes-alpes.net\/wp-content\/uploads\/2026\/01\/black-logo-2.svg","caption":"Agence D\u00e9partementale de D\u00e9veloppement Economique et Touristique des Hautes-Alpes"},"image":{"@id":"https:\/\/www.hautes-alpes.net\/de\/#\/schema\/logo\/image\/"}}]}},"_links":{"self":[{"href":"https:\/\/www.hautes-alpes.net\/de\/wp-json\/wp\/v2\/pages\/109751","targetHints":{"allow":["GET"]}}],"collection":[{"href":"https:\/\/www.hautes-alpes.net\/de\/wp-json\/wp\/v2\/pages"}],"about":[{"href":"https:\/\/www.hautes-alpes.net\/de\/wp-json\/wp\/v2\/types\/page"}],"author":[{"embeddable":true,"href":"https:\/\/www.hautes-alpes.net\/de\/wp-json\/wp\/v2\/users\/6"}],"replies":[{"embeddable":true,"href":"https:\/\/www.hautes-alpes.net\/de\/wp-json\/wp\/v2\/comments?post=109751"}],"version-history":[{"count":10,"href":"https:\/\/www.hautes-alpes.net\/de\/wp-json\/wp\/v2\/pages\/109751\/revisions"}],"predecessor-version":[{"id":323435,"href":"https:\/\/www.hautes-alpes.net\/de\/wp-json\/wp\/v2\/pages\/109751\/revisions\/323435"}],"up":[{"embeddable":true,"href":"https:\/\/www.hautes-alpes.net\/de\/wp-json\/wp\/v2\/pages\/108206"}],"wp:attachment":[{"href":"https:\/\/www.hautes-alpes.net\/de\/wp-json\/wp\/v2\/media?parent=109751"}],"wp:term":[{"taxonomy":"page_label","embeddable":true,"href":"https:\/\/www.hautes-alpes.net\/de\/wp-json\/wp\/v2\/page_label?post=109751"}],"curies":[{"name":"wp","href":"https:\/\/api.w.org\/{rel}","templated":true}]}}