{"id":109549,"date":"2025-11-25T17:35:04","date_gmt":"2025-11-25T16:35:04","guid":{"rendered":"https:\/\/www.hautes-alpes.net\/favoriten\/ton-aufdrehen\/"},"modified":"2025-12-12T12:21:58","modified_gmt":"2025-12-12T11:21:58","slug":"ton-aufdrehen","status":"publish","type":"page","link":"https:\/\/www.hautes-alpes.net\/de\/favoriten\/ton-aufdrehen\/","title":{"rendered":"Ton aufdrehen"},"content":{"rendered":"\n<div class=\"wp-block-group alignfull hero-banner-simple has-global-padding is-layout-constrained wp-block-group-is-layout-constrained\"><div class=\"yoast-breadcrumbs\"><span><span><a href=\"https:\/\/www.hautes-alpes.net\/de\/hautes-alpes\/\">Accueil<\/a><\/span>  <span><a href=\"https:\/\/www.hautes-alpes.net\/de\/favoriten\/\">Favoriten<\/a><\/span>  <span><a href=\"https:\/\/www.hautes-alpes.net\/de\/favoriten\/\">Favoriten<\/a><\/span>  <span class=\"breadcrumb_last\" aria-current=\"page\">Ton aufdrehen<\/span><\/span><\/div>\n\n\n<h1 class=\"wp-block-ws-library-post-title\">Ton aufdrehen<\/h1>\n\n\n\n<p class=\"subtitle\">Drei Konzerte von einem Ende des Winters zum anderen<\/p>\n\n\n\n<p><\/p>\n<\/div>\n\n<p><\/p>\n\n<div class=\"wp-block-ws-library-ws-banner alignfull\"><div class=\"wrapper\"><div class=\"group-media\"><img loading=\"lazy\" decoding=\"async\" width=\"1600\" height=\"480\" src=\"https:\/\/www.hautes-alpes.net\/wp-content\/uploads\/2025\/11\/concerts-richardbord-170524-235554-bd-1600x480.jpg\" alt=\"\" class=\"single_image wp-image-80710\"><\/div>\n<div class=\"group-content\"><p>In den Hautes-Alpes hat man die Theorie, dass <strong>die K\u00e4lte nicht sticht, wenn die Musik die Stimmung aufheizt<\/strong>. Daher haben wir es uns zur Gewohnheit gemacht, mitten im Winter einige Veranstaltungen zu organisieren, die die Sinne anregen und Lust darauf machen, die H\u00fcften zu schwingen. <\/p><\/div>\n<\/div><\/div>\n\n<div class=\"wp-block-ws-library-ws-columns has-2-columns are-vertically-aligned-center layout-5050 is-style-fixed-col-left\">\n<div class=\"wp-block-ws-library-ws-column\"><div class=\"wrapper\">\n<h3 class=\"wp-block-heading\">VARS EN SCENE<\/h3>\n\n\n\n<p>Am <strong>13. Dezember<\/strong> tauscht man in <strong>Vars<\/strong> die Pisten gegen eine Freiluftb\u00fchne. Die Schneefront wird zu einem musikalischen Vorplatz, wo <strong>Ben Harper &amp; The Innocent Criminals<\/strong> den Winter einl\u00e4uten. Keine gro\u00dfe, \u00fcberfl\u00fcssige Inszenierung: nur die Berge, Gitarren und Sie, ganz nah an den K\u00fcnstlern, am Fu\u00dfe der Pisten. Ein <strong>kostenloses Konzert<\/strong>, das den seltenen Geschmack eines schwebenden Augenblicks hat.   <\/p>\n<\/div><\/div>\n\n\n\n<div class=\"wp-block-ws-library-ws-column\"><div class=\"wrapper\">\n<div class=\"wp-block-ws-library-ws-image\"><div class=\"wrapper\"><div class=\"group-media\"><img decoding=\"async\" src=\"https:\/\/www.hautes-alpes.net\/wp-content\/uploads\/2025\/11\/remi-morel-vars-en-scene-2019-ub40-11-1-1240x800.jpg\" alt=\"\" class=\"single_image ws-image-78365\"><div class=\"credits\"><\/div><\/div><p class=\"caption\"><\/p><\/div><\/div>\n<\/div><\/div>\n<\/div>\n\n<div class=\"wp-block-ws-library-ws-columns has-2-columns are-vertically-aligned-center layout-5050 is-style-fixed-col-left\">\n<div class=\"wp-block-ws-library-ws-column\"><div class=\"wrapper\">\n<div class=\"wp-block-ws-library-ws-image\"><div class=\"wrapper\"><div class=\"group-media\"><img decoding=\"async\" src=\"https:\/\/www.hautes-alpes.net\/wp-content\/uploads\/2025\/11\/big-flo-et-oli-vars-credit-cedric-tempier-14-1-1240x800.jpg\" alt=\"\" class=\"single_image ws-image-80711\"><div class=\"credits\"><\/div><\/div><p class=\"caption\"><\/p><\/div><\/div>\n<\/div><\/div>\n\n\n\n<div class=\"wp-block-ws-library-ws-column\"><div class=\"wrapper\">\n<h3 class=\"wp-block-heading\">ALTITUDE JAZZ FESTIVAL<\/h3>\n\n\n\n<p>Im <strong>Brian\u00e7onnais<\/strong> hat der Jazz keinen festen Sitz. Er wandert von einem intimen Veranstaltungssaal zu einem Vauban-Fort und dann wieder hinunter zur Schneefront. Das Altitude Jazz Festival ist genau das: ein Programm, das sich an das Gebiet anpasst und nicht umgekehrt. Den ganzen Winter \u00fcber folgt man den Musikern von einem Ort zum anderen, entdeckt K\u00fcnstler, h\u00e4lt an, um etwas zu trinken, und am Ende sagt man immer: <strong>&#8220;Diese Ecke habe ich so noch nie gesehen&#8220;.<\/strong>   <\/p>\n<\/div><\/div>\n<\/div>\n\n<div class=\"wp-block-ws-library-ws-columns has-2-columns are-vertically-aligned-center layout-5050 is-style-fixed-col-left\">\n<div class=\"wp-block-ws-library-ws-column\"><div class=\"wrapper\">\n<h3 class=\"wp-block-heading\">D\u00c9VOLUY MIX FESTIVAL<\/h3>\n\n\n\n<p>Am<strong> 4. und 5. April 2026<\/strong>, wenn viele bereits ihre Skier einpacken, macht D\u00e9voluy genau das Gegenteil: es schaltet die Plattenspieler wieder ein. Das D\u00e9voluy Mix Festival <strong>bietet zwei Tage lang Elektro<\/strong> in einer noch verschneiten Umgebung, mit Sets, die sich aneinanderreihen, um zu zeigen, dass die Saison noch nicht das letzte Wort gesprochen hat. Es wird getanzt, gelacht und das letzte Winterlicht genossen. Ein echtes Finale, ohne Chichi, nur mit dem Wunsch, das Vergn\u00fcgen noch ein wenig l\u00e4nger zu verl\u00e4ngern.   <\/p>\n<\/div><\/div>\n\n\n\n<div class=\"wp-block-ws-library-ws-column\"><div class=\"wrapper\">\n<div class=\"wp-block-ws-library-ws-image\"><div class=\"wrapper\"><div class=\"group-media\"><img decoding=\"async\" src=\"https:\/\/www.hautes-alpes.net\/wp-content\/uploads\/2025\/11\/big-flo-et-oli-vars-credit-cedric-tempier-17-1240x800.jpg\" alt=\"\" class=\"single_image ws-image-80712\"><div class=\"credits\"><\/div><\/div><p class=\"caption\"><\/p><\/div><\/div>\n<\/div><\/div>\n<\/div>\n\n<div class=\"wp-block-ws-library-ws-share\"><span class=\"share-subtitle\">Hat Ihnen diese Seite gefallen?<\/span><span class=\"share-title\">Teilen Sie es mit anderen!<\/span><button class=\"ws-share-button wp-element-button\">Diese Seite teilen<\/button><\/div>\n","protected":false},"excerpt":{"rendered":"<p>Drei Konzerte von einem Ende des Winters zum anderen<\/p>\n","protected":false},"author":6,"featured_media":0,"parent":107980,"menu_order":0,"comment_status":"closed","ping_status":"closed","template":"","meta":{"is_dark_mode":false,"footnotes":""},"page_label":[],"class_list":["post-109549","page","type-page","status-publish","hentry"],"yoast_head":"<!-- This site is optimized with the Yoast SEO plugin v27.2 - https:\/\/yoast.com\/product\/yoast-seo-wordpress\/ -->\n<title>Ton aufdrehen - Hautes-Alpes<\/title>\n<meta name=\"description\" content=\"Ton aufdrehen Drei Konzerte von einem Ende des Winters zum anderen In den Hautes-Alpes hat man die Theorie, dass die K\u00e4lte nicht sticht, wenn die Musik\" \/>\n<meta name=\"robots\" content=\"index, follow, max-snippet:-1, max-image-preview:large, max-video-preview:-1\" \/>\n<link rel=\"canonical\" href=\"https:\/\/www.hautes-alpes.net\/de\/favoriten\/ton-aufdrehen\/\" \/>\n<meta property=\"og:locale\" content=\"de_DE\" \/>\n<meta property=\"og:type\" content=\"article\" \/>\n<meta property=\"og:title\" content=\"Ton aufdrehen - Hautes-Alpes\" \/>\n<meta property=\"og:description\" content=\"Ton aufdrehen Drei Konzerte von einem Ende des Winters zum anderen In den Hautes-Alpes hat man die Theorie, dass die K\u00e4lte nicht sticht, wenn die Musik\" \/>\n<meta property=\"og:url\" content=\"https:\/\/www.hautes-alpes.net\/de\/favoriten\/ton-aufdrehen\/\" \/>\n<meta property=\"og:site_name\" content=\"Hautes-Alpes\" \/>\n<meta property=\"article:modified_time\" content=\"2025-12-12T11:21:58+00:00\" \/>\n<meta property=\"og:image\" content=\"https:\/\/www.hautes-alpes.net\/wp-content\/uploads\/2025\/11\/concerts-richardbord-170524-235554-bd.jpg\" \/>\n\t<meta property=\"og:image:width\" content=\"1600\" \/>\n\t<meta property=\"og:image:height\" content=\"1067\" \/>\n\t<meta property=\"og:image:type\" content=\"image\/jpeg\" \/>\n<meta name=\"twitter:card\" content=\"summary_large_image\" \/>\n<meta name=\"twitter:label1\" content=\"Gesch\u00e4tzte Lesezeit\" \/>\n\t<meta name=\"twitter:data1\" content=\"2 Minuten\" \/>\n<script type=\"application\/ld+json\" class=\"yoast-schema-graph\">{\"@context\":\"https:\/\/schema.org\",\"@graph\":[{\"@type\":\"WebPage\",\"@id\":\"https:\/\/www.hautes-alpes.net\/de\/favoriten\/ton-aufdrehen\/\",\"url\":\"https:\/\/www.hautes-alpes.net\/de\/favoriten\/ton-aufdrehen\/\",\"name\":\"Ton aufdrehen - Hautes-Alpes\",\"isPartOf\":{\"@id\":\"https:\/\/www.hautes-alpes.net\/de\/#website\"},\"primaryImageOfPage\":{\"@id\":\"https:\/\/www.hautes-alpes.net\/de\/favoriten\/ton-aufdrehen\/#primaryimage\"},\"image\":{\"@id\":\"https:\/\/www.hautes-alpes.net\/de\/favoriten\/ton-aufdrehen\/#primaryimage\"},\"thumbnailUrl\":\"https:\/\/www.hautes-alpes.net\/wp-content\/uploads\/2025\/11\/concerts-richardbord-170524-235554-bd-1600x480.jpg\",\"datePublished\":\"2025-11-25T16:35:04+00:00\",\"dateModified\":\"2025-12-12T11:21:58+00:00\",\"description\":\"Ton aufdrehen Drei Konzerte von einem Ende des Winters zum anderen In den Hautes-Alpes hat man die Theorie, dass die K\u00e4lte nicht sticht, wenn die Musik\",\"breadcrumb\":{\"@id\":\"https:\/\/www.hautes-alpes.net\/de\/favoriten\/ton-aufdrehen\/#breadcrumb\"},\"inLanguage\":\"de\",\"potentialAction\":[{\"@type\":\"ReadAction\",\"target\":[\"https:\/\/www.hautes-alpes.net\/de\/favoriten\/ton-aufdrehen\/\"]}]},{\"@type\":\"ImageObject\",\"inLanguage\":\"de\",\"@id\":\"https:\/\/www.hautes-alpes.net\/de\/favoriten\/ton-aufdrehen\/#primaryimage\",\"url\":\"https:\/\/www.hautes-alpes.net\/wp-content\/uploads\/2025\/11\/concerts-richardbord-170524-235554-bd-1600x480.jpg\",\"contentUrl\":\"https:\/\/www.hautes-alpes.net\/wp-content\/uploads\/2025\/11\/concerts-richardbord-170524-235554-bd-1600x480.jpg\"},{\"@type\":\"BreadcrumbList\",\"@id\":\"https:\/\/www.hautes-alpes.net\/de\/favoriten\/ton-aufdrehen\/#breadcrumb\",\"itemListElement\":[{\"@type\":\"ListItem\",\"position\":1,\"name\":\"Accueil\",\"item\":\"https:\/\/www.hautes-alpes.net\/de\/hautes-alpes\/\"},{\"@type\":\"ListItem\",\"position\":2,\"name\":\"Favoriten\",\"item\":\"https:\/\/www.hautes-alpes.net\/de\/favoriten\/\"},{\"@type\":\"ListItem\",\"position\":3,\"name\":\"Favoriten\",\"item\":\"https:\/\/www.hautes-alpes.net\/de\/favoriten\/\"},{\"@type\":\"ListItem\",\"position\":4,\"name\":\"Ton aufdrehen\"}]},{\"@type\":\"WebSite\",\"@id\":\"https:\/\/www.hautes-alpes.net\/de\/#website\",\"url\":\"https:\/\/www.hautes-alpes.net\/de\/\",\"name\":\"ADDET\",\"description\":\"\",\"publisher\":{\"@id\":\"https:\/\/www.hautes-alpes.net\/de\/#organization\"},\"potentialAction\":[{\"@type\":\"SearchAction\",\"target\":{\"@type\":\"EntryPoint\",\"urlTemplate\":\"https:\/\/www.hautes-alpes.net\/de\/?s={search_term_string}\"},\"query-input\":{\"@type\":\"PropertyValueSpecification\",\"valueRequired\":true,\"valueName\":\"search_term_string\"}}],\"inLanguage\":\"de\"},{\"@type\":\"Organization\",\"@id\":\"https:\/\/www.hautes-alpes.net\/de\/#organization\",\"name\":\"Agence D\u00e9partementale de D\u00e9veloppement Economique et Touristique des Hautes-Alpes\",\"url\":\"https:\/\/www.hautes-alpes.net\/de\/\",\"logo\":{\"@type\":\"ImageObject\",\"inLanguage\":\"de\",\"@id\":\"https:\/\/www.hautes-alpes.net\/de\/#\/schema\/logo\/image\/\",\"url\":\"https:\/\/www.hautes-alpes.net\/wp-content\/uploads\/2026\/01\/black-logo-2.svg\",\"contentUrl\":\"https:\/\/www.hautes-alpes.net\/wp-content\/uploads\/2026\/01\/black-logo-2.svg\",\"caption\":\"Agence D\u00e9partementale de D\u00e9veloppement Economique et Touristique des Hautes-Alpes\"},\"image\":{\"@id\":\"https:\/\/www.hautes-alpes.net\/de\/#\/schema\/logo\/image\/\"}}]}<\/script>\n<!-- \/ Yoast SEO plugin. -->","yoast_head_json":{"title":"Ton aufdrehen - Hautes-Alpes","description":"Ton aufdrehen Drei Konzerte von einem Ende des Winters zum anderen In den Hautes-Alpes hat man die Theorie, dass die K\u00e4lte nicht sticht, wenn die Musik","robots":{"index":"index","follow":"follow","max-snippet":"max-snippet:-1","max-image-preview":"max-image-preview:large","max-video-preview":"max-video-preview:-1"},"canonical":"https:\/\/www.hautes-alpes.net\/de\/favoriten\/ton-aufdrehen\/","og_locale":"de_DE","og_type":"article","og_title":"Ton aufdrehen - Hautes-Alpes","og_description":"Ton aufdrehen Drei Konzerte von einem Ende des Winters zum anderen In den Hautes-Alpes hat man die Theorie, dass die K\u00e4lte nicht sticht, wenn die Musik","og_url":"https:\/\/www.hautes-alpes.net\/de\/favoriten\/ton-aufdrehen\/","og_site_name":"Hautes-Alpes","article_modified_time":"2025-12-12T11:21:58+00:00","og_image":[{"width":1600,"height":1067,"url":"https:\/\/www.hautes-alpes.net\/wp-content\/uploads\/2025\/11\/concerts-richardbord-170524-235554-bd.jpg","type":"image\/jpeg"}],"twitter_card":"summary_large_image","twitter_misc":{"Gesch\u00e4tzte Lesezeit":"2 Minuten"},"schema":{"@context":"https:\/\/schema.org","@graph":[{"@type":"WebPage","@id":"https:\/\/www.hautes-alpes.net\/de\/favoriten\/ton-aufdrehen\/","url":"https:\/\/www.hautes-alpes.net\/de\/favoriten\/ton-aufdrehen\/","name":"Ton aufdrehen - Hautes-Alpes","isPartOf":{"@id":"https:\/\/www.hautes-alpes.net\/de\/#website"},"primaryImageOfPage":{"@id":"https:\/\/www.hautes-alpes.net\/de\/favoriten\/ton-aufdrehen\/#primaryimage"},"image":{"@id":"https:\/\/www.hautes-alpes.net\/de\/favoriten\/ton-aufdrehen\/#primaryimage"},"thumbnailUrl":"https:\/\/www.hautes-alpes.net\/wp-content\/uploads\/2025\/11\/concerts-richardbord-170524-235554-bd-1600x480.jpg","datePublished":"2025-11-25T16:35:04+00:00","dateModified":"2025-12-12T11:21:58+00:00","description":"Ton aufdrehen Drei Konzerte von einem Ende des Winters zum anderen In den Hautes-Alpes hat man die Theorie, dass die K\u00e4lte nicht sticht, wenn die Musik","breadcrumb":{"@id":"https:\/\/www.hautes-alpes.net\/de\/favoriten\/ton-aufdrehen\/#breadcrumb"},"inLanguage":"de","potentialAction":[{"@type":"ReadAction","target":["https:\/\/www.hautes-alpes.net\/de\/favoriten\/ton-aufdrehen\/"]}]},{"@type":"ImageObject","inLanguage":"de","@id":"https:\/\/www.hautes-alpes.net\/de\/favoriten\/ton-aufdrehen\/#primaryimage","url":"https:\/\/www.hautes-alpes.net\/wp-content\/uploads\/2025\/11\/concerts-richardbord-170524-235554-bd-1600x480.jpg","contentUrl":"https:\/\/www.hautes-alpes.net\/wp-content\/uploads\/2025\/11\/concerts-richardbord-170524-235554-bd-1600x480.jpg"},{"@type":"BreadcrumbList","@id":"https:\/\/www.hautes-alpes.net\/de\/favoriten\/ton-aufdrehen\/#breadcrumb","itemListElement":[{"@type":"ListItem","position":1,"name":"Accueil","item":"https:\/\/www.hautes-alpes.net\/de\/hautes-alpes\/"},{"@type":"ListItem","position":2,"name":"Favoriten","item":"https:\/\/www.hautes-alpes.net\/de\/favoriten\/"},{"@type":"ListItem","position":3,"name":"Favoriten","item":"https:\/\/www.hautes-alpes.net\/de\/favoriten\/"},{"@type":"ListItem","position":4,"name":"Ton aufdrehen"}]},{"@type":"WebSite","@id":"https:\/\/www.hautes-alpes.net\/de\/#website","url":"https:\/\/www.hautes-alpes.net\/de\/","name":"ADDET","description":"","publisher":{"@id":"https:\/\/www.hautes-alpes.net\/de\/#organization"},"potentialAction":[{"@type":"SearchAction","target":{"@type":"EntryPoint","urlTemplate":"https:\/\/www.hautes-alpes.net\/de\/?s={search_term_string}"},"query-input":{"@type":"PropertyValueSpecification","valueRequired":true,"valueName":"search_term_string"}}],"inLanguage":"de"},{"@type":"Organization","@id":"https:\/\/www.hautes-alpes.net\/de\/#organization","name":"Agence D\u00e9partementale de D\u00e9veloppement Economique et Touristique des Hautes-Alpes","url":"https:\/\/www.hautes-alpes.net\/de\/","logo":{"@type":"ImageObject","inLanguage":"de","@id":"https:\/\/www.hautes-alpes.net\/de\/#\/schema\/logo\/image\/","url":"https:\/\/www.hautes-alpes.net\/wp-content\/uploads\/2026\/01\/black-logo-2.svg","contentUrl":"https:\/\/www.hautes-alpes.net\/wp-content\/uploads\/2026\/01\/black-logo-2.svg","caption":"Agence D\u00e9partementale de D\u00e9veloppement Economique et Touristique des Hautes-Alpes"},"image":{"@id":"https:\/\/www.hautes-alpes.net\/de\/#\/schema\/logo\/image\/"}}]}},"_links":{"self":[{"href":"https:\/\/www.hautes-alpes.net\/de\/wp-json\/wp\/v2\/pages\/109549","targetHints":{"allow":["GET"]}}],"collection":[{"href":"https:\/\/www.hautes-alpes.net\/de\/wp-json\/wp\/v2\/pages"}],"about":[{"href":"https:\/\/www.hautes-alpes.net\/de\/wp-json\/wp\/v2\/types\/page"}],"author":[{"embeddable":true,"href":"https:\/\/www.hautes-alpes.net\/de\/wp-json\/wp\/v2\/users\/6"}],"replies":[{"embeddable":true,"href":"https:\/\/www.hautes-alpes.net\/de\/wp-json\/wp\/v2\/comments?post=109549"}],"version-history":[{"count":1,"href":"https:\/\/www.hautes-alpes.net\/de\/wp-json\/wp\/v2\/pages\/109549\/revisions"}],"predecessor-version":[{"id":109551,"href":"https:\/\/www.hautes-alpes.net\/de\/wp-json\/wp\/v2\/pages\/109549\/revisions\/109551"}],"up":[{"embeddable":true,"href":"https:\/\/www.hautes-alpes.net\/de\/wp-json\/wp\/v2\/pages\/107980"}],"wp:attachment":[{"href":"https:\/\/www.hautes-alpes.net\/de\/wp-json\/wp\/v2\/media?parent=109549"}],"wp:term":[{"taxonomy":"page_label","embeddable":true,"href":"https:\/\/www.hautes-alpes.net\/de\/wp-json\/wp\/v2\/page_label?post=109549"}],"curies":[{"name":"wp","href":"https:\/\/api.w.org\/{rel}","templated":true}]}}