{"id":109546,"date":"2025-11-25T17:50:08","date_gmt":"2025-11-25T16:50:08","guid":{"rendered":"https:\/\/www.hautes-alpes.net\/favoriten\/mit-hunger-ist-nicht-zu-spassen\/"},"modified":"2025-12-12T12:21:58","modified_gmt":"2025-12-12T11:21:58","slug":"mit-hunger-ist-nicht-zu-spassen","status":"publish","type":"page","link":"https:\/\/www.hautes-alpes.net\/de\/favoriten\/mit-hunger-ist-nicht-zu-spassen\/","title":{"rendered":"Mit Hunger ist nicht zu spa\u00dfen"},"content":{"rendered":"\n<div class=\"wp-block-group alignfull hero-banner-simple has-global-padding is-layout-constrained wp-block-group-is-layout-constrained\"><div class=\"yoast-breadcrumbs\"><span><span><a href=\"https:\/\/www.hautes-alpes.net\/de\/hautes-alpes\/\">Accueil<\/a><\/span>  <span><a href=\"https:\/\/www.hautes-alpes.net\/de\/favoriten\/\">Favoriten<\/a><\/span>  <span><a href=\"https:\/\/www.hautes-alpes.net\/de\/favoriten\/\">Favoriten<\/a><\/span>  <span class=\"breadcrumb_last\" aria-current=\"page\">Mit Hunger ist nicht zu spa\u00dfen<\/span><\/span><\/div>\n\n\n<h1 class=\"wp-block-ws-library-post-title\">Mit Hunger ist nicht zu spa\u00dfen<\/h1>\n\n\n\n<p class=\"subtitle\">Der (nicht ganz objektive) F\u00fchrer zu Gerichten, die besser w\u00e4rmen als eine Daunenjacke<\/p>\n\n\n\n<p><\/p>\n<\/div>\n\n<p><\/p>\n\n<div class=\"wp-block-ws-library-ws-banner alignfull\"><div class=\"wrapper\"><div class=\"group-media\"><img loading=\"lazy\" decoding=\"async\" width=\"1600\" height=\"480\" src=\"https:\/\/www.hautes-alpes.net\/wp-content\/uploads\/2025\/11\/mont-dauphin-fort-rogier-van-rijn-18-2-1600x480.jpg\" alt=\"\" class=\"single_image wp-image-80718\"><\/div>\n<div class=\"group-content\"><p>In den Hautes-Alpes hat man etwas bemerkt: <strong>Der Winter vergeht immer besser, wenn man etwas Warmes auf dem Teller und im Bauch hat<\/strong>. Sie brauchen keine komplizierten Rezepte zu erfinden, Hauptsache, es h\u00e4lt den K\u00f6rper zusammen und riecht gut. Hier ist eine Auswahl an lokalen (oder \u00fcbernommenen) Gerichten, die kalte Abende ertr\u00e4glicher machen.  <\/p><\/div>\n<\/div><\/div>\n\n<div class=\"wp-block-ws-library-ws-columns has-2-columns are-vertically-aligned-center layout-3565 is-style-fixed-col-left\">\n<div class=\"wp-block-ws-library-ws-column\"><div class=\"wrapper\">\n<h3 class=\"wp-block-heading\">B\u00e4rlauch-Raclette - Der Star, der nie entt\u00e4uscht<\/h3>\n\n\n\n<p>So sehr man auch versucht zu variieren, <strong>Raclette<\/strong> kommt immer wieder auf den Tisch. Vielleicht, weil es jede Mahlzeit in einen geselligen Moment verwandelt, vielleicht, weil das Schmelzen von K\u00e4se immer noch ein zutiefst befriedigender Akt ist. In den Hautes-Alpes wird es mit <g id=\"gid_1\">100% hochalpinem K\u00e4se<\/g>, Kartoffeln, die den Berg aus der N\u00e4he gesehen haben, und Wurstwaren mit Charakter zubereitet. Einfach, effizient, unbestreitbar.   <\/p>\n<\/div><\/div>\n\n\n\n<div class=\"wp-block-ws-library-ws-column\"><div class=\"wrapper\">\n<div class=\"wp-block-ws-library-ws-image\"><div class=\"wrapper\"><div class=\"group-media\"><img decoding=\"async\" src=\"https:\/\/www.hautes-alpes.net\/wp-content\/uploads\/2025\/11\/7b3a3591-1240x800.jpg\" alt=\"\" class=\"single_image ws-image-80720\"><div class=\"credits\"><\/div><\/div><p class=\"caption\"><\/p><\/div><\/div>\n<\/div><\/div>\n<\/div>\n\n<h3 class=\"wp-block-heading is-style-default\">Fontu-Fondue: das Gericht, bei dem sich alle einig sind (sogar die Unentschlossenen)<\/h3>\n\n<p>Das Fondue ist so etwas wie das Lagerfeuer des Winters: Man versammelt sich um es, teilt es und verhandelt um das letzte St\u00fcck Brot. In den Hautes-Alpes hat es oft einen kleinen lokalen Akzent, je nachdem, welcher K\u00e4se und Wein verwendet wird. Ein Bissen und alles wird besser: die tauben Finger, die sportlichen Tage, die stechende K\u00e4lte&#8230; alles verschwindet in einer Wolke aus K\u00e4sew\u00e4rme.  <\/p>\n\n<h3 class=\"wp-block-heading\">Eselsohrgratin: das gut geh\u00fctete Geheimnis<\/h3>\n\n<p>Trotz seines Namens wurde in der Geschichte kein Ohr missbraucht: Dieses Gratin ist in Wirklichkeit <strong>ein Gericht aus frischen Nudeln<\/strong> (wie eine breite Lasagne), die <strong>mit Spinat und einer guten Schicht Sahne \u00fcbereinander geschichtet<\/strong> werden. Es wird goldbraun serviert, zergeht auf der Zunge und ist immer eine \u00dcberraschung f\u00fcr diejenigen, die es entdecken. Es ist die typische Art von Hausrezept, das man einmal probiert und dann sofort \u00fcbernimmt.  <\/p>\n\n<div class=\"wp-block-ws-library-ws-columns has-2-columns are-vertically-aligned-center layout-5050 is-style-fixed-col-left\">\n<div class=\"wp-block-ws-library-ws-column\"><div class=\"wrapper\">\n<div class=\"wp-block-ws-library-ws-image\"><div class=\"wrapper\"><div class=\"group-media\"><img decoding=\"async\" src=\"https:\/\/www.hautes-alpes.net\/wp-content\/uploads\/2025\/11\/221-01464-original-1240x800.jpg\" alt=\"\" class=\"single_image ws-image-80721\"><div class=\"credits\"><\/div><\/div><p class=\"caption\"><\/p><\/div><\/div>\n<\/div><\/div>\n\n\n\n<div class=\"wp-block-ws-library-ws-column\"><div class=\"wrapper\">\n<h2 class=\"wp-block-heading\">Tourtons du Champsaur: die kleinen knusprigen Bomben<\/h2>\n\n\n\n<p><br\/>Diese kleinen gef\u00fcllten Krapfen kommen direkt aus dem Champsaur und haben das seltene Talent, jederzeit k\u00f6stlich zu sein: als Aperitif, als Hauptgericht, als Dessert&#8230; Die s\u00fc\u00dfen Versionen (Apfel, Pflaume, Himbeere oder Schokolade) halten die Moral hoch, w\u00e4hrend die herzhaften (Kartoffel, K\u00e4se, Spinat, etc.) einfach nur warm halten. Ob am Tisch oder im Tagesrucksack, sie geh\u00f6ren zu den leckersten Traditionen des Departements. <\/p>\n<\/div><\/div>\n<\/div>\n\n<div class=\"wp-block-ws-library-ws-share\"><span class=\"share-subtitle\">Hat Ihnen diese Seite gefallen?<\/span><span class=\"share-title\">Teilen Sie es mit anderen!<\/span><button class=\"ws-share-button wp-element-button\">Diese Seite teilen<\/button><\/div>\n","protected":false},"excerpt":{"rendered":"<p>Der (nicht ganz objektive) F\u00fchrer zu Gerichten, die besser w\u00e4rmen als eine Daunenjacke Fontu-Fondue: das Gericht, bei dem sich alle [&hellip;]<\/p>\n","protected":false},"author":6,"featured_media":0,"parent":107980,"menu_order":0,"comment_status":"closed","ping_status":"closed","template":"","meta":{"is_dark_mode":false,"footnotes":""},"page_label":[],"class_list":["post-109546","page","type-page","status-publish","hentry"],"yoast_head":"<!-- This site is optimized with the Yoast SEO plugin v27.2 - https:\/\/yoast.com\/product\/yoast-seo-wordpress\/ -->\n<title>Mit Hunger ist nicht zu spa\u00dfen - Hautes-Alpes<\/title>\n<meta name=\"description\" content=\"Mit Hunger ist nicht zu spa\u00dfen Der (nicht ganz objektive) F\u00fchrer zu Gerichten, die besser w\u00e4rmen als eine Daunenjacke In den Hautes-Alpes hat man etwas\" \/>\n<meta name=\"robots\" content=\"index, follow, max-snippet:-1, max-image-preview:large, max-video-preview:-1\" \/>\n<link rel=\"canonical\" href=\"https:\/\/www.hautes-alpes.net\/de\/favoriten\/mit-hunger-ist-nicht-zu-spassen\/\" \/>\n<meta property=\"og:locale\" content=\"de_DE\" \/>\n<meta property=\"og:type\" content=\"article\" \/>\n<meta property=\"og:title\" content=\"Mit Hunger ist nicht zu spa\u00dfen - Hautes-Alpes\" \/>\n<meta property=\"og:description\" content=\"Mit Hunger ist nicht zu spa\u00dfen Der (nicht ganz objektive) F\u00fchrer zu Gerichten, die besser w\u00e4rmen als eine Daunenjacke In den Hautes-Alpes hat man etwas\" \/>\n<meta property=\"og:url\" content=\"https:\/\/www.hautes-alpes.net\/de\/favoriten\/mit-hunger-ist-nicht-zu-spassen\/\" \/>\n<meta property=\"og:site_name\" content=\"Hautes-Alpes\" \/>\n<meta property=\"article:modified_time\" content=\"2025-12-12T11:21:58+00:00\" \/>\n<meta property=\"og:image\" content=\"https:\/\/www.hautes-alpes.net\/wp-content\/uploads\/2025\/11\/mont-dauphin-fort-rogier-van-rijn-18-2.jpg\" \/>\n\t<meta property=\"og:image:width\" content=\"1600\" \/>\n\t<meta property=\"og:image:height\" content=\"1067\" \/>\n\t<meta property=\"og:image:type\" content=\"image\/jpeg\" \/>\n<meta name=\"twitter:card\" content=\"summary_large_image\" \/>\n<meta name=\"twitter:label1\" content=\"Gesch\u00e4tzte Lesezeit\" \/>\n\t<meta name=\"twitter:data1\" content=\"2 Minuten\" \/>\n<script type=\"application\/ld+json\" class=\"yoast-schema-graph\">{\"@context\":\"https:\/\/schema.org\",\"@graph\":[{\"@type\":\"WebPage\",\"@id\":\"https:\/\/www.hautes-alpes.net\/de\/favoriten\/mit-hunger-ist-nicht-zu-spassen\/\",\"url\":\"https:\/\/www.hautes-alpes.net\/de\/favoriten\/mit-hunger-ist-nicht-zu-spassen\/\",\"name\":\"Mit Hunger ist nicht zu spa\u00dfen - Hautes-Alpes\",\"isPartOf\":{\"@id\":\"https:\/\/www.hautes-alpes.net\/de\/#website\"},\"primaryImageOfPage\":{\"@id\":\"https:\/\/www.hautes-alpes.net\/de\/favoriten\/mit-hunger-ist-nicht-zu-spassen\/#primaryimage\"},\"image\":{\"@id\":\"https:\/\/www.hautes-alpes.net\/de\/favoriten\/mit-hunger-ist-nicht-zu-spassen\/#primaryimage\"},\"thumbnailUrl\":\"https:\/\/www.hautes-alpes.net\/wp-content\/uploads\/2025\/11\/mont-dauphin-fort-rogier-van-rijn-18-2-1600x480.jpg\",\"datePublished\":\"2025-11-25T16:50:08+00:00\",\"dateModified\":\"2025-12-12T11:21:58+00:00\",\"description\":\"Mit Hunger ist nicht zu spa\u00dfen Der (nicht ganz objektive) F\u00fchrer zu Gerichten, die besser w\u00e4rmen als eine Daunenjacke In den Hautes-Alpes hat man etwas\",\"breadcrumb\":{\"@id\":\"https:\/\/www.hautes-alpes.net\/de\/favoriten\/mit-hunger-ist-nicht-zu-spassen\/#breadcrumb\"},\"inLanguage\":\"de\",\"potentialAction\":[{\"@type\":\"ReadAction\",\"target\":[\"https:\/\/www.hautes-alpes.net\/de\/favoriten\/mit-hunger-ist-nicht-zu-spassen\/\"]}]},{\"@type\":\"ImageObject\",\"inLanguage\":\"de\",\"@id\":\"https:\/\/www.hautes-alpes.net\/de\/favoriten\/mit-hunger-ist-nicht-zu-spassen\/#primaryimage\",\"url\":\"https:\/\/www.hautes-alpes.net\/wp-content\/uploads\/2025\/11\/mont-dauphin-fort-rogier-van-rijn-18-2-1600x480.jpg\",\"contentUrl\":\"https:\/\/www.hautes-alpes.net\/wp-content\/uploads\/2025\/11\/mont-dauphin-fort-rogier-van-rijn-18-2-1600x480.jpg\"},{\"@type\":\"BreadcrumbList\",\"@id\":\"https:\/\/www.hautes-alpes.net\/de\/favoriten\/mit-hunger-ist-nicht-zu-spassen\/#breadcrumb\",\"itemListElement\":[{\"@type\":\"ListItem\",\"position\":1,\"name\":\"Accueil\",\"item\":\"https:\/\/www.hautes-alpes.net\/de\/hautes-alpes\/\"},{\"@type\":\"ListItem\",\"position\":2,\"name\":\"Favoriten\",\"item\":\"https:\/\/www.hautes-alpes.net\/de\/favoriten\/\"},{\"@type\":\"ListItem\",\"position\":3,\"name\":\"Favoriten\",\"item\":\"https:\/\/www.hautes-alpes.net\/de\/favoriten\/\"},{\"@type\":\"ListItem\",\"position\":4,\"name\":\"Mit Hunger ist nicht zu spa\u00dfen\"}]},{\"@type\":\"WebSite\",\"@id\":\"https:\/\/www.hautes-alpes.net\/de\/#website\",\"url\":\"https:\/\/www.hautes-alpes.net\/de\/\",\"name\":\"ADDET\",\"description\":\"\",\"publisher\":{\"@id\":\"https:\/\/www.hautes-alpes.net\/de\/#organization\"},\"potentialAction\":[{\"@type\":\"SearchAction\",\"target\":{\"@type\":\"EntryPoint\",\"urlTemplate\":\"https:\/\/www.hautes-alpes.net\/de\/?s={search_term_string}\"},\"query-input\":{\"@type\":\"PropertyValueSpecification\",\"valueRequired\":true,\"valueName\":\"search_term_string\"}}],\"inLanguage\":\"de\"},{\"@type\":\"Organization\",\"@id\":\"https:\/\/www.hautes-alpes.net\/de\/#organization\",\"name\":\"Agence D\u00e9partementale de D\u00e9veloppement Economique et Touristique des Hautes-Alpes\",\"url\":\"https:\/\/www.hautes-alpes.net\/de\/\",\"logo\":{\"@type\":\"ImageObject\",\"inLanguage\":\"de\",\"@id\":\"https:\/\/www.hautes-alpes.net\/de\/#\/schema\/logo\/image\/\",\"url\":\"https:\/\/www.hautes-alpes.net\/wp-content\/uploads\/2026\/01\/black-logo-2.svg\",\"contentUrl\":\"https:\/\/www.hautes-alpes.net\/wp-content\/uploads\/2026\/01\/black-logo-2.svg\",\"caption\":\"Agence D\u00e9partementale de D\u00e9veloppement Economique et Touristique des Hautes-Alpes\"},\"image\":{\"@id\":\"https:\/\/www.hautes-alpes.net\/de\/#\/schema\/logo\/image\/\"}}]}<\/script>\n<!-- \/ Yoast SEO plugin. -->","yoast_head_json":{"title":"Mit Hunger ist nicht zu spa\u00dfen - Hautes-Alpes","description":"Mit Hunger ist nicht zu spa\u00dfen Der (nicht ganz objektive) F\u00fchrer zu Gerichten, die besser w\u00e4rmen als eine Daunenjacke In den Hautes-Alpes hat man etwas","robots":{"index":"index","follow":"follow","max-snippet":"max-snippet:-1","max-image-preview":"max-image-preview:large","max-video-preview":"max-video-preview:-1"},"canonical":"https:\/\/www.hautes-alpes.net\/de\/favoriten\/mit-hunger-ist-nicht-zu-spassen\/","og_locale":"de_DE","og_type":"article","og_title":"Mit Hunger ist nicht zu spa\u00dfen - Hautes-Alpes","og_description":"Mit Hunger ist nicht zu spa\u00dfen Der (nicht ganz objektive) F\u00fchrer zu Gerichten, die besser w\u00e4rmen als eine Daunenjacke In den Hautes-Alpes hat man etwas","og_url":"https:\/\/www.hautes-alpes.net\/de\/favoriten\/mit-hunger-ist-nicht-zu-spassen\/","og_site_name":"Hautes-Alpes","article_modified_time":"2025-12-12T11:21:58+00:00","og_image":[{"width":1600,"height":1067,"url":"https:\/\/www.hautes-alpes.net\/wp-content\/uploads\/2025\/11\/mont-dauphin-fort-rogier-van-rijn-18-2.jpg","type":"image\/jpeg"}],"twitter_card":"summary_large_image","twitter_misc":{"Gesch\u00e4tzte Lesezeit":"2 Minuten"},"schema":{"@context":"https:\/\/schema.org","@graph":[{"@type":"WebPage","@id":"https:\/\/www.hautes-alpes.net\/de\/favoriten\/mit-hunger-ist-nicht-zu-spassen\/","url":"https:\/\/www.hautes-alpes.net\/de\/favoriten\/mit-hunger-ist-nicht-zu-spassen\/","name":"Mit Hunger ist nicht zu spa\u00dfen - Hautes-Alpes","isPartOf":{"@id":"https:\/\/www.hautes-alpes.net\/de\/#website"},"primaryImageOfPage":{"@id":"https:\/\/www.hautes-alpes.net\/de\/favoriten\/mit-hunger-ist-nicht-zu-spassen\/#primaryimage"},"image":{"@id":"https:\/\/www.hautes-alpes.net\/de\/favoriten\/mit-hunger-ist-nicht-zu-spassen\/#primaryimage"},"thumbnailUrl":"https:\/\/www.hautes-alpes.net\/wp-content\/uploads\/2025\/11\/mont-dauphin-fort-rogier-van-rijn-18-2-1600x480.jpg","datePublished":"2025-11-25T16:50:08+00:00","dateModified":"2025-12-12T11:21:58+00:00","description":"Mit Hunger ist nicht zu spa\u00dfen Der (nicht ganz objektive) F\u00fchrer zu Gerichten, die besser w\u00e4rmen als eine Daunenjacke In den Hautes-Alpes hat man etwas","breadcrumb":{"@id":"https:\/\/www.hautes-alpes.net\/de\/favoriten\/mit-hunger-ist-nicht-zu-spassen\/#breadcrumb"},"inLanguage":"de","potentialAction":[{"@type":"ReadAction","target":["https:\/\/www.hautes-alpes.net\/de\/favoriten\/mit-hunger-ist-nicht-zu-spassen\/"]}]},{"@type":"ImageObject","inLanguage":"de","@id":"https:\/\/www.hautes-alpes.net\/de\/favoriten\/mit-hunger-ist-nicht-zu-spassen\/#primaryimage","url":"https:\/\/www.hautes-alpes.net\/wp-content\/uploads\/2025\/11\/mont-dauphin-fort-rogier-van-rijn-18-2-1600x480.jpg","contentUrl":"https:\/\/www.hautes-alpes.net\/wp-content\/uploads\/2025\/11\/mont-dauphin-fort-rogier-van-rijn-18-2-1600x480.jpg"},{"@type":"BreadcrumbList","@id":"https:\/\/www.hautes-alpes.net\/de\/favoriten\/mit-hunger-ist-nicht-zu-spassen\/#breadcrumb","itemListElement":[{"@type":"ListItem","position":1,"name":"Accueil","item":"https:\/\/www.hautes-alpes.net\/de\/hautes-alpes\/"},{"@type":"ListItem","position":2,"name":"Favoriten","item":"https:\/\/www.hautes-alpes.net\/de\/favoriten\/"},{"@type":"ListItem","position":3,"name":"Favoriten","item":"https:\/\/www.hautes-alpes.net\/de\/favoriten\/"},{"@type":"ListItem","position":4,"name":"Mit Hunger ist nicht zu spa\u00dfen"}]},{"@type":"WebSite","@id":"https:\/\/www.hautes-alpes.net\/de\/#website","url":"https:\/\/www.hautes-alpes.net\/de\/","name":"ADDET","description":"","publisher":{"@id":"https:\/\/www.hautes-alpes.net\/de\/#organization"},"potentialAction":[{"@type":"SearchAction","target":{"@type":"EntryPoint","urlTemplate":"https:\/\/www.hautes-alpes.net\/de\/?s={search_term_string}"},"query-input":{"@type":"PropertyValueSpecification","valueRequired":true,"valueName":"search_term_string"}}],"inLanguage":"de"},{"@type":"Organization","@id":"https:\/\/www.hautes-alpes.net\/de\/#organization","name":"Agence D\u00e9partementale de D\u00e9veloppement Economique et Touristique des Hautes-Alpes","url":"https:\/\/www.hautes-alpes.net\/de\/","logo":{"@type":"ImageObject","inLanguage":"de","@id":"https:\/\/www.hautes-alpes.net\/de\/#\/schema\/logo\/image\/","url":"https:\/\/www.hautes-alpes.net\/wp-content\/uploads\/2026\/01\/black-logo-2.svg","contentUrl":"https:\/\/www.hautes-alpes.net\/wp-content\/uploads\/2026\/01\/black-logo-2.svg","caption":"Agence D\u00e9partementale de D\u00e9veloppement Economique et Touristique des Hautes-Alpes"},"image":{"@id":"https:\/\/www.hautes-alpes.net\/de\/#\/schema\/logo\/image\/"}}]}},"_links":{"self":[{"href":"https:\/\/www.hautes-alpes.net\/de\/wp-json\/wp\/v2\/pages\/109546","targetHints":{"allow":["GET"]}}],"collection":[{"href":"https:\/\/www.hautes-alpes.net\/de\/wp-json\/wp\/v2\/pages"}],"about":[{"href":"https:\/\/www.hautes-alpes.net\/de\/wp-json\/wp\/v2\/types\/page"}],"author":[{"embeddable":true,"href":"https:\/\/www.hautes-alpes.net\/de\/wp-json\/wp\/v2\/users\/6"}],"replies":[{"embeddable":true,"href":"https:\/\/www.hautes-alpes.net\/de\/wp-json\/wp\/v2\/comments?post=109546"}],"version-history":[{"count":1,"href":"https:\/\/www.hautes-alpes.net\/de\/wp-json\/wp\/v2\/pages\/109546\/revisions"}],"predecessor-version":[{"id":109547,"href":"https:\/\/www.hautes-alpes.net\/de\/wp-json\/wp\/v2\/pages\/109546\/revisions\/109547"}],"up":[{"embeddable":true,"href":"https:\/\/www.hautes-alpes.net\/de\/wp-json\/wp\/v2\/pages\/107980"}],"wp:attachment":[{"href":"https:\/\/www.hautes-alpes.net\/de\/wp-json\/wp\/v2\/media?parent=109546"}],"wp:term":[{"taxonomy":"page_label","embeddable":true,"href":"https:\/\/www.hautes-alpes.net\/de\/wp-json\/wp\/v2\/page_label?post=109546"}],"curies":[{"name":"wp","href":"https:\/\/api.w.org\/{rel}","templated":true}]}}