{"id":109268,"date":"2025-11-21T15:17:10","date_gmt":"2025-11-21T14:17:10","guid":{"rendered":"https:\/\/www.hautes-alpes.net\/die-entwicklungsagentur\/die-entwicklungsagentur-der-hautes-alpes\/"},"modified":"2026-07-03T09:08:13","modified_gmt":"2026-07-03T07:08:13","slug":"die-entwicklungsagentur-der-hautes-alpes","status":"publish","type":"page","link":"https:\/\/www.hautes-alpes.net\/de\/die-entwicklungsagentur\/die-entwicklungsagentur-der-hautes-alpes\/","title":{"rendered":"Die Entwicklungsagentur"},"content":{"rendered":"\n<div class=\"wp-block-group alignfull hero-banner-cover-wide has-global-padding is-layout-constrained wp-block-group-is-layout-constrained\"><div class=\"yoast-breadcrumbs\"><span><span><a href=\"https:\/\/www.hautes-alpes.net\/de\/hautes-alpes\/\">Accueil<\/a><\/span>  <span><a href=\"https:\/\/www.hautes-alpes.net\/de\/die-entwicklungsagentur\/\">Die Entwicklungsagentur<\/a><\/span>  <span><a href=\"https:\/\/www.hautes-alpes.net\/de\/die-entwicklungsagentur\/\">Die Entwicklungsagentur<\/a><\/span>  <span class=\"breadcrumb_last\" aria-current=\"page\">Die Entwicklungsagentur<\/span><\/span><\/div>\n\n\n<h1 class=\"wp-block-ws-library-post-title\">Die Entwicklungsagentur<\/h1>\n\n\n\n<div class=\"wp-block-ws-library-media-embed ws-media-embed\"><img decoding=\"async\" src=\"https:\/\/www.hautes-alpes.net\/wp-content\/uploads\/2025\/12\/7b3a2876x-2000x1000.jpg\" alt=\"\" class=\"ws-media-embed__image\" style=\"aspect-ratio:2000\/1000\"><\/div>\n\n\n\n<p class=\"subtitle wp-block-paragraph\">Rolle und Aufgaben<\/p>\n\n\n\n<p class=\"wp-block-paragraph\">Mit einem engagierten Team und einem Jahresbudget von \u00fcber 4 Mio. \u20ac f\u00fchrt sie <strong>F\u00f6rder- und Projektma\u00dfnahmen<\/strong> zugunsten von Unternehmen und Regionen durch. <br\/><br\/>Angesichts der bevorstehenden <a href=\"https:\/\/www.hautes-alpes.net\/de\/ikonische\/winterspiele-2030\/\">Olympischen und Paralympischen Winterspiele 2030<\/a> h\u00e4lt die Agentur an ihrem Kurs fest: St\u00e4rken in Chancen zu verwandeln, den Wandel voranzutreiben und die Hautes-Alpes als attraktive, nachhaltige Region zu positionieren, die stolz auf ihre Identit\u00e4t ist.<\/p>\n<\/div>\n\n<div style=\"height:50px\" aria-hidden=\"true\" class=\"wp-block-spacer\"><\/div>\n\n<h2 class=\"wp-block-heading is-style-title-1\"><strong>10 Jahre<br\/><\/strong>Attraktivit\u00e4t<\/h2>\n\n<div class=\"wp-block-ws-library-ws-columns has-2-columns are-vertically-aligned-center layout-5050\">\n<div class=\"wp-block-ws-library-ws-column\"><div class=\"wrapper\">\n<p class=\"wp-block-paragraph\"><strong>\u201eUnsere Zukunft liegt in unseren H\u00e4nden.\u201c<\/strong> Mit diesen Worten brachte <strong>Jean-Yves Dusserre<\/strong>, Pr\u00e4sident des D\u00e9partements, die Idee der Entwicklungsagentur der Hautes-Alpes auf den Weg. Einige Monate sp\u00e4ter, im Jahr 2015, entstand ein \u00f6ffentlicher Interessenzusammenschluss, allgemein bekannt als ADDET. Das ist bereits 10 Jahre her!   <\/p>\n<\/div><\/div>\n\n\n\n<div class=\"wp-block-ws-library-ws-column\"><div class=\"wrapper\">\n<div class=\"wp-block-ws-library-ws-image\"><div class=\"wrapper\"><div class=\"group-media\"><img decoding=\"async\" src=\"https:\/\/www.hautes-alpes.net\/wp-content\/uploads\/2025\/11\/163-1240x800.jpg\" alt=\"\" class=\"single_image ws-image-78001\"><div class=\"credits\">P. Domeyne - AD05<\/div><\/div><p class=\"caption\"><\/p><\/div><\/div>\n<\/div><\/div>\n<\/div>\n\n<p class=\"wp-block-paragraph\"><strong>Den Hautes-Alpes hat es nie an St\u00e4rken oder Talenten gemangelt,<\/strong> doch wird das Jahrzehnt 2015\u20132025 trotz wiederholter nationaler und internationaler Krisen als Wendepunkt in unserer Geschichte in Erinnerung bleiben. In den letzten Jahren ist es den <strong>Bewohnern der Hautes-Alpes<\/strong> gelungen, Spaltungen in Zusammenhalt, Fatalismus in Anspruch, Minderwertigkeitskomplexe in Stolz zu verwandeln und das, was lange Zeit als Schw\u00e4chen der Region wahrgenommen wurde, in St\u00e4rken umzuwandeln. <\/p>\n\n<div class=\"wp-block-ws-library-ws-columns has-2-columns are-vertically-aligned-center layout-5050\">\n<div class=\"wp-block-ws-library-ws-column\"><div class=\"wrapper\">\n<div class=\"wp-block-ws-library-ws-image\"><div class=\"wrapper\"><div class=\"group-media\"><img decoding=\"async\" src=\"https:\/\/www.hautes-alpes.net\/wp-content\/uploads\/2025\/11\/serre-poncon-50-1240x800.jpg\" alt=\"\" class=\"single_image ws-image-53675\"><div class=\"credits\">OT Serre-Pon\u00e7on<\/div><\/div><p class=\"caption\">Der Gipfel der Aiguilles de Chabri\u00e8res<\/p><\/div><\/div>\n<\/div><\/div>\n\n\n\n<div class=\"wp-block-ws-library-ws-column\"><div class=\"wrapper\">\n<p class=\"wp-block-paragraph\">Die Hautes-Alpes sind eines der <strong>h\u00f6chstgelegenen<\/strong> Departements Frankreichs, das <strong><a href=\"https:\/\/www.hautes-alpes.net\/de\/ikonische\/naturwaechter\/\">am besten erhaltene<\/a><\/strong> im Alpenraum, der <strong>\u201eWasserturm der Provence\u201c<\/strong> und dank der Wasserkraft eines der <strong>wichtigsten Standorte <a href=\"https:\/\/www.hautes-alpes.net\/de\/wirtschaftszweige\/erneuerbare-energien\/\">f\u00fcr erneuerbare Energien<\/a><\/strong> in Europa sowie das <strong><a href=\"https:\/\/www.hautes-alpes.net\/de\/wirtschaftszweige\/landwirtschaft\/\">f\u00fchrendes Bio-D\u00e9partement Frankreichs<\/a><\/strong>, eine Region, ein Reiseziel, ein wundersch\u00f6ner Ort, an dem es sich gut leben l\u00e4sst. Viele wissen das, doch nur wenige erfassen die Entwicklung der Triebkr\u00e4fte dieses weitl\u00e4ufigen, d\u00fcnn besiedelten Departements richtig. <\/p>\n<\/div><\/div>\n<\/div>\n\n<h2 class=\"wp-block-heading is-style-title-1\"><strong>10 Jahre<br\/><\/strong>der Einheit<\/h2>\n\n<p class=\"wp-block-paragraph\">Innerhalb von zehn Jahren <strong>haben <a href=\"https:\/\/www.hautes-alpes.net\/de\/wirtschaftszweige\/tourismus\/\">Tourismus <\/a>und <a href=\"https:\/\/www.hautes-alpes.net\/de\/wirtschaftszweige\/landwirtschaft\/\">Landwirtschaft<\/a>, die S\u00e4ulen unseres Reichtums und unserer Identit\u00e4t, einen gro\u00dfen Sprung nach vorn gemacht<\/strong>, wobei alles auf Sparsamkeit und Nachhaltigkeit ausgerichtet ist. Gleichzeitig <strong>hat sich die lokale Wirtschaft stark diversifiziert<\/strong>: drei von zehn privaten Arbeitspl\u00e4tzen sind heute in der<a href=\"https:\/\/www.hautes-alpes.net\/de\/wirtschaftszweige\/lebensmittelindustrie\/\">Lebensmittelindustrie<\/a>, den <a href=\"https:\/\/www.hautes-alpes.net\/de\/wirtschaftszweige\/erneuerbare-energien\/\">erneuerbaren Energien<\/a>, dem <a href=\"https:\/\/www.hautes-alpes.net\/de\/wirtschaftszweige\/bau\/\">Bauwesen<\/a>, der<a href=\"https:\/\/www.hautes-alpes.net\/de\/wirtschaftszweige\/luft-und-raumfahrt\/\">Luftfahrt<\/a> oder der<a href=\"https:\/\/www.hautes-alpes.net\/de\/wirtschaftszweige\/industrie\/\">Leichtindustrie<\/a> angesiedelt. Nur einen Schritt weiter, trotz der Spannungen und eines sehr ung\u00fcnstigen nationalen Kontextes, <strong>halten die <a href=\"https:\/\/www.hautes-alpes.net\/de\/wirtschaftszweige\/gesundheit\/\">Berufe im Gesundheits- und Pflegebereich<\/a> ihren Platz<\/strong>. All dies sind Gr\u00fcnde zur Zufriedenheit, auch wenn wir die Notlage mancher Menschen oder die Wohnungskrise nicht vergessen, die die Demografie und die Ansiedlung junger Berufst\u00e4tiger beeintr\u00e4chtigt. Die Entwicklung der mikro\u00f6konomischen Indikatoren zwischen 2014 und 2024 belegt dies (das BIP des Departements stieg um +50,3 %). Dies ist kein Zufall, sondern das Ergebnis einer gemeinsamen Vision und einer kollektiven Anstrengung.     <\/p>\n\n<p class=\"wp-block-paragraph\"><br\/><strong>Die Entwicklungsagentur ist eine ungew\u00f6hnliche Einrichtung<\/strong>, die als Bindeglied zwischen Kommunen und Unternehmen fungiert. Wir arbeiten an Ihrer Seite, halten b\u00fcrokratische Hindernisse fern, um gemeinsame Dynamiken zu f\u00f6rdern, Branchen zu strukturieren, die Wirtschaftst\u00e4tigkeit zu unterst\u00fctzen, die Attraktivit\u00e4t von Unternehmen und Regionen zu st\u00e4rken und <strong>die Hautes-Alpes bekannt zu machen<\/strong>. Wir tun dies mit Weitsicht in einer Zeit, in der der Klimawandel die nat\u00fcrlichen Lebensr\u00e4ume und menschliche Aktivit\u00e4ten stark beeintr\u00e4chtigt, indem wir den Wandel f\u00f6rdern und unerm\u00fcdlich nach einem Gleichgewicht zwischen dem Erhalt und der Aufwertung einer au\u00dfergew\u00f6hnlichen Natur \u2013 unserem gr\u00f6\u00dften Reichtum \u2013 suchen, damit wir hier weiterhin unternehmerisch t\u00e4tig sein und leben k\u00f6nnen.  <\/p>\n\n<h2 class=\"wp-block-heading is-style-title-1\"><strong>10 Jahre<br\/><\/strong>Ambitionen<\/h2>\n\n<div class=\"wp-block-ws-library-ws-columns has-2-columns are-vertically-aligned-center layout-5050\">\n<div class=\"wp-block-ws-library-ws-column\"><div class=\"wrapper\">\n<p class=\"wp-block-paragraph\">Wir werden unsere Anstrengungen mit Enthusiasmus und Entschlossenheit fortsetzen, die <a href=\"https:\/\/www.hautes-alpes.net\/de\/ikonische\/winterspiele-2030\/\">Olympischen und Paralympischen Winterspiele 2030 im<\/a> Visier, wir werden sie erfolgreich abschlie\u00dfen und ein Erbe aufbauen, das den Erwartungen aller gerecht wird, wenn wir <strong>vereint, mobilisiert und ehrgeizig<\/strong> bleiben. Erf\u00fcllt von Hoffnung, \u00f6ffnet sich eine riesige Zukunft vor unseren Augen, nehmen wir sie mit beiden H\u00e4nden. <\/p>\n<\/div><\/div>\n\n\n\n<div class=\"wp-block-ws-library-ws-column\"><div class=\"wrapper\">\n<div class=\"wp-block-ws-library-ws-image\"><div class=\"wrapper\"><div class=\"group-media\"><img decoding=\"async\" src=\"https:\/\/www.hautes-alpes.net\/wp-content\/uploads\/2025\/11\/briancon-hd-alpesphotographiescom-2-1240x800.jpg\" alt=\"\" class=\"single_image ws-image-78161\"><div class=\"credits\">Alpen Fotografien<\/div><\/div><p class=\"caption\"><\/p><\/div><\/div>\n<\/div><\/div>\n<\/div>\n\n<p class=\"wp-block-paragraph\"><strong>Ein neues Paradigma<br\/><\/strong>Das richtige Gleichgewicht zwischen dem Erhalt und der Aufwertung einer au\u00dfergew\u00f6hnlichen Natur, dem gr\u00f6\u00dften Reichtum der Hautes-Alpes, sicherstellen. Den \u00f6kologischen \u00dcbergang noch weiter vorantreiben. <\/p>\n\n<div class=\"wp-block-ws-library-ws-image is-style-simple\"><div class=\"wrapper\"><div class=\"group-media\"><img decoding=\"async\" src=\"https:\/\/www.hautes-alpes.net\/wp-content\/uploads\/2025\/11\/capture-decran-2025-10-02-121610.png\" alt=\"\" class=\"single_image ws-image-78554\"><div class=\"credits\"><\/div><\/div><p class=\"caption\"><\/p><\/div><\/div>\n\n<div class=\"wp-block-ws-library-ws-image is-style-simple\"><div class=\"wrapper\"><div class=\"group-media\"><img decoding=\"async\" src=\"https:\/\/www.hautes-alpes.net\/wp-content\/uploads\/2025\/11\/capture-decran-2025-10-02-121627-1240x573.png\" alt=\"\" class=\"single_image ws-image-78555\"><div class=\"credits\"><\/div><\/div><p class=\"caption\"><\/p><\/div><\/div>\n\n<div class=\"wp-block-ws-library-ws-animated-quote\"><blockquote class=\"quote-container quote-align-undefined\"><div class=\"group-media\"><div class=\"field-image\"><img decoding=\"async\" class=\"quote-avatar ws-image-92562\" src=\"https:\/\/www.hautes-alpes.net\/wp-content\/uploads\/2025\/12\/patrick-ricou-2025-e1764776302196-160x160.jpg\" data-full-url=\"https:\/\/www.hautes-alpes.net\/wp-content\/uploads\/2025\/12\/patrick-ricou-2025-e1764776302196.jpg\" alt=\"\"><\/div><\/div><footer><cite class=\"quote-subcontent\"><strong>Patrick Ricou<br\/><\/strong>Vorsitzender der Entwicklungsagentur<\/cite><\/footer><p class=\"quote-content\">&#8220;Unsere Verantwortung ist es, ein Gleichgewicht zwischen dem Erhalt und der Aufwertung einer au\u00dfergew\u00f6hnlichen Natur zu finden.<\/p><\/blockquote><\/div>\n\n<h2 class=\"wp-block-heading is-style-title-1\"><strong>Fahrpl\u00e4ne<\/strong><\/h2>\n\n<div class=\"wp-block-ws-library-ws-tabs alignfull\"><ul class=\"tabs-titles\"><li class=\"tab-title is-active\" data-tab-index=\"0\">Tourismus<\/li><li class=\"tab-title\" data-tab-index=\"1\">Landwirtschaft<\/li><li class=\"tab-title\" data-tab-index=\"2\">Wirtschaft<\/li><li class=\"tab-title\" data-tab-index=\"3\">Berufe und Organisation<\/li><li class=\"tab-title\" data-tab-index=\"4\">T\u00e4tigkeitsbericht<\/li><\/ul><div class=\"tabs-list\">\n<div class=\"wp-block-ws-library-ws-tab\" style=\"display:none\"><p class=\"tab-title\">Tourismus<\/p><div class=\"tab-content\">\n<div class=\"wp-block-group tab-row is-nowrap is-layout-flex wp-container-core-group-is-layout-002ffff5 wp-block-group-is-layout-flex\">\n<div class=\"wp-block-group tab-group-content is-layout-flow wp-block-group-is-layout-flow\">\n<p class=\"is-style-highlighted wp-block-paragraph\"><strong>Den Erwartungen unserer Kunden und den Anforderungen des Wettbewerbs stets noch besser gerecht werden<\/strong><br\/><strong><br\/><\/strong>1\/ Die Hautes-Alpes als H\u00fcter der Natur \u2013 Vorreiter im \u00f6kologischen Wandel werden<br\/>2\/ Unsere Marktanteile zu jeder Jahreszeit festigen<br\/>3\/ Qualit\u00e4t und Kompetenz steigern<br\/>4\/ Auf ein ausgewogenes Verh\u00e4ltnis der touristischen Zielgruppen achten<\/p>\n\n\n\n<div class=\"wp-block-ws-library-ws-documents\">\n<div class=\"wp-block-ws-library-ws-document\"><a href=\"https:\/\/www.hautes-alpes.net\/wp-content\/uploads\/2025\/11\/feuille-de-route-tourisme.pdf\" target=\"_blank\" rel=\"noopener noreferrer\" class=\"link-document\">Fahrplan f\u00fcr den Tourismus<\/a><\/div>\n<\/div>\n<\/div>\n<\/div>\n<\/div><\/div>\n\n\n\n<div class=\"wp-block-ws-library-ws-tab\" style=\"display:none\"><p class=\"tab-title\">Landwirtschaft<\/p><div class=\"tab-content\">\n<div class=\"wp-block-group tab-row is-nowrap is-layout-flex wp-container-core-group-is-layout-002ffff5 wp-block-group-is-layout-flex\">\n<div class=\"wp-block-group tab-group-content is-layout-flow wp-block-group-is-layout-flow\">\n<p class=\"is-style-highlighted wp-block-paragraph\"><strong>Unsere Stellung als bedeutendes landwirtschaftliches Departement festigen<br\/><\/strong><br\/> 1\/ Die landwirtschaftliche Produktion auf biologische Erzeugnisse mit hoher Wertsch\u00f6pfung ausrichten<br\/>2\/ Den Vertrieb auf lokale Vertriebskan\u00e4le mit h\u00f6herer Wertsch\u00f6pfung ausrichten<br\/>3\/ F\u00f6rderung unserer Region und unserer lokalen Produkte, der Hautes-Alpes<br\/>4\/ Gew\u00e4hrleistung eines verantwortungsvollen Umgangs mit der Natur<\/p>\n\n\n\n<div class=\"wp-block-ws-library-ws-documents\">\n<div class=\"wp-block-ws-library-ws-document\"><a href=\"https:\/\/www.hautes-alpes.net\/wp-content\/uploads\/2025\/11\/feuille-de-route-agriculture.pdf\" target=\"_blank\" rel=\"noopener noreferrer\" class=\"link-document\">Fahrplan f\u00fcr die Landwirtschaft<\/a><\/div>\n<\/div>\n<\/div>\n<\/div>\n<\/div><\/div>\n\n\n\n<div class=\"wp-block-ws-library-ws-tab\" style=\"display:none\"><p class=\"tab-title\">Wirtschaft<\/p><div class=\"tab-content\">\n<div class=\"wp-block-group tab-row is-nowrap is-layout-flex wp-container-core-group-is-layout-002ffff5 wp-block-group-is-layout-flex\">\n<div class=\"wp-block-group tab-group-content is-layout-flow wp-block-group-is-layout-flow\">\n<p class=\"is-style-highlighted wp-block-paragraph\">Die Attraktivit\u00e4t der Hautes-Alpes weiter steigern<br\/>1\/ Die wirtschaftlichen Herausforderungen bew\u00e4ltigen<br\/>2\/ Die Wirtschaft der Hautes-Alpes neu ausrichten und nachhaltig wiederbeleben<br\/>3\/ Ein \u00d6kosystem schaffen, das Innovation, Entwicklung, Unternehmensnachfolge und Unternehmensansiedlung f\u00f6rdert<br\/>4\/ Junge Arbeitskr\u00e4fte anziehen<\/p>\n\n\n\n<div class=\"wp-block-ws-library-ws-documents\">\n<div class=\"wp-block-ws-library-ws-document\"><a href=\"https:\/\/www.hautes-alpes.net\/wp-content\/uploads\/2025\/11\/feuille-de-route-economie.pdf\" target=\"_blank\" rel=\"noopener noreferrer\" class=\"link-document\">Fahrplan f\u00fcr die Wirtschaft<\/a><\/div>\n<\/div>\n\n\n\n<p class=\"is-style-highlighted wp-block-paragraph\"><\/p>\n<\/div>\n<\/div>\n<\/div><\/div>\n\n\n\n<div class=\"wp-block-ws-library-ws-tab\" style=\"display:none\"><p class=\"tab-title\">Berufe und Organisation<\/p><div class=\"tab-content\">\n<div class=\"wp-block-group tab-row is-nowrap is-layout-flex wp-container-core-group-is-layout-002ffff5 wp-block-group-is-layout-flex\">\n<div class=\"wp-block-group tab-group-content is-layout-flow wp-block-group-is-layout-flow\">\n<p class=\"wp-block-paragraph\">Ein Team, das sich mit technischen Aufgaben, Entwicklung und Kommunikation zur F\u00f6rderung des Territoriums befasst.<\/p>\n\n\n\n<p class=\"wp-block-paragraph\"><\/p>\n\n\n\n<div class=\"wp-block-ws-library-ws-image\"><div class=\"wrapper\"><div class=\"group-media\"><a href=\"https:\/\/www.hautes-alpes.net\/wp-content\/uploads\/2026\/07\/organigramme-2026-scaled.jpg\" data-glightbox=\"true\" class=\"lightbox-trigger\"><img decoding=\"async\" src=\"https:\/\/www.hautes-alpes.net\/wp-content\/uploads\/2026\/07\/organigramme-2026-905x640.jpg\" alt=\"\" class=\"single_image ws-image-647202\"><\/a><div class=\"credits\"><\/div><\/div><p class=\"caption\"><\/p><\/div><\/div>\n\n\n\n<div class=\"wp-block-ws-library-ws-documents\">\n<div class=\"wp-block-ws-library-ws-document\"><a href=\"https:\/\/www.hautes-alpes.net\/wp-content\/uploads\/2025\/11\/pres-agence-de-developpement-des-ha.pdf\" target=\"_blank\" rel=\"noopener noreferrer\" class=\"link-document\">Vorstellung der Entwicklungsagentur<\/a><\/div>\n<\/div>\n<\/div>\n<\/div>\n<\/div><\/div>\n\n\n\n<div class=\"wp-block-ws-library-ws-tab\" style=\"display:none\"><p class=\"tab-title\">T\u00e4tigkeitsbericht<\/p><div class=\"tab-content\">\n<div class=\"wp-block-group tab-row is-nowrap is-layout-flex wp-container-core-group-is-layout-002ffff5 wp-block-group-is-layout-flex\">\n<div class=\"wp-block-group tab-group-content is-layout-flow wp-block-group-is-layout-flow\"><div class=\"wp-block-ws-library-ws-last-document\"><div class=\"card card-document ws-last-document\"><div class=\"group-media\"><img decoding=\"async\" width=\"480\" height=\"339\" src=\"https:\/\/www.hautes-alpes.net\/wp-content\/uploads\/2026\/01\/capture-decran-2026-01-29-142445-480x339.png\" class=\"custom-preview size-480x700\" alt=\"\" srcset=\"https:\/\/www.hautes-alpes.net\/wp-content\/uploads\/2026\/01\/capture-decran-2026-01-29-142445-480x339.png 480w, https:\/\/www.hautes-alpes.net\/wp-content\/uploads\/2026\/01\/capture-decran-2026-01-29-142445-300x212.png 300w, https:\/\/www.hautes-alpes.net\/wp-content\/uploads\/2026\/01\/capture-decran-2026-01-29-142445-1024x723.png 1024w, https:\/\/www.hautes-alpes.net\/wp-content\/uploads\/2026\/01\/capture-decran-2026-01-29-142445-768x542.png 768w, https:\/\/www.hautes-alpes.net\/wp-content\/uploads\/2026\/01\/capture-decran-2026-01-29-142445-1536x1085.png 1536w, https:\/\/www.hautes-alpes.net\/wp-content\/uploads\/2026\/01\/capture-decran-2026-01-29-142445-906x640.png 906w, https:\/\/www.hautes-alpes.net\/wp-content\/uploads\/2026\/01\/capture-decran-2026-01-29-142445-878x620.png 878w, https:\/\/www.hautes-alpes.net\/wp-content\/uploads\/2026\/01\/capture-decran-2026-01-29-142445.png 1845w\" sizes=\"(max-width: 480px) 100vw, 480px\" \/><\/div><div class=\"group-content\"><div class=\"field-title\"><h3>T\u00e4tigkeitsbericht 2025<\/h3><\/div><div class=\"group-details\"><div class=\"field-preview\"><div class=\"wp-block-button is-style-view\"><a href=\"https:\/\/www.hautes-alpes.net\/wp-content\/uploads\/2026\/01\/ra-2025-agence-de-developpement-des-ha-bat-web-compressed.pdf\" target=\"_blank\" rel=\"noopener noreferrer\" class=\"wp-block-button__link wp-element-button\">Konsultieren Sie<\/a><\/div><\/div><div class=\"field-download\"><div class=\"wp-block-button is-style-download\"><a href=\"https:\/\/www.hautes-alpes.net\/wp-content\/uploads\/2026\/01\/ra-2025-agence-de-developpement-des-ha-bat-web-compressed.pdf\" download target=\"_blank\" rel=\"noopener noreferrer\" class=\"wp-block-button__link wp-element-button\">T\u00e9l\u00e9charger<\/a><\/div><\/div><\/div><\/div><\/div><\/div><\/div>\n<\/div>\n<\/div><\/div>\n<\/div><\/div>\n\n<div class=\"wp-block-ws-library-ws-share\"><span class=\"share-subtitle\">Hat Ihnen diese Seite gefallen?<\/span><span class=\"share-title\">Teilen Sie es mit anderen!<\/span><button class=\"ws-share-button wp-element-button\">Diese Seite teilen<\/button><\/div>\n","protected":false},"excerpt":{"rendered":"<p>Rolle und Aufgaben Mit einem engagierten Team und einem Jahresbudget von \u00fcber 4 Mio. \u20ac f\u00fchrt sie F\u00f6rder- und Projektma\u00dfnahmen [&hellip;]<\/p>\n","protected":false},"author":5,"featured_media":0,"parent":108184,"menu_order":0,"comment_status":"closed","ping_status":"closed","template":"","meta":{"is_dark_mode":false,"footnotes":""},"page_label":[],"class_list":["post-109268","page","type-page","status-publish","hentry"],"yoast_head":"<!-- This site is optimized with the Yoast SEO plugin v28.3 - https:\/\/yoast.com\/product\/yoast-seo-wordpress\/ -->\n<title>Die Entwicklungsagentur - Hautes-Alpes<\/title>\n<meta name=\"description\" content=\"Die Entwicklungsagentur Rolle und Aufgaben Mit einem engagierten Team und einem Jahresbudget von \u00fcber 4 Mio. \u20ac f\u00fchrt sie F\u00f6rder- und Projektma\u00dfnahmen\" \/>\n<meta name=\"robots\" content=\"index, follow, max-snippet:-1, max-image-preview:large, max-video-preview:-1\" \/>\n<link rel=\"canonical\" href=\"https:\/\/www.hautes-alpes.net\/de\/die-entwicklungsagentur\/die-entwicklungsagentur-der-hautes-alpes\/\" \/>\n<meta property=\"og:locale\" content=\"de_DE\" \/>\n<meta property=\"og:type\" content=\"article\" \/>\n<meta property=\"og:title\" content=\"Die Entwicklungsagentur - Hautes-Alpes\" \/>\n<meta property=\"og:description\" content=\"Die Entwicklungsagentur Rolle und Aufgaben Mit einem engagierten Team und einem Jahresbudget von \u00fcber 4 Mio. \u20ac f\u00fchrt sie F\u00f6rder- und Projektma\u00dfnahmen\" \/>\n<meta property=\"og:url\" content=\"https:\/\/www.hautes-alpes.net\/de\/die-entwicklungsagentur\/die-entwicklungsagentur-der-hautes-alpes\/\" \/>\n<meta property=\"og:site_name\" content=\"Hautes-Alpes\" \/>\n<meta property=\"article:modified_time\" content=\"2026-07-03T07:08:13+00:00\" \/>\n<meta property=\"og:image\" content=\"https:\/\/www.hautes-alpes.net\/wp-content\/uploads\/2025\/12\/7b3a2876x-2000x1000.jpg\" \/>\n<meta name=\"twitter:card\" content=\"summary_large_image\" \/>\n<meta name=\"twitter:label1\" content=\"Gesch\u00e4tzte Lesezeit\" \/>\n\t<meta name=\"twitter:data1\" content=\"4 Minuten\" \/>\n<script type=\"application\/ld+json\" class=\"yoast-schema-graph\">{\"@context\":\"https:\\\/\\\/schema.org\",\"@graph\":[{\"@type\":\"WebPage\",\"@id\":\"https:\\\/\\\/www.hautes-alpes.net\\\/de\\\/die-entwicklungsagentur\\\/die-entwicklungsagentur-der-hautes-alpes\\\/\",\"url\":\"https:\\\/\\\/www.hautes-alpes.net\\\/de\\\/die-entwicklungsagentur\\\/die-entwicklungsagentur-der-hautes-alpes\\\/\",\"name\":\"Die Entwicklungsagentur - Hautes-Alpes\",\"isPartOf\":{\"@id\":\"https:\\\/\\\/www.hautes-alpes.net\\\/de\\\/#website\"},\"primaryImageOfPage\":{\"@id\":\"https:\\\/\\\/www.hautes-alpes.net\\\/de\\\/die-entwicklungsagentur\\\/die-entwicklungsagentur-der-hautes-alpes\\\/#primaryimage\"},\"image\":{\"@id\":\"https:\\\/\\\/www.hautes-alpes.net\\\/de\\\/die-entwicklungsagentur\\\/die-entwicklungsagentur-der-hautes-alpes\\\/#primaryimage\"},\"thumbnailUrl\":\"https:\\\/\\\/www.hautes-alpes.net\\\/wp-content\\\/uploads\\\/2025\\\/12\\\/7b3a2876x-2000x1000.jpg\",\"datePublished\":\"2025-11-21T14:17:10+00:00\",\"dateModified\":\"2026-07-03T07:08:13+00:00\",\"description\":\"Die Entwicklungsagentur Rolle und Aufgaben Mit einem engagierten Team und einem Jahresbudget von \u00fcber 4 Mio. \u20ac f\u00fchrt sie F\u00f6rder- und Projektma\u00dfnahmen\",\"breadcrumb\":{\"@id\":\"https:\\\/\\\/www.hautes-alpes.net\\\/de\\\/die-entwicklungsagentur\\\/die-entwicklungsagentur-der-hautes-alpes\\\/#breadcrumb\"},\"inLanguage\":\"de\",\"potentialAction\":[{\"@type\":\"ReadAction\",\"target\":[\"https:\\\/\\\/www.hautes-alpes.net\\\/de\\\/die-entwicklungsagentur\\\/die-entwicklungsagentur-der-hautes-alpes\\\/\"]}]},{\"@type\":\"ImageObject\",\"inLanguage\":\"de\",\"@id\":\"https:\\\/\\\/www.hautes-alpes.net\\\/de\\\/die-entwicklungsagentur\\\/die-entwicklungsagentur-der-hautes-alpes\\\/#primaryimage\",\"url\":\"https:\\\/\\\/www.hautes-alpes.net\\\/wp-content\\\/uploads\\\/2025\\\/12\\\/7b3a2876x-2000x1000.jpg\",\"contentUrl\":\"https:\\\/\\\/www.hautes-alpes.net\\\/wp-content\\\/uploads\\\/2025\\\/12\\\/7b3a2876x-2000x1000.jpg\"},{\"@type\":\"BreadcrumbList\",\"@id\":\"https:\\\/\\\/www.hautes-alpes.net\\\/de\\\/die-entwicklungsagentur\\\/die-entwicklungsagentur-der-hautes-alpes\\\/#breadcrumb\",\"itemListElement\":[{\"@type\":\"ListItem\",\"position\":1,\"name\":\"Accueil\",\"item\":\"https:\\\/\\\/www.hautes-alpes.net\\\/de\\\/hautes-alpes\\\/\"},{\"@type\":\"ListItem\",\"position\":2,\"name\":\"Die Entwicklungsagentur\",\"item\":\"https:\\\/\\\/www.hautes-alpes.net\\\/de\\\/die-entwicklungsagentur\\\/\"},{\"@type\":\"ListItem\",\"position\":3,\"name\":\"Die Entwicklungsagentur\",\"item\":\"https:\\\/\\\/www.hautes-alpes.net\\\/de\\\/die-entwicklungsagentur\\\/\"},{\"@type\":\"ListItem\",\"position\":4,\"name\":\"Die Entwicklungsagentur\"}]},{\"@type\":\"WebSite\",\"@id\":\"https:\\\/\\\/www.hautes-alpes.net\\\/de\\\/#website\",\"url\":\"https:\\\/\\\/www.hautes-alpes.net\\\/de\\\/\",\"name\":\"ADDET\",\"description\":\"\",\"publisher\":{\"@id\":\"https:\\\/\\\/www.hautes-alpes.net\\\/de\\\/#organization\"},\"potentialAction\":[{\"@type\":\"SearchAction\",\"target\":{\"@type\":\"EntryPoint\",\"urlTemplate\":\"https:\\\/\\\/www.hautes-alpes.net\\\/de\\\/?s={search_term_string}\"},\"query-input\":{\"@type\":\"PropertyValueSpecification\",\"valueRequired\":true,\"valueName\":\"search_term_string\"}}],\"inLanguage\":\"de\"},{\"@type\":\"Organization\",\"@id\":\"https:\\\/\\\/www.hautes-alpes.net\\\/de\\\/#organization\",\"name\":\"Agence D\u00e9partementale de D\u00e9veloppement Economique et Touristique des Hautes-Alpes\",\"url\":\"https:\\\/\\\/www.hautes-alpes.net\\\/de\\\/\",\"logo\":{\"@type\":\"ImageObject\",\"inLanguage\":\"de\",\"@id\":\"https:\\\/\\\/www.hautes-alpes.net\\\/de\\\/#\\\/schema\\\/logo\\\/image\\\/\",\"url\":\"https:\\\/\\\/www.hautes-alpes.net\\\/wp-content\\\/uploads\\\/2026\\\/01\\\/black-logo-2.svg\",\"contentUrl\":\"https:\\\/\\\/www.hautes-alpes.net\\\/wp-content\\\/uploads\\\/2026\\\/01\\\/black-logo-2.svg\",\"caption\":\"Agence D\u00e9partementale de D\u00e9veloppement Economique et Touristique des Hautes-Alpes\"},\"image\":{\"@id\":\"https:\\\/\\\/www.hautes-alpes.net\\\/de\\\/#\\\/schema\\\/logo\\\/image\\\/\"}}]}<\/script>\n<!-- \/ Yoast SEO plugin. -->","yoast_head_json":{"title":"Die Entwicklungsagentur - Hautes-Alpes","description":"Die Entwicklungsagentur Rolle und Aufgaben Mit einem engagierten Team und einem Jahresbudget von \u00fcber 4 Mio. \u20ac f\u00fchrt sie F\u00f6rder- und Projektma\u00dfnahmen","robots":{"index":"index","follow":"follow","max-snippet":"max-snippet:-1","max-image-preview":"max-image-preview:large","max-video-preview":"max-video-preview:-1"},"canonical":"https:\/\/www.hautes-alpes.net\/de\/die-entwicklungsagentur\/die-entwicklungsagentur-der-hautes-alpes\/","og_locale":"de_DE","og_type":"article","og_title":"Die Entwicklungsagentur - Hautes-Alpes","og_description":"Die Entwicklungsagentur Rolle und Aufgaben Mit einem engagierten Team und einem Jahresbudget von \u00fcber 4 Mio. \u20ac f\u00fchrt sie F\u00f6rder- und Projektma\u00dfnahmen","og_url":"https:\/\/www.hautes-alpes.net\/de\/die-entwicklungsagentur\/die-entwicklungsagentur-der-hautes-alpes\/","og_site_name":"Hautes-Alpes","article_modified_time":"2026-07-03T07:08:13+00:00","og_image":[{"url":"https:\/\/www.hautes-alpes.net\/wp-content\/uploads\/2025\/12\/7b3a2876x-2000x1000.jpg","type":"","width":"","height":""}],"twitter_card":"summary_large_image","twitter_misc":{"Gesch\u00e4tzte Lesezeit":"4 Minuten"},"schema":{"@context":"https:\/\/schema.org","@graph":[{"@type":"WebPage","@id":"https:\/\/www.hautes-alpes.net\/de\/die-entwicklungsagentur\/die-entwicklungsagentur-der-hautes-alpes\/","url":"https:\/\/www.hautes-alpes.net\/de\/die-entwicklungsagentur\/die-entwicklungsagentur-der-hautes-alpes\/","name":"Die Entwicklungsagentur - Hautes-Alpes","isPartOf":{"@id":"https:\/\/www.hautes-alpes.net\/de\/#website"},"primaryImageOfPage":{"@id":"https:\/\/www.hautes-alpes.net\/de\/die-entwicklungsagentur\/die-entwicklungsagentur-der-hautes-alpes\/#primaryimage"},"image":{"@id":"https:\/\/www.hautes-alpes.net\/de\/die-entwicklungsagentur\/die-entwicklungsagentur-der-hautes-alpes\/#primaryimage"},"thumbnailUrl":"https:\/\/www.hautes-alpes.net\/wp-content\/uploads\/2025\/12\/7b3a2876x-2000x1000.jpg","datePublished":"2025-11-21T14:17:10+00:00","dateModified":"2026-07-03T07:08:13+00:00","description":"Die Entwicklungsagentur Rolle und Aufgaben Mit einem engagierten Team und einem Jahresbudget von \u00fcber 4 Mio. \u20ac f\u00fchrt sie F\u00f6rder- und Projektma\u00dfnahmen","breadcrumb":{"@id":"https:\/\/www.hautes-alpes.net\/de\/die-entwicklungsagentur\/die-entwicklungsagentur-der-hautes-alpes\/#breadcrumb"},"inLanguage":"de","potentialAction":[{"@type":"ReadAction","target":["https:\/\/www.hautes-alpes.net\/de\/die-entwicklungsagentur\/die-entwicklungsagentur-der-hautes-alpes\/"]}]},{"@type":"ImageObject","inLanguage":"de","@id":"https:\/\/www.hautes-alpes.net\/de\/die-entwicklungsagentur\/die-entwicklungsagentur-der-hautes-alpes\/#primaryimage","url":"https:\/\/www.hautes-alpes.net\/wp-content\/uploads\/2025\/12\/7b3a2876x-2000x1000.jpg","contentUrl":"https:\/\/www.hautes-alpes.net\/wp-content\/uploads\/2025\/12\/7b3a2876x-2000x1000.jpg"},{"@type":"BreadcrumbList","@id":"https:\/\/www.hautes-alpes.net\/de\/die-entwicklungsagentur\/die-entwicklungsagentur-der-hautes-alpes\/#breadcrumb","itemListElement":[{"@type":"ListItem","position":1,"name":"Accueil","item":"https:\/\/www.hautes-alpes.net\/de\/hautes-alpes\/"},{"@type":"ListItem","position":2,"name":"Die Entwicklungsagentur","item":"https:\/\/www.hautes-alpes.net\/de\/die-entwicklungsagentur\/"},{"@type":"ListItem","position":3,"name":"Die Entwicklungsagentur","item":"https:\/\/www.hautes-alpes.net\/de\/die-entwicklungsagentur\/"},{"@type":"ListItem","position":4,"name":"Die Entwicklungsagentur"}]},{"@type":"WebSite","@id":"https:\/\/www.hautes-alpes.net\/de\/#website","url":"https:\/\/www.hautes-alpes.net\/de\/","name":"ADDET","description":"","publisher":{"@id":"https:\/\/www.hautes-alpes.net\/de\/#organization"},"potentialAction":[{"@type":"SearchAction","target":{"@type":"EntryPoint","urlTemplate":"https:\/\/www.hautes-alpes.net\/de\/?s={search_term_string}"},"query-input":{"@type":"PropertyValueSpecification","valueRequired":true,"valueName":"search_term_string"}}],"inLanguage":"de"},{"@type":"Organization","@id":"https:\/\/www.hautes-alpes.net\/de\/#organization","name":"Agence D\u00e9partementale de D\u00e9veloppement Economique et Touristique des Hautes-Alpes","url":"https:\/\/www.hautes-alpes.net\/de\/","logo":{"@type":"ImageObject","inLanguage":"de","@id":"https:\/\/www.hautes-alpes.net\/de\/#\/schema\/logo\/image\/","url":"https:\/\/www.hautes-alpes.net\/wp-content\/uploads\/2026\/01\/black-logo-2.svg","contentUrl":"https:\/\/www.hautes-alpes.net\/wp-content\/uploads\/2026\/01\/black-logo-2.svg","caption":"Agence D\u00e9partementale de D\u00e9veloppement Economique et Touristique des Hautes-Alpes"},"image":{"@id":"https:\/\/www.hautes-alpes.net\/de\/#\/schema\/logo\/image\/"}}]}},"_links":{"self":[{"href":"https:\/\/www.hautes-alpes.net\/de\/wp-json\/wp\/v2\/pages\/109268","targetHints":{"allow":["GET"]}}],"collection":[{"href":"https:\/\/www.hautes-alpes.net\/de\/wp-json\/wp\/v2\/pages"}],"about":[{"href":"https:\/\/www.hautes-alpes.net\/de\/wp-json\/wp\/v2\/types\/page"}],"author":[{"embeddable":true,"href":"https:\/\/www.hautes-alpes.net\/de\/wp-json\/wp\/v2\/users\/5"}],"replies":[{"embeddable":true,"href":"https:\/\/www.hautes-alpes.net\/de\/wp-json\/wp\/v2\/comments?post=109268"}],"version-history":[{"count":10,"href":"https:\/\/www.hautes-alpes.net\/de\/wp-json\/wp\/v2\/pages\/109268\/revisions"}],"predecessor-version":[{"id":647209,"href":"https:\/\/www.hautes-alpes.net\/de\/wp-json\/wp\/v2\/pages\/109268\/revisions\/647209"}],"up":[{"embeddable":true,"href":"https:\/\/www.hautes-alpes.net\/de\/wp-json\/wp\/v2\/pages\/108184"}],"wp:attachment":[{"href":"https:\/\/www.hautes-alpes.net\/de\/wp-json\/wp\/v2\/media?parent=109268"}],"wp:term":[{"taxonomy":"page_label","embeddable":true,"href":"https:\/\/www.hautes-alpes.net\/de\/wp-json\/wp\/v2\/page_label?post=109268"}],"curies":[{"name":"wp","href":"https:\/\/api.w.org\/{rel}","templated":true}]}}