{"id":109150,"date":"2025-11-21T14:49:02","date_gmt":"2025-11-21T13:49:02","guid":{"rendered":"https:\/\/www.hautes-alpes.net\/ikonische\/winterspiele-2030\/"},"modified":"2026-01-27T10:16:16","modified_gmt":"2026-01-27T09:16:16","slug":"winterspiele-2030","status":"publish","type":"page","link":"https:\/\/www.hautes-alpes.net\/de\/ikonische\/winterspiele-2030\/","title":{"rendered":"Winterspiele 2030"},"content":{"rendered":"\n<div class=\"wp-block-group alignfull hero-banner-cover-wide has-global-padding is-layout-constrained wp-block-group-is-layout-constrained\"><div class=\"yoast-breadcrumbs\"><span><span><a href=\"https:\/\/www.hautes-alpes.net\/de\/hautes-alpes\/\">Accueil<\/a><\/span>  <span><a href=\"https:\/\/www.hautes-alpes.net\/de\/ikonische\/\">Ikonische<\/a><\/span>  <span><a href=\"https:\/\/www.hautes-alpes.net\/de\/ikonische\/\">Ikonische<\/a><\/span>  <span class=\"breadcrumb_last\" aria-current=\"page\">Winterspiele 2030<\/span><\/span><\/div>\n\n\n<h1 class=\"wp-block-ws-library-post-title\">Winterspiele 2030<\/h1>\n\n\n\n<div class=\"wp-block-ws-library-media-embed ws-media-embed\"><img decoding=\"async\" src=\"https:\/\/www.hautes-alpes.net\/wp-content\/uploads\/2025\/11\/forts-briancon-hiver-serre-chevalier-briancon-3-1-2000x1000.jpg\" alt=\"\" class=\"ws-media-embed__image\" style=\"aspect-ratio:2000\/1000\"><\/div>\n\n\n\n<p class=\"subtitle\"><br\/><strong>2030: Die Hautes-Alpes sind mehr Freestyle als je zuvor<\/strong><\/p>\n\n\n\n<p class=\"has-text-align-center\"><br\/>In den <strong>franz\u00f6sischen Alpen<\/strong> haben sich die <strong>S\u00fcd-<\/strong> und <strong>Nordalpen<\/strong> zusammengeschlossen, um ein einzigartiges Wandgem\u00e4lde f\u00fcr die <strong>Olympischen und Paralympischen<\/strong> <strong>Winterspiele 2030<\/strong> zu schaffen.  <\/p>\n<\/div>\n\n<div class=\"wp-block-ws-library-ws-columns has-2-columns are-vertically-aligned-top layout-5050\">\n<div class=\"wp-block-ws-library-ws-column\"><div class=\"wrapper\">\n<p>Im Zentrum dieser Allianz stehen die <strong>Hautes-Alpes<\/strong> mit ihren Gipfeln als Hauptb\u00fchne: Sechsundzwanzig Freestyle-Ski- und Snowboard-Wettbewerbe werden hier, in <strong><a href=\"https:\/\/www.hautes-alpes.net\/de\/reiseziele-hautes-alpes\/serre-chevalier\/\">Serre Chevalier<\/a><\/strong>, der gr\u00f6\u00dfte Ort der S\u00fcdalpen, und <strong><a href=\"https:\/\/www.hautes-alpes.net\/de\/reiseziele-hautes-alpes\/montgenevre\/\">Montgen\u00e8vre<\/a><\/strong>dem \u00e4ltesten Skiort Frankreichs. <strong><a href=\"https:\/\/www.hautes-alpes.net\/de\/reiseziele-hautes-alpes\/brianconnais\/\">Brian\u00e7on<\/a><\/strong> und sein <strong>Fort des T\u00eates<\/strong>, das zum Weltkulturerbe der UNESCO geh\u00f6rt, werden sich in ein olympisches Dorf verwandeln.<\/p>\n<\/div><\/div>\n\n\n\n<div class=\"wp-block-ws-library-ws-column\"><div class=\"wrapper\">\n<p>\u00dcber das Licht der Spiele hinaus wird das Erbe immens sein. Sie werden den <strong>Hautes-Alpes<\/strong> gro\u00dfe Fortschritte in Bezug auf die Raumplanung und den Zugang hinterlassen. Die Olympischen Spiele werden hier nicht nur stattfinden, sondern auch Wurzeln schlagen.  <\/p>\n<\/div><\/div>\n<\/div>\n\n<div class=\"wp-block-group alignfull step-by-step has-global-padding is-layout-constrained wp-block-group-is-layout-constrained\">\n<div class=\"wp-block-ws-library-ws-columns alignwide has-2-columns are-vertically-aligned-center layout-5050 is-style-default\">\n<div class=\"wp-block-ws-library-ws-column\"><div class=\"wrapper\">\n<h2 class=\"wp-block-heading\"><strong>2030<\/strong>,<br\/>Kurs auf das Epos<\/h2>\n\n\n\n<p><strong><a href=\"https:\/\/www.hautes-alpes.net\/de\/reiseziele-hautes-alpes\/serre-chevalier\/\" type=\"page\" id=\"73561\">Serre Chevalier<\/a><\/strong> und <strong><a href=\"https:\/\/www.hautes-alpes.net\/de\/reiseziele-hautes-alpes\/montgenevre\/\" type=\"page\" id=\"73745\">Montgen\u00e8vre<\/a><\/strong> werden die Disziplinen Freestyle und Snowboard beherbergt, mit <strong><a href=\"https:\/\/www.hautes-alpes.net\/de\/reiseziele-hautes-alpes\/brianconnais\/\" type=\"page\" id=\"54195\">Brian\u00e7on<\/a><\/strong> das Herz der olympischen Einrichtung. Neben den Podiumspl\u00e4tzen stellen die Spiele eine historische Chance dar: Infrastrukturen von hohem Niveau, lokales Know-how und eine Jugend, die zu neuen Horizonten aufbricht. Die <strong>Hautes-Alpes<\/strong> werden sich nicht damit begn\u00fcgen, die Spiele auszurichten, sondern sie werden sie in ihrer ganzen Pracht pr\u00e4sentieren.  <\/p>\n<\/div><\/div>\n\n\n\n<div class=\"wp-block-ws-library-ws-column\"><div class=\"wrapper\">\n<div class=\"wp-block-ws-library-ws-image\"><div class=\"wrapper\"><div class=\"group-media\"><img decoding=\"async\" src=\"https:\/\/www.hautes-alpes.net\/wp-content\/uploads\/2025\/11\/briancon-croix-de-toulouse-nuit-credit-zoom-1240x800.jpg\" alt=\"\" class=\"single_image ws-image-78162\"><div class=\"credits\">Zoom<\/div><\/div><p class=\"caption\"><\/p><\/div><\/div>\n<\/div><\/div>\n<\/div>\n\n\n\n<div class=\"wp-block-ws-library-ws-columns alignwide has-2-columns are-vertically-aligned-center layout-5050\">\n<div class=\"wp-block-ws-library-ws-column\"><div class=\"wrapper\">\n<h2 class=\"wp-block-heading\"><strong>Die gro\u00dfen Champions<\/strong><br\/>der Oberalpen<\/h2>\n\n\n\n<p>Die Champions made in <strong>Hautes-Alpes<\/strong> haben ihre Spikes auf das <strong>Jahr 2030<\/strong> gerichtet: <strong>Cyprien Sarrazin<\/strong>, dessen Ausdauer trotz des Bruchs intakt ist, strebt das gro\u00dfe Heimspiel an, ebenso wie <strong>Nils All\u00e8gre<\/strong>, Weltcup-Sieger, <strong>Nils Alphand<\/strong>, <strong>Arthur Bauchet<\/strong>, dreifacher Paralympics-Champion oder <strong>Flora Dolci<\/strong>, Langl\u00e4uferin und die neue Generation, die auf dem Weg nach oben ist. Ein Team im Rennen, das die olympische Chance in eine Ernte von Emotionen verwandeln kann. <\/p>\n<\/div><\/div>\n\n\n\n<div class=\"wp-block-ws-library-ws-column\"><div class=\"wrapper\">\n<div class=\"wp-block-ws-library-ws-image\"><div class=\"wrapper\"><div class=\"group-media\"><img decoding=\"async\" src=\"https:\/\/www.hautes-alpes.net\/wp-content\/uploads\/2025\/11\/arthur-bauchet-serre-chevalier-briancon-29-ot-serre-chevalier-vallee-briancon-3-1240x800.jpg\" alt=\"\" class=\"single_image ws-image-78160\"><div class=\"credits\">OT Serre Chevalier<\/div><\/div><p class=\"caption\"><\/p><\/div><\/div>\n<\/div><\/div>\n<\/div>\n\n\n\n<div class=\"wp-block-ws-library-ws-columns alignwide has-2-columns are-vertically-aligned-center layout-5050\">\n<div class=\"wp-block-ws-library-ws-column\"><div class=\"wrapper\">\n<h2 class=\"wp-block-heading\"><strong>Ein<\/strong> sportliches <strong>Erbe<\/strong><br\/><\/h2>\n\n\n\n<p>In den <strong>Hautes-Alpes<\/strong> zeichnet sich das Erbe der <strong>Spiele<\/strong> bereits ab: Aufschwung des hohen Niveaus mit modernisierten Wettkampfst\u00e4tten, regelm\u00e4\u00dfige Organisation internationaler Wettk\u00e4mpfe und verst\u00e4rkte Unterst\u00fctzung der lokalen Vereine und des \u00fcberregionalen Ausbildungszentrums. Die Ausstrahlung wird durch die jugendorientierten Disziplinen (Skiakrobatik und Snowboard) verst\u00e4rkt, die zu den h\u00f6chsten olympischen Zuschauerzahlen geh\u00f6ren. <\/p>\n<\/div><\/div>\n\n\n\n<div class=\"wp-block-ws-library-ws-column\"><div class=\"wrapper\">\n<div class=\"wp-block-ws-library-ws-image\"><div class=\"wrapper\"><div class=\"group-media\"><img decoding=\"async\" src=\"https:\/\/www.hautes-alpes.net\/wp-content\/uploads\/2025\/12\/gillesbaron1221-1816-1240x800.jpg\" alt=\"\" class=\"single_image ws-image-101365\"><div class=\"credits\">G. Baron<\/div><\/div><p class=\"caption\"><\/p><\/div><\/div>\n<\/div><\/div>\n<\/div>\n\n\n\n<div class=\"wp-block-ws-library-ws-columns alignwide has-2-columns are-vertically-aligned-center layout-5050\">\n<div class=\"wp-block-ws-library-ws-column\"><div class=\"wrapper\">\n<h2 class=\"wp-block-heading\"><strong>Ein<\/strong> wirtschaftliches <strong>Erbe<\/strong><br\/><\/h2>\n\n\n\n<p>Das Ereignis <strong>beschleunigt<\/strong> die <strong>Ver\u00e4nderungen<\/strong>, wie z.B. das olympische Dorf, das zum Teil in Saisonwohnungen und Eigentumswohnungen umgewandelt wurde. Das Erbe zeigt sich auch in der Infrastruktur: Fortschritte im Stra\u00dfen- und Schienenverkehr, nicht zu vergessen die sanften Wege, die Mobilit\u00e4t im Alltag mit dem Brian\u00e7on-Gebiet. <strong><a href=\"https:\/\/www.hautes-alpes.net\/de\/reiseziele-hautes-alpes\/brianconnais\/\">Brian\u00e7onnais<\/a><\/strong>In der Region Brian\u00e7on wurde ein Bus mit hohem Dienstleistungsniveau eingef\u00fchrt. <\/p>\n<\/div><\/div>\n\n\n\n<div class=\"wp-block-ws-library-ws-column\"><div class=\"wrapper\">\n<div class=\"wp-block-ws-library-ws-image\"><div class=\"wrapper\"><div class=\"group-media\"><img decoding=\"async\" src=\"https:\/\/www.hautes-alpes.net\/wp-content\/uploads\/2025\/11\/briancon-hd-alpesphotographiescom-2-1240x800.jpg\" alt=\"\" class=\"single_image ws-image-78161\"><div class=\"credits\">Alpen Fotografien<\/div><\/div><p class=\"caption\"><\/p><\/div><\/div>\n<\/div><\/div>\n<\/div>\n\n\n\n<div class=\"wp-block-ws-library-ws-columns alignwide has-2-columns are-vertically-aligned-center layout-5050\">\n<div class=\"wp-block-ws-library-ws-column\"><div class=\"wrapper\">\n<h2 class=\"wp-block-heading\"><strong>Die Erwartung<\/strong><br\/>der zus\u00e4tzlichen Disziplinen<\/h2>\n\n\n\n<p>In den <strong>Hautes-Alpes<\/strong> geht der Ehrgeiz bereits \u00fcber die Seile der Schutznetze hinaus: Neben den Akrobaten von <strong><a href=\"https:\/\/www.hautes-alpes.net\/de\/reiseziele-hautes-alpes\/serre-chevalier\/\">Serre Chevalier<\/a><\/strong> und von <strong><a href=\"https:\/\/www.hautes-alpes.net\/de\/reiseziele-hautes-alpes\/montgenevre\/\">Montgen\u00e8vre<\/a><\/strong>Das Departement ist ein Kandidat, um die T\u00fcr f\u00fcr weitere olympische Veranstaltungen weit zu \u00f6ffnen. Stellen Sie sich vor, wie der Skibergsteiger bei Sonnenaufgang seine Kanten \u00fcber die Gipfel der Berge zieht. <strong><a href=\"https:\/\/www.hautes-alpes.net\/de\/reiseziele-hautes-alpes\/pays-des-ecrins\/\">\u00c9crins<\/a><\/strong>Der <strong>KL in <a href=\"https:\/\/www.hautes-alpes.net\/de\/reiseziele-hautes-alpes\/vars\/\">Vars<\/a><\/strong> ist eine menschliche Rakete, die gegen die Uhr l\u00e4uft.<\/p>\n<\/div><\/div>\n\n\n\n<div class=\"wp-block-ws-library-ws-column\"><div class=\"wrapper\">\n<div class=\"wp-block-ws-library-ws-image\"><div class=\"wrapper\"><div class=\"group-media\"><img decoding=\"async\" src=\"https:\/\/www.hautes-alpes.net\/wp-content\/uploads\/2025\/11\/vars-simon-billy-credit-scalpfoto-4-1240x800.jpg\" alt=\"Simon Billy, Skifahrer f\u00fcr geworfene Kilometer\" class=\"single_image ws-image-73776\"><div class=\"credits\">Scalpfoto - OT Vars<\/div><\/div><p class=\"caption\"><\/p><\/div><\/div>\n<\/div><\/div>\n<\/div>\n<\/div>\n\n<div style=\"height:50px\" aria-hidden=\"true\" class=\"wp-block-spacer\"><\/div>\n\n<div class=\"wp-block-ws-library-ws-video is-style-default\"><div class=\"wrapper\"><div class=\"group-media\">\n<figure class=\"wp-block-embed aligncenter is-type-video is-provider-youtube wp-block-embed-youtube\"><div class=\"wp-block-embed__wrapper\">\n<iframe loading=\"lazy\" title=\"Jeux Olympiques et Paralympiques d\u2019hiver 2030 : les Alpes fran\u00e7aises au sommet !\" width=\"500\" height=\"281\" src=\"https:\/\/www.youtube.com\/embed\/7Aj_Yrqat38?feature=oembed\" frameborder=\"0\" allow=\"accelerometer; autoplay; clipboard-write; encrypted-media; gyroscope; picture-in-picture; web-share\" referrerpolicy=\"strict-origin-when-cross-origin\" allowfullscreen><\/iframe>\n<\/div><\/figure>\n<\/div><\/div><\/div>\n\n<div class=\"wp-block-ws-library-ws-share\"><span class=\"share-subtitle\">Hat Ihnen diese Seite gefallen?<\/span><span class=\"share-title\">Teilen Sie es mit anderen!<\/span><button class=\"ws-share-button wp-element-button\">Diese Seite teilen<\/button><\/div>\n","protected":false},"excerpt":{"rendered":"<p>2030: Die Hautes-Alpes sind mehr Freestyle als je zuvor In den franz\u00f6sischen Alpen haben sich die S\u00fcd- und Nordalpen zusammengeschlossen, [&hellip;]<\/p>\n","protected":false},"author":8,"featured_media":0,"parent":107966,"menu_order":0,"comment_status":"closed","ping_status":"closed","template":"","meta":{"is_dark_mode":true,"footnotes":""},"page_label":[],"class_list":["post-109150","page","type-page","status-publish","hentry"],"yoast_head":"<!-- This site is optimized with the Yoast SEO plugin v27.2 - https:\/\/yoast.com\/product\/yoast-seo-wordpress\/ -->\n<title>Winterspiele 2030 - Hautes-Alpes<\/title>\n<meta name=\"description\" content=\"Winterspiele 2030 2030: Die Hautes-Alpes sind mehr Freestyle als je zuvor In den franz\u00f6sischen Alpen haben sich die S\u00fcd- und Nordalpen\" \/>\n<meta name=\"robots\" content=\"index, follow, max-snippet:-1, max-image-preview:large, max-video-preview:-1\" \/>\n<link rel=\"canonical\" href=\"https:\/\/www.hautes-alpes.net\/de\/ikonische\/winterspiele-2030\/\" \/>\n<meta property=\"og:locale\" content=\"de_DE\" \/>\n<meta property=\"og:type\" content=\"article\" \/>\n<meta property=\"og:title\" content=\"Winterspiele 2030 - Hautes-Alpes\" \/>\n<meta property=\"og:description\" content=\"Winterspiele 2030 2030: Die Hautes-Alpes sind mehr Freestyle als je zuvor In den franz\u00f6sischen Alpen haben sich die S\u00fcd- und Nordalpen\" \/>\n<meta property=\"og:url\" content=\"https:\/\/www.hautes-alpes.net\/de\/ikonische\/winterspiele-2030\/\" \/>\n<meta property=\"og:site_name\" content=\"Hautes-Alpes\" \/>\n<meta property=\"article:modified_time\" content=\"2026-01-27T09:16:16+00:00\" \/>\n<meta property=\"og:image\" content=\"https:\/\/www.hautes-alpes.net\/wp-content\/uploads\/2025\/11\/forts-briancon-hiver-serre-chevalier-briancon-3-1-2000x1000.jpg\" \/>\n<meta name=\"twitter:card\" content=\"summary_large_image\" \/>\n<meta name=\"twitter:label1\" content=\"Gesch\u00e4tzte Lesezeit\" \/>\n\t<meta name=\"twitter:data1\" content=\"3 Minuten\" \/>\n<script type=\"application\/ld+json\" class=\"yoast-schema-graph\">{\"@context\":\"https:\/\/schema.org\",\"@graph\":[{\"@type\":\"WebPage\",\"@id\":\"https:\/\/www.hautes-alpes.net\/de\/ikonische\/winterspiele-2030\/\",\"url\":\"https:\/\/www.hautes-alpes.net\/de\/ikonische\/winterspiele-2030\/\",\"name\":\"Winterspiele 2030 - Hautes-Alpes\",\"isPartOf\":{\"@id\":\"https:\/\/www.hautes-alpes.net\/de\/#website\"},\"primaryImageOfPage\":{\"@id\":\"https:\/\/www.hautes-alpes.net\/de\/ikonische\/winterspiele-2030\/#primaryimage\"},\"image\":{\"@id\":\"https:\/\/www.hautes-alpes.net\/de\/ikonische\/winterspiele-2030\/#primaryimage\"},\"thumbnailUrl\":\"https:\/\/www.hautes-alpes.net\/wp-content\/uploads\/2025\/11\/forts-briancon-hiver-serre-chevalier-briancon-3-1-2000x1000.jpg\",\"datePublished\":\"2025-11-21T13:49:02+00:00\",\"dateModified\":\"2026-01-27T09:16:16+00:00\",\"description\":\"Winterspiele 2030 2030: Die Hautes-Alpes sind mehr Freestyle als je zuvor In den franz\u00f6sischen Alpen haben sich die S\u00fcd- und Nordalpen\",\"breadcrumb\":{\"@id\":\"https:\/\/www.hautes-alpes.net\/de\/ikonische\/winterspiele-2030\/#breadcrumb\"},\"inLanguage\":\"de\",\"potentialAction\":[{\"@type\":\"ReadAction\",\"target\":[\"https:\/\/www.hautes-alpes.net\/de\/ikonische\/winterspiele-2030\/\"]}]},{\"@type\":\"ImageObject\",\"inLanguage\":\"de\",\"@id\":\"https:\/\/www.hautes-alpes.net\/de\/ikonische\/winterspiele-2030\/#primaryimage\",\"url\":\"https:\/\/www.hautes-alpes.net\/wp-content\/uploads\/2025\/11\/forts-briancon-hiver-serre-chevalier-briancon-3-1-2000x1000.jpg\",\"contentUrl\":\"https:\/\/www.hautes-alpes.net\/wp-content\/uploads\/2025\/11\/forts-briancon-hiver-serre-chevalier-briancon-3-1-2000x1000.jpg\"},{\"@type\":\"BreadcrumbList\",\"@id\":\"https:\/\/www.hautes-alpes.net\/de\/ikonische\/winterspiele-2030\/#breadcrumb\",\"itemListElement\":[{\"@type\":\"ListItem\",\"position\":1,\"name\":\"Accueil\",\"item\":\"https:\/\/www.hautes-alpes.net\/de\/hautes-alpes\/\"},{\"@type\":\"ListItem\",\"position\":2,\"name\":\"Ikonische\",\"item\":\"https:\/\/www.hautes-alpes.net\/de\/ikonische\/\"},{\"@type\":\"ListItem\",\"position\":3,\"name\":\"Ikonische\",\"item\":\"https:\/\/www.hautes-alpes.net\/de\/ikonische\/\"},{\"@type\":\"ListItem\",\"position\":4,\"name\":\"Winterspiele 2030\"}]},{\"@type\":\"WebSite\",\"@id\":\"https:\/\/www.hautes-alpes.net\/de\/#website\",\"url\":\"https:\/\/www.hautes-alpes.net\/de\/\",\"name\":\"ADDET\",\"description\":\"\",\"publisher\":{\"@id\":\"https:\/\/www.hautes-alpes.net\/de\/#organization\"},\"potentialAction\":[{\"@type\":\"SearchAction\",\"target\":{\"@type\":\"EntryPoint\",\"urlTemplate\":\"https:\/\/www.hautes-alpes.net\/de\/?s={search_term_string}\"},\"query-input\":{\"@type\":\"PropertyValueSpecification\",\"valueRequired\":true,\"valueName\":\"search_term_string\"}}],\"inLanguage\":\"de\"},{\"@type\":\"Organization\",\"@id\":\"https:\/\/www.hautes-alpes.net\/de\/#organization\",\"name\":\"Agence D\u00e9partementale de D\u00e9veloppement Economique et Touristique des Hautes-Alpes\",\"url\":\"https:\/\/www.hautes-alpes.net\/de\/\",\"logo\":{\"@type\":\"ImageObject\",\"inLanguage\":\"de\",\"@id\":\"https:\/\/www.hautes-alpes.net\/de\/#\/schema\/logo\/image\/\",\"url\":\"https:\/\/www.hautes-alpes.net\/wp-content\/uploads\/2026\/01\/black-logo-2.svg\",\"contentUrl\":\"https:\/\/www.hautes-alpes.net\/wp-content\/uploads\/2026\/01\/black-logo-2.svg\",\"caption\":\"Agence D\u00e9partementale de D\u00e9veloppement Economique et Touristique des Hautes-Alpes\"},\"image\":{\"@id\":\"https:\/\/www.hautes-alpes.net\/de\/#\/schema\/logo\/image\/\"}}]}<\/script>\n<!-- \/ Yoast SEO plugin. -->","yoast_head_json":{"title":"Winterspiele 2030 - Hautes-Alpes","description":"Winterspiele 2030 2030: Die Hautes-Alpes sind mehr Freestyle als je zuvor In den franz\u00f6sischen Alpen haben sich die S\u00fcd- und Nordalpen","robots":{"index":"index","follow":"follow","max-snippet":"max-snippet:-1","max-image-preview":"max-image-preview:large","max-video-preview":"max-video-preview:-1"},"canonical":"https:\/\/www.hautes-alpes.net\/de\/ikonische\/winterspiele-2030\/","og_locale":"de_DE","og_type":"article","og_title":"Winterspiele 2030 - Hautes-Alpes","og_description":"Winterspiele 2030 2030: Die Hautes-Alpes sind mehr Freestyle als je zuvor In den franz\u00f6sischen Alpen haben sich die S\u00fcd- und Nordalpen","og_url":"https:\/\/www.hautes-alpes.net\/de\/ikonische\/winterspiele-2030\/","og_site_name":"Hautes-Alpes","article_modified_time":"2026-01-27T09:16:16+00:00","og_image":[{"url":"https:\/\/www.hautes-alpes.net\/wp-content\/uploads\/2025\/11\/forts-briancon-hiver-serre-chevalier-briancon-3-1-2000x1000.jpg","type":"","width":"","height":""}],"twitter_card":"summary_large_image","twitter_misc":{"Gesch\u00e4tzte Lesezeit":"3 Minuten"},"schema":{"@context":"https:\/\/schema.org","@graph":[{"@type":"WebPage","@id":"https:\/\/www.hautes-alpes.net\/de\/ikonische\/winterspiele-2030\/","url":"https:\/\/www.hautes-alpes.net\/de\/ikonische\/winterspiele-2030\/","name":"Winterspiele 2030 - Hautes-Alpes","isPartOf":{"@id":"https:\/\/www.hautes-alpes.net\/de\/#website"},"primaryImageOfPage":{"@id":"https:\/\/www.hautes-alpes.net\/de\/ikonische\/winterspiele-2030\/#primaryimage"},"image":{"@id":"https:\/\/www.hautes-alpes.net\/de\/ikonische\/winterspiele-2030\/#primaryimage"},"thumbnailUrl":"https:\/\/www.hautes-alpes.net\/wp-content\/uploads\/2025\/11\/forts-briancon-hiver-serre-chevalier-briancon-3-1-2000x1000.jpg","datePublished":"2025-11-21T13:49:02+00:00","dateModified":"2026-01-27T09:16:16+00:00","description":"Winterspiele 2030 2030: Die Hautes-Alpes sind mehr Freestyle als je zuvor In den franz\u00f6sischen Alpen haben sich die S\u00fcd- und Nordalpen","breadcrumb":{"@id":"https:\/\/www.hautes-alpes.net\/de\/ikonische\/winterspiele-2030\/#breadcrumb"},"inLanguage":"de","potentialAction":[{"@type":"ReadAction","target":["https:\/\/www.hautes-alpes.net\/de\/ikonische\/winterspiele-2030\/"]}]},{"@type":"ImageObject","inLanguage":"de","@id":"https:\/\/www.hautes-alpes.net\/de\/ikonische\/winterspiele-2030\/#primaryimage","url":"https:\/\/www.hautes-alpes.net\/wp-content\/uploads\/2025\/11\/forts-briancon-hiver-serre-chevalier-briancon-3-1-2000x1000.jpg","contentUrl":"https:\/\/www.hautes-alpes.net\/wp-content\/uploads\/2025\/11\/forts-briancon-hiver-serre-chevalier-briancon-3-1-2000x1000.jpg"},{"@type":"BreadcrumbList","@id":"https:\/\/www.hautes-alpes.net\/de\/ikonische\/winterspiele-2030\/#breadcrumb","itemListElement":[{"@type":"ListItem","position":1,"name":"Accueil","item":"https:\/\/www.hautes-alpes.net\/de\/hautes-alpes\/"},{"@type":"ListItem","position":2,"name":"Ikonische","item":"https:\/\/www.hautes-alpes.net\/de\/ikonische\/"},{"@type":"ListItem","position":3,"name":"Ikonische","item":"https:\/\/www.hautes-alpes.net\/de\/ikonische\/"},{"@type":"ListItem","position":4,"name":"Winterspiele 2030"}]},{"@type":"WebSite","@id":"https:\/\/www.hautes-alpes.net\/de\/#website","url":"https:\/\/www.hautes-alpes.net\/de\/","name":"ADDET","description":"","publisher":{"@id":"https:\/\/www.hautes-alpes.net\/de\/#organization"},"potentialAction":[{"@type":"SearchAction","target":{"@type":"EntryPoint","urlTemplate":"https:\/\/www.hautes-alpes.net\/de\/?s={search_term_string}"},"query-input":{"@type":"PropertyValueSpecification","valueRequired":true,"valueName":"search_term_string"}}],"inLanguage":"de"},{"@type":"Organization","@id":"https:\/\/www.hautes-alpes.net\/de\/#organization","name":"Agence D\u00e9partementale de D\u00e9veloppement Economique et Touristique des Hautes-Alpes","url":"https:\/\/www.hautes-alpes.net\/de\/","logo":{"@type":"ImageObject","inLanguage":"de","@id":"https:\/\/www.hautes-alpes.net\/de\/#\/schema\/logo\/image\/","url":"https:\/\/www.hautes-alpes.net\/wp-content\/uploads\/2026\/01\/black-logo-2.svg","contentUrl":"https:\/\/www.hautes-alpes.net\/wp-content\/uploads\/2026\/01\/black-logo-2.svg","caption":"Agence D\u00e9partementale de D\u00e9veloppement Economique et Touristique des Hautes-Alpes"},"image":{"@id":"https:\/\/www.hautes-alpes.net\/de\/#\/schema\/logo\/image\/"}}]}},"_links":{"self":[{"href":"https:\/\/www.hautes-alpes.net\/de\/wp-json\/wp\/v2\/pages\/109150","targetHints":{"allow":["GET"]}}],"collection":[{"href":"https:\/\/www.hautes-alpes.net\/de\/wp-json\/wp\/v2\/pages"}],"about":[{"href":"https:\/\/www.hautes-alpes.net\/de\/wp-json\/wp\/v2\/types\/page"}],"author":[{"embeddable":true,"href":"https:\/\/www.hautes-alpes.net\/de\/wp-json\/wp\/v2\/users\/8"}],"replies":[{"embeddable":true,"href":"https:\/\/www.hautes-alpes.net\/de\/wp-json\/wp\/v2\/comments?post=109150"}],"version-history":[{"count":10,"href":"https:\/\/www.hautes-alpes.net\/de\/wp-json\/wp\/v2\/pages\/109150\/revisions"}],"predecessor-version":[{"id":235247,"href":"https:\/\/www.hautes-alpes.net\/de\/wp-json\/wp\/v2\/pages\/109150\/revisions\/235247"}],"up":[{"embeddable":true,"href":"https:\/\/www.hautes-alpes.net\/de\/wp-json\/wp\/v2\/pages\/107966"}],"wp:attachment":[{"href":"https:\/\/www.hautes-alpes.net\/de\/wp-json\/wp\/v2\/media?parent=109150"}],"wp:term":[{"taxonomy":"page_label","embeddable":true,"href":"https:\/\/www.hautes-alpes.net\/de\/wp-json\/wp\/v2\/page_label?post=109150"}],"curies":[{"name":"wp","href":"https:\/\/api.w.org\/{rel}","templated":true}]}}