{"id":109008,"date":"2025-11-26T07:45:54","date_gmt":"2025-11-26T06:45:54","guid":{"rendered":"https:\/\/www.hautes-alpes.net\/ikonische\/alm-gaeuler\/"},"modified":"2026-03-16T11:24:32","modified_gmt":"2026-03-16T10:24:32","slug":"alm-gaeuler","status":"publish","type":"page","link":"https:\/\/www.hautes-alpes.net\/de\/ikonische\/alm-gaeuler\/","title":{"rendered":"Alm-G\u00e4uler"},"content":{"rendered":"\n<div class=\"wp-block-group alignfull hero-banner-simple has-global-padding is-layout-constrained wp-block-group-is-layout-constrained\"><div class=\"yoast-breadcrumbs\"><span><span><a href=\"https:\/\/www.hautes-alpes.net\/de\/hautes-alpes\/\">Accueil<\/a><\/span>  <span><a href=\"https:\/\/www.hautes-alpes.net\/de\/ikonische\/\">Ikonische<\/a><\/span>  <span><a href=\"https:\/\/www.hautes-alpes.net\/de\/ikonische\/\">Ikonische<\/a><\/span>  <span class=\"breadcrumb_last\" aria-current=\"page\">Alm-G\u00e4uler<\/span><\/span><\/div>\n\n\n<h1 class=\"wp-block-ws-library-post-title\">Alm-G\u00e4uler<\/h1>\n\n\n\n<p class=\"subtitle\"><\/p>\n\n\n\n<p class=\"has-text-align-center\">Diese hohen T\u00e4ler und <strong>Bergmassive<\/strong> sind <strong>ein Land mit einer reichen und lebendigen Kultur<\/strong>, die sich nie in sich selbst verschlie\u00dft. Was die lokale Bev\u00f6lkerung zusammenbringt: Hanglage, Relief, H\u00f6he und Klima. <strong>Eine Lebensweise, die den Charakter pr\u00e4gt<\/strong>. Wenn man ihnen begegnet, entdeckt man Gesichter, Gesten und Stimmen, die der Landschaft Fleisch verleihen und der Reise eine echte Tiefe verleihen.<br\/><\/p>\n<\/div>\n\n<div class=\"wp-block-ws-library-ws-image is-style-simple\"><div class=\"wrapper\"><div class=\"group-media\"><img decoding=\"async\" src=\"https:\/\/www.hautes-alpes.net\/wp-content\/uploads\/2025\/12\/7b3a4181-1240x800.jpg\" alt=\"\" class=\"single_image ws-image-91984\"><div class=\"credits\">P. Domeyne - AD05<\/div><\/div><p class=\"caption\"><\/p><\/div><\/div>\n\n<h3 class=\"wp-block-heading is-style-title-1\">Menschen <strong>des Landes<\/strong><\/h3>\n\n<p>&#8220;Wir machen keinen Beruf, wir machen unser Leben. Unsere Arbeit ist die Erde, unsere Ruhe ist die Erde, unser Leben ist die Erde. Die Bauern der Hautes-Alpes klingen wie die von Giono. Sie sind jung, verw\u00f6hnen uns, gestalten die Landschaft und tragen den Kopf hoch im <strong>ersten Bio-Departement Frankreichs<\/strong>. <\/p>\n\n<h3 class=\"wp-block-heading is-style-title-1\">Die H\u00e4nde <strong>der Erinnerung<\/strong><\/h3>\n\n<p>Sie arbeiten mit Holz, Leder, Stein, Wolle, Glas oder Eisen wie andere mit der Zeit. Die Kunsthandwerker in den Hautes-Alpes f\u00fchren jahrtausendealte Gesten fort, die von den Bergen und den Jahreszeiten geerbt wurden. In ihren H\u00e4nden werden die Rohstoffe zu wertvollen, n\u00fctzlichen oder sch\u00f6nen Gegenst\u00e4nden, die von einem Gebiet und seinen Traditionen erz\u00e4hlen. Inmitten einer hektischen Welt weben sie Geduld und Know-how, damit nichts verloren geht und alles erhalten bleibt.   <\/p>\n\n<div class=\"wp-block-ws-library-ws-columns has-2-columns are-vertically-aligned-center layout-3565\">\n<div class=\"wp-block-ws-library-ws-column\"><div class=\"wrapper\">\n<div class=\"wp-block-ws-library-ws-image is-style-simple\"><div class=\"wrapper\"><div class=\"group-media\"><img decoding=\"async\" src=\"https:\/\/www.hautes-alpes.net\/wp-content\/uploads\/2025\/12\/la-grave-maxant-danillo-alpesphotographiescom-4-427x640.jpg\" alt=\"\" class=\"single_image ws-image-91980\"><div class=\"credits\">Alpen Fotografien<\/div><\/div><p class=\"caption\"><\/p><\/div><\/div>\n<\/div><\/div>\n\n\n\n<div class=\"wp-block-ws-library-ws-column\"><div class=\"wrapper\">\n<div class=\"wp-block-ws-library-ws-image\"><div class=\"wrapper\"><div class=\"group-media\"><img decoding=\"async\" src=\"https:\/\/www.hautes-alpes.net\/wp-content\/uploads\/2025\/12\/7b3a9938x-1240x800.jpg\" alt=\"\" class=\"single_image ws-image-91985\"><div class=\"credits\">P. Domeyne - AD05<\/div><\/div><p class=\"caption\"><\/p><\/div><\/div>\n<\/div><\/div>\n<\/div>\n\n<div class=\"wp-block-ws-library-ws-image is-style-simple\"><div class=\"wrapper\"><div class=\"group-media\"><img decoding=\"async\" src=\"https:\/\/www.hautes-alpes.net\/wp-content\/uploads\/2025\/12\/ascension-du-sirac-par-le-refuge-de-vallonpierre-19-1240x800.jpg\" alt=\"\" class=\"single_image ws-image-91987\"><div class=\"credits\">T. Blais<\/div><\/div><p class=\"caption\"><\/p><\/div><\/div>\n\n<div class=\"wp-block-ws-library-ws-columns has-2-columns are-vertically-aligned-center layout-6535\">\n<div class=\"wp-block-ws-library-ws-column\"><div class=\"wrapper\">\n<div class=\"wp-block-ws-library-ws-image\"><div class=\"wrapper\"><div class=\"group-media\"><img decoding=\"async\" src=\"https:\/\/www.hautes-alpes.net\/wp-content\/uploads\/2025\/12\/7b3a2903-1240x800.jpg\" alt=\"\" class=\"single_image ws-image-91983\"><div class=\"credits\">P. Domeyne - AD05<\/div><\/div><p class=\"caption\"><\/p><\/div><\/div>\n<\/div><\/div>\n\n\n\n<div class=\"wp-block-ws-library-ws-column\"><div class=\"wrapper\">\n<div class=\"wp-block-ws-library-ws-image is-style-simple\"><div class=\"wrapper\"><div class=\"group-media\"><img decoding=\"async\" src=\"https:\/\/www.hautes-alpes.net\/wp-content\/uploads\/2025\/12\/vallouise-johanna-marcoz-alpesphotographiescom-427x640.jpg\" alt=\"\" class=\"single_image ws-image-91982\"><div class=\"credits\">Alpen Fotografien<\/div><\/div><p class=\"caption\"><\/p><\/div><\/div>\n<\/div><\/div>\n<\/div>\n\n<h3 class=\"wp-block-heading is-style-title-1\">Die <strong>Bergwanderer<\/strong><\/h3>\n\n<p>Auf den Wanderwegen, in den T\u00e4lern, am Waldrand oder am Fu\u00dfe der Gletscher \u00f6ffnen die Akteure des Tourismus die T\u00fcren zu einem gro\u00dfen Naturtheater. F\u00fchrer, Begleiter, H\u00fcttenwarte, Gastgeber oder Freizeitanimateure: <strong>alle teilen die gleiche Leidenschaft<\/strong>, n\u00e4mlich die Berge in ihrer rohen und gro\u00dfz\u00fcgigen Wahrheit zu entdecken. Sie laden zur Anstrengung, zur Kontemplation, zum Abenteuer, aber auch zur menschlichen Begegnung ein, denn jedes L\u00e4cheln, das ausgetauscht wird, ist genauso viel wert wie ein bezwungener Gipfel.  <\/p>\n\n<h3 class=\"wp-block-heading is-style-title-1\">Ein <strong>lebendiges<\/strong> Gebiet<\/h3>\n\n<p>Im Laufe der Jahreszeiten ziehen die Hautes-Alpes viele Touristen an, aber nicht nur das&#8230; Ein Zeichen der Zeit ist, dass immer mehr junge Berufst\u00e4tige <strong>sich hier niederlassen<\/strong>, um zu arbeiten und eine Familie zu gr\u00fcnden. Es mangelt nicht an beruflichen M\u00f6glichkeiten, sei es im Bereich der erneuerbaren Energien, im Baugewerbe, im Handel, im Dienstleistungssektor, in der Lebensmittelindustrie oder in der Kleinindustrie, und das Leben ist hier zweifellos angenehmer als anderswo. <\/p>\n\n<div class=\"wp-block-ws-library-ws-image is-style-simple\"><div class=\"wrapper\"><div class=\"group-media\"><img decoding=\"async\" src=\"https:\/\/www.hautes-alpes.net\/wp-content\/uploads\/2025\/12\/traite-tarines-arvieux-patrick-domeyne-38-1240x800.jpg\" alt=\"\" class=\"single_image ws-image-92010\"><div class=\"credits\">P. Domeyne - AD05<\/div><\/div><p class=\"caption\"><\/p><\/div><\/div>\n\n<div style=\"height:50px\" aria-hidden=\"true\" class=\"wp-block-spacer\"><\/div>\n\n<div class=\"wp-block-ws-library-ws-animated-quote\"><blockquote class=\"quote-container quote-align-undefined\"><footer><cite class=\"quote-subcontent\">Emilie Carle<\/cite><\/footer><p class=\"quote-content\">&#8220;Pfl\u00fcgen, S\u00e4en, M\u00e4hen und Ernten waren ewige Gesten, die sich wiederholten, ohne dass jemand Zeit hatte, innezuhalten.&#8220; <br><strong>Eine Wildkr\u00e4utersuppe<\/strong><\/p><\/blockquote><\/div>\n\n<div class=\"wp-block-ws-library-ws-share\"><span class=\"share-subtitle\">Hat Ihnen diese Seite gefallen?<\/span><span class=\"share-title\">Teilen Sie es mit anderen!<\/span><button class=\"ws-share-button wp-element-button\">Diese Seite teilen<\/button><\/div>\n","protected":false},"excerpt":{"rendered":"<p>Diese hohen T\u00e4ler und Bergmassive sind ein Land mit einer reichen und lebendigen Kultur, die sich nie in sich selbst [&hellip;]<\/p>\n","protected":false},"author":6,"featured_media":0,"parent":107966,"menu_order":0,"comment_status":"closed","ping_status":"closed","template":"","meta":{"is_dark_mode":false,"footnotes":""},"page_label":[],"class_list":["post-109008","page","type-page","status-publish","hentry"],"yoast_head":"<!-- This site is optimized with the Yoast SEO plugin v27.2 - https:\/\/yoast.com\/product\/yoast-seo-wordpress\/ -->\n<title>Alm-G\u00e4uler - Hautes-Alpes<\/title>\n<meta name=\"description\" content=\"Alm-G\u00e4uler Diese hohen T\u00e4ler und Bergmassive sind ein Land mit einer reichen und lebendigen Kultur, die sich nie in sich selbst verschlie\u00dft. Was die\" \/>\n<meta name=\"robots\" content=\"index, follow, max-snippet:-1, max-image-preview:large, max-video-preview:-1\" \/>\n<link rel=\"canonical\" href=\"https:\/\/www.hautes-alpes.net\/de\/ikonische\/alm-gaeuler\/\" \/>\n<meta property=\"og:locale\" content=\"de_DE\" \/>\n<meta property=\"og:type\" content=\"article\" \/>\n<meta property=\"og:title\" content=\"Alm-G\u00e4uler - Hautes-Alpes\" \/>\n<meta property=\"og:description\" content=\"Alm-G\u00e4uler Diese hohen T\u00e4ler und Bergmassive sind ein Land mit einer reichen und lebendigen Kultur, die sich nie in sich selbst verschlie\u00dft. Was die\" \/>\n<meta property=\"og:url\" content=\"https:\/\/www.hautes-alpes.net\/de\/ikonische\/alm-gaeuler\/\" \/>\n<meta property=\"og:site_name\" content=\"Hautes-Alpes\" \/>\n<meta property=\"article:modified_time\" content=\"2026-03-16T10:24:32+00:00\" \/>\n<meta property=\"og:image\" content=\"https:\/\/www.hautes-alpes.net\/wp-content\/uploads\/2025\/12\/7b3a4181-1240x800.jpg\" \/>\n<meta name=\"twitter:card\" content=\"summary_large_image\" \/>\n<meta name=\"twitter:label1\" content=\"Gesch\u00e4tzte Lesezeit\" \/>\n\t<meta name=\"twitter:data1\" content=\"2 Minuten\" \/>\n<script type=\"application\/ld+json\" class=\"yoast-schema-graph\">{\"@context\":\"https:\/\/schema.org\",\"@graph\":[{\"@type\":\"WebPage\",\"@id\":\"https:\/\/www.hautes-alpes.net\/de\/ikonische\/alm-gaeuler\/\",\"url\":\"https:\/\/www.hautes-alpes.net\/de\/ikonische\/alm-gaeuler\/\",\"name\":\"Alm-G\u00e4uler - Hautes-Alpes\",\"isPartOf\":{\"@id\":\"https:\/\/www.hautes-alpes.net\/de\/#website\"},\"primaryImageOfPage\":{\"@id\":\"https:\/\/www.hautes-alpes.net\/de\/ikonische\/alm-gaeuler\/#primaryimage\"},\"image\":{\"@id\":\"https:\/\/www.hautes-alpes.net\/de\/ikonische\/alm-gaeuler\/#primaryimage\"},\"thumbnailUrl\":\"https:\/\/www.hautes-alpes.net\/wp-content\/uploads\/2025\/12\/7b3a4181-1240x800.jpg\",\"datePublished\":\"2025-11-26T06:45:54+00:00\",\"dateModified\":\"2026-03-16T10:24:32+00:00\",\"description\":\"Alm-G\u00e4uler Diese hohen T\u00e4ler und Bergmassive sind ein Land mit einer reichen und lebendigen Kultur, die sich nie in sich selbst verschlie\u00dft. Was die\",\"breadcrumb\":{\"@id\":\"https:\/\/www.hautes-alpes.net\/de\/ikonische\/alm-gaeuler\/#breadcrumb\"},\"inLanguage\":\"de\",\"potentialAction\":[{\"@type\":\"ReadAction\",\"target\":[\"https:\/\/www.hautes-alpes.net\/de\/ikonische\/alm-gaeuler\/\"]}]},{\"@type\":\"ImageObject\",\"inLanguage\":\"de\",\"@id\":\"https:\/\/www.hautes-alpes.net\/de\/ikonische\/alm-gaeuler\/#primaryimage\",\"url\":\"https:\/\/www.hautes-alpes.net\/wp-content\/uploads\/2025\/12\/7b3a4181-1240x800.jpg\",\"contentUrl\":\"https:\/\/www.hautes-alpes.net\/wp-content\/uploads\/2025\/12\/7b3a4181-1240x800.jpg\"},{\"@type\":\"BreadcrumbList\",\"@id\":\"https:\/\/www.hautes-alpes.net\/de\/ikonische\/alm-gaeuler\/#breadcrumb\",\"itemListElement\":[{\"@type\":\"ListItem\",\"position\":1,\"name\":\"Accueil\",\"item\":\"https:\/\/www.hautes-alpes.net\/de\/hautes-alpes\/\"},{\"@type\":\"ListItem\",\"position\":2,\"name\":\"Ikonische\",\"item\":\"https:\/\/www.hautes-alpes.net\/de\/ikonische\/\"},{\"@type\":\"ListItem\",\"position\":3,\"name\":\"Ikonische\",\"item\":\"https:\/\/www.hautes-alpes.net\/de\/ikonische\/\"},{\"@type\":\"ListItem\",\"position\":4,\"name\":\"Alm-G\u00e4uler\"}]},{\"@type\":\"WebSite\",\"@id\":\"https:\/\/www.hautes-alpes.net\/de\/#website\",\"url\":\"https:\/\/www.hautes-alpes.net\/de\/\",\"name\":\"ADDET\",\"description\":\"\",\"publisher\":{\"@id\":\"https:\/\/www.hautes-alpes.net\/de\/#organization\"},\"potentialAction\":[{\"@type\":\"SearchAction\",\"target\":{\"@type\":\"EntryPoint\",\"urlTemplate\":\"https:\/\/www.hautes-alpes.net\/de\/?s={search_term_string}\"},\"query-input\":{\"@type\":\"PropertyValueSpecification\",\"valueRequired\":true,\"valueName\":\"search_term_string\"}}],\"inLanguage\":\"de\"},{\"@type\":\"Organization\",\"@id\":\"https:\/\/www.hautes-alpes.net\/de\/#organization\",\"name\":\"Agence D\u00e9partementale de D\u00e9veloppement Economique et Touristique des Hautes-Alpes\",\"url\":\"https:\/\/www.hautes-alpes.net\/de\/\",\"logo\":{\"@type\":\"ImageObject\",\"inLanguage\":\"de\",\"@id\":\"https:\/\/www.hautes-alpes.net\/de\/#\/schema\/logo\/image\/\",\"url\":\"https:\/\/www.hautes-alpes.net\/wp-content\/uploads\/2026\/01\/black-logo-2.svg\",\"contentUrl\":\"https:\/\/www.hautes-alpes.net\/wp-content\/uploads\/2026\/01\/black-logo-2.svg\",\"caption\":\"Agence D\u00e9partementale de D\u00e9veloppement Economique et Touristique des Hautes-Alpes\"},\"image\":{\"@id\":\"https:\/\/www.hautes-alpes.net\/de\/#\/schema\/logo\/image\/\"}}]}<\/script>\n<!-- \/ Yoast SEO plugin. -->","yoast_head_json":{"title":"Alm-G\u00e4uler - Hautes-Alpes","description":"Alm-G\u00e4uler Diese hohen T\u00e4ler und Bergmassive sind ein Land mit einer reichen und lebendigen Kultur, die sich nie in sich selbst verschlie\u00dft. Was die","robots":{"index":"index","follow":"follow","max-snippet":"max-snippet:-1","max-image-preview":"max-image-preview:large","max-video-preview":"max-video-preview:-1"},"canonical":"https:\/\/www.hautes-alpes.net\/de\/ikonische\/alm-gaeuler\/","og_locale":"de_DE","og_type":"article","og_title":"Alm-G\u00e4uler - Hautes-Alpes","og_description":"Alm-G\u00e4uler Diese hohen T\u00e4ler und Bergmassive sind ein Land mit einer reichen und lebendigen Kultur, die sich nie in sich selbst verschlie\u00dft. Was die","og_url":"https:\/\/www.hautes-alpes.net\/de\/ikonische\/alm-gaeuler\/","og_site_name":"Hautes-Alpes","article_modified_time":"2026-03-16T10:24:32+00:00","og_image":[{"url":"https:\/\/www.hautes-alpes.net\/wp-content\/uploads\/2025\/12\/7b3a4181-1240x800.jpg","type":"","width":"","height":""}],"twitter_card":"summary_large_image","twitter_misc":{"Gesch\u00e4tzte Lesezeit":"2 Minuten"},"schema":{"@context":"https:\/\/schema.org","@graph":[{"@type":"WebPage","@id":"https:\/\/www.hautes-alpes.net\/de\/ikonische\/alm-gaeuler\/","url":"https:\/\/www.hautes-alpes.net\/de\/ikonische\/alm-gaeuler\/","name":"Alm-G\u00e4uler - Hautes-Alpes","isPartOf":{"@id":"https:\/\/www.hautes-alpes.net\/de\/#website"},"primaryImageOfPage":{"@id":"https:\/\/www.hautes-alpes.net\/de\/ikonische\/alm-gaeuler\/#primaryimage"},"image":{"@id":"https:\/\/www.hautes-alpes.net\/de\/ikonische\/alm-gaeuler\/#primaryimage"},"thumbnailUrl":"https:\/\/www.hautes-alpes.net\/wp-content\/uploads\/2025\/12\/7b3a4181-1240x800.jpg","datePublished":"2025-11-26T06:45:54+00:00","dateModified":"2026-03-16T10:24:32+00:00","description":"Alm-G\u00e4uler Diese hohen T\u00e4ler und Bergmassive sind ein Land mit einer reichen und lebendigen Kultur, die sich nie in sich selbst verschlie\u00dft. Was die","breadcrumb":{"@id":"https:\/\/www.hautes-alpes.net\/de\/ikonische\/alm-gaeuler\/#breadcrumb"},"inLanguage":"de","potentialAction":[{"@type":"ReadAction","target":["https:\/\/www.hautes-alpes.net\/de\/ikonische\/alm-gaeuler\/"]}]},{"@type":"ImageObject","inLanguage":"de","@id":"https:\/\/www.hautes-alpes.net\/de\/ikonische\/alm-gaeuler\/#primaryimage","url":"https:\/\/www.hautes-alpes.net\/wp-content\/uploads\/2025\/12\/7b3a4181-1240x800.jpg","contentUrl":"https:\/\/www.hautes-alpes.net\/wp-content\/uploads\/2025\/12\/7b3a4181-1240x800.jpg"},{"@type":"BreadcrumbList","@id":"https:\/\/www.hautes-alpes.net\/de\/ikonische\/alm-gaeuler\/#breadcrumb","itemListElement":[{"@type":"ListItem","position":1,"name":"Accueil","item":"https:\/\/www.hautes-alpes.net\/de\/hautes-alpes\/"},{"@type":"ListItem","position":2,"name":"Ikonische","item":"https:\/\/www.hautes-alpes.net\/de\/ikonische\/"},{"@type":"ListItem","position":3,"name":"Ikonische","item":"https:\/\/www.hautes-alpes.net\/de\/ikonische\/"},{"@type":"ListItem","position":4,"name":"Alm-G\u00e4uler"}]},{"@type":"WebSite","@id":"https:\/\/www.hautes-alpes.net\/de\/#website","url":"https:\/\/www.hautes-alpes.net\/de\/","name":"ADDET","description":"","publisher":{"@id":"https:\/\/www.hautes-alpes.net\/de\/#organization"},"potentialAction":[{"@type":"SearchAction","target":{"@type":"EntryPoint","urlTemplate":"https:\/\/www.hautes-alpes.net\/de\/?s={search_term_string}"},"query-input":{"@type":"PropertyValueSpecification","valueRequired":true,"valueName":"search_term_string"}}],"inLanguage":"de"},{"@type":"Organization","@id":"https:\/\/www.hautes-alpes.net\/de\/#organization","name":"Agence D\u00e9partementale de D\u00e9veloppement Economique et Touristique des Hautes-Alpes","url":"https:\/\/www.hautes-alpes.net\/de\/","logo":{"@type":"ImageObject","inLanguage":"de","@id":"https:\/\/www.hautes-alpes.net\/de\/#\/schema\/logo\/image\/","url":"https:\/\/www.hautes-alpes.net\/wp-content\/uploads\/2026\/01\/black-logo-2.svg","contentUrl":"https:\/\/www.hautes-alpes.net\/wp-content\/uploads\/2026\/01\/black-logo-2.svg","caption":"Agence D\u00e9partementale de D\u00e9veloppement Economique et Touristique des Hautes-Alpes"},"image":{"@id":"https:\/\/www.hautes-alpes.net\/de\/#\/schema\/logo\/image\/"}}]}},"_links":{"self":[{"href":"https:\/\/www.hautes-alpes.net\/de\/wp-json\/wp\/v2\/pages\/109008","targetHints":{"allow":["GET"]}}],"collection":[{"href":"https:\/\/www.hautes-alpes.net\/de\/wp-json\/wp\/v2\/pages"}],"about":[{"href":"https:\/\/www.hautes-alpes.net\/de\/wp-json\/wp\/v2\/types\/page"}],"author":[{"embeddable":true,"href":"https:\/\/www.hautes-alpes.net\/de\/wp-json\/wp\/v2\/users\/6"}],"replies":[{"embeddable":true,"href":"https:\/\/www.hautes-alpes.net\/de\/wp-json\/wp\/v2\/comments?post=109008"}],"version-history":[{"count":10,"href":"https:\/\/www.hautes-alpes.net\/de\/wp-json\/wp\/v2\/pages\/109008\/revisions"}],"predecessor-version":[{"id":398830,"href":"https:\/\/www.hautes-alpes.net\/de\/wp-json\/wp\/v2\/pages\/109008\/revisions\/398830"}],"up":[{"embeddable":true,"href":"https:\/\/www.hautes-alpes.net\/de\/wp-json\/wp\/v2\/pages\/107966"}],"wp:attachment":[{"href":"https:\/\/www.hautes-alpes.net\/de\/wp-json\/wp\/v2\/media?parent=109008"}],"wp:term":[{"taxonomy":"page_label","embeddable":true,"href":"https:\/\/www.hautes-alpes.net\/de\/wp-json\/wp\/v2\/page_label?post=109008"}],"curies":[{"name":"wp","href":"https:\/\/api.w.org\/{rel}","templated":true}]}}