{"id":108991,"date":"2025-11-25T18:04:14","date_gmt":"2025-11-25T17:04:14","guid":{"rendered":"https:\/\/www.hautes-alpes.net\/favoriten\/weisse-linien\/"},"modified":"2025-12-22T15:57:45","modified_gmt":"2025-12-22T14:57:45","slug":"weisse-linien","status":"publish","type":"page","link":"https:\/\/www.hautes-alpes.net\/de\/favoriten\/weisse-linien\/","title":{"rendered":"Wei\u00dfe Linien"},"content":{"rendered":"\n<div class=\"wp-block-group alignfull hero-banner-simple has-global-padding is-layout-constrained wp-block-group-is-layout-constrained\"><div class=\"yoast-breadcrumbs\"><span><span><a href=\"https:\/\/www.hautes-alpes.net\/de\/hautes-alpes\/\">Accueil<\/a><\/span>  <span><a href=\"https:\/\/www.hautes-alpes.net\/de\/favoriten\/\">Favoriten<\/a><\/span>  <span><a href=\"https:\/\/www.hautes-alpes.net\/de\/favoriten\/\">Favoriten<\/a><\/span>  <span class=\"breadcrumb_last\" aria-current=\"page\">Wei\u00dfe Linien<\/span><\/span><\/div>\n\n\n<h1 class=\"wp-block-ws-library-post-title\">Wei\u00dfe Linien<\/h1>\n\n\n\n<p class=\"subtitle\">Back Country: Berge mit Pulverschnee<\/p>\n\n\n\n<p>Das f\u00fchrende Magazin f\u00fcr Skitouren- und Naturliebhaber stellt in seiner neuesten Ausgabe den D\u00e9voluy vor, ein wildes und leuchtendes Massiv in den Hautes-Alpes.<\/p>\n<\/div>\n\n<div class=\"wp-block-ws-library-ws-image is-style-simple\"><div class=\"wrapper\"><div class=\"group-media\"><img decoding=\"async\" src=\"https:\/\/www.hautes-alpes.net\/wp-content\/uploads\/2025\/11\/bcm-france-issue-007-header-1536x1024-1-1240x800.jpg\" alt=\"\" class=\"single_image ws-image-80714\"><div class=\"credits\">BackCountry<\/div><\/div><p class=\"caption\"><\/p><\/div><\/div>\n\n<p>Auf den Seiten der neuesten Ausgabe von Back Country k\u00f6nnen Sie die H\u00f6henluft in vollen Z\u00fcgen genie\u00dfen. Das Magazin, das als Referenz f\u00fcr Berg- und Off-Piste-Fans gilt, nimmt seine Leser mit in <strong>das D\u00e9voluy<\/strong>, ein <strong>mineralisches und faszinierendes<\/strong> Gebiet, wo Kalksteinfelsen auf unber\u00fchrte T\u00e4ler treffen. Reportagen, Routen von Skifahrern und das Teilen von Emotionen bilden ein Dossier, das nach Pulverschnee und Freiheit riecht.  <\/p>\n\n<p>Back Country macht keinen Fehler: <strong>Die Hautes-Alpes sind ein au\u00dfergew\u00f6hnliches Land f\u00fcr Abenteuer<\/strong>. Die legend\u00e4ren Spots von La Grave, Vallouise und Queyras wurden bereits in fr\u00fcheren Ausgaben mit ausf\u00fchrlichen Artikeln und Fotoreportagen vorgestellt. Das Magazin, das immer so sorgf\u00e4ltig gestaltet und pr\u00e4zise berichtet, best\u00e4tigt seinen Status als<strong>elegantes UFO des Outdoor-Journalismus<\/strong>: nicht zu technisch, nicht zu kontemplativ, sondern genau das richtige Ma\u00df an Authentizit\u00e4t, um den Wunsch zu wecken, dort hinauf zu gehen.<strong> Der D\u00e9voluy war noch nie so nah und inspirierend.<\/strong>  <\/p>\n\n<p><\/p>\n\n<div class=\"wp-block-ws-library-ws-slider alignfull\"><div class=\"splide\" data-splide=\"{&quot;type&quot;:&quot;slider&quot;,&quot;start&quot;:0,&quot;perPage&quot;:3,&quot;perMove&quot;:1,&quot;autoWidth&quot;:1,&quot;pagination&quot;:0,&quot;drag&quot;:&quot;free&quot;,&quot;snap&quot;:true,&quot;gap&quot;:&quot;45px&quot;,&quot;arrows&quot;:false,&quot;breakpoints&quot;:{&quot;768&quot;:{&quot;perPage&quot;:1},&quot;1200&quot;:{&quot;gap&quot;:&quot;15px&quot;,&quot;perPage&quot;:3}},&quot;classes&quot;:{}}\"><div class=\"splide__track\"><div class=\"splide__list\"><div class=\"splide__slide\"><a href=\"https:\/\/www.hautes-alpes.net\/wp-content\/uploads\/2025\/11\/chourum-40.jpg\" data-glightbox=\"true\" class=\"lightbox-trigger\"><img decoding=\"async\" src=\"https:\/\/www.hautes-alpes.net\/wp-content\/uploads\/2025\/11\/chourum-40-930x620.jpg\" alt=\"\"\/><\/a><\/div><div class=\"splide__slide\"><a href=\"https:\/\/www.hautes-alpes.net\/wp-content\/uploads\/2025\/11\/chourum-43.jpg\" data-glightbox=\"true\" class=\"lightbox-trigger\"><img decoding=\"async\" src=\"https:\/\/www.hautes-alpes.net\/wp-content\/uploads\/2025\/11\/chourum-43-930x620.jpg\" alt=\"\"\/><\/a><\/div><div class=\"splide__slide\"><a href=\"https:\/\/www.hautes-alpes.net\/wp-content\/uploads\/2025\/11\/chourum-39.jpg\" data-glightbox=\"true\" class=\"lightbox-trigger\"><img decoding=\"async\" src=\"https:\/\/www.hautes-alpes.net\/wp-content\/uploads\/2025\/11\/chourum-39-930x620.jpg\" alt=\"\"\/><\/a><\/div><\/div><\/div><\/div><\/div>\n\n<div class=\"wp-block-ws-library-ws-share\"><span class=\"share-subtitle\">Hat Ihnen diese Seite gefallen?<\/span><span class=\"share-title\">Teilen Sie es mit anderen!<\/span><button class=\"ws-share-button wp-element-button\">Diese Seite teilen<\/button><\/div>\n","protected":false},"excerpt":{"rendered":"<p>Back Country: Berge mit Pulverschnee Das f\u00fchrende Magazin f\u00fcr Skitouren- und Naturliebhaber stellt in seiner neuesten Ausgabe den D\u00e9voluy vor, [&hellip;]<\/p>\n","protected":false},"author":6,"featured_media":0,"parent":107980,"menu_order":0,"comment_status":"closed","ping_status":"closed","template":"","meta":{"is_dark_mode":false,"footnotes":""},"page_label":[],"class_list":["post-108991","page","type-page","status-publish","hentry"],"yoast_head":"<!-- This site is optimized with the Yoast SEO plugin v27.2 - https:\/\/yoast.com\/product\/yoast-seo-wordpress\/ -->\n<title>Wei\u00dfe Linien - Hautes-Alpes<\/title>\n<meta name=\"description\" content=\"Wei\u00dfe Linien Back Country: Berge mit Pulverschnee Das f\u00fchrende Magazin f\u00fcr Skitouren- und Naturliebhaber stellt in seiner neuesten Ausgabe den D\u00e9voluy\" \/>\n<meta name=\"robots\" content=\"index, follow, max-snippet:-1, max-image-preview:large, max-video-preview:-1\" \/>\n<link rel=\"canonical\" href=\"https:\/\/www.hautes-alpes.net\/de\/favoriten\/weisse-linien\/\" \/>\n<meta property=\"og:locale\" content=\"de_DE\" \/>\n<meta property=\"og:type\" content=\"article\" \/>\n<meta property=\"og:title\" content=\"Wei\u00dfe Linien - Hautes-Alpes\" \/>\n<meta property=\"og:description\" content=\"Wei\u00dfe Linien Back Country: Berge mit Pulverschnee Das f\u00fchrende Magazin f\u00fcr Skitouren- und Naturliebhaber stellt in seiner neuesten Ausgabe den D\u00e9voluy\" \/>\n<meta property=\"og:url\" content=\"https:\/\/www.hautes-alpes.net\/de\/favoriten\/weisse-linien\/\" \/>\n<meta property=\"og:site_name\" content=\"Hautes-Alpes\" \/>\n<meta property=\"article:modified_time\" content=\"2025-12-22T14:57:45+00:00\" \/>\n<meta property=\"og:image\" content=\"https:\/\/www.hautes-alpes.net\/wp-content\/uploads\/2025\/11\/bcm-france-issue-007-header-1536x1024-1-1240x800.jpg\" \/>\n<meta name=\"twitter:card\" content=\"summary_large_image\" \/>\n<meta name=\"twitter:label1\" content=\"Gesch\u00e4tzte Lesezeit\" \/>\n\t<meta name=\"twitter:data1\" content=\"1\u00a0Minute\" \/>\n<script type=\"application\/ld+json\" class=\"yoast-schema-graph\">{\"@context\":\"https:\/\/schema.org\",\"@graph\":[{\"@type\":\"WebPage\",\"@id\":\"https:\/\/www.hautes-alpes.net\/de\/favoriten\/weisse-linien\/\",\"url\":\"https:\/\/www.hautes-alpes.net\/de\/favoriten\/weisse-linien\/\",\"name\":\"Wei\u00dfe Linien - Hautes-Alpes\",\"isPartOf\":{\"@id\":\"https:\/\/www.hautes-alpes.net\/de\/#website\"},\"primaryImageOfPage\":{\"@id\":\"https:\/\/www.hautes-alpes.net\/de\/favoriten\/weisse-linien\/#primaryimage\"},\"image\":{\"@id\":\"https:\/\/www.hautes-alpes.net\/de\/favoriten\/weisse-linien\/#primaryimage\"},\"thumbnailUrl\":\"https:\/\/www.hautes-alpes.net\/wp-content\/uploads\/2025\/11\/bcm-france-issue-007-header-1536x1024-1-1240x800.jpg\",\"datePublished\":\"2025-11-25T17:04:14+00:00\",\"dateModified\":\"2025-12-22T14:57:45+00:00\",\"description\":\"Wei\u00dfe Linien Back Country: Berge mit Pulverschnee Das f\u00fchrende Magazin f\u00fcr Skitouren- und Naturliebhaber stellt in seiner neuesten Ausgabe den D\u00e9voluy\",\"breadcrumb\":{\"@id\":\"https:\/\/www.hautes-alpes.net\/de\/favoriten\/weisse-linien\/#breadcrumb\"},\"inLanguage\":\"de\",\"potentialAction\":[{\"@type\":\"ReadAction\",\"target\":[\"https:\/\/www.hautes-alpes.net\/de\/favoriten\/weisse-linien\/\"]}]},{\"@type\":\"ImageObject\",\"inLanguage\":\"de\",\"@id\":\"https:\/\/www.hautes-alpes.net\/de\/favoriten\/weisse-linien\/#primaryimage\",\"url\":\"https:\/\/www.hautes-alpes.net\/wp-content\/uploads\/2025\/11\/bcm-france-issue-007-header-1536x1024-1-1240x800.jpg\",\"contentUrl\":\"https:\/\/www.hautes-alpes.net\/wp-content\/uploads\/2025\/11\/bcm-france-issue-007-header-1536x1024-1-1240x800.jpg\"},{\"@type\":\"BreadcrumbList\",\"@id\":\"https:\/\/www.hautes-alpes.net\/de\/favoriten\/weisse-linien\/#breadcrumb\",\"itemListElement\":[{\"@type\":\"ListItem\",\"position\":1,\"name\":\"Accueil\",\"item\":\"https:\/\/www.hautes-alpes.net\/de\/hautes-alpes\/\"},{\"@type\":\"ListItem\",\"position\":2,\"name\":\"Favoriten\",\"item\":\"https:\/\/www.hautes-alpes.net\/de\/favoriten\/\"},{\"@type\":\"ListItem\",\"position\":3,\"name\":\"Favoriten\",\"item\":\"https:\/\/www.hautes-alpes.net\/de\/favoriten\/\"},{\"@type\":\"ListItem\",\"position\":4,\"name\":\"Wei\u00dfe Linien\"}]},{\"@type\":\"WebSite\",\"@id\":\"https:\/\/www.hautes-alpes.net\/de\/#website\",\"url\":\"https:\/\/www.hautes-alpes.net\/de\/\",\"name\":\"ADDET\",\"description\":\"\",\"publisher\":{\"@id\":\"https:\/\/www.hautes-alpes.net\/de\/#organization\"},\"potentialAction\":[{\"@type\":\"SearchAction\",\"target\":{\"@type\":\"EntryPoint\",\"urlTemplate\":\"https:\/\/www.hautes-alpes.net\/de\/?s={search_term_string}\"},\"query-input\":{\"@type\":\"PropertyValueSpecification\",\"valueRequired\":true,\"valueName\":\"search_term_string\"}}],\"inLanguage\":\"de\"},{\"@type\":\"Organization\",\"@id\":\"https:\/\/www.hautes-alpes.net\/de\/#organization\",\"name\":\"Agence D\u00e9partementale de D\u00e9veloppement Economique et Touristique des Hautes-Alpes\",\"url\":\"https:\/\/www.hautes-alpes.net\/de\/\",\"logo\":{\"@type\":\"ImageObject\",\"inLanguage\":\"de\",\"@id\":\"https:\/\/www.hautes-alpes.net\/de\/#\/schema\/logo\/image\/\",\"url\":\"https:\/\/www.hautes-alpes.net\/wp-content\/uploads\/2026\/01\/black-logo-2.svg\",\"contentUrl\":\"https:\/\/www.hautes-alpes.net\/wp-content\/uploads\/2026\/01\/black-logo-2.svg\",\"caption\":\"Agence D\u00e9partementale de D\u00e9veloppement Economique et Touristique des Hautes-Alpes\"},\"image\":{\"@id\":\"https:\/\/www.hautes-alpes.net\/de\/#\/schema\/logo\/image\/\"}}]}<\/script>\n<!-- \/ Yoast SEO plugin. -->","yoast_head_json":{"title":"Wei\u00dfe Linien - Hautes-Alpes","description":"Wei\u00dfe Linien Back Country: Berge mit Pulverschnee Das f\u00fchrende Magazin f\u00fcr Skitouren- und Naturliebhaber stellt in seiner neuesten Ausgabe den D\u00e9voluy","robots":{"index":"index","follow":"follow","max-snippet":"max-snippet:-1","max-image-preview":"max-image-preview:large","max-video-preview":"max-video-preview:-1"},"canonical":"https:\/\/www.hautes-alpes.net\/de\/favoriten\/weisse-linien\/","og_locale":"de_DE","og_type":"article","og_title":"Wei\u00dfe Linien - Hautes-Alpes","og_description":"Wei\u00dfe Linien Back Country: Berge mit Pulverschnee Das f\u00fchrende Magazin f\u00fcr Skitouren- und Naturliebhaber stellt in seiner neuesten Ausgabe den D\u00e9voluy","og_url":"https:\/\/www.hautes-alpes.net\/de\/favoriten\/weisse-linien\/","og_site_name":"Hautes-Alpes","article_modified_time":"2025-12-22T14:57:45+00:00","og_image":[{"url":"https:\/\/www.hautes-alpes.net\/wp-content\/uploads\/2025\/11\/bcm-france-issue-007-header-1536x1024-1-1240x800.jpg","type":"","width":"","height":""}],"twitter_card":"summary_large_image","twitter_misc":{"Gesch\u00e4tzte Lesezeit":"1\u00a0Minute"},"schema":{"@context":"https:\/\/schema.org","@graph":[{"@type":"WebPage","@id":"https:\/\/www.hautes-alpes.net\/de\/favoriten\/weisse-linien\/","url":"https:\/\/www.hautes-alpes.net\/de\/favoriten\/weisse-linien\/","name":"Wei\u00dfe Linien - Hautes-Alpes","isPartOf":{"@id":"https:\/\/www.hautes-alpes.net\/de\/#website"},"primaryImageOfPage":{"@id":"https:\/\/www.hautes-alpes.net\/de\/favoriten\/weisse-linien\/#primaryimage"},"image":{"@id":"https:\/\/www.hautes-alpes.net\/de\/favoriten\/weisse-linien\/#primaryimage"},"thumbnailUrl":"https:\/\/www.hautes-alpes.net\/wp-content\/uploads\/2025\/11\/bcm-france-issue-007-header-1536x1024-1-1240x800.jpg","datePublished":"2025-11-25T17:04:14+00:00","dateModified":"2025-12-22T14:57:45+00:00","description":"Wei\u00dfe Linien Back Country: Berge mit Pulverschnee Das f\u00fchrende Magazin f\u00fcr Skitouren- und Naturliebhaber stellt in seiner neuesten Ausgabe den D\u00e9voluy","breadcrumb":{"@id":"https:\/\/www.hautes-alpes.net\/de\/favoriten\/weisse-linien\/#breadcrumb"},"inLanguage":"de","potentialAction":[{"@type":"ReadAction","target":["https:\/\/www.hautes-alpes.net\/de\/favoriten\/weisse-linien\/"]}]},{"@type":"ImageObject","inLanguage":"de","@id":"https:\/\/www.hautes-alpes.net\/de\/favoriten\/weisse-linien\/#primaryimage","url":"https:\/\/www.hautes-alpes.net\/wp-content\/uploads\/2025\/11\/bcm-france-issue-007-header-1536x1024-1-1240x800.jpg","contentUrl":"https:\/\/www.hautes-alpes.net\/wp-content\/uploads\/2025\/11\/bcm-france-issue-007-header-1536x1024-1-1240x800.jpg"},{"@type":"BreadcrumbList","@id":"https:\/\/www.hautes-alpes.net\/de\/favoriten\/weisse-linien\/#breadcrumb","itemListElement":[{"@type":"ListItem","position":1,"name":"Accueil","item":"https:\/\/www.hautes-alpes.net\/de\/hautes-alpes\/"},{"@type":"ListItem","position":2,"name":"Favoriten","item":"https:\/\/www.hautes-alpes.net\/de\/favoriten\/"},{"@type":"ListItem","position":3,"name":"Favoriten","item":"https:\/\/www.hautes-alpes.net\/de\/favoriten\/"},{"@type":"ListItem","position":4,"name":"Wei\u00dfe Linien"}]},{"@type":"WebSite","@id":"https:\/\/www.hautes-alpes.net\/de\/#website","url":"https:\/\/www.hautes-alpes.net\/de\/","name":"ADDET","description":"","publisher":{"@id":"https:\/\/www.hautes-alpes.net\/de\/#organization"},"potentialAction":[{"@type":"SearchAction","target":{"@type":"EntryPoint","urlTemplate":"https:\/\/www.hautes-alpes.net\/de\/?s={search_term_string}"},"query-input":{"@type":"PropertyValueSpecification","valueRequired":true,"valueName":"search_term_string"}}],"inLanguage":"de"},{"@type":"Organization","@id":"https:\/\/www.hautes-alpes.net\/de\/#organization","name":"Agence D\u00e9partementale de D\u00e9veloppement Economique et Touristique des Hautes-Alpes","url":"https:\/\/www.hautes-alpes.net\/de\/","logo":{"@type":"ImageObject","inLanguage":"de","@id":"https:\/\/www.hautes-alpes.net\/de\/#\/schema\/logo\/image\/","url":"https:\/\/www.hautes-alpes.net\/wp-content\/uploads\/2026\/01\/black-logo-2.svg","contentUrl":"https:\/\/www.hautes-alpes.net\/wp-content\/uploads\/2026\/01\/black-logo-2.svg","caption":"Agence D\u00e9partementale de D\u00e9veloppement Economique et Touristique des Hautes-Alpes"},"image":{"@id":"https:\/\/www.hautes-alpes.net\/de\/#\/schema\/logo\/image\/"}}]}},"_links":{"self":[{"href":"https:\/\/www.hautes-alpes.net\/de\/wp-json\/wp\/v2\/pages\/108991","targetHints":{"allow":["GET"]}}],"collection":[{"href":"https:\/\/www.hautes-alpes.net\/de\/wp-json\/wp\/v2\/pages"}],"about":[{"href":"https:\/\/www.hautes-alpes.net\/de\/wp-json\/wp\/v2\/types\/page"}],"author":[{"embeddable":true,"href":"https:\/\/www.hautes-alpes.net\/de\/wp-json\/wp\/v2\/users\/6"}],"replies":[{"embeddable":true,"href":"https:\/\/www.hautes-alpes.net\/de\/wp-json\/wp\/v2\/comments?post=108991"}],"version-history":[{"count":2,"href":"https:\/\/www.hautes-alpes.net\/de\/wp-json\/wp\/v2\/pages\/108991\/revisions"}],"predecessor-version":[{"id":129198,"href":"https:\/\/www.hautes-alpes.net\/de\/wp-json\/wp\/v2\/pages\/108991\/revisions\/129198"}],"up":[{"embeddable":true,"href":"https:\/\/www.hautes-alpes.net\/de\/wp-json\/wp\/v2\/pages\/107980"}],"wp:attachment":[{"href":"https:\/\/www.hautes-alpes.net\/de\/wp-json\/wp\/v2\/media?parent=108991"}],"wp:term":[{"taxonomy":"page_label","embeddable":true,"href":"https:\/\/www.hautes-alpes.net\/de\/wp-json\/wp\/v2\/page_label?post=108991"}],"curies":[{"name":"wp","href":"https:\/\/api.w.org\/{rel}","templated":true}]}}