{"id":108781,"date":"2025-11-20T17:19:01","date_gmt":"2025-11-20T16:19:01","guid":{"rendered":"https:\/\/www.hautes-alpes.net\/ppam\/"},"modified":"2026-07-29T14:06:31","modified_gmt":"2026-07-29T12:06:31","slug":"ppam","status":"publish","type":"page","link":"https:\/\/www.hautes-alpes.net\/de\/wirtschaftszweige\/ppam\/","title":{"rendered":"PPAM"},"content":{"rendered":"\n<div class=\"wp-block-group alignfull hero-banner-cover-float has-global-padding is-layout-constrained wp-block-group-is-layout-constrained\"><div class=\"yoast-breadcrumbs\"><span><span><a href=\"https:\/\/www.hautes-alpes.net\/de\/hautes-alpes\/\">Accueil<\/a><\/span>  <span><a href=\"https:\/\/www.hautes-alpes.net\/de\/wirtschaftszweige\/\">Wirtschaftszweige<\/a><\/span>  <span><a href=\"https:\/\/www.hautes-alpes.net\/de\/wirtschaftszweige\/\">Wirtschaftszweige<\/a><\/span>  <span class=\"breadcrumb_last\" aria-current=\"page\">PPAM<\/span><\/span><\/div>\n\n\n<h1 class=\"wp-block-ws-library-post-title\"><span class=\"text-highlight\">PPAM<\/span><\/h1>\n\n\n\n<p class=\"subtitle wp-block-paragraph\">Ein strategischer Vorteil<\/p>\n\n\n\n<p class=\"wp-block-paragraph\"><strong>Duft-, Gew\u00fcrz- und Heilpflanzen (PPAM)<\/strong> nehmen in der landwirtschaftlichen und wirtschaftlichen Landschaft der Hautes-Alpes einen immer wichtigeren Platz ein. Angetrieben durch den Klimawandel, der die Strukturen der landwirtschaftlichen Produktion neu ordnet, bieten sie eine Chance zur Diversifizierung und Wertsch\u00f6pfung. Vor diesem Hintergrund vereint das lokale Netzwerk <strong>\u201eV\u00e9g\u00e9t\u2019Alpes\u201c<\/strong> Landwirte, Erntehelfer, Verarbeiter und H\u00e4ndler unter einem gemeinsamen Ziel: <strong>den Aufbau und die Aufwertung einer nachhaltigen Wertsch\u00f6pfungskette<\/strong>.  <\/p>\n\n\n\n<div class=\"wp-block-ws-library-media-embed ws-media-embed\"><img decoding=\"async\" src=\"https:\/\/www.hautes-alpes.net\/wp-content\/uploads\/2025\/11\/7b3a0778-1-2000x1000.jpg\" alt=\"\" class=\"ws-media-embed__image\" style=\"aspect-ratio:2000\/1000\"><\/div>\n<\/div>\n\n<div style=\"height:50px\" aria-hidden=\"true\" class=\"wp-block-spacer\"><\/div>\n\n<div class=\"wp-block-group alignfull step-by-step has-global-padding is-layout-constrained wp-block-group-is-layout-constrained\">\n<div class=\"wp-block-ws-library-ws-columns alignwide has-2-columns are-vertically-aligned-center layout-5050\">\n<div class=\"wp-block-ws-library-ws-column\"><div class=\"wrapper\">\n<h2 class=\"wp-block-heading is-style-title-1\"><strong>Ein Gebiet <br\/><\/strong>mit gro\u00dfem Potenzial<\/h2>\n\n\n\n<p class=\"wp-block-paragraph\">Heute profitiert der PPAM-Sektor von den spezifischen Vorteilen des Gebiets: eine reiche Biodiversit\u00e4t, gut erhaltene B\u00f6den und ein bereits anerkanntes landwirtschaftliches Know-how. Die k\u00fcrzlich durchgef\u00fchrte Bestandsaufnahme des Sektors zeigt <strong>ein bedeutendes Entwicklungspotenzial<\/strong> f\u00fcr alpine Pflanzen auf, die f\u00fcr den Lebensmittel-, Kosmetik- und sogar Parf\u00fcmmarkt bestimmt sind. <\/p>\n<\/div><\/div>\n\n\n\n<div class=\"wp-block-ws-library-ws-column\"><div class=\"wrapper\">\n<div class=\"wp-block-ws-library-ws-image\"><div class=\"wrapper\"><div class=\"group-media\"><img decoding=\"async\" src=\"https:\/\/www.hautes-alpes.net\/wp-content\/uploads\/2025\/12\/thym-thujanol-baronnies-38-1240x800.jpg\" alt=\"\" class=\"single_image ws-image-115796\"><div class=\"credits\">P. Domeyne - AD05<\/div><\/div><p class=\"caption\"><\/p><\/div><\/div>\n<\/div><\/div>\n<\/div>\n\n\n\n<div class=\"wp-block-ws-library-ws-columns alignwide has-2-columns are-vertically-aligned-center layout-5050\">\n<div class=\"wp-block-ws-library-ws-column\"><div class=\"wrapper\">\n<h2 class=\"wp-block-heading is-style-title-1\"><strong>Veget&#8217;Alpes<\/strong><br\/>Gemeinsamer Fahrplan<\/h2>\n\n\n\n<p class=\"wp-block-paragraph\">Um diese Dynamik zu unterst\u00fctzen, wurde ein gemeinsamer Fahrplan erstellt. Darin sind die Priorit\u00e4ten festgelegt: <strong>St\u00e4rkung der Qualit\u00e4t und R\u00fcckverfolgbarkeit der Erzeugnisse<\/strong>, <strong>Ausbau der lokalen Verarbeitung<\/strong>, <strong>Verbesserung der Vermarktung<\/strong>, <strong>Festigung der Exportm\u00e4rkte<\/strong> sowie <strong>F\u00f6rderung von Forschung und Entwicklung<\/strong>. Das Ziel ist klar: Die Hautes-Alpes zu einer Vorzeigeregion im Bereich der PPAM zu machen.  <\/p>\n<\/div><\/div>\n\n\n\n<div class=\"wp-block-ws-library-ws-column\"><div class=\"wrapper\">\n<div class=\"wp-block-ws-library-ws-image\"><div class=\"wrapper\"><div class=\"group-media\"><img decoding=\"async\" src=\"https:\/\/www.hautes-alpes.net\/wp-content\/uploads\/2025\/12\/2s2a5050-1240x800.jpg\" alt=\"\" class=\"single_image ws-image-115822\"><div class=\"credits\">P. Domeyne - AD05<\/div><\/div><p class=\"caption\"><\/p><\/div><\/div>\n<\/div><\/div>\n<\/div>\n\n\n\n<div class=\"wp-block-ws-library-ws-columns alignwide has-2-columns are-vertically-aligned-center layout-5050\">\n<div class=\"wp-block-ws-library-ws-column\"><div class=\"wrapper\">\n<h2 class=\"wp-block-heading is-style-title-1\">Mobilisierte <strong>Partner<br\/><\/strong><\/h2>\n\n\n\n<p class=\"wp-block-paragraph\">Der Erfolg des Sektors h\u00e4ngt von einer engen Zusammenarbeit zwischen den Akteuren ab. Die lokalen Landwirte und Sammler, die Verarbeitungsunternehmen, die Forschungseinrichtungen und die Gebietsk\u00f6rperschaften geh\u00f6ren zu den mobilisierten Partnern. Gemeinsam tragen sie zur Schaffung von wirtschaftlichen Synergien bei, die die Attraktivit\u00e4t des Departements st\u00e4rken. Zu den Aush\u00e4ngeschildern geh\u00f6ren Unternehmen wie <strong>Acanthis Laboratoire, Karandja, La Plantivore, Gayral-Reynier, Altiflore<\/strong>, etc.   <\/p>\n<\/div><\/div>\n\n\n\n<div class=\"wp-block-ws-library-ws-column\"><div class=\"wrapper\">\n<div class=\"wp-block-ws-library-ws-image\"><div class=\"wrapper\"><div class=\"group-media\"><img decoding=\"async\" src=\"https:\/\/www.hautes-alpes.net\/wp-content\/uploads\/2025\/12\/natexpo-2025-addet05-1240x800.jpg\" alt=\"\" class=\"single_image ws-image-91514\"><div class=\"credits\">AD 05<\/div><\/div><p class=\"caption\"><\/p><\/div><\/div>\n<\/div><\/div>\n<\/div>\n<\/div>\n\n<div style=\"height:100px\" aria-hidden=\"true\" class=\"wp-block-spacer\"><\/div>\n<div class=\"wp-block-ws-library-ws-last-document\"><div class=\"card card-document ws-last-document\"><div class=\"group-media\"><img decoding=\"async\" width=\"480\" height=\"682\" src=\"https:\/\/www.hautes-alpes.net\/wp-content\/uploads\/2026\/01\/capture-decran-2026-01-07-094804-480x682.png\" class=\"custom-preview size-480x700\" alt=\"\" srcset=\"https:\/\/www.hautes-alpes.net\/wp-content\/uploads\/2026\/01\/capture-decran-2026-01-07-094804-480x682.png 480w, https:\/\/www.hautes-alpes.net\/wp-content\/uploads\/2026\/01\/capture-decran-2026-01-07-094804-211x300.png 211w, https:\/\/www.hautes-alpes.net\/wp-content\/uploads\/2026\/01\/capture-decran-2026-01-07-094804-720x1024.png 720w, https:\/\/www.hautes-alpes.net\/wp-content\/uploads\/2026\/01\/capture-decran-2026-01-07-094804-768x1092.png 768w, https:\/\/www.hautes-alpes.net\/wp-content\/uploads\/2026\/01\/capture-decran-2026-01-07-094804-450x640.png 450w, https:\/\/www.hautes-alpes.net\/wp-content\/uploads\/2026\/01\/capture-decran-2026-01-07-094804-436x620.png 436w, https:\/\/www.hautes-alpes.net\/wp-content\/uploads\/2026\/01\/capture-decran-2026-01-07-094804.png 902w\" sizes=\"(max-width: 480px) 100vw, 480px\" \/><\/div><div class=\"group-content\"><div class=\"field-title\"><h3>Veget&#8217;Alpes-Programm<\/h3><\/div><div class=\"group-details\"><div class=\"field-preview\"><div class=\"wp-block-button is-style-view\"><a href=\"https:\/\/www.hautes-alpes.net\/wp-content\/uploads\/2026\/01\/document-cadre.pdf\" target=\"_blank\" rel=\"noopener noreferrer\" class=\"wp-block-button__link wp-element-button\">Konsultieren Sie<\/a><\/div><\/div><div class=\"field-download\"><div class=\"wp-block-button is-style-download\"><a href=\"https:\/\/www.hautes-alpes.net\/wp-content\/uploads\/2026\/01\/document-cadre.pdf\" download target=\"_blank\" rel=\"noopener noreferrer\" class=\"wp-block-button__link wp-element-button\">T\u00e9l\u00e9charger<\/a><\/div><\/div><\/div><\/div><\/div><\/div>\n<div class=\"wp-block-group block-stats is-layout-flow wp-block-group-is-layout-flow\">\n<h2 class=\"wp-block-heading is-style-title-2\">Der Sektor Landwirtschaft und Lebensmittelindustrie<br\/><strong>in einigen Zahlen<\/strong><\/h2>\n\n\n\n<p class=\"wp-block-paragraph\"><\/p>\n\n\n\n<div class=\"wp-block-ws-library-percentage-items alignwide ws-percentage-items\"><div class=\"list-items ws-percentage-items__list\">\n<div class=\"wp-block-ws-library-percentage-item ws-percentage-item\" data-percentage=\"3\"><div class=\"group-circle\"><svg class=\"circle\" viewbox=\"0 0 120 120\"><defs><lineargradient id=\"gradient-item-b4b79d14-4a85-4624-9507-e7168f7e60e2\" x1=\"0%\" y1=\"0%\" x2=\"100%\" y2=\"100%\"><stop offset=\"0%\" stop-color=\"#3b82f6\"><\/stop><stop offset=\"100%\" stop-color=\"#2563eb\"><\/stop><\/lineargradient><\/defs><circle class=\"circle-bg\" cx=\"60\" cy=\"60\" r=\"54\"><\/circle><circle class=\"circle-progress\" cx=\"60\" cy=\"60\" r=\"54\" style=\"stroke-dasharray:10.178759999999999 339.292\"><\/circle><\/svg><div class=\"circle-text\"><span class=\"value\">3<\/span><span class=\"symbol\">%<\/span><\/div><\/div><div class=\"group-content\"><div class=\"field-text\">Anteil am Jahresumsatz<\/div><\/div><\/div>\n\n\n\n<div class=\"wp-block-ws-library-percentage-item ws-percentage-item\" data-percentage=\"1\"><div class=\"group-circle\"><svg class=\"circle\" viewbox=\"0 0 120 120\"><defs><lineargradient id=\"gradient-item-c693677a-da9f-466b-a59b-377465b46ce4\" x1=\"0%\" y1=\"0%\" x2=\"100%\" y2=\"100%\"><stop offset=\"0%\" stop-color=\"#3b82f6\"><\/stop><stop offset=\"100%\" stop-color=\"#2563eb\"><\/stop><\/lineargradient><\/defs><circle class=\"circle-bg\" cx=\"60\" cy=\"60\" r=\"54\"><\/circle><circle class=\"circle-progress\" cx=\"60\" cy=\"60\" r=\"54\" style=\"stroke-dasharray:3.3929199999999997 339.292\"><\/circle><\/svg><div class=\"circle-text\"><span class=\"value\">1<\/span><span class=\"symbol\">%<\/span><\/div><\/div><div class=\"group-content\"><div class=\"field-text\">Anteil am BIP<\/div><\/div><\/div>\n<\/div><\/div>\n\n\n\n<p class=\"field-source wp-block-paragraph\"><\/p>\n<\/div>\n\n<div class=\"wp-block-group block-chiffres has-global-padding is-layout-constrained wp-block-group-is-layout-constrained\">\n<figure class=\"wp-block-table is-style-stats\"><table class=\"has-fixed-layout\"><tbody><tr><td><strong>JAHRESUMSATZ<\/strong><\/td><td>200 920 K\u20ac<\/td><\/tr><tr><td>ENTWICKLUNG DES UMSATZES IN 10 JAHREN<\/td><td>+ 46 %<\/td><\/tr><tr><td><strong>BIP<\/strong><\/td><td>19 020 K\u20ac<\/td><\/tr><tr><td>VER\u00c4NDERUNG DES BIP IN 10 JAHREN<\/td><td>+ 58 %<\/td><\/tr><tr><td><\/td><td><\/td><\/tr><\/tbody><\/table><\/figure>\n\n\n\n<p class=\"field-source wp-block-paragraph\">BIP = Bruttoinlandsprodukt \/ Quelle: INSEE<\/p>\n<\/div>\n\n<div style=\"height:25px\" aria-hidden=\"true\" class=\"wp-block-spacer\"><\/div>\n\n<hr class=\"wp-block-separator has-alpha-channel-opacity is-style-default\"\/>\n\n<div class=\"wp-block-ws-library-ws-slider alignfull\"><div class=\"splide\" data-splide=\"{&quot;type&quot;:&quot;loop&quot;,&quot;start&quot;:0,&quot;autoWidth&quot;:1,&quot;drag&quot;:&quot;free&quot;,&quot;snap&quot;:true,&quot;pagination&quot;:false,&quot;gap&quot;:&quot;45px&quot;,&quot;trimSpace&quot;:&quot;move&quot;,&quot;arrows&quot;:false,&quot;breakpoints&quot;:{&quot;1200&quot;:{&quot;gap&quot;:&quot;15px&quot;}},&quot;classes&quot;:{}}\"><div class=\"splide__track\"><div class=\"splide__list\"><div class=\"splide__slide\"><a href=\"https:\/\/www.hautes-alpes.net\/wp-content\/uploads\/2025\/11\/7b3a9817-1-scaled.jpg\" data-glightbox=\"true\" class=\"lightbox-trigger\"><img decoding=\"async\" src=\"https:\/\/www.hautes-alpes.net\/wp-content\/uploads\/2025\/11\/7b3a9817-1-371x620.jpg\" alt=\"\"\/><\/a><\/div><div class=\"splide__slide\"><a href=\"https:\/\/www.hautes-alpes.net\/wp-content\/uploads\/2025\/11\/7b3a9539-scaled.jpg\" data-glightbox=\"true\" class=\"lightbox-trigger\"><img decoding=\"async\" src=\"https:\/\/www.hautes-alpes.net\/wp-content\/uploads\/2025\/11\/7b3a9539-413x620.jpg\" alt=\"\"\/><\/a><\/div><div class=\"splide__slide\"><a href=\"https:\/\/www.hautes-alpes.net\/wp-content\/uploads\/2025\/11\/7b3a4473-scaled.jpg\" data-glightbox=\"true\" class=\"lightbox-trigger\"><img decoding=\"async\" src=\"https:\/\/www.hautes-alpes.net\/wp-content\/uploads\/2025\/11\/7b3a4473-930x620.jpg\" alt=\"\"\/><\/a><\/div><div class=\"splide__slide\"><a href=\"https:\/\/www.hautes-alpes.net\/wp-content\/uploads\/2025\/11\/asteraceae-arnica-montana-5-1-scaled.jpg\" data-glightbox=\"true\" class=\"lightbox-trigger\"><img decoding=\"async\" src=\"https:\/\/www.hautes-alpes.net\/wp-content\/uploads\/2025\/11\/asteraceae-arnica-montana-5-1-933x620.jpg\" alt=\"\"\/><\/a><\/div><div class=\"splide__slide\"><a href=\"https:\/\/www.hautes-alpes.net\/wp-content\/uploads\/2025\/11\/7b3a9917-scaled.jpg\" data-glightbox=\"true\" class=\"lightbox-trigger\"><img decoding=\"async\" src=\"https:\/\/www.hautes-alpes.net\/wp-content\/uploads\/2025\/11\/7b3a9917-413x620.jpg\" alt=\"\"\/><\/a><\/div><\/div><\/div><\/div><\/div>\n\n<div style=\"height:50px\" aria-hidden=\"true\" class=\"wp-block-spacer\"><\/div>\n\n<div class=\"wp-block-group has-global-padding is-layout-constrained wp-block-group-is-layout-constrained\">\n<p class=\"wp-block-paragraph\">Brauchen Sie Begleitung?<\/p>\n\n\n\n<h2 class=\"wp-block-heading\">Der Wirtschaftsdienst<br\/><strong>begleitet Ihre Projekte<\/strong><\/h2>\n\n\n\n<h4 class=\"wp-block-heading\">Fabien Harel<\/h4>\n\n\n\n<p class=\"wp-block-paragraph\">Leiterin des Studiengangs Wirtschaft<\/p>\n\n\n\n<div class=\"wp-block-group has-global-padding is-layout-constrained wp-block-group-is-layout-constrained\">\n<p class=\"wp-block-paragraph\"><a href=\"mailto:fabien.harel@hautes-alpes.net\">fabien.harel@hautes-alpes.net<\/a><\/p>\n\n\n\n<p class=\"wp-block-paragraph\"><\/p>\n<\/div>\n<\/div>\n\n<div style=\"height:10px\" aria-hidden=\"true\" class=\"wp-block-spacer\"><\/div>\n\n<div class=\"wp-block-ws-library-ws-image is-style-simple\"><div class=\"wrapper\"><div class=\"group-media\"><img decoding=\"async\" src=\"https:\/\/www.hautes-alpes.net\/wp-content\/uploads\/2026\/01\/frise-vegetalpes.png\" alt=\"\" class=\"single_image ws-image-182745\"><div class=\"credits\"><\/div><\/div><p class=\"caption\"><\/p><\/div><\/div>\n\n<div style=\"height:100px\" aria-hidden=\"true\" class=\"wp-block-spacer\"><\/div>\n\n<h2 class=\"wp-block-heading is-style-title-1\"><strong>Siehe auch<\/strong><\/h2>\n\n<div class=\"wp-block-group alignwide list-nodetails is-content-justification-center is-layout-flex wp-container-core-group-is-layout-c9a5442e wp-block-group-is-layout-flex\">\n<div class=\"wp-block-group has-global-padding is-layout-constrained wp-block-group-is-layout-constrained\">\n<div class=\"wp-block-ws-library-ws-image is-style-simple\"><div class=\"wrapper\"><div class=\"group-media\"><img decoding=\"async\" src=\"https:\/\/www.hautes-alpes.net\/wp-content\/uploads\/2025\/11\/rd-technologies-veynes-2024-patrick-domeyne-addet05-13-1240x800.jpg\" alt=\"\" class=\"single_image ws-image-76612\"><div class=\"credits\">P.Domeyne - AD05<\/div><\/div><p class=\"caption\"><\/p><\/div><\/div>\n\n\n\n<h3 class=\"wp-block-heading is-style-title-2\"><em>INDUSTRIETIndustriegebiete<\/em><\/h3>\n\n\n\n<div class=\"wp-block-buttons is-layout-flex wp-block-buttons-is-layout-flex\">\n<div class=\"wp-block-button\"><a class=\"wp-block-button__link wp-element-button\" href=\"https:\/\/www.hautes-alpes.net\/de\/wirtschaftszweige\/csr\/\" target=\"_blank\" rel=\"noreferrer noopener\">Siehe<\/a><\/div>\n<\/div>\n<\/div>\n\n\n\n<div class=\"wp-block-group has-global-padding is-layout-constrained wp-block-group-is-layout-constrained\">\n<div class=\"wp-block-ws-library-ws-image is-style-simple\"><div class=\"wrapper\"><div class=\"group-media\"><img decoding=\"async\" src=\"https:\/\/www.hautes-alpes.net\/wp-content\/uploads\/2025\/12\/cite-vauban-drone-serre-chevalier-briancon-7-1240x800.jpg\" alt=\"\" class=\"single_image ws-image-133118\"><div class=\"credits\">OT Serre Chevalier<\/div><\/div><p class=\"caption\"><\/p><\/div><\/div>\n\n\n\n<h3 class=\"wp-block-heading is-style-title-2\"><em>RSERSoziale Verantwortung<\/em>von Unternehmen<\/h3>\n\n\n\n<div class=\"wp-block-buttons is-layout-flex wp-block-buttons-is-layout-flex\">\n<div class=\"wp-block-button\"><a class=\"wp-block-button__link wp-element-button\" href=\"https:\/\/www.hautes-alpes.net\/de\/wirtschaftszweige\/alm-gauler-2\/\" target=\"_blank\" rel=\"noreferrer noopener\">Siehe<\/a><\/div>\n<\/div>\n<\/div>\n<\/div>\n\n<div style=\"height:50px\" aria-hidden=\"true\" class=\"wp-block-spacer\"><\/div>\n\n<div class=\"wp-block-ws-library-ws-share\"><span class=\"share-subtitle\">Hat Ihnen diese Seite gefallen?<\/span><span class=\"share-title\">Teilen Sie es mit anderen!<\/span><button class=\"ws-share-button wp-element-button\">Diese Seite teilen<\/button><\/div>\n","protected":false},"excerpt":{"rendered":"<p>Ein strategischer Vorteil Duft-, Gew\u00fcrz- und Heilpflanzen (PPAM) nehmen in der landwirtschaftlichen und wirtschaftlichen Landschaft der Hautes-Alpes einen immer wichtigeren [&hellip;]<\/p>\n","protected":false},"author":6,"featured_media":0,"parent":108805,"menu_order":0,"comment_status":"closed","ping_status":"closed","template":"","meta":{"is_dark_mode":false,"footnotes":""},"page_label":[],"class_list":["post-108781","page","type-page","status-publish","hentry"],"yoast_head":"<!-- This site is optimized with the Yoast SEO plugin v28.3 - https:\/\/yoast.com\/product\/yoast-seo-wordpress\/ -->\n<title>PPAM - Hautes-Alpes<\/title>\n<meta name=\"description\" content=\"PPAM Ein strategischer Vorteil Duft-, Gew\u00fcrz- und Heilpflanzen (PPAM) nehmen in der landwirtschaftlichen und wirtschaftlichen Landschaft der Hautes-Alpes\" \/>\n<meta name=\"robots\" content=\"index, follow, max-snippet:-1, max-image-preview:large, max-video-preview:-1\" \/>\n<link rel=\"canonical\" href=\"https:\/\/www.hautes-alpes.net\/de\/wirtschaftszweige\/ppam\/\" \/>\n<meta property=\"og:locale\" content=\"de_DE\" \/>\n<meta property=\"og:type\" content=\"article\" \/>\n<meta property=\"og:title\" content=\"PPAM - Hautes-Alpes\" \/>\n<meta property=\"og:description\" content=\"PPAM Ein strategischer Vorteil Duft-, Gew\u00fcrz- und Heilpflanzen (PPAM) nehmen in der landwirtschaftlichen und wirtschaftlichen Landschaft der Hautes-Alpes\" \/>\n<meta property=\"og:url\" content=\"https:\/\/www.hautes-alpes.net\/de\/wirtschaftszweige\/ppam\/\" \/>\n<meta property=\"og:site_name\" content=\"Hautes-Alpes\" \/>\n<meta property=\"article:modified_time\" content=\"2026-07-29T12:06:31+00:00\" \/>\n<meta property=\"og:image\" content=\"https:\/\/www.hautes-alpes.net\/wp-content\/uploads\/2025\/11\/7b3a0778-1-2000x1000.jpg\" \/>\n<meta name=\"twitter:card\" content=\"summary_large_image\" \/>\n<meta name=\"twitter:label1\" content=\"Gesch\u00e4tzte Lesezeit\" \/>\n\t<meta name=\"twitter:data1\" content=\"2 Minuten\" \/>\n<script type=\"application\/ld+json\" class=\"yoast-schema-graph\">{\"@context\":\"https:\\\/\\\/schema.org\",\"@graph\":[{\"@type\":\"WebPage\",\"@id\":\"https:\\\/\\\/www.hautes-alpes.net\\\/de\\\/wirtschaftszweige\\\/ppam\\\/\",\"url\":\"https:\\\/\\\/www.hautes-alpes.net\\\/de\\\/wirtschaftszweige\\\/ppam\\\/\",\"name\":\"PPAM - Hautes-Alpes\",\"isPartOf\":{\"@id\":\"https:\\\/\\\/www.hautes-alpes.net\\\/de\\\/#website\"},\"primaryImageOfPage\":{\"@id\":\"https:\\\/\\\/www.hautes-alpes.net\\\/de\\\/wirtschaftszweige\\\/ppam\\\/#primaryimage\"},\"image\":{\"@id\":\"https:\\\/\\\/www.hautes-alpes.net\\\/de\\\/wirtschaftszweige\\\/ppam\\\/#primaryimage\"},\"thumbnailUrl\":\"https:\\\/\\\/www.hautes-alpes.net\\\/wp-content\\\/uploads\\\/2025\\\/11\\\/7b3a0778-1-2000x1000.jpg\",\"datePublished\":\"2025-11-20T16:19:01+00:00\",\"dateModified\":\"2026-07-29T12:06:31+00:00\",\"description\":\"PPAM Ein strategischer Vorteil Duft-, Gew\u00fcrz- und Heilpflanzen (PPAM) nehmen in der landwirtschaftlichen und wirtschaftlichen Landschaft der Hautes-Alpes\",\"breadcrumb\":{\"@id\":\"https:\\\/\\\/www.hautes-alpes.net\\\/de\\\/wirtschaftszweige\\\/ppam\\\/#breadcrumb\"},\"inLanguage\":\"de\",\"potentialAction\":[{\"@type\":\"ReadAction\",\"target\":[\"https:\\\/\\\/www.hautes-alpes.net\\\/de\\\/wirtschaftszweige\\\/ppam\\\/\"]}]},{\"@type\":\"ImageObject\",\"inLanguage\":\"de\",\"@id\":\"https:\\\/\\\/www.hautes-alpes.net\\\/de\\\/wirtschaftszweige\\\/ppam\\\/#primaryimage\",\"url\":\"https:\\\/\\\/www.hautes-alpes.net\\\/wp-content\\\/uploads\\\/2025\\\/11\\\/7b3a0778-1-2000x1000.jpg\",\"contentUrl\":\"https:\\\/\\\/www.hautes-alpes.net\\\/wp-content\\\/uploads\\\/2025\\\/11\\\/7b3a0778-1-2000x1000.jpg\"},{\"@type\":\"BreadcrumbList\",\"@id\":\"https:\\\/\\\/www.hautes-alpes.net\\\/de\\\/wirtschaftszweige\\\/ppam\\\/#breadcrumb\",\"itemListElement\":[{\"@type\":\"ListItem\",\"position\":1,\"name\":\"Accueil\",\"item\":\"https:\\\/\\\/www.hautes-alpes.net\\\/de\\\/hautes-alpes\\\/\"},{\"@type\":\"ListItem\",\"position\":2,\"name\":\"Wirtschaftszweige\",\"item\":\"https:\\\/\\\/www.hautes-alpes.net\\\/de\\\/wirtschaftszweige\\\/\"},{\"@type\":\"ListItem\",\"position\":3,\"name\":\"Wirtschaftszweige\",\"item\":\"https:\\\/\\\/www.hautes-alpes.net\\\/de\\\/wirtschaftszweige\\\/\"},{\"@type\":\"ListItem\",\"position\":4,\"name\":\"PPAM\"}]},{\"@type\":\"WebSite\",\"@id\":\"https:\\\/\\\/www.hautes-alpes.net\\\/de\\\/#website\",\"url\":\"https:\\\/\\\/www.hautes-alpes.net\\\/de\\\/\",\"name\":\"ADDET\",\"description\":\"\",\"publisher\":{\"@id\":\"https:\\\/\\\/www.hautes-alpes.net\\\/de\\\/#organization\"},\"potentialAction\":[{\"@type\":\"SearchAction\",\"target\":{\"@type\":\"EntryPoint\",\"urlTemplate\":\"https:\\\/\\\/www.hautes-alpes.net\\\/de\\\/?s={search_term_string}\"},\"query-input\":{\"@type\":\"PropertyValueSpecification\",\"valueRequired\":true,\"valueName\":\"search_term_string\"}}],\"inLanguage\":\"de\"},{\"@type\":\"Organization\",\"@id\":\"https:\\\/\\\/www.hautes-alpes.net\\\/de\\\/#organization\",\"name\":\"Agence D\u00e9partementale de D\u00e9veloppement Economique et Touristique des Hautes-Alpes\",\"url\":\"https:\\\/\\\/www.hautes-alpes.net\\\/de\\\/\",\"logo\":{\"@type\":\"ImageObject\",\"inLanguage\":\"de\",\"@id\":\"https:\\\/\\\/www.hautes-alpes.net\\\/de\\\/#\\\/schema\\\/logo\\\/image\\\/\",\"url\":\"https:\\\/\\\/www.hautes-alpes.net\\\/wp-content\\\/uploads\\\/2026\\\/01\\\/black-logo-2.svg\",\"contentUrl\":\"https:\\\/\\\/www.hautes-alpes.net\\\/wp-content\\\/uploads\\\/2026\\\/01\\\/black-logo-2.svg\",\"caption\":\"Agence D\u00e9partementale de D\u00e9veloppement Economique et Touristique des Hautes-Alpes\"},\"image\":{\"@id\":\"https:\\\/\\\/www.hautes-alpes.net\\\/de\\\/#\\\/schema\\\/logo\\\/image\\\/\"}}]}<\/script>\n<!-- \/ Yoast SEO plugin. -->","yoast_head_json":{"title":"PPAM - Hautes-Alpes","description":"PPAM Ein strategischer Vorteil Duft-, Gew\u00fcrz- und Heilpflanzen (PPAM) nehmen in der landwirtschaftlichen und wirtschaftlichen Landschaft der Hautes-Alpes","robots":{"index":"index","follow":"follow","max-snippet":"max-snippet:-1","max-image-preview":"max-image-preview:large","max-video-preview":"max-video-preview:-1"},"canonical":"https:\/\/www.hautes-alpes.net\/de\/wirtschaftszweige\/ppam\/","og_locale":"de_DE","og_type":"article","og_title":"PPAM - Hautes-Alpes","og_description":"PPAM Ein strategischer Vorteil Duft-, Gew\u00fcrz- und Heilpflanzen (PPAM) nehmen in der landwirtschaftlichen und wirtschaftlichen Landschaft der Hautes-Alpes","og_url":"https:\/\/www.hautes-alpes.net\/de\/wirtschaftszweige\/ppam\/","og_site_name":"Hautes-Alpes","article_modified_time":"2026-07-29T12:06:31+00:00","og_image":[{"url":"https:\/\/www.hautes-alpes.net\/wp-content\/uploads\/2025\/11\/7b3a0778-1-2000x1000.jpg","type":"","width":"","height":""}],"twitter_card":"summary_large_image","twitter_misc":{"Gesch\u00e4tzte Lesezeit":"2 Minuten"},"schema":{"@context":"https:\/\/schema.org","@graph":[{"@type":"WebPage","@id":"https:\/\/www.hautes-alpes.net\/de\/wirtschaftszweige\/ppam\/","url":"https:\/\/www.hautes-alpes.net\/de\/wirtschaftszweige\/ppam\/","name":"PPAM - Hautes-Alpes","isPartOf":{"@id":"https:\/\/www.hautes-alpes.net\/de\/#website"},"primaryImageOfPage":{"@id":"https:\/\/www.hautes-alpes.net\/de\/wirtschaftszweige\/ppam\/#primaryimage"},"image":{"@id":"https:\/\/www.hautes-alpes.net\/de\/wirtschaftszweige\/ppam\/#primaryimage"},"thumbnailUrl":"https:\/\/www.hautes-alpes.net\/wp-content\/uploads\/2025\/11\/7b3a0778-1-2000x1000.jpg","datePublished":"2025-11-20T16:19:01+00:00","dateModified":"2026-07-29T12:06:31+00:00","description":"PPAM Ein strategischer Vorteil Duft-, Gew\u00fcrz- und Heilpflanzen (PPAM) nehmen in der landwirtschaftlichen und wirtschaftlichen Landschaft der Hautes-Alpes","breadcrumb":{"@id":"https:\/\/www.hautes-alpes.net\/de\/wirtschaftszweige\/ppam\/#breadcrumb"},"inLanguage":"de","potentialAction":[{"@type":"ReadAction","target":["https:\/\/www.hautes-alpes.net\/de\/wirtschaftszweige\/ppam\/"]}]},{"@type":"ImageObject","inLanguage":"de","@id":"https:\/\/www.hautes-alpes.net\/de\/wirtschaftszweige\/ppam\/#primaryimage","url":"https:\/\/www.hautes-alpes.net\/wp-content\/uploads\/2025\/11\/7b3a0778-1-2000x1000.jpg","contentUrl":"https:\/\/www.hautes-alpes.net\/wp-content\/uploads\/2025\/11\/7b3a0778-1-2000x1000.jpg"},{"@type":"BreadcrumbList","@id":"https:\/\/www.hautes-alpes.net\/de\/wirtschaftszweige\/ppam\/#breadcrumb","itemListElement":[{"@type":"ListItem","position":1,"name":"Accueil","item":"https:\/\/www.hautes-alpes.net\/de\/hautes-alpes\/"},{"@type":"ListItem","position":2,"name":"Wirtschaftszweige","item":"https:\/\/www.hautes-alpes.net\/de\/wirtschaftszweige\/"},{"@type":"ListItem","position":3,"name":"Wirtschaftszweige","item":"https:\/\/www.hautes-alpes.net\/de\/wirtschaftszweige\/"},{"@type":"ListItem","position":4,"name":"PPAM"}]},{"@type":"WebSite","@id":"https:\/\/www.hautes-alpes.net\/de\/#website","url":"https:\/\/www.hautes-alpes.net\/de\/","name":"ADDET","description":"","publisher":{"@id":"https:\/\/www.hautes-alpes.net\/de\/#organization"},"potentialAction":[{"@type":"SearchAction","target":{"@type":"EntryPoint","urlTemplate":"https:\/\/www.hautes-alpes.net\/de\/?s={search_term_string}"},"query-input":{"@type":"PropertyValueSpecification","valueRequired":true,"valueName":"search_term_string"}}],"inLanguage":"de"},{"@type":"Organization","@id":"https:\/\/www.hautes-alpes.net\/de\/#organization","name":"Agence D\u00e9partementale de D\u00e9veloppement Economique et Touristique des Hautes-Alpes","url":"https:\/\/www.hautes-alpes.net\/de\/","logo":{"@type":"ImageObject","inLanguage":"de","@id":"https:\/\/www.hautes-alpes.net\/de\/#\/schema\/logo\/image\/","url":"https:\/\/www.hautes-alpes.net\/wp-content\/uploads\/2026\/01\/black-logo-2.svg","contentUrl":"https:\/\/www.hautes-alpes.net\/wp-content\/uploads\/2026\/01\/black-logo-2.svg","caption":"Agence D\u00e9partementale de D\u00e9veloppement Economique et Touristique des Hautes-Alpes"},"image":{"@id":"https:\/\/www.hautes-alpes.net\/de\/#\/schema\/logo\/image\/"}}]}},"_links":{"self":[{"href":"https:\/\/www.hautes-alpes.net\/de\/wp-json\/wp\/v2\/pages\/108781","targetHints":{"allow":["GET"]}}],"collection":[{"href":"https:\/\/www.hautes-alpes.net\/de\/wp-json\/wp\/v2\/pages"}],"about":[{"href":"https:\/\/www.hautes-alpes.net\/de\/wp-json\/wp\/v2\/types\/page"}],"author":[{"embeddable":true,"href":"https:\/\/www.hautes-alpes.net\/de\/wp-json\/wp\/v2\/users\/6"}],"replies":[{"embeddable":true,"href":"https:\/\/www.hautes-alpes.net\/de\/wp-json\/wp\/v2\/comments?post=108781"}],"version-history":[{"count":10,"href":"https:\/\/www.hautes-alpes.net\/de\/wp-json\/wp\/v2\/pages\/108781\/revisions"}],"predecessor-version":[{"id":728375,"href":"https:\/\/www.hautes-alpes.net\/de\/wp-json\/wp\/v2\/pages\/108781\/revisions\/728375"}],"up":[{"embeddable":true,"href":"https:\/\/www.hautes-alpes.net\/de\/wp-json\/wp\/v2\/pages\/108805"}],"wp:attachment":[{"href":"https:\/\/www.hautes-alpes.net\/de\/wp-json\/wp\/v2\/media?parent=108781"}],"wp:term":[{"taxonomy":"page_label","embeddable":true,"href":"https:\/\/www.hautes-alpes.net\/de\/wp-json\/wp\/v2\/page_label?post=108781"}],"curies":[{"name":"wp","href":"https:\/\/api.w.org\/{rel}","templated":true}]}}