{"id":108743,"date":"2025-11-20T17:29:06","date_gmt":"2025-11-20T16:29:06","guid":{"rendered":"https:\/\/www.hautes-alpes.net\/gesundheit\/"},"modified":"2026-08-05T09:03:51","modified_gmt":"2026-08-05T07:03:51","slug":"gesundheit","status":"publish","type":"page","link":"https:\/\/www.hautes-alpes.net\/de\/wirtschaftszweige\/gesundheit\/","title":{"rendered":"Gesundheit"},"content":{"rendered":"\n<div class=\"wp-block-group alignfull hero-banner-cover-float has-global-padding is-layout-constrained wp-block-group-is-layout-constrained\"><div class=\"yoast-breadcrumbs\"><span><span><a href=\"https:\/\/www.hautes-alpes.net\/de\/hautes-alpes\/\">Accueil<\/a><\/span>  <span><a href=\"https:\/\/www.hautes-alpes.net\/de\/wirtschaftszweige\/\">Wirtschaftszweige<\/a><\/span>  <span><a href=\"https:\/\/www.hautes-alpes.net\/de\/wirtschaftszweige\/\">Wirtschaftszweige<\/a><\/span>  <span class=\"breadcrumb_last\" aria-current=\"page\">Gesundheit<\/span><\/span><\/div>\n\n\n<h1 class=\"wp-block-ws-library-post-title\"><span class=\"text-highlight\">Gesundheit<\/span><\/h1>\n\n\n\n<p class=\"subtitle wp-block-paragraph\">Ein attraktiver Sektor<\/p>\n\n\n\n<p class=\"wp-block-paragraph\">Die Hautes-Alpes weisen eine der h\u00f6chsten \u00c4rzte-Pro-Kopf-Quoten in Frankreich auf. Dies ist auf <strong>die Attraktivit\u00e4t der Region<\/strong> zur\u00fcckzuf\u00fchren, in der es sich gut leben l\u00e4sst, sowie auf den regen Tourismus in einem Departement, das j\u00e4hrlich mehr als 5 Millionen Besucher empf\u00e4ngt.  Das Departement hat eine <strong>proaktive Strategie<\/strong> eingeleitet, um junge Fachkr\u00e4fte aus dem Gesundheitswesen f\u00fcr sich zu gewinnen.<\/p>\n\n\n\n<div class=\"wp-block-ws-library-media-embed ws-media-embed\"><img decoding=\"async\" src=\"https:\/\/www.hautes-alpes.net\/wp-content\/uploads\/2025\/12\/christelle-fond-h-e1765870229447-1800x1000.png\" alt=\"\" class=\"ws-media-embed__image\" style=\"aspect-ratio:2000\/1000\"><\/div>\n<\/div>\n\n<div style=\"height:50px\" aria-hidden=\"true\" class=\"wp-block-spacer\"><\/div>\n\n<div class=\"wp-block-group alignfull step-by-step has-global-padding is-layout-constrained wp-block-group-is-layout-constrained\">\n<div class=\"wp-block-ws-library-ws-columns alignwide has-2-columns are-vertically-aligned-center layout-5050\">\n<div class=\"wp-block-ws-library-ws-column\"><div class=\"wrapper\">\n<h2 class=\"wp-block-heading is-style-title-1\"><strong>Eine<\/strong>der h\u00f6chsten <strong>\u00c4rztedichten <br\/><\/strong><\/h2>\n\n\n\n<p class=\"wp-block-paragraph\">Die Hautes-Alpes weisen eine \u00fcber dem nationalen Durchschnitt liegende Dichte an Allgemeinmedizinern auf. Nach Angaben des INSEE gibt es im Departement etwa <strong>291 Allgemeinmediziner pro 100.000 Einwohner<\/strong> (2023) \u2013 ein Wert, der es zu den am besten versorgten Gebieten Frankreichs z\u00e4hlt. Hinter dieser ermutigenden Zahl verbirgt sich jedoch <strong>eine Herausforderung: die r\u00e4umliche Verteilung<\/strong>. Bestimmte l\u00e4ndliche oder bergige Gebiete leiden nach wie vor unter einem eingeschr\u00e4nkten Zugang, insbesondere zu fach\u00e4rztlicher Versorgung, sowie unter einer ungleichm\u00e4\u00dfigen fl\u00e4chendeckenden Versorgung.   <\/p>\n<\/div><\/div>\n\n\n\n<div class=\"wp-block-ws-library-ws-column\"><div class=\"wrapper\">\n<div class=\"wp-block-ws-library-ws-image\"><div class=\"wrapper\"><div class=\"group-media\"><img decoding=\"async\" src=\"https:\/\/www.hautes-alpes.net\/wp-content\/uploads\/2025\/11\/magda-lac-mirroir-queyras-hd-jannovakphotography-1240x800.jpg\" alt=\"\" class=\"single_image ws-image-53316\"><div class=\"credits\">J. Novak<\/div><\/div><p class=\"caption\"><\/p><\/div><\/div>\n<\/div><\/div>\n<\/div>\n\n\n\n<div class=\"wp-block-ws-library-ws-columns alignwide has-2-columns are-vertically-aligned-center layout-5050\">\n<div class=\"wp-block-ws-library-ws-column\"><div class=\"wrapper\">\n<h2 class=\"wp-block-heading is-style-title-1\"><strong>Die Herausforderung der Spezialisierung<\/strong><br\/>und der Dauerhaftigkeit<\/h2>\n\n\n\n<p class=\"wp-block-paragraph\">Neben der Grundversorgung muss das Departement auch <strong>Fach\u00e4rzte <\/strong>(Zahn\u00e4rzte, Kardiologen, Neurologen, Radiologen usw.) anziehen. Die Strategie <strong>&#8220;Attraktivit\u00e4t des Gesundheitswesens&#8220;<\/strong> zielt genau darauf ab, das station\u00e4re und ambulante Angebot in diesen Bereichen zu st\u00e4rken, indem die Niederlassung von Praxen unterst\u00fctzt wird, territoriale Kooperationen (l\u00e4ndliches Krankenhaus \/ Zentralkrankenhaus) gef\u00f6rdert werden und die Fachkr\u00e4fte bei ihrer Niederlassung unterst\u00fctzt werden (Wohnraum, finanzielle Unterst\u00fctzung, digitale M\u00f6glichkeiten). <\/p>\n<\/div><\/div>\n\n\n\n<div class=\"wp-block-ws-library-ws-column\"><div class=\"wrapper\">\n<div class=\"wp-block-ws-library-ws-image\"><div class=\"wrapper\"><div class=\"group-media\"><img decoding=\"async\" src=\"https:\/\/www.hautes-alpes.net\/wp-content\/uploads\/2025\/11\/serre-poncon-1240x800.jpg\" alt=\"\" class=\"single_image ws-image-53646\"><div class=\"credits\">OT Serre-Pon\u00e7on<\/div><\/div><p class=\"caption\">Markt in Embrun<\/p><\/div><\/div>\n<\/div><\/div>\n<\/div>\n\n\n\n<div class=\"wp-block-ws-library-ws-columns alignwide has-2-columns are-vertically-aligned-center layout-5050\">\n<div class=\"wp-block-ws-library-ws-column\"><div class=\"wrapper\">\n<h2 class=\"wp-block-heading is-style-title-1\"><strong>Ein koordiniertes Vorgehen<br\/><\/strong>: \u201eMeine Zukunft schon heute\u201c<\/h2>\n\n\n\n<p class=\"wp-block-paragraph\">Mit <strong><a href=\"https:\/\/monavenir.hautes-alpes.net\/\" target=\"_blank\" rel=\"noreferrer noopener\">\u201eMeine Zukunft jetzt\u201c<\/a><\/strong>setzen die Hautes-Alpes auf eine einfache Strategie: die nachhaltige Ansiedlung neuer Arbeitskr\u00e4fte in der Region zu erleichtern. Das Programm bietet konkrete Unterst\u00fctzung f\u00fcr Personen, die sich daf\u00fcr entscheiden, sich im Departement niederzulassen \u2013 seien es junge Absolventen, Familien, die sich beruflich neu orientieren, oder bereits erfahrene Fachkr\u00e4fte. <\/p>\n\n\n\n<p class=\"wp-block-paragraph\">Zwar sind alle Branchen betroffen (Bauwesen, Bildungswesen, Hoch- und Tiefbau, Dienstleistungen \u2026), doch gilt den Berufen im Gesundheitswesen besondere Aufmerksamkeit. Die Herausforderung ist klar: <strong>dem wachsenden Bedarf an \u00c4rzten, Zahn\u00e4rzten und Fach\u00e4rzten in den Hautes-Alpes gerecht zu werden<\/strong>. Zu diesem Zweck b\u00fcndelt eine in Zusammenarbeit mit der ARS eingerichtete zentrale Anlaufstelle f\u00fcr das Gesundheitswesen Informationen und Dienstleistungen: Verwaltungsangelegenheiten, Mobilit\u00e4t, Praktikumsangebote, Weiterbildungsm\u00f6glichkeiten sowie logistische Unterst\u00fctzung. Ziel ist es, <strong>einen reibungslosen und attraktiven Weg zu schaffen, der es erm\u00f6glicht, Fachkr\u00e4fte im Gesundheitswesen langfristig an die Region zu binden.<\/strong>   <\/p>\n<\/div><\/div>\n\n\n\n<div class=\"wp-block-ws-library-ws-column\"><div class=\"wrapper\">\n<div class=\"wp-block-ws-library-ws-image\"><div class=\"wrapper\"><div class=\"group-media\"><img decoding=\"async\" src=\"https:\/\/www.hautes-alpes.net\/wp-content\/uploads\/2025\/11\/hzutes-vallee-de-la-claree-alpesphotographiescom-2-1240x800.jpg\" alt=\"\" class=\"single_image ws-image-47648\"><div class=\"credits\">Alpen Fotografien<\/div><\/div><p class=\"caption\"><\/p><\/div><\/div>\n<\/div><\/div>\n<\/div>\n<\/div>\n\n<div style=\"height:100px\" aria-hidden=\"true\" class=\"wp-block-spacer\"><\/div>\n\n<div class=\"wp-block-group block-stats is-layout-flow wp-block-group-is-layout-flow\">\n<h2 class=\"wp-block-heading is-style-title-2\">Der Studiengang Gesundheit<br\/><strong>in Zahlen<\/strong><\/h2>\n\n\n\n<p class=\"wp-block-paragraph\"><\/p>\n\n\n\n<div class=\"wp-block-ws-library-percentage-items alignwide ws-percentage-items\"><div class=\"list-items ws-percentage-items__list\">\n<div class=\"wp-block-ws-library-percentage-item ws-percentage-item\" data-percentage=\"1\"><div class=\"group-circle\"><svg class=\"circle\" viewbox=\"0 0 120 120\"><defs><lineargradient id=\"gradient-item-b4b79d14-4a85-4624-9507-e7168f7e60e2\" x1=\"0%\" y1=\"0%\" x2=\"100%\" y2=\"100%\"><stop offset=\"0%\" stop-color=\"#3b82f6\"><\/stop><stop offset=\"100%\" stop-color=\"#2563eb\"><\/stop><\/lineargradient><\/defs><circle class=\"circle-bg\" cx=\"60\" cy=\"60\" r=\"54\"><\/circle><circle class=\"circle-progress\" cx=\"60\" cy=\"60\" r=\"54\" style=\"stroke-dasharray:3.3929199999999997 339.292\"><\/circle><\/svg><div class=\"circle-text\"><span class=\"value\">1<\/span><span class=\"symbol\">%<\/span><\/div><\/div><div class=\"group-content\"><div class=\"field-text\">Anteil am Jahresumsatz<\/div><\/div><\/div>\n\n\n\n<div class=\"wp-block-ws-library-percentage-item ws-percentage-item\" data-percentage=\"1\"><div class=\"group-circle\"><svg class=\"circle\" viewbox=\"0 0 120 120\"><defs><lineargradient id=\"gradient-item-c693677a-da9f-466b-a59b-377465b46ce4\" x1=\"0%\" y1=\"0%\" x2=\"100%\" y2=\"100%\"><stop offset=\"0%\" stop-color=\"#3b82f6\"><\/stop><stop offset=\"100%\" stop-color=\"#2563eb\"><\/stop><\/lineargradient><\/defs><circle class=\"circle-bg\" cx=\"60\" cy=\"60\" r=\"54\"><\/circle><circle class=\"circle-progress\" cx=\"60\" cy=\"60\" r=\"54\" style=\"stroke-dasharray:3.3929199999999997 339.292\"><\/circle><\/svg><div class=\"circle-text\"><span class=\"value\">1<\/span><span class=\"symbol\">%<\/span><\/div><\/div><div class=\"group-content\"><div class=\"field-text\">Anteil am BIP<\/div><\/div><\/div>\n<\/div><\/div>\n\n\n\n<p class=\"field-source wp-block-paragraph\"><\/p>\n<\/div>\n\n<div class=\"wp-block-group block-chiffres has-global-padding is-layout-constrained wp-block-group-is-layout-constrained\">\n<figure class=\"wp-block-table is-style-stats\"><table class=\"has-fixed-layout\"><tbody><tr><td><strong>JAHRESUMSATZ<\/strong><\/td><td>83 124 K\u20ac<\/td><\/tr><tr><td>ENTWICKLUNG IN 10 JAHREN<\/td><td>+ 7,39 %<\/td><\/tr><tr><td><strong>BIP<\/strong><\/td><td>49 809 K\u20ac<\/td><\/tr><tr><td>VER\u00c4NDERUNG DES BIP<\/td><td>+ 1 %<\/td><\/tr><tr><td><\/td><td><\/td><\/tr><\/tbody><\/table><\/figure>\n\n\n\n<p class=\"field-source wp-block-paragraph\">BIP = Bruttoinlandsprodukt \/ Quelle: INSEE<\/p>\n<\/div>\n\n<hr class=\"wp-block-separator has-alpha-channel-opacity is-style-default\"\/>\n\n<h2 class=\"wp-block-heading is-style-title-1\"><strong>Siehe auch<\/strong><\/h2>\n\n<div class=\"wp-block-group alignwide list-nodetails is-content-justification-center is-layout-flex wp-container-core-group-is-layout-c9a5442e wp-block-group-is-layout-flex\">\n<div class=\"wp-block-group has-global-padding is-content-justification-left is-layout-constrained wp-container-core-group-is-layout-9d52a9e7 wp-block-group-is-layout-constrained\">\n<div class=\"wp-block-ws-library-ws-image is-style-simple\"><div class=\"wrapper\"><div class=\"group-media\"><img decoding=\"async\" src=\"https:\/\/www.hautes-alpes.net\/wp-content\/uploads\/2025\/12\/cite-vauban-drone-serre-chevalier-briancon-7-1240x800.jpg\" alt=\"\" class=\"single_image ws-image-133118\"><div class=\"credits\">OT Serre Chevalier<\/div><\/div><p class=\"caption\"><\/p><\/div><\/div>\n\n\n\n<h3 class=\"wp-block-heading is-style-title-2\"><em>CSR HAUTES-ALPESSoziale Verantwortung<\/em>von Unternehmen<\/h3>\n\n\n\n<div class=\"wp-block-buttons is-layout-flex wp-block-buttons-is-layout-flex\">\n<div class=\"wp-block-button\"><a class=\"wp-block-button__link wp-element-button\" href=\"https:\/\/www.hautes-alpes.net\/de\/wirtschaftszweige\/alm-gauler-2\/\" target=\"_blank\" rel=\"noreferrer noopener\">Siehe<\/a><\/div>\n<\/div>\n<\/div>\n\n\n\n<div class=\"wp-block-group has-global-padding is-content-justification-left is-layout-constrained wp-container-core-group-is-layout-9d52a9e7 wp-block-group-is-layout-constrained\">\n<div class=\"wp-block-ws-library-ws-image is-style-simple\"><div class=\"wrapper\"><div class=\"group-media\"><img decoding=\"async\" src=\"https:\/\/www.hautes-alpes.net\/wp-content\/uploads\/2025\/12\/mon-avenir-a-present-1200x627-1-e1766585505451.jpg\" alt=\"\" class=\"single_image ws-image-133697\"><div class=\"credits\">Der Naturograph<\/div><\/div><p class=\"caption\"><\/p><\/div><\/div>\n\n\n\n<h3 class=\"wp-block-heading is-style-title-2\">GESUNDHEITEin einziger <em>Schalter<\/em>f\u00fcr die Niederlassung  <\/h3>\n\n\n\n<div class=\"wp-block-buttons is-layout-flex wp-block-buttons-is-layout-flex\">\n<div class=\"wp-block-button\"><a class=\"wp-block-button__link wp-element-button\" href=\"https:\/\/monavenir.hautes-alpes.net\/\" target=\"_blank\" rel=\"noreferrer noopener\">Siehe<\/a><\/div>\n<\/div>\n<\/div>\n<\/div>\n\n<div style=\"height:50px\" aria-hidden=\"true\" class=\"wp-block-spacer\"><\/div>\n\n<div class=\"wp-block-group has-global-padding is-layout-constrained wp-block-group-is-layout-constrained\">\n<p class=\"wp-block-paragraph\">Brauchen Sie Begleitung?<\/p>\n\n\n\n<h2 class=\"wp-block-heading\">Der Wirtschaftsdienst<br\/><strong>begleitet Ihre Projekte<\/strong><\/h2>\n\n\n\n<h4 class=\"wp-block-heading\">Fabien Harel<\/h4>\n\n\n\n<p class=\"wp-block-paragraph\">Leiterin des Studiengangs Wirtschaft<\/p>\n\n\n\n<div class=\"wp-block-group has-global-padding is-layout-constrained wp-block-group-is-layout-constrained\">\n<p class=\"wp-block-paragraph\"><a href=\"mailto:fabien.harel@hautes-alpes.net\">fabien.harel@hautes-alpes.net<\/a><\/p>\n\n\n\n<p class=\"wp-block-paragraph\"><\/p>\n<\/div>\n<\/div>\n\n<div class=\"wp-block-ws-library-ws-share\"><span class=\"share-subtitle\">Hat Ihnen diese Seite gefallen?<\/span><span class=\"share-title\">Teilen Sie es mit anderen!<\/span><button class=\"ws-share-button wp-element-button\">Diese Seite teilen<\/button><\/div>\n","protected":false},"excerpt":{"rendered":"<p>Ein attraktiver Sektor Die Hautes-Alpes weisen eine der h\u00f6chsten \u00c4rzte-Pro-Kopf-Quoten in Frankreich auf. Dies ist auf die Attraktivit\u00e4t der Region [&hellip;]<\/p>\n","protected":false},"author":6,"featured_media":0,"parent":108805,"menu_order":0,"comment_status":"closed","ping_status":"closed","template":"","meta":{"is_dark_mode":false,"footnotes":""},"page_label":[],"class_list":["post-108743","page","type-page","status-publish","hentry"],"yoast_head":"<!-- This site is optimized with the Yoast SEO plugin v28.3 - https:\/\/yoast.com\/product\/yoast-seo-wordpress\/ -->\n<title>Gesundheit - Hautes-Alpes<\/title>\n<meta name=\"description\" content=\"Gesundheit Ein attraktiver Sektor Die Hautes-Alpes weisen eine der h\u00f6chsten \u00c4rzte-Pro-Kopf-Quoten in Frankreich auf. Dies ist auf die Attraktivit\u00e4t der\" \/>\n<meta name=\"robots\" content=\"index, follow, max-snippet:-1, max-image-preview:large, max-video-preview:-1\" \/>\n<link rel=\"canonical\" href=\"https:\/\/www.hautes-alpes.net\/de\/wirtschaftszweige\/gesundheit\/\" \/>\n<meta property=\"og:locale\" content=\"de_DE\" \/>\n<meta property=\"og:type\" content=\"article\" \/>\n<meta property=\"og:title\" content=\"Gesundheit - Hautes-Alpes\" \/>\n<meta property=\"og:description\" content=\"Gesundheit Ein attraktiver Sektor Die Hautes-Alpes weisen eine der h\u00f6chsten \u00c4rzte-Pro-Kopf-Quoten in Frankreich auf. Dies ist auf die Attraktivit\u00e4t der\" \/>\n<meta property=\"og:url\" content=\"https:\/\/www.hautes-alpes.net\/de\/wirtschaftszweige\/gesundheit\/\" \/>\n<meta property=\"og:site_name\" content=\"Hautes-Alpes\" \/>\n<meta property=\"article:modified_time\" content=\"2026-08-05T07:03:51+00:00\" \/>\n<meta property=\"og:image\" content=\"https:\/\/www.hautes-alpes.net\/wp-content\/uploads\/2025\/12\/christelle-fond-h-e1765870229447-1800x1000.png\" \/>\n<meta name=\"twitter:card\" content=\"summary_large_image\" \/>\n<meta name=\"twitter:label1\" content=\"Gesch\u00e4tzte Lesezeit\" \/>\n\t<meta name=\"twitter:data1\" content=\"2 Minuten\" \/>\n<script type=\"application\/ld+json\" class=\"yoast-schema-graph\">{\"@context\":\"https:\\\/\\\/schema.org\",\"@graph\":[{\"@type\":\"WebPage\",\"@id\":\"https:\\\/\\\/www.hautes-alpes.net\\\/de\\\/wirtschaftszweige\\\/gesundheit\\\/\",\"url\":\"https:\\\/\\\/www.hautes-alpes.net\\\/de\\\/wirtschaftszweige\\\/gesundheit\\\/\",\"name\":\"Gesundheit - Hautes-Alpes\",\"isPartOf\":{\"@id\":\"https:\\\/\\\/www.hautes-alpes.net\\\/de\\\/#website\"},\"primaryImageOfPage\":{\"@id\":\"https:\\\/\\\/www.hautes-alpes.net\\\/de\\\/wirtschaftszweige\\\/gesundheit\\\/#primaryimage\"},\"image\":{\"@id\":\"https:\\\/\\\/www.hautes-alpes.net\\\/de\\\/wirtschaftszweige\\\/gesundheit\\\/#primaryimage\"},\"thumbnailUrl\":\"https:\\\/\\\/www.hautes-alpes.net\\\/wp-content\\\/uploads\\\/2025\\\/12\\\/christelle-fond-h-e1765870229447-1800x1000.png\",\"datePublished\":\"2025-11-20T16:29:06+00:00\",\"dateModified\":\"2026-08-05T07:03:51+00:00\",\"description\":\"Gesundheit Ein attraktiver Sektor Die Hautes-Alpes weisen eine der h\u00f6chsten \u00c4rzte-Pro-Kopf-Quoten in Frankreich auf. Dies ist auf die Attraktivit\u00e4t der\",\"breadcrumb\":{\"@id\":\"https:\\\/\\\/www.hautes-alpes.net\\\/de\\\/wirtschaftszweige\\\/gesundheit\\\/#breadcrumb\"},\"inLanguage\":\"de\",\"potentialAction\":[{\"@type\":\"ReadAction\",\"target\":[\"https:\\\/\\\/www.hautes-alpes.net\\\/de\\\/wirtschaftszweige\\\/gesundheit\\\/\"]}]},{\"@type\":\"ImageObject\",\"inLanguage\":\"de\",\"@id\":\"https:\\\/\\\/www.hautes-alpes.net\\\/de\\\/wirtschaftszweige\\\/gesundheit\\\/#primaryimage\",\"url\":\"https:\\\/\\\/www.hautes-alpes.net\\\/wp-content\\\/uploads\\\/2025\\\/12\\\/christelle-fond-h-e1765870229447-1800x1000.png\",\"contentUrl\":\"https:\\\/\\\/www.hautes-alpes.net\\\/wp-content\\\/uploads\\\/2025\\\/12\\\/christelle-fond-h-e1765870229447-1800x1000.png\"},{\"@type\":\"BreadcrumbList\",\"@id\":\"https:\\\/\\\/www.hautes-alpes.net\\\/de\\\/wirtschaftszweige\\\/gesundheit\\\/#breadcrumb\",\"itemListElement\":[{\"@type\":\"ListItem\",\"position\":1,\"name\":\"Accueil\",\"item\":\"https:\\\/\\\/www.hautes-alpes.net\\\/de\\\/hautes-alpes\\\/\"},{\"@type\":\"ListItem\",\"position\":2,\"name\":\"Wirtschaftszweige\",\"item\":\"https:\\\/\\\/www.hautes-alpes.net\\\/de\\\/wirtschaftszweige\\\/\"},{\"@type\":\"ListItem\",\"position\":3,\"name\":\"Wirtschaftszweige\",\"item\":\"https:\\\/\\\/www.hautes-alpes.net\\\/de\\\/wirtschaftszweige\\\/\"},{\"@type\":\"ListItem\",\"position\":4,\"name\":\"Gesundheit\"}]},{\"@type\":\"WebSite\",\"@id\":\"https:\\\/\\\/www.hautes-alpes.net\\\/de\\\/#website\",\"url\":\"https:\\\/\\\/www.hautes-alpes.net\\\/de\\\/\",\"name\":\"ADDET\",\"description\":\"\",\"publisher\":{\"@id\":\"https:\\\/\\\/www.hautes-alpes.net\\\/de\\\/#organization\"},\"potentialAction\":[{\"@type\":\"SearchAction\",\"target\":{\"@type\":\"EntryPoint\",\"urlTemplate\":\"https:\\\/\\\/www.hautes-alpes.net\\\/de\\\/?s={search_term_string}\"},\"query-input\":{\"@type\":\"PropertyValueSpecification\",\"valueRequired\":true,\"valueName\":\"search_term_string\"}}],\"inLanguage\":\"de\"},{\"@type\":\"Organization\",\"@id\":\"https:\\\/\\\/www.hautes-alpes.net\\\/de\\\/#organization\",\"name\":\"Agence D\u00e9partementale de D\u00e9veloppement Economique et Touristique des Hautes-Alpes\",\"url\":\"https:\\\/\\\/www.hautes-alpes.net\\\/de\\\/\",\"logo\":{\"@type\":\"ImageObject\",\"inLanguage\":\"de\",\"@id\":\"https:\\\/\\\/www.hautes-alpes.net\\\/de\\\/#\\\/schema\\\/logo\\\/image\\\/\",\"url\":\"https:\\\/\\\/www.hautes-alpes.net\\\/wp-content\\\/uploads\\\/2026\\\/01\\\/black-logo-2.svg\",\"contentUrl\":\"https:\\\/\\\/www.hautes-alpes.net\\\/wp-content\\\/uploads\\\/2026\\\/01\\\/black-logo-2.svg\",\"caption\":\"Agence D\u00e9partementale de D\u00e9veloppement Economique et Touristique des Hautes-Alpes\"},\"image\":{\"@id\":\"https:\\\/\\\/www.hautes-alpes.net\\\/de\\\/#\\\/schema\\\/logo\\\/image\\\/\"}}]}<\/script>\n<!-- \/ Yoast SEO plugin. -->","yoast_head_json":{"title":"Gesundheit - Hautes-Alpes","description":"Gesundheit Ein attraktiver Sektor Die Hautes-Alpes weisen eine der h\u00f6chsten \u00c4rzte-Pro-Kopf-Quoten in Frankreich auf. Dies ist auf die Attraktivit\u00e4t der","robots":{"index":"index","follow":"follow","max-snippet":"max-snippet:-1","max-image-preview":"max-image-preview:large","max-video-preview":"max-video-preview:-1"},"canonical":"https:\/\/www.hautes-alpes.net\/de\/wirtschaftszweige\/gesundheit\/","og_locale":"de_DE","og_type":"article","og_title":"Gesundheit - Hautes-Alpes","og_description":"Gesundheit Ein attraktiver Sektor Die Hautes-Alpes weisen eine der h\u00f6chsten \u00c4rzte-Pro-Kopf-Quoten in Frankreich auf. Dies ist auf die Attraktivit\u00e4t der","og_url":"https:\/\/www.hautes-alpes.net\/de\/wirtschaftszweige\/gesundheit\/","og_site_name":"Hautes-Alpes","article_modified_time":"2026-08-05T07:03:51+00:00","og_image":[{"url":"https:\/\/www.hautes-alpes.net\/wp-content\/uploads\/2025\/12\/christelle-fond-h-e1765870229447-1800x1000.png","type":"","width":"","height":""}],"twitter_card":"summary_large_image","twitter_misc":{"Gesch\u00e4tzte Lesezeit":"2 Minuten"},"schema":{"@context":"https:\/\/schema.org","@graph":[{"@type":"WebPage","@id":"https:\/\/www.hautes-alpes.net\/de\/wirtschaftszweige\/gesundheit\/","url":"https:\/\/www.hautes-alpes.net\/de\/wirtschaftszweige\/gesundheit\/","name":"Gesundheit - Hautes-Alpes","isPartOf":{"@id":"https:\/\/www.hautes-alpes.net\/de\/#website"},"primaryImageOfPage":{"@id":"https:\/\/www.hautes-alpes.net\/de\/wirtschaftszweige\/gesundheit\/#primaryimage"},"image":{"@id":"https:\/\/www.hautes-alpes.net\/de\/wirtschaftszweige\/gesundheit\/#primaryimage"},"thumbnailUrl":"https:\/\/www.hautes-alpes.net\/wp-content\/uploads\/2025\/12\/christelle-fond-h-e1765870229447-1800x1000.png","datePublished":"2025-11-20T16:29:06+00:00","dateModified":"2026-08-05T07:03:51+00:00","description":"Gesundheit Ein attraktiver Sektor Die Hautes-Alpes weisen eine der h\u00f6chsten \u00c4rzte-Pro-Kopf-Quoten in Frankreich auf. Dies ist auf die Attraktivit\u00e4t der","breadcrumb":{"@id":"https:\/\/www.hautes-alpes.net\/de\/wirtschaftszweige\/gesundheit\/#breadcrumb"},"inLanguage":"de","potentialAction":[{"@type":"ReadAction","target":["https:\/\/www.hautes-alpes.net\/de\/wirtschaftszweige\/gesundheit\/"]}]},{"@type":"ImageObject","inLanguage":"de","@id":"https:\/\/www.hautes-alpes.net\/de\/wirtschaftszweige\/gesundheit\/#primaryimage","url":"https:\/\/www.hautes-alpes.net\/wp-content\/uploads\/2025\/12\/christelle-fond-h-e1765870229447-1800x1000.png","contentUrl":"https:\/\/www.hautes-alpes.net\/wp-content\/uploads\/2025\/12\/christelle-fond-h-e1765870229447-1800x1000.png"},{"@type":"BreadcrumbList","@id":"https:\/\/www.hautes-alpes.net\/de\/wirtschaftszweige\/gesundheit\/#breadcrumb","itemListElement":[{"@type":"ListItem","position":1,"name":"Accueil","item":"https:\/\/www.hautes-alpes.net\/de\/hautes-alpes\/"},{"@type":"ListItem","position":2,"name":"Wirtschaftszweige","item":"https:\/\/www.hautes-alpes.net\/de\/wirtschaftszweige\/"},{"@type":"ListItem","position":3,"name":"Wirtschaftszweige","item":"https:\/\/www.hautes-alpes.net\/de\/wirtschaftszweige\/"},{"@type":"ListItem","position":4,"name":"Gesundheit"}]},{"@type":"WebSite","@id":"https:\/\/www.hautes-alpes.net\/de\/#website","url":"https:\/\/www.hautes-alpes.net\/de\/","name":"ADDET","description":"","publisher":{"@id":"https:\/\/www.hautes-alpes.net\/de\/#organization"},"potentialAction":[{"@type":"SearchAction","target":{"@type":"EntryPoint","urlTemplate":"https:\/\/www.hautes-alpes.net\/de\/?s={search_term_string}"},"query-input":{"@type":"PropertyValueSpecification","valueRequired":true,"valueName":"search_term_string"}}],"inLanguage":"de"},{"@type":"Organization","@id":"https:\/\/www.hautes-alpes.net\/de\/#organization","name":"Agence D\u00e9partementale de D\u00e9veloppement Economique et Touristique des Hautes-Alpes","url":"https:\/\/www.hautes-alpes.net\/de\/","logo":{"@type":"ImageObject","inLanguage":"de","@id":"https:\/\/www.hautes-alpes.net\/de\/#\/schema\/logo\/image\/","url":"https:\/\/www.hautes-alpes.net\/wp-content\/uploads\/2026\/01\/black-logo-2.svg","contentUrl":"https:\/\/www.hautes-alpes.net\/wp-content\/uploads\/2026\/01\/black-logo-2.svg","caption":"Agence D\u00e9partementale de D\u00e9veloppement Economique et Touristique des Hautes-Alpes"},"image":{"@id":"https:\/\/www.hautes-alpes.net\/de\/#\/schema\/logo\/image\/"}}]}},"_links":{"self":[{"href":"https:\/\/www.hautes-alpes.net\/de\/wp-json\/wp\/v2\/pages\/108743","targetHints":{"allow":["GET"]}}],"collection":[{"href":"https:\/\/www.hautes-alpes.net\/de\/wp-json\/wp\/v2\/pages"}],"about":[{"href":"https:\/\/www.hautes-alpes.net\/de\/wp-json\/wp\/v2\/types\/page"}],"author":[{"embeddable":true,"href":"https:\/\/www.hautes-alpes.net\/de\/wp-json\/wp\/v2\/users\/6"}],"replies":[{"embeddable":true,"href":"https:\/\/www.hautes-alpes.net\/de\/wp-json\/wp\/v2\/comments?post=108743"}],"version-history":[{"count":10,"href":"https:\/\/www.hautes-alpes.net\/de\/wp-json\/wp\/v2\/pages\/108743\/revisions"}],"predecessor-version":[{"id":749975,"href":"https:\/\/www.hautes-alpes.net\/de\/wp-json\/wp\/v2\/pages\/108743\/revisions\/749975"}],"up":[{"embeddable":true,"href":"https:\/\/www.hautes-alpes.net\/de\/wp-json\/wp\/v2\/pages\/108805"}],"wp:attachment":[{"href":"https:\/\/www.hautes-alpes.net\/de\/wp-json\/wp\/v2\/media?parent=108743"}],"wp:term":[{"taxonomy":"page_label","embeddable":true,"href":"https:\/\/www.hautes-alpes.net\/de\/wp-json\/wp\/v2\/page_label?post=108743"}],"curies":[{"name":"wp","href":"https:\/\/api.w.org\/{rel}","templated":true}]}}