{"id":108713,"date":"2025-11-20T17:37:33","date_gmt":"2025-11-20T16:37:33","guid":{"rendered":"https:\/\/www.hautes-alpes.net\/tourismus\/"},"modified":"2025-12-24T11:05:26","modified_gmt":"2025-12-24T10:05:26","slug":"tourismus","status":"publish","type":"page","link":"https:\/\/www.hautes-alpes.net\/de\/wirtschaftszweige\/tourismus\/","title":{"rendered":"Tourismus"},"content":{"rendered":"\n<div class=\"wp-block-group alignfull hero-banner-cover-float has-global-padding is-layout-constrained wp-block-group-is-layout-constrained\"><div class=\"yoast-breadcrumbs\"><span><span><a href=\"https:\/\/www.hautes-alpes.net\/de\/hautes-alpes\/\">Accueil<\/a><\/span>  <span><a href=\"https:\/\/www.hautes-alpes.net\/de\/wirtschaftszweige\/\">Wirtschaftszweige<\/a><\/span>  <span><a href=\"https:\/\/www.hautes-alpes.net\/de\/wirtschaftszweige\/\">Wirtschaftszweige<\/a><\/span>  <span class=\"breadcrumb_last\" aria-current=\"page\">Tourismus<\/span><\/span><\/div>\n\n\n<h1 class=\"wp-block-ws-library-post-title\"><span class=\"text-highlight\">Tourismus<\/span><\/h1>\n\n\n\n<p class=\"subtitle\">Die Lokomotive der Wirtschaft<\/p>\n\n\n\n<p>Der Tourismus ist der Motor der Wirtschaft in den Hautes-Alpes. Dieser Sektor, der fast ein Drittel des Wohlstands und der Besch\u00e4ftigung des Departements erzeugt, ist in <strong>den letzten 10 Jahren kontinuierlich gewachsen<\/strong>. Er hat auch eine sehr starke Anziehungskraft auf die anderen S\u00e4ulen der lokalen Wirtschaft, wie <a href=\"https:\/\/www.hautes-alpes.net\/de\/wirtschaftszweige\/landwirtschaft\/\">Landwirtschaft<\/a>, <a href=\"https:\/\/www.hautes-alpes.net\/de\/wirtschaftszweige\/lebensmittelindustrie\/\">Nahrungsmittelindustrie<\/a>, <a href=\"https:\/\/www.hautes-alpes.net\/de\/wirtschaftszweige\/bau\/\">Baugewerbe und \u00f6ffentliche Arbeiten<\/a>. <\/p>\n\n\n\n<div class=\"wp-block-ws-library-media-embed ws-media-embed\"><img decoding=\"async\" src=\"https:\/\/www.hautes-alpes.net\/wp-content\/uploads\/2025\/11\/alpage-du-clot-des-amandiers-depuis-ratie-re1-1-2000x1000.jpg\" alt=\"\" class=\"ws-media-embed__image\" style=\"aspect-ratio:2000\/1000\"><\/div>\n<\/div>\n\n<div style=\"height:50px\" aria-hidden=\"true\" class=\"wp-block-spacer\"><\/div>\n\n<div class=\"wp-block-group alignfull step-by-step has-global-padding is-layout-constrained wp-block-group-is-layout-constrained\">\n<div class=\"wp-block-ws-library-ws-columns alignwide has-2-columns are-vertically-aligned-center layout-5050\">\n<div class=\"wp-block-ws-library-ws-column\"><div class=\"wrapper\">\n<h2 class=\"wp-block-heading is-style-title-1\"><strong>Der 4-Jahreszeiten-Tourismus <br\/><\/strong>wurde hier geboren.<\/h2>\n\n\n\n<p>Die Touristen in den Hautes-Alpes sind zahlreicher (5 Millionen Touristen pro Jahr), internationaler (70 % Franzosen, davon ein Drittel aus der Region und 30 % Ausl\u00e4nder, haupts\u00e4chlich aus Belgien, den Niederlanden, England und Italien) und j\u00fcnger (47 % unter 35 Jahren), und das in allen vier Jahreszeiten und im gesamten Gebiet. Die G\u00e4ste \u00fcben sowohl im Sommer (60 % <a href=\"https:\/\/www.hautes-alpes.net\/de\/erfahrungen-hautes-alpes\/spaziergaenge-und-wanderungen\/\">Wandern <\/a>, 55,6 % <a href=\"https:\/\/www.hautes-alpes.net\/de\/erfahrungen-hautes-alpes\/nautik\/\">Baden<\/a>, 28,6 % <a href=\"https:\/\/www.hautes-alpes.net\/de\/erfahrungen-hautes-alpes\/strassenrad\/\">Radfahren<\/a>, 12,5 %<a href=\"https:\/\/www.hautes-alpes.net\/de\/erfahrungen-hautes-alpes\/bergsteigen\/\">Bergsteigen<\/a> und<a href=\"https:\/\/www.hautes-alpes.net\/de\/erfahrungen-hautes-alpes\/klettern\/\">Klettern<\/a>, 10,4 %<a href=\"https:\/\/www.hautes-alpes.net\/de\/erfahrungen-hautes-alpes\/lebendiges-wasser\/\">Wildwasser<\/a>, 2,8 % <a href=\"https:\/\/www.hautes-alpes.net\/de\/erfahrungen-hautes-alpes\/freizeitaktivitaeten-in-der-luft\/\">Drachenfliegen<\/a>) als auch im Winter (84,5 % <a href=\"https:\/\/www.hautes-alpes.net\/de\/erfahrungen-hautes-alpes\/ski\/\">Alpinski<\/a>, 22 % <a href=\"https:\/\/www.hautes-alpes.net\/de\/erfahrungen-hautes-alpes\/nordische-aktivitaeten\/\">Nordische Aktivit\u00e4ten) in gro\u00dfem Umfang Aktivit\u00e4ten<\/a> in der <a href=\"https:\/\/www.hautes-alpes.net\/de\/erfahrungen-hautes-alpes\/\">freien Natur aus<\/a>. <\/p>\n<\/div><\/div>\n\n\n\n<div class=\"wp-block-ws-library-ws-column\"><div class=\"wrapper\">\n<div class=\"wp-block-ws-library-ws-image\"><div class=\"wrapper\"><div class=\"group-media\"><img decoding=\"async\" src=\"https:\/\/www.hautes-alpes.net\/wp-content\/uploads\/2025\/11\/shooting-photos-reallon-2022-23-fabien-thibault-5-2-1240x800.jpg\" alt=\"\" class=\"single_image ws-image-53682\"><div class=\"credits\">F. Thibault<\/div><\/div><p class=\"caption\"><\/p><\/div><\/div>\n<\/div><\/div>\n<\/div>\n\n\n\n<div class=\"wp-block-ws-library-ws-columns alignwide has-2-columns are-vertically-aligned-center layout-5050\">\n<div class=\"wp-block-ws-library-ws-column\"><div class=\"wrapper\">\n<h2 class=\"wp-block-heading is-style-title-1\"><strong>Eine kollektive Dynamik<\/strong><br\/>Schl\u00fcsselfaktor f\u00fcr den Erfolg<\/h2>\n\n\n\n<p>Dank einer beispiellosen kollektiven Dynamik sind die lokalen Akteure erfolgreich, indem sie investieren (um die bestehenden Angebote zu st\u00e4rken, die Aktivit\u00e4ten zu diversifizieren und sich an den Klimawandel anzupassen), das Niveau und die Qualit\u00e4t erh\u00f6hen, ihre Reiseziele und Angebote besser vermarkten und einen freiwilligen \u00f6kologischen \u00dcbergang einleiten. Auch wenn private Akteure ihren Teil zu diesem Erfolg beigetragen haben, war die Intervention der \u00f6ffentlichen Hand und der K\u00f6rperschaften wie Staat, Departement und Region entscheidend (z.B. Vertr\u00e4ge f\u00fcr Ferienorte, Entwicklungsplan f\u00fcr Serre-Pon\u00e7on, Departementsplan f\u00fcr Ausr\u00fcstungen und Standorte f\u00fcr Naturerlebnisse usw.). <\/p>\n<\/div><\/div>\n\n\n\n<div class=\"wp-block-ws-library-ws-column\"><div class=\"wrapper\">\n<div class=\"wp-block-ws-library-ws-image\"><div class=\"wrapper\"><div class=\"group-media\"><img decoding=\"async\" src=\"https:\/\/www.hautes-alpes.net\/wp-content\/uploads\/2025\/12\/selection-workshop-marseille-ads-cedric-tempier-4-1240x800.jpg\" alt=\"\" class=\"single_image ws-image-91544\"><div class=\"credits\">C. Tempier - AD05<\/div><\/div><p class=\"caption\"><\/p><\/div><\/div>\n<\/div><\/div>\n<\/div>\n\n\n\n<div class=\"wp-block-ws-library-ws-columns alignwide has-2-columns are-vertically-aligned-center layout-5050\">\n<div class=\"wp-block-ws-library-ws-column\"><div class=\"wrapper\">\n<h2 class=\"wp-block-heading is-style-title-1\"><strong>Der Balancepunkt<br\/><\/strong>und die Aussicht auf die JOP 2030<\/h2>\n\n\n\n<p>Die Hautes-Alpes m\u00fcssen diese Dynamik aufrechterhalten und auf das Gleichgewicht zwischen dem Schutz und der Aufwertung einer au\u00dfergew\u00f6hnlichen Natur, ihrem gr\u00f6\u00dften Reichtum, achten. Schlie\u00dflich bieten die <a href=\"https:\/\/www.hautes-alpes.net\/de\/ikonische\/winterspiele-2030\/\">Olympischen und Paralympischen Spiele 2030<\/a> die Hoffnung auf ein sch\u00f6nes Erbe und einzigartige Perspektiven im Hinblick auf die internationale Ausstrahlung, die F\u00f6rderung des Sports, den \u00dcbergang und die Raumplanung, insbesondere im Hinblick auf den Zugang und die Mobilit\u00e4t. <\/p>\n<\/div><\/div>\n\n\n\n<div class=\"wp-block-ws-library-ws-column\"><div class=\"wrapper\">\n<div class=\"wp-block-ws-library-ws-image\"><div class=\"wrapper\"><div class=\"group-media\"><img decoding=\"async\" src=\"https:\/\/www.hautes-alpes.net\/wp-content\/uploads\/2025\/11\/tblais-la-meije-1-1240x800.jpg\" alt=\"La Meije, der symboltr\u00e4chtige Gipfel \u00fcber dem Dorf La Grave\" class=\"single_image ws-image-47747\"><div class=\"credits\">T. Blais<\/div><\/div><p class=\"caption\">La Meije, der symboltr\u00e4chtige Gipfel \u00fcber dem Dorf La Grave<\/p><\/div><\/div>\n<\/div><\/div>\n<\/div>\n<\/div>\n\n<div style=\"height:100px\" aria-hidden=\"true\" class=\"wp-block-spacer\"><\/div>\n\n<div class=\"wp-block-group block-stats is-layout-flow wp-block-group-is-layout-flow\">\n<h2 class=\"wp-block-heading is-style-title-2\">Der Sektor<br\/><strong>in Zahlen<\/strong><\/h2>\n\n\n\n<p><\/p>\n\n\n\n<div class=\"wp-block-ws-library-percentage-items alignwide ws-percentage-items\"><div class=\"list-items ws-percentage-items__list\">\n<div class=\"wp-block-ws-library-percentage-item ws-percentage-item\" data-percentage=\"15\"><div class=\"group-circle\"><svg class=\"circle\" viewbox=\"0 0 120 120\"><defs><lineargradient id=\"gradient-item-b4b79d14-4a85-4624-9507-e7168f7e60e2\" x1=\"0%\" y1=\"0%\" x2=\"100%\" y2=\"100%\"><stop offset=\"0%\" stop-color=\"#3b82f6\"\/><stop offset=\"100%\" stop-color=\"#2563eb\"\/><\/lineargradient><\/defs><circle class=\"circle-bg\" cx=\"60\" cy=\"60\" r=\"54\"\/><circle class=\"circle-progress\" cx=\"60\" cy=\"60\" r=\"54\" style=\"stroke-dasharray:50.89379999999999 339.292\"\/><\/svg><div class=\"circle-text\"><span class=\"value\">15<\/span><span class=\"symbol\">%<\/span><\/div><\/div><div class=\"group-content\"><div class=\"field-text\">Anteil am Jahresumsatz<\/div><\/div><\/div>\n\n\n\n<div class=\"wp-block-ws-library-percentage-item ws-percentage-item\" data-percentage=\"26\"><div class=\"group-circle\"><svg class=\"circle\" viewbox=\"0 0 120 120\"><defs><lineargradient id=\"gradient-item-c693677a-da9f-466b-a59b-377465b46ce4\" x1=\"0%\" y1=\"0%\" x2=\"100%\" y2=\"100%\"><stop offset=\"0%\" stop-color=\"#3b82f6\"\/><stop offset=\"100%\" stop-color=\"#2563eb\"\/><\/lineargradient><\/defs><circle class=\"circle-bg\" cx=\"60\" cy=\"60\" r=\"54\"\/><circle class=\"circle-progress\" cx=\"60\" cy=\"60\" r=\"54\" style=\"stroke-dasharray:88.21592 339.292\"\/><\/svg><div class=\"circle-text\"><span class=\"value\">26<\/span><span class=\"symbol\">%<\/span><\/div><\/div><div class=\"group-content\"><div class=\"field-text\">Anteil am BIP<\/div><\/div><\/div>\n<\/div><\/div>\n\n\n\n<p class=\"field-source\"><\/p>\n<\/div>\n\n<div class=\"wp-block-group block-chiffres has-global-padding is-layout-constrained wp-block-group-is-layout-constrained\">\n<figure class=\"wp-block-table is-style-stats\"><table class=\"has-fixed-layout\"><tbody><tr><td><strong>JAHRESUMSATZ<\/strong><\/td><td>919 092 K\u20ac<\/td><\/tr><tr><td>ENTWICKLUNG DES UMSATZES IN 10 JAHREN<\/td><td>+ 46 %<\/td><\/tr><tr><td><strong>BIP<\/strong><\/td><td>607 058 K\u20ac<\/td><\/tr><tr><td>VER\u00c4NDERUNG DES BIP IN 10 JAHREN<\/td><td>+ 33 %<\/td><\/tr><tr><td><\/td><td><\/td><\/tr><\/tbody><\/table><\/figure>\n\n\n\n<p class=\"field-source\">BIP = Bruttoinlandsprodukt \/ Quelle: INSEE<\/p>\n<\/div>\n\n<hr class=\"wp-block-separator has-alpha-channel-opacity is-style-default\"\/>\n\n<h2 class=\"wp-block-heading is-style-title-1\"><strong>Siehe auch<\/strong><\/h2>\n\n<div class=\"wp-block-group alignwide list-nodetails is-content-justification-center is-layout-flex wp-container-core-group-is-layout-94ea2d6b wp-block-group-is-layout-flex\">\n<div class=\"wp-block-group has-global-padding is-layout-constrained wp-block-group-is-layout-constrained\">\n<div class=\"wp-block-ws-library-ws-image is-style-simple\"><div class=\"wrapper\"><div class=\"group-media\"><img decoding=\"async\" src=\"https:\/\/www.hautes-alpes.net\/wp-content\/uploads\/2025\/12\/7b3a4174-1240x800.jpg\" alt=\"\" class=\"single_image ws-image-133051\"><div class=\"credits\">AD05 - P.Domeyne<\/div><\/div><p class=\"caption\"><\/p><\/div><\/div>\n\n\n\n<h3 class=\"wp-block-heading is-style-title-2\"><em>PAT<br\/><\/em>Territoriales Ern\u00e4hrungsprojekt<\/h3>\n\n\n\n<div class=\"wp-block-buttons is-layout-flex wp-block-buttons-is-layout-flex\">\n<div class=\"wp-block-button\"><a class=\"wp-block-button__link wp-element-button\" href=\"https:\/\/www.hautes-alpes.net\/de\/wirtschaftszweige\/alm-gauler\/\" target=\"_blank\" rel=\"noreferrer noopener\">Siehe<\/a><\/div>\n<\/div>\n<\/div>\n\n\n\n<div class=\"wp-block-group has-global-padding is-layout-constrained wp-block-group-is-layout-constrained\">\n<div class=\"wp-block-ws-library-ws-image is-style-simple\"><div class=\"wrapper\"><div class=\"group-media\"><img decoding=\"async\" src=\"https:\/\/www.hautes-alpes.net\/wp-content\/uploads\/2025\/12\/cite-vauban-drone-serre-chevalier-briancon-7-1240x800.jpg\" alt=\"\" class=\"single_image ws-image-133118\"><div class=\"credits\">OT Serre Chevalier<\/div><\/div><p class=\"caption\"><\/p><\/div><\/div>\n\n\n\n<h3 class=\"wp-block-heading is-style-title-2\"><em>RSERSoziale Verantwortung<\/em>von Unternehmen<\/h3>\n\n\n\n<div class=\"wp-block-buttons is-layout-flex wp-block-buttons-is-layout-flex\">\n<div class=\"wp-block-button\"><a class=\"wp-block-button__link wp-element-button\" href=\"https:\/\/www.hautes-alpes.net\/de\/wirtschaftszweige\/alm-gauler-2\/\" target=\"_blank\" rel=\"noreferrer noopener\">Siehe<\/a><\/div>\n<\/div>\n<\/div>\n<\/div>\n\n<div style=\"height:50px\" aria-hidden=\"true\" class=\"wp-block-spacer\"><\/div>\n\n<div class=\"wp-block-ws-library-ws-slider alignfull\"><div class=\"splide\" data-splide=\"{&quot;type&quot;:&quot;loop&quot;,&quot;start&quot;:0,&quot;autoWidth&quot;:1,&quot;drag&quot;:&quot;free&quot;,&quot;snap&quot;:true,&quot;pagination&quot;:false,&quot;gap&quot;:&quot;45px&quot;,&quot;trimSpace&quot;:&quot;move&quot;,&quot;arrows&quot;:false,&quot;breakpoints&quot;:{&quot;1200&quot;:{&quot;gap&quot;:&quot;15px&quot;}},&quot;classes&quot;:{}}\"><div class=\"splide__track\"><div class=\"splide__list\"><div class=\"splide__slide\"><a href=\"https:\/\/www.hautes-alpes.net\/wp-content\/uploads\/2025\/12\/hiver-2-scaled.jpg\" data-glightbox=\"true\" class=\"lightbox-trigger\"><img decoding=\"async\" src=\"https:\/\/www.hautes-alpes.net\/wp-content\/uploads\/2025\/12\/hiver-2-930x620.jpg\" alt=\"\"\/><\/a><\/div><div class=\"splide__slide\"><a href=\"https:\/\/www.hautes-alpes.net\/wp-content\/uploads\/2025\/12\/workshop-paris-cedric-tempier-26-scaled.jpg\" data-glightbox=\"true\" class=\"lightbox-trigger\"><img decoding=\"async\" src=\"https:\/\/www.hautes-alpes.net\/wp-content\/uploads\/2025\/12\/workshop-paris-cedric-tempier-26-413x620.jpg\" alt=\"\"\/><\/a><\/div><div class=\"splide__slide\"><a href=\"https:\/\/www.hautes-alpes.net\/wp-content\/uploads\/2025\/12\/automne-1-scaled.jpg\" data-glightbox=\"true\" class=\"lightbox-trigger\"><img decoding=\"async\" src=\"https:\/\/www.hautes-alpes.net\/wp-content\/uploads\/2025\/12\/automne-1-930x620.jpg\" alt=\"\"\/><\/a><\/div><div class=\"splide__slide\"><a href=\"https:\/\/www.hautes-alpes.net\/wp-content\/uploads\/2025\/11\/02012021-dsc01713-modifier-2-credit-photo-emmanuel-sauvageot-scaled.jpg\" data-glightbox=\"true\" class=\"lightbox-trigger\"><img decoding=\"async\" src=\"https:\/\/www.hautes-alpes.net\/wp-content\/uploads\/2025\/11\/02012021-dsc01713-modifier-2-credit-photo-emmanuel-sauvageot-930x620.jpg\" alt=\"chamois, sommet, cr\u00eate\"\/><\/a><\/div><div class=\"splide__slide\"><a href=\"https:\/\/www.hautes-alpes.net\/wp-content\/uploads\/2025\/12\/ete-1-scaled.jpg\" data-glightbox=\"true\" class=\"lightbox-trigger\"><img decoding=\"async\" src=\"https:\/\/www.hautes-alpes.net\/wp-content\/uploads\/2025\/12\/ete-1-930x620.jpg\" alt=\"\"\/><\/a><\/div><div class=\"splide__slide\"><a href=\"https:\/\/www.hautes-alpes.net\/wp-content\/uploads\/2025\/12\/workshop-marseille-ads-cedric-tempier-7.jpg\" data-glightbox=\"true\" class=\"lightbox-trigger\"><img decoding=\"async\" src=\"https:\/\/www.hautes-alpes.net\/wp-content\/uploads\/2025\/12\/workshop-marseille-ads-cedric-tempier-7-413x620.jpg\" alt=\"\"\/><\/a><\/div><div class=\"splide__slide\"><a href=\"https:\/\/www.hautes-alpes.net\/wp-content\/uploads\/2025\/12\/garde-colombe-lavanderaie-7b3a9673-pat-domeyne-scaled.jpg\" data-glightbox=\"true\" class=\"lightbox-trigger\"><img decoding=\"async\" src=\"https:\/\/www.hautes-alpes.net\/wp-content\/uploads\/2025\/12\/garde-colombe-lavanderaie-7b3a9673-pat-domeyne-930x620.jpg\" alt=\"\"\/><\/a><\/div><\/div><\/div><\/div><\/div>\n\n<div style=\"height:50px\" aria-hidden=\"true\" class=\"wp-block-spacer\"><\/div>\n\n<div class=\"wp-block-group has-global-padding is-layout-constrained wp-block-group-is-layout-constrained\">\n<p>Brauchen Sie Begleitung?<\/p>\n\n\n\n<h2 class=\"wp-block-heading\">Die Tourismusabteilung<br\/><strong>begleitet Ihre Projekte<\/strong><\/h2>\n\n\n\n<h4 class=\"wp-block-heading\">Sophie Rey<\/h4>\n\n\n\n<p>Leiterin des Studiengangs Tourismus<\/p>\n\n\n\n<div class=\"wp-block-group has-global-padding is-layout-constrained wp-block-group-is-layout-constrained\">\n<p><a href=\"mailto:sophie.rey@hautes-alpes.net\" target=\"_blank\" rel=\"noreferrer noopener\">sophie.rey@hautes-alpes.net<\/a><\/p>\n\n\n\n<p><\/p>\n<\/div>\n<\/div>\n\n<div class=\"wp-block-ws-library-ws-share\"><span class=\"share-subtitle\">Hat Ihnen diese Seite gefallen?<\/span><span class=\"share-title\">Teilen Sie es mit anderen!<\/span><button class=\"ws-share-button wp-element-button\">Diese Seite teilen<\/button><\/div>\n","protected":false},"excerpt":{"rendered":"<p>Die Lokomotive der Wirtschaft Der Tourismus ist der Motor der Wirtschaft in den Hautes-Alpes. Dieser Sektor, der fast ein Drittel [&hellip;]<\/p>\n","protected":false},"author":6,"featured_media":0,"parent":108805,"menu_order":0,"comment_status":"closed","ping_status":"closed","template":"","meta":{"is_dark_mode":false,"footnotes":""},"page_label":[],"class_list":["post-108713","page","type-page","status-publish","hentry"],"yoast_head":"<!-- This site is optimized with the Yoast SEO plugin v27.2 - https:\/\/yoast.com\/product\/yoast-seo-wordpress\/ -->\n<title>Tourismus - Hautes-Alpes<\/title>\n<meta name=\"description\" content=\"Tourismus Die Lokomotive der Wirtschaft Der Tourismus ist der Motor der Wirtschaft in den Hautes-Alpes. Dieser Sektor, der fast ein Drittel des Wohlstands\" \/>\n<meta name=\"robots\" content=\"index, follow, max-snippet:-1, max-image-preview:large, max-video-preview:-1\" \/>\n<link rel=\"canonical\" href=\"https:\/\/www.hautes-alpes.net\/de\/wirtschaftszweige\/tourismus\/\" \/>\n<meta property=\"og:locale\" content=\"de_DE\" \/>\n<meta property=\"og:type\" content=\"article\" \/>\n<meta property=\"og:title\" content=\"Tourismus - Hautes-Alpes\" \/>\n<meta property=\"og:description\" content=\"Tourismus Die Lokomotive der Wirtschaft Der Tourismus ist der Motor der Wirtschaft in den Hautes-Alpes. Dieser Sektor, der fast ein Drittel des Wohlstands\" \/>\n<meta property=\"og:url\" content=\"https:\/\/www.hautes-alpes.net\/de\/wirtschaftszweige\/tourismus\/\" \/>\n<meta property=\"og:site_name\" content=\"Hautes-Alpes\" \/>\n<meta property=\"article:modified_time\" content=\"2025-12-24T10:05:26+00:00\" \/>\n<meta property=\"og:image\" content=\"https:\/\/www.hautes-alpes.net\/wp-content\/uploads\/2025\/11\/alpage-du-clot-des-amandiers-depuis-ratie-re1-1-2000x1000.jpg\" \/>\n<meta name=\"twitter:card\" content=\"summary_large_image\" \/>\n<meta name=\"twitter:label1\" content=\"Gesch\u00e4tzte Lesezeit\" \/>\n\t<meta name=\"twitter:data1\" content=\"2 Minuten\" \/>\n<script type=\"application\/ld+json\" class=\"yoast-schema-graph\">{\"@context\":\"https:\/\/schema.org\",\"@graph\":[{\"@type\":\"WebPage\",\"@id\":\"https:\/\/www.hautes-alpes.net\/de\/wirtschaftszweige\/tourismus\/\",\"url\":\"https:\/\/www.hautes-alpes.net\/de\/wirtschaftszweige\/tourismus\/\",\"name\":\"Tourismus - Hautes-Alpes\",\"isPartOf\":{\"@id\":\"https:\/\/www.hautes-alpes.net\/de\/#website\"},\"primaryImageOfPage\":{\"@id\":\"https:\/\/www.hautes-alpes.net\/de\/wirtschaftszweige\/tourismus\/#primaryimage\"},\"image\":{\"@id\":\"https:\/\/www.hautes-alpes.net\/de\/wirtschaftszweige\/tourismus\/#primaryimage\"},\"thumbnailUrl\":\"https:\/\/www.hautes-alpes.net\/wp-content\/uploads\/2025\/11\/alpage-du-clot-des-amandiers-depuis-ratie-re1-1-2000x1000.jpg\",\"datePublished\":\"2025-11-20T16:37:33+00:00\",\"dateModified\":\"2025-12-24T10:05:26+00:00\",\"description\":\"Tourismus Die Lokomotive der Wirtschaft Der Tourismus ist der Motor der Wirtschaft in den Hautes-Alpes. Dieser Sektor, der fast ein Drittel des Wohlstands\",\"breadcrumb\":{\"@id\":\"https:\/\/www.hautes-alpes.net\/de\/wirtschaftszweige\/tourismus\/#breadcrumb\"},\"inLanguage\":\"de\",\"potentialAction\":[{\"@type\":\"ReadAction\",\"target\":[\"https:\/\/www.hautes-alpes.net\/de\/wirtschaftszweige\/tourismus\/\"]}]},{\"@type\":\"ImageObject\",\"inLanguage\":\"de\",\"@id\":\"https:\/\/www.hautes-alpes.net\/de\/wirtschaftszweige\/tourismus\/#primaryimage\",\"url\":\"https:\/\/www.hautes-alpes.net\/wp-content\/uploads\/2025\/11\/alpage-du-clot-des-amandiers-depuis-ratie-re1-1-2000x1000.jpg\",\"contentUrl\":\"https:\/\/www.hautes-alpes.net\/wp-content\/uploads\/2025\/11\/alpage-du-clot-des-amandiers-depuis-ratie-re1-1-2000x1000.jpg\"},{\"@type\":\"BreadcrumbList\",\"@id\":\"https:\/\/www.hautes-alpes.net\/de\/wirtschaftszweige\/tourismus\/#breadcrumb\",\"itemListElement\":[{\"@type\":\"ListItem\",\"position\":1,\"name\":\"Accueil\",\"item\":\"https:\/\/www.hautes-alpes.net\/de\/hautes-alpes\/\"},{\"@type\":\"ListItem\",\"position\":2,\"name\":\"Wirtschaftszweige\",\"item\":\"https:\/\/www.hautes-alpes.net\/de\/wirtschaftszweige\/\"},{\"@type\":\"ListItem\",\"position\":3,\"name\":\"Wirtschaftszweige\",\"item\":\"https:\/\/www.hautes-alpes.net\/de\/wirtschaftszweige\/\"},{\"@type\":\"ListItem\",\"position\":4,\"name\":\"Tourismus\"}]},{\"@type\":\"WebSite\",\"@id\":\"https:\/\/www.hautes-alpes.net\/de\/#website\",\"url\":\"https:\/\/www.hautes-alpes.net\/de\/\",\"name\":\"ADDET\",\"description\":\"\",\"publisher\":{\"@id\":\"https:\/\/www.hautes-alpes.net\/de\/#organization\"},\"potentialAction\":[{\"@type\":\"SearchAction\",\"target\":{\"@type\":\"EntryPoint\",\"urlTemplate\":\"https:\/\/www.hautes-alpes.net\/de\/?s={search_term_string}\"},\"query-input\":{\"@type\":\"PropertyValueSpecification\",\"valueRequired\":true,\"valueName\":\"search_term_string\"}}],\"inLanguage\":\"de\"},{\"@type\":\"Organization\",\"@id\":\"https:\/\/www.hautes-alpes.net\/de\/#organization\",\"name\":\"Agence D\u00e9partementale de D\u00e9veloppement Economique et Touristique des Hautes-Alpes\",\"url\":\"https:\/\/www.hautes-alpes.net\/de\/\",\"logo\":{\"@type\":\"ImageObject\",\"inLanguage\":\"de\",\"@id\":\"https:\/\/www.hautes-alpes.net\/de\/#\/schema\/logo\/image\/\",\"url\":\"https:\/\/www.hautes-alpes.net\/wp-content\/uploads\/2026\/01\/black-logo-2.svg\",\"contentUrl\":\"https:\/\/www.hautes-alpes.net\/wp-content\/uploads\/2026\/01\/black-logo-2.svg\",\"caption\":\"Agence D\u00e9partementale de D\u00e9veloppement Economique et Touristique des Hautes-Alpes\"},\"image\":{\"@id\":\"https:\/\/www.hautes-alpes.net\/de\/#\/schema\/logo\/image\/\"}}]}<\/script>\n<!-- \/ Yoast SEO plugin. -->","yoast_head_json":{"title":"Tourismus - Hautes-Alpes","description":"Tourismus Die Lokomotive der Wirtschaft Der Tourismus ist der Motor der Wirtschaft in den Hautes-Alpes. Dieser Sektor, der fast ein Drittel des Wohlstands","robots":{"index":"index","follow":"follow","max-snippet":"max-snippet:-1","max-image-preview":"max-image-preview:large","max-video-preview":"max-video-preview:-1"},"canonical":"https:\/\/www.hautes-alpes.net\/de\/wirtschaftszweige\/tourismus\/","og_locale":"de_DE","og_type":"article","og_title":"Tourismus - Hautes-Alpes","og_description":"Tourismus Die Lokomotive der Wirtschaft Der Tourismus ist der Motor der Wirtschaft in den Hautes-Alpes. Dieser Sektor, der fast ein Drittel des Wohlstands","og_url":"https:\/\/www.hautes-alpes.net\/de\/wirtschaftszweige\/tourismus\/","og_site_name":"Hautes-Alpes","article_modified_time":"2025-12-24T10:05:26+00:00","og_image":[{"url":"https:\/\/www.hautes-alpes.net\/wp-content\/uploads\/2025\/11\/alpage-du-clot-des-amandiers-depuis-ratie-re1-1-2000x1000.jpg","type":"","width":"","height":""}],"twitter_card":"summary_large_image","twitter_misc":{"Gesch\u00e4tzte Lesezeit":"2 Minuten"},"schema":{"@context":"https:\/\/schema.org","@graph":[{"@type":"WebPage","@id":"https:\/\/www.hautes-alpes.net\/de\/wirtschaftszweige\/tourismus\/","url":"https:\/\/www.hautes-alpes.net\/de\/wirtschaftszweige\/tourismus\/","name":"Tourismus - Hautes-Alpes","isPartOf":{"@id":"https:\/\/www.hautes-alpes.net\/de\/#website"},"primaryImageOfPage":{"@id":"https:\/\/www.hautes-alpes.net\/de\/wirtschaftszweige\/tourismus\/#primaryimage"},"image":{"@id":"https:\/\/www.hautes-alpes.net\/de\/wirtschaftszweige\/tourismus\/#primaryimage"},"thumbnailUrl":"https:\/\/www.hautes-alpes.net\/wp-content\/uploads\/2025\/11\/alpage-du-clot-des-amandiers-depuis-ratie-re1-1-2000x1000.jpg","datePublished":"2025-11-20T16:37:33+00:00","dateModified":"2025-12-24T10:05:26+00:00","description":"Tourismus Die Lokomotive der Wirtschaft Der Tourismus ist der Motor der Wirtschaft in den Hautes-Alpes. Dieser Sektor, der fast ein Drittel des Wohlstands","breadcrumb":{"@id":"https:\/\/www.hautes-alpes.net\/de\/wirtschaftszweige\/tourismus\/#breadcrumb"},"inLanguage":"de","potentialAction":[{"@type":"ReadAction","target":["https:\/\/www.hautes-alpes.net\/de\/wirtschaftszweige\/tourismus\/"]}]},{"@type":"ImageObject","inLanguage":"de","@id":"https:\/\/www.hautes-alpes.net\/de\/wirtschaftszweige\/tourismus\/#primaryimage","url":"https:\/\/www.hautes-alpes.net\/wp-content\/uploads\/2025\/11\/alpage-du-clot-des-amandiers-depuis-ratie-re1-1-2000x1000.jpg","contentUrl":"https:\/\/www.hautes-alpes.net\/wp-content\/uploads\/2025\/11\/alpage-du-clot-des-amandiers-depuis-ratie-re1-1-2000x1000.jpg"},{"@type":"BreadcrumbList","@id":"https:\/\/www.hautes-alpes.net\/de\/wirtschaftszweige\/tourismus\/#breadcrumb","itemListElement":[{"@type":"ListItem","position":1,"name":"Accueil","item":"https:\/\/www.hautes-alpes.net\/de\/hautes-alpes\/"},{"@type":"ListItem","position":2,"name":"Wirtschaftszweige","item":"https:\/\/www.hautes-alpes.net\/de\/wirtschaftszweige\/"},{"@type":"ListItem","position":3,"name":"Wirtschaftszweige","item":"https:\/\/www.hautes-alpes.net\/de\/wirtschaftszweige\/"},{"@type":"ListItem","position":4,"name":"Tourismus"}]},{"@type":"WebSite","@id":"https:\/\/www.hautes-alpes.net\/de\/#website","url":"https:\/\/www.hautes-alpes.net\/de\/","name":"ADDET","description":"","publisher":{"@id":"https:\/\/www.hautes-alpes.net\/de\/#organization"},"potentialAction":[{"@type":"SearchAction","target":{"@type":"EntryPoint","urlTemplate":"https:\/\/www.hautes-alpes.net\/de\/?s={search_term_string}"},"query-input":{"@type":"PropertyValueSpecification","valueRequired":true,"valueName":"search_term_string"}}],"inLanguage":"de"},{"@type":"Organization","@id":"https:\/\/www.hautes-alpes.net\/de\/#organization","name":"Agence D\u00e9partementale de D\u00e9veloppement Economique et Touristique des Hautes-Alpes","url":"https:\/\/www.hautes-alpes.net\/de\/","logo":{"@type":"ImageObject","inLanguage":"de","@id":"https:\/\/www.hautes-alpes.net\/de\/#\/schema\/logo\/image\/","url":"https:\/\/www.hautes-alpes.net\/wp-content\/uploads\/2026\/01\/black-logo-2.svg","contentUrl":"https:\/\/www.hautes-alpes.net\/wp-content\/uploads\/2026\/01\/black-logo-2.svg","caption":"Agence D\u00e9partementale de D\u00e9veloppement Economique et Touristique des Hautes-Alpes"},"image":{"@id":"https:\/\/www.hautes-alpes.net\/de\/#\/schema\/logo\/image\/"}}]}},"_links":{"self":[{"href":"https:\/\/www.hautes-alpes.net\/de\/wp-json\/wp\/v2\/pages\/108713","targetHints":{"allow":["GET"]}}],"collection":[{"href":"https:\/\/www.hautes-alpes.net\/de\/wp-json\/wp\/v2\/pages"}],"about":[{"href":"https:\/\/www.hautes-alpes.net\/de\/wp-json\/wp\/v2\/types\/page"}],"author":[{"embeddable":true,"href":"https:\/\/www.hautes-alpes.net\/de\/wp-json\/wp\/v2\/users\/6"}],"replies":[{"embeddable":true,"href":"https:\/\/www.hautes-alpes.net\/de\/wp-json\/wp\/v2\/comments?post=108713"}],"version-history":[{"count":10,"href":"https:\/\/www.hautes-alpes.net\/de\/wp-json\/wp\/v2\/pages\/108713\/revisions"}],"predecessor-version":[{"id":133178,"href":"https:\/\/www.hautes-alpes.net\/de\/wp-json\/wp\/v2\/pages\/108713\/revisions\/133178"}],"up":[{"embeddable":true,"href":"https:\/\/www.hautes-alpes.net\/de\/wp-json\/wp\/v2\/pages\/108805"}],"wp:attachment":[{"href":"https:\/\/www.hautes-alpes.net\/de\/wp-json\/wp\/v2\/media?parent=108713"}],"wp:term":[{"taxonomy":"page_label","embeddable":true,"href":"https:\/\/www.hautes-alpes.net\/de\/wp-json\/wp\/v2\/page_label?post=108713"}],"curies":[{"name":"wp","href":"https:\/\/api.w.org\/{rel}","templated":true}]}}