{"id":108476,"date":"2025-11-19T17:06:51","date_gmt":"2025-11-19T16:06:51","guid":{"rendered":"https:\/\/www.hautes-alpes.net\/reiseziele-hautes-alpes\/ferienorte-in-den-doerfern-von-queyras\/"},"modified":"2025-12-30T08:31:51","modified_gmt":"2025-12-30T07:31:51","slug":"ferienorte-in-den-doerfern-von-queyras","status":"publish","type":"page","link":"https:\/\/www.hautes-alpes.net\/de\/reiseziele-hautes-alpes\/ferienorte-in-den-doerfern-von-queyras\/","title":{"rendered":"Ferienorte in den D\u00f6rfern von Queyras"},"content":{"rendered":"\n<div class=\"wp-block-group alignfull hero-banner-cover-wide has-global-padding is-layout-constrained wp-block-group-is-layout-constrained\"><div class=\"yoast-breadcrumbs\"><span><span><a href=\"https:\/\/www.hautes-alpes.net\/de\/hautes-alpes\/\">Accueil<\/a><\/span>  <span><a href=\"https:\/\/www.hautes-alpes.net\/de\/reiseziele-hautes-alpes\/\">Reiseziele - Hautes-Alpes<\/a><\/span>  <span><a href=\"https:\/\/www.hautes-alpes.net\/de\/reiseziele-hautes-alpes\/\">Reiseziele - Hautes-Alpes<\/a><\/span>  <span class=\"breadcrumb_last\" aria-current=\"page\">Ferienorte in den D\u00f6rfern von Queyras<\/span><\/span><\/div>\n\n\n<h1 class=\"wp-block-ws-library-post-title\">Ferienorte in den D\u00f6rfern von Queyras<\/h1>\n\n\n\n<div class=\"wp-block-ws-library-media-embed ws-media-embed\"><img decoding=\"async\" src=\"https:\/\/www.hautes-alpes.net\/wp-content\/uploads\/2025\/11\/saint-veran-rogier-van-rijn-2000x1000.jpg\" alt=\"\" class=\"ws-media-embed__image\" style=\"aspect-ratio:2000\/1000\"><\/div>\n\n\n\n<p class=\"subtitle\">Queyras<\/p>\n\n\n\n<p><strong>Willkommen in <a href=\"https:\/\/www.hautes-alpes.net\/de\/reiseziele-hautes-alpes\/guillestrois-queyras\/\">Queyras<\/a>, dem wilden Balkon der Hautes-Alpes<\/strong>, der sich an Italien anlehnt und im Herzen eines einzigartigen Naturparks liegt. H\u00f6lzerne Kircht\u00fcrme, jahrhundertealte Chalets und darum herum vier Skigebiete, die vier Gesichter einer einzigen Leidenschaft sind: die rauen, lebendigen, gro\u00dfz\u00fcgigen Berge.<\/p>\n<\/div>\n\n<div style=\"height:50px\" aria-hidden=\"true\" class=\"wp-block-spacer\"><\/div>\n\n<div class=\"wp-block-group alignfull step-by-step has-global-padding is-layout-constrained wp-block-group-is-layout-constrained\">\n<div class=\"wp-block-ws-library-ws-columns alignwide has-2-columns are-vertically-aligned-center layout-5050\">\n<div class=\"wp-block-ws-library-ws-column\"><div class=\"wrapper\">\n<h2 class=\"wp-block-heading\"><strong>Eine<\/strong>lebensgro\u00dfe <strong>Kulisse<br\/><\/strong><\/h2>\n\n\n\n<p><strong>Arvieux, Abri\u00e8s-Ristolas, Molines-Saint-V\u00e9ran, Ceillac<\/strong>: vier Namen f\u00fcr vier Stimmungen. Skifahren unter dem klaren Himmel des regionalen Naturparks Queyras, umgeben von L\u00e4rchenw\u00e4ldern und Gipfeln, die bis zu 3.000 m hoch sind. Die Umgebung ist einfach und schlicht: ein Gebiet von menschlicher Gr\u00f6\u00dfe, in dem die Pisten direkt vor der Haust\u00fcr beginnen.  <\/p>\n<\/div><\/div>\n\n\n\n<div class=\"wp-block-ws-library-ws-column\"><div class=\"wrapper\">\n<div class=\"wp-block-ws-library-ws-image\"><div class=\"wrapper\"><div class=\"group-media\"><img decoding=\"async\" src=\"https:\/\/www.hautes-alpes.net\/wp-content\/uploads\/2025\/11\/randonne-e-refuge-de-la-blanche-60-1240x800.jpg\" alt=\"Queyras-Landschaft im Sommer, Blick auf den Kopf von Toillies\" class=\"single_image ws-image-78762\"><div class=\"credits\">T. Blais<\/div><\/div><p class=\"caption\">Wanderung in Queyras Richtung Refuge de la Blanche<\/p><\/div><\/div>\n<\/div><\/div>\n<\/div>\n\n\n\n<div class=\"wp-block-ws-library-ws-columns alignwide has-2-columns are-vertically-aligned-center layout-5050\">\n<div class=\"wp-block-ws-library-ws-column\"><div class=\"wrapper\">\n<h2 class=\"wp-block-heading\"><strong>Der wei\u00dfe Winter,<br\/><\/strong>der gr\u00fcne Sommer<\/h2>\n\n\n\n<p><strong>Dank des ber\u00fchmten &#8220;Retour d&#8217;Est&#8220; tr\u00e4gt das Queyras stolz seinen Spitznamen als Schneespeicher<\/strong>. Diese oft au\u00dfergew\u00f6hnlichen Bedingungen begeistern <a href=\"https:\/\/www.hautes-alpes.net\/de\/erfahrungen-hautes-alpes\/ski\/\">Skifahrer <\/a>von Dezember bis April. Im Sommer werden die D\u00f6rfer zum Basislager f\u00fcr <a href=\"https:\/\/www.hautes-alpes.net\/de\/erfahrungen-hautes-alpes\/spaziergaenge-und-wanderungen\/\">Wanderer<\/a>, Mountainbiker und Trailrunner. Die gro\u00dfen Routen wie der GR58 bieten ein unendliches Spielfeld zwischen hochgelegenen Seen und panoramischen Bergk\u00e4mmen.   <\/p>\n<\/div><\/div>\n\n\n\n<div class=\"wp-block-ws-library-ws-column\"><div class=\"wrapper\">\n<div class=\"wp-block-ws-library-ws-image\"><div class=\"wrapper\"><div class=\"group-media\"><img decoding=\"async\" src=\"https:\/\/www.hautes-alpes.net\/wp-content\/uploads\/2025\/11\/freeride-rogier-van-rijn-3-1-1240x800.jpg\" alt=\"\" class=\"single_image ws-image-78759\"><div class=\"credits\">R. VanRijn<\/div><\/div><p class=\"caption\"><\/p><\/div><\/div>\n<\/div><\/div>\n<\/div>\n\n\n\n<div class=\"wp-block-ws-library-ws-columns alignwide has-2-columns are-vertically-aligned-center layout-5050\">\n<div class=\"wp-block-ws-library-ws-column\"><div class=\"wrapper\">\n<h2 class=\"wp-block-heading\"><strong>Traditionen <br\/><\/strong>und Sensationen<\/h2>\n\n\n\n<p>Gleiten Sie auf der <strong>neuen Biathlonstrecke in Ceillac<\/strong> oder klettern Sie auf den <strong><a href=\"https:\/\/www.hautes-alpes.net\/de\/erfahrungen-hautes-alpes\/klettern\/\">Eiskaskaden.<\/a><\/strong> Die Region Queyras hat nichts von ihrem Pioniergeist verloren. Aber auch abseits der Pisten ist der Reiz gro\u00df. <strong>Die Architektur der <a href=\"https:\/\/www.hautes-alpes.net\/de\/ikonische\/ein-tausendjaehriges-erbe\/\">alten D\u00f6rfer<\/a><\/strong>, die Sonnenuhren, die Holzschnitzereien und das Kunsthandwerk, das die Kunstfertigkeit der Bergbewohner weiterf\u00fchrt, sind einfach atemberaubend.<\/p>\n<\/div><\/div>\n\n\n\n<div class=\"wp-block-ws-library-ws-column\"><div class=\"wrapper\">\n<div class=\"wp-block-ws-library-ws-image\"><div class=\"wrapper\"><div class=\"group-media\"><img decoding=\"async\" src=\"https:\/\/www.hautes-alpes.net\/wp-content\/uploads\/2025\/11\/queyras-saint-veran-3-fabrice-amoros2-1240x800.jpg\" alt=\"\" class=\"single_image ws-image-54961\"><div class=\"credits\">F. Amoros<\/div><\/div><p class=\"caption\"><\/p><\/div><\/div>\n<\/div><\/div>\n<\/div>\n\n\n\n<div class=\"wp-block-ws-library-ws-columns alignwide has-2-columns are-vertically-aligned-center layout-5050\">\n<div class=\"wp-block-ws-library-ws-column\"><div class=\"wrapper\">\n<h2 class=\"wp-block-heading\"><strong>Der Pfad <br\/><\/strong>von Valpreyvert<\/h2>\n\n\n\n<p>Dies ist der <strong>Nugget von <a href=\"https:\/\/www.hautes-alpes.net\/de\/reiseziele-hautes-alpes\/guillestrois-queyras\/\">Queyras<\/a><\/strong>, von dem die Eingeweihten sprechen. Die <strong>rote Piste von Valpreyvert<\/strong>, in Abri\u00e8s-Ristolas, rollt ihren wei\u00dfen Teppich wie eine Herausforderung f\u00fcr die Oberschenkel aus. Ein Muss f\u00fcr alle, die die Berge in ihrer wahren Form sp\u00fcren m\u00f6chten.<\/p>\n<\/div><\/div>\n\n\n\n<div class=\"wp-block-ws-library-ws-column\"><div class=\"wrapper\">\n<div class=\"wp-block-ws-library-ws-image\"><div class=\"wrapper\"><div class=\"group-media\"><img decoding=\"async\" src=\"https:\/\/www.hautes-alpes.net\/wp-content\/uploads\/2025\/12\/jeux-deuteu-jeux-dhiver-20160219-dsc09382-1240x800.jpg\" alt=\"\" class=\"single_image ws-image-91993\"><div class=\"credits\">DR<\/div><\/div><p class=\"caption\"><\/p><\/div><\/div>\n<\/div><\/div>\n<\/div>\n<\/div>\n\n<div style=\"height:50px\" aria-hidden=\"true\" class=\"wp-block-spacer\"><\/div>\n\n<div class=\"wp-block-ws-library-ws-gallery ws-gallery alignfull\"><div class=\"group-content\"><div class=\"field-title\">Auf der H\u00f6he des Wesentlichen<\/div><\/div><div class=\"list-images\"><div class=\"item item-media scroll-detect\" data-end-offset=\"30%\"><a href=\"https:\/\/www.hautes-alpes.net\/wp-content\/uploads\/2025\/12\/20180314-rvr01140-4k-scaled.jpg\" class=\"item-media__link init-lightbox\" data-glightbox=\"ws-gallery\" data-gallery=\"ws-gallery\" data-title=\"\"><img loading=\"lazy\" decoding=\"async\" width=\"1024\" height=\"683\" src=\"https:\/\/www.hautes-alpes.net\/wp-content\/uploads\/2025\/12\/20180314-rvr01140-4k-1024x683.jpg\" alt=\"\" class=\"ws-image wp-image-142644\" srcset=\"https:\/\/www.hautes-alpes.net\/wp-content\/uploads\/2025\/12\/20180314-rvr01140-4k-1024x683.jpg 1024w, https:\/\/www.hautes-alpes.net\/wp-content\/uploads\/2025\/12\/20180314-rvr01140-4k-300x200.jpg 300w, https:\/\/www.hautes-alpes.net\/wp-content\/uploads\/2025\/12\/20180314-rvr01140-4k-768x512.jpg 768w, https:\/\/www.hautes-alpes.net\/wp-content\/uploads\/2025\/12\/20180314-rvr01140-4k-1536x1024.jpg 1536w, https:\/\/www.hautes-alpes.net\/wp-content\/uploads\/2025\/12\/20180314-rvr01140-4k-2048x1365.jpg 2048w, https:\/\/www.hautes-alpes.net\/wp-content\/uploads\/2025\/12\/20180314-rvr01140-4k-480x320.jpg 480w, https:\/\/www.hautes-alpes.net\/wp-content\/uploads\/2025\/12\/20180314-rvr01140-4k-960x640.jpg 960w, https:\/\/www.hautes-alpes.net\/wp-content\/uploads\/2025\/12\/20180314-rvr01140-4k-660x440.jpg 660w, https:\/\/www.hautes-alpes.net\/wp-content\/uploads\/2025\/12\/20180314-rvr01140-4k-525x350.jpg 525w, https:\/\/www.hautes-alpes.net\/wp-content\/uploads\/2025\/12\/20180314-rvr01140-4k-930x620.jpg 930w\" sizes=\"auto, (max-width: 1024px) 100vw, 1024px\" \/><\/a><\/div><div class=\"item item-media scroll-detect\" data-end-offset=\"30%\"><a href=\"https:\/\/www.hautes-alpes.net\/wp-content\/uploads\/2025\/11\/queryas-alpesphotographiescom-11-1-1024x684.jpg\" class=\"item-media__link init-lightbox\" data-glightbox=\"ws-gallery\" data-gallery=\"ws-gallery\" data-title=\"\"><img loading=\"lazy\" decoding=\"async\" width=\"1024\" height=\"684\" src=\"https:\/\/www.hautes-alpes.net\/wp-content\/uploads\/2025\/11\/queryas-alpesphotographiescom-11-1-1024x684.jpg\" alt=\"\" class=\"ws-image wp-image-85858\" srcset=\"https:\/\/www.hautes-alpes.net\/wp-content\/uploads\/2025\/11\/queryas-alpesphotographiescom-11-1-1024x684.jpg 1024w, https:\/\/www.hautes-alpes.net\/wp-content\/uploads\/2025\/11\/queryas-alpesphotographiescom-11-1-300x200.jpg 300w, https:\/\/www.hautes-alpes.net\/wp-content\/uploads\/2025\/11\/queryas-alpesphotographiescom-11-1-768x513.jpg 768w, https:\/\/www.hautes-alpes.net\/wp-content\/uploads\/2025\/11\/queryas-alpesphotographiescom-11-1-1536x1025.jpg 1536w, https:\/\/www.hautes-alpes.net\/wp-content\/uploads\/2025\/11\/queryas-alpesphotographiescom-11-1-480x320.jpg 480w, https:\/\/www.hautes-alpes.net\/wp-content\/uploads\/2025\/11\/queryas-alpesphotographiescom-11-1-960x640.jpg 960w, https:\/\/www.hautes-alpes.net\/wp-content\/uploads\/2025\/11\/queryas-alpesphotographiescom-11-1-660x440.jpg 660w, https:\/\/www.hautes-alpes.net\/wp-content\/uploads\/2025\/11\/queryas-alpesphotographiescom-11-1-525x350.jpg 525w, https:\/\/www.hautes-alpes.net\/wp-content\/uploads\/2025\/11\/queryas-alpesphotographiescom-11-1-929x620.jpg 929w, https:\/\/www.hautes-alpes.net\/wp-content\/uploads\/2025\/11\/queryas-alpesphotographiescom-11-1-959x640.jpg 959w, https:\/\/www.hautes-alpes.net\/wp-content\/uploads\/2025\/11\/queryas-alpesphotographiescom-11-1.jpg 1600w\" sizes=\"auto, (max-width: 1024px) 100vw, 1024px\" \/><\/a><\/div><div class=\"item item-media scroll-detect\" data-end-offset=\"30%\"><a href=\"https:\/\/www.hautes-alpes.net\/wp-content\/uploads\/2025\/12\/randonne-e-refuge-de-la-blanche-60-1.jpg\" class=\"item-media__link init-lightbox\" data-glightbox=\"ws-gallery\" data-gallery=\"ws-gallery\" data-title=\"\"><img loading=\"lazy\" decoding=\"async\" width=\"1024\" height=\"683\" src=\"https:\/\/www.hautes-alpes.net\/wp-content\/uploads\/2025\/12\/randonne-e-refuge-de-la-blanche-60-1-1024x683.jpg\" alt=\"\" class=\"ws-image wp-image-142645\" srcset=\"https:\/\/www.hautes-alpes.net\/wp-content\/uploads\/2025\/12\/randonne-e-refuge-de-la-blanche-60-1-1024x683.jpg 1024w, https:\/\/www.hautes-alpes.net\/wp-content\/uploads\/2025\/12\/randonne-e-refuge-de-la-blanche-60-1-300x200.jpg 300w, https:\/\/www.hautes-alpes.net\/wp-content\/uploads\/2025\/12\/randonne-e-refuge-de-la-blanche-60-1-768x512.jpg 768w, https:\/\/www.hautes-alpes.net\/wp-content\/uploads\/2025\/12\/randonne-e-refuge-de-la-blanche-60-1-1536x1024.jpg 1536w, https:\/\/www.hautes-alpes.net\/wp-content\/uploads\/2025\/12\/randonne-e-refuge-de-la-blanche-60-1-480x320.jpg 480w, https:\/\/www.hautes-alpes.net\/wp-content\/uploads\/2025\/12\/randonne-e-refuge-de-la-blanche-60-1-960x640.jpg 960w, https:\/\/www.hautes-alpes.net\/wp-content\/uploads\/2025\/12\/randonne-e-refuge-de-la-blanche-60-1-660x440.jpg 660w, https:\/\/www.hautes-alpes.net\/wp-content\/uploads\/2025\/12\/randonne-e-refuge-de-la-blanche-60-1-525x350.jpg 525w, https:\/\/www.hautes-alpes.net\/wp-content\/uploads\/2025\/12\/randonne-e-refuge-de-la-blanche-60-1-930x620.jpg 930w, https:\/\/www.hautes-alpes.net\/wp-content\/uploads\/2025\/12\/randonne-e-refuge-de-la-blanche-60-1.jpg 1600w\" sizes=\"auto, (max-width: 1024px) 100vw, 1024px\" \/><\/a><\/div><div class=\"item item-media scroll-detect\" data-end-offset=\"30%\"><a href=\"https:\/\/www.hautes-alpes.net\/wp-content\/uploads\/2025\/12\/chalet-enfants-scaled.jpg\" class=\"item-media__link init-lightbox\" data-glightbox=\"ws-gallery\" data-gallery=\"ws-gallery\" data-title=\"\"><img loading=\"lazy\" decoding=\"async\" width=\"637\" height=\"1024\" src=\"https:\/\/www.hautes-alpes.net\/wp-content\/uploads\/2025\/12\/chalet-enfants-637x1024.jpg\" alt=\"\" class=\"ws-image wp-image-142643\" srcset=\"https:\/\/www.hautes-alpes.net\/wp-content\/uploads\/2025\/12\/chalet-enfants-637x1024.jpg 637w, https:\/\/www.hautes-alpes.net\/wp-content\/uploads\/2025\/12\/chalet-enfants-187x300.jpg 187w, https:\/\/www.hautes-alpes.net\/wp-content\/uploads\/2025\/12\/chalet-enfants-768x1235.jpg 768w, https:\/\/www.hautes-alpes.net\/wp-content\/uploads\/2025\/12\/chalet-enfants-955x1536.jpg 955w, https:\/\/www.hautes-alpes.net\/wp-content\/uploads\/2025\/12\/chalet-enfants-1274x2048.jpg 1274w, https:\/\/www.hautes-alpes.net\/wp-content\/uploads\/2025\/12\/chalet-enfants-435x700.jpg 435w, https:\/\/www.hautes-alpes.net\/wp-content\/uploads\/2025\/12\/chalet-enfants-398x640.jpg 398w, https:\/\/www.hautes-alpes.net\/wp-content\/uploads\/2025\/12\/chalet-enfants-386x620.jpg 386w, https:\/\/www.hautes-alpes.net\/wp-content\/uploads\/2025\/12\/chalet-enfants-scaled.jpg 1592w\" sizes=\"auto, (max-width: 637px) 100vw, 637px\" \/><\/a><\/div><div class=\"item item-media scroll-detect\" data-end-offset=\"30%\"><a href=\"https:\/\/www.hautes-alpes.net\/wp-content\/uploads\/2025\/12\/disitllerie-st-veran-cedric-tempier-1.jpg\" class=\"item-media__link init-lightbox\" data-glightbox=\"ws-gallery\" data-gallery=\"ws-gallery\" data-title=\"\"><img loading=\"lazy\" decoding=\"async\" width=\"1024\" height=\"683\" src=\"https:\/\/www.hautes-alpes.net\/wp-content\/uploads\/2025\/12\/disitllerie-st-veran-cedric-tempier-1-1024x683.jpg\" alt=\"\" class=\"ws-image wp-image-142652\" srcset=\"https:\/\/www.hautes-alpes.net\/wp-content\/uploads\/2025\/12\/disitllerie-st-veran-cedric-tempier-1-1024x683.jpg 1024w, https:\/\/www.hautes-alpes.net\/wp-content\/uploads\/2025\/12\/disitllerie-st-veran-cedric-tempier-1-300x200.jpg 300w, https:\/\/www.hautes-alpes.net\/wp-content\/uploads\/2025\/12\/disitllerie-st-veran-cedric-tempier-1-768x512.jpg 768w, https:\/\/www.hautes-alpes.net\/wp-content\/uploads\/2025\/12\/disitllerie-st-veran-cedric-tempier-1-1536x1024.jpg 1536w, https:\/\/www.hautes-alpes.net\/wp-content\/uploads\/2025\/12\/disitllerie-st-veran-cedric-tempier-1-480x320.jpg 480w, https:\/\/www.hautes-alpes.net\/wp-content\/uploads\/2025\/12\/disitllerie-st-veran-cedric-tempier-1-960x640.jpg 960w, https:\/\/www.hautes-alpes.net\/wp-content\/uploads\/2025\/12\/disitllerie-st-veran-cedric-tempier-1-660x440.jpg 660w, https:\/\/www.hautes-alpes.net\/wp-content\/uploads\/2025\/12\/disitllerie-st-veran-cedric-tempier-1-525x350.jpg 525w, https:\/\/www.hautes-alpes.net\/wp-content\/uploads\/2025\/12\/disitllerie-st-veran-cedric-tempier-1-930x620.jpg 930w, https:\/\/www.hautes-alpes.net\/wp-content\/uploads\/2025\/12\/disitllerie-st-veran-cedric-tempier-1.jpg 1600w\" sizes=\"auto, (max-width: 1024px) 100vw, 1024px\" \/><\/a><\/div><\/div><\/div>\n\n<div style=\"height:50px\" aria-hidden=\"true\" class=\"wp-block-spacer\"><\/div>\n\n<h2 class=\"wp-block-heading is-style-title-1\">Die H\u00f6hepunkte <strong>des Queyras<\/strong><\/h2>\n\n<div class=\"wp-block-group alignwide list-nodetails is-content-justification-center is-layout-flex wp-container-core-group-is-layout-94ea2d6b wp-block-group-is-layout-flex\">\n<div class=\"wp-block-group has-global-padding is-layout-constrained wp-block-group-is-layout-constrained\">\n<div class=\"wp-block-ws-library-ws-image is-style-simple\"><div class=\"wrapper\"><div class=\"group-media\"><img decoding=\"async\" src=\"https:\/\/www.hautes-alpes.net\/wp-content\/uploads\/2025\/12\/arvieux-cedric-tempier-12-1240x800.jpg\" alt=\"\" class=\"single_image ws-image-130701\"><div class=\"credits\">AD05 - C.Tempier<\/div><\/div><p class=\"caption\"><\/p><\/div><\/div>\n\n\n\n<h3 class=\"wp-block-heading\"><em>Nordisch<br\/><\/em>Die gro\u00dfe Queyras-Durchquerung<\/h3>\n\n\n\n<p>Die Grande Travers\u00e9e du Queyras ist das nordische Rendezvous, bei dem die Schenkel hei\u00df werden und die Augen funkeln.<\/p>\n<\/div>\n\n\n\n<div class=\"wp-block-group has-global-padding is-layout-constrained wp-block-group-is-layout-constrained\">\n<div class=\"wp-block-ws-library-ws-image is-style-simple\"><div class=\"wrapper\"><div class=\"group-media\"><img decoding=\"async\" src=\"https:\/\/www.hautes-alpes.net\/wp-content\/uploads\/2025\/11\/queyras-refuge-de-la-balnche-4-1240x800.jpg\" alt=\"\" class=\"single_image ws-image-85855\"><div class=\"credits\">A. Lebel<\/div><\/div><p class=\"caption\"><\/p><\/div><\/div>\n\n\n\n<h3 class=\"wp-block-heading\"><em>Trail<br\/><\/em>Snow trail du Queyras<\/h3>\n\n\n\n<p>Ob Nachtlauf mit Stirnlampe oder Tagestour, jeder w\u00e4hlt sein Spielfeld, aber alle teilen den gleichen Cocktail: kurze Atemz\u00fcge, scharfe K\u00e4lte und viel frische Luft.<\/p>\n<\/div>\n\n\n\n<div class=\"wp-block-group has-global-padding is-layout-constrained wp-block-group-is-layout-constrained\">\n<div class=\"wp-block-ws-library-ws-image is-style-simple\"><div class=\"wrapper\"><div class=\"group-media\"><img decoding=\"async\" src=\"https:\/\/www.hautes-alpes.net\/wp-content\/uploads\/2025\/12\/488911847-1095025746002112-7811969898021887339-n-e1766486906591-992x640.jpg\" alt=\"\" class=\"single_image ws-image-130702\"><div class=\"credits\">Grand B\u00e9al - OT Guillestrois Queyras<\/div><\/div><p class=\"caption\"><\/p><\/div><\/div>\n\n\n\n<h3 class=\"wp-block-heading\"><em>Skibergsteigen<br\/><\/em>Le Grand B\u00e9al<\/h3>\n\n\n\n<p>In einer wilden und gro\u00dfartigen Umgebung verbindet dieser Wettbewerb Leistung und Geselligkeit, mit Strecken, die f\u00fcr alle geeignet sind: Zweierteams, individuelle Strecken, vom Elite-Niveau bis zur Entdeckung.<\/p>\n<\/div>\n<\/div>\n\n<div style=\"height:100px\" aria-hidden=\"true\" class=\"wp-block-spacer\"><\/div>\n\n<div class=\"wp-block-group has-global-padding is-layout-constrained wp-block-group-is-layout-constrained\">\n<p>Brauchen Sie Rat?<\/p>\n\n\n\n<h2 class=\"wp-block-heading\">Das Fremdenverkehrsamt,<br\/><strong>Ihr Verb\u00fcndeter vor Ort<\/strong><\/h2>\n\n\n\n<p><strong>Gute Tipps, Ideen f\u00fcr Aktivit\u00e4ten, pers\u00f6nliche Beratung: <\/strong>Z\u00f6gern Sie nicht, <strong>die Mitarbeiter<\/strong> des Fremdenverkehrsamtes zu besuchen oder zu kontaktieren, um das Reiseziel in vollen Z\u00fcgen zu genie\u00dfen.<\/p>\n\n\n\n<div class=\"wp-block-group has-global-padding is-layout-constrained wp-block-group-is-layout-constrained\">\n<h3 class=\"wp-block-heading\">Queyras<\/h3>\n\n\n\n<p>2535 route du Queyras Maison du Tourisme, 05350 Ch\u00e2teau-Ville-Vieille<\/p>\n<\/div>\n\n\n\n<div class=\"wp-block-group has-global-padding is-layout-constrained wp-block-group-is-layout-constrained\">\n<p><a href=\"tel:+33492467618\">04 92 46 76 18<\/a><\/p>\n\n\n\n<div class=\"wp-block-buttons is-layout-flex wp-block-buttons-is-layout-flex\">\n<div class=\"wp-block-button is-style-fill is-style-default\"><a class=\"wp-block-button__link wp-element-button\" href=\"http:\/\/lequeyras.com\">Website des Amtes<\/a><\/div>\n<\/div>\n<\/div>\n<\/div>\n\n<div style=\"height:100px\" aria-hidden=\"true\" class=\"wp-block-spacer\"><\/div>\n\n<hr class=\"wp-block-separator has-alpha-channel-opacity is-style-default\"\/>\n\n<h2 class=\"wp-block-heading is-style-title-1\"><strong>Siehe auch<\/strong><\/h2>\n\n<div class=\"wp-block-group alignwide list-nodetails is-content-justification-center is-layout-flex wp-container-core-group-is-layout-94ea2d6b wp-block-group-is-layout-flex\">\n<div class=\"wp-block-group has-global-padding is-layout-constrained wp-block-group-is-layout-constrained\">\n<div class=\"wp-block-ws-library-ws-image is-style-simple\"><div class=\"wrapper\"><div class=\"group-media\"><img decoding=\"async\" src=\"https:\/\/www.hautes-alpes.net\/wp-content\/uploads\/2025\/11\/magda-lac-mirroir-queyras-hd-jannovakphotography-1240x800.jpg\" alt=\"\" class=\"single_image ws-image-53316\"><div class=\"credits\">J. Novak<\/div><\/div><p class=\"caption\"><\/p><\/div><\/div>\n\n\n\n<h3 class=\"wp-block-heading is-style-title-2\"><em>Reiseziele<br\/><\/em>Guillestrois-Queyras<\/h3>\n\n\n\n<div class=\"wp-block-buttons is-layout-flex wp-block-buttons-is-layout-flex\">\n<div class=\"wp-block-button\"><a class=\"wp-block-button__link wp-element-button\" href=\"https:\/\/www.hautes-alpes.net\/de\/reiseziele-hautes-alpes\/guillestrois-queyras\/\">Siehe<\/a><\/div>\n<\/div>\n<\/div>\n\n\n\n<div class=\"wp-block-group has-global-padding is-layout-constrained wp-block-group-is-layout-constrained\">\n<div class=\"wp-block-ws-library-ws-image is-style-simple\"><div class=\"wrapper\"><div class=\"group-media\"><img decoding=\"async\" src=\"https:\/\/www.hautes-alpes.net\/wp-content\/uploads\/2025\/12\/vars-chiens-de-traineaux-credit-photo-tim-arnold-4-1240x800.jpg\" alt=\"\" class=\"single_image ws-image-116925\"><div class=\"credits\">OT Vars<\/div><\/div><p class=\"caption\"><\/p><\/div><\/div>\n\n\n\n<h3 class=\"wp-block-heading is-style-title-2\"><em>ErlebnisseNordische Aktivit\u00e4ten<\/em><\/h3>\n\n\n\n<div class=\"wp-block-buttons is-layout-flex wp-block-buttons-is-layout-flex\">\n<div class=\"wp-block-button\"><a class=\"wp-block-button__link wp-element-button\" href=\"https:\/\/www.hautes-alpes.net\/de\/erfahrungen-hautes-alpes\/nordische-aktivitaeten\/\">Siehe<\/a><\/div>\n<\/div>\n<\/div>\n<\/div>\n\n<div class=\"wp-block-ws-library-ws-share\"><span class=\"share-subtitle\">Hat Ihnen diese Seite gefallen?<\/span><span class=\"share-title\">Teilen Sie es mit anderen!<\/span><button class=\"ws-share-button wp-element-button\">Diese Seite teilen<\/button><\/div>\n","protected":false},"excerpt":{"rendered":"<p>Queyras Willkommen in Queyras, dem wilden Balkon der Hautes-Alpes, der sich an Italien anlehnt und im Herzen eines einzigartigen Naturparks [&hellip;]<\/p>\n","protected":false},"author":5,"featured_media":0,"parent":107583,"menu_order":0,"comment_status":"closed","ping_status":"closed","template":"","meta":{"is_dark_mode":false,"footnotes":""},"page_label":[],"class_list":["post-108476","page","type-page","status-publish","hentry"],"yoast_head":"<!-- This site is optimized with the Yoast SEO plugin v27.2 - https:\/\/yoast.com\/product\/yoast-seo-wordpress\/ -->\n<title>Ferienorte in den D\u00f6rfern von Queyras - Hautes-Alpes<\/title>\n<meta name=\"description\" content=\"Ferienorte in den D\u00f6rfern von Queyras Queyras Willkommen in Queyras, dem wilden Balkon der Hautes-Alpes, der sich an Italien anlehnt und im Herzen eines\" \/>\n<meta name=\"robots\" content=\"index, follow, max-snippet:-1, max-image-preview:large, max-video-preview:-1\" \/>\n<link rel=\"canonical\" href=\"https:\/\/www.hautes-alpes.net\/de\/reiseziele-hautes-alpes\/ferienorte-in-den-doerfern-von-queyras\/\" \/>\n<meta property=\"og:locale\" content=\"de_DE\" \/>\n<meta property=\"og:type\" content=\"article\" \/>\n<meta property=\"og:title\" content=\"Ferienorte in den D\u00f6rfern von Queyras - Hautes-Alpes\" \/>\n<meta property=\"og:description\" content=\"Ferienorte in den D\u00f6rfern von Queyras Queyras Willkommen in Queyras, dem wilden Balkon der Hautes-Alpes, der sich an Italien anlehnt und im Herzen eines\" \/>\n<meta property=\"og:url\" content=\"https:\/\/www.hautes-alpes.net\/de\/reiseziele-hautes-alpes\/ferienorte-in-den-doerfern-von-queyras\/\" \/>\n<meta property=\"og:site_name\" content=\"Hautes-Alpes\" \/>\n<meta property=\"article:modified_time\" content=\"2025-12-30T07:31:51+00:00\" \/>\n<meta property=\"og:image\" content=\"https:\/\/www.hautes-alpes.net\/wp-content\/uploads\/2025\/11\/saint-veran-rogier-van-rijn-2000x1000.jpg\" \/>\n<meta name=\"twitter:card\" content=\"summary_large_image\" \/>\n<meta name=\"twitter:label1\" content=\"Gesch\u00e4tzte Lesezeit\" \/>\n\t<meta name=\"twitter:data1\" content=\"2 Minuten\" \/>\n<script type=\"application\/ld+json\" class=\"yoast-schema-graph\">{\"@context\":\"https:\/\/schema.org\",\"@graph\":[{\"@type\":\"WebPage\",\"@id\":\"https:\/\/www.hautes-alpes.net\/de\/reiseziele-hautes-alpes\/ferienorte-in-den-doerfern-von-queyras\/\",\"url\":\"https:\/\/www.hautes-alpes.net\/de\/reiseziele-hautes-alpes\/ferienorte-in-den-doerfern-von-queyras\/\",\"name\":\"Ferienorte in den D\u00f6rfern von Queyras - Hautes-Alpes\",\"isPartOf\":{\"@id\":\"https:\/\/www.hautes-alpes.net\/de\/#website\"},\"primaryImageOfPage\":{\"@id\":\"https:\/\/www.hautes-alpes.net\/de\/reiseziele-hautes-alpes\/ferienorte-in-den-doerfern-von-queyras\/#primaryimage\"},\"image\":{\"@id\":\"https:\/\/www.hautes-alpes.net\/de\/reiseziele-hautes-alpes\/ferienorte-in-den-doerfern-von-queyras\/#primaryimage\"},\"thumbnailUrl\":\"https:\/\/www.hautes-alpes.net\/wp-content\/uploads\/2025\/11\/saint-veran-rogier-van-rijn-2000x1000.jpg\",\"datePublished\":\"2025-11-19T16:06:51+00:00\",\"dateModified\":\"2025-12-30T07:31:51+00:00\",\"description\":\"Ferienorte in den D\u00f6rfern von Queyras Queyras Willkommen in Queyras, dem wilden Balkon der Hautes-Alpes, der sich an Italien anlehnt und im Herzen eines\",\"breadcrumb\":{\"@id\":\"https:\/\/www.hautes-alpes.net\/de\/reiseziele-hautes-alpes\/ferienorte-in-den-doerfern-von-queyras\/#breadcrumb\"},\"inLanguage\":\"de\",\"potentialAction\":[{\"@type\":\"ReadAction\",\"target\":[\"https:\/\/www.hautes-alpes.net\/de\/reiseziele-hautes-alpes\/ferienorte-in-den-doerfern-von-queyras\/\"]}]},{\"@type\":\"ImageObject\",\"inLanguage\":\"de\",\"@id\":\"https:\/\/www.hautes-alpes.net\/de\/reiseziele-hautes-alpes\/ferienorte-in-den-doerfern-von-queyras\/#primaryimage\",\"url\":\"https:\/\/www.hautes-alpes.net\/wp-content\/uploads\/2025\/11\/saint-veran-rogier-van-rijn-2000x1000.jpg\",\"contentUrl\":\"https:\/\/www.hautes-alpes.net\/wp-content\/uploads\/2025\/11\/saint-veran-rogier-van-rijn-2000x1000.jpg\"},{\"@type\":\"BreadcrumbList\",\"@id\":\"https:\/\/www.hautes-alpes.net\/de\/reiseziele-hautes-alpes\/ferienorte-in-den-doerfern-von-queyras\/#breadcrumb\",\"itemListElement\":[{\"@type\":\"ListItem\",\"position\":1,\"name\":\"Accueil\",\"item\":\"https:\/\/www.hautes-alpes.net\/de\/hautes-alpes\/\"},{\"@type\":\"ListItem\",\"position\":2,\"name\":\"Reiseziele - Hautes-Alpes\",\"item\":\"https:\/\/www.hautes-alpes.net\/de\/reiseziele-hautes-alpes\/\"},{\"@type\":\"ListItem\",\"position\":3,\"name\":\"Reiseziele - Hautes-Alpes\",\"item\":\"https:\/\/www.hautes-alpes.net\/de\/reiseziele-hautes-alpes\/\"},{\"@type\":\"ListItem\",\"position\":4,\"name\":\"Ferienorte in den D\u00f6rfern von Queyras\"}]},{\"@type\":\"WebSite\",\"@id\":\"https:\/\/www.hautes-alpes.net\/de\/#website\",\"url\":\"https:\/\/www.hautes-alpes.net\/de\/\",\"name\":\"ADDET\",\"description\":\"\",\"publisher\":{\"@id\":\"https:\/\/www.hautes-alpes.net\/de\/#organization\"},\"potentialAction\":[{\"@type\":\"SearchAction\",\"target\":{\"@type\":\"EntryPoint\",\"urlTemplate\":\"https:\/\/www.hautes-alpes.net\/de\/?s={search_term_string}\"},\"query-input\":{\"@type\":\"PropertyValueSpecification\",\"valueRequired\":true,\"valueName\":\"search_term_string\"}}],\"inLanguage\":\"de\"},{\"@type\":\"Organization\",\"@id\":\"https:\/\/www.hautes-alpes.net\/de\/#organization\",\"name\":\"Agence D\u00e9partementale de D\u00e9veloppement Economique et Touristique des Hautes-Alpes\",\"url\":\"https:\/\/www.hautes-alpes.net\/de\/\",\"logo\":{\"@type\":\"ImageObject\",\"inLanguage\":\"de\",\"@id\":\"https:\/\/www.hautes-alpes.net\/de\/#\/schema\/logo\/image\/\",\"url\":\"https:\/\/www.hautes-alpes.net\/wp-content\/uploads\/2026\/01\/black-logo-2.svg\",\"contentUrl\":\"https:\/\/www.hautes-alpes.net\/wp-content\/uploads\/2026\/01\/black-logo-2.svg\",\"caption\":\"Agence D\u00e9partementale de D\u00e9veloppement Economique et Touristique des Hautes-Alpes\"},\"image\":{\"@id\":\"https:\/\/www.hautes-alpes.net\/de\/#\/schema\/logo\/image\/\"}}]}<\/script>\n<!-- \/ Yoast SEO plugin. -->","yoast_head_json":{"title":"Ferienorte in den D\u00f6rfern von Queyras - Hautes-Alpes","description":"Ferienorte in den D\u00f6rfern von Queyras Queyras Willkommen in Queyras, dem wilden Balkon der Hautes-Alpes, der sich an Italien anlehnt und im Herzen eines","robots":{"index":"index","follow":"follow","max-snippet":"max-snippet:-1","max-image-preview":"max-image-preview:large","max-video-preview":"max-video-preview:-1"},"canonical":"https:\/\/www.hautes-alpes.net\/de\/reiseziele-hautes-alpes\/ferienorte-in-den-doerfern-von-queyras\/","og_locale":"de_DE","og_type":"article","og_title":"Ferienorte in den D\u00f6rfern von Queyras - Hautes-Alpes","og_description":"Ferienorte in den D\u00f6rfern von Queyras Queyras Willkommen in Queyras, dem wilden Balkon der Hautes-Alpes, der sich an Italien anlehnt und im Herzen eines","og_url":"https:\/\/www.hautes-alpes.net\/de\/reiseziele-hautes-alpes\/ferienorte-in-den-doerfern-von-queyras\/","og_site_name":"Hautes-Alpes","article_modified_time":"2025-12-30T07:31:51+00:00","og_image":[{"url":"https:\/\/www.hautes-alpes.net\/wp-content\/uploads\/2025\/11\/saint-veran-rogier-van-rijn-2000x1000.jpg","type":"","width":"","height":""}],"twitter_card":"summary_large_image","twitter_misc":{"Gesch\u00e4tzte Lesezeit":"2 Minuten"},"schema":{"@context":"https:\/\/schema.org","@graph":[{"@type":"WebPage","@id":"https:\/\/www.hautes-alpes.net\/de\/reiseziele-hautes-alpes\/ferienorte-in-den-doerfern-von-queyras\/","url":"https:\/\/www.hautes-alpes.net\/de\/reiseziele-hautes-alpes\/ferienorte-in-den-doerfern-von-queyras\/","name":"Ferienorte in den D\u00f6rfern von Queyras - Hautes-Alpes","isPartOf":{"@id":"https:\/\/www.hautes-alpes.net\/de\/#website"},"primaryImageOfPage":{"@id":"https:\/\/www.hautes-alpes.net\/de\/reiseziele-hautes-alpes\/ferienorte-in-den-doerfern-von-queyras\/#primaryimage"},"image":{"@id":"https:\/\/www.hautes-alpes.net\/de\/reiseziele-hautes-alpes\/ferienorte-in-den-doerfern-von-queyras\/#primaryimage"},"thumbnailUrl":"https:\/\/www.hautes-alpes.net\/wp-content\/uploads\/2025\/11\/saint-veran-rogier-van-rijn-2000x1000.jpg","datePublished":"2025-11-19T16:06:51+00:00","dateModified":"2025-12-30T07:31:51+00:00","description":"Ferienorte in den D\u00f6rfern von Queyras Queyras Willkommen in Queyras, dem wilden Balkon der Hautes-Alpes, der sich an Italien anlehnt und im Herzen eines","breadcrumb":{"@id":"https:\/\/www.hautes-alpes.net\/de\/reiseziele-hautes-alpes\/ferienorte-in-den-doerfern-von-queyras\/#breadcrumb"},"inLanguage":"de","potentialAction":[{"@type":"ReadAction","target":["https:\/\/www.hautes-alpes.net\/de\/reiseziele-hautes-alpes\/ferienorte-in-den-doerfern-von-queyras\/"]}]},{"@type":"ImageObject","inLanguage":"de","@id":"https:\/\/www.hautes-alpes.net\/de\/reiseziele-hautes-alpes\/ferienorte-in-den-doerfern-von-queyras\/#primaryimage","url":"https:\/\/www.hautes-alpes.net\/wp-content\/uploads\/2025\/11\/saint-veran-rogier-van-rijn-2000x1000.jpg","contentUrl":"https:\/\/www.hautes-alpes.net\/wp-content\/uploads\/2025\/11\/saint-veran-rogier-van-rijn-2000x1000.jpg"},{"@type":"BreadcrumbList","@id":"https:\/\/www.hautes-alpes.net\/de\/reiseziele-hautes-alpes\/ferienorte-in-den-doerfern-von-queyras\/#breadcrumb","itemListElement":[{"@type":"ListItem","position":1,"name":"Accueil","item":"https:\/\/www.hautes-alpes.net\/de\/hautes-alpes\/"},{"@type":"ListItem","position":2,"name":"Reiseziele - Hautes-Alpes","item":"https:\/\/www.hautes-alpes.net\/de\/reiseziele-hautes-alpes\/"},{"@type":"ListItem","position":3,"name":"Reiseziele - Hautes-Alpes","item":"https:\/\/www.hautes-alpes.net\/de\/reiseziele-hautes-alpes\/"},{"@type":"ListItem","position":4,"name":"Ferienorte in den D\u00f6rfern von Queyras"}]},{"@type":"WebSite","@id":"https:\/\/www.hautes-alpes.net\/de\/#website","url":"https:\/\/www.hautes-alpes.net\/de\/","name":"ADDET","description":"","publisher":{"@id":"https:\/\/www.hautes-alpes.net\/de\/#organization"},"potentialAction":[{"@type":"SearchAction","target":{"@type":"EntryPoint","urlTemplate":"https:\/\/www.hautes-alpes.net\/de\/?s={search_term_string}"},"query-input":{"@type":"PropertyValueSpecification","valueRequired":true,"valueName":"search_term_string"}}],"inLanguage":"de"},{"@type":"Organization","@id":"https:\/\/www.hautes-alpes.net\/de\/#organization","name":"Agence D\u00e9partementale de D\u00e9veloppement Economique et Touristique des Hautes-Alpes","url":"https:\/\/www.hautes-alpes.net\/de\/","logo":{"@type":"ImageObject","inLanguage":"de","@id":"https:\/\/www.hautes-alpes.net\/de\/#\/schema\/logo\/image\/","url":"https:\/\/www.hautes-alpes.net\/wp-content\/uploads\/2026\/01\/black-logo-2.svg","contentUrl":"https:\/\/www.hautes-alpes.net\/wp-content\/uploads\/2026\/01\/black-logo-2.svg","caption":"Agence D\u00e9partementale de D\u00e9veloppement Economique et Touristique des Hautes-Alpes"},"image":{"@id":"https:\/\/www.hautes-alpes.net\/de\/#\/schema\/logo\/image\/"}}]}},"_links":{"self":[{"href":"https:\/\/www.hautes-alpes.net\/de\/wp-json\/wp\/v2\/pages\/108476","targetHints":{"allow":["GET"]}}],"collection":[{"href":"https:\/\/www.hautes-alpes.net\/de\/wp-json\/wp\/v2\/pages"}],"about":[{"href":"https:\/\/www.hautes-alpes.net\/de\/wp-json\/wp\/v2\/types\/page"}],"author":[{"embeddable":true,"href":"https:\/\/www.hautes-alpes.net\/de\/wp-json\/wp\/v2\/users\/5"}],"replies":[{"embeddable":true,"href":"https:\/\/www.hautes-alpes.net\/de\/wp-json\/wp\/v2\/comments?post=108476"}],"version-history":[{"count":10,"href":"https:\/\/www.hautes-alpes.net\/de\/wp-json\/wp\/v2\/pages\/108476\/revisions"}],"predecessor-version":[{"id":145299,"href":"https:\/\/www.hautes-alpes.net\/de\/wp-json\/wp\/v2\/pages\/108476\/revisions\/145299"}],"up":[{"embeddable":true,"href":"https:\/\/www.hautes-alpes.net\/de\/wp-json\/wp\/v2\/pages\/107583"}],"wp:attachment":[{"href":"https:\/\/www.hautes-alpes.net\/de\/wp-json\/wp\/v2\/media?parent=108476"}],"wp:term":[{"taxonomy":"page_label","embeddable":true,"href":"https:\/\/www.hautes-alpes.net\/de\/wp-json\/wp\/v2\/page_label?post=108476"}],"curies":[{"name":"wp","href":"https:\/\/api.w.org\/{rel}","templated":true}]}}