{"id":108127,"date":"2025-10-10T15:18:22","date_gmt":"2025-10-10T13:18:22","guid":{"rendered":"https:\/\/www.hautes-alpes.net\/rechtliche-hinweise-und-kredite\/"},"modified":"2025-12-19T15:16:05","modified_gmt":"2025-12-19T14:16:05","slug":"rechtliche-hinweise-und-kredite","status":"publish","type":"page","link":"https:\/\/www.hautes-alpes.net\/de\/rechtliche-hinweise-und-kredite\/","title":{"rendered":"Rechtliche Hinweise und Kredite"},"content":{"rendered":"\n<div class=\"wp-block-group alignfull hero-banner-simple has-global-padding is-layout-constrained wp-block-group-is-layout-constrained\"><div class=\"yoast-breadcrumbs\"><span><span><a href=\"https:\/\/www.hautes-alpes.net\/de\/hautes-alpes\/\">Accueil<\/a><\/span>  <span class=\"breadcrumb_last\" aria-current=\"page\">Rechtliche Hinweise und Kredite<\/span><\/span><\/div>\n\n\n<h1 class=\"wp-block-ws-library-post-title\">Rechtliche Hinweise und Kredite<\/h1>\n\n\n\n<p class=\"subtitle\"><\/p>\n\n\n\n<p><\/p>\n<\/div>\n\n<div class=\"wp-block-columns is-layout-flex wp-container-core-columns-is-layout-6c531013 wp-block-columns-is-layout-flex\">\n<div class=\"wp-block-column is-layout-flow wp-block-column-is-layout-flow\">\n<p>Die Website hautes-alpes.net ist Eigentum von : <strong>L&#8217;Agence de d\u00e9veloppement des Hautes-Alpes<\/strong> <br\/> <br\/>13, avenue Mar\u00e9chal Foch <br\/><span class=\"postal-code\">05000<\/span> <span class=\"locality\">Gap<\/span>, <span class=\"country-name sr-only\">Frankreich<\/span> <br\/><a href=\"tel:+33492536200\">04 92 53 62 00<\/a><a class=\"email\" href=\"mailto:%5BEMAIL%5D\"> <\/a><a href=\"mailto:info@hautes-alpes.net\">info@hautes-alpes.net<\/a> <br\/><br\/>Rechtsstatus des Unternehmens: \u00d6ffentliche Interessenvereinigung<br\/>SIRET: 130 020 753 00013  <br\/><\/p>\n<\/div>\n\n\n\n<div class=\"wp-block-column is-layout-flow wp-block-column-is-layout-flow\">\n<h2 class=\"wp-block-heading\">Redaktioneller Verantwortlicher<\/h2>\n\n\n\n<p>Yvan CHAIX, Direktor<\/p>\n\n\n\n<h2 class=\"wp-block-heading\">Verantwortlich f\u00fcr die Ver\u00f6ffentlichung<\/h2>\n\n\n\n<p>Yvan CHAIX, Direktor<\/p>\n<\/div>\n<\/div>\n\n<div class=\"wp-block-group has-global-padding is-layout-constrained wp-block-group-is-layout-constrained\">\n<div class=\"wp-block-columns is-layout-flex wp-container-core-columns-is-layout-6c531013 wp-block-columns-is-layout-flex\">\n<div class=\"wp-block-column is-layout-flow wp-block-column-is-layout-flow\">\n<h2 class=\"wp-block-heading\">WebDesign<\/h2>\n\n\n\n<p>Das UI \/ UX Design und die CSS-Integration wurden von der<a title=\"WebSenso Agentur - UX design webdesign\" href=\"https:\/\/www.websenso.com\/expertises\/ux-design\" target=\"_blank\" rel=\"noopener\">Agentur WebSenso<\/a> auf der Grundlage der zur Verf\u00fcgung gestellten Elemente (Logo, Grafikcharta, etc.) durchgef\u00fchrt.<\/p>\n<\/div>\n\n\n\n<div class=\"wp-block-column is-layout-flow wp-block-column-is-layout-flow\">\n<h2 class=\"wp-block-heading\">Entwicklung<\/h2>\n\n\n\n<p>Dieses Webprojekt wurde von der<a title=\"WebSenso Agentur - Entwicklung von WordPress-Anwendungen\" href=\"https:\/\/www.websenso.com\" target=\"_blank\" rel=\"noopener\">Agentur WebSenso<\/a> mit dem CMS WordPress realisiert: Einstellungen, Plugin, Thema, etc.<\/p>\n<\/div>\n<\/div>\n\n\n\n<div class=\"wp-block-group has-global-padding is-layout-constrained wp-block-group-is-layout-constrained\">\n<div class=\"wp-block-column is-layout-flow wp-block-column-is-layout-flow\">\n<div class=\"wp-block-columns is-layout-flex wp-container-core-columns-is-layout-6c531013 wp-block-columns-is-layout-flex\">\n<div class=\"wp-block-column is-layout-flow wp-block-column-is-layout-flow\">\n<h2 class=\"wp-block-heading\">Wartung<\/h2>\n\n\n\n<p>Die <a href=\"https:\/\/www.websenso.com\/expertises\/wordpress\" target=\"_blank\" rel=\"noopener\">WordPress TMA<\/a> (Tierce Maintenance Applicative) wird von der<a href=\"https:\/\/www.websenso.com\" target=\"_blank\" rel=\"noopener\">Agentur WebSenso<\/a> durchgef\u00fchrt.<\/p>\n<\/div>\n\n\n\n<div class=\"wp-block-column is-layout-flow wp-block-column-is-layout-flow\">\n<h2 class=\"wp-block-heading\">Unterkunft<\/h2>\n\n\n\n<p>Dieser Dienst wird physisch in Frankreich in einem Datenzentrum der Firma OVHCloud gehostet.<\/p>\n<\/div>\n<\/div>\n<\/div>\n<\/div>\n\n\n\n<h2 class=\"wp-block-heading\">Geistiges Eigentum<\/h2>\n\n\n\n<p>Unsere Einheit ist Eigent\u00fcmer der geistigen Eigentumsrechte oder besitzt die Nutzungsrechte f\u00fcr alle auf der Website zug\u00e4nglichen Elemente, insbesondere Texte, Bilder, Grafiken, Logos usw.. Bevor Sie diese Inhalte kopieren, anpassen, zitieren&#8230; holen Sie bitte eine vorherige schriftliche Genehmigung ein. <\/p>\n\n\n\n<h2 class=\"wp-block-heading\">Hypertext-Links<\/h2>\n\n\n\n<p>W\u00e4hrend Ihrer Navigation werden Sie mehrere Hypertext-Links zu anderen Websites entdecken. Unsere Einheit hat nicht die M\u00f6glichkeit, den Inhalt dieser Websites zu \u00fcberpr\u00fcfen und \u00fcbernimmt folglich keine Verantwortung daf\u00fcr. <\/p>\n\n\n\n<h2 class=\"wp-block-heading\">Cookies<\/h2>\n\n\n\n<p>Das Surfen auf dieser Website f\u00fchrt zur Installation kleiner Dateien, so genannter <a href=\"https:\/\/fr.wikipedia.org\/wiki\/Cookie_(informatique)\" target=\"_blank\" rel=\"nofollow noopener external\">Cookies<\/a>, im Browser des Nutzers. Sie sind freundlich und nehmen keinen Platz weg. Andererseits kann die Verweigerung der Installation eines Cookies den Zugang zu bestimmten Diensten technisch blockieren und unsere F\u00e4higkeit, das Surferlebnis zu verbessern, einschr\u00e4nken. Nachfolgend finden Sie eine Liste der verwendeten Cookies.<\/p>\n\n\n\n        \n        <div class=\"table-responsive\">\n            <table class=\"table cookie-tracker-table\">\n                <thead>\n                    <tr>\n                        <th>Outil<\/th>\n                        <th>Fonctionnalit\u00e9<\/th>\n                        <th>Fichier(s)<\/th>\n                        <th>Dur\u00e9e de vie<\/th>\n                        <th>IP collect\u00e9e<\/th>\n                        <th><a href=\"https:\/\/www.eff.org\/issues\/do-not-track\" target=\"_blank\">DNT<\/a> respect\u00e9<\/th>\n                    <\/tr>\n                <\/thead>\n                <tbody>\n                    <tr>\n                        <td><strong>Ce site uniquement<\/strong> <br \/>CMS WordPress<\/td>\n                        <td>G\u00e8re les sessions utilisateur, la d\u00e9tection de JavaScript, et la persistance de la connexion.<\/td>\n                        <td>has_js<br \/>wordpress_logged_in_*<\/td>\n                        <td>Expire \u00e0 la fermeture du navigateur.<\/td>\n                        <td>-<\/td>\n                        <td>-<\/td>\n                    <\/tr>\n\n                                            <tr>\n                            <td><strong>Matomo<\/strong> <br \/>H\u00e9berg\u00e9 en France<\/td>\n                            <td>Votre navigation est mesur\u00e9e par la solution Matomo. H\u00e9berg\u00e9e sur des serveurs en France (<a href=\"https:\/\/www.websenso.com\/analytics\" target=\"_blank\">https:\/\/www.websenso.com\/analytics<\/a>), ce logiciel est configur\u00e9 avec les param\u00e8tres stricts du respect de la vie priv\u00e9.<\/td>\n                            <td> Aucun<\/td>\n                            <td>-<\/td>\n                            <td>\n                                <div style=\"color: green;\">\ud83d\ude0e R\u00e9duite<\/div>\n                                <small>IP (2 octets masqu\u00e9s)\u00a0: 216.73.xxx.xxx<\/small>\n                            <\/td>\n                            <td>\n                                -                            <\/td>\n                        <\/tr>\n                    \n                                    <\/tbody>\n            <\/table>\n        <\/div>\n\n\n\n\n\n<h2 class=\"wp-block-heading\">Verwaltung von pers\u00f6nlichen Daten<\/h2>\n\n\n\n<p>Beim Surfen auf dieser Website k\u00f6nnen Informationen gesammelt werden: Herkunft, Zugangsanbieter, IP-Adresse, etc. Die Website sammelt pers\u00f6nliche Informationen f\u00fcr die Zwecke bestimmter Dienstleistungen, die auf dieser Website angeboten werden, siehe oben. Das Recht auf Zugang, Berichtigung und Widerspruch zu den pers\u00f6nlichen Daten der Besucher kann schriftlich unter der oben genannten Adresse beantragt werden.  <\/p>\n\n\n\n<h2 class=\"wp-block-heading\">Anwendbares Recht und Gerichtsstand<\/h2>\n\n\n\n<p>Alle Streitigkeiten im Zusammenhang mit der Nutzung dieser Website unterliegen dem franz\u00f6sischen Recht und der Sprache von Moli\u00e8re. Cocorico! <\/p>\n\n\n\n<h2 class=\"wp-block-heading\">Immer noch da?<\/h2>\n\n\n\n<p>Herzlichen Gl\u00fcckwunsch! Denn diese Seite ist sicherlich die uninteressanteste auf dieser Website \ud83d\ude09. <\/p>\n<\/div>\n","protected":false},"excerpt":{"rendered":"<p>Die Website hautes-alpes.net ist Eigentum von : L&#8217;Agence de d\u00e9veloppement des Hautes-Alpes 13, avenue Mar\u00e9chal Foch 05000 Gap, Frankreich 04 [&hellip;]<\/p>\n","protected":false},"author":1,"featured_media":0,"parent":0,"menu_order":0,"comment_status":"closed","ping_status":"closed","template":"","meta":{"is_dark_mode":false,"footnotes":""},"page_label":[],"class_list":["post-108127","page","type-page","status-publish","hentry"],"yoast_head":"<!-- This site is optimized with the Yoast SEO plugin v27.2 - https:\/\/yoast.com\/product\/yoast-seo-wordpress\/ -->\n<title>Rechtliche Hinweise und Kredite - Hautes-Alpes<\/title>\n<meta name=\"description\" content=\"Rechtliche Hinweise und Kredite Die Website hautes-alpes.net ist Eigentum von : L&#039;Agence de d\u00e9veloppement des Hautes-Alpes 13, avenue Mar\u00e9chal Foch 05000\" \/>\n<meta name=\"robots\" content=\"index, follow, max-snippet:-1, max-image-preview:large, max-video-preview:-1\" \/>\n<link rel=\"canonical\" href=\"https:\/\/www.hautes-alpes.net\/de\/rechtliche-hinweise-und-kredite\/\" \/>\n<meta property=\"og:locale\" content=\"de_DE\" \/>\n<meta property=\"og:type\" content=\"article\" \/>\n<meta property=\"og:title\" content=\"Rechtliche Hinweise und Kredite - Hautes-Alpes\" \/>\n<meta property=\"og:description\" content=\"Rechtliche Hinweise und Kredite Die Website hautes-alpes.net ist Eigentum von : L&#039;Agence de d\u00e9veloppement des Hautes-Alpes 13, avenue Mar\u00e9chal Foch 05000\" \/>\n<meta property=\"og:url\" content=\"https:\/\/www.hautes-alpes.net\/de\/rechtliche-hinweise-und-kredite\/\" \/>\n<meta property=\"og:site_name\" content=\"Hautes-Alpes\" \/>\n<meta property=\"article:modified_time\" content=\"2025-12-19T14:16:05+00:00\" \/>\n<meta name=\"twitter:card\" content=\"summary_large_image\" \/>\n<meta name=\"twitter:label1\" content=\"Gesch\u00e4tzte Lesezeit\" \/>\n\t<meta name=\"twitter:data1\" content=\"2 Minuten\" \/>\n<script type=\"application\/ld+json\" class=\"yoast-schema-graph\">{\"@context\":\"https:\/\/schema.org\",\"@graph\":[{\"@type\":\"WebPage\",\"@id\":\"https:\/\/www.hautes-alpes.net\/de\/rechtliche-hinweise-und-kredite\/\",\"url\":\"https:\/\/www.hautes-alpes.net\/de\/rechtliche-hinweise-und-kredite\/\",\"name\":\"Rechtliche Hinweise und Kredite - Hautes-Alpes\",\"isPartOf\":{\"@id\":\"https:\/\/www.hautes-alpes.net\/de\/#website\"},\"datePublished\":\"2025-10-10T13:18:22+00:00\",\"dateModified\":\"2025-12-19T14:16:05+00:00\",\"description\":\"Rechtliche Hinweise und Kredite Die Website hautes-alpes.net ist Eigentum von : L'Agence de d\u00e9veloppement des Hautes-Alpes 13, avenue Mar\u00e9chal Foch 05000\",\"breadcrumb\":{\"@id\":\"https:\/\/www.hautes-alpes.net\/de\/rechtliche-hinweise-und-kredite\/#breadcrumb\"},\"inLanguage\":\"de\",\"potentialAction\":[{\"@type\":\"ReadAction\",\"target\":[\"https:\/\/www.hautes-alpes.net\/de\/rechtliche-hinweise-und-kredite\/\"]}]},{\"@type\":\"BreadcrumbList\",\"@id\":\"https:\/\/www.hautes-alpes.net\/de\/rechtliche-hinweise-und-kredite\/#breadcrumb\",\"itemListElement\":[{\"@type\":\"ListItem\",\"position\":1,\"name\":\"Accueil\",\"item\":\"https:\/\/www.hautes-alpes.net\/de\/hautes-alpes\/\"},{\"@type\":\"ListItem\",\"position\":2,\"name\":\"Rechtliche Hinweise und Kredite\"}]},{\"@type\":\"WebSite\",\"@id\":\"https:\/\/www.hautes-alpes.net\/de\/#website\",\"url\":\"https:\/\/www.hautes-alpes.net\/de\/\",\"name\":\"ADDET\",\"description\":\"\",\"publisher\":{\"@id\":\"https:\/\/www.hautes-alpes.net\/de\/#organization\"},\"potentialAction\":[{\"@type\":\"SearchAction\",\"target\":{\"@type\":\"EntryPoint\",\"urlTemplate\":\"https:\/\/www.hautes-alpes.net\/de\/?s={search_term_string}\"},\"query-input\":{\"@type\":\"PropertyValueSpecification\",\"valueRequired\":true,\"valueName\":\"search_term_string\"}}],\"inLanguage\":\"de\"},{\"@type\":\"Organization\",\"@id\":\"https:\/\/www.hautes-alpes.net\/de\/#organization\",\"name\":\"Agence D\u00e9partementale de D\u00e9veloppement Economique et Touristique des Hautes-Alpes\",\"url\":\"https:\/\/www.hautes-alpes.net\/de\/\",\"logo\":{\"@type\":\"ImageObject\",\"inLanguage\":\"de\",\"@id\":\"https:\/\/www.hautes-alpes.net\/de\/#\/schema\/logo\/image\/\",\"url\":\"https:\/\/www.hautes-alpes.net\/wp-content\/uploads\/2026\/01\/black-logo-2.svg\",\"contentUrl\":\"https:\/\/www.hautes-alpes.net\/wp-content\/uploads\/2026\/01\/black-logo-2.svg\",\"caption\":\"Agence D\u00e9partementale de D\u00e9veloppement Economique et Touristique des Hautes-Alpes\"},\"image\":{\"@id\":\"https:\/\/www.hautes-alpes.net\/de\/#\/schema\/logo\/image\/\"}}]}<\/script>\n<!-- \/ Yoast SEO plugin. -->","yoast_head_json":{"title":"Rechtliche Hinweise und Kredite - Hautes-Alpes","description":"Rechtliche Hinweise und Kredite Die Website hautes-alpes.net ist Eigentum von : L'Agence de d\u00e9veloppement des Hautes-Alpes 13, avenue Mar\u00e9chal Foch 05000","robots":{"index":"index","follow":"follow","max-snippet":"max-snippet:-1","max-image-preview":"max-image-preview:large","max-video-preview":"max-video-preview:-1"},"canonical":"https:\/\/www.hautes-alpes.net\/de\/rechtliche-hinweise-und-kredite\/","og_locale":"de_DE","og_type":"article","og_title":"Rechtliche Hinweise und Kredite - Hautes-Alpes","og_description":"Rechtliche Hinweise und Kredite Die Website hautes-alpes.net ist Eigentum von : L'Agence de d\u00e9veloppement des Hautes-Alpes 13, avenue Mar\u00e9chal Foch 05000","og_url":"https:\/\/www.hautes-alpes.net\/de\/rechtliche-hinweise-und-kredite\/","og_site_name":"Hautes-Alpes","article_modified_time":"2025-12-19T14:16:05+00:00","twitter_card":"summary_large_image","twitter_misc":{"Gesch\u00e4tzte Lesezeit":"2 Minuten"},"schema":{"@context":"https:\/\/schema.org","@graph":[{"@type":"WebPage","@id":"https:\/\/www.hautes-alpes.net\/de\/rechtliche-hinweise-und-kredite\/","url":"https:\/\/www.hautes-alpes.net\/de\/rechtliche-hinweise-und-kredite\/","name":"Rechtliche Hinweise und Kredite - Hautes-Alpes","isPartOf":{"@id":"https:\/\/www.hautes-alpes.net\/de\/#website"},"datePublished":"2025-10-10T13:18:22+00:00","dateModified":"2025-12-19T14:16:05+00:00","description":"Rechtliche Hinweise und Kredite Die Website hautes-alpes.net ist Eigentum von : L'Agence de d\u00e9veloppement des Hautes-Alpes 13, avenue Mar\u00e9chal Foch 05000","breadcrumb":{"@id":"https:\/\/www.hautes-alpes.net\/de\/rechtliche-hinweise-und-kredite\/#breadcrumb"},"inLanguage":"de","potentialAction":[{"@type":"ReadAction","target":["https:\/\/www.hautes-alpes.net\/de\/rechtliche-hinweise-und-kredite\/"]}]},{"@type":"BreadcrumbList","@id":"https:\/\/www.hautes-alpes.net\/de\/rechtliche-hinweise-und-kredite\/#breadcrumb","itemListElement":[{"@type":"ListItem","position":1,"name":"Accueil","item":"https:\/\/www.hautes-alpes.net\/de\/hautes-alpes\/"},{"@type":"ListItem","position":2,"name":"Rechtliche Hinweise und Kredite"}]},{"@type":"WebSite","@id":"https:\/\/www.hautes-alpes.net\/de\/#website","url":"https:\/\/www.hautes-alpes.net\/de\/","name":"ADDET","description":"","publisher":{"@id":"https:\/\/www.hautes-alpes.net\/de\/#organization"},"potentialAction":[{"@type":"SearchAction","target":{"@type":"EntryPoint","urlTemplate":"https:\/\/www.hautes-alpes.net\/de\/?s={search_term_string}"},"query-input":{"@type":"PropertyValueSpecification","valueRequired":true,"valueName":"search_term_string"}}],"inLanguage":"de"},{"@type":"Organization","@id":"https:\/\/www.hautes-alpes.net\/de\/#organization","name":"Agence D\u00e9partementale de D\u00e9veloppement Economique et Touristique des Hautes-Alpes","url":"https:\/\/www.hautes-alpes.net\/de\/","logo":{"@type":"ImageObject","inLanguage":"de","@id":"https:\/\/www.hautes-alpes.net\/de\/#\/schema\/logo\/image\/","url":"https:\/\/www.hautes-alpes.net\/wp-content\/uploads\/2026\/01\/black-logo-2.svg","contentUrl":"https:\/\/www.hautes-alpes.net\/wp-content\/uploads\/2026\/01\/black-logo-2.svg","caption":"Agence D\u00e9partementale de D\u00e9veloppement Economique et Touristique des Hautes-Alpes"},"image":{"@id":"https:\/\/www.hautes-alpes.net\/de\/#\/schema\/logo\/image\/"}}]}},"_links":{"self":[{"href":"https:\/\/www.hautes-alpes.net\/de\/wp-json\/wp\/v2\/pages\/108127","targetHints":{"allow":["GET"]}}],"collection":[{"href":"https:\/\/www.hautes-alpes.net\/de\/wp-json\/wp\/v2\/pages"}],"about":[{"href":"https:\/\/www.hautes-alpes.net\/de\/wp-json\/wp\/v2\/types\/page"}],"author":[{"embeddable":true,"href":"https:\/\/www.hautes-alpes.net\/de\/wp-json\/wp\/v2\/users\/1"}],"replies":[{"embeddable":true,"href":"https:\/\/www.hautes-alpes.net\/de\/wp-json\/wp\/v2\/comments?post=108127"}],"version-history":[{"count":2,"href":"https:\/\/www.hautes-alpes.net\/de\/wp-json\/wp\/v2\/pages\/108127\/revisions"}],"predecessor-version":[{"id":124462,"href":"https:\/\/www.hautes-alpes.net\/de\/wp-json\/wp\/v2\/pages\/108127\/revisions\/124462"}],"wp:attachment":[{"href":"https:\/\/www.hautes-alpes.net\/de\/wp-json\/wp\/v2\/media?parent=108127"}],"wp:term":[{"taxonomy":"page_label","embeddable":true,"href":"https:\/\/www.hautes-alpes.net\/de\/wp-json\/wp\/v2\/page_label?post=108127"}],"curies":[{"name":"wp","href":"https:\/\/api.w.org\/{rel}","templated":true}]}}