{"id":108002,"date":"2025-11-12T12:45:56","date_gmt":"2025-11-12T11:45:56","guid":{"rendered":"https:\/\/www.hautes-alpes.net\/titelseite\/"},"modified":"2026-04-22T17:31:24","modified_gmt":"2026-04-22T15:31:24","slug":"titelseite","status":"publish","type":"page","link":"https:\/\/www.hautes-alpes.net\/de\/titelseite\/","title":{"rendered":"Titelseite"},"content":{"rendered":"\n<div class=\"wp-block-group alignfull hero-banner-simple has-global-padding is-layout-constrained wp-block-group-is-layout-constrained\"><div class=\"yoast-breadcrumbs\"><span><span><a href=\"https:\/\/www.hautes-alpes.net\/de\/hautes-alpes\/\">Accueil<\/a><\/span>  <span class=\"breadcrumb_last\" aria-current=\"page\">Titelseite<\/span><\/span><\/div>\n\n\n<h1 class=\"wp-block-ws-library-post-title\">Titelseite<\/h1>\n\n\n\n<p class=\"subtitle\">Die Nachrichten aus den Hautes-Alpes auf einen Blick<\/p>\n\n\n\n<p><\/p>\n<\/div>\n\n<div class=\"wp-block-ws-library-scrollable-section ws-section-scrollable alignfull\"><div class=\"scrollable-item\"><div class=\"group-content\"><div class=\"wrapper\"><h3 class=\"field-title\">Astronomie<\/h3><div class=\"field-intro\"><p>Das Radioastronomie-Observatorium<br>auf dem Pic de Bure \u00f6ffnet f\u00fcr die \u00d6ffentlichkeit<\/p><\/div><\/div><\/div><div class=\"group-innerblocks\"><div class=\"group-media\"><div class=\"field-image\"><img decoding=\"async\" src=\"https:\/\/www.hautes-alpes.net\/wp-content\/uploads\/2026\/04\/plateau-de-bure-gontran-isnard-gontranid-1-1140x620.jpg\" alt=\"\"\/><\/div><div class=\"credits\"><\/div><\/div>\n<div class=\"section-wrapper\"><div class=\"wp-block-ws-library-scrollable-section-item ws-section-scrollable-item\">\n<p>Im D\u00e9voluy bietet das Radioastronomie-Observatorium auf dem Pic de Bure ab diesem Sommer au\u00dfergew\u00f6hnliche F\u00fchrungen mit Zugang \u00fcber die Seilbahn an. Ein einzigartiger Einblick in 2.552 m H\u00f6he, im Herzen einer der leistungsf\u00e4higsten wissenschaftlichen Einrichtungen der Welt. <\/p>\n<\/div><\/div>\n\n\n\n<div class=\"section-wrapper\"><div class=\"wp-block-ws-library-scrollable-section-item ws-section-scrollable-item\">\n<div class=\"wp-block-ws-library-ws-image\"><div class=\"wrapper\"><div class=\"group-media\"><img decoding=\"async\" src=\"https:\/\/www.hautes-alpes.net\/wp-content\/uploads\/2026\/04\/plateau-de-bure-gontran-isnard-gontranid-6-1240x800.jpg\" alt=\"\" class=\"single_image ws-image-485543\"><div class=\"credits\"><\/div><\/div><p class=\"caption\"><\/p><\/div><\/div>\n<\/div><\/div>\n\n\n\n<div class=\"section-wrapper\"><div class=\"wp-block-ws-library-scrollable-section-item ws-section-scrollable-item is-style-bg-grey\">\n<p>Das<strong>NOEMA-Observatorium<\/strong> \u00f6ffnet seine T\u00fcren f\u00fcr die \u00d6ffentlichkeit mit immersiven F\u00fchrungen: Fahrt mit der Seilbahn, Entdeckung der <strong>10<\/strong> <strong>monumentalen Antennen<\/strong> und Treffen mit den Mediatoren des<strong>IRAM<\/strong> (Institut de Radioastronomie Millim\u00e9trique). Diese F\u00fchrungen werden bis Ende Oktober jeden zweiten Freitag angeboten und finden in kleinen Gruppen nach vorheriger Anmeldung statt. <\/p>\n<\/div><\/div>\n\n\n\n<div class=\"section-wrapper\"><div class=\"wp-block-ws-library-scrollable-section-item ws-section-scrollable-item\">\n<div class=\"wp-block-ws-library-ws-image\"><div class=\"wrapper\"><div class=\"group-media\"><img decoding=\"async\" src=\"https:\/\/www.hautes-alpes.net\/wp-content\/uploads\/2026\/04\/20072020-th-5014-1240x800.jpg\" alt=\"\" class=\"single_image ws-image-485546\"><div class=\"credits\"><\/div><\/div><p class=\"caption\"><\/p><\/div><\/div>\n<\/div><\/div>\n<\/div><\/div><\/div>\n\n<div class=\"wp-block-ws-library-scrollable-section ws-section-scrollable alignfull\"><div class=\"scrollable-item\"><div class=\"group-content\"><div class=\"wrapper\"><h3 class=\"field-title\"><strong>Das Feld der Olliviers <\/strong><br><strong>und des Hahns<\/strong><\/h3><div class=\"field-intro\"><p>Neuer Gefl\u00fcgelbetrieb<\/p><\/div><\/div><\/div><div class=\"group-innerblocks\"><div class=\"group-media\"><div class=\"field-image\"><img decoding=\"async\" src=\"https:\/\/www.hautes-alpes.net\/wp-content\/uploads\/2026\/04\/inauguration-cindy-ollivier-cedric-tempier-37-e1776687379213-1140x620.jpg\" alt=\"\"\/><\/div><div class=\"credits\"><\/div><\/div>\n<div class=\"section-wrapper\"><div class=\"wp-block-ws-library-scrollable-section-item ws-section-scrollable-item is-style-default\">\n<p>Die GAEC <strong>Le Champ des Ollivier<\/strong> weiht ihren Gefl\u00fcgelbetrieb ein und erreicht damit einen neuen Meilenstein in ihrer T\u00e4tigkeit. Der Betrieb ist auf Gefl\u00fcgelzucht spezialisiert, hat aber auch mehr als 300 Schafe, von denen ein gro\u00dfer Teil das G\u00fctesiegel <strong>Agneaux de Sisteron<\/strong> tr\u00e4gt, was f\u00fcr Qualit\u00e4t und territoriale Verankerung steht. Der Betrieb erstreckt sich \u00fcber 62 Hektar landwirtschaftliche Fl\u00e4che in Aubessagne.  <\/p>\n<\/div><\/div>\n\n\n\n<div class=\"section-wrapper\"><div class=\"wp-block-ws-library-scrollable-section-item ws-section-scrollable-item\">\n<div class=\"wp-block-ws-library-ws-image\"><div class=\"wrapper\"><div class=\"group-media\"><img decoding=\"async\" src=\"https:\/\/www.hautes-alpes.net\/wp-content\/uploads\/2026\/04\/inauguration-cindy-ollivier-cedric-tempier-3-960x640.jpg\" alt=\"\" class=\"single_image ws-image-486067\"><div class=\"credits\">C\u00e9dric TEMPIER<\/div><\/div><p class=\"caption\"><\/p><\/div><\/div>\n<\/div><\/div>\n\n\n\n<div class=\"section-wrapper\"><div class=\"wp-block-ws-library-scrollable-section-item ws-section-scrollable-item\">\n<p>Im Mittelpunkt des Er\u00f6ffnungstages stand die Gefl\u00fcgelwerkstatt mit einer Jahresproduktion von 8.000 St\u00fcck Gefl\u00fcgel, die in f\u00fcnf 200 m\u00b2 gro\u00dfen St\u00e4llen untergebracht sind. Das Gefl\u00fcgel wird vor Ort aufgezogen, geschlachtet, zerlegt und zubereitet und auf dem kurzen Weg vermarktet, insbesondere an die Schulen in <strong>Champsaur<\/strong>. <\/p>\n<\/div><\/div>\n\n\n\n<div class=\"section-wrapper\"><div class=\"wp-block-ws-library-scrollable-section-item ws-section-scrollable-item\">\n<div class=\"wp-block-ws-library-ws-image\"><div class=\"wrapper\"><div class=\"group-media\"><img decoding=\"async\" src=\"https:\/\/www.hautes-alpes.net\/wp-content\/uploads\/2026\/04\/inauguration-cindy-ollivier-cedric-tempier-43-960x640.jpg\" alt=\"\" class=\"single_image ws-image-486100\"><div class=\"credits\">C\u00e9dric TEMPIER<\/div><\/div><p class=\"caption\"><\/p><\/div><\/div>\n<\/div><\/div>\n\n\n\n<div class=\"section-wrapper\"><div class=\"wp-block-ws-library-scrollable-section-item ws-section-scrollable-item\">\n<p>Dieses Modell veranschaulicht den Wandel und die Ambitionen einer lokalen Landwirtschaft, die auf Qualit\u00e4t und N\u00e4he ausgerichtet ist.<\/p>\n<\/div><\/div>\n\n\n\n<div class=\"section-wrapper\"><div class=\"wp-block-ws-library-scrollable-section-item ws-section-scrollable-item\">\n<div class=\"wp-block-ws-library-ws-image\"><div class=\"wrapper\"><div class=\"group-media\"><img decoding=\"async\" src=\"https:\/\/www.hautes-alpes.net\/wp-content\/uploads\/2026\/04\/inauguration-cindy-ollivier-cedric-tempier-53-1240x800.jpg\" alt=\"\" class=\"single_image ws-image-486068\"><div class=\"credits\">C\u00e9dric TEMPIER<\/div><\/div><p class=\"caption\"><\/p><\/div><\/div>\n<\/div><\/div>\n<div class=\"field-link\"><a href=\"https:\/\/www.hautes-alpes.net\/filieres-economiques\/pat\/\" class=\"cardlink\">Voir la page<\/a><\/div><\/div><\/div><\/div>\n\n<div class=\"wp-block-ws-library-scrollable-section ws-section-scrollable alignfull\"><div class=\"scrollable-item\"><div class=\"group-content\"><div class=\"wrapper\"><h3 class=\"field-title\"><br>Der <strong>Bergbewohner der Alpen<\/strong><\/h3><div class=\"field-intro\"><p>Einweihung eines neuen Zerlegungsraums in Gap<\/p><\/div><\/div><\/div><div class=\"group-innerblocks\"><div class=\"group-media\"><div class=\"field-image\"><img decoding=\"async\" src=\"https:\/\/www.hautes-alpes.net\/wp-content\/uploads\/2026\/04\/inauguration-le-montagnard-des-alpes-cedric-tempier-12-scaled-e1776348363424-1140x620.jpg\" alt=\"\"\/><\/div><div class=\"credits\"><\/div><\/div>\n<div class=\"section-wrapper\"><div class=\"wp-block-ws-library-scrollable-section-item ws-section-scrollable-item\">\n<p>Die SICA Le Montagnard des Alpes weihte einen neuen Zerlegungsraum in Gap ein, was einen entscheidenden Schritt f\u00fcr die Zukunft des hochalpinen Schweinefleischsektors darstellt. <strong>Die Anlage<\/strong> befindet sich in unmittelbarer N\u00e4he des Schlachthofs und <strong>st\u00e4rkt die lokale Kapazit\u00e4t f\u00fcr die Verarbeitung und Vermarktung von Schweinefleisch<\/strong> f\u00fcr Metzger, Fleischer und P\u00f6kelbetriebe in den Hautes-Alpes und in der gesamten Region Provence-Alpes-C\u00f4te d&#8217;Azur. <\/p>\n<\/div><\/div>\n\n\n\n<div class=\"section-wrapper\"><div class=\"wp-block-ws-library-scrollable-section-item ws-section-scrollable-item is-style-default\">\n<p>Mit dieser strategischen Investition wollen die Viehz\u00fcchter eine strukturierte und nachhaltige Produktion in der N\u00e4he konsolidieren, die Wert f\u00fcr die Region schafft.<\/p>\n<\/div><\/div>\n\n\n\n<div class=\"section-wrapper\"><div class=\"wp-block-ws-library-scrollable-section-item ws-section-scrollable-item\">\n<div class=\"wp-block-ws-library-ws-image\"><div class=\"wrapper\"><div class=\"group-media\"><img decoding=\"async\" src=\"https:\/\/www.hautes-alpes.net\/wp-content\/uploads\/2026\/04\/inauguration-le-montagnard-des-alpes-cedric-tempier-16-1240x800.jpg\" alt=\"\" class=\"single_image ws-image-478447\"><div class=\"credits\">C\u00e9dric TEMPIER<\/div><\/div><p class=\"caption\"><\/p><\/div><\/div>\n<\/div><\/div>\n\n\n\n<div class=\"section-wrapper\"><div class=\"wp-block-ws-library-scrollable-section-item ws-section-scrollable-item is-style-bg-grey\">\n<p><strong>Die SICA Le Montagnard <\/strong>wurde <strong>1948 <\/strong>gegr\u00fcndet, um den Mangel der Nachkriegszeit zu beheben.<\/p>\n<\/div><\/div>\n\n\n\n<div class=\"section-wrapper\"><div class=\"wp-block-ws-library-scrollable-section-item ws-section-scrollable-item\">\n<div class=\"wp-block-ws-library-ws-image\"><div class=\"wrapper\"><div class=\"group-media\"><img decoding=\"async\" src=\"https:\/\/www.hautes-alpes.net\/wp-content\/uploads\/2026\/04\/inauguration-le-montagnard-des-alpes-cedric-tempier-44-980x640.jpg\" alt=\"\" class=\"single_image ws-image-478449\"><div class=\"credits\">C\u00e9dric TEMPIER<\/div><\/div><p class=\"caption\"><\/p><\/div><\/div>\n<\/div><\/div>\n\n\n\n<div class=\"section-wrapper\"><div class=\"wp-block-ws-library-scrollable-section-item ws-section-scrollable-item\">\n<p>Als Pionier in der kollektiven Organisation der Produktion, Schlachtung und Vermarktung ist sie heute <strong>die einzige Erzeugerorganisation f\u00fcr Schweinefleisch<\/strong> in den <strong>Hautes-Alpes<\/strong> und der Region <strong>Provence-Alpes-C\u00f4te d&#8217;Azur<\/strong>.<\/p>\n<\/div><\/div>\n\n\n\n<div class=\"section-wrapper\"><div class=\"wp-block-ws-library-scrollable-section-item ws-section-scrollable-item\">\n<div class=\"wp-block-ws-library-ws-image\"><div class=\"wrapper\"><div class=\"group-media\"><img decoding=\"async\" src=\"https:\/\/www.hautes-alpes.net\/wp-content\/uploads\/2026\/04\/inauguration-le-montagnard-des-alpes-cedric-tempier-27-1240x800.jpg\" alt=\"\" class=\"single_image ws-image-478470\"><div class=\"credits\">C\u00e9dric TEMPIER<\/div><\/div><p class=\"caption\"><\/p><\/div><\/div>\n<\/div><\/div>\n<\/div><\/div><\/div>\n<p><a id=\"montagnard\"><\/a><\/p>\n\n<div class=\"wp-block-ws-library-scrollable-section ws-section-scrollable alignfull\"><div class=\"scrollable-item\"><div class=\"group-content\"><div class=\"wrapper\"><h3 class=\"field-title\"><strong>CSR<\/strong><\/h3><div class=\"field-intro\"><p><strong>Unternehmen, die sich engagieren.<\/strong><\/p><\/div><\/div><\/div><div class=\"group-innerblocks\"><div class=\"group-media\"><div class=\"field-image\"><img decoding=\"async\" src=\"https:\/\/www.hautes-alpes.net\/wp-content\/uploads\/2026\/04\/bertrand-et-francois-xavier-ranvier-cedric-tempier-2-1140x620.jpg\" alt=\"\"\/><\/div><div class=\"credits\"> C\u00e9dric TEMPIER<\/div><\/div>\n<div class=\"section-wrapper\"><div class=\"wp-block-ws-library-scrollable-section-item ws-section-scrollable-item\">\n<p>Fran\u00e7ois-Xavier und Bertrand Ranvier, Unternehmer von Les <strong>Tourtons du Champsaur<\/strong>, teilen ihre Gedanken \u00fcber CSR und stellen konkrete Aktionen vor, die sich auf drei gro\u00dfe Herausforderungen beziehen: wirtschaftliche Leistung, Lebensqualit\u00e4t am Arbeitsplatz, Sicherheit und Gesundheit.<\/p>\n<\/div><\/div>\n\n\n\n<div class=\"section-wrapper\"><div class=\"wp-block-ws-library-scrollable-section-item ws-section-scrollable-item is-style-bg-grey\">\n<p>Dieses Video ist das erste einer Reihe von Videos, die jeden Monat die Mobilisierung der lokalen Unternehmen im Rahmen der <strong>CSR-Initiative Hautes-Alpes<\/strong> bewerten werden.<\/p>\n<\/div><\/div>\n\n\n\n<div class=\"section-wrapper\"><div class=\"wp-block-ws-library-scrollable-section-item ws-section-scrollable-item\">\n<div class=\"wp-block-ws-library-ws-video\"><div class=\"wrapper\"><div class=\"group-media\">\n<figure class=\"wp-block-embed is-type-video is-provider-youtube wp-block-embed-youtube\"><div class=\"wp-block-embed__wrapper\">\n<iframe loading=\"lazy\" title=\"Tourtons du Champsaur engag\u00e9 dans la d\u00e9marche RSE\" width=\"500\" height=\"281\" src=\"https:\/\/www.youtube.com\/embed\/RSUfonD3BzI?feature=oembed\" frameborder=\"0\" allow=\"accelerometer; autoplay; clipboard-write; encrypted-media; gyroscope; picture-in-picture; web-share\" referrerpolicy=\"strict-origin-when-cross-origin\" allowfullscreen><\/iframe>\n<\/div><\/figure>\n<\/div><\/div><\/div>\n<\/div><\/div>\n<\/div><\/div><\/div>\n\n<div class=\"wp-block-ws-library-scrollable-section ws-section-scrollable alignfull\"><div class=\"scrollable-item\"><div class=\"group-content\"><div class=\"wrapper\"><h3 class=\"field-title\"><strong><strong>  Themenwoche<\/strong><\/strong><\/h3><div class=\"field-intro\"><p>Berufe im Bereich Pflege, Betreuung und Kleinkindbetreuung<\/p><\/div><\/div><\/div><div class=\"group-innerblocks\"><div class=\"group-media\"><div class=\"field-image\"><img decoding=\"async\" src=\"https:\/\/www.hautes-alpes.net\/wp-content\/uploads\/2026\/01\/maquette-image-flash-info3-1140x620.jpg\" alt=\"\"\/><\/div><div class=\"credits\"><\/div><\/div>\n<div class=\"section-wrapper\"><div class=\"wp-block-ws-library-scrollable-section-item ws-section-scrollable-item\">\n<p>Die 4\u1d49 Ausgabe der Semaine des <strong>M\u00e9tiers<\/strong> du Coin, de l&#8216; <strong>Accompagnement et de la Petite Enfance<\/strong> fand vom 7. bis 10. April 2026 in Brian\u00e7on, Embrun, Gap, Veynes und Laragne statt.<\/p>\n<\/div><\/div>\n\n\n\n<div class=\"section-wrapper\"><div class=\"wp-block-ws-library-scrollable-section-item ws-section-scrollable-item\">\n<p>In Workshops, Begegnungen mit Fachleuten und Studenten, Konferenzen und Job-Dating konnten sich die Teilnehmer informieren, austauschen und sich in diesen Berufen, die im Mittelpunkt des Dienstes am N\u00e4chsten stehen, umsehen.<\/p>\n<\/div><\/div>\n\n\n\n<div class=\"section-wrapper\"><div class=\"wp-block-ws-library-scrollable-section-item ws-section-scrollable-item\">\n<div class=\"wp-block-ws-library-ws-video\"><div class=\"wrapper\"><div class=\"group-media\">\n<figure class=\"wp-block-embed is-type-video is-provider-youtube wp-block-embed-youtube\"><div class=\"wp-block-embed__wrapper\">\n<iframe loading=\"lazy\" title=\"Semaine des M\u00e9tiers du Soin, de l\u2019Accompagnement et de la Petite Enfance\" width=\"422\" height=\"750\" src=\"https:\/\/www.youtube.com\/embed\/0oFiLKCVPlQ?feature=oembed\" frameborder=\"0\" allow=\"accelerometer; autoplay; clipboard-write; encrypted-media; gyroscope; picture-in-picture; web-share\" referrerpolicy=\"strict-origin-when-cross-origin\" allowfullscreen><\/iframe>\n<\/div><\/figure>\n<\/div><\/div><\/div>\n<\/div><\/div>\n<\/div><\/div><\/div>\n\n<div class=\"wp-block-ws-library-scrollable-section ws-section-scrollable alignfull\"><div class=\"scrollable-item\"><div class=\"group-content\"><div class=\"wrapper\"><h3 class=\"field-title\"><strong>P.A.T. macht eine gro\u00dfe Sache daraus<\/strong><\/h3><div class=\"field-intro\"><p>Eintauchen in die K\u00e4serei Ebrard  <\/p><\/div><\/div><\/div><div class=\"group-innerblocks\"><div class=\"group-media\"><div class=\"field-image\"><img decoding=\"async\" src=\"https:\/\/www.hautes-alpes.net\/wp-content\/uploads\/2026\/04\/ebrard-laiterie-janvier-2023-photo-patdomeyne-78-18-1140x620.jpg\" alt=\"\"\/><\/div><div class=\"credits\">Patrick Domeyne<\/div><\/div>\n<div class=\"section-wrapper\"><div class=\"wp-block-ws-library-scrollable-section-item ws-section-scrollable-item is-style-default\">\n<p>Im Rahmen der <strong>Territorialen Ern\u00e4hrungsprojekte (P.A.T.) von Hautes-Alpes und Champsaur-Valgaudemar<\/strong> besuchte eine Delegation von gew\u00e4hlten Vertretern, Managern von Gemeinschaftsverpflegungseinrichtungen, Fachleuten und Partnern des Sektors die <strong>K\u00e4serei Ebrard<\/strong> in Chabottes. Ziel dieses Besuchs war es, die Beziehungen zwischen lokalen Erzeugern und den Akteuren der Gemeinschaftsverpflegung zu st\u00e4rken und die Versorgung mit Qualit\u00e4tsprodukten aus kurzen Wegen zu f\u00f6rdern. <\/p>\n<\/div><\/div>\n\n\n\n<div class=\"section-wrapper\"><div class=\"wp-block-ws-library-scrollable-section-item ws-section-scrollable-item\">\n<div class=\"wp-block-ws-library-ws-image\"><div class=\"wrapper\"><div class=\"group-media\"><img decoding=\"async\" src=\"https:\/\/www.hautes-alpes.net\/wp-content\/uploads\/2026\/04\/delegation-des-pat-en-visite-fromagerie-ebrard-nathalie-gilbert-482x640.jpg\" alt=\"\" class=\"single_image ws-image-450485\"><div class=\"credits\">Nathalie Gilbert<\/div><\/div><p class=\"caption\"><\/p><\/div><\/div>\n<\/div><\/div>\n\n\n\n<div class=\"section-wrapper\"><div class=\"wp-block-ws-library-scrollable-section-item ws-section-scrollable-item\">\n<p>Die 1890 gegr\u00fcndete K\u00e4serei <strong>Ebrard<\/strong>, die heute von <strong>Emmanuel und Jonathan<\/strong> Ebrard geleitet wird, ist eine der \u00e4ltesten in den Hautes-Alpes. Sie st\u00fctzt sich auf ein <strong>Netzwerk von etwa zehn lokalen Erzeugern <\/strong>(Kuh-, Ziegen- und Schafsmilch) und verarbeitete im letzten Jahr<strong> fast 1,6 Millionen Liter Milch<\/strong>, ein Rekord f\u00fcr die Struktur, der ihre Entwicklung und das Interesse der Verbraucher an K\u00e4se und Joghurt aus den Hautes-Alpes belegt. <\/p>\n<\/div><\/div>\n\n\n\n<div class=\"section-wrapper\"><div class=\"wp-block-ws-library-scrollable-section-item ws-section-scrollable-item\">\n<div class=\"wp-block-ws-library-ws-image\"><div class=\"wrapper\"><div class=\"group-media\"><img decoding=\"async\" src=\"https:\/\/www.hautes-alpes.net\/wp-content\/uploads\/2026\/04\/visite-fromagerie-ebrard-jonathan-ebrard-nathalie-gilbert-482x640.jpg\" alt=\"\" class=\"single_image ws-image-450484\"><div class=\"credits\">Nathalie Gilbert<\/div><\/div><p class=\"caption\"><\/p><\/div><\/div>\n<\/div><\/div>\n\n\n\n<div class=\"section-wrapper\"><div class=\"wp-block-ws-library-scrollable-section-item ws-section-scrollable-item\">\n<p>Mit etwa <strong>20 Mitarbeitern<\/strong> hat das Unternehmen eine Produktionsanlage entwickelt, die auf die Bed\u00fcrfnisse der verschiedenen Absatzm\u00e4rkte zugeschnitten ist. Mit einem <strong>Sortiment von fast 90 Artikeln<\/strong> verf\u00fcgt es \u00fcber ein Angebot, das sowohl f\u00fcr die Gemeinschaftsverpflegung als auch f\u00fcr die kommerzielle Gastronomie geeignet ist. Das Unternehmen arbeitet seit langem mit Einrichtungen in der Region zusammen, wie z.B. mit dem Coll\u00e8ge de Saint-Bonnet-en-Champsaur seit mehr als 15 Jahren.  <\/p>\n<\/div><\/div>\n\n\n\n<div class=\"section-wrapper\"><div class=\"wp-block-ws-library-scrollable-section-item ws-section-scrollable-item\">\n<p>Diese Strukturierung, die durch die Organisation der Milchlieferungen von <strong>Hautes-Alpes Lait <\/strong>(eine lokale Milchsammlung, die gemeinsam von der K\u00e4serei Ebrard, der Laiterie du Col Bayard und Sacr\u00e9 Willy entwickelt wurde) unterst\u00fctzt wird, erm\u00f6glicht es, <strong>regelm\u00e4\u00dfige Mengen, die R\u00fcckverfolgbarkeit der Produkte und eine angemessene Verg\u00fctung der Erzeuger zu gew\u00e4hrleisten.<\/strong><\/p>\n<\/div><\/div>\n\n\n\n<div class=\"section-wrapper\"><div class=\"wp-block-ws-library-scrollable-section-item ws-section-scrollable-item\">\n<div class=\"wp-block-ws-library-ws-image\"><div class=\"wrapper\"><div class=\"group-media\"><img decoding=\"async\" src=\"https:\/\/www.hautes-alpes.net\/wp-content\/uploads\/2026\/04\/visite-fromagerie-ebrard-1-nathalie-gilbert-473x640.jpg\" alt=\"\" class=\"single_image ws-image-450483\"><div class=\"credits\">Nathalie Gilbert<\/div><\/div><p class=\"caption\"><\/p><\/div><\/div>\n<\/div><\/div>\n<div class=\"field-link\"><a href=\"https:\/\/www.hautes-alpes.net\/filieres-economiques\/pat\/\" class=\"cardlink\">Voir la page<\/a><\/div><\/div><\/div><\/div>\n\n<div class=\"wp-block-ws-library-scrollable-section ws-section-scrollable alignfull\"><div class=\"scrollable-item\"><div class=\"group-content\"><div class=\"wrapper\"><h3 class=\"field-title\"><strong>Start der Sommersaison<\/strong><\/h3><div class=\"field-intro\"><p>Die S\u00fcdalpen sind sich einig, um die Sommersaison 2026 zu starten<\/p><\/div><\/div><\/div><div class=\"group-innerblocks\"><div class=\"group-media\"><div class=\"field-image\"><img decoding=\"async\" src=\"https:\/\/www.hautes-alpes.net\/wp-content\/uploads\/2026\/04\/groupe-workshop-paris-cedric-tempier-1140x620.jpg\" alt=\"\"\/><\/div><div class=\"credits\">AD05 | C Tempier<\/div><\/div>\n<div class=\"section-wrapper\"><div class=\"wp-block-ws-library-scrollable-section-item ws-section-scrollable-item\">\n<p>Heute gaben die <strong>Hautes-Alpes<\/strong> zusammen mit dem Kollektiv <strong>Alpes du Sud<\/strong> den Startschuss f\u00fcr ihre Sommersaison im Herzen der Hauptstadt. Der Workshop wurde auf Initiative des Regionalen Tourismusausschusses Provence-Alpes-C\u00f4te d&#8217;Azur und der Agence de D\u00e9veloppement des Hautes-Alpes organisiert und brachte die Vertreter der Ferienorte und Gebiete der drei s\u00fcdlichen Alpendepartements (Hautes-Alpes, Alpes-de-Haute-Provence und Alpes-Maritimes) zusammen. <\/p>\n<\/div><\/div>\n\n\n\n<div class=\"section-wrapper\"><div class=\"wp-block-ws-library-scrollable-section-item ws-section-scrollable-item\">\n<div class=\"wp-block-ws-library-ws-image\"><div class=\"wrapper\"><div class=\"group-media\"><img decoding=\"async\" src=\"https:\/\/www.hautes-alpes.net\/wp-content\/uploads\/2026\/04\/workshop-paris-cedric-tempier-7-427x640.jpg\" alt=\"\" class=\"single_image ws-image-446848\"><div class=\"credits\">AD05 | C Tempier<\/div><\/div><p class=\"caption\"><\/p><\/div><\/div>\n<\/div><\/div>\n\n\n\n<div class=\"section-wrapper\"><div class=\"wp-block-ws-library-scrollable-section-item ws-section-scrollable-item\">\n<p>Etwa 30 Journalisten der nationalen Presse, darunter So Press, L&#8217;Express, Les Echos, Le Parisien und L&#8217;Equipe, folgten der Einladung. Sie hatten die Gelegenheit, sich mit den Tourismusfachleuten auszutauschen, um die wichtigsten Neuheiten und Neuigkeiten zu erfahren, die die Sommersaison 2026 pr\u00e4gen werden. <\/p>\n<\/div><\/div>\n\n\n\n<div class=\"section-wrapper\"><div class=\"wp-block-ws-library-scrollable-section-item ws-section-scrollable-item\">\n<p><strong>Ein immer attraktiveres Reiseziel<\/strong><\/p>\n\n\n\n<p>Die Signale f\u00fcr die kommende Saison stehen nach einem positiven Winter in dem Massiv auf gr\u00fcn. Seit 2015 gewinnen die S\u00fcdalpen im Zeitraum Fr\u00fchjahr-Sommer-Herbst stetig an Attraktivit\u00e4t. <\/p>\n<\/div><\/div>\n\n\n\n<div class=\"section-wrapper\"><div class=\"wp-block-ws-library-scrollable-section-item ws-section-scrollable-item\">\n<div class=\"wp-block-ws-library-ws-image\"><div class=\"wrapper\"><div class=\"group-media\"><img decoding=\"async\" src=\"https:\/\/www.hautes-alpes.net\/wp-content\/uploads\/2026\/04\/workshop-paris-cedric-tempier-43-427x640.jpg\" alt=\"\" class=\"single_image ws-image-446850\"><div class=\"credits\">AD05 | C Tempier<\/div><\/div><p class=\"caption\"><\/p><\/div><\/div>\n<\/div><\/div>\n\n\n\n<div class=\"section-wrapper\"><div class=\"wp-block-ws-library-scrollable-section-item ws-section-scrollable-item is-style-bg-grey\">\n<p>&#8220;<em>Die Kunden der S\u00fcdalpen entwickeln sich: j\u00fcnger (36% sind j\u00fcnger als 25 Jahre), internationaler (25% ausl\u00e4ndische Besucher), treuer (91% Wiederholer) und immer aktiver im Freien (79% der Urlauber \u00fcben Outdoor-Aktivit\u00e4ten aus)&#8220;,<\/em> erkl\u00e4rt <strong>Yvan Chaix<\/strong>, Direktor der Agence de D\u00e9veloppement des Hautes-Alpes (Entwicklungsagentur der Hautes-Alpes).  <\/p>\n<\/div><\/div>\n\n\n\n<div class=\"section-wrapper\"><div class=\"wp-block-ws-library-scrollable-section-item ws-section-scrollable-item is-style-bg-grey\">\n<p><em>&#8220;Bergsteigen, Klettern, Wildwasser und Radfahren erfreuen sich wachsender Beliebtheit. Die Hautes-Alpes erf\u00fcllen heute die Erwartungen einer neuen Generation von Urlaubern. 45% der 23 Millionen touristischen \u00dcbernachtungen, die 2026 in den Hautes-Alpes erwartet werden, werden im Sommer stattfinden und 15% im Fr\u00fchling und Herbst, gegen\u00fcber 40% im Winter.&#8220;<\/em><\/p>\n<\/div><\/div>\n\n\n\n<div class=\"section-wrapper\"><div class=\"wp-block-ws-library-scrollable-section-item ws-section-scrollable-item\">\n<div class=\"wp-block-ws-library-ws-image\"><div class=\"wrapper\"><div class=\"group-media\"><img decoding=\"async\" src=\"https:\/\/www.hautes-alpes.net\/wp-content\/uploads\/2026\/04\/workshop-paris-cedric-tempier-3-427x640.jpg\" alt=\"\" class=\"single_image ws-image-446847\"><div class=\"credits\">AD05 | C Tempier<\/div><\/div><p class=\"caption\"><\/p><\/div><\/div>\n<\/div><\/div>\n\n\n\n<div class=\"section-wrapper\"><div class=\"wp-block-ws-library-scrollable-section-item ws-section-scrollable-item\">\n<p><strong>Eine starke Zeit f\u00fcr die Gebiete<\/strong><\/p>\n\n\n\n<p>Diese Veranstaltung in Paris stellt eine strategische Etappe f\u00fcr die Reiseziele in den S\u00fcdalpen dar, die sich auf eine Saison voller Sport-, Kultur- und Naturereignisse vorbereiten. Eine M\u00f6glichkeit f\u00fcr die Tourismusakteure, die Vielfalt und Qualit\u00e4t der angebotenen Erlebnisse in einer gesch\u00fctzten Umgebung, die zum Abschalten und Abenteuer einl\u00e4dt, in Erinnerung zu rufen. <\/p>\n<\/div><\/div>\n\n\n\n<div class=\"section-wrapper\"><div class=\"wp-block-ws-library-scrollable-section-item ws-section-scrollable-item\">\n<div class=\"wp-block-ws-library-ws-image\"><div class=\"wrapper\"><div class=\"group-media\"><img decoding=\"async\" src=\"https:\/\/www.hautes-alpes.net\/wp-content\/uploads\/2026\/04\/workshop-paris-cedric-tempier-21-960x640.jpg\" alt=\"\" class=\"single_image ws-image-446849\"><div class=\"credits\">AD05 | C Tempier<\/div><\/div><p class=\"caption\"><\/p><\/div><\/div>\n<\/div><\/div>\n<\/div><\/div><\/div>\n\n<div class=\"wp-block-ws-library-scrollable-section ws-section-scrollable alignfull\"><div class=\"scrollable-item\"><div class=\"group-content\"><div class=\"wrapper\"><h3 class=\"field-title\"><strong>Wir sehen uns in Frankreich 2026  <\/strong><\/h3><div class=\"field-intro\"><p>Nizza  <\/p><\/div><\/div><\/div><div class=\"group-innerblocks\"><div class=\"group-media\"><div class=\"field-image\"><img decoding=\"async\" src=\"https:\/\/www.hautes-alpes.net\/wp-content\/uploads\/2026\/01\/maquette-image-flash-info-scaled-1140x620.jpg\" alt=\"\"\/><\/div><div class=\"credits\"><\/div><\/div>\n<div class=\"section-wrapper\"><div class=\"wp-block-ws-library-scrollable-section-item ws-section-scrollable-item is-style-default\">\n<p>Am 31. M\u00e4rz und<sup>1<\/sup>. April findet in Nizza eine neue Ausgabe der Messe <strong>Rendez-vous en France<\/strong> statt, die unumg\u00e4ngliche internationale Veranstaltung f\u00fcr den Incoming-Tourismus in Frankreich.<\/p>\n<\/div><\/div>\n\n\n\n<div class=\"section-wrapper\"><div class=\"wp-block-ws-library-scrollable-section-item ws-section-scrollable-item\">\n<div class=\"wp-block-ws-library-ws-image\"><div class=\"wrapper\"><div class=\"group-media\"><img decoding=\"async\" src=\"https:\/\/www.hautes-alpes.net\/wp-content\/uploads\/2026\/04\/portrait-a4-bienvenue-officiel-rdv-en-france-724x1024-1-453x640.webp\" alt=\"\" class=\"single_image ws-image-446843\"><div class=\"credits\">Atout Frankreich<\/div><\/div><p class=\"caption\"><\/p><\/div><\/div>\n<\/div><\/div>\n\n\n\n<div class=\"section-wrapper\"><div class=\"wp-block-ws-library-scrollable-section-item ws-section-scrollable-item\">\n<p>Diese wichtige Veranstaltung wird von Atout France in Zusammenarbeit mit dem regionalen Tourismusverband Provence-Alpes-C\u00f4te d&#8217;Azur organisiert und bringt die Akteure des franz\u00f6sischen Tourismusangebots und die internationalen K\u00e4ufer zusammen.<\/p>\n<\/div><\/div>\n\n\n\n<div class=\"section-wrapper\"><div class=\"wp-block-ws-library-scrollable-section-item ws-section-scrollable-item is-style-default\">\n<p>Die S\u00fcdalpen sind ebenfalls vertreten: Les Orres, Puy Saint Vincent, Orci\u00e8res Merlette 1850 und die Alpes Sud Residences in Vars. Eine einzigartige Gelegenheit, das Reiseziel aufzuwerten und bei zahlreichen Reiseveranstaltern aus der ganzen Welt zu listen. <\/p>\n<\/div><\/div>\n\n\n\n<div class=\"section-wrapper\"><div class=\"wp-block-ws-library-scrollable-section-item ws-section-scrollable-item\">\n<div class=\"wp-block-ws-library-ws-image\"><div class=\"wrapper\"><div class=\"group-media\"><img decoding=\"async\" src=\"https:\/\/www.hautes-alpes.net\/wp-content\/uploads\/2026\/04\/rdv-france-823x640.jpg\" alt=\"\" class=\"single_image ws-image-446842\"><div class=\"credits\">AD05<\/div><\/div><p class=\"caption\"><\/p><\/div><\/div>\n<\/div><\/div>\n\n\n\n<div class=\"section-wrapper\"><div class=\"wp-block-ws-library-scrollable-section-item ws-section-scrollable-item\">\n<p>Zwei Tage lang hatten Touristiker, Reiseziele, Gastgeber und Anbieter von Aktivit\u00e4ten die Gelegenheit, ihr Netzwerk zu erweitern, ihr Know-how aufzuwerten und neue Gesch\u00e4ftsm\u00f6glichkeiten durch qualifizierte B2B-Treffen zu schaffen.<\/p>\n<\/div><\/div>\n\n\n\n<div class=\"section-wrapper\"><div class=\"wp-block-ws-library-scrollable-section-item ws-section-scrollable-item\">\n<p>In einer au\u00dfergew\u00f6hnlichen Umgebung zwischen Meer und Bergen wird diese Ausgabe in Nizza die Exzellenz und die Vielfalt des franz\u00f6sischen Tourismusangebots ehren und gleichzeitig den <strong>S\u00fcdalpen<\/strong> ein privilegiertes Schaufenster bieten.<\/p>\n<\/div><\/div>\n\n\n\n<div class=\"section-wrapper\"><div class=\"wp-block-ws-library-scrollable-section-item ws-section-scrollable-item\">\n<div class=\"wp-block-ws-library-ws-image\"><div class=\"wrapper\"><div class=\"group-media\"><img decoding=\"async\" src=\"https:\/\/www.hautes-alpes.net\/wp-content\/uploads\/2026\/04\/palais-480x640.jpg\" alt=\"\" class=\"single_image ws-image-446844\"><div class=\"credits\">AD05<\/div><\/div><p class=\"caption\"><\/p><\/div><\/div>\n<\/div><\/div>\n<\/div><\/div><\/div>\n\n<div class=\"wp-block-ws-library-scrollable-section ws-section-scrollable alignfull\"><div class=\"scrollable-item\"><div class=\"group-content\"><div class=\"wrapper\"><h3 class=\"field-title\"><strong><strong>Finale des Europapokals<\/strong><\/strong><\/h3><div class=\"field-intro\"><p>Orci\u00e8res Merlette 1850 empf\u00e4ngt die besten Snowboarder Europas<\/p><\/div><\/div><\/div><div class=\"group-innerblocks\"><div class=\"group-media\"><div class=\"field-image\"><img decoding=\"async\" src=\"https:\/\/www.hautes-alpes.net\/wp-content\/uploads\/2026\/03\/19352999-1024x620.jpg\" alt=\"\"\/><\/div><div class=\"credits\">OT Orcieres<\/div><\/div>\n<div class=\"section-wrapper\"><div class=\"wp-block-ws-library-scrollable-section-item ws-section-scrollable-item is-style-bg-grey\">\n<p>Es ist in Orci\u00e8res. <strong><a href=\"https:\/\/www.hautes-alpes.net\/de\/reiseziele-hautes-alpes\/orcieres-merlette-1850\/\">Orci\u00e8res Merlette 1850<\/a><\/strong> wird die Snowboardsaison abgeschlossen und die letzten Punkte der internationalen Tour werden f\u00fcr das gro\u00dfe Weltfinale vergeben.<\/p>\n<\/div><\/div>\n\n\n\n<div class=\"section-wrapper\"><div class=\"wp-block-ws-library-scrollable-section-item ws-section-scrollable-item is-style-default\">\n<p>Vom 31. M\u00e4rz bis 2. April werden auf der Charpenet-Piste, die speziell f\u00fcr Snowboardcross (die Paradedisziplin) pr\u00e4pariert wurde, die besten Wettk\u00e4mpfer im Rahmen des <strong>Snowboardcross-Europacups (SBX)<\/strong> antreten.<\/p>\n<\/div><\/div>\n\n\n\n<div class=\"section-wrapper\"><div class=\"wp-block-ws-library-scrollable-section-item ws-section-scrollable-item\">\n<div class=\"wp-block-ws-library-ws-image\"><div class=\"wrapper\"><div class=\"group-media\"><img decoding=\"async\" src=\"https:\/\/www.hautes-alpes.net\/wp-content\/uploads\/2026\/03\/affiche.webp\" alt=\"\" class=\"single_image ws-image-444460\"><div class=\"credits\">Ot Orcieres<\/div><\/div><p class=\"caption\"><\/p><\/div><\/div>\n<\/div><\/div>\n\n\n\n<div class=\"section-wrapper\"><div class=\"wp-block-ws-library-scrollable-section-item ws-section-scrollable-item\">\n<p><strong>Programm<\/strong><br\/>Dienstag, 31. M\u00e4rz - Erkundung und offizielles Training<br\/>Mittwoch, 1. April - Rennen Nr. 1: Erkundung, Qualifikationen, Finale und Preisverleihung<br\/>Donnerstag, 2. April - Rennen Nr. 2: Erkundung, Qualifikationen, Finale und Preisverleihung<\/p>\n\n\n\n<div class=\"wp-block-buttons is-content-justification-center is-layout-flex wp-container-core-buttons-is-layout-a89b3969 wp-block-buttons-is-layout-flex\">\n<div class=\"wp-block-button\"><a class=\"wp-block-button__link wp-element-button\" href=\"https:\/\/www.orcieres.com\/agenda\/championnat-de-france-de-snowboard-orcieres-fr-6060074\/\">Siehe das Programm<\/a><\/div>\n<\/div>\n<\/div><\/div>\n<\/div><\/div><\/div>\n\n<div class=\"wp-block-ws-library-scrollable-section ws-section-scrollable alignfull\"><div class=\"scrollable-item\"><div class=\"group-content\"><div class=\"wrapper\"><h3 class=\"field-title\"><strong>Nordic S\u00fcdalpen<\/strong><\/h3><div class=\"field-intro\"><p> \u00a0<\/p><\/div><\/div><\/div><div class=\"group-innerblocks\"><div class=\"group-media\"><div class=\"field-image\"><img decoding=\"async\" src=\"https:\/\/www.hautes-alpes.net\/wp-content\/uploads\/2025\/11\/nordique-w-cedric-ot-le-devoluy-gontran-isnard-9-copie-1-1140x620.jpg\" alt=\"\"\/><\/div><div class=\"credits\">G. Isnard<\/div><\/div>\n<div class=\"section-wrapper\"><div class=\"wp-block-ws-library-scrollable-section-item ws-section-scrollable-item is-style-default\">\n<p>Auf Initiative von <strong>Nordic Alpes du Sud<\/strong> traf sich die Agence de D\u00e9veloppement des Hautes-Alpes mit ihren Partnern (Fremdenverkehrs\u00e4mter, Verantwortliche von Skigebieten) in <strong><a href=\"https:\/\/www.hautes-alpes.net\/de\/reiseziele-hautes-alpes\/reallon-crevoux\/\">Cr\u00e9voux<\/a><\/strong> zu einem Tag, der den nordischen Aktivit\u00e4ten gewidmet war.<\/p>\n<\/div><\/div>\n\n\n\n<div class=\"section-wrapper\"><div class=\"wp-block-ws-library-scrollable-section-item ws-section-scrollable-item\">\n<p>Im Herzen des Skigebiets La Chalp bot dieses Treffen die Gelegenheit, sich \u00fcber die verschiedenen Werbe- und Kommunikationshebel auszutauschen, neue Ideen zu entwickeln und die kollektive Dynamik rund um die Entwicklung und Aufwertung des nordischen Angebots in den Hautes-Alpes zu st\u00e4rken.<\/p>\n<\/div><\/div>\n\n\n\n<div class=\"section-wrapper\"><div class=\"wp-block-ws-library-scrollable-section-item ws-section-scrollable-item\">\n<div class=\"wp-block-ws-library-ws-image\"><div class=\"wrapper\"><div class=\"group-media\"><img decoding=\"async\" src=\"https:\/\/www.hautes-alpes.net\/wp-content\/uploads\/2026\/03\/photos-rencontres-offices-de-tourisme-crevoux-mars-2026-nordic-alpes-du-sud-7-960x640.jpg\" alt=\"\" class=\"single_image ws-image-442877\"><div class=\"credits\">  Nordic S\u00fcdalpen<\/div><\/div><p class=\"caption\"><\/p><\/div><\/div>\n<\/div><\/div>\n\n\n\n<div class=\"section-wrapper\"><div class=\"wp-block-ws-library-scrollable-section-item ws-section-scrollable-item is-style-bg-grey\">\n<p>Obwohl das Skifahren auf der Piste die wichtigste Aktivit\u00e4t im Winter bleibt (84,5%) und diejenige, die einen Aufenthalt ausl\u00f6st, ist das nordische Skifahren eine echte Zusatzaktivit\u00e4t, die immer beliebter wird.<\/p>\n<\/div><\/div>\n\n\n\n<div class=\"section-wrapper\"><div class=\"wp-block-ws-library-scrollable-section-item ws-section-scrollable-item\">\n<div class=\"wp-block-ws-library-ws-image is-style-simple\"><div class=\"wrapper\"><div class=\"group-media\"><img decoding=\"async\" src=\"https:\/\/www.hautes-alpes.net\/wp-content\/uploads\/2026\/03\/photos-rencontres-offices-de-tourisme-crevoux-mars-2026-nordic-alpes-du-sud-59-960x640.jpg\" alt=\"\" class=\"single_image ws-image-442878\"><div class=\"credits\">  Nordic S\u00fcdalpen<\/div><\/div><p class=\"caption\"><\/p><\/div><\/div>\n<\/div><\/div>\n\n\n\n<div class=\"section-wrapper\"><div class=\"wp-block-ws-library-scrollable-section-item ws-section-scrollable-item\">\n<div class=\"wp-block-ws-library-ws-image\"><div class=\"wrapper\"><div class=\"group-media\"><img decoding=\"async\" src=\"https:\/\/www.hautes-alpes.net\/wp-content\/uploads\/2026\/03\/photos-rencontres-offices-de-tourisme-crevoux-mars-2026-nordic-alpes-du-sud-73-960x640.jpg\" alt=\"\" class=\"single_image ws-image-442879\"><div class=\"credits\">  Nordic S\u00fcdalpen<\/div><\/div><p class=\"caption\"><\/p><\/div><\/div>\n<\/div><\/div>\n<\/div><\/div><\/div>\n\n<div class=\"wp-block-ws-library-scrollable-section ws-section-scrollable alignfull\"><div class=\"scrollable-item\"><div class=\"group-content\"><div class=\"wrapper\"><h3 class=\"field-title\"><strong>Meet the Buyers<\/strong><\/h3><div class=\"field-intro\"><p><\/p><\/div><\/div><\/div><div class=\"group-innerblocks\"><div class=\"group-media\"><div class=\"field-image\"><img decoding=\"async\" src=\"https:\/\/www.hautes-alpes.net\/wp-content\/uploads\/2026\/01\/maquette-image-flash-info5-1140x620.jpg\" alt=\"\"\/><\/div><div class=\"credits\"><\/div><\/div>\n<div class=\"section-wrapper\"><div class=\"wp-block-ws-library-scrollable-section-item ws-section-scrollable-item\">\n<p>Marseille, den 25. M\u00e4rz 2026.  <\/p>\n\n\n\n<p><strong>Die Region S\u00fcd<\/strong> und die Organisatoren der Spiele, <strong>COJOP und SOLIDEO<\/strong>, pr\u00e4sentierten bei der Veranstaltung &#8220; <strong>Meet the Buyers<\/strong> &#8220; die wichtigsten wirtschaftlichen Perspektiven, die mit der Ausrichtung der Olympischen und Paralympischen Winterspiele 2030 in den franz\u00f6sischen Alpen verbunden sind.  <\/p>\n<\/div><\/div>\n\n\n\n<div class=\"section-wrapper\"><div class=\"wp-block-ws-library-scrollable-section-item ws-section-scrollable-item\">\n<p>\u00dcber die sportliche Herausforderung hinaus ist das Projekt ein Hebel f\u00fcr die territoriale Transformation, mit <strong>gesch\u00e4tzten Auswirkungen von 3,6 Milliarden Euro<\/strong> und der erwarteten Schaffung von <strong>50.000 Arbeitspl\u00e4tzen<\/strong>.<\/p>\n<\/div><\/div>\n\n\n\n<div class=\"section-wrapper\"><div class=\"wp-block-ws-library-scrollable-section-item ws-section-scrollable-item is-style-bg-grey\">\n<p><strong>Diese Dynamik er\u00f6ffnet ein weites Feld von M\u00f6glichkeiten f\u00fcr das lokale Wirtschaftsgef\u00fcge<\/strong>, insbesondere in den Hochalpen. Schl\u00fcsselsektoren wie die Veranstaltungsbranche, der Tourismus, der Hoch- und Tiefbau und die Lebensmittelindustrie stehen an vorderster Front, ebenso wie kleine und mittlere Unternehmen, Industrieunternehmen und Start-ups. <br\/><\/p>\n<\/div><\/div>\n\n\n\n<div class=\"section-wrapper\"><div class=\"wp-block-ws-library-scrollable-section-item ws-section-scrollable-item\">\n<p>Interessierte Unternehmen sind eingeladen, sich \u00fcber die entsprechende Plattform zu positionieren:  <\/p>\n\n\n\n<div class=\"wp-block-buttons is-layout-flex wp-block-buttons-is-layout-flex\">\n<div class=\"wp-block-button is-style-default has-icon icon-website\"><a class=\"wp-block-button__link has-text-align-center wp-element-button\" href=\"https:\/\/alpesfrancaises2030.maregionsud.fr\">alpesfrancaises2030.maregionsud.fr<\/a><\/div>\n<\/div>\n<\/div><\/div>\n\n\n\n<div class=\"section-wrapper\"><div class=\"wp-block-ws-library-scrollable-section-item ws-section-scrollable-item\">\n<div class=\"wp-block-ws-library-ws-image\"><div class=\"wrapper\"><div class=\"group-media\"><img decoding=\"async\" src=\"https:\/\/www.hautes-alpes.net\/wp-content\/uploads\/2026\/03\/1774451818819-1240x800.jpg\" alt=\"\" class=\"single_image ws-image-432743\"><div class=\"credits\">L.Chovelon - CRT<\/div><\/div><p class=\"caption\"><\/p><\/div><\/div>\n<\/div><\/div>\n\n\n\n<div class=\"section-wrapper\"><div class=\"wp-block-ws-library-scrollable-section-item ws-section-scrollable-item\">\n<div class=\"wp-block-ws-library-ws-image is-style-simple\"><div class=\"wrapper\"><div class=\"group-media\"><img decoding=\"async\" src=\"https:\/\/www.hautes-alpes.net\/wp-content\/uploads\/2026\/03\/1774451798106-480x640.jpg\" alt=\"\" class=\"single_image ws-image-432744\"><div class=\"credits\">L.Chovelon - CRT<\/div><\/div><p class=\"caption\"><\/p><\/div><\/div>\n<\/div><\/div>\n\n\n\n<div class=\"section-wrapper\"><div class=\"wp-block-ws-library-scrollable-section-item ws-section-scrollable-item\">\n<div class=\"wp-block-ws-library-ws-image\"><div class=\"wrapper\"><div class=\"group-media\"><img decoding=\"async\" src=\"https:\/\/www.hautes-alpes.net\/wp-content\/uploads\/2026\/03\/1774451795583-813x640.jpg\" alt=\"\" class=\"single_image ws-image-432745\"><div class=\"credits\">L.Chovelon - CRT<\/div><\/div><p class=\"caption\"><\/p><\/div><\/div>\n<\/div><\/div>\n<\/div><\/div><\/div>\n\n<div class=\"wp-block-ws-library-scrollable-section ws-section-scrollable alignfull\"><div class=\"scrollable-item\"><div class=\"group-content\"><div class=\"wrapper\"><h3 class=\"field-title\"><strong>Benjamin Ribeyre<\/strong><\/h3><div class=\"field-intro\"><p> \u00a0<\/p><\/div><\/div><\/div><div class=\"group-innerblocks\"><div class=\"group-media\"><div class=\"field-image\"><img decoding=\"async\" src=\"https:\/\/www.hautes-alpes.net\/wp-content\/uploads\/2026\/03\/lac-du-pontet-la-meije-alpesphotographiescom-17-1140x620.jpg\" alt=\"\"\/><\/div><div class=\"credits\">Alpes Photographies<\/div><\/div>\n<div class=\"section-wrapper\"><div class=\"wp-block-ws-library-scrollable-section-item ws-section-scrollable-item is-style-default\">\n<p>Benjamin Ribeyre ist verstorben.  <\/p>\n\n\n\n<p>Die Berge, die er so sehr liebte, nahmen ihn mit. Wir m\u00f6chten uns an diesen 34-j\u00e4hrigen Bergf\u00fchrer erinnern, der so viel f\u00fcr die Hautes-Alpes getan hat. <\/p>\n<\/div><\/div>\n\n\n\n<div class=\"section-wrapper\"><div class=\"wp-block-ws-library-scrollable-section-item ws-section-scrollable-item\">\n<p>Er war lange Zeit Vorsitzender der Bergf\u00fchrergesellschaft von \u00c9crins und Oisans und hat sich an unserer Seite sehr f\u00fcr die F\u00f6rderung des Bergsteigens eingesetzt. Er hielt die Erinnerung wach, indem er daran erinnerte, dass die Hautes-Alpes die Wiege des Bergsports in Frankreich waren. Er baute an der Zukunft, indem er 14 Schulstandorte f\u00fcr die J\u00fcngsten im gesamten Massiv er\u00f6ffnete.  <\/p>\n<\/div><\/div>\n\n\n\n<div class=\"section-wrapper\"><div class=\"wp-block-ws-library-scrollable-section-item ws-section-scrollable-item\">\n<div class=\"wp-block-ws-library-ws-image is-style-simple\"><div class=\"wrapper\"><div class=\"group-media\"><img decoding=\"async\" src=\"https:\/\/www.hautes-alpes.net\/wp-content\/uploads\/2026\/03\/7b3a9423-964x640.jpg\" alt=\"\" class=\"single_image ws-image-432693\"><div class=\"credits\">P.Domeyne AD05<\/div><\/div><p class=\"caption\"><\/p><\/div><\/div>\n<\/div><\/div>\n\n\n\n<div class=\"section-wrapper\"><div class=\"wp-block-ws-library-scrollable-section-item ws-section-scrollable-item\">\n<p>Benjamin, der immer auf das richtige Gleichgewicht und die Erhaltung unserer nat\u00fcrlichen Umgebung - unserem gr\u00f6\u00dften Reichtum - bedacht war, war eines unserer sch\u00f6nsten Almgesichter.<\/p>\n<\/div><\/div>\n<\/div><\/div><\/div>\n\n<div class=\"wp-block-ws-library-scrollable-section ws-section-scrollable alignfull\"><div class=\"scrollable-item\"><div class=\"group-content\"><div class=\"wrapper\"><h3 class=\"field-title\"><strong>S\u00e9ries Mania Forum<\/strong><\/h3><div class=\"field-intro\"><p>In Lille werden die S\u00fcdalpen als Kulisse f\u00fcr Serien gew\u00e4hlt<\/p><\/div><\/div><\/div><div class=\"group-innerblocks\"><div class=\"group-media\"><div class=\"field-image\"><img decoding=\"async\" src=\"https:\/\/www.hautes-alpes.net\/wp-content\/uploads\/2025\/11\/alex-hugo-orceyrette-2024-patrick-domeyne-addet05-1-1140x620.jpg\" alt=\"\"\/><\/div><div class=\"credits\">P. Domeyne - AD05<\/div><\/div>\n<div class=\"section-wrapper\"><div class=\"wp-block-ws-library-scrollable-section-item ws-section-scrollable-item is-style-default\">\n<p>Die Agence de D\u00e9veloppement des Hautes-Alpes ist auf dem <strong>Forum S\u00e9ries Mania in Lille<\/strong> vertreten, dem f\u00fchrenden europ\u00e4ischen Treffpunkt f\u00fcr die Kreation und Produktion von Serien.  <\/p>\n<\/div><\/div>\n\n\n\n<div class=\"section-wrapper\"><div class=\"wp-block-ws-library-scrollable-section-item ws-section-scrollable-item is-style-default\">\n<p>An der Seite der Region S\u00fcdfrankreich wirbt sie dort f\u00fcr die Vorz\u00fcge der S\u00fcdalpen bei Produzenten und Projekttr\u00e4gern, die auf der Suche nach nat\u00fcrlichen Kulissen und geeigneten Drehbedingungen sind.<\/p>\n<\/div><\/div>\n\n\n\n<div class=\"section-wrapper\"><div class=\"wp-block-ws-library-scrollable-section-item ws-section-scrollable-item\">\n<div class=\"wp-block-ws-library-ws-image is-style-default\"><div class=\"wrapper\"><div class=\"group-media\"><img decoding=\"async\" src=\"https:\/\/www.hautes-alpes.net\/wp-content\/uploads\/2026\/03\/forum-series-mania-1-addet05-444x640.jpg\" alt=\"\" class=\"single_image ws-image-432052\"><div class=\"credits\">AD05<\/div><\/div><p class=\"caption\"><\/p><\/div><\/div>\n<\/div><\/div>\n\n\n\n<div class=\"section-wrapper\"><div class=\"wp-block-ws-library-scrollable-section-item ws-section-scrollable-item\">\n<p>Die Agence de D\u00e9veloppement des Hautes-Alpes (Entwicklungsagentur des Departements Hautes-Alpes) stellt mit ihrem <strong>Bureau d&#8217;Accueil<\/strong> des <strong>Tournages (Empfangsb\u00fcro f\u00fcr Dreharbeiten<\/strong>) die Vielfalt der Landschaften, insbesondere in den Bergen, sowie die Unterst\u00fctzung der Filmteams in den Vordergrund.<\/p>\n<\/div><\/div>\n\n\n\n<div class=\"section-wrapper\"><div class=\"wp-block-ws-library-scrollable-section-item ws-section-scrollable-item\">\n<p>In einem Kontext, in dem Serien auf Kan\u00e4len und Plattformen stark zunehmen, f\u00fchren die oft l\u00e4ngeren Dreharbeiten zu direkten Auswirkungen auf die Besch\u00e4ftigung, die Unterbringung und den lokalen Konsum.<\/p>\n<\/div><\/div>\n\n\n\n<div class=\"section-wrapper\"><div class=\"wp-block-ws-library-scrollable-section-item ws-section-scrollable-item\">\n<div class=\"wp-block-ws-library-ws-image\"><div class=\"wrapper\"><div class=\"group-media\"><img decoding=\"async\" src=\"https:\/\/www.hautes-alpes.net\/wp-content\/uploads\/2026\/03\/forum-series-mania-3-addet05-1240x796.jpg\" alt=\"\" class=\"single_image ws-image-432050\"><div class=\"credits\">AD05<\/div><\/div><p class=\"caption\"><\/p><\/div><\/div>\n<\/div><\/div>\n\n\n\n<div class=\"section-wrapper\"><div class=\"wp-block-ws-library-scrollable-section-item ws-section-scrollable-item\">\n<p>Und diese Auswirkungen sind erheblich. Zum Beispiel hatte <strong>der Spielfilm <em>Der verlorene Zug<\/em><\/strong> unter der Regie von Aude Gogny-Goubert, der im Herbst 2025 vier Wochen lang in den Hautes-Alpes gedreht wurde (20 Drehtage), ein Budget von 2,3 Millionen Euro. Die Produktion sch\u00e4tzte ihre <strong>direkten lokalen Ausgaben auf etwa 400.000 Euro<\/strong>.  <\/p>\n<\/div><\/div>\n\n\n\n<div class=\"section-wrapper\"><div class=\"wp-block-ws-library-scrollable-section-item ws-section-scrollable-item\">\n<div class=\"wp-block-ws-library-ws-image\"><div class=\"wrapper\"><div class=\"group-media\"><img decoding=\"async\" src=\"https:\/\/www.hautes-alpes.net\/wp-content\/uploads\/2026\/03\/tournage-queyras-1-tentacules-production-1240x800.jpeg\" alt=\"\" class=\"single_image ws-image-432054\"><div class=\"credits\">Tentakel Produktion<\/div><\/div><p class=\"caption\"><\/p><\/div><\/div>\n<\/div><\/div>\n<div class=\"field-link\"><a href=\"https:\/\/www.hautes-alpes.net\/lagence-de-developpement\/espace-pro\/bureau-daccueil-des-tournages\/\" class=\"cardlink\">Voir la page<\/a><\/div><\/div><\/div><\/div>\n\n<div class=\"wp-block-ws-library-scrollable-section ws-section-scrollable alignfull\"><div class=\"scrollable-item\"><div class=\"group-content\"><div class=\"wrapper\"><h3 class=\"field-title\"><strong>PAT setzt auf Ziegen<\/strong><\/h3><div class=\"field-intro\"><p>Besuch der Meyssirat Farm  <\/p><\/div><\/div><\/div><div class=\"group-innerblocks\"><div class=\"group-media\"><div class=\"field-image\"><img decoding=\"async\" src=\"https:\/\/www.hautes-alpes.net\/wp-content\/uploads\/2026\/03\/ferme-de-meyssirat-4-addet05-nathalie-gilbert-scaled-e1773994828610-1140x620.jpg\" alt=\"\"\/><\/div><div class=\"credits\">AD05 | N Gilbert<\/div><\/div>\n<div class=\"section-wrapper\"><div class=\"wp-block-ws-library-scrollable-section-item ws-section-scrollable-item is-style-default\">\n<p>Im Rahmen des <strong>Projet Alimentaire Territorial (P.A.T.) des<\/strong> <strong>Departements<\/strong> <strong>Hautes-Alpes<\/strong> wurde die <strong>Ferme de Meyssirat<\/strong> in Veynes mit dem Ziel vorgestellt, die Erzeuger direkt mit den K\u00e4ufern der Gemeinschaftsverpflegung in Kontakt zu bringen, insbesondere mit den K\u00f6chen der hochalpinen Schulen. Dieser Besuch wertet ein lokales Landwirtschaftsmodell auf, das auf kurzen Wegen, der Verarbeitung auf dem Bauernhof und einer starken territorialen Verankerung beruht. <\/p>\n<\/div><\/div>\n\n\n\n<div class=\"section-wrapper\"><div class=\"wp-block-ws-library-scrollable-section-item ws-section-scrollable-item\">\n<p>Der Bauernhof Meyssirat wurde vor f\u00fcnf Jahren von <strong>Christopher Simiand<\/strong> gegr\u00fcndet und hat eine Herde von<strong>ca. 40 Alpenziegen<\/strong>. <strong>Der Betrieb produziert etwa 30.000 Liter Milch<\/strong> pro <strong>Jahr<\/strong>, was fast 900 Liter pro Tier entspricht. Das Haltungssystem ist extensiv und respektiert die nat\u00fcrlichen Zyklen. <\/p>\n<\/div><\/div>\n\n\n\n<div class=\"section-wrapper\"><div class=\"wp-block-ws-library-scrollable-section-item ws-section-scrollable-item\">\n<div class=\"wp-block-ws-library-ws-image is-style-simple\"><div class=\"wrapper\"><div class=\"group-media\"><img decoding=\"async\" src=\"https:\/\/www.hautes-alpes.net\/wp-content\/uploads\/2026\/03\/christopher-simiand-gerant-ferme-de-meyssirat-2-addet05-nathalie-gilbert-482x640.jpg\" alt=\"\" class=\"single_image ws-image-411444\"><div class=\"credits\">AD05 | N Gilbert<\/div><\/div><p class=\"caption\"><\/p><\/div><\/div>\n<\/div><\/div>\n\n\n\n<div class=\"section-wrapper\"><div class=\"wp-block-ws-library-scrollable-section-item ws-section-scrollable-item\">\n<p>An sch\u00f6nen Tagen weiden die Tiere auf 3 Hektar Land, die an den Hof angrenzen, w\u00e4hrend <strong>weitere 10 Hektar f\u00fcr die Futterproduktion<\/strong> genutzt werden. Auf dem Gel\u00e4nde befinden sich alle Produktionsmittel: Melkstand, Verarbeitungslabor, Laden und landwirtschaftliche Fl\u00e4chen. <\/p>\n<\/div><\/div>\n\n\n\n<div class=\"section-wrapper\"><div class=\"wp-block-ws-library-scrollable-section-item ws-section-scrollable-item\">\n<p>Die gesamte Milch wird t\u00e4glich im Betrieb verarbeitet, um die starke Nachfrage nach frischen Produkten zu befriedigen.  <strong>Rohmilchk\u00e4se und Joghurt sind in einem Sortiment von etwa 25 Artikeln enthalten.  <\/strong>Die Aktivit\u00e4t ist heute ausgewogen zwischen Direktverkauf und lokalen Absatzm\u00e4rkten verteilt.<\/p>\n<\/div><\/div>\n\n\n\n<div class=\"section-wrapper\"><div class=\"wp-block-ws-library-scrollable-section-item ws-section-scrollable-item\">\n<div class=\"wp-block-ws-library-ws-image is-style-simple\"><div class=\"wrapper\"><div class=\"group-media\"><img decoding=\"async\" src=\"https:\/\/www.hautes-alpes.net\/wp-content\/uploads\/2026\/03\/fromages-chevre-ferme-de-meyssirat-1-addet05-nathalie-gilbert-482x640.jpg\" alt=\"\" class=\"single_image ws-image-411447\"><div class=\"credits\">AD05 | N Gilbert<\/div><\/div><p class=\"caption\"><\/p><\/div><\/div>\n<\/div><\/div>\n\n\n\n<div class=\"section-wrapper\"><div class=\"wp-block-ws-library-scrollable-section-item ws-section-scrollable-item is-style-bg-grey\">\n<p><strong>PAT als Hebel f\u00fcr territoriale Zusammenarbeit<\/strong><\/p>\n\n\n\n<p>Dieser Besuch zeigt die strukturierende Rolle des <strong>Projet Alimentaire Territorial des Hautes-Alpes<\/strong> bei der Vernetzung der Akteure in der Region.  <\/p>\n<\/div><\/div>\n\n\n\n<div class=\"section-wrapper\"><div class=\"wp-block-ws-library-scrollable-section-item ws-section-scrollable-item\">\n<p>Das PAT wird vom Departement getragen und gemeinsam von der Landwirtschaftskammer und der Agence de D\u00e9veloppement des Hautes-Alpes betreut und soll <strong>landwirtschaftliche Initiativen unterst\u00fctzen, kurze Wege strukturieren und den Zugang zu hochwertigen, lokal erzeugten und verarbeiteten Lebensmitteln f\u00f6rdern.<\/strong><\/p>\n<\/div><\/div>\n\n\n\n<div class=\"section-wrapper\"><div class=\"wp-block-ws-library-scrollable-section-item ws-section-scrollable-item\">\n<div class=\"wp-block-ws-library-ws-image is-style-simple\"><div class=\"wrapper\"><div class=\"group-media\"><img decoding=\"async\" src=\"https:\/\/www.hautes-alpes.net\/wp-content\/uploads\/2026\/03\/deleguation-du-pat-05-en-visite-a-la-ferme-de-meyssirat-addet05-nathalie-gilbert-482x640.jpg\" alt=\"\" class=\"single_image ws-image-411445\"><div class=\"credits\">AD05 | N Gilbert<\/div><\/div><p class=\"caption\"><\/p><\/div><\/div>\n<\/div><\/div>\n<div class=\"field-link\"><a href=\"https:\/\/www.hautes-alpes.net\/filieres-economiques\/pat\/\" class=\"cardlink\">Voir la page<\/a><\/div><\/div><\/div><\/div>\n\n<div class=\"wp-block-ws-library-scrollable-section ws-section-scrollable alignfull\"><div class=\"scrollable-item\"><div class=\"group-content\"><div class=\"wrapper\"><h3 class=\"field-title\"><strong>Skibergsteigen<\/strong><\/h3><div class=\"field-intro\"><p>Puy Saint Vincent ist Gastgeber des Elite-Weltcups im Skibergsteigen und der Jugend-Weltmeisterschaft.<\/p><\/div><\/div><\/div><div class=\"group-innerblocks\"><div class=\"group-media\"><div class=\"field-image\"><img decoding=\"async\" src=\"https:\/\/www.hautes-alpes.net\/wp-content\/uploads\/2026\/01\/maquette-image-flash-info4-1140x620.jpg\" alt=\"\"\/><\/div><div class=\"credits\"><\/div><\/div>\n<div class=\"section-wrapper\"><div class=\"wp-block-ws-library-scrollable-section-item ws-section-scrollable-item is-style-default\">\n<p>Der Weltcup der Skibergsteiger in Puy Puy. <strong><a href=\"https:\/\/www.hautes-alpes.net\/de\/reiseziele-hautes-alpes\/puy-saint-vincent\/\">Puy Saint Vincent<\/a><\/strong> geht weit \u00fcber den Rahmen eines einfachen Wettkampfes hinaus. Er ist Ausdruck eines authentischen, engagierten Sports, der von der tiefen Verbindung zwischen dem Athleten und dem Berg gen\u00e4hrt wird. <\/p>\n<\/div><\/div>\n\n\n\n<div class=\"section-wrapper\"><div class=\"wp-block-ws-library-scrollable-section-item ws-section-scrollable-item is-style-default\">\n<p><strong>Vom 25. bis 29. M\u00e4rz 2026<\/strong> wird <a href=\"https:\/\/www.hautes-alpes.net\/de\/reiseziele-hautes-alpes\/puy-saint-vincent\/\">Puy Saint Vincent<\/a> die besten Spezialisten der Welt f\u00fcr mehrere Tage intensiver Anstrengungen und Naturschauspiele empfangen. Die Elite-Athleten werden eine wichtige Etappe des Weltcups bestreiten, w\u00e4hrend die Jugendkategorien um ihren Weltmeistertitel k\u00e4mpfen werden. <\/p>\n<\/div><\/div>\n\n\n\n<div class=\"section-wrapper\"><div class=\"wp-block-ws-library-scrollable-section-item ws-section-scrollable-item\">\n<div class=\"wp-block-ws-library-ws-image\"><div class=\"wrapper\"><div class=\"group-media\"><img decoding=\"async\" src=\"https:\/\/www.hautes-alpes.net\/wp-content\/uploads\/2025\/12\/487295388-18493271692063515-6012071293474330145-n-e1766475300675-1080x800.jpg\" alt=\"\" class=\"single_image ws-image-130402\"><div class=\"credits\">Marco_gvx<\/div><\/div><p class=\"caption\"><\/p><\/div><\/div>\n<\/div><\/div>\n<\/div><\/div><\/div>\n\n<div class=\"wp-block-ws-library-scrollable-section ws-section-scrollable alignfull\"><div class=\"scrollable-item\"><div class=\"group-content\"><div class=\"wrapper\"><h3 class=\"field-title\"><strong>Gro\u00dfer Preis von Serre Chevalier<\/strong><\/h3><div class=\"field-intro\"><p>Pures Delirium<\/p><\/div><\/div><\/div><div class=\"group-innerblocks\"><div class=\"group-media\"><div class=\"field-image\"><img decoding=\"async\" src=\"https:\/\/www.hautes-alpes.net\/wp-content\/uploads\/2026\/03\/grand-prix-serre-chevalier-2025-11-1140x620.jpg\" alt=\"\"\/><\/div><div class=\"credits\">Ot Serre Chevalier<\/div><\/div>\n<div class=\"section-wrapper\"><div class=\"wp-block-ws-library-scrollable-section-item ws-section-scrollable-item\">\n<p>Dieses Rennen, bei dem mehrere Disziplinen kombiniert werden, hat sich in einigen Jahren zu einer echten Institution im Tal von <strong>Serre Chevalier<\/strong> entwickelt.<\/p>\n<\/div><\/div>\n\n\n\n<div class=\"section-wrapper\"><div class=\"wp-block-ws-library-scrollable-section-item ws-section-scrollable-item\">\n<div class=\"wp-block-ws-library-ws-video\"><div class=\"wrapper\"><div class=\"group-media\">\n<figure class=\"wp-block-embed is-type-video is-provider-youtube wp-block-embed-youtube\"><div class=\"wp-block-embed__wrapper\">\n<iframe loading=\"lazy\" title=\"GRAND PRIX 2025\" width=\"500\" height=\"281\" src=\"https:\/\/www.youtube.com\/embed\/XzI6YrB4O0M?feature=oembed\" frameborder=\"0\" allow=\"accelerometer; autoplay; clipboard-write; encrypted-media; gyroscope; picture-in-picture; web-share\" referrerpolicy=\"strict-origin-when-cross-origin\" allowfullscreen><\/iframe>\n<\/div><\/figure>\n<\/div><\/div><\/div>\n<\/div><\/div>\n\n\n\n<div class=\"section-wrapper\"><div class=\"wp-block-ws-library-scrollable-section-item ws-section-scrollable-item\">\n<p><strong>Ein Cocktail aus verr\u00fcckten Pr\u00fcfungen<\/strong><br\/>Spiele, verr\u00fcckte Pr\u00fcfungen, \u00dcberraschungen, das ist das Versprechen, das den Teilnehmern des Grand Prix de Serre Chevalier gemacht wird.  <\/p>\n<\/div><\/div>\n\n\n\n<div class=\"section-wrapper\"><div class=\"wp-block-ws-library-scrollable-section-item ws-section-scrollable-item\">\n<p>Dieses Rennen ist eine Mischung aus einem Derby, einer Rallye, einem Enduro, einem Orientierungslauf und einem &#8220;Mud-Day&#8220;-Parcours.  <\/p>\n<\/div><\/div>\n\n\n\n<div class=\"section-wrapper\"><div class=\"wp-block-ws-library-scrollable-section-item ws-section-scrollable-item\">\n<div class=\"wp-block-ws-library-ws-image\"><div class=\"wrapper\"><div class=\"group-media\"><img decoding=\"async\" src=\"https:\/\/www.hautes-alpes.net\/wp-content\/uploads\/2026\/03\/grand-prix-serre-chevalier-2025-7-1240x800.jpg\" alt=\"\" class=\"single_image ws-image-406560\"><div class=\"credits\">Ot Serre Chevalier<\/div><\/div><p class=\"caption\"><\/p><\/div><\/div>\n<\/div><\/div>\n\n\n\n<div class=\"section-wrapper\"><div class=\"wp-block-ws-library-scrollable-section-item ws-section-scrollable-item\">\n<p><strong>Top-Atmosph\u00e4re<\/strong><br\/>\u00dcber den Wettbewerb hinaus ist die Veranstaltung ein gro\u00dfer Moment des Teilens. Musik, Unterhaltung und St\u00e4nde bestimmen den Rhythmus des Tages. Familien, Freunde und Sportler treffen sich in einer herzlichen Atmosph\u00e4re, in der sich die Traditionen der Bergbewohner mit dem Geist des Festes vermischen. Werden Sie <strong>am 20., 21. und 22. M\u00e4rz<\/strong> s\u00fc\u00df oder verr\u00fcckt sein?  <\/p>\n<\/div><\/div>\n\n\n\n<div class=\"section-wrapper\"><div class=\"wp-block-ws-library-scrollable-section-item ws-section-scrollable-item\">\n<div class=\"wp-block-ws-library-ws-image\"><div class=\"wrapper\"><div class=\"group-media\"><img decoding=\"async\" src=\"https:\/\/www.hautes-alpes.net\/wp-content\/uploads\/2026\/03\/grandprix.png\" alt=\"\" class=\"single_image ws-image-406573\"><div class=\"credits\">OT Serre Chevalier<\/div><\/div><p class=\"caption\"><\/p><\/div><\/div>\n<\/div><\/div>\n\n\n\n<div class=\"section-wrapper\"><div class=\"wp-block-ws-library-scrollable-section-item ws-section-scrollable-item\">\n<div class=\"wp-block-ws-library-ws-image\"><div class=\"wrapper\"><div class=\"group-media\"><img decoding=\"async\" src=\"https:\/\/www.hautes-alpes.net\/wp-content\/uploads\/2026\/03\/grand-prix-serre-chevalier-2025-1-1240x800.jpg\" alt=\"\" class=\"single_image ws-image-406559\"><div class=\"credits\">Ot Serre Chevalier<\/div><\/div><p class=\"caption\"><\/p><\/div><\/div>\n<\/div><\/div>\n<\/div><\/div><\/div>\n\n<div class=\"wp-block-ws-library-scrollable-section ws-section-scrollable alignfull\"><div class=\"scrollable-item\"><div class=\"group-content\"><div class=\"wrapper\"><h3 class=\"field-title\"><strong>SAStex in London<\/strong><\/h3><div class=\"field-intro\"><p>auf dem britischen Markt<\/p><\/div><\/div><\/div><div class=\"group-innerblocks\"><div class=\"group-media\"><div class=\"field-image\"><img decoding=\"async\" src=\"https:\/\/www.hautes-alpes.net\/wp-content\/uploads\/2026\/01\/maquette-image-flash-info-scaled-1140x620.jpg\" alt=\"\"\/><\/div><div class=\"credits\"><\/div><\/div>\n<div class=\"section-wrapper\"><div class=\"wp-block-ws-library-scrollable-section-item ws-section-scrollable-item is-style-default\">\n<p>Die <strong>S\u00fcdalpen<\/strong> nehmen heute an der <strong>SAStex<\/strong> teil <strong>, einem f\u00fchrenden Workshop \u00fcber Sommertourismus in den Bergen<\/strong>, der in den R\u00e4umlichkeiten des Medienpartners <strong>Red Bull<\/strong> im Herzen von Covent Garden in London stattfindet.<\/p>\n<\/div><\/div>\n\n\n\n<div class=\"section-wrapper\"><div class=\"wp-block-ws-library-scrollable-section-item ws-section-scrollable-item is-style-default\">\n<p>Die Hautes-Alpes wurden von der<strong>Agence de D\u00e9veloppement des Hautes-Alpes<\/strong> vertreten, zusammen mit dem<strong> Vier-Sterne-Hotel Snowchill in <a href=\"https:\/\/www.hautes-alpes.net\/de\/reiseziele-hautes-alpes\/risoul\/\">Risoul<\/a><\/strong>, das sein Angebot an Unterk\u00fcnften pr\u00e4sentierte.<\/p>\n<\/div><\/div>\n\n\n\n<div class=\"section-wrapper\"><div class=\"wp-block-ws-library-scrollable-section-item ws-section-scrollable-item\">\n<div class=\"wp-block-ws-library-ws-image\"><div class=\"wrapper\"><div class=\"group-media\"><img decoding=\"async\" src=\"https:\/\/www.hautes-alpes.net\/wp-content\/uploads\/2026\/03\/sastex-e1773665409846-1240x800.jpg\" alt=\"\" class=\"single_image ws-image-398851\"><div class=\"credits\">AD 05<\/div><\/div><p class=\"caption\"><\/p><\/div><\/div>\n<\/div><\/div>\n\n\n\n<div class=\"section-wrapper\"><div class=\"wp-block-ws-library-scrollable-section-item ws-section-scrollable-item\">\n<p>F\u00fcr die <strong>Hautes-Alpes<\/strong> ist diese Pr\u00e4senz Teil einer <strong>internationalen Werbestrategie<\/strong> und erm\u00f6glicht es, die Vielfalt des Sommerangebots<a href=\"https:\/\/www.hautes-alpes.net\/de\/erfahrungen-hautes-alpes\/spaziergaenge-und-wanderungen\/\">(Wandern<\/a>, <a href=\"https:\/\/www.hautes-alpes.net\/de\/erfahrungen-hautes-alpes\/strassenrad\/\">Radfahren<\/a> auf den gro\u00dfen P\u00e4ssen, <a href=\"https:\/\/www.hautes-alpes.net\/de\/erfahrungen-hautes-alpes\/lebendiges-wasser\/\">Wildwassersport<\/a> oder <a href=\"https:\/\/www.hautes-alpes.net\/de\/erfahrungen-hautes-alpes\/freizeitaktivitaeten-in-der-luft\/\" type=\"link\" id=\"https:\/\/www.hautes-alpes.net\/experiences\/loisirs-aeriens\/\">Flugaktivit\u00e4ten<\/a>) bei britischen Kunden, die Natur und aktive Erlebnisse suchen, zu pr\u00e4sentieren.<\/p>\n<\/div><\/div>\n\n\n\n<div class=\"section-wrapper\"><div class=\"wp-block-ws-library-scrollable-section-item ws-section-scrollable-item is-style-bg-grey\">\n<p>Zur Erinnerung: <strong>Die Engl\u00e4nder machen 7% der G\u00e4ste in den S\u00fcdalpen<\/strong> aus. Das Vereinigte K\u00f6nigreich geh\u00f6rt somit zu den f\u00fcnf ausl\u00e4ndischen M\u00e4rkten, die die meisten Aufenthalte in dem Reiseziel generieren<em>(Quelle: BVA-Studie 2024 \/ Region S\u00fcd). <\/em>  <\/p>\n<\/div><\/div>\n<div class=\"field-link\"><a href=\"https:\/\/www.hautes-alpes.net\/lagence-de-developpement\/espace-pro\/club-pro\/\" class=\"cardlink\">Voir la page<\/a><\/div><\/div><\/div><\/div>\n\n<div class=\"wp-block-ws-library-scrollable-section ws-section-scrollable alignfull\"><div class=\"scrollable-item\"><div class=\"group-content\"><div class=\"wrapper\"><h3 class=\"field-title\">Presse<\/h3><div class=\"field-intro\"><p>Die Hautes-Alpes sch\u00e4rfen ihre Strategie<\/p><\/div><\/div><\/div><div class=\"group-innerblocks\"><div class=\"group-media\"><div class=\"field-image\"><img decoding=\"async\" src=\"https:\/\/www.hautes-alpes.net\/wp-content\/uploads\/2026\/01\/maquette-image-flash-info-scaled-1140x620.jpg\" alt=\"\"\/><\/div><div class=\"credits\"><\/div><\/div>\n<div class=\"section-wrapper\"><div class=\"wp-block-ws-library-scrollable-section-item ws-section-scrollable-item is-style-bg-grey\">\n<p><strong>Hautes-Alpes: Presseattach\u00e9s verst\u00e4rken ihre gemeinsame Strategie<\/strong><\/p>\n<\/div><\/div>\n\n\n\n<div class=\"section-wrapper\"><div class=\"wp-block-ws-library-scrollable-section-item ws-section-scrollable-item is-style-default\">\n<p>Am 12. M\u00e4rz 2026 trafen sich die Pressebeauftragten der Hautes-Alpes, um ihre Kommunikationsma\u00dfnahmen und <strong>gemeinsamen Priorit\u00e4ten<\/strong> zu besprechen. Bei diesem Treffen wurden<strong>die Strategien<\/strong> f\u00fcr die lokalen, regionalen und spezialisierten Medien<strong>verfeinert<\/strong> und ein Aktionsplan f\u00fcr die ausl\u00e4ndische Presse ausgearbeitet. <\/p>\n<\/div><\/div>\n\n\n\n<div class=\"section-wrapper\"><div class=\"wp-block-ws-library-scrollable-section-item ws-section-scrollable-item\">\n<div class=\"wp-block-ws-library-ws-image is-style-simple\"><div class=\"wrapper\"><div class=\"group-media\"><img decoding=\"async\" src=\"https:\/\/www.hautes-alpes.net\/wp-content\/uploads\/2026\/03\/img-7607-853x640.jpeg\" alt=\"\" class=\"single_image ws-image-390299\"><div class=\"credits\"><\/div><\/div><p class=\"caption\"><\/p><\/div><\/div>\n<\/div><\/div>\n\n\n\n<div class=\"section-wrapper\"><div class=\"wp-block-ws-library-scrollable-section-item ws-section-scrollable-item\">\n<p>Die Teilnehmer sprachen auch \u00fcber <strong>bevorstehende Workshops<\/strong> und <strong>gemeinsame Instrumente<\/strong>, insbesondere \u00fcber den Pressespiegel, um die Verfolgung und Nutzung von Medienberichten zu verbessern.<\/p>\n<\/div><\/div>\n\n\n\n<div class=\"section-wrapper\"><div class=\"wp-block-ws-library-scrollable-section-item ws-section-scrollable-item\">\n<p>Diese konstruktiven Gespr\u00e4che best\u00e4tigten die Relevanz der Zusammenarbeit zwischen den verschiedenen Akteuren des Gebiets und die Notwendigkeit einer strategischen Ausrichtung, um <strong>die Sichtbarkeit der Hautes-Alpes in den Medien zu erh\u00f6hen<\/strong>.<\/p>\n<\/div><\/div>\n\n\n\n<div class=\"section-wrapper\"><div class=\"wp-block-ws-library-scrollable-section-item ws-section-scrollable-item\">\n<p>Link zum Pressebereich der Entwicklungsagentur :<\/p>\n\n\n\n<p><\/p>\n\n\n\n<div class=\"wp-block-buttons is-layout-flex wp-block-buttons-is-layout-flex\">\n<div class=\"wp-block-button has-custom-width wp-block-button__width-75 is-style-default\"><a class=\"wp-block-button__link wp-element-button\" href=\"https:\/\/www.hautes-alpes.net\/de\/die-entwicklungsagentur\/profi-bereich\/pressebereich\/\">Gehen Sie zu<\/a><\/div>\n<\/div>\n<\/div><\/div>\n<\/div><\/div><\/div>\n\n<div class=\"wp-block-ws-library-scrollable-section ws-section-scrollable alignfull\"><div class=\"scrollable-item\"><div class=\"group-content\"><div class=\"wrapper\"><h3 class=\"field-title\">Freestyle in Vars<\/h3><div class=\"field-intro\"><p>Das wird ein Knaller!<\/p><\/div><\/div><\/div><div class=\"group-innerblocks\"><div class=\"group-media\"><div class=\"field-image\"><img decoding=\"async\" src=\"https:\/\/www.hautes-alpes.net\/wp-content\/uploads\/2026\/03\/648281033-18570702835027053-964659808252305478-n-1-e1773217719707-1140x620.jpg\" alt=\"\"\/><\/div><div class=\"credits\">OT Vars<\/div><\/div>\n<div class=\"section-wrapper\"><div class=\"wp-block-ws-library-scrollable-section-item ws-section-scrollable-item is-style-default\">\n<p>Es wird ein gro\u00dfes Spektakel in Vars geben. <strong><a href=\"https:\/\/www.hautes-alpes.net\/de\/reiseziele-hautes-alpes\/vars\/\" type=\"page\" id=\"73703\">Vars <\/a><\/strong>Park, dem besten Snowpark Frankreichs laut Tess Ledeux, der Olympia-Zweiten von 2022.<br\/><strong>Bis zum 13. M\u00e4rz<\/strong> finden im Skiort mehrere <strong>Freestyle-Wettbewerbe<\/strong> statt.<\/p>\n<\/div><\/div>\n\n\n\n<div class=\"section-wrapper\"><div class=\"wp-block-ws-library-scrollable-section-item ws-section-scrollable-item is-style-default\">\n<p>National Kids Benjamins, Coupe de France Minims und Europacups Slopestyle und Big Air, etwa 150 Rider verschiedener Kategorien werden sich auf den Linien des Snowparks von Vars messen. Die Wettk\u00e4mpfe werden sich im Laufe der Woche steigern und mit den Spezialisten der Disziplin enden. <\/p>\n<\/div><\/div>\n\n\n\n<div class=\"section-wrapper\"><div class=\"wp-block-ws-library-scrollable-section-item ws-section-scrollable-item\">\n<div class=\"wp-block-ws-library-ws-image\"><div class=\"wrapper\"><div class=\"group-media\"><img decoding=\"async\" src=\"https:\/\/www.hautes-alpes.net\/wp-content\/uploads\/2026\/03\/649217941-18570702775027053-3058250602341537455-n-1-1240x800.jpg\" alt=\"\" class=\"single_image ws-image-379554\"><div class=\"credits\">OT Vars<\/div><\/div><p class=\"caption\"><\/p><\/div><\/div>\n<\/div><\/div>\n<\/div><\/div><\/div>\n<p><a id=\"JOP2023\"><\/a><\/p>\n\n<div class=\"wp-block-ws-library-scrollable-section ws-section-scrollable alignfull\"><div class=\"scrollable-item\"><div class=\"group-content\"><div class=\"wrapper\"><h3 class=\"field-title\"><strong>JOP Mailand-Cortina<\/strong><\/h3><div class=\"field-intro\"><p><strong>\ud83e\udd47\ud83e\udd47<\/strong>Bauchet der Doppelg\u00e4nger<\/p><\/div><\/div><\/div><div class=\"group-innerblocks\"><div class=\"group-media\"><div class=\"field-image\"><img decoding=\"async\" src=\"https:\/\/www.hautes-alpes.net\/wp-content\/uploads\/2026\/03\/55134623770-7ac6cd26d8-6k-scaled-e1773153087688-1140x620.jpg\" alt=\"\"\/><\/div><div class=\"credits\">flickr<\/div><\/div>\n<div class=\"section-wrapper\"><div class=\"wp-block-ws-library-scrollable-section-item ws-section-scrollable-item is-style-bg-grey\">\n<p><strong>Aur\u00e9lie Richard<\/strong>, 4 Rennen, 4 Medaillen.<\/p>\n\n\n\n<p><strong>Arthur Bauchet<\/strong> gewann<strong>Gold<\/strong> in der Kombination und im Riesenslalom.<\/p>\n<\/div><\/div>\n\n\n\n<div class=\"section-wrapper\"><div class=\"wp-block-ws-library-scrollable-section-item ws-section-scrollable-item\">\n<div class=\"wp-block-ws-library-ws-image\"><div class=\"wrapper\"><div class=\"group-media\"><img decoding=\"async\" src=\"https:\/\/www.hautes-alpes.net\/wp-content\/uploads\/2026\/03\/55134416893-dc2f56621d-k-e1773322815219-1240x800.jpg\" alt=\"\" class=\"single_image ws-image-385974\"><div class=\"credits\">flickr<\/div><\/div><p class=\"caption\"><\/p><\/div><\/div>\n<\/div><\/div>\n\n\n\n<div class=\"section-wrapper\"><div class=\"wp-block-ws-library-scrollable-section-item ws-section-scrollable-item\">\n<p>Am Montag konnte Aur\u00e9lie im <strong>Super G<\/strong> eine <strong>zweite Silbermedaille<\/strong> gewinnen. Arthur wurde durch einen kleinen Fehler daran gehindert, die Ziellinie zu erreichen. Um es mit seinen Worten zu sagen: Trotz der Entt\u00e4uschung des Augenblicks hat Arthur &#8220;Z\u00e4hne bis in den Schnee&#8220; und will bis zum Schluss nicht nachlassen.  <\/p>\n<\/div><\/div>\n\n\n\n<div class=\"section-wrapper\"><div class=\"wp-block-ws-library-scrollable-section-item ws-section-scrollable-item\">\n<div class=\"wp-block-ws-library-ws-image\"><div class=\"wrapper\"><div class=\"group-media\"><img decoding=\"async\" src=\"https:\/\/www.hautes-alpes.net\/wp-content\/uploads\/2026\/03\/aurelie-richard-481x640.jpg\" alt=\"\" class=\"single_image ws-image-376113\"><div class=\"credits\"><\/div><\/div><p class=\"caption\"><\/p><\/div><\/div>\n<\/div><\/div>\n<\/div><\/div><\/div>\n\n<div class=\"wp-block-ws-library-scrollable-section ws-section-scrollable alignfull\"><div class=\"scrollable-item\"><div class=\"group-content\"><div class=\"wrapper\"><h3 class=\"field-title\">Die Gipfeltreffen des Sports<\/h3><div class=\"field-intro\"><p>D\u00e9voluy<\/p><\/div><\/div><\/div><div class=\"group-innerblocks\"><div class=\"group-media\"><div class=\"field-image\"><img decoding=\"async\" src=\"https:\/\/www.hautes-alpes.net\/wp-content\/uploads\/2026\/01\/maquette-image-flash-info4-1140x620.jpg\" alt=\"\"\/><\/div><div class=\"credits\"><\/div><\/div>\n<div class=\"section-wrapper\"><div class=\"wp-block-ws-library-scrollable-section-item ws-section-scrollable-item is-style-bg-grey\">\n<p>Das Comit\u00e9 D\u00e9partemental Olympique et Sportif des Hautes-Alpes (CDOS 05) organisiert diese Woche in <a href=\"https:\/\/www.hautes-alpes.net\/de\/reiseziele-hautes-alpes\/superdevoluy-la-joue-du-loup\/\" type=\"page\" id=\"73932\">SuperD\u00e9voluy <\/a>die erste Ausgabe der &#8220; <strong>Sommets du Sport<\/strong>&#8220;, eine neue Veranstaltung, die dem Sport, der Jugend und dem Umweltwandel gewidmet ist.<\/p>\n<\/div><\/div>\n\n\n\n<div class=\"section-wrapper\"><div class=\"wp-block-ws-library-scrollable-section-item ws-section-scrollable-item is-style-default\">\n<p>Die ganze Woche \u00fcber nehmen mehr als 500 Sch\u00fcler aus der Region an Bildungstagen rund um die drei Themen Sport, Gesundheit und Umwelt teil, w\u00e4hrend der \u00d6ffentlichkeit verschiedene Sportveranstaltungen und Treffen angeboten werden.<\/p>\n<\/div><\/div>\n\n\n\n<div class=\"section-wrapper\"><div class=\"wp-block-ws-library-scrollable-section-item ws-section-scrollable-item\">\n<p>Zu den H\u00f6hepunkten geh\u00f6ren ein integratives Handballturnier am Dienstag, ein Tag f\u00fcr die breite \u00d6ffentlichkeit am Mittwoch mit zwei Rundtischgespr\u00e4chen \u00fcber nachhaltigen Sport und die Organisation verantwortungsvoller Veranstaltungen in den Bergen sowie die Einweihung eines Totempfahls am Freitag, der von 16 lokalen Schulklassen gestaltet wurde.  <\/p>\n\n\n\n<p><br\/><br\/><\/p>\n<\/div><\/div>\n\n\n\n<div class=\"section-wrapper\"><div class=\"wp-block-ws-library-scrollable-section-item ws-section-scrollable-item\">\n<p>Die Veranstaltung ist als ein Treffen gedacht, das bis 2030 in den Bergmassiven der Hochalpen zirkulieren soll.<\/p>\n\n\n\n<p><br\/><br\/><\/p>\n<\/div><\/div>\n\n\n\n<div class=\"section-wrapper\"><div class=\"wp-block-ws-library-scrollable-section-item ws-section-scrollable-item\">\n<div class=\"wp-block-ws-library-ws-image\"><div class=\"wrapper\"><div class=\"group-media\"><img decoding=\"async\" src=\"https:\/\/www.hautes-alpes.net\/wp-content\/uploads\/2026\/03\/activites-nordiques-superdevoluy-ot-le-devoluy-853x640.jpg\" alt=\"\" class=\"single_image ws-image-362111\"><div class=\"credits\">OT Le D\u00e9voluy<\/div><\/div><p class=\"caption\"><\/p><\/div><\/div>\n<\/div><\/div>\n\n\n\n<div class=\"section-wrapper\"><div class=\"wp-block-ws-library-scrollable-section-item ws-section-scrollable-item\">\n<div class=\"wp-block-ws-library-ws-image\"><div class=\"wrapper\"><div class=\"group-media\"><img decoding=\"async\" src=\"https:\/\/www.hautes-alpes.net\/wp-content\/uploads\/2026\/03\/infrastructures-centre-sportif-les-sommets-du-sport-ot-le-devoluy-03-03-2026-6bd-1240x800.jpg\" alt=\"\" class=\"single_image ws-image-362132\"><div class=\"credits\">OT Le D\u00e9voluy<\/div><\/div><p class=\"caption\"><\/p><\/div><\/div>\n<\/div><\/div>\n\n\n\n<div class=\"section-wrapper\"><div class=\"wp-block-ws-library-scrollable-section-item ws-section-scrollable-item\">\n<div class=\"wp-block-ws-library-ws-image\"><div class=\"wrapper\"><div class=\"group-media\"><img decoding=\"async\" src=\"https:\/\/www.hautes-alpes.net\/wp-content\/uploads\/2026\/03\/infrastructures-centre-sportif-les-sommets-du-sport-ot-le-devoluy-04-03-2026-4bd-1240x800.jpg\" alt=\"\" class=\"single_image ws-image-362133\"><div class=\"credits\">OT Le D\u00e9voluy  <\/div><\/div><p class=\"caption\"><\/p><\/div><\/div>\n<\/div><\/div>\n<\/div><\/div><\/div>\n\n<div class=\"wp-block-ws-library-scrollable-section ws-section-scrollable alignfull\"><div class=\"scrollable-item\"><div class=\"group-content\"><div class=\"wrapper\"><h3 class=\"field-title\"><strong>Franz\u00f6sische Meisterschaft <\/strong><br><strong>Frankreich Ski Joering <\/strong> <\/h3><div class=\"field-intro\"><p>Ceillac<\/p><\/div><\/div><\/div><div class=\"group-innerblocks\"><div class=\"group-media\"><div class=\"field-image\"><img decoding=\"async\" src=\"https:\/\/www.hautes-alpes.net\/wp-content\/uploads\/2026\/03\/fb-img-1771922980883-1140x620.jpg\" alt=\"\"\/><\/div><div class=\"credits\">Ffslc<\/div><\/div>\n<div class=\"section-wrapper\"><div class=\"wp-block-ws-library-scrollable-section-item ws-section-scrollable-item is-style-bg-grey\">\n<p>Skifahren oder Reiten? Ist es eine neue Disziplin? <br\/>Ist der Reiter auf dem Pferd? Wie l\u00e4uft es? <\/p>\n\n\n\n<p>Pferdesportliebhaber oder einfach nur Neugierige <strong>treffen sich am 8. und 9. M\u00e4rz in <a href=\"https:\/\/www.hautes-alpes.net\/de\/reiseziele-hautes-alpes\/ferienorte-in-den-doerfern-von-queyras\/\" type=\"page\" id=\"74155\">Ceillac<\/a><\/strong>.<br\/><\/p>\n<\/div><\/div>\n\n\n\n<div class=\"section-wrapper\"><div class=\"wp-block-ws-library-scrollable-section-item ws-section-scrollable-item is-style-default\">\n<h3 class=\"wp-block-heading\"><strong><strong>Ein wenig Geschichte<\/strong><\/strong><\/h3>\n\n\n\n<p><strong>Ski Jo\u00ebring<\/strong> ist skandinavischen Ursprungs und bedeutet gezogener Ski. Urspr\u00fcnglich ein Fortbewegungsmittel der Bauern, ist es heute eine Sportart, bei der die Zusammenarbeit von Vier- und Zweibeinern ein beeindruckendes und bewegendes Schauspiel bietet. <\/p>\n<\/div><\/div>\n\n\n\n<div class=\"section-wrapper\"><div class=\"wp-block-ws-library-scrollable-section-item ws-section-scrollable-item\">\n<div class=\"wp-block-ws-library-ws-image\"><div class=\"wrapper\"><div class=\"group-media\"><img decoding=\"async\" src=\"https:\/\/www.hautes-alpes.net\/wp-content\/uploads\/2026\/03\/16cd091b-e53d-4b94-b7d6-cc774a38f28b-1240x800.jpg\" alt=\"\" class=\"single_image ws-image-358939\"><div class=\"credits\">Ffslc<\/div><\/div><p class=\"caption\"><\/p><\/div><\/div>\n<\/div><\/div>\n\n\n\n<div class=\"section-wrapper\"><div class=\"wp-block-ws-library-scrollable-section-item ws-section-scrollable-item\">\n<h3 class=\"wp-block-heading\"><strong><strong>2 Tage Wettbewerb in Ceillac<\/strong><\/strong><\/h3>\n\n\n\n<p>Die Teilnehmer m\u00fcssen eine Reihe von Pr\u00fcfungen absolvieren, wie z.B. Man\u00f6vrierf\u00e4higkeit, Sprungschanzen, Slalom, R\u00fcckw\u00e4rtsfahren und Geschwindigkeitsring. Jahr in Folge der Haut Savoyard Matthieu Gay Perret mit seinem treuen Vandale de Tremalla, der 2022 Weltmeister im TREC (Technique de Randonn\u00e9e Equestre de Comp\u00e9tition) werden wird. <\/p>\n<\/div><\/div>\n\n\n\n<div class=\"section-wrapper\"><div class=\"wp-block-ws-library-scrollable-section-item ws-section-scrollable-item\">\n<div class=\"wp-block-ws-library-ws-image\"><div class=\"wrapper\"><div class=\"group-media\"><img decoding=\"async\" src=\"https:\/\/www.hautes-alpes.net\/wp-content\/uploads\/2026\/03\/fb-img-1771922980883-1240x800.jpg\" alt=\"\" class=\"single_image ws-image-358942\"><div class=\"credits\">Ffslc<\/div><\/div><p class=\"caption\"><\/p><\/div><\/div>\n<\/div><\/div>\n\n\n\n<div class=\"section-wrapper\"><div class=\"wp-block-ws-library-scrollable-section-item ws-section-scrollable-item\">\n<div class=\"wp-block-ws-library-ws-image\"><div class=\"wrapper\"><div class=\"group-media\"><img decoding=\"async\" src=\"https:\/\/www.hautes-alpes.net\/wp-content\/uploads\/2026\/03\/fb-img-1771510244623-1240x800.jpg\" alt=\"\" class=\"single_image ws-image-358941\"><div class=\"credits\">Ffslc<\/div><\/div><p class=\"caption\"><\/p><\/div><\/div>\n<\/div><\/div>\n<\/div><\/div><\/div>\n\n<div class=\"wp-block-ws-library-scrollable-section ws-section-scrollable alignfull\"><div class=\"scrollable-item\"><div class=\"group-content\"><div class=\"wrapper\"><h3 class=\"field-title\"><strong>2 Athleten<\/strong> aus der Haute-Alpine<br>bei den Olympischen <strong>Paralympics<\/strong><br>in Mailand Cortina<\/h3><div class=\"field-intro\"><p><\/p><\/div><\/div><\/div><div class=\"group-innerblocks\"><div class=\"group-media\"><div class=\"field-image\"><img decoding=\"async\" src=\"https:\/\/www.hautes-alpes.net\/wp-content\/uploads\/2026\/01\/maquette-image-flash-info4-1140x620.jpg\" alt=\"\"\/><\/div><div class=\"credits\"><\/div><\/div>\n<div class=\"section-wrapper\"><div class=\"wp-block-ws-library-scrollable-section-item ws-section-scrollable-item is-style-bg-grey\">\n<p>Vom 6. bis 15. M\u00e4rz 2026 werden <strong>zwei Athleten aus der Haute-Alpine<\/strong> an den Paralympischen Winterspielen in Milano Cortina 2026 teilnehmen: Arthur Bauchet und Aur\u00e9lie Richard.<\/p>\n\n\n\n<p>Der eine hat sich bereits in PyeongChang 2018 und Beijing 2022 ausgezeichnet. Der andere k\u00f6nnte die Entdeckung dieser Spiele sein. <\/p>\n<\/div><\/div>\n\n\n\n<div class=\"section-wrapper\"><div class=\"wp-block-ws-library-scrollable-section-item ws-section-scrollable-item\">\n<p><strong>Arthur BAUCHET<\/strong><br\/>Para Ski Alpin - Ski Club Serre Chevalier<\/p>\n\n\n\n<p>Mit 25 Jahren ist Arthur Bauchet mehrfacher Paralympics-Medaillengewinner im alpinen Skisport. Er tritt bei diesen Spielen mit dem verr\u00fcckten Ehrgeiz an, f\u00fcnf Goldmedaillen in ebenso vielen Disziplinen zu gewinnen. Er ist l\u00e4chelnd, zug\u00e4nglich und einfallsreich und eine Kombination aus Talent, Ausdauer und Lebensfreude.  <\/p>\n<\/div><\/div>\n\n\n\n<div class=\"section-wrapper\"><div class=\"wp-block-ws-library-scrollable-section-item ws-section-scrollable-item\">\n<div class=\"wp-block-ws-library-ws-image\"><div class=\"wrapper\"><div class=\"group-media\"><img decoding=\"async\" src=\"https:\/\/www.hautes-alpes.net\/wp-content\/uploads\/2026\/03\/arthur-bauchet-serre-chevalier-briancon-29-ot-serre-chevalier-vallee-briancon-427x640.jpg\" alt=\"\" class=\"single_image ws-image-358672\"><div class=\"credits\">OT Serre Chevalier<\/div><\/div><p class=\"caption\"><\/p><\/div><\/div>\n<\/div><\/div>\n\n\n\n<div class=\"section-wrapper\"><div class=\"wp-block-ws-library-scrollable-section-item ws-section-scrollable-item\">\n<p><strong>Aur\u00e9lie RICHARD<\/strong><br\/>Para Ski Alpin - Ski Club Queyras<\/p>\n\n\n\n<p>Die 20-j\u00e4hrige Aur\u00e9lie Richard kann darauf hoffen, die franz\u00f6sische Entdeckung bei den Paralympischen Winterspielen in Milano Cortina 2026 zu sein. Ihr wurde die Teilnahme an Peking 2022 verweigert, da sie im Juni 2021 einen Kreuzbandriss im rechten Knie erlitten hatte. Die quirlige Aur\u00e9lie kommt zu diesen Spielen mit gro\u00dfem Stolz, Frankreich zu vertreten, und will jeden Moment genie\u00dfen.  <\/p>\n\n\n\n<p><strong> <\/strong><\/p>\n<\/div><\/div>\n\n\n\n<div class=\"section-wrapper\"><div class=\"wp-block-ws-library-scrollable-section-item ws-section-scrollable-item\">\n<div class=\"wp-block-ws-library-ws-image\"><div class=\"wrapper\"><div class=\"group-media\"><img decoding=\"async\" src=\"https:\/\/www.hautes-alpes.net\/wp-content\/uploads\/2026\/03\/richard-aurelie-action-461x640.jpg\" alt=\"\" class=\"single_image ws-image-358670\"><div class=\"credits\"><\/div><\/div><p class=\"caption\"><\/p><\/div><\/div>\n<\/div><\/div>\n\n\n\n<div class=\"section-wrapper\"><div class=\"wp-block-ws-library-scrollable-section-item ws-section-scrollable-item\">\n<p><strong>2 Athleten des Club Elite Hautes-Alpes<\/strong>, die nicht aufgeben und auf die die Hautes-Alpes sehr stolz sind.<\/p>\n<\/div><\/div>\n<\/div><\/div><\/div>\n\n<div class=\"wp-block-ws-library-scrollable-section ws-section-scrollable alignfull\"><div class=\"scrollable-item\"><div class=\"group-content\"><div class=\"wrapper\"><h3 class=\"field-title\">SIA: Preisgekr\u00f6nter Stand der Hautes-Alpes<\/h3><div class=\"field-intro\"><p><\/p><\/div><\/div><\/div><div class=\"group-innerblocks\"><div class=\"group-media\"><div class=\"field-image\"><img decoding=\"async\" src=\"https:\/\/www.hautes-alpes.net\/wp-content\/uploads\/2026\/02\/syrp-awards-cedric-tempier-6-1-e1772187311955-1140x620.jpg\" alt=\"\"\/><\/div><div class=\"credits\">AD05 - C. Tempier<\/div><\/div>\n<div class=\"section-wrapper\"><div class=\"wp-block-ws-library-scrollable-section-item ws-section-scrollable-item is-style-bg-grey\">\n<p><strong>Paris.<\/strong> Die Agence de D\u00e9veloppement des Hautes-Alpes wurde bei den SYRP&#8217;AWARDS ausgezeichnet, die von <strong>SYRPA, dem Netzwerk der Kommunikatoren der landwirtschaftlichen Welt<\/strong>, in Zusammenarbeit mit ComExposium organisiert werden. Diese Veranstaltung ehrt jedes Jahr die bemerkenswertesten Initiativen im Herzen der <strong>Internationalen Landwirtschaftsausstellung<\/strong>.<\/p>\n<\/div><\/div>\n\n\n\n<div class=\"section-wrapper\"><div class=\"wp-block-ws-library-scrollable-section-item ws-section-scrollable-item\">\n<p>Die Entwicklungsagentur gewann den Preis in der Kategorie &#8220; <em>Saveur &amp; Savoir-faire: Valorisierung des franz\u00f6sischen landwirtschaftlichen Erbes<\/em> &#8220;, die Ans\u00e4tze zur Valorisierung des Terroirs und der Weitergabe von Know-how auszeichnet.<\/p>\n\n\n\n<p><\/p>\n<\/div><\/div>\n\n\n\n<div class=\"section-wrapper\"><div class=\"wp-block-ws-library-scrollable-section-item ws-section-scrollable-item\">\n<p><strong>Diese Anerkennung unterstreicht das st\u00e4ndige Engagement des Organisationsteams<\/strong>, das seit mehr als zehn Jahren an der Internationalen Landwirtschaftsausstellung teilnimmt, und w\u00fcrdigt die lange Arbeit, mit der die Erzeuger und Handwerker aus den Hochalpen ins Rampenlicht ger\u00fcckt werden, die Botschafter eines lebendigen Erbes und einer vollwertigen landwirtschaftlichen Kette sind.<\/p>\n<\/div><\/div>\n\n\n\n<div class=\"section-wrapper\"><div class=\"wp-block-ws-library-scrollable-section-item ws-section-scrollable-item\">\n<h3 class=\"wp-block-heading\"><strong>Das Wort der Jury<\/strong><\/h3>\n\n\n\n<p><em>&#8220;Der Kandidat der Haut-Alpin hat viele K\u00e4stchen angekreuzt: \u00dcbertragung, Generationswechsel, P\u00e4dagogik, Gaumenfreuden. Am Stand wurden wir auf eine Reise geschickt. Und in der Rede gab es kein Chichi, pr\u00e4zise, pr\u00e4gnant, intelligent, ohne uns verf\u00fchren zu wollen, aber absolut \u00fcberzeugend!&#8220;<\/em><\/p>\n<\/div><\/div>\n\n\n\n<div class=\"section-wrapper\"><div class=\"wp-block-ws-library-scrollable-section-item ws-section-scrollable-item\">\n<div class=\"wp-block-ws-library-ws-image\"><div class=\"wrapper\"><div class=\"group-media\"><img decoding=\"async\" src=\"https:\/\/www.hautes-alpes.net\/wp-content\/uploads\/2026\/02\/syrp-awards-cedric-tempier-16-960x640.jpg\" alt=\"\" class=\"single_image ws-image-339958\"><div class=\"credits\">AD05 - C. Tempier<\/div><\/div><p class=\"caption\"><\/p><\/div><\/div>\n<\/div><\/div>\n\n\n\n<div class=\"section-wrapper\"><div class=\"wp-block-ws-library-scrollable-section-item ws-section-scrollable-item\">\n<div class=\"wp-block-ws-library-ws-image\"><div class=\"wrapper\"><div class=\"group-media\"><img decoding=\"async\" src=\"https:\/\/www.hautes-alpes.net\/wp-content\/uploads\/2026\/02\/syrp-awards-cedric-tempier-7-e1772187221404-427x640.jpg\" alt=\"\" class=\"single_image ws-image-339962\"><div class=\"credits\">AD05 - C. Tempier<\/div><\/div><p class=\"caption\"><\/p><\/div><\/div>\n<\/div><\/div>\n\n\n\n<div class=\"section-wrapper\"><div class=\"wp-block-ws-library-scrollable-section-item ws-section-scrollable-item\">\n<div class=\"wp-block-ws-library-ws-image\"><div class=\"wrapper\"><div class=\"group-media\"><img decoding=\"async\" src=\"https:\/\/www.hautes-alpes.net\/wp-content\/uploads\/2026\/02\/syrp-awards-cedric-tempier-18-1240x800.jpg\" alt=\"\" class=\"single_image ws-image-339959\"><div class=\"credits\">AD05 - C. Tempier<\/div><\/div><p class=\"caption\"><\/p><\/div><\/div>\n<\/div><\/div>\n<\/div><\/div><\/div>\n\n<div class=\"wp-block-ws-library-scrollable-section ws-section-scrollable alignfull\"><div class=\"scrollable-item\"><div class=\"group-content\"><div class=\"wrapper\"><h3 class=\"field-title\">Er\u00f6ffnung des Stands der Hautes-Alpes<\/h3><div class=\"field-intro\"><p>Internationale Landwirtschaftsmesse<\/p><\/div><\/div><\/div><div class=\"group-innerblocks\"><div class=\"group-media\"><div class=\"field-image\"><img decoding=\"async\" src=\"https:\/\/www.hautes-alpes.net\/wp-content\/uploads\/2026\/02\/inauguration-cedric-tempier-5-3-1140x620.jpg\" alt=\"\"\/><\/div><div class=\"credits\">C. Tempier - AD05<\/div><\/div>\n<div class=\"section-wrapper\"><div class=\"wp-block-ws-library-scrollable-section-item ws-section-scrollable-item\">\n<p>Die <strong>Internationale Landwirtschaftsmesse<\/strong> wurde am Samstag, den 21. Februar er\u00f6ffnet und dauert bis Sonntag, den<sup>1<\/sup>. M\u00e4rz in Paris Expo Porte de Versailles. In diesem Rahmen wurde der <strong>Stand der Hautes-Alpes<\/strong> am Dienstag, dem 24. Februar, von Jean-Marie Bernard, dem Pr\u00e4sidenten des Departements Hautes-Alpes, in Anwesenheit von Renaud Muselier, dem Pr\u00e4sidenten der Region S\u00fcd, offiziell eingeweiht. <\/p>\n<\/div><\/div>\n\n\n\n<div class=\"section-wrapper\"><div class=\"wp-block-ws-library-scrollable-section-item ws-section-scrollable-item is-style-default\">\n<p>Dieser H\u00f6hepunkt war eine Anerkennung f\u00fcr das Engagement der <strong>Erzeuger, Z\u00fcchter und Handwerker aus den Hochalpen<\/strong>, die w\u00e4hrend der gesamten Messe mobilisiert wurden. Bis zum<sup>1<\/sup>. M\u00e4rz werden sie den Besuchern den Reichtum der landwirtschaftlichen Produktionszweige in den Bergen vorstellen, die ein Gebiet widerspiegeln, das sich der Qualit\u00e4t, der Weitergabe von Know-how und der Vitalit\u00e4t seiner Landwirtschaft verpflichtet f\u00fchlt. <\/p>\n<\/div><\/div>\n\n\n\n<div class=\"section-wrapper\"><div class=\"wp-block-ws-library-scrollable-section-item ws-section-scrollable-item\">\n<div class=\"wp-block-ws-library-ws-image\"><div class=\"wrapper\"><div class=\"group-media\"><img decoding=\"async\" src=\"https:\/\/www.hautes-alpes.net\/wp-content\/uploads\/2026\/02\/inauguration-suite-cedric-tempier-3-897x640.jpg\" alt=\"\" class=\"single_image ws-image-332208\"><div class=\"credits\">C. Tempier - AD05<\/div><\/div><p class=\"caption\"><\/p><\/div><\/div>\n<\/div><\/div>\n\n\n\n<div class=\"section-wrapper\"><div class=\"wp-block-ws-library-scrollable-section-item ws-section-scrollable-item\">\n<div class=\"wp-block-ws-library-ws-image\"><div class=\"wrapper\"><div class=\"group-media\"><img decoding=\"async\" src=\"https:\/\/www.hautes-alpes.net\/wp-content\/uploads\/2026\/02\/sia-animations-1-cedric-tempier-29-e1772004848331-1240x800.jpg\" alt=\"\" class=\"single_image ws-image-332209\"><div class=\"credits\">C. Tempier | AD05<\/div><\/div><p class=\"caption\"><\/p><\/div><\/div>\n<\/div><\/div>\n\n\n\n<div class=\"section-wrapper\"><div class=\"wp-block-ws-library-scrollable-section-item ws-section-scrollable-item\">\n<div class=\"wp-block-ws-library-ws-image\"><div class=\"wrapper\"><div class=\"group-media\"><img decoding=\"async\" src=\"https:\/\/www.hautes-alpes.net\/wp-content\/uploads\/2026\/02\/inauguration-suite-cedric-tempier-2-1-1240x800.jpg\" alt=\"\" class=\"single_image ws-image-332211\"><div class=\"credits\">C. Tempier - AD05<\/div><\/div><p class=\"caption\"><\/p><\/div><\/div>\n<\/div><\/div>\n<div class=\"field-link\"><a href=\"https:\/\/www.hautes-alpes.net\/salon-international-de-lagriculture\/\" class=\"cardlink\">Voir la page<\/a><\/div><\/div><\/div><\/div>\n<p><a id=\"CGA2026\"><\/a><\/p>\n\n<div class=\"wp-block-ws-library-scrollable-section ws-section-scrollable alignfull\"><div class=\"scrollable-item\"><div class=\"group-content\"><div class=\"wrapper\"><h3 class=\"field-title\">Neue Medaillenernte<\/h3><div class=\"field-intro\"><p>Allgemeiner Landwirtschaftswettbewerb 2026<\/p><\/div><\/div><\/div><div class=\"group-innerblocks\"><div class=\"group-media\"><div class=\"field-image\"><img decoding=\"async\" src=\"https:\/\/www.hautes-alpes.net\/wp-content\/uploads\/2026\/01\/trpphees-cga-2025-patrick-domeyne-addet05-2025-1140x620.jpg\" alt=\"\"\/><\/div><div class=\"credits\">P. Domeyne - AD05<\/div><\/div>\n<div class=\"section-wrapper\"><div class=\"wp-block-ws-library-scrollable-section-item ws-section-scrollable-item is-style-bg-grey\">\n<p>Es ist das gro\u00dfe Ereignis des Jahres: vom 21. Februar bis zum<sup>1<\/sup>. M\u00e4rz \u00f6ffnet die <a href=\"https:\/\/www.hautes-alpes.net\/de\/internationale-landwirtschaftsmesse\/\" type=\"page\" id=\"214317\">Internationale Landwirtschaftsmesse<\/a> in Paris ihre Tore. Unsere Erzeuger aus den Hochalpen sind diesem Treffen der Exzellenz treu geblieben und stellen ihr Know-how beim <strong>Concours G\u00e9n\u00e9ral Agricole<\/strong> unter Beweis. Verpassen Sie keinen ihrer Erfolge!  <\/p>\n<\/div><\/div>\n\n\n\n<div class=\"section-wrapper\"><div class=\"wp-block-ws-library-scrollable-section-item ws-section-scrollable-item\">\n<h2 class=\"wp-block-heading is-style-title-1\">Die <strong>Weine<\/strong><\/h2>\n\n\n\n<p><strong>Domaine de Tresbaudon<\/strong> (Tallard) :<strong><br\/><\/strong>\ud83e\udd47 U Chj\u00f9cu Corsu (Wei\u00dfwein, Jahrgang 2025)<\/p>\n\n\n\n<p><strong>Cave Coop\u00e9rative des Hautes-Vignes<\/strong> (Valserres):<br\/>\ud83e\udd47 Croquant de petit grain (Wei\u00dfwein, Jahrgang 2025)<br\/>\ud83e\udd48 Domaine de la Grande Hauche (Rotwein, Jahrgang 2025)<\/p>\n<\/div><\/div>\n\n\n\n<div class=\"section-wrapper\"><div class=\"wp-block-ws-library-scrollable-section-item ws-section-scrollable-item\">\n<h2 class=\"wp-block-heading is-style-title-1\"><strong>Wurstwaren<\/strong><\/h2>\n\n\n\n<p><strong>La Salaison des \u00c9crins<\/strong> (Aubessagne) :<strong><br\/><\/strong>\ud83e\udd47 Saucisson sec traditionnel Le Petit \u00c9crin<br\/>\ud83e\udd49 Saucisson sec<\/p>\n\n\n\n<p><strong>Go\u00fbte Traiteur <\/strong>(Pont-du-Foss\u00e9):<br\/>\ud83e\udd48 Saucisson sec maison<br\/>\ud83e\udd49 Saucisse s\u00e8che maison<\/p>\n<\/div><\/div>\n\n\n\n<div class=\"section-wrapper\"><div class=\"wp-block-ws-library-scrollable-section-item ws-section-scrollable-item\">\n<p class=\"is-style-title-1\"><strong>La Salaison du Champsaur<\/strong> (Saint-Laurent-du-Cros):<br\/>\ud83e\udd49 Gekochter, unger\u00e4ucherter Schinken nach alter Art Le Montagnon<\/p>\n\n\n\n<p><strong>Sarl Laurent Lamorlette<\/strong> (Embrun):<br\/>\ud83e\udd49 Traditionelle Trockenwurst Le Barcelo<\/p>\n<\/div><\/div>\n\n\n\n<div class=\"section-wrapper\"><div class=\"wp-block-ws-library-scrollable-section-item ws-section-scrollable-item\">\n<div class=\"wp-block-ws-library-ws-image\"><div class=\"wrapper\"><div class=\"group-media\"><img decoding=\"async\" src=\"https:\/\/www.hautes-alpes.net\/wp-content\/uploads\/2026\/02\/delphine-salaison-cedric-tempier-960x640.jpg\" alt=\"\" class=\"single_image ws-image-323585\"><div class=\"credits\">C. Tempier - AD05<\/div><\/div><p class=\"caption\"><\/p><\/div><\/div>\n<\/div><\/div>\n\n\n\n<div class=\"section-wrapper\"><div class=\"wp-block-ws-library-scrollable-section-item ws-section-scrollable-item\">\n<h2 class=\"wp-block-heading is-style-title-1\"><strong>Milchprodukte<\/strong><\/h2>\n\n\n\n<p><strong>La Fromagerie de la Durance<\/strong> (Guillestre) :<strong><br\/><\/strong>\ud83e\udd48 Capriraclette<\/p>\n\n\n\n<p><strong>Sacr\u00e9 Willy <\/strong>(Tallard):<br\/>\ud83e\udd47 Milchreis Vanille<br\/>\ud83e\udd48 Creme au four caramel<br\/>\ud83e\udd48 Fromage blanc de campagne vanille<\/p>\n<\/div><\/div>\n\n\n\n<div class=\"section-wrapper\"><div class=\"wp-block-ws-library-scrollable-section-item ws-section-scrollable-item\">\n<p class=\"is-style-title-1\"><strong>La Fromagerie de la Durance<\/strong> (Guillestre) :<strong><br\/><\/strong>\ud83e\udd48 Capriraclette<\/p>\n\n\n\n<p class=\"is-style-title-1\"><strong>Fromagerie Ebrard<\/strong> (Chabottes) :<strong><br\/><\/strong>\ud83e\udd49 Joghurt aus Kuhmilch mit Vanille<\/p>\n\n\n\n<p><strong>GAEC des 2 B\u00e9g\u00fce <\/strong>(Manteyer):<br\/>\ud83e\udd47 Joghurt aus Schafsmilch Natur<\/p>\n<\/div><\/div>\n\n\n\n<div class=\"section-wrapper\"><div class=\"wp-block-ws-library-scrollable-section-item ws-section-scrollable-item\">\n<h2 class=\"wp-block-heading is-style-title-1\">Die <strong>Biere<\/strong><\/h2>\n\n\n\n<p><strong>Brasserie Artisanale de Serre-Pon\u00e7on<\/strong> (Chorges) :<strong><br\/><\/strong>\ud83e\udd47 La Dure \u00e0 Cuire Ambr\u00e9e<br\/>\ud83e\udd48 L&#8217;Apicole Triple au miel de ch\u00e2taignier<br\/>\ud83e\udd48 La Caturige bi\u00e8re blonde<\/p>\n\n\n\n<p><strong>Walpine <\/strong>(Saint-Jean-Saint-Nicolas):<br\/>\ud83e\udd48 Kaninchen verloren<br\/>\ud83e\udd49 Grisette<br\/>\ud83e\udd49 Chantal Goyave<\/p>\n<\/div><\/div>\n\n\n\n<div class=\"section-wrapper\"><div class=\"wp-block-ws-library-scrollable-section-item ws-section-scrollable-item\">\n<div class=\"wp-block-ws-library-ws-image\"><div class=\"wrapper\"><div class=\"group-media\"><img decoding=\"async\" src=\"https:\/\/www.hautes-alpes.net\/wp-content\/uploads\/2026\/02\/22brasserie-walpine-novembre-2023-patrick-domeyne-addet05-13-960x640.jpg\" alt=\"\" class=\"single_image ws-image-327504\"><div class=\"credits\">P. Domeyne - AD05<\/div><\/div><p class=\"caption\"><\/p><\/div><\/div>\n<\/div><\/div>\n\n\n\n<div class=\"section-wrapper\"><div class=\"wp-block-ws-library-scrollable-section-item ws-section-scrollable-item\">\n<h2 class=\"wp-block-heading is-style-title-1\">Die <strong>Konfit\u00fcren<\/strong><\/h2>\n\n\n\n<p><strong>Le Plantivore<\/strong> (Ch\u00e2teau-Ville-vieille) :<strong><br\/><\/strong>\ud83e\udd48 Erdbeerkonfit\u00fcre Mara des Bois<br\/>\ud83e\udd49 Bitterorangenkonfit\u00fcre<br\/>\ud83e\udd49 Himbeerkonfit\u00fcre<\/p>\n<\/div><\/div>\n\n\n\n<div class=\"section-wrapper\"><div class=\"wp-block-ws-library-scrollable-section-item ws-section-scrollable-item\">\n<h2 class=\"wp-block-heading is-style-title-1\">Die <strong>Lik\u00f6re<\/strong><\/h2>\n\n\n\n<p><strong>Le Plantivore<\/strong> (Ch\u00e2teau-Ville-vieille):<strong><br\/><\/strong>\ud83e\udd47 Limoncello<\/p>\n\n\n\n<p><strong>Saint-V\u00e9ran Distillery <\/strong>(Saint-V\u00e9ran):<br\/>\ud83e\udd48 Lik\u00f6r Steinklee Zitrone<\/p>\n<\/div><\/div>\n\n\n\n<div class=\"section-wrapper\"><div class=\"wp-block-ws-library-scrollable-section-item ws-section-scrollable-item\">\n<div class=\"wp-block-ws-library-ws-image\"><div class=\"wrapper\"><div class=\"group-media\"><img decoding=\"async\" src=\"https:\/\/www.hautes-alpes.net\/wp-content\/uploads\/2026\/03\/sia-vendredi-cedric-tempier-46-427x640.jpg\" alt=\"\" class=\"single_image ws-image-384668\"><div class=\"credits\">C. Tempier - AD05<\/div><\/div><p class=\"caption\"><\/p><\/div><\/div>\n<\/div><\/div>\n\n\n\n<div class=\"section-wrapper\"><div class=\"wp-block-ws-library-scrollable-section-item ws-section-scrollable-item\">\n<h2 class=\"wp-block-heading is-style-title-1\">Die <strong>Honigsorten<\/strong><\/h2>\n\n\n\n<p><strong>Jo\u00ebl Borel<\/strong> (Poligny):<strong><br\/><\/strong>\ud83e\udd48 Lavendel-\/Lavandinhonig<\/p>\n\n\n\n<p><strong>Apiland<\/strong> (Rousset-Serre-Pon\u00e7on):<strong><br\/><\/strong>\ud83e\udd47 Lavendelhonig<br\/>\ud83e\udd47 Alpenhonig<br\/>\ud83e\udd47 Berghonig<\/p>\n<\/div><\/div>\n\n\n\n<div class=\"section-wrapper\"><div class=\"wp-block-ws-library-scrollable-section-item ws-section-scrollable-item\">\n<p><strong>Le Rucher de Saruchet<\/strong> (Montgardin) :<strong><br\/><\/strong>\ud83e\udd47 Heller Polyfloralhonig<br\/>\ud83e\udd49 Akazienhonig<\/p>\n\n\n\n<p><strong>EARL des Terres sauvages<\/strong> (Saint-Firmin) :<strong><br\/><\/strong>\ud83e\udd48 Akazienhonig<\/p>\n<\/div><\/div>\n\n\n\n<div class=\"section-wrapper\"><div class=\"wp-block-ws-library-scrollable-section-item ws-section-scrollable-item\">\n<p><strong>Imkerei Monnet &amp; Sohn<\/strong> (Ch\u00e2teau-Ville-vieille) :<strong><br\/><\/strong>\ud83e\udd47 Heidehonig<br\/>\ud83e\udd47 Heller Polyfloralhonig<\/p>\n\n\n\n<p><strong>Imkerei Monnet &amp; Sohn<\/strong> (Ch\u00e2teau-Ville-vieille) :<strong><br\/><\/strong>\ud83e\udd48 Hochgebirgshonig<\/p>\n<\/div><\/div>\n<\/div><\/div><\/div>\n<p><a id=\"SIA2026\"><\/a><\/p>\n\n<div class=\"wp-block-ws-library-scrollable-section ws-section-scrollable alignfull\"><div class=\"scrollable-item\"><div class=\"group-content\"><div class=\"wrapper\"><h3 class=\"field-title\">Die Haut-Alpins in Paris!<\/h3><\/div><\/div><div class=\"group-innerblocks\"><div class=\"group-media\"><div class=\"field-image\"><img decoding=\"async\" src=\"https:\/\/www.hautes-alpes.net\/wp-content\/uploads\/2026\/02\/mimi.jpg\" alt=\"\"\/><\/div><div class=\"credits\">C. Tempier - AD05<\/div><\/div>\n<div class=\"section-wrapper\"><div class=\"wp-block-ws-library-scrollable-section-item ws-section-scrollable-item\">\n<p>Die 62\u1d49 <a href=\"https:\/\/www.hautes-alpes.net\/de\/internationale-landwirtschaftsmesse\/\" type=\"page\" id=\"214317\">Internationale Landwirtschaftsmesse<\/a> \u00f6ffnet am Samstag in Paris Expo Porte de Versailles ihre Pforten und wie selbstverst\u00e4ndlich seit 12 Jahren sind <strong>die Hochalpen dabei<\/strong>.<\/p>\n<\/div><\/div>\n\n\n\n<div class=\"section-wrapper\"><div class=\"wp-block-ws-library-scrollable-section-item ws-section-scrollable-item is-style-bg-grey\">\n<h2 class=\"wp-block-heading is-style-default\">Termine <strong>vom 21. Februar bis<sup>1<\/sup>. M\u00e4rz 2026<\/strong><\/h2>\n<\/div><\/div>\n\n\n\n<div class=\"section-wrapper\"><div class=\"wp-block-ws-library-scrollable-section-item ws-section-scrollable-item\">\n<p>Auf Anregung des Departements und in Abstimmung mit der Landwirtschaftskammer und der Agence de D\u00e9veloppement des Hautes-Alpes reisen etwa 100 Landwirte, Produzenten und Handwerker aus den Hochalpen an, um die Hauptstadt im Rhythmus der Berge vibrieren zu lassen.<\/p>\n<\/div><\/div>\n\n\n\n<div class=\"section-wrapper\"><div class=\"wp-block-ws-library-scrollable-section-item ws-section-scrollable-item\">\n<div class=\"wp-block-ws-library-ws-image\"><div class=\"wrapper\"><div class=\"group-media\"><img decoding=\"async\" src=\"https:\/\/www.hautes-alpes.net\/wp-content\/uploads\/2026\/02\/sia-2023-photo-patdomeyne-3-960x640.jpg\" alt=\"\" class=\"single_image ws-image-303420\"><div class=\"credits\"><\/div><\/div><p class=\"caption\"><\/p><\/div><\/div>\n<\/div><\/div>\n\n\n\n<div class=\"section-wrapper\"><div class=\"wp-block-ws-library-scrollable-section-item ws-section-scrollable-item is-style-bg-grey\">\n<h2 class=\"wp-block-heading is-style-default\"><strong>Halle 7.2<\/strong><\/h2>\n\n\n\n<h2 class=\"wp-block-heading is-style-default\"><strong>Stand H043<\/strong><\/h2>\n<\/div><\/div>\n\n\n\n<div class=\"section-wrapper\"><div class=\"wp-block-ws-library-scrollable-section-item ws-section-scrollable-item\">\n<p><strong>Der Stand<\/strong><\/p>\n\n\n\n<p>Mit diesem <sup>12<\/sup>. Jahr der Pr\u00e4senz er\u00f6ffnen die Hautes-Alpes <strong>einen v\u00f6llig neuen Stand<\/strong>, der aus L\u00e4rchenholz, dem Emblem unserer Berge, und Wolle aus dem Valgaudemar gefertigt ist.<\/p>\n\n\n\n<p>Auf 120 m\u00b2 werden auch dieses Jahr wieder der Veranstaltungsbereich, die Schlemmerecke und die Boutique untergebracht sein.<\/p>\n<\/div><\/div>\n\n\n\n<div class=\"section-wrapper\"><div class=\"wp-block-ws-library-scrollable-section-item ws-section-scrollable-item\">\n<p><strong>Der Animationsbereich<\/strong><\/p>\n\n\n\n<p>W\u00e4hrend der gesamten Dauer der Messe wird der Stand mit mehr als <strong>100 geplanten Animationen<\/strong> zum Leben erweckt: Tauschen Sie sich mit unseren Produzenten und Handwerkern aus und entdecken Sie die Geheimnisse der Herstellung, die den Stolz unserer Region ausmachen.<\/p>\n\n\n\n<div class=\"wp-block-buttons is-layout-flex wp-block-buttons-is-layout-flex\">\n<div class=\"wp-block-button\"><a class=\"wp-block-button__link wp-element-button\" href=\"https:\/\/www.hautes-alpes.net\/de\/internationale-landwirtschaftsmesse\/#SIA2026\">Siehe Programm 2026<\/a><\/div>\n<\/div>\n<\/div><\/div>\n\n\n\n<div class=\"section-wrapper\"><div class=\"wp-block-ws-library-scrollable-section-item ws-section-scrollable-item\">\n<p><strong>Die Feinschmecker-Ecke<\/strong><\/p>\n\n\n\n<p>Die Feinschmeckerecke ist wieder am Stand der Hautes-Alpes vertreten. Sie wird von der Association des Producteurs des Alpes du Sud geleitet und umfasst : <\/p>\n<\/div><\/div>\n\n\n\n<div class=\"section-wrapper\"><div class=\"wp-block-ws-library-scrollable-section-item ws-section-scrollable-item\">\n<ul class=\"wp-block-list\">\n<li>die <strong>Cantine haut-alpine<\/strong>, wo Sie k\u00f6stliche Sandwiches mit Raclette und Schinken aus der Region oder Nudeln mit Bleu du Queyras genie\u00dfen k\u00f6nnen,<\/li>\n\n\n\n<li>die <strong>Bar \u00e0 Tourtons<\/strong>, wo Sie diese kleinen gef\u00fcllten Kissen und die Ravioles du Champsaur genie\u00dfen k\u00f6nnen,<\/li>\n\n\n\n<li>das <strong>Bistrot des Hautes-Alpes<\/strong>, wo Sie sich mit einem Bier oder einem handwerklich hergestellten Fruchtsaft erfrischen k\u00f6nnen<\/li>\n<\/ul>\n<\/div><\/div>\n\n\n\n<div class=\"section-wrapper\"><div class=\"wp-block-ws-library-scrollable-section-item ws-section-scrollable-item\">\n<p><strong>Die Boutique<\/strong><\/p>\n\n\n\n<p>Um das Vergn\u00fcgen zu verl\u00e4ngern, k\u00f6nnen Sie in der Boutique des Standes alle Produkte finden, die w\u00e4hrend der Animationen geehrt wurden. Die ideale Gelegenheit, ein authentisches Souvenir aus unseren Bergen mit nach Hause zu nehmen! <\/p>\n<\/div><\/div>\n\n\n\n<div class=\"section-wrapper\"><div class=\"wp-block-ws-library-scrollable-section-item ws-section-scrollable-item\">\n<div class=\"wp-block-ws-library-ws-image\"><div class=\"wrapper\"><div class=\"group-media\"><img decoding=\"async\" src=\"https:\/\/www.hautes-alpes.net\/wp-content\/uploads\/2026\/02\/sia-2025-traces-queyras-pnrq-patrick-domeyne-addet05-178-14-960x640.jpg\" alt=\"\" class=\"single_image ws-image-303435\"><div class=\"credits\"><\/div><\/div><p class=\"caption\"><\/p><\/div><\/div>\n<\/div><\/div>\n\n\n\n<div class=\"section-wrapper\"><div class=\"wp-block-ws-library-scrollable-section-item ws-section-scrollable-item\">\n<div class=\"wp-block-ws-library-ws-image\"><div class=\"wrapper\"><div class=\"group-media\"><img decoding=\"async\" src=\"https:\/\/www.hautes-alpes.net\/wp-content\/uploads\/2026\/02\/sia-2025-cuisiniers-colleges-patrick-domeyne-addet05-17-7-427x640.jpg\" alt=\"\" class=\"single_image ws-image-303439\"><div class=\"credits\"><\/div><\/div><p class=\"caption\"><\/p><\/div><\/div>\n<\/div><\/div>\n\n\n\n<div class=\"section-wrapper\"><div class=\"wp-block-ws-library-scrollable-section-item ws-section-scrollable-item\">\n<div class=\"wp-block-ws-library-ws-image\"><div class=\"wrapper\"><div class=\"group-media\"><img decoding=\"async\" src=\"https:\/\/www.hautes-alpes.net\/wp-content\/uploads\/2026\/02\/sia-2025-verres-durs-patrick-domeyne-56-31-960x640.jpg\" alt=\"\" class=\"single_image ws-image-303436\"><div class=\"credits\"><\/div><\/div><p class=\"caption\"><\/p><\/div><\/div>\n<\/div><\/div>\n<div class=\"field-link\"><a href=\"https:\/\/www.hautes-alpes.net\/salon-international-de-lagriculture\/\" class=\"cardlink\">Voir la page<\/a><\/div><\/div><\/div><\/div>\n\n<div class=\"wp-block-ws-library-scrollable-section ws-section-scrollable alignfull\"><div class=\"scrollable-item\"><div class=\"group-content\"><div class=\"wrapper\"><h3 class=\"field-title\">Unternehmen: Bilanz 2025 und Ausblick 2026<\/h3><\/div><\/div><div class=\"group-innerblocks\"><div class=\"group-media\"><div class=\"field-image\"><img decoding=\"async\" src=\"https:\/\/www.hautes-alpes.net\/wp-content\/uploads\/2026\/01\/maquette-image-flash-info3-1140x620.jpg\" alt=\"\"\/><\/div><div class=\"credits\"><\/div><\/div>\n<div class=\"section-wrapper\"><div class=\"wp-block-ws-library-scrollable-section-item ws-section-scrollable-item\">\n<p>Die gemeinsame <strong>Pressekonferenz<\/strong> der Banque de France, der Direction D\u00e9partementale des Finances Publiques und der Greffe du Tribunal du Commerce fand diese Woche in der IHK Hautes-Alpes statt und ist ein erwartetes j\u00e4hrliches Ereignis.<\/p>\n<\/div><\/div>\n\n\n\n<div class=\"section-wrapper\"><div class=\"wp-block-ws-library-scrollable-section-item ws-section-scrollable-item is-style-bg-grey\">\n<p><strong>Im Jahr 2025 erzielten die Unternehmen in den Hochalpen einen Rekordumsatz von 5,3 Milliarden Euro, was einem j\u00e4hrlichen Wachstum von 3,1 % entspricht.<\/strong><\/p>\n<\/div><\/div>\n\n\n\n<div class=\"section-wrapper\"><div class=\"wp-block-ws-library-scrollable-section-item ws-section-scrollable-item\">\n<div class=\"wp-block-ws-library-ws-image\"><div class=\"wrapper\"><div class=\"group-media\"><img decoding=\"async\" src=\"https:\/\/www.hautes-alpes.net\/wp-content\/uploads\/2025\/12\/7b3a6201-960x640.jpg\" alt=\"\" class=\"single_image ws-image-91476\"><div class=\"credits\">P. Domeyne - AD05<\/div><\/div><p class=\"caption\"><\/p><\/div><\/div>\n<\/div><\/div>\n\n\n\n<div class=\"section-wrapper\"><div class=\"wp-block-ws-library-scrollable-section-item ws-section-scrollable-item\">\n<div class=\"wp-block-ws-library-ws-image\"><div class=\"wrapper\"><div class=\"group-media\"><img decoding=\"async\" src=\"https:\/\/www.hautes-alpes.net\/wp-content\/uploads\/2025\/11\/cgr-veynes-patrick-domeyne-addet05-9-1240x800.jpg\" alt=\"\" class=\"single_image ws-image-76596\"><div class=\"credits\">P. Domeyne - AD05<\/div><\/div><p class=\"caption\"><\/p><\/div><\/div>\n<\/div><\/div>\n<\/div><\/div><\/div>\n\n<div class=\"wp-block-ws-library-scrollable-section ws-section-scrollable alignfull\"><div class=\"scrollable-item\"><div class=\"group-content\"><div class=\"wrapper\"><h3 class=\"field-title\">Good Job Charlotte Bankes!<\/h3><div class=\"field-intro\"><p>Eine Haut-Alpine in GOLD<\/p><\/div><\/div><\/div><div class=\"group-innerblocks\"><div class=\"group-media\"><div class=\"field-image\"><img decoding=\"async\" src=\"https:\/\/www.hautes-alpes.net\/wp-content\/uploads\/2026\/01\/maquette-image-flash-info4-1140x620.jpg\" alt=\"\"\/><\/div><div class=\"credits\"><\/div><\/div>\n<div class=\"section-wrapper\"><div class=\"wp-block-ws-library-scrollable-section-item ws-section-scrollable-item\">\n<p>Charlotte Bankes gewinnt mit ihrem britischen Landsmann die <strong>olympische Medaille im Snowboardcross<\/strong> f\u00fcr gemischte Teams bei den Olympischen Spielen in Mailand Cortina 2026.  <\/p>\n\n\n\n<p>Eine goldene Hochalpine in einer der Freestyle-Ski- und Snowboard-Disziplinen, die 2030 im Brian\u00e7onnais stattfinden werden, ist ein Symbol.<\/p>\n<\/div><\/div>\n\n\n\n<div class=\"section-wrapper\"><div class=\"wp-block-ws-library-scrollable-section-item ws-section-scrollable-item\">\n<div class=\"wp-block-ws-library-ws-image\"><div class=\"wrapper\"><div class=\"group-media\"><img decoding=\"async\" src=\"https:\/\/www.hautes-alpes.net\/wp-content\/uploads\/2026\/02\/gettyimages-2261770399.jpg\" alt=\"LIVIGNO, ITALY - FEBRUARY 15: Goldmedaillengewinnerin Charlotte Bankes vom Team Great Britain interagiert mit ihrer Medaille w\u00e4hrend der Medaillenverleihung f\u00fcr den Mixed Team Snowboard Cross am Tag 9 der Milano Cortina 2026 Winter Olympic Games im Livigno Snow Park am 15. Februar 2026 in Livigno, Italy.\" class=\"single_image ws-image-297764\"><div class=\"credits\">Cameron Spencer \/ Getty Image<\/div><\/div><p class=\"caption\"><\/p><\/div><\/div>\n<\/div><\/div>\n\n\n\n<div class=\"section-wrapper\"><div class=\"wp-block-ws-library-scrollable-section-item ws-section-scrollable-item is-style-bg-grey\">\n<p>Charlotte ist zweifache Weltmeisterin in dieser Disziplin und hat viermal an den Olympischen Winterspielen teilgenommen, zweimal in den Farben Frankreichs. Als Doppelb\u00fcrgerin <strong>wuchs Charlotte im Pays des \u00c9crins auf und war Mitglied des Skiclubs Puy Saint Vincent.<\/strong> <\/p>\n\n\n\n<p>Gute Arbeit, Charlotte!<\/p>\n<\/div><\/div>\n<\/div><\/div><\/div>\n\n<div class=\"wp-block-ws-library-scrollable-section ws-section-scrollable alignfull\"><div class=\"scrollable-item\"><div class=\"group-content\"><div class=\"wrapper\"><h3 class=\"field-title\">Landwirtschaftsmesse 2026<\/h3><div class=\"field-intro\"><p>Die Haut-Alpins werden dabei sein!<\/p><\/div><\/div><\/div><div class=\"group-innerblocks\"><div class=\"group-media\"><div class=\"field-image\"><img decoding=\"async\" src=\"https:\/\/www.hautes-alpes.net\/wp-content\/uploads\/2026\/02\/lancement-sia-cedric-tempier-18-e1770911796586-1140x620.jpg\" alt=\"\"\/><\/div><div class=\"credits\">C. Tempier - AD05<\/div><\/div>\n<div class=\"section-wrapper\"><div class=\"wp-block-ws-library-scrollable-section-item ws-section-scrollable-item is-style-bg-grey\">\n<h2 class=\"wp-block-heading is-style-title-1\"><strong>Halt, die Bergbewohner sind (bald) da!<\/strong><\/h2>\n<\/div><\/div>\n\n\n\n<div class=\"section-wrapper\"><div class=\"wp-block-ws-library-scrollable-section-item ws-section-scrollable-item\">\n<p>Die 62\u1d49 <strong>Internationale Landwirtschaftsmesse <\/strong>wird in Paris bis zum<sup>1.<\/sup> M\u00e4rz 2026 ihre Tore \u00f6ffnen. Wie jedes Jahr in den letzten zw\u00f6lf Jahren werden die Hautes-Alpes stolz ihre Farben mit einem eigenen 120 m\u00b2 gro\u00dfen Stand auf der Fl\u00e4che der Region S\u00fcd hissen. Diese Pr\u00e4senz ist aus der Landschaft des &#8220;gr\u00f6\u00dften Bauernhofs Frankreichs&#8220; nicht mehr wegzudenken.  <\/p>\n<\/div><\/div>\n\n\n\n<div class=\"section-wrapper\"><div class=\"wp-block-ws-library-scrollable-section-item ws-section-scrollable-item\">\n<p>Um das Departement, die Entwicklungsagentur und die Landwirtschaftskammer herum<strong>werden<\/strong> etwa<strong>100 Landwirte, Produzenten und Handwerker<\/strong> anwesend sein. Sie alle haben ein gemeinsames Ziel: die Vielfalt der Wertsch\u00f6pfungsketten in den Bergen zu zeigen und daran zu erinnern, was die Einzigartigkeit eines hochgelegenen landwirtschaftlichen Gebiets ausmacht.   <\/p>\n<\/div><\/div>\n\n\n\n<div class=\"section-wrapper\"><div class=\"wp-block-ws-library-scrollable-section-item ws-section-scrollable-item\">\n<p>Animationen, Verkostungen und Vorf\u00fchrungen werden den Rhythmus der Tage bestimmen und einen \u00dcberblick \u00fcber die lokale Produktion und das damit verbundene Know-how geben.<\/p>\n<\/div><\/div>\n\n\n\n<div class=\"section-wrapper\"><div class=\"wp-block-ws-library-scrollable-section-item ws-section-scrollable-item\">\n<div class=\"wp-block-ws-library-ws-image\"><div class=\"wrapper\"><div class=\"group-media\"><img decoding=\"async\" src=\"https:\/\/www.hautes-alpes.net\/wp-content\/uploads\/2026\/02\/1-photo-officielle-lancement-sia-cedric-tempier-1240x800.jpg\" alt=\"\" class=\"single_image ws-image-285230\"><div class=\"credits\">C. Tempier - AD05<\/div><\/div><p class=\"caption\"><\/p><\/div><\/div>\n<\/div><\/div>\n\n\n\n<div class=\"section-wrapper\"><div class=\"wp-block-ws-library-scrollable-section-item ws-section-scrollable-item\">\n<h2 class=\"wp-block-heading\"><strong>Auf geht&#8217;s!<\/strong><\/h2>\n<\/div><\/div>\n\n\n\n<div class=\"section-wrapper\"><div class=\"wp-block-ws-library-scrollable-section-item ws-section-scrollable-item\">\n<p>Der traditionelle Startschuss f\u00fcr die Aktion wurde im H\u00f4tel du D\u00e9partement in Gap in Anwesenheit der lokalen Beh\u00f6rden gegeben. Bei dieser Gelegenheit wurde an die strukturierende Rolle der Landwirtschaft und der Weidewirtschaft in der Wirtschaft des Hochalpenlandes erinnert, die 1.656 Betriebe und 2.351 landwirtschaftliche Arbeitspl\u00e4tze umfasst. Die Landwirtschaft ist reich an verschiedenen Sektoren und besonders dynamisch im Hinblick auf die Erneuerung der Generationen.  <\/p>\n<\/div><\/div>\n\n\n\n<div class=\"section-wrapper\"><div class=\"wp-block-ws-library-scrollable-section-item ws-section-scrollable-item\">\n<p>Im Herzen dieser Delegation <strong>werden etwa 40 Erzeuger am Concours G\u00e9n\u00e9ral Agricole teilnehmen.<\/strong> Im letzten Jahr erhielten die Hautes-Alpes 40 Medaillen, davon 14 Goldmedaillen. F\u00fcr die Ausgabe 2026 sind 143 Produkte angemeldet, von Wein bis Honig, von \u00d6l bis Milchprodukte, von Fleisch und Wurstwaren bis zu Bier, Spirituosen und Marmeladen.   <\/p>\n<\/div><\/div>\n\n\n\n<div class=\"section-wrapper\"><div class=\"wp-block-ws-library-scrollable-section-item ws-section-scrollable-item\">\n<p>Eine Vielfalt, die das Know-how einer Region illustriert, die von einem st\u00e4ndigen Qualit\u00e4tsanspruch geleitet wird und als das erste Bio-Departement in Frankreich anerkannt ist.<\/p>\n<\/div><\/div>\n\n\n\n<div class=\"section-wrapper\"><div class=\"wp-block-ws-library-scrollable-section-item ws-section-scrollable-item\">\n<div class=\"wp-block-ws-library-ws-image\"><div class=\"wrapper\"><div class=\"group-media\"><img decoding=\"async\" src=\"https:\/\/www.hautes-alpes.net\/wp-content\/uploads\/2026\/02\/lancement-sia-cedric-tempier-12-1240x800.jpg\" alt=\"\" class=\"single_image ws-image-285259\"><div class=\"credits\">C. Tempier - AD05<\/div><\/div><p class=\"caption\"><\/p><\/div><\/div>\n<\/div><\/div>\n\n\n\n<div class=\"section-wrapper\"><div class=\"wp-block-ws-library-scrollable-section-item ws-section-scrollable-item\">\n<div class=\"wp-block-ws-library-ws-image\"><div class=\"wrapper\"><div class=\"group-media\"><img decoding=\"async\" src=\"https:\/\/www.hautes-alpes.net\/wp-content\/uploads\/2026\/02\/lancement-sia-cedric-tempier-11-1240x800.jpg\" alt=\"\" class=\"single_image ws-image-285258\"><div class=\"credits\">C. Tempier - AD05<\/div><\/div><p class=\"caption\"><\/p><\/div><\/div>\n<\/div><\/div>\n<div class=\"field-link\"><a href=\"https:\/\/www.hautes-alpes.net\/salon-international-de-lagriculture\/\" class=\"cardlink\">Voir la page<\/a><\/div><\/div><\/div><\/div>\n<p><a id=\"alheurepourlesjo\"><\/a><\/p>\n\n<div class=\"wp-block-ws-library-scrollable-section ws-section-scrollable alignfull\"><div class=\"scrollable-item\"><div class=\"group-content\"><div class=\"wrapper\"><h3 class=\"field-title\">P\u00fcnktlich zu den Olympischen Spielen<\/h3><\/div><\/div><div class=\"group-innerblocks\"><div class=\"group-media\"><div class=\"field-image\"><img decoding=\"async\" src=\"https:\/\/www.hautes-alpes.net\/wp-content\/uploads\/2026\/01\/maquette-image-flash-info5-1140x620.jpg\" alt=\"\"\/><\/div><div class=\"credits\"><\/div><\/div>\n<div class=\"section-wrapper\"><div class=\"wp-block-ws-library-scrollable-section-item ws-section-scrollable-item\">\n<p>Der Regionaldirektor von SNCF R\u00e9seau, Karim Touati, war diese Woche in Brian\u00e7on, um das Projekt <strong>&#8220;Performance Alpes du Sud&#8220;<\/strong> vorzustellen. Ein Projekt, das im Hinblick auf die <a href=\"https:\/\/www.hautes-alpes.net\/de\/ikonische\/winterspiele-2030\/\" type=\"page\" id=\"78526\">Olympischen Winterspiele im Jahr 2030<\/a> geplant ist. Der Pr\u00e4sident der Region S\u00fcd, Renaud Muselier, und der Pr\u00e4fekt des Departements Hautes-Alpes, Philippe Bailb\u00e9, waren ebenfalls anwesend.  <\/p>\n<\/div><\/div>\n\n\n\n<div class=\"section-wrapper\"><div class=\"wp-block-ws-library-scrollable-section-item ws-section-scrollable-item\">\n<div class=\"wp-block-ws-library-ws-image\"><div class=\"wrapper\"><div class=\"group-media\"><img decoding=\"async\" src=\"https:\/\/www.hautes-alpes.net\/wp-content\/uploads\/2026\/02\/panneaux-1500x1000-ok-print-page-0001-955x640.jpg\" alt=\"\" class=\"single_image ws-image-285165\"><div class=\"credits\"><\/div><\/div><p class=\"caption\"><\/p><\/div><\/div>\n<\/div><\/div>\n\n\n\n<div class=\"section-wrapper\"><div class=\"wp-block-ws-library-scrollable-section-item ws-section-scrollable-item\">\n<p>Die Infrastrukturarbeiten betreffen die vier \u00c4ste des &#8220;\u00c9toile de Veynes&#8220;, der die Linien nach Marseille, Valence, Grenoble und nat\u00fcrlich Brian\u00e7on bedient.<\/p>\n<\/div><\/div>\n\n\n\n<div class=\"section-wrapper\"><div class=\"wp-block-ws-library-scrollable-section-item ws-section-scrollable-item is-style-default\">\n<h2 class=\"wp-block-heading is-style-title-1\"><strong>Ziel: 3 Std. 40 Min. von Marseille nach Brian\u00e7on<\/strong><\/h2>\n<\/div><\/div>\n\n\n\n<div class=\"section-wrapper\"><div class=\"wp-block-ws-library-scrollable-section-item ws-section-scrollable-item\">\n<p>W\u00e4hrend die Schaffung des multimodalen Verkehrsknotenpunktes in Brian\u00e7on ein emblematisches Projekt im Hinblick auf die Olympischen Spiele ist, <strong>werden mehrere Bahnh\u00f6fe in den Hautes-Alpes renoviert<\/strong> (Gap, Chorges, Embrun, Eygliers, L&#8217;Argenti\u00e8re-la-Bess\u00e9e).<\/p>\n<\/div><\/div>\n\n\n\n<div class=\"section-wrapper\"><div class=\"wp-block-ws-library-scrollable-section-item ws-section-scrollable-item\">\n<div class=\"wp-block-ws-library-ws-image\"><div class=\"wrapper\"><div class=\"group-media\"><img decoding=\"async\" src=\"https:\/\/www.hautes-alpes.net\/wp-content\/uploads\/2026\/02\/panneaux-1500x1000-ok-print-page-0002-955x640.jpg\" alt=\"\" class=\"single_image ws-image-285166\"><div class=\"credits\"><\/div><\/div><p class=\"caption\"><\/p><\/div><\/div>\n<\/div><\/div>\n\n\n\n<div class=\"section-wrapper\"><div class=\"wp-block-ws-library-scrollable-section-item ws-section-scrollable-item\">\n<p><strong>17 neue Z\u00fcge<\/strong> wurden bestellt und ein technisches Geb\u00e4ude f\u00fcr die Wartung des rollenden Materials wird in Brian\u00e7on gebaut werden.<\/p>\n\n\n\n<p>Die Studien haben begonnen und die Arbeiten werden zwischen 2027 und 2029 durchgef\u00fchrt.<\/p>\n<\/div><\/div>\n\n\n\n<div class=\"section-wrapper\"><div class=\"wp-block-ws-library-scrollable-section-item ws-section-scrollable-item\">\n<div class=\"wp-block-ws-library-ws-image\"><div class=\"wrapper\"><div class=\"group-media\"><img decoding=\"async\" src=\"https:\/\/www.hautes-alpes.net\/wp-content\/uploads\/2026\/02\/panneaux-1500x1000-ok-print-page-0003-955x640.jpg\" alt=\"\" class=\"single_image ws-image-285164\"><div class=\"credits\"><\/div><\/div><p class=\"caption\"><\/p><\/div><\/div>\n<\/div><\/div>\n<\/div><\/div><\/div>\n\n<div class=\"wp-block-ws-library-scrollable-section ws-section-scrollable alignfull\"><div class=\"scrollable-item\"><div class=\"group-content\"><div class=\"wrapper\"><h3 class=\"field-title\">3 Abfahrer aus dem Hochalpenraum bei den Olympischen Spielen in Mailand Cortina<\/h3><div class=\"field-intro\"><p><\/p><\/div><\/div><\/div><div class=\"group-innerblocks\"><div class=\"group-media\"><div class=\"field-image\"><img decoding=\"async\" src=\"https:\/\/www.hautes-alpes.net\/wp-content\/uploads\/2026\/01\/maquette-image-flash-info4-1140x620.jpg\" alt=\"\"\/><\/div><div class=\"credits\"><\/div><\/div>\n<div class=\"section-wrapper\"><div class=\"wp-block-ws-library-scrollable-section-item ws-section-scrollable-item is-style-bg-grey\">\n<p><strong>Drei Vertreter der Hautes-Alpes sind bei den zweiw\u00f6chigen Olympischen Spielen in Mailand-Cortina dabei<\/strong>: Nils All\u00e8gre, Nils Alphand und Camille Cerutti.<\/p>\n\n\n\n<p>Die beiden Skifahrer und die alpine Skifahrerin halten die franz\u00f6sischen Farben hoch und zeigen einmal mehr die Vitalit\u00e4t des hochalpinen Skisports auf h\u00f6chstem Niveau.<\/p>\n<\/div><\/div>\n\n\n\n<div class=\"section-wrapper\"><div class=\"wp-block-ws-library-scrollable-section-item ws-section-scrollable-item\">\n<p><strong>Nils All\u00e8gre<\/strong><\/p>\n\n\n\n<p>Disziplin: Abfahrt und Super-G<br\/>Club: Serre Chevalier <br\/><sup>2<\/sup>. Olympiateilnahme<\/p>\n<\/div><\/div>\n\n\n\n<div class=\"section-wrapper\"><div class=\"wp-block-ws-library-scrollable-section-item ws-section-scrollable-item\">\n<p><strong>Nils Alphand<\/strong><\/p>\n\n\n\n<p>Disziplin: Abfahrt und Super-G<br\/>Club: Serre Chevalier<br\/><sup>1<\/sup>. Teilnahme an den Olympischen Spielen<\/p>\n\n\n\n<p><strong> <\/strong><\/p>\n<\/div><\/div>\n\n\n\n<div class=\"section-wrapper\"><div class=\"wp-block-ws-library-scrollable-section-item ws-section-scrollable-item\">\n<p><strong>Camille Cerutti  <\/strong><\/p>\n\n\n\n<p>Disziplin: Abfahrt und Super-G<br\/>Club: Risoul <br\/><sup>2<\/sup>. Teilnahme an den Olympischen Spielen<\/p>\n<\/div><\/div>\n\n\n\n<div class=\"section-wrapper\"><div class=\"wp-block-ws-library-scrollable-section-item ws-section-scrollable-item\">\n<p>Die Teilnahme an den Olympischen Winterspielen ist die Kr\u00f6nung einer harten Arbeit, die mit Opfern, Verletzungen und Zweifeln verbunden ist.  <br\/><br\/>Drei inspirierende Athleten, auf die die Hautes-Alpes sehr stolz sind.  <\/p>\n<\/div><\/div>\n\n\n\n<div class=\"section-wrapper\"><div class=\"wp-block-ws-library-scrollable-section-item ws-section-scrollable-item\">\n<div class=\"wp-block-ws-library-ws-image\"><div class=\"wrapper\"><div class=\"group-media\"><img decoding=\"async\" src=\"https:\/\/www.hautes-alpes.net\/wp-content\/uploads\/2026\/02\/equipe-de-france-ski-alpin-orcieres-cedric-tempier-14-960x640.jpg\" alt=\"\" class=\"single_image ws-image-275830\"><div class=\"credits\">C. Tempier<\/div><\/div><p class=\"caption\"><\/p><\/div><\/div>\n<\/div><\/div>\n<\/div><\/div><\/div>\n\n<div class=\"wp-block-ws-library-scrollable-section ws-section-scrollable alignfull\"><div class=\"scrollable-item\"><div class=\"group-content\"><div class=\"wrapper\"><h3 class=\"field-title\">Auszeichnung f\u00fcr hervorragende Bienenhaltung in den Alpen<\/h3><div class=\"field-intro\"><p><\/p><\/div><\/div><\/div><div class=\"group-innerblocks\"><div class=\"group-media\"><div class=\"field-image\"><img decoding=\"async\" src=\"https:\/\/www.hautes-alpes.net\/wp-content\/uploads\/2026\/02\/illustration-miel-patrick-domeyne-addet05-1140x620.jpg\" alt=\"\"\/><\/div><div class=\"credits\">P.Domeyne -ADDET05<\/div><\/div>\n<div class=\"section-wrapper\"><div class=\"wp-block-ws-library-scrollable-section-item ws-section-scrollable-item is-style-bg-grey\">\n<p>Der <strong>Wettbewerb &#8220;Concours des Miels de France 2026<\/strong>&#8220;, der von der Union Nationale de l&#8217;Apiculture Fran\u00e7aise in Paris organisiert wurde, zeichnete in seiner neunten Auflage die besten Honigsorten und Bienenstockprodukte aus.  <\/p>\n<\/div><\/div>\n\n\n\n<div class=\"section-wrapper\"><div class=\"wp-block-ws-library-scrollable-section-item ws-section-scrollable-item\">\n<p><strong>Unter dem Vorsitz des K\u00fcchenchefs Michel Troisgros<\/strong> nahmen 300 franz\u00f6sische und internationale Juroren teil, die 176 Auszeichnungen vergaben.  <\/p>\n\n\n\n<p>Zum ersten Mal <strong>nahm die Agence de D\u00e9veloppement des Hautes-Alpes als Mitglied der Jury an der Veranstaltung teil.<\/strong><\/p>\n<\/div><\/div>\n\n\n\n<div class=\"section-wrapper\"><div class=\"wp-block-ws-library-scrollable-section-item ws-section-scrollable-item\">\n<p>Die Region Provence-Alpes-C\u00f4te d&#8217;Azur zeichnete sich mit 20 Medaillen aus und best\u00e4tigte damit ihren Platz als zweitgr\u00f6\u00dfte Bienenregion Frankreichs.  <\/p>\n\n\n\n<p>Die <strong>Hautes-Alpes<\/strong> trugen mit sechs Auszeichnungen zu diesem Erfolg bei: <strong>drei Goldmedaillen, eine Silbermedaille, eine Bronzemedaille und ein &#8220;Coup de Coeur&#8220;.<\/strong> Diese Auszeichnungen sind eine wichtige Anerkennung f\u00fcr die Qualit\u00e4t der Bienenprodukte aus den Haut-Alpins. <\/p>\n<\/div><\/div>\n\n\n\n<div class=\"section-wrapper\"><div class=\"wp-block-ws-library-scrollable-section-item ws-section-scrollable-item\">\n<div class=\"wp-block-ws-library-ws-image\"><div class=\"wrapper\"><div class=\"group-media\"><img decoding=\"async\" src=\"https:\/\/www.hautes-alpes.net\/wp-content\/uploads\/2025\/11\/xxxthibautvergoz-25-427x640.jpg\" alt=\"\" class=\"single_image ws-image-76532\"><div class=\"credits\">T. Vergoz<\/div><\/div><p class=\"caption\"><\/p><\/div><\/div>\n<\/div><\/div>\n\n\n\n<div class=\"section-wrapper\"><div class=\"wp-block-ws-library-scrollable-section-item ws-section-scrollable-item\">\n<p>Unter den Preistr\u00e4gern befanden sich mehrere Imker aus den Hautes-Alpes, darunter <strong>Jo\u00ebl Borel, Joseph Faure und Lucie Gantes<\/strong>.  <\/p>\n\n\n\n<p>Dieser Erfolg spiegelt die <strong>Dynamik des<\/strong> lokalen <strong>Bienenzuchtsektors<\/strong> wider, der <strong>mehr als 500 Imker<\/strong> z\u00e4hlt und sich auf Lehrbienenst\u00e4nde und das <strong>Apiland-Museum<\/strong> st\u00fctzt, um sein Know-how zu bewahren und weiterzugeben.<\/p>\n<\/div><\/div>\n\n\n\n<div class=\"section-wrapper\"><div class=\"wp-block-ws-library-scrollable-section-item ws-section-scrollable-item\">\n<div class=\"wp-block-ws-library-ws-image\"><div class=\"wrapper\"><div class=\"group-media\"><img decoding=\"async\" src=\"https:\/\/www.hautes-alpes.net\/wp-content\/uploads\/2026\/02\/les-abeilles-de-lucie-patrick-domeyne-addet05-2025-497x640.jpg\" alt=\"\" class=\"single_image ws-image-274676\"><div class=\"credits\"><\/div><\/div><p class=\"caption\"><\/p><\/div><\/div>\n<\/div><\/div>\n\n\n\n<div class=\"section-wrapper\"><div class=\"wp-block-ws-library-scrollable-section-item ws-section-scrollable-item\">\n<div class=\"wp-block-ws-library-ws-image is-style-simple\"><div class=\"wrapper\"><div class=\"group-media\"><img decoding=\"async\" src=\"https:\/\/www.hautes-alpes.net\/wp-content\/uploads\/2026\/02\/joel-borel-patrick-domeyne-addet05-2025-907x640.jpg\" alt=\"\" class=\"single_image ws-image-274674\"><div class=\"credits\"><\/div><\/div><p class=\"caption\"><\/p><\/div><\/div>\n<\/div><\/div>\n\n\n\n<div class=\"section-wrapper\"><div class=\"wp-block-ws-library-scrollable-section-item ws-section-scrollable-item\">\n<div class=\"wp-block-ws-library-ws-image is-style-simple\"><div class=\"wrapper\"><div class=\"group-media\"><img decoding=\"async\" src=\"https:\/\/www.hautes-alpes.net\/wp-content\/uploads\/2026\/02\/faure-sarruchet-patrick-domeyne-addet05-2025-1059x640.jpg\" alt=\"\" class=\"single_image ws-image-274673\"><div class=\"credits\"><\/div><\/div><p class=\"caption\"><\/p><\/div><\/div>\n<\/div><\/div>\n<\/div><\/div><\/div>\n\n<div class=\"wp-block-ws-library-scrollable-section ws-section-scrollable alignfull\"><div class=\"scrollable-item\"><div class=\"group-content\"><div class=\"wrapper\"><h3 class=\"field-title\">Die Dekore der Hautes-Alpes im Mittelpunkt<\/h3><div class=\"field-intro\"><p><\/p><\/div><\/div><\/div><div class=\"group-innerblocks\"><div class=\"group-media\"><div class=\"field-image\"><img decoding=\"async\" src=\"https:\/\/www.hautes-alpes.net\/wp-content\/uploads\/2026\/02\/tournage-et-apres-la-grave-clap-patrick-domeyne-1140x620.jpg\" alt=\"\"\/><\/div><div class=\"credits\">Patrick DOMEYNE<\/div><\/div>\n<div class=\"section-wrapper\"><div class=\"wp-block-ws-library-scrollable-section-item ws-section-scrollable-item is-style-bg-grey\">\n<p><strong>Die Agence de D\u00e9veloppement des Hautes-Alpes<\/strong> nimmt derzeit am Paris <strong>Film<\/strong> Festival teil. <strong><em>Paris Images Production Forum teil.<\/em><\/strong>Die <strong>Region S\u00fcd<\/strong> ist die zweitgr\u00f6\u00dfte Region Frankreichs, in der Dreharbeiten stattfinden.  <\/p>\n\n\n\n<p>Ein wichtiger Treffpunkt f\u00fcr die Film- und Fernsehbranche.<\/p>\n<\/div><\/div>\n\n\n\n<div class=\"section-wrapper\"><div class=\"wp-block-ws-library-scrollable-section-item ws-section-scrollable-item\">\n<div class=\"wp-block-ws-library-ws-image is-style-simple\"><div class=\"wrapper\"><div class=\"group-media\"><img decoding=\"async\" src=\"https:\/\/www.hautes-alpes.net\/wp-content\/uploads\/2026\/02\/delegation-05-et-region-sud-addet05-1049x640.jpg\" alt=\"\" class=\"single_image ws-image-274088\"><div class=\"credits\">ADDET05<\/div><\/div><p class=\"caption\"><\/p><\/div><\/div>\n<\/div><\/div>\n\n\n\n<div class=\"section-wrapper\"><div class=\"wp-block-ws-library-scrollable-section-item ws-section-scrollable-item\">\n<div class=\"wp-block-ws-library-ws-image\"><div class=\"wrapper\"><div class=\"group-media\"><img decoding=\"async\" src=\"https:\/\/www.hautes-alpes.net\/wp-content\/uploads\/2026\/02\/affluence-au-paris-images-production-forum-2026-addet051-e1770375750301-730x800.jpg\" alt=\"\" class=\"single_image ws-image-274120\"><div class=\"credits\">ADDET05<\/div><\/div><p class=\"caption\"><\/p><\/div><\/div>\n<\/div><\/div>\n\n\n\n<div class=\"section-wrapper\"><div class=\"wp-block-ws-library-scrollable-section-item ws-section-scrollable-item\">\n<p>Im Jahr 2025 verzeichnete das Bureau d&#8217;accueil des tournages<strong> 45 Anfragen <\/strong>von Projekttr\u00e4gern, die zu <strong>28 Dreharbeiten<\/strong> in den Hautes-Alpes und Alpes de Haute-Provence f\u00fchrten, mit insgesamt <strong>316<\/strong> begleiteten <strong>Drehtagen<\/strong>.  <\/p>\n<\/div><\/div>\n\n\n\n<div class=\"section-wrapper\"><div class=\"wp-block-ws-library-scrollable-section-item ws-section-scrollable-item\">\n<p>Zu den H\u00f6hepunkten des Jahres geh\u00f6ren drei Spielfilme:<\/p>\n\n\n\n<ul class=\"wp-block-list\">\n<li><strong><em>Jean Valjean<\/em><\/strong> von Eric Besnard (bereits in den Kinos) ;<\/li>\n\n\n\n<li><strong><em>Pirates<\/em> <\/strong>von Myriam Gharbi (demn\u00e4chst in den Kinos) ;<\/li>\n\n\n\n<li><strong><em>Und danach<\/em> <\/strong>von Pierre Menahem (demn\u00e4chst in den Kinos), der im Juli 2025 in La Grave mit Emmanuelle B\u00e9art gedreht wurde.<\/li>\n<\/ul>\n<\/div><\/div>\n\n\n\n<div class=\"section-wrapper\"><div class=\"wp-block-ws-library-scrollable-section-item ws-section-scrollable-item\">\n<p>Das Gebiet war auch Gastgeber f\u00fcr mehrere wichtige Fernsehdrehs, darunter <strong>drei Episoden der France T\u00e9l\u00e9visions-Serie Alex Hugo<\/strong><em>(Le Tombeau du po\u00e8te, La Chute d&#8217;Icare und La Vall\u00e9e des oubli\u00e9es<\/em>), bei der Samuel Le Bihan selbst Regie f\u00fchrte.<\/p>\n<\/div><\/div>\n\n\n\n<div class=\"section-wrapper\"><div class=\"wp-block-ws-library-scrollable-section-item ws-section-scrollable-item\">\n<div class=\"wp-block-ws-library-ws-image\"><div class=\"wrapper\"><div class=\"group-media\"><img decoding=\"async\" src=\"https:\/\/www.hautes-alpes.net\/wp-content\/uploads\/2026\/02\/une-vingtaine-de-jours-de-tournage-dans-les-hautes-alpes-a-ete-necessaire-pour-le-realisateur-emmanuel-finkiel-pour-le-film-impossible-arte-patrick-domeyne-copie-scaled-e1770369982979-1240x800.jpg\" alt=\"\" class=\"single_image ws-image-274145\"><div class=\"credits\">Patrick DOMEYNE<\/div><\/div><p class=\"caption\"><\/p><\/div><\/div>\n<\/div><\/div>\n\n\n\n<div class=\"section-wrapper\"><div class=\"wp-block-ws-library-scrollable-section-item ws-section-scrollable-item\">\n<div class=\"wp-block-ws-library-ws-image\"><div class=\"wrapper\"><div class=\"group-media\"><img decoding=\"async\" src=\"https:\/\/www.hautes-alpes.net\/wp-content\/uploads\/2025\/11\/tournage-alex-hugo-orceyrette-patrick-domeyne-addet05-10-1240x800.jpg\" alt=\"\" class=\"single_image ws-image-77646\"><div class=\"credits\">P. Domeyne - AD05<\/div><\/div><p class=\"caption\"><\/p><\/div><\/div>\n<\/div><\/div>\n\n\n\n<div class=\"section-wrapper\"><div class=\"wp-block-ws-library-scrollable-section-item ws-section-scrollable-item\">\n<p>Andere Produktionen wurden im Jahr 2025 gedreht: <strong><em>Impossible<\/em> <\/strong>von Emmanuel Finkiel (Gapen\u00e7ais, Bu\u00ebch, Valgaudemar, La Grave), <strong><em>Le Train perdu (Der verlorene Zug)<\/em><\/strong> von Aude Gogny-Goubert (Gap und Serre-Pon\u00e7on) und die Serie <strong><em>Le Myst\u00e8re de la chambre jaune (Das Geheimnis der gelben Kammer)<\/em> <\/strong>von Fran\u00e7ois Velle.<\/p>\n\n\n\n<p>Die Folge sind direkte Auswirkungen. Der Fernsehfilm <strong><em>Der verlorene Zug<\/em><\/strong>wurde im November und Dezember 2025 in den Hautes-Alpes gedreht und generierte fast <strong>400.000 EUR an direkten lokalen Ausgaben<\/strong>. <\/p>\n<\/div><\/div>\n<\/div><\/div><\/div>\n\n<div class=\"wp-block-ws-library-scrollable-section ws-section-scrollable alignfull\"><div class=\"scrollable-item\"><div class=\"group-content\"><div class=\"wrapper\"><h3 class=\"field-title\">Winterurlaub 2026<\/h3><div class=\"field-intro\"><p>Besuchertrends<\/p><\/div><\/div><\/div><div class=\"group-innerblocks\"><div class=\"group-media\"><div class=\"field-image\"><img decoding=\"async\" src=\"https:\/\/www.hautes-alpes.net\/wp-content\/uploads\/2025\/11\/shooting-photos-reallon-2022-23-fabien-thibault-5-2-1-1140x620.jpg\" alt=\"\"\/><\/div><div class=\"credits\">F. Thibault<\/div><\/div>\n<div class=\"section-wrapper\"><div class=\"wp-block-ws-library-scrollable-section-item ws-section-scrollable-item is-style-bg-grey\">\n<p><strong>Die Hautes-Alpes, zwischen Klarheit und Hoffnung.<\/strong><\/p>\n\n\n\n<p>Kurz vor Beginn des Winterurlaubs 2026 an diesem Wochenende best\u00e4tigen die ersten Besuchertrends die Begeisterung der Franzosen f\u00fcr die Berge.<\/p>\n<\/div><\/div>\n\n\n\n<div class=\"section-wrapper\"><div class=\"wp-block-ws-library-scrollable-section-item ws-section-scrollable-item\">\n<p>Diese n\u00e4chsten vier Wochen werden f\u00fcr die Wintersportorte in den Hautes-Alpes entscheidend sein, da sie allein 40 % des Umsatzes der Wintersaison generieren. In diesem Zeitraum (7. Februar bis 8. M\u00e4rz 2026) erreicht die Auslastung <strong>der Unterk\u00fcnfte in den Ferienorten in den Hautes-Alpes<\/strong> <strong>70,8 % <\/strong>(-3,5 Punkte im Vergleich zum Vorjahr, aufgrund der Aufteilung der Schulferien).   <\/p>\n<\/div><\/div>\n\n\n\n<div class=\"section-wrapper\"><div class=\"wp-block-ws-library-scrollable-section-item ws-section-scrollable-item\">\n<div class=\"wp-block-ws-library-ws-animated-quote\"><blockquote class=\"quote-container quote-align-undefined\"><div class=\"group-media\"><div class=\"field-image\"><img decoding=\"async\" class=\"quote-avatar ws-image-78557\" src=\"https:\/\/www.hautes-alpes.net\/wp-content\/uploads\/2025\/11\/trombi-yvan-2025-patrick-domeyne-addet05-1-scaled-e1764083359888-400x400.jpg\" data-full-url=\"https:\/\/www.hautes-alpes.net\/wp-content\/uploads\/2025\/11\/trombi-yvan-2025-patrick-domeyne-addet05-1-scaled-e1764083359888.jpg\" alt=\"\"><\/div><\/div><footer><cite class=\"quote-subcontent\"><strong>Yvan Chaix<\/strong><\/cite><\/footer><p class=\"quote-content\">&#8220;Wir schwanken zwischen Hoffnung und Klarheit.  <\/p><\/blockquote><\/div>\n<\/div><\/div>\n\n\n\n<div class=\"section-wrapper\"><div class=\"wp-block-ws-library-scrollable-section-item ws-section-scrollable-item\">\n<p><strong>Hoffnung,<\/strong> da wir einen ausgezeichneten Saisonstart haben und die Hautes-Alpes zu den schneesichersten Gebirgen Frankreichs geh\u00f6ren. Das bedeutet, dass es viele Last-Minute-Buchungen und Tagesreisen geben wird. <strong>Luzidit\u00e4t<\/strong>, da die Aufteilung der Schulferien in diesem Jahr sehr ung\u00fcnstig ist. <\/p>\n<\/div><\/div>\n\n\n\n<div class=\"section-wrapper\"><div class=\"wp-block-ws-library-scrollable-section-item ws-section-scrollable-item\">\n<div class=\"wp-block-ws-library-ws-image\"><div class=\"wrapper\"><div class=\"group-media\"><img decoding=\"async\" src=\"https:\/\/www.hautes-alpes.net\/wp-content\/uploads\/2026\/02\/risoul-addet05-cedric-tempier-1240x800.jpg\" alt=\"\" class=\"single_image ws-image-266457\"><div class=\"credits\">C. Tempier - AD05<\/div><\/div><p class=\"caption\"><\/p><\/div><\/div>\n<\/div><\/div>\n\n\n\n<div class=\"section-wrapper\"><div class=\"wp-block-ws-library-scrollable-section-item ws-section-scrollable-item\">\n<p>Diese Zahlen belegen die starke Anziehungskraft der Franzosen f\u00fcr den Wintersport <em>(Quelle: Umfrage Harris Interactive - Atout France 2025, in Partnerschaft mit ADDET05):<\/em><\/p>\n\n\n\n<ul class=\"wp-block-list\">\n<li><strong>1 von 3 Franzosen<\/strong> f\u00e4hrt im Winter in die Berge;<\/li>\n\n\n\n<li><strong>1 von 5 Franzosen<\/strong> f\u00e4hrt Ski;<\/li>\n<\/ul>\n<\/div><\/div>\n\n\n\n<div class=\"section-wrapper\"><div class=\"wp-block-ws-library-scrollable-section-item ws-section-scrollable-item\">\n<div class=\"wp-block-ws-library-ws-image\"><div class=\"wrapper\"><div class=\"group-media\"><img decoding=\"async\" src=\"https:\/\/www.hautes-alpes.net\/wp-content\/uploads\/2026\/02\/risoul-drone-cedric-tempier-4-1240x800.jpg\" alt=\"\" class=\"single_image ws-image-266454\"><div class=\"credits\">C. Tempier - AD05<\/div><\/div><p class=\"caption\"><\/p><\/div><\/div>\n<\/div><\/div>\n<\/div><\/div><\/div>\n\n<div class=\"wp-block-ws-library-scrollable-section ws-section-scrollable alignfull\"><div class=\"scrollable-item\"><div class=\"group-content\"><div class=\"wrapper\"><h3 class=\"field-title\">Frankreich Berge  <\/h3><div class=\"field-intro\"><p>macht sein GA<\/p><\/div><\/div><\/div><div class=\"group-innerblocks\"><div class=\"group-media\"><div class=\"field-image\"><img decoding=\"async\" src=\"https:\/\/www.hautes-alpes.net\/wp-content\/uploads\/2026\/01\/maquette-image-flash-info-scaled-1140x620.jpg\" alt=\"\"\/><\/div><div class=\"credits\"><\/div><\/div>\n<div class=\"section-wrapper\"><div class=\"wp-block-ws-library-scrollable-section-item ws-section-scrollable-item is-style-bg-grey\">\n<p><strong>France Montagnes<\/strong> hielt seine j\u00e4hrliche Generalversammlung am 3. Februar 2026 im Club Med des savoyischen Ferienortes Valmorel ab.<\/p>\n\n\n\n<p>Die Agence de D\u00e9veloppement des Hautes-Alpes, die zu den Mitgliedern z\u00e4hlt, nahm daran teil.<br\/><\/p>\n<\/div><\/div>\n\n\n\n<div class=\"section-wrapper\"><div class=\"wp-block-ws-library-scrollable-section-item ws-section-scrollable-item\">\n<div class=\"wp-block-ws-library-ws-image\"><div class=\"wrapper\"><div class=\"group-media\"><img decoding=\"async\" src=\"https:\/\/www.hautes-alpes.net\/wp-content\/uploads\/2026\/02\/ag-fm-valmorel-e1770298495870-568x800.jpg\" alt=\"\" class=\"single_image ws-image-265682\"><div class=\"credits\">P.Lequenne<\/div><\/div><p class=\"caption\"><\/p><\/div><\/div>\n<\/div><\/div>\n\n\n\n<div class=\"section-wrapper\"><div class=\"wp-block-ws-library-scrollable-section-item ws-section-scrollable-item\">\n<p>Der Verband <strong>France Montagnes<\/strong> entstand aus dem <strong>gemeinsamen Willen der Tourismusakteure<\/strong> (Abgeordnete, Skilehrer, Skigebietsbetreiber, Fremdenverkehrs\u00e4mter, Unterkunftsanbieter, H\u00e4ndler usw.), <strong>ihre Kr\u00e4fte zu b\u00fcndeln<\/strong>, um die franz\u00f6sischen Bergregionen zu f\u00f6rdern.<\/p>\n<\/div><\/div>\n\n\n\n<div class=\"section-wrapper\"><div class=\"wp-block-ws-library-scrollable-section-item ws-section-scrollable-item\">\n<p>Der <strong>Verein<\/strong> hat einen Teil seines Teams erneuert und seine zuk\u00fcnftige <strong>Roadmap<\/strong> enth\u00fcllt, <strong>die<\/strong> <strong>auf<\/strong> einem Versprechen basiert, das alle Zeiten \u00fcberdauert hat: <strong>Die Berge gewinnen Sie!<\/strong><\/p>\n<\/div><\/div>\n\n\n\n<div class=\"section-wrapper\"><div class=\"wp-block-ws-library-scrollable-section-item ws-section-scrollable-item\">\n<div class=\"wp-block-ws-library-ws-image is-style-simple\"><div class=\"wrapper\"><div class=\"group-media\"><img decoding=\"async\" src=\"https:\/\/www.hautes-alpes.net\/wp-content\/uploads\/2026\/02\/club-med-valmorel-634x640.png\" alt=\"\" class=\"single_image ws-image-265662\"><div class=\"credits\">Club Med Valmorel<\/div><\/div><p class=\"caption\"><\/p><\/div><\/div>\n<\/div><\/div>\n\n\n\n<div class=\"section-wrapper\"><div class=\"wp-block-ws-library-scrollable-section-item ws-section-scrollable-item\">\n<div class=\"wp-block-ws-library-ws-image\"><div class=\"wrapper\"><div class=\"group-media\"><img decoding=\"async\" src=\"https:\/\/www.hautes-alpes.net\/wp-content\/uploads\/2026\/02\/fm-ag-675x640.jpg\" alt=\"\" class=\"single_image ws-image-266423\"><div class=\"credits\"><\/div><\/div><p class=\"caption\"><\/p><\/div><\/div>\n<\/div><\/div>\n<\/div><\/div><\/div>\n\n<div class=\"wp-block-ws-library-scrollable-section ws-section-scrollable alignfull\"><div class=\"scrollable-item\"><div class=\"group-content\"><div class=\"wrapper\"><h3 class=\"field-title\">South Line Serie  <\/h3><\/div><\/div><div class=\"group-innerblocks\"><div class=\"group-media\"><div class=\"field-image\"><img decoding=\"async\" src=\"https:\/\/www.hautes-alpes.net\/wp-content\/uploads\/2026\/02\/la-grave-cedric-tempier-51-scaled-e1770192171139-1140x620.jpg\" alt=\"\"\/><\/div><div class=\"credits\">C Tempier<\/div><\/div>\n<div class=\"section-wrapper\"><div class=\"wp-block-ws-library-scrollable-section-item ws-section-scrollable-item\">\n<p>Hier geht es um alles. Die Qualifikationsrunde, ein echtes Vorzimmer der <strong>Freeride World Tour<\/strong>, bringt die Rider nur wenige Kurven vom Profi-Traum entfernt. Auf anspruchsvollen Seiten ohne Netz schmieden Skifahrer und Snowboarder ihren Stil, ihre Mentalit\u00e4t und ihre Zukunft. Nur die Besten erhalten ein Ticket f\u00fcr die FWT Challenge, den letzten Schritt zur Weltelite.   <\/p>\n<\/div><\/div>\n\n\n\n<div class=\"section-wrapper\"><div class=\"wp-block-ws-library-scrollable-section-item ws-section-scrollable-item\">\n<h3 class=\"wp-block-heading is-style-title-1\"><em>Die South Line Series  <\/em><\/h3>\n\n\n\n<p>4 Termine in den <strong>Hautes-Alpes<\/strong> vor dem Finale in Le Sauze :<\/p>\n\n\n\n<p><strong>Vars<\/strong>, 16.-18. Januar <em>[abgesagt wegen schlechtem Wetter].<\/em><\/p>\n\n\n\n<p><strong>Serre Chevalier<\/strong>,<sup>1.<\/sup> Februar<\/p>\n\n\n\n<p><strong>La Grave<\/strong>, 6.-8. Februar<\/p>\n\n\n\n<p><strong>Puy Saint Vincent<\/strong>, 7.-8. M\u00e4rz<\/p>\n<\/div><\/div>\n\n\n\n<div class=\"section-wrapper\"><div class=\"wp-block-ws-library-scrollable-section-item ws-section-scrollable-item\">\n<div class=\"wp-block-ws-library-ws-image\"><div class=\"wrapper\"><div class=\"group-media\"><img decoding=\"async\" src=\"https:\/\/www.hautes-alpes.net\/wp-content\/uploads\/2026\/02\/2026-02-01-13h20min26sec-guizmophoto-hd-scaled-e1770192215276-1240x800.jpg\" alt=\"\" class=\"single_image ws-image-263455\"><div class=\"credits\">Das Studio Prod<\/div><\/div><p class=\"caption\"><\/p><\/div><\/div>\n<\/div><\/div>\n\n\n\n<div class=\"section-wrapper\"><div class=\"wp-block-ws-library-scrollable-section-item ws-section-scrollable-item\">\n<p><strong>F\u00fcnf Kriterien, um zwischen den Fahrern zu entscheiden<\/strong>: Linie, Kontrolle, Technik, Fl\u00fcssigkeit und &#8220;Air &amp; Style&#8220; (Freestyle-Figuren).<\/p>\n\n\n\n<p>In <strong>Serre Chevalier<\/strong> setzte der Einheimische <strong>Maxime Buffet<\/strong> mit einem lockeren und gleichzeitig engagierten Run seine Handschrift gegen\u00fcber den internationalen Teilnehmern durch und erreichte einen soliden <strong>zweiten Platz<\/strong>.<\/p>\n<\/div><\/div>\n\n\n\n<div class=\"section-wrapper\"><div class=\"wp-block-ws-library-scrollable-section-item ws-section-scrollable-item\">\n<div class=\"wp-block-ws-library-ws-image\"><div class=\"wrapper\"><div class=\"group-media\"><img decoding=\"async\" src=\"https:\/\/www.hautes-alpes.net\/wp-content\/uploads\/2026\/02\/2026-02-01-13h26min50sec-guizmophoto-hd-1240x800.jpg\" alt=\"\" class=\"single_image ws-image-263456\"><div class=\"credits\">Das Studio Prod<\/div><\/div><p class=\"caption\"><\/p><\/div><\/div>\n<\/div><\/div>\n\n\n\n<div class=\"section-wrapper\"><div class=\"wp-block-ws-library-scrollable-section-item ws-section-scrollable-item\">\n<div class=\"wp-block-ws-library-ws-image\"><div class=\"wrapper\"><div class=\"group-media\"><img decoding=\"async\" src=\"https:\/\/www.hautes-alpes.net\/wp-content\/uploads\/2026\/02\/2026-02-01-17h21min22sec-guizmophoto-hd-1240x800.jpg\" alt=\"\" class=\"single_image ws-image-263462\"><div class=\"credits\">Das Studio Prod<\/div><\/div><p class=\"caption\"><\/p><\/div><\/div>\n<\/div><\/div>\n\n\n\n<div class=\"section-wrapper\"><div class=\"wp-block-ws-library-scrollable-section-item ws-section-scrollable-item\">\n<div class=\"wp-block-ws-library-ws-image\"><div class=\"wrapper\"><div class=\"group-media\"><img decoding=\"async\" src=\"https:\/\/www.hautes-alpes.net\/wp-content\/uploads\/2026\/02\/2026-02-01-12h22min29sec-guizmophoto-hd-1240x800.jpg\" alt=\"\" class=\"single_image ws-image-263458\"><div class=\"credits\">Das Studio Prod<\/div><\/div><p class=\"caption\"><\/p><\/div><\/div>\n<\/div><\/div>\n<\/div><\/div><\/div>\n\n<div class=\"wp-block-ws-library-scrollable-section ws-section-scrollable alignfull\"><div class=\"scrollable-item\"><div class=\"group-content\"><div class=\"wrapper\"><h3 class=\"field-title\">Der Mann aus Stein<\/h3><\/div><\/div><div class=\"group-innerblocks\"><div class=\"group-media\"><div class=\"field-image\"><img decoding=\"async\" src=\"https:\/\/www.hautes-alpes.net\/wp-content\/uploads\/2026\/02\/risoul-5-thibaut-blais-1-1140x620.jpg\" alt=\"\"\/><\/div><div class=\"credits\">Thibaut Blais<\/div><\/div>\n<div class=\"section-wrapper\"><div class=\"wp-block-ws-library-scrollable-section-item ws-section-scrollable-item\">\n<p><strong>L&#8217;Homme de Pierre<\/strong>, ein kuppelbarer 6er-Sessellift, ist das neueste Mitglied des <strong>Skigebiets Risoul<\/strong>. Platz f\u00fcr Geschwindigkeit und Komfort.   <\/p>\n\n\n\n<p><strong>In nur sechs Minuten<\/strong>(vorher 25 <strong>Minuten<\/strong>) bef\u00f6rdert er bis zu 2.800 Skifahrer pro Stunde in die H\u00f6he und verbraucht dabei weniger Energie.<\/p>\n\n\n\n<p>Er ersetzt allein einen Sessellift und einen Skilift, was insgesamt 11 Masten und 2 km weniger Kabel bedeutet.<\/p>\n<\/div><\/div>\n\n\n\n<div class=\"section-wrapper\"><div class=\"wp-block-ws-library-scrollable-section-item ws-section-scrollable-item\">\n<p>Dieses neue Ger\u00e4t f\u00fchrt direkt von der <strong>Schneefront<\/strong> zum Gipfel des Sektors und bedient eine blaue Panoramapiste, die ideal f\u00fcr Anf\u00e4nger und Fortgeschrittene ist. Das Ergebnis: ein fl\u00fcssiges, besser aufgeteiltes Gebiet, in dem jeder seine Spur findet. <br\/><br\/><strong>Und auch die Fu\u00dfg\u00e4nger kommen nicht zu<\/strong> kurz: Bergrestaurants, Schneeschuhrouten und Nordic-Walking-Touren sind dank der guten Schneeverh\u00e4ltnisse m\u00f6glich.<\/p>\n\n\n\n<p><\/p>\n<\/div><\/div>\n\n\n\n<div class=\"section-wrapper\"><div class=\"wp-block-ws-library-scrollable-section-item ws-section-scrollable-item\">\n<div class=\"wp-block-group is-nowrap is-layout-flex wp-container-core-group-is-layout-6c531013 wp-block-group-is-layout-flex\">\n<div class=\"wp-block-ws-library-ws-image is-style-simple\"><div class=\"wrapper\"><div class=\"group-media\"><img decoding=\"async\" src=\"https:\/\/www.hautes-alpes.net\/wp-content\/uploads\/2026\/02\/homme-de-pierre-cedric-tempier-960x640.jpg\" alt=\"\" class=\"single_image ws-image-263533\"><div class=\"credits\">C. TEMPIER<\/div><\/div><p class=\"caption\"><\/p><\/div><\/div>\n\n\n\n<div class=\"wp-block-ws-library-ws-image is-style-simple\"><div class=\"wrapper\"><div class=\"group-media\"><img decoding=\"async\" src=\"https:\/\/www.hautes-alpes.net\/wp-content\/uploads\/2026\/02\/homme-de-pierre-cedric-tempier-7-427x640.jpg\" alt=\"\" class=\"single_image ws-image-263523\"><div class=\"credits\">C.Tempier<\/div><\/div><p class=\"caption\"><\/p><\/div><\/div>\n\n\n\n<div class=\"wp-block-ws-library-ws-image\"><div class=\"wrapper\"><div class=\"group-media\"><img decoding=\"async\" src=\"https:\/\/www.hautes-alpes.net\/wp-content\/uploads\/2026\/02\/homme-de-pierre-cedric-tempier-5-960x640.jpg\" alt=\"\" class=\"single_image ws-image-263521\"><div class=\"credits\">C.Tempier<\/div><\/div><p class=\"caption\"><\/p><\/div><\/div>\n\n\n\n<div class=\"wp-block-ws-library-ws-image is-style-simple\"><div class=\"wrapper\"><div class=\"group-media\"><img decoding=\"async\" src=\"https:\/\/www.hautes-alpes.net\/wp-content\/uploads\/2026\/02\/risoul-5-thibaut-blais-3-960x640.jpg\" alt=\"\" class=\"single_image ws-image-260546\"><div class=\"credits\">Thibaut Blais<\/div><\/div><p class=\"caption\"><\/p><\/div><\/div>\n<\/div>\n<\/div><\/div>\n<\/div><\/div><\/div>\n\n<div class=\"wp-block-ws-library-scrollable-section ws-section-scrollable alignfull\"><div class=\"scrollable-item\"><div class=\"group-content\"><div class=\"wrapper\"><h3 class=\"field-title\">Alles ist (noch) wei\u00dfer<\/h3><\/div><\/div><div class=\"group-innerblocks\"><div class=\"group-media\"><div class=\"field-image\"><img decoding=\"async\" src=\"https:\/\/www.hautes-alpes.net\/wp-content\/uploads\/2026\/01\/1000016983-1080x620.jpg\" alt=\"\"\/><\/div><div class=\"credits\">OT Serre-Pon\u00e7on<\/div><\/div>\n<div class=\"section-wrapper\"><div class=\"wp-block-ws-library-scrollable-section-item ws-section-scrollable-item\">\n<p>Seit einigen Tagen f\u00e4llt es unaufh\u00f6rlich \ud83d\ude09 <strong> Im Durchschnitt +50 cm Pulverschnee<\/strong>.<\/p>\n\n\n\n<p>Der Schnee hat die Kontrolle \u00fcber die Bergmassive \u00fcbernommen und er wird bleiben.<\/p>\n<\/div><\/div>\n\n\n\n<div class=\"section-wrapper\"><div class=\"wp-block-ws-library-scrollable-section-item ws-section-scrollable-item\">\n<h3 class=\"wp-block-heading is-style-title-1\"><em>UNSERE RATSCHL\u00c4GE<\/em><\/h3>\n\n\n\n<p><strong>Safety First:<\/strong> Man kann es nicht oft genug sagen: Informieren Sie sich \u00fcber den Wetterbericht und die Lawinengefahr, bevor Sie die markierten Pisten verlassen. Der Berg befiehlt. <\/p>\n\n\n\n<p><strong>Kurvenfahrt:<\/strong> Bereiten Sie die breiten Latten vor, es wird schweben!<\/p>\n<\/div><\/div>\n\n\n\n<div class=\"section-wrapper\"><div class=\"wp-block-ws-library-scrollable-section-item ws-section-scrollable-item\">\n<div class=\"wp-block-ws-library-ws-image\"><div class=\"wrapper\"><div class=\"group-media\"><img decoding=\"async\" src=\"https:\/\/www.hautes-alpes.net\/wp-content\/uploads\/2026\/01\/1000016985-512x640.jpg\" alt=\"\" class=\"single_image ws-image-248432\"><div class=\"credits\"><\/div><\/div><p class=\"caption\"><\/p><\/div><\/div>\n<\/div><\/div>\n\n\n\n<div class=\"section-wrapper\"><div class=\"wp-block-ws-library-scrollable-section-item ws-section-scrollable-item\">\n<div class=\"wp-block-ws-library-ws-image\"><div class=\"wrapper\"><div class=\"group-media\"><img decoding=\"async\" src=\"https:\/\/www.hautes-alpes.net\/wp-content\/uploads\/2026\/01\/1000016982-512x640.jpg\" alt=\"\" class=\"single_image ws-image-248431\"><div class=\"credits\"><\/div><\/div><p class=\"caption\"><\/p><\/div><\/div>\n<\/div><\/div>\n\n\n\n<div class=\"section-wrapper\"><div class=\"wp-block-ws-library-scrollable-section-item ws-section-scrollable-item\">\n<div class=\"wp-block-ws-library-ws-image\"><div class=\"wrapper\"><div class=\"group-media\"><img decoding=\"async\" src=\"https:\/\/www.hautes-alpes.net\/wp-content\/uploads\/2026\/01\/1000016984-640x640.jpg\" alt=\"\" class=\"single_image ws-image-248430\"><div class=\"credits\"><\/div><\/div><p class=\"caption\"><\/p><\/div><\/div>\n<\/div><\/div>\n<\/div><\/div><\/div>\n<p><a id=\"coupeeurope\"><\/a><\/p>\n\n<div class=\"wp-block-ws-library-scrollable-section ws-section-scrollable alignfull\"><div class=\"scrollable-item\"><div class=\"group-content\"><div class=\"wrapper\"><h3 class=\"field-title\">Alpiner Ski-Europacup der Frauen<\/h3><div class=\"field-intro\"><p>Orci\u00e8res Merlette 1850, vom 26. bis 30. Januar<\/p><\/div><\/div><\/div><div class=\"group-innerblocks\"><div class=\"group-media\"><div class=\"field-image\"><img decoding=\"async\" src=\"https:\/\/www.hautes-alpes.net\/wp-content\/uploads\/2026\/01\/gillesbaron240124-charbonnier-emy-1140x620.jpg\" alt=\"\"\/><\/div><div class=\"credits\">G. Baron<\/div><\/div>\n<div class=\"section-wrapper\"><div class=\"wp-block-ws-library-scrollable-section-item ws-section-scrollable-item\">\n<p><a href=\"https:\/\/www.hautes-alpes.net\/de\/reiseziele-hautes-alpes\/orcieres-merlette-1850\/\" type=\"page\" id=\"73881\">Orci\u00e8res Merlette 1850<\/a> veranstaltet vom 26. bis 30. Januar 2026 die <strong>Europacups der Damen<\/strong>. 80 Athletinnen aus 13 Nationen werden zu diesem traditionellen Treffen der Weltmeisterschaft erwartet. <\/p>\n<\/div><\/div>\n\n\n\n<div class=\"section-wrapper\"><div class=\"wp-block-ws-library-scrollable-section-item ws-section-scrollable-item\">\n<ul class=\"wp-block-list\">\n<li>Montag, 26. Januar: <strong>Super Giant<\/strong><\/li>\n<\/ul>\n\n\n\n<ul class=\"wp-block-list\">\n<li>Dienstag, 27. Januar: Training Abfahrt<\/li>\n<\/ul>\n\n\n\n<ul class=\"wp-block-list\">\n<li>Mittwoch, 29. Januar: <strong>1\u02b3\u1d49 Abstieg<\/strong><\/li>\n<\/ul>\n\n\n\n<ul class=\"wp-block-list\">\n<li>Donnerstag, 30. Januar: <strong>2\u1d49 Abstieg<\/strong><\/li>\n<\/ul>\n<\/div><\/div>\n\n\n\n<div class=\"section-wrapper\"><div class=\"wp-block-ws-library-scrollable-section-item ws-section-scrollable-item\">\n<div class=\"wp-block-ws-library-ws-image\"><div class=\"wrapper\"><div class=\"group-media\"><img decoding=\"async\" src=\"https:\/\/www.hautes-alpes.net\/wp-content\/uploads\/2026\/01\/10-512x640.png\" alt=\"\" class=\"single_image ws-image-233199\"><div class=\"credits\">G. Baron<\/div><\/div><p class=\"caption\"><\/p><\/div><\/div>\n<\/div><\/div>\n\n\n\n<div class=\"section-wrapper\"><div class=\"wp-block-ws-library-scrollable-section-item ws-section-scrollable-item\">\n<div class=\"wp-block-ws-library-ws-image\"><div class=\"wrapper\"><div class=\"group-media\"><img decoding=\"async\" src=\"https:\/\/www.hautes-alpes.net\/wp-content\/uploads\/2026\/01\/gillesbaron250124-6484-427x640.jpg\" alt=\"\" class=\"single_image ws-image-233183\"><div class=\"credits\">G. Baron<\/div><\/div><p class=\"caption\"><\/p><\/div><\/div>\n<\/div><\/div>\n\n\n\n<div class=\"section-wrapper\"><div class=\"wp-block-ws-library-scrollable-section-item ws-section-scrollable-item\">\n<p>Als Leiterin des Organisationskomitees f\u00fchrt Sie das einheimische Kind <strong>Aliz\u00e9e Baron<\/strong> durch die nunmehr ber\u00fchmte Camille Ricou-Piste, die bis ins Herz des Ortes f\u00fchrt.<\/p>\n<\/div><\/div>\n\n\n\n<div class=\"section-wrapper\"><div class=\"wp-block-ws-library-scrollable-section-item ws-section-scrollable-item\">\n<div class=\"wp-block-ws-library-ws-video\"><div class=\"wrapper\"><div class=\"group-media\">\n<figure class=\"wp-block-video video-block\"><video playsinline height=\"1920\" style=\"aspect-ratio: 1080 \/ 1920;\" width=\"1080\" controls=\"\" src=\"https:\/\/www.hautes-alpes.net\/wp-content\/uploads\/2026\/01\/10000000-1212739729690471-6691053505522637248-n-2.mp4\"><\/video><\/figure>\n<\/div><\/div><\/div>\n<\/div><\/div>\n<\/div><\/div><\/div>\n\n<div class=\"wp-block-ws-library-scrollable-section ws-section-scrollable alignfull\"><div class=\"scrollable-item\"><div class=\"group-content\"><div class=\"wrapper\"><h3 class=\"field-title\"><strong>Von Paris nach Amerika<\/strong><\/h3><div class=\"field-intro\"><p><\/p><\/div><\/div><\/div><div class=\"group-innerblocks\"><div class=\"group-media\"><div class=\"field-image\"><img decoding=\"async\" src=\"https:\/\/www.hautes-alpes.net\/wp-content\/uploads\/2026\/01\/maquette-image-flash-info-scaled-1140x620.jpg\" alt=\"\"\/><\/div><div class=\"credits\"><\/div><\/div>\n<div class=\"section-wrapper\"><div class=\"wp-block-ws-library-scrollable-section-item ws-section-scrollable-item is-style-bg-grey\">\n<h3 class=\"wp-block-heading is-style-default\"><strong>Die Hautes-Alpes in Frankreich&#8230;<\/strong><\/h3>\n<\/div><\/div>\n\n\n\n<div class=\"section-wrapper\"><div class=\"wp-block-ws-library-scrollable-section-item ws-section-scrollable-item\">\n<p>Die Agence de D\u00e9veloppement des Hautes-Alpes nimmt am <strong>Workshop Partir en France<\/strong> 2026 teil, der von ADN Tourisme am 26. und 27. Januar 2026 in Paris organisiert wird.<\/p>\n<\/div><\/div>\n\n\n\n<div class=\"section-wrapper\"><div class=\"wp-block-ws-library-scrollable-section-item ws-section-scrollable-item\">\n<p>Diese Veranstaltung bringt <strong>200 Journalisten und Influencer<\/strong> sowie 100 franz\u00f6sische Reiseziele zusammen, um die gro\u00dfen Trends des Tourismus von morgen zu diskutieren.<\/p>\n<\/div><\/div>\n\n\n\n<div class=\"section-wrapper\"><div class=\"wp-block-ws-library-scrollable-section-item ws-section-scrollable-item\">\n<div class=\"wp-block-ws-library-ws-image\"><div class=\"wrapper\"><div class=\"group-media\"><img decoding=\"async\" src=\"https:\/\/www.hautes-alpes.net\/wp-content\/uploads\/2026\/01\/17984-482x640.jpg\" alt=\"\" class=\"single_image ws-image-235560\"><div class=\"credits\"><\/div><\/div><p class=\"caption\"><\/p><\/div><\/div>\n<\/div><\/div>\n\n\n\n<div class=\"section-wrapper\"><div class=\"wp-block-ws-library-scrollable-section-item ws-section-scrollable-item\">\n<div class=\"wp-block-ws-library-ws-image\"><div class=\"wrapper\"><div class=\"group-media\"><img decoding=\"async\" src=\"https:\/\/www.hautes-alpes.net\/wp-content\/uploads\/2026\/01\/17991-1240x800.jpg\" alt=\"\" class=\"single_image ws-image-235561\"><div class=\"credits\"><\/div><\/div><p class=\"caption\"><\/p><\/div><\/div>\n<\/div><\/div>\n\n\n\n<div class=\"section-wrapper\"><div class=\"wp-block-ws-library-scrollable-section-item ws-section-scrollable-item is-style-bg-grey\">\n<h3 class=\"wp-block-heading is-style-default\"><strong>&#8230;und in Amerika<\/strong><\/h3>\n<\/div><\/div>\n\n\n\n<div class=\"section-wrapper\"><div class=\"wp-block-ws-library-scrollable-section-item ws-section-scrollable-item\">\n<p>Die Agence de D\u00e9veloppement des Hautes-Alpes startet zusammen mit dem <strong>CRT Provence-Alpes-C\u00f4te d&#8217;Azur<\/strong> und etwa <strong>40 Partnern aus der Region S\u00fcd<\/strong> (Unterkunftsanbieter, Incoming-Agenturen, Transportunternehmen, Aktivit\u00e4tsanbieter, Reiseziele) mit der Unterst\u00fctzung von<strong>Atout France<\/strong> eine sehr willkommene Mission auf dem amerikanischen Kontinent.<br\/><\/p>\n<\/div><\/div>\n\n\n\n<div class=\"section-wrapper\"><div class=\"wp-block-ws-library-scrollable-section-item ws-section-scrollable-item\">\n<p>In drei Etappen werden Sie in <strong>Calgary<\/strong> und <strong>Mexico<\/strong> City rund <strong>180 kanadische<\/strong>, <strong>amerikanische<\/strong>, <strong>mexikanische<\/strong> und <strong>brasilianische<\/strong> <strong>Reiseveranstalter und Reiseb\u00fcros<\/strong> sowie rund 20 Medienvertreter treffen.<\/p>\n<\/div><\/div>\n\n\n\n<div class=\"section-wrapper\"><div class=\"wp-block-ws-library-scrollable-section-item ws-section-scrollable-item\">\n<div class=\"wp-block-ws-library-ws-image\"><div class=\"wrapper\"><div class=\"group-media\"><img decoding=\"async\" src=\"https:\/\/www.hautes-alpes.net\/wp-content\/uploads\/2026\/01\/1769401486312-480x640.jpg\" alt=\"\" class=\"single_image ws-image-235587\"><div class=\"credits\"><\/div><\/div><p class=\"caption\"><\/p><\/div><\/div>\n<\/div><\/div>\n\n\n\n<div class=\"section-wrapper\"><div class=\"wp-block-ws-library-scrollable-section-item ws-section-scrollable-item\">\n<div class=\"wp-block-ws-library-ws-image\"><div class=\"wrapper\"><div class=\"group-media\"><img decoding=\"async\" src=\"https:\/\/www.hautes-alpes.net\/wp-content\/uploads\/2026\/01\/1769401481470-582x640.jpg\" alt=\"\" class=\"single_image ws-image-235590\"><div class=\"credits\"><\/div><\/div><p class=\"caption\"><\/p><\/div><\/div>\n<\/div><\/div>\n\n\n\n<div class=\"section-wrapper\"><div class=\"wp-block-ws-library-scrollable-section-item ws-section-scrollable-item\">\n<div class=\"wp-block-ws-library-ws-image\"><div class=\"wrapper\"><div class=\"group-media\"><img decoding=\"async\" src=\"https:\/\/www.hautes-alpes.net\/wp-content\/uploads\/2026\/01\/1769401479072-1240x800.jpg\" alt=\"\" class=\"single_image ws-image-235588\"><div class=\"credits\"><\/div><\/div><p class=\"caption\"><\/p><\/div><\/div>\n<\/div><\/div>\n<\/div><\/div><\/div>\n\n<div class=\"wp-block-ws-library-scrollable-section ws-section-scrollable alignfull\"><div class=\"scrollable-item\"><div class=\"group-content\"><div class=\"wrapper\"><h3 class=\"field-title\">Serra Neva<\/h3><div class=\"field-intro\"><p><\/p><\/div><\/div><\/div><div class=\"group-innerblocks\"><div class=\"group-media\"><div class=\"field-image\"><img decoding=\"async\" src=\"https:\/\/www.hautes-alpes.net\/wp-content\/uploads\/2025\/11\/ot-serre-chevalier-2022-3-1140x620.jpg\" alt=\"\"\/><\/div><div class=\"credits\">OT Serre Chevalier<\/div><\/div>\n<div class=\"section-wrapper\"><div class=\"wp-block-ws-library-scrollable-section-item ws-section-scrollable-item is-style-bg-grey\">\n<h3 class=\"wp-block-heading is-style-title-1\"><strong>Er\u00f6ffnung der <sup> 4*<\/sup> MMV-Residenz Le Serre Neva<\/strong><\/h3>\n<\/div><\/div>\n\n\n\n<div class=\"section-wrapper\"><div class=\"wp-block-ws-library-scrollable-section-item ws-section-scrollable-item\">\n<p>Die MMV-Gruppe er\u00f6ffnet in <strong>La Salle-les-Alpes<\/strong> ihre neue 4* Club-Residenz, Serra Neva.<\/p>\n\n\n\n<p>Diese Adresse liegt nur wenige Schritte von der <strong>Pontillas Seilbahn<\/strong> entfernt und verbindet hochwertigen Komfort mit einem lebhaften Aufenthalt. Mit <strong>164<\/strong> flexiblen <strong>Wohnungen<\/strong> ist es das ideale Basislager f\u00fcr Familien und Skifahrer. <\/p>\n<\/div><\/div>\n\n\n\n<div class=\"section-wrapper\"><div class=\"wp-block-ws-library-scrollable-section-item ws-section-scrollable-item\">\n<p>Serra Neva ist nicht nur ein gem\u00fctliches Dach \u00fcber dem Kopf, sondern bietet auch einen integrierten <strong>Skishop<\/strong>, Kinder- und <strong>Jugendclubs<\/strong>, t\u00e4gliche <strong>Animationen<\/strong>&#8230; und als Sahneh\u00e4ubchen einen <strong>Wellnessbereich<\/strong>, der den sch\u00f6nsten Skigebieten w\u00fcrdig ist, mit einem beheizten <strong>Schwimmbad<\/strong> mit Blick auf die Gipfel <strong>, Spa, Sauna und Behandlungen<\/strong>.<\/p>\n\n\n\n<p>Mehr als eine Unterkunft, eine Lebenskunst, die auch f\u00fcr die Zukunft gedacht ist, dank einer <strong>umweltfreundlichen Konzeption<\/strong>: Holzheizung, Photovoltaikanlagen, Dachbegr\u00fcnung und Installation von Nistk\u00e4sten.<\/p>\n<\/div><\/div>\n\n\n\n<div class=\"section-wrapper\"><div class=\"wp-block-ws-library-scrollable-section-item ws-section-scrollable-item\">\n<div class=\"wp-block-ws-library-ws-image\"><div class=\"wrapper\"><div class=\"group-media\"><img decoding=\"async\" src=\"https:\/\/www.hautes-alpes.net\/wp-content\/uploads\/2026\/01\/img-11901-518x640.jpg\" alt=\"\" class=\"single_image ws-image-208012\"><div class=\"credits\"><\/div><\/div><p class=\"caption\"><\/p><\/div><\/div>\n<\/div><\/div>\n\n\n\n<div class=\"section-wrapper\"><div class=\"wp-block-ws-library-scrollable-section-item ws-section-scrollable-item\">\n<div class=\"wp-block-ws-library-ws-image\"><div class=\"wrapper\"><div class=\"group-media\"><img decoding=\"async\" src=\"https:\/\/www.hautes-alpes.net\/wp-content\/uploads\/2026\/01\/img-1193-480x640.jpg\" alt=\"\" class=\"single_image ws-image-208013\"><div class=\"credits\"><\/div><\/div><p class=\"caption\"><\/p><\/div><\/div>\n<\/div><\/div>\n\n\n\n<div class=\"section-wrapper\"><div class=\"wp-block-ws-library-scrollable-section-item ws-section-scrollable-item\">\n<div class=\"wp-block-ws-library-ws-image\"><div class=\"wrapper\"><div class=\"group-media\"><img decoding=\"async\" src=\"https:\/\/www.hautes-alpes.net\/wp-content\/uploads\/2026\/01\/fullsizer-413x640.jpg\" alt=\"\" class=\"single_image ws-image-208032\"><div class=\"credits\"><\/div><\/div><p class=\"caption\"><\/p><\/div><\/div>\n<\/div><\/div>\n<\/div><\/div><\/div>\n\n<div class=\"wp-block-ws-library-scrollable-section ws-section-scrollable alignfull\"><div class=\"scrollable-item\"><div class=\"group-content\"><div class=\"wrapper\"><h3 class=\"field-title\">Eine hochalpine Leidenschaft<\/h3><div class=\"field-intro\"><p><\/p><\/div><\/div><\/div><div class=\"group-innerblocks\"><div class=\"group-media\"><div class=\"field-image\"><img decoding=\"async\" src=\"https:\/\/www.hautes-alpes.net\/wp-content\/uploads\/2026\/01\/seb-ogier-cedric-tempier-17-1140x620.jpg\" alt=\"\"\/><\/div><div class=\"credits\">ADDET - C.TEMPIER <\/div><\/div>\n<div class=\"section-wrapper\"><div class=\"wp-block-ws-library-scrollable-section-item ws-section-scrollable-item is-style-bg-grey\">\n<h3 class=\"wp-block-heading\"><strong><sup>94<\/sup>. Ausgabe der Rallye Monte Carlo<\/strong><\/h3>\n<\/div><\/div>\n\n\n\n<div class=\"section-wrapper\"><div class=\"wp-block-ws-library-scrollable-section-item ws-section-scrollable-item\">\n<p>Nach der Feier des neunfachen WRC-Weltmeisters <strong>S\u00e9bastien Ogier<\/strong> sind die Hautes-Alpes erneut Gastgeber der prestigetr\u00e4chtigen <strong>Rallye Monte Carlo<\/strong>.<\/p>\n\n\n\n<p><strong>Gap<\/strong> wird das Herzst\u00fcck der Veranstaltung sein.<\/p>\n<\/div><\/div>\n\n\n\n<div class=\"section-wrapper\"><div class=\"wp-block-ws-library-scrollable-section-item ws-section-scrollable-item\">\n<p><strong>Programm<\/strong> <\/p>\n\n\n\n<p>20. bis 24.01.: Servicepark und Fanzone  <\/p>\n\n\n\n<p>21.01 Shakedown<\/p>\n<\/div><\/div>\n\n\n\n<div class=\"section-wrapper\"><div class=\"wp-block-ws-library-scrollable-section-item ws-section-scrollable-item\">\n<div class=\"wp-block-ws-library-ws-image\"><div class=\"wrapper\"><div class=\"group-media\"><img decoding=\"async\" src=\"https:\/\/www.hautes-alpes.net\/wp-content\/uploads\/2026\/01\/seb-ogier-cedric-tempier-6-1240x800.jpg\" alt=\"\" class=\"single_image ws-image-208236\"><div class=\"credits\">ADDET - C.TEMPIER  <\/div><\/div><p class=\"caption\"><\/p><\/div><\/div>\n<\/div><\/div>\n\n\n\n<div class=\"section-wrapper\"><div class=\"wp-block-ws-library-scrollable-section-item ws-section-scrollable-item\">\n<div class=\"wp-block-ws-library-ws-image\"><div class=\"wrapper\"><div class=\"group-media\"><img decoding=\"async\" src=\"https:\/\/www.hautes-alpes.net\/wp-content\/uploads\/2026\/01\/615342597-1321823163314209-785612455769614708-n-426x640.jpg\" alt=\"\" class=\"single_image ws-image-208239\"><div class=\"credits\">ACM - WRC<\/div><\/div><p class=\"caption\"><\/p><\/div><\/div>\n<\/div><\/div>\n\n\n\n<div class=\"section-wrapper\"><div class=\"wp-block-ws-library-scrollable-section-item ws-section-scrollable-item\">\n<div class=\"wp-block-ws-library-ws-image\"><div class=\"wrapper\"><div class=\"group-media\"><img decoding=\"async\" src=\"https:\/\/www.hautes-alpes.net\/wp-content\/uploads\/2026\/01\/seb-ogier-cedric-tempier-42-1240x800.jpg\" alt=\"\" class=\"single_image ws-image-208237\"><div class=\"credits\">ADDET - C.TEMPIER  <\/div><\/div><p class=\"caption\"><\/p><\/div><\/div>\n<\/div><\/div>\n<\/div><\/div><\/div>\n\n<div class=\"wp-block-ws-library-scrollable-section ws-section-scrollable alignfull\"><div class=\"scrollable-item\"><div class=\"group-content\"><div class=\"wrapper\"><h3 class=\"field-title\">Wenn Vars seinen Dienst tut<\/h3><div class=\"field-intro\"><p><\/p><\/div><\/div><\/div><div class=\"group-innerblocks\"><div class=\"group-media\"><div class=\"field-image\"><img decoding=\"async\" src=\"https:\/\/www.hautes-alpes.net\/wp-content\/uploads\/2026\/01\/img-7163-scaled-e1768584485187-1140x620.jpg\" alt=\"\"\/><\/div><div class=\"credits\"><\/div><\/div>\n<div class=\"section-wrapper\"><div class=\"wp-block-ws-library-scrollable-section-item ws-section-scrollable-item\">\n<p>In diesem Winter schl\u00e4gt Vars zu.  <\/p>\n\n\n\n<p>Im <strong>Herzen des Ortes<\/strong> steht ein neues Geb\u00e4ude als <strong>Symbol f\u00fcr eine moderne \u00c4ra<\/strong>: das Tourismusb\u00fcro und die SEM SEDEV (Betreiber der Skilifte) sind nun unter einem Dach vereint.  <\/p>\n\n\n\n<p>Mehr als nur eine Anlaufstelle, sondern<strong> ein echter Hub<\/strong>, in dem Informationen, Dienstleistungen und Technologien zusammengef\u00fchrt werden.<\/p>\n<\/div><\/div>\n\n\n\n<div class=\"section-wrapper\"><div class=\"wp-block-ws-library-scrollable-section-item ws-section-scrollable-item\">\n<div class=\"wp-block-ws-library-ws-image\"><div class=\"wrapper\"><div class=\"group-media\"><img decoding=\"async\" src=\"https:\/\/www.hautes-alpes.net\/wp-content\/uploads\/2026\/01\/img-7153-1-480x640.jpg\" alt=\"\" class=\"single_image ws-image-207895\"><div class=\"credits\"><\/div><\/div><p class=\"caption\"><\/p><\/div><\/div>\n<\/div><\/div>\n\n\n\n<div class=\"section-wrapper\"><div class=\"wp-block-ws-library-scrollable-section-item ws-section-scrollable-item\">\n<div class=\"wp-block-ws-library-ws-image\"><div class=\"wrapper\"><div class=\"group-media\"><img decoding=\"async\" src=\"https:\/\/www.hautes-alpes.net\/wp-content\/uploads\/2026\/01\/img-7151-1-480x640.jpg\" alt=\"\" class=\"single_image ws-image-207900\"><div class=\"credits\"><\/div><\/div><p class=\"caption\"><\/p><\/div><\/div>\n<\/div><\/div>\n\n\n\n<div class=\"section-wrapper\"><div class=\"wp-block-ws-library-scrollable-section-item ws-section-scrollable-item\">\n<p>Interaktive Terminals, vernetzte Bereiche, Ruhezonen: alles ist so konzipiert, dass<strong> die Erfahrung der Urlauber<\/strong>, die von einem engagierten Team betreut werden,<strong> reibungslos<\/strong> verl\u00e4uft.  <\/p>\n\n\n\n<p>Dies ist der Abschluss einer umfassenden Modernisierung der Skilifte und zeigt ein klares Ziel: jede Ankunft in Vars einfach, komfortabel und unvergesslich zu machen.  <\/p>\n<\/div><\/div>\n\n\n\n<div class=\"section-wrapper\"><div class=\"wp-block-ws-library-scrollable-section-item ws-section-scrollable-item\">\n<p>Und die Geschichte hat gerade erst begonnen. Kinderkrippe, Kindergarten, Mehrzweckraum bis 2027&#8230; Der Ort plant seine Zukunft mit einer einzigen Leitlinie: <strong>den Empfang im Ort<\/strong> Saison f\u00fcr Saison <strong>neu zu erfinden<\/strong>. <\/p>\n<\/div><\/div>\n\n\n\n<div class=\"section-wrapper\"><div class=\"wp-block-ws-library-scrollable-section-item ws-section-scrollable-item\">\n<div class=\"wp-block-ws-library-ws-image\"><div class=\"wrapper\"><div class=\"group-media\"><img decoding=\"async\" src=\"https:\/\/www.hautes-alpes.net\/wp-content\/uploads\/2025\/11\/ski-a-vars-credit-lea-scappini-3-scaled-e1767710414246-1240x800.jpg\" alt=\"Gondelbahn mit Blick auf den verschneiten Ort Vars\" class=\"single_image ws-image-54962\"><div class=\"credits\">L. Scappini<\/div><\/div><p class=\"caption\"><\/p><\/div><\/div>\n<\/div><\/div>\n<\/div><\/div><\/div>\n\n<div class=\"wp-block-ws-library-scrollable-section ws-section-scrollable alignfull\"><div class=\"scrollable-item\"><div class=\"group-content\"><div class=\"wrapper\"><h3 class=\"field-title\">OLYMPISCHE SPIELE 2026<\/h3><div class=\"field-intro\"><p><\/p><\/div><\/div><\/div><div class=\"group-innerblocks\"><div class=\"group-media\"><div class=\"field-image\"><img decoding=\"async\" src=\"https:\/\/www.hautes-alpes.net\/wp-content\/uploads\/2026\/01\/maquette-image-flash-info5-1140x620.jpg\" alt=\"\"\/><\/div><div class=\"credits\"><\/div><\/div>\n<div class=\"section-wrapper\"><div class=\"wp-block-ws-library-scrollable-section-item ws-section-scrollable-item is-style-bg-grey\">\n<h3 class=\"wp-block-heading\"><strong>MICO empf\u00e4ngt eine Delegation aus den Alpen<\/strong><\/h3>\n\n\n\n<p>19. bis 21. Januar 2026<\/p>\n<\/div><\/div>\n\n\n\n<div class=\"section-wrapper\"><div class=\"wp-block-ws-library-scrollable-section-item ws-section-scrollable-item\">\n<p>Wenige Tage vor den <strong>Olympischen und Paralympischen Spielen 2026 in Mailand-Cortina<\/strong> besuchte eine Delegation aus den Haut-Alpins die Teams des italienischen Organisationskomitees MICO.<\/p>\n<\/div><\/div>\n\n\n\n<div class=\"section-wrapper\"><div class=\"wp-block-ws-library-scrollable-section-item ws-section-scrollable-item\">\n<p>Kurz vor der Er\u00f6ffnungszeremonie \u00f6ffnet dieses Treffen die T\u00fcren zu <strong>allen olympischen Einrichtungen und Kulissen<\/strong> f\u00fcr die Bewohner der Haut-Alpins.<\/p>\n\n\n\n<p><strong>Eine einzigartige Gelegenheit<\/strong>, einen Eindruck davon zu bekommen, was uns im Jahr 2030 erwartet, wertvolle Informationen zu sammeln und <strong>die Spiele optimal vorzubereiten<\/strong>.<\/p>\n<\/div><\/div>\n\n\n\n<div class=\"section-wrapper\"><div class=\"wp-block-ws-library-scrollable-section-item ws-section-scrollable-item\">\n<div class=\"wp-block-ws-library-ws-image\"><div class=\"wrapper\"><div class=\"group-media\"><img decoding=\"async\" src=\"https:\/\/www.hautes-alpes.net\/wp-content\/uploads\/2026\/01\/visite-milan-cortina2-1137x640.jpg\" alt=\"\" class=\"single_image ws-image-216275\"><div class=\"credits\"><\/div><\/div><p class=\"caption\"><\/p><\/div><\/div>\n<\/div><\/div>\n\n\n\n<div class=\"section-wrapper\"><div class=\"wp-block-ws-library-scrollable-section-item ws-section-scrollable-item\">\n<p>Nach einem Zwischenstopp in Mailand besuchte die Delegation <strong>das Olympiagel\u00e4nde in Livigno<\/strong> in den italienischen Dolomiten, wo<strong>die Freestyle-Ski- und Snowboard-Wettbewerbe<\/strong> stattfinden werden, die gleichen<strong>Wettbewerbe<\/strong>, die 2030 in den Hautes-Alpes stattfinden werden.<\/p>\n<\/div><\/div>\n\n\n\n<div class=\"section-wrapper\"><div class=\"wp-block-ws-library-scrollable-section-item ws-section-scrollable-item\">\n<div class=\"wp-block-ws-library-ws-video is-style-default\"><div class=\"wrapper\"><div class=\"group-media\">\n<figure class=\"wp-block-video video-block\"><video height=\"1080\" style=\"aspect-ratio: 1908 \/ 1080;\" width=\"1908\" autoplay=\"\" loop=\"\" muted=\"\" src=\"https:\/\/www.hautes-alpes.net\/wp-content\/uploads\/2026\/01\/0120.mp4\" playsinline=\"\"><\/video><\/figure>\n<\/div><\/div><\/div>\n<\/div><\/div>\n\n\n\n<div class=\"section-wrapper\"><div class=\"wp-block-ws-library-scrollable-section-item ws-section-scrollable-item\">\n<div class=\"wp-block-ws-library-ws-image\"><div class=\"wrapper\"><div class=\"group-media\"><img decoding=\"async\" src=\"https:\/\/www.hautes-alpes.net\/wp-content\/uploads\/2026\/01\/1000016568.jpg\" alt=\"\" class=\"single_image ws-image-216318\"><div class=\"credits\"><\/div><\/div><p class=\"caption\"><\/p><\/div><\/div>\n<\/div><\/div>\n\n\n\n<div class=\"section-wrapper\"><div class=\"wp-block-ws-library-scrollable-section-item ws-section-scrollable-item\">\n<div class=\"wp-block-ws-library-ws-animated-quote\"><blockquote class=\"quote-container quote-align-undefined\"><div class=\"group-media\"><div class=\"field-image\"><img decoding=\"async\" class=\"quote-avatar ws-image-78557\" src=\"https:\/\/www.hautes-alpes.net\/wp-content\/uploads\/2025\/11\/trombi-yvan-2025-patrick-domeyne-addet05-1-scaled-e1764083359888-400x400.jpg\" data-full-url=\"https:\/\/www.hautes-alpes.net\/wp-content\/uploads\/2025\/11\/trombi-yvan-2025-patrick-domeyne-addet05-1-scaled-e1764083359888.jpg\" alt=\"\"><\/div><\/div><footer><cite class=\"quote-subcontent\"><strong>Yvan Chaix<\/strong><\/cite><\/footer><p class=\"quote-content\">&#8220;Die Delegation der Haut-Alpine reist aus Livignio mit klaren Vorstellungen dar\u00fcber ab, was uns im Jahr 2030 erwartet und was wir bis dahin noch umsetzen m\u00fcssen&#8220;.<\/p><\/blockquote><\/div>\n<\/div><\/div>\n<div class=\"field-link\"><a href=\"https:\/\/www.hautes-alpes.net\/iconiques\/jeux-dhiver-2030\/\" class=\"cardlink\">Voir la page<\/a><\/div><\/div><\/div><\/div>\n\n<div class=\"wp-block-ws-library-scrollable-section ws-section-scrollable alignfull\"><div class=\"scrollable-item\"><div class=\"group-content\"><div class=\"wrapper\"><h3 class=\"field-title\">Destination Berge<\/h3><div class=\"field-intro\"><p>Die S\u00fcdalpen als internationales Schaufenster in Grenoble<\/p><\/div><\/div><\/div><div class=\"group-innerblocks\"><div class=\"group-media\"><div class=\"field-image\"><img decoding=\"async\" src=\"https:\/\/www.hautes-alpes.net\/wp-content\/uploads\/2026\/01\/maquette-image-flash-info-1140x620.jpg\" alt=\"\"\/><\/div><div class=\"credits\"><\/div><\/div>\n<div class=\"section-wrapper\"><div class=\"wp-block-ws-library-scrollable-section-item ws-section-scrollable-item is-style-bg-grey\">\n<p>Die S\u00fcdalpen nehmen derzeit an der 35\u1d49 Ausgabe des Workshops <strong>Destination Montagnes<\/strong> teil, der in Grenoble organisiert wird. Dieser von Atout France geleitete, ma\u00dfgebliche Branchentreffpunkt bringt jedes Jahr alle wichtigen Akteure des franz\u00f6sischen und internationalen Bergtourismus zusammen. <\/p>\n\n\n\n<p><\/p>\n<\/div><\/div>\n\n\n\n<div class=\"section-wrapper\"><div class=\"wp-block-ws-library-scrollable-section-item ws-section-scrollable-item is-style-default\">\n<h2 class=\"wp-block-heading\"><strong>Starke Mobilisierung<\/strong> der S\u00fcdalpen<\/h2>\n<\/div><\/div>\n\n\n\n<div class=\"section-wrapper\"><div class=\"wp-block-ws-library-scrollable-section-item ws-section-scrollable-item\">\n<p>Die<strong>S\u00fcdalpen<\/strong> sind auf der Destination Montagnes stark vertreten, mit fast <strong>30 Partnern,<\/strong> die an den beiden Tagen des Workshops <strong>mobilisiert<\/strong> wurden.<\/p>\n<\/div><\/div>\n\n\n\n<div class=\"section-wrapper\"><div class=\"wp-block-ws-library-scrollable-section-item ws-section-scrollable-item\">\n<p>Dazu geh\u00f6ren Serre Chevalier, begleitet von zahlreichen Hoteliers und Transportunternehmen, sowie Le D\u00e9voluy, Les Orres, Montgen\u00e8vre, Orci\u00e8res Merlette, Puy-Saint-Vincent, Pra Loup, Val d&#8217;Allos, Auron und Isola 2000. Die Hotels 16\/150 in Vars, Snowchill in Risoul, Anova und Le Chalet Blanc in Montgen\u00e8vre sind in den Hautes-Alpes vertreten. <\/p>\n<\/div><\/div>\n\n\n\n<div class=\"section-wrapper\"><div class=\"wp-block-ws-library-scrollable-section-item ws-section-scrollable-item\">\n<p>Das D\u00e9partement <strong>Hautes-Alpes<\/strong> empf\u00e4ngt immer mehr ausl\u00e4ndische G\u00e4ste, fast 30 %, eine Dynamik, die f\u00fcr die Gesch\u00e4ftst\u00e4tigkeit von entscheidender Bedeutung ist und direkt von den internationalen BtoB-Aktionen unterst\u00fctzt wird. Die wichtigsten Zielm\u00e4rkte sind Gro\u00dfbritannien, Mittel- und Osteuropa und Spanien.   <\/p>\n<\/div><\/div>\n\n\n\n<div class=\"section-wrapper\"><div class=\"wp-block-ws-library-scrollable-section-item ws-section-scrollable-item\">\n<p>Das Interesse an Skandinavien und den M\u00e4rkten jenseits des Atlantiks w\u00e4chst: Die M\u00e4rkte in den USA, Kanada und Lateinamerika bieten starke Entwicklungsperspektiven, insbesondere im Vorfeld der Olympischen Winterspiele 2030.<\/p>\n<\/div><\/div>\n\n\n\n<div class=\"section-wrapper\"><div class=\"wp-block-ws-library-scrollable-section-item ws-section-scrollable-item\">\n<div class=\"wp-block-ws-library-ws-image\"><div class=\"wrapper\"><div class=\"group-media\"><img decoding=\"async\" src=\"https:\/\/www.hautes-alpes.net\/wp-content\/uploads\/2026\/01\/addet-au-workshop-destination-montagnes-2026-addet05-476x640.jpg\" alt=\"\" class=\"single_image ws-image-216213\"><div class=\"credits\">AD05<\/div><\/div><p class=\"caption\"><\/p><\/div><\/div>\n<\/div><\/div>\n\n\n\n<div class=\"section-wrapper\"><div class=\"wp-block-ws-library-scrollable-section-item ws-section-scrollable-item\">\n<h2 class=\"wp-block-heading\"><strong>Ein strategischer Hebel <\/strong>f\u00fcr die internationale F\u00f6rderung<\/h2>\n<\/div><\/div>\n\n\n\n<div class=\"section-wrapper\"><div class=\"wp-block-ws-library-scrollable-section-item ws-section-scrollable-item\">\n<p>Destination Montagnes ist ein wichtiger strategischer Treffpunkt f\u00fcr die F\u00f6rderung der S\u00fcdalpen, mit fast 10.000 Gesch\u00e4ftsterminen, die den Austausch, Verhandlungen und neue Partnerschaften f\u00f6rdern.  <\/p>\n<\/div><\/div>\n\n\n\n<div class=\"section-wrapper\"><div class=\"wp-block-ws-library-scrollable-section-item ws-section-scrollable-item\">\n<p>Die Veranstaltung, die jedes Jahr fast 1000 Fachleute (darunter mehr als 400 internationale Reiseveranstalter aus 60 L\u00e4ndern) zusammenbringt, wertet ein touristisches Angebot f\u00fcr vier Jahreszeiten auf, das Skifahren, Natur und Lebenskunst miteinander verbindet. Seine Wirkung wird durch die Veranstaltung 2025 best\u00e4tigt, bei der 86% der Reiseveranstalter angaben, dass das Treffen ihre zuk\u00fcnftige Planung direkt beeinflusst. <\/p>\n<\/div><\/div>\n\n\n\n<div class=\"section-wrapper\"><div class=\"wp-block-ws-library-scrollable-section-item ws-section-scrollable-item\">\n<div class=\"wp-block-ws-library-ws-image\"><div class=\"wrapper\"><div class=\"group-media\"><img decoding=\"async\" src=\"https:\/\/www.hautes-alpes.net\/wp-content\/uploads\/2026\/01\/collectif-alpes-du-sud-destination-montagnes-2026-853x640.jpg\" alt=\"\" class=\"single_image ws-image-216211\"><div class=\"credits\">AD05<\/div><\/div><p class=\"caption\"><\/p><\/div><\/div>\n<\/div><\/div>\n\n\n\n<div class=\"section-wrapper\"><div class=\"wp-block-ws-library-scrollable-section-item ws-section-scrollable-item\">\n<div class=\"wp-block-ws-library-ws-image\"><div class=\"wrapper\"><div class=\"group-media\"><img decoding=\"async\" src=\"https:\/\/www.hautes-alpes.net\/wp-content\/uploads\/2026\/01\/partenaires-05-du-collectif-alpes-du-sud-destination-montagnes-2026-899x640.jpg\" alt=\"\" class=\"single_image ws-image-216212\"><div class=\"credits\">AD05<\/div><\/div><p class=\"caption\"><\/p><\/div><\/div>\n<\/div><\/div>\n\n\n\n<div class=\"section-wrapper\"><div class=\"wp-block-ws-library-scrollable-section-item ws-section-scrollable-item\"><\/div><\/div>\n<\/div><\/div><\/div>\n\n<div class=\"wp-block-ws-library-scrollable-section ws-section-scrollable alignfull\"><div class=\"scrollable-item\"><div class=\"group-content\"><div class=\"wrapper\"><h3 class=\"field-title\">Viel mehr als eine Website, ein Manifest<\/h3><div class=\"field-intro\"><p><\/p><\/div><\/div><\/div><div class=\"group-innerblocks\"><div class=\"group-media\"><div class=\"field-image\"><img decoding=\"async\" src=\"https:\/\/www.hautes-alpes.net\/wp-content\/uploads\/2026\/01\/mockup-hp-1140x620.jpg\" alt=\"\"\/><\/div><div class=\"credits\"><\/div><\/div>\n<div class=\"section-wrapper\"><div class=\"wp-block-ws-library-scrollable-section-item ws-section-scrollable-item\">\n<h2 class=\"wp-block-heading\"><strong>Ein Schritt zur Seite, drei starke Ideen<\/strong><\/h2>\n\n\n\n<ol class=\"wp-block-list\">\n<li>Ein Schwerpunkt auf Nachrichten&#8230;<\/li>\n\n\n\n<li>Eine originelle Kreuzfahrt&#8230;<\/li>\n\n\n\n<li>Eine einzigartige digitale Plattform&#8230;<\/li>\n<\/ol>\n<\/div><\/div>\n\n\n\n<div class=\"section-wrapper\"><div class=\"wp-block-ws-library-scrollable-section-item ws-section-scrollable-item\">\n<div class=\"wp-block-ws-library-ws-image\"><div class=\"wrapper\"><div class=\"group-media\"><img decoding=\"async\" src=\"https:\/\/www.hautes-alpes.net\/wp-content\/uploads\/2026\/01\/phone-mockup-853x640.jpg\" alt=\"\" class=\"single_image ws-image-193592\"><div class=\"credits\"><\/div><\/div><p class=\"caption\"><\/p><\/div><\/div>\n<\/div><\/div>\n\n\n\n<div class=\"section-wrapper\"><div class=\"wp-block-ws-library-scrollable-section-item ws-section-scrollable-item\">\n<h2 class=\"wp-block-heading\"><strong>Eine Ambition<\/strong><\/h2>\n\n\n\n<p>Die Agence de D\u00e9veloppement des Hautes-Alpes stellt ihr neues digitales Portal online.  <\/p>\n\n\n\n<p>hautes-alpes.net ist mehr als nur eine Website, es ist ein Manifest, das Manifest einer sich wandelnden Bergregion.<\/p>\n<\/div><\/div>\n\n\n\n<div class=\"section-wrapper\"><div class=\"wp-block-ws-library-scrollable-section-item ws-section-scrollable-item\">\n<div class=\"wp-block-ws-library-ws-animated-quote\"><blockquote class=\"quote-container quote-align-undefined\"><div class=\"group-media\"><div class=\"field-image\"><img decoding=\"async\" class=\"quote-avatar ws-image-78557\" src=\"https:\/\/www.hautes-alpes.net\/wp-content\/uploads\/2025\/11\/trombi-yvan-2025-patrick-domeyne-addet05-1-scaled-e1764083359888-160x160.jpg\" data-full-url=\"https:\/\/www.hautes-alpes.net\/wp-content\/uploads\/2025\/11\/trombi-yvan-2025-patrick-domeyne-addet05-1-scaled-e1764083359888.jpg\" alt=\"\"><\/div><\/div><footer><cite class=\"quote-subcontent\"><strong>Yvan Chaix<\/strong><\/cite><\/footer><p class=\"quote-content\">&#8220;[&#8230;] Erz\u00e4hlungen sind starke Hebel f\u00fcr Emotionen und Mobilisierung&#8220;.<\/p><\/blockquote><\/div>\n<\/div><\/div>\n\n\n\n<div class=\"section-wrapper\"><div class=\"wp-block-ws-library-scrollable-section-item ws-section-scrollable-item\">\n<div class=\"wp-block-ws-library-ws-image\"><div class=\"wrapper\"><div class=\"group-media\"><img decoding=\"async\" src=\"https:\/\/www.hautes-alpes.net\/wp-content\/uploads\/2025\/12\/tblais-lac-des-beraudes-1240x800.jpg\" alt=\"\" class=\"single_image ws-image-101402\"><div class=\"credits\">T. Blais<\/div><\/div><p class=\"caption\"><\/p><\/div><\/div>\n<\/div><\/div>\n<div class=\"field-link\"><a href=\"https:\/\/www.hautes-alpes.net\/a-la-une\/hautes-alpes-net-bien-plus-quun-site\/\" class=\"cardlink\">Voir la page<\/a><\/div><\/div><\/div><\/div>\n<p><a id=\"larotonde\"><\/a><\/p>\n\n<div class=\"wp-block-ws-library-scrollable-section ws-section-scrollable alignfull\"><div class=\"scrollable-item\"><div class=\"group-content\"><div class=\"wrapper\"><h3 class=\"field-title\">Die Gew\u00e4sser der Rotunde<\/h3><div class=\"field-intro\"><p><\/p><\/div><\/div><\/div><div class=\"group-innerblocks\"><div class=\"group-media\"><div class=\"field-image\"><img decoding=\"async\" src=\"https:\/\/www.hautes-alpes.net\/wp-content\/uploads\/2026\/01\/larotonde-0103-1140x620.jpg\" alt=\"\"\/><\/div><div class=\"credits\">Mathieu Faluomi<\/div><\/div>\n<div class=\"section-wrapper\"><div class=\"wp-block-ws-library-scrollable-section-item ws-section-scrollable-item is-style-default\">\n<h3 class=\"wp-block-heading is-style-title-1\"><strong>Ein neuer Wellnessbereich in Serre Chevalier<\/strong><\/h3>\n\n\n\n<p>In Le Mon\u00eatier-les-Bains hat das Wohlbefinden nun seinen eigenen Tempel. Sein Name: La Rotonde, das neueste Juwel der Grands Bains du Mon\u00eatier. <\/p>\n<\/div><\/div>\n\n\n\n<div class=\"section-wrapper\"><div class=\"wp-block-ws-library-scrollable-section-item ws-section-scrollable-item\">\n<p>Hier geht das Erlebnis \u00fcber die blo\u00dfe Entspannung hinaus: Es ist <strong>ein totales Eintauchen in die<\/strong> Welt der Sinne mit einem interaktiven Becken mit Gro\u00dfbildschirm, einem weltweit einzigartigen <strong>prickelnden Wasser<\/strong>, einem Salzbereich f\u00fcr<strong>Halotherapie<\/strong> und einer <strong>Panoramasauna<\/strong>, die \u00fcber den verschneiten Gipfeln <strong>h\u00e4ngt<\/strong>.<\/p>\n<\/div><\/div>\n\n\n\n<div class=\"section-wrapper\"><div class=\"wp-block-ws-library-scrollable-section-item ws-section-scrollable-item\">\n<div class=\"wp-block-ws-library-ws-image\"><div class=\"wrapper\"><div class=\"group-media\"><img decoding=\"async\" src=\"https:\/\/www.hautes-alpes.net\/wp-content\/uploads\/2026\/01\/larotonde-0130-960x640.jpg\" alt=\"\" class=\"single_image ws-image-207846\"><div class=\"credits\">Mathieu Faluomi<\/div><\/div><p class=\"caption\"><\/p><\/div><\/div>\n<\/div><\/div>\n\n\n\n<div class=\"section-wrapper\"><div class=\"wp-block-ws-library-scrollable-section-item ws-section-scrollable-item\">\n<div class=\"wp-block-ws-library-ws-image\"><div class=\"wrapper\"><div class=\"group-media\"><img decoding=\"async\" src=\"https:\/\/www.hautes-alpes.net\/wp-content\/uploads\/2026\/01\/larotonde-0092-960x640.jpg\" alt=\"\" class=\"single_image ws-image-208212\"><div class=\"credits\">Mathieu Faluomi<\/div><\/div><p class=\"caption\"><\/p><\/div><\/div>\n<\/div><\/div>\n\n\n\n<div class=\"section-wrapper\"><div class=\"wp-block-ws-library-scrollable-section-item ws-section-scrollable-item\">\n<div class=\"wp-block-ws-library-ws-image\"><div class=\"wrapper\"><div class=\"group-media\"><img decoding=\"async\" src=\"https:\/\/www.hautes-alpes.net\/wp-content\/uploads\/2026\/01\/larotonde-0067-960x640.jpg\" alt=\"\" class=\"single_image ws-image-207849\"><div class=\"credits\">Mathieu Faluomi<\/div><\/div><p class=\"caption\"><\/p><\/div><\/div>\n<\/div><\/div>\n\n\n\n<div class=\"section-wrapper\"><div class=\"wp-block-ws-library-scrollable-section-item ws-section-scrollable-item\">\n<div class=\"wp-block-ws-library-ws-image\"><div class=\"wrapper\"><div class=\"group-media\"><img decoding=\"async\" src=\"https:\/\/www.hautes-alpes.net\/wp-content\/uploads\/2026\/01\/larotonde-0147-960x640.jpg\" alt=\"\" class=\"single_image ws-image-207845\"><div class=\"credits\">Mathieu Faluomi<\/div><\/div><p class=\"caption\"><\/p><\/div><\/div>\n<\/div><\/div>\n\n\n\n<div class=\"section-wrapper\"><div class=\"wp-block-ws-library-scrollable-section-item ws-section-scrollable-item\">\n<p>Die Einrichtung wurde am Dienstag, dem 13. Januar, in Anwesenheit des Pr\u00e4fekten der Hautes-Alpes eingeweiht und er\u00f6ffnet <strong>eine neue \u00c4ra f\u00fcr das Tal<\/strong>.  <\/p>\n\n\n\n<p>6 Millionen Euro wurden in die Renovierung investiert.<\/p>\n<\/div><\/div>\n\n\n\n<div class=\"section-wrapper\"><div class=\"wp-block-ws-library-scrollable-section-item ws-section-scrollable-item\">\n<div class=\"wp-block-ws-library-ws-image\"><div class=\"wrapper\"><div class=\"group-media\"><img decoding=\"async\" src=\"https:\/\/www.hautes-alpes.net\/wp-content\/uploads\/2026\/01\/larotonde-0731-nb-960x640.jpg\" alt=\"\" class=\"single_image ws-image-207853\"><div class=\"credits\">Mathieu Faluomi<\/div><\/div><p class=\"caption\"><\/p><\/div><\/div>\n<\/div><\/div>\n\n\n\n<div class=\"section-wrapper\"><div class=\"wp-block-ws-library-scrollable-section-item ws-section-scrollable-item\">\n<div class=\"wp-block-ws-library-ws-image\"><div class=\"wrapper\"><div class=\"group-media\"><img decoding=\"async\" src=\"https:\/\/www.hautes-alpes.net\/wp-content\/uploads\/2026\/01\/larotonde-0683-nb-960x640.jpg\" alt=\"\" class=\"single_image ws-image-207854\"><div class=\"credits\">Mathieu Faluomi<\/div><\/div><p class=\"caption\"><\/p><\/div><\/div>\n<\/div><\/div>\n<\/div><\/div><\/div>\n\n<div class=\"wp-block-ws-library-scrollable-section ws-section-scrollable alignfull\"><div class=\"scrollable-item\"><div class=\"group-content\"><div class=\"wrapper\"><h3 class=\"field-title\">Ice Climbing 2026<\/h3><div class=\"field-intro\"><p><\/p><\/div><\/div><\/div><div class=\"group-innerblocks\"><div class=\"group-media\"><div class=\"field-image\"><img decoding=\"async\" src=\"https:\/\/www.hautes-alpes.net\/wp-content\/uploads\/2026\/01\/freissinie-res-open-dry-tooling-pe-ma-sd-6-1140x620.jpg\" alt=\"\"\/><\/div><div class=\"credits\">Pema Vives<\/div><\/div>\n<div class=\"section-wrapper\"><div class=\"wp-block-ws-library-scrollable-section-item ws-section-scrollable-item\">\n<p>Dies ist eine Veranstaltung, bei der <strong>die K\u00e4lte die Menschen zusammenbringt<\/strong> und <strong>das Eis sie einander n\u00e4her bringt<\/strong>.<\/p>\n\n\n\n<p>Seit 35 Jahren vibriert <strong>L&#8217;Argenti\u00e8re-la-Bess\u00e9e<\/strong> im Januar im Rhythmus der klirrenden Karabinerhaken.<strong> Das Eis<\/strong> wird zum Spielplatz, vom Winter geformt und von den Eispickeln gez\u00e4hmt.  <\/p>\n\n\n\n<p><br\/><br\/><\/p>\n<\/div><\/div>\n\n\n\n<div class=\"section-wrapper\"><div class=\"wp-block-ws-library-scrollable-section-item ws-section-scrollable-item\">\n<p>Gefrorene Festungen, durchscheinende W\u00e4nde und ziselierte Stalaktiten bilden <strong>die Kulisse f\u00fcr gewagte vertikale T\u00e4nze<\/strong>, bei denen die Steigeisen die Stille knacken.<br\/><br\/><\/p>\n<\/div><\/div>\n\n\n\n<div class=\"section-wrapper\"><div class=\"wp-block-ws-library-scrollable-section-item ws-section-scrollable-item\">\n<div class=\"wp-block-ws-library-ws-image\"><div class=\"wrapper\"><div class=\"group-media\"><img decoding=\"async\" src=\"https:\/\/www.hautes-alpes.net\/wp-content\/uploads\/2026\/01\/aiguilles-ateliers-glace-pe-ma-sd-3-427x640.jpg\" alt=\"\" class=\"single_image ws-image-208217\"><div class=\"credits\">Pema Vives<\/div><\/div><p class=\"caption\"><\/p><\/div><\/div>\n<\/div><\/div>\n\n\n\n<div class=\"section-wrapper\"><div class=\"wp-block-ws-library-scrollable-section-item ws-section-scrollable-item\">\n<div class=\"wp-block-ws-library-ws-image\"><div class=\"wrapper\"><div class=\"group-media\"><img decoding=\"async\" src=\"https:\/\/www.hautes-alpes.net\/wp-content\/uploads\/2026\/01\/pe-ma-beauty-shot-cervie-res-1re-se-lection-sd-38-427x640.jpg\" alt=\"\" class=\"single_image ws-image-208216\"><div class=\"credits\">Pema Vives<\/div><\/div><p class=\"caption\"><\/p><\/div><\/div>\n<\/div><\/div>\n\n\n\n<div class=\"section-wrapper\"><div class=\"wp-block-ws-library-scrollable-section-item ws-section-scrollable-item is-style-bg-grey\">\n<p><strong>Vom 22. bis 25. Januar<\/strong> vereinen sich Sport, Party und Berge zu einem kollektiven Nervenkitzel <strong>in L&#8217;Argenti\u00e8re-la-Bess\u00e9e<\/strong>.<\/p>\n\n\n\n<p><\/p>\n\n\n\n<div class=\"wp-block-buttons is-layout-flex wp-block-buttons-is-layout-flex\">\n<div class=\"wp-block-button is-style-arrow\"><a class=\"wp-block-button__link wp-element-button\" href=\"https:\/\/ice-climbing-ecrins.com\/\" target=\"_blank\" rel=\"noreferrer noopener\">Siehe Website<\/a><\/div>\n<\/div>\n<\/div><\/div>\n\n\n\n<div class=\"section-wrapper\"><div class=\"wp-block-ws-library-scrollable-section-item ws-section-scrollable-item\">\n<div class=\"wp-block-ws-library-ws-image\"><div class=\"wrapper\"><div class=\"group-media\"><img decoding=\"async\" src=\"https:\/\/www.hautes-alpes.net\/wp-content\/uploads\/2026\/01\/pe-ma-beauty-shot-cervie-res-1re-se-lection-sd-12-961x640.jpg\" alt=\"\" class=\"single_image ws-image-208215\"><div class=\"credits\">Pema Vives<\/div><\/div><p class=\"caption\"><\/p><\/div><\/div>\n<\/div><\/div>\n\n\n\n<div class=\"section-wrapper\"><div class=\"wp-block-ws-library-scrollable-section-item ws-section-scrollable-item\">\n<div class=\"wp-block-ws-library-ws-image\"><div class=\"wrapper\"><div class=\"group-media\"><img decoding=\"async\" src=\"https:\/\/www.hautes-alpes.net\/wp-content\/uploads\/2026\/01\/freissinie-res-open-dry-tooling-pe-ma-sd-2-960x640.jpg\" alt=\"\" class=\"single_image ws-image-207969\"><div class=\"credits\">Pema Vives<\/div><\/div><p class=\"caption\"><\/p><\/div><\/div>\n<\/div><\/div>\n<\/div><\/div><\/div>\n<p><a id=\"casernechic\"><\/a><\/p>\n\n<div class=\"wp-block-ws-library-scrollable-section ws-section-scrollable alignfull\"><div class=\"scrollable-item\"><div class=\"group-content\"><div class=\"wrapper\"><h3 class=\"field-title\">Schicke Kaserne<\/h3><div class=\"field-intro\"><p><\/p><\/div><\/div><\/div><div class=\"group-innerblocks\"><div class=\"group-media\"><div class=\"field-image\"><img decoding=\"async\" src=\"https:\/\/www.hautes-alpes.net\/wp-content\/uploads\/2026\/01\/salle-s-minaire2-min-586876-1140x620.jpg\" alt=\"\"\/><\/div><div class=\"credits\">Garrigae Caserne de Brian\u00e7on<\/div><\/div>\n<div class=\"section-wrapper\"><div class=\"wp-block-ws-library-scrollable-section-item ws-section-scrollable-item is-style-bg-grey\">\n<h3 class=\"wp-block-heading is-style-title-1\"><strong><sup>Hotel****&amp;<\/sup> Spa Garrigae Kaserne von Brian\u00e7on<\/strong><\/h3>\n<\/div><\/div>\n\n\n\n<div class=\"section-wrapper\"><div class=\"wp-block-ws-library-scrollable-section-item ws-section-scrollable-item\">\n<p>Die<strong>ehemalige Milit\u00e4rkaserne<\/strong> aus dem <sup>19<\/sup>. Jahrhundert in Brian\u00e7on wurde als 4-Sterne-Hotel von <strong>Garrigae<\/strong> (Noemys Gruppe) wiederer\u00f6ffnet. Unter dem Namen <strong>Caserne de Brian\u00e7on<\/strong> verbindet das Hotel die Gr\u00f6\u00dfe des Kulturerbes mit zeitgen\u00f6ssischer Eleganz. <\/p>\n<\/div><\/div>\n\n\n\n<div class=\"section-wrapper\"><div class=\"wp-block-ws-library-scrollable-section-item ws-section-scrollable-item\">\n<div class=\"wp-block-ws-library-ws-image\"><div class=\"wrapper\"><div class=\"group-media\"><img decoding=\"async\" src=\"https:\/\/www.hautes-alpes.net\/wp-content\/uploads\/2026\/01\/garrigae-2-960x640.jpg\" alt=\"\" class=\"single_image ws-image-202945\"><div class=\"credits\">Garrigae Brian\u00e7on-Kaserne<\/div><\/div><p class=\"caption\"><\/p><\/div><\/div>\n<\/div><\/div>\n\n\n\n<div class=\"section-wrapper\"><div class=\"wp-block-ws-library-scrollable-section-item ws-section-scrollable-item\">\n<p>Im Viertel 15\/9&#8243; (benannt nach dem ehemaligen Regiment) werden die <strong>83 Zimmer<\/strong> zu einem Basislager, nur wenige Schritte von den historischen Gassen und den Skiliften von Prorel entfernt.  <\/p>\n\n\n\n<p>Zum Service geh\u00f6ren ein <strong>Bistronomierestaurant<\/strong> mit 100 Pl\u00e4tzen, eine Ode an die alpine Region, und ein <strong>Cinq Mondes Spa<\/strong> mit Dampfbad, Sauna, nordischen B\u00e4dern und Schwimmbecken, um K\u00f6rper und Geist zu regenerieren.<\/p>\n<\/div><\/div>\n\n\n\n<div class=\"section-wrapper\"><div class=\"wp-block-ws-library-scrollable-section-item ws-section-scrollable-item\">\n<p>Im Dachgeschoss werden Seminare und spirituelle Exerzitien abgehalten, um neue Projekte zu f\u00f6rdern.  <\/p>\n\n\n\n<p><strong>Eine flammende Wiedergeburt<\/strong> an der Schnittstelle von Geschichte, Luxus und Gipfeln.<\/p>\n\n\n\n<p><\/p>\n<\/div><\/div>\n\n\n\n<div class=\"section-wrapper\"><div class=\"wp-block-ws-library-scrollable-section-item ws-section-scrollable-item\">\n<div class=\"wp-block-ws-library-ws-image\"><div class=\"wrapper\"><div class=\"group-media\"><img decoding=\"async\" src=\"https:\/\/www.hautes-alpes.net\/wp-content\/uploads\/2026\/01\/garrigae-1-480x640.jpg\" alt=\"\" class=\"single_image ws-image-202946\"><div class=\"credits\">Garrigae Brian\u00e7on-Kaserne<\/div><\/div><p class=\"caption\"><\/p><\/div><\/div>\n<\/div><\/div>\n\n\n\n<div class=\"section-wrapper\"><div class=\"wp-block-ws-library-scrollable-section-item ws-section-scrollable-item\">\n<div class=\"wp-block-ws-library-ws-image\"><div class=\"wrapper\"><div class=\"group-media\"><img decoding=\"async\" src=\"https:\/\/www.hautes-alpes.net\/wp-content\/uploads\/2026\/01\/garrigae-3-1080x800.jpg\" alt=\"\" class=\"single_image ws-image-202944\"><div class=\"credits\">Garrigae Brian\u00e7on-Kaserne<\/div><\/div><p class=\"caption\"><\/p><\/div><\/div>\n<\/div><\/div>\n<\/div><\/div><\/div>\n\n<div class=\"wp-block-ws-library-scrollable-section ws-section-scrollable alignfull\"><div class=\"scrollable-item\"><div class=\"group-content\"><div class=\"wrapper\"><h3 class=\"field-title\">Neujahrsgr\u00fc\u00dfe der Wirtschaft<\/h3><\/div><\/div><div class=\"group-innerblocks\"><div class=\"group-media\"><div class=\"field-image\"><img decoding=\"async\" src=\"https:\/\/www.hautes-alpes.net\/wp-content\/uploads\/2026\/01\/voeux-du-monde-economique-cedric-tempier-38-1140x620.jpg\" alt=\"\"\/><\/div><div class=\"credits\">C. Tempier -  AD05<\/div><\/div>\n<div class=\"section-wrapper\"><div class=\"wp-block-ws-library-scrollable-section-item ws-section-scrollable-item\">\n<p>Hier wie nirgendwo sonst<strong> formuliert die Wirtschaftswelt ihre W\u00fcnsche mit einer Stimme<\/strong>. Hunderte von Unternehmern und Abgeordneten trafen sich am 8. Januar 2026 in Gap, um gemeinsam einen Moment des Zusammenseins zu genie\u00dfen.   <\/p>\n<\/div><\/div>\n\n\n\n<div class=\"section-wrapper\"><div class=\"wp-block-ws-library-scrollable-section-item ws-section-scrollable-item\">\n<p>Das Thema des Abends war die <a href=\"https:\/\/www.hautes-alpes.net\/de\/wirtschaftszweige\/alm-gauler-2\/\">soziale Verantwortung der Unternehmen<\/a>. Bei dieser Gelegenheit unterzeichneten etwa 20 Vertreter der Handelskammern, Verb\u00e4nde, Gewerkschaften und Berufsorganisationen der Hautes-Alpes unter dem wohlwollenden Blick des Pr\u00e4fekten eine <a href=\"https:\/\/www.hautes-alpes.net\/wp-content\/uploads\/2026\/01\/charte-rse-hautes-alpes-version-signature-08012026.pdf\">CSR-Charta<\/a>. <\/p>\n<\/div><\/div>\n\n\n\n<div class=\"section-wrapper\"><div class=\"wp-block-ws-library-scrollable-section-item ws-section-scrollable-item\">\n<div class=\"wp-block-group is-nowrap is-layout-flex wp-container-core-group-is-layout-6c531013 wp-block-group-is-layout-flex\">\n<div class=\"wp-block-ws-library-ws-image\"><div class=\"wrapper\"><div class=\"group-media\"><img decoding=\"async\" src=\"https:\/\/www.hautes-alpes.net\/wp-content\/uploads\/2026\/01\/voeux-du-monde-economique-cedric-tempier-5-960x640.jpg\" alt=\"\" class=\"single_image ws-image-193813\"><div class=\"credits\">C.Tempier - AD05<\/div><\/div><p class=\"caption\"><\/p><\/div><\/div>\n<\/div>\n<\/div><\/div>\n\n\n\n<div class=\"section-wrapper\"><div class=\"wp-block-ws-library-scrollable-section-item ws-section-scrollable-item\">\n<p>Eine Mobilisierung und ein Engagement f\u00fcr ein humanistisches und \u00f6kologisches Bewusstsein und eine Verbundenheit mit einem Gebiet, mit Blick auf die <a href=\"https:\/\/www.hautes-alpes.net\/de\/ikonische\/winterspiele-2030\/\">Olympischen Winterspiele 2030<\/a>.<\/p>\n<\/div><\/div>\n\n\n\n<div class=\"section-wrapper\"><div class=\"wp-block-ws-library-scrollable-section-item ws-section-scrollable-item\">\n<div class=\"wp-block-group is-nowrap is-layout-flex wp-container-core-group-is-layout-6c531013 wp-block-group-is-layout-flex\">\n<div class=\"wp-block-ws-library-ws-image\"><div class=\"wrapper\"><div class=\"group-media\"><img decoding=\"async\" src=\"https:\/\/www.hautes-alpes.net\/wp-content\/uploads\/2026\/01\/voeux-du-monde-economique-cedric-tempier-12-960x640.jpg\" alt=\"\" class=\"single_image ws-image-193586\"><div class=\"credits\">C. Tempier - AD05<\/div><\/div><p class=\"caption\"><\/p><\/div><\/div>\n<\/div>\n<\/div><\/div>\n\n\n\n<div class=\"section-wrapper\"><div class=\"wp-block-ws-library-scrollable-section-item ws-section-scrollable-item\">\n<div class=\"wp-block-group is-nowrap is-layout-flex wp-container-core-group-is-layout-6c531013 wp-block-group-is-layout-flex\">\n<div class=\"wp-block-ws-library-ws-image\"><div class=\"wrapper\"><div class=\"group-media\"><img decoding=\"async\" src=\"https:\/\/www.hautes-alpes.net\/wp-content\/uploads\/2026\/01\/voeux-du-monde-economique-cedric-tempier-15-scaled-e1767972052211-452x640.jpg\" alt=\"\" class=\"single_image ws-image-193814\"><div class=\"credits\">C.Tempier - AD05<\/div><\/div><p class=\"caption\"><\/p><\/div><\/div>\n<\/div>\n<\/div><\/div>\n\n\n\n<div class=\"section-wrapper\"><div class=\"wp-block-ws-library-scrollable-section-item ws-section-scrollable-item\">\n<div class=\"wp-block-ws-library-ws-image\"><div class=\"wrapper\"><div class=\"group-media\"><img decoding=\"async\" src=\"https:\/\/www.hautes-alpes.net\/wp-content\/uploads\/2026\/01\/voeux-du-monde-economique-cedric-tempier-18-scaled-e1767972971265-504x640.jpg\" alt=\"\" class=\"single_image ws-image-193587\"><div class=\"credits\">C. Tempier - AD05<\/div><\/div><p class=\"caption\"><\/p><\/div><\/div>\n<\/div><\/div>\n<\/div><\/div><\/div>\n\n<div class=\"wp-block-ws-library-scrollable-section ws-section-scrollable alignfull\"><div class=\"scrollable-item\"><div class=\"group-content\"><div class=\"wrapper\"><h3 class=\"field-title\">Alles ist wei\u00df<\/h3><div class=\"field-intro\"><p><\/p><\/div><\/div><\/div><div class=\"group-innerblocks\"><div class=\"group-media\"><div class=\"field-image\"><img decoding=\"async\" src=\"https:\/\/www.hautes-alpes.net\/wp-content\/uploads\/2026\/01\/montgenevre-neige-1140x620.jpg\" alt=\"\"\/><\/div><div class=\"credits\">OT Montgen\u00e8vre<\/div><\/div>\n<div class=\"section-wrapper\"><div class=\"wp-block-ws-library-scrollable-section-item ws-section-scrollable-item\">\n<p>Die <strong>Schneef\u00e4lle<\/strong> zu Beginn des Jahres sind willkommen, <strong>sie machen die Hautes-Alpes sch\u00f6n<\/strong> und erfreuen die Skifahrer und unsere Wirtschaft.<br\/><\/p>\n<\/div><\/div>\n\n\n\n<div class=\"section-wrapper\"><div class=\"wp-block-ws-library-scrollable-section-item ws-section-scrollable-item\">\n<p><strong>Schneeh\u00f6hen<\/strong> in den Skigebieten der Hautes-Alpes, nach Massiv, Mitte Januar 2026 :<\/p>\n\n\n\n<p>Brian\u00e7onnais: 40-130 cm<br\/>Champsaur: 30-90 cm<br\/>D\u00e9voluy: 25-60 cm<br\/>Embrunais: 35-90 cm<br\/>Guillestrois-Queyras: 30-85 cm<br\/>Pays des \u00c9crins: 50-140 cm<\/p>\n<\/div><\/div>\n\n\n\n<div class=\"section-wrapper\"><div class=\"wp-block-ws-library-scrollable-section-item ws-section-scrollable-item\">\n<div class=\"wp-block-ws-library-ws-image\"><div class=\"wrapper\"><div class=\"group-media\"><img decoding=\"async\" src=\"https:\/\/www.hautes-alpes.net\/wp-content\/uploads\/2026\/01\/crevoux-1240x800.jpg\" alt=\"\" class=\"single_image ws-image-200356\"><div class=\"credits\">Bahnhof Cr\u00e9voux<\/div><\/div><p class=\"caption\"><\/p><\/div><\/div>\n<\/div><\/div>\n\n\n\n<div class=\"section-wrapper\"><div class=\"wp-block-ws-library-scrollable-section-item ws-section-scrollable-item\">\n<div class=\"wp-block-ws-library-ws-image\"><div class=\"wrapper\"><div class=\"group-media\"><img decoding=\"async\" src=\"https:\/\/www.hautes-alpes.net\/wp-content\/uploads\/2026\/01\/montgenevre-neige2-1240x800.jpg\" alt=\"\" class=\"single_image ws-image-200387\"><div class=\"credits\">OT Montgen\u00e8vre<\/div><\/div><p class=\"caption\"><\/p><\/div><\/div>\n<\/div><\/div>\n\n\n\n<div class=\"section-wrapper\"><div class=\"wp-block-ws-library-scrollable-section-item ws-section-scrollable-item\">\n<div class=\"wp-block-ws-library-ws-image\"><div class=\"wrapper\"><div class=\"group-media\"><img decoding=\"async\" src=\"https:\/\/www.hautes-alpes.net\/wp-content\/uploads\/2026\/01\/crevoux2-512x640.jpg\" alt=\"\" class=\"single_image ws-image-200357\"><div class=\"credits\">R\u00e9allon Ski<\/div><\/div><p class=\"caption\"><\/p><\/div><\/div>\n<\/div><\/div>\n\n\n\n<div class=\"section-wrapper\"><div class=\"wp-block-ws-library-scrollable-section-item ws-section-scrollable-item\">\n<div class=\"wp-block-ws-library-ws-image\"><div class=\"wrapper\"><div class=\"group-media\"><img decoding=\"async\" src=\"https:\/\/www.hautes-alpes.net\/wp-content\/uploads\/2026\/01\/montgenevre-neige3-1240x800.jpg\" alt=\"\" class=\"single_image ws-image-200386\"><div class=\"credits\">OT Montgen\u00e8vre<\/div><\/div><p class=\"caption\"><\/p><\/div><\/div>\n<\/div><\/div>\n<\/div><\/div><\/div>\n\n<div class=\"wp-block-ws-library-scrollable-section ws-section-scrollable alignfull\"><div class=\"scrollable-item\"><div class=\"group-content\"><div class=\"wrapper\"><h3 class=\"field-title\">Zart wie Seide<\/h3><div class=\"field-intro\"><p><\/p><\/div><\/div><\/div><div class=\"group-innerblocks\"><div class=\"group-media\"><div class=\"field-image\"><img decoding=\"async\" src=\"https:\/\/www.hautes-alpes.net\/wp-content\/uploads\/2026\/01\/1000016079-1080x620.jpg\" alt=\"\"\/><\/div><div class=\"credits\"><\/div><\/div>\n<div class=\"section-wrapper\"><div class=\"wp-block-ws-library-scrollable-section-item ws-section-scrollable-item is-style-bg-grey\">\n<h2 class=\"wp-block-heading is-style-title-1\"><strong><strong>Haus Seide<\/strong><\/strong><\/h2>\n\n\n\n<p>Er\u00f6ffnung eines neuen intimen 4* Hotels und Restaurants in Brian\u00e7on.<\/p>\n<\/div><\/div>\n\n\n\n<div class=\"section-wrapper\"><div class=\"wp-block-ws-library-scrollable-section-item ws-section-scrollable-item\">\n<p>Im Herzen der Cit\u00e9 Vauban in Brian\u00e7on wird ein neues Kapitel f\u00fcr <strong>die ehemalige Bibliothek Aristide Albert<\/strong>, die 1883 erbaut wurde, aufgeschlagen. Im Dezember 2025 wurde in den geschichtstr\u00e4chtigen Mauern ein neues Kapitel aufgeschlagen: <strong>Maison Soyeuse<\/strong>, ein intimes 4* Hotel von The Social Club. <\/p>\n<\/div><\/div>\n\n\n\n<div class=\"section-wrapper\"><div class=\"wp-block-ws-library-scrollable-section-item ws-section-scrollable-item\">\n<p>Hinter den Fassaden hat die Architektin <strong>Nathalie d&#8217;Artigues<\/strong> ein raffiniertes Refugium geschaffen, das alpine W\u00e4rme mit zeitloser Eleganz verbindet. Nur zehn Zimmer, darunter zwei Suiten, sorgen f\u00fcr eine ged\u00e4mpfte, fast vertrauliche Atmosph\u00e4re. <\/p>\n<\/div><\/div>\n\n\n\n<div class=\"section-wrapper\"><div class=\"wp-block-ws-library-scrollable-section-item ws-section-scrollable-item\">\n<div class=\"wp-block-ws-library-ws-image\"><div class=\"wrapper\"><div class=\"group-media\"><img decoding=\"async\" src=\"https:\/\/www.hautes-alpes.net\/wp-content\/uploads\/2026\/01\/maison-soyeuse-restaurant-web-39-3-960x640.jpg\" alt=\"\" class=\"single_image ws-image-166187\"><div class=\"credits\"><\/div><\/div><p class=\"caption\"><\/p><\/div><\/div>\n<\/div><\/div>\n\n\n\n<div class=\"section-wrapper\"><div class=\"wp-block-ws-library-scrollable-section-item ws-section-scrollable-item\">\n<div class=\"wp-block-ws-library-ws-image\"><div class=\"wrapper\"><div class=\"group-media\"><img decoding=\"async\" src=\"https:\/\/www.hautes-alpes.net\/wp-content\/uploads\/2026\/01\/maison-soyeuse-restaurant-web-23-2-1024x682-1-961x640.jpg\" alt=\"\" class=\"single_image ws-image-166190\"><div class=\"credits\"><\/div><\/div><p class=\"caption\"><\/p><\/div><\/div>\n<\/div><\/div>\n\n\n\n<div class=\"section-wrapper\"><div class=\"wp-block-ws-library-scrollable-section-item ws-section-scrollable-item\">\n<div class=\"wp-block-ws-library-ws-image\"><div class=\"wrapper\"><div class=\"group-media\"><img decoding=\"async\" src=\"https:\/\/www.hautes-alpes.net\/wp-content\/uploads\/2026\/01\/584099424-17858802339578323-3072437459639774038-n-480x640.jpg\" alt=\"\" class=\"single_image ws-image-166186\"><div class=\"credits\"><\/div><\/div><p class=\"caption\"><\/p><\/div><\/div>\n<\/div><\/div>\n\n\n\n<div class=\"section-wrapper\"><div class=\"wp-block-ws-library-scrollable-section-item ws-section-scrollable-item\">\n<p>Das Restaurant (70 Pl\u00e4tze) zelebriert die Jahreszeiten und lokale Produkte, w\u00e4hrend der Wellnessbereich Le Boudoir Massagen und Sauna verspricht. Dieser Ort ist <strong>eine vibrierende Hommage an die Tuchmacher<\/strong> von einst und vereint Erbe und Moderne.<\/p>\n<\/div><\/div>\n\n\n\n<div class=\"section-wrapper\"><div class=\"wp-block-ws-library-scrollable-section-item ws-section-scrollable-item\">\n<div class=\"wp-block-ws-library-ws-image\"><div class=\"wrapper\"><div class=\"group-media\"><img decoding=\"async\" src=\"https:\/\/www.hautes-alpes.net\/wp-content\/uploads\/2026\/01\/maison-soyeuse-chambres-web-106-960x640.jpg\" alt=\"\" class=\"single_image ws-image-166188\"><div class=\"credits\"><\/div><\/div><p class=\"caption\"><\/p><\/div><\/div>\n<\/div><\/div>\n\n\n\n<div class=\"section-wrapper\"><div class=\"wp-block-ws-library-scrollable-section-item ws-section-scrollable-item\">\n<div class=\"wp-block-ws-library-ws-image\"><div class=\"wrapper\"><div class=\"group-media\"><img decoding=\"async\" src=\"https:\/\/www.hautes-alpes.net\/wp-content\/uploads\/2026\/01\/1000016077-484x640.jpg\" alt=\"\" class=\"single_image ws-image-166184\"><div class=\"credits\"><\/div><\/div><p class=\"caption\"><\/p><\/div><\/div>\n<\/div><\/div>\n<\/div><\/div><\/div>\n\n<div class=\"wp-block-ws-library-scrollable-section ws-section-scrollable alignfull\"><div class=\"scrollable-item\"><div class=\"group-content\"><div class=\"wrapper\"><h3 class=\"field-title\">Brennerei Saint-V\u00e9ran<\/h3><div class=\"field-intro\"><p><\/p><\/div><\/div><\/div><div class=\"group-innerblocks\"><div class=\"group-media\"><div class=\"field-image\"><img decoding=\"async\" src=\"https:\/\/www.hautes-alpes.net\/wp-content\/uploads\/2026\/01\/disitllerie-st-veran-cedric-tempier-1-1-1140x620.jpg\" alt=\"\"\/><\/div><div class=\"credits\">C.Tempier - AD05<\/div><\/div>\n<div class=\"section-wrapper\"><div class=\"wp-block-ws-library-scrollable-section-item ws-section-scrollable-item\">\n<h2 class=\"wp-block-heading is-style-default\"><strong>K\u00fchnheit und Traditionen in den Bergen<\/strong><\/h2>\n\n\n\n<p>Die Distillerie Saint-V\u00e9ran, die im Weiler La Chalp in <strong>Saint-V\u00e9ran<\/strong>, der h\u00f6chstgelegenen Gemeinde Europas, angesiedelt ist, verbindet <strong>Tradition, Innovation und Respekt<\/strong> f\u00fcr die Region. Sie tr\u00e4gt die Farben des Queyras und der Hautes-Alpes in der Welt der Spirituosen hoch.<\/p>\n\n\n\n<p> <br\/><\/p>\n<\/div><\/div>\n\n\n\n<div class=\"section-wrapper\"><div class=\"wp-block-ws-library-scrollable-section-item ws-section-scrollable-item\">\n<p>In den zwei kupfernen Destillierapparaten, die von <strong>Claire und Laurent D\u00e9marets <\/strong>sorgf\u00e4ltig bedient werden, entfalten Alpenkr\u00e4uter und -blumen, Kartoffeln aus den lokalen T\u00e4lern und handgepfl\u00fcckte Pflanzen ihr volles Aroma.<\/p>\n<\/div><\/div>\n\n\n\n<div class=\"section-wrapper\"><div class=\"wp-block-ws-library-scrollable-section-item ws-section-scrollable-item\">\n<div class=\"wp-block-group is-nowrap is-layout-flex wp-container-core-group-is-layout-6c531013 wp-block-group-is-layout-flex\">\n<div class=\"wp-block-ws-library-ws-image\"><div class=\"wrapper\"><div class=\"group-media\"><img decoding=\"async\" src=\"https:\/\/www.hautes-alpes.net\/wp-content\/uploads\/2026\/01\/disitllerie-st-veran-cedric-tempier-6-427x640.jpg\" alt=\"\" class=\"single_image ws-image-168787\"><div class=\"credits\">C.Tempier - AD05<\/div><\/div><p class=\"caption\"><\/p><\/div><\/div>\n<\/div>\n<\/div><\/div>\n\n\n\n<div class=\"section-wrapper\"><div class=\"wp-block-ws-library-scrollable-section-item ws-section-scrollable-item\">\n<div class=\"wp-block-ws-library-ws-image\"><div class=\"wrapper\"><div class=\"group-media\"><img decoding=\"async\" src=\"https:\/\/www.hautes-alpes.net\/wp-content\/uploads\/2026\/01\/disitllerie-st-veran-cedric-tempier-5-1240x800.jpg\" alt=\"\" class=\"single_image ws-image-168755\"><div class=\"credits\">C.Tempier - AD05<\/div><\/div><p class=\"caption\"><\/p><\/div><\/div>\n<\/div><\/div>\n\n\n\n<div class=\"section-wrapper\"><div class=\"wp-block-ws-library-scrollable-section-item ws-section-scrollable-item\">\n<p>Zu den Spezialit\u00e4ten geh\u00f6ren der <strong>Signature Vodka, der<\/strong> 2025 bei dem renommierten Wettbewerb &#8220;Spirits Selection&#8220; by CMB, der weltweiten Referenz f\u00fcr Spirituosenwettbewerbe, mit einer <strong>Goldmedaille<\/strong> ausgezeichnet wurde, und der <strong>Gin mit Alpenkr\u00e4utern<\/strong>, der eine einzigartige Frische und Intensit\u00e4t entfaltet.<\/p>\n<\/div><\/div>\n\n\n\n<div class=\"section-wrapper\"><div class=\"wp-block-ws-library-scrollable-section-item ws-section-scrollable-item\">\n<div class=\"wp-block-ws-library-ws-image\"><div class=\"wrapper\"><div class=\"group-media\"><img decoding=\"async\" src=\"https:\/\/www.hautes-alpes.net\/wp-content\/uploads\/2026\/01\/disitllerie-st-veran-cedric-tempier-14-1240x800.jpg\" alt=\"\" class=\"single_image ws-image-168751\"><div class=\"credits\">C.Tempier - AD05<\/div><\/div><p class=\"caption\"><\/p><\/div><\/div>\n<\/div><\/div>\n\n\n\n<div class=\"section-wrapper\"><div class=\"wp-block-ws-library-scrollable-section-item ws-section-scrollable-item\">\n<div class=\"wp-block-group is-nowrap is-layout-flex wp-container-core-group-is-layout-6c531013 wp-block-group-is-layout-flex\">\n<div class=\"wp-block-ws-library-ws-image\"><div class=\"wrapper\"><div class=\"group-media\"><img decoding=\"async\" src=\"https:\/\/www.hautes-alpes.net\/wp-content\/uploads\/2026\/01\/version-400-image-demo-291x640.png\" alt=\"\" class=\"single_image ws-image-182935\"><div class=\"credits\"><\/div><\/div><p class=\"caption\"><\/p><\/div><\/div>\n<\/div>\n<\/div><\/div>\n\n\n\n<div class=\"section-wrapper\"><div class=\"wp-block-ws-library-scrollable-section-item ws-section-scrollable-item\">\n<div class=\"wp-block-ws-library-ws-image\"><div class=\"wrapper\"><div class=\"group-media\"><img decoding=\"async\" src=\"https:\/\/www.hautes-alpes.net\/wp-content\/uploads\/2026\/01\/disitllerie-st-veran-cedric-tempier-18-1240x800.jpg\" alt=\"\" class=\"single_image ws-image-168754\"><div class=\"credits\">C.Tempier - AD05<\/div><\/div><p class=\"caption\"><\/p><\/div><\/div>\n<\/div><\/div>\n<\/div><\/div><\/div>\n<p><a id=\"lamuande\"><\/a><\/p>\n\n<div class=\"wp-block-ws-library-scrollable-section ws-section-scrollable alignfull\"><div class=\"scrollable-item\"><div class=\"group-content\"><div class=\"wrapper\"><h3 class=\"field-title\">La Muande<\/h3><div class=\"field-intro\"><p><\/p><\/div><\/div><\/div><div class=\"group-innerblocks\"><div class=\"group-media\"><div class=\"field-image\"><img decoding=\"async\" src=\"https:\/\/www.hautes-alpes.net\/wp-content\/uploads\/2026\/01\/gillesbaron201225-3219-1140x620.jpg\" alt=\"\"\/><\/div><div class=\"credits\">G. Baron<\/div><\/div>\n<div class=\"section-wrapper\"><div class=\"wp-block-ws-library-scrollable-section-item ws-section-scrollable-item\">\n<h2 class=\"wp-block-heading is-style-default\"><strong>Orci\u00e8res Merlette 1850 ver\u00e4ndert sich<\/strong> <\/h2>\n\n\n\n<p>Der Skiort Orci\u00e8res Merlette 1850 hat eine <strong>kuppelbare<\/strong> <strong>6er-Sesselbahn<\/strong> <strong>der neuesten Generation<\/strong>. Der Lift mit dem Namen La Muande ist ein technologischer Koloss, der 3000 Skifahrer pro Stunde in die H\u00f6he bef\u00f6rdern kann und dabei 650 m H\u00f6henunterschied in nur sechs Minuten \u00fcberwindet. <br\/><\/p>\n<\/div><\/div>\n\n\n\n<div class=\"section-wrapper\"><div class=\"wp-block-ws-library-scrollable-section-item ws-section-scrollable-item\">\n<p>Die drei bestehenden Bergbahnen werden abgeschafft <strong>und eine schlankere, sparsamere und landschaftsvertr\u00e4glichere Linie<\/strong> wird eingerichtet.<\/p>\n\n\n\n<p>Auf dem Gipfel \u00f6ffnet sich das Gebiet: Camille Ricou-Piste, FIS-anerkannt und Trainingsgel\u00e4nde der Champions, blaue Vallons-Piste, die f\u00fcr ein fl\u00fcssiges Vergn\u00fcgen neu gestaltet wurde, und eine Reihe von blauen Pisten vom Gipfel bis zur Schneefront.<\/p>\n<\/div><\/div>\n\n\n\n<div class=\"section-wrapper\"><div class=\"wp-block-ws-library-scrollable-section-item ws-section-scrollable-item\">\n<div class=\"wp-block-group is-nowrap is-layout-flex wp-container-core-group-is-layout-6c531013 wp-block-group-is-layout-flex\">\n<div class=\"wp-block-ws-library-ws-image\"><div class=\"wrapper\"><div class=\"group-media\"><img decoding=\"async\" src=\"https:\/\/www.hautes-alpes.net\/wp-content\/uploads\/2026\/01\/tsd-muande-gilles-baron-16-960x640.jpg\" alt=\"\" class=\"single_image ws-image-166341\"><div class=\"credits\">G. Baron<\/div><\/div><p class=\"caption\"><\/p><\/div><\/div>\n<\/div>\n<\/div><\/div>\n\n\n\n<div class=\"section-wrapper\"><div class=\"wp-block-ws-library-scrollable-section-item ws-section-scrollable-item\">\n<p><strong>Das gesamte Gesicht des Ortes \u00e4ndert sich<\/strong>: \u00fcberdachtes F\u00f6rderband f\u00fcr Anf\u00e4nger, reduzierte Masten von 56 auf 17, eine Panoramaterrasse zum Verschnaufen mit Blick auf den Champsaur.<\/p>\n\n\n\n<p><strong>Ein vision\u00e4res und beispielhaftes<\/strong> Projekt, das Komfort, Spitzensport und Respekt vor den Bergen miteinander verbindet.<\/p>\n<\/div><\/div>\n\n\n\n<div class=\"section-wrapper\"><div class=\"wp-block-ws-library-scrollable-section-item ws-section-scrollable-item\">\n<div class=\"wp-block-ws-library-ws-image\"><div class=\"wrapper\"><div class=\"group-media\"><img decoding=\"async\" src=\"https:\/\/www.hautes-alpes.net\/wp-content\/uploads\/2026\/01\/gillesbaon131225-1441-scaled-e1767713398457-1240x800.jpg\" alt=\"\" class=\"single_image ws-image-166351\"><div class=\"credits\">G. Baron<\/div><\/div><p class=\"caption\"><\/p><\/div><\/div>\n<\/div><\/div>\n\n\n\n<div class=\"section-wrapper\"><div class=\"wp-block-ws-library-scrollable-section-item ws-section-scrollable-item\">\n<div class=\"wp-block-ws-library-ws-image\"><div class=\"wrapper\"><div class=\"group-media\"><img decoding=\"async\" src=\"https:\/\/www.hautes-alpes.net\/wp-content\/uploads\/2026\/01\/tsd-muande-gilles-baron-18-427x640.jpg\" alt=\"\" class=\"single_image ws-image-166407\"><div class=\"credits\">G. Baron<\/div><\/div><p class=\"caption\"><\/p><\/div><\/div>\n<\/div><\/div>\n\n\n\n<div class=\"section-wrapper\"><div class=\"wp-block-ws-library-scrollable-section-item ws-section-scrollable-item\">\n<div class=\"wp-block-ws-library-ws-image\"><div class=\"wrapper\"><div class=\"group-media\"><img decoding=\"async\" src=\"https:\/\/www.hautes-alpes.net\/wp-content\/uploads\/2026\/01\/tsd-muande-gilles-baron-1-1240x800.jpg\" alt=\"\" class=\"single_image ws-image-166412\"><div class=\"credits\">G. Baron<\/div><\/div><p class=\"caption\"><\/p><\/div><\/div>\n<\/div><\/div>\n<\/div><\/div><\/div>\n\n<div class=\"wp-block-ws-library-ws-share\"><span class=\"share-subtitle\">Hat Ihnen diese Seite gefallen?<\/span><span class=\"share-title\">Teilen Sie es mit anderen!<\/span><button class=\"ws-share-button wp-element-button\">Diese Seite teilen<\/button><\/div>\n","protected":false},"excerpt":{"rendered":"<p>Die Nachrichten aus den Hautes-Alpes auf einen Blick<\/p>\n","protected":false},"author":2,"featured_media":0,"parent":0,"menu_order":0,"comment_status":"closed","ping_status":"closed","template":"","meta":{"is_dark_mode":false,"footnotes":""},"page_label":[],"class_list":["post-108002","page","type-page","status-publish","hentry"],"yoast_head":"<!-- This site is optimized with the Yoast SEO plugin v27.2 - https:\/\/yoast.com\/product\/yoast-seo-wordpress\/ -->\n<title>Titelseite - Hautes-Alpes<\/title>\n<meta name=\"description\" content=\"Titelseite Die Nachrichten aus den Hautes-Alpes auf einen Blick AstronomieDas Radioastronomie-Observatoriumauf dem Pic de Bure \u00f6ffnet f\u00fcr die\" \/>\n<meta name=\"robots\" content=\"index, follow, max-snippet:-1, max-image-preview:large, max-video-preview:-1\" \/>\n<link rel=\"canonical\" href=\"https:\/\/www.hautes-alpes.net\/de\/titelseite\/\" \/>\n<meta property=\"og:locale\" content=\"de_DE\" \/>\n<meta property=\"og:type\" content=\"article\" \/>\n<meta property=\"og:title\" content=\"Titelseite - Hautes-Alpes\" \/>\n<meta property=\"og:description\" content=\"Titelseite Die Nachrichten aus den Hautes-Alpes auf einen Blick AstronomieDas Radioastronomie-Observatoriumauf dem Pic de Bure \u00f6ffnet f\u00fcr die\" \/>\n<meta property=\"og:url\" content=\"https:\/\/www.hautes-alpes.net\/de\/titelseite\/\" \/>\n<meta property=\"og:site_name\" content=\"Hautes-Alpes\" \/>\n<meta property=\"article:modified_time\" content=\"2026-04-22T15:31:24+00:00\" \/>\n<meta property=\"og:image\" content=\"https:\/\/www.hautes-alpes.net\/wp-content\/uploads\/2026\/04\/plateau-de-bure-gontran-isnard-gontranid-1-1140x620.jpg\" \/>\n<meta name=\"twitter:card\" content=\"summary_large_image\" \/>\n<meta name=\"twitter:label1\" content=\"Gesch\u00e4tzte Lesezeit\" \/>\n\t<meta name=\"twitter:data1\" content=\"42 Minuten\" \/>\n<script type=\"application\/ld+json\" class=\"yoast-schema-graph\">{\"@context\":\"https:\/\/schema.org\",\"@graph\":[{\"@type\":\"WebPage\",\"@id\":\"https:\/\/www.hautes-alpes.net\/de\/titelseite\/\",\"url\":\"https:\/\/www.hautes-alpes.net\/de\/titelseite\/\",\"name\":\"Titelseite - Hautes-Alpes\",\"isPartOf\":{\"@id\":\"https:\/\/www.hautes-alpes.net\/de\/#website\"},\"primaryImageOfPage\":{\"@id\":\"https:\/\/www.hautes-alpes.net\/de\/titelseite\/#primaryimage\"},\"image\":{\"@id\":\"https:\/\/www.hautes-alpes.net\/de\/titelseite\/#primaryimage\"},\"thumbnailUrl\":\"https:\/\/www.hautes-alpes.net\/wp-content\/uploads\/2026\/04\/plateau-de-bure-gontran-isnard-gontranid-1-1140x620.jpg\",\"datePublished\":\"2025-11-12T11:45:56+00:00\",\"dateModified\":\"2026-04-22T15:31:24+00:00\",\"description\":\"Titelseite Die Nachrichten aus den Hautes-Alpes auf einen Blick AstronomieDas Radioastronomie-Observatoriumauf dem Pic de Bure \u00f6ffnet f\u00fcr die\",\"breadcrumb\":{\"@id\":\"https:\/\/www.hautes-alpes.net\/de\/titelseite\/#breadcrumb\"},\"inLanguage\":\"de\",\"potentialAction\":[{\"@type\":\"ReadAction\",\"target\":[\"https:\/\/www.hautes-alpes.net\/de\/titelseite\/\"]}]},{\"@type\":\"ImageObject\",\"inLanguage\":\"de\",\"@id\":\"https:\/\/www.hautes-alpes.net\/de\/titelseite\/#primaryimage\",\"url\":\"https:\/\/www.hautes-alpes.net\/wp-content\/uploads\/2026\/04\/plateau-de-bure-gontran-isnard-gontranid-1-1140x620.jpg\",\"contentUrl\":\"https:\/\/www.hautes-alpes.net\/wp-content\/uploads\/2026\/04\/plateau-de-bure-gontran-isnard-gontranid-1-1140x620.jpg\"},{\"@type\":\"BreadcrumbList\",\"@id\":\"https:\/\/www.hautes-alpes.net\/de\/titelseite\/#breadcrumb\",\"itemListElement\":[{\"@type\":\"ListItem\",\"position\":1,\"name\":\"Accueil\",\"item\":\"https:\/\/www.hautes-alpes.net\/de\/hautes-alpes\/\"},{\"@type\":\"ListItem\",\"position\":2,\"name\":\"Titelseite\"}]},{\"@type\":\"WebSite\",\"@id\":\"https:\/\/www.hautes-alpes.net\/de\/#website\",\"url\":\"https:\/\/www.hautes-alpes.net\/de\/\",\"name\":\"ADDET\",\"description\":\"\",\"publisher\":{\"@id\":\"https:\/\/www.hautes-alpes.net\/de\/#organization\"},\"potentialAction\":[{\"@type\":\"SearchAction\",\"target\":{\"@type\":\"EntryPoint\",\"urlTemplate\":\"https:\/\/www.hautes-alpes.net\/de\/?s={search_term_string}\"},\"query-input\":{\"@type\":\"PropertyValueSpecification\",\"valueRequired\":true,\"valueName\":\"search_term_string\"}}],\"inLanguage\":\"de\"},{\"@type\":\"Organization\",\"@id\":\"https:\/\/www.hautes-alpes.net\/de\/#organization\",\"name\":\"Agence D\u00e9partementale de D\u00e9veloppement Economique et Touristique des Hautes-Alpes\",\"url\":\"https:\/\/www.hautes-alpes.net\/de\/\",\"logo\":{\"@type\":\"ImageObject\",\"inLanguage\":\"de\",\"@id\":\"https:\/\/www.hautes-alpes.net\/de\/#\/schema\/logo\/image\/\",\"url\":\"https:\/\/www.hautes-alpes.net\/wp-content\/uploads\/2026\/01\/black-logo-2.svg\",\"contentUrl\":\"https:\/\/www.hautes-alpes.net\/wp-content\/uploads\/2026\/01\/black-logo-2.svg\",\"caption\":\"Agence D\u00e9partementale de D\u00e9veloppement Economique et Touristique des Hautes-Alpes\"},\"image\":{\"@id\":\"https:\/\/www.hautes-alpes.net\/de\/#\/schema\/logo\/image\/\"}}]}<\/script>\n<!-- \/ Yoast SEO plugin. -->","yoast_head_json":{"title":"Titelseite - Hautes-Alpes","description":"Titelseite Die Nachrichten aus den Hautes-Alpes auf einen Blick AstronomieDas Radioastronomie-Observatoriumauf dem Pic de Bure \u00f6ffnet f\u00fcr die","robots":{"index":"index","follow":"follow","max-snippet":"max-snippet:-1","max-image-preview":"max-image-preview:large","max-video-preview":"max-video-preview:-1"},"canonical":"https:\/\/www.hautes-alpes.net\/de\/titelseite\/","og_locale":"de_DE","og_type":"article","og_title":"Titelseite - Hautes-Alpes","og_description":"Titelseite Die Nachrichten aus den Hautes-Alpes auf einen Blick AstronomieDas Radioastronomie-Observatoriumauf dem Pic de Bure \u00f6ffnet f\u00fcr die","og_url":"https:\/\/www.hautes-alpes.net\/de\/titelseite\/","og_site_name":"Hautes-Alpes","article_modified_time":"2026-04-22T15:31:24+00:00","og_image":[{"url":"https:\/\/www.hautes-alpes.net\/wp-content\/uploads\/2026\/04\/plateau-de-bure-gontran-isnard-gontranid-1-1140x620.jpg","type":"","width":"","height":""}],"twitter_card":"summary_large_image","twitter_misc":{"Gesch\u00e4tzte Lesezeit":"42 Minuten"},"schema":{"@context":"https:\/\/schema.org","@graph":[{"@type":"WebPage","@id":"https:\/\/www.hautes-alpes.net\/de\/titelseite\/","url":"https:\/\/www.hautes-alpes.net\/de\/titelseite\/","name":"Titelseite - Hautes-Alpes","isPartOf":{"@id":"https:\/\/www.hautes-alpes.net\/de\/#website"},"primaryImageOfPage":{"@id":"https:\/\/www.hautes-alpes.net\/de\/titelseite\/#primaryimage"},"image":{"@id":"https:\/\/www.hautes-alpes.net\/de\/titelseite\/#primaryimage"},"thumbnailUrl":"https:\/\/www.hautes-alpes.net\/wp-content\/uploads\/2026\/04\/plateau-de-bure-gontran-isnard-gontranid-1-1140x620.jpg","datePublished":"2025-11-12T11:45:56+00:00","dateModified":"2026-04-22T15:31:24+00:00","description":"Titelseite Die Nachrichten aus den Hautes-Alpes auf einen Blick AstronomieDas Radioastronomie-Observatoriumauf dem Pic de Bure \u00f6ffnet f\u00fcr die","breadcrumb":{"@id":"https:\/\/www.hautes-alpes.net\/de\/titelseite\/#breadcrumb"},"inLanguage":"de","potentialAction":[{"@type":"ReadAction","target":["https:\/\/www.hautes-alpes.net\/de\/titelseite\/"]}]},{"@type":"ImageObject","inLanguage":"de","@id":"https:\/\/www.hautes-alpes.net\/de\/titelseite\/#primaryimage","url":"https:\/\/www.hautes-alpes.net\/wp-content\/uploads\/2026\/04\/plateau-de-bure-gontran-isnard-gontranid-1-1140x620.jpg","contentUrl":"https:\/\/www.hautes-alpes.net\/wp-content\/uploads\/2026\/04\/plateau-de-bure-gontran-isnard-gontranid-1-1140x620.jpg"},{"@type":"BreadcrumbList","@id":"https:\/\/www.hautes-alpes.net\/de\/titelseite\/#breadcrumb","itemListElement":[{"@type":"ListItem","position":1,"name":"Accueil","item":"https:\/\/www.hautes-alpes.net\/de\/hautes-alpes\/"},{"@type":"ListItem","position":2,"name":"Titelseite"}]},{"@type":"WebSite","@id":"https:\/\/www.hautes-alpes.net\/de\/#website","url":"https:\/\/www.hautes-alpes.net\/de\/","name":"ADDET","description":"","publisher":{"@id":"https:\/\/www.hautes-alpes.net\/de\/#organization"},"potentialAction":[{"@type":"SearchAction","target":{"@type":"EntryPoint","urlTemplate":"https:\/\/www.hautes-alpes.net\/de\/?s={search_term_string}"},"query-input":{"@type":"PropertyValueSpecification","valueRequired":true,"valueName":"search_term_string"}}],"inLanguage":"de"},{"@type":"Organization","@id":"https:\/\/www.hautes-alpes.net\/de\/#organization","name":"Agence D\u00e9partementale de D\u00e9veloppement Economique et Touristique des Hautes-Alpes","url":"https:\/\/www.hautes-alpes.net\/de\/","logo":{"@type":"ImageObject","inLanguage":"de","@id":"https:\/\/www.hautes-alpes.net\/de\/#\/schema\/logo\/image\/","url":"https:\/\/www.hautes-alpes.net\/wp-content\/uploads\/2026\/01\/black-logo-2.svg","contentUrl":"https:\/\/www.hautes-alpes.net\/wp-content\/uploads\/2026\/01\/black-logo-2.svg","caption":"Agence D\u00e9partementale de D\u00e9veloppement Economique et Touristique des Hautes-Alpes"},"image":{"@id":"https:\/\/www.hautes-alpes.net\/de\/#\/schema\/logo\/image\/"}}]}},"_links":{"self":[{"href":"https:\/\/www.hautes-alpes.net\/de\/wp-json\/wp\/v2\/pages\/108002","targetHints":{"allow":["GET"]}}],"collection":[{"href":"https:\/\/www.hautes-alpes.net\/de\/wp-json\/wp\/v2\/pages"}],"about":[{"href":"https:\/\/www.hautes-alpes.net\/de\/wp-json\/wp\/v2\/types\/page"}],"author":[{"embeddable":true,"href":"https:\/\/www.hautes-alpes.net\/de\/wp-json\/wp\/v2\/users\/2"}],"replies":[{"embeddable":true,"href":"https:\/\/www.hautes-alpes.net\/de\/wp-json\/wp\/v2\/comments?post=108002"}],"version-history":[{"count":10,"href":"https:\/\/www.hautes-alpes.net\/de\/wp-json\/wp\/v2\/pages\/108002\/revisions"}],"predecessor-version":[{"id":491053,"href":"https:\/\/www.hautes-alpes.net\/de\/wp-json\/wp\/v2\/pages\/108002\/revisions\/491053"}],"wp:attachment":[{"href":"https:\/\/www.hautes-alpes.net\/de\/wp-json\/wp\/v2\/media?parent=108002"}],"wp:term":[{"taxonomy":"page_label","embeddable":true,"href":"https:\/\/www.hautes-alpes.net\/de\/wp-json\/wp\/v2\/page_label?post=108002"}],"curies":[{"name":"wp","href":"https:\/\/api.w.org\/{rel}","templated":true}]}}