{"id":107988,"date":"2025-11-12T12:44:56","date_gmt":"2025-11-12T11:44:56","guid":{"rendered":"https:\/\/www.hautes-alpes.net\/fragiles\/"},"modified":"2026-04-28T16:03:39","modified_gmt":"2026-04-28T14:03:39","slug":"fragiles","status":"publish","type":"page","link":"https:\/\/www.hautes-alpes.net\/de\/fragiles\/","title":{"rendered":"(Fr)agil"},"content":{"rendered":"\n<div class=\"wp-block-group alignfull hero-banner-simple has-global-padding is-layout-constrained wp-block-group-is-layout-constrained\"><div class=\"yoast-breadcrumbs\"><span><span><a href=\"https:\/\/www.hautes-alpes.net\/de\/hautes-alpes\/\">Accueil<\/a><\/span>  <span class=\"breadcrumb_last\" aria-current=\"page\">(Fr)agil<\/span><\/span><\/div>\n\n\n<h1 class=\"wp-block-ws-library-post-title\">(Fr)agil<\/h1>\n\n\n\n<p class=\"subtitle\"><strong>Die Zerbrechlichkeit und Beweglichkeit der Hautes-Alpes<\/strong><\/p>\n\n\n\n<p>Diese Seite erz\u00e4hlt sowohl von der Verletzlichkeit der <strong>Hautes-Alpes<\/strong>, einem Bergdepartement, das von den Klimaver\u00e4nderungen im Herzen getroffen wird, als auch von der Mobilisierung der <strong>Hauts-Alpins<\/strong> auf dem Weg zum \u00f6kologischen \u00dcbergang.<\/p>\n<\/div>\n\n<div style=\"height:60px\" aria-hidden=\"true\" class=\"wp-block-spacer\"><\/div>\n\n<div class=\"wp-block-group alignfull block-etapes has-global-padding is-layout-constrained wp-block-group-is-layout-constrained\">\n<h4 class=\"wp-block-heading is-style-title-1\"><em>Unsere Absicht<\/em><\/h4>\n\n\n\n<p><strong>Sensibilisierung <\/strong>f\u00fcr die Sch\u00f6nheit und die Zerbrechlichkeit unserer nat\u00fcrlichen Umwelt, die Auswirkungen der Klimaerw\u00e4rmung auf die wirtschaftlichen, touristischen und landwirtschaftlichen Aktivit\u00e4ten in den Hautes-Alpes richtig <strong>einsch\u00e4tzen <\/strong>, die bemerkenswertesten Initiativen <strong>hervorheben<\/strong>, einen Ort des Austauschs und des Teilens \u00fcber alle \u00dcberzeugungen hinweg er\u00f6ffnen, gemeinsam nach einem <strong>Gleichgewicht<\/strong> zwischen dem Erhalt und der Aufwertung einer au\u00dfergew\u00f6hnlichen Natur, unserem gr\u00f6\u00dften Reichtum, suchen, um hier weiterhin unternehmerisch t\u00e4tig sein und leben zu k\u00f6nnen.<\/p>\n<\/div>\n\n<div style=\"height:60px\" aria-hidden=\"true\" class=\"wp-block-spacer\"><\/div>\n\n<h2 class=\"wp-block-heading is-style-title-1\"><strong>Zerbrechlich<\/strong><\/h2>\n\n<div class=\"wp-block-ws-library-scrollable-section ws-section-scrollable alignfull\"><div class=\"scrollable-item\"><div class=\"group-content\"><div class=\"wrapper\"><h3 class=\"field-title\">Gekreuzte Blicke  <\/h3><div class=\"field-intro\"><p>OLYMPISCHE SPIELE 2030<\/p><\/div><\/div><\/div><div class=\"group-innerblocks\"><div class=\"group-media\"><div class=\"field-image\"><img decoding=\"async\" src=\"https:\/\/www.hautes-alpes.net\/wp-content\/uploads\/2026\/01\/maquette-image-flash-info5-1140x620.jpg\" alt=\"\"\/><\/div><div class=\"credits\"><\/div><\/div>\n<div class=\"section-wrapper\"><div class=\"wp-block-ws-library-scrollable-section-item ws-section-scrollable-item\">\n<p>Am Rande der letzten Arbeitssitzung des Exekutivkomitees Hautes-Alpes 2030 teilten Pers\u00f6nlichkeiten aus der Welt des Sports und lokale Politiker ihre Visionen \u00fcber das olympische Projekt und das zu errichtende Erbe.<\/p>\n\n\n\n<p>Zur Erinnerung: Der <strong>Exekutivausschuss Hautes-Alpes 2030<\/strong>, der im Juni letzten Jahres eingerichtet wurde, vereint alle treibenden Kr\u00e4fte des Departements und ist um vier operative Aussch\u00fcsse herum organisiert: Sport, Zugang und Mobilit\u00e4t, Entwicklung, Kultur und Integration.<\/p>\n<\/div><\/div>\n\n\n\n<div class=\"section-wrapper\"><div class=\"wp-block-ws-library-scrollable-section-item ws-section-scrollable-item is-style-bg-grey\">\n<p><strong>Seine Ziele :<\/strong><\/p>\n\n\n\n<p>- Informationen verbreiten<\/p>\n\n\n\n<p>- die Initiativen zu koordinieren<\/p>\n\n\n\n<p>- die Projekte zum Abschluss zu bringen<\/p>\n\n\n\n<p>- Mobilisierung der Haut-Alpins<\/p>\n\n\n\n<p>- Erfolg bei den Olympischen Spielen und Aufbau des Erbes<\/p>\n<\/div><\/div>\n\n\n\n<div class=\"section-wrapper\"><div class=\"wp-block-ws-library-scrollable-section-item ws-section-scrollable-item\">\n<div class=\"wp-block-ws-library-ws-video\"><div class=\"wrapper\"><div class=\"group-media\">\n<figure class=\"wp-block-embed is-type-video is-provider-youtube wp-block-embed-youtube\"><div class=\"wp-block-embed__wrapper\">\n<iframe loading=\"lazy\" title=\"Hautes Alpes, quel h\u00e9ritage pour les JOP 2030\" width=\"500\" height=\"281\" src=\"https:\/\/www.youtube.com\/embed\/qnnz6rfG7uw?feature=oembed\" frameborder=\"0\" allow=\"accelerometer; autoplay; clipboard-write; encrypted-media; gyroscope; picture-in-picture; web-share\" referrerpolicy=\"strict-origin-when-cross-origin\" allowfullscreen><\/iframe>\n<\/div><\/figure>\n<\/div><\/div><\/div>\n<\/div><\/div>\n<\/div><\/div><\/div>\n\n<div class=\"wp-block-ws-library-scrollable-section ws-section-scrollable alignfull\"><div class=\"scrollable-item\"><div class=\"group-content\"><div class=\"wrapper\"><h3 class=\"field-title\">Klimawandel<\/h3><div class=\"field-intro\"><p>Was die Studie von GREC-SUD aussagt<\/p><\/div><\/div><\/div><div class=\"group-innerblocks\"><div class=\"group-media\"><div class=\"field-image\"><img decoding=\"async\" src=\"https:\/\/www.hautes-alpes.net\/wp-content\/uploads\/2025\/11\/16lgy11005-1140x620.jpg\" alt=\"\"\/><\/div><div class=\"credits\">L. Gayola<\/div><\/div>\n<div class=\"section-wrapper\"><div class=\"wp-block-ws-library-scrollable-section-item ws-section-scrollable-item\">\n<p>Verschwindende Gletscher, steigende Temperaturen, Felsst\u00fcrze, Verschlechterung des Permafrosts: Die Experten von <strong>GREC-SUD<\/strong> entschl\u00fcsseln die Auswirkungen des Klimawandels in den <strong>S\u00fcdalpen<\/strong>. Ausz\u00fcge aus dem Themenheft <strong>&#8220;Berge&#8220;.<\/strong> <\/p>\n\n\n\n<div class=\"wp-block-buttons is-layout-flex wp-block-buttons-is-layout-flex\">\n<div class=\"wp-block-button\"><a class=\"wp-block-button__link wp-element-button\" href=\"https:\/\/www.grec-sud.fr\/publications\/montagne\/\">Entdecken Sie das Bergheft<\/a><\/div>\n<\/div>\n<\/div><\/div>\n<\/div><\/div><\/div>\n\n<div class=\"wp-block-ws-library-scrollable-section ws-section-scrollable alignfull\"><div class=\"scrollable-item\"><div class=\"group-content\"><div class=\"wrapper\"><h3 class=\"field-title\">Wasser<\/h3><div class=\"field-intro\"><p>Vom Gemeingut zu Nutzungskonflikten<\/p><\/div><\/div><\/div><div class=\"group-innerblocks\"><div class=\"group-media\"><div class=\"field-image\"><img decoding=\"async\" src=\"https:\/\/www.hautes-alpes.net\/wp-content\/uploads\/2025\/11\/remi-morel-office-de-tourisme-serre-poncon-1-1140x620.jpg\" alt=\"\"\/><\/div><div class=\"credits\">R. Morel<\/div><\/div>\n<div class=\"section-wrapper\"><div class=\"wp-block-ws-library-scrollable-section-item ws-section-scrollable-item\">\n<p>Bergregionen sind am unmittelbarsten von der globalen Erw\u00e4rmung betroffen und besonders anf\u00e4llig f\u00fcr Ver\u00e4nderungen des Wasserkreislaufs. Anhand verschiedener Berichte aus dem Devoluvium <a href=\"https:\/\/www.hautes-alpes.net\/de\/reiseziele-hautes-alpes\/devoluy\/\"><strong>D\u00e9voluy<\/strong> <\/a>und an den Ufern des <a href=\"https:\/\/www.hautes-alpes.net\/de\/reiseziele-hautes-alpes\/serre-poncon\/\"><strong>Sees von Serre-Pon\u00e7on<\/strong><\/a> berichtet die Journalistin <strong>Sabah Rahmani<\/strong> \u00fcber diese \u00f6kologische, gesellschaftliche und wirtschaftliche Herausforderung. <\/p>\n\n\n\n<p><\/p>\n\n\n\n<div class=\"wp-block-buttons is-layout-flex wp-block-buttons-is-layout-flex\">\n<div class=\"wp-block-button\"><a class=\"wp-block-button__link wp-element-button\" href=\"https:\/\/www.kaizen-magazine.com\/2022\/11\/25\/eau-du-bien-commun-aux-conflits-dusages\/\">Entdecken Sie den Artikel<\/a><\/div>\n<\/div>\n<\/div><\/div>\n<\/div><\/div><\/div>\n\n<div class=\"wp-block-ws-library-scrollable-section ws-section-scrollable alignfull\"><div class=\"scrollable-item\"><div class=\"group-content\"><div class=\"wrapper\"><h3 class=\"field-title\">Biodiversit\u00e4t<\/h3><div class=\"field-intro\"><p>Sollte man den Zugang zur Natur verbieten, um sie besser zu sch\u00fctzen?<\/p><\/div><\/div><\/div><div class=\"group-innerblocks\"><div class=\"group-media\"><div class=\"field-image\"><img decoding=\"async\" src=\"https:\/\/www.hautes-alpes.net\/wp-content\/uploads\/2025\/11\/rogier-van-rijn-bivouac-aux-tetes-1-1-1140x620.jpg\" alt=\"La magie d'une nuit face aux \u00e9toiles\"\/><\/div><div class=\"credits\">R. Van Rijn<\/div><\/div>\n<div class=\"section-wrapper\"><div class=\"wp-block-ws-library-scrollable-section-item ws-section-scrollable-item\">\n<p><em>Sollte man den Zugang zur Natur verbieten, um sie besser zu sch\u00fctzen?<\/em><\/p>\n\n\n\n<p>Hinter diesem schockierenden Satz verbirgt sich eine spannende Debatte, die von dem Journalisten <strong>Quentin Lafay<\/strong> vom Radiosender <strong>France Culture<\/strong> angeregt wurde. <strong>Virginie Maris<\/strong>, Philosophin und Mitglied des wissenschaftlichen Rates des <strong>Parc National des \u00c9crins<\/strong>, war eingeladen, um \u00fcber das Thema zu diskutieren.<\/p>\n\n\n\n<div class=\"wp-block-buttons is-layout-flex wp-block-buttons-is-layout-flex\">\n<div class=\"wp-block-button\"><a class=\"wp-block-button__link wp-element-button\" href=\"https:\/\/www.radiofrance.fr\/franceculture\/podcasts\/le-temps-du-debat-d-ete\/faut-il-interdire-l-acces-a-la-nature-pour-mieux-la-proteger-9626923\" target=\"_blank\" rel=\"noreferrer noopener\">H\u00f6ren Sie<\/a><\/div>\n<\/div>\n<\/div><\/div>\n<\/div><\/div><\/div>\n\n<div class=\"wp-block-ws-library-scrollable-section ws-section-scrollable alignfull\"><div class=\"scrollable-item\"><div class=\"group-content\"><div class=\"wrapper\"><h3 class=\"field-title\">Naturkatastrophen<\/h3><div class=\"field-intro\"><p>Zunehmende Intensit\u00e4t und H\u00e4ufigkeit<\/p><\/div><\/div><\/div><div class=\"group-innerblocks\"><div class=\"group-media\"><div class=\"field-image\"><img decoding=\"async\" src=\"https:\/\/www.hautes-alpes.net\/wp-content\/uploads\/2025\/12\/xxx2s2a7422-nb-1140x620.jpg\" alt=\"\"\/><\/div><div class=\"credits\">P. Domeyne - AD05<\/div><\/div>\n<div class=\"section-wrapper\"><div class=\"wp-block-ws-library-scrollable-section-item ws-section-scrollable-item\">\n<p>Die Klimaerw\u00e4rmung beeintr\u00e4chtigt unsere Umwelt und unsere Aktivit\u00e4ten. Die <strong>Unwetter<\/strong> und <strong>St\u00f6rungen<\/strong> haben sich in den letzten zehn Jahren vervielfacht, ebenso wie ihre Intensit\u00e4t: D\u00fcrre 2022, Felsst\u00fcrze am Chambon und Pas de l&#8217;Ours, Sturzfluten in La Clar\u00e9e, La Vallouise, Guillestrois, Schwarzfrost in den Obstg\u00e4rten der Durance, Feuerbrand. <\/p>\n\n\n\n<p>Ein Motto: <strong>Bew\u00e4ltigung und Anpassung<\/strong>.<\/p>\n<\/div><\/div>\n\n\n\n<div class=\"section-wrapper\"><div class=\"wp-block-ws-library-scrollable-section-item ws-section-scrollable-item\">\n<div class=\"wp-block-ws-library-ws-image\"><div class=\"wrapper\"><div class=\"group-media\"><img decoding=\"async\" src=\"https:\/\/www.hautes-alpes.net\/wp-content\/uploads\/2025\/11\/fragiles-radio-glaces-t-blais-427x640.jpg\" alt=\"\" class=\"single_image ws-image-78686\"><div class=\"credits\">T. Blais<\/div><\/div><p class=\"caption\"><\/p><\/div><\/div>\n<\/div><\/div>\n\n\n\n<div class=\"section-wrapper\"><div class=\"wp-block-ws-library-scrollable-section-item ws-section-scrollable-item\">\n<div class=\"wp-block-ws-library-ws-image\"><div class=\"wrapper\"><div class=\"group-media\"><img decoding=\"async\" src=\"https:\/\/www.hautes-alpes.net\/wp-content\/uploads\/2025\/12\/utf-8img-0854-nb-480x640.jpg\" alt=\"\" class=\"single_image ws-image-146333\"><div class=\"credits\">DR<\/div><\/div><p class=\"caption\"><\/p><\/div><\/div>\n<\/div><\/div>\n<\/div><\/div><\/div>\n\n<div class=\"wp-block-ws-library-scrollable-section ws-section-scrollable alignfull\"><div class=\"scrollable-item\"><div class=\"group-content\"><div class=\"wrapper\"><h3 class=\"field-title\">Gletscher<\/h3><div class=\"field-intro\"><p>Eingebettete Abh\u00f6rger\u00e4te in 3.200 m H\u00f6he, im Herzen des Innenlebens des Girose-Gletschers<\/p><\/div><\/div><\/div><div class=\"group-innerblocks\"><div class=\"group-media\"><div class=\"field-image\"><img decoding=\"async\" src=\"https:\/\/www.hautes-alpes.net\/wp-content\/uploads\/2025\/11\/glacier-blanc-famille-thibaut-blais-48-1-1140x620.jpg\" alt=\"\"\/><\/div><div class=\"credits\">T. Blais<\/div><\/div>\n<div class=\"section-wrapper\"><div class=\"wp-block-ws-library-scrollable-section-item ws-section-scrollable-item\">\n<p>M\u00e4nner und Frauen, Glaziologen, Rettungsschwimmer und Bergf\u00fchrer, berichten \u00fcber ihre Erfahrungen und liefern einige Schl\u00fcssel zum Verst\u00e4ndnis der <strong>aktuellen Ver\u00e4nderungen der Landschaften<\/strong>, die mit der globalen Erw\u00e4rmung zusammenh\u00e4ngen. Diese Berichte werden mit unglaublichen Kl\u00e4ngen vermischt, die von Mikrofonen, Hydrophonen und seismischen Sensoren aufgenommen wurden, die in den Tiefen von Gletscherspalten, Gletscherb\u00e4chen oder Mor\u00e4nenfalten versenkt wurden. <\/p>\n<\/div><\/div>\n\n\n\n<div class=\"section-wrapper\"><div class=\"wp-block-ws-library-scrollable-section-item ws-section-scrollable-item\">\n<div class=\"wp-block-group block-podcast has-global-padding is-layout-constrained wp-block-group-is-layout-constrained\">\n<div class=\"wp-block-group inner-content has-global-padding is-layout-constrained wp-block-group-is-layout-constrained\">\n<div class=\"wp-block-group wrapper-blurry has-global-padding is-layout-constrained wp-block-group-is-layout-constrained\">\n<h2 class=\"wp-block-heading has-text-align-center is-style-title-1\">Der Gletscher bewegt sich um <strong>35 Meter pro Jahr<\/strong><\/h2>\n\n\n\n<p class=\"has-text-align-center\">mit den Stimmen von Lucas Davaze, Glaziologe, und Morgan Barbot, Pistenrettungsmann in La Grave<\/p>\n<\/div>\n\n\n\n<figure class=\"wp-block-audio\"><audio controls=\"\" src=\"https:\/\/www.hautes-alpes.net\/wp-content\/uploads\/2025\/11\/4-01-le-glacier-bouge-de-35-mectres-par-an.mp3\"><\/audio><\/figure>\n<\/div>\n<\/div>\n<\/div><\/div>\n\n\n\n<div class=\"section-wrapper\"><div class=\"wp-block-ws-library-scrollable-section-item ws-section-scrollable-item\">\n<div class=\"wp-block-group block-podcast has-global-padding is-layout-constrained wp-block-group-is-layout-constrained\">\n<div class=\"wp-block-group inner-content has-global-padding is-layout-constrained wp-block-group-is-layout-constrained\">\n<div class=\"wp-block-group wrapper-blurry is-layout-flow wp-block-group-is-layout-flow\">\n<h2 class=\"wp-block-heading has-text-align-center is-style-title-1\">Flug <strong>\u00fcber den Gletscher<\/strong><\/h2>\n\n\n\n<p class=\"has-text-align-center\">mit der Stimme von David Le Guen, Verkaufs- und Kommunikationsmanager bei der Gletscherbahn von La Meije<\/p>\n<\/div>\n\n\n\n<figure class=\"wp-block-audio\"><audio controls=\"\" src=\"https:\/\/www.hautes-alpes.net\/wp-content\/uploads\/2025\/11\/4-02-survoler-le-glacier.mp3\"><\/audio><\/figure>\n<\/div>\n<\/div>\n<\/div><\/div>\n\n\n\n<div class=\"section-wrapper\"><div class=\"wp-block-ws-library-scrollable-section-item ws-section-scrollable-item\">\n<div class=\"wp-block-group block-podcast has-global-padding is-layout-constrained wp-block-group-is-layout-constrained\">\n<div class=\"wp-block-group inner-content has-global-padding is-layout-constrained wp-block-group-is-layout-constrained\">\n<div class=\"wp-block-group wrapper-blurry is-layout-flow wp-block-group-is-layout-flow\">\n<h2 class=\"wp-block-heading has-text-align-center is-style-title-1\">Wir wissen nicht, <strong>wann es fallen wird<\/strong><\/h2>\n\n\n\n<p class=\"has-text-align-center\">mit den Stimmen von Erin Smart und Benjamin Ribeyre, Bergf\u00fchrer in La Grave<\/p>\n<\/div>\n\n\n\n<figure class=\"wp-block-audio\"><audio controls=\"\" src=\"https:\/\/www.hautes-alpes.net\/wp-content\/uploads\/2025\/11\/4-03-on-ne-sait-pas-quand-coa-va-tomber.mp3\"><\/audio><\/figure>\n<\/div>\n<\/div>\n<\/div><\/div>\n<\/div><\/div><\/div>\n\n<div style=\"height:50px\" aria-hidden=\"true\" class=\"wp-block-spacer\"><\/div>\n\n<h2 class=\"wp-block-heading is-style-title-1\"><strong>Agiles<\/strong><\/h2>\n\n<div class=\"wp-block-ws-library-scrollable-section ws-section-scrollable alignfull\"><div class=\"scrollable-item\"><div class=\"group-content\"><div class=\"wrapper\"><h3 class=\"field-title\"><strong><strong><strong><strong><strong><strong>Schneefarming<\/strong><\/strong><\/strong><\/strong><\/strong><\/strong><\/h3><div class=\"field-intro\"><p>Schnee konservieren, um sich besser auf den Winter vorzubereiten<\/p><\/div><\/div><\/div><div class=\"group-innerblocks\"><div class=\"group-media\"><div class=\"field-image\"><img decoding=\"async\" src=\"https:\/\/www.hautes-alpes.net\/wp-content\/uploads\/2026\/04\/snowfarmpsv3-1140x620.jpg\" alt=\"\"\/><\/div><div class=\"credits\">puy saint vincent<\/div><\/div>\n<div class=\"section-wrapper\"><div class=\"wp-block-ws-library-scrollable-section-item ws-section-scrollable-item is-style-bg-grey\">\n<p>\u00c0 <strong><a href=\"https:\/\/www.hautes-alpes.net\/de\/reiseziele-hautes-alpes\/puy-saint-vincent\/\">Puy-Saint-Vincent<\/a><\/strong>ist der Schnee mit dem Fr\u00fchling nicht v\u00f6llig verschwunden. Das Skigebiet setzt auf &#8220;Snow Farming&#8220;, eine innovative Technik, die darin besteht, fast 14.000 m\u00b3 Schnee zu lagern. Am Ende der Saison wird der Schnee zu einem beeindruckenden H\u00fcgel von ca. 72 Metern L\u00e4nge zusammengetragen und mit isolierenden Materialien wie S\u00e4gemehl und geotextilen Planen bedeckt, um das Schmelzen w\u00e4hrend des Sommers zu begrenzen.  <\/p>\n<\/div><\/div>\n\n\n\n<div class=\"section-wrapper\"><div class=\"wp-block-ws-library-scrollable-section-item ws-section-scrollable-item is-style-default\">\n<p>Das System basiert auf einer patentierten Technologie, die von einem finnischen Unternehmen entwickelt wurde und bereits in etwa 60 Urlaubsorten weltweit eingesetzt wird. <strong><a href=\"https:\/\/www.hautes-alpes.net\/de\/reiseziele-hautes-alpes\/puy-saint-vincent\/\">Puy-Saint-Vincent<\/a><\/strong> Der erste franz\u00f6sische Ort, der diese Technik einsetzt, ist ein Pionier.<\/p>\n<\/div><\/div>\n\n\n\n<div class=\"section-wrapper\"><div class=\"wp-block-ws-library-scrollable-section-item ws-section-scrollable-item\">\n<div class=\"wp-block-ws-library-ws-image\"><div class=\"wrapper\"><div class=\"group-media\"><img decoding=\"async\" src=\"https:\/\/www.hautes-alpes.net\/wp-content\/uploads\/2026\/04\/snowfarmpsv2-853x640.jpg\" alt=\"\" class=\"single_image ws-image-500253\"><div class=\"credits\">puy saint vincent<\/div><\/div><p class=\"caption\"><\/p><\/div><\/div>\n<\/div><\/div>\n\n\n\n<div class=\"section-wrapper\"><div class=\"wp-block-ws-library-scrollable-section-item ws-section-scrollable-item\">\n<p>Im Herbst wird der konservierte Schnee auf die strategischen Pisten verteilt, um die Er\u00f6ffnung des Skigebiets zu sichern und zu beschleunigen. Ein konkreter Ansatz, der es erm\u00f6glicht, den Einsatz von Kunstschnee zu Beginn der Saison zu reduzieren und gleichzeitig das Wassermanagement zu optimieren. Ein gutes Beispiel f\u00fcr die Innovationsf\u00e4higkeit <strong>der Skigebiete in den Hautes-Alpes<\/strong> angesichts der klimatischen Herausforderungen.  <\/p>\n<\/div><\/div>\n<\/div><\/div><\/div>\n\n<div class=\"wp-block-ws-library-scrollable-section ws-section-scrollable alignfull\"><div class=\"scrollable-item\"><div class=\"group-content\"><div class=\"wrapper\"><h3 class=\"field-title\"><strong>Abfallfreie Berge<\/strong><\/h3><div class=\"field-intro\"><p>Treffen S\u00fcdalpen<\/p><\/div><\/div><\/div><div class=\"group-innerblocks\"><div class=\"group-media\"><div class=\"field-image\"><img decoding=\"async\" src=\"https:\/\/www.hautes-alpes.net\/wp-content\/uploads\/2026\/03\/equestrioxmountainriders-ludovicfremondiere-46-1140x620.jpg\" alt=\"\"\/><\/div><div class=\"credits\">Ludovic Fremondiere<\/div><\/div>\n<div class=\"section-wrapper\"><div class=\"wp-block-ws-library-scrollable-section-item ws-section-scrollable-item is-style-default\">\n<p>Savines-le-Lac, Donnerstag, den 26. M\u00e4rz 2026.<\/p>\n\n\n\n<p><strong>Das Treffen der S\u00fcdalpen<\/strong> <strong>&#8220;Berge ohne wilde Abf\u00e4lle&#8220;<\/strong> brachte \u00f6ffentliche, private und assoziative Akteure mit einem gemeinsamen Ziel zusammen: <strong>die Erhaltung der \u00d6kosysteme in den H\u00f6henlagen<\/strong>.<\/p>\n<\/div><\/div>\n\n\n\n<div class=\"section-wrapper\"><div class=\"wp-block-ws-library-scrollable-section-item ws-section-scrollable-item is-style-default\">\n<p><strong>Die Entwicklungsagentur der Hautes-Alpes<\/strong>, Mitorganisator der Veranstaltung, die von der <strong>Mountain Riders<\/strong> Association konzipiert und geleitet wurde, spielt eine Rolle als Kopf des Netzwerkes, indem sie die Gebiete, die die Charta unterzeichnet haben, zusammenbringt.<\/p>\n<\/div><\/div>\n\n\n\n<div class=\"section-wrapper\"><div class=\"wp-block-ws-library-scrollable-section-item ws-section-scrollable-item\">\n<div class=\"wp-block-ws-library-ws-image is-style-default\"><div class=\"wrapper\"><div class=\"group-media\"><img decoding=\"async\" src=\"https:\/\/www.hautes-alpes.net\/wp-content\/uploads\/2026\/03\/pxl-20260326-0930313982-482x640.jpg\" alt=\"\" class=\"single_image ws-image-435101\"><div class=\"credits\">AD 05<\/div><\/div><p class=\"caption\"><\/p><\/div><\/div>\n<\/div><\/div>\n\n\n\n<div class=\"section-wrapper\"><div class=\"wp-block-ws-library-scrollable-section-item ws-section-scrollable-item\">\n<div class=\"wp-block-ws-library-ws-image\"><div class=\"wrapper\"><div class=\"group-media\"><img decoding=\"async\" src=\"https:\/\/www.hautes-alpes.net\/wp-content\/uploads\/2026\/03\/pxl-20260326-0929135162-1240x800.jpg\" alt=\"\" class=\"single_image ws-image-435104\"><div class=\"credits\">AD05<\/div><\/div><p class=\"caption\"><\/p><\/div><\/div>\n<\/div><\/div>\n\n\n\n<div class=\"section-wrapper\"><div class=\"wp-block-ws-library-scrollable-section-item ws-section-scrollable-item\">\n<p>Die <strong>M\u00fcllsammelaktionen in den Bergen<\/strong> erinnern an eine grundlegende Herausforderung: Die Berge sind auch die Quelle des Wasserkreislaufs. Der Schutz dieser Gebiete bedeutet, dass das Wasser von Anfang an sauber ist. Die Charta &#8220;Berge ohne Abfall&#8220; verk\u00f6rpert dieses kollektive Engagement.  <\/p>\n<\/div><\/div>\n\n\n\n<div class=\"section-wrapper\"><div class=\"wp-block-ws-library-scrollable-section-item ws-section-scrollable-item\">\n<p>Die Ergebnisse sind ermutigend: 2025 wurden in der Region Provence Alpes C\u00f4te d&#8217;Azur <strong>1,98 Tonnen Abfall<\/strong> in <strong>13 Aktionen<\/strong> gesammelt, an denen <strong>700 Freiwillige<\/strong> beteiligt waren.  <\/p>\n\n\n\n<p>Positiv zu vermerken ist, dass <strong>die wilde Verschmutzung<\/strong> in den Bergen <strong>um 7,6% zur\u00fcckging<\/strong>.<\/p>\n<\/div><\/div>\n\n\n\n<div class=\"section-wrapper\"><div class=\"wp-block-ws-library-scrollable-section-item ws-section-scrollable-item\">\n<div class=\"wp-block-ws-library-ws-video\"><div class=\"wrapper\"><div class=\"group-media\">\n<figure class=\"wp-block-embed is-type-video is-provider-youtube wp-block-embed-youtube\"><div class=\"wp-block-embed__wrapper\">\n<iframe loading=\"lazy\" title=\"La Charte nationale Montagne Z\u00e9ro D\u00e9chet\" width=\"500\" height=\"281\" src=\"https:\/\/www.youtube.com\/embed\/3l9S-wdPIQs?feature=oembed\" frameborder=\"0\" allow=\"accelerometer; autoplay; clipboard-write; encrypted-media; gyroscope; picture-in-picture; web-share\" referrerpolicy=\"strict-origin-when-cross-origin\" allowfullscreen><\/iframe>\n<\/div><\/figure>\n<\/div><\/div><\/div>\n<\/div><\/div>\n<\/div><\/div><\/div>\n\n<div class=\"wp-block-ws-library-scrollable-section ws-section-scrollable alignfull\"><div class=\"scrollable-item\"><div class=\"group-content\"><div class=\"wrapper\"><h3 class=\"field-title\"><strong>Serre Chevalier<\/strong><\/h3><div class=\"field-intro\"><p>Der Raum f\u00fcr Anf\u00e4nger gewinnt an H\u00f6he<\/p><\/div><\/div><\/div><div class=\"group-innerblocks\"><div class=\"group-media\"><div class=\"field-image\"><img decoding=\"async\" src=\"https:\/\/www.hautes-alpes.net\/wp-content\/uploads\/2026\/03\/plateau-de-mea-5-1140x620.jpg\" alt=\"\"\/><\/div><div class=\"credits\">OT Serre Chevalier<\/div><\/div>\n<div class=\"section-wrapper\"><div class=\"wp-block-ws-library-scrollable-section-item ws-section-scrollable-item is-style-bg-grey\">\n<p>In <strong>Serre Chevalier<\/strong> setzt das <strong>Plateau de M\u00e9a<\/strong> seine Entwicklung mit einem Gebiet fort, das auf 2300 m H\u00f6he ganz den Skianf\u00e4ngern gewidmet ist. Seit diesem Winter gibt es einen neuen 450 m langen Skilift, den Pr\u00e9 de Jeanne, der die bestehenden Anlagen erg\u00e4nzt. <\/p>\n<\/div><\/div>\n\n\n\n<div class=\"section-wrapper\"><div class=\"wp-block-ws-library-scrollable-section-item ws-section-scrollable-item is-style-default\">\n<p>Die Einrichtung wurde in Zusammenarbeit mit dem franz\u00f6sischen Lieferanten Ficalp entworfen und ist Teil der Umweltstrategie von <strong>Serre Chevalier<\/strong>.  <\/p>\n\n\n\n<p>Durch die Bevorzugung des Skifahrens in h\u00f6heren Lagen <strong>passt sich das Gebiet den klimatischen Herausforderungen an<\/strong> und garantiert gleichzeitig optimale Bedingungen, um das Skifahren zu entdecken und in den kommenden Jahren Fortschritte zu machen.<\/p>\n<\/div><\/div>\n\n\n\n<div class=\"section-wrapper\"><div class=\"wp-block-ws-library-scrollable-section-item ws-section-scrollable-item\">\n<p>Gesch\u00fctzt vor schlechtem Wetter k\u00f6nnen die Skisch\u00fcler die \u00dcbungen in aller Ruhe wiederholen und nach und nach die gr\u00fcnen und blauen Pisten der Gegend erkunden.  <\/p>\n\n\n\n<p>Diese Einrichtung tr\u00e4gt auch dazu bei, die Besucherzahlen zu erh\u00f6hen, indem sie die Warteschlangen verringert.<\/p>\n<\/div><\/div>\n\n\n\n<div class=\"section-wrapper\"><div class=\"wp-block-ws-library-scrollable-section-item ws-section-scrollable-item\">\n<div class=\"wp-block-ws-library-ws-image is-style-simple\"><div class=\"wrapper\"><div class=\"group-media\"><img decoding=\"async\" src=\"https:\/\/www.hautes-alpes.net\/wp-content\/uploads\/2026\/03\/plateau-de-mea-3-960x640.jpg\" alt=\"\" class=\"single_image ws-image-377675\"><div class=\"credits\">OT Serre Chevalier<\/div><\/div><p class=\"caption\"><\/p><\/div><\/div>\n<\/div><\/div>\n<\/div><\/div><\/div>\n\n<div class=\"wp-block-ws-library-scrollable-section ws-section-scrollable alignfull\"><div class=\"scrollable-item\"><div class=\"group-content\"><div class=\"wrapper\"><h3 class=\"field-title\"><strong><strong>R\u00e9allon erh\u00e4lt die &#8220;Gr\u00fcne Flocke&#8220;.<\/strong><\/strong><\/h3><div class=\"field-intro\"><p><\/p><\/div><\/div><\/div><div class=\"group-innerblocks\"><div class=\"group-media\"><div class=\"field-image\"><img decoding=\"async\" src=\"https:\/\/www.hautes-alpes.net\/wp-content\/uploads\/2026\/01\/reallon-panorama-fabien-thibault-1140x620.jpg\" alt=\"\"\/><\/div><div class=\"credits\"><\/div><\/div>\n<div class=\"section-wrapper\"><div class=\"wp-block-ws-library-scrollable-section-item ws-section-scrollable-item\">\n<p>Der Ort <a href=\"https:\/\/www.hautes-alpes.net\/de\/reiseziele-hautes-alpes\/reallon-crevoux\/\" type=\"page\" id=\"74196\">R\u00e9allon <\/a>erhielt die <strong>Gr\u00fcne Flocke<\/strong> (<sup>1.<\/sup> Stufe), die von der Vereinigung Mountain Riders verliehen wird, die Bergorte auszeichnet, die sich f\u00fcr den \u00f6kologischen Wandel engagieren. Der Ort liegt am Rande des <strong>\u00c9crins-Nationalparks<\/strong> und \u00fcberblickt den See von Serre-Pon\u00e7on. <\/p>\n<\/div><\/div>\n\n\n\n<div class=\"section-wrapper\"><div class=\"wp-block-ws-library-scrollable-section-item ws-section-scrollable-item\">\n<p>R\u00e9allon f\u00fchrt mehrere strukturierende Ma\u00dfnahmen im Zusammenhang mit dem G\u00fctesiegel durch: Optimierung des Wasserverbrauchs, Installation von <strong>Sonnenkollektoren<\/strong> und Gr\u00fcndung einer Gesellschaft f\u00fcr kollektiven Eigenverbrauch (25%<strong>Eigenverbrauch von Energie<\/strong>).<\/p>\n<\/div><\/div>\n\n\n\n<div class=\"section-wrapper\"><div class=\"wp-block-ws-library-scrollable-section-item ws-section-scrollable-item\">\n<p>Au\u00dferdem gibt es eine <strong>Charta f\u00fcr verantwortungsbewusste<\/strong> Gastgeber, Restaurants und Dienstleister, die sich f\u00fcr kurze Wege, Abfallvermeidung und sanfte Mobilit\u00e4t (Fahrgemeinschaften, Shuttle-Busse) einsetzt.<\/p>\n<\/div><\/div>\n\n\n\n<div class=\"section-wrapper\"><div class=\"wp-block-ws-library-scrollable-section-item ws-section-scrollable-item\">\n<div class=\"wp-block-ws-library-ws-image\"><div class=\"wrapper\"><div class=\"group-media\"><img decoding=\"async\" src=\"https:\/\/www.hautes-alpes.net\/wp-content\/uploads\/2026\/01\/reallon-panorama-2-fabien-thibault-960x640.jpg\" alt=\"\" class=\"single_image ws-image-233001\"><div class=\"credits\">F. Thibault<\/div><\/div><p class=\"caption\"><\/p><\/div><\/div>\n<\/div><\/div>\n\n\n\n<div class=\"section-wrapper\"><div class=\"wp-block-ws-library-scrollable-section-item ws-section-scrollable-item\">\n<div class=\"wp-block-ws-library-ws-image\"><div class=\"wrapper\"><div class=\"group-media\"><img decoding=\"async\" src=\"https:\/\/www.hautes-alpes.net\/wp-content\/uploads\/2026\/01\/reallon-telesiege-cedric-tempier-addet05-1240x800.jpg\" alt=\"\" class=\"single_image ws-image-233002\"><div class=\"credits\">C. Tempier - AD05<\/div><\/div><p class=\"caption\"><\/p><\/div><\/div>\n<\/div><\/div>\n<\/div><\/div><\/div>\n\n<div class=\"wp-block-ws-library-scrollable-section ws-section-scrollable alignfull\"><div class=\"scrollable-item\"><div class=\"group-content\"><div class=\"wrapper\"><h3 class=\"field-title\">Klimawandel<\/h3><div class=\"field-intro\"><p>Die Realit\u00e4t einer anpassungsf\u00e4higen Abteilung<\/p><\/div><\/div><\/div><div class=\"group-innerblocks\"><div class=\"group-media\"><div class=\"field-image\"><img decoding=\"async\" src=\"https:\/\/www.hautes-alpes.net\/wp-content\/uploads\/2025\/11\/bivouac-au-tuckett-65-thibautblais-1140x620.jpg\" alt=\"\"\/><\/div><div class=\"credits\">T. Blais<\/div><\/div>\n<div class=\"section-wrapper\"><div class=\"wp-block-ws-library-scrollable-section-item ws-section-scrollable-item\">\n<p>Die Journalistinnen <strong>Catherine P\u00e9tillon<\/strong> und <strong>V\u00e9ronique Rebeyrotte<\/strong> vom Radiosender <strong>France Culture<\/strong> sind in den Hautes-Alpes unterwegs.<\/p>\n\n\n\n<p>Von den Obstg\u00e4rten der Haute-Durance bis zu den Gletschern der Haute-Romanche, eindringliche Berichte von Bergbewohnern, die mit den Ver\u00e4nderungen des Klimas konfrontiert sind.<\/p>\n\n\n\n<p><\/p>\n\n\n\n<div class=\"wp-block-buttons is-content-justification-left is-layout-flex wp-container-core-buttons-is-layout-fc4fd283 wp-block-buttons-is-layout-flex\">\n<div class=\"wp-block-button has-custom-width wp-block-button__width-50\"><a class=\"wp-block-button__link wp-element-button\" href=\"https:\/\/www.radiofrance.fr\/franceculture\/podcasts\/grand-reportage\/s-adapter-aux-changements-climatiques-deja-une-realite-dans-les-hautes-alpes-2769359\" target=\"_blank\" rel=\"noreferrer noopener\">H\u00f6ren Sie<\/a><\/div>\n<\/div>\n<\/div><\/div>\n<\/div><\/div><\/div>\n\n<div class=\"wp-block-ws-library-scrollable-section ws-section-scrollable alignfull\"><div class=\"scrollable-item\"><div class=\"group-content\"><div class=\"wrapper\"><h3 class=\"field-title\">Landwirtschaft<\/h3><div class=\"field-intro\"><p>Alte Rebsorten helfen dem hochalpinen Weinbaugebiet<\/p><\/div><\/div><\/div><div class=\"group-innerblocks\"><div class=\"group-media\"><div class=\"field-image\"><img decoding=\"async\" src=\"https:\/\/www.hautes-alpes.net\/wp-content\/uploads\/2026\/01\/bertheloot-puy-sanieres-patrick-domeyne-4-1-1140x620.jpg\" alt=\"\"\/><\/div><div class=\"credits\">P. Domeyne - AD05<\/div><\/div>\n<div class=\"section-wrapper\"><div class=\"wp-block-ws-library-scrollable-section-item ws-section-scrollable-item\">\n<p>Die globale Erw\u00e4rmung kann die Qualit\u00e4t einiger Weine beeintr\u00e4chtigen. Steigende Temperaturen bedeuten einen Anstieg des Zuckergehalts in den Trauben und damit auch des Alkoholgehalts in der Flasche. Um nicht vom Markt zu verschwinden, mussten sich die betroffenen Weinberge anpassen, indem sie insbesondere alte Rebsorten wieder anpflanzten, die manchmal seit mehr als einem Jahrhundert nicht mehr angebaut wurden.    <\/p>\n<\/div><\/div>\n\n\n\n<div class=\"section-wrapper\"><div class=\"wp-block-ws-library-scrollable-section-item ws-section-scrollable-item\">\n<p>Seit mehreren Jahren, ohne die Auswirkungen der Klimaerw\u00e4rmung auf Reben und Wein abzuwarten, haben sich die Hautes-Alpes f\u00fcr diesen gewagten Ansatz entschieden, so wie die <strong>Domaine Allemand<\/strong> mit ihrer endemischen Rebsorte Mollard.  <\/p>\n<\/div><\/div>\n\n\n\n<div class=\"section-wrapper\"><div class=\"wp-block-ws-library-scrollable-section-item ws-section-scrollable-item\">\n<p>Diese Rebsorten, die Ende des <sup>19<\/sup>. Jahrhunderts w\u00e4hrend der Reblaus-Epidemie aufgegeben wurden, scheinen nun mit der Entwicklung des Klimas in Einklang zu stehen.<\/p>\n\n\n\n<p>  Dies er\u00f6ffnet neue Perspektiven f\u00fcr die<strong>IGP Vins des Hautes-Alpes<\/strong> und die gesamte Branche.<\/p>\n<\/div><\/div>\n\n\n\n<div class=\"section-wrapper\"><div class=\"wp-block-ws-library-scrollable-section-item ws-section-scrollable-item\">\n<div class=\"wp-block-ws-library-ws-image\"><div class=\"wrapper\"><div class=\"group-media\"><img decoding=\"async\" src=\"https:\/\/www.hautes-alpes.net\/wp-content\/uploads\/2025\/12\/7b3a0868-2-1240x800.jpg\" alt=\"\" class=\"single_image ws-image-137107\"><div class=\"credits\">P.Domeyne<\/div><\/div><p class=\"caption\"><\/p><\/div><\/div>\n<\/div><\/div>\n\n\n\n<div class=\"section-wrapper\"><div class=\"wp-block-ws-library-scrollable-section-item ws-section-scrollable-item\">\n<div class=\"wp-block-ws-library-ws-image\"><div class=\"wrapper\"><div class=\"group-media\"><img decoding=\"async\" src=\"https:\/\/www.hautes-alpes.net\/wp-content\/uploads\/2025\/12\/la-clochere-allard-latour-remollon-3-1240x800.jpg\" alt=\"\" class=\"single_image ws-image-137104\"><div class=\"credits\">P.Domeyne<\/div><\/div><p class=\"caption\"><\/p><\/div><\/div>\n<\/div><\/div>\n<\/div><\/div><\/div>\n\n<div class=\"wp-block-ws-library-scrollable-section ws-section-scrollable alignfull\"><div class=\"scrollable-item\"><div class=\"group-content\"><div class=\"wrapper\"><h3 class=\"field-title\">Innovation<\/h3><div class=\"field-intro\"><p>Die Umwelt ist ein zentrales Anliegen des Territoriums<\/p><\/div><\/div><\/div><div class=\"group-innerblocks\"><div class=\"group-media\"><div class=\"field-image\"><img decoding=\"async\" src=\"https:\/\/www.hautes-alpes.net\/wp-content\/uploads\/2025\/11\/agiles-lenvironnement-au-coeur-des-preoccupations-des-stations-des-hautes-alpes-r-morel-1140x620.jpg\" alt=\"\"\/><\/div><div class=\"credits\">R. Morel<\/div><\/div>\n<div class=\"section-wrapper\"><div class=\"wp-block-ws-library-scrollable-section-item ws-section-scrollable-item\">\n<p>N\u00fcchternheit und technologische Innovationen, die Skigebiete setzen ihre Aktionen zugunsten einer nachhaltigeren und umweltfreundlicheren Tourismusentwicklung fort.  <\/p>\n<\/div><\/div>\n\n\n\n<div class=\"section-wrapper\"><div class=\"wp-block-ws-library-scrollable-section-item ws-section-scrollable-item\">\n<p>Eigene Energieerzeugung durch erneuerbare Energien in <strong><a href=\"https:\/\/www.hautes-alpes.net\/de\/reiseziele-hautes-alpes\/serre-chevalier\/\">Serre Chevalier<\/a><\/strong>Sie finden alle umweltfreundlichen Initiativen der Skigebiete des Departements in <strong>den<\/strong> Pressemappen der Skigebiete.<\/p>\n<\/div><\/div>\n<\/div><\/div><\/div>\n\n<div class=\"wp-block-ws-library-scrollable-section ws-section-scrollable alignfull\"><div class=\"scrollable-item\"><div class=\"group-content\"><div class=\"wrapper\"><h3 class=\"field-title\">Vier Jahreszeiten<\/h3><div class=\"field-intro\"><p>Das Beispiel der Gemeinde Le Mon\u00eatier-les-Bains in Serre Chevalier<\/p><\/div><\/div><\/div><div class=\"group-innerblocks\"><div class=\"group-media\"><div class=\"field-image\"><img decoding=\"async\" src=\"https:\/\/www.hautes-alpes.net\/wp-content\/uploads\/2025\/11\/agiles-decouverte-de-monetier-les-bains-alpes-photographies-1140x620.jpg\" alt=\"\"\/><\/div><div class=\"credits\">Alpes Photographies<\/div><\/div>\n<div class=\"section-wrapper\"><div class=\"wp-block-ws-library-scrollable-section-item ws-section-scrollable-item\">\n<p><strong>Le<\/strong> <strong>Mon\u00eatier-les-Bains<\/strong> ist ein kleines Bergdorf <strong>im Nationalpark Les \u00c9crins<\/strong> und als Bergsteigerland bekannt.  <\/p>\n\n\n\n<p>Seit kurzem wird hier auch Bouldern praktiziert. Eine <strong>France 3-Reportage<\/strong> von <strong>Lucie Robert<\/strong> und <strong>Fabien Madigou<\/strong>. <\/p>\n\n\n\n<div class=\"wp-block-buttons is-layout-flex wp-block-buttons-is-layout-flex\">\n<div class=\"wp-block-button\"><a class=\"wp-block-button__link wp-element-button\" href=\"https:\/\/www.youtube.com\/watch?v=dc7zesZcFis\">Video<\/a><\/div>\n<\/div>\n<\/div><\/div>\n<\/div><\/div><\/div>\n\n<div class=\"wp-block-ws-library-scrollable-section ws-section-scrollable alignfull\"><div class=\"scrollable-item\"><div class=\"group-content\"><div class=\"wrapper\"><h3 class=\"field-title\">Lebensmittel<\/h3><div class=\"field-intro\"><p>Ein departementales Lebensmittelprojekt<\/p><\/div><\/div><\/div><div class=\"group-innerblocks\"><div class=\"group-media\"><div class=\"field-image\"><img decoding=\"async\" src=\"https:\/\/www.hautes-alpes.net\/wp-content\/uploads\/2025\/12\/gaec-val-azur-traite-bleu-du-queyras-1-1-1140x620.jpg\" alt=\"\"\/><\/div><div class=\"credits\">P. Domeyne - AD05<\/div><\/div>\n<div class=\"section-wrapper\"><div class=\"wp-block-ws-library-scrollable-section-item ws-section-scrollable-item\">\n<p>Angesichts der <strong>Dringlichkeit von Klima-<\/strong>, <strong>Energie-<\/strong> und <strong>Umweltfragen<\/strong> stellte die Regierung die aus der<strong> \u00f6kologischen Planung<\/strong> hervorgegangenen Leitlinien vor, um die franz\u00f6sischen Treibhausgasemissionen um mehr als die H\u00e4lfte zu senken, den Druck auf die Biodiversit\u00e4t zu verringern und die wichtigsten Ressourcen besser zu verwalten.  <\/p>\n<\/div><\/div>\n\n\n\n<div class=\"section-wrapper\"><div class=\"wp-block-ws-library-scrollable-section-item ws-section-scrollable-item\">\n<p>Der PAT des Departements Hautes-Alpes verleiht dem Nahrungsmittelsystem des Departements eine Gesamtkoh\u00e4renz mit einem einzigen Ziel: eine <strong>hervorragende und beispielhafte Ern\u00e4hrung anzustreben<\/strong>. Dies ist eine Antwort auf die derzeitige \u00f6kologische, wirtschaftliche und soziale Krise.   <\/p>\n<\/div><\/div>\n\n\n\n<div class=\"section-wrapper\"><div class=\"wp-block-ws-library-scrollable-section-item ws-section-scrollable-item\">\n<div class=\"wp-block-ws-library-ws-image\"><div class=\"wrapper\"><div class=\"group-media\"><img decoding=\"async\" src=\"https:\/\/www.hautes-alpes.net\/wp-content\/uploads\/2025\/12\/gaec-val-azur-2-427x640.jpg\" alt=\"\" class=\"single_image ws-image-146495\"><div class=\"credits\">P. Domeyne - AD05<\/div><\/div><p class=\"caption\"><\/p><\/div><\/div>\n<\/div><\/div>\n\n\n\n<div class=\"section-wrapper\"><div class=\"wp-block-ws-library-scrollable-section-item ws-section-scrollable-item\">\n<div class=\"wp-block-ws-library-ws-image\"><div class=\"wrapper\"><div class=\"group-media\"><img decoding=\"async\" src=\"https:\/\/www.hautes-alpes.net\/wp-content\/uploads\/2025\/12\/traite-tarines-arvieux-patrick-domeyne-2-960x640.jpg\" alt=\"\" class=\"single_image ws-image-146493\"><div class=\"credits\"><\/div><\/div><p class=\"caption\"><\/p><\/div><\/div>\n<\/div><\/div>\n\n\n\n<div class=\"section-wrapper\"><div class=\"wp-block-ws-library-scrollable-section-item ws-section-scrollable-item\">\n<div class=\"wp-block-ws-library-ws-image\"><div class=\"wrapper\"><div class=\"group-media\"><img decoding=\"async\" src=\"https:\/\/www.hautes-alpes.net\/wp-content\/uploads\/2025\/12\/traite-tarines-arvieux-patrick-domeyne-34-907x640.jpg\" alt=\"\" class=\"single_image ws-image-146492\"><div class=\"credits\">P. Domeyne - AD05<\/div><\/div><p class=\"caption\"><\/p><\/div><\/div>\n<\/div><\/div>\n\n\n\n<div class=\"section-wrapper\"><div class=\"wp-block-ws-library-scrollable-section-item ws-section-scrollable-item\">\n<div class=\"wp-block-ws-library-ws-image\"><div class=\"wrapper\"><div class=\"group-media\"><img decoding=\"async\" src=\"https:\/\/www.hautes-alpes.net\/wp-content\/uploads\/2025\/12\/la-grande-tableue-ac-la-place-des-pates-1240x800.jpg\" alt=\"\" class=\"single_image ws-image-92006\"><div class=\"credits\">P. Domeyne - AD05<\/div><\/div><p class=\"caption\"><\/p><\/div><\/div>\n<\/div><\/div>\n<div class=\"field-link\"><a href=\"https:\/\/www.hautes-alpes.net\/filieres-economiques\/pat\/\" class=\"cardlink\">Voir la page<\/a><\/div><\/div><\/div><\/div>\n\n<div class=\"wp-block-ws-library-scrollable-section ws-section-scrollable alignfull\"><div class=\"scrollable-item\"><div class=\"group-content\"><div class=\"wrapper\"><h3 class=\"field-title\">Soziale Verantwortung von Unternehmen<\/h3><div class=\"field-intro\"><p>Eine territoriale Version von CSR<\/p><\/div><\/div><\/div><div class=\"group-innerblocks\"><div class=\"group-media\"><div class=\"field-image\"><img decoding=\"async\" src=\"https:\/\/www.hautes-alpes.net\/wp-content\/uploads\/2025\/12\/acanthis-inauguration-extension-patrick-domeyne-2024-6-1140x620.jpg\" alt=\"\"\/><\/div><div class=\"credits\">P. Domeyne - AD05<\/div><\/div>\n<div class=\"section-wrapper\"><div class=\"wp-block-ws-library-scrollable-section-item ws-section-scrollable-item\">\n<p>Im Hinblick auf die Olympischen und Paralympischen Spiele in den franz\u00f6sischen Alpen 2030 engagieren sich die Hautes-Alpes in einem ehrgeizigen territorialen CSR-Projekt.<\/p>\n<\/div><\/div>\n\n\n\n<div class=\"section-wrapper\"><div class=\"wp-block-ws-library-scrollable-section-item ws-section-scrollable-item\">\n<p>Am 8. Januar 2026 unterzeichneten etwa zwanzig Berufsorganisationen des Departements (Handelskammern, Verb\u00e4nde, Gewerkschaften, repr\u00e4sentative Organisationen usw.) <strong>die CSR-Charta Hautes-Alpes<\/strong>.<\/p>\n<\/div><\/div>\n\n\n\n<div class=\"section-wrapper\"><div class=\"wp-block-ws-library-scrollable-section-item ws-section-scrollable-item\">\n<div class=\"wp-block-ws-library-ws-image\"><div class=\"wrapper\"><div class=\"group-media\"><img decoding=\"async\" src=\"https:\/\/www.hautes-alpes.net\/wp-content\/uploads\/2025\/12\/acanthis-inauguration-extension-patrick-domeyne-2024-11-960x640.jpg\" alt=\"\" class=\"single_image ws-image-145592\"><div class=\"credits\">P. Domeyne - AD05<\/div><\/div><p class=\"caption\"><\/p><\/div><\/div>\n<\/div><\/div>\n\n\n\n<div class=\"section-wrapper\"><div class=\"wp-block-ws-library-scrollable-section-item ws-section-scrollable-item\">\n<div class=\"wp-block-ws-library-ws-image\"><div class=\"wrapper\"><div class=\"group-media\"><img decoding=\"async\" src=\"https:\/\/www.hautes-alpes.net\/wp-content\/uploads\/2025\/12\/semaine-de-lindustrie-18-960x640.jpg\" alt=\"\" class=\"single_image ws-image-146282\"><div class=\"credits\">C. Tempier - AD05<\/div><\/div><p class=\"caption\"><\/p><\/div><\/div>\n<\/div><\/div>\n\n\n\n<div class=\"section-wrapper\"><div class=\"wp-block-ws-library-scrollable-section-item ws-section-scrollable-item\">\n<div class=\"wp-block-ws-library-ws-image\"><div class=\"wrapper\"><div class=\"group-media\"><img decoding=\"async\" src=\"https:\/\/www.hautes-alpes.net\/wp-content\/uploads\/2025\/12\/7b3a1716-1-427x640.jpg\" alt=\"\" class=\"single_image ws-image-146469\"><div class=\"credits\"><\/div><\/div><p class=\"caption\"><\/p><\/div><\/div>\n<\/div><\/div>\n\n\n\n<div class=\"section-wrapper\"><div class=\"wp-block-ws-library-scrollable-section-item ws-section-scrollable-item\">\n<div class=\"wp-block-ws-library-ws-image\"><div class=\"wrapper\"><div class=\"group-media\"><img decoding=\"async\" src=\"https:\/\/www.hautes-alpes.net\/wp-content\/uploads\/2025\/12\/semaine-de-lindustrie-11-960x640.jpg\" alt=\"\" class=\"single_image ws-image-146280\"><div class=\"credits\"><\/div><\/div><p class=\"caption\"><\/p><\/div><\/div>\n<\/div><\/div>\n\n\n\n<div class=\"section-wrapper\"><div class=\"wp-block-ws-library-scrollable-section-item ws-section-scrollable-item\">\n<div class=\"wp-block-ws-library-ws-image\"><div class=\"wrapper\"><div class=\"group-media\"><img decoding=\"async\" src=\"https:\/\/www.hautes-alpes.net\/wp-content\/uploads\/2025\/12\/7b3a1692-1-960x640.jpg\" alt=\"\" class=\"single_image ws-image-146468\"><div class=\"credits\"><\/div><\/div><p class=\"caption\"><\/p><\/div><\/div>\n<\/div><\/div>\n<div class=\"field-link\"><a href=\"https:\/\/www.hautes-alpes.net\/filieres-economiques\/rse\/\" class=\"cardlink\">Voir la page<\/a><\/div><\/div><\/div><\/div>\n\n<div class=\"wp-block-ws-library-scrollable-section ws-section-scrollable alignfull\"><div class=\"scrollable-item\"><div class=\"group-content\"><div class=\"wrapper\"><h3 class=\"field-title\">Gleichgewichtspunkt<\/h3><div class=\"field-intro\"><p>Die Hautes-Alpes er\u00f6ffnen einen Weg<\/p><\/div><\/div><\/div><div class=\"group-innerblocks\"><div class=\"group-media\"><div class=\"field-image\"><img decoding=\"async\" src=\"https:\/\/www.hautes-alpes.net\/wp-content\/uploads\/2025\/12\/vge-vallouise.jpg\" alt=\"\"\/><\/div><div class=\"credits\">Le Dauphin\u00e9 Lib\u00e9r\u00e9<\/div><\/div>\n<div class=\"section-wrapper\"><div class=\"wp-block-ws-library-scrollable-section-item ws-section-scrollable-item\">\n<p><strong>Jahrestag des Nationalparks Les \u00c9crins<\/strong> (2024) und der <strong>Vallouise-Rede<\/strong> von Val\u00e9ry Giscard d&#8217;Estaing im Jahr 1977, sind die Hautes-Alpes wegweisend.<\/p>\n\n\n\n<p>Ein Berggebiet, das sich seiner Schw\u00e4chen bewusst ist und nach einem Gleichgewicht zwischen dem Schutz und der Aufwertung einer au\u00dfergew\u00f6hnlichen Natur sucht, die sein gr\u00f6\u00dfter Reichtum ist.<\/p>\n\n\n\n<div class=\"wp-block-buttons is-layout-flex wp-block-buttons-is-layout-flex\">\n<div class=\"wp-block-button\"><a class=\"wp-block-button__link wp-element-button\" href=\"https:\/\/youtu.be\/3oAj0D4SCHs\" target=\"_blank\" rel=\"noreferrer noopener\">Video<\/a><\/div>\n<\/div>\n<\/div><\/div>\n<\/div><\/div><\/div>\n\n<div class=\"wp-block-ws-library-ws-share\"><span class=\"share-subtitle\">Hat Ihnen diese Seite gefallen?<\/span><span class=\"share-title\">Teilen Sie es mit anderen!<\/span><button class=\"ws-share-button wp-element-button\">Diese Seite teilen<\/button><\/div>\n","protected":false},"excerpt":{"rendered":"<p>Die Zerbrechlichkeit und Beweglichkeit der Hautes-Alpes Diese Seite erz\u00e4hlt sowohl von der Verletzlichkeit der Hautes-Alpes, einem Bergdepartement, das von den [&hellip;]<\/p>\n","protected":false},"author":2,"featured_media":0,"parent":0,"menu_order":0,"comment_status":"closed","ping_status":"closed","template":"","meta":{"is_dark_mode":false,"footnotes":""},"page_label":[],"class_list":["post-107988","page","type-page","status-publish","hentry"],"yoast_head":"<!-- This site is optimized with the Yoast SEO plugin v27.2 - https:\/\/yoast.com\/product\/yoast-seo-wordpress\/ -->\n<title>(Fr)agil - Hautes-Alpes<\/title>\n<meta name=\"description\" content=\"(Fr)agil Die Zerbrechlichkeit und Beweglichkeit der Hautes-Alpes Diese Seite erz\u00e4hlt sowohl von der Verletzlichkeit der Hautes-Alpes, einem\" \/>\n<meta name=\"robots\" content=\"index, follow, max-snippet:-1, max-image-preview:large, max-video-preview:-1\" \/>\n<link rel=\"canonical\" href=\"https:\/\/www.hautes-alpes.net\/de\/fragiles\/\" \/>\n<meta property=\"og:locale\" content=\"de_DE\" \/>\n<meta property=\"og:type\" content=\"article\" \/>\n<meta property=\"og:title\" content=\"(Fr)agil - Hautes-Alpes\" \/>\n<meta property=\"og:description\" content=\"(Fr)agil Die Zerbrechlichkeit und Beweglichkeit der Hautes-Alpes Diese Seite erz\u00e4hlt sowohl von der Verletzlichkeit der Hautes-Alpes, einem\" \/>\n<meta property=\"og:url\" content=\"https:\/\/www.hautes-alpes.net\/de\/fragiles\/\" \/>\n<meta property=\"og:site_name\" content=\"Hautes-Alpes\" \/>\n<meta property=\"article:modified_time\" content=\"2026-04-28T14:03:39+00:00\" \/>\n<meta property=\"og:image\" content=\"https:\/\/www.hautes-alpes.net\/wp-content\/uploads\/2026\/01\/maquette-image-flash-info5-1140x620.jpg\" \/>\n<meta name=\"twitter:card\" content=\"summary_large_image\" \/>\n<meta name=\"twitter:label1\" content=\"Gesch\u00e4tzte Lesezeit\" \/>\n\t<meta name=\"twitter:data1\" content=\"9 Minuten\" \/>\n<script type=\"application\/ld+json\" class=\"yoast-schema-graph\">{\"@context\":\"https:\/\/schema.org\",\"@graph\":[{\"@type\":\"WebPage\",\"@id\":\"https:\/\/www.hautes-alpes.net\/de\/fragiles\/\",\"url\":\"https:\/\/www.hautes-alpes.net\/de\/fragiles\/\",\"name\":\"(Fr)agil - Hautes-Alpes\",\"isPartOf\":{\"@id\":\"https:\/\/www.hautes-alpes.net\/de\/#website\"},\"primaryImageOfPage\":{\"@id\":\"https:\/\/www.hautes-alpes.net\/de\/fragiles\/#primaryimage\"},\"image\":{\"@id\":\"https:\/\/www.hautes-alpes.net\/de\/fragiles\/#primaryimage\"},\"thumbnailUrl\":\"https:\/\/www.hautes-alpes.net\/wp-content\/uploads\/2026\/01\/maquette-image-flash-info5-1140x620.jpg\",\"datePublished\":\"2025-11-12T11:44:56+00:00\",\"dateModified\":\"2026-04-28T14:03:39+00:00\",\"description\":\"(Fr)agil Die Zerbrechlichkeit und Beweglichkeit der Hautes-Alpes Diese Seite erz\u00e4hlt sowohl von der Verletzlichkeit der Hautes-Alpes, einem\",\"breadcrumb\":{\"@id\":\"https:\/\/www.hautes-alpes.net\/de\/fragiles\/#breadcrumb\"},\"inLanguage\":\"de\",\"potentialAction\":[{\"@type\":\"ReadAction\",\"target\":[\"https:\/\/www.hautes-alpes.net\/de\/fragiles\/\"]}]},{\"@type\":\"ImageObject\",\"inLanguage\":\"de\",\"@id\":\"https:\/\/www.hautes-alpes.net\/de\/fragiles\/#primaryimage\",\"url\":\"https:\/\/www.hautes-alpes.net\/wp-content\/uploads\/2026\/01\/maquette-image-flash-info5-1140x620.jpg\",\"contentUrl\":\"https:\/\/www.hautes-alpes.net\/wp-content\/uploads\/2026\/01\/maquette-image-flash-info5-1140x620.jpg\"},{\"@type\":\"BreadcrumbList\",\"@id\":\"https:\/\/www.hautes-alpes.net\/de\/fragiles\/#breadcrumb\",\"itemListElement\":[{\"@type\":\"ListItem\",\"position\":1,\"name\":\"Accueil\",\"item\":\"https:\/\/www.hautes-alpes.net\/de\/hautes-alpes\/\"},{\"@type\":\"ListItem\",\"position\":2,\"name\":\"(Fr)agil\"}]},{\"@type\":\"WebSite\",\"@id\":\"https:\/\/www.hautes-alpes.net\/de\/#website\",\"url\":\"https:\/\/www.hautes-alpes.net\/de\/\",\"name\":\"ADDET\",\"description\":\"\",\"publisher\":{\"@id\":\"https:\/\/www.hautes-alpes.net\/de\/#organization\"},\"potentialAction\":[{\"@type\":\"SearchAction\",\"target\":{\"@type\":\"EntryPoint\",\"urlTemplate\":\"https:\/\/www.hautes-alpes.net\/de\/?s={search_term_string}\"},\"query-input\":{\"@type\":\"PropertyValueSpecification\",\"valueRequired\":true,\"valueName\":\"search_term_string\"}}],\"inLanguage\":\"de\"},{\"@type\":\"Organization\",\"@id\":\"https:\/\/www.hautes-alpes.net\/de\/#organization\",\"name\":\"Agence D\u00e9partementale de D\u00e9veloppement Economique et Touristique des Hautes-Alpes\",\"url\":\"https:\/\/www.hautes-alpes.net\/de\/\",\"logo\":{\"@type\":\"ImageObject\",\"inLanguage\":\"de\",\"@id\":\"https:\/\/www.hautes-alpes.net\/de\/#\/schema\/logo\/image\/\",\"url\":\"https:\/\/www.hautes-alpes.net\/wp-content\/uploads\/2026\/01\/black-logo-2.svg\",\"contentUrl\":\"https:\/\/www.hautes-alpes.net\/wp-content\/uploads\/2026\/01\/black-logo-2.svg\",\"caption\":\"Agence D\u00e9partementale de D\u00e9veloppement Economique et Touristique des Hautes-Alpes\"},\"image\":{\"@id\":\"https:\/\/www.hautes-alpes.net\/de\/#\/schema\/logo\/image\/\"}}]}<\/script>\n<!-- \/ Yoast SEO plugin. -->","yoast_head_json":{"title":"(Fr)agil - Hautes-Alpes","description":"(Fr)agil Die Zerbrechlichkeit und Beweglichkeit der Hautes-Alpes Diese Seite erz\u00e4hlt sowohl von der Verletzlichkeit der Hautes-Alpes, einem","robots":{"index":"index","follow":"follow","max-snippet":"max-snippet:-1","max-image-preview":"max-image-preview:large","max-video-preview":"max-video-preview:-1"},"canonical":"https:\/\/www.hautes-alpes.net\/de\/fragiles\/","og_locale":"de_DE","og_type":"article","og_title":"(Fr)agil - Hautes-Alpes","og_description":"(Fr)agil Die Zerbrechlichkeit und Beweglichkeit der Hautes-Alpes Diese Seite erz\u00e4hlt sowohl von der Verletzlichkeit der Hautes-Alpes, einem","og_url":"https:\/\/www.hautes-alpes.net\/de\/fragiles\/","og_site_name":"Hautes-Alpes","article_modified_time":"2026-04-28T14:03:39+00:00","og_image":[{"url":"https:\/\/www.hautes-alpes.net\/wp-content\/uploads\/2026\/01\/maquette-image-flash-info5-1140x620.jpg","type":"","width":"","height":""}],"twitter_card":"summary_large_image","twitter_misc":{"Gesch\u00e4tzte Lesezeit":"9 Minuten"},"schema":{"@context":"https:\/\/schema.org","@graph":[{"@type":"WebPage","@id":"https:\/\/www.hautes-alpes.net\/de\/fragiles\/","url":"https:\/\/www.hautes-alpes.net\/de\/fragiles\/","name":"(Fr)agil - Hautes-Alpes","isPartOf":{"@id":"https:\/\/www.hautes-alpes.net\/de\/#website"},"primaryImageOfPage":{"@id":"https:\/\/www.hautes-alpes.net\/de\/fragiles\/#primaryimage"},"image":{"@id":"https:\/\/www.hautes-alpes.net\/de\/fragiles\/#primaryimage"},"thumbnailUrl":"https:\/\/www.hautes-alpes.net\/wp-content\/uploads\/2026\/01\/maquette-image-flash-info5-1140x620.jpg","datePublished":"2025-11-12T11:44:56+00:00","dateModified":"2026-04-28T14:03:39+00:00","description":"(Fr)agil Die Zerbrechlichkeit und Beweglichkeit der Hautes-Alpes Diese Seite erz\u00e4hlt sowohl von der Verletzlichkeit der Hautes-Alpes, einem","breadcrumb":{"@id":"https:\/\/www.hautes-alpes.net\/de\/fragiles\/#breadcrumb"},"inLanguage":"de","potentialAction":[{"@type":"ReadAction","target":["https:\/\/www.hautes-alpes.net\/de\/fragiles\/"]}]},{"@type":"ImageObject","inLanguage":"de","@id":"https:\/\/www.hautes-alpes.net\/de\/fragiles\/#primaryimage","url":"https:\/\/www.hautes-alpes.net\/wp-content\/uploads\/2026\/01\/maquette-image-flash-info5-1140x620.jpg","contentUrl":"https:\/\/www.hautes-alpes.net\/wp-content\/uploads\/2026\/01\/maquette-image-flash-info5-1140x620.jpg"},{"@type":"BreadcrumbList","@id":"https:\/\/www.hautes-alpes.net\/de\/fragiles\/#breadcrumb","itemListElement":[{"@type":"ListItem","position":1,"name":"Accueil","item":"https:\/\/www.hautes-alpes.net\/de\/hautes-alpes\/"},{"@type":"ListItem","position":2,"name":"(Fr)agil"}]},{"@type":"WebSite","@id":"https:\/\/www.hautes-alpes.net\/de\/#website","url":"https:\/\/www.hautes-alpes.net\/de\/","name":"ADDET","description":"","publisher":{"@id":"https:\/\/www.hautes-alpes.net\/de\/#organization"},"potentialAction":[{"@type":"SearchAction","target":{"@type":"EntryPoint","urlTemplate":"https:\/\/www.hautes-alpes.net\/de\/?s={search_term_string}"},"query-input":{"@type":"PropertyValueSpecification","valueRequired":true,"valueName":"search_term_string"}}],"inLanguage":"de"},{"@type":"Organization","@id":"https:\/\/www.hautes-alpes.net\/de\/#organization","name":"Agence D\u00e9partementale de D\u00e9veloppement Economique et Touristique des Hautes-Alpes","url":"https:\/\/www.hautes-alpes.net\/de\/","logo":{"@type":"ImageObject","inLanguage":"de","@id":"https:\/\/www.hautes-alpes.net\/de\/#\/schema\/logo\/image\/","url":"https:\/\/www.hautes-alpes.net\/wp-content\/uploads\/2026\/01\/black-logo-2.svg","contentUrl":"https:\/\/www.hautes-alpes.net\/wp-content\/uploads\/2026\/01\/black-logo-2.svg","caption":"Agence D\u00e9partementale de D\u00e9veloppement Economique et Touristique des Hautes-Alpes"},"image":{"@id":"https:\/\/www.hautes-alpes.net\/de\/#\/schema\/logo\/image\/"}}]}},"_links":{"self":[{"href":"https:\/\/www.hautes-alpes.net\/de\/wp-json\/wp\/v2\/pages\/107988","targetHints":{"allow":["GET"]}}],"collection":[{"href":"https:\/\/www.hautes-alpes.net\/de\/wp-json\/wp\/v2\/pages"}],"about":[{"href":"https:\/\/www.hautes-alpes.net\/de\/wp-json\/wp\/v2\/types\/page"}],"author":[{"embeddable":true,"href":"https:\/\/www.hautes-alpes.net\/de\/wp-json\/wp\/v2\/users\/2"}],"replies":[{"embeddable":true,"href":"https:\/\/www.hautes-alpes.net\/de\/wp-json\/wp\/v2\/comments?post=107988"}],"version-history":[{"count":10,"href":"https:\/\/www.hautes-alpes.net\/de\/wp-json\/wp\/v2\/pages\/107988\/revisions"}],"predecessor-version":[{"id":500294,"href":"https:\/\/www.hautes-alpes.net\/de\/wp-json\/wp\/v2\/pages\/107988\/revisions\/500294"}],"wp:attachment":[{"href":"https:\/\/www.hautes-alpes.net\/de\/wp-json\/wp\/v2\/media?parent=107988"}],"wp:term":[{"taxonomy":"page_label","embeddable":true,"href":"https:\/\/www.hautes-alpes.net\/de\/wp-json\/wp\/v2\/page_label?post=107988"}],"curies":[{"name":"wp","href":"https:\/\/api.w.org\/{rel}","templated":true}]}}