{"id":107980,"date":"2025-11-12T12:44:45","date_gmt":"2025-11-12T11:44:45","guid":{"rendered":"https:\/\/www.hautes-alpes.net\/favoriten\/"},"modified":"2026-04-21T10:58:51","modified_gmt":"2026-04-21T08:58:51","slug":"favoriten","status":"publish","type":"page","link":"https:\/\/www.hautes-alpes.net\/de\/favoriten\/","title":{"rendered":"Favoriten"},"content":{"rendered":"\n<div class=\"wp-block-group alignfull hero-banner-simple has-global-padding is-layout-constrained wp-block-group-is-layout-constrained\"><div class=\"yoast-breadcrumbs\"><span><span><a href=\"https:\/\/www.hautes-alpes.net\/de\/hautes-alpes\/\">Accueil<\/a><\/span>  <span class=\"breadcrumb_last\" aria-current=\"page\">Favoriten<\/span><\/span><\/div>\n\n\n<h1 class=\"wp-block-ws-library-post-title\">Favoriten<\/h1>\n\n\n\n<p class=\"subtitle\">Subjektive Auswahl<\/p>\n\n\n\n<p><\/p>\n<\/div>\n\n<div class=\"wp-block-ws-library-scrollable-section ws-section-scrollable alignfull\"><div class=\"scrollable-item\"><div class=\"group-content\"><div class=\"wrapper\"><h3 class=\"field-title\"><strong><strong><strong><strong><strong>Die versenkbare Br\u00fccke<\/strong><\/strong><\/strong><\/strong><\/strong><\/h3><div class=\"field-intro\"><p>Chanteloube, die Geschichte einer unvollendeten Eisenbahnlinie.<\/p><\/div><\/div><\/div><div class=\"group-innerblocks\"><div class=\"group-media\"><div class=\"field-image\"><img decoding=\"async\" src=\"https:\/\/www.hautes-alpes.net\/wp-content\/uploads\/2026\/04\/drone-lac-cedric-tempier-5-1140x620.jpg\" alt=\"\"\/><\/div><div class=\"credits\">C\u00e9dric TEMPIER<\/div><\/div>\n<div class=\"section-wrapper\"><div class=\"wp-block-ws-library-scrollable-section-item ws-section-scrollable-item is-style-bg-grey\">\n<p>1910 wurde mit dem Bau einer Eisenbahnlinie von Grenoble nach Barcelonnette begonnen, die das pr\u00e4chtige Bauwerk des <strong>Chanteloube-Viadukts<\/strong> einschlie\u00dft. 1934, Ende der Bauarbeiten. Die Linie wird zugunsten der Linie Veynes-Brian\u00e7on aufgegeben.  <\/p>\n<\/div><\/div>\n\n\n\n<div class=\"section-wrapper\"><div class=\"wp-block-ws-library-scrollable-section-item ws-section-scrollable-item is-style-default\">\n<p>Seit der Flutung des Sees von Serre-Pon\u00e7on taucht diese 230 m lange und 61 m hohe Br\u00fccke in das Wasser des gro\u00dfen Sees von Serre-Pon\u00e7on ein. <strong><a href=\"https:\/\/www.hautes-alpes.net\/de\/reiseziele-hautes-alpes\/serre-poncon\/serre-poncon-4\/\">Serre-Pon\u00e7on<\/a><\/strong> Sobald die K\u00fcste 772 erreicht ist.<\/p>\n<\/div><\/div>\n\n\n\n<div class=\"section-wrapper\"><div class=\"wp-block-ws-library-scrollable-section-item ws-section-scrollable-item\">\n<div class=\"wp-block-ws-library-ws-image\"><div class=\"wrapper\"><div class=\"group-media\"><img decoding=\"async\" src=\"https:\/\/www.hautes-alpes.net\/wp-content\/uploads\/2026\/04\/drone-lac-cedric-tempier-12-853x640.jpg\" alt=\"\" class=\"single_image ws-image-485997\"><div class=\"credits\">C\u00e9dric TEMPIER<\/div><\/div><p class=\"caption\"><\/p><\/div><\/div>\n<\/div><\/div>\n\n\n\n<div class=\"section-wrapper\"><div class=\"wp-block-ws-library-scrollable-section-item ws-section-scrollable-item\">\n<p>Im Winter kann man hier mit trockenen F\u00fc\u00dfen durchlaufen. Im Fr\u00fchjahr vergn\u00fcgen sich Gro\u00df und Klein unter den Blicken der Skifahrer. Die Paddler fahren mal unter, mal \u00fcber dem Wasser.  <\/p>\n<\/div><\/div>\n\n\n\n<div class=\"section-wrapper\"><div class=\"wp-block-ws-library-scrollable-section-item ws-section-scrollable-item\">\n<div class=\"wp-block-ws-library-ws-image\"><div class=\"wrapper\"><div class=\"group-media\"><img decoding=\"async\" src=\"https:\/\/www.hautes-alpes.net\/wp-content\/uploads\/2026\/04\/drone-lac-cedric-tempier-4-1-1240x800.jpg\" alt=\"\" class=\"single_image ws-image-486018\"><div class=\"credits\">C\u00e9dric TEMPIER<\/div><\/div><p class=\"caption\"><\/p><\/div><\/div>\n<\/div><\/div>\n\n\n\n<div class=\"section-wrapper\"><div class=\"wp-block-ws-library-scrollable-section-item ws-section-scrollable-item\">\n<div class=\"wp-block-ws-library-ws-image\"><div class=\"wrapper\"><div class=\"group-media\"><img decoding=\"async\" src=\"https:\/\/www.hautes-alpes.net\/wp-content\/uploads\/2026\/04\/drone-lac-cedric-tempier-8-1240x800.jpg\" alt=\"\" class=\"single_image ws-image-471308\"><div class=\"credits\">C\u00e9dric TEMPIER<\/div><\/div><p class=\"caption\"><\/p><\/div><\/div>\n<\/div><\/div>\n<div class=\"field-link\"><a href=\"https:\/\/www.hautes-alpes.net\/destinations\/serre-poncon\/\" class=\"cardlink\">Voir la page<\/a><\/div><\/div><\/div><\/div>\n<p><a id=\"fermeenferme\"><\/a><\/p>\n\n<div class=\"wp-block-ws-library-scrollable-section ws-section-scrollable alignfull\"><div class=\"scrollable-item\"><div class=\"group-content\"><div class=\"wrapper\"><h3 class=\"field-title\"><strong><strong><strong><strong>Von Bauernhof zu Bauernhof<\/strong><\/strong><\/strong><\/strong><\/h3><div class=\"field-intro\"><p>Es lebe das Terroir!<\/p><\/div><\/div><\/div><div class=\"group-innerblocks\"><div class=\"group-media\"><div class=\"field-image\"><img decoding=\"async\" src=\"https:\/\/www.hautes-alpes.net\/wp-content\/uploads\/2026\/04\/salon-de-l-agri-alpesphotographiescom-27-1140x620.jpg\" alt=\"\"\/><\/div><div class=\"credits\">Alpesphotographie<\/div><\/div>\n<div class=\"section-wrapper\"><div class=\"wp-block-ws-library-scrollable-section-item ws-section-scrollable-item is-style-bg-grey\">\n<p>Am <strong>25. und 26. April<\/strong>, von 10.00 bis 18.00 Uhr, bieten Landwirte und Produzenten kostenlose p\u00e4dagogische F\u00fchrungen, aber auch Vorf\u00fchrungen, Workshops, Verkostungen und zum Teil auch kleine Snacks an.<\/p>\n<\/div><\/div>\n\n\n\n<div class=\"section-wrapper\"><div class=\"wp-block-ws-library-scrollable-section-item ws-section-scrollable-item is-style-default\">\n<p>Eine einzigartige Gelegenheit, die Welt der Bauern von innen zu sehen, die Berufe und die Vielfalt der authentischen Geschm\u00e4cker, die die hochalpinen Erzeuger mit Sorgfalt anbauen und herstellen.<\/p>\n\n\n\n<div class=\"wp-block-buttons is-layout-flex wp-block-buttons-is-layout-flex\">\n<div class=\"wp-block-button\"><a class=\"wp-block-button__link wp-element-button\" href=\"https:\/\/www.defermeenferme.com\/preparer-mes-visites-05-hautes-alpes\">Siehe das Programm<\/a><\/div>\n<\/div>\n<\/div><\/div>\n\n\n\n<div class=\"section-wrapper\"><div class=\"wp-block-ws-library-scrollable-section-item ws-section-scrollable-item\">\n<div class=\"wp-block-ws-library-ws-image\"><div class=\"wrapper\"><div class=\"group-media\"><img decoding=\"async\" src=\"https:\/\/www.hautes-alpes.net\/wp-content\/uploads\/2026\/04\/2s2a7120-3-960x640.jpg\" alt=\"\" class=\"single_image ws-image-465606\"><div class=\"credits\">P Domeyne<\/div><\/div><p class=\"caption\"><\/p><\/div><\/div>\n<\/div><\/div>\n\n\n\n<div class=\"section-wrapper\"><div class=\"wp-block-ws-library-scrollable-section-item ws-section-scrollable-item\">\n<div class=\"wp-block-ws-library-ws-image\"><div class=\"wrapper\"><div class=\"group-media\"><img decoding=\"async\" src=\"https:\/\/www.hautes-alpes.net\/wp-content\/uploads\/2026\/04\/photo-patdomeyne-addet05img-0302-1240x800.jpg\" alt=\"\" class=\"single_image ws-image-465603\"><div class=\"credits\">P Domeyne<\/div><\/div><p class=\"caption\"><\/p><\/div><\/div>\n<\/div><\/div>\n\n\n\n<div class=\"section-wrapper\"><div class=\"wp-block-ws-library-scrollable-section-item ws-section-scrollable-item\">\n<div class=\"wp-block-ws-library-ws-image\"><div class=\"wrapper\"><div class=\"group-media\"><img decoding=\"async\" src=\"https:\/\/www.hautes-alpes.net\/wp-content\/uploads\/2026\/04\/boulangerie-dumas-decembre-2023-patrick-domeyne-addet05-3-1-1240x800.jpg\" alt=\"\" class=\"single_image ws-image-465601\"><div class=\"credits\">P Domeyne<\/div><\/div><p class=\"caption\"><\/p><\/div><\/div>\n<\/div><\/div>\n<\/div><\/div><\/div>\n\n<div class=\"wp-block-ws-library-scrollable-section ws-section-scrollable alignfull\"><div class=\"scrollable-item\"><div class=\"group-content\"><div class=\"wrapper\"><h3 class=\"field-title\"><strong><strong><strong>Troph\u00e4e der Kleinen Champions<\/strong><\/strong><\/strong><\/h3><div class=\"field-intro\"><p>Die Hautes-Alpes begr\u00fc\u00dfen junge Hockeyspieler aus Europa<\/p><\/div><\/div><\/div><div class=\"group-innerblocks\"><div class=\"group-media\"><div class=\"field-image\"><img decoding=\"async\" src=\"https:\/\/www.hautes-alpes.net\/wp-content\/uploads\/2026\/04\/image2-1140x620.webp\" alt=\"\"\/><\/div><div class=\"credits\">G Baron<\/div><\/div>\n<div class=\"section-wrapper\"><div class=\"wp-block-ws-library-scrollable-section-item ws-section-scrollable-item is-style-bg-grey\">\n<p>Auflage der <strong>Bauer Trophy of Small Champions<\/strong>, Europas gr\u00f6\u00dftem Treffen von Eishockey-Minoriten, wird vom 17. bis 19. April 2026 stattfinden.<\/p>\n<\/div><\/div>\n\n\n\n<div class=\"section-wrapper\"><div class=\"wp-block-ws-library-scrollable-section-item ws-section-scrollable-item is-style-default\">\n<p>Drei Tage lang werden die Eisbahnen von Brian\u00e7on <strong><a href=\"https:\/\/www.hautes-alpes.net\/de\/reiseziele-hautes-alpes\/brianconnais\/\">Brian\u00e7on<\/a><\/strong>, <strong><a href=\"https:\/\/www.hautes-alpes.net\/de\/reiseziele-hautes-alpes\/gapencais\/\">Gap<\/a><\/strong> und <strong><a href=\"https:\/\/www.hautes-alpes.net\/de\/reiseziele-hautes-alpes\/orcieres-merlette-1850\/\">Orci\u00e8res Merlette 1850 stattfinden.<\/a><\/strong> werden mehr als 400 Hockeyspieler aus der Slowakei, der Tschechischen Republik, der Schweiz, Italien, Spanien, Belgien und nat\u00fcrlich Frankreich zusammenkommen.<\/p>\n<\/div><\/div>\n\n\n\n<div class=\"section-wrapper\"><div class=\"wp-block-ws-library-scrollable-section-item ws-section-scrollable-item\">\n<p>Das Spielformat 3 gegen 3 auf einem Drittel der Eisfl\u00e4che f\u00f6rdert die Aktionen und das technische Spiel. Z\u00f6gern Sie nicht, die Eishallen in den Hautes-Alpes zu besuchen, um das gr\u00f6\u00dfte europ\u00e4ische Treffen von Eishockey-Minoriten zu sehen. <\/p>\n<\/div><\/div>\n\n\n\n<div class=\"section-wrapper\"><div class=\"wp-block-ws-library-scrollable-section-item ws-section-scrollable-item\">\n<div class=\"wp-block-ws-library-ws-image\"><div class=\"wrapper\"><div class=\"group-media\"><img decoding=\"async\" src=\"https:\/\/www.hautes-alpes.net\/wp-content\/uploads\/2026\/04\/image4-960x640.webp\" alt=\"\" class=\"single_image ws-image-450459\"><div class=\"credits\">G Baron<\/div><\/div><p class=\"caption\"><\/p><\/div><\/div>\n<\/div><\/div>\n\n\n\n<div class=\"section-wrapper\"><div class=\"wp-block-ws-library-scrollable-section-item ws-section-scrollable-item\">\n<div class=\"wp-block-ws-library-ws-image\"><div class=\"wrapper\"><div class=\"group-media\"><img decoding=\"async\" src=\"https:\/\/www.hautes-alpes.net\/wp-content\/uploads\/2026\/04\/image-455x640.webp\" alt=\"\" class=\"single_image ws-image-450460\"><div class=\"credits\"><\/div><\/div><p class=\"caption\"><\/p><\/div><\/div>\n<\/div><\/div>\n<div class=\"field-link\"><a href=\"https:\/\/www.hautes-alpes.net\/fiche\/trophee-des-petits-champions\/\" class=\"cardlink\">Voir la page<\/a><\/div><\/div><\/div><\/div>\n\n<div class=\"wp-block-ws-library-scrollable-section ws-section-scrollable alignfull\"><div class=\"scrollable-item\"><div class=\"group-content\"><div class=\"wrapper\"><h3 class=\"field-title\"><strong>Derby de la Meije<\/strong><\/h3><div class=\"field-intro\"><p>Der Termin!<\/p><\/div><\/div><\/div><div class=\"group-innerblocks\"><div class=\"group-media\"><div class=\"field-image\"><img decoding=\"async\" src=\"https:\/\/www.hautes-alpes.net\/wp-content\/uploads\/2026\/03\/derby-de-la-meije-2024-133-tblais-75-scaled-1-1140x620.jpg\" alt=\"\"\/><\/div><div class=\"credits\">T. Blais<\/div><\/div>\n<div class=\"section-wrapper\"><div class=\"wp-block-ws-library-scrollable-section-item ws-section-scrollable-item is-style-bg-grey\">\n<p><em>English speaking <\/em>beim <strong>Derby de la <a href=\"https:\/\/www.hautes-alpes.net\/de\/reiseziele-hautes-alpes\/la-grave-la-meije\/\">Meije<\/a><\/strong>! Am <strong>Samstag, den 4. April<\/strong>, nehmen nicht weniger als 20 Nationen an diesem Rennen teil, das seit 1989 legend\u00e4r ist.<\/p>\n<\/div><\/div>\n\n\n\n<div class=\"section-wrapper\"><div class=\"wp-block-ws-library-scrollable-section-item ws-section-scrollable-item\">\n<p>Die Regel ist einfach: so schnell wie m\u00f6glich abfahren, indem man seine Spur w\u00e4hlt, vom Gipfel der Station La Grave bis zum Ende des Skigebiets.<\/p>\n<\/div><\/div>\n\n\n\n<div class=\"section-wrapper\"><div class=\"wp-block-ws-library-scrollable-section-item ws-section-scrollable-item\">\n<div class=\"wp-block-ws-library-ws-video\"><div class=\"wrapper\"><div class=\"group-media\">\n<figure class=\"wp-block-embed is-type-video is-provider-youtube wp-block-embed-youtube\"><div class=\"wp-block-embed__wrapper\">\n<iframe loading=\"lazy\" title=\"Derby de la Meije 2025\" width=\"422\" height=\"750\" src=\"https:\/\/www.youtube.com\/embed\/Sj1Cs4ii6hQ?feature=oembed\" frameborder=\"0\" allow=\"accelerometer; autoplay; clipboard-write; encrypted-media; gyroscope; picture-in-picture; web-share\" referrerpolicy=\"strict-origin-when-cross-origin\" allowfullscreen><\/iframe>\n<\/div><\/figure>\n<\/div><\/div><\/div>\n<\/div><\/div>\n\n\n\n<div class=\"section-wrapper\"><div class=\"wp-block-ws-library-scrollable-section-item ws-section-scrollable-item\">\n<div class=\"wp-block-ws-library-ws-image\"><div class=\"wrapper\"><div class=\"group-media\"><img decoding=\"async\" src=\"https:\/\/www.hautes-alpes.net\/wp-content\/uploads\/2026\/03\/affiche.png\" alt=\"\" class=\"single_image ws-image-444252\"><div class=\"credits\">Derby de la meije<\/div><\/div><p class=\"caption\"><\/p><\/div><\/div>\n<\/div><\/div>\n\n\n\n<div class=\"section-wrapper\"><div class=\"wp-block-ws-library-scrollable-section-item ws-section-scrollable-item\">\n<p><strong>Tags\u00fcber<\/strong> werden <strong>zahlreiche kostenlose Workshops<\/strong> zur Verbesserung der Kenntnisse \u00fcber die Umwelt, Sicherheit und Vorbereitung der Ausr\u00fcstung angeboten.<\/p>\n\n\n\n<p><strong>Am Abend ? Konzert und Fiesta! <\/strong><\/p>\n<\/div><\/div>\n\n\n\n<div class=\"section-wrapper\"><div class=\"wp-block-ws-library-scrollable-section-item ws-section-scrollable-item\">\n<div class=\"wp-block-ws-library-ws-image\"><div class=\"wrapper\"><div class=\"group-media\"><img decoding=\"async\" src=\"https:\/\/www.hautes-alpes.net\/wp-content\/uploads\/2026\/03\/photo-sarah-grangeon-1240x800.jpg\" alt=\"\" class=\"single_image ws-image-444253\"><div class=\"credits\">Sarah Grangeon<\/div><\/div><p class=\"caption\"><\/p><\/div><\/div>\n<\/div><\/div>\n\n\n\n<div class=\"section-wrapper\"><div class=\"wp-block-ws-library-scrollable-section-item ws-section-scrollable-item\">\n<div class=\"wp-block-ws-library-ws-image\"><div class=\"wrapper\"><div class=\"group-media\"><img decoding=\"async\" src=\"https:\/\/www.hautes-alpes.net\/wp-content\/uploads\/2026\/03\/derby-de-la-meije-2024-133-tblais-51-588x588-1.jpg\" alt=\"\" class=\"single_image ws-image-444251\"><div class=\"credits\">T Blais<\/div><\/div><p class=\"caption\"><\/p><\/div><\/div>\n<\/div><\/div>\n<\/div><\/div><\/div>\n\n<div class=\"wp-block-ws-library-scrollable-section ws-section-scrollable alignfull\"><div class=\"scrollable-item\"><div class=\"group-content\"><div class=\"wrapper\"><h3 class=\"field-title\"><strong>Le Grand B\u00e9al<\/strong><\/h3><div class=\"field-intro\"><p>Skibergsteigen 100 % Natur  <\/p><\/div><\/div><\/div><div class=\"group-innerblocks\"><div class=\"group-media\"><div class=\"field-image\"><img decoding=\"async\" src=\"https:\/\/www.hautes-alpes.net\/wp-content\/uploads\/2026\/03\/le-queyras-grand-beal-adelin-bernard-otgq-1140x620.jpg\" alt=\"\"\/><\/div><div class=\"credits\"><\/div><\/div>\n<div class=\"section-wrapper\"><div class=\"wp-block-ws-library-scrollable-section-item ws-section-scrollable-item is-style-bg-grey\">\n<p>Der <strong>Grand B\u00e9al <\/strong>bietet am Ende jeder Wintersaison einen wilden Lauf in einer au\u00dfergew\u00f6hnlichen Bergwelt.<\/p>\n\n\n\n<p><strong>Wir sehen uns am 5. April in Arvieux im Queyras!<\/strong><br\/><\/p>\n<\/div><\/div>\n\n\n\n<div class=\"section-wrapper\"><div class=\"wp-block-ws-library-scrollable-section-item ws-section-scrollable-item\">\n<p>Ausgabe wird ein neuer Parcours ins Programm aufgenommen: der Parcours D, f\u00fcr D\u00e9couverte (Entdeckung)<sup>.<\/sup> Er richtet sich an alle, die eine Tageslizenz f\u00fcr Entdeckungen besitzen und kein \u00e4rztliches Attest ben\u00f6tigen. Der geringe H\u00f6henunterschied auf dieser neuen Strecke wird die Geselligkeit und die Festlichkeit nicht beeintr\u00e4chtigen.  <\/p>\n<\/div><\/div>\n\n\n\n<div class=\"section-wrapper\"><div class=\"wp-block-ws-library-scrollable-section-item ws-section-scrollable-item\">\n<p>Die traditionellen Strecken bleiben bestehen:<br\/>die C, eine Strecke f\u00fcr eine Panoramawanderung, gesichert f\u00fcr Gelegenheitsskifahrer<br\/>die B, technischer und alpin<br\/>die A, zu zweit, l\u00e4nger und technischer mit Manipulationen und Steigeisen.<\/p>\n\n\n\n<p><\/p>\n<\/div><\/div>\n\n\n\n<div class=\"section-wrapper\"><div class=\"wp-block-ws-library-scrollable-section-item ws-section-scrollable-item\">\n<p>Nach der Anstrengung kommt der Trost: Am Ende der Rennen werden den Teilnehmern Mahlzeiten mit regionalen Produkten angeboten. Dank der \u00fcbermotivierten Freiwilligenteams kann die Geselligkeit auf dem Platz fortgesetzt werden. <\/p>\n<\/div><\/div>\n<\/div><\/div><\/div>\n\n<div class=\"wp-block-ws-library-scrollable-section ws-section-scrollable alignfull\"><div class=\"scrollable-item\"><div class=\"group-content\"><div class=\"wrapper\"><h3 class=\"field-title\"><strong>Immer schneller!<\/strong><\/h3><div class=\"field-intro\"><p>Speed Masters in Vars  <\/p><\/div><\/div><\/div><div class=\"group-innerblocks\"><div class=\"group-media\"><div class=\"field-image\"><img decoding=\"async\" src=\"https:\/\/www.hautes-alpes.net\/wp-content\/uploads\/2026\/03\/vars-simon-billy-credit-scalpfoto-4-1140x620.jpg\" alt=\"\"\/><\/div><div class=\"credits\">Scalpfoto<\/div><\/div>\n<div class=\"section-wrapper\"><div class=\"wp-block-ws-library-scrollable-section-item ws-section-scrollable-item is-style-bg-grey\">\n<p><strong><a href=\"https:\/\/www.hautes-alpes.net\/de\/vars\/\">Vars<\/a> <\/strong>bereitet sich darauf vor, die schnellsten M\u00e4nner und Frauen der Welt zu empfangen.<\/p>\n\n\n\n<p>Wird auf der legend\u00e4ren <strong>Piste von Chabri\u00e8res <\/strong>ein neuer Geschwindigkeitsrekord fallen?<\/p>\n<\/div><\/div>\n\n\n\n<div class=\"section-wrapper\"><div class=\"wp-block-ws-library-scrollable-section-item ws-section-scrollable-item\">\n<p>Die Ausgabe 2025 war gepr\u00e4gt von den klaren Siegen des Franzosen <strong>Simon Billy <\/strong>und der Italienerin <strong>Valentina Greggio<\/strong>, die mit Geschwindigkeiten von 229,13 km\/h bzw. 225,73 km\/h erneut zu Weltmeistern gekr\u00f6nt wurden.<\/p>\n<\/div><\/div>\n\n\n\n<div class=\"section-wrapper\"><div class=\"wp-block-ws-library-scrollable-section-item ws-section-scrollable-item\">\n<div class=\"wp-block-ws-library-ws-image\"><div class=\"wrapper\"><div class=\"group-media\"><img decoding=\"async\" src=\"https:\/\/www.hautes-alpes.net\/wp-content\/uploads\/2026\/03\/vars-simon-billy-credit-scalpfoto-1-960x640.jpg\" alt=\"\" class=\"single_image ws-image-403828\"><div class=\"credits\">Scalpfoto<\/div><\/div><p class=\"caption\"><\/p><\/div><\/div>\n<\/div><\/div>\n\n\n\n<div class=\"section-wrapper\"><div class=\"wp-block-ws-library-scrollable-section-item ws-section-scrollable-item\">\n<p>Erneut werden alle Teilnehmer ein Ziel haben: <strong>den Rekord von 255,50 km\/h zu brechen <\/strong>, der seit 2023 vom Lokalmatador Simon Billy gehalten wird.<\/p>\n\n\n\n<p><strong>Um dies herauszufinden, besuchen Sie Vars vom 16. bis 19. M\u00e4rz.<\/strong><br\/><br\/><\/p>\n<\/div><\/div>\n\n\n\n<div class=\"section-wrapper\"><div class=\"wp-block-ws-library-scrollable-section-item ws-section-scrollable-item\">\n<div class=\"wp-block-ws-library-ws-video\"><div class=\"wrapper\"><div class=\"group-media\">\n<figure class=\"wp-block-embed is-type-video is-provider-youtube wp-block-embed-youtube\"><div class=\"wp-block-embed__wrapper\">\n<iframe loading=\"lazy\" title=\"Les Speed Masters auront lieu du 16 au 24 mars 2024 !\" width=\"500\" height=\"281\" src=\"https:\/\/www.youtube.com\/embed\/0-7tECIGFMY?feature=oembed\" frameborder=\"0\" allow=\"accelerometer; autoplay; clipboard-write; encrypted-media; gyroscope; picture-in-picture; web-share\" referrerpolicy=\"strict-origin-when-cross-origin\" allowfullscreen><\/iframe>\n<\/div><\/figure>\n<\/div><\/div><\/div>\n<\/div><\/div>\n<\/div><\/div><\/div>\n\n<div class=\"wp-block-ws-library-scrollable-section ws-section-scrollable alignfull\"><div class=\"scrollable-item\"><div class=\"group-content\"><div class=\"wrapper\"><h3 class=\"field-title\">Angeln<\/h3><div class=\"field-intro\"><p>Das ist die Er\u00f6ffnung!<\/p><\/div><\/div><\/div><div class=\"group-innerblocks\"><div class=\"group-media\"><div class=\"field-image\"><img decoding=\"async\" src=\"https:\/\/www.hautes-alpes.net\/wp-content\/uploads\/2026\/03\/federation-de-la-peche-4-1140x620.jpg\" alt=\"\"\/><\/div><div class=\"credits\">F\u00e9d\u00e9ration P\u00eache 05<\/div><\/div>\n<div class=\"section-wrapper\"><div class=\"wp-block-ws-library-scrollable-section-item ws-section-scrollable-item is-style-bg-grey\">\n<p><strong>Er\u00f6ffnung des Angelns in der 1. Kategorie am 14. M\u00e4rz<\/strong>.<\/p>\n\n\n\n<p>An diesem Samstag er\u00f6ffnen die Fl\u00fcsse der Hautes-Alpes offiziell wieder die Angelsaison in der 1\u02b3\u1d49 Kategorie. Ein Termin, der von Tausenden von Anglern erwartet wird, die mit dem ersten Licht des Fr\u00fchlings ihre Lieblingsufer mit der Angelrute in der Hand aufsuchen werden. <\/p>\n<\/div><\/div>\n\n\n\n<div class=\"section-wrapper\"><div class=\"wp-block-ws-library-scrollable-section-item ws-section-scrollable-item is-style-default\">\n<p>Zu diesem Anlass werden Zuchtforellen auf mehreren attraktiven Strecken eingesetzt, um bereits bei der Er\u00f6ffnung gute F\u00e4nge zu erzielen, w\u00e4hrend die wilden Populationen der mediterranen Bachforelle in den \u00fcbrigen Gew\u00e4ssern weiterhin erhalten bleiben. Es sei daran erinnert, dass die Vorschriften den Fang auf sechs Forellen pro Tag und Angler beschr\u00e4nken und dass Fische, die kleiner als 20 cm sind, zur\u00fcckgesetzt werden m\u00fcssen. <\/p>\n<\/div><\/div>\n\n\n\n<div class=\"section-wrapper\"><div class=\"wp-block-ws-library-scrollable-section-item ws-section-scrollable-item\">\n<div class=\"wp-block-ws-library-ws-image is-style-simple\"><div class=\"wrapper\"><div class=\"group-media\"><img decoding=\"async\" src=\"https:\/\/www.hautes-alpes.net\/wp-content\/uploads\/2026\/03\/federation-de-la-peche-2-360x640.jpg\" alt=\"\" class=\"single_image ws-image-390347\"><div class=\"credits\">Fischereiverband 05<\/div><\/div><p class=\"caption\"><\/p><\/div><\/div>\n<\/div><\/div>\n\n\n\n<div class=\"section-wrapper\"><div class=\"wp-block-ws-library-scrollable-section-item ws-section-scrollable-item\">\n<p>In einem Departement mit fast 17.000 km Fl\u00fcssen und mehr als 16.000 Anglern ist die Er\u00f6ffnung ein kleines Fest. Einige Vereine begr\u00fc\u00dfen die Fr\u00fchaufsteher mit hei\u00dfem Kaffee und Geb\u00e4ck am Wasser. <\/p>\n<\/div><\/div>\n\n\n\n<div class=\"section-wrapper\"><div class=\"wp-block-ws-library-scrollable-section-item ws-section-scrollable-item\">\n<p>Angelkarten sind bei den \u00fcblichen Vertretern oder online unter <strong>cartedepeche.fr<\/strong> erh\u00e4ltlich.  <\/p>\n\n\n\n<p>Und f\u00fcr die Gl\u00fccklichen kann die erste Forelle der Saison dank des Wettbewerbs &#8220;Challenge Georges Cortay 2026&#8243; auch zu einem fotografischen Andenken werden. Eine gute Ausrede, um den Fotoapparat zu bevorzugen&#8230; anstatt in den Korb zu greifen. <\/p>\n<\/div><\/div>\n\n\n\n<div class=\"section-wrapper\"><div class=\"wp-block-ws-library-scrollable-section-item ws-section-scrollable-item\">\n<div class=\"wp-block-ws-library-ws-image is-style-simple\"><div class=\"wrapper\"><div class=\"group-media\"><img decoding=\"async\" src=\"https:\/\/www.hautes-alpes.net\/wp-content\/uploads\/2026\/03\/12-labrie-felix-truite-lorceyrette-853x640.jpg\" alt=\"\" class=\"single_image ws-image-390346\"><div class=\"credits\">F\u00e9lix Labrie<\/div><\/div><p class=\"caption\"><\/p><\/div><\/div>\n<\/div><\/div>\n\n\n\n<div class=\"section-wrapper\"><div class=\"wp-block-ws-library-scrollable-section-item ws-section-scrollable-item\">\n<p>Link zur Website der F\u00e9d\u00e9ration de p\u00eache des Hautes-Alpes :<\/p>\n\n\n\n<p><\/p>\n\n\n\n<div class=\"wp-block-buttons is-layout-flex wp-block-buttons-is-layout-flex\">\n<div class=\"wp-block-button has-custom-width wp-block-button__width-75 is-style-default\"><a class=\"wp-block-button__link wp-element-button\" href=\"https:\/\/peche-hautes-alpes.com\/14-mars-2026-ouverture-de-la-peche-dans-les-hautes-alpes-2\/\" target=\"_blank\" rel=\"noreferrer noopener\">Siehe<\/a><\/div>\n<\/div>\n<\/div><\/div>\n<\/div><\/div><\/div>\n\n<div class=\"wp-block-ws-library-scrollable-section ws-section-scrollable alignfull\"><div class=\"scrollable-item\"><div class=\"group-content\"><div class=\"wrapper\"><h3 class=\"field-title\">La D\u00e9vale les Orres<\/h3><div class=\"field-intro\"><p>Adrenalin, Schnee und festliche Stimmung<\/p><\/div><\/div><\/div><div class=\"group-innerblocks\"><div class=\"group-media\"><div class=\"field-image\"><img decoding=\"async\" src=\"https:\/\/www.hautes-alpes.net\/wp-content\/uploads\/2026\/03\/lesorresdevaledesorres160324aureliebellet41-0-1140x620.jpg\" alt=\"\"\/><\/div><div class=\"credits\">OT Les Orres<\/div><\/div>\n<div class=\"section-wrapper\"><div class=\"wp-block-ws-library-scrollable-section-item ws-section-scrollable-item is-style-default\">\n<p>Jedes Jahr findet in <strong>Les Orres<\/strong> die D\u00e9vale statt, ein sportliches und festliches Ereignis, das Skifahrer und <a href=\"https:\/\/www.hautes-alpes.net\/de\/erfahrungen-hautes-alpes\/ski\/\">Snowboarder<\/a> aus aller Welt <a href=\"https:\/\/www.hautes-alpes.net\/de\/erfahrungen-hautes-alpes\/ski\/\">anzieht<\/a>.<\/p>\n<\/div><\/div>\n\n\n\n<div class=\"section-wrapper\"><div class=\"wp-block-ws-library-scrollable-section-item ws-section-scrollable-item is-style-default\">\n<p>Lachen, Musik und farbenfrohe Kost\u00fcme verleihen dem Wettbewerb einen Hauch von Show. Die Teilnehmer m\u00fcssen mutig sein, um eine unvergessliche Show zu bieten.   <\/p>\n<\/div><\/div>\n\n\n\n<div class=\"section-wrapper\"><div class=\"wp-block-ws-library-scrollable-section-item ws-section-scrollable-item\">\n<div class=\"wp-block-ws-library-ws-image\"><div class=\"wrapper\"><div class=\"group-media\"><img decoding=\"async\" src=\"https:\/\/www.hautes-alpes.net\/wp-content\/uploads\/2026\/03\/lesorresdevaledesorres160324aureliebellet12-600x800.jpg\" alt=\"\" class=\"single_image ws-image-386024\"><div class=\"credits\">OT Les Orres<\/div><\/div><p class=\"caption\"><\/p><\/div><\/div>\n<\/div><\/div>\n\n\n\n<div class=\"section-wrapper\"><div class=\"wp-block-ws-library-scrollable-section-item ws-section-scrollable-item\">\n<div class=\"wp-block-ws-library-ws-video\"><div class=\"wrapper\"><div class=\"group-media\">\n<figure class=\"wp-block-embed is-type-video is-provider-youtube wp-block-embed-youtube\"><div class=\"wp-block-embed__wrapper\">\n<iframe loading=\"lazy\" title=\"Les Orres - La d\u00e9vale des Orres\" width=\"500\" height=\"281\" src=\"https:\/\/www.youtube.com\/embed\/RZVhNJpVk_g?feature=oembed\" frameborder=\"0\" allow=\"accelerometer; autoplay; clipboard-write; encrypted-media; gyroscope; picture-in-picture; web-share\" referrerpolicy=\"strict-origin-when-cross-origin\" allowfullscreen><\/iframe>\n<\/div><\/figure>\n<\/div><\/div><\/div>\n<\/div><\/div>\n<\/div><\/div><\/div>\n\n<div class=\"wp-block-ws-library-scrollable-section ws-section-scrollable alignfull\"><div class=\"scrollable-item\"><div class=\"group-content\"><div class=\"wrapper\"><h3 class=\"field-title\">Schlittenrennen in R\u00e9allon<\/h3><div class=\"field-intro\"><p>Los, Alphonse!<\/p><\/div><\/div><\/div><div class=\"group-innerblocks\"><div class=\"group-media\"><div class=\"field-image\"><img decoding=\"async\" src=\"https:\/\/www.hautes-alpes.net\/wp-content\/uploads\/2026\/03\/180222152549-kina-photo-1140x620.jpg\" alt=\"\"\/><\/div><div class=\"credits\">Kina Photo<\/div><\/div>\n<div class=\"section-wrapper\"><div class=\"wp-block-ws-library-scrollable-section-item ws-section-scrollable-item is-style-default\">\n<p><strong>Ripaaa ist nicht nur eine Piste, sondern hat auch sein eigenes Rennen: das Ripaaa Race!<\/strong><\/p>\n\n\n\n<p>Die Station<strong> R\u00e9allon <\/strong>bietet Ihnen die M\u00f6glichkeit, an der verr\u00fccktesten Schlittenfahrt teilzunehmen. Auf einer L\u00e4nge von 4 km und einem H\u00f6henunterschied von 600 m reihen sich Haarnadeln, Steilkurven und Buckel aneinander, um ein Maximum an Nervenkitzel zu bieten. Das <strong>RIPAAA RACE<\/strong> kr\u00f6nt die K\u00f6nige und K\u00f6niginnen des Gleitens und Fahrens auf Schnee. Gehen Sie <strong>am 14. M\u00e4rz<\/strong> an den Start ? Und um in der Gesellschaft zu gl\u00e4nzen, bedeutet Ripa im lokalen Dialekt Rutschen \ud83d\ude09    <\/p>\n<\/div><\/div>\n\n\n\n<div class=\"section-wrapper\"><div class=\"wp-block-ws-library-scrollable-section-item ws-section-scrollable-item\">\n<div class=\"wp-block-ws-library-ws-image\"><div class=\"wrapper\"><div class=\"group-media\"><img decoding=\"async\" src=\"https:\/\/www.hautes-alpes.net\/wp-content\/uploads\/2026\/03\/180222152600-kina-photo-1240x800.jpg\" alt=\"\" class=\"single_image ws-image-362060\"><div class=\"credits\">Kina Foto<\/div><\/div><p class=\"caption\"><\/p><\/div><\/div>\n<\/div><\/div>\n\n\n\n<div class=\"section-wrapper\"><div class=\"wp-block-ws-library-scrollable-section-item ws-section-scrollable-item\">\n<div class=\"wp-block-ws-library-ws-image\"><div class=\"wrapper\"><div class=\"group-media\"><img decoding=\"async\" src=\"https:\/\/www.hautes-alpes.net\/wp-content\/uploads\/2026\/03\/180222153319-kina-photo-scaled-e1772717354553-1240x800.jpg\" alt=\"\" class=\"single_image ws-image-362061\"><div class=\"credits\">Hina Foto<\/div><\/div><p class=\"caption\"><\/p><\/div><\/div>\n<\/div><\/div>\n<\/div><\/div><\/div>\n\n<div class=\"wp-block-ws-library-scrollable-section ws-section-scrollable alignfull\"><div class=\"scrollable-item\"><div class=\"group-content\"><div class=\"wrapper\"><h3 class=\"field-title\">Agenda f\u00fcr M\u00e4rz<\/h3><div class=\"field-intro\"><p><\/p><\/div><\/div><\/div><div class=\"group-innerblocks\"><div class=\"group-media\"><div class=\"field-image\"><img decoding=\"async\" src=\"https:\/\/www.hautes-alpes.net\/wp-content\/uploads\/2026\/03\/maquette-image-flash-info-tourisme7-1140x620.jpg\" alt=\"\"\/><\/div><div class=\"credits\"><\/div><\/div>\n<div class=\"section-wrapper\"><div class=\"wp-block-ws-library-scrollable-section-item ws-section-scrollable-item is-style-bg-grey\">\n<p>In diesem Monat <strong>M\u00e4rz<\/strong> sind die Hautes-Alpes in vollem Gange. Das Team hat f\u00fcr Sie herausgefunden, was den Puls des Ortes h\u00f6her schlagen l\u00e4sst. Auswahl.  <\/p>\n<\/div><\/div>\n\n\n\n<div class=\"section-wrapper\"><div class=\"wp-block-ws-library-scrollable-section-item ws-section-scrollable-item is-style-default\">\n<h3 class=\"wp-block-heading\"><strong>F\u00fcr die Auff\u00fchrung<\/strong><\/h3>\n\n\n\n<ul class=\"wp-block-list\">\n<li>7. und 8. M\u00e4rz | <a href=\"https:\/\/www.hautes-alpes.net\/de\/reiseziele-hautes-alpes\/ferienorte-in-den-doerfern-von-queyras\/\" type=\"page\" id=\"74155\"><strong>CEILLAC<\/strong> <\/a>Franz\u00f6sische Meisterschaft im Ski-Jo\u00ebring<\/li>\n\n\n\n<li>7. bis 13. M\u00e4rz || <a href=\"https:\/\/www.hautes-alpes.net\/de\/vars\/\" type=\"page\" id=\"73703\"><strong>VARS<\/strong> <\/a>Europa- und Frankreich-Cup im Freestyle-Skiing<\/li>\n<\/ul>\n<\/div><\/div>\n\n\n\n<div class=\"section-wrapper\"><div class=\"wp-block-ws-library-scrollable-section-item ws-section-scrollable-item is-style-default\">\n<ul class=\"wp-block-list\">\n<li>22. bis 29. M\u00e4rz || <strong><a href=\"https:\/\/www.hautes-alpes.net\/de\/reiseziele-hautes-alpes\/puy-saint-vincent\/\" type=\"page\" id=\"73789\">PUY SAINT VINCENT<\/a><\/strong> Weltcup und Weltmeisterschaft der Jugend im Skibergsteigen<\/li>\n\n\n\n<li>30. M\u00e4rz bis 5. April | <a href=\"https:\/\/www.hautes-alpes.net\/de\/reiseziele-hautes-alpes\/orcieres-merlette-1850\/\" type=\"page\" id=\"73881\"><strong>ORCI\u00c8RES MERLETTE<\/strong> 1850<\/a> Europacup und Franz\u00f6sische Meisterschaften im Snowboardcross<\/li>\n<\/ul>\n<\/div><\/div>\n\n\n\n<div class=\"section-wrapper\"><div class=\"wp-block-ws-library-scrollable-section-item ws-section-scrollable-item\">\n<div class=\"wp-block-ws-library-ws-image\"><div class=\"wrapper\"><div class=\"group-media\"><img decoding=\"async\" src=\"https:\/\/www.hautes-alpes.net\/wp-content\/uploads\/2026\/03\/johandesma-slopestyleski-hd-01-1240x800.jpg\" alt=\"\" class=\"single_image ws-image-354216\"><div class=\"credits\">J. Desma<\/div><\/div><p class=\"caption\"><\/p><\/div><\/div>\n<\/div><\/div>\n\n\n\n<div class=\"section-wrapper\"><div class=\"wp-block-ws-library-scrollable-section-item ws-section-scrollable-item\">\n<h3 class=\"wp-block-heading\"><strong>F\u00fcr Delirium und Herausforderung  <\/strong><\/h3>\n\n\n\n<ul class=\"wp-block-list\">\n<li>7. und 8. M\u00e4rz | <strong><a href=\"https:\/\/www.hautes-alpes.net\/de\/reiseziele-hautes-alpes\/pays-des-ecrins\/\" type=\"page\" id=\"46936\">PAYS DES \u00c9CRINS<\/a><\/strong> Testi&#8217;vol<\/li>\n\n\n\n<li>14. M\u00e4rz | <a href=\"https:\/\/www.hautes-alpes.net\/de\/reiseziele-hautes-alpes\/reallon-crevoux\/\" type=\"page\" id=\"74196\"><strong>R\u00c9ALLON<\/strong> <\/a>Ripaaa Race, Schlittenrennen<\/li>\n\n\n\n<li>14. M\u00e4rz | <a href=\"https:\/\/www.hautes-alpes.net\/de\/reiseziele-hautes-alpes\/montgenevre\/\" type=\"page\" id=\"73745\"><strong>MONTGEN\u00c8VRE<\/strong> <\/a>Schneetriathlon<br\/><br\/><br\/><br\/><\/li>\n<\/ul>\n<\/div><\/div>\n\n\n\n<div class=\"section-wrapper\"><div class=\"wp-block-ws-library-scrollable-section-item ws-section-scrollable-item\">\n<ul class=\"wp-block-list\">\n<li>14. M\u00e4rz | <strong><a href=\"https:\/\/www.hautes-alpes.net\/de\/les-orres\/\" type=\"page\" id=\"74063\">LES ORRES<\/a><\/strong> La D\u00e9vale des Orres<\/li>\n\n\n\n<li>21. M\u00e4rz | <strong><a href=\"https:\/\/www.hautes-alpes.net\/de\/reiseziele-hautes-alpes\/serre-chevalier\/\" type=\"page\" id=\"73561\">GEW\u00c4CHSHAUS CHEVALIER<\/a><\/strong> Gro\u00dfer Preis von Serre Che<\/li>\n\n\n\n<li>21. bis 22. M\u00e4rz || <strong><a href=\"https:\/\/www.hautes-alpes.net\/de\/reiseziele-hautes-alpes\/superdevoluy-la-joue-du-loup\/devoluy-2\/\" type=\"page\" id=\"46929\">LE D\u00c9VOLUY<\/a><\/strong> Monoski-Treffen<\/li>\n\n\n\n<li>28. und 29. M\u00e4rz || <a href=\"https:\/\/www.hautes-alpes.net\/de\/reiseziele-hautes-alpes\/reallon-crevoux\/\" type=\"page\" id=\"74196\"><strong>R\u00c9ALLON<\/strong> <\/a>Snow Bike Race<br\/><br\/><br\/><\/li>\n<\/ul>\n<\/div><\/div>\n\n\n\n<div class=\"section-wrapper\"><div class=\"wp-block-ws-library-scrollable-section-item ws-section-scrollable-item\">\n<div class=\"wp-block-ws-library-ws-image\"><div class=\"wrapper\"><div class=\"group-media\"><img decoding=\"async\" src=\"https:\/\/www.hautes-alpes.net\/wp-content\/uploads\/2026\/03\/gillesbaron0123-9864-1240x800.jpg\" alt=\"\" class=\"single_image ws-image-354215\"><div class=\"credits\">G. Baron<\/div><\/div><p class=\"caption\"><\/p><\/div><\/div>\n<\/div><\/div>\n\n\n\n<div class=\"section-wrapper\"><div class=\"wp-block-ws-library-scrollable-section-item ws-section-scrollable-item\">\n<h3 class=\"wp-block-heading\"><strong>F\u00fcr den Austausch und die gemeinsame Nutzung  <\/strong><\/h3>\n\n\n\n<ul class=\"wp-block-list\">\n<li>2. bis 6. M\u00e4rz || <strong><a href=\"https:\/\/www.hautes-alpes.net\/de\/reiseziele-hautes-alpes\/superdevoluy-la-joue-du-loup\/devoluy-2\/\" type=\"page\" id=\"46929\">LE D\u00c9VOLUY<\/a><\/strong> Die H\u00f6hepunkte des olympischen Sports<br\/><br\/><br\/><\/li>\n<\/ul>\n<\/div><\/div>\n<div class=\"field-link\"><a href=\"https:\/\/www.hautes-alpes.net\/sorganiser\/agenda\/\" class=\"cardlink\">Voir la page<\/a><\/div><\/div><\/div><\/div>\n\n<div class=\"wp-block-ws-library-scrollable-section ws-section-scrollable alignfull\"><div class=\"scrollable-item\"><div class=\"group-content\"><div class=\"wrapper\"><h3 class=\"field-title\">Fambroise-T\u00fcrmchen<\/h3><div class=\"field-intro\"><p>Das Geheimrezept<\/p><\/div><\/div><\/div><div class=\"group-innerblocks\"><div class=\"group-media\"><div class=\"field-image\"><img decoding=\"async\" src=\"https:\/\/www.hautes-alpes.net\/wp-content\/uploads\/2026\/02\/tourtons-du-champsaur-cedric-tempier-17-1140x620.jpg\" alt=\"\"\/><\/div><div class=\"credits\">C. Tempier - AD05<\/div><\/div>\n<div class=\"section-wrapper\"><div class=\"wp-block-ws-library-scrollable-section-item ws-section-scrollable-item is-style-bg-grey\">\n<p>Jedes Jahr wird auf der Internationalen Landwirtschaftsmesse das franz\u00f6sische Terroir geehrt. Im Jahr 2026 werden die Hautes-Alpes erneut ihr Know-how und ihre emblematischen Spezialit\u00e4ten verteidigen. <\/p>\n<\/div><\/div>\n\n\n\n<div class=\"section-wrapper\"><div class=\"wp-block-ws-library-scrollable-section-item ws-section-scrollable-item is-style-bg-grey\">\n<p>Dazu geh\u00f6ren auch die unumg\u00e4nglichen <strong>Tourtons, die im Champsaur-Tal<\/strong> hergestellt werden und jedes Jahr die Besucher verf\u00fchren, sowohl in herzhafter als auch in s\u00fc\u00dfer Form. Und auch wenn die Messe in Paris sie feiert, geht nichts \u00fcber das Vergn\u00fcgen, sie zu Hause zuzubereiten&#8230; <\/p>\n<\/div><\/div>\n\n\n\n<div class=\"section-wrapper\"><div class=\"wp-block-ws-library-scrollable-section-item ws-section-scrollable-item is-style-default\">\n<h3 class=\"wp-block-heading\"><a><\/a><strong>F\u00fcr den Teig<\/strong><\/h3>\n\n\n\n<p>Wasser (Menge variiert je nach Mehl und gew\u00fcnschter Textur des Teigs)<\/p>\n\n\n\n<ul class=\"wp-block-list\">\n<li>1 kg Mehl<\/li>\n\n\n\n<li>2 Eier<\/li>\n\n\n\n<li>250 g Fett<\/li>\n\n\n\n<li>1 Prise Salz<\/li>\n<\/ul>\n<\/div><\/div>\n\n\n\n<div class=\"section-wrapper\"><div class=\"wp-block-ws-library-scrollable-section-item ws-section-scrollable-item\">\n<div class=\"wp-block-ws-library-ws-image\"><div class=\"wrapper\"><div class=\"group-media\"><img decoding=\"async\" src=\"https:\/\/www.hautes-alpes.net\/wp-content\/uploads\/2026\/02\/tourtons-du-champsaur-cedric-tempier-21-e1771922832734-1240x800.jpg\" alt=\"\" class=\"single_image ws-image-327548\"><div class=\"credits\">C. Tempier - AD05<\/div><\/div><p class=\"caption\"><\/p><\/div><\/div>\n<\/div><\/div>\n\n\n\n<div class=\"section-wrapper\"><div class=\"wp-block-ws-library-scrollable-section-item ws-section-scrollable-item\">\n<h3 class=\"wp-block-heading\"><strong>F\u00fcr die F\u00fcllung<\/strong><\/h3>\n\n\n\n<ul class=\"wp-block-list\">\n<li>Himbeerkompott<\/li>\n<\/ul>\n<\/div><\/div>\n\n\n\n<div class=\"section-wrapper\"><div class=\"wp-block-ws-library-scrollable-section-item ws-section-scrollable-item\">\n<h3 class=\"wp-block-heading\"><strong>Vorbereitung<\/strong><\/h3>\n\n\n\n<ul class=\"wp-block-list\">\n<li>Vermischen Sie das Mehl und das Salz.<\/li>\n\n\n\n<li>F\u00fcgen Sie die Eier und das Fett hinzu.<\/li>\n\n\n\n<li>Geben Sie nach und nach das Wasser hinzu, bis Sie einen weichen, homogenen und leicht ausrollbaren Teig erhalten.<\/li>\n\n\n\n<li>Lassen Sie den Teig m\u00f6glichst 30 Minuten ruhen.<\/li>\n<\/ul>\n<\/div><\/div>\n\n\n\n<div class=\"section-wrapper\"><div class=\"wp-block-ws-library-scrollable-section-item ws-section-scrollable-item\">\n<h3 class=\"wp-block-heading\"><strong>Formatierung<\/strong><\/h3>\n\n\n\n<ul class=\"wp-block-list\">\n<li>Rollen Sie den Teig d\u00fcnn aus.<\/li>\n\n\n\n<li>Kleine Portionen der F\u00fcllung aufspritzen (mit einem Spritzbeutel oder einem Teel\u00f6ffel).<br\/><\/li>\n<\/ul>\n<\/div><\/div>\n\n\n\n<div class=\"section-wrapper\"><div class=\"wp-block-ws-library-scrollable-section-item ws-section-scrollable-item\">\n<ul class=\"wp-block-list\">\n<li>Mit einem zweiten Teigblatt bedecken.<\/li>\n\n\n\n<li>Kleben Sie die R\u00e4nder fest, indem Sie um die F\u00fcllung herum dr\u00fccken.<\/li>\n\n\n\n<li>Schneiden Sie die Tourtons mit einem gezackten Roller aus.<br\/><\/li>\n<\/ul>\n<\/div><\/div>\n\n\n\n<div class=\"section-wrapper\"><div class=\"wp-block-ws-library-scrollable-section-item ws-section-scrollable-item\">\n<div class=\"wp-block-ws-library-ws-image\"><div class=\"wrapper\"><div class=\"group-media\"><img decoding=\"async\" src=\"https:\/\/www.hautes-alpes.net\/wp-content\/uploads\/2026\/02\/tourtons-du-champsaur-cedric-tempier-31-1240x800.jpg\" alt=\"\" class=\"single_image ws-image-327549\"><div class=\"credits\">C. Tempier - AD05<\/div><\/div><p class=\"caption\"><\/p><\/div><\/div>\n<\/div><\/div>\n\n\n\n<div class=\"section-wrapper\"><div class=\"wp-block-ws-library-scrollable-section-item ws-section-scrollable-item\">\n<div class=\"wp-block-ws-library-ws-image\"><div class=\"wrapper\"><div class=\"group-media\"><img decoding=\"async\" src=\"https:\/\/www.hautes-alpes.net\/wp-content\/uploads\/2026\/02\/tourtons-du-champsaur-cedric-tempier-33-1240x800.jpg\" alt=\"\" class=\"single_image ws-image-327551\"><div class=\"credits\">C. Tempier - AD05<\/div><\/div><p class=\"caption\"><\/p><\/div><\/div>\n<\/div><\/div>\n\n\n\n<div class=\"section-wrapper\"><div class=\"wp-block-ws-library-scrollable-section-item ws-section-scrollable-item\">\n<div class=\"wp-block-ws-library-ws-image\"><div class=\"wrapper\"><div class=\"group-media\"><img decoding=\"async\" src=\"https:\/\/www.hautes-alpes.net\/wp-content\/uploads\/2026\/02\/tourtons-du-champsaur-cedric-tempier-5-1240x800.jpg\" alt=\"\" class=\"single_image ws-image-327544\"><div class=\"credits\">C. Tempier - AD05<\/div><\/div><p class=\"caption\"><\/p><\/div><\/div>\n<\/div><\/div>\n\n\n\n<div class=\"section-wrapper\"><div class=\"wp-block-ws-library-scrollable-section-item ws-section-scrollable-item\">\n<h3 class=\"wp-block-heading\"><strong><strong>Kochen<\/strong><\/strong><\/h3>\n\n\n\n<ul class=\"wp-block-list\">\n<li>Erhitzen Sie das \u00d6l in einer Friteuse oder einem gro\u00dfen Topf.<\/li>\n\n\n\n<li>Tauchen Sie die Turteltauben in das auf 180\u00b0C erhitzte \u00d6l.<\/li>\n<\/ul>\n<\/div><\/div>\n\n\n\n<div class=\"section-wrapper\"><div class=\"wp-block-ws-library-scrollable-section-item ws-section-scrollable-item\">\n<ul class=\"wp-block-list\">\n<li>2 bis 3 Minuten backen, bis sie goldbraun sind.<\/li>\n\n\n\n<li>Vor dem Servieren auf K\u00fcchenpapier abtropfen lassen.<br\/><\/li>\n<\/ul>\n<\/div><\/div>\n\n\n\n<div class=\"section-wrapper\"><div class=\"wp-block-ws-library-scrollable-section-item ws-section-scrollable-item\">\n<div class=\"wp-block-ws-library-ws-image\"><div class=\"wrapper\"><div class=\"group-media\"><img decoding=\"async\" src=\"https:\/\/www.hautes-alpes.net\/wp-content\/uploads\/2026\/02\/tourtons-du-champsaur-cedric-tempier-34-1240x800.jpg\" alt=\"\" class=\"single_image ws-image-327541\"><div class=\"credits\">C. Tempier - AD05<\/div><\/div><p class=\"caption\"><\/p><\/div><\/div>\n<\/div><\/div>\n<\/div><\/div><\/div>\n\n<div class=\"wp-block-ws-library-scrollable-section ws-section-scrollable alignfull\"><div class=\"scrollable-item\"><div class=\"group-content\"><div class=\"wrapper\"><h3 class=\"field-title\">Bauernm\u00e4rkte<\/h3><div class=\"field-intro\"><p><\/p><\/div><\/div><\/div><div class=\"group-innerblocks\"><div class=\"group-media\"><div class=\"field-image\"><img decoding=\"async\" src=\"https:\/\/www.hautes-alpes.net\/wp-content\/uploads\/2026\/02\/photo-patdomeyne-addet05img-0300-1140x620.jpg\" alt=\"\"\/><\/div><div class=\"credits\">P Domeyne  | AD05<\/div><\/div>\n<div class=\"section-wrapper\"><div class=\"wp-block-ws-library-scrollable-section-item ws-section-scrollable-item\">\n<p>W\u00e4hrend des Winters trotzen <strong>die Erzeuger in der Region Haut-Alpine <\/strong>der K\u00e4lte, indem sie in die Skigebiete fahren, um die Urlauber zu treffen, die sich auf den Pisten tummeln.<\/p>\n\n\n\n<p>Sie k\u00f6nnen ihre Produkte entdecken und verkosten, die Besonderheiten ihres Berufs in der Winterzeit kennen lernen und sich in einem herzlichen und erfrischenden Gespr\u00e4ch austauschen.<\/p>\n<\/div><\/div>\n\n\n\n<div class=\"section-wrapper\"><div class=\"wp-block-ws-library-scrollable-section-item ws-section-scrollable-item is-style-bg-grey\">\n<p><strong>Finden Sie die :<\/strong><\/p>\n\n\n\n<p><strong><a href=\"https:\/\/www.hautes-alpes.net\/de\/reiseziele-hautes-alpes\/superdevoluy-la-joue-du-loup\/\">in La Joue du Loup<\/a><\/strong>Jeden Montag von 10.00 bis 17.30 Uhr vom 9. Februar bis zum 2. M\u00e4rz.<br\/><br\/><strong><a href=\"https:\/\/www.hautes-alpes.net\/de\/reiseziele-hautes-alpes\/ferienorte-in-den-doerfern-der-champsaur\/\">in Ancelle<\/a><\/strong>Donnerstags von 10.00 bis 12.30 Uhr vom 12. Februar bis 5. M\u00e4rz.<br\/><br\/><strong><a href=\"https:\/\/www.hautes-alpes.net\/de\/les-orres\/\">in Les Orres<\/a><\/strong>Freitags von 10.00 bis 18.00 Uhr vom 13. Februar bis 6. M\u00e4rz.<\/p>\n<\/div><\/div>\n\n\n\n<div class=\"section-wrapper\"><div class=\"wp-block-ws-library-scrollable-section-item ws-section-scrollable-item\">\n<div class=\"wp-block-ws-library-ws-image\"><div class=\"wrapper\"><div class=\"group-media\"><img decoding=\"async\" src=\"https:\/\/www.hautes-alpes.net\/wp-content\/uploads\/2026\/02\/fruits-anciens-orpierre-2023-patrick-domeyne-24-e1771926853400-753x640.jpg\" alt=\"\" class=\"single_image ws-image-327617\"><div class=\"credits\">P Domeyne | AD05<\/div><\/div><p class=\"caption\"><\/p><\/div><\/div>\n<\/div><\/div>\n\n\n\n<div class=\"section-wrapper\"><div class=\"wp-block-ws-library-scrollable-section-item ws-section-scrollable-item\">\n<div class=\"wp-block-ws-library-ws-image\"><div class=\"wrapper\"><div class=\"group-media\"><img decoding=\"async\" src=\"https:\/\/www.hautes-alpes.net\/wp-content\/uploads\/2026\/02\/fruits-anciens-orpierre-2023-patrick-domeyne-101-1240x800.jpg\" alt=\"\" class=\"single_image ws-image-327618\"><div class=\"credits\">P Domeyne | AD05<\/div><\/div><p class=\"caption\"><\/p><\/div><\/div>\n<\/div><\/div>\n<div class=\"field-link\"><a href=\"https:\/\/www.hautes-alpes.net\/experiences\/terroir-et-gastronomie\/\" class=\"cardlink\">Voir la page<\/a><\/div><\/div><\/div><\/div>\n<p><a id=\"tisanes\"><\/a><\/p>\n\n<div class=\"wp-block-ws-library-scrollable-section ws-section-scrollable alignfull\"><div class=\"scrollable-item\"><div class=\"group-content\"><div class=\"wrapper\"><h3 class=\"field-title\">Hohe Kr\u00e4uter<\/h3><div class=\"field-intro\"><p>oder die Kunst der Infusion<\/p><\/div><\/div><\/div><div class=\"group-innerblocks\"><div class=\"group-media\"><div class=\"field-image\"><img decoding=\"async\" src=\"https:\/\/www.hautes-alpes.net\/wp-content\/uploads\/2026\/02\/hautes-herbes-cedric-tempier-14-1140x620.jpg\" alt=\"\"\/><\/div><div class=\"credits\">C. Tempier - AD05<\/div><\/div>\n<div class=\"section-wrapper\"><div class=\"wp-block-ws-library-scrollable-section-item ws-section-scrollable-item\">\n<p><strong>Charlotte Passel\u00e8gue<\/strong>, Ethnobotanikerin und Kr\u00e4uterb\u00e4uerin, gr\u00fcndete <a href=\"http:\/\/hautesherbes.com\/\" target=\"_blank\" rel=\"noreferrer noopener\">Hautes Herbes<\/a> aus Liebe zu den Bergen und den Pflanzen.<\/p>\n<\/div><\/div>\n\n\n\n<div class=\"section-wrapper\"><div class=\"wp-block-ws-library-scrollable-section-item ws-section-scrollable-item is-style-bg-grey\">\n<h2 class=\"wp-block-heading is-style-title-2\"><strong>Charlotte teilt mit uns ihre Geheimnisse f\u00fcr einen gelungenen Kr\u00e4utertee.<\/strong><\/h2>\n<\/div><\/div>\n\n\n\n<div class=\"section-wrapper\"><div class=\"wp-block-ws-library-scrollable-section-item ws-section-scrollable-item\">\n<div class=\"wp-block-ws-library-ws-video\"><div class=\"wrapper\"><div class=\"group-media\">\n<figure class=\"wp-block-video video-block\"><video playsinline height=\"1920\" style=\"aspect-ratio: 1080 \/ 1920;\" width=\"1080\" controls=\"\" src=\"https:\/\/www.hautes-alpes.net\/wp-content\/uploads\/2026\/02\/tisane-officiel.mp4\"><\/video><\/figure>\n<\/div><\/div><\/div>\n<\/div><\/div>\n\n\n\n<div class=\"section-wrapper\"><div class=\"wp-block-ws-library-scrollable-section-item ws-section-scrollable-item\">\n<p><strong>Eine sanfte Kultur<\/strong><\/p>\n\n\n\n<p>In ihrem 2.500 m\u00b2 gro\u00dfen Garten baut sie alles von Hand an, ohne Maschinen oder Chemie. Charlotte stellt dann Kr\u00e4utertees und Feinkostprodukte her, die handwerklich verarbeitet werden, unter Ber\u00fccksichtigung der Biodiversit\u00e4t und der nat\u00fcrlichen Zyklen. <\/p>\n<\/div><\/div>\n\n\n\n<div class=\"section-wrapper\"><div class=\"wp-block-ws-library-scrollable-section-item ws-section-scrollable-item\">\n<p><strong>Ein Ort des Austauschs<\/strong><\/p>\n\n\n\n<p>\u00dcber die Produktion hinaus vermittelt Charlotte ihre Leidenschaft durch immersive Erfahrungen und den Empfang von Besuchern. Sie vermittelt die traditionelle Verwendung von Pflanzen, um eine ausgewogenere Beziehung zu den Lebewesen zu f\u00f6rdern. <\/p>\n<\/div><\/div>\n\n\n\n<div class=\"section-wrapper\"><div class=\"wp-block-ws-library-scrollable-section-item ws-section-scrollable-item\">\n<div class=\"wp-block-ws-library-ws-image\"><div class=\"wrapper\"><div class=\"group-media\"><img decoding=\"async\" src=\"https:\/\/www.hautes-alpes.net\/wp-content\/uploads\/2026\/02\/hautes-herbes-cedric-tempier-25-960x640.jpg\" alt=\"\" class=\"single_image ws-image-306726\"><div class=\"credits\">C. Tempier - AD05<\/div><\/div><p class=\"caption\"><\/p><\/div><\/div>\n<\/div><\/div>\n\n\n\n<div class=\"section-wrapper\"><div class=\"wp-block-ws-library-scrollable-section-item ws-section-scrollable-item\">\n<div class=\"wp-block-ws-library-ws-image\"><div class=\"wrapper\"><div class=\"group-media\"><img decoding=\"async\" src=\"https:\/\/www.hautes-alpes.net\/wp-content\/uploads\/2026\/02\/hautes-herbes-cedric-tempier-2-1240x800.jpg\" alt=\"\" class=\"single_image ws-image-306725\"><div class=\"credits\">C. Tempier - AD05<\/div><\/div><p class=\"caption\"><\/p><\/div><\/div>\n<\/div><\/div>\n<\/div><\/div><\/div>\n<p><a id=\"skiset\"><\/a><\/p>\n\n<div class=\"wp-block-ws-library-scrollable-section ws-section-scrollable alignfull\"><div class=\"scrollable-item\"><div class=\"group-content\"><div class=\"wrapper\"><h3 class=\"field-title\"><strong>Im Herzen des Skifahrens und der Action<\/strong><\/h3><div class=\"field-intro\"><p>Hinter den Kulissen eines Wintersportgesch\u00e4fts<\/p><\/div><\/div><\/div><div class=\"group-innerblocks\"><div class=\"group-media\"><div class=\"field-image\"><img decoding=\"async\" src=\"https:\/\/www.hautes-alpes.net\/wp-content\/uploads\/2026\/02\/ski-set-risoul-cedric-tempier-31-1140x620.jpg\" alt=\"\"\/><\/div><div class=\"credits\"><\/div><\/div>\n<div class=\"section-wrapper\"><div class=\"wp-block-ws-library-scrollable-section-item ws-section-scrollable-item\">\n<p>Der <strong>Skiman<\/strong> ist mehr als ein Techniker, er ist der unverzichtbare Verb\u00fcndete der Wintersportfans.<br\/>Sobald sein Gesch\u00e4ft er\u00f6ffnet ist, pr\u00e4pariert er Skier und Snowboards mit Pr\u00e4zision.<\/p>\n\n\n\n<p>Was ist sein Ziel? Leistung und Sicherheit auf den Pisten zu bieten.<br\/>Kanten schleifen, sorgf\u00e4ltig wachsen, Bindungen einstellen: Jedes Detail z\u00e4hlt, um eine perfekte Abfahrt zu garantieren. <\/p>\n<\/div><\/div>\n\n\n\n<div class=\"section-wrapper\"><div class=\"wp-block-ws-library-scrollable-section-item ws-section-scrollable-item is-style-default\">\n<p>Er ist ein leidenschaftlicher Experte und ber\u00e4t jeden Urlauber entsprechend seinem Niveau und seinen W\u00fcnschen.<\/p>\n\n\n\n<p>Dieser Gipfelst\u00fcrmer teilt gerne seine Tipps und seine Lieblingsecken im Skigebiet, damit Sie das Skifahren auf eine andere Art und Weise genie\u00dfen k\u00f6nnen.<\/p>\n<\/div><\/div>\n\n\n\n<div class=\"section-wrapper\"><div class=\"wp-block-ws-library-scrollable-section-item ws-section-scrollable-item is-style-bg-grey\">\n<p><strong>Lernen Sie Alexandre und sein Team in den 5 SKISET-Gesch\u00e4ften in Risoul kennen!<\/strong><\/p>\n<\/div><\/div>\n\n\n\n<div class=\"section-wrapper\"><div class=\"wp-block-ws-library-scrollable-section-item ws-section-scrollable-item\">\n<div class=\"wp-block-ws-library-ws-video\"><div class=\"wrapper\"><div class=\"group-media\">\n<figure class=\"wp-block-video video-block\"><video playsinline controls=\"\" src=\"https:\/\/media.hautes-alpes.net\/videos\/SKISET-RISOUL.mp4\"><\/video><\/figure>\n<\/div><\/div><\/div>\n<\/div><\/div>\n\n\n\n<div class=\"section-wrapper\"><div class=\"wp-block-ws-library-scrollable-section-item ws-section-scrollable-item\">\n<div class=\"wp-block-ws-library-ws-image\"><div class=\"wrapper\"><div class=\"group-media\"><img decoding=\"async\" src=\"https:\/\/www.hautes-alpes.net\/wp-content\/uploads\/2026\/02\/ski-set-risoul-cedric-tempier-23-960x640.jpg\" alt=\"\" class=\"single_image ws-image-300645\"><div class=\"credits\"><\/div><\/div><p class=\"caption\"><\/p><\/div><\/div>\n<\/div><\/div>\n\n\n\n<div class=\"section-wrapper\"><div class=\"wp-block-ws-library-scrollable-section-item ws-section-scrollable-item\">\n<div class=\"wp-block-ws-library-ws-image\"><div class=\"wrapper\"><div class=\"group-media\"><img decoding=\"async\" src=\"https:\/\/www.hautes-alpes.net\/wp-content\/uploads\/2026\/02\/ski-set-risoul-cedric-tempier-4-425x640.jpg\" alt=\"\" class=\"single_image ws-image-300642\"><div class=\"credits\"><\/div><\/div><p class=\"caption\"><\/p><\/div><\/div>\n<\/div><\/div>\n<\/div><\/div><\/div>\n<p><a id=\"passmarsien\"><\/a><\/p>\n\n<div class=\"wp-block-ws-library-scrollable-section ws-section-scrollable alignfull\"><div class=\"scrollable-item\"><div class=\"group-content\"><div class=\"wrapper\"><h3 class=\"field-title\">Der Marsian Pass<\/h3><div class=\"field-intro\"><p>Gute Tipps zum Saisonende<\/p><\/div><\/div><\/div><div class=\"group-innerblocks\"><div class=\"group-media\"><div class=\"field-image\"><img decoding=\"async\" src=\"https:\/\/www.hautes-alpes.net\/wp-content\/uploads\/2026\/02\/6-scaled-e1771257204713-1140x620.png\" alt=\"\"\/><\/div><div class=\"credits\"><\/div><\/div>\n<div class=\"section-wrapper\"><div class=\"wp-block-ws-library-scrollable-section-item ws-section-scrollable-item is-style-bg-grey\">\n<p><strong>Der Marsien-Pass<\/strong> ist die Gelegenheit, den Fr\u00fchlingsskilauf unter den besten Bedingungen zu genie\u00dfen, mit immer vorhandenem Schnee und guter Qualit\u00e4t, gro\u00dfz\u00fcgigem Sonnenschein und gesch\u00fctzt vor der Hektik der&#8230;<\/p>\n<\/div><\/div>\n\n\n\n<div class=\"section-wrapper\"><div class=\"wp-block-ws-library-scrollable-section-item ws-section-scrollable-item\">\n<h2 class=\"wp-block-heading\"><strong><strong>Gute Bedingungen und gute Pl\u00e4ne<\/strong><\/strong> <\/h2>\n\n\n\n<p>Im M\u00e4rz profitieren Sie von l\u00e4ngeren Tagen, au\u00dfergew\u00f6hnlichen Lichtverh\u00e4ltnissen und milderen Temperaturen zum Skifahren. Mit der Sonne im R\u00fccken sind die Pausen auf der Terrasse noch angenehmer!   <strong>Was den Schnee betrifft, so gibt es genug zu tun.<\/strong><\/p>\n<\/div><\/div>\n\n\n\n<div class=\"section-wrapper\"><div class=\"wp-block-ws-library-scrollable-section-item ws-section-scrollable-item\">\n<div class=\"wp-block-ws-library-ws-image\"><div class=\"wrapper\"><div class=\"group-media\"><img decoding=\"async\" src=\"https:\/\/www.hautes-alpes.net\/wp-content\/uploads\/2026\/02\/unnamed-15-453x640.jpg\" alt=\"\" class=\"single_image ws-image-298021\"><div class=\"credits\"><\/div><\/div><p class=\"caption\"><\/p><\/div><\/div>\n<\/div><\/div>\n\n\n\n<div class=\"section-wrapper\"><div class=\"wp-block-ws-library-scrollable-section-item ws-section-scrollable-item is-style-default\">\n<p>Fr\u00fchjahrsskilauf bedeutet auch Sonderangebote f\u00fcr Skip\u00e4sse und Unterk\u00fcnfte. Es ist die ideale Gelegenheit, die Saison zu beenden und die freundliche Atmosph\u00e4re der Skigebiete zu genie\u00dfen. <\/p>\n\n\n\n<p><em>Diese Aktion wird in Partnerschaft mit France Montagnes durchgef\u00fchrt.<\/em><\/p>\n<\/div><\/div>\n\n\n\n<div class=\"section-wrapper\"><div class=\"wp-block-ws-library-scrollable-section-item ws-section-scrollable-item\">\n<div class=\"wp-block-ws-library-ws-image\"><div class=\"wrapper\"><div class=\"group-media\"><img decoding=\"async\" src=\"https:\/\/www.hautes-alpes.net\/wp-content\/uploads\/2026\/02\/ma-x-ski-10-427x640.webp\" alt=\"\" class=\"single_image ws-image-298047\"><div class=\"credits\"><\/div><\/div><p class=\"caption\"><\/p><\/div><\/div>\n<\/div><\/div>\n\n\n\n<div class=\"section-wrapper\"><div class=\"wp-block-ws-library-scrollable-section-item ws-section-scrollable-item\">\n<p><strong>Entdecken Sie die Angebote in Ihrem Lieblingsort!<\/strong><\/p>\n\n\n\n<div class=\"wp-block-buttons is-layout-flex wp-block-buttons-is-layout-flex\">\n<div class=\"wp-block-button\"><a class=\"wp-block-button__link wp-element-button\" href=\"https:\/\/www.pass-marsien.fr\/alpes-du-sud\" target=\"_blank\" rel=\"noreferrer noopener\">Siehe die Angebote<\/a><\/div>\n<\/div>\n<\/div><\/div>\n<\/div><\/div><\/div>\n\n<div class=\"wp-block-ws-library-scrollable-section ws-section-scrollable alignfull\"><div class=\"scrollable-item\"><div class=\"group-content\"><div class=\"wrapper\"><h3 class=\"field-title\">Schnee-Tour<\/h3><\/div><\/div><div class=\"group-innerblocks\"><div class=\"group-media\"><div class=\"field-image\"><img decoding=\"async\" src=\"https:\/\/www.hautes-alpes.net\/wp-content\/uploads\/2026\/02\/affiche-tournee-1140x620.jpg\" alt=\"\"\/><\/div><div class=\"credits\"><\/div><\/div>\n<div class=\"section-wrapper\"><div class=\"wp-block-ws-library-scrollable-section-item ws-section-scrollable-item\">\n<h2 class=\"wp-block-heading\"><strong><strong>Schnee-Tournee &#8220;\u00c7a c&#8217;est le Sud&#8220; (Das ist der S\u00fcden)<\/strong><\/strong><\/h2>\n<\/div><\/div>\n\n\n\n<div class=\"section-wrapper\"><div class=\"wp-block-ws-library-scrollable-section-item ws-section-scrollable-item\">\n<p>Die Region Provence-Alpes-C\u00f4te d&#8217;Azur schnallt sich die Skier f\u00fcr eine zweite Abfahrt an und veranstaltet die <strong>zweite Ausgabe der Tourn\u00e9e des neiges<\/strong>, ein festliches Treffen, das die Energie und die Attraktivit\u00e4t der Gebiete der S\u00fcdalpen feiern soll.<\/p>\n<\/div><\/div>\n\n\n\n<div class=\"section-wrapper\"><div class=\"wp-block-ws-library-scrollable-section-item ws-section-scrollable-item\">\n<p>Drei Stationen in den Hautes-Alpes: <a href=\"https:\/\/www.hautes-alpes.net\/de\/reiseziele-hautes-alpes\/orcieres-merlette-1850\/\" type=\"page\" id=\"73881\">Orci\u00e8res Merlette<\/a>, <a href=\"https:\/\/www.hautes-alpes.net\/de\/reiseziele-hautes-alpes\/montgenevre\/\" type=\"page\" id=\"73745\">Montgen\u00e8vre <\/a>und <a href=\"https:\/\/www.hautes-alpes.net\/de\/reiseziele-hautes-alpes\/serre-chevalier\/\" type=\"page\" id=\"73561\">Serre Chevalier<\/a>, wo ein vor\u00fcbergehendes Dorf eingerichtet wird, das Wintersport und Geselligkeit miteinander verbindet: immersive Ski- und Snowboard-Erlebnisse, spielerische Workshops f\u00fcr die J\u00fcngsten, eine Fotobox und ein Spaziergang, sowie kulinarische Animationen.<\/p>\n<\/div><\/div>\n\n\n\n<div class=\"section-wrapper\"><div class=\"wp-block-ws-library-scrollable-section-item ws-section-scrollable-item\">\n<div class=\"wp-block-ws-library-ws-image\"><div class=\"wrapper\"><div class=\"group-media\"><img decoding=\"async\" src=\"https:\/\/www.hautes-alpes.net\/wp-content\/uploads\/2026\/02\/region-sud-tournee-des-neiges-scaled-e1770646028565-534x640.jpg\" alt=\"\" class=\"single_image ws-image-275717\"><div class=\"credits\"><\/div><\/div><p class=\"caption\"><\/p><\/div><\/div>\n\n\n\n<p><\/p>\n<\/div><\/div>\n\n\n\n<div class=\"section-wrapper\"><div class=\"wp-block-ws-library-scrollable-section-item ws-section-scrollable-item\">\n<p>Bei Einbruch der Dunkelheit gibt es einen gemeinsamen Nervenkitzel: 90 Chors\u00e4nger unter der Leitung von Franck Castellano versprechen einen spektakul\u00e4ren Moment, bevor DJ Le Pedre die Turntables \u00fcberl\u00e4sst, um die Party zu verl\u00e4ngern.<\/p>\n\n\n\n<p>In <a href=\"https:\/\/www.hautes-alpes.net\/de\/reiseziele-hautes-alpes\/montgenevre\/\" type=\"page\" id=\"73745\">Montgen\u00e8vre <\/a>und <a href=\"https:\/\/www.hautes-alpes.net\/de\/reiseziele-hautes-alpes\/serre-chevalier\/\" type=\"page\" id=\"73561\">Serre Chevalier<\/a> kommt ein visuelles Highlight hinzu: eine neuartige <strong>Drohnenshow<\/strong>, zehn Minuten Luftchoreographie, die den Winterhimmel erleuchtet.<\/p>\n<\/div><\/div>\n\n\n\n<div class=\"section-wrapper\"><div class=\"wp-block-ws-library-scrollable-section-item ws-section-scrollable-item\">\n<h2 class=\"wp-block-heading\"><em>Kalender der Etappen<\/em><\/h2>\n\n\n\n<p><strong>15. Februar<\/strong> - Orci\u00e8res-Merlette<\/p>\n\n\n\n<p><strong>17. Februar<\/strong> - Montgen\u00e8vre<\/p>\n\n\n\n<p><strong>23. Februar<\/strong> - Serre Chevalier<\/p>\n\n\n\n<p>Von 16 bis 19 Uhr<\/p>\n<\/div><\/div>\n\n\n\n<div class=\"section-wrapper\"><div class=\"wp-block-ws-library-scrollable-section-item ws-section-scrollable-item\">\n<div class=\"wp-block-ws-library-ws-image\"><div class=\"wrapper\"><div class=\"group-media\"><img decoding=\"async\" src=\"https:\/\/www.hautes-alpes.net\/wp-content\/uploads\/2026\/02\/484109190-1378941516465471-1680598587158875705-n-427x640.jpg\" alt=\"\" class=\"single_image ws-image-285154\"><div class=\"credits\"><\/div><\/div><p class=\"caption\"><\/p><\/div><\/div>\n<\/div><\/div>\n\n\n\n<div class=\"section-wrapper\"><div class=\"wp-block-ws-library-scrollable-section-item ws-section-scrollable-item\">\n<div class=\"wp-block-ws-library-ws-image\"><div class=\"wrapper\"><div class=\"group-media\"><img decoding=\"async\" src=\"https:\/\/www.hautes-alpes.net\/wp-content\/uploads\/2026\/02\/484551135-1378945019798454-2034612997163571214-n-427x640.jpg\" alt=\"\" class=\"single_image ws-image-285155\"><div class=\"credits\"><\/div><\/div><p class=\"caption\"><\/p><\/div><\/div>\n<\/div><\/div>\n<\/div><\/div><\/div>\n\n<div class=\"wp-block-ws-library-scrollable-section ws-section-scrollable alignfull\"><div class=\"scrollable-item\"><div class=\"group-content\"><div class=\"wrapper\"><h3 class=\"field-title\">Wei\u00dfe Rennen<\/h3><div class=\"field-intro\"><p><\/p><\/div><\/div><\/div><div class=\"group-innerblocks\"><div class=\"group-media\"><div class=\"field-image\"><img decoding=\"async\" src=\"https:\/\/www.hautes-alpes.net\/wp-content\/uploads\/2026\/01\/sud-raid-blanc-2025-29-e1769698806701-1140x620.jpg\" alt=\"\"\/><\/div><div class=\"credits\">Sud Raid blanc<\/div><\/div>\n<div class=\"section-wrapper\"><div class=\"wp-block-ws-library-scrollable-section-item ws-section-scrollable-item is-style-bg-grey\">\n<p>Der<sup>1.<\/sup> Februar wird sportlich oder nicht. Drei nordische Veranstaltungen laden Sie in die Hautes-Alpes ein.   <\/p>\n\n\n\n<p>Raid, Laufen und Skilanglauf stehen auf dem Programm, in einer wei\u00dfen und freundlichen Atmosph\u00e4re.<\/p>\n<\/div><\/div>\n\n\n\n<div class=\"section-wrapper\"><div class=\"wp-block-ws-library-scrollable-section-item ws-section-scrollable-item\">\n<h3 class=\"wp-block-heading is-style-default\"><em><sup>1.<\/sup> Februar - Valgaudemar<\/em><strong>La Valgaude Blanche<\/strong><\/h3>\n\n\n\n<p>In der wilden Landschaft des <a href=\"https:\/\/www.hautes-alpes.net\/de\/reiseziele-hautes-alpes\/champsaur-valgaudemar\/\" type=\"page\" id=\"39445\">Valgaudemar<\/a> l\u00e4sst <strong>Valgaude Blanche<\/strong> das Tal im Rhythmus des nordischen Skisports vibrieren. Man gleitet zwischen majest\u00e4tischen Gipfeln und verschneiten W\u00e4ldern, getragen vom reinen Atem der Berge. <\/p>\n<\/div><\/div>\n\n\n\n<div class=\"section-wrapper\"><div class=\"wp-block-ws-library-scrollable-section-item ws-section-scrollable-item\">\n<p>Die Atmosph\u00e4re ist herzlich, die Anfeuerungsrufe sind laut und jeder Kilometer wird zu einem Moment des gemeinsamen Vergn\u00fcgens.<\/p>\n\n\n\n<p>Die Langl\u00e4ufer k\u00f6nnen zwischen verschiedenen Distanzen und Stilen w\u00e4hlen, um einen sportlichen und authentischen Tag zu erleben.<\/p>\n<\/div><\/div>\n\n\n\n<div class=\"section-wrapper\"><div class=\"wp-block-ws-library-scrollable-section-item ws-section-scrollable-item\">\n<div class=\"wp-block-ws-library-ws-image\"><div class=\"wrapper\"><div class=\"group-media\"><img decoding=\"async\" src=\"https:\/\/www.hautes-alpes.net\/wp-content\/uploads\/2026\/01\/34900154-diaporama.jpg\" alt=\"\" class=\"single_image ws-image-233219\"><div class=\"credits\">OT Montgen\u00e8vre<\/div><\/div><p class=\"caption\"><\/p><\/div><\/div>\n<\/div><\/div>\n\n\n\n<div class=\"section-wrapper\"><div class=\"wp-block-ws-library-scrollable-section-item ws-section-scrollable-item\">\n<h3 class=\"wp-block-heading\"><em><sup>1.<\/sup> Februar - Montgen\u00e8vre<\/em><strong>Snow Race von Montgen\u00e8vre<\/strong><\/h3>\n\n\n\n<p>Bei Tagesanbruch glitzern die Bergk\u00e4mme von <a href=\"https:\/\/www.hautes-alpes.net\/de\/reiseziele-hautes-alpes\/montgenevre\/\" type=\"page\" id=\"73745\">Montgen\u00e8vre <\/a>unter dem Schnee und die Schritte der L\u00e4ufer ziehen die ersten wei\u00dfen Linien.<\/p>\n<\/div><\/div>\n\n\n\n<div class=\"section-wrapper\"><div class=\"wp-block-ws-library-scrollable-section-item ws-section-scrollable-item\">\n<p>Das <strong>Snow Race<\/strong> ist ein Wintertrail-Abenteuer, bei dem Sie zwischen L\u00e4rchenw\u00e4ldern, vereisten Almen und atemberaubenden Alpenpanoramen laufen. Jeder Schritt ist eine Mischung aus Anstrengung und Freiheit. <\/p>\n\n\n\n<p>Zwei Strecken (8 km und 17 km) bieten jedem die M\u00f6glichkeit, die einzigartige Intensit\u00e4t eines winterlichen Berglaufs zu erleben.<\/p>\n<\/div><\/div>\n\n\n\n<div class=\"section-wrapper\"><div class=\"wp-block-ws-library-scrollable-section-item ws-section-scrollable-item\">\n<h3 class=\"wp-block-heading\"><em><sup>1.<\/sup> Februar - Ancelle<\/em><strong>S\u00fcd Raid Wei\u00df<\/strong><\/h3>\n\n\n\n<p>Wenn der Winter die Berge von <a href=\"https:\/\/www.hautes-alpes.net\/de\/reiseziele-hautes-alpes\/champsaur-valgaudemar\/\" type=\"page\" id=\"39445\">Champsaur <\/a>in Schnee und Licht h\u00fcllt, l\u00e4dt der <strong>Sud Raid Blanc<\/strong> die Abenteurer ein, die ausgetretenen Pfade zu verlassen.<\/p>\n<\/div><\/div>\n\n\n\n<div class=\"section-wrapper\"><div class=\"wp-block-ws-library-scrollable-section-item ws-section-scrollable-item\">\n<p>Zu zweit werden Skifahren, Rodeln, Orientierungslauf und spielerische Herausforderungen inmitten grandioser Landschaften miteinander verkn\u00fcpft. Es ist mehr als ein Rennen, es ist eine Entdeckungsreise, bei der man die Anstrengung und das Vergn\u00fcgen teilt, gemeinsam Fortschritte zu machen, unabh\u00e4ngig vom eigenen Niveau. <\/p>\n<\/div><\/div>\n\n\n\n<div class=\"section-wrapper\"><div class=\"wp-block-ws-library-scrollable-section-item ws-section-scrollable-item\">\n<div class=\"wp-block-ws-library-ws-image\"><div class=\"wrapper\"><div class=\"group-media\"><img decoding=\"async\" src=\"https:\/\/www.hautes-alpes.net\/wp-content\/uploads\/2026\/01\/sud-raid-blanc-2025-13-e1769441933328-945x640.jpg\" alt=\"\" class=\"single_image ws-image-233224\"><div class=\"credits\"><\/div><\/div><p class=\"caption\"><\/p><\/div><\/div>\n<\/div><\/div>\n\n\n\n<div class=\"section-wrapper\"><div class=\"wp-block-ws-library-scrollable-section-item ws-section-scrollable-item\">\n<div class=\"wp-block-ws-library-ws-image\"><div class=\"wrapper\"><div class=\"group-media\"><img decoding=\"async\" src=\"https:\/\/www.hautes-alpes.net\/wp-content\/uploads\/2026\/01\/sud-raid-blanc-2025-47-e1769441949765-448x640.jpg\" alt=\"\" class=\"single_image ws-image-233222\"><div class=\"credits\">S\u00fcdlicher wei\u00dfer Raid<\/div><\/div><p class=\"caption\"><\/p><\/div><\/div>\n<\/div><\/div>\n\n\n\n<div class=\"section-wrapper\"><div class=\"wp-block-ws-library-scrollable-section-item ws-section-scrollable-item\">\n<div class=\"wp-block-ws-library-ws-image\"><div class=\"wrapper\"><div class=\"group-media\"><img decoding=\"async\" src=\"https:\/\/www.hautes-alpes.net\/wp-content\/uploads\/2026\/01\/sud-raid-blanc-2025-81-e1769441962742-1035x640.jpg\" alt=\"\" class=\"single_image ws-image-233221\"><div class=\"credits\">S\u00fcdlicher wei\u00dfer Raid<\/div><\/div><p class=\"caption\"><\/p><\/div><\/div>\n<\/div><\/div>\n<\/div><\/div><\/div>\n\n<p><\/p>\n\n<div class=\"wp-block-ws-library-scrollable-section ws-section-scrollable alignfull\"><div class=\"scrollable-item\"><div class=\"group-content\"><div class=\"wrapper\"><h3 class=\"field-title\">Wei\u00dfe Linien<\/h3><div class=\"field-intro\"><p>BACKCOUNTRY, der Berg mit Pulverschnee<\/p><\/div><\/div><\/div><div class=\"group-innerblocks\"><div class=\"group-media\"><div class=\"field-image\"><img decoding=\"async\" src=\"https:\/\/www.hautes-alpes.net\/wp-content\/uploads\/2025\/11\/bcm-france-issue-007-header-1536x1024-1-1140x620.jpg\" alt=\"\"\/><\/div><div class=\"credits\">BackCountry<\/div><\/div>\n<div class=\"section-wrapper\"><div class=\"wp-block-ws-library-scrollable-section-item ws-section-scrollable-item\">\n<p>Das f\u00fchrende Magazin f\u00fcr Skitouren- und Naturliebhaber stellt in seiner neuesten Ausgabe den D\u00e9voluy vor, ein wildes und leuchtendes Massiv in den Hautes-Alpes.<\/p>\n<\/div><\/div>\n\n\n\n<div class=\"section-wrapper\"><div class=\"wp-block-ws-library-scrollable-section-item ws-section-scrollable-item\">\n<p>Auf den Seiten des <a href=\"https:\/\/backcountrymagazine.com\/backcountry-magazine-france\/\">neuesten Backcountry<\/a> wird die H\u00f6he in vollen Z\u00fcgen eingeatmet. Das Magazin, das als Referenz f\u00fcr Berg- und Off-Piste-Fans gilt, nimmt seine Leser mit in <strong>das <a href=\"https:\/\/www.hautes-alpes.net\/de\/reiseziele-hautes-alpes\/superdevoluy-la-joue-du-loup\/devoluy-2\/\">D\u00e9voluy<\/a><\/strong>, ein <strong>mineralisches und zugleich faszinierendes<\/strong> Gebiet, in dem Kalksteinfelsen neben unber\u00fchrten T\u00e4lern liegen.  <\/p>\n\n\n\n<p>Reportagen, Reiserouten von Riders und das Teilen von Emotionen bilden ein Dossier, das nach Pulverschnee und Freiheit riecht.<\/p>\n<\/div><\/div>\n\n\n\n<div class=\"section-wrapper\"><div class=\"wp-block-ws-library-scrollable-section-item ws-section-scrollable-item\">\n<p>Backcountry macht keinen Fehler: <strong>Die Hautes-Alpes sind ein au\u00dfergew\u00f6hnliches Land f\u00fcr Abenteuer.<\/strong> Die legend\u00e4ren Spots von La Grave, Vallouise und Queyras wurden bereits in fr\u00fcheren Ausgaben mit ausf\u00fchrlichen Artikeln und Fotoreportagen vorgestellt.  <\/p>\n<\/div><\/div>\n\n\n\n<div class=\"section-wrapper\"><div class=\"wp-block-ws-library-scrollable-section-item ws-section-scrollable-item\">\n<p>Das Magazin, das immer so sorgf\u00e4ltig gestaltet und pr\u00e4zise berichtet, best\u00e4tigt seinen Status als<strong>elegantes UFO des Outdoor-Journalismus<\/strong>: nicht zu technisch, nicht zu kontemplativ, sondern genau das richtige Ma\u00df an Authentizit\u00e4t, um den Wunsch zu wecken, dort hinauf zu gehen.  <\/p>\n\n\n\n<p><strong>Der D\u00e9voluy war noch nie so nah und inspirierend.<\/strong><\/p>\n<\/div><\/div>\n\n\n\n<div class=\"section-wrapper\"><div class=\"wp-block-ws-library-scrollable-section-item ws-section-scrollable-item\">\n<div class=\"wp-block-ws-library-ws-image\"><div class=\"wrapper\"><div class=\"group-media\"><img decoding=\"async\" src=\"https:\/\/www.hautes-alpes.net\/wp-content\/uploads\/2025\/11\/chourum-39-1240x800.jpg\" alt=\"\" class=\"single_image ws-image-80715\"><div class=\"credits\">T. Blais<\/div><\/div><p class=\"caption\"><\/p><\/div><\/div>\n<\/div><\/div>\n\n\n\n<div class=\"section-wrapper\"><div class=\"wp-block-ws-library-scrollable-section-item ws-section-scrollable-item\">\n<div class=\"wp-block-ws-library-ws-image is-style-simple\"><div class=\"wrapper\"><div class=\"group-media\"><img decoding=\"async\" src=\"https:\/\/www.hautes-alpes.net\/wp-content\/uploads\/2025\/11\/chourum-40-960x640.jpg\" alt=\"\" class=\"single_image ws-image-80716\"><div class=\"credits\">T. Blais<\/div><\/div><p class=\"caption\"><\/p><\/div><\/div>\n<\/div><\/div>\n\n\n\n<div class=\"section-wrapper\"><div class=\"wp-block-ws-library-scrollable-section-item ws-section-scrollable-item\">\n<div class=\"wp-block-ws-library-ws-image\"><div class=\"wrapper\"><div class=\"group-media\"><img decoding=\"async\" src=\"https:\/\/www.hautes-alpes.net\/wp-content\/uploads\/2025\/11\/chourum-43-1240x800.jpg\" alt=\"\" class=\"single_image ws-image-80717\"><div class=\"credits\">T. Blais<\/div><\/div><p class=\"caption\"><\/p><\/div><\/div>\n<\/div><\/div>\n<\/div><\/div><\/div>\n\n<div class=\"wp-block-ws-library-scrollable-section ws-section-scrollable alignfull\"><div class=\"scrollable-item\"><div class=\"group-content\"><div class=\"wrapper\"><h3 class=\"field-title\">Ton aufdrehen<\/h3><div class=\"field-intro\"><p>Konzerte von einem Ende des Winters zum anderen<\/p><\/div><\/div><\/div><div class=\"group-innerblocks\"><div class=\"group-media\"><div class=\"field-image\"><img decoding=\"async\" src=\"https:\/\/www.hautes-alpes.net\/wp-content\/uploads\/2025\/11\/concerts-richardbord-170524-235554-bd-1140x620.jpg\" alt=\"\"\/><\/div><div class=\"credits\">R. Bord<\/div><\/div>\n<div class=\"section-wrapper\"><div class=\"wp-block-ws-library-scrollable-section-item ws-section-scrollable-item\">\n<p>In den Hautes-Alpes hat man die Theorie, dass <strong>die K\u00e4lte nicht sticht, wenn die Musik die Stimmung aufheizt<\/strong>. Daher haben wir es uns zur Gewohnheit gemacht, mitten im Winter einige Veranstaltungen zu organisieren, die die Sinne anregen und Lust darauf machen, die H\u00fcften zu schwingen. <\/p>\n<\/div><\/div>\n\n\n\n<div class=\"section-wrapper\"><div class=\"wp-block-ws-library-scrollable-section-item ws-section-scrollable-item\">\n<h3 class=\"wp-block-heading is-style-title-1\">Vars <strong>auf der B\u00fchne<\/strong><\/h3>\n\n\n\n<p>Am <strong>13. Dezember<\/strong> in <strong><a href=\"https:\/\/www.hautes-alpes.net\/de\/vars\/\">Vars<\/a><\/strong>Am 12. Dezember werden die Pisten gegen eine Freilichtb\u00fchne getauscht. Die Schneefront wird zu einem musikalischen Vorplatz, wo <strong>Ben Harper &amp; The Innocent Criminals<\/strong> den Winter einl\u00e4uten. Keine gro\u00dfe, \u00fcberfl\u00fcssige Inszenierung: nur die Berge, Gitarren und Sie, ganz nah bei den K\u00fcnstlern, am Fu\u00dfe der Pisten. Ein <strong>kostenloses Konzert<\/strong>, das den seltenen Geschmack eines h\u00e4ngenden Augenblicks hat.<\/p>\n<\/div><\/div>\n\n\n\n<div class=\"section-wrapper\"><div class=\"wp-block-ws-library-scrollable-section-item ws-section-scrollable-item\">\n<div class=\"wp-block-ws-library-ws-image\"><div class=\"wrapper\"><div class=\"group-media\"><img decoding=\"async\" src=\"https:\/\/www.hautes-alpes.net\/wp-content\/uploads\/2025\/11\/remi-morel-vars-en-scene-2019-ub40-11-1-1240x800.jpg\" alt=\"\" class=\"single_image ws-image-78365\"><div class=\"credits\">R. Morel<\/div><\/div><p class=\"caption\"><\/p><\/div><\/div>\n<\/div><\/div>\n\n\n\n<div class=\"section-wrapper\"><div class=\"wp-block-ws-library-scrollable-section-item ws-section-scrollable-item\">\n<h3 class=\"wp-block-heading is-style-title-1\">Altitude <strong>Jazz Festival<\/strong><\/h3>\n\n\n\n<p>In der Region <strong><a href=\"https:\/\/www.hautes-alpes.net\/de\/reiseziele-hautes-alpes\/brianconnais\/\">Brian\u00e7onnais<\/a><\/strong>In der Region Brianston hat der Jazz keinen Sitz. Der Weg f\u00fchrt von einem intimen Veranstaltungssaal zu einem Vauban-Fort und dann wieder hinunter zur Schneefront. Das Altitude Jazz Festival ist ein Programm, das sich an das Gebiet anpasst und nicht umgekehrt. Den ganzen Winter \u00fcber folgt man den Musikern von einem Ort zum anderen, man entdeckt K\u00fcnstler und am Ende sagt man immer: <strong>&#8220;Diese Ecke hier habe ich so noch nie gesehen&#8220;.<\/strong> <\/p>\n<\/div><\/div>\n\n\n\n<div class=\"section-wrapper\"><div class=\"wp-block-ws-library-scrollable-section-item ws-section-scrollable-item\">\n<div class=\"wp-block-ws-library-ws-image\"><div class=\"wrapper\"><div class=\"group-media\"><img decoding=\"async\" src=\"https:\/\/www.hautes-alpes.net\/wp-content\/uploads\/2025\/11\/big-flo-et-oli-vars-credit-cedric-tempier-17-1240x800.jpg\" alt=\"\" class=\"single_image ws-image-80712\"><div class=\"credits\">C. Tempier - AD05\n<\/div><\/div><p class=\"caption\"><\/p><\/div><\/div>\n<\/div><\/div>\n\n\n\n<div class=\"section-wrapper\"><div class=\"wp-block-ws-library-scrollable-section-item ws-section-scrollable-item\">\n<h3 class=\"wp-block-heading is-style-title-1\">D\u00e9voluy <strong>Mix Festival<\/strong><\/h3>\n\n\n\n<p>Am <strong>4. und 5. April 2026<\/strong>, wenn viele bereits ihre Skier einpacken, macht <a href=\"https:\/\/www.hautes-alpes.net\/de\/reiseziele-hautes-alpes\/superdevoluy-la-joue-du-loup\/devoluy-2\/\">D\u00e9voluy <\/a>genau das Gegenteil: es schaltet die Plattenspieler wieder ein. Das D\u00e9voluy Mix Festival <strong>bietet zwei Tage lang Elektro<\/strong> in einer noch verschneiten Umgebung, mit Sets, die sich aneinanderreihen, um zu zeigen, dass die Saison noch nicht das letzte Wort gesprochen hat. Es wird getanzt, gelacht und das letzte Winterlicht genossen. Ein echtes Finale, ohne Chichi, nur mit dem Wunsch, das Vergn\u00fcgen noch ein wenig l\u00e4nger zu verl\u00e4ngern.   <\/p>\n<\/div><\/div>\n\n\n\n<div class=\"section-wrapper\"><div class=\"wp-block-ws-library-scrollable-section-item ws-section-scrollable-item\">\n<div class=\"wp-block-ws-library-ws-image\"><div class=\"wrapper\"><div class=\"group-media\"><img decoding=\"async\" src=\"https:\/\/www.hautes-alpes.net\/wp-content\/uploads\/2025\/11\/big-flo-et-oli-vars-credit-cedric-tempier-14-1-1240x800.jpg\" alt=\"\" class=\"single_image ws-image-80711\"><div class=\"credits\">C. Tempier - AD05<\/div><\/div><p class=\"caption\"><\/p><\/div><\/div>\n<\/div><\/div>\n<\/div><\/div><\/div>\n<p><a id=\"cabanesasucre\"><\/a><\/p>\n\n<div class=\"wp-block-ws-library-scrollable-section ws-section-scrollable alignfull\"><div class=\"scrollable-item\"><div class=\"group-content\"><div class=\"wrapper\"><h3 class=\"field-title\">Toqu\u00e9s des Hautes-Alpes<\/h3><div class=\"field-intro\"><p>Zuckerh\u00fctten, die die Alpen zum Schmelzen bringen<\/p><\/div><\/div><\/div><div class=\"group-innerblocks\"><div class=\"group-media\"><div class=\"field-image\"><img decoding=\"async\" src=\"https:\/\/www.hautes-alpes.net\/wp-content\/uploads\/2025\/11\/serre-chevalier-cabane-a-sucre-2-credit-alpes-photographie-1140x620.jpg\" alt=\"\"\/><\/div><div class=\"credits\">Alpes Photographies<\/div><\/div>\n<div class=\"section-wrapper\"><div class=\"wp-block-ws-library-scrollable-section-item ws-section-scrollable-item\">\n<p>Zwischen zwei Kurven und einem Gl\u00fchwein ist in <a href=\"https:\/\/www.hautes-alpes.net\/de\/reiseziele-hautes-alpes\/serre-chevalier\/\">Serre Chevalier<\/a> und <a href=\"https:\/\/www.hautes-alpes.net\/de\/reiseziele-hautes-alpes\/montgenevre\/\">Montgen\u00e8vre <\/a> ein neues Ritual angesagt: die Zuckerpause!<\/p>\n\n\n\n<p><\/p>\n\n\n\n<p><\/p>\n\n\n\n<p>Wir reden hier nicht \u00fcber die T\u00fcte aus der Kantine, sondern \u00fcber den echten, rohen, handwerklich hergestellten Tee. <strong>Zwei H\u00fctten, zwei Atmosph\u00e4ren: Myrtille und Monty<\/strong>. Zwei Orte, an denen man den faden Energieriegel gegen einen hausgemachten Honiglolli tauscht. Das Konzept dahinter? Erhitzen, eintauchen, lecken. Einfach, instinktiv und s\u00fcchtig machend.    <\/p>\n<\/div><\/div>\n\n\n\n<div class=\"section-wrapper\"><div class=\"wp-block-ws-library-scrollable-section-item ws-section-scrollable-item\">\n<div class=\"wp-block-ws-library-ws-image\"><div class=\"wrapper\"><div class=\"group-media\"><img decoding=\"async\" src=\"https:\/\/www.hautes-alpes.net\/wp-content\/uploads\/2025\/11\/cabane-a-sucre-4-1240x800.jpg\" alt=\"\" class=\"single_image ws-image-80726\"><div class=\"credits\">Alpen Fotografien<\/div><\/div><p class=\"caption\"><\/p><\/div><\/div>\n<\/div><\/div>\n\n\n\n<div class=\"section-wrapper\"><div class=\"wp-block-ws-library-scrollable-section-item ws-section-scrollable-item\">\n<div class=\"wp-block-group is-nowrap is-layout-flex wp-container-core-group-is-layout-6c531013 wp-block-group-is-layout-flex\">\n<div class=\"wp-block-ws-library-ws-image is-style-simple\"><div class=\"wrapper\"><div class=\"group-media\"><img decoding=\"async\" src=\"https:\/\/www.hautes-alpes.net\/wp-content\/uploads\/2025\/11\/cabane-a-sucre-11-427x640.jpg\" alt=\"\" class=\"single_image ws-image-80724\"><div class=\"credits\">Alpen Fotografien<\/div><\/div><p class=\"caption\"><\/p><\/div><\/div>\n<\/div>\n<\/div><\/div>\n\n\n\n<div class=\"section-wrapper\"><div class=\"wp-block-ws-library-scrollable-section-item ws-section-scrollable-item\">\n<div class=\"wp-block-ws-library-ws-image\"><div class=\"wrapper\"><div class=\"group-media\"><img decoding=\"async\" src=\"https:\/\/www.hautes-alpes.net\/wp-content\/uploads\/2025\/11\/cabane-a-sucre-6-427x640.jpg\" alt=\"\" class=\"single_image ws-image-80727\"><div class=\"credits\">Alpen Fotografien<\/div><\/div><p class=\"caption\"><\/p><\/div><\/div>\n\n\n\n<p><\/p>\n<\/div><\/div>\n\n\n\n<div class=\"section-wrapper\"><div class=\"wp-block-ws-library-scrollable-section-item ws-section-scrollable-item\">\n<p>\u00c0 <strong><a href=\"https:\/\/www.hautes-alpes.net\/de\/reiseziele-hautes-alpes\/serre-chevalier\/\">Serre Chevalier<\/a><\/strong>In der Cabane Myrtille geht es sportlich zu: <strong>Workshops, kleine Spiele im Schnee<\/strong> und <strong>Axtwerfen<\/strong> f\u00fcr die Feinschmecker unter den G\u00e4sten. Eine H\u00fctte, die den K\u00f6rper mit hochalpiner Sonne und PCR, dem ber\u00fchmten Apfel, Zimt, Rum, w\u00e4rmt.<\/p>\n<\/div><\/div>\n\n\n\n<div class=\"section-wrapper\"><div class=\"wp-block-ws-library-scrollable-section-item ws-section-scrollable-item\">\n<p>\u00c0 <strong><a href=\"https:\/\/www.hautes-alpes.net\/de\/reiseziele-hautes-alpes\/montgenevre\/\">Montgen\u00e8vre<\/a><\/strong>In der Cabane Monty herrscht Trappergeist mit Holzst\u00e4mmen <strong>, gegrillten Marshmallows, lokalen Digestifs und guter Laune<\/strong>. Die Philosophie zwischen den beiden Orten ist die gleiche: abschalten, lachen und sich ohne Komplexe den Schnabel vers\u00fc\u00dfen. Die Berge schmecken wieder wie in der Kindheit, nach warmem Zucker und kalten Wangen.  <\/p>\n<\/div><\/div>\n\n\n\n<div class=\"section-wrapper\"><div class=\"wp-block-ws-library-scrollable-section-item ws-section-scrollable-item\">\n<div class=\"wp-block-ws-library-ws-image\"><div class=\"wrapper\"><div class=\"group-media\"><img decoding=\"async\" src=\"https:\/\/www.hautes-alpes.net\/wp-content\/uploads\/2025\/11\/cabane-a-sucre-5-1240x800.jpg\" alt=\"\" class=\"single_image ws-image-80723\"><div class=\"credits\">Alpen Fotografien<\/div><\/div><p class=\"caption\"><\/p><\/div><\/div>\n<\/div><\/div>\n<\/div><\/div><\/div>\n\n<div class=\"wp-block-ws-library-scrollable-section ws-section-scrollable alignfull\"><div class=\"scrollable-item\"><div class=\"group-content\"><div class=\"wrapper\"><h3 class=\"field-title\">Mit Essen ist nicht zu spa\u00dfen (\u00fcberhaupt nicht)<\/h3><div class=\"field-intro\"><p>Der (nicht ganz objektive) F\u00fchrer zu Gerichten, die besser w\u00e4rmen als eine Daunenjacke<\/p><\/div><\/div><\/div><div class=\"group-innerblocks\"><div class=\"group-media\"><div class=\"field-image\"><img decoding=\"async\" src=\"https:\/\/www.hautes-alpes.net\/wp-content\/uploads\/2025\/12\/hotel-le-rock-noir-monetier-les-bains-19-1140x620.jpg\" alt=\"\"\/><\/div><div class=\"credits\">H\u00f4tel le Rock Noir <\/div><\/div>\n<div class=\"section-wrapper\"><div class=\"wp-block-ws-library-scrollable-section-item ws-section-scrollable-item\">\n<p>In den Hautes-Alpes hat man etwas bemerkt: <strong>Der Winter vergeht immer besser, wenn man etwas Warmes auf dem Teller und im Bauch hat<\/strong>. Sie brauchen keine komplizierten Rezepte zu erfinden, Hauptsache es h\u00e4lt den K\u00f6rper zusammen und riecht gut.   <\/p>\n\n\n\n<p>Hier finden Sie eine Auswahl an lokalen (oder \u00fcbernommenen) Gerichten, die die kalten Abende ertr\u00e4glicher machen.<\/p>\n<\/div><\/div>\n\n\n\n<div class=\"section-wrapper\"><div class=\"wp-block-ws-library-scrollable-section-item ws-section-scrollable-item\">\n<h3 class=\"wp-block-heading is-style-title-2\"><strong>Raclette mit B\u00e4rlauch<\/strong><\/h3>\n\n\n\n<p>So sehr man auch versucht zu variieren, <strong>Raclette<\/strong> kommt immer wieder auf den Tisch. Vielleicht, weil es jede Mahlzeit in einen geselligen Moment verwandelt, vielleicht, weil das Schmelzen von K\u00e4se immer noch ein zutiefst befriedigender Akt ist. In den Hautes-Alpes wird es mit <strong>100% hochalpinem K\u00e4se<\/strong>, Kartoffeln, die den Berg aus der N\u00e4he gesehen haben, und Wurstwaren mit Charakter zubereitet. Einfach, effizient, unbestreitbar.   <\/p>\n<\/div><\/div>\n\n\n\n<div class=\"section-wrapper\"><div class=\"wp-block-ws-library-scrollable-section-item ws-section-scrollable-item\">\n<h3 class=\"wp-block-heading is-style-title-2\"><strong>Fontu-Fondue<\/strong><\/h3>\n\n\n\n<p>Das Fondue ist so etwas wie das Lagerfeuer des Winters: Man versammelt sich um es, teilt es und verhandelt um das letzte St\u00fcck Brot. In den Hautes-Alpes hat es oft einen kleinen lokalen Akzent, je nachdem, welcher K\u00e4se und Wein verwendet wird. Ein Bissen und alles wird besser: die sportlichen Tage und die stechende K\u00e4lte&#8230; alles verschwindet in einer Wolke aus K\u00e4sew\u00e4rme.  <\/p>\n<\/div><\/div>\n\n\n\n<div class=\"section-wrapper\"><div class=\"wp-block-ws-library-scrollable-section-item ws-section-scrollable-item\">\n<div class=\"wp-block-ws-library-ws-image\"><div class=\"wrapper\"><div class=\"group-media\"><img decoding=\"async\" src=\"https:\/\/www.hautes-alpes.net\/wp-content\/uploads\/2025\/12\/refuge-fondue-sous-les-e-toiles-34-1-1240x800.jpg\" alt=\"\" class=\"single_image ws-image-136988\"><div class=\"credits\">We Like Communication<\/div><\/div><p class=\"caption\"><\/p><\/div><\/div>\n<\/div><\/div>\n\n\n\n<div class=\"section-wrapper\"><div class=\"wp-block-ws-library-scrollable-section-item ws-section-scrollable-item\">\n<h3 class=\"wp-block-heading is-style-title-2\"><strong>Eselsohrgratin<\/strong><\/h3>\n\n\n\n<p>Trotz seines Namens wurde in der Geschichte kein Ohr missbraucht: Dieses Gratin ist in Wirklichkeit <strong>ein Gericht aus frischen Nudeln<\/strong> (ein wenig wie Lasagne), die <strong>mit Spinat und einer guten Schicht Sahne \u00fcbereinander geschichtet<\/strong> werden. Es wird goldbraun, zart schmelzend und immer wieder \u00fcberraschend f\u00fcr diejenigen, die es entdecken, serviert. Wir adoptieren!  <\/p>\n<\/div><\/div>\n\n\n\n<div class=\"section-wrapper\"><div class=\"wp-block-ws-library-scrollable-section-item ws-section-scrollable-item\">\n<h3 class=\"wp-block-heading is-style-title-2\"><strong>Tourtons du <a href=\"https:\/\/www.hautes-alpes.net\/de\/reiseziele-hautes-alpes\/champsaur-valgaudemar\/\">Champsaur<\/a><\/strong><\/h3>\n\n\n\n<p>Diese kleinen gef\u00fcllten Krapfen kommen direkt aus dem Champsaur und haben das seltene Talent, jederzeit k\u00f6stlich zu sein: als Aperitif, als Hauptgericht, als Dessert&#8230; Die s\u00fc\u00dfen Versionen (Apfel, Pflaume, Himbeere, Schokolade&#8230;) halten die Moral warm, w\u00e4hrend die herzhaften (Kartoffel, K\u00e4se, Spinat&#8230;) einfach nur warm halten. Sie geh\u00f6ren zu den <strong>leckersten Traditionen der Hautes-Alpes<\/strong>. <\/p>\n<\/div><\/div>\n\n\n\n<div class=\"section-wrapper\"><div class=\"wp-block-ws-library-scrollable-section-item ws-section-scrollable-item\">\n<div class=\"wp-block-ws-library-ws-image\"><div class=\"wrapper\"><div class=\"group-media\"><img decoding=\"async\" src=\"https:\/\/www.hautes-alpes.net\/wp-content\/uploads\/2025\/11\/221-01464-original-1240x800.jpg\" alt=\"\" class=\"single_image ws-image-80721\"><div class=\"credits\">B. Bodin<\/div><\/div><p class=\"caption\"><\/p><\/div><\/div>\n<\/div><\/div>\n<\/div><\/div><\/div>\n\n<div class=\"wp-block-ws-library-scrollable-section ws-section-scrollable alignfull\"><div class=\"scrollable-item\"><div class=\"group-content\"><div class=\"wrapper\"><h3 class=\"field-title\">Von der Wolle zum Strickzeug<\/h3><div class=\"field-intro\"><p>Ged\u00e4chtnis und Know-how der Hautes-Alpes<\/p><\/div><\/div><\/div><div class=\"group-innerblocks\"><div class=\"group-media\"><div class=\"field-image\"><img decoding=\"async\" src=\"https:\/\/www.hautes-alpes.net\/wp-content\/uploads\/2025\/12\/carousel-pelotesfx-68d40871be392.jpg\" alt=\"\"\/><\/div><div class=\"credits\">Filature du Valgaudemar<\/div><\/div>\n<div class=\"section-wrapper\"><div class=\"wp-block-ws-library-scrollable-section-item ws-section-scrollable-item\">\n<p>Die Hautes-Alpes bieten ein sch\u00f6nes Konzentrat an <strong>wolligem Know-how<\/strong>: historische Spinnereien, kleine Familienbetriebe, Zuchtbetriebe in den Bergen, gem\u00fctliche L\u00e4den und Werkst\u00e4tten, in denen die Maschen geteilt werden.  <\/p>\n\n\n\n<p>Wenn Sie stricken oder einfach nur neugierig sind, machen Sie sich auf den Weg, um die &#8220;Wolltiere&#8220; und die Menschen zu treffen, die dieses Material am Leben erhalten, und Sie k\u00f6nnten mit einem Kn\u00e4uel - und einer Geschichte - mehr zur\u00fcckkehren.<\/p>\n<\/div><\/div>\n\n\n\n<div class=\"section-wrapper\"><div class=\"wp-block-ws-library-scrollable-section-item ws-section-scrollable-item\">\n<div class=\"wp-block-ws-library-ws-image\"><div class=\"wrapper\"><div class=\"group-media\"><img decoding=\"async\" src=\"https:\/\/www.hautes-alpes.net\/wp-content\/uploads\/2025\/12\/filature-valgaudemar-123.jpg\" alt=\"\" class=\"single_image ws-image-137072\"><div class=\"credits\">P.Domeyne<\/div><\/div><p class=\"caption\"><\/p><\/div><\/div>\n<\/div><\/div>\n\n\n\n<div class=\"section-wrapper\"><div class=\"wp-block-ws-library-scrollable-section-item ws-section-scrollable-item\">\n<div class=\"wp-block-ws-library-ws-image\"><div class=\"wrapper\"><div class=\"group-media\"><img decoding=\"async\" src=\"https:\/\/www.hautes-alpes.net\/wp-content\/uploads\/2025\/12\/filature-valgaudemar-52-427x640.jpg\" alt=\"\" class=\"single_image ws-image-137074\"><div class=\"credits\">P.Domeyne<\/div><\/div><p class=\"caption\"><\/p><\/div><\/div>\n<\/div><\/div>\n\n\n\n<div class=\"section-wrapper\"><div class=\"wp-block-ws-library-scrollable-section-item ws-section-scrollable-item\">\n<p>Die symboltr\u00e4chtigste lokale Spinnerei ist die von <strong>Laines du Valgaudemar<\/strong>, die in Saint-Firmin angesiedelt ist.  <\/p>\n\n\n\n<p>Sie bringt altes Know-how wieder in Gang: Sortieren, Kardieren, Spinnen und Einzelhandel mit Garnen <strong>&#8220;nat\u00fcrlich aus Hautes-Alpes&#8220;,<\/strong> mit einem Laden und Besichtigungen, bei denen die Maschinen und die Verarbeitungsschritte besichtigt werden k\u00f6nnen.<\/p>\n<\/div><\/div>\n\n\n\n<div class=\"section-wrapper\"><div class=\"wp-block-ws-library-scrollable-section-item ws-section-scrollable-item\">\n<p>Die Z\u00fcchter in den Hautes-Alpes produzieren und verwerten die Wolle ihrer Herde mit Leidenschaft, sei es durch Familien\u00fcbergabe oder eine neue Lebensentscheidung.<\/p>\n\n\n\n<p>Dies ist der Fall bei der <strong>Ferme Flouka<\/strong> in D\u00e9voluy, die <strong>Merinowolle<\/strong> aus eigener Aufzucht anbietet, die gewaschen und lose, in Str\u00e4ngen oder zu handgefertigten Kreationen verarbeitet verkauft wird.<\/p>\n<\/div><\/div>\n\n\n\n<div class=\"section-wrapper\"><div class=\"wp-block-ws-library-scrollable-section-item ws-section-scrollable-item\">\n<div class=\"wp-block-ws-library-ws-image\"><div class=\"wrapper\"><div class=\"group-media\"><img decoding=\"async\" src=\"https:\/\/www.hautes-alpes.net\/wp-content\/uploads\/2025\/12\/pompons-flouka-p-domeyne-1240x800.jpg\" alt=\"Flouka D\u00e9voluy\" class=\"single_image ws-image-89537\"><div class=\"credits\">P.Domeyne<\/div><\/div><p class=\"caption\">Pompon Flouka D\u00e9voluy<\/p><\/div><\/div>\n<\/div><\/div>\n\n\n\n<div class=\"section-wrapper\"><div class=\"wp-block-ws-library-scrollable-section-item ws-section-scrollable-item\">\n<div class=\"wp-block-ws-library-ws-image\"><div class=\"wrapper\"><div class=\"group-media\"><img decoding=\"async\" src=\"https:\/\/www.hautes-alpes.net\/wp-content\/uploads\/2025\/12\/foire-de-la-chapelle-19-1240x800.jpg\" alt=\"\" class=\"single_image ws-image-137075\"><div class=\"credits\">P.Domeyne<\/div><\/div><p class=\"caption\"><\/p><\/div><\/div>\n<\/div><\/div>\n<\/div><\/div><\/div>\n\n<div class=\"wp-block-ws-library-ws-share\"><span class=\"share-subtitle\">Hat Ihnen diese Seite gefallen?<\/span><span class=\"share-title\">Teilen Sie es mit anderen!<\/span><button class=\"ws-share-button wp-element-button\">Diese Seite teilen<\/button><\/div>\n","protected":false},"excerpt":{"rendered":"<p>Subjektive Auswahl<\/p>\n","protected":false},"author":2,"featured_media":0,"parent":0,"menu_order":0,"comment_status":"closed","ping_status":"closed","template":"","meta":{"is_dark_mode":true,"footnotes":""},"page_label":[],"class_list":["post-107980","page","type-page","status-publish","hentry"],"yoast_head":"<!-- This site is optimized with the Yoast SEO plugin v27.2 - https:\/\/yoast.com\/product\/yoast-seo-wordpress\/ -->\n<title>Favoriten - Hautes-Alpes<\/title>\n<meta name=\"description\" content=\"Favoriten Subjektive Auswahl Die versenkbare Br\u00fcckeChanteloube, die Geschichte einer unvollendeten Eisenbahnlinie.C\u00e9dric TEMPIER 1910 wurde mit dem Bau\" \/>\n<meta name=\"robots\" content=\"index, follow, max-snippet:-1, max-image-preview:large, max-video-preview:-1\" \/>\n<link rel=\"canonical\" href=\"https:\/\/www.hautes-alpes.net\/de\/favoriten\/\" \/>\n<meta property=\"og:locale\" content=\"de_DE\" \/>\n<meta property=\"og:type\" content=\"article\" \/>\n<meta property=\"og:title\" content=\"Favoriten - Hautes-Alpes\" \/>\n<meta property=\"og:description\" content=\"Favoriten Subjektive Auswahl Die versenkbare Br\u00fcckeChanteloube, die Geschichte einer unvollendeten Eisenbahnlinie.C\u00e9dric TEMPIER 1910 wurde mit dem Bau\" \/>\n<meta property=\"og:url\" content=\"https:\/\/www.hautes-alpes.net\/de\/favoriten\/\" \/>\n<meta property=\"og:site_name\" content=\"Hautes-Alpes\" \/>\n<meta property=\"article:modified_time\" content=\"2026-04-21T08:58:51+00:00\" \/>\n<meta property=\"og:image\" content=\"https:\/\/www.hautes-alpes.net\/wp-content\/uploads\/2026\/04\/drone-lac-cedric-tempier-5-1140x620.jpg\" \/>\n<meta name=\"twitter:card\" content=\"summary_large_image\" \/>\n<meta name=\"twitter:label1\" content=\"Gesch\u00e4tzte Lesezeit\" \/>\n\t<meta name=\"twitter:data1\" content=\"19 Minuten\" \/>\n<script type=\"application\/ld+json\" class=\"yoast-schema-graph\">{\"@context\":\"https:\/\/schema.org\",\"@graph\":[{\"@type\":\"WebPage\",\"@id\":\"https:\/\/www.hautes-alpes.net\/de\/favoriten\/\",\"url\":\"https:\/\/www.hautes-alpes.net\/de\/favoriten\/\",\"name\":\"Favoriten - Hautes-Alpes\",\"isPartOf\":{\"@id\":\"https:\/\/www.hautes-alpes.net\/de\/#website\"},\"primaryImageOfPage\":{\"@id\":\"https:\/\/www.hautes-alpes.net\/de\/favoriten\/#primaryimage\"},\"image\":{\"@id\":\"https:\/\/www.hautes-alpes.net\/de\/favoriten\/#primaryimage\"},\"thumbnailUrl\":\"https:\/\/www.hautes-alpes.net\/wp-content\/uploads\/2026\/04\/drone-lac-cedric-tempier-5-1140x620.jpg\",\"datePublished\":\"2025-11-12T11:44:45+00:00\",\"dateModified\":\"2026-04-21T08:58:51+00:00\",\"description\":\"Favoriten Subjektive Auswahl Die versenkbare Br\u00fcckeChanteloube, die Geschichte einer unvollendeten Eisenbahnlinie.C\u00e9dric TEMPIER 1910 wurde mit dem Bau\",\"breadcrumb\":{\"@id\":\"https:\/\/www.hautes-alpes.net\/de\/favoriten\/#breadcrumb\"},\"inLanguage\":\"de\",\"potentialAction\":[{\"@type\":\"ReadAction\",\"target\":[\"https:\/\/www.hautes-alpes.net\/de\/favoriten\/\"]}]},{\"@type\":\"ImageObject\",\"inLanguage\":\"de\",\"@id\":\"https:\/\/www.hautes-alpes.net\/de\/favoriten\/#primaryimage\",\"url\":\"https:\/\/www.hautes-alpes.net\/wp-content\/uploads\/2026\/04\/drone-lac-cedric-tempier-5-1140x620.jpg\",\"contentUrl\":\"https:\/\/www.hautes-alpes.net\/wp-content\/uploads\/2026\/04\/drone-lac-cedric-tempier-5-1140x620.jpg\"},{\"@type\":\"BreadcrumbList\",\"@id\":\"https:\/\/www.hautes-alpes.net\/de\/favoriten\/#breadcrumb\",\"itemListElement\":[{\"@type\":\"ListItem\",\"position\":1,\"name\":\"Accueil\",\"item\":\"https:\/\/www.hautes-alpes.net\/de\/hautes-alpes\/\"},{\"@type\":\"ListItem\",\"position\":2,\"name\":\"Favoriten\"}]},{\"@type\":\"WebSite\",\"@id\":\"https:\/\/www.hautes-alpes.net\/de\/#website\",\"url\":\"https:\/\/www.hautes-alpes.net\/de\/\",\"name\":\"ADDET\",\"description\":\"\",\"publisher\":{\"@id\":\"https:\/\/www.hautes-alpes.net\/de\/#organization\"},\"potentialAction\":[{\"@type\":\"SearchAction\",\"target\":{\"@type\":\"EntryPoint\",\"urlTemplate\":\"https:\/\/www.hautes-alpes.net\/de\/?s={search_term_string}\"},\"query-input\":{\"@type\":\"PropertyValueSpecification\",\"valueRequired\":true,\"valueName\":\"search_term_string\"}}],\"inLanguage\":\"de\"},{\"@type\":\"Organization\",\"@id\":\"https:\/\/www.hautes-alpes.net\/de\/#organization\",\"name\":\"Agence D\u00e9partementale de D\u00e9veloppement Economique et Touristique des Hautes-Alpes\",\"url\":\"https:\/\/www.hautes-alpes.net\/de\/\",\"logo\":{\"@type\":\"ImageObject\",\"inLanguage\":\"de\",\"@id\":\"https:\/\/www.hautes-alpes.net\/de\/#\/schema\/logo\/image\/\",\"url\":\"https:\/\/www.hautes-alpes.net\/wp-content\/uploads\/2026\/01\/black-logo-2.svg\",\"contentUrl\":\"https:\/\/www.hautes-alpes.net\/wp-content\/uploads\/2026\/01\/black-logo-2.svg\",\"caption\":\"Agence D\u00e9partementale de D\u00e9veloppement Economique et Touristique des Hautes-Alpes\"},\"image\":{\"@id\":\"https:\/\/www.hautes-alpes.net\/de\/#\/schema\/logo\/image\/\"}}]}<\/script>\n<!-- \/ Yoast SEO plugin. -->","yoast_head_json":{"title":"Favoriten - Hautes-Alpes","description":"Favoriten Subjektive Auswahl Die versenkbare Br\u00fcckeChanteloube, die Geschichte einer unvollendeten Eisenbahnlinie.C\u00e9dric TEMPIER 1910 wurde mit dem Bau","robots":{"index":"index","follow":"follow","max-snippet":"max-snippet:-1","max-image-preview":"max-image-preview:large","max-video-preview":"max-video-preview:-1"},"canonical":"https:\/\/www.hautes-alpes.net\/de\/favoriten\/","og_locale":"de_DE","og_type":"article","og_title":"Favoriten - Hautes-Alpes","og_description":"Favoriten Subjektive Auswahl Die versenkbare Br\u00fcckeChanteloube, die Geschichte einer unvollendeten Eisenbahnlinie.C\u00e9dric TEMPIER 1910 wurde mit dem Bau","og_url":"https:\/\/www.hautes-alpes.net\/de\/favoriten\/","og_site_name":"Hautes-Alpes","article_modified_time":"2026-04-21T08:58:51+00:00","og_image":[{"url":"https:\/\/www.hautes-alpes.net\/wp-content\/uploads\/2026\/04\/drone-lac-cedric-tempier-5-1140x620.jpg","type":"","width":"","height":""}],"twitter_card":"summary_large_image","twitter_misc":{"Gesch\u00e4tzte Lesezeit":"19 Minuten"},"schema":{"@context":"https:\/\/schema.org","@graph":[{"@type":"WebPage","@id":"https:\/\/www.hautes-alpes.net\/de\/favoriten\/","url":"https:\/\/www.hautes-alpes.net\/de\/favoriten\/","name":"Favoriten - Hautes-Alpes","isPartOf":{"@id":"https:\/\/www.hautes-alpes.net\/de\/#website"},"primaryImageOfPage":{"@id":"https:\/\/www.hautes-alpes.net\/de\/favoriten\/#primaryimage"},"image":{"@id":"https:\/\/www.hautes-alpes.net\/de\/favoriten\/#primaryimage"},"thumbnailUrl":"https:\/\/www.hautes-alpes.net\/wp-content\/uploads\/2026\/04\/drone-lac-cedric-tempier-5-1140x620.jpg","datePublished":"2025-11-12T11:44:45+00:00","dateModified":"2026-04-21T08:58:51+00:00","description":"Favoriten Subjektive Auswahl Die versenkbare Br\u00fcckeChanteloube, die Geschichte einer unvollendeten Eisenbahnlinie.C\u00e9dric TEMPIER 1910 wurde mit dem Bau","breadcrumb":{"@id":"https:\/\/www.hautes-alpes.net\/de\/favoriten\/#breadcrumb"},"inLanguage":"de","potentialAction":[{"@type":"ReadAction","target":["https:\/\/www.hautes-alpes.net\/de\/favoriten\/"]}]},{"@type":"ImageObject","inLanguage":"de","@id":"https:\/\/www.hautes-alpes.net\/de\/favoriten\/#primaryimage","url":"https:\/\/www.hautes-alpes.net\/wp-content\/uploads\/2026\/04\/drone-lac-cedric-tempier-5-1140x620.jpg","contentUrl":"https:\/\/www.hautes-alpes.net\/wp-content\/uploads\/2026\/04\/drone-lac-cedric-tempier-5-1140x620.jpg"},{"@type":"BreadcrumbList","@id":"https:\/\/www.hautes-alpes.net\/de\/favoriten\/#breadcrumb","itemListElement":[{"@type":"ListItem","position":1,"name":"Accueil","item":"https:\/\/www.hautes-alpes.net\/de\/hautes-alpes\/"},{"@type":"ListItem","position":2,"name":"Favoriten"}]},{"@type":"WebSite","@id":"https:\/\/www.hautes-alpes.net\/de\/#website","url":"https:\/\/www.hautes-alpes.net\/de\/","name":"ADDET","description":"","publisher":{"@id":"https:\/\/www.hautes-alpes.net\/de\/#organization"},"potentialAction":[{"@type":"SearchAction","target":{"@type":"EntryPoint","urlTemplate":"https:\/\/www.hautes-alpes.net\/de\/?s={search_term_string}"},"query-input":{"@type":"PropertyValueSpecification","valueRequired":true,"valueName":"search_term_string"}}],"inLanguage":"de"},{"@type":"Organization","@id":"https:\/\/www.hautes-alpes.net\/de\/#organization","name":"Agence D\u00e9partementale de D\u00e9veloppement Economique et Touristique des Hautes-Alpes","url":"https:\/\/www.hautes-alpes.net\/de\/","logo":{"@type":"ImageObject","inLanguage":"de","@id":"https:\/\/www.hautes-alpes.net\/de\/#\/schema\/logo\/image\/","url":"https:\/\/www.hautes-alpes.net\/wp-content\/uploads\/2026\/01\/black-logo-2.svg","contentUrl":"https:\/\/www.hautes-alpes.net\/wp-content\/uploads\/2026\/01\/black-logo-2.svg","caption":"Agence D\u00e9partementale de D\u00e9veloppement Economique et Touristique des Hautes-Alpes"},"image":{"@id":"https:\/\/www.hautes-alpes.net\/de\/#\/schema\/logo\/image\/"}}]}},"_links":{"self":[{"href":"https:\/\/www.hautes-alpes.net\/de\/wp-json\/wp\/v2\/pages\/107980","targetHints":{"allow":["GET"]}}],"collection":[{"href":"https:\/\/www.hautes-alpes.net\/de\/wp-json\/wp\/v2\/pages"}],"about":[{"href":"https:\/\/www.hautes-alpes.net\/de\/wp-json\/wp\/v2\/types\/page"}],"author":[{"embeddable":true,"href":"https:\/\/www.hautes-alpes.net\/de\/wp-json\/wp\/v2\/users\/2"}],"replies":[{"embeddable":true,"href":"https:\/\/www.hautes-alpes.net\/de\/wp-json\/wp\/v2\/comments?post=107980"}],"version-history":[{"count":10,"href":"https:\/\/www.hautes-alpes.net\/de\/wp-json\/wp\/v2\/pages\/107980\/revisions"}],"predecessor-version":[{"id":487880,"href":"https:\/\/www.hautes-alpes.net\/de\/wp-json\/wp\/v2\/pages\/107980\/revisions\/487880"}],"wp:attachment":[{"href":"https:\/\/www.hautes-alpes.net\/de\/wp-json\/wp\/v2\/media?parent=107980"}],"wp:term":[{"taxonomy":"page_label","embeddable":true,"href":"https:\/\/www.hautes-alpes.net\/de\/wp-json\/wp\/v2\/page_label?post=107980"}],"curies":[{"name":"wp","href":"https:\/\/api.w.org\/{rel}","templated":true}]}}