{"id":106885,"date":"2025-12-05T10:03:48","date_gmt":"2025-12-05T09:03:48","guid":{"rendered":"https:\/\/www.hautes-alpes.net\/organisieren\/brauerei-tradition\/"},"modified":"2025-12-24T11:55:17","modified_gmt":"2025-12-24T10:55:17","slug":"brauerei-tradition","status":"publish","type":"page","link":"https:\/\/www.hautes-alpes.net\/de\/organisieren\/brauerei-tradition\/","title":{"rendered":"Brauerei &amp; Tradition"},"content":{"rendered":"\n<div class=\"wp-block-group alignfull hero-banner-simple has-global-padding is-layout-constrained wp-block-group-is-layout-constrained\"><div class=\"yoast-breadcrumbs\"><span><span><a href=\"https:\/\/www.hautes-alpes.net\/de\/hautes-alpes\/\">Accueil<\/a><\/span>  <span><a href=\"https:\/\/www.hautes-alpes.net\/de\/organisieren\/\">Organisieren<\/a><\/span>  <span><a href=\"https:\/\/www.hautes-alpes.net\/de\/organisieren\/\">Organisieren<\/a><\/span>  <span class=\"breadcrumb_last\" aria-current=\"page\">Brauerei &amp; Tradition<\/span><\/span><\/div>\n\n\n<h1 class=\"wp-block-ws-library-post-title\">Brauerei &amp; Tradition<\/h1>\n\n\n\n<p class=\"subtitle wp-block-paragraph\">Die authentischen Tische der Hautes-Alpes<\/p>\n\n\n\n<p class=\"wp-block-paragraph\"><\/p>\n<\/div>\n\n<div class=\"wp-block-ws-library-ws-banner alignfull\"><div class=\"wrapper\"><div class=\"group-media\"><img decoding=\"async\" width=\"1800\" height=\"480\" src=\"https:\/\/www.hautes-alpes.net\/wp-content\/uploads\/2025\/12\/hotel-le-rock-noir-monetier-les-bains-19-1800x480.jpg\" alt=\"\" class=\"single_image wp-image-133320\"><div class=\"credits\">H\u00f4tel le Rock Noir Le Mon\u00eatier les Bains<\/div><\/div>\n<div class=\"group-content\"><p class=\"wp-block-paragraph\">F\u00fcr eine einfache und gem\u00fctliche Gourmetpause besuchen Sie die traditionellen Brasserien und Restaurants in den Hautes-Alpes. Die gro\u00dfz\u00fcgigen, mit Leidenschaft zubereiteten Gerichte stellen alte Rezepte und lokale Produkte in den Vordergrund. Lehnen Sie sich zur\u00fcck, genie\u00dfen Sie einen geselligen Moment und entdecken Sie die w\u00e4rmenden Aromen, die den Reichtum unserer Region ausmachen.  <\/p><\/div>\n<\/div><\/div>\n<div id=\"listing_f05f0\" data-observer-wishlist class=\"ws-listing wp-block-ws-apidae-library-listing-avance alignwide\" data-map-id=\"map_f05f0\" data-locations-id=\"locations-data_f05f0\"><div class=\"panel-fixe panel-facets\"><div class=\"panel-overlay toggle-facets\"><\/div><div class=\"panel-inner\"><div class=\"panel-header\"><div class=\"panel-title\">Filter<\/div><a href=\"#\" class=\"panel-close toggle-facets\">Sluiten<\/a><\/div><div class=\"panel-content\"><div class=\"group-summary\"><div class=\"facetwp-selections\"><\/div><a href=\"#\" class=\"link-reset\">Verwijderen<\/a><\/div><div class=\"facetwp-facet facetwp-facet-territoires facetwp-type-fselect\" data-name=\"territoires\" data-type=\"fselect\"><\/div><div class=\"facetwp-facet facetwp-facet-station facetwp-type-fselect\" data-name=\"station\" data-type=\"fselect\"><\/div><div class=\"facetwp-facet facetwp-facet-commune facetwp-type-fselect\" data-name=\"commune\" data-type=\"fselect\"><\/div><\/div><div class=\"panel-footer\"><div class=\"facet-buttons\"><button type=\"submit\" class=\"btn btn-1 toggle-facets facetwp-count-btn\">Alles bekijken <span class=\"results-count\"><\/span> resultaten<\/button><\/div><\/div><\/div><\/div><div class=\"listing-header\"><div class=\"toggle-container\"><button class=\"btn toggle-btn toggle-facets\" data-target=\"facets\">Filter<\/button><\/div><\/div><div class=\"facetwp-template\"><div class=\"list-container active\"><div class=\"list-items\"><div class=\"item\" ><div class=\"card card-apidae card-avance post-type-apidae\"><div class=\"group-top\"><\/div><div class=\"group-media\"><div class=\"field-image\"><img decoding=\"async\" src=\"https:\/\/images.weserv.nl\/?url=https:\/\/static.apidae-tourisme.com\/filestore\/objets-touristiques\/images-principales\/115\/29\/531827-diaporama.jpg&#038;w=350&#038;h=550&#038;fit=cover&#038;output=webp&#038;q=45\" alt=\"Le Grillon\"\/><\/div><\/div><div class=\"group-content\"><div class=\"field-commune\">Saint-L\u00e9ger-les-M\u00e9l\u00e8zes<\/div><div class=\"field-title\">Le Grillon<\/div><\/div><div class=\"field-link\"><a href=\"https:\/\/www.hautes-alpes.net\/de\/fiche\/le-grillon-3\/\" class=\"cardlink\">Le Grillon<\/a><\/div><\/div><\/div><div class=\"item\" ><div class=\"card card-apidae card-avance post-type-apidae\"><div class=\"group-top\"><\/div><div class=\"group-media\"><\/div><div class=\"group-content\"><div class=\"field-commune\">Ancelle<\/div><div class=\"field-title\">Le Chamois<\/div><\/div><div class=\"field-link\"><a href=\"https:\/\/www.hautes-alpes.net\/de\/fiche\/le-chamois-5\/\" class=\"cardlink\">Le Chamois<\/a><\/div><\/div><\/div><div class=\"item\" ><div class=\"card card-apidae card-avance post-type-apidae\"><div class=\"group-top\"><\/div><div class=\"group-media\"><div class=\"field-image\"><img decoding=\"async\" src=\"https:\/\/images.weserv.nl\/?url=https:\/\/static.apidae-tourisme.com\/filestore\/objets-touristiques\/images\/109\/254\/7274093-diaporama.jpg&#038;w=350&#038;h=550&#038;fit=cover&#038;output=webp&#038;q=45\" alt=\"Auberge Gaillard\"\/><\/div><\/div><div class=\"group-content\"><div class=\"field-commune\">La Motte-en-Champsaur<\/div><div class=\"field-title\">Auberge Gaillard<\/div><div class=\"field-description\">Hausgemachte K\u00fcche mit frischen Produkten aus unseren T\u00e4lern, die bei jeder Mahlzeit neu zubereitet wird, wo die Verbindung von Ger\u00fcchen und Geschm\u00e4ckern von hier&#8230;<\/div><\/div><div class=\"field-link\"><a href=\"https:\/\/www.hautes-alpes.net\/de\/fiche\/auberge-gaillard-2\/\" class=\"cardlink\">Auberge Gaillard<\/a><\/div><\/div><\/div><div class=\"item\" ><div class=\"card card-apidae card-avance post-type-apidae\"><div class=\"group-top\"><\/div><div class=\"group-media\"><div class=\"field-image\"><img decoding=\"async\" src=\"https:\/\/images.weserv.nl\/?url=https:\/\/static.apidae-tourisme.com\/filestore\/objets-touristiques\/images\/175\/222\/32300719-diaporama.jpg&#038;w=350&#038;h=550&#038;fit=cover&#038;output=webp&#038;q=45\" alt=\"Le Chazelay\"\/><\/div><\/div><div class=\"group-content\"><div class=\"field-commune\">La Salle-les-Alpes<\/div><div class=\"field-title\">Le Chazelay<\/div><div class=\"field-description\">Das Chazelay ist eine Restaurant-Bar, die ideal am Fu\u00dfe des Sessellifts Casse du B\u0153uf gelegen ist und \u00fcber eine gro\u00dfe Sonnenterrasse verf\u00fcgt. Neu ist&#8230;<\/div><\/div><div class=\"field-link\"><a href=\"https:\/\/www.hautes-alpes.net\/de\/fiche\/le-chazelay-2\/\" class=\"cardlink\">Le Chazelay<\/a><\/div><\/div><\/div><div class=\"item\" ><div class=\"card card-apidae card-avance post-type-apidae\"><div class=\"group-top\"><\/div><div class=\"group-media\"><div class=\"field-image\"><img decoding=\"async\" src=\"https:\/\/images.weserv.nl\/?url=https:\/\/static.apidae-tourisme.com\/filestore\/objets-touristiques\/images-principales\/116\/83\/480116-diaporama.jpg&#038;w=350&#038;h=550&#038;fit=cover&#038;output=webp&#038;q=45\" alt=\"Le Pitchounet\"\/><\/div><\/div><div class=\"group-content\"><div class=\"field-commune\">Risoul<\/div><div class=\"field-title\">Le Pitchounet<\/div><\/div><div class=\"field-link\"><a href=\"https:\/\/www.hautes-alpes.net\/de\/fiche\/le-pitchounet-2\/\" class=\"cardlink\">Le Pitchounet<\/a><\/div><\/div><\/div><div class=\"item\" ><div class=\"card card-apidae card-avance post-type-apidae\"><div class=\"group-top\"><\/div><div class=\"group-media\"><div class=\"field-image\"><img decoding=\"async\" src=\"https:\/\/images.weserv.nl\/?url=https:\/\/static.apidae-tourisme.com\/filestore\/objets-touristiques\/images\/131\/197\/9225603-diaporama.jpg&#038;w=350&#038;h=550&#038;fit=cover&#038;output=webp&#038;q=45\" alt=\"Restaurant panoramique &#8220;Le Belv\u00e9d\u00e8re - Camping La Viste&#8220;\"\/><\/div><\/div><div class=\"group-content\"><div class=\"field-commune\">Rousset-Serre-Pon\u00e7on<\/div><div class=\"field-title\">Restaurant panoramique &#8220;Le Belv\u00e9d\u00e8re - Camping La Viste&#8220;<\/div><\/div><div class=\"field-link\"><a href=\"https:\/\/www.hautes-alpes.net\/de\/fiche\/restaurant-panoramique-le-belvedere-camping-la-viste-2\/\" class=\"cardlink\">Restaurant panoramique &#8220;Le Belv\u00e9d\u00e8re - Camping La Viste&#8220;<\/a><\/div><\/div><\/div><div class=\"item\" ><div class=\"card card-apidae card-avance post-type-apidae\"><div class=\"group-top\"><\/div><div class=\"group-media\"><div class=\"field-image\"><img decoding=\"async\" src=\"https:\/\/images.weserv.nl\/?url=https:\/\/static.apidae-tourisme.com\/filestore\/objets-touristiques\/images\/150\/217\/776598-diaporama.jpg&#038;w=350&#038;h=550&#038;fit=cover&#038;output=webp&#038;q=45\" alt=\"Auberge La Dormilhosa\"\/><\/div><\/div><div class=\"group-content\"><div class=\"field-commune\">Champcella<\/div><div class=\"field-title\">Auberge La Dormilhosa<\/div><\/div><div class=\"field-link\"><a href=\"https:\/\/www.hautes-alpes.net\/de\/fiche\/auberge-la-dormilhosa-2\/\" class=\"cardlink\">Auberge La Dormilhosa<\/a><\/div><\/div><\/div><div class=\"item\" ><div class=\"card card-apidae card-avance post-type-apidae\"><div class=\"group-top\"><\/div><div class=\"group-media\"><div class=\"field-image\"><img decoding=\"async\" src=\"https:\/\/images.weserv.nl\/?url=https:\/\/static.apidae-tourisme.com\/filestore\/objets-touristiques\/images\/135\/133\/1541511-diaporama.jpg&#038;w=350&#038;h=550&#038;fit=cover&#038;output=webp&#038;q=45\" alt=\"L&#8217;\u00c9tape Gourmande\"\/><\/div><\/div><div class=\"group-content\"><div class=\"field-commune\">Ceillac<\/div><div class=\"field-title\">L&#8217;\u00c9tape Gourmande<\/div><\/div><div class=\"field-link\"><a href=\"https:\/\/www.hautes-alpes.net\/de\/fiche\/letape-gourmande-2\/\" class=\"cardlink\">L&#8217;\u00c9tape Gourmande<\/a><\/div><\/div><\/div><div class=\"item\" ><div class=\"card card-apidae card-avance post-type-apidae\"><div class=\"group-top\"><\/div><div class=\"group-media\"><div class=\"field-image\"><img decoding=\"async\" src=\"https:\/\/images.weserv.nl\/?url=https:\/\/static.apidae-tourisme.com\/filestore\/objets-touristiques\/images\/216\/198\/14403288-diaporama.jpg&#038;w=350&#038;h=550&#038;fit=cover&#038;output=webp&#038;q=45\" alt=\"Le Hickory\"\/><\/div><\/div><div class=\"group-content\"><div class=\"field-commune\">Risoul<\/div><div class=\"field-title\">Le Hickory<\/div><\/div><div class=\"field-link\"><a href=\"https:\/\/www.hautes-alpes.net\/de\/fiche\/le-hickory-2\/\" class=\"cardlink\">Le Hickory<\/a><\/div><\/div><\/div><div class=\"item\" ><div class=\"card card-apidae card-avance post-type-apidae\"><div class=\"group-top\"><\/div><div class=\"group-media\"><div class=\"field-image\"><img decoding=\"async\" src=\"https:\/\/images.weserv.nl\/?url=https:\/\/static.apidae-tourisme.com\/filestore\/objets-touristiques\/images\/249\/156\/1940729-diaporama.jpg&#038;w=350&#038;h=550&#038;fit=cover&#038;output=webp&#038;q=45\" alt=\"L&#8217;Extrad\"\/><\/div><\/div><div class=\"group-content\"><div class=\"field-commune\">Risoul<\/div><div class=\"field-title\">L&#8217;Extrad<\/div><\/div><div class=\"field-link\"><a href=\"https:\/\/www.hautes-alpes.net\/de\/fiche\/lextrad-2\/\" class=\"cardlink\">L&#8217;Extrad<\/a><\/div><\/div><\/div><div class=\"item\" ><div class=\"card card-apidae card-avance post-type-apidae\"><div class=\"group-top\"><\/div><div class=\"group-media\"><div class=\"field-image\"><img decoding=\"async\" src=\"https:\/\/images.weserv.nl\/?url=https:\/\/static.apidae-tourisme.com\/filestore\/objets-touristiques\/images\/161\/8\/1575073-diaporama.jpg&#038;w=350&#038;h=550&#038;fit=cover&#038;output=webp&#038;q=45\" alt=\"Les Bons Enfants\"\/><\/div><\/div><div class=\"group-content\"><div class=\"field-commune\">Arvieux<\/div><div class=\"field-title\">Les Bons Enfants<\/div><\/div><div class=\"field-link\"><a href=\"https:\/\/www.hautes-alpes.net\/de\/fiche\/les-bons-enfants-2\/\" class=\"cardlink\">Les Bons Enfants<\/a><\/div><\/div><\/div><div class=\"item\" ><div class=\"card card-apidae card-avance post-type-apidae\"><div class=\"group-top\"><\/div><div class=\"group-media\"><div class=\"field-image\"><img decoding=\"async\" src=\"https:\/\/images.weserv.nl\/?url=https:\/\/static.apidae-tourisme.com\/filestore\/objets-touristiques\/images\/15\/73\/23087375-diaporama.jpg&#038;w=350&#038;h=550&#038;fit=cover&#038;output=webp&#038;q=45\" alt=\"Un Brin Sauvage\"\/><\/div><\/div><div class=\"group-content\"><div class=\"field-commune\">N\u00e9vache<\/div><div class=\"field-title\">Un Brin Sauvage<\/div><\/div><div class=\"field-link\"><a href=\"https:\/\/www.hautes-alpes.net\/de\/fiche\/un-brin-sauvage-2\/\" class=\"cardlink\">Un Brin Sauvage<\/a><\/div><\/div><\/div><div class=\"item\" ><div class=\"card card-apidae card-avance post-type-apidae\"><div class=\"group-top\"><\/div><div class=\"group-media\"><div class=\"field-image\"><img decoding=\"async\" src=\"https:\/\/images.weserv.nl\/?url=https:\/\/static.apidae-tourisme.com\/filestore\/objets-touristiques\/images\/49\/111\/1601329-diaporama.jpg&#038;w=350&#038;h=550&#038;fit=cover&#038;output=webp&#038;q=45\" alt=\"Restaurant Le S\u00e9rac\"\/><\/div><\/div><div class=\"group-content\"><div class=\"field-commune\">La Grave<\/div><div class=\"field-title\">Restaurant Le S\u00e9rac<\/div><\/div><div class=\"field-link\"><a href=\"https:\/\/www.hautes-alpes.net\/de\/fiche\/restaurant-le-serac-2\/\" class=\"cardlink\">Restaurant Le S\u00e9rac<\/a><\/div><\/div><\/div><div class=\"item\" ><div class=\"card card-apidae card-avance post-type-apidae\"><div class=\"group-top\"><\/div><div class=\"group-media\"><div class=\"field-image\"><img decoding=\"async\" src=\"https:\/\/images.weserv.nl\/?url=https:\/\/static.apidae-tourisme.com\/filestore\/objets-touristiques\/images\/219\/228\/29091035-diaporama.jpg&#038;w=350&#038;h=550&#038;fit=cover&#038;output=webp&#038;q=45\" alt=\"Restaurant Le Castillan\"\/><\/div><\/div><div class=\"group-content\"><div class=\"field-commune\">La Grave<\/div><div class=\"field-title\">Restaurant Le Castillan<\/div><\/div><div class=\"field-link\"><a href=\"https:\/\/www.hautes-alpes.net\/de\/fiche\/restaurant-le-castillan-2\/\" class=\"cardlink\">Restaurant Le Castillan<\/a><\/div><\/div><\/div><div class=\"item\" ><div class=\"card card-apidae card-avance post-type-apidae\"><div class=\"group-top\"><\/div><div class=\"group-media\"><div class=\"field-image\"><img decoding=\"async\" src=\"https:\/\/images.weserv.nl\/?url=https:\/\/static.apidae-tourisme.com\/filestore\/objets-touristiques\/images\/224\/82\/36393696-diaporama.png&#038;w=350&#038;h=550&#038;fit=cover&#038;output=webp&#038;q=45\" alt=\"Restaurant Le Gorille 1850\"\/><\/div><\/div><div class=\"group-content\"><div class=\"field-commune\">Risoul<\/div><div class=\"field-title\">Restaurant Le Gorille 1850<\/div><\/div><div class=\"field-link\"><a href=\"https:\/\/www.hautes-alpes.net\/de\/fiche\/restaurant-le-gorille-1850-2\/\" class=\"cardlink\">Restaurant Le Gorille 1850<\/a><\/div><\/div><\/div><div id=\"locations-data_f05f0\" style=\"display: none;\">{&quot;locations&quot;:[{&quot;lat&quot;:&quot;44.642757&quot;,&quot;lng&quot;:&quot;6.199883&quot;,&quot;title&quot;:&quot;Le Grillon&quot;,&quot;permalink&quot;:&quot;https:\\\/\\\/www.hautes-alpes.net\\\/de\\\/fiche\\\/le-grillon-3\\\/&quot;,&quot;type&quot;:&quot;restauration&quot;,&quot;commune&quot;:&quot;Saint-L\\u00e9ger-les-M\\u00e9l\\u00e8zes&quot;,&quot;type_commerce&quot;:&quot;&quot;,&quot;image&quot;:&quot;https:\\\/\\\/static.apidae-tourisme.com\\\/filestore\\\/objets-touristiques\\\/images-principales\\\/115\\\/29\\\/531827-diaporama.jpg&quot;,&quot;image_width&quot;:&quot;350&quot;,&quot;image_height&quot;:&quot;550&quot;,&quot;image_fit&quot;:&quot;cover&quot;},{&quot;lat&quot;:&quot;44.623743&quot;,&quot;lng&quot;:&quot;6.206755&quot;,&quot;title&quot;:&quot;Le Chamois&quot;,&quot;permalink&quot;:&quot;https:\\\/\\\/www.hautes-alpes.net\\\/de\\\/fiche\\\/le-chamois-5\\\/&quot;,&quot;type&quot;:&quot;restauration&quot;,&quot;commune&quot;:&quot;Ancelle&quot;,&quot;type_commerce&quot;:&quot;&quot;,&quot;image&quot;:&quot;&quot;,&quot;image_width&quot;:&quot;350&quot;,&quot;image_height&quot;:&quot;550&quot;,&quot;image_fit&quot;:&quot;cover&quot;},{&quot;lat&quot;:&quot;44.747423&quot;,&quot;lng&quot;:&quot;6.12278&quot;,&quot;title&quot;:&quot;Auberge Gaillard&quot;,&quot;permalink&quot;:&quot;https:\\\/\\\/www.hautes-alpes.net\\\/de\\\/fiche\\\/auberge-gaillard-2\\\/&quot;,&quot;type&quot;:&quot;restauration&quot;,&quot;commune&quot;:&quot;La Motte-en-Champsaur&quot;,&quot;type_commerce&quot;:&quot;&quot;,&quot;image&quot;:&quot;https:\\\/\\\/static.apidae-tourisme.com\\\/filestore\\\/objets-touristiques\\\/images\\\/109\\\/254\\\/7274093-diaporama.jpg&quot;,&quot;image_width&quot;:&quot;350&quot;,&quot;image_height&quot;:&quot;550&quot;,&quot;image_fit&quot;:&quot;cover&quot;},{&quot;lat&quot;:&quot;44.942863&quot;,&quot;lng&quot;:&quot;6.557658&quot;,&quot;title&quot;:&quot;Le Chazelay&quot;,&quot;permalink&quot;:&quot;https:\\\/\\\/www.hautes-alpes.net\\\/de\\\/fiche\\\/le-chazelay-2\\\/&quot;,&quot;type&quot;:&quot;restauration&quot;,&quot;commune&quot;:&quot;La Salle-les-Alpes&quot;,&quot;type_commerce&quot;:&quot;&quot;,&quot;image&quot;:&quot;https:\\\/\\\/static.apidae-tourisme.com\\\/filestore\\\/objets-touristiques\\\/images\\\/175\\\/222\\\/32300719-diaporama.jpg&quot;,&quot;image_width&quot;:&quot;350&quot;,&quot;image_height&quot;:&quot;550&quot;,&quot;image_fit&quot;:&quot;cover&quot;},{&quot;lat&quot;:&quot;44.621696&quot;,&quot;lng&quot;:&quot;6.634071&quot;,&quot;title&quot;:&quot;Le Pitchounet&quot;,&quot;permalink&quot;:&quot;https:\\\/\\\/www.hautes-alpes.net\\\/de\\\/fiche\\\/le-pitchounet-2\\\/&quot;,&quot;type&quot;:&quot;restauration&quot;,&quot;commune&quot;:&quot;Risoul&quot;,&quot;type_commerce&quot;:&quot;&quot;,&quot;image&quot;:&quot;https:\\\/\\\/static.apidae-tourisme.com\\\/filestore\\\/objets-touristiques\\\/images-principales\\\/116\\\/83\\\/480116-diaporama.jpg&quot;,&quot;image_width&quot;:&quot;350&quot;,&quot;image_height&quot;:&quot;550&quot;,&quot;image_fit&quot;:&quot;cover&quot;},{&quot;lat&quot;:&quot;44.476163&quot;,&quot;lng&quot;:&quot;6.268002&quot;,&quot;title&quot;:&quot;Restaurant panoramique &#8220;Le Belv\\u00e9d\\u00e8re - Camping La Viste&#8220;&quot;,&quot;permalink&quot;:&quot;https:\\\/\\\/www.hautes-alpes.net\\\/de\\\/fiche\\\/restaurant-panoramique-le-belvedere-camping-la-viste-2\\\/&quot;,&quot;type&quot;:&quot;restauration&quot;,&quot;commune&quot;:&quot;Rousset-Serre-Pon\\u00e7on&quot;,&quot;type_commerce&quot;:&quot;&quot;,&quot;image&quot;:&quot;https:\\\/\\\/static.apidae-tourisme.com\\\/filestore\\\/objets-touristiques\\\/images\\\/131\\\/197\\\/9225603-diaporama.jpg&quot;,&quot;image_width&quot;:&quot;350&quot;,&quot;image_height&quot;:&quot;550&quot;,&quot;image_fit&quot;:&quot;cover&quot;},{&quot;lat&quot;:&quot;44.738051&quot;,&quot;lng&quot;:&quot;6.566883&quot;,&quot;title&quot;:&quot;Auberge La Dormilhosa&quot;,&quot;permalink&quot;:&quot;https:\\\/\\\/www.hautes-alpes.net\\\/de\\\/fiche\\\/auberge-la-dormilhosa-2\\\/&quot;,&quot;type&quot;:&quot;restauration&quot;,&quot;commune&quot;:&quot;Champcella&quot;,&quot;type_commerce&quot;:&quot;&quot;,&quot;image&quot;:&quot;https:\\\/\\\/static.apidae-tourisme.com\\\/filestore\\\/objets-touristiques\\\/images\\\/150\\\/217\\\/776598-diaporama.jpg&quot;,&quot;image_width&quot;:&quot;350&quot;,&quot;image_height&quot;:&quot;550&quot;,&quot;image_fit&quot;:&quot;cover&quot;},{&quot;lat&quot;:&quot;44.66507&quot;,&quot;lng&quot;:&quot;6.77529&quot;,&quot;title&quot;:&quot;L&#8217;\\u00c9tape Gourmande&quot;,&quot;permalink&quot;:&quot;https:\\\/\\\/www.hautes-alpes.net\\\/de\\\/fiche\\\/letape-gourmande-2\\\/&quot;,&quot;type&quot;:&quot;restauration&quot;,&quot;commune&quot;:&quot;Ceillac&quot;,&quot;type_commerce&quot;:&quot;&quot;,&quot;image&quot;:&quot;https:\\\/\\\/static.apidae-tourisme.com\\\/filestore\\\/objets-touristiques\\\/images\\\/135\\\/133\\\/1541511-diaporama.jpg&quot;,&quot;image_width&quot;:&quot;350&quot;,&quot;image_height&quot;:&quot;550&quot;,&quot;image_fit&quot;:&quot;cover&quot;},{&quot;lat&quot;:&quot;44.621887&quot;,&quot;lng&quot;:&quot;6.634865&quot;,&quot;title&quot;:&quot;Le Hickory&quot;,&quot;permalink&quot;:&quot;https:\\\/\\\/www.hautes-alpes.net\\\/de\\\/fiche\\\/le-hickory-2\\\/&quot;,&quot;type&quot;:&quot;restauration&quot;,&quot;commune&quot;:&quot;Risoul&quot;,&quot;type_commerce&quot;:&quot;&quot;,&quot;image&quot;:&quot;https:\\\/\\\/static.apidae-tourisme.com\\\/filestore\\\/objets-touristiques\\\/images\\\/216\\\/198\\\/14403288-diaporama.jpg&quot;,&quot;image_width&quot;:&quot;350&quot;,&quot;image_height&quot;:&quot;550&quot;,&quot;image_fit&quot;:&quot;cover&quot;},{&quot;lat&quot;:&quot;44.62191&quot;,&quot;lng&quot;:&quot;6.633621&quot;,&quot;title&quot;:&quot;L&#8217;Extrad&quot;,&quot;permalink&quot;:&quot;https:\\\/\\\/www.hautes-alpes.net\\\/de\\\/fiche\\\/lextrad-2\\\/&quot;,&quot;type&quot;:&quot;restauration&quot;,&quot;commune&quot;:&quot;Risoul&quot;,&quot;type_commerce&quot;:&quot;&quot;,&quot;image&quot;:&quot;https:\\\/\\\/static.apidae-tourisme.com\\\/filestore\\\/objets-touristiques\\\/images\\\/249\\\/156\\\/1940729-diaporama.jpg&quot;,&quot;image_width&quot;:&quot;350&quot;,&quot;image_height&quot;:&quot;550&quot;,&quot;image_fit&quot;:&quot;cover&quot;},{&quot;lat&quot;:&quot;44.79284&quot;,&quot;lng&quot;:&quot;6.73009&quot;,&quot;title&quot;:&quot;Les Bons Enfants&quot;,&quot;permalink&quot;:&quot;https:\\\/\\\/www.hautes-alpes.net\\\/de\\\/fiche\\\/les-bons-enfants-2\\\/&quot;,&quot;type&quot;:&quot;restauration&quot;,&quot;commune&quot;:&quot;Arvieux&quot;,&quot;type_commerce&quot;:&quot;&quot;,&quot;image&quot;:&quot;https:\\\/\\\/static.apidae-tourisme.com\\\/filestore\\\/objets-touristiques\\\/images\\\/161\\\/8\\\/1575073-diaporama.jpg&quot;,&quot;image_width&quot;:&quot;350&quot;,&quot;image_height&quot;:&quot;550&quot;,&quot;image_fit&quot;:&quot;cover&quot;},{&quot;lat&quot;:&quot;45.018851&quot;,&quot;lng&quot;:&quot;6.604532&quot;,&quot;title&quot;:&quot;Un Brin Sauvage&quot;,&quot;permalink&quot;:&quot;https:\\\/\\\/www.hautes-alpes.net\\\/de\\\/fiche\\\/un-brin-sauvage-2\\\/&quot;,&quot;type&quot;:&quot;restauration&quot;,&quot;commune&quot;:&quot;N\\u00e9vache&quot;,&quot;type_commerce&quot;:&quot;&quot;,&quot;image&quot;:&quot;https:\\\/\\\/static.apidae-tourisme.com\\\/filestore\\\/objets-touristiques\\\/images\\\/15\\\/73\\\/23087375-diaporama.jpg&quot;,&quot;image_width&quot;:&quot;350&quot;,&quot;image_height&quot;:&quot;550&quot;,&quot;image_fit&quot;:&quot;cover&quot;},{&quot;lat&quot;:&quot;45.046615&quot;,&quot;lng&quot;:&quot;6.30815&quot;,&quot;title&quot;:&quot;Restaurant Le S\\u00e9rac&quot;,&quot;permalink&quot;:&quot;https:\\\/\\\/www.hautes-alpes.net\\\/de\\\/fiche\\\/restaurant-le-serac-2\\\/&quot;,&quot;type&quot;:&quot;restauration&quot;,&quot;commune&quot;:&quot;La Grave&quot;,&quot;type_commerce&quot;:&quot;&quot;,&quot;image&quot;:&quot;https:\\\/\\\/static.apidae-tourisme.com\\\/filestore\\\/objets-touristiques\\\/images\\\/49\\\/111\\\/1601329-diaporama.jpg&quot;,&quot;image_width&quot;:&quot;350&quot;,&quot;image_height&quot;:&quot;550&quot;,&quot;image_fit&quot;:&quot;cover&quot;},{&quot;lat&quot;:&quot;45.045425&quot;,&quot;lng&quot;:&quot;6.303816&quot;,&quot;title&quot;:&quot;Restaurant Le Castillan&quot;,&quot;permalink&quot;:&quot;https:\\\/\\\/www.hautes-alpes.net\\\/de\\\/fiche\\\/restaurant-le-castillan-2\\\/&quot;,&quot;type&quot;:&quot;restauration&quot;,&quot;commune&quot;:&quot;La Grave&quot;,&quot;type_commerce&quot;:&quot;&quot;,&quot;image&quot;:&quot;https:\\\/\\\/static.apidae-tourisme.com\\\/filestore\\\/objets-touristiques\\\/images\\\/219\\\/228\\\/29091035-diaporama.jpg&quot;,&quot;image_width&quot;:&quot;350&quot;,&quot;image_height&quot;:&quot;550&quot;,&quot;image_fit&quot;:&quot;cover&quot;},{&quot;lat&quot;:&quot;44.621282&quot;,&quot;lng&quot;:&quot;6.633312&quot;,&quot;title&quot;:&quot;Restaurant Le Gorille 1850&quot;,&quot;permalink&quot;:&quot;https:\\\/\\\/www.hautes-alpes.net\\\/de\\\/fiche\\\/restaurant-le-gorille-1850-2\\\/&quot;,&quot;type&quot;:&quot;restauration&quot;,&quot;commune&quot;:&quot;Risoul&quot;,&quot;type_commerce&quot;:&quot;&quot;,&quot;image&quot;:&quot;https:\\\/\\\/static.apidae-tourisme.com\\\/filestore\\\/objets-touristiques\\\/images\\\/224\\\/82\\\/36393696-diaporama.png&quot;,&quot;image_width&quot;:&quot;350&quot;,&quot;image_height&quot;:&quot;550&quot;,&quot;image_fit&quot;:&quot;cover&quot;}],&quot;center_lat&quot;:&quot;44.642757&quot;,&quot;center_lng&quot;:&quot;6.199883&quot;}<\/div><\/div><div class=\"ws-apidae-pager\" data-type=\"pager\"><div class=\"custom-pager\"><a class=\"facetwp-page first active\" data-page=\"1\" href=\"\/de\/wp-json\/wp\/v2\/pages\/106885?paged_f05f0=1#listing_f05f0\">1<\/a><a class=\"facetwp-page \" data-page=\"2\" href=\"\/de\/wp-json\/wp\/v2\/pages\/106885?paged_f05f0=2#listing_f05f0\">2<\/a><span class=\"facetwp-separator\">\u2026<\/span><a class=\"facetwp-page \" data-page=\"20\" href=\"\/de\/wp-json\/wp\/v2\/pages\/106885?paged_f05f0=20#listing_f05f0\">20<\/a><a class=\"facetwp-page next\" data-page=\"2\" href=\"\/de\/wp-json\/wp\/v2\/pages\/106885?paged_f05f0=2#listing_f05f0\">\u203a<\/a><\/div><\/div><\/div><\/div><\/div>\n<div class=\"wp-block-ws-library-ws-share\"><span class=\"share-subtitle\">Hat Ihnen diese Seite gefallen?<\/span><span class=\"share-title\">Teilen Sie es mit anderen!<\/span><button class=\"ws-share-button wp-element-button\">Diese Seite teilen<\/button><\/div>\n","protected":false},"excerpt":{"rendered":"<p>Die authentischen Tische der Hautes-Alpes<\/p>\n","protected":false},"author":7,"featured_media":0,"parent":106511,"menu_order":0,"comment_status":"closed","ping_status":"closed","template":"","meta":{"is_dark_mode":false,"footnotes":""},"page_label":[],"class_list":["post-106885","page","type-page","status-publish","hentry"],"yoast_head":"<!-- This site is optimized with the Yoast SEO plugin v28.3 - https:\/\/yoast.com\/product\/yoast-seo-wordpress\/ -->\n<title>Brauerei &amp; Tradition - Hautes-Alpes<\/title>\n<meta name=\"description\" content=\"Brauerei &amp; Tradition Die authentischen Tische der Hautes-Alpes H\u00f4tel le Rock Noir Le Mon\u00eatier les Bains F\u00fcr eine einfache und gem\u00fctliche Gourmetpause\" \/>\n<meta name=\"robots\" content=\"index, follow, max-snippet:-1, max-image-preview:large, max-video-preview:-1\" \/>\n<link rel=\"canonical\" href=\"https:\/\/www.hautes-alpes.net\/de\/organisieren\/brauerei-tradition\/\" \/>\n<meta property=\"og:locale\" content=\"de_DE\" \/>\n<meta property=\"og:type\" content=\"article\" \/>\n<meta property=\"og:title\" content=\"Brauerei &amp; Tradition - Hautes-Alpes\" \/>\n<meta property=\"og:description\" content=\"Brauerei &amp; Tradition Die authentischen Tische der Hautes-Alpes H\u00f4tel le Rock Noir Le Mon\u00eatier les Bains F\u00fcr eine einfache und gem\u00fctliche Gourmetpause\" \/>\n<meta property=\"og:url\" content=\"https:\/\/www.hautes-alpes.net\/de\/organisieren\/brauerei-tradition\/\" \/>\n<meta property=\"og:site_name\" content=\"Hautes-Alpes\" \/>\n<meta property=\"article:modified_time\" content=\"2025-12-24T10:55:17+00:00\" \/>\n<meta property=\"og:image\" content=\"https:\/\/www.hautes-alpes.net\/wp-content\/uploads\/2025\/12\/hotel-le-rock-noir-monetier-les-bains-19.jpg\" \/>\n\t<meta property=\"og:image:width\" content=\"1800\" \/>\n\t<meta property=\"og:image:height\" content=\"1200\" \/>\n\t<meta property=\"og:image:type\" content=\"image\/jpeg\" \/>\n<meta name=\"twitter:card\" content=\"summary_large_image\" \/>\n<script type=\"application\/ld+json\" class=\"yoast-schema-graph\">{\"@context\":\"https:\\\/\\\/schema.org\",\"@graph\":[{\"@type\":\"WebPage\",\"@id\":\"https:\\\/\\\/www.hautes-alpes.net\\\/de\\\/organisieren\\\/brauerei-tradition\\\/\",\"url\":\"https:\\\/\\\/www.hautes-alpes.net\\\/de\\\/organisieren\\\/brauerei-tradition\\\/\",\"name\":\"Brauerei &amp; Tradition - Hautes-Alpes\",\"isPartOf\":{\"@id\":\"https:\\\/\\\/www.hautes-alpes.net\\\/de\\\/#website\"},\"primaryImageOfPage\":{\"@id\":\"https:\\\/\\\/www.hautes-alpes.net\\\/de\\\/organisieren\\\/brauerei-tradition\\\/#primaryimage\"},\"image\":{\"@id\":\"https:\\\/\\\/www.hautes-alpes.net\\\/de\\\/organisieren\\\/brauerei-tradition\\\/#primaryimage\"},\"thumbnailUrl\":\"https:\\\/\\\/www.hautes-alpes.net\\\/wp-content\\\/uploads\\\/2025\\\/12\\\/hotel-le-rock-noir-monetier-les-bains-19-1800x480.jpg\",\"datePublished\":\"2025-12-05T09:03:48+00:00\",\"dateModified\":\"2025-12-24T10:55:17+00:00\",\"description\":\"Brauerei &amp; Tradition Die authentischen Tische der Hautes-Alpes H\u00f4tel le Rock Noir Le Mon\u00eatier les Bains F\u00fcr eine einfache und gem\u00fctliche Gourmetpause\",\"breadcrumb\":{\"@id\":\"https:\\\/\\\/www.hautes-alpes.net\\\/de\\\/organisieren\\\/brauerei-tradition\\\/#breadcrumb\"},\"inLanguage\":\"de\",\"potentialAction\":[{\"@type\":\"ReadAction\",\"target\":[\"https:\\\/\\\/www.hautes-alpes.net\\\/de\\\/organisieren\\\/brauerei-tradition\\\/\"]}]},{\"@type\":\"ImageObject\",\"inLanguage\":\"de\",\"@id\":\"https:\\\/\\\/www.hautes-alpes.net\\\/de\\\/organisieren\\\/brauerei-tradition\\\/#primaryimage\",\"url\":\"https:\\\/\\\/www.hautes-alpes.net\\\/wp-content\\\/uploads\\\/2025\\\/12\\\/hotel-le-rock-noir-monetier-les-bains-19-1800x480.jpg\",\"contentUrl\":\"https:\\\/\\\/www.hautes-alpes.net\\\/wp-content\\\/uploads\\\/2025\\\/12\\\/hotel-le-rock-noir-monetier-les-bains-19-1800x480.jpg\"},{\"@type\":\"BreadcrumbList\",\"@id\":\"https:\\\/\\\/www.hautes-alpes.net\\\/de\\\/organisieren\\\/brauerei-tradition\\\/#breadcrumb\",\"itemListElement\":[{\"@type\":\"ListItem\",\"position\":1,\"name\":\"Accueil\",\"item\":\"https:\\\/\\\/www.hautes-alpes.net\\\/de\\\/hautes-alpes\\\/\"},{\"@type\":\"ListItem\",\"position\":2,\"name\":\"Organisieren\",\"item\":\"https:\\\/\\\/www.hautes-alpes.net\\\/de\\\/organisieren\\\/\"},{\"@type\":\"ListItem\",\"position\":3,\"name\":\"Organisieren\",\"item\":\"https:\\\/\\\/www.hautes-alpes.net\\\/de\\\/organisieren\\\/\"},{\"@type\":\"ListItem\",\"position\":4,\"name\":\"Brauerei &amp; Tradition\"}]},{\"@type\":\"WebSite\",\"@id\":\"https:\\\/\\\/www.hautes-alpes.net\\\/de\\\/#website\",\"url\":\"https:\\\/\\\/www.hautes-alpes.net\\\/de\\\/\",\"name\":\"ADDET\",\"description\":\"\",\"publisher\":{\"@id\":\"https:\\\/\\\/www.hautes-alpes.net\\\/de\\\/#organization\"},\"potentialAction\":[{\"@type\":\"SearchAction\",\"target\":{\"@type\":\"EntryPoint\",\"urlTemplate\":\"https:\\\/\\\/www.hautes-alpes.net\\\/de\\\/?s={search_term_string}\"},\"query-input\":{\"@type\":\"PropertyValueSpecification\",\"valueRequired\":true,\"valueName\":\"search_term_string\"}}],\"inLanguage\":\"de\"},{\"@type\":\"Organization\",\"@id\":\"https:\\\/\\\/www.hautes-alpes.net\\\/de\\\/#organization\",\"name\":\"Agence D\u00e9partementale de D\u00e9veloppement Economique et Touristique des Hautes-Alpes\",\"url\":\"https:\\\/\\\/www.hautes-alpes.net\\\/de\\\/\",\"logo\":{\"@type\":\"ImageObject\",\"inLanguage\":\"de\",\"@id\":\"https:\\\/\\\/www.hautes-alpes.net\\\/de\\\/#\\\/schema\\\/logo\\\/image\\\/\",\"url\":\"https:\\\/\\\/www.hautes-alpes.net\\\/wp-content\\\/uploads\\\/2026\\\/01\\\/black-logo-2.svg\",\"contentUrl\":\"https:\\\/\\\/www.hautes-alpes.net\\\/wp-content\\\/uploads\\\/2026\\\/01\\\/black-logo-2.svg\",\"caption\":\"Agence D\u00e9partementale de D\u00e9veloppement Economique et Touristique des Hautes-Alpes\"},\"image\":{\"@id\":\"https:\\\/\\\/www.hautes-alpes.net\\\/de\\\/#\\\/schema\\\/logo\\\/image\\\/\"}}]}<\/script>\n<!-- \/ Yoast SEO plugin. -->","yoast_head_json":{"title":"Brauerei &amp; Tradition - Hautes-Alpes","description":"Brauerei &amp; Tradition Die authentischen Tische der Hautes-Alpes H\u00f4tel le Rock Noir Le Mon\u00eatier les Bains F\u00fcr eine einfache und gem\u00fctliche Gourmetpause","robots":{"index":"index","follow":"follow","max-snippet":"max-snippet:-1","max-image-preview":"max-image-preview:large","max-video-preview":"max-video-preview:-1"},"canonical":"https:\/\/www.hautes-alpes.net\/de\/organisieren\/brauerei-tradition\/","og_locale":"de_DE","og_type":"article","og_title":"Brauerei &amp; Tradition - Hautes-Alpes","og_description":"Brauerei &amp; Tradition Die authentischen Tische der Hautes-Alpes H\u00f4tel le Rock Noir Le Mon\u00eatier les Bains F\u00fcr eine einfache und gem\u00fctliche Gourmetpause","og_url":"https:\/\/www.hautes-alpes.net\/de\/organisieren\/brauerei-tradition\/","og_site_name":"Hautes-Alpes","article_modified_time":"2025-12-24T10:55:17+00:00","og_image":[{"width":1800,"height":1200,"url":"https:\/\/www.hautes-alpes.net\/wp-content\/uploads\/2025\/12\/hotel-le-rock-noir-monetier-les-bains-19.jpg","type":"image\/jpeg"}],"twitter_card":"summary_large_image","schema":{"@context":"https:\/\/schema.org","@graph":[{"@type":"WebPage","@id":"https:\/\/www.hautes-alpes.net\/de\/organisieren\/brauerei-tradition\/","url":"https:\/\/www.hautes-alpes.net\/de\/organisieren\/brauerei-tradition\/","name":"Brauerei &amp; Tradition - Hautes-Alpes","isPartOf":{"@id":"https:\/\/www.hautes-alpes.net\/de\/#website"},"primaryImageOfPage":{"@id":"https:\/\/www.hautes-alpes.net\/de\/organisieren\/brauerei-tradition\/#primaryimage"},"image":{"@id":"https:\/\/www.hautes-alpes.net\/de\/organisieren\/brauerei-tradition\/#primaryimage"},"thumbnailUrl":"https:\/\/www.hautes-alpes.net\/wp-content\/uploads\/2025\/12\/hotel-le-rock-noir-monetier-les-bains-19-1800x480.jpg","datePublished":"2025-12-05T09:03:48+00:00","dateModified":"2025-12-24T10:55:17+00:00","description":"Brauerei &amp; Tradition Die authentischen Tische der Hautes-Alpes H\u00f4tel le Rock Noir Le Mon\u00eatier les Bains F\u00fcr eine einfache und gem\u00fctliche Gourmetpause","breadcrumb":{"@id":"https:\/\/www.hautes-alpes.net\/de\/organisieren\/brauerei-tradition\/#breadcrumb"},"inLanguage":"de","potentialAction":[{"@type":"ReadAction","target":["https:\/\/www.hautes-alpes.net\/de\/organisieren\/brauerei-tradition\/"]}]},{"@type":"ImageObject","inLanguage":"de","@id":"https:\/\/www.hautes-alpes.net\/de\/organisieren\/brauerei-tradition\/#primaryimage","url":"https:\/\/www.hautes-alpes.net\/wp-content\/uploads\/2025\/12\/hotel-le-rock-noir-monetier-les-bains-19-1800x480.jpg","contentUrl":"https:\/\/www.hautes-alpes.net\/wp-content\/uploads\/2025\/12\/hotel-le-rock-noir-monetier-les-bains-19-1800x480.jpg"},{"@type":"BreadcrumbList","@id":"https:\/\/www.hautes-alpes.net\/de\/organisieren\/brauerei-tradition\/#breadcrumb","itemListElement":[{"@type":"ListItem","position":1,"name":"Accueil","item":"https:\/\/www.hautes-alpes.net\/de\/hautes-alpes\/"},{"@type":"ListItem","position":2,"name":"Organisieren","item":"https:\/\/www.hautes-alpes.net\/de\/organisieren\/"},{"@type":"ListItem","position":3,"name":"Organisieren","item":"https:\/\/www.hautes-alpes.net\/de\/organisieren\/"},{"@type":"ListItem","position":4,"name":"Brauerei &amp; Tradition"}]},{"@type":"WebSite","@id":"https:\/\/www.hautes-alpes.net\/de\/#website","url":"https:\/\/www.hautes-alpes.net\/de\/","name":"ADDET","description":"","publisher":{"@id":"https:\/\/www.hautes-alpes.net\/de\/#organization"},"potentialAction":[{"@type":"SearchAction","target":{"@type":"EntryPoint","urlTemplate":"https:\/\/www.hautes-alpes.net\/de\/?s={search_term_string}"},"query-input":{"@type":"PropertyValueSpecification","valueRequired":true,"valueName":"search_term_string"}}],"inLanguage":"de"},{"@type":"Organization","@id":"https:\/\/www.hautes-alpes.net\/de\/#organization","name":"Agence D\u00e9partementale de D\u00e9veloppement Economique et Touristique des Hautes-Alpes","url":"https:\/\/www.hautes-alpes.net\/de\/","logo":{"@type":"ImageObject","inLanguage":"de","@id":"https:\/\/www.hautes-alpes.net\/de\/#\/schema\/logo\/image\/","url":"https:\/\/www.hautes-alpes.net\/wp-content\/uploads\/2026\/01\/black-logo-2.svg","contentUrl":"https:\/\/www.hautes-alpes.net\/wp-content\/uploads\/2026\/01\/black-logo-2.svg","caption":"Agence D\u00e9partementale de D\u00e9veloppement Economique et Touristique des Hautes-Alpes"},"image":{"@id":"https:\/\/www.hautes-alpes.net\/de\/#\/schema\/logo\/image\/"}}]}},"_links":{"self":[{"href":"https:\/\/www.hautes-alpes.net\/de\/wp-json\/wp\/v2\/pages\/106885","targetHints":{"allow":["GET"]}}],"collection":[{"href":"https:\/\/www.hautes-alpes.net\/de\/wp-json\/wp\/v2\/pages"}],"about":[{"href":"https:\/\/www.hautes-alpes.net\/de\/wp-json\/wp\/v2\/types\/page"}],"author":[{"embeddable":true,"href":"https:\/\/www.hautes-alpes.net\/de\/wp-json\/wp\/v2\/users\/7"}],"replies":[{"embeddable":true,"href":"https:\/\/www.hautes-alpes.net\/de\/wp-json\/wp\/v2\/comments?post=106885"}],"version-history":[{"count":10,"href":"https:\/\/www.hautes-alpes.net\/de\/wp-json\/wp\/v2\/pages\/106885\/revisions"}],"predecessor-version":[{"id":133355,"href":"https:\/\/www.hautes-alpes.net\/de\/wp-json\/wp\/v2\/pages\/106885\/revisions\/133355"}],"up":[{"embeddable":true,"href":"https:\/\/www.hautes-alpes.net\/de\/wp-json\/wp\/v2\/pages\/106511"}],"wp:attachment":[{"href":"https:\/\/www.hautes-alpes.net\/de\/wp-json\/wp\/v2\/media?parent=106885"}],"wp:term":[{"taxonomy":"page_label","embeddable":true,"href":"https:\/\/www.hautes-alpes.net\/de\/wp-json\/wp\/v2\/page_label?post=106885"}],"curies":[{"name":"wp","href":"https:\/\/api.w.org\/{rel}","templated":true}]}}