{"id":106732,"date":"2025-12-05T10:49:57","date_gmt":"2025-12-05T09:49:57","guid":{"rendered":"https:\/\/www.hautes-alpes.net\/organisieren\/sport-und-natur\/"},"modified":"2025-12-24T11:44:51","modified_gmt":"2025-12-24T10:44:51","slug":"sport-und-natur","status":"publish","type":"page","link":"https:\/\/www.hautes-alpes.net\/de\/organisieren\/sport-und-natur\/","title":{"rendered":"Sport und Natur"},"content":{"rendered":"\n<div class=\"wp-block-group alignfull hero-banner-simple has-global-padding is-layout-constrained wp-block-group-is-layout-constrained\"><div class=\"yoast-breadcrumbs\"><span><span><a href=\"https:\/\/www.hautes-alpes.net\/de\/hautes-alpes\/\">Accueil<\/a><\/span>  <span><a href=\"https:\/\/www.hautes-alpes.net\/de\/organisieren\/\">Organisieren<\/a><\/span>  <span><a href=\"https:\/\/www.hautes-alpes.net\/de\/organisieren\/\">Organisieren<\/a><\/span>  <span class=\"breadcrumb_last\" aria-current=\"page\">Sport und Natur<\/span><\/span><\/div>\n\n\n<h1 class=\"wp-block-ws-library-post-title\">Sport und Natur<\/h1>\n\n\n\n<p class=\"subtitle wp-block-paragraph\">Erleben Sie die Hautes-Alpes<\/p>\n\n\n\n<p class=\"wp-block-paragraph\"><\/p>\n<\/div>\n\n<div class=\"wp-block-ws-library-ws-banner alignfull\"><div class=\"wrapper\"><div class=\"group-media\"><img decoding=\"async\" width=\"1920\" height=\"480\" src=\"https:\/\/www.hautes-alpes.net\/wp-content\/uploads\/2025\/11\/lac-vert-rogier-van-rijn-1920x480.jpg\" alt=\"\" class=\"single_image wp-image-48110\"><div class=\"credits\">R. VanRijn<\/div><\/div>\n<div class=\"group-content\"><p class=\"wp-block-paragraph\">Willkommen in einem Paradies, in dem die Natur Ihr F\u00fchrer und Ihr Spielplatz ist. Die Hautes-Alpes bieten eine unvergleichliche Vielfalt an Aktivit\u00e4ten f\u00fcr jedes Niveau. Wandern, Mountainbiking, Wildwassersport, Klettern oder Skifahren: Erweitern Sie Ihre Grenzen oder genie\u00dfen Sie einfach die frische Luft.    <\/p><\/div>\n<\/div><\/div>\n<div id=\"listing_8cbd7\" data-observer-wishlist class=\"ws-listing wp-block-ws-apidae-library-listing-avance alignwide\" data-map-id=\"map_8cbd7\" data-locations-id=\"locations-data_8cbd7\"><div class=\"panel-fixe panel-facets\"><div class=\"panel-overlay toggle-facets\"><\/div><div class=\"panel-inner\"><div class=\"panel-header\"><div class=\"panel-title\">Filter<\/div><a href=\"#\" class=\"panel-close toggle-facets\">Sluiten<\/a><\/div><div class=\"panel-content\"><div class=\"group-summary\"><div class=\"facetwp-selections\"><\/div><a href=\"#\" class=\"link-reset\">Verwijderen<\/a><\/div><div class=\"facetwp-facet facetwp-facet-territoires facetwp-type-fselect\" data-name=\"territoires\" data-type=\"fselect\"><\/div><div class=\"facetwp-facet facetwp-facet-commune facetwp-type-fselect\" data-name=\"commune\" data-type=\"fselect\"><\/div><div class=\"facetwp-facet facetwp-facet-classement facetwp-type-rating\" data-name=\"classement\" data-type=\"rating\"><\/div><div class=\"facetwp-facet facetwp-facet-activites_sportives facetwp-type-checkboxes\" data-name=\"activites_sportives\" data-type=\"checkboxes\"><\/div><\/div><div class=\"panel-footer\"><div class=\"facet-buttons\"><button type=\"submit\" class=\"btn btn-1 toggle-facets facetwp-count-btn\">Alles bekijken <span class=\"results-count\"><\/span> resultaten<\/button><\/div><\/div><\/div><\/div><div class=\"listing-header\"><div class=\"toggle-container\"><button class=\"btn toggle-btn toggle-facets\" data-target=\"facets\">Filter<\/button><label class=\"btn toggle-btn toggle-geoloc geoloc-toggle-wrapper has-tooltip\" data-title=\"In meiner N\u00e4he\"><input type=\"checkbox\" id=\"geoloc-toggle\" class=\"geoloc-toggle\" \/><span>In meiner N\u00e4he<\/span><\/label><\/div><\/div><div class=\"facetwp-template\"><div class=\"list-container active\"><div class=\"list-items\"><div class=\"item\" ><div class=\"card card-apidae card-avance post-type-apidae\"><div class=\"group-top\"><\/div><div class=\"group-media\"><div class=\"field-image\"><img decoding=\"async\" src=\"https:\/\/images.weserv.nl\/?url=https:\/\/static.apidae-tourisme.com\/filestore\/objets-touristiques\/images\/7\/95\/27483911-diaporama.jpg&#038;w=350&#038;h=550&#038;fit=cover&#038;output=webp&#038;q=45\" alt=\"ESI - Ecole de ski nordique\"\/><\/div><\/div><div class=\"group-content\"><div class=\"field-commune\">Ceillac<\/div><div class=\"field-title\">ESI - Ecole de ski nordique<\/div><\/div><div class=\"field-link\"><a href=\"https:\/\/www.hautes-alpes.net\/de\/fiche\/esi-ecole-de-ski-nordique-2\/\" class=\"cardlink\">ESI - Ecole de ski nordique<\/a><\/div><\/div><\/div><div class=\"item\" ><div class=\"card card-apidae card-avance post-type-apidae\"><div class=\"group-top\"><\/div><div class=\"group-media\"><div class=\"field-image\"><img decoding=\"async\" src=\"https:\/\/images.weserv.nl\/?url=https:\/\/static.apidae-tourisme.com\/filestore\/objets-touristiques\/images\/206\/215\/21682126-diaporama.jpg&#038;w=350&#038;h=550&#038;fit=cover&#038;output=webp&#038;q=45\" alt=\"Corinne Stanzer - Accompagnatrice en Montagne\"\/><\/div><\/div><div class=\"group-content\"><div class=\"field-commune\">Gap<\/div><div class=\"field-title\">Corinne Stanzer - Accompagnatrice en Montagne<\/div><\/div><div class=\"field-link\"><a href=\"https:\/\/www.hautes-alpes.net\/de\/fiche\/corinne-stanzer-accompagnatrice-en-montagne-2\/\" class=\"cardlink\">Corinne Stanzer - Accompagnatrice en Montagne<\/a><\/div><\/div><\/div><div class=\"item\" ><div class=\"card card-apidae card-avance post-type-apidae\"><div class=\"group-top\"><\/div><div class=\"group-media\"><div class=\"field-image\"><img decoding=\"async\" src=\"https:\/\/images.weserv.nl\/?url=https:\/\/static.apidae-tourisme.com\/filestore\/objets-touristiques\/images\/250\/4\/19137786-diaporama.jpg&#038;w=350&#038;h=550&#038;fit=cover&#038;output=webp&#038;q=45\" alt=\"Eaurigine\"\/><\/div><\/div><div class=\"group-content\"><div class=\"field-commune\">Brian\u00e7on<\/div><div class=\"field-title\">Eaurigine<\/div><\/div><div class=\"field-link\"><a href=\"https:\/\/www.hautes-alpes.net\/de\/fiche\/eaurigine-2\/\" class=\"cardlink\">Eaurigine<\/a><\/div><\/div><\/div><div class=\"item\" ><div class=\"card card-apidae card-avance post-type-apidae\"><div class=\"group-top\"><\/div><div class=\"group-media\"><div class=\"field-image\"><img decoding=\"async\" src=\"https:\/\/images.weserv.nl\/?url=https:\/\/static.apidae-tourisme.com\/filestore\/objets-touristiques\/images\/210\/206\/38063826-diaporama.png&#038;w=350&#038;h=550&#038;fit=cover&#038;output=webp&#038;q=45\" alt=\"E.asy Bike\"\/><\/div><\/div><div class=\"group-content\"><div class=\"field-commune\">Embrun<\/div><div class=\"field-title\">E.asy Bike<\/div><\/div><div class=\"field-link\"><a href=\"https:\/\/www.hautes-alpes.net\/de\/fiche\/e-asy-bike\/\" class=\"cardlink\">E.asy Bike<\/a><\/div><\/div><\/div><div class=\"item\" ><div class=\"card card-apidae card-avance post-type-apidae\"><div class=\"group-top\"><\/div><div class=\"group-media\"><div class=\"field-image\"><img decoding=\"async\" src=\"https:\/\/images.weserv.nl\/?url=https:\/\/static.apidae-tourisme.com\/filestore\/objets-touristiques\/images\/180\/114\/25785012-diaporama.jpg&#038;w=350&#038;h=550&#038;fit=cover&#038;output=webp&#038;q=45\" alt=\"Emma Yoga\"\/><\/div><\/div><div class=\"group-content\"><div class=\"field-commune\">Orpierre<\/div><div class=\"field-title\">Emma Yoga<\/div><\/div><div class=\"field-link\"><a href=\"https:\/\/www.hautes-alpes.net\/de\/fiche\/emma-yoga-2\/\" class=\"cardlink\">Emma Yoga<\/a><\/div><\/div><\/div><div class=\"item\" ><div class=\"card card-apidae card-avance post-type-apidae\"><div class=\"group-top\"><\/div><div class=\"group-media\"><div class=\"field-image\"><img decoding=\"async\" src=\"https:\/\/images.weserv.nl\/?url=https:\/\/static.apidae-tourisme.com\/filestore\/objets-touristiques\/images\/165\/239\/39972773-diaporama.jpg&#038;w=350&#038;h=550&#038;fit=cover&#038;output=webp&#038;q=45\" alt=\"AAPPMA La Gaule Duran\u00e7ole\"\/><\/div><\/div><div class=\"group-content\"><div class=\"field-commune\">Mon\u00eatier-Allemont<\/div><div class=\"field-title\">AAPPMA La Gaule Duran\u00e7ole<\/div><\/div><div class=\"field-link\"><a href=\"https:\/\/www.hautes-alpes.net\/de\/fiche\/aappma-la-gaule-durancole-2\/\" class=\"cardlink\">AAPPMA La Gaule Duran\u00e7ole<\/a><\/div><\/div><\/div><div class=\"item\" ><div class=\"card card-apidae card-avance post-type-apidae\"><div class=\"group-top\"><\/div><div class=\"group-media\"><div class=\"field-image\"><img decoding=\"async\" src=\"https:\/\/images.weserv.nl\/?url=https:\/\/static.apidae-tourisme.com\/filestore\/objets-touristiques\/images\/21\/151\/25925397-diaporama.jpg&#038;w=350&#038;h=550&#038;fit=cover&#038;output=webp&#038;q=45\" alt=\"Montagne and Co\"\/><\/div><\/div><div class=\"group-content\"><div class=\"field-commune\">Ceillac<\/div><div class=\"field-title\">Montagne and Co<\/div><\/div><div class=\"field-link\"><a href=\"https:\/\/www.hautes-alpes.net\/de\/fiche\/montagne-and-co-2\/\" class=\"cardlink\">Montagne and Co<\/a><\/div><\/div><\/div><div class=\"item\" ><div class=\"card card-apidae card-avance post-type-apidae\"><div class=\"group-top\"><\/div><div class=\"group-media\"><div class=\"field-image\"><img decoding=\"async\" src=\"https:\/\/images.weserv.nl\/?url=https:\/\/static.apidae-tourisme.com\/filestore\/objets-touristiques\/images\/23\/55\/14300951-diaporama.jpg&#038;w=350&#038;h=550&#038;fit=cover&#038;output=webp&#038;q=45\" alt=\"Ashtanga Vinyasa &amp; Yin Yoga\"\/><\/div><\/div><div class=\"group-content\"><div class=\"field-commune\">La Salle-les-Alpes<\/div><div class=\"field-title\">Ashtanga Vinyasa &amp; Yin Yoga<\/div><div class=\"field-description\">Lehrerin f\u00fcr YA-Yoga. Yogakurse f\u00fcr Gruppen \/ Einzelpersonen. Dynamisches Ashtanga \/ Vinyasa \/ Sanftes Yin Yoga. Erwachsene auf jedem Niveau. Yoga f\u00fcr Kinder. Yoga-Pilates.<\/div><\/div><div class=\"field-link\"><a href=\"https:\/\/www.hautes-alpes.net\/de\/fiche\/ashtanga-vinyasa-yin-yoga-2\/\" class=\"cardlink\">Ashtanga Vinyasa &amp; Yin Yoga<\/a><\/div><\/div><\/div><div class=\"item\" ><div class=\"card card-apidae card-avance post-type-apidae\"><div class=\"group-top\"><\/div><div class=\"group-media\"><div class=\"field-image\"><img decoding=\"async\" src=\"https:\/\/images.weserv.nl\/?url=https:\/\/static.apidae-tourisme.com\/filestore\/objets-touristiques\/images\/215\/1\/16843223-diaporama.jpg&#038;w=350&#038;h=550&#038;fit=cover&#038;output=webp&#038;q=45\" alt=\"Entre eau, montagne et Queyras\"\/><\/div><\/div><div class=\"group-content\"><div class=\"field-commune\">Arvieux<\/div><div class=\"field-title\">Entre eau, montagne et Queyras<\/div><\/div><div class=\"field-link\"><a href=\"https:\/\/www.hautes-alpes.net\/de\/fiche\/entre-eau-montagne-et-queyras-2\/\" class=\"cardlink\">Entre eau, montagne et Queyras<\/a><\/div><\/div><\/div><div class=\"item\" ><div class=\"card card-apidae card-avance post-type-apidae\"><div class=\"group-top\"><\/div><div class=\"group-media\"><div class=\"field-image\"><img decoding=\"async\" src=\"https:\/\/images.weserv.nl\/?url=https:\/\/static.apidae-tourisme.com\/filestore\/objets-touristiques\/images\/208\/23\/9181136-diaporama.jpg&#038;w=350&#038;h=550&#038;fit=cover&#038;output=webp&#038;q=45\" alt=\"Association A\u00e9ronautique d&#8217;Aspres\"\/><\/div><\/div><div class=\"group-content\"><div class=\"field-commune\">Aspres-sur-Bu\u00ebch<\/div><div class=\"field-title\">Association A\u00e9ronautique d&#8217;Aspres<\/div><\/div><div class=\"field-link\"><a href=\"https:\/\/www.hautes-alpes.net\/de\/fiche\/association-aeronautique-daspres-2\/\" class=\"cardlink\">Association A\u00e9ronautique d&#8217;Aspres<\/a><\/div><\/div><\/div><div class=\"item\" ><div class=\"card card-apidae card-avance post-type-apidae\"><div class=\"group-top\"><\/div><div class=\"group-media\"><div class=\"field-image\"><img decoding=\"async\" src=\"https:\/\/images.weserv.nl\/?url=https:\/\/static.apidae-tourisme.com\/filestore\/objets-touristiques\/images\/36\/20\/8393764-diaporama.jpg&#038;w=350&#038;h=550&#038;fit=cover&#038;output=webp&#038;q=45\" alt=\"Explo Nature\"\/><\/div><\/div><div class=\"group-content\"><div class=\"field-commune\">R\u00e9allon<\/div><div class=\"field-title\">Explo Nature<\/div><\/div><div class=\"field-link\"><a href=\"https:\/\/www.hautes-alpes.net\/de\/fiche\/explo-nature-2\/\" class=\"cardlink\">Explo Nature<\/a><\/div><\/div><\/div><div class=\"item\" ><div class=\"card card-apidae card-avance post-type-apidae\"><div class=\"group-top\"><\/div><div class=\"group-media\"><div class=\"field-image\"><img decoding=\"async\" src=\"https:\/\/images.weserv.nl\/?url=https:\/\/static.apidae-tourisme.com\/filestore\/objets-touristiques\/images\/217\/77\/37506521-diaporama.jpg&#038;w=350&#038;h=550&#038;fit=cover&#038;output=webp&#038;q=45\" alt=\"Vent d&#8217;ici : organisation, vente et encadrement de s\u00e9jour en montagne\"\/><\/div><\/div><div class=\"group-content\"><div class=\"field-commune\">Gap<\/div><div class=\"field-title\">Vent d&#8217;ici : organisation, vente et encadrement de s\u00e9jour en montagne<\/div><\/div><div class=\"field-link\"><a href=\"https:\/\/www.hautes-alpes.net\/de\/fiche\/vent-dici-organisation-vente-et-encadrement-de-sejour-en-montagne-2\/\" class=\"cardlink\">Vent d&#8217;ici : organisation, vente et encadrement de s\u00e9jour en montagne<\/a><\/div><\/div><\/div><div class=\"item\" ><div class=\"card card-apidae card-avance post-type-apidae\"><div class=\"group-top\"><\/div><div class=\"group-media\"><div class=\"field-image\"><img decoding=\"async\" src=\"https:\/\/images.weserv.nl\/?url=https:\/\/static.apidae-tourisme.com\/filestore\/objets-touristiques\/images\/202\/156\/10722506-diaporama.jpg&#038;w=350&#038;h=550&#038;fit=cover&#038;output=webp&#038;q=45\" alt=\"Association Fitness et Forme du Laragnais\"\/><\/div><\/div><div class=\"group-content\"><div class=\"field-commune\">Laragne-Mont\u00e9glin<\/div><div class=\"field-title\">Association Fitness et Forme du Laragnais<\/div><\/div><div class=\"field-link\"><a href=\"https:\/\/www.hautes-alpes.net\/de\/fiche\/association-fitness-et-forme-du-laragnais-2\/\" class=\"cardlink\">Association Fitness et Forme du Laragnais<\/a><\/div><\/div><\/div><div class=\"item\" ><div class=\"card card-apidae card-avance post-type-apidae\"><div class=\"group-top\"><\/div><div class=\"group-media\"><div class=\"field-image\"><img decoding=\"async\" src=\"https:\/\/images.weserv.nl\/?url=https:\/\/static.apidae-tourisme.com\/filestore\/objets-touristiques\/images\/30\/150\/39097886-diaporama.jpg&#038;w=350&#038;h=550&#038;fit=cover&#038;output=webp&#038;q=45\" alt=\"Serre-Pon\u00e7on Voile &amp; Nuit insolite\"\/><\/div><\/div><div class=\"group-content\"><div class=\"field-commune\">Rousset-Serre-Pon\u00e7on<\/div><div class=\"field-title\">Serre-Pon\u00e7on Voile &amp; Nuit insolite<\/div><\/div><div class=\"field-link\"><a href=\"https:\/\/www.hautes-alpes.net\/de\/fiche\/serre-poncon-voile-nuit-insolite\/\" class=\"cardlink\">Serre-Pon\u00e7on Voile &amp; Nuit insolite<\/a><\/div><\/div><\/div><div class=\"item\" ><div class=\"card card-apidae card-avance post-type-apidae\"><div class=\"group-top\"><\/div><div class=\"group-media\"><div class=\"field-image\"><img decoding=\"async\" src=\"https:\/\/images.weserv.nl\/?url=https:\/\/static.apidae-tourisme.com\/filestore\/objets-touristiques\/images\/204\/207\/7131084-diaporama.jpg&#038;w=350&#038;h=550&#038;fit=cover&#038;output=webp&#038;q=45\" alt=\"Location de kayak et stand-up paddle\"\/><\/div><\/div><div class=\"group-content\"><div class=\"field-commune\">Saint-Julien-en-Champsaur<\/div><div class=\"field-title\">Location de kayak et stand-up paddle<\/div><\/div><div class=\"field-link\"><a href=\"https:\/\/www.hautes-alpes.net\/de\/fiche\/location-de-kayak-et-stand-up-paddle-2\/\" class=\"cardlink\">Location de kayak et stand-up paddle<\/a><\/div><\/div><\/div><div id=\"locations-data_8cbd7\" style=\"display: none;\">{&quot;locations&quot;:[{&quot;lat&quot;:&quot;44.664513&quot;,&quot;lng&quot;:&quot;6.775772&quot;,&quot;title&quot;:&quot;ESI - Ecole de ski nordique&quot;,&quot;permalink&quot;:&quot;https:\\\/\\\/www.hautes-alpes.net\\\/de\\\/fiche\\\/esi-ecole-de-ski-nordique-2\\\/&quot;,&quot;type&quot;:&quot;commerce_et_service&quot;,&quot;commune&quot;:&quot;Ceillac&quot;,&quot;type_commerce&quot;:&quot;&quot;,&quot;image&quot;:&quot;https:\\\/\\\/static.apidae-tourisme.com\\\/filestore\\\/objets-touristiques\\\/images\\\/7\\\/95\\\/27483911-diaporama.jpg&quot;,&quot;image_width&quot;:&quot;350&quot;,&quot;image_height&quot;:&quot;550&quot;,&quot;image_fit&quot;:&quot;cover&quot;},{&quot;lat&quot;:&quot;44.537632&quot;,&quot;lng&quot;:&quot;6.059736&quot;,&quot;title&quot;:&quot;Corinne Stanzer - Accompagnatrice en Montagne&quot;,&quot;permalink&quot;:&quot;https:\\\/\\\/www.hautes-alpes.net\\\/de\\\/fiche\\\/corinne-stanzer-accompagnatrice-en-montagne-2\\\/&quot;,&quot;type&quot;:&quot;commerce_et_service&quot;,&quot;commune&quot;:&quot;Gap&quot;,&quot;type_commerce&quot;:&quot;&quot;,&quot;image&quot;:&quot;https:\\\/\\\/static.apidae-tourisme.com\\\/filestore\\\/objets-touristiques\\\/images\\\/206\\\/215\\\/21682126-diaporama.jpg&quot;,&quot;image_width&quot;:&quot;350&quot;,&quot;image_height&quot;:&quot;550&quot;,&quot;image_fit&quot;:&quot;cover&quot;},{&quot;lat&quot;:&quot;44.896841&quot;,&quot;lng&quot;:&quot;6.630953&quot;,&quot;title&quot;:&quot;Eaurigine&quot;,&quot;permalink&quot;:&quot;https:\\\/\\\/www.hautes-alpes.net\\\/de\\\/fiche\\\/eaurigine-2\\\/&quot;,&quot;type&quot;:&quot;commerce_et_service&quot;,&quot;commune&quot;:&quot;Brian\\u00e7on&quot;,&quot;type_commerce&quot;:&quot;&quot;,&quot;image&quot;:&quot;https:\\\/\\\/static.apidae-tourisme.com\\\/filestore\\\/objets-touristiques\\\/images\\\/250\\\/4\\\/19137786-diaporama.jpg&quot;,&quot;image_width&quot;:&quot;350&quot;,&quot;image_height&quot;:&quot;550&quot;,&quot;image_fit&quot;:&quot;cover&quot;},{&quot;lat&quot;:&quot;44.55174&quot;,&quot;lng&quot;:&quot;6.484588&quot;,&quot;title&quot;:&quot;E.asy Bike&quot;,&quot;permalink&quot;:&quot;https:\\\/\\\/www.hautes-alpes.net\\\/de\\\/fiche\\\/e-asy-bike\\\/&quot;,&quot;type&quot;:&quot;commerce_et_service&quot;,&quot;commune&quot;:&quot;Embrun&quot;,&quot;type_commerce&quot;:&quot;&quot;,&quot;image&quot;:&quot;https:\\\/\\\/static.apidae-tourisme.com\\\/filestore\\\/objets-touristiques\\\/images\\\/210\\\/206\\\/38063826-diaporama.png&quot;,&quot;image_width&quot;:&quot;350&quot;,&quot;image_height&quot;:&quot;550&quot;,&quot;image_fit&quot;:&quot;cover&quot;},{&quot;lat&quot;:&quot;44.313056&quot;,&quot;lng&quot;:&quot;5.695686&quot;,&quot;title&quot;:&quot;Emma Yoga&quot;,&quot;permalink&quot;:&quot;https:\\\/\\\/www.hautes-alpes.net\\\/de\\\/fiche\\\/emma-yoga-2\\\/&quot;,&quot;type&quot;:&quot;commerce_et_service&quot;,&quot;commune&quot;:&quot;Orpierre&quot;,&quot;type_commerce&quot;:&quot;&quot;,&quot;image&quot;:&quot;https:\\\/\\\/static.apidae-tourisme.com\\\/filestore\\\/objets-touristiques\\\/images\\\/180\\\/114\\\/25785012-diaporama.jpg&quot;,&quot;image_width&quot;:&quot;350&quot;,&quot;image_height&quot;:&quot;550&quot;,&quot;image_fit&quot;:&quot;cover&quot;},{&quot;lat&quot;:&quot;44.386328&quot;,&quot;lng&quot;:&quot;5.94371&quot;,&quot;title&quot;:&quot;AAPPMA La Gaule Duran\\u00e7ole&quot;,&quot;permalink&quot;:&quot;https:\\\/\\\/www.hautes-alpes.net\\\/de\\\/fiche\\\/aappma-la-gaule-durancole-2\\\/&quot;,&quot;type&quot;:&quot;commerce_et_service&quot;,&quot;commune&quot;:&quot;Mon\\u00eatier-Allemont&quot;,&quot;type_commerce&quot;:&quot;&quot;,&quot;image&quot;:&quot;https:\\\/\\\/static.apidae-tourisme.com\\\/filestore\\\/objets-touristiques\\\/images\\\/165\\\/239\\\/39972773-diaporama.jpg&quot;,&quot;image_width&quot;:&quot;350&quot;,&quot;image_height&quot;:&quot;550&quot;,&quot;image_fit&quot;:&quot;cover&quot;},{&quot;lat&quot;:&quot;44.668306&quot;,&quot;lng&quot;:&quot;6.778015&quot;,&quot;title&quot;:&quot;Montagne and Co&quot;,&quot;permalink&quot;:&quot;https:\\\/\\\/www.hautes-alpes.net\\\/de\\\/fiche\\\/montagne-and-co-2\\\/&quot;,&quot;type&quot;:&quot;commerce_et_service&quot;,&quot;commune&quot;:&quot;Ceillac&quot;,&quot;type_commerce&quot;:&quot;&quot;,&quot;image&quot;:&quot;https:\\\/\\\/static.apidae-tourisme.com\\\/filestore\\\/objets-touristiques\\\/images\\\/21\\\/151\\\/25925397-diaporama.jpg&quot;,&quot;image_width&quot;:&quot;350&quot;,&quot;image_height&quot;:&quot;550&quot;,&quot;image_fit&quot;:&quot;cover&quot;},{&quot;lat&quot;:&quot;44.938415&quot;,&quot;lng&quot;:&quot;6.576018&quot;,&quot;title&quot;:&quot;Ashtanga Vinyasa &amp; Yin Yoga&quot;,&quot;permalink&quot;:&quot;https:\\\/\\\/www.hautes-alpes.net\\\/de\\\/fiche\\\/ashtanga-vinyasa-yin-yoga-2\\\/&quot;,&quot;type&quot;:&quot;commerce_et_service&quot;,&quot;commune&quot;:&quot;La Salle-les-Alpes&quot;,&quot;type_commerce&quot;:&quot;&quot;,&quot;image&quot;:&quot;https:\\\/\\\/static.apidae-tourisme.com\\\/filestore\\\/objets-touristiques\\\/images\\\/23\\\/55\\\/14300951-diaporama.jpg&quot;,&quot;image_width&quot;:&quot;350&quot;,&quot;image_height&quot;:&quot;550&quot;,&quot;image_fit&quot;:&quot;cover&quot;},{&quot;lat&quot;:&quot;44.789137&quot;,&quot;lng&quot;:&quot;6.732963&quot;,&quot;title&quot;:&quot;Entre eau, montagne et Queyras&quot;,&quot;permalink&quot;:&quot;https:\\\/\\\/www.hautes-alpes.net\\\/de\\\/fiche\\\/entre-eau-montagne-et-queyras-2\\\/&quot;,&quot;type&quot;:&quot;commerce_et_service&quot;,&quot;commune&quot;:&quot;Arvieux&quot;,&quot;type_commerce&quot;:&quot;&quot;,&quot;image&quot;:&quot;https:\\\/\\\/static.apidae-tourisme.com\\\/filestore\\\/objets-touristiques\\\/images\\\/215\\\/1\\\/16843223-diaporama.jpg&quot;,&quot;image_width&quot;:&quot;350&quot;,&quot;image_height&quot;:&quot;550&quot;,&quot;image_fit&quot;:&quot;cover&quot;},{&quot;lat&quot;:&quot;44.517618&quot;,&quot;lng&quot;:&quot;5.737555&quot;,&quot;title&quot;:&quot;Association A\\u00e9ronautique d&#8217;Aspres&quot;,&quot;permalink&quot;:&quot;https:\\\/\\\/www.hautes-alpes.net\\\/de\\\/fiche\\\/association-aeronautique-daspres-2\\\/&quot;,&quot;type&quot;:&quot;commerce_et_service&quot;,&quot;commune&quot;:&quot;Aspres-sur-Bu\\u00ebch&quot;,&quot;type_commerce&quot;:&quot;&quot;,&quot;image&quot;:&quot;https:\\\/\\\/static.apidae-tourisme.com\\\/filestore\\\/objets-touristiques\\\/images\\\/208\\\/23\\\/9181136-diaporama.jpg&quot;,&quot;image_width&quot;:&quot;350&quot;,&quot;image_height&quot;:&quot;550&quot;,&quot;image_fit&quot;:&quot;cover&quot;},{&quot;lat&quot;:&quot;44.576369&quot;,&quot;lng&quot;:&quot;6.36153&quot;,&quot;title&quot;:&quot;Explo Nature&quot;,&quot;permalink&quot;:&quot;https:\\\/\\\/www.hautes-alpes.net\\\/de\\\/fiche\\\/explo-nature-2\\\/&quot;,&quot;type&quot;:&quot;commerce_et_service&quot;,&quot;commune&quot;:&quot;R\\u00e9allon&quot;,&quot;type_commerce&quot;:&quot;&quot;,&quot;image&quot;:&quot;https:\\\/\\\/static.apidae-tourisme.com\\\/filestore\\\/objets-touristiques\\\/images\\\/36\\\/20\\\/8393764-diaporama.jpg&quot;,&quot;image_width&quot;:&quot;350&quot;,&quot;image_height&quot;:&quot;550&quot;,&quot;image_fit&quot;:&quot;cover&quot;},{&quot;lat&quot;:&quot;44.527977&quot;,&quot;lng&quot;:&quot;6.035525&quot;,&quot;title&quot;:&quot;Vent d&#8217;ici : organisation, vente et encadrement de s\\u00e9jour en montagne&quot;,&quot;permalink&quot;:&quot;https:\\\/\\\/www.hautes-alpes.net\\\/de\\\/fiche\\\/vent-dici-organisation-vente-et-encadrement-de-sejour-en-montagne-2\\\/&quot;,&quot;type&quot;:&quot;commerce_et_service&quot;,&quot;commune&quot;:&quot;Gap&quot;,&quot;type_commerce&quot;:&quot;&quot;,&quot;image&quot;:&quot;https:\\\/\\\/static.apidae-tourisme.com\\\/filestore\\\/objets-touristiques\\\/images\\\/217\\\/77\\\/37506521-diaporama.jpg&quot;,&quot;image_width&quot;:&quot;350&quot;,&quot;image_height&quot;:&quot;550&quot;,&quot;image_fit&quot;:&quot;cover&quot;},{&quot;lat&quot;:&quot;44.316326&quot;,&quot;lng&quot;:&quot;5.822411&quot;,&quot;title&quot;:&quot;Association Fitness et Forme du Laragnais&quot;,&quot;permalink&quot;:&quot;https:\\\/\\\/www.hautes-alpes.net\\\/de\\\/fiche\\\/association-fitness-et-forme-du-laragnais-2\\\/&quot;,&quot;type&quot;:&quot;commerce_et_service&quot;,&quot;commune&quot;:&quot;Laragne-Mont\\u00e9glin&quot;,&quot;type_commerce&quot;:&quot;&quot;,&quot;image&quot;:&quot;https:\\\/\\\/static.apidae-tourisme.com\\\/filestore\\\/objets-touristiques\\\/images\\\/202\\\/156\\\/10722506-diaporama.jpg&quot;,&quot;image_width&quot;:&quot;350&quot;,&quot;image_height&quot;:&quot;550&quot;,&quot;image_fit&quot;:&quot;cover&quot;},{&quot;lat&quot;:&quot;44.476581&quot;,&quot;lng&quot;:&quot;6.275429&quot;,&quot;title&quot;:&quot;Serre-Pon\\u00e7on Voile &amp; Nuit insolite&quot;,&quot;permalink&quot;:&quot;https:\\\/\\\/www.hautes-alpes.net\\\/de\\\/fiche\\\/serre-poncon-voile-nuit-insolite\\\/&quot;,&quot;type&quot;:&quot;commerce_et_service&quot;,&quot;commune&quot;:&quot;Rousset-Serre-Pon\\u00e7on&quot;,&quot;type_commerce&quot;:&quot;&quot;,&quot;image&quot;:&quot;https:\\\/\\\/static.apidae-tourisme.com\\\/filestore\\\/objets-touristiques\\\/images\\\/30\\\/150\\\/39097886-diaporama.jpg&quot;,&quot;image_width&quot;:&quot;350&quot;,&quot;image_height&quot;:&quot;550&quot;,&quot;image_fit&quot;:&quot;cover&quot;},{&quot;lat&quot;:&quot;44.65745&quot;,&quot;lng&quot;:&quot;6.105255&quot;,&quot;title&quot;:&quot;Location de kayak et stand-up paddle&quot;,&quot;permalink&quot;:&quot;https:\\\/\\\/www.hautes-alpes.net\\\/de\\\/fiche\\\/location-de-kayak-et-stand-up-paddle-2\\\/&quot;,&quot;type&quot;:&quot;commerce_et_service&quot;,&quot;commune&quot;:&quot;Saint-Julien-en-Champsaur&quot;,&quot;type_commerce&quot;:&quot;&quot;,&quot;image&quot;:&quot;https:\\\/\\\/static.apidae-tourisme.com\\\/filestore\\\/objets-touristiques\\\/images\\\/204\\\/207\\\/7131084-diaporama.jpg&quot;,&quot;image_width&quot;:&quot;350&quot;,&quot;image_height&quot;:&quot;550&quot;,&quot;image_fit&quot;:&quot;cover&quot;}],&quot;center_lat&quot;:&quot;44.664513&quot;,&quot;center_lng&quot;:&quot;6.775772&quot;}<\/div><\/div><div class=\"ws-apidae-pager\" data-type=\"pager\"><div class=\"custom-pager\"><a class=\"facetwp-page first active\" data-page=\"1\" href=\"\/de\/wp-json\/wp\/v2\/pages\/106732?paged_8cbd7=1#listing_8cbd7\">1<\/a><a class=\"facetwp-page \" data-page=\"2\" href=\"\/de\/wp-json\/wp\/v2\/pages\/106732?paged_8cbd7=2#listing_8cbd7\">2<\/a><span class=\"facetwp-separator\">\u2026<\/span><a class=\"facetwp-page \" data-page=\"40\" href=\"\/de\/wp-json\/wp\/v2\/pages\/106732?paged_8cbd7=40#listing_8cbd7\">40<\/a><a class=\"facetwp-page next\" data-page=\"2\" href=\"\/de\/wp-json\/wp\/v2\/pages\/106732?paged_8cbd7=2#listing_8cbd7\">\u203a<\/a><\/div><\/div><\/div><\/div><\/div>\n<div class=\"wp-block-ws-library-ws-share\"><span class=\"share-subtitle\">Hat Ihnen diese Seite gefallen?<\/span><span class=\"share-title\">Teilen Sie es mit anderen!<\/span><button class=\"ws-share-button wp-element-button\">Diese Seite teilen<\/button><\/div>\n","protected":false},"excerpt":{"rendered":"<p>Erleben Sie die Hautes-Alpes<\/p>\n","protected":false},"author":7,"featured_media":0,"parent":106511,"menu_order":0,"comment_status":"closed","ping_status":"closed","template":"","meta":{"is_dark_mode":false,"footnotes":""},"page_label":[],"class_list":["post-106732","page","type-page","status-publish","hentry"],"yoast_head":"<!-- This site is optimized with the Yoast SEO plugin v28.3 - https:\/\/yoast.com\/product\/yoast-seo-wordpress\/ -->\n<title>Sport und Natur - Hautes-Alpes<\/title>\n<meta name=\"description\" content=\"Sport und Natur Erleben Sie die Hautes-Alpes R. VanRijn Willkommen in einem Paradies, in dem die Natur Ihr F\u00fchrer und Ihr Spielplatz ist. Die Hautes-Alpes\" \/>\n<meta name=\"robots\" content=\"index, follow, max-snippet:-1, max-image-preview:large, max-video-preview:-1\" \/>\n<link rel=\"canonical\" href=\"https:\/\/www.hautes-alpes.net\/de\/organisieren\/sport-und-natur\/\" \/>\n<meta property=\"og:locale\" content=\"de_DE\" \/>\n<meta property=\"og:type\" content=\"article\" \/>\n<meta property=\"og:title\" content=\"Sport und Natur - Hautes-Alpes\" \/>\n<meta property=\"og:description\" content=\"Sport und Natur Erleben Sie die Hautes-Alpes R. VanRijn Willkommen in einem Paradies, in dem die Natur Ihr F\u00fchrer und Ihr Spielplatz ist. Die Hautes-Alpes\" \/>\n<meta property=\"og:url\" content=\"https:\/\/www.hautes-alpes.net\/de\/organisieren\/sport-und-natur\/\" \/>\n<meta property=\"og:site_name\" content=\"Hautes-Alpes\" \/>\n<meta property=\"article:modified_time\" content=\"2025-12-24T10:44:51+00:00\" \/>\n<meta property=\"og:image\" content=\"https:\/\/www.hautes-alpes.net\/wp-content\/uploads\/2025\/11\/lac-vert-rogier-van-rijn-scaled.jpg\" \/>\n\t<meta property=\"og:image:width\" content=\"2560\" \/>\n\t<meta property=\"og:image:height\" content=\"1707\" \/>\n\t<meta property=\"og:image:type\" content=\"image\/jpeg\" \/>\n<meta name=\"twitter:card\" content=\"summary_large_image\" \/>\n<script type=\"application\/ld+json\" class=\"yoast-schema-graph\">{\"@context\":\"https:\\\/\\\/schema.org\",\"@graph\":[{\"@type\":\"WebPage\",\"@id\":\"https:\\\/\\\/www.hautes-alpes.net\\\/de\\\/organisieren\\\/sport-und-natur\\\/\",\"url\":\"https:\\\/\\\/www.hautes-alpes.net\\\/de\\\/organisieren\\\/sport-und-natur\\\/\",\"name\":\"Sport und Natur - Hautes-Alpes\",\"isPartOf\":{\"@id\":\"https:\\\/\\\/www.hautes-alpes.net\\\/de\\\/#website\"},\"primaryImageOfPage\":{\"@id\":\"https:\\\/\\\/www.hautes-alpes.net\\\/de\\\/organisieren\\\/sport-und-natur\\\/#primaryimage\"},\"image\":{\"@id\":\"https:\\\/\\\/www.hautes-alpes.net\\\/de\\\/organisieren\\\/sport-und-natur\\\/#primaryimage\"},\"thumbnailUrl\":\"https:\\\/\\\/www.hautes-alpes.net\\\/wp-content\\\/uploads\\\/2025\\\/11\\\/lac-vert-rogier-van-rijn-1920x480.jpg\",\"datePublished\":\"2025-12-05T09:49:57+00:00\",\"dateModified\":\"2025-12-24T10:44:51+00:00\",\"description\":\"Sport und Natur Erleben Sie die Hautes-Alpes R. VanRijn Willkommen in einem Paradies, in dem die Natur Ihr F\u00fchrer und Ihr Spielplatz ist. Die Hautes-Alpes\",\"breadcrumb\":{\"@id\":\"https:\\\/\\\/www.hautes-alpes.net\\\/de\\\/organisieren\\\/sport-und-natur\\\/#breadcrumb\"},\"inLanguage\":\"de\",\"potentialAction\":[{\"@type\":\"ReadAction\",\"target\":[\"https:\\\/\\\/www.hautes-alpes.net\\\/de\\\/organisieren\\\/sport-und-natur\\\/\"]}]},{\"@type\":\"ImageObject\",\"inLanguage\":\"de\",\"@id\":\"https:\\\/\\\/www.hautes-alpes.net\\\/de\\\/organisieren\\\/sport-und-natur\\\/#primaryimage\",\"url\":\"https:\\\/\\\/www.hautes-alpes.net\\\/wp-content\\\/uploads\\\/2025\\\/11\\\/lac-vert-rogier-van-rijn-1920x480.jpg\",\"contentUrl\":\"https:\\\/\\\/www.hautes-alpes.net\\\/wp-content\\\/uploads\\\/2025\\\/11\\\/lac-vert-rogier-van-rijn-1920x480.jpg\"},{\"@type\":\"BreadcrumbList\",\"@id\":\"https:\\\/\\\/www.hautes-alpes.net\\\/de\\\/organisieren\\\/sport-und-natur\\\/#breadcrumb\",\"itemListElement\":[{\"@type\":\"ListItem\",\"position\":1,\"name\":\"Accueil\",\"item\":\"https:\\\/\\\/www.hautes-alpes.net\\\/de\\\/hautes-alpes\\\/\"},{\"@type\":\"ListItem\",\"position\":2,\"name\":\"Organisieren\",\"item\":\"https:\\\/\\\/www.hautes-alpes.net\\\/de\\\/organisieren\\\/\"},{\"@type\":\"ListItem\",\"position\":3,\"name\":\"Organisieren\",\"item\":\"https:\\\/\\\/www.hautes-alpes.net\\\/de\\\/organisieren\\\/\"},{\"@type\":\"ListItem\",\"position\":4,\"name\":\"Sport und Natur\"}]},{\"@type\":\"WebSite\",\"@id\":\"https:\\\/\\\/www.hautes-alpes.net\\\/de\\\/#website\",\"url\":\"https:\\\/\\\/www.hautes-alpes.net\\\/de\\\/\",\"name\":\"ADDET\",\"description\":\"\",\"publisher\":{\"@id\":\"https:\\\/\\\/www.hautes-alpes.net\\\/de\\\/#organization\"},\"potentialAction\":[{\"@type\":\"SearchAction\",\"target\":{\"@type\":\"EntryPoint\",\"urlTemplate\":\"https:\\\/\\\/www.hautes-alpes.net\\\/de\\\/?s={search_term_string}\"},\"query-input\":{\"@type\":\"PropertyValueSpecification\",\"valueRequired\":true,\"valueName\":\"search_term_string\"}}],\"inLanguage\":\"de\"},{\"@type\":\"Organization\",\"@id\":\"https:\\\/\\\/www.hautes-alpes.net\\\/de\\\/#organization\",\"name\":\"Agence D\u00e9partementale de D\u00e9veloppement Economique et Touristique des Hautes-Alpes\",\"url\":\"https:\\\/\\\/www.hautes-alpes.net\\\/de\\\/\",\"logo\":{\"@type\":\"ImageObject\",\"inLanguage\":\"de\",\"@id\":\"https:\\\/\\\/www.hautes-alpes.net\\\/de\\\/#\\\/schema\\\/logo\\\/image\\\/\",\"url\":\"https:\\\/\\\/www.hautes-alpes.net\\\/wp-content\\\/uploads\\\/2026\\\/01\\\/black-logo-2.svg\",\"contentUrl\":\"https:\\\/\\\/www.hautes-alpes.net\\\/wp-content\\\/uploads\\\/2026\\\/01\\\/black-logo-2.svg\",\"caption\":\"Agence D\u00e9partementale de D\u00e9veloppement Economique et Touristique des Hautes-Alpes\"},\"image\":{\"@id\":\"https:\\\/\\\/www.hautes-alpes.net\\\/de\\\/#\\\/schema\\\/logo\\\/image\\\/\"}}]}<\/script>\n<!-- \/ Yoast SEO plugin. -->","yoast_head_json":{"title":"Sport und Natur - Hautes-Alpes","description":"Sport und Natur Erleben Sie die Hautes-Alpes R. VanRijn Willkommen in einem Paradies, in dem die Natur Ihr F\u00fchrer und Ihr Spielplatz ist. Die Hautes-Alpes","robots":{"index":"index","follow":"follow","max-snippet":"max-snippet:-1","max-image-preview":"max-image-preview:large","max-video-preview":"max-video-preview:-1"},"canonical":"https:\/\/www.hautes-alpes.net\/de\/organisieren\/sport-und-natur\/","og_locale":"de_DE","og_type":"article","og_title":"Sport und Natur - Hautes-Alpes","og_description":"Sport und Natur Erleben Sie die Hautes-Alpes R. VanRijn Willkommen in einem Paradies, in dem die Natur Ihr F\u00fchrer und Ihr Spielplatz ist. Die Hautes-Alpes","og_url":"https:\/\/www.hautes-alpes.net\/de\/organisieren\/sport-und-natur\/","og_site_name":"Hautes-Alpes","article_modified_time":"2025-12-24T10:44:51+00:00","og_image":[{"width":2560,"height":1707,"url":"https:\/\/www.hautes-alpes.net\/wp-content\/uploads\/2025\/11\/lac-vert-rogier-van-rijn-scaled.jpg","type":"image\/jpeg"}],"twitter_card":"summary_large_image","schema":{"@context":"https:\/\/schema.org","@graph":[{"@type":"WebPage","@id":"https:\/\/www.hautes-alpes.net\/de\/organisieren\/sport-und-natur\/","url":"https:\/\/www.hautes-alpes.net\/de\/organisieren\/sport-und-natur\/","name":"Sport und Natur - Hautes-Alpes","isPartOf":{"@id":"https:\/\/www.hautes-alpes.net\/de\/#website"},"primaryImageOfPage":{"@id":"https:\/\/www.hautes-alpes.net\/de\/organisieren\/sport-und-natur\/#primaryimage"},"image":{"@id":"https:\/\/www.hautes-alpes.net\/de\/organisieren\/sport-und-natur\/#primaryimage"},"thumbnailUrl":"https:\/\/www.hautes-alpes.net\/wp-content\/uploads\/2025\/11\/lac-vert-rogier-van-rijn-1920x480.jpg","datePublished":"2025-12-05T09:49:57+00:00","dateModified":"2025-12-24T10:44:51+00:00","description":"Sport und Natur Erleben Sie die Hautes-Alpes R. VanRijn Willkommen in einem Paradies, in dem die Natur Ihr F\u00fchrer und Ihr Spielplatz ist. Die Hautes-Alpes","breadcrumb":{"@id":"https:\/\/www.hautes-alpes.net\/de\/organisieren\/sport-und-natur\/#breadcrumb"},"inLanguage":"de","potentialAction":[{"@type":"ReadAction","target":["https:\/\/www.hautes-alpes.net\/de\/organisieren\/sport-und-natur\/"]}]},{"@type":"ImageObject","inLanguage":"de","@id":"https:\/\/www.hautes-alpes.net\/de\/organisieren\/sport-und-natur\/#primaryimage","url":"https:\/\/www.hautes-alpes.net\/wp-content\/uploads\/2025\/11\/lac-vert-rogier-van-rijn-1920x480.jpg","contentUrl":"https:\/\/www.hautes-alpes.net\/wp-content\/uploads\/2025\/11\/lac-vert-rogier-van-rijn-1920x480.jpg"},{"@type":"BreadcrumbList","@id":"https:\/\/www.hautes-alpes.net\/de\/organisieren\/sport-und-natur\/#breadcrumb","itemListElement":[{"@type":"ListItem","position":1,"name":"Accueil","item":"https:\/\/www.hautes-alpes.net\/de\/hautes-alpes\/"},{"@type":"ListItem","position":2,"name":"Organisieren","item":"https:\/\/www.hautes-alpes.net\/de\/organisieren\/"},{"@type":"ListItem","position":3,"name":"Organisieren","item":"https:\/\/www.hautes-alpes.net\/de\/organisieren\/"},{"@type":"ListItem","position":4,"name":"Sport und Natur"}]},{"@type":"WebSite","@id":"https:\/\/www.hautes-alpes.net\/de\/#website","url":"https:\/\/www.hautes-alpes.net\/de\/","name":"ADDET","description":"","publisher":{"@id":"https:\/\/www.hautes-alpes.net\/de\/#organization"},"potentialAction":[{"@type":"SearchAction","target":{"@type":"EntryPoint","urlTemplate":"https:\/\/www.hautes-alpes.net\/de\/?s={search_term_string}"},"query-input":{"@type":"PropertyValueSpecification","valueRequired":true,"valueName":"search_term_string"}}],"inLanguage":"de"},{"@type":"Organization","@id":"https:\/\/www.hautes-alpes.net\/de\/#organization","name":"Agence D\u00e9partementale de D\u00e9veloppement Economique et Touristique des Hautes-Alpes","url":"https:\/\/www.hautes-alpes.net\/de\/","logo":{"@type":"ImageObject","inLanguage":"de","@id":"https:\/\/www.hautes-alpes.net\/de\/#\/schema\/logo\/image\/","url":"https:\/\/www.hautes-alpes.net\/wp-content\/uploads\/2026\/01\/black-logo-2.svg","contentUrl":"https:\/\/www.hautes-alpes.net\/wp-content\/uploads\/2026\/01\/black-logo-2.svg","caption":"Agence D\u00e9partementale de D\u00e9veloppement Economique et Touristique des Hautes-Alpes"},"image":{"@id":"https:\/\/www.hautes-alpes.net\/de\/#\/schema\/logo\/image\/"}}]}},"_links":{"self":[{"href":"https:\/\/www.hautes-alpes.net\/de\/wp-json\/wp\/v2\/pages\/106732","targetHints":{"allow":["GET"]}}],"collection":[{"href":"https:\/\/www.hautes-alpes.net\/de\/wp-json\/wp\/v2\/pages"}],"about":[{"href":"https:\/\/www.hautes-alpes.net\/de\/wp-json\/wp\/v2\/types\/page"}],"author":[{"embeddable":true,"href":"https:\/\/www.hautes-alpes.net\/de\/wp-json\/wp\/v2\/users\/7"}],"replies":[{"embeddable":true,"href":"https:\/\/www.hautes-alpes.net\/de\/wp-json\/wp\/v2\/comments?post=106732"}],"version-history":[{"count":10,"href":"https:\/\/www.hautes-alpes.net\/de\/wp-json\/wp\/v2\/pages\/106732\/revisions"}],"predecessor-version":[{"id":133310,"href":"https:\/\/www.hautes-alpes.net\/de\/wp-json\/wp\/v2\/pages\/106732\/revisions\/133310"}],"up":[{"embeddable":true,"href":"https:\/\/www.hautes-alpes.net\/de\/wp-json\/wp\/v2\/pages\/106511"}],"wp:attachment":[{"href":"https:\/\/www.hautes-alpes.net\/de\/wp-json\/wp\/v2\/media?parent=106732"}],"wp:term":[{"taxonomy":"page_label","embeddable":true,"href":"https:\/\/www.hautes-alpes.net\/de\/wp-json\/wp\/v2\/page_label?post=106732"}],"curies":[{"name":"wp","href":"https:\/\/api.w.org\/{rel}","templated":true}]}}