{"id":106525,"date":"2025-10-02T11:35:28","date_gmt":"2025-10-02T09:35:28","guid":{"rendered":"https:\/\/www.hautes-alpes.net\/hautes-alpes\/"},"modified":"2026-04-28T16:02:53","modified_gmt":"2026-04-28T14:02:53","slug":"hautes-alpes","status":"publish","type":"page","link":"https:\/\/www.hautes-alpes.net\/de\/","title":{"rendered":"Hautes-Alpes"},"content":{"rendered":"\n<div class=\"wp-block-ws-library-ws-header-principal alignfull\"><div class=\"header-container\"><div class=\"group-media has-video\"><video class=\"field-video\" autoplay muted loop playsinline><source src=\"https:\/\/www.hautes-alpes.net\/wp-content\/uploads\/2025\/12\/web-media-logo-pure-alpes-1-ligne.mp4\" type=\"video\/mp4\" media=\"(min-width: 768px)\"\/><source src=\"https:\/\/www.hautes-alpes.net\/wp-content\/uploads\/2025\/10\/logo-pure-alpes-2-lignes.mp4\" type=\"video\/mp4\" media=\"(max-width: 767px)\"\/><\/video><\/div><div class=\"group-content\"><div class=\"inner-content\"><h1 class=\"field-title\">Hautes-Alpes<\/h1><div class=\"field-list\">\n<ul class=\"wp-block-list\">\n<li>die am besten erhaltenen Gebiete des Alpenbogens<\/li>\n\n\n\n<li>die sch\u00f6nsten Outdoor-Spots der Welt<\/li>\n\n\n\n<li>das erste Bio-Departement in Frankreich<\/li>\n\n\n\n<li>Pioniere der erneuerbaren Energien<\/li>\n\n\n\n<li>Olympiagel\u00e4nde im Jahr 2030<\/li>\n<\/ul>\n<\/div><\/div><\/div><div class=\"scroll\"><div class=\"link-godown\">Scroll<\/div><\/div><\/div><\/div>\n\n<h2 class=\"wp-block-heading alignwide is-style-title-1\">IN DEN NACHRICHTEN <span class=\"text-highlight\"><strong>UNE<\/strong><\/span><\/h2>\n<div class=\"alignwide wp-block-ws-library-ws-current-date\"><span class=\"ws-current-date__day\">Donnerstag<\/span><span class=\"ws-current-date__date\">30<\/span><span class=\"ws-current-date__month\">april<\/span><\/div>\n<div class=\"wp-block-ws-library-scrollable-section ws-section-scrollable alignfull\"><div class=\"scrollable-item\"><div class=\"group-content\"><div class=\"wrapper\"><h3 class=\"field-title\">Astronomie<\/h3><div class=\"field-intro\"><p>Das Radioastronomie-Observatorium<br>auf dem Pic de Bure \u00f6ffnet f\u00fcr die \u00d6ffentlichkeit<\/p><\/div><\/div><\/div><div class=\"group-innerblocks\"><div class=\"group-media\"><div class=\"field-image\"><img decoding=\"async\" src=\"https:\/\/www.hautes-alpes.net\/wp-content\/uploads\/2026\/04\/plateau-de-bure-gontran-isnard-gontranid-1-1140x620.jpg\" alt=\"\"\/><\/div><div class=\"credits\"><\/div><\/div>\n<div class=\"section-wrapper\"><div class=\"wp-block-ws-library-scrollable-section-item ws-section-scrollable-item\">\n<p>Im D\u00e9voluy bietet das Radioastronomie-Observatorium auf dem Pic de Bure ab diesem Sommer au\u00dfergew\u00f6hnliche F\u00fchrungen mit Zugang \u00fcber die Seilbahn an. Ein einzigartiger Einblick in 2.552 m H\u00f6he, im Herzen einer der leistungsf\u00e4higsten wissenschaftlichen Einrichtungen der Welt. <\/p>\n<\/div><\/div>\n\n\n\n<div class=\"section-wrapper\"><div class=\"wp-block-ws-library-scrollable-section-item ws-section-scrollable-item\">\n<div class=\"wp-block-ws-library-ws-image\"><div class=\"wrapper\"><div class=\"group-media\"><img decoding=\"async\" src=\"https:\/\/www.hautes-alpes.net\/wp-content\/uploads\/2026\/04\/plateau-de-bure-gontran-isnard-gontranid-6-1240x800.jpg\" alt=\"\" class=\"single_image ws-image-485543\"><div class=\"credits\"><\/div><\/div><p class=\"caption\"><\/p><\/div><\/div>\n<\/div><\/div>\n\n\n\n<div class=\"section-wrapper\"><div class=\"wp-block-ws-library-scrollable-section-item ws-section-scrollable-item is-style-bg-grey\">\n<p>Das<strong>NOEMA-Observatorium<\/strong> \u00f6ffnet seine T\u00fcren f\u00fcr die \u00d6ffentlichkeit mit immersiven F\u00fchrungen: Fahrt mit der Seilbahn, Entdeckung der <strong>10<\/strong> <strong>monumentalen Antennen<\/strong> und Treffen mit den Mediatoren des<strong>IRAM<\/strong> (Institut de Radioastronomie Millim\u00e9trique). Diese F\u00fchrungen werden bis Ende Oktober jeden zweiten Freitag angeboten und finden in kleinen Gruppen nach vorheriger Anmeldung statt. <\/p>\n<\/div><\/div>\n\n\n\n<div class=\"section-wrapper\"><div class=\"wp-block-ws-library-scrollable-section-item ws-section-scrollable-item\">\n<div class=\"wp-block-ws-library-ws-image\"><div class=\"wrapper\"><div class=\"group-media\"><img decoding=\"async\" src=\"https:\/\/www.hautes-alpes.net\/wp-content\/uploads\/2026\/04\/20072020-th-5014-1240x800.jpg\" alt=\"\" class=\"single_image ws-image-485546\"><div class=\"credits\"><\/div><\/div><p class=\"caption\"><\/p><\/div><\/div>\n<\/div><\/div>\n<\/div><\/div><\/div>\n\n<div class=\"wp-block-ws-library-scrollable-section ws-section-scrollable alignfull\"><div class=\"scrollable-item\"><div class=\"group-content\"><div class=\"wrapper\"><h3 class=\"field-title\"><strong>Das Feld der Olliviers <\/strong><br><strong>und des Hahns<\/strong><\/h3><div class=\"field-intro\"><p>Neuer Gefl\u00fcgelbetrieb<\/p><\/div><\/div><\/div><div class=\"group-innerblocks\"><div class=\"group-media\"><div class=\"field-image\"><img decoding=\"async\" src=\"https:\/\/www.hautes-alpes.net\/wp-content\/uploads\/2026\/04\/inauguration-cindy-ollivier-cedric-tempier-37-e1776687379213-1140x620.jpg\" alt=\"\"\/><\/div><div class=\"credits\"><\/div><\/div>\n<div class=\"section-wrapper\"><div class=\"wp-block-ws-library-scrollable-section-item ws-section-scrollable-item is-style-default\">\n<p>Die GAEC <strong>Le Champ des Ollivier<\/strong> weiht ihren Gefl\u00fcgelbetrieb ein und erreicht damit einen neuen Meilenstein in ihrer T\u00e4tigkeit. Der Betrieb ist auf Gefl\u00fcgelzucht spezialisiert, hat aber auch mehr als 300 Schafe, von denen ein gro\u00dfer Teil das G\u00fctesiegel <strong>Agneaux de Sisteron<\/strong> tr\u00e4gt, was f\u00fcr Qualit\u00e4t und territoriale Verankerung steht. Der Betrieb erstreckt sich \u00fcber 62 Hektar landwirtschaftliche Fl\u00e4che in Aubessagne.  <\/p>\n<\/div><\/div>\n\n\n\n<div class=\"section-wrapper\"><div class=\"wp-block-ws-library-scrollable-section-item ws-section-scrollable-item\">\n<div class=\"wp-block-ws-library-ws-image\"><div class=\"wrapper\"><div class=\"group-media\"><img decoding=\"async\" src=\"https:\/\/www.hautes-alpes.net\/wp-content\/uploads\/2026\/04\/inauguration-cindy-ollivier-cedric-tempier-3-960x640.jpg\" alt=\"\" class=\"single_image ws-image-486067\"><div class=\"credits\">C\u00e9dric TEMPIER<\/div><\/div><p class=\"caption\"><\/p><\/div><\/div>\n<\/div><\/div>\n\n\n\n<div class=\"section-wrapper\"><div class=\"wp-block-ws-library-scrollable-section-item ws-section-scrollable-item\">\n<p>Im Mittelpunkt des Er\u00f6ffnungstages stand die Gefl\u00fcgelwerkstatt mit einer Jahresproduktion von 8.000 St\u00fcck Gefl\u00fcgel, die in f\u00fcnf 200 m\u00b2 gro\u00dfen St\u00e4llen untergebracht sind. Das Gefl\u00fcgel wird vor Ort aufgezogen, geschlachtet, zerlegt und zubereitet und auf dem kurzen Weg vermarktet, insbesondere an die Schulen in <strong>Champsaur<\/strong>. <\/p>\n<\/div><\/div>\n\n\n\n<div class=\"section-wrapper\"><div class=\"wp-block-ws-library-scrollable-section-item ws-section-scrollable-item\">\n<div class=\"wp-block-ws-library-ws-image\"><div class=\"wrapper\"><div class=\"group-media\"><img decoding=\"async\" src=\"https:\/\/www.hautes-alpes.net\/wp-content\/uploads\/2026\/04\/inauguration-cindy-ollivier-cedric-tempier-43-960x640.jpg\" alt=\"\" class=\"single_image ws-image-486100\"><div class=\"credits\">C\u00e9dric TEMPIER<\/div><\/div><p class=\"caption\"><\/p><\/div><\/div>\n<\/div><\/div>\n\n\n\n<div class=\"section-wrapper\"><div class=\"wp-block-ws-library-scrollable-section-item ws-section-scrollable-item\">\n<p>Dieses Modell veranschaulicht den Wandel und die Ambitionen einer lokalen Landwirtschaft, die auf Qualit\u00e4t und N\u00e4he ausgerichtet ist.<\/p>\n<\/div><\/div>\n\n\n\n<div class=\"section-wrapper\"><div class=\"wp-block-ws-library-scrollable-section-item ws-section-scrollable-item\">\n<div class=\"wp-block-ws-library-ws-image\"><div class=\"wrapper\"><div class=\"group-media\"><img decoding=\"async\" src=\"https:\/\/www.hautes-alpes.net\/wp-content\/uploads\/2026\/04\/inauguration-cindy-ollivier-cedric-tempier-53-1240x800.jpg\" alt=\"\" class=\"single_image ws-image-486068\"><div class=\"credits\">C\u00e9dric TEMPIER<\/div><\/div><p class=\"caption\"><\/p><\/div><\/div>\n<\/div><\/div>\n<div class=\"field-link\"><a href=\"https:\/\/www.hautes-alpes.net\/filieres-economiques\/pat\/\" class=\"cardlink\">Voir la page<\/a><\/div><\/div><\/div><\/div>\n\n<div class=\"wp-block-ws-library-scrollable-section ws-section-scrollable alignfull\"><div class=\"scrollable-item\"><div class=\"group-content\"><div class=\"wrapper\"><h3 class=\"field-title\">Der <strong>Bergbewohner der Alpen<\/strong><\/h3><div class=\"field-intro\"><p>Einweihung eines neuen Zerlegungsraums in Gap<\/p><\/div><\/div><\/div><div class=\"group-innerblocks\"><div class=\"group-media\"><div class=\"field-image\"><img decoding=\"async\" src=\"https:\/\/www.hautes-alpes.net\/wp-content\/uploads\/2026\/04\/inauguration-le-montagnard-des-alpes-cedric-tempier-12-scaled-e1776348363424-1140x620.jpg\" alt=\"\"\/><\/div><div class=\"credits\"><\/div><\/div>\n<div class=\"section-wrapper\"><div class=\"wp-block-ws-library-scrollable-section-item ws-section-scrollable-item\">\n<p>Die SICA Le Montagnard des Alpes weihte einen neuen Zerlegungsraum in Gap ein, was einen entscheidenden Schritt f\u00fcr die Zukunft des hochalpinen Schweinefleischsektors darstellt. <strong>Die Anlage<\/strong> befindet sich in unmittelbarer N\u00e4he des Schlachthofs und <strong>st\u00e4rkt die lokale Kapazit\u00e4t f\u00fcr die Verarbeitung und Vermarktung von Schweinefleisch<\/strong> f\u00fcr Metzger, Fleischer und P\u00f6kelbetriebe in den Hautes-Alpes und in der gesamten Region Provence-Alpes-C\u00f4te d&#8217;Azur. <\/p>\n<\/div><\/div>\n\n\n\n<div class=\"section-wrapper\"><div class=\"wp-block-ws-library-scrollable-section-item ws-section-scrollable-item is-style-default\">\n<p>Mit dieser strategischen Investition wollen die Viehz\u00fcchter eine strukturierte und nachhaltige Produktion in der N\u00e4he konsolidieren, die Wert f\u00fcr die Region schafft.<\/p>\n<\/div><\/div>\n\n\n\n<div class=\"section-wrapper\"><div class=\"wp-block-ws-library-scrollable-section-item ws-section-scrollable-item\">\n<div class=\"wp-block-ws-library-ws-image\"><div class=\"wrapper\"><div class=\"group-media\"><img decoding=\"async\" src=\"https:\/\/www.hautes-alpes.net\/wp-content\/uploads\/2026\/04\/inauguration-le-montagnard-des-alpes-cedric-tempier-16-1240x800.jpg\" alt=\"\" class=\"single_image ws-image-478447\"><div class=\"credits\">C\u00e9dric TEMPIER<\/div><\/div><p class=\"caption\"><\/p><\/div><\/div>\n<\/div><\/div>\n\n\n\n<div class=\"section-wrapper\"><div class=\"wp-block-ws-library-scrollable-section-item ws-section-scrollable-item is-style-bg-grey\">\n<p><strong>Die SICA Le Montagnard <\/strong>wurde <strong>1948 <\/strong>gegr\u00fcndet, um den Mangel der Nachkriegszeit zu beheben.<\/p>\n<\/div><\/div>\n\n\n\n<div class=\"section-wrapper\"><div class=\"wp-block-ws-library-scrollable-section-item ws-section-scrollable-item\">\n<div class=\"wp-block-ws-library-ws-image\"><div class=\"wrapper\"><div class=\"group-media\"><img decoding=\"async\" src=\"https:\/\/www.hautes-alpes.net\/wp-content\/uploads\/2026\/04\/inauguration-le-montagnard-des-alpes-cedric-tempier-44-980x640.jpg\" alt=\"\" class=\"single_image ws-image-478449\"><div class=\"credits\">C\u00e9dric TEMPIER<\/div><\/div><p class=\"caption\"><\/p><\/div><\/div>\n<\/div><\/div>\n\n\n\n<div class=\"section-wrapper\"><div class=\"wp-block-ws-library-scrollable-section-item ws-section-scrollable-item\">\n<p>Als Pionier in der kollektiven Organisation der Produktion, Schlachtung und Vermarktung ist sie heute <strong>die einzige Erzeugerorganisation f\u00fcr Schweinefleisch<\/strong> in den <strong>Hautes-Alpes<\/strong> und der Region <strong>Provence-Alpes-C\u00f4te d&#8217;Azur<\/strong>.<\/p>\n<\/div><\/div>\n\n\n\n<div class=\"section-wrapper\"><div class=\"wp-block-ws-library-scrollable-section-item ws-section-scrollable-item\">\n<div class=\"wp-block-ws-library-ws-image\"><div class=\"wrapper\"><div class=\"group-media\"><img decoding=\"async\" src=\"https:\/\/www.hautes-alpes.net\/wp-content\/uploads\/2026\/04\/inauguration-le-montagnard-des-alpes-cedric-tempier-27-1240x800.jpg\" alt=\"\" class=\"single_image ws-image-478470\"><div class=\"credits\">C\u00e9dric TEMPIER<\/div><\/div><p class=\"caption\"><\/p><\/div><\/div>\n<\/div><\/div>\n<\/div><\/div><\/div>\n\n<div class=\"wp-block-ws-library-scrollable-section ws-section-scrollable alignfull\"><div class=\"scrollable-item\"><div class=\"group-content\"><div class=\"wrapper\"><h3 class=\"field-title\"><strong>CSR<\/strong><\/h3><div class=\"field-intro\"><p><strong>Unternehmen, die sich engagieren.<\/strong><\/p><\/div><\/div><\/div><div class=\"group-innerblocks\"><div class=\"group-media\"><div class=\"field-image\"><img decoding=\"async\" src=\"https:\/\/www.hautes-alpes.net\/wp-content\/uploads\/2026\/04\/bertrand-et-francois-xavier-ranvier-cedric-tempier-2-1140x620.jpg\" alt=\"\"\/><\/div><div class=\"credits\"> C\u00e9dric TEMPIER<\/div><\/div>\n<div class=\"section-wrapper\"><div class=\"wp-block-ws-library-scrollable-section-item ws-section-scrollable-item\">\n<p>Fran\u00e7ois-Xavier und Bertrand Ranvier, Unternehmer von Les <strong>Tourtons du Champsaur<\/strong>, teilen ihre Gedanken \u00fcber CSR und stellen konkrete Aktionen vor, die sich auf drei gro\u00dfe Herausforderungen beziehen: wirtschaftliche Leistung, Lebensqualit\u00e4t am Arbeitsplatz, Sicherheit und Gesundheit.<\/p>\n<\/div><\/div>\n\n\n\n<div class=\"section-wrapper\"><div class=\"wp-block-ws-library-scrollable-section-item ws-section-scrollable-item is-style-bg-grey\">\n<p>Dieses Video ist das erste einer Reihe von Videos, die jeden Monat die Mobilisierung der lokalen Unternehmen im Rahmen der <strong>CSR-Initiative Hautes-Alpes<\/strong> bewerten werden.<\/p>\n<\/div><\/div>\n\n\n\n<div class=\"section-wrapper\"><div class=\"wp-block-ws-library-scrollable-section-item ws-section-scrollable-item\">\n<div class=\"wp-block-ws-library-ws-video\"><div class=\"wrapper\"><div class=\"group-media\">\n<figure class=\"wp-block-embed is-type-video is-provider-youtube wp-block-embed-youtube\"><div class=\"wp-block-embed__wrapper\">\n<iframe loading=\"lazy\" title=\"Tourtons du Champsaur engag\u00e9 dans la d\u00e9marche RSE\" width=\"500\" height=\"281\" src=\"https:\/\/www.youtube.com\/embed\/RSUfonD3BzI?feature=oembed\" frameborder=\"0\" allow=\"accelerometer; autoplay; clipboard-write; encrypted-media; gyroscope; picture-in-picture; web-share\" referrerpolicy=\"strict-origin-when-cross-origin\" allowfullscreen><\/iframe>\n<\/div><\/figure>\n<\/div><\/div><\/div>\n<\/div><\/div>\n<\/div><\/div><\/div>\n\n<div class=\"wp-block-buttons is-content-justification-center is-layout-flex wp-container-core-buttons-is-layout-a89b3969 wp-block-buttons-is-layout-flex\">\n<div class=\"wp-block-button\"><a class=\"wp-block-button__link wp-element-button\" href=\"https:\/\/www.hautes-alpes.net\/de\/titelseite\/\">Alle Nachrichten<\/a><\/div>\n<\/div>\n\n<div style=\"height:50px\" aria-hidden=\"true\" class=\"wp-block-spacer\"><\/div>\n\n<h2 class=\"wp-block-heading alignwide is-style-title-1\"><strong>FAVORITEN<\/strong><\/h2>\n\n<div class=\"wp-block-ws-library-scrollable-section ws-section-scrollable alignfull\"><div class=\"scrollable-item\"><div class=\"group-content\"><div class=\"wrapper\"><h3 class=\"field-title\"><strong><strong><strong><strong><strong>Die versenkbare Br\u00fccke<\/strong><\/strong><\/strong><\/strong><\/strong><\/h3><div class=\"field-intro\"><p>Chanteloube, die Geschichte einer unvollendeten Eisenbahnlinie.<\/p><\/div><\/div><\/div><div class=\"group-innerblocks\"><div class=\"group-media\"><div class=\"field-image\"><img decoding=\"async\" src=\"https:\/\/www.hautes-alpes.net\/wp-content\/uploads\/2026\/04\/drone-lac-cedric-tempier-5-1140x620.jpg\" alt=\"\"\/><\/div><div class=\"credits\">C\u00e9dric TEMPIER<\/div><\/div>\n<div class=\"section-wrapper\"><div class=\"wp-block-ws-library-scrollable-section-item ws-section-scrollable-item is-style-bg-grey\">\n<p>1910 wurde mit dem Bau einer Eisenbahnlinie von Grenoble nach Barcelonnette begonnen, die das pr\u00e4chtige Bauwerk des <strong>Chanteloube-Viadukts<\/strong> einschlie\u00dft. 1934, Ende der Bauarbeiten. Die Linie wird zugunsten der Linie Veynes-Brian\u00e7on aufgegeben.  <\/p>\n<\/div><\/div>\n\n\n\n<div class=\"section-wrapper\"><div class=\"wp-block-ws-library-scrollable-section-item ws-section-scrollable-item is-style-default\">\n<p>Seit der Flutung des Sees von Serre-Pon\u00e7on taucht diese 230 m lange und 61 m hohe Br\u00fccke in das Wasser des gro\u00dfen Sees von Serre-Pon\u00e7on ein. <strong><a href=\"https:\/\/www.hautes-alpes.net\/de\/reiseziele-hautes-alpes\/serre-poncon\/\">Serre-Pon\u00e7on<\/a><\/strong> Sobald die K\u00fcste 772 erreicht ist.<\/p>\n<\/div><\/div>\n\n\n\n<div class=\"section-wrapper\"><div class=\"wp-block-ws-library-scrollable-section-item ws-section-scrollable-item\">\n<div class=\"wp-block-ws-library-ws-image\"><div class=\"wrapper\"><div class=\"group-media\"><img decoding=\"async\" src=\"https:\/\/www.hautes-alpes.net\/wp-content\/uploads\/2026\/04\/drone-lac-cedric-tempier-12-853x640.jpg\" alt=\"\" class=\"single_image ws-image-485997\"><div class=\"credits\">C\u00e9dric TEMPIER<\/div><\/div><p class=\"caption\"><\/p><\/div><\/div>\n<\/div><\/div>\n\n\n\n<div class=\"section-wrapper\"><div class=\"wp-block-ws-library-scrollable-section-item ws-section-scrollable-item\">\n<p>Im Winter kann man hier mit trockenen F\u00fc\u00dfen durchlaufen. Im Fr\u00fchjahr vergn\u00fcgen sich Gro\u00df und Klein unter den Blicken der Skifahrer. Die Paddler fahren mal unter, mal \u00fcber dem Wasser.  <\/p>\n<\/div><\/div>\n\n\n\n<div class=\"section-wrapper\"><div class=\"wp-block-ws-library-scrollable-section-item ws-section-scrollable-item\">\n<div class=\"wp-block-ws-library-ws-image\"><div class=\"wrapper\"><div class=\"group-media\"><img decoding=\"async\" src=\"https:\/\/www.hautes-alpes.net\/wp-content\/uploads\/2026\/04\/drone-lac-cedric-tempier-4-1-1240x800.jpg\" alt=\"\" class=\"single_image ws-image-486018\"><div class=\"credits\">C\u00e9dric TEMPIER<\/div><\/div><p class=\"caption\"><\/p><\/div><\/div>\n<\/div><\/div>\n\n\n\n<div class=\"section-wrapper\"><div class=\"wp-block-ws-library-scrollable-section-item ws-section-scrollable-item\">\n<div class=\"wp-block-ws-library-ws-image\"><div class=\"wrapper\"><div class=\"group-media\"><img decoding=\"async\" src=\"https:\/\/www.hautes-alpes.net\/wp-content\/uploads\/2026\/04\/drone-lac-cedric-tempier-8-1240x800.jpg\" alt=\"\" class=\"single_image ws-image-471308\"><div class=\"credits\">C\u00e9dric TEMPIER<\/div><\/div><p class=\"caption\"><\/p><\/div><\/div>\n<\/div><\/div>\n<div class=\"field-link\"><a href=\"https:\/\/www.hautes-alpes.net\/destinations\/serre-poncon\/\" class=\"cardlink\">Voir la page<\/a><\/div><\/div><\/div><\/div>\n\n<div class=\"wp-block-ws-library-scrollable-section ws-section-scrollable alignfull\"><div class=\"scrollable-item\"><div class=\"group-content\"><div class=\"wrapper\"><h3 class=\"field-title\"><strong><strong><strong>Troph\u00e4e der Kleinen Champions<\/strong><\/strong><\/strong><\/h3><div class=\"field-intro\"><p>Die Hautes-Alpes begr\u00fc\u00dfen junge Hockeyspieler aus Europa<\/p><\/div><\/div><\/div><div class=\"group-innerblocks\"><div class=\"group-media\"><div class=\"field-image\"><img decoding=\"async\" src=\"https:\/\/www.hautes-alpes.net\/wp-content\/uploads\/2026\/04\/image2-1140x620.webp\" alt=\"\"\/><\/div><div class=\"credits\">G Baron<\/div><\/div>\n<div class=\"section-wrapper\"><div class=\"wp-block-ws-library-scrollable-section-item ws-section-scrollable-item is-style-bg-grey\">\n<p>Auflage der <strong>Bauer Trophy of Small Champions<\/strong>, Europas gr\u00f6\u00dftem Treffen von Eishockey-Minoriten, wird vom 17. bis 19. April 2026 stattfinden.<\/p>\n<\/div><\/div>\n\n\n\n<div class=\"section-wrapper\"><div class=\"wp-block-ws-library-scrollable-section-item ws-section-scrollable-item is-style-default\">\n<p>Drei Tage lang werden die Eisbahnen von Brian\u00e7on <strong><a href=\"https:\/\/www.hautes-alpes.net\/de\/reiseziele-hautes-alpes\/brianconnais\/\">Brian\u00e7on<\/a><\/strong>, <strong><a href=\"https:\/\/www.hautes-alpes.net\/de\/reiseziele-hautes-alpes\/gapencais\/\">Gap<\/a><\/strong> und <strong><a href=\"https:\/\/www.hautes-alpes.net\/de\/reiseziele-hautes-alpes\/orcieres-merlette-1850\/\">Orci\u00e8res Merlette 1850 stattfinden.<\/a><\/strong> werden mehr als 400 Hockeyspieler aus der Slowakei, der Tschechischen Republik, der Schweiz, Italien, Spanien, Belgien und nat\u00fcrlich Frankreich zusammenkommen.<\/p>\n<\/div><\/div>\n\n\n\n<div class=\"section-wrapper\"><div class=\"wp-block-ws-library-scrollable-section-item ws-section-scrollable-item\">\n<p>Das Spielformat 3 gegen 3 auf einem Drittel der Eisfl\u00e4che f\u00f6rdert die Aktionen und das technische Spiel. Z\u00f6gern Sie nicht, die Eishallen in den Hautes-Alpes zu besuchen, um das gr\u00f6\u00dfte europ\u00e4ische Treffen von Eishockey-Minoriten zu sehen. <\/p>\n<\/div><\/div>\n\n\n\n<div class=\"section-wrapper\"><div class=\"wp-block-ws-library-scrollable-section-item ws-section-scrollable-item\">\n<div class=\"wp-block-ws-library-ws-image\"><div class=\"wrapper\"><div class=\"group-media\"><img decoding=\"async\" src=\"https:\/\/www.hautes-alpes.net\/wp-content\/uploads\/2026\/04\/image4-960x640.webp\" alt=\"\" class=\"single_image ws-image-450459\"><div class=\"credits\">G Baron<\/div><\/div><p class=\"caption\"><\/p><\/div><\/div>\n<\/div><\/div>\n\n\n\n<div class=\"section-wrapper\"><div class=\"wp-block-ws-library-scrollable-section-item ws-section-scrollable-item\">\n<div class=\"wp-block-ws-library-ws-image\"><div class=\"wrapper\"><div class=\"group-media\"><img decoding=\"async\" src=\"https:\/\/www.hautes-alpes.net\/wp-content\/uploads\/2026\/04\/image-455x640.webp\" alt=\"\" class=\"single_image ws-image-450460\"><div class=\"credits\"><\/div><\/div><p class=\"caption\"><\/p><\/div><\/div>\n<\/div><\/div>\n<div class=\"field-link\"><a href=\"https:\/\/www.hautes-alpes.net\/fiche\/trophee-des-petits-champions\/\" class=\"cardlink\">Voir la page<\/a><\/div><\/div><\/div><\/div>\n\n<div class=\"wp-block-ws-library-scrollable-section ws-section-scrollable alignfull\"><div class=\"scrollable-item\"><div class=\"group-content\"><div class=\"wrapper\"><h3 class=\"field-title\"><strong>Le Grand B\u00e9al<\/strong><\/h3><div class=\"field-intro\"><p>Skibergsteigen 100 % Natur  <\/p><\/div><\/div><\/div><div class=\"group-innerblocks\"><div class=\"group-media\"><div class=\"field-image\"><img decoding=\"async\" src=\"https:\/\/www.hautes-alpes.net\/wp-content\/uploads\/2026\/03\/le-queyras-grand-beal-adelin-bernard-otgq-1140x620.jpg\" alt=\"\"\/><\/div><div class=\"credits\"><\/div><\/div>\n<div class=\"section-wrapper\"><div class=\"wp-block-ws-library-scrollable-section-item ws-section-scrollable-item is-style-bg-grey\">\n<p>Der <strong>Grand B\u00e9al <\/strong>bietet am Ende jeder Wintersaison einen wilden Lauf in einer au\u00dfergew\u00f6hnlichen Bergwelt.<\/p>\n\n\n\n<p><strong>Wir sehen uns am 5. April in Arvieux im Queyras!<\/strong><br\/><\/p>\n<\/div><\/div>\n\n\n\n<div class=\"section-wrapper\"><div class=\"wp-block-ws-library-scrollable-section-item ws-section-scrollable-item\">\n<p>Ausgabe wird ein neuer Parcours ins Programm aufgenommen: der Parcours D, f\u00fcr D\u00e9couverte (Entdeckung)<sup>.<\/sup> Er richtet sich an alle, die eine Tageslizenz f\u00fcr Entdeckungen besitzen und kein \u00e4rztliches Attest ben\u00f6tigen. Der geringe H\u00f6henunterschied auf dieser neuen Strecke wird die Geselligkeit und die Festlichkeit nicht beeintr\u00e4chtigen.  <\/p>\n<\/div><\/div>\n\n\n\n<div class=\"section-wrapper\"><div class=\"wp-block-ws-library-scrollable-section-item ws-section-scrollable-item\">\n<p>Die traditionellen Strecken bleiben bestehen:<br\/>die C, eine Strecke f\u00fcr eine Panoramawanderung, gesichert f\u00fcr Gelegenheitsskifahrer<br\/>die B, technischer und alpin<br\/>die A, zu zweit, l\u00e4nger und technischer mit Manipulationen und Steigeisen.<\/p>\n\n\n\n<p><\/p>\n<\/div><\/div>\n\n\n\n<div class=\"section-wrapper\"><div class=\"wp-block-ws-library-scrollable-section-item ws-section-scrollable-item\">\n<p>Nach der Anstrengung kommt der Trost: Am Ende der Rennen werden den Teilnehmern Mahlzeiten mit regionalen Produkten angeboten. Dank der \u00fcbermotivierten Freiwilligenteams kann die Geselligkeit auf dem Platz fortgesetzt werden. <\/p>\n<\/div><\/div>\n<\/div><\/div><\/div>\n\n<div class=\"wp-block-buttons is-content-justification-center is-layout-flex wp-container-core-buttons-is-layout-a89b3969 wp-block-buttons-is-layout-flex\">\n<div class=\"wp-block-button\"><a class=\"wp-block-button__link wp-element-button\" href=\"https:\/\/www.hautes-alpes.net\/de\/favoriten\/\">Alle Favoriten<\/a><\/div>\n<\/div>\n\n<div style=\"height:50px\" aria-hidden=\"true\" class=\"wp-block-spacer\"><\/div>\n\n<h2 class=\"wp-block-heading alignwide is-style-title-1\"><strong>(DE<span class=\"text-highlight\">)AGILES<\/span><\/strong><\/h2>\n\n<div class=\"wp-block-ws-library-scrollable-section ws-section-scrollable alignfull\"><div class=\"scrollable-item\"><div class=\"group-content\"><div class=\"wrapper\"><h3 class=\"field-title\"><strong><strong><strong><strong><strong><strong>Schneefarming<\/strong><\/strong><\/strong><\/strong><\/strong><\/strong><\/h3><div class=\"field-intro\"><p>Schnee konservieren, um sich besser auf den Winter vorzubereiten<\/p><\/div><\/div><\/div><div class=\"group-innerblocks\"><div class=\"group-media\"><div class=\"field-image\"><img decoding=\"async\" src=\"https:\/\/www.hautes-alpes.net\/wp-content\/uploads\/2026\/04\/snowfarmpsv3-1140x620.jpg\" alt=\"\"\/><\/div><div class=\"credits\">puy saint vincent<\/div><\/div>\n<div class=\"section-wrapper\"><div class=\"wp-block-ws-library-scrollable-section-item ws-section-scrollable-item is-style-bg-grey\">\n<p>\u00c0 <strong><a href=\"https:\/\/www.hautes-alpes.net\/de\/reiseziele-hautes-alpes\/puy-saint-vincent\/\">Puy-Saint-Vincent<\/a><\/strong>ist der Schnee mit dem Fr\u00fchling nicht v\u00f6llig verschwunden. Das Skigebiet setzt auf &#8220;Snow Farming&#8220;, eine innovative Technik, die darin besteht, fast 14.000 m\u00b3 Schnee zu lagern. Am Ende der Saison wird der Schnee zu einem beeindruckenden H\u00fcgel von ca. 72 Metern L\u00e4nge zusammengetragen und mit isolierenden Materialien wie S\u00e4gemehl und geotextilen Planen bedeckt, um das Schmelzen w\u00e4hrend des Sommers zu begrenzen.  <\/p>\n<\/div><\/div>\n\n\n\n<div class=\"section-wrapper\"><div class=\"wp-block-ws-library-scrollable-section-item ws-section-scrollable-item is-style-default\">\n<p>Das System basiert auf einer patentierten Technologie, die von einem finnischen Unternehmen entwickelt wurde und bereits in etwa 60 Urlaubsorten weltweit eingesetzt wird. <strong><a href=\"https:\/\/www.hautes-alpes.net\/de\/reiseziele-hautes-alpes\/puy-saint-vincent\/\">Puy-Saint-Vincent<\/a><\/strong> Der erste franz\u00f6sische Ort, der diese Technik einsetzt, ist ein Pionier.<\/p>\n<\/div><\/div>\n\n\n\n<div class=\"section-wrapper\"><div class=\"wp-block-ws-library-scrollable-section-item ws-section-scrollable-item\">\n<div class=\"wp-block-ws-library-ws-image\"><div class=\"wrapper\"><div class=\"group-media\"><img decoding=\"async\" src=\"https:\/\/www.hautes-alpes.net\/wp-content\/uploads\/2026\/04\/snowfarmpsv2-853x640.jpg\" alt=\"\" class=\"single_image ws-image-500253\"><div class=\"credits\">puy saint vincent<\/div><\/div><p class=\"caption\"><\/p><\/div><\/div>\n<\/div><\/div>\n\n\n\n<div class=\"section-wrapper\"><div class=\"wp-block-ws-library-scrollable-section-item ws-section-scrollable-item\">\n<p>Im Herbst wird der konservierte Schnee auf die strategischen Pisten verteilt, um die Er\u00f6ffnung des Skigebiets zu sichern und zu beschleunigen. Ein konkreter Ansatz, der es erm\u00f6glicht, den Einsatz von Kunstschnee zu Beginn der Saison zu reduzieren und gleichzeitig das Wassermanagement zu optimieren. Ein gutes Beispiel f\u00fcr die Innovationsf\u00e4higkeit <strong>der Skigebiete in den Hautes-Alpes<\/strong> angesichts der klimatischen Herausforderungen.  <\/p>\n<\/div><\/div>\n<\/div><\/div><\/div>\n\n<div class=\"wp-block-ws-library-scrollable-section ws-section-scrollable alignfull\"><div class=\"scrollable-item\"><div class=\"group-content\"><div class=\"wrapper\"><h3 class=\"field-title\">Gekreuzte Blicke  <\/h3><div class=\"field-intro\"><p>OLYMPISCHE SPIELE 2030<\/p><\/div><\/div><\/div><div class=\"group-innerblocks\"><div class=\"group-media\"><div class=\"field-image\"><img decoding=\"async\" src=\"https:\/\/www.hautes-alpes.net\/wp-content\/uploads\/2026\/01\/maquette-image-flash-info5-1140x620.jpg\" alt=\"\"\/><\/div><div class=\"credits\"><\/div><\/div>\n<div class=\"section-wrapper\"><div class=\"wp-block-ws-library-scrollable-section-item ws-section-scrollable-item\">\n<p>Am Rande der letzten Arbeitssitzung des Exekutivkomitees Hautes-Alpes 2030 teilten Pers\u00f6nlichkeiten aus der Welt des Sports und lokale Politiker ihre Visionen \u00fcber das olympische Projekt und das zu errichtende Erbe.<\/p>\n\n\n\n<p>Zur Erinnerung: Der <strong>Exekutivausschuss Hautes-Alpes 2030<\/strong>, der im Juni letzten Jahres eingerichtet wurde, vereint alle treibenden Kr\u00e4fte des Departements und ist um vier operative Aussch\u00fcsse herum organisiert: Sport, Zugang und Mobilit\u00e4t, Entwicklung, Kultur und Integration.<\/p>\n<\/div><\/div>\n\n\n\n<div class=\"section-wrapper\"><div class=\"wp-block-ws-library-scrollable-section-item ws-section-scrollable-item is-style-bg-grey\">\n<p><strong>Seine Ziele :<\/strong><\/p>\n\n\n\n<p>- Informationen verbreiten<\/p>\n\n\n\n<p>- die Initiativen zu koordinieren<\/p>\n\n\n\n<p>- die Projekte zum Abschluss zu bringen<\/p>\n\n\n\n<p>- Mobilisierung der Haut-Alpins<\/p>\n\n\n\n<p>- Erfolg bei den Olympischen Spielen und Aufbau des Erbes<\/p>\n<\/div><\/div>\n\n\n\n<div class=\"section-wrapper\"><div class=\"wp-block-ws-library-scrollable-section-item ws-section-scrollable-item\">\n<div class=\"wp-block-ws-library-ws-video\"><div class=\"wrapper\"><div class=\"group-media\">\n<figure class=\"wp-block-embed is-type-video is-provider-youtube wp-block-embed-youtube\"><div class=\"wp-block-embed__wrapper\">\n<iframe loading=\"lazy\" title=\"Hautes Alpes, quel h\u00e9ritage pour les JOP 2030\" width=\"500\" height=\"281\" src=\"https:\/\/www.youtube.com\/embed\/qnnz6rfG7uw?feature=oembed\" frameborder=\"0\" allow=\"accelerometer; autoplay; clipboard-write; encrypted-media; gyroscope; picture-in-picture; web-share\" referrerpolicy=\"strict-origin-when-cross-origin\" allowfullscreen><\/iframe>\n<\/div><\/figure>\n<\/div><\/div><\/div>\n<\/div><\/div>\n<\/div><\/div><\/div>\n\n<div class=\"wp-block-buttons is-content-justification-center is-layout-flex wp-container-core-buttons-is-layout-a89b3969 wp-block-buttons-is-layout-flex\">\n<div class=\"wp-block-button\"><a class=\"wp-block-button__link wp-element-button\" href=\"https:\/\/www.hautes-alpes.net\/de\/fragiles\/\">Alle Artikel (Fr)agil<\/a><\/div>\n<\/div>\n\n<div style=\"height:50px\" aria-hidden=\"true\" class=\"wp-block-spacer\"><\/div>\n\n<h2 class=\"wp-block-heading alignwide is-style-title-1\"><strong>SCHRIFTEN<\/strong><\/h2>\n\n<div class=\"wp-block-ws-library-scrollable-section ws-section-scrollable alignfull\"><div class=\"scrollable-item\"><div class=\"group-content\"><div class=\"wrapper\"><h3 class=\"field-title\">Skitour in Clar\u00e9e<\/h3><div class=\"field-intro\"><p>Eine gleitende Route<\/p><\/div><\/div><\/div><div class=\"group-innerblocks\"><div class=\"group-media\"><div class=\"field-image\"><img decoding=\"async\" src=\"https:\/\/www.hautes-alpes.net\/wp-content\/uploads\/2025\/12\/2s2a9774-1140x620.jpg\" alt=\"\"\/><\/div><div class=\"credits\">P. Domeyne - AD05<\/div><\/div>\n<div class=\"section-wrapper\"><div class=\"wp-block-ws-library-scrollable-section-item ws-section-scrollable-item\">\n<p>Entdecken Sie mitten im Winter das wilde Clar\u00e9e-Tal mit seiner Fauna, Flora und seinen gro\u00dfartigen Landschaften. Unterwegs gibt es Bergh\u00fctten, in denen Sie eine warme und erholsame Pause einlegen k\u00f6nnen. <\/p>\n<\/div><\/div>\n\n\n\n<div class=\"section-wrapper\"><div class=\"wp-block-ws-library-scrollable-section-item ws-section-scrollable-item\">\n<ul class=\"wp-block-list\">\n<li>Nevache \u2192 Refuge Buff\u00e8re<\/li>\n\n\n\n<li>Refuge Buff\u00e8re \u2192 Refuge du Chardonnet<\/li>\n\n\n\n<li>Refuge du Chardonnet \u2192 Refuge Ricou<\/li>\n\n\n\n<li>Ricou-H\u00fctte \u2192 I Re Magi H\u00fctte<\/li>\n\n\n\n<li>Zufluchtsort I Re Magi \u2192 N\u00e9vache<\/li>\n<\/ul>\n<\/div><\/div>\n\n\n\n<div class=\"section-wrapper\"><div class=\"wp-block-ws-library-scrollable-section-item ws-section-scrollable-item\">\n<div class=\"wp-block-ws-library-ws-image\"><div class=\"wrapper\"><div class=\"group-media\"><img decoding=\"async\" src=\"https:\/\/www.hautes-alpes.net\/wp-content\/uploads\/2025\/12\/jour-1-refuge-buffere-cedric-tempier-23-1240x800.jpg\" alt=\"\" class=\"single_image ws-image-142769\"><div class=\"credits\">C. Tempier - AD05<\/div><\/div><p class=\"caption\"><\/p><\/div><\/div>\n<\/div><\/div>\n\n\n\n<div class=\"section-wrapper\"><div class=\"wp-block-ws-library-scrollable-section-item ws-section-scrollable-item\">\n<div class=\"wp-block-ws-library-ws-image\"><div class=\"wrapper\"><div class=\"group-media\"><img decoding=\"async\" src=\"https:\/\/www.hautes-alpes.net\/wp-content\/uploads\/2025\/12\/randonne-e-col-des-beraudes-et-chardonnet-2-1240x800.jpg\" alt=\"\" class=\"single_image ws-image-142772\"><div class=\"credits\">T. Blais<\/div><\/div><p class=\"caption\"><\/p><\/div><\/div>\n<\/div><\/div>\n\n\n\n<div class=\"section-wrapper\"><div class=\"wp-block-ws-library-scrollable-section-item ws-section-scrollable-item\">\n<div class=\"wp-block-ws-library-ws-image\"><div class=\"wrapper\"><div class=\"group-media\"><img decoding=\"async\" src=\"https:\/\/www.hautes-alpes.net\/wp-content\/uploads\/2025\/12\/tblais-ski-rando-buffere-427x640.jpg\" alt=\"\" class=\"single_image ws-image-142773\"><div class=\"credits\">T. Blais<\/div><\/div><p class=\"caption\"><\/p><\/div><\/div>\n<\/div><\/div>\n<div class=\"field-link\"><a href=\"https:\/\/www.hautes-alpes.net\/echappees\/tour-ski-en-claree\/\" class=\"cardlink\">Voir la page<\/a><\/div><\/div><\/div><\/div>\n\n<div class=\"wp-block-ws-library-scrollable-section ws-section-scrollable alignfull\"><div class=\"scrollable-item\"><div class=\"group-content\"><div class=\"wrapper\"><h3 class=\"field-title\">Roadtrip Alpines Terroir<\/h3><div class=\"field-intro\"><p>F\u00fcnf Tage auf Entdeckungstour der hochalpinen Aromen<\/p><\/div><\/div><\/div><div class=\"group-innerblocks\"><div class=\"group-media\"><div class=\"field-image\"><img decoding=\"async\" src=\"https:\/\/www.hautes-alpes.net\/wp-content\/uploads\/2025\/12\/bleu-du-queyras-1140x620.jpg\" alt=\"\"\/><\/div><div class=\"credits\"><\/div><\/div>\n<div class=\"section-wrapper\"><div class=\"wp-block-ws-library-scrollable-section-item ws-section-scrollable-item\">\n<p>Dieser Roadtrip f\u00fchrt Sie von Produzent zu Produzent, von den Obstg\u00e4rten der <strong>Haute-Durance <\/strong>zu den Weinbergen des <strong>Avance-Tals<\/strong>, von den Almen des Devolvolutionsgebiets zu den Weinbergen des Devolutionsgebiets. <a href=\"https:\/\/www.hautes-alpes.net\/de\/reiseziele-hautes-alpes\/devoluy\/\"><strong>D\u00e9voluy<\/strong> <\/a>und des D\u00e9volux. <strong><a href=\"https:\/\/www.hautes-alpes.net\/de\/reiseziele-hautes-alpes\/guillestrois-queyras\/\">Queyras<\/a><\/strong>zu den Bocages du <strong><a href=\"https:\/\/www.hautes-alpes.net\/de\/reiseziele-hautes-alpes\/champsaur-valgaudemar\/\">Champsaur<\/a><\/strong>. In wenigen Tagen k\u00f6nnen Sie den Reichtum des alpinen Terroirs<strong> <\/strong> entdecken: Fleisch, P\u00f6kelfleisch, Gem\u00fcseanbau, K\u00e4se, Obst, Wein, Bier, Lik\u00f6r&#8230; auf einer Route durch zauberhafte Landschaften. <\/p>\n<\/div><\/div>\n\n\n\n<div class=\"section-wrapper\"><div class=\"wp-block-ws-library-scrollable-section-item ws-section-scrollable-item\">\n<ul class=\"wp-block-list\">\n<li><strong>Sisteron <strong><strong>\u2192<\/strong><\/strong> Tal des Bu\u00ebch<\/strong><\/li>\n\n\n\n<li><strong>Bu\u00ebch-Tal \u2192 D\u00e9voluy<\/strong><\/li>\n\n\n\n<li><strong>D\u00e9voluy \u2192 Champsaur \u2192 Gapen\u00e7ais<\/strong><\/li>\n\n\n\n<li><strong>Gapen\u00e7ais \u2192 Avance-Tal<\/strong><\/li>\n\n\n\n<li><strong>Avance-Tal \u2192 Queyras<\/strong><\/li>\n<\/ul>\n<\/div><\/div>\n\n\n\n<div class=\"section-wrapper\"><div class=\"wp-block-ws-library-scrollable-section-item ws-section-scrollable-item\">\n<div class=\"wp-block-ws-library-ws-image\"><div class=\"wrapper\"><div class=\"group-media\"><img decoding=\"async\" src=\"https:\/\/www.hautes-alpes.net\/wp-content\/uploads\/2025\/11\/7b3a9680-1240x800.jpg\" alt=\"\" class=\"single_image ws-image-48213\"><div class=\"credits\">P. Domeyne - AD05<\/div><\/div><p class=\"caption\">Lavendelgarten der Hautes Baronnies<\/p><\/div><\/div>\n<\/div><\/div>\n\n\n\n<div class=\"section-wrapper\"><div class=\"wp-block-ws-library-scrollable-section-item ws-section-scrollable-item\">\n<div class=\"wp-block-ws-library-ws-image\"><div class=\"wrapper\"><div class=\"group-media\"><img decoding=\"async\" src=\"https:\/\/www.hautes-alpes.net\/wp-content\/uploads\/2025\/12\/belvedere-de-saint-apollinaire2-1240x800.jpg\" alt=\"\" class=\"single_image ws-image-95075\"><div class=\"credits\"><\/div><\/div><p class=\"caption\"><\/p><\/div><\/div>\n<\/div><\/div>\n\n\n\n<div class=\"section-wrapper\"><div class=\"wp-block-ws-library-scrollable-section-item ws-section-scrollable-item\">\n<div class=\"wp-block-ws-library-ws-image\"><div class=\"wrapper\"><div class=\"group-media\"><img decoding=\"async\" src=\"https:\/\/www.hautes-alpes.net\/wp-content\/uploads\/2025\/12\/traite-tarines-arvieux-patrick-domeyne-38-1-1240x800.jpg\" alt=\"\" class=\"single_image ws-image-97288\"><div class=\"credits\"><\/div><\/div><p class=\"caption\"><\/p><\/div><\/div>\n<\/div><\/div>\n<div class=\"field-link\"><a href=\"https:\/\/www.hautes-alpes.net\/echappees\/terroir-alpin\/\" class=\"cardlink\">Voir la page<\/a><\/div><\/div><\/div><\/div>\n\n<div class=\"wp-block-buttons is-content-justification-center is-layout-flex wp-container-core-buttons-is-layout-a89b3969 wp-block-buttons-is-layout-flex\">\n<div class=\"wp-block-button\"><a class=\"wp-block-button__link wp-element-button\" href=\"https:\/\/www.hautes-alpes.net\/de\/ausbrueche\/\">Alle Ausrei\u00dfer<\/a><\/div>\n<\/div>\n\n<div style=\"height:50px\" aria-hidden=\"true\" class=\"wp-block-spacer\"><\/div>\n\n<h2 class=\"wp-block-heading alignwide is-style-title-1\"><strong>ICONIQUES<\/strong><\/h2>\n\n<div class=\"wp-block-ws-library-scrollable-section ws-section-scrollable alignfull\"><div class=\"scrollable-item\"><div class=\"group-content\"><div class=\"wrapper\"><h3 class=\"field-title\"><strong>OLYMPISCHE SPIELE 2030<\/strong><\/h3><div class=\"field-intro\"><p>In den franz\u00f6sischen Alpen haben sich die S\u00fcd- und Nordalpen zusammengeschlossen, um ein einzigartiges Wandgem\u00e4lde f\u00fcr die <strong>Olympischen und Paralympischen Winterspiele 2030<\/strong> zu schaffen.<\/p><\/div><\/div><\/div><div class=\"group-innerblocks\"><div class=\"group-media\"><div class=\"field-image\"><img decoding=\"async\" src=\"https:\/\/www.hautes-alpes.net\/wp-content\/uploads\/2025\/11\/briancon-hd-alpesphotographiescom-1-1140x620.jpg\" alt=\"Sch\u00f6ne Lichter auf Brian\u00e7on im Schnee\"\/><\/div><div class=\"credits\">Alpes Photographies<\/div><\/div>\n<div class=\"section-wrapper\"><div class=\"wp-block-ws-library-scrollable-section-item ws-section-scrollable-item\">\n<p>Im Zentrum dieser Allianz stehen die <strong>Hautes-Alpes<\/strong> mit ihren Gipfeln als Hauptb\u00fchne: mehr als zwanzig Freestyle-Ski- und Snowboard-Wettbewerbe werden hier ausgetragen. Dies ist in <strong><a href=\"https:\/\/www.hautes-alpes.net\/de\/reiseziele-hautes-alpes\/serre-chevalier\/\">Serre Chevalier<\/a><\/strong>, der gr\u00f6\u00dfte Ort in den <strong>S\u00fcdalpen<\/strong>, und in Montpellier. <strong><a href=\"https:\/\/www.hautes-alpes.net\/de\/reiseziele-hautes-alpes\/montgenevre\/\">Montgen\u00e8vre<\/a><\/strong>Im \u00e4ltesten Skigebiet Frankreichs, in Montserrat, werden sich die Rider in die L\u00fcfte schwingen und ihre Flugbahnen vor dem Hintergrund der majest\u00e4tischen Gipfel kreuzen. <\/p>\n<\/div><\/div>\n\n\n\n<div class=\"section-wrapper\"><div class=\"wp-block-ws-library-scrollable-section-item ws-section-scrollable-item\">\n<p><strong><a href=\"https:\/\/www.hautes-alpes.net\/de\/reiseziele-hautes-alpes\/brianconnais\/\">Brian\u00e7on<\/a><\/strong>Die steinerne Zitadelle wird das pulsierende Epizentrum sein. Sein <strong>Fort des T\u00eates<\/strong>, das zum<strong>UNESCO-Weltkulturerbe<\/strong> geh\u00f6rt, wird sich in ein olympisches Dorf verwandeln: ein Knotenpunkt der Kulturen, ein logistischer Atem, eine Energie-Schmiede. <\/p>\n<\/div><\/div>\n\n\n\n<div class=\"section-wrapper\"><div class=\"wp-block-ws-library-scrollable-section-item ws-section-scrollable-item\">\n<div class=\"wp-block-ws-library-ws-image\"><div class=\"wrapper\"><div class=\"group-media\"><img decoding=\"async\" src=\"https:\/\/www.hautes-alpes.net\/wp-content\/uploads\/2025\/12\/gillesbaron1221-1816-1240x800.jpg\" alt=\"\" class=\"single_image ws-image-101365\"><div class=\"credits\">G. Baron<\/div><\/div><p class=\"caption\"><\/p><\/div><\/div>\n<\/div><\/div>\n\n\n\n<div class=\"section-wrapper\"><div class=\"wp-block-ws-library-scrollable-section-item ws-section-scrollable-item\">\n<p>\u00dcber das Licht hinaus, das die Spiele auf das Departement werfen, ist das Erbe immens. Die Spiele werden den <strong>Hautes-Alpes<\/strong> konkrete Fortschritte mit fl\u00fcssigeren Zug\u00e4ngen und einer \u00fcberarbeiteten Mobilit\u00e4t, insbesondere im Eisenbahnverkehr, hinterlassen. Die Olympischen Spiele werden nicht nur die Berge \u00fcberqueren, sondern auch hier Wurzeln schlagen, um die <strong>Hautes-Alpes<\/strong> nicht nur zu einem Schauplatz, sondern zum Zentrum der Welt zu machen.  <\/p>\n<\/div><\/div>\n\n\n\n<div class=\"section-wrapper\"><div class=\"wp-block-ws-library-scrollable-section-item ws-section-scrollable-item\">\n<div class=\"wp-block-ws-library-ws-image\"><div class=\"wrapper\"><div class=\"group-media\"><img decoding=\"async\" src=\"https:\/\/www.hautes-alpes.net\/wp-content\/uploads\/2025\/11\/arthur-bauchet-serre-chevalier-briancon-29-ot-serre-chevalier-vallee-briancon-3-427x640.jpg\" alt=\"\" class=\"single_image ws-image-78160\"><div class=\"credits\">OT Serre Chevalier<\/div><\/div><p class=\"caption\"><\/p><\/div><\/div>\n<\/div><\/div>\n\n\n\n<div class=\"section-wrapper\"><div class=\"wp-block-ws-library-scrollable-section-item ws-section-scrollable-item\">\n<div class=\"wp-block-ws-library-ws-image\"><div class=\"wrapper\"><div class=\"group-media\"><img decoding=\"async\" src=\"https:\/\/www.hautes-alpes.net\/wp-content\/uploads\/2025\/11\/briancon-croix-de-toulouse-nuit-credit-zoom-1240x800.jpg\" alt=\"\" class=\"single_image ws-image-78162\"><div class=\"credits\">Zoom<\/div><\/div><p class=\"caption\"><\/p><\/div><\/div>\n<\/div><\/div>\n<div class=\"field-link\"><a href=\"https:\/\/www.hautes-alpes.net\/iconiques\/jeux-dhiver-2030\/\" class=\"cardlink\">Voir la page<\/a><\/div><\/div><\/div><\/div>\n\n<div class=\"wp-block-ws-library-scrollable-section ws-section-scrollable alignfull\"><div class=\"scrollable-item\"><div class=\"group-content\"><div class=\"wrapper\"><h3 class=\"field-title\">Naturw\u00e4chter<\/h3><div class=\"field-intro\"><p>Der Nationalpark Les <a href=\"https:\/\/www.hautes-alpes.net\/de\/reiseziele-hautes-alpes\/pays-des-ecrins\/\">\u00c9crins<\/a>, die regionalen Naturparks <a href=\"https:\/\/www.hautes-alpes.net\/de\/reiseziele-hautes-alpes\/guillestrois-queyras\/\">Queyras <\/a>und <a href=\"https:\/\/www.hautes-alpes.net\/de\/reiseziele-hautes-alpes\/buech\/\">Baronnies Proven\u00e7ales<\/a>, Naturreservate, Schatzk\u00e4stchen der Biodiversit\u00e4t, die <strong>Hautes-Alpes<\/strong> sind wie W\u00e4chter der Natur in einer Zeit des Umbruchs.<\/p><\/div><\/div><\/div><div class=\"group-innerblocks\"><div class=\"group-media\"><div class=\"field-image\"><img decoding=\"async\" src=\"https:\/\/www.hautes-alpes.net\/wp-content\/uploads\/2025\/11\/leo-gayola-parc-national-des-ecrins-1-1-1140x620.jpg\" alt=\"\"\/><\/div><div class=\"credits\">L. Gayola<\/div><\/div>\n<div class=\"section-wrapper\"><div class=\"wp-block-ws-library-scrollable-section-item ws-section-scrollable-item\">\n<h2 class=\"wp-block-heading\">Parks <strong>als Zufluchtsort<\/strong><\/h2>\n\n\n\n<p>Der Nationalpark Les \u00c9crins (925 km\u00b2), die regionalen Naturparks Queyras (650 km\u00b2) und Baronnies Proven\u00e7ales (1560 km\u00b2) bilden einen Schutzg\u00fcrtel um die au\u00dfergew\u00f6hnlichen Landschaften.<\/p>\n<\/div><\/div>\n\n\n\n<div class=\"section-wrapper\"><div class=\"wp-block-ws-library-scrollable-section-item ws-section-scrollable-item\">\n<h2 class=\"wp-block-heading\">Der Atem der <strong>wilden Tiere<\/strong><\/h2>\n\n\n\n<p>Steinb\u00f6cke, G\u00e4msen, Bartgeier, Birkh\u00fchner und die Ecrins-Forelle zeugen von einer widerstandsf\u00e4higen, aber immer noch zerbrechlichen Fauna.<\/p>\n<\/div><\/div>\n\n\n\n<div class=\"section-wrapper\"><div class=\"wp-block-ws-library-scrollable-section-item ws-section-scrollable-item\">\n<div class=\"wp-block-group is-nowrap is-layout-flex wp-container-core-group-is-layout-6c531013 wp-block-group-is-layout-flex\">\n<div class=\"wp-block-ws-library-ws-image\"><div class=\"wrapper\"><div class=\"group-media\"><img decoding=\"async\" src=\"https:\/\/www.hautes-alpes.net\/wp-content\/uploads\/2025\/11\/16lgy11005-959x640.jpg\" alt=\"\" class=\"single_image ws-image-78275\"><div class=\"credits\">L. Gayola<\/div><\/div><p class=\"caption\"><\/p><\/div><\/div>\n<\/div>\n<\/div><\/div>\n\n\n\n<div class=\"section-wrapper\"><div class=\"wp-block-ws-library-scrollable-section-item ws-section-scrollable-item\">\n<h2 class=\"wp-block-heading\">Der Reichtum<br\/>der <strong>Bergblumen<\/strong><\/h2>\n\n\n\n<p>Die Flora der <strong>Hautes-Alpes<\/strong> ist eine Reise zwischen der H\u00f6he und dem Mittelmeer.  <\/p>\n<\/div><\/div>\n\n\n\n<div class=\"section-wrapper\"><div class=\"wp-block-ws-library-scrollable-section-item ws-section-scrollable-item\">\n<div class=\"wp-block-ws-library-ws-image\"><div class=\"wrapper\"><div class=\"group-media\"><img decoding=\"async\" src=\"https:\/\/www.hautes-alpes.net\/wp-content\/uploads\/2026\/01\/20-ans-de-recherches-jardin-alpin-du-lautaret-2025-patrick-domeyne-427x640.jpg\" alt=\"\" class=\"single_image ws-image-193578\"><div class=\"credits\">P. Domeyne - AD05<\/div><\/div><p class=\"caption\"><\/p><\/div><\/div>\n<\/div><\/div>\n\n\n\n<div class=\"section-wrapper\"><div class=\"wp-block-ws-library-scrollable-section-item ws-section-scrollable-item\">\n<h2 class=\"wp-block-heading\">Wasser,<br\/><strong>geteilter Schatz<\/strong><\/h2>\n\n\n\n<p>Wenn Sie in den <strong>Hautes-Alpes<\/strong> dem Wasser folgen, k\u00f6nnen Sie die enge Verbindung zwischen den Menschen und ihrer Umwelt verstehen.<\/p>\n<\/div><\/div>\n\n\n\n<div class=\"section-wrapper\"><div class=\"wp-block-ws-library-scrollable-section-item ws-section-scrollable-item\">\n<div class=\"wp-block-ws-library-ws-image\"><div class=\"wrapper\"><div class=\"group-media\"><img decoding=\"async\" src=\"https:\/\/www.hautes-alpes.net\/wp-content\/uploads\/2025\/11\/remi-morel-office-de-tourisme-serre-poncon-1-855x640.jpg\" alt=\"\" class=\"single_image ws-image-53434\"><div class=\"credits\">R. Morel<\/div><\/div><p class=\"caption\"><\/p><\/div><\/div>\n<\/div><\/div>\n<div class=\"field-link\"><a href=\"https:\/\/www.hautes-alpes.net\/iconiques\/sentinelles-de-nature\/\" class=\"cardlink\">Voir la page<\/a><\/div><\/div><\/div><\/div>\n\n<div class=\"wp-block-buttons is-content-justification-center is-layout-flex wp-container-core-buttons-is-layout-a89b3969 wp-block-buttons-is-layout-flex\">\n<div class=\"wp-block-button\"><a class=\"wp-block-button__link wp-element-button\" href=\"https:\/\/www.hautes-alpes.net\/de\/ikonische\/\">Alle Ikonen<\/a><\/div>\n<\/div>\n\n<div class=\"wp-block-ws-library-ws-share\"><span class=\"share-subtitle\">Hat Ihnen diese Seite gefallen?<\/span><span class=\"share-title\">Teilen Sie es mit anderen!<\/span><button class=\"ws-share-button wp-element-button\">Diese Seite teilen<\/button><\/div>\n","protected":false},"excerpt":{"rendered":"<p>IN DEN NACHRICHTEN UNE FAVORITEN (DE)AGILES SCHRIFTEN ICONIQUES<\/p>\n","protected":false},"author":1,"featured_media":0,"parent":0,"menu_order":0,"comment_status":"closed","ping_status":"closed","template":"","meta":{"is_dark_mode":false,"footnotes":""},"page_label":[],"class_list":["post-106525","page","type-page","status-publish","hentry"],"yoast_head":"<!-- This site is optimized with the Yoast SEO plugin v27.2 - https:\/\/yoast.com\/product\/yoast-seo-wordpress\/ -->\n<title>Hautes-Alpes - Die unber\u00fchrtesten Gebiete des Alpenbogens<\/title>\n<meta name=\"description\" content=\"Hautes-Alpes die am besten erhaltenen Gebiete des Alpenbogens die sch\u00f6nsten Outdoor-Spots der Welt das erste Bio-Departement in Frankreich Pioniere der\" \/>\n<meta name=\"robots\" content=\"index, follow, max-snippet:-1, max-image-preview:large, max-video-preview:-1\" \/>\n<link rel=\"canonical\" href=\"https:\/\/www.hautes-alpes.net\/de\/\" \/>\n<meta property=\"og:locale\" content=\"de_DE\" \/>\n<meta property=\"og:type\" content=\"article\" \/>\n<meta property=\"og:title\" content=\"Hautes-Alpes - Die unber\u00fchrtesten Gebiete des Alpenbogens\" \/>\n<meta property=\"og:description\" content=\"Hautes-Alpes die am besten erhaltenen Gebiete des Alpenbogens die sch\u00f6nsten Outdoor-Spots der Welt das erste Bio-Departement in Frankreich Pioniere der\" \/>\n<meta property=\"og:url\" content=\"https:\/\/www.hautes-alpes.net\/de\/\" \/>\n<meta property=\"og:site_name\" content=\"Hautes-Alpes\" \/>\n<meta property=\"article:modified_time\" content=\"2026-04-28T14:02:53+00:00\" \/>\n<meta property=\"og:image\" content=\"https:\/\/www.hautes-alpes.net\/wp-content\/uploads\/2026\/04\/plateau-de-bure-gontran-isnard-gontranid-1-1140x620.jpg\" \/>\n<meta name=\"twitter:card\" content=\"summary_large_image\" \/>\n<meta name=\"twitter:label1\" content=\"Gesch\u00e4tzte Lesezeit\" \/>\n\t<meta name=\"twitter:data1\" content=\"13 Minuten\" \/>\n<script type=\"application\/ld+json\" class=\"yoast-schema-graph\">{\"@context\":\"https:\/\/schema.org\",\"@graph\":[{\"@type\":\"WebPage\",\"@id\":\"https:\/\/www.hautes-alpes.net\/de\/\",\"url\":\"https:\/\/www.hautes-alpes.net\/de\/\",\"name\":\"Hautes-Alpes - Die unber\u00fchrtesten Gebiete des Alpenbogens\",\"isPartOf\":{\"@id\":\"https:\/\/www.hautes-alpes.net\/de\/#website\"},\"primaryImageOfPage\":{\"@id\":\"https:\/\/www.hautes-alpes.net\/de\/#primaryimage\"},\"image\":{\"@id\":\"https:\/\/www.hautes-alpes.net\/de\/#primaryimage\"},\"thumbnailUrl\":\"https:\/\/www.hautes-alpes.net\/wp-content\/uploads\/2026\/04\/plateau-de-bure-gontran-isnard-gontranid-1-1140x620.jpg\",\"datePublished\":\"2025-10-02T09:35:28+00:00\",\"dateModified\":\"2026-04-28T14:02:53+00:00\",\"description\":\"Hautes-Alpes die am besten erhaltenen Gebiete des Alpenbogens die sch\u00f6nsten Outdoor-Spots der Welt das erste Bio-Departement in Frankreich Pioniere der\",\"breadcrumb\":{\"@id\":\"https:\/\/www.hautes-alpes.net\/de\/#breadcrumb\"},\"inLanguage\":\"de\",\"potentialAction\":[{\"@type\":\"ReadAction\",\"target\":[\"https:\/\/www.hautes-alpes.net\/de\/\"]}]},{\"@type\":\"ImageObject\",\"inLanguage\":\"de\",\"@id\":\"https:\/\/www.hautes-alpes.net\/de\/#primaryimage\",\"url\":\"https:\/\/www.hautes-alpes.net\/wp-content\/uploads\/2026\/04\/plateau-de-bure-gontran-isnard-gontranid-1-1140x620.jpg\",\"contentUrl\":\"https:\/\/www.hautes-alpes.net\/wp-content\/uploads\/2026\/04\/plateau-de-bure-gontran-isnard-gontranid-1-1140x620.jpg\"},{\"@type\":\"BreadcrumbList\",\"@id\":\"https:\/\/www.hautes-alpes.net\/de\/#breadcrumb\",\"itemListElement\":[{\"@type\":\"ListItem\",\"position\":1,\"name\":\"Accueil\",\"item\":\"https:\/\/www.hautes-alpes.net\/de\/hautes-alpes\/\"},{\"@type\":\"ListItem\",\"position\":2,\"name\":\"Hautes-Alpes\"}]},{\"@type\":\"WebSite\",\"@id\":\"https:\/\/www.hautes-alpes.net\/de\/#website\",\"url\":\"https:\/\/www.hautes-alpes.net\/de\/\",\"name\":\"ADDET\",\"description\":\"\",\"publisher\":{\"@id\":\"https:\/\/www.hautes-alpes.net\/de\/#organization\"},\"potentialAction\":[{\"@type\":\"SearchAction\",\"target\":{\"@type\":\"EntryPoint\",\"urlTemplate\":\"https:\/\/www.hautes-alpes.net\/de\/?s={search_term_string}\"},\"query-input\":{\"@type\":\"PropertyValueSpecification\",\"valueRequired\":true,\"valueName\":\"search_term_string\"}}],\"inLanguage\":\"de\"},{\"@type\":\"Organization\",\"@id\":\"https:\/\/www.hautes-alpes.net\/de\/#organization\",\"name\":\"Agence D\u00e9partementale de D\u00e9veloppement Economique et Touristique des Hautes-Alpes\",\"url\":\"https:\/\/www.hautes-alpes.net\/de\/\",\"logo\":{\"@type\":\"ImageObject\",\"inLanguage\":\"de\",\"@id\":\"https:\/\/www.hautes-alpes.net\/de\/#\/schema\/logo\/image\/\",\"url\":\"https:\/\/www.hautes-alpes.net\/wp-content\/uploads\/2026\/01\/black-logo-2.svg\",\"contentUrl\":\"https:\/\/www.hautes-alpes.net\/wp-content\/uploads\/2026\/01\/black-logo-2.svg\",\"caption\":\"Agence D\u00e9partementale de D\u00e9veloppement Economique et Touristique des Hautes-Alpes\"},\"image\":{\"@id\":\"https:\/\/www.hautes-alpes.net\/de\/#\/schema\/logo\/image\/\"}}]}<\/script>\n<!-- \/ Yoast SEO plugin. -->","yoast_head_json":{"title":"Hautes-Alpes - Die unber\u00fchrtesten Gebiete des Alpenbogens","description":"Hautes-Alpes die am besten erhaltenen Gebiete des Alpenbogens die sch\u00f6nsten Outdoor-Spots der Welt das erste Bio-Departement in Frankreich Pioniere der","robots":{"index":"index","follow":"follow","max-snippet":"max-snippet:-1","max-image-preview":"max-image-preview:large","max-video-preview":"max-video-preview:-1"},"canonical":"https:\/\/www.hautes-alpes.net\/de\/","og_locale":"de_DE","og_type":"article","og_title":"Hautes-Alpes - Die unber\u00fchrtesten Gebiete des Alpenbogens","og_description":"Hautes-Alpes die am besten erhaltenen Gebiete des Alpenbogens die sch\u00f6nsten Outdoor-Spots der Welt das erste Bio-Departement in Frankreich Pioniere der","og_url":"https:\/\/www.hautes-alpes.net\/de\/","og_site_name":"Hautes-Alpes","article_modified_time":"2026-04-28T14:02:53+00:00","og_image":[{"url":"https:\/\/www.hautes-alpes.net\/wp-content\/uploads\/2026\/04\/plateau-de-bure-gontran-isnard-gontranid-1-1140x620.jpg","type":"","width":"","height":""}],"twitter_card":"summary_large_image","twitter_misc":{"Gesch\u00e4tzte Lesezeit":"13 Minuten"},"schema":{"@context":"https:\/\/schema.org","@graph":[{"@type":"WebPage","@id":"https:\/\/www.hautes-alpes.net\/de\/","url":"https:\/\/www.hautes-alpes.net\/de\/","name":"Hautes-Alpes - Die unber\u00fchrtesten Gebiete des Alpenbogens","isPartOf":{"@id":"https:\/\/www.hautes-alpes.net\/de\/#website"},"primaryImageOfPage":{"@id":"https:\/\/www.hautes-alpes.net\/de\/#primaryimage"},"image":{"@id":"https:\/\/www.hautes-alpes.net\/de\/#primaryimage"},"thumbnailUrl":"https:\/\/www.hautes-alpes.net\/wp-content\/uploads\/2026\/04\/plateau-de-bure-gontran-isnard-gontranid-1-1140x620.jpg","datePublished":"2025-10-02T09:35:28+00:00","dateModified":"2026-04-28T14:02:53+00:00","description":"Hautes-Alpes die am besten erhaltenen Gebiete des Alpenbogens die sch\u00f6nsten Outdoor-Spots der Welt das erste Bio-Departement in Frankreich Pioniere der","breadcrumb":{"@id":"https:\/\/www.hautes-alpes.net\/de\/#breadcrumb"},"inLanguage":"de","potentialAction":[{"@type":"ReadAction","target":["https:\/\/www.hautes-alpes.net\/de\/"]}]},{"@type":"ImageObject","inLanguage":"de","@id":"https:\/\/www.hautes-alpes.net\/de\/#primaryimage","url":"https:\/\/www.hautes-alpes.net\/wp-content\/uploads\/2026\/04\/plateau-de-bure-gontran-isnard-gontranid-1-1140x620.jpg","contentUrl":"https:\/\/www.hautes-alpes.net\/wp-content\/uploads\/2026\/04\/plateau-de-bure-gontran-isnard-gontranid-1-1140x620.jpg"},{"@type":"BreadcrumbList","@id":"https:\/\/www.hautes-alpes.net\/de\/#breadcrumb","itemListElement":[{"@type":"ListItem","position":1,"name":"Accueil","item":"https:\/\/www.hautes-alpes.net\/de\/hautes-alpes\/"},{"@type":"ListItem","position":2,"name":"Hautes-Alpes"}]},{"@type":"WebSite","@id":"https:\/\/www.hautes-alpes.net\/de\/#website","url":"https:\/\/www.hautes-alpes.net\/de\/","name":"ADDET","description":"","publisher":{"@id":"https:\/\/www.hautes-alpes.net\/de\/#organization"},"potentialAction":[{"@type":"SearchAction","target":{"@type":"EntryPoint","urlTemplate":"https:\/\/www.hautes-alpes.net\/de\/?s={search_term_string}"},"query-input":{"@type":"PropertyValueSpecification","valueRequired":true,"valueName":"search_term_string"}}],"inLanguage":"de"},{"@type":"Organization","@id":"https:\/\/www.hautes-alpes.net\/de\/#organization","name":"Agence D\u00e9partementale de D\u00e9veloppement Economique et Touristique des Hautes-Alpes","url":"https:\/\/www.hautes-alpes.net\/de\/","logo":{"@type":"ImageObject","inLanguage":"de","@id":"https:\/\/www.hautes-alpes.net\/de\/#\/schema\/logo\/image\/","url":"https:\/\/www.hautes-alpes.net\/wp-content\/uploads\/2026\/01\/black-logo-2.svg","contentUrl":"https:\/\/www.hautes-alpes.net\/wp-content\/uploads\/2026\/01\/black-logo-2.svg","caption":"Agence D\u00e9partementale de D\u00e9veloppement Economique et Touristique des Hautes-Alpes"},"image":{"@id":"https:\/\/www.hautes-alpes.net\/de\/#\/schema\/logo\/image\/"}}]}},"_links":{"self":[{"href":"https:\/\/www.hautes-alpes.net\/de\/wp-json\/wp\/v2\/pages\/106525","targetHints":{"allow":["GET"]}}],"collection":[{"href":"https:\/\/www.hautes-alpes.net\/de\/wp-json\/wp\/v2\/pages"}],"about":[{"href":"https:\/\/www.hautes-alpes.net\/de\/wp-json\/wp\/v2\/types\/page"}],"author":[{"embeddable":true,"href":"https:\/\/www.hautes-alpes.net\/de\/wp-json\/wp\/v2\/users\/1"}],"replies":[{"embeddable":true,"href":"https:\/\/www.hautes-alpes.net\/de\/wp-json\/wp\/v2\/comments?post=106525"}],"version-history":[{"count":10,"href":"https:\/\/www.hautes-alpes.net\/de\/wp-json\/wp\/v2\/pages\/106525\/revisions"}],"predecessor-version":[{"id":500286,"href":"https:\/\/www.hautes-alpes.net\/de\/wp-json\/wp\/v2\/pages\/106525\/revisions\/500286"}],"wp:attachment":[{"href":"https:\/\/www.hautes-alpes.net\/de\/wp-json\/wp\/v2\/media?parent=106525"}],"wp:term":[{"taxonomy":"page_label","embeddable":true,"href":"https:\/\/www.hautes-alpes.net\/de\/wp-json\/wp\/v2\/page_label?post=106525"}],"curies":[{"name":"wp","href":"https:\/\/api.w.org\/{rel}","templated":true}]}}