{"id":104898,"date":"2025-12-02T11:42:28","date_gmt":"2025-12-02T10:42:28","guid":{"rendered":"https:\/\/www.hautes-alpes.net\/hotels\/"},"modified":"2025-12-17T15:19:11","modified_gmt":"2025-12-17T14:19:11","slug":"hotels","status":"publish","type":"page","link":"https:\/\/www.hautes-alpes.net\/de\/organisieren\/hotels\/","title":{"rendered":"Hotels"},"content":{"rendered":"\n<div class=\"wp-block-group alignfull hero-banner-simple has-global-padding is-layout-constrained wp-block-group-is-layout-constrained\"><div class=\"yoast-breadcrumbs\"><span><span><a href=\"https:\/\/www.hautes-alpes.net\/de\/hautes-alpes\/\">Accueil<\/a><\/span>  <span><a href=\"https:\/\/www.hautes-alpes.net\/de\/organisieren\/\">Organisieren<\/a><\/span>  <span><a href=\"https:\/\/www.hautes-alpes.net\/de\/organisieren\/\">Organisieren<\/a><\/span>  <span class=\"breadcrumb_last\" aria-current=\"page\">Hotels<\/span><\/span><\/div>\n\n\n<h1 class=\"wp-block-ws-library-post-title\">Hotels<\/h1>\n\n\n\n<p class=\"subtitle wp-block-paragraph\">Charme und Komfort auf dem Gipfel<\/p>\n\n\n\n<p class=\"wp-block-paragraph\"><\/p>\n<\/div>\n\n<div class=\"wp-block-ws-library-ws-banner alignfull\"><div class=\"wrapper\"><div class=\"group-media\"><img decoding=\"async\" width=\"1600\" height=\"480\" src=\"https:\/\/www.hautes-alpes.net\/wp-content\/uploads\/2025\/12\/serge-ramelli-le-grand-aigle-serre-chevalier-6-1600x480.jpg\" alt=\"\" class=\"single_image wp-image-103145\"><\/div>\n<div class=\"group-content\"><p class=\"wp-block-paragraph\">Entdecken Sie die Hotels in Hautes-Alpes, die den <strong>Charme der Berge<\/strong> mit <strong>modernem Komfort<\/strong> verbinden. Ob Sie nun ein Familienhotel im Tal, ein Chalet mit Blick auf die \u00c9crins oder eine Stadtresidenz bevorzugen, die perfekte Unterkunft wartet auf Sie, um Ihren Aufenthalt unvergesslich zu machen. <\/p><\/div>\n<\/div><\/div>\n<div id=\"listing_44b1b\" data-observer-wishlist class=\"ws-listing wp-block-ws-apidae-library-listing-avance alignwide\" data-map-id=\"map_44b1b\" data-locations-id=\"locations-data_44b1b\"><div class=\"panel-fixe panel-facets\"><div class=\"panel-overlay toggle-facets\"><\/div><div class=\"panel-inner\"><div class=\"panel-header\"><div class=\"panel-title\">Filter<\/div><a href=\"#\" class=\"panel-close toggle-facets\">Sluiten<\/a><\/div><div class=\"panel-content\"><div class=\"group-summary\"><div class=\"facetwp-selections\"><\/div><a href=\"#\" class=\"link-reset\">Verwijderen<\/a><\/div><div class=\"facetwp-facet facetwp-facet-territoires facetwp-type-fselect\" data-name=\"territoires\" data-type=\"fselect\"><\/div><div class=\"facetwp-facet facetwp-facet-station facetwp-type-fselect\" data-name=\"station\" data-type=\"fselect\"><\/div><div class=\"facetwp-facet facetwp-facet-commune facetwp-type-fselect\" data-name=\"commune\" data-type=\"fselect\"><\/div><div class=\"facetwp-facet facetwp-facet-capacit facetwp-type-slider\" data-name=\"capacit\" data-type=\"slider\"><\/div><div class=\"facetwp-facet facetwp-facet-classement facetwp-type-rating\" data-name=\"classement\" data-type=\"rating\"><\/div><\/div><div class=\"panel-footer\"><div class=\"facet-buttons\"><button type=\"submit\" class=\"btn btn-1 toggle-facets facetwp-count-btn\">Alles bekijken <span class=\"results-count\"><\/span> resultaten<\/button><\/div><\/div><\/div><\/div><div class=\"listing-header\"><div class=\"toggle-container\"><button class=\"btn toggle-btn toggle-facets\" data-target=\"facets\">Filter<\/button><\/div><\/div><div class=\"facetwp-template\"><div class=\"list-container active\"><div class=\"list-items\"><div class=\"item\" ><div class=\"card card-apidae card-avance post-type-apidae\"><div class=\"group-top\"><\/div><div class=\"group-media\"><div class=\"field-image\"><img decoding=\"async\" src=\"https:\/\/images.weserv.nl\/?url=https:\/\/static.apidae-tourisme.com\/filestore\/objets-touristiques\/images\/179\/102\/21063347-diaporama.jpg&#038;w=550&#038;h=350&#038;fit=cover&#038;output=webp&#038;q=45\" alt=\"Auberge de la M\u00e9ouge\"\/><\/div><\/div><div class=\"group-content\"><div class=\"field-commune\">Barret-sur-M\u00e9ouge<\/div><div class=\"field-title\">Auberge de la M\u00e9ouge<\/div><div class=\"field-description\">Das Hotel liegt in einem kleinen Dorf in Gorges de la M\u00e9ogue, 20 km von Sisteron entfernt.<\/div><\/div><div class=\"field-link\"><a href=\"https:\/\/www.hautes-alpes.net\/de\/fiche\/auberge-de-la-meouge-3\/\" class=\"cardlink\">Auberge de la M\u00e9ouge<\/a><\/div><\/div><\/div><div class=\"item\" ><div class=\"card card-apidae card-avance post-type-apidae\"><div class=\"group-top\"><\/div><div class=\"group-media\"><div class=\"field-image\"><img decoding=\"async\" src=\"https:\/\/images.weserv.nl\/?url=https:\/\/static.apidae-tourisme.com\/filestore\/objets-touristiques\/images\/211\/15\/40505299-diaporama.png&#038;w=550&#038;h=350&#038;fit=cover&#038;output=webp&#038;q=45\" alt=\"H\u00f4tel Ibis Gap Centre\"\/><\/div><\/div><div class=\"group-content\"><div class=\"field-commune\">Gap<\/div><div class=\"field-title\">H\u00f4tel Ibis Gap Centre<\/div><\/div><div class=\"field-link\"><a href=\"https:\/\/www.hautes-alpes.net\/de\/fiche\/hotel-ibis-gap-centre-2\/\" class=\"cardlink\">H\u00f4tel Ibis Gap Centre<\/a><\/div><\/div><\/div><div class=\"item\" ><div class=\"card card-apidae card-avance post-type-apidae\"><div class=\"group-top\"><\/div><div class=\"group-media\"><div class=\"field-image\"><img decoding=\"async\" src=\"https:\/\/images.weserv.nl\/?url=https:\/\/static.apidae-tourisme.com\/filestore\/objets-touristiques\/images\/184\/159\/36675512-diaporama.jpg&#038;w=550&#038;h=350&#038;fit=cover&#038;output=webp&#038;q=45\" alt=\"La Maison des Drapiers\"\/><\/div><\/div><div class=\"group-content\"><div class=\"field-commune\">Brian\u00e7on<\/div><div class=\"field-title\">La Maison des Drapiers<\/div><\/div><div class=\"field-link\"><a href=\"https:\/\/www.hautes-alpes.net\/de\/fiche\/la-maison-des-drapiers\/\" class=\"cardlink\">La Maison des Drapiers<\/a><\/div><\/div><\/div><div class=\"item\" ><div class=\"card card-apidae card-avance post-type-apidae\"><div class=\"group-top\"><\/div><div class=\"group-media\"><div class=\"field-image\"><img decoding=\"async\" src=\"https:\/\/images.weserv.nl\/?url=https:\/\/static.apidae-tourisme.com\/filestore\/objets-touristiques\/images\/32\/122\/33651232-diaporama.jpg&#038;w=550&#038;h=350&#038;fit=cover&#038;output=webp&#038;q=45\" alt=\"Le BodyGo Hostel Brian\u00e7on\"\/><\/div><\/div><div class=\"group-content\"><div class=\"field-commune\">Brian\u00e7on<\/div><div class=\"field-title\">Le BodyGo Hostel Brian\u00e7on<\/div><\/div><div class=\"field-link\"><a href=\"https:\/\/www.hautes-alpes.net\/de\/fiche\/le-bodygo-hostel-briancon-2\/\" class=\"cardlink\">Le BodyGo Hostel Brian\u00e7on<\/a><\/div><\/div><\/div><div class=\"item\" ><div class=\"card card-apidae card-avance post-type-apidae\"><div class=\"group-top\"><\/div><div class=\"group-media\"><div class=\"field-image\"><img decoding=\"async\" src=\"https:\/\/images.weserv.nl\/?url=https:\/\/static.apidae-tourisme.com\/filestore\/objets-touristiques\/images\/47\/58\/408111-diaporama.jpg&#038;w=550&#038;h=350&#038;fit=cover&#038;output=webp&#038;q=45\" alt=\"H\u00f4tel Les Agneaux\"\/><\/div><\/div><div class=\"group-content\"><div class=\"field-commune\">Villar-d&#039;Ar\u00eane<\/div><div class=\"field-title\">H\u00f4tel Les Agneaux<\/div><div class=\"field-description\">Willkommen zu Hause bei Jean-Philippe und Leila, die Sie nach Ihren Heldentaten des Tages begr\u00fc\u00dfen werden. Entspannen Sie sich in unseren Zimmern, am Kamin&#8230;<\/div><\/div><div class=\"field-link\"><a href=\"https:\/\/www.hautes-alpes.net\/de\/fiche\/hotel-les-agneaux-2\/\" class=\"cardlink\">H\u00f4tel Les Agneaux<\/a><\/div><\/div><\/div><div class=\"item\" ><div class=\"card card-apidae card-avance post-type-apidae\"><div class=\"group-top\"><\/div><div class=\"group-media\"><div class=\"field-image\"><img decoding=\"async\" src=\"https:\/\/images.weserv.nl\/?url=https:\/\/static.apidae-tourisme.com\/filestore\/objets-touristiques\/images\/150\/20\/26678422-diaporama.jpg&#038;w=550&#038;h=350&#038;fit=cover&#038;output=webp&#038;q=45\" alt=\"R\u00e9sidence Le Cristal Lodge \u2013 Terresens \u2013 H\u00f4tels &amp; R\u00e9sidences\"\/><\/div><\/div><div class=\"group-content\"><div class=\"field-commune\">Saint-Chaffrey<\/div><div class=\"field-title\">R\u00e9sidence Le Cristal Lodge \u2013 Terresens \u2013 H\u00f4tels &amp; R\u00e9sidences<\/div><\/div><div class=\"field-link\"><a href=\"https:\/\/www.hautes-alpes.net\/de\/fiche\/residence-le-cristal-lodge-terresens-hotels-residences-3\/\" class=\"cardlink\">R\u00e9sidence Le Cristal Lodge \u2013 Terresens \u2013 H\u00f4tels &amp; R\u00e9sidences<\/a><\/div><\/div><\/div><div class=\"item\" ><div class=\"card card-apidae card-avance post-type-apidae\"><div class=\"group-top\"><\/div><div class=\"group-media\"><div class=\"field-image\"><img decoding=\"async\" src=\"https:\/\/images.weserv.nl\/?url=https:\/\/static.apidae-tourisme.com\/filestore\/objets-touristiques\/images\/4\/33\/9183492-diaporama.jpg&#038;w=550&#038;h=350&#038;fit=cover&#038;output=webp&#038;q=45\" alt=\"L&#8217;Alta Peyra - H\u00f4tel et SPA\"\/><\/div><\/div><div class=\"group-content\"><div class=\"field-commune\">Saint-V\u00e9ran<\/div><div class=\"field-title\">L&#8217;Alta Peyra - H\u00f4tel et SPA<\/div><\/div><div class=\"field-link\"><a href=\"https:\/\/www.hautes-alpes.net\/de\/fiche\/lalta-peyra-hotel-et-spa-2\/\" class=\"cardlink\">L&#8217;Alta Peyra - H\u00f4tel et SPA<\/a><\/div><\/div><\/div><div class=\"item\" ><div class=\"card card-apidae card-avance post-type-apidae\"><div class=\"group-top\"><\/div><div class=\"group-media\"><div class=\"field-image\"><img decoding=\"async\" src=\"https:\/\/images.weserv.nl\/?url=https:\/\/static.apidae-tourisme.com\/filestore\/objets-touristiques\/images\/77\/183\/12826445-diaporama.jpg&#038;w=550&#038;h=350&#038;fit=cover&#038;output=webp&#038;q=45\" alt=\"H\u00f4tel Fifi Moulin\"\/><\/div><\/div><div class=\"group-content\"><div class=\"field-commune\">Serres<\/div><div class=\"field-title\">H\u00f4tel Fifi Moulin<\/div><div class=\"field-description\">Traditionsreiches Hotel am Rande des mitteralterlichen Dorfs. 9 Zimmer, von denen 2 Familienzimmer sind, und ein m\u00f6biliertes Studio. Sehr sch\u00f6ne Aussicht, ruhiges sonniges Etablissement.<\/div><\/div><div class=\"field-link\"><a href=\"https:\/\/www.hautes-alpes.net\/de\/fiche\/hotel-fifi-moulin-2\/\" class=\"cardlink\">H\u00f4tel Fifi Moulin<\/a><\/div><\/div><\/div><div class=\"item\" ><div class=\"card card-apidae card-avance post-type-apidae\"><div class=\"group-top\"><\/div><div class=\"group-media\"><div class=\"field-image\"><img decoding=\"async\" src=\"https:\/\/images.weserv.nl\/?url=https:\/\/static.apidae-tourisme.com\/filestore\/objets-touristiques\/images\/109\/38\/9184877-diaporama.jpg&#038;w=550&#038;h=350&#038;fit=cover&#038;output=webp&#038;q=45\" alt=\"Yakavenir\"\/><\/div><\/div><div class=\"group-content\"><div class=\"field-commune\">Aiguilles<\/div><div class=\"field-title\">Yakavenir<\/div><div class=\"field-description\">Willkommen im Yak Avenir, einem gem\u00fctlichen Komfort-Ferienhaus und Hotel**! Um eine &#8220;hausgemachte&#8220; K\u00fcche zu genie\u00dfen oder um dich in einer einfachen und freundlichen Atmosph\u00e4re&#8230;<\/div><\/div><div class=\"field-link\"><a href=\"https:\/\/www.hautes-alpes.net\/de\/fiche\/yakavenir\/\" class=\"cardlink\">Yakavenir<\/a><\/div><\/div><\/div><div class=\"item\" ><div class=\"card card-apidae card-avance post-type-apidae\"><div class=\"group-top\"><\/div><div class=\"group-media\"><div class=\"field-image\"><img decoding=\"async\" src=\"https:\/\/images.weserv.nl\/?url=https:\/\/static.apidae-tourisme.com\/filestore\/objets-touristiques\/images\/11\/212\/22336523-diaporama.jpg&#038;w=550&#038;h=350&#038;fit=cover&#038;output=webp&#038;q=45\" alt=\"H\u00f4tel Avantici\"\/><\/div><\/div><div class=\"group-content\"><div class=\"field-commune\">Gap<\/div><div class=\"field-title\">H\u00f4tel Avantici<\/div><div class=\"field-description\">An der Route Napol\u00e9on, 10min vom Stadtzentrum, dem Flugplatz Gap-Tallard und dem Golfplatz Bayard entfernt, eine Oase des Friedens inmitten von Gr\u00fcn, wo Ruhe&#8230;<\/div><\/div><div class=\"field-link\"><a href=\"https:\/\/www.hautes-alpes.net\/de\/fiche\/hotel-avantici-2\/\" class=\"cardlink\">H\u00f4tel Avantici<\/a><\/div><\/div><\/div><div class=\"item\" ><div class=\"card card-apidae card-avance post-type-apidae\"><div class=\"group-top\"><\/div><div class=\"group-media\"><div class=\"field-image\"><img decoding=\"async\" src=\"https:\/\/images.weserv.nl\/?url=https:\/\/static.apidae-tourisme.com\/filestore\/objets-touristiques\/images\/220\/48\/10367196-diaporama.jpg&#038;w=550&#038;h=350&#038;fit=cover&#038;output=webp&#038;q=45\" alt=\"Auberge Saint Antoine\"\/><\/div><\/div><div class=\"group-content\"><div class=\"field-commune\">Vallouise-Pelvoux<\/div><div class=\"field-title\">Auberge Saint Antoine<\/div><\/div><div class=\"field-link\"><a href=\"https:\/\/www.hautes-alpes.net\/de\/fiche\/auberge-saint-antoine-3\/\" class=\"cardlink\">Auberge Saint Antoine<\/a><\/div><\/div><\/div><div class=\"item\" ><div class=\"card card-apidae card-avance post-type-apidae\"><div class=\"group-top\"><\/div><div class=\"group-media\"><div class=\"field-image\"><img decoding=\"async\" src=\"https:\/\/images.weserv.nl\/?url=https:\/\/static.apidae-tourisme.com\/filestore\/objets-touristiques\/images\/141\/240\/34599053-diaporama.jpg&#038;w=550&#038;h=350&#038;fit=cover&#038;output=webp&#038;q=45\" alt=\"H\u00f4tel Appart&#8217;h\u00f4tel Panoramic Village\"\/><\/div><\/div><div class=\"group-content\"><div class=\"field-commune\">La Grave<\/div><div class=\"field-title\">H\u00f4tel Appart&#8217;h\u00f4tel Panoramic Village<\/div><\/div><div class=\"field-link\"><a href=\"https:\/\/www.hautes-alpes.net\/de\/fiche\/hotel-apparthotel-panoramic-village\/\" class=\"cardlink\">H\u00f4tel Appart&#8217;h\u00f4tel Panoramic Village<\/a><\/div><\/div><\/div><div class=\"item\" ><div class=\"card card-apidae card-avance post-type-apidae\"><div class=\"group-top\"><\/div><div class=\"group-media\"><div class=\"field-image\"><img decoding=\"async\" src=\"https:\/\/images.weserv.nl\/?url=https:\/\/static.apidae-tourisme.com\/filestore\/objets-touristiques\/images\/247\/34\/9183991-diaporama.jpg&#038;w=550&#038;h=350&#038;fit=cover&#038;output=webp&#038;q=45\" alt=\"La Cascade\"\/><\/div><\/div><div class=\"group-content\"><div class=\"field-commune\">Ceillac<\/div><div class=\"field-title\">La Cascade<\/div><div class=\"field-description\">Du befindest dich im Sommer am Anfang der Wanderwege und im Winter am Fu\u00dfe der Skipisten. Ausgew\u00e4hlte K\u00fcche, regionale Spezialit\u00e4ten. Panoramaterrasse mit Blick auf&#8230;<\/div><\/div><div class=\"field-link\"><a href=\"https:\/\/www.hautes-alpes.net\/de\/fiche\/la-cascade-3\/\" class=\"cardlink\">La Cascade<\/a><\/div><\/div><\/div><div class=\"item\" ><div class=\"card card-apidae card-avance post-type-apidae\"><div class=\"group-top\"><\/div><div class=\"group-media\"><div class=\"field-image\"><img decoding=\"async\" src=\"https:\/\/images.weserv.nl\/?url=https:\/\/static.apidae-tourisme.com\/filestore\/objets-touristiques\/images\/251\/89\/19487227-diaporama.jpg&#038;w=550&#038;h=350&#038;fit=cover&#038;output=webp&#038;q=45\" alt=\"H\u00f4tel Auberge aux 3 Fr\u00eanes -  Vinay Franck\"\/><\/div><\/div><div class=\"group-content\"><div class=\"field-commune\">Villar-d&#039;Ar\u00eane<\/div><div class=\"field-title\">H\u00f4tel Auberge aux 3 Fr\u00eanes -  Vinay Franck<\/div><\/div><div class=\"field-link\"><a href=\"https:\/\/www.hautes-alpes.net\/de\/fiche\/hotel-auberge-aux-3-frenes-vinay-franck-2\/\" class=\"cardlink\">H\u00f4tel Auberge aux 3 Fr\u00eanes -  Vinay Franck<\/a><\/div><\/div><\/div><div class=\"item\" ><div class=\"card card-apidae card-avance post-type-apidae\"><div class=\"group-top\"><\/div><div class=\"group-media\"><div class=\"field-image\"><img decoding=\"async\" src=\"https:\/\/images.weserv.nl\/?url=https:\/\/static.apidae-tourisme.com\/filestore\/objets-touristiques\/images\/94\/221\/24894814-diaporama.jpg&#038;w=550&#038;h=350&#038;fit=cover&#038;output=webp&#038;q=45\" alt=\"H\u00f4tel La Neyrette\"\/><\/div><\/div><div class=\"group-content\"><div class=\"field-commune\">D\u00e9voluy<\/div><div class=\"field-title\">H\u00f4tel La Neyrette<\/div><div class=\"field-description\">La Neyrette empf\u00e4ngt Sie in einem warmen und intimen Rahmen. 13 Zimmer mit allem Komfort. Restaurant vor Ort - Familienk\u00fcche - kurze Wege. 2&#8230;<\/div><\/div><div class=\"field-link\"><a href=\"https:\/\/www.hautes-alpes.net\/de\/fiche\/hotel-la-neyrette-2\/\" class=\"cardlink\">H\u00f4tel La Neyrette<\/a><\/div><\/div><\/div><div id=\"locations-data_44b1b\" style=\"display: none;\">{&quot;locations&quot;:[{&quot;lat&quot;:&quot;44.261951&quot;,&quot;lng&quot;:&quot;5.732427&quot;,&quot;title&quot;:&quot;Auberge de la M\\u00e9ouge&quot;,&quot;permalink&quot;:&quot;https:\\\/\\\/www.hautes-alpes.net\\\/de\\\/fiche\\\/auberge-de-la-meouge-3\\\/&quot;,&quot;type&quot;:&quot;hotellerie&quot;,&quot;commune&quot;:&quot;Barret-sur-M\\u00e9ouge&quot;,&quot;type_commerce&quot;:&quot;&quot;,&quot;image&quot;:&quot;https:\\\/\\\/static.apidae-tourisme.com\\\/filestore\\\/objets-touristiques\\\/images\\\/179\\\/102\\\/21063347-diaporama.jpg&quot;,&quot;image_width&quot;:&quot;550&quot;,&quot;image_height&quot;:&quot;350&quot;,&quot;image_fit&quot;:&quot;cover&quot;},{&quot;lat&quot;:&quot;44.559437&quot;,&quot;lng&quot;:&quot;6.08449&quot;,&quot;title&quot;:&quot;H\\u00f4tel Ibis Gap Centre&quot;,&quot;permalink&quot;:&quot;https:\\\/\\\/www.hautes-alpes.net\\\/de\\\/fiche\\\/hotel-ibis-gap-centre-2\\\/&quot;,&quot;type&quot;:&quot;hotellerie&quot;,&quot;commune&quot;:&quot;Gap&quot;,&quot;type_commerce&quot;:&quot;&quot;,&quot;image&quot;:&quot;https:\\\/\\\/static.apidae-tourisme.com\\\/filestore\\\/objets-touristiques\\\/images\\\/211\\\/15\\\/40505299-diaporama.png&quot;,&quot;image_width&quot;:&quot;550&quot;,&quot;image_height&quot;:&quot;350&quot;,&quot;image_fit&quot;:&quot;cover&quot;},{&quot;lat&quot;:&quot;44.898408&quot;,&quot;lng&quot;:&quot;6.642755&quot;,&quot;title&quot;:&quot;La Maison des Drapiers&quot;,&quot;permalink&quot;:&quot;https:\\\/\\\/www.hautes-alpes.net\\\/de\\\/fiche\\\/la-maison-des-drapiers\\\/&quot;,&quot;type&quot;:&quot;hotellerie&quot;,&quot;commune&quot;:&quot;Brian\\u00e7on&quot;,&quot;type_commerce&quot;:&quot;&quot;,&quot;image&quot;:&quot;https:\\\/\\\/static.apidae-tourisme.com\\\/filestore\\\/objets-touristiques\\\/images\\\/184\\\/159\\\/36675512-diaporama.jpg&quot;,&quot;image_width&quot;:&quot;550&quot;,&quot;image_height&quot;:&quot;350&quot;,&quot;image_fit&quot;:&quot;cover&quot;},{&quot;lat&quot;:&quot;44.896401&quot;,&quot;lng&quot;:&quot;6.630724&quot;,&quot;title&quot;:&quot;Le BodyGo Hostel Brian\\u00e7on&quot;,&quot;permalink&quot;:&quot;https:\\\/\\\/www.hautes-alpes.net\\\/de\\\/fiche\\\/le-bodygo-hostel-briancon-2\\\/&quot;,&quot;type&quot;:&quot;hotellerie&quot;,&quot;commune&quot;:&quot;Brian\\u00e7on&quot;,&quot;type_commerce&quot;:&quot;&quot;,&quot;image&quot;:&quot;https:\\\/\\\/static.apidae-tourisme.com\\\/filestore\\\/objets-touristiques\\\/images\\\/32\\\/122\\\/33651232-diaporama.jpg&quot;,&quot;image_width&quot;:&quot;550&quot;,&quot;image_height&quot;:&quot;350&quot;,&quot;image_fit&quot;:&quot;cover&quot;},{&quot;lat&quot;:&quot;45.043873&quot;,&quot;lng&quot;:&quot;6.337094&quot;,&quot;title&quot;:&quot;H\\u00f4tel Les Agneaux&quot;,&quot;permalink&quot;:&quot;https:\\\/\\\/www.hautes-alpes.net\\\/de\\\/fiche\\\/hotel-les-agneaux-2\\\/&quot;,&quot;type&quot;:&quot;hotellerie&quot;,&quot;commune&quot;:&quot;Villar-d&#039;Ar\\u00eane&quot;,&quot;type_commerce&quot;:&quot;&quot;,&quot;image&quot;:&quot;https:\\\/\\\/static.apidae-tourisme.com\\\/filestore\\\/objets-touristiques\\\/images\\\/47\\\/58\\\/408111-diaporama.jpg&quot;,&quot;image_width&quot;:&quot;550&quot;,&quot;image_height&quot;:&quot;350&quot;,&quot;image_fit&quot;:&quot;cover&quot;},{&quot;lat&quot;:&quot;44.936025&quot;,&quot;lng&quot;:&quot;6.584687&quot;,&quot;title&quot;:&quot;R\\u00e9sidence Le Cristal Lodge \\u2013 Terresens \\u2013 H\\u00f4tels &amp; R\\u00e9sidences&quot;,&quot;permalink&quot;:&quot;https:\\\/\\\/www.hautes-alpes.net\\\/de\\\/fiche\\\/residence-le-cristal-lodge-terresens-hotels-residences-3\\\/&quot;,&quot;type&quot;:&quot;hotellerie&quot;,&quot;commune&quot;:&quot;Saint-Chaffrey&quot;,&quot;type_commerce&quot;:&quot;&quot;,&quot;image&quot;:&quot;https:\\\/\\\/static.apidae-tourisme.com\\\/filestore\\\/objets-touristiques\\\/images\\\/150\\\/20\\\/26678422-diaporama.jpg&quot;,&quot;image_width&quot;:&quot;550&quot;,&quot;image_height&quot;:&quot;350&quot;,&quot;image_fit&quot;:&quot;cover&quot;},{&quot;lat&quot;:&quot;44.700668&quot;,&quot;lng&quot;:&quot;6.868319&quot;,&quot;title&quot;:&quot;L&#8217;Alta Peyra - H\\u00f4tel et SPA&quot;,&quot;permalink&quot;:&quot;https:\\\/\\\/www.hautes-alpes.net\\\/de\\\/fiche\\\/lalta-peyra-hotel-et-spa-2\\\/&quot;,&quot;type&quot;:&quot;hotellerie&quot;,&quot;commune&quot;:&quot;Saint-V\\u00e9ran&quot;,&quot;type_commerce&quot;:&quot;&quot;,&quot;image&quot;:&quot;https:\\\/\\\/static.apidae-tourisme.com\\\/filestore\\\/objets-touristiques\\\/images\\\/4\\\/33\\\/9183492-diaporama.jpg&quot;,&quot;image_width&quot;:&quot;550&quot;,&quot;image_height&quot;:&quot;350&quot;,&quot;image_fit&quot;:&quot;cover&quot;},{&quot;lat&quot;:&quot;44.428223&quot;,&quot;lng&quot;:&quot;5.714812&quot;,&quot;title&quot;:&quot;H\\u00f4tel Fifi Moulin&quot;,&quot;permalink&quot;:&quot;https:\\\/\\\/www.hautes-alpes.net\\\/de\\\/fiche\\\/hotel-fifi-moulin-2\\\/&quot;,&quot;type&quot;:&quot;hotellerie&quot;,&quot;commune&quot;:&quot;Serres&quot;,&quot;type_commerce&quot;:&quot;&quot;,&quot;image&quot;:&quot;https:\\\/\\\/static.apidae-tourisme.com\\\/filestore\\\/objets-touristiques\\\/images\\\/77\\\/183\\\/12826445-diaporama.jpg&quot;,&quot;image_width&quot;:&quot;550&quot;,&quot;image_height&quot;:&quot;350&quot;,&quot;image_fit&quot;:&quot;cover&quot;},{&quot;lat&quot;:&quot;44.781722&quot;,&quot;lng&quot;:&quot;6.866717&quot;,&quot;title&quot;:&quot;Yakavenir&quot;,&quot;permalink&quot;:&quot;https:\\\/\\\/www.hautes-alpes.net\\\/de\\\/fiche\\\/yakavenir\\\/&quot;,&quot;type&quot;:&quot;hotellerie&quot;,&quot;commune&quot;:&quot;Aiguilles&quot;,&quot;type_commerce&quot;:&quot;&quot;,&quot;image&quot;:&quot;https:\\\/\\\/static.apidae-tourisme.com\\\/filestore\\\/objets-touristiques\\\/images\\\/109\\\/38\\\/9184877-diaporama.jpg&quot;,&quot;image_width&quot;:&quot;550&quot;,&quot;image_height&quot;:&quot;350&quot;,&quot;image_fit&quot;:&quot;cover&quot;},{&quot;lat&quot;:&quot;44.540526&quot;,&quot;lng&quot;:&quot;6.058033&quot;,&quot;title&quot;:&quot;H\\u00f4tel Avantici&quot;,&quot;permalink&quot;:&quot;https:\\\/\\\/www.hautes-alpes.net\\\/de\\\/fiche\\\/hotel-avantici-2\\\/&quot;,&quot;type&quot;:&quot;hotellerie&quot;,&quot;commune&quot;:&quot;Gap&quot;,&quot;type_commerce&quot;:&quot;&quot;,&quot;image&quot;:&quot;https:\\\/\\\/static.apidae-tourisme.com\\\/filestore\\\/objets-touristiques\\\/images\\\/11\\\/212\\\/22336523-diaporama.jpg&quot;,&quot;image_width&quot;:&quot;550&quot;,&quot;image_height&quot;:&quot;350&quot;,&quot;image_fit&quot;:&quot;cover&quot;},{&quot;lat&quot;:&quot;44.869175&quot;,&quot;lng&quot;:&quot;6.486766&quot;,&quot;title&quot;:&quot;Auberge Saint Antoine&quot;,&quot;permalink&quot;:&quot;https:\\\/\\\/www.hautes-alpes.net\\\/de\\\/fiche\\\/auberge-saint-antoine-3\\\/&quot;,&quot;type&quot;:&quot;hotellerie&quot;,&quot;commune&quot;:&quot;Vallouise-Pelvoux&quot;,&quot;type_commerce&quot;:&quot;&quot;,&quot;image&quot;:&quot;https:\\\/\\\/static.apidae-tourisme.com\\\/filestore\\\/objets-touristiques\\\/images\\\/220\\\/48\\\/10367196-diaporama.jpg&quot;,&quot;image_width&quot;:&quot;550&quot;,&quot;image_height&quot;:&quot;350&quot;,&quot;image_fit&quot;:&quot;cover&quot;},{&quot;lat&quot;:&quot;45.044987&quot;,&quot;lng&quot;:&quot;6.301174&quot;,&quot;title&quot;:&quot;H\\u00f4tel Appart&#8217;h\\u00f4tel Panoramic Village&quot;,&quot;permalink&quot;:&quot;https:\\\/\\\/www.hautes-alpes.net\\\/de\\\/fiche\\\/hotel-apparthotel-panoramic-village\\\/&quot;,&quot;type&quot;:&quot;hotellerie&quot;,&quot;commune&quot;:&quot;La Grave&quot;,&quot;type_commerce&quot;:&quot;&quot;,&quot;image&quot;:&quot;https:\\\/\\\/static.apidae-tourisme.com\\\/filestore\\\/objets-touristiques\\\/images\\\/141\\\/240\\\/34599053-diaporama.jpg&quot;,&quot;image_width&quot;:&quot;550&quot;,&quot;image_height&quot;:&quot;350&quot;,&quot;image_fit&quot;:&quot;cover&quot;},{&quot;lat&quot;:&quot;44.65024&quot;,&quot;lng&quot;:&quot;6.79313&quot;,&quot;title&quot;:&quot;La Cascade&quot;,&quot;permalink&quot;:&quot;https:\\\/\\\/www.hautes-alpes.net\\\/de\\\/fiche\\\/la-cascade-3\\\/&quot;,&quot;type&quot;:&quot;hotellerie&quot;,&quot;commune&quot;:&quot;Ceillac&quot;,&quot;type_commerce&quot;:&quot;&quot;,&quot;image&quot;:&quot;https:\\\/\\\/static.apidae-tourisme.com\\\/filestore\\\/objets-touristiques\\\/images\\\/247\\\/34\\\/9183991-diaporama.jpg&quot;,&quot;image_width&quot;:&quot;550&quot;,&quot;image_height&quot;:&quot;350&quot;,&quot;image_fit&quot;:&quot;cover&quot;},{&quot;lat&quot;:&quot;45.042122&quot;,&quot;lng&quot;:&quot;6.336123&quot;,&quot;title&quot;:&quot;H\\u00f4tel Auberge aux 3 Fr\\u00eanes -  Vinay Franck&quot;,&quot;permalink&quot;:&quot;https:\\\/\\\/www.hautes-alpes.net\\\/de\\\/fiche\\\/hotel-auberge-aux-3-frenes-vinay-franck-2\\\/&quot;,&quot;type&quot;:&quot;hotellerie&quot;,&quot;commune&quot;:&quot;Villar-d&#039;Ar\\u00eane&quot;,&quot;type_commerce&quot;:&quot;&quot;,&quot;image&quot;:&quot;https:\\\/\\\/static.apidae-tourisme.com\\\/filestore\\\/objets-touristiques\\\/images\\\/251\\\/89\\\/19487227-diaporama.jpg&quot;,&quot;image_width&quot;:&quot;550&quot;,&quot;image_height&quot;:&quot;350&quot;,&quot;image_fit&quot;:&quot;cover&quot;},{&quot;lat&quot;:&quot;44.730041&quot;,&quot;lng&quot;:&quot;5.897821&quot;,&quot;title&quot;:&quot;H\\u00f4tel La Neyrette&quot;,&quot;permalink&quot;:&quot;https:\\\/\\\/www.hautes-alpes.net\\\/de\\\/fiche\\\/hotel-la-neyrette-2\\\/&quot;,&quot;type&quot;:&quot;hotellerie&quot;,&quot;commune&quot;:&quot;D\\u00e9voluy&quot;,&quot;type_commerce&quot;:&quot;&quot;,&quot;image&quot;:&quot;https:\\\/\\\/static.apidae-tourisme.com\\\/filestore\\\/objets-touristiques\\\/images\\\/94\\\/221\\\/24894814-diaporama.jpg&quot;,&quot;image_width&quot;:&quot;550&quot;,&quot;image_height&quot;:&quot;350&quot;,&quot;image_fit&quot;:&quot;cover&quot;}],&quot;center_lat&quot;:&quot;44.261951&quot;,&quot;center_lng&quot;:&quot;5.732427&quot;}<\/div><\/div><div class=\"ws-apidae-pager\" data-type=\"pager\"><div class=\"custom-pager\"><a class=\"facetwp-page first active\" data-page=\"1\" href=\"\/de\/wp-json\/wp\/v2\/pages\/104898?paged_44b1b=1#listing_44b1b\">1<\/a><a class=\"facetwp-page \" data-page=\"2\" href=\"\/de\/wp-json\/wp\/v2\/pages\/104898?paged_44b1b=2#listing_44b1b\">2<\/a><span class=\"facetwp-separator\">\u2026<\/span><a class=\"facetwp-page \" data-page=\"10\" href=\"\/de\/wp-json\/wp\/v2\/pages\/104898?paged_44b1b=10#listing_44b1b\">10<\/a><a class=\"facetwp-page next\" data-page=\"2\" href=\"\/de\/wp-json\/wp\/v2\/pages\/104898?paged_44b1b=2#listing_44b1b\">\u203a<\/a><\/div><\/div><\/div><\/div><\/div>\n<div class=\"wp-block-ws-library-ws-share\"><span class=\"share-subtitle\">Hat Ihnen diese Seite gefallen?<\/span><span class=\"share-title\">Teilen Sie es mit anderen!<\/span><button class=\"ws-share-button wp-element-button\">Diese Seite teilen<\/button><\/div>\n","protected":false},"excerpt":{"rendered":"<p>Charme und Komfort auf dem Gipfel<\/p>\n","protected":false},"author":2,"featured_media":0,"parent":106511,"menu_order":0,"comment_status":"closed","ping_status":"closed","template":"","meta":{"is_dark_mode":false,"footnotes":""},"page_label":[],"class_list":["post-104898","page","type-page","status-publish","hentry"],"yoast_head":"<!-- This site is optimized with the Yoast SEO plugin v28.3 - https:\/\/yoast.com\/product\/yoast-seo-wordpress\/ -->\n<title>Hotels - Hautes-Alpes<\/title>\n<meta name=\"description\" content=\"Hotels Charme und Komfort auf dem Gipfel Entdecken Sie die Hotels in Hautes-Alpes, die den Charme der Berge mit modernem Komfort verbinden. Ob Sie nun ein\" \/>\n<meta name=\"robots\" content=\"index, follow, max-snippet:-1, max-image-preview:large, max-video-preview:-1\" \/>\n<link rel=\"canonical\" href=\"https:\/\/www.hautes-alpes.net\/de\/organisieren\/hotels\/\" \/>\n<meta property=\"og:locale\" content=\"de_DE\" \/>\n<meta property=\"og:type\" content=\"article\" \/>\n<meta property=\"og:title\" content=\"Hotels - Hautes-Alpes\" \/>\n<meta property=\"og:description\" content=\"Hotels Charme und Komfort auf dem Gipfel Entdecken Sie die Hotels in Hautes-Alpes, die den Charme der Berge mit modernem Komfort verbinden. Ob Sie nun ein\" \/>\n<meta property=\"og:url\" content=\"https:\/\/www.hautes-alpes.net\/de\/organisieren\/hotels\/\" \/>\n<meta property=\"og:site_name\" content=\"Hautes-Alpes\" \/>\n<meta property=\"article:modified_time\" content=\"2025-12-17T14:19:11+00:00\" \/>\n<meta property=\"og:image\" content=\"https:\/\/www.hautes-alpes.net\/wp-content\/uploads\/2025\/12\/serge-ramelli-le-grand-aigle-serre-chevalier-6.jpg\" \/>\n\t<meta property=\"og:image:width\" content=\"1600\" \/>\n\t<meta property=\"og:image:height\" content=\"1062\" \/>\n\t<meta property=\"og:image:type\" content=\"image\/jpeg\" \/>\n<meta name=\"twitter:card\" content=\"summary_large_image\" \/>\n<script type=\"application\/ld+json\" class=\"yoast-schema-graph\">{\"@context\":\"https:\\\/\\\/schema.org\",\"@graph\":[{\"@type\":\"WebPage\",\"@id\":\"https:\\\/\\\/www.hautes-alpes.net\\\/de\\\/organisieren\\\/hotels\\\/\",\"url\":\"https:\\\/\\\/www.hautes-alpes.net\\\/de\\\/organisieren\\\/hotels\\\/\",\"name\":\"Hotels - Hautes-Alpes\",\"isPartOf\":{\"@id\":\"https:\\\/\\\/www.hautes-alpes.net\\\/de\\\/#website\"},\"primaryImageOfPage\":{\"@id\":\"https:\\\/\\\/www.hautes-alpes.net\\\/de\\\/organisieren\\\/hotels\\\/#primaryimage\"},\"image\":{\"@id\":\"https:\\\/\\\/www.hautes-alpes.net\\\/de\\\/organisieren\\\/hotels\\\/#primaryimage\"},\"thumbnailUrl\":\"https:\\\/\\\/www.hautes-alpes.net\\\/wp-content\\\/uploads\\\/2025\\\/12\\\/serge-ramelli-le-grand-aigle-serre-chevalier-6-1600x480.jpg\",\"datePublished\":\"2025-12-02T10:42:28+00:00\",\"dateModified\":\"2025-12-17T14:19:11+00:00\",\"description\":\"Hotels Charme und Komfort auf dem Gipfel Entdecken Sie die Hotels in Hautes-Alpes, die den Charme der Berge mit modernem Komfort verbinden. Ob Sie nun ein\",\"breadcrumb\":{\"@id\":\"https:\\\/\\\/www.hautes-alpes.net\\\/de\\\/organisieren\\\/hotels\\\/#breadcrumb\"},\"inLanguage\":\"de\",\"potentialAction\":[{\"@type\":\"ReadAction\",\"target\":[\"https:\\\/\\\/www.hautes-alpes.net\\\/de\\\/organisieren\\\/hotels\\\/\"]}]},{\"@type\":\"ImageObject\",\"inLanguage\":\"de\",\"@id\":\"https:\\\/\\\/www.hautes-alpes.net\\\/de\\\/organisieren\\\/hotels\\\/#primaryimage\",\"url\":\"https:\\\/\\\/www.hautes-alpes.net\\\/wp-content\\\/uploads\\\/2025\\\/12\\\/serge-ramelli-le-grand-aigle-serre-chevalier-6-1600x480.jpg\",\"contentUrl\":\"https:\\\/\\\/www.hautes-alpes.net\\\/wp-content\\\/uploads\\\/2025\\\/12\\\/serge-ramelli-le-grand-aigle-serre-chevalier-6-1600x480.jpg\"},{\"@type\":\"BreadcrumbList\",\"@id\":\"https:\\\/\\\/www.hautes-alpes.net\\\/de\\\/organisieren\\\/hotels\\\/#breadcrumb\",\"itemListElement\":[{\"@type\":\"ListItem\",\"position\":1,\"name\":\"Accueil\",\"item\":\"https:\\\/\\\/www.hautes-alpes.net\\\/de\\\/hautes-alpes\\\/\"},{\"@type\":\"ListItem\",\"position\":2,\"name\":\"Organisieren\",\"item\":\"https:\\\/\\\/www.hautes-alpes.net\\\/de\\\/organisieren\\\/\"},{\"@type\":\"ListItem\",\"position\":3,\"name\":\"Organisieren\",\"item\":\"https:\\\/\\\/www.hautes-alpes.net\\\/de\\\/organisieren\\\/\"},{\"@type\":\"ListItem\",\"position\":4,\"name\":\"Hotels\"}]},{\"@type\":\"WebSite\",\"@id\":\"https:\\\/\\\/www.hautes-alpes.net\\\/de\\\/#website\",\"url\":\"https:\\\/\\\/www.hautes-alpes.net\\\/de\\\/\",\"name\":\"ADDET\",\"description\":\"\",\"publisher\":{\"@id\":\"https:\\\/\\\/www.hautes-alpes.net\\\/de\\\/#organization\"},\"potentialAction\":[{\"@type\":\"SearchAction\",\"target\":{\"@type\":\"EntryPoint\",\"urlTemplate\":\"https:\\\/\\\/www.hautes-alpes.net\\\/de\\\/?s={search_term_string}\"},\"query-input\":{\"@type\":\"PropertyValueSpecification\",\"valueRequired\":true,\"valueName\":\"search_term_string\"}}],\"inLanguage\":\"de\"},{\"@type\":\"Organization\",\"@id\":\"https:\\\/\\\/www.hautes-alpes.net\\\/de\\\/#organization\",\"name\":\"Agence D\u00e9partementale de D\u00e9veloppement Economique et Touristique des Hautes-Alpes\",\"url\":\"https:\\\/\\\/www.hautes-alpes.net\\\/de\\\/\",\"logo\":{\"@type\":\"ImageObject\",\"inLanguage\":\"de\",\"@id\":\"https:\\\/\\\/www.hautes-alpes.net\\\/de\\\/#\\\/schema\\\/logo\\\/image\\\/\",\"url\":\"https:\\\/\\\/www.hautes-alpes.net\\\/wp-content\\\/uploads\\\/2026\\\/01\\\/black-logo-2.svg\",\"contentUrl\":\"https:\\\/\\\/www.hautes-alpes.net\\\/wp-content\\\/uploads\\\/2026\\\/01\\\/black-logo-2.svg\",\"caption\":\"Agence D\u00e9partementale de D\u00e9veloppement Economique et Touristique des Hautes-Alpes\"},\"image\":{\"@id\":\"https:\\\/\\\/www.hautes-alpes.net\\\/de\\\/#\\\/schema\\\/logo\\\/image\\\/\"}}]}<\/script>\n<!-- \/ Yoast SEO plugin. -->","yoast_head_json":{"title":"Hotels - Hautes-Alpes","description":"Hotels Charme und Komfort auf dem Gipfel Entdecken Sie die Hotels in Hautes-Alpes, die den Charme der Berge mit modernem Komfort verbinden. Ob Sie nun ein","robots":{"index":"index","follow":"follow","max-snippet":"max-snippet:-1","max-image-preview":"max-image-preview:large","max-video-preview":"max-video-preview:-1"},"canonical":"https:\/\/www.hautes-alpes.net\/de\/organisieren\/hotels\/","og_locale":"de_DE","og_type":"article","og_title":"Hotels - Hautes-Alpes","og_description":"Hotels Charme und Komfort auf dem Gipfel Entdecken Sie die Hotels in Hautes-Alpes, die den Charme der Berge mit modernem Komfort verbinden. Ob Sie nun ein","og_url":"https:\/\/www.hautes-alpes.net\/de\/organisieren\/hotels\/","og_site_name":"Hautes-Alpes","article_modified_time":"2025-12-17T14:19:11+00:00","og_image":[{"width":1600,"height":1062,"url":"https:\/\/www.hautes-alpes.net\/wp-content\/uploads\/2025\/12\/serge-ramelli-le-grand-aigle-serre-chevalier-6.jpg","type":"image\/jpeg"}],"twitter_card":"summary_large_image","schema":{"@context":"https:\/\/schema.org","@graph":[{"@type":"WebPage","@id":"https:\/\/www.hautes-alpes.net\/de\/organisieren\/hotels\/","url":"https:\/\/www.hautes-alpes.net\/de\/organisieren\/hotels\/","name":"Hotels - Hautes-Alpes","isPartOf":{"@id":"https:\/\/www.hautes-alpes.net\/de\/#website"},"primaryImageOfPage":{"@id":"https:\/\/www.hautes-alpes.net\/de\/organisieren\/hotels\/#primaryimage"},"image":{"@id":"https:\/\/www.hautes-alpes.net\/de\/organisieren\/hotels\/#primaryimage"},"thumbnailUrl":"https:\/\/www.hautes-alpes.net\/wp-content\/uploads\/2025\/12\/serge-ramelli-le-grand-aigle-serre-chevalier-6-1600x480.jpg","datePublished":"2025-12-02T10:42:28+00:00","dateModified":"2025-12-17T14:19:11+00:00","description":"Hotels Charme und Komfort auf dem Gipfel Entdecken Sie die Hotels in Hautes-Alpes, die den Charme der Berge mit modernem Komfort verbinden. Ob Sie nun ein","breadcrumb":{"@id":"https:\/\/www.hautes-alpes.net\/de\/organisieren\/hotels\/#breadcrumb"},"inLanguage":"de","potentialAction":[{"@type":"ReadAction","target":["https:\/\/www.hautes-alpes.net\/de\/organisieren\/hotels\/"]}]},{"@type":"ImageObject","inLanguage":"de","@id":"https:\/\/www.hautes-alpes.net\/de\/organisieren\/hotels\/#primaryimage","url":"https:\/\/www.hautes-alpes.net\/wp-content\/uploads\/2025\/12\/serge-ramelli-le-grand-aigle-serre-chevalier-6-1600x480.jpg","contentUrl":"https:\/\/www.hautes-alpes.net\/wp-content\/uploads\/2025\/12\/serge-ramelli-le-grand-aigle-serre-chevalier-6-1600x480.jpg"},{"@type":"BreadcrumbList","@id":"https:\/\/www.hautes-alpes.net\/de\/organisieren\/hotels\/#breadcrumb","itemListElement":[{"@type":"ListItem","position":1,"name":"Accueil","item":"https:\/\/www.hautes-alpes.net\/de\/hautes-alpes\/"},{"@type":"ListItem","position":2,"name":"Organisieren","item":"https:\/\/www.hautes-alpes.net\/de\/organisieren\/"},{"@type":"ListItem","position":3,"name":"Organisieren","item":"https:\/\/www.hautes-alpes.net\/de\/organisieren\/"},{"@type":"ListItem","position":4,"name":"Hotels"}]},{"@type":"WebSite","@id":"https:\/\/www.hautes-alpes.net\/de\/#website","url":"https:\/\/www.hautes-alpes.net\/de\/","name":"ADDET","description":"","publisher":{"@id":"https:\/\/www.hautes-alpes.net\/de\/#organization"},"potentialAction":[{"@type":"SearchAction","target":{"@type":"EntryPoint","urlTemplate":"https:\/\/www.hautes-alpes.net\/de\/?s={search_term_string}"},"query-input":{"@type":"PropertyValueSpecification","valueRequired":true,"valueName":"search_term_string"}}],"inLanguage":"de"},{"@type":"Organization","@id":"https:\/\/www.hautes-alpes.net\/de\/#organization","name":"Agence D\u00e9partementale de D\u00e9veloppement Economique et Touristique des Hautes-Alpes","url":"https:\/\/www.hautes-alpes.net\/de\/","logo":{"@type":"ImageObject","inLanguage":"de","@id":"https:\/\/www.hautes-alpes.net\/de\/#\/schema\/logo\/image\/","url":"https:\/\/www.hautes-alpes.net\/wp-content\/uploads\/2026\/01\/black-logo-2.svg","contentUrl":"https:\/\/www.hautes-alpes.net\/wp-content\/uploads\/2026\/01\/black-logo-2.svg","caption":"Agence D\u00e9partementale de D\u00e9veloppement Economique et Touristique des Hautes-Alpes"},"image":{"@id":"https:\/\/www.hautes-alpes.net\/de\/#\/schema\/logo\/image\/"}}]}},"_links":{"self":[{"href":"https:\/\/www.hautes-alpes.net\/de\/wp-json\/wp\/v2\/pages\/104898","targetHints":{"allow":["GET"]}}],"collection":[{"href":"https:\/\/www.hautes-alpes.net\/de\/wp-json\/wp\/v2\/pages"}],"about":[{"href":"https:\/\/www.hautes-alpes.net\/de\/wp-json\/wp\/v2\/types\/page"}],"author":[{"embeddable":true,"href":"https:\/\/www.hautes-alpes.net\/de\/wp-json\/wp\/v2\/users\/2"}],"replies":[{"embeddable":true,"href":"https:\/\/www.hautes-alpes.net\/de\/wp-json\/wp\/v2\/comments?post=104898"}],"version-history":[{"count":4,"href":"https:\/\/www.hautes-alpes.net\/de\/wp-json\/wp\/v2\/pages\/104898\/revisions"}],"predecessor-version":[{"id":120037,"href":"https:\/\/www.hautes-alpes.net\/de\/wp-json\/wp\/v2\/pages\/104898\/revisions\/120037"}],"up":[{"embeddable":true,"href":"https:\/\/www.hautes-alpes.net\/de\/wp-json\/wp\/v2\/pages\/106511"}],"wp:attachment":[{"href":"https:\/\/www.hautes-alpes.net\/de\/wp-json\/wp\/v2\/media?parent=104898"}],"wp:term":[{"taxonomy":"page_label","embeddable":true,"href":"https:\/\/www.hautes-alpes.net\/de\/wp-json\/wp\/v2\/page_label?post=104898"}],"curies":[{"name":"wp","href":"https:\/\/api.w.org\/{rel}","templated":true}]}}